{"id":404,"date":"2018-03-26T10:24:16","date_gmt":"2018-03-26T08:24:16","guid":{"rendered":"https:\/\/wir-tun-was-fuer-bienen.dev.moewe.io\/?page_id=404"},"modified":"2022-03-10T13:35:49","modified_gmt":"2022-03-10T12:35:49","slug":"aktueller-wettbewerb","status":"publish","type":"page","link":"https:\/\/wettbewerb-archiv.wir-tun-was-fuer-bienen.de\/archiv-2018\/","title":{"rendered":"Pflanzwettbewerb Archiv 2018"},"content":{"rendered":"\n<p class=\"has-text-align-center\"><strong><b>Hier pr\u00e4sentieren wir alle Beitr\u00e4ge des<\/b>&nbsp;Pflanzwettbewerb \u201eWir tun was f\u00fcr Bienen!\u201c 2018<\/strong><\/p>\n\n\n\n<p class=\"has-text-align-center\"><b>&nbsp;Wir gratulieren allen Gewinnerinnen und Gewinnern!<\/b><b> <\/b><b>\ud83d\ude0a<\/b><\/p>\n\n\n\n<p class=\"has-text-align-center\"><b> Weitere Infos auf: <a href=\"https:\/\/wir-tun-was-fuer-bienen.de\/home.html\">https:\/\/wir-tun-was-fuer-bienen.de\/home.html<\/a><\/b><\/p>\n\n\n\n<div style=\"height:50px\" aria-hidden=\"true\" class=\"wp-block-spacer\"><\/div>\n\n\n\n<div class=\"wp-block-buttons is-layout-flex wp-block-buttons-is-layout-flex\">\n<div class=\"wp-block-button aligncenter\"><a class=\"wp-block-button__link\" href=\"https:\/\/wettbewerb-archiv.wir-tun-was-fuer-bienen.de\/\">Zum aktuellen Wettbewerb<\/a><\/div>\n<\/div>\n\n\n\n<div style=\"height:50px\" aria-hidden=\"true\" class=\"wp-block-spacer\"><\/div>\n\n\n<div class=\"bienen-hide-teilnahme-filter\"><form autocomplete=\"off\" name=\"wpv-filter-10282-CATTR9031fb5f8db27154a14cdff18e786324\" action=\"\/archiv-2018\/wp-json\/wp\/v2\/pages\/404?wpv_view_count=10282-CATTR9031fb5f8db27154a14cdff18e786324\" method=\"get\" class=\"wpv-filter-form js-wpv-filter-form js-wpv-filter-form-10282-CATTR9031fb5f8db27154a14cdff18e786324 js-wpv-form-full js-wpv-ajax-results-enabled\" data-viewnumber=\"10282-CATTR9031fb5f8db27154a14cdff18e786324\" data-viewid=\"10282\" data-viewhash=\"eyJuYW1lIjoid2V0dGJld2VyYnNlaW50cmFlZ2UiLCJzdGFydHllYXIiOiIxOTgzIiwic3RhcnRkYXlvZnllYXIiOiIxIiwiZW5keWVhciI6IjIxMDAiLCJlbmRkYXlvZnllYXIiOiIzNjUifQ==\" data-viewwidgetid=\"0\" data-orderby=\"\" data-order=\"\" data-orderbyas=\"\" data-orderbysecond=\"\" data-ordersecond=\"\" data-parametric=\"{&quot;query&quot;:&quot;normal&quot;,&quot;id&quot;:&quot;10282&quot;,&quot;view_id&quot;:&quot;10282&quot;,&quot;widget_id&quot;:0,&quot;view_hash&quot;:&quot;10282-CATTR9031fb5f8db27154a14cdff18e786324&quot;,&quot;action&quot;:&quot;\\\/archiv-2018\\\/wp-json\\\/wp\\\/v2\\\/pages\\\/404?wpv_view_count=10282-CATTR9031fb5f8db27154a14cdff18e786324&quot;,&quot;sort&quot;:{&quot;orderby&quot;:&quot;&quot;,&quot;order&quot;:&quot;&quot;,&quot;orderby_as&quot;:&quot;&quot;,&quot;orderby_second&quot;:&quot;&quot;,&quot;order_second&quot;:&quot;&quot;},&quot;orderby&quot;:&quot;&quot;,&quot;order&quot;:&quot;&quot;,&quot;orderby_as&quot;:&quot;&quot;,&quot;orderby_second&quot;:&quot;&quot;,&quot;order_second&quot;:&quot;&quot;,&quot;ajax_form&quot;:&quot;&quot;,&quot;ajax_results&quot;:&quot;&quot;,&quot;effect&quot;:&quot;fade&quot;,&quot;prebefore&quot;:&quot;&quot;,&quot;before&quot;:&quot;&quot;,&quot;after&quot;:&quot;&quot;,&quot;attributes&quot;:{&quot;startyear&quot;:&quot;1983&quot;,&quot;startdayofyear&quot;:&quot;1&quot;,&quot;endyear&quot;:&quot;2100&quot;,&quot;enddayofyear&quot;:&quot;365&quot;},&quot;environment&quot;:{&quot;current_post_id&quot;:404,&quot;parent_post_id&quot;:404,&quot;parent_term_id&quot;:0,&quot;parent_user_id&quot;:0,&quot;archive&quot;:{&quot;type&quot;:&quot;&quot;,&quot;name&quot;:&quot;&quot;,&quot;data&quot;:[]}},&quot;loop&quot;:{&quot;type&quot;:&quot;&quot;,&quot;name&quot;:&quot;&quot;,&quot;data&quot;:[],&quot;id&quot;:0}}\" data-attributes=\"{&quot;startyear&quot;:&quot;1983&quot;,&quot;startdayofyear&quot;:&quot;1&quot;,&quot;endyear&quot;:&quot;2100&quot;,&quot;enddayofyear&quot;:&quot;365&quot;}\" data-environment=\"{&quot;current_post_id&quot;:404,&quot;parent_post_id&quot;:404,&quot;parent_term_id&quot;:0,&quot;parent_user_id&quot;:0,&quot;archive&quot;:{&quot;type&quot;:&quot;&quot;,&quot;name&quot;:&quot;&quot;,&quot;data&quot;:[]}}\"><input type=\"hidden\" class=\"js-wpv-dps-filter-data js-wpv-filter-data-for-this-form\" data-action=\"\/archiv-2018\/wp-json\/wp\/v2\/pages\/404?wpv_view_count=10282-CATTR9031fb5f8db27154a14cdff18e786324\" data-page=\"1\" data-ajax=\"enable\" data-effect=\"fade\" data-maxpages=\"0\" data-ajaxprebefore=\"\" data-ajaxbefore=\"\" data-ajaxafter=\"\" \/><input class=\"wpv_view_count wpv_view_count-10282-CATTR9031fb5f8db27154a14cdff18e786324\" type=\"hidden\" name=\"wpv_view_count\" value=\"10282-CATTR9031fb5f8db27154a14cdff18e786324\" \/>\n\n<!--\n<p class=\"bienen-text-center\">\n\nEs wurden [wpv-items-count] Beitr\u00e4ge gefunden.\n<\/p>\n-->\n<div class=\"bienen-columns-4\">\n\t<div class=\"regionen-filter\">\n\t\t<label>Regionen<\/label>\n\t\t<select name=\"region\" class=\"js-wpv-filter-trigger form-control\"><option selected='selected' value=\"0\">Alle anzeigen<\/option><option value=\"baden-wuerttemberg\">Baden-W\u00fcrttemberg<\/option><option value=\"bayern\">Bayern<\/option><option value=\"berlin\">Berlin<\/option><option value=\"brandenburg\">Brandenburg<\/option><option value=\"bremen\">Bremen<\/option><option value=\"hamburg\">Hamburg<\/option><option value=\"hessen\">Hessen<\/option><option value=\"mecklenburg-vorpommern\">Mecklenburg-Vorpommern<\/option><option value=\"niedersachsen\">Niedersachsen<\/option><option value=\"nordrhein-westfalen\">Nordrhein-Westfalen<\/option><option value=\"rheinland-pfalz\">Rheinland-Pfalz<\/option><option value=\"saarland\">Saarland<\/option><option value=\"sachsen\">Sachsen<\/option><option value=\"sachsen-anhalt\">Sachsen-Anhalt<\/option><option value=\"schleswig-holstein\">Schleswig-Holstein<\/option><option value=\"thueringen\">Th\u00fcringen<\/option><\/select>\n\t<\/div>\n\t<div class=\"category-filter\">\n\t<label>Kategorien<\/label>\n\t<select name=\"kategorie\" class=\"js-wpv-filter-trigger form-control\"><option selected='selected' value=\"0\">Alle anzeigen<\/option><option value=\"balkone-terrassen-dachbegruenung-vertikale-gaerten\">Balkone, Terrassen, Dachbegr\u00fcnung, vertikale G\u00e4rten<\/option><option value=\"bestehende-naturbalkone\">Bestehende Naturbalkone (ohne Pflanzaktionen)<\/option><option value=\"bestehende-naturgaerten\">Bestehende Naturg\u00e4rten (ohne Pflanzaktionen)<\/option><option value=\"firmen-institutions-und-vereinsgaerten\">Firmen-, Institutions- und Vereinsg\u00e4rten<\/option><option value=\"kita-und-kindergartengaerten\">Kita- und Kindergarteng\u00e4rten<\/option><option value=\"kleingartenwesen-parzellen-und-gemeinschaftsgaerten\">Kleingartenwesen: Parzellen und Gemeinschaftsg\u00e4rten<\/option><option value=\"kommunale-flaechen-parks-baumscheiben\">Kommunale Fl\u00e4chen, Parks, Baumscheiben<\/option><option value=\"privatgaerten-und-gaerten-von-mietwohnungen-groesser-500-quadratmeter\">Privatg\u00e4rten und G\u00e4rten von Mietwohnungen (gr\u00f6\u00dfer als 500 Quadratmeter)<\/option><option value=\"privatgaerten-und-gaerten-von-mietwohnungen-kleiner-500-quadratmeter\">Privatg\u00e4rten und G\u00e4rten von Mietwohnungen (kleiner als 500 Quadratmeter)<\/option><option value=\"schul-und-jugendclub-gaerten\">Schul- und Jugendclub-G\u00e4rten<\/option><\/select>\n\t<\/div>\n\t<div class=\"teilnahme-filter\">\n      <label>Teilnahme<\/label>\n\t<select id=\"wpv_control_select_wtwfb_out_of_competition\" name=\"teilnahme_filter\" class=\"js-wpv-filter-trigger form-control\"><option value=\"\">Alle anzeigen<\/option><option value=\"1\">Nur au\u00dfer Konkurrenz<\/option><option value=\"0\" selected=\"selected\">Nur Wettbewerbsbeitr\u00e4ge<\/option><\/select>\n\t<\/div>\n    <div class=\"extrapreis_filter\">\n      <label>Extrapreis Musik f\u00fcr Bienenschutz<\/label>\n\t<select id=\"wpv_control_select_bienen_extra_price_bees_song\" name=\"extrapreis_filter\" class=\"js-wpv-filter-trigger form-control\"><option value=\"\" selected=\"selected\">Alle anzeigen<\/option><option value=\"1\">Mit Extrapreis Musik<\/option><option value=\"0\">Ohne Extrapreis Musik<\/option><\/select>\n\t<\/div>\n    <div>\n      <label>Gewinner<\/label>\n       \t<select id=\"wpv_control_select_wpcf-bienen_gewinner\" name=\"gewinner_filter\" class=\"js-wpv-filter-trigger form-control\"><option value=\"\" selected=\"selected\">Alle anzeigen<\/option><option value=\"1\">Nur Gewinner<\/option><\/select>\n    <\/div>\n<\/div>\n<div class=\"bienen-text-center\">\n<span style=\"display:none\" class=\"js-wpv-dps-spinner\"><img decoding=\"async\" src=\"https:\/\/wettbewerb-archiv.wir-tun-was-fuer-bienen.de\/archiv-2018\/wp-content\/plugins\/wp-views\/embedded\/res\/img\/ajax-loader.gif\" \/>Bitte warten. Wir filtern die Beitr\u00e4ge.<\/span>\n<\/div>\n\n<\/form>\n<div id=\"wpv-view-layout-10282-CATTR9031fb5f8db27154a14cdff18e786324\" class=\"js-wpv-view-layout js-wpv-layout-responsive js-wpv-view-layout-10282-CATTR9031fb5f8db27154a14cdff18e786324\" data-viewnumber=\"10282-CATTR9031fb5f8db27154a14cdff18e786324\" data-pagination=\"{&quot;id&quot;:&quot;10282&quot;,&quot;query&quot;:&quot;normal&quot;,&quot;type&quot;:&quot;disabled&quot;,&quot;effect&quot;:&quot;infinite&quot;,&quot;duration&quot;:50,&quot;speed&quot;:5,&quot;pause_on_hover&quot;:&quot;disabled&quot;,&quot;stop_rollover&quot;:&quot;false&quot;,&quot;cache_pages&quot;:&quot;enabled&quot;,&quot;preload_images&quot;:&quot;disabled&quot;,&quot;preload_pages&quot;:&quot;enabled&quot;,&quot;preload_reach&quot;:1,&quot;spinner&quot;:&quot;builtin&quot;,&quot;spinner_image&quot;:&quot;&quot;,&quot;callback_next&quot;:&quot;&quot;,&quot;manage_history&quot;:&quot;enabled&quot;,&quot;has_controls_in_form&quot;:&quot;disabled&quot;,&quot;infinite_tolerance&quot;:800,&quot;max_pages&quot;:0,&quot;page&quot;:1,&quot;base_permalink&quot;:&quot;\/archiv-2018\/wp-json\/wp\/v2\/pages\/404?teilnahme_filter=0&amp;wpv_view_count=10282-CATTR9031fb5f8db27154a14cdff18e786324&amp;wpv_paged=WPV_PAGE_NUM&quot;,&quot;loop&quot;:{&quot;type&quot;:&quot;&quot;,&quot;name&quot;:&quot;&quot;,&quot;data&quot;:[],&quot;id&quot;:0}}\" data-permalink=\"\/archiv-2018\/wp-json\/wp\/v2\/pages\/404?teilnahme_filter=0&#038;wpv_view_count=10282-CATTR9031fb5f8db27154a14cdff18e786324\">\n\n\t\n\t\n\t<div class=\"bienen-grid-embedded bienen-loop\">\n      \n\t\n\t\t<!-- WPV_Infinite_Scroll --><!-- WPV_Infinite_Scroll_Insert -->\n          <article id=\"post-10216\" class=\"et_pb_post post-10216 wtwfb_entry type-wtwfb_entry status-publish has-post-thumbnail hentry wtwfb_category-firmen-institutions-und-vereinsgaerten wtwfb_region-niedersachsen\">\n    <h2 class=\"entry-title\"><a href=\"https:\/\/wettbewerb-archiv.wir-tun-was-fuer-bienen.de\/archiv-2018\/eintrag\/wir-bauen-einen-wildbienengarten\/\">Wir bauen einen Wildbienengarten<\/a>\n    <\/h2>\n    <a href=\"https:\/\/wettbewerb-archiv.wir-tun-was-fuer-bienen.de\/archiv-2018\/eintrag\/wir-bauen-einen-wildbienengarten\/\">\n        <div class=\"bienen-entry-image\">\n            <img decoding=\"async\" width=\"400\" height=\"300\" src=\"https:\/\/wettbewerb-archiv.wir-tun-was-fuer-bienen.de\/archiv-2018\/wp-content\/uploads\/sites\/2\/2018\/11\/20180706_160015-400x300.jpg\" class=\"attachment-bienen-grid-thumb size-bienen-grid-thumb wp-post-image\" alt=\"\" loading=\"lazy\" \/>                    <\/div>\n    <\/a>\n\n    <div class=\"images-grid\"><span><a href=\"https:\/\/wettbewerb-archiv.wir-tun-was-fuer-bienen.de\/archiv-2018\/eintrag\/wir-bauen-einen-wildbienengarten\/\"><img decoding=\"async\" width=\"150\" height=\"150\" src=\"https:\/\/wettbewerb-archiv.wir-tun-was-fuer-bienen.de\/archiv-2018\/wp-content\/uploads\/sites\/2\/2018\/11\/20181020_105218-150x150.jpg\" class=\"attachment-thumbnail size-thumbnail\" alt=\"\" loading=\"lazy\" \/><\/a><\/span><\/div>\n\n    <div class=\"user flex\">\n        \n                    <img decoding=\"async\" src=\"https:\/\/wettbewerb-archiv.wir-tun-was-fuer-bienen.de\/archiv-2018\/wp-content\/themes\/bienen\/assets\/images\/avatar-placeholder.png\" style=\"border-radius: 30px;\" height=\"30\" width=\"30\">\n            Wildbienengarten - FeG HO            <\/div>\n    \n    <p class=\"categories meta bienen-gewinner\"><span class=\"fa fa-trophy\"                                                              aria-hidden=\"true\"><\/span> Gewinner<\/p>\n            <p class=\"categories meta\" style=\"width: 100%\"><span class=\"fa fa-tag\"\n                                                             aria-hidden=\"true\"><\/span> Firmen-, Institutions- und Vereinsg\u00e4rten        <\/p>\n    \n            <p class=\"categories meta\" style=\"width: 100%\"><span class=\"fa fa-map-marker\"\n                                                             aria-hidden=\"true\"><\/span> Niedersachsen        <\/p>\n    \n<\/article>\n   \n\t\t\n          <article id=\"post-10111\" class=\"et_pb_post post-10111 wtwfb_entry type-wtwfb_entry status-publish has-post-thumbnail hentry wtwfb_category-balkone-terrassen-dachbegruenung-vertikale-gaerten wtwfb_region-bayern\">\n    <h2 class=\"entry-title\"><a href=\"https:\/\/wettbewerb-archiv.wir-tun-was-fuer-bienen.de\/archiv-2018\/eintrag\/neues-aus-dem-hortus-balkonien-solarium\/\">Neues aus dem Hortus Balkonien (Solarium)<\/a>\n    <\/h2>\n    <a href=\"https:\/\/wettbewerb-archiv.wir-tun-was-fuer-bienen.de\/archiv-2018\/eintrag\/neues-aus-dem-hortus-balkonien-solarium\/\">\n        <div class=\"bienen-entry-image\">\n            <img decoding=\"async\" width=\"300\" height=\"235\" src=\"https:\/\/wettbewerb-archiv.wir-tun-was-fuer-bienen.de\/archiv-2018\/wp-content\/uploads\/sites\/2\/2018\/08\/Freude-kl-im-Hortus-Balkonien-Netzwerklogo-final-fertig.jpg\" class=\"attachment-bienen-grid-thumb size-bienen-grid-thumb wp-post-image\" alt=\"\" loading=\"lazy\" \/>                    <\/div>\n    <\/a>\n\n    <div class=\"images-grid\"><span><a href=\"https:\/\/wettbewerb-archiv.wir-tun-was-fuer-bienen.de\/archiv-2018\/eintrag\/neues-aus-dem-hortus-balkonien-solarium\/\"><img decoding=\"async\" width=\"150\" height=\"150\" src=\"https:\/\/wettbewerb-archiv.wir-tun-was-fuer-bienen.de\/archiv-2018\/wp-content\/uploads\/sites\/2\/2018\/08\/IMG_20180515_170806-150x150.jpg\" class=\"attachment-thumbnail size-thumbnail\" alt=\"\" loading=\"lazy\" \/><\/a><\/span><span><a href=\"https:\/\/wettbewerb-archiv.wir-tun-was-fuer-bienen.de\/archiv-2018\/eintrag\/neues-aus-dem-hortus-balkonien-solarium\/\"><img decoding=\"async\" width=\"150\" height=\"150\" src=\"https:\/\/wettbewerb-archiv.wir-tun-was-fuer-bienen.de\/archiv-2018\/wp-content\/uploads\/sites\/2\/2018\/08\/IMG_20180515_172035-150x150.jpg\" class=\"attachment-thumbnail size-thumbnail\" alt=\"\" loading=\"lazy\" \/><\/a><\/span><span><a href=\"https:\/\/wettbewerb-archiv.wir-tun-was-fuer-bienen.de\/archiv-2018\/eintrag\/neues-aus-dem-hortus-balkonien-solarium\/\"><img decoding=\"async\" width=\"150\" height=\"150\" src=\"https:\/\/wettbewerb-archiv.wir-tun-was-fuer-bienen.de\/archiv-2018\/wp-content\/uploads\/sites\/2\/ultimatemember\/temp\/IMG_20180720_181419-150x150.jpg\" class=\"attachment-thumbnail size-thumbnail\" alt=\"\" loading=\"lazy\" \/><\/a><\/span><span><a href=\"https:\/\/wettbewerb-archiv.wir-tun-was-fuer-bienen.de\/archiv-2018\/eintrag\/neues-aus-dem-hortus-balkonien-solarium\/\"><img decoding=\"async\" width=\"150\" height=\"150\" src=\"https:\/\/wettbewerb-archiv.wir-tun-was-fuer-bienen.de\/archiv-2018\/wp-content\/uploads\/sites\/2\/2018\/08\/IMG_20180523_130208-150x150.jpg\" class=\"attachment-thumbnail size-thumbnail\" alt=\"\" loading=\"lazy\" \/><\/a><\/span><\/div>\n\n    <div class=\"user flex\">\n        \n                    <img decoding=\"async\" src=\"https:\/\/wettbewerb-archiv.wir-tun-was-fuer-bienen.de\/archiv-2018\/wp-content\/themes\/bienen\/assets\/images\/avatar-placeholder.png\" style=\"border-radius: 30px;\" height=\"30\" width=\"30\">\n            Hortus Balkonien            <\/div>\n    \n    \n            <p class=\"categories meta\" style=\"width: 100%\"><span class=\"fa fa-tag\"\n                                                             aria-hidden=\"true\"><\/span> Balkone, Terrassen, Dachbegr\u00fcnung, vertikale G\u00e4rten        <\/p>\n    \n            <p class=\"categories meta\" style=\"width: 100%\"><span class=\"fa fa-map-marker\"\n                                                             aria-hidden=\"true\"><\/span> Bayern        <\/p>\n    \n<\/article>\n   \n\t\t\n          <article id=\"post-9988\" class=\"et_pb_post post-9988 wtwfb_entry type-wtwfb_entry status-publish has-post-thumbnail hentry wtwfb_category-schul-und-jugendclub-gaerten wtwfb_region-niedersachsen\">\n    <h2 class=\"entry-title\"><a href=\"https:\/\/wettbewerb-archiv.wir-tun-was-fuer-bienen.de\/archiv-2018\/eintrag\/hochbeete-und-insektenhotels-fuer-unsere-schulimkerei\/\">Hochbeete und Insektenhotels f\u00fcr unsere Schulimkerei<\/a>\n    <\/h2>\n    <a href=\"https:\/\/wettbewerb-archiv.wir-tun-was-fuer-bienen.de\/archiv-2018\/eintrag\/hochbeete-und-insektenhotels-fuer-unsere-schulimkerei\/\">\n        <div class=\"bienen-entry-image\">\n            <img decoding=\"async\" width=\"400\" height=\"300\" src=\"https:\/\/wettbewerb-archiv.wir-tun-was-fuer-bienen.de\/archiv-2018\/wp-content\/uploads\/sites\/2\/2018\/08\/20180425_091338-400x300.jpg\" class=\"attachment-bienen-grid-thumb size-bienen-grid-thumb wp-post-image\" alt=\"\" loading=\"lazy\" srcset=\"https:\/\/wettbewerb-archiv.wir-tun-was-fuer-bienen.de\/archiv-2018\/wp-content\/uploads\/sites\/2\/2018\/08\/20180425_091338-400x300.jpg 400w, https:\/\/wettbewerb-archiv.wir-tun-was-fuer-bienen.de\/archiv-2018\/wp-content\/uploads\/sites\/2\/2018\/08\/20180425_091338-300x225.jpg 300w, https:\/\/wettbewerb-archiv.wir-tun-was-fuer-bienen.de\/archiv-2018\/wp-content\/uploads\/sites\/2\/2018\/08\/20180425_091338-768x576.jpg 768w, https:\/\/wettbewerb-archiv.wir-tun-was-fuer-bienen.de\/archiv-2018\/wp-content\/uploads\/sites\/2\/2018\/08\/20180425_091338-1024x768.jpg 1024w, https:\/\/wettbewerb-archiv.wir-tun-was-fuer-bienen.de\/archiv-2018\/wp-content\/uploads\/sites\/2\/2018\/08\/20180425_091338-1320x990.jpg 1320w, https:\/\/wettbewerb-archiv.wir-tun-was-fuer-bienen.de\/archiv-2018\/wp-content\/uploads\/sites\/2\/2018\/08\/20180425_091338.jpg 1920w\" sizes=\"(max-width: 400px) 100vw, 400px\" \/>                    <\/div>\n    <\/a>\n\n    <div class=\"images-grid\"><span><a href=\"https:\/\/wettbewerb-archiv.wir-tun-was-fuer-bienen.de\/archiv-2018\/eintrag\/hochbeete-und-insektenhotels-fuer-unsere-schulimkerei\/\"><img decoding=\"async\" width=\"150\" height=\"150\" src=\"https:\/\/wettbewerb-archiv.wir-tun-was-fuer-bienen.de\/archiv-2018\/wp-content\/uploads\/sites\/2\/2018\/08\/20180516_090003-150x150.jpg\" class=\"attachment-thumbnail size-thumbnail\" alt=\"\" loading=\"lazy\" \/><\/a><\/span><span><a href=\"https:\/\/wettbewerb-archiv.wir-tun-was-fuer-bienen.de\/archiv-2018\/eintrag\/hochbeete-und-insektenhotels-fuer-unsere-schulimkerei\/\"><img decoding=\"async\" width=\"150\" height=\"150\" src=\"https:\/\/wettbewerb-archiv.wir-tun-was-fuer-bienen.de\/archiv-2018\/wp-content\/uploads\/sites\/2\/2018\/08\/20180627_110747-150x150.jpg\" class=\"attachment-thumbnail size-thumbnail\" alt=\"\" loading=\"lazy\" \/><\/a><\/span><span><a href=\"https:\/\/wettbewerb-archiv.wir-tun-was-fuer-bienen.de\/archiv-2018\/eintrag\/hochbeete-und-insektenhotels-fuer-unsere-schulimkerei\/\"><img decoding=\"async\" width=\"150\" height=\"150\" src=\"https:\/\/wettbewerb-archiv.wir-tun-was-fuer-bienen.de\/archiv-2018\/wp-content\/uploads\/sites\/2\/2018\/08\/20180416_133724-150x150.jpg\" class=\"attachment-thumbnail size-thumbnail\" alt=\"\" loading=\"lazy\" \/><\/a><\/span><span><a href=\"https:\/\/wettbewerb-archiv.wir-tun-was-fuer-bienen.de\/archiv-2018\/eintrag\/hochbeete-und-insektenhotels-fuer-unsere-schulimkerei\/\"><img decoding=\"async\" width=\"150\" height=\"150\" src=\"https:\/\/wettbewerb-archiv.wir-tun-was-fuer-bienen.de\/archiv-2018\/wp-content\/uploads\/sites\/2\/2018\/08\/20180627_110646-150x150.jpg\" class=\"attachment-thumbnail size-thumbnail\" alt=\"\" loading=\"lazy\" \/><\/a><\/span><\/div>\n\n    <div class=\"user flex\">\n        \n                    <img decoding=\"async\" src=\"https:\/\/wettbewerb-archiv.wir-tun-was-fuer-bienen.de\/archiv-2018\/wp-content\/themes\/bienen\/assets\/images\/avatar-placeholder.png\" style=\"border-radius: 30px;\" height=\"30\" width=\"30\">\n            Schulimkerei der BBS Einbeck            <\/div>\n    \n    \n            <p class=\"categories meta\" style=\"width: 100%\"><span class=\"fa fa-tag\"\n                                                             aria-hidden=\"true\"><\/span> Schul- und Jugendclub-G\u00e4rten        <\/p>\n    \n            <p class=\"categories meta\" style=\"width: 100%\"><span class=\"fa fa-map-marker\"\n                                                             aria-hidden=\"true\"><\/span> Niedersachsen        <\/p>\n    \n<\/article>\n   \n\t\t\n          <article id=\"post-9950\" class=\"et_pb_post post-9950 wtwfb_entry type-wtwfb_entry status-publish has-post-thumbnail hentry wtwfb_category-kommunale-flaechen-parks-baumscheiben wtwfb_region-bayern\">\n    <h2 class=\"entry-title\"><a href=\"https:\/\/wettbewerb-archiv.wir-tun-was-fuer-bienen.de\/archiv-2018\/eintrag\/bienenparadies-im-pflanzlgarten\/\">Bienenparadies im Pflanzlgarten<\/a>\n    <\/h2>\n    <a href=\"https:\/\/wettbewerb-archiv.wir-tun-was-fuer-bienen.de\/archiv-2018\/eintrag\/bienenparadies-im-pflanzlgarten\/\">\n        <div class=\"bienen-entry-image\">\n            <img decoding=\"async\" width=\"400\" height=\"300\" src=\"https:\/\/wettbewerb-archiv.wir-tun-was-fuer-bienen.de\/archiv-2018\/wp-content\/uploads\/sites\/2\/2018\/07\/IMG_2609-400x300.jpg\" class=\"attachment-bienen-grid-thumb size-bienen-grid-thumb wp-post-image\" alt=\"\" loading=\"lazy\" \/>                    <\/div>\n    <\/a>\n\n    <div class=\"images-grid\"><span><a href=\"https:\/\/wettbewerb-archiv.wir-tun-was-fuer-bienen.de\/archiv-2018\/eintrag\/bienenparadies-im-pflanzlgarten\/\"><img decoding=\"async\" width=\"150\" height=\"150\" src=\"https:\/\/wettbewerb-archiv.wir-tun-was-fuer-bienen.de\/archiv-2018\/wp-content\/uploads\/sites\/2\/2018\/07\/IMG_3744-1-150x150.jpg\" class=\"attachment-thumbnail size-thumbnail\" alt=\"\" loading=\"lazy\" \/><\/a><\/span><\/div>\n\n    <div class=\"user flex\">\n        \n                    <img decoding=\"async\" src=\"https:\/\/wettbewerb-archiv.wir-tun-was-fuer-bienen.de\/archiv-2018\/wp-content\/themes\/bienen\/assets\/images\/avatar-placeholder.png\" style=\"border-radius: 30px;\" height=\"30\" width=\"30\">\n            Kindergruppe Bund Naturschutz            <\/div>\n    \n    \n            <p class=\"categories meta\" style=\"width: 100%\"><span class=\"fa fa-tag\"\n                                                             aria-hidden=\"true\"><\/span> Kommunale Fl\u00e4chen, Parks, Baumscheiben        <\/p>\n    \n            <p class=\"categories meta\" style=\"width: 100%\"><span class=\"fa fa-map-marker\"\n                                                             aria-hidden=\"true\"><\/span> Bayern        <\/p>\n    \n<\/article>\n   \n\t\t\n          <article id=\"post-9880\" class=\"et_pb_post post-9880 wtwfb_entry type-wtwfb_entry status-publish has-post-thumbnail hentry wtwfb_category-privatgaerten-und-gaerten-von-mietwohnungen-kleiner-500-quadratmeter wtwfb_region-bayern\">\n    <h2 class=\"entry-title\"><a href=\"https:\/\/wettbewerb-archiv.wir-tun-was-fuer-bienen.de\/archiv-2018\/eintrag\/heidis-naturgarten\/\">Heidis Naturgarten<\/a>\n    <\/h2>\n    <a href=\"https:\/\/wettbewerb-archiv.wir-tun-was-fuer-bienen.de\/archiv-2018\/eintrag\/heidis-naturgarten\/\">\n        <div class=\"bienen-entry-image\">\n            <img decoding=\"async\" width=\"400\" height=\"300\" src=\"https:\/\/wettbewerb-archiv.wir-tun-was-fuer-bienen.de\/archiv-2018\/wp-content\/uploads\/sites\/2\/2018\/07\/IMG-20180512-WA0011-400x300.jpeg\" class=\"attachment-bienen-grid-thumb size-bienen-grid-thumb wp-post-image\" alt=\"\" loading=\"lazy\" \/>                    <\/div>\n    <\/a>\n\n    <div class=\"images-grid\"><span><a href=\"https:\/\/wettbewerb-archiv.wir-tun-was-fuer-bienen.de\/archiv-2018\/eintrag\/heidis-naturgarten\/\"><img decoding=\"async\" width=\"150\" height=\"150\" src=\"https:\/\/wettbewerb-archiv.wir-tun-was-fuer-bienen.de\/archiv-2018\/wp-content\/uploads\/sites\/2\/2018\/07\/IMG-20180416-WA0004-150x150.jpeg\" class=\"attachment-thumbnail size-thumbnail\" alt=\"\" loading=\"lazy\" \/><\/a><\/span><span><a href=\"https:\/\/wettbewerb-archiv.wir-tun-was-fuer-bienen.de\/archiv-2018\/eintrag\/heidis-naturgarten\/\"><img decoding=\"async\" width=\"150\" height=\"150\" src=\"https:\/\/wettbewerb-archiv.wir-tun-was-fuer-bienen.de\/archiv-2018\/wp-content\/uploads\/sites\/2\/2018\/07\/IMG-20180512-WA0019-150x150.jpeg\" class=\"attachment-thumbnail size-thumbnail\" alt=\"\" loading=\"lazy\" \/><\/a><\/span><span><a href=\"https:\/\/wettbewerb-archiv.wir-tun-was-fuer-bienen.de\/archiv-2018\/eintrag\/heidis-naturgarten\/\"><img decoding=\"async\" width=\"150\" height=\"150\" src=\"https:\/\/wettbewerb-archiv.wir-tun-was-fuer-bienen.de\/archiv-2018\/wp-content\/uploads\/sites\/2\/2018\/07\/IMG-20180520-WA0008-150x150.jpeg\" class=\"attachment-thumbnail size-thumbnail\" alt=\"\" loading=\"lazy\" \/><\/a><\/span><\/div>\n\n    <div class=\"user flex\">\n        \n                    <img decoding=\"async\" src=\"https:\/\/wettbewerb-archiv.wir-tun-was-fuer-bienen.de\/archiv-2018\/wp-content\/themes\/bienen\/assets\/images\/avatar-placeholder.png\" style=\"border-radius: 30px;\" height=\"30\" width=\"30\">\n            Heidis Naturgarten            <\/div>\n    \n    \n            <p class=\"categories meta\" style=\"width: 100%\"><span class=\"fa fa-tag\"\n                                                             aria-hidden=\"true\"><\/span> Privatg\u00e4rten und G\u00e4rten von Mietwohnungen (kleiner als 500 Quadratmeter)        <\/p>\n    \n            <p class=\"categories meta\" style=\"width: 100%\"><span class=\"fa fa-map-marker\"\n                                                             aria-hidden=\"true\"><\/span> Bayern        <\/p>\n    \n<\/article>\n   \n\t\t\n          <article id=\"post-9820\" class=\"et_pb_post post-9820 wtwfb_entry type-wtwfb_entry status-publish has-post-thumbnail hentry wtwfb_category-kommunale-flaechen-parks-baumscheiben wtwfb_region-bayern\">\n    <h2 class=\"entry-title\"><a href=\"https:\/\/wettbewerb-archiv.wir-tun-was-fuer-bienen.de\/archiv-2018\/eintrag\/firmprojekt-verschoenerung-kirchenweg-in-berbling\/\">Firmprojekt &#8221; Versch\u00f6nerung Kirchenweg &#8221; in Berbling<\/a>\n    <\/h2>\n    <a href=\"https:\/\/wettbewerb-archiv.wir-tun-was-fuer-bienen.de\/archiv-2018\/eintrag\/firmprojekt-verschoenerung-kirchenweg-in-berbling\/\">\n        <div class=\"bienen-entry-image\">\n            <img decoding=\"async\" width=\"400\" height=\"300\" src=\"https:\/\/wettbewerb-archiv.wir-tun-was-fuer-bienen.de\/archiv-2018\/wp-content\/uploads\/sites\/2\/2018\/07\/P7310359-400x300.jpg\" class=\"attachment-bienen-grid-thumb size-bienen-grid-thumb wp-post-image\" alt=\"\" loading=\"lazy\" srcset=\"https:\/\/wettbewerb-archiv.wir-tun-was-fuer-bienen.de\/archiv-2018\/wp-content\/uploads\/sites\/2\/2018\/07\/P7310359-400x300.jpg 400w, https:\/\/wettbewerb-archiv.wir-tun-was-fuer-bienen.de\/archiv-2018\/wp-content\/uploads\/sites\/2\/2018\/07\/P7310359-300x225.jpg 300w, https:\/\/wettbewerb-archiv.wir-tun-was-fuer-bienen.de\/archiv-2018\/wp-content\/uploads\/sites\/2\/2018\/07\/P7310359-768x576.jpg 768w, https:\/\/wettbewerb-archiv.wir-tun-was-fuer-bienen.de\/archiv-2018\/wp-content\/uploads\/sites\/2\/2018\/07\/P7310359-1024x768.jpg 1024w, https:\/\/wettbewerb-archiv.wir-tun-was-fuer-bienen.de\/archiv-2018\/wp-content\/uploads\/sites\/2\/2018\/07\/P7310359-1320x990.jpg 1320w, https:\/\/wettbewerb-archiv.wir-tun-was-fuer-bienen.de\/archiv-2018\/wp-content\/uploads\/sites\/2\/2018\/07\/P7310359.jpg 1920w\" sizes=\"(max-width: 400px) 100vw, 400px\" \/>                    <\/div>\n    <\/a>\n\n    <div class=\"images-grid\"><span><a href=\"https:\/\/wettbewerb-archiv.wir-tun-was-fuer-bienen.de\/archiv-2018\/eintrag\/firmprojekt-verschoenerung-kirchenweg-in-berbling\/\"><img decoding=\"async\" width=\"150\" height=\"150\" src=\"https:\/\/wettbewerb-archiv.wir-tun-was-fuer-bienen.de\/archiv-2018\/wp-content\/uploads\/sites\/2\/2018\/07\/P4140320-150x150.jpg\" class=\"attachment-thumbnail size-thumbnail\" alt=\"\" loading=\"lazy\" \/><\/a><\/span><\/div>\n\n    <div class=\"user flex\">\n        \n                    <img decoding=\"async\" src=\"https:\/\/wettbewerb-archiv.wir-tun-was-fuer-bienen.de\/archiv-2018\/wp-content\/themes\/bienen\/assets\/images\/avatar-placeholder.png\" style=\"border-radius: 30px;\" height=\"30\" width=\"30\">\n            Firmprojekt\"Versch\u00f6nerung Kirchweg\"in Berbling            <\/div>\n    \n    \n            <p class=\"categories meta\" style=\"width: 100%\"><span class=\"fa fa-tag\"\n                                                             aria-hidden=\"true\"><\/span> Kommunale Fl\u00e4chen, Parks, Baumscheiben        <\/p>\n    \n            <p class=\"categories meta\" style=\"width: 100%\"><span class=\"fa fa-map-marker\"\n                                                             aria-hidden=\"true\"><\/span> Bayern        <\/p>\n    \n<\/article>\n   \n\t\t\n          <article id=\"post-9612\" class=\"et_pb_post post-9612 wtwfb_entry type-wtwfb_entry status-publish has-post-thumbnail hentry wtwfb_category-schul-und-jugendclub-gaerten wtwfb_region-rheinland-pfalz\">\n    <h2 class=\"entry-title\"><a href=\"https:\/\/wettbewerb-archiv.wir-tun-was-fuer-bienen.de\/archiv-2018\/eintrag\/bye-bye-biene-co-2\/\">Bye bye Biene &amp; Co.?<\/a>\n    <\/h2>\n    <a href=\"https:\/\/wettbewerb-archiv.wir-tun-was-fuer-bienen.de\/archiv-2018\/eintrag\/bye-bye-biene-co-2\/\">\n        <div class=\"bienen-entry-image\">\n            <img decoding=\"async\" width=\"400\" height=\"300\" src=\"https:\/\/wettbewerb-archiv.wir-tun-was-fuer-bienen.de\/archiv-2018\/wp-content\/uploads\/sites\/2\/2018\/07\/04_Nachher_02_-400x300.jpg\" class=\"attachment-bienen-grid-thumb size-bienen-grid-thumb wp-post-image\" alt=\"\" loading=\"lazy\" \/>                    <\/div>\n    <\/a>\n\n    <div class=\"images-grid\"><span><a href=\"https:\/\/wettbewerb-archiv.wir-tun-was-fuer-bienen.de\/archiv-2018\/eintrag\/bye-bye-biene-co-2\/\"><img decoding=\"async\" width=\"150\" height=\"150\" src=\"https:\/\/wettbewerb-archiv.wir-tun-was-fuer-bienen.de\/archiv-2018\/wp-content\/uploads\/sites\/2\/2018\/07\/01_Gruppe-2-150x150.jpg\" class=\"attachment-thumbnail size-thumbnail\" alt=\"\" loading=\"lazy\" \/><\/a><\/span><span><a href=\"https:\/\/wettbewerb-archiv.wir-tun-was-fuer-bienen.de\/archiv-2018\/eintrag\/bye-bye-biene-co-2\/\"><img decoding=\"async\" width=\"150\" height=\"150\" src=\"https:\/\/wettbewerb-archiv.wir-tun-was-fuer-bienen.de\/archiv-2018\/wp-content\/uploads\/sites\/2\/2018\/07\/03_Aktion_01-1-150x150.jpg\" class=\"attachment-thumbnail size-thumbnail\" alt=\"\" loading=\"lazy\" \/><\/a><\/span><span><a href=\"https:\/\/wettbewerb-archiv.wir-tun-was-fuer-bienen.de\/archiv-2018\/eintrag\/bye-bye-biene-co-2\/\"><img decoding=\"async\" width=\"150\" height=\"150\" src=\"https:\/\/wettbewerb-archiv.wir-tun-was-fuer-bienen.de\/archiv-2018\/wp-content\/uploads\/sites\/2\/2018\/07\/03_Aktion_02-1-150x150.jpg\" class=\"attachment-thumbnail size-thumbnail\" alt=\"\" loading=\"lazy\" \/><\/a><\/span><span><a href=\"https:\/\/wettbewerb-archiv.wir-tun-was-fuer-bienen.de\/archiv-2018\/eintrag\/bye-bye-biene-co-2\/\"><img decoding=\"async\" width=\"150\" height=\"150\" src=\"https:\/\/wettbewerb-archiv.wir-tun-was-fuer-bienen.de\/archiv-2018\/wp-content\/uploads\/sites\/2\/2018\/07\/03_Aktion_03-1-150x150.jpg\" class=\"attachment-thumbnail size-thumbnail\" alt=\"\" loading=\"lazy\" \/><\/a><\/span><\/div>\n\n    <div class=\"user flex\">\n                    <img decoding=\"async\" src=\"https:\/\/wettbewerb-archiv.wir-tun-was-fuer-bienen.de\/archiv-2018\/wp-content\/themes\/bienen\/assets\/images\/avatar-placeholder.png\" style=\"border-radius: 30px;\" height=\"30\" width=\"30\">\n            <a href=\"https:\/\/wettbewerb-archiv.wir-tun-was-fuer-bienen.de\/archiv-2018\/gruppe\/bbs-i-technik-kl-tg\/\" title=\"Beitr\u00e4ge von BBS I Technik KL &#8211; TG\"\n               rel=\"author\">BBS I Technik KL &#8211; TG<\/a>\n            <\/div>\n    \n    \n            <p class=\"categories meta\" style=\"width: 100%\"><span class=\"fa fa-tag\"\n                                                             aria-hidden=\"true\"><\/span> Schul- und Jugendclub-G\u00e4rten        <\/p>\n    \n            <p class=\"categories meta\" style=\"width: 100%\"><span class=\"fa fa-map-marker\"\n                                                             aria-hidden=\"true\"><\/span> Rheinland-Pfalz        <\/p>\n    \n<\/article>\n   \n\t\t\n          <article id=\"post-9605\" class=\"et_pb_post post-9605 wtwfb_entry type-wtwfb_entry status-publish has-post-thumbnail hentry wtwfb_category-kleingartenwesen-parzellen-und-gemeinschaftsgaerten wtwfb_region-hamburg\">\n    <h2 class=\"entry-title\"><a href=\"https:\/\/wettbewerb-archiv.wir-tun-was-fuer-bienen.de\/archiv-2018\/eintrag\/fortsetzung-teil-3-unsere-wildbienengaeste\/\">Fortsetzung Teil 3, unsere Wildbieneng\u00e4ste<\/a>\n    <\/h2>\n    <a href=\"https:\/\/wettbewerb-archiv.wir-tun-was-fuer-bienen.de\/archiv-2018\/eintrag\/fortsetzung-teil-3-unsere-wildbienengaeste\/\">\n        <div class=\"bienen-entry-image\">\n            <img decoding=\"async\" width=\"400\" height=\"300\" src=\"https:\/\/wettbewerb-archiv.wir-tun-was-fuer-bienen.de\/archiv-2018\/wp-content\/uploads\/sites\/2\/2018\/07\/DSC_0350-2-400x300.jpg\" class=\"attachment-bienen-grid-thumb size-bienen-grid-thumb wp-post-image\" alt=\"\" loading=\"lazy\" \/>                    <\/div>\n    <\/a>\n\n    <div class=\"images-grid\"><span><a href=\"https:\/\/wettbewerb-archiv.wir-tun-was-fuer-bienen.de\/archiv-2018\/eintrag\/fortsetzung-teil-3-unsere-wildbienengaeste\/\"><img decoding=\"async\" width=\"150\" height=\"150\" src=\"https:\/\/wettbewerb-archiv.wir-tun-was-fuer-bienen.de\/archiv-2018\/wp-content\/uploads\/sites\/2\/2018\/07\/DSC_0911-150x150.jpg\" class=\"attachment-thumbnail size-thumbnail\" alt=\"\" loading=\"lazy\" \/><\/a><\/span><span><a href=\"https:\/\/wettbewerb-archiv.wir-tun-was-fuer-bienen.de\/archiv-2018\/eintrag\/fortsetzung-teil-3-unsere-wildbienengaeste\/\"><img decoding=\"async\" width=\"150\" height=\"150\" src=\"https:\/\/wettbewerb-archiv.wir-tun-was-fuer-bienen.de\/archiv-2018\/wp-content\/uploads\/sites\/2\/2018\/07\/DSC_0799-Kopie-150x150.jpg\" class=\"attachment-thumbnail size-thumbnail\" alt=\"\" loading=\"lazy\" \/><\/a><\/span><span><a href=\"https:\/\/wettbewerb-archiv.wir-tun-was-fuer-bienen.de\/archiv-2018\/eintrag\/fortsetzung-teil-3-unsere-wildbienengaeste\/\"><img decoding=\"async\" width=\"150\" height=\"150\" src=\"https:\/\/wettbewerb-archiv.wir-tun-was-fuer-bienen.de\/archiv-2018\/wp-content\/uploads\/sites\/2\/2018\/07\/DSC_0797-Kopie-150x150.jpg\" class=\"attachment-thumbnail size-thumbnail\" alt=\"\" loading=\"lazy\" \/><\/a><\/span><span><a href=\"https:\/\/wettbewerb-archiv.wir-tun-was-fuer-bienen.de\/archiv-2018\/eintrag\/fortsetzung-teil-3-unsere-wildbienengaeste\/\"><img decoding=\"async\" width=\"150\" height=\"150\" src=\"https:\/\/wettbewerb-archiv.wir-tun-was-fuer-bienen.de\/archiv-2018\/wp-content\/uploads\/sites\/2\/2018\/07\/DSC_0932-150x150.jpg\" class=\"attachment-thumbnail size-thumbnail\" alt=\"\" loading=\"lazy\" \/><\/a><\/span><\/div>\n\n    <div class=\"user flex\">\n        \n                    <img decoding=\"async\" src=\"https:\/\/wettbewerb-archiv.wir-tun-was-fuer-bienen.de\/archiv-2018\/wp-content\/themes\/bienen\/assets\/images\/avatar-placeholder.png\" style=\"border-radius: 30px;\" height=\"30\" width=\"30\">\n            Steffi            <\/div>\n    \n    \n            <p class=\"categories meta\" style=\"width: 100%\"><span class=\"fa fa-tag\"\n                                                             aria-hidden=\"true\"><\/span> Kleingartenwesen: Parzellen und Gemeinschaftsg\u00e4rten        <\/p>\n    \n            <p class=\"categories meta\" style=\"width: 100%\"><span class=\"fa fa-map-marker\"\n                                                             aria-hidden=\"true\"><\/span> Hamburg        <\/p>\n    \n<\/article>\n   \n\t\t\n          <article id=\"post-9558\" class=\"et_pb_post post-9558 wtwfb_entry type-wtwfb_entry status-publish has-post-thumbnail hentry wtwfb_category-kommunale-flaechen-parks-baumscheiben wtwfb_region-berlin\">\n    <h2 class=\"entry-title\"><a href=\"https:\/\/wettbewerb-archiv.wir-tun-was-fuer-bienen.de\/archiv-2018\/eintrag\/seltene-wildpflanzen-auf-oeffentlicher-gruenflaeche\/\">Seltene Wildpflanzen auf \u00f6ffentlicher Gr\u00fcnfl\u00e4che<\/a>\n    <\/h2>\n    <a href=\"https:\/\/wettbewerb-archiv.wir-tun-was-fuer-bienen.de\/archiv-2018\/eintrag\/seltene-wildpflanzen-auf-oeffentlicher-gruenflaeche\/\">\n        <div class=\"bienen-entry-image\">\n            <img decoding=\"async\" width=\"400\" height=\"300\" src=\"https:\/\/wettbewerb-archiv.wir-tun-was-fuer-bienen.de\/archiv-2018\/wp-content\/uploads\/sites\/2\/2018\/07\/schild-rot-400x300.jpg\" class=\"attachment-bienen-grid-thumb size-bienen-grid-thumb wp-post-image\" alt=\"\" loading=\"lazy\" srcset=\"https:\/\/wettbewerb-archiv.wir-tun-was-fuer-bienen.de\/archiv-2018\/wp-content\/uploads\/sites\/2\/2018\/07\/schild-rot-400x300.jpg 400w, https:\/\/wettbewerb-archiv.wir-tun-was-fuer-bienen.de\/archiv-2018\/wp-content\/uploads\/sites\/2\/2018\/07\/schild-rot-300x225.jpg 300w, https:\/\/wettbewerb-archiv.wir-tun-was-fuer-bienen.de\/archiv-2018\/wp-content\/uploads\/sites\/2\/2018\/07\/schild-rot-768x576.jpg 768w, https:\/\/wettbewerb-archiv.wir-tun-was-fuer-bienen.de\/archiv-2018\/wp-content\/uploads\/sites\/2\/2018\/07\/schild-rot.jpg 784w\" sizes=\"(max-width: 400px) 100vw, 400px\" \/>                    <\/div>\n    <\/a>\n\n    <div class=\"images-grid\"><\/div>\n\n    <div class=\"user flex\">\n        \n                    <img decoding=\"async\" src=\"https:\/\/wettbewerb-archiv.wir-tun-was-fuer-bienen.de\/archiv-2018\/wp-content\/themes\/bienen\/assets\/images\/avatar-placeholder.png\" style=\"border-radius: 30px;\" height=\"30\" width=\"30\">\n            Michaela P.            <\/div>\n    \n    \n            <p class=\"categories meta\" style=\"width: 100%\"><span class=\"fa fa-tag\"\n                                                             aria-hidden=\"true\"><\/span> Kommunale Fl\u00e4chen, Parks, Baumscheiben        <\/p>\n    \n            <p class=\"categories meta\" style=\"width: 100%\"><span class=\"fa fa-map-marker\"\n                                                             aria-hidden=\"true\"><\/span> Berlin        <\/p>\n    \n<\/article>\n   \n\t\t\n          <article id=\"post-9486\" class=\"et_pb_post post-9486 wtwfb_entry type-wtwfb_entry status-publish has-post-thumbnail hentry wtwfb_category-privatgaerten-und-gaerten-von-mietwohnungen-kleiner-500-quadratmeter wtwfb_region-nordrhein-westfalen\">\n    <h2 class=\"entry-title\"><a href=\"https:\/\/wettbewerb-archiv.wir-tun-was-fuer-bienen.de\/archiv-2018\/eintrag\/ein-garten-wird-wild-teil-2-ein-garten-ist-wild\/\">EIN GARTEN WIRD WILD&#8230;Teil 2 &#8211; EIN GARTEN IST WILD&#8230;.<\/a>\n    <\/h2>\n    <a href=\"https:\/\/wettbewerb-archiv.wir-tun-was-fuer-bienen.de\/archiv-2018\/eintrag\/ein-garten-wird-wild-teil-2-ein-garten-ist-wild\/\">\n        <div class=\"bienen-entry-image\">\n            <img decoding=\"async\" width=\"400\" height=\"300\" src=\"https:\/\/wettbewerb-archiv.wir-tun-was-fuer-bienen.de\/archiv-2018\/wp-content\/uploads\/sites\/2\/2018\/07\/Profilbild-1-400x300.jpg\" class=\"attachment-bienen-grid-thumb size-bienen-grid-thumb wp-post-image\" alt=\"\" loading=\"lazy\" \/>                    <\/div>\n    <\/a>\n\n    <div class=\"images-grid\"><span><a href=\"https:\/\/wettbewerb-archiv.wir-tun-was-fuer-bienen.de\/archiv-2018\/eintrag\/ein-garten-wird-wild-teil-2-ein-garten-ist-wild\/\"><img decoding=\"async\" width=\"150\" height=\"150\" src=\"https:\/\/wettbewerb-archiv.wir-tun-was-fuer-bienen.de\/archiv-2018\/wp-content\/uploads\/sites\/2\/2018\/07\/IMG_3604-2-150x150.jpg\" class=\"attachment-thumbnail size-thumbnail\" alt=\"\" loading=\"lazy\" \/><\/a><\/span><span><a href=\"https:\/\/wettbewerb-archiv.wir-tun-was-fuer-bienen.de\/archiv-2018\/eintrag\/ein-garten-wird-wild-teil-2-ein-garten-ist-wild\/\"><img decoding=\"async\" width=\"150\" height=\"150\" src=\"https:\/\/wettbewerb-archiv.wir-tun-was-fuer-bienen.de\/archiv-2018\/wp-content\/uploads\/sites\/2\/2018\/07\/IMG_3457-150x150.jpg\" class=\"attachment-thumbnail size-thumbnail\" alt=\"\" loading=\"lazy\" \/><\/a><\/span><span><a href=\"https:\/\/wettbewerb-archiv.wir-tun-was-fuer-bienen.de\/archiv-2018\/eintrag\/ein-garten-wird-wild-teil-2-ein-garten-ist-wild\/\"><img decoding=\"async\" width=\"150\" height=\"150\" src=\"https:\/\/wettbewerb-archiv.wir-tun-was-fuer-bienen.de\/archiv-2018\/wp-content\/uploads\/sites\/2\/2018\/07\/IMG_3786-1-150x150.jpg\" class=\"attachment-thumbnail size-thumbnail\" alt=\"\" loading=\"lazy\" \/><\/a><\/span><span><a href=\"https:\/\/wettbewerb-archiv.wir-tun-was-fuer-bienen.de\/archiv-2018\/eintrag\/ein-garten-wird-wild-teil-2-ein-garten-ist-wild\/\"><img decoding=\"async\" width=\"150\" height=\"150\" src=\"https:\/\/wettbewerb-archiv.wir-tun-was-fuer-bienen.de\/archiv-2018\/wp-content\/uploads\/sites\/2\/2018\/07\/IMG_3686-150x150.jpg\" class=\"attachment-thumbnail size-thumbnail\" alt=\"\" loading=\"lazy\" \/><\/a><\/span><\/div>\n\n    <div class=\"user flex\">\n        \n                    <img decoding=\"async\" src=\"https:\/\/wettbewerb-archiv.wir-tun-was-fuer-bienen.de\/archiv-2018\/wp-content\/themes\/bienen\/assets\/images\/avatar-placeholder.png\" style=\"border-radius: 30px;\" height=\"30\" width=\"30\">\n            Garten(t)r\u00e4umchen            <\/div>\n    \n    \n            <p class=\"categories meta\" style=\"width: 100%\"><span class=\"fa fa-tag\"\n                                                             aria-hidden=\"true\"><\/span> Privatg\u00e4rten und G\u00e4rten von Mietwohnungen (kleiner als 500 Quadratmeter)        <\/p>\n    \n            <p class=\"categories meta\" style=\"width: 100%\"><span class=\"fa fa-map-marker\"\n                                                             aria-hidden=\"true\"><\/span> Nordrhein-Westfalen        <\/p>\n    \n<\/article>\n   \n\t\t\n          <article id=\"post-9451\" class=\"et_pb_post post-9451 wtwfb_entry type-wtwfb_entry status-publish has-post-thumbnail hentry wtwfb_category-privatgaerten-und-gaerten-von-mietwohnungen-kleiner-500-quadratmeter wtwfb_region-bayern\">\n    <h2 class=\"entry-title\"><a href=\"https:\/\/wettbewerb-archiv.wir-tun-was-fuer-bienen.de\/archiv-2018\/eintrag\/hortus-graniti-vivi\/\">Hortus graniti vivi<\/a>\n    <\/h2>\n    <a href=\"https:\/\/wettbewerb-archiv.wir-tun-was-fuer-bienen.de\/archiv-2018\/eintrag\/hortus-graniti-vivi\/\">\n        <div class=\"bienen-entry-image\">\n            <img decoding=\"async\" width=\"400\" height=\"300\" src=\"https:\/\/wettbewerb-archiv.wir-tun-was-fuer-bienen.de\/archiv-2018\/wp-content\/uploads\/sites\/2\/2018\/07\/gemeine_keilfleckschwebfliege_eristalis_pertinax_c_sarah_goetze-400x300.jpg\" class=\"attachment-bienen-grid-thumb size-bienen-grid-thumb wp-post-image\" alt=\"\" loading=\"lazy\" \/>                    <\/div>\n    <\/a>\n\n    <div class=\"images-grid\"><\/div>\n\n    <div class=\"user flex\">\n        \n                    <img decoding=\"async\" src=\"https:\/\/wettbewerb-archiv.wir-tun-was-fuer-bienen.de\/archiv-2018\/wp-content\/themes\/bienen\/assets\/images\/avatar-placeholder.png\" style=\"border-radius: 30px;\" height=\"30\" width=\"30\">\n            Hortus graniti vivi =Garten des lebendigen Granits            <\/div>\n    \n    \n            <p class=\"categories meta\" style=\"width: 100%\"><span class=\"fa fa-tag\"\n                                                             aria-hidden=\"true\"><\/span> Privatg\u00e4rten und G\u00e4rten von Mietwohnungen (kleiner als 500 Quadratmeter)        <\/p>\n    \n            <p class=\"categories meta\" style=\"width: 100%\"><span class=\"fa fa-map-marker\"\n                                                             aria-hidden=\"true\"><\/span> Bayern        <\/p>\n    \n<\/article>\n   \n\t\t\n          <article id=\"post-9419\" class=\"et_pb_post post-9419 wtwfb_entry type-wtwfb_entry status-publish has-post-thumbnail hentry wtwfb_category-schul-und-jugendclub-gaerten wtwfb_region-bayern\">\n    <h2 class=\"entry-title\"><a href=\"https:\/\/wettbewerb-archiv.wir-tun-was-fuer-bienen.de\/archiv-2018\/eintrag\/in-irgertsheim-summt-es\/\">In Irgertsheim summt es<\/a>\n    <\/h2>\n    <a href=\"https:\/\/wettbewerb-archiv.wir-tun-was-fuer-bienen.de\/archiv-2018\/eintrag\/in-irgertsheim-summt-es\/\">\n        <div class=\"bienen-entry-image\">\n            <img decoding=\"async\" width=\"400\" height=\"300\" src=\"https:\/\/wettbewerb-archiv.wir-tun-was-fuer-bienen.de\/archiv-2018\/wp-content\/uploads\/sites\/2\/2018\/07\/IMG_3235-400x300.jpg\" class=\"attachment-bienen-grid-thumb size-bienen-grid-thumb wp-post-image\" alt=\"\" loading=\"lazy\" srcset=\"https:\/\/wettbewerb-archiv.wir-tun-was-fuer-bienen.de\/archiv-2018\/wp-content\/uploads\/sites\/2\/2018\/07\/IMG_3235-400x300.jpg 400w, https:\/\/wettbewerb-archiv.wir-tun-was-fuer-bienen.de\/archiv-2018\/wp-content\/uploads\/sites\/2\/2018\/07\/IMG_3235-300x225.jpg 300w, https:\/\/wettbewerb-archiv.wir-tun-was-fuer-bienen.de\/archiv-2018\/wp-content\/uploads\/sites\/2\/2018\/07\/IMG_3235-768x576.jpg 768w, https:\/\/wettbewerb-archiv.wir-tun-was-fuer-bienen.de\/archiv-2018\/wp-content\/uploads\/sites\/2\/2018\/07\/IMG_3235-1024x768.jpg 1024w, https:\/\/wettbewerb-archiv.wir-tun-was-fuer-bienen.de\/archiv-2018\/wp-content\/uploads\/sites\/2\/2018\/07\/IMG_3235-1320x990.jpg 1320w, https:\/\/wettbewerb-archiv.wir-tun-was-fuer-bienen.de\/archiv-2018\/wp-content\/uploads\/sites\/2\/2018\/07\/IMG_3235.jpg 1920w\" sizes=\"(max-width: 400px) 100vw, 400px\" \/>                    <\/div>\n    <\/a>\n\n    <div class=\"images-grid\"><\/div>\n\n    <div class=\"user flex\">\n        \n                    <img decoding=\"async\" src=\"https:\/\/wettbewerb-archiv.wir-tun-was-fuer-bienen.de\/archiv-2018\/wp-content\/themes\/bienen\/assets\/images\/avatar-placeholder.png\" style=\"border-radius: 30px;\" height=\"30\" width=\"30\">\n            Grundschule Irgertsheim            <\/div>\n    \n    \n            <p class=\"categories meta\" style=\"width: 100%\"><span class=\"fa fa-tag\"\n                                                             aria-hidden=\"true\"><\/span> Schul- und Jugendclub-G\u00e4rten        <\/p>\n    \n            <p class=\"categories meta\" style=\"width: 100%\"><span class=\"fa fa-map-marker\"\n                                                             aria-hidden=\"true\"><\/span> Bayern        <\/p>\n    \n<\/article>\n   \n\t\t\n          <article id=\"post-9321\" class=\"et_pb_post post-9321 wtwfb_entry type-wtwfb_entry status-publish has-post-thumbnail hentry wtwfb_category-privatgaerten-und-gaerten-von-mietwohnungen-kleiner-500-quadratmeter wtwfb_region-nordrhein-westfalen\">\n    <h2 class=\"entry-title\"><a href=\"https:\/\/wettbewerb-archiv.wir-tun-was-fuer-bienen.de\/archiv-2018\/eintrag\/ausgestaltung-vom-hortus-quercuum\/\">Ausgestaltung Hortus Quercuum<\/a>\n    <\/h2>\n    <a href=\"https:\/\/wettbewerb-archiv.wir-tun-was-fuer-bienen.de\/archiv-2018\/eintrag\/ausgestaltung-vom-hortus-quercuum\/\">\n        <div class=\"bienen-entry-image\">\n            <img decoding=\"async\" width=\"400\" height=\"300\" src=\"https:\/\/wettbewerb-archiv.wir-tun-was-fuer-bienen.de\/archiv-2018\/wp-content\/uploads\/sites\/2\/2018\/07\/Projektbild_hortus_quercuum-400x300.jpg\" class=\"attachment-bienen-grid-thumb size-bienen-grid-thumb wp-post-image\" alt=\"\" loading=\"lazy\" \/>                    <\/div>\n    <\/a>\n\n    <div class=\"images-grid\"><span><a href=\"https:\/\/wettbewerb-archiv.wir-tun-was-fuer-bienen.de\/archiv-2018\/eintrag\/ausgestaltung-vom-hortus-quercuum\/\"><img decoding=\"async\" width=\"150\" height=\"150\" src=\"https:\/\/wettbewerb-archiv.wir-tun-was-fuer-bienen.de\/archiv-2018\/wp-content\/uploads\/sites\/2\/2018\/07\/09394E2C-526B-4104-B9E2-7843278E537C-150x150.jpeg\" class=\"attachment-thumbnail size-thumbnail\" alt=\"\" loading=\"lazy\" \/><\/a><\/span><span><a href=\"https:\/\/wettbewerb-archiv.wir-tun-was-fuer-bienen.de\/archiv-2018\/eintrag\/ausgestaltung-vom-hortus-quercuum\/\"><img decoding=\"async\" width=\"150\" height=\"150\" src=\"https:\/\/wettbewerb-archiv.wir-tun-was-fuer-bienen.de\/archiv-2018\/wp-content\/uploads\/sites\/2\/2018\/07\/Aktionsbild-02-Staffelmahd-Mai_7869-150x150.jpg\" class=\"attachment-thumbnail size-thumbnail\" alt=\"\" loading=\"lazy\" \/><\/a><\/span><span><a href=\"https:\/\/wettbewerb-archiv.wir-tun-was-fuer-bienen.de\/archiv-2018\/eintrag\/ausgestaltung-vom-hortus-quercuum\/\"><img decoding=\"async\" width=\"150\" height=\"150\" src=\"https:\/\/wettbewerb-archiv.wir-tun-was-fuer-bienen.de\/archiv-2018\/wp-content\/uploads\/sites\/2\/2018\/07\/Aktionsbild-03-Benjeshecke-April-7412-150x150.jpg\" class=\"attachment-thumbnail size-thumbnail\" alt=\"\" loading=\"lazy\" \/><\/a><\/span><span><a href=\"https:\/\/wettbewerb-archiv.wir-tun-was-fuer-bienen.de\/archiv-2018\/eintrag\/ausgestaltung-vom-hortus-quercuum\/\"><img decoding=\"async\" width=\"150\" height=\"150\" src=\"https:\/\/wettbewerb-archiv.wir-tun-was-fuer-bienen.de\/archiv-2018\/wp-content\/uploads\/sites\/2\/2018\/07\/Aktionsbild-04-Baum-Thomas2-150x150.jpg\" class=\"attachment-thumbnail size-thumbnail\" alt=\"\" loading=\"lazy\" \/><\/a><\/span><\/div>\n\n    <div class=\"user flex\">\n                    <img decoding=\"async\" src=\"https:\/\/wettbewerb-archiv.wir-tun-was-fuer-bienen.de\/archiv-2018\/wp-content\/themes\/bienen\/assets\/images\/avatar-placeholder.png\" style=\"border-radius: 30px;\" height=\"30\" width=\"30\">\n            <a href=\"\" title=\"Beitr\u00e4ge von \"\n               rel=\"author\"><\/a>\n            <\/div>\n    \n    <p class=\"categories meta bienen-gewinner\"><span class=\"fa fa-trophy\"                                                              aria-hidden=\"true\"><\/span> Gewinner<\/p>\n            <p class=\"categories meta\" style=\"width: 100%\"><span class=\"fa fa-tag\"\n                                                             aria-hidden=\"true\"><\/span> Privatg\u00e4rten und G\u00e4rten von Mietwohnungen (kleiner als 500 Quadratmeter)        <\/p>\n    \n            <p class=\"categories meta\" style=\"width: 100%\"><span class=\"fa fa-map-marker\"\n                                                             aria-hidden=\"true\"><\/span> Nordrhein-Westfalen        <\/p>\n    \n<\/article>\n   \n\t\t\n          <article id=\"post-9283\" class=\"et_pb_post post-9283 wtwfb_entry type-wtwfb_entry status-publish has-post-thumbnail hentry wtwfb_category-balkone-terrassen-dachbegruenung-vertikale-gaerten wtwfb_region-hessen\">\n    <h2 class=\"entry-title\"><a href=\"https:\/\/wettbewerb-archiv.wir-tun-was-fuer-bienen.de\/archiv-2018\/eintrag\/zeigen-dass-es-auch-anders-geht\/\">Zeigen, dass es auch anders geht<\/a>\n    <\/h2>\n    <a href=\"https:\/\/wettbewerb-archiv.wir-tun-was-fuer-bienen.de\/archiv-2018\/eintrag\/zeigen-dass-es-auch-anders-geht\/\">\n        <div class=\"bienen-entry-image\">\n            <img decoding=\"async\" width=\"400\" height=\"300\" src=\"https:\/\/wettbewerb-archiv.wir-tun-was-fuer-bienen.de\/archiv-2018\/wp-content\/uploads\/sites\/2\/2018\/07\/0_Oregano_Ysop-400x300.jpg\" class=\"attachment-bienen-grid-thumb size-bienen-grid-thumb wp-post-image\" alt=\"\" loading=\"lazy\" \/>                    <\/div>\n    <\/a>\n\n    <div class=\"images-grid\"><span><a href=\"https:\/\/wettbewerb-archiv.wir-tun-was-fuer-bienen.de\/archiv-2018\/eintrag\/zeigen-dass-es-auch-anders-geht\/\"><img decoding=\"async\" width=\"150\" height=\"150\" src=\"https:\/\/wettbewerb-archiv.wir-tun-was-fuer-bienen.de\/archiv-2018\/wp-content\/uploads\/sites\/2\/2018\/07\/1_Ansicht-150x150.jpg\" class=\"attachment-thumbnail size-thumbnail\" alt=\"\" loading=\"lazy\" \/><\/a><\/span><span><a href=\"https:\/\/wettbewerb-archiv.wir-tun-was-fuer-bienen.de\/archiv-2018\/eintrag\/zeigen-dass-es-auch-anders-geht\/\"><img decoding=\"async\" width=\"150\" height=\"150\" src=\"https:\/\/wettbewerb-archiv.wir-tun-was-fuer-bienen.de\/archiv-2018\/wp-content\/uploads\/sites\/2\/2018\/07\/2_Regal-150x150.jpg\" class=\"attachment-thumbnail size-thumbnail\" alt=\"\" loading=\"lazy\" \/><\/a><\/span><span><a href=\"https:\/\/wettbewerb-archiv.wir-tun-was-fuer-bienen.de\/archiv-2018\/eintrag\/zeigen-dass-es-auch-anders-geht\/\"><img decoding=\"async\" width=\"150\" height=\"150\" src=\"https:\/\/wettbewerb-archiv.wir-tun-was-fuer-bienen.de\/archiv-2018\/wp-content\/uploads\/sites\/2\/2018\/07\/3_Krauter_fuenf-150x150.jpg\" class=\"attachment-thumbnail size-thumbnail\" alt=\"\" loading=\"lazy\" \/><\/a><\/span><span><a href=\"https:\/\/wettbewerb-archiv.wir-tun-was-fuer-bienen.de\/archiv-2018\/eintrag\/zeigen-dass-es-auch-anders-geht\/\"><img decoding=\"async\" width=\"150\" height=\"150\" src=\"https:\/\/wettbewerb-archiv.wir-tun-was-fuer-bienen.de\/archiv-2018\/wp-content\/uploads\/sites\/2\/2018\/07\/4_Minze_Kaskadenthymian-150x150.jpg\" class=\"attachment-thumbnail size-thumbnail\" alt=\"\" loading=\"lazy\" \/><\/a><\/span><\/div>\n\n    <div class=\"user flex\">\n        \n                    <img decoding=\"async\" src=\"https:\/\/wettbewerb-archiv.wir-tun-was-fuer-bienen.de\/archiv-2018\/wp-content\/themes\/bienen\/assets\/images\/avatar-placeholder.png\" style=\"border-radius: 30px;\" height=\"30\" width=\"30\">\n            Frieda Reilly            <\/div>\n    \n    \n            <p class=\"categories meta\" style=\"width: 100%\"><span class=\"fa fa-tag\"\n                                                             aria-hidden=\"true\"><\/span> Balkone, Terrassen, Dachbegr\u00fcnung, vertikale G\u00e4rten        <\/p>\n    \n            <p class=\"categories meta\" style=\"width: 100%\"><span class=\"fa fa-map-marker\"\n                                                             aria-hidden=\"true\"><\/span> Hessen        <\/p>\n    \n<\/article>\n   \n\t\t\n          <article id=\"post-9267\" class=\"et_pb_post post-9267 wtwfb_entry type-wtwfb_entry status-publish has-post-thumbnail hentry wtwfb_category-kleingartenwesen-parzellen-und-gemeinschaftsgaerten wtwfb_region-berlin\">\n    <h2 class=\"entry-title\"><a href=\"https:\/\/wettbewerb-archiv.wir-tun-was-fuer-bienen.de\/archiv-2018\/eintrag\/am-vereinsplatz-solls-summen-2\/\">Am Vereinsplatz solls summen<\/a>\n    <\/h2>\n    <a href=\"https:\/\/wettbewerb-archiv.wir-tun-was-fuer-bienen.de\/archiv-2018\/eintrag\/am-vereinsplatz-solls-summen-2\/\">\n        <div class=\"bienen-entry-image\">\n            <img decoding=\"async\" width=\"400\" height=\"300\" src=\"https:\/\/wettbewerb-archiv.wir-tun-was-fuer-bienen.de\/archiv-2018\/wp-content\/uploads\/sites\/2\/2018\/07\/IMG_4156-2-400x300.jpg\" class=\"attachment-bienen-grid-thumb size-bienen-grid-thumb wp-post-image\" alt=\"\" loading=\"lazy\" \/>                    <\/div>\n    <\/a>\n\n    <div class=\"images-grid\"><span><a href=\"https:\/\/wettbewerb-archiv.wir-tun-was-fuer-bienen.de\/archiv-2018\/eintrag\/am-vereinsplatz-solls-summen-2\/\"><img decoding=\"async\" width=\"150\" height=\"150\" src=\"https:\/\/wettbewerb-archiv.wir-tun-was-fuer-bienen.de\/archiv-2018\/wp-content\/uploads\/sites\/2\/2018\/07\/70511-150x150.jpg\" class=\"attachment-thumbnail size-thumbnail\" alt=\"\" loading=\"lazy\" \/><\/a><\/span><span><a href=\"https:\/\/wettbewerb-archiv.wir-tun-was-fuer-bienen.de\/archiv-2018\/eintrag\/am-vereinsplatz-solls-summen-2\/\"><img decoding=\"async\" width=\"150\" height=\"150\" src=\"https:\/\/wettbewerb-archiv.wir-tun-was-fuer-bienen.de\/archiv-2018\/wp-content\/uploads\/sites\/2\/2018\/07\/IMG_3867-150x150.jpg\" class=\"attachment-thumbnail size-thumbnail\" alt=\"\" loading=\"lazy\" \/><\/a><\/span><span><a href=\"https:\/\/wettbewerb-archiv.wir-tun-was-fuer-bienen.de\/archiv-2018\/eintrag\/am-vereinsplatz-solls-summen-2\/\"><img decoding=\"async\" width=\"150\" height=\"150\" src=\"https:\/\/wettbewerb-archiv.wir-tun-was-fuer-bienen.de\/archiv-2018\/wp-content\/uploads\/sites\/2\/2018\/07\/IMG_5099-150x150.jpg\" class=\"attachment-thumbnail size-thumbnail\" alt=\"\" loading=\"lazy\" \/><\/a><\/span><span><a href=\"https:\/\/wettbewerb-archiv.wir-tun-was-fuer-bienen.de\/archiv-2018\/eintrag\/am-vereinsplatz-solls-summen-2\/\"><img decoding=\"async\" width=\"150\" height=\"150\" src=\"https:\/\/wettbewerb-archiv.wir-tun-was-fuer-bienen.de\/archiv-2018\/wp-content\/uploads\/sites\/2\/2018\/07\/IMG_6369-150x150.jpg\" class=\"attachment-thumbnail size-thumbnail\" alt=\"\" loading=\"lazy\" srcset=\"https:\/\/wettbewerb-archiv.wir-tun-was-fuer-bienen.de\/archiv-2018\/wp-content\/uploads\/sites\/2\/2018\/07\/IMG_6369-150x150.jpg 150w, https:\/\/wettbewerb-archiv.wir-tun-was-fuer-bienen.de\/archiv-2018\/wp-content\/uploads\/sites\/2\/2018\/07\/IMG_6369-300x300.jpg 300w, https:\/\/wettbewerb-archiv.wir-tun-was-fuer-bienen.de\/archiv-2018\/wp-content\/uploads\/sites\/2\/2018\/07\/IMG_6369-768x768.jpg 768w, https:\/\/wettbewerb-archiv.wir-tun-was-fuer-bienen.de\/archiv-2018\/wp-content\/uploads\/sites\/2\/2018\/07\/IMG_6369-1024x1024.jpg 1024w, https:\/\/wettbewerb-archiv.wir-tun-was-fuer-bienen.de\/archiv-2018\/wp-content\/uploads\/sites\/2\/2018\/07\/IMG_6369-1320x1320.jpg 1320w, https:\/\/wettbewerb-archiv.wir-tun-was-fuer-bienen.de\/archiv-2018\/wp-content\/uploads\/sites\/2\/2018\/07\/IMG_6369.jpg 1600w\" sizes=\"(max-width: 150px) 100vw, 150px\" \/><\/a><\/span><\/div>\n\n    <div class=\"user flex\">\n        \n                    <img decoding=\"async\" src=\"https:\/\/wettbewerb-archiv.wir-tun-was-fuer-bienen.de\/archiv-2018\/wp-content\/themes\/bienen\/assets\/images\/avatar-placeholder.png\" style=\"border-radius: 30px;\" height=\"30\" width=\"30\">\n            Kolonie Zukunft - Summen am Vereinsplatz            <\/div>\n    \n    <p class=\"categories meta bienen-gewinner\"><span class=\"fa fa-trophy\"                                                              aria-hidden=\"true\"><\/span> Gewinner<\/p>\n            <p class=\"categories meta\" style=\"width: 100%\"><span class=\"fa fa-tag\"\n                                                             aria-hidden=\"true\"><\/span> Kleingartenwesen: Parzellen und Gemeinschaftsg\u00e4rten        <\/p>\n    \n            <p class=\"categories meta\" style=\"width: 100%\"><span class=\"fa fa-map-marker\"\n                                                             aria-hidden=\"true\"><\/span> Berlin        <\/p>\n    \n<\/article>\n   \n\t\t\n          <article id=\"post-9227\" class=\"et_pb_post post-9227 wtwfb_entry type-wtwfb_entry status-publish has-post-thumbnail hentry wtwfb_category-kommunale-flaechen-parks-baumscheiben wtwfb_region-hessen\">\n    <h2 class=\"entry-title\"><a href=\"https:\/\/wettbewerb-archiv.wir-tun-was-fuer-bienen.de\/archiv-2018\/eintrag\/grosses-wildstaudenbeet-in-steinbach-taunus\/\">Gro\u00dfes Wildstaudenbeet in Steinbach\/Taunus<\/a>\n    <\/h2>\n    <a href=\"https:\/\/wettbewerb-archiv.wir-tun-was-fuer-bienen.de\/archiv-2018\/eintrag\/grosses-wildstaudenbeet-in-steinbach-taunus\/\">\n        <div class=\"bienen-entry-image\">\n            <img decoding=\"async\" width=\"208\" height=\"300\" src=\"https:\/\/wettbewerb-archiv.wir-tun-was-fuer-bienen.de\/archiv-2018\/wp-content\/uploads\/sites\/2\/2018\/07\/0-Hauptbild-Handzettel-pdf.jpg\" class=\"attachment-bienen-grid-thumb size-bienen-grid-thumb wp-post-image\" alt=\"\" loading=\"lazy\" \/>                    <\/div>\n    <\/a>\n\n    <div class=\"images-grid\"><span><a href=\"https:\/\/wettbewerb-archiv.wir-tun-was-fuer-bienen.de\/archiv-2018\/eintrag\/grosses-wildstaudenbeet-in-steinbach-taunus\/\"><img decoding=\"async\" width=\"150\" height=\"150\" src=\"https:\/\/wettbewerb-archiv.wir-tun-was-fuer-bienen.de\/archiv-2018\/wp-content\/uploads\/sites\/2\/2018\/07\/2-Vorabj\u00e4ten-150x150.jpg\" class=\"attachment-thumbnail size-thumbnail\" alt=\"\" loading=\"lazy\" \/><\/a><\/span><span><a href=\"https:\/\/wettbewerb-archiv.wir-tun-was-fuer-bienen.de\/archiv-2018\/eintrag\/grosses-wildstaudenbeet-in-steinbach-taunus\/\"><img decoding=\"async\" width=\"150\" height=\"150\" src=\"https:\/\/wettbewerb-archiv.wir-tun-was-fuer-bienen.de\/archiv-2018\/wp-content\/uploads\/sites\/2\/2018\/07\/3-Lieferung-der-Pflanzen-1-150x150.jpg\" class=\"attachment-thumbnail size-thumbnail\" alt=\"\" loading=\"lazy\" \/><\/a><\/span><span><a href=\"https:\/\/wettbewerb-archiv.wir-tun-was-fuer-bienen.de\/archiv-2018\/eintrag\/grosses-wildstaudenbeet-in-steinbach-taunus\/\"><img decoding=\"async\" width=\"150\" height=\"150\" src=\"https:\/\/wettbewerb-archiv.wir-tun-was-fuer-bienen.de\/archiv-2018\/wp-content\/uploads\/sites\/2\/2018\/07\/4-Muskatellersalbei-mit-Taubenschw\u00e4nzchen-150x150.jpg\" class=\"attachment-thumbnail size-thumbnail\" alt=\"\" loading=\"lazy\" \/><\/a><\/span><span><a href=\"https:\/\/wettbewerb-archiv.wir-tun-was-fuer-bienen.de\/archiv-2018\/eintrag\/grosses-wildstaudenbeet-in-steinbach-taunus\/\"><img decoding=\"async\" width=\"150\" height=\"150\" src=\"https:\/\/wettbewerb-archiv.wir-tun-was-fuer-bienen.de\/archiv-2018\/wp-content\/uploads\/sites\/2\/2018\/07\/5-Gruppenbild-150x150.jpg\" class=\"attachment-thumbnail size-thumbnail\" alt=\"\" loading=\"lazy\" \/><\/a><\/span><\/div>\n\n    <div class=\"user flex\">\n        \n                    <img decoding=\"async\" src=\"https:\/\/wettbewerb-archiv.wir-tun-was-fuer-bienen.de\/archiv-2018\/wp-content\/themes\/bienen\/assets\/images\/avatar-placeholder.png\" style=\"border-radius: 30px;\" height=\"30\" width=\"30\">\n            AG \"Steinbach bl\u00fcht\"            <\/div>\n    \n    <p class=\"categories meta bienen-gewinner\"><span class=\"fa fa-trophy\"                                                              aria-hidden=\"true\"><\/span> Gewinner<\/p>\n            <p class=\"categories meta\" style=\"width: 100%\"><span class=\"fa fa-tag\"\n                                                             aria-hidden=\"true\"><\/span> Kommunale Fl\u00e4chen, Parks, Baumscheiben        <\/p>\n    \n            <p class=\"categories meta\" style=\"width: 100%\"><span class=\"fa fa-map-marker\"\n                                                             aria-hidden=\"true\"><\/span> Hessen        <\/p>\n    \n<\/article>\n   \n\t\t\n          <article id=\"post-9212\" class=\"et_pb_post post-9212 wtwfb_entry type-wtwfb_entry status-publish has-post-thumbnail hentry wtwfb_category-kleingartenwesen-parzellen-und-gemeinschaftsgaerten wtwfb_region-hessen\">\n    <h2 class=\"entry-title\"><a href=\"https:\/\/wettbewerb-archiv.wir-tun-was-fuer-bienen.de\/archiv-2018\/eintrag\/gartenprojekt-der-rosenhof-stiftung-mit-anwohnern-gefluechteten-buergern-aus-linden\/\">Gartenprojekt der Rosenhof-Stiftung mit Anwohnern, Gefl...<\/a>\n    <\/h2>\n    <a href=\"https:\/\/wettbewerb-archiv.wir-tun-was-fuer-bienen.de\/archiv-2018\/eintrag\/gartenprojekt-der-rosenhof-stiftung-mit-anwohnern-gefluechteten-buergern-aus-linden\/\">\n        <div class=\"bienen-entry-image\">\n            <img decoding=\"async\" width=\"400\" height=\"300\" src=\"https:\/\/wettbewerb-archiv.wir-tun-was-fuer-bienen.de\/archiv-2018\/wp-content\/uploads\/sites\/2\/2018\/07\/Gruppenfoto-400x300.jpg\" class=\"attachment-bienen-grid-thumb size-bienen-grid-thumb wp-post-image\" alt=\"\" loading=\"lazy\" \/>                    <\/div>\n    <\/a>\n\n    <div class=\"images-grid\"><span><a href=\"https:\/\/wettbewerb-archiv.wir-tun-was-fuer-bienen.de\/archiv-2018\/eintrag\/gartenprojekt-der-rosenhof-stiftung-mit-anwohnern-gefluechteten-buergern-aus-linden\/\"><img decoding=\"async\" width=\"150\" height=\"150\" src=\"https:\/\/wettbewerb-archiv.wir-tun-was-fuer-bienen.de\/archiv-2018\/wp-content\/uploads\/sites\/2\/2018\/07\/BildAktionGartenanlegen-150x150.jpg\" class=\"attachment-thumbnail size-thumbnail\" alt=\"\" loading=\"lazy\" \/><\/a><\/span><span><a href=\"https:\/\/wettbewerb-archiv.wir-tun-was-fuer-bienen.de\/archiv-2018\/eintrag\/gartenprojekt-der-rosenhof-stiftung-mit-anwohnern-gefluechteten-buergern-aus-linden\/\"><img decoding=\"async\" width=\"150\" height=\"150\" src=\"https:\/\/wettbewerb-archiv.wir-tun-was-fuer-bienen.de\/archiv-2018\/wp-content\/uploads\/sites\/2\/2018\/07\/Bild-Gartenanlegen2-150x150.jpg\" class=\"attachment-thumbnail size-thumbnail\" alt=\"\" loading=\"lazy\" \/><\/a><\/span><span><a href=\"https:\/\/wettbewerb-archiv.wir-tun-was-fuer-bienen.de\/archiv-2018\/eintrag\/gartenprojekt-der-rosenhof-stiftung-mit-anwohnern-gefluechteten-buergern-aus-linden\/\"><img decoding=\"async\" width=\"150\" height=\"150\" src=\"https:\/\/wettbewerb-archiv.wir-tun-was-fuer-bienen.de\/archiv-2018\/wp-content\/uploads\/sites\/2\/2018\/07\/Gruppenfoto-2-150x150.jpg\" class=\"attachment-thumbnail size-thumbnail\" alt=\"\" loading=\"lazy\" \/><\/a><\/span><\/div>\n\n    <div class=\"user flex\">\n        \n                    <img decoding=\"async\" src=\"https:\/\/wettbewerb-archiv.wir-tun-was-fuer-bienen.de\/archiv-2018\/wp-content\/themes\/bienen\/assets\/images\/avatar-placeholder.png\" style=\"border-radius: 30px;\" height=\"30\" width=\"30\">\n            Rosenhof-Stiftung            <\/div>\n    \n    \n            <p class=\"categories meta\" style=\"width: 100%\"><span class=\"fa fa-tag\"\n                                                             aria-hidden=\"true\"><\/span> Kleingartenwesen: Parzellen und Gemeinschaftsg\u00e4rten        <\/p>\n    \n            <p class=\"categories meta\" style=\"width: 100%\"><span class=\"fa fa-map-marker\"\n                                                             aria-hidden=\"true\"><\/span> Hessen        <\/p>\n    \n<\/article>\n   \n\t\t\n          <article id=\"post-9124\" class=\"et_pb_post post-9124 wtwfb_entry type-wtwfb_entry status-publish has-post-thumbnail hentry wtwfb_category-balkone-terrassen-dachbegruenung-vertikale-gaerten wtwfb_region-bayern\">\n    <h2 class=\"entry-title\"><a href=\"https:\/\/wettbewerb-archiv.wir-tun-was-fuer-bienen.de\/archiv-2018\/eintrag\/lieb-gewonnenes-leben-auf-vier-quadratmetern\/\">Lieb gewonnenes Leben auf vier Quadratmetern<\/a>\n    <\/h2>\n    <a href=\"https:\/\/wettbewerb-archiv.wir-tun-was-fuer-bienen.de\/archiv-2018\/eintrag\/lieb-gewonnenes-leben-auf-vier-quadratmetern\/\">\n        <div class=\"bienen-entry-image\">\n            <img decoding=\"async\" width=\"400\" height=\"300\" src=\"https:\/\/wettbewerb-archiv.wir-tun-was-fuer-bienen.de\/archiv-2018\/wp-content\/uploads\/sites\/2\/2018\/07\/P1330974-400x300.jpg\" class=\"attachment-bienen-grid-thumb size-bienen-grid-thumb wp-post-image\" alt=\"\" loading=\"lazy\" \/>                    <\/div>\n    <\/a>\n\n    <div class=\"images-grid\"><span><a href=\"https:\/\/wettbewerb-archiv.wir-tun-was-fuer-bienen.de\/archiv-2018\/eintrag\/lieb-gewonnenes-leben-auf-vier-quadratmetern\/\"><img decoding=\"async\" width=\"150\" height=\"150\" src=\"https:\/\/wettbewerb-archiv.wir-tun-was-fuer-bienen.de\/archiv-2018\/wp-content\/uploads\/sites\/2\/2018\/07\/P1320739-150x150.jpg\" class=\"attachment-thumbnail size-thumbnail\" alt=\"\" loading=\"lazy\" \/><\/a><\/span><span><a href=\"https:\/\/wettbewerb-archiv.wir-tun-was-fuer-bienen.de\/archiv-2018\/eintrag\/lieb-gewonnenes-leben-auf-vier-quadratmetern\/\"><img decoding=\"async\" width=\"150\" height=\"150\" src=\"https:\/\/wettbewerb-archiv.wir-tun-was-fuer-bienen.de\/archiv-2018\/wp-content\/uploads\/sites\/2\/2018\/07\/P1320642-150x150.jpg\" class=\"attachment-thumbnail size-thumbnail\" alt=\"\" loading=\"lazy\" \/><\/a><\/span><span><a href=\"https:\/\/wettbewerb-archiv.wir-tun-was-fuer-bienen.de\/archiv-2018\/eintrag\/lieb-gewonnenes-leben-auf-vier-quadratmetern\/\"><img decoding=\"async\" width=\"150\" height=\"150\" src=\"https:\/\/wettbewerb-archiv.wir-tun-was-fuer-bienen.de\/archiv-2018\/wp-content\/uploads\/sites\/2\/2018\/07\/P1320110-150x150.jpg\" class=\"attachment-thumbnail size-thumbnail\" alt=\"\" loading=\"lazy\" \/><\/a><\/span><span><a href=\"https:\/\/wettbewerb-archiv.wir-tun-was-fuer-bienen.de\/archiv-2018\/eintrag\/lieb-gewonnenes-leben-auf-vier-quadratmetern\/\"><img decoding=\"async\" width=\"150\" height=\"150\" src=\"https:\/\/wettbewerb-archiv.wir-tun-was-fuer-bienen.de\/archiv-2018\/wp-content\/uploads\/sites\/2\/2018\/07\/P1320648-150x150.jpg\" class=\"attachment-thumbnail size-thumbnail\" alt=\"\" loading=\"lazy\" \/><\/a><\/span><\/div>\n\n    <div class=\"user flex\">\n        \n                    <img decoding=\"async\" src=\"https:\/\/wettbewerb-archiv.wir-tun-was-fuer-bienen.de\/archiv-2018\/wp-content\/themes\/bienen\/assets\/images\/avatar-placeholder.png\" style=\"border-radius: 30px;\" height=\"30\" width=\"30\">\n            AnjaimGr\u00fcnen            <\/div>\n    \n    \n            <p class=\"categories meta\" style=\"width: 100%\"><span class=\"fa fa-tag\"\n                                                             aria-hidden=\"true\"><\/span> Balkone, Terrassen, Dachbegr\u00fcnung, vertikale G\u00e4rten        <\/p>\n    \n            <p class=\"categories meta\" style=\"width: 100%\"><span class=\"fa fa-map-marker\"\n                                                             aria-hidden=\"true\"><\/span> Bayern        <\/p>\n    \n<\/article>\n   \n\t\t\n          <article id=\"post-9107\" class=\"et_pb_post post-9107 wtwfb_entry type-wtwfb_entry status-publish has-post-thumbnail hentry wtwfb_category-balkone-terrassen-dachbegruenung-vertikale-gaerten wtwfb_region-bayern\">\n    <h2 class=\"entry-title\"><a href=\"https:\/\/wettbewerb-archiv.wir-tun-was-fuer-bienen.de\/archiv-2018\/eintrag\/idee-zum-3-zonen-balkon-hortus-balkonien\/\">Idee zum 3 Zonen Balkon, Hortus Balkonien<\/a>\n    <\/h2>\n    <a href=\"https:\/\/wettbewerb-archiv.wir-tun-was-fuer-bienen.de\/archiv-2018\/eintrag\/idee-zum-3-zonen-balkon-hortus-balkonien\/\">\n        <div class=\"bienen-entry-image\">\n            <img decoding=\"async\" width=\"400\" height=\"300\" src=\"https:\/\/wettbewerb-archiv.wir-tun-was-fuer-bienen.de\/archiv-2018\/wp-content\/uploads\/sites\/2\/2018\/07\/IMG_20180720_163109-400x300.jpg\" class=\"attachment-bienen-grid-thumb size-bienen-grid-thumb wp-post-image\" alt=\"\" loading=\"lazy\" srcset=\"https:\/\/wettbewerb-archiv.wir-tun-was-fuer-bienen.de\/archiv-2018\/wp-content\/uploads\/sites\/2\/2018\/07\/IMG_20180720_163109-400x300.jpg 400w, https:\/\/wettbewerb-archiv.wir-tun-was-fuer-bienen.de\/archiv-2018\/wp-content\/uploads\/sites\/2\/2018\/07\/IMG_20180720_163109-300x225.jpg 300w, https:\/\/wettbewerb-archiv.wir-tun-was-fuer-bienen.de\/archiv-2018\/wp-content\/uploads\/sites\/2\/2018\/07\/IMG_20180720_163109-768x576.jpg 768w, https:\/\/wettbewerb-archiv.wir-tun-was-fuer-bienen.de\/archiv-2018\/wp-content\/uploads\/sites\/2\/2018\/07\/IMG_20180720_163109-1024x768.jpg 1024w, https:\/\/wettbewerb-archiv.wir-tun-was-fuer-bienen.de\/archiv-2018\/wp-content\/uploads\/sites\/2\/2018\/07\/IMG_20180720_163109-1320x990.jpg 1320w, https:\/\/wettbewerb-archiv.wir-tun-was-fuer-bienen.de\/archiv-2018\/wp-content\/uploads\/sites\/2\/2018\/07\/IMG_20180720_163109.jpg 1920w\" sizes=\"(max-width: 400px) 100vw, 400px\" \/>                    <\/div>\n    <\/a>\n\n    <div class=\"images-grid\"><span><a href=\"https:\/\/wettbewerb-archiv.wir-tun-was-fuer-bienen.de\/archiv-2018\/eintrag\/idee-zum-3-zonen-balkon-hortus-balkonien\/\"><img decoding=\"async\" width=\"150\" height=\"150\" src=\"https:\/\/wettbewerb-archiv.wir-tun-was-fuer-bienen.de\/archiv-2018\/wp-content\/uploads\/sites\/2\/2018\/08\/IMG_20180731_221452-150x150.jpg\" class=\"attachment-thumbnail size-thumbnail\" alt=\"\" loading=\"lazy\" \/><\/a><\/span><span><a href=\"https:\/\/wettbewerb-archiv.wir-tun-was-fuer-bienen.de\/archiv-2018\/eintrag\/idee-zum-3-zonen-balkon-hortus-balkonien\/\"><img decoding=\"async\" width=\"150\" height=\"150\" src=\"https:\/\/wettbewerb-archiv.wir-tun-was-fuer-bienen.de\/archiv-2018\/wp-content\/uploads\/sites\/2\/2018\/08\/IMG_20180731_114539_BURST002-150x150.jpg\" class=\"attachment-thumbnail size-thumbnail\" alt=\"\" loading=\"lazy\" \/><\/a><\/span><span><a href=\"https:\/\/wettbewerb-archiv.wir-tun-was-fuer-bienen.de\/archiv-2018\/eintrag\/idee-zum-3-zonen-balkon-hortus-balkonien\/\"><img decoding=\"async\" width=\"150\" height=\"150\" src=\"https:\/\/wettbewerb-archiv.wir-tun-was-fuer-bienen.de\/archiv-2018\/wp-content\/uploads\/sites\/2\/2018\/08\/IMG_20180729_130940-150x150.jpg\" class=\"attachment-thumbnail size-thumbnail\" alt=\"\" loading=\"lazy\" \/><\/a><\/span><span><a href=\"https:\/\/wettbewerb-archiv.wir-tun-was-fuer-bienen.de\/archiv-2018\/eintrag\/idee-zum-3-zonen-balkon-hortus-balkonien\/\"><img decoding=\"async\" width=\"150\" height=\"150\" src=\"https:\/\/wettbewerb-archiv.wir-tun-was-fuer-bienen.de\/archiv-2018\/wp-content\/uploads\/sites\/2\/2018\/08\/IMG_20180731_234210-150x150.jpg\" class=\"attachment-thumbnail size-thumbnail\" alt=\"\" loading=\"lazy\" \/><\/a><\/span><\/div>\n\n    <div class=\"user flex\">\n        \n                    <img decoding=\"async\" src=\"https:\/\/wettbewerb-archiv.wir-tun-was-fuer-bienen.de\/archiv-2018\/wp-content\/themes\/bienen\/assets\/images\/avatar-placeholder.png\" style=\"border-radius: 30px;\" height=\"30\" width=\"30\">\n            Hortus Balkonien            <\/div>\n    \n    \n            <p class=\"categories meta\" style=\"width: 100%\"><span class=\"fa fa-tag\"\n                                                             aria-hidden=\"true\"><\/span> Balkone, Terrassen, Dachbegr\u00fcnung, vertikale G\u00e4rten        <\/p>\n    \n            <p class=\"categories meta\" style=\"width: 100%\"><span class=\"fa fa-map-marker\"\n                                                             aria-hidden=\"true\"><\/span> Bayern        <\/p>\n    \n<\/article>\n   \n\t\t\n          <article id=\"post-9052\" class=\"et_pb_post post-9052 wtwfb_entry type-wtwfb_entry status-publish has-post-thumbnail hentry wtwfb_category-firmen-institutions-und-vereinsgaerten wtwfb_region-nordrhein-westfalen\">\n    <h2 class=\"entry-title\"><a href=\"https:\/\/wettbewerb-archiv.wir-tun-was-fuer-bienen.de\/archiv-2018\/eintrag\/unsere-kleinen-gefluegelten-fluechtlinge\/\">Unsere kleinen gefl\u00fcgelten Fl\u00fcchtlinge&#8230;<\/a>\n    <\/h2>\n    <a href=\"https:\/\/wettbewerb-archiv.wir-tun-was-fuer-bienen.de\/archiv-2018\/eintrag\/unsere-kleinen-gefluegelten-fluechtlinge\/\">\n        <div class=\"bienen-entry-image\">\n            <img decoding=\"async\" width=\"400\" height=\"300\" src=\"https:\/\/wettbewerb-archiv.wir-tun-was-fuer-bienen.de\/archiv-2018\/wp-content\/uploads\/sites\/2\/2018\/07\/IMG_20180704_115235_1CS-400x300.jpg\" class=\"attachment-bienen-grid-thumb size-bienen-grid-thumb wp-post-image\" alt=\"\" loading=\"lazy\" \/>                    <\/div>\n    <\/a>\n\n    <div class=\"images-grid\"><span><a href=\"https:\/\/wettbewerb-archiv.wir-tun-was-fuer-bienen.de\/archiv-2018\/eintrag\/unsere-kleinen-gefluegelten-fluechtlinge\/\"><img decoding=\"async\" width=\"150\" height=\"150\" src=\"https:\/\/wettbewerb-archiv.wir-tun-was-fuer-bienen.de\/archiv-2018\/wp-content\/uploads\/sites\/2\/2018\/07\/IMG_20180504_152424_1CS-150x150.jpg\" class=\"attachment-thumbnail size-thumbnail\" alt=\"\" loading=\"lazy\" \/><\/a><\/span><span><a href=\"https:\/\/wettbewerb-archiv.wir-tun-was-fuer-bienen.de\/archiv-2018\/eintrag\/unsere-kleinen-gefluegelten-fluechtlinge\/\"><img decoding=\"async\" width=\"150\" height=\"150\" src=\"https:\/\/wettbewerb-archiv.wir-tun-was-fuer-bienen.de\/archiv-2018\/wp-content\/uploads\/sites\/2\/2018\/07\/IMG_20180502_105104_2CS-150x150.jpg\" class=\"attachment-thumbnail size-thumbnail\" alt=\"\" loading=\"lazy\" \/><\/a><\/span><span><a href=\"https:\/\/wettbewerb-archiv.wir-tun-was-fuer-bienen.de\/archiv-2018\/eintrag\/unsere-kleinen-gefluegelten-fluechtlinge\/\"><img decoding=\"async\" width=\"150\" height=\"150\" src=\"https:\/\/wettbewerb-archiv.wir-tun-was-fuer-bienen.de\/archiv-2018\/wp-content\/uploads\/sites\/2\/2018\/07\/IMG_20180502_111030-150x150.jpg\" class=\"attachment-thumbnail size-thumbnail\" alt=\"\" loading=\"lazy\" \/><\/a><\/span><span><a href=\"https:\/\/wettbewerb-archiv.wir-tun-was-fuer-bienen.de\/archiv-2018\/eintrag\/unsere-kleinen-gefluegelten-fluechtlinge\/\"><img decoding=\"async\" width=\"150\" height=\"150\" src=\"https:\/\/wettbewerb-archiv.wir-tun-was-fuer-bienen.de\/archiv-2018\/wp-content\/uploads\/sites\/2\/2018\/07\/IMG_20180502_112205_1CS-150x150.jpg\" class=\"attachment-thumbnail size-thumbnail\" alt=\"\" loading=\"lazy\" \/><\/a><\/span><\/div>\n\n    <div class=\"user flex\">\n        \n                    <img decoding=\"async\" src=\"https:\/\/wettbewerb-archiv.wir-tun-was-fuer-bienen.de\/archiv-2018\/wp-content\/themes\/bienen\/assets\/images\/avatar-placeholder.png\" style=\"border-radius: 30px;\" height=\"30\" width=\"30\">\n            Malteser G\u00fcrzenich            <\/div>\n    \n    \n            <p class=\"categories meta\" style=\"width: 100%\"><span class=\"fa fa-tag\"\n                                                             aria-hidden=\"true\"><\/span> Firmen-, Institutions- und Vereinsg\u00e4rten        <\/p>\n    \n            <p class=\"categories meta\" style=\"width: 100%\"><span class=\"fa fa-map-marker\"\n                                                             aria-hidden=\"true\"><\/span> Nordrhein-Westfalen        <\/p>\n    \n<\/article>\n   \n\t\t\n          <article id=\"post-9050\" class=\"et_pb_post post-9050 wtwfb_entry type-wtwfb_entry status-publish has-post-thumbnail hentry wtwfb_category-kommunale-flaechen-parks-baumscheiben wtwfb_region-baden-wuerttemberg\">\n    <h2 class=\"entry-title\"><a href=\"https:\/\/wettbewerb-archiv.wir-tun-was-fuer-bienen.de\/archiv-2018\/eintrag\/rickenbach-unsere-fruehjahrsaktion-mit-den-bergalinger-jaeger\/\">Bl\u00fchendes Rickenbach: Unsere Fr\u00fchjahrsaktion<\/a>\n    <\/h2>\n    <a href=\"https:\/\/wettbewerb-archiv.wir-tun-was-fuer-bienen.de\/archiv-2018\/eintrag\/rickenbach-unsere-fruehjahrsaktion-mit-den-bergalinger-jaeger\/\">\n        <div class=\"bienen-entry-image\">\n            <img decoding=\"async\" width=\"400\" height=\"300\" src=\"https:\/\/wettbewerb-archiv.wir-tun-was-fuer-bienen.de\/archiv-2018\/wp-content\/uploads\/sites\/2\/2018\/07\/DSC_0246-400x300.jpg\" class=\"attachment-bienen-grid-thumb size-bienen-grid-thumb wp-post-image\" alt=\"\" loading=\"lazy\" srcset=\"https:\/\/wettbewerb-archiv.wir-tun-was-fuer-bienen.de\/archiv-2018\/wp-content\/uploads\/sites\/2\/2018\/07\/DSC_0246-400x300.jpg 400w, https:\/\/wettbewerb-archiv.wir-tun-was-fuer-bienen.de\/archiv-2018\/wp-content\/uploads\/sites\/2\/2018\/07\/DSC_0246-300x225.jpg 300w, https:\/\/wettbewerb-archiv.wir-tun-was-fuer-bienen.de\/archiv-2018\/wp-content\/uploads\/sites\/2\/2018\/07\/DSC_0246-768x577.jpg 768w, https:\/\/wettbewerb-archiv.wir-tun-was-fuer-bienen.de\/archiv-2018\/wp-content\/uploads\/sites\/2\/2018\/07\/DSC_0246-1024x769.jpg 1024w, https:\/\/wettbewerb-archiv.wir-tun-was-fuer-bienen.de\/archiv-2018\/wp-content\/uploads\/sites\/2\/2018\/07\/DSC_0246-1320x992.jpg 1320w, https:\/\/wettbewerb-archiv.wir-tun-was-fuer-bienen.de\/archiv-2018\/wp-content\/uploads\/sites\/2\/2018\/07\/DSC_0246.jpg 1656w\" sizes=\"(max-width: 400px) 100vw, 400px\" \/>                    <\/div>\n    <\/a>\n\n    <div class=\"images-grid\"><span><a href=\"https:\/\/wettbewerb-archiv.wir-tun-was-fuer-bienen.de\/archiv-2018\/eintrag\/rickenbach-unsere-fruehjahrsaktion-mit-den-bergalinger-jaeger\/\"><img decoding=\"async\" width=\"150\" height=\"150\" src=\"https:\/\/wettbewerb-archiv.wir-tun-was-fuer-bienen.de\/archiv-2018\/wp-content\/uploads\/sites\/2\/2018\/07\/DSC_0248-150x150.jpg\" class=\"attachment-thumbnail size-thumbnail\" alt=\"\" loading=\"lazy\" \/><\/a><\/span><span><a href=\"https:\/\/wettbewerb-archiv.wir-tun-was-fuer-bienen.de\/archiv-2018\/eintrag\/rickenbach-unsere-fruehjahrsaktion-mit-den-bergalinger-jaeger\/\"><img decoding=\"async\" width=\"150\" height=\"150\" src=\"https:\/\/wettbewerb-archiv.wir-tun-was-fuer-bienen.de\/archiv-2018\/wp-content\/uploads\/sites\/2\/2018\/07\/DSC_0275-150x150.jpg\" class=\"attachment-thumbnail size-thumbnail\" alt=\"\" loading=\"lazy\" \/><\/a><\/span><span><a href=\"https:\/\/wettbewerb-archiv.wir-tun-was-fuer-bienen.de\/archiv-2018\/eintrag\/rickenbach-unsere-fruehjahrsaktion-mit-den-bergalinger-jaeger\/\"><img decoding=\"async\" width=\"150\" height=\"150\" src=\"https:\/\/wettbewerb-archiv.wir-tun-was-fuer-bienen.de\/archiv-2018\/wp-content\/uploads\/sites\/2\/2018\/07\/DSC_0284-150x150.jpg\" class=\"attachment-thumbnail size-thumbnail\" alt=\"\" loading=\"lazy\" \/><\/a><\/span><span><a href=\"https:\/\/wettbewerb-archiv.wir-tun-was-fuer-bienen.de\/archiv-2018\/eintrag\/rickenbach-unsere-fruehjahrsaktion-mit-den-bergalinger-jaeger\/\"><img decoding=\"async\" width=\"150\" height=\"150\" src=\"https:\/\/wettbewerb-archiv.wir-tun-was-fuer-bienen.de\/archiv-2018\/wp-content\/uploads\/sites\/2\/2018\/07\/DSC_0289-150x150.jpg\" class=\"attachment-thumbnail size-thumbnail\" alt=\"\" loading=\"lazy\" \/><\/a><\/span><\/div>\n\n    <div class=\"user flex\">\n                    <img decoding=\"async\" src=\"https:\/\/wettbewerb-archiv.wir-tun-was-fuer-bienen.de\/archiv-2018\/wp-content\/themes\/bienen\/assets\/images\/avatar-placeholder.png\" style=\"border-radius: 30px;\" height=\"30\" width=\"30\">\n            <a href=\"https:\/\/wettbewerb-archiv.wir-tun-was-fuer-bienen.de\/archiv-2018\/gruppe\/hotzen-beim-fruehjahrs-naturschutzaktion\/\" title=\"Beitr\u00e4ge von Hotzen bei der Fr\u00fchjahrs-Naturschutzaktion\"\n               rel=\"author\">Hotzen bei der Fr\u00fchjahrs-Naturschutzaktion<\/a>\n            <\/div>\n    \n    <p class=\"categories meta bienen-gewinner\"><span class=\"fa fa-trophy\"                                                              aria-hidden=\"true\"><\/span> Gewinner<\/p>\n            <p class=\"categories meta\" style=\"width: 100%\"><span class=\"fa fa-tag\"\n                                                             aria-hidden=\"true\"><\/span> Kommunale Fl\u00e4chen, Parks, Baumscheiben        <\/p>\n    \n            <p class=\"categories meta\" style=\"width: 100%\"><span class=\"fa fa-map-marker\"\n                                                             aria-hidden=\"true\"><\/span> Baden-W\u00fcrttemberg        <\/p>\n    \n<\/article>\n   \n\t\t\n          <article id=\"post-9043\" class=\"et_pb_post post-9043 wtwfb_entry type-wtwfb_entry status-publish has-post-thumbnail hentry wtwfb_category-privatgaerten-und-gaerten-von-mietwohnungen-kleiner-500-quadratmeter wtwfb_region-bremen\">\n    <h2 class=\"entry-title\"><a href=\"https:\/\/wettbewerb-archiv.wir-tun-was-fuer-bienen.de\/archiv-2018\/eintrag\/ein-wildbienenparadies\/\">Ein Wildbienenparadies<\/a>\n    <\/h2>\n    <a href=\"https:\/\/wettbewerb-archiv.wir-tun-was-fuer-bienen.de\/archiv-2018\/eintrag\/ein-wildbienenparadies\/\">\n        <div class=\"bienen-entry-image\">\n            <img decoding=\"async\" width=\"400\" height=\"300\" src=\"https:\/\/wettbewerb-archiv.wir-tun-was-fuer-bienen.de\/archiv-2018\/wp-content\/uploads\/sites\/2\/2018\/07\/IMG_20180725_155635_228-400x300.jpg\" class=\"attachment-bienen-grid-thumb size-bienen-grid-thumb wp-post-image\" alt=\"\" loading=\"lazy\" \/>                    <\/div>\n    <\/a>\n\n    <div class=\"images-grid\"><span><a href=\"https:\/\/wettbewerb-archiv.wir-tun-was-fuer-bienen.de\/archiv-2018\/eintrag\/ein-wildbienenparadies\/\"><img decoding=\"async\" width=\"150\" height=\"150\" src=\"https:\/\/wettbewerb-archiv.wir-tun-was-fuer-bienen.de\/archiv-2018\/wp-content\/uploads\/sites\/2\/2018\/07\/IMG_20180725_155635_227-150x150.jpg\" class=\"attachment-thumbnail size-thumbnail\" alt=\"\" loading=\"lazy\" \/><\/a><\/span><span><a href=\"https:\/\/wettbewerb-archiv.wir-tun-was-fuer-bienen.de\/archiv-2018\/eintrag\/ein-wildbienenparadies\/\"><img decoding=\"async\" width=\"150\" height=\"150\" src=\"https:\/\/wettbewerb-archiv.wir-tun-was-fuer-bienen.de\/archiv-2018\/wp-content\/uploads\/sites\/2\/2018\/07\/IMG_20180725_155635_228-1-150x150.jpg\" class=\"attachment-thumbnail size-thumbnail\" alt=\"\" loading=\"lazy\" \/><\/a><\/span><\/div>\n\n    <div class=\"user flex\">\n        \n                    <img decoding=\"async\" src=\"https:\/\/wettbewerb-archiv.wir-tun-was-fuer-bienen.de\/archiv-2018\/wp-content\/themes\/bienen\/assets\/images\/avatar-placeholder.png\" style=\"border-radius: 30px;\" height=\"30\" width=\"30\">\n            AnnisGarten            <\/div>\n    \n    \n            <p class=\"categories meta\" style=\"width: 100%\"><span class=\"fa fa-tag\"\n                                                             aria-hidden=\"true\"><\/span> Privatg\u00e4rten und G\u00e4rten von Mietwohnungen (kleiner als 500 Quadratmeter)        <\/p>\n    \n            <p class=\"categories meta\" style=\"width: 100%\"><span class=\"fa fa-map-marker\"\n                                                             aria-hidden=\"true\"><\/span> Bremen        <\/p>\n    \n<\/article>\n   \n\t\t\n          <article id=\"post-9037\" class=\"et_pb_post post-9037 wtwfb_entry type-wtwfb_entry status-publish has-post-thumbnail hentry wtwfb_category-firmen-institutions-und-vereinsgaerten wtwfb_region-nordrhein-westfalen\">\n    <h2 class=\"entry-title\"><a href=\"https:\/\/wettbewerb-archiv.wir-tun-was-fuer-bienen.de\/archiv-2018\/eintrag\/fluechtlingsunterkunft-dueren-guerzenich\/\">Fl\u00fcchtlingsunterkunft D\u00fcren\/ G\u00fcrzenich<\/a>\n    <\/h2>\n    <a href=\"https:\/\/wettbewerb-archiv.wir-tun-was-fuer-bienen.de\/archiv-2018\/eintrag\/fluechtlingsunterkunft-dueren-guerzenich\/\">\n        <div class=\"bienen-entry-image\">\n            <img decoding=\"async\" width=\"306\" height=\"300\" src=\"https:\/\/wettbewerb-archiv.wir-tun-was-fuer-bienen.de\/archiv-2018\/wp-content\/uploads\/sites\/2\/2018\/07\/1490716799172-306x300.jpg\" class=\"attachment-bienen-grid-thumb size-bienen-grid-thumb wp-post-image\" alt=\"\" loading=\"lazy\" \/>                    <\/div>\n    <\/a>\n\n    <div class=\"images-grid\"><\/div>\n\n    <div class=\"user flex\">\n        \n                    <img decoding=\"async\" src=\"https:\/\/wettbewerb-archiv.wir-tun-was-fuer-bienen.de\/archiv-2018\/wp-content\/themes\/bienen\/assets\/images\/avatar-placeholder.png\" style=\"border-radius: 30px;\" height=\"30\" width=\"30\">\n            Malteser G\u00fcrzenich            <\/div>\n    \n    \n            <p class=\"categories meta\" style=\"width: 100%\"><span class=\"fa fa-tag\"\n                                                             aria-hidden=\"true\"><\/span> Firmen-, Institutions- und Vereinsg\u00e4rten        <\/p>\n    \n            <p class=\"categories meta\" style=\"width: 100%\"><span class=\"fa fa-map-marker\"\n                                                             aria-hidden=\"true\"><\/span> Nordrhein-Westfalen        <\/p>\n    \n<\/article>\n   \n\t\t\n          <article id=\"post-9031\" class=\"et_pb_post post-9031 wtwfb_entry type-wtwfb_entry status-publish has-post-thumbnail hentry wtwfb_category-schul-und-jugendclub-gaerten wtwfb_region-baden-wuerttemberg\">\n    <h2 class=\"entry-title\"><a href=\"https:\/\/wettbewerb-archiv.wir-tun-was-fuer-bienen.de\/archiv-2018\/eintrag\/ein-schulgarten-in-kooperation-mit-einem-altenheim\/\">Ein Schulgarten in Kooperation mit einem Altenheim<\/a>\n    <\/h2>\n    <a href=\"https:\/\/wettbewerb-archiv.wir-tun-was-fuer-bienen.de\/archiv-2018\/eintrag\/ein-schulgarten-in-kooperation-mit-einem-altenheim\/\">\n        <div class=\"bienen-entry-image\">\n            <img decoding=\"async\" width=\"400\" height=\"300\" src=\"https:\/\/wettbewerb-archiv.wir-tun-was-fuer-bienen.de\/archiv-2018\/wp-content\/uploads\/sites\/2\/2018\/07\/20180712_145628-400x300.jpg\" class=\"attachment-bienen-grid-thumb size-bienen-grid-thumb wp-post-image\" alt=\"\" loading=\"lazy\" \/>                    <\/div>\n    <\/a>\n\n    <div class=\"images-grid\"><span><a href=\"https:\/\/wettbewerb-archiv.wir-tun-was-fuer-bienen.de\/archiv-2018\/eintrag\/ein-schulgarten-in-kooperation-mit-einem-altenheim\/\"><img decoding=\"async\" width=\"150\" height=\"150\" src=\"https:\/\/wettbewerb-archiv.wir-tun-was-fuer-bienen.de\/archiv-2018\/wp-content\/uploads\/sites\/2\/2018\/07\/20180712_144817-150x150.jpg\" class=\"attachment-thumbnail size-thumbnail\" alt=\"\" loading=\"lazy\" \/><\/a><\/span><span><a href=\"https:\/\/wettbewerb-archiv.wir-tun-was-fuer-bienen.de\/archiv-2018\/eintrag\/ein-schulgarten-in-kooperation-mit-einem-altenheim\/\"><img decoding=\"async\" width=\"150\" height=\"150\" src=\"https:\/\/wettbewerb-archiv.wir-tun-was-fuer-bienen.de\/archiv-2018\/wp-content\/uploads\/sites\/2\/2018\/07\/20180712_145950-150x150.jpg\" class=\"attachment-thumbnail size-thumbnail\" alt=\"\" loading=\"lazy\" \/><\/a><\/span><span><a href=\"https:\/\/wettbewerb-archiv.wir-tun-was-fuer-bienen.de\/archiv-2018\/eintrag\/ein-schulgarten-in-kooperation-mit-einem-altenheim\/\"><img decoding=\"async\" width=\"150\" height=\"150\" src=\"https:\/\/wettbewerb-archiv.wir-tun-was-fuer-bienen.de\/archiv-2018\/wp-content\/uploads\/sites\/2\/2018\/07\/20180712_144744-150x150.jpg\" class=\"attachment-thumbnail size-thumbnail\" alt=\"\" loading=\"lazy\" \/><\/a><\/span><span><a href=\"https:\/\/wettbewerb-archiv.wir-tun-was-fuer-bienen.de\/archiv-2018\/eintrag\/ein-schulgarten-in-kooperation-mit-einem-altenheim\/\"><img decoding=\"async\" width=\"150\" height=\"150\" src=\"https:\/\/wettbewerb-archiv.wir-tun-was-fuer-bienen.de\/archiv-2018\/wp-content\/uploads\/sites\/2\/2018\/07\/20180712_143739-150x150.jpg\" class=\"attachment-thumbnail size-thumbnail\" alt=\"\" loading=\"lazy\" \/><\/a><\/span><\/div>\n\n    <div class=\"user flex\">\n        \n                    <img decoding=\"async\" src=\"https:\/\/wettbewerb-archiv.wir-tun-was-fuer-bienen.de\/archiv-2018\/wp-content\/themes\/bienen\/assets\/images\/avatar-placeholder.png\" style=\"border-radius: 30px;\" height=\"30\" width=\"30\">\n            Jana            <\/div>\n    \n    \n            <p class=\"categories meta\" style=\"width: 100%\"><span class=\"fa fa-tag\"\n                                                             aria-hidden=\"true\"><\/span> Schul- und Jugendclub-G\u00e4rten        <\/p>\n    \n            <p class=\"categories meta\" style=\"width: 100%\"><span class=\"fa fa-map-marker\"\n                                                             aria-hidden=\"true\"><\/span> Baden-W\u00fcrttemberg        <\/p>\n    \n<\/article>\n   \n\t\t\n          <article id=\"post-8988\" class=\"et_pb_post post-8988 wtwfb_entry type-wtwfb_entry status-publish has-post-thumbnail hentry wtwfb_category-kommunale-flaechen-parks-baumscheiben wtwfb_region-bayern\">\n    <h2 class=\"entry-title\"><a href=\"https:\/\/wettbewerb-archiv.wir-tun-was-fuer-bienen.de\/archiv-2018\/eintrag\/bluehflaechenaktion-der-gemeinde-zandt-die-bluehende-gemeinde-wird-von-gartenbesitzern-landwirten-imkern-jaegern-firmen-und-privatpersonen-unterstuetzt\/\">Bl\u00fchfl\u00e4chenaktion der Gemeinde:  &#8221; Zandt &#8211...<\/a>\n    <\/h2>\n    <a href=\"https:\/\/wettbewerb-archiv.wir-tun-was-fuer-bienen.de\/archiv-2018\/eintrag\/bluehflaechenaktion-der-gemeinde-zandt-die-bluehende-gemeinde-wird-von-gartenbesitzern-landwirten-imkern-jaegern-firmen-und-privatpersonen-unterstuetzt\/\">\n        <div class=\"bienen-entry-image\">\n            <img decoding=\"async\" width=\"400\" height=\"152\" src=\"https:\/\/wettbewerb-archiv.wir-tun-was-fuer-bienen.de\/archiv-2018\/wp-content\/uploads\/sites\/2\/2018\/07\/Foto2012.07.18201020142049_preview.jpeg-400x152.jpg\" class=\"attachment-bienen-grid-thumb size-bienen-grid-thumb wp-post-image\" alt=\"\" loading=\"lazy\" \/>                    <\/div>\n    <\/a>\n\n    <div class=\"images-grid\"><span><a href=\"https:\/\/wettbewerb-archiv.wir-tun-was-fuer-bienen.de\/archiv-2018\/eintrag\/bluehflaechenaktion-der-gemeinde-zandt-die-bluehende-gemeinde-wird-von-gartenbesitzern-landwirten-imkern-jaegern-firmen-und-privatpersonen-unterstuetzt\/\"><img decoding=\"async\" width=\"150\" height=\"150\" src=\"https:\/\/wettbewerb-archiv.wir-tun-was-fuer-bienen.de\/archiv-2018\/wp-content\/uploads\/sites\/2\/2018\/07\/Foto-11.07.18-08-15-50-150x150.jpg\" class=\"attachment-thumbnail size-thumbnail\" alt=\"\" loading=\"lazy\" \/><\/a><\/span><span><a href=\"https:\/\/wettbewerb-archiv.wir-tun-was-fuer-bienen.de\/archiv-2018\/eintrag\/bluehflaechenaktion-der-gemeinde-zandt-die-bluehende-gemeinde-wird-von-gartenbesitzern-landwirten-imkern-jaegern-firmen-und-privatpersonen-unterstuetzt\/\"><img decoding=\"async\" width=\"150\" height=\"150\" src=\"https:\/\/wettbewerb-archiv.wir-tun-was-fuer-bienen.de\/archiv-2018\/wp-content\/uploads\/sites\/2\/2018\/07\/Foto-21.07.18-10-21-20-150x150.jpg\" class=\"attachment-thumbnail size-thumbnail\" alt=\"\" loading=\"lazy\" \/><\/a><\/span><span><a href=\"https:\/\/wettbewerb-archiv.wir-tun-was-fuer-bienen.de\/archiv-2018\/eintrag\/bluehflaechenaktion-der-gemeinde-zandt-die-bluehende-gemeinde-wird-von-gartenbesitzern-landwirten-imkern-jaegern-firmen-und-privatpersonen-unterstuetzt\/\"><img decoding=\"async\" width=\"150\" height=\"150\" src=\"https:\/\/wettbewerb-archiv.wir-tun-was-fuer-bienen.de\/archiv-2018\/wp-content\/uploads\/sites\/2\/2018\/07\/CPJJ0868-150x150.jpg\" class=\"attachment-thumbnail size-thumbnail\" alt=\"\" loading=\"lazy\" \/><\/a><\/span><\/div>\n\n    <div class=\"user flex\">\n        \n                    <img decoding=\"async\" src=\"https:\/\/wettbewerb-archiv.wir-tun-was-fuer-bienen.de\/archiv-2018\/wp-content\/themes\/bienen\/assets\/images\/avatar-placeholder.png\" style=\"border-radius: 30px;\" height=\"30\" width=\"30\">\n            Gemeinde Zandt - Die bl\u00fchende Gemeinde            <\/div>\n    \n    \n            <p class=\"categories meta\" style=\"width: 100%\"><span class=\"fa fa-tag\"\n                                                             aria-hidden=\"true\"><\/span> Kommunale Fl\u00e4chen, Parks, Baumscheiben        <\/p>\n    \n            <p class=\"categories meta\" style=\"width: 100%\"><span class=\"fa fa-map-marker\"\n                                                             aria-hidden=\"true\"><\/span> Bayern        <\/p>\n    \n<\/article>\n   \n\t\t\n          <article id=\"post-8891\" class=\"et_pb_post post-8891 wtwfb_entry type-wtwfb_entry status-publish has-post-thumbnail hentry wtwfb_category-schul-und-jugendclub-gaerten wtwfb_region-nordrhein-westfalen\">\n    <h2 class=\"entry-title\"><a href=\"https:\/\/wettbewerb-archiv.wir-tun-was-fuer-bienen.de\/archiv-2018\/eintrag\/die-stoppelhoppser-tun-was-fuer-bienen\/\">Die Stoppelhoppser tun was f\u00fcr Bienen<\/a>\n    <\/h2>\n    <a href=\"https:\/\/wettbewerb-archiv.wir-tun-was-fuer-bienen.de\/archiv-2018\/eintrag\/die-stoppelhoppser-tun-was-fuer-bienen\/\">\n        <div class=\"bienen-entry-image\">\n            <img decoding=\"async\" width=\"400\" height=\"300\" src=\"https:\/\/wettbewerb-archiv.wir-tun-was-fuer-bienen.de\/archiv-2018\/wp-content\/uploads\/sites\/2\/2018\/07\/WhatsApp-Image-2018-05-27-at-15.51.51-400x300.jpeg\" class=\"attachment-bienen-grid-thumb size-bienen-grid-thumb wp-post-image\" alt=\"\" loading=\"lazy\" \/>                    <\/div>\n    <\/a>\n\n    <div class=\"images-grid\"><span><a href=\"https:\/\/wettbewerb-archiv.wir-tun-was-fuer-bienen.de\/archiv-2018\/eintrag\/die-stoppelhoppser-tun-was-fuer-bienen\/\"><img decoding=\"async\" width=\"150\" height=\"150\" src=\"https:\/\/wettbewerb-archiv.wir-tun-was-fuer-bienen.de\/archiv-2018\/wp-content\/uploads\/sites\/2\/2018\/07\/WhatsApp-Image-2018-05-27-at-15.48.09-150x150.jpeg\" class=\"attachment-thumbnail size-thumbnail\" alt=\"\" loading=\"lazy\" srcset=\"https:\/\/wettbewerb-archiv.wir-tun-was-fuer-bienen.de\/archiv-2018\/wp-content\/uploads\/sites\/2\/2018\/07\/WhatsApp-Image-2018-05-27-at-15.48.09-150x150.jpeg 150w, https:\/\/wettbewerb-archiv.wir-tun-was-fuer-bienen.de\/archiv-2018\/wp-content\/uploads\/sites\/2\/2018\/07\/WhatsApp-Image-2018-05-27-at-15.48.09-300x300.jpeg 300w, https:\/\/wettbewerb-archiv.wir-tun-was-fuer-bienen.de\/archiv-2018\/wp-content\/uploads\/sites\/2\/2018\/07\/WhatsApp-Image-2018-05-27-at-15.48.09-768x768.jpeg 768w, https:\/\/wettbewerb-archiv.wir-tun-was-fuer-bienen.de\/archiv-2018\/wp-content\/uploads\/sites\/2\/2018\/07\/WhatsApp-Image-2018-05-27-at-15.48.09-1024x1024.jpeg 1024w, https:\/\/wettbewerb-archiv.wir-tun-was-fuer-bienen.de\/archiv-2018\/wp-content\/uploads\/sites\/2\/2018\/07\/WhatsApp-Image-2018-05-27-at-15.48.09.jpeg 1280w\" sizes=\"(max-width: 150px) 100vw, 150px\" \/><\/a><\/span><span><a href=\"https:\/\/wettbewerb-archiv.wir-tun-was-fuer-bienen.de\/archiv-2018\/eintrag\/die-stoppelhoppser-tun-was-fuer-bienen\/\"><img decoding=\"async\" width=\"150\" height=\"150\" src=\"https:\/\/wettbewerb-archiv.wir-tun-was-fuer-bienen.de\/archiv-2018\/wp-content\/uploads\/sites\/2\/2018\/07\/WhatsApp-Image-2018-05-27-at-15.48.103-150x150.jpeg\" class=\"attachment-thumbnail size-thumbnail\" alt=\"\" loading=\"lazy\" srcset=\"https:\/\/wettbewerb-archiv.wir-tun-was-fuer-bienen.de\/archiv-2018\/wp-content\/uploads\/sites\/2\/2018\/07\/WhatsApp-Image-2018-05-27-at-15.48.103-150x150.jpeg 150w, https:\/\/wettbewerb-archiv.wir-tun-was-fuer-bienen.de\/archiv-2018\/wp-content\/uploads\/sites\/2\/2018\/07\/WhatsApp-Image-2018-05-27-at-15.48.103-300x300.jpeg 300w, https:\/\/wettbewerb-archiv.wir-tun-was-fuer-bienen.de\/archiv-2018\/wp-content\/uploads\/sites\/2\/2018\/07\/WhatsApp-Image-2018-05-27-at-15.48.103-768x768.jpeg 768w, https:\/\/wettbewerb-archiv.wir-tun-was-fuer-bienen.de\/archiv-2018\/wp-content\/uploads\/sites\/2\/2018\/07\/WhatsApp-Image-2018-05-27-at-15.48.103-1024x1024.jpeg 1024w, https:\/\/wettbewerb-archiv.wir-tun-was-fuer-bienen.de\/archiv-2018\/wp-content\/uploads\/sites\/2\/2018\/07\/WhatsApp-Image-2018-05-27-at-15.48.103.jpeg 1280w\" sizes=\"(max-width: 150px) 100vw, 150px\" \/><\/a><\/span><span><a href=\"https:\/\/wettbewerb-archiv.wir-tun-was-fuer-bienen.de\/archiv-2018\/eintrag\/die-stoppelhoppser-tun-was-fuer-bienen\/\"><img decoding=\"async\" width=\"150\" height=\"150\" src=\"https:\/\/wettbewerb-archiv.wir-tun-was-fuer-bienen.de\/archiv-2018\/wp-content\/uploads\/sites\/2\/2018\/07\/WhatsApp-Image-2018-05-27-at-15.48.101-150x150.jpeg\" class=\"attachment-thumbnail size-thumbnail\" alt=\"\" loading=\"lazy\" srcset=\"https:\/\/wettbewerb-archiv.wir-tun-was-fuer-bienen.de\/archiv-2018\/wp-content\/uploads\/sites\/2\/2018\/07\/WhatsApp-Image-2018-05-27-at-15.48.101-150x150.jpeg 150w, https:\/\/wettbewerb-archiv.wir-tun-was-fuer-bienen.de\/archiv-2018\/wp-content\/uploads\/sites\/2\/2018\/07\/WhatsApp-Image-2018-05-27-at-15.48.101-300x300.jpeg 300w, https:\/\/wettbewerb-archiv.wir-tun-was-fuer-bienen.de\/archiv-2018\/wp-content\/uploads\/sites\/2\/2018\/07\/WhatsApp-Image-2018-05-27-at-15.48.101-768x768.jpeg 768w, https:\/\/wettbewerb-archiv.wir-tun-was-fuer-bienen.de\/archiv-2018\/wp-content\/uploads\/sites\/2\/2018\/07\/WhatsApp-Image-2018-05-27-at-15.48.101-1024x1024.jpeg 1024w, https:\/\/wettbewerb-archiv.wir-tun-was-fuer-bienen.de\/archiv-2018\/wp-content\/uploads\/sites\/2\/2018\/07\/WhatsApp-Image-2018-05-27-at-15.48.101.jpeg 1280w\" sizes=\"(max-width: 150px) 100vw, 150px\" \/><\/a><\/span><span><a href=\"https:\/\/wettbewerb-archiv.wir-tun-was-fuer-bienen.de\/archiv-2018\/eintrag\/die-stoppelhoppser-tun-was-fuer-bienen\/\"><img decoding=\"async\" width=\"150\" height=\"150\" src=\"https:\/\/wettbewerb-archiv.wir-tun-was-fuer-bienen.de\/archiv-2018\/wp-content\/uploads\/sites\/2\/2018\/07\/WhatsApp-Image-2018-05-27-at-15.48.102-150x150.jpeg\" class=\"attachment-thumbnail size-thumbnail\" alt=\"\" loading=\"lazy\" srcset=\"https:\/\/wettbewerb-archiv.wir-tun-was-fuer-bienen.de\/archiv-2018\/wp-content\/uploads\/sites\/2\/2018\/07\/WhatsApp-Image-2018-05-27-at-15.48.102-150x150.jpeg 150w, https:\/\/wettbewerb-archiv.wir-tun-was-fuer-bienen.de\/archiv-2018\/wp-content\/uploads\/sites\/2\/2018\/07\/WhatsApp-Image-2018-05-27-at-15.48.102-300x300.jpeg 300w, https:\/\/wettbewerb-archiv.wir-tun-was-fuer-bienen.de\/archiv-2018\/wp-content\/uploads\/sites\/2\/2018\/07\/WhatsApp-Image-2018-05-27-at-15.48.102-768x768.jpeg 768w, https:\/\/wettbewerb-archiv.wir-tun-was-fuer-bienen.de\/archiv-2018\/wp-content\/uploads\/sites\/2\/2018\/07\/WhatsApp-Image-2018-05-27-at-15.48.102-1024x1024.jpeg 1024w, https:\/\/wettbewerb-archiv.wir-tun-was-fuer-bienen.de\/archiv-2018\/wp-content\/uploads\/sites\/2\/2018\/07\/WhatsApp-Image-2018-05-27-at-15.48.102.jpeg 1280w\" sizes=\"(max-width: 150px) 100vw, 150px\" \/><\/a><\/span><\/div>\n\n    <div class=\"user flex\">\n                    <img decoding=\"async\" src=\"https:\/\/wettbewerb-archiv.wir-tun-was-fuer-bienen.de\/archiv-2018\/wp-content\/themes\/bienen\/assets\/images\/avatar-placeholder.png\" style=\"border-radius: 30px;\" height=\"30\" width=\"30\">\n            <a href=\"https:\/\/wettbewerb-archiv.wir-tun-was-fuer-bienen.de\/archiv-2018\/gruppe\/die-stoppelhoppser\/\" title=\"Beitr\u00e4ge von Die Stoppelhoppser\"\n               rel=\"author\">Die Stoppelhoppser<\/a>\n            <\/div>\n    \n    \n            <p class=\"categories meta\" style=\"width: 100%\"><span class=\"fa fa-tag\"\n                                                             aria-hidden=\"true\"><\/span> Schul- und Jugendclub-G\u00e4rten        <\/p>\n    \n            <p class=\"categories meta\" style=\"width: 100%\"><span class=\"fa fa-map-marker\"\n                                                             aria-hidden=\"true\"><\/span> Nordrhein-Westfalen        <\/p>\n    \n<\/article>\n   \n\t\t\n          <article id=\"post-8879\" class=\"et_pb_post post-8879 wtwfb_entry type-wtwfb_entry status-publish has-post-thumbnail hentry wtwfb_category-privatgaerten-und-gaerten-von-mietwohnungen-kleiner-500-quadratmeter wtwfb_region-baden-wuerttemberg\">\n    <h2 class=\"entry-title\"><a href=\"https:\/\/wettbewerb-archiv.wir-tun-was-fuer-bienen.de\/archiv-2018\/eintrag\/eine-insektenhecke-als-geburtstagswunsch\/\">Eine Insektenhecke als Geburtstagswunsch<\/a>\n    <\/h2>\n    <a href=\"https:\/\/wettbewerb-archiv.wir-tun-was-fuer-bienen.de\/archiv-2018\/eintrag\/eine-insektenhecke-als-geburtstagswunsch\/\">\n        <div class=\"bienen-entry-image\">\n            <img decoding=\"async\" width=\"400\" height=\"300\" src=\"https:\/\/wettbewerb-archiv.wir-tun-was-fuer-bienen.de\/archiv-2018\/wp-content\/uploads\/sites\/2\/2018\/07\/20180421_180626-400x300.jpg\" class=\"attachment-bienen-grid-thumb size-bienen-grid-thumb wp-post-image\" alt=\"\" loading=\"lazy\" \/>                    <\/div>\n    <\/a>\n\n    <div class=\"images-grid\"><\/div>\n\n    <div class=\"user flex\">\n        \n                    <img decoding=\"async\" src=\"https:\/\/wettbewerb-archiv.wir-tun-was-fuer-bienen.de\/archiv-2018\/wp-content\/themes\/bienen\/assets\/images\/avatar-placeholder.png\" style=\"border-radius: 30px;\" height=\"30\" width=\"30\">\n            Jana            <\/div>\n    \n    \n            <p class=\"categories meta\" style=\"width: 100%\"><span class=\"fa fa-tag\"\n                                                             aria-hidden=\"true\"><\/span> Privatg\u00e4rten und G\u00e4rten von Mietwohnungen (kleiner als 500 Quadratmeter)        <\/p>\n    \n            <p class=\"categories meta\" style=\"width: 100%\"><span class=\"fa fa-map-marker\"\n                                                             aria-hidden=\"true\"><\/span> Baden-W\u00fcrttemberg        <\/p>\n    \n<\/article>\n   \n\t\t\n          <article id=\"post-8793\" class=\"et_pb_post post-8793 wtwfb_entry type-wtwfb_entry status-publish has-post-thumbnail hentry wtwfb_category-kleingartenwesen-parzellen-und-gemeinschaftsgaerten wtwfb_region-schleswig-holstein\">\n    <h2 class=\"entry-title\"><a href=\"https:\/\/wettbewerb-archiv.wir-tun-was-fuer-bienen.de\/archiv-2018\/eintrag\/wir-schwaermen-wir-bienen\/\">Wir schw\u00e4rmen f\u00fcr Bienen!<\/a>\n    <\/h2>\n    <a href=\"https:\/\/wettbewerb-archiv.wir-tun-was-fuer-bienen.de\/archiv-2018\/eintrag\/wir-schwaermen-wir-bienen\/\">\n        <div class=\"bienen-entry-image\">\n            <img decoding=\"async\" width=\"400\" height=\"300\" src=\"https:\/\/wettbewerb-archiv.wir-tun-was-fuer-bienen.de\/archiv-2018\/wp-content\/uploads\/sites\/2\/2018\/07\/IMG_3604-1-400x300.jpg\" class=\"attachment-bienen-grid-thumb size-bienen-grid-thumb wp-post-image\" alt=\"\" loading=\"lazy\" srcset=\"https:\/\/wettbewerb-archiv.wir-tun-was-fuer-bienen.de\/archiv-2018\/wp-content\/uploads\/sites\/2\/2018\/07\/IMG_3604-1-400x300.jpg 400w, https:\/\/wettbewerb-archiv.wir-tun-was-fuer-bienen.de\/archiv-2018\/wp-content\/uploads\/sites\/2\/2018\/07\/IMG_3604-1-300x225.jpg 300w, https:\/\/wettbewerb-archiv.wir-tun-was-fuer-bienen.de\/archiv-2018\/wp-content\/uploads\/sites\/2\/2018\/07\/IMG_3604-1-768x576.jpg 768w, https:\/\/wettbewerb-archiv.wir-tun-was-fuer-bienen.de\/archiv-2018\/wp-content\/uploads\/sites\/2\/2018\/07\/IMG_3604-1-1024x768.jpg 1024w, https:\/\/wettbewerb-archiv.wir-tun-was-fuer-bienen.de\/archiv-2018\/wp-content\/uploads\/sites\/2\/2018\/07\/IMG_3604-1-1320x990.jpg 1320w, https:\/\/wettbewerb-archiv.wir-tun-was-fuer-bienen.de\/archiv-2018\/wp-content\/uploads\/sites\/2\/2018\/07\/IMG_3604-1.jpg 1920w\" sizes=\"(max-width: 400px) 100vw, 400px\" \/>                    <\/div>\n    <\/a>\n\n    <div class=\"images-grid\"><span><a href=\"https:\/\/wettbewerb-archiv.wir-tun-was-fuer-bienen.de\/archiv-2018\/eintrag\/wir-schwaermen-wir-bienen\/\"><img decoding=\"async\" width=\"150\" height=\"150\" src=\"https:\/\/wettbewerb-archiv.wir-tun-was-fuer-bienen.de\/archiv-2018\/wp-content\/uploads\/sites\/2\/2018\/07\/UMLI3973-1-150x150.jpg\" class=\"attachment-thumbnail size-thumbnail\" alt=\"\" loading=\"lazy\" \/><\/a><\/span><span><a href=\"https:\/\/wettbewerb-archiv.wir-tun-was-fuer-bienen.de\/archiv-2018\/eintrag\/wir-schwaermen-wir-bienen\/\"><img decoding=\"async\" width=\"150\" height=\"150\" src=\"https:\/\/wettbewerb-archiv.wir-tun-was-fuer-bienen.de\/archiv-2018\/wp-content\/uploads\/sites\/2\/2018\/07\/YJZS7938-150x150.jpg\" class=\"attachment-thumbnail size-thumbnail\" alt=\"\" loading=\"lazy\" \/><\/a><\/span><span><a href=\"https:\/\/wettbewerb-archiv.wir-tun-was-fuer-bienen.de\/archiv-2018\/eintrag\/wir-schwaermen-wir-bienen\/\"><img decoding=\"async\" width=\"150\" height=\"150\" src=\"https:\/\/wettbewerb-archiv.wir-tun-was-fuer-bienen.de\/archiv-2018\/wp-content\/uploads\/sites\/2\/2018\/07\/P4213714-1-150x150.jpg\" class=\"attachment-thumbnail size-thumbnail\" alt=\"\" loading=\"lazy\" \/><\/a><\/span><span><a href=\"https:\/\/wettbewerb-archiv.wir-tun-was-fuer-bienen.de\/archiv-2018\/eintrag\/wir-schwaermen-wir-bienen\/\"><img decoding=\"async\" width=\"150\" height=\"150\" src=\"https:\/\/wettbewerb-archiv.wir-tun-was-fuer-bienen.de\/archiv-2018\/wp-content\/uploads\/sites\/2\/2018\/07\/IMG_2758-1-150x150.jpg\" class=\"attachment-thumbnail size-thumbnail\" alt=\"\" loading=\"lazy\" \/><\/a><\/span><\/div>\n\n    <div class=\"user flex\">\n                    <img decoding=\"async\" src=\"https:\/\/wettbewerb-archiv.wir-tun-was-fuer-bienen.de\/archiv-2018\/wp-content\/themes\/bienen\/assets\/images\/avatar-placeholder.png\" style=\"border-radius: 30px;\" height=\"30\" width=\"30\">\n            <a href=\"https:\/\/wettbewerb-archiv.wir-tun-was-fuer-bienen.de\/archiv-2018\/gruppe\/imkerverein-kellinghusen-und-umgebung\/\" title=\"Beitr\u00e4ge von Imkerverein Kellinghusen und Umgebung\"\n               rel=\"author\">Imkerverein Kellinghusen und Umgebung<\/a>\n            <\/div>\n    \n    \n            <p class=\"categories meta\" style=\"width: 100%\"><span class=\"fa fa-tag\"\n                                                             aria-hidden=\"true\"><\/span> Kleingartenwesen: Parzellen und Gemeinschaftsg\u00e4rten        <\/p>\n    \n            <p class=\"categories meta\" style=\"width: 100%\"><span class=\"fa fa-map-marker\"\n                                                             aria-hidden=\"true\"><\/span> Schleswig-Holstein        <\/p>\n    \n<\/article>\n   \n\t\t\n          <article id=\"post-8754\" class=\"et_pb_post post-8754 wtwfb_entry type-wtwfb_entry status-publish has-post-thumbnail hentry wtwfb_category-balkone-terrassen-dachbegruenung-vertikale-gaerten wtwfb_region-brandenburg\">\n    <h2 class=\"entry-title\"><a href=\"https:\/\/wettbewerb-archiv.wir-tun-was-fuer-bienen.de\/archiv-2018\/eintrag\/mein-gruenes-zimmer\/\">Mein gr\u00fcnes Zimmer<\/a>\n    <\/h2>\n    <a href=\"https:\/\/wettbewerb-archiv.wir-tun-was-fuer-bienen.de\/archiv-2018\/eintrag\/mein-gruenes-zimmer\/\">\n        <div class=\"bienen-entry-image\">\n            <img decoding=\"async\" width=\"400\" height=\"300\" src=\"https:\/\/wettbewerb-archiv.wir-tun-was-fuer-bienen.de\/archiv-2018\/wp-content\/uploads\/sites\/2\/2018\/07\/20180703_155739-6-400x300.jpg\" class=\"attachment-bienen-grid-thumb size-bienen-grid-thumb wp-post-image\" alt=\"\" loading=\"lazy\" \/>                    <\/div>\n    <\/a>\n\n    <div class=\"images-grid\"><span><a href=\"https:\/\/wettbewerb-archiv.wir-tun-was-fuer-bienen.de\/archiv-2018\/eintrag\/mein-gruenes-zimmer\/\"><img decoding=\"async\" width=\"150\" height=\"150\" src=\"https:\/\/wettbewerb-archiv.wir-tun-was-fuer-bienen.de\/archiv-2018\/wp-content\/uploads\/sites\/2\/2018\/07\/IMG_20180714_170545091_HDR-5-150x150.jpg\" class=\"attachment-thumbnail size-thumbnail\" alt=\"\" loading=\"lazy\" \/><\/a><\/span><span><a href=\"https:\/\/wettbewerb-archiv.wir-tun-was-fuer-bienen.de\/archiv-2018\/eintrag\/mein-gruenes-zimmer\/\"><img decoding=\"async\" width=\"150\" height=\"150\" src=\"https:\/\/wettbewerb-archiv.wir-tun-was-fuer-bienen.de\/archiv-2018\/wp-content\/uploads\/sites\/2\/2018\/07\/20180313_171357-5-150x150.jpg\" class=\"attachment-thumbnail size-thumbnail\" alt=\"\" loading=\"lazy\" \/><\/a><\/span><span><a href=\"https:\/\/wettbewerb-archiv.wir-tun-was-fuer-bienen.de\/archiv-2018\/eintrag\/mein-gruenes-zimmer\/\"><img decoding=\"async\" width=\"150\" height=\"150\" src=\"https:\/\/wettbewerb-archiv.wir-tun-was-fuer-bienen.de\/archiv-2018\/wp-content\/uploads\/sites\/2\/2018\/07\/20180504_200018-5-150x150.jpg\" class=\"attachment-thumbnail size-thumbnail\" alt=\"\" loading=\"lazy\" \/><\/a><\/span><span><a href=\"https:\/\/wettbewerb-archiv.wir-tun-was-fuer-bienen.de\/archiv-2018\/eintrag\/mein-gruenes-zimmer\/\"><img decoding=\"async\" width=\"150\" height=\"150\" src=\"https:\/\/wettbewerb-archiv.wir-tun-was-fuer-bienen.de\/archiv-2018\/wp-content\/uploads\/sites\/2\/2018\/07\/20180510_160551-6-150x150.jpg\" class=\"attachment-thumbnail size-thumbnail\" alt=\"\" loading=\"lazy\" \/><\/a><\/span><\/div>\n\n    <div class=\"user flex\">\n        \n                    <img decoding=\"async\" src=\"https:\/\/wettbewerb-archiv.wir-tun-was-fuer-bienen.de\/archiv-2018\/wp-content\/themes\/bienen\/assets\/images\/avatar-placeholder.png\" style=\"border-radius: 30px;\" height=\"30\" width=\"30\">\n            xlavandula            <\/div>\n    \n    \n            <p class=\"categories meta\" style=\"width: 100%\"><span class=\"fa fa-tag\"\n                                                             aria-hidden=\"true\"><\/span> Balkone, Terrassen, Dachbegr\u00fcnung, vertikale G\u00e4rten        <\/p>\n    \n            <p class=\"categories meta\" style=\"width: 100%\"><span class=\"fa fa-map-marker\"\n                                                             aria-hidden=\"true\"><\/span> Brandenburg        <\/p>\n    \n<\/article>\n   \n\t\t\n          <article id=\"post-8588\" class=\"et_pb_post post-8588 wtwfb_entry type-wtwfb_entry status-publish has-post-thumbnail hentry wtwfb_category-kommunale-flaechen-parks-baumscheiben wtwfb_region-bayern\">\n    <h2 class=\"entry-title\"><a href=\"https:\/\/wettbewerb-archiv.wir-tun-was-fuer-bienen.de\/archiv-2018\/eintrag\/neue-bluehstreifen-fuer-bienen-und-hummeln\/\">Neue Bl\u00fchstreifen f\u00fcr Bienen und Hummeln<\/a>\n    <\/h2>\n    <a href=\"https:\/\/wettbewerb-archiv.wir-tun-was-fuer-bienen.de\/archiv-2018\/eintrag\/neue-bluehstreifen-fuer-bienen-und-hummeln\/\">\n        <div class=\"bienen-entry-image\">\n            <img decoding=\"async\" width=\"400\" height=\"300\" src=\"https:\/\/wettbewerb-archiv.wir-tun-was-fuer-bienen.de\/archiv-2018\/wp-content\/uploads\/sites\/2\/2018\/07\/IMG_2668-400x300.jpg\" class=\"attachment-bienen-grid-thumb size-bienen-grid-thumb wp-post-image\" alt=\"\" loading=\"lazy\" \/>                    <\/div>\n    <\/a>\n\n    <div class=\"images-grid\"><\/div>\n\n    <div class=\"user flex\">\n        \n                    <img decoding=\"async\" src=\"https:\/\/wettbewerb-archiv.wir-tun-was-fuer-bienen.de\/archiv-2018\/wp-content\/themes\/bienen\/assets\/images\/avatar-placeholder.png\" style=\"border-radius: 30px;\" height=\"30\" width=\"30\">\n            Bund Naturschutz            <\/div>\n    \n    \n            <p class=\"categories meta\" style=\"width: 100%\"><span class=\"fa fa-tag\"\n                                                             aria-hidden=\"true\"><\/span> Kommunale Fl\u00e4chen, Parks, Baumscheiben        <\/p>\n    \n            <p class=\"categories meta\" style=\"width: 100%\"><span class=\"fa fa-map-marker\"\n                                                             aria-hidden=\"true\"><\/span> Bayern        <\/p>\n    \n<\/article>\n   \n\t\t\n          <article id=\"post-8571\" class=\"et_pb_post post-8571 wtwfb_entry type-wtwfb_entry status-publish has-post-thumbnail hentry wtwfb_category-kommunale-flaechen-parks-baumscheiben wtwfb_region-baden-wuerttemberg\">\n    <h2 class=\"entry-title\"><a href=\"https:\/\/wettbewerb-archiv.wir-tun-was-fuer-bienen.de\/archiv-2018\/eintrag\/natur-trifft-gemeinde-das-rathaus-beet\/\">Rickenbach bl\u00fcht auf: Das Rathaus-Beet<\/a>\n    <\/h2>\n    <a href=\"https:\/\/wettbewerb-archiv.wir-tun-was-fuer-bienen.de\/archiv-2018\/eintrag\/natur-trifft-gemeinde-das-rathaus-beet\/\">\n        <div class=\"bienen-entry-image\">\n            <img decoding=\"async\" width=\"400\" height=\"300\" src=\"https:\/\/wettbewerb-archiv.wir-tun-was-fuer-bienen.de\/archiv-2018\/wp-content\/uploads\/sites\/2\/2018\/07\/IMG_0232-2-400x300.jpg\" class=\"attachment-bienen-grid-thumb size-bienen-grid-thumb wp-post-image\" alt=\"\" loading=\"lazy\" srcset=\"https:\/\/wettbewerb-archiv.wir-tun-was-fuer-bienen.de\/archiv-2018\/wp-content\/uploads\/sites\/2\/2018\/07\/IMG_0232-2-400x300.jpg 400w, https:\/\/wettbewerb-archiv.wir-tun-was-fuer-bienen.de\/archiv-2018\/wp-content\/uploads\/sites\/2\/2018\/07\/IMG_0232-2-300x225.jpg 300w, https:\/\/wettbewerb-archiv.wir-tun-was-fuer-bienen.de\/archiv-2018\/wp-content\/uploads\/sites\/2\/2018\/07\/IMG_0232-2-768x576.jpg 768w, https:\/\/wettbewerb-archiv.wir-tun-was-fuer-bienen.de\/archiv-2018\/wp-content\/uploads\/sites\/2\/2018\/07\/IMG_0232-2-1024x768.jpg 1024w, https:\/\/wettbewerb-archiv.wir-tun-was-fuer-bienen.de\/archiv-2018\/wp-content\/uploads\/sites\/2\/2018\/07\/IMG_0232-2-1320x990.jpg 1320w, https:\/\/wettbewerb-archiv.wir-tun-was-fuer-bienen.de\/archiv-2018\/wp-content\/uploads\/sites\/2\/2018\/07\/IMG_0232-2.jpg 1920w\" sizes=\"(max-width: 400px) 100vw, 400px\" \/>                    <\/div>\n    <\/a>\n\n    <div class=\"images-grid\"><span><a href=\"https:\/\/wettbewerb-archiv.wir-tun-was-fuer-bienen.de\/archiv-2018\/eintrag\/natur-trifft-gemeinde-das-rathaus-beet\/\"><img decoding=\"async\" width=\"150\" height=\"150\" src=\"https:\/\/wettbewerb-archiv.wir-tun-was-fuer-bienen.de\/archiv-2018\/wp-content\/uploads\/sites\/2\/2018\/07\/IMG_0227-150x150.jpg\" class=\"attachment-thumbnail size-thumbnail\" alt=\"\" loading=\"lazy\" \/><\/a><\/span><span><a href=\"https:\/\/wettbewerb-archiv.wir-tun-was-fuer-bienen.de\/archiv-2018\/eintrag\/natur-trifft-gemeinde-das-rathaus-beet\/\"><img decoding=\"async\" width=\"150\" height=\"150\" src=\"https:\/\/wettbewerb-archiv.wir-tun-was-fuer-bienen.de\/archiv-2018\/wp-content\/uploads\/sites\/2\/2018\/07\/IMG_0229-150x150.jpg\" class=\"attachment-thumbnail size-thumbnail\" alt=\"\" loading=\"lazy\" \/><\/a><\/span><\/div>\n\n    <div class=\"user flex\">\n                    <img decoding=\"async\" src=\"https:\/\/wettbewerb-archiv.wir-tun-was-fuer-bienen.de\/archiv-2018\/wp-content\/themes\/bienen\/assets\/images\/avatar-placeholder.png\" style=\"border-radius: 30px;\" height=\"30\" width=\"30\">\n            <a href=\"https:\/\/wettbewerb-archiv.wir-tun-was-fuer-bienen.de\/archiv-2018\/gruppe\/das-rathaus-team\/\" title=\"Beitr\u00e4ge von Das Rathaus-Team\"\n               rel=\"author\">Das Rathaus-Team<\/a>\n            <\/div>\n    \n    \n            <p class=\"categories meta\" style=\"width: 100%\"><span class=\"fa fa-tag\"\n                                                             aria-hidden=\"true\"><\/span> Kommunale Fl\u00e4chen, Parks, Baumscheiben        <\/p>\n    \n            <p class=\"categories meta\" style=\"width: 100%\"><span class=\"fa fa-map-marker\"\n                                                             aria-hidden=\"true\"><\/span> Baden-W\u00fcrttemberg        <\/p>\n    \n<\/article>\n   \n\t\t\n          <article id=\"post-8548\" class=\"et_pb_post post-8548 wtwfb_entry type-wtwfb_entry status-publish has-post-thumbnail hentry wtwfb_category-kleingartenwesen-parzellen-und-gemeinschaftsgaerten wtwfb_region-rheinland-pfalz\">\n    <h2 class=\"entry-title\"><a href=\"https:\/\/wettbewerb-archiv.wir-tun-was-fuer-bienen.de\/archiv-2018\/eintrag\/essenheimer-dorfgarten-direkt-vor-dem-rathaus\/\">Essenheimer Dorfgarten direkt vor dem Rathaus<\/a>\n    <\/h2>\n    <a href=\"https:\/\/wettbewerb-archiv.wir-tun-was-fuer-bienen.de\/archiv-2018\/eintrag\/essenheimer-dorfgarten-direkt-vor-dem-rathaus\/\">\n        <div class=\"bienen-entry-image\">\n            <img decoding=\"async\" width=\"400\" height=\"300\" src=\"https:\/\/wettbewerb-archiv.wir-tun-was-fuer-bienen.de\/archiv-2018\/wp-content\/uploads\/sites\/2\/2018\/07\/1.-DJI_0828_Dorfgarten-Kopie-400x300.jpg\" class=\"attachment-bienen-grid-thumb size-bienen-grid-thumb wp-post-image\" alt=\"\" loading=\"lazy\" srcset=\"https:\/\/wettbewerb-archiv.wir-tun-was-fuer-bienen.de\/archiv-2018\/wp-content\/uploads\/sites\/2\/2018\/07\/1.-DJI_0828_Dorfgarten-Kopie-400x300.jpg 400w, https:\/\/wettbewerb-archiv.wir-tun-was-fuer-bienen.de\/archiv-2018\/wp-content\/uploads\/sites\/2\/2018\/07\/1.-DJI_0828_Dorfgarten-Kopie-300x225.jpg 300w, https:\/\/wettbewerb-archiv.wir-tun-was-fuer-bienen.de\/archiv-2018\/wp-content\/uploads\/sites\/2\/2018\/07\/1.-DJI_0828_Dorfgarten-Kopie-768x577.jpg 768w, https:\/\/wettbewerb-archiv.wir-tun-was-fuer-bienen.de\/archiv-2018\/wp-content\/uploads\/sites\/2\/2018\/07\/1.-DJI_0828_Dorfgarten-Kopie-1024x769.jpg 1024w, https:\/\/wettbewerb-archiv.wir-tun-was-fuer-bienen.de\/archiv-2018\/wp-content\/uploads\/sites\/2\/2018\/07\/1.-DJI_0828_Dorfgarten-Kopie-1320x991.jpg 1320w, https:\/\/wettbewerb-archiv.wir-tun-was-fuer-bienen.de\/archiv-2018\/wp-content\/uploads\/sites\/2\/2018\/07\/1.-DJI_0828_Dorfgarten-Kopie.jpg 1920w\" sizes=\"(max-width: 400px) 100vw, 400px\" \/>                    <\/div>\n    <\/a>\n\n    <div class=\"images-grid\"><span><a href=\"https:\/\/wettbewerb-archiv.wir-tun-was-fuer-bienen.de\/archiv-2018\/eintrag\/essenheimer-dorfgarten-direkt-vor-dem-rathaus\/\"><img decoding=\"async\" width=\"150\" height=\"150\" src=\"https:\/\/wettbewerb-archiv.wir-tun-was-fuer-bienen.de\/archiv-2018\/wp-content\/uploads\/sites\/2\/2018\/07\/UNADJUSTEDNONRAW_thumb_753-150x150.jpg\" class=\"attachment-thumbnail size-thumbnail\" alt=\"\" loading=\"lazy\" \/><\/a><\/span><span><a href=\"https:\/\/wettbewerb-archiv.wir-tun-was-fuer-bienen.de\/archiv-2018\/eintrag\/essenheimer-dorfgarten-direkt-vor-dem-rathaus\/\"><img decoding=\"async\" width=\"150\" height=\"150\" src=\"https:\/\/wettbewerb-archiv.wir-tun-was-fuer-bienen.de\/archiv-2018\/wp-content\/uploads\/sites\/2\/2018\/07\/UNADJUSTEDNONRAW_thumb_766-150x150.jpg\" class=\"attachment-thumbnail size-thumbnail\" alt=\"\" loading=\"lazy\" \/><\/a><\/span><span><a href=\"https:\/\/wettbewerb-archiv.wir-tun-was-fuer-bienen.de\/archiv-2018\/eintrag\/essenheimer-dorfgarten-direkt-vor-dem-rathaus\/\"><img decoding=\"async\" width=\"150\" height=\"150\" src=\"https:\/\/wettbewerb-archiv.wir-tun-was-fuer-bienen.de\/archiv-2018\/wp-content\/uploads\/sites\/2\/2018\/07\/UNADJUSTEDNONRAW_thumb_834-150x150.jpg\" class=\"attachment-thumbnail size-thumbnail\" alt=\"\" loading=\"lazy\" \/><\/a><\/span><span><a href=\"https:\/\/wettbewerb-archiv.wir-tun-was-fuer-bienen.de\/archiv-2018\/eintrag\/essenheimer-dorfgarten-direkt-vor-dem-rathaus\/\"><img decoding=\"async\" width=\"150\" height=\"150\" src=\"https:\/\/wettbewerb-archiv.wir-tun-was-fuer-bienen.de\/archiv-2018\/wp-content\/uploads\/sites\/2\/2018\/07\/UNADJUSTEDNONRAW_thumb_946-150x150.jpg\" class=\"attachment-thumbnail size-thumbnail\" alt=\"\" loading=\"lazy\" \/><\/a><\/span><\/div>\n\n    <div class=\"user flex\">\n                    <img decoding=\"async\" src=\"https:\/\/wettbewerb-archiv.wir-tun-was-fuer-bienen.de\/archiv-2018\/wp-content\/themes\/bienen\/assets\/images\/avatar-placeholder.png\" style=\"border-radius: 30px;\" height=\"30\" width=\"30\">\n            <a href=\"https:\/\/wettbewerb-archiv.wir-tun-was-fuer-bienen.de\/archiv-2018\/gruppe\/essenheimer-dorfgarten-mitte\/\" title=\"Beitr\u00e4ge von ESSENHEIMER DORFGARTEN MITTE\"\n               rel=\"author\">ESSENHEIMER DORFGARTEN MITTE<\/a>\n            <\/div>\n    \n    \n            <p class=\"categories meta\" style=\"width: 100%\"><span class=\"fa fa-tag\"\n                                                             aria-hidden=\"true\"><\/span> Kleingartenwesen: Parzellen und Gemeinschaftsg\u00e4rten        <\/p>\n    \n            <p class=\"categories meta\" style=\"width: 100%\"><span class=\"fa fa-map-marker\"\n                                                             aria-hidden=\"true\"><\/span> Rheinland-Pfalz        <\/p>\n    \n<\/article>\n   \n\t\t\n          <article id=\"post-8523\" class=\"et_pb_post post-8523 wtwfb_entry type-wtwfb_entry status-publish has-post-thumbnail hentry wtwfb_category-kommunale-flaechen-parks-baumscheiben wtwfb_region-niedersachsen\">\n    <h2 class=\"entry-title\"><a href=\"https:\/\/wettbewerb-archiv.wir-tun-was-fuer-bienen.de\/archiv-2018\/eintrag\/wildblumenwiese-2\/\">Wildblumenwiese<\/a>\n    <\/h2>\n    <a href=\"https:\/\/wettbewerb-archiv.wir-tun-was-fuer-bienen.de\/archiv-2018\/eintrag\/wildblumenwiese-2\/\">\n        <div class=\"bienen-entry-image\">\n            <img decoding=\"async\" width=\"400\" height=\"300\" src=\"https:\/\/wettbewerb-archiv.wir-tun-was-fuer-bienen.de\/archiv-2018\/wp-content\/uploads\/sites\/2\/2018\/07\/Wildblumenwiese-2-400x300.jpg\" class=\"attachment-bienen-grid-thumb size-bienen-grid-thumb wp-post-image\" alt=\"\" loading=\"lazy\" \/>                    <\/div>\n    <\/a>\n\n    <div class=\"images-grid\"><span><a href=\"https:\/\/wettbewerb-archiv.wir-tun-was-fuer-bienen.de\/archiv-2018\/eintrag\/wildblumenwiese-2\/\"><img decoding=\"async\" width=\"150\" height=\"150\" src=\"https:\/\/wettbewerb-archiv.wir-tun-was-fuer-bienen.de\/archiv-2018\/wp-content\/uploads\/sites\/2\/2018\/07\/20180602_151601-150x150.jpg\" class=\"attachment-thumbnail size-thumbnail\" alt=\"\" loading=\"lazy\" \/><\/a><\/span><span><a href=\"https:\/\/wettbewerb-archiv.wir-tun-was-fuer-bienen.de\/archiv-2018\/eintrag\/wildblumenwiese-2\/\"><img decoding=\"async\" width=\"150\" height=\"150\" src=\"https:\/\/wettbewerb-archiv.wir-tun-was-fuer-bienen.de\/archiv-2018\/wp-content\/uploads\/sites\/2\/2018\/07\/20180602_151528-150x150.jpg\" class=\"attachment-thumbnail size-thumbnail\" alt=\"\" loading=\"lazy\" \/><\/a><\/span><\/div>\n\n    <div class=\"user flex\">\n        \n                    <img decoding=\"async\" src=\"https:\/\/wettbewerb-archiv.wir-tun-was-fuer-bienen.de\/archiv-2018\/wp-content\/themes\/bienen\/assets\/images\/avatar-placeholder.png\" style=\"border-radius: 30px;\" height=\"30\" width=\"30\">\n            Siedlergemeinschaft Stotel            <\/div>\n    \n    \n            <p class=\"categories meta\" style=\"width: 100%\"><span class=\"fa fa-tag\"\n                                                             aria-hidden=\"true\"><\/span> Kommunale Fl\u00e4chen, Parks, Baumscheiben        <\/p>\n    \n            <p class=\"categories meta\" style=\"width: 100%\"><span class=\"fa fa-map-marker\"\n                                                             aria-hidden=\"true\"><\/span> Niedersachsen        <\/p>\n    \n<\/article>\n   \n\t\t\n          <article id=\"post-8516\" class=\"et_pb_post post-8516 wtwfb_entry type-wtwfb_entry status-publish has-post-thumbnail hentry wtwfb_category-schul-und-jugendclub-gaerten wtwfb_region-baden-wuerttemberg\">\n    <h2 class=\"entry-title\"><a href=\"https:\/\/wettbewerb-archiv.wir-tun-was-fuer-bienen.de\/archiv-2018\/eintrag\/sonnenblumen-fuer-kleine-und-groessere-fluegel\/\">Sonnenblumen f\u00fcr kleine und gr\u00f6\u00dfere Fl\u00fcgel<\/a>\n    <\/h2>\n    <a href=\"https:\/\/wettbewerb-archiv.wir-tun-was-fuer-bienen.de\/archiv-2018\/eintrag\/sonnenblumen-fuer-kleine-und-groessere-fluegel\/\">\n        <div class=\"bienen-entry-image\">\n            <img decoding=\"async\" width=\"400\" height=\"300\" src=\"https:\/\/wettbewerb-archiv.wir-tun-was-fuer-bienen.de\/archiv-2018\/wp-content\/uploads\/sites\/2\/2018\/07\/IMG_32351-400x300.jpg\" class=\"attachment-bienen-grid-thumb size-bienen-grid-thumb wp-post-image\" alt=\"\" loading=\"lazy\" \/>                    <\/div>\n    <\/a>\n\n    <div class=\"images-grid\"><\/div>\n\n    <div class=\"user flex\">\n        \n                    <img decoding=\"async\" src=\"https:\/\/wettbewerb-archiv.wir-tun-was-fuer-bienen.de\/archiv-2018\/wp-content\/themes\/bienen\/assets\/images\/avatar-placeholder.png\" style=\"border-radius: 30px;\" height=\"30\" width=\"30\">\n            Krippe Kleestra\u00dfe Leitung Marlena Br\u00e4mer            <\/div>\n    \n    \n            <p class=\"categories meta\" style=\"width: 100%\"><span class=\"fa fa-tag\"\n                                                             aria-hidden=\"true\"><\/span> Schul- und Jugendclub-G\u00e4rten        <\/p>\n    \n            <p class=\"categories meta\" style=\"width: 100%\"><span class=\"fa fa-map-marker\"\n                                                             aria-hidden=\"true\"><\/span> Baden-W\u00fcrttemberg        <\/p>\n    \n<\/article>\n   \n\t\t\n          <article id=\"post-8507\" class=\"et_pb_post post-8507 wtwfb_entry type-wtwfb_entry status-publish has-post-thumbnail hentry wtwfb_category-schul-und-jugendclub-gaerten wtwfb_region-bayern\">\n    <h2 class=\"entry-title\"><a href=\"https:\/\/wettbewerb-archiv.wir-tun-was-fuer-bienen.de\/archiv-2018\/eintrag\/wir-pflanzen-bienenfreundlichen-blumen\/\">Wir pflanzen bienenfreundlichen Blumen<\/a>\n    <\/h2>\n    <a href=\"https:\/\/wettbewerb-archiv.wir-tun-was-fuer-bienen.de\/archiv-2018\/eintrag\/wir-pflanzen-bienenfreundlichen-blumen\/\">\n        <div class=\"bienen-entry-image\">\n            <img decoding=\"async\" width=\"400\" height=\"300\" src=\"https:\/\/wettbewerb-archiv.wir-tun-was-fuer-bienen.de\/archiv-2018\/wp-content\/uploads\/sites\/2\/2018\/07\/IMG_0285-400x300.jpg\" class=\"attachment-bienen-grid-thumb size-bienen-grid-thumb wp-post-image\" alt=\"\" loading=\"lazy\" srcset=\"https:\/\/wettbewerb-archiv.wir-tun-was-fuer-bienen.de\/archiv-2018\/wp-content\/uploads\/sites\/2\/2018\/07\/IMG_0285-400x300.jpg 400w, https:\/\/wettbewerb-archiv.wir-tun-was-fuer-bienen.de\/archiv-2018\/wp-content\/uploads\/sites\/2\/2018\/07\/IMG_0285-300x225.jpg 300w, https:\/\/wettbewerb-archiv.wir-tun-was-fuer-bienen.de\/archiv-2018\/wp-content\/uploads\/sites\/2\/2018\/07\/IMG_0285-768x576.jpg 768w, https:\/\/wettbewerb-archiv.wir-tun-was-fuer-bienen.de\/archiv-2018\/wp-content\/uploads\/sites\/2\/2018\/07\/IMG_0285-1024x768.jpg 1024w, https:\/\/wettbewerb-archiv.wir-tun-was-fuer-bienen.de\/archiv-2018\/wp-content\/uploads\/sites\/2\/2018\/07\/IMG_0285-1320x990.jpg 1320w, https:\/\/wettbewerb-archiv.wir-tun-was-fuer-bienen.de\/archiv-2018\/wp-content\/uploads\/sites\/2\/2018\/07\/IMG_0285.jpg 1920w\" sizes=\"(max-width: 400px) 100vw, 400px\" \/>                    <\/div>\n    <\/a>\n\n    <div class=\"images-grid\"><span><a href=\"https:\/\/wettbewerb-archiv.wir-tun-was-fuer-bienen.de\/archiv-2018\/eintrag\/wir-pflanzen-bienenfreundlichen-blumen\/\"><img decoding=\"async\" width=\"150\" height=\"150\" src=\"https:\/\/wettbewerb-archiv.wir-tun-was-fuer-bienen.de\/archiv-2018\/wp-content\/uploads\/sites\/2\/2018\/07\/IMG_0280-150x150.jpg\" class=\"attachment-thumbnail size-thumbnail\" alt=\"\" loading=\"lazy\" \/><\/a><\/span><span><a href=\"https:\/\/wettbewerb-archiv.wir-tun-was-fuer-bienen.de\/archiv-2018\/eintrag\/wir-pflanzen-bienenfreundlichen-blumen\/\"><img decoding=\"async\" width=\"150\" height=\"150\" src=\"https:\/\/wettbewerb-archiv.wir-tun-was-fuer-bienen.de\/archiv-2018\/wp-content\/uploads\/sites\/2\/2018\/07\/IMG_0282-150x150.jpg\" class=\"attachment-thumbnail size-thumbnail\" alt=\"\" loading=\"lazy\" \/><\/a><\/span><span><a href=\"https:\/\/wettbewerb-archiv.wir-tun-was-fuer-bienen.de\/archiv-2018\/eintrag\/wir-pflanzen-bienenfreundlichen-blumen\/\"><img decoding=\"async\" width=\"150\" height=\"150\" src=\"https:\/\/wettbewerb-archiv.wir-tun-was-fuer-bienen.de\/archiv-2018\/wp-content\/uploads\/sites\/2\/2018\/07\/IMG_0283-150x150.jpg\" class=\"attachment-thumbnail size-thumbnail\" alt=\"\" loading=\"lazy\" \/><\/a><\/span><span><a href=\"https:\/\/wettbewerb-archiv.wir-tun-was-fuer-bienen.de\/archiv-2018\/eintrag\/wir-pflanzen-bienenfreundlichen-blumen\/\"><img decoding=\"async\" width=\"150\" height=\"150\" src=\"https:\/\/wettbewerb-archiv.wir-tun-was-fuer-bienen.de\/archiv-2018\/wp-content\/uploads\/sites\/2\/2018\/07\/IMG_0284-150x150.jpg\" class=\"attachment-thumbnail size-thumbnail\" alt=\"\" loading=\"lazy\" \/><\/a><\/span><\/div>\n\n    <div class=\"user flex\">\n        \n                    <img decoding=\"async\" src=\"https:\/\/wettbewerb-archiv.wir-tun-was-fuer-bienen.de\/archiv-2018\/wp-content\/themes\/bienen\/assets\/images\/avatar-placeholder.png\" style=\"border-radius: 30px;\" height=\"30\" width=\"30\">\n            KitaRegenbogen            <\/div>\n    \n    \n            <p class=\"categories meta\" style=\"width: 100%\"><span class=\"fa fa-tag\"\n                                                             aria-hidden=\"true\"><\/span> Schul- und Jugendclub-G\u00e4rten        <\/p>\n    \n            <p class=\"categories meta\" style=\"width: 100%\"><span class=\"fa fa-map-marker\"\n                                                             aria-hidden=\"true\"><\/span> Bayern        <\/p>\n    \n<\/article>\n   \n\t\t\n          <article id=\"post-8392\" class=\"et_pb_post post-8392 wtwfb_entry type-wtwfb_entry status-publish has-post-thumbnail hentry wtwfb_category-privatgaerten-und-gaerten-von-mietwohnungen-kleiner-500-quadratmeter wtwfb_region-bayern\">\n    <h2 class=\"entry-title\"><a href=\"https:\/\/wettbewerb-archiv.wir-tun-was-fuer-bienen.de\/archiv-2018\/eintrag\/bienenflughafen-und-bienenweide\/\">Bienenflughafen und Bienenweide<\/a>\n    <\/h2>\n    <a href=\"https:\/\/wettbewerb-archiv.wir-tun-was-fuer-bienen.de\/archiv-2018\/eintrag\/bienenflughafen-und-bienenweide\/\">\n        <div class=\"bienen-entry-image\">\n            <img decoding=\"async\" width=\"400\" height=\"300\" src=\"https:\/\/wettbewerb-archiv.wir-tun-was-fuer-bienen.de\/archiv-2018\/wp-content\/uploads\/sites\/2\/2018\/07\/Bienenweide-3-400x300.jpg\" class=\"attachment-bienen-grid-thumb size-bienen-grid-thumb wp-post-image\" alt=\"\" loading=\"lazy\" \/>                    <\/div>\n    <\/a>\n\n    <div class=\"images-grid\"><\/div>\n\n    <div class=\"user flex\">\n        \n                    <img decoding=\"async\" src=\"https:\/\/wettbewerb-archiv.wir-tun-was-fuer-bienen.de\/archiv-2018\/wp-content\/themes\/bienen\/assets\/images\/avatar-placeholder.png\" style=\"border-radius: 30px;\" height=\"30\" width=\"30\">\n            Baboo78            <\/div>\n    \n    \n            <p class=\"categories meta\" style=\"width: 100%\"><span class=\"fa fa-tag\"\n                                                             aria-hidden=\"true\"><\/span> Privatg\u00e4rten und G\u00e4rten von Mietwohnungen (kleiner als 500 Quadratmeter)        <\/p>\n    \n            <p class=\"categories meta\" style=\"width: 100%\"><span class=\"fa fa-map-marker\"\n                                                             aria-hidden=\"true\"><\/span> Bayern        <\/p>\n    \n<\/article>\n   \n\t\t\n          <article id=\"post-8341\" class=\"et_pb_post post-8341 wtwfb_entry type-wtwfb_entry status-publish has-post-thumbnail hentry wtwfb_category-firmen-institutions-und-vereinsgaerten wtwfb_region-nordrhein-westfalen\">\n    <h2 class=\"entry-title\"><a href=\"https:\/\/wettbewerb-archiv.wir-tun-was-fuer-bienen.de\/archiv-2018\/eintrag\/bluehstreifen-und-wilde-ecke-auf-dem-firmengelaende\/\">Bl\u00fchstreifen und &#8220;wilde Ecke&#8221; auf dem Firmengel\u00e4nde<\/a>\n    <\/h2>\n    <a href=\"https:\/\/wettbewerb-archiv.wir-tun-was-fuer-bienen.de\/archiv-2018\/eintrag\/bluehstreifen-und-wilde-ecke-auf-dem-firmengelaende\/\">\n        <div class=\"bienen-entry-image\">\n            <img decoding=\"async\" width=\"400\" height=\"300\" src=\"https:\/\/wettbewerb-archiv.wir-tun-was-fuer-bienen.de\/archiv-2018\/wp-content\/uploads\/sites\/2\/2018\/07\/EinsaatII-2-400x300.jpg\" class=\"attachment-bienen-grid-thumb size-bienen-grid-thumb wp-post-image\" alt=\"\" loading=\"lazy\" srcset=\"https:\/\/wettbewerb-archiv.wir-tun-was-fuer-bienen.de\/archiv-2018\/wp-content\/uploads\/sites\/2\/2018\/07\/EinsaatII-2-400x300.jpg 400w, https:\/\/wettbewerb-archiv.wir-tun-was-fuer-bienen.de\/archiv-2018\/wp-content\/uploads\/sites\/2\/2018\/07\/EinsaatII-2-300x225.jpg 300w, https:\/\/wettbewerb-archiv.wir-tun-was-fuer-bienen.de\/archiv-2018\/wp-content\/uploads\/sites\/2\/2018\/07\/EinsaatII-2-768x576.jpg 768w, https:\/\/wettbewerb-archiv.wir-tun-was-fuer-bienen.de\/archiv-2018\/wp-content\/uploads\/sites\/2\/2018\/07\/EinsaatII-2-1024x768.jpg 1024w, https:\/\/wettbewerb-archiv.wir-tun-was-fuer-bienen.de\/archiv-2018\/wp-content\/uploads\/sites\/2\/2018\/07\/EinsaatII-2-1320x990.jpg 1320w, https:\/\/wettbewerb-archiv.wir-tun-was-fuer-bienen.de\/archiv-2018\/wp-content\/uploads\/sites\/2\/2018\/07\/EinsaatII-2.jpg 1824w\" sizes=\"(max-width: 400px) 100vw, 400px\" \/>                    <\/div>\n    <\/a>\n\n    <div class=\"images-grid\"><span><a href=\"https:\/\/wettbewerb-archiv.wir-tun-was-fuer-bienen.de\/archiv-2018\/eintrag\/bluehstreifen-und-wilde-ecke-auf-dem-firmengelaende\/\"><img decoding=\"async\" width=\"150\" height=\"150\" src=\"https:\/\/wettbewerb-archiv.wir-tun-was-fuer-bienen.de\/archiv-2018\/wp-content\/uploads\/sites\/2\/2018\/07\/GrasnarbeII-1-150x150.jpg\" class=\"attachment-thumbnail size-thumbnail\" alt=\"\" loading=\"lazy\" \/><\/a><\/span><span><a href=\"https:\/\/wettbewerb-archiv.wir-tun-was-fuer-bienen.de\/archiv-2018\/eintrag\/bluehstreifen-und-wilde-ecke-auf-dem-firmengelaende\/\"><img decoding=\"async\" width=\"150\" height=\"150\" src=\"https:\/\/wettbewerb-archiv.wir-tun-was-fuer-bienen.de\/archiv-2018\/wp-content\/uploads\/sites\/2\/2018\/07\/Grasnarbe-I-1-150x150.jpg\" class=\"attachment-thumbnail size-thumbnail\" alt=\"\" loading=\"lazy\" \/><\/a><\/span><span><a href=\"https:\/\/wettbewerb-archiv.wir-tun-was-fuer-bienen.de\/archiv-2018\/eintrag\/bluehstreifen-und-wilde-ecke-auf-dem-firmengelaende\/\"><img decoding=\"async\" width=\"150\" height=\"150\" src=\"https:\/\/wettbewerb-archiv.wir-tun-was-fuer-bienen.de\/archiv-2018\/wp-content\/uploads\/sites\/2\/2018\/07\/Offener-Boden-1-150x150.jpg\" class=\"attachment-thumbnail size-thumbnail\" alt=\"\" loading=\"lazy\" \/><\/a><\/span><span><a href=\"https:\/\/wettbewerb-archiv.wir-tun-was-fuer-bienen.de\/archiv-2018\/eintrag\/bluehstreifen-und-wilde-ecke-auf-dem-firmengelaende\/\"><img decoding=\"async\" width=\"150\" height=\"150\" src=\"https:\/\/wettbewerb-archiv.wir-tun-was-fuer-bienen.de\/archiv-2018\/wp-content\/uploads\/sites\/2\/2018\/07\/HarkenI-1-150x150.jpg\" class=\"attachment-thumbnail size-thumbnail\" alt=\"\" loading=\"lazy\" \/><\/a><\/span><\/div>\n\n    <div class=\"user flex\">\n        \n                    <img decoding=\"async\" src=\"https:\/\/wettbewerb-archiv.wir-tun-was-fuer-bienen.de\/archiv-2018\/wp-content\/themes\/bienen\/assets\/images\/avatar-placeholder.png\" style=\"border-radius: 30px;\" height=\"30\" width=\"30\">\n            Evangelische Frauenhilfe im Rheinland            <\/div>\n    \n    \n            <p class=\"categories meta\" style=\"width: 100%\"><span class=\"fa fa-tag\"\n                                                             aria-hidden=\"true\"><\/span> Firmen-, Institutions- und Vereinsg\u00e4rten        <\/p>\n    \n            <p class=\"categories meta\" style=\"width: 100%\"><span class=\"fa fa-map-marker\"\n                                                             aria-hidden=\"true\"><\/span> Nordrhein-Westfalen        <\/p>\n    \n<\/article>\n   \n\t\t\n          <article id=\"post-8299\" class=\"et_pb_post post-8299 wtwfb_entry type-wtwfb_entry status-publish has-post-thumbnail hentry wtwfb_category-privatgaerten-und-gaerten-von-mietwohnungen-kleiner-500-quadratmeter wtwfb_region-hessen\">\n    <h2 class=\"entry-title\"><a href=\"https:\/\/wettbewerb-archiv.wir-tun-was-fuer-bienen.de\/archiv-2018\/eintrag\/eine-lehmkuhle-wird-nistplatz-fuer-wildbienen-und-ein-ungenutzter-streifen-ein-bluetenparadies\/\">Lehmkuhle als Nistplatz + ein Streifen Bl\u00fctenparadies<\/a>\n    <\/h2>\n    <a href=\"https:\/\/wettbewerb-archiv.wir-tun-was-fuer-bienen.de\/archiv-2018\/eintrag\/eine-lehmkuhle-wird-nistplatz-fuer-wildbienen-und-ein-ungenutzter-streifen-ein-bluetenparadies\/\">\n        <div class=\"bienen-entry-image\">\n            <img decoding=\"async\" width=\"400\" height=\"300\" src=\"https:\/\/wettbewerb-archiv.wir-tun-was-fuer-bienen.de\/archiv-2018\/wp-content\/uploads\/sites\/2\/2018\/07\/P1100361-400x300.jpg\" class=\"attachment-bienen-grid-thumb size-bienen-grid-thumb wp-post-image\" alt=\"\" loading=\"lazy\" srcset=\"https:\/\/wettbewerb-archiv.wir-tun-was-fuer-bienen.de\/archiv-2018\/wp-content\/uploads\/sites\/2\/2018\/07\/P1100361-400x300.jpg 400w, https:\/\/wettbewerb-archiv.wir-tun-was-fuer-bienen.de\/archiv-2018\/wp-content\/uploads\/sites\/2\/2018\/07\/P1100361-300x225.jpg 300w, https:\/\/wettbewerb-archiv.wir-tun-was-fuer-bienen.de\/archiv-2018\/wp-content\/uploads\/sites\/2\/2018\/07\/P1100361-768x576.jpg 768w, https:\/\/wettbewerb-archiv.wir-tun-was-fuer-bienen.de\/archiv-2018\/wp-content\/uploads\/sites\/2\/2018\/07\/P1100361-1024x768.jpg 1024w, https:\/\/wettbewerb-archiv.wir-tun-was-fuer-bienen.de\/archiv-2018\/wp-content\/uploads\/sites\/2\/2018\/07\/P1100361-1320x990.jpg 1320w, https:\/\/wettbewerb-archiv.wir-tun-was-fuer-bienen.de\/archiv-2018\/wp-content\/uploads\/sites\/2\/2018\/07\/P1100361.jpg 1920w\" sizes=\"(max-width: 400px) 100vw, 400px\" \/>                    <\/div>\n    <\/a>\n\n    <div class=\"images-grid\"><span><a href=\"https:\/\/wettbewerb-archiv.wir-tun-was-fuer-bienen.de\/archiv-2018\/eintrag\/eine-lehmkuhle-wird-nistplatz-fuer-wildbienen-und-ein-ungenutzter-streifen-ein-bluetenparadies\/\"><img decoding=\"async\" width=\"150\" height=\"150\" src=\"https:\/\/wettbewerb-archiv.wir-tun-was-fuer-bienen.de\/archiv-2018\/wp-content\/uploads\/sites\/2\/2018\/07\/beim-W\u00e4ssern-150x150.jpg\" class=\"attachment-thumbnail size-thumbnail\" alt=\"\" loading=\"lazy\" \/><\/a><\/span><span><a href=\"https:\/\/wettbewerb-archiv.wir-tun-was-fuer-bienen.de\/archiv-2018\/eintrag\/eine-lehmkuhle-wird-nistplatz-fuer-wildbienen-und-ein-ungenutzter-streifen-ein-bluetenparadies\/\"><img decoding=\"async\" width=\"150\" height=\"150\" src=\"https:\/\/wettbewerb-archiv.wir-tun-was-fuer-bienen.de\/archiv-2018\/wp-content\/uploads\/sites\/2\/2018\/07\/Auch-der-Lein-bl\u00fcht-jetzt-150x150.jpg\" class=\"attachment-thumbnail size-thumbnail\" alt=\"\" loading=\"lazy\" \/><\/a><\/span><span><a href=\"https:\/\/wettbewerb-archiv.wir-tun-was-fuer-bienen.de\/archiv-2018\/eintrag\/eine-lehmkuhle-wird-nistplatz-fuer-wildbienen-und-ein-ungenutzter-streifen-ein-bluetenparadies\/\"><img decoding=\"async\" width=\"150\" height=\"150\" src=\"https:\/\/wettbewerb-archiv.wir-tun-was-fuer-bienen.de\/archiv-2018\/wp-content\/uploads\/sites\/2\/2018\/07\/F\u00fcr-die-Wildblumenwiese-die-Sament\u00fctchen-150x150.jpg\" class=\"attachment-thumbnail size-thumbnail\" alt=\"\" loading=\"lazy\" \/><\/a><\/span><span><a href=\"https:\/\/wettbewerb-archiv.wir-tun-was-fuer-bienen.de\/archiv-2018\/eintrag\/eine-lehmkuhle-wird-nistplatz-fuer-wildbienen-und-ein-ungenutzter-streifen-ein-bluetenparadies\/\"><img decoding=\"async\" width=\"150\" height=\"150\" src=\"https:\/\/wettbewerb-archiv.wir-tun-was-fuer-bienen.de\/archiv-2018\/wp-content\/uploads\/sites\/2\/2018\/07\/P1100365-150x150.jpg\" class=\"attachment-thumbnail size-thumbnail\" alt=\"\" loading=\"lazy\" \/><\/a><\/span><\/div>\n\n    <div class=\"user flex\">\n        \n                    <img decoding=\"async\" src=\"https:\/\/wettbewerb-archiv.wir-tun-was-fuer-bienen.de\/archiv-2018\/wp-content\/themes\/bienen\/assets\/images\/avatar-placeholder.png\" style=\"border-radius: 30px;\" height=\"30\" width=\"30\">\n            Hunderteinsekten            <\/div>\n    \n    \n            <p class=\"categories meta\" style=\"width: 100%\"><span class=\"fa fa-tag\"\n                                                             aria-hidden=\"true\"><\/span> Privatg\u00e4rten und G\u00e4rten von Mietwohnungen (kleiner als 500 Quadratmeter)        <\/p>\n    \n            <p class=\"categories meta\" style=\"width: 100%\"><span class=\"fa fa-map-marker\"\n                                                             aria-hidden=\"true\"><\/span> Hessen        <\/p>\n    \n<\/article>\n   \n\t\t\n          <article id=\"post-8281\" class=\"et_pb_post post-8281 wtwfb_entry type-wtwfb_entry status-publish has-post-thumbnail hentry wtwfb_category-firmen-institutions-und-vereinsgaerten wtwfb_region-baden-wuerttemberg\">\n    <h2 class=\"entry-title\"><a href=\"https:\/\/wettbewerb-archiv.wir-tun-was-fuer-bienen.de\/archiv-2018\/eintrag\/urlaub-fuer-herz-und-biene\/\">Urlaub f\u00fcr Herz und Biene<\/a>\n    <\/h2>\n    <a href=\"https:\/\/wettbewerb-archiv.wir-tun-was-fuer-bienen.de\/archiv-2018\/eintrag\/urlaub-fuer-herz-und-biene\/\">\n        <div class=\"bienen-entry-image\">\n            <img decoding=\"async\" width=\"400\" height=\"300\" src=\"https:\/\/wettbewerb-archiv.wir-tun-was-fuer-bienen.de\/archiv-2018\/wp-content\/uploads\/sites\/2\/2018\/07\/IMG_9313-400x300.jpg\" class=\"attachment-bienen-grid-thumb size-bienen-grid-thumb wp-post-image\" alt=\"\" loading=\"lazy\" \/>                    <\/div>\n    <\/a>\n\n    <div class=\"images-grid\"><span><a href=\"https:\/\/wettbewerb-archiv.wir-tun-was-fuer-bienen.de\/archiv-2018\/eintrag\/urlaub-fuer-herz-und-biene\/\"><img decoding=\"async\" width=\"150\" height=\"150\" src=\"https:\/\/wettbewerb-archiv.wir-tun-was-fuer-bienen.de\/archiv-2018\/wp-content\/uploads\/sites\/2\/2018\/07\/IMG_0502-150x150.jpg\" class=\"attachment-thumbnail size-thumbnail\" alt=\"\" loading=\"lazy\" \/><\/a><\/span><span><a href=\"https:\/\/wettbewerb-archiv.wir-tun-was-fuer-bienen.de\/archiv-2018\/eintrag\/urlaub-fuer-herz-und-biene\/\"><img decoding=\"async\" width=\"150\" height=\"150\" src=\"https:\/\/wettbewerb-archiv.wir-tun-was-fuer-bienen.de\/archiv-2018\/wp-content\/uploads\/sites\/2\/2018\/07\/7c3370cb-b829-499b-b6d6-8cf01168e09e-150x150.jpg\" class=\"attachment-thumbnail size-thumbnail\" alt=\"\" loading=\"lazy\" \/><\/a><\/span><span><a href=\"https:\/\/wettbewerb-archiv.wir-tun-was-fuer-bienen.de\/archiv-2018\/eintrag\/urlaub-fuer-herz-und-biene\/\"><img decoding=\"async\" width=\"150\" height=\"150\" src=\"https:\/\/wettbewerb-archiv.wir-tun-was-fuer-bienen.de\/archiv-2018\/wp-content\/uploads\/sites\/2\/2018\/07\/IMG_5743-150x150.jpg\" class=\"attachment-thumbnail size-thumbnail\" alt=\"\" loading=\"lazy\" \/><\/a><\/span><span><a href=\"https:\/\/wettbewerb-archiv.wir-tun-was-fuer-bienen.de\/archiv-2018\/eintrag\/urlaub-fuer-herz-und-biene\/\"><img decoding=\"async\" width=\"150\" height=\"150\" src=\"https:\/\/wettbewerb-archiv.wir-tun-was-fuer-bienen.de\/archiv-2018\/wp-content\/uploads\/sites\/2\/2018\/07\/648C0646-BB5B-4812-A45C-2360AE01E6D4-150x150.jpeg\" class=\"attachment-thumbnail size-thumbnail\" alt=\"\" loading=\"lazy\" \/><\/a><\/span><\/div>\n\n    <div class=\"user flex\">\n        \n                    <img decoding=\"async\" src=\"https:\/\/wettbewerb-archiv.wir-tun-was-fuer-bienen.de\/archiv-2018\/wp-content\/themes\/bienen\/assets\/images\/avatar-placeholder.png\" style=\"border-radius: 30px;\" height=\"30\" width=\"30\">\n            G\u00e4stehaus 26\/2            <\/div>\n    \n    \n            <p class=\"categories meta\" style=\"width: 100%\"><span class=\"fa fa-tag\"\n                                                             aria-hidden=\"true\"><\/span> Firmen-, Institutions- und Vereinsg\u00e4rten        <\/p>\n    \n            <p class=\"categories meta\" style=\"width: 100%\"><span class=\"fa fa-map-marker\"\n                                                             aria-hidden=\"true\"><\/span> Baden-W\u00fcrttemberg        <\/p>\n    \n<\/article>\n   \n\t\t\n          <article id=\"post-8252\" class=\"et_pb_post post-8252 wtwfb_entry type-wtwfb_entry status-publish has-post-thumbnail hentry wtwfb_category-schul-und-jugendclub-gaerten wtwfb_region-nordrhein-westfalen\">\n    <h2 class=\"entry-title\"><a href=\"https:\/\/wettbewerb-archiv.wir-tun-was-fuer-bienen.de\/archiv-2018\/eintrag\/wir-helfen-den-bienen\/\">Wir helfen den Bienen<\/a>\n    <\/h2>\n    <a href=\"https:\/\/wettbewerb-archiv.wir-tun-was-fuer-bienen.de\/archiv-2018\/eintrag\/wir-helfen-den-bienen\/\">\n        <div class=\"bienen-entry-image\">\n            <img decoding=\"async\" width=\"400\" height=\"300\" src=\"https:\/\/wettbewerb-archiv.wir-tun-was-fuer-bienen.de\/archiv-2018\/wp-content\/uploads\/sites\/2\/2018\/07\/IMG_1687-400x300.jpg\" class=\"attachment-bienen-grid-thumb size-bienen-grid-thumb wp-post-image\" alt=\"\" loading=\"lazy\" srcset=\"https:\/\/wettbewerb-archiv.wir-tun-was-fuer-bienen.de\/archiv-2018\/wp-content\/uploads\/sites\/2\/2018\/07\/IMG_1687-400x300.jpg 400w, https:\/\/wettbewerb-archiv.wir-tun-was-fuer-bienen.de\/archiv-2018\/wp-content\/uploads\/sites\/2\/2018\/07\/IMG_1687-300x225.jpg 300w, https:\/\/wettbewerb-archiv.wir-tun-was-fuer-bienen.de\/archiv-2018\/wp-content\/uploads\/sites\/2\/2018\/07\/IMG_1687-768x576.jpg 768w, https:\/\/wettbewerb-archiv.wir-tun-was-fuer-bienen.de\/archiv-2018\/wp-content\/uploads\/sites\/2\/2018\/07\/IMG_1687-1024x768.jpg 1024w, https:\/\/wettbewerb-archiv.wir-tun-was-fuer-bienen.de\/archiv-2018\/wp-content\/uploads\/sites\/2\/2018\/07\/IMG_1687-1320x990.jpg 1320w, https:\/\/wettbewerb-archiv.wir-tun-was-fuer-bienen.de\/archiv-2018\/wp-content\/uploads\/sites\/2\/2018\/07\/IMG_1687.jpg 1920w\" sizes=\"(max-width: 400px) 100vw, 400px\" \/>                    <\/div>\n    <\/a>\n\n    <div class=\"images-grid\"><span><a href=\"https:\/\/wettbewerb-archiv.wir-tun-was-fuer-bienen.de\/archiv-2018\/eintrag\/wir-helfen-den-bienen\/\"><img decoding=\"async\" width=\"150\" height=\"150\" src=\"https:\/\/wettbewerb-archiv.wir-tun-was-fuer-bienen.de\/archiv-2018\/wp-content\/uploads\/sites\/2\/2018\/07\/IMG_1725-150x150.jpg\" class=\"attachment-thumbnail size-thumbnail\" alt=\"\" loading=\"lazy\" \/><\/a><\/span><span><a href=\"https:\/\/wettbewerb-archiv.wir-tun-was-fuer-bienen.de\/archiv-2018\/eintrag\/wir-helfen-den-bienen\/\"><img decoding=\"async\" width=\"150\" height=\"150\" src=\"https:\/\/wettbewerb-archiv.wir-tun-was-fuer-bienen.de\/archiv-2018\/wp-content\/uploads\/sites\/2\/2018\/07\/IMG_1750-150x150.jpg\" class=\"attachment-thumbnail size-thumbnail\" alt=\"\" loading=\"lazy\" \/><\/a><\/span><\/div>\n\n    <div class=\"user flex\">\n        \n                    <img decoding=\"async\" src=\"https:\/\/wettbewerb-archiv.wir-tun-was-fuer-bienen.de\/archiv-2018\/wp-content\/themes\/bienen\/assets\/images\/avatar-placeholder.png\" style=\"border-radius: 30px;\" height=\"30\" width=\"30\">\n            die Markenfelder            <\/div>\n    \n    \n            <p class=\"categories meta\" style=\"width: 100%\"><span class=\"fa fa-tag\"\n                                                             aria-hidden=\"true\"><\/span> Schul- und Jugendclub-G\u00e4rten        <\/p>\n    \n            <p class=\"categories meta\" style=\"width: 100%\"><span class=\"fa fa-map-marker\"\n                                                             aria-hidden=\"true\"><\/span> Nordrhein-Westfalen        <\/p>\n    \n<\/article>\n   \n\t\t\n          <article id=\"post-8200\" class=\"et_pb_post post-8200 wtwfb_entry type-wtwfb_entry status-publish has-post-thumbnail hentry wtwfb_category-balkone-terrassen-dachbegruenung-vertikale-gaerten wtwfb_region-hessen\">\n    <h2 class=\"entry-title\"><a href=\"https:\/\/wettbewerb-archiv.wir-tun-was-fuer-bienen.de\/archiv-2018\/eintrag\/garten-statt-kiesflaeche\/\">Garten statt Kiesfl\u00e4che<\/a>\n    <\/h2>\n    <a href=\"https:\/\/wettbewerb-archiv.wir-tun-was-fuer-bienen.de\/archiv-2018\/eintrag\/garten-statt-kiesflaeche\/\">\n        <div class=\"bienen-entry-image\">\n            <img decoding=\"async\" width=\"400\" height=\"300\" src=\"https:\/\/wettbewerb-archiv.wir-tun-was-fuer-bienen.de\/archiv-2018\/wp-content\/uploads\/sites\/2\/2018\/07\/bewachsene-Kiesfl\u00e4che-400x300.jpg\" class=\"attachment-bienen-grid-thumb size-bienen-grid-thumb wp-post-image\" alt=\"\" loading=\"lazy\" \/>                    <\/div>\n    <\/a>\n\n    <div class=\"images-grid\"><\/div>\n\n    <div class=\"user flex\">\n        \n                    <img decoding=\"async\" src=\"https:\/\/wettbewerb-archiv.wir-tun-was-fuer-bienen.de\/archiv-2018\/wp-content\/themes\/bienen\/assets\/images\/avatar-placeholder.png\" style=\"border-radius: 30px;\" height=\"30\" width=\"30\">\n            Gartenfee            <\/div>\n    \n    \n            <p class=\"categories meta\" style=\"width: 100%\"><span class=\"fa fa-tag\"\n                                                             aria-hidden=\"true\"><\/span> Balkone, Terrassen, Dachbegr\u00fcnung, vertikale G\u00e4rten        <\/p>\n    \n            <p class=\"categories meta\" style=\"width: 100%\"><span class=\"fa fa-map-marker\"\n                                                             aria-hidden=\"true\"><\/span> Hessen        <\/p>\n    \n<\/article>\n   \n\t\t\n          <article id=\"post-8154\" class=\"et_pb_post post-8154 wtwfb_entry type-wtwfb_entry status-publish has-post-thumbnail hentry wtwfb_category-privatgaerten-und-gaerten-von-mietwohnungen-kleiner-500-quadratmeter wtwfb_region-rheinland-pfalz\">\n    <h2 class=\"entry-title\"><a href=\"https:\/\/wettbewerb-archiv.wir-tun-was-fuer-bienen.de\/archiv-2018\/eintrag\/bienen-und-insektenparadies\/\">Bienen- und Insektenparadies<\/a>\n    <\/h2>\n    <a href=\"https:\/\/wettbewerb-archiv.wir-tun-was-fuer-bienen.de\/archiv-2018\/eintrag\/bienen-und-insektenparadies\/\">\n        <div class=\"bienen-entry-image\">\n            <img decoding=\"async\" width=\"400\" height=\"300\" src=\"https:\/\/wettbewerb-archiv.wir-tun-was-fuer-bienen.de\/archiv-2018\/wp-content\/uploads\/sites\/2\/2018\/07\/DSC02732a-400x300.jpg\" class=\"attachment-bienen-grid-thumb size-bienen-grid-thumb wp-post-image\" alt=\"\" loading=\"lazy\" \/>                    <\/div>\n    <\/a>\n\n    <div class=\"images-grid\"><span><a href=\"https:\/\/wettbewerb-archiv.wir-tun-was-fuer-bienen.de\/archiv-2018\/eintrag\/bienen-und-insektenparadies\/\"><img decoding=\"async\" width=\"150\" height=\"150\" src=\"https:\/\/wettbewerb-archiv.wir-tun-was-fuer-bienen.de\/archiv-2018\/wp-content\/uploads\/sites\/2\/2018\/07\/DSC02230a-150x150.jpg\" class=\"attachment-thumbnail size-thumbnail\" alt=\"\" loading=\"lazy\" \/><\/a><\/span><span><a href=\"https:\/\/wettbewerb-archiv.wir-tun-was-fuer-bienen.de\/archiv-2018\/eintrag\/bienen-und-insektenparadies\/\"><img decoding=\"async\" width=\"150\" height=\"150\" src=\"https:\/\/wettbewerb-archiv.wir-tun-was-fuer-bienen.de\/archiv-2018\/wp-content\/uploads\/sites\/2\/2018\/07\/DSC02271a-150x150.jpg\" class=\"attachment-thumbnail size-thumbnail\" alt=\"\" loading=\"lazy\" \/><\/a><\/span><span><a href=\"https:\/\/wettbewerb-archiv.wir-tun-was-fuer-bienen.de\/archiv-2018\/eintrag\/bienen-und-insektenparadies\/\"><img decoding=\"async\" width=\"150\" height=\"150\" src=\"https:\/\/wettbewerb-archiv.wir-tun-was-fuer-bienen.de\/archiv-2018\/wp-content\/uploads\/sites\/2\/2018\/07\/DSC02280a-150x150.jpg\" class=\"attachment-thumbnail size-thumbnail\" alt=\"\" loading=\"lazy\" \/><\/a><\/span><span><a href=\"https:\/\/wettbewerb-archiv.wir-tun-was-fuer-bienen.de\/archiv-2018\/eintrag\/bienen-und-insektenparadies\/\"><img decoding=\"async\" width=\"150\" height=\"150\" src=\"https:\/\/wettbewerb-archiv.wir-tun-was-fuer-bienen.de\/archiv-2018\/wp-content\/uploads\/sites\/2\/2018\/07\/DSC02694a-150x150.jpg\" class=\"attachment-thumbnail size-thumbnail\" alt=\"\" loading=\"lazy\" \/><\/a><\/span><\/div>\n\n    <div class=\"user flex\">\n        \n                    <img decoding=\"async\" src=\"https:\/\/wettbewerb-archiv.wir-tun-was-fuer-bienen.de\/archiv-2018\/wp-content\/themes\/bienen\/assets\/images\/avatar-placeholder.png\" style=\"border-radius: 30px;\" height=\"30\" width=\"30\">\n            Kr\u00e4uterhexe            <\/div>\n    \n    \n            <p class=\"categories meta\" style=\"width: 100%\"><span class=\"fa fa-tag\"\n                                                             aria-hidden=\"true\"><\/span> Privatg\u00e4rten und G\u00e4rten von Mietwohnungen (kleiner als 500 Quadratmeter)        <\/p>\n    \n            <p class=\"categories meta\" style=\"width: 100%\"><span class=\"fa fa-map-marker\"\n                                                             aria-hidden=\"true\"><\/span> Rheinland-Pfalz        <\/p>\n    \n<\/article>\n   \n\t\t\n          <article id=\"post-8105\" class=\"et_pb_post post-8105 wtwfb_entry type-wtwfb_entry status-publish has-post-thumbnail hentry wtwfb_category-firmen-institutions-und-vereinsgaerten wtwfb_region-bayern\">\n    <h2 class=\"entry-title\"><a href=\"https:\/\/wettbewerb-archiv.wir-tun-was-fuer-bienen.de\/archiv-2018\/eintrag\/bluehstreifen-beim-gemuesebeet\/\">Bl\u00fchstreifen beim Gem\u00fcsebeet<\/a>\n    <\/h2>\n    <a href=\"https:\/\/wettbewerb-archiv.wir-tun-was-fuer-bienen.de\/archiv-2018\/eintrag\/bluehstreifen-beim-gemuesebeet\/\">\n        <div class=\"bienen-entry-image\">\n            <img decoding=\"async\" width=\"400\" height=\"300\" src=\"https:\/\/wettbewerb-archiv.wir-tun-was-fuer-bienen.de\/archiv-2018\/wp-content\/uploads\/sites\/2\/2018\/07\/DSC01344-400x300.jpg\" class=\"attachment-bienen-grid-thumb size-bienen-grid-thumb wp-post-image\" alt=\"\" loading=\"lazy\" \/>                    <\/div>\n    <\/a>\n\n    <div class=\"images-grid\"><span><a href=\"https:\/\/wettbewerb-archiv.wir-tun-was-fuer-bienen.de\/archiv-2018\/eintrag\/bluehstreifen-beim-gemuesebeet\/\"><img decoding=\"async\" width=\"150\" height=\"150\" src=\"https:\/\/wettbewerb-archiv.wir-tun-was-fuer-bienen.de\/archiv-2018\/wp-content\/uploads\/sites\/2\/2018\/07\/IMG_20180315_171629-150x150.jpg\" class=\"attachment-thumbnail size-thumbnail\" alt=\"\" loading=\"lazy\" \/><\/a><\/span><\/div>\n\n    <div class=\"user flex\">\n        \n                    <img decoding=\"async\" src=\"https:\/\/wettbewerb-archiv.wir-tun-was-fuer-bienen.de\/archiv-2018\/wp-content\/themes\/bienen\/assets\/images\/avatar-placeholder.png\" style=\"border-radius: 30px;\" height=\"30\" width=\"30\">\n            Permakulturverein Waldgeister e. V.            <\/div>\n    \n    \n            <p class=\"categories meta\" style=\"width: 100%\"><span class=\"fa fa-tag\"\n                                                             aria-hidden=\"true\"><\/span> Firmen-, Institutions- und Vereinsg\u00e4rten        <\/p>\n    \n            <p class=\"categories meta\" style=\"width: 100%\"><span class=\"fa fa-map-marker\"\n                                                             aria-hidden=\"true\"><\/span> Bayern        <\/p>\n    \n<\/article>\n   \n\t\t\n          <article id=\"post-8093\" class=\"et_pb_post post-8093 wtwfb_entry type-wtwfb_entry status-publish has-post-thumbnail hentry wtwfb_category-firmen-institutions-und-vereinsgaerten wtwfb_region-bayern\">\n    <h2 class=\"entry-title\"><a href=\"https:\/\/wettbewerb-archiv.wir-tun-was-fuer-bienen.de\/archiv-2018\/eintrag\/totholzhecke-als-zaunelement\/\">Totholzhecke als Zaunelement<\/a>\n    <\/h2>\n    <a href=\"https:\/\/wettbewerb-archiv.wir-tun-was-fuer-bienen.de\/archiv-2018\/eintrag\/totholzhecke-als-zaunelement\/\">\n        <div class=\"bienen-entry-image\">\n            <img decoding=\"async\" width=\"400\" height=\"300\" src=\"https:\/\/wettbewerb-archiv.wir-tun-was-fuer-bienen.de\/archiv-2018\/wp-content\/uploads\/sites\/2\/2018\/07\/20180517-Totholzzaun-3-400x300.jpg\" class=\"attachment-bienen-grid-thumb size-bienen-grid-thumb wp-post-image\" alt=\"\" loading=\"lazy\" \/>                    <\/div>\n    <\/a>\n\n    <div class=\"images-grid\"><span><a href=\"https:\/\/wettbewerb-archiv.wir-tun-was-fuer-bienen.de\/archiv-2018\/eintrag\/totholzhecke-als-zaunelement\/\"><img decoding=\"async\" width=\"150\" height=\"150\" src=\"https:\/\/wettbewerb-archiv.wir-tun-was-fuer-bienen.de\/archiv-2018\/wp-content\/uploads\/sites\/2\/2018\/07\/20180517-Totholzzaun-1-150x150.jpg\" class=\"attachment-thumbnail size-thumbnail\" alt=\"\" loading=\"lazy\" \/><\/a><\/span><span><a href=\"https:\/\/wettbewerb-archiv.wir-tun-was-fuer-bienen.de\/archiv-2018\/eintrag\/totholzhecke-als-zaunelement\/\"><img decoding=\"async\" width=\"150\" height=\"150\" src=\"https:\/\/wettbewerb-archiv.wir-tun-was-fuer-bienen.de\/archiv-2018\/wp-content\/uploads\/sites\/2\/2018\/07\/20180517-Totholzzaun-3-1-150x150.jpg\" class=\"attachment-thumbnail size-thumbnail\" alt=\"\" loading=\"lazy\" \/><\/a><\/span><span><a href=\"https:\/\/wettbewerb-archiv.wir-tun-was-fuer-bienen.de\/archiv-2018\/eintrag\/totholzhecke-als-zaunelement\/\"><img decoding=\"async\" width=\"150\" height=\"150\" src=\"https:\/\/wettbewerb-archiv.wir-tun-was-fuer-bienen.de\/archiv-2018\/wp-content\/uploads\/sites\/2\/2018\/07\/20180321-Gemeinschaft-4-150x150.jpg\" class=\"attachment-thumbnail size-thumbnail\" alt=\"\" loading=\"lazy\" \/><\/a><\/span><span><a href=\"https:\/\/wettbewerb-archiv.wir-tun-was-fuer-bienen.de\/archiv-2018\/eintrag\/totholzhecke-als-zaunelement\/\"><img decoding=\"async\" width=\"150\" height=\"150\" src=\"https:\/\/wettbewerb-archiv.wir-tun-was-fuer-bienen.de\/archiv-2018\/wp-content\/uploads\/sites\/2\/2018\/07\/20180321-Gemeinschaft-1-150x150.jpg\" class=\"attachment-thumbnail size-thumbnail\" alt=\"\" loading=\"lazy\" \/><\/a><\/span><\/div>\n\n    <div class=\"user flex\">\n        \n                    <img decoding=\"async\" src=\"https:\/\/wettbewerb-archiv.wir-tun-was-fuer-bienen.de\/archiv-2018\/wp-content\/themes\/bienen\/assets\/images\/avatar-placeholder.png\" style=\"border-radius: 30px;\" height=\"30\" width=\"30\">\n            Permakulturverein Waldgeister e. V.            <\/div>\n    \n    \n            <p class=\"categories meta\" style=\"width: 100%\"><span class=\"fa fa-tag\"\n                                                             aria-hidden=\"true\"><\/span> Firmen-, Institutions- und Vereinsg\u00e4rten        <\/p>\n    \n            <p class=\"categories meta\" style=\"width: 100%\"><span class=\"fa fa-map-marker\"\n                                                             aria-hidden=\"true\"><\/span> Bayern        <\/p>\n    \n<\/article>\n   \n\t\t\n          <article id=\"post-8080\" class=\"et_pb_post post-8080 wtwfb_entry type-wtwfb_entry status-publish has-post-thumbnail hentry wtwfb_category-firmen-institutions-und-vereinsgaerten wtwfb_region-bayern\">\n    <h2 class=\"entry-title\"><a href=\"https:\/\/wettbewerb-archiv.wir-tun-was-fuer-bienen.de\/archiv-2018\/eintrag\/magerwiesen-blumenbeet-neuanlage\/\">Magerwiesen-Blumenbeet (Neuanlage)<\/a>\n    <\/h2>\n    <a href=\"https:\/\/wettbewerb-archiv.wir-tun-was-fuer-bienen.de\/archiv-2018\/eintrag\/magerwiesen-blumenbeet-neuanlage\/\">\n        <div class=\"bienen-entry-image\">\n            <img decoding=\"async\" width=\"400\" height=\"300\" src=\"https:\/\/wettbewerb-archiv.wir-tun-was-fuer-bienen.de\/archiv-2018\/wp-content\/uploads\/sites\/2\/2018\/07\/DSC008911-400x300.jpg\" class=\"attachment-bienen-grid-thumb size-bienen-grid-thumb wp-post-image\" alt=\"\" loading=\"lazy\" \/>                    <\/div>\n    <\/a>\n\n    <div class=\"images-grid\"><span><a href=\"https:\/\/wettbewerb-archiv.wir-tun-was-fuer-bienen.de\/archiv-2018\/eintrag\/magerwiesen-blumenbeet-neuanlage\/\"><img decoding=\"async\" width=\"150\" height=\"150\" src=\"https:\/\/wettbewerb-archiv.wir-tun-was-fuer-bienen.de\/archiv-2018\/wp-content\/uploads\/sites\/2\/2018\/07\/DSC00889-150x150.jpg\" class=\"attachment-thumbnail size-thumbnail\" alt=\"\" loading=\"lazy\" \/><\/a><\/span><span><a href=\"https:\/\/wettbewerb-archiv.wir-tun-was-fuer-bienen.de\/archiv-2018\/eintrag\/magerwiesen-blumenbeet-neuanlage\/\"><img decoding=\"async\" width=\"150\" height=\"150\" src=\"https:\/\/wettbewerb-archiv.wir-tun-was-fuer-bienen.de\/archiv-2018\/wp-content\/uploads\/sites\/2\/2018\/07\/DSC00891-150x150.jpg\" class=\"attachment-thumbnail size-thumbnail\" alt=\"\" loading=\"lazy\" \/><\/a><\/span><span><a href=\"https:\/\/wettbewerb-archiv.wir-tun-was-fuer-bienen.de\/archiv-2018\/eintrag\/magerwiesen-blumenbeet-neuanlage\/\"><img decoding=\"async\" width=\"150\" height=\"150\" src=\"https:\/\/wettbewerb-archiv.wir-tun-was-fuer-bienen.de\/archiv-2018\/wp-content\/uploads\/sites\/2\/2018\/07\/DSC00892-150x150.jpg\" class=\"attachment-thumbnail size-thumbnail\" alt=\"\" loading=\"lazy\" \/><\/a><\/span><span><a href=\"https:\/\/wettbewerb-archiv.wir-tun-was-fuer-bienen.de\/archiv-2018\/eintrag\/magerwiesen-blumenbeet-neuanlage\/\"><img decoding=\"async\" width=\"150\" height=\"150\" src=\"https:\/\/wettbewerb-archiv.wir-tun-was-fuer-bienen.de\/archiv-2018\/wp-content\/uploads\/sites\/2\/2018\/07\/DSC00899-150x150.jpg\" class=\"attachment-thumbnail size-thumbnail\" alt=\"\" loading=\"lazy\" \/><\/a><\/span><\/div>\n\n    <div class=\"user flex\">\n        \n                    <img decoding=\"async\" src=\"https:\/\/wettbewerb-archiv.wir-tun-was-fuer-bienen.de\/archiv-2018\/wp-content\/themes\/bienen\/assets\/images\/avatar-placeholder.png\" style=\"border-radius: 30px;\" height=\"30\" width=\"30\">\n            Permakulturverein Waldgeister e. V.            <\/div>\n    \n    \n            <p class=\"categories meta\" style=\"width: 100%\"><span class=\"fa fa-tag\"\n                                                             aria-hidden=\"true\"><\/span> Firmen-, Institutions- und Vereinsg\u00e4rten        <\/p>\n    \n            <p class=\"categories meta\" style=\"width: 100%\"><span class=\"fa fa-map-marker\"\n                                                             aria-hidden=\"true\"><\/span> Bayern        <\/p>\n    \n<\/article>\n   \n\t\t\n          <article id=\"post-8077\" class=\"et_pb_post post-8077 wtwfb_entry type-wtwfb_entry status-publish has-post-thumbnail hentry wtwfb_category-firmen-institutions-und-vereinsgaerten wtwfb_region-bayern\">\n    <h2 class=\"entry-title\"><a href=\"https:\/\/wettbewerb-archiv.wir-tun-was-fuer-bienen.de\/archiv-2018\/eintrag\/insekten-stamm\/\">Insekten-Stamm<\/a>\n    <\/h2>\n    <a href=\"https:\/\/wettbewerb-archiv.wir-tun-was-fuer-bienen.de\/archiv-2018\/eintrag\/insekten-stamm\/\">\n        <div class=\"bienen-entry-image\">\n            <img decoding=\"async\" width=\"400\" height=\"300\" src=\"https:\/\/wettbewerb-archiv.wir-tun-was-fuer-bienen.de\/archiv-2018\/wp-content\/uploads\/sites\/2\/2018\/07\/20180720-Insekten-Stamm-400x300.jpg\" class=\"attachment-bienen-grid-thumb size-bienen-grid-thumb wp-post-image\" alt=\"\" loading=\"lazy\" \/>                    <\/div>\n    <\/a>\n\n    <div class=\"images-grid\"><\/div>\n\n    <div class=\"user flex\">\n        \n                    <img decoding=\"async\" src=\"https:\/\/wettbewerb-archiv.wir-tun-was-fuer-bienen.de\/archiv-2018\/wp-content\/themes\/bienen\/assets\/images\/avatar-placeholder.png\" style=\"border-radius: 30px;\" height=\"30\" width=\"30\">\n            Permakulturverein Waldgeister e. V.            <\/div>\n    \n    \n            <p class=\"categories meta\" style=\"width: 100%\"><span class=\"fa fa-tag\"\n                                                             aria-hidden=\"true\"><\/span> Firmen-, Institutions- und Vereinsg\u00e4rten        <\/p>\n    \n            <p class=\"categories meta\" style=\"width: 100%\"><span class=\"fa fa-map-marker\"\n                                                             aria-hidden=\"true\"><\/span> Bayern        <\/p>\n    \n<\/article>\n   \n\t\t\n          <article id=\"post-8063\" class=\"et_pb_post post-8063 wtwfb_entry type-wtwfb_entry status-publish has-post-thumbnail hentry wtwfb_category-privatgaerten-und-gaerten-von-mietwohnungen-kleiner-500-quadratmeter wtwfb_region-nordrhein-westfalen\">\n    <h2 class=\"entry-title\"><a href=\"https:\/\/wettbewerb-archiv.wir-tun-was-fuer-bienen.de\/archiv-2018\/eintrag\/inspiriert-gemacht-bewundert\/\">Inspiriert &#8211; Gemacht &#8211; Bewundert<\/a>\n    <\/h2>\n    <a href=\"https:\/\/wettbewerb-archiv.wir-tun-was-fuer-bienen.de\/archiv-2018\/eintrag\/inspiriert-gemacht-bewundert\/\">\n        <div class=\"bienen-entry-image\">\n            <img decoding=\"async\" width=\"400\" height=\"300\" src=\"https:\/\/wettbewerb-archiv.wir-tun-was-fuer-bienen.de\/archiv-2018\/wp-content\/uploads\/sites\/2\/2018\/07\/image2-Kopie-400x300.jpg\" class=\"attachment-bienen-grid-thumb size-bienen-grid-thumb wp-post-image\" alt=\"\" loading=\"lazy\" srcset=\"https:\/\/wettbewerb-archiv.wir-tun-was-fuer-bienen.de\/archiv-2018\/wp-content\/uploads\/sites\/2\/2018\/07\/image2-Kopie-400x300.jpg 400w, https:\/\/wettbewerb-archiv.wir-tun-was-fuer-bienen.de\/archiv-2018\/wp-content\/uploads\/sites\/2\/2018\/07\/image2-Kopie-300x225.jpg 300w, https:\/\/wettbewerb-archiv.wir-tun-was-fuer-bienen.de\/archiv-2018\/wp-content\/uploads\/sites\/2\/2018\/07\/image2-Kopie.jpg 640w\" sizes=\"(max-width: 400px) 100vw, 400px\" \/>                    <\/div>\n    <\/a>\n\n    <div class=\"images-grid\"><span><a href=\"https:\/\/wettbewerb-archiv.wir-tun-was-fuer-bienen.de\/archiv-2018\/eintrag\/inspiriert-gemacht-bewundert\/\"><img decoding=\"async\" width=\"150\" height=\"150\" src=\"https:\/\/wettbewerb-archiv.wir-tun-was-fuer-bienen.de\/archiv-2018\/wp-content\/uploads\/sites\/2\/2018\/07\/Fr\u00e4se2-150x150.jpg\" class=\"attachment-thumbnail size-thumbnail\" alt=\"\" loading=\"lazy\" \/><\/a><\/span><span><a href=\"https:\/\/wettbewerb-archiv.wir-tun-was-fuer-bienen.de\/archiv-2018\/eintrag\/inspiriert-gemacht-bewundert\/\"><img decoding=\"async\" width=\"150\" height=\"150\" src=\"https:\/\/wettbewerb-archiv.wir-tun-was-fuer-bienen.de\/archiv-2018\/wp-content\/uploads\/sites\/2\/2018\/07\/IMG_2200-150x150.jpg\" class=\"attachment-thumbnail size-thumbnail\" alt=\"\" loading=\"lazy\" \/><\/a><\/span><span><a href=\"https:\/\/wettbewerb-archiv.wir-tun-was-fuer-bienen.de\/archiv-2018\/eintrag\/inspiriert-gemacht-bewundert\/\"><img decoding=\"async\" width=\"150\" height=\"150\" src=\"https:\/\/wettbewerb-archiv.wir-tun-was-fuer-bienen.de\/archiv-2018\/wp-content\/uploads\/sites\/2\/2018\/07\/IMG_2201-150x150.jpg\" class=\"attachment-thumbnail size-thumbnail\" alt=\"\" loading=\"lazy\" \/><\/a><\/span><\/div>\n\n    <div class=\"user flex\">\n        \n                    <img decoding=\"async\" src=\"https:\/\/wettbewerb-archiv.wir-tun-was-fuer-bienen.de\/archiv-2018\/wp-content\/themes\/bienen\/assets\/images\/avatar-placeholder.png\" style=\"border-radius: 30px;\" height=\"30\" width=\"30\">\n            2500qm Rasen in summende Blumenwiese verwandelt            <\/div>\n    \n    \n            <p class=\"categories meta\" style=\"width: 100%\"><span class=\"fa fa-tag\"\n                                                             aria-hidden=\"true\"><\/span> Privatg\u00e4rten und G\u00e4rten von Mietwohnungen (kleiner als 500 Quadratmeter)        <\/p>\n    \n            <p class=\"categories meta\" style=\"width: 100%\"><span class=\"fa fa-map-marker\"\n                                                             aria-hidden=\"true\"><\/span> Nordrhein-Westfalen        <\/p>\n    \n<\/article>\n   \n\t\t\n          <article id=\"post-7982\" class=\"et_pb_post post-7982 wtwfb_entry type-wtwfb_entry status-publish hentry wtwfb_category-schul-und-jugendclub-gaerten wtwfb_region-brandenburg\">\n    <h2 class=\"entry-title\"><a href=\"https:\/\/wettbewerb-archiv.wir-tun-was-fuer-bienen.de\/archiv-2018\/eintrag\/bienenweide-und-gruene-messe-auf-dem-bildungscampus-neuenhagen\/\">Bienenweide und Gr\u00fcne Messe auf dem Bildungscampus Neu...<\/a>\n    <\/h2>\n    <a href=\"https:\/\/wettbewerb-archiv.wir-tun-was-fuer-bienen.de\/archiv-2018\/eintrag\/bienenweide-und-gruene-messe-auf-dem-bildungscampus-neuenhagen\/\">\n        <div class=\"bienen-entry-image\">\n                                <\/div>\n    <\/a>\n\n    <div class=\"images-grid\"><span><a href=\"https:\/\/wettbewerb-archiv.wir-tun-was-fuer-bienen.de\/archiv-2018\/eintrag\/bienenweide-und-gruene-messe-auf-dem-bildungscampus-neuenhagen\/\"><img decoding=\"async\" width=\"150\" height=\"150\" src=\"https:\/\/wettbewerb-archiv.wir-tun-was-fuer-bienen.de\/archiv-2018\/wp-content\/uploads\/sites\/2\/2018\/07\/IMG_20180612_132201-150x150.jpg\" class=\"attachment-thumbnail size-thumbnail\" alt=\"\" loading=\"lazy\" \/><\/a><\/span><span><a href=\"https:\/\/wettbewerb-archiv.wir-tun-was-fuer-bienen.de\/archiv-2018\/eintrag\/bienenweide-und-gruene-messe-auf-dem-bildungscampus-neuenhagen\/\"><img decoding=\"async\" width=\"150\" height=\"150\" src=\"https:\/\/wettbewerb-archiv.wir-tun-was-fuer-bienen.de\/archiv-2018\/wp-content\/uploads\/sites\/2\/2018\/07\/IMG_20180703_134455_1-150x150.jpg\" class=\"attachment-thumbnail size-thumbnail\" alt=\"\" loading=\"lazy\" \/><\/a><\/span><span><a href=\"https:\/\/wettbewerb-archiv.wir-tun-was-fuer-bienen.de\/archiv-2018\/eintrag\/bienenweide-und-gruene-messe-auf-dem-bildungscampus-neuenhagen\/\"><img decoding=\"async\" width=\"150\" height=\"150\" src=\"https:\/\/wettbewerb-archiv.wir-tun-was-fuer-bienen.de\/archiv-2018\/wp-content\/uploads\/sites\/2\/2018\/07\/IMG_20180526_113140-150x150.jpg\" class=\"attachment-thumbnail size-thumbnail\" alt=\"\" loading=\"lazy\" \/><\/a><\/span><\/div>\n\n    <div class=\"user flex\">\n                    <img decoding=\"async\" src=\"https:\/\/wettbewerb-archiv.wir-tun-was-fuer-bienen.de\/archiv-2018\/wp-content\/themes\/bienen\/assets\/images\/avatar-placeholder.png\" style=\"border-radius: 30px;\" height=\"30\" width=\"30\">\n            <a href=\"https:\/\/wettbewerb-archiv.wir-tun-was-fuer-bienen.de\/archiv-2018\/gruppe\/bienenweide-und-gruene-messe-auf-dem-bildungscampus-neuenhagen\/\" title=\"Beitr\u00e4ge von Bienenweide und Gr\u00fcne Messe auf dem Bildungscampus Neuenhagen\"\n               rel=\"author\">Bienenweide und Gr\u00fcne Messe auf dem Bildungscampus Neuenhagen<\/a>\n            <\/div>\n    \n    \n            <p class=\"categories meta\" style=\"width: 100%\"><span class=\"fa fa-tag\"\n                                                             aria-hidden=\"true\"><\/span> Schul- und Jugendclub-G\u00e4rten        <\/p>\n    \n            <p class=\"categories meta\" style=\"width: 100%\"><span class=\"fa fa-map-marker\"\n                                                             aria-hidden=\"true\"><\/span> Brandenburg        <\/p>\n    \n<\/article>\n   \n\t\t\n          <article id=\"post-7970\" class=\"et_pb_post post-7970 wtwfb_entry type-wtwfb_entry status-publish has-post-thumbnail hentry wtwfb_category-privatgaerten-und-gaerten-von-mietwohnungen-kleiner-500-quadratmeter wtwfb_region-baden-wuerttemberg\">\n    <h2 class=\"entry-title\"><a href=\"https:\/\/wettbewerb-archiv.wir-tun-was-fuer-bienen.de\/archiv-2018\/eintrag\/juli\/\">Juli<\/a>\n    <\/h2>\n    <a href=\"https:\/\/wettbewerb-archiv.wir-tun-was-fuer-bienen.de\/archiv-2018\/eintrag\/juli\/\">\n        <div class=\"bienen-entry-image\">\n            <img decoding=\"async\" width=\"400\" height=\"300\" src=\"https:\/\/wettbewerb-archiv.wir-tun-was-fuer-bienen.de\/archiv-2018\/wp-content\/uploads\/sites\/2\/2018\/07\/DSC05093-400x300.jpg\" class=\"attachment-bienen-grid-thumb size-bienen-grid-thumb wp-post-image\" alt=\"\" loading=\"lazy\" \/>                    <\/div>\n    <\/a>\n\n    <div class=\"images-grid\"><span><a href=\"https:\/\/wettbewerb-archiv.wir-tun-was-fuer-bienen.de\/archiv-2018\/eintrag\/juli\/\"><img decoding=\"async\" width=\"150\" height=\"150\" src=\"https:\/\/wettbewerb-archiv.wir-tun-was-fuer-bienen.de\/archiv-2018\/wp-content\/uploads\/sites\/2\/2018\/07\/DSC03306-150x150.jpg\" class=\"attachment-thumbnail size-thumbnail\" alt=\"\" loading=\"lazy\" \/><\/a><\/span><span><a href=\"https:\/\/wettbewerb-archiv.wir-tun-was-fuer-bienen.de\/archiv-2018\/eintrag\/juli\/\"><img decoding=\"async\" width=\"150\" height=\"150\" src=\"https:\/\/wettbewerb-archiv.wir-tun-was-fuer-bienen.de\/archiv-2018\/wp-content\/uploads\/sites\/2\/2018\/07\/DSC05121-150x150.jpg\" class=\"attachment-thumbnail size-thumbnail\" alt=\"\" loading=\"lazy\" \/><\/a><\/span><span><a href=\"https:\/\/wettbewerb-archiv.wir-tun-was-fuer-bienen.de\/archiv-2018\/eintrag\/juli\/\"><img decoding=\"async\" width=\"150\" height=\"150\" src=\"https:\/\/wettbewerb-archiv.wir-tun-was-fuer-bienen.de\/archiv-2018\/wp-content\/uploads\/sites\/2\/2018\/07\/APC_1057-150x150.jpg\" class=\"attachment-thumbnail size-thumbnail\" alt=\"\" loading=\"lazy\" \/><\/a><\/span><span><a href=\"https:\/\/wettbewerb-archiv.wir-tun-was-fuer-bienen.de\/archiv-2018\/eintrag\/juli\/\"><img decoding=\"async\" width=\"150\" height=\"150\" src=\"https:\/\/wettbewerb-archiv.wir-tun-was-fuer-bienen.de\/archiv-2018\/wp-content\/uploads\/sites\/2\/2018\/07\/APC_0833-150x150.jpg\" class=\"attachment-thumbnail size-thumbnail\" alt=\"\" loading=\"lazy\" \/><\/a><\/span><\/div>\n\n    <div class=\"user flex\">\n        \n                    <img decoding=\"async\" src=\"https:\/\/wettbewerb-archiv.wir-tun-was-fuer-bienen.de\/archiv-2018\/wp-content\/themes\/bienen\/assets\/images\/avatar-placeholder.png\" style=\"border-radius: 30px;\" height=\"30\" width=\"30\">\n            Ursula Sch\u00f6rverth            <\/div>\n    \n    \n            <p class=\"categories meta\" style=\"width: 100%\"><span class=\"fa fa-tag\"\n                                                             aria-hidden=\"true\"><\/span> Privatg\u00e4rten und G\u00e4rten von Mietwohnungen (kleiner als 500 Quadratmeter)        <\/p>\n    \n            <p class=\"categories meta\" style=\"width: 100%\"><span class=\"fa fa-map-marker\"\n                                                             aria-hidden=\"true\"><\/span> Baden-W\u00fcrttemberg        <\/p>\n    \n<\/article>\n   \n\t\t\n          <article id=\"post-7914\" class=\"et_pb_post post-7914 wtwfb_entry type-wtwfb_entry status-publish has-post-thumbnail hentry wtwfb_category-schul-und-jugendclub-gaerten wtwfb_region-nordrhein-westfalen\">\n    <h2 class=\"entry-title\"><a href=\"https:\/\/wettbewerb-archiv.wir-tun-was-fuer-bienen.de\/archiv-2018\/eintrag\/wildblumen-willkommen\/\">Fr\u00fchbl\u00fcher und einheimische Wildkr\u00e4uter willkommen<\/a>\n    <\/h2>\n    <a href=\"https:\/\/wettbewerb-archiv.wir-tun-was-fuer-bienen.de\/archiv-2018\/eintrag\/wildblumen-willkommen\/\">\n        <div class=\"bienen-entry-image\">\n            <img decoding=\"async\" width=\"400\" height=\"300\" src=\"https:\/\/wettbewerb-archiv.wir-tun-was-fuer-bienen.de\/archiv-2018\/wp-content\/uploads\/sites\/2\/2018\/07\/Phacelia-Hauptbild-400x300.jpg\" class=\"attachment-bienen-grid-thumb size-bienen-grid-thumb wp-post-image\" alt=\"\" loading=\"lazy\" \/>                    <\/div>\n    <\/a>\n\n    <div class=\"images-grid\"><span><a href=\"https:\/\/wettbewerb-archiv.wir-tun-was-fuer-bienen.de\/archiv-2018\/eintrag\/wildblumen-willkommen\/\"><img decoding=\"async\" width=\"150\" height=\"150\" src=\"https:\/\/wettbewerb-archiv.wir-tun-was-fuer-bienen.de\/archiv-2018\/wp-content\/uploads\/sites\/2\/2018\/07\/Setzen-von-Fr\u00fchbl\u00fchern-2-150x150.jpg\" class=\"attachment-thumbnail size-thumbnail\" alt=\"\" loading=\"lazy\" \/><\/a><\/span><\/div>\n\n    <div class=\"user flex\">\n        \n                    <img decoding=\"async\" src=\"https:\/\/wettbewerb-archiv.wir-tun-was-fuer-bienen.de\/archiv-2018\/wp-content\/themes\/bienen\/assets\/images\/avatar-placeholder.png\" style=\"border-radius: 30px;\" height=\"30\" width=\"30\">\n            Bio-AG des Clara-Schumann-Gymnasiums Holzwickede            <\/div>\n    \n    \n            <p class=\"categories meta\" style=\"width: 100%\"><span class=\"fa fa-tag\"\n                                                             aria-hidden=\"true\"><\/span> Schul- und Jugendclub-G\u00e4rten        <\/p>\n    \n            <p class=\"categories meta\" style=\"width: 100%\"><span class=\"fa fa-map-marker\"\n                                                             aria-hidden=\"true\"><\/span> Nordrhein-Westfalen        <\/p>\n    \n<\/article>\n   \n\t\t\n          <article id=\"post-7908\" class=\"et_pb_post post-7908 wtwfb_entry type-wtwfb_entry status-publish has-post-thumbnail hentry wtwfb_category-schul-und-jugendclub-gaerten wtwfb_region-nordrhein-westfalen\">\n    <h2 class=\"entry-title\"><a href=\"https:\/\/wettbewerb-archiv.wir-tun-was-fuer-bienen.de\/archiv-2018\/eintrag\/insektenstadt\/\">Siedlung f\u00fcr Insekten<\/a>\n    <\/h2>\n    <a href=\"https:\/\/wettbewerb-archiv.wir-tun-was-fuer-bienen.de\/archiv-2018\/eintrag\/insektenstadt\/\">\n        <div class=\"bienen-entry-image\">\n            <img decoding=\"async\" width=\"400\" height=\"300\" src=\"https:\/\/wettbewerb-archiv.wir-tun-was-fuer-bienen.de\/archiv-2018\/wp-content\/uploads\/sites\/2\/2018\/07\/Siedlung-f\u00fcr-Insekten--400x300.jpg\" class=\"attachment-bienen-grid-thumb size-bienen-grid-thumb wp-post-image\" alt=\"\" loading=\"lazy\" \/>                    <\/div>\n    <\/a>\n\n    <div class=\"images-grid\"><span><a href=\"https:\/\/wettbewerb-archiv.wir-tun-was-fuer-bienen.de\/archiv-2018\/eintrag\/insektenstadt\/\"><img decoding=\"async\" width=\"150\" height=\"150\" src=\"https:\/\/wettbewerb-archiv.wir-tun-was-fuer-bienen.de\/archiv-2018\/wp-content\/uploads\/sites\/2\/2018\/07\/Baus-eines-Hauses-150x150.jpg\" class=\"attachment-thumbnail size-thumbnail\" alt=\"\" loading=\"lazy\" \/><\/a><\/span><span><a href=\"https:\/\/wettbewerb-archiv.wir-tun-was-fuer-bienen.de\/archiv-2018\/eintrag\/insektenstadt\/\"><img decoding=\"async\" width=\"150\" height=\"150\" src=\"https:\/\/wettbewerb-archiv.wir-tun-was-fuer-bienen.de\/archiv-2018\/wp-content\/uploads\/sites\/2\/2018\/07\/Bau-einer-Kirche-150x150.jpg\" class=\"attachment-thumbnail size-thumbnail\" alt=\"\" loading=\"lazy\" \/><\/a><\/span><\/div>\n\n    <div class=\"user flex\">\n        \n                    <img decoding=\"async\" src=\"https:\/\/wettbewerb-archiv.wir-tun-was-fuer-bienen.de\/archiv-2018\/wp-content\/themes\/bienen\/assets\/images\/avatar-placeholder.png\" style=\"border-radius: 30px;\" height=\"30\" width=\"30\">\n            Bio-AG des Clara-Schumann-Gymnasiums Holzwickede            <\/div>\n    \n    \n            <p class=\"categories meta\" style=\"width: 100%\"><span class=\"fa fa-tag\"\n                                                             aria-hidden=\"true\"><\/span> Schul- und Jugendclub-G\u00e4rten        <\/p>\n    \n            <p class=\"categories meta\" style=\"width: 100%\"><span class=\"fa fa-map-marker\"\n                                                             aria-hidden=\"true\"><\/span> Nordrhein-Westfalen        <\/p>\n    \n<\/article>\n   \n\t\t\n          <article id=\"post-7871\" class=\"et_pb_post post-7871 wtwfb_entry type-wtwfb_entry status-publish has-post-thumbnail hentry wtwfb_category-balkone-terrassen-dachbegruenung-vertikale-gaerten wtwfb_region-nordrhein-westfalen\">\n    <h2 class=\"entry-title\"><a href=\"https:\/\/wettbewerb-archiv.wir-tun-was-fuer-bienen.de\/archiv-2018\/eintrag\/insektenhotel-2\/\">Insektenhotel<\/a>\n    <\/h2>\n    <a href=\"https:\/\/wettbewerb-archiv.wir-tun-was-fuer-bienen.de\/archiv-2018\/eintrag\/insektenhotel-2\/\">\n        <div class=\"bienen-entry-image\">\n            <img decoding=\"async\" width=\"400\" height=\"300\" src=\"https:\/\/wettbewerb-archiv.wir-tun-was-fuer-bienen.de\/archiv-2018\/wp-content\/uploads\/sites\/2\/2018\/07\/Baumscheibe-2-Kopie-400x300.jpg\" class=\"attachment-bienen-grid-thumb size-bienen-grid-thumb wp-post-image\" alt=\"\" loading=\"lazy\" srcset=\"https:\/\/wettbewerb-archiv.wir-tun-was-fuer-bienen.de\/archiv-2018\/wp-content\/uploads\/sites\/2\/2018\/07\/Baumscheibe-2-Kopie-400x300.jpg 400w, https:\/\/wettbewerb-archiv.wir-tun-was-fuer-bienen.de\/archiv-2018\/wp-content\/uploads\/sites\/2\/2018\/07\/Baumscheibe-2-Kopie-300x225.jpg 300w, https:\/\/wettbewerb-archiv.wir-tun-was-fuer-bienen.de\/archiv-2018\/wp-content\/uploads\/sites\/2\/2018\/07\/Baumscheibe-2-Kopie-768x576.jpg 768w, https:\/\/wettbewerb-archiv.wir-tun-was-fuer-bienen.de\/archiv-2018\/wp-content\/uploads\/sites\/2\/2018\/07\/Baumscheibe-2-Kopie-1024x768.jpg 1024w, https:\/\/wettbewerb-archiv.wir-tun-was-fuer-bienen.de\/archiv-2018\/wp-content\/uploads\/sites\/2\/2018\/07\/Baumscheibe-2-Kopie-1320x990.jpg 1320w, https:\/\/wettbewerb-archiv.wir-tun-was-fuer-bienen.de\/archiv-2018\/wp-content\/uploads\/sites\/2\/2018\/07\/Baumscheibe-2-Kopie.jpg 1920w\" sizes=\"(max-width: 400px) 100vw, 400px\" \/>                    <\/div>\n    <\/a>\n\n    <div class=\"images-grid\"><\/div>\n\n    <div class=\"user flex\">\n        \n                    <img decoding=\"async\" src=\"https:\/\/wettbewerb-archiv.wir-tun-was-fuer-bienen.de\/archiv-2018\/wp-content\/themes\/bienen\/assets\/images\/avatar-placeholder.png\" style=\"border-radius: 30px;\" height=\"30\" width=\"30\">\n            Insektenhotel mit 529 Zimmern            <\/div>\n    \n    \n            <p class=\"categories meta\" style=\"width: 100%\"><span class=\"fa fa-tag\"\n                                                             aria-hidden=\"true\"><\/span> Balkone, Terrassen, Dachbegr\u00fcnung, vertikale G\u00e4rten        <\/p>\n    \n            <p class=\"categories meta\" style=\"width: 100%\"><span class=\"fa fa-map-marker\"\n                                                             aria-hidden=\"true\"><\/span> Nordrhein-Westfalen        <\/p>\n    \n<\/article>\n   \n\t\t\n          <article id=\"post-7868\" class=\"et_pb_post post-7868 wtwfb_entry type-wtwfb_entry status-publish has-post-thumbnail hentry wtwfb_category-privatgaerten-und-gaerten-von-mietwohnungen-kleiner-500-quadratmeter wtwfb_region-nordrhein-westfalen\">\n    <h2 class=\"entry-title\"><a href=\"https:\/\/wettbewerb-archiv.wir-tun-was-fuer-bienen.de\/archiv-2018\/eintrag\/ein-garten-wird-wild\/\">EIN GARTEN WIRD WILD&#8230;<\/a>\n    <\/h2>\n    <a href=\"https:\/\/wettbewerb-archiv.wir-tun-was-fuer-bienen.de\/archiv-2018\/eintrag\/ein-garten-wird-wild\/\">\n        <div class=\"bienen-entry-image\">\n            <img decoding=\"async\" width=\"400\" height=\"300\" src=\"https:\/\/wettbewerb-archiv.wir-tun-was-fuer-bienen.de\/archiv-2018\/wp-content\/uploads\/sites\/2\/2018\/07\/Profilbild-400x300.jpg\" class=\"attachment-bienen-grid-thumb size-bienen-grid-thumb wp-post-image\" alt=\"\" loading=\"lazy\" \/>                    <\/div>\n    <\/a>\n\n    <div class=\"images-grid\"><span><a href=\"https:\/\/wettbewerb-archiv.wir-tun-was-fuer-bienen.de\/archiv-2018\/eintrag\/ein-garten-wird-wild\/\"><img decoding=\"async\" width=\"150\" height=\"150\" src=\"https:\/\/wettbewerb-archiv.wir-tun-was-fuer-bienen.de\/archiv-2018\/wp-content\/uploads\/sites\/2\/2018\/07\/Arbeiten-am-Frostsicherem-Lesesteinhaufen-150x150.jpg\" class=\"attachment-thumbnail size-thumbnail\" alt=\"\" loading=\"lazy\" \/><\/a><\/span><span><a href=\"https:\/\/wettbewerb-archiv.wir-tun-was-fuer-bienen.de\/archiv-2018\/eintrag\/ein-garten-wird-wild\/\"><img decoding=\"async\" width=\"150\" height=\"150\" src=\"https:\/\/wettbewerb-archiv.wir-tun-was-fuer-bienen.de\/archiv-2018\/wp-content\/uploads\/sites\/2\/2018\/07\/Bau-Frostsicherer-Lesesteinhaufen-150x150.jpg\" class=\"attachment-thumbnail size-thumbnail\" alt=\"\" loading=\"lazy\" \/><\/a><\/span><span><a href=\"https:\/\/wettbewerb-archiv.wir-tun-was-fuer-bienen.de\/archiv-2018\/eintrag\/ein-garten-wird-wild\/\"><img decoding=\"async\" width=\"150\" height=\"150\" src=\"https:\/\/wettbewerb-archiv.wir-tun-was-fuer-bienen.de\/archiv-2018\/wp-content\/uploads\/sites\/2\/2018\/07\/Summende-Insekten-2-150x150.jpg\" class=\"attachment-thumbnail size-thumbnail\" alt=\"\" loading=\"lazy\" \/><\/a><\/span><span><a href=\"https:\/\/wettbewerb-archiv.wir-tun-was-fuer-bienen.de\/archiv-2018\/eintrag\/ein-garten-wird-wild\/\"><img decoding=\"async\" width=\"150\" height=\"150\" src=\"https:\/\/wettbewerb-archiv.wir-tun-was-fuer-bienen.de\/archiv-2018\/wp-content\/uploads\/sites\/2\/2018\/07\/Tigerschnegel--150x150.jpg\" class=\"attachment-thumbnail size-thumbnail\" alt=\"\" loading=\"lazy\" \/><\/a><\/span><\/div>\n\n    <div class=\"user flex\">\n        \n                    <img decoding=\"async\" src=\"https:\/\/wettbewerb-archiv.wir-tun-was-fuer-bienen.de\/archiv-2018\/wp-content\/themes\/bienen\/assets\/images\/avatar-placeholder.png\" style=\"border-radius: 30px;\" height=\"30\" width=\"30\">\n            Garten(t)r\u00e4umchen            <\/div>\n    \n    \n            <p class=\"categories meta\" style=\"width: 100%\"><span class=\"fa fa-tag\"\n                                                             aria-hidden=\"true\"><\/span> Privatg\u00e4rten und G\u00e4rten von Mietwohnungen (kleiner als 500 Quadratmeter)        <\/p>\n    \n            <p class=\"categories meta\" style=\"width: 100%\"><span class=\"fa fa-map-marker\"\n                                                             aria-hidden=\"true\"><\/span> Nordrhein-Westfalen        <\/p>\n    \n<\/article>\n   \n\t\t\n          <article id=\"post-7803\" class=\"et_pb_post post-7803 wtwfb_entry type-wtwfb_entry status-publish has-post-thumbnail hentry wtwfb_category-privatgaerten-und-gaerten-von-mietwohnungen-kleiner-500-quadratmeter wtwfb_region-nordrhein-westfalen\">\n    <h2 class=\"entry-title\"><a href=\"https:\/\/wettbewerb-archiv.wir-tun-was-fuer-bienen.de\/archiv-2018\/eintrag\/ein-garten-fuer-biene-maja-3\/\">Ein Garten f\u00fcr Biene Maja<\/a>\n    <\/h2>\n    <a href=\"https:\/\/wettbewerb-archiv.wir-tun-was-fuer-bienen.de\/archiv-2018\/eintrag\/ein-garten-fuer-biene-maja-3\/\">\n        <div class=\"bienen-entry-image\">\n            <img decoding=\"async\" width=\"400\" height=\"300\" src=\"https:\/\/wettbewerb-archiv.wir-tun-was-fuer-bienen.de\/archiv-2018\/wp-content\/uploads\/sites\/2\/2018\/07\/bienemaja-1-400x300.jpg\" class=\"attachment-bienen-grid-thumb size-bienen-grid-thumb wp-post-image\" alt=\"\" loading=\"lazy\" \/>                    <\/div>\n    <\/a>\n\n    <div class=\"images-grid\"><span><a href=\"https:\/\/wettbewerb-archiv.wir-tun-was-fuer-bienen.de\/archiv-2018\/eintrag\/ein-garten-fuer-biene-maja-3\/\"><img decoding=\"async\" width=\"150\" height=\"150\" src=\"https:\/\/wettbewerb-archiv.wir-tun-was-fuer-bienen.de\/archiv-2018\/wp-content\/uploads\/sites\/2\/2018\/07\/hacken-1-150x150.jpg\" class=\"attachment-thumbnail size-thumbnail\" alt=\"\" loading=\"lazy\" \/><\/a><\/span><span><a href=\"https:\/\/wettbewerb-archiv.wir-tun-was-fuer-bienen.de\/archiv-2018\/eintrag\/ein-garten-fuer-biene-maja-3\/\"><img decoding=\"async\" width=\"150\" height=\"150\" src=\"https:\/\/wettbewerb-archiv.wir-tun-was-fuer-bienen.de\/archiv-2018\/wp-content\/uploads\/sites\/2\/2018\/07\/samen-1-150x150.jpg\" class=\"attachment-thumbnail size-thumbnail\" alt=\"\" loading=\"lazy\" \/><\/a><\/span><span><a href=\"https:\/\/wettbewerb-archiv.wir-tun-was-fuer-bienen.de\/archiv-2018\/eintrag\/ein-garten-fuer-biene-maja-3\/\"><img decoding=\"async\" width=\"150\" height=\"150\" src=\"https:\/\/wettbewerb-archiv.wir-tun-was-fuer-bienen.de\/archiv-2018\/wp-content\/uploads\/sites\/2\/2018\/07\/gie\u00dfen-1-150x150.jpg\" class=\"attachment-thumbnail size-thumbnail\" alt=\"\" loading=\"lazy\" \/><\/a><\/span><span><a href=\"https:\/\/wettbewerb-archiv.wir-tun-was-fuer-bienen.de\/archiv-2018\/eintrag\/ein-garten-fuer-biene-maja-3\/\"><img decoding=\"async\" width=\"150\" height=\"150\" src=\"https:\/\/wettbewerb-archiv.wir-tun-was-fuer-bienen.de\/archiv-2018\/wp-content\/uploads\/sites\/2\/2018\/07\/bienenbeet_mai-1-150x150.jpg\" class=\"attachment-thumbnail size-thumbnail\" alt=\"\" loading=\"lazy\" \/><\/a><\/span><\/div>\n\n    <div class=\"user flex\">\n        \n                    <img decoding=\"async\" src=\"https:\/\/wettbewerb-archiv.wir-tun-was-fuer-bienen.de\/archiv-2018\/wp-content\/themes\/bienen\/assets\/images\/avatar-placeholder.png\" style=\"border-radius: 30px;\" height=\"30\" width=\"30\">\n            Bienenfreunde            <\/div>\n    \n    \n            <p class=\"categories meta\" style=\"width: 100%\"><span class=\"fa fa-tag\"\n                                                             aria-hidden=\"true\"><\/span> Privatg\u00e4rten und G\u00e4rten von Mietwohnungen (kleiner als 500 Quadratmeter)        <\/p>\n    \n            <p class=\"categories meta\" style=\"width: 100%\"><span class=\"fa fa-map-marker\"\n                                                             aria-hidden=\"true\"><\/span> Nordrhein-Westfalen        <\/p>\n    \n<\/article>\n   \n\t\t\n          <article id=\"post-7734\" class=\"et_pb_post post-7734 wtwfb_entry type-wtwfb_entry status-publish has-post-thumbnail hentry wtwfb_category-kommunale-flaechen-parks-baumscheiben wtwfb_region-bremen\">\n    <h2 class=\"entry-title\"><a href=\"https:\/\/wettbewerb-archiv.wir-tun-was-fuer-bienen.de\/archiv-2018\/eintrag\/projekt-kita-bremen-2018-zufahrtsbereich\/\">Projekt Kita Bremen 2018 Zufahrtsbereich<\/a>\n    <\/h2>\n    <a href=\"https:\/\/wettbewerb-archiv.wir-tun-was-fuer-bienen.de\/archiv-2018\/eintrag\/projekt-kita-bremen-2018-zufahrtsbereich\/\">\n        <div class=\"bienen-entry-image\">\n            <img decoding=\"async\" width=\"400\" height=\"300\" src=\"https:\/\/wettbewerb-archiv.wir-tun-was-fuer-bienen.de\/archiv-2018\/wp-content\/uploads\/sites\/2\/2018\/07\/HauptbildBeet-400x300.jpg\" class=\"attachment-bienen-grid-thumb size-bienen-grid-thumb wp-post-image\" alt=\"\" loading=\"lazy\" \/>                    <\/div>\n    <\/a>\n\n    <div class=\"images-grid\"><\/div>\n\n    <div class=\"user flex\">\n        \n                    <img decoding=\"async\" src=\"https:\/\/wettbewerb-archiv.wir-tun-was-fuer-bienen.de\/archiv-2018\/wp-content\/themes\/bienen\/assets\/images\/avatar-placeholder.png\" style=\"border-radius: 30px;\" height=\"30\" width=\"30\">\n            Heiko Fritschen            <\/div>\n    \n    \n            <p class=\"categories meta\" style=\"width: 100%\"><span class=\"fa fa-tag\"\n                                                             aria-hidden=\"true\"><\/span> Kommunale Fl\u00e4chen, Parks, Baumscheiben        <\/p>\n    \n            <p class=\"categories meta\" style=\"width: 100%\"><span class=\"fa fa-map-marker\"\n                                                             aria-hidden=\"true\"><\/span> Bremen        <\/p>\n    \n<\/article>\n   \n\t\t\n          <article id=\"post-7731\" class=\"et_pb_post post-7731 wtwfb_entry type-wtwfb_entry status-publish has-post-thumbnail hentry wtwfb_category-kommunale-flaechen-parks-baumscheiben wtwfb_region-bremen\">\n    <h2 class=\"entry-title\"><a href=\"https:\/\/wettbewerb-archiv.wir-tun-was-fuer-bienen.de\/archiv-2018\/eintrag\/projekt-kita-bremen-petitionen-2018\/\">Projekt Kita Bremen Petitionen f\u00fcr Kids 2018<\/a>\n    <\/h2>\n    <a href=\"https:\/\/wettbewerb-archiv.wir-tun-was-fuer-bienen.de\/archiv-2018\/eintrag\/projekt-kita-bremen-petitionen-2018\/\">\n        <div class=\"bienen-entry-image\">\n            <img decoding=\"async\" width=\"400\" height=\"300\" src=\"https:\/\/wettbewerb-archiv.wir-tun-was-fuer-bienen.de\/archiv-2018\/wp-content\/uploads\/sites\/2\/2018\/07\/Bild_Pet2_3-400x300.jpg\" class=\"attachment-bienen-grid-thumb size-bienen-grid-thumb wp-post-image\" alt=\"\" loading=\"lazy\" \/>                    <\/div>\n    <\/a>\n\n    <div class=\"images-grid\"><span><a href=\"https:\/\/wettbewerb-archiv.wir-tun-was-fuer-bienen.de\/archiv-2018\/eintrag\/projekt-kita-bremen-petitionen-2018\/\"><img decoding=\"async\" width=\"150\" height=\"150\" src=\"https:\/\/wettbewerb-archiv.wir-tun-was-fuer-bienen.de\/archiv-2018\/wp-content\/uploads\/sites\/2\/2018\/07\/Beispiel-Petition-1-1800-DPI-150x150.jpg\" class=\"attachment-thumbnail size-thumbnail\" alt=\"\" loading=\"lazy\" \/><\/a><\/span><span><a href=\"https:\/\/wettbewerb-archiv.wir-tun-was-fuer-bienen.de\/archiv-2018\/eintrag\/projekt-kita-bremen-petitionen-2018\/\"><img decoding=\"async\" width=\"150\" height=\"150\" src=\"https:\/\/wettbewerb-archiv.wir-tun-was-fuer-bienen.de\/archiv-2018\/wp-content\/uploads\/sites\/2\/2018\/07\/Beispiel-Petition-2-1800-DPI-150x150.jpg\" class=\"attachment-thumbnail size-thumbnail\" alt=\"\" loading=\"lazy\" \/><\/a><\/span><span><a href=\"https:\/\/wettbewerb-archiv.wir-tun-was-fuer-bienen.de\/archiv-2018\/eintrag\/projekt-kita-bremen-petitionen-2018\/\"><img decoding=\"async\" width=\"150\" height=\"150\" src=\"https:\/\/wettbewerb-archiv.wir-tun-was-fuer-bienen.de\/archiv-2018\/wp-content\/uploads\/sites\/2\/2018\/07\/Beispiel-Petition-3-1800-DPI-150x150.jpg\" class=\"attachment-thumbnail size-thumbnail\" alt=\"\" loading=\"lazy\" \/><\/a><\/span><span><a href=\"https:\/\/wettbewerb-archiv.wir-tun-was-fuer-bienen.de\/archiv-2018\/eintrag\/projekt-kita-bremen-petitionen-2018\/\"><img decoding=\"async\" width=\"150\" height=\"150\" src=\"https:\/\/wettbewerb-archiv.wir-tun-was-fuer-bienen.de\/archiv-2018\/wp-content\/uploads\/sites\/2\/2018\/07\/Beispiel-Petition-4-1800-DPI-150x150.jpg\" class=\"attachment-thumbnail size-thumbnail\" alt=\"\" loading=\"lazy\" \/><\/a><\/span><\/div>\n\n    <div class=\"user flex\">\n        \n                    <img decoding=\"async\" src=\"https:\/\/wettbewerb-archiv.wir-tun-was-fuer-bienen.de\/archiv-2018\/wp-content\/themes\/bienen\/assets\/images\/avatar-placeholder.png\" style=\"border-radius: 30px;\" height=\"30\" width=\"30\">\n            Heiko Fritschen            <\/div>\n    \n    \n            <p class=\"categories meta\" style=\"width: 100%\"><span class=\"fa fa-tag\"\n                                                             aria-hidden=\"true\"><\/span> Kommunale Fl\u00e4chen, Parks, Baumscheiben        <\/p>\n    \n            <p class=\"categories meta\" style=\"width: 100%\"><span class=\"fa fa-map-marker\"\n                                                             aria-hidden=\"true\"><\/span> Bremen        <\/p>\n    \n<\/article>\n   \n\t\t\n          <article id=\"post-7680\" class=\"et_pb_post post-7680 wtwfb_entry type-wtwfb_entry status-publish has-post-thumbnail hentry wtwfb_category-privatgaerten-und-gaerten-von-mietwohnungen-kleiner-500-quadratmeter wtwfb_region-baden-wuerttemberg\">\n    <h2 class=\"entry-title\"><a href=\"https:\/\/wettbewerb-archiv.wir-tun-was-fuer-bienen.de\/archiv-2018\/eintrag\/in-loenneberga-summts-und-brummts\/\">In L\u00f6nneberga summt&#8217;s und brummt&#8217;s<\/a>\n    <\/h2>\n    <a href=\"https:\/\/wettbewerb-archiv.wir-tun-was-fuer-bienen.de\/archiv-2018\/eintrag\/in-loenneberga-summts-und-brummts\/\">\n        <div class=\"bienen-entry-image\">\n            <img decoding=\"async\" width=\"400\" height=\"300\" src=\"https:\/\/wettbewerb-archiv.wir-tun-was-fuer-bienen.de\/archiv-2018\/wp-content\/uploads\/sites\/2\/2018\/07\/IMG_20180716_120630-400x300.jpg\" class=\"attachment-bienen-grid-thumb size-bienen-grid-thumb wp-post-image\" alt=\"\" loading=\"lazy\" srcset=\"https:\/\/wettbewerb-archiv.wir-tun-was-fuer-bienen.de\/archiv-2018\/wp-content\/uploads\/sites\/2\/2018\/07\/IMG_20180716_120630-400x300.jpg 400w, https:\/\/wettbewerb-archiv.wir-tun-was-fuer-bienen.de\/archiv-2018\/wp-content\/uploads\/sites\/2\/2018\/07\/IMG_20180716_120630-300x225.jpg 300w, https:\/\/wettbewerb-archiv.wir-tun-was-fuer-bienen.de\/archiv-2018\/wp-content\/uploads\/sites\/2\/2018\/07\/IMG_20180716_120630-768x576.jpg 768w, https:\/\/wettbewerb-archiv.wir-tun-was-fuer-bienen.de\/archiv-2018\/wp-content\/uploads\/sites\/2\/2018\/07\/IMG_20180716_120630-1024x768.jpg 1024w, https:\/\/wettbewerb-archiv.wir-tun-was-fuer-bienen.de\/archiv-2018\/wp-content\/uploads\/sites\/2\/2018\/07\/IMG_20180716_120630-1320x990.jpg 1320w, https:\/\/wettbewerb-archiv.wir-tun-was-fuer-bienen.de\/archiv-2018\/wp-content\/uploads\/sites\/2\/2018\/07\/IMG_20180716_120630.jpg 1920w\" sizes=\"(max-width: 400px) 100vw, 400px\" \/>                    <\/div>\n    <\/a>\n\n    <div class=\"images-grid\"><span><a href=\"https:\/\/wettbewerb-archiv.wir-tun-was-fuer-bienen.de\/archiv-2018\/eintrag\/in-loenneberga-summts-und-brummts\/\"><img decoding=\"async\" width=\"150\" height=\"150\" src=\"https:\/\/wettbewerb-archiv.wir-tun-was-fuer-bienen.de\/archiv-2018\/wp-content\/uploads\/sites\/2\/2018\/07\/IMG_20180411_132539-150x150.jpg\" class=\"attachment-thumbnail size-thumbnail\" alt=\"\" loading=\"lazy\" \/><\/a><\/span><span><a href=\"https:\/\/wettbewerb-archiv.wir-tun-was-fuer-bienen.de\/archiv-2018\/eintrag\/in-loenneberga-summts-und-brummts\/\"><img decoding=\"async\" width=\"150\" height=\"150\" src=\"https:\/\/wettbewerb-archiv.wir-tun-was-fuer-bienen.de\/archiv-2018\/wp-content\/uploads\/sites\/2\/2018\/07\/photocollage_2018717114226549-150x150.jpg\" class=\"attachment-thumbnail size-thumbnail\" alt=\"\" loading=\"lazy\" srcset=\"https:\/\/wettbewerb-archiv.wir-tun-was-fuer-bienen.de\/archiv-2018\/wp-content\/uploads\/sites\/2\/2018\/07\/photocollage_2018717114226549-150x150.jpg 150w, https:\/\/wettbewerb-archiv.wir-tun-was-fuer-bienen.de\/archiv-2018\/wp-content\/uploads\/sites\/2\/2018\/07\/photocollage_2018717114226549-300x300.jpg 300w, https:\/\/wettbewerb-archiv.wir-tun-was-fuer-bienen.de\/archiv-2018\/wp-content\/uploads\/sites\/2\/2018\/07\/photocollage_2018717114226549-768x768.jpg 768w, https:\/\/wettbewerb-archiv.wir-tun-was-fuer-bienen.de\/archiv-2018\/wp-content\/uploads\/sites\/2\/2018\/07\/photocollage_2018717114226549-1024x1024.jpg 1024w, https:\/\/wettbewerb-archiv.wir-tun-was-fuer-bienen.de\/archiv-2018\/wp-content\/uploads\/sites\/2\/2018\/07\/photocollage_2018717114226549-1320x1320.jpg 1320w, https:\/\/wettbewerb-archiv.wir-tun-was-fuer-bienen.de\/archiv-2018\/wp-content\/uploads\/sites\/2\/2018\/07\/photocollage_2018717114226549.jpg 1600w\" sizes=\"(max-width: 150px) 100vw, 150px\" \/><\/a><\/span><span><a href=\"https:\/\/wettbewerb-archiv.wir-tun-was-fuer-bienen.de\/archiv-2018\/eintrag\/in-loenneberga-summts-und-brummts\/\"><img decoding=\"async\" width=\"150\" height=\"150\" src=\"https:\/\/wettbewerb-archiv.wir-tun-was-fuer-bienen.de\/archiv-2018\/wp-content\/uploads\/sites\/2\/2018\/07\/IMG_20180716_125756-150x150.jpg\" class=\"attachment-thumbnail size-thumbnail\" alt=\"\" loading=\"lazy\" \/><\/a><\/span><span><a href=\"https:\/\/wettbewerb-archiv.wir-tun-was-fuer-bienen.de\/archiv-2018\/eintrag\/in-loenneberga-summts-und-brummts\/\"><img decoding=\"async\" width=\"150\" height=\"150\" src=\"https:\/\/wettbewerb-archiv.wir-tun-was-fuer-bienen.de\/archiv-2018\/wp-content\/uploads\/sites\/2\/2018\/07\/IMG_20180421_174851-150x150.jpg\" class=\"attachment-thumbnail size-thumbnail\" alt=\"\" loading=\"lazy\" \/><\/a><\/span><\/div>\n\n    <div class=\"user flex\">\n        \n                    <img decoding=\"async\" src=\"https:\/\/wettbewerb-archiv.wir-tun-was-fuer-bienen.de\/archiv-2018\/wp-content\/themes\/bienen\/assets\/images\/avatar-placeholder.png\" style=\"border-radius: 30px;\" height=\"30\" width=\"30\">\n            HannahBlume            <\/div>\n    \n    \n            <p class=\"categories meta\" style=\"width: 100%\"><span class=\"fa fa-tag\"\n                                                             aria-hidden=\"true\"><\/span> Privatg\u00e4rten und G\u00e4rten von Mietwohnungen (kleiner als 500 Quadratmeter)        <\/p>\n    \n            <p class=\"categories meta\" style=\"width: 100%\"><span class=\"fa fa-map-marker\"\n                                                             aria-hidden=\"true\"><\/span> Baden-W\u00fcrttemberg        <\/p>\n    \n<\/article>\n   \n\t\t\n          <article id=\"post-7641\" class=\"et_pb_post post-7641 wtwfb_entry type-wtwfb_entry status-publish has-post-thumbnail hentry wtwfb_category-schul-und-jugendclub-gaerten wtwfb_region-sachsen\">\n    <h2 class=\"entry-title\"><a href=\"https:\/\/wettbewerb-archiv.wir-tun-was-fuer-bienen.de\/archiv-2018\/eintrag\/die-kleinen-mit-grosser-begeisterung-fuer-bienchen-2\/\">Die Kleinen mit gro\u00dfer Begeisterung f\u00fcr Bienchen<\/a>\n    <\/h2>\n    <a href=\"https:\/\/wettbewerb-archiv.wir-tun-was-fuer-bienen.de\/archiv-2018\/eintrag\/die-kleinen-mit-grosser-begeisterung-fuer-bienchen-2\/\">\n        <div class=\"bienen-entry-image\">\n            <img decoding=\"async\" width=\"400\" height=\"300\" src=\"https:\/\/wettbewerb-archiv.wir-tun-was-fuer-bienen.de\/archiv-2018\/wp-content\/uploads\/sites\/2\/2018\/07\/IMG_1761-1-400x300.jpg\" class=\"attachment-bienen-grid-thumb size-bienen-grid-thumb wp-post-image\" alt=\"\" loading=\"lazy\" \/>                    <\/div>\n    <\/a>\n\n    <div class=\"images-grid\"><span><a href=\"https:\/\/wettbewerb-archiv.wir-tun-was-fuer-bienen.de\/archiv-2018\/eintrag\/die-kleinen-mit-grosser-begeisterung-fuer-bienchen-2\/\"><img decoding=\"async\" width=\"150\" height=\"150\" src=\"https:\/\/wettbewerb-archiv.wir-tun-was-fuer-bienen.de\/archiv-2018\/wp-content\/uploads\/sites\/2\/2018\/07\/IMG_1473-1-150x150.jpg\" class=\"attachment-thumbnail size-thumbnail\" alt=\"\" loading=\"lazy\" \/><\/a><\/span><span><a href=\"https:\/\/wettbewerb-archiv.wir-tun-was-fuer-bienen.de\/archiv-2018\/eintrag\/die-kleinen-mit-grosser-begeisterung-fuer-bienchen-2\/\"><img decoding=\"async\" width=\"150\" height=\"150\" src=\"https:\/\/wettbewerb-archiv.wir-tun-was-fuer-bienen.de\/archiv-2018\/wp-content\/uploads\/sites\/2\/2018\/07\/IMG_1472-1-150x150.jpg\" class=\"attachment-thumbnail size-thumbnail\" alt=\"\" loading=\"lazy\" \/><\/a><\/span><span><a href=\"https:\/\/wettbewerb-archiv.wir-tun-was-fuer-bienen.de\/archiv-2018\/eintrag\/die-kleinen-mit-grosser-begeisterung-fuer-bienchen-2\/\"><img decoding=\"async\" width=\"150\" height=\"150\" src=\"https:\/\/wettbewerb-archiv.wir-tun-was-fuer-bienen.de\/archiv-2018\/wp-content\/uploads\/sites\/2\/2018\/07\/IMG_1477-1-150x150.jpg\" class=\"attachment-thumbnail size-thumbnail\" alt=\"\" loading=\"lazy\" \/><\/a><\/span><span><a href=\"https:\/\/wettbewerb-archiv.wir-tun-was-fuer-bienen.de\/archiv-2018\/eintrag\/die-kleinen-mit-grosser-begeisterung-fuer-bienchen-2\/\"><img decoding=\"async\" width=\"150\" height=\"150\" src=\"https:\/\/wettbewerb-archiv.wir-tun-was-fuer-bienen.de\/archiv-2018\/wp-content\/uploads\/sites\/2\/2018\/07\/IMG_1663-1-150x150.jpg\" class=\"attachment-thumbnail size-thumbnail\" alt=\"\" loading=\"lazy\" \/><\/a><\/span><\/div>\n\n    <div class=\"user flex\">\n        \n                    <img decoding=\"async\" src=\"https:\/\/wettbewerb-archiv.wir-tun-was-fuer-bienen.de\/archiv-2018\/wp-content\/themes\/bienen\/assets\/images\/avatar-placeholder.png\" style=\"border-radius: 30px;\" height=\"30\" width=\"30\">\n            Kita Firlefanz & Wirbelwind            <\/div>\n    \n    \n            <p class=\"categories meta\" style=\"width: 100%\"><span class=\"fa fa-tag\"\n                                                             aria-hidden=\"true\"><\/span> Schul- und Jugendclub-G\u00e4rten        <\/p>\n    \n            <p class=\"categories meta\" style=\"width: 100%\"><span class=\"fa fa-map-marker\"\n                                                             aria-hidden=\"true\"><\/span> Sachsen        <\/p>\n    \n<\/article>\n   \n\t\t\n          <article id=\"post-7604\" class=\"et_pb_post post-7604 wtwfb_entry type-wtwfb_entry status-publish has-post-thumbnail hentry wtwfb_category-kommunale-flaechen-parks-baumscheiben wtwfb_region-sachsen\">\n    <h2 class=\"entry-title\"><a href=\"https:\/\/wettbewerb-archiv.wir-tun-was-fuer-bienen.de\/archiv-2018\/eintrag\/nasch-und-kraeutergarten-an-der-michaeliskirche\/\">Nasch- und Kr\u00e4utergarten an der Michaeliskirche<\/a>\n    <\/h2>\n    <a href=\"https:\/\/wettbewerb-archiv.wir-tun-was-fuer-bienen.de\/archiv-2018\/eintrag\/nasch-und-kraeutergarten-an-der-michaeliskirche\/\">\n        <div class=\"bienen-entry-image\">\n            <img decoding=\"async\" width=\"400\" height=\"300\" src=\"https:\/\/wettbewerb-archiv.wir-tun-was-fuer-bienen.de\/archiv-2018\/wp-content\/uploads\/sites\/2\/2018\/07\/Vorher-400x300.jpg\" class=\"attachment-bienen-grid-thumb size-bienen-grid-thumb wp-post-image\" alt=\"\" loading=\"lazy\" srcset=\"https:\/\/wettbewerb-archiv.wir-tun-was-fuer-bienen.de\/archiv-2018\/wp-content\/uploads\/sites\/2\/2018\/07\/Vorher-400x300.jpg 400w, https:\/\/wettbewerb-archiv.wir-tun-was-fuer-bienen.de\/archiv-2018\/wp-content\/uploads\/sites\/2\/2018\/07\/Vorher-300x225.jpg 300w, https:\/\/wettbewerb-archiv.wir-tun-was-fuer-bienen.de\/archiv-2018\/wp-content\/uploads\/sites\/2\/2018\/07\/Vorher-768x576.jpg 768w, https:\/\/wettbewerb-archiv.wir-tun-was-fuer-bienen.de\/archiv-2018\/wp-content\/uploads\/sites\/2\/2018\/07\/Vorher.jpg 992w\" sizes=\"(max-width: 400px) 100vw, 400px\" \/>                    <\/div>\n    <\/a>\n\n    <div class=\"images-grid\"><span><a href=\"https:\/\/wettbewerb-archiv.wir-tun-was-fuer-bienen.de\/archiv-2018\/eintrag\/nasch-und-kraeutergarten-an-der-michaeliskirche\/\"><img decoding=\"async\" width=\"150\" height=\"150\" src=\"https:\/\/wettbewerb-archiv.wir-tun-was-fuer-bienen.de\/archiv-2018\/wp-content\/uploads\/sites\/2\/2018\/07\/DSC02660-150x150.jpeg\" class=\"attachment-thumbnail size-thumbnail\" alt=\"\" loading=\"lazy\" \/><\/a><\/span><span><a href=\"https:\/\/wettbewerb-archiv.wir-tun-was-fuer-bienen.de\/archiv-2018\/eintrag\/nasch-und-kraeutergarten-an-der-michaeliskirche\/\"><img decoding=\"async\" width=\"150\" height=\"150\" src=\"https:\/\/wettbewerb-archiv.wir-tun-was-fuer-bienen.de\/archiv-2018\/wp-content\/uploads\/sites\/2\/2018\/07\/Arbeit1-150x150.jpg\" class=\"attachment-thumbnail size-thumbnail\" alt=\"\" loading=\"lazy\" \/><\/a><\/span><span><a href=\"https:\/\/wettbewerb-archiv.wir-tun-was-fuer-bienen.de\/archiv-2018\/eintrag\/nasch-und-kraeutergarten-an-der-michaeliskirche\/\"><img decoding=\"async\" width=\"150\" height=\"150\" src=\"https:\/\/wettbewerb-archiv.wir-tun-was-fuer-bienen.de\/archiv-2018\/wp-content\/uploads\/sites\/2\/2018\/07\/Arbeit-150x150.jpg\" class=\"attachment-thumbnail size-thumbnail\" alt=\"\" loading=\"lazy\" \/><\/a><\/span><span><a href=\"https:\/\/wettbewerb-archiv.wir-tun-was-fuer-bienen.de\/archiv-2018\/eintrag\/nasch-und-kraeutergarten-an-der-michaeliskirche\/\"><img decoding=\"async\" width=\"150\" height=\"150\" src=\"https:\/\/wettbewerb-archiv.wir-tun-was-fuer-bienen.de\/archiv-2018\/wp-content\/uploads\/sites\/2\/2018\/07\/Minze-1-150x150.jpg\" class=\"attachment-thumbnail size-thumbnail\" alt=\"\" loading=\"lazy\" \/><\/a><\/span><\/div>\n\n    <div class=\"user flex\">\n        \n                    <img decoding=\"async\" src=\"https:\/\/wettbewerb-archiv.wir-tun-was-fuer-bienen.de\/archiv-2018\/wp-content\/themes\/bienen\/assets\/images\/avatar-placeholder.png\" style=\"border-radius: 30px;\" height=\"30\" width=\"30\">\n            Die Stadtbegr\u00fcner Bautzen            <\/div>\n    \n    \n            <p class=\"categories meta\" style=\"width: 100%\"><span class=\"fa fa-tag\"\n                                                             aria-hidden=\"true\"><\/span> Kommunale Fl\u00e4chen, Parks, Baumscheiben        <\/p>\n    \n            <p class=\"categories meta\" style=\"width: 100%\"><span class=\"fa fa-map-marker\"\n                                                             aria-hidden=\"true\"><\/span> Sachsen        <\/p>\n    \n<\/article>\n   \n\t\t\n          <article id=\"post-7596\" class=\"et_pb_post post-7596 wtwfb_entry type-wtwfb_entry status-publish has-post-thumbnail hentry wtwfb_category-kommunale-flaechen-parks-baumscheiben wtwfb_region-berlin\">\n    <h2 class=\"entry-title\"><a href=\"https:\/\/wettbewerb-archiv.wir-tun-was-fuer-bienen.de\/archiv-2018\/eintrag\/2000m%c2%b2-weltacker-in-berlin-pankow\/\">2000m\u00b2-Weltacker in Berlin-Pankow<\/a>\n    <\/h2>\n    <a href=\"https:\/\/wettbewerb-archiv.wir-tun-was-fuer-bienen.de\/archiv-2018\/eintrag\/2000m%c2%b2-weltacker-in-berlin-pankow\/\">\n        <div class=\"bienen-entry-image\">\n            <img decoding=\"async\" width=\"400\" height=\"300\" src=\"https:\/\/wettbewerb-archiv.wir-tun-was-fuer-bienen.de\/archiv-2018\/wp-content\/uploads\/sites\/2\/2018\/07\/IMG_8314_b-400x300.jpg\" class=\"attachment-bienen-grid-thumb size-bienen-grid-thumb wp-post-image\" alt=\"\" loading=\"lazy\" \/>                    <\/div>\n    <\/a>\n\n    <div class=\"images-grid\"><span><a href=\"https:\/\/wettbewerb-archiv.wir-tun-was-fuer-bienen.de\/archiv-2018\/eintrag\/2000m%c2%b2-weltacker-in-berlin-pankow\/\"><img decoding=\"async\" width=\"150\" height=\"150\" src=\"https:\/\/wettbewerb-archiv.wir-tun-was-fuer-bienen.de\/archiv-2018\/wp-content\/uploads\/sites\/2\/2018\/07\/WhatsApp-Image-2018-05-28-at-10.17.25-150x150.jpeg\" class=\"attachment-thumbnail size-thumbnail\" alt=\"\" loading=\"lazy\" \/><\/a><\/span><span><a href=\"https:\/\/wettbewerb-archiv.wir-tun-was-fuer-bienen.de\/archiv-2018\/eintrag\/2000m%c2%b2-weltacker-in-berlin-pankow\/\"><img decoding=\"async\" width=\"150\" height=\"150\" src=\"https:\/\/wettbewerb-archiv.wir-tun-was-fuer-bienen.de\/archiv-2018\/wp-content\/uploads\/sites\/2\/2018\/07\/WhatsApp-Image-2018-05-28-at-10.17.271-150x150.jpeg\" class=\"attachment-thumbnail size-thumbnail\" alt=\"\" loading=\"lazy\" \/><\/a><\/span><span><a href=\"https:\/\/wettbewerb-archiv.wir-tun-was-fuer-bienen.de\/archiv-2018\/eintrag\/2000m%c2%b2-weltacker-in-berlin-pankow\/\"><img decoding=\"async\" width=\"150\" height=\"150\" src=\"https:\/\/wettbewerb-archiv.wir-tun-was-fuer-bienen.de\/archiv-2018\/wp-content\/uploads\/sites\/2\/2018\/07\/auch-die-Erbsen-brauchen-Unterst\u00fczung-1-150x150.jpg\" class=\"attachment-thumbnail size-thumbnail\" alt=\"\" loading=\"lazy\" \/><\/a><\/span><span><a href=\"https:\/\/wettbewerb-archiv.wir-tun-was-fuer-bienen.de\/archiv-2018\/eintrag\/2000m%c2%b2-weltacker-in-berlin-pankow\/\"><img decoding=\"async\" width=\"150\" height=\"150\" src=\"https:\/\/wettbewerb-archiv.wir-tun-was-fuer-bienen.de\/archiv-2018\/wp-content\/uploads\/sites\/2\/2018\/07\/DSC02861-150x150.jpg\" class=\"attachment-thumbnail size-thumbnail\" alt=\"\" loading=\"lazy\" \/><\/a><\/span><\/div>\n\n    <div class=\"user flex\">\n        \n                    <img decoding=\"async\" src=\"https:\/\/wettbewerb-archiv.wir-tun-was-fuer-bienen.de\/archiv-2018\/wp-content\/themes\/bienen\/assets\/images\/avatar-placeholder.png\" style=\"border-radius: 30px;\" height=\"30\" width=\"30\">\n            2000m\u00b2-Weltacker in Pankow            <\/div>\n    \n    \n            <p class=\"categories meta\" style=\"width: 100%\"><span class=\"fa fa-tag\"\n                                                             aria-hidden=\"true\"><\/span> Kommunale Fl\u00e4chen, Parks, Baumscheiben        <\/p>\n    \n            <p class=\"categories meta\" style=\"width: 100%\"><span class=\"fa fa-map-marker\"\n                                                             aria-hidden=\"true\"><\/span> Berlin        <\/p>\n    \n<\/article>\n   \n\t\t\n          <article id=\"post-7527\" class=\"et_pb_post post-7527 wtwfb_entry type-wtwfb_entry status-publish has-post-thumbnail hentry wtwfb_category-kleingartenwesen-parzellen-und-gemeinschaftsgaerten wtwfb_region-hamburg\">\n    <h2 class=\"entry-title\"><a href=\"https:\/\/wettbewerb-archiv.wir-tun-was-fuer-bienen.de\/archiv-2018\/eintrag\/fortsetzung\/\">Fortsetzung Teil 2<\/a>\n    <\/h2>\n    <a href=\"https:\/\/wettbewerb-archiv.wir-tun-was-fuer-bienen.de\/archiv-2018\/eintrag\/fortsetzung\/\">\n        <div class=\"bienen-entry-image\">\n            <img decoding=\"async\" width=\"400\" height=\"300\" src=\"https:\/\/wettbewerb-archiv.wir-tun-was-fuer-bienen.de\/archiv-2018\/wp-content\/uploads\/sites\/2\/2018\/07\/DSC_0350-1-400x300.jpg\" class=\"attachment-bienen-grid-thumb size-bienen-grid-thumb wp-post-image\" alt=\"\" loading=\"lazy\" \/>                    <\/div>\n    <\/a>\n\n    <div class=\"images-grid\"><span><a href=\"https:\/\/wettbewerb-archiv.wir-tun-was-fuer-bienen.de\/archiv-2018\/eintrag\/fortsetzung\/\"><img decoding=\"async\" width=\"150\" height=\"150\" src=\"https:\/\/wettbewerb-archiv.wir-tun-was-fuer-bienen.de\/archiv-2018\/wp-content\/uploads\/sites\/2\/2018\/07\/DSC_0590-150x150.jpg\" class=\"attachment-thumbnail size-thumbnail\" alt=\"\" loading=\"lazy\" \/><\/a><\/span><span><a href=\"https:\/\/wettbewerb-archiv.wir-tun-was-fuer-bienen.de\/archiv-2018\/eintrag\/fortsetzung\/\"><img decoding=\"async\" width=\"150\" height=\"150\" src=\"https:\/\/wettbewerb-archiv.wir-tun-was-fuer-bienen.de\/archiv-2018\/wp-content\/uploads\/sites\/2\/2018\/07\/DSC_0834-1-150x150.jpg\" class=\"attachment-thumbnail size-thumbnail\" alt=\"\" loading=\"lazy\" \/><\/a><\/span><span><a href=\"https:\/\/wettbewerb-archiv.wir-tun-was-fuer-bienen.de\/archiv-2018\/eintrag\/fortsetzung\/\"><img decoding=\"async\" width=\"150\" height=\"150\" src=\"https:\/\/wettbewerb-archiv.wir-tun-was-fuer-bienen.de\/archiv-2018\/wp-content\/uploads\/sites\/2\/2018\/07\/DSC_0623-Kopie-150x150.jpg\" class=\"attachment-thumbnail size-thumbnail\" alt=\"\" loading=\"lazy\" \/><\/a><\/span><span><a href=\"https:\/\/wettbewerb-archiv.wir-tun-was-fuer-bienen.de\/archiv-2018\/eintrag\/fortsetzung\/\"><img decoding=\"async\" width=\"150\" height=\"150\" src=\"https:\/\/wettbewerb-archiv.wir-tun-was-fuer-bienen.de\/archiv-2018\/wp-content\/uploads\/sites\/2\/2018\/07\/DSC_0605-150x150.jpg\" class=\"attachment-thumbnail size-thumbnail\" alt=\"\" loading=\"lazy\" \/><\/a><\/span><\/div>\n\n    <div class=\"user flex\">\n        \n                    <img decoding=\"async\" src=\"https:\/\/wettbewerb-archiv.wir-tun-was-fuer-bienen.de\/archiv-2018\/wp-content\/themes\/bienen\/assets\/images\/avatar-placeholder.png\" style=\"border-radius: 30px;\" height=\"30\" width=\"30\">\n            Steffi            <\/div>\n    \n    \n            <p class=\"categories meta\" style=\"width: 100%\"><span class=\"fa fa-tag\"\n                                                             aria-hidden=\"true\"><\/span> Kleingartenwesen: Parzellen und Gemeinschaftsg\u00e4rten        <\/p>\n    \n            <p class=\"categories meta\" style=\"width: 100%\"><span class=\"fa fa-map-marker\"\n                                                             aria-hidden=\"true\"><\/span> Hamburg        <\/p>\n    \n<\/article>\n   \n\t\t\n          <article id=\"post-7470\" class=\"et_pb_post post-7470 wtwfb_entry type-wtwfb_entry status-publish has-post-thumbnail hentry wtwfb_category-balkone-terrassen-dachbegruenung-vertikale-gaerten wtwfb_region-bayern\">\n    <h2 class=\"entry-title\"><a href=\"https:\/\/wettbewerb-archiv.wir-tun-was-fuer-bienen.de\/archiv-2018\/eintrag\/terrassenerweiterung-mit-treppe-blumenwiese-und-hagel-2\/\">Terrassenerweiterung mit Blumenwiese und Hagelsturm<\/a>\n    <\/h2>\n    <a href=\"https:\/\/wettbewerb-archiv.wir-tun-was-fuer-bienen.de\/archiv-2018\/eintrag\/terrassenerweiterung-mit-treppe-blumenwiese-und-hagel-2\/\">\n        <div class=\"bienen-entry-image\">\n            <img decoding=\"async\" width=\"400\" height=\"300\" src=\"https:\/\/wettbewerb-archiv.wir-tun-was-fuer-bienen.de\/archiv-2018\/wp-content\/uploads\/sites\/2\/2018\/07\/87DE130F-8286-4F31-AB9A-CDDFDA91C008-2-400x300.jpg\" class=\"attachment-bienen-grid-thumb size-bienen-grid-thumb wp-post-image\" alt=\"\" loading=\"lazy\" \/>                    <\/div>\n    <\/a>\n\n    <div class=\"images-grid\"><span><a href=\"https:\/\/wettbewerb-archiv.wir-tun-was-fuer-bienen.de\/archiv-2018\/eintrag\/terrassenerweiterung-mit-treppe-blumenwiese-und-hagel-2\/\"><img decoding=\"async\" width=\"150\" height=\"150\" src=\"https:\/\/wettbewerb-archiv.wir-tun-was-fuer-bienen.de\/archiv-2018\/wp-content\/uploads\/sites\/2\/2018\/07\/IMG_3405-1-150x150.jpg\" class=\"attachment-thumbnail size-thumbnail\" alt=\"\" loading=\"lazy\" \/><\/a><\/span><span><a href=\"https:\/\/wettbewerb-archiv.wir-tun-was-fuer-bienen.de\/archiv-2018\/eintrag\/terrassenerweiterung-mit-treppe-blumenwiese-und-hagel-2\/\"><img decoding=\"async\" width=\"150\" height=\"150\" src=\"https:\/\/wettbewerb-archiv.wir-tun-was-fuer-bienen.de\/archiv-2018\/wp-content\/uploads\/sites\/2\/2018\/07\/IMG_3711-1-150x150.jpg\" class=\"attachment-thumbnail size-thumbnail\" alt=\"\" loading=\"lazy\" \/><\/a><\/span><span><a href=\"https:\/\/wettbewerb-archiv.wir-tun-was-fuer-bienen.de\/archiv-2018\/eintrag\/terrassenerweiterung-mit-treppe-blumenwiese-und-hagel-2\/\"><img decoding=\"async\" width=\"150\" height=\"150\" src=\"https:\/\/wettbewerb-archiv.wir-tun-was-fuer-bienen.de\/archiv-2018\/wp-content\/uploads\/sites\/2\/2018\/07\/IMG_3709-3-150x150.jpg\" class=\"attachment-thumbnail size-thumbnail\" alt=\"\" loading=\"lazy\" \/><\/a><\/span><span><a href=\"https:\/\/wettbewerb-archiv.wir-tun-was-fuer-bienen.de\/archiv-2018\/eintrag\/terrassenerweiterung-mit-treppe-blumenwiese-und-hagel-2\/\"><img decoding=\"async\" width=\"150\" height=\"150\" src=\"https:\/\/wettbewerb-archiv.wir-tun-was-fuer-bienen.de\/archiv-2018\/wp-content\/uploads\/sites\/2\/2018\/07\/IMG_3708-150x150.jpg\" class=\"attachment-thumbnail size-thumbnail\" alt=\"\" loading=\"lazy\" \/><\/a><\/span><\/div>\n\n    <div class=\"user flex\">\n        \n                    <img decoding=\"async\" src=\"https:\/\/wettbewerb-archiv.wir-tun-was-fuer-bienen.de\/archiv-2018\/wp-content\/themes\/bienen\/assets\/images\/avatar-placeholder.png\" style=\"border-radius: 30px;\" height=\"30\" width=\"30\">\n            Tine & Steffen            <\/div>\n    \n    <p class=\"categories meta bienen-gewinner\"><span class=\"fa fa-trophy\"                                                              aria-hidden=\"true\"><\/span> Gewinner<\/p>\n            <p class=\"categories meta\" style=\"width: 100%\"><span class=\"fa fa-tag\"\n                                                             aria-hidden=\"true\"><\/span> Balkone, Terrassen, Dachbegr\u00fcnung, vertikale G\u00e4rten        <\/p>\n    \n            <p class=\"categories meta\" style=\"width: 100%\"><span class=\"fa fa-map-marker\"\n                                                             aria-hidden=\"true\"><\/span> Bayern        <\/p>\n    \n<\/article>\n   \n\t\t\n          <article id=\"post-7428\" class=\"et_pb_post post-7428 wtwfb_entry type-wtwfb_entry status-publish has-post-thumbnail hentry wtwfb_category-schul-und-jugendclub-gaerten wtwfb_region-nordrhein-westfalen\">\n    <h2 class=\"entry-title\"><a href=\"https:\/\/wettbewerb-archiv.wir-tun-was-fuer-bienen.de\/archiv-2018\/eintrag\/bringing-nature-home-pflanzen-und-saeen-fuer-insekten-und-voegel\/\">bringing nature home &#8211; pflanzen und s\u00e4en f\u00fcr In...<\/a>\n    <\/h2>\n    <a href=\"https:\/\/wettbewerb-archiv.wir-tun-was-fuer-bienen.de\/archiv-2018\/eintrag\/bringing-nature-home-pflanzen-und-saeen-fuer-insekten-und-voegel\/\">\n        <div class=\"bienen-entry-image\">\n            <img decoding=\"async\" width=\"208\" height=\"300\" src=\"https:\/\/wettbewerb-archiv.wir-tun-was-fuer-bienen.de\/archiv-2018\/wp-content\/uploads\/sites\/2\/2018\/07\/Pflanzen-und-Saat-pdf.jpg\" class=\"attachment-bienen-grid-thumb size-bienen-grid-thumb wp-post-image\" alt=\"\" loading=\"lazy\" \/>                    <\/div>\n    <\/a>\n\n    <div class=\"images-grid\"><span><a href=\"https:\/\/wettbewerb-archiv.wir-tun-was-fuer-bienen.de\/archiv-2018\/eintrag\/bringing-nature-home-pflanzen-und-saeen-fuer-insekten-und-voegel\/\"><img decoding=\"async\" width=\"150\" height=\"150\" src=\"https:\/\/wettbewerb-archiv.wir-tun-was-fuer-bienen.de\/archiv-2018\/wp-content\/uploads\/sites\/2\/2018\/07\/IMG-20180709-WA0042-150x150.jpg\" class=\"attachment-thumbnail size-thumbnail\" alt=\"\" loading=\"lazy\" \/><\/a><\/span><span><a href=\"https:\/\/wettbewerb-archiv.wir-tun-was-fuer-bienen.de\/archiv-2018\/eintrag\/bringing-nature-home-pflanzen-und-saeen-fuer-insekten-und-voegel\/\"><img decoding=\"async\" width=\"150\" height=\"150\" src=\"https:\/\/wettbewerb-archiv.wir-tun-was-fuer-bienen.de\/archiv-2018\/wp-content\/uploads\/sites\/2\/2018\/07\/20180705_110605-150x150.jpg\" class=\"attachment-thumbnail size-thumbnail\" alt=\"\" loading=\"lazy\" \/><\/a><\/span><span><a href=\"https:\/\/wettbewerb-archiv.wir-tun-was-fuer-bienen.de\/archiv-2018\/eintrag\/bringing-nature-home-pflanzen-und-saeen-fuer-insekten-und-voegel\/\"><img decoding=\"async\" width=\"150\" height=\"150\" src=\"https:\/\/wettbewerb-archiv.wir-tun-was-fuer-bienen.de\/archiv-2018\/wp-content\/uploads\/sites\/2\/2018\/07\/20180705_113253-150x150.jpg\" class=\"attachment-thumbnail size-thumbnail\" alt=\"\" loading=\"lazy\" \/><\/a><\/span><span><a href=\"https:\/\/wettbewerb-archiv.wir-tun-was-fuer-bienen.de\/archiv-2018\/eintrag\/bringing-nature-home-pflanzen-und-saeen-fuer-insekten-und-voegel\/\"><img decoding=\"async\" width=\"150\" height=\"150\" src=\"https:\/\/wettbewerb-archiv.wir-tun-was-fuer-bienen.de\/archiv-2018\/wp-content\/uploads\/sites\/2\/2018\/07\/20180705_105407._ausschnittjpg-150x150.jpg\" class=\"attachment-thumbnail size-thumbnail\" alt=\"\" loading=\"lazy\" \/><\/a><\/span><\/div>\n\n    <div class=\"user flex\">\n        \n                    <img decoding=\"async\" src=\"https:\/\/wettbewerb-archiv.wir-tun-was-fuer-bienen.de\/archiv-2018\/wp-content\/themes\/bienen\/assets\/images\/avatar-placeholder.png\" style=\"border-radius: 30px;\" height=\"30\" width=\"30\">\n            FEGsummt            <\/div>\n    \n    \n            <p class=\"categories meta\" style=\"width: 100%\"><span class=\"fa fa-tag\"\n                                                             aria-hidden=\"true\"><\/span> Schul- und Jugendclub-G\u00e4rten        <\/p>\n    \n            <p class=\"categories meta\" style=\"width: 100%\"><span class=\"fa fa-map-marker\"\n                                                             aria-hidden=\"true\"><\/span> Nordrhein-Westfalen        <\/p>\n    \n<\/article>\n   \n\t\t\n          <article id=\"post-7422\" class=\"et_pb_post post-7422 wtwfb_entry type-wtwfb_entry status-publish has-post-thumbnail hentry wtwfb_category-privatgaerten-und-gaerten-von-mietwohnungen-kleiner-500-quadratmeter wtwfb_region-bayern\">\n    <h2 class=\"entry-title\"><a href=\"https:\/\/wettbewerb-archiv.wir-tun-was-fuer-bienen.de\/archiv-2018\/eintrag\/sempervivum-in-der-drainage\/\">Sempervivum in der Drainage<\/a>\n    <\/h2>\n    <a href=\"https:\/\/wettbewerb-archiv.wir-tun-was-fuer-bienen.de\/archiv-2018\/eintrag\/sempervivum-in-der-drainage\/\">\n        <div class=\"bienen-entry-image\">\n            <img decoding=\"async\" width=\"400\" height=\"300\" src=\"https:\/\/wettbewerb-archiv.wir-tun-was-fuer-bienen.de\/archiv-2018\/wp-content\/uploads\/sites\/2\/2018\/07\/20180529_084339-400x300.jpg\" class=\"attachment-bienen-grid-thumb size-bienen-grid-thumb wp-post-image\" alt=\"\" loading=\"lazy\" \/>                    <\/div>\n    <\/a>\n\n    <div class=\"images-grid\"><span><a href=\"https:\/\/wettbewerb-archiv.wir-tun-was-fuer-bienen.de\/archiv-2018\/eintrag\/sempervivum-in-der-drainage\/\"><img decoding=\"async\" width=\"150\" height=\"150\" src=\"https:\/\/wettbewerb-archiv.wir-tun-was-fuer-bienen.de\/archiv-2018\/wp-content\/uploads\/sites\/2\/2018\/07\/20180527_111054-150x150.jpg\" class=\"attachment-thumbnail size-thumbnail\" alt=\"\" loading=\"lazy\" \/><\/a><\/span><span><a href=\"https:\/\/wettbewerb-archiv.wir-tun-was-fuer-bienen.de\/archiv-2018\/eintrag\/sempervivum-in-der-drainage\/\"><img decoding=\"async\" width=\"150\" height=\"150\" src=\"https:\/\/wettbewerb-archiv.wir-tun-was-fuer-bienen.de\/archiv-2018\/wp-content\/uploads\/sites\/2\/2018\/07\/20180614_084357-150x150.jpg\" class=\"attachment-thumbnail size-thumbnail\" alt=\"\" loading=\"lazy\" \/><\/a><\/span><\/div>\n\n    <div class=\"user flex\">\n        \n                    <img decoding=\"async\" src=\"https:\/\/wettbewerb-archiv.wir-tun-was-fuer-bienen.de\/archiv-2018\/wp-content\/themes\/bienen\/assets\/images\/avatar-placeholder.png\" style=\"border-radius: 30px;\" height=\"30\" width=\"30\">\n            Dorothea Lang            <\/div>\n    \n    \n            <p class=\"categories meta\" style=\"width: 100%\"><span class=\"fa fa-tag\"\n                                                             aria-hidden=\"true\"><\/span> Privatg\u00e4rten und G\u00e4rten von Mietwohnungen (kleiner als 500 Quadratmeter)        <\/p>\n    \n            <p class=\"categories meta\" style=\"width: 100%\"><span class=\"fa fa-map-marker\"\n                                                             aria-hidden=\"true\"><\/span> Bayern        <\/p>\n    \n<\/article>\n   \n\t\t\n          <article id=\"post-7394\" class=\"et_pb_post post-7394 wtwfb_entry type-wtwfb_entry status-publish has-post-thumbnail hentry wtwfb_category-kleingartenwesen-parzellen-und-gemeinschaftsgaerten wtwfb_region-nordrhein-westfalen\">\n    <h2 class=\"entry-title\"><a href=\"https:\/\/wettbewerb-archiv.wir-tun-was-fuer-bienen.de\/archiv-2018\/eintrag\/wildes-fuer-wildbiene-und-co-3\/\">Wildes f\u00fcr Wildbiene und Co.<\/a>\n    <\/h2>\n    <a href=\"https:\/\/wettbewerb-archiv.wir-tun-was-fuer-bienen.de\/archiv-2018\/eintrag\/wildes-fuer-wildbiene-und-co-3\/\">\n        <div class=\"bienen-entry-image\">\n            <img decoding=\"async\" width=\"400\" height=\"300\" src=\"https:\/\/wettbewerb-archiv.wir-tun-was-fuer-bienen.de\/archiv-2018\/wp-content\/uploads\/sites\/2\/2018\/07\/Sonnenblume-400x300.jpg\" class=\"attachment-bienen-grid-thumb size-bienen-grid-thumb wp-post-image\" alt=\"\" loading=\"lazy\" srcset=\"https:\/\/wettbewerb-archiv.wir-tun-was-fuer-bienen.de\/archiv-2018\/wp-content\/uploads\/sites\/2\/2018\/07\/Sonnenblume-400x300.jpg 400w, https:\/\/wettbewerb-archiv.wir-tun-was-fuer-bienen.de\/archiv-2018\/wp-content\/uploads\/sites\/2\/2018\/07\/Sonnenblume-300x225.jpg 300w, https:\/\/wettbewerb-archiv.wir-tun-was-fuer-bienen.de\/archiv-2018\/wp-content\/uploads\/sites\/2\/2018\/07\/Sonnenblume-768x576.jpg 768w, https:\/\/wettbewerb-archiv.wir-tun-was-fuer-bienen.de\/archiv-2018\/wp-content\/uploads\/sites\/2\/2018\/07\/Sonnenblume-1024x768.jpg 1024w, https:\/\/wettbewerb-archiv.wir-tun-was-fuer-bienen.de\/archiv-2018\/wp-content\/uploads\/sites\/2\/2018\/07\/Sonnenblume-1320x990.jpg 1320w, https:\/\/wettbewerb-archiv.wir-tun-was-fuer-bienen.de\/archiv-2018\/wp-content\/uploads\/sites\/2\/2018\/07\/Sonnenblume.jpg 1920w\" sizes=\"(max-width: 400px) 100vw, 400px\" \/>                    <\/div>\n    <\/a>\n\n    <div class=\"images-grid\"><span><a href=\"https:\/\/wettbewerb-archiv.wir-tun-was-fuer-bienen.de\/archiv-2018\/eintrag\/wildes-fuer-wildbiene-und-co-3\/\"><img decoding=\"async\" width=\"150\" height=\"150\" src=\"https:\/\/wettbewerb-archiv.wir-tun-was-fuer-bienen.de\/archiv-2018\/wp-content\/uploads\/sites\/2\/2018\/07\/Grasnabemussweg-150x150.jpg\" class=\"attachment-thumbnail size-thumbnail\" alt=\"\" loading=\"lazy\" \/><\/a><\/span><span><a href=\"https:\/\/wettbewerb-archiv.wir-tun-was-fuer-bienen.de\/archiv-2018\/eintrag\/wildes-fuer-wildbiene-und-co-3\/\"><img decoding=\"async\" width=\"150\" height=\"150\" src=\"https:\/\/wettbewerb-archiv.wir-tun-was-fuer-bienen.de\/archiv-2018\/wp-content\/uploads\/sites\/2\/2018\/07\/Grasnabe-entfernen-150x150.jpg\" class=\"attachment-thumbnail size-thumbnail\" alt=\"\" loading=\"lazy\" \/><\/a><\/span><span><a href=\"https:\/\/wettbewerb-archiv.wir-tun-was-fuer-bienen.de\/archiv-2018\/eintrag\/wildes-fuer-wildbiene-und-co-3\/\"><img decoding=\"async\" width=\"150\" height=\"150\" src=\"https:\/\/wettbewerb-archiv.wir-tun-was-fuer-bienen.de\/archiv-2018\/wp-content\/uploads\/sites\/2\/2018\/07\/Einsaat-beginnt-150x150.jpg\" class=\"attachment-thumbnail size-thumbnail\" alt=\"\" loading=\"lazy\" \/><\/a><\/span><span><a href=\"https:\/\/wettbewerb-archiv.wir-tun-was-fuer-bienen.de\/archiv-2018\/eintrag\/wildes-fuer-wildbiene-und-co-3\/\"><img decoding=\"async\" width=\"150\" height=\"150\" src=\"https:\/\/wettbewerb-archiv.wir-tun-was-fuer-bienen.de\/archiv-2018\/wp-content\/uploads\/sites\/2\/2018\/07\/Gruppenfoto-1-150x150.jpg\" class=\"attachment-thumbnail size-thumbnail\" alt=\"\" loading=\"lazy\" \/><\/a><\/span><\/div>\n\n    <div class=\"user flex\">\n        \n                    <img decoding=\"async\" src=\"https:\/\/wettbewerb-archiv.wir-tun-was-fuer-bienen.de\/archiv-2018\/wp-content\/themes\/bienen\/assets\/images\/avatar-placeholder.png\" style=\"border-radius: 30px;\" height=\"30\" width=\"30\">\n            KGV Steinb\u00fcchel            <\/div>\n    \n    \n            <p class=\"categories meta\" style=\"width: 100%\"><span class=\"fa fa-tag\"\n                                                             aria-hidden=\"true\"><\/span> Kleingartenwesen: Parzellen und Gemeinschaftsg\u00e4rten        <\/p>\n    \n            <p class=\"categories meta\" style=\"width: 100%\"><span class=\"fa fa-map-marker\"\n                                                             aria-hidden=\"true\"><\/span> Nordrhein-Westfalen        <\/p>\n    \n<\/article>\n   \n\t\t\n          <article id=\"post-7284\" class=\"et_pb_post post-7284 wtwfb_entry type-wtwfb_entry status-publish has-post-thumbnail hentry wtwfb_category-firmen-institutions-und-vereinsgaerten wtwfb_region-bayern\">\n    <h2 class=\"entry-title\"><a href=\"https:\/\/wettbewerb-archiv.wir-tun-was-fuer-bienen.de\/archiv-2018\/eintrag\/beefly\/\">bee@FLY<\/a>\n    <\/h2>\n    <a href=\"https:\/\/wettbewerb-archiv.wir-tun-was-fuer-bienen.de\/archiv-2018\/eintrag\/beefly\/\">\n        <div class=\"bienen-entry-image\">\n            <img decoding=\"async\" width=\"400\" height=\"300\" src=\"https:\/\/wettbewerb-archiv.wir-tun-was-fuer-bienen.de\/archiv-2018\/wp-content\/uploads\/sites\/2\/2018\/07\/IMG_2943-2-400x300.jpg\" class=\"attachment-bienen-grid-thumb size-bienen-grid-thumb wp-post-image\" alt=\"\" loading=\"lazy\" \/>                    <\/div>\n    <\/a>\n\n    <div class=\"images-grid\"><span><a href=\"https:\/\/wettbewerb-archiv.wir-tun-was-fuer-bienen.de\/archiv-2018\/eintrag\/beefly\/\"><img decoding=\"async\" width=\"150\" height=\"150\" src=\"https:\/\/wettbewerb-archiv.wir-tun-was-fuer-bienen.de\/archiv-2018\/wp-content\/uploads\/sites\/2\/2018\/07\/1_Planungsphase-2-150x150.jpg\" class=\"attachment-thumbnail size-thumbnail\" alt=\"\" loading=\"lazy\" \/><\/a><\/span><span><a href=\"https:\/\/wettbewerb-archiv.wir-tun-was-fuer-bienen.de\/archiv-2018\/eintrag\/beefly\/\"><img decoding=\"async\" width=\"150\" height=\"150\" src=\"https:\/\/wettbewerb-archiv.wir-tun-was-fuer-bienen.de\/archiv-2018\/wp-content\/uploads\/sites\/2\/2018\/07\/2_Bauplan-2-150x150.jpg\" class=\"attachment-thumbnail size-thumbnail\" alt=\"\" loading=\"lazy\" \/><\/a><\/span><span><a href=\"https:\/\/wettbewerb-archiv.wir-tun-was-fuer-bienen.de\/archiv-2018\/eintrag\/beefly\/\"><img decoding=\"async\" width=\"150\" height=\"150\" src=\"https:\/\/wettbewerb-archiv.wir-tun-was-fuer-bienen.de\/archiv-2018\/wp-content\/uploads\/sites\/2\/2018\/07\/3_Materialausewahl-im-Baumarkt-2-150x150.jpg\" class=\"attachment-thumbnail size-thumbnail\" alt=\"\" loading=\"lazy\" \/><\/a><\/span><span><a href=\"https:\/\/wettbewerb-archiv.wir-tun-was-fuer-bienen.de\/archiv-2018\/eintrag\/beefly\/\"><img decoding=\"async\" width=\"150\" height=\"150\" src=\"https:\/\/wettbewerb-archiv.wir-tun-was-fuer-bienen.de\/archiv-2018\/wp-content\/uploads\/sites\/2\/2018\/07\/4_Beginn-der-Bauphase-2-150x150.jpg\" class=\"attachment-thumbnail size-thumbnail\" alt=\"\" loading=\"lazy\" \/><\/a><\/span><\/div>\n\n    <div class=\"user flex\">\n        \n                    <img decoding=\"async\" src=\"https:\/\/wettbewerb-archiv.wir-tun-was-fuer-bienen.de\/archiv-2018\/wp-content\/themes\/bienen\/assets\/images\/avatar-placeholder.png\" style=\"border-radius: 30px;\" height=\"30\" width=\"30\">\n            bee@FLY            <\/div>\n    \n    \n            <p class=\"categories meta\" style=\"width: 100%\"><span class=\"fa fa-tag\"\n                                                             aria-hidden=\"true\"><\/span> Firmen-, Institutions- und Vereinsg\u00e4rten        <\/p>\n    \n            <p class=\"categories meta\" style=\"width: 100%\"><span class=\"fa fa-map-marker\"\n                                                             aria-hidden=\"true\"><\/span> Bayern        <\/p>\n    \n<\/article>\n   \n\t\t\n          <article id=\"post-6991\" class=\"et_pb_post post-6991 wtwfb_entry type-wtwfb_entry status-publish has-post-thumbnail hentry wtwfb_category-privatgaerten-und-gaerten-von-mietwohnungen-kleiner-500-quadratmeter wtwfb_region-bayern\">\n    <h2 class=\"entry-title\"><a href=\"https:\/\/wettbewerb-archiv.wir-tun-was-fuer-bienen.de\/archiv-2018\/eintrag\/neuanlage-trockenstandort\/\">Neuanlage Trockenstandort<\/a>\n    <\/h2>\n    <a href=\"https:\/\/wettbewerb-archiv.wir-tun-was-fuer-bienen.de\/archiv-2018\/eintrag\/neuanlage-trockenstandort\/\">\n        <div class=\"bienen-entry-image\">\n            <img decoding=\"async\" width=\"400\" height=\"300\" src=\"https:\/\/wettbewerb-archiv.wir-tun-was-fuer-bienen.de\/archiv-2018\/wp-content\/uploads\/sites\/2\/2018\/07\/IMG_0388-400x300.jpg\" class=\"attachment-bienen-grid-thumb size-bienen-grid-thumb wp-post-image\" alt=\"\" loading=\"lazy\" srcset=\"https:\/\/wettbewerb-archiv.wir-tun-was-fuer-bienen.de\/archiv-2018\/wp-content\/uploads\/sites\/2\/2018\/07\/IMG_0388-400x300.jpg 400w, https:\/\/wettbewerb-archiv.wir-tun-was-fuer-bienen.de\/archiv-2018\/wp-content\/uploads\/sites\/2\/2018\/07\/IMG_0388-300x225.jpg 300w, https:\/\/wettbewerb-archiv.wir-tun-was-fuer-bienen.de\/archiv-2018\/wp-content\/uploads\/sites\/2\/2018\/07\/IMG_0388-768x576.jpg 768w, https:\/\/wettbewerb-archiv.wir-tun-was-fuer-bienen.de\/archiv-2018\/wp-content\/uploads\/sites\/2\/2018\/07\/IMG_0388-1024x768.jpg 1024w, https:\/\/wettbewerb-archiv.wir-tun-was-fuer-bienen.de\/archiv-2018\/wp-content\/uploads\/sites\/2\/2018\/07\/IMG_0388.jpg 1920w\" sizes=\"(max-width: 400px) 100vw, 400px\" \/>                    <\/div>\n    <\/a>\n\n    <div class=\"images-grid\"><span><a href=\"https:\/\/wettbewerb-archiv.wir-tun-was-fuer-bienen.de\/archiv-2018\/eintrag\/neuanlage-trockenstandort\/\"><img decoding=\"async\" width=\"150\" height=\"150\" src=\"https:\/\/wettbewerb-archiv.wir-tun-was-fuer-bienen.de\/archiv-2018\/wp-content\/uploads\/sites\/2\/2018\/07\/IMG_0260-150x150.jpg\" class=\"attachment-thumbnail size-thumbnail\" alt=\"\" loading=\"lazy\" \/><\/a><\/span><span><a href=\"https:\/\/wettbewerb-archiv.wir-tun-was-fuer-bienen.de\/archiv-2018\/eintrag\/neuanlage-trockenstandort\/\"><img decoding=\"async\" width=\"150\" height=\"150\" src=\"https:\/\/wettbewerb-archiv.wir-tun-was-fuer-bienen.de\/archiv-2018\/wp-content\/uploads\/sites\/2\/2018\/07\/IMG_0281-150x150.jpg\" class=\"attachment-thumbnail size-thumbnail\" alt=\"\" loading=\"lazy\" \/><\/a><\/span><\/div>\n\n    <div class=\"user flex\">\n        \n                    <img decoding=\"async\" src=\"https:\/\/wettbewerb-archiv.wir-tun-was-fuer-bienen.de\/archiv-2018\/wp-content\/themes\/bienen\/assets\/images\/avatar-placeholder.png\" style=\"border-radius: 30px;\" height=\"30\" width=\"30\">\n            Ranzinger            <\/div>\n    \n    \n            <p class=\"categories meta\" style=\"width: 100%\"><span class=\"fa fa-tag\"\n                                                             aria-hidden=\"true\"><\/span> Privatg\u00e4rten und G\u00e4rten von Mietwohnungen (kleiner als 500 Quadratmeter)        <\/p>\n    \n            <p class=\"categories meta\" style=\"width: 100%\"><span class=\"fa fa-map-marker\"\n                                                             aria-hidden=\"true\"><\/span> Bayern        <\/p>\n    \n<\/article>\n   \n\t\t\n          <article id=\"post-6921\" class=\"et_pb_post post-6921 wtwfb_entry type-wtwfb_entry status-publish has-post-thumbnail hentry wtwfb_category-schul-und-jugendclub-gaerten wtwfb_region-bayern\">\n    <h2 class=\"entry-title\"><a href=\"https:\/\/wettbewerb-archiv.wir-tun-was-fuer-bienen.de\/archiv-2018\/eintrag\/insektenparadies-2\/\">Insektenparadies<\/a>\n    <\/h2>\n    <a href=\"https:\/\/wettbewerb-archiv.wir-tun-was-fuer-bienen.de\/archiv-2018\/eintrag\/insektenparadies-2\/\">\n        <div class=\"bienen-entry-image\">\n            <img decoding=\"async\" width=\"400\" height=\"300\" src=\"https:\/\/wettbewerb-archiv.wir-tun-was-fuer-bienen.de\/archiv-2018\/wp-content\/uploads\/sites\/2\/2018\/07\/1E709D24-5C57-4223-9D4C-08D35FBD8C96-400x300.jpeg\" class=\"attachment-bienen-grid-thumb size-bienen-grid-thumb wp-post-image\" alt=\"\" loading=\"lazy\" \/>                    <\/div>\n    <\/a>\n\n    <div class=\"images-grid\"><\/div>\n\n    <div class=\"user flex\">\n        \n                    <img decoding=\"async\" src=\"https:\/\/wettbewerb-archiv.wir-tun-was-fuer-bienen.de\/archiv-2018\/wp-content\/themes\/bienen\/assets\/images\/avatar-placeholder.png\" style=\"border-radius: 30px;\" height=\"30\" width=\"30\">\n            Iris Fladerer            <\/div>\n    \n    \n            <p class=\"categories meta\" style=\"width: 100%\"><span class=\"fa fa-tag\"\n                                                             aria-hidden=\"true\"><\/span> Schul- und Jugendclub-G\u00e4rten        <\/p>\n    \n            <p class=\"categories meta\" style=\"width: 100%\"><span class=\"fa fa-map-marker\"\n                                                             aria-hidden=\"true\"><\/span> Bayern        <\/p>\n    \n<\/article>\n   \n\t\t\n          <article id=\"post-6909\" class=\"et_pb_post post-6909 wtwfb_entry type-wtwfb_entry status-publish has-post-thumbnail hentry wtwfb_category-schul-und-jugendclub-gaerten wtwfb_region-bayern\">\n    <h2 class=\"entry-title\"><a href=\"https:\/\/wettbewerb-archiv.wir-tun-was-fuer-bienen.de\/archiv-2018\/eintrag\/insektenparadies\/\">Insektenparadies<\/a>\n    <\/h2>\n    <a href=\"https:\/\/wettbewerb-archiv.wir-tun-was-fuer-bienen.de\/archiv-2018\/eintrag\/insektenparadies\/\">\n        <div class=\"bienen-entry-image\">\n            <img decoding=\"async\" width=\"400\" height=\"300\" src=\"https:\/\/wettbewerb-archiv.wir-tun-was-fuer-bienen.de\/archiv-2018\/wp-content\/uploads\/sites\/2\/2018\/07\/3DCE8920-4AC7-4F0E-BBDC-B86CDE8D2614-400x300.jpeg\" class=\"attachment-bienen-grid-thumb size-bienen-grid-thumb wp-post-image\" alt=\"\" loading=\"lazy\" srcset=\"https:\/\/wettbewerb-archiv.wir-tun-was-fuer-bienen.de\/archiv-2018\/wp-content\/uploads\/sites\/2\/2018\/07\/3DCE8920-4AC7-4F0E-BBDC-B86CDE8D2614-400x300.jpeg 400w, https:\/\/wettbewerb-archiv.wir-tun-was-fuer-bienen.de\/archiv-2018\/wp-content\/uploads\/sites\/2\/2018\/07\/3DCE8920-4AC7-4F0E-BBDC-B86CDE8D2614-300x225.jpeg 300w, https:\/\/wettbewerb-archiv.wir-tun-was-fuer-bienen.de\/archiv-2018\/wp-content\/uploads\/sites\/2\/2018\/07\/3DCE8920-4AC7-4F0E-BBDC-B86CDE8D2614-768x576.jpeg 768w, https:\/\/wettbewerb-archiv.wir-tun-was-fuer-bienen.de\/archiv-2018\/wp-content\/uploads\/sites\/2\/2018\/07\/3DCE8920-4AC7-4F0E-BBDC-B86CDE8D2614-1024x768.jpeg 1024w, https:\/\/wettbewerb-archiv.wir-tun-was-fuer-bienen.de\/archiv-2018\/wp-content\/uploads\/sites\/2\/2018\/07\/3DCE8920-4AC7-4F0E-BBDC-B86CDE8D2614.jpeg 1920w\" sizes=\"(max-width: 400px) 100vw, 400px\" \/>                    <\/div>\n    <\/a>\n\n    <div class=\"images-grid\"><\/div>\n\n    <div class=\"user flex\">\n        \n                    <img decoding=\"async\" src=\"https:\/\/wettbewerb-archiv.wir-tun-was-fuer-bienen.de\/archiv-2018\/wp-content\/themes\/bienen\/assets\/images\/avatar-placeholder.png\" style=\"border-radius: 30px;\" height=\"30\" width=\"30\">\n            Iris Fladerer            <\/div>\n    \n    \n            <p class=\"categories meta\" style=\"width: 100%\"><span class=\"fa fa-tag\"\n                                                             aria-hidden=\"true\"><\/span> Schul- und Jugendclub-G\u00e4rten        <\/p>\n    \n            <p class=\"categories meta\" style=\"width: 100%\"><span class=\"fa fa-map-marker\"\n                                                             aria-hidden=\"true\"><\/span> Bayern        <\/p>\n    \n<\/article>\n   \n\t\t\n          <article id=\"post-6857\" class=\"et_pb_post post-6857 wtwfb_entry type-wtwfb_entry status-publish has-post-thumbnail hentry wtwfb_category-firmen-institutions-und-vereinsgaerten wtwfb_region-baden-wuerttemberg\">\n    <h2 class=\"entry-title\"><a href=\"https:\/\/wettbewerb-archiv.wir-tun-was-fuer-bienen.de\/archiv-2018\/eintrag\/nachhaltigkeit-ist-alles\/\">Nachhaltigkeit ist ALLES!<\/a>\n    <\/h2>\n    <a href=\"https:\/\/wettbewerb-archiv.wir-tun-was-fuer-bienen.de\/archiv-2018\/eintrag\/nachhaltigkeit-ist-alles\/\">\n        <div class=\"bienen-entry-image\">\n            <img decoding=\"async\" width=\"400\" height=\"300\" src=\"https:\/\/wettbewerb-archiv.wir-tun-was-fuer-bienen.de\/archiv-2018\/wp-content\/uploads\/sites\/2\/2018\/07\/IMG_9509-400x300.jpg\" class=\"attachment-bienen-grid-thumb size-bienen-grid-thumb wp-post-image\" alt=\"\" loading=\"lazy\" srcset=\"https:\/\/wettbewerb-archiv.wir-tun-was-fuer-bienen.de\/archiv-2018\/wp-content\/uploads\/sites\/2\/2018\/07\/IMG_9509-400x300.jpg 400w, https:\/\/wettbewerb-archiv.wir-tun-was-fuer-bienen.de\/archiv-2018\/wp-content\/uploads\/sites\/2\/2018\/07\/IMG_9509-300x225.jpg 300w, https:\/\/wettbewerb-archiv.wir-tun-was-fuer-bienen.de\/archiv-2018\/wp-content\/uploads\/sites\/2\/2018\/07\/IMG_9509-768x576.jpg 768w, https:\/\/wettbewerb-archiv.wir-tun-was-fuer-bienen.de\/archiv-2018\/wp-content\/uploads\/sites\/2\/2018\/07\/IMG_9509-1024x768.jpg 1024w, https:\/\/wettbewerb-archiv.wir-tun-was-fuer-bienen.de\/archiv-2018\/wp-content\/uploads\/sites\/2\/2018\/07\/IMG_9509.jpg 1920w\" sizes=\"(max-width: 400px) 100vw, 400px\" \/>                    <\/div>\n    <\/a>\n\n    <div class=\"images-grid\"><span><a href=\"https:\/\/wettbewerb-archiv.wir-tun-was-fuer-bienen.de\/archiv-2018\/eintrag\/nachhaltigkeit-ist-alles\/\"><img decoding=\"async\" width=\"150\" height=\"150\" src=\"https:\/\/wettbewerb-archiv.wir-tun-was-fuer-bienen.de\/archiv-2018\/wp-content\/uploads\/sites\/2\/2018\/07\/IMG_9516-150x150.jpg\" class=\"attachment-thumbnail size-thumbnail\" alt=\"\" loading=\"lazy\" \/><\/a><\/span><span><a href=\"https:\/\/wettbewerb-archiv.wir-tun-was-fuer-bienen.de\/archiv-2018\/eintrag\/nachhaltigkeit-ist-alles\/\"><img decoding=\"async\" width=\"150\" height=\"150\" src=\"https:\/\/wettbewerb-archiv.wir-tun-was-fuer-bienen.de\/archiv-2018\/wp-content\/uploads\/sites\/2\/2018\/07\/IMG_9520-150x150.jpg\" class=\"attachment-thumbnail size-thumbnail\" alt=\"\" loading=\"lazy\" \/><\/a><\/span><span><a href=\"https:\/\/wettbewerb-archiv.wir-tun-was-fuer-bienen.de\/archiv-2018\/eintrag\/nachhaltigkeit-ist-alles\/\"><img decoding=\"async\" width=\"150\" height=\"150\" src=\"https:\/\/wettbewerb-archiv.wir-tun-was-fuer-bienen.de\/archiv-2018\/wp-content\/uploads\/sites\/2\/2018\/07\/IMG_9500-1-150x150.jpg\" class=\"attachment-thumbnail size-thumbnail\" alt=\"\" loading=\"lazy\" \/><\/a><\/span><span><a href=\"https:\/\/wettbewerb-archiv.wir-tun-was-fuer-bienen.de\/archiv-2018\/eintrag\/nachhaltigkeit-ist-alles\/\"><img decoding=\"async\" width=\"150\" height=\"150\" src=\"https:\/\/wettbewerb-archiv.wir-tun-was-fuer-bienen.de\/archiv-2018\/wp-content\/uploads\/sites\/2\/2018\/07\/IMG_9503-150x150.jpg\" class=\"attachment-thumbnail size-thumbnail\" alt=\"\" loading=\"lazy\" \/><\/a><\/span><\/div>\n\n    <div class=\"user flex\">\n                    <img decoding=\"async\" src=\"https:\/\/wettbewerb-archiv.wir-tun-was-fuer-bienen.de\/archiv-2018\/wp-content\/themes\/bienen\/assets\/images\/avatar-placeholder.png\" style=\"border-radius: 30px;\" height=\"30\" width=\"30\">\n            <a href=\"https:\/\/wettbewerb-archiv.wir-tun-was-fuer-bienen.de\/archiv-2018\/gruppe\/die-spontane-pflegegruppe\/\" title=\"Beitr\u00e4ge von Die spontane Pflegegruppe\"\n               rel=\"author\">Die spontane Pflegegruppe<\/a>\n            <\/div>\n    \n    \n            <p class=\"categories meta\" style=\"width: 100%\"><span class=\"fa fa-tag\"\n                                                             aria-hidden=\"true\"><\/span> Firmen-, Institutions- und Vereinsg\u00e4rten        <\/p>\n    \n            <p class=\"categories meta\" style=\"width: 100%\"><span class=\"fa fa-map-marker\"\n                                                             aria-hidden=\"true\"><\/span> Baden-W\u00fcrttemberg        <\/p>\n    \n<\/article>\n   \n\t\t\n          <article id=\"post-6819\" class=\"et_pb_post post-6819 wtwfb_entry type-wtwfb_entry status-publish has-post-thumbnail hentry wtwfb_category-kommunale-flaechen-parks-baumscheiben wtwfb_region-nordrhein-westfalen\">\n    <h2 class=\"entry-title\"><a href=\"https:\/\/wettbewerb-archiv.wir-tun-was-fuer-bienen.de\/archiv-2018\/eintrag\/apfelbaumpflanzung-auf-streuobstwiese\/\">Apfelbaumpflanzung auf Streuobstwiese<\/a>\n    <\/h2>\n    <a href=\"https:\/\/wettbewerb-archiv.wir-tun-was-fuer-bienen.de\/archiv-2018\/eintrag\/apfelbaumpflanzung-auf-streuobstwiese\/\">\n        <div class=\"bienen-entry-image\">\n            <img decoding=\"async\" width=\"400\" height=\"300\" src=\"https:\/\/wettbewerb-archiv.wir-tun-was-fuer-bienen.de\/archiv-2018\/wp-content\/uploads\/sites\/2\/2018\/07\/P3080136-400x300.jpg\" class=\"attachment-bienen-grid-thumb size-bienen-grid-thumb wp-post-image\" alt=\"\" loading=\"lazy\" srcset=\"https:\/\/wettbewerb-archiv.wir-tun-was-fuer-bienen.de\/archiv-2018\/wp-content\/uploads\/sites\/2\/2018\/07\/P3080136-400x300.jpg 400w, https:\/\/wettbewerb-archiv.wir-tun-was-fuer-bienen.de\/archiv-2018\/wp-content\/uploads\/sites\/2\/2018\/07\/P3080136-300x225.jpg 300w, https:\/\/wettbewerb-archiv.wir-tun-was-fuer-bienen.de\/archiv-2018\/wp-content\/uploads\/sites\/2\/2018\/07\/P3080136-768x576.jpg 768w, https:\/\/wettbewerb-archiv.wir-tun-was-fuer-bienen.de\/archiv-2018\/wp-content\/uploads\/sites\/2\/2018\/07\/P3080136-1024x768.jpg 1024w, https:\/\/wettbewerb-archiv.wir-tun-was-fuer-bienen.de\/archiv-2018\/wp-content\/uploads\/sites\/2\/2018\/07\/P3080136.jpg 1920w\" sizes=\"(max-width: 400px) 100vw, 400px\" \/>                    <\/div>\n    <\/a>\n\n    <div class=\"images-grid\"><span><a href=\"https:\/\/wettbewerb-archiv.wir-tun-was-fuer-bienen.de\/archiv-2018\/eintrag\/apfelbaumpflanzung-auf-streuobstwiese\/\"><img decoding=\"async\" width=\"150\" height=\"150\" src=\"https:\/\/wettbewerb-archiv.wir-tun-was-fuer-bienen.de\/archiv-2018\/wp-content\/uploads\/sites\/2\/2018\/07\/P3080114-150x150.jpg\" class=\"attachment-thumbnail size-thumbnail\" alt=\"\" loading=\"lazy\" \/><\/a><\/span><span><a href=\"https:\/\/wettbewerb-archiv.wir-tun-was-fuer-bienen.de\/archiv-2018\/eintrag\/apfelbaumpflanzung-auf-streuobstwiese\/\"><img decoding=\"async\" width=\"150\" height=\"150\" src=\"https:\/\/wettbewerb-archiv.wir-tun-was-fuer-bienen.de\/archiv-2018\/wp-content\/uploads\/sites\/2\/2018\/07\/P3080031-150x150.jpg\" class=\"attachment-thumbnail size-thumbnail\" alt=\"\" loading=\"lazy\" \/><\/a><\/span><span><a href=\"https:\/\/wettbewerb-archiv.wir-tun-was-fuer-bienen.de\/archiv-2018\/eintrag\/apfelbaumpflanzung-auf-streuobstwiese\/\"><img decoding=\"async\" width=\"150\" height=\"150\" src=\"https:\/\/wettbewerb-archiv.wir-tun-was-fuer-bienen.de\/archiv-2018\/wp-content\/uploads\/sites\/2\/2018\/07\/P3080154-150x150.jpg\" class=\"attachment-thumbnail size-thumbnail\" alt=\"\" loading=\"lazy\" \/><\/a><\/span><span><a href=\"https:\/\/wettbewerb-archiv.wir-tun-was-fuer-bienen.de\/archiv-2018\/eintrag\/apfelbaumpflanzung-auf-streuobstwiese\/\"><img decoding=\"async\" width=\"150\" height=\"150\" src=\"https:\/\/wettbewerb-archiv.wir-tun-was-fuer-bienen.de\/archiv-2018\/wp-content\/uploads\/sites\/2\/2018\/07\/P3080051-150x150.jpg\" class=\"attachment-thumbnail size-thumbnail\" alt=\"\" loading=\"lazy\" \/><\/a><\/span><\/div>\n\n    <div class=\"user flex\">\n        \n                    <img decoding=\"async\" src=\"https:\/\/wettbewerb-archiv.wir-tun-was-fuer-bienen.de\/archiv-2018\/wp-content\/themes\/bienen\/assets\/images\/avatar-placeholder.png\" style=\"border-radius: 30px;\" height=\"30\" width=\"30\">\n            GoGreen-Team            <\/div>\n    \n    \n            <p class=\"categories meta\" style=\"width: 100%\"><span class=\"fa fa-tag\"\n                                                             aria-hidden=\"true\"><\/span> Kommunale Fl\u00e4chen, Parks, Baumscheiben        <\/p>\n    \n            <p class=\"categories meta\" style=\"width: 100%\"><span class=\"fa fa-map-marker\"\n                                                             aria-hidden=\"true\"><\/span> Nordrhein-Westfalen        <\/p>\n    \n<\/article>\n   \n\t\t\n          <article id=\"post-6733\" class=\"et_pb_post post-6733 wtwfb_entry type-wtwfb_entry status-publish has-post-thumbnail hentry wtwfb_category-kleingartenwesen-parzellen-und-gemeinschaftsgaerten wtwfb_region-berlin\">\n    <h2 class=\"entry-title\"><a href=\"https:\/\/wettbewerb-archiv.wir-tun-was-fuer-bienen.de\/archiv-2018\/eintrag\/garteninformationszentrum-bv-der-gartenfreunde-pankow-e-v\/\">Garteninformationszentrum BV der Gartenfreunde Pankow e...<\/a>\n    <\/h2>\n    <a href=\"https:\/\/wettbewerb-archiv.wir-tun-was-fuer-bienen.de\/archiv-2018\/eintrag\/garteninformationszentrum-bv-der-gartenfreunde-pankow-e-v\/\">\n        <div class=\"bienen-entry-image\">\n            <img decoding=\"async\" width=\"400\" height=\"300\" src=\"https:\/\/wettbewerb-archiv.wir-tun-was-fuer-bienen.de\/archiv-2018\/wp-content\/uploads\/sites\/2\/2018\/07\/GIZ-400x300.jpg\" class=\"attachment-bienen-grid-thumb size-bienen-grid-thumb wp-post-image\" alt=\"\" loading=\"lazy\" srcset=\"https:\/\/wettbewerb-archiv.wir-tun-was-fuer-bienen.de\/archiv-2018\/wp-content\/uploads\/sites\/2\/2018\/07\/GIZ-400x300.jpg 400w, https:\/\/wettbewerb-archiv.wir-tun-was-fuer-bienen.de\/archiv-2018\/wp-content\/uploads\/sites\/2\/2018\/07\/GIZ-300x225.jpg 300w, https:\/\/wettbewerb-archiv.wir-tun-was-fuer-bienen.de\/archiv-2018\/wp-content\/uploads\/sites\/2\/2018\/07\/GIZ-768x576.jpg 768w, https:\/\/wettbewerb-archiv.wir-tun-was-fuer-bienen.de\/archiv-2018\/wp-content\/uploads\/sites\/2\/2018\/07\/GIZ-1024x768.jpg 1024w, https:\/\/wettbewerb-archiv.wir-tun-was-fuer-bienen.de\/archiv-2018\/wp-content\/uploads\/sites\/2\/2018\/07\/GIZ.jpg 1920w\" sizes=\"(max-width: 400px) 100vw, 400px\" \/>                    <\/div>\n    <\/a>\n\n    <div class=\"images-grid\"><span><a href=\"https:\/\/wettbewerb-archiv.wir-tun-was-fuer-bienen.de\/archiv-2018\/eintrag\/garteninformationszentrum-bv-der-gartenfreunde-pankow-e-v\/\"><img decoding=\"async\" width=\"150\" height=\"150\" src=\"https:\/\/wettbewerb-archiv.wir-tun-was-fuer-bienen.de\/archiv-2018\/wp-content\/uploads\/sites\/2\/2018\/07\/20180703_113752-150x150.jpg\" class=\"attachment-thumbnail size-thumbnail\" alt=\"\" loading=\"lazy\" \/><\/a><\/span><span><a href=\"https:\/\/wettbewerb-archiv.wir-tun-was-fuer-bienen.de\/archiv-2018\/eintrag\/garteninformationszentrum-bv-der-gartenfreunde-pankow-e-v\/\"><img decoding=\"async\" width=\"150\" height=\"150\" src=\"https:\/\/wettbewerb-archiv.wir-tun-was-fuer-bienen.de\/archiv-2018\/wp-content\/uploads\/sites\/2\/2018\/07\/GIZ-1-150x150.jpg\" class=\"attachment-thumbnail size-thumbnail\" alt=\"\" loading=\"lazy\" \/><\/a><\/span><\/div>\n\n    <div class=\"user flex\">\n        \n                    <img decoding=\"async\" src=\"https:\/\/wettbewerb-archiv.wir-tun-was-fuer-bienen.de\/archiv-2018\/wp-content\/themes\/bienen\/assets\/images\/avatar-placeholder.png\" style=\"border-radius: 30px;\" height=\"30\" width=\"30\">\n            Rosa1            <\/div>\n    \n    \n            <p class=\"categories meta\" style=\"width: 100%\"><span class=\"fa fa-tag\"\n                                                             aria-hidden=\"true\"><\/span> Kleingartenwesen: Parzellen und Gemeinschaftsg\u00e4rten        <\/p>\n    \n            <p class=\"categories meta\" style=\"width: 100%\"><span class=\"fa fa-map-marker\"\n                                                             aria-hidden=\"true\"><\/span> Berlin        <\/p>\n    \n<\/article>\n   \n\t\t\n          <article id=\"post-6631\" class=\"et_pb_post post-6631 wtwfb_entry type-wtwfb_entry status-publish has-post-thumbnail hentry wtwfb_category-privatgaerten-und-gaerten-von-mietwohnungen-kleiner-500-quadratmeter wtwfb_region-nordrhein-westfalen\">\n    <h2 class=\"entry-title\"><a href=\"https:\/\/wettbewerb-archiv.wir-tun-was-fuer-bienen.de\/archiv-2018\/eintrag\/ulfs-und-evis-bienen-und-insektengarten\/\">Ulfs und Evis Bienen und Insektengarten<\/a>\n    <\/h2>\n    <a href=\"https:\/\/wettbewerb-archiv.wir-tun-was-fuer-bienen.de\/archiv-2018\/eintrag\/ulfs-und-evis-bienen-und-insektengarten\/\">\n        <div class=\"bienen-entry-image\">\n            <img decoding=\"async\" width=\"400\" height=\"300\" src=\"https:\/\/wettbewerb-archiv.wir-tun-was-fuer-bienen.de\/archiv-2018\/wp-content\/uploads\/sites\/2\/2018\/07\/IMG_20180702_182532-400x300.jpg\" class=\"attachment-bienen-grid-thumb size-bienen-grid-thumb wp-post-image\" alt=\"\" loading=\"lazy\" \/>                    <\/div>\n    <\/a>\n\n    <div class=\"images-grid\"><span><a href=\"https:\/\/wettbewerb-archiv.wir-tun-was-fuer-bienen.de\/archiv-2018\/eintrag\/ulfs-und-evis-bienen-und-insektengarten\/\"><img decoding=\"async\" width=\"150\" height=\"150\" src=\"https:\/\/wettbewerb-archiv.wir-tun-was-fuer-bienen.de\/archiv-2018\/wp-content\/uploads\/sites\/2\/2018\/07\/IMG_20180415_113801-2-150x150.jpg\" class=\"attachment-thumbnail size-thumbnail\" alt=\"\" loading=\"lazy\" \/><\/a><\/span><span><a href=\"https:\/\/wettbewerb-archiv.wir-tun-was-fuer-bienen.de\/archiv-2018\/eintrag\/ulfs-und-evis-bienen-und-insektengarten\/\"><img decoding=\"async\" width=\"150\" height=\"150\" src=\"https:\/\/wettbewerb-archiv.wir-tun-was-fuer-bienen.de\/archiv-2018\/wp-content\/uploads\/sites\/2\/2018\/07\/IMG_20180505_125435-2-150x150.jpg\" class=\"attachment-thumbnail size-thumbnail\" alt=\"\" loading=\"lazy\" \/><\/a><\/span><span><a href=\"https:\/\/wettbewerb-archiv.wir-tun-was-fuer-bienen.de\/archiv-2018\/eintrag\/ulfs-und-evis-bienen-und-insektengarten\/\"><img decoding=\"async\" width=\"150\" height=\"150\" src=\"https:\/\/wettbewerb-archiv.wir-tun-was-fuer-bienen.de\/archiv-2018\/wp-content\/uploads\/sites\/2\/2018\/07\/IMG_20180506_170654-2-150x150.jpg\" class=\"attachment-thumbnail size-thumbnail\" alt=\"\" loading=\"lazy\" \/><\/a><\/span><span><a href=\"https:\/\/wettbewerb-archiv.wir-tun-was-fuer-bienen.de\/archiv-2018\/eintrag\/ulfs-und-evis-bienen-und-insektengarten\/\"><img decoding=\"async\" width=\"150\" height=\"150\" src=\"https:\/\/wettbewerb-archiv.wir-tun-was-fuer-bienen.de\/archiv-2018\/wp-content\/uploads\/sites\/2\/2018\/07\/IMG_20180602_171240-2-150x150.jpg\" class=\"attachment-thumbnail size-thumbnail\" alt=\"\" loading=\"lazy\" \/><\/a><\/span><\/div>\n\n    <div class=\"user flex\">\n        \n                    <img decoding=\"async\" src=\"https:\/\/wettbewerb-archiv.wir-tun-was-fuer-bienen.de\/archiv-2018\/wp-content\/themes\/bienen\/assets\/images\/avatar-placeholder.png\" style=\"border-radius: 30px;\" height=\"30\" width=\"30\">\n            Ulfs und Evis Bienengarten-Projekt            <\/div>\n    \n    \n            <p class=\"categories meta\" style=\"width: 100%\"><span class=\"fa fa-tag\"\n                                                             aria-hidden=\"true\"><\/span> Privatg\u00e4rten und G\u00e4rten von Mietwohnungen (kleiner als 500 Quadratmeter)        <\/p>\n    \n            <p class=\"categories meta\" style=\"width: 100%\"><span class=\"fa fa-map-marker\"\n                                                             aria-hidden=\"true\"><\/span> Nordrhein-Westfalen        <\/p>\n    \n<\/article>\n   \n\t\t\n          <article id=\"post-6565\" class=\"et_pb_post post-6565 wtwfb_entry type-wtwfb_entry status-publish has-post-thumbnail hentry wtwfb_category-kommunale-flaechen-parks-baumscheiben wtwfb_region-hessen\">\n    <h2 class=\"entry-title\"><a href=\"https:\/\/wettbewerb-archiv.wir-tun-was-fuer-bienen.de\/archiv-2018\/eintrag\/lavendelbeete-statt-unkraut-in-lindenholzhausen\/\">Lavendelbeete statt Unkraut in Lindenholzhausen<\/a>\n    <\/h2>\n    <a href=\"https:\/\/wettbewerb-archiv.wir-tun-was-fuer-bienen.de\/archiv-2018\/eintrag\/lavendelbeete-statt-unkraut-in-lindenholzhausen\/\">\n        <div class=\"bienen-entry-image\">\n            <img decoding=\"async\" width=\"400\" height=\"300\" src=\"https:\/\/wettbewerb-archiv.wir-tun-was-fuer-bienen.de\/archiv-2018\/wp-content\/uploads\/sites\/2\/2018\/07\/HUCF0432-400x300.jpg\" class=\"attachment-bienen-grid-thumb size-bienen-grid-thumb wp-post-image\" alt=\"\" loading=\"lazy\" \/>                    <\/div>\n    <\/a>\n\n    <div class=\"images-grid\"><span><a href=\"https:\/\/wettbewerb-archiv.wir-tun-was-fuer-bienen.de\/archiv-2018\/eintrag\/lavendelbeete-statt-unkraut-in-lindenholzhausen\/\"><img decoding=\"async\" width=\"150\" height=\"150\" src=\"https:\/\/wettbewerb-archiv.wir-tun-was-fuer-bienen.de\/archiv-2018\/wp-content\/uploads\/sites\/2\/2018\/07\/SAFX7642-150x150.jpg\" class=\"attachment-thumbnail size-thumbnail\" alt=\"\" loading=\"lazy\" \/><\/a><\/span><span><a href=\"https:\/\/wettbewerb-archiv.wir-tun-was-fuer-bienen.de\/archiv-2018\/eintrag\/lavendelbeete-statt-unkraut-in-lindenholzhausen\/\"><img decoding=\"async\" width=\"150\" height=\"150\" src=\"https:\/\/wettbewerb-archiv.wir-tun-was-fuer-bienen.de\/archiv-2018\/wp-content\/uploads\/sites\/2\/2018\/07\/XUPA7001-150x150.jpg\" class=\"attachment-thumbnail size-thumbnail\" alt=\"\" loading=\"lazy\" \/><\/a><\/span><\/div>\n\n    <div class=\"user flex\">\n        \n                    <img decoding=\"async\" src=\"https:\/\/wettbewerb-archiv.wir-tun-was-fuer-bienen.de\/archiv-2018\/wp-content\/themes\/bienen\/assets\/images\/avatar-placeholder.png\" style=\"border-radius: 30px;\" height=\"30\" width=\"30\">\n            Versch\u00f6nerungsverein Lindenholzhausen            <\/div>\n    \n    \n            <p class=\"categories meta\" style=\"width: 100%\"><span class=\"fa fa-tag\"\n                                                             aria-hidden=\"true\"><\/span> Kommunale Fl\u00e4chen, Parks, Baumscheiben        <\/p>\n    \n            <p class=\"categories meta\" style=\"width: 100%\"><span class=\"fa fa-map-marker\"\n                                                             aria-hidden=\"true\"><\/span> Hessen        <\/p>\n    \n<\/article>\n   \n\t\t\n          <article id=\"post-6496\" class=\"et_pb_post post-6496 wtwfb_entry type-wtwfb_entry status-publish has-post-thumbnail hentry wtwfb_category-firmen-institutions-und-vereinsgaerten wtwfb_region-niedersachsen\">\n    <h2 class=\"entry-title\"><a href=\"https:\/\/wettbewerb-archiv.wir-tun-was-fuer-bienen.de\/archiv-2018\/eintrag\/meilsener-pflanzenhof-summt\/\">Meilsener Pflanzenhof summt.<\/a>\n    <\/h2>\n    <a href=\"https:\/\/wettbewerb-archiv.wir-tun-was-fuer-bienen.de\/archiv-2018\/eintrag\/meilsener-pflanzenhof-summt\/\">\n        <div class=\"bienen-entry-image\">\n            <img decoding=\"async\" width=\"400\" height=\"300\" src=\"https:\/\/wettbewerb-archiv.wir-tun-was-fuer-bienen.de\/archiv-2018\/wp-content\/uploads\/sites\/2\/2018\/07\/58746FB8-4726-4568-AF04-6607AE484F8D-400x300.jpeg\" class=\"attachment-bienen-grid-thumb size-bienen-grid-thumb wp-post-image\" alt=\"\" loading=\"lazy\" srcset=\"https:\/\/wettbewerb-archiv.wir-tun-was-fuer-bienen.de\/archiv-2018\/wp-content\/uploads\/sites\/2\/2018\/07\/58746FB8-4726-4568-AF04-6607AE484F8D-400x300.jpeg 400w, https:\/\/wettbewerb-archiv.wir-tun-was-fuer-bienen.de\/archiv-2018\/wp-content\/uploads\/sites\/2\/2018\/07\/58746FB8-4726-4568-AF04-6607AE484F8D-300x225.jpeg 300w, https:\/\/wettbewerb-archiv.wir-tun-was-fuer-bienen.de\/archiv-2018\/wp-content\/uploads\/sites\/2\/2018\/07\/58746FB8-4726-4568-AF04-6607AE484F8D-768x576.jpeg 768w, https:\/\/wettbewerb-archiv.wir-tun-was-fuer-bienen.de\/archiv-2018\/wp-content\/uploads\/sites\/2\/2018\/07\/58746FB8-4726-4568-AF04-6607AE484F8D-1024x768.jpeg 1024w, https:\/\/wettbewerb-archiv.wir-tun-was-fuer-bienen.de\/archiv-2018\/wp-content\/uploads\/sites\/2\/2018\/07\/58746FB8-4726-4568-AF04-6607AE484F8D.jpeg 1920w\" sizes=\"(max-width: 400px) 100vw, 400px\" \/>                    <\/div>\n    <\/a>\n\n    <div class=\"images-grid\"><span><a href=\"https:\/\/wettbewerb-archiv.wir-tun-was-fuer-bienen.de\/archiv-2018\/eintrag\/meilsener-pflanzenhof-summt\/\"><img decoding=\"async\" width=\"150\" height=\"150\" src=\"https:\/\/wettbewerb-archiv.wir-tun-was-fuer-bienen.de\/archiv-2018\/wp-content\/uploads\/sites\/2\/2018\/07\/IMG_4025-1-150x150.jpg\" class=\"attachment-thumbnail size-thumbnail\" alt=\"\" loading=\"lazy\" \/><\/a><\/span><span><a href=\"https:\/\/wettbewerb-archiv.wir-tun-was-fuer-bienen.de\/archiv-2018\/eintrag\/meilsener-pflanzenhof-summt\/\"><img decoding=\"async\" width=\"150\" height=\"150\" src=\"https:\/\/wettbewerb-archiv.wir-tun-was-fuer-bienen.de\/archiv-2018\/wp-content\/uploads\/sites\/2\/2018\/07\/IMG_4044-150x150.jpg\" class=\"attachment-thumbnail size-thumbnail\" alt=\"\" loading=\"lazy\" \/><\/a><\/span><span><a href=\"https:\/\/wettbewerb-archiv.wir-tun-was-fuer-bienen.de\/archiv-2018\/eintrag\/meilsener-pflanzenhof-summt\/\"><img decoding=\"async\" width=\"150\" height=\"150\" src=\"https:\/\/wettbewerb-archiv.wir-tun-was-fuer-bienen.de\/archiv-2018\/wp-content\/uploads\/sites\/2\/2018\/07\/IMG_4028-150x150.jpg\" class=\"attachment-thumbnail size-thumbnail\" alt=\"\" loading=\"lazy\" \/><\/a><\/span><\/div>\n\n    <div class=\"user flex\">\n        \n                    <img decoding=\"async\" src=\"https:\/\/wettbewerb-archiv.wir-tun-was-fuer-bienen.de\/archiv-2018\/wp-content\/themes\/bienen\/assets\/images\/avatar-placeholder.png\" style=\"border-radius: 30px;\" height=\"30\" width=\"30\">\n            Meilsener Pflanzenhof make a bee happy!            <\/div>\n    \n    \n            <p class=\"categories meta\" style=\"width: 100%\"><span class=\"fa fa-tag\"\n                                                             aria-hidden=\"true\"><\/span> Firmen-, Institutions- und Vereinsg\u00e4rten        <\/p>\n    \n            <p class=\"categories meta\" style=\"width: 100%\"><span class=\"fa fa-map-marker\"\n                                                             aria-hidden=\"true\"><\/span> Niedersachsen        <\/p>\n    \n<\/article>\n   \n\t\t\n          <article id=\"post-6478\" class=\"et_pb_post post-6478 wtwfb_entry type-wtwfb_entry status-publish has-post-thumbnail hentry wtwfb_category-firmen-institutions-und-vereinsgaerten wtwfb_region-bayern\">\n    <h2 class=\"entry-title\"><a href=\"https:\/\/wettbewerb-archiv.wir-tun-was-fuer-bienen.de\/archiv-2018\/eintrag\/eine-brache-wird-rekultiviert\/\">Eine Brache wird rekultiviert<\/a>\n    <\/h2>\n    <a href=\"https:\/\/wettbewerb-archiv.wir-tun-was-fuer-bienen.de\/archiv-2018\/eintrag\/eine-brache-wird-rekultiviert\/\">\n        <div class=\"bienen-entry-image\">\n            <img decoding=\"async\" width=\"400\" height=\"300\" src=\"https:\/\/wettbewerb-archiv.wir-tun-was-fuer-bienen.de\/archiv-2018\/wp-content\/uploads\/sites\/2\/2018\/07\/erste-Arbeiten-7-400x300.jpg\" class=\"attachment-bienen-grid-thumb size-bienen-grid-thumb wp-post-image\" alt=\"\" loading=\"lazy\" srcset=\"https:\/\/wettbewerb-archiv.wir-tun-was-fuer-bienen.de\/archiv-2018\/wp-content\/uploads\/sites\/2\/2018\/07\/erste-Arbeiten-7-400x300.jpg 400w, https:\/\/wettbewerb-archiv.wir-tun-was-fuer-bienen.de\/archiv-2018\/wp-content\/uploads\/sites\/2\/2018\/07\/erste-Arbeiten-7-300x225.jpg 300w, https:\/\/wettbewerb-archiv.wir-tun-was-fuer-bienen.de\/archiv-2018\/wp-content\/uploads\/sites\/2\/2018\/07\/erste-Arbeiten-7-768x576.jpg 768w, https:\/\/wettbewerb-archiv.wir-tun-was-fuer-bienen.de\/archiv-2018\/wp-content\/uploads\/sites\/2\/2018\/07\/erste-Arbeiten-7-1024x768.jpg 1024w, https:\/\/wettbewerb-archiv.wir-tun-was-fuer-bienen.de\/archiv-2018\/wp-content\/uploads\/sites\/2\/2018\/07\/erste-Arbeiten-7.jpg 1920w\" sizes=\"(max-width: 400px) 100vw, 400px\" \/>                    <\/div>\n    <\/a>\n\n    <div class=\"images-grid\"><span><a href=\"https:\/\/wettbewerb-archiv.wir-tun-was-fuer-bienen.de\/archiv-2018\/eintrag\/eine-brache-wird-rekultiviert\/\"><img decoding=\"async\" width=\"150\" height=\"150\" src=\"https:\/\/wettbewerb-archiv.wir-tun-was-fuer-bienen.de\/archiv-2018\/wp-content\/uploads\/sites\/2\/2018\/07\/H\u00fcttenfundamente-1-150x150.jpg\" class=\"attachment-thumbnail size-thumbnail\" alt=\"\" loading=\"lazy\" \/><\/a><\/span><span><a href=\"https:\/\/wettbewerb-archiv.wir-tun-was-fuer-bienen.de\/archiv-2018\/eintrag\/eine-brache-wird-rekultiviert\/\"><img decoding=\"async\" width=\"150\" height=\"150\" src=\"https:\/\/wettbewerb-archiv.wir-tun-was-fuer-bienen.de\/archiv-2018\/wp-content\/uploads\/sites\/2\/2018\/07\/H\u00fcttenaufbau-4-150x150.jpg\" class=\"attachment-thumbnail size-thumbnail\" alt=\"\" loading=\"lazy\" \/><\/a><\/span><span><a href=\"https:\/\/wettbewerb-archiv.wir-tun-was-fuer-bienen.de\/archiv-2018\/eintrag\/eine-brache-wird-rekultiviert\/\"><img decoding=\"async\" width=\"150\" height=\"150\" src=\"https:\/\/wettbewerb-archiv.wir-tun-was-fuer-bienen.de\/archiv-2018\/wp-content\/uploads\/sites\/2\/2018\/07\/Brotzeitbank-wird-eingeweiht-2-150x150.jpg\" class=\"attachment-thumbnail size-thumbnail\" alt=\"\" loading=\"lazy\" \/><\/a><\/span><span><a href=\"https:\/\/wettbewerb-archiv.wir-tun-was-fuer-bienen.de\/archiv-2018\/eintrag\/eine-brache-wird-rekultiviert\/\"><img decoding=\"async\" width=\"150\" height=\"150\" src=\"https:\/\/wettbewerb-archiv.wir-tun-was-fuer-bienen.de\/archiv-2018\/wp-content\/uploads\/sites\/2\/2018\/07\/20180504_112305-150x150.jpg\" class=\"attachment-thumbnail size-thumbnail\" alt=\"\" loading=\"lazy\" \/><\/a><\/span><\/div>\n\n    <div class=\"user flex\">\n        \n                    <img decoding=\"async\" src=\"https:\/\/wettbewerb-archiv.wir-tun-was-fuer-bienen.de\/archiv-2018\/wp-content\/themes\/bienen\/assets\/images\/avatar-placeholder.png\" style=\"border-radius: 30px;\" height=\"30\" width=\"30\">\n            Lehrbienenstand Imkerverein Gr\u00e4felfing u.U. e.V.            <\/div>\n    \n    \n            <p class=\"categories meta\" style=\"width: 100%\"><span class=\"fa fa-tag\"\n                                                             aria-hidden=\"true\"><\/span> Firmen-, Institutions- und Vereinsg\u00e4rten        <\/p>\n    \n            <p class=\"categories meta\" style=\"width: 100%\"><span class=\"fa fa-map-marker\"\n                                                             aria-hidden=\"true\"><\/span> Bayern        <\/p>\n    \n<\/article>\n   \n\t\t\n          <article id=\"post-6375\" class=\"et_pb_post post-6375 wtwfb_entry type-wtwfb_entry status-publish has-post-thumbnail hentry wtwfb_category-schul-und-jugendclub-gaerten wtwfb_region-nordrhein-westfalen\">\n    <h2 class=\"entry-title\"><a href=\"https:\/\/wettbewerb-archiv.wir-tun-was-fuer-bienen.de\/archiv-2018\/eintrag\/egal-wer-gewinnt-die-bienen-auf-jeden-fall\/\">Egal wer gewinnt &#8211; die Bienen auf jeden Fall !<\/a>\n    <\/h2>\n    <a href=\"https:\/\/wettbewerb-archiv.wir-tun-was-fuer-bienen.de\/archiv-2018\/eintrag\/egal-wer-gewinnt-die-bienen-auf-jeden-fall\/\">\n        <div class=\"bienen-entry-image\">\n            <img decoding=\"async\" width=\"400\" height=\"300\" src=\"https:\/\/wettbewerb-archiv.wir-tun-was-fuer-bienen.de\/archiv-2018\/wp-content\/uploads\/sites\/2\/2018\/07\/fullsizeoutput_4372-400x300.jpeg\" class=\"attachment-bienen-grid-thumb size-bienen-grid-thumb wp-post-image\" alt=\"\" loading=\"lazy\" \/>                    <\/div>\n    <\/a>\n\n    <div class=\"images-grid\"><span><a href=\"https:\/\/wettbewerb-archiv.wir-tun-was-fuer-bienen.de\/archiv-2018\/eintrag\/egal-wer-gewinnt-die-bienen-auf-jeden-fall\/\"><img decoding=\"async\" width=\"150\" height=\"150\" src=\"https:\/\/wettbewerb-archiv.wir-tun-was-fuer-bienen.de\/archiv-2018\/wp-content\/uploads\/sites\/2\/2018\/07\/16Wn3H6nQkykAiGFK9ZH2A-150x150.jpg\" class=\"attachment-thumbnail size-thumbnail\" alt=\"\" loading=\"lazy\" \/><\/a><\/span><span><a href=\"https:\/\/wettbewerb-archiv.wir-tun-was-fuer-bienen.de\/archiv-2018\/eintrag\/egal-wer-gewinnt-die-bienen-auf-jeden-fall\/\"><img decoding=\"async\" width=\"150\" height=\"150\" src=\"https:\/\/wettbewerb-archiv.wir-tun-was-fuer-bienen.de\/archiv-2018\/wp-content\/uploads\/sites\/2\/2018\/07\/IMG_9885-150x150.jpg\" class=\"attachment-thumbnail size-thumbnail\" alt=\"\" loading=\"lazy\" \/><\/a><\/span><span><a href=\"https:\/\/wettbewerb-archiv.wir-tun-was-fuer-bienen.de\/archiv-2018\/eintrag\/egal-wer-gewinnt-die-bienen-auf-jeden-fall\/\"><img decoding=\"async\" width=\"150\" height=\"150\" src=\"https:\/\/wettbewerb-archiv.wir-tun-was-fuer-bienen.de\/archiv-2018\/wp-content\/uploads\/sites\/2\/2018\/07\/IMG_0057-150x150.jpg\" class=\"attachment-thumbnail size-thumbnail\" alt=\"\" loading=\"lazy\" \/><\/a><\/span><\/div>\n\n    <div class=\"user flex\">\n        \n                    <img decoding=\"async\" src=\"https:\/\/wettbewerb-archiv.wir-tun-was-fuer-bienen.de\/archiv-2018\/wp-content\/themes\/bienen\/assets\/images\/avatar-placeholder.png\" style=\"border-radius: 30px;\" height=\"30\" width=\"30\">\n            Gugy 7a            <\/div>\n    \n    \n            <p class=\"categories meta\" style=\"width: 100%\"><span class=\"fa fa-tag\"\n                                                             aria-hidden=\"true\"><\/span> Schul- und Jugendclub-G\u00e4rten        <\/p>\n    \n            <p class=\"categories meta\" style=\"width: 100%\"><span class=\"fa fa-map-marker\"\n                                                             aria-hidden=\"true\"><\/span> Nordrhein-Westfalen        <\/p>\n    \n<\/article>\n   \n\t\t\n          <article id=\"post-6339\" class=\"et_pb_post post-6339 wtwfb_entry type-wtwfb_entry status-publish has-post-thumbnail hentry wtwfb_category-privatgaerten-und-gaerten-von-mietwohnungen-kleiner-500-quadratmeter wtwfb_region-rheinland-pfalz\">\n    <h2 class=\"entry-title\"><a href=\"https:\/\/wettbewerb-archiv.wir-tun-was-fuer-bienen.de\/archiv-2018\/eintrag\/shettys-bienenwiese\/\">Lindenhof Bienenwiese<\/a>\n    <\/h2>\n    <a href=\"https:\/\/wettbewerb-archiv.wir-tun-was-fuer-bienen.de\/archiv-2018\/eintrag\/shettys-bienenwiese\/\">\n        <div class=\"bienen-entry-image\">\n            <img decoding=\"async\" width=\"400\" height=\"300\" src=\"https:\/\/wettbewerb-archiv.wir-tun-was-fuer-bienen.de\/archiv-2018\/wp-content\/uploads\/sites\/2\/2018\/07\/BW8a-400x300.jpg\" class=\"attachment-bienen-grid-thumb size-bienen-grid-thumb wp-post-image\" alt=\"\" loading=\"lazy\" srcset=\"https:\/\/wettbewerb-archiv.wir-tun-was-fuer-bienen.de\/archiv-2018\/wp-content\/uploads\/sites\/2\/2018\/07\/BW8a-400x300.jpg 400w, https:\/\/wettbewerb-archiv.wir-tun-was-fuer-bienen.de\/archiv-2018\/wp-content\/uploads\/sites\/2\/2018\/07\/BW8a-300x225.jpg 300w, https:\/\/wettbewerb-archiv.wir-tun-was-fuer-bienen.de\/archiv-2018\/wp-content\/uploads\/sites\/2\/2018\/07\/BW8a.jpg 640w\" sizes=\"(max-width: 400px) 100vw, 400px\" \/>                    <\/div>\n    <\/a>\n\n    <div class=\"images-grid\"><span><a href=\"https:\/\/wettbewerb-archiv.wir-tun-was-fuer-bienen.de\/archiv-2018\/eintrag\/shettys-bienenwiese\/\"><img decoding=\"async\" width=\"150\" height=\"150\" src=\"https:\/\/wettbewerb-archiv.wir-tun-was-fuer-bienen.de\/archiv-2018\/wp-content\/uploads\/sites\/2\/2018\/07\/bw3d-150x150.jpeg\" class=\"attachment-thumbnail size-thumbnail\" alt=\"\" loading=\"lazy\" \/><\/a><\/span><span><a href=\"https:\/\/wettbewerb-archiv.wir-tun-was-fuer-bienen.de\/archiv-2018\/eintrag\/shettys-bienenwiese\/\"><img decoding=\"async\" width=\"150\" height=\"150\" src=\"https:\/\/wettbewerb-archiv.wir-tun-was-fuer-bienen.de\/archiv-2018\/wp-content\/uploads\/sites\/2\/2018\/07\/Vogelscheuche-150x150.jpg\" class=\"attachment-thumbnail size-thumbnail\" alt=\"\" loading=\"lazy\" \/><\/a><\/span><span><a href=\"https:\/\/wettbewerb-archiv.wir-tun-was-fuer-bienen.de\/archiv-2018\/eintrag\/shettys-bienenwiese\/\"><img decoding=\"async\" width=\"150\" height=\"150\" src=\"https:\/\/wettbewerb-archiv.wir-tun-was-fuer-bienen.de\/archiv-2018\/wp-content\/uploads\/sites\/2\/2018\/07\/Schafe-150x150.jpg\" class=\"attachment-thumbnail size-thumbnail\" alt=\"\" loading=\"lazy\" \/><\/a><\/span><span><a href=\"https:\/\/wettbewerb-archiv.wir-tun-was-fuer-bienen.de\/archiv-2018\/eintrag\/shettys-bienenwiese\/\"><img decoding=\"async\" width=\"150\" height=\"150\" src=\"https:\/\/wettbewerb-archiv.wir-tun-was-fuer-bienen.de\/archiv-2018\/wp-content\/uploads\/sites\/2\/2018\/07\/bw4b-150x150.jpg\" class=\"attachment-thumbnail size-thumbnail\" alt=\"\" loading=\"lazy\" \/><\/a><\/span><\/div>\n\n    <div class=\"user flex\">\n        \n                    <img decoding=\"async\" src=\"https:\/\/wettbewerb-archiv.wir-tun-was-fuer-bienen.de\/archiv-2018\/wp-content\/themes\/bienen\/assets\/images\/avatar-placeholder.png\" style=\"border-radius: 30px;\" height=\"30\" width=\"30\">\n            Filou            <\/div>\n    \n    \n            <p class=\"categories meta\" style=\"width: 100%\"><span class=\"fa fa-tag\"\n                                                             aria-hidden=\"true\"><\/span> Privatg\u00e4rten und G\u00e4rten von Mietwohnungen (kleiner als 500 Quadratmeter)        <\/p>\n    \n            <p class=\"categories meta\" style=\"width: 100%\"><span class=\"fa fa-map-marker\"\n                                                             aria-hidden=\"true\"><\/span> Rheinland-Pfalz        <\/p>\n    \n<\/article>\n   \n\t\t\n          <article id=\"post-6317\" class=\"et_pb_post post-6317 wtwfb_entry type-wtwfb_entry status-publish has-post-thumbnail hentry wtwfb_category-privatgaerten-und-gaerten-von-mietwohnungen-kleiner-500-quadratmeter wtwfb_region-nordrhein-westfalen\">\n    <h2 class=\"entry-title\"><a href=\"https:\/\/wettbewerb-archiv.wir-tun-was-fuer-bienen.de\/archiv-2018\/eintrag\/umgestaltung-in-ein-nuetlingsparadies\/\">Umgestaltung in ein N\u00fctzlingsparadies<\/a>\n    <\/h2>\n    <a href=\"https:\/\/wettbewerb-archiv.wir-tun-was-fuer-bienen.de\/archiv-2018\/eintrag\/umgestaltung-in-ein-nuetlingsparadies\/\">\n        <div class=\"bienen-entry-image\">\n            <img decoding=\"async\" width=\"400\" height=\"300\" src=\"https:\/\/wettbewerb-archiv.wir-tun-was-fuer-bienen.de\/archiv-2018\/wp-content\/uploads\/sites\/2\/2018\/07\/8261530448446562-400x300.jpg\" class=\"attachment-bienen-grid-thumb size-bienen-grid-thumb wp-post-image\" alt=\"\" loading=\"lazy\" \/>                    <\/div>\n    <\/a>\n\n    <div class=\"images-grid\"><span><a href=\"https:\/\/wettbewerb-archiv.wir-tun-was-fuer-bienen.de\/archiv-2018\/eintrag\/umgestaltung-in-ein-nuetlingsparadies\/\"><img decoding=\"async\" width=\"150\" height=\"150\" src=\"https:\/\/wettbewerb-archiv.wir-tun-was-fuer-bienen.de\/archiv-2018\/wp-content\/uploads\/sites\/2\/2018\/07\/8521530448554990-150x150.jpg\" class=\"attachment-thumbnail size-thumbnail\" alt=\"\" loading=\"lazy\" \/><\/a><\/span><span><a href=\"https:\/\/wettbewerb-archiv.wir-tun-was-fuer-bienen.de\/archiv-2018\/eintrag\/umgestaltung-in-ein-nuetlingsparadies\/\"><img decoding=\"async\" width=\"150\" height=\"150\" src=\"https:\/\/wettbewerb-archiv.wir-tun-was-fuer-bienen.de\/archiv-2018\/wp-content\/uploads\/sites\/2\/2018\/07\/121891522564588861-150x150.jpg\" class=\"attachment-thumbnail size-thumbnail\" alt=\"\" loading=\"lazy\" \/><\/a><\/span><\/div>\n\n    <div class=\"user flex\">\n        \n                    <img decoding=\"async\" src=\"https:\/\/wettbewerb-archiv.wir-tun-was-fuer-bienen.de\/archiv-2018\/wp-content\/themes\/bienen\/assets\/images\/avatar-placeholder.png\" style=\"border-radius: 30px;\" height=\"30\" width=\"30\">\n            Richard            <\/div>\n    \n    \n            <p class=\"categories meta\" style=\"width: 100%\"><span class=\"fa fa-tag\"\n                                                             aria-hidden=\"true\"><\/span> Privatg\u00e4rten und G\u00e4rten von Mietwohnungen (kleiner als 500 Quadratmeter)        <\/p>\n    \n            <p class=\"categories meta\" style=\"width: 100%\"><span class=\"fa fa-map-marker\"\n                                                             aria-hidden=\"true\"><\/span> Nordrhein-Westfalen        <\/p>\n    \n<\/article>\n   \n\t\t\n          <article id=\"post-6309\" class=\"et_pb_post post-6309 wtwfb_entry type-wtwfb_entry status-publish has-post-thumbnail hentry wtwfb_category-privatgaerten-und-gaerten-von-mietwohnungen-kleiner-500-quadratmeter wtwfb_region-berlin\">\n    <h2 class=\"entry-title\"><a href=\"https:\/\/wettbewerb-archiv.wir-tun-was-fuer-bienen.de\/archiv-2018\/eintrag\/ein-paradies-fuer-wildbienen-hummeln-schmetterlinge-voegel-und-brand-und-waldmaeuse\/\">Ein Paradies f\u00fcr Wildbienen, Hummeln, Schmetterlinge, ...<\/a>\n    <\/h2>\n    <a href=\"https:\/\/wettbewerb-archiv.wir-tun-was-fuer-bienen.de\/archiv-2018\/eintrag\/ein-paradies-fuer-wildbienen-hummeln-schmetterlinge-voegel-und-brand-und-waldmaeuse\/\">\n        <div class=\"bienen-entry-image\">\n            <img decoding=\"async\" width=\"400\" height=\"300\" src=\"https:\/\/wettbewerb-archiv.wir-tun-was-fuer-bienen.de\/archiv-2018\/wp-content\/uploads\/sites\/2\/2018\/07\/81D2FD63-C254-4756-B03B-FED2C38CD3E3-400x300.jpeg\" class=\"attachment-bienen-grid-thumb size-bienen-grid-thumb wp-post-image\" alt=\"\" loading=\"lazy\" \/>                    <\/div>\n    <\/a>\n\n    <div class=\"images-grid\"><span><a href=\"https:\/\/wettbewerb-archiv.wir-tun-was-fuer-bienen.de\/archiv-2018\/eintrag\/ein-paradies-fuer-wildbienen-hummeln-schmetterlinge-voegel-und-brand-und-waldmaeuse\/\"><img decoding=\"async\" width=\"150\" height=\"150\" src=\"https:\/\/wettbewerb-archiv.wir-tun-was-fuer-bienen.de\/archiv-2018\/wp-content\/uploads\/sites\/2\/2018\/07\/64CEA1EC-B799-4305-8B9D-A58C20D7BF52-150x150.jpeg\" class=\"attachment-thumbnail size-thumbnail\" alt=\"\" loading=\"lazy\" \/><\/a><\/span><\/div>\n\n    <div class=\"user flex\">\n        \n                    <img decoding=\"async\" src=\"https:\/\/wettbewerb-archiv.wir-tun-was-fuer-bienen.de\/archiv-2018\/wp-content\/themes\/bienen\/assets\/images\/avatar-placeholder.png\" style=\"border-radius: 30px;\" height=\"30\" width=\"30\">\n            4Eissens            <\/div>\n    \n    \n            <p class=\"categories meta\" style=\"width: 100%\"><span class=\"fa fa-tag\"\n                                                             aria-hidden=\"true\"><\/span> Privatg\u00e4rten und G\u00e4rten von Mietwohnungen (kleiner als 500 Quadratmeter)        <\/p>\n    \n            <p class=\"categories meta\" style=\"width: 100%\"><span class=\"fa fa-map-marker\"\n                                                             aria-hidden=\"true\"><\/span> Berlin        <\/p>\n    \n<\/article>\n   \n\t\t\n          <article id=\"post-6297\" class=\"et_pb_post post-6297 wtwfb_entry type-wtwfb_entry status-publish has-post-thumbnail hentry wtwfb_category-privatgaerten-und-gaerten-von-mietwohnungen-kleiner-500-quadratmeter wtwfb_region-berlin\">\n    <h2 class=\"entry-title\"><a href=\"https:\/\/wettbewerb-archiv.wir-tun-was-fuer-bienen.de\/archiv-2018\/eintrag\/vorher-nachher\/\">Vorher-Nachher<\/a>\n    <\/h2>\n    <a href=\"https:\/\/wettbewerb-archiv.wir-tun-was-fuer-bienen.de\/archiv-2018\/eintrag\/vorher-nachher\/\">\n        <div class=\"bienen-entry-image\">\n            <img decoding=\"async\" width=\"400\" height=\"300\" src=\"https:\/\/wettbewerb-archiv.wir-tun-was-fuer-bienen.de\/archiv-2018\/wp-content\/uploads\/sites\/2\/2018\/07\/35292D74-DC45-499D-9FCB-A1B7023CB181-400x300.jpeg\" class=\"attachment-bienen-grid-thumb size-bienen-grid-thumb wp-post-image\" alt=\"\" loading=\"lazy\" \/>                    <\/div>\n    <\/a>\n\n    <div class=\"images-grid\"><span><a href=\"https:\/\/wettbewerb-archiv.wir-tun-was-fuer-bienen.de\/archiv-2018\/eintrag\/vorher-nachher\/\"><img decoding=\"async\" width=\"150\" height=\"150\" src=\"https:\/\/wettbewerb-archiv.wir-tun-was-fuer-bienen.de\/archiv-2018\/wp-content\/uploads\/sites\/2\/2018\/07\/D33A4191-C60A-4AA5-8810-7397EAA38221-150x150.jpeg\" class=\"attachment-thumbnail size-thumbnail\" alt=\"\" loading=\"lazy\" \/><\/a><\/span><span><a href=\"https:\/\/wettbewerb-archiv.wir-tun-was-fuer-bienen.de\/archiv-2018\/eintrag\/vorher-nachher\/\"><img decoding=\"async\" width=\"150\" height=\"150\" src=\"https:\/\/wettbewerb-archiv.wir-tun-was-fuer-bienen.de\/archiv-2018\/wp-content\/uploads\/sites\/2\/2018\/07\/AAFF07C6-A239-4C4F-BF40-C689E16ECDF8-150x150.jpeg\" class=\"attachment-thumbnail size-thumbnail\" alt=\"\" loading=\"lazy\" \/><\/a><\/span><span><a href=\"https:\/\/wettbewerb-archiv.wir-tun-was-fuer-bienen.de\/archiv-2018\/eintrag\/vorher-nachher\/\"><img decoding=\"async\" width=\"150\" height=\"150\" src=\"https:\/\/wettbewerb-archiv.wir-tun-was-fuer-bienen.de\/archiv-2018\/wp-content\/uploads\/sites\/2\/2018\/07\/2DA0A752-3231-4354-84DF-915B6108378C-150x150.jpeg\" class=\"attachment-thumbnail size-thumbnail\" alt=\"\" loading=\"lazy\" \/><\/a><\/span><span><a href=\"https:\/\/wettbewerb-archiv.wir-tun-was-fuer-bienen.de\/archiv-2018\/eintrag\/vorher-nachher\/\"><img decoding=\"async\" width=\"150\" height=\"150\" src=\"https:\/\/wettbewerb-archiv.wir-tun-was-fuer-bienen.de\/archiv-2018\/wp-content\/uploads\/sites\/2\/2018\/07\/23F91480-CDFD-46CB-B322-3EA963360737-150x150.jpeg\" class=\"attachment-thumbnail size-thumbnail\" alt=\"\" loading=\"lazy\" \/><\/a><\/span><\/div>\n\n    <div class=\"user flex\">\n        \n                    <img decoding=\"async\" src=\"https:\/\/wettbewerb-archiv.wir-tun-was-fuer-bienen.de\/archiv-2018\/wp-content\/themes\/bienen\/assets\/images\/avatar-placeholder.png\" style=\"border-radius: 30px;\" height=\"30\" width=\"30\">\n            4Eissens            <\/div>\n    \n    \n            <p class=\"categories meta\" style=\"width: 100%\"><span class=\"fa fa-tag\"\n                                                             aria-hidden=\"true\"><\/span> Privatg\u00e4rten und G\u00e4rten von Mietwohnungen (kleiner als 500 Quadratmeter)        <\/p>\n    \n            <p class=\"categories meta\" style=\"width: 100%\"><span class=\"fa fa-map-marker\"\n                                                             aria-hidden=\"true\"><\/span> Berlin        <\/p>\n    \n<\/article>\n   \n\t\t\n          <article id=\"post-6228\" class=\"et_pb_post post-6228 wtwfb_entry type-wtwfb_entry status-publish has-post-thumbnail hentry wtwfb_category-privatgaerten-und-gaerten-von-mietwohnungen-kleiner-500-quadratmeter wtwfb_region-nordrhein-westfalen\">\n    <h2 class=\"entry-title\"><a href=\"https:\/\/wettbewerb-archiv.wir-tun-was-fuer-bienen.de\/archiv-2018\/eintrag\/unsere-bzw-meine-neue-welt\/\">Unsere bzw meine neue Welt !<\/a>\n    <\/h2>\n    <a href=\"https:\/\/wettbewerb-archiv.wir-tun-was-fuer-bienen.de\/archiv-2018\/eintrag\/unsere-bzw-meine-neue-welt\/\">\n        <div class=\"bienen-entry-image\">\n            <img decoding=\"async\" width=\"400\" height=\"300\" src=\"https:\/\/wettbewerb-archiv.wir-tun-was-fuer-bienen.de\/archiv-2018\/wp-content\/uploads\/sites\/2\/2018\/06\/DSC_0056-1-400x300.jpg\" class=\"attachment-bienen-grid-thumb size-bienen-grid-thumb wp-post-image\" alt=\"\" loading=\"lazy\" \/>                    <\/div>\n    <\/a>\n\n    <div class=\"images-grid\"><span><a href=\"https:\/\/wettbewerb-archiv.wir-tun-was-fuer-bienen.de\/archiv-2018\/eintrag\/unsere-bzw-meine-neue-welt\/\"><img decoding=\"async\" width=\"150\" height=\"150\" src=\"https:\/\/wettbewerb-archiv.wir-tun-was-fuer-bienen.de\/archiv-2018\/wp-content\/uploads\/sites\/2\/2018\/06\/DSC_0017-1-150x150.jpg\" class=\"attachment-thumbnail size-thumbnail\" alt=\"\" loading=\"lazy\" \/><\/a><\/span><span><a href=\"https:\/\/wettbewerb-archiv.wir-tun-was-fuer-bienen.de\/archiv-2018\/eintrag\/unsere-bzw-meine-neue-welt\/\"><img decoding=\"async\" width=\"150\" height=\"150\" src=\"https:\/\/wettbewerb-archiv.wir-tun-was-fuer-bienen.de\/archiv-2018\/wp-content\/uploads\/sites\/2\/2018\/06\/IMG-20180409-WA0003-1-150x150.jpg\" class=\"attachment-thumbnail size-thumbnail\" alt=\"\" loading=\"lazy\" \/><\/a><\/span><span><a href=\"https:\/\/wettbewerb-archiv.wir-tun-was-fuer-bienen.de\/archiv-2018\/eintrag\/unsere-bzw-meine-neue-welt\/\"><img decoding=\"async\" width=\"150\" height=\"150\" src=\"https:\/\/wettbewerb-archiv.wir-tun-was-fuer-bienen.de\/archiv-2018\/wp-content\/uploads\/sites\/2\/2018\/06\/DSC_0018-1-150x150.jpg\" class=\"attachment-thumbnail size-thumbnail\" alt=\"\" loading=\"lazy\" \/><\/a><\/span><\/div>\n\n    <div class=\"user flex\">\n        \n                    <img decoding=\"async\" src=\"https:\/\/wettbewerb-archiv.wir-tun-was-fuer-bienen.de\/archiv-2018\/wp-content\/themes\/bienen\/assets\/images\/avatar-placeholder.png\" style=\"border-radius: 30px;\" height=\"30\" width=\"30\">\n            Mein neues Insekten-Reich            <\/div>\n    \n    \n            <p class=\"categories meta\" style=\"width: 100%\"><span class=\"fa fa-tag\"\n                                                             aria-hidden=\"true\"><\/span> Privatg\u00e4rten und G\u00e4rten von Mietwohnungen (kleiner als 500 Quadratmeter)        <\/p>\n    \n            <p class=\"categories meta\" style=\"width: 100%\"><span class=\"fa fa-map-marker\"\n                                                             aria-hidden=\"true\"><\/span> Nordrhein-Westfalen        <\/p>\n    \n<\/article>\n   \n\t\t\n          <article id=\"post-6006\" class=\"et_pb_post post-6006 wtwfb_entry type-wtwfb_entry status-publish has-post-thumbnail hentry wtwfb_category-schul-und-jugendclub-gaerten wtwfb_region-hessen\">\n    <h2 class=\"entry-title\"><a href=\"https:\/\/wettbewerb-archiv.wir-tun-was-fuer-bienen.de\/archiv-2018\/eintrag\/bei-uns-summt-und-brummt-es\/\">&#8220;Bei uns summt und brummt es&#8221;<\/a>\n    <\/h2>\n    <a href=\"https:\/\/wettbewerb-archiv.wir-tun-was-fuer-bienen.de\/archiv-2018\/eintrag\/bei-uns-summt-und-brummt-es\/\">\n        <div class=\"bienen-entry-image\">\n            <img decoding=\"async\" width=\"400\" height=\"300\" src=\"https:\/\/wettbewerb-archiv.wir-tun-was-fuer-bienen.de\/archiv-2018\/wp-content\/uploads\/sites\/2\/2018\/06\/IMG-20180626-WA0001-400x300.jpg\" class=\"attachment-bienen-grid-thumb size-bienen-grid-thumb wp-post-image\" alt=\"\" loading=\"lazy\" \/>                    <\/div>\n    <\/a>\n\n    <div class=\"images-grid\"><span><a href=\"https:\/\/wettbewerb-archiv.wir-tun-was-fuer-bienen.de\/archiv-2018\/eintrag\/bei-uns-summt-und-brummt-es\/\"><img decoding=\"async\" width=\"150\" height=\"150\" src=\"https:\/\/wettbewerb-archiv.wir-tun-was-fuer-bienen.de\/archiv-2018\/wp-content\/uploads\/sites\/2\/2018\/06\/Screenshot_20180626-123045_Gallery-150x150.jpg\" class=\"attachment-thumbnail size-thumbnail\" alt=\"\" loading=\"lazy\" \/><\/a><\/span><span><a href=\"https:\/\/wettbewerb-archiv.wir-tun-was-fuer-bienen.de\/archiv-2018\/eintrag\/bei-uns-summt-und-brummt-es\/\"><img decoding=\"async\" width=\"150\" height=\"150\" src=\"https:\/\/wettbewerb-archiv.wir-tun-was-fuer-bienen.de\/archiv-2018\/wp-content\/uploads\/sites\/2\/2018\/06\/Screenshot_20180626-142408_Gallery-150x150.jpg\" class=\"attachment-thumbnail size-thumbnail\" alt=\"\" loading=\"lazy\" \/><\/a><\/span><span><a href=\"https:\/\/wettbewerb-archiv.wir-tun-was-fuer-bienen.de\/archiv-2018\/eintrag\/bei-uns-summt-und-brummt-es\/\"><img decoding=\"async\" width=\"150\" height=\"150\" src=\"https:\/\/wettbewerb-archiv.wir-tun-was-fuer-bienen.de\/archiv-2018\/wp-content\/uploads\/sites\/2\/2018\/06\/Screenshot_20180626-142338_Gallery-150x150.jpg\" class=\"attachment-thumbnail size-thumbnail\" alt=\"\" loading=\"lazy\" \/><\/a><\/span><span><a href=\"https:\/\/wettbewerb-archiv.wir-tun-was-fuer-bienen.de\/archiv-2018\/eintrag\/bei-uns-summt-und-brummt-es\/\"><img decoding=\"async\" width=\"150\" height=\"150\" src=\"https:\/\/wettbewerb-archiv.wir-tun-was-fuer-bienen.de\/archiv-2018\/wp-content\/uploads\/sites\/2\/2018\/06\/Screenshot_20180626-142311_Gallery-150x150.jpg\" class=\"attachment-thumbnail size-thumbnail\" alt=\"\" loading=\"lazy\" \/><\/a><\/span><\/div>\n\n    <div class=\"user flex\">\n        \n                    <img decoding=\"async\" src=\"https:\/\/wettbewerb-archiv.wir-tun-was-fuer-bienen.de\/archiv-2018\/wp-content\/themes\/bienen\/assets\/images\/avatar-placeholder.png\" style=\"border-radius: 30px;\" height=\"30\" width=\"30\">\n            KiFa St.Ursula            <\/div>\n    \n    \n            <p class=\"categories meta\" style=\"width: 100%\"><span class=\"fa fa-tag\"\n                                                             aria-hidden=\"true\"><\/span> Schul- und Jugendclub-G\u00e4rten        <\/p>\n    \n            <p class=\"categories meta\" style=\"width: 100%\"><span class=\"fa fa-map-marker\"\n                                                             aria-hidden=\"true\"><\/span> Hessen        <\/p>\n    \n<\/article>\n   \n\t\t\n          <article id=\"post-5955\" class=\"et_pb_post post-5955 wtwfb_entry type-wtwfb_entry status-publish has-post-thumbnail hentry wtwfb_category-schul-und-jugendclub-gaerten wtwfb_region-baden-wuerttemberg\">\n    <h2 class=\"entry-title\"><a href=\"https:\/\/wettbewerb-archiv.wir-tun-was-fuer-bienen.de\/archiv-2018\/eintrag\/wildblumen-fuer-bienen-und-schmetterlinge-im-kitagarten\/\">Bienen  im Kitagarten<\/a>\n    <\/h2>\n    <a href=\"https:\/\/wettbewerb-archiv.wir-tun-was-fuer-bienen.de\/archiv-2018\/eintrag\/wildblumen-fuer-bienen-und-schmetterlinge-im-kitagarten\/\">\n        <div class=\"bienen-entry-image\">\n            <img decoding=\"async\" width=\"400\" height=\"300\" src=\"https:\/\/wettbewerb-archiv.wir-tun-was-fuer-bienen.de\/archiv-2018\/wp-content\/uploads\/sites\/2\/2018\/06\/RIMG1701-400x300.jpg\" class=\"attachment-bienen-grid-thumb size-bienen-grid-thumb wp-post-image\" alt=\"\" loading=\"lazy\" srcset=\"https:\/\/wettbewerb-archiv.wir-tun-was-fuer-bienen.de\/archiv-2018\/wp-content\/uploads\/sites\/2\/2018\/06\/RIMG1701-400x300.jpg 400w, https:\/\/wettbewerb-archiv.wir-tun-was-fuer-bienen.de\/archiv-2018\/wp-content\/uploads\/sites\/2\/2018\/06\/RIMG1701-300x225.jpg 300w, https:\/\/wettbewerb-archiv.wir-tun-was-fuer-bienen.de\/archiv-2018\/wp-content\/uploads\/sites\/2\/2018\/06\/RIMG1701-768x576.jpg 768w, https:\/\/wettbewerb-archiv.wir-tun-was-fuer-bienen.de\/archiv-2018\/wp-content\/uploads\/sites\/2\/2018\/06\/RIMG1701-1024x768.jpg 1024w, https:\/\/wettbewerb-archiv.wir-tun-was-fuer-bienen.de\/archiv-2018\/wp-content\/uploads\/sites\/2\/2018\/06\/RIMG1701.jpg 1920w\" sizes=\"(max-width: 400px) 100vw, 400px\" \/>                    <\/div>\n    <\/a>\n\n    <div class=\"images-grid\"><span><a href=\"https:\/\/wettbewerb-archiv.wir-tun-was-fuer-bienen.de\/archiv-2018\/eintrag\/wildblumen-fuer-bienen-und-schmetterlinge-im-kitagarten\/\"><img decoding=\"async\" width=\"150\" height=\"150\" src=\"https:\/\/wettbewerb-archiv.wir-tun-was-fuer-bienen.de\/archiv-2018\/wp-content\/uploads\/sites\/2\/2018\/06\/P1250146_1-1-150x150.jpg\" class=\"attachment-thumbnail size-thumbnail\" alt=\"\" loading=\"lazy\" \/><\/a><\/span><span><a href=\"https:\/\/wettbewerb-archiv.wir-tun-was-fuer-bienen.de\/archiv-2018\/eintrag\/wildblumen-fuer-bienen-und-schmetterlinge-im-kitagarten\/\"><img decoding=\"async\" width=\"150\" height=\"150\" src=\"https:\/\/wettbewerb-archiv.wir-tun-was-fuer-bienen.de\/archiv-2018\/wp-content\/uploads\/sites\/2\/2018\/06\/RIMG1785-150x150.jpg\" class=\"attachment-thumbnail size-thumbnail\" alt=\"\" loading=\"lazy\" \/><\/a><\/span><span><a href=\"https:\/\/wettbewerb-archiv.wir-tun-was-fuer-bienen.de\/archiv-2018\/eintrag\/wildblumen-fuer-bienen-und-schmetterlinge-im-kitagarten\/\"><img decoding=\"async\" width=\"150\" height=\"150\" src=\"https:\/\/wettbewerb-archiv.wir-tun-was-fuer-bienen.de\/archiv-2018\/wp-content\/uploads\/sites\/2\/2018\/06\/P1250589_1-1-150x150.jpg\" class=\"attachment-thumbnail size-thumbnail\" alt=\"\" loading=\"lazy\" \/><\/a><\/span><span><a href=\"https:\/\/wettbewerb-archiv.wir-tun-was-fuer-bienen.de\/archiv-2018\/eintrag\/wildblumen-fuer-bienen-und-schmetterlinge-im-kitagarten\/\"><img decoding=\"async\" width=\"150\" height=\"150\" src=\"https:\/\/wettbewerb-archiv.wir-tun-was-fuer-bienen.de\/archiv-2018\/wp-content\/uploads\/sites\/2\/2018\/06\/IMG_2705-150x150.jpg\" class=\"attachment-thumbnail size-thumbnail\" alt=\"\" loading=\"lazy\" \/><\/a><\/span><\/div>\n\n    <div class=\"user flex\">\n        \n                    <img decoding=\"async\" src=\"https:\/\/wettbewerb-archiv.wir-tun-was-fuer-bienen.de\/archiv-2018\/wp-content\/themes\/bienen\/assets\/images\/avatar-placeholder.png\" style=\"border-radius: 30px;\" height=\"30\" width=\"30\">\n            Kita Wigwam Durlach            <\/div>\n    \n    \n            <p class=\"categories meta\" style=\"width: 100%\"><span class=\"fa fa-tag\"\n                                                             aria-hidden=\"true\"><\/span> Schul- und Jugendclub-G\u00e4rten        <\/p>\n    \n            <p class=\"categories meta\" style=\"width: 100%\"><span class=\"fa fa-map-marker\"\n                                                             aria-hidden=\"true\"><\/span> Baden-W\u00fcrttemberg        <\/p>\n    \n<\/article>\n   \n\t\t\n          <article id=\"post-5887\" class=\"et_pb_post post-5887 wtwfb_entry type-wtwfb_entry status-publish has-post-thumbnail hentry wtwfb_category-privatgaerten-und-gaerten-von-mietwohnungen-kleiner-500-quadratmeter wtwfb_region-bayern\">\n    <h2 class=\"entry-title\"><a href=\"https:\/\/wettbewerb-archiv.wir-tun-was-fuer-bienen.de\/archiv-2018\/eintrag\/hochbeet-mit-dachschindelmauer-im-hortus-aquaveganum\/\">Hochbeet mit Dachschindelmauer im Hortus Aquaveganum<\/a>\n    <\/h2>\n    <a href=\"https:\/\/wettbewerb-archiv.wir-tun-was-fuer-bienen.de\/archiv-2018\/eintrag\/hochbeet-mit-dachschindelmauer-im-hortus-aquaveganum\/\">\n        <div class=\"bienen-entry-image\">\n            <img decoding=\"async\" width=\"400\" height=\"300\" src=\"https:\/\/wettbewerb-archiv.wir-tun-was-fuer-bienen.de\/archiv-2018\/wp-content\/uploads\/sites\/2\/2018\/06\/IMG_91551-400x300.jpg\" class=\"attachment-bienen-grid-thumb size-bienen-grid-thumb wp-post-image\" alt=\"\" loading=\"lazy\" \/>                    <\/div>\n    <\/a>\n\n    <div class=\"images-grid\"><span><a href=\"https:\/\/wettbewerb-archiv.wir-tun-was-fuer-bienen.de\/archiv-2018\/eintrag\/hochbeet-mit-dachschindelmauer-im-hortus-aquaveganum\/\"><img decoding=\"async\" width=\"150\" height=\"150\" src=\"https:\/\/wettbewerb-archiv.wir-tun-was-fuer-bienen.de\/archiv-2018\/wp-content\/uploads\/sites\/2\/2018\/06\/DSC2249-150x150.jpg\" class=\"attachment-thumbnail size-thumbnail\" alt=\"\" loading=\"lazy\" \/><\/a><\/span><span><a href=\"https:\/\/wettbewerb-archiv.wir-tun-was-fuer-bienen.de\/archiv-2018\/eintrag\/hochbeet-mit-dachschindelmauer-im-hortus-aquaveganum\/\"><img decoding=\"async\" width=\"150\" height=\"150\" src=\"https:\/\/wettbewerb-archiv.wir-tun-was-fuer-bienen.de\/archiv-2018\/wp-content\/uploads\/sites\/2\/2018\/06\/DSC2295-150x150.jpg\" class=\"attachment-thumbnail size-thumbnail\" alt=\"\" loading=\"lazy\" \/><\/a><\/span><span><a href=\"https:\/\/wettbewerb-archiv.wir-tun-was-fuer-bienen.de\/archiv-2018\/eintrag\/hochbeet-mit-dachschindelmauer-im-hortus-aquaveganum\/\"><img decoding=\"async\" width=\"150\" height=\"150\" src=\"https:\/\/wettbewerb-archiv.wir-tun-was-fuer-bienen.de\/archiv-2018\/wp-content\/uploads\/sites\/2\/2018\/06\/DSC2303-150x150.jpg\" class=\"attachment-thumbnail size-thumbnail\" alt=\"\" loading=\"lazy\" \/><\/a><\/span><\/div>\n\n    <div class=\"user flex\">\n        \n                    <img decoding=\"async\" src=\"https:\/\/wettbewerb-archiv.wir-tun-was-fuer-bienen.de\/archiv-2018\/wp-content\/themes\/bienen\/assets\/images\/avatar-placeholder.png\" style=\"border-radius: 30px;\" height=\"30\" width=\"30\">\n            HeidiTe            <\/div>\n    \n    \n            <p class=\"categories meta\" style=\"width: 100%\"><span class=\"fa fa-tag\"\n                                                             aria-hidden=\"true\"><\/span> Privatg\u00e4rten und G\u00e4rten von Mietwohnungen (kleiner als 500 Quadratmeter)        <\/p>\n    \n            <p class=\"categories meta\" style=\"width: 100%\"><span class=\"fa fa-map-marker\"\n                                                             aria-hidden=\"true\"><\/span> Bayern        <\/p>\n    \n<\/article>\n   \n\t\t\n          <article id=\"post-5859\" class=\"et_pb_post post-5859 wtwfb_entry type-wtwfb_entry status-publish has-post-thumbnail hentry wtwfb_category-kommunale-flaechen-parks-baumscheiben wtwfb_region-nordrhein-westfalen\">\n    <h2 class=\"entry-title\"><a href=\"https:\/\/wettbewerb-archiv.wir-tun-was-fuer-bienen.de\/archiv-2018\/eintrag\/park-plietz-blueht-auf\/\">Park Plietz bl\u00fcht auf<\/a>\n    <\/h2>\n    <a href=\"https:\/\/wettbewerb-archiv.wir-tun-was-fuer-bienen.de\/archiv-2018\/eintrag\/park-plietz-blueht-auf\/\">\n        <div class=\"bienen-entry-image\">\n            <img decoding=\"async\" width=\"400\" height=\"300\" src=\"https:\/\/wettbewerb-archiv.wir-tun-was-fuer-bienen.de\/archiv-2018\/wp-content\/uploads\/sites\/2\/2018\/06\/P1080771-400x300.jpg\" class=\"attachment-bienen-grid-thumb size-bienen-grid-thumb wp-post-image\" alt=\"\" loading=\"lazy\" \/>                    <\/div>\n    <\/a>\n\n    <div class=\"images-grid\"><span><a href=\"https:\/\/wettbewerb-archiv.wir-tun-was-fuer-bienen.de\/archiv-2018\/eintrag\/park-plietz-blueht-auf\/\"><img decoding=\"async\" width=\"150\" height=\"150\" src=\"https:\/\/wettbewerb-archiv.wir-tun-was-fuer-bienen.de\/archiv-2018\/wp-content\/uploads\/sites\/2\/2018\/06\/P1270424-1-150x150.jpg\" class=\"attachment-thumbnail size-thumbnail\" alt=\"\" loading=\"lazy\" \/><\/a><\/span><span><a href=\"https:\/\/wettbewerb-archiv.wir-tun-was-fuer-bienen.de\/archiv-2018\/eintrag\/park-plietz-blueht-auf\/\"><img decoding=\"async\" width=\"150\" height=\"150\" src=\"https:\/\/wettbewerb-archiv.wir-tun-was-fuer-bienen.de\/archiv-2018\/wp-content\/uploads\/sites\/2\/2018\/06\/P1270468-150x150.jpg\" class=\"attachment-thumbnail size-thumbnail\" alt=\"\" loading=\"lazy\" \/><\/a><\/span><span><a href=\"https:\/\/wettbewerb-archiv.wir-tun-was-fuer-bienen.de\/archiv-2018\/eintrag\/park-plietz-blueht-auf\/\"><img decoding=\"async\" width=\"150\" height=\"150\" src=\"https:\/\/wettbewerb-archiv.wir-tun-was-fuer-bienen.de\/archiv-2018\/wp-content\/uploads\/sites\/2\/2018\/06\/P1270474-150x150.jpg\" class=\"attachment-thumbnail size-thumbnail\" alt=\"\" loading=\"lazy\" \/><\/a><\/span><span><a href=\"https:\/\/wettbewerb-archiv.wir-tun-was-fuer-bienen.de\/archiv-2018\/eintrag\/park-plietz-blueht-auf\/\"><img decoding=\"async\" width=\"150\" height=\"150\" src=\"https:\/\/wettbewerb-archiv.wir-tun-was-fuer-bienen.de\/archiv-2018\/wp-content\/uploads\/sites\/2\/2018\/07\/P1080780-150x150.jpg\" class=\"attachment-thumbnail size-thumbnail\" alt=\"\" loading=\"lazy\" \/><\/a><\/span><\/div>\n\n    <div class=\"user flex\">\n        \n                    <img decoding=\"async\" src=\"https:\/\/wettbewerb-archiv.wir-tun-was-fuer-bienen.de\/archiv-2018\/wp-content\/themes\/bienen\/assets\/images\/avatar-placeholder.png\" style=\"border-radius: 30px;\" height=\"30\" width=\"30\">\n            Park Plietz            <\/div>\n    \n    <p class=\"categories meta bienen-gewinner\"><span class=\"fa fa-trophy\"                                                              aria-hidden=\"true\"><\/span> Gewinner<\/p>\n            <p class=\"categories meta\" style=\"width: 100%\"><span class=\"fa fa-tag\"\n                                                             aria-hidden=\"true\"><\/span> Kommunale Fl\u00e4chen, Parks, Baumscheiben        <\/p>\n    \n            <p class=\"categories meta\" style=\"width: 100%\"><span class=\"fa fa-map-marker\"\n                                                             aria-hidden=\"true\"><\/span> Nordrhein-Westfalen        <\/p>\n    \n<\/article>\n   \n\t\t\n          <article id=\"post-5838\" class=\"et_pb_post post-5838 wtwfb_entry type-wtwfb_entry status-publish has-post-thumbnail hentry wtwfb_category-schul-und-jugendclub-gaerten wtwfb_region-niedersachsen\">\n    <h2 class=\"entry-title\"><a href=\"https:\/\/wettbewerb-archiv.wir-tun-was-fuer-bienen.de\/archiv-2018\/eintrag\/anlegen-einer-streuobstwiese\/\">Anlegen einer Streuobstwiese<\/a>\n    <\/h2>\n    <a href=\"https:\/\/wettbewerb-archiv.wir-tun-was-fuer-bienen.de\/archiv-2018\/eintrag\/anlegen-einer-streuobstwiese\/\">\n        <div class=\"bienen-entry-image\">\n            <img decoding=\"async\" width=\"400\" height=\"300\" src=\"https:\/\/wettbewerb-archiv.wir-tun-was-fuer-bienen.de\/archiv-2018\/wp-content\/uploads\/sites\/2\/2018\/06\/IMG_0555-400x300.jpg\" class=\"attachment-bienen-grid-thumb size-bienen-grid-thumb wp-post-image\" alt=\"\" loading=\"lazy\" srcset=\"https:\/\/wettbewerb-archiv.wir-tun-was-fuer-bienen.de\/archiv-2018\/wp-content\/uploads\/sites\/2\/2018\/06\/IMG_0555-400x300.jpg 400w, https:\/\/wettbewerb-archiv.wir-tun-was-fuer-bienen.de\/archiv-2018\/wp-content\/uploads\/sites\/2\/2018\/06\/IMG_0555-300x225.jpg 300w, https:\/\/wettbewerb-archiv.wir-tun-was-fuer-bienen.de\/archiv-2018\/wp-content\/uploads\/sites\/2\/2018\/06\/IMG_0555-768x576.jpg 768w, https:\/\/wettbewerb-archiv.wir-tun-was-fuer-bienen.de\/archiv-2018\/wp-content\/uploads\/sites\/2\/2018\/06\/IMG_0555-1024x768.jpg 1024w, https:\/\/wettbewerb-archiv.wir-tun-was-fuer-bienen.de\/archiv-2018\/wp-content\/uploads\/sites\/2\/2018\/06\/IMG_0555.jpg 1920w\" sizes=\"(max-width: 400px) 100vw, 400px\" \/>                    <\/div>\n    <\/a>\n\n    <div class=\"images-grid\"><\/div>\n\n    <div class=\"user flex\">\n        \n                    <img decoding=\"async\" src=\"https:\/\/wettbewerb-archiv.wir-tun-was-fuer-bienen.de\/archiv-2018\/wp-content\/themes\/bienen\/assets\/images\/avatar-placeholder.png\" style=\"border-radius: 30px;\" height=\"30\" width=\"30\">\n            Letheschule            <\/div>\n    \n    \n            <p class=\"categories meta\" style=\"width: 100%\"><span class=\"fa fa-tag\"\n                                                             aria-hidden=\"true\"><\/span> Schul- und Jugendclub-G\u00e4rten        <\/p>\n    \n            <p class=\"categories meta\" style=\"width: 100%\"><span class=\"fa fa-map-marker\"\n                                                             aria-hidden=\"true\"><\/span> Niedersachsen        <\/p>\n    \n<\/article>\n   \n\t\t\n          <article id=\"post-5666\" class=\"et_pb_post post-5666 wtwfb_entry type-wtwfb_entry status-publish has-post-thumbnail hentry wtwfb_category-schul-und-jugendclub-gaerten wtwfb_region-thueringen\">\n    <h2 class=\"entry-title\"><a href=\"https:\/\/wettbewerb-archiv.wir-tun-was-fuer-bienen.de\/archiv-2018\/eintrag\/biotop-und-bluehstreifen-zur-erhoehung-der-artenvielfalt-auf-dem-schulgelaende\/\">Biotop und Bl\u00fchstreifen zur Erh\u00f6hung der Artenvielfal...<\/a>\n    <\/h2>\n    <a href=\"https:\/\/wettbewerb-archiv.wir-tun-was-fuer-bienen.de\/archiv-2018\/eintrag\/biotop-und-bluehstreifen-zur-erhoehung-der-artenvielfalt-auf-dem-schulgelaende\/\">\n        <div class=\"bienen-entry-image\">\n            <img decoding=\"async\" width=\"400\" height=\"300\" src=\"https:\/\/wettbewerb-archiv.wir-tun-was-fuer-bienen.de\/archiv-2018\/wp-content\/uploads\/sites\/2\/2018\/06\/IMG_76151-400x300.jpg\" class=\"attachment-bienen-grid-thumb size-bienen-grid-thumb wp-post-image\" alt=\"\" loading=\"lazy\" srcset=\"https:\/\/wettbewerb-archiv.wir-tun-was-fuer-bienen.de\/archiv-2018\/wp-content\/uploads\/sites\/2\/2018\/06\/IMG_76151-400x300.jpg 400w, https:\/\/wettbewerb-archiv.wir-tun-was-fuer-bienen.de\/archiv-2018\/wp-content\/uploads\/sites\/2\/2018\/06\/IMG_76151-300x225.jpg 300w, https:\/\/wettbewerb-archiv.wir-tun-was-fuer-bienen.de\/archiv-2018\/wp-content\/uploads\/sites\/2\/2018\/06\/IMG_76151-768x576.jpg 768w, https:\/\/wettbewerb-archiv.wir-tun-was-fuer-bienen.de\/archiv-2018\/wp-content\/uploads\/sites\/2\/2018\/06\/IMG_76151-1024x768.jpg 1024w, https:\/\/wettbewerb-archiv.wir-tun-was-fuer-bienen.de\/archiv-2018\/wp-content\/uploads\/sites\/2\/2018\/06\/IMG_76151.jpg 1920w\" sizes=\"(max-width: 400px) 100vw, 400px\" \/>                    <\/div>\n    <\/a>\n\n    <div class=\"images-grid\"><\/div>\n\n    <div class=\"user flex\">\n        \n                    <img decoding=\"async\" src=\"https:\/\/wettbewerb-archiv.wir-tun-was-fuer-bienen.de\/archiv-2018\/wp-content\/themes\/bienen\/assets\/images\/avatar-placeholder.png\" style=\"border-radius: 30px;\" height=\"30\" width=\"30\">\n            Junior Ranger            <\/div>\n    \n    \n            <p class=\"categories meta\" style=\"width: 100%\"><span class=\"fa fa-tag\"\n                                                             aria-hidden=\"true\"><\/span> Schul- und Jugendclub-G\u00e4rten        <\/p>\n    \n            <p class=\"categories meta\" style=\"width: 100%\"><span class=\"fa fa-map-marker\"\n                                                             aria-hidden=\"true\"><\/span> Th\u00fcringen        <\/p>\n    \n<\/article>\n   \n\t\t\n          <article id=\"post-5664\" class=\"et_pb_post post-5664 wtwfb_entry type-wtwfb_entry status-publish has-post-thumbnail hentry wtwfb_category-kommunale-flaechen-parks-baumscheiben wtwfb_region-thueringen\">\n    <h2 class=\"entry-title\"><a href=\"https:\/\/wettbewerb-archiv.wir-tun-was-fuer-bienen.de\/archiv-2018\/eintrag\/bluehstreifen-am-sportplatz-hinter-ballfangzaun\/\">Bl\u00fchstreifen am Sportplatz hinter Ballfangzaun<\/a>\n    <\/h2>\n    <a href=\"https:\/\/wettbewerb-archiv.wir-tun-was-fuer-bienen.de\/archiv-2018\/eintrag\/bluehstreifen-am-sportplatz-hinter-ballfangzaun\/\">\n        <div class=\"bienen-entry-image\">\n            <img decoding=\"async\" width=\"400\" height=\"300\" src=\"https:\/\/wettbewerb-archiv.wir-tun-was-fuer-bienen.de\/archiv-2018\/wp-content\/uploads\/sites\/2\/2018\/06\/IMG_76591-400x300.jpg\" class=\"attachment-bienen-grid-thumb size-bienen-grid-thumb wp-post-image\" alt=\"\" loading=\"lazy\" srcset=\"https:\/\/wettbewerb-archiv.wir-tun-was-fuer-bienen.de\/archiv-2018\/wp-content\/uploads\/sites\/2\/2018\/06\/IMG_76591-400x300.jpg 400w, https:\/\/wettbewerb-archiv.wir-tun-was-fuer-bienen.de\/archiv-2018\/wp-content\/uploads\/sites\/2\/2018\/06\/IMG_76591-300x225.jpg 300w, https:\/\/wettbewerb-archiv.wir-tun-was-fuer-bienen.de\/archiv-2018\/wp-content\/uploads\/sites\/2\/2018\/06\/IMG_76591-768x576.jpg 768w, https:\/\/wettbewerb-archiv.wir-tun-was-fuer-bienen.de\/archiv-2018\/wp-content\/uploads\/sites\/2\/2018\/06\/IMG_76591-1024x768.jpg 1024w, https:\/\/wettbewerb-archiv.wir-tun-was-fuer-bienen.de\/archiv-2018\/wp-content\/uploads\/sites\/2\/2018\/06\/IMG_76591.jpg 1920w\" sizes=\"(max-width: 400px) 100vw, 400px\" \/>                    <\/div>\n    <\/a>\n\n    <div class=\"images-grid\"><\/div>\n\n    <div class=\"user flex\">\n        \n                    <img decoding=\"async\" src=\"https:\/\/wettbewerb-archiv.wir-tun-was-fuer-bienen.de\/archiv-2018\/wp-content\/themes\/bienen\/assets\/images\/avatar-placeholder.png\" style=\"border-radius: 30px;\" height=\"30\" width=\"30\">\n            Ortsnaturschutz            <\/div>\n    \n    \n            <p class=\"categories meta\" style=\"width: 100%\"><span class=\"fa fa-tag\"\n                                                             aria-hidden=\"true\"><\/span> Kommunale Fl\u00e4chen, Parks, Baumscheiben        <\/p>\n    \n            <p class=\"categories meta\" style=\"width: 100%\"><span class=\"fa fa-map-marker\"\n                                                             aria-hidden=\"true\"><\/span> Th\u00fcringen        <\/p>\n    \n<\/article>\n   \n\t\t\n          <article id=\"post-5651\" class=\"et_pb_post post-5651 wtwfb_entry type-wtwfb_entry status-publish has-post-thumbnail hentry wtwfb_category-kommunale-flaechen-parks-baumscheiben wtwfb_region-rheinland-pfalz\">\n    <h2 class=\"entry-title\"><a href=\"https:\/\/wettbewerb-archiv.wir-tun-was-fuer-bienen.de\/archiv-2018\/eintrag\/dudenhofen-blueht\/\">Dudenhofen bl\u00fcht<\/a>\n    <\/h2>\n    <a href=\"https:\/\/wettbewerb-archiv.wir-tun-was-fuer-bienen.de\/archiv-2018\/eintrag\/dudenhofen-blueht\/\">\n        <div class=\"bienen-entry-image\">\n            <img decoding=\"async\" width=\"212\" height=\"300\" src=\"https:\/\/wettbewerb-archiv.wir-tun-was-fuer-bienen.de\/archiv-2018\/wp-content\/uploads\/sites\/2\/2018\/06\/Poster-Du-bl\u00fcht-Verkehrsbegleitbunt2-pdf.jpg\" class=\"attachment-bienen-grid-thumb size-bienen-grid-thumb wp-post-image\" alt=\"\" loading=\"lazy\" \/>                    <\/div>\n    <\/a>\n\n    <div class=\"images-grid\"><span><a href=\"https:\/\/wettbewerb-archiv.wir-tun-was-fuer-bienen.de\/archiv-2018\/eintrag\/dudenhofen-blueht\/\"><img decoding=\"async\" width=\"150\" height=\"150\" src=\"https:\/\/wettbewerb-archiv.wir-tun-was-fuer-bienen.de\/archiv-2018\/wp-content\/uploads\/sites\/2\/2018\/06\/IMG_2966-150x150.jpg\" class=\"attachment-thumbnail size-thumbnail\" alt=\"\" loading=\"lazy\" \/><\/a><\/span><span><a href=\"https:\/\/wettbewerb-archiv.wir-tun-was-fuer-bienen.de\/archiv-2018\/eintrag\/dudenhofen-blueht\/\"><img decoding=\"async\" width=\"150\" height=\"150\" src=\"https:\/\/wettbewerb-archiv.wir-tun-was-fuer-bienen.de\/archiv-2018\/wp-content\/uploads\/sites\/2\/2018\/06\/IMG_2974-150x150.jpg\" class=\"attachment-thumbnail size-thumbnail\" alt=\"\" loading=\"lazy\" \/><\/a><\/span><span><a href=\"https:\/\/wettbewerb-archiv.wir-tun-was-fuer-bienen.de\/archiv-2018\/eintrag\/dudenhofen-blueht\/\"><img decoding=\"async\" width=\"150\" height=\"150\" src=\"https:\/\/wettbewerb-archiv.wir-tun-was-fuer-bienen.de\/archiv-2018\/wp-content\/uploads\/sites\/2\/2018\/06\/IMG_2983-150x150.jpg\" class=\"attachment-thumbnail size-thumbnail\" alt=\"\" loading=\"lazy\" \/><\/a><\/span><span><a href=\"https:\/\/wettbewerb-archiv.wir-tun-was-fuer-bienen.de\/archiv-2018\/eintrag\/dudenhofen-blueht\/\"><img decoding=\"async\" width=\"150\" height=\"150\" src=\"https:\/\/wettbewerb-archiv.wir-tun-was-fuer-bienen.de\/archiv-2018\/wp-content\/uploads\/sites\/2\/2018\/06\/IMG_3001-150x150.jpg\" class=\"attachment-thumbnail size-thumbnail\" alt=\"\" loading=\"lazy\" \/><\/a><\/span><\/div>\n\n    <div class=\"user flex\">\n        \n                    <img decoding=\"async\" src=\"https:\/\/wettbewerb-archiv.wir-tun-was-fuer-bienen.de\/archiv-2018\/wp-content\/themes\/bienen\/assets\/images\/avatar-placeholder.png\" style=\"border-radius: 30px;\" height=\"30\" width=\"30\">\n            NVV Dudenhofen bl\u00fcht            <\/div>\n    \n    <p class=\"categories meta bienen-gewinner\"><span class=\"fa fa-trophy\"                                                              aria-hidden=\"true\"><\/span> Gewinner<\/p>\n            <p class=\"categories meta\" style=\"width: 100%\"><span class=\"fa fa-tag\"\n                                                             aria-hidden=\"true\"><\/span> Kommunale Fl\u00e4chen, Parks, Baumscheiben        <\/p>\n    \n            <p class=\"categories meta\" style=\"width: 100%\"><span class=\"fa fa-map-marker\"\n                                                             aria-hidden=\"true\"><\/span> Rheinland-Pfalz        <\/p>\n    \n<\/article>\n   \n\t\t\n          <article id=\"post-5604\" class=\"et_pb_post post-5604 wtwfb_entry type-wtwfb_entry status-publish has-post-thumbnail hentry wtwfb_category-schul-und-jugendclub-gaerten wtwfb_region-nordrhein-westfalen\">\n    <h2 class=\"entry-title\"><a href=\"https:\/\/wettbewerb-archiv.wir-tun-was-fuer-bienen.de\/archiv-2018\/eintrag\/die-kita-uphof-wird-bienen-und-schmetterlingsfreundlich-eine-bienen-und-schmetterlingsweide-entsteht\/\">Die Kita Uphof wird Bienen- und Schmetterlingsfreundlic...<\/a>\n    <\/h2>\n    <a href=\"https:\/\/wettbewerb-archiv.wir-tun-was-fuer-bienen.de\/archiv-2018\/eintrag\/die-kita-uphof-wird-bienen-und-schmetterlingsfreundlich-eine-bienen-und-schmetterlingsweide-entsteht\/\">\n        <div class=\"bienen-entry-image\">\n            <img decoding=\"async\" width=\"400\" height=\"300\" src=\"https:\/\/wettbewerb-archiv.wir-tun-was-fuer-bienen.de\/archiv-2018\/wp-content\/uploads\/sites\/2\/2018\/06\/33-400x300.jpg\" class=\"attachment-bienen-grid-thumb size-bienen-grid-thumb wp-post-image\" alt=\"\" loading=\"lazy\" srcset=\"https:\/\/wettbewerb-archiv.wir-tun-was-fuer-bienen.de\/archiv-2018\/wp-content\/uploads\/sites\/2\/2018\/06\/33-400x300.jpg 400w, https:\/\/wettbewerb-archiv.wir-tun-was-fuer-bienen.de\/archiv-2018\/wp-content\/uploads\/sites\/2\/2018\/06\/33-300x225.jpg 300w, https:\/\/wettbewerb-archiv.wir-tun-was-fuer-bienen.de\/archiv-2018\/wp-content\/uploads\/sites\/2\/2018\/06\/33-768x576.jpg 768w, https:\/\/wettbewerb-archiv.wir-tun-was-fuer-bienen.de\/archiv-2018\/wp-content\/uploads\/sites\/2\/2018\/06\/33-1024x768.jpg 1024w, https:\/\/wettbewerb-archiv.wir-tun-was-fuer-bienen.de\/archiv-2018\/wp-content\/uploads\/sites\/2\/2018\/06\/33.jpg 1920w\" sizes=\"(max-width: 400px) 100vw, 400px\" \/>                    <\/div>\n    <\/a>\n\n    <div class=\"images-grid\"><span><a href=\"https:\/\/wettbewerb-archiv.wir-tun-was-fuer-bienen.de\/archiv-2018\/eintrag\/die-kita-uphof-wird-bienen-und-schmetterlingsfreundlich-eine-bienen-und-schmetterlingsweide-entsteht\/\"><img decoding=\"async\" width=\"150\" height=\"150\" src=\"https:\/\/wettbewerb-archiv.wir-tun-was-fuer-bienen.de\/archiv-2018\/wp-content\/uploads\/sites\/2\/2018\/06\/5-4-150x150.jpg\" class=\"attachment-thumbnail size-thumbnail\" alt=\"\" loading=\"lazy\" \/><\/a><\/span><span><a href=\"https:\/\/wettbewerb-archiv.wir-tun-was-fuer-bienen.de\/archiv-2018\/eintrag\/die-kita-uphof-wird-bienen-und-schmetterlingsfreundlich-eine-bienen-und-schmetterlingsweide-entsteht\/\"><img decoding=\"async\" width=\"150\" height=\"150\" src=\"https:\/\/wettbewerb-archiv.wir-tun-was-fuer-bienen.de\/archiv-2018\/wp-content\/uploads\/sites\/2\/2018\/06\/6-150x150.jpg\" class=\"attachment-thumbnail size-thumbnail\" alt=\"\" loading=\"lazy\" \/><\/a><\/span><span><a href=\"https:\/\/wettbewerb-archiv.wir-tun-was-fuer-bienen.de\/archiv-2018\/eintrag\/die-kita-uphof-wird-bienen-und-schmetterlingsfreundlich-eine-bienen-und-schmetterlingsweide-entsteht\/\"><img decoding=\"async\" width=\"150\" height=\"150\" src=\"https:\/\/wettbewerb-archiv.wir-tun-was-fuer-bienen.de\/archiv-2018\/wp-content\/uploads\/sites\/2\/2018\/06\/7-4-150x150.jpg\" class=\"attachment-thumbnail size-thumbnail\" alt=\"\" loading=\"lazy\" \/><\/a><\/span><span><a href=\"https:\/\/wettbewerb-archiv.wir-tun-was-fuer-bienen.de\/archiv-2018\/eintrag\/die-kita-uphof-wird-bienen-und-schmetterlingsfreundlich-eine-bienen-und-schmetterlingsweide-entsteht\/\"><img decoding=\"async\" width=\"150\" height=\"150\" src=\"https:\/\/wettbewerb-archiv.wir-tun-was-fuer-bienen.de\/archiv-2018\/wp-content\/uploads\/sites\/2\/2018\/06\/9-4-150x150.jpg\" class=\"attachment-thumbnail size-thumbnail\" alt=\"\" loading=\"lazy\" \/><\/a><\/span><\/div>\n\n    <div class=\"user flex\">\n        \n                    <img decoding=\"async\" src=\"https:\/\/wettbewerb-archiv.wir-tun-was-fuer-bienen.de\/archiv-2018\/wp-content\/themes\/bienen\/assets\/images\/avatar-placeholder.png\" style=\"border-radius: 30px;\" height=\"30\" width=\"30\">\n            Kita Uphof            <\/div>\n    \n    \n            <p class=\"categories meta\" style=\"width: 100%\"><span class=\"fa fa-tag\"\n                                                             aria-hidden=\"true\"><\/span> Schul- und Jugendclub-G\u00e4rten        <\/p>\n    \n            <p class=\"categories meta\" style=\"width: 100%\"><span class=\"fa fa-map-marker\"\n                                                             aria-hidden=\"true\"><\/span> Nordrhein-Westfalen        <\/p>\n    \n<\/article>\n   \n\t\t\n          <article id=\"post-5565\" class=\"et_pb_post post-5565 wtwfb_entry type-wtwfb_entry status-publish has-post-thumbnail hentry wtwfb_category-schul-und-jugendclub-gaerten wtwfb_region-bayern\">\n    <h2 class=\"entry-title\"><a href=\"https:\/\/wettbewerb-archiv.wir-tun-was-fuer-bienen.de\/archiv-2018\/eintrag\/die-realschule-schesslitz-hilft-den-bienen\/\">Die Realschule Sche\u00dflitz hilft den Bienen<\/a>\n    <\/h2>\n    <a href=\"https:\/\/wettbewerb-archiv.wir-tun-was-fuer-bienen.de\/archiv-2018\/eintrag\/die-realschule-schesslitz-hilft-den-bienen\/\">\n        <div class=\"bienen-entry-image\">\n            <img decoding=\"async\" width=\"400\" height=\"300\" src=\"https:\/\/wettbewerb-archiv.wir-tun-was-fuer-bienen.de\/archiv-2018\/wp-content\/uploads\/sites\/2\/2018\/06\/Bienenweide-Hochbeete-400x300.jpg\" class=\"attachment-bienen-grid-thumb size-bienen-grid-thumb wp-post-image\" alt=\"\" loading=\"lazy\" \/>                    <\/div>\n    <\/a>\n\n    <div class=\"images-grid\"><span><a href=\"https:\/\/wettbewerb-archiv.wir-tun-was-fuer-bienen.de\/archiv-2018\/eintrag\/die-realschule-schesslitz-hilft-den-bienen\/\"><img decoding=\"async\" width=\"150\" height=\"150\" src=\"https:\/\/wettbewerb-archiv.wir-tun-was-fuer-bienen.de\/archiv-2018\/wp-content\/uploads\/sites\/2\/2018\/06\/Bienenweide-Hochbeete-1-150x150.jpg\" class=\"attachment-thumbnail size-thumbnail\" alt=\"\" loading=\"lazy\" \/><\/a><\/span><span><a href=\"https:\/\/wettbewerb-archiv.wir-tun-was-fuer-bienen.de\/archiv-2018\/eintrag\/die-realschule-schesslitz-hilft-den-bienen\/\"><img decoding=\"async\" width=\"150\" height=\"150\" src=\"https:\/\/wettbewerb-archiv.wir-tun-was-fuer-bienen.de\/archiv-2018\/wp-content\/uploads\/sites\/2\/2018\/06\/Insektenhotel-1-150x150.jpg\" class=\"attachment-thumbnail size-thumbnail\" alt=\"\" loading=\"lazy\" \/><\/a><\/span><\/div>\n\n    <div class=\"user flex\">\n        \n                    <img decoding=\"async\" src=\"https:\/\/wettbewerb-archiv.wir-tun-was-fuer-bienen.de\/archiv-2018\/wp-content\/themes\/bienen\/assets\/images\/avatar-placeholder.png\" style=\"border-radius: 30px;\" height=\"30\" width=\"30\">\n            J.Br\u00f6ckel            <\/div>\n    \n    \n            <p class=\"categories meta\" style=\"width: 100%\"><span class=\"fa fa-tag\"\n                                                             aria-hidden=\"true\"><\/span> Schul- und Jugendclub-G\u00e4rten        <\/p>\n    \n            <p class=\"categories meta\" style=\"width: 100%\"><span class=\"fa fa-map-marker\"\n                                                             aria-hidden=\"true\"><\/span> Bayern        <\/p>\n    \n<\/article>\n   \n\t\t\n          <article id=\"post-5522\" class=\"et_pb_post post-5522 wtwfb_entry type-wtwfb_entry status-publish has-post-thumbnail hentry wtwfb_category-kleingartenwesen-parzellen-und-gemeinschaftsgaerten wtwfb_region-bayern\">\n    <h2 class=\"entry-title\"><a href=\"https:\/\/wettbewerb-archiv.wir-tun-was-fuer-bienen.de\/archiv-2018\/eintrag\/nutzpflanzenvielfalt-erhalten-im-storchengarten-markt-schwaben\/\">Nutzpflanzenvielfalt erhalten im Storchengarten Markt S...<\/a>\n    <\/h2>\n    <a href=\"https:\/\/wettbewerb-archiv.wir-tun-was-fuer-bienen.de\/archiv-2018\/eintrag\/nutzpflanzenvielfalt-erhalten-im-storchengarten-markt-schwaben\/\">\n        <div class=\"bienen-entry-image\">\n            <img decoding=\"async\" width=\"400\" height=\"300\" src=\"https:\/\/wettbewerb-archiv.wir-tun-was-fuer-bienen.de\/archiv-2018\/wp-content\/uploads\/sites\/2\/2018\/06\/Gem\u00fcse-und-Getreide-2015-024-400x300.jpg\" class=\"attachment-bienen-grid-thumb size-bienen-grid-thumb wp-post-image\" alt=\"\" loading=\"lazy\" srcset=\"https:\/\/wettbewerb-archiv.wir-tun-was-fuer-bienen.de\/archiv-2018\/wp-content\/uploads\/sites\/2\/2018\/06\/Gem\u00fcse-und-Getreide-2015-024-400x300.jpg 400w, https:\/\/wettbewerb-archiv.wir-tun-was-fuer-bienen.de\/archiv-2018\/wp-content\/uploads\/sites\/2\/2018\/06\/Gem\u00fcse-und-Getreide-2015-024-300x225.jpg 300w, https:\/\/wettbewerb-archiv.wir-tun-was-fuer-bienen.de\/archiv-2018\/wp-content\/uploads\/sites\/2\/2018\/06\/Gem\u00fcse-und-Getreide-2015-024-768x576.jpg 768w, https:\/\/wettbewerb-archiv.wir-tun-was-fuer-bienen.de\/archiv-2018\/wp-content\/uploads\/sites\/2\/2018\/06\/Gem\u00fcse-und-Getreide-2015-024-1024x768.jpg 1024w, https:\/\/wettbewerb-archiv.wir-tun-was-fuer-bienen.de\/archiv-2018\/wp-content\/uploads\/sites\/2\/2018\/06\/Gem\u00fcse-und-Getreide-2015-024.jpg 1920w\" sizes=\"(max-width: 400px) 100vw, 400px\" \/>                    <\/div>\n    <\/a>\n\n    <div class=\"images-grid\"><span><a href=\"https:\/\/wettbewerb-archiv.wir-tun-was-fuer-bienen.de\/archiv-2018\/eintrag\/nutzpflanzenvielfalt-erhalten-im-storchengarten-markt-schwaben\/\"><img decoding=\"async\" width=\"150\" height=\"150\" src=\"https:\/\/wettbewerb-archiv.wir-tun-was-fuer-bienen.de\/archiv-2018\/wp-content\/uploads\/sites\/2\/2018\/06\/DSC_3329.2018.Tomaten2-150x150.jpg\" class=\"attachment-thumbnail size-thumbnail\" alt=\"\" loading=\"lazy\" \/><\/a><\/span><span><a href=\"https:\/\/wettbewerb-archiv.wir-tun-was-fuer-bienen.de\/archiv-2018\/eintrag\/nutzpflanzenvielfalt-erhalten-im-storchengarten-markt-schwaben\/\"><img decoding=\"async\" width=\"150\" height=\"150\" src=\"https:\/\/wettbewerb-archiv.wir-tun-was-fuer-bienen.de\/archiv-2018\/wp-content\/uploads\/sites\/2\/2018\/06\/Gem\u00fcse-und-Getreide-2015-028-150x150.jpg\" class=\"attachment-thumbnail size-thumbnail\" alt=\"\" loading=\"lazy\" \/><\/a><\/span><span><a href=\"https:\/\/wettbewerb-archiv.wir-tun-was-fuer-bienen.de\/archiv-2018\/eintrag\/nutzpflanzenvielfalt-erhalten-im-storchengarten-markt-schwaben\/\"><img decoding=\"async\" width=\"150\" height=\"150\" src=\"https:\/\/wettbewerb-archiv.wir-tun-was-fuer-bienen.de\/archiv-2018\/wp-content\/uploads\/sites\/2\/2018\/06\/Gem\u00fcse-und-Getreide-2015-030-150x150.jpg\" class=\"attachment-thumbnail size-thumbnail\" alt=\"\" loading=\"lazy\" \/><\/a><\/span><\/div>\n\n    <div class=\"user flex\">\n        \n                    <img decoding=\"async\" src=\"https:\/\/wettbewerb-archiv.wir-tun-was-fuer-bienen.de\/archiv-2018\/wp-content\/themes\/bienen\/assets\/images\/avatar-placeholder.png\" style=\"border-radius: 30px;\" height=\"30\" width=\"30\">\n            Storchengarten            <\/div>\n    \n    \n            <p class=\"categories meta\" style=\"width: 100%\"><span class=\"fa fa-tag\"\n                                                             aria-hidden=\"true\"><\/span> Kleingartenwesen: Parzellen und Gemeinschaftsg\u00e4rten        <\/p>\n    \n            <p class=\"categories meta\" style=\"width: 100%\"><span class=\"fa fa-map-marker\"\n                                                             aria-hidden=\"true\"><\/span> Bayern        <\/p>\n    \n<\/article>\n   \n\t\t\n          <article id=\"post-5505\" class=\"et_pb_post post-5505 wtwfb_entry type-wtwfb_entry status-publish has-post-thumbnail hentry wtwfb_category-schul-und-jugendclub-gaerten wtwfb_region-bayern\">\n    <h2 class=\"entry-title\"><a href=\"https:\/\/wettbewerb-archiv.wir-tun-was-fuer-bienen.de\/archiv-2018\/eintrag\/da-waechst-ja-was\/\">Da w\u00e4chst ja was&#8230;<\/a>\n    <\/h2>\n    <a href=\"https:\/\/wettbewerb-archiv.wir-tun-was-fuer-bienen.de\/archiv-2018\/eintrag\/da-waechst-ja-was\/\">\n        <div class=\"bienen-entry-image\">\n            <img decoding=\"async\" width=\"400\" height=\"300\" src=\"https:\/\/wettbewerb-archiv.wir-tun-was-fuer-bienen.de\/archiv-2018\/wp-content\/uploads\/sites\/2\/2018\/06\/IMG_4496-400x300.jpg\" class=\"attachment-bienen-grid-thumb size-bienen-grid-thumb wp-post-image\" alt=\"\" loading=\"lazy\" srcset=\"https:\/\/wettbewerb-archiv.wir-tun-was-fuer-bienen.de\/archiv-2018\/wp-content\/uploads\/sites\/2\/2018\/06\/IMG_4496-400x300.jpg 400w, https:\/\/wettbewerb-archiv.wir-tun-was-fuer-bienen.de\/archiv-2018\/wp-content\/uploads\/sites\/2\/2018\/06\/IMG_4496-300x225.jpg 300w, https:\/\/wettbewerb-archiv.wir-tun-was-fuer-bienen.de\/archiv-2018\/wp-content\/uploads\/sites\/2\/2018\/06\/IMG_4496-768x576.jpg 768w, https:\/\/wettbewerb-archiv.wir-tun-was-fuer-bienen.de\/archiv-2018\/wp-content\/uploads\/sites\/2\/2018\/06\/IMG_4496-1024x768.jpg 1024w, https:\/\/wettbewerb-archiv.wir-tun-was-fuer-bienen.de\/archiv-2018\/wp-content\/uploads\/sites\/2\/2018\/06\/IMG_4496.jpg 1920w\" sizes=\"(max-width: 400px) 100vw, 400px\" \/>                    <\/div>\n    <\/a>\n\n    <div class=\"images-grid\"><\/div>\n\n    <div class=\"user flex\">\n        \n                    <img decoding=\"async\" src=\"https:\/\/wettbewerb-archiv.wir-tun-was-fuer-bienen.de\/archiv-2018\/wp-content\/themes\/bienen\/assets\/images\/avatar-placeholder.png\" style=\"border-radius: 30px;\" height=\"30\" width=\"30\">\n            Iris Fladerer            <\/div>\n    \n    \n            <p class=\"categories meta\" style=\"width: 100%\"><span class=\"fa fa-tag\"\n                                                             aria-hidden=\"true\"><\/span> Schul- und Jugendclub-G\u00e4rten        <\/p>\n    \n            <p class=\"categories meta\" style=\"width: 100%\"><span class=\"fa fa-map-marker\"\n                                                             aria-hidden=\"true\"><\/span> Bayern        <\/p>\n    \n<\/article>\n   \n\t\t\n          <article id=\"post-5501\" class=\"et_pb_post post-5501 wtwfb_entry type-wtwfb_entry status-publish has-post-thumbnail hentry wtwfb_category-schul-und-jugendclub-gaerten wtwfb_region-bayern\">\n    <h2 class=\"entry-title\"><a href=\"https:\/\/wettbewerb-archiv.wir-tun-was-fuer-bienen.de\/archiv-2018\/eintrag\/das-duengen-und-die-aussaat\/\">Das D\u00fcngen und die Aussaat<\/a>\n    <\/h2>\n    <a href=\"https:\/\/wettbewerb-archiv.wir-tun-was-fuer-bienen.de\/archiv-2018\/eintrag\/das-duengen-und-die-aussaat\/\">\n        <div class=\"bienen-entry-image\">\n            <img decoding=\"async\" width=\"400\" height=\"300\" src=\"https:\/\/wettbewerb-archiv.wir-tun-was-fuer-bienen.de\/archiv-2018\/wp-content\/uploads\/sites\/2\/2018\/06\/3-2-400x300.jpg\" class=\"attachment-bienen-grid-thumb size-bienen-grid-thumb wp-post-image\" alt=\"\" loading=\"lazy\" srcset=\"https:\/\/wettbewerb-archiv.wir-tun-was-fuer-bienen.de\/archiv-2018\/wp-content\/uploads\/sites\/2\/2018\/06\/3-2-400x300.jpg 400w, https:\/\/wettbewerb-archiv.wir-tun-was-fuer-bienen.de\/archiv-2018\/wp-content\/uploads\/sites\/2\/2018\/06\/3-2-300x225.jpg 300w, https:\/\/wettbewerb-archiv.wir-tun-was-fuer-bienen.de\/archiv-2018\/wp-content\/uploads\/sites\/2\/2018\/06\/3-2-768x576.jpg 768w, https:\/\/wettbewerb-archiv.wir-tun-was-fuer-bienen.de\/archiv-2018\/wp-content\/uploads\/sites\/2\/2018\/06\/3-2-1024x768.jpg 1024w, https:\/\/wettbewerb-archiv.wir-tun-was-fuer-bienen.de\/archiv-2018\/wp-content\/uploads\/sites\/2\/2018\/06\/3-2.jpg 1296w\" sizes=\"(max-width: 400px) 100vw, 400px\" \/>                    <\/div>\n    <\/a>\n\n    <div class=\"images-grid\"><span><a href=\"https:\/\/wettbewerb-archiv.wir-tun-was-fuer-bienen.de\/archiv-2018\/eintrag\/das-duengen-und-die-aussaat\/\"><img decoding=\"async\" width=\"150\" height=\"150\" src=\"https:\/\/wettbewerb-archiv.wir-tun-was-fuer-bienen.de\/archiv-2018\/wp-content\/uploads\/sites\/2\/2018\/06\/1-5-150x150.jpg\" class=\"attachment-thumbnail size-thumbnail\" alt=\"\" loading=\"lazy\" \/><\/a><\/span><span><a href=\"https:\/\/wettbewerb-archiv.wir-tun-was-fuer-bienen.de\/archiv-2018\/eintrag\/das-duengen-und-die-aussaat\/\"><img decoding=\"async\" width=\"150\" height=\"150\" src=\"https:\/\/wettbewerb-archiv.wir-tun-was-fuer-bienen.de\/archiv-2018\/wp-content\/uploads\/sites\/2\/2018\/06\/2-150x150.jpg\" class=\"attachment-thumbnail size-thumbnail\" alt=\"\" loading=\"lazy\" \/><\/a><\/span><\/div>\n\n    <div class=\"user flex\">\n        \n                    <img decoding=\"async\" src=\"https:\/\/wettbewerb-archiv.wir-tun-was-fuer-bienen.de\/archiv-2018\/wp-content\/themes\/bienen\/assets\/images\/avatar-placeholder.png\" style=\"border-radius: 30px;\" height=\"30\" width=\"30\">\n            Iris Fladerer            <\/div>\n    \n    \n            <p class=\"categories meta\" style=\"width: 100%\"><span class=\"fa fa-tag\"\n                                                             aria-hidden=\"true\"><\/span> Schul- und Jugendclub-G\u00e4rten        <\/p>\n    \n            <p class=\"categories meta\" style=\"width: 100%\"><span class=\"fa fa-map-marker\"\n                                                             aria-hidden=\"true\"><\/span> Bayern        <\/p>\n    \n<\/article>\n   \n\t\t\n          <article id=\"post-5451\" class=\"et_pb_post post-5451 wtwfb_entry type-wtwfb_entry status-publish has-post-thumbnail hentry wtwfb_category-schul-und-jugendclub-gaerten wtwfb_region-hessen\">\n    <h2 class=\"entry-title\"><a href=\"https:\/\/wettbewerb-archiv.wir-tun-was-fuer-bienen.de\/archiv-2018\/eintrag\/gemeinsames-projekt-der-bienen-ag-gartenbau-freie-waldorfschule-wetterau\/\">Gemeinsames Projekt der Bienen AG &amp; Gartenbau Freie...<\/a>\n    <\/h2>\n    <a href=\"https:\/\/wettbewerb-archiv.wir-tun-was-fuer-bienen.de\/archiv-2018\/eintrag\/gemeinsames-projekt-der-bienen-ag-gartenbau-freie-waldorfschule-wetterau\/\">\n        <div class=\"bienen-entry-image\">\n            <img decoding=\"async\" width=\"400\" height=\"300\" src=\"https:\/\/wettbewerb-archiv.wir-tun-was-fuer-bienen.de\/archiv-2018\/wp-content\/uploads\/sites\/2\/2018\/07\/IMG_4054-400x300.jpg\" class=\"attachment-bienen-grid-thumb size-bienen-grid-thumb wp-post-image\" alt=\"\" loading=\"lazy\" \/>                    <\/div>\n    <\/a>\n\n    <div class=\"images-grid\"><span><a href=\"https:\/\/wettbewerb-archiv.wir-tun-was-fuer-bienen.de\/archiv-2018\/eintrag\/gemeinsames-projekt-der-bienen-ag-gartenbau-freie-waldorfschule-wetterau\/\"><img decoding=\"async\" width=\"150\" height=\"150\" src=\"https:\/\/wettbewerb-archiv.wir-tun-was-fuer-bienen.de\/archiv-2018\/wp-content\/uploads\/sites\/2\/2018\/06\/IMG_0174-150x150.jpg\" class=\"attachment-thumbnail size-thumbnail\" alt=\"\" loading=\"lazy\" \/><\/a><\/span><span><a href=\"https:\/\/wettbewerb-archiv.wir-tun-was-fuer-bienen.de\/archiv-2018\/eintrag\/gemeinsames-projekt-der-bienen-ag-gartenbau-freie-waldorfschule-wetterau\/\"><img decoding=\"async\" width=\"150\" height=\"150\" src=\"https:\/\/wettbewerb-archiv.wir-tun-was-fuer-bienen.de\/archiv-2018\/wp-content\/uploads\/sites\/2\/2018\/06\/IMG_0188-150x150.jpg\" class=\"attachment-thumbnail size-thumbnail\" alt=\"\" loading=\"lazy\" \/><\/a><\/span><span><a href=\"https:\/\/wettbewerb-archiv.wir-tun-was-fuer-bienen.de\/archiv-2018\/eintrag\/gemeinsames-projekt-der-bienen-ag-gartenbau-freie-waldorfschule-wetterau\/\"><img decoding=\"async\" width=\"150\" height=\"150\" src=\"https:\/\/wettbewerb-archiv.wir-tun-was-fuer-bienen.de\/archiv-2018\/wp-content\/uploads\/sites\/2\/2018\/06\/IMG_0198-150x150.jpg\" class=\"attachment-thumbnail size-thumbnail\" alt=\"\" loading=\"lazy\" \/><\/a><\/span><span><a href=\"https:\/\/wettbewerb-archiv.wir-tun-was-fuer-bienen.de\/archiv-2018\/eintrag\/gemeinsames-projekt-der-bienen-ag-gartenbau-freie-waldorfschule-wetterau\/\"><img decoding=\"async\" width=\"150\" height=\"150\" src=\"https:\/\/wettbewerb-archiv.wir-tun-was-fuer-bienen.de\/archiv-2018\/wp-content\/uploads\/sites\/2\/2018\/06\/IMG_0176-150x150.jpg\" class=\"attachment-thumbnail size-thumbnail\" alt=\"\" loading=\"lazy\" \/><\/a><\/span><\/div>\n\n    <div class=\"user flex\">\n                    <img decoding=\"async\" src=\"https:\/\/wettbewerb-archiv.wir-tun-was-fuer-bienen.de\/archiv-2018\/wp-content\/themes\/bienen\/assets\/images\/avatar-placeholder.png\" style=\"border-radius: 30px;\" height=\"30\" width=\"30\">\n            <a href=\"https:\/\/wettbewerb-archiv.wir-tun-was-fuer-bienen.de\/archiv-2018\/gruppe\/bienen-ag-gartenbau-freie-waldorfschule-wetterau\/\" title=\"Beitr\u00e4ge von Bienen AG &amp; Gartenbau Freie Waldorfschule Wetterau\"\n               rel=\"author\">Bienen AG &amp; Gartenbau Freie Waldorfschule Wetterau<\/a>\n            <\/div>\n    \n    <p class=\"categories meta bienen-gewinner\"><span class=\"fa fa-trophy\"                                                              aria-hidden=\"true\"><\/span> Gewinner<\/p>\n            <p class=\"categories meta\" style=\"width: 100%\"><span class=\"fa fa-tag\"\n                                                             aria-hidden=\"true\"><\/span> Schul- und Jugendclub-G\u00e4rten        <\/p>\n    \n            <p class=\"categories meta\" style=\"width: 100%\"><span class=\"fa fa-map-marker\"\n                                                             aria-hidden=\"true\"><\/span> Hessen        <\/p>\n    \n<\/article>\n   \n\t\t\n          <article id=\"post-5362\" class=\"et_pb_post post-5362 wtwfb_entry type-wtwfb_entry status-publish has-post-thumbnail hentry wtwfb_category-privatgaerten-und-gaerten-von-mietwohnungen-kleiner-500-quadratmeter wtwfb_region-niedersachsen\">\n    <h2 class=\"entry-title\"><a href=\"https:\/\/wettbewerb-archiv.wir-tun-was-fuer-bienen.de\/archiv-2018\/eintrag\/vom-sterilen-gruen-zum-bunten-bienenbuffet\/\">Vom sterilen Gr\u00fcn zum bunten Bienenbuffet<\/a>\n    <\/h2>\n    <a href=\"https:\/\/wettbewerb-archiv.wir-tun-was-fuer-bienen.de\/archiv-2018\/eintrag\/vom-sterilen-gruen-zum-bunten-bienenbuffet\/\">\n        <div class=\"bienen-entry-image\">\n            <img decoding=\"async\" width=\"400\" height=\"300\" src=\"https:\/\/wettbewerb-archiv.wir-tun-was-fuer-bienen.de\/archiv-2018\/wp-content\/uploads\/sites\/2\/2018\/06\/Bl\u00fchwiese-Ende-Juni-01-1-400x300.jpg\" class=\"attachment-bienen-grid-thumb size-bienen-grid-thumb wp-post-image\" alt=\"\" loading=\"lazy\" srcset=\"https:\/\/wettbewerb-archiv.wir-tun-was-fuer-bienen.de\/archiv-2018\/wp-content\/uploads\/sites\/2\/2018\/06\/Bl\u00fchwiese-Ende-Juni-01-1-400x300.jpg 400w, https:\/\/wettbewerb-archiv.wir-tun-was-fuer-bienen.de\/archiv-2018\/wp-content\/uploads\/sites\/2\/2018\/06\/Bl\u00fchwiese-Ende-Juni-01-1-300x225.jpg 300w, https:\/\/wettbewerb-archiv.wir-tun-was-fuer-bienen.de\/archiv-2018\/wp-content\/uploads\/sites\/2\/2018\/06\/Bl\u00fchwiese-Ende-Juni-01-1-768x576.jpg 768w, https:\/\/wettbewerb-archiv.wir-tun-was-fuer-bienen.de\/archiv-2018\/wp-content\/uploads\/sites\/2\/2018\/06\/Bl\u00fchwiese-Ende-Juni-01-1-1024x768.jpg 1024w, https:\/\/wettbewerb-archiv.wir-tun-was-fuer-bienen.de\/archiv-2018\/wp-content\/uploads\/sites\/2\/2018\/06\/Bl\u00fchwiese-Ende-Juni-01-1.jpg 1920w\" sizes=\"(max-width: 400px) 100vw, 400px\" \/>                    <\/div>\n    <\/a>\n\n    <div class=\"images-grid\"><span><a href=\"https:\/\/wettbewerb-archiv.wir-tun-was-fuer-bienen.de\/archiv-2018\/eintrag\/vom-sterilen-gruen-zum-bunten-bienenbuffet\/\"><img decoding=\"async\" width=\"150\" height=\"150\" src=\"https:\/\/wettbewerb-archiv.wir-tun-was-fuer-bienen.de\/archiv-2018\/wp-content\/uploads\/sites\/2\/2018\/06\/Spatenstich-f-Bienenbuffet-01-150x150.jpg\" class=\"attachment-thumbnail size-thumbnail\" alt=\"\" loading=\"lazy\" \/><\/a><\/span><span><a href=\"https:\/\/wettbewerb-archiv.wir-tun-was-fuer-bienen.de\/archiv-2018\/eintrag\/vom-sterilen-gruen-zum-bunten-bienenbuffet\/\"><img decoding=\"async\" width=\"150\" height=\"150\" src=\"https:\/\/wettbewerb-archiv.wir-tun-was-fuer-bienen.de\/archiv-2018\/wp-content\/uploads\/sites\/2\/2018\/06\/Spatenstich-f-Bienenbuffet-02-150x150.jpg\" class=\"attachment-thumbnail size-thumbnail\" alt=\"\" loading=\"lazy\" \/><\/a><\/span><span><a href=\"https:\/\/wettbewerb-archiv.wir-tun-was-fuer-bienen.de\/archiv-2018\/eintrag\/vom-sterilen-gruen-zum-bunten-bienenbuffet\/\"><img decoding=\"async\" width=\"150\" height=\"150\" src=\"https:\/\/wettbewerb-archiv.wir-tun-was-fuer-bienen.de\/archiv-2018\/wp-content\/uploads\/sites\/2\/2018\/06\/Bienenbuffet-Saatmischung-01-150x150.jpg\" class=\"attachment-thumbnail size-thumbnail\" alt=\"\" loading=\"lazy\" \/><\/a><\/span><span><a href=\"https:\/\/wettbewerb-archiv.wir-tun-was-fuer-bienen.de\/archiv-2018\/eintrag\/vom-sterilen-gruen-zum-bunten-bienenbuffet\/\"><img decoding=\"async\" width=\"150\" height=\"150\" src=\"https:\/\/wettbewerb-archiv.wir-tun-was-fuer-bienen.de\/archiv-2018\/wp-content\/uploads\/sites\/2\/2018\/06\/Bienenbuffet-Saatmischung-aussaen-02-150x150.jpg\" class=\"attachment-thumbnail size-thumbnail\" alt=\"\" loading=\"lazy\" \/><\/a><\/span><\/div>\n\n    <div class=\"user flex\">\n        \n                    <img decoding=\"async\" src=\"https:\/\/wettbewerb-archiv.wir-tun-was-fuer-bienen.de\/archiv-2018\/wp-content\/themes\/bienen\/assets\/images\/avatar-placeholder.png\" style=\"border-radius: 30px;\" height=\"30\" width=\"30\">\n            wildeHummel08            <\/div>\n    \n    \n            <p class=\"categories meta\" style=\"width: 100%\"><span class=\"fa fa-tag\"\n                                                             aria-hidden=\"true\"><\/span> Privatg\u00e4rten und G\u00e4rten von Mietwohnungen (kleiner als 500 Quadratmeter)        <\/p>\n    \n            <p class=\"categories meta\" style=\"width: 100%\"><span class=\"fa fa-map-marker\"\n                                                             aria-hidden=\"true\"><\/span> Niedersachsen        <\/p>\n    \n<\/article>\n   \n\t\t\n          <article id=\"post-5304\" class=\"et_pb_post post-5304 wtwfb_entry type-wtwfb_entry status-publish has-post-thumbnail hentry wtwfb_category-privatgaerten-und-gaerten-von-mietwohnungen-kleiner-500-quadratmeter wtwfb_region-niedersachsen\">\n    <h2 class=\"entry-title\"><a href=\"https:\/\/wettbewerb-archiv.wir-tun-was-fuer-bienen.de\/archiv-2018\/eintrag\/insektenhotel-und-bienenwiese\/\">Bienenpflanzen und Insektenhotel (Kost und Logis)<\/a>\n    <\/h2>\n    <a href=\"https:\/\/wettbewerb-archiv.wir-tun-was-fuer-bienen.de\/archiv-2018\/eintrag\/insektenhotel-und-bienenwiese\/\">\n        <div class=\"bienen-entry-image\">\n            <img decoding=\"async\" width=\"400\" height=\"300\" src=\"https:\/\/wettbewerb-archiv.wir-tun-was-fuer-bienen.de\/archiv-2018\/wp-content\/uploads\/sites\/2\/2018\/06\/BF47DF58-D21B-464B-9D81-530AB4D903A8-400x300.jpeg\" class=\"attachment-bienen-grid-thumb size-bienen-grid-thumb wp-post-image\" alt=\"\" loading=\"lazy\" \/>                    <\/div>\n    <\/a>\n\n    <div class=\"images-grid\"><span><a href=\"https:\/\/wettbewerb-archiv.wir-tun-was-fuer-bienen.de\/archiv-2018\/eintrag\/insektenhotel-und-bienenwiese\/\"><img decoding=\"async\" width=\"150\" height=\"150\" src=\"https:\/\/wettbewerb-archiv.wir-tun-was-fuer-bienen.de\/archiv-2018\/wp-content\/uploads\/sites\/2\/2018\/06\/0F2B1965-5542-40A5-8597-CA69BA348E93-150x150.jpeg\" class=\"attachment-thumbnail size-thumbnail\" alt=\"\" loading=\"lazy\" \/><\/a><\/span><span><a href=\"https:\/\/wettbewerb-archiv.wir-tun-was-fuer-bienen.de\/archiv-2018\/eintrag\/insektenhotel-und-bienenwiese\/\"><img decoding=\"async\" width=\"150\" height=\"150\" src=\"https:\/\/wettbewerb-archiv.wir-tun-was-fuer-bienen.de\/archiv-2018\/wp-content\/uploads\/sites\/2\/2018\/06\/C65F57EC-C36B-41BF-B8F1-3A901D265D87-150x150.jpeg\" class=\"attachment-thumbnail size-thumbnail\" alt=\"\" loading=\"lazy\" \/><\/a><\/span><span><a href=\"https:\/\/wettbewerb-archiv.wir-tun-was-fuer-bienen.de\/archiv-2018\/eintrag\/insektenhotel-und-bienenwiese\/\"><img decoding=\"async\" width=\"150\" height=\"150\" src=\"https:\/\/wettbewerb-archiv.wir-tun-was-fuer-bienen.de\/archiv-2018\/wp-content\/uploads\/sites\/2\/2018\/06\/772F4D76-FE80-4914-975E-F7043EA9A53D-150x150.jpeg\" class=\"attachment-thumbnail size-thumbnail\" alt=\"\" loading=\"lazy\" \/><\/a><\/span><span><a href=\"https:\/\/wettbewerb-archiv.wir-tun-was-fuer-bienen.de\/archiv-2018\/eintrag\/insektenhotel-und-bienenwiese\/\"><img decoding=\"async\" width=\"150\" height=\"150\" src=\"https:\/\/wettbewerb-archiv.wir-tun-was-fuer-bienen.de\/archiv-2018\/wp-content\/uploads\/sites\/2\/2018\/07\/16796352-958D-442A-AACE-B6D9670DAE49-150x150.jpeg\" class=\"attachment-thumbnail size-thumbnail\" alt=\"\" loading=\"lazy\" \/><\/a><\/span><\/div>\n\n    <div class=\"user flex\">\n        \n                    <img decoding=\"async\" src=\"https:\/\/wettbewerb-archiv.wir-tun-was-fuer-bienen.de\/archiv-2018\/wp-content\/themes\/bienen\/assets\/images\/avatar-placeholder.png\" style=\"border-radius: 30px;\" height=\"30\" width=\"30\">\n            Kleiner Turmfalke            <\/div>\n    \n    \n            <p class=\"categories meta\" style=\"width: 100%\"><span class=\"fa fa-tag\"\n                                                             aria-hidden=\"true\"><\/span> Privatg\u00e4rten und G\u00e4rten von Mietwohnungen (kleiner als 500 Quadratmeter)        <\/p>\n    \n            <p class=\"categories meta\" style=\"width: 100%\"><span class=\"fa fa-map-marker\"\n                                                             aria-hidden=\"true\"><\/span> Niedersachsen        <\/p>\n    \n<\/article>\n   \n\t\t\n          <article id=\"post-5196\" class=\"et_pb_post post-5196 wtwfb_entry type-wtwfb_entry status-publish has-post-thumbnail hentry wtwfb_category-schul-und-jugendclub-gaerten wtwfb_region-berlin\">\n    <h2 class=\"entry-title\"><a href=\"https:\/\/wettbewerb-archiv.wir-tun-was-fuer-bienen.de\/archiv-2018\/eintrag\/ein-schotterbiotop-entsteht-2\/\">Ein Schotterbiotop entsteht!<\/a>\n    <\/h2>\n    <a href=\"https:\/\/wettbewerb-archiv.wir-tun-was-fuer-bienen.de\/archiv-2018\/eintrag\/ein-schotterbiotop-entsteht-2\/\">\n        <div class=\"bienen-entry-image\">\n            <img decoding=\"async\" width=\"400\" height=\"300\" src=\"https:\/\/wettbewerb-archiv.wir-tun-was-fuer-bienen.de\/archiv-2018\/wp-content\/uploads\/sites\/2\/2018\/06\/Trockenbeet-3-400x300.jpg\" class=\"attachment-bienen-grid-thumb size-bienen-grid-thumb wp-post-image\" alt=\"\" loading=\"lazy\" \/>                    <\/div>\n    <\/a>\n\n    <div class=\"images-grid\"><span><a href=\"https:\/\/wettbewerb-archiv.wir-tun-was-fuer-bienen.de\/archiv-2018\/eintrag\/ein-schotterbiotop-entsteht-2\/\"><img decoding=\"async\" width=\"150\" height=\"150\" src=\"https:\/\/wettbewerb-archiv.wir-tun-was-fuer-bienen.de\/archiv-2018\/wp-content\/uploads\/sites\/2\/2018\/06\/IMG_3576-1-150x150.jpg\" class=\"attachment-thumbnail size-thumbnail\" alt=\"\" loading=\"lazy\" \/><\/a><\/span><span><a href=\"https:\/\/wettbewerb-archiv.wir-tun-was-fuer-bienen.de\/archiv-2018\/eintrag\/ein-schotterbiotop-entsteht-2\/\"><img decoding=\"async\" width=\"150\" height=\"150\" src=\"https:\/\/wettbewerb-archiv.wir-tun-was-fuer-bienen.de\/archiv-2018\/wp-content\/uploads\/sites\/2\/2018\/06\/IMG_3577-1-150x150.jpg\" class=\"attachment-thumbnail size-thumbnail\" alt=\"\" loading=\"lazy\" \/><\/a><\/span><span><a href=\"https:\/\/wettbewerb-archiv.wir-tun-was-fuer-bienen.de\/archiv-2018\/eintrag\/ein-schotterbiotop-entsteht-2\/\"><img decoding=\"async\" width=\"150\" height=\"150\" src=\"https:\/\/wettbewerb-archiv.wir-tun-was-fuer-bienen.de\/archiv-2018\/wp-content\/uploads\/sites\/2\/2018\/06\/IMG_3594-150x150.jpg\" class=\"attachment-thumbnail size-thumbnail\" alt=\"\" loading=\"lazy\" \/><\/a><\/span><span><a href=\"https:\/\/wettbewerb-archiv.wir-tun-was-fuer-bienen.de\/archiv-2018\/eintrag\/ein-schotterbiotop-entsteht-2\/\"><img decoding=\"async\" width=\"150\" height=\"150\" src=\"https:\/\/wettbewerb-archiv.wir-tun-was-fuer-bienen.de\/archiv-2018\/wp-content\/uploads\/sites\/2\/2018\/06\/IMG_3615-1-150x150.jpg\" class=\"attachment-thumbnail size-thumbnail\" alt=\"\" loading=\"lazy\" \/><\/a><\/span><\/div>\n\n    <div class=\"user flex\">\n        \n                    <img decoding=\"async\" src=\"https:\/\/wettbewerb-archiv.wir-tun-was-fuer-bienen.de\/archiv-2018\/wp-content\/themes\/bienen\/assets\/images\/avatar-placeholder.png\" style=\"border-radius: 30px;\" height=\"30\" width=\"30\">\n            Naturerlebnisgarten            <\/div>\n    \n    \n            <p class=\"categories meta\" style=\"width: 100%\"><span class=\"fa fa-tag\"\n                                                             aria-hidden=\"true\"><\/span> Schul- und Jugendclub-G\u00e4rten        <\/p>\n    \n            <p class=\"categories meta\" style=\"width: 100%\"><span class=\"fa fa-map-marker\"\n                                                             aria-hidden=\"true\"><\/span> Berlin        <\/p>\n    \n<\/article>\n   \n\t\t\n          <article id=\"post-5171\" class=\"et_pb_post post-5171 wtwfb_entry type-wtwfb_entry status-publish has-post-thumbnail hentry wtwfb_category-schul-und-jugendclub-gaerten wtwfb_region-baden-wuerttemberg\">\n    <h2 class=\"entry-title\"><a href=\"https:\/\/wettbewerb-archiv.wir-tun-was-fuer-bienen.de\/archiv-2018\/eintrag\/bienenfreundliche-zone\/\">Bienenfreundliche Zone<\/a>\n    <\/h2>\n    <a href=\"https:\/\/wettbewerb-archiv.wir-tun-was-fuer-bienen.de\/archiv-2018\/eintrag\/bienenfreundliche-zone\/\">\n        <div class=\"bienen-entry-image\">\n            <img decoding=\"async\" width=\"400\" height=\"300\" src=\"https:\/\/wettbewerb-archiv.wir-tun-was-fuer-bienen.de\/archiv-2018\/wp-content\/uploads\/sites\/2\/2018\/06\/P1050431-400x300.jpg\" class=\"attachment-bienen-grid-thumb size-bienen-grid-thumb wp-post-image\" alt=\"\" loading=\"lazy\" srcset=\"https:\/\/wettbewerb-archiv.wir-tun-was-fuer-bienen.de\/archiv-2018\/wp-content\/uploads\/sites\/2\/2018\/06\/P1050431-400x300.jpg 400w, https:\/\/wettbewerb-archiv.wir-tun-was-fuer-bienen.de\/archiv-2018\/wp-content\/uploads\/sites\/2\/2018\/06\/P1050431-300x225.jpg 300w, https:\/\/wettbewerb-archiv.wir-tun-was-fuer-bienen.de\/archiv-2018\/wp-content\/uploads\/sites\/2\/2018\/06\/P1050431-768x576.jpg 768w, https:\/\/wettbewerb-archiv.wir-tun-was-fuer-bienen.de\/archiv-2018\/wp-content\/uploads\/sites\/2\/2018\/06\/P1050431-1024x768.jpg 1024w, https:\/\/wettbewerb-archiv.wir-tun-was-fuer-bienen.de\/archiv-2018\/wp-content\/uploads\/sites\/2\/2018\/06\/P1050431-510x382.jpg 510w, https:\/\/wettbewerb-archiv.wir-tun-was-fuer-bienen.de\/archiv-2018\/wp-content\/uploads\/sites\/2\/2018\/06\/P1050431-1080x810.jpg 1080w, https:\/\/wettbewerb-archiv.wir-tun-was-fuer-bienen.de\/archiv-2018\/wp-content\/uploads\/sites\/2\/2018\/06\/P1050431.jpg 1920w\" sizes=\"(max-width: 400px) 100vw, 400px\" \/>                    <\/div>\n    <\/a>\n\n    <div class=\"images-grid\"><span><a href=\"https:\/\/wettbewerb-archiv.wir-tun-was-fuer-bienen.de\/archiv-2018\/eintrag\/bienenfreundliche-zone\/\"><img decoding=\"async\" width=\"150\" height=\"150\" src=\"https:\/\/wettbewerb-archiv.wir-tun-was-fuer-bienen.de\/archiv-2018\/wp-content\/uploads\/sites\/2\/2018\/06\/P1050429-150x150.jpg\" class=\"attachment-thumbnail size-thumbnail\" alt=\"\" loading=\"lazy\" \/><\/a><\/span><span><a href=\"https:\/\/wettbewerb-archiv.wir-tun-was-fuer-bienen.de\/archiv-2018\/eintrag\/bienenfreundliche-zone\/\"><img decoding=\"async\" width=\"150\" height=\"150\" src=\"https:\/\/wettbewerb-archiv.wir-tun-was-fuer-bienen.de\/archiv-2018\/wp-content\/uploads\/sites\/2\/2018\/06\/P1050480-150x150.jpg\" class=\"attachment-thumbnail size-thumbnail\" alt=\"\" loading=\"lazy\" \/><\/a><\/span><span><a href=\"https:\/\/wettbewerb-archiv.wir-tun-was-fuer-bienen.de\/archiv-2018\/eintrag\/bienenfreundliche-zone\/\"><img decoding=\"async\" width=\"150\" height=\"150\" src=\"https:\/\/wettbewerb-archiv.wir-tun-was-fuer-bienen.de\/archiv-2018\/wp-content\/uploads\/sites\/2\/2018\/06\/P1050451-150x150.jpg\" class=\"attachment-thumbnail size-thumbnail\" alt=\"\" loading=\"lazy\" \/><\/a><\/span><span><a href=\"https:\/\/wettbewerb-archiv.wir-tun-was-fuer-bienen.de\/archiv-2018\/eintrag\/bienenfreundliche-zone\/\"><img decoding=\"async\" width=\"150\" height=\"150\" src=\"https:\/\/wettbewerb-archiv.wir-tun-was-fuer-bienen.de\/archiv-2018\/wp-content\/uploads\/sites\/2\/2018\/06\/P1050478-150x150.jpg\" class=\"attachment-thumbnail size-thumbnail\" alt=\"\" loading=\"lazy\" \/><\/a><\/span><\/div>\n\n    <div class=\"user flex\">\n        \n                    <img decoding=\"async\" src=\"https:\/\/wettbewerb-archiv.wir-tun-was-fuer-bienen.de\/archiv-2018\/wp-content\/themes\/bienen\/assets\/images\/avatar-placeholder.png\" style=\"border-radius: 30px;\" height=\"30\" width=\"30\">\n            Kindergarten Regenbogen            <\/div>\n    \n    \n            <p class=\"categories meta\" style=\"width: 100%\"><span class=\"fa fa-tag\"\n                                                             aria-hidden=\"true\"><\/span> Schul- und Jugendclub-G\u00e4rten        <\/p>\n    \n            <p class=\"categories meta\" style=\"width: 100%\"><span class=\"fa fa-map-marker\"\n                                                             aria-hidden=\"true\"><\/span> Baden-W\u00fcrttemberg        <\/p>\n    \n<\/article>\n   \n\t\t\n          <article id=\"post-5162\" class=\"et_pb_post post-5162 wtwfb_entry type-wtwfb_entry status-publish has-post-thumbnail hentry wtwfb_category-kommunale-flaechen-parks-baumscheiben wtwfb_region-bayern\">\n    <h2 class=\"entry-title\"><a href=\"https:\/\/wettbewerb-archiv.wir-tun-was-fuer-bienen.de\/archiv-2018\/eintrag\/bau-eines-insektenhotels\/\">Bau eines Insektenhotels<\/a>\n    <\/h2>\n    <a href=\"https:\/\/wettbewerb-archiv.wir-tun-was-fuer-bienen.de\/archiv-2018\/eintrag\/bau-eines-insektenhotels\/\">\n        <div class=\"bienen-entry-image\">\n            <img decoding=\"async\" width=\"400\" height=\"300\" src=\"https:\/\/wettbewerb-archiv.wir-tun-was-fuer-bienen.de\/archiv-2018\/wp-content\/uploads\/sites\/2\/2018\/06\/Vor-dem-Insektenhotel-400x300.jpg\" class=\"attachment-bienen-grid-thumb size-bienen-grid-thumb wp-post-image\" alt=\"\" loading=\"lazy\" srcset=\"https:\/\/wettbewerb-archiv.wir-tun-was-fuer-bienen.de\/archiv-2018\/wp-content\/uploads\/sites\/2\/2018\/06\/Vor-dem-Insektenhotel-400x300.jpg 400w, https:\/\/wettbewerb-archiv.wir-tun-was-fuer-bienen.de\/archiv-2018\/wp-content\/uploads\/sites\/2\/2018\/06\/Vor-dem-Insektenhotel-300x225.jpg 300w, https:\/\/wettbewerb-archiv.wir-tun-was-fuer-bienen.de\/archiv-2018\/wp-content\/uploads\/sites\/2\/2018\/06\/Vor-dem-Insektenhotel-768x576.jpg 768w, https:\/\/wettbewerb-archiv.wir-tun-was-fuer-bienen.de\/archiv-2018\/wp-content\/uploads\/sites\/2\/2018\/06\/Vor-dem-Insektenhotel-1024x768.jpg 1024w, https:\/\/wettbewerb-archiv.wir-tun-was-fuer-bienen.de\/archiv-2018\/wp-content\/uploads\/sites\/2\/2018\/06\/Vor-dem-Insektenhotel-510x382.jpg 510w, https:\/\/wettbewerb-archiv.wir-tun-was-fuer-bienen.de\/archiv-2018\/wp-content\/uploads\/sites\/2\/2018\/06\/Vor-dem-Insektenhotel-1080x810.jpg 1080w, https:\/\/wettbewerb-archiv.wir-tun-was-fuer-bienen.de\/archiv-2018\/wp-content\/uploads\/sites\/2\/2018\/06\/Vor-dem-Insektenhotel.jpg 1920w\" sizes=\"(max-width: 400px) 100vw, 400px\" \/>                    <\/div>\n    <\/a>\n\n    <div class=\"images-grid\"><span><a href=\"https:\/\/wettbewerb-archiv.wir-tun-was-fuer-bienen.de\/archiv-2018\/eintrag\/bau-eines-insektenhotels\/\"><img decoding=\"async\" width=\"150\" height=\"150\" src=\"https:\/\/wettbewerb-archiv.wir-tun-was-fuer-bienen.de\/archiv-2018\/wp-content\/uploads\/sites\/2\/2018\/06\/IMG_0075-150x150.jpg\" class=\"attachment-thumbnail size-thumbnail\" alt=\"\" loading=\"lazy\" \/><\/a><\/span><span><a href=\"https:\/\/wettbewerb-archiv.wir-tun-was-fuer-bienen.de\/archiv-2018\/eintrag\/bau-eines-insektenhotels\/\"><img decoding=\"async\" width=\"150\" height=\"150\" src=\"https:\/\/wettbewerb-archiv.wir-tun-was-fuer-bienen.de\/archiv-2018\/wp-content\/uploads\/sites\/2\/2018\/06\/IMG_0076-150x150.jpg\" class=\"attachment-thumbnail size-thumbnail\" alt=\"\" loading=\"lazy\" \/><\/a><\/span><span><a href=\"https:\/\/wettbewerb-archiv.wir-tun-was-fuer-bienen.de\/archiv-2018\/eintrag\/bau-eines-insektenhotels\/\"><img decoding=\"async\" width=\"150\" height=\"150\" src=\"https:\/\/wettbewerb-archiv.wir-tun-was-fuer-bienen.de\/archiv-2018\/wp-content\/uploads\/sites\/2\/2018\/06\/IMG_0071-150x150.jpg\" class=\"attachment-thumbnail size-thumbnail\" alt=\"\" loading=\"lazy\" \/><\/a><\/span><\/div>\n\n    <div class=\"user flex\">\n        \n                    <img decoding=\"async\" src=\"https:\/\/wettbewerb-archiv.wir-tun-was-fuer-bienen.de\/archiv-2018\/wp-content\/themes\/bienen\/assets\/images\/avatar-placeholder.png\" style=\"border-radius: 30px;\" height=\"30\" width=\"30\">\n            Gemeinde Zandt - Die bl\u00fchende Gemeinde            <\/div>\n    \n    \n            <p class=\"categories meta\" style=\"width: 100%\"><span class=\"fa fa-tag\"\n                                                             aria-hidden=\"true\"><\/span> Kommunale Fl\u00e4chen, Parks, Baumscheiben        <\/p>\n    \n            <p class=\"categories meta\" style=\"width: 100%\"><span class=\"fa fa-map-marker\"\n                                                             aria-hidden=\"true\"><\/span> Bayern        <\/p>\n    \n<\/article>\n   \n\t\t\n          <article id=\"post-5158\" class=\"et_pb_post post-5158 wtwfb_entry type-wtwfb_entry status-publish has-post-thumbnail hentry wtwfb_category-kommunale-flaechen-parks-baumscheiben wtwfb_region-bayern\">\n    <h2 class=\"entry-title\"><a href=\"https:\/\/wettbewerb-archiv.wir-tun-was-fuer-bienen.de\/archiv-2018\/eintrag\/bluehstreifen-in-die-bestehende-streuobstwiese-eingesaeaet\/\">Bl\u00fchstreifen in die bestehende Streuobstwiese einges\u00e4...<\/a>\n    <\/h2>\n    <a href=\"https:\/\/wettbewerb-archiv.wir-tun-was-fuer-bienen.de\/archiv-2018\/eintrag\/bluehstreifen-in-die-bestehende-streuobstwiese-eingesaeaet\/\">\n        <div class=\"bienen-entry-image\">\n            <img decoding=\"async\" width=\"80\" height=\"80\" src=\"https:\/\/wettbewerb-archiv.wir-tun-was-fuer-bienen.de\/archiv-2018\/wp-content\/uploads\/sites\/2\/2018\/06\/3.jpg\" class=\"attachment-bienen-grid-thumb size-bienen-grid-thumb wp-post-image\" alt=\"\" loading=\"lazy\" \/>                    <\/div>\n    <\/a>\n\n    <div class=\"images-grid\"><\/div>\n\n    <div class=\"user flex\">\n        \n                    <img decoding=\"async\" src=\"https:\/\/wettbewerb-archiv.wir-tun-was-fuer-bienen.de\/archiv-2018\/wp-content\/themes\/bienen\/assets\/images\/avatar-placeholder.png\" style=\"border-radius: 30px;\" height=\"30\" width=\"30\">\n            Gemeinde Zandt - Die bl\u00fchende Gemeinde            <\/div>\n    \n    \n            <p class=\"categories meta\" style=\"width: 100%\"><span class=\"fa fa-tag\"\n                                                             aria-hidden=\"true\"><\/span> Kommunale Fl\u00e4chen, Parks, Baumscheiben        <\/p>\n    \n            <p class=\"categories meta\" style=\"width: 100%\"><span class=\"fa fa-map-marker\"\n                                                             aria-hidden=\"true\"><\/span> Bayern        <\/p>\n    \n<\/article>\n   \n\t\t\n          <article id=\"post-5156\" class=\"et_pb_post post-5156 wtwfb_entry type-wtwfb_entry status-publish has-post-thumbnail hentry wtwfb_category-schul-und-jugendclub-gaerten wtwfb_region-bayern\">\n    <h2 class=\"entry-title\"><a href=\"https:\/\/wettbewerb-archiv.wir-tun-was-fuer-bienen.de\/archiv-2018\/eintrag\/die-georg-ehnes-schule-summt\/\">Die Georg-Ehnes-Schule summt!<\/a>\n    <\/h2>\n    <a href=\"https:\/\/wettbewerb-archiv.wir-tun-was-fuer-bienen.de\/archiv-2018\/eintrag\/die-georg-ehnes-schule-summt\/\">\n        <div class=\"bienen-entry-image\">\n            <img decoding=\"async\" width=\"400\" height=\"300\" src=\"https:\/\/wettbewerb-archiv.wir-tun-was-fuer-bienen.de\/archiv-2018\/wp-content\/uploads\/sites\/2\/2018\/06\/summt-400x300.jpg\" class=\"attachment-bienen-grid-thumb size-bienen-grid-thumb wp-post-image\" alt=\"\" loading=\"lazy\" srcset=\"https:\/\/wettbewerb-archiv.wir-tun-was-fuer-bienen.de\/archiv-2018\/wp-content\/uploads\/sites\/2\/2018\/06\/summt-400x300.jpg 400w, https:\/\/wettbewerb-archiv.wir-tun-was-fuer-bienen.de\/archiv-2018\/wp-content\/uploads\/sites\/2\/2018\/06\/summt-510x382.jpg 510w\" sizes=\"(max-width: 400px) 100vw, 400px\" \/>                    <\/div>\n    <\/a>\n\n    <div class=\"images-grid\"><span><a href=\"https:\/\/wettbewerb-archiv.wir-tun-was-fuer-bienen.de\/archiv-2018\/eintrag\/die-georg-ehnes-schule-summt\/\"><img decoding=\"async\" width=\"150\" height=\"150\" src=\"https:\/\/wettbewerb-archiv.wir-tun-was-fuer-bienen.de\/archiv-2018\/wp-content\/uploads\/sites\/2\/2018\/07\/20180615_165936-150x150.jpg\" class=\"attachment-thumbnail size-thumbnail\" alt=\"\" loading=\"lazy\" \/><\/a><\/span><span><a href=\"https:\/\/wettbewerb-archiv.wir-tun-was-fuer-bienen.de\/archiv-2018\/eintrag\/die-georg-ehnes-schule-summt\/\"><img decoding=\"async\" width=\"150\" height=\"150\" src=\"https:\/\/wettbewerb-archiv.wir-tun-was-fuer-bienen.de\/archiv-2018\/wp-content\/uploads\/sites\/2\/2018\/07\/20180615_170001-150x150.jpg\" class=\"attachment-thumbnail size-thumbnail\" alt=\"\" loading=\"lazy\" \/><\/a><\/span><span><a href=\"https:\/\/wettbewerb-archiv.wir-tun-was-fuer-bienen.de\/archiv-2018\/eintrag\/die-georg-ehnes-schule-summt\/\"><img decoding=\"async\" width=\"150\" height=\"150\" src=\"https:\/\/wettbewerb-archiv.wir-tun-was-fuer-bienen.de\/archiv-2018\/wp-content\/uploads\/sites\/2\/2018\/07\/20180615_170027-150x150.jpg\" class=\"attachment-thumbnail size-thumbnail\" alt=\"\" loading=\"lazy\" \/><\/a><\/span><span><a href=\"https:\/\/wettbewerb-archiv.wir-tun-was-fuer-bienen.de\/archiv-2018\/eintrag\/die-georg-ehnes-schule-summt\/\"><img decoding=\"async\" width=\"150\" height=\"150\" src=\"https:\/\/wettbewerb-archiv.wir-tun-was-fuer-bienen.de\/archiv-2018\/wp-content\/uploads\/sites\/2\/2018\/07\/IMG-20180605-WA0091-150x150.jpg\" class=\"attachment-thumbnail size-thumbnail\" alt=\"\" loading=\"lazy\" \/><\/a><\/span><\/div>\n\n    <div class=\"user flex\">\n        \n                    <img decoding=\"async\" src=\"https:\/\/wettbewerb-archiv.wir-tun-was-fuer-bienen.de\/archiv-2018\/wp-content\/themes\/bienen\/assets\/images\/avatar-placeholder.png\" style=\"border-radius: 30px;\" height=\"30\" width=\"30\">\n            Georg-Ehnes-Schule            <\/div>\n    \n    \n            <p class=\"categories meta\" style=\"width: 100%\"><span class=\"fa fa-tag\"\n                                                             aria-hidden=\"true\"><\/span> Schul- und Jugendclub-G\u00e4rten        <\/p>\n    \n            <p class=\"categories meta\" style=\"width: 100%\"><span class=\"fa fa-map-marker\"\n                                                             aria-hidden=\"true\"><\/span> Bayern        <\/p>\n    \n<\/article>\n   \n\t\t\n          <article id=\"post-5033\" class=\"et_pb_post post-5033 wtwfb_entry type-wtwfb_entry status-publish has-post-thumbnail hentry wtwfb_category-schul-und-jugendclub-gaerten wtwfb_region-rheinland-pfalz\">\n    <h2 class=\"entry-title\"><a href=\"https:\/\/wettbewerb-archiv.wir-tun-was-fuer-bienen.de\/archiv-2018\/eintrag\/bienefreundlicher-schulhof\/\">bienenfreundlicher Schulhof<\/a>\n    <\/h2>\n    <a href=\"https:\/\/wettbewerb-archiv.wir-tun-was-fuer-bienen.de\/archiv-2018\/eintrag\/bienefreundlicher-schulhof\/\">\n        <div class=\"bienen-entry-image\">\n            <img decoding=\"async\" width=\"400\" height=\"300\" src=\"https:\/\/wettbewerb-archiv.wir-tun-was-fuer-bienen.de\/archiv-2018\/wp-content\/uploads\/sites\/2\/2018\/06\/2018-06-07-PHOTO-00000164-400x300.jpg\" class=\"attachment-bienen-grid-thumb size-bienen-grid-thumb wp-post-image\" alt=\"\" loading=\"lazy\" srcset=\"https:\/\/wettbewerb-archiv.wir-tun-was-fuer-bienen.de\/archiv-2018\/wp-content\/uploads\/sites\/2\/2018\/06\/2018-06-07-PHOTO-00000164-400x300.jpg 400w, https:\/\/wettbewerb-archiv.wir-tun-was-fuer-bienen.de\/archiv-2018\/wp-content\/uploads\/sites\/2\/2018\/06\/2018-06-07-PHOTO-00000164-300x225.jpg 300w, https:\/\/wettbewerb-archiv.wir-tun-was-fuer-bienen.de\/archiv-2018\/wp-content\/uploads\/sites\/2\/2018\/06\/2018-06-07-PHOTO-00000164-768x576.jpg 768w, https:\/\/wettbewerb-archiv.wir-tun-was-fuer-bienen.de\/archiv-2018\/wp-content\/uploads\/sites\/2\/2018\/06\/2018-06-07-PHOTO-00000164-1024x768.jpg 1024w, https:\/\/wettbewerb-archiv.wir-tun-was-fuer-bienen.de\/archiv-2018\/wp-content\/uploads\/sites\/2\/2018\/06\/2018-06-07-PHOTO-00000164-510x382.jpg 510w, https:\/\/wettbewerb-archiv.wir-tun-was-fuer-bienen.de\/archiv-2018\/wp-content\/uploads\/sites\/2\/2018\/06\/2018-06-07-PHOTO-00000164-1080x810.jpg 1080w, https:\/\/wettbewerb-archiv.wir-tun-was-fuer-bienen.de\/archiv-2018\/wp-content\/uploads\/sites\/2\/2018\/06\/2018-06-07-PHOTO-00000164.jpg 1600w\" sizes=\"(max-width: 400px) 100vw, 400px\" \/>                    <\/div>\n    <\/a>\n\n    <div class=\"images-grid\"><span><a href=\"https:\/\/wettbewerb-archiv.wir-tun-was-fuer-bienen.de\/archiv-2018\/eintrag\/bienefreundlicher-schulhof\/\"><img decoding=\"async\" width=\"150\" height=\"150\" src=\"https:\/\/wettbewerb-archiv.wir-tun-was-fuer-bienen.de\/archiv-2018\/wp-content\/uploads\/sites\/2\/2018\/06\/2018-06-07-PHOTO-00000163-150x150.jpg\" class=\"attachment-thumbnail size-thumbnail\" alt=\"\" loading=\"lazy\" \/><\/a><\/span><span><a href=\"https:\/\/wettbewerb-archiv.wir-tun-was-fuer-bienen.de\/archiv-2018\/eintrag\/bienefreundlicher-schulhof\/\"><img decoding=\"async\" width=\"150\" height=\"150\" src=\"https:\/\/wettbewerb-archiv.wir-tun-was-fuer-bienen.de\/archiv-2018\/wp-content\/uploads\/sites\/2\/2018\/06\/2018-06-07-PHOTO-00000169-150x150.jpg\" class=\"attachment-thumbnail size-thumbnail\" alt=\"\" loading=\"lazy\" \/><\/a><\/span><span><a href=\"https:\/\/wettbewerb-archiv.wir-tun-was-fuer-bienen.de\/archiv-2018\/eintrag\/bienefreundlicher-schulhof\/\"><img decoding=\"async\" width=\"150\" height=\"150\" src=\"https:\/\/wettbewerb-archiv.wir-tun-was-fuer-bienen.de\/archiv-2018\/wp-content\/uploads\/sites\/2\/2018\/06\/2018-06-07-PHOTO-00000165-1-150x150.jpg\" class=\"attachment-thumbnail size-thumbnail\" alt=\"\" loading=\"lazy\" \/><\/a><\/span><span><a href=\"https:\/\/wettbewerb-archiv.wir-tun-was-fuer-bienen.de\/archiv-2018\/eintrag\/bienefreundlicher-schulhof\/\"><img decoding=\"async\" width=\"150\" height=\"150\" src=\"https:\/\/wettbewerb-archiv.wir-tun-was-fuer-bienen.de\/archiv-2018\/wp-content\/uploads\/sites\/2\/2018\/06\/2018-06-07-PHOTO-00000166-150x150.jpg\" class=\"attachment-thumbnail size-thumbnail\" alt=\"\" loading=\"lazy\" \/><\/a><\/span><\/div>\n\n    <div class=\"user flex\">\n                    <img decoding=\"async\" src=\"https:\/\/wettbewerb-archiv.wir-tun-was-fuer-bienen.de\/archiv-2018\/wp-content\/themes\/bienen\/assets\/images\/avatar-placeholder.png\" style=\"border-radius: 30px;\" height=\"30\" width=\"30\">\n            <a href=\"https:\/\/wettbewerb-archiv.wir-tun-was-fuer-bienen.de\/archiv-2018\/gruppe\/grundschule-kehrig\/\" title=\"Beitr\u00e4ge von Grundschule Kehrig\"\n               rel=\"author\">Grundschule Kehrig<\/a>\n            <\/div>\n    \n    \n            <p class=\"categories meta\" style=\"width: 100%\"><span class=\"fa fa-tag\"\n                                                             aria-hidden=\"true\"><\/span> Schul- und Jugendclub-G\u00e4rten        <\/p>\n    \n            <p class=\"categories meta\" style=\"width: 100%\"><span class=\"fa fa-map-marker\"\n                                                             aria-hidden=\"true\"><\/span> Rheinland-Pfalz        <\/p>\n    \n<\/article>\n   \n\t\t\n          <article id=\"post-4968\" class=\"et_pb_post post-4968 wtwfb_entry type-wtwfb_entry status-publish has-post-thumbnail hentry wtwfb_category-schul-und-jugendclub-gaerten wtwfb_region-bayern\">\n    <h2 class=\"entry-title\"><a href=\"https:\/\/wettbewerb-archiv.wir-tun-was-fuer-bienen.de\/archiv-2018\/eintrag\/bienenfreundliche-blumen-pflanzen\/\">Bienenfreundliche Blumen pflanzen<\/a>\n    <\/h2>\n    <a href=\"https:\/\/wettbewerb-archiv.wir-tun-was-fuer-bienen.de\/archiv-2018\/eintrag\/bienenfreundliche-blumen-pflanzen\/\">\n        <div class=\"bienen-entry-image\">\n            <img decoding=\"async\" width=\"400\" height=\"300\" src=\"https:\/\/wettbewerb-archiv.wir-tun-was-fuer-bienen.de\/archiv-2018\/wp-content\/uploads\/sites\/2\/2018\/06\/DSCN0226-400x300.jpg\" class=\"attachment-bienen-grid-thumb size-bienen-grid-thumb wp-post-image\" alt=\"\" loading=\"lazy\" srcset=\"https:\/\/wettbewerb-archiv.wir-tun-was-fuer-bienen.de\/archiv-2018\/wp-content\/uploads\/sites\/2\/2018\/06\/DSCN0226-400x300.jpg 400w, https:\/\/wettbewerb-archiv.wir-tun-was-fuer-bienen.de\/archiv-2018\/wp-content\/uploads\/sites\/2\/2018\/06\/DSCN0226-300x225.jpg 300w, https:\/\/wettbewerb-archiv.wir-tun-was-fuer-bienen.de\/archiv-2018\/wp-content\/uploads\/sites\/2\/2018\/06\/DSCN0226-768x576.jpg 768w, https:\/\/wettbewerb-archiv.wir-tun-was-fuer-bienen.de\/archiv-2018\/wp-content\/uploads\/sites\/2\/2018\/06\/DSCN0226-1024x768.jpg 1024w, https:\/\/wettbewerb-archiv.wir-tun-was-fuer-bienen.de\/archiv-2018\/wp-content\/uploads\/sites\/2\/2018\/06\/DSCN0226-510x382.jpg 510w, https:\/\/wettbewerb-archiv.wir-tun-was-fuer-bienen.de\/archiv-2018\/wp-content\/uploads\/sites\/2\/2018\/06\/DSCN0226-1080x810.jpg 1080w, https:\/\/wettbewerb-archiv.wir-tun-was-fuer-bienen.de\/archiv-2018\/wp-content\/uploads\/sites\/2\/2018\/06\/DSCN0226.jpg 1920w\" sizes=\"(max-width: 400px) 100vw, 400px\" \/>                    <\/div>\n    <\/a>\n\n    <div class=\"images-grid\"><span><a href=\"https:\/\/wettbewerb-archiv.wir-tun-was-fuer-bienen.de\/archiv-2018\/eintrag\/bienenfreundliche-blumen-pflanzen\/\"><img decoding=\"async\" width=\"150\" height=\"150\" src=\"https:\/\/wettbewerb-archiv.wir-tun-was-fuer-bienen.de\/archiv-2018\/wp-content\/uploads\/sites\/2\/2018\/06\/DSCN0222-150x150.jpg\" class=\"attachment-thumbnail size-thumbnail\" alt=\"\" loading=\"lazy\" \/><\/a><\/span><\/div>\n\n    <div class=\"user flex\">\n        \n                    <img decoding=\"async\" src=\"https:\/\/wettbewerb-archiv.wir-tun-was-fuer-bienen.de\/archiv-2018\/wp-content\/themes\/bienen\/assets\/images\/avatar-placeholder.png\" style=\"border-radius: 30px;\" height=\"30\" width=\"30\">\n            KitaRegenbogen            <\/div>\n    \n    \n            <p class=\"categories meta\" style=\"width: 100%\"><span class=\"fa fa-tag\"\n                                                             aria-hidden=\"true\"><\/span> Schul- und Jugendclub-G\u00e4rten        <\/p>\n    \n            <p class=\"categories meta\" style=\"width: 100%\"><span class=\"fa fa-map-marker\"\n                                                             aria-hidden=\"true\"><\/span> Bayern        <\/p>\n    \n<\/article>\n   \n\t\t\n          <article id=\"post-4934\" class=\"et_pb_post post-4934 wtwfb_entry type-wtwfb_entry status-publish has-post-thumbnail hentry wtwfb_category-balkone-terrassen-dachbegruenung-vertikale-gaerten wtwfb_region-bayern\">\n    <h2 class=\"entry-title\"><a href=\"https:\/\/wettbewerb-archiv.wir-tun-was-fuer-bienen.de\/archiv-2018\/eintrag\/balkon-mit-suedlichen-flair\/\">Balkon mit s\u00fcdlichen Flair<\/a>\n    <\/h2>\n    <a href=\"https:\/\/wettbewerb-archiv.wir-tun-was-fuer-bienen.de\/archiv-2018\/eintrag\/balkon-mit-suedlichen-flair\/\">\n        <div class=\"bienen-entry-image\">\n            <img decoding=\"async\" width=\"400\" height=\"300\" src=\"https:\/\/wettbewerb-archiv.wir-tun-was-fuer-bienen.de\/archiv-2018\/wp-content\/uploads\/sites\/2\/2018\/06\/K\u00f6nigsKerze-1-400x300.jpg\" class=\"attachment-bienen-grid-thumb size-bienen-grid-thumb wp-post-image\" alt=\"\" loading=\"lazy\" srcset=\"https:\/\/wettbewerb-archiv.wir-tun-was-fuer-bienen.de\/archiv-2018\/wp-content\/uploads\/sites\/2\/2018\/06\/K\u00f6nigsKerze-1-400x300.jpg 400w, https:\/\/wettbewerb-archiv.wir-tun-was-fuer-bienen.de\/archiv-2018\/wp-content\/uploads\/sites\/2\/2018\/06\/K\u00f6nigsKerze-1-510x382.jpg 510w\" sizes=\"(max-width: 400px) 100vw, 400px\" \/>                    <\/div>\n    <\/a>\n\n    <div class=\"images-grid\"><span><a href=\"https:\/\/wettbewerb-archiv.wir-tun-was-fuer-bienen.de\/archiv-2018\/eintrag\/balkon-mit-suedlichen-flair\/\"><img decoding=\"async\" width=\"150\" height=\"150\" src=\"https:\/\/wettbewerb-archiv.wir-tun-was-fuer-bienen.de\/archiv-2018\/wp-content\/uploads\/sites\/2\/2018\/06\/Aktion-Bieneweide-150x150.jpg\" class=\"attachment-thumbnail size-thumbnail\" alt=\"\" loading=\"lazy\" \/><\/a><\/span><span><a href=\"https:\/\/wettbewerb-archiv.wir-tun-was-fuer-bienen.de\/archiv-2018\/eintrag\/balkon-mit-suedlichen-flair\/\"><img decoding=\"async\" width=\"150\" height=\"150\" src=\"https:\/\/wettbewerb-archiv.wir-tun-was-fuer-bienen.de\/archiv-2018\/wp-content\/uploads\/sites\/2\/2018\/07\/Aktion-Bieneweide_02-150x150.jpg\" class=\"attachment-thumbnail size-thumbnail\" alt=\"\" loading=\"lazy\" \/><\/a><\/span><span><a href=\"https:\/\/wettbewerb-archiv.wir-tun-was-fuer-bienen.de\/archiv-2018\/eintrag\/balkon-mit-suedlichen-flair\/\"><img decoding=\"async\" width=\"150\" height=\"150\" src=\"https:\/\/wettbewerb-archiv.wir-tun-was-fuer-bienen.de\/archiv-2018\/wp-content\/uploads\/sites\/2\/2018\/07\/Aktion-Bieneweide_02B-150x150.jpg\" class=\"attachment-thumbnail size-thumbnail\" alt=\"\" loading=\"lazy\" \/><\/a><\/span><\/div>\n\n    <div class=\"user flex\">\n        \n                    <img decoding=\"async\" src=\"https:\/\/wettbewerb-archiv.wir-tun-was-fuer-bienen.de\/archiv-2018\/wp-content\/themes\/bienen\/assets\/images\/avatar-placeholder.png\" style=\"border-radius: 30px;\" height=\"30\" width=\"30\">\n            StaudlersKleinerGarten            <\/div>\n    \n    \n            <p class=\"categories meta\" style=\"width: 100%\"><span class=\"fa fa-tag\"\n                                                             aria-hidden=\"true\"><\/span> Balkone, Terrassen, Dachbegr\u00fcnung, vertikale G\u00e4rten        <\/p>\n    \n            <p class=\"categories meta\" style=\"width: 100%\"><span class=\"fa fa-map-marker\"\n                                                             aria-hidden=\"true\"><\/span> Bayern        <\/p>\n    \n<\/article>\n   \n\t\t\n          <article id=\"post-4930\" class=\"et_pb_post post-4930 wtwfb_entry type-wtwfb_entry status-publish has-post-thumbnail hentry wtwfb_category-schul-und-jugendclub-gaerten wtwfb_region-baden-wuerttemberg\">\n    <h2 class=\"entry-title\"><a href=\"https:\/\/wettbewerb-archiv.wir-tun-was-fuer-bienen.de\/archiv-2018\/eintrag\/fes-schulgarten\/\">FES Schulgarten<\/a>\n    <\/h2>\n    <a href=\"https:\/\/wettbewerb-archiv.wir-tun-was-fuer-bienen.de\/archiv-2018\/eintrag\/fes-schulgarten\/\">\n        <div class=\"bienen-entry-image\">\n            <img decoding=\"async\" width=\"400\" height=\"300\" src=\"https:\/\/wettbewerb-archiv.wir-tun-was-fuer-bienen.de\/archiv-2018\/wp-content\/uploads\/sites\/2\/2018\/06\/IMG_2096-400x300.jpg\" class=\"attachment-bienen-grid-thumb size-bienen-grid-thumb wp-post-image\" alt=\"\" loading=\"lazy\" srcset=\"https:\/\/wettbewerb-archiv.wir-tun-was-fuer-bienen.de\/archiv-2018\/wp-content\/uploads\/sites\/2\/2018\/06\/IMG_2096-400x300.jpg 400w, https:\/\/wettbewerb-archiv.wir-tun-was-fuer-bienen.de\/archiv-2018\/wp-content\/uploads\/sites\/2\/2018\/06\/IMG_2096-300x225.jpg 300w, https:\/\/wettbewerb-archiv.wir-tun-was-fuer-bienen.de\/archiv-2018\/wp-content\/uploads\/sites\/2\/2018\/06\/IMG_2096-768x576.jpg 768w, https:\/\/wettbewerb-archiv.wir-tun-was-fuer-bienen.de\/archiv-2018\/wp-content\/uploads\/sites\/2\/2018\/06\/IMG_2096-1024x768.jpg 1024w, https:\/\/wettbewerb-archiv.wir-tun-was-fuer-bienen.de\/archiv-2018\/wp-content\/uploads\/sites\/2\/2018\/06\/IMG_2096-510x382.jpg 510w, https:\/\/wettbewerb-archiv.wir-tun-was-fuer-bienen.de\/archiv-2018\/wp-content\/uploads\/sites\/2\/2018\/06\/IMG_2096-1080x810.jpg 1080w, https:\/\/wettbewerb-archiv.wir-tun-was-fuer-bienen.de\/archiv-2018\/wp-content\/uploads\/sites\/2\/2018\/06\/IMG_2096.jpg 1920w\" sizes=\"(max-width: 400px) 100vw, 400px\" \/>                    <\/div>\n    <\/a>\n\n    <div class=\"images-grid\"><span><a href=\"https:\/\/wettbewerb-archiv.wir-tun-was-fuer-bienen.de\/archiv-2018\/eintrag\/fes-schulgarten\/\"><img decoding=\"async\" width=\"150\" height=\"150\" src=\"https:\/\/wettbewerb-archiv.wir-tun-was-fuer-bienen.de\/archiv-2018\/wp-content\/uploads\/sites\/2\/2018\/06\/IMG_0617-150x150.jpg\" class=\"attachment-thumbnail size-thumbnail\" alt=\"\" loading=\"lazy\" \/><\/a><\/span><span><a href=\"https:\/\/wettbewerb-archiv.wir-tun-was-fuer-bienen.de\/archiv-2018\/eintrag\/fes-schulgarten\/\"><img decoding=\"async\" width=\"150\" height=\"150\" src=\"https:\/\/wettbewerb-archiv.wir-tun-was-fuer-bienen.de\/archiv-2018\/wp-content\/uploads\/sites\/2\/2018\/06\/IMG_2138-150x150.jpg\" class=\"attachment-thumbnail size-thumbnail\" alt=\"\" loading=\"lazy\" srcset=\"https:\/\/wettbewerb-archiv.wir-tun-was-fuer-bienen.de\/archiv-2018\/wp-content\/uploads\/sites\/2\/2018\/06\/IMG_2138-150x150.jpg 150w, https:\/\/wettbewerb-archiv.wir-tun-was-fuer-bienen.de\/archiv-2018\/wp-content\/uploads\/sites\/2\/2018\/06\/IMG_2138-300x300.jpg 300w, https:\/\/wettbewerb-archiv.wir-tun-was-fuer-bienen.de\/archiv-2018\/wp-content\/uploads\/sites\/2\/2018\/06\/IMG_2138-768x768.jpg 768w, https:\/\/wettbewerb-archiv.wir-tun-was-fuer-bienen.de\/archiv-2018\/wp-content\/uploads\/sites\/2\/2018\/06\/IMG_2138-1024x1024.jpg 1024w, https:\/\/wettbewerb-archiv.wir-tun-was-fuer-bienen.de\/archiv-2018\/wp-content\/uploads\/sites\/2\/2018\/06\/IMG_2138.jpg 1600w\" sizes=\"(max-width: 150px) 100vw, 150px\" \/><\/a><\/span><span><a href=\"https:\/\/wettbewerb-archiv.wir-tun-was-fuer-bienen.de\/archiv-2018\/eintrag\/fes-schulgarten\/\"><img decoding=\"async\" width=\"150\" height=\"150\" src=\"https:\/\/wettbewerb-archiv.wir-tun-was-fuer-bienen.de\/archiv-2018\/wp-content\/uploads\/sites\/2\/2018\/06\/IMG_0567-150x150.jpg\" class=\"attachment-thumbnail size-thumbnail\" alt=\"\" loading=\"lazy\" \/><\/a><\/span><span><a href=\"https:\/\/wettbewerb-archiv.wir-tun-was-fuer-bienen.de\/archiv-2018\/eintrag\/fes-schulgarten\/\"><img decoding=\"async\" width=\"150\" height=\"150\" src=\"https:\/\/wettbewerb-archiv.wir-tun-was-fuer-bienen.de\/archiv-2018\/wp-content\/uploads\/sites\/2\/2018\/06\/IMG_0624-150x150.jpg\" class=\"attachment-thumbnail size-thumbnail\" alt=\"\" loading=\"lazy\" \/><\/a><\/span><\/div>\n\n    <div class=\"user flex\">\n        \n                    <img decoding=\"async\" src=\"https:\/\/wettbewerb-archiv.wir-tun-was-fuer-bienen.de\/archiv-2018\/wp-content\/themes\/bienen\/assets\/images\/avatar-placeholder.png\" style=\"border-radius: 30px;\" height=\"30\" width=\"30\">\n            FES Schulgarten            <\/div>\n    \n    \n            <p class=\"categories meta\" style=\"width: 100%\"><span class=\"fa fa-tag\"\n                                                             aria-hidden=\"true\"><\/span> Schul- und Jugendclub-G\u00e4rten        <\/p>\n    \n            <p class=\"categories meta\" style=\"width: 100%\"><span class=\"fa fa-map-marker\"\n                                                             aria-hidden=\"true\"><\/span> Baden-W\u00fcrttemberg        <\/p>\n    \n<\/article>\n   \n\t\t\n          <article id=\"post-4881\" class=\"et_pb_post post-4881 wtwfb_entry type-wtwfb_entry status-publish has-post-thumbnail hentry wtwfb_category-kleingartenwesen-parzellen-und-gemeinschaftsgaerten wtwfb_region-berlin\">\n    <h2 class=\"entry-title\"><a href=\"https:\/\/wettbewerb-archiv.wir-tun-was-fuer-bienen.de\/archiv-2018\/eintrag\/permakulturkleingarten\/\">Permakulturgarten in der Kleingartenanlage Mariengrund<\/a>\n    <\/h2>\n    <a href=\"https:\/\/wettbewerb-archiv.wir-tun-was-fuer-bienen.de\/archiv-2018\/eintrag\/permakulturkleingarten\/\">\n        <div class=\"bienen-entry-image\">\n            <img decoding=\"async\" width=\"400\" height=\"300\" src=\"https:\/\/wettbewerb-archiv.wir-tun-was-fuer-bienen.de\/archiv-2018\/wp-content\/uploads\/sites\/2\/2018\/06\/Eingang-400x300.jpg\" class=\"attachment-bienen-grid-thumb size-bienen-grid-thumb wp-post-image\" alt=\"\" loading=\"lazy\" \/>                    <\/div>\n    <\/a>\n\n    <div class=\"images-grid\"><span><a href=\"https:\/\/wettbewerb-archiv.wir-tun-was-fuer-bienen.de\/archiv-2018\/eintrag\/permakulturkleingarten\/\"><img decoding=\"async\" width=\"150\" height=\"150\" src=\"https:\/\/wettbewerb-archiv.wir-tun-was-fuer-bienen.de\/archiv-2018\/wp-content\/uploads\/sites\/2\/2018\/06\/Foto-0002-150x150.jpg\" class=\"attachment-thumbnail size-thumbnail\" alt=\"\" loading=\"lazy\" \/><\/a><\/span><span><a href=\"https:\/\/wettbewerb-archiv.wir-tun-was-fuer-bienen.de\/archiv-2018\/eintrag\/permakulturkleingarten\/\"><img decoding=\"async\" width=\"150\" height=\"150\" src=\"https:\/\/wettbewerb-archiv.wir-tun-was-fuer-bienen.de\/archiv-2018\/wp-content\/uploads\/sites\/2\/2018\/06\/Foto1062-150x150.jpg\" class=\"attachment-thumbnail size-thumbnail\" alt=\"\" loading=\"lazy\" \/><\/a><\/span><span><a href=\"https:\/\/wettbewerb-archiv.wir-tun-was-fuer-bienen.de\/archiv-2018\/eintrag\/permakulturkleingarten\/\"><img decoding=\"async\" width=\"150\" height=\"150\" src=\"https:\/\/wettbewerb-archiv.wir-tun-was-fuer-bienen.de\/archiv-2018\/wp-content\/uploads\/sites\/2\/2018\/06\/P1110960-150x150.jpg\" class=\"attachment-thumbnail size-thumbnail\" alt=\"\" loading=\"lazy\" \/><\/a><\/span><span><a href=\"https:\/\/wettbewerb-archiv.wir-tun-was-fuer-bienen.de\/archiv-2018\/eintrag\/permakulturkleingarten\/\"><img decoding=\"async\" width=\"150\" height=\"150\" src=\"https:\/\/wettbewerb-archiv.wir-tun-was-fuer-bienen.de\/archiv-2018\/wp-content\/uploads\/sites\/2\/2018\/06\/Foto0569-150x150.jpg\" class=\"attachment-thumbnail size-thumbnail\" alt=\"\" loading=\"lazy\" \/><\/a><\/span><\/div>\n\n    <div class=\"user flex\">\n                    <img decoding=\"async\" src=\"https:\/\/wettbewerb-archiv.wir-tun-was-fuer-bienen.de\/archiv-2018\/wp-content\/themes\/bienen\/assets\/images\/avatar-placeholder.png\" style=\"border-radius: 30px;\" height=\"30\" width=\"30\">\n            <a href=\"https:\/\/wettbewerb-archiv.wir-tun-was-fuer-bienen.de\/archiv-2018\/gruppe\/baume-summt\/\" title=\"Beitr\u00e4ge von Baume summt\"\n               rel=\"author\">Baume summt<\/a>\n            <\/div>\n    \n    \n            <p class=\"categories meta\" style=\"width: 100%\"><span class=\"fa fa-tag\"\n                                                             aria-hidden=\"true\"><\/span> Kleingartenwesen: Parzellen und Gemeinschaftsg\u00e4rten        <\/p>\n    \n            <p class=\"categories meta\" style=\"width: 100%\"><span class=\"fa fa-map-marker\"\n                                                             aria-hidden=\"true\"><\/span> Berlin        <\/p>\n    \n<\/article>\n   \n\t\t\n          <article id=\"post-4868\" class=\"et_pb_post post-4868 wtwfb_entry type-wtwfb_entry status-publish has-post-thumbnail hentry wtwfb_category-kommunale-flaechen-parks-baumscheiben wtwfb_region-bayern\">\n    <h2 class=\"entry-title\"><a href=\"https:\/\/wettbewerb-archiv.wir-tun-was-fuer-bienen.de\/archiv-2018\/eintrag\/ansaataktion-im-rahmen-des-ferienfreizeitprogramms-der-gemeinde-zandt-im-rahmen-der-initiative-zandt-die-bluehende-gemeinde\/\">Ansaataktion im Rahmen des Ferienfreizeitprogramms der ...<\/a>\n    <\/h2>\n    <a href=\"https:\/\/wettbewerb-archiv.wir-tun-was-fuer-bienen.de\/archiv-2018\/eintrag\/ansaataktion-im-rahmen-des-ferienfreizeitprogramms-der-gemeinde-zandt-im-rahmen-der-initiative-zandt-die-bluehende-gemeinde\/\">\n        <div class=\"bienen-entry-image\">\n            <img decoding=\"async\" width=\"400\" height=\"300\" src=\"https:\/\/wettbewerb-archiv.wir-tun-was-fuer-bienen.de\/archiv-2018\/wp-content\/uploads\/sites\/2\/2018\/06\/IMG_6021-400x300.jpg\" class=\"attachment-bienen-grid-thumb size-bienen-grid-thumb wp-post-image\" alt=\"\" loading=\"lazy\" srcset=\"https:\/\/wettbewerb-archiv.wir-tun-was-fuer-bienen.de\/archiv-2018\/wp-content\/uploads\/sites\/2\/2018\/06\/IMG_6021-400x300.jpg 400w, https:\/\/wettbewerb-archiv.wir-tun-was-fuer-bienen.de\/archiv-2018\/wp-content\/uploads\/sites\/2\/2018\/06\/IMG_6021-300x225.jpg 300w, https:\/\/wettbewerb-archiv.wir-tun-was-fuer-bienen.de\/archiv-2018\/wp-content\/uploads\/sites\/2\/2018\/06\/IMG_6021-768x576.jpg 768w, https:\/\/wettbewerb-archiv.wir-tun-was-fuer-bienen.de\/archiv-2018\/wp-content\/uploads\/sites\/2\/2018\/06\/IMG_6021-1024x768.jpg 1024w, https:\/\/wettbewerb-archiv.wir-tun-was-fuer-bienen.de\/archiv-2018\/wp-content\/uploads\/sites\/2\/2018\/06\/IMG_6021-510x382.jpg 510w, https:\/\/wettbewerb-archiv.wir-tun-was-fuer-bienen.de\/archiv-2018\/wp-content\/uploads\/sites\/2\/2018\/06\/IMG_6021-1080x810.jpg 1080w, https:\/\/wettbewerb-archiv.wir-tun-was-fuer-bienen.de\/archiv-2018\/wp-content\/uploads\/sites\/2\/2018\/06\/IMG_6021.jpg 1920w\" sizes=\"(max-width: 400px) 100vw, 400px\" \/>                    <\/div>\n    <\/a>\n\n    <div class=\"images-grid\"><span><a href=\"https:\/\/wettbewerb-archiv.wir-tun-was-fuer-bienen.de\/archiv-2018\/eintrag\/ansaataktion-im-rahmen-des-ferienfreizeitprogramms-der-gemeinde-zandt-im-rahmen-der-initiative-zandt-die-bluehende-gemeinde\/\"><img decoding=\"async\" width=\"80\" height=\"80\" src=\"https:\/\/wettbewerb-archiv.wir-tun-was-fuer-bienen.de\/archiv-2018\/wp-content\/uploads\/sites\/2\/2018\/06\/Unbenannt1.jpg\" class=\"attachment-thumbnail size-thumbnail\" alt=\"\" loading=\"lazy\" \/><\/a><\/span><span><a href=\"https:\/\/wettbewerb-archiv.wir-tun-was-fuer-bienen.de\/archiv-2018\/eintrag\/ansaataktion-im-rahmen-des-ferienfreizeitprogramms-der-gemeinde-zandt-im-rahmen-der-initiative-zandt-die-bluehende-gemeinde\/\"><img decoding=\"async\" width=\"150\" height=\"150\" src=\"https:\/\/wettbewerb-archiv.wir-tun-was-fuer-bienen.de\/archiv-2018\/wp-content\/uploads\/sites\/2\/2018\/06\/IMG_6005-150x150.jpg\" class=\"attachment-thumbnail size-thumbnail\" alt=\"\" loading=\"lazy\" \/><\/a><\/span><span><a href=\"https:\/\/wettbewerb-archiv.wir-tun-was-fuer-bienen.de\/archiv-2018\/eintrag\/ansaataktion-im-rahmen-des-ferienfreizeitprogramms-der-gemeinde-zandt-im-rahmen-der-initiative-zandt-die-bluehende-gemeinde\/\"><img decoding=\"async\" width=\"150\" height=\"150\" src=\"https:\/\/wettbewerb-archiv.wir-tun-was-fuer-bienen.de\/archiv-2018\/wp-content\/uploads\/sites\/2\/2018\/06\/IMG_6038-150x150.jpg\" class=\"attachment-thumbnail size-thumbnail\" alt=\"\" loading=\"lazy\" \/><\/a><\/span><span><a href=\"https:\/\/wettbewerb-archiv.wir-tun-was-fuer-bienen.de\/archiv-2018\/eintrag\/ansaataktion-im-rahmen-des-ferienfreizeitprogramms-der-gemeinde-zandt-im-rahmen-der-initiative-zandt-die-bluehende-gemeinde\/\"><img decoding=\"async\" width=\"150\" height=\"150\" src=\"https:\/\/wettbewerb-archiv.wir-tun-was-fuer-bienen.de\/archiv-2018\/wp-content\/uploads\/sites\/2\/2018\/06\/IMG_6048-150x150.jpg\" class=\"attachment-thumbnail size-thumbnail\" alt=\"\" loading=\"lazy\" \/><\/a><\/span><\/div>\n\n    <div class=\"user flex\">\n        \n                    <img decoding=\"async\" src=\"https:\/\/wettbewerb-archiv.wir-tun-was-fuer-bienen.de\/archiv-2018\/wp-content\/themes\/bienen\/assets\/images\/avatar-placeholder.png\" style=\"border-radius: 30px;\" height=\"30\" width=\"30\">\n            Gemeinde Zandt - Die bl\u00fchende Gemeinde            <\/div>\n    \n    \n            <p class=\"categories meta\" style=\"width: 100%\"><span class=\"fa fa-tag\"\n                                                             aria-hidden=\"true\"><\/span> Kommunale Fl\u00e4chen, Parks, Baumscheiben        <\/p>\n    \n            <p class=\"categories meta\" style=\"width: 100%\"><span class=\"fa fa-map-marker\"\n                                                             aria-hidden=\"true\"><\/span> Bayern        <\/p>\n    \n<\/article>\n   \n\t\t\n          <article id=\"post-4753\" class=\"et_pb_post post-4753 wtwfb_entry type-wtwfb_entry status-publish has-post-thumbnail hentry wtwfb_category-privatgaerten-und-gaerten-von-mietwohnungen-kleiner-500-quadratmeter wtwfb_region-schleswig-holstein\">\n    <h2 class=\"entry-title\"><a href=\"https:\/\/wettbewerb-archiv.wir-tun-was-fuer-bienen.de\/archiv-2018\/eintrag\/insektenhotel\/\">Insektenhotel<\/a>\n    <\/h2>\n    <a href=\"https:\/\/wettbewerb-archiv.wir-tun-was-fuer-bienen.de\/archiv-2018\/eintrag\/insektenhotel\/\">\n        <div class=\"bienen-entry-image\">\n            <img decoding=\"async\" width=\"400\" height=\"300\" src=\"https:\/\/wettbewerb-archiv.wir-tun-was-fuer-bienen.de\/archiv-2018\/wp-content\/uploads\/sites\/2\/2018\/06\/20180525_205238-400x300.jpg\" class=\"attachment-bienen-grid-thumb size-bienen-grid-thumb wp-post-image\" alt=\"\" loading=\"lazy\" srcset=\"https:\/\/wettbewerb-archiv.wir-tun-was-fuer-bienen.de\/archiv-2018\/wp-content\/uploads\/sites\/2\/2018\/06\/20180525_205238-400x300.jpg 400w, https:\/\/wettbewerb-archiv.wir-tun-was-fuer-bienen.de\/archiv-2018\/wp-content\/uploads\/sites\/2\/2018\/06\/20180525_205238-510x382.jpg 510w\" sizes=\"(max-width: 400px) 100vw, 400px\" \/>                    <\/div>\n    <\/a>\n\n    <div class=\"images-grid\"><span><a href=\"https:\/\/wettbewerb-archiv.wir-tun-was-fuer-bienen.de\/archiv-2018\/eintrag\/insektenhotel\/\"><img decoding=\"async\" width=\"150\" height=\"150\" src=\"https:\/\/wettbewerb-archiv.wir-tun-was-fuer-bienen.de\/archiv-2018\/wp-content\/uploads\/sites\/2\/2018\/07\/20180703_083948-150x150.jpg\" class=\"attachment-thumbnail size-thumbnail\" alt=\"\" loading=\"lazy\" \/><\/a><\/span><span><a href=\"https:\/\/wettbewerb-archiv.wir-tun-was-fuer-bienen.de\/archiv-2018\/eintrag\/insektenhotel\/\"><img decoding=\"async\" width=\"150\" height=\"150\" src=\"https:\/\/wettbewerb-archiv.wir-tun-was-fuer-bienen.de\/archiv-2018\/wp-content\/uploads\/sites\/2\/2018\/07\/20180703_084015-150x150.jpg\" class=\"attachment-thumbnail size-thumbnail\" alt=\"\" loading=\"lazy\" \/><\/a><\/span><span><a href=\"https:\/\/wettbewerb-archiv.wir-tun-was-fuer-bienen.de\/archiv-2018\/eintrag\/insektenhotel\/\"><img decoding=\"async\" width=\"150\" height=\"150\" src=\"https:\/\/wettbewerb-archiv.wir-tun-was-fuer-bienen.de\/archiv-2018\/wp-content\/uploads\/sites\/2\/2018\/07\/20180716_102703-150x150.jpg\" class=\"attachment-thumbnail size-thumbnail\" alt=\"\" loading=\"lazy\" \/><\/a><\/span><\/div>\n\n    <div class=\"user flex\">\n        \n                    <img decoding=\"async\" src=\"https:\/\/wettbewerb-archiv.wir-tun-was-fuer-bienen.de\/archiv-2018\/wp-content\/themes\/bienen\/assets\/images\/avatar-placeholder.png\" style=\"border-radius: 30px;\" height=\"30\" width=\"30\">\n            Zabels Insektengarten            <\/div>\n    \n    \n            <p class=\"categories meta\" style=\"width: 100%\"><span class=\"fa fa-tag\"\n                                                             aria-hidden=\"true\"><\/span> Privatg\u00e4rten und G\u00e4rten von Mietwohnungen (kleiner als 500 Quadratmeter)        <\/p>\n    \n            <p class=\"categories meta\" style=\"width: 100%\"><span class=\"fa fa-map-marker\"\n                                                             aria-hidden=\"true\"><\/span> Schleswig-Holstein        <\/p>\n    \n<\/article>\n   \n\t\t\n          <article id=\"post-4682\" class=\"et_pb_post post-4682 wtwfb_entry type-wtwfb_entry status-publish has-post-thumbnail hentry wtwfb_category-kommunale-flaechen-parks-baumscheiben wtwfb_region-nordrhein-westfalen\">\n    <h2 class=\"entry-title\"><a href=\"https:\/\/wettbewerb-archiv.wir-tun-was-fuer-bienen.de\/archiv-2018\/eintrag\/naschgarten-fuer-insekten-und-voegel-3\/\">Naschgarten f\u00fcr Insekten und V\u00f6gel<\/a>\n    <\/h2>\n    <a href=\"https:\/\/wettbewerb-archiv.wir-tun-was-fuer-bienen.de\/archiv-2018\/eintrag\/naschgarten-fuer-insekten-und-voegel-3\/\">\n        <div class=\"bienen-entry-image\">\n            <img decoding=\"async\" width=\"400\" height=\"300\" src=\"https:\/\/wettbewerb-archiv.wir-tun-was-fuer-bienen.de\/archiv-2018\/wp-content\/uploads\/sites\/2\/2018\/06\/nachher-3-1-400x300.jpg\" class=\"attachment-bienen-grid-thumb size-bienen-grid-thumb wp-post-image\" alt=\"\" loading=\"lazy\" srcset=\"https:\/\/wettbewerb-archiv.wir-tun-was-fuer-bienen.de\/archiv-2018\/wp-content\/uploads\/sites\/2\/2018\/06\/nachher-3-1-400x300.jpg 400w, https:\/\/wettbewerb-archiv.wir-tun-was-fuer-bienen.de\/archiv-2018\/wp-content\/uploads\/sites\/2\/2018\/06\/nachher-3-1-510x382.jpg 510w\" sizes=\"(max-width: 400px) 100vw, 400px\" \/>                    <\/div>\n    <\/a>\n\n    <div class=\"images-grid\"><span><a href=\"https:\/\/wettbewerb-archiv.wir-tun-was-fuer-bienen.de\/archiv-2018\/eintrag\/naschgarten-fuer-insekten-und-voegel-3\/\"><img decoding=\"async\" width=\"150\" height=\"150\" src=\"https:\/\/wettbewerb-archiv.wir-tun-was-fuer-bienen.de\/archiv-2018\/wp-content\/uploads\/sites\/2\/2018\/06\/Am-Pflanztag-1-150x150.jpg\" class=\"attachment-thumbnail size-thumbnail\" alt=\"\" loading=\"lazy\" \/><\/a><\/span><span><a href=\"https:\/\/wettbewerb-archiv.wir-tun-was-fuer-bienen.de\/archiv-2018\/eintrag\/naschgarten-fuer-insekten-und-voegel-3\/\"><img decoding=\"async\" width=\"150\" height=\"150\" src=\"https:\/\/wettbewerb-archiv.wir-tun-was-fuer-bienen.de\/archiv-2018\/wp-content\/uploads\/sites\/2\/2018\/06\/20180414_100947-150x150.jpg\" class=\"attachment-thumbnail size-thumbnail\" alt=\"\" loading=\"lazy\" \/><\/a><\/span><span><a href=\"https:\/\/wettbewerb-archiv.wir-tun-was-fuer-bienen.de\/archiv-2018\/eintrag\/naschgarten-fuer-insekten-und-voegel-3\/\"><img decoding=\"async\" width=\"150\" height=\"150\" src=\"https:\/\/wettbewerb-archiv.wir-tun-was-fuer-bienen.de\/archiv-2018\/wp-content\/uploads\/sites\/2\/2018\/06\/20180414_110552-1-150x150.jpg\" class=\"attachment-thumbnail size-thumbnail\" alt=\"\" loading=\"lazy\" \/><\/a><\/span><span><a href=\"https:\/\/wettbewerb-archiv.wir-tun-was-fuer-bienen.de\/archiv-2018\/eintrag\/naschgarten-fuer-insekten-und-voegel-3\/\"><img decoding=\"async\" width=\"150\" height=\"150\" src=\"https:\/\/wettbewerb-archiv.wir-tun-was-fuer-bienen.de\/archiv-2018\/wp-content\/uploads\/sites\/2\/2018\/06\/20180414_123955-150x150.jpg\" class=\"attachment-thumbnail size-thumbnail\" alt=\"\" loading=\"lazy\" \/><\/a><\/span><\/div>\n\n    <div class=\"user flex\">\n        \n                    <img decoding=\"async\" src=\"https:\/\/wettbewerb-archiv.wir-tun-was-fuer-bienen.de\/archiv-2018\/wp-content\/themes\/bienen\/assets\/images\/avatar-placeholder.png\" style=\"border-radius: 30px;\" height=\"30\" width=\"30\">\n            Karina M\u00f6llers            <\/div>\n    \n    \n            <p class=\"categories meta\" style=\"width: 100%\"><span class=\"fa fa-tag\"\n                                                             aria-hidden=\"true\"><\/span> Kommunale Fl\u00e4chen, Parks, Baumscheiben        <\/p>\n    \n            <p class=\"categories meta\" style=\"width: 100%\"><span class=\"fa fa-map-marker\"\n                                                             aria-hidden=\"true\"><\/span> Nordrhein-Westfalen        <\/p>\n    \n<\/article>\n   \n\t\t\n          <article id=\"post-4651\" class=\"et_pb_post post-4651 wtwfb_entry type-wtwfb_entry status-publish has-post-thumbnail hentry wtwfb_category-schul-und-jugendclub-gaerten wtwfb_region-nordrhein-westfalen\">\n    <h2 class=\"entry-title\"><a href=\"https:\/\/wettbewerb-archiv.wir-tun-was-fuer-bienen.de\/archiv-2018\/eintrag\/wir-tun-was-fuer-bienen-und-andere-insekten\/\">&#8220;Wir tun was f\u00fcr Bienen und andere Insekten&#8221;<\/a>\n    <\/h2>\n    <a href=\"https:\/\/wettbewerb-archiv.wir-tun-was-fuer-bienen.de\/archiv-2018\/eintrag\/wir-tun-was-fuer-bienen-und-andere-insekten\/\">\n        <div class=\"bienen-entry-image\">\n            <img decoding=\"async\" width=\"400\" height=\"300\" src=\"https:\/\/wettbewerb-archiv.wir-tun-was-fuer-bienen.de\/archiv-2018\/wp-content\/uploads\/sites\/2\/2018\/06\/IMG_20180529_100536-400x300.jpg\" class=\"attachment-bienen-grid-thumb size-bienen-grid-thumb wp-post-image\" alt=\"\" loading=\"lazy\" srcset=\"https:\/\/wettbewerb-archiv.wir-tun-was-fuer-bienen.de\/archiv-2018\/wp-content\/uploads\/sites\/2\/2018\/06\/IMG_20180529_100536-400x300.jpg 400w, https:\/\/wettbewerb-archiv.wir-tun-was-fuer-bienen.de\/archiv-2018\/wp-content\/uploads\/sites\/2\/2018\/06\/IMG_20180529_100536-300x225.jpg 300w, https:\/\/wettbewerb-archiv.wir-tun-was-fuer-bienen.de\/archiv-2018\/wp-content\/uploads\/sites\/2\/2018\/06\/IMG_20180529_100536-768x576.jpg 768w, https:\/\/wettbewerb-archiv.wir-tun-was-fuer-bienen.de\/archiv-2018\/wp-content\/uploads\/sites\/2\/2018\/06\/IMG_20180529_100536-1024x768.jpg 1024w, https:\/\/wettbewerb-archiv.wir-tun-was-fuer-bienen.de\/archiv-2018\/wp-content\/uploads\/sites\/2\/2018\/06\/IMG_20180529_100536-510x382.jpg 510w, https:\/\/wettbewerb-archiv.wir-tun-was-fuer-bienen.de\/archiv-2018\/wp-content\/uploads\/sites\/2\/2018\/06\/IMG_20180529_100536-1080x810.jpg 1080w, https:\/\/wettbewerb-archiv.wir-tun-was-fuer-bienen.de\/archiv-2018\/wp-content\/uploads\/sites\/2\/2018\/06\/IMG_20180529_100536.jpg 1920w\" sizes=\"(max-width: 400px) 100vw, 400px\" \/>                    <\/div>\n    <\/a>\n\n    <div class=\"images-grid\"><span><a href=\"https:\/\/wettbewerb-archiv.wir-tun-was-fuer-bienen.de\/archiv-2018\/eintrag\/wir-tun-was-fuer-bienen-und-andere-insekten\/\"><img decoding=\"async\" width=\"150\" height=\"150\" src=\"https:\/\/wettbewerb-archiv.wir-tun-was-fuer-bienen.de\/archiv-2018\/wp-content\/uploads\/sites\/2\/2018\/06\/IMG_20180529_094012-1-150x150.jpg\" class=\"attachment-thumbnail size-thumbnail\" alt=\"\" loading=\"lazy\" \/><\/a><\/span><span><a href=\"https:\/\/wettbewerb-archiv.wir-tun-was-fuer-bienen.de\/archiv-2018\/eintrag\/wir-tun-was-fuer-bienen-und-andere-insekten\/\"><img decoding=\"async\" width=\"150\" height=\"150\" src=\"https:\/\/wettbewerb-archiv.wir-tun-was-fuer-bienen.de\/archiv-2018\/wp-content\/uploads\/sites\/2\/2018\/06\/IMG_20180529_100451-1-150x150.jpg\" class=\"attachment-thumbnail size-thumbnail\" alt=\"\" loading=\"lazy\" \/><\/a><\/span><span><a href=\"https:\/\/wettbewerb-archiv.wir-tun-was-fuer-bienen.de\/archiv-2018\/eintrag\/wir-tun-was-fuer-bienen-und-andere-insekten\/\"><img decoding=\"async\" width=\"150\" height=\"150\" src=\"https:\/\/wettbewerb-archiv.wir-tun-was-fuer-bienen.de\/archiv-2018\/wp-content\/uploads\/sites\/2\/2018\/06\/IMG_20180529_100536-2-150x150.jpg\" class=\"attachment-thumbnail size-thumbnail\" alt=\"\" loading=\"lazy\" \/><\/a><\/span><\/div>\n\n    <div class=\"user flex\">\n        \n                    <img decoding=\"async\" src=\"https:\/\/wettbewerb-archiv.wir-tun-was-fuer-bienen.de\/archiv-2018\/wp-content\/themes\/bienen\/assets\/images\/avatar-placeholder.png\" style=\"border-radius: 30px;\" height=\"30\" width=\"30\">\n            Grundschule B\u00f6defeld            <\/div>\n    \n    \n            <p class=\"categories meta\" style=\"width: 100%\"><span class=\"fa fa-tag\"\n                                                             aria-hidden=\"true\"><\/span> Schul- und Jugendclub-G\u00e4rten        <\/p>\n    \n            <p class=\"categories meta\" style=\"width: 100%\"><span class=\"fa fa-map-marker\"\n                                                             aria-hidden=\"true\"><\/span> Nordrhein-Westfalen        <\/p>\n    \n<\/article>\n   \n\t\t\n          <article id=\"post-4626\" class=\"et_pb_post post-4626 wtwfb_entry type-wtwfb_entry status-publish has-post-thumbnail hentry wtwfb_category-schul-und-jugendclub-gaerten wtwfb_region-bayern\">\n    <h2 class=\"entry-title\"><a href=\"https:\/\/wettbewerb-archiv.wir-tun-was-fuer-bienen.de\/archiv-2018\/eintrag\/flaeche\/\">Fl\u00e4che<\/a>\n    <\/h2>\n    <a href=\"https:\/\/wettbewerb-archiv.wir-tun-was-fuer-bienen.de\/archiv-2018\/eintrag\/flaeche\/\">\n        <div class=\"bienen-entry-image\">\n            <img decoding=\"async\" width=\"400\" height=\"300\" src=\"https:\/\/wettbewerb-archiv.wir-tun-was-fuer-bienen.de\/archiv-2018\/wp-content\/uploads\/sites\/2\/2018\/06\/Bienen-Fronberg-400x300.jpg\" class=\"attachment-bienen-grid-thumb size-bienen-grid-thumb wp-post-image\" alt=\"\" loading=\"lazy\" \/>                    <\/div>\n    <\/a>\n\n    <div class=\"images-grid\"><span><a href=\"https:\/\/wettbewerb-archiv.wir-tun-was-fuer-bienen.de\/archiv-2018\/eintrag\/flaeche\/\"><img decoding=\"async\" width=\"150\" height=\"150\" src=\"https:\/\/wettbewerb-archiv.wir-tun-was-fuer-bienen.de\/archiv-2018\/wp-content\/uploads\/sites\/2\/2018\/06\/Anpflanzen-1-150x150.jpg\" class=\"attachment-thumbnail size-thumbnail\" alt=\"\" loading=\"lazy\" \/><\/a><\/span><\/div>\n\n    <div class=\"user flex\">\n        \n                    <img decoding=\"async\" src=\"https:\/\/wettbewerb-archiv.wir-tun-was-fuer-bienen.de\/archiv-2018\/wp-content\/themes\/bienen\/assets\/images\/avatar-placeholder.png\" style=\"border-radius: 30px;\" height=\"30\" width=\"30\">\n            Grundschule Fronberg            <\/div>\n    \n    \n            <p class=\"categories meta\" style=\"width: 100%\"><span class=\"fa fa-tag\"\n                                                             aria-hidden=\"true\"><\/span> Schul- und Jugendclub-G\u00e4rten        <\/p>\n    \n            <p class=\"categories meta\" style=\"width: 100%\"><span class=\"fa fa-map-marker\"\n                                                             aria-hidden=\"true\"><\/span> Bayern        <\/p>\n    \n<\/article>\n   \n\t\t\n          <article id=\"post-4495\" class=\"et_pb_post post-4495 wtwfb_entry type-wtwfb_entry status-publish has-post-thumbnail hentry wtwfb_category-balkone-terrassen-dachbegruenung-vertikale-gaerten wtwfb_region-hessen\">\n    <h2 class=\"entry-title\"><a href=\"https:\/\/wettbewerb-archiv.wir-tun-was-fuer-bienen.de\/archiv-2018\/eintrag\/unser-bienenparadies-2\/\">Unser Bienenparadies\u2026<\/a>\n    <\/h2>\n    <a href=\"https:\/\/wettbewerb-archiv.wir-tun-was-fuer-bienen.de\/archiv-2018\/eintrag\/unser-bienenparadies-2\/\">\n        <div class=\"bienen-entry-image\">\n            <img decoding=\"async\" width=\"400\" height=\"300\" src=\"https:\/\/wettbewerb-archiv.wir-tun-was-fuer-bienen.de\/archiv-2018\/wp-content\/uploads\/sites\/2\/2018\/06\/DSCF1711-400x300.jpg\" class=\"attachment-bienen-grid-thumb size-bienen-grid-thumb wp-post-image\" alt=\"\" loading=\"lazy\" srcset=\"https:\/\/wettbewerb-archiv.wir-tun-was-fuer-bienen.de\/archiv-2018\/wp-content\/uploads\/sites\/2\/2018\/06\/DSCF1711-400x300.jpg 400w, https:\/\/wettbewerb-archiv.wir-tun-was-fuer-bienen.de\/archiv-2018\/wp-content\/uploads\/sites\/2\/2018\/06\/DSCF1711-510x382.jpg 510w\" sizes=\"(max-width: 400px) 100vw, 400px\" \/>                    <\/div>\n    <\/a>\n\n    <div class=\"images-grid\"><span><a href=\"https:\/\/wettbewerb-archiv.wir-tun-was-fuer-bienen.de\/archiv-2018\/eintrag\/unser-bienenparadies-2\/\"><img decoding=\"async\" width=\"150\" height=\"150\" src=\"https:\/\/wettbewerb-archiv.wir-tun-was-fuer-bienen.de\/archiv-2018\/wp-content\/uploads\/sites\/2\/2018\/06\/20180505_140702-150x150.jpg\" class=\"attachment-thumbnail size-thumbnail\" alt=\"\" loading=\"lazy\" \/><\/a><\/span><span><a href=\"https:\/\/wettbewerb-archiv.wir-tun-was-fuer-bienen.de\/archiv-2018\/eintrag\/unser-bienenparadies-2\/\"><img decoding=\"async\" width=\"150\" height=\"150\" src=\"https:\/\/wettbewerb-archiv.wir-tun-was-fuer-bienen.de\/archiv-2018\/wp-content\/uploads\/sites\/2\/2018\/06\/20180505_140903-150x150.jpg\" class=\"attachment-thumbnail size-thumbnail\" alt=\"\" loading=\"lazy\" \/><\/a><\/span><span><a href=\"https:\/\/wettbewerb-archiv.wir-tun-was-fuer-bienen.de\/archiv-2018\/eintrag\/unser-bienenparadies-2\/\"><img decoding=\"async\" width=\"150\" height=\"150\" src=\"https:\/\/wettbewerb-archiv.wir-tun-was-fuer-bienen.de\/archiv-2018\/wp-content\/uploads\/sites\/2\/2018\/06\/20180505_140926-150x150.jpg\" class=\"attachment-thumbnail size-thumbnail\" alt=\"\" loading=\"lazy\" \/><\/a><\/span><span><a href=\"https:\/\/wettbewerb-archiv.wir-tun-was-fuer-bienen.de\/archiv-2018\/eintrag\/unser-bienenparadies-2\/\"><img decoding=\"async\" width=\"150\" height=\"150\" src=\"https:\/\/wettbewerb-archiv.wir-tun-was-fuer-bienen.de\/archiv-2018\/wp-content\/uploads\/sites\/2\/2018\/06\/20180505_141110-150x150.jpg\" class=\"attachment-thumbnail size-thumbnail\" alt=\"\" loading=\"lazy\" \/><\/a><\/span><\/div>\n\n    <div class=\"user flex\">\n        \n                    <img decoding=\"async\" src=\"https:\/\/wettbewerb-archiv.wir-tun-was-fuer-bienen.de\/archiv-2018\/wp-content\/themes\/bienen\/assets\/images\/avatar-placeholder.png\" style=\"border-radius: 30px;\" height=\"30\" width=\"30\">\n            Steffi            <\/div>\n    \n    \n            <p class=\"categories meta\" style=\"width: 100%\"><span class=\"fa fa-tag\"\n                                                             aria-hidden=\"true\"><\/span> Balkone, Terrassen, Dachbegr\u00fcnung, vertikale G\u00e4rten        <\/p>\n    \n            <p class=\"categories meta\" style=\"width: 100%\"><span class=\"fa fa-map-marker\"\n                                                             aria-hidden=\"true\"><\/span> Hessen        <\/p>\n    \n<\/article>\n   \n\t\t\n          <article id=\"post-4480\" class=\"et_pb_post post-4480 wtwfb_entry type-wtwfb_entry status-publish has-post-thumbnail hentry wtwfb_category-schul-und-jugendclub-gaerten wtwfb_region-bayern\">\n    <h2 class=\"entry-title\"><a href=\"https:\/\/wettbewerb-archiv.wir-tun-was-fuer-bienen.de\/archiv-2018\/eintrag\/religionsunterricht-an-der-keltengrundschule-wir-bewahren-unsere-schoepfung\/\">Religionsunterricht an der Keltengrundschule: Wir bewah...<\/a>\n    <\/h2>\n    <a href=\"https:\/\/wettbewerb-archiv.wir-tun-was-fuer-bienen.de\/archiv-2018\/eintrag\/religionsunterricht-an-der-keltengrundschule-wir-bewahren-unsere-schoepfung\/\">\n        <div class=\"bienen-entry-image\">\n            <img decoding=\"async\" width=\"400\" height=\"300\" src=\"https:\/\/wettbewerb-archiv.wir-tun-was-fuer-bienen.de\/archiv-2018\/wp-content\/uploads\/sites\/2\/2018\/06\/Kelten-Schule-400x300.jpg\" class=\"attachment-bienen-grid-thumb size-bienen-grid-thumb wp-post-image\" alt=\"\" loading=\"lazy\" \/>                    <\/div>\n    <\/a>\n\n    <div class=\"images-grid\"><span><a href=\"https:\/\/wettbewerb-archiv.wir-tun-was-fuer-bienen.de\/archiv-2018\/eintrag\/religionsunterricht-an-der-keltengrundschule-wir-bewahren-unsere-schoepfung\/\"><img decoding=\"async\" width=\"150\" height=\"150\" src=\"https:\/\/wettbewerb-archiv.wir-tun-was-fuer-bienen.de\/archiv-2018\/wp-content\/uploads\/sites\/2\/2018\/07\/IMG_5201-150x150.jpg\" class=\"attachment-thumbnail size-thumbnail\" alt=\"\" loading=\"lazy\" \/><\/a><\/span><\/div>\n\n    <div class=\"user flex\">\n        \n                    <img decoding=\"async\" src=\"https:\/\/wettbewerb-archiv.wir-tun-was-fuer-bienen.de\/archiv-2018\/wp-content\/themes\/bienen\/assets\/images\/avatar-placeholder.png\" style=\"border-radius: 30px;\" height=\"30\" width=\"30\">\n            Keltengrundschule Aschheim            <\/div>\n    \n    \n            <p class=\"categories meta\" style=\"width: 100%\"><span class=\"fa fa-tag\"\n                                                             aria-hidden=\"true\"><\/span> Schul- und Jugendclub-G\u00e4rten        <\/p>\n    \n            <p class=\"categories meta\" style=\"width: 100%\"><span class=\"fa fa-map-marker\"\n                                                             aria-hidden=\"true\"><\/span> Bayern        <\/p>\n    \n<\/article>\n   \n\t\t\n          <article id=\"post-4477\" class=\"et_pb_post post-4477 wtwfb_entry type-wtwfb_entry status-publish has-post-thumbnail hentry wtwfb_category-schul-und-jugendclub-gaerten wtwfb_region-nordrhein-westfalen\">\n    <h2 class=\"entry-title\"><a href=\"https:\/\/wettbewerb-archiv.wir-tun-was-fuer-bienen.de\/archiv-2018\/eintrag\/volle-polle-und-der-awo-kinderkotten-hilft\/\">Volle Polle- und der AWO Kinderkotten hilft!<\/a>\n    <\/h2>\n    <a href=\"https:\/\/wettbewerb-archiv.wir-tun-was-fuer-bienen.de\/archiv-2018\/eintrag\/volle-polle-und-der-awo-kinderkotten-hilft\/\">\n        <div class=\"bienen-entry-image\">\n            <img decoding=\"async\" width=\"400\" height=\"300\" src=\"https:\/\/wettbewerb-archiv.wir-tun-was-fuer-bienen.de\/archiv-2018\/wp-content\/uploads\/sites\/2\/2018\/06\/P1030262-400x300.jpg\" class=\"attachment-bienen-grid-thumb size-bienen-grid-thumb wp-post-image\" alt=\"\" loading=\"lazy\" srcset=\"https:\/\/wettbewerb-archiv.wir-tun-was-fuer-bienen.de\/archiv-2018\/wp-content\/uploads\/sites\/2\/2018\/06\/P1030262-400x300.jpg 400w, https:\/\/wettbewerb-archiv.wir-tun-was-fuer-bienen.de\/archiv-2018\/wp-content\/uploads\/sites\/2\/2018\/06\/P1030262-300x225.jpg 300w, https:\/\/wettbewerb-archiv.wir-tun-was-fuer-bienen.de\/archiv-2018\/wp-content\/uploads\/sites\/2\/2018\/06\/P1030262-768x576.jpg 768w, https:\/\/wettbewerb-archiv.wir-tun-was-fuer-bienen.de\/archiv-2018\/wp-content\/uploads\/sites\/2\/2018\/06\/P1030262-1024x768.jpg 1024w, https:\/\/wettbewerb-archiv.wir-tun-was-fuer-bienen.de\/archiv-2018\/wp-content\/uploads\/sites\/2\/2018\/06\/P1030262-510x382.jpg 510w, https:\/\/wettbewerb-archiv.wir-tun-was-fuer-bienen.de\/archiv-2018\/wp-content\/uploads\/sites\/2\/2018\/06\/P1030262-1080x810.jpg 1080w, https:\/\/wettbewerb-archiv.wir-tun-was-fuer-bienen.de\/archiv-2018\/wp-content\/uploads\/sites\/2\/2018\/06\/P1030262.jpg 1920w\" sizes=\"(max-width: 400px) 100vw, 400px\" \/>                    <\/div>\n    <\/a>\n\n    <div class=\"images-grid\"><span><a href=\"https:\/\/wettbewerb-archiv.wir-tun-was-fuer-bienen.de\/archiv-2018\/eintrag\/volle-polle-und-der-awo-kinderkotten-hilft\/\"><img decoding=\"async\" width=\"150\" height=\"150\" src=\"https:\/\/wettbewerb-archiv.wir-tun-was-fuer-bienen.de\/archiv-2018\/wp-content\/uploads\/sites\/2\/2018\/06\/P1030290-1-150x150.jpg\" class=\"attachment-thumbnail size-thumbnail\" alt=\"\" loading=\"lazy\" \/><\/a><\/span><span><a href=\"https:\/\/wettbewerb-archiv.wir-tun-was-fuer-bienen.de\/archiv-2018\/eintrag\/volle-polle-und-der-awo-kinderkotten-hilft\/\"><img decoding=\"async\" width=\"150\" height=\"150\" src=\"https:\/\/wettbewerb-archiv.wir-tun-was-fuer-bienen.de\/archiv-2018\/wp-content\/uploads\/sites\/2\/2018\/06\/P1030294-150x150.jpg\" class=\"attachment-thumbnail size-thumbnail\" alt=\"\" loading=\"lazy\" \/><\/a><\/span><span><a href=\"https:\/\/wettbewerb-archiv.wir-tun-was-fuer-bienen.de\/archiv-2018\/eintrag\/volle-polle-und-der-awo-kinderkotten-hilft\/\"><img decoding=\"async\" width=\"150\" height=\"150\" src=\"https:\/\/wettbewerb-archiv.wir-tun-was-fuer-bienen.de\/archiv-2018\/wp-content\/uploads\/sites\/2\/2018\/07\/20180713_130118-1-150x150.jpg\" class=\"attachment-thumbnail size-thumbnail\" alt=\"\" loading=\"lazy\" \/><\/a><\/span><span><a href=\"https:\/\/wettbewerb-archiv.wir-tun-was-fuer-bienen.de\/archiv-2018\/eintrag\/volle-polle-und-der-awo-kinderkotten-hilft\/\"><img decoding=\"async\" width=\"150\" height=\"150\" src=\"https:\/\/wettbewerb-archiv.wir-tun-was-fuer-bienen.de\/archiv-2018\/wp-content\/uploads\/sites\/2\/2018\/07\/20180713_130145-1-150x150.jpg\" class=\"attachment-thumbnail size-thumbnail\" alt=\"\" loading=\"lazy\" \/><\/a><\/span><\/div>\n\n    <div class=\"user flex\">\n        \n                    <img decoding=\"async\" src=\"https:\/\/wettbewerb-archiv.wir-tun-was-fuer-bienen.de\/archiv-2018\/wp-content\/themes\/bienen\/assets\/images\/avatar-placeholder.png\" style=\"border-radius: 30px;\" height=\"30\" width=\"30\">\n            AWO Kinderkotten            <\/div>\n    \n    \n            <p class=\"categories meta\" style=\"width: 100%\"><span class=\"fa fa-tag\"\n                                                             aria-hidden=\"true\"><\/span> Schul- und Jugendclub-G\u00e4rten        <\/p>\n    \n            <p class=\"categories meta\" style=\"width: 100%\"><span class=\"fa fa-map-marker\"\n                                                             aria-hidden=\"true\"><\/span> Nordrhein-Westfalen        <\/p>\n    \n<\/article>\n   \n\t\t\n          <article id=\"post-4467\" class=\"et_pb_post post-4467 wtwfb_entry type-wtwfb_entry status-publish has-post-thumbnail hentry wtwfb_category-privatgaerten-und-gaerten-von-mietwohnungen-kleiner-500-quadratmeter wtwfb_region-bayern\">\n    <h2 class=\"entry-title\"><a href=\"https:\/\/wettbewerb-archiv.wir-tun-was-fuer-bienen.de\/archiv-2018\/eintrag\/spiel-spass-und-biensche-paradies-im-reihenmittelhaus\/\">Spiel, Spa\u00df und Biensche-Paradies im Reihenmittelhausg...<\/a>\n    <\/h2>\n    <a href=\"https:\/\/wettbewerb-archiv.wir-tun-was-fuer-bienen.de\/archiv-2018\/eintrag\/spiel-spass-und-biensche-paradies-im-reihenmittelhaus\/\">\n        <div class=\"bienen-entry-image\">\n            <img decoding=\"async\" width=\"400\" height=\"300\" src=\"https:\/\/wettbewerb-archiv.wir-tun-was-fuer-bienen.de\/archiv-2018\/wp-content\/uploads\/sites\/2\/2018\/06\/IMG_8277-400x300.jpg\" class=\"attachment-bienen-grid-thumb size-bienen-grid-thumb wp-post-image\" alt=\"\" loading=\"lazy\" srcset=\"https:\/\/wettbewerb-archiv.wir-tun-was-fuer-bienen.de\/archiv-2018\/wp-content\/uploads\/sites\/2\/2018\/06\/IMG_8277-400x300.jpg 400w, https:\/\/wettbewerb-archiv.wir-tun-was-fuer-bienen.de\/archiv-2018\/wp-content\/uploads\/sites\/2\/2018\/06\/IMG_8277-510x382.jpg 510w\" sizes=\"(max-width: 400px) 100vw, 400px\" \/>                    <\/div>\n    <\/a>\n\n    <div class=\"images-grid\"><span><a href=\"https:\/\/wettbewerb-archiv.wir-tun-was-fuer-bienen.de\/archiv-2018\/eintrag\/spiel-spass-und-biensche-paradies-im-reihenmittelhaus\/\"><img decoding=\"async\" width=\"150\" height=\"150\" src=\"https:\/\/wettbewerb-archiv.wir-tun-was-fuer-bienen.de\/archiv-2018\/wp-content\/uploads\/sites\/2\/2018\/06\/20180507_133210-150x150.jpg\" class=\"attachment-thumbnail size-thumbnail\" alt=\"\" loading=\"lazy\" \/><\/a><\/span><span><a href=\"https:\/\/wettbewerb-archiv.wir-tun-was-fuer-bienen.de\/archiv-2018\/eintrag\/spiel-spass-und-biensche-paradies-im-reihenmittelhaus\/\"><img decoding=\"async\" width=\"150\" height=\"150\" src=\"https:\/\/wettbewerb-archiv.wir-tun-was-fuer-bienen.de\/archiv-2018\/wp-content\/uploads\/sites\/2\/2018\/06\/20180507_172248-150x150.jpg\" class=\"attachment-thumbnail size-thumbnail\" alt=\"\" loading=\"lazy\" \/><\/a><\/span><span><a href=\"https:\/\/wettbewerb-archiv.wir-tun-was-fuer-bienen.de\/archiv-2018\/eintrag\/spiel-spass-und-biensche-paradies-im-reihenmittelhaus\/\"><img decoding=\"async\" width=\"150\" height=\"150\" src=\"https:\/\/wettbewerb-archiv.wir-tun-was-fuer-bienen.de\/archiv-2018\/wp-content\/uploads\/sites\/2\/2018\/06\/20180604_180338-150x150.jpg\" class=\"attachment-thumbnail size-thumbnail\" alt=\"\" loading=\"lazy\" \/><\/a><\/span><span><a href=\"https:\/\/wettbewerb-archiv.wir-tun-was-fuer-bienen.de\/archiv-2018\/eintrag\/spiel-spass-und-biensche-paradies-im-reihenmittelhaus\/\"><img decoding=\"async\" width=\"150\" height=\"150\" src=\"https:\/\/wettbewerb-archiv.wir-tun-was-fuer-bienen.de\/archiv-2018\/wp-content\/uploads\/sites\/2\/2018\/06\/20180613_161120-150x150.jpg\" class=\"attachment-thumbnail size-thumbnail\" alt=\"\" loading=\"lazy\" \/><\/a><\/span><\/div>\n\n    <div class=\"user flex\">\n        \n                    <img decoding=\"async\" src=\"https:\/\/wettbewerb-archiv.wir-tun-was-fuer-bienen.de\/archiv-2018\/wp-content\/themes\/bienen\/assets\/images\/avatar-placeholder.png\" style=\"border-radius: 30px;\" height=\"30\" width=\"30\">\n            Silke            <\/div>\n    \n    <p class=\"categories meta bienen-gewinner\"><span class=\"fa fa-trophy\"                                                              aria-hidden=\"true\"><\/span> Gewinner<\/p>\n            <p class=\"categories meta\" style=\"width: 100%\"><span class=\"fa fa-tag\"\n                                                             aria-hidden=\"true\"><\/span> Privatg\u00e4rten und G\u00e4rten von Mietwohnungen (kleiner als 500 Quadratmeter)        <\/p>\n    \n            <p class=\"categories meta\" style=\"width: 100%\"><span class=\"fa fa-map-marker\"\n                                                             aria-hidden=\"true\"><\/span> Bayern        <\/p>\n    \n<\/article>\n   \n\t\t\n          <article id=\"post-4421\" class=\"et_pb_post post-4421 wtwfb_entry type-wtwfb_entry status-publish has-post-thumbnail hentry wtwfb_category-balkone-terrassen-dachbegruenung-vertikale-gaerten wtwfb_region-nordrhein-westfalen\">\n    <h2 class=\"entry-title\"><a href=\"https:\/\/wettbewerb-archiv.wir-tun-was-fuer-bienen.de\/archiv-2018\/eintrag\/unser-shangri-la-3\/\">Unser Shangri-La<\/a>\n    <\/h2>\n    <a href=\"https:\/\/wettbewerb-archiv.wir-tun-was-fuer-bienen.de\/archiv-2018\/eintrag\/unser-shangri-la-3\/\">\n        <div class=\"bienen-entry-image\">\n            <img decoding=\"async\" width=\"400\" height=\"300\" src=\"https:\/\/wettbewerb-archiv.wir-tun-was-fuer-bienen.de\/archiv-2018\/wp-content\/uploads\/sites\/2\/2018\/05\/IMG_9999-2-400x300.jpg\" class=\"attachment-bienen-grid-thumb size-bienen-grid-thumb wp-post-image\" alt=\"\" loading=\"lazy\" srcset=\"https:\/\/wettbewerb-archiv.wir-tun-was-fuer-bienen.de\/archiv-2018\/wp-content\/uploads\/sites\/2\/2018\/05\/IMG_9999-2-400x300.jpg 400w, https:\/\/wettbewerb-archiv.wir-tun-was-fuer-bienen.de\/archiv-2018\/wp-content\/uploads\/sites\/2\/2018\/05\/IMG_9999-2-300x225.jpg 300w, https:\/\/wettbewerb-archiv.wir-tun-was-fuer-bienen.de\/archiv-2018\/wp-content\/uploads\/sites\/2\/2018\/05\/IMG_9999-2-768x576.jpg 768w, https:\/\/wettbewerb-archiv.wir-tun-was-fuer-bienen.de\/archiv-2018\/wp-content\/uploads\/sites\/2\/2018\/05\/IMG_9999-2-1024x768.jpg 1024w, https:\/\/wettbewerb-archiv.wir-tun-was-fuer-bienen.de\/archiv-2018\/wp-content\/uploads\/sites\/2\/2018\/05\/IMG_9999-2-510x382.jpg 510w, https:\/\/wettbewerb-archiv.wir-tun-was-fuer-bienen.de\/archiv-2018\/wp-content\/uploads\/sites\/2\/2018\/05\/IMG_9999-2-1080x810.jpg 1080w, https:\/\/wettbewerb-archiv.wir-tun-was-fuer-bienen.de\/archiv-2018\/wp-content\/uploads\/sites\/2\/2018\/05\/IMG_9999-2.jpg 1280w\" sizes=\"(max-width: 400px) 100vw, 400px\" \/>                    <\/div>\n    <\/a>\n\n    <div class=\"images-grid\"><span><a href=\"https:\/\/wettbewerb-archiv.wir-tun-was-fuer-bienen.de\/archiv-2018\/eintrag\/unser-shangri-la-3\/\"><img decoding=\"async\" width=\"150\" height=\"150\" src=\"https:\/\/wettbewerb-archiv.wir-tun-was-fuer-bienen.de\/archiv-2018\/wp-content\/uploads\/sites\/2\/2018\/05\/IMG_9774-2-150x150.jpg\" class=\"attachment-thumbnail size-thumbnail\" alt=\"\" loading=\"lazy\" \/><\/a><\/span><span><a href=\"https:\/\/wettbewerb-archiv.wir-tun-was-fuer-bienen.de\/archiv-2018\/eintrag\/unser-shangri-la-3\/\"><img decoding=\"async\" width=\"150\" height=\"150\" src=\"https:\/\/wettbewerb-archiv.wir-tun-was-fuer-bienen.de\/archiv-2018\/wp-content\/uploads\/sites\/2\/2018\/05\/IMG_0136-1-150x150.jpg\" class=\"attachment-thumbnail size-thumbnail\" alt=\"\" loading=\"lazy\" \/><\/a><\/span><span><a href=\"https:\/\/wettbewerb-archiv.wir-tun-was-fuer-bienen.de\/archiv-2018\/eintrag\/unser-shangri-la-3\/\"><img decoding=\"async\" width=\"150\" height=\"150\" src=\"https:\/\/wettbewerb-archiv.wir-tun-was-fuer-bienen.de\/archiv-2018\/wp-content\/uploads\/sites\/2\/2018\/05\/IMG_0137-1-150x150.jpg\" class=\"attachment-thumbnail size-thumbnail\" alt=\"\" loading=\"lazy\" \/><\/a><\/span><span><a href=\"https:\/\/wettbewerb-archiv.wir-tun-was-fuer-bienen.de\/archiv-2018\/eintrag\/unser-shangri-la-3\/\"><img decoding=\"async\" width=\"150\" height=\"150\" src=\"https:\/\/wettbewerb-archiv.wir-tun-was-fuer-bienen.de\/archiv-2018\/wp-content\/uploads\/sites\/2\/2018\/05\/579eb5c0-1f0b-402f-bc38-cff984ebec11-150x150.jpg\" class=\"attachment-thumbnail size-thumbnail\" alt=\"\" loading=\"lazy\" \/><\/a><\/span><\/div>\n\n    <div class=\"user flex\">\n        \n                    <img decoding=\"async\" src=\"https:\/\/wettbewerb-archiv.wir-tun-was-fuer-bienen.de\/archiv-2018\/wp-content\/themes\/bienen\/assets\/images\/avatar-placeholder.png\" style=\"border-radius: 30px;\" height=\"30\" width=\"30\">\n            Corinna            <\/div>\n    \n    \n            <p class=\"categories meta\" style=\"width: 100%\"><span class=\"fa fa-tag\"\n                                                             aria-hidden=\"true\"><\/span> Balkone, Terrassen, Dachbegr\u00fcnung, vertikale G\u00e4rten        <\/p>\n    \n            <p class=\"categories meta\" style=\"width: 100%\"><span class=\"fa fa-map-marker\"\n                                                             aria-hidden=\"true\"><\/span> Nordrhein-Westfalen        <\/p>\n    \n<\/article>\n   \n\t\t\n          <article id=\"post-4371\" class=\"et_pb_post post-4371 wtwfb_entry type-wtwfb_entry status-publish has-post-thumbnail hentry wtwfb_category-privatgaerten-und-gaerten-von-mietwohnungen-kleiner-500-quadratmeter wtwfb_region-bayern\">\n    <h2 class=\"entry-title\"><a href=\"https:\/\/wettbewerb-archiv.wir-tun-was-fuer-bienen.de\/archiv-2018\/eintrag\/sonniger-kiesgarten\/\">Sonniger Kiesgarten<\/a>\n    <\/h2>\n    <a href=\"https:\/\/wettbewerb-archiv.wir-tun-was-fuer-bienen.de\/archiv-2018\/eintrag\/sonniger-kiesgarten\/\">\n        <div class=\"bienen-entry-image\">\n            <img decoding=\"async\" width=\"400\" height=\"300\" src=\"https:\/\/wettbewerb-archiv.wir-tun-was-fuer-bienen.de\/archiv-2018\/wp-content\/uploads\/sites\/2\/2018\/05\/DSC04840-400x300.jpg\" class=\"attachment-bienen-grid-thumb size-bienen-grid-thumb wp-post-image\" alt=\"\" loading=\"lazy\" srcset=\"https:\/\/wettbewerb-archiv.wir-tun-was-fuer-bienen.de\/archiv-2018\/wp-content\/uploads\/sites\/2\/2018\/05\/DSC04840-400x300.jpg 400w, https:\/\/wettbewerb-archiv.wir-tun-was-fuer-bienen.de\/archiv-2018\/wp-content\/uploads\/sites\/2\/2018\/05\/DSC04840-510x382.jpg 510w\" sizes=\"(max-width: 400px) 100vw, 400px\" \/>                    <\/div>\n    <\/a>\n\n    <div class=\"images-grid\"><span><a href=\"https:\/\/wettbewerb-archiv.wir-tun-was-fuer-bienen.de\/archiv-2018\/eintrag\/sonniger-kiesgarten\/\"><img decoding=\"async\" width=\"150\" height=\"150\" src=\"https:\/\/wettbewerb-archiv.wir-tun-was-fuer-bienen.de\/archiv-2018\/wp-content\/uploads\/sites\/2\/2018\/05\/DSC04601-150x150.jpg\" class=\"attachment-thumbnail size-thumbnail\" alt=\"\" loading=\"lazy\" \/><\/a><\/span><span><a href=\"https:\/\/wettbewerb-archiv.wir-tun-was-fuer-bienen.de\/archiv-2018\/eintrag\/sonniger-kiesgarten\/\"><img decoding=\"async\" width=\"150\" height=\"150\" src=\"https:\/\/wettbewerb-archiv.wir-tun-was-fuer-bienen.de\/archiv-2018\/wp-content\/uploads\/sites\/2\/2018\/05\/IMG_2269-150x150.jpg\" class=\"attachment-thumbnail size-thumbnail\" alt=\"\" loading=\"lazy\" \/><\/a><\/span><\/div>\n\n    <div class=\"user flex\">\n        \n                    <img decoding=\"async\" src=\"https:\/\/wettbewerb-archiv.wir-tun-was-fuer-bienen.de\/archiv-2018\/wp-content\/themes\/bienen\/assets\/images\/avatar-placeholder.png\" style=\"border-radius: 30px;\" height=\"30\" width=\"30\">\n            Moorhex            <\/div>\n    \n    \n            <p class=\"categories meta\" style=\"width: 100%\"><span class=\"fa fa-tag\"\n                                                             aria-hidden=\"true\"><\/span> Privatg\u00e4rten und G\u00e4rten von Mietwohnungen (kleiner als 500 Quadratmeter)        <\/p>\n    \n            <p class=\"categories meta\" style=\"width: 100%\"><span class=\"fa fa-map-marker\"\n                                                             aria-hidden=\"true\"><\/span> Bayern        <\/p>\n    \n<\/article>\n   \n\t\t\n          <article id=\"post-4344\" class=\"et_pb_post post-4344 wtwfb_entry type-wtwfb_entry status-publish has-post-thumbnail hentry wtwfb_category-privatgaerten-und-gaerten-von-mietwohnungen-kleiner-500-quadratmeter wtwfb_region-bayern\">\n    <h2 class=\"entry-title\"><a href=\"https:\/\/wettbewerb-archiv.wir-tun-was-fuer-bienen.de\/archiv-2018\/eintrag\/ein-rastplatz-fuer-mensch-und-tier\/\">Ein Rastplatz f\u00fcr Mensch und Tier<\/a>\n    <\/h2>\n    <a href=\"https:\/\/wettbewerb-archiv.wir-tun-was-fuer-bienen.de\/archiv-2018\/eintrag\/ein-rastplatz-fuer-mensch-und-tier\/\">\n        <div class=\"bienen-entry-image\">\n            <img decoding=\"async\" width=\"400\" height=\"300\" src=\"https:\/\/wettbewerb-archiv.wir-tun-was-fuer-bienen.de\/archiv-2018\/wp-content\/uploads\/sites\/2\/2018\/05\/09318B52-1AF8-4CC3-BD3E-EB9727E22B9C-400x300.jpeg\" class=\"attachment-bienen-grid-thumb size-bienen-grid-thumb wp-post-image\" alt=\"\" loading=\"lazy\" srcset=\"https:\/\/wettbewerb-archiv.wir-tun-was-fuer-bienen.de\/archiv-2018\/wp-content\/uploads\/sites\/2\/2018\/05\/09318B52-1AF8-4CC3-BD3E-EB9727E22B9C-400x300.jpeg 400w, https:\/\/wettbewerb-archiv.wir-tun-was-fuer-bienen.de\/archiv-2018\/wp-content\/uploads\/sites\/2\/2018\/05\/09318B52-1AF8-4CC3-BD3E-EB9727E22B9C-510x382.jpeg 510w\" sizes=\"(max-width: 400px) 100vw, 400px\" \/>                    <\/div>\n    <\/a>\n\n    <div class=\"images-grid\"><span><a href=\"https:\/\/wettbewerb-archiv.wir-tun-was-fuer-bienen.de\/archiv-2018\/eintrag\/ein-rastplatz-fuer-mensch-und-tier\/\"><img decoding=\"async\" width=\"150\" height=\"150\" src=\"https:\/\/wettbewerb-archiv.wir-tun-was-fuer-bienen.de\/archiv-2018\/wp-content\/uploads\/sites\/2\/2018\/06\/88F6420E-8BDE-451C-8FC1-2A4B60B0F026-150x150.jpeg\" class=\"attachment-thumbnail size-thumbnail\" alt=\"\" loading=\"lazy\" \/><\/a><\/span><span><a href=\"https:\/\/wettbewerb-archiv.wir-tun-was-fuer-bienen.de\/archiv-2018\/eintrag\/ein-rastplatz-fuer-mensch-und-tier\/\"><img decoding=\"async\" width=\"150\" height=\"150\" src=\"https:\/\/wettbewerb-archiv.wir-tun-was-fuer-bienen.de\/archiv-2018\/wp-content\/uploads\/sites\/2\/2018\/06\/D087D267-43A9-4BE7-ABBF-29D80CFCE4D4-150x150.jpeg\" class=\"attachment-thumbnail size-thumbnail\" alt=\"\" loading=\"lazy\" \/><\/a><\/span><span><a href=\"https:\/\/wettbewerb-archiv.wir-tun-was-fuer-bienen.de\/archiv-2018\/eintrag\/ein-rastplatz-fuer-mensch-und-tier\/\"><img decoding=\"async\" width=\"150\" height=\"150\" src=\"https:\/\/wettbewerb-archiv.wir-tun-was-fuer-bienen.de\/archiv-2018\/wp-content\/uploads\/sites\/2\/2018\/06\/91BF0CB7-1E98-476A-A1DD-A9A1BC555E89-150x150.jpeg\" class=\"attachment-thumbnail size-thumbnail\" alt=\"\" loading=\"lazy\" \/><\/a><\/span><\/div>\n\n    <div class=\"user flex\">\n        \n                    <img decoding=\"async\" src=\"https:\/\/wettbewerb-archiv.wir-tun-was-fuer-bienen.de\/archiv-2018\/wp-content\/themes\/bienen\/assets\/images\/avatar-placeholder.png\" style=\"border-radius: 30px;\" height=\"30\" width=\"30\">\n            SchmidtBees            <\/div>\n    \n    \n            <p class=\"categories meta\" style=\"width: 100%\"><span class=\"fa fa-tag\"\n                                                             aria-hidden=\"true\"><\/span> Privatg\u00e4rten und G\u00e4rten von Mietwohnungen (kleiner als 500 Quadratmeter)        <\/p>\n    \n            <p class=\"categories meta\" style=\"width: 100%\"><span class=\"fa fa-map-marker\"\n                                                             aria-hidden=\"true\"><\/span> Bayern        <\/p>\n    \n<\/article>\n   \n\t\t\n          <article id=\"post-4311\" class=\"et_pb_post post-4311 wtwfb_entry type-wtwfb_entry status-publish has-post-thumbnail hentry wtwfb_category-balkone-terrassen-dachbegruenung-vertikale-gaerten wtwfb_region-bayern\">\n    <h2 class=\"entry-title\"><a href=\"https:\/\/wettbewerb-archiv.wir-tun-was-fuer-bienen.de\/archiv-2018\/eintrag\/bienenfreundliche-pflanzungen-am-balkon-im-herzen-niederbayerns-2\/\">Bienenfreundliche Pflanzungen am Balkon im Herzen Niede...<\/a>\n    <\/h2>\n    <a href=\"https:\/\/wettbewerb-archiv.wir-tun-was-fuer-bienen.de\/archiv-2018\/eintrag\/bienenfreundliche-pflanzungen-am-balkon-im-herzen-niederbayerns-2\/\">\n        <div class=\"bienen-entry-image\">\n            <img decoding=\"async\" width=\"400\" height=\"300\" src=\"https:\/\/wettbewerb-archiv.wir-tun-was-fuer-bienen.de\/archiv-2018\/wp-content\/uploads\/sites\/2\/2018\/06\/IMG_6769-400x300.jpg\" class=\"attachment-bienen-grid-thumb size-bienen-grid-thumb wp-post-image\" alt=\"\" loading=\"lazy\" srcset=\"https:\/\/wettbewerb-archiv.wir-tun-was-fuer-bienen.de\/archiv-2018\/wp-content\/uploads\/sites\/2\/2018\/06\/IMG_6769-400x300.jpg 400w, https:\/\/wettbewerb-archiv.wir-tun-was-fuer-bienen.de\/archiv-2018\/wp-content\/uploads\/sites\/2\/2018\/06\/IMG_6769-300x225.jpg 300w, https:\/\/wettbewerb-archiv.wir-tun-was-fuer-bienen.de\/archiv-2018\/wp-content\/uploads\/sites\/2\/2018\/06\/IMG_6769-768x576.jpg 768w, https:\/\/wettbewerb-archiv.wir-tun-was-fuer-bienen.de\/archiv-2018\/wp-content\/uploads\/sites\/2\/2018\/06\/IMG_6769-1024x768.jpg 1024w, https:\/\/wettbewerb-archiv.wir-tun-was-fuer-bienen.de\/archiv-2018\/wp-content\/uploads\/sites\/2\/2018\/06\/IMG_6769.jpg 1920w\" sizes=\"(max-width: 400px) 100vw, 400px\" \/>                    <\/div>\n    <\/a>\n\n    <div class=\"images-grid\"><span><a href=\"https:\/\/wettbewerb-archiv.wir-tun-was-fuer-bienen.de\/archiv-2018\/eintrag\/bienenfreundliche-pflanzungen-am-balkon-im-herzen-niederbayerns-2\/\"><img decoding=\"async\" width=\"150\" height=\"150\" src=\"https:\/\/wettbewerb-archiv.wir-tun-was-fuer-bienen.de\/archiv-2018\/wp-content\/uploads\/sites\/2\/2018\/05\/IMG_6173-1-150x150.jpg\" class=\"attachment-thumbnail size-thumbnail\" alt=\"\" loading=\"lazy\" \/><\/a><\/span><span><a href=\"https:\/\/wettbewerb-archiv.wir-tun-was-fuer-bienen.de\/archiv-2018\/eintrag\/bienenfreundliche-pflanzungen-am-balkon-im-herzen-niederbayerns-2\/\"><img decoding=\"async\" width=\"150\" height=\"150\" src=\"https:\/\/wettbewerb-archiv.wir-tun-was-fuer-bienen.de\/archiv-2018\/wp-content\/uploads\/sites\/2\/2018\/07\/IMG_6917-150x150.jpg\" class=\"attachment-thumbnail size-thumbnail\" alt=\"\" loading=\"lazy\" \/><\/a><\/span><\/div>\n\n    <div class=\"user flex\">\n        \n                    <img decoding=\"async\" src=\"https:\/\/wettbewerb-archiv.wir-tun-was-fuer-bienen.de\/archiv-2018\/wp-content\/themes\/bienen\/assets\/images\/avatar-placeholder.png\" style=\"border-radius: 30px;\" height=\"30\" width=\"30\">\n            Leander B.            <\/div>\n    \n    <p class=\"categories meta bienen-gewinner\"><span class=\"fa fa-trophy\"                                                              aria-hidden=\"true\"><\/span> Gewinner<\/p>\n            <p class=\"categories meta\" style=\"width: 100%\"><span class=\"fa fa-tag\"\n                                                             aria-hidden=\"true\"><\/span> Balkone, Terrassen, Dachbegr\u00fcnung, vertikale G\u00e4rten        <\/p>\n    \n            <p class=\"categories meta\" style=\"width: 100%\"><span class=\"fa fa-map-marker\"\n                                                             aria-hidden=\"true\"><\/span> Bayern        <\/p>\n    \n<\/article>\n   \n\t\t\n          <article id=\"post-4278\" class=\"et_pb_post post-4278 wtwfb_entry type-wtwfb_entry status-publish has-post-thumbnail hentry wtwfb_category-kleingartenwesen-parzellen-und-gemeinschaftsgaerten wtwfb_region-hamburg\">\n    <h2 class=\"entry-title\"><a href=\"https:\/\/wettbewerb-archiv.wir-tun-was-fuer-bienen.de\/archiv-2018\/eintrag\/ein-kleingarten-fuer-viele-wildbienenarten\/\">Ein Kleingarten f\u00fcr viele Wildbienenarten, Teil 1<\/a>\n    <\/h2>\n    <a href=\"https:\/\/wettbewerb-archiv.wir-tun-was-fuer-bienen.de\/archiv-2018\/eintrag\/ein-kleingarten-fuer-viele-wildbienenarten\/\">\n        <div class=\"bienen-entry-image\">\n            <img decoding=\"async\" width=\"400\" height=\"300\" src=\"https:\/\/wettbewerb-archiv.wir-tun-was-fuer-bienen.de\/archiv-2018\/wp-content\/uploads\/sites\/2\/2018\/05\/DSC_0350-400x300.jpg\" class=\"attachment-bienen-grid-thumb size-bienen-grid-thumb wp-post-image\" alt=\"\" loading=\"lazy\" srcset=\"https:\/\/wettbewerb-archiv.wir-tun-was-fuer-bienen.de\/archiv-2018\/wp-content\/uploads\/sites\/2\/2018\/05\/DSC_0350-400x300.jpg 400w, https:\/\/wettbewerb-archiv.wir-tun-was-fuer-bienen.de\/archiv-2018\/wp-content\/uploads\/sites\/2\/2018\/05\/DSC_0350-510x382.jpg 510w\" sizes=\"(max-width: 400px) 100vw, 400px\" \/>                    <\/div>\n    <\/a>\n\n    <div class=\"images-grid\"><span><a href=\"https:\/\/wettbewerb-archiv.wir-tun-was-fuer-bienen.de\/archiv-2018\/eintrag\/ein-kleingarten-fuer-viele-wildbienenarten\/\"><img decoding=\"async\" width=\"150\" height=\"150\" src=\"https:\/\/wettbewerb-archiv.wir-tun-was-fuer-bienen.de\/archiv-2018\/wp-content\/uploads\/sites\/2\/2018\/07\/DSC_0736-Kopie-150x150.jpg\" class=\"attachment-thumbnail size-thumbnail\" alt=\"\" loading=\"lazy\" \/><\/a><\/span><span><a href=\"https:\/\/wettbewerb-archiv.wir-tun-was-fuer-bienen.de\/archiv-2018\/eintrag\/ein-kleingarten-fuer-viele-wildbienenarten\/\"><img decoding=\"async\" width=\"150\" height=\"150\" src=\"https:\/\/wettbewerb-archiv.wir-tun-was-fuer-bienen.de\/archiv-2018\/wp-content\/uploads\/sites\/2\/2018\/06\/DSC_0244-150x150.jpg\" class=\"attachment-thumbnail size-thumbnail\" alt=\"\" loading=\"lazy\" \/><\/a><\/span><span><a href=\"https:\/\/wettbewerb-archiv.wir-tun-was-fuer-bienen.de\/archiv-2018\/eintrag\/ein-kleingarten-fuer-viele-wildbienenarten\/\"><img decoding=\"async\" width=\"150\" height=\"150\" src=\"https:\/\/wettbewerb-archiv.wir-tun-was-fuer-bienen.de\/archiv-2018\/wp-content\/uploads\/sites\/2\/2018\/06\/DSC_0247-150x150.jpg\" class=\"attachment-thumbnail size-thumbnail\" alt=\"\" loading=\"lazy\" \/><\/a><\/span><span><a href=\"https:\/\/wettbewerb-archiv.wir-tun-was-fuer-bienen.de\/archiv-2018\/eintrag\/ein-kleingarten-fuer-viele-wildbienenarten\/\"><img decoding=\"async\" width=\"150\" height=\"150\" src=\"https:\/\/wettbewerb-archiv.wir-tun-was-fuer-bienen.de\/archiv-2018\/wp-content\/uploads\/sites\/2\/2018\/06\/DSC_0284-150x150.jpg\" class=\"attachment-thumbnail size-thumbnail\" alt=\"\" loading=\"lazy\" \/><\/a><\/span><\/div>\n\n    <div class=\"user flex\">\n        \n                    <img decoding=\"async\" src=\"https:\/\/wettbewerb-archiv.wir-tun-was-fuer-bienen.de\/archiv-2018\/wp-content\/themes\/bienen\/assets\/images\/avatar-placeholder.png\" style=\"border-radius: 30px;\" height=\"30\" width=\"30\">\n            Steffi            <\/div>\n    \n    <p class=\"categories meta bienen-gewinner\"><span class=\"fa fa-trophy\"                                                              aria-hidden=\"true\"><\/span> Gewinner<\/p>\n            <p class=\"categories meta\" style=\"width: 100%\"><span class=\"fa fa-tag\"\n                                                             aria-hidden=\"true\"><\/span> Kleingartenwesen: Parzellen und Gemeinschaftsg\u00e4rten        <\/p>\n    \n            <p class=\"categories meta\" style=\"width: 100%\"><span class=\"fa fa-map-marker\"\n                                                             aria-hidden=\"true\"><\/span> Hamburg        <\/p>\n    \n<\/article>\n   \n\t\t\n          <article id=\"post-4271\" class=\"et_pb_post post-4271 wtwfb_entry type-wtwfb_entry status-publish has-post-thumbnail hentry wtwfb_category-schul-und-jugendclub-gaerten wtwfb_region-sachsen\">\n    <h2 class=\"entry-title\"><a href=\"https:\/\/wettbewerb-archiv.wir-tun-was-fuer-bienen.de\/archiv-2018\/eintrag\/naturnaher-kleingarten-gestaltet-von-kindern-und-eltern-u3\/\">naturnaher Kleingarten gestaltet von Kindern und Eltern...<\/a>\n    <\/h2>\n    <a href=\"https:\/\/wettbewerb-archiv.wir-tun-was-fuer-bienen.de\/archiv-2018\/eintrag\/naturnaher-kleingarten-gestaltet-von-kindern-und-eltern-u3\/\">\n        <div class=\"bienen-entry-image\">\n            <img decoding=\"async\" width=\"400\" height=\"300\" src=\"https:\/\/wettbewerb-archiv.wir-tun-was-fuer-bienen.de\/archiv-2018\/wp-content\/uploads\/sites\/2\/2018\/05\/IMG_20140602_103513-400x300.jpg\" class=\"attachment-bienen-grid-thumb size-bienen-grid-thumb wp-post-image\" alt=\"\" loading=\"lazy\" srcset=\"https:\/\/wettbewerb-archiv.wir-tun-was-fuer-bienen.de\/archiv-2018\/wp-content\/uploads\/sites\/2\/2018\/05\/IMG_20140602_103513-400x300.jpg 400w, https:\/\/wettbewerb-archiv.wir-tun-was-fuer-bienen.de\/archiv-2018\/wp-content\/uploads\/sites\/2\/2018\/05\/IMG_20140602_103513-510x382.jpg 510w\" sizes=\"(max-width: 400px) 100vw, 400px\" \/>                    <\/div>\n    <\/a>\n\n    <div class=\"images-grid\"><\/div>\n\n    <div class=\"user flex\">\n        \n                    <img decoding=\"async\" src=\"https:\/\/wettbewerb-archiv.wir-tun-was-fuer-bienen.de\/archiv-2018\/wp-content\/themes\/bienen\/assets\/images\/avatar-placeholder.png\" style=\"border-radius: 30px;\" height=\"30\" width=\"30\">\n            Pusteblume            <\/div>\n    \n    \n            <p class=\"categories meta\" style=\"width: 100%\"><span class=\"fa fa-tag\"\n                                                             aria-hidden=\"true\"><\/span> Schul- und Jugendclub-G\u00e4rten        <\/p>\n    \n            <p class=\"categories meta\" style=\"width: 100%\"><span class=\"fa fa-map-marker\"\n                                                             aria-hidden=\"true\"><\/span> Sachsen        <\/p>\n    \n<\/article>\n   \n\t\t\n          <article id=\"post-4217\" class=\"et_pb_post post-4217 wtwfb_entry type-wtwfb_entry status-publish has-post-thumbnail hentry wtwfb_category-schul-und-jugendclub-gaerten wtwfb_region-sachsen\">\n    <h2 class=\"entry-title\"><a href=\"https:\/\/wettbewerb-archiv.wir-tun-was-fuer-bienen.de\/archiv-2018\/eintrag\/die-kita-unterm-regenbogen-beierfeld-summt-2\/\">Die Kita &#8220;Unterm Regenbogen&#8221; Beierfeld summt<\/a>\n    <\/h2>\n    <a href=\"https:\/\/wettbewerb-archiv.wir-tun-was-fuer-bienen.de\/archiv-2018\/eintrag\/die-kita-unterm-regenbogen-beierfeld-summt-2\/\">\n        <div class=\"bienen-entry-image\">\n            <img decoding=\"async\" width=\"400\" height=\"300\" src=\"https:\/\/wettbewerb-archiv.wir-tun-was-fuer-bienen.de\/archiv-2018\/wp-content\/uploads\/sites\/2\/2018\/05\/20180427_101512-1-400x300.jpg\" class=\"attachment-bienen-grid-thumb size-bienen-grid-thumb wp-post-image\" alt=\"\" loading=\"lazy\" srcset=\"https:\/\/wettbewerb-archiv.wir-tun-was-fuer-bienen.de\/archiv-2018\/wp-content\/uploads\/sites\/2\/2018\/05\/20180427_101512-1-400x300.jpg 400w, https:\/\/wettbewerb-archiv.wir-tun-was-fuer-bienen.de\/archiv-2018\/wp-content\/uploads\/sites\/2\/2018\/05\/20180427_101512-1-300x225.jpg 300w, https:\/\/wettbewerb-archiv.wir-tun-was-fuer-bienen.de\/archiv-2018\/wp-content\/uploads\/sites\/2\/2018\/05\/20180427_101512-1-768x576.jpg 768w, https:\/\/wettbewerb-archiv.wir-tun-was-fuer-bienen.de\/archiv-2018\/wp-content\/uploads\/sites\/2\/2018\/05\/20180427_101512-1-1024x768.jpg 1024w, https:\/\/wettbewerb-archiv.wir-tun-was-fuer-bienen.de\/archiv-2018\/wp-content\/uploads\/sites\/2\/2018\/05\/20180427_101512-1-510x382.jpg 510w, https:\/\/wettbewerb-archiv.wir-tun-was-fuer-bienen.de\/archiv-2018\/wp-content\/uploads\/sites\/2\/2018\/05\/20180427_101512-1-1080x810.jpg 1080w, https:\/\/wettbewerb-archiv.wir-tun-was-fuer-bienen.de\/archiv-2018\/wp-content\/uploads\/sites\/2\/2018\/05\/20180427_101512-1.jpg 1920w\" sizes=\"(max-width: 400px) 100vw, 400px\" \/>                    <\/div>\n    <\/a>\n\n    <div class=\"images-grid\"><span><a href=\"https:\/\/wettbewerb-archiv.wir-tun-was-fuer-bienen.de\/archiv-2018\/eintrag\/die-kita-unterm-regenbogen-beierfeld-summt-2\/\"><img decoding=\"async\" width=\"150\" height=\"150\" src=\"https:\/\/wettbewerb-archiv.wir-tun-was-fuer-bienen.de\/archiv-2018\/wp-content\/uploads\/sites\/2\/2018\/05\/20180522_105253-1-150x150.jpg\" class=\"attachment-thumbnail size-thumbnail\" alt=\"\" loading=\"lazy\" \/><\/a><\/span><span><a href=\"https:\/\/wettbewerb-archiv.wir-tun-was-fuer-bienen.de\/archiv-2018\/eintrag\/die-kita-unterm-regenbogen-beierfeld-summt-2\/\"><img decoding=\"async\" width=\"150\" height=\"150\" src=\"https:\/\/wettbewerb-archiv.wir-tun-was-fuer-bienen.de\/archiv-2018\/wp-content\/uploads\/sites\/2\/2018\/05\/20180522_105206-1-150x150.jpg\" class=\"attachment-thumbnail size-thumbnail\" alt=\"\" loading=\"lazy\" \/><\/a><\/span><span><a href=\"https:\/\/wettbewerb-archiv.wir-tun-was-fuer-bienen.de\/archiv-2018\/eintrag\/die-kita-unterm-regenbogen-beierfeld-summt-2\/\"><img decoding=\"async\" width=\"150\" height=\"150\" src=\"https:\/\/wettbewerb-archiv.wir-tun-was-fuer-bienen.de\/archiv-2018\/wp-content\/uploads\/sites\/2\/2018\/05\/20180523_100225-1-150x150.jpg\" class=\"attachment-thumbnail size-thumbnail\" alt=\"\" loading=\"lazy\" \/><\/a><\/span><span><a href=\"https:\/\/wettbewerb-archiv.wir-tun-was-fuer-bienen.de\/archiv-2018\/eintrag\/die-kita-unterm-regenbogen-beierfeld-summt-2\/\"><img decoding=\"async\" width=\"150\" height=\"150\" src=\"https:\/\/wettbewerb-archiv.wir-tun-was-fuer-bienen.de\/archiv-2018\/wp-content\/uploads\/sites\/2\/2018\/06\/20180614_092225-150x150.jpg\" class=\"attachment-thumbnail size-thumbnail\" alt=\"\" loading=\"lazy\" \/><\/a><\/span><\/div>\n\n    <div class=\"user flex\">\n        \n                    <img decoding=\"async\" src=\"https:\/\/wettbewerb-archiv.wir-tun-was-fuer-bienen.de\/archiv-2018\/wp-content\/themes\/bienen\/assets\/images\/avatar-placeholder.png\" style=\"border-radius: 30px;\" height=\"30\" width=\"30\">\n            Kita Beierfeld summt            <\/div>\n    \n    \n            <p class=\"categories meta\" style=\"width: 100%\"><span class=\"fa fa-tag\"\n                                                             aria-hidden=\"true\"><\/span> Schul- und Jugendclub-G\u00e4rten        <\/p>\n    \n            <p class=\"categories meta\" style=\"width: 100%\"><span class=\"fa fa-map-marker\"\n                                                             aria-hidden=\"true\"><\/span> Sachsen        <\/p>\n    \n<\/article>\n   \n\t\t\n          <article id=\"post-4194\" class=\"et_pb_post post-4194 wtwfb_entry type-wtwfb_entry status-publish has-post-thumbnail hentry wtwfb_category-firmen-institutions-und-vereinsgaerten wtwfb_region-bayern\">\n    <h2 class=\"entry-title\"><a href=\"https:\/\/wettbewerb-archiv.wir-tun-was-fuer-bienen.de\/archiv-2018\/eintrag\/der-summende-tier-himmel\/\">Der summende Tier-Himmel<\/a>\n    <\/h2>\n    <a href=\"https:\/\/wettbewerb-archiv.wir-tun-was-fuer-bienen.de\/archiv-2018\/eintrag\/der-summende-tier-himmel\/\">\n        <div class=\"bienen-entry-image\">\n            <img decoding=\"async\" width=\"400\" height=\"300\" src=\"https:\/\/wettbewerb-archiv.wir-tun-was-fuer-bienen.de\/archiv-2018\/wp-content\/uploads\/sites\/2\/2018\/05\/DSC_0351-2-400x300.jpg\" class=\"attachment-bienen-grid-thumb size-bienen-grid-thumb wp-post-image\" alt=\"\" loading=\"lazy\" srcset=\"https:\/\/wettbewerb-archiv.wir-tun-was-fuer-bienen.de\/archiv-2018\/wp-content\/uploads\/sites\/2\/2018\/05\/DSC_0351-2-400x300.jpg 400w, https:\/\/wettbewerb-archiv.wir-tun-was-fuer-bienen.de\/archiv-2018\/wp-content\/uploads\/sites\/2\/2018\/05\/DSC_0351-2-510x382.jpg 510w\" sizes=\"(max-width: 400px) 100vw, 400px\" \/>                    <\/div>\n    <\/a>\n\n    <div class=\"images-grid\"><span><a href=\"https:\/\/wettbewerb-archiv.wir-tun-was-fuer-bienen.de\/archiv-2018\/eintrag\/der-summende-tier-himmel\/\"><img decoding=\"async\" width=\"150\" height=\"150\" src=\"https:\/\/wettbewerb-archiv.wir-tun-was-fuer-bienen.de\/archiv-2018\/wp-content\/uploads\/sites\/2\/2018\/05\/DSC_0308-1-150x150.jpg\" class=\"attachment-thumbnail size-thumbnail\" alt=\"\" loading=\"lazy\" \/><\/a><\/span><span><a href=\"https:\/\/wettbewerb-archiv.wir-tun-was-fuer-bienen.de\/archiv-2018\/eintrag\/der-summende-tier-himmel\/\"><img decoding=\"async\" width=\"150\" height=\"150\" src=\"https:\/\/wettbewerb-archiv.wir-tun-was-fuer-bienen.de\/archiv-2018\/wp-content\/uploads\/sites\/2\/2018\/05\/DSC_0354-150x150.jpg\" class=\"attachment-thumbnail size-thumbnail\" alt=\"\" loading=\"lazy\" \/><\/a><\/span><span><a href=\"https:\/\/wettbewerb-archiv.wir-tun-was-fuer-bienen.de\/archiv-2018\/eintrag\/der-summende-tier-himmel\/\"><img decoding=\"async\" width=\"106\" height=\"150\" src=\"https:\/\/wettbewerb-archiv.wir-tun-was-fuer-bienen.de\/archiv-2018\/wp-content\/uploads\/sites\/2\/2018\/05\/Info-Schmetterlingsraupenbeet-pdf-106x150.jpg\" class=\"attachment-thumbnail size-thumbnail\" alt=\"\" loading=\"lazy\" \/><\/a><\/span><span><a href=\"https:\/\/wettbewerb-archiv.wir-tun-was-fuer-bienen.de\/archiv-2018\/eintrag\/der-summende-tier-himmel\/\"><img decoding=\"async\" width=\"150\" height=\"150\" src=\"https:\/\/wettbewerb-archiv.wir-tun-was-fuer-bienen.de\/archiv-2018\/wp-content\/uploads\/sites\/2\/2018\/07\/DSC_0324-150x150.jpg\" class=\"attachment-thumbnail size-thumbnail\" alt=\"\" loading=\"lazy\" \/><\/a><\/span><\/div>\n\n    <div class=\"user flex\">\n                    <img decoding=\"async\" src=\"https:\/\/wettbewerb-archiv.wir-tun-was-fuer-bienen.de\/archiv-2018\/wp-content\/themes\/bienen\/assets\/images\/avatar-placeholder.png\" style=\"border-radius: 30px;\" height=\"30\" width=\"30\">\n            <a href=\"https:\/\/wettbewerb-archiv.wir-tun-was-fuer-bienen.de\/archiv-2018\/gruppe\/friedhof-tierhimmel\/\" title=\"Beitr\u00e4ge von Friedhof Tier-Himmel in Ingolstadt, Bayern\"\n               rel=\"author\">Friedhof Tier-Himmel in Ingolstadt, Bayern<\/a>\n            <\/div>\n    \n    <p class=\"categories meta bienen-gewinner\"><span class=\"fa fa-trophy\"                                                              aria-hidden=\"true\"><\/span> Gewinner<\/p>\n            <p class=\"categories meta\" style=\"width: 100%\"><span class=\"fa fa-tag\"\n                                                             aria-hidden=\"true\"><\/span> Firmen-, Institutions- und Vereinsg\u00e4rten        <\/p>\n    \n            <p class=\"categories meta\" style=\"width: 100%\"><span class=\"fa fa-map-marker\"\n                                                             aria-hidden=\"true\"><\/span> Bayern        <\/p>\n    \n<\/article>\n   \n\t\t\n          <article id=\"post-4162\" class=\"et_pb_post post-4162 wtwfb_entry type-wtwfb_entry status-publish has-post-thumbnail hentry wtwfb_category-schul-und-jugendclub-gaerten wtwfb_region-bayern\">\n    <h2 class=\"entry-title\"><a href=\"https:\/\/wettbewerb-archiv.wir-tun-was-fuer-bienen.de\/archiv-2018\/eintrag\/wir-tun-was-fuer-bienen-2\/\">Wir tun was f\u00fcr Bienen<\/a>\n    <\/h2>\n    <a href=\"https:\/\/wettbewerb-archiv.wir-tun-was-fuer-bienen.de\/archiv-2018\/eintrag\/wir-tun-was-fuer-bienen-2\/\">\n        <div class=\"bienen-entry-image\">\n            <img decoding=\"async\" width=\"400\" height=\"300\" src=\"https:\/\/wettbewerb-archiv.wir-tun-was-fuer-bienen.de\/archiv-2018\/wp-content\/uploads\/sites\/2\/2018\/05\/WIN_20180525_12_10_30_Pro-400x300.jpg\" class=\"attachment-bienen-grid-thumb size-bienen-grid-thumb wp-post-image\" alt=\"\" loading=\"lazy\" srcset=\"https:\/\/wettbewerb-archiv.wir-tun-was-fuer-bienen.de\/archiv-2018\/wp-content\/uploads\/sites\/2\/2018\/05\/WIN_20180525_12_10_30_Pro-400x300.jpg 400w, https:\/\/wettbewerb-archiv.wir-tun-was-fuer-bienen.de\/archiv-2018\/wp-content\/uploads\/sites\/2\/2018\/05\/WIN_20180525_12_10_30_Pro-510x382.jpg 510w\" sizes=\"(max-width: 400px) 100vw, 400px\" \/>                    <\/div>\n    <\/a>\n\n    <div class=\"images-grid\"><span><a href=\"https:\/\/wettbewerb-archiv.wir-tun-was-fuer-bienen.de\/archiv-2018\/eintrag\/wir-tun-was-fuer-bienen-2\/\"><img decoding=\"async\" width=\"150\" height=\"150\" src=\"https:\/\/wettbewerb-archiv.wir-tun-was-fuer-bienen.de\/archiv-2018\/wp-content\/uploads\/sites\/2\/2018\/06\/DSCN0219-150x150.jpg\" class=\"attachment-thumbnail size-thumbnail\" alt=\"\" loading=\"lazy\" \/><\/a><\/span><span><a href=\"https:\/\/wettbewerb-archiv.wir-tun-was-fuer-bienen.de\/archiv-2018\/eintrag\/wir-tun-was-fuer-bienen-2\/\"><img decoding=\"async\" width=\"150\" height=\"150\" src=\"https:\/\/wettbewerb-archiv.wir-tun-was-fuer-bienen.de\/archiv-2018\/wp-content\/uploads\/sites\/2\/2018\/06\/DSCN0220-150x150.jpg\" class=\"attachment-thumbnail size-thumbnail\" alt=\"\" loading=\"lazy\" \/><\/a><\/span><span><a href=\"https:\/\/wettbewerb-archiv.wir-tun-was-fuer-bienen.de\/archiv-2018\/eintrag\/wir-tun-was-fuer-bienen-2\/\"><img decoding=\"async\" width=\"150\" height=\"150\" src=\"https:\/\/wettbewerb-archiv.wir-tun-was-fuer-bienen.de\/archiv-2018\/wp-content\/uploads\/sites\/2\/2018\/06\/DSCN0220-1-150x150.jpg\" class=\"attachment-thumbnail size-thumbnail\" alt=\"\" loading=\"lazy\" \/><\/a><\/span><span><a href=\"https:\/\/wettbewerb-archiv.wir-tun-was-fuer-bienen.de\/archiv-2018\/eintrag\/wir-tun-was-fuer-bienen-2\/\"><img decoding=\"async\" width=\"150\" height=\"150\" src=\"https:\/\/wettbewerb-archiv.wir-tun-was-fuer-bienen.de\/archiv-2018\/wp-content\/uploads\/sites\/2\/2018\/06\/DSCN0221-150x150.jpg\" class=\"attachment-thumbnail size-thumbnail\" alt=\"\" loading=\"lazy\" \/><\/a><\/span><\/div>\n\n    <div class=\"user flex\">\n        \n                    <img decoding=\"async\" src=\"https:\/\/wettbewerb-archiv.wir-tun-was-fuer-bienen.de\/archiv-2018\/wp-content\/themes\/bienen\/assets\/images\/avatar-placeholder.png\" style=\"border-radius: 30px;\" height=\"30\" width=\"30\">\n            KitaRegenbogen            <\/div>\n    \n    \n            <p class=\"categories meta\" style=\"width: 100%\"><span class=\"fa fa-tag\"\n                                                             aria-hidden=\"true\"><\/span> Schul- und Jugendclub-G\u00e4rten        <\/p>\n    \n            <p class=\"categories meta\" style=\"width: 100%\"><span class=\"fa fa-map-marker\"\n                                                             aria-hidden=\"true\"><\/span> Bayern        <\/p>\n    \n<\/article>\n   \n\t\t\n          <article id=\"post-4136\" class=\"et_pb_post post-4136 wtwfb_entry type-wtwfb_entry status-publish has-post-thumbnail hentry wtwfb_category-privatgaerten-und-gaerten-von-mietwohnungen-kleiner-500-quadratmeter wtwfb_region-bayern\">\n    <h2 class=\"entry-title\"><a href=\"https:\/\/wettbewerb-archiv.wir-tun-was-fuer-bienen.de\/archiv-2018\/eintrag\/ein-garten-viele-nischen-fuer-tiere\/\">Ein Garten &#8211; viele Nischen f\u00fcr Tiere<\/a>\n    <\/h2>\n    <a href=\"https:\/\/wettbewerb-archiv.wir-tun-was-fuer-bienen.de\/archiv-2018\/eintrag\/ein-garten-viele-nischen-fuer-tiere\/\">\n        <div class=\"bienen-entry-image\">\n            <img decoding=\"async\" width=\"400\" height=\"300\" src=\"https:\/\/wettbewerb-archiv.wir-tun-was-fuer-bienen.de\/archiv-2018\/wp-content\/uploads\/sites\/2\/2018\/05\/Garten-400x300.jpg\" class=\"attachment-bienen-grid-thumb size-bienen-grid-thumb wp-post-image\" alt=\"\" loading=\"lazy\" srcset=\"https:\/\/wettbewerb-archiv.wir-tun-was-fuer-bienen.de\/archiv-2018\/wp-content\/uploads\/sites\/2\/2018\/05\/Garten-400x300.jpg 400w, https:\/\/wettbewerb-archiv.wir-tun-was-fuer-bienen.de\/archiv-2018\/wp-content\/uploads\/sites\/2\/2018\/05\/Garten-300x225.jpg 300w, https:\/\/wettbewerb-archiv.wir-tun-was-fuer-bienen.de\/archiv-2018\/wp-content\/uploads\/sites\/2\/2018\/05\/Garten-768x576.jpg 768w, https:\/\/wettbewerb-archiv.wir-tun-was-fuer-bienen.de\/archiv-2018\/wp-content\/uploads\/sites\/2\/2018\/05\/Garten-1024x768.jpg 1024w, https:\/\/wettbewerb-archiv.wir-tun-was-fuer-bienen.de\/archiv-2018\/wp-content\/uploads\/sites\/2\/2018\/05\/Garten-510x382.jpg 510w, https:\/\/wettbewerb-archiv.wir-tun-was-fuer-bienen.de\/archiv-2018\/wp-content\/uploads\/sites\/2\/2018\/05\/Garten-1080x810.jpg 1080w, https:\/\/wettbewerb-archiv.wir-tun-was-fuer-bienen.de\/archiv-2018\/wp-content\/uploads\/sites\/2\/2018\/05\/Garten.jpg 1200w\" sizes=\"(max-width: 400px) 100vw, 400px\" \/>                    <\/div>\n    <\/a>\n\n    <div class=\"images-grid\"><span><a href=\"https:\/\/wettbewerb-archiv.wir-tun-was-fuer-bienen.de\/archiv-2018\/eintrag\/ein-garten-viele-nischen-fuer-tiere\/\"><img decoding=\"async\" width=\"150\" height=\"150\" src=\"https:\/\/wettbewerb-archiv.wir-tun-was-fuer-bienen.de\/archiv-2018\/wp-content\/uploads\/sites\/2\/2018\/05\/01_Bau-Sandarium-150x150.jpg\" class=\"attachment-thumbnail size-thumbnail\" alt=\"\" loading=\"lazy\" \/><\/a><\/span><span><a href=\"https:\/\/wettbewerb-archiv.wir-tun-was-fuer-bienen.de\/archiv-2018\/eintrag\/ein-garten-viele-nischen-fuer-tiere\/\"><img decoding=\"async\" width=\"150\" height=\"150\" src=\"https:\/\/wettbewerb-archiv.wir-tun-was-fuer-bienen.de\/archiv-2018\/wp-content\/uploads\/sites\/2\/2018\/05\/02_Bau-Sandarium-150x150.jpg\" class=\"attachment-thumbnail size-thumbnail\" alt=\"\" loading=\"lazy\" \/><\/a><\/span><span><a href=\"https:\/\/wettbewerb-archiv.wir-tun-was-fuer-bienen.de\/archiv-2018\/eintrag\/ein-garten-viele-nischen-fuer-tiere\/\"><img decoding=\"async\" width=\"150\" height=\"150\" src=\"https:\/\/wettbewerb-archiv.wir-tun-was-fuer-bienen.de\/archiv-2018\/wp-content\/uploads\/sites\/2\/2018\/05\/03_Bau-Sandarium-150x150.jpg\" class=\"attachment-thumbnail size-thumbnail\" alt=\"\" loading=\"lazy\" \/><\/a><\/span><span><a href=\"https:\/\/wettbewerb-archiv.wir-tun-was-fuer-bienen.de\/archiv-2018\/eintrag\/ein-garten-viele-nischen-fuer-tiere\/\"><img decoding=\"async\" width=\"150\" height=\"150\" src=\"https:\/\/wettbewerb-archiv.wir-tun-was-fuer-bienen.de\/archiv-2018\/wp-content\/uploads\/sites\/2\/2018\/07\/G-Vorher-150x150.jpg\" class=\"attachment-thumbnail size-thumbnail\" alt=\"\" loading=\"lazy\" \/><\/a><\/span><\/div>\n\n    <div class=\"user flex\">\n        \n                    <img decoding=\"async\" src=\"https:\/\/wettbewerb-archiv.wir-tun-was-fuer-bienen.de\/archiv-2018\/wp-content\/themes\/bienen\/assets\/images\/avatar-placeholder.png\" style=\"border-radius: 30px;\" height=\"30\" width=\"30\">\n            StaudlersKleinerGarten            <\/div>\n    \n    \n            <p class=\"categories meta\" style=\"width: 100%\"><span class=\"fa fa-tag\"\n                                                             aria-hidden=\"true\"><\/span> Privatg\u00e4rten und G\u00e4rten von Mietwohnungen (kleiner als 500 Quadratmeter)        <\/p>\n    \n            <p class=\"categories meta\" style=\"width: 100%\"><span class=\"fa fa-map-marker\"\n                                                             aria-hidden=\"true\"><\/span> Bayern        <\/p>\n    \n<\/article>\n   \n\t\t\n          <article id=\"post-4090\" class=\"et_pb_post post-4090 wtwfb_entry type-wtwfb_entry status-publish has-post-thumbnail hentry wtwfb_category-kommunale-flaechen-parks-baumscheiben wtwfb_region-hessen\">\n    <h2 class=\"entry-title\"><a href=\"https:\/\/wettbewerb-archiv.wir-tun-was-fuer-bienen.de\/archiv-2018\/eintrag\/ein-gruener-quartierplatz-fuer-die-postsiedlung\/\">Ein gr\u00fcner Quartierplatz f\u00fcr die Postsiedlung<\/a>\n    <\/h2>\n    <a href=\"https:\/\/wettbewerb-archiv.wir-tun-was-fuer-bienen.de\/archiv-2018\/eintrag\/ein-gruener-quartierplatz-fuer-die-postsiedlung\/\">\n        <div class=\"bienen-entry-image\">\n            <img decoding=\"async\" width=\"400\" height=\"300\" src=\"https:\/\/wettbewerb-archiv.wir-tun-was-fuer-bienen.de\/archiv-2018\/wp-content\/uploads\/sites\/2\/2018\/05\/20-400x300.jpg\" class=\"attachment-bienen-grid-thumb size-bienen-grid-thumb wp-post-image\" alt=\"\" loading=\"lazy\" srcset=\"https:\/\/wettbewerb-archiv.wir-tun-was-fuer-bienen.de\/archiv-2018\/wp-content\/uploads\/sites\/2\/2018\/05\/20-400x300.jpg 400w, https:\/\/wettbewerb-archiv.wir-tun-was-fuer-bienen.de\/archiv-2018\/wp-content\/uploads\/sites\/2\/2018\/05\/20-300x225.jpg 300w, https:\/\/wettbewerb-archiv.wir-tun-was-fuer-bienen.de\/archiv-2018\/wp-content\/uploads\/sites\/2\/2018\/05\/20-768x576.jpg 768w, https:\/\/wettbewerb-archiv.wir-tun-was-fuer-bienen.de\/archiv-2018\/wp-content\/uploads\/sites\/2\/2018\/05\/20-1024x768.jpg 1024w, https:\/\/wettbewerb-archiv.wir-tun-was-fuer-bienen.de\/archiv-2018\/wp-content\/uploads\/sites\/2\/2018\/05\/20-510x382.jpg 510w, https:\/\/wettbewerb-archiv.wir-tun-was-fuer-bienen.de\/archiv-2018\/wp-content\/uploads\/sites\/2\/2018\/05\/20-1080x810.jpg 1080w, https:\/\/wettbewerb-archiv.wir-tun-was-fuer-bienen.de\/archiv-2018\/wp-content\/uploads\/sites\/2\/2018\/05\/20.jpg 1920w\" sizes=\"(max-width: 400px) 100vw, 400px\" \/>                    <\/div>\n    <\/a>\n\n    <div class=\"images-grid\"><span><a href=\"https:\/\/wettbewerb-archiv.wir-tun-was-fuer-bienen.de\/archiv-2018\/eintrag\/ein-gruener-quartierplatz-fuer-die-postsiedlung\/\"><img decoding=\"async\" width=\"150\" height=\"150\" src=\"https:\/\/wettbewerb-archiv.wir-tun-was-fuer-bienen.de\/archiv-2018\/wp-content\/uploads\/sites\/2\/2018\/05\/P1030110-150x150.jpg\" class=\"attachment-thumbnail size-thumbnail\" alt=\"\" loading=\"lazy\" \/><\/a><\/span><span><a href=\"https:\/\/wettbewerb-archiv.wir-tun-was-fuer-bienen.de\/archiv-2018\/eintrag\/ein-gruener-quartierplatz-fuer-die-postsiedlung\/\"><img decoding=\"async\" width=\"150\" height=\"150\" src=\"https:\/\/wettbewerb-archiv.wir-tun-was-fuer-bienen.de\/archiv-2018\/wp-content\/uploads\/sites\/2\/2018\/05\/P1030114-150x150.jpg\" class=\"attachment-thumbnail size-thumbnail\" alt=\"\" loading=\"lazy\" \/><\/a><\/span><span><a href=\"https:\/\/wettbewerb-archiv.wir-tun-was-fuer-bienen.de\/archiv-2018\/eintrag\/ein-gruener-quartierplatz-fuer-die-postsiedlung\/\"><img decoding=\"async\" width=\"150\" height=\"150\" src=\"https:\/\/wettbewerb-archiv.wir-tun-was-fuer-bienen.de\/archiv-2018\/wp-content\/uploads\/sites\/2\/2018\/05\/P1030133-150x150.jpg\" class=\"attachment-thumbnail size-thumbnail\" alt=\"\" loading=\"lazy\" \/><\/a><\/span><span><a href=\"https:\/\/wettbewerb-archiv.wir-tun-was-fuer-bienen.de\/archiv-2018\/eintrag\/ein-gruener-quartierplatz-fuer-die-postsiedlung\/\"><img decoding=\"async\" width=\"150\" height=\"150\" src=\"https:\/\/wettbewerb-archiv.wir-tun-was-fuer-bienen.de\/archiv-2018\/wp-content\/uploads\/sites\/2\/2018\/05\/4-1-150x150.jpg\" class=\"attachment-thumbnail size-thumbnail\" alt=\"\" loading=\"lazy\" \/><\/a><\/span><\/div>\n\n    <div class=\"user flex\">\n                    <img decoding=\"async\" src=\"https:\/\/wettbewerb-archiv.wir-tun-was-fuer-bienen.de\/archiv-2018\/wp-content\/themes\/bienen\/assets\/images\/avatar-placeholder.png\" style=\"border-radius: 30px;\" height=\"30\" width=\"30\">\n            <a href=\"https:\/\/wettbewerb-archiv.wir-tun-was-fuer-bienen.de\/archiv-2018\/gruppe\/zusammen-in-der-postsiedlung-e-v\/\" title=\"Beitr\u00e4ge von Zusammen in der Postsiedlung e.V.\"\n               rel=\"author\">Zusammen in der Postsiedlung e.V.<\/a>\n            <\/div>\n    \n    \n            <p class=\"categories meta\" style=\"width: 100%\"><span class=\"fa fa-tag\"\n                                                             aria-hidden=\"true\"><\/span> Kommunale Fl\u00e4chen, Parks, Baumscheiben        <\/p>\n    \n            <p class=\"categories meta\" style=\"width: 100%\"><span class=\"fa fa-map-marker\"\n                                                             aria-hidden=\"true\"><\/span> Hessen        <\/p>\n    \n<\/article>\n   \n\t\t\n          <article id=\"post-4063\" class=\"et_pb_post post-4063 wtwfb_entry type-wtwfb_entry status-publish has-post-thumbnail hentry wtwfb_category-schul-und-jugendclub-gaerten wtwfb_region-bayern\">\n    <h2 class=\"entry-title\"><a href=\"https:\/\/wettbewerb-archiv.wir-tun-was-fuer-bienen.de\/archiv-2018\/eintrag\/brachfloechen-auf-unserem-kitagelaende-begruenen\/\">Brachfl\u00e4chen auf unserem Kitagel\u00e4nde begr\u00fcnen<\/a>\n    <\/h2>\n    <a href=\"https:\/\/wettbewerb-archiv.wir-tun-was-fuer-bienen.de\/archiv-2018\/eintrag\/brachfloechen-auf-unserem-kitagelaende-begruenen\/\">\n        <div class=\"bienen-entry-image\">\n            <img decoding=\"async\" width=\"400\" height=\"300\" src=\"https:\/\/wettbewerb-archiv.wir-tun-was-fuer-bienen.de\/archiv-2018\/wp-content\/uploads\/sites\/2\/2018\/05\/DSC_0714-2-400x300.jpg\" class=\"attachment-bienen-grid-thumb size-bienen-grid-thumb wp-post-image\" alt=\"\" loading=\"lazy\" srcset=\"https:\/\/wettbewerb-archiv.wir-tun-was-fuer-bienen.de\/archiv-2018\/wp-content\/uploads\/sites\/2\/2018\/05\/DSC_0714-2-400x300.jpg 400w, https:\/\/wettbewerb-archiv.wir-tun-was-fuer-bienen.de\/archiv-2018\/wp-content\/uploads\/sites\/2\/2018\/05\/DSC_0714-2-510x382.jpg 510w\" sizes=\"(max-width: 400px) 100vw, 400px\" \/>                    <\/div>\n    <\/a>\n\n    <div class=\"images-grid\"><\/div>\n\n    <div class=\"user flex\">\n        \n                    <img decoding=\"async\" src=\"https:\/\/wettbewerb-archiv.wir-tun-was-fuer-bienen.de\/archiv-2018\/wp-content\/themes\/bienen\/assets\/images\/avatar-placeholder.png\" style=\"border-radius: 30px;\" height=\"30\" width=\"30\">\n            Kita an der L\u00f6wenbr\u00fccke            <\/div>\n    \n    \n            <p class=\"categories meta\" style=\"width: 100%\"><span class=\"fa fa-tag\"\n                                                             aria-hidden=\"true\"><\/span> Schul- und Jugendclub-G\u00e4rten        <\/p>\n    \n            <p class=\"categories meta\" style=\"width: 100%\"><span class=\"fa fa-map-marker\"\n                                                             aria-hidden=\"true\"><\/span> Bayern        <\/p>\n    \n<\/article>\n   \n\t\t\n          <article id=\"post-4045\" class=\"et_pb_post post-4045 wtwfb_entry type-wtwfb_entry status-publish has-post-thumbnail hentry wtwfb_category-firmen-institutions-und-vereinsgaerten wtwfb_region-baden-wuerttemberg\">\n    <h2 class=\"entry-title\"><a href=\"https:\/\/wettbewerb-archiv.wir-tun-was-fuer-bienen.de\/archiv-2018\/eintrag\/bau-einer-aussergeoehnlichen-insektenmauer-in-unserer-baumschule\/\">Bau einer au\u00dferge\u00f6hnlichen Insektenmauer in unserer B...<\/a>\n    <\/h2>\n    <a href=\"https:\/\/wettbewerb-archiv.wir-tun-was-fuer-bienen.de\/archiv-2018\/eintrag\/bau-einer-aussergeoehnlichen-insektenmauer-in-unserer-baumschule\/\">\n        <div class=\"bienen-entry-image\">\n            <img decoding=\"async\" width=\"400\" height=\"300\" src=\"https:\/\/wettbewerb-archiv.wir-tun-was-fuer-bienen.de\/archiv-2018\/wp-content\/uploads\/sites\/2\/2018\/07\/ee67e9f5-2e36-415f-8703-39eae9a0cd76-400x300.jpg\" class=\"attachment-bienen-grid-thumb size-bienen-grid-thumb wp-post-image\" alt=\"\" loading=\"lazy\" srcset=\"https:\/\/wettbewerb-archiv.wir-tun-was-fuer-bienen.de\/archiv-2018\/wp-content\/uploads\/sites\/2\/2018\/07\/ee67e9f5-2e36-415f-8703-39eae9a0cd76-400x300.jpg 400w, https:\/\/wettbewerb-archiv.wir-tun-was-fuer-bienen.de\/archiv-2018\/wp-content\/uploads\/sites\/2\/2018\/07\/ee67e9f5-2e36-415f-8703-39eae9a0cd76-300x225.jpg 300w, https:\/\/wettbewerb-archiv.wir-tun-was-fuer-bienen.de\/archiv-2018\/wp-content\/uploads\/sites\/2\/2018\/07\/ee67e9f5-2e36-415f-8703-39eae9a0cd76-768x576.jpg 768w, https:\/\/wettbewerb-archiv.wir-tun-was-fuer-bienen.de\/archiv-2018\/wp-content\/uploads\/sites\/2\/2018\/07\/ee67e9f5-2e36-415f-8703-39eae9a0cd76-1024x768.jpg 1024w, https:\/\/wettbewerb-archiv.wir-tun-was-fuer-bienen.de\/archiv-2018\/wp-content\/uploads\/sites\/2\/2018\/07\/ee67e9f5-2e36-415f-8703-39eae9a0cd76-1320x990.jpg 1320w, https:\/\/wettbewerb-archiv.wir-tun-was-fuer-bienen.de\/archiv-2018\/wp-content\/uploads\/sites\/2\/2018\/07\/ee67e9f5-2e36-415f-8703-39eae9a0cd76.jpg 1600w\" sizes=\"(max-width: 400px) 100vw, 400px\" \/>                    <\/div>\n    <\/a>\n\n    <div class=\"images-grid\"><span><a href=\"https:\/\/wettbewerb-archiv.wir-tun-was-fuer-bienen.de\/archiv-2018\/eintrag\/bau-einer-aussergeoehnlichen-insektenmauer-in-unserer-baumschule\/\"><img decoding=\"async\" width=\"150\" height=\"150\" src=\"https:\/\/wettbewerb-archiv.wir-tun-was-fuer-bienen.de\/archiv-2018\/wp-content\/uploads\/sites\/2\/2018\/06\/E25A02F9-6B25-4BE5-B938-685E76934D4C-150x150.jpeg\" class=\"attachment-thumbnail size-thumbnail\" alt=\"\" loading=\"lazy\" \/><\/a><\/span><span><a href=\"https:\/\/wettbewerb-archiv.wir-tun-was-fuer-bienen.de\/archiv-2018\/eintrag\/bau-einer-aussergeoehnlichen-insektenmauer-in-unserer-baumschule\/\"><img decoding=\"async\" width=\"150\" height=\"150\" src=\"https:\/\/wettbewerb-archiv.wir-tun-was-fuer-bienen.de\/archiv-2018\/wp-content\/uploads\/sites\/2\/2018\/06\/007F5C46-671A-489B-B095-E198796F2003-1-150x150.jpeg\" class=\"attachment-thumbnail size-thumbnail\" alt=\"\" loading=\"lazy\" \/><\/a><\/span><span><a href=\"https:\/\/wettbewerb-archiv.wir-tun-was-fuer-bienen.de\/archiv-2018\/eintrag\/bau-einer-aussergeoehnlichen-insektenmauer-in-unserer-baumschule\/\"><img decoding=\"async\" width=\"150\" height=\"150\" src=\"https:\/\/wettbewerb-archiv.wir-tun-was-fuer-bienen.de\/archiv-2018\/wp-content\/uploads\/sites\/2\/2018\/06\/77F036B2-8DA8-47E5-8BD8-AC180C3D0835-150x150.jpeg\" class=\"attachment-thumbnail size-thumbnail\" alt=\"\" loading=\"lazy\" \/><\/a><\/span><span><a href=\"https:\/\/wettbewerb-archiv.wir-tun-was-fuer-bienen.de\/archiv-2018\/eintrag\/bau-einer-aussergeoehnlichen-insektenmauer-in-unserer-baumschule\/\"><img decoding=\"async\" width=\"150\" height=\"150\" src=\"https:\/\/wettbewerb-archiv.wir-tun-was-fuer-bienen.de\/archiv-2018\/wp-content\/uploads\/sites\/2\/2018\/06\/003176F6-B470-4FC9-AEF0-78A9BA2AF942-150x150.jpeg\" class=\"attachment-thumbnail size-thumbnail\" alt=\"\" loading=\"lazy\" \/><\/a><\/span><\/div>\n\n    <div class=\"user flex\">\n        \n                    <img decoding=\"async\" src=\"https:\/\/wettbewerb-archiv.wir-tun-was-fuer-bienen.de\/archiv-2018\/wp-content\/themes\/bienen\/assets\/images\/avatar-placeholder.png\" style=\"border-radius: 30px;\" height=\"30\" width=\"30\">\n            Baumschule Kern            <\/div>\n    \n    <p class=\"categories meta bienen-gewinner\"><span class=\"fa fa-trophy\"                                                              aria-hidden=\"true\"><\/span> Gewinner<\/p>\n            <p class=\"categories meta\" style=\"width: 100%\"><span class=\"fa fa-tag\"\n                                                             aria-hidden=\"true\"><\/span> Firmen-, Institutions- und Vereinsg\u00e4rten        <\/p>\n    \n            <p class=\"categories meta\" style=\"width: 100%\"><span class=\"fa fa-map-marker\"\n                                                             aria-hidden=\"true\"><\/span> Baden-W\u00fcrttemberg        <\/p>\n    \n<\/article>\n   \n\t\t\n          <article id=\"post-4038\" class=\"et_pb_post post-4038 wtwfb_entry type-wtwfb_entry status-publish has-post-thumbnail hentry wtwfb_category-balkone-terrassen-dachbegruenung-vertikale-gaerten wtwfb_region-bayern\">\n    <h2 class=\"entry-title\"><a href=\"https:\/\/wettbewerb-archiv.wir-tun-was-fuer-bienen.de\/archiv-2018\/eintrag\/fuer-sempervivum-ist-immer-platz\/\">F\u00fcr Sempervivum ist immer Platz<\/a>\n    <\/h2>\n    <a href=\"https:\/\/wettbewerb-archiv.wir-tun-was-fuer-bienen.de\/archiv-2018\/eintrag\/fuer-sempervivum-ist-immer-platz\/\">\n        <div class=\"bienen-entry-image\">\n            <img decoding=\"async\" width=\"400\" height=\"300\" src=\"https:\/\/wettbewerb-archiv.wir-tun-was-fuer-bienen.de\/archiv-2018\/wp-content\/uploads\/sites\/2\/2018\/05\/photo_2018-05-26_19-40-20-400x300.jpg\" class=\"attachment-bienen-grid-thumb size-bienen-grid-thumb wp-post-image\" alt=\"\" loading=\"lazy\" srcset=\"https:\/\/wettbewerb-archiv.wir-tun-was-fuer-bienen.de\/archiv-2018\/wp-content\/uploads\/sites\/2\/2018\/05\/photo_2018-05-26_19-40-20-400x300.jpg 400w, https:\/\/wettbewerb-archiv.wir-tun-was-fuer-bienen.de\/archiv-2018\/wp-content\/uploads\/sites\/2\/2018\/05\/photo_2018-05-26_19-40-20-510x382.jpg 510w\" sizes=\"(max-width: 400px) 100vw, 400px\" \/>                    <\/div>\n    <\/a>\n\n    <div class=\"images-grid\"><span><a href=\"https:\/\/wettbewerb-archiv.wir-tun-was-fuer-bienen.de\/archiv-2018\/eintrag\/fuer-sempervivum-ist-immer-platz\/\"><img decoding=\"async\" width=\"150\" height=\"150\" src=\"https:\/\/wettbewerb-archiv.wir-tun-was-fuer-bienen.de\/archiv-2018\/wp-content\/uploads\/sites\/2\/2018\/07\/photo_2018-07-31_14-29-36-150x150.jpg\" class=\"attachment-thumbnail size-thumbnail\" alt=\"\" loading=\"lazy\" \/><\/a><\/span><span><a href=\"https:\/\/wettbewerb-archiv.wir-tun-was-fuer-bienen.de\/archiv-2018\/eintrag\/fuer-sempervivum-ist-immer-platz\/\"><img decoding=\"async\" width=\"150\" height=\"150\" src=\"https:\/\/wettbewerb-archiv.wir-tun-was-fuer-bienen.de\/archiv-2018\/wp-content\/uploads\/sites\/2\/2018\/07\/photo_2018-07-31_14-29-27-150x150.jpg\" class=\"attachment-thumbnail size-thumbnail\" alt=\"\" loading=\"lazy\" \/><\/a><\/span><span><a href=\"https:\/\/wettbewerb-archiv.wir-tun-was-fuer-bienen.de\/archiv-2018\/eintrag\/fuer-sempervivum-ist-immer-platz\/\"><img decoding=\"async\" width=\"150\" height=\"150\" src=\"https:\/\/wettbewerb-archiv.wir-tun-was-fuer-bienen.de\/archiv-2018\/wp-content\/uploads\/sites\/2\/2018\/07\/photo_2018-07-31_14-29-31-150x150.jpg\" class=\"attachment-thumbnail size-thumbnail\" alt=\"\" loading=\"lazy\" \/><\/a><\/span><\/div>\n\n    <div class=\"user flex\">\n        \n                    <img decoding=\"async\" src=\"https:\/\/wettbewerb-archiv.wir-tun-was-fuer-bienen.de\/archiv-2018\/wp-content\/themes\/bienen\/assets\/images\/avatar-placeholder.png\" style=\"border-radius: 30px;\" height=\"30\" width=\"30\">\n            Dorothea Lang            <\/div>\n    \n    \n            <p class=\"categories meta\" style=\"width: 100%\"><span class=\"fa fa-tag\"\n                                                             aria-hidden=\"true\"><\/span> Balkone, Terrassen, Dachbegr\u00fcnung, vertikale G\u00e4rten        <\/p>\n    \n            <p class=\"categories meta\" style=\"width: 100%\"><span class=\"fa fa-map-marker\"\n                                                             aria-hidden=\"true\"><\/span> Bayern        <\/p>\n    \n<\/article>\n   \n\t\t\n          <article id=\"post-4025\" class=\"et_pb_post post-4025 wtwfb_entry type-wtwfb_entry status-publish has-post-thumbnail hentry wtwfb_category-balkone-terrassen-dachbegruenung-vertikale-gaerten wtwfb_region-bayern\">\n    <h2 class=\"entry-title\"><a href=\"https:\/\/wettbewerb-archiv.wir-tun-was-fuer-bienen.de\/archiv-2018\/eintrag\/pflanzkasten-fuer-baeume-und-stauden-kraeuter\/\">Pflanzkasten f\u00fcr B\u00e4ume und Stauden\/Kr\u00e4uter<\/a>\n    <\/h2>\n    <a href=\"https:\/\/wettbewerb-archiv.wir-tun-was-fuer-bienen.de\/archiv-2018\/eintrag\/pflanzkasten-fuer-baeume-und-stauden-kraeuter\/\">\n        <div class=\"bienen-entry-image\">\n            <img decoding=\"async\" width=\"400\" height=\"300\" src=\"https:\/\/wettbewerb-archiv.wir-tun-was-fuer-bienen.de\/archiv-2018\/wp-content\/uploads\/sites\/2\/2018\/05\/photo_2018-05-26_19-40-10-400x300.jpg\" class=\"attachment-bienen-grid-thumb size-bienen-grid-thumb wp-post-image\" alt=\"\" loading=\"lazy\" srcset=\"https:\/\/wettbewerb-archiv.wir-tun-was-fuer-bienen.de\/archiv-2018\/wp-content\/uploads\/sites\/2\/2018\/05\/photo_2018-05-26_19-40-10-400x300.jpg 400w, https:\/\/wettbewerb-archiv.wir-tun-was-fuer-bienen.de\/archiv-2018\/wp-content\/uploads\/sites\/2\/2018\/05\/photo_2018-05-26_19-40-10-510x382.jpg 510w\" sizes=\"(max-width: 400px) 100vw, 400px\" \/>                    <\/div>\n    <\/a>\n\n    <div class=\"images-grid\"><span><a href=\"https:\/\/wettbewerb-archiv.wir-tun-was-fuer-bienen.de\/archiv-2018\/eintrag\/pflanzkasten-fuer-baeume-und-stauden-kraeuter\/\"><img decoding=\"async\" width=\"150\" height=\"150\" src=\"https:\/\/wettbewerb-archiv.wir-tun-was-fuer-bienen.de\/archiv-2018\/wp-content\/uploads\/sites\/2\/2018\/05\/photo_2018-05-26_20-31-54-150x150.jpg\" class=\"attachment-thumbnail size-thumbnail\" alt=\"\" loading=\"lazy\" \/><\/a><\/span><span><a href=\"https:\/\/wettbewerb-archiv.wir-tun-was-fuer-bienen.de\/archiv-2018\/eintrag\/pflanzkasten-fuer-baeume-und-stauden-kraeuter\/\"><img decoding=\"async\" width=\"150\" height=\"150\" src=\"https:\/\/wettbewerb-archiv.wir-tun-was-fuer-bienen.de\/archiv-2018\/wp-content\/uploads\/sites\/2\/2018\/05\/photo_2018-05-26_19-40-47-150x150.jpg\" class=\"attachment-thumbnail size-thumbnail\" alt=\"\" loading=\"lazy\" \/><\/a><\/span><span><a href=\"https:\/\/wettbewerb-archiv.wir-tun-was-fuer-bienen.de\/archiv-2018\/eintrag\/pflanzkasten-fuer-baeume-und-stauden-kraeuter\/\"><img decoding=\"async\" width=\"150\" height=\"150\" src=\"https:\/\/wettbewerb-archiv.wir-tun-was-fuer-bienen.de\/archiv-2018\/wp-content\/uploads\/sites\/2\/2018\/05\/photo_2018-05-26_19-40-35-150x150.jpg\" class=\"attachment-thumbnail size-thumbnail\" alt=\"\" loading=\"lazy\" \/><\/a><\/span><\/div>\n\n    <div class=\"user flex\">\n        \n                    <img decoding=\"async\" src=\"https:\/\/wettbewerb-archiv.wir-tun-was-fuer-bienen.de\/archiv-2018\/wp-content\/themes\/bienen\/assets\/images\/avatar-placeholder.png\" style=\"border-radius: 30px;\" height=\"30\" width=\"30\">\n            Dorothea Lang            <\/div>\n    \n    \n            <p class=\"categories meta\" style=\"width: 100%\"><span class=\"fa fa-tag\"\n                                                             aria-hidden=\"true\"><\/span> Balkone, Terrassen, Dachbegr\u00fcnung, vertikale G\u00e4rten        <\/p>\n    \n            <p class=\"categories meta\" style=\"width: 100%\"><span class=\"fa fa-map-marker\"\n                                                             aria-hidden=\"true\"><\/span> Bayern        <\/p>\n    \n<\/article>\n   \n\t\t\n          <article id=\"post-4001\" class=\"et_pb_post post-4001 wtwfb_entry type-wtwfb_entry status-publish has-post-thumbnail hentry wtwfb_category-privatgaerten-und-gaerten-von-mietwohnungen-kleiner-500-quadratmeter wtwfb_region-bayern\">\n    <h2 class=\"entry-title\"><a href=\"https:\/\/wettbewerb-archiv.wir-tun-was-fuer-bienen.de\/archiv-2018\/eintrag\/schattiges-hochbeet-mit-kuemmerpflanzen-zu-miniteich-mit-totholz\/\">Miniteich mit Totholz<\/a>\n    <\/h2>\n    <a href=\"https:\/\/wettbewerb-archiv.wir-tun-was-fuer-bienen.de\/archiv-2018\/eintrag\/schattiges-hochbeet-mit-kuemmerpflanzen-zu-miniteich-mit-totholz\/\">\n        <div class=\"bienen-entry-image\">\n            <img decoding=\"async\" width=\"400\" height=\"300\" src=\"https:\/\/wettbewerb-archiv.wir-tun-was-fuer-bienen.de\/archiv-2018\/wp-content\/uploads\/sites\/2\/2018\/05\/photo_2018-05-26_19-43-40-400x300.jpg\" class=\"attachment-bienen-grid-thumb size-bienen-grid-thumb wp-post-image\" alt=\"\" loading=\"lazy\" srcset=\"https:\/\/wettbewerb-archiv.wir-tun-was-fuer-bienen.de\/archiv-2018\/wp-content\/uploads\/sites\/2\/2018\/05\/photo_2018-05-26_19-43-40-400x300.jpg 400w, https:\/\/wettbewerb-archiv.wir-tun-was-fuer-bienen.de\/archiv-2018\/wp-content\/uploads\/sites\/2\/2018\/05\/photo_2018-05-26_19-43-40-510x382.jpg 510w\" sizes=\"(max-width: 400px) 100vw, 400px\" \/>                    <\/div>\n    <\/a>\n\n    <div class=\"images-grid\"><span><a href=\"https:\/\/wettbewerb-archiv.wir-tun-was-fuer-bienen.de\/archiv-2018\/eintrag\/schattiges-hochbeet-mit-kuemmerpflanzen-zu-miniteich-mit-totholz\/\"><img decoding=\"async\" width=\"150\" height=\"150\" src=\"https:\/\/wettbewerb-archiv.wir-tun-was-fuer-bienen.de\/archiv-2018\/wp-content\/uploads\/sites\/2\/2018\/05\/photo_2018-05-26_19-43-46-150x150.jpg\" class=\"attachment-thumbnail size-thumbnail\" alt=\"\" loading=\"lazy\" \/><\/a><\/span><span><a href=\"https:\/\/wettbewerb-archiv.wir-tun-was-fuer-bienen.de\/archiv-2018\/eintrag\/schattiges-hochbeet-mit-kuemmerpflanzen-zu-miniteich-mit-totholz\/\"><img decoding=\"async\" width=\"150\" height=\"150\" src=\"https:\/\/wettbewerb-archiv.wir-tun-was-fuer-bienen.de\/archiv-2018\/wp-content\/uploads\/sites\/2\/2018\/05\/photo_2018-05-26_19-43-43-150x150.jpg\" class=\"attachment-thumbnail size-thumbnail\" alt=\"\" loading=\"lazy\" \/><\/a><\/span><span><a href=\"https:\/\/wettbewerb-archiv.wir-tun-was-fuer-bienen.de\/archiv-2018\/eintrag\/schattiges-hochbeet-mit-kuemmerpflanzen-zu-miniteich-mit-totholz\/\"><img decoding=\"async\" width=\"150\" height=\"150\" src=\"https:\/\/wettbewerb-archiv.wir-tun-was-fuer-bienen.de\/archiv-2018\/wp-content\/uploads\/sites\/2\/2018\/05\/photo_2018-05-26_19-43-40-1-150x150.jpg\" class=\"attachment-thumbnail size-thumbnail\" alt=\"\" loading=\"lazy\" \/><\/a><\/span><span><a href=\"https:\/\/wettbewerb-archiv.wir-tun-was-fuer-bienen.de\/archiv-2018\/eintrag\/schattiges-hochbeet-mit-kuemmerpflanzen-zu-miniteich-mit-totholz\/\"><img decoding=\"async\" width=\"150\" height=\"150\" src=\"https:\/\/wettbewerb-archiv.wir-tun-was-fuer-bienen.de\/archiv-2018\/wp-content\/uploads\/sites\/2\/2018\/07\/20180718_142557-150x150.jpg\" class=\"attachment-thumbnail size-thumbnail\" alt=\"\" loading=\"lazy\" \/><\/a><\/span><\/div>\n\n    <div class=\"user flex\">\n        \n                    <img decoding=\"async\" src=\"https:\/\/wettbewerb-archiv.wir-tun-was-fuer-bienen.de\/archiv-2018\/wp-content\/themes\/bienen\/assets\/images\/avatar-placeholder.png\" style=\"border-radius: 30px;\" height=\"30\" width=\"30\">\n            Dorothea Lang            <\/div>\n    \n    \n            <p class=\"categories meta\" style=\"width: 100%\"><span class=\"fa fa-tag\"\n                                                             aria-hidden=\"true\"><\/span> Privatg\u00e4rten und G\u00e4rten von Mietwohnungen (kleiner als 500 Quadratmeter)        <\/p>\n    \n            <p class=\"categories meta\" style=\"width: 100%\"><span class=\"fa fa-map-marker\"\n                                                             aria-hidden=\"true\"><\/span> Bayern        <\/p>\n    \n<\/article>\n   \n\t\t\n          <article id=\"post-3991\" class=\"et_pb_post post-3991 wtwfb_entry type-wtwfb_entry status-publish has-post-thumbnail hentry wtwfb_category-privatgaerten-und-gaerten-von-mietwohnungen-kleiner-500-quadratmeter wtwfb_region-bayern\">\n    <h2 class=\"entry-title\"><a href=\"https:\/\/wettbewerb-archiv.wir-tun-was-fuer-bienen.de\/archiv-2018\/eintrag\/vorgarten-soll-bluehen\/\">Unser Vorgarten soll bl\u00fchen<\/a>\n    <\/h2>\n    <a href=\"https:\/\/wettbewerb-archiv.wir-tun-was-fuer-bienen.de\/archiv-2018\/eintrag\/vorgarten-soll-bluehen\/\">\n        <div class=\"bienen-entry-image\">\n            <img decoding=\"async\" width=\"400\" height=\"300\" src=\"https:\/\/wettbewerb-archiv.wir-tun-was-fuer-bienen.de\/archiv-2018\/wp-content\/uploads\/sites\/2\/2018\/05\/IMG-20180423-WA0006-400x300.jpeg\" class=\"attachment-bienen-grid-thumb size-bienen-grid-thumb wp-post-image\" alt=\"\" loading=\"lazy\" srcset=\"https:\/\/wettbewerb-archiv.wir-tun-was-fuer-bienen.de\/archiv-2018\/wp-content\/uploads\/sites\/2\/2018\/05\/IMG-20180423-WA0006-400x300.jpeg 400w, https:\/\/wettbewerb-archiv.wir-tun-was-fuer-bienen.de\/archiv-2018\/wp-content\/uploads\/sites\/2\/2018\/05\/IMG-20180423-WA0006-510x382.jpeg 510w\" sizes=\"(max-width: 400px) 100vw, 400px\" \/>                    <\/div>\n    <\/a>\n\n    <div class=\"images-grid\"><span><a href=\"https:\/\/wettbewerb-archiv.wir-tun-was-fuer-bienen.de\/archiv-2018\/eintrag\/vorgarten-soll-bluehen\/\"><img decoding=\"async\" width=\"150\" height=\"150\" src=\"https:\/\/wettbewerb-archiv.wir-tun-was-fuer-bienen.de\/archiv-2018\/wp-content\/uploads\/sites\/2\/2018\/05\/20180526_145610-150x150.jpg\" class=\"attachment-thumbnail size-thumbnail\" alt=\"\" loading=\"lazy\" \/><\/a><\/span><\/div>\n\n    <div class=\"user flex\">\n        \n                    <img decoding=\"async\" src=\"https:\/\/wettbewerb-archiv.wir-tun-was-fuer-bienen.de\/archiv-2018\/wp-content\/themes\/bienen\/assets\/images\/avatar-placeholder.png\" style=\"border-radius: 30px;\" height=\"30\" width=\"30\">\n            Andrea            <\/div>\n    \n    \n            <p class=\"categories meta\" style=\"width: 100%\"><span class=\"fa fa-tag\"\n                                                             aria-hidden=\"true\"><\/span> Privatg\u00e4rten und G\u00e4rten von Mietwohnungen (kleiner als 500 Quadratmeter)        <\/p>\n    \n            <p class=\"categories meta\" style=\"width: 100%\"><span class=\"fa fa-map-marker\"\n                                                             aria-hidden=\"true\"><\/span> Bayern        <\/p>\n    \n<\/article>\n   \n\t\t\n          <article id=\"post-3974\" class=\"et_pb_post post-3974 wtwfb_entry type-wtwfb_entry status-publish has-post-thumbnail hentry wtwfb_category-balkone-terrassen-dachbegruenung-vertikale-gaerten wtwfb_region-nordrhein-westfalen\">\n    <h2 class=\"entry-title\"><a href=\"https:\/\/wettbewerb-archiv.wir-tun-was-fuer-bienen.de\/archiv-2018\/eintrag\/bienen-hotel-all-incluse\/\">Bienen Hotel all incluse<\/a>\n    <\/h2>\n    <a href=\"https:\/\/wettbewerb-archiv.wir-tun-was-fuer-bienen.de\/archiv-2018\/eintrag\/bienen-hotel-all-incluse\/\">\n        <div class=\"bienen-entry-image\">\n            <img decoding=\"async\" width=\"400\" height=\"300\" src=\"https:\/\/wettbewerb-archiv.wir-tun-was-fuer-bienen.de\/archiv-2018\/wp-content\/uploads\/sites\/2\/2018\/05\/Wettbewerb-Kopie-400x300.jpg\" class=\"attachment-bienen-grid-thumb size-bienen-grid-thumb wp-post-image\" alt=\"\" loading=\"lazy\" srcset=\"https:\/\/wettbewerb-archiv.wir-tun-was-fuer-bienen.de\/archiv-2018\/wp-content\/uploads\/sites\/2\/2018\/05\/Wettbewerb-Kopie-400x300.jpg 400w, https:\/\/wettbewerb-archiv.wir-tun-was-fuer-bienen.de\/archiv-2018\/wp-content\/uploads\/sites\/2\/2018\/05\/Wettbewerb-Kopie-300x225.jpg 300w, https:\/\/wettbewerb-archiv.wir-tun-was-fuer-bienen.de\/archiv-2018\/wp-content\/uploads\/sites\/2\/2018\/05\/Wettbewerb-Kopie-768x577.jpg 768w, https:\/\/wettbewerb-archiv.wir-tun-was-fuer-bienen.de\/archiv-2018\/wp-content\/uploads\/sites\/2\/2018\/05\/Wettbewerb-Kopie-1024x769.jpg 1024w, https:\/\/wettbewerb-archiv.wir-tun-was-fuer-bienen.de\/archiv-2018\/wp-content\/uploads\/sites\/2\/2018\/05\/Wettbewerb-Kopie-510x382.jpg 510w, https:\/\/wettbewerb-archiv.wir-tun-was-fuer-bienen.de\/archiv-2018\/wp-content\/uploads\/sites\/2\/2018\/05\/Wettbewerb-Kopie-1080x811.jpg 1080w, https:\/\/wettbewerb-archiv.wir-tun-was-fuer-bienen.de\/archiv-2018\/wp-content\/uploads\/sites\/2\/2018\/05\/Wettbewerb-Kopie.jpg 1920w\" sizes=\"(max-width: 400px) 100vw, 400px\" \/>                    <\/div>\n    <\/a>\n\n    <div class=\"images-grid\"><span><a href=\"https:\/\/wettbewerb-archiv.wir-tun-was-fuer-bienen.de\/archiv-2018\/eintrag\/bienen-hotel-all-incluse\/\"><img decoding=\"async\" width=\"150\" height=\"150\" src=\"https:\/\/wettbewerb-archiv.wir-tun-was-fuer-bienen.de\/archiv-2018\/wp-content\/uploads\/sites\/2\/2018\/05\/IMG_5169-1-150x150.jpg\" class=\"attachment-thumbnail size-thumbnail\" alt=\"\" loading=\"lazy\" \/><\/a><\/span><span><a href=\"https:\/\/wettbewerb-archiv.wir-tun-was-fuer-bienen.de\/archiv-2018\/eintrag\/bienen-hotel-all-incluse\/\"><img decoding=\"async\" width=\"150\" height=\"150\" src=\"https:\/\/wettbewerb-archiv.wir-tun-was-fuer-bienen.de\/archiv-2018\/wp-content\/uploads\/sites\/2\/2018\/05\/IMG_5166-1-150x150.jpg\" class=\"attachment-thumbnail size-thumbnail\" alt=\"\" loading=\"lazy\" \/><\/a><\/span><span><a href=\"https:\/\/wettbewerb-archiv.wir-tun-was-fuer-bienen.de\/archiv-2018\/eintrag\/bienen-hotel-all-incluse\/\"><img decoding=\"async\" width=\"150\" height=\"150\" src=\"https:\/\/wettbewerb-archiv.wir-tun-was-fuer-bienen.de\/archiv-2018\/wp-content\/uploads\/sites\/2\/2018\/05\/IMG_5167-150x150.jpg\" class=\"attachment-thumbnail size-thumbnail\" alt=\"\" loading=\"lazy\" \/><\/a><\/span><\/div>\n\n    <div class=\"user flex\">\n        \n                    <img decoding=\"async\" src=\"https:\/\/wettbewerb-archiv.wir-tun-was-fuer-bienen.de\/archiv-2018\/wp-content\/themes\/bienen\/assets\/images\/avatar-placeholder.png\" style=\"border-radius: 30px;\" height=\"30\" width=\"30\">\n            Glanzk\u00e4fer            <\/div>\n    \n    \n            <p class=\"categories meta\" style=\"width: 100%\"><span class=\"fa fa-tag\"\n                                                             aria-hidden=\"true\"><\/span> Balkone, Terrassen, Dachbegr\u00fcnung, vertikale G\u00e4rten        <\/p>\n    \n            <p class=\"categories meta\" style=\"width: 100%\"><span class=\"fa fa-map-marker\"\n                                                             aria-hidden=\"true\"><\/span> Nordrhein-Westfalen        <\/p>\n    \n<\/article>\n   \n\t\t\n          <article id=\"post-3966\" class=\"et_pb_post post-3966 wtwfb_entry type-wtwfb_entry status-publish has-post-thumbnail hentry wtwfb_category-kleingartenwesen-parzellen-und-gemeinschaftsgaerten wtwfb_region-berlin\">\n    <h2 class=\"entry-title\"><a href=\"https:\/\/wettbewerb-archiv.wir-tun-was-fuer-bienen.de\/archiv-2018\/eintrag\/alles-was-die-biene-braucht-auf-kleinstem-raum\/\">Alles, was die Biene braucht, auf kleinstem Raum<\/a>\n    <\/h2>\n    <a href=\"https:\/\/wettbewerb-archiv.wir-tun-was-fuer-bienen.de\/archiv-2018\/eintrag\/alles-was-die-biene-braucht-auf-kleinstem-raum\/\">\n        <div class=\"bienen-entry-image\">\n            <img decoding=\"async\" width=\"400\" height=\"300\" src=\"https:\/\/wettbewerb-archiv.wir-tun-was-fuer-bienen.de\/archiv-2018\/wp-content\/uploads\/sites\/2\/2018\/05\/asp-bild-inkl-logo-1-400x300.jpg\" class=\"attachment-bienen-grid-thumb size-bienen-grid-thumb wp-post-image\" alt=\"\" loading=\"lazy\" srcset=\"https:\/\/wettbewerb-archiv.wir-tun-was-fuer-bienen.de\/archiv-2018\/wp-content\/uploads\/sites\/2\/2018\/05\/asp-bild-inkl-logo-1-400x300.jpg 400w, https:\/\/wettbewerb-archiv.wir-tun-was-fuer-bienen.de\/archiv-2018\/wp-content\/uploads\/sites\/2\/2018\/05\/asp-bild-inkl-logo-1-510x382.jpg 510w\" sizes=\"(max-width: 400px) 100vw, 400px\" \/>                    <\/div>\n    <\/a>\n\n    <div class=\"images-grid\"><span><a href=\"https:\/\/wettbewerb-archiv.wir-tun-was-fuer-bienen.de\/archiv-2018\/eintrag\/alles-was-die-biene-braucht-auf-kleinstem-raum\/\"><img decoding=\"async\" width=\"150\" height=\"150\" src=\"https:\/\/wettbewerb-archiv.wir-tun-was-fuer-bienen.de\/archiv-2018\/wp-content\/uploads\/sites\/2\/2018\/05\/20180526_145133-150x150.jpg\" class=\"attachment-thumbnail size-thumbnail\" alt=\"\" loading=\"lazy\" \/><\/a><\/span><span><a href=\"https:\/\/wettbewerb-archiv.wir-tun-was-fuer-bienen.de\/archiv-2018\/eintrag\/alles-was-die-biene-braucht-auf-kleinstem-raum\/\"><img decoding=\"async\" width=\"150\" height=\"150\" src=\"https:\/\/wettbewerb-archiv.wir-tun-was-fuer-bienen.de\/archiv-2018\/wp-content\/uploads\/sites\/2\/2018\/05\/20180526_145831-150x150.jpg\" class=\"attachment-thumbnail size-thumbnail\" alt=\"\" loading=\"lazy\" \/><\/a><\/span><span><a href=\"https:\/\/wettbewerb-archiv.wir-tun-was-fuer-bienen.de\/archiv-2018\/eintrag\/alles-was-die-biene-braucht-auf-kleinstem-raum\/\"><img decoding=\"async\" width=\"150\" height=\"150\" src=\"https:\/\/wettbewerb-archiv.wir-tun-was-fuer-bienen.de\/archiv-2018\/wp-content\/uploads\/sites\/2\/2018\/05\/20180526_171010-150x150.jpg\" class=\"attachment-thumbnail size-thumbnail\" alt=\"\" loading=\"lazy\" \/><\/a><\/span><span><a href=\"https:\/\/wettbewerb-archiv.wir-tun-was-fuer-bienen.de\/archiv-2018\/eintrag\/alles-was-die-biene-braucht-auf-kleinstem-raum\/\"><img decoding=\"async\" width=\"150\" height=\"150\" src=\"https:\/\/wettbewerb-archiv.wir-tun-was-fuer-bienen.de\/archiv-2018\/wp-content\/uploads\/sites\/2\/2018\/06\/20180531_110312-150x150.jpg\" class=\"attachment-thumbnail size-thumbnail\" alt=\"\" loading=\"lazy\" \/><\/a><\/span><\/div>\n\n    <div class=\"user flex\">\n        \n                    <img decoding=\"async\" src=\"https:\/\/wettbewerb-archiv.wir-tun-was-fuer-bienen.de\/archiv-2018\/wp-content\/themes\/bienen\/assets\/images\/avatar-placeholder.png\" style=\"border-radius: 30px;\" height=\"30\" width=\"30\">\n            Nachbarschaftsgarten ASP            <\/div>\n    \n    <p class=\"categories meta bienen-gewinner\"><span class=\"fa fa-trophy\"                                                              aria-hidden=\"true\"><\/span> Gewinner<\/p>\n            <p class=\"categories meta\" style=\"width: 100%\"><span class=\"fa fa-tag\"\n                                                             aria-hidden=\"true\"><\/span> Kleingartenwesen: Parzellen und Gemeinschaftsg\u00e4rten        <\/p>\n    \n            <p class=\"categories meta\" style=\"width: 100%\"><span class=\"fa fa-map-marker\"\n                                                             aria-hidden=\"true\"><\/span> Berlin        <\/p>\n    \n<\/article>\n   \n\t\t\n          <article id=\"post-3936\" class=\"et_pb_post post-3936 wtwfb_entry type-wtwfb_entry status-publish has-post-thumbnail hentry wtwfb_category-schul-und-jugendclub-gaerten wtwfb_region-nordrhein-westfalen\">\n    <h2 class=\"entry-title\"><a href=\"https:\/\/wettbewerb-archiv.wir-tun-was-fuer-bienen.de\/archiv-2018\/eintrag\/bluehendes-facettenreich\/\">Bl\u00fchendes Facettenreich<\/a>\n    <\/h2>\n    <a href=\"https:\/\/wettbewerb-archiv.wir-tun-was-fuer-bienen.de\/archiv-2018\/eintrag\/bluehendes-facettenreich\/\">\n        <div class=\"bienen-entry-image\">\n            <img decoding=\"async\" width=\"400\" height=\"300\" src=\"https:\/\/wettbewerb-archiv.wir-tun-was-fuer-bienen.de\/archiv-2018\/wp-content\/uploads\/sites\/2\/2018\/05\/Motivierte-Kinder-400x300.jpg\" class=\"attachment-bienen-grid-thumb size-bienen-grid-thumb wp-post-image\" alt=\"\" loading=\"lazy\" srcset=\"https:\/\/wettbewerb-archiv.wir-tun-was-fuer-bienen.de\/archiv-2018\/wp-content\/uploads\/sites\/2\/2018\/05\/Motivierte-Kinder-400x300.jpg 400w, https:\/\/wettbewerb-archiv.wir-tun-was-fuer-bienen.de\/archiv-2018\/wp-content\/uploads\/sites\/2\/2018\/05\/Motivierte-Kinder-510x382.jpg 510w\" sizes=\"(max-width: 400px) 100vw, 400px\" \/>                    <\/div>\n    <\/a>\n\n    <div class=\"images-grid\"><span><a href=\"https:\/\/wettbewerb-archiv.wir-tun-was-fuer-bienen.de\/archiv-2018\/eintrag\/bluehendes-facettenreich\/\"><img decoding=\"async\" width=\"150\" height=\"150\" src=\"https:\/\/wettbewerb-archiv.wir-tun-was-fuer-bienen.de\/archiv-2018\/wp-content\/uploads\/sites\/2\/2018\/06\/IMG_8760-150x150.jpg\" class=\"attachment-thumbnail size-thumbnail\" alt=\"\" loading=\"lazy\" \/><\/a><\/span><span><a href=\"https:\/\/wettbewerb-archiv.wir-tun-was-fuer-bienen.de\/archiv-2018\/eintrag\/bluehendes-facettenreich\/\"><img decoding=\"async\" width=\"150\" height=\"150\" src=\"https:\/\/wettbewerb-archiv.wir-tun-was-fuer-bienen.de\/archiv-2018\/wp-content\/uploads\/sites\/2\/2018\/06\/IMG_8767-150x150.jpg\" class=\"attachment-thumbnail size-thumbnail\" alt=\"\" loading=\"lazy\" \/><\/a><\/span><span><a href=\"https:\/\/wettbewerb-archiv.wir-tun-was-fuer-bienen.de\/archiv-2018\/eintrag\/bluehendes-facettenreich\/\"><img decoding=\"async\" width=\"150\" height=\"150\" src=\"https:\/\/wettbewerb-archiv.wir-tun-was-fuer-bienen.de\/archiv-2018\/wp-content\/uploads\/sites\/2\/2018\/06\/IMG_8785-150x150.jpg\" class=\"attachment-thumbnail size-thumbnail\" alt=\"\" loading=\"lazy\" \/><\/a><\/span><span><a href=\"https:\/\/wettbewerb-archiv.wir-tun-was-fuer-bienen.de\/archiv-2018\/eintrag\/bluehendes-facettenreich\/\"><img decoding=\"async\" width=\"150\" height=\"150\" src=\"https:\/\/wettbewerb-archiv.wir-tun-was-fuer-bienen.de\/archiv-2018\/wp-content\/uploads\/sites\/2\/2018\/06\/IMG_8775-150x150.jpg\" class=\"attachment-thumbnail size-thumbnail\" alt=\"\" loading=\"lazy\" \/><\/a><\/span><\/div>\n\n    <div class=\"user flex\">\n        \n                    <img decoding=\"async\" src=\"https:\/\/wettbewerb-archiv.wir-tun-was-fuer-bienen.de\/archiv-2018\/wp-content\/themes\/bienen\/assets\/images\/avatar-placeholder.png\" style=\"border-radius: 30px;\" height=\"30\" width=\"30\">\n            Kapuzinerkresse            <\/div>\n    \n    \n            <p class=\"categories meta\" style=\"width: 100%\"><span class=\"fa fa-tag\"\n                                                             aria-hidden=\"true\"><\/span> Schul- und Jugendclub-G\u00e4rten        <\/p>\n    \n            <p class=\"categories meta\" style=\"width: 100%\"><span class=\"fa fa-map-marker\"\n                                                             aria-hidden=\"true\"><\/span> Nordrhein-Westfalen        <\/p>\n    \n<\/article>\n   \n\t\t\n          <article id=\"post-3872\" class=\"et_pb_post post-3872 wtwfb_entry type-wtwfb_entry status-publish has-post-thumbnail hentry wtwfb_category-privatgaerten-und-gaerten-von-mietwohnungen-kleiner-500-quadratmeter wtwfb_region-baden-wuerttemberg\">\n    <h2 class=\"entry-title\"><a href=\"https:\/\/wettbewerb-archiv.wir-tun-was-fuer-bienen.de\/archiv-2018\/eintrag\/mohnbluete\/\">Mohnbl\u00fcte<\/a>\n    <\/h2>\n    <a href=\"https:\/\/wettbewerb-archiv.wir-tun-was-fuer-bienen.de\/archiv-2018\/eintrag\/mohnbluete\/\">\n        <div class=\"bienen-entry-image\">\n            <img decoding=\"async\" width=\"400\" height=\"300\" src=\"https:\/\/wettbewerb-archiv.wir-tun-was-fuer-bienen.de\/archiv-2018\/wp-content\/uploads\/sites\/2\/2018\/05\/IMG-20180524-WA0008-400x300.jpg\" class=\"attachment-bienen-grid-thumb size-bienen-grid-thumb wp-post-image\" alt=\"\" loading=\"lazy\" srcset=\"https:\/\/wettbewerb-archiv.wir-tun-was-fuer-bienen.de\/archiv-2018\/wp-content\/uploads\/sites\/2\/2018\/05\/IMG-20180524-WA0008-400x300.jpg 400w, https:\/\/wettbewerb-archiv.wir-tun-was-fuer-bienen.de\/archiv-2018\/wp-content\/uploads\/sites\/2\/2018\/05\/IMG-20180524-WA0008-300x225.jpg 300w, https:\/\/wettbewerb-archiv.wir-tun-was-fuer-bienen.de\/archiv-2018\/wp-content\/uploads\/sites\/2\/2018\/05\/IMG-20180524-WA0008-768x576.jpg 768w, https:\/\/wettbewerb-archiv.wir-tun-was-fuer-bienen.de\/archiv-2018\/wp-content\/uploads\/sites\/2\/2018\/05\/IMG-20180524-WA0008-1024x768.jpg 1024w, https:\/\/wettbewerb-archiv.wir-tun-was-fuer-bienen.de\/archiv-2018\/wp-content\/uploads\/sites\/2\/2018\/05\/IMG-20180524-WA0008-510x382.jpg 510w, https:\/\/wettbewerb-archiv.wir-tun-was-fuer-bienen.de\/archiv-2018\/wp-content\/uploads\/sites\/2\/2018\/05\/IMG-20180524-WA0008-1080x810.jpg 1080w, https:\/\/wettbewerb-archiv.wir-tun-was-fuer-bienen.de\/archiv-2018\/wp-content\/uploads\/sites\/2\/2018\/05\/IMG-20180524-WA0008.jpg 1152w\" sizes=\"(max-width: 400px) 100vw, 400px\" \/>                    <\/div>\n    <\/a>\n\n    <div class=\"images-grid\"><span><a href=\"https:\/\/wettbewerb-archiv.wir-tun-was-fuer-bienen.de\/archiv-2018\/eintrag\/mohnbluete\/\"><img decoding=\"async\" width=\"150\" height=\"150\" src=\"https:\/\/wettbewerb-archiv.wir-tun-was-fuer-bienen.de\/archiv-2018\/wp-content\/uploads\/sites\/2\/2018\/05\/IMG-20180524-WA0009-150x150.jpg\" class=\"attachment-thumbnail size-thumbnail\" alt=\"\" loading=\"lazy\" \/><\/a><\/span><\/div>\n\n    <div class=\"user flex\">\n        \n                    <img decoding=\"async\" src=\"https:\/\/wettbewerb-archiv.wir-tun-was-fuer-bienen.de\/archiv-2018\/wp-content\/themes\/bienen\/assets\/images\/avatar-placeholder.png\" style=\"border-radius: 30px;\" height=\"30\" width=\"30\">\n            ClaudiaGrubisic            <\/div>\n    \n    \n            <p class=\"categories meta\" style=\"width: 100%\"><span class=\"fa fa-tag\"\n                                                             aria-hidden=\"true\"><\/span> Privatg\u00e4rten und G\u00e4rten von Mietwohnungen (kleiner als 500 Quadratmeter)        <\/p>\n    \n            <p class=\"categories meta\" style=\"width: 100%\"><span class=\"fa fa-map-marker\"\n                                                             aria-hidden=\"true\"><\/span> Baden-W\u00fcrttemberg        <\/p>\n    \n<\/article>\n   \n\t\t\n          <article id=\"post-3862\" class=\"et_pb_post post-3862 wtwfb_entry type-wtwfb_entry status-publish has-post-thumbnail hentry wtwfb_category-schul-und-jugendclub-gaerten wtwfb_region-bayern\">\n    <h2 class=\"entry-title\"><a href=\"https:\/\/wettbewerb-archiv.wir-tun-was-fuer-bienen.de\/archiv-2018\/eintrag\/hilfe-fuer-biene-maja-und-ihre-freunde\/\">Hilfe f\u00fcr Biene Maja und ihre Freunde<\/a>\n    <\/h2>\n    <a href=\"https:\/\/wettbewerb-archiv.wir-tun-was-fuer-bienen.de\/archiv-2018\/eintrag\/hilfe-fuer-biene-maja-und-ihre-freunde\/\">\n        <div class=\"bienen-entry-image\">\n            <img decoding=\"async\" width=\"400\" height=\"300\" src=\"https:\/\/wettbewerb-archiv.wir-tun-was-fuer-bienen.de\/archiv-2018\/wp-content\/uploads\/sites\/2\/2018\/05\/IMG_4963-400x300.jpg\" class=\"attachment-bienen-grid-thumb size-bienen-grid-thumb wp-post-image\" alt=\"\" loading=\"lazy\" srcset=\"https:\/\/wettbewerb-archiv.wir-tun-was-fuer-bienen.de\/archiv-2018\/wp-content\/uploads\/sites\/2\/2018\/05\/IMG_4963-400x300.jpg 400w, https:\/\/wettbewerb-archiv.wir-tun-was-fuer-bienen.de\/archiv-2018\/wp-content\/uploads\/sites\/2\/2018\/05\/IMG_4963-510x382.jpg 510w\" sizes=\"(max-width: 400px) 100vw, 400px\" \/>                    <\/div>\n    <\/a>\n\n    <div class=\"images-grid\"><span><a href=\"https:\/\/wettbewerb-archiv.wir-tun-was-fuer-bienen.de\/archiv-2018\/eintrag\/hilfe-fuer-biene-maja-und-ihre-freunde\/\"><img decoding=\"async\" width=\"150\" height=\"150\" src=\"https:\/\/wettbewerb-archiv.wir-tun-was-fuer-bienen.de\/archiv-2018\/wp-content\/uploads\/sites\/2\/2018\/07\/IMG_6096-150x150.jpg\" class=\"attachment-thumbnail size-thumbnail\" alt=\"\" loading=\"lazy\" \/><\/a><\/span><span><a href=\"https:\/\/wettbewerb-archiv.wir-tun-was-fuer-bienen.de\/archiv-2018\/eintrag\/hilfe-fuer-biene-maja-und-ihre-freunde\/\"><img decoding=\"async\" width=\"150\" height=\"150\" src=\"https:\/\/wettbewerb-archiv.wir-tun-was-fuer-bienen.de\/archiv-2018\/wp-content\/uploads\/sites\/2\/2018\/07\/IMG_6097-150x150.jpg\" class=\"attachment-thumbnail size-thumbnail\" alt=\"\" loading=\"lazy\" \/><\/a><\/span><\/div>\n\n    <div class=\"user flex\">\n        \n                    <img decoding=\"async\" src=\"https:\/\/wettbewerb-archiv.wir-tun-was-fuer-bienen.de\/archiv-2018\/wp-content\/themes\/bienen\/assets\/images\/avatar-placeholder.png\" style=\"border-radius: 30px;\" height=\"30\" width=\"30\">\n            Grundschule Teuschnitz            <\/div>\n    \n    \n            <p class=\"categories meta\" style=\"width: 100%\"><span class=\"fa fa-tag\"\n                                                             aria-hidden=\"true\"><\/span> Schul- und Jugendclub-G\u00e4rten        <\/p>\n    \n            <p class=\"categories meta\" style=\"width: 100%\"><span class=\"fa fa-map-marker\"\n                                                             aria-hidden=\"true\"><\/span> Bayern        <\/p>\n    \n<\/article>\n   \n\t\t\n          <article id=\"post-3852\" class=\"et_pb_post post-3852 wtwfb_entry type-wtwfb_entry status-publish has-post-thumbnail hentry wtwfb_category-privatgaerten-und-gaerten-von-mietwohnungen-kleiner-500-quadratmeter wtwfb_region-rheinland-pfalz\">\n    <h2 class=\"entry-title\"><a href=\"https:\/\/wettbewerb-archiv.wir-tun-was-fuer-bienen.de\/archiv-2018\/eintrag\/klein-aber-oho\/\">Klein aber OHO!!!!!!!!!!<\/a>\n    <\/h2>\n    <a href=\"https:\/\/wettbewerb-archiv.wir-tun-was-fuer-bienen.de\/archiv-2018\/eintrag\/klein-aber-oho\/\">\n        <div class=\"bienen-entry-image\">\n            <img decoding=\"async\" width=\"400\" height=\"300\" src=\"https:\/\/wettbewerb-archiv.wir-tun-was-fuer-bienen.de\/archiv-2018\/wp-content\/uploads\/sites\/2\/2018\/05\/Julia-mit-Steinkauz-400x300.jpg\" class=\"attachment-bienen-grid-thumb size-bienen-grid-thumb wp-post-image\" alt=\"\" loading=\"lazy\" srcset=\"https:\/\/wettbewerb-archiv.wir-tun-was-fuer-bienen.de\/archiv-2018\/wp-content\/uploads\/sites\/2\/2018\/05\/Julia-mit-Steinkauz-400x300.jpg 400w, https:\/\/wettbewerb-archiv.wir-tun-was-fuer-bienen.de\/archiv-2018\/wp-content\/uploads\/sites\/2\/2018\/05\/Julia-mit-Steinkauz-510x382.jpg 510w\" sizes=\"(max-width: 400px) 100vw, 400px\" \/>                    <\/div>\n    <\/a>\n\n    <div class=\"images-grid\"><\/div>\n\n    <div class=\"user flex\">\n        \n                    <img decoding=\"async\" src=\"https:\/\/wettbewerb-archiv.wir-tun-was-fuer-bienen.de\/archiv-2018\/wp-content\/themes\/bienen\/assets\/images\/avatar-placeholder.png\" style=\"border-radius: 30px;\" height=\"30\" width=\"30\">\n            Familie Walter            <\/div>\n    \n    \n            <p class=\"categories meta\" style=\"width: 100%\"><span class=\"fa fa-tag\"\n                                                             aria-hidden=\"true\"><\/span> Privatg\u00e4rten und G\u00e4rten von Mietwohnungen (kleiner als 500 Quadratmeter)        <\/p>\n    \n            <p class=\"categories meta\" style=\"width: 100%\"><span class=\"fa fa-map-marker\"\n                                                             aria-hidden=\"true\"><\/span> Rheinland-Pfalz        <\/p>\n    \n<\/article>\n   \n\t\t\n          <article id=\"post-3840\" class=\"et_pb_post post-3840 wtwfb_entry type-wtwfb_entry status-publish has-post-thumbnail hentry wtwfb_category-schul-und-jugendclub-gaerten wtwfb_region-bayern\">\n    <h2 class=\"entry-title\"><a href=\"https:\/\/wettbewerb-archiv.wir-tun-was-fuer-bienen.de\/archiv-2018\/eintrag\/staedtischer-kindergarten-pullinger-regenboge\/\">St\u00e4dtischer Kindergarten Pullinger Regenbogen<\/a>\n    <\/h2>\n    <a href=\"https:\/\/wettbewerb-archiv.wir-tun-was-fuer-bienen.de\/archiv-2018\/eintrag\/staedtischer-kindergarten-pullinger-regenboge\/\">\n        <div class=\"bienen-entry-image\">\n            <img decoding=\"async\" width=\"400\" height=\"300\" src=\"https:\/\/wettbewerb-archiv.wir-tun-was-fuer-bienen.de\/archiv-2018\/wp-content\/uploads\/sites\/2\/2018\/05\/DSC03647-400x300.jpg\" class=\"attachment-bienen-grid-thumb size-bienen-grid-thumb wp-post-image\" alt=\"\" loading=\"lazy\" srcset=\"https:\/\/wettbewerb-archiv.wir-tun-was-fuer-bienen.de\/archiv-2018\/wp-content\/uploads\/sites\/2\/2018\/05\/DSC03647-400x300.jpg 400w, https:\/\/wettbewerb-archiv.wir-tun-was-fuer-bienen.de\/archiv-2018\/wp-content\/uploads\/sites\/2\/2018\/05\/DSC03647-510x382.jpg 510w\" sizes=\"(max-width: 400px) 100vw, 400px\" \/>                    <\/div>\n    <\/a>\n\n    <div class=\"images-grid\"><span><a href=\"https:\/\/wettbewerb-archiv.wir-tun-was-fuer-bienen.de\/archiv-2018\/eintrag\/staedtischer-kindergarten-pullinger-regenboge\/\"><img decoding=\"async\" width=\"150\" height=\"150\" src=\"https:\/\/wettbewerb-archiv.wir-tun-was-fuer-bienen.de\/archiv-2018\/wp-content\/uploads\/sites\/2\/2018\/05\/DSC03557-150x150.jpg\" class=\"attachment-thumbnail size-thumbnail\" alt=\"\" loading=\"lazy\" \/><\/a><\/span><span><a href=\"https:\/\/wettbewerb-archiv.wir-tun-was-fuer-bienen.de\/archiv-2018\/eintrag\/staedtischer-kindergarten-pullinger-regenboge\/\"><img decoding=\"async\" width=\"150\" height=\"150\" src=\"https:\/\/wettbewerb-archiv.wir-tun-was-fuer-bienen.de\/archiv-2018\/wp-content\/uploads\/sites\/2\/2018\/05\/DSC03552-150x150.jpg\" class=\"attachment-thumbnail size-thumbnail\" alt=\"\" loading=\"lazy\" \/><\/a><\/span><span><a href=\"https:\/\/wettbewerb-archiv.wir-tun-was-fuer-bienen.de\/archiv-2018\/eintrag\/staedtischer-kindergarten-pullinger-regenboge\/\"><img decoding=\"async\" width=\"150\" height=\"150\" src=\"https:\/\/wettbewerb-archiv.wir-tun-was-fuer-bienen.de\/archiv-2018\/wp-content\/uploads\/sites\/2\/2018\/05\/DSC03561-150x150.jpg\" class=\"attachment-thumbnail size-thumbnail\" alt=\"\" loading=\"lazy\" \/><\/a><\/span><span><a href=\"https:\/\/wettbewerb-archiv.wir-tun-was-fuer-bienen.de\/archiv-2018\/eintrag\/staedtischer-kindergarten-pullinger-regenboge\/\"><img decoding=\"async\" width=\"150\" height=\"150\" src=\"https:\/\/wettbewerb-archiv.wir-tun-was-fuer-bienen.de\/archiv-2018\/wp-content\/uploads\/sites\/2\/2018\/05\/DSC03564-150x150.jpg\" class=\"attachment-thumbnail size-thumbnail\" alt=\"\" loading=\"lazy\" \/><\/a><\/span><\/div>\n\n    <div class=\"user flex\">\n        \n                    <img decoding=\"async\" src=\"https:\/\/wettbewerb-archiv.wir-tun-was-fuer-bienen.de\/archiv-2018\/wp-content\/themes\/bienen\/assets\/images\/avatar-placeholder.png\" style=\"border-radius: 30px;\" height=\"30\" width=\"30\">\n            Iris Fladerer            <\/div>\n    \n    \n            <p class=\"categories meta\" style=\"width: 100%\"><span class=\"fa fa-tag\"\n                                                             aria-hidden=\"true\"><\/span> Schul- und Jugendclub-G\u00e4rten        <\/p>\n    \n            <p class=\"categories meta\" style=\"width: 100%\"><span class=\"fa fa-map-marker\"\n                                                             aria-hidden=\"true\"><\/span> Bayern        <\/p>\n    \n<\/article>\n   \n\t\t\n          <article id=\"post-3835\" class=\"et_pb_post post-3835 wtwfb_entry type-wtwfb_entry status-publish has-post-thumbnail hentry wtwfb_category-schul-und-jugendclub-gaerten wtwfb_region-berlin\">\n    <h2 class=\"entry-title\"><a href=\"https:\/\/wettbewerb-archiv.wir-tun-was-fuer-bienen.de\/archiv-2018\/eintrag\/wohn-und-futterplaetze\/\">Wohn- und Futterpl\u00e4tze<\/a>\n    <\/h2>\n    <a href=\"https:\/\/wettbewerb-archiv.wir-tun-was-fuer-bienen.de\/archiv-2018\/eintrag\/wohn-und-futterplaetze\/\">\n        <div class=\"bienen-entry-image\">\n            <img decoding=\"async\" width=\"400\" height=\"300\" src=\"https:\/\/wettbewerb-archiv.wir-tun-was-fuer-bienen.de\/archiv-2018\/wp-content\/uploads\/sites\/2\/2018\/07\/20180708_120720-400x300.jpg\" class=\"attachment-bienen-grid-thumb size-bienen-grid-thumb wp-post-image\" alt=\"\" loading=\"lazy\" \/>                    <\/div>\n    <\/a>\n\n    <div class=\"images-grid\"><span><a href=\"https:\/\/wettbewerb-archiv.wir-tun-was-fuer-bienen.de\/archiv-2018\/eintrag\/wohn-und-futterplaetze\/\"><img decoding=\"async\" width=\"150\" height=\"150\" src=\"https:\/\/wettbewerb-archiv.wir-tun-was-fuer-bienen.de\/archiv-2018\/wp-content\/uploads\/sites\/2\/2018\/05\/20180523_110316-150x150.jpg\" class=\"attachment-thumbnail size-thumbnail\" alt=\"\" loading=\"lazy\" \/><\/a><\/span><span><a href=\"https:\/\/wettbewerb-archiv.wir-tun-was-fuer-bienen.de\/archiv-2018\/eintrag\/wohn-und-futterplaetze\/\"><img decoding=\"async\" width=\"150\" height=\"150\" src=\"https:\/\/wettbewerb-archiv.wir-tun-was-fuer-bienen.de\/archiv-2018\/wp-content\/uploads\/sites\/2\/2018\/05\/20180523_110423-1-150x150.jpg\" class=\"attachment-thumbnail size-thumbnail\" alt=\"\" loading=\"lazy\" \/><\/a><\/span><span><a href=\"https:\/\/wettbewerb-archiv.wir-tun-was-fuer-bienen.de\/archiv-2018\/eintrag\/wohn-und-futterplaetze\/\"><img decoding=\"async\" width=\"150\" height=\"150\" src=\"https:\/\/wettbewerb-archiv.wir-tun-was-fuer-bienen.de\/archiv-2018\/wp-content\/uploads\/sites\/2\/2018\/05\/20180523_131846-150x150.jpg\" class=\"attachment-thumbnail size-thumbnail\" alt=\"\" loading=\"lazy\" \/><\/a><\/span><span><a href=\"https:\/\/wettbewerb-archiv.wir-tun-was-fuer-bienen.de\/archiv-2018\/eintrag\/wohn-und-futterplaetze\/\"><img decoding=\"async\" width=\"150\" height=\"150\" src=\"https:\/\/wettbewerb-archiv.wir-tun-was-fuer-bienen.de\/archiv-2018\/wp-content\/uploads\/sites\/2\/2018\/05\/20180524_113330-150x150.jpg\" class=\"attachment-thumbnail size-thumbnail\" alt=\"\" loading=\"lazy\" \/><\/a><\/span><\/div>\n\n    <div class=\"user flex\">\n        \n                    <img decoding=\"async\" src=\"https:\/\/wettbewerb-archiv.wir-tun-was-fuer-bienen.de\/archiv-2018\/wp-content\/themes\/bienen\/assets\/images\/avatar-placeholder.png\" style=\"border-radius: 30px;\" height=\"30\" width=\"30\">\n            Ev. Dreik\u00f6nigskita            <\/div>\n    \n    \n            <p class=\"categories meta\" style=\"width: 100%\"><span class=\"fa fa-tag\"\n                                                             aria-hidden=\"true\"><\/span> Schul- und Jugendclub-G\u00e4rten        <\/p>\n    \n            <p class=\"categories meta\" style=\"width: 100%\"><span class=\"fa fa-map-marker\"\n                                                             aria-hidden=\"true\"><\/span> Berlin        <\/p>\n    \n<\/article>\n   \n\t\t\n          <article id=\"post-3821\" class=\"et_pb_post post-3821 wtwfb_entry type-wtwfb_entry status-publish has-post-thumbnail hentry wtwfb_category-privatgaerten-und-gaerten-von-mietwohnungen-kleiner-500-quadratmeter wtwfb_region-sachsen\">\n    <h2 class=\"entry-title\"><a href=\"https:\/\/wettbewerb-archiv.wir-tun-was-fuer-bienen.de\/archiv-2018\/eintrag\/vielfalt-ersetzt-monotonie\/\">Vielfalt ersetzt Monotonie<\/a>\n    <\/h2>\n    <a href=\"https:\/\/wettbewerb-archiv.wir-tun-was-fuer-bienen.de\/archiv-2018\/eintrag\/vielfalt-ersetzt-monotonie\/\">\n        <div class=\"bienen-entry-image\">\n            <img decoding=\"async\" width=\"400\" height=\"300\" src=\"https:\/\/wettbewerb-archiv.wir-tun-was-fuer-bienen.de\/archiv-2018\/wp-content\/uploads\/sites\/2\/2018\/05\/20180515_173202-400x300.jpg\" class=\"attachment-bienen-grid-thumb size-bienen-grid-thumb wp-post-image\" alt=\"\" loading=\"lazy\" srcset=\"https:\/\/wettbewerb-archiv.wir-tun-was-fuer-bienen.de\/archiv-2018\/wp-content\/uploads\/sites\/2\/2018\/05\/20180515_173202-400x300.jpg 400w, https:\/\/wettbewerb-archiv.wir-tun-was-fuer-bienen.de\/archiv-2018\/wp-content\/uploads\/sites\/2\/2018\/05\/20180515_173202-510x382.jpg 510w\" sizes=\"(max-width: 400px) 100vw, 400px\" \/>                    <\/div>\n    <\/a>\n\n    <div class=\"images-grid\"><span><a href=\"https:\/\/wettbewerb-archiv.wir-tun-was-fuer-bienen.de\/archiv-2018\/eintrag\/vielfalt-ersetzt-monotonie\/\"><img decoding=\"async\" width=\"150\" height=\"150\" src=\"https:\/\/wettbewerb-archiv.wir-tun-was-fuer-bienen.de\/archiv-2018\/wp-content\/uploads\/sites\/2\/2018\/05\/20170320_184729-150x150.jpg\" class=\"attachment-thumbnail size-thumbnail\" alt=\"\" loading=\"lazy\" \/><\/a><\/span><span><a href=\"https:\/\/wettbewerb-archiv.wir-tun-was-fuer-bienen.de\/archiv-2018\/eintrag\/vielfalt-ersetzt-monotonie\/\"><img decoding=\"async\" width=\"150\" height=\"150\" src=\"https:\/\/wettbewerb-archiv.wir-tun-was-fuer-bienen.de\/archiv-2018\/wp-content\/uploads\/sites\/2\/2018\/05\/20180330_162527-150x150.jpg\" class=\"attachment-thumbnail size-thumbnail\" alt=\"\" loading=\"lazy\" \/><\/a><\/span><span><a href=\"https:\/\/wettbewerb-archiv.wir-tun-was-fuer-bienen.de\/archiv-2018\/eintrag\/vielfalt-ersetzt-monotonie\/\"><img decoding=\"async\" width=\"150\" height=\"150\" src=\"https:\/\/wettbewerb-archiv.wir-tun-was-fuer-bienen.de\/archiv-2018\/wp-content\/uploads\/sites\/2\/2018\/05\/20170513_123553-1008x567-150x150.jpg\" class=\"attachment-thumbnail size-thumbnail\" alt=\"\" loading=\"lazy\" \/><\/a><\/span><span><a href=\"https:\/\/wettbewerb-archiv.wir-tun-was-fuer-bienen.de\/archiv-2018\/eintrag\/vielfalt-ersetzt-monotonie\/\"><img decoding=\"async\" width=\"150\" height=\"150\" src=\"https:\/\/wettbewerb-archiv.wir-tun-was-fuer-bienen.de\/archiv-2018\/wp-content\/uploads\/sites\/2\/2018\/05\/20170907_085406-150x150.jpg\" class=\"attachment-thumbnail size-thumbnail\" alt=\"\" loading=\"lazy\" \/><\/a><\/span><\/div>\n\n    <div class=\"user flex\">\n        \n                    <img decoding=\"async\" src=\"https:\/\/wettbewerb-archiv.wir-tun-was-fuer-bienen.de\/archiv-2018\/wp-content\/themes\/bienen\/assets\/images\/avatar-placeholder.png\" style=\"border-radius: 30px;\" height=\"30\" width=\"30\">\n            Hortus solis rubius            <\/div>\n    \n    <p class=\"categories meta bienen-gewinner\"><span class=\"fa fa-trophy\"                                                              aria-hidden=\"true\"><\/span> Gewinner<\/p>\n            <p class=\"categories meta\" style=\"width: 100%\"><span class=\"fa fa-tag\"\n                                                             aria-hidden=\"true\"><\/span> Privatg\u00e4rten und G\u00e4rten von Mietwohnungen (kleiner als 500 Quadratmeter)        <\/p>\n    \n            <p class=\"categories meta\" style=\"width: 100%\"><span class=\"fa fa-map-marker\"\n                                                             aria-hidden=\"true\"><\/span> Sachsen        <\/p>\n    \n<\/article>\n   \n\t\t\n          <article id=\"post-3801\" class=\"et_pb_post post-3801 wtwfb_entry type-wtwfb_entry status-publish has-post-thumbnail hentry wtwfb_category-schul-und-jugendclub-gaerten wtwfb_region-hessen\">\n    <h2 class=\"entry-title\"><a href=\"https:\/\/wettbewerb-archiv.wir-tun-was-fuer-bienen.de\/archiv-2018\/eintrag\/mittelpunktschule-sterbfritz-2\/\">Mittelpunktschule Sterbfritz<\/a>\n    <\/h2>\n    <a href=\"https:\/\/wettbewerb-archiv.wir-tun-was-fuer-bienen.de\/archiv-2018\/eintrag\/mittelpunktschule-sterbfritz-2\/\">\n        <div class=\"bienen-entry-image\">\n            <img decoding=\"async\" width=\"400\" height=\"300\" src=\"https:\/\/wettbewerb-archiv.wir-tun-was-fuer-bienen.de\/archiv-2018\/wp-content\/uploads\/sites\/2\/2018\/05\/IMG_20180509_130631-1-400x300.jpg\" class=\"attachment-bienen-grid-thumb size-bienen-grid-thumb wp-post-image\" alt=\"\" loading=\"lazy\" srcset=\"https:\/\/wettbewerb-archiv.wir-tun-was-fuer-bienen.de\/archiv-2018\/wp-content\/uploads\/sites\/2\/2018\/05\/IMG_20180509_130631-1-400x300.jpg 400w, https:\/\/wettbewerb-archiv.wir-tun-was-fuer-bienen.de\/archiv-2018\/wp-content\/uploads\/sites\/2\/2018\/05\/IMG_20180509_130631-1-510x382.jpg 510w\" sizes=\"(max-width: 400px) 100vw, 400px\" \/>                    <\/div>\n    <\/a>\n\n    <div class=\"images-grid\"><\/div>\n\n    <div class=\"user flex\">\n        \n                    <img decoding=\"async\" src=\"https:\/\/wettbewerb-archiv.wir-tun-was-fuer-bienen.de\/archiv-2018\/wp-content\/themes\/bienen\/assets\/images\/avatar-placeholder.png\" style=\"border-radius: 30px;\" height=\"30\" width=\"30\">\n            mittelpunktschule sinntal            <\/div>\n    \n    \n            <p class=\"categories meta\" style=\"width: 100%\"><span class=\"fa fa-tag\"\n                                                             aria-hidden=\"true\"><\/span> Schul- und Jugendclub-G\u00e4rten        <\/p>\n    \n            <p class=\"categories meta\" style=\"width: 100%\"><span class=\"fa fa-map-marker\"\n                                                             aria-hidden=\"true\"><\/span> Hessen        <\/p>\n    \n<\/article>\n   \n\t\t\n          <article id=\"post-3757\" class=\"et_pb_post post-3757 wtwfb_entry type-wtwfb_entry status-publish has-post-thumbnail hentry wtwfb_category-privatgaerten-und-gaerten-von-mietwohnungen-kleiner-500-quadratmeter wtwfb_region-nordrhein-westfalen\">\n    <h2 class=\"entry-title\"><a href=\"https:\/\/wettbewerb-archiv.wir-tun-was-fuer-bienen.de\/archiv-2018\/eintrag\/so-fing-das-an\/\">Der Honigstreit<\/a>\n    <\/h2>\n    <a href=\"https:\/\/wettbewerb-archiv.wir-tun-was-fuer-bienen.de\/archiv-2018\/eintrag\/so-fing-das-an\/\">\n        <div class=\"bienen-entry-image\">\n            <img decoding=\"async\" width=\"400\" height=\"300\" src=\"https:\/\/wettbewerb-archiv.wir-tun-was-fuer-bienen.de\/archiv-2018\/wp-content\/uploads\/sites\/2\/2018\/06\/20180605_184204-400x300.jpg\" class=\"attachment-bienen-grid-thumb size-bienen-grid-thumb wp-post-image\" alt=\"\" loading=\"lazy\" \/>                    <\/div>\n    <\/a>\n\n    <div class=\"images-grid\"><span><a href=\"https:\/\/wettbewerb-archiv.wir-tun-was-fuer-bienen.de\/archiv-2018\/eintrag\/so-fing-das-an\/\"><img decoding=\"async\" width=\"150\" height=\"150\" src=\"https:\/\/wettbewerb-archiv.wir-tun-was-fuer-bienen.de\/archiv-2018\/wp-content\/uploads\/sites\/2\/2018\/06\/20180525_092152-150x150.jpg\" class=\"attachment-thumbnail size-thumbnail\" alt=\"\" loading=\"lazy\" \/><\/a><\/span><span><a href=\"https:\/\/wettbewerb-archiv.wir-tun-was-fuer-bienen.de\/archiv-2018\/eintrag\/so-fing-das-an\/\"><img decoding=\"async\" width=\"150\" height=\"150\" src=\"https:\/\/wettbewerb-archiv.wir-tun-was-fuer-bienen.de\/archiv-2018\/wp-content\/uploads\/sites\/2\/2018\/06\/20180523_115700-150x150.jpg\" class=\"attachment-thumbnail size-thumbnail\" alt=\"\" loading=\"lazy\" \/><\/a><\/span><span><a href=\"https:\/\/wettbewerb-archiv.wir-tun-was-fuer-bienen.de\/archiv-2018\/eintrag\/so-fing-das-an\/\"><img decoding=\"async\" width=\"150\" height=\"150\" src=\"https:\/\/wettbewerb-archiv.wir-tun-was-fuer-bienen.de\/archiv-2018\/wp-content\/uploads\/sites\/2\/2018\/06\/20180506_114032-150x150.jpg\" class=\"attachment-thumbnail size-thumbnail\" alt=\"\" loading=\"lazy\" \/><\/a><\/span><span><a href=\"https:\/\/wettbewerb-archiv.wir-tun-was-fuer-bienen.de\/archiv-2018\/eintrag\/so-fing-das-an\/\"><img decoding=\"async\" width=\"150\" height=\"150\" src=\"https:\/\/wettbewerb-archiv.wir-tun-was-fuer-bienen.de\/archiv-2018\/wp-content\/uploads\/sites\/2\/2018\/06\/20180628_221341-150x150.jpg\" class=\"attachment-thumbnail size-thumbnail\" alt=\"\" loading=\"lazy\" \/><\/a><\/span><\/div>\n\n    <div class=\"user flex\">\n        \n                    <img decoding=\"async\" src=\"https:\/\/wettbewerb-archiv.wir-tun-was-fuer-bienen.de\/archiv-2018\/wp-content\/themes\/bienen\/assets\/images\/avatar-placeholder.png\" style=\"border-radius: 30px;\" height=\"30\" width=\"30\">\n            Der Honigstreit            <\/div>\n    \n    \n            <p class=\"categories meta\" style=\"width: 100%\"><span class=\"fa fa-tag\"\n                                                             aria-hidden=\"true\"><\/span> Privatg\u00e4rten und G\u00e4rten von Mietwohnungen (kleiner als 500 Quadratmeter)        <\/p>\n    \n            <p class=\"categories meta\" style=\"width: 100%\"><span class=\"fa fa-map-marker\"\n                                                             aria-hidden=\"true\"><\/span> Nordrhein-Westfalen        <\/p>\n    \n<\/article>\n   \n\t\t\n          <article id=\"post-3741\" class=\"et_pb_post post-3741 wtwfb_entry type-wtwfb_entry status-publish has-post-thumbnail hentry wtwfb_category-kleingartenwesen-parzellen-und-gemeinschaftsgaerten wtwfb_region-hessen\">\n    <h2 class=\"entry-title\"><a href=\"https:\/\/wettbewerb-archiv.wir-tun-was-fuer-bienen.de\/archiv-2018\/eintrag\/buergergarten-idstein-begegnungsstaette-fuer-kultur-und-hortikultur\/\">B\u00fcrgergarten Idstein &#8211; Begegnungsst\u00e4tte f\u00fcr Ku...<\/a>\n    <\/h2>\n    <a href=\"https:\/\/wettbewerb-archiv.wir-tun-was-fuer-bienen.de\/archiv-2018\/eintrag\/buergergarten-idstein-begegnungsstaette-fuer-kultur-und-hortikultur\/\">\n        <div class=\"bienen-entry-image\">\n            <img decoding=\"async\" width=\"400\" height=\"300\" src=\"https:\/\/wettbewerb-archiv.wir-tun-was-fuer-bienen.de\/archiv-2018\/wp-content\/uploads\/sites\/2\/2018\/05\/Titel-400x300.jpg\" class=\"attachment-bienen-grid-thumb size-bienen-grid-thumb wp-post-image\" alt=\"\" loading=\"lazy\" srcset=\"https:\/\/wettbewerb-archiv.wir-tun-was-fuer-bienen.de\/archiv-2018\/wp-content\/uploads\/sites\/2\/2018\/05\/Titel-400x300.jpg 400w, https:\/\/wettbewerb-archiv.wir-tun-was-fuer-bienen.de\/archiv-2018\/wp-content\/uploads\/sites\/2\/2018\/05\/Titel-510x382.jpg 510w\" sizes=\"(max-width: 400px) 100vw, 400px\" \/>                    <\/div>\n    <\/a>\n\n    <div class=\"images-grid\"><span><a href=\"https:\/\/wettbewerb-archiv.wir-tun-was-fuer-bienen.de\/archiv-2018\/eintrag\/buergergarten-idstein-begegnungsstaette-fuer-kultur-und-hortikultur\/\"><img decoding=\"async\" width=\"150\" height=\"150\" src=\"https:\/\/wettbewerb-archiv.wir-tun-was-fuer-bienen.de\/archiv-2018\/wp-content\/uploads\/sites\/2\/2018\/05\/20180427_Erste-Sichtpr\u00fcfung-des-Volkes-01-150x150.jpg\" class=\"attachment-thumbnail size-thumbnail\" alt=\"\" loading=\"lazy\" \/><\/a><\/span><span><a href=\"https:\/\/wettbewerb-archiv.wir-tun-was-fuer-bienen.de\/archiv-2018\/eintrag\/buergergarten-idstein-begegnungsstaette-fuer-kultur-und-hortikultur\/\"><img decoding=\"async\" width=\"150\" height=\"150\" src=\"https:\/\/wettbewerb-archiv.wir-tun-was-fuer-bienen.de\/archiv-2018\/wp-content\/uploads\/sites\/2\/2018\/05\/20180429-Reger-Flugverkehr-150x150.jpg\" class=\"attachment-thumbnail size-thumbnail\" alt=\"\" loading=\"lazy\" \/><\/a><\/span><span><a href=\"https:\/\/wettbewerb-archiv.wir-tun-was-fuer-bienen.de\/archiv-2018\/eintrag\/buergergarten-idstein-begegnungsstaette-fuer-kultur-und-hortikultur\/\"><img decoding=\"async\" width=\"150\" height=\"150\" src=\"https:\/\/wettbewerb-archiv.wir-tun-was-fuer-bienen.de\/archiv-2018\/wp-content\/uploads\/sites\/2\/2018\/05\/20180522_erstes-Kartoffelkraut-150x150.jpg\" class=\"attachment-thumbnail size-thumbnail\" alt=\"\" loading=\"lazy\" srcset=\"https:\/\/wettbewerb-archiv.wir-tun-was-fuer-bienen.de\/archiv-2018\/wp-content\/uploads\/sites\/2\/2018\/05\/20180522_erstes-Kartoffelkraut-150x150.jpg 150w, https:\/\/wettbewerb-archiv.wir-tun-was-fuer-bienen.de\/archiv-2018\/wp-content\/uploads\/sites\/2\/2018\/05\/20180522_erstes-Kartoffelkraut-300x300.jpg 300w, https:\/\/wettbewerb-archiv.wir-tun-was-fuer-bienen.de\/archiv-2018\/wp-content\/uploads\/sites\/2\/2018\/05\/20180522_erstes-Kartoffelkraut-768x768.jpg 768w, https:\/\/wettbewerb-archiv.wir-tun-was-fuer-bienen.de\/archiv-2018\/wp-content\/uploads\/sites\/2\/2018\/05\/20180522_erstes-Kartoffelkraut.jpg 978w\" sizes=\"(max-width: 150px) 100vw, 150px\" \/><\/a><\/span><span><a href=\"https:\/\/wettbewerb-archiv.wir-tun-was-fuer-bienen.de\/archiv-2018\/eintrag\/buergergarten-idstein-begegnungsstaette-fuer-kultur-und-hortikultur\/\"><img decoding=\"async\" width=\"150\" height=\"150\" src=\"https:\/\/wettbewerb-archiv.wir-tun-was-fuer-bienen.de\/archiv-2018\/wp-content\/uploads\/sites\/2\/2018\/05\/20180520_Bl\u00fchender-Schnittlauch-01-150x150.jpg\" class=\"attachment-thumbnail size-thumbnail\" alt=\"\" loading=\"lazy\" \/><\/a><\/span><\/div>\n\n    <div class=\"user flex\">\n        \n                    <img decoding=\"async\" src=\"https:\/\/wettbewerb-archiv.wir-tun-was-fuer-bienen.de\/archiv-2018\/wp-content\/themes\/bienen\/assets\/images\/avatar-placeholder.png\" style=\"border-radius: 30px;\" height=\"30\" width=\"30\">\n            B\u00fcrgergarten Idstein            <\/div>\n    \n    <p class=\"categories meta bienen-gewinner\"><span class=\"fa fa-trophy\"                                                              aria-hidden=\"true\"><\/span> Gewinner<\/p>\n            <p class=\"categories meta\" style=\"width: 100%\"><span class=\"fa fa-tag\"\n                                                             aria-hidden=\"true\"><\/span> Kleingartenwesen: Parzellen und Gemeinschaftsg\u00e4rten        <\/p>\n    \n            <p class=\"categories meta\" style=\"width: 100%\"><span class=\"fa fa-map-marker\"\n                                                             aria-hidden=\"true\"><\/span> Hessen        <\/p>\n    \n<\/article>\n   \n\t\t\n          <article id=\"post-3733\" class=\"et_pb_post post-3733 wtwfb_entry type-wtwfb_entry status-publish has-post-thumbnail hentry wtwfb_category-kommunale-flaechen-parks-baumscheiben wtwfb_region-baden-wuerttemberg\">\n    <h2 class=\"entry-title\"><a href=\"https:\/\/wettbewerb-archiv.wir-tun-was-fuer-bienen.de\/archiv-2018\/eintrag\/reifenbeete-untertuerkheim\/\">Reifenbeete Untert\u00fcrkheim<\/a>\n    <\/h2>\n    <a href=\"https:\/\/wettbewerb-archiv.wir-tun-was-fuer-bienen.de\/archiv-2018\/eintrag\/reifenbeete-untertuerkheim\/\">\n        <div class=\"bienen-entry-image\">\n            <img decoding=\"async\" width=\"400\" height=\"300\" src=\"https:\/\/wettbewerb-archiv.wir-tun-was-fuer-bienen.de\/archiv-2018\/wp-content\/uploads\/sites\/2\/2018\/05\/IMG_3737-1-400x300.jpg\" class=\"attachment-bienen-grid-thumb size-bienen-grid-thumb wp-post-image\" alt=\"\" loading=\"lazy\" srcset=\"https:\/\/wettbewerb-archiv.wir-tun-was-fuer-bienen.de\/archiv-2018\/wp-content\/uploads\/sites\/2\/2018\/05\/IMG_3737-1-400x300.jpg 400w, https:\/\/wettbewerb-archiv.wir-tun-was-fuer-bienen.de\/archiv-2018\/wp-content\/uploads\/sites\/2\/2018\/05\/IMG_3737-1-510x382.jpg 510w\" sizes=\"(max-width: 400px) 100vw, 400px\" \/>                    <\/div>\n    <\/a>\n\n    <div class=\"images-grid\"><span><a href=\"https:\/\/wettbewerb-archiv.wir-tun-was-fuer-bienen.de\/archiv-2018\/eintrag\/reifenbeete-untertuerkheim\/\"><img decoding=\"async\" width=\"150\" height=\"150\" src=\"https:\/\/wettbewerb-archiv.wir-tun-was-fuer-bienen.de\/archiv-2018\/wp-content\/uploads\/sites\/2\/2018\/06\/IMG_3873-150x150.jpg\" class=\"attachment-thumbnail size-thumbnail\" alt=\"\" loading=\"lazy\" \/><\/a><\/span><span><a href=\"https:\/\/wettbewerb-archiv.wir-tun-was-fuer-bienen.de\/archiv-2018\/eintrag\/reifenbeete-untertuerkheim\/\"><img decoding=\"async\" width=\"150\" height=\"150\" src=\"https:\/\/wettbewerb-archiv.wir-tun-was-fuer-bienen.de\/archiv-2018\/wp-content\/uploads\/sites\/2\/2018\/06\/IMG_3871-150x150.jpg\" class=\"attachment-thumbnail size-thumbnail\" alt=\"\" loading=\"lazy\" \/><\/a><\/span><span><a href=\"https:\/\/wettbewerb-archiv.wir-tun-was-fuer-bienen.de\/archiv-2018\/eintrag\/reifenbeete-untertuerkheim\/\"><img decoding=\"async\" width=\"150\" height=\"150\" src=\"https:\/\/wettbewerb-archiv.wir-tun-was-fuer-bienen.de\/archiv-2018\/wp-content\/uploads\/sites\/2\/2018\/06\/IMG_3872-150x150.jpg\" class=\"attachment-thumbnail size-thumbnail\" alt=\"\" loading=\"lazy\" \/><\/a><\/span><span><a href=\"https:\/\/wettbewerb-archiv.wir-tun-was-fuer-bienen.de\/archiv-2018\/eintrag\/reifenbeete-untertuerkheim\/\"><img decoding=\"async\" width=\"150\" height=\"150\" src=\"https:\/\/wettbewerb-archiv.wir-tun-was-fuer-bienen.de\/archiv-2018\/wp-content\/uploads\/sites\/2\/2018\/07\/IMG_2961-150x150.jpg\" class=\"attachment-thumbnail size-thumbnail\" alt=\"\" loading=\"lazy\" \/><\/a><\/span><\/div>\n\n    <div class=\"user flex\">\n        \n                    <img decoding=\"async\" src=\"https:\/\/wettbewerb-archiv.wir-tun-was-fuer-bienen.de\/archiv-2018\/wp-content\/themes\/bienen\/assets\/images\/avatar-placeholder.png\" style=\"border-radius: 30px;\" height=\"30\" width=\"30\">\n            Reifenbeete Untert\u00fcrkheim            <\/div>\n    \n    \n            <p class=\"categories meta\" style=\"width: 100%\"><span class=\"fa fa-tag\"\n                                                             aria-hidden=\"true\"><\/span> Kommunale Fl\u00e4chen, Parks, Baumscheiben        <\/p>\n    \n            <p class=\"categories meta\" style=\"width: 100%\"><span class=\"fa fa-map-marker\"\n                                                             aria-hidden=\"true\"><\/span> Baden-W\u00fcrttemberg        <\/p>\n    \n<\/article>\n   \n\t\t\n          <article id=\"post-3669\" class=\"et_pb_post post-3669 wtwfb_entry type-wtwfb_entry status-publish has-post-thumbnail hentry wtwfb_category-firmen-institutions-und-vereinsgaerten wtwfb_region-niedersachsen\">\n    <h2 class=\"entry-title\"><a href=\"https:\/\/wettbewerb-archiv.wir-tun-was-fuer-bienen.de\/archiv-2018\/eintrag\/bluehwiese-in-melle-oldendorf\/\">Bl\u00fchwiese + Feuchtbiotop + Insektennisthilfen in Melle...<\/a>\n    <\/h2>\n    <a href=\"https:\/\/wettbewerb-archiv.wir-tun-was-fuer-bienen.de\/archiv-2018\/eintrag\/bluehwiese-in-melle-oldendorf\/\">\n        <div class=\"bienen-entry-image\">\n            <img decoding=\"async\" width=\"288\" height=\"300\" src=\"https:\/\/wettbewerb-archiv.wir-tun-was-fuer-bienen.de\/archiv-2018\/wp-content\/uploads\/sites\/2\/2018\/05\/IMG-20180411-WA0008-288x300.jpg\" class=\"attachment-bienen-grid-thumb size-bienen-grid-thumb wp-post-image\" alt=\"\" loading=\"lazy\" \/>                    <\/div>\n    <\/a>\n\n    <div class=\"images-grid\"><span><a href=\"https:\/\/wettbewerb-archiv.wir-tun-was-fuer-bienen.de\/archiv-2018\/eintrag\/bluehwiese-in-melle-oldendorf\/\"><img decoding=\"async\" width=\"150\" height=\"150\" src=\"https:\/\/wettbewerb-archiv.wir-tun-was-fuer-bienen.de\/archiv-2018\/wp-content\/uploads\/sites\/2\/2018\/05\/20180411_111312-150x150.jpg\" class=\"attachment-thumbnail size-thumbnail\" alt=\"\" loading=\"lazy\" \/><\/a><\/span><span><a href=\"https:\/\/wettbewerb-archiv.wir-tun-was-fuer-bienen.de\/archiv-2018\/eintrag\/bluehwiese-in-melle-oldendorf\/\"><img decoding=\"async\" width=\"150\" height=\"150\" src=\"https:\/\/wettbewerb-archiv.wir-tun-was-fuer-bienen.de\/archiv-2018\/wp-content\/uploads\/sites\/2\/2018\/05\/20180411_112309-150x150.jpg\" class=\"attachment-thumbnail size-thumbnail\" alt=\"\" loading=\"lazy\" \/><\/a><\/span><span><a href=\"https:\/\/wettbewerb-archiv.wir-tun-was-fuer-bienen.de\/archiv-2018\/eintrag\/bluehwiese-in-melle-oldendorf\/\"><img decoding=\"async\" width=\"150\" height=\"150\" src=\"https:\/\/wettbewerb-archiv.wir-tun-was-fuer-bienen.de\/archiv-2018\/wp-content\/uploads\/sites\/2\/2018\/05\/20180411_111249-150x150.jpg\" class=\"attachment-thumbnail size-thumbnail\" alt=\"\" loading=\"lazy\" \/><\/a><\/span><span><a href=\"https:\/\/wettbewerb-archiv.wir-tun-was-fuer-bienen.de\/archiv-2018\/eintrag\/bluehwiese-in-melle-oldendorf\/\"><img decoding=\"async\" width=\"150\" height=\"150\" src=\"https:\/\/wettbewerb-archiv.wir-tun-was-fuer-bienen.de\/archiv-2018\/wp-content\/uploads\/sites\/2\/2018\/07\/oldendorf5-150x150.jpg\" class=\"attachment-thumbnail size-thumbnail\" alt=\"\" loading=\"lazy\" \/><\/a><\/span><\/div>\n\n    <div class=\"user flex\">\n                    <img decoding=\"async\" src=\"https:\/\/wettbewerb-archiv.wir-tun-was-fuer-bienen.de\/archiv-2018\/wp-content\/themes\/bienen\/assets\/images\/avatar-placeholder.png\" style=\"border-radius: 30px;\" height=\"30\" width=\"30\">\n            <a href=\"https:\/\/wettbewerb-archiv.wir-tun-was-fuer-bienen.de\/archiv-2018\/gruppe\/blumiger-landkreis-osnabrueck\/\" title=\"Beitr\u00e4ge von Blumiger Landkreis Osnabr\u00fcck\"\n               rel=\"author\">Blumiger Landkreis Osnabr\u00fcck<\/a>\n            <\/div>\n    \n    <p class=\"categories meta bienen-gewinner\"><span class=\"fa fa-trophy\"                                                              aria-hidden=\"true\"><\/span> Gewinner<\/p>\n            <p class=\"categories meta\" style=\"width: 100%\"><span class=\"fa fa-tag\"\n                                                             aria-hidden=\"true\"><\/span> Firmen-, Institutions- und Vereinsg\u00e4rten        <\/p>\n    \n            <p class=\"categories meta\" style=\"width: 100%\"><span class=\"fa fa-map-marker\"\n                                                             aria-hidden=\"true\"><\/span> Niedersachsen        <\/p>\n    \n<\/article>\n   \n\t\t\n          <article id=\"post-3496\" class=\"et_pb_post post-3496 wtwfb_entry type-wtwfb_entry status-publish has-post-thumbnail hentry wtwfb_category-kleingartenwesen-parzellen-und-gemeinschaftsgaerten wtwfb_region-berlin\">\n    <h2 class=\"entry-title\"><a href=\"https:\/\/wettbewerb-archiv.wir-tun-was-fuer-bienen.de\/archiv-2018\/eintrag\/einheimische-gartenpflanzen-schoen-und-nuetzlich\/\">Einheimische Gartenpflanzen &#8211; sch\u00f6n und n\u00fctzlich<\/a>\n    <\/h2>\n    <a href=\"https:\/\/wettbewerb-archiv.wir-tun-was-fuer-bienen.de\/archiv-2018\/eintrag\/einheimische-gartenpflanzen-schoen-und-nuetzlich\/\">\n        <div class=\"bienen-entry-image\">\n            <img decoding=\"async\" width=\"400\" height=\"300\" src=\"https:\/\/wettbewerb-archiv.wir-tun-was-fuer-bienen.de\/archiv-2018\/wp-content\/uploads\/sites\/2\/2018\/05\/2017-07-15-11.21.10ii-400x300.jpg\" class=\"attachment-bienen-grid-thumb size-bienen-grid-thumb wp-post-image\" alt=\"\" loading=\"lazy\" srcset=\"https:\/\/wettbewerb-archiv.wir-tun-was-fuer-bienen.de\/archiv-2018\/wp-content\/uploads\/sites\/2\/2018\/05\/2017-07-15-11.21.10ii-400x300.jpg 400w, https:\/\/wettbewerb-archiv.wir-tun-was-fuer-bienen.de\/archiv-2018\/wp-content\/uploads\/sites\/2\/2018\/05\/2017-07-15-11.21.10ii-510x382.jpg 510w\" sizes=\"(max-width: 400px) 100vw, 400px\" \/>                    <\/div>\n    <\/a>\n\n    <div class=\"images-grid\"><span><a href=\"https:\/\/wettbewerb-archiv.wir-tun-was-fuer-bienen.de\/archiv-2018\/eintrag\/einheimische-gartenpflanzen-schoen-und-nuetzlich\/\"><img decoding=\"async\" width=\"150\" height=\"150\" src=\"https:\/\/wettbewerb-archiv.wir-tun-was-fuer-bienen.de\/archiv-2018\/wp-content\/uploads\/sites\/2\/2018\/07\/2018-07-14-08.23.07-150x150.jpg\" class=\"attachment-thumbnail size-thumbnail\" alt=\"\" loading=\"lazy\" \/><\/a><\/span><span><a href=\"https:\/\/wettbewerb-archiv.wir-tun-was-fuer-bienen.de\/archiv-2018\/eintrag\/einheimische-gartenpflanzen-schoen-und-nuetzlich\/\"><img decoding=\"async\" width=\"150\" height=\"150\" src=\"https:\/\/wettbewerb-archiv.wir-tun-was-fuer-bienen.de\/archiv-2018\/wp-content\/uploads\/sites\/2\/2018\/07\/2018-07-15-12.42.31-150x150.jpg\" class=\"attachment-thumbnail size-thumbnail\" alt=\"\" loading=\"lazy\" \/><\/a><\/span><span><a href=\"https:\/\/wettbewerb-archiv.wir-tun-was-fuer-bienen.de\/archiv-2018\/eintrag\/einheimische-gartenpflanzen-schoen-und-nuetzlich\/\"><img decoding=\"async\" width=\"150\" height=\"150\" src=\"https:\/\/wettbewerb-archiv.wir-tun-was-fuer-bienen.de\/archiv-2018\/wp-content\/uploads\/sites\/2\/2018\/07\/2018-07-25-18.21.04-150x150.jpg\" class=\"attachment-thumbnail size-thumbnail\" alt=\"\" loading=\"lazy\" \/><\/a><\/span><\/div>\n\n    <div class=\"user flex\">\n        \n                    <img decoding=\"async\" src=\"https:\/\/wettbewerb-archiv.wir-tun-was-fuer-bienen.de\/archiv-2018\/wp-content\/themes\/bienen\/assets\/images\/avatar-placeholder.png\" style=\"border-radius: 30px;\" height=\"30\" width=\"30\">\n            Susanne F\u00fcnfst\u00fcck            <\/div>\n    \n    \n            <p class=\"categories meta\" style=\"width: 100%\"><span class=\"fa fa-tag\"\n                                                             aria-hidden=\"true\"><\/span> Kleingartenwesen: Parzellen und Gemeinschaftsg\u00e4rten        <\/p>\n    \n            <p class=\"categories meta\" style=\"width: 100%\"><span class=\"fa fa-map-marker\"\n                                                             aria-hidden=\"true\"><\/span> Berlin        <\/p>\n    \n<\/article>\n   \n\t\t\n          <article id=\"post-3463\" class=\"et_pb_post post-3463 wtwfb_entry type-wtwfb_entry status-publish has-post-thumbnail hentry wtwfb_category-firmen-institutions-und-vereinsgaerten wtwfb_region-niedersachsen\">\n    <h2 class=\"entry-title\"><a href=\"https:\/\/wettbewerb-archiv.wir-tun-was-fuer-bienen.de\/archiv-2018\/eintrag\/nachhaltige-bluehwiesenpflege-gemeinsam-mit-vielen-gnadenhoftieren\/\">Nachhaltige Bl\u00fchwiese + Bl\u00fchwiesenerweiterung gemeins...<\/a>\n    <\/h2>\n    <a href=\"https:\/\/wettbewerb-archiv.wir-tun-was-fuer-bienen.de\/archiv-2018\/eintrag\/nachhaltige-bluehwiesenpflege-gemeinsam-mit-vielen-gnadenhoftieren\/\">\n        <div class=\"bienen-entry-image\">\n            <img decoding=\"async\" width=\"400\" height=\"300\" src=\"https:\/\/wettbewerb-archiv.wir-tun-was-fuer-bienen.de\/archiv-2018\/wp-content\/uploads\/sites\/2\/2018\/06\/20180616_172329-400x300.jpg\" class=\"attachment-bienen-grid-thumb size-bienen-grid-thumb wp-post-image\" alt=\"\" loading=\"lazy\" \/>                    <\/div>\n    <\/a>\n\n    <div class=\"images-grid\"><span><a href=\"https:\/\/wettbewerb-archiv.wir-tun-was-fuer-bienen.de\/archiv-2018\/eintrag\/nachhaltige-bluehwiesenpflege-gemeinsam-mit-vielen-gnadenhoftieren\/\"><img decoding=\"async\" width=\"150\" height=\"150\" src=\"https:\/\/wettbewerb-archiv.wir-tun-was-fuer-bienen.de\/archiv-2018\/wp-content\/uploads\/sites\/2\/2018\/05\/ponys-1024x768-150x150.jpg\" class=\"attachment-thumbnail size-thumbnail\" alt=\"\" loading=\"lazy\" \/><\/a><\/span><span><a href=\"https:\/\/wettbewerb-archiv.wir-tun-was-fuer-bienen.de\/archiv-2018\/eintrag\/nachhaltige-bluehwiesenpflege-gemeinsam-mit-vielen-gnadenhoftieren\/\"><img decoding=\"async\" width=\"150\" height=\"150\" src=\"https:\/\/wettbewerb-archiv.wir-tun-was-fuer-bienen.de\/archiv-2018\/wp-content\/uploads\/sites\/2\/2018\/05\/ziege2-1024x768-1-150x150.jpg\" class=\"attachment-thumbnail size-thumbnail\" alt=\"\" loading=\"lazy\" \/><\/a><\/span><span><a href=\"https:\/\/wettbewerb-archiv.wir-tun-was-fuer-bienen.de\/archiv-2018\/eintrag\/nachhaltige-bluehwiesenpflege-gemeinsam-mit-vielen-gnadenhoftieren\/\"><img decoding=\"async\" width=\"150\" height=\"150\" src=\"https:\/\/wettbewerb-archiv.wir-tun-was-fuer-bienen.de\/archiv-2018\/wp-content\/uploads\/sites\/2\/2018\/05\/ziege-1024x768-150x150.jpg\" class=\"attachment-thumbnail size-thumbnail\" alt=\"\" loading=\"lazy\" \/><\/a><\/span><span><a href=\"https:\/\/wettbewerb-archiv.wir-tun-was-fuer-bienen.de\/archiv-2018\/eintrag\/nachhaltige-bluehwiesenpflege-gemeinsam-mit-vielen-gnadenhoftieren\/\"><img decoding=\"async\" width=\"150\" height=\"150\" src=\"https:\/\/wettbewerb-archiv.wir-tun-was-fuer-bienen.de\/archiv-2018\/wp-content\/uploads\/sites\/2\/2018\/05\/20171007_102049-1024x768-150x150.jpg\" class=\"attachment-thumbnail size-thumbnail\" alt=\"\" loading=\"lazy\" \/><\/a><\/span><\/div>\n\n    <div class=\"user flex\">\n                    <img decoding=\"async\" src=\"https:\/\/wettbewerb-archiv.wir-tun-was-fuer-bienen.de\/archiv-2018\/wp-content\/themes\/bienen\/assets\/images\/avatar-placeholder.png\" style=\"border-radius: 30px;\" height=\"30\" width=\"30\">\n            <a href=\"https:\/\/wettbewerb-archiv.wir-tun-was-fuer-bienen.de\/archiv-2018\/gruppe\/blumiger-landkreis-osnabrueck\/\" title=\"Beitr\u00e4ge von Blumiger Landkreis Osnabr\u00fcck\"\n               rel=\"author\">Blumiger Landkreis Osnabr\u00fcck<\/a>\n            <\/div>\n    \n    \n            <p class=\"categories meta\" style=\"width: 100%\"><span class=\"fa fa-tag\"\n                                                             aria-hidden=\"true\"><\/span> Firmen-, Institutions- und Vereinsg\u00e4rten        <\/p>\n    \n            <p class=\"categories meta\" style=\"width: 100%\"><span class=\"fa fa-map-marker\"\n                                                             aria-hidden=\"true\"><\/span> Niedersachsen        <\/p>\n    \n<\/article>\n   \n\t\t\n          <article id=\"post-3440\" class=\"et_pb_post post-3440 wtwfb_entry type-wtwfb_entry status-publish has-post-thumbnail hentry wtwfb_category-kleingartenwesen-parzellen-und-gemeinschaftsgaerten wtwfb_region-sachsen\">\n    <h2 class=\"entry-title\"><a href=\"https:\/\/wettbewerb-archiv.wir-tun-was-fuer-bienen.de\/archiv-2018\/eintrag\/unterstuetzung-der-bienen-durch-wildblumen-und-insektenhotels\/\">Unterst\u00fctzung der Bienen durch Wildblumen und Insekten...<\/a>\n    <\/h2>\n    <a href=\"https:\/\/wettbewerb-archiv.wir-tun-was-fuer-bienen.de\/archiv-2018\/eintrag\/unterstuetzung-der-bienen-durch-wildblumen-und-insektenhotels\/\">\n        <div class=\"bienen-entry-image\">\n            <img decoding=\"async\" width=\"400\" height=\"300\" src=\"https:\/\/wettbewerb-archiv.wir-tun-was-fuer-bienen.de\/archiv-2018\/wp-content\/uploads\/sites\/2\/2018\/05\/Collage-400x300.jpg\" class=\"attachment-bienen-grid-thumb size-bienen-grid-thumb wp-post-image\" alt=\"\" loading=\"lazy\" srcset=\"https:\/\/wettbewerb-archiv.wir-tun-was-fuer-bienen.de\/archiv-2018\/wp-content\/uploads\/sites\/2\/2018\/05\/Collage-400x300.jpg 400w, https:\/\/wettbewerb-archiv.wir-tun-was-fuer-bienen.de\/archiv-2018\/wp-content\/uploads\/sites\/2\/2018\/05\/Collage-510x382.jpg 510w\" sizes=\"(max-width: 400px) 100vw, 400px\" \/>                    <\/div>\n    <\/a>\n\n    <div class=\"images-grid\"><span><a href=\"https:\/\/wettbewerb-archiv.wir-tun-was-fuer-bienen.de\/archiv-2018\/eintrag\/unterstuetzung-der-bienen-durch-wildblumen-und-insektenhotels\/\"><img decoding=\"async\" width=\"150\" height=\"150\" src=\"https:\/\/wettbewerb-archiv.wir-tun-was-fuer-bienen.de\/archiv-2018\/wp-content\/uploads\/sites\/2\/2018\/07\/IN-Aktion-150x150.jpg\" class=\"attachment-thumbnail size-thumbnail\" alt=\"\" loading=\"lazy\" \/><\/a><\/span><span><a href=\"https:\/\/wettbewerb-archiv.wir-tun-was-fuer-bienen.de\/archiv-2018\/eintrag\/unterstuetzung-der-bienen-durch-wildblumen-und-insektenhotels\/\"><img decoding=\"async\" width=\"150\" height=\"150\" src=\"https:\/\/wettbewerb-archiv.wir-tun-was-fuer-bienen.de\/archiv-2018\/wp-content\/uploads\/sites\/2\/2018\/07\/Labio-150x150.jpg\" class=\"attachment-thumbnail size-thumbnail\" alt=\"\" loading=\"lazy\" \/><\/a><\/span><span><a href=\"https:\/\/wettbewerb-archiv.wir-tun-was-fuer-bienen.de\/archiv-2018\/eintrag\/unterstuetzung-der-bienen-durch-wildblumen-und-insektenhotels\/\"><img decoding=\"async\" width=\"150\" height=\"150\" src=\"https:\/\/wettbewerb-archiv.wir-tun-was-fuer-bienen.de\/archiv-2018\/wp-content\/uploads\/sites\/2\/2018\/07\/Pflanzen-1-150x150.jpg\" class=\"attachment-thumbnail size-thumbnail\" alt=\"\" loading=\"lazy\" \/><\/a><\/span><span><a href=\"https:\/\/wettbewerb-archiv.wir-tun-was-fuer-bienen.de\/archiv-2018\/eintrag\/unterstuetzung-der-bienen-durch-wildblumen-und-insektenhotels\/\"><img decoding=\"async\" width=\"150\" height=\"150\" src=\"https:\/\/wettbewerb-archiv.wir-tun-was-fuer-bienen.de\/archiv-2018\/wp-content\/uploads\/sites\/2\/2018\/07\/Insektenhotel-2-1-150x150.jpg\" class=\"attachment-thumbnail size-thumbnail\" alt=\"\" loading=\"lazy\" \/><\/a><\/span><\/div>\n\n    <div class=\"user flex\">\n        \n                    <img decoding=\"async\" src=\"https:\/\/wettbewerb-archiv.wir-tun-was-fuer-bienen.de\/archiv-2018\/wp-content\/themes\/bienen\/assets\/images\/avatar-placeholder.png\" style=\"border-radius: 30px;\" height=\"30\" width=\"30\">\n            Kitagarten            <\/div>\n    \n    \n            <p class=\"categories meta\" style=\"width: 100%\"><span class=\"fa fa-tag\"\n                                                             aria-hidden=\"true\"><\/span> Kleingartenwesen: Parzellen und Gemeinschaftsg\u00e4rten        <\/p>\n    \n            <p class=\"categories meta\" style=\"width: 100%\"><span class=\"fa fa-map-marker\"\n                                                             aria-hidden=\"true\"><\/span> Sachsen        <\/p>\n    \n<\/article>\n   \n\t\t\n          <article id=\"post-3311\" class=\"et_pb_post post-3311 wtwfb_entry type-wtwfb_entry status-publish has-post-thumbnail hentry wtwfb_category-balkone-terrassen-dachbegruenung-vertikale-gaerten wtwfb_region-berlin\">\n    <h2 class=\"entry-title\"><a href=\"https:\/\/wettbewerb-archiv.wir-tun-was-fuer-bienen.de\/archiv-2018\/eintrag\/balkon-fuer-einen-sommer\/\">Balkon f\u00fcr einen Sommer<\/a>\n    <\/h2>\n    <a href=\"https:\/\/wettbewerb-archiv.wir-tun-was-fuer-bienen.de\/archiv-2018\/eintrag\/balkon-fuer-einen-sommer\/\">\n        <div class=\"bienen-entry-image\">\n            <img decoding=\"async\" width=\"400\" height=\"300\" src=\"https:\/\/wettbewerb-archiv.wir-tun-was-fuer-bienen.de\/archiv-2018\/wp-content\/uploads\/sites\/2\/2018\/05\/13-05-18_v1_8b-400x300.jpg\" class=\"attachment-bienen-grid-thumb size-bienen-grid-thumb wp-post-image\" alt=\"\" loading=\"lazy\" srcset=\"https:\/\/wettbewerb-archiv.wir-tun-was-fuer-bienen.de\/archiv-2018\/wp-content\/uploads\/sites\/2\/2018\/05\/13-05-18_v1_8b-400x300.jpg 400w, https:\/\/wettbewerb-archiv.wir-tun-was-fuer-bienen.de\/archiv-2018\/wp-content\/uploads\/sites\/2\/2018\/05\/13-05-18_v1_8b-510x382.jpg 510w\" sizes=\"(max-width: 400px) 100vw, 400px\" \/>                    <\/div>\n    <\/a>\n\n    <div class=\"images-grid\"><span><a href=\"https:\/\/wettbewerb-archiv.wir-tun-was-fuer-bienen.de\/archiv-2018\/eintrag\/balkon-fuer-einen-sommer\/\"><img decoding=\"async\" width=\"150\" height=\"150\" src=\"https:\/\/wettbewerb-archiv.wir-tun-was-fuer-bienen.de\/archiv-2018\/wp-content\/uploads\/sites\/2\/2018\/05\/IMG_20180426_183946071_HDR-1-150x150.jpg\" class=\"attachment-thumbnail size-thumbnail\" alt=\"\" loading=\"lazy\" \/><\/a><\/span><span><a href=\"https:\/\/wettbewerb-archiv.wir-tun-was-fuer-bienen.de\/archiv-2018\/eintrag\/balkon-fuer-einen-sommer\/\"><img decoding=\"async\" width=\"150\" height=\"150\" src=\"https:\/\/wettbewerb-archiv.wir-tun-was-fuer-bienen.de\/archiv-2018\/wp-content\/uploads\/sites\/2\/2018\/05\/IMG_20180425_142607262-1024x768-150x150.jpg\" class=\"attachment-thumbnail size-thumbnail\" alt=\"\" loading=\"lazy\" \/><\/a><\/span><span><a href=\"https:\/\/wettbewerb-archiv.wir-tun-was-fuer-bienen.de\/archiv-2018\/eintrag\/balkon-fuer-einen-sommer\/\"><img decoding=\"async\" width=\"150\" height=\"150\" src=\"https:\/\/wettbewerb-archiv.wir-tun-was-fuer-bienen.de\/archiv-2018\/wp-content\/uploads\/sites\/2\/2018\/06\/2018-06-10-13.23.36_v1-150x150.jpg\" class=\"attachment-thumbnail size-thumbnail\" alt=\"\" loading=\"lazy\" \/><\/a><\/span><span><a href=\"https:\/\/wettbewerb-archiv.wir-tun-was-fuer-bienen.de\/archiv-2018\/eintrag\/balkon-fuer-einen-sommer\/\"><img decoding=\"async\" width=\"150\" height=\"150\" src=\"https:\/\/wettbewerb-archiv.wir-tun-was-fuer-bienen.de\/archiv-2018\/wp-content\/uploads\/sites\/2\/2018\/07\/2018-07-26-19.28.31_v1-150x150.jpg\" class=\"attachment-thumbnail size-thumbnail\" alt=\"\" loading=\"lazy\" \/><\/a><\/span><\/div>\n\n    <div class=\"user flex\">\n        \n                    <img decoding=\"async\" src=\"https:\/\/wettbewerb-archiv.wir-tun-was-fuer-bienen.de\/archiv-2018\/wp-content\/themes\/bienen\/assets\/images\/avatar-placeholder.png\" style=\"border-radius: 30px;\" height=\"30\" width=\"30\">\n            Anna            <\/div>\n    \n    <p class=\"categories meta bienen-gewinner\"><span class=\"fa fa-trophy\"                                                              aria-hidden=\"true\"><\/span> Gewinner<\/p>\n            <p class=\"categories meta\" style=\"width: 100%\"><span class=\"fa fa-tag\"\n                                                             aria-hidden=\"true\"><\/span> Balkone, Terrassen, Dachbegr\u00fcnung, vertikale G\u00e4rten        <\/p>\n    \n            <p class=\"categories meta\" style=\"width: 100%\"><span class=\"fa fa-map-marker\"\n                                                             aria-hidden=\"true\"><\/span> Berlin        <\/p>\n    \n<\/article>\n   \n\t\t\n          <article id=\"post-3227\" class=\"et_pb_post post-3227 wtwfb_entry type-wtwfb_entry status-publish has-post-thumbnail hentry wtwfb_category-balkone-terrassen-dachbegruenung-vertikale-gaerten wtwfb_region-nordrhein-westfalen\">\n    <h2 class=\"entry-title\"><a href=\"https:\/\/wettbewerb-archiv.wir-tun-was-fuer-bienen.de\/archiv-2018\/eintrag\/vom-rohbau-zum-biotop\/\">Vom Rohbau zum Biotop<\/a>\n    <\/h2>\n    <a href=\"https:\/\/wettbewerb-archiv.wir-tun-was-fuer-bienen.de\/archiv-2018\/eintrag\/vom-rohbau-zum-biotop\/\">\n        <div class=\"bienen-entry-image\">\n            <img decoding=\"async\" width=\"400\" height=\"300\" src=\"https:\/\/wettbewerb-archiv.wir-tun-was-fuer-bienen.de\/archiv-2018\/wp-content\/uploads\/sites\/2\/2018\/05\/P1020850-400x300.jpg\" class=\"attachment-bienen-grid-thumb size-bienen-grid-thumb wp-post-image\" alt=\"\" loading=\"lazy\" srcset=\"https:\/\/wettbewerb-archiv.wir-tun-was-fuer-bienen.de\/archiv-2018\/wp-content\/uploads\/sites\/2\/2018\/05\/P1020850-400x300.jpg 400w, https:\/\/wettbewerb-archiv.wir-tun-was-fuer-bienen.de\/archiv-2018\/wp-content\/uploads\/sites\/2\/2018\/05\/P1020850-300x225.jpg 300w, https:\/\/wettbewerb-archiv.wir-tun-was-fuer-bienen.de\/archiv-2018\/wp-content\/uploads\/sites\/2\/2018\/05\/P1020850-768x576.jpg 768w, https:\/\/wettbewerb-archiv.wir-tun-was-fuer-bienen.de\/archiv-2018\/wp-content\/uploads\/sites\/2\/2018\/05\/P1020850-1024x768.jpg 1024w, https:\/\/wettbewerb-archiv.wir-tun-was-fuer-bienen.de\/archiv-2018\/wp-content\/uploads\/sites\/2\/2018\/05\/P1020850-510x382.jpg 510w, https:\/\/wettbewerb-archiv.wir-tun-was-fuer-bienen.de\/archiv-2018\/wp-content\/uploads\/sites\/2\/2018\/05\/P1020850-1080x810.jpg 1080w, https:\/\/wettbewerb-archiv.wir-tun-was-fuer-bienen.de\/archiv-2018\/wp-content\/uploads\/sites\/2\/2018\/05\/P1020850.jpg 1920w\" sizes=\"(max-width: 400px) 100vw, 400px\" \/>                    <\/div>\n    <\/a>\n\n    <div class=\"images-grid\"><\/div>\n\n    <div class=\"user flex\">\n        \n                    <img decoding=\"async\" src=\"https:\/\/wettbewerb-archiv.wir-tun-was-fuer-bienen.de\/archiv-2018\/wp-content\/themes\/bienen\/assets\/images\/avatar-placeholder.png\" style=\"border-radius: 30px;\" height=\"30\" width=\"30\">\n            Bornheim            <\/div>\n    \n    \n            <p class=\"categories meta\" style=\"width: 100%\"><span class=\"fa fa-tag\"\n                                                             aria-hidden=\"true\"><\/span> Balkone, Terrassen, Dachbegr\u00fcnung, vertikale G\u00e4rten        <\/p>\n    \n            <p class=\"categories meta\" style=\"width: 100%\"><span class=\"fa fa-map-marker\"\n                                                             aria-hidden=\"true\"><\/span> Nordrhein-Westfalen        <\/p>\n    \n<\/article>\n   \n\t\t\n          <article id=\"post-3214\" class=\"et_pb_post post-3214 wtwfb_entry type-wtwfb_entry status-publish has-post-thumbnail hentry wtwfb_category-privatgaerten-und-gaerten-von-mietwohnungen-kleiner-500-quadratmeter wtwfb_region-rheinland-pfalz\">\n    <h2 class=\"entry-title\"><a href=\"https:\/\/wettbewerb-archiv.wir-tun-was-fuer-bienen.de\/archiv-2018\/eintrag\/neue-obstbaeume-ein-insektenhotel-und-eine-bienenwiese\/\">Neue Obstb\u00e4ume, ein Insektenhotel und eine Bienenwiese<\/a>\n    <\/h2>\n    <a href=\"https:\/\/wettbewerb-archiv.wir-tun-was-fuer-bienen.de\/archiv-2018\/eintrag\/neue-obstbaeume-ein-insektenhotel-und-eine-bienenwiese\/\">\n        <div class=\"bienen-entry-image\">\n            <img decoding=\"async\" width=\"400\" height=\"300\" src=\"https:\/\/wettbewerb-archiv.wir-tun-was-fuer-bienen.de\/archiv-2018\/wp-content\/uploads\/sites\/2\/2018\/05\/180203_JFW_edit-1-400x300.jpg\" class=\"attachment-bienen-grid-thumb size-bienen-grid-thumb wp-post-image\" alt=\"\" loading=\"lazy\" srcset=\"https:\/\/wettbewerb-archiv.wir-tun-was-fuer-bienen.de\/archiv-2018\/wp-content\/uploads\/sites\/2\/2018\/05\/180203_JFW_edit-1-400x300.jpg 400w, https:\/\/wettbewerb-archiv.wir-tun-was-fuer-bienen.de\/archiv-2018\/wp-content\/uploads\/sites\/2\/2018\/05\/180203_JFW_edit-1-510x382.jpg 510w\" sizes=\"(max-width: 400px) 100vw, 400px\" \/>                    <\/div>\n    <\/a>\n\n    <div class=\"images-grid\"><span><a href=\"https:\/\/wettbewerb-archiv.wir-tun-was-fuer-bienen.de\/archiv-2018\/eintrag\/neue-obstbaeume-ein-insektenhotel-und-eine-bienenwiese\/\"><img decoding=\"async\" width=\"150\" height=\"150\" src=\"https:\/\/wettbewerb-archiv.wir-tun-was-fuer-bienen.de\/archiv-2018\/wp-content\/uploads\/sites\/2\/2018\/05\/P1030408-150x150.jpg\" class=\"attachment-thumbnail size-thumbnail\" alt=\"\" loading=\"lazy\" \/><\/a><\/span><span><a href=\"https:\/\/wettbewerb-archiv.wir-tun-was-fuer-bienen.de\/archiv-2018\/eintrag\/neue-obstbaeume-ein-insektenhotel-und-eine-bienenwiese\/\"><img decoding=\"async\" width=\"150\" height=\"150\" src=\"https:\/\/wettbewerb-archiv.wir-tun-was-fuer-bienen.de\/archiv-2018\/wp-content\/uploads\/sites\/2\/2018\/05\/P1030399-150x150.jpg\" class=\"attachment-thumbnail size-thumbnail\" alt=\"\" loading=\"lazy\" \/><\/a><\/span><span><a href=\"https:\/\/wettbewerb-archiv.wir-tun-was-fuer-bienen.de\/archiv-2018\/eintrag\/neue-obstbaeume-ein-insektenhotel-und-eine-bienenwiese\/\"><img decoding=\"async\" width=\"150\" height=\"150\" src=\"https:\/\/wettbewerb-archiv.wir-tun-was-fuer-bienen.de\/archiv-2018\/wp-content\/uploads\/sites\/2\/2018\/05\/P1030405-150x150.jpg\" class=\"attachment-thumbnail size-thumbnail\" alt=\"\" loading=\"lazy\" \/><\/a><\/span><span><a href=\"https:\/\/wettbewerb-archiv.wir-tun-was-fuer-bienen.de\/archiv-2018\/eintrag\/neue-obstbaeume-ein-insektenhotel-und-eine-bienenwiese\/\"><img decoding=\"async\" width=\"150\" height=\"150\" src=\"https:\/\/wettbewerb-archiv.wir-tun-was-fuer-bienen.de\/archiv-2018\/wp-content\/uploads\/sites\/2\/2018\/05\/P1030413-150x150.jpg\" class=\"attachment-thumbnail size-thumbnail\" alt=\"\" loading=\"lazy\" \/><\/a><\/span><\/div>\n\n    <div class=\"user flex\">\n                    <img decoding=\"async\" src=\"https:\/\/wettbewerb-archiv.wir-tun-was-fuer-bienen.de\/archiv-2018\/wp-content\/themes\/bienen\/assets\/images\/avatar-placeholder.png\" style=\"border-radius: 30px;\" height=\"30\" width=\"30\">\n            <a href=\"https:\/\/wettbewerb-archiv.wir-tun-was-fuer-bienen.de\/archiv-2018\/gruppe\/jugendfeuerwehr-mudershausen\/\" title=\"Beitr\u00e4ge von Jugendfeuerwehr Mudershausen\"\n               rel=\"author\">Jugendfeuerwehr Mudershausen<\/a>\n            <\/div>\n    \n    \n            <p class=\"categories meta\" style=\"width: 100%\"><span class=\"fa fa-tag\"\n                                                             aria-hidden=\"true\"><\/span> Privatg\u00e4rten und G\u00e4rten von Mietwohnungen (kleiner als 500 Quadratmeter)        <\/p>\n    \n            <p class=\"categories meta\" style=\"width: 100%\"><span class=\"fa fa-map-marker\"\n                                                             aria-hidden=\"true\"><\/span> Rheinland-Pfalz        <\/p>\n    \n<\/article>\n   \n\t\t\n          <article id=\"post-3202\" class=\"et_pb_post post-3202 wtwfb_entry type-wtwfb_entry status-publish has-post-thumbnail hentry wtwfb_category-schul-und-jugendclub-gaerten wtwfb_region-bayern\">\n    <h2 class=\"entry-title\"><a href=\"https:\/\/wettbewerb-archiv.wir-tun-was-fuer-bienen.de\/archiv-2018\/eintrag\/ein-herz-fuer-bienen\/\">Ein Herz f\u00fcr Bienen<\/a>\n    <\/h2>\n    <a href=\"https:\/\/wettbewerb-archiv.wir-tun-was-fuer-bienen.de\/archiv-2018\/eintrag\/ein-herz-fuer-bienen\/\">\n        <div class=\"bienen-entry-image\">\n            <img decoding=\"async\" width=\"400\" height=\"300\" src=\"https:\/\/wettbewerb-archiv.wir-tun-was-fuer-bienen.de\/archiv-2018\/wp-content\/uploads\/sites\/2\/2018\/05\/32186958_1660445553990707_6628798760245788672_n-400x300.jpg\" class=\"attachment-bienen-grid-thumb size-bienen-grid-thumb wp-post-image\" alt=\"\" loading=\"lazy\" srcset=\"https:\/\/wettbewerb-archiv.wir-tun-was-fuer-bienen.de\/archiv-2018\/wp-content\/uploads\/sites\/2\/2018\/05\/32186958_1660445553990707_6628798760245788672_n-400x300.jpg 400w, https:\/\/wettbewerb-archiv.wir-tun-was-fuer-bienen.de\/archiv-2018\/wp-content\/uploads\/sites\/2\/2018\/05\/32186958_1660445553990707_6628798760245788672_n-300x225.jpg 300w, https:\/\/wettbewerb-archiv.wir-tun-was-fuer-bienen.de\/archiv-2018\/wp-content\/uploads\/sites\/2\/2018\/05\/32186958_1660445553990707_6628798760245788672_n-768x576.jpg 768w, https:\/\/wettbewerb-archiv.wir-tun-was-fuer-bienen.de\/archiv-2018\/wp-content\/uploads\/sites\/2\/2018\/05\/32186958_1660445553990707_6628798760245788672_n-510x382.jpg 510w, https:\/\/wettbewerb-archiv.wir-tun-was-fuer-bienen.de\/archiv-2018\/wp-content\/uploads\/sites\/2\/2018\/05\/32186958_1660445553990707_6628798760245788672_n.jpg 960w\" sizes=\"(max-width: 400px) 100vw, 400px\" \/>                    <\/div>\n    <\/a>\n\n    <div class=\"images-grid\"><\/div>\n\n    <div class=\"user flex\">\n        \n                    <img decoding=\"async\" src=\"https:\/\/wettbewerb-archiv.wir-tun-was-fuer-bienen.de\/archiv-2018\/wp-content\/themes\/bienen\/assets\/images\/avatar-placeholder.png\" style=\"border-radius: 30px;\" height=\"30\" width=\"30\">\n            Jugendb\u00fcro Illertissen            <\/div>\n    \n    \n            <p class=\"categories meta\" style=\"width: 100%\"><span class=\"fa fa-tag\"\n                                                             aria-hidden=\"true\"><\/span> Schul- und Jugendclub-G\u00e4rten        <\/p>\n    \n            <p class=\"categories meta\" style=\"width: 100%\"><span class=\"fa fa-map-marker\"\n                                                             aria-hidden=\"true\"><\/span> Bayern        <\/p>\n    \n<\/article>\n   \n\t\t\n          <article id=\"post-3188\" class=\"et_pb_post post-3188 wtwfb_entry type-wtwfb_entry status-publish has-post-thumbnail hentry wtwfb_category-privatgaerten-und-gaerten-von-mietwohnungen-kleiner-500-quadratmeter wtwfb_region-nordrhein-westfalen\">\n    <h2 class=\"entry-title\"><a href=\"https:\/\/wettbewerb-archiv.wir-tun-was-fuer-bienen.de\/archiv-2018\/eintrag\/unser-reihenhausgarten-wird-umgekrempelt\/\">Unser Reihenhausgarten wird umgekrempelt<\/a>\n    <\/h2>\n    <a href=\"https:\/\/wettbewerb-archiv.wir-tun-was-fuer-bienen.de\/archiv-2018\/eintrag\/unser-reihenhausgarten-wird-umgekrempelt\/\">\n        <div class=\"bienen-entry-image\">\n            <img decoding=\"async\" width=\"400\" height=\"300\" src=\"https:\/\/wettbewerb-archiv.wir-tun-was-fuer-bienen.de\/archiv-2018\/wp-content\/uploads\/sites\/2\/2018\/05\/20180326_1313331-400x300.jpg\" class=\"attachment-bienen-grid-thumb size-bienen-grid-thumb wp-post-image\" alt=\"\" loading=\"lazy\" srcset=\"https:\/\/wettbewerb-archiv.wir-tun-was-fuer-bienen.de\/archiv-2018\/wp-content\/uploads\/sites\/2\/2018\/05\/20180326_1313331-400x300.jpg 400w, https:\/\/wettbewerb-archiv.wir-tun-was-fuer-bienen.de\/archiv-2018\/wp-content\/uploads\/sites\/2\/2018\/05\/20180326_1313331-510x382.jpg 510w\" sizes=\"(max-width: 400px) 100vw, 400px\" \/>                    <\/div>\n    <\/a>\n\n    <div class=\"images-grid\"><span><a href=\"https:\/\/wettbewerb-archiv.wir-tun-was-fuer-bienen.de\/archiv-2018\/eintrag\/unser-reihenhausgarten-wird-umgekrempelt\/\"><img decoding=\"async\" width=\"150\" height=\"150\" src=\"https:\/\/wettbewerb-archiv.wir-tun-was-fuer-bienen.de\/archiv-2018\/wp-content\/uploads\/sites\/2\/2018\/05\/20180326_1314121-150x150.jpg\" class=\"attachment-thumbnail size-thumbnail\" alt=\"\" loading=\"lazy\" \/><\/a><\/span><span><a href=\"https:\/\/wettbewerb-archiv.wir-tun-was-fuer-bienen.de\/archiv-2018\/eintrag\/unser-reihenhausgarten-wird-umgekrempelt\/\"><img decoding=\"async\" width=\"150\" height=\"150\" src=\"https:\/\/wettbewerb-archiv.wir-tun-was-fuer-bienen.de\/archiv-2018\/wp-content\/uploads\/sites\/2\/2018\/05\/20180327_1321321-150x150.jpg\" class=\"attachment-thumbnail size-thumbnail\" alt=\"\" loading=\"lazy\" \/><\/a><\/span><span><a href=\"https:\/\/wettbewerb-archiv.wir-tun-was-fuer-bienen.de\/archiv-2018\/eintrag\/unser-reihenhausgarten-wird-umgekrempelt\/\"><img decoding=\"async\" width=\"150\" height=\"150\" src=\"https:\/\/wettbewerb-archiv.wir-tun-was-fuer-bienen.de\/archiv-2018\/wp-content\/uploads\/sites\/2\/2018\/05\/20180402_1746021-150x150.jpg\" class=\"attachment-thumbnail size-thumbnail\" alt=\"\" loading=\"lazy\" \/><\/a><\/span><span><a href=\"https:\/\/wettbewerb-archiv.wir-tun-was-fuer-bienen.de\/archiv-2018\/eintrag\/unser-reihenhausgarten-wird-umgekrempelt\/\"><img decoding=\"async\" width=\"150\" height=\"150\" src=\"https:\/\/wettbewerb-archiv.wir-tun-was-fuer-bienen.de\/archiv-2018\/wp-content\/uploads\/sites\/2\/2018\/05\/20180407_1035561-150x150.jpg\" class=\"attachment-thumbnail size-thumbnail\" alt=\"\" loading=\"lazy\" \/><\/a><\/span><\/div>\n\n    <div class=\"user flex\">\n        \n                    <img decoding=\"async\" src=\"https:\/\/wettbewerb-archiv.wir-tun-was-fuer-bienen.de\/archiv-2018\/wp-content\/themes\/bienen\/assets\/images\/avatar-placeholder.png\" style=\"border-radius: 30px;\" height=\"30\" width=\"30\">\n            Daria            <\/div>\n    \n    \n            <p class=\"categories meta\" style=\"width: 100%\"><span class=\"fa fa-tag\"\n                                                             aria-hidden=\"true\"><\/span> Privatg\u00e4rten und G\u00e4rten von Mietwohnungen (kleiner als 500 Quadratmeter)        <\/p>\n    \n            <p class=\"categories meta\" style=\"width: 100%\"><span class=\"fa fa-map-marker\"\n                                                             aria-hidden=\"true\"><\/span> Nordrhein-Westfalen        <\/p>\n    \n<\/article>\n   \n\t\t\n          <article id=\"post-3096\" class=\"et_pb_post post-3096 wtwfb_entry type-wtwfb_entry status-publish has-post-thumbnail hentry wtwfb_category-privatgaerten-und-gaerten-von-mietwohnungen-kleiner-500-quadratmeter wtwfb_region-nordrhein-westfalen\">\n    <h2 class=\"entry-title\"><a href=\"https:\/\/wettbewerb-archiv.wir-tun-was-fuer-bienen.de\/archiv-2018\/eintrag\/jetzt-wirds-bunt-ein-bluehender-saum-aus-heimischen-blumen-obst-und-wildgehoelzen-entsteht\/\">Jetzt wirds bunt! Saum &amp; freiwachsende Hecke<\/a>\n    <\/h2>\n    <a href=\"https:\/\/wettbewerb-archiv.wir-tun-was-fuer-bienen.de\/archiv-2018\/eintrag\/jetzt-wirds-bunt-ein-bluehender-saum-aus-heimischen-blumen-obst-und-wildgehoelzen-entsteht\/\">\n        <div class=\"bienen-entry-image\">\n            <img decoding=\"async\" width=\"400\" height=\"300\" src=\"https:\/\/wettbewerb-archiv.wir-tun-was-fuer-bienen.de\/archiv-2018\/wp-content\/uploads\/sites\/2\/2018\/05\/20626F8D-2F36-461F-BA77-D9875F39BDBF-400x300.jpeg\" class=\"attachment-bienen-grid-thumb size-bienen-grid-thumb wp-post-image\" alt=\"\" loading=\"lazy\" srcset=\"https:\/\/wettbewerb-archiv.wir-tun-was-fuer-bienen.de\/archiv-2018\/wp-content\/uploads\/sites\/2\/2018\/05\/20626F8D-2F36-461F-BA77-D9875F39BDBF-400x300.jpeg 400w, https:\/\/wettbewerb-archiv.wir-tun-was-fuer-bienen.de\/archiv-2018\/wp-content\/uploads\/sites\/2\/2018\/05\/20626F8D-2F36-461F-BA77-D9875F39BDBF-300x225.jpeg 300w, https:\/\/wettbewerb-archiv.wir-tun-was-fuer-bienen.de\/archiv-2018\/wp-content\/uploads\/sites\/2\/2018\/05\/20626F8D-2F36-461F-BA77-D9875F39BDBF-768x576.jpeg 768w, https:\/\/wettbewerb-archiv.wir-tun-was-fuer-bienen.de\/archiv-2018\/wp-content\/uploads\/sites\/2\/2018\/05\/20626F8D-2F36-461F-BA77-D9875F39BDBF-1024x768.jpeg 1024w, https:\/\/wettbewerb-archiv.wir-tun-was-fuer-bienen.de\/archiv-2018\/wp-content\/uploads\/sites\/2\/2018\/05\/20626F8D-2F36-461F-BA77-D9875F39BDBF-510x382.jpeg 510w, https:\/\/wettbewerb-archiv.wir-tun-was-fuer-bienen.de\/archiv-2018\/wp-content\/uploads\/sites\/2\/2018\/05\/20626F8D-2F36-461F-BA77-D9875F39BDBF-1080x810.jpeg 1080w, https:\/\/wettbewerb-archiv.wir-tun-was-fuer-bienen.de\/archiv-2018\/wp-content\/uploads\/sites\/2\/2018\/05\/20626F8D-2F36-461F-BA77-D9875F39BDBF.jpeg 1920w\" sizes=\"(max-width: 400px) 100vw, 400px\" \/>                    <\/div>\n    <\/a>\n\n    <div class=\"images-grid\"><span><a href=\"https:\/\/wettbewerb-archiv.wir-tun-was-fuer-bienen.de\/archiv-2018\/eintrag\/jetzt-wirds-bunt-ein-bluehender-saum-aus-heimischen-blumen-obst-und-wildgehoelzen-entsteht\/\"><img decoding=\"async\" width=\"150\" height=\"150\" src=\"https:\/\/wettbewerb-archiv.wir-tun-was-fuer-bienen.de\/archiv-2018\/wp-content\/uploads\/sites\/2\/2018\/05\/2F64B57E-F9FD-48C9-92B9-2C6620ECAA1C-2-150x150.jpeg\" class=\"attachment-thumbnail size-thumbnail\" alt=\"\" loading=\"lazy\" \/><\/a><\/span><span><a href=\"https:\/\/wettbewerb-archiv.wir-tun-was-fuer-bienen.de\/archiv-2018\/eintrag\/jetzt-wirds-bunt-ein-bluehender-saum-aus-heimischen-blumen-obst-und-wildgehoelzen-entsteht\/\"><img decoding=\"async\" width=\"150\" height=\"150\" src=\"https:\/\/wettbewerb-archiv.wir-tun-was-fuer-bienen.de\/archiv-2018\/wp-content\/uploads\/sites\/2\/2018\/05\/48FA7773-6603-4CA9-AC3B-754A33CED658-150x150.jpeg\" class=\"attachment-thumbnail size-thumbnail\" alt=\"\" loading=\"lazy\" \/><\/a><\/span><span><a href=\"https:\/\/wettbewerb-archiv.wir-tun-was-fuer-bienen.de\/archiv-2018\/eintrag\/jetzt-wirds-bunt-ein-bluehender-saum-aus-heimischen-blumen-obst-und-wildgehoelzen-entsteht\/\"><img decoding=\"async\" width=\"150\" height=\"150\" src=\"https:\/\/wettbewerb-archiv.wir-tun-was-fuer-bienen.de\/archiv-2018\/wp-content\/uploads\/sites\/2\/2018\/05\/4C90E339-015E-4EC7-91CD-E734B8B00191-2-150x150.jpeg\" class=\"attachment-thumbnail size-thumbnail\" alt=\"\" loading=\"lazy\" \/><\/a><\/span><span><a href=\"https:\/\/wettbewerb-archiv.wir-tun-was-fuer-bienen.de\/archiv-2018\/eintrag\/jetzt-wirds-bunt-ein-bluehender-saum-aus-heimischen-blumen-obst-und-wildgehoelzen-entsteht\/\"><img decoding=\"async\" width=\"150\" height=\"150\" src=\"https:\/\/wettbewerb-archiv.wir-tun-was-fuer-bienen.de\/archiv-2018\/wp-content\/uploads\/sites\/2\/2018\/05\/D28FDE0C-A4D7-4D85-A90A-DF97E2550AA5-150x150.jpeg\" class=\"attachment-thumbnail size-thumbnail\" alt=\"\" loading=\"lazy\" \/><\/a><\/span><\/div>\n\n    <div class=\"user flex\">\n        \n                    <img decoding=\"async\" src=\"https:\/\/wettbewerb-archiv.wir-tun-was-fuer-bienen.de\/archiv-2018\/wp-content\/themes\/bienen\/assets\/images\/avatar-placeholder.png\" style=\"border-radius: 30px;\" height=\"30\" width=\"30\">\n            Cathi            <\/div>\n    \n    <p class=\"categories meta bienen-gewinner\"><span class=\"fa fa-trophy\"                                                              aria-hidden=\"true\"><\/span> Gewinner<\/p>\n            <p class=\"categories meta\" style=\"width: 100%\"><span class=\"fa fa-tag\"\n                                                             aria-hidden=\"true\"><\/span> Privatg\u00e4rten und G\u00e4rten von Mietwohnungen (kleiner als 500 Quadratmeter)        <\/p>\n    \n            <p class=\"categories meta\" style=\"width: 100%\"><span class=\"fa fa-map-marker\"\n                                                             aria-hidden=\"true\"><\/span> Nordrhein-Westfalen        <\/p>\n    \n<\/article>\n   \n\t\t\n          <article id=\"post-3074\" class=\"et_pb_post post-3074 wtwfb_entry type-wtwfb_entry status-publish has-post-thumbnail hentry wtwfb_category-balkone-terrassen-dachbegruenung-vertikale-gaerten wtwfb_region-bayern\">\n    <h2 class=\"entry-title\"><a href=\"https:\/\/wettbewerb-archiv.wir-tun-was-fuer-bienen.de\/archiv-2018\/eintrag\/jeder-m%c2%b2-zaehlt-2\/\">Jeder m\u00b2 z\u00e4hlt!<\/a>\n    <\/h2>\n    <a href=\"https:\/\/wettbewerb-archiv.wir-tun-was-fuer-bienen.de\/archiv-2018\/eintrag\/jeder-m%c2%b2-zaehlt-2\/\">\n        <div class=\"bienen-entry-image\">\n            <img decoding=\"async\" width=\"400\" height=\"300\" src=\"https:\/\/wettbewerb-archiv.wir-tun-was-fuer-bienen.de\/archiv-2018\/wp-content\/uploads\/sites\/2\/2018\/06\/Hauptbild-400x300.jpg\" class=\"attachment-bienen-grid-thumb size-bienen-grid-thumb wp-post-image\" alt=\"\" loading=\"lazy\" srcset=\"https:\/\/wettbewerb-archiv.wir-tun-was-fuer-bienen.de\/archiv-2018\/wp-content\/uploads\/sites\/2\/2018\/06\/Hauptbild-400x300.jpg 400w, https:\/\/wettbewerb-archiv.wir-tun-was-fuer-bienen.de\/archiv-2018\/wp-content\/uploads\/sites\/2\/2018\/06\/Hauptbild-899x675.jpg 899w, https:\/\/wettbewerb-archiv.wir-tun-was-fuer-bienen.de\/archiv-2018\/wp-content\/uploads\/sites\/2\/2018\/06\/Hauptbild-510x382.jpg 510w\" sizes=\"(max-width: 400px) 100vw, 400px\" \/>                    <\/div>\n    <\/a>\n\n    <div class=\"images-grid\"><span><a href=\"https:\/\/wettbewerb-archiv.wir-tun-was-fuer-bienen.de\/archiv-2018\/eintrag\/jeder-m%c2%b2-zaehlt-2\/\"><img decoding=\"async\" width=\"150\" height=\"150\" src=\"https:\/\/wettbewerb-archiv.wir-tun-was-fuer-bienen.de\/archiv-2018\/wp-content\/uploads\/sites\/2\/2018\/06\/Bild-3-150x150.jpg\" class=\"attachment-thumbnail size-thumbnail\" alt=\"\" loading=\"lazy\" \/><\/a><\/span><span><a href=\"https:\/\/wettbewerb-archiv.wir-tun-was-fuer-bienen.de\/archiv-2018\/eintrag\/jeder-m%c2%b2-zaehlt-2\/\"><img decoding=\"async\" width=\"150\" height=\"150\" src=\"https:\/\/wettbewerb-archiv.wir-tun-was-fuer-bienen.de\/archiv-2018\/wp-content\/uploads\/sites\/2\/2018\/06\/Bild-4-150x150.jpg\" class=\"attachment-thumbnail size-thumbnail\" alt=\"\" loading=\"lazy\" \/><\/a><\/span><span><a href=\"https:\/\/wettbewerb-archiv.wir-tun-was-fuer-bienen.de\/archiv-2018\/eintrag\/jeder-m%c2%b2-zaehlt-2\/\"><img decoding=\"async\" width=\"150\" height=\"150\" src=\"https:\/\/wettbewerb-archiv.wir-tun-was-fuer-bienen.de\/archiv-2018\/wp-content\/uploads\/sites\/2\/2018\/06\/20180429_132553-150x150.jpg\" class=\"attachment-thumbnail size-thumbnail\" alt=\"\" loading=\"lazy\" \/><\/a><\/span><span><a href=\"https:\/\/wettbewerb-archiv.wir-tun-was-fuer-bienen.de\/archiv-2018\/eintrag\/jeder-m%c2%b2-zaehlt-2\/\"><img decoding=\"async\" width=\"150\" height=\"150\" src=\"https:\/\/wettbewerb-archiv.wir-tun-was-fuer-bienen.de\/archiv-2018\/wp-content\/uploads\/sites\/2\/2018\/06\/20180429_131939-150x150.jpg\" class=\"attachment-thumbnail size-thumbnail\" alt=\"\" loading=\"lazy\" \/><\/a><\/span><\/div>\n\n    <div class=\"user flex\">\n        \n                    <img decoding=\"async\" src=\"https:\/\/wettbewerb-archiv.wir-tun-was-fuer-bienen.de\/archiv-2018\/wp-content\/themes\/bienen\/assets\/images\/avatar-placeholder.png\" style=\"border-radius: 30px;\" height=\"30\" width=\"30\">\n            Nesseler f\u00fcr Bienen            <\/div>\n    \n    \n            <p class=\"categories meta\" style=\"width: 100%\"><span class=\"fa fa-tag\"\n                                                             aria-hidden=\"true\"><\/span> Balkone, Terrassen, Dachbegr\u00fcnung, vertikale G\u00e4rten        <\/p>\n    \n            <p class=\"categories meta\" style=\"width: 100%\"><span class=\"fa fa-map-marker\"\n                                                             aria-hidden=\"true\"><\/span> Bayern        <\/p>\n    \n<\/article>\n   \n\t\t\n          <article id=\"post-3015\" class=\"et_pb_post post-3015 wtwfb_entry type-wtwfb_entry status-publish has-post-thumbnail hentry wtwfb_category-privatgaerten-und-gaerten-von-mietwohnungen-kleiner-500-quadratmeter wtwfb_region-baden-wuerttemberg\">\n    <h2 class=\"entry-title\"><a href=\"https:\/\/wettbewerb-archiv.wir-tun-was-fuer-bienen.de\/archiv-2018\/eintrag\/die-erde-ist-uns-nur-geliehen\/\">Die Erde ist uns nur geliehen<\/a>\n    <\/h2>\n    <a href=\"https:\/\/wettbewerb-archiv.wir-tun-was-fuer-bienen.de\/archiv-2018\/eintrag\/die-erde-ist-uns-nur-geliehen\/\">\n        <div class=\"bienen-entry-image\">\n            <img decoding=\"async\" width=\"400\" height=\"300\" src=\"https:\/\/wettbewerb-archiv.wir-tun-was-fuer-bienen.de\/archiv-2018\/wp-content\/uploads\/sites\/2\/2018\/07\/IMG_3126-400x300.jpg\" class=\"attachment-bienen-grid-thumb size-bienen-grid-thumb wp-post-image\" alt=\"\" loading=\"lazy\" srcset=\"https:\/\/wettbewerb-archiv.wir-tun-was-fuer-bienen.de\/archiv-2018\/wp-content\/uploads\/sites\/2\/2018\/07\/IMG_3126-400x300.jpg 400w, https:\/\/wettbewerb-archiv.wir-tun-was-fuer-bienen.de\/archiv-2018\/wp-content\/uploads\/sites\/2\/2018\/07\/IMG_3126-300x225.jpg 300w, https:\/\/wettbewerb-archiv.wir-tun-was-fuer-bienen.de\/archiv-2018\/wp-content\/uploads\/sites\/2\/2018\/07\/IMG_3126-768x576.jpg 768w, https:\/\/wettbewerb-archiv.wir-tun-was-fuer-bienen.de\/archiv-2018\/wp-content\/uploads\/sites\/2\/2018\/07\/IMG_3126-1024x768.jpg 1024w, https:\/\/wettbewerb-archiv.wir-tun-was-fuer-bienen.de\/archiv-2018\/wp-content\/uploads\/sites\/2\/2018\/07\/IMG_3126-1320x990.jpg 1320w, https:\/\/wettbewerb-archiv.wir-tun-was-fuer-bienen.de\/archiv-2018\/wp-content\/uploads\/sites\/2\/2018\/07\/IMG_3126.jpg 1920w\" sizes=\"(max-width: 400px) 100vw, 400px\" \/>                    <\/div>\n    <\/a>\n\n    <div class=\"images-grid\"><span><a href=\"https:\/\/wettbewerb-archiv.wir-tun-was-fuer-bienen.de\/archiv-2018\/eintrag\/die-erde-ist-uns-nur-geliehen\/\"><img decoding=\"async\" width=\"150\" height=\"150\" src=\"https:\/\/wettbewerb-archiv.wir-tun-was-fuer-bienen.de\/archiv-2018\/wp-content\/uploads\/sites\/2\/2018\/05\/IMG_05221-150x150.jpg\" class=\"attachment-thumbnail size-thumbnail\" alt=\"\" loading=\"lazy\" \/><\/a><\/span><span><a href=\"https:\/\/wettbewerb-archiv.wir-tun-was-fuer-bienen.de\/archiv-2018\/eintrag\/die-erde-ist-uns-nur-geliehen\/\"><img decoding=\"async\" width=\"150\" height=\"150\" src=\"https:\/\/wettbewerb-archiv.wir-tun-was-fuer-bienen.de\/archiv-2018\/wp-content\/uploads\/sites\/2\/2018\/05\/IMG_05341-150x150.jpg\" class=\"attachment-thumbnail size-thumbnail\" alt=\"\" loading=\"lazy\" \/><\/a><\/span><span><a href=\"https:\/\/wettbewerb-archiv.wir-tun-was-fuer-bienen.de\/archiv-2018\/eintrag\/die-erde-ist-uns-nur-geliehen\/\"><img decoding=\"async\" width=\"150\" height=\"150\" src=\"https:\/\/wettbewerb-archiv.wir-tun-was-fuer-bienen.de\/archiv-2018\/wp-content\/uploads\/sites\/2\/2018\/05\/IMG_05391-150x150.jpg\" class=\"attachment-thumbnail size-thumbnail\" alt=\"\" loading=\"lazy\" \/><\/a><\/span><span><a href=\"https:\/\/wettbewerb-archiv.wir-tun-was-fuer-bienen.de\/archiv-2018\/eintrag\/die-erde-ist-uns-nur-geliehen\/\"><img decoding=\"async\" width=\"150\" height=\"150\" src=\"https:\/\/wettbewerb-archiv.wir-tun-was-fuer-bienen.de\/archiv-2018\/wp-content\/uploads\/sites\/2\/2018\/05\/IMG_05241-1-150x150.jpg\" class=\"attachment-thumbnail size-thumbnail\" alt=\"\" loading=\"lazy\" \/><\/a><\/span><\/div>\n\n    <div class=\"user flex\">\n        \n                    <img decoding=\"async\" src=\"https:\/\/wettbewerb-archiv.wir-tun-was-fuer-bienen.de\/archiv-2018\/wp-content\/themes\/bienen\/assets\/images\/avatar-placeholder.png\" style=\"border-radius: 30px;\" height=\"30\" width=\"30\">\n            Gartend\u00f6ttling            <\/div>\n    \n    \n            <p class=\"categories meta\" style=\"width: 100%\"><span class=\"fa fa-tag\"\n                                                             aria-hidden=\"true\"><\/span> Privatg\u00e4rten und G\u00e4rten von Mietwohnungen (kleiner als 500 Quadratmeter)        <\/p>\n    \n            <p class=\"categories meta\" style=\"width: 100%\"><span class=\"fa fa-map-marker\"\n                                                             aria-hidden=\"true\"><\/span> Baden-W\u00fcrttemberg        <\/p>\n    \n<\/article>\n   \n\t\t\n          <article id=\"post-2978\" class=\"et_pb_post post-2978 wtwfb_entry type-wtwfb_entry status-publish has-post-thumbnail hentry wtwfb_category-schul-und-jugendclub-gaerten wtwfb_region-nordrhein-westfalen\">\n    <h2 class=\"entry-title\"><a href=\"https:\/\/wettbewerb-archiv.wir-tun-was-fuer-bienen.de\/archiv-2018\/eintrag\/wir-schaffen-lebensraum-fuer-bienen-und-andere-heimische-tiere\/\">Wir schaffen Lebensraum f\u00fcr Bienen und andere heimisch...<\/a>\n    <\/h2>\n    <a href=\"https:\/\/wettbewerb-archiv.wir-tun-was-fuer-bienen.de\/archiv-2018\/eintrag\/wir-schaffen-lebensraum-fuer-bienen-und-andere-heimische-tiere\/\">\n        <div class=\"bienen-entry-image\">\n            <img decoding=\"async\" width=\"400\" height=\"300\" src=\"https:\/\/wettbewerb-archiv.wir-tun-was-fuer-bienen.de\/archiv-2018\/wp-content\/uploads\/sites\/2\/2018\/07\/IMG_20180424_111944-400x300.jpg\" class=\"attachment-bienen-grid-thumb size-bienen-grid-thumb wp-post-image\" alt=\"\" loading=\"lazy\" \/>                    <\/div>\n    <\/a>\n\n    <div class=\"images-grid\"><span><a href=\"https:\/\/wettbewerb-archiv.wir-tun-was-fuer-bienen.de\/archiv-2018\/eintrag\/wir-schaffen-lebensraum-fuer-bienen-und-andere-heimische-tiere\/\"><img decoding=\"async\" width=\"150\" height=\"150\" src=\"https:\/\/wettbewerb-archiv.wir-tun-was-fuer-bienen.de\/archiv-2018\/wp-content\/uploads\/sites\/2\/2018\/05\/IMG_20180424_112206-Kopie-150x150.jpg\" class=\"attachment-thumbnail size-thumbnail\" alt=\"\" loading=\"lazy\" \/><\/a><\/span><span><a href=\"https:\/\/wettbewerb-archiv.wir-tun-was-fuer-bienen.de\/archiv-2018\/eintrag\/wir-schaffen-lebensraum-fuer-bienen-und-andere-heimische-tiere\/\"><img decoding=\"async\" width=\"150\" height=\"150\" src=\"https:\/\/wettbewerb-archiv.wir-tun-was-fuer-bienen.de\/archiv-2018\/wp-content\/uploads\/sites\/2\/2018\/05\/DSC06603-Kopie-150x150.jpg\" class=\"attachment-thumbnail size-thumbnail\" alt=\"\" loading=\"lazy\" \/><\/a><\/span><span><a href=\"https:\/\/wettbewerb-archiv.wir-tun-was-fuer-bienen.de\/archiv-2018\/eintrag\/wir-schaffen-lebensraum-fuer-bienen-und-andere-heimische-tiere\/\"><img decoding=\"async\" width=\"150\" height=\"150\" src=\"https:\/\/wettbewerb-archiv.wir-tun-was-fuer-bienen.de\/archiv-2018\/wp-content\/uploads\/sites\/2\/2018\/05\/IMG_20180413_114522-150x150.jpg\" class=\"attachment-thumbnail size-thumbnail\" alt=\"\" loading=\"lazy\" \/><\/a><\/span><span><a href=\"https:\/\/wettbewerb-archiv.wir-tun-was-fuer-bienen.de\/archiv-2018\/eintrag\/wir-schaffen-lebensraum-fuer-bienen-und-andere-heimische-tiere\/\"><img decoding=\"async\" width=\"150\" height=\"150\" src=\"https:\/\/wettbewerb-archiv.wir-tun-was-fuer-bienen.de\/archiv-2018\/wp-content\/uploads\/sites\/2\/2018\/05\/DSC05091-Kopie-150x150.jpg\" class=\"attachment-thumbnail size-thumbnail\" alt=\"\" loading=\"lazy\" \/><\/a><\/span><\/div>\n\n    <div class=\"user flex\">\n        \n                    <img decoding=\"async\" src=\"https:\/\/wettbewerb-archiv.wir-tun-was-fuer-bienen.de\/archiv-2018\/wp-content\/themes\/bienen\/assets\/images\/avatar-placeholder.png\" style=\"border-radius: 30px;\" height=\"30\" width=\"30\">\n            Schule der Begegnung u. Revierp\u00e4chter Birgden            <\/div>\n    \n    <p class=\"categories meta bienen-gewinner\"><span class=\"fa fa-trophy\"                                                              aria-hidden=\"true\"><\/span> Gewinner<\/p>\n            <p class=\"categories meta\" style=\"width: 100%\"><span class=\"fa fa-tag\"\n                                                             aria-hidden=\"true\"><\/span> Schul- und Jugendclub-G\u00e4rten        <\/p>\n    \n            <p class=\"categories meta\" style=\"width: 100%\"><span class=\"fa fa-map-marker\"\n                                                             aria-hidden=\"true\"><\/span> Nordrhein-Westfalen        <\/p>\n    \n<\/article>\n   \n\t\t\n          <article id=\"post-2907\" class=\"et_pb_post post-2907 wtwfb_entry type-wtwfb_entry status-publish has-post-thumbnail hentry wtwfb_category-schul-und-jugendclub-gaerten wtwfb_region-bayern\">\n    <h2 class=\"entry-title\"><a href=\"https:\/\/wettbewerb-archiv.wir-tun-was-fuer-bienen.de\/archiv-2018\/eintrag\/albert-schweitzer-mittelschule-bauernhof\/\">Albert-Schweitzer Mittelschule Bauernhof<\/a>\n    <\/h2>\n    <a href=\"https:\/\/wettbewerb-archiv.wir-tun-was-fuer-bienen.de\/archiv-2018\/eintrag\/albert-schweitzer-mittelschule-bauernhof\/\">\n        <div class=\"bienen-entry-image\">\n            <img decoding=\"async\" width=\"400\" height=\"300\" src=\"https:\/\/wettbewerb-archiv.wir-tun-was-fuer-bienen.de\/archiv-2018\/wp-content\/uploads\/sites\/2\/2018\/05\/20180423_2010221-1-400x300.jpg\" class=\"attachment-bienen-grid-thumb size-bienen-grid-thumb wp-post-image\" alt=\"\" loading=\"lazy\" srcset=\"https:\/\/wettbewerb-archiv.wir-tun-was-fuer-bienen.de\/archiv-2018\/wp-content\/uploads\/sites\/2\/2018\/05\/20180423_2010221-1-400x300.jpg 400w, https:\/\/wettbewerb-archiv.wir-tun-was-fuer-bienen.de\/archiv-2018\/wp-content\/uploads\/sites\/2\/2018\/05\/20180423_2010221-1-300x225.jpg 300w, https:\/\/wettbewerb-archiv.wir-tun-was-fuer-bienen.de\/archiv-2018\/wp-content\/uploads\/sites\/2\/2018\/05\/20180423_2010221-1-768x576.jpg 768w, https:\/\/wettbewerb-archiv.wir-tun-was-fuer-bienen.de\/archiv-2018\/wp-content\/uploads\/sites\/2\/2018\/05\/20180423_2010221-1-1024x768.jpg 1024w, https:\/\/wettbewerb-archiv.wir-tun-was-fuer-bienen.de\/archiv-2018\/wp-content\/uploads\/sites\/2\/2018\/05\/20180423_2010221-1-510x382.jpg 510w, https:\/\/wettbewerb-archiv.wir-tun-was-fuer-bienen.de\/archiv-2018\/wp-content\/uploads\/sites\/2\/2018\/05\/20180423_2010221-1-1080x810.jpg 1080w, https:\/\/wettbewerb-archiv.wir-tun-was-fuer-bienen.de\/archiv-2018\/wp-content\/uploads\/sites\/2\/2018\/05\/20180423_2010221-1.jpg 1920w\" sizes=\"(max-width: 400px) 100vw, 400px\" \/>                    <\/div>\n    <\/a>\n\n    <div class=\"images-grid\"><span><a href=\"https:\/\/wettbewerb-archiv.wir-tun-was-fuer-bienen.de\/archiv-2018\/eintrag\/albert-schweitzer-mittelschule-bauernhof\/\"><img decoding=\"async\" width=\"150\" height=\"150\" src=\"https:\/\/wettbewerb-archiv.wir-tun-was-fuer-bienen.de\/archiv-2018\/wp-content\/uploads\/sites\/2\/2018\/05\/P1120292-150x150.jpg\" class=\"attachment-thumbnail size-thumbnail\" alt=\"\" loading=\"lazy\" \/><\/a><\/span><\/div>\n\n    <div class=\"user flex\">\n        \n                    <img decoding=\"async\" src=\"https:\/\/wettbewerb-archiv.wir-tun-was-fuer-bienen.de\/archiv-2018\/wp-content\/themes\/bienen\/assets\/images\/avatar-placeholder.png\" style=\"border-radius: 30px;\" height=\"30\" width=\"30\">\n            Albert-Schweitzer-LernbauernhofBT            <\/div>\n    \n    \n            <p class=\"categories meta\" style=\"width: 100%\"><span class=\"fa fa-tag\"\n                                                             aria-hidden=\"true\"><\/span> Schul- und Jugendclub-G\u00e4rten        <\/p>\n    \n            <p class=\"categories meta\" style=\"width: 100%\"><span class=\"fa fa-map-marker\"\n                                                             aria-hidden=\"true\"><\/span> Bayern        <\/p>\n    \n<\/article>\n   \n\t\t\n          <article id=\"post-2743\" class=\"et_pb_post post-2743 wtwfb_entry type-wtwfb_entry status-publish hentry wtwfb_category-schul-und-jugendclub-gaerten wtwfb_region-bayern\">\n    <h2 class=\"entry-title\"><a href=\"https:\/\/wettbewerb-archiv.wir-tun-was-fuer-bienen.de\/archiv-2018\/eintrag\/jetzt-tut-sich-was\/\">Grundschule Laineck-Bayreuth: Auch in Oberfranken soll ...<\/a>\n    <\/h2>\n    <a href=\"https:\/\/wettbewerb-archiv.wir-tun-was-fuer-bienen.de\/archiv-2018\/eintrag\/jetzt-tut-sich-was\/\">\n        <div class=\"bienen-entry-image\">\n                                <\/div>\n    <\/a>\n\n    <div class=\"images-grid\"><\/div>\n\n    <div class=\"user flex\">\n        \n                    <img decoding=\"async\" src=\"https:\/\/wettbewerb-archiv.wir-tun-was-fuer-bienen.de\/archiv-2018\/wp-content\/themes\/bienen\/assets\/images\/avatar-placeholder.png\" style=\"border-radius: 30px;\" height=\"30\" width=\"30\">\n            Bernd Frank (Schulleitung)            <\/div>\n    \n    \n            <p class=\"categories meta\" style=\"width: 100%\"><span class=\"fa fa-tag\"\n                                                             aria-hidden=\"true\"><\/span> Schul- und Jugendclub-G\u00e4rten        <\/p>\n    \n            <p class=\"categories meta\" style=\"width: 100%\"><span class=\"fa fa-map-marker\"\n                                                             aria-hidden=\"true\"><\/span> Bayern        <\/p>\n    \n<\/article>\n   \n\t\t\n          <article id=\"post-2705\" class=\"et_pb_post post-2705 wtwfb_entry type-wtwfb_entry status-publish has-post-thumbnail hentry wtwfb_category-privatgaerten-und-gaerten-von-mietwohnungen-kleiner-500-quadratmeter wtwfb_region-hessen\">\n    <h2 class=\"entry-title\"><a href=\"https:\/\/wettbewerb-archiv.wir-tun-was-fuer-bienen.de\/archiv-2018\/eintrag\/schaffung-von-nistmoeglichkeiten-fuer-wildbienen\/\">Schaffung von Nistm\u00f6glichkeiten f\u00fcr Wildbienen<\/a>\n    <\/h2>\n    <a href=\"https:\/\/wettbewerb-archiv.wir-tun-was-fuer-bienen.de\/archiv-2018\/eintrag\/schaffung-von-nistmoeglichkeiten-fuer-wildbienen\/\">\n        <div class=\"bienen-entry-image\">\n            <img decoding=\"async\" width=\"400\" height=\"300\" src=\"https:\/\/wettbewerb-archiv.wir-tun-was-fuer-bienen.de\/archiv-2018\/wp-content\/uploads\/sites\/2\/2018\/05\/20180419_193429-400x300.gif\" class=\"attachment-bienen-grid-thumb size-bienen-grid-thumb wp-post-image\" alt=\"\" loading=\"lazy\" srcset=\"https:\/\/wettbewerb-archiv.wir-tun-was-fuer-bienen.de\/archiv-2018\/wp-content\/uploads\/sites\/2\/2018\/05\/20180419_193429-400x300.gif 400w, https:\/\/wettbewerb-archiv.wir-tun-was-fuer-bienen.de\/archiv-2018\/wp-content\/uploads\/sites\/2\/2018\/05\/20180419_193429-510x382.gif 510w\" sizes=\"(max-width: 400px) 100vw, 400px\" \/>                    <\/div>\n    <\/a>\n\n    <div class=\"images-grid\"><span><a href=\"https:\/\/wettbewerb-archiv.wir-tun-was-fuer-bienen.de\/archiv-2018\/eintrag\/schaffung-von-nistmoeglichkeiten-fuer-wildbienen\/\"><img decoding=\"async\" width=\"150\" height=\"150\" src=\"https:\/\/wettbewerb-archiv.wir-tun-was-fuer-bienen.de\/archiv-2018\/wp-content\/uploads\/sites\/2\/2018\/05\/20180419_193429-5-150x150.gif\" class=\"attachment-thumbnail size-thumbnail\" alt=\"\" loading=\"lazy\" \/><\/a><\/span><\/div>\n\n    <div class=\"user flex\">\n        \n                    <img decoding=\"async\" src=\"https:\/\/wettbewerb-archiv.wir-tun-was-fuer-bienen.de\/archiv-2018\/wp-content\/themes\/bienen\/assets\/images\/avatar-placeholder.png\" style=\"border-radius: 30px;\" height=\"30\" width=\"30\">\n            Tuetenrobbe            <\/div>\n    \n    \n            <p class=\"categories meta\" style=\"width: 100%\"><span class=\"fa fa-tag\"\n                                                             aria-hidden=\"true\"><\/span> Privatg\u00e4rten und G\u00e4rten von Mietwohnungen (kleiner als 500 Quadratmeter)        <\/p>\n    \n            <p class=\"categories meta\" style=\"width: 100%\"><span class=\"fa fa-map-marker\"\n                                                             aria-hidden=\"true\"><\/span> Hessen        <\/p>\n    \n<\/article>\n   \n\t\t\n          <article id=\"post-2657\" class=\"et_pb_post post-2657 wtwfb_entry type-wtwfb_entry status-publish has-post-thumbnail hentry wtwfb_category-privatgaerten-und-gaerten-von-mietwohnungen-kleiner-500-quadratmeter wtwfb_region-nordrhein-westfalen\">\n    <h2 class=\"entry-title\"><a href=\"https:\/\/wettbewerb-archiv.wir-tun-was-fuer-bienen.de\/archiv-2018\/eintrag\/ein-wildbienenparadies-entsteht-der-monte-hoehenhuus\/\">Ein Wildbienenparadies entsteht&#8230; Der &#8220;Monte...<\/a>\n    <\/h2>\n    <a href=\"https:\/\/wettbewerb-archiv.wir-tun-was-fuer-bienen.de\/archiv-2018\/eintrag\/ein-wildbienenparadies-entsteht-der-monte-hoehenhuus\/\">\n        <div class=\"bienen-entry-image\">\n            <img decoding=\"async\" width=\"400\" height=\"300\" src=\"https:\/\/wettbewerb-archiv.wir-tun-was-fuer-bienen.de\/archiv-2018\/wp-content\/uploads\/sites\/2\/2018\/05\/5a-1-400x300.jpg\" class=\"attachment-bienen-grid-thumb size-bienen-grid-thumb wp-post-image\" alt=\"\" loading=\"lazy\" srcset=\"https:\/\/wettbewerb-archiv.wir-tun-was-fuer-bienen.de\/archiv-2018\/wp-content\/uploads\/sites\/2\/2018\/05\/5a-1-400x300.jpg 400w, https:\/\/wettbewerb-archiv.wir-tun-was-fuer-bienen.de\/archiv-2018\/wp-content\/uploads\/sites\/2\/2018\/05\/5a-1-900x675.jpg 900w, https:\/\/wettbewerb-archiv.wir-tun-was-fuer-bienen.de\/archiv-2018\/wp-content\/uploads\/sites\/2\/2018\/05\/5a-1-510x382.jpg 510w\" sizes=\"(max-width: 400px) 100vw, 400px\" \/>                    <\/div>\n    <\/a>\n\n    <div class=\"images-grid\"><\/div>\n\n    <div class=\"user flex\">\n        \n                    <img decoding=\"async\" src=\"https:\/\/wettbewerb-archiv.wir-tun-was-fuer-bienen.de\/archiv-2018\/wp-content\/themes\/bienen\/assets\/images\/avatar-placeholder.png\" style=\"border-radius: 30px;\" height=\"30\" width=\"30\">\n            Monte Hoehenhuus            <\/div>\n    \n    \n            <p class=\"categories meta\" style=\"width: 100%\"><span class=\"fa fa-tag\"\n                                                             aria-hidden=\"true\"><\/span> Privatg\u00e4rten und G\u00e4rten von Mietwohnungen (kleiner als 500 Quadratmeter)        <\/p>\n    \n            <p class=\"categories meta\" style=\"width: 100%\"><span class=\"fa fa-map-marker\"\n                                                             aria-hidden=\"true\"><\/span> Nordrhein-Westfalen        <\/p>\n    \n<\/article>\n   \n\t\t\n          <article id=\"post-2532\" class=\"et_pb_post post-2532 wtwfb_entry type-wtwfb_entry status-publish has-post-thumbnail hentry wtwfb_category-kommunale-flaechen-parks-baumscheiben wtwfb_region-baden-wuerttemberg\">\n    <h2 class=\"entry-title\"><a href=\"https:\/\/wettbewerb-archiv.wir-tun-was-fuer-bienen.de\/archiv-2018\/eintrag\/biene-maja-hat-hunger\/\">SWV Projekt: Biene Maja hat Hunger<\/a>\n    <\/h2>\n    <a href=\"https:\/\/wettbewerb-archiv.wir-tun-was-fuer-bienen.de\/archiv-2018\/eintrag\/biene-maja-hat-hunger\/\">\n        <div class=\"bienen-entry-image\">\n            <img decoding=\"async\" width=\"400\" height=\"300\" src=\"https:\/\/wettbewerb-archiv.wir-tun-was-fuer-bienen.de\/archiv-2018\/wp-content\/uploads\/sites\/2\/2018\/05\/P4190482-Kopie-400x300.jpg\" class=\"attachment-bienen-grid-thumb size-bienen-grid-thumb wp-post-image\" alt=\"\" loading=\"lazy\" srcset=\"https:\/\/wettbewerb-archiv.wir-tun-was-fuer-bienen.de\/archiv-2018\/wp-content\/uploads\/sites\/2\/2018\/05\/P4190482-Kopie-400x300.jpg 400w, https:\/\/wettbewerb-archiv.wir-tun-was-fuer-bienen.de\/archiv-2018\/wp-content\/uploads\/sites\/2\/2018\/05\/P4190482-Kopie-300x225.jpg 300w, https:\/\/wettbewerb-archiv.wir-tun-was-fuer-bienen.de\/archiv-2018\/wp-content\/uploads\/sites\/2\/2018\/05\/P4190482-Kopie-768x576.jpg 768w, https:\/\/wettbewerb-archiv.wir-tun-was-fuer-bienen.de\/archiv-2018\/wp-content\/uploads\/sites\/2\/2018\/05\/P4190482-Kopie-1024x767.jpg 1024w, https:\/\/wettbewerb-archiv.wir-tun-was-fuer-bienen.de\/archiv-2018\/wp-content\/uploads\/sites\/2\/2018\/05\/P4190482-Kopie-510x382.jpg 510w, https:\/\/wettbewerb-archiv.wir-tun-was-fuer-bienen.de\/archiv-2018\/wp-content\/uploads\/sites\/2\/2018\/05\/P4190482-Kopie-1080x809.jpg 1080w, https:\/\/wettbewerb-archiv.wir-tun-was-fuer-bienen.de\/archiv-2018\/wp-content\/uploads\/sites\/2\/2018\/05\/P4190482-Kopie.jpg 1920w\" sizes=\"(max-width: 400px) 100vw, 400px\" \/>                    <\/div>\n    <\/a>\n\n    <div class=\"images-grid\"><span><a href=\"https:\/\/wettbewerb-archiv.wir-tun-was-fuer-bienen.de\/archiv-2018\/eintrag\/biene-maja-hat-hunger\/\"><img decoding=\"async\" width=\"150\" height=\"150\" src=\"https:\/\/wettbewerb-archiv.wir-tun-was-fuer-bienen.de\/archiv-2018\/wp-content\/uploads\/sites\/2\/2018\/05\/P3190142-Kopie-150x150.jpg\" class=\"attachment-thumbnail size-thumbnail\" alt=\"\" loading=\"lazy\" \/><\/a><\/span><span><a href=\"https:\/\/wettbewerb-archiv.wir-tun-was-fuer-bienen.de\/archiv-2018\/eintrag\/biene-maja-hat-hunger\/\"><img decoding=\"async\" width=\"150\" height=\"150\" src=\"https:\/\/wettbewerb-archiv.wir-tun-was-fuer-bienen.de\/archiv-2018\/wp-content\/uploads\/sites\/2\/2018\/05\/P4040382-150x150.jpg\" class=\"attachment-thumbnail size-thumbnail\" alt=\"\" loading=\"lazy\" \/><\/a><\/span><span><a href=\"https:\/\/wettbewerb-archiv.wir-tun-was-fuer-bienen.de\/archiv-2018\/eintrag\/biene-maja-hat-hunger\/\"><img decoding=\"async\" width=\"150\" height=\"150\" src=\"https:\/\/wettbewerb-archiv.wir-tun-was-fuer-bienen.de\/archiv-2018\/wp-content\/uploads\/sites\/2\/2018\/05\/P1070739-150x150.jpg\" class=\"attachment-thumbnail size-thumbnail\" alt=\"\" loading=\"lazy\" \/><\/a><\/span><span><a href=\"https:\/\/wettbewerb-archiv.wir-tun-was-fuer-bienen.de\/archiv-2018\/eintrag\/biene-maja-hat-hunger\/\"><img decoding=\"async\" width=\"150\" height=\"150\" src=\"https:\/\/wettbewerb-archiv.wir-tun-was-fuer-bienen.de\/archiv-2018\/wp-content\/uploads\/sites\/2\/2018\/05\/P1070747-150x150.jpg\" class=\"attachment-thumbnail size-thumbnail\" alt=\"\" loading=\"lazy\" \/><\/a><\/span><\/div>\n\n    <div class=\"user flex\">\n        \n                    <img decoding=\"async\" src=\"https:\/\/wettbewerb-archiv.wir-tun-was-fuer-bienen.de\/archiv-2018\/wp-content\/themes\/bienen\/assets\/images\/avatar-placeholder.png\" style=\"border-radius: 30px;\" height=\"30\" width=\"30\">\n            Schwarzwaldverein Weil am Rhein            <\/div>\n    \n    <p class=\"categories meta bienen-gewinner\"><span class=\"fa fa-trophy\"                                                              aria-hidden=\"true\"><\/span> Gewinner<\/p>\n            <p class=\"categories meta\" style=\"width: 100%\"><span class=\"fa fa-tag\"\n                                                             aria-hidden=\"true\"><\/span> Kommunale Fl\u00e4chen, Parks, Baumscheiben        <\/p>\n    \n            <p class=\"categories meta\" style=\"width: 100%\"><span class=\"fa fa-map-marker\"\n                                                             aria-hidden=\"true\"><\/span> Baden-W\u00fcrttemberg        <\/p>\n    \n<\/article>\n   \n\t\t\n          <article id=\"post-2473\" class=\"et_pb_post post-2473 wtwfb_entry type-wtwfb_entry status-publish has-post-thumbnail hentry wtwfb_category-schul-und-jugendclub-gaerten wtwfb_region-nordrhein-westfalen\">\n    <h2 class=\"entry-title\"><a href=\"https:\/\/wettbewerb-archiv.wir-tun-was-fuer-bienen.de\/archiv-2018\/eintrag\/neuer-raum-fuer-biodiversitaet\/\">Neuer Raum f\u00fcr Biodiversit\u00e4t<\/a>\n    <\/h2>\n    <a href=\"https:\/\/wettbewerb-archiv.wir-tun-was-fuer-bienen.de\/archiv-2018\/eintrag\/neuer-raum-fuer-biodiversitaet\/\">\n        <div class=\"bienen-entry-image\">\n            <img decoding=\"async\" width=\"400\" height=\"300\" src=\"https:\/\/wettbewerb-archiv.wir-tun-was-fuer-bienen.de\/archiv-2018\/wp-content\/uploads\/sites\/2\/2018\/07\/K800_20180622_142144-400x300.jpg\" class=\"attachment-bienen-grid-thumb size-bienen-grid-thumb wp-post-image\" alt=\"\" loading=\"lazy\" srcset=\"https:\/\/wettbewerb-archiv.wir-tun-was-fuer-bienen.de\/archiv-2018\/wp-content\/uploads\/sites\/2\/2018\/07\/K800_20180622_142144-400x300.jpg 400w, https:\/\/wettbewerb-archiv.wir-tun-was-fuer-bienen.de\/archiv-2018\/wp-content\/uploads\/sites\/2\/2018\/07\/K800_20180622_142144-300x225.jpg 300w, https:\/\/wettbewerb-archiv.wir-tun-was-fuer-bienen.de\/archiv-2018\/wp-content\/uploads\/sites\/2\/2018\/07\/K800_20180622_142144-768x576.jpg 768w, https:\/\/wettbewerb-archiv.wir-tun-was-fuer-bienen.de\/archiv-2018\/wp-content\/uploads\/sites\/2\/2018\/07\/K800_20180622_142144.jpg 800w\" sizes=\"(max-width: 400px) 100vw, 400px\" \/>                    <\/div>\n    <\/a>\n\n    <div class=\"images-grid\"><span><a href=\"https:\/\/wettbewerb-archiv.wir-tun-was-fuer-bienen.de\/archiv-2018\/eintrag\/neuer-raum-fuer-biodiversitaet\/\"><img decoding=\"async\" width=\"150\" height=\"150\" src=\"https:\/\/wettbewerb-archiv.wir-tun-was-fuer-bienen.de\/archiv-2018\/wp-content\/uploads\/sites\/2\/2018\/05\/Entnahme-Bodenprobe-150x150.jpg\" class=\"attachment-thumbnail size-thumbnail\" alt=\"\" loading=\"lazy\" \/><\/a><\/span><span><a href=\"https:\/\/wettbewerb-archiv.wir-tun-was-fuer-bienen.de\/archiv-2018\/eintrag\/neuer-raum-fuer-biodiversitaet\/\"><img decoding=\"async\" width=\"150\" height=\"150\" src=\"https:\/\/wettbewerb-archiv.wir-tun-was-fuer-bienen.de\/archiv-2018\/wp-content\/uploads\/sites\/2\/2018\/05\/Begutachtung-Zwischenstand-Absch\u00e4len-150x150.jpg\" class=\"attachment-thumbnail size-thumbnail\" alt=\"\" loading=\"lazy\" \/><\/a><\/span><span><a href=\"https:\/\/wettbewerb-archiv.wir-tun-was-fuer-bienen.de\/archiv-2018\/eintrag\/neuer-raum-fuer-biodiversitaet\/\"><img decoding=\"async\" width=\"150\" height=\"150\" src=\"https:\/\/wettbewerb-archiv.wir-tun-was-fuer-bienen.de\/archiv-2018\/wp-content\/uploads\/sites\/2\/2018\/05\/Fl\u00e4che-nach-dem-Absch\u00e4len-der-Grasnarbe-150x150.jpg\" class=\"attachment-thumbnail size-thumbnail\" alt=\"\" loading=\"lazy\" \/><\/a><\/span><span><a href=\"https:\/\/wettbewerb-archiv.wir-tun-was-fuer-bienen.de\/archiv-2018\/eintrag\/neuer-raum-fuer-biodiversitaet\/\"><img decoding=\"async\" width=\"150\" height=\"150\" src=\"https:\/\/wettbewerb-archiv.wir-tun-was-fuer-bienen.de\/archiv-2018\/wp-content\/uploads\/sites\/2\/2018\/05\/Bearbeitung-des-Bodens-mit-der-Fr\u00e4se-150x150.jpg\" class=\"attachment-thumbnail size-thumbnail\" alt=\"\" loading=\"lazy\" \/><\/a><\/span><\/div>\n\n    <div class=\"user flex\">\n        \n                    <img decoding=\"async\" src=\"https:\/\/wettbewerb-archiv.wir-tun-was-fuer-bienen.de\/archiv-2018\/wp-content\/themes\/bienen\/assets\/images\/avatar-placeholder.png\" style=\"border-radius: 30px;\" height=\"30\" width=\"30\">\n            Berufskolleg Grevenbroich            <\/div>\n    \n    \n            <p class=\"categories meta\" style=\"width: 100%\"><span class=\"fa fa-tag\"\n                                                             aria-hidden=\"true\"><\/span> Schul- und Jugendclub-G\u00e4rten        <\/p>\n    \n            <p class=\"categories meta\" style=\"width: 100%\"><span class=\"fa fa-map-marker\"\n                                                             aria-hidden=\"true\"><\/span> Nordrhein-Westfalen        <\/p>\n    \n<\/article>\n   \n\t\t\n          <article id=\"post-2459\" class=\"et_pb_post post-2459 wtwfb_entry type-wtwfb_entry status-publish has-post-thumbnail hentry wtwfb_category-privatgaerten-und-gaerten-von-mietwohnungen-kleiner-500-quadratmeter wtwfb_region-schleswig-holstein\">\n    <h2 class=\"entry-title\"><a href=\"https:\/\/wettbewerb-archiv.wir-tun-was-fuer-bienen.de\/archiv-2018\/eintrag\/heute-geht-es-los\/\">Bo Ho<\/a>\n    <\/h2>\n    <a href=\"https:\/\/wettbewerb-archiv.wir-tun-was-fuer-bienen.de\/archiv-2018\/eintrag\/heute-geht-es-los\/\">\n        <div class=\"bienen-entry-image\">\n            <img decoding=\"async\" width=\"400\" height=\"300\" src=\"https:\/\/wettbewerb-archiv.wir-tun-was-fuer-bienen.de\/archiv-2018\/wp-content\/uploads\/sites\/2\/2018\/07\/IMG_2764-1-400x300.jpg\" class=\"attachment-bienen-grid-thumb size-bienen-grid-thumb wp-post-image\" alt=\"\" loading=\"lazy\" srcset=\"https:\/\/wettbewerb-archiv.wir-tun-was-fuer-bienen.de\/archiv-2018\/wp-content\/uploads\/sites\/2\/2018\/07\/IMG_2764-1-400x300.jpg 400w, https:\/\/wettbewerb-archiv.wir-tun-was-fuer-bienen.de\/archiv-2018\/wp-content\/uploads\/sites\/2\/2018\/07\/IMG_2764-1-300x225.jpg 300w, https:\/\/wettbewerb-archiv.wir-tun-was-fuer-bienen.de\/archiv-2018\/wp-content\/uploads\/sites\/2\/2018\/07\/IMG_2764-1-768x576.jpg 768w, https:\/\/wettbewerb-archiv.wir-tun-was-fuer-bienen.de\/archiv-2018\/wp-content\/uploads\/sites\/2\/2018\/07\/IMG_2764-1-1024x768.jpg 1024w, https:\/\/wettbewerb-archiv.wir-tun-was-fuer-bienen.de\/archiv-2018\/wp-content\/uploads\/sites\/2\/2018\/07\/IMG_2764-1.jpg 1920w\" sizes=\"(max-width: 400px) 100vw, 400px\" \/>                    <\/div>\n    <\/a>\n\n    <div class=\"images-grid\"><span><a href=\"https:\/\/wettbewerb-archiv.wir-tun-was-fuer-bienen.de\/archiv-2018\/eintrag\/heute-geht-es-los\/\"><img decoding=\"async\" width=\"150\" height=\"150\" src=\"https:\/\/wettbewerb-archiv.wir-tun-was-fuer-bienen.de\/archiv-2018\/wp-content\/uploads\/sites\/2\/2018\/05\/IMG_6458-150x150.jpg\" class=\"attachment-thumbnail size-thumbnail\" alt=\"\" loading=\"lazy\" \/><\/a><\/span><span><a href=\"https:\/\/wettbewerb-archiv.wir-tun-was-fuer-bienen.de\/archiv-2018\/eintrag\/heute-geht-es-los\/\"><img decoding=\"async\" width=\"150\" height=\"150\" src=\"https:\/\/wettbewerb-archiv.wir-tun-was-fuer-bienen.de\/archiv-2018\/wp-content\/uploads\/sites\/2\/2018\/05\/IMG_6037-150x150.jpg\" class=\"attachment-thumbnail size-thumbnail\" alt=\"\" loading=\"lazy\" \/><\/a><\/span><span><a href=\"https:\/\/wettbewerb-archiv.wir-tun-was-fuer-bienen.de\/archiv-2018\/eintrag\/heute-geht-es-los\/\"><img decoding=\"async\" width=\"150\" height=\"150\" src=\"https:\/\/wettbewerb-archiv.wir-tun-was-fuer-bienen.de\/archiv-2018\/wp-content\/uploads\/sites\/2\/2018\/05\/IMG_6730-150x150.jpg\" class=\"attachment-thumbnail size-thumbnail\" alt=\"\" loading=\"lazy\" \/><\/a><\/span><span><a href=\"https:\/\/wettbewerb-archiv.wir-tun-was-fuer-bienen.de\/archiv-2018\/eintrag\/heute-geht-es-los\/\"><img decoding=\"async\" width=\"150\" height=\"150\" src=\"https:\/\/wettbewerb-archiv.wir-tun-was-fuer-bienen.de\/archiv-2018\/wp-content\/uploads\/sites\/2\/2018\/05\/IMG_2344-150x150.jpg\" class=\"attachment-thumbnail size-thumbnail\" alt=\"\" loading=\"lazy\" \/><\/a><\/span><\/div>\n\n    <div class=\"user flex\">\n        \n                    <img decoding=\"async\" src=\"https:\/\/wettbewerb-archiv.wir-tun-was-fuer-bienen.de\/archiv-2018\/wp-content\/themes\/bienen\/assets\/images\/avatar-placeholder.png\" style=\"border-radius: 30px;\" height=\"30\" width=\"30\">\n            Susie            <\/div>\n    \n    \n            <p class=\"categories meta\" style=\"width: 100%\"><span class=\"fa fa-tag\"\n                                                             aria-hidden=\"true\"><\/span> Privatg\u00e4rten und G\u00e4rten von Mietwohnungen (kleiner als 500 Quadratmeter)        <\/p>\n    \n            <p class=\"categories meta\" style=\"width: 100%\"><span class=\"fa fa-map-marker\"\n                                                             aria-hidden=\"true\"><\/span> Schleswig-Holstein        <\/p>\n    \n<\/article>\n   \n\t\t\n          <article id=\"post-2403\" class=\"et_pb_post post-2403 wtwfb_entry type-wtwfb_entry status-publish has-post-thumbnail hentry wtwfb_category-balkone-terrassen-dachbegruenung-vertikale-gaerten wtwfb_region-schleswig-holstein\">\n    <h2 class=\"entry-title\"><a href=\"https:\/\/wettbewerb-archiv.wir-tun-was-fuer-bienen.de\/archiv-2018\/eintrag\/ab-jetzt-bitte-wild\/\">Ab jetzt bitte wild<\/a>\n    <\/h2>\n    <a href=\"https:\/\/wettbewerb-archiv.wir-tun-was-fuer-bienen.de\/archiv-2018\/eintrag\/ab-jetzt-bitte-wild\/\">\n        <div class=\"bienen-entry-image\">\n            <img decoding=\"async\" width=\"400\" height=\"300\" src=\"https:\/\/wettbewerb-archiv.wir-tun-was-fuer-bienen.de\/archiv-2018\/wp-content\/uploads\/sites\/2\/2018\/05\/04E2C4E0-10FE-49D2-A3E4-1F63CD6F34DA-400x300.jpeg\" class=\"attachment-bienen-grid-thumb size-bienen-grid-thumb wp-post-image\" alt=\"\" loading=\"lazy\" srcset=\"https:\/\/wettbewerb-archiv.wir-tun-was-fuer-bienen.de\/archiv-2018\/wp-content\/uploads\/sites\/2\/2018\/05\/04E2C4E0-10FE-49D2-A3E4-1F63CD6F34DA-400x300.jpeg 400w, https:\/\/wettbewerb-archiv.wir-tun-was-fuer-bienen.de\/archiv-2018\/wp-content\/uploads\/sites\/2\/2018\/05\/04E2C4E0-10FE-49D2-A3E4-1F63CD6F34DA-510x382.jpeg 510w\" sizes=\"(max-width: 400px) 100vw, 400px\" \/>                    <\/div>\n    <\/a>\n\n    <div class=\"images-grid\"><span><a href=\"https:\/\/wettbewerb-archiv.wir-tun-was-fuer-bienen.de\/archiv-2018\/eintrag\/ab-jetzt-bitte-wild\/\"><img decoding=\"async\" width=\"150\" height=\"150\" src=\"https:\/\/wettbewerb-archiv.wir-tun-was-fuer-bienen.de\/archiv-2018\/wp-content\/uploads\/sites\/2\/2018\/05\/8D3549AB-399F-4281-869D-4C19D09C086D-150x150.jpeg\" class=\"attachment-thumbnail size-thumbnail\" alt=\"\" loading=\"lazy\" \/><\/a><\/span><span><a href=\"https:\/\/wettbewerb-archiv.wir-tun-was-fuer-bienen.de\/archiv-2018\/eintrag\/ab-jetzt-bitte-wild\/\"><img decoding=\"async\" width=\"150\" height=\"150\" src=\"https:\/\/wettbewerb-archiv.wir-tun-was-fuer-bienen.de\/archiv-2018\/wp-content\/uploads\/sites\/2\/2018\/05\/023633D2-0015-4CCC-9F51-2471523C8B6B-150x150.jpeg\" class=\"attachment-thumbnail size-thumbnail\" alt=\"\" loading=\"lazy\" \/><\/a><\/span><span><a href=\"https:\/\/wettbewerb-archiv.wir-tun-was-fuer-bienen.de\/archiv-2018\/eintrag\/ab-jetzt-bitte-wild\/\"><img decoding=\"async\" width=\"150\" height=\"150\" src=\"https:\/\/wettbewerb-archiv.wir-tun-was-fuer-bienen.de\/archiv-2018\/wp-content\/uploads\/sites\/2\/2018\/05\/947DD95B-5472-47AD-9843-45BC9DA72B7E-150x150.jpeg\" class=\"attachment-thumbnail size-thumbnail\" alt=\"\" loading=\"lazy\" srcset=\"https:\/\/wettbewerb-archiv.wir-tun-was-fuer-bienen.de\/archiv-2018\/wp-content\/uploads\/sites\/2\/2018\/05\/947DD95B-5472-47AD-9843-45BC9DA72B7E-150x150.jpeg 150w, https:\/\/wettbewerb-archiv.wir-tun-was-fuer-bienen.de\/archiv-2018\/wp-content\/uploads\/sites\/2\/2018\/05\/947DD95B-5472-47AD-9843-45BC9DA72B7E-300x300.jpeg 300w, https:\/\/wettbewerb-archiv.wir-tun-was-fuer-bienen.de\/archiv-2018\/wp-content\/uploads\/sites\/2\/2018\/05\/947DD95B-5472-47AD-9843-45BC9DA72B7E-768x768.jpeg 768w, https:\/\/wettbewerb-archiv.wir-tun-was-fuer-bienen.de\/archiv-2018\/wp-content\/uploads\/sites\/2\/2018\/05\/947DD95B-5472-47AD-9843-45BC9DA72B7E-1024x1024.jpeg 1024w, https:\/\/wettbewerb-archiv.wir-tun-was-fuer-bienen.de\/archiv-2018\/wp-content\/uploads\/sites\/2\/2018\/05\/947DD95B-5472-47AD-9843-45BC9DA72B7E-1080x1080.jpeg 1080w, https:\/\/wettbewerb-archiv.wir-tun-was-fuer-bienen.de\/archiv-2018\/wp-content\/uploads\/sites\/2\/2018\/05\/947DD95B-5472-47AD-9843-45BC9DA72B7E.jpeg 1600w\" sizes=\"(max-width: 150px) 100vw, 150px\" \/><\/a><\/span><\/div>\n\n    <div class=\"user flex\">\n        \n                    <img decoding=\"async\" src=\"https:\/\/wettbewerb-archiv.wir-tun-was-fuer-bienen.de\/archiv-2018\/wp-content\/themes\/bienen\/assets\/images\/avatar-placeholder.png\" style=\"border-radius: 30px;\" height=\"30\" width=\"30\">\n            Eliandhra            <\/div>\n    \n    \n            <p class=\"categories meta\" style=\"width: 100%\"><span class=\"fa fa-tag\"\n                                                             aria-hidden=\"true\"><\/span> Balkone, Terrassen, Dachbegr\u00fcnung, vertikale G\u00e4rten        <\/p>\n    \n            <p class=\"categories meta\" style=\"width: 100%\"><span class=\"fa fa-map-marker\"\n                                                             aria-hidden=\"true\"><\/span> Schleswig-Holstein        <\/p>\n    \n<\/article>\n   \n\t\t\n          <article id=\"post-2357\" class=\"et_pb_post post-2357 wtwfb_entry type-wtwfb_entry status-publish has-post-thumbnail hentry wtwfb_category-privatgaerten-und-gaerten-von-mietwohnungen-kleiner-500-quadratmeter wtwfb_region-schleswig-holstein\">\n    <h2 class=\"entry-title\"><a href=\"https:\/\/wettbewerb-archiv.wir-tun-was-fuer-bienen.de\/archiv-2018\/eintrag\/und-eigentlich-wollte-ich-einen-barockgarten\/\">\u201e&#8230;Und eigentlich wollte ich einen Barockgarten.\u201c<\/a>\n    <\/h2>\n    <a href=\"https:\/\/wettbewerb-archiv.wir-tun-was-fuer-bienen.de\/archiv-2018\/eintrag\/und-eigentlich-wollte-ich-einen-barockgarten\/\">\n        <div class=\"bienen-entry-image\">\n            <img decoding=\"async\" width=\"400\" height=\"300\" src=\"https:\/\/wettbewerb-archiv.wir-tun-was-fuer-bienen.de\/archiv-2018\/wp-content\/uploads\/sites\/2\/2018\/05\/23456599_1680149565348886_1105061053552636673_o-400x300.jpg\" class=\"attachment-bienen-grid-thumb size-bienen-grid-thumb wp-post-image\" alt=\"\" loading=\"lazy\" srcset=\"https:\/\/wettbewerb-archiv.wir-tun-was-fuer-bienen.de\/archiv-2018\/wp-content\/uploads\/sites\/2\/2018\/05\/23456599_1680149565348886_1105061053552636673_o-400x300.jpg 400w, https:\/\/wettbewerb-archiv.wir-tun-was-fuer-bienen.de\/archiv-2018\/wp-content\/uploads\/sites\/2\/2018\/05\/23456599_1680149565348886_1105061053552636673_o-510x382.jpg 510w\" sizes=\"(max-width: 400px) 100vw, 400px\" \/>                    <\/div>\n    <\/a>\n\n    <div class=\"images-grid\"><span><a href=\"https:\/\/wettbewerb-archiv.wir-tun-was-fuer-bienen.de\/archiv-2018\/eintrag\/und-eigentlich-wollte-ich-einen-barockgarten\/\"><img decoding=\"async\" width=\"150\" height=\"150\" src=\"https:\/\/wettbewerb-archiv.wir-tun-was-fuer-bienen.de\/archiv-2018\/wp-content\/uploads\/sites\/2\/2018\/07\/IMG_2111-150x150.jpg\" class=\"attachment-thumbnail size-thumbnail\" alt=\"\" loading=\"lazy\" \/><\/a><\/span><span><a href=\"https:\/\/wettbewerb-archiv.wir-tun-was-fuer-bienen.de\/archiv-2018\/eintrag\/und-eigentlich-wollte-ich-einen-barockgarten\/\"><img decoding=\"async\" width=\"150\" height=\"150\" src=\"https:\/\/wettbewerb-archiv.wir-tun-was-fuer-bienen.de\/archiv-2018\/wp-content\/uploads\/sites\/2\/2018\/05\/IMG_1930-150x150.jpg\" class=\"attachment-thumbnail size-thumbnail\" alt=\"\" loading=\"lazy\" \/><\/a><\/span><span><a href=\"https:\/\/wettbewerb-archiv.wir-tun-was-fuer-bienen.de\/archiv-2018\/eintrag\/und-eigentlich-wollte-ich-einen-barockgarten\/\"><img decoding=\"async\" width=\"150\" height=\"150\" src=\"https:\/\/wettbewerb-archiv.wir-tun-was-fuer-bienen.de\/archiv-2018\/wp-content\/uploads\/sites\/2\/2018\/05\/IMG_2207-150x150.jpg\" class=\"attachment-thumbnail size-thumbnail\" alt=\"\" loading=\"lazy\" \/><\/a><\/span><span><a href=\"https:\/\/wettbewerb-archiv.wir-tun-was-fuer-bienen.de\/archiv-2018\/eintrag\/und-eigentlich-wollte-ich-einen-barockgarten\/\"><img decoding=\"async\" width=\"150\" height=\"150\" src=\"https:\/\/wettbewerb-archiv.wir-tun-was-fuer-bienen.de\/archiv-2018\/wp-content\/uploads\/sites\/2\/2018\/05\/IMG_1943-150x150.jpg\" class=\"attachment-thumbnail size-thumbnail\" alt=\"\" loading=\"lazy\" \/><\/a><\/span><\/div>\n\n    <div class=\"user flex\">\n        \n                    <img decoding=\"async\" src=\"https:\/\/wettbewerb-archiv.wir-tun-was-fuer-bienen.de\/archiv-2018\/wp-content\/themes\/bienen\/assets\/images\/avatar-placeholder.png\" style=\"border-radius: 30px;\" height=\"30\" width=\"30\">\n            Jomilein            <\/div>\n    \n    <p class=\"categories meta bienen-gewinner\"><span class=\"fa fa-trophy\"                                                              aria-hidden=\"true\"><\/span> Gewinner<\/p>\n            <p class=\"categories meta\" style=\"width: 100%\"><span class=\"fa fa-tag\"\n                                                             aria-hidden=\"true\"><\/span> Privatg\u00e4rten und G\u00e4rten von Mietwohnungen (kleiner als 500 Quadratmeter)        <\/p>\n    \n            <p class=\"categories meta\" style=\"width: 100%\"><span class=\"fa fa-map-marker\"\n                                                             aria-hidden=\"true\"><\/span> Schleswig-Holstein        <\/p>\n    \n<\/article>\n   \n\t\t\n          <article id=\"post-2344\" class=\"et_pb_post post-2344 wtwfb_entry type-wtwfb_entry status-publish has-post-thumbnail hentry wtwfb_category-privatgaerten-und-gaerten-von-mietwohnungen-kleiner-500-quadratmeter wtwfb_region-hessen\">\n    <h2 class=\"entry-title\"><a href=\"https:\/\/wettbewerb-archiv.wir-tun-was-fuer-bienen.de\/archiv-2018\/eintrag\/blueten-und-wasser-fuer-alles-was-das-kreucht-und-fleucht\/\">Bl\u00fcten und Wasser f\u00fcr alles was da kreucht und fleuch...<\/a>\n    <\/h2>\n    <a href=\"https:\/\/wettbewerb-archiv.wir-tun-was-fuer-bienen.de\/archiv-2018\/eintrag\/blueten-und-wasser-fuer-alles-was-das-kreucht-und-fleucht\/\">\n        <div class=\"bienen-entry-image\">\n            <img decoding=\"async\" width=\"400\" height=\"300\" src=\"https:\/\/wettbewerb-archiv.wir-tun-was-fuer-bienen.de\/archiv-2018\/wp-content\/uploads\/sites\/2\/2018\/07\/IMG_1144-1-400x300.jpg\" class=\"attachment-bienen-grid-thumb size-bienen-grid-thumb wp-post-image\" alt=\"\" loading=\"lazy\" \/>                    <\/div>\n    <\/a>\n\n    <div class=\"images-grid\"><span><a href=\"https:\/\/wettbewerb-archiv.wir-tun-was-fuer-bienen.de\/archiv-2018\/eintrag\/blueten-und-wasser-fuer-alles-was-das-kreucht-und-fleucht\/\"><img decoding=\"async\" width=\"150\" height=\"150\" src=\"https:\/\/wettbewerb-archiv.wir-tun-was-fuer-bienen.de\/archiv-2018\/wp-content\/uploads\/sites\/2\/2018\/05\/8621E217-5C1F-4E48-95EB-3E0DA58BCD70-150x150.jpeg\" class=\"attachment-thumbnail size-thumbnail\" alt=\"\" loading=\"lazy\" \/><\/a><\/span><span><a href=\"https:\/\/wettbewerb-archiv.wir-tun-was-fuer-bienen.de\/archiv-2018\/eintrag\/blueten-und-wasser-fuer-alles-was-das-kreucht-und-fleucht\/\"><img decoding=\"async\" width=\"150\" height=\"150\" src=\"https:\/\/wettbewerb-archiv.wir-tun-was-fuer-bienen.de\/archiv-2018\/wp-content\/uploads\/sites\/2\/2018\/05\/E65CA4DA-D61B-4116-BD89-6B31CB45F6F3-150x150.jpeg\" class=\"attachment-thumbnail size-thumbnail\" alt=\"\" loading=\"lazy\" \/><\/a><\/span><span><a href=\"https:\/\/wettbewerb-archiv.wir-tun-was-fuer-bienen.de\/archiv-2018\/eintrag\/blueten-und-wasser-fuer-alles-was-das-kreucht-und-fleucht\/\"><img decoding=\"async\" width=\"150\" height=\"150\" src=\"https:\/\/wettbewerb-archiv.wir-tun-was-fuer-bienen.de\/archiv-2018\/wp-content\/uploads\/sites\/2\/2018\/06\/CFBF7AA8-C8B3-4114-B930-86AE738192BD-150x150.jpeg\" class=\"attachment-thumbnail size-thumbnail\" alt=\"\" loading=\"lazy\" \/><\/a><\/span><span><a href=\"https:\/\/wettbewerb-archiv.wir-tun-was-fuer-bienen.de\/archiv-2018\/eintrag\/blueten-und-wasser-fuer-alles-was-das-kreucht-und-fleucht\/\"><img decoding=\"async\" width=\"150\" height=\"150\" src=\"https:\/\/wettbewerb-archiv.wir-tun-was-fuer-bienen.de\/archiv-2018\/wp-content\/uploads\/sites\/2\/2018\/06\/50D7729F-7B41-4BE3-8B6C-D19108964EC9-150x150.jpeg\" class=\"attachment-thumbnail size-thumbnail\" alt=\"\" loading=\"lazy\" \/><\/a><\/span><\/div>\n\n    <div class=\"user flex\">\n        \n                    <img decoding=\"async\" src=\"https:\/\/wettbewerb-archiv.wir-tun-was-fuer-bienen.de\/archiv-2018\/wp-content\/themes\/bienen\/assets\/images\/avatar-placeholder.png\" style=\"border-radius: 30px;\" height=\"30\" width=\"30\">\n            Rosemarie und Martin            <\/div>\n    \n    \n            <p class=\"categories meta\" style=\"width: 100%\"><span class=\"fa fa-tag\"\n                                                             aria-hidden=\"true\"><\/span> Privatg\u00e4rten und G\u00e4rten von Mietwohnungen (kleiner als 500 Quadratmeter)        <\/p>\n    \n            <p class=\"categories meta\" style=\"width: 100%\"><span class=\"fa fa-map-marker\"\n                                                             aria-hidden=\"true\"><\/span> Hessen        <\/p>\n    \n<\/article>\n   \n\t\t\n          <article id=\"post-2313\" class=\"et_pb_post post-2313 wtwfb_entry type-wtwfb_entry status-publish hentry wtwfb_category-kommunale-flaechen-parks-baumscheiben wtwfb_region-niedersachsen\">\n    <h2 class=\"entry-title\"><a href=\"https:\/\/wettbewerb-archiv.wir-tun-was-fuer-bienen.de\/archiv-2018\/eintrag\/projekt-deutschland-summt\/\">Projekt Deutschland summt<\/a>\n    <\/h2>\n    <a href=\"https:\/\/wettbewerb-archiv.wir-tun-was-fuer-bienen.de\/archiv-2018\/eintrag\/projekt-deutschland-summt\/\">\n        <div class=\"bienen-entry-image\">\n                                <\/div>\n    <\/a>\n\n    <div class=\"images-grid\"><\/div>\n\n    <div class=\"user flex\">\n                    <img decoding=\"async\" src=\"https:\/\/wettbewerb-archiv.wir-tun-was-fuer-bienen.de\/archiv-2018\/wp-content\/themes\/bienen\/assets\/images\/avatar-placeholder.png\" style=\"border-radius: 30px;\" height=\"30\" width=\"30\">\n            <a href=\"https:\/\/wettbewerb-archiv.wir-tun-was-fuer-bienen.de\/archiv-2018\/gruppe\/gehrden\/\" title=\"Beitr\u00e4ge von Gehrden\"\n               rel=\"author\">Gehrden<\/a>\n            <\/div>\n    \n    \n            <p class=\"categories meta\" style=\"width: 100%\"><span class=\"fa fa-tag\"\n                                                             aria-hidden=\"true\"><\/span> Kommunale Fl\u00e4chen, Parks, Baumscheiben        <\/p>\n    \n            <p class=\"categories meta\" style=\"width: 100%\"><span class=\"fa fa-map-marker\"\n                                                             aria-hidden=\"true\"><\/span> Niedersachsen        <\/p>\n    \n<\/article>\n   \n\t\t\n          <article id=\"post-2296\" class=\"et_pb_post post-2296 wtwfb_entry type-wtwfb_entry status-publish has-post-thumbnail hentry wtwfb_category-schul-und-jugendclub-gaerten wtwfb_region-nordrhein-westfalen\">\n    <h2 class=\"entry-title\"><a href=\"https:\/\/wettbewerb-archiv.wir-tun-was-fuer-bienen.de\/archiv-2018\/eintrag\/wir-pflanzen-ein-beet-fuer-bienen\/\">Wir pflanzen ein Beet f\u00fcr Bienen<\/a>\n    <\/h2>\n    <a href=\"https:\/\/wettbewerb-archiv.wir-tun-was-fuer-bienen.de\/archiv-2018\/eintrag\/wir-pflanzen-ein-beet-fuer-bienen\/\">\n        <div class=\"bienen-entry-image\">\n            <img decoding=\"async\" width=\"400\" height=\"300\" src=\"https:\/\/wettbewerb-archiv.wir-tun-was-fuer-bienen.de\/archiv-2018\/wp-content\/uploads\/sites\/2\/2018\/05\/DSC00919-400x300.jpg\" class=\"attachment-bienen-grid-thumb size-bienen-grid-thumb wp-post-image\" alt=\"\" loading=\"lazy\" srcset=\"https:\/\/wettbewerb-archiv.wir-tun-was-fuer-bienen.de\/archiv-2018\/wp-content\/uploads\/sites\/2\/2018\/05\/DSC00919-400x300.jpg 400w, https:\/\/wettbewerb-archiv.wir-tun-was-fuer-bienen.de\/archiv-2018\/wp-content\/uploads\/sites\/2\/2018\/05\/DSC00919-300x225.jpg 300w, https:\/\/wettbewerb-archiv.wir-tun-was-fuer-bienen.de\/archiv-2018\/wp-content\/uploads\/sites\/2\/2018\/05\/DSC00919-768x576.jpg 768w, https:\/\/wettbewerb-archiv.wir-tun-was-fuer-bienen.de\/archiv-2018\/wp-content\/uploads\/sites\/2\/2018\/05\/DSC00919-1024x768.jpg 1024w, https:\/\/wettbewerb-archiv.wir-tun-was-fuer-bienen.de\/archiv-2018\/wp-content\/uploads\/sites\/2\/2018\/05\/DSC00919-510x382.jpg 510w, https:\/\/wettbewerb-archiv.wir-tun-was-fuer-bienen.de\/archiv-2018\/wp-content\/uploads\/sites\/2\/2018\/05\/DSC00919-1080x810.jpg 1080w, https:\/\/wettbewerb-archiv.wir-tun-was-fuer-bienen.de\/archiv-2018\/wp-content\/uploads\/sites\/2\/2018\/05\/DSC00919.jpg 1920w\" sizes=\"(max-width: 400px) 100vw, 400px\" \/>                    <\/div>\n    <\/a>\n\n    <div class=\"images-grid\"><span><a href=\"https:\/\/wettbewerb-archiv.wir-tun-was-fuer-bienen.de\/archiv-2018\/eintrag\/wir-pflanzen-ein-beet-fuer-bienen\/\"><img decoding=\"async\" width=\"150\" height=\"150\" src=\"https:\/\/wettbewerb-archiv.wir-tun-was-fuer-bienen.de\/archiv-2018\/wp-content\/uploads\/sites\/2\/2018\/05\/DSC00961-150x150.jpg\" class=\"attachment-thumbnail size-thumbnail\" alt=\"\" loading=\"lazy\" \/><\/a><\/span><span><a href=\"https:\/\/wettbewerb-archiv.wir-tun-was-fuer-bienen.de\/archiv-2018\/eintrag\/wir-pflanzen-ein-beet-fuer-bienen\/\"><img decoding=\"async\" width=\"150\" height=\"150\" src=\"https:\/\/wettbewerb-archiv.wir-tun-was-fuer-bienen.de\/archiv-2018\/wp-content\/uploads\/sites\/2\/2018\/05\/DSC01309-150x150.jpg\" class=\"attachment-thumbnail size-thumbnail\" alt=\"\" loading=\"lazy\" \/><\/a><\/span><\/div>\n\n    <div class=\"user flex\">\n        \n                    <img decoding=\"async\" src=\"https:\/\/wettbewerb-archiv.wir-tun-was-fuer-bienen.de\/archiv-2018\/wp-content\/themes\/bienen\/assets\/images\/avatar-placeholder.png\" style=\"border-radius: 30px;\" height=\"30\" width=\"30\">\n            Grundschule Sickingm\u00fchle            <\/div>\n    \n    \n            <p class=\"categories meta\" style=\"width: 100%\"><span class=\"fa fa-tag\"\n                                                             aria-hidden=\"true\"><\/span> Schul- und Jugendclub-G\u00e4rten        <\/p>\n    \n            <p class=\"categories meta\" style=\"width: 100%\"><span class=\"fa fa-map-marker\"\n                                                             aria-hidden=\"true\"><\/span> Nordrhein-Westfalen        <\/p>\n    \n<\/article>\n   \n\t\t\n          <article id=\"post-2259\" class=\"et_pb_post post-2259 wtwfb_entry type-wtwfb_entry status-publish has-post-thumbnail hentry wtwfb_category-privatgaerten-und-gaerten-von-mietwohnungen-kleiner-500-quadratmeter wtwfb_region-bayern\">\n    <h2 class=\"entry-title\"><a href=\"https:\/\/wettbewerb-archiv.wir-tun-was-fuer-bienen.de\/archiv-2018\/eintrag\/ein-naturgarten-mit-weitblick-3\/\">Ein Naturgarten mit Weitblick<\/a>\n    <\/h2>\n    <a href=\"https:\/\/wettbewerb-archiv.wir-tun-was-fuer-bienen.de\/archiv-2018\/eintrag\/ein-naturgarten-mit-weitblick-3\/\">\n        <div class=\"bienen-entry-image\">\n            <img decoding=\"async\" width=\"400\" height=\"300\" src=\"https:\/\/wettbewerb-archiv.wir-tun-was-fuer-bienen.de\/archiv-2018\/wp-content\/uploads\/sites\/2\/2018\/05\/uebersicht10_regenbogen-2-400x300.jpg\" class=\"attachment-bienen-grid-thumb size-bienen-grid-thumb wp-post-image\" alt=\"\" loading=\"lazy\" srcset=\"https:\/\/wettbewerb-archiv.wir-tun-was-fuer-bienen.de\/archiv-2018\/wp-content\/uploads\/sites\/2\/2018\/05\/uebersicht10_regenbogen-2-400x300.jpg 400w, https:\/\/wettbewerb-archiv.wir-tun-was-fuer-bienen.de\/archiv-2018\/wp-content\/uploads\/sites\/2\/2018\/05\/uebersicht10_regenbogen-2-300x225.jpg 300w, https:\/\/wettbewerb-archiv.wir-tun-was-fuer-bienen.de\/archiv-2018\/wp-content\/uploads\/sites\/2\/2018\/05\/uebersicht10_regenbogen-2-768x576.jpg 768w, https:\/\/wettbewerb-archiv.wir-tun-was-fuer-bienen.de\/archiv-2018\/wp-content\/uploads\/sites\/2\/2018\/05\/uebersicht10_regenbogen-2-1024x768.jpg 1024w, https:\/\/wettbewerb-archiv.wir-tun-was-fuer-bienen.de\/archiv-2018\/wp-content\/uploads\/sites\/2\/2018\/05\/uebersicht10_regenbogen-2-510x382.jpg 510w, https:\/\/wettbewerb-archiv.wir-tun-was-fuer-bienen.de\/archiv-2018\/wp-content\/uploads\/sites\/2\/2018\/05\/uebersicht10_regenbogen-2-1080x810.jpg 1080w, https:\/\/wettbewerb-archiv.wir-tun-was-fuer-bienen.de\/archiv-2018\/wp-content\/uploads\/sites\/2\/2018\/05\/uebersicht10_regenbogen-2.jpg 1920w\" sizes=\"(max-width: 400px) 100vw, 400px\" \/>                    <\/div>\n    <\/a>\n\n    <div class=\"images-grid\"><span><a href=\"https:\/\/wettbewerb-archiv.wir-tun-was-fuer-bienen.de\/archiv-2018\/eintrag\/ein-naturgarten-mit-weitblick-3\/\"><img decoding=\"async\" width=\"150\" height=\"150\" src=\"https:\/\/wettbewerb-archiv.wir-tun-was-fuer-bienen.de\/archiv-2018\/wp-content\/uploads\/sites\/2\/2018\/05\/magerwiese2-2-150x150.jpg\" class=\"attachment-thumbnail size-thumbnail\" alt=\"\" loading=\"lazy\" \/><\/a><\/span><span><a href=\"https:\/\/wettbewerb-archiv.wir-tun-was-fuer-bienen.de\/archiv-2018\/eintrag\/ein-naturgarten-mit-weitblick-3\/\"><img decoding=\"async\" width=\"150\" height=\"150\" src=\"https:\/\/wettbewerb-archiv.wir-tun-was-fuer-bienen.de\/archiv-2018\/wp-content\/uploads\/sites\/2\/2018\/05\/magerwiese4-2-150x150.jpg\" class=\"attachment-thumbnail size-thumbnail\" alt=\"\" loading=\"lazy\" \/><\/a><\/span><span><a href=\"https:\/\/wettbewerb-archiv.wir-tun-was-fuer-bienen.de\/archiv-2018\/eintrag\/ein-naturgarten-mit-weitblick-3\/\"><img decoding=\"async\" width=\"150\" height=\"150\" src=\"https:\/\/wettbewerb-archiv.wir-tun-was-fuer-bienen.de\/archiv-2018\/wp-content\/uploads\/sites\/2\/2018\/05\/magerwiese14_abgemagert-150x150.jpg\" class=\"attachment-thumbnail size-thumbnail\" alt=\"\" loading=\"lazy\" \/><\/a><\/span><span><a href=\"https:\/\/wettbewerb-archiv.wir-tun-was-fuer-bienen.de\/archiv-2018\/eintrag\/ein-naturgarten-mit-weitblick-3\/\"><img decoding=\"async\" width=\"150\" height=\"150\" src=\"https:\/\/wettbewerb-archiv.wir-tun-was-fuer-bienen.de\/archiv-2018\/wp-content\/uploads\/sites\/2\/2018\/05\/blumenzwiebeln9_fruejahrsblueher-1-150x150.jpg\" class=\"attachment-thumbnail size-thumbnail\" alt=\"\" loading=\"lazy\" \/><\/a><\/span><\/div>\n\n    <div class=\"user flex\">\n        \n                    <img decoding=\"async\" src=\"https:\/\/wettbewerb-archiv.wir-tun-was-fuer-bienen.de\/archiv-2018\/wp-content\/themes\/bienen\/assets\/images\/avatar-placeholder.png\" style=\"border-radius: 30px;\" height=\"30\" width=\"30\">\n            hortusinmonte            <\/div>\n    \n    <p class=\"categories meta bienen-gewinner\"><span class=\"fa fa-trophy\"                                                              aria-hidden=\"true\"><\/span> Gewinner<\/p>\n            <p class=\"categories meta\" style=\"width: 100%\"><span class=\"fa fa-tag\"\n                                                             aria-hidden=\"true\"><\/span> Privatg\u00e4rten und G\u00e4rten von Mietwohnungen (kleiner als 500 Quadratmeter)        <\/p>\n    \n            <p class=\"categories meta\" style=\"width: 100%\"><span class=\"fa fa-map-marker\"\n                                                             aria-hidden=\"true\"><\/span> Bayern        <\/p>\n    \n<\/article>\n   \n\t\t\n          <article id=\"post-2205\" class=\"et_pb_post post-2205 wtwfb_entry type-wtwfb_entry status-publish has-post-thumbnail hentry wtwfb_category-firmen-institutions-und-vereinsgaerten wtwfb_region-rheinland-pfalz\">\n    <h2 class=\"entry-title\"><a href=\"https:\/\/wettbewerb-archiv.wir-tun-was-fuer-bienen.de\/archiv-2018\/eintrag\/pfaelzerwald-verein-roschbach\/\">Pf\u00e4lzerwald-Verein Roschbach<\/a>\n    <\/h2>\n    <a href=\"https:\/\/wettbewerb-archiv.wir-tun-was-fuer-bienen.de\/archiv-2018\/eintrag\/pfaelzerwald-verein-roschbach\/\">\n        <div class=\"bienen-entry-image\">\n            <img decoding=\"async\" width=\"400\" height=\"300\" src=\"https:\/\/wettbewerb-archiv.wir-tun-was-fuer-bienen.de\/archiv-2018\/wp-content\/uploads\/sites\/2\/2018\/05\/Obstbaum-Patenschaften-1-400x300.jpg\" class=\"attachment-bienen-grid-thumb size-bienen-grid-thumb wp-post-image\" alt=\"\" loading=\"lazy\" srcset=\"https:\/\/wettbewerb-archiv.wir-tun-was-fuer-bienen.de\/archiv-2018\/wp-content\/uploads\/sites\/2\/2018\/05\/Obstbaum-Patenschaften-1-400x300.jpg 400w, https:\/\/wettbewerb-archiv.wir-tun-was-fuer-bienen.de\/archiv-2018\/wp-content\/uploads\/sites\/2\/2018\/05\/Obstbaum-Patenschaften-1-510x382.jpg 510w\" sizes=\"(max-width: 400px) 100vw, 400px\" \/>                    <\/div>\n    <\/a>\n\n    <div class=\"images-grid\"><span><a href=\"https:\/\/wettbewerb-archiv.wir-tun-was-fuer-bienen.de\/archiv-2018\/eintrag\/pfaelzerwald-verein-roschbach\/\"><img decoding=\"async\" width=\"150\" height=\"150\" src=\"https:\/\/wettbewerb-archiv.wir-tun-was-fuer-bienen.de\/archiv-2018\/wp-content\/uploads\/sites\/2\/2018\/05\/Blumenzwiebelpflanzaktion-150x150.jpg\" class=\"attachment-thumbnail size-thumbnail\" alt=\"\" loading=\"lazy\" \/><\/a><\/span><span><a href=\"https:\/\/wettbewerb-archiv.wir-tun-was-fuer-bienen.de\/archiv-2018\/eintrag\/pfaelzerwald-verein-roschbach\/\"><img decoding=\"async\" width=\"150\" height=\"150\" src=\"https:\/\/wettbewerb-archiv.wir-tun-was-fuer-bienen.de\/archiv-2018\/wp-content\/uploads\/sites\/2\/2018\/05\/20180407_143852-150x150.jpg\" class=\"attachment-thumbnail size-thumbnail\" alt=\"\" loading=\"lazy\" \/><\/a><\/span><span><a href=\"https:\/\/wettbewerb-archiv.wir-tun-was-fuer-bienen.de\/archiv-2018\/eintrag\/pfaelzerwald-verein-roschbach\/\"><img decoding=\"async\" width=\"150\" height=\"150\" src=\"https:\/\/wettbewerb-archiv.wir-tun-was-fuer-bienen.de\/archiv-2018\/wp-content\/uploads\/sites\/2\/2018\/05\/Obstbaumpatenschaften-150x150.jpg\" class=\"attachment-thumbnail size-thumbnail\" alt=\"\" loading=\"lazy\" \/><\/a><\/span><span><a href=\"https:\/\/wettbewerb-archiv.wir-tun-was-fuer-bienen.de\/archiv-2018\/eintrag\/pfaelzerwald-verein-roschbach\/\"><img decoding=\"async\" width=\"150\" height=\"150\" src=\"https:\/\/wettbewerb-archiv.wir-tun-was-fuer-bienen.de\/archiv-2018\/wp-content\/uploads\/sites\/2\/2018\/05\/IMG-20180516-WA0001-150x150.jpg\" class=\"attachment-thumbnail size-thumbnail\" alt=\"\" loading=\"lazy\" \/><\/a><\/span><\/div>\n\n    <div class=\"user flex\">\n                    <img decoding=\"async\" src=\"https:\/\/wettbewerb-archiv.wir-tun-was-fuer-bienen.de\/archiv-2018\/wp-content\/themes\/bienen\/assets\/images\/avatar-placeholder.png\" style=\"border-radius: 30px;\" height=\"30\" width=\"30\">\n            <a href=\"https:\/\/wettbewerb-archiv.wir-tun-was-fuer-bienen.de\/archiv-2018\/gruppe\/pfaelzerwald-verein-roschbach\/\" title=\"Beitr\u00e4ge von Pf\u00e4lzerwald-Verein Roschbach\"\n               rel=\"author\">Pf\u00e4lzerwald-Verein Roschbach<\/a>\n            <\/div>\n    \n    <p class=\"categories meta bienen-gewinner\"><span class=\"fa fa-trophy\"                                                              aria-hidden=\"true\"><\/span> Gewinner<\/p>\n            <p class=\"categories meta\" style=\"width: 100%\"><span class=\"fa fa-tag\"\n                                                             aria-hidden=\"true\"><\/span> Firmen-, Institutions- und Vereinsg\u00e4rten        <\/p>\n    \n            <p class=\"categories meta\" style=\"width: 100%\"><span class=\"fa fa-map-marker\"\n                                                             aria-hidden=\"true\"><\/span> Rheinland-Pfalz        <\/p>\n    \n<\/article>\n   \n\t\t\n          <article id=\"post-2189\" class=\"et_pb_post post-2189 wtwfb_entry type-wtwfb_entry status-publish has-post-thumbnail hentry wtwfb_category-kleingartenwesen-parzellen-und-gemeinschaftsgaerten wtwfb_region-bayern\">\n    <h2 class=\"entry-title\"><a href=\"https:\/\/wettbewerb-archiv.wir-tun-was-fuer-bienen.de\/archiv-2018\/eintrag\/wertachwiese\/\">Wertachwiese<\/a>\n    <\/h2>\n    <a href=\"https:\/\/wettbewerb-archiv.wir-tun-was-fuer-bienen.de\/archiv-2018\/eintrag\/wertachwiese\/\">\n        <div class=\"bienen-entry-image\">\n            <img decoding=\"async\" width=\"400\" height=\"300\" src=\"https:\/\/wettbewerb-archiv.wir-tun-was-fuer-bienen.de\/archiv-2018\/wp-content\/uploads\/sites\/2\/2018\/05\/Logo-Deutschland-summt-1-400x300.png\" class=\"attachment-bienen-grid-thumb size-bienen-grid-thumb wp-post-image\" alt=\"\" loading=\"lazy\" srcset=\"https:\/\/wettbewerb-archiv.wir-tun-was-fuer-bienen.de\/archiv-2018\/wp-content\/uploads\/sites\/2\/2018\/05\/Logo-Deutschland-summt-1-400x300.png 400w, https:\/\/wettbewerb-archiv.wir-tun-was-fuer-bienen.de\/archiv-2018\/wp-content\/uploads\/sites\/2\/2018\/05\/Logo-Deutschland-summt-1-510x382.png 510w\" sizes=\"(max-width: 400px) 100vw, 400px\" \/>                    <\/div>\n    <\/a>\n\n    <div class=\"images-grid\"><span><a href=\"https:\/\/wettbewerb-archiv.wir-tun-was-fuer-bienen.de\/archiv-2018\/eintrag\/wertachwiese\/\"><img decoding=\"async\" width=\"150\" height=\"150\" src=\"https:\/\/wettbewerb-archiv.wir-tun-was-fuer-bienen.de\/archiv-2018\/wp-content\/uploads\/sites\/2\/2018\/05\/DSC_1307-150x150.jpg\" class=\"attachment-thumbnail size-thumbnail\" alt=\"\" loading=\"lazy\" \/><\/a><\/span><span><a href=\"https:\/\/wettbewerb-archiv.wir-tun-was-fuer-bienen.de\/archiv-2018\/eintrag\/wertachwiese\/\"><img decoding=\"async\" width=\"150\" height=\"150\" src=\"https:\/\/wettbewerb-archiv.wir-tun-was-fuer-bienen.de\/archiv-2018\/wp-content\/uploads\/sites\/2\/2018\/05\/IMG-20180406-WA0002-150x150.jpg\" class=\"attachment-thumbnail size-thumbnail\" alt=\"\" loading=\"lazy\" \/><\/a><\/span><span><a href=\"https:\/\/wettbewerb-archiv.wir-tun-was-fuer-bienen.de\/archiv-2018\/eintrag\/wertachwiese\/\"><img decoding=\"async\" width=\"150\" height=\"150\" src=\"https:\/\/wettbewerb-archiv.wir-tun-was-fuer-bienen.de\/archiv-2018\/wp-content\/uploads\/sites\/2\/2018\/07\/IMG-20180423-WA0003-2-150x150.jpg\" class=\"attachment-thumbnail size-thumbnail\" alt=\"\" loading=\"lazy\" \/><\/a><\/span><span><a href=\"https:\/\/wettbewerb-archiv.wir-tun-was-fuer-bienen.de\/archiv-2018\/eintrag\/wertachwiese\/\"><img decoding=\"async\" width=\"150\" height=\"150\" src=\"https:\/\/wettbewerb-archiv.wir-tun-was-fuer-bienen.de\/archiv-2018\/wp-content\/uploads\/sites\/2\/2018\/05\/IMG-20180406-WA0004-150x150.jpg\" class=\"attachment-thumbnail size-thumbnail\" alt=\"\" loading=\"lazy\" \/><\/a><\/span><\/div>\n\n    <div class=\"user flex\">\n                    <img decoding=\"async\" src=\"https:\/\/wettbewerb-archiv.wir-tun-was-fuer-bienen.de\/archiv-2018\/wp-content\/themes\/bienen\/assets\/images\/avatar-placeholder.png\" style=\"border-radius: 30px;\" height=\"30\" width=\"30\">\n            <a href=\"https:\/\/wettbewerb-archiv.wir-tun-was-fuer-bienen.de\/archiv-2018\/gruppe\/wertachwiese\/\" title=\"Beitr\u00e4ge von Wertachwiese\"\n               rel=\"author\">Wertachwiese<\/a>\n            <\/div>\n    \n    \n            <p class=\"categories meta\" style=\"width: 100%\"><span class=\"fa fa-tag\"\n                                                             aria-hidden=\"true\"><\/span> Kleingartenwesen: Parzellen und Gemeinschaftsg\u00e4rten        <\/p>\n    \n            <p class=\"categories meta\" style=\"width: 100%\"><span class=\"fa fa-map-marker\"\n                                                             aria-hidden=\"true\"><\/span> Bayern        <\/p>\n    \n<\/article>\n   \n\t\t\n          <article id=\"post-2105\" class=\"et_pb_post post-2105 wtwfb_entry type-wtwfb_entry status-publish has-post-thumbnail hentry wtwfb_category-balkone-terrassen-dachbegruenung-vertikale-gaerten wtwfb_region-rheinland-pfalz\">\n    <h2 class=\"entry-title\"><a href=\"https:\/\/wettbewerb-archiv.wir-tun-was-fuer-bienen.de\/archiv-2018\/eintrag\/bienenkuebel-pflanzaktion-2\/\">Bienenk\u00fcbel Pflanzaktion<\/a>\n    <\/h2>\n    <a href=\"https:\/\/wettbewerb-archiv.wir-tun-was-fuer-bienen.de\/archiv-2018\/eintrag\/bienenkuebel-pflanzaktion-2\/\">\n        <div class=\"bienen-entry-image\">\n            <img decoding=\"async\" width=\"400\" height=\"300\" src=\"https:\/\/wettbewerb-archiv.wir-tun-was-fuer-bienen.de\/archiv-2018\/wp-content\/uploads\/sites\/2\/2018\/04\/DSC0068-1-400x300.jpg\" class=\"attachment-bienen-grid-thumb size-bienen-grid-thumb wp-post-image\" alt=\"\" loading=\"lazy\" srcset=\"https:\/\/wettbewerb-archiv.wir-tun-was-fuer-bienen.de\/archiv-2018\/wp-content\/uploads\/sites\/2\/2018\/04\/DSC0068-1-400x300.jpg 400w, https:\/\/wettbewerb-archiv.wir-tun-was-fuer-bienen.de\/archiv-2018\/wp-content\/uploads\/sites\/2\/2018\/04\/DSC0068-1-510x382.jpg 510w\" sizes=\"(max-width: 400px) 100vw, 400px\" \/>                    <\/div>\n    <\/a>\n\n    <div class=\"images-grid\"><span><a href=\"https:\/\/wettbewerb-archiv.wir-tun-was-fuer-bienen.de\/archiv-2018\/eintrag\/bienenkuebel-pflanzaktion-2\/\"><img decoding=\"async\" width=\"150\" height=\"150\" src=\"https:\/\/wettbewerb-archiv.wir-tun-was-fuer-bienen.de\/archiv-2018\/wp-content\/uploads\/sites\/2\/2018\/04\/guteLauneMitDemBienenku\u0308bel-1-150x150.jpeg\" class=\"attachment-thumbnail size-thumbnail\" alt=\"\" loading=\"lazy\" \/><\/a><\/span><span><a href=\"https:\/\/wettbewerb-archiv.wir-tun-was-fuer-bienen.de\/archiv-2018\/eintrag\/bienenkuebel-pflanzaktion-2\/\"><img decoding=\"async\" width=\"150\" height=\"150\" src=\"https:\/\/wettbewerb-archiv.wir-tun-was-fuer-bienen.de\/archiv-2018\/wp-content\/uploads\/sites\/2\/2018\/04\/DSC0001-1-150x150.jpg\" class=\"attachment-thumbnail size-thumbnail\" alt=\"\" loading=\"lazy\" \/><\/a><\/span><span><a href=\"https:\/\/wettbewerb-archiv.wir-tun-was-fuer-bienen.de\/archiv-2018\/eintrag\/bienenkuebel-pflanzaktion-2\/\"><img decoding=\"async\" width=\"150\" height=\"150\" src=\"https:\/\/wettbewerb-archiv.wir-tun-was-fuer-bienen.de\/archiv-2018\/wp-content\/uploads\/sites\/2\/2018\/04\/DSC0063-1-150x150.jpg\" class=\"attachment-thumbnail size-thumbnail\" alt=\"\" loading=\"lazy\" \/><\/a><\/span><span><a href=\"https:\/\/wettbewerb-archiv.wir-tun-was-fuer-bienen.de\/archiv-2018\/eintrag\/bienenkuebel-pflanzaktion-2\/\"><img decoding=\"async\" width=\"150\" height=\"150\" src=\"https:\/\/wettbewerb-archiv.wir-tun-was-fuer-bienen.de\/archiv-2018\/wp-content\/uploads\/sites\/2\/2018\/04\/IMG_5963-1-150x150.jpg\" class=\"attachment-thumbnail size-thumbnail\" alt=\"\" loading=\"lazy\" \/><\/a><\/span><\/div>\n\n    <div class=\"user flex\">\n        \n                    <img decoding=\"async\" src=\"https:\/\/wettbewerb-archiv.wir-tun-was-fuer-bienen.de\/archiv-2018\/wp-content\/themes\/bienen\/assets\/images\/avatar-placeholder.png\" style=\"border-radius: 30px;\" height=\"30\" width=\"30\">\n            #inSPEYERed            <\/div>\n    \n    <p class=\"categories meta bienen-gewinner\"><span class=\"fa fa-trophy\"                                                              aria-hidden=\"true\"><\/span> Gewinner<\/p>\n            <p class=\"categories meta\" style=\"width: 100%\"><span class=\"fa fa-tag\"\n                                                             aria-hidden=\"true\"><\/span> Balkone, Terrassen, Dachbegr\u00fcnung, vertikale G\u00e4rten        <\/p>\n    \n            <p class=\"categories meta\" style=\"width: 100%\"><span class=\"fa fa-map-marker\"\n                                                             aria-hidden=\"true\"><\/span> Rheinland-Pfalz        <\/p>\n    \n<\/article>\n   \n\t\t\n          <article id=\"post-2079\" class=\"et_pb_post post-2079 wtwfb_entry type-wtwfb_entry status-publish has-post-thumbnail hentry wtwfb_category-schul-und-jugendclub-gaerten wtwfb_region-berlin\">\n    <h2 class=\"entry-title\"><a href=\"https:\/\/wettbewerb-archiv.wir-tun-was-fuer-bienen.de\/archiv-2018\/eintrag\/projektwoche-wildblueher-bienen-und-insekten-schulgarten\/\">Projektwoche Wildbl\u00fcher &#8211; Bienen und Insekten &#...<\/a>\n    <\/h2>\n    <a href=\"https:\/\/wettbewerb-archiv.wir-tun-was-fuer-bienen.de\/archiv-2018\/eintrag\/projektwoche-wildblueher-bienen-und-insekten-schulgarten\/\">\n        <div class=\"bienen-entry-image\">\n            <img decoding=\"async\" width=\"400\" height=\"300\" src=\"https:\/\/wettbewerb-archiv.wir-tun-was-fuer-bienen.de\/archiv-2018\/wp-content\/uploads\/sites\/2\/2018\/04\/Blumengarten-400x300.jpg\" class=\"attachment-bienen-grid-thumb size-bienen-grid-thumb wp-post-image\" alt=\"\" loading=\"lazy\" srcset=\"https:\/\/wettbewerb-archiv.wir-tun-was-fuer-bienen.de\/archiv-2018\/wp-content\/uploads\/sites\/2\/2018\/04\/Blumengarten-400x300.jpg 400w, https:\/\/wettbewerb-archiv.wir-tun-was-fuer-bienen.de\/archiv-2018\/wp-content\/uploads\/sites\/2\/2018\/04\/Blumengarten-300x225.jpg 300w, https:\/\/wettbewerb-archiv.wir-tun-was-fuer-bienen.de\/archiv-2018\/wp-content\/uploads\/sites\/2\/2018\/04\/Blumengarten-768x576.jpg 768w, https:\/\/wettbewerb-archiv.wir-tun-was-fuer-bienen.de\/archiv-2018\/wp-content\/uploads\/sites\/2\/2018\/04\/Blumengarten-1024x768.jpg 1024w, https:\/\/wettbewerb-archiv.wir-tun-was-fuer-bienen.de\/archiv-2018\/wp-content\/uploads\/sites\/2\/2018\/04\/Blumengarten-510x382.jpg 510w, https:\/\/wettbewerb-archiv.wir-tun-was-fuer-bienen.de\/archiv-2018\/wp-content\/uploads\/sites\/2\/2018\/04\/Blumengarten-1080x810.jpg 1080w, https:\/\/wettbewerb-archiv.wir-tun-was-fuer-bienen.de\/archiv-2018\/wp-content\/uploads\/sites\/2\/2018\/04\/Blumengarten.jpg 1920w\" sizes=\"(max-width: 400px) 100vw, 400px\" \/>                    <\/div>\n    <\/a>\n\n    <div class=\"images-grid\"><span><a href=\"https:\/\/wettbewerb-archiv.wir-tun-was-fuer-bienen.de\/archiv-2018\/eintrag\/projektwoche-wildblueher-bienen-und-insekten-schulgarten\/\"><img decoding=\"async\" width=\"150\" height=\"150\" src=\"https:\/\/wettbewerb-archiv.wir-tun-was-fuer-bienen.de\/archiv-2018\/wp-content\/uploads\/sites\/2\/2018\/04\/Knochenarbeit-2-150x150.jpg\" class=\"attachment-thumbnail size-thumbnail\" alt=\"\" loading=\"lazy\" \/><\/a><\/span><span><a href=\"https:\/\/wettbewerb-archiv.wir-tun-was-fuer-bienen.de\/archiv-2018\/eintrag\/projektwoche-wildblueher-bienen-und-insekten-schulgarten\/\"><img decoding=\"async\" width=\"150\" height=\"150\" src=\"https:\/\/wettbewerb-archiv.wir-tun-was-fuer-bienen.de\/archiv-2018\/wp-content\/uploads\/sites\/2\/2018\/04\/Knochenarbeit-1-150x150.jpg\" class=\"attachment-thumbnail size-thumbnail\" alt=\"\" loading=\"lazy\" \/><\/a><\/span><span><a href=\"https:\/\/wettbewerb-archiv.wir-tun-was-fuer-bienen.de\/archiv-2018\/eintrag\/projektwoche-wildblueher-bienen-und-insekten-schulgarten\/\"><img decoding=\"async\" width=\"150\" height=\"150\" src=\"https:\/\/wettbewerb-archiv.wir-tun-was-fuer-bienen.de\/archiv-2018\/wp-content\/uploads\/sites\/2\/2018\/04\/Sa\u0308ubern-1-150x150.jpg\" class=\"attachment-thumbnail size-thumbnail\" alt=\"\" loading=\"lazy\" \/><\/a><\/span><span><a href=\"https:\/\/wettbewerb-archiv.wir-tun-was-fuer-bienen.de\/archiv-2018\/eintrag\/projektwoche-wildblueher-bienen-und-insekten-schulgarten\/\"><img decoding=\"async\" width=\"150\" height=\"150\" src=\"https:\/\/wettbewerb-archiv.wir-tun-was-fuer-bienen.de\/archiv-2018\/wp-content\/uploads\/sites\/2\/2018\/04\/Stabilisieren-150x150.jpg\" class=\"attachment-thumbnail size-thumbnail\" alt=\"\" loading=\"lazy\" \/><\/a><\/span><\/div>\n\n    <div class=\"user flex\">\n        \n                    <img decoding=\"async\" src=\"https:\/\/wettbewerb-archiv.wir-tun-was-fuer-bienen.de\/archiv-2018\/wp-content\/themes\/bienen\/assets\/images\/avatar-placeholder.png\" style=\"border-radius: 30px;\" height=\"30\" width=\"30\">\n            Ein neues Zuhause f\u00fcr Bienen            <\/div>\n    \n    \n            <p class=\"categories meta\" style=\"width: 100%\"><span class=\"fa fa-tag\"\n                                                             aria-hidden=\"true\"><\/span> Schul- und Jugendclub-G\u00e4rten        <\/p>\n    \n            <p class=\"categories meta\" style=\"width: 100%\"><span class=\"fa fa-map-marker\"\n                                                             aria-hidden=\"true\"><\/span> Berlin        <\/p>\n    \n<\/article>\n   \n\t\t\n          <article id=\"post-2052\" class=\"et_pb_post post-2052 wtwfb_entry type-wtwfb_entry status-publish has-post-thumbnail hentry wtwfb_category-kleingartenwesen-parzellen-und-gemeinschaftsgaerten wtwfb_region-mecklenburg-vorpommern\">\n    <h2 class=\"entry-title\"><a href=\"https:\/\/wettbewerb-archiv.wir-tun-was-fuer-bienen.de\/archiv-2018\/eintrag\/bienenwiese\/\">bienenwiese<\/a>\n    <\/h2>\n    <a href=\"https:\/\/wettbewerb-archiv.wir-tun-was-fuer-bienen.de\/archiv-2018\/eintrag\/bienenwiese\/\">\n        <div class=\"bienen-entry-image\">\n            <img decoding=\"async\" width=\"400\" height=\"270\" src=\"https:\/\/wettbewerb-archiv.wir-tun-was-fuer-bienen.de\/archiv-2018\/wp-content\/uploads\/sites\/2\/2018\/04\/FB_IMG_1524994683816-400x270.jpg\" class=\"attachment-bienen-grid-thumb size-bienen-grid-thumb wp-post-image\" alt=\"\" loading=\"lazy\" \/>                    <\/div>\n    <\/a>\n\n    <div class=\"images-grid\"><span><a href=\"https:\/\/wettbewerb-archiv.wir-tun-was-fuer-bienen.de\/archiv-2018\/eintrag\/bienenwiese\/\"><img decoding=\"async\" width=\"150\" height=\"150\" src=\"https:\/\/wettbewerb-archiv.wir-tun-was-fuer-bienen.de\/archiv-2018\/wp-content\/uploads\/sites\/2\/2018\/04\/20180421_124656-150x150.jpg\" class=\"attachment-thumbnail size-thumbnail\" alt=\"\" loading=\"lazy\" \/><\/a><\/span><span><a href=\"https:\/\/wettbewerb-archiv.wir-tun-was-fuer-bienen.de\/archiv-2018\/eintrag\/bienenwiese\/\"><img decoding=\"async\" width=\"150\" height=\"150\" src=\"https:\/\/wettbewerb-archiv.wir-tun-was-fuer-bienen.de\/archiv-2018\/wp-content\/uploads\/sites\/2\/2018\/04\/FB_IMG_1524910970660-150x150.jpg\" class=\"attachment-thumbnail size-thumbnail\" alt=\"\" loading=\"lazy\" \/><\/a><\/span><span><a href=\"https:\/\/wettbewerb-archiv.wir-tun-was-fuer-bienen.de\/archiv-2018\/eintrag\/bienenwiese\/\"><img decoding=\"async\" width=\"150\" height=\"150\" src=\"https:\/\/wettbewerb-archiv.wir-tun-was-fuer-bienen.de\/archiv-2018\/wp-content\/uploads\/sites\/2\/2018\/04\/20180428_171221-150x150.jpg\" class=\"attachment-thumbnail size-thumbnail\" alt=\"\" loading=\"lazy\" \/><\/a><\/span><span><a href=\"https:\/\/wettbewerb-archiv.wir-tun-was-fuer-bienen.de\/archiv-2018\/eintrag\/bienenwiese\/\"><img decoding=\"async\" width=\"150\" height=\"150\" src=\"https:\/\/wettbewerb-archiv.wir-tun-was-fuer-bienen.de\/archiv-2018\/wp-content\/uploads\/sites\/2\/2018\/04\/FB_IMG_1524994683816-1-150x150.jpg\" class=\"attachment-thumbnail size-thumbnail\" alt=\"\" loading=\"lazy\" \/><\/a><\/span><\/div>\n\n    <div class=\"user flex\">\n        \n                    <img decoding=\"async\" src=\"https:\/\/wettbewerb-archiv.wir-tun-was-fuer-bienen.de\/archiv-2018\/wp-content\/themes\/bienen\/assets\/images\/avatar-placeholder.png\" style=\"border-radius: 30px;\" height=\"30\" width=\"30\">\n            Garten Freunde            <\/div>\n    \n    \n            <p class=\"categories meta\" style=\"width: 100%\"><span class=\"fa fa-tag\"\n                                                             aria-hidden=\"true\"><\/span> Kleingartenwesen: Parzellen und Gemeinschaftsg\u00e4rten        <\/p>\n    \n            <p class=\"categories meta\" style=\"width: 100%\"><span class=\"fa fa-map-marker\"\n                                                             aria-hidden=\"true\"><\/span> Mecklenburg-Vorpommern        <\/p>\n    \n<\/article>\n   \n\t\t\n          <article id=\"post-2032\" class=\"et_pb_post post-2032 wtwfb_entry type-wtwfb_entry status-publish has-post-thumbnail hentry wtwfb_category-privatgaerten-und-gaerten-von-mietwohnungen-kleiner-500-quadratmeter wtwfb_region-nordrhein-westfalen\">\n    <h2 class=\"entry-title\"><a href=\"https:\/\/wettbewerb-archiv.wir-tun-was-fuer-bienen.de\/archiv-2018\/eintrag\/bunte-bienenwiese-2018\/\">Bunte Bienenwiese 2018<\/a>\n    <\/h2>\n    <a href=\"https:\/\/wettbewerb-archiv.wir-tun-was-fuer-bienen.de\/archiv-2018\/eintrag\/bunte-bienenwiese-2018\/\">\n        <div class=\"bienen-entry-image\">\n            <img decoding=\"async\" width=\"400\" height=\"300\" src=\"https:\/\/wettbewerb-archiv.wir-tun-was-fuer-bienen.de\/archiv-2018\/wp-content\/uploads\/sites\/2\/2018\/04\/2D9647C8-BFDE-4F5B-917E-E7D7AFCA55A4-400x300.jpeg\" class=\"attachment-bienen-grid-thumb size-bienen-grid-thumb wp-post-image\" alt=\"\" loading=\"lazy\" srcset=\"https:\/\/wettbewerb-archiv.wir-tun-was-fuer-bienen.de\/archiv-2018\/wp-content\/uploads\/sites\/2\/2018\/04\/2D9647C8-BFDE-4F5B-917E-E7D7AFCA55A4-400x300.jpeg 400w, https:\/\/wettbewerb-archiv.wir-tun-was-fuer-bienen.de\/archiv-2018\/wp-content\/uploads\/sites\/2\/2018\/04\/2D9647C8-BFDE-4F5B-917E-E7D7AFCA55A4-300x225.jpeg 300w, https:\/\/wettbewerb-archiv.wir-tun-was-fuer-bienen.de\/archiv-2018\/wp-content\/uploads\/sites\/2\/2018\/04\/2D9647C8-BFDE-4F5B-917E-E7D7AFCA55A4-768x576.jpeg 768w, https:\/\/wettbewerb-archiv.wir-tun-was-fuer-bienen.de\/archiv-2018\/wp-content\/uploads\/sites\/2\/2018\/04\/2D9647C8-BFDE-4F5B-917E-E7D7AFCA55A4-1024x768.jpeg 1024w, https:\/\/wettbewerb-archiv.wir-tun-was-fuer-bienen.de\/archiv-2018\/wp-content\/uploads\/sites\/2\/2018\/04\/2D9647C8-BFDE-4F5B-917E-E7D7AFCA55A4-510x382.jpeg 510w, https:\/\/wettbewerb-archiv.wir-tun-was-fuer-bienen.de\/archiv-2018\/wp-content\/uploads\/sites\/2\/2018\/04\/2D9647C8-BFDE-4F5B-917E-E7D7AFCA55A4-1080x810.jpeg 1080w, https:\/\/wettbewerb-archiv.wir-tun-was-fuer-bienen.de\/archiv-2018\/wp-content\/uploads\/sites\/2\/2018\/04\/2D9647C8-BFDE-4F5B-917E-E7D7AFCA55A4.jpeg 1920w\" sizes=\"(max-width: 400px) 100vw, 400px\" \/>                    <\/div>\n    <\/a>\n\n    <div class=\"images-grid\"><span><a href=\"https:\/\/wettbewerb-archiv.wir-tun-was-fuer-bienen.de\/archiv-2018\/eintrag\/bunte-bienenwiese-2018\/\"><img decoding=\"async\" width=\"150\" height=\"150\" src=\"https:\/\/wettbewerb-archiv.wir-tun-was-fuer-bienen.de\/archiv-2018\/wp-content\/uploads\/sites\/2\/2018\/07\/1F8B6D55-784A-485E-B992-44829C231E6B-150x150.jpeg\" class=\"attachment-thumbnail size-thumbnail\" alt=\"\" loading=\"lazy\" \/><\/a><\/span><span><a href=\"https:\/\/wettbewerb-archiv.wir-tun-was-fuer-bienen.de\/archiv-2018\/eintrag\/bunte-bienenwiese-2018\/\"><img decoding=\"async\" width=\"150\" height=\"150\" src=\"https:\/\/wettbewerb-archiv.wir-tun-was-fuer-bienen.de\/archiv-2018\/wp-content\/uploads\/sites\/2\/2018\/07\/1F0B915F-2971-4CC5-A601-9EE50655A948-150x150.jpeg\" class=\"attachment-thumbnail size-thumbnail\" alt=\"\" loading=\"lazy\" \/><\/a><\/span><span><a href=\"https:\/\/wettbewerb-archiv.wir-tun-was-fuer-bienen.de\/archiv-2018\/eintrag\/bunte-bienenwiese-2018\/\"><img decoding=\"async\" width=\"150\" height=\"150\" src=\"https:\/\/wettbewerb-archiv.wir-tun-was-fuer-bienen.de\/archiv-2018\/wp-content\/uploads\/sites\/2\/2018\/07\/7E5B1526-FF30-4E54-98AC-979E89C6F09F-150x150.jpeg\" class=\"attachment-thumbnail size-thumbnail\" alt=\"\" loading=\"lazy\" \/><\/a><\/span><span><a href=\"https:\/\/wettbewerb-archiv.wir-tun-was-fuer-bienen.de\/archiv-2018\/eintrag\/bunte-bienenwiese-2018\/\"><img decoding=\"async\" width=\"150\" height=\"150\" src=\"https:\/\/wettbewerb-archiv.wir-tun-was-fuer-bienen.de\/archiv-2018\/wp-content\/uploads\/sites\/2\/2018\/07\/35C8CA20-279F-4AC0-9687-8DE0829D6805-150x150.jpeg\" class=\"attachment-thumbnail size-thumbnail\" alt=\"\" loading=\"lazy\" \/><\/a><\/span><\/div>\n\n    <div class=\"user flex\">\n        \n                    <img decoding=\"async\" src=\"https:\/\/wettbewerb-archiv.wir-tun-was-fuer-bienen.de\/archiv-2018\/wp-content\/themes\/bienen\/assets\/images\/avatar-placeholder.png\" style=\"border-radius: 30px;\" height=\"30\" width=\"30\">\n            Haarstrang Garten            <\/div>\n    \n    \n            <p class=\"categories meta\" style=\"width: 100%\"><span class=\"fa fa-tag\"\n                                                             aria-hidden=\"true\"><\/span> Privatg\u00e4rten und G\u00e4rten von Mietwohnungen (kleiner als 500 Quadratmeter)        <\/p>\n    \n            <p class=\"categories meta\" style=\"width: 100%\"><span class=\"fa fa-map-marker\"\n                                                             aria-hidden=\"true\"><\/span> Nordrhein-Westfalen        <\/p>\n    \n<\/article>\n   \n\t\t\n          <article id=\"post-1988\" class=\"et_pb_post post-1988 wtwfb_entry type-wtwfb_entry status-publish has-post-thumbnail hentry wtwfb_category-kommunale-flaechen-parks-baumscheiben wtwfb_region-niedersachsen\">\n    <h2 class=\"entry-title\"><a href=\"https:\/\/wettbewerb-archiv.wir-tun-was-fuer-bienen.de\/archiv-2018\/eintrag\/wildblumenwiese\/\">Wildblumenwiese<\/a>\n    <\/h2>\n    <a href=\"https:\/\/wettbewerb-archiv.wir-tun-was-fuer-bienen.de\/archiv-2018\/eintrag\/wildblumenwiese\/\">\n        <div class=\"bienen-entry-image\">\n            <img decoding=\"async\" width=\"400\" height=\"300\" src=\"https:\/\/wettbewerb-archiv.wir-tun-was-fuer-bienen.de\/archiv-2018\/wp-content\/uploads\/sites\/2\/2018\/04\/Wildblumenwiese-1-400x300.jpg\" class=\"attachment-bienen-grid-thumb size-bienen-grid-thumb wp-post-image\" alt=\"\" loading=\"lazy\" srcset=\"https:\/\/wettbewerb-archiv.wir-tun-was-fuer-bienen.de\/archiv-2018\/wp-content\/uploads\/sites\/2\/2018\/04\/Wildblumenwiese-1-400x300.jpg 400w, https:\/\/wettbewerb-archiv.wir-tun-was-fuer-bienen.de\/archiv-2018\/wp-content\/uploads\/sites\/2\/2018\/04\/Wildblumenwiese-1-510x382.jpg 510w\" sizes=\"(max-width: 400px) 100vw, 400px\" \/>                    <\/div>\n    <\/a>\n\n    <div class=\"images-grid\"><\/div>\n\n    <div class=\"user flex\">\n        \n                    <img decoding=\"async\" src=\"https:\/\/wettbewerb-archiv.wir-tun-was-fuer-bienen.de\/archiv-2018\/wp-content\/themes\/bienen\/assets\/images\/avatar-placeholder.png\" style=\"border-radius: 30px;\" height=\"30\" width=\"30\">\n            Siedlergemeinschaft Stotel            <\/div>\n    \n    \n            <p class=\"categories meta\" style=\"width: 100%\"><span class=\"fa fa-tag\"\n                                                             aria-hidden=\"true\"><\/span> Kommunale Fl\u00e4chen, Parks, Baumscheiben        <\/p>\n    \n            <p class=\"categories meta\" style=\"width: 100%\"><span class=\"fa fa-map-marker\"\n                                                             aria-hidden=\"true\"><\/span> Niedersachsen        <\/p>\n    \n<\/article>\n   \n\t\t\n          <article id=\"post-1946\" class=\"et_pb_post post-1946 wtwfb_entry type-wtwfb_entry status-publish has-post-thumbnail hentry wtwfb_category-privatgaerten-und-gaerten-von-mietwohnungen-kleiner-500-quadratmeter wtwfb_region-sachsen-anhalt\">\n    <h2 class=\"entry-title\"><a href=\"https:\/\/wettbewerb-archiv.wir-tun-was-fuer-bienen.de\/archiv-2018\/eintrag\/umgestaltung-einer-brachflaeche-zu-einem-naturnahen-wildbienenparadies-an-einem-waldsee\/\">Umgestaltung einer Brachfl\u00e4che zu einem naturnahen Wil...<\/a>\n    <\/h2>\n    <a href=\"https:\/\/wettbewerb-archiv.wir-tun-was-fuer-bienen.de\/archiv-2018\/eintrag\/umgestaltung-einer-brachflaeche-zu-einem-naturnahen-wildbienenparadies-an-einem-waldsee\/\">\n        <div class=\"bienen-entry-image\">\n            <img decoding=\"async\" width=\"400\" height=\"300\" src=\"https:\/\/wettbewerb-archiv.wir-tun-was-fuer-bienen.de\/archiv-2018\/wp-content\/uploads\/sites\/2\/2018\/04\/IMG_3091-400x300.jpg\" class=\"attachment-bienen-grid-thumb size-bienen-grid-thumb wp-post-image\" alt=\"\" loading=\"lazy\" srcset=\"https:\/\/wettbewerb-archiv.wir-tun-was-fuer-bienen.de\/archiv-2018\/wp-content\/uploads\/sites\/2\/2018\/04\/IMG_3091-400x300.jpg 400w, https:\/\/wettbewerb-archiv.wir-tun-was-fuer-bienen.de\/archiv-2018\/wp-content\/uploads\/sites\/2\/2018\/04\/IMG_3091-300x224.jpg 300w, https:\/\/wettbewerb-archiv.wir-tun-was-fuer-bienen.de\/archiv-2018\/wp-content\/uploads\/sites\/2\/2018\/04\/IMG_3091-768x574.jpg 768w, https:\/\/wettbewerb-archiv.wir-tun-was-fuer-bienen.de\/archiv-2018\/wp-content\/uploads\/sites\/2\/2018\/04\/IMG_3091-1024x765.jpg 1024w, https:\/\/wettbewerb-archiv.wir-tun-was-fuer-bienen.de\/archiv-2018\/wp-content\/uploads\/sites\/2\/2018\/04\/IMG_3091-510x382.jpg 510w, https:\/\/wettbewerb-archiv.wir-tun-was-fuer-bienen.de\/archiv-2018\/wp-content\/uploads\/sites\/2\/2018\/04\/IMG_3091-1080x807.jpg 1080w, https:\/\/wettbewerb-archiv.wir-tun-was-fuer-bienen.de\/archiv-2018\/wp-content\/uploads\/sites\/2\/2018\/04\/IMG_3091.jpg 1920w\" sizes=\"(max-width: 400px) 100vw, 400px\" \/>                    <\/div>\n    <\/a>\n\n    <div class=\"images-grid\"><span><a href=\"https:\/\/wettbewerb-archiv.wir-tun-was-fuer-bienen.de\/archiv-2018\/eintrag\/umgestaltung-einer-brachflaeche-zu-einem-naturnahen-wildbienenparadies-an-einem-waldsee\/\"><img decoding=\"async\" width=\"150\" height=\"150\" src=\"https:\/\/wettbewerb-archiv.wir-tun-was-fuer-bienen.de\/archiv-2018\/wp-content\/uploads\/sites\/2\/2018\/04\/IMG_2813-150x150.jpg\" class=\"attachment-thumbnail size-thumbnail\" alt=\"\" loading=\"lazy\" \/><\/a><\/span><span><a href=\"https:\/\/wettbewerb-archiv.wir-tun-was-fuer-bienen.de\/archiv-2018\/eintrag\/umgestaltung-einer-brachflaeche-zu-einem-naturnahen-wildbienenparadies-an-einem-waldsee\/\"><img decoding=\"async\" width=\"150\" height=\"150\" src=\"https:\/\/wettbewerb-archiv.wir-tun-was-fuer-bienen.de\/archiv-2018\/wp-content\/uploads\/sites\/2\/2018\/04\/IMG_2818-150x150.jpg\" class=\"attachment-thumbnail size-thumbnail\" alt=\"\" loading=\"lazy\" \/><\/a><\/span><span><a href=\"https:\/\/wettbewerb-archiv.wir-tun-was-fuer-bienen.de\/archiv-2018\/eintrag\/umgestaltung-einer-brachflaeche-zu-einem-naturnahen-wildbienenparadies-an-einem-waldsee\/\"><img decoding=\"async\" width=\"150\" height=\"150\" src=\"https:\/\/wettbewerb-archiv.wir-tun-was-fuer-bienen.de\/archiv-2018\/wp-content\/uploads\/sites\/2\/2018\/04\/IMG_3012-150x150.jpg\" class=\"attachment-thumbnail size-thumbnail\" alt=\"\" loading=\"lazy\" \/><\/a><\/span><span><a href=\"https:\/\/wettbewerb-archiv.wir-tun-was-fuer-bienen.de\/archiv-2018\/eintrag\/umgestaltung-einer-brachflaeche-zu-einem-naturnahen-wildbienenparadies-an-einem-waldsee\/\"><img decoding=\"async\" width=\"150\" height=\"150\" src=\"https:\/\/wettbewerb-archiv.wir-tun-was-fuer-bienen.de\/archiv-2018\/wp-content\/uploads\/sites\/2\/2018\/07\/IMG_2847-150x150.jpg\" class=\"attachment-thumbnail size-thumbnail\" alt=\"\" loading=\"lazy\" \/><\/a><\/span><\/div>\n\n    <div class=\"user flex\">\n        \n                    <img decoding=\"async\" src=\"https:\/\/wettbewerb-archiv.wir-tun-was-fuer-bienen.de\/archiv-2018\/wp-content\/themes\/bienen\/assets\/images\/avatar-placeholder.png\" style=\"border-radius: 30px;\" height=\"30\" width=\"30\">\n            Betty-Wildbiene            <\/div>\n    \n    \n            <p class=\"categories meta\" style=\"width: 100%\"><span class=\"fa fa-tag\"\n                                                             aria-hidden=\"true\"><\/span> Privatg\u00e4rten und G\u00e4rten von Mietwohnungen (kleiner als 500 Quadratmeter)        <\/p>\n    \n            <p class=\"categories meta\" style=\"width: 100%\"><span class=\"fa fa-map-marker\"\n                                                             aria-hidden=\"true\"><\/span> Sachsen-Anhalt        <\/p>\n    \n<\/article>\n   \n\t\t\n          <article id=\"post-1916\" class=\"et_pb_post post-1916 wtwfb_entry type-wtwfb_entry status-publish has-post-thumbnail hentry wtwfb_category-schul-und-jugendclub-gaerten wtwfb_region-hessen\">\n    <h2 class=\"entry-title\"><a href=\"https:\/\/wettbewerb-archiv.wir-tun-was-fuer-bienen.de\/archiv-2018\/eintrag\/gg-bienengarten\/\">GG Bienengarten<\/a>\n    <\/h2>\n    <a href=\"https:\/\/wettbewerb-archiv.wir-tun-was-fuer-bienen.de\/archiv-2018\/eintrag\/gg-bienengarten\/\">\n        <div class=\"bienen-entry-image\">\n            <img decoding=\"async\" width=\"400\" height=\"300\" src=\"https:\/\/wettbewerb-archiv.wir-tun-was-fuer-bienen.de\/archiv-2018\/wp-content\/uploads\/sites\/2\/2018\/04\/IMG-20180425-WA00012-400x300.jpg\" class=\"attachment-bienen-grid-thumb size-bienen-grid-thumb wp-post-image\" alt=\"\" loading=\"lazy\" srcset=\"https:\/\/wettbewerb-archiv.wir-tun-was-fuer-bienen.de\/archiv-2018\/wp-content\/uploads\/sites\/2\/2018\/04\/IMG-20180425-WA00012-400x300.jpg 400w, https:\/\/wettbewerb-archiv.wir-tun-was-fuer-bienen.de\/archiv-2018\/wp-content\/uploads\/sites\/2\/2018\/04\/IMG-20180425-WA00012-300x225.jpg 300w, https:\/\/wettbewerb-archiv.wir-tun-was-fuer-bienen.de\/archiv-2018\/wp-content\/uploads\/sites\/2\/2018\/04\/IMG-20180425-WA00012-768x576.jpg 768w, https:\/\/wettbewerb-archiv.wir-tun-was-fuer-bienen.de\/archiv-2018\/wp-content\/uploads\/sites\/2\/2018\/04\/IMG-20180425-WA00012-1024x768.jpg 1024w, https:\/\/wettbewerb-archiv.wir-tun-was-fuer-bienen.de\/archiv-2018\/wp-content\/uploads\/sites\/2\/2018\/04\/IMG-20180425-WA00012-510x382.jpg 510w, https:\/\/wettbewerb-archiv.wir-tun-was-fuer-bienen.de\/archiv-2018\/wp-content\/uploads\/sites\/2\/2018\/04\/IMG-20180425-WA00012-1080x810.jpg 1080w, https:\/\/wettbewerb-archiv.wir-tun-was-fuer-bienen.de\/archiv-2018\/wp-content\/uploads\/sites\/2\/2018\/04\/IMG-20180425-WA00012.jpg 1280w\" sizes=\"(max-width: 400px) 100vw, 400px\" \/>                    <\/div>\n    <\/a>\n\n    <div class=\"images-grid\"><span><a href=\"https:\/\/wettbewerb-archiv.wir-tun-was-fuer-bienen.de\/archiv-2018\/eintrag\/gg-bienengarten\/\"><img decoding=\"async\" width=\"150\" height=\"150\" src=\"https:\/\/wettbewerb-archiv.wir-tun-was-fuer-bienen.de\/archiv-2018\/wp-content\/uploads\/sites\/2\/2018\/05\/IMG-20180504-WA00171-150x150.jpg\" class=\"attachment-thumbnail size-thumbnail\" alt=\"\" loading=\"lazy\" \/><\/a><\/span><span><a href=\"https:\/\/wettbewerb-archiv.wir-tun-was-fuer-bienen.de\/archiv-2018\/eintrag\/gg-bienengarten\/\"><img decoding=\"async\" width=\"150\" height=\"150\" src=\"https:\/\/wettbewerb-archiv.wir-tun-was-fuer-bienen.de\/archiv-2018\/wp-content\/uploads\/sites\/2\/2018\/05\/IMG-20180504-WA00161-150x150.jpg\" class=\"attachment-thumbnail size-thumbnail\" alt=\"\" loading=\"lazy\" \/><\/a><\/span><span><a href=\"https:\/\/wettbewerb-archiv.wir-tun-was-fuer-bienen.de\/archiv-2018\/eintrag\/gg-bienengarten\/\"><img decoding=\"async\" width=\"150\" height=\"150\" src=\"https:\/\/wettbewerb-archiv.wir-tun-was-fuer-bienen.de\/archiv-2018\/wp-content\/uploads\/sites\/2\/2018\/05\/IMG-20180504-WA00181-150x150.jpg\" class=\"attachment-thumbnail size-thumbnail\" alt=\"\" loading=\"lazy\" \/><\/a><\/span><span><a href=\"https:\/\/wettbewerb-archiv.wir-tun-was-fuer-bienen.de\/archiv-2018\/eintrag\/gg-bienengarten\/\"><img decoding=\"async\" width=\"150\" height=\"150\" src=\"https:\/\/wettbewerb-archiv.wir-tun-was-fuer-bienen.de\/archiv-2018\/wp-content\/uploads\/sites\/2\/2018\/05\/IMG-20180504-WA0019-150x150.jpg\" class=\"attachment-thumbnail size-thumbnail\" alt=\"\" loading=\"lazy\" \/><\/a><\/span><\/div>\n\n    <div class=\"user flex\">\n        \n                    <img decoding=\"async\" src=\"https:\/\/wettbewerb-archiv.wir-tun-was-fuer-bienen.de\/archiv-2018\/wp-content\/themes\/bienen\/assets\/images\/avatar-placeholder.png\" style=\"border-radius: 30px;\" height=\"30\" width=\"30\">\n            LK Bio (Gt) \ud83d\ude42            <\/div>\n    \n    \n            <p class=\"categories meta\" style=\"width: 100%\"><span class=\"fa fa-tag\"\n                                                             aria-hidden=\"true\"><\/span> Schul- und Jugendclub-G\u00e4rten        <\/p>\n    \n            <p class=\"categories meta\" style=\"width: 100%\"><span class=\"fa fa-map-marker\"\n                                                             aria-hidden=\"true\"><\/span> Hessen        <\/p>\n    \n<\/article>\n   \n\t\t\n          <article id=\"post-1908\" class=\"et_pb_post post-1908 wtwfb_entry type-wtwfb_entry status-publish has-post-thumbnail hentry wtwfb_category-schul-und-jugendclub-gaerten wtwfb_region-nordrhein-westfalen\">\n    <h2 class=\"entry-title\"><a href=\"https:\/\/wettbewerb-archiv.wir-tun-was-fuer-bienen.de\/archiv-2018\/eintrag\/ein-wildbienenparadies-an-der-heideschule\/\">Ein Wildbienenparadies an der Heideschule<\/a>\n    <\/h2>\n    <a href=\"https:\/\/wettbewerb-archiv.wir-tun-was-fuer-bienen.de\/archiv-2018\/eintrag\/ein-wildbienenparadies-an-der-heideschule\/\">\n        <div class=\"bienen-entry-image\">\n            <img decoding=\"async\" width=\"400\" height=\"300\" src=\"https:\/\/wettbewerb-archiv.wir-tun-was-fuer-bienen.de\/archiv-2018\/wp-content\/uploads\/sites\/2\/2018\/04\/IMG_6538-1-400x300.jpg\" class=\"attachment-bienen-grid-thumb size-bienen-grid-thumb wp-post-image\" alt=\"\" loading=\"lazy\" srcset=\"https:\/\/wettbewerb-archiv.wir-tun-was-fuer-bienen.de\/archiv-2018\/wp-content\/uploads\/sites\/2\/2018\/04\/IMG_6538-1-400x300.jpg 400w, https:\/\/wettbewerb-archiv.wir-tun-was-fuer-bienen.de\/archiv-2018\/wp-content\/uploads\/sites\/2\/2018\/04\/IMG_6538-1-300x225.jpg 300w, https:\/\/wettbewerb-archiv.wir-tun-was-fuer-bienen.de\/archiv-2018\/wp-content\/uploads\/sites\/2\/2018\/04\/IMG_6538-1-768x576.jpg 768w, https:\/\/wettbewerb-archiv.wir-tun-was-fuer-bienen.de\/archiv-2018\/wp-content\/uploads\/sites\/2\/2018\/04\/IMG_6538-1-1024x768.jpg 1024w, https:\/\/wettbewerb-archiv.wir-tun-was-fuer-bienen.de\/archiv-2018\/wp-content\/uploads\/sites\/2\/2018\/04\/IMG_6538-1-510x382.jpg 510w, https:\/\/wettbewerb-archiv.wir-tun-was-fuer-bienen.de\/archiv-2018\/wp-content\/uploads\/sites\/2\/2018\/04\/IMG_6538-1-1080x810.jpg 1080w, https:\/\/wettbewerb-archiv.wir-tun-was-fuer-bienen.de\/archiv-2018\/wp-content\/uploads\/sites\/2\/2018\/04\/IMG_6538-1.jpg 1920w\" sizes=\"(max-width: 400px) 100vw, 400px\" \/>                    <\/div>\n    <\/a>\n\n    <div class=\"images-grid\"><span><a href=\"https:\/\/wettbewerb-archiv.wir-tun-was-fuer-bienen.de\/archiv-2018\/eintrag\/ein-wildbienenparadies-an-der-heideschule\/\"><img decoding=\"async\" width=\"150\" height=\"150\" src=\"https:\/\/wettbewerb-archiv.wir-tun-was-fuer-bienen.de\/archiv-2018\/wp-content\/uploads\/sites\/2\/2018\/04\/IMG_6518-150x150.jpg\" class=\"attachment-thumbnail size-thumbnail\" alt=\"\" loading=\"lazy\" \/><\/a><\/span><span><a href=\"https:\/\/wettbewerb-archiv.wir-tun-was-fuer-bienen.de\/archiv-2018\/eintrag\/ein-wildbienenparadies-an-der-heideschule\/\"><img decoding=\"async\" width=\"150\" height=\"150\" src=\"https:\/\/wettbewerb-archiv.wir-tun-was-fuer-bienen.de\/archiv-2018\/wp-content\/uploads\/sites\/2\/2018\/04\/IMG_6519-150x150.jpg\" class=\"attachment-thumbnail size-thumbnail\" alt=\"\" loading=\"lazy\" \/><\/a><\/span><span><a href=\"https:\/\/wettbewerb-archiv.wir-tun-was-fuer-bienen.de\/archiv-2018\/eintrag\/ein-wildbienenparadies-an-der-heideschule\/\"><img decoding=\"async\" width=\"150\" height=\"150\" src=\"https:\/\/wettbewerb-archiv.wir-tun-was-fuer-bienen.de\/archiv-2018\/wp-content\/uploads\/sites\/2\/2018\/04\/IMG_6522-150x150.jpg\" class=\"attachment-thumbnail size-thumbnail\" alt=\"\" loading=\"lazy\" \/><\/a><\/span><span><a href=\"https:\/\/wettbewerb-archiv.wir-tun-was-fuer-bienen.de\/archiv-2018\/eintrag\/ein-wildbienenparadies-an-der-heideschule\/\"><img decoding=\"async\" width=\"150\" height=\"150\" src=\"https:\/\/wettbewerb-archiv.wir-tun-was-fuer-bienen.de\/archiv-2018\/wp-content\/uploads\/sites\/2\/2018\/04\/IMG_6524-150x150.jpg\" class=\"attachment-thumbnail size-thumbnail\" alt=\"\" loading=\"lazy\" \/><\/a><\/span><\/div>\n\n    <div class=\"user flex\">\n                    <img decoding=\"async\" src=\"https:\/\/wettbewerb-archiv.wir-tun-was-fuer-bienen.de\/archiv-2018\/wp-content\/themes\/bienen\/assets\/images\/avatar-placeholder.png\" style=\"border-radius: 30px;\" height=\"30\" width=\"30\">\n            <a href=\"https:\/\/wettbewerb-archiv.wir-tun-was-fuer-bienen.de\/archiv-2018\/gruppe\/klasse-3c-von-der-heideschule\/\" title=\"Beitr\u00e4ge von Klasse 3c von der Heideschule\"\n               rel=\"author\">Klasse 3c von der Heideschule<\/a>\n            <\/div>\n    \n    \n            <p class=\"categories meta\" style=\"width: 100%\"><span class=\"fa fa-tag\"\n                                                             aria-hidden=\"true\"><\/span> Schul- und Jugendclub-G\u00e4rten        <\/p>\n    \n            <p class=\"categories meta\" style=\"width: 100%\"><span class=\"fa fa-map-marker\"\n                                                             aria-hidden=\"true\"><\/span> Nordrhein-Westfalen        <\/p>\n    \n<\/article>\n   \n\t\t\n          <article id=\"post-1905\" class=\"et_pb_post post-1905 wtwfb_entry type-wtwfb_entry status-publish has-post-thumbnail hentry wtwfb_category-schul-und-jugendclub-gaerten wtwfb_region-nordrhein-westfalen\">\n    <h2 class=\"entry-title\"><a href=\"https:\/\/wettbewerb-archiv.wir-tun-was-fuer-bienen.de\/archiv-2018\/eintrag\/bluetenmeer-fuer-wilde-bienen\/\">Bl\u00fctenmeer f\u00fcr wilde Bienen<\/a>\n    <\/h2>\n    <a href=\"https:\/\/wettbewerb-archiv.wir-tun-was-fuer-bienen.de\/archiv-2018\/eintrag\/bluetenmeer-fuer-wilde-bienen\/\">\n        <div class=\"bienen-entry-image\">\n            <img decoding=\"async\" width=\"400\" height=\"300\" src=\"https:\/\/wettbewerb-archiv.wir-tun-was-fuer-bienen.de\/archiv-2018\/wp-content\/uploads\/sites\/2\/2018\/04\/IMG_20180425_125558181-400x300.jpg\" class=\"attachment-bienen-grid-thumb size-bienen-grid-thumb wp-post-image\" alt=\"\" loading=\"lazy\" srcset=\"https:\/\/wettbewerb-archiv.wir-tun-was-fuer-bienen.de\/archiv-2018\/wp-content\/uploads\/sites\/2\/2018\/04\/IMG_20180425_125558181-400x300.jpg 400w, https:\/\/wettbewerb-archiv.wir-tun-was-fuer-bienen.de\/archiv-2018\/wp-content\/uploads\/sites\/2\/2018\/04\/IMG_20180425_125558181-300x225.jpg 300w, https:\/\/wettbewerb-archiv.wir-tun-was-fuer-bienen.de\/archiv-2018\/wp-content\/uploads\/sites\/2\/2018\/04\/IMG_20180425_125558181-768x576.jpg 768w, https:\/\/wettbewerb-archiv.wir-tun-was-fuer-bienen.de\/archiv-2018\/wp-content\/uploads\/sites\/2\/2018\/04\/IMG_20180425_125558181-1024x768.jpg 1024w, https:\/\/wettbewerb-archiv.wir-tun-was-fuer-bienen.de\/archiv-2018\/wp-content\/uploads\/sites\/2\/2018\/04\/IMG_20180425_125558181-510x382.jpg 510w, https:\/\/wettbewerb-archiv.wir-tun-was-fuer-bienen.de\/archiv-2018\/wp-content\/uploads\/sites\/2\/2018\/04\/IMG_20180425_125558181-1080x810.jpg 1080w, https:\/\/wettbewerb-archiv.wir-tun-was-fuer-bienen.de\/archiv-2018\/wp-content\/uploads\/sites\/2\/2018\/04\/IMG_20180425_125558181.jpg 1920w\" sizes=\"(max-width: 400px) 100vw, 400px\" \/>                    <\/div>\n    <\/a>\n\n    <div class=\"images-grid\"><span><a href=\"https:\/\/wettbewerb-archiv.wir-tun-was-fuer-bienen.de\/archiv-2018\/eintrag\/bluetenmeer-fuer-wilde-bienen\/\"><img decoding=\"async\" width=\"150\" height=\"150\" src=\"https:\/\/wettbewerb-archiv.wir-tun-was-fuer-bienen.de\/archiv-2018\/wp-content\/uploads\/sites\/2\/2018\/05\/IMG_2963-150x150.jpg\" class=\"attachment-thumbnail size-thumbnail\" alt=\"\" loading=\"lazy\" \/><\/a><\/span><span><a href=\"https:\/\/wettbewerb-archiv.wir-tun-was-fuer-bienen.de\/archiv-2018\/eintrag\/bluetenmeer-fuer-wilde-bienen\/\"><img decoding=\"async\" width=\"150\" height=\"150\" src=\"https:\/\/wettbewerb-archiv.wir-tun-was-fuer-bienen.de\/archiv-2018\/wp-content\/uploads\/sites\/2\/2018\/07\/20180528_100546-150x150.jpg\" class=\"attachment-thumbnail size-thumbnail\" alt=\"\" loading=\"lazy\" \/><\/a><\/span><span><a href=\"https:\/\/wettbewerb-archiv.wir-tun-was-fuer-bienen.de\/archiv-2018\/eintrag\/bluetenmeer-fuer-wilde-bienen\/\"><img decoding=\"async\" width=\"150\" height=\"150\" src=\"https:\/\/wettbewerb-archiv.wir-tun-was-fuer-bienen.de\/archiv-2018\/wp-content\/uploads\/sites\/2\/2018\/07\/20180528_100959-150x150.jpg\" class=\"attachment-thumbnail size-thumbnail\" alt=\"\" loading=\"lazy\" \/><\/a><\/span><span><a href=\"https:\/\/wettbewerb-archiv.wir-tun-was-fuer-bienen.de\/archiv-2018\/eintrag\/bluetenmeer-fuer-wilde-bienen\/\"><img decoding=\"async\" width=\"150\" height=\"150\" src=\"https:\/\/wettbewerb-archiv.wir-tun-was-fuer-bienen.de\/archiv-2018\/wp-content\/uploads\/sites\/2\/2018\/07\/20180528_101436-150x150.jpg\" class=\"attachment-thumbnail size-thumbnail\" alt=\"\" loading=\"lazy\" \/><\/a><\/span><\/div>\n\n    <div class=\"user flex\">\n        \n                    <img decoding=\"async\" src=\"https:\/\/wettbewerb-archiv.wir-tun-was-fuer-bienen.de\/archiv-2018\/wp-content\/themes\/bienen\/assets\/images\/avatar-placeholder.png\" style=\"border-radius: 30px;\" height=\"30\" width=\"30\">\n            AWO Familienzentrum ABENTEUERLAND Herten            <\/div>\n    \n    <p class=\"categories meta bienen-gewinner\"><span class=\"fa fa-trophy\"                                                              aria-hidden=\"true\"><\/span> Gewinner<\/p>\n            <p class=\"categories meta\" style=\"width: 100%\"><span class=\"fa fa-tag\"\n                                                             aria-hidden=\"true\"><\/span> Schul- und Jugendclub-G\u00e4rten        <\/p>\n    \n            <p class=\"categories meta\" style=\"width: 100%\"><span class=\"fa fa-map-marker\"\n                                                             aria-hidden=\"true\"><\/span> Nordrhein-Westfalen        <\/p>\n    \n<\/article>\n   \n\t\t\n          <article id=\"post-1848\" class=\"et_pb_post post-1848 wtwfb_entry type-wtwfb_entry status-publish has-post-thumbnail hentry wtwfb_category-privatgaerten-und-gaerten-von-mietwohnungen-kleiner-500-quadratmeter wtwfb_region-sachsen\">\n    <h2 class=\"entry-title\"><a href=\"https:\/\/wettbewerb-archiv.wir-tun-was-fuer-bienen.de\/archiv-2018\/eintrag\/unser-projekt\/\">Bienenpark 1.0<\/a>\n    <\/h2>\n    <a href=\"https:\/\/wettbewerb-archiv.wir-tun-was-fuer-bienen.de\/archiv-2018\/eintrag\/unser-projekt\/\">\n        <div class=\"bienen-entry-image\">\n            <img decoding=\"async\" width=\"400\" height=\"300\" src=\"https:\/\/wettbewerb-archiv.wir-tun-was-fuer-bienen.de\/archiv-2018\/wp-content\/uploads\/sites\/2\/2018\/04\/IMG-20180424-WA0015-400x300.jpg\" class=\"attachment-bienen-grid-thumb size-bienen-grid-thumb wp-post-image\" alt=\"\" loading=\"lazy\" srcset=\"https:\/\/wettbewerb-archiv.wir-tun-was-fuer-bienen.de\/archiv-2018\/wp-content\/uploads\/sites\/2\/2018\/04\/IMG-20180424-WA0015-400x300.jpg 400w, https:\/\/wettbewerb-archiv.wir-tun-was-fuer-bienen.de\/archiv-2018\/wp-content\/uploads\/sites\/2\/2018\/04\/IMG-20180424-WA0015-300x224.jpg 300w, https:\/\/wettbewerb-archiv.wir-tun-was-fuer-bienen.de\/archiv-2018\/wp-content\/uploads\/sites\/2\/2018\/04\/IMG-20180424-WA0015-768x574.jpg 768w, https:\/\/wettbewerb-archiv.wir-tun-was-fuer-bienen.de\/archiv-2018\/wp-content\/uploads\/sites\/2\/2018\/04\/IMG-20180424-WA0015-1024x766.jpg 1024w, https:\/\/wettbewerb-archiv.wir-tun-was-fuer-bienen.de\/archiv-2018\/wp-content\/uploads\/sites\/2\/2018\/04\/IMG-20180424-WA0015-510x382.jpg 510w, https:\/\/wettbewerb-archiv.wir-tun-was-fuer-bienen.de\/archiv-2018\/wp-content\/uploads\/sites\/2\/2018\/04\/IMG-20180424-WA0015-1080x807.jpg 1080w, https:\/\/wettbewerb-archiv.wir-tun-was-fuer-bienen.de\/archiv-2018\/wp-content\/uploads\/sites\/2\/2018\/04\/IMG-20180424-WA0015.jpg 1280w\" sizes=\"(max-width: 400px) 100vw, 400px\" \/>                    <\/div>\n    <\/a>\n\n    <div class=\"images-grid\"><span><a href=\"https:\/\/wettbewerb-archiv.wir-tun-was-fuer-bienen.de\/archiv-2018\/eintrag\/unser-projekt\/\"><img decoding=\"async\" width=\"150\" height=\"150\" src=\"https:\/\/wettbewerb-archiv.wir-tun-was-fuer-bienen.de\/archiv-2018\/wp-content\/uploads\/sites\/2\/2018\/04\/IMG-20180424-WA0019-150x150.jpg\" class=\"attachment-thumbnail size-thumbnail\" alt=\"\" loading=\"lazy\" \/><\/a><\/span><span><a href=\"https:\/\/wettbewerb-archiv.wir-tun-was-fuer-bienen.de\/archiv-2018\/eintrag\/unser-projekt\/\"><img decoding=\"async\" width=\"150\" height=\"150\" src=\"https:\/\/wettbewerb-archiv.wir-tun-was-fuer-bienen.de\/archiv-2018\/wp-content\/uploads\/sites\/2\/2018\/04\/IMG-20180424-WA0009-150x150.jpg\" class=\"attachment-thumbnail size-thumbnail\" alt=\"\" loading=\"lazy\" \/><\/a><\/span><span><a href=\"https:\/\/wettbewerb-archiv.wir-tun-was-fuer-bienen.de\/archiv-2018\/eintrag\/unser-projekt\/\"><img decoding=\"async\" width=\"150\" height=\"150\" src=\"https:\/\/wettbewerb-archiv.wir-tun-was-fuer-bienen.de\/archiv-2018\/wp-content\/uploads\/sites\/2\/2018\/04\/IMG-20180424-WA0011-150x150.jpg\" class=\"attachment-thumbnail size-thumbnail\" alt=\"\" loading=\"lazy\" \/><\/a><\/span><span><a href=\"https:\/\/wettbewerb-archiv.wir-tun-was-fuer-bienen.de\/archiv-2018\/eintrag\/unser-projekt\/\"><img decoding=\"async\" width=\"150\" height=\"150\" src=\"https:\/\/wettbewerb-archiv.wir-tun-was-fuer-bienen.de\/archiv-2018\/wp-content\/uploads\/sites\/2\/2018\/04\/IMG-20180424-WA0013-150x150.jpg\" class=\"attachment-thumbnail size-thumbnail\" alt=\"\" loading=\"lazy\" \/><\/a><\/span><\/div>\n\n    <div class=\"user flex\">\n        \n                    <img decoding=\"async\" src=\"https:\/\/wettbewerb-archiv.wir-tun-was-fuer-bienen.de\/archiv-2018\/wp-content\/themes\/bienen\/assets\/images\/avatar-placeholder.png\" style=\"border-radius: 30px;\" height=\"30\" width=\"30\">\n            Bienengl\u00fcck            <\/div>\n    \n    \n            <p class=\"categories meta\" style=\"width: 100%\"><span class=\"fa fa-tag\"\n                                                             aria-hidden=\"true\"><\/span> Privatg\u00e4rten und G\u00e4rten von Mietwohnungen (kleiner als 500 Quadratmeter)        <\/p>\n    \n            <p class=\"categories meta\" style=\"width: 100%\"><span class=\"fa fa-map-marker\"\n                                                             aria-hidden=\"true\"><\/span> Sachsen        <\/p>\n    \n<\/article>\n   \n\t\t\n          <article id=\"post-1830\" class=\"et_pb_post post-1830 wtwfb_entry type-wtwfb_entry status-publish has-post-thumbnail hentry wtwfb_category-schul-und-jugendclub-gaerten wtwfb_region-mecklenburg-vorpommern\">\n    <h2 class=\"entry-title\"><a href=\"https:\/\/wettbewerb-archiv.wir-tun-was-fuer-bienen.de\/archiv-2018\/eintrag\/ein-bienengarten-fuer-die-grundschule-luebow\/\">Ein Bienengarten f\u00fcr die Grundschule L\u00fcbow<\/a>\n    <\/h2>\n    <a href=\"https:\/\/wettbewerb-archiv.wir-tun-was-fuer-bienen.de\/archiv-2018\/eintrag\/ein-bienengarten-fuer-die-grundschule-luebow\/\">\n        <div class=\"bienen-entry-image\">\n            <img decoding=\"async\" width=\"400\" height=\"300\" src=\"https:\/\/wettbewerb-archiv.wir-tun-was-fuer-bienen.de\/archiv-2018\/wp-content\/uploads\/sites\/2\/2018\/04\/April2018-400x300.jpg\" class=\"attachment-bienen-grid-thumb size-bienen-grid-thumb wp-post-image\" alt=\"\" loading=\"lazy\" srcset=\"https:\/\/wettbewerb-archiv.wir-tun-was-fuer-bienen.de\/archiv-2018\/wp-content\/uploads\/sites\/2\/2018\/04\/April2018-400x300.jpg 400w, https:\/\/wettbewerb-archiv.wir-tun-was-fuer-bienen.de\/archiv-2018\/wp-content\/uploads\/sites\/2\/2018\/04\/April2018-510x382.jpg 510w\" sizes=\"(max-width: 400px) 100vw, 400px\" \/>                    <\/div>\n    <\/a>\n\n    <div class=\"images-grid\"><span><a href=\"https:\/\/wettbewerb-archiv.wir-tun-was-fuer-bienen.de\/archiv-2018\/eintrag\/ein-bienengarten-fuer-die-grundschule-luebow\/\"><img decoding=\"async\" width=\"150\" height=\"150\" src=\"https:\/\/wettbewerb-archiv.wir-tun-was-fuer-bienen.de\/archiv-2018\/wp-content\/uploads\/sites\/2\/2018\/05\/IMG_2185-150x150.jpg\" class=\"attachment-thumbnail size-thumbnail\" alt=\"\" loading=\"lazy\" \/><\/a><\/span><span><a href=\"https:\/\/wettbewerb-archiv.wir-tun-was-fuer-bienen.de\/archiv-2018\/eintrag\/ein-bienengarten-fuer-die-grundschule-luebow\/\"><img decoding=\"async\" width=\"150\" height=\"150\" src=\"https:\/\/wettbewerb-archiv.wir-tun-was-fuer-bienen.de\/archiv-2018\/wp-content\/uploads\/sites\/2\/2018\/05\/IMG_2188-150x150.jpg\" class=\"attachment-thumbnail size-thumbnail\" alt=\"\" loading=\"lazy\" \/><\/a><\/span><span><a href=\"https:\/\/wettbewerb-archiv.wir-tun-was-fuer-bienen.de\/archiv-2018\/eintrag\/ein-bienengarten-fuer-die-grundschule-luebow\/\"><img decoding=\"async\" width=\"150\" height=\"150\" src=\"https:\/\/wettbewerb-archiv.wir-tun-was-fuer-bienen.de\/archiv-2018\/wp-content\/uploads\/sites\/2\/2018\/05\/IMG_2187-150x150.jpg\" class=\"attachment-thumbnail size-thumbnail\" alt=\"\" loading=\"lazy\" \/><\/a><\/span><span><a href=\"https:\/\/wettbewerb-archiv.wir-tun-was-fuer-bienen.de\/archiv-2018\/eintrag\/ein-bienengarten-fuer-die-grundschule-luebow\/\"><img decoding=\"async\" width=\"150\" height=\"150\" src=\"https:\/\/wettbewerb-archiv.wir-tun-was-fuer-bienen.de\/archiv-2018\/wp-content\/uploads\/sites\/2\/2018\/06\/IMG_2286-150x150.jpg\" class=\"attachment-thumbnail size-thumbnail\" alt=\"\" loading=\"lazy\" \/><\/a><\/span><\/div>\n\n    <div class=\"user flex\">\n        \n                    <img decoding=\"async\" src=\"https:\/\/wettbewerb-archiv.wir-tun-was-fuer-bienen.de\/archiv-2018\/wp-content\/themes\/bienen\/assets\/images\/avatar-placeholder.png\" style=\"border-radius: 30px;\" height=\"30\" width=\"30\">\n            Schulbienen-AG GS L\u00fcbow            <\/div>\n    \n    \n            <p class=\"categories meta\" style=\"width: 100%\"><span class=\"fa fa-tag\"\n                                                             aria-hidden=\"true\"><\/span> Schul- und Jugendclub-G\u00e4rten        <\/p>\n    \n            <p class=\"categories meta\" style=\"width: 100%\"><span class=\"fa fa-map-marker\"\n                                                             aria-hidden=\"true\"><\/span> Mecklenburg-Vorpommern        <\/p>\n    \n<\/article>\n   \n\t\t\n          <article id=\"post-1807\" class=\"et_pb_post post-1807 wtwfb_entry type-wtwfb_entry status-publish has-post-thumbnail hentry wtwfb_category-kommunale-flaechen-parks-baumscheiben wtwfb_region-niedersachsen\">\n    <h2 class=\"entry-title\"><a href=\"https:\/\/wettbewerb-archiv.wir-tun-was-fuer-bienen.de\/archiv-2018\/eintrag\/bund-projekt-wildblumenwiese-am-wegesrand\/\">BUND-Projekt &#8220;Wildblumenwiese am Wegesrand&#8221;<\/a>\n    <\/h2>\n    <a href=\"https:\/\/wettbewerb-archiv.wir-tun-was-fuer-bienen.de\/archiv-2018\/eintrag\/bund-projekt-wildblumenwiese-am-wegesrand\/\">\n        <div class=\"bienen-entry-image\">\n            <img decoding=\"async\" width=\"400\" height=\"300\" src=\"https:\/\/wettbewerb-archiv.wir-tun-was-fuer-bienen.de\/archiv-2018\/wp-content\/uploads\/sites\/2\/2018\/04\/2018_04_23_BUND-Pflegeeinsatz_Imsumer_Stra\u00dfe_Geestland07_Abharken_HelmutKleibe_MelanieMeyer_N.N._c_Bernd_Quellmalz-400x300.jpg\" class=\"attachment-bienen-grid-thumb size-bienen-grid-thumb wp-post-image\" alt=\"\" loading=\"lazy\" srcset=\"https:\/\/wettbewerb-archiv.wir-tun-was-fuer-bienen.de\/archiv-2018\/wp-content\/uploads\/sites\/2\/2018\/04\/2018_04_23_BUND-Pflegeeinsatz_Imsumer_Stra\u00dfe_Geestland07_Abharken_HelmutKleibe_MelanieMeyer_N.N._c_Bernd_Quellmalz-400x300.jpg 400w, https:\/\/wettbewerb-archiv.wir-tun-was-fuer-bienen.de\/archiv-2018\/wp-content\/uploads\/sites\/2\/2018\/04\/2018_04_23_BUND-Pflegeeinsatz_Imsumer_Stra\u00dfe_Geestland07_Abharken_HelmutKleibe_MelanieMeyer_N.N._c_Bernd_Quellmalz-300x225.jpg 300w, https:\/\/wettbewerb-archiv.wir-tun-was-fuer-bienen.de\/archiv-2018\/wp-content\/uploads\/sites\/2\/2018\/04\/2018_04_23_BUND-Pflegeeinsatz_Imsumer_Stra\u00dfe_Geestland07_Abharken_HelmutKleibe_MelanieMeyer_N.N._c_Bernd_Quellmalz-768x576.jpg 768w, https:\/\/wettbewerb-archiv.wir-tun-was-fuer-bienen.de\/archiv-2018\/wp-content\/uploads\/sites\/2\/2018\/04\/2018_04_23_BUND-Pflegeeinsatz_Imsumer_Stra\u00dfe_Geestland07_Abharken_HelmutKleibe_MelanieMeyer_N.N._c_Bernd_Quellmalz.jpg 1024w, https:\/\/wettbewerb-archiv.wir-tun-was-fuer-bienen.de\/archiv-2018\/wp-content\/uploads\/sites\/2\/2018\/04\/2018_04_23_BUND-Pflegeeinsatz_Imsumer_Stra\u00dfe_Geestland07_Abharken_HelmutKleibe_MelanieMeyer_N.N._c_Bernd_Quellmalz-510x382.jpg 510w\" sizes=\"(max-width: 400px) 100vw, 400px\" \/>                    <\/div>\n    <\/a>\n\n    <div class=\"images-grid\"><span><a href=\"https:\/\/wettbewerb-archiv.wir-tun-was-fuer-bienen.de\/archiv-2018\/eintrag\/bund-projekt-wildblumenwiese-am-wegesrand\/\"><img decoding=\"async\" width=\"150\" height=\"150\" src=\"https:\/\/wettbewerb-archiv.wir-tun-was-fuer-bienen.de\/archiv-2018\/wp-content\/uploads\/sites\/2\/2018\/04\/2018_04_17_Wegrand_Steinkamp_Beverstedt01_Schlegeln_c_Martin_Schrutek-150x150.jpg\" class=\"attachment-thumbnail size-thumbnail\" alt=\"\" loading=\"lazy\" \/><\/a><\/span><span><a href=\"https:\/\/wettbewerb-archiv.wir-tun-was-fuer-bienen.de\/archiv-2018\/eintrag\/bund-projekt-wildblumenwiese-am-wegesrand\/\"><img decoding=\"async\" width=\"150\" height=\"150\" src=\"https:\/\/wettbewerb-archiv.wir-tun-was-fuer-bienen.de\/archiv-2018\/wp-content\/uploads\/sites\/2\/2018\/04\/2018_04_18_Wegrand_Steinkamp_Beverstedt03_Aussaat_Renate_Gr\u00fcndling_c_Martin_Schrutek-150x150.jpg\" class=\"attachment-thumbnail size-thumbnail\" alt=\"\" loading=\"lazy\" \/><\/a><\/span><span><a href=\"https:\/\/wettbewerb-archiv.wir-tun-was-fuer-bienen.de\/archiv-2018\/eintrag\/bund-projekt-wildblumenwiese-am-wegesrand\/\"><img decoding=\"async\" width=\"150\" height=\"150\" src=\"https:\/\/wettbewerb-archiv.wir-tun-was-fuer-bienen.de\/archiv-2018\/wp-content\/uploads\/sites\/2\/2018\/04\/2018_04_18_Wegrand_Steinkamp_Beverstedt04_Pflanzung_Eike_Rachor_c_Martin_Schrutek-150x150.jpg\" class=\"attachment-thumbnail size-thumbnail\" alt=\"\" loading=\"lazy\" \/><\/a><\/span><span><a href=\"https:\/\/wettbewerb-archiv.wir-tun-was-fuer-bienen.de\/archiv-2018\/eintrag\/bund-projekt-wildblumenwiese-am-wegesrand\/\"><img decoding=\"async\" width=\"150\" height=\"150\" src=\"https:\/\/wettbewerb-archiv.wir-tun-was-fuer-bienen.de\/archiv-2018\/wp-content\/uploads\/sites\/2\/2018\/04\/2018_04_23_BUND-Pflegeeinsatz_Imsumer_Stra\u00dfe_Geestland03_Mahd_Michael_Henschke_c_Bernd_Quellmalz-150x150.jpg\" class=\"attachment-thumbnail size-thumbnail\" alt=\"\" loading=\"lazy\" \/><\/a><\/span><\/div>\n\n    <div class=\"user flex\">\n                    <img decoding=\"async\" src=\"https:\/\/wettbewerb-archiv.wir-tun-was-fuer-bienen.de\/archiv-2018\/wp-content\/themes\/bienen\/assets\/images\/avatar-placeholder.png\" style=\"border-radius: 30px;\" height=\"30\" width=\"30\">\n            <a href=\"https:\/\/wettbewerb-archiv.wir-tun-was-fuer-bienen.de\/archiv-2018\/gruppe\/bund-regionalverband-unterweser-e-v\/\" title=\"Beitr\u00e4ge von BUND-Regionalverband Unterweser e.V.\"\n               rel=\"author\">BUND-Regionalverband Unterweser e.V.<\/a>\n            <\/div>\n    \n    \n            <p class=\"categories meta\" style=\"width: 100%\"><span class=\"fa fa-tag\"\n                                                             aria-hidden=\"true\"><\/span> Kommunale Fl\u00e4chen, Parks, Baumscheiben        <\/p>\n    \n            <p class=\"categories meta\" style=\"width: 100%\"><span class=\"fa fa-map-marker\"\n                                                             aria-hidden=\"true\"><\/span> Niedersachsen        <\/p>\n    \n<\/article>\n   \n\t\t\n          <article id=\"post-1801\" class=\"et_pb_post post-1801 wtwfb_entry type-wtwfb_entry status-publish has-post-thumbnail hentry wtwfb_category-schul-und-jugendclub-gaerten wtwfb_region-bayern\">\n    <h2 class=\"entry-title\"><a href=\"https:\/\/wettbewerb-archiv.wir-tun-was-fuer-bienen.de\/archiv-2018\/eintrag\/aus-einem-kleiner-idee-wird-ein-bienen-projekt\/\">Aus einer kleinen Idee wird ein Bienen-Projekt<\/a>\n    <\/h2>\n    <a href=\"https:\/\/wettbewerb-archiv.wir-tun-was-fuer-bienen.de\/archiv-2018\/eintrag\/aus-einem-kleiner-idee-wird-ein-bienen-projekt\/\">\n        <div class=\"bienen-entry-image\">\n            <img decoding=\"async\" width=\"400\" height=\"300\" src=\"https:\/\/wettbewerb-archiv.wir-tun-was-fuer-bienen.de\/archiv-2018\/wp-content\/uploads\/sites\/2\/2018\/04\/20180410_102421-400x300.jpg\" class=\"attachment-bienen-grid-thumb size-bienen-grid-thumb wp-post-image\" alt=\"\" loading=\"lazy\" srcset=\"https:\/\/wettbewerb-archiv.wir-tun-was-fuer-bienen.de\/archiv-2018\/wp-content\/uploads\/sites\/2\/2018\/04\/20180410_102421-400x300.jpg 400w, https:\/\/wettbewerb-archiv.wir-tun-was-fuer-bienen.de\/archiv-2018\/wp-content\/uploads\/sites\/2\/2018\/04\/20180410_102421-510x382.jpg 510w\" sizes=\"(max-width: 400px) 100vw, 400px\" \/>                    <\/div>\n    <\/a>\n\n    <div class=\"images-grid\"><span><a href=\"https:\/\/wettbewerb-archiv.wir-tun-was-fuer-bienen.de\/archiv-2018\/eintrag\/aus-einem-kleiner-idee-wird-ein-bienen-projekt\/\"><img decoding=\"async\" width=\"150\" height=\"150\" src=\"https:\/\/wettbewerb-archiv.wir-tun-was-fuer-bienen.de\/archiv-2018\/wp-content\/uploads\/sites\/2\/2018\/07\/IMG-20180412-WA0007-150x150.jpg\" class=\"attachment-thumbnail size-thumbnail\" alt=\"\" loading=\"lazy\" \/><\/a><\/span><span><a href=\"https:\/\/wettbewerb-archiv.wir-tun-was-fuer-bienen.de\/archiv-2018\/eintrag\/aus-einem-kleiner-idee-wird-ein-bienen-projekt\/\"><img decoding=\"async\" width=\"150\" height=\"150\" src=\"https:\/\/wettbewerb-archiv.wir-tun-was-fuer-bienen.de\/archiv-2018\/wp-content\/uploads\/sites\/2\/2018\/06\/20180228_1230198469-150x150.jpg\" class=\"attachment-thumbnail size-thumbnail\" alt=\"\" loading=\"lazy\" \/><\/a><\/span><span><a href=\"https:\/\/wettbewerb-archiv.wir-tun-was-fuer-bienen.de\/archiv-2018\/eintrag\/aus-einem-kleiner-idee-wird-ein-bienen-projekt\/\"><img decoding=\"async\" width=\"150\" height=\"150\" src=\"https:\/\/wettbewerb-archiv.wir-tun-was-fuer-bienen.de\/archiv-2018\/wp-content\/uploads\/sites\/2\/2018\/06\/20180228_1229588468-150x150.jpg\" class=\"attachment-thumbnail size-thumbnail\" alt=\"\" loading=\"lazy\" \/><\/a><\/span><span><a href=\"https:\/\/wettbewerb-archiv.wir-tun-was-fuer-bienen.de\/archiv-2018\/eintrag\/aus-einem-kleiner-idee-wird-ein-bienen-projekt\/\"><img decoding=\"async\" width=\"150\" height=\"150\" src=\"https:\/\/wettbewerb-archiv.wir-tun-was-fuer-bienen.de\/archiv-2018\/wp-content\/uploads\/sites\/2\/2018\/06\/20180410_102221-150x150.jpg\" class=\"attachment-thumbnail size-thumbnail\" alt=\"\" loading=\"lazy\" \/><\/a><\/span><\/div>\n\n    <div class=\"user flex\">\n                    <img decoding=\"async\" src=\"https:\/\/wettbewerb-archiv.wir-tun-was-fuer-bienen.de\/archiv-2018\/wp-content\/themes\/bienen\/assets\/images\/avatar-placeholder.png\" style=\"border-radius: 30px;\" height=\"30\" width=\"30\">\n            <a href=\"https:\/\/wettbewerb-archiv.wir-tun-was-fuer-bienen.de\/archiv-2018\/gruppe\/flexible-grundschule-suenching\/\" title=\"Beitr\u00e4ge von Flexible Grundschule S\u00fcnching\"\n               rel=\"author\">Flexible Grundschule S\u00fcnching<\/a>\n            <\/div>\n    \n    \n            <p class=\"categories meta\" style=\"width: 100%\"><span class=\"fa fa-tag\"\n                                                             aria-hidden=\"true\"><\/span> Schul- und Jugendclub-G\u00e4rten        <\/p>\n    \n            <p class=\"categories meta\" style=\"width: 100%\"><span class=\"fa fa-map-marker\"\n                                                             aria-hidden=\"true\"><\/span> Bayern        <\/p>\n    \n<\/article>\n   \n\t\t\n          <article id=\"post-1793\" class=\"et_pb_post post-1793 wtwfb_entry type-wtwfb_entry status-publish has-post-thumbnail hentry wtwfb_category-firmen-institutions-und-vereinsgaerten wtwfb_region-berlin\">\n    <h2 class=\"entry-title\"><a href=\"https:\/\/wettbewerb-archiv.wir-tun-was-fuer-bienen.de\/archiv-2018\/eintrag\/hier-fehlen-pflanzen\/\">Begr\u00fcnungsprojekt der Fl\u00fcchtlingsunterkunft Buch<\/a>\n    <\/h2>\n    <a href=\"https:\/\/wettbewerb-archiv.wir-tun-was-fuer-bienen.de\/archiv-2018\/eintrag\/hier-fehlen-pflanzen\/\">\n        <div class=\"bienen-entry-image\">\n            <img decoding=\"async\" width=\"400\" height=\"300\" src=\"https:\/\/wettbewerb-archiv.wir-tun-was-fuer-bienen.de\/archiv-2018\/wp-content\/uploads\/sites\/2\/2018\/04\/zaun02-400x300.jpg\" class=\"attachment-bienen-grid-thumb size-bienen-grid-thumb wp-post-image\" alt=\"\" loading=\"lazy\" srcset=\"https:\/\/wettbewerb-archiv.wir-tun-was-fuer-bienen.de\/archiv-2018\/wp-content\/uploads\/sites\/2\/2018\/04\/zaun02-400x300.jpg 400w, https:\/\/wettbewerb-archiv.wir-tun-was-fuer-bienen.de\/archiv-2018\/wp-content\/uploads\/sites\/2\/2018\/04\/zaun02-300x225.jpg 300w, https:\/\/wettbewerb-archiv.wir-tun-was-fuer-bienen.de\/archiv-2018\/wp-content\/uploads\/sites\/2\/2018\/04\/zaun02-768x576.jpg 768w, https:\/\/wettbewerb-archiv.wir-tun-was-fuer-bienen.de\/archiv-2018\/wp-content\/uploads\/sites\/2\/2018\/04\/zaun02-1024x768.jpg 1024w, https:\/\/wettbewerb-archiv.wir-tun-was-fuer-bienen.de\/archiv-2018\/wp-content\/uploads\/sites\/2\/2018\/04\/zaun02-510x382.jpg 510w, https:\/\/wettbewerb-archiv.wir-tun-was-fuer-bienen.de\/archiv-2018\/wp-content\/uploads\/sites\/2\/2018\/04\/zaun02-1080x810.jpg 1080w, https:\/\/wettbewerb-archiv.wir-tun-was-fuer-bienen.de\/archiv-2018\/wp-content\/uploads\/sites\/2\/2018\/04\/zaun02.jpg 1920w\" sizes=\"(max-width: 400px) 100vw, 400px\" \/>                    <\/div>\n    <\/a>\n\n    <div class=\"images-grid\"><\/div>\n\n    <div class=\"user flex\">\n                    <img decoding=\"async\" src=\"https:\/\/wettbewerb-archiv.wir-tun-was-fuer-bienen.de\/archiv-2018\/wp-content\/themes\/bienen\/assets\/images\/avatar-placeholder.png\" style=\"border-radius: 30px;\" height=\"30\" width=\"30\">\n            <a href=\"https:\/\/wettbewerb-archiv.wir-tun-was-fuer-bienen.de\/archiv-2018\/gruppe\/bewohnerinnen-ehrenamtliche-und-team-der-gemeinschaftsunterkunft-wollfgang-heinz-strasse\/\" title=\"Beitr\u00e4ge von Bewohner*innen, Ehrenamtliche und Team der Gemeinschaftsunterkunft Wolfgang-Heinz-Stra\u00dfe\"\n               rel=\"author\">Bewohner*innen, Ehrenamtliche und Team der Gemeinschaftsunterkunft Wolfgang-Heinz-Stra\u00dfe<\/a>\n            <\/div>\n    \n    \n            <p class=\"categories meta\" style=\"width: 100%\"><span class=\"fa fa-tag\"\n                                                             aria-hidden=\"true\"><\/span> Firmen-, Institutions- und Vereinsg\u00e4rten        <\/p>\n    \n            <p class=\"categories meta\" style=\"width: 100%\"><span class=\"fa fa-map-marker\"\n                                                             aria-hidden=\"true\"><\/span> Berlin        <\/p>\n    \n<\/article>\n   \n\t\t\n          <article id=\"post-1767\" class=\"et_pb_post post-1767 wtwfb_entry type-wtwfb_entry status-publish has-post-thumbnail hentry wtwfb_category-kommunale-flaechen-parks-baumscheiben wtwfb_region-baden-wuerttemberg\">\n    <h2 class=\"entry-title\"><a href=\"https:\/\/wettbewerb-archiv.wir-tun-was-fuer-bienen.de\/archiv-2018\/eintrag\/rickenbach-jungholzer-hochwasserbehaelter-bepflanzen-motto-jeder-m2-zaehlt\/\">Rickenbach: Hochwasserbeh\u00e4lter bepflanzen &#8211; Mott...<\/a>\n    <\/h2>\n    <a href=\"https:\/\/wettbewerb-archiv.wir-tun-was-fuer-bienen.de\/archiv-2018\/eintrag\/rickenbach-jungholzer-hochwasserbehaelter-bepflanzen-motto-jeder-m2-zaehlt\/\">\n        <div class=\"bienen-entry-image\">\n            <img decoding=\"async\" width=\"400\" height=\"300\" src=\"https:\/\/wettbewerb-archiv.wir-tun-was-fuer-bienen.de\/archiv-2018\/wp-content\/uploads\/sites\/2\/2018\/05\/Gruppenbild-Jungholz-2018-1-400x300.jpg\" class=\"attachment-bienen-grid-thumb size-bienen-grid-thumb wp-post-image\" alt=\"\" loading=\"lazy\" srcset=\"https:\/\/wettbewerb-archiv.wir-tun-was-fuer-bienen.de\/archiv-2018\/wp-content\/uploads\/sites\/2\/2018\/05\/Gruppenbild-Jungholz-2018-1-400x300.jpg 400w, https:\/\/wettbewerb-archiv.wir-tun-was-fuer-bienen.de\/archiv-2018\/wp-content\/uploads\/sites\/2\/2018\/05\/Gruppenbild-Jungholz-2018-1-300x225.jpg 300w, https:\/\/wettbewerb-archiv.wir-tun-was-fuer-bienen.de\/archiv-2018\/wp-content\/uploads\/sites\/2\/2018\/05\/Gruppenbild-Jungholz-2018-1-768x576.jpg 768w, https:\/\/wettbewerb-archiv.wir-tun-was-fuer-bienen.de\/archiv-2018\/wp-content\/uploads\/sites\/2\/2018\/05\/Gruppenbild-Jungholz-2018-1-1024x769.jpg 1024w, https:\/\/wettbewerb-archiv.wir-tun-was-fuer-bienen.de\/archiv-2018\/wp-content\/uploads\/sites\/2\/2018\/05\/Gruppenbild-Jungholz-2018-1-510x382.jpg 510w, https:\/\/wettbewerb-archiv.wir-tun-was-fuer-bienen.de\/archiv-2018\/wp-content\/uploads\/sites\/2\/2018\/05\/Gruppenbild-Jungholz-2018-1-1080x811.jpg 1080w, https:\/\/wettbewerb-archiv.wir-tun-was-fuer-bienen.de\/archiv-2018\/wp-content\/uploads\/sites\/2\/2018\/05\/Gruppenbild-Jungholz-2018-1.jpg 1920w\" sizes=\"(max-width: 400px) 100vw, 400px\" \/>                    <\/div>\n    <\/a>\n\n    <div class=\"images-grid\"><span><a href=\"https:\/\/wettbewerb-archiv.wir-tun-was-fuer-bienen.de\/archiv-2018\/eintrag\/rickenbach-jungholzer-hochwasserbehaelter-bepflanzen-motto-jeder-m2-zaehlt\/\"><img decoding=\"async\" width=\"150\" height=\"150\" src=\"https:\/\/wettbewerb-archiv.wir-tun-was-fuer-bienen.de\/archiv-2018\/wp-content\/uploads\/sites\/2\/2018\/04\/DSC_0322-150x150.jpg\" class=\"attachment-thumbnail size-thumbnail\" alt=\"\" loading=\"lazy\" \/><\/a><\/span><span><a href=\"https:\/\/wettbewerb-archiv.wir-tun-was-fuer-bienen.de\/archiv-2018\/eintrag\/rickenbach-jungholzer-hochwasserbehaelter-bepflanzen-motto-jeder-m2-zaehlt\/\"><img decoding=\"async\" width=\"150\" height=\"150\" src=\"https:\/\/wettbewerb-archiv.wir-tun-was-fuer-bienen.de\/archiv-2018\/wp-content\/uploads\/sites\/2\/2018\/05\/DSC_0328-1-150x150.jpg\" class=\"attachment-thumbnail size-thumbnail\" alt=\"\" loading=\"lazy\" \/><\/a><\/span><span><a href=\"https:\/\/wettbewerb-archiv.wir-tun-was-fuer-bienen.de\/archiv-2018\/eintrag\/rickenbach-jungholzer-hochwasserbehaelter-bepflanzen-motto-jeder-m2-zaehlt\/\"><img decoding=\"async\" width=\"150\" height=\"150\" src=\"https:\/\/wettbewerb-archiv.wir-tun-was-fuer-bienen.de\/archiv-2018\/wp-content\/uploads\/sites\/2\/2018\/05\/DSC_0332-150x150.jpg\" class=\"attachment-thumbnail size-thumbnail\" alt=\"\" loading=\"lazy\" \/><\/a><\/span><span><a href=\"https:\/\/wettbewerb-archiv.wir-tun-was-fuer-bienen.de\/archiv-2018\/eintrag\/rickenbach-jungholzer-hochwasserbehaelter-bepflanzen-motto-jeder-m2-zaehlt\/\"><img decoding=\"async\" width=\"150\" height=\"150\" src=\"https:\/\/wettbewerb-archiv.wir-tun-was-fuer-bienen.de\/archiv-2018\/wp-content\/uploads\/sites\/2\/2018\/05\/DSC_0340-1-150x150.jpg\" class=\"attachment-thumbnail size-thumbnail\" alt=\"\" loading=\"lazy\" \/><\/a><\/span><\/div>\n\n    <div class=\"user flex\">\n                    <img decoding=\"async\" src=\"https:\/\/wettbewerb-archiv.wir-tun-was-fuer-bienen.de\/archiv-2018\/wp-content\/themes\/bienen\/assets\/images\/avatar-placeholder.png\" style=\"border-radius: 30px;\" height=\"30\" width=\"30\">\n            <a href=\"https:\/\/wettbewerb-archiv.wir-tun-was-fuer-bienen.de\/archiv-2018\/gruppe\/hotzen-beim-fruehjahrs-naturschutzaktion\/\" title=\"Beitr\u00e4ge von Hotzen bei der Fr\u00fchjahrs-Naturschutzaktion\"\n               rel=\"author\">Hotzen bei der Fr\u00fchjahrs-Naturschutzaktion<\/a>\n            <\/div>\n    \n    \n            <p class=\"categories meta\" style=\"width: 100%\"><span class=\"fa fa-tag\"\n                                                             aria-hidden=\"true\"><\/span> Kommunale Fl\u00e4chen, Parks, Baumscheiben        <\/p>\n    \n            <p class=\"categories meta\" style=\"width: 100%\"><span class=\"fa fa-map-marker\"\n                                                             aria-hidden=\"true\"><\/span> Baden-W\u00fcrttemberg        <\/p>\n    \n<\/article>\n   \n\t\t\n          <article id=\"post-1763\" class=\"et_pb_post post-1763 wtwfb_entry type-wtwfb_entry status-publish has-post-thumbnail hentry wtwfb_category-schul-und-jugendclub-gaerten wtwfb_region-berlin\">\n    <h2 class=\"entry-title\"><a href=\"https:\/\/wettbewerb-archiv.wir-tun-was-fuer-bienen.de\/archiv-2018\/eintrag\/das-geheimnis-der-bienen\/\">Das Geheimnis  der Bienen<\/a>\n    <\/h2>\n    <a href=\"https:\/\/wettbewerb-archiv.wir-tun-was-fuer-bienen.de\/archiv-2018\/eintrag\/das-geheimnis-der-bienen\/\">\n        <div class=\"bienen-entry-image\">\n            <img decoding=\"async\" width=\"400\" height=\"300\" src=\"https:\/\/wettbewerb-archiv.wir-tun-was-fuer-bienen.de\/archiv-2018\/wp-content\/uploads\/sites\/2\/2018\/07\/Collage_Bienenwettbewerb-400x300.jpg\" class=\"attachment-bienen-grid-thumb size-bienen-grid-thumb wp-post-image\" alt=\"\" loading=\"lazy\" \/>                    <\/div>\n    <\/a>\n\n    <div class=\"images-grid\"><span><a href=\"https:\/\/wettbewerb-archiv.wir-tun-was-fuer-bienen.de\/archiv-2018\/eintrag\/das-geheimnis-der-bienen\/\"><img decoding=\"async\" width=\"150\" height=\"150\" src=\"https:\/\/wettbewerb-archiv.wir-tun-was-fuer-bienen.de\/archiv-2018\/wp-content\/uploads\/sites\/2\/2018\/06\/20180529_085242_resized_2-1-150x150.jpg\" class=\"attachment-thumbnail size-thumbnail\" alt=\"\" loading=\"lazy\" \/><\/a><\/span><span><a href=\"https:\/\/wettbewerb-archiv.wir-tun-was-fuer-bienen.de\/archiv-2018\/eintrag\/das-geheimnis-der-bienen\/\"><img decoding=\"async\" width=\"150\" height=\"150\" src=\"https:\/\/wettbewerb-archiv.wir-tun-was-fuer-bienen.de\/archiv-2018\/wp-content\/uploads\/sites\/2\/2018\/06\/20180529_085143_resized_2-1-150x150.jpg\" class=\"attachment-thumbnail size-thumbnail\" alt=\"\" loading=\"lazy\" \/><\/a><\/span><span><a href=\"https:\/\/wettbewerb-archiv.wir-tun-was-fuer-bienen.de\/archiv-2018\/eintrag\/das-geheimnis-der-bienen\/\"><img decoding=\"async\" width=\"150\" height=\"150\" src=\"https:\/\/wettbewerb-archiv.wir-tun-was-fuer-bienen.de\/archiv-2018\/wp-content\/uploads\/sites\/2\/2018\/06\/20180528_112642_resized_1-150x150.jpg\" class=\"attachment-thumbnail size-thumbnail\" alt=\"\" loading=\"lazy\" \/><\/a><\/span><span><a href=\"https:\/\/wettbewerb-archiv.wir-tun-was-fuer-bienen.de\/archiv-2018\/eintrag\/das-geheimnis-der-bienen\/\"><img decoding=\"async\" width=\"150\" height=\"150\" src=\"https:\/\/wettbewerb-archiv.wir-tun-was-fuer-bienen.de\/archiv-2018\/wp-content\/uploads\/sites\/2\/2018\/06\/20180528_111340_resized_1-1-150x150.jpg\" class=\"attachment-thumbnail size-thumbnail\" alt=\"\" loading=\"lazy\" \/><\/a><\/span><\/div>\n\n    <div class=\"user flex\">\n        \n                    <img decoding=\"async\" src=\"https:\/\/wettbewerb-archiv.wir-tun-was-fuer-bienen.de\/archiv-2018\/wp-content\/themes\/bienen\/assets\/images\/avatar-placeholder.png\" style=\"border-radius: 30px;\" height=\"30\" width=\"30\">\n            M\u00fcnchhausen Grundschule - Filiale - Lerngruppe C            <\/div>\n    \n    <p class=\"categories meta bienen-gewinner\"><span class=\"fa fa-trophy\"                                                              aria-hidden=\"true\"><\/span> Gewinner<\/p>\n            <p class=\"categories meta\" style=\"width: 100%\"><span class=\"fa fa-tag\"\n                                                             aria-hidden=\"true\"><\/span> Schul- und Jugendclub-G\u00e4rten        <\/p>\n    \n            <p class=\"categories meta\" style=\"width: 100%\"><span class=\"fa fa-map-marker\"\n                                                             aria-hidden=\"true\"><\/span> Berlin        <\/p>\n    \n<\/article>\n   \n\t\t\n          <article id=\"post-1750\" class=\"et_pb_post post-1750 wtwfb_entry type-wtwfb_entry status-publish has-post-thumbnail hentry wtwfb_category-firmen-institutions-und-vereinsgaerten wtwfb_region-schleswig-holstein\">\n    <h2 class=\"entry-title\"><a href=\"https:\/\/wettbewerb-archiv.wir-tun-was-fuer-bienen.de\/archiv-2018\/eintrag\/90m-bluehstreifen-entlang-der-bahnstrecke\/\">90m2 Bl\u00fchstreifen entlang der Draisinenstrecke<\/a>\n    <\/h2>\n    <a href=\"https:\/\/wettbewerb-archiv.wir-tun-was-fuer-bienen.de\/archiv-2018\/eintrag\/90m-bluehstreifen-entlang-der-bahnstrecke\/\">\n        <div class=\"bienen-entry-image\">\n            <img decoding=\"async\" width=\"400\" height=\"300\" src=\"https:\/\/wettbewerb-archiv.wir-tun-was-fuer-bienen.de\/archiv-2018\/wp-content\/uploads\/sites\/2\/2018\/04\/IMG_20180418_104324-400x300.jpg\" class=\"attachment-bienen-grid-thumb size-bienen-grid-thumb wp-post-image\" alt=\"\" loading=\"lazy\" srcset=\"https:\/\/wettbewerb-archiv.wir-tun-was-fuer-bienen.de\/archiv-2018\/wp-content\/uploads\/sites\/2\/2018\/04\/IMG_20180418_104324-400x300.jpg 400w, https:\/\/wettbewerb-archiv.wir-tun-was-fuer-bienen.de\/archiv-2018\/wp-content\/uploads\/sites\/2\/2018\/04\/IMG_20180418_104324-510x382.jpg 510w\" sizes=\"(max-width: 400px) 100vw, 400px\" \/>                    <\/div>\n    <\/a>\n\n    <div class=\"images-grid\"><span><a href=\"https:\/\/wettbewerb-archiv.wir-tun-was-fuer-bienen.de\/archiv-2018\/eintrag\/90m-bluehstreifen-entlang-der-bahnstrecke\/\"><img decoding=\"async\" width=\"150\" height=\"150\" src=\"https:\/\/wettbewerb-archiv.wir-tun-was-fuer-bienen.de\/archiv-2018\/wp-content\/uploads\/sites\/2\/2018\/04\/IMG_20180418_104324-1-150x150.jpg\" class=\"attachment-thumbnail size-thumbnail\" alt=\"\" loading=\"lazy\" \/><\/a><\/span><span><a href=\"https:\/\/wettbewerb-archiv.wir-tun-was-fuer-bienen.de\/archiv-2018\/eintrag\/90m-bluehstreifen-entlang-der-bahnstrecke\/\"><img decoding=\"async\" width=\"150\" height=\"150\" src=\"https:\/\/wettbewerb-archiv.wir-tun-was-fuer-bienen.de\/archiv-2018\/wp-content\/uploads\/sites\/2\/2018\/04\/IMG_20180418_105721-150x150.jpg\" class=\"attachment-thumbnail size-thumbnail\" alt=\"\" loading=\"lazy\" \/><\/a><\/span><span><a href=\"https:\/\/wettbewerb-archiv.wir-tun-was-fuer-bienen.de\/archiv-2018\/eintrag\/90m-bluehstreifen-entlang-der-bahnstrecke\/\"><img decoding=\"async\" width=\"150\" height=\"150\" src=\"https:\/\/wettbewerb-archiv.wir-tun-was-fuer-bienen.de\/archiv-2018\/wp-content\/uploads\/sites\/2\/2018\/04\/IMG_20180418_132920-150x150.jpg\" class=\"attachment-thumbnail size-thumbnail\" alt=\"\" loading=\"lazy\" \/><\/a><\/span><\/div>\n\n    <div class=\"user flex\">\n        \n                    <img decoding=\"async\" src=\"https:\/\/wettbewerb-archiv.wir-tun-was-fuer-bienen.de\/archiv-2018\/wp-content\/themes\/bienen\/assets\/images\/avatar-placeholder.png\" style=\"border-radius: 30px;\" height=\"30\" width=\"30\">\n            Gemeinschaftsschule M\u00f6lln Klasse7a            <\/div>\n    \n    \n            <p class=\"categories meta\" style=\"width: 100%\"><span class=\"fa fa-tag\"\n                                                             aria-hidden=\"true\"><\/span> Firmen-, Institutions- und Vereinsg\u00e4rten        <\/p>\n    \n            <p class=\"categories meta\" style=\"width: 100%\"><span class=\"fa fa-map-marker\"\n                                                             aria-hidden=\"true\"><\/span> Schleswig-Holstein        <\/p>\n    \n<\/article>\n   \n\t\t\n          <article id=\"post-1745\" class=\"et_pb_post post-1745 wtwfb_entry type-wtwfb_entry status-publish has-post-thumbnail hentry wtwfb_category-schul-und-jugendclub-gaerten wtwfb_region-nordrhein-westfalen\">\n    <h2 class=\"entry-title\"><a href=\"https:\/\/wettbewerb-archiv.wir-tun-was-fuer-bienen.de\/archiv-2018\/eintrag\/bienenwiese-und-nisthilfen-fuer-bienen-fuer-die-kettelerschule\/\">Bienenwiese und Nisthilfen f\u00fcr Bienen f\u00fcr die Kettele...<\/a>\n    <\/h2>\n    <a href=\"https:\/\/wettbewerb-archiv.wir-tun-was-fuer-bienen.de\/archiv-2018\/eintrag\/bienenwiese-und-nisthilfen-fuer-bienen-fuer-die-kettelerschule\/\">\n        <div class=\"bienen-entry-image\">\n            <img decoding=\"async\" width=\"400\" height=\"300\" src=\"https:\/\/wettbewerb-archiv.wir-tun-was-fuer-bienen.de\/archiv-2018\/wp-content\/uploads\/sites\/2\/2018\/04\/20180421_104043-400x300.jpg\" class=\"attachment-bienen-grid-thumb size-bienen-grid-thumb wp-post-image\" alt=\"\" loading=\"lazy\" srcset=\"https:\/\/wettbewerb-archiv.wir-tun-was-fuer-bienen.de\/archiv-2018\/wp-content\/uploads\/sites\/2\/2018\/04\/20180421_104043-400x300.jpg 400w, https:\/\/wettbewerb-archiv.wir-tun-was-fuer-bienen.de\/archiv-2018\/wp-content\/uploads\/sites\/2\/2018\/04\/20180421_104043-510x382.jpg 510w\" sizes=\"(max-width: 400px) 100vw, 400px\" \/>                    <\/div>\n    <\/a>\n\n    <div class=\"images-grid\"><span><a href=\"https:\/\/wettbewerb-archiv.wir-tun-was-fuer-bienen.de\/archiv-2018\/eintrag\/bienenwiese-und-nisthilfen-fuer-bienen-fuer-die-kettelerschule\/\"><img decoding=\"async\" width=\"150\" height=\"150\" src=\"https:\/\/wettbewerb-archiv.wir-tun-was-fuer-bienen.de\/archiv-2018\/wp-content\/uploads\/sites\/2\/2018\/04\/20180421_101613-150x150.jpg\" class=\"attachment-thumbnail size-thumbnail\" alt=\"\" loading=\"lazy\" \/><\/a><\/span><span><a href=\"https:\/\/wettbewerb-archiv.wir-tun-was-fuer-bienen.de\/archiv-2018\/eintrag\/bienenwiese-und-nisthilfen-fuer-bienen-fuer-die-kettelerschule\/\"><img decoding=\"async\" width=\"150\" height=\"150\" src=\"https:\/\/wettbewerb-archiv.wir-tun-was-fuer-bienen.de\/archiv-2018\/wp-content\/uploads\/sites\/2\/2018\/05\/20180502_133515-150x150.jpg\" class=\"attachment-thumbnail size-thumbnail\" alt=\"\" loading=\"lazy\" \/><\/a><\/span><span><a href=\"https:\/\/wettbewerb-archiv.wir-tun-was-fuer-bienen.de\/archiv-2018\/eintrag\/bienenwiese-und-nisthilfen-fuer-bienen-fuer-die-kettelerschule\/\"><img decoding=\"async\" width=\"150\" height=\"150\" src=\"https:\/\/wettbewerb-archiv.wir-tun-was-fuer-bienen.de\/archiv-2018\/wp-content\/uploads\/sites\/2\/2018\/05\/20180502_133532-150x150.jpg\" class=\"attachment-thumbnail size-thumbnail\" alt=\"\" loading=\"lazy\" \/><\/a><\/span><span><a href=\"https:\/\/wettbewerb-archiv.wir-tun-was-fuer-bienen.de\/archiv-2018\/eintrag\/bienenwiese-und-nisthilfen-fuer-bienen-fuer-die-kettelerschule\/\"><img decoding=\"async\" width=\"150\" height=\"150\" src=\"https:\/\/wettbewerb-archiv.wir-tun-was-fuer-bienen.de\/archiv-2018\/wp-content\/uploads\/sites\/2\/2018\/05\/20180504_110037-150x150.jpg\" class=\"attachment-thumbnail size-thumbnail\" alt=\"\" loading=\"lazy\" \/><\/a><\/span><\/div>\n\n    <div class=\"user flex\">\n        \n                    <img decoding=\"async\" src=\"https:\/\/wettbewerb-archiv.wir-tun-was-fuer-bienen.de\/archiv-2018\/wp-content\/themes\/bienen\/assets\/images\/avatar-placeholder.png\" style=\"border-radius: 30px;\" height=\"30\" width=\"30\">\n            Kettelerschule            <\/div>\n    \n    \n            <p class=\"categories meta\" style=\"width: 100%\"><span class=\"fa fa-tag\"\n                                                             aria-hidden=\"true\"><\/span> Schul- und Jugendclub-G\u00e4rten        <\/p>\n    \n            <p class=\"categories meta\" style=\"width: 100%\"><span class=\"fa fa-map-marker\"\n                                                             aria-hidden=\"true\"><\/span> Nordrhein-Westfalen        <\/p>\n    \n<\/article>\n   \n\t\t\n          <article id=\"post-1731\" class=\"et_pb_post post-1731 wtwfb_entry type-wtwfb_entry status-publish has-post-thumbnail hentry wtwfb_category-firmen-institutions-und-vereinsgaerten wtwfb_region-bayern\">\n    <h2 class=\"entry-title\"><a href=\"https:\/\/wettbewerb-archiv.wir-tun-was-fuer-bienen.de\/archiv-2018\/eintrag\/sonnenfalle-aus-tonziegeln-und-lehm\/\">Sonnenfalle aus Tonziegeln und Lehm<\/a>\n    <\/h2>\n    <a href=\"https:\/\/wettbewerb-archiv.wir-tun-was-fuer-bienen.de\/archiv-2018\/eintrag\/sonnenfalle-aus-tonziegeln-und-lehm\/\">\n        <div class=\"bienen-entry-image\">\n            <img decoding=\"async\" width=\"400\" height=\"300\" src=\"https:\/\/wettbewerb-archiv.wir-tun-was-fuer-bienen.de\/archiv-2018\/wp-content\/uploads\/sites\/2\/2018\/04\/DSC00795-400x300.jpg\" class=\"attachment-bienen-grid-thumb size-bienen-grid-thumb wp-post-image\" alt=\"\" loading=\"lazy\" srcset=\"https:\/\/wettbewerb-archiv.wir-tun-was-fuer-bienen.de\/archiv-2018\/wp-content\/uploads\/sites\/2\/2018\/04\/DSC00795-400x300.jpg 400w, https:\/\/wettbewerb-archiv.wir-tun-was-fuer-bienen.de\/archiv-2018\/wp-content\/uploads\/sites\/2\/2018\/04\/DSC00795-510x382.jpg 510w\" sizes=\"(max-width: 400px) 100vw, 400px\" \/>                    <\/div>\n    <\/a>\n\n    <div class=\"images-grid\"><span><a href=\"https:\/\/wettbewerb-archiv.wir-tun-was-fuer-bienen.de\/archiv-2018\/eintrag\/sonnenfalle-aus-tonziegeln-und-lehm\/\"><img decoding=\"async\" width=\"150\" height=\"150\" src=\"https:\/\/wettbewerb-archiv.wir-tun-was-fuer-bienen.de\/archiv-2018\/wp-content\/uploads\/sites\/2\/2018\/04\/DSC00773-150x150.jpg\" class=\"attachment-thumbnail size-thumbnail\" alt=\"\" loading=\"lazy\" \/><\/a><\/span><span><a href=\"https:\/\/wettbewerb-archiv.wir-tun-was-fuer-bienen.de\/archiv-2018\/eintrag\/sonnenfalle-aus-tonziegeln-und-lehm\/\"><img decoding=\"async\" width=\"150\" height=\"150\" src=\"https:\/\/wettbewerb-archiv.wir-tun-was-fuer-bienen.de\/archiv-2018\/wp-content\/uploads\/sites\/2\/2018\/04\/DSC00784-150x150.jpg\" class=\"attachment-thumbnail size-thumbnail\" alt=\"\" loading=\"lazy\" \/><\/a><\/span><span><a href=\"https:\/\/wettbewerb-archiv.wir-tun-was-fuer-bienen.de\/archiv-2018\/eintrag\/sonnenfalle-aus-tonziegeln-und-lehm\/\"><img decoding=\"async\" width=\"150\" height=\"150\" src=\"https:\/\/wettbewerb-archiv.wir-tun-was-fuer-bienen.de\/archiv-2018\/wp-content\/uploads\/sites\/2\/2018\/04\/DSC00855-150x150.jpg\" class=\"attachment-thumbnail size-thumbnail\" alt=\"\" loading=\"lazy\" \/><\/a><\/span><\/div>\n\n    <div class=\"user flex\">\n        \n                    <img decoding=\"async\" src=\"https:\/\/wettbewerb-archiv.wir-tun-was-fuer-bienen.de\/archiv-2018\/wp-content\/themes\/bienen\/assets\/images\/avatar-placeholder.png\" style=\"border-radius: 30px;\" height=\"30\" width=\"30\">\n            Permakulturverein Waldgeister e. V.            <\/div>\n    \n    \n            <p class=\"categories meta\" style=\"width: 100%\"><span class=\"fa fa-tag\"\n                                                             aria-hidden=\"true\"><\/span> Firmen-, Institutions- und Vereinsg\u00e4rten        <\/p>\n    \n            <p class=\"categories meta\" style=\"width: 100%\"><span class=\"fa fa-map-marker\"\n                                                             aria-hidden=\"true\"><\/span> Bayern        <\/p>\n    \n<\/article>\n   \n\t\t\n          <article id=\"post-1720\" class=\"et_pb_post post-1720 wtwfb_entry type-wtwfb_entry status-publish has-post-thumbnail hentry wtwfb_category-firmen-institutions-und-vereinsgaerten wtwfb_region-bayern\">\n    <h2 class=\"entry-title\"><a href=\"https:\/\/wettbewerb-archiv.wir-tun-was-fuer-bienen.de\/archiv-2018\/eintrag\/die-steinpyramiden-trockensteinmauer-mal-anders\/\">Die Steinpyramiden &#8211; Trockensteinmauer mal anders<\/a>\n    <\/h2>\n    <a href=\"https:\/\/wettbewerb-archiv.wir-tun-was-fuer-bienen.de\/archiv-2018\/eintrag\/die-steinpyramiden-trockensteinmauer-mal-anders\/\">\n        <div class=\"bienen-entry-image\">\n            <img decoding=\"async\" width=\"400\" height=\"300\" src=\"https:\/\/wettbewerb-archiv.wir-tun-was-fuer-bienen.de\/archiv-2018\/wp-content\/uploads\/sites\/2\/2018\/04\/Pyramide-Rh\u00f6n-1-400x300.jpg\" class=\"attachment-bienen-grid-thumb size-bienen-grid-thumb wp-post-image\" alt=\"\" loading=\"lazy\" srcset=\"https:\/\/wettbewerb-archiv.wir-tun-was-fuer-bienen.de\/archiv-2018\/wp-content\/uploads\/sites\/2\/2018\/04\/Pyramide-Rh\u00f6n-1-400x300.jpg 400w, https:\/\/wettbewerb-archiv.wir-tun-was-fuer-bienen.de\/archiv-2018\/wp-content\/uploads\/sites\/2\/2018\/04\/Pyramide-Rh\u00f6n-1-510x382.jpg 510w\" sizes=\"(max-width: 400px) 100vw, 400px\" \/>                    <\/div>\n    <\/a>\n\n    <div class=\"images-grid\"><span><a href=\"https:\/\/wettbewerb-archiv.wir-tun-was-fuer-bienen.de\/archiv-2018\/eintrag\/die-steinpyramiden-trockensteinmauer-mal-anders\/\"><img decoding=\"async\" width=\"150\" height=\"150\" src=\"https:\/\/wettbewerb-archiv.wir-tun-was-fuer-bienen.de\/archiv-2018\/wp-content\/uploads\/sites\/2\/2018\/04\/DSC00812-150x150.jpg\" class=\"attachment-thumbnail size-thumbnail\" alt=\"\" loading=\"lazy\" \/><\/a><\/span><span><a href=\"https:\/\/wettbewerb-archiv.wir-tun-was-fuer-bienen.de\/archiv-2018\/eintrag\/die-steinpyramiden-trockensteinmauer-mal-anders\/\"><img decoding=\"async\" width=\"150\" height=\"150\" src=\"https:\/\/wettbewerb-archiv.wir-tun-was-fuer-bienen.de\/archiv-2018\/wp-content\/uploads\/sites\/2\/2018\/04\/20180321-Gemeinschaft-2-1-150x150.jpg\" class=\"attachment-thumbnail size-thumbnail\" alt=\"\" loading=\"lazy\" \/><\/a><\/span><span><a href=\"https:\/\/wettbewerb-archiv.wir-tun-was-fuer-bienen.de\/archiv-2018\/eintrag\/die-steinpyramiden-trockensteinmauer-mal-anders\/\"><img decoding=\"async\" width=\"150\" height=\"150\" src=\"https:\/\/wettbewerb-archiv.wir-tun-was-fuer-bienen.de\/archiv-2018\/wp-content\/uploads\/sites\/2\/2018\/04\/Screenshot-14-150x150.jpg\" class=\"attachment-thumbnail size-thumbnail\" alt=\"\" loading=\"lazy\" \/><\/a><\/span><\/div>\n\n    <div class=\"user flex\">\n        \n                    <img decoding=\"async\" src=\"https:\/\/wettbewerb-archiv.wir-tun-was-fuer-bienen.de\/archiv-2018\/wp-content\/themes\/bienen\/assets\/images\/avatar-placeholder.png\" style=\"border-radius: 30px;\" height=\"30\" width=\"30\">\n            Permakulturverein Waldgeister e. V.            <\/div>\n    \n    \n            <p class=\"categories meta\" style=\"width: 100%\"><span class=\"fa fa-tag\"\n                                                             aria-hidden=\"true\"><\/span> Firmen-, Institutions- und Vereinsg\u00e4rten        <\/p>\n    \n            <p class=\"categories meta\" style=\"width: 100%\"><span class=\"fa fa-map-marker\"\n                                                             aria-hidden=\"true\"><\/span> Bayern        <\/p>\n    \n<\/article>\n   \n\t\t\n          <article id=\"post-1690\" class=\"et_pb_post post-1690 wtwfb_entry type-wtwfb_entry status-publish has-post-thumbnail hentry wtwfb_category-privatgaerten-und-gaerten-von-mietwohnungen-kleiner-500-quadratmeter wtwfb_region-saarland\">\n    <h2 class=\"entry-title\"><a href=\"https:\/\/wettbewerb-archiv.wir-tun-was-fuer-bienen.de\/archiv-2018\/eintrag\/es-begann-mit-einem-insektenhotel\/\">Es begann mit einem Insektenhotel<\/a>\n    <\/h2>\n    <a href=\"https:\/\/wettbewerb-archiv.wir-tun-was-fuer-bienen.de\/archiv-2018\/eintrag\/es-begann-mit-einem-insektenhotel\/\">\n        <div class=\"bienen-entry-image\">\n            <img decoding=\"async\" width=\"400\" height=\"300\" src=\"https:\/\/wettbewerb-archiv.wir-tun-was-fuer-bienen.de\/archiv-2018\/wp-content\/uploads\/sites\/2\/2018\/04\/IMG_0056-400x300.jpg\" class=\"attachment-bienen-grid-thumb size-bienen-grid-thumb wp-post-image\" alt=\"\" loading=\"lazy\" srcset=\"https:\/\/wettbewerb-archiv.wir-tun-was-fuer-bienen.de\/archiv-2018\/wp-content\/uploads\/sites\/2\/2018\/04\/IMG_0056-400x300.jpg 400w, https:\/\/wettbewerb-archiv.wir-tun-was-fuer-bienen.de\/archiv-2018\/wp-content\/uploads\/sites\/2\/2018\/04\/IMG_0056-510x382.jpg 510w\" sizes=\"(max-width: 400px) 100vw, 400px\" \/>                    <\/div>\n    <\/a>\n\n    <div class=\"images-grid\"><span><a href=\"https:\/\/wettbewerb-archiv.wir-tun-was-fuer-bienen.de\/archiv-2018\/eintrag\/es-begann-mit-einem-insektenhotel\/\"><img decoding=\"async\" width=\"150\" height=\"150\" src=\"https:\/\/wettbewerb-archiv.wir-tun-was-fuer-bienen.de\/archiv-2018\/wp-content\/uploads\/sites\/2\/2018\/04\/27335356_1645043708877503_393450544_o-150x150.jpg\" class=\"attachment-thumbnail size-thumbnail\" alt=\"\" loading=\"lazy\" \/><\/a><\/span><span><a href=\"https:\/\/wettbewerb-archiv.wir-tun-was-fuer-bienen.de\/archiv-2018\/eintrag\/es-begann-mit-einem-insektenhotel\/\"><img decoding=\"async\" width=\"150\" height=\"150\" src=\"https:\/\/wettbewerb-archiv.wir-tun-was-fuer-bienen.de\/archiv-2018\/wp-content\/uploads\/sites\/2\/2018\/04\/IMG_9810-150x150.jpg\" class=\"attachment-thumbnail size-thumbnail\" alt=\"\" loading=\"lazy\" \/><\/a><\/span><span><a href=\"https:\/\/wettbewerb-archiv.wir-tun-was-fuer-bienen.de\/archiv-2018\/eintrag\/es-begann-mit-einem-insektenhotel\/\"><img decoding=\"async\" width=\"150\" height=\"150\" src=\"https:\/\/wettbewerb-archiv.wir-tun-was-fuer-bienen.de\/archiv-2018\/wp-content\/uploads\/sites\/2\/2018\/04\/IMG_9618-150x150.jpg\" class=\"attachment-thumbnail size-thumbnail\" alt=\"\" loading=\"lazy\" \/><\/a><\/span><span><a href=\"https:\/\/wettbewerb-archiv.wir-tun-was-fuer-bienen.de\/archiv-2018\/eintrag\/es-begann-mit-einem-insektenhotel\/\"><img decoding=\"async\" width=\"150\" height=\"150\" src=\"https:\/\/wettbewerb-archiv.wir-tun-was-fuer-bienen.de\/archiv-2018\/wp-content\/uploads\/sites\/2\/2018\/04\/Schotter-150x150.jpeg\" class=\"attachment-thumbnail size-thumbnail\" alt=\"\" loading=\"lazy\" \/><\/a><\/span><\/div>\n\n    <div class=\"user flex\">\n        \n                    <img decoding=\"async\" src=\"https:\/\/wettbewerb-archiv.wir-tun-was-fuer-bienen.de\/archiv-2018\/wp-content\/themes\/bienen\/assets\/images\/avatar-placeholder.png\" style=\"border-radius: 30px;\" height=\"30\" width=\"30\">\n            Karin Boersen            <\/div>\n    \n    <p class=\"categories meta bienen-gewinner\"><span class=\"fa fa-trophy\"                                                              aria-hidden=\"true\"><\/span> Gewinner<\/p>\n            <p class=\"categories meta\" style=\"width: 100%\"><span class=\"fa fa-tag\"\n                                                             aria-hidden=\"true\"><\/span> Privatg\u00e4rten und G\u00e4rten von Mietwohnungen (kleiner als 500 Quadratmeter)        <\/p>\n    \n            <p class=\"categories meta\" style=\"width: 100%\"><span class=\"fa fa-map-marker\"\n                                                             aria-hidden=\"true\"><\/span> Saarland        <\/p>\n    \n<\/article>\n   \n\t\t\n          <article id=\"post-1640\" class=\"et_pb_post post-1640 wtwfb_entry type-wtwfb_entry status-publish hentry wtwfb_category-privatgaerten-und-gaerten-von-mietwohnungen-kleiner-500-quadratmeter wtwfb_region-hessen\">\n    <h2 class=\"entry-title\"><a href=\"https:\/\/wettbewerb-archiv.wir-tun-was-fuer-bienen.de\/archiv-2018\/eintrag\/bluehecke-mit-heimischen-pflanzen-im-familienteamwork\/\">Bl\u00fchecke mit heimischen Pflanzen im Familienteamwork<\/a>\n    <\/h2>\n    <a href=\"https:\/\/wettbewerb-archiv.wir-tun-was-fuer-bienen.de\/archiv-2018\/eintrag\/bluehecke-mit-heimischen-pflanzen-im-familienteamwork\/\">\n        <div class=\"bienen-entry-image\">\n                                <\/div>\n    <\/a>\n\n    <div class=\"images-grid\"><span><a href=\"https:\/\/wettbewerb-archiv.wir-tun-was-fuer-bienen.de\/archiv-2018\/eintrag\/bluehecke-mit-heimischen-pflanzen-im-familienteamwork\/\"><img decoding=\"async\" width=\"150\" height=\"150\" src=\"https:\/\/wettbewerb-archiv.wir-tun-was-fuer-bienen.de\/archiv-2018\/wp-content\/uploads\/sites\/2\/2018\/04\/IMG_20180422_154238-150x150.jpg\" class=\"attachment-thumbnail size-thumbnail\" alt=\"\" loading=\"lazy\" \/><\/a><\/span><span><a href=\"https:\/\/wettbewerb-archiv.wir-tun-was-fuer-bienen.de\/archiv-2018\/eintrag\/bluehecke-mit-heimischen-pflanzen-im-familienteamwork\/\"><img decoding=\"async\" width=\"150\" height=\"150\" src=\"https:\/\/wettbewerb-archiv.wir-tun-was-fuer-bienen.de\/archiv-2018\/wp-content\/uploads\/sites\/2\/2018\/04\/IMG_20180422_153357-150x150.jpg\" class=\"attachment-thumbnail size-thumbnail\" alt=\"\" loading=\"lazy\" \/><\/a><\/span><span><a href=\"https:\/\/wettbewerb-archiv.wir-tun-was-fuer-bienen.de\/archiv-2018\/eintrag\/bluehecke-mit-heimischen-pflanzen-im-familienteamwork\/\"><img decoding=\"async\" width=\"150\" height=\"150\" src=\"https:\/\/wettbewerb-archiv.wir-tun-was-fuer-bienen.de\/archiv-2018\/wp-content\/uploads\/sites\/2\/2018\/04\/IMG_20180422_160812-150x150.jpg\" class=\"attachment-thumbnail size-thumbnail\" alt=\"\" loading=\"lazy\" \/><\/a><\/span><\/div>\n\n    <div class=\"user flex\">\n                    <img decoding=\"async\" src=\"https:\/\/wettbewerb-archiv.wir-tun-was-fuer-bienen.de\/archiv-2018\/wp-content\/themes\/bienen\/assets\/images\/avatar-placeholder.png\" style=\"border-radius: 30px;\" height=\"30\" width=\"30\">\n            <a href=\"https:\/\/wettbewerb-archiv.wir-tun-was-fuer-bienen.de\/archiv-2018\/gruppe\/hortus-crescere-patientia\/\" title=\"Beitr\u00e4ge von Hortus crescere patientia\"\n               rel=\"author\">Hortus crescere patientia<\/a>\n            <\/div>\n    \n    \n            <p class=\"categories meta\" style=\"width: 100%\"><span class=\"fa fa-tag\"\n                                                             aria-hidden=\"true\"><\/span> Privatg\u00e4rten und G\u00e4rten von Mietwohnungen (kleiner als 500 Quadratmeter)        <\/p>\n    \n            <p class=\"categories meta\" style=\"width: 100%\"><span class=\"fa fa-map-marker\"\n                                                             aria-hidden=\"true\"><\/span> Hessen        <\/p>\n    \n<\/article>\n   \n\t\t\n          <article id=\"post-1624\" class=\"et_pb_post post-1624 wtwfb_entry type-wtwfb_entry status-publish has-post-thumbnail hentry wtwfb_category-privatgaerten-und-gaerten-von-mietwohnungen-kleiner-500-quadratmeter wtwfb_region-hessen\">\n    <h2 class=\"entry-title\"><a href=\"https:\/\/wettbewerb-archiv.wir-tun-was-fuer-bienen.de\/archiv-2018\/eintrag\/schachbrettblumen-fritillaria-meleagris\/\">Schachbrettblumen Fritillaria meleagris<\/a>\n    <\/h2>\n    <a href=\"https:\/\/wettbewerb-archiv.wir-tun-was-fuer-bienen.de\/archiv-2018\/eintrag\/schachbrettblumen-fritillaria-meleagris\/\">\n        <div class=\"bienen-entry-image\">\n            <img decoding=\"async\" width=\"400\" height=\"300\" src=\"https:\/\/wettbewerb-archiv.wir-tun-was-fuer-bienen.de\/archiv-2018\/wp-content\/uploads\/sites\/2\/2018\/04\/IMG_20180418_155529-400x300.jpg\" class=\"attachment-bienen-grid-thumb size-bienen-grid-thumb wp-post-image\" alt=\"\" loading=\"lazy\" srcset=\"https:\/\/wettbewerb-archiv.wir-tun-was-fuer-bienen.de\/archiv-2018\/wp-content\/uploads\/sites\/2\/2018\/04\/IMG_20180418_155529-400x300.jpg 400w, https:\/\/wettbewerb-archiv.wir-tun-was-fuer-bienen.de\/archiv-2018\/wp-content\/uploads\/sites\/2\/2018\/04\/IMG_20180418_155529-300x225.jpg 300w, https:\/\/wettbewerb-archiv.wir-tun-was-fuer-bienen.de\/archiv-2018\/wp-content\/uploads\/sites\/2\/2018\/04\/IMG_20180418_155529-768x576.jpg 768w, https:\/\/wettbewerb-archiv.wir-tun-was-fuer-bienen.de\/archiv-2018\/wp-content\/uploads\/sites\/2\/2018\/04\/IMG_20180418_155529-1024x768.jpg 1024w, https:\/\/wettbewerb-archiv.wir-tun-was-fuer-bienen.de\/archiv-2018\/wp-content\/uploads\/sites\/2\/2018\/04\/IMG_20180418_155529-510x382.jpg 510w, https:\/\/wettbewerb-archiv.wir-tun-was-fuer-bienen.de\/archiv-2018\/wp-content\/uploads\/sites\/2\/2018\/04\/IMG_20180418_155529-1080x810.jpg 1080w, https:\/\/wettbewerb-archiv.wir-tun-was-fuer-bienen.de\/archiv-2018\/wp-content\/uploads\/sites\/2\/2018\/04\/IMG_20180418_155529.jpg 1920w\" sizes=\"(max-width: 400px) 100vw, 400px\" \/>                    <\/div>\n    <\/a>\n\n    <div class=\"images-grid\"><\/div>\n\n    <div class=\"user flex\">\n                    <img decoding=\"async\" src=\"https:\/\/wettbewerb-archiv.wir-tun-was-fuer-bienen.de\/archiv-2018\/wp-content\/themes\/bienen\/assets\/images\/avatar-placeholder.png\" style=\"border-radius: 30px;\" height=\"30\" width=\"30\">\n            <a href=\"https:\/\/wettbewerb-archiv.wir-tun-was-fuer-bienen.de\/archiv-2018\/gruppe\/hortus-crescere-patientia\/\" title=\"Beitr\u00e4ge von Hortus crescere patientia\"\n               rel=\"author\">Hortus crescere patientia<\/a>\n            <\/div>\n    \n    \n            <p class=\"categories meta\" style=\"width: 100%\"><span class=\"fa fa-tag\"\n                                                             aria-hidden=\"true\"><\/span> Privatg\u00e4rten und G\u00e4rten von Mietwohnungen (kleiner als 500 Quadratmeter)        <\/p>\n    \n            <p class=\"categories meta\" style=\"width: 100%\"><span class=\"fa fa-map-marker\"\n                                                             aria-hidden=\"true\"><\/span> Hessen        <\/p>\n    \n<\/article>\n   \n\t\t\n          <article id=\"post-1612\" class=\"et_pb_post post-1612 wtwfb_entry type-wtwfb_entry status-publish has-post-thumbnail hentry wtwfb_category-schul-und-jugendclub-gaerten wtwfb_region-berlin\">\n    <h2 class=\"entry-title\"><a href=\"https:\/\/wettbewerb-archiv.wir-tun-was-fuer-bienen.de\/archiv-2018\/eintrag\/aussat-von-einjaehrigen-insektenfreundlichen-bluepflanzen\/\">Aussat von einj\u00e4hrigen insektenfreundlichen Bl\u00fchpflan...<\/a>\n    <\/h2>\n    <a href=\"https:\/\/wettbewerb-archiv.wir-tun-was-fuer-bienen.de\/archiv-2018\/eintrag\/aussat-von-einjaehrigen-insektenfreundlichen-bluepflanzen\/\">\n        <div class=\"bienen-entry-image\">\n            <img decoding=\"async\" width=\"400\" height=\"300\" src=\"https:\/\/wettbewerb-archiv.wir-tun-was-fuer-bienen.de\/archiv-2018\/wp-content\/uploads\/sites\/2\/2018\/04\/sum8-1-400x300.jpg\" class=\"attachment-bienen-grid-thumb size-bienen-grid-thumb wp-post-image\" alt=\"\" loading=\"lazy\" srcset=\"https:\/\/wettbewerb-archiv.wir-tun-was-fuer-bienen.de\/archiv-2018\/wp-content\/uploads\/sites\/2\/2018\/04\/sum8-1-400x300.jpg 400w, https:\/\/wettbewerb-archiv.wir-tun-was-fuer-bienen.de\/archiv-2018\/wp-content\/uploads\/sites\/2\/2018\/04\/sum8-1-300x225.jpg 300w, https:\/\/wettbewerb-archiv.wir-tun-was-fuer-bienen.de\/archiv-2018\/wp-content\/uploads\/sites\/2\/2018\/04\/sum8-1-768x576.jpg 768w, https:\/\/wettbewerb-archiv.wir-tun-was-fuer-bienen.de\/archiv-2018\/wp-content\/uploads\/sites\/2\/2018\/04\/sum8-1-1024x768.jpg 1024w, https:\/\/wettbewerb-archiv.wir-tun-was-fuer-bienen.de\/archiv-2018\/wp-content\/uploads\/sites\/2\/2018\/04\/sum8-1-510x382.jpg 510w, https:\/\/wettbewerb-archiv.wir-tun-was-fuer-bienen.de\/archiv-2018\/wp-content\/uploads\/sites\/2\/2018\/04\/sum8-1-1080x810.jpg 1080w, https:\/\/wettbewerb-archiv.wir-tun-was-fuer-bienen.de\/archiv-2018\/wp-content\/uploads\/sites\/2\/2018\/04\/sum8-1.jpg 1920w\" sizes=\"(max-width: 400px) 100vw, 400px\" \/>                    <\/div>\n    <\/a>\n\n    <div class=\"images-grid\"><span><a href=\"https:\/\/wettbewerb-archiv.wir-tun-was-fuer-bienen.de\/archiv-2018\/eintrag\/aussat-von-einjaehrigen-insektenfreundlichen-bluepflanzen\/\"><img decoding=\"async\" width=\"150\" height=\"150\" src=\"https:\/\/wettbewerb-archiv.wir-tun-was-fuer-bienen.de\/archiv-2018\/wp-content\/uploads\/sites\/2\/2018\/04\/sum9-150x150.jpg\" class=\"attachment-thumbnail size-thumbnail\" alt=\"\" loading=\"lazy\" \/><\/a><\/span><span><a href=\"https:\/\/wettbewerb-archiv.wir-tun-was-fuer-bienen.de\/archiv-2018\/eintrag\/aussat-von-einjaehrigen-insektenfreundlichen-bluepflanzen\/\"><img decoding=\"async\" width=\"150\" height=\"150\" src=\"https:\/\/wettbewerb-archiv.wir-tun-was-fuer-bienen.de\/archiv-2018\/wp-content\/uploads\/sites\/2\/2018\/04\/sum10-150x150.jpg\" class=\"attachment-thumbnail size-thumbnail\" alt=\"\" loading=\"lazy\" \/><\/a><\/span><\/div>\n\n    <div class=\"user flex\">\n                    <img decoding=\"async\" src=\"https:\/\/wettbewerb-archiv.wir-tun-was-fuer-bienen.de\/archiv-2018\/wp-content\/themes\/bienen\/assets\/images\/avatar-placeholder.png\" style=\"border-radius: 30px;\" height=\"30\" width=\"30\">\n            <a href=\"https:\/\/wettbewerb-archiv.wir-tun-was-fuer-bienen.de\/archiv-2018\/gruppe\/cocorico-co\/\" title=\"Beitr\u00e4ge von Cocorico &amp; Co\"\n               rel=\"author\">Cocorico &amp; Co<\/a>\n            <\/div>\n    \n    \n            <p class=\"categories meta\" style=\"width: 100%\"><span class=\"fa fa-tag\"\n                                                             aria-hidden=\"true\"><\/span> Schul- und Jugendclub-G\u00e4rten        <\/p>\n    \n            <p class=\"categories meta\" style=\"width: 100%\"><span class=\"fa fa-map-marker\"\n                                                             aria-hidden=\"true\"><\/span> Berlin        <\/p>\n    \n<\/article>\n   \n\t\t\n          <article id=\"post-1606\" class=\"et_pb_post post-1606 wtwfb_entry type-wtwfb_entry status-publish has-post-thumbnail hentry wtwfb_category-kleingartenwesen-parzellen-und-gemeinschaftsgaerten wtwfb_region-berlin\">\n    <h2 class=\"entry-title\"><a href=\"https:\/\/wettbewerb-archiv.wir-tun-was-fuer-bienen.de\/archiv-2018\/eintrag\/ein-platz-fuer-in-der-erde-nistende-arten\/\">Ein Platz f\u00fcr in der Erde nistende Arten<\/a>\n    <\/h2>\n    <a href=\"https:\/\/wettbewerb-archiv.wir-tun-was-fuer-bienen.de\/archiv-2018\/eintrag\/ein-platz-fuer-in-der-erde-nistende-arten\/\">\n        <div class=\"bienen-entry-image\">\n            <img decoding=\"async\" width=\"400\" height=\"300\" src=\"https:\/\/wettbewerb-archiv.wir-tun-was-fuer-bienen.de\/archiv-2018\/wp-content\/uploads\/sites\/2\/2018\/04\/sum5-400x300.jpg\" class=\"attachment-bienen-grid-thumb size-bienen-grid-thumb wp-post-image\" alt=\"\" loading=\"lazy\" srcset=\"https:\/\/wettbewerb-archiv.wir-tun-was-fuer-bienen.de\/archiv-2018\/wp-content\/uploads\/sites\/2\/2018\/04\/sum5-400x300.jpg 400w, https:\/\/wettbewerb-archiv.wir-tun-was-fuer-bienen.de\/archiv-2018\/wp-content\/uploads\/sites\/2\/2018\/04\/sum5-300x225.jpg 300w, https:\/\/wettbewerb-archiv.wir-tun-was-fuer-bienen.de\/archiv-2018\/wp-content\/uploads\/sites\/2\/2018\/04\/sum5-768x577.jpg 768w, https:\/\/wettbewerb-archiv.wir-tun-was-fuer-bienen.de\/archiv-2018\/wp-content\/uploads\/sites\/2\/2018\/04\/sum5-1024x769.jpg 1024w, https:\/\/wettbewerb-archiv.wir-tun-was-fuer-bienen.de\/archiv-2018\/wp-content\/uploads\/sites\/2\/2018\/04\/sum5-510x382.jpg 510w, https:\/\/wettbewerb-archiv.wir-tun-was-fuer-bienen.de\/archiv-2018\/wp-content\/uploads\/sites\/2\/2018\/04\/sum5-1080x811.jpg 1080w, https:\/\/wettbewerb-archiv.wir-tun-was-fuer-bienen.de\/archiv-2018\/wp-content\/uploads\/sites\/2\/2018\/04\/sum5.jpg 1920w\" sizes=\"(max-width: 400px) 100vw, 400px\" \/>                    <\/div>\n    <\/a>\n\n    <div class=\"images-grid\"><span><a href=\"https:\/\/wettbewerb-archiv.wir-tun-was-fuer-bienen.de\/archiv-2018\/eintrag\/ein-platz-fuer-in-der-erde-nistende-arten\/\"><img decoding=\"async\" width=\"150\" height=\"150\" src=\"https:\/\/wettbewerb-archiv.wir-tun-was-fuer-bienen.de\/archiv-2018\/wp-content\/uploads\/sites\/2\/2018\/04\/sum4-1-150x150.jpg\" class=\"attachment-thumbnail size-thumbnail\" alt=\"\" loading=\"lazy\" \/><\/a><\/span><span><a href=\"https:\/\/wettbewerb-archiv.wir-tun-was-fuer-bienen.de\/archiv-2018\/eintrag\/ein-platz-fuer-in-der-erde-nistende-arten\/\"><img decoding=\"async\" width=\"150\" height=\"150\" src=\"https:\/\/wettbewerb-archiv.wir-tun-was-fuer-bienen.de\/archiv-2018\/wp-content\/uploads\/sites\/2\/2018\/04\/sum5-1-150x150.jpg\" class=\"attachment-thumbnail size-thumbnail\" alt=\"\" loading=\"lazy\" \/><\/a><\/span><span><a href=\"https:\/\/wettbewerb-archiv.wir-tun-was-fuer-bienen.de\/archiv-2018\/eintrag\/ein-platz-fuer-in-der-erde-nistende-arten\/\"><img decoding=\"async\" width=\"150\" height=\"150\" src=\"https:\/\/wettbewerb-archiv.wir-tun-was-fuer-bienen.de\/archiv-2018\/wp-content\/uploads\/sites\/2\/2018\/04\/sum7-150x150.jpg\" class=\"attachment-thumbnail size-thumbnail\" alt=\"\" loading=\"lazy\" \/><\/a><\/span><\/div>\n\n    <div class=\"user flex\">\n                    <img decoding=\"async\" src=\"https:\/\/wettbewerb-archiv.wir-tun-was-fuer-bienen.de\/archiv-2018\/wp-content\/themes\/bienen\/assets\/images\/avatar-placeholder.png\" style=\"border-radius: 30px;\" height=\"30\" width=\"30\">\n            <a href=\"https:\/\/wettbewerb-archiv.wir-tun-was-fuer-bienen.de\/archiv-2018\/gruppe\/unsere-oeko-bufdis\/\" title=\"Beitr\u00e4ge von Unsere \u00d6ko-Bufdis\"\n               rel=\"author\">Unsere \u00d6ko-Bufdis<\/a>\n            <\/div>\n    \n    \n            <p class=\"categories meta\" style=\"width: 100%\"><span class=\"fa fa-tag\"\n                                                             aria-hidden=\"true\"><\/span> Kleingartenwesen: Parzellen und Gemeinschaftsg\u00e4rten        <\/p>\n    \n            <p class=\"categories meta\" style=\"width: 100%\"><span class=\"fa fa-map-marker\"\n                                                             aria-hidden=\"true\"><\/span> Berlin        <\/p>\n    \n<\/article>\n   \n\t\t\n          <article id=\"post-1597\" class=\"et_pb_post post-1597 wtwfb_entry type-wtwfb_entry status-publish has-post-thumbnail hentry wtwfb_category-schul-und-jugendclub-gaerten wtwfb_region-berlin\">\n    <h2 class=\"entry-title\"><a href=\"https:\/\/wettbewerb-archiv.wir-tun-was-fuer-bienen.de\/archiv-2018\/eintrag\/wir-legen-einen-reisighaufen-an\/\">Wir legen einen Reisighaufen an<\/a>\n    <\/h2>\n    <a href=\"https:\/\/wettbewerb-archiv.wir-tun-was-fuer-bienen.de\/archiv-2018\/eintrag\/wir-legen-einen-reisighaufen-an\/\">\n        <div class=\"bienen-entry-image\">\n            <img decoding=\"async\" width=\"400\" height=\"300\" src=\"https:\/\/wettbewerb-archiv.wir-tun-was-fuer-bienen.de\/archiv-2018\/wp-content\/uploads\/sites\/2\/2018\/04\/sum3-400x300.jpg\" class=\"attachment-bienen-grid-thumb size-bienen-grid-thumb wp-post-image\" alt=\"\" loading=\"lazy\" srcset=\"https:\/\/wettbewerb-archiv.wir-tun-was-fuer-bienen.de\/archiv-2018\/wp-content\/uploads\/sites\/2\/2018\/04\/sum3-400x300.jpg 400w, https:\/\/wettbewerb-archiv.wir-tun-was-fuer-bienen.de\/archiv-2018\/wp-content\/uploads\/sites\/2\/2018\/04\/sum3-300x225.jpg 300w, https:\/\/wettbewerb-archiv.wir-tun-was-fuer-bienen.de\/archiv-2018\/wp-content\/uploads\/sites\/2\/2018\/04\/sum3-768x576.jpg 768w, https:\/\/wettbewerb-archiv.wir-tun-was-fuer-bienen.de\/archiv-2018\/wp-content\/uploads\/sites\/2\/2018\/04\/sum3-1024x768.jpg 1024w, https:\/\/wettbewerb-archiv.wir-tun-was-fuer-bienen.de\/archiv-2018\/wp-content\/uploads\/sites\/2\/2018\/04\/sum3-510x382.jpg 510w, https:\/\/wettbewerb-archiv.wir-tun-was-fuer-bienen.de\/archiv-2018\/wp-content\/uploads\/sites\/2\/2018\/04\/sum3-1080x810.jpg 1080w, https:\/\/wettbewerb-archiv.wir-tun-was-fuer-bienen.de\/archiv-2018\/wp-content\/uploads\/sites\/2\/2018\/04\/sum3.jpg 1920w\" sizes=\"(max-width: 400px) 100vw, 400px\" \/>                    <\/div>\n    <\/a>\n\n    <div class=\"images-grid\"><span><a href=\"https:\/\/wettbewerb-archiv.wir-tun-was-fuer-bienen.de\/archiv-2018\/eintrag\/wir-legen-einen-reisighaufen-an\/\"><img decoding=\"async\" width=\"150\" height=\"150\" src=\"https:\/\/wettbewerb-archiv.wir-tun-was-fuer-bienen.de\/archiv-2018\/wp-content\/uploads\/sites\/2\/2018\/04\/c4-150x150.jpg\" class=\"attachment-thumbnail size-thumbnail\" alt=\"\" loading=\"lazy\" \/><\/a><\/span><span><a href=\"https:\/\/wettbewerb-archiv.wir-tun-was-fuer-bienen.de\/archiv-2018\/eintrag\/wir-legen-einen-reisighaufen-an\/\"><img decoding=\"async\" width=\"150\" height=\"150\" src=\"https:\/\/wettbewerb-archiv.wir-tun-was-fuer-bienen.de\/archiv-2018\/wp-content\/uploads\/sites\/2\/2018\/04\/co3-150x150.jpg\" class=\"attachment-thumbnail size-thumbnail\" alt=\"\" loading=\"lazy\" \/><\/a><\/span><span><a href=\"https:\/\/wettbewerb-archiv.wir-tun-was-fuer-bienen.de\/archiv-2018\/eintrag\/wir-legen-einen-reisighaufen-an\/\"><img decoding=\"async\" width=\"150\" height=\"150\" src=\"https:\/\/wettbewerb-archiv.wir-tun-was-fuer-bienen.de\/archiv-2018\/wp-content\/uploads\/sites\/2\/2018\/04\/co6-150x150.jpg\" class=\"attachment-thumbnail size-thumbnail\" alt=\"\" loading=\"lazy\" \/><\/a><\/span><\/div>\n\n    <div class=\"user flex\">\n                    <img decoding=\"async\" src=\"https:\/\/wettbewerb-archiv.wir-tun-was-fuer-bienen.de\/archiv-2018\/wp-content\/themes\/bienen\/assets\/images\/avatar-placeholder.png\" style=\"border-radius: 30px;\" height=\"30\" width=\"30\">\n            <a href=\"https:\/\/wettbewerb-archiv.wir-tun-was-fuer-bienen.de\/archiv-2018\/gruppe\/cocorico-co\/\" title=\"Beitr\u00e4ge von Cocorico &amp; Co\"\n               rel=\"author\">Cocorico &amp; Co<\/a>\n            <\/div>\n    \n    \n            <p class=\"categories meta\" style=\"width: 100%\"><span class=\"fa fa-tag\"\n                                                             aria-hidden=\"true\"><\/span> Schul- und Jugendclub-G\u00e4rten        <\/p>\n    \n            <p class=\"categories meta\" style=\"width: 100%\"><span class=\"fa fa-map-marker\"\n                                                             aria-hidden=\"true\"><\/span> Berlin        <\/p>\n    \n<\/article>\n   \n\t\t\n          <article id=\"post-1583\" class=\"et_pb_post post-1583 wtwfb_entry type-wtwfb_entry status-publish has-post-thumbnail hentry wtwfb_category-privatgaerten-und-gaerten-von-mietwohnungen-kleiner-500-quadratmeter wtwfb_region-nordrhein-westfalen\">\n    <h2 class=\"entry-title\"><a href=\"https:\/\/wettbewerb-archiv.wir-tun-was-fuer-bienen.de\/archiv-2018\/eintrag\/mein-mauergarten-neugestaltung-eines-gartens-ab-seit-2018\/\">Mein Mauergarten &#8211; Neugestaltung eines Gartens ab...<\/a>\n    <\/h2>\n    <a href=\"https:\/\/wettbewerb-archiv.wir-tun-was-fuer-bienen.de\/archiv-2018\/eintrag\/mein-mauergarten-neugestaltung-eines-gartens-ab-seit-2018\/\">\n        <div class=\"bienen-entry-image\">\n            <img decoding=\"async\" width=\"400\" height=\"300\" src=\"https:\/\/wettbewerb-archiv.wir-tun-was-fuer-bienen.de\/archiv-2018\/wp-content\/uploads\/sites\/2\/2018\/04\/2018_04_08_Mauerkrone-400x300.jpg\" class=\"attachment-bienen-grid-thumb size-bienen-grid-thumb wp-post-image\" alt=\"\" loading=\"lazy\" srcset=\"https:\/\/wettbewerb-archiv.wir-tun-was-fuer-bienen.de\/archiv-2018\/wp-content\/uploads\/sites\/2\/2018\/04\/2018_04_08_Mauerkrone-400x300.jpg 400w, https:\/\/wettbewerb-archiv.wir-tun-was-fuer-bienen.de\/archiv-2018\/wp-content\/uploads\/sites\/2\/2018\/04\/2018_04_08_Mauerkrone-510x382.jpg 510w\" sizes=\"(max-width: 400px) 100vw, 400px\" \/>                    <\/div>\n    <\/a>\n\n    <div class=\"images-grid\"><span><a href=\"https:\/\/wettbewerb-archiv.wir-tun-was-fuer-bienen.de\/archiv-2018\/eintrag\/mein-mauergarten-neugestaltung-eines-gartens-ab-seit-2018\/\"><img decoding=\"async\" width=\"150\" height=\"150\" src=\"https:\/\/wettbewerb-archiv.wir-tun-was-fuer-bienen.de\/archiv-2018\/wp-content\/uploads\/sites\/2\/2018\/05\/2018_05_12_Bauerngartenecke_v-n-150x150.jpg\" class=\"attachment-thumbnail size-thumbnail\" alt=\"\" loading=\"lazy\" \/><\/a><\/span><span><a href=\"https:\/\/wettbewerb-archiv.wir-tun-was-fuer-bienen.de\/archiv-2018\/eintrag\/mein-mauergarten-neugestaltung-eines-gartens-ab-seit-2018\/\"><img decoding=\"async\" width=\"150\" height=\"150\" src=\"https:\/\/wettbewerb-archiv.wir-tun-was-fuer-bienen.de\/archiv-2018\/wp-content\/uploads\/sites\/2\/2018\/05\/2018_05_12_Kiesbeet_v-n-150x150.jpg\" class=\"attachment-thumbnail size-thumbnail\" alt=\"\" loading=\"lazy\" \/><\/a><\/span><span><a href=\"https:\/\/wettbewerb-archiv.wir-tun-was-fuer-bienen.de\/archiv-2018\/eintrag\/mein-mauergarten-neugestaltung-eines-gartens-ab-seit-2018\/\"><img decoding=\"async\" width=\"150\" height=\"150\" src=\"https:\/\/wettbewerb-archiv.wir-tun-was-fuer-bienen.de\/archiv-2018\/wp-content\/uploads\/sites\/2\/2018\/05\/2018_05_12_Waldbeet_v-n-150x150.jpg\" class=\"attachment-thumbnail size-thumbnail\" alt=\"\" loading=\"lazy\" \/><\/a><\/span><\/div>\n\n    <div class=\"user flex\">\n        \n                    <img decoding=\"async\" src=\"https:\/\/wettbewerb-archiv.wir-tun-was-fuer-bienen.de\/archiv-2018\/wp-content\/themes\/bienen\/assets\/images\/avatar-placeholder.png\" style=\"border-radius: 30px;\" height=\"30\" width=\"30\">\n            Susanne Klabunde            <\/div>\n    \n    \n            <p class=\"categories meta\" style=\"width: 100%\"><span class=\"fa fa-tag\"\n                                                             aria-hidden=\"true\"><\/span> Privatg\u00e4rten und G\u00e4rten von Mietwohnungen (kleiner als 500 Quadratmeter)        <\/p>\n    \n            <p class=\"categories meta\" style=\"width: 100%\"><span class=\"fa fa-map-marker\"\n                                                             aria-hidden=\"true\"><\/span> Nordrhein-Westfalen        <\/p>\n    \n<\/article>\n   \n\t\t\n          <article id=\"post-1568\" class=\"et_pb_post post-1568 wtwfb_entry type-wtwfb_entry status-publish has-post-thumbnail hentry wtwfb_category-kleingartenwesen-parzellen-und-gemeinschaftsgaerten wtwfb_region-nordrhein-westfalen\">\n    <h2 class=\"entry-title\"><a href=\"https:\/\/wettbewerb-archiv.wir-tun-was-fuer-bienen.de\/archiv-2018\/eintrag\/vom-garten-des-grauens-zum-garten-des-staunens\/\">Vom Garten des Grauens zum Garten des Staunens<\/a>\n    <\/h2>\n    <a href=\"https:\/\/wettbewerb-archiv.wir-tun-was-fuer-bienen.de\/archiv-2018\/eintrag\/vom-garten-des-grauens-zum-garten-des-staunens\/\">\n        <div class=\"bienen-entry-image\">\n            <img decoding=\"async\" width=\"400\" height=\"300\" src=\"https:\/\/wettbewerb-archiv.wir-tun-was-fuer-bienen.de\/archiv-2018\/wp-content\/uploads\/sites\/2\/2018\/07\/Titel_neu_komp-1-400x300.jpg\" class=\"attachment-bienen-grid-thumb size-bienen-grid-thumb wp-post-image\" alt=\"\" loading=\"lazy\" \/>                    <\/div>\n    <\/a>\n\n    <div class=\"images-grid\"><span><a href=\"https:\/\/wettbewerb-archiv.wir-tun-was-fuer-bienen.de\/archiv-2018\/eintrag\/vom-garten-des-grauens-zum-garten-des-staunens\/\"><img decoding=\"async\" width=\"150\" height=\"150\" src=\"https:\/\/wettbewerb-archiv.wir-tun-was-fuer-bienen.de\/archiv-2018\/wp-content\/uploads\/sites\/2\/2018\/04\/Aufstand-der-Wu\u0308hlma\u0308use_6-150x150.jpg\" class=\"attachment-thumbnail size-thumbnail\" alt=\"\" loading=\"lazy\" \/><\/a><\/span><span><a href=\"https:\/\/wettbewerb-archiv.wir-tun-was-fuer-bienen.de\/archiv-2018\/eintrag\/vom-garten-des-grauens-zum-garten-des-staunens\/\"><img decoding=\"async\" width=\"150\" height=\"150\" src=\"https:\/\/wettbewerb-archiv.wir-tun-was-fuer-bienen.de\/archiv-2018\/wp-content\/uploads\/sites\/2\/2018\/04\/Efeu_Collage-1-150x150.jpg\" class=\"attachment-thumbnail size-thumbnail\" alt=\"\" loading=\"lazy\" \/><\/a><\/span><span><a href=\"https:\/\/wettbewerb-archiv.wir-tun-was-fuer-bienen.de\/archiv-2018\/eintrag\/vom-garten-des-grauens-zum-garten-des-staunens\/\"><img decoding=\"async\" width=\"150\" height=\"150\" src=\"https:\/\/wettbewerb-archiv.wir-tun-was-fuer-bienen.de\/archiv-2018\/wp-content\/uploads\/sites\/2\/2018\/04\/schneggen-150x150.jpg\" class=\"attachment-thumbnail size-thumbnail\" alt=\"\" loading=\"lazy\" \/><\/a><\/span><span><a href=\"https:\/\/wettbewerb-archiv.wir-tun-was-fuer-bienen.de\/archiv-2018\/eintrag\/vom-garten-des-grauens-zum-garten-des-staunens\/\"><img decoding=\"async\" width=\"150\" height=\"150\" src=\"https:\/\/wettbewerb-archiv.wir-tun-was-fuer-bienen.de\/archiv-2018\/wp-content\/uploads\/sites\/2\/2018\/04\/Aufstand-der-Wu\u0308hlma\u0308use_14-150x150.jpg\" class=\"attachment-thumbnail size-thumbnail\" alt=\"\" loading=\"lazy\" \/><\/a><\/span><\/div>\n\n    <div class=\"user flex\">\n                    <img decoding=\"async\" src=\"https:\/\/wettbewerb-archiv.wir-tun-was-fuer-bienen.de\/archiv-2018\/wp-content\/themes\/bienen\/assets\/images\/avatar-placeholder.png\" style=\"border-radius: 30px;\" height=\"30\" width=\"30\">\n            <a href=\"https:\/\/wettbewerb-archiv.wir-tun-was-fuer-bienen.de\/archiv-2018\/gruppe\/bunte-bande\/\" title=\"Beitr\u00e4ge von Bunte Bande\"\n               rel=\"author\">Bunte Bande<\/a>\n            <\/div>\n    \n    \n            <p class=\"categories meta\" style=\"width: 100%\"><span class=\"fa fa-tag\"\n                                                             aria-hidden=\"true\"><\/span> Kleingartenwesen: Parzellen und Gemeinschaftsg\u00e4rten        <\/p>\n    \n            <p class=\"categories meta\" style=\"width: 100%\"><span class=\"fa fa-map-marker\"\n                                                             aria-hidden=\"true\"><\/span> Nordrhein-Westfalen        <\/p>\n    \n<\/article>\n   \n\t\t\n          <article id=\"post-1517\" class=\"et_pb_post post-1517 wtwfb_entry type-wtwfb_entry status-publish has-post-thumbnail hentry wtwfb_category-privatgaerten-und-gaerten-von-mietwohnungen-kleiner-500-quadratmeter wtwfb_region-nordrhein-westfalen\">\n    <h2 class=\"entry-title\"><a href=\"https:\/\/wettbewerb-archiv.wir-tun-was-fuer-bienen.de\/archiv-2018\/eintrag\/unser-bienengarten-am-19-04-2018\/\">Unser Bienengarten am 19.04.2018<\/a>\n    <\/h2>\n    <a href=\"https:\/\/wettbewerb-archiv.wir-tun-was-fuer-bienen.de\/archiv-2018\/eintrag\/unser-bienengarten-am-19-04-2018\/\">\n        <div class=\"bienen-entry-image\">\n            <img decoding=\"async\" width=\"400\" height=\"300\" src=\"https:\/\/wettbewerb-archiv.wir-tun-was-fuer-bienen.de\/archiv-2018\/wp-content\/uploads\/sites\/2\/2018\/04\/2018-04-19-19.41.49-400x300.jpg\" class=\"attachment-bienen-grid-thumb size-bienen-grid-thumb wp-post-image\" alt=\"\" loading=\"lazy\" srcset=\"https:\/\/wettbewerb-archiv.wir-tun-was-fuer-bienen.de\/archiv-2018\/wp-content\/uploads\/sites\/2\/2018\/04\/2018-04-19-19.41.49-400x300.jpg 400w, https:\/\/wettbewerb-archiv.wir-tun-was-fuer-bienen.de\/archiv-2018\/wp-content\/uploads\/sites\/2\/2018\/04\/2018-04-19-19.41.49-510x382.jpg 510w\" sizes=\"(max-width: 400px) 100vw, 400px\" \/>                    <\/div>\n    <\/a>\n\n    <div class=\"images-grid\"><\/div>\n\n    <div class=\"user flex\">\n        \n                    <img decoding=\"async\" src=\"https:\/\/wettbewerb-archiv.wir-tun-was-fuer-bienen.de\/archiv-2018\/wp-content\/themes\/bienen\/assets\/images\/avatar-placeholder.png\" style=\"border-radius: 30px;\" height=\"30\" width=\"30\">\n            Stephan Smeets            <\/div>\n    \n    \n            <p class=\"categories meta\" style=\"width: 100%\"><span class=\"fa fa-tag\"\n                                                             aria-hidden=\"true\"><\/span> Privatg\u00e4rten und G\u00e4rten von Mietwohnungen (kleiner als 500 Quadratmeter)        <\/p>\n    \n            <p class=\"categories meta\" style=\"width: 100%\"><span class=\"fa fa-map-marker\"\n                                                             aria-hidden=\"true\"><\/span> Nordrhein-Westfalen        <\/p>\n    \n<\/article>\n   \n\t\t\n          <article id=\"post-1503\" class=\"et_pb_post post-1503 wtwfb_entry type-wtwfb_entry status-publish has-post-thumbnail hentry wtwfb_category-schul-und-jugendclub-gaerten wtwfb_region-bayern\">\n    <h2 class=\"entry-title\"><a href=\"https:\/\/wettbewerb-archiv.wir-tun-was-fuer-bienen.de\/archiv-2018\/eintrag\/ein-bienengarten-fuer-das-jukuz\/\">Ein Bienengarten f\u00fcr das JUKUZ<\/a>\n    <\/h2>\n    <a href=\"https:\/\/wettbewerb-archiv.wir-tun-was-fuer-bienen.de\/archiv-2018\/eintrag\/ein-bienengarten-fuer-das-jukuz\/\">\n        <div class=\"bienen-entry-image\">\n            <img decoding=\"async\" width=\"400\" height=\"300\" src=\"https:\/\/wettbewerb-archiv.wir-tun-was-fuer-bienen.de\/archiv-2018\/wp-content\/uploads\/sites\/2\/2018\/04\/Vorher-400x300.jpg\" class=\"attachment-bienen-grid-thumb size-bienen-grid-thumb wp-post-image\" alt=\"\" loading=\"lazy\" srcset=\"https:\/\/wettbewerb-archiv.wir-tun-was-fuer-bienen.de\/archiv-2018\/wp-content\/uploads\/sites\/2\/2018\/04\/Vorher-400x300.jpg 400w, https:\/\/wettbewerb-archiv.wir-tun-was-fuer-bienen.de\/archiv-2018\/wp-content\/uploads\/sites\/2\/2018\/04\/Vorher-898x675.jpg 898w, https:\/\/wettbewerb-archiv.wir-tun-was-fuer-bienen.de\/archiv-2018\/wp-content\/uploads\/sites\/2\/2018\/04\/Vorher-510x382.jpg 510w\" sizes=\"(max-width: 400px) 100vw, 400px\" \/>                    <\/div>\n    <\/a>\n\n    <div class=\"images-grid\"><span><a href=\"https:\/\/wettbewerb-archiv.wir-tun-was-fuer-bienen.de\/archiv-2018\/eintrag\/ein-bienengarten-fuer-das-jukuz\/\"><img decoding=\"async\" width=\"150\" height=\"150\" src=\"https:\/\/wettbewerb-archiv.wir-tun-was-fuer-bienen.de\/archiv-2018\/wp-content\/uploads\/sites\/2\/2018\/04\/Umgraben-150x150.jpg\" class=\"attachment-thumbnail size-thumbnail\" alt=\"\" loading=\"lazy\" \/><\/a><\/span><span><a href=\"https:\/\/wettbewerb-archiv.wir-tun-was-fuer-bienen.de\/archiv-2018\/eintrag\/ein-bienengarten-fuer-das-jukuz\/\"><img decoding=\"async\" width=\"150\" height=\"150\" src=\"https:\/\/wettbewerb-archiv.wir-tun-was-fuer-bienen.de\/archiv-2018\/wp-content\/uploads\/sites\/2\/2018\/04\/Planzen-2-150x150.jpg\" class=\"attachment-thumbnail size-thumbnail\" alt=\"\" loading=\"lazy\" \/><\/a><\/span><span><a href=\"https:\/\/wettbewerb-archiv.wir-tun-was-fuer-bienen.de\/archiv-2018\/eintrag\/ein-bienengarten-fuer-das-jukuz\/\"><img decoding=\"async\" width=\"150\" height=\"150\" src=\"https:\/\/wettbewerb-archiv.wir-tun-was-fuer-bienen.de\/archiv-2018\/wp-content\/uploads\/sites\/2\/2018\/04\/mit-Hilfe-von-150x150.jpg\" class=\"attachment-thumbnail size-thumbnail\" alt=\"\" loading=\"lazy\" \/><\/a><\/span><span><a href=\"https:\/\/wettbewerb-archiv.wir-tun-was-fuer-bienen.de\/archiv-2018\/eintrag\/ein-bienengarten-fuer-das-jukuz\/\"><img decoding=\"async\" width=\"150\" height=\"150\" src=\"https:\/\/wettbewerb-archiv.wir-tun-was-fuer-bienen.de\/archiv-2018\/wp-content\/uploads\/sites\/2\/2018\/04\/das-Jukuz-summt-150x150.jpg\" class=\"attachment-thumbnail size-thumbnail\" alt=\"\" loading=\"lazy\" \/><\/a><\/span><\/div>\n\n    <div class=\"user flex\">\n        \n                    <img decoding=\"async\" src=\"https:\/\/wettbewerb-archiv.wir-tun-was-fuer-bienen.de\/archiv-2018\/wp-content\/themes\/bienen\/assets\/images\/avatar-placeholder.png\" style=\"border-radius: 30px;\" height=\"30\" width=\"30\">\n            Monika Blum            <\/div>\n    \n    \n            <p class=\"categories meta\" style=\"width: 100%\"><span class=\"fa fa-tag\"\n                                                             aria-hidden=\"true\"><\/span> Schul- und Jugendclub-G\u00e4rten        <\/p>\n    \n            <p class=\"categories meta\" style=\"width: 100%\"><span class=\"fa fa-map-marker\"\n                                                             aria-hidden=\"true\"><\/span> Bayern        <\/p>\n    \n<\/article>\n   \n\t\t\n          <article id=\"post-1473\" class=\"et_pb_post post-1473 wtwfb_entry type-wtwfb_entry status-publish has-post-thumbnail hentry wtwfb_category-schul-und-jugendclub-gaerten wtwfb_region-nordrhein-westfalen\">\n    <h2 class=\"entry-title\"><a href=\"https:\/\/wettbewerb-archiv.wir-tun-was-fuer-bienen.de\/archiv-2018\/eintrag\/kiga-gaensebluemchen-projektwoche-teil-garten-und-bienen\/\">Kiga G\u00e4nsebl\u00fcmchen Projektwoche Teil: Garten und Bien...<\/a>\n    <\/h2>\n    <a href=\"https:\/\/wettbewerb-archiv.wir-tun-was-fuer-bienen.de\/archiv-2018\/eintrag\/kiga-gaensebluemchen-projektwoche-teil-garten-und-bienen\/\">\n        <div class=\"bienen-entry-image\">\n            <img decoding=\"async\" width=\"400\" height=\"300\" src=\"https:\/\/wettbewerb-archiv.wir-tun-was-fuer-bienen.de\/archiv-2018\/wp-content\/uploads\/sites\/2\/2018\/04\/IMG_8231-400x300.jpg\" class=\"attachment-bienen-grid-thumb size-bienen-grid-thumb wp-post-image\" alt=\"\" loading=\"lazy\" srcset=\"https:\/\/wettbewerb-archiv.wir-tun-was-fuer-bienen.de\/archiv-2018\/wp-content\/uploads\/sites\/2\/2018\/04\/IMG_8231-400x300.jpg 400w, https:\/\/wettbewerb-archiv.wir-tun-was-fuer-bienen.de\/archiv-2018\/wp-content\/uploads\/sites\/2\/2018\/04\/IMG_8231-300x225.jpg 300w, https:\/\/wettbewerb-archiv.wir-tun-was-fuer-bienen.de\/archiv-2018\/wp-content\/uploads\/sites\/2\/2018\/04\/IMG_8231-768x576.jpg 768w, https:\/\/wettbewerb-archiv.wir-tun-was-fuer-bienen.de\/archiv-2018\/wp-content\/uploads\/sites\/2\/2018\/04\/IMG_8231-1024x768.jpg 1024w, https:\/\/wettbewerb-archiv.wir-tun-was-fuer-bienen.de\/archiv-2018\/wp-content\/uploads\/sites\/2\/2018\/04\/IMG_8231-510x382.jpg 510w, https:\/\/wettbewerb-archiv.wir-tun-was-fuer-bienen.de\/archiv-2018\/wp-content\/uploads\/sites\/2\/2018\/04\/IMG_8231-1080x810.jpg 1080w, https:\/\/wettbewerb-archiv.wir-tun-was-fuer-bienen.de\/archiv-2018\/wp-content\/uploads\/sites\/2\/2018\/04\/IMG_8231.jpg 1920w\" sizes=\"(max-width: 400px) 100vw, 400px\" \/>                    <\/div>\n    <\/a>\n\n    <div class=\"images-grid\"><span><a href=\"https:\/\/wettbewerb-archiv.wir-tun-was-fuer-bienen.de\/archiv-2018\/eintrag\/kiga-gaensebluemchen-projektwoche-teil-garten-und-bienen\/\"><img decoding=\"async\" width=\"150\" height=\"150\" src=\"https:\/\/wettbewerb-archiv.wir-tun-was-fuer-bienen.de\/archiv-2018\/wp-content\/uploads\/sites\/2\/2018\/04\/IMG_8231-2-150x150.jpg\" class=\"attachment-thumbnail size-thumbnail\" alt=\"\" loading=\"lazy\" \/><\/a><\/span><\/div>\n\n    <div class=\"user flex\">\n        \n                    <img decoding=\"async\" src=\"https:\/\/wettbewerb-archiv.wir-tun-was-fuer-bienen.de\/archiv-2018\/wp-content\/themes\/bienen\/assets\/images\/avatar-placeholder.png\" style=\"border-radius: 30px;\" height=\"30\" width=\"30\">\n            Nadine Bellingradt-Hannig            <\/div>\n    \n    \n            <p class=\"categories meta\" style=\"width: 100%\"><span class=\"fa fa-tag\"\n                                                             aria-hidden=\"true\"><\/span> Schul- und Jugendclub-G\u00e4rten        <\/p>\n    \n            <p class=\"categories meta\" style=\"width: 100%\"><span class=\"fa fa-map-marker\"\n                                                             aria-hidden=\"true\"><\/span> Nordrhein-Westfalen        <\/p>\n    \n<\/article>\n   \n\t\t\n          <article id=\"post-1464\" class=\"et_pb_post post-1464 wtwfb_entry type-wtwfb_entry status-publish has-post-thumbnail hentry wtwfb_category-schul-und-jugendclub-gaerten wtwfb_region-bayern\">\n    <h2 class=\"entry-title\"><a href=\"https:\/\/wettbewerb-archiv.wir-tun-was-fuer-bienen.de\/archiv-2018\/eintrag\/grundschule-laineck-bayreuth-ein-innenhof-wird-bienenfreundlich\/\">Grundschule Laineck \/ Bayreuth &#8211; Ein Innenhof wir...<\/a>\n    <\/h2>\n    <a href=\"https:\/\/wettbewerb-archiv.wir-tun-was-fuer-bienen.de\/archiv-2018\/eintrag\/grundschule-laineck-bayreuth-ein-innenhof-wird-bienenfreundlich\/\">\n        <div class=\"bienen-entry-image\">\n            <img decoding=\"async\" width=\"400\" height=\"300\" src=\"https:\/\/wettbewerb-archiv.wir-tun-was-fuer-bienen.de\/archiv-2018\/wp-content\/uploads\/sites\/2\/2018\/04\/Bayern-summt_Grundschule-Laineck_Innenhof-400x300.jpg\" class=\"attachment-bienen-grid-thumb size-bienen-grid-thumb wp-post-image\" alt=\"\" loading=\"lazy\" srcset=\"https:\/\/wettbewerb-archiv.wir-tun-was-fuer-bienen.de\/archiv-2018\/wp-content\/uploads\/sites\/2\/2018\/04\/Bayern-summt_Grundschule-Laineck_Innenhof-400x300.jpg 400w, https:\/\/wettbewerb-archiv.wir-tun-was-fuer-bienen.de\/archiv-2018\/wp-content\/uploads\/sites\/2\/2018\/04\/Bayern-summt_Grundschule-Laineck_Innenhof-510x382.jpg 510w\" sizes=\"(max-width: 400px) 100vw, 400px\" \/>                    <\/div>\n    <\/a>\n\n    <div class=\"images-grid\"><\/div>\n\n    <div class=\"user flex\">\n        \n                    <img decoding=\"async\" src=\"https:\/\/wettbewerb-archiv.wir-tun-was-fuer-bienen.de\/archiv-2018\/wp-content\/themes\/bienen\/assets\/images\/avatar-placeholder.png\" style=\"border-radius: 30px;\" height=\"30\" width=\"30\">\n            Bernd Frank (Schulleitung)            <\/div>\n    \n    \n            <p class=\"categories meta\" style=\"width: 100%\"><span class=\"fa fa-tag\"\n                                                             aria-hidden=\"true\"><\/span> Schul- und Jugendclub-G\u00e4rten        <\/p>\n    \n            <p class=\"categories meta\" style=\"width: 100%\"><span class=\"fa fa-map-marker\"\n                                                             aria-hidden=\"true\"><\/span> Bayern        <\/p>\n    \n<\/article>\n   \n\t\t\n          <article id=\"post-1448\" class=\"et_pb_post post-1448 wtwfb_entry type-wtwfb_entry status-publish has-post-thumbnail hentry wtwfb_category-privatgaerten-und-gaerten-von-mietwohnungen-kleiner-500-quadratmeter wtwfb_region-niedersachsen\">\n    <h2 class=\"entry-title\"><a href=\"https:\/\/wettbewerb-archiv.wir-tun-was-fuer-bienen.de\/archiv-2018\/eintrag\/bienenfreundliche-gartengestaltung\/\">Bienenfreundliche Gartengestaltung<\/a>\n    <\/h2>\n    <a href=\"https:\/\/wettbewerb-archiv.wir-tun-was-fuer-bienen.de\/archiv-2018\/eintrag\/bienenfreundliche-gartengestaltung\/\">\n        <div class=\"bienen-entry-image\">\n            <img decoding=\"async\" width=\"400\" height=\"300\" src=\"https:\/\/wettbewerb-archiv.wir-tun-was-fuer-bienen.de\/archiv-2018\/wp-content\/uploads\/sites\/2\/2018\/04\/20180417_073619-400x300.jpg\" class=\"attachment-bienen-grid-thumb size-bienen-grid-thumb wp-post-image\" alt=\"\" loading=\"lazy\" srcset=\"https:\/\/wettbewerb-archiv.wir-tun-was-fuer-bienen.de\/archiv-2018\/wp-content\/uploads\/sites\/2\/2018\/04\/20180417_073619-400x300.jpg 400w, https:\/\/wettbewerb-archiv.wir-tun-was-fuer-bienen.de\/archiv-2018\/wp-content\/uploads\/sites\/2\/2018\/04\/20180417_073619-510x382.jpg 510w\" sizes=\"(max-width: 400px) 100vw, 400px\" \/>                    <\/div>\n    <\/a>\n\n    <div class=\"images-grid\"><\/div>\n\n    <div class=\"user flex\">\n        \n                    <img decoding=\"async\" src=\"https:\/\/wettbewerb-archiv.wir-tun-was-fuer-bienen.de\/archiv-2018\/wp-content\/themes\/bienen\/assets\/images\/avatar-placeholder.png\" style=\"border-radius: 30px;\" height=\"30\" width=\"30\">\n            Rebecca Sch\u00fctt            <\/div>\n    \n    \n            <p class=\"categories meta\" style=\"width: 100%\"><span class=\"fa fa-tag\"\n                                                             aria-hidden=\"true\"><\/span> Privatg\u00e4rten und G\u00e4rten von Mietwohnungen (kleiner als 500 Quadratmeter)        <\/p>\n    \n            <p class=\"categories meta\" style=\"width: 100%\"><span class=\"fa fa-map-marker\"\n                                                             aria-hidden=\"true\"><\/span> Niedersachsen        <\/p>\n    \n<\/article>\n   \n\t\t\n          <article id=\"post-1429\" class=\"et_pb_post post-1429 wtwfb_entry type-wtwfb_entry status-publish has-post-thumbnail hentry wtwfb_category-schul-und-jugendclub-gaerten wtwfb_region-baden-wuerttemberg\">\n    <h2 class=\"entry-title\"><a href=\"https:\/\/wettbewerb-archiv.wir-tun-was-fuer-bienen.de\/archiv-2018\/eintrag\/kraeuterbeet\/\">Kr\u00e4uterbeet<\/a>\n    <\/h2>\n    <a href=\"https:\/\/wettbewerb-archiv.wir-tun-was-fuer-bienen.de\/archiv-2018\/eintrag\/kraeuterbeet\/\">\n        <div class=\"bienen-entry-image\">\n            <img decoding=\"async\" width=\"400\" height=\"300\" src=\"https:\/\/wettbewerb-archiv.wir-tun-was-fuer-bienen.de\/archiv-2018\/wp-content\/uploads\/sites\/2\/2018\/04\/20180418_075608-2-400x300.jpg\" class=\"attachment-bienen-grid-thumb size-bienen-grid-thumb wp-post-image\" alt=\"\" loading=\"lazy\" srcset=\"https:\/\/wettbewerb-archiv.wir-tun-was-fuer-bienen.de\/archiv-2018\/wp-content\/uploads\/sites\/2\/2018\/04\/20180418_075608-2-400x300.jpg 400w, https:\/\/wettbewerb-archiv.wir-tun-was-fuer-bienen.de\/archiv-2018\/wp-content\/uploads\/sites\/2\/2018\/04\/20180418_075608-2-510x382.jpg 510w\" sizes=\"(max-width: 400px) 100vw, 400px\" \/>                    <\/div>\n    <\/a>\n\n    <div class=\"images-grid\"><span><a href=\"https:\/\/wettbewerb-archiv.wir-tun-was-fuer-bienen.de\/archiv-2018\/eintrag\/kraeuterbeet\/\"><img decoding=\"async\" width=\"150\" height=\"150\" src=\"https:\/\/wettbewerb-archiv.wir-tun-was-fuer-bienen.de\/archiv-2018\/wp-content\/uploads\/sites\/2\/2018\/04\/20180418_082042-1-150x150.jpg\" class=\"attachment-thumbnail size-thumbnail\" alt=\"\" loading=\"lazy\" \/><\/a><\/span><\/div>\n\n    <div class=\"user flex\">\n                    <img decoding=\"async\" src=\"https:\/\/wettbewerb-archiv.wir-tun-was-fuer-bienen.de\/archiv-2018\/wp-content\/themes\/bienen\/assets\/images\/avatar-placeholder.png\" style=\"border-radius: 30px;\" height=\"30\" width=\"30\">\n            <a href=\"https:\/\/wettbewerb-archiv.wir-tun-was-fuer-bienen.de\/archiv-2018\/gruppe\/dom-clemente-schule-schonach\/\" title=\"Beitr\u00e4ge von Dom Clemente Schule Schonach\"\n               rel=\"author\">Dom Clemente Schule Schonach<\/a>\n            <\/div>\n    \n    \n            <p class=\"categories meta\" style=\"width: 100%\"><span class=\"fa fa-tag\"\n                                                             aria-hidden=\"true\"><\/span> Schul- und Jugendclub-G\u00e4rten        <\/p>\n    \n            <p class=\"categories meta\" style=\"width: 100%\"><span class=\"fa fa-map-marker\"\n                                                             aria-hidden=\"true\"><\/span> Baden-W\u00fcrttemberg        <\/p>\n    \n<\/article>\n   \n\t\t\n          <article id=\"post-1413\" class=\"et_pb_post post-1413 wtwfb_entry type-wtwfb_entry status-publish has-post-thumbnail hentry wtwfb_category-schul-und-jugendclub-gaerten wtwfb_region-baden-wuerttemberg\">\n    <h2 class=\"entry-title\"><a href=\"https:\/\/wettbewerb-archiv.wir-tun-was-fuer-bienen.de\/archiv-2018\/eintrag\/ein-kraeuterbeet-entsteht\/\">Ein Kr\u00e4uterbeet entsteht<\/a>\n    <\/h2>\n    <a href=\"https:\/\/wettbewerb-archiv.wir-tun-was-fuer-bienen.de\/archiv-2018\/eintrag\/ein-kraeuterbeet-entsteht\/\">\n        <div class=\"bienen-entry-image\">\n            <img decoding=\"async\" width=\"400\" height=\"300\" src=\"https:\/\/wettbewerb-archiv.wir-tun-was-fuer-bienen.de\/archiv-2018\/wp-content\/uploads\/sites\/2\/2018\/04\/20180418_075608-400x300.jpg\" class=\"attachment-bienen-grid-thumb size-bienen-grid-thumb wp-post-image\" alt=\"\" loading=\"lazy\" srcset=\"https:\/\/wettbewerb-archiv.wir-tun-was-fuer-bienen.de\/archiv-2018\/wp-content\/uploads\/sites\/2\/2018\/04\/20180418_075608-400x300.jpg 400w, https:\/\/wettbewerb-archiv.wir-tun-was-fuer-bienen.de\/archiv-2018\/wp-content\/uploads\/sites\/2\/2018\/04\/20180418_075608-510x382.jpg 510w\" sizes=\"(max-width: 400px) 100vw, 400px\" \/>                    <\/div>\n    <\/a>\n\n    <div class=\"images-grid\"><\/div>\n\n    <div class=\"user flex\">\n        \n                    <img decoding=\"async\" src=\"https:\/\/wettbewerb-archiv.wir-tun-was-fuer-bienen.de\/archiv-2018\/wp-content\/themes\/bienen\/assets\/images\/avatar-placeholder.png\" style=\"border-radius: 30px;\" height=\"30\" width=\"30\">\n            Anja Schuler            <\/div>\n    \n    \n            <p class=\"categories meta\" style=\"width: 100%\"><span class=\"fa fa-tag\"\n                                                             aria-hidden=\"true\"><\/span> Schul- und Jugendclub-G\u00e4rten        <\/p>\n    \n            <p class=\"categories meta\" style=\"width: 100%\"><span class=\"fa fa-map-marker\"\n                                                             aria-hidden=\"true\"><\/span> Baden-W\u00fcrttemberg        <\/p>\n    \n<\/article>\n   \n\t\t\n          <article id=\"post-1403\" class=\"et_pb_post post-1403 wtwfb_entry type-wtwfb_entry status-publish has-post-thumbnail hentry wtwfb_category-balkone-terrassen-dachbegruenung-vertikale-gaerten wtwfb_region-rheinland-pfalz\">\n    <h2 class=\"entry-title\"><a href=\"https:\/\/wettbewerb-archiv.wir-tun-was-fuer-bienen.de\/archiv-2018\/eintrag\/klein-aber-bienenfreundlich\/\">Klein aber Bienenfreundlich<\/a>\n    <\/h2>\n    <a href=\"https:\/\/wettbewerb-archiv.wir-tun-was-fuer-bienen.de\/archiv-2018\/eintrag\/klein-aber-bienenfreundlich\/\">\n        <div class=\"bienen-entry-image\">\n            <img decoding=\"async\" width=\"400\" height=\"300\" src=\"https:\/\/wettbewerb-archiv.wir-tun-was-fuer-bienen.de\/archiv-2018\/wp-content\/uploads\/sites\/2\/2018\/04\/20180402_112230-1-400x300.jpg\" class=\"attachment-bienen-grid-thumb size-bienen-grid-thumb wp-post-image\" alt=\"\" loading=\"lazy\" srcset=\"https:\/\/wettbewerb-archiv.wir-tun-was-fuer-bienen.de\/archiv-2018\/wp-content\/uploads\/sites\/2\/2018\/04\/20180402_112230-1-400x300.jpg 400w, https:\/\/wettbewerb-archiv.wir-tun-was-fuer-bienen.de\/archiv-2018\/wp-content\/uploads\/sites\/2\/2018\/04\/20180402_112230-1-510x382.jpg 510w\" sizes=\"(max-width: 400px) 100vw, 400px\" \/>                    <\/div>\n    <\/a>\n\n    <div class=\"images-grid\"><span><a href=\"https:\/\/wettbewerb-archiv.wir-tun-was-fuer-bienen.de\/archiv-2018\/eintrag\/klein-aber-bienenfreundlich\/\"><img decoding=\"async\" width=\"150\" height=\"150\" src=\"https:\/\/wettbewerb-archiv.wir-tun-was-fuer-bienen.de\/archiv-2018\/wp-content\/uploads\/sites\/2\/2018\/04\/20180420_122449-150x150.jpg\" class=\"attachment-thumbnail size-thumbnail\" alt=\"\" loading=\"lazy\" \/><\/a><\/span><span><a href=\"https:\/\/wettbewerb-archiv.wir-tun-was-fuer-bienen.de\/archiv-2018\/eintrag\/klein-aber-bienenfreundlich\/\"><img decoding=\"async\" width=\"150\" height=\"150\" src=\"https:\/\/wettbewerb-archiv.wir-tun-was-fuer-bienen.de\/archiv-2018\/wp-content\/uploads\/sites\/2\/2018\/04\/balkon6-150x150.jpg\" class=\"attachment-thumbnail size-thumbnail\" alt=\"\" loading=\"lazy\" \/><\/a><\/span><span><a href=\"https:\/\/wettbewerb-archiv.wir-tun-was-fuer-bienen.de\/archiv-2018\/eintrag\/klein-aber-bienenfreundlich\/\"><img decoding=\"async\" width=\"150\" height=\"150\" src=\"https:\/\/wettbewerb-archiv.wir-tun-was-fuer-bienen.de\/archiv-2018\/wp-content\/uploads\/sites\/2\/2018\/07\/20180702_192513-150x150.jpg\" class=\"attachment-thumbnail size-thumbnail\" alt=\"\" loading=\"lazy\" \/><\/a><\/span><span><a href=\"https:\/\/wettbewerb-archiv.wir-tun-was-fuer-bienen.de\/archiv-2018\/eintrag\/klein-aber-bienenfreundlich\/\"><img decoding=\"async\" width=\"150\" height=\"150\" src=\"https:\/\/wettbewerb-archiv.wir-tun-was-fuer-bienen.de\/archiv-2018\/wp-content\/uploads\/sites\/2\/2018\/07\/20180702_192413-150x150.jpg\" class=\"attachment-thumbnail size-thumbnail\" alt=\"\" loading=\"lazy\" \/><\/a><\/span><\/div>\n\n    <div class=\"user flex\">\n        \n                    <img decoding=\"async\" src=\"https:\/\/wettbewerb-archiv.wir-tun-was-fuer-bienen.de\/archiv-2018\/wp-content\/themes\/bienen\/assets\/images\/avatar-placeholder.png\" style=\"border-radius: 30px;\" height=\"30\" width=\"30\">\n            Ute K\u00fcnstler            <\/div>\n    \n    \n            <p class=\"categories meta\" style=\"width: 100%\"><span class=\"fa fa-tag\"\n                                                             aria-hidden=\"true\"><\/span> Balkone, Terrassen, Dachbegr\u00fcnung, vertikale G\u00e4rten        <\/p>\n    \n            <p class=\"categories meta\" style=\"width: 100%\"><span class=\"fa fa-map-marker\"\n                                                             aria-hidden=\"true\"><\/span> Rheinland-Pfalz        <\/p>\n    \n<\/article>\n   \n\t\t\n          <article id=\"post-1302\" class=\"et_pb_post post-1302 wtwfb_entry type-wtwfb_entry status-publish has-post-thumbnail hentry wtwfb_category-kommunale-flaechen-parks-baumscheiben wtwfb_region-niedersachsen\">\n    <h2 class=\"entry-title\"><a href=\"https:\/\/wettbewerb-archiv.wir-tun-was-fuer-bienen.de\/archiv-2018\/eintrag\/startschuss\/\">Jede noch so kleinen Fl\u00e4che ist ein Gewinn f\u00fcr den Ar...<\/a>\n    <\/h2>\n    <a href=\"https:\/\/wettbewerb-archiv.wir-tun-was-fuer-bienen.de\/archiv-2018\/eintrag\/startschuss\/\">\n        <div class=\"bienen-entry-image\">\n            <img decoding=\"async\" width=\"400\" height=\"300\" src=\"https:\/\/wettbewerb-archiv.wir-tun-was-fuer-bienen.de\/archiv-2018\/wp-content\/uploads\/sites\/2\/2018\/07\/20180704_181533-1-400x300.jpg\" class=\"attachment-bienen-grid-thumb size-bienen-grid-thumb wp-post-image\" alt=\"\" loading=\"lazy\" \/>                    <\/div>\n    <\/a>\n\n    <div class=\"images-grid\"><span><a href=\"https:\/\/wettbewerb-archiv.wir-tun-was-fuer-bienen.de\/archiv-2018\/eintrag\/startschuss\/\"><img decoding=\"async\" width=\"150\" height=\"150\" src=\"https:\/\/wettbewerb-archiv.wir-tun-was-fuer-bienen.de\/archiv-2018\/wp-content\/uploads\/sites\/2\/2018\/04\/20180414_105932-150x150.jpg\" class=\"attachment-thumbnail size-thumbnail\" alt=\"\" loading=\"lazy\" \/><\/a><\/span><span><a href=\"https:\/\/wettbewerb-archiv.wir-tun-was-fuer-bienen.de\/archiv-2018\/eintrag\/startschuss\/\"><img decoding=\"async\" width=\"150\" height=\"150\" src=\"https:\/\/wettbewerb-archiv.wir-tun-was-fuer-bienen.de\/archiv-2018\/wp-content\/uploads\/sites\/2\/2018\/04\/20180414_112912-1-150x150.jpg\" class=\"attachment-thumbnail size-thumbnail\" alt=\"\" loading=\"lazy\" \/><\/a><\/span><span><a href=\"https:\/\/wettbewerb-archiv.wir-tun-was-fuer-bienen.de\/archiv-2018\/eintrag\/startschuss\/\"><img decoding=\"async\" width=\"150\" height=\"150\" src=\"https:\/\/wettbewerb-archiv.wir-tun-was-fuer-bienen.de\/archiv-2018\/wp-content\/uploads\/sites\/2\/2018\/04\/20180414_122139-150x150.jpg\" class=\"attachment-thumbnail size-thumbnail\" alt=\"\" loading=\"lazy\" \/><\/a><\/span><span><a href=\"https:\/\/wettbewerb-archiv.wir-tun-was-fuer-bienen.de\/archiv-2018\/eintrag\/startschuss\/\"><img decoding=\"async\" width=\"150\" height=\"150\" src=\"https:\/\/wettbewerb-archiv.wir-tun-was-fuer-bienen.de\/archiv-2018\/wp-content\/uploads\/sites\/2\/2018\/04\/20180415_114045-150x150.jpg\" class=\"attachment-thumbnail size-thumbnail\" alt=\"\" loading=\"lazy\" \/><\/a><\/span><\/div>\n\n    <div class=\"user flex\">\n                    <img decoding=\"async\" src=\"https:\/\/wettbewerb-archiv.wir-tun-was-fuer-bienen.de\/archiv-2018\/wp-content\/themes\/bienen\/assets\/images\/avatar-placeholder.png\" style=\"border-radius: 30px;\" height=\"30\" width=\"30\">\n            <a href=\"https:\/\/wettbewerb-archiv.wir-tun-was-fuer-bienen.de\/archiv-2018\/gruppe\/mini-bienenwiese-wettbergen\/\" title=\"Beitr\u00e4ge von Mini Bienenwiesen Hannover-Wettbergen\"\n               rel=\"author\">Mini Bienenwiesen Hannover-Wettbergen<\/a>\n            <\/div>\n    \n    \n            <p class=\"categories meta\" style=\"width: 100%\"><span class=\"fa fa-tag\"\n                                                             aria-hidden=\"true\"><\/span> Kommunale Fl\u00e4chen, Parks, Baumscheiben        <\/p>\n    \n            <p class=\"categories meta\" style=\"width: 100%\"><span class=\"fa fa-map-marker\"\n                                                             aria-hidden=\"true\"><\/span> Niedersachsen        <\/p>\n    \n<\/article>\n   \n\t\t\n          <article id=\"post-1288\" class=\"et_pb_post post-1288 wtwfb_entry type-wtwfb_entry status-publish has-post-thumbnail hentry wtwfb_category-kommunale-flaechen-parks-baumscheiben wtwfb_region-baden-wuerttemberg\">\n    <h2 class=\"entry-title\"><a href=\"https:\/\/wettbewerb-archiv.wir-tun-was-fuer-bienen.de\/archiv-2018\/eintrag\/hottinger-allee\/\">Rickenbach: Alleeschutz mit innovativer Idee<\/a>\n    <\/h2>\n    <a href=\"https:\/\/wettbewerb-archiv.wir-tun-was-fuer-bienen.de\/archiv-2018\/eintrag\/hottinger-allee\/\">\n        <div class=\"bienen-entry-image\">\n            <img decoding=\"async\" width=\"400\" height=\"300\" src=\"https:\/\/wettbewerb-archiv.wir-tun-was-fuer-bienen.de\/archiv-2018\/wp-content\/uploads\/sites\/2\/2018\/04\/Baumpflanzaktion-2018-400x300.jpg\" class=\"attachment-bienen-grid-thumb size-bienen-grid-thumb wp-post-image\" alt=\"\" loading=\"lazy\" srcset=\"https:\/\/wettbewerb-archiv.wir-tun-was-fuer-bienen.de\/archiv-2018\/wp-content\/uploads\/sites\/2\/2018\/04\/Baumpflanzaktion-2018-400x300.jpg 400w, https:\/\/wettbewerb-archiv.wir-tun-was-fuer-bienen.de\/archiv-2018\/wp-content\/uploads\/sites\/2\/2018\/04\/Baumpflanzaktion-2018-510x382.jpg 510w\" sizes=\"(max-width: 400px) 100vw, 400px\" \/>                    <\/div>\n    <\/a>\n\n    <div class=\"images-grid\"><span><a href=\"https:\/\/wettbewerb-archiv.wir-tun-was-fuer-bienen.de\/archiv-2018\/eintrag\/hottinger-allee\/\"><img decoding=\"async\" width=\"150\" height=\"150\" src=\"https:\/\/wettbewerb-archiv.wir-tun-was-fuer-bienen.de\/archiv-2018\/wp-content\/uploads\/sites\/2\/2018\/04\/IMG_8437-150x150.jpg\" class=\"attachment-thumbnail size-thumbnail\" alt=\"\" loading=\"lazy\" \/><\/a><\/span><span><a href=\"https:\/\/wettbewerb-archiv.wir-tun-was-fuer-bienen.de\/archiv-2018\/eintrag\/hottinger-allee\/\"><img decoding=\"async\" width=\"150\" height=\"150\" src=\"https:\/\/wettbewerb-archiv.wir-tun-was-fuer-bienen.de\/archiv-2018\/wp-content\/uploads\/sites\/2\/2018\/04\/IMG_0669-1-150x150.jpg\" class=\"attachment-thumbnail size-thumbnail\" alt=\"\" loading=\"lazy\" \/><\/a><\/span><span><a href=\"https:\/\/wettbewerb-archiv.wir-tun-was-fuer-bienen.de\/archiv-2018\/eintrag\/hottinger-allee\/\"><img decoding=\"async\" width=\"150\" height=\"150\" src=\"https:\/\/wettbewerb-archiv.wir-tun-was-fuer-bienen.de\/archiv-2018\/wp-content\/uploads\/sites\/2\/2018\/04\/IMG_0671-150x150.jpg\" class=\"attachment-thumbnail size-thumbnail\" alt=\"\" loading=\"lazy\" \/><\/a><\/span><span><a href=\"https:\/\/wettbewerb-archiv.wir-tun-was-fuer-bienen.de\/archiv-2018\/eintrag\/hottinger-allee\/\"><img decoding=\"async\" width=\"150\" height=\"150\" src=\"https:\/\/wettbewerb-archiv.wir-tun-was-fuer-bienen.de\/archiv-2018\/wp-content\/uploads\/sites\/2\/2018\/04\/IMG_8431-150x150.jpg\" class=\"attachment-thumbnail size-thumbnail\" alt=\"\" loading=\"lazy\" \/><\/a><\/span><\/div>\n\n    <div class=\"user flex\">\n                    <img decoding=\"async\" src=\"https:\/\/wettbewerb-archiv.wir-tun-was-fuer-bienen.de\/archiv-2018\/wp-content\/themes\/bienen\/assets\/images\/avatar-placeholder.png\" style=\"border-radius: 30px;\" height=\"30\" width=\"30\">\n            <a href=\"https:\/\/wettbewerb-archiv.wir-tun-was-fuer-bienen.de\/archiv-2018\/gruppe\/hottinger-allee-die-pflanztruppe\/\" title=\"Beitr\u00e4ge von Hottinger Allee &#8211; die Pflanztruppe\"\n               rel=\"author\">Hottinger Allee &#8211; die Pflanztruppe<\/a>\n            <\/div>\n    \n    \n            <p class=\"categories meta\" style=\"width: 100%\"><span class=\"fa fa-tag\"\n                                                             aria-hidden=\"true\"><\/span> Kommunale Fl\u00e4chen, Parks, Baumscheiben        <\/p>\n    \n            <p class=\"categories meta\" style=\"width: 100%\"><span class=\"fa fa-map-marker\"\n                                                             aria-hidden=\"true\"><\/span> Baden-W\u00fcrttemberg        <\/p>\n    \n<\/article>\n   \n\t\t\n          <article id=\"post-1257\" class=\"et_pb_post post-1257 wtwfb_entry type-wtwfb_entry status-publish has-post-thumbnail hentry wtwfb_category-schul-und-jugendclub-gaerten wtwfb_region-nordrhein-westfalen\">\n    <h2 class=\"entry-title\"><a href=\"https:\/\/wettbewerb-archiv.wir-tun-was-fuer-bienen.de\/archiv-2018\/eintrag\/garten-ag\/\">Garten-AG<\/a>\n    <\/h2>\n    <a href=\"https:\/\/wettbewerb-archiv.wir-tun-was-fuer-bienen.de\/archiv-2018\/eintrag\/garten-ag\/\">\n        <div class=\"bienen-entry-image\">\n            <img decoding=\"async\" width=\"400\" height=\"300\" src=\"https:\/\/wettbewerb-archiv.wir-tun-was-fuer-bienen.de\/archiv-2018\/wp-content\/uploads\/sites\/2\/2018\/04\/3A71834D-FACE-4B97-BD23-F4F137172BD0-400x300.jpeg\" class=\"attachment-bienen-grid-thumb size-bienen-grid-thumb wp-post-image\" alt=\"\" loading=\"lazy\" srcset=\"https:\/\/wettbewerb-archiv.wir-tun-was-fuer-bienen.de\/archiv-2018\/wp-content\/uploads\/sites\/2\/2018\/04\/3A71834D-FACE-4B97-BD23-F4F137172BD0-400x300.jpeg 400w, https:\/\/wettbewerb-archiv.wir-tun-was-fuer-bienen.de\/archiv-2018\/wp-content\/uploads\/sites\/2\/2018\/04\/3A71834D-FACE-4B97-BD23-F4F137172BD0-300x225.jpeg 300w, https:\/\/wettbewerb-archiv.wir-tun-was-fuer-bienen.de\/archiv-2018\/wp-content\/uploads\/sites\/2\/2018\/04\/3A71834D-FACE-4B97-BD23-F4F137172BD0-768x576.jpeg 768w, https:\/\/wettbewerb-archiv.wir-tun-was-fuer-bienen.de\/archiv-2018\/wp-content\/uploads\/sites\/2\/2018\/04\/3A71834D-FACE-4B97-BD23-F4F137172BD0-1024x768.jpeg 1024w, https:\/\/wettbewerb-archiv.wir-tun-was-fuer-bienen.de\/archiv-2018\/wp-content\/uploads\/sites\/2\/2018\/04\/3A71834D-FACE-4B97-BD23-F4F137172BD0-510x382.jpeg 510w, https:\/\/wettbewerb-archiv.wir-tun-was-fuer-bienen.de\/archiv-2018\/wp-content\/uploads\/sites\/2\/2018\/04\/3A71834D-FACE-4B97-BD23-F4F137172BD0-1080x810.jpeg 1080w, https:\/\/wettbewerb-archiv.wir-tun-was-fuer-bienen.de\/archiv-2018\/wp-content\/uploads\/sites\/2\/2018\/04\/3A71834D-FACE-4B97-BD23-F4F137172BD0.jpeg 1920w\" sizes=\"(max-width: 400px) 100vw, 400px\" \/>                    <\/div>\n    <\/a>\n\n    <div class=\"images-grid\"><span><a href=\"https:\/\/wettbewerb-archiv.wir-tun-was-fuer-bienen.de\/archiv-2018\/eintrag\/garten-ag\/\"><img decoding=\"async\" width=\"150\" height=\"150\" src=\"https:\/\/wettbewerb-archiv.wir-tun-was-fuer-bienen.de\/archiv-2018\/wp-content\/uploads\/sites\/2\/2018\/04\/4D3FC2EF-AD7C-485C-977D-20F15F5433F7-150x150.jpeg\" class=\"attachment-thumbnail size-thumbnail\" alt=\"\" loading=\"lazy\" \/><\/a><\/span><span><a href=\"https:\/\/wettbewerb-archiv.wir-tun-was-fuer-bienen.de\/archiv-2018\/eintrag\/garten-ag\/\"><img decoding=\"async\" width=\"150\" height=\"150\" src=\"https:\/\/wettbewerb-archiv.wir-tun-was-fuer-bienen.de\/archiv-2018\/wp-content\/uploads\/sites\/2\/2018\/04\/3CCDD0E5-CFD2-4087-A684-65138B770ECF-150x150.jpeg\" class=\"attachment-thumbnail size-thumbnail\" alt=\"\" loading=\"lazy\" \/><\/a><\/span><span><a href=\"https:\/\/wettbewerb-archiv.wir-tun-was-fuer-bienen.de\/archiv-2018\/eintrag\/garten-ag\/\"><img decoding=\"async\" width=\"150\" height=\"150\" src=\"https:\/\/wettbewerb-archiv.wir-tun-was-fuer-bienen.de\/archiv-2018\/wp-content\/uploads\/sites\/2\/2018\/04\/5E5B075A-B9C3-46CC-BA76-ADD425864374-150x150.jpeg\" class=\"attachment-thumbnail size-thumbnail\" alt=\"\" loading=\"lazy\" \/><\/a><\/span><span><a href=\"https:\/\/wettbewerb-archiv.wir-tun-was-fuer-bienen.de\/archiv-2018\/eintrag\/garten-ag\/\"><img decoding=\"async\" width=\"150\" height=\"150\" src=\"https:\/\/wettbewerb-archiv.wir-tun-was-fuer-bienen.de\/archiv-2018\/wp-content\/uploads\/sites\/2\/2018\/04\/F679C85E-F3B9-47BA-A79A-CCCE7689D685-150x150.jpeg\" class=\"attachment-thumbnail size-thumbnail\" alt=\"\" loading=\"lazy\" \/><\/a><\/span><\/div>\n\n    <div class=\"user flex\">\n                    <img decoding=\"async\" src=\"https:\/\/wettbewerb-archiv.wir-tun-was-fuer-bienen.de\/archiv-2018\/wp-content\/themes\/bienen\/assets\/images\/avatar-placeholder.png\" style=\"border-radius: 30px;\" height=\"30\" width=\"30\">\n            <a href=\"https:\/\/wettbewerb-archiv.wir-tun-was-fuer-bienen.de\/archiv-2018\/gruppe\/garten-ag-lvr-ernst-jandl-schule\/\" title=\"Beitr\u00e4ge von Garten-AG LVR-Ernst-Jandl-Schule\"\n               rel=\"author\">Garten-AG LVR-Ernst-Jandl-Schule<\/a>\n            <\/div>\n    \n    \n            <p class=\"categories meta\" style=\"width: 100%\"><span class=\"fa fa-tag\"\n                                                             aria-hidden=\"true\"><\/span> Schul- und Jugendclub-G\u00e4rten        <\/p>\n    \n            <p class=\"categories meta\" style=\"width: 100%\"><span class=\"fa fa-map-marker\"\n                                                             aria-hidden=\"true\"><\/span> Nordrhein-Westfalen        <\/p>\n    \n<\/article>\n   \n\t\t\n          <article id=\"post-1250\" class=\"et_pb_post post-1250 wtwfb_entry type-wtwfb_entry status-publish has-post-thumbnail hentry wtwfb_category-privatgaerten-und-gaerten-von-mietwohnungen-kleiner-500-quadratmeter wtwfb_region-nordrhein-westfalen\">\n    <h2 class=\"entry-title\"><a href=\"https:\/\/wettbewerb-archiv.wir-tun-was-fuer-bienen.de\/archiv-2018\/eintrag\/ein-garten-und-viele-ideen\/\">Ein Garten und viele Ideen \ud83d\ude42<\/a>\n    <\/h2>\n    <a href=\"https:\/\/wettbewerb-archiv.wir-tun-was-fuer-bienen.de\/archiv-2018\/eintrag\/ein-garten-und-viele-ideen\/\">\n        <div class=\"bienen-entry-image\">\n            <img decoding=\"async\" width=\"400\" height=\"300\" src=\"https:\/\/wettbewerb-archiv.wir-tun-was-fuer-bienen.de\/archiv-2018\/wp-content\/uploads\/sites\/2\/2018\/04\/Garten-Ursprung-400x300.jpg\" class=\"attachment-bienen-grid-thumb size-bienen-grid-thumb wp-post-image\" alt=\"\" loading=\"lazy\" srcset=\"https:\/\/wettbewerb-archiv.wir-tun-was-fuer-bienen.de\/archiv-2018\/wp-content\/uploads\/sites\/2\/2018\/04\/Garten-Ursprung-400x300.jpg 400w, https:\/\/wettbewerb-archiv.wir-tun-was-fuer-bienen.de\/archiv-2018\/wp-content\/uploads\/sites\/2\/2018\/04\/Garten-Ursprung-510x382.jpg 510w\" sizes=\"(max-width: 400px) 100vw, 400px\" \/>                    <\/div>\n    <\/a>\n\n    <div class=\"images-grid\"><span><a href=\"https:\/\/wettbewerb-archiv.wir-tun-was-fuer-bienen.de\/archiv-2018\/eintrag\/ein-garten-und-viele-ideen\/\"><img decoding=\"async\" width=\"150\" height=\"150\" src=\"https:\/\/wettbewerb-archiv.wir-tun-was-fuer-bienen.de\/archiv-2018\/wp-content\/uploads\/sites\/2\/2018\/04\/Die-ersten-Stauden-150x150.jpg\" class=\"attachment-thumbnail size-thumbnail\" alt=\"\" loading=\"lazy\" \/><\/a><\/span><span><a href=\"https:\/\/wettbewerb-archiv.wir-tun-was-fuer-bienen.de\/archiv-2018\/eintrag\/ein-garten-und-viele-ideen\/\"><img decoding=\"async\" width=\"150\" height=\"150\" src=\"https:\/\/wettbewerb-archiv.wir-tun-was-fuer-bienen.de\/archiv-2018\/wp-content\/uploads\/sites\/2\/2018\/04\/Allium-150x150.jpg\" class=\"attachment-thumbnail size-thumbnail\" alt=\"\" loading=\"lazy\" \/><\/a><\/span><span><a href=\"https:\/\/wettbewerb-archiv.wir-tun-was-fuer-bienen.de\/archiv-2018\/eintrag\/ein-garten-und-viele-ideen\/\"><img decoding=\"async\" width=\"150\" height=\"150\" src=\"https:\/\/wettbewerb-archiv.wir-tun-was-fuer-bienen.de\/archiv-2018\/wp-content\/uploads\/sites\/2\/2018\/05\/Bienensaumfl\u00e4che-150x150.jpg\" class=\"attachment-thumbnail size-thumbnail\" alt=\"\" loading=\"lazy\" \/><\/a><\/span><span><a href=\"https:\/\/wettbewerb-archiv.wir-tun-was-fuer-bienen.de\/archiv-2018\/eintrag\/ein-garten-und-viele-ideen\/\"><img decoding=\"async\" width=\"150\" height=\"150\" src=\"https:\/\/wettbewerb-archiv.wir-tun-was-fuer-bienen.de\/archiv-2018\/wp-content\/uploads\/sites\/2\/2018\/07\/Vorbereitung-die-1._Klein-150x150.jpg\" class=\"attachment-thumbnail size-thumbnail\" alt=\"\" loading=\"lazy\" \/><\/a><\/span><\/div>\n\n    <div class=\"user flex\">\n                    <img decoding=\"async\" src=\"https:\/\/wettbewerb-archiv.wir-tun-was-fuer-bienen.de\/archiv-2018\/wp-content\/themes\/bienen\/assets\/images\/avatar-placeholder.png\" style=\"border-radius: 30px;\" height=\"30\" width=\"30\">\n            <a href=\"https:\/\/wettbewerb-archiv.wir-tun-was-fuer-bienen.de\/archiv-2018\/gruppe\/vom-nutzgarten-zum-bienegarten\/\" title=\"Beitr\u00e4ge von Vom Nutzgarten zum Bienengarten\"\n               rel=\"author\">Vom Nutzgarten zum Bienengarten<\/a>\n            <\/div>\n    \n    \n            <p class=\"categories meta\" style=\"width: 100%\"><span class=\"fa fa-tag\"\n                                                             aria-hidden=\"true\"><\/span> Privatg\u00e4rten und G\u00e4rten von Mietwohnungen (kleiner als 500 Quadratmeter)        <\/p>\n    \n            <p class=\"categories meta\" style=\"width: 100%\"><span class=\"fa fa-map-marker\"\n                                                             aria-hidden=\"true\"><\/span> Nordrhein-Westfalen        <\/p>\n    \n<\/article>\n   \n\t\t\n          <article id=\"post-1201\" class=\"et_pb_post post-1201 wtwfb_entry type-wtwfb_entry status-publish has-post-thumbnail hentry wtwfb_category-schul-und-jugendclub-gaerten wtwfb_region-schleswig-holstein\">\n    <h2 class=\"entry-title\"><a href=\"https:\/\/wettbewerb-archiv.wir-tun-was-fuer-bienen.de\/archiv-2018\/eintrag\/so-sieht-es-im-moment-noch-aus\/\">So sieht es im Moment noch aus!<\/a>\n    <\/h2>\n    <a href=\"https:\/\/wettbewerb-archiv.wir-tun-was-fuer-bienen.de\/archiv-2018\/eintrag\/so-sieht-es-im-moment-noch-aus\/\">\n        <div class=\"bienen-entry-image\">\n            <img decoding=\"async\" width=\"400\" height=\"300\" src=\"https:\/\/wettbewerb-archiv.wir-tun-was-fuer-bienen.de\/archiv-2018\/wp-content\/uploads\/sites\/2\/2018\/04\/20CD4C3A-65B9-4F3C-9AEA-F13EB0425B46-400x300.jpeg\" class=\"attachment-bienen-grid-thumb size-bienen-grid-thumb wp-post-image\" alt=\"\" loading=\"lazy\" srcset=\"https:\/\/wettbewerb-archiv.wir-tun-was-fuer-bienen.de\/archiv-2018\/wp-content\/uploads\/sites\/2\/2018\/04\/20CD4C3A-65B9-4F3C-9AEA-F13EB0425B46-400x300.jpeg 400w, https:\/\/wettbewerb-archiv.wir-tun-was-fuer-bienen.de\/archiv-2018\/wp-content\/uploads\/sites\/2\/2018\/04\/20CD4C3A-65B9-4F3C-9AEA-F13EB0425B46-300x225.jpeg 300w, https:\/\/wettbewerb-archiv.wir-tun-was-fuer-bienen.de\/archiv-2018\/wp-content\/uploads\/sites\/2\/2018\/04\/20CD4C3A-65B9-4F3C-9AEA-F13EB0425B46-768x576.jpeg 768w, https:\/\/wettbewerb-archiv.wir-tun-was-fuer-bienen.de\/archiv-2018\/wp-content\/uploads\/sites\/2\/2018\/04\/20CD4C3A-65B9-4F3C-9AEA-F13EB0425B46-1024x768.jpeg 1024w, https:\/\/wettbewerb-archiv.wir-tun-was-fuer-bienen.de\/archiv-2018\/wp-content\/uploads\/sites\/2\/2018\/04\/20CD4C3A-65B9-4F3C-9AEA-F13EB0425B46-510x382.jpeg 510w, https:\/\/wettbewerb-archiv.wir-tun-was-fuer-bienen.de\/archiv-2018\/wp-content\/uploads\/sites\/2\/2018\/04\/20CD4C3A-65B9-4F3C-9AEA-F13EB0425B46-1080x810.jpeg 1080w, https:\/\/wettbewerb-archiv.wir-tun-was-fuer-bienen.de\/archiv-2018\/wp-content\/uploads\/sites\/2\/2018\/04\/20CD4C3A-65B9-4F3C-9AEA-F13EB0425B46.jpeg 1920w\" sizes=\"(max-width: 400px) 100vw, 400px\" \/>                    <\/div>\n    <\/a>\n\n    <div class=\"images-grid\"><\/div>\n\n    <div class=\"user flex\">\n                    <img decoding=\"async\" src=\"https:\/\/wettbewerb-archiv.wir-tun-was-fuer-bienen.de\/archiv-2018\/wp-content\/themes\/bienen\/assets\/images\/avatar-placeholder.png\" style=\"border-radius: 30px;\" height=\"30\" width=\"30\">\n            <a href=\"https:\/\/wettbewerb-archiv.wir-tun-was-fuer-bienen.de\/archiv-2018\/gruppe\/bienen-fuer-die-grundschule-sterley\/\" title=\"Beitr\u00e4ge von Bienen f\u00fcr die Grundschule Sterley\"\n               rel=\"author\">Bienen f\u00fcr die Grundschule Sterley<\/a>\n            <\/div>\n    \n    \n            <p class=\"categories meta\" style=\"width: 100%\"><span class=\"fa fa-tag\"\n                                                             aria-hidden=\"true\"><\/span> Schul- und Jugendclub-G\u00e4rten        <\/p>\n    \n            <p class=\"categories meta\" style=\"width: 100%\"><span class=\"fa fa-map-marker\"\n                                                             aria-hidden=\"true\"><\/span> Schleswig-Holstein        <\/p>\n    \n<\/article>\n   \n\t\t\n          <article id=\"post-1190\" class=\"et_pb_post post-1190 wtwfb_entry type-wtwfb_entry status-publish has-post-thumbnail hentry wtwfb_category-privatgaerten-und-gaerten-von-mietwohnungen-kleiner-500-quadratmeter wtwfb_region-sachsen-anhalt\">\n    <h2 class=\"entry-title\"><a href=\"https:\/\/wettbewerb-archiv.wir-tun-was-fuer-bienen.de\/archiv-2018\/eintrag\/mein-projekt-insektengarten\/\">Mein Projekt Insektengarten<\/a>\n    <\/h2>\n    <a href=\"https:\/\/wettbewerb-archiv.wir-tun-was-fuer-bienen.de\/archiv-2018\/eintrag\/mein-projekt-insektengarten\/\">\n        <div class=\"bienen-entry-image\">\n            <img decoding=\"async\" width=\"400\" height=\"300\" src=\"https:\/\/wettbewerb-archiv.wir-tun-was-fuer-bienen.de\/archiv-2018\/wp-content\/uploads\/sites\/2\/2018\/04\/20170714_125826-400x300.jpg\" class=\"attachment-bienen-grid-thumb size-bienen-grid-thumb wp-post-image\" alt=\"\" loading=\"lazy\" srcset=\"https:\/\/wettbewerb-archiv.wir-tun-was-fuer-bienen.de\/archiv-2018\/wp-content\/uploads\/sites\/2\/2018\/04\/20170714_125826-400x300.jpg 400w, https:\/\/wettbewerb-archiv.wir-tun-was-fuer-bienen.de\/archiv-2018\/wp-content\/uploads\/sites\/2\/2018\/04\/20170714_125826-510x382.jpg 510w\" sizes=\"(max-width: 400px) 100vw, 400px\" \/>                    <\/div>\n    <\/a>\n\n    <div class=\"images-grid\"><span><a href=\"https:\/\/wettbewerb-archiv.wir-tun-was-fuer-bienen.de\/archiv-2018\/eintrag\/mein-projekt-insektengarten\/\"><img decoding=\"async\" width=\"150\" height=\"150\" src=\"https:\/\/wettbewerb-archiv.wir-tun-was-fuer-bienen.de\/archiv-2018\/wp-content\/uploads\/sites\/2\/2018\/04\/20180413_183815-1-150x150.jpg\" class=\"attachment-thumbnail size-thumbnail\" alt=\"\" loading=\"lazy\" \/><\/a><\/span><span><a href=\"https:\/\/wettbewerb-archiv.wir-tun-was-fuer-bienen.de\/archiv-2018\/eintrag\/mein-projekt-insektengarten\/\"><img decoding=\"async\" width=\"150\" height=\"150\" src=\"https:\/\/wettbewerb-archiv.wir-tun-was-fuer-bienen.de\/archiv-2018\/wp-content\/uploads\/sites\/2\/2018\/04\/20170714_125826-2-150x150.jpg\" class=\"attachment-thumbnail size-thumbnail\" alt=\"\" loading=\"lazy\" \/><\/a><\/span><span><a href=\"https:\/\/wettbewerb-archiv.wir-tun-was-fuer-bienen.de\/archiv-2018\/eintrag\/mein-projekt-insektengarten\/\"><img decoding=\"async\" width=\"150\" height=\"150\" src=\"https:\/\/wettbewerb-archiv.wir-tun-was-fuer-bienen.de\/archiv-2018\/wp-content\/uploads\/sites\/2\/2018\/04\/20170804_161729-1-150x150.jpg\" class=\"attachment-thumbnail size-thumbnail\" alt=\"\" loading=\"lazy\" \/><\/a><\/span><\/div>\n\n    <div class=\"user flex\">\n        \n                    <img decoding=\"async\" src=\"https:\/\/wettbewerb-archiv.wir-tun-was-fuer-bienen.de\/archiv-2018\/wp-content\/themes\/bienen\/assets\/images\/avatar-placeholder.png\" style=\"border-radius: 30px;\" height=\"30\" width=\"30\">\n            Franciska Donath            <\/div>\n    \n    \n            <p class=\"categories meta\" style=\"width: 100%\"><span class=\"fa fa-tag\"\n                                                             aria-hidden=\"true\"><\/span> Privatg\u00e4rten und G\u00e4rten von Mietwohnungen (kleiner als 500 Quadratmeter)        <\/p>\n    \n            <p class=\"categories meta\" style=\"width: 100%\"><span class=\"fa fa-map-marker\"\n                                                             aria-hidden=\"true\"><\/span> Sachsen-Anhalt        <\/p>\n    \n<\/article>\n   \n\t\t\n          <article id=\"post-1184\" class=\"et_pb_post post-1184 wtwfb_entry type-wtwfb_entry status-publish has-post-thumbnail hentry wtwfb_category-firmen-institutions-und-vereinsgaerten wtwfb_region-bayern\">\n    <h2 class=\"entry-title\"><a href=\"https:\/\/wettbewerb-archiv.wir-tun-was-fuer-bienen.de\/archiv-2018\/eintrag\/bluehstreifen-vor-dem-pfarrheim-in-vagen\/\">Bl\u00fchstreifen vor dem Pfarrheim in Vagen\/Oberbayern<\/a>\n    <\/h2>\n    <a href=\"https:\/\/wettbewerb-archiv.wir-tun-was-fuer-bienen.de\/archiv-2018\/eintrag\/bluehstreifen-vor-dem-pfarrheim-in-vagen\/\">\n        <div class=\"bienen-entry-image\">\n            <img decoding=\"async\" width=\"400\" height=\"300\" src=\"https:\/\/wettbewerb-archiv.wir-tun-was-fuer-bienen.de\/archiv-2018\/wp-content\/uploads\/sites\/2\/2018\/04\/180406_Bienen04-400x300.jpg\" class=\"attachment-bienen-grid-thumb size-bienen-grid-thumb wp-post-image\" alt=\"\" loading=\"lazy\" srcset=\"https:\/\/wettbewerb-archiv.wir-tun-was-fuer-bienen.de\/archiv-2018\/wp-content\/uploads\/sites\/2\/2018\/04\/180406_Bienen04-400x300.jpg 400w, https:\/\/wettbewerb-archiv.wir-tun-was-fuer-bienen.de\/archiv-2018\/wp-content\/uploads\/sites\/2\/2018\/04\/180406_Bienen04-510x382.jpg 510w\" sizes=\"(max-width: 400px) 100vw, 400px\" \/>                    <\/div>\n    <\/a>\n\n    <div class=\"images-grid\"><span><a href=\"https:\/\/wettbewerb-archiv.wir-tun-was-fuer-bienen.de\/archiv-2018\/eintrag\/bluehstreifen-vor-dem-pfarrheim-in-vagen\/\"><img decoding=\"async\" width=\"150\" height=\"150\" src=\"https:\/\/wettbewerb-archiv.wir-tun-was-fuer-bienen.de\/archiv-2018\/wp-content\/uploads\/sites\/2\/2018\/04\/IMG-20180413-WA0000bienen06-150x150.jpg\" class=\"attachment-thumbnail size-thumbnail\" alt=\"\" loading=\"lazy\" \/><\/a><\/span><\/div>\n\n    <div class=\"user flex\">\n                    <img decoding=\"async\" src=\"https:\/\/wettbewerb-archiv.wir-tun-was-fuer-bienen.de\/archiv-2018\/wp-content\/themes\/bienen\/assets\/images\/avatar-placeholder.png\" style=\"border-radius: 30px;\" height=\"30\" width=\"30\">\n            <a href=\"https:\/\/wettbewerb-archiv.wir-tun-was-fuer-bienen.de\/archiv-2018\/gruppe\/laudato-si-projektgruppe-vagen\/\" title=\"Beitr\u00e4ge von Laudato Si Projektgruppe Vagen\"\n               rel=\"author\">Laudato Si Projektgruppe Vagen<\/a>\n            <\/div>\n    \n    \n            <p class=\"categories meta\" style=\"width: 100%\"><span class=\"fa fa-tag\"\n                                                             aria-hidden=\"true\"><\/span> Firmen-, Institutions- und Vereinsg\u00e4rten        <\/p>\n    \n            <p class=\"categories meta\" style=\"width: 100%\"><span class=\"fa fa-map-marker\"\n                                                             aria-hidden=\"true\"><\/span> Bayern        <\/p>\n    \n<\/article>\n   \n\t\t\n          <article id=\"post-1168\" class=\"et_pb_post post-1168 wtwfb_entry type-wtwfb_entry status-publish has-post-thumbnail hentry wtwfb_category-privatgaerten-und-gaerten-von-mietwohnungen-kleiner-500-quadratmeter wtwfb_region-nordrhein-westfalen\">\n    <h2 class=\"entry-title\"><a href=\"https:\/\/wettbewerb-archiv.wir-tun-was-fuer-bienen.de\/archiv-2018\/eintrag\/bommelbande\/\">Bommelbande<\/a>\n    <\/h2>\n    <a href=\"https:\/\/wettbewerb-archiv.wir-tun-was-fuer-bienen.de\/archiv-2018\/eintrag\/bommelbande\/\">\n        <div class=\"bienen-entry-image\">\n            <img decoding=\"async\" width=\"400\" height=\"300\" src=\"https:\/\/wettbewerb-archiv.wir-tun-was-fuer-bienen.de\/archiv-2018\/wp-content\/uploads\/sites\/2\/2018\/04\/B58D969B-F276-4492-A7B0-8B459D61E84A-400x300.jpeg\" class=\"attachment-bienen-grid-thumb size-bienen-grid-thumb wp-post-image\" alt=\"\" loading=\"lazy\" srcset=\"https:\/\/wettbewerb-archiv.wir-tun-was-fuer-bienen.de\/archiv-2018\/wp-content\/uploads\/sites\/2\/2018\/04\/B58D969B-F276-4492-A7B0-8B459D61E84A-400x300.jpeg 400w, https:\/\/wettbewerb-archiv.wir-tun-was-fuer-bienen.de\/archiv-2018\/wp-content\/uploads\/sites\/2\/2018\/04\/B58D969B-F276-4492-A7B0-8B459D61E84A-300x225.jpeg 300w, https:\/\/wettbewerb-archiv.wir-tun-was-fuer-bienen.de\/archiv-2018\/wp-content\/uploads\/sites\/2\/2018\/04\/B58D969B-F276-4492-A7B0-8B459D61E84A-768x576.jpeg 768w, https:\/\/wettbewerb-archiv.wir-tun-was-fuer-bienen.de\/archiv-2018\/wp-content\/uploads\/sites\/2\/2018\/04\/B58D969B-F276-4492-A7B0-8B459D61E84A-1024x768.jpeg 1024w, https:\/\/wettbewerb-archiv.wir-tun-was-fuer-bienen.de\/archiv-2018\/wp-content\/uploads\/sites\/2\/2018\/04\/B58D969B-F276-4492-A7B0-8B459D61E84A-510x382.jpeg 510w, https:\/\/wettbewerb-archiv.wir-tun-was-fuer-bienen.de\/archiv-2018\/wp-content\/uploads\/sites\/2\/2018\/04\/B58D969B-F276-4492-A7B0-8B459D61E84A-1080x810.jpeg 1080w, https:\/\/wettbewerb-archiv.wir-tun-was-fuer-bienen.de\/archiv-2018\/wp-content\/uploads\/sites\/2\/2018\/04\/B58D969B-F276-4492-A7B0-8B459D61E84A.jpeg 1920w\" sizes=\"(max-width: 400px) 100vw, 400px\" \/>                    <\/div>\n    <\/a>\n\n    <div class=\"images-grid\"><span><a href=\"https:\/\/wettbewerb-archiv.wir-tun-was-fuer-bienen.de\/archiv-2018\/eintrag\/bommelbande\/\"><img decoding=\"async\" width=\"150\" height=\"150\" src=\"https:\/\/wettbewerb-archiv.wir-tun-was-fuer-bienen.de\/archiv-2018\/wp-content\/uploads\/sites\/2\/2018\/04\/53CA2EB4-D4AA-4F86-8539-CDE0AEFBBC68-150x150.jpg\" class=\"attachment-thumbnail size-thumbnail\" alt=\"\" loading=\"lazy\" \/><\/a><\/span><span><a href=\"https:\/\/wettbewerb-archiv.wir-tun-was-fuer-bienen.de\/archiv-2018\/eintrag\/bommelbande\/\"><img decoding=\"async\" width=\"150\" height=\"150\" src=\"https:\/\/wettbewerb-archiv.wir-tun-was-fuer-bienen.de\/archiv-2018\/wp-content\/uploads\/sites\/2\/2018\/04\/86CE8603-A3B7-4617-927B-9C9BE6D0B90A-150x150.jpeg\" class=\"attachment-thumbnail size-thumbnail\" alt=\"\" loading=\"lazy\" \/><\/a><\/span><span><a href=\"https:\/\/wettbewerb-archiv.wir-tun-was-fuer-bienen.de\/archiv-2018\/eintrag\/bommelbande\/\"><img decoding=\"async\" width=\"150\" height=\"150\" src=\"https:\/\/wettbewerb-archiv.wir-tun-was-fuer-bienen.de\/archiv-2018\/wp-content\/uploads\/sites\/2\/2018\/04\/EF3D8855-D290-43ED-9A71-66AE5D788C1D-150x150.jpeg\" class=\"attachment-thumbnail size-thumbnail\" alt=\"\" loading=\"lazy\" \/><\/a><\/span><span><a href=\"https:\/\/wettbewerb-archiv.wir-tun-was-fuer-bienen.de\/archiv-2018\/eintrag\/bommelbande\/\"><img decoding=\"async\" width=\"150\" height=\"150\" src=\"https:\/\/wettbewerb-archiv.wir-tun-was-fuer-bienen.de\/archiv-2018\/wp-content\/uploads\/sites\/2\/2018\/04\/849A9A01-8A54-4BA8-BE23-D3112C93BBD6-150x150.jpeg\" class=\"attachment-thumbnail size-thumbnail\" alt=\"\" loading=\"lazy\" \/><\/a><\/span><\/div>\n\n    <div class=\"user flex\">\n        \n                    <img decoding=\"async\" src=\"https:\/\/wettbewerb-archiv.wir-tun-was-fuer-bienen.de\/archiv-2018\/wp-content\/themes\/bienen\/assets\/images\/avatar-placeholder.png\" style=\"border-radius: 30px;\" height=\"30\" width=\"30\">\n            Bommelbande            <\/div>\n    \n    \n            <p class=\"categories meta\" style=\"width: 100%\"><span class=\"fa fa-tag\"\n                                                             aria-hidden=\"true\"><\/span> Privatg\u00e4rten und G\u00e4rten von Mietwohnungen (kleiner als 500 Quadratmeter)        <\/p>\n    \n            <p class=\"categories meta\" style=\"width: 100%\"><span class=\"fa fa-map-marker\"\n                                                             aria-hidden=\"true\"><\/span> Nordrhein-Westfalen        <\/p>\n    \n<\/article>\n   \n\t\t\n          <article id=\"post-1165\" class=\"et_pb_post post-1165 wtwfb_entry type-wtwfb_entry status-publish has-post-thumbnail hentry wtwfb_category-privatgaerten-und-gaerten-von-mietwohnungen-kleiner-500-quadratmeter wtwfb_region-nordrhein-westfalen\">\n    <h2 class=\"entry-title\"><a href=\"https:\/\/wettbewerb-archiv.wir-tun-was-fuer-bienen.de\/archiv-2018\/eintrag\/hier-entsteht-ein-beet-bienenfreund\/\">Hier entsteht ein Beet Bienenfreund<\/a>\n    <\/h2>\n    <a href=\"https:\/\/wettbewerb-archiv.wir-tun-was-fuer-bienen.de\/archiv-2018\/eintrag\/hier-entsteht-ein-beet-bienenfreund\/\">\n        <div class=\"bienen-entry-image\">\n            <img decoding=\"async\" width=\"400\" height=\"300\" src=\"https:\/\/wettbewerb-archiv.wir-tun-was-fuer-bienen.de\/archiv-2018\/wp-content\/uploads\/sites\/2\/2018\/04\/EC7F450C-70AB-4BA7-ACFD-C0E63D8994C5-400x300.jpeg\" class=\"attachment-bienen-grid-thumb size-bienen-grid-thumb wp-post-image\" alt=\"\" loading=\"lazy\" srcset=\"https:\/\/wettbewerb-archiv.wir-tun-was-fuer-bienen.de\/archiv-2018\/wp-content\/uploads\/sites\/2\/2018\/04\/EC7F450C-70AB-4BA7-ACFD-C0E63D8994C5-400x300.jpeg 400w, https:\/\/wettbewerb-archiv.wir-tun-was-fuer-bienen.de\/archiv-2018\/wp-content\/uploads\/sites\/2\/2018\/04\/EC7F450C-70AB-4BA7-ACFD-C0E63D8994C5-300x225.jpeg 300w, https:\/\/wettbewerb-archiv.wir-tun-was-fuer-bienen.de\/archiv-2018\/wp-content\/uploads\/sites\/2\/2018\/04\/EC7F450C-70AB-4BA7-ACFD-C0E63D8994C5-768x576.jpeg 768w, https:\/\/wettbewerb-archiv.wir-tun-was-fuer-bienen.de\/archiv-2018\/wp-content\/uploads\/sites\/2\/2018\/04\/EC7F450C-70AB-4BA7-ACFD-C0E63D8994C5-1024x768.jpeg 1024w, https:\/\/wettbewerb-archiv.wir-tun-was-fuer-bienen.de\/archiv-2018\/wp-content\/uploads\/sites\/2\/2018\/04\/EC7F450C-70AB-4BA7-ACFD-C0E63D8994C5-510x382.jpeg 510w, https:\/\/wettbewerb-archiv.wir-tun-was-fuer-bienen.de\/archiv-2018\/wp-content\/uploads\/sites\/2\/2018\/04\/EC7F450C-70AB-4BA7-ACFD-C0E63D8994C5-1080x810.jpeg 1080w, https:\/\/wettbewerb-archiv.wir-tun-was-fuer-bienen.de\/archiv-2018\/wp-content\/uploads\/sites\/2\/2018\/04\/EC7F450C-70AB-4BA7-ACFD-C0E63D8994C5.jpeg 1920w\" sizes=\"(max-width: 400px) 100vw, 400px\" \/>                    <\/div>\n    <\/a>\n\n    <div class=\"images-grid\"><span><a href=\"https:\/\/wettbewerb-archiv.wir-tun-was-fuer-bienen.de\/archiv-2018\/eintrag\/hier-entsteht-ein-beet-bienenfreund\/\"><img decoding=\"async\" width=\"150\" height=\"150\" src=\"https:\/\/wettbewerb-archiv.wir-tun-was-fuer-bienen.de\/archiv-2018\/wp-content\/uploads\/sites\/2\/2018\/05\/33174621_2159557544061658_4307569705004040192_n-150x150.jpg\" class=\"attachment-thumbnail size-thumbnail\" alt=\"\" loading=\"lazy\" \/><\/a><\/span><span><a href=\"https:\/\/wettbewerb-archiv.wir-tun-was-fuer-bienen.de\/archiv-2018\/eintrag\/hier-entsteht-ein-beet-bienenfreund\/\"><img decoding=\"async\" width=\"150\" height=\"150\" src=\"https:\/\/wettbewerb-archiv.wir-tun-was-fuer-bienen.de\/archiv-2018\/wp-content\/uploads\/sites\/2\/2018\/05\/33377004_2159557554061657_8352280689869062144_n-150x150.jpg\" class=\"attachment-thumbnail size-thumbnail\" alt=\"\" loading=\"lazy\" \/><\/a><\/span><span><a href=\"https:\/\/wettbewerb-archiv.wir-tun-was-fuer-bienen.de\/archiv-2018\/eintrag\/hier-entsteht-ein-beet-bienenfreund\/\"><img decoding=\"async\" width=\"150\" height=\"150\" src=\"https:\/\/wettbewerb-archiv.wir-tun-was-fuer-bienen.de\/archiv-2018\/wp-content\/uploads\/sites\/2\/2018\/05\/33335217_2159557577394988_2884718722843410432_n-150x150.jpg\" class=\"attachment-thumbnail size-thumbnail\" alt=\"\" loading=\"lazy\" \/><\/a><\/span><\/div>\n\n    <div class=\"user flex\">\n        \n                    <img decoding=\"async\" src=\"https:\/\/wettbewerb-archiv.wir-tun-was-fuer-bienen.de\/archiv-2018\/wp-content\/themes\/bienen\/assets\/images\/avatar-placeholder.png\" style=\"border-radius: 30px;\" height=\"30\" width=\"30\">\n            Dorothee Baues            <\/div>\n    \n    \n            <p class=\"categories meta\" style=\"width: 100%\"><span class=\"fa fa-tag\"\n                                                             aria-hidden=\"true\"><\/span> Privatg\u00e4rten und G\u00e4rten von Mietwohnungen (kleiner als 500 Quadratmeter)        <\/p>\n    \n            <p class=\"categories meta\" style=\"width: 100%\"><span class=\"fa fa-map-marker\"\n                                                             aria-hidden=\"true\"><\/span> Nordrhein-Westfalen        <\/p>\n    \n<\/article>\n   \n\t\t\n          <article id=\"post-1151\" class=\"et_pb_post post-1151 wtwfb_entry type-wtwfb_entry status-publish has-post-thumbnail hentry wtwfb_category-firmen-institutions-und-vereinsgaerten wtwfb_region-bayern\">\n    <h2 class=\"entry-title\"><a href=\"https:\/\/wettbewerb-archiv.wir-tun-was-fuer-bienen.de\/archiv-2018\/eintrag\/der-permakulturverein-waldgeister-e-v-stellt-sich-vor\/\">Der Permakulturverein Waldgeister e. V. stellt sich vor<\/a>\n    <\/h2>\n    <a href=\"https:\/\/wettbewerb-archiv.wir-tun-was-fuer-bienen.de\/archiv-2018\/eintrag\/der-permakulturverein-waldgeister-e-v-stellt-sich-vor\/\">\n        <div class=\"bienen-entry-image\">\n            <img decoding=\"async\" width=\"400\" height=\"300\" src=\"https:\/\/wettbewerb-archiv.wir-tun-was-fuer-bienen.de\/archiv-2018\/wp-content\/uploads\/sites\/2\/2018\/04\/Lebenstr\u00e4ume-12.07.2017-tra-400x300.png\" class=\"attachment-bienen-grid-thumb size-bienen-grid-thumb wp-post-image\" alt=\"\" loading=\"lazy\" \/>                    <\/div>\n    <\/a>\n\n    <div class=\"images-grid\"><span><a href=\"https:\/\/wettbewerb-archiv.wir-tun-was-fuer-bienen.de\/archiv-2018\/eintrag\/der-permakulturverein-waldgeister-e-v-stellt-sich-vor\/\"><img decoding=\"async\" width=\"150\" height=\"150\" src=\"https:\/\/wettbewerb-archiv.wir-tun-was-fuer-bienen.de\/archiv-2018\/wp-content\/uploads\/sites\/2\/2018\/04\/20180321-Gemeinschaft-1-150x150.jpg\" class=\"attachment-thumbnail size-thumbnail\" alt=\"\" loading=\"lazy\" \/><\/a><\/span><span><a href=\"https:\/\/wettbewerb-archiv.wir-tun-was-fuer-bienen.de\/archiv-2018\/eintrag\/der-permakulturverein-waldgeister-e-v-stellt-sich-vor\/\"><img decoding=\"async\" width=\"150\" height=\"150\" src=\"https:\/\/wettbewerb-archiv.wir-tun-was-fuer-bienen.de\/archiv-2018\/wp-content\/uploads\/sites\/2\/2018\/04\/20180321-Gemeinschaft-4-150x150.jpg\" class=\"attachment-thumbnail size-thumbnail\" alt=\"\" loading=\"lazy\" \/><\/a><\/span><span><a href=\"https:\/\/wettbewerb-archiv.wir-tun-was-fuer-bienen.de\/archiv-2018\/eintrag\/der-permakulturverein-waldgeister-e-v-stellt-sich-vor\/\"><img decoding=\"async\" width=\"150\" height=\"150\" src=\"https:\/\/wettbewerb-archiv.wir-tun-was-fuer-bienen.de\/archiv-2018\/wp-content\/uploads\/sites\/2\/2018\/04\/20180321-Gemeinschaft-2-150x150.jpg\" class=\"attachment-thumbnail size-thumbnail\" alt=\"\" loading=\"lazy\" \/><\/a><\/span><span><a href=\"https:\/\/wettbewerb-archiv.wir-tun-was-fuer-bienen.de\/archiv-2018\/eintrag\/der-permakulturverein-waldgeister-e-v-stellt-sich-vor\/\"><img decoding=\"async\" width=\"150\" height=\"150\" src=\"https:\/\/wettbewerb-archiv.wir-tun-was-fuer-bienen.de\/archiv-2018\/wp-content\/uploads\/sites\/2\/2018\/04\/20180324-Blume-des-Jahres-150x150.jpg\" class=\"attachment-thumbnail size-thumbnail\" alt=\"\" loading=\"lazy\" \/><\/a><\/span><\/div>\n\n    <div class=\"user flex\">\n        \n                    <img decoding=\"async\" src=\"https:\/\/wettbewerb-archiv.wir-tun-was-fuer-bienen.de\/archiv-2018\/wp-content\/themes\/bienen\/assets\/images\/avatar-placeholder.png\" style=\"border-radius: 30px;\" height=\"30\" width=\"30\">\n            Permakulturverein Waldgeister e. V.            <\/div>\n    \n    \n            <p class=\"categories meta\" style=\"width: 100%\"><span class=\"fa fa-tag\"\n                                                             aria-hidden=\"true\"><\/span> Firmen-, Institutions- und Vereinsg\u00e4rten        <\/p>\n    \n            <p class=\"categories meta\" style=\"width: 100%\"><span class=\"fa fa-map-marker\"\n                                                             aria-hidden=\"true\"><\/span> Bayern        <\/p>\n    \n<\/article>\n   \n\t\t\n          <article id=\"post-1146\" class=\"et_pb_post post-1146 wtwfb_entry type-wtwfb_entry status-publish has-post-thumbnail hentry wtwfb_category-schul-und-jugendclub-gaerten wtwfb_region-sachsen-anhalt\">\n    <h2 class=\"entry-title\"><a href=\"https:\/\/wettbewerb-archiv.wir-tun-was-fuer-bienen.de\/archiv-2018\/eintrag\/wir-tun-was-fuer-bienen\/\">Wir tun was f\u00fcr Bienen<\/a>\n    <\/h2>\n    <a href=\"https:\/\/wettbewerb-archiv.wir-tun-was-fuer-bienen.de\/archiv-2018\/eintrag\/wir-tun-was-fuer-bienen\/\">\n        <div class=\"bienen-entry-image\">\n            <img decoding=\"async\" width=\"240\" height=\"300\" src=\"https:\/\/wettbewerb-archiv.wir-tun-was-fuer-bienen.de\/archiv-2018\/wp-content\/uploads\/sites\/2\/2018\/04\/IMG_0973-240x300.jpeg\" class=\"attachment-bienen-grid-thumb size-bienen-grid-thumb wp-post-image\" alt=\"\" loading=\"lazy\" \/>                    <\/div>\n    <\/a>\n\n    <div class=\"images-grid\"><span><a href=\"https:\/\/wettbewerb-archiv.wir-tun-was-fuer-bienen.de\/archiv-2018\/eintrag\/wir-tun-was-fuer-bienen\/\"><img decoding=\"async\" width=\"150\" height=\"150\" src=\"https:\/\/wettbewerb-archiv.wir-tun-was-fuer-bienen.de\/archiv-2018\/wp-content\/uploads\/sites\/2\/2018\/05\/IMG_7175-150x150.jpg\" class=\"attachment-thumbnail size-thumbnail\" alt=\"\" loading=\"lazy\" \/><\/a><\/span><span><a href=\"https:\/\/wettbewerb-archiv.wir-tun-was-fuer-bienen.de\/archiv-2018\/eintrag\/wir-tun-was-fuer-bienen\/\"><img decoding=\"async\" width=\"150\" height=\"150\" src=\"https:\/\/wettbewerb-archiv.wir-tun-was-fuer-bienen.de\/archiv-2018\/wp-content\/uploads\/sites\/2\/2018\/05\/IMG_7181-150x150.jpg\" class=\"attachment-thumbnail size-thumbnail\" alt=\"\" loading=\"lazy\" \/><\/a><\/span><span><a href=\"https:\/\/wettbewerb-archiv.wir-tun-was-fuer-bienen.de\/archiv-2018\/eintrag\/wir-tun-was-fuer-bienen\/\"><img decoding=\"async\" width=\"150\" height=\"150\" src=\"https:\/\/wettbewerb-archiv.wir-tun-was-fuer-bienen.de\/archiv-2018\/wp-content\/uploads\/sites\/2\/2018\/05\/IMG_7183-150x150.jpg\" class=\"attachment-thumbnail size-thumbnail\" alt=\"\" loading=\"lazy\" \/><\/a><\/span><span><a href=\"https:\/\/wettbewerb-archiv.wir-tun-was-fuer-bienen.de\/archiv-2018\/eintrag\/wir-tun-was-fuer-bienen\/\"><img decoding=\"async\" width=\"150\" height=\"150\" src=\"https:\/\/wettbewerb-archiv.wir-tun-was-fuer-bienen.de\/archiv-2018\/wp-content\/uploads\/sites\/2\/2018\/05\/IMG_7187-150x150.jpg\" class=\"attachment-thumbnail size-thumbnail\" alt=\"\" loading=\"lazy\" \/><\/a><\/span><\/div>\n\n    <div class=\"user flex\">\n        \n                    <img decoding=\"async\" src=\"https:\/\/wettbewerb-archiv.wir-tun-was-fuer-bienen.de\/archiv-2018\/wp-content\/themes\/bienen\/assets\/images\/avatar-placeholder.png\" style=\"border-radius: 30px;\" height=\"30\" width=\"30\">\n            Sylvie Ebermann            <\/div>\n    \n    \n            <p class=\"categories meta\" style=\"width: 100%\"><span class=\"fa fa-tag\"\n                                                             aria-hidden=\"true\"><\/span> Schul- und Jugendclub-G\u00e4rten        <\/p>\n    \n            <p class=\"categories meta\" style=\"width: 100%\"><span class=\"fa fa-map-marker\"\n                                                             aria-hidden=\"true\"><\/span> Sachsen-Anhalt        <\/p>\n    \n<\/article>\n   \n\t\t\n          <article id=\"post-1136\" class=\"et_pb_post post-1136 wtwfb_entry type-wtwfb_entry status-publish has-post-thumbnail hentry wtwfb_category-schul-und-jugendclub-gaerten wtwfb_region-niedersachsen\">\n    <h2 class=\"entry-title\"><a href=\"https:\/\/wettbewerb-archiv.wir-tun-was-fuer-bienen.de\/archiv-2018\/eintrag\/vorher\/\">Vorher<\/a>\n    <\/h2>\n    <a href=\"https:\/\/wettbewerb-archiv.wir-tun-was-fuer-bienen.de\/archiv-2018\/eintrag\/vorher\/\">\n        <div class=\"bienen-entry-image\">\n            <img decoding=\"async\" width=\"400\" height=\"300\" src=\"https:\/\/wettbewerb-archiv.wir-tun-was-fuer-bienen.de\/archiv-2018\/wp-content\/uploads\/sites\/2\/2018\/04\/20170612_095837-400x300.jpg\" class=\"attachment-bienen-grid-thumb size-bienen-grid-thumb wp-post-image\" alt=\"\" loading=\"lazy\" srcset=\"https:\/\/wettbewerb-archiv.wir-tun-was-fuer-bienen.de\/archiv-2018\/wp-content\/uploads\/sites\/2\/2018\/04\/20170612_095837-400x300.jpg 400w, https:\/\/wettbewerb-archiv.wir-tun-was-fuer-bienen.de\/archiv-2018\/wp-content\/uploads\/sites\/2\/2018\/04\/20170612_095837-300x225.jpg 300w, https:\/\/wettbewerb-archiv.wir-tun-was-fuer-bienen.de\/archiv-2018\/wp-content\/uploads\/sites\/2\/2018\/04\/20170612_095837-768x576.jpg 768w, https:\/\/wettbewerb-archiv.wir-tun-was-fuer-bienen.de\/archiv-2018\/wp-content\/uploads\/sites\/2\/2018\/04\/20170612_095837-1024x768.jpg 1024w, https:\/\/wettbewerb-archiv.wir-tun-was-fuer-bienen.de\/archiv-2018\/wp-content\/uploads\/sites\/2\/2018\/04\/20170612_095837-510x382.jpg 510w, https:\/\/wettbewerb-archiv.wir-tun-was-fuer-bienen.de\/archiv-2018\/wp-content\/uploads\/sites\/2\/2018\/04\/20170612_095837-1080x810.jpg 1080w, https:\/\/wettbewerb-archiv.wir-tun-was-fuer-bienen.de\/archiv-2018\/wp-content\/uploads\/sites\/2\/2018\/04\/20170612_095837.jpg 1600w\" sizes=\"(max-width: 400px) 100vw, 400px\" \/>                    <\/div>\n    <\/a>\n\n    <div class=\"images-grid\"><span><a href=\"https:\/\/wettbewerb-archiv.wir-tun-was-fuer-bienen.de\/archiv-2018\/eintrag\/vorher\/\"><img decoding=\"async\" width=\"150\" height=\"150\" src=\"https:\/\/wettbewerb-archiv.wir-tun-was-fuer-bienen.de\/archiv-2018\/wp-content\/uploads\/sites\/2\/2018\/06\/Kita-Kinder-bauen-mit-ihren-Vaetern-ein-Bienenhotel_big_teaser_article-150x150.jpg\" class=\"attachment-thumbnail size-thumbnail\" alt=\"\" loading=\"lazy\" \/><\/a><\/span><span><a href=\"https:\/\/wettbewerb-archiv.wir-tun-was-fuer-bienen.de\/archiv-2018\/eintrag\/vorher\/\"><img decoding=\"async\" width=\"150\" height=\"150\" src=\"https:\/\/wettbewerb-archiv.wir-tun-was-fuer-bienen.de\/archiv-2018\/wp-content\/uploads\/sites\/2\/2018\/06\/20180627_115934-150x150.jpg\" class=\"attachment-thumbnail size-thumbnail\" alt=\"\" loading=\"lazy\" \/><\/a><\/span><span><a href=\"https:\/\/wettbewerb-archiv.wir-tun-was-fuer-bienen.de\/archiv-2018\/eintrag\/vorher\/\"><img decoding=\"async\" width=\"150\" height=\"150\" src=\"https:\/\/wettbewerb-archiv.wir-tun-was-fuer-bienen.de\/archiv-2018\/wp-content\/uploads\/sites\/2\/2018\/06\/IMG-20180514-WA0001-150x150.jpg\" class=\"attachment-thumbnail size-thumbnail\" alt=\"\" loading=\"lazy\" \/><\/a><\/span><\/div>\n\n    <div class=\"user flex\">\n        \n                    <img decoding=\"async\" src=\"https:\/\/wettbewerb-archiv.wir-tun-was-fuer-bienen.de\/archiv-2018\/wp-content\/themes\/bienen\/assets\/images\/avatar-placeholder.png\" style=\"border-radius: 30px;\" height=\"30\" width=\"30\">\n            Manuela Schilk            <\/div>\n    \n    \n            <p class=\"categories meta\" style=\"width: 100%\"><span class=\"fa fa-tag\"\n                                                             aria-hidden=\"true\"><\/span> Schul- und Jugendclub-G\u00e4rten        <\/p>\n    \n            <p class=\"categories meta\" style=\"width: 100%\"><span class=\"fa fa-map-marker\"\n                                                             aria-hidden=\"true\"><\/span> Niedersachsen        <\/p>\n    \n<\/article>\n   \n\t\t\n          <article id=\"post-1124\" class=\"et_pb_post post-1124 wtwfb_entry type-wtwfb_entry status-publish has-post-thumbnail hentry wtwfb_category-kommunale-flaechen-parks-baumscheiben wtwfb_region-bayern\">\n    <h2 class=\"entry-title\"><a href=\"https:\/\/wettbewerb-archiv.wir-tun-was-fuer-bienen.de\/archiv-2018\/eintrag\/lauingen-blueht\/\">Lauingen bl\u00fcht<\/a>\n    <\/h2>\n    <a href=\"https:\/\/wettbewerb-archiv.wir-tun-was-fuer-bienen.de\/archiv-2018\/eintrag\/lauingen-blueht\/\">\n        <div class=\"bienen-entry-image\">\n            <img decoding=\"async\" width=\"400\" height=\"300\" src=\"https:\/\/wettbewerb-archiv.wir-tun-was-fuer-bienen.de\/archiv-2018\/wp-content\/uploads\/sites\/2\/2018\/04\/20170720_111114-400x300.jpg\" class=\"attachment-bienen-grid-thumb size-bienen-grid-thumb wp-post-image\" alt=\"\" loading=\"lazy\" srcset=\"https:\/\/wettbewerb-archiv.wir-tun-was-fuer-bienen.de\/archiv-2018\/wp-content\/uploads\/sites\/2\/2018\/04\/20170720_111114-400x300.jpg 400w, https:\/\/wettbewerb-archiv.wir-tun-was-fuer-bienen.de\/archiv-2018\/wp-content\/uploads\/sites\/2\/2018\/04\/20170720_111114-300x225.jpg 300w, https:\/\/wettbewerb-archiv.wir-tun-was-fuer-bienen.de\/archiv-2018\/wp-content\/uploads\/sites\/2\/2018\/04\/20170720_111114-768x576.jpg 768w, https:\/\/wettbewerb-archiv.wir-tun-was-fuer-bienen.de\/archiv-2018\/wp-content\/uploads\/sites\/2\/2018\/04\/20170720_111114-1024x768.jpg 1024w, https:\/\/wettbewerb-archiv.wir-tun-was-fuer-bienen.de\/archiv-2018\/wp-content\/uploads\/sites\/2\/2018\/04\/20170720_111114-510x382.jpg 510w, https:\/\/wettbewerb-archiv.wir-tun-was-fuer-bienen.de\/archiv-2018\/wp-content\/uploads\/sites\/2\/2018\/04\/20170720_111114-1080x810.jpg 1080w, https:\/\/wettbewerb-archiv.wir-tun-was-fuer-bienen.de\/archiv-2018\/wp-content\/uploads\/sites\/2\/2018\/04\/20170720_111114.jpg 1920w\" sizes=\"(max-width: 400px) 100vw, 400px\" \/>                    <\/div>\n    <\/a>\n\n    <div class=\"images-grid\"><span><a href=\"https:\/\/wettbewerb-archiv.wir-tun-was-fuer-bienen.de\/archiv-2018\/eintrag\/lauingen-blueht\/\"><img decoding=\"async\" width=\"150\" height=\"150\" src=\"https:\/\/wettbewerb-archiv.wir-tun-was-fuer-bienen.de\/archiv-2018\/wp-content\/uploads\/sites\/2\/2018\/04\/IMG_4358-150x150.jpg\" class=\"attachment-thumbnail size-thumbnail\" alt=\"\" loading=\"lazy\" \/><\/a><\/span><span><a href=\"https:\/\/wettbewerb-archiv.wir-tun-was-fuer-bienen.de\/archiv-2018\/eintrag\/lauingen-blueht\/\"><img decoding=\"async\" width=\"150\" height=\"150\" src=\"https:\/\/wettbewerb-archiv.wir-tun-was-fuer-bienen.de\/archiv-2018\/wp-content\/uploads\/sites\/2\/2018\/04\/IMG_5005-150x150.jpg\" class=\"attachment-thumbnail size-thumbnail\" alt=\"\" loading=\"lazy\" \/><\/a><\/span><span><a href=\"https:\/\/wettbewerb-archiv.wir-tun-was-fuer-bienen.de\/archiv-2018\/eintrag\/lauingen-blueht\/\"><img decoding=\"async\" width=\"150\" height=\"150\" src=\"https:\/\/wettbewerb-archiv.wir-tun-was-fuer-bienen.de\/archiv-2018\/wp-content\/uploads\/sites\/2\/2018\/04\/IMG_5330-150x150.jpg\" class=\"attachment-thumbnail size-thumbnail\" alt=\"\" loading=\"lazy\" \/><\/a><\/span><span><a href=\"https:\/\/wettbewerb-archiv.wir-tun-was-fuer-bienen.de\/archiv-2018\/eintrag\/lauingen-blueht\/\"><img decoding=\"async\" width=\"150\" height=\"150\" src=\"https:\/\/wettbewerb-archiv.wir-tun-was-fuer-bienen.de\/archiv-2018\/wp-content\/uploads\/sites\/2\/2018\/04\/20180417_150723-150x150.jpg\" class=\"attachment-thumbnail size-thumbnail\" alt=\"\" loading=\"lazy\" \/><\/a><\/span><\/div>\n\n    <div class=\"user flex\">\n                    <img decoding=\"async\" src=\"https:\/\/wettbewerb-archiv.wir-tun-was-fuer-bienen.de\/archiv-2018\/wp-content\/themes\/bienen\/assets\/images\/avatar-placeholder.png\" style=\"border-radius: 30px;\" height=\"30\" width=\"30\">\n            <a href=\"https:\/\/wettbewerb-archiv.wir-tun-was-fuer-bienen.de\/archiv-2018\/gruppe\/gruene-stadt\/\" title=\"Beitr\u00e4ge von Gr\u00fcne Stadt\"\n               rel=\"author\">Gr\u00fcne Stadt<\/a>\n            <\/div>\n    \n    <p class=\"categories meta bienen-gewinner\"><span class=\"fa fa-trophy\"                                                              aria-hidden=\"true\"><\/span> Gewinner<\/p>\n            <p class=\"categories meta\" style=\"width: 100%\"><span class=\"fa fa-tag\"\n                                                             aria-hidden=\"true\"><\/span> Kommunale Fl\u00e4chen, Parks, Baumscheiben        <\/p>\n    \n            <p class=\"categories meta\" style=\"width: 100%\"><span class=\"fa fa-map-marker\"\n                                                             aria-hidden=\"true\"><\/span> Bayern        <\/p>\n    \n<\/article>\n   \n\t\t\n          <article id=\"post-1094\" class=\"et_pb_post post-1094 wtwfb_entry type-wtwfb_entry status-publish has-post-thumbnail hentry wtwfb_category-schul-und-jugendclub-gaerten wtwfb_region-baden-wuerttemberg\">\n    <h2 class=\"entry-title\"><a href=\"https:\/\/wettbewerb-archiv.wir-tun-was-fuer-bienen.de\/archiv-2018\/eintrag\/unser-projekt-wildbienenretter-startet\/\">Unser Projekt Wildbienenretter startet<\/a>\n    <\/h2>\n    <a href=\"https:\/\/wettbewerb-archiv.wir-tun-was-fuer-bienen.de\/archiv-2018\/eintrag\/unser-projekt-wildbienenretter-startet\/\">\n        <div class=\"bienen-entry-image\">\n            <img decoding=\"async\" width=\"400\" height=\"300\" src=\"https:\/\/wettbewerb-archiv.wir-tun-was-fuer-bienen.de\/archiv-2018\/wp-content\/uploads\/sites\/2\/2018\/04\/IMG_6566-1-400x300.jpg\" class=\"attachment-bienen-grid-thumb size-bienen-grid-thumb wp-post-image\" alt=\"\" loading=\"lazy\" srcset=\"https:\/\/wettbewerb-archiv.wir-tun-was-fuer-bienen.de\/archiv-2018\/wp-content\/uploads\/sites\/2\/2018\/04\/IMG_6566-1-400x300.jpg 400w, https:\/\/wettbewerb-archiv.wir-tun-was-fuer-bienen.de\/archiv-2018\/wp-content\/uploads\/sites\/2\/2018\/04\/IMG_6566-1-510x382.jpg 510w\" sizes=\"(max-width: 400px) 100vw, 400px\" \/>                    <\/div>\n    <\/a>\n\n    <div class=\"images-grid\"><span><a href=\"https:\/\/wettbewerb-archiv.wir-tun-was-fuer-bienen.de\/archiv-2018\/eintrag\/unser-projekt-wildbienenretter-startet\/\"><img decoding=\"async\" width=\"150\" height=\"150\" src=\"https:\/\/wettbewerb-archiv.wir-tun-was-fuer-bienen.de\/archiv-2018\/wp-content\/uploads\/sites\/2\/2018\/04\/k-IMG_6574-150x150.jpg\" class=\"attachment-thumbnail size-thumbnail\" alt=\"\" loading=\"lazy\" \/><\/a><\/span><span><a href=\"https:\/\/wettbewerb-archiv.wir-tun-was-fuer-bienen.de\/archiv-2018\/eintrag\/unser-projekt-wildbienenretter-startet\/\"><img decoding=\"async\" width=\"150\" height=\"150\" src=\"https:\/\/wettbewerb-archiv.wir-tun-was-fuer-bienen.de\/archiv-2018\/wp-content\/uploads\/sites\/2\/2018\/04\/k-IMG_6579-150x150.jpg\" class=\"attachment-thumbnail size-thumbnail\" alt=\"\" loading=\"lazy\" \/><\/a><\/span><span><a href=\"https:\/\/wettbewerb-archiv.wir-tun-was-fuer-bienen.de\/archiv-2018\/eintrag\/unser-projekt-wildbienenretter-startet\/\"><img decoding=\"async\" width=\"150\" height=\"150\" src=\"https:\/\/wettbewerb-archiv.wir-tun-was-fuer-bienen.de\/archiv-2018\/wp-content\/uploads\/sites\/2\/2018\/05\/k-IMG_6649-1-150x150.jpg\" class=\"attachment-thumbnail size-thumbnail\" alt=\"\" loading=\"lazy\" \/><\/a><\/span><span><a href=\"https:\/\/wettbewerb-archiv.wir-tun-was-fuer-bienen.de\/archiv-2018\/eintrag\/unser-projekt-wildbienenretter-startet\/\"><img decoding=\"async\" width=\"150\" height=\"150\" src=\"https:\/\/wettbewerb-archiv.wir-tun-was-fuer-bienen.de\/archiv-2018\/wp-content\/uploads\/sites\/2\/2018\/05\/k-IMG_6710-150x150.jpg\" class=\"attachment-thumbnail size-thumbnail\" alt=\"\" loading=\"lazy\" \/><\/a><\/span><\/div>\n\n    <div class=\"user flex\">\n                    <img decoding=\"async\" src=\"https:\/\/wettbewerb-archiv.wir-tun-was-fuer-bienen.de\/archiv-2018\/wp-content\/themes\/bienen\/assets\/images\/avatar-placeholder.png\" style=\"border-radius: 30px;\" height=\"30\" width=\"30\">\n            <a href=\"https:\/\/wettbewerb-archiv.wir-tun-was-fuer-bienen.de\/archiv-2018\/gruppe\/montessori-kinderhaus-3-linden-vogelnestgruppe\/\" title=\"Beitr\u00e4ge von Montessori Kinderhaus 3 Linden &#8220;Vogelnestgruppe&#8221;\"\n               rel=\"author\">Montessori Kinderhaus 3 Linden &#8220;Vogelnestgruppe&#8221;<\/a>\n            <\/div>\n    \n    <p class=\"categories meta bienen-gewinner\"><span class=\"fa fa-trophy\"                                                              aria-hidden=\"true\"><\/span> Gewinner<\/p>\n            <p class=\"categories meta\" style=\"width: 100%\"><span class=\"fa fa-tag\"\n                                                             aria-hidden=\"true\"><\/span> Schul- und Jugendclub-G\u00e4rten        <\/p>\n    \n            <p class=\"categories meta\" style=\"width: 100%\"><span class=\"fa fa-map-marker\"\n                                                             aria-hidden=\"true\"><\/span> Baden-W\u00fcrttemberg        <\/p>\n    \n<\/article>\n   \n\t\t\n          <article id=\"post-1057\" class=\"et_pb_post post-1057 wtwfb_entry type-wtwfb_entry status-publish has-post-thumbnail hentry wtwfb_category-kleingartenwesen-parzellen-und-gemeinschaftsgaerten wtwfb_region-nordrhein-westfalen\">\n    <h2 class=\"entry-title\"><a href=\"https:\/\/wettbewerb-archiv.wir-tun-was-fuer-bienen.de\/archiv-2018\/eintrag\/kgv-ontario-e-v\/\">KgV Ontario e.V.<\/a>\n    <\/h2>\n    <a href=\"https:\/\/wettbewerb-archiv.wir-tun-was-fuer-bienen.de\/archiv-2018\/eintrag\/kgv-ontario-e-v\/\">\n        <div class=\"bienen-entry-image\">\n            <img decoding=\"async\" width=\"400\" height=\"300\" src=\"https:\/\/wettbewerb-archiv.wir-tun-was-fuer-bienen.de\/archiv-2018\/wp-content\/uploads\/sites\/2\/2018\/04\/DSC02916-400x300.jpg\" class=\"attachment-bienen-grid-thumb size-bienen-grid-thumb wp-post-image\" alt=\"\" loading=\"lazy\" srcset=\"https:\/\/wettbewerb-archiv.wir-tun-was-fuer-bienen.de\/archiv-2018\/wp-content\/uploads\/sites\/2\/2018\/04\/DSC02916-400x300.jpg 400w, https:\/\/wettbewerb-archiv.wir-tun-was-fuer-bienen.de\/archiv-2018\/wp-content\/uploads\/sites\/2\/2018\/04\/DSC02916-300x225.jpg 300w, https:\/\/wettbewerb-archiv.wir-tun-was-fuer-bienen.de\/archiv-2018\/wp-content\/uploads\/sites\/2\/2018\/04\/DSC02916-768x576.jpg 768w, https:\/\/wettbewerb-archiv.wir-tun-was-fuer-bienen.de\/archiv-2018\/wp-content\/uploads\/sites\/2\/2018\/04\/DSC02916-1024x768.jpg 1024w, https:\/\/wettbewerb-archiv.wir-tun-was-fuer-bienen.de\/archiv-2018\/wp-content\/uploads\/sites\/2\/2018\/04\/DSC02916-510x382.jpg 510w, https:\/\/wettbewerb-archiv.wir-tun-was-fuer-bienen.de\/archiv-2018\/wp-content\/uploads\/sites\/2\/2018\/04\/DSC02916-1080x810.jpg 1080w, https:\/\/wettbewerb-archiv.wir-tun-was-fuer-bienen.de\/archiv-2018\/wp-content\/uploads\/sites\/2\/2018\/04\/DSC02916.jpg 1920w\" sizes=\"(max-width: 400px) 100vw, 400px\" \/>                    <\/div>\n    <\/a>\n\n    <div class=\"images-grid\"><span><a href=\"https:\/\/wettbewerb-archiv.wir-tun-was-fuer-bienen.de\/archiv-2018\/eintrag\/kgv-ontario-e-v\/\"><img decoding=\"async\" width=\"150\" height=\"150\" src=\"https:\/\/wettbewerb-archiv.wir-tun-was-fuer-bienen.de\/archiv-2018\/wp-content\/uploads\/sites\/2\/2018\/04\/1f225003-0f6d-4841-9d28-52bc32740e34-150x150.jpg\" class=\"attachment-thumbnail size-thumbnail\" alt=\"\" loading=\"lazy\" \/><\/a><\/span><span><a href=\"https:\/\/wettbewerb-archiv.wir-tun-was-fuer-bienen.de\/archiv-2018\/eintrag\/kgv-ontario-e-v\/\"><img decoding=\"async\" width=\"150\" height=\"150\" src=\"https:\/\/wettbewerb-archiv.wir-tun-was-fuer-bienen.de\/archiv-2018\/wp-content\/uploads\/sites\/2\/2018\/04\/7625a78e-25ed-47f8-a516-fa81f7026a0b-150x150.jpg\" class=\"attachment-thumbnail size-thumbnail\" alt=\"\" loading=\"lazy\" \/><\/a><\/span><\/div>\n\n    <div class=\"user flex\">\n        \n                    <img decoding=\"async\" src=\"https:\/\/wettbewerb-archiv.wir-tun-was-fuer-bienen.de\/archiv-2018\/wp-content\/themes\/bienen\/assets\/images\/avatar-placeholder.png\" style=\"border-radius: 30px;\" height=\"30\" width=\"30\">\n            Svetlana Seibel            <\/div>\n    \n    \n            <p class=\"categories meta\" style=\"width: 100%\"><span class=\"fa fa-tag\"\n                                                             aria-hidden=\"true\"><\/span> Kleingartenwesen: Parzellen und Gemeinschaftsg\u00e4rten        <\/p>\n    \n            <p class=\"categories meta\" style=\"width: 100%\"><span class=\"fa fa-map-marker\"\n                                                             aria-hidden=\"true\"><\/span> Nordrhein-Westfalen        <\/p>\n    \n<\/article>\n   \n\t\t\n          <article id=\"post-1014\" class=\"et_pb_post post-1014 wtwfb_entry type-wtwfb_entry status-publish has-post-thumbnail hentry wtwfb_category-schul-und-jugendclub-gaerten wtwfb_region-bayern\">\n    <h2 class=\"entry-title\"><a href=\"https:\/\/wettbewerb-archiv.wir-tun-was-fuer-bienen.de\/archiv-2018\/eintrag\/wir-wollen-monheim-bluehen-lassen\/\">Wir lassen Monheim bl\u00fchen!<\/a>\n    <\/h2>\n    <a href=\"https:\/\/wettbewerb-archiv.wir-tun-was-fuer-bienen.de\/archiv-2018\/eintrag\/wir-wollen-monheim-bluehen-lassen\/\">\n        <div class=\"bienen-entry-image\">\n            <img decoding=\"async\" width=\"400\" height=\"300\" src=\"https:\/\/wettbewerb-archiv.wir-tun-was-fuer-bienen.de\/archiv-2018\/wp-content\/uploads\/sites\/2\/2018\/04\/Samen-auf-Hand-400x300.jpg\" class=\"attachment-bienen-grid-thumb size-bienen-grid-thumb wp-post-image\" alt=\"\" loading=\"lazy\" srcset=\"https:\/\/wettbewerb-archiv.wir-tun-was-fuer-bienen.de\/archiv-2018\/wp-content\/uploads\/sites\/2\/2018\/04\/Samen-auf-Hand-400x300.jpg 400w, https:\/\/wettbewerb-archiv.wir-tun-was-fuer-bienen.de\/archiv-2018\/wp-content\/uploads\/sites\/2\/2018\/04\/Samen-auf-Hand-510x382.jpg 510w\" sizes=\"(max-width: 400px) 100vw, 400px\" \/>                    <\/div>\n    <\/a>\n\n    <div class=\"images-grid\"><span><a href=\"https:\/\/wettbewerb-archiv.wir-tun-was-fuer-bienen.de\/archiv-2018\/eintrag\/wir-wollen-monheim-bluehen-lassen\/\"><img decoding=\"async\" width=\"150\" height=\"150\" src=\"https:\/\/wettbewerb-archiv.wir-tun-was-fuer-bienen.de\/archiv-2018\/wp-content\/uploads\/sites\/2\/2018\/07\/CIMG4967-150x150.jpg\" class=\"attachment-thumbnail size-thumbnail\" alt=\"\" loading=\"lazy\" \/><\/a><\/span><span><a href=\"https:\/\/wettbewerb-archiv.wir-tun-was-fuer-bienen.de\/archiv-2018\/eintrag\/wir-wollen-monheim-bluehen-lassen\/\"><img decoding=\"async\" width=\"150\" height=\"150\" src=\"https:\/\/wettbewerb-archiv.wir-tun-was-fuer-bienen.de\/archiv-2018\/wp-content\/uploads\/sites\/2\/2018\/04\/Sonnenblumenpflanzen-150x150.jpg\" class=\"attachment-thumbnail size-thumbnail\" alt=\"\" loading=\"lazy\" \/><\/a><\/span><span><a href=\"https:\/\/wettbewerb-archiv.wir-tun-was-fuer-bienen.de\/archiv-2018\/eintrag\/wir-wollen-monheim-bluehen-lassen\/\"><img decoding=\"async\" width=\"150\" height=\"150\" src=\"https:\/\/wettbewerb-archiv.wir-tun-was-fuer-bienen.de\/archiv-2018\/wp-content\/uploads\/sites\/2\/2018\/07\/einpflanzen-150x150.jpg\" class=\"attachment-thumbnail size-thumbnail\" alt=\"\" loading=\"lazy\" \/><\/a><\/span><span><a href=\"https:\/\/wettbewerb-archiv.wir-tun-was-fuer-bienen.de\/archiv-2018\/eintrag\/wir-wollen-monheim-bluehen-lassen\/\"><img decoding=\"async\" width=\"150\" height=\"150\" src=\"https:\/\/wettbewerb-archiv.wir-tun-was-fuer-bienen.de\/archiv-2018\/wp-content\/uploads\/sites\/2\/2018\/05\/Delfinengruppe-150x150.jpg\" class=\"attachment-thumbnail size-thumbnail\" alt=\"\" loading=\"lazy\" \/><\/a><\/span><\/div>\n\n    <div class=\"user flex\">\n        \n                    <img decoding=\"async\" src=\"https:\/\/wettbewerb-archiv.wir-tun-was-fuer-bienen.de\/archiv-2018\/wp-content\/themes\/bienen\/assets\/images\/avatar-placeholder.png\" style=\"border-radius: 30px;\" height=\"30\" width=\"30\">\n            Kindergarten Monheim            <\/div>\n    \n    <p class=\"categories meta bienen-gewinner\"><span class=\"fa fa-trophy\"                                                              aria-hidden=\"true\"><\/span> Gewinner<\/p>\n            <p class=\"categories meta\" style=\"width: 100%\"><span class=\"fa fa-tag\"\n                                                             aria-hidden=\"true\"><\/span> Schul- und Jugendclub-G\u00e4rten        <\/p>\n    \n            <p class=\"categories meta\" style=\"width: 100%\"><span class=\"fa fa-map-marker\"\n                                                             aria-hidden=\"true\"><\/span> Bayern        <\/p>\n    \n<\/article>\n   \n\t\t\n          <article id=\"post-1005\" class=\"et_pb_post post-1005 wtwfb_entry type-wtwfb_entry status-publish has-post-thumbnail hentry wtwfb_category-kommunale-flaechen-parks-baumscheiben wtwfb_region-rheinland-pfalz\">\n    <h2 class=\"entry-title\"><a href=\"https:\/\/wettbewerb-archiv.wir-tun-was-fuer-bienen.de\/archiv-2018\/eintrag\/projekt-1-sitzplaetz-vor-dem-buergerhaus\/\">Begegnungsplatz vor dem B\u00fcrgerhaus soll summen<\/a>\n    <\/h2>\n    <a href=\"https:\/\/wettbewerb-archiv.wir-tun-was-fuer-bienen.de\/archiv-2018\/eintrag\/projekt-1-sitzplaetz-vor-dem-buergerhaus\/\">\n        <div class=\"bienen-entry-image\">\n            <img decoding=\"async\" width=\"400\" height=\"300\" src=\"https:\/\/wettbewerb-archiv.wir-tun-was-fuer-bienen.de\/archiv-2018\/wp-content\/uploads\/sites\/2\/2018\/04\/DSC_0805-3-1-400x300.jpg\" class=\"attachment-bienen-grid-thumb size-bienen-grid-thumb wp-post-image\" alt=\"\" loading=\"lazy\" srcset=\"https:\/\/wettbewerb-archiv.wir-tun-was-fuer-bienen.de\/archiv-2018\/wp-content\/uploads\/sites\/2\/2018\/04\/DSC_0805-3-1-400x300.jpg 400w, https:\/\/wettbewerb-archiv.wir-tun-was-fuer-bienen.de\/archiv-2018\/wp-content\/uploads\/sites\/2\/2018\/04\/DSC_0805-3-1-510x382.jpg 510w\" sizes=\"(max-width: 400px) 100vw, 400px\" \/>                    <\/div>\n    <\/a>\n\n    <div class=\"images-grid\"><span><a href=\"https:\/\/wettbewerb-archiv.wir-tun-was-fuer-bienen.de\/archiv-2018\/eintrag\/projekt-1-sitzplaetz-vor-dem-buergerhaus\/\"><img decoding=\"async\" width=\"150\" height=\"150\" src=\"https:\/\/wettbewerb-archiv.wir-tun-was-fuer-bienen.de\/archiv-2018\/wp-content\/uploads\/sites\/2\/2018\/07\/IMG_3611-150x150.jpg\" class=\"attachment-thumbnail size-thumbnail\" alt=\"\" loading=\"lazy\" \/><\/a><\/span><span><a href=\"https:\/\/wettbewerb-archiv.wir-tun-was-fuer-bienen.de\/archiv-2018\/eintrag\/projekt-1-sitzplaetz-vor-dem-buergerhaus\/\"><img decoding=\"async\" width=\"150\" height=\"150\" src=\"https:\/\/wettbewerb-archiv.wir-tun-was-fuer-bienen.de\/archiv-2018\/wp-content\/uploads\/sites\/2\/2018\/04\/IMG_3618-150x150.jpg\" class=\"attachment-thumbnail size-thumbnail\" alt=\"\" loading=\"lazy\" \/><\/a><\/span><span><a href=\"https:\/\/wettbewerb-archiv.wir-tun-was-fuer-bienen.de\/archiv-2018\/eintrag\/projekt-1-sitzplaetz-vor-dem-buergerhaus\/\"><img decoding=\"async\" width=\"150\" height=\"150\" src=\"https:\/\/wettbewerb-archiv.wir-tun-was-fuer-bienen.de\/archiv-2018\/wp-content\/uploads\/sites\/2\/2018\/05\/DSCN8638-150x150.jpg\" class=\"attachment-thumbnail size-thumbnail\" alt=\"\" loading=\"lazy\" \/><\/a><\/span><span><a href=\"https:\/\/wettbewerb-archiv.wir-tun-was-fuer-bienen.de\/archiv-2018\/eintrag\/projekt-1-sitzplaetz-vor-dem-buergerhaus\/\"><img decoding=\"async\" width=\"150\" height=\"150\" src=\"https:\/\/wettbewerb-archiv.wir-tun-was-fuer-bienen.de\/archiv-2018\/wp-content\/uploads\/sites\/2\/2018\/05\/IMG_8526-150x150.jpg\" class=\"attachment-thumbnail size-thumbnail\" alt=\"\" loading=\"lazy\" \/><\/a><\/span><\/div>\n\n    <div class=\"user flex\">\n                    <img decoding=\"async\" src=\"https:\/\/wettbewerb-archiv.wir-tun-was-fuer-bienen.de\/archiv-2018\/wp-content\/themes\/bienen\/assets\/images\/avatar-placeholder.png\" style=\"border-radius: 30px;\" height=\"30\" width=\"30\">\n            <a href=\"https:\/\/wettbewerb-archiv.wir-tun-was-fuer-bienen.de\/archiv-2018\/gruppe\/kehrig-summt-mit\/\" title=\"Beitr\u00e4ge von KEHRIG SUMMT MIT\"\n               rel=\"author\">KEHRIG SUMMT MIT<\/a>\n            <\/div>\n    \n    <p class=\"categories meta bienen-gewinner\"><span class=\"fa fa-trophy\"                                                              aria-hidden=\"true\"><\/span> Gewinner<\/p>\n            <p class=\"categories meta\" style=\"width: 100%\"><span class=\"fa fa-tag\"\n                                                             aria-hidden=\"true\"><\/span> Kommunale Fl\u00e4chen, Parks, Baumscheiben        <\/p>\n    \n            <p class=\"categories meta\" style=\"width: 100%\"><span class=\"fa fa-map-marker\"\n                                                             aria-hidden=\"true\"><\/span> Rheinland-Pfalz        <\/p>\n    \n<\/article>\n   \n\t\t\n          <article id=\"post-999\" class=\"et_pb_post post-999 wtwfb_entry type-wtwfb_entry status-publish has-post-thumbnail hentry wtwfb_category-firmen-institutions-und-vereinsgaerten wtwfb_region-niedersachsen\">\n    <h2 class=\"entry-title\"><a href=\"https:\/\/wettbewerb-archiv.wir-tun-was-fuer-bienen.de\/archiv-2018\/eintrag\/im-kleinen-paradies-soll-es-brummen-und-summen\/\">Im kleinen Paradies soll es brummen und summen!<\/a>\n    <\/h2>\n    <a href=\"https:\/\/wettbewerb-archiv.wir-tun-was-fuer-bienen.de\/archiv-2018\/eintrag\/im-kleinen-paradies-soll-es-brummen-und-summen\/\">\n        <div class=\"bienen-entry-image\">\n            <img decoding=\"async\" width=\"400\" height=\"300\" src=\"https:\/\/wettbewerb-archiv.wir-tun-was-fuer-bienen.de\/archiv-2018\/wp-content\/uploads\/sites\/2\/2018\/04\/thumb_IMG_4872_1024-1-400x300.jpg\" class=\"attachment-bienen-grid-thumb size-bienen-grid-thumb wp-post-image\" alt=\"\" loading=\"lazy\" srcset=\"https:\/\/wettbewerb-archiv.wir-tun-was-fuer-bienen.de\/archiv-2018\/wp-content\/uploads\/sites\/2\/2018\/04\/thumb_IMG_4872_1024-1-400x300.jpg 400w, https:\/\/wettbewerb-archiv.wir-tun-was-fuer-bienen.de\/archiv-2018\/wp-content\/uploads\/sites\/2\/2018\/04\/thumb_IMG_4872_1024-1-300x225.jpg 300w, https:\/\/wettbewerb-archiv.wir-tun-was-fuer-bienen.de\/archiv-2018\/wp-content\/uploads\/sites\/2\/2018\/04\/thumb_IMG_4872_1024-1-768x576.jpg 768w, https:\/\/wettbewerb-archiv.wir-tun-was-fuer-bienen.de\/archiv-2018\/wp-content\/uploads\/sites\/2\/2018\/04\/thumb_IMG_4872_1024-1.jpg 1024w, https:\/\/wettbewerb-archiv.wir-tun-was-fuer-bienen.de\/archiv-2018\/wp-content\/uploads\/sites\/2\/2018\/04\/thumb_IMG_4872_1024-1-510x382.jpg 510w\" sizes=\"(max-width: 400px) 100vw, 400px\" \/>                    <\/div>\n    <\/a>\n\n    <div class=\"images-grid\"><\/div>\n\n    <div class=\"user flex\">\n                    <img decoding=\"async\" src=\"https:\/\/wettbewerb-archiv.wir-tun-was-fuer-bienen.de\/archiv-2018\/wp-content\/themes\/bienen\/assets\/images\/avatar-placeholder.png\" style=\"border-radius: 30px;\" height=\"30\" width=\"30\">\n            <a href=\"https:\/\/wettbewerb-archiv.wir-tun-was-fuer-bienen.de\/archiv-2018\/gruppe\/naturranger-deutschland-e-v-team-wennigsen\/\" title=\"Beitr\u00e4ge von NaturRanger Deutschland e.V., Team Wennigsen\"\n               rel=\"author\">NaturRanger Deutschland e.V., Team Wennigsen<\/a>\n            <\/div>\n    \n    \n            <p class=\"categories meta\" style=\"width: 100%\"><span class=\"fa fa-tag\"\n                                                             aria-hidden=\"true\"><\/span> Firmen-, Institutions- und Vereinsg\u00e4rten        <\/p>\n    \n            <p class=\"categories meta\" style=\"width: 100%\"><span class=\"fa fa-map-marker\"\n                                                             aria-hidden=\"true\"><\/span> Niedersachsen        <\/p>\n    \n<\/article>\n   \n\t\t\n          <article id=\"post-920\" class=\"et_pb_post post-920 wtwfb_entry type-wtwfb_entry status-publish has-post-thumbnail hentry wtwfb_category-balkone-terrassen-dachbegruenung-vertikale-gaerten wtwfb_region-nordrhein-westfalen\">\n    <h2 class=\"entry-title\"><a href=\"https:\/\/wettbewerb-archiv.wir-tun-was-fuer-bienen.de\/archiv-2018\/eintrag\/das-topfhexlein-einen-topfgarten-bienen-und-schmetterlingsfreundlich-fuer-die-stadt\/\">Das Topfhexlein, einen Topfgarten, Bienen und Schmetter...<\/a>\n    <\/h2>\n    <a href=\"https:\/\/wettbewerb-archiv.wir-tun-was-fuer-bienen.de\/archiv-2018\/eintrag\/das-topfhexlein-einen-topfgarten-bienen-und-schmetterlingsfreundlich-fuer-die-stadt\/\">\n        <div class=\"bienen-entry-image\">\n            <img decoding=\"async\" width=\"400\" height=\"300\" src=\"https:\/\/wettbewerb-archiv.wir-tun-was-fuer-bienen.de\/archiv-2018\/wp-content\/uploads\/sites\/2\/2018\/07\/Schwebfliege-400x300.jpg\" class=\"attachment-bienen-grid-thumb size-bienen-grid-thumb wp-post-image\" alt=\"\" loading=\"lazy\" \/>                    <\/div>\n    <\/a>\n\n    <div class=\"images-grid\"><span><a href=\"https:\/\/wettbewerb-archiv.wir-tun-was-fuer-bienen.de\/archiv-2018\/eintrag\/das-topfhexlein-einen-topfgarten-bienen-und-schmetterlingsfreundlich-fuer-die-stadt\/\"><img decoding=\"async\" width=\"150\" height=\"150\" src=\"https:\/\/wettbewerb-archiv.wir-tun-was-fuer-bienen.de\/archiv-2018\/wp-content\/uploads\/sites\/2\/2018\/04\/Ich_beim_Pflanzen-150x150.jpg\" class=\"attachment-thumbnail size-thumbnail\" alt=\"\" loading=\"lazy\" \/><\/a><\/span><span><a href=\"https:\/\/wettbewerb-archiv.wir-tun-was-fuer-bienen.de\/archiv-2018\/eintrag\/das-topfhexlein-einen-topfgarten-bienen-und-schmetterlingsfreundlich-fuer-die-stadt\/\"><img decoding=\"async\" width=\"150\" height=\"150\" src=\"https:\/\/wettbewerb-archiv.wir-tun-was-fuer-bienen.de\/archiv-2018\/wp-content\/uploads\/sites\/2\/2018\/04\/Blumentopf_geschenkt-150x150.jpg\" class=\"attachment-thumbnail size-thumbnail\" alt=\"\" loading=\"lazy\" \/><\/a><\/span><span><a href=\"https:\/\/wettbewerb-archiv.wir-tun-was-fuer-bienen.de\/archiv-2018\/eintrag\/das-topfhexlein-einen-topfgarten-bienen-und-schmetterlingsfreundlich-fuer-die-stadt\/\"><img decoding=\"async\" width=\"150\" height=\"150\" src=\"https:\/\/wettbewerb-archiv.wir-tun-was-fuer-bienen.de\/archiv-2018\/wp-content\/uploads\/sites\/2\/2018\/04\/traubenhyazinthe_1-150x150.jpg\" class=\"attachment-thumbnail size-thumbnail\" alt=\"\" loading=\"lazy\" \/><\/a><\/span><span><a href=\"https:\/\/wettbewerb-archiv.wir-tun-was-fuer-bienen.de\/archiv-2018\/eintrag\/das-topfhexlein-einen-topfgarten-bienen-und-schmetterlingsfreundlich-fuer-die-stadt\/\"><img decoding=\"async\" width=\"150\" height=\"150\" src=\"https:\/\/wettbewerb-archiv.wir-tun-was-fuer-bienen.de\/archiv-2018\/wp-content\/uploads\/sites\/2\/2018\/04\/ich_Pflanzen-150x150.jpg\" class=\"attachment-thumbnail size-thumbnail\" alt=\"\" loading=\"lazy\" \/><\/a><\/span><\/div>\n\n    <div class=\"user flex\">\n        \n                    <img decoding=\"async\" src=\"https:\/\/wettbewerb-archiv.wir-tun-was-fuer-bienen.de\/archiv-2018\/wp-content\/themes\/bienen\/assets\/images\/avatar-placeholder.png\" style=\"border-radius: 30px;\" height=\"30\" width=\"30\">\n            Kristina Ellesson            <\/div>\n    \n    \n            <p class=\"categories meta\" style=\"width: 100%\"><span class=\"fa fa-tag\"\n                                                             aria-hidden=\"true\"><\/span> Balkone, Terrassen, Dachbegr\u00fcnung, vertikale G\u00e4rten        <\/p>\n    \n            <p class=\"categories meta\" style=\"width: 100%\"><span class=\"fa fa-map-marker\"\n                                                             aria-hidden=\"true\"><\/span> Nordrhein-Westfalen        <\/p>\n    \n<\/article>\n   \n\t\t\n          <article id=\"post-889\" class=\"et_pb_post post-889 wtwfb_entry type-wtwfb_entry status-publish has-post-thumbnail hentry wtwfb_category-kommunale-flaechen-parks-baumscheiben wtwfb_region-schleswig-holstein\">\n    <h2 class=\"entry-title\"><a href=\"https:\/\/wettbewerb-archiv.wir-tun-was-fuer-bienen.de\/archiv-2018\/eintrag\/bienen-bahnhof\/\">Bienen-Bahnhof Melsdorf<\/a>\n    <\/h2>\n    <a href=\"https:\/\/wettbewerb-archiv.wir-tun-was-fuer-bienen.de\/archiv-2018\/eintrag\/bienen-bahnhof\/\">\n        <div class=\"bienen-entry-image\">\n            <img decoding=\"async\" width=\"400\" height=\"300\" src=\"https:\/\/wettbewerb-archiv.wir-tun-was-fuer-bienen.de\/archiv-2018\/wp-content\/uploads\/sites\/2\/2018\/07\/18-07-17-02_Melsdorf-Bahnhofsbeet-400x300.jpg\" class=\"attachment-bienen-grid-thumb size-bienen-grid-thumb wp-post-image\" alt=\"\" loading=\"lazy\" \/>                    <\/div>\n    <\/a>\n\n    <div class=\"images-grid\"><span><a href=\"https:\/\/wettbewerb-archiv.wir-tun-was-fuer-bienen.de\/archiv-2018\/eintrag\/bienen-bahnhof\/\"><img decoding=\"async\" width=\"150\" height=\"150\" src=\"https:\/\/wettbewerb-archiv.wir-tun-was-fuer-bienen.de\/archiv-2018\/wp-content\/uploads\/sites\/2\/2018\/04\/P1090280-1-150x150.jpg\" class=\"attachment-thumbnail size-thumbnail\" alt=\"\" loading=\"lazy\" \/><\/a><\/span><span><a href=\"https:\/\/wettbewerb-archiv.wir-tun-was-fuer-bienen.de\/archiv-2018\/eintrag\/bienen-bahnhof\/\"><img decoding=\"async\" width=\"150\" height=\"150\" src=\"https:\/\/wettbewerb-archiv.wir-tun-was-fuer-bienen.de\/archiv-2018\/wp-content\/uploads\/sites\/2\/2018\/04\/P1090270-1-150x150.jpg\" class=\"attachment-thumbnail size-thumbnail\" alt=\"\" loading=\"lazy\" \/><\/a><\/span><span><a href=\"https:\/\/wettbewerb-archiv.wir-tun-was-fuer-bienen.de\/archiv-2018\/eintrag\/bienen-bahnhof\/\"><img decoding=\"async\" width=\"150\" height=\"150\" src=\"https:\/\/wettbewerb-archiv.wir-tun-was-fuer-bienen.de\/archiv-2018\/wp-content\/uploads\/sites\/2\/2018\/04\/Melsdorf_Staudenbeet_Bepflanzung_2018-03-24_2-1-150x150.jpg\" class=\"attachment-thumbnail size-thumbnail\" alt=\"\" loading=\"lazy\" \/><\/a><\/span><span><a href=\"https:\/\/wettbewerb-archiv.wir-tun-was-fuer-bienen.de\/archiv-2018\/eintrag\/bienen-bahnhof\/\"><img decoding=\"async\" width=\"150\" height=\"150\" src=\"https:\/\/wettbewerb-archiv.wir-tun-was-fuer-bienen.de\/archiv-2018\/wp-content\/uploads\/sites\/2\/2018\/04\/P1090275-2-150x150.jpg\" class=\"attachment-thumbnail size-thumbnail\" alt=\"\" loading=\"lazy\" \/><\/a><\/span><\/div>\n\n    <div class=\"user flex\">\n                    <img decoding=\"async\" src=\"https:\/\/wettbewerb-archiv.wir-tun-was-fuer-bienen.de\/archiv-2018\/wp-content\/themes\/bienen\/assets\/images\/avatar-placeholder.png\" style=\"border-radius: 30px;\" height=\"30\" width=\"30\">\n            <a href=\"https:\/\/wettbewerb-archiv.wir-tun-was-fuer-bienen.de\/archiv-2018\/gruppe\/naturgarten-e-v-schleswig-hiolstein\/\" title=\"Beitr\u00e4ge von Naturgarten e.V. Schleswig-Holstein und Gemeinde Melsdorf\"\n               rel=\"author\">Naturgarten e.V. Schleswig-Holstein und Gemeinde Melsdorf<\/a>\n            <\/div>\n    \n    <p class=\"categories meta bienen-gewinner\"><span class=\"fa fa-trophy\"                                                              aria-hidden=\"true\"><\/span> Gewinner<\/p>\n            <p class=\"categories meta\" style=\"width: 100%\"><span class=\"fa fa-tag\"\n                                                             aria-hidden=\"true\"><\/span> Kommunale Fl\u00e4chen, Parks, Baumscheiben        <\/p>\n    \n            <p class=\"categories meta\" style=\"width: 100%\"><span class=\"fa fa-map-marker\"\n                                                             aria-hidden=\"true\"><\/span> Schleswig-Holstein        <\/p>\n    \n<\/article>\n   \n\t\t\n          <article id=\"post-853\" class=\"et_pb_post post-853 wtwfb_entry type-wtwfb_entry status-publish has-post-thumbnail hentry wtwfb_category-schul-und-jugendclub-gaerten wtwfb_region-nordrhein-westfalen\">\n    <h2 class=\"entry-title\"><a href=\"https:\/\/wettbewerb-archiv.wir-tun-was-fuer-bienen.de\/archiv-2018\/eintrag\/kgs-altendorf-laesst-es-summen-und-brummen\/\">KGS Altendorf l\u00e4sst es summen und brummen!<\/a>\n    <\/h2>\n    <a href=\"https:\/\/wettbewerb-archiv.wir-tun-was-fuer-bienen.de\/archiv-2018\/eintrag\/kgs-altendorf-laesst-es-summen-und-brummen\/\">\n        <div class=\"bienen-entry-image\">\n            <img decoding=\"async\" width=\"400\" height=\"300\" src=\"https:\/\/wettbewerb-archiv.wir-tun-was-fuer-bienen.de\/archiv-2018\/wp-content\/uploads\/sites\/2\/2018\/04\/DSC_0092-400x300.jpg\" class=\"attachment-bienen-grid-thumb size-bienen-grid-thumb wp-post-image\" alt=\"\" loading=\"lazy\" srcset=\"https:\/\/wettbewerb-archiv.wir-tun-was-fuer-bienen.de\/archiv-2018\/wp-content\/uploads\/sites\/2\/2018\/04\/DSC_0092-400x300.jpg 400w, https:\/\/wettbewerb-archiv.wir-tun-was-fuer-bienen.de\/archiv-2018\/wp-content\/uploads\/sites\/2\/2018\/04\/DSC_0092-510x382.jpg 510w\" sizes=\"(max-width: 400px) 100vw, 400px\" \/>                    <\/div>\n    <\/a>\n\n    <div class=\"images-grid\"><span><a href=\"https:\/\/wettbewerb-archiv.wir-tun-was-fuer-bienen.de\/archiv-2018\/eintrag\/kgs-altendorf-laesst-es-summen-und-brummen\/\"><img decoding=\"async\" width=\"150\" height=\"150\" src=\"https:\/\/wettbewerb-archiv.wir-tun-was-fuer-bienen.de\/archiv-2018\/wp-content\/uploads\/sites\/2\/2018\/04\/beetfl\u00e4che_bearbeiten-150x150.jpg\" class=\"attachment-thumbnail size-thumbnail\" alt=\"\" loading=\"lazy\" \/><\/a><\/span><span><a href=\"https:\/\/wettbewerb-archiv.wir-tun-was-fuer-bienen.de\/archiv-2018\/eintrag\/kgs-altendorf-laesst-es-summen-und-brummen\/\"><img decoding=\"async\" width=\"150\" height=\"150\" src=\"https:\/\/wettbewerb-archiv.wir-tun-was-fuer-bienen.de\/archiv-2018\/wp-content\/uploads\/sites\/2\/2018\/04\/sand-150x150.jpg\" class=\"attachment-thumbnail size-thumbnail\" alt=\"\" loading=\"lazy\" \/><\/a><\/span><span><a href=\"https:\/\/wettbewerb-archiv.wir-tun-was-fuer-bienen.de\/archiv-2018\/eintrag\/kgs-altendorf-laesst-es-summen-und-brummen\/\"><img decoding=\"async\" width=\"150\" height=\"150\" src=\"https:\/\/wettbewerb-archiv.wir-tun-was-fuer-bienen.de\/archiv-2018\/wp-content\/uploads\/sites\/2\/2018\/04\/Bohren_H\u00f6lzer-150x150.jpg\" class=\"attachment-thumbnail size-thumbnail\" alt=\"\" loading=\"lazy\" \/><\/a><\/span><span><a href=\"https:\/\/wettbewerb-archiv.wir-tun-was-fuer-bienen.de\/archiv-2018\/eintrag\/kgs-altendorf-laesst-es-summen-und-brummen\/\"><img decoding=\"async\" width=\"150\" height=\"150\" src=\"https:\/\/wettbewerb-archiv.wir-tun-was-fuer-bienen.de\/archiv-2018\/wp-content\/uploads\/sites\/2\/2018\/04\/schilfmatte-150x150.jpg\" class=\"attachment-thumbnail size-thumbnail\" alt=\"\" loading=\"lazy\" \/><\/a><\/span><\/div>\n\n    <div class=\"user flex\">\n        \n                    <img decoding=\"async\" src=\"https:\/\/wettbewerb-archiv.wir-tun-was-fuer-bienen.de\/archiv-2018\/wp-content\/themes\/bienen\/assets\/images\/avatar-placeholder.png\" style=\"border-radius: 30px;\" height=\"30\" width=\"30\">\n            J\u00f6rg Planer            <\/div>\n    \n    <p class=\"categories meta bienen-gewinner\"><span class=\"fa fa-trophy\"                                                              aria-hidden=\"true\"><\/span> Gewinner<\/p>\n            <p class=\"categories meta\" style=\"width: 100%\"><span class=\"fa fa-tag\"\n                                                             aria-hidden=\"true\"><\/span> Schul- und Jugendclub-G\u00e4rten        <\/p>\n    \n            <p class=\"categories meta\" style=\"width: 100%\"><span class=\"fa fa-map-marker\"\n                                                             aria-hidden=\"true\"><\/span> Nordrhein-Westfalen        <\/p>\n    \n<\/article>\n   \n\t\t\n          <article id=\"post-845\" class=\"et_pb_post post-845 wtwfb_entry type-wtwfb_entry status-publish has-post-thumbnail hentry wtwfb_category-privatgaerten-und-gaerten-von-mietwohnungen-kleiner-500-quadratmeter wtwfb_region-hessen\">\n    <h2 class=\"entry-title\"><a href=\"https:\/\/wettbewerb-archiv.wir-tun-was-fuer-bienen.de\/archiv-2018\/eintrag\/ein-platz-fuer-bienen-im-neubaugebiet\/\">Ein Platz f\u00fcr Bienen im Neubaugebiet<\/a>\n    <\/h2>\n    <a href=\"https:\/\/wettbewerb-archiv.wir-tun-was-fuer-bienen.de\/archiv-2018\/eintrag\/ein-platz-fuer-bienen-im-neubaugebiet\/\">\n        <div class=\"bienen-entry-image\">\n            <img decoding=\"async\" width=\"400\" height=\"300\" src=\"https:\/\/wettbewerb-archiv.wir-tun-was-fuer-bienen.de\/archiv-2018\/wp-content\/uploads\/sites\/2\/2018\/04\/DSC03322-400x300.jpg\" class=\"attachment-bienen-grid-thumb size-bienen-grid-thumb wp-post-image\" alt=\"\" loading=\"lazy\" srcset=\"https:\/\/wettbewerb-archiv.wir-tun-was-fuer-bienen.de\/archiv-2018\/wp-content\/uploads\/sites\/2\/2018\/04\/DSC03322-400x300.jpg 400w, https:\/\/wettbewerb-archiv.wir-tun-was-fuer-bienen.de\/archiv-2018\/wp-content\/uploads\/sites\/2\/2018\/04\/DSC03322-300x225.jpg 300w, https:\/\/wettbewerb-archiv.wir-tun-was-fuer-bienen.de\/archiv-2018\/wp-content\/uploads\/sites\/2\/2018\/04\/DSC03322-768x576.jpg 768w, https:\/\/wettbewerb-archiv.wir-tun-was-fuer-bienen.de\/archiv-2018\/wp-content\/uploads\/sites\/2\/2018\/04\/DSC03322-1024x768.jpg 1024w, https:\/\/wettbewerb-archiv.wir-tun-was-fuer-bienen.de\/archiv-2018\/wp-content\/uploads\/sites\/2\/2018\/04\/DSC03322-510x382.jpg 510w, https:\/\/wettbewerb-archiv.wir-tun-was-fuer-bienen.de\/archiv-2018\/wp-content\/uploads\/sites\/2\/2018\/04\/DSC03322-1080x810.jpg 1080w, https:\/\/wettbewerb-archiv.wir-tun-was-fuer-bienen.de\/archiv-2018\/wp-content\/uploads\/sites\/2\/2018\/04\/DSC03322.jpg 1920w\" sizes=\"(max-width: 400px) 100vw, 400px\" \/>                    <\/div>\n    <\/a>\n\n    <div class=\"images-grid\"><\/div>\n\n    <div class=\"user flex\">\n        \n                    <img decoding=\"async\" src=\"https:\/\/wettbewerb-archiv.wir-tun-was-fuer-bienen.de\/archiv-2018\/wp-content\/themes\/bienen\/assets\/images\/avatar-placeholder.png\" style=\"border-radius: 30px;\" height=\"30\" width=\"30\">\n            Cristina Oliva            <\/div>\n    \n    \n            <p class=\"categories meta\" style=\"width: 100%\"><span class=\"fa fa-tag\"\n                                                             aria-hidden=\"true\"><\/span> Privatg\u00e4rten und G\u00e4rten von Mietwohnungen (kleiner als 500 Quadratmeter)        <\/p>\n    \n            <p class=\"categories meta\" style=\"width: 100%\"><span class=\"fa fa-map-marker\"\n                                                             aria-hidden=\"true\"><\/span> Hessen        <\/p>\n    \n<\/article>\n   \n\t\t\n          <article id=\"post-841\" class=\"et_pb_post post-841 wtwfb_entry type-wtwfb_entry status-publish has-post-thumbnail hentry wtwfb_category-privatgaerten-und-gaerten-von-mietwohnungen-kleiner-500-quadratmeter wtwfb_region-hamburg\">\n    <h2 class=\"entry-title\"><a href=\"https:\/\/wettbewerb-archiv.wir-tun-was-fuer-bienen.de\/archiv-2018\/eintrag\/aus-gras-wird-bienenweide\/\">Aus Gras wird Bienenweide<\/a>\n    <\/h2>\n    <a href=\"https:\/\/wettbewerb-archiv.wir-tun-was-fuer-bienen.de\/archiv-2018\/eintrag\/aus-gras-wird-bienenweide\/\">\n        <div class=\"bienen-entry-image\">\n            <img decoding=\"async\" width=\"400\" height=\"300\" src=\"https:\/\/wettbewerb-archiv.wir-tun-was-fuer-bienen.de\/archiv-2018\/wp-content\/uploads\/sites\/2\/2018\/04\/B2791ABA-3F51-4E86-A03F-850031199189-400x300.jpeg\" class=\"attachment-bienen-grid-thumb size-bienen-grid-thumb wp-post-image\" alt=\"\" loading=\"lazy\" srcset=\"https:\/\/wettbewerb-archiv.wir-tun-was-fuer-bienen.de\/archiv-2018\/wp-content\/uploads\/sites\/2\/2018\/04\/B2791ABA-3F51-4E86-A03F-850031199189-400x300.jpeg 400w, https:\/\/wettbewerb-archiv.wir-tun-was-fuer-bienen.de\/archiv-2018\/wp-content\/uploads\/sites\/2\/2018\/04\/B2791ABA-3F51-4E86-A03F-850031199189-300x225.jpeg 300w, https:\/\/wettbewerb-archiv.wir-tun-was-fuer-bienen.de\/archiv-2018\/wp-content\/uploads\/sites\/2\/2018\/04\/B2791ABA-3F51-4E86-A03F-850031199189-768x576.jpeg 768w, https:\/\/wettbewerb-archiv.wir-tun-was-fuer-bienen.de\/archiv-2018\/wp-content\/uploads\/sites\/2\/2018\/04\/B2791ABA-3F51-4E86-A03F-850031199189-1024x768.jpeg 1024w, https:\/\/wettbewerb-archiv.wir-tun-was-fuer-bienen.de\/archiv-2018\/wp-content\/uploads\/sites\/2\/2018\/04\/B2791ABA-3F51-4E86-A03F-850031199189-510x382.jpeg 510w, https:\/\/wettbewerb-archiv.wir-tun-was-fuer-bienen.de\/archiv-2018\/wp-content\/uploads\/sites\/2\/2018\/04\/B2791ABA-3F51-4E86-A03F-850031199189-1080x810.jpeg 1080w, https:\/\/wettbewerb-archiv.wir-tun-was-fuer-bienen.de\/archiv-2018\/wp-content\/uploads\/sites\/2\/2018\/04\/B2791ABA-3F51-4E86-A03F-850031199189.jpeg 1920w\" sizes=\"(max-width: 400px) 100vw, 400px\" \/>                    <\/div>\n    <\/a>\n\n    <div class=\"images-grid\"><span><a href=\"https:\/\/wettbewerb-archiv.wir-tun-was-fuer-bienen.de\/archiv-2018\/eintrag\/aus-gras-wird-bienenweide\/\"><img decoding=\"async\" width=\"150\" height=\"150\" src=\"https:\/\/wettbewerb-archiv.wir-tun-was-fuer-bienen.de\/archiv-2018\/wp-content\/uploads\/sites\/2\/2018\/06\/C6099229-F0B7-45C2-86B1-03D441ADE7EF-150x150.jpeg\" class=\"attachment-thumbnail size-thumbnail\" alt=\"\" loading=\"lazy\" \/><\/a><\/span><span><a href=\"https:\/\/wettbewerb-archiv.wir-tun-was-fuer-bienen.de\/archiv-2018\/eintrag\/aus-gras-wird-bienenweide\/\"><img decoding=\"async\" width=\"150\" height=\"150\" src=\"https:\/\/wettbewerb-archiv.wir-tun-was-fuer-bienen.de\/archiv-2018\/wp-content\/uploads\/sites\/2\/2018\/06\/10BB132D-8A9B-47E1-8EE5-2D1164B3EE75-150x150.jpeg\" class=\"attachment-thumbnail size-thumbnail\" alt=\"\" loading=\"lazy\" \/><\/a><\/span><span><a href=\"https:\/\/wettbewerb-archiv.wir-tun-was-fuer-bienen.de\/archiv-2018\/eintrag\/aus-gras-wird-bienenweide\/\"><img decoding=\"async\" width=\"150\" height=\"150\" src=\"https:\/\/wettbewerb-archiv.wir-tun-was-fuer-bienen.de\/archiv-2018\/wp-content\/uploads\/sites\/2\/2018\/06\/0F66CCC3-F868-423F-BCA6-AF10D7F03109-150x150.jpeg\" class=\"attachment-thumbnail size-thumbnail\" alt=\"\" loading=\"lazy\" \/><\/a><\/span><span><a href=\"https:\/\/wettbewerb-archiv.wir-tun-was-fuer-bienen.de\/archiv-2018\/eintrag\/aus-gras-wird-bienenweide\/\"><img decoding=\"async\" width=\"150\" height=\"150\" src=\"https:\/\/wettbewerb-archiv.wir-tun-was-fuer-bienen.de\/archiv-2018\/wp-content\/uploads\/sites\/2\/2018\/06\/F1E8F8E9-3605-437E-809E-E72DDB63F7F4-150x150.jpeg\" class=\"attachment-thumbnail size-thumbnail\" alt=\"\" loading=\"lazy\" \/><\/a><\/span><\/div>\n\n    <div class=\"user flex\">\n        \n                    <img decoding=\"async\" src=\"https:\/\/wettbewerb-archiv.wir-tun-was-fuer-bienen.de\/archiv-2018\/wp-content\/themes\/bienen\/assets\/images\/avatar-placeholder.png\" style=\"border-radius: 30px;\" height=\"30\" width=\"30\">\n            Gesa R\u00e4deker            <\/div>\n    \n    \n            <p class=\"categories meta\" style=\"width: 100%\"><span class=\"fa fa-tag\"\n                                                             aria-hidden=\"true\"><\/span> Privatg\u00e4rten und G\u00e4rten von Mietwohnungen (kleiner als 500 Quadratmeter)        <\/p>\n    \n            <p class=\"categories meta\" style=\"width: 100%\"><span class=\"fa fa-map-marker\"\n                                                             aria-hidden=\"true\"><\/span> Hamburg        <\/p>\n    \n<\/article>\n   \n\t\t\n          <article id=\"post-823\" class=\"et_pb_post post-823 wtwfb_entry type-wtwfb_entry status-publish has-post-thumbnail hentry wtwfb_category-firmen-institutions-und-vereinsgaerten wtwfb_region-sachsen-anhalt\">\n    <h2 class=\"entry-title\"><a href=\"https:\/\/wettbewerb-archiv.wir-tun-was-fuer-bienen.de\/archiv-2018\/eintrag\/kinderbauernhof-kanena\/\">Kinderbauernhof Kanena<\/a>\n    <\/h2>\n    <a href=\"https:\/\/wettbewerb-archiv.wir-tun-was-fuer-bienen.de\/archiv-2018\/eintrag\/kinderbauernhof-kanena\/\">\n        <div class=\"bienen-entry-image\">\n            <img decoding=\"async\" width=\"400\" height=\"300\" src=\"https:\/\/wettbewerb-archiv.wir-tun-was-fuer-bienen.de\/archiv-2018\/wp-content\/uploads\/sites\/2\/2018\/04\/28954023_980099128811007_3608555051903422343_o-400x300.jpg\" class=\"attachment-bienen-grid-thumb size-bienen-grid-thumb wp-post-image\" alt=\"\" loading=\"lazy\" srcset=\"https:\/\/wettbewerb-archiv.wir-tun-was-fuer-bienen.de\/archiv-2018\/wp-content\/uploads\/sites\/2\/2018\/04\/28954023_980099128811007_3608555051903422343_o-400x300.jpg 400w, https:\/\/wettbewerb-archiv.wir-tun-was-fuer-bienen.de\/archiv-2018\/wp-content\/uploads\/sites\/2\/2018\/04\/28954023_980099128811007_3608555051903422343_o-510x382.jpg 510w\" sizes=\"(max-width: 400px) 100vw, 400px\" \/>                    <\/div>\n    <\/a>\n\n    <div class=\"images-grid\"><span><a href=\"https:\/\/wettbewerb-archiv.wir-tun-was-fuer-bienen.de\/archiv-2018\/eintrag\/kinderbauernhof-kanena\/\"><img decoding=\"async\" width=\"150\" height=\"150\" src=\"https:\/\/wettbewerb-archiv.wir-tun-was-fuer-bienen.de\/archiv-2018\/wp-content\/uploads\/sites\/2\/2018\/05\/681_0065-150x150.jpg\" class=\"attachment-thumbnail size-thumbnail\" alt=\"\" loading=\"lazy\" \/><\/a><\/span><span><a href=\"https:\/\/wettbewerb-archiv.wir-tun-was-fuer-bienen.de\/archiv-2018\/eintrag\/kinderbauernhof-kanena\/\"><img decoding=\"async\" width=\"150\" height=\"150\" src=\"https:\/\/wettbewerb-archiv.wir-tun-was-fuer-bienen.de\/archiv-2018\/wp-content\/uploads\/sites\/2\/2018\/05\/681_0072-150x150.jpg\" class=\"attachment-thumbnail size-thumbnail\" alt=\"\" loading=\"lazy\" \/><\/a><\/span><span><a href=\"https:\/\/wettbewerb-archiv.wir-tun-was-fuer-bienen.de\/archiv-2018\/eintrag\/kinderbauernhof-kanena\/\"><img decoding=\"async\" width=\"150\" height=\"150\" src=\"https:\/\/wettbewerb-archiv.wir-tun-was-fuer-bienen.de\/archiv-2018\/wp-content\/uploads\/sites\/2\/2018\/05\/681_0082-150x150.jpg\" class=\"attachment-thumbnail size-thumbnail\" alt=\"\" loading=\"lazy\" \/><\/a><\/span><\/div>\n\n    <div class=\"user flex\">\n        \n                    <img decoding=\"async\" src=\"https:\/\/wettbewerb-archiv.wir-tun-was-fuer-bienen.de\/archiv-2018\/wp-content\/themes\/bienen\/assets\/images\/avatar-placeholder.png\" style=\"border-radius: 30px;\" height=\"30\" width=\"30\">\n            Maria Schmidt            <\/div>\n    \n    \n            <p class=\"categories meta\" style=\"width: 100%\"><span class=\"fa fa-tag\"\n                                                             aria-hidden=\"true\"><\/span> Firmen-, Institutions- und Vereinsg\u00e4rten        <\/p>\n    \n            <p class=\"categories meta\" style=\"width: 100%\"><span class=\"fa fa-map-marker\"\n                                                             aria-hidden=\"true\"><\/span> Sachsen-Anhalt        <\/p>\n    \n<\/article>\n   \n\t\t\n          <article id=\"post-818\" class=\"et_pb_post post-818 wtwfb_entry type-wtwfb_entry status-publish has-post-thumbnail hentry wtwfb_category-firmen-institutions-und-vereinsgaerten wtwfb_region-baden-wuerttemberg\">\n    <h2 class=\"entry-title\"><a href=\"https:\/\/wettbewerb-archiv.wir-tun-was-fuer-bienen.de\/archiv-2018\/eintrag\/unsere-streuobstwiese-mit-den-vorbereiteten-beeten\/\">Unsere Vereinsanlage auf dem Kapf in Frommern<\/a>\n    <\/h2>\n    <a href=\"https:\/\/wettbewerb-archiv.wir-tun-was-fuer-bienen.de\/archiv-2018\/eintrag\/unsere-streuobstwiese-mit-den-vorbereiteten-beeten\/\">\n        <div class=\"bienen-entry-image\">\n            <img decoding=\"async\" width=\"400\" height=\"300\" src=\"https:\/\/wettbewerb-archiv.wir-tun-was-fuer-bienen.de\/archiv-2018\/wp-content\/uploads\/sites\/2\/2018\/04\/062-400x300.jpg\" class=\"attachment-bienen-grid-thumb size-bienen-grid-thumb wp-post-image\" alt=\"\" loading=\"lazy\" srcset=\"https:\/\/wettbewerb-archiv.wir-tun-was-fuer-bienen.de\/archiv-2018\/wp-content\/uploads\/sites\/2\/2018\/04\/062-400x300.jpg 400w, https:\/\/wettbewerb-archiv.wir-tun-was-fuer-bienen.de\/archiv-2018\/wp-content\/uploads\/sites\/2\/2018\/04\/062-510x382.jpg 510w\" sizes=\"(max-width: 400px) 100vw, 400px\" \/>                    <\/div>\n    <\/a>\n\n    <div class=\"images-grid\"><span><a href=\"https:\/\/wettbewerb-archiv.wir-tun-was-fuer-bienen.de\/archiv-2018\/eintrag\/unsere-streuobstwiese-mit-den-vorbereiteten-beeten\/\"><img decoding=\"async\" width=\"150\" height=\"150\" src=\"https:\/\/wettbewerb-archiv.wir-tun-was-fuer-bienen.de\/archiv-2018\/wp-content\/uploads\/sites\/2\/2018\/04\/P1010868-150x150.jpg\" class=\"attachment-thumbnail size-thumbnail\" alt=\"\" loading=\"lazy\" \/><\/a><\/span><span><a href=\"https:\/\/wettbewerb-archiv.wir-tun-was-fuer-bienen.de\/archiv-2018\/eintrag\/unsere-streuobstwiese-mit-den-vorbereiteten-beeten\/\"><img decoding=\"async\" width=\"150\" height=\"150\" src=\"https:\/\/wettbewerb-archiv.wir-tun-was-fuer-bienen.de\/archiv-2018\/wp-content\/uploads\/sites\/2\/2018\/04\/P1010900-150x150.jpg\" class=\"attachment-thumbnail size-thumbnail\" alt=\"\" loading=\"lazy\" \/><\/a><\/span><span><a href=\"https:\/\/wettbewerb-archiv.wir-tun-was-fuer-bienen.de\/archiv-2018\/eintrag\/unsere-streuobstwiese-mit-den-vorbereiteten-beeten\/\"><img decoding=\"async\" width=\"150\" height=\"150\" src=\"https:\/\/wettbewerb-archiv.wir-tun-was-fuer-bienen.de\/archiv-2018\/wp-content\/uploads\/sites\/2\/2018\/04\/P1010871-150x150.jpg\" class=\"attachment-thumbnail size-thumbnail\" alt=\"\" loading=\"lazy\" \/><\/a><\/span><span><a href=\"https:\/\/wettbewerb-archiv.wir-tun-was-fuer-bienen.de\/archiv-2018\/eintrag\/unsere-streuobstwiese-mit-den-vorbereiteten-beeten\/\"><img decoding=\"async\" width=\"150\" height=\"150\" src=\"https:\/\/wettbewerb-archiv.wir-tun-was-fuer-bienen.de\/archiv-2018\/wp-content\/uploads\/sites\/2\/2018\/04\/P1010909-150x150.jpg\" class=\"attachment-thumbnail size-thumbnail\" alt=\"\" loading=\"lazy\" \/><\/a><\/span><\/div>\n\n    <div class=\"user flex\">\n        \n                    <img decoding=\"async\" src=\"https:\/\/wettbewerb-archiv.wir-tun-was-fuer-bienen.de\/archiv-2018\/wp-content\/themes\/bienen\/assets\/images\/avatar-placeholder.png\" style=\"border-radius: 30px;\" height=\"30\" width=\"30\">\n            Emilie Stingel            <\/div>\n    \n    \n            <p class=\"categories meta\" style=\"width: 100%\"><span class=\"fa fa-tag\"\n                                                             aria-hidden=\"true\"><\/span> Firmen-, Institutions- und Vereinsg\u00e4rten        <\/p>\n    \n            <p class=\"categories meta\" style=\"width: 100%\"><span class=\"fa fa-map-marker\"\n                                                             aria-hidden=\"true\"><\/span> Baden-W\u00fcrttemberg        <\/p>\n    \n<\/article>\n   \n\t\t\n          <article id=\"post-765\" class=\"et_pb_post post-765 wtwfb_entry type-wtwfb_entry status-publish has-post-thumbnail hentry wtwfb_category-privatgaerten-und-gaerten-von-mietwohnungen-kleiner-500-quadratmeter wtwfb_region-bayern\">\n    <h2 class=\"entry-title\"><a href=\"https:\/\/wettbewerb-archiv.wir-tun-was-fuer-bienen.de\/archiv-2018\/eintrag\/das-trostlose-steinbeet-vor-dem-haus-soll-insekten-und-blumenfreundlich-werden\/\">Das trostlose Steinbeet vor dem Haus soll Insekten- und...<\/a>\n    <\/h2>\n    <a href=\"https:\/\/wettbewerb-archiv.wir-tun-was-fuer-bienen.de\/archiv-2018\/eintrag\/das-trostlose-steinbeet-vor-dem-haus-soll-insekten-und-blumenfreundlich-werden\/\">\n        <div class=\"bienen-entry-image\">\n            <img decoding=\"async\" width=\"360\" height=\"300\" src=\"https:\/\/wettbewerb-archiv.wir-tun-was-fuer-bienen.de\/archiv-2018\/wp-content\/uploads\/sites\/2\/2018\/04\/WP_20180118_15_07_01_Pro-360x640-360x300.jpg\" class=\"attachment-bienen-grid-thumb size-bienen-grid-thumb wp-post-image\" alt=\"\" loading=\"lazy\" \/>                    <\/div>\n    <\/a>\n\n    <div class=\"images-grid\"><span><a href=\"https:\/\/wettbewerb-archiv.wir-tun-was-fuer-bienen.de\/archiv-2018\/eintrag\/das-trostlose-steinbeet-vor-dem-haus-soll-insekten-und-blumenfreundlich-werden\/\"><img decoding=\"async\" width=\"150\" height=\"150\" src=\"https:\/\/wettbewerb-archiv.wir-tun-was-fuer-bienen.de\/archiv-2018\/wp-content\/uploads\/sites\/2\/2018\/04\/20180402_150353-150x150.jpg\" class=\"attachment-thumbnail size-thumbnail\" alt=\"\" loading=\"lazy\" \/><\/a><\/span><span><a href=\"https:\/\/wettbewerb-archiv.wir-tun-was-fuer-bienen.de\/archiv-2018\/eintrag\/das-trostlose-steinbeet-vor-dem-haus-soll-insekten-und-blumenfreundlich-werden\/\"><img decoding=\"async\" width=\"150\" height=\"150\" src=\"https:\/\/wettbewerb-archiv.wir-tun-was-fuer-bienen.de\/archiv-2018\/wp-content\/uploads\/sites\/2\/2018\/04\/20180402_152527-150x150.jpg\" class=\"attachment-thumbnail size-thumbnail\" alt=\"\" loading=\"lazy\" \/><\/a><\/span><span><a href=\"https:\/\/wettbewerb-archiv.wir-tun-was-fuer-bienen.de\/archiv-2018\/eintrag\/das-trostlose-steinbeet-vor-dem-haus-soll-insekten-und-blumenfreundlich-werden\/\"><img decoding=\"async\" width=\"150\" height=\"150\" src=\"https:\/\/wettbewerb-archiv.wir-tun-was-fuer-bienen.de\/archiv-2018\/wp-content\/uploads\/sites\/2\/2018\/04\/20180402_152540-150x150.jpg\" class=\"attachment-thumbnail size-thumbnail\" alt=\"\" loading=\"lazy\" \/><\/a><\/span><span><a href=\"https:\/\/wettbewerb-archiv.wir-tun-was-fuer-bienen.de\/archiv-2018\/eintrag\/das-trostlose-steinbeet-vor-dem-haus-soll-insekten-und-blumenfreundlich-werden\/\"><img decoding=\"async\" width=\"150\" height=\"150\" src=\"https:\/\/wettbewerb-archiv.wir-tun-was-fuer-bienen.de\/archiv-2018\/wp-content\/uploads\/sites\/2\/2018\/04\/20180402_155500-150x150.jpg\" class=\"attachment-thumbnail size-thumbnail\" alt=\"\" loading=\"lazy\" \/><\/a><\/span><\/div>\n\n    <div class=\"user flex\">\n        \n                    <img decoding=\"async\" src=\"https:\/\/wettbewerb-archiv.wir-tun-was-fuer-bienen.de\/archiv-2018\/wp-content\/themes\/bienen\/assets\/images\/avatar-placeholder.png\" style=\"border-radius: 30px;\" height=\"30\" width=\"30\">\n            Simone Eiting            <\/div>\n    \n    \n            <p class=\"categories meta\" style=\"width: 100%\"><span class=\"fa fa-tag\"\n                                                             aria-hidden=\"true\"><\/span> Privatg\u00e4rten und G\u00e4rten von Mietwohnungen (kleiner als 500 Quadratmeter)        <\/p>\n    \n            <p class=\"categories meta\" style=\"width: 100%\"><span class=\"fa fa-map-marker\"\n                                                             aria-hidden=\"true\"><\/span> Bayern        <\/p>\n    \n<\/article>\n   \n\t\t\n          <article id=\"post-733\" class=\"et_pb_post post-733 wtwfb_entry type-wtwfb_entry status-publish has-post-thumbnail hentry wtwfb_category-privatgaerten-und-gaerten-von-mietwohnungen-kleiner-500-quadratmeter wtwfb_region-baden-wuerttemberg\">\n    <h2 class=\"entry-title\"><a href=\"https:\/\/wettbewerb-archiv.wir-tun-was-fuer-bienen.de\/archiv-2018\/eintrag\/rente-fuer-den-rasenmaeher-2\/\">Rente f\u00fcr den Rasenm\u00e4her<\/a>\n    <\/h2>\n    <a href=\"https:\/\/wettbewerb-archiv.wir-tun-was-fuer-bienen.de\/archiv-2018\/eintrag\/rente-fuer-den-rasenmaeher-2\/\">\n        <div class=\"bienen-entry-image\">\n            <img decoding=\"async\" width=\"400\" height=\"300\" src=\"https:\/\/wettbewerb-archiv.wir-tun-was-fuer-bienen.de\/archiv-2018\/wp-content\/uploads\/sites\/2\/2018\/04\/IMG_9549-1-400x300.jpg\" class=\"attachment-bienen-grid-thumb size-bienen-grid-thumb wp-post-image\" alt=\"\" loading=\"lazy\" srcset=\"https:\/\/wettbewerb-archiv.wir-tun-was-fuer-bienen.de\/archiv-2018\/wp-content\/uploads\/sites\/2\/2018\/04\/IMG_9549-1-400x300.jpg 400w, https:\/\/wettbewerb-archiv.wir-tun-was-fuer-bienen.de\/archiv-2018\/wp-content\/uploads\/sites\/2\/2018\/04\/IMG_9549-1-510x382.jpg 510w\" sizes=\"(max-width: 400px) 100vw, 400px\" \/>                    <\/div>\n    <\/a>\n\n    <div class=\"images-grid\"><\/div>\n\n    <div class=\"user flex\">\n        \n                    <img decoding=\"async\" src=\"https:\/\/wettbewerb-archiv.wir-tun-was-fuer-bienen.de\/archiv-2018\/wp-content\/themes\/bienen\/assets\/images\/avatar-placeholder.png\" style=\"border-radius: 30px;\" height=\"30\" width=\"30\">\n            Ramona Marguc            <\/div>\n    \n    \n            <p class=\"categories meta\" style=\"width: 100%\"><span class=\"fa fa-tag\"\n                                                             aria-hidden=\"true\"><\/span> Privatg\u00e4rten und G\u00e4rten von Mietwohnungen (kleiner als 500 Quadratmeter)        <\/p>\n    \n            <p class=\"categories meta\" style=\"width: 100%\"><span class=\"fa fa-map-marker\"\n                                                             aria-hidden=\"true\"><\/span> Baden-W\u00fcrttemberg        <\/p>\n    \n<\/article>\n   \n\t\t\n          <article id=\"post-693\" class=\"et_pb_post post-693 wtwfb_entry type-wtwfb_entry status-publish has-post-thumbnail hentry wtwfb_category-schul-und-jugendclub-gaerten wtwfb_region-sachsen-anhalt\">\n    <h2 class=\"entry-title\"><a href=\"https:\/\/wettbewerb-archiv.wir-tun-was-fuer-bienen.de\/archiv-2018\/eintrag\/unsere-flaeche\/\">Die GiG rettet die Bienen<\/a>\n    <\/h2>\n    <a href=\"https:\/\/wettbewerb-archiv.wir-tun-was-fuer-bienen.de\/archiv-2018\/eintrag\/unsere-flaeche\/\">\n        <div class=\"bienen-entry-image\">\n            <img decoding=\"async\" width=\"400\" height=\"300\" src=\"https:\/\/wettbewerb-archiv.wir-tun-was-fuer-bienen.de\/archiv-2018\/wp-content\/uploads\/sites\/2\/2018\/04\/IMG_1588-400x300.jpg\" class=\"attachment-bienen-grid-thumb size-bienen-grid-thumb wp-post-image\" alt=\"\" loading=\"lazy\" srcset=\"https:\/\/wettbewerb-archiv.wir-tun-was-fuer-bienen.de\/archiv-2018\/wp-content\/uploads\/sites\/2\/2018\/04\/IMG_1588-400x300.jpg 400w, https:\/\/wettbewerb-archiv.wir-tun-was-fuer-bienen.de\/archiv-2018\/wp-content\/uploads\/sites\/2\/2018\/04\/IMG_1588-300x225.jpg 300w, https:\/\/wettbewerb-archiv.wir-tun-was-fuer-bienen.de\/archiv-2018\/wp-content\/uploads\/sites\/2\/2018\/04\/IMG_1588-768x576.jpg 768w, https:\/\/wettbewerb-archiv.wir-tun-was-fuer-bienen.de\/archiv-2018\/wp-content\/uploads\/sites\/2\/2018\/04\/IMG_1588-1024x768.jpg 1024w, https:\/\/wettbewerb-archiv.wir-tun-was-fuer-bienen.de\/archiv-2018\/wp-content\/uploads\/sites\/2\/2018\/04\/IMG_1588-510x382.jpg 510w, https:\/\/wettbewerb-archiv.wir-tun-was-fuer-bienen.de\/archiv-2018\/wp-content\/uploads\/sites\/2\/2018\/04\/IMG_1588-1080x810.jpg 1080w, https:\/\/wettbewerb-archiv.wir-tun-was-fuer-bienen.de\/archiv-2018\/wp-content\/uploads\/sites\/2\/2018\/04\/IMG_1588.jpg 1920w\" sizes=\"(max-width: 400px) 100vw, 400px\" \/>                    <\/div>\n    <\/a>\n\n    <div class=\"images-grid\"><span><a href=\"https:\/\/wettbewerb-archiv.wir-tun-was-fuer-bienen.de\/archiv-2018\/eintrag\/unsere-flaeche\/\"><img decoding=\"async\" width=\"150\" height=\"150\" src=\"https:\/\/wettbewerb-archiv.wir-tun-was-fuer-bienen.de\/archiv-2018\/wp-content\/uploads\/sites\/2\/2018\/05\/IMG_2407-3-150x150.jpg\" class=\"attachment-thumbnail size-thumbnail\" alt=\"\" loading=\"lazy\" \/><\/a><\/span><span><a href=\"https:\/\/wettbewerb-archiv.wir-tun-was-fuer-bienen.de\/archiv-2018\/eintrag\/unsere-flaeche\/\"><img decoding=\"async\" width=\"150\" height=\"150\" src=\"https:\/\/wettbewerb-archiv.wir-tun-was-fuer-bienen.de\/archiv-2018\/wp-content\/uploads\/sites\/2\/2018\/05\/IMG_2409-3-150x150.jpg\" class=\"attachment-thumbnail size-thumbnail\" alt=\"\" loading=\"lazy\" \/><\/a><\/span><span><a href=\"https:\/\/wettbewerb-archiv.wir-tun-was-fuer-bienen.de\/archiv-2018\/eintrag\/unsere-flaeche\/\"><img decoding=\"async\" width=\"150\" height=\"150\" src=\"https:\/\/wettbewerb-archiv.wir-tun-was-fuer-bienen.de\/archiv-2018\/wp-content\/uploads\/sites\/2\/2018\/05\/IMG_2410-3-150x150.jpg\" class=\"attachment-thumbnail size-thumbnail\" alt=\"\" loading=\"lazy\" \/><\/a><\/span><span><a href=\"https:\/\/wettbewerb-archiv.wir-tun-was-fuer-bienen.de\/archiv-2018\/eintrag\/unsere-flaeche\/\"><img decoding=\"async\" width=\"150\" height=\"150\" src=\"https:\/\/wettbewerb-archiv.wir-tun-was-fuer-bienen.de\/archiv-2018\/wp-content\/uploads\/sites\/2\/2018\/05\/IMG_2413-150x150.jpg\" class=\"attachment-thumbnail size-thumbnail\" alt=\"\" loading=\"lazy\" \/><\/a><\/span><\/div>\n\n    <div class=\"user flex\">\n        \n                    <img decoding=\"async\" src=\"https:\/\/wettbewerb-archiv.wir-tun-was-fuer-bienen.de\/archiv-2018\/wp-content\/themes\/bienen\/assets\/images\/avatar-placeholder.png\" style=\"border-radius: 30px;\" height=\"30\" width=\"30\">\n            Rocco Lehmann            <\/div>\n    \n    \n            <p class=\"categories meta\" style=\"width: 100%\"><span class=\"fa fa-tag\"\n                                                             aria-hidden=\"true\"><\/span> Schul- und Jugendclub-G\u00e4rten        <\/p>\n    \n            <p class=\"categories meta\" style=\"width: 100%\"><span class=\"fa fa-map-marker\"\n                                                             aria-hidden=\"true\"><\/span> Sachsen-Anhalt        <\/p>\n    \n<\/article>\n   \n\t\t\n          <article id=\"post-668\" class=\"et_pb_post post-668 wtwfb_entry type-wtwfb_entry status-publish has-post-thumbnail hentry wtwfb_category-privatgaerten-und-gaerten-von-mietwohnungen-kleiner-500-quadratmeter wtwfb_region-rheinland-pfalz\">\n    <h2 class=\"entry-title\"><a href=\"https:\/\/wettbewerb-archiv.wir-tun-was-fuer-bienen.de\/archiv-2018\/eintrag\/unser-naturnaher-bienen-und-schmetterlingsgarten\/\">Unser naturnaher Bienen und Schmetterlingsgarten<\/a>\n    <\/h2>\n    <a href=\"https:\/\/wettbewerb-archiv.wir-tun-was-fuer-bienen.de\/archiv-2018\/eintrag\/unser-naturnaher-bienen-und-schmetterlingsgarten\/\">\n        <div class=\"bienen-entry-image\">\n            <img decoding=\"async\" width=\"400\" height=\"300\" src=\"https:\/\/wettbewerb-archiv.wir-tun-was-fuer-bienen.de\/archiv-2018\/wp-content\/uploads\/sites\/2\/2018\/04\/77578949-8DB3-49F6-9F68-10389748C37F-400x300.jpg\" class=\"attachment-bienen-grid-thumb size-bienen-grid-thumb wp-post-image\" alt=\"\" loading=\"lazy\" srcset=\"https:\/\/wettbewerb-archiv.wir-tun-was-fuer-bienen.de\/archiv-2018\/wp-content\/uploads\/sites\/2\/2018\/04\/77578949-8DB3-49F6-9F68-10389748C37F-400x300.jpg 400w, https:\/\/wettbewerb-archiv.wir-tun-was-fuer-bienen.de\/archiv-2018\/wp-content\/uploads\/sites\/2\/2018\/04\/77578949-8DB3-49F6-9F68-10389748C37F-300x225.jpg 300w, https:\/\/wettbewerb-archiv.wir-tun-was-fuer-bienen.de\/archiv-2018\/wp-content\/uploads\/sites\/2\/2018\/04\/77578949-8DB3-49F6-9F68-10389748C37F-768x576.jpg 768w, https:\/\/wettbewerb-archiv.wir-tun-was-fuer-bienen.de\/archiv-2018\/wp-content\/uploads\/sites\/2\/2018\/04\/77578949-8DB3-49F6-9F68-10389748C37F-1024x768.jpg 1024w, https:\/\/wettbewerb-archiv.wir-tun-was-fuer-bienen.de\/archiv-2018\/wp-content\/uploads\/sites\/2\/2018\/04\/77578949-8DB3-49F6-9F68-10389748C37F-510x382.jpg 510w, https:\/\/wettbewerb-archiv.wir-tun-was-fuer-bienen.de\/archiv-2018\/wp-content\/uploads\/sites\/2\/2018\/04\/77578949-8DB3-49F6-9F68-10389748C37F-1080x810.jpg 1080w, https:\/\/wettbewerb-archiv.wir-tun-was-fuer-bienen.de\/archiv-2018\/wp-content\/uploads\/sites\/2\/2018\/04\/77578949-8DB3-49F6-9F68-10389748C37F.jpg 1920w\" sizes=\"(max-width: 400px) 100vw, 400px\" \/>                    <\/div>\n    <\/a>\n\n    <div class=\"images-grid\"><span><a href=\"https:\/\/wettbewerb-archiv.wir-tun-was-fuer-bienen.de\/archiv-2018\/eintrag\/unser-naturnaher-bienen-und-schmetterlingsgarten\/\"><img decoding=\"async\" width=\"150\" height=\"150\" src=\"https:\/\/wettbewerb-archiv.wir-tun-was-fuer-bienen.de\/archiv-2018\/wp-content\/uploads\/sites\/2\/2018\/04\/2EE12F0F-AEA3-49D6-BF85-126A93CB4E38-150x150.jpg\" class=\"attachment-thumbnail size-thumbnail\" alt=\"\" loading=\"lazy\" \/><\/a><\/span><span><a href=\"https:\/\/wettbewerb-archiv.wir-tun-was-fuer-bienen.de\/archiv-2018\/eintrag\/unser-naturnaher-bienen-und-schmetterlingsgarten\/\"><img decoding=\"async\" width=\"150\" height=\"150\" src=\"https:\/\/wettbewerb-archiv.wir-tun-was-fuer-bienen.de\/archiv-2018\/wp-content\/uploads\/sites\/2\/2018\/04\/EF8F021A-5698-449C-8F73-AC7B09EDECEB-150x150.jpeg\" class=\"attachment-thumbnail size-thumbnail\" alt=\"\" loading=\"lazy\" \/><\/a><\/span><span><a href=\"https:\/\/wettbewerb-archiv.wir-tun-was-fuer-bienen.de\/archiv-2018\/eintrag\/unser-naturnaher-bienen-und-schmetterlingsgarten\/\"><img decoding=\"async\" width=\"150\" height=\"150\" src=\"https:\/\/wettbewerb-archiv.wir-tun-was-fuer-bienen.de\/archiv-2018\/wp-content\/uploads\/sites\/2\/2018\/04\/DA8FCE77-AD65-48FB-86A9-57222AA21FAD-150x150.jpeg\" class=\"attachment-thumbnail size-thumbnail\" alt=\"\" loading=\"lazy\" \/><\/a><\/span><span><a href=\"https:\/\/wettbewerb-archiv.wir-tun-was-fuer-bienen.de\/archiv-2018\/eintrag\/unser-naturnaher-bienen-und-schmetterlingsgarten\/\"><img decoding=\"async\" width=\"150\" height=\"150\" src=\"https:\/\/wettbewerb-archiv.wir-tun-was-fuer-bienen.de\/archiv-2018\/wp-content\/uploads\/sites\/2\/2018\/07\/D60BA17A-9426-471C-BB9A-790FF9EF8609-150x150.jpeg\" class=\"attachment-thumbnail size-thumbnail\" alt=\"\" loading=\"lazy\" \/><\/a><\/span><\/div>\n\n    <div class=\"user flex\">\n        \n                    <img decoding=\"async\" src=\"https:\/\/wettbewerb-archiv.wir-tun-was-fuer-bienen.de\/archiv-2018\/wp-content\/themes\/bienen\/assets\/images\/avatar-placeholder.png\" style=\"border-radius: 30px;\" height=\"30\" width=\"30\">\n            Annette Strunk            <\/div>\n    \n    \n            <p class=\"categories meta\" style=\"width: 100%\"><span class=\"fa fa-tag\"\n                                                             aria-hidden=\"true\"><\/span> Privatg\u00e4rten und G\u00e4rten von Mietwohnungen (kleiner als 500 Quadratmeter)        <\/p>\n    \n            <p class=\"categories meta\" style=\"width: 100%\"><span class=\"fa fa-map-marker\"\n                                                             aria-hidden=\"true\"><\/span> Rheinland-Pfalz        <\/p>\n    \n<\/article>\n   \n\t\t\n          <article id=\"post-655\" class=\"et_pb_post post-655 wtwfb_entry type-wtwfb_entry status-publish has-post-thumbnail hentry wtwfb_category-privatgaerten-und-gaerten-von-mietwohnungen-kleiner-500-quadratmeter wtwfb_region-bayern\">\n    <h2 class=\"entry-title\"><a href=\"https:\/\/wettbewerb-archiv.wir-tun-was-fuer-bienen.de\/archiv-2018\/eintrag\/insektenfreundliche-hausfront\/\">Insektenfreundliche Hausfront<\/a>\n    <\/h2>\n    <a href=\"https:\/\/wettbewerb-archiv.wir-tun-was-fuer-bienen.de\/archiv-2018\/eintrag\/insektenfreundliche-hausfront\/\">\n        <div class=\"bienen-entry-image\">\n            <img decoding=\"async\" width=\"400\" height=\"300\" src=\"https:\/\/wettbewerb-archiv.wir-tun-was-fuer-bienen.de\/archiv-2018\/wp-content\/uploads\/sites\/2\/2018\/04\/hausfront-400x300.jpg\" class=\"attachment-bienen-grid-thumb size-bienen-grid-thumb wp-post-image\" alt=\"\" loading=\"lazy\" srcset=\"https:\/\/wettbewerb-archiv.wir-tun-was-fuer-bienen.de\/archiv-2018\/wp-content\/uploads\/sites\/2\/2018\/04\/hausfront-400x300.jpg 400w, https:\/\/wettbewerb-archiv.wir-tun-was-fuer-bienen.de\/archiv-2018\/wp-content\/uploads\/sites\/2\/2018\/04\/hausfront-510x382.jpg 510w\" sizes=\"(max-width: 400px) 100vw, 400px\" \/>                    <\/div>\n    <\/a>\n\n    <div class=\"images-grid\"><span><a href=\"https:\/\/wettbewerb-archiv.wir-tun-was-fuer-bienen.de\/archiv-2018\/eintrag\/insektenfreundliche-hausfront\/\"><img decoding=\"async\" width=\"150\" height=\"150\" src=\"https:\/\/wettbewerb-archiv.wir-tun-was-fuer-bienen.de\/archiv-2018\/wp-content\/uploads\/sites\/2\/2018\/04\/topfgarten-150x150.jpg\" class=\"attachment-thumbnail size-thumbnail\" alt=\"\" loading=\"lazy\" \/><\/a><\/span><span><a href=\"https:\/\/wettbewerb-archiv.wir-tun-was-fuer-bienen.de\/archiv-2018\/eintrag\/insektenfreundliche-hausfront\/\"><img decoding=\"async\" width=\"150\" height=\"150\" src=\"https:\/\/wettbewerb-archiv.wir-tun-was-fuer-bienen.de\/archiv-2018\/wp-content\/uploads\/sites\/2\/2018\/04\/t\u00f6pfeleer1-150x150.jpg\" class=\"attachment-thumbnail size-thumbnail\" alt=\"\" loading=\"lazy\" \/><\/a><\/span><span><a href=\"https:\/\/wettbewerb-archiv.wir-tun-was-fuer-bienen.de\/archiv-2018\/eintrag\/insektenfreundliche-hausfront\/\"><img decoding=\"async\" width=\"150\" height=\"150\" src=\"https:\/\/wettbewerb-archiv.wir-tun-was-fuer-bienen.de\/archiv-2018\/wp-content\/uploads\/sites\/2\/2018\/04\/t\u00f6pfeleer2-150x150.jpg\" class=\"attachment-thumbnail size-thumbnail\" alt=\"\" loading=\"lazy\" \/><\/a><\/span><span><a href=\"https:\/\/wettbewerb-archiv.wir-tun-was-fuer-bienen.de\/archiv-2018\/eintrag\/insektenfreundliche-hausfront\/\"><img decoding=\"async\" width=\"150\" height=\"150\" src=\"https:\/\/wettbewerb-archiv.wir-tun-was-fuer-bienen.de\/archiv-2018\/wp-content\/uploads\/sites\/2\/2018\/04\/topfg\u00e4rtner-150x150.jpg\" class=\"attachment-thumbnail size-thumbnail\" alt=\"\" loading=\"lazy\" \/><\/a><\/span><\/div>\n\n    <div class=\"user flex\">\n        \n                    <img decoding=\"async\" src=\"https:\/\/wettbewerb-archiv.wir-tun-was-fuer-bienen.de\/archiv-2018\/wp-content\/themes\/bienen\/assets\/images\/avatar-placeholder.png\" style=\"border-radius: 30px;\" height=\"30\" width=\"30\">\n            Natascha Kolb            <\/div>\n    \n    \n            <p class=\"categories meta\" style=\"width: 100%\"><span class=\"fa fa-tag\"\n                                                             aria-hidden=\"true\"><\/span> Privatg\u00e4rten und G\u00e4rten von Mietwohnungen (kleiner als 500 Quadratmeter)        <\/p>\n    \n            <p class=\"categories meta\" style=\"width: 100%\"><span class=\"fa fa-map-marker\"\n                                                             aria-hidden=\"true\"><\/span> Bayern        <\/p>\n    \n<\/article>\n   \n\t\t\n          <article id=\"post-650\" class=\"et_pb_post post-650 wtwfb_entry type-wtwfb_entry status-publish has-post-thumbnail hentry wtwfb_category-privatgaerten-und-gaerten-von-mietwohnungen-kleiner-500-quadratmeter wtwfb_region-bayern\">\n    <h2 class=\"entry-title\"><a href=\"https:\/\/wettbewerb-archiv.wir-tun-was-fuer-bienen.de\/archiv-2018\/eintrag\/renas-bienentraum\/\">ReNa&#8217;s Bienen(t)raum<\/a>\n    <\/h2>\n    <a href=\"https:\/\/wettbewerb-archiv.wir-tun-was-fuer-bienen.de\/archiv-2018\/eintrag\/renas-bienentraum\/\">\n        <div class=\"bienen-entry-image\">\n            <img decoding=\"async\" width=\"400\" height=\"300\" src=\"https:\/\/wettbewerb-archiv.wir-tun-was-fuer-bienen.de\/archiv-2018\/wp-content\/uploads\/sites\/2\/2018\/04\/Freifl\u00e4che-nach-Baumf\u00e4llung-1-400x300.jpg\" class=\"attachment-bienen-grid-thumb size-bienen-grid-thumb wp-post-image\" alt=\"\" loading=\"lazy\" srcset=\"https:\/\/wettbewerb-archiv.wir-tun-was-fuer-bienen.de\/archiv-2018\/wp-content\/uploads\/sites\/2\/2018\/04\/Freifl\u00e4che-nach-Baumf\u00e4llung-1-400x300.jpg 400w, https:\/\/wettbewerb-archiv.wir-tun-was-fuer-bienen.de\/archiv-2018\/wp-content\/uploads\/sites\/2\/2018\/04\/Freifl\u00e4che-nach-Baumf\u00e4llung-1-510x382.jpg 510w\" sizes=\"(max-width: 400px) 100vw, 400px\" \/>                    <\/div>\n    <\/a>\n\n    <div class=\"images-grid\"><span><a href=\"https:\/\/wettbewerb-archiv.wir-tun-was-fuer-bienen.de\/archiv-2018\/eintrag\/renas-bienentraum\/\"><img decoding=\"async\" width=\"150\" height=\"150\" src=\"https:\/\/wettbewerb-archiv.wir-tun-was-fuer-bienen.de\/archiv-2018\/wp-content\/uploads\/sites\/2\/2018\/04\/Pflanzen-von-Schl\u00fcsselblumen-150x150.jpg\" class=\"attachment-thumbnail size-thumbnail\" alt=\"\" loading=\"lazy\" \/><\/a><\/span><span><a href=\"https:\/\/wettbewerb-archiv.wir-tun-was-fuer-bienen.de\/archiv-2018\/eintrag\/renas-bienentraum\/\"><img decoding=\"async\" width=\"150\" height=\"150\" src=\"https:\/\/wettbewerb-archiv.wir-tun-was-fuer-bienen.de\/archiv-2018\/wp-content\/uploads\/sites\/2\/2018\/04\/Unser-erster-tierischer-Besucher-1-150x150.jpg\" class=\"attachment-thumbnail size-thumbnail\" alt=\"\" loading=\"lazy\" \/><\/a><\/span><span><a href=\"https:\/\/wettbewerb-archiv.wir-tun-was-fuer-bienen.de\/archiv-2018\/eintrag\/renas-bienentraum\/\"><img decoding=\"async\" width=\"150\" height=\"150\" src=\"https:\/\/wettbewerb-archiv.wir-tun-was-fuer-bienen.de\/archiv-2018\/wp-content\/uploads\/sites\/2\/2018\/04\/Ausarbeiten-der-Baumst\u00fcmpfe-150x150.jpg\" class=\"attachment-thumbnail size-thumbnail\" alt=\"\" loading=\"lazy\" \/><\/a><\/span><span><a href=\"https:\/\/wettbewerb-archiv.wir-tun-was-fuer-bienen.de\/archiv-2018\/eintrag\/renas-bienentraum\/\"><img decoding=\"async\" width=\"150\" height=\"150\" src=\"https:\/\/wettbewerb-archiv.wir-tun-was-fuer-bienen.de\/archiv-2018\/wp-content\/uploads\/sites\/2\/2018\/04\/umgetopfte-Mariendistel-150x150.jpg\" class=\"attachment-thumbnail size-thumbnail\" alt=\"\" loading=\"lazy\" \/><\/a><\/span><\/div>\n\n    <div class=\"user flex\">\n        \n                    <img decoding=\"async\" src=\"https:\/\/wettbewerb-archiv.wir-tun-was-fuer-bienen.de\/archiv-2018\/wp-content\/themes\/bienen\/assets\/images\/avatar-placeholder.png\" style=\"border-radius: 30px;\" height=\"30\" width=\"30\">\n            Regine            <\/div>\n    \n    \n            <p class=\"categories meta\" style=\"width: 100%\"><span class=\"fa fa-tag\"\n                                                             aria-hidden=\"true\"><\/span> Privatg\u00e4rten und G\u00e4rten von Mietwohnungen (kleiner als 500 Quadratmeter)        <\/p>\n    \n            <p class=\"categories meta\" style=\"width: 100%\"><span class=\"fa fa-map-marker\"\n                                                             aria-hidden=\"true\"><\/span> Bayern        <\/p>\n    \n<\/article>\n   \n\t\t\n          <article id=\"post-638\" class=\"et_pb_post post-638 wtwfb_entry type-wtwfb_entry status-publish has-post-thumbnail hentry wtwfb_category-privatgaerten-und-gaerten-von-mietwohnungen-kleiner-500-quadratmeter wtwfb_region-baden-wuerttemberg\">\n    <h2 class=\"entry-title\"><a href=\"https:\/\/wettbewerb-archiv.wir-tun-was-fuer-bienen.de\/archiv-2018\/eintrag\/unser-familiengruenstreifengaertchen\/\">Unser Familiengr\u00fcnstreifeng\u00e4rtchen<\/a>\n    <\/h2>\n    <a href=\"https:\/\/wettbewerb-archiv.wir-tun-was-fuer-bienen.de\/archiv-2018\/eintrag\/unser-familiengruenstreifengaertchen\/\">\n        <div class=\"bienen-entry-image\">\n            <img decoding=\"async\" width=\"400\" height=\"300\" src=\"https:\/\/wettbewerb-archiv.wir-tun-was-fuer-bienen.de\/archiv-2018\/wp-content\/uploads\/sites\/2\/2018\/04\/IMG-20180402-WA0005-400x300.jpg\" class=\"attachment-bienen-grid-thumb size-bienen-grid-thumb wp-post-image\" alt=\"\" loading=\"lazy\" srcset=\"https:\/\/wettbewerb-archiv.wir-tun-was-fuer-bienen.de\/archiv-2018\/wp-content\/uploads\/sites\/2\/2018\/04\/IMG-20180402-WA0005-400x300.jpg 400w, https:\/\/wettbewerb-archiv.wir-tun-was-fuer-bienen.de\/archiv-2018\/wp-content\/uploads\/sites\/2\/2018\/04\/IMG-20180402-WA0005-510x382.jpg 510w\" sizes=\"(max-width: 400px) 100vw, 400px\" \/>                    <\/div>\n    <\/a>\n\n    <div class=\"images-grid\"><\/div>\n\n    <div class=\"user flex\">\n        \n                    <img decoding=\"async\" src=\"https:\/\/wettbewerb-archiv.wir-tun-was-fuer-bienen.de\/archiv-2018\/wp-content\/themes\/bienen\/assets\/images\/avatar-placeholder.png\" style=\"border-radius: 30px;\" height=\"30\" width=\"30\">\n            Bianca Mank            <\/div>\n    \n    \n            <p class=\"categories meta\" style=\"width: 100%\"><span class=\"fa fa-tag\"\n                                                             aria-hidden=\"true\"><\/span> Privatg\u00e4rten und G\u00e4rten von Mietwohnungen (kleiner als 500 Quadratmeter)        <\/p>\n    \n            <p class=\"categories meta\" style=\"width: 100%\"><span class=\"fa fa-map-marker\"\n                                                             aria-hidden=\"true\"><\/span> Baden-W\u00fcrttemberg        <\/p>\n    \n<\/article>\n   \n\t\t\n          <article id=\"post-635\" class=\"et_pb_post post-635 wtwfb_entry type-wtwfb_entry status-publish has-post-thumbnail hentry wtwfb_category-kleingartenwesen-parzellen-und-gemeinschaftsgaerten wtwfb_region-bayern\">\n    <h2 class=\"entry-title\"><a href=\"https:\/\/wettbewerb-archiv.wir-tun-was-fuer-bienen.de\/archiv-2018\/eintrag\/staudenbeet-im-hinteren-maulwurfsgarten\/\">Staudenbeet im hinteren &#8220;Maulwurfsgarten&#8221;<\/a>\n    <\/h2>\n    <a href=\"https:\/\/wettbewerb-archiv.wir-tun-was-fuer-bienen.de\/archiv-2018\/eintrag\/staudenbeet-im-hinteren-maulwurfsgarten\/\">\n        <div class=\"bienen-entry-image\">\n            <img decoding=\"async\" width=\"400\" height=\"300\" src=\"https:\/\/wettbewerb-archiv.wir-tun-was-fuer-bienen.de\/archiv-2018\/wp-content\/uploads\/sites\/2\/2018\/04\/Gartent\u00fcr-vorher-nachher_klein-400x300.jpg\" class=\"attachment-bienen-grid-thumb size-bienen-grid-thumb wp-post-image\" alt=\"\" loading=\"lazy\" srcset=\"https:\/\/wettbewerb-archiv.wir-tun-was-fuer-bienen.de\/archiv-2018\/wp-content\/uploads\/sites\/2\/2018\/04\/Gartent\u00fcr-vorher-nachher_klein-400x300.jpg 400w, https:\/\/wettbewerb-archiv.wir-tun-was-fuer-bienen.de\/archiv-2018\/wp-content\/uploads\/sites\/2\/2018\/04\/Gartent\u00fcr-vorher-nachher_klein-510x382.jpg 510w\" sizes=\"(max-width: 400px) 100vw, 400px\" \/>                    <\/div>\n    <\/a>\n\n    <div class=\"images-grid\"><span><a href=\"https:\/\/wettbewerb-archiv.wir-tun-was-fuer-bienen.de\/archiv-2018\/eintrag\/staudenbeet-im-hinteren-maulwurfsgarten\/\"><img decoding=\"async\" width=\"150\" height=\"150\" src=\"https:\/\/wettbewerb-archiv.wir-tun-was-fuer-bienen.de\/archiv-2018\/wp-content\/uploads\/sites\/2\/2018\/04\/IMG_1773_-150x150.jpg\" class=\"attachment-thumbnail size-thumbnail\" alt=\"\" loading=\"lazy\" \/><\/a><\/span><span><a href=\"https:\/\/wettbewerb-archiv.wir-tun-was-fuer-bienen.de\/archiv-2018\/eintrag\/staudenbeet-im-hinteren-maulwurfsgarten\/\"><img decoding=\"async\" width=\"150\" height=\"150\" src=\"https:\/\/wettbewerb-archiv.wir-tun-was-fuer-bienen.de\/archiv-2018\/wp-content\/uploads\/sites\/2\/2018\/04\/M\u00fcll-wegbringen-150x150.jpg\" class=\"attachment-thumbnail size-thumbnail\" alt=\"\" loading=\"lazy\" \/><\/a><\/span><span><a href=\"https:\/\/wettbewerb-archiv.wir-tun-was-fuer-bienen.de\/archiv-2018\/eintrag\/staudenbeet-im-hinteren-maulwurfsgarten\/\"><img decoding=\"async\" width=\"150\" height=\"150\" src=\"https:\/\/wettbewerb-archiv.wir-tun-was-fuer-bienen.de\/archiv-2018\/wp-content\/uploads\/sites\/2\/2018\/04\/20180402_170941_HDR-150x150.jpg\" class=\"attachment-thumbnail size-thumbnail\" alt=\"\" loading=\"lazy\" \/><\/a><\/span><span><a href=\"https:\/\/wettbewerb-archiv.wir-tun-was-fuer-bienen.de\/archiv-2018\/eintrag\/staudenbeet-im-hinteren-maulwurfsgarten\/\"><img decoding=\"async\" width=\"150\" height=\"150\" src=\"https:\/\/wettbewerb-archiv.wir-tun-was-fuer-bienen.de\/archiv-2018\/wp-content\/uploads\/sites\/2\/2018\/04\/20180403_165845_HDR-150x150.jpg\" class=\"attachment-thumbnail size-thumbnail\" alt=\"\" loading=\"lazy\" \/><\/a><\/span><\/div>\n\n    <div class=\"user flex\">\n        \n                    <img decoding=\"async\" src=\"https:\/\/wettbewerb-archiv.wir-tun-was-fuer-bienen.de\/archiv-2018\/wp-content\/themes\/bienen\/assets\/images\/avatar-placeholder.png\" style=\"border-radius: 30px;\" height=\"30\" width=\"30\">\n            Verena Goess            <\/div>\n    \n    <p class=\"categories meta bienen-gewinner\"><span class=\"fa fa-trophy\"                                                              aria-hidden=\"true\"><\/span> Gewinner<\/p>\n            <p class=\"categories meta\" style=\"width: 100%\"><span class=\"fa fa-tag\"\n                                                             aria-hidden=\"true\"><\/span> Kleingartenwesen: Parzellen und Gemeinschaftsg\u00e4rten        <\/p>\n    \n            <p class=\"categories meta\" style=\"width: 100%\"><span class=\"fa fa-map-marker\"\n                                                             aria-hidden=\"true\"><\/span> Bayern        <\/p>\n    \n<\/article>\n   \n\t\t\n          <article id=\"post-616\" class=\"et_pb_post post-616 wtwfb_entry type-wtwfb_entry status-publish has-post-thumbnail hentry wtwfb_category-privatgaerten-und-gaerten-von-mietwohnungen-kleiner-500-quadratmeter wtwfb_region-baden-wuerttemberg\">\n    <h2 class=\"entry-title\"><a href=\"https:\/\/wettbewerb-archiv.wir-tun-was-fuer-bienen.de\/archiv-2018\/eintrag\/familiengarten\/\">Familiengarten<\/a>\n    <\/h2>\n    <a href=\"https:\/\/wettbewerb-archiv.wir-tun-was-fuer-bienen.de\/archiv-2018\/eintrag\/familiengarten\/\">\n        <div class=\"bienen-entry-image\">\n            <img decoding=\"async\" width=\"400\" height=\"300\" src=\"https:\/\/wettbewerb-archiv.wir-tun-was-fuer-bienen.de\/archiv-2018\/wp-content\/uploads\/sites\/2\/2018\/04\/IMG_1918-400x300.jpg\" class=\"attachment-bienen-grid-thumb size-bienen-grid-thumb wp-post-image\" alt=\"\" loading=\"lazy\" srcset=\"https:\/\/wettbewerb-archiv.wir-tun-was-fuer-bienen.de\/archiv-2018\/wp-content\/uploads\/sites\/2\/2018\/04\/IMG_1918-400x300.jpg 400w, https:\/\/wettbewerb-archiv.wir-tun-was-fuer-bienen.de\/archiv-2018\/wp-content\/uploads\/sites\/2\/2018\/04\/IMG_1918-510x382.jpg 510w\" sizes=\"(max-width: 400px) 100vw, 400px\" \/>                    <\/div>\n    <\/a>\n\n    <div class=\"images-grid\"><span><a href=\"https:\/\/wettbewerb-archiv.wir-tun-was-fuer-bienen.de\/archiv-2018\/eintrag\/familiengarten\/\"><img decoding=\"async\" width=\"150\" height=\"150\" src=\"https:\/\/wettbewerb-archiv.wir-tun-was-fuer-bienen.de\/archiv-2018\/wp-content\/uploads\/sites\/2\/2018\/04\/DSC03383-150x150.jpg\" class=\"attachment-thumbnail size-thumbnail\" alt=\"\" loading=\"lazy\" \/><\/a><\/span><\/div>\n\n    <div class=\"user flex\">\n        \n                    <img decoding=\"async\" src=\"https:\/\/wettbewerb-archiv.wir-tun-was-fuer-bienen.de\/archiv-2018\/wp-content\/themes\/bienen\/assets\/images\/avatar-placeholder.png\" style=\"border-radius: 30px;\" height=\"30\" width=\"30\">\n            Ursula Sch\u00f6rverth            <\/div>\n    \n    \n            <p class=\"categories meta\" style=\"width: 100%\"><span class=\"fa fa-tag\"\n                                                             aria-hidden=\"true\"><\/span> Privatg\u00e4rten und G\u00e4rten von Mietwohnungen (kleiner als 500 Quadratmeter)        <\/p>\n    \n            <p class=\"categories meta\" style=\"width: 100%\"><span class=\"fa fa-map-marker\"\n                                                             aria-hidden=\"true\"><\/span> Baden-W\u00fcrttemberg        <\/p>\n    \n<\/article>\n   \n\t\t\n          <article id=\"post-612\" class=\"et_pb_post post-612 wtwfb_entry type-wtwfb_entry status-publish has-post-thumbnail hentry wtwfb_category-kleingartenwesen-parzellen-und-gemeinschaftsgaerten wtwfb_region-sachsen\">\n    <h2 class=\"entry-title\"><a href=\"https:\/\/wettbewerb-archiv.wir-tun-was-fuer-bienen.de\/archiv-2018\/eintrag\/naturnaher-kleingarten\/\">Naturnaher Kleingarten<\/a>\n    <\/h2>\n    <a href=\"https:\/\/wettbewerb-archiv.wir-tun-was-fuer-bienen.de\/archiv-2018\/eintrag\/naturnaher-kleingarten\/\">\n        <div class=\"bienen-entry-image\">\n            <img decoding=\"async\" width=\"400\" height=\"300\" src=\"https:\/\/wettbewerb-archiv.wir-tun-was-fuer-bienen.de\/archiv-2018\/wp-content\/uploads\/sites\/2\/2018\/04\/DSC02780-400x300.jpg\" class=\"attachment-bienen-grid-thumb size-bienen-grid-thumb wp-post-image\" alt=\"\" loading=\"lazy\" srcset=\"https:\/\/wettbewerb-archiv.wir-tun-was-fuer-bienen.de\/archiv-2018\/wp-content\/uploads\/sites\/2\/2018\/04\/DSC02780-400x300.jpg 400w, https:\/\/wettbewerb-archiv.wir-tun-was-fuer-bienen.de\/archiv-2018\/wp-content\/uploads\/sites\/2\/2018\/04\/DSC02780-510x382.jpg 510w\" sizes=\"(max-width: 400px) 100vw, 400px\" \/>                    <\/div>\n    <\/a>\n\n    <div class=\"images-grid\"><span><a href=\"https:\/\/wettbewerb-archiv.wir-tun-was-fuer-bienen.de\/archiv-2018\/eintrag\/naturnaher-kleingarten\/\"><img decoding=\"async\" width=\"150\" height=\"150\" src=\"https:\/\/wettbewerb-archiv.wir-tun-was-fuer-bienen.de\/archiv-2018\/wp-content\/uploads\/sites\/2\/2018\/04\/DSC04550-3-150x150.jpg\" class=\"attachment-thumbnail size-thumbnail\" alt=\"\" loading=\"lazy\" \/><\/a><\/span><span><a href=\"https:\/\/wettbewerb-archiv.wir-tun-was-fuer-bienen.de\/archiv-2018\/eintrag\/naturnaher-kleingarten\/\"><img decoding=\"async\" width=\"150\" height=\"150\" src=\"https:\/\/wettbewerb-archiv.wir-tun-was-fuer-bienen.de\/archiv-2018\/wp-content\/uploads\/sites\/2\/2018\/04\/DSC04560-2-150x150.jpg\" class=\"attachment-thumbnail size-thumbnail\" alt=\"\" loading=\"lazy\" \/><\/a><\/span><\/div>\n\n    <div class=\"user flex\">\n        \n                    <img decoding=\"async\" src=\"https:\/\/wettbewerb-archiv.wir-tun-was-fuer-bienen.de\/archiv-2018\/wp-content\/themes\/bienen\/assets\/images\/avatar-placeholder.png\" style=\"border-radius: 30px;\" height=\"30\" width=\"30\">\n            Sven Wruck            <\/div>\n    \n    \n            <p class=\"categories meta\" style=\"width: 100%\"><span class=\"fa fa-tag\"\n                                                             aria-hidden=\"true\"><\/span> Kleingartenwesen: Parzellen und Gemeinschaftsg\u00e4rten        <\/p>\n    \n            <p class=\"categories meta\" style=\"width: 100%\"><span class=\"fa fa-map-marker\"\n                                                             aria-hidden=\"true\"><\/span> Sachsen        <\/p>\n    \n<\/article>\n   \n\t\t\n          <article id=\"post-608\" class=\"et_pb_post post-608 wtwfb_entry type-wtwfb_entry status-publish has-post-thumbnail hentry wtwfb_category-privatgaerten-und-gaerten-von-mietwohnungen-kleiner-500-quadratmeter wtwfb_region-rheinland-pfalz\">\n    <h2 class=\"entry-title\"><a href=\"https:\/\/wettbewerb-archiv.wir-tun-was-fuer-bienen.de\/archiv-2018\/eintrag\/unser-naturnaher-garten-2\/\">Unser Naturnaher Garten<\/a>\n    <\/h2>\n    <a href=\"https:\/\/wettbewerb-archiv.wir-tun-was-fuer-bienen.de\/archiv-2018\/eintrag\/unser-naturnaher-garten-2\/\">\n        <div class=\"bienen-entry-image\">\n            <img decoding=\"async\" width=\"400\" height=\"300\" src=\"https:\/\/wettbewerb-archiv.wir-tun-was-fuer-bienen.de\/archiv-2018\/wp-content\/uploads\/sites\/2\/2018\/04\/IMG_20180402_153612-1-400x300.jpg\" class=\"attachment-bienen-grid-thumb size-bienen-grid-thumb wp-post-image\" alt=\"\" loading=\"lazy\" srcset=\"https:\/\/wettbewerb-archiv.wir-tun-was-fuer-bienen.de\/archiv-2018\/wp-content\/uploads\/sites\/2\/2018\/04\/IMG_20180402_153612-1-400x300.jpg 400w, https:\/\/wettbewerb-archiv.wir-tun-was-fuer-bienen.de\/archiv-2018\/wp-content\/uploads\/sites\/2\/2018\/04\/IMG_20180402_153612-1-300x225.jpg 300w, https:\/\/wettbewerb-archiv.wir-tun-was-fuer-bienen.de\/archiv-2018\/wp-content\/uploads\/sites\/2\/2018\/04\/IMG_20180402_153612-1-768x576.jpg 768w, https:\/\/wettbewerb-archiv.wir-tun-was-fuer-bienen.de\/archiv-2018\/wp-content\/uploads\/sites\/2\/2018\/04\/IMG_20180402_153612-1-1024x768.jpg 1024w, https:\/\/wettbewerb-archiv.wir-tun-was-fuer-bienen.de\/archiv-2018\/wp-content\/uploads\/sites\/2\/2018\/04\/IMG_20180402_153612-1-510x382.jpg 510w, https:\/\/wettbewerb-archiv.wir-tun-was-fuer-bienen.de\/archiv-2018\/wp-content\/uploads\/sites\/2\/2018\/04\/IMG_20180402_153612-1-1080x810.jpg 1080w, https:\/\/wettbewerb-archiv.wir-tun-was-fuer-bienen.de\/archiv-2018\/wp-content\/uploads\/sites\/2\/2018\/04\/IMG_20180402_153612-1.jpg 1920w\" sizes=\"(max-width: 400px) 100vw, 400px\" \/>                    <\/div>\n    <\/a>\n\n    <div class=\"images-grid\"><\/div>\n\n    <div class=\"user flex\">\n        \n                    <img decoding=\"async\" src=\"https:\/\/wettbewerb-archiv.wir-tun-was-fuer-bienen.de\/archiv-2018\/wp-content\/themes\/bienen\/assets\/images\/avatar-placeholder.png\" style=\"border-radius: 30px;\" height=\"30\" width=\"30\">\n            Saskia Esser            <\/div>\n    \n    \n            <p class=\"categories meta\" style=\"width: 100%\"><span class=\"fa fa-tag\"\n                                                             aria-hidden=\"true\"><\/span> Privatg\u00e4rten und G\u00e4rten von Mietwohnungen (kleiner als 500 Quadratmeter)        <\/p>\n    \n            <p class=\"categories meta\" style=\"width: 100%\"><span class=\"fa fa-map-marker\"\n                                                             aria-hidden=\"true\"><\/span> Rheinland-Pfalz        <\/p>\n    \n<\/article>\n   \n\t\t\n          <article id=\"post-559\" class=\"et_pb_post post-559 wtwfb_entry type-wtwfb_entry status-publish has-post-thumbnail hentry wtwfb_category-schul-und-jugendclub-gaerten wtwfb_region-bremen\">\n    <h2 class=\"entry-title\"><a href=\"https:\/\/wettbewerb-archiv.wir-tun-was-fuer-bienen.de\/archiv-2018\/eintrag\/naturverbunden-mit-kindern-oasen-schaffen-fuer-mensch-und-tier\/\">Naturverbunden- Kindergarten erschafft einen Bienengart...<\/a>\n    <\/h2>\n    <a href=\"https:\/\/wettbewerb-archiv.wir-tun-was-fuer-bienen.de\/archiv-2018\/eintrag\/naturverbunden-mit-kindern-oasen-schaffen-fuer-mensch-und-tier\/\">\n        <div class=\"bienen-entry-image\">\n            <img decoding=\"async\" width=\"400\" height=\"300\" src=\"https:\/\/wettbewerb-archiv.wir-tun-was-fuer-bienen.de\/archiv-2018\/wp-content\/uploads\/sites\/2\/2018\/07\/20180729_155431-400x300.jpg\" class=\"attachment-bienen-grid-thumb size-bienen-grid-thumb wp-post-image\" alt=\"\" loading=\"lazy\" \/>                    <\/div>\n    <\/a>\n\n    <div class=\"images-grid\"><span><a href=\"https:\/\/wettbewerb-archiv.wir-tun-was-fuer-bienen.de\/archiv-2018\/eintrag\/naturverbunden-mit-kindern-oasen-schaffen-fuer-mensch-und-tier\/\"><img decoding=\"async\" width=\"150\" height=\"150\" src=\"https:\/\/wettbewerb-archiv.wir-tun-was-fuer-bienen.de\/archiv-2018\/wp-content\/uploads\/sites\/2\/2018\/05\/20180503_115623-150x150.jpg\" class=\"attachment-thumbnail size-thumbnail\" alt=\"\" loading=\"lazy\" srcset=\"https:\/\/wettbewerb-archiv.wir-tun-was-fuer-bienen.de\/archiv-2018\/wp-content\/uploads\/sites\/2\/2018\/05\/20180503_115623-150x150.jpg 150w, https:\/\/wettbewerb-archiv.wir-tun-was-fuer-bienen.de\/archiv-2018\/wp-content\/uploads\/sites\/2\/2018\/05\/20180503_115623-300x300.jpg 300w, https:\/\/wettbewerb-archiv.wir-tun-was-fuer-bienen.de\/archiv-2018\/wp-content\/uploads\/sites\/2\/2018\/05\/20180503_115623-768x768.jpg 768w, https:\/\/wettbewerb-archiv.wir-tun-was-fuer-bienen.de\/archiv-2018\/wp-content\/uploads\/sites\/2\/2018\/05\/20180503_115623-1024x1024.jpg 1024w, https:\/\/wettbewerb-archiv.wir-tun-was-fuer-bienen.de\/archiv-2018\/wp-content\/uploads\/sites\/2\/2018\/05\/20180503_115623-1080x1080.jpg 1080w, https:\/\/wettbewerb-archiv.wir-tun-was-fuer-bienen.de\/archiv-2018\/wp-content\/uploads\/sites\/2\/2018\/05\/20180503_115623.jpg 1600w\" sizes=\"(max-width: 150px) 100vw, 150px\" \/><\/a><\/span><span><a href=\"https:\/\/wettbewerb-archiv.wir-tun-was-fuer-bienen.de\/archiv-2018\/eintrag\/naturverbunden-mit-kindern-oasen-schaffen-fuer-mensch-und-tier\/\"><img decoding=\"async\" width=\"150\" height=\"150\" src=\"https:\/\/wettbewerb-archiv.wir-tun-was-fuer-bienen.de\/archiv-2018\/wp-content\/uploads\/sites\/2\/2018\/05\/20180503_232428-150x150.jpg\" class=\"attachment-thumbnail size-thumbnail\" alt=\"\" loading=\"lazy\" srcset=\"https:\/\/wettbewerb-archiv.wir-tun-was-fuer-bienen.de\/archiv-2018\/wp-content\/uploads\/sites\/2\/2018\/05\/20180503_232428-150x150.jpg 150w, https:\/\/wettbewerb-archiv.wir-tun-was-fuer-bienen.de\/archiv-2018\/wp-content\/uploads\/sites\/2\/2018\/05\/20180503_232428-300x300.jpg 300w, https:\/\/wettbewerb-archiv.wir-tun-was-fuer-bienen.de\/archiv-2018\/wp-content\/uploads\/sites\/2\/2018\/05\/20180503_232428-768x768.jpg 768w, https:\/\/wettbewerb-archiv.wir-tun-was-fuer-bienen.de\/archiv-2018\/wp-content\/uploads\/sites\/2\/2018\/05\/20180503_232428-1024x1024.jpg 1024w, https:\/\/wettbewerb-archiv.wir-tun-was-fuer-bienen.de\/archiv-2018\/wp-content\/uploads\/sites\/2\/2018\/05\/20180503_232428-1080x1080.jpg 1080w, https:\/\/wettbewerb-archiv.wir-tun-was-fuer-bienen.de\/archiv-2018\/wp-content\/uploads\/sites\/2\/2018\/05\/20180503_232428.jpg 1600w\" sizes=\"(max-width: 150px) 100vw, 150px\" \/><\/a><\/span><span><a href=\"https:\/\/wettbewerb-archiv.wir-tun-was-fuer-bienen.de\/archiv-2018\/eintrag\/naturverbunden-mit-kindern-oasen-schaffen-fuer-mensch-und-tier\/\"><img decoding=\"async\" width=\"150\" height=\"150\" src=\"https:\/\/wettbewerb-archiv.wir-tun-was-fuer-bienen.de\/archiv-2018\/wp-content\/uploads\/sites\/2\/2018\/04\/20180426_213216-150x150.jpg\" class=\"attachment-thumbnail size-thumbnail\" alt=\"\" loading=\"lazy\" srcset=\"https:\/\/wettbewerb-archiv.wir-tun-was-fuer-bienen.de\/archiv-2018\/wp-content\/uploads\/sites\/2\/2018\/04\/20180426_213216-150x150.jpg 150w, https:\/\/wettbewerb-archiv.wir-tun-was-fuer-bienen.de\/archiv-2018\/wp-content\/uploads\/sites\/2\/2018\/04\/20180426_213216-300x300.jpg 300w, https:\/\/wettbewerb-archiv.wir-tun-was-fuer-bienen.de\/archiv-2018\/wp-content\/uploads\/sites\/2\/2018\/04\/20180426_213216-768x768.jpg 768w, https:\/\/wettbewerb-archiv.wir-tun-was-fuer-bienen.de\/archiv-2018\/wp-content\/uploads\/sites\/2\/2018\/04\/20180426_213216-1024x1024.jpg 1024w, https:\/\/wettbewerb-archiv.wir-tun-was-fuer-bienen.de\/archiv-2018\/wp-content\/uploads\/sites\/2\/2018\/04\/20180426_213216-1080x1080.jpg 1080w, https:\/\/wettbewerb-archiv.wir-tun-was-fuer-bienen.de\/archiv-2018\/wp-content\/uploads\/sites\/2\/2018\/04\/20180426_213216.jpg 1600w\" sizes=\"(max-width: 150px) 100vw, 150px\" \/><\/a><\/span><span><a href=\"https:\/\/wettbewerb-archiv.wir-tun-was-fuer-bienen.de\/archiv-2018\/eintrag\/naturverbunden-mit-kindern-oasen-schaffen-fuer-mensch-und-tier\/\"><img decoding=\"async\" width=\"150\" height=\"150\" src=\"https:\/\/wettbewerb-archiv.wir-tun-was-fuer-bienen.de\/archiv-2018\/wp-content\/uploads\/sites\/2\/2018\/05\/20180504_123442-150x150.jpg\" class=\"attachment-thumbnail size-thumbnail\" alt=\"\" loading=\"lazy\" srcset=\"https:\/\/wettbewerb-archiv.wir-tun-was-fuer-bienen.de\/archiv-2018\/wp-content\/uploads\/sites\/2\/2018\/05\/20180504_123442-150x150.jpg 150w, https:\/\/wettbewerb-archiv.wir-tun-was-fuer-bienen.de\/archiv-2018\/wp-content\/uploads\/sites\/2\/2018\/05\/20180504_123442-300x300.jpg 300w, https:\/\/wettbewerb-archiv.wir-tun-was-fuer-bienen.de\/archiv-2018\/wp-content\/uploads\/sites\/2\/2018\/05\/20180504_123442-768x768.jpg 768w, https:\/\/wettbewerb-archiv.wir-tun-was-fuer-bienen.de\/archiv-2018\/wp-content\/uploads\/sites\/2\/2018\/05\/20180504_123442-1024x1024.jpg 1024w, https:\/\/wettbewerb-archiv.wir-tun-was-fuer-bienen.de\/archiv-2018\/wp-content\/uploads\/sites\/2\/2018\/05\/20180504_123442-1080x1080.jpg 1080w, https:\/\/wettbewerb-archiv.wir-tun-was-fuer-bienen.de\/archiv-2018\/wp-content\/uploads\/sites\/2\/2018\/05\/20180504_123442.jpg 1600w\" sizes=\"(max-width: 150px) 100vw, 150px\" \/><\/a><\/span><\/div>\n\n    <div class=\"user flex\">\n        \n                    <img decoding=\"async\" src=\"https:\/\/wettbewerb-archiv.wir-tun-was-fuer-bienen.de\/archiv-2018\/wp-content\/themes\/bienen\/assets\/images\/avatar-placeholder.png\" style=\"border-radius: 30px;\" height=\"30\" width=\"30\">\n            Fidibus e.V.            <\/div>\n    \n    \n            <p class=\"categories meta\" style=\"width: 100%\"><span class=\"fa fa-tag\"\n                                                             aria-hidden=\"true\"><\/span> Schul- und Jugendclub-G\u00e4rten        <\/p>\n    \n            <p class=\"categories meta\" style=\"width: 100%\"><span class=\"fa fa-map-marker\"\n                                                             aria-hidden=\"true\"><\/span> Bremen        <\/p>\n    \n<\/article>\n   \n\t\t\n          <article id=\"post-546\" class=\"et_pb_post post-546 wtwfb_entry type-wtwfb_entry status-publish has-post-thumbnail hentry wtwfb_category-privatgaerten-und-gaerten-von-mietwohnungen-kleiner-500-quadratmeter wtwfb_region-niedersachsen\">\n    <h2 class=\"entry-title\"><a href=\"https:\/\/wettbewerb-archiv.wir-tun-was-fuer-bienen.de\/archiv-2018\/eintrag\/mein-garten\/\">Mein Garten<\/a>\n    <\/h2>\n    <a href=\"https:\/\/wettbewerb-archiv.wir-tun-was-fuer-bienen.de\/archiv-2018\/eintrag\/mein-garten\/\">\n        <div class=\"bienen-entry-image\">\n            <img decoding=\"async\" width=\"400\" height=\"300\" src=\"https:\/\/wettbewerb-archiv.wir-tun-was-fuer-bienen.de\/archiv-2018\/wp-content\/uploads\/sites\/2\/2018\/04\/16711742_10211572588696495_1291335198071995248_n-400x300.jpg\" class=\"attachment-bienen-grid-thumb size-bienen-grid-thumb wp-post-image\" alt=\"\" loading=\"lazy\" srcset=\"https:\/\/wettbewerb-archiv.wir-tun-was-fuer-bienen.de\/archiv-2018\/wp-content\/uploads\/sites\/2\/2018\/04\/16711742_10211572588696495_1291335198071995248_n-400x300.jpg 400w, https:\/\/wettbewerb-archiv.wir-tun-was-fuer-bienen.de\/archiv-2018\/wp-content\/uploads\/sites\/2\/2018\/04\/16711742_10211572588696495_1291335198071995248_n-510x382.jpg 510w\" sizes=\"(max-width: 400px) 100vw, 400px\" \/>                    <\/div>\n    <\/a>\n\n    <div class=\"images-grid\"><span><a href=\"https:\/\/wettbewerb-archiv.wir-tun-was-fuer-bienen.de\/archiv-2018\/eintrag\/mein-garten\/\"><img decoding=\"async\" width=\"150\" height=\"150\" src=\"https:\/\/wettbewerb-archiv.wir-tun-was-fuer-bienen.de\/archiv-2018\/wp-content\/uploads\/sites\/2\/2018\/04\/19060090_1534803156544326_3535932620862480799_n-150x150.jpg\" class=\"attachment-thumbnail size-thumbnail\" alt=\"\" loading=\"lazy\" \/><\/a><\/span><span><a href=\"https:\/\/wettbewerb-archiv.wir-tun-was-fuer-bienen.de\/archiv-2018\/eintrag\/mein-garten\/\"><img decoding=\"async\" width=\"150\" height=\"150\" src=\"https:\/\/wettbewerb-archiv.wir-tun-was-fuer-bienen.de\/archiv-2018\/wp-content\/uploads\/sites\/2\/2018\/04\/29570422_1843168795707759_2869393648259637395_n-150x150.jpg\" class=\"attachment-thumbnail size-thumbnail\" alt=\"\" loading=\"lazy\" \/><\/a><\/span><span><a href=\"https:\/\/wettbewerb-archiv.wir-tun-was-fuer-bienen.de\/archiv-2018\/eintrag\/mein-garten\/\"><img decoding=\"async\" width=\"150\" height=\"150\" src=\"https:\/\/wettbewerb-archiv.wir-tun-was-fuer-bienen.de\/archiv-2018\/wp-content\/uploads\/sites\/2\/2018\/04\/20180405_192730-150x150.jpg\" class=\"attachment-thumbnail size-thumbnail\" alt=\"\" loading=\"lazy\" \/><\/a><\/span><span><a href=\"https:\/\/wettbewerb-archiv.wir-tun-was-fuer-bienen.de\/archiv-2018\/eintrag\/mein-garten\/\"><img decoding=\"async\" width=\"150\" height=\"150\" src=\"https:\/\/wettbewerb-archiv.wir-tun-was-fuer-bienen.de\/archiv-2018\/wp-content\/uploads\/sites\/2\/2018\/04\/20180405_192626-150x150.jpg\" class=\"attachment-thumbnail size-thumbnail\" alt=\"\" loading=\"lazy\" \/><\/a><\/span><\/div>\n\n    <div class=\"user flex\">\n        \n                    <img decoding=\"async\" src=\"https:\/\/wettbewerb-archiv.wir-tun-was-fuer-bienen.de\/archiv-2018\/wp-content\/themes\/bienen\/assets\/images\/avatar-placeholder.png\" style=\"border-radius: 30px;\" height=\"30\" width=\"30\">\n            Mona Dehnam            <\/div>\n    \n    \n            <p class=\"categories meta\" style=\"width: 100%\"><span class=\"fa fa-tag\"\n                                                             aria-hidden=\"true\"><\/span> Privatg\u00e4rten und G\u00e4rten von Mietwohnungen (kleiner als 500 Quadratmeter)        <\/p>\n    \n            <p class=\"categories meta\" style=\"width: 100%\"><span class=\"fa fa-map-marker\"\n                                                             aria-hidden=\"true\"><\/span> Niedersachsen        <\/p>\n    \n<\/article>\n   \n\t\t<!-- WPV_Infinite_Scroll -->\n\t\n\t<\/div>\n\t\n\t\n<\/div>\n<\/div>\n","protected":false},"excerpt":{"rendered":"<p>Hier pr\u00e4sentieren wir alle Beitr\u00e4ge des&nbsp;Pflanzwettbewerb \u201eWir tun was f\u00fcr Bienen!\u201c 2018 &nbsp;Wir gratulieren allen Gewinnerinnen und Gewinnern! \ud83d\ude0a Weitere Infos auf: https:\/\/wir-tun-was-fuer-bienen.de\/home.html<\/p>\n","protected":false},"author":1,"featured_media":0,"parent":0,"menu_order":0,"comment_status":"closed","ping_status":"closed","template":"","meta":{"_acf_changed":false,"_et_pb_use_builder":"off","_et_pb_old_content":"","_et_gb_content_width":"","footnotes":""},"class_list":["post-404","page","type-page","status-publish","hentry"],"acf":[],"_links":{"self":[{"href":"https:\/\/wettbewerb-archiv.wir-tun-was-fuer-bienen.de\/archiv-2018\/wp-json\/wp\/v2\/pages\/404","targetHints":{"allow":["GET"]}}],"collection":[{"href":"https:\/\/wettbewerb-archiv.wir-tun-was-fuer-bienen.de\/archiv-2018\/wp-json\/wp\/v2\/pages"}],"about":[{"href":"https:\/\/wettbewerb-archiv.wir-tun-was-fuer-bienen.de\/archiv-2018\/wp-json\/wp\/v2\/types\/page"}],"author":[{"embeddable":true,"href":"https:\/\/wettbewerb-archiv.wir-tun-was-fuer-bienen.de\/archiv-2018\/wp-json\/wp\/v2\/users\/1"}],"replies":[{"embeddable":true,"href":"https:\/\/wettbewerb-archiv.wir-tun-was-fuer-bienen.de\/archiv-2018\/wp-json\/wp\/v2\/comments?post=404"}],"version-history":[{"count":0,"href":"https:\/\/wettbewerb-archiv.wir-tun-was-fuer-bienen.de\/archiv-2018\/wp-json\/wp\/v2\/pages\/404\/revisions"}],"wp:attachment":[{"href":"https:\/\/wettbewerb-archiv.wir-tun-was-fuer-bienen.de\/archiv-2018\/wp-json\/wp\/v2\/media?parent=404"}],"curies":[{"name":"wp","href":"https:\/\/api.w.org\/{rel}","templated":true}]}}