{"id":404,"date":"2018-03-26T10:24:16","date_gmt":"2018-03-26T08:24:16","guid":{"rendered":"https:\/\/wir-tun-was-fuer-bienen.dev.moewe.io\/?page_id=404"},"modified":"2022-03-11T15:38:19","modified_gmt":"2022-03-11T14:38:19","slug":"aktueller-wettbewerb","status":"publish","type":"page","link":"https:\/\/wettbewerb-archiv.wir-tun-was-fuer-bienen.de\/archiv-2021\/","title":{"rendered":"Pflanzwettbewerb Archiv 2021"},"content":{"rendered":"\n<p class=\"has-text-align-center\"><strong><b>Hier pr\u00e4sentieren wir alle Beitr\u00e4ge des<\/b>&nbsp;Pflanzwettbewerb \u201eWir tun was f\u00fcr Bienen!\u201c 2021<\/strong><\/p>\n\n\n\n<p class=\"has-text-align-center\"><b>&nbsp;Wir gratulieren allen Gewinnerinnen und Gewinnern!<\/b><b> <\/b><b>?<\/b><\/p>\n\n\n\n<p class=\"has-text-align-center\"><b> Weitere Infos auf: <a href=\"https:\/\/wir-tun-was-fuer-bienen.de\/home.html\">https:\/\/wir-tun-was-fuer-bienen.de\/home.html<\/a><\/b><\/p>\n\n\n\n<div style=\"height:50px\" aria-hidden=\"true\" class=\"wp-block-spacer\"><\/div>\n\n\n\n<div class=\"wp-block-buttons is-layout-flex wp-block-buttons-is-layout-flex\">\n<div class=\"wp-block-button aligncenter\"><a class=\"wp-block-button__link\" href=\"https:\/\/wettbewerb-archiv.wir-tun-was-fuer-bienen.de\/\">Zum aktuellen Wettbewerb<\/a><\/div>\n<\/div>\n\n\n\n<div style=\"height:50px\" aria-hidden=\"true\" class=\"wp-block-spacer\"><\/div>\n\n\n\n<p class=\"has-text-align-center\"><b><br><\/b><\/p>\n\n\n<div class=\"bienen-hide-teilnahme-filter\"><form autocomplete=\"off\" name=\"wpv-filter-10282-CATTR9031fb5f8db27154a14cdff18e786324\" action=\"\/archiv-2021\/wp-json\/wp\/v2\/pages\/404?wpv_view_count=10282-CATTR9031fb5f8db27154a14cdff18e786324\" method=\"get\" class=\"wpv-filter-form js-wpv-filter-form js-wpv-filter-form-10282-CATTR9031fb5f8db27154a14cdff18e786324 js-wpv-form-full js-wpv-ajax-results-enabled\" data-viewnumber=\"10282-CATTR9031fb5f8db27154a14cdff18e786324\" data-viewid=\"10282\" data-viewhash=\"eyJuYW1lIjoid2V0dGJld2VyYnNlaW50cmFlZ2UiLCJzdGFydHllYXIiOiIxOTgzIiwic3RhcnRkYXlvZnllYXIiOiIxIiwiZW5keWVhciI6IjIxMDAiLCJlbmRkYXlvZnllYXIiOiIzNjUifQ==\" data-viewwidgetid=\"0\" data-orderby=\"\" data-order=\"\" data-orderbyas=\"\" data-orderbysecond=\"\" data-ordersecond=\"\" data-parametric=\"{&quot;query&quot;:&quot;normal&quot;,&quot;id&quot;:&quot;10282&quot;,&quot;view_id&quot;:&quot;10282&quot;,&quot;widget_id&quot;:0,&quot;view_hash&quot;:&quot;10282-CATTR9031fb5f8db27154a14cdff18e786324&quot;,&quot;action&quot;:&quot;\\\/archiv-2021\\\/wp-json\\\/wp\\\/v2\\\/pages\\\/404?wpv_view_count=10282-CATTR9031fb5f8db27154a14cdff18e786324&quot;,&quot;sort&quot;:{&quot;orderby&quot;:&quot;&quot;,&quot;order&quot;:&quot;&quot;,&quot;orderby_as&quot;:&quot;&quot;,&quot;orderby_second&quot;:&quot;&quot;,&quot;order_second&quot;:&quot;&quot;},&quot;orderby&quot;:&quot;&quot;,&quot;order&quot;:&quot;&quot;,&quot;orderby_as&quot;:&quot;&quot;,&quot;orderby_second&quot;:&quot;&quot;,&quot;order_second&quot;:&quot;&quot;,&quot;ajax_form&quot;:&quot;&quot;,&quot;ajax_results&quot;:&quot;&quot;,&quot;effect&quot;:&quot;fade&quot;,&quot;prebefore&quot;:&quot;&quot;,&quot;before&quot;:&quot;&quot;,&quot;after&quot;:&quot;&quot;,&quot;attributes&quot;:{&quot;startyear&quot;:&quot;1983&quot;,&quot;startdayofyear&quot;:&quot;1&quot;,&quot;endyear&quot;:&quot;2100&quot;,&quot;enddayofyear&quot;:&quot;365&quot;},&quot;environment&quot;:{&quot;current_post_id&quot;:404,&quot;parent_post_id&quot;:404,&quot;parent_term_id&quot;:0,&quot;parent_user_id&quot;:0,&quot;archive&quot;:{&quot;type&quot;:&quot;&quot;,&quot;name&quot;:&quot;&quot;,&quot;data&quot;:[]}},&quot;loop&quot;:{&quot;type&quot;:&quot;&quot;,&quot;name&quot;:&quot;&quot;,&quot;data&quot;:[],&quot;id&quot;:0}}\" data-attributes=\"{&quot;startyear&quot;:&quot;1983&quot;,&quot;startdayofyear&quot;:&quot;1&quot;,&quot;endyear&quot;:&quot;2100&quot;,&quot;enddayofyear&quot;:&quot;365&quot;}\" data-environment=\"{&quot;current_post_id&quot;:404,&quot;parent_post_id&quot;:404,&quot;parent_term_id&quot;:0,&quot;parent_user_id&quot;:0,&quot;archive&quot;:{&quot;type&quot;:&quot;&quot;,&quot;name&quot;:&quot;&quot;,&quot;data&quot;:[]}}\"><input type=\"hidden\" class=\"js-wpv-dps-filter-data js-wpv-filter-data-for-this-form\" data-action=\"\/archiv-2021\/wp-json\/wp\/v2\/pages\/404?wpv_view_count=10282-CATTR9031fb5f8db27154a14cdff18e786324\" data-page=\"1\" data-ajax=\"enable\" data-effect=\"fade\" data-maxpages=\"0\" data-ajaxprebefore=\"\" data-ajaxbefore=\"\" data-ajaxafter=\"\" \/><input class=\"wpv_view_count wpv_view_count-10282-CATTR9031fb5f8db27154a14cdff18e786324\" type=\"hidden\" name=\"wpv_view_count\" value=\"10282-CATTR9031fb5f8db27154a14cdff18e786324\" \/>\n\n<!--\n<p class=\"bienen-text-center\">\n\nEs wurden [wpv-items-count] Beitr\u00e4ge gefunden.\n<\/p>\n-->\n<div class=\"bienen-columns-4\">\n\t<div class=\"regionen-filter\">\n\t\t<label>Regionen<\/label>\n\t\t<select name=\"region\" class=\"js-wpv-filter-trigger form-control\"><option selected='selected' value=\"0\">Alle anzeigen<\/option><option value=\"baden-wuerttemberg\">Baden-W\u00fcrttemberg<\/option><option value=\"bayern\">Bayern<\/option><option value=\"berlin\">Berlin<\/option><option value=\"brandenburg\">Brandenburg<\/option><option value=\"bremen\">Bremen<\/option><option value=\"hamburg\">Hamburg<\/option><option value=\"hessen\">Hessen<\/option><option value=\"mecklenburg-vorpommern\">Mecklenburg-Vorpommern<\/option><option value=\"niedersachsen\">Niedersachsen<\/option><option value=\"nordrhein-westfalen\">Nordrhein-Westfalen<\/option><option value=\"rheinland-pfalz\">Rheinland-Pfalz<\/option><option value=\"saarland\">Saarland<\/option><option value=\"sachsen\">Sachsen<\/option><option value=\"sachsen-anhalt\">Sachsen-Anhalt<\/option><option value=\"schleswig-holstein\">Schleswig-Holstein<\/option><option value=\"thueringen\">Th\u00fcringen<\/option><\/select>\n\t<\/div>\n\t<div class=\"category-filter\">\n\t<label>Kategorien<\/label>\n\t<select name=\"kategorie\" class=\"js-wpv-filter-trigger form-control\"><option selected='selected' value=\"0\">Alle anzeigen<\/option><option value=\"balkone-terrassen-dachbegruenung-vertikale-gaerten\">Balkone, Terrassen, Dachbegr\u00fcnung, vertikale G\u00e4rten<\/option><option value=\"bestehende-naturbalkone\">Bestehende Naturbalkone (ohne Pflanzaktionen)<\/option><option value=\"bestehende-naturgaerten\">Bestehende Naturg\u00e4rten (ohne Pflanzaktionen)<\/option><option value=\"firmen-institutions-und-vereinsgaerten\">Firmen-, Institutions- und Vereinsg\u00e4rten<\/option><option value=\"kita-und-kindergartengaerten\">Kita- und Kindergarteng\u00e4rten<\/option><option value=\"kleingartenwesen-parzellen-und-gemeinschaftsgaerten\">Kleingartenwesen: Parzellen und Gemeinschaftsg\u00e4rten<\/option><option value=\"kommunale-flaechen-parks-baumscheiben\">Kommunale Fl\u00e4chen, Parks, Baumscheiben<\/option><option value=\"privatgaerten-und-gaerten-von-mietwohnungen-groesser-500-quadratmeter\">Privatg\u00e4rten und G\u00e4rten von Mietwohnungen (gr\u00f6\u00dfer als 500 Quadratmeter)<\/option><option value=\"privatgaerten-und-gaerten-von-mietwohnungen-kleiner-500-quadratmeter\">Privatg\u00e4rten und G\u00e4rten von Mietwohnungen (kleiner als 500 Quadratmeter)<\/option><option value=\"schul-und-jugendclub-gaerten\">Schul- und Jugendclub-G\u00e4rten<\/option><\/select>\n\t<\/div>\n\t<div class=\"teilnahme-filter\">\n      <label>Teilnahme<\/label>\n\t<select id=\"wpv_control_select_wtwfb_out_of_competition\" name=\"teilnahme_filter\" class=\"js-wpv-filter-trigger form-control\"><option value=\"\">Alle anzeigen<\/option><option value=\"1\">Nur au\u00dfer Konkurrenz<\/option><option value=\"0\" selected=\"selected\">Nur Wettbewerbsbeitr\u00e4ge<\/option><\/select>\n\t<\/div>\n    <div class=\"extrapreis_filter\">\n      <label>Extrapreis Musik f\u00fcr Bienenschutz<\/label>\n\t<select id=\"wpv_control_select_bienen_extra_price_bees_song\" name=\"extrapreis_filter\" class=\"js-wpv-filter-trigger form-control\"><option value=\"\" selected=\"selected\">Alle anzeigen<\/option><option value=\"1\">Mit Extrapreis Musik<\/option><option value=\"0\">Ohne Extrapreis Musik<\/option><\/select>\n\t<\/div>\n    <div>\n      <label>Gewinner<\/label>\n       \t<select id=\"wpv_control_select_wpcf-bienen_gewinner\" name=\"gewinner_filter\" class=\"js-wpv-filter-trigger form-control\"><option value=\"\" selected=\"selected\">Alle anzeigen<\/option><option value=\"1\">Nur Gewinner<\/option><\/select>\n    <\/div>\n<\/div>\n<div class=\"bienen-text-center\">\n<span style=\"display:none\" class=\"js-wpv-dps-spinner\"><img decoding=\"async\" src=\"https:\/\/wettbewerb-archiv.wir-tun-was-fuer-bienen.de\/archiv-2021\/wp-content\/plugins\/wp-views\/embedded\/res\/img\/ajax-loader.gif\" \/>Bitte warten. Wir filtern die Beitr\u00e4ge.<\/span>\n<\/div>\n\n<\/form>\n<div id=\"wpv-view-layout-10282-CATTR9031fb5f8db27154a14cdff18e786324\" class=\"js-wpv-view-layout js-wpv-layout-responsive js-wpv-view-layout-10282-CATTR9031fb5f8db27154a14cdff18e786324\" data-viewnumber=\"10282-CATTR9031fb5f8db27154a14cdff18e786324\" data-pagination=\"{&quot;id&quot;:&quot;10282&quot;,&quot;query&quot;:&quot;normal&quot;,&quot;type&quot;:&quot;disabled&quot;,&quot;effect&quot;:&quot;infinite&quot;,&quot;duration&quot;:50,&quot;speed&quot;:5,&quot;pause_on_hover&quot;:&quot;disabled&quot;,&quot;stop_rollover&quot;:&quot;false&quot;,&quot;cache_pages&quot;:&quot;enabled&quot;,&quot;preload_images&quot;:&quot;disabled&quot;,&quot;preload_pages&quot;:&quot;enabled&quot;,&quot;preload_reach&quot;:1,&quot;spinner&quot;:&quot;builtin&quot;,&quot;spinner_image&quot;:&quot;&quot;,&quot;callback_next&quot;:&quot;&quot;,&quot;manage_history&quot;:&quot;enabled&quot;,&quot;has_controls_in_form&quot;:&quot;disabled&quot;,&quot;infinite_tolerance&quot;:800,&quot;max_pages&quot;:0,&quot;page&quot;:1,&quot;base_permalink&quot;:&quot;\/archiv-2021\/wp-json\/wp\/v2\/pages\/404?teilnahme_filter=0&amp;wpv_view_count=10282-CATTR9031fb5f8db27154a14cdff18e786324&amp;wpv_paged=WPV_PAGE_NUM&quot;,&quot;loop&quot;:{&quot;type&quot;:&quot;&quot;,&quot;name&quot;:&quot;&quot;,&quot;data&quot;:[],&quot;id&quot;:0}}\" data-permalink=\"\/archiv-2021\/wp-json\/wp\/v2\/pages\/404?teilnahme_filter=0&#038;wpv_view_count=10282-CATTR9031fb5f8db27154a14cdff18e786324\">\n\n\t\n\t\n\t<div class=\"bienen-grid-embedded bienen-loop\">\n      \n\t\n\t\t<!-- WPV_Infinite_Scroll --><!-- WPV_Infinite_Scroll_Insert -->\n          <article id=\"post-59653\" class=\"et_pb_post post-59653 wtwfb_entry type-wtwfb_entry status-publish has-post-thumbnail hentry wtwfb_category-kita-und-kindergartengaerten wtwfb_region-baden-wuerttemberg\">\n    <h2 class=\"entry-title\"><a href=\"https:\/\/wettbewerb-archiv.wir-tun-was-fuer-bienen.de\/archiv-2021\/eintrag\/stadtteilaktion-natur-belebt-auch-unsere-stadtteile-von-fruehjahr-bis-ind-den-herbst\/\">Stadtteilaktion &#8220; Natur belebt auch unsere Stadtt...<\/a>\n    <\/h2>\n    <a href=\"https:\/\/wettbewerb-archiv.wir-tun-was-fuer-bienen.de\/archiv-2021\/eintrag\/stadtteilaktion-natur-belebt-auch-unsere-stadtteile-von-fruehjahr-bis-ind-den-herbst\/\">\n        <div class=\"bienen-entry-image\">\n            <img decoding=\"async\" width=\"400\" height=\"300\" src=\"https:\/\/wettbewerb-archiv.wir-tun-was-fuer-bienen.de\/archiv-2021\/wp-content\/uploads\/sites\/3\/2021\/08\/20210520_112037-400x300.jpg\" class=\"attachment-bienen-grid-thumb size-bienen-grid-thumb wp-post-image\" alt=\"\" loading=\"lazy\" \/>                    <\/div>\n    <\/a>\n\n    <div class=\"images-grid\"><\/div>\n\n    <div class=\"user flex\">\n        \n                    <img decoding=\"async\" src=\"https:\/\/wettbewerb-archiv.wir-tun-was-fuer-bienen.de\/archiv-2021\/wp-content\/themes\/bienen\/assets\/images\/avatar-placeholder.png\" style=\"border-radius: 30px;\" height=\"30\" width=\"30\">\n            barbara eichler            <\/div>\n    \n    \n            <p class=\"categories meta\" style=\"width: 100%\"><span class=\"fa fa-tag\"\n                                                             aria-hidden=\"true\"><\/span> Kita- und Kindergarteng\u00e4rten        <\/p>\n    \n            <p class=\"categories meta\" style=\"width: 100%\"><span class=\"fa fa-map-marker\"\n                                                             aria-hidden=\"true\"><\/span> Baden-W\u00fcrttemberg        <\/p>\n    \n<\/article>\n   \n\t\t\n          <article id=\"post-59730\" class=\"et_pb_post post-59730 wtwfb_entry type-wtwfb_entry status-publish has-post-thumbnail hentry wtwfb_category-kommunale-flaechen-parks-baumscheiben wtwfb_region-nordrhein-westfalen\">\n    <h2 class=\"entry-title\"><a href=\"https:\/\/wettbewerb-archiv.wir-tun-was-fuer-bienen.de\/archiv-2021\/eintrag\/wildblumen-und-kraeuterwiese-am-ortsrand\/\">Wildblumen- und Kr\u00e4uterwiese am Ortsrand<\/a>\n    <\/h2>\n    <a href=\"https:\/\/wettbewerb-archiv.wir-tun-was-fuer-bienen.de\/archiv-2021\/eintrag\/wildblumen-und-kraeuterwiese-am-ortsrand\/\">\n        <div class=\"bienen-entry-image\">\n            <img decoding=\"async\" width=\"400\" height=\"300\" src=\"https:\/\/wettbewerb-archiv.wir-tun-was-fuer-bienen.de\/archiv-2021\/wp-content\/uploads\/sites\/3\/2021\/08\/buwe2021-hauptbild_c-gilsdorf-bta-1-400x300.jpg\" class=\"attachment-bienen-grid-thumb size-bienen-grid-thumb wp-post-image\" alt=\"\" loading=\"lazy\" \/>                    <\/div>\n    <\/a>\n\n    <div class=\"images-grid\"><span><a href=\"https:\/\/wettbewerb-archiv.wir-tun-was-fuer-bienen.de\/archiv-2021\/eintrag\/wildblumen-und-kraeuterwiese-am-ortsrand\/\"><img decoding=\"async\" width=\"150\" height=\"150\" src=\"https:\/\/wettbewerb-archiv.wir-tun-was-fuer-bienen.de\/archiv-2021\/wp-content\/uploads\/sites\/3\/2021\/08\/buwe2021-aktionsbild1_c-gilsdorf-bta-1-150x150.jpg\" class=\"attachment-thumbnail size-thumbnail\" alt=\"\" loading=\"lazy\" \/><\/a><\/span><span><a href=\"https:\/\/wettbewerb-archiv.wir-tun-was-fuer-bienen.de\/archiv-2021\/eintrag\/wildblumen-und-kraeuterwiese-am-ortsrand\/\"><img decoding=\"async\" width=\"150\" height=\"150\" src=\"https:\/\/wettbewerb-archiv.wir-tun-was-fuer-bienen.de\/archiv-2021\/wp-content\/uploads\/sites\/3\/2021\/08\/buwe2021-aktionsbild2_c-gilsdorf-bta-1-150x150.jpg\" class=\"attachment-thumbnail size-thumbnail\" alt=\"\" loading=\"lazy\" \/><\/a><\/span><span><a href=\"https:\/\/wettbewerb-archiv.wir-tun-was-fuer-bienen.de\/archiv-2021\/eintrag\/wildblumen-und-kraeuterwiese-am-ortsrand\/\"><img decoding=\"async\" width=\"150\" height=\"150\" src=\"https:\/\/wettbewerb-archiv.wir-tun-was-fuer-bienen.de\/archiv-2021\/wp-content\/uploads\/sites\/3\/2021\/08\/buwe2021-aktionsbild3_c-gilsdorf-bta-1-150x150.jpg\" class=\"attachment-thumbnail size-thumbnail\" alt=\"\" loading=\"lazy\" \/><\/a><\/span><span><a href=\"https:\/\/wettbewerb-archiv.wir-tun-was-fuer-bienen.de\/archiv-2021\/eintrag\/wildblumen-und-kraeuterwiese-am-ortsrand\/\"><img decoding=\"async\" width=\"150\" height=\"150\" src=\"https:\/\/wettbewerb-archiv.wir-tun-was-fuer-bienen.de\/archiv-2021\/wp-content\/uploads\/sites\/3\/2021\/08\/buwe2021-aktionsbild4_c-gilsdorf-bta-1-150x150.jpg\" class=\"attachment-thumbnail size-thumbnail\" alt=\"\" loading=\"lazy\" \/><\/a><\/span><\/div>\n\n    <div class=\"user flex\">\n        \n                    <img decoding=\"async\" src=\"https:\/\/wettbewerb-archiv.wir-tun-was-fuer-bienen.de\/archiv-2021\/wp-content\/themes\/bienen\/assets\/images\/avatar-placeholder.png\" style=\"border-radius: 30px;\" height=\"30\" width=\"30\">\n            Dagmar Gilsdorf            <\/div>\n    \n    \n            <p class=\"categories meta\" style=\"width: 100%\"><span class=\"fa fa-tag\"\n                                                             aria-hidden=\"true\"><\/span> Kommunale Fl\u00e4chen, Parks, Baumscheiben        <\/p>\n    \n            <p class=\"categories meta\" style=\"width: 100%\"><span class=\"fa fa-map-marker\"\n                                                             aria-hidden=\"true\"><\/span> Nordrhein-Westfalen        <\/p>\n    \n<\/article>\n   \n\t\t\n          <article id=\"post-59565\" class=\"et_pb_post post-59565 wtwfb_entry type-wtwfb_entry status-publish has-post-thumbnail hentry wtwfb_category-bestehende-naturgaerten wtwfb_region-nordrhein-westfalen\">\n    <h2 class=\"entry-title\"><a href=\"https:\/\/wettbewerb-archiv.wir-tun-was-fuer-bienen.de\/archiv-2021\/eintrag\/ein-garten-fuer-die-natur-artenvielfalt-ist-wichtig\/\">Ein Garten f\u00fcr die Natur \u2013 Artenvielfalt ist wichtig<\/a>\n    <\/h2>\n    <a href=\"https:\/\/wettbewerb-archiv.wir-tun-was-fuer-bienen.de\/archiv-2021\/eintrag\/ein-garten-fuer-die-natur-artenvielfalt-ist-wichtig\/\">\n        <div class=\"bienen-entry-image\">\n            <img decoding=\"async\" width=\"400\" height=\"300\" src=\"https:\/\/wettbewerb-archiv.wir-tun-was-fuer-bienen.de\/archiv-2021\/wp-content\/uploads\/sites\/3\/2021\/08\/00-IMG_20210801_142932-400x300.jpg\" class=\"attachment-bienen-grid-thumb size-bienen-grid-thumb wp-post-image\" alt=\"\" loading=\"lazy\" \/>                    <\/div>\n    <\/a>\n\n    <div class=\"images-grid\"><span><a href=\"https:\/\/wettbewerb-archiv.wir-tun-was-fuer-bienen.de\/archiv-2021\/eintrag\/ein-garten-fuer-die-natur-artenvielfalt-ist-wichtig\/\"><img decoding=\"async\" width=\"150\" height=\"150\" src=\"https:\/\/wettbewerb-archiv.wir-tun-was-fuer-bienen.de\/archiv-2021\/wp-content\/uploads\/sites\/3\/2021\/08\/5.-Bluehstreifen-kempen-150x150.jpg\" class=\"attachment-thumbnail size-thumbnail\" alt=\"\" loading=\"lazy\" \/><\/a><\/span><span><a href=\"https:\/\/wettbewerb-archiv.wir-tun-was-fuer-bienen.de\/archiv-2021\/eintrag\/ein-garten-fuer-die-natur-artenvielfalt-ist-wichtig\/\"><img decoding=\"async\" width=\"150\" height=\"150\" src=\"https:\/\/wettbewerb-archiv.wir-tun-was-fuer-bienen.de\/archiv-2021\/wp-content\/uploads\/sites\/3\/2021\/08\/Bank-Blumenkuebel-150x150.jpg\" class=\"attachment-thumbnail size-thumbnail\" alt=\"\" loading=\"lazy\" \/><\/a><\/span><span><a href=\"https:\/\/wettbewerb-archiv.wir-tun-was-fuer-bienen.de\/archiv-2021\/eintrag\/ein-garten-fuer-die-natur-artenvielfalt-ist-wichtig\/\"><img decoding=\"async\" width=\"150\" height=\"150\" src=\"https:\/\/wettbewerb-archiv.wir-tun-was-fuer-bienen.de\/archiv-2021\/wp-content\/uploads\/sites\/3\/2021\/08\/Hauseingang-150x150.jpg\" class=\"attachment-thumbnail size-thumbnail\" alt=\"\" loading=\"lazy\" \/><\/a><\/span><span><a href=\"https:\/\/wettbewerb-archiv.wir-tun-was-fuer-bienen.de\/archiv-2021\/eintrag\/ein-garten-fuer-die-natur-artenvielfalt-ist-wichtig\/\"><img decoding=\"async\" width=\"150\" height=\"150\" src=\"https:\/\/wettbewerb-archiv.wir-tun-was-fuer-bienen.de\/archiv-2021\/wp-content\/uploads\/sites\/3\/2021\/08\/32-Pflanzenvielfalt-leicht-erklaert-150x150.jpg\" class=\"attachment-thumbnail size-thumbnail\" alt=\"\" loading=\"lazy\" \/><\/a><\/span><\/div>\n\n    <div class=\"user flex\">\n        \n                    <img decoding=\"async\" src=\"https:\/\/wettbewerb-archiv.wir-tun-was-fuer-bienen.de\/archiv-2021\/wp-content\/themes\/bienen\/assets\/images\/avatar-placeholder.png\" style=\"border-radius: 30px;\" height=\"30\" width=\"30\">\n            Andrea Duffhauss            <\/div>\n    \n    \n            <p class=\"categories meta\" style=\"width: 100%\"><span class=\"fa fa-tag\"\n                                                             aria-hidden=\"true\"><\/span> Bestehende Naturg\u00e4rten (ohne Pflanzaktionen)        <\/p>\n    \n            <p class=\"categories meta\" style=\"width: 100%\"><span class=\"fa fa-map-marker\"\n                                                             aria-hidden=\"true\"><\/span> Nordrhein-Westfalen        <\/p>\n    \n<\/article>\n   \n\t\t\n          <article id=\"post-59529\" class=\"et_pb_post post-59529 wtwfb_entry type-wtwfb_entry status-publish has-post-thumbnail hentry wtwfb_category-firmen-institutions-und-vereinsgaerten wtwfb_region-nordrhein-westfalen\">\n    <h2 class=\"entry-title\"><a href=\"https:\/\/wettbewerb-archiv.wir-tun-was-fuer-bienen.de\/archiv-2021\/eintrag\/marienthal-summt\/\">Marienthal summt<\/a>\n    <\/h2>\n    <a href=\"https:\/\/wettbewerb-archiv.wir-tun-was-fuer-bienen.de\/archiv-2021\/eintrag\/marienthal-summt\/\">\n        <div class=\"bienen-entry-image\">\n            <img decoding=\"async\" width=\"400\" height=\"300\" src=\"https:\/\/wettbewerb-archiv.wir-tun-was-fuer-bienen.de\/archiv-2021\/wp-content\/uploads\/sites\/3\/2021\/08\/hauptbild-400x300.jpg\" class=\"attachment-bienen-grid-thumb size-bienen-grid-thumb wp-post-image\" alt=\"\" loading=\"lazy\" \/>                    <\/div>\n    <\/a>\n\n    <div class=\"images-grid\"><span><a href=\"https:\/\/wettbewerb-archiv.wir-tun-was-fuer-bienen.de\/archiv-2021\/eintrag\/marienthal-summt\/\"><img decoding=\"async\" width=\"150\" height=\"150\" src=\"https:\/\/wettbewerb-archiv.wir-tun-was-fuer-bienen.de\/archiv-2021\/wp-content\/uploads\/sites\/3\/2021\/08\/189675440_121678440069301_1427768291085277680_n-150x150.jpg\" class=\"attachment-thumbnail size-thumbnail\" alt=\"\" loading=\"lazy\" \/><\/a><\/span><span><a href=\"https:\/\/wettbewerb-archiv.wir-tun-was-fuer-bienen.de\/archiv-2021\/eintrag\/marienthal-summt\/\"><img decoding=\"async\" width=\"150\" height=\"150\" src=\"https:\/\/wettbewerb-archiv.wir-tun-was-fuer-bienen.de\/archiv-2021\/wp-content\/uploads\/sites\/3\/2021\/08\/189647311_121678500069295_2111446831069134144_n-150x150.jpg\" class=\"attachment-thumbnail size-thumbnail\" alt=\"\" loading=\"lazy\" \/><\/a><\/span><span><a href=\"https:\/\/wettbewerb-archiv.wir-tun-was-fuer-bienen.de\/archiv-2021\/eintrag\/marienthal-summt\/\"><img decoding=\"async\" width=\"150\" height=\"150\" src=\"https:\/\/wettbewerb-archiv.wir-tun-was-fuer-bienen.de\/archiv-2021\/wp-content\/uploads\/sites\/3\/2021\/08\/189584974_121678513402627_1830019682640758364_n-150x150.jpg\" class=\"attachment-thumbnail size-thumbnail\" alt=\"\" loading=\"lazy\" \/><\/a><\/span><span><a href=\"https:\/\/wettbewerb-archiv.wir-tun-was-fuer-bienen.de\/archiv-2021\/eintrag\/marienthal-summt\/\"><img decoding=\"async\" width=\"150\" height=\"150\" src=\"https:\/\/wettbewerb-archiv.wir-tun-was-fuer-bienen.de\/archiv-2021\/wp-content\/uploads\/sites\/3\/2021\/08\/189554280_121678543402624_4692703369207206057_n-150x150.jpg\" class=\"attachment-thumbnail size-thumbnail\" alt=\"\" loading=\"lazy\" \/><\/a><\/span><\/div>\n\n    <div class=\"user flex\">\n        \n                    <img decoding=\"async\" src=\"https:\/\/wettbewerb-archiv.wir-tun-was-fuer-bienen.de\/archiv-2021\/wp-content\/themes\/bienen\/assets\/images\/avatar-placeholder.png\" style=\"border-radius: 30px;\" height=\"30\" width=\"30\">\n            Sandra H\u00fclsmann            <\/div>\n    \n    <p class=\"categories meta bienen-gewinner\"><span class=\"fa fa-trophy\"                                                              aria-hidden=\"true\"><\/span> Gewinner<\/p>\n            <p class=\"categories meta\" style=\"width: 100%\"><span class=\"fa fa-tag\"\n                                                             aria-hidden=\"true\"><\/span> Firmen-, Institutions- und Vereinsg\u00e4rten        <\/p>\n    \n            <p class=\"categories meta\" style=\"width: 100%\"><span class=\"fa fa-map-marker\"\n                                                             aria-hidden=\"true\"><\/span> Nordrhein-Westfalen        <\/p>\n    \n<\/article>\n   \n\t\t\n          <article id=\"post-59524\" class=\"et_pb_post post-59524 wtwfb_entry type-wtwfb_entry status-publish has-post-thumbnail hentry wtwfb_category-privatgaerten-und-gaerten-von-mietwohnungen-groesser-500-quadratmeter wtwfb_region-hessen\">\n    <h2 class=\"entry-title\"><a href=\"https:\/\/wettbewerb-archiv.wir-tun-was-fuer-bienen.de\/archiv-2021\/eintrag\/vorgarten-fuer-nuetzlinge-corona-sei-dank\/\">Vorgarten f\u00fcr N\u00fctzlinge &#8211; Corona sei Dank!<\/a>\n    <\/h2>\n    <a href=\"https:\/\/wettbewerb-archiv.wir-tun-was-fuer-bienen.de\/archiv-2021\/eintrag\/vorgarten-fuer-nuetzlinge-corona-sei-dank\/\">\n        <div class=\"bienen-entry-image\">\n            <img decoding=\"async\" width=\"400\" height=\"300\" src=\"https:\/\/wettbewerb-archiv.wir-tun-was-fuer-bienen.de\/archiv-2021\/wp-content\/uploads\/sites\/3\/2021\/08\/IMG_20210730_170239-400x300.jpg\" class=\"attachment-bienen-grid-thumb size-bienen-grid-thumb wp-post-image\" alt=\"\" loading=\"lazy\" \/>                    <\/div>\n    <\/a>\n\n    <div class=\"images-grid\"><\/div>\n\n    <div class=\"user flex\">\n        \n                    <img decoding=\"async\" src=\"https:\/\/wettbewerb-archiv.wir-tun-was-fuer-bienen.de\/archiv-2021\/wp-content\/themes\/bienen\/assets\/images\/avatar-placeholder.png\" style=\"border-radius: 30px;\" height=\"30\" width=\"30\">\n            Karin Lellek            <\/div>\n    \n    \n            <p class=\"categories meta\" style=\"width: 100%\"><span class=\"fa fa-tag\"\n                                                             aria-hidden=\"true\"><\/span> Privatg\u00e4rten und G\u00e4rten von Mietwohnungen (gr\u00f6\u00dfer als 500 Quadratmeter)        <\/p>\n    \n            <p class=\"categories meta\" style=\"width: 100%\"><span class=\"fa fa-map-marker\"\n                                                             aria-hidden=\"true\"><\/span> Hessen        <\/p>\n    \n<\/article>\n   \n\t\t\n          <article id=\"post-59489\" class=\"et_pb_post post-59489 wtwfb_entry type-wtwfb_entry status-publish has-post-thumbnail hentry wtwfb_category-privatgaerten-und-gaerten-von-mietwohnungen-kleiner-500-quadratmeter wtwfb_region-niedersachsen\">\n    <h2 class=\"entry-title\"><a href=\"https:\/\/wettbewerb-archiv.wir-tun-was-fuer-bienen.de\/archiv-2021\/eintrag\/insektengarten-statt-schotterwueste-es-fing-mit-einer-wegwarte-an\/\">Insektengarten statt Schotterw\u00fcste &#8211; Es fing mit...<\/a>\n    <\/h2>\n    <a href=\"https:\/\/wettbewerb-archiv.wir-tun-was-fuer-bienen.de\/archiv-2021\/eintrag\/insektengarten-statt-schotterwueste-es-fing-mit-einer-wegwarte-an\/\">\n        <div class=\"bienen-entry-image\">\n            <img decoding=\"async\" width=\"400\" height=\"300\" src=\"https:\/\/wettbewerb-archiv.wir-tun-was-fuer-bienen.de\/archiv-2021\/wp-content\/uploads\/sites\/3\/2021\/08\/P1090413-400x300.jpg\" class=\"attachment-bienen-grid-thumb size-bienen-grid-thumb wp-post-image\" alt=\"\" loading=\"lazy\" \/>                    <\/div>\n    <\/a>\n\n    <div class=\"images-grid\"><\/div>\n\n    <div class=\"user flex\">\n        \n                    <img decoding=\"async\" src=\"https:\/\/wettbewerb-archiv.wir-tun-was-fuer-bienen.de\/archiv-2021\/wp-content\/themes\/bienen\/assets\/images\/avatar-placeholder.png\" style=\"border-radius: 30px;\" height=\"30\" width=\"30\">\n            Andreas Hein            <\/div>\n    \n    \n            <p class=\"categories meta\" style=\"width: 100%\"><span class=\"fa fa-tag\"\n                                                             aria-hidden=\"true\"><\/span> Privatg\u00e4rten und G\u00e4rten von Mietwohnungen (kleiner als 500 Quadratmeter)        <\/p>\n    \n            <p class=\"categories meta\" style=\"width: 100%\"><span class=\"fa fa-map-marker\"\n                                                             aria-hidden=\"true\"><\/span> Niedersachsen        <\/p>\n    \n<\/article>\n   \n\t\t\n          <article id=\"post-59418\" class=\"et_pb_post post-59418 wtwfb_entry type-wtwfb_entry status-publish has-post-thumbnail hentry wtwfb_category-kita-und-kindergartengaerten wtwfb_region-nordrhein-westfalen\">\n    <h2 class=\"entry-title\"><a href=\"https:\/\/wettbewerb-archiv.wir-tun-was-fuer-bienen.de\/archiv-2021\/eintrag\/insektenretter\/\">Insektenretter<\/a>\n    <\/h2>\n    <a href=\"https:\/\/wettbewerb-archiv.wir-tun-was-fuer-bienen.de\/archiv-2021\/eintrag\/insektenretter\/\">\n        <div class=\"bienen-entry-image\">\n            <img decoding=\"async\" width=\"400\" height=\"300\" src=\"https:\/\/wettbewerb-archiv.wir-tun-was-fuer-bienen.de\/archiv-2021\/wp-content\/uploads\/sites\/3\/2021\/08\/CDC4E0C6-6980-40E4-9596-17E9F308E466-400x300.jpeg\" class=\"attachment-bienen-grid-thumb size-bienen-grid-thumb wp-post-image\" alt=\"\" loading=\"lazy\" \/>                    <\/div>\n    <\/a>\n\n    <div class=\"images-grid\"><span><a href=\"https:\/\/wettbewerb-archiv.wir-tun-was-fuer-bienen.de\/archiv-2021\/eintrag\/insektenretter\/\"><img decoding=\"async\" width=\"150\" height=\"150\" src=\"https:\/\/wettbewerb-archiv.wir-tun-was-fuer-bienen.de\/archiv-2021\/wp-content\/uploads\/sites\/3\/2021\/08\/B285AB5C-F1DA-4B45-8EFB-A64565808506-150x150.jpeg\" class=\"attachment-thumbnail size-thumbnail\" alt=\"\" loading=\"lazy\" \/><\/a><\/span><span><a href=\"https:\/\/wettbewerb-archiv.wir-tun-was-fuer-bienen.de\/archiv-2021\/eintrag\/insektenretter\/\"><img decoding=\"async\" width=\"150\" height=\"150\" src=\"https:\/\/wettbewerb-archiv.wir-tun-was-fuer-bienen.de\/archiv-2021\/wp-content\/uploads\/sites\/3\/2021\/08\/58404F77-89B6-4E39-898C-E238A3FC2174-150x150.jpeg\" class=\"attachment-thumbnail size-thumbnail\" alt=\"\" loading=\"lazy\" \/><\/a><\/span><span><a href=\"https:\/\/wettbewerb-archiv.wir-tun-was-fuer-bienen.de\/archiv-2021\/eintrag\/insektenretter\/\"><img decoding=\"async\" width=\"150\" height=\"150\" src=\"https:\/\/wettbewerb-archiv.wir-tun-was-fuer-bienen.de\/archiv-2021\/wp-content\/uploads\/sites\/3\/2021\/08\/5844E914-4171-48E0-BF98-FE83989EAD4A-150x150.jpeg\" class=\"attachment-thumbnail size-thumbnail\" alt=\"\" loading=\"lazy\" \/><\/a><\/span><span><a href=\"https:\/\/wettbewerb-archiv.wir-tun-was-fuer-bienen.de\/archiv-2021\/eintrag\/insektenretter\/\"><img decoding=\"async\" width=\"150\" height=\"150\" src=\"https:\/\/wettbewerb-archiv.wir-tun-was-fuer-bienen.de\/archiv-2021\/wp-content\/uploads\/sites\/3\/2021\/08\/02717C0A-AFFA-427D-BFD3-B065D06EC70E-150x150.jpeg\" class=\"attachment-thumbnail size-thumbnail\" alt=\"\" loading=\"lazy\" \/><\/a><\/span><\/div>\n\n    <div class=\"user flex\">\n        \n                    <img decoding=\"async\" src=\"https:\/\/wettbewerb-archiv.wir-tun-was-fuer-bienen.de\/archiv-2021\/wp-content\/themes\/bienen\/assets\/images\/avatar-placeholder.png\" style=\"border-radius: 30px;\" height=\"30\" width=\"30\">\n            Kindertagespflege Motorik Kids            <\/div>\n            <p class=\"categories meta\" style=\"color: #c32731; font-weight: bold; width: 100%\"><span class=\"fa fa-music\"\n                                                                                                aria-hidden=\"true\"><\/span> Extrapreis Musik\n            f\u00fcr Bienenschutz\n        <\/p>\n    \n    \n            <p class=\"categories meta\" style=\"width: 100%\"><span class=\"fa fa-tag\"\n                                                             aria-hidden=\"true\"><\/span> Kita- und Kindergarteng\u00e4rten        <\/p>\n    \n            <p class=\"categories meta\" style=\"width: 100%\"><span class=\"fa fa-map-marker\"\n                                                             aria-hidden=\"true\"><\/span> Nordrhein-Westfalen        <\/p>\n    \n<\/article>\n   \n\t\t\n          <article id=\"post-59401\" class=\"et_pb_post post-59401 wtwfb_entry type-wtwfb_entry status-publish has-post-thumbnail hentry wtwfb_category-privatgaerten-und-gaerten-von-mietwohnungen-kleiner-500-quadratmeter wtwfb_region-hessen\">\n    <h2 class=\"entry-title\"><a href=\"https:\/\/wettbewerb-archiv.wir-tun-was-fuer-bienen.de\/archiv-2021\/eintrag\/bluehparadies-fuer-alle-insekten\/\">Bl\u00fchparadies f\u00fcr alle Insekten<\/a>\n    <\/h2>\n    <a href=\"https:\/\/wettbewerb-archiv.wir-tun-was-fuer-bienen.de\/archiv-2021\/eintrag\/bluehparadies-fuer-alle-insekten\/\">\n        <div class=\"bienen-entry-image\">\n            <img decoding=\"async\" width=\"400\" height=\"300\" src=\"https:\/\/wettbewerb-archiv.wir-tun-was-fuer-bienen.de\/archiv-2021\/wp-content\/uploads\/sites\/3\/2021\/08\/IMG-20210801-WA0008-400x300.jpg\" class=\"attachment-bienen-grid-thumb size-bienen-grid-thumb wp-post-image\" alt=\"\" loading=\"lazy\" \/>                    <\/div>\n    <\/a>\n\n    <div class=\"images-grid\"><span><a href=\"https:\/\/wettbewerb-archiv.wir-tun-was-fuer-bienen.de\/archiv-2021\/eintrag\/bluehparadies-fuer-alle-insekten\/\"><img decoding=\"async\" width=\"150\" height=\"150\" src=\"https:\/\/wettbewerb-archiv.wir-tun-was-fuer-bienen.de\/archiv-2021\/wp-content\/uploads\/sites\/3\/2021\/08\/20200723_190842-150x150.jpg\" class=\"attachment-thumbnail size-thumbnail\" alt=\"\" loading=\"lazy\" \/><\/a><\/span><span><a href=\"https:\/\/wettbewerb-archiv.wir-tun-was-fuer-bienen.de\/archiv-2021\/eintrag\/bluehparadies-fuer-alle-insekten\/\"><img decoding=\"async\" width=\"150\" height=\"150\" src=\"https:\/\/wettbewerb-archiv.wir-tun-was-fuer-bienen.de\/archiv-2021\/wp-content\/uploads\/sites\/3\/2021\/08\/IMG-20210801-WA0002-150x150.jpg\" class=\"attachment-thumbnail size-thumbnail\" alt=\"\" loading=\"lazy\" \/><\/a><\/span><span><a href=\"https:\/\/wettbewerb-archiv.wir-tun-was-fuer-bienen.de\/archiv-2021\/eintrag\/bluehparadies-fuer-alle-insekten\/\"><img decoding=\"async\" width=\"150\" height=\"150\" src=\"https:\/\/wettbewerb-archiv.wir-tun-was-fuer-bienen.de\/archiv-2021\/wp-content\/uploads\/sites\/3\/2021\/08\/IMG-20210801-WA0000-150x150.jpg\" class=\"attachment-thumbnail size-thumbnail\" alt=\"\" loading=\"lazy\" \/><\/a><\/span><\/div>\n\n    <div class=\"user flex\">\n        \n                    <img decoding=\"async\" src=\"https:\/\/wettbewerb-archiv.wir-tun-was-fuer-bienen.de\/archiv-2021\/wp-content\/themes\/bienen\/assets\/images\/avatar-placeholder.png\" style=\"border-radius: 30px;\" height=\"30\" width=\"30\">\n            Lisa & Nils            <\/div>\n    \n    \n            <p class=\"categories meta\" style=\"width: 100%\"><span class=\"fa fa-tag\"\n                                                             aria-hidden=\"true\"><\/span> Privatg\u00e4rten und G\u00e4rten von Mietwohnungen (kleiner als 500 Quadratmeter)        <\/p>\n    \n            <p class=\"categories meta\" style=\"width: 100%\"><span class=\"fa fa-map-marker\"\n                                                             aria-hidden=\"true\"><\/span> Hessen        <\/p>\n    \n<\/article>\n   \n\t\t\n          <article id=\"post-59360\" class=\"et_pb_post post-59360 wtwfb_entry type-wtwfb_entry status-publish has-post-thumbnail hentry wtwfb_category-bestehende-naturbalkone wtwfb_region-bayern\">\n    <h2 class=\"entry-title\"><a href=\"https:\/\/wettbewerb-archiv.wir-tun-was-fuer-bienen.de\/archiv-2021\/eintrag\/hortus-balkonien-ii-carduelis-carduelis-2\/\">Hortus Balkonien II Carduelis carduelis<\/a>\n    <\/h2>\n    <a href=\"https:\/\/wettbewerb-archiv.wir-tun-was-fuer-bienen.de\/archiv-2021\/eintrag\/hortus-balkonien-ii-carduelis-carduelis-2\/\">\n        <div class=\"bienen-entry-image\">\n            <img decoding=\"async\" width=\"400\" height=\"300\" src=\"https:\/\/wettbewerb-archiv.wir-tun-was-fuer-bienen.de\/archiv-2021\/wp-content\/uploads\/sites\/3\/2021\/08\/IMG_20180729_130940-400x300-1-400x300.jpg\" class=\"attachment-bienen-grid-thumb size-bienen-grid-thumb wp-post-image\" alt=\"\" loading=\"lazy\" srcset=\"https:\/\/wettbewerb-archiv.wir-tun-was-fuer-bienen.de\/archiv-2021\/wp-content\/uploads\/sites\/3\/2021\/08\/IMG_20180729_130940-400x300-1.jpg 400w, https:\/\/wettbewerb-archiv.wir-tun-was-fuer-bienen.de\/archiv-2021\/wp-content\/uploads\/sites\/3\/2021\/08\/IMG_20180729_130940-400x300-1-300x225.jpg 300w\" sizes=\"(max-width: 400px) 100vw, 400px\" \/>                    <\/div>\n    <\/a>\n\n    <div class=\"images-grid\"><span><a href=\"https:\/\/wettbewerb-archiv.wir-tun-was-fuer-bienen.de\/archiv-2021\/eintrag\/hortus-balkonien-ii-carduelis-carduelis-2\/\"><img decoding=\"async\" width=\"150\" height=\"150\" src=\"https:\/\/wettbewerb-archiv.wir-tun-was-fuer-bienen.de\/archiv-2021\/wp-content\/uploads\/sites\/3\/2021\/08\/IMG_20190704_135236-150x150.jpg\" class=\"attachment-thumbnail size-thumbnail\" alt=\"\" loading=\"lazy\" \/><\/a><\/span><\/div>\n\n    <div class=\"user flex\">\n        \n                    <img decoding=\"async\" src=\"https:\/\/wettbewerb-archiv.wir-tun-was-fuer-bienen.de\/archiv-2021\/wp-content\/themes\/bienen\/assets\/images\/avatar-placeholder.png\" style=\"border-radius: 30px;\" height=\"30\" width=\"30\">\n            Hortus Balkonien II Carduelis            <\/div>\n    \n    \n            <p class=\"categories meta\" style=\"width: 100%\"><span class=\"fa fa-tag\"\n                                                             aria-hidden=\"true\"><\/span> Bestehende Naturbalkone (ohne Pflanzaktionen)        <\/p>\n    \n            <p class=\"categories meta\" style=\"width: 100%\"><span class=\"fa fa-map-marker\"\n                                                             aria-hidden=\"true\"><\/span> Bayern        <\/p>\n    \n<\/article>\n   \n\t\t\n          <article id=\"post-59346\" class=\"et_pb_post post-59346 wtwfb_entry type-wtwfb_entry status-publish has-post-thumbnail hentry wtwfb_category-privatgaerten-und-gaerten-von-mietwohnungen-kleiner-500-quadratmeter wtwfb_region-hessen\">\n    <h2 class=\"entry-title\"><a href=\"https:\/\/wettbewerb-archiv.wir-tun-was-fuer-bienen.de\/archiv-2021\/eintrag\/wohlfuehloase\/\">Wohlf\u00fchloase<\/a>\n    <\/h2>\n    <a href=\"https:\/\/wettbewerb-archiv.wir-tun-was-fuer-bienen.de\/archiv-2021\/eintrag\/wohlfuehloase\/\">\n        <div class=\"bienen-entry-image\">\n            <img decoding=\"async\" width=\"400\" height=\"300\" src=\"https:\/\/wettbewerb-archiv.wir-tun-was-fuer-bienen.de\/archiv-2021\/wp-content\/uploads\/sites\/3\/2021\/08\/WhatsApp-Image-2021-08-01-at-18.39.24-400x300.jpeg\" class=\"attachment-bienen-grid-thumb size-bienen-grid-thumb wp-post-image\" alt=\"\" loading=\"lazy\" \/>                    <\/div>\n    <\/a>\n\n    <div class=\"images-grid\"><span><a href=\"https:\/\/wettbewerb-archiv.wir-tun-was-fuer-bienen.de\/archiv-2021\/eintrag\/wohlfuehloase\/\"><img decoding=\"async\" width=\"150\" height=\"150\" src=\"https:\/\/wettbewerb-archiv.wir-tun-was-fuer-bienen.de\/archiv-2021\/wp-content\/uploads\/sites\/3\/2021\/08\/WhatsApp-Image-2021-08-01-at-18.39.2416-150x150.jpeg\" class=\"attachment-thumbnail size-thumbnail\" alt=\"\" loading=\"lazy\" \/><\/a><\/span><span><a href=\"https:\/\/wettbewerb-archiv.wir-tun-was-fuer-bienen.de\/archiv-2021\/eintrag\/wohlfuehloase\/\"><img decoding=\"async\" width=\"150\" height=\"150\" src=\"https:\/\/wettbewerb-archiv.wir-tun-was-fuer-bienen.de\/archiv-2021\/wp-content\/uploads\/sites\/3\/2021\/08\/WhatsApp-Image-2021-07-31-at-14.47.29-150x150.jpeg\" class=\"attachment-thumbnail size-thumbnail\" alt=\"\" loading=\"lazy\" \/><\/a><\/span><span><a href=\"https:\/\/wettbewerb-archiv.wir-tun-was-fuer-bienen.de\/archiv-2021\/eintrag\/wohlfuehloase\/\"><img decoding=\"async\" width=\"150\" height=\"150\" src=\"https:\/\/wettbewerb-archiv.wir-tun-was-fuer-bienen.de\/archiv-2021\/wp-content\/uploads\/sites\/3\/2021\/08\/WhatsApp-Image-2021-07-17-at-17.12.15-150x150.jpeg\" class=\"attachment-thumbnail size-thumbnail\" alt=\"\" loading=\"lazy\" \/><\/a><\/span><span><a href=\"https:\/\/wettbewerb-archiv.wir-tun-was-fuer-bienen.de\/archiv-2021\/eintrag\/wohlfuehloase\/\"><img decoding=\"async\" width=\"150\" height=\"150\" src=\"https:\/\/wettbewerb-archiv.wir-tun-was-fuer-bienen.de\/archiv-2021\/wp-content\/uploads\/sites\/3\/2021\/08\/WhatsApp-Image-2021-08-01-at-18.39.2412-150x150.jpeg\" class=\"attachment-thumbnail size-thumbnail\" alt=\"\" loading=\"lazy\" \/><\/a><\/span><\/div>\n\n    <div class=\"user flex\">\n        \n                    <img decoding=\"async\" src=\"https:\/\/wettbewerb-archiv.wir-tun-was-fuer-bienen.de\/archiv-2021\/wp-content\/themes\/bienen\/assets\/images\/avatar-placeholder.png\" style=\"border-radius: 30px;\" height=\"30\" width=\"30\">\n            Ulli            <\/div>\n    \n    \n            <p class=\"categories meta\" style=\"width: 100%\"><span class=\"fa fa-tag\"\n                                                             aria-hidden=\"true\"><\/span> Privatg\u00e4rten und G\u00e4rten von Mietwohnungen (kleiner als 500 Quadratmeter)        <\/p>\n    \n            <p class=\"categories meta\" style=\"width: 100%\"><span class=\"fa fa-map-marker\"\n                                                             aria-hidden=\"true\"><\/span> Hessen        <\/p>\n    \n<\/article>\n   \n\t\t\n          <article id=\"post-59322\" class=\"et_pb_post post-59322 wtwfb_entry type-wtwfb_entry status-publish has-post-thumbnail hentry wtwfb_category-bestehende-naturbalkone wtwfb_region-bayern\">\n    <h2 class=\"entry-title\"><a href=\"https:\/\/wettbewerb-archiv.wir-tun-was-fuer-bienen.de\/archiv-2021\/eintrag\/hortus-balkonien-ii-carduelis-carduelis\/\">Hortus Balkonien II Carduelis carduelis<\/a>\n    <\/h2>\n    <a href=\"https:\/\/wettbewerb-archiv.wir-tun-was-fuer-bienen.de\/archiv-2021\/eintrag\/hortus-balkonien-ii-carduelis-carduelis\/\">\n        <div class=\"bienen-entry-image\">\n            <img decoding=\"async\" width=\"400\" height=\"300\" src=\"https:\/\/wettbewerb-archiv.wir-tun-was-fuer-bienen.de\/archiv-2021\/wp-content\/uploads\/sites\/3\/2021\/08\/IMG_20210731_122646-400x300.jpg\" class=\"attachment-bienen-grid-thumb size-bienen-grid-thumb wp-post-image\" alt=\"\" loading=\"lazy\" \/>                    <\/div>\n    <\/a>\n\n    <div class=\"images-grid\"><\/div>\n\n    <div class=\"user flex\">\n        \n                    <img decoding=\"async\" src=\"https:\/\/wettbewerb-archiv.wir-tun-was-fuer-bienen.de\/archiv-2021\/wp-content\/themes\/bienen\/assets\/images\/avatar-placeholder.png\" style=\"border-radius: 30px;\" height=\"30\" width=\"30\">\n            Hortus Balkonien II Carduelis            <\/div>\n    \n    \n            <p class=\"categories meta\" style=\"width: 100%\"><span class=\"fa fa-tag\"\n                                                             aria-hidden=\"true\"><\/span> Bestehende Naturbalkone (ohne Pflanzaktionen)        <\/p>\n    \n            <p class=\"categories meta\" style=\"width: 100%\"><span class=\"fa fa-map-marker\"\n                                                             aria-hidden=\"true\"><\/span> Bayern        <\/p>\n    \n<\/article>\n   \n\t\t\n          <article id=\"post-59295\" class=\"et_pb_post post-59295 wtwfb_entry type-wtwfb_entry status-publish has-post-thumbnail hentry wtwfb_category-privatgaerten-und-gaerten-von-mietwohnungen-groesser-500-quadratmeter wtwfb_region-hessen\">\n    <h2 class=\"entry-title\"><a href=\"https:\/\/wettbewerb-archiv.wir-tun-was-fuer-bienen.de\/archiv-2021\/eintrag\/naturgarten-im-gruendche\/\">Naturgarten &#8222;Im Gr\u00fcndche&#8220;<\/a>\n    <\/h2>\n    <a href=\"https:\/\/wettbewerb-archiv.wir-tun-was-fuer-bienen.de\/archiv-2021\/eintrag\/naturgarten-im-gruendche\/\">\n        <div class=\"bienen-entry-image\">\n            <img decoding=\"async\" width=\"400\" height=\"300\" src=\"https:\/\/wettbewerb-archiv.wir-tun-was-fuer-bienen.de\/archiv-2021\/wp-content\/uploads\/sites\/3\/2021\/08\/IMG_3236-400x300.jpg\" class=\"attachment-bienen-grid-thumb size-bienen-grid-thumb wp-post-image\" alt=\"\" loading=\"lazy\" \/>                    <\/div>\n    <\/a>\n\n    <div class=\"images-grid\"><span><a href=\"https:\/\/wettbewerb-archiv.wir-tun-was-fuer-bienen.de\/archiv-2021\/eintrag\/naturgarten-im-gruendche\/\"><img decoding=\"async\" width=\"150\" height=\"150\" src=\"https:\/\/wettbewerb-archiv.wir-tun-was-fuer-bienen.de\/archiv-2021\/wp-content\/uploads\/sites\/3\/2021\/08\/85e5b1c5-2a2c-4cab-b5c3-f1748c024d67-150x150.jpg\" class=\"attachment-thumbnail size-thumbnail\" alt=\"\" loading=\"lazy\" \/><\/a><\/span><span><a href=\"https:\/\/wettbewerb-archiv.wir-tun-was-fuer-bienen.de\/archiv-2021\/eintrag\/naturgarten-im-gruendche\/\"><img decoding=\"async\" width=\"150\" height=\"150\" src=\"https:\/\/wettbewerb-archiv.wir-tun-was-fuer-bienen.de\/archiv-2021\/wp-content\/uploads\/sites\/3\/2021\/08\/1232b8f7-d3ca-4c54-9909-f32609ac97bf-150x150.jpg\" class=\"attachment-thumbnail size-thumbnail\" alt=\"\" loading=\"lazy\" \/><\/a><\/span><span><a href=\"https:\/\/wettbewerb-archiv.wir-tun-was-fuer-bienen.de\/archiv-2021\/eintrag\/naturgarten-im-gruendche\/\"><img decoding=\"async\" width=\"150\" height=\"150\" src=\"https:\/\/wettbewerb-archiv.wir-tun-was-fuer-bienen.de\/archiv-2021\/wp-content\/uploads\/sites\/3\/2021\/08\/IMG-4035-150x150.jpg\" class=\"attachment-thumbnail size-thumbnail\" alt=\"\" loading=\"lazy\" \/><\/a><\/span><span><a href=\"https:\/\/wettbewerb-archiv.wir-tun-was-fuer-bienen.de\/archiv-2021\/eintrag\/naturgarten-im-gruendche\/\"><img decoding=\"async\" width=\"150\" height=\"150\" src=\"https:\/\/wettbewerb-archiv.wir-tun-was-fuer-bienen.de\/archiv-2021\/wp-content\/uploads\/sites\/3\/2021\/08\/IMG-3673-150x150.jpg\" class=\"attachment-thumbnail size-thumbnail\" alt=\"\" loading=\"lazy\" \/><\/a><\/span><\/div>\n\n    <div class=\"user flex\">\n        \n                    <img decoding=\"async\" src=\"https:\/\/wettbewerb-archiv.wir-tun-was-fuer-bienen.de\/archiv-2021\/wp-content\/themes\/bienen\/assets\/images\/avatar-placeholder.png\" style=\"border-radius: 30px;\" height=\"30\" width=\"30\">\n            nico            <\/div>\n    \n    <p class=\"categories meta bienen-gewinner\"><span class=\"fa fa-trophy\"                                                              aria-hidden=\"true\"><\/span> Gewinner<\/p>\n            <p class=\"categories meta\" style=\"width: 100%\"><span class=\"fa fa-tag\"\n                                                             aria-hidden=\"true\"><\/span> Privatg\u00e4rten und G\u00e4rten von Mietwohnungen (gr\u00f6\u00dfer als 500 Quadratmeter)        <\/p>\n    \n            <p class=\"categories meta\" style=\"width: 100%\"><span class=\"fa fa-map-marker\"\n                                                             aria-hidden=\"true\"><\/span> Hessen        <\/p>\n    \n<\/article>\n   \n\t\t\n          <article id=\"post-59236\" class=\"et_pb_post post-59236 wtwfb_entry type-wtwfb_entry status-publish has-post-thumbnail hentry wtwfb_category-schul-und-jugendclub-gaerten wtwfb_region-bayern\">\n    <h2 class=\"entry-title\"><a href=\"https:\/\/wettbewerb-archiv.wir-tun-was-fuer-bienen.de\/archiv-2021\/eintrag\/bluehstreifen\/\">Bl\u00fchstreifen<\/a>\n    <\/h2>\n    <a href=\"https:\/\/wettbewerb-archiv.wir-tun-was-fuer-bienen.de\/archiv-2021\/eintrag\/bluehstreifen\/\">\n        <div class=\"bienen-entry-image\">\n            <img decoding=\"async\" width=\"400\" height=\"300\" src=\"https:\/\/wettbewerb-archiv.wir-tun-was-fuer-bienen.de\/archiv-2021\/wp-content\/uploads\/sites\/3\/2021\/08\/Juli-28.07-10-400x300.jpg\" class=\"attachment-bienen-grid-thumb size-bienen-grid-thumb wp-post-image\" alt=\"\" loading=\"lazy\" \/>                    <\/div>\n    <\/a>\n\n    <div class=\"images-grid\"><span><a href=\"https:\/\/wettbewerb-archiv.wir-tun-was-fuer-bienen.de\/archiv-2021\/eintrag\/bluehstreifen\/\"><img decoding=\"async\" width=\"150\" height=\"150\" src=\"https:\/\/wettbewerb-archiv.wir-tun-was-fuer-bienen.de\/archiv-2021\/wp-content\/uploads\/sites\/3\/2021\/08\/Mai-06.05.-Start-5-150x150.jpg\" class=\"attachment-thumbnail size-thumbnail\" alt=\"\" loading=\"lazy\" \/><\/a><\/span><span><a href=\"https:\/\/wettbewerb-archiv.wir-tun-was-fuer-bienen.de\/archiv-2021\/eintrag\/bluehstreifen\/\"><img decoding=\"async\" width=\"150\" height=\"150\" src=\"https:\/\/wettbewerb-archiv.wir-tun-was-fuer-bienen.de\/archiv-2021\/wp-content\/uploads\/sites\/3\/2021\/08\/Mai-06.05.-Start-Endergebnis-150x150.jpg\" class=\"attachment-thumbnail size-thumbnail\" alt=\"\" loading=\"lazy\" \/><\/a><\/span><span><a href=\"https:\/\/wettbewerb-archiv.wir-tun-was-fuer-bienen.de\/archiv-2021\/eintrag\/bluehstreifen\/\"><img decoding=\"async\" width=\"150\" height=\"150\" src=\"https:\/\/wettbewerb-archiv.wir-tun-was-fuer-bienen.de\/archiv-2021\/wp-content\/uploads\/sites\/3\/2021\/08\/Mai-07.05.-Tag-2-1-150x150.jpg\" class=\"attachment-thumbnail size-thumbnail\" alt=\"\" loading=\"lazy\" \/><\/a><\/span><span><a href=\"https:\/\/wettbewerb-archiv.wir-tun-was-fuer-bienen.de\/archiv-2021\/eintrag\/bluehstreifen\/\"><img decoding=\"async\" width=\"150\" height=\"150\" src=\"https:\/\/wettbewerb-archiv.wir-tun-was-fuer-bienen.de\/archiv-2021\/wp-content\/uploads\/sites\/3\/2021\/08\/Mai-11.05.-Tag-4-1-150x150.jpg\" class=\"attachment-thumbnail size-thumbnail\" alt=\"\" loading=\"lazy\" \/><\/a><\/span><\/div>\n\n    <div class=\"user flex\">\n        \n                    <img decoding=\"async\" src=\"https:\/\/wettbewerb-archiv.wir-tun-was-fuer-bienen.de\/archiv-2021\/wp-content\/themes\/bienen\/assets\/images\/avatar-placeholder.png\" style=\"border-radius: 30px;\" height=\"30\" width=\"30\">\n            Bl\u00fchstreifen            <\/div>\n    \n    \n            <p class=\"categories meta\" style=\"width: 100%\"><span class=\"fa fa-tag\"\n                                                             aria-hidden=\"true\"><\/span> Schul- und Jugendclub-G\u00e4rten        <\/p>\n    \n            <p class=\"categories meta\" style=\"width: 100%\"><span class=\"fa fa-map-marker\"\n                                                             aria-hidden=\"true\"><\/span> Bayern        <\/p>\n    \n<\/article>\n   \n\t\t\n          <article id=\"post-59196\" class=\"et_pb_post post-59196 wtwfb_entry type-wtwfb_entry status-publish has-post-thumbnail hentry wtwfb_category-balkone-terrassen-dachbegruenung-vertikale-gaerten wtwfb_region-nordrhein-westfalen\">\n    <h2 class=\"entry-title\"><a href=\"https:\/\/wettbewerb-archiv.wir-tun-was-fuer-bienen.de\/archiv-2021\/eintrag\/gruener-balkon-2\/\">Gr\u00fcner Balkon<\/a>\n    <\/h2>\n    <a href=\"https:\/\/wettbewerb-archiv.wir-tun-was-fuer-bienen.de\/archiv-2021\/eintrag\/gruener-balkon-2\/\">\n        <div class=\"bienen-entry-image\">\n            <img decoding=\"async\" width=\"400\" height=\"300\" src=\"https:\/\/wettbewerb-archiv.wir-tun-was-fuer-bienen.de\/archiv-2021\/wp-content\/uploads\/sites\/3\/2021\/08\/20210428_154259-1-400x300.jpg\" class=\"attachment-bienen-grid-thumb size-bienen-grid-thumb wp-post-image\" alt=\"\" loading=\"lazy\" \/>                    <\/div>\n    <\/a>\n\n    <div class=\"images-grid\"><\/div>\n\n    <div class=\"user flex\">\n        \n                    <img decoding=\"async\" src=\"https:\/\/wettbewerb-archiv.wir-tun-was-fuer-bienen.de\/archiv-2021\/wp-content\/themes\/bienen\/assets\/images\/avatar-placeholder.png\" style=\"border-radius: 30px;\" height=\"30\" width=\"30\">\n            Sabine Schmidt            <\/div>\n    \n    \n            <p class=\"categories meta\" style=\"width: 100%\"><span class=\"fa fa-tag\"\n                                                             aria-hidden=\"true\"><\/span> Balkone, Terrassen, Dachbegr\u00fcnung, vertikale G\u00e4rten        <\/p>\n    \n            <p class=\"categories meta\" style=\"width: 100%\"><span class=\"fa fa-map-marker\"\n                                                             aria-hidden=\"true\"><\/span> Nordrhein-Westfalen        <\/p>\n    \n<\/article>\n   \n\t\t\n          <article id=\"post-59175\" class=\"et_pb_post post-59175 wtwfb_entry type-wtwfb_entry status-publish has-post-thumbnail hentry wtwfb_category-kleingartenwesen-parzellen-und-gemeinschaftsgaerten wtwfb_region-niedersachsen\">\n    <h2 class=\"entry-title\"><a href=\"https:\/\/wettbewerb-archiv.wir-tun-was-fuer-bienen.de\/archiv-2021\/eintrag\/eine-gemuese-und-blumengarten-mitten-in-nirgendswo\/\">Eine Gem\u00fcse und Blumengarten mitten in nirgendswo<\/a>\n    <\/h2>\n    <a href=\"https:\/\/wettbewerb-archiv.wir-tun-was-fuer-bienen.de\/archiv-2021\/eintrag\/eine-gemuese-und-blumengarten-mitten-in-nirgendswo\/\">\n        <div class=\"bienen-entry-image\">\n            <img decoding=\"async\" width=\"400\" height=\"300\" src=\"https:\/\/wettbewerb-archiv.wir-tun-was-fuer-bienen.de\/archiv-2021\/wp-content\/uploads\/sites\/3\/2021\/08\/20210606_151352-400x300.jpg\" class=\"attachment-bienen-grid-thumb size-bienen-grid-thumb wp-post-image\" alt=\"\" loading=\"lazy\" \/>                    <\/div>\n    <\/a>\n\n    <div class=\"images-grid\"><span><a href=\"https:\/\/wettbewerb-archiv.wir-tun-was-fuer-bienen.de\/archiv-2021\/eintrag\/eine-gemuese-und-blumengarten-mitten-in-nirgendswo\/\"><img decoding=\"async\" width=\"150\" height=\"150\" src=\"https:\/\/wettbewerb-archiv.wir-tun-was-fuer-bienen.de\/archiv-2021\/wp-content\/uploads\/sites\/3\/2021\/08\/20210612_183102-150x150.jpg\" class=\"attachment-thumbnail size-thumbnail\" alt=\"\" loading=\"lazy\" \/><\/a><\/span><span><a href=\"https:\/\/wettbewerb-archiv.wir-tun-was-fuer-bienen.de\/archiv-2021\/eintrag\/eine-gemuese-und-blumengarten-mitten-in-nirgendswo\/\"><img decoding=\"async\" width=\"150\" height=\"150\" src=\"https:\/\/wettbewerb-archiv.wir-tun-was-fuer-bienen.de\/archiv-2021\/wp-content\/uploads\/sites\/3\/2021\/08\/20210610_184742-150x150.jpg\" class=\"attachment-thumbnail size-thumbnail\" alt=\"\" loading=\"lazy\" \/><\/a><\/span><span><a href=\"https:\/\/wettbewerb-archiv.wir-tun-was-fuer-bienen.de\/archiv-2021\/eintrag\/eine-gemuese-und-blumengarten-mitten-in-nirgendswo\/\"><img decoding=\"async\" width=\"150\" height=\"150\" src=\"https:\/\/wettbewerb-archiv.wir-tun-was-fuer-bienen.de\/archiv-2021\/wp-content\/uploads\/sites\/3\/2021\/08\/20210612_183039-150x150.jpg\" class=\"attachment-thumbnail size-thumbnail\" alt=\"\" loading=\"lazy\" \/><\/a><\/span><span><a href=\"https:\/\/wettbewerb-archiv.wir-tun-was-fuer-bienen.de\/archiv-2021\/eintrag\/eine-gemuese-und-blumengarten-mitten-in-nirgendswo\/\"><img decoding=\"async\" width=\"150\" height=\"150\" src=\"https:\/\/wettbewerb-archiv.wir-tun-was-fuer-bienen.de\/archiv-2021\/wp-content\/uploads\/sites\/3\/2021\/08\/20210606_151336-1-150x150.jpg\" class=\"attachment-thumbnail size-thumbnail\" alt=\"\" loading=\"lazy\" \/><\/a><\/span><\/div>\n\n    <div class=\"user flex\">\n        \n                    <img decoding=\"async\" src=\"https:\/\/wettbewerb-archiv.wir-tun-was-fuer-bienen.de\/archiv-2021\/wp-content\/themes\/bienen\/assets\/images\/avatar-placeholder.png\" style=\"border-radius: 30px;\" height=\"30\" width=\"30\">\n            Trets            <\/div>\n    \n    \n            <p class=\"categories meta\" style=\"width: 100%\"><span class=\"fa fa-tag\"\n                                                             aria-hidden=\"true\"><\/span> Kleingartenwesen: Parzellen und Gemeinschaftsg\u00e4rten        <\/p>\n    \n            <p class=\"categories meta\" style=\"width: 100%\"><span class=\"fa fa-map-marker\"\n                                                             aria-hidden=\"true\"><\/span> Niedersachsen        <\/p>\n    \n<\/article>\n   \n\t\t\n          <article id=\"post-59095\" class=\"et_pb_post post-59095 wtwfb_entry type-wtwfb_entry status-publish has-post-thumbnail hentry wtwfb_category-kleingartenwesen-parzellen-und-gemeinschaftsgaerten wtwfb_region-nordrhein-westfalen\">\n    <h2 class=\"entry-title\"><a href=\"https:\/\/wettbewerb-archiv.wir-tun-was-fuer-bienen.de\/archiv-2021\/eintrag\/bonan-vivon-duesseldorf\/\">Bonan vivon D\u00fcsseldorf<\/a>\n    <\/h2>\n    <a href=\"https:\/\/wettbewerb-archiv.wir-tun-was-fuer-bienen.de\/archiv-2021\/eintrag\/bonan-vivon-duesseldorf\/\">\n        <div class=\"bienen-entry-image\">\n            <img decoding=\"async\" width=\"400\" height=\"300\" src=\"https:\/\/wettbewerb-archiv.wir-tun-was-fuer-bienen.de\/archiv-2021\/wp-content\/uploads\/sites\/3\/2021\/08\/20210505_163514-400x300.jpg\" class=\"attachment-bienen-grid-thumb size-bienen-grid-thumb wp-post-image\" alt=\"\" loading=\"lazy\" \/>                    <\/div>\n    <\/a>\n\n    <div class=\"images-grid\"><span><a href=\"https:\/\/wettbewerb-archiv.wir-tun-was-fuer-bienen.de\/archiv-2021\/eintrag\/bonan-vivon-duesseldorf\/\"><img decoding=\"async\" width=\"150\" height=\"150\" src=\"https:\/\/wettbewerb-archiv.wir-tun-was-fuer-bienen.de\/archiv-2021\/wp-content\/uploads\/sites\/3\/2021\/08\/20210521_173649-150x150.jpg\" class=\"attachment-thumbnail size-thumbnail\" alt=\"\" loading=\"lazy\" \/><\/a><\/span><span><a href=\"https:\/\/wettbewerb-archiv.wir-tun-was-fuer-bienen.de\/archiv-2021\/eintrag\/bonan-vivon-duesseldorf\/\"><img decoding=\"async\" width=\"150\" height=\"150\" src=\"https:\/\/wettbewerb-archiv.wir-tun-was-fuer-bienen.de\/archiv-2021\/wp-content\/uploads\/sites\/3\/2021\/08\/20210529_125429-150x150.jpg\" class=\"attachment-thumbnail size-thumbnail\" alt=\"\" loading=\"lazy\" \/><\/a><\/span><span><a href=\"https:\/\/wettbewerb-archiv.wir-tun-was-fuer-bienen.de\/archiv-2021\/eintrag\/bonan-vivon-duesseldorf\/\"><img decoding=\"async\" width=\"150\" height=\"150\" src=\"https:\/\/wettbewerb-archiv.wir-tun-was-fuer-bienen.de\/archiv-2021\/wp-content\/uploads\/sites\/3\/2021\/08\/20210529_125521-150x150.jpg\" class=\"attachment-thumbnail size-thumbnail\" alt=\"\" loading=\"lazy\" \/><\/a><\/span><span><a href=\"https:\/\/wettbewerb-archiv.wir-tun-was-fuer-bienen.de\/archiv-2021\/eintrag\/bonan-vivon-duesseldorf\/\"><img decoding=\"async\" width=\"150\" height=\"150\" src=\"https:\/\/wettbewerb-archiv.wir-tun-was-fuer-bienen.de\/archiv-2021\/wp-content\/uploads\/sites\/3\/2021\/08\/20210529_125444-150x150.jpg\" class=\"attachment-thumbnail size-thumbnail\" alt=\"\" loading=\"lazy\" \/><\/a><\/span><\/div>\n\n    <div class=\"user flex\">\n        \n                    <img decoding=\"async\" src=\"https:\/\/wettbewerb-archiv.wir-tun-was-fuer-bienen.de\/archiv-2021\/wp-content\/themes\/bienen\/assets\/images\/avatar-placeholder.png\" style=\"border-radius: 30px;\" height=\"30\" width=\"30\">\n            Christian Fritsch            <\/div>\n    \n    <p class=\"categories meta bienen-gewinner\"><span class=\"fa fa-trophy\"                                                              aria-hidden=\"true\"><\/span> Gewinner<\/p>\n            <p class=\"categories meta\" style=\"width: 100%\"><span class=\"fa fa-tag\"\n                                                             aria-hidden=\"true\"><\/span> Kleingartenwesen: Parzellen und Gemeinschaftsg\u00e4rten        <\/p>\n    \n            <p class=\"categories meta\" style=\"width: 100%\"><span class=\"fa fa-map-marker\"\n                                                             aria-hidden=\"true\"><\/span> Nordrhein-Westfalen        <\/p>\n    \n<\/article>\n   \n\t\t\n          <article id=\"post-59054\" class=\"et_pb_post post-59054 wtwfb_entry type-wtwfb_entry status-publish has-post-thumbnail hentry wtwfb_category-balkone-terrassen-dachbegruenung-vertikale-gaerten wtwfb_region-nordrhein-westfalen\">\n    <h2 class=\"entry-title\"><a href=\"https:\/\/wettbewerb-archiv.wir-tun-was-fuer-bienen.de\/archiv-2021\/eintrag\/gruener-balkon\/\">Gr\u00fcner Balkon<\/a>\n    <\/h2>\n    <a href=\"https:\/\/wettbewerb-archiv.wir-tun-was-fuer-bienen.de\/archiv-2021\/eintrag\/gruener-balkon\/\">\n        <div class=\"bienen-entry-image\">\n            <img decoding=\"async\" width=\"400\" height=\"300\" src=\"https:\/\/wettbewerb-archiv.wir-tun-was-fuer-bienen.de\/archiv-2021\/wp-content\/uploads\/sites\/3\/2021\/08\/20210618_191740-400x300.jpg\" class=\"attachment-bienen-grid-thumb size-bienen-grid-thumb wp-post-image\" alt=\"\" loading=\"lazy\" \/>                    <\/div>\n    <\/a>\n\n    <div class=\"images-grid\"><\/div>\n\n    <div class=\"user flex\">\n        \n                    <img decoding=\"async\" src=\"https:\/\/wettbewerb-archiv.wir-tun-was-fuer-bienen.de\/archiv-2021\/wp-content\/themes\/bienen\/assets\/images\/avatar-placeholder.png\" style=\"border-radius: 30px;\" height=\"30\" width=\"30\">\n            Sabine Schmidt            <\/div>\n    \n    \n            <p class=\"categories meta\" style=\"width: 100%\"><span class=\"fa fa-tag\"\n                                                             aria-hidden=\"true\"><\/span> Balkone, Terrassen, Dachbegr\u00fcnung, vertikale G\u00e4rten        <\/p>\n    \n            <p class=\"categories meta\" style=\"width: 100%\"><span class=\"fa fa-map-marker\"\n                                                             aria-hidden=\"true\"><\/span> Nordrhein-Westfalen        <\/p>\n    \n<\/article>\n   \n\t\t\n          <article id=\"post-58923\" class=\"et_pb_post post-58923 wtwfb_entry type-wtwfb_entry status-publish hentry wtwfb_category-balkone-terrassen-dachbegruenung-vertikale-gaerten wtwfb_region-berlin\">\n    <h2 class=\"entry-title\"><a href=\"https:\/\/wettbewerb-archiv.wir-tun-was-fuer-bienen.de\/archiv-2021\/eintrag\/mein-insektenfutterbalkon\/\">Mein Insektenfutterbalkon<\/a>\n    <\/h2>\n    <a href=\"https:\/\/wettbewerb-archiv.wir-tun-was-fuer-bienen.de\/archiv-2021\/eintrag\/mein-insektenfutterbalkon\/\">\n        <div class=\"bienen-entry-image\">\n                                <\/div>\n    <\/a>\n\n    <div class=\"images-grid\"><span><a href=\"https:\/\/wettbewerb-archiv.wir-tun-was-fuer-bienen.de\/archiv-2021\/eintrag\/mein-insektenfutterbalkon\/\"><img decoding=\"async\" width=\"150\" height=\"150\" src=\"https:\/\/wettbewerb-archiv.wir-tun-was-fuer-bienen.de\/archiv-2021\/wp-content\/uploads\/sites\/3\/2021\/08\/20210623_175744-150x150.jpg\" class=\"attachment-thumbnail size-thumbnail\" alt=\"\" loading=\"lazy\" \/><\/a><\/span><span><a href=\"https:\/\/wettbewerb-archiv.wir-tun-was-fuer-bienen.de\/archiv-2021\/eintrag\/mein-insektenfutterbalkon\/\"><img decoding=\"async\" width=\"150\" height=\"150\" src=\"https:\/\/wettbewerb-archiv.wir-tun-was-fuer-bienen.de\/archiv-2021\/wp-content\/uploads\/sites\/3\/2021\/08\/20210623_175554-150x150.jpg\" class=\"attachment-thumbnail size-thumbnail\" alt=\"\" loading=\"lazy\" \/><\/a><\/span><span><a href=\"https:\/\/wettbewerb-archiv.wir-tun-was-fuer-bienen.de\/archiv-2021\/eintrag\/mein-insektenfutterbalkon\/\"><img decoding=\"async\" width=\"150\" height=\"150\" src=\"https:\/\/wettbewerb-archiv.wir-tun-was-fuer-bienen.de\/archiv-2021\/wp-content\/uploads\/sites\/3\/2021\/08\/20210419_164839-150x150.jpg\" class=\"attachment-thumbnail size-thumbnail\" alt=\"\" loading=\"lazy\" \/><\/a><\/span><span><a href=\"https:\/\/wettbewerb-archiv.wir-tun-was-fuer-bienen.de\/archiv-2021\/eintrag\/mein-insektenfutterbalkon\/\"><img decoding=\"async\" width=\"150\" height=\"150\" src=\"https:\/\/wettbewerb-archiv.wir-tun-was-fuer-bienen.de\/archiv-2021\/wp-content\/uploads\/sites\/3\/2021\/08\/16278115066163677176749183137279-150x150.jpg\" class=\"attachment-thumbnail size-thumbnail\" alt=\"\" loading=\"lazy\" \/><\/a><\/span><\/div>\n\n    <div class=\"user flex\">\n        \n                    <img decoding=\"async\" src=\"https:\/\/wettbewerb-archiv.wir-tun-was-fuer-bienen.de\/archiv-2021\/wp-content\/themes\/bienen\/assets\/images\/avatar-placeholder.png\" style=\"border-radius: 30px;\" height=\"30\" width=\"30\">\n            Susanne G\u00fchrs            <\/div>\n    \n    \n            <p class=\"categories meta\" style=\"width: 100%\"><span class=\"fa fa-tag\"\n                                                             aria-hidden=\"true\"><\/span> Balkone, Terrassen, Dachbegr\u00fcnung, vertikale G\u00e4rten        <\/p>\n    \n            <p class=\"categories meta\" style=\"width: 100%\"><span class=\"fa fa-map-marker\"\n                                                             aria-hidden=\"true\"><\/span> Berlin        <\/p>\n    \n<\/article>\n   \n\t\t\n          <article id=\"post-58735\" class=\"et_pb_post post-58735 wtwfb_entry type-wtwfb_entry status-publish has-post-thumbnail hentry wtwfb_category-schul-und-jugendclub-gaerten wtwfb_region-bayern\">\n    <h2 class=\"entry-title\"><a href=\"https:\/\/wettbewerb-archiv.wir-tun-was-fuer-bienen.de\/archiv-2021\/eintrag\/mit-spaten-und-giesskanne-fuer-die-artenvielfalt-gartenneugestaltung-im-jugendzentrum-geisenfeld\/\">Mit Spaten und Gie\u00dfkanne f\u00fcr die Artenvielfalt &#8211...<\/a>\n    <\/h2>\n    <a href=\"https:\/\/wettbewerb-archiv.wir-tun-was-fuer-bienen.de\/archiv-2021\/eintrag\/mit-spaten-und-giesskanne-fuer-die-artenvielfalt-gartenneugestaltung-im-jugendzentrum-geisenfeld\/\">\n        <div class=\"bienen-entry-image\">\n            <img decoding=\"async\" width=\"400\" height=\"300\" src=\"https:\/\/wettbewerb-archiv.wir-tun-was-fuer-bienen.de\/archiv-2021\/wp-content\/uploads\/sites\/3\/2021\/08\/Juz-Gartenaktion-400x300.jpg\" class=\"attachment-bienen-grid-thumb size-bienen-grid-thumb wp-post-image\" alt=\"\" loading=\"lazy\" \/>                    <\/div>\n    <\/a>\n\n    <div class=\"images-grid\"><span><a href=\"https:\/\/wettbewerb-archiv.wir-tun-was-fuer-bienen.de\/archiv-2021\/eintrag\/mit-spaten-und-giesskanne-fuer-die-artenvielfalt-gartenneugestaltung-im-jugendzentrum-geisenfeld\/\"><img decoding=\"async\" width=\"150\" height=\"150\" src=\"https:\/\/wettbewerb-archiv.wir-tun-was-fuer-bienen.de\/archiv-2021\/wp-content\/uploads\/sites\/3\/2021\/08\/QWND9581-150x150.jpg\" class=\"attachment-thumbnail size-thumbnail\" alt=\"\" loading=\"lazy\" \/><\/a><\/span><span><a href=\"https:\/\/wettbewerb-archiv.wir-tun-was-fuer-bienen.de\/archiv-2021\/eintrag\/mit-spaten-und-giesskanne-fuer-die-artenvielfalt-gartenneugestaltung-im-jugendzentrum-geisenfeld\/\"><img decoding=\"async\" width=\"150\" height=\"150\" src=\"https:\/\/wettbewerb-archiv.wir-tun-was-fuer-bienen.de\/archiv-2021\/wp-content\/uploads\/sites\/3\/2021\/08\/JVCO2529-150x150.jpg\" class=\"attachment-thumbnail size-thumbnail\" alt=\"\" loading=\"lazy\" \/><\/a><\/span><span><a href=\"https:\/\/wettbewerb-archiv.wir-tun-was-fuer-bienen.de\/archiv-2021\/eintrag\/mit-spaten-und-giesskanne-fuer-die-artenvielfalt-gartenneugestaltung-im-jugendzentrum-geisenfeld\/\"><img decoding=\"async\" width=\"150\" height=\"150\" src=\"https:\/\/wettbewerb-archiv.wir-tun-was-fuer-bienen.de\/archiv-2021\/wp-content\/uploads\/sites\/3\/2021\/08\/ECZV6054-150x150.jpg\" class=\"attachment-thumbnail size-thumbnail\" alt=\"\" loading=\"lazy\" \/><\/a><\/span><span><a href=\"https:\/\/wettbewerb-archiv.wir-tun-was-fuer-bienen.de\/archiv-2021\/eintrag\/mit-spaten-und-giesskanne-fuer-die-artenvielfalt-gartenneugestaltung-im-jugendzentrum-geisenfeld\/\"><img decoding=\"async\" width=\"150\" height=\"150\" src=\"https:\/\/wettbewerb-archiv.wir-tun-was-fuer-bienen.de\/archiv-2021\/wp-content\/uploads\/sites\/3\/2021\/08\/GSNN0674-150x150.jpg\" class=\"attachment-thumbnail size-thumbnail\" alt=\"\" loading=\"lazy\" \/><\/a><\/span><\/div>\n\n    <div class=\"user flex\">\n        \n                    <img decoding=\"async\" src=\"https:\/\/wettbewerb-archiv.wir-tun-was-fuer-bienen.de\/archiv-2021\/wp-content\/themes\/bienen\/assets\/images\/avatar-placeholder.png\" style=\"border-radius: 30px;\" height=\"30\" width=\"30\">\n            Jugendzentrum Geisenfeld            <\/div>\n    \n    \n            <p class=\"categories meta\" style=\"width: 100%\"><span class=\"fa fa-tag\"\n                                                             aria-hidden=\"true\"><\/span> Schul- und Jugendclub-G\u00e4rten        <\/p>\n    \n            <p class=\"categories meta\" style=\"width: 100%\"><span class=\"fa fa-map-marker\"\n                                                             aria-hidden=\"true\"><\/span> Bayern        <\/p>\n    \n<\/article>\n   \n\t\t\n          <article id=\"post-58716\" class=\"et_pb_post post-58716 wtwfb_entry type-wtwfb_entry status-publish has-post-thumbnail hentry wtwfb_category-privatgaerten-und-gaerten-von-mietwohnungen-kleiner-500-quadratmeter wtwfb_region-bayern\">\n    <h2 class=\"entry-title\"><a href=\"https:\/\/wettbewerb-archiv.wir-tun-was-fuer-bienen.de\/archiv-2021\/eintrag\/birgits-bienen-und-schmetterlingsparadies-2\/\">Birgits Bienen und Schmetterlingsparadies<\/a>\n    <\/h2>\n    <a href=\"https:\/\/wettbewerb-archiv.wir-tun-was-fuer-bienen.de\/archiv-2021\/eintrag\/birgits-bienen-und-schmetterlingsparadies-2\/\">\n        <div class=\"bienen-entry-image\">\n            <img decoding=\"async\" width=\"400\" height=\"300\" src=\"https:\/\/wettbewerb-archiv.wir-tun-was-fuer-bienen.de\/archiv-2021\/wp-content\/uploads\/sites\/3\/2021\/08\/20210508_111642-400x300.jpg\" class=\"attachment-bienen-grid-thumb size-bienen-grid-thumb wp-post-image\" alt=\"\" loading=\"lazy\" \/>                    <\/div>\n    <\/a>\n\n    <div class=\"images-grid\"><\/div>\n\n    <div class=\"user flex\">\n        \n                    <img decoding=\"async\" src=\"https:\/\/wettbewerb-archiv.wir-tun-was-fuer-bienen.de\/archiv-2021\/wp-content\/themes\/bienen\/assets\/images\/avatar-placeholder.png\" style=\"border-radius: 30px;\" height=\"30\" width=\"30\">\n            Birgit Merget            <\/div>\n    \n    \n            <p class=\"categories meta\" style=\"width: 100%\"><span class=\"fa fa-tag\"\n                                                             aria-hidden=\"true\"><\/span> Privatg\u00e4rten und G\u00e4rten von Mietwohnungen (kleiner als 500 Quadratmeter)        <\/p>\n    \n            <p class=\"categories meta\" style=\"width: 100%\"><span class=\"fa fa-map-marker\"\n                                                             aria-hidden=\"true\"><\/span> Bayern        <\/p>\n    \n<\/article>\n   \n\t\t\n          <article id=\"post-58672\" class=\"et_pb_post post-58672 wtwfb_entry type-wtwfb_entry status-publish has-post-thumbnail hentry wtwfb_category-privatgaerten-und-gaerten-von-mietwohnungen-kleiner-500-quadratmeter wtwfb_region-bayern\">\n    <h2 class=\"entry-title\"><a href=\"https:\/\/wettbewerb-archiv.wir-tun-was-fuer-bienen.de\/archiv-2021\/eintrag\/birgits-bienen-und-schmetterlingsparadies\/\">Birgit`s Bienen- und Schmetterlingsparadies<\/a>\n    <\/h2>\n    <a href=\"https:\/\/wettbewerb-archiv.wir-tun-was-fuer-bienen.de\/archiv-2021\/eintrag\/birgits-bienen-und-schmetterlingsparadies\/\">\n        <div class=\"bienen-entry-image\">\n            <img decoding=\"async\" width=\"400\" height=\"300\" src=\"https:\/\/wettbewerb-archiv.wir-tun-was-fuer-bienen.de\/archiv-2021\/wp-content\/uploads\/sites\/3\/2021\/07\/IMG_18-400x300.jpg\" class=\"attachment-bienen-grid-thumb size-bienen-grid-thumb wp-post-image\" alt=\"\" loading=\"lazy\" \/>                    <\/div>\n    <\/a>\n\n    <div class=\"images-grid\"><span><a href=\"https:\/\/wettbewerb-archiv.wir-tun-was-fuer-bienen.de\/archiv-2021\/eintrag\/birgits-bienen-und-schmetterlingsparadies\/\"><img decoding=\"async\" width=\"150\" height=\"150\" src=\"https:\/\/wettbewerb-archiv.wir-tun-was-fuer-bienen.de\/archiv-2021\/wp-content\/uploads\/sites\/3\/2021\/07\/IMG_02-150x150.jpg\" class=\"attachment-thumbnail size-thumbnail\" alt=\"\" loading=\"lazy\" \/><\/a><\/span><span><a href=\"https:\/\/wettbewerb-archiv.wir-tun-was-fuer-bienen.de\/archiv-2021\/eintrag\/birgits-bienen-und-schmetterlingsparadies\/\"><img decoding=\"async\" width=\"150\" height=\"150\" src=\"https:\/\/wettbewerb-archiv.wir-tun-was-fuer-bienen.de\/archiv-2021\/wp-content\/uploads\/sites\/3\/2021\/07\/IMG_03-150x150.jpg\" class=\"attachment-thumbnail size-thumbnail\" alt=\"\" loading=\"lazy\" \/><\/a><\/span><span><a href=\"https:\/\/wettbewerb-archiv.wir-tun-was-fuer-bienen.de\/archiv-2021\/eintrag\/birgits-bienen-und-schmetterlingsparadies\/\"><img decoding=\"async\" width=\"150\" height=\"150\" src=\"https:\/\/wettbewerb-archiv.wir-tun-was-fuer-bienen.de\/archiv-2021\/wp-content\/uploads\/sites\/3\/2021\/07\/IMG_12-150x150.jpg\" class=\"attachment-thumbnail size-thumbnail\" alt=\"\" loading=\"lazy\" \/><\/a><\/span><span><a href=\"https:\/\/wettbewerb-archiv.wir-tun-was-fuer-bienen.de\/archiv-2021\/eintrag\/birgits-bienen-und-schmetterlingsparadies\/\"><img decoding=\"async\" width=\"150\" height=\"150\" src=\"https:\/\/wettbewerb-archiv.wir-tun-was-fuer-bienen.de\/archiv-2021\/wp-content\/uploads\/sites\/3\/2021\/07\/IMG_13-150x150.jpg\" class=\"attachment-thumbnail size-thumbnail\" alt=\"\" loading=\"lazy\" \/><\/a><\/span><\/div>\n\n    <div class=\"user flex\">\n        \n                    <img decoding=\"async\" src=\"https:\/\/wettbewerb-archiv.wir-tun-was-fuer-bienen.de\/archiv-2021\/wp-content\/themes\/bienen\/assets\/images\/avatar-placeholder.png\" style=\"border-radius: 30px;\" height=\"30\" width=\"30\">\n            Birgit Merget            <\/div>\n            <p class=\"categories meta\" style=\"color: #c32731; font-weight: bold; width: 100%\"><span class=\"fa fa-music\"\n                                                                                                aria-hidden=\"true\"><\/span> Extrapreis Musik\n            f\u00fcr Bienenschutz\n        <\/p>\n    \n    \n            <p class=\"categories meta\" style=\"width: 100%\"><span class=\"fa fa-tag\"\n                                                             aria-hidden=\"true\"><\/span> Privatg\u00e4rten und G\u00e4rten von Mietwohnungen (kleiner als 500 Quadratmeter)        <\/p>\n    \n            <p class=\"categories meta\" style=\"width: 100%\"><span class=\"fa fa-map-marker\"\n                                                             aria-hidden=\"true\"><\/span> Bayern        <\/p>\n    \n<\/article>\n   \n\t\t\n          <article id=\"post-58654\" class=\"et_pb_post post-58654 wtwfb_entry type-wtwfb_entry status-publish has-post-thumbnail hentry wtwfb_category-privatgaerten-und-gaerten-von-mietwohnungen-kleiner-500-quadratmeter wtwfb_region-hessen\">\n    <h2 class=\"entry-title\"><a href=\"https:\/\/wettbewerb-archiv.wir-tun-was-fuer-bienen.de\/archiv-2021\/eintrag\/vorgarten-mit-rasen-in-ein-bluehparadies-verwandeln\/\">Die Verwandlung einer Vorgarten-Rasenfl\u00e4che in ein Bl?...<\/a>\n    <\/h2>\n    <a href=\"https:\/\/wettbewerb-archiv.wir-tun-was-fuer-bienen.de\/archiv-2021\/eintrag\/vorgarten-mit-rasen-in-ein-bluehparadies-verwandeln\/\">\n        <div class=\"bienen-entry-image\">\n            <img decoding=\"async\" width=\"316\" height=\"300\" src=\"https:\/\/wettbewerb-archiv.wir-tun-was-fuer-bienen.de\/archiv-2021\/wp-content\/uploads\/sites\/3\/2021\/07\/Vorgarten_Pfaff-316x300.jpg\" class=\"attachment-bienen-grid-thumb size-bienen-grid-thumb wp-post-image\" alt=\"\" loading=\"lazy\" \/>                    <\/div>\n    <\/a>\n\n    <div class=\"images-grid\"><span><a href=\"https:\/\/wettbewerb-archiv.wir-tun-was-fuer-bienen.de\/archiv-2021\/eintrag\/vorgarten-mit-rasen-in-ein-bluehparadies-verwandeln\/\"><img decoding=\"async\" width=\"150\" height=\"150\" src=\"https:\/\/wettbewerb-archiv.wir-tun-was-fuer-bienen.de\/archiv-2021\/wp-content\/uploads\/sites\/3\/2021\/07\/Bild4-150x150.jpg\" class=\"attachment-thumbnail size-thumbnail\" alt=\"\" loading=\"lazy\" \/><\/a><\/span><\/div>\n\n    <div class=\"user flex\">\n        \n                    <img decoding=\"async\" src=\"https:\/\/wettbewerb-archiv.wir-tun-was-fuer-bienen.de\/archiv-2021\/wp-content\/themes\/bienen\/assets\/images\/avatar-placeholder.png\" style=\"border-radius: 30px;\" height=\"30\" width=\"30\">\n            Jutta            <\/div>\n    \n    \n            <p class=\"categories meta\" style=\"width: 100%\"><span class=\"fa fa-tag\"\n                                                             aria-hidden=\"true\"><\/span> Privatg\u00e4rten und G\u00e4rten von Mietwohnungen (kleiner als 500 Quadratmeter)        <\/p>\n    \n            <p class=\"categories meta\" style=\"width: 100%\"><span class=\"fa fa-map-marker\"\n                                                             aria-hidden=\"true\"><\/span> Hessen        <\/p>\n    \n<\/article>\n   \n\t\t\n          <article id=\"post-58643\" class=\"et_pb_post post-58643 wtwfb_entry type-wtwfb_entry status-publish has-post-thumbnail hentry wtwfb_category-schul-und-jugendclub-gaerten wtwfb_region-hamburg\">\n    <h2 class=\"entry-title\"><a href=\"https:\/\/wettbewerb-archiv.wir-tun-was-fuer-bienen.de\/archiv-2021\/eintrag\/unsere-schule-wird-bienenfreundlicher\/\">Unsere Schule wird bienenfreundlicher!<\/a>\n    <\/h2>\n    <a href=\"https:\/\/wettbewerb-archiv.wir-tun-was-fuer-bienen.de\/archiv-2021\/eintrag\/unsere-schule-wird-bienenfreundlicher\/\">\n        <div class=\"bienen-entry-image\">\n            <img decoding=\"async\" width=\"400\" height=\"300\" src=\"https:\/\/wettbewerb-archiv.wir-tun-was-fuer-bienen.de\/archiv-2021\/wp-content\/uploads\/sites\/3\/2021\/07\/9CC9BAB3-BF9B-47F9-B437-3451850167AE-1-400x300.jpeg\" class=\"attachment-bienen-grid-thumb size-bienen-grid-thumb wp-post-image\" alt=\"\" loading=\"lazy\" \/>                    <\/div>\n    <\/a>\n\n    <div class=\"images-grid\"><span><a href=\"https:\/\/wettbewerb-archiv.wir-tun-was-fuer-bienen.de\/archiv-2021\/eintrag\/unsere-schule-wird-bienenfreundlicher\/\"><img decoding=\"async\" width=\"150\" height=\"150\" src=\"https:\/\/wettbewerb-archiv.wir-tun-was-fuer-bienen.de\/archiv-2021\/wp-content\/uploads\/sites\/3\/2021\/07\/1.-Pflanztag-Bild-3-150x150.jpg\" class=\"attachment-thumbnail size-thumbnail\" alt=\"\" loading=\"lazy\" \/><\/a><\/span><span><a href=\"https:\/\/wettbewerb-archiv.wir-tun-was-fuer-bienen.de\/archiv-2021\/eintrag\/unsere-schule-wird-bienenfreundlicher\/\"><img decoding=\"async\" width=\"150\" height=\"150\" src=\"https:\/\/wettbewerb-archiv.wir-tun-was-fuer-bienen.de\/archiv-2021\/wp-content\/uploads\/sites\/3\/2021\/08\/Collage_Fotor-Freiflaeche-150x150.jpg\" class=\"attachment-thumbnail size-thumbnail\" alt=\"\" loading=\"lazy\" \/><\/a><\/span><span><a href=\"https:\/\/wettbewerb-archiv.wir-tun-was-fuer-bienen.de\/archiv-2021\/eintrag\/unsere-schule-wird-bienenfreundlicher\/\"><img decoding=\"async\" width=\"150\" height=\"150\" src=\"https:\/\/wettbewerb-archiv.wir-tun-was-fuer-bienen.de\/archiv-2021\/wp-content\/uploads\/sites\/3\/2021\/07\/4E0A91D7-4CA0-4077-98D3-A92327E685D9-150x150.jpeg\" class=\"attachment-thumbnail size-thumbnail\" alt=\"\" loading=\"lazy\" \/><\/a><\/span><span><a href=\"https:\/\/wettbewerb-archiv.wir-tun-was-fuer-bienen.de\/archiv-2021\/eintrag\/unsere-schule-wird-bienenfreundlicher\/\"><img decoding=\"async\" width=\"150\" height=\"150\" src=\"https:\/\/wettbewerb-archiv.wir-tun-was-fuer-bienen.de\/archiv-2021\/wp-content\/uploads\/sites\/3\/2021\/07\/B591B8AC-F874-49BD-9031-857D861554DA-150x150.jpeg\" class=\"attachment-thumbnail size-thumbnail\" alt=\"\" loading=\"lazy\" \/><\/a><\/span><\/div>\n\n    <div class=\"user flex\">\n        \n                    <img decoding=\"async\" src=\"https:\/\/wettbewerb-archiv.wir-tun-was-fuer-bienen.de\/archiv-2021\/wp-content\/themes\/bienen\/assets\/images\/avatar-placeholder.png\" style=\"border-radius: 30px;\" height=\"30\" width=\"30\">\n            GyMei 5d            <\/div>\n            <p class=\"categories meta\" style=\"color: #c32731; font-weight: bold; width: 100%\"><span class=\"fa fa-music\"\n                                                                                                aria-hidden=\"true\"><\/span> Extrapreis Musik\n            f\u00fcr Bienenschutz\n        <\/p>\n    \n    \n            <p class=\"categories meta\" style=\"width: 100%\"><span class=\"fa fa-tag\"\n                                                             aria-hidden=\"true\"><\/span> Schul- und Jugendclub-G\u00e4rten        <\/p>\n    \n            <p class=\"categories meta\" style=\"width: 100%\"><span class=\"fa fa-map-marker\"\n                                                             aria-hidden=\"true\"><\/span> Hamburg        <\/p>\n    \n<\/article>\n   \n\t\t\n          <article id=\"post-58523\" class=\"et_pb_post post-58523 wtwfb_entry type-wtwfb_entry status-publish has-post-thumbnail hentry wtwfb_category-privatgaerten-und-gaerten-von-mietwohnungen-groesser-500-quadratmeter wtwfb_region-bayern\">\n    <h2 class=\"entry-title\"><a href=\"https:\/\/wettbewerb-archiv.wir-tun-was-fuer-bienen.de\/archiv-2021\/eintrag\/dreamwork-ist-teamwork-aus-mensch-und-natur\/\">Dreamwork ist Teamwork aus Mensch und Natur<\/a>\n    <\/h2>\n    <a href=\"https:\/\/wettbewerb-archiv.wir-tun-was-fuer-bienen.de\/archiv-2021\/eintrag\/dreamwork-ist-teamwork-aus-mensch-und-natur\/\">\n        <div class=\"bienen-entry-image\">\n            <img decoding=\"async\" width=\"400\" height=\"300\" src=\"https:\/\/wettbewerb-archiv.wir-tun-was-fuer-bienen.de\/archiv-2021\/wp-content\/uploads\/sites\/3\/2021\/08\/Das-Bluetenmeer-wird-langsam-bald-muss-die-Sense-ans-Werk-und-die-Sommermahd-steht-an-1-400x300.jpg\" class=\"attachment-bienen-grid-thumb size-bienen-grid-thumb wp-post-image\" alt=\"\" loading=\"lazy\" \/>                    <\/div>\n    <\/a>\n\n    <div class=\"images-grid\"><span><a href=\"https:\/\/wettbewerb-archiv.wir-tun-was-fuer-bienen.de\/archiv-2021\/eintrag\/dreamwork-ist-teamwork-aus-mensch-und-natur\/\"><img decoding=\"async\" width=\"150\" height=\"150\" src=\"https:\/\/wettbewerb-archiv.wir-tun-was-fuer-bienen.de\/archiv-2021\/wp-content\/uploads\/sites\/3\/2021\/08\/DSC_1891-min-150x150.jpg\" class=\"attachment-thumbnail size-thumbnail\" alt=\"\" loading=\"lazy\" \/><\/a><\/span><span><a href=\"https:\/\/wettbewerb-archiv.wir-tun-was-fuer-bienen.de\/archiv-2021\/eintrag\/dreamwork-ist-teamwork-aus-mensch-und-natur\/\"><img decoding=\"async\" width=\"150\" height=\"150\" src=\"https:\/\/wettbewerb-archiv.wir-tun-was-fuer-bienen.de\/archiv-2021\/wp-content\/uploads\/sites\/3\/2021\/08\/7-min-150x150.jpg\" class=\"attachment-thumbnail size-thumbnail\" alt=\"\" loading=\"lazy\" \/><\/a><\/span><span><a href=\"https:\/\/wettbewerb-archiv.wir-tun-was-fuer-bienen.de\/archiv-2021\/eintrag\/dreamwork-ist-teamwork-aus-mensch-und-natur\/\"><img decoding=\"async\" width=\"150\" height=\"150\" src=\"https:\/\/wettbewerb-archiv.wir-tun-was-fuer-bienen.de\/archiv-2021\/wp-content\/uploads\/sites\/3\/2021\/08\/DSC01965-min-150x150.jpg\" class=\"attachment-thumbnail size-thumbnail\" alt=\"\" loading=\"lazy\" \/><\/a><\/span><span><a href=\"https:\/\/wettbewerb-archiv.wir-tun-was-fuer-bienen.de\/archiv-2021\/eintrag\/dreamwork-ist-teamwork-aus-mensch-und-natur\/\"><img decoding=\"async\" width=\"150\" height=\"150\" src=\"https:\/\/wettbewerb-archiv.wir-tun-was-fuer-bienen.de\/archiv-2021\/wp-content\/uploads\/sites\/3\/2021\/08\/DSC02083-min-150x150.jpg\" class=\"attachment-thumbnail size-thumbnail\" alt=\"\" loading=\"lazy\" \/><\/a><\/span><\/div>\n\n    <div class=\"user flex\">\n        \n                    <img decoding=\"async\" src=\"https:\/\/wettbewerb-archiv.wir-tun-was-fuer-bienen.de\/archiv-2021\/wp-content\/themes\/bienen\/assets\/images\/avatar-placeholder.png\" style=\"border-radius: 30px;\" height=\"30\" width=\"30\">\n            Marlones Zaubergarten            <\/div>\n    \n    \n            <p class=\"categories meta\" style=\"width: 100%\"><span class=\"fa fa-tag\"\n                                                             aria-hidden=\"true\"><\/span> Privatg\u00e4rten und G\u00e4rten von Mietwohnungen (gr\u00f6\u00dfer als 500 Quadratmeter)        <\/p>\n    \n            <p class=\"categories meta\" style=\"width: 100%\"><span class=\"fa fa-map-marker\"\n                                                             aria-hidden=\"true\"><\/span> Bayern        <\/p>\n    \n<\/article>\n   \n\t\t\n          <article id=\"post-58512\" class=\"et_pb_post post-58512 wtwfb_entry type-wtwfb_entry status-publish has-post-thumbnail hentry wtwfb_category-schul-und-jugendclub-gaerten wtwfb_region-niedersachsen\">\n    <h2 class=\"entry-title\"><a href=\"https:\/\/wettbewerb-archiv.wir-tun-was-fuer-bienen.de\/archiv-2021\/eintrag\/unser-kleiner-schulgarten-am-pavillon-igs-delmenhorst\/\">Unser kleiner Schulgarten am Pavillon (IGS Delmenhorst)<\/a>\n    <\/h2>\n    <a href=\"https:\/\/wettbewerb-archiv.wir-tun-was-fuer-bienen.de\/archiv-2021\/eintrag\/unser-kleiner-schulgarten-am-pavillon-igs-delmenhorst\/\">\n        <div class=\"bienen-entry-image\">\n            <img decoding=\"async\" width=\"400\" height=\"300\" src=\"https:\/\/wettbewerb-archiv.wir-tun-was-fuer-bienen.de\/archiv-2021\/wp-content\/uploads\/sites\/3\/2021\/07\/IMG_4793a-400x300.jpg\" class=\"attachment-bienen-grid-thumb size-bienen-grid-thumb wp-post-image\" alt=\"\" loading=\"lazy\" \/>                    <\/div>\n    <\/a>\n\n    <div class=\"images-grid\"><span><a href=\"https:\/\/wettbewerb-archiv.wir-tun-was-fuer-bienen.de\/archiv-2021\/eintrag\/unser-kleiner-schulgarten-am-pavillon-igs-delmenhorst\/\"><img decoding=\"async\" width=\"150\" height=\"150\" src=\"https:\/\/wettbewerb-archiv.wir-tun-was-fuer-bienen.de\/archiv-2021\/wp-content\/uploads\/sites\/3\/2021\/07\/OCOK4346-150x150.jpg\" class=\"attachment-thumbnail size-thumbnail\" alt=\"\" loading=\"lazy\" \/><\/a><\/span><span><a href=\"https:\/\/wettbewerb-archiv.wir-tun-was-fuer-bienen.de\/archiv-2021\/eintrag\/unser-kleiner-schulgarten-am-pavillon-igs-delmenhorst\/\"><img decoding=\"async\" width=\"150\" height=\"150\" src=\"https:\/\/wettbewerb-archiv.wir-tun-was-fuer-bienen.de\/archiv-2021\/wp-content\/uploads\/sites\/3\/2021\/07\/MKYR2335-150x150.jpg\" class=\"attachment-thumbnail size-thumbnail\" alt=\"\" loading=\"lazy\" \/><\/a><\/span><span><a href=\"https:\/\/wettbewerb-archiv.wir-tun-was-fuer-bienen.de\/archiv-2021\/eintrag\/unser-kleiner-schulgarten-am-pavillon-igs-delmenhorst\/\"><img decoding=\"async\" width=\"150\" height=\"150\" src=\"https:\/\/wettbewerb-archiv.wir-tun-was-fuer-bienen.de\/archiv-2021\/wp-content\/uploads\/sites\/3\/2021\/07\/ULOS0055-150x150.jpg\" class=\"attachment-thumbnail size-thumbnail\" alt=\"\" loading=\"lazy\" \/><\/a><\/span><span><a href=\"https:\/\/wettbewerb-archiv.wir-tun-was-fuer-bienen.de\/archiv-2021\/eintrag\/unser-kleiner-schulgarten-am-pavillon-igs-delmenhorst\/\"><img decoding=\"async\" width=\"150\" height=\"150\" src=\"https:\/\/wettbewerb-archiv.wir-tun-was-fuer-bienen.de\/archiv-2021\/wp-content\/uploads\/sites\/3\/2021\/07\/AANN7976-150x150.jpg\" class=\"attachment-thumbnail size-thumbnail\" alt=\"\" loading=\"lazy\" \/><\/a><\/span><\/div>\n\n    <div class=\"user flex\">\n        \n                    <img decoding=\"async\" src=\"https:\/\/wettbewerb-archiv.wir-tun-was-fuer-bienen.de\/archiv-2021\/wp-content\/themes\/bienen\/assets\/images\/avatar-placeholder.png\" style=\"border-radius: 30px;\" height=\"30\" width=\"30\">\n            IGS Del            <\/div>\n    \n    \n            <p class=\"categories meta\" style=\"width: 100%\"><span class=\"fa fa-tag\"\n                                                             aria-hidden=\"true\"><\/span> Schul- und Jugendclub-G\u00e4rten        <\/p>\n    \n            <p class=\"categories meta\" style=\"width: 100%\"><span class=\"fa fa-map-marker\"\n                                                             aria-hidden=\"true\"><\/span> Niedersachsen        <\/p>\n    \n<\/article>\n   \n\t\t\n          <article id=\"post-58474\" class=\"et_pb_post post-58474 wtwfb_entry type-wtwfb_entry status-publish has-post-thumbnail hentry wtwfb_category-privatgaerten-und-gaerten-von-mietwohnungen-groesser-500-quadratmeter wtwfb_region-hessen\">\n    <h2 class=\"entry-title\"><a href=\"https:\/\/wettbewerb-archiv.wir-tun-was-fuer-bienen.de\/archiv-2021\/eintrag\/bienenfreundliche-ecken-im-garten\/\">Bienenfreundliche Ecken im Garten<\/a>\n    <\/h2>\n    <a href=\"https:\/\/wettbewerb-archiv.wir-tun-was-fuer-bienen.de\/archiv-2021\/eintrag\/bienenfreundliche-ecken-im-garten\/\">\n        <div class=\"bienen-entry-image\">\n            <img decoding=\"async\" width=\"400\" height=\"300\" src=\"https:\/\/wettbewerb-archiv.wir-tun-was-fuer-bienen.de\/archiv-2021\/wp-content\/uploads\/sites\/3\/2021\/07\/Rose-Pretty-Pink-400x300.jpg\" class=\"attachment-bienen-grid-thumb size-bienen-grid-thumb wp-post-image\" alt=\"\" loading=\"lazy\" \/>                    <\/div>\n    <\/a>\n\n    <div class=\"images-grid\"><\/div>\n\n    <div class=\"user flex\">\n        \n                    <img decoding=\"async\" src=\"https:\/\/wettbewerb-archiv.wir-tun-was-fuer-bienen.de\/archiv-2021\/wp-content\/themes\/bienen\/assets\/images\/avatar-placeholder.png\" style=\"border-radius: 30px;\" height=\"30\" width=\"30\">\n            Gaby Jaekel            <\/div>\n    \n    \n            <p class=\"categories meta\" style=\"width: 100%\"><span class=\"fa fa-tag\"\n                                                             aria-hidden=\"true\"><\/span> Privatg\u00e4rten und G\u00e4rten von Mietwohnungen (gr\u00f6\u00dfer als 500 Quadratmeter)        <\/p>\n    \n            <p class=\"categories meta\" style=\"width: 100%\"><span class=\"fa fa-map-marker\"\n                                                             aria-hidden=\"true\"><\/span> Hessen        <\/p>\n    \n<\/article>\n   \n\t\t\n          <article id=\"post-58424\" class=\"et_pb_post post-58424 wtwfb_entry type-wtwfb_entry status-publish has-post-thumbnail hentry wtwfb_category-privatgaerten-und-gaerten-von-mietwohnungen-groesser-500-quadratmeter wtwfb_region-brandenburg\">\n    <h2 class=\"entry-title\"><a href=\"https:\/\/wettbewerb-archiv.wir-tun-was-fuer-bienen.de\/archiv-2021\/eintrag\/gartentraeume-lebensraeume-2\/\">Gartentr\u00e4ume- Lebensr\u00e4ume<\/a>\n    <\/h2>\n    <a href=\"https:\/\/wettbewerb-archiv.wir-tun-was-fuer-bienen.de\/archiv-2021\/eintrag\/gartentraeume-lebensraeume-2\/\">\n        <div class=\"bienen-entry-image\">\n            <img decoding=\"async\" width=\"400\" height=\"300\" src=\"https:\/\/wettbewerb-archiv.wir-tun-was-fuer-bienen.de\/archiv-2021\/wp-content\/uploads\/sites\/3\/2021\/07\/20210427_101326-400x300.jpg\" class=\"attachment-bienen-grid-thumb size-bienen-grid-thumb wp-post-image\" alt=\"\" loading=\"lazy\" \/>                    <\/div>\n    <\/a>\n\n    <div class=\"images-grid\"><span><a href=\"https:\/\/wettbewerb-archiv.wir-tun-was-fuer-bienen.de\/archiv-2021\/eintrag\/gartentraeume-lebensraeume-2\/\"><img decoding=\"async\" width=\"150\" height=\"150\" src=\"https:\/\/wettbewerb-archiv.wir-tun-was-fuer-bienen.de\/archiv-2021\/wp-content\/uploads\/sites\/3\/2021\/07\/20210731_201143-150x150.jpg\" class=\"attachment-thumbnail size-thumbnail\" alt=\"\" loading=\"lazy\" \/><\/a><\/span><span><a href=\"https:\/\/wettbewerb-archiv.wir-tun-was-fuer-bienen.de\/archiv-2021\/eintrag\/gartentraeume-lebensraeume-2\/\"><img decoding=\"async\" width=\"150\" height=\"150\" src=\"https:\/\/wettbewerb-archiv.wir-tun-was-fuer-bienen.de\/archiv-2021\/wp-content\/uploads\/sites\/3\/2021\/07\/20210731_194037-150x150.jpg\" class=\"attachment-thumbnail size-thumbnail\" alt=\"\" loading=\"lazy\" \/><\/a><\/span><span><a href=\"https:\/\/wettbewerb-archiv.wir-tun-was-fuer-bienen.de\/archiv-2021\/eintrag\/gartentraeume-lebensraeume-2\/\"><img decoding=\"async\" width=\"150\" height=\"150\" src=\"https:\/\/wettbewerb-archiv.wir-tun-was-fuer-bienen.de\/archiv-2021\/wp-content\/uploads\/sites\/3\/2021\/07\/20210410_150055-150x150.jpg\" class=\"attachment-thumbnail size-thumbnail\" alt=\"\" loading=\"lazy\" \/><\/a><\/span><span><a href=\"https:\/\/wettbewerb-archiv.wir-tun-was-fuer-bienen.de\/archiv-2021\/eintrag\/gartentraeume-lebensraeume-2\/\"><img decoding=\"async\" width=\"150\" height=\"150\" src=\"https:\/\/wettbewerb-archiv.wir-tun-was-fuer-bienen.de\/archiv-2021\/wp-content\/uploads\/sites\/3\/2021\/07\/20210426_093722-150x150.jpg\" class=\"attachment-thumbnail size-thumbnail\" alt=\"\" loading=\"lazy\" \/><\/a><\/span><\/div>\n\n    <div class=\"user flex\">\n        \n                    <img decoding=\"async\" src=\"https:\/\/wettbewerb-archiv.wir-tun-was-fuer-bienen.de\/archiv-2021\/wp-content\/themes\/bienen\/assets\/images\/avatar-placeholder.png\" style=\"border-radius: 30px;\" height=\"30\" width=\"30\">\n            Gartentr\u00e4ume- Lebensr\u00e4ume            <\/div>\n    \n    \n            <p class=\"categories meta\" style=\"width: 100%\"><span class=\"fa fa-tag\"\n                                                             aria-hidden=\"true\"><\/span> Privatg\u00e4rten und G\u00e4rten von Mietwohnungen (gr\u00f6\u00dfer als 500 Quadratmeter)        <\/p>\n    \n            <p class=\"categories meta\" style=\"width: 100%\"><span class=\"fa fa-map-marker\"\n                                                             aria-hidden=\"true\"><\/span> Brandenburg        <\/p>\n    \n<\/article>\n   \n\t\t\n          <article id=\"post-58363\" class=\"et_pb_post post-58363 wtwfb_entry type-wtwfb_entry status-publish has-post-thumbnail hentry wtwfb_category-schul-und-jugendclub-gaerten wtwfb_region-rheinland-pfalz\">\n    <h2 class=\"entry-title\"><a href=\"https:\/\/wettbewerb-archiv.wir-tun-was-fuer-bienen.de\/archiv-2021\/eintrag\/gruenes-klassenzimmer\/\">Gr\u00fcnes Klassenzimmer<\/a>\n    <\/h2>\n    <a href=\"https:\/\/wettbewerb-archiv.wir-tun-was-fuer-bienen.de\/archiv-2021\/eintrag\/gruenes-klassenzimmer\/\">\n        <div class=\"bienen-entry-image\">\n            <img decoding=\"async\" width=\"400\" height=\"300\" src=\"https:\/\/wettbewerb-archiv.wir-tun-was-fuer-bienen.de\/archiv-2021\/wp-content\/uploads\/sites\/3\/2021\/07\/IMG_3231-400x300.jpg\" class=\"attachment-bienen-grid-thumb size-bienen-grid-thumb wp-post-image\" alt=\"\" loading=\"lazy\" \/>                    <\/div>\n    <\/a>\n\n    <div class=\"images-grid\"><span><a href=\"https:\/\/wettbewerb-archiv.wir-tun-was-fuer-bienen.de\/archiv-2021\/eintrag\/gruenes-klassenzimmer\/\"><img decoding=\"async\" width=\"150\" height=\"150\" src=\"https:\/\/wettbewerb-archiv.wir-tun-was-fuer-bienen.de\/archiv-2021\/wp-content\/uploads\/sites\/3\/2021\/07\/IMG_20210727_112317-1-150x150.jpg\" class=\"attachment-thumbnail size-thumbnail\" alt=\"\" loading=\"lazy\" \/><\/a><\/span><span><a href=\"https:\/\/wettbewerb-archiv.wir-tun-was-fuer-bienen.de\/archiv-2021\/eintrag\/gruenes-klassenzimmer\/\"><img decoding=\"async\" width=\"150\" height=\"150\" src=\"https:\/\/wettbewerb-archiv.wir-tun-was-fuer-bienen.de\/archiv-2021\/wp-content\/uploads\/sites\/3\/2021\/07\/IMG_3473-150x150.jpg\" class=\"attachment-thumbnail size-thumbnail\" alt=\"\" loading=\"lazy\" \/><\/a><\/span><span><a href=\"https:\/\/wettbewerb-archiv.wir-tun-was-fuer-bienen.de\/archiv-2021\/eintrag\/gruenes-klassenzimmer\/\"><img decoding=\"async\" width=\"150\" height=\"150\" src=\"https:\/\/wettbewerb-archiv.wir-tun-was-fuer-bienen.de\/archiv-2021\/wp-content\/uploads\/sites\/3\/2021\/07\/IMG_20210609_172752-150x150.jpg\" class=\"attachment-thumbnail size-thumbnail\" alt=\"\" loading=\"lazy\" \/><\/a><\/span><span><a href=\"https:\/\/wettbewerb-archiv.wir-tun-was-fuer-bienen.de\/archiv-2021\/eintrag\/gruenes-klassenzimmer\/\"><img decoding=\"async\" width=\"150\" height=\"150\" src=\"https:\/\/wettbewerb-archiv.wir-tun-was-fuer-bienen.de\/archiv-2021\/wp-content\/uploads\/sites\/3\/2021\/07\/IMG_3217-150x150.jpg\" class=\"attachment-thumbnail size-thumbnail\" alt=\"\" loading=\"lazy\" \/><\/a><\/span><\/div>\n\n    <div class=\"user flex\">\n        \n                    <img decoding=\"async\" src=\"https:\/\/wettbewerb-archiv.wir-tun-was-fuer-bienen.de\/archiv-2021\/wp-content\/themes\/bienen\/assets\/images\/avatar-placeholder.png\" style=\"border-radius: 30px;\" height=\"30\" width=\"30\">\n            Gr\u00fcnes Klassenzimmer            <\/div>\n    \n    \n            <p class=\"categories meta\" style=\"width: 100%\"><span class=\"fa fa-tag\"\n                                                             aria-hidden=\"true\"><\/span> Schul- und Jugendclub-G\u00e4rten        <\/p>\n    \n            <p class=\"categories meta\" style=\"width: 100%\"><span class=\"fa fa-map-marker\"\n                                                             aria-hidden=\"true\"><\/span> Rheinland-Pfalz        <\/p>\n    \n<\/article>\n   \n\t\t\n          <article id=\"post-58228\" class=\"et_pb_post post-58228 wtwfb_entry type-wtwfb_entry status-publish has-post-thumbnail hentry wtwfb_category-schul-und-jugendclub-gaerten wtwfb_region-rheinland-pfalz\">\n    <h2 class=\"entry-title\"><a href=\"https:\/\/wettbewerb-archiv.wir-tun-was-fuer-bienen.de\/archiv-2021\/eintrag\/unser-gruenes-klassenzimmer\/\">Unser Gr\u00fcnes Klassenzimmer<\/a>\n    <\/h2>\n    <a href=\"https:\/\/wettbewerb-archiv.wir-tun-was-fuer-bienen.de\/archiv-2021\/eintrag\/unser-gruenes-klassenzimmer\/\">\n        <div class=\"bienen-entry-image\">\n            <img decoding=\"async\" width=\"400\" height=\"300\" src=\"https:\/\/wettbewerb-archiv.wir-tun-was-fuer-bienen.de\/archiv-2021\/wp-content\/uploads\/sites\/3\/2021\/07\/IMG_20210727_112317-400x300.jpg\" class=\"attachment-bienen-grid-thumb size-bienen-grid-thumb wp-post-image\" alt=\"\" loading=\"lazy\" \/>                    <\/div>\n    <\/a>\n\n    <div class=\"images-grid\"><\/div>\n\n    <div class=\"user flex\">\n        \n                    <img decoding=\"async\" src=\"https:\/\/wettbewerb-archiv.wir-tun-was-fuer-bienen.de\/archiv-2021\/wp-content\/themes\/bienen\/assets\/images\/avatar-placeholder.png\" style=\"border-radius: 30px;\" height=\"30\" width=\"30\">\n            Gr\u00fcnes Klassenzimmer            <\/div>\n    \n    \n            <p class=\"categories meta\" style=\"width: 100%\"><span class=\"fa fa-tag\"\n                                                             aria-hidden=\"true\"><\/span> Schul- und Jugendclub-G\u00e4rten        <\/p>\n    \n            <p class=\"categories meta\" style=\"width: 100%\"><span class=\"fa fa-map-marker\"\n                                                             aria-hidden=\"true\"><\/span> Rheinland-Pfalz        <\/p>\n    \n<\/article>\n   \n\t\t\n          <article id=\"post-58168\" class=\"et_pb_post post-58168 wtwfb_entry type-wtwfb_entry status-publish has-post-thumbnail hentry wtwfb_category-bestehende-naturgaerten wtwfb_region-niedersachsen\">\n    <h2 class=\"entry-title\"><a href=\"https:\/\/wettbewerb-archiv.wir-tun-was-fuer-bienen.de\/archiv-2021\/eintrag\/unser-naturgarten-im-emsland\/\">Unser Naturgarten im Emsland<\/a>\n    <\/h2>\n    <a href=\"https:\/\/wettbewerb-archiv.wir-tun-was-fuer-bienen.de\/archiv-2021\/eintrag\/unser-naturgarten-im-emsland\/\">\n        <div class=\"bienen-entry-image\">\n            <img decoding=\"async\" width=\"400\" height=\"300\" src=\"https:\/\/wettbewerb-archiv.wir-tun-was-fuer-bienen.de\/archiv-2021\/wp-content\/uploads\/sites\/3\/2021\/07\/Titelbild-400x300.jpg\" class=\"attachment-bienen-grid-thumb size-bienen-grid-thumb wp-post-image\" alt=\"\" loading=\"lazy\" \/>                    <\/div>\n    <\/a>\n\n    <div class=\"images-grid\"><span><a href=\"https:\/\/wettbewerb-archiv.wir-tun-was-fuer-bienen.de\/archiv-2021\/eintrag\/unser-naturgarten-im-emsland\/\"><img decoding=\"async\" width=\"150\" height=\"150\" src=\"https:\/\/wettbewerb-archiv.wir-tun-was-fuer-bienen.de\/archiv-2021\/wp-content\/uploads\/sites\/3\/2021\/07\/Thujen-1-150x150.jpg\" class=\"attachment-thumbnail size-thumbnail\" alt=\"\" loading=\"lazy\" \/><\/a><\/span><span><a href=\"https:\/\/wettbewerb-archiv.wir-tun-was-fuer-bienen.de\/archiv-2021\/eintrag\/unser-naturgarten-im-emsland\/\"><img decoding=\"async\" width=\"150\" height=\"150\" src=\"https:\/\/wettbewerb-archiv.wir-tun-was-fuer-bienen.de\/archiv-2021\/wp-content\/uploads\/sites\/3\/2021\/07\/Thujen-2-150x150.jpg\" class=\"attachment-thumbnail size-thumbnail\" alt=\"\" loading=\"lazy\" \/><\/a><\/span><span><a href=\"https:\/\/wettbewerb-archiv.wir-tun-was-fuer-bienen.de\/archiv-2021\/eintrag\/unser-naturgarten-im-emsland\/\"><img decoding=\"async\" width=\"150\" height=\"150\" src=\"https:\/\/wettbewerb-archiv.wir-tun-was-fuer-bienen.de\/archiv-2021\/wp-content\/uploads\/sites\/3\/2021\/07\/Thujen-3-Sommer-2020-2-150x150.jpg\" class=\"attachment-thumbnail size-thumbnail\" alt=\"\" loading=\"lazy\" \/><\/a><\/span><span><a href=\"https:\/\/wettbewerb-archiv.wir-tun-was-fuer-bienen.de\/archiv-2021\/eintrag\/unser-naturgarten-im-emsland\/\"><img decoding=\"async\" width=\"150\" height=\"150\" src=\"https:\/\/wettbewerb-archiv.wir-tun-was-fuer-bienen.de\/archiv-2021\/wp-content\/uploads\/sites\/3\/2021\/07\/Thujen-4-Sommer-2019-150x150.jpg\" class=\"attachment-thumbnail size-thumbnail\" alt=\"\" loading=\"lazy\" \/><\/a><\/span><\/div>\n\n    <div class=\"user flex\">\n        \n                    <img decoding=\"async\" src=\"https:\/\/wettbewerb-archiv.wir-tun-was-fuer-bienen.de\/archiv-2021\/wp-content\/themes\/bienen\/assets\/images\/avatar-placeholder.png\" style=\"border-radius: 30px;\" height=\"30\" width=\"30\">\n            Familie Meiners            <\/div>\n    \n    <p class=\"categories meta bienen-gewinner\"><span class=\"fa fa-trophy\"                                                              aria-hidden=\"true\"><\/span> Gewinner<\/p>\n            <p class=\"categories meta\" style=\"width: 100%\"><span class=\"fa fa-tag\"\n                                                             aria-hidden=\"true\"><\/span> Bestehende Naturg\u00e4rten (ohne Pflanzaktionen)        <\/p>\n    \n            <p class=\"categories meta\" style=\"width: 100%\"><span class=\"fa fa-map-marker\"\n                                                             aria-hidden=\"true\"><\/span> Niedersachsen        <\/p>\n    \n<\/article>\n   \n\t\t\n          <article id=\"post-58114\" class=\"et_pb_post post-58114 wtwfb_entry type-wtwfb_entry status-publish has-post-thumbnail hentry wtwfb_category-firmen-institutions-und-vereinsgaerten wtwfb_region-hamburg\">\n    <h2 class=\"entry-title\"><a href=\"https:\/\/wettbewerb-archiv.wir-tun-was-fuer-bienen.de\/archiv-2021\/eintrag\/ein-bienenbeet-fuer-lufisch\/\">Ein Bienenbeet f\u00fcr LuFisch<\/a>\n    <\/h2>\n    <a href=\"https:\/\/wettbewerb-archiv.wir-tun-was-fuer-bienen.de\/archiv-2021\/eintrag\/ein-bienenbeet-fuer-lufisch\/\">\n        <div class=\"bienen-entry-image\">\n            <img decoding=\"async\" width=\"400\" height=\"300\" src=\"https:\/\/wettbewerb-archiv.wir-tun-was-fuer-bienen.de\/archiv-2021\/wp-content\/uploads\/sites\/3\/2021\/07\/IMG_1007-400x300.jpg\" class=\"attachment-bienen-grid-thumb size-bienen-grid-thumb wp-post-image\" alt=\"\" loading=\"lazy\" \/>                    <\/div>\n    <\/a>\n\n    <div class=\"images-grid\"><span><a href=\"https:\/\/wettbewerb-archiv.wir-tun-was-fuer-bienen.de\/archiv-2021\/eintrag\/ein-bienenbeet-fuer-lufisch\/\"><img decoding=\"async\" width=\"150\" height=\"150\" src=\"https:\/\/wettbewerb-archiv.wir-tun-was-fuer-bienen.de\/archiv-2021\/wp-content\/uploads\/sites\/3\/2021\/07\/IMG_0182-150x150.jpg\" class=\"attachment-thumbnail size-thumbnail\" alt=\"\" loading=\"lazy\" \/><\/a><\/span><span><a href=\"https:\/\/wettbewerb-archiv.wir-tun-was-fuer-bienen.de\/archiv-2021\/eintrag\/ein-bienenbeet-fuer-lufisch\/\"><img decoding=\"async\" width=\"150\" height=\"150\" src=\"https:\/\/wettbewerb-archiv.wir-tun-was-fuer-bienen.de\/archiv-2021\/wp-content\/uploads\/sites\/3\/2021\/07\/IMG_0193-150x150.jpg\" class=\"attachment-thumbnail size-thumbnail\" alt=\"\" loading=\"lazy\" \/><\/a><\/span><span><a href=\"https:\/\/wettbewerb-archiv.wir-tun-was-fuer-bienen.de\/archiv-2021\/eintrag\/ein-bienenbeet-fuer-lufisch\/\"><img decoding=\"async\" width=\"150\" height=\"150\" src=\"https:\/\/wettbewerb-archiv.wir-tun-was-fuer-bienen.de\/archiv-2021\/wp-content\/uploads\/sites\/3\/2021\/07\/IMG_0203-150x150.jpg\" class=\"attachment-thumbnail size-thumbnail\" alt=\"\" loading=\"lazy\" \/><\/a><\/span><span><a href=\"https:\/\/wettbewerb-archiv.wir-tun-was-fuer-bienen.de\/archiv-2021\/eintrag\/ein-bienenbeet-fuer-lufisch\/\"><img decoding=\"async\" width=\"150\" height=\"150\" src=\"https:\/\/wettbewerb-archiv.wir-tun-was-fuer-bienen.de\/archiv-2021\/wp-content\/uploads\/sites\/3\/2021\/07\/IMG_0208-150x150.jpg\" class=\"attachment-thumbnail size-thumbnail\" alt=\"\" loading=\"lazy\" \/><\/a><\/span><\/div>\n\n    <div class=\"user flex\">\n        \n                    <img decoding=\"async\" src=\"https:\/\/wettbewerb-archiv.wir-tun-was-fuer-bienen.de\/archiv-2021\/wp-content\/themes\/bienen\/assets\/images\/avatar-placeholder.png\" style=\"border-radius: 30px;\" height=\"30\" width=\"30\">\n            LuFisch e.V.            <\/div>\n    \n    \n            <p class=\"categories meta\" style=\"width: 100%\"><span class=\"fa fa-tag\"\n                                                             aria-hidden=\"true\"><\/span> Firmen-, Institutions- und Vereinsg\u00e4rten        <\/p>\n    \n            <p class=\"categories meta\" style=\"width: 100%\"><span class=\"fa fa-map-marker\"\n                                                             aria-hidden=\"true\"><\/span> Hamburg        <\/p>\n    \n<\/article>\n   \n\t\t\n          <article id=\"post-57985\" class=\"et_pb_post post-57985 wtwfb_entry type-wtwfb_entry status-publish has-post-thumbnail hentry wtwfb_category-balkone-terrassen-dachbegruenung-vertikale-gaerten wtwfb_region-nordrhein-westfalen\">\n    <h2 class=\"entry-title\"><a href=\"https:\/\/wettbewerb-archiv.wir-tun-was-fuer-bienen.de\/archiv-2021\/eintrag\/stattgarten-stadtbalkon-fuer-wildbienen-insekten-und-voegel\/\">StattGarten: StadtBalkon f\u00fcr Wildbienen, Insekten und ...<\/a>\n    <\/h2>\n    <a href=\"https:\/\/wettbewerb-archiv.wir-tun-was-fuer-bienen.de\/archiv-2021\/eintrag\/stattgarten-stadtbalkon-fuer-wildbienen-insekten-und-voegel\/\">\n        <div class=\"bienen-entry-image\">\n            <img decoding=\"async\" width=\"400\" height=\"300\" src=\"https:\/\/wettbewerb-archiv.wir-tun-was-fuer-bienen.de\/archiv-2021\/wp-content\/uploads\/sites\/3\/2021\/07\/IMG_2778-400x300.jpg\" class=\"attachment-bienen-grid-thumb size-bienen-grid-thumb wp-post-image\" alt=\"\" loading=\"lazy\" \/>                    <\/div>\n    <\/a>\n\n    <div class=\"images-grid\"><span><a href=\"https:\/\/wettbewerb-archiv.wir-tun-was-fuer-bienen.de\/archiv-2021\/eintrag\/stattgarten-stadtbalkon-fuer-wildbienen-insekten-und-voegel\/\"><img decoding=\"async\" width=\"150\" height=\"150\" src=\"https:\/\/wettbewerb-archiv.wir-tun-was-fuer-bienen.de\/archiv-2021\/wp-content\/uploads\/sites\/3\/2021\/07\/IMG_6751-150x150.jpg\" class=\"attachment-thumbnail size-thumbnail\" alt=\"\" loading=\"lazy\" \/><\/a><\/span><span><a href=\"https:\/\/wettbewerb-archiv.wir-tun-was-fuer-bienen.de\/archiv-2021\/eintrag\/stattgarten-stadtbalkon-fuer-wildbienen-insekten-und-voegel\/\"><img decoding=\"async\" width=\"150\" height=\"150\" src=\"https:\/\/wettbewerb-archiv.wir-tun-was-fuer-bienen.de\/archiv-2021\/wp-content\/uploads\/sites\/3\/2021\/07\/IMG_6672-150x150.jpg\" class=\"attachment-thumbnail size-thumbnail\" alt=\"\" loading=\"lazy\" \/><\/a><\/span><span><a href=\"https:\/\/wettbewerb-archiv.wir-tun-was-fuer-bienen.de\/archiv-2021\/eintrag\/stattgarten-stadtbalkon-fuer-wildbienen-insekten-und-voegel\/\"><img decoding=\"async\" width=\"150\" height=\"150\" src=\"https:\/\/wettbewerb-archiv.wir-tun-was-fuer-bienen.de\/archiv-2021\/wp-content\/uploads\/sites\/3\/2021\/07\/IMG_6670-150x150.jpg\" class=\"attachment-thumbnail size-thumbnail\" alt=\"\" loading=\"lazy\" \/><\/a><\/span><span><a href=\"https:\/\/wettbewerb-archiv.wir-tun-was-fuer-bienen.de\/archiv-2021\/eintrag\/stattgarten-stadtbalkon-fuer-wildbienen-insekten-und-voegel\/\"><img decoding=\"async\" width=\"150\" height=\"150\" src=\"https:\/\/wettbewerb-archiv.wir-tun-was-fuer-bienen.de\/archiv-2021\/wp-content\/uploads\/sites\/3\/2021\/07\/IMG_6673-150x150.jpg\" class=\"attachment-thumbnail size-thumbnail\" alt=\"\" loading=\"lazy\" \/><\/a><\/span><\/div>\n\n    <div class=\"user flex\">\n        \n                    <img decoding=\"async\" src=\"https:\/\/wettbewerb-archiv.wir-tun-was-fuer-bienen.de\/archiv-2021\/wp-content\/themes\/bienen\/assets\/images\/avatar-placeholder.png\" style=\"border-radius: 30px;\" height=\"30\" width=\"30\">\n            Katrin_Flora_Fauna            <\/div>\n    \n    <p class=\"categories meta bienen-gewinner\"><span class=\"fa fa-trophy\"                                                              aria-hidden=\"true\"><\/span> Gewinner<\/p>\n            <p class=\"categories meta\" style=\"width: 100%\"><span class=\"fa fa-tag\"\n                                                             aria-hidden=\"true\"><\/span> Balkone, Terrassen, Dachbegr\u00fcnung, vertikale G\u00e4rten        <\/p>\n    \n            <p class=\"categories meta\" style=\"width: 100%\"><span class=\"fa fa-map-marker\"\n                                                             aria-hidden=\"true\"><\/span> Nordrhein-Westfalen        <\/p>\n    \n<\/article>\n   \n\t\t\n          <article id=\"post-57927\" class=\"et_pb_post post-57927 wtwfb_entry type-wtwfb_entry status-publish has-post-thumbnail hentry wtwfb_category-kita-und-kindergartengaerten wtwfb_region-niedersachsen\">\n    <h2 class=\"entry-title\"><a href=\"https:\/\/wettbewerb-archiv.wir-tun-was-fuer-bienen.de\/archiv-2021\/eintrag\/kindergarten-sonnenstrahl-blueht-auf\/\">Kindergarten Sonnenstrahl bl\u00fcht auf<\/a>\n    <\/h2>\n    <a href=\"https:\/\/wettbewerb-archiv.wir-tun-was-fuer-bienen.de\/archiv-2021\/eintrag\/kindergarten-sonnenstrahl-blueht-auf\/\">\n        <div class=\"bienen-entry-image\">\n            <img decoding=\"async\" width=\"400\" height=\"300\" src=\"https:\/\/wettbewerb-archiv.wir-tun-was-fuer-bienen.de\/archiv-2021\/wp-content\/uploads\/sites\/3\/2021\/07\/Uebersicht-Bluehwiese-400x300.jpg\" class=\"attachment-bienen-grid-thumb size-bienen-grid-thumb wp-post-image\" alt=\"\" loading=\"lazy\" \/>                    <\/div>\n    <\/a>\n\n    <div class=\"images-grid\"><span><a href=\"https:\/\/wettbewerb-archiv.wir-tun-was-fuer-bienen.de\/archiv-2021\/eintrag\/kindergarten-sonnenstrahl-blueht-auf\/\"><img decoding=\"async\" width=\"150\" height=\"150\" src=\"https:\/\/wettbewerb-archiv.wir-tun-was-fuer-bienen.de\/archiv-2021\/wp-content\/uploads\/sites\/3\/2021\/07\/Gruppe-beim-Erde-holen-150x150.jpg\" class=\"attachment-thumbnail size-thumbnail\" alt=\"\" loading=\"lazy\" \/><\/a><\/span><span><a href=\"https:\/\/wettbewerb-archiv.wir-tun-was-fuer-bienen.de\/archiv-2021\/eintrag\/kindergarten-sonnenstrahl-blueht-auf\/\"><img decoding=\"async\" width=\"150\" height=\"150\" src=\"https:\/\/wettbewerb-archiv.wir-tun-was-fuer-bienen.de\/archiv-2021\/wp-content\/uploads\/sites\/3\/2021\/07\/Anlieferung-Erde-150x150.jpg\" class=\"attachment-thumbnail size-thumbnail\" alt=\"\" loading=\"lazy\" \/><\/a><\/span><span><a href=\"https:\/\/wettbewerb-archiv.wir-tun-was-fuer-bienen.de\/archiv-2021\/eintrag\/kindergarten-sonnenstrahl-blueht-auf\/\"><img decoding=\"async\" width=\"150\" height=\"150\" src=\"https:\/\/wettbewerb-archiv.wir-tun-was-fuer-bienen.de\/archiv-2021\/wp-content\/uploads\/sites\/3\/2021\/07\/Erde-verteilen-Kinder-150x150.jpg\" class=\"attachment-thumbnail size-thumbnail\" alt=\"\" loading=\"lazy\" \/><\/a><\/span><\/div>\n\n    <div class=\"user flex\">\n        \n                    <img decoding=\"async\" src=\"https:\/\/wettbewerb-archiv.wir-tun-was-fuer-bienen.de\/archiv-2021\/wp-content\/themes\/bienen\/assets\/images\/avatar-placeholder.png\" style=\"border-radius: 30px;\" height=\"30\" width=\"30\">\n            Kindergarten Sonnenstrahl            <\/div>\n    \n    \n            <p class=\"categories meta\" style=\"width: 100%\"><span class=\"fa fa-tag\"\n                                                             aria-hidden=\"true\"><\/span> Kita- und Kindergarteng\u00e4rten        <\/p>\n    \n            <p class=\"categories meta\" style=\"width: 100%\"><span class=\"fa fa-map-marker\"\n                                                             aria-hidden=\"true\"><\/span> Niedersachsen        <\/p>\n    \n<\/article>\n   \n\t\t\n          <article id=\"post-57867\" class=\"et_pb_post post-57867 wtwfb_entry type-wtwfb_entry status-publish has-post-thumbnail hentry wtwfb_category-kommunale-flaechen-parks-baumscheiben wtwfb_region-thueringen\">\n    <h2 class=\"entry-title\"><a href=\"https:\/\/wettbewerb-archiv.wir-tun-was-fuer-bienen.de\/archiv-2021\/eintrag\/klasse-5a-saet-zwei-bluehstreifen-auf-dem-erfurter-herrenberg\/\">Blumen f\u00fcr den Herrenberg<\/a>\n    <\/h2>\n    <a href=\"https:\/\/wettbewerb-archiv.wir-tun-was-fuer-bienen.de\/archiv-2021\/eintrag\/klasse-5a-saet-zwei-bluehstreifen-auf-dem-erfurter-herrenberg\/\">\n        <div class=\"bienen-entry-image\">\n            <img decoding=\"async\" width=\"400\" height=\"300\" src=\"https:\/\/wettbewerb-archiv.wir-tun-was-fuer-bienen.de\/archiv-2021\/wp-content\/uploads\/sites\/3\/2021\/07\/DSC_0199-400x300.jpg\" class=\"attachment-bienen-grid-thumb size-bienen-grid-thumb wp-post-image\" alt=\"\" loading=\"lazy\" \/>                    <\/div>\n    <\/a>\n\n    <div class=\"images-grid\"><span><a href=\"https:\/\/wettbewerb-archiv.wir-tun-was-fuer-bienen.de\/archiv-2021\/eintrag\/klasse-5a-saet-zwei-bluehstreifen-auf-dem-erfurter-herrenberg\/\"><img decoding=\"async\" width=\"150\" height=\"150\" src=\"https:\/\/wettbewerb-archiv.wir-tun-was-fuer-bienen.de\/archiv-2021\/wp-content\/uploads\/sites\/3\/2021\/07\/DSC_0147_2-150x150.jpg\" class=\"attachment-thumbnail size-thumbnail\" alt=\"\" loading=\"lazy\" \/><\/a><\/span><span><a href=\"https:\/\/wettbewerb-archiv.wir-tun-was-fuer-bienen.de\/archiv-2021\/eintrag\/klasse-5a-saet-zwei-bluehstreifen-auf-dem-erfurter-herrenberg\/\"><img decoding=\"async\" width=\"150\" height=\"150\" src=\"https:\/\/wettbewerb-archiv.wir-tun-was-fuer-bienen.de\/archiv-2021\/wp-content\/uploads\/sites\/3\/2021\/07\/DSC_0162_1-150x150.jpg\" class=\"attachment-thumbnail size-thumbnail\" alt=\"\" loading=\"lazy\" \/><\/a><\/span><span><a href=\"https:\/\/wettbewerb-archiv.wir-tun-was-fuer-bienen.de\/archiv-2021\/eintrag\/klasse-5a-saet-zwei-bluehstreifen-auf-dem-erfurter-herrenberg\/\"><img decoding=\"async\" width=\"150\" height=\"150\" src=\"https:\/\/wettbewerb-archiv.wir-tun-was-fuer-bienen.de\/archiv-2021\/wp-content\/uploads\/sites\/3\/2021\/07\/DSC_0156_2-150x150.jpg\" class=\"attachment-thumbnail size-thumbnail\" alt=\"\" loading=\"lazy\" \/><\/a><\/span><span><a href=\"https:\/\/wettbewerb-archiv.wir-tun-was-fuer-bienen.de\/archiv-2021\/eintrag\/klasse-5a-saet-zwei-bluehstreifen-auf-dem-erfurter-herrenberg\/\"><img decoding=\"async\" width=\"150\" height=\"150\" src=\"https:\/\/wettbewerb-archiv.wir-tun-was-fuer-bienen.de\/archiv-2021\/wp-content\/uploads\/sites\/3\/2021\/07\/DSC_0193_2-150x150.jpg\" class=\"attachment-thumbnail size-thumbnail\" alt=\"\" loading=\"lazy\" \/><\/a><\/span><\/div>\n\n    <div class=\"user flex\">\n        \n                    <img decoding=\"async\" src=\"https:\/\/wettbewerb-archiv.wir-tun-was-fuer-bienen.de\/archiv-2021\/wp-content\/themes\/bienen\/assets\/images\/avatar-placeholder.png\" style=\"border-radius: 30px;\" height=\"30\" width=\"30\">\n            Klasse 5a            <\/div>\n    \n    \n            <p class=\"categories meta\" style=\"width: 100%\"><span class=\"fa fa-tag\"\n                                                             aria-hidden=\"true\"><\/span> Kommunale Fl\u00e4chen, Parks, Baumscheiben        <\/p>\n    \n            <p class=\"categories meta\" style=\"width: 100%\"><span class=\"fa fa-map-marker\"\n                                                             aria-hidden=\"true\"><\/span> Th\u00fcringen        <\/p>\n    \n<\/article>\n   \n\t\t\n          <article id=\"post-57842\" class=\"et_pb_post post-57842 wtwfb_entry type-wtwfb_entry status-publish has-post-thumbnail hentry wtwfb_category-kommunale-flaechen-parks-baumscheiben wtwfb_region-nordrhein-westfalen\">\n    <h2 class=\"entry-title\"><a href=\"https:\/\/wettbewerb-archiv.wir-tun-was-fuer-bienen.de\/archiv-2021\/eintrag\/bee-in-paradise-2\/\">BE(E) IN PARADISE<\/a>\n    <\/h2>\n    <a href=\"https:\/\/wettbewerb-archiv.wir-tun-was-fuer-bienen.de\/archiv-2021\/eintrag\/bee-in-paradise-2\/\">\n        <div class=\"bienen-entry-image\">\n            <img decoding=\"async\" width=\"400\" height=\"300\" src=\"https:\/\/wettbewerb-archiv.wir-tun-was-fuer-bienen.de\/archiv-2021\/wp-content\/uploads\/sites\/3\/2021\/07\/10-400x300.jpeg\" class=\"attachment-bienen-grid-thumb size-bienen-grid-thumb wp-post-image\" alt=\"\" loading=\"lazy\" \/>                    <\/div>\n    <\/a>\n\n    <div class=\"images-grid\"><span><a href=\"https:\/\/wettbewerb-archiv.wir-tun-was-fuer-bienen.de\/archiv-2021\/eintrag\/bee-in-paradise-2\/\"><img decoding=\"async\" width=\"150\" height=\"150\" src=\"https:\/\/wettbewerb-archiv.wir-tun-was-fuer-bienen.de\/archiv-2021\/wp-content\/uploads\/sites\/3\/2021\/07\/3-150x150.jpeg\" class=\"attachment-thumbnail size-thumbnail\" alt=\"\" loading=\"lazy\" \/><\/a><\/span><span><a href=\"https:\/\/wettbewerb-archiv.wir-tun-was-fuer-bienen.de\/archiv-2021\/eintrag\/bee-in-paradise-2\/\"><img decoding=\"async\" width=\"150\" height=\"150\" src=\"https:\/\/wettbewerb-archiv.wir-tun-was-fuer-bienen.de\/archiv-2021\/wp-content\/uploads\/sites\/3\/2021\/07\/4-150x150.jpeg\" class=\"attachment-thumbnail size-thumbnail\" alt=\"\" loading=\"lazy\" \/><\/a><\/span><span><a href=\"https:\/\/wettbewerb-archiv.wir-tun-was-fuer-bienen.de\/archiv-2021\/eintrag\/bee-in-paradise-2\/\"><img decoding=\"async\" width=\"150\" height=\"150\" src=\"https:\/\/wettbewerb-archiv.wir-tun-was-fuer-bienen.de\/archiv-2021\/wp-content\/uploads\/sites\/3\/2021\/07\/5-150x150.jpeg\" class=\"attachment-thumbnail size-thumbnail\" alt=\"\" loading=\"lazy\" \/><\/a><\/span><span><a href=\"https:\/\/wettbewerb-archiv.wir-tun-was-fuer-bienen.de\/archiv-2021\/eintrag\/bee-in-paradise-2\/\"><img decoding=\"async\" width=\"150\" height=\"150\" src=\"https:\/\/wettbewerb-archiv.wir-tun-was-fuer-bienen.de\/archiv-2021\/wp-content\/uploads\/sites\/3\/2021\/07\/6-150x150.jpeg\" class=\"attachment-thumbnail size-thumbnail\" alt=\"\" loading=\"lazy\" \/><\/a><\/span><\/div>\n\n    <div class=\"user flex\">\n        \n                    <img decoding=\"async\" src=\"https:\/\/wettbewerb-archiv.wir-tun-was-fuer-bienen.de\/archiv-2021\/wp-content\/themes\/bienen\/assets\/images\/avatar-placeholder.png\" style=\"border-radius: 30px;\" height=\"30\" width=\"30\">\n            Feoleta Ayzenberg            <\/div>\n    \n    \n            <p class=\"categories meta\" style=\"width: 100%\"><span class=\"fa fa-tag\"\n                                                             aria-hidden=\"true\"><\/span> Kommunale Fl\u00e4chen, Parks, Baumscheiben        <\/p>\n    \n            <p class=\"categories meta\" style=\"width: 100%\"><span class=\"fa fa-map-marker\"\n                                                             aria-hidden=\"true\"><\/span> Nordrhein-Westfalen        <\/p>\n    \n<\/article>\n   \n\t\t\n          <article id=\"post-57779\" class=\"et_pb_post post-57779 wtwfb_entry type-wtwfb_entry status-publish has-post-thumbnail hentry wtwfb_category-privatgaerten-und-gaerten-von-mietwohnungen-groesser-500-quadratmeter wtwfb_region-thueringen\">\n    <h2 class=\"entry-title\"><a href=\"https:\/\/wettbewerb-archiv.wir-tun-was-fuer-bienen.de\/archiv-2021\/eintrag\/kleingaertnerei-mit-niveau-vereint-mit-hobbyimkerei-im-herzen-von-thueringen\/\">Kleing\u00e4rtnerei mit Niveau vereint mit Hobbyimkerei im ...<\/a>\n    <\/h2>\n    <a href=\"https:\/\/wettbewerb-archiv.wir-tun-was-fuer-bienen.de\/archiv-2021\/eintrag\/kleingaertnerei-mit-niveau-vereint-mit-hobbyimkerei-im-herzen-von-thueringen\/\">\n        <div class=\"bienen-entry-image\">\n            <img decoding=\"async\" width=\"400\" height=\"300\" src=\"https:\/\/wettbewerb-archiv.wir-tun-was-fuer-bienen.de\/archiv-2021\/wp-content\/uploads\/sites\/3\/2021\/07\/IMG_20210607_170906-400x300.jpg\" class=\"attachment-bienen-grid-thumb size-bienen-grid-thumb wp-post-image\" alt=\"\" loading=\"lazy\" \/>                    <\/div>\n    <\/a>\n\n    <div class=\"images-grid\"><span><a href=\"https:\/\/wettbewerb-archiv.wir-tun-was-fuer-bienen.de\/archiv-2021\/eintrag\/kleingaertnerei-mit-niveau-vereint-mit-hobbyimkerei-im-herzen-von-thueringen\/\"><img decoding=\"async\" width=\"150\" height=\"150\" src=\"https:\/\/wettbewerb-archiv.wir-tun-was-fuer-bienen.de\/archiv-2021\/wp-content\/uploads\/sites\/3\/2021\/07\/IMG_20200517_143402-150x150.jpg\" class=\"attachment-thumbnail size-thumbnail\" alt=\"\" loading=\"lazy\" \/><\/a><\/span><span><a href=\"https:\/\/wettbewerb-archiv.wir-tun-was-fuer-bienen.de\/archiv-2021\/eintrag\/kleingaertnerei-mit-niveau-vereint-mit-hobbyimkerei-im-herzen-von-thueringen\/\"><img decoding=\"async\" width=\"150\" height=\"150\" src=\"https:\/\/wettbewerb-archiv.wir-tun-was-fuer-bienen.de\/archiv-2021\/wp-content\/uploads\/sites\/3\/2021\/07\/IMG_20210427_182115-150x150.jpg\" class=\"attachment-thumbnail size-thumbnail\" alt=\"\" loading=\"lazy\" \/><\/a><\/span><span><a href=\"https:\/\/wettbewerb-archiv.wir-tun-was-fuer-bienen.de\/archiv-2021\/eintrag\/kleingaertnerei-mit-niveau-vereint-mit-hobbyimkerei-im-herzen-von-thueringen\/\"><img decoding=\"async\" width=\"150\" height=\"150\" src=\"https:\/\/wettbewerb-archiv.wir-tun-was-fuer-bienen.de\/archiv-2021\/wp-content\/uploads\/sites\/3\/2021\/07\/IMG_20210620_115906-150x150.jpg\" class=\"attachment-thumbnail size-thumbnail\" alt=\"\" loading=\"lazy\" \/><\/a><\/span><span><a href=\"https:\/\/wettbewerb-archiv.wir-tun-was-fuer-bienen.de\/archiv-2021\/eintrag\/kleingaertnerei-mit-niveau-vereint-mit-hobbyimkerei-im-herzen-von-thueringen\/\"><img decoding=\"async\" width=\"150\" height=\"150\" src=\"https:\/\/wettbewerb-archiv.wir-tun-was-fuer-bienen.de\/archiv-2021\/wp-content\/uploads\/sites\/3\/2021\/07\/IMG_20200517_143402-1-150x150.jpg\" class=\"attachment-thumbnail size-thumbnail\" alt=\"\" loading=\"lazy\" \/><\/a><\/span><\/div>\n\n    <div class=\"user flex\">\n        \n                    <img decoding=\"async\" src=\"https:\/\/wettbewerb-archiv.wir-tun-was-fuer-bienen.de\/archiv-2021\/wp-content\/themes\/bienen\/assets\/images\/avatar-placeholder.png\" style=\"border-radius: 30px;\" height=\"30\" width=\"30\">\n            Dittelstedter Kleing\u00e4rtner\/Hobbyimker            <\/div>\n    \n    \n            <p class=\"categories meta\" style=\"width: 100%\"><span class=\"fa fa-tag\"\n                                                             aria-hidden=\"true\"><\/span> Privatg\u00e4rten und G\u00e4rten von Mietwohnungen (gr\u00f6\u00dfer als 500 Quadratmeter)        <\/p>\n    \n            <p class=\"categories meta\" style=\"width: 100%\"><span class=\"fa fa-map-marker\"\n                                                             aria-hidden=\"true\"><\/span> Th\u00fcringen        <\/p>\n    \n<\/article>\n   \n\t\t\n          <article id=\"post-57702\" class=\"et_pb_post post-57702 wtwfb_entry type-wtwfb_entry status-publish has-post-thumbnail hentry wtwfb_category-kita-und-kindergartengaerten wtwfb_region-saarland\">\n    <h2 class=\"entry-title\"><a href=\"https:\/\/wettbewerb-archiv.wir-tun-was-fuer-bienen.de\/archiv-2021\/eintrag\/bienen-am-schenkelberg-2\/\">Bienen am Schenkelberg<\/a>\n    <\/h2>\n    <a href=\"https:\/\/wettbewerb-archiv.wir-tun-was-fuer-bienen.de\/archiv-2021\/eintrag\/bienen-am-schenkelberg-2\/\">\n        <div class=\"bienen-entry-image\">\n            <img decoding=\"async\" width=\"400\" height=\"300\" src=\"https:\/\/wettbewerb-archiv.wir-tun-was-fuer-bienen.de\/archiv-2021\/wp-content\/uploads\/sites\/3\/2021\/07\/IMG_20210520_120651-1-400x300.jpg\" class=\"attachment-bienen-grid-thumb size-bienen-grid-thumb wp-post-image\" alt=\"\" loading=\"lazy\" \/>                    <\/div>\n    <\/a>\n\n    <div class=\"images-grid\"><span><a href=\"https:\/\/wettbewerb-archiv.wir-tun-was-fuer-bienen.de\/archiv-2021\/eintrag\/bienen-am-schenkelberg-2\/\"><img decoding=\"async\" width=\"150\" height=\"150\" src=\"https:\/\/wettbewerb-archiv.wir-tun-was-fuer-bienen.de\/archiv-2021\/wp-content\/uploads\/sites\/3\/2021\/07\/IMG_20210429_104736-150x150.jpg\" class=\"attachment-thumbnail size-thumbnail\" alt=\"\" loading=\"lazy\" \/><\/a><\/span><span><a href=\"https:\/\/wettbewerb-archiv.wir-tun-was-fuer-bienen.de\/archiv-2021\/eintrag\/bienen-am-schenkelberg-2\/\"><img decoding=\"async\" width=\"150\" height=\"150\" src=\"https:\/\/wettbewerb-archiv.wir-tun-was-fuer-bienen.de\/archiv-2021\/wp-content\/uploads\/sites\/3\/2021\/07\/IMG_20210428_152525-2-150x150.jpg\" class=\"attachment-thumbnail size-thumbnail\" alt=\"\" loading=\"lazy\" \/><\/a><\/span><span><a href=\"https:\/\/wettbewerb-archiv.wir-tun-was-fuer-bienen.de\/archiv-2021\/eintrag\/bienen-am-schenkelberg-2\/\"><img decoding=\"async\" width=\"150\" height=\"150\" src=\"https:\/\/wettbewerb-archiv.wir-tun-was-fuer-bienen.de\/archiv-2021\/wp-content\/uploads\/sites\/3\/2021\/07\/IMG_20210428_152525-2-1-150x150.jpg\" class=\"attachment-thumbnail size-thumbnail\" alt=\"\" loading=\"lazy\" \/><\/a><\/span><span><a href=\"https:\/\/wettbewerb-archiv.wir-tun-was-fuer-bienen.de\/archiv-2021\/eintrag\/bienen-am-schenkelberg-2\/\"><img decoding=\"async\" width=\"150\" height=\"150\" src=\"https:\/\/wettbewerb-archiv.wir-tun-was-fuer-bienen.de\/archiv-2021\/wp-content\/uploads\/sites\/3\/2021\/07\/IMG_20210429_110215-2-150x150.jpg\" class=\"attachment-thumbnail size-thumbnail\" alt=\"\" loading=\"lazy\" \/><\/a><\/span><\/div>\n\n    <div class=\"user flex\">\n        \n                    <img decoding=\"async\" src=\"https:\/\/wettbewerb-archiv.wir-tun-was-fuer-bienen.de\/archiv-2021\/wp-content\/themes\/bienen\/assets\/images\/avatar-placeholder.png\" style=\"border-radius: 30px;\" height=\"30\" width=\"30\">\n            Kindertagesst\u00e4tte Schenkelberg            <\/div>\n    \n    \n            <p class=\"categories meta\" style=\"width: 100%\"><span class=\"fa fa-tag\"\n                                                             aria-hidden=\"true\"><\/span> Kita- und Kindergarteng\u00e4rten        <\/p>\n    \n            <p class=\"categories meta\" style=\"width: 100%\"><span class=\"fa fa-map-marker\"\n                                                             aria-hidden=\"true\"><\/span> Saarland        <\/p>\n    \n<\/article>\n   \n\t\t\n          <article id=\"post-57566\" class=\"et_pb_post post-57566 wtwfb_entry type-wtwfb_entry status-publish has-post-thumbnail hentry wtwfb_category-firmen-institutions-und-vereinsgaerten wtwfb_region-bayern\">\n    <h2 class=\"entry-title\"><a href=\"https:\/\/wettbewerb-archiv.wir-tun-was-fuer-bienen.de\/archiv-2021\/eintrag\/ein-standort-im-gruenen\/\">Ein Standort im Gr\u00fcnen<\/a>\n    <\/h2>\n    <a href=\"https:\/\/wettbewerb-archiv.wir-tun-was-fuer-bienen.de\/archiv-2021\/eintrag\/ein-standort-im-gruenen\/\">\n        <div class=\"bienen-entry-image\">\n            <img decoding=\"async\" width=\"400\" height=\"300\" src=\"https:\/\/wettbewerb-archiv.wir-tun-was-fuer-bienen.de\/archiv-2021\/wp-content\/uploads\/sites\/3\/2021\/07\/P7286581-400x300.jpg\" class=\"attachment-bienen-grid-thumb size-bienen-grid-thumb wp-post-image\" alt=\"\" loading=\"lazy\" \/>                    <\/div>\n    <\/a>\n\n    <div class=\"images-grid\"><span><a href=\"https:\/\/wettbewerb-archiv.wir-tun-was-fuer-bienen.de\/archiv-2021\/eintrag\/ein-standort-im-gruenen\/\"><img decoding=\"async\" width=\"150\" height=\"150\" src=\"https:\/\/wettbewerb-archiv.wir-tun-was-fuer-bienen.de\/archiv-2021\/wp-content\/uploads\/sites\/3\/2021\/07\/IMG_20200708_073419-150x150.jpg\" class=\"attachment-thumbnail size-thumbnail\" alt=\"\" loading=\"lazy\" \/><\/a><\/span><span><a href=\"https:\/\/wettbewerb-archiv.wir-tun-was-fuer-bienen.de\/archiv-2021\/eintrag\/ein-standort-im-gruenen\/\"><img decoding=\"async\" width=\"150\" height=\"150\" src=\"https:\/\/wettbewerb-archiv.wir-tun-was-fuer-bienen.de\/archiv-2021\/wp-content\/uploads\/sites\/3\/2021\/07\/IMG_20210730_123153-150x150.jpg\" class=\"attachment-thumbnail size-thumbnail\" alt=\"\" loading=\"lazy\" \/><\/a><\/span><span><a href=\"https:\/\/wettbewerb-archiv.wir-tun-was-fuer-bienen.de\/archiv-2021\/eintrag\/ein-standort-im-gruenen\/\"><img decoding=\"async\" width=\"150\" height=\"150\" src=\"https:\/\/wettbewerb-archiv.wir-tun-was-fuer-bienen.de\/archiv-2021\/wp-content\/uploads\/sites\/3\/2021\/07\/IMG_20201002_143600-150x150.jpg\" class=\"attachment-thumbnail size-thumbnail\" alt=\"\" loading=\"lazy\" \/><\/a><\/span><\/div>\n\n    <div class=\"user flex\">\n        \n                    <img decoding=\"async\" src=\"https:\/\/wettbewerb-archiv.wir-tun-was-fuer-bienen.de\/archiv-2021\/wp-content\/themes\/bienen\/assets\/images\/avatar-placeholder.png\" style=\"border-radius: 30px;\" height=\"30\" width=\"30\">\n            Herbert Frodl            <\/div>\n    \n    \n            <p class=\"categories meta\" style=\"width: 100%\"><span class=\"fa fa-tag\"\n                                                             aria-hidden=\"true\"><\/span> Firmen-, Institutions- und Vereinsg\u00e4rten        <\/p>\n    \n            <p class=\"categories meta\" style=\"width: 100%\"><span class=\"fa fa-map-marker\"\n                                                             aria-hidden=\"true\"><\/span> Bayern        <\/p>\n    \n<\/article>\n   \n\t\t\n          <article id=\"post-57492\" class=\"et_pb_post post-57492 wtwfb_entry type-wtwfb_entry status-publish has-post-thumbnail hentry wtwfb_category-bestehende-naturgaerten wtwfb_region-baden-wuerttemberg\">\n    <h2 class=\"entry-title\"><a href=\"https:\/\/wettbewerb-archiv.wir-tun-was-fuer-bienen.de\/archiv-2021\/eintrag\/unser-bienen-insektenparadies-und-wild-tierparadies\/\">Unser Bienen, Insektenparadies und Wild-Tierparadies<\/a>\n    <\/h2>\n    <a href=\"https:\/\/wettbewerb-archiv.wir-tun-was-fuer-bienen.de\/archiv-2021\/eintrag\/unser-bienen-insektenparadies-und-wild-tierparadies\/\">\n        <div class=\"bienen-entry-image\">\n            <img decoding=\"async\" width=\"400\" height=\"300\" src=\"https:\/\/wettbewerb-archiv.wir-tun-was-fuer-bienen.de\/archiv-2021\/wp-content\/uploads\/sites\/3\/2021\/07\/IMG_22771-400x300.jpg\" class=\"attachment-bienen-grid-thumb size-bienen-grid-thumb wp-post-image\" alt=\"\" loading=\"lazy\" \/>                    <\/div>\n    <\/a>\n\n    <div class=\"images-grid\"><span><a href=\"https:\/\/wettbewerb-archiv.wir-tun-was-fuer-bienen.de\/archiv-2021\/eintrag\/unser-bienen-insektenparadies-und-wild-tierparadies\/\"><img decoding=\"async\" width=\"150\" height=\"150\" src=\"https:\/\/wettbewerb-archiv.wir-tun-was-fuer-bienen.de\/archiv-2021\/wp-content\/uploads\/sites\/3\/2021\/07\/IMG_20881-150x150.jpg\" class=\"attachment-thumbnail size-thumbnail\" alt=\"\" loading=\"lazy\" \/><\/a><\/span><span><a href=\"https:\/\/wettbewerb-archiv.wir-tun-was-fuer-bienen.de\/archiv-2021\/eintrag\/unser-bienen-insektenparadies-und-wild-tierparadies\/\"><img decoding=\"async\" width=\"150\" height=\"150\" src=\"https:\/\/wettbewerb-archiv.wir-tun-was-fuer-bienen.de\/archiv-2021\/wp-content\/uploads\/sites\/3\/2021\/07\/IMG_13511-150x150.jpg\" class=\"attachment-thumbnail size-thumbnail\" alt=\"\" loading=\"lazy\" \/><\/a><\/span><span><a href=\"https:\/\/wettbewerb-archiv.wir-tun-was-fuer-bienen.de\/archiv-2021\/eintrag\/unser-bienen-insektenparadies-und-wild-tierparadies\/\"><img decoding=\"async\" width=\"150\" height=\"150\" src=\"https:\/\/wettbewerb-archiv.wir-tun-was-fuer-bienen.de\/archiv-2021\/wp-content\/uploads\/sites\/3\/2021\/07\/HBBT53371-150x150.jpg\" class=\"attachment-thumbnail size-thumbnail\" alt=\"\" loading=\"lazy\" \/><\/a><\/span><\/div>\n\n    <div class=\"user flex\">\n        \n                    <img decoding=\"async\" src=\"https:\/\/wettbewerb-archiv.wir-tun-was-fuer-bienen.de\/archiv-2021\/wp-content\/themes\/bienen\/assets\/images\/avatar-placeholder.png\" style=\"border-radius: 30px;\" height=\"30\" width=\"30\">\n            ROSAY            <\/div>\n    \n    \n            <p class=\"categories meta\" style=\"width: 100%\"><span class=\"fa fa-tag\"\n                                                             aria-hidden=\"true\"><\/span> Bestehende Naturg\u00e4rten (ohne Pflanzaktionen)        <\/p>\n    \n            <p class=\"categories meta\" style=\"width: 100%\"><span class=\"fa fa-map-marker\"\n                                                             aria-hidden=\"true\"><\/span> Baden-W\u00fcrttemberg        <\/p>\n    \n<\/article>\n   \n\t\t\n          <article id=\"post-57467\" class=\"et_pb_post post-57467 wtwfb_entry type-wtwfb_entry status-publish has-post-thumbnail hentry wtwfb_category-kita-und-kindergartengaerten wtwfb_region-nordrhein-westfalen\">\n    <h2 class=\"entry-title\"><a href=\"https:\/\/wettbewerb-archiv.wir-tun-was-fuer-bienen.de\/archiv-2021\/eintrag\/hier-entsteht-ein-naturnaher-bienen-und-kindergarten\/\">Hier entsteht ein naturnaher Bienen &#8211; und Kindergarten<\/a>\n    <\/h2>\n    <a href=\"https:\/\/wettbewerb-archiv.wir-tun-was-fuer-bienen.de\/archiv-2021\/eintrag\/hier-entsteht-ein-naturnaher-bienen-und-kindergarten\/\">\n        <div class=\"bienen-entry-image\">\n            <img decoding=\"async\" width=\"400\" height=\"300\" src=\"https:\/\/wettbewerb-archiv.wir-tun-was-fuer-bienen.de\/archiv-2021\/wp-content\/uploads\/sites\/3\/2021\/07\/Hauptbild-4-400x300.jpg\" class=\"attachment-bienen-grid-thumb size-bienen-grid-thumb wp-post-image\" alt=\"\" loading=\"lazy\" \/>                    <\/div>\n    <\/a>\n\n    <div class=\"images-grid\"><span><a href=\"https:\/\/wettbewerb-archiv.wir-tun-was-fuer-bienen.de\/archiv-2021\/eintrag\/hier-entsteht-ein-naturnaher-bienen-und-kindergarten\/\"><img decoding=\"async\" width=\"150\" height=\"150\" src=\"https:\/\/wettbewerb-archiv.wir-tun-was-fuer-bienen.de\/archiv-2021\/wp-content\/uploads\/sites\/3\/2021\/07\/Vorbeitung-150x150.jpg\" class=\"attachment-thumbnail size-thumbnail\" alt=\"\" loading=\"lazy\" \/><\/a><\/span><span><a href=\"https:\/\/wettbewerb-archiv.wir-tun-was-fuer-bienen.de\/archiv-2021\/eintrag\/hier-entsteht-ein-naturnaher-bienen-und-kindergarten\/\"><img decoding=\"async\" width=\"150\" height=\"150\" src=\"https:\/\/wettbewerb-archiv.wir-tun-was-fuer-bienen.de\/archiv-2021\/wp-content\/uploads\/sites\/3\/2021\/07\/Pflanzensprnden-2-150x150.jpg\" class=\"attachment-thumbnail size-thumbnail\" alt=\"\" loading=\"lazy\" \/><\/a><\/span><span><a href=\"https:\/\/wettbewerb-archiv.wir-tun-was-fuer-bienen.de\/archiv-2021\/eintrag\/hier-entsteht-ein-naturnaher-bienen-und-kindergarten\/\"><img decoding=\"async\" width=\"150\" height=\"150\" src=\"https:\/\/wettbewerb-archiv.wir-tun-was-fuer-bienen.de\/archiv-2021\/wp-content\/uploads\/sites\/3\/2021\/07\/Pflanzenspenden-La-Bio-150x150.jpg\" class=\"attachment-thumbnail size-thumbnail\" alt=\"\" loading=\"lazy\" \/><\/a><\/span><span><a href=\"https:\/\/wettbewerb-archiv.wir-tun-was-fuer-bienen.de\/archiv-2021\/eintrag\/hier-entsteht-ein-naturnaher-bienen-und-kindergarten\/\"><img decoding=\"async\" width=\"150\" height=\"150\" src=\"https:\/\/wettbewerb-archiv.wir-tun-was-fuer-bienen.de\/archiv-2021\/wp-content\/uploads\/sites\/3\/2021\/07\/Teamfoto-150x150.jpg\" class=\"attachment-thumbnail size-thumbnail\" alt=\"\" loading=\"lazy\" \/><\/a><\/span><\/div>\n\n    <div class=\"user flex\">\n        \n                    <img decoding=\"async\" src=\"https:\/\/wettbewerb-archiv.wir-tun-was-fuer-bienen.de\/archiv-2021\/wp-content\/themes\/bienen\/assets\/images\/avatar-placeholder.png\" style=\"border-radius: 30px;\" height=\"30\" width=\"30\">\n            Haus f\u00fcr Kinder Henneweide            <\/div>\n    \n    <p class=\"categories meta bienen-gewinner\"><span class=\"fa fa-trophy\"                                                              aria-hidden=\"true\"><\/span> Gewinner<\/p>\n            <p class=\"categories meta\" style=\"width: 100%\"><span class=\"fa fa-tag\"\n                                                             aria-hidden=\"true\"><\/span> Kita- und Kindergarteng\u00e4rten        <\/p>\n    \n            <p class=\"categories meta\" style=\"width: 100%\"><span class=\"fa fa-map-marker\"\n                                                             aria-hidden=\"true\"><\/span> Nordrhein-Westfalen        <\/p>\n    \n<\/article>\n   \n\t\t\n          <article id=\"post-57456\" class=\"et_pb_post post-57456 wtwfb_entry type-wtwfb_entry status-publish has-post-thumbnail hentry wtwfb_category-schul-und-jugendclub-gaerten wtwfb_region-baden-wuerttemberg\">\n    <h2 class=\"entry-title\"><a href=\"https:\/\/wettbewerb-archiv.wir-tun-was-fuer-bienen.de\/archiv-2021\/eintrag\/wieder-aufwecken-unseres-schulgartens-aus-dem-dornroeschenschlaf\/\">Wieder Aufwecken unseres Schulgartens aus dem Dornr\u00f6sc...<\/a>\n    <\/h2>\n    <a href=\"https:\/\/wettbewerb-archiv.wir-tun-was-fuer-bienen.de\/archiv-2021\/eintrag\/wieder-aufwecken-unseres-schulgartens-aus-dem-dornroeschenschlaf\/\">\n        <div class=\"bienen-entry-image\">\n            <img decoding=\"async\" width=\"400\" height=\"300\" src=\"https:\/\/wettbewerb-archiv.wir-tun-was-fuer-bienen.de\/archiv-2021\/wp-content\/uploads\/sites\/3\/2021\/07\/20210720_110759-400x300.jpg\" class=\"attachment-bienen-grid-thumb size-bienen-grid-thumb wp-post-image\" alt=\"\" loading=\"lazy\" \/>                    <\/div>\n    <\/a>\n\n    <div class=\"images-grid\"><span><a href=\"https:\/\/wettbewerb-archiv.wir-tun-was-fuer-bienen.de\/archiv-2021\/eintrag\/wieder-aufwecken-unseres-schulgartens-aus-dem-dornroeschenschlaf\/\"><img decoding=\"async\" width=\"150\" height=\"150\" src=\"https:\/\/wettbewerb-archiv.wir-tun-was-fuer-bienen.de\/archiv-2021\/wp-content\/uploads\/sites\/3\/2021\/07\/20210420_105232-150x150.jpg\" class=\"attachment-thumbnail size-thumbnail\" alt=\"\" loading=\"lazy\" \/><\/a><\/span><span><a href=\"https:\/\/wettbewerb-archiv.wir-tun-was-fuer-bienen.de\/archiv-2021\/eintrag\/wieder-aufwecken-unseres-schulgartens-aus-dem-dornroeschenschlaf\/\"><img decoding=\"async\" width=\"150\" height=\"150\" src=\"https:\/\/wettbewerb-archiv.wir-tun-was-fuer-bienen.de\/archiv-2021\/wp-content\/uploads\/sites\/3\/2021\/07\/20210721_112003-150x150.jpg\" class=\"attachment-thumbnail size-thumbnail\" alt=\"\" loading=\"lazy\" \/><\/a><\/span><span><a href=\"https:\/\/wettbewerb-archiv.wir-tun-was-fuer-bienen.de\/archiv-2021\/eintrag\/wieder-aufwecken-unseres-schulgartens-aus-dem-dornroeschenschlaf\/\"><img decoding=\"async\" width=\"150\" height=\"150\" src=\"https:\/\/wettbewerb-archiv.wir-tun-was-fuer-bienen.de\/archiv-2021\/wp-content\/uploads\/sites\/3\/2021\/07\/20210721_112058-1-150x150.jpg\" class=\"attachment-thumbnail size-thumbnail\" alt=\"\" loading=\"lazy\" \/><\/a><\/span><span><a href=\"https:\/\/wettbewerb-archiv.wir-tun-was-fuer-bienen.de\/archiv-2021\/eintrag\/wieder-aufwecken-unseres-schulgartens-aus-dem-dornroeschenschlaf\/\"><img decoding=\"async\" width=\"150\" height=\"150\" src=\"https:\/\/wettbewerb-archiv.wir-tun-was-fuer-bienen.de\/archiv-2021\/wp-content\/uploads\/sites\/3\/2021\/07\/20210721_112323-150x150.jpg\" class=\"attachment-thumbnail size-thumbnail\" alt=\"\" loading=\"lazy\" \/><\/a><\/span><\/div>\n\n    <div class=\"user flex\">\n        \n                    <img decoding=\"async\" src=\"https:\/\/wettbewerb-archiv.wir-tun-was-fuer-bienen.de\/archiv-2021\/wp-content\/themes\/bienen\/assets\/images\/avatar-placeholder.png\" style=\"border-radius: 30px;\" height=\"30\" width=\"30\">\n            Burgbergschule \u00dcberlingen            <\/div>\n    \n    \n            <p class=\"categories meta\" style=\"width: 100%\"><span class=\"fa fa-tag\"\n                                                             aria-hidden=\"true\"><\/span> Schul- und Jugendclub-G\u00e4rten        <\/p>\n    \n            <p class=\"categories meta\" style=\"width: 100%\"><span class=\"fa fa-map-marker\"\n                                                             aria-hidden=\"true\"><\/span> Baden-W\u00fcrttemberg        <\/p>\n    \n<\/article>\n   \n\t\t\n          <article id=\"post-57393\" class=\"et_pb_post post-57393 wtwfb_entry type-wtwfb_entry status-publish has-post-thumbnail hentry wtwfb_category-firmen-institutions-und-vereinsgaerten wtwfb_region-niedersachsen\">\n    <h2 class=\"entry-title\"><a href=\"https:\/\/wettbewerb-archiv.wir-tun-was-fuer-bienen.de\/archiv-2021\/eintrag\/ein-garten-fuer-alle\/\">Ein Garten f\u00fcr alle!<\/a>\n    <\/h2>\n    <a href=\"https:\/\/wettbewerb-archiv.wir-tun-was-fuer-bienen.de\/archiv-2021\/eintrag\/ein-garten-fuer-alle\/\">\n        <div class=\"bienen-entry-image\">\n            <img decoding=\"async\" width=\"400\" height=\"300\" src=\"https:\/\/wettbewerb-archiv.wir-tun-was-fuer-bienen.de\/archiv-2021\/wp-content\/uploads\/sites\/3\/2021\/07\/20210730_085806-400x300.jpg\" class=\"attachment-bienen-grid-thumb size-bienen-grid-thumb wp-post-image\" alt=\"\" loading=\"lazy\" \/>                    <\/div>\n    <\/a>\n\n    <div class=\"images-grid\"><span><a href=\"https:\/\/wettbewerb-archiv.wir-tun-was-fuer-bienen.de\/archiv-2021\/eintrag\/ein-garten-fuer-alle\/\"><img decoding=\"async\" width=\"150\" height=\"150\" src=\"https:\/\/wettbewerb-archiv.wir-tun-was-fuer-bienen.de\/archiv-2021\/wp-content\/uploads\/sites\/3\/2021\/07\/Bienengarten-150x150.jpg\" class=\"attachment-thumbnail size-thumbnail\" alt=\"\" loading=\"lazy\" \/><\/a><\/span><span><a href=\"https:\/\/wettbewerb-archiv.wir-tun-was-fuer-bienen.de\/archiv-2021\/eintrag\/ein-garten-fuer-alle\/\"><img decoding=\"async\" width=\"150\" height=\"150\" src=\"https:\/\/wettbewerb-archiv.wir-tun-was-fuer-bienen.de\/archiv-2021\/wp-content\/uploads\/sites\/3\/2021\/07\/IMG_0428-150x150.jpg\" class=\"attachment-thumbnail size-thumbnail\" alt=\"\" loading=\"lazy\" \/><\/a><\/span><span><a href=\"https:\/\/wettbewerb-archiv.wir-tun-was-fuer-bienen.de\/archiv-2021\/eintrag\/ein-garten-fuer-alle\/\"><img decoding=\"async\" width=\"150\" height=\"150\" src=\"https:\/\/wettbewerb-archiv.wir-tun-was-fuer-bienen.de\/archiv-2021\/wp-content\/uploads\/sites\/3\/2021\/07\/IMG_0430-1-150x150.jpg\" class=\"attachment-thumbnail size-thumbnail\" alt=\"\" loading=\"lazy\" \/><\/a><\/span><span><a href=\"https:\/\/wettbewerb-archiv.wir-tun-was-fuer-bienen.de\/archiv-2021\/eintrag\/ein-garten-fuer-alle\/\"><img decoding=\"async\" width=\"150\" height=\"150\" src=\"https:\/\/wettbewerb-archiv.wir-tun-was-fuer-bienen.de\/archiv-2021\/wp-content\/uploads\/sites\/3\/2021\/07\/Pflanztag-150x150.jpg\" class=\"attachment-thumbnail size-thumbnail\" alt=\"\" loading=\"lazy\" \/><\/a><\/span><\/div>\n\n    <div class=\"user flex\">\n        \n                    <img decoding=\"async\" src=\"https:\/\/wettbewerb-archiv.wir-tun-was-fuer-bienen.de\/archiv-2021\/wp-content\/themes\/bienen\/assets\/images\/avatar-placeholder.png\" style=\"border-radius: 30px;\" height=\"30\" width=\"30\">\n            Flei\u00dfige Bienchen            <\/div>\n    \n    \n            <p class=\"categories meta\" style=\"width: 100%\"><span class=\"fa fa-tag\"\n                                                             aria-hidden=\"true\"><\/span> Firmen-, Institutions- und Vereinsg\u00e4rten        <\/p>\n    \n            <p class=\"categories meta\" style=\"width: 100%\"><span class=\"fa fa-map-marker\"\n                                                             aria-hidden=\"true\"><\/span> Niedersachsen        <\/p>\n    \n<\/article>\n   \n\t\t\n          <article id=\"post-57347\" class=\"et_pb_post post-57347 wtwfb_entry type-wtwfb_entry status-publish has-post-thumbnail hentry wtwfb_category-bestehende-naturgaerten wtwfb_region-niedersachsen\">\n    <h2 class=\"entry-title\"><a href=\"https:\/\/wettbewerb-archiv.wir-tun-was-fuer-bienen.de\/archiv-2021\/eintrag\/wildblumenwiese-im-zweiten-standjahr\/\">Wildblumenwiese im zweiten Standjahr<\/a>\n    <\/h2>\n    <a href=\"https:\/\/wettbewerb-archiv.wir-tun-was-fuer-bienen.de\/archiv-2021\/eintrag\/wildblumenwiese-im-zweiten-standjahr\/\">\n        <div class=\"bienen-entry-image\">\n            <img decoding=\"async\" width=\"400\" height=\"300\" src=\"https:\/\/wettbewerb-archiv.wir-tun-was-fuer-bienen.de\/archiv-2021\/wp-content\/uploads\/sites\/3\/2021\/07\/Wildblumenwiese-im-zweiten-Standjahr-400x300.jpg\" class=\"attachment-bienen-grid-thumb size-bienen-grid-thumb wp-post-image\" alt=\"\" loading=\"lazy\" \/>                    <\/div>\n    <\/a>\n\n    <div class=\"images-grid\"><span><a href=\"https:\/\/wettbewerb-archiv.wir-tun-was-fuer-bienen.de\/archiv-2021\/eintrag\/wildblumenwiese-im-zweiten-standjahr\/\"><img decoding=\"async\" width=\"150\" height=\"150\" src=\"https:\/\/wettbewerb-archiv.wir-tun-was-fuer-bienen.de\/archiv-2021\/wp-content\/uploads\/sites\/3\/2021\/07\/Foto-Friedhof-u.-Regenbogenhaus-150x150.jpg\" class=\"attachment-thumbnail size-thumbnail\" alt=\"\" loading=\"lazy\" \/><\/a><\/span><span><a href=\"https:\/\/wettbewerb-archiv.wir-tun-was-fuer-bienen.de\/archiv-2021\/eintrag\/wildblumenwiese-im-zweiten-standjahr\/\"><img decoding=\"async\" width=\"150\" height=\"150\" src=\"https:\/\/wettbewerb-archiv.wir-tun-was-fuer-bienen.de\/archiv-2021\/wp-content\/uploads\/sites\/3\/2021\/07\/Blumenwiese1-150x150.jpg\" class=\"attachment-thumbnail size-thumbnail\" alt=\"\" loading=\"lazy\" \/><\/a><\/span><span><a href=\"https:\/\/wettbewerb-archiv.wir-tun-was-fuer-bienen.de\/archiv-2021\/eintrag\/wildblumenwiese-im-zweiten-standjahr\/\"><img decoding=\"async\" width=\"150\" height=\"150\" src=\"https:\/\/wettbewerb-archiv.wir-tun-was-fuer-bienen.de\/archiv-2021\/wp-content\/uploads\/sites\/3\/2021\/07\/Blumenwiese2-150x150.jpg\" class=\"attachment-thumbnail size-thumbnail\" alt=\"\" loading=\"lazy\" \/><\/a><\/span><span><a href=\"https:\/\/wettbewerb-archiv.wir-tun-was-fuer-bienen.de\/archiv-2021\/eintrag\/wildblumenwiese-im-zweiten-standjahr\/\"><img decoding=\"async\" width=\"150\" height=\"150\" src=\"https:\/\/wettbewerb-archiv.wir-tun-was-fuer-bienen.de\/archiv-2021\/wp-content\/uploads\/sites\/3\/2021\/07\/Blumenwiese3-150x150.jpg\" class=\"attachment-thumbnail size-thumbnail\" alt=\"\" loading=\"lazy\" \/><\/a><\/span><\/div>\n\n    <div class=\"user flex\">\n        \n                    <img decoding=\"async\" src=\"https:\/\/wettbewerb-archiv.wir-tun-was-fuer-bienen.de\/archiv-2021\/wp-content\/themes\/bienen\/assets\/images\/avatar-placeholder.png\" style=\"border-radius: 30px;\" height=\"30\" width=\"30\">\n            Ev. - Luth. St. Martini Friedhofsverwaltung            <\/div>\n    \n    <p class=\"categories meta bienen-gewinner\"><span class=\"fa fa-trophy\"                                                              aria-hidden=\"true\"><\/span> Gewinner<\/p>\n            <p class=\"categories meta\" style=\"width: 100%\"><span class=\"fa fa-tag\"\n                                                             aria-hidden=\"true\"><\/span> Bestehende Naturg\u00e4rten (ohne Pflanzaktionen)        <\/p>\n    \n            <p class=\"categories meta\" style=\"width: 100%\"><span class=\"fa fa-map-marker\"\n                                                             aria-hidden=\"true\"><\/span> Niedersachsen        <\/p>\n    \n<\/article>\n   \n\t\t\n          <article id=\"post-57270\" class=\"et_pb_post post-57270 wtwfb_entry type-wtwfb_entry status-publish has-post-thumbnail hentry wtwfb_category-firmen-institutions-und-vereinsgaerten wtwfb_region-bayern\">\n    <h2 class=\"entry-title\"><a href=\"https:\/\/wettbewerb-archiv.wir-tun-was-fuer-bienen.de\/archiv-2021\/eintrag\/naturgarten-ein-gewinn-fuer-mensch-und-natur\/\">Naturgarten &#8211; Ein Gewinn f\u00fcr Mitarbeiter und Natur!<\/a>\n    <\/h2>\n    <a href=\"https:\/\/wettbewerb-archiv.wir-tun-was-fuer-bienen.de\/archiv-2021\/eintrag\/naturgarten-ein-gewinn-fuer-mensch-und-natur\/\">\n        <div class=\"bienen-entry-image\">\n            <img decoding=\"async\" width=\"400\" height=\"300\" src=\"https:\/\/wettbewerb-archiv.wir-tun-was-fuer-bienen.de\/archiv-2021\/wp-content\/uploads\/sites\/3\/2021\/07\/Fertig_Gross_02-min-400x300.jpg\" class=\"attachment-bienen-grid-thumb size-bienen-grid-thumb wp-post-image\" alt=\"\" loading=\"lazy\" \/>                    <\/div>\n    <\/a>\n\n    <div class=\"images-grid\"><span><a href=\"https:\/\/wettbewerb-archiv.wir-tun-was-fuer-bienen.de\/archiv-2021\/eintrag\/naturgarten-ein-gewinn-fuer-mensch-und-natur\/\"><img decoding=\"async\" width=\"150\" height=\"150\" src=\"https:\/\/wettbewerb-archiv.wir-tun-was-fuer-bienen.de\/archiv-2021\/wp-content\/uploads\/sites\/3\/2021\/07\/DSC04506-min-150x150.jpg\" class=\"attachment-thumbnail size-thumbnail\" alt=\"\" loading=\"lazy\" \/><\/a><\/span><span><a href=\"https:\/\/wettbewerb-archiv.wir-tun-was-fuer-bienen.de\/archiv-2021\/eintrag\/naturgarten-ein-gewinn-fuer-mensch-und-natur\/\"><img decoding=\"async\" width=\"150\" height=\"150\" src=\"https:\/\/wettbewerb-archiv.wir-tun-was-fuer-bienen.de\/archiv-2021\/wp-content\/uploads\/sites\/3\/2021\/07\/DSC04251-min-150x150.jpg\" class=\"attachment-thumbnail size-thumbnail\" alt=\"\" loading=\"lazy\" \/><\/a><\/span><span><a href=\"https:\/\/wettbewerb-archiv.wir-tun-was-fuer-bienen.de\/archiv-2021\/eintrag\/naturgarten-ein-gewinn-fuer-mensch-und-natur\/\"><img decoding=\"async\" width=\"150\" height=\"150\" src=\"https:\/\/wettbewerb-archiv.wir-tun-was-fuer-bienen.de\/archiv-2021\/wp-content\/uploads\/sites\/3\/2021\/07\/DSC04181-Bearbeitet-2-min-150x150.jpg\" class=\"attachment-thumbnail size-thumbnail\" alt=\"\" loading=\"lazy\" \/><\/a><\/span><span><a href=\"https:\/\/wettbewerb-archiv.wir-tun-was-fuer-bienen.de\/archiv-2021\/eintrag\/naturgarten-ein-gewinn-fuer-mensch-und-natur\/\"><img decoding=\"async\" width=\"150\" height=\"150\" src=\"https:\/\/wettbewerb-archiv.wir-tun-was-fuer-bienen.de\/archiv-2021\/wp-content\/uploads\/sites\/3\/2021\/07\/DSC00785-min-150x150.jpg\" class=\"attachment-thumbnail size-thumbnail\" alt=\"\" loading=\"lazy\" \/><\/a><\/span><\/div>\n\n    <div class=\"user flex\">\n        \n                    <img decoding=\"async\" src=\"https:\/\/wettbewerb-archiv.wir-tun-was-fuer-bienen.de\/archiv-2021\/wp-content\/themes\/bienen\/assets\/images\/avatar-placeholder.png\" style=\"border-radius: 30px;\" height=\"30\" width=\"30\">\n            HT Group GmbH            <\/div>\n    \n    \n            <p class=\"categories meta\" style=\"width: 100%\"><span class=\"fa fa-tag\"\n                                                             aria-hidden=\"true\"><\/span> Firmen-, Institutions- und Vereinsg\u00e4rten        <\/p>\n    \n            <p class=\"categories meta\" style=\"width: 100%\"><span class=\"fa fa-map-marker\"\n                                                             aria-hidden=\"true\"><\/span> Bayern        <\/p>\n    \n<\/article>\n   \n\t\t\n          <article id=\"post-57251\" class=\"et_pb_post post-57251 wtwfb_entry type-wtwfb_entry status-publish has-post-thumbnail hentry wtwfb_category-kita-und-kindergartengaerten wtwfb_region-thueringen\">\n    <h2 class=\"entry-title\"><a href=\"https:\/\/wettbewerb-archiv.wir-tun-was-fuer-bienen.de\/archiv-2021\/eintrag\/entdeckergarten\/\">Entdeckergarten<\/a>\n    <\/h2>\n    <a href=\"https:\/\/wettbewerb-archiv.wir-tun-was-fuer-bienen.de\/archiv-2021\/eintrag\/entdeckergarten\/\">\n        <div class=\"bienen-entry-image\">\n            <img decoding=\"async\" width=\"400\" height=\"300\" src=\"https:\/\/wettbewerb-archiv.wir-tun-was-fuer-bienen.de\/archiv-2021\/wp-content\/uploads\/sites\/3\/2021\/07\/EG9-400x300.jpg\" class=\"attachment-bienen-grid-thumb size-bienen-grid-thumb wp-post-image\" alt=\"\" loading=\"lazy\" \/>                    <\/div>\n    <\/a>\n\n    <div class=\"images-grid\"><span><a href=\"https:\/\/wettbewerb-archiv.wir-tun-was-fuer-bienen.de\/archiv-2021\/eintrag\/entdeckergarten\/\"><img decoding=\"async\" width=\"150\" height=\"150\" src=\"https:\/\/wettbewerb-archiv.wir-tun-was-fuer-bienen.de\/archiv-2021\/wp-content\/uploads\/sites\/3\/2021\/07\/EG-Blumen-anzuechten-150x150.jpg\" class=\"attachment-thumbnail size-thumbnail\" alt=\"\" loading=\"lazy\" \/><\/a><\/span><span><a href=\"https:\/\/wettbewerb-archiv.wir-tun-was-fuer-bienen.de\/archiv-2021\/eintrag\/entdeckergarten\/\"><img decoding=\"async\" width=\"150\" height=\"150\" src=\"https:\/\/wettbewerb-archiv.wir-tun-was-fuer-bienen.de\/archiv-2021\/wp-content\/uploads\/sites\/3\/2021\/07\/EG-Paletten-150x150.jpg\" class=\"attachment-thumbnail size-thumbnail\" alt=\"\" loading=\"lazy\" \/><\/a><\/span><span><a href=\"https:\/\/wettbewerb-archiv.wir-tun-was-fuer-bienen.de\/archiv-2021\/eintrag\/entdeckergarten\/\"><img decoding=\"async\" width=\"150\" height=\"150\" src=\"https:\/\/wettbewerb-archiv.wir-tun-was-fuer-bienen.de\/archiv-2021\/wp-content\/uploads\/sites\/3\/2021\/07\/EG-Blumenkisten-150x150.jpg\" class=\"attachment-thumbnail size-thumbnail\" alt=\"\" loading=\"lazy\" \/><\/a><\/span><span><a href=\"https:\/\/wettbewerb-archiv.wir-tun-was-fuer-bienen.de\/archiv-2021\/eintrag\/entdeckergarten\/\"><img decoding=\"async\" width=\"150\" height=\"150\" src=\"https:\/\/wettbewerb-archiv.wir-tun-was-fuer-bienen.de\/archiv-2021\/wp-content\/uploads\/sites\/3\/2021\/07\/EG-Blumeninsel-150x150.jpg\" class=\"attachment-thumbnail size-thumbnail\" alt=\"\" loading=\"lazy\" \/><\/a><\/span><\/div>\n\n    <div class=\"user flex\">\n        \n                    <img decoding=\"async\" src=\"https:\/\/wettbewerb-archiv.wir-tun-was-fuer-bienen.de\/archiv-2021\/wp-content\/themes\/bienen\/assets\/images\/avatar-placeholder.png\" style=\"border-radius: 30px;\" height=\"30\" width=\"30\">\n            Beanke Juch            <\/div>\n    \n    \n            <p class=\"categories meta\" style=\"width: 100%\"><span class=\"fa fa-tag\"\n                                                             aria-hidden=\"true\"><\/span> Kita- und Kindergarteng\u00e4rten        <\/p>\n    \n            <p class=\"categories meta\" style=\"width: 100%\"><span class=\"fa fa-map-marker\"\n                                                             aria-hidden=\"true\"><\/span> Th\u00fcringen        <\/p>\n    \n<\/article>\n   \n\t\t\n          <article id=\"post-57209\" class=\"et_pb_post post-57209 wtwfb_entry type-wtwfb_entry status-publish has-post-thumbnail hentry wtwfb_category-firmen-institutions-und-vereinsgaerten wtwfb_region-baden-wuerttemberg\">\n    <h2 class=\"entry-title\"><a href=\"https:\/\/wettbewerb-archiv.wir-tun-was-fuer-bienen.de\/archiv-2021\/eintrag\/bepflanzung-und-umgestaltung-des-therapiegarten-am-zentralinstitut-fuer-seelische-gesundheit-in-mannheim\/\">Ein bienenfreundlicher Therapiegarten mitten in der Sta...<\/a>\n    <\/h2>\n    <a href=\"https:\/\/wettbewerb-archiv.wir-tun-was-fuer-bienen.de\/archiv-2021\/eintrag\/bepflanzung-und-umgestaltung-des-therapiegarten-am-zentralinstitut-fuer-seelische-gesundheit-in-mannheim\/\">\n        <div class=\"bienen-entry-image\">\n            <img decoding=\"async\" width=\"400\" height=\"300\" src=\"https:\/\/wettbewerb-archiv.wir-tun-was-fuer-bienen.de\/archiv-2021\/wp-content\/uploads\/sites\/3\/2021\/07\/Bienen_5-400x300.jpg\" class=\"attachment-bienen-grid-thumb size-bienen-grid-thumb wp-post-image\" alt=\"\" loading=\"lazy\" \/>                    <\/div>\n    <\/a>\n\n    <div class=\"images-grid\"><span><a href=\"https:\/\/wettbewerb-archiv.wir-tun-was-fuer-bienen.de\/archiv-2021\/eintrag\/bepflanzung-und-umgestaltung-des-therapiegarten-am-zentralinstitut-fuer-seelische-gesundheit-in-mannheim\/\"><img decoding=\"async\" width=\"150\" height=\"150\" src=\"https:\/\/wettbewerb-archiv.wir-tun-was-fuer-bienen.de\/archiv-2021\/wp-content\/uploads\/sites\/3\/2021\/07\/Bepflanzung-Hochbeet-150x150.jpg\" class=\"attachment-thumbnail size-thumbnail\" alt=\"\" loading=\"lazy\" \/><\/a><\/span><span><a href=\"https:\/\/wettbewerb-archiv.wir-tun-was-fuer-bienen.de\/archiv-2021\/eintrag\/bepflanzung-und-umgestaltung-des-therapiegarten-am-zentralinstitut-fuer-seelische-gesundheit-in-mannheim\/\"><img decoding=\"async\" width=\"150\" height=\"150\" src=\"https:\/\/wettbewerb-archiv.wir-tun-was-fuer-bienen.de\/archiv-2021\/wp-content\/uploads\/sites\/3\/2021\/07\/Bepflanzung-Kuebel-150x150.jpg\" class=\"attachment-thumbnail size-thumbnail\" alt=\"\" loading=\"lazy\" \/><\/a><\/span><span><a href=\"https:\/\/wettbewerb-archiv.wir-tun-was-fuer-bienen.de\/archiv-2021\/eintrag\/bepflanzung-und-umgestaltung-des-therapiegarten-am-zentralinstitut-fuer-seelische-gesundheit-in-mannheim\/\"><img decoding=\"async\" width=\"150\" height=\"150\" src=\"https:\/\/wettbewerb-archiv.wir-tun-was-fuer-bienen.de\/archiv-2021\/wp-content\/uploads\/sites\/3\/2021\/07\/Garten-Plastikabfall-150x150.jpg\" class=\"attachment-thumbnail size-thumbnail\" alt=\"\" loading=\"lazy\" \/><\/a><\/span><span><a href=\"https:\/\/wettbewerb-archiv.wir-tun-was-fuer-bienen.de\/archiv-2021\/eintrag\/bepflanzung-und-umgestaltung-des-therapiegarten-am-zentralinstitut-fuer-seelische-gesundheit-in-mannheim\/\"><img decoding=\"async\" width=\"150\" height=\"150\" src=\"https:\/\/wettbewerb-archiv.wir-tun-was-fuer-bienen.de\/archiv-2021\/wp-content\/uploads\/sites\/3\/2021\/07\/Buesche-schneiden-150x150.jpg\" class=\"attachment-thumbnail size-thumbnail\" alt=\"\" loading=\"lazy\" \/><\/a><\/span><\/div>\n\n    <div class=\"user flex\">\n        \n                    <img decoding=\"async\" src=\"https:\/\/wettbewerb-archiv.wir-tun-was-fuer-bienen.de\/archiv-2021\/wp-content\/themes\/bienen\/assets\/images\/avatar-placeholder.png\" style=\"border-radius: 30px;\" height=\"30\" width=\"30\">\n            ZI Mannheim            <\/div>\n    \n    \n            <p class=\"categories meta\" style=\"width: 100%\"><span class=\"fa fa-tag\"\n                                                             aria-hidden=\"true\"><\/span> Firmen-, Institutions- und Vereinsg\u00e4rten        <\/p>\n    \n            <p class=\"categories meta\" style=\"width: 100%\"><span class=\"fa fa-map-marker\"\n                                                             aria-hidden=\"true\"><\/span> Baden-W\u00fcrttemberg        <\/p>\n    \n<\/article>\n   \n\t\t\n          <article id=\"post-57170\" class=\"et_pb_post post-57170 wtwfb_entry type-wtwfb_entry status-publish has-post-thumbnail hentry wtwfb_category-firmen-institutions-und-vereinsgaerten wtwfb_region-nordrhein-westfalen\">\n    <h2 class=\"entry-title\"><a href=\"https:\/\/wettbewerb-archiv.wir-tun-was-fuer-bienen.de\/archiv-2021\/eintrag\/fink-tec-gmbh-bienenfreundliche-bluehwiese-auf-dem-erdwall\/\">FINK TEC GmbH \u2013 bienenfreundliche Bl\u00fchwiese auf dem ...<\/a>\n    <\/h2>\n    <a href=\"https:\/\/wettbewerb-archiv.wir-tun-was-fuer-bienen.de\/archiv-2021\/eintrag\/fink-tec-gmbh-bienenfreundliche-bluehwiese-auf-dem-erdwall\/\">\n        <div class=\"bienen-entry-image\">\n            <img decoding=\"async\" width=\"400\" height=\"300\" src=\"https:\/\/wettbewerb-archiv.wir-tun-was-fuer-bienen.de\/archiv-2021\/wp-content\/uploads\/sites\/3\/2021\/07\/IMG_20210723_090959_resized_20210723_091906488-400x300.jpg\" class=\"attachment-bienen-grid-thumb size-bienen-grid-thumb wp-post-image\" alt=\"\" loading=\"lazy\" \/>                    <\/div>\n    <\/a>\n\n    <div class=\"images-grid\"><span><a href=\"https:\/\/wettbewerb-archiv.wir-tun-was-fuer-bienen.de\/archiv-2021\/eintrag\/fink-tec-gmbh-bienenfreundliche-bluehwiese-auf-dem-erdwall\/\"><img decoding=\"async\" width=\"150\" height=\"150\" src=\"https:\/\/wettbewerb-archiv.wir-tun-was-fuer-bienen.de\/archiv-2021\/wp-content\/uploads\/sites\/3\/2021\/07\/IMG_20210503_085445_resized_20210503_090023731-150x150.jpg\" class=\"attachment-thumbnail size-thumbnail\" alt=\"\" loading=\"lazy\" \/><\/a><\/span><span><a href=\"https:\/\/wettbewerb-archiv.wir-tun-was-fuer-bienen.de\/archiv-2021\/eintrag\/fink-tec-gmbh-bienenfreundliche-bluehwiese-auf-dem-erdwall\/\"><img decoding=\"async\" width=\"150\" height=\"150\" src=\"https:\/\/wettbewerb-archiv.wir-tun-was-fuer-bienen.de\/archiv-2021\/wp-content\/uploads\/sites\/3\/2021\/07\/IMG_20210503_085924_resized_20210503_090024183-150x150.jpg\" class=\"attachment-thumbnail size-thumbnail\" alt=\"\" loading=\"lazy\" \/><\/a><\/span><span><a href=\"https:\/\/wettbewerb-archiv.wir-tun-was-fuer-bienen.de\/archiv-2021\/eintrag\/fink-tec-gmbh-bienenfreundliche-bluehwiese-auf-dem-erdwall\/\"><img decoding=\"async\" width=\"150\" height=\"150\" src=\"https:\/\/wettbewerb-archiv.wir-tun-was-fuer-bienen.de\/archiv-2021\/wp-content\/uploads\/sites\/3\/2021\/07\/Bericht-Westfaelischer-Anzeiger-150x150.jpg\" class=\"attachment-thumbnail size-thumbnail\" alt=\"\" loading=\"lazy\" \/><\/a><\/span><\/div>\n\n    <div class=\"user flex\">\n        \n                    <img decoding=\"async\" src=\"https:\/\/wettbewerb-archiv.wir-tun-was-fuer-bienen.de\/archiv-2021\/wp-content\/themes\/bienen\/assets\/images\/avatar-placeholder.png\" style=\"border-radius: 30px;\" height=\"30\" width=\"30\">\n            FINK TEC GmbH            <\/div>\n    \n    \n            <p class=\"categories meta\" style=\"width: 100%\"><span class=\"fa fa-tag\"\n                                                             aria-hidden=\"true\"><\/span> Firmen-, Institutions- und Vereinsg\u00e4rten        <\/p>\n    \n            <p class=\"categories meta\" style=\"width: 100%\"><span class=\"fa fa-map-marker\"\n                                                             aria-hidden=\"true\"><\/span> Nordrhein-Westfalen        <\/p>\n    \n<\/article>\n   \n\t\t\n          <article id=\"post-57159\" class=\"et_pb_post post-57159 wtwfb_entry type-wtwfb_entry status-publish has-post-thumbnail hentry wtwfb_category-privatgaerten-und-gaerten-von-mietwohnungen-groesser-500-quadratmeter wtwfb_region-baden-wuerttemberg\">\n    <h2 class=\"entry-title\"><a href=\"https:\/\/wettbewerb-archiv.wir-tun-was-fuer-bienen.de\/archiv-2021\/eintrag\/willkommen-liebe-bienen\/\">Willkommen liebe Bienen<\/a>\n    <\/h2>\n    <a href=\"https:\/\/wettbewerb-archiv.wir-tun-was-fuer-bienen.de\/archiv-2021\/eintrag\/willkommen-liebe-bienen\/\">\n        <div class=\"bienen-entry-image\">\n            <img decoding=\"async\" width=\"400\" height=\"300\" src=\"https:\/\/wettbewerb-archiv.wir-tun-was-fuer-bienen.de\/archiv-2021\/wp-content\/uploads\/sites\/3\/2021\/07\/P1150204-400x300.jpg\" class=\"attachment-bienen-grid-thumb size-bienen-grid-thumb wp-post-image\" alt=\"\" loading=\"lazy\" \/>                    <\/div>\n    <\/a>\n\n    <div class=\"images-grid\"><span><a href=\"https:\/\/wettbewerb-archiv.wir-tun-was-fuer-bienen.de\/archiv-2021\/eintrag\/willkommen-liebe-bienen\/\"><img decoding=\"async\" width=\"150\" height=\"150\" src=\"https:\/\/wettbewerb-archiv.wir-tun-was-fuer-bienen.de\/archiv-2021\/wp-content\/uploads\/sites\/3\/2021\/07\/IMG_20210623_164844-150x150.jpg\" class=\"attachment-thumbnail size-thumbnail\" alt=\"\" loading=\"lazy\" \/><\/a><\/span><span><a href=\"https:\/\/wettbewerb-archiv.wir-tun-was-fuer-bienen.de\/archiv-2021\/eintrag\/willkommen-liebe-bienen\/\"><img decoding=\"async\" width=\"150\" height=\"150\" src=\"https:\/\/wettbewerb-archiv.wir-tun-was-fuer-bienen.de\/archiv-2021\/wp-content\/uploads\/sites\/3\/2021\/07\/P1150108-150x150.jpg\" class=\"attachment-thumbnail size-thumbnail\" alt=\"\" loading=\"lazy\" \/><\/a><\/span><span><a href=\"https:\/\/wettbewerb-archiv.wir-tun-was-fuer-bienen.de\/archiv-2021\/eintrag\/willkommen-liebe-bienen\/\"><img decoding=\"async\" width=\"150\" height=\"150\" src=\"https:\/\/wettbewerb-archiv.wir-tun-was-fuer-bienen.de\/archiv-2021\/wp-content\/uploads\/sites\/3\/2021\/07\/P1150106-150x150.jpg\" class=\"attachment-thumbnail size-thumbnail\" alt=\"\" loading=\"lazy\" \/><\/a><\/span><span><a href=\"https:\/\/wettbewerb-archiv.wir-tun-was-fuer-bienen.de\/archiv-2021\/eintrag\/willkommen-liebe-bienen\/\"><img decoding=\"async\" width=\"150\" height=\"150\" src=\"https:\/\/wettbewerb-archiv.wir-tun-was-fuer-bienen.de\/archiv-2021\/wp-content\/uploads\/sites\/3\/2021\/07\/IMG_20210404_153451-150x150.jpg\" class=\"attachment-thumbnail size-thumbnail\" alt=\"\" loading=\"lazy\" \/><\/a><\/span><\/div>\n\n    <div class=\"user flex\">\n        \n                    <img decoding=\"async\" src=\"https:\/\/wettbewerb-archiv.wir-tun-was-fuer-bienen.de\/archiv-2021\/wp-content\/themes\/bienen\/assets\/images\/avatar-placeholder.png\" style=\"border-radius: 30px;\" height=\"30\" width=\"30\">\n            Johannes Jung            <\/div>\n    \n    \n            <p class=\"categories meta\" style=\"width: 100%\"><span class=\"fa fa-tag\"\n                                                             aria-hidden=\"true\"><\/span> Privatg\u00e4rten und G\u00e4rten von Mietwohnungen (gr\u00f6\u00dfer als 500 Quadratmeter)        <\/p>\n    \n            <p class=\"categories meta\" style=\"width: 100%\"><span class=\"fa fa-map-marker\"\n                                                             aria-hidden=\"true\"><\/span> Baden-W\u00fcrttemberg        <\/p>\n    \n<\/article>\n   \n\t\t\n          <article id=\"post-57011\" class=\"et_pb_post post-57011 wtwfb_entry type-wtwfb_entry status-publish has-post-thumbnail hentry wtwfb_category-kita-und-kindergartengaerten wtwfb_region-rheinland-pfalz\">\n    <h2 class=\"entry-title\"><a href=\"https:\/\/wettbewerb-archiv.wir-tun-was-fuer-bienen.de\/archiv-2021\/eintrag\/sag-ja-zur-biene\/\">Sag JA! zur Biene!<\/a>\n    <\/h2>\n    <a href=\"https:\/\/wettbewerb-archiv.wir-tun-was-fuer-bienen.de\/archiv-2021\/eintrag\/sag-ja-zur-biene\/\">\n        <div class=\"bienen-entry-image\">\n            <img decoding=\"async\" width=\"400\" height=\"300\" src=\"https:\/\/wettbewerb-archiv.wir-tun-was-fuer-bienen.de\/archiv-2021\/wp-content\/uploads\/sites\/3\/2021\/07\/IMG_3132-1-400x300.jpg\" class=\"attachment-bienen-grid-thumb size-bienen-grid-thumb wp-post-image\" alt=\"\" loading=\"lazy\" \/>                    <\/div>\n    <\/a>\n\n    <div class=\"images-grid\"><span><a href=\"https:\/\/wettbewerb-archiv.wir-tun-was-fuer-bienen.de\/archiv-2021\/eintrag\/sag-ja-zur-biene\/\"><img decoding=\"async\" width=\"150\" height=\"150\" src=\"https:\/\/wettbewerb-archiv.wir-tun-was-fuer-bienen.de\/archiv-2021\/wp-content\/uploads\/sites\/3\/2021\/07\/Kuechenkraeuter-150x150.jpg\" class=\"attachment-thumbnail size-thumbnail\" alt=\"\" loading=\"lazy\" \/><\/a><\/span><span><a href=\"https:\/\/wettbewerb-archiv.wir-tun-was-fuer-bienen.de\/archiv-2021\/eintrag\/sag-ja-zur-biene\/\"><img decoding=\"async\" width=\"150\" height=\"150\" src=\"https:\/\/wettbewerb-archiv.wir-tun-was-fuer-bienen.de\/archiv-2021\/wp-content\/uploads\/sites\/3\/2021\/07\/Ringelblumen-150x150.jpg\" class=\"attachment-thumbnail size-thumbnail\" alt=\"\" loading=\"lazy\" \/><\/a><\/span><span><a href=\"https:\/\/wettbewerb-archiv.wir-tun-was-fuer-bienen.de\/archiv-2021\/eintrag\/sag-ja-zur-biene\/\"><img decoding=\"async\" width=\"150\" height=\"150\" src=\"https:\/\/wettbewerb-archiv.wir-tun-was-fuer-bienen.de\/archiv-2021\/wp-content\/uploads\/sites\/3\/2021\/07\/Sonnenblumen-1-150x150.jpg\" class=\"attachment-thumbnail size-thumbnail\" alt=\"\" loading=\"lazy\" \/><\/a><\/span><span><a href=\"https:\/\/wettbewerb-archiv.wir-tun-was-fuer-bienen.de\/archiv-2021\/eintrag\/sag-ja-zur-biene\/\"><img decoding=\"async\" width=\"150\" height=\"150\" src=\"https:\/\/wettbewerb-archiv.wir-tun-was-fuer-bienen.de\/archiv-2021\/wp-content\/uploads\/sites\/3\/2021\/07\/Loewenzahnsammeln-150x150.jpg\" class=\"attachment-thumbnail size-thumbnail\" alt=\"\" loading=\"lazy\" \/><\/a><\/span><\/div>\n\n    <div class=\"user flex\">\n        \n                    <img decoding=\"async\" src=\"https:\/\/wettbewerb-archiv.wir-tun-was-fuer-bienen.de\/archiv-2021\/wp-content\/themes\/bienen\/assets\/images\/avatar-placeholder.png\" style=\"border-radius: 30px;\" height=\"30\" width=\"30\">\n            Kita Villa Kunterbunt Kirchheimbolanden            <\/div>\n    \n    <p class=\"categories meta bienen-gewinner\"><span class=\"fa fa-trophy\"                                                              aria-hidden=\"true\"><\/span> Gewinner<\/p>\n            <p class=\"categories meta\" style=\"width: 100%\"><span class=\"fa fa-tag\"\n                                                             aria-hidden=\"true\"><\/span> Kita- und Kindergarteng\u00e4rten        <\/p>\n    \n            <p class=\"categories meta\" style=\"width: 100%\"><span class=\"fa fa-map-marker\"\n                                                             aria-hidden=\"true\"><\/span> Rheinland-Pfalz        <\/p>\n    \n<\/article>\n   \n\t\t\n          <article id=\"post-56929\" class=\"et_pb_post post-56929 wtwfb_entry type-wtwfb_entry status-publish has-post-thumbnail hentry wtwfb_category-privatgaerten-und-gaerten-von-mietwohnungen-groesser-500-quadratmeter wtwfb_region-baden-wuerttemberg\">\n    <h2 class=\"entry-title\"><a href=\"https:\/\/wettbewerb-archiv.wir-tun-was-fuer-bienen.de\/archiv-2021\/eintrag\/meine-insektenwiese\/\">Wo die wilden Bienen wohnen<\/a>\n    <\/h2>\n    <a href=\"https:\/\/wettbewerb-archiv.wir-tun-was-fuer-bienen.de\/archiv-2021\/eintrag\/meine-insektenwiese\/\">\n        <div class=\"bienen-entry-image\">\n            <img decoding=\"async\" width=\"400\" height=\"300\" src=\"https:\/\/wettbewerb-archiv.wir-tun-was-fuer-bienen.de\/archiv-2021\/wp-content\/uploads\/sites\/3\/2021\/07\/IMG_20210525_190230-400x300.jpg\" class=\"attachment-bienen-grid-thumb size-bienen-grid-thumb wp-post-image\" alt=\"\" loading=\"lazy\" \/>                    <\/div>\n    <\/a>\n\n    <div class=\"images-grid\"><span><a href=\"https:\/\/wettbewerb-archiv.wir-tun-was-fuer-bienen.de\/archiv-2021\/eintrag\/meine-insektenwiese\/\"><img decoding=\"async\" width=\"150\" height=\"150\" src=\"https:\/\/wettbewerb-archiv.wir-tun-was-fuer-bienen.de\/archiv-2021\/wp-content\/uploads\/sites\/3\/2021\/07\/IMG_20210410_150932-150x150.jpg\" class=\"attachment-thumbnail size-thumbnail\" alt=\"\" loading=\"lazy\" \/><\/a><\/span><span><a href=\"https:\/\/wettbewerb-archiv.wir-tun-was-fuer-bienen.de\/archiv-2021\/eintrag\/meine-insektenwiese\/\"><img decoding=\"async\" width=\"150\" height=\"150\" src=\"https:\/\/wettbewerb-archiv.wir-tun-was-fuer-bienen.de\/archiv-2021\/wp-content\/uploads\/sites\/3\/2021\/07\/IMG_20210416_154707-150x150.jpg\" class=\"attachment-thumbnail size-thumbnail\" alt=\"\" loading=\"lazy\" \/><\/a><\/span><span><a href=\"https:\/\/wettbewerb-archiv.wir-tun-was-fuer-bienen.de\/archiv-2021\/eintrag\/meine-insektenwiese\/\"><img decoding=\"async\" width=\"150\" height=\"150\" src=\"https:\/\/wettbewerb-archiv.wir-tun-was-fuer-bienen.de\/archiv-2021\/wp-content\/uploads\/sites\/3\/2021\/07\/IMG_20210523_085139-150x150.jpg\" class=\"attachment-thumbnail size-thumbnail\" alt=\"\" loading=\"lazy\" \/><\/a><\/span><span><a href=\"https:\/\/wettbewerb-archiv.wir-tun-was-fuer-bienen.de\/archiv-2021\/eintrag\/meine-insektenwiese\/\"><img decoding=\"async\" width=\"150\" height=\"150\" src=\"https:\/\/wettbewerb-archiv.wir-tun-was-fuer-bienen.de\/archiv-2021\/wp-content\/uploads\/sites\/3\/2021\/07\/IMG_20210713_172524-k-150x150.jpg\" class=\"attachment-thumbnail size-thumbnail\" alt=\"\" loading=\"lazy\" \/><\/a><\/span><\/div>\n\n    <div class=\"user flex\">\n        \n                    <img decoding=\"async\" src=\"https:\/\/wettbewerb-archiv.wir-tun-was-fuer-bienen.de\/archiv-2021\/wp-content\/themes\/bienen\/assets\/images\/avatar-placeholder.png\" style=\"border-radius: 30px;\" height=\"30\" width=\"30\">\n            Kat            <\/div>\n    \n    \n            <p class=\"categories meta\" style=\"width: 100%\"><span class=\"fa fa-tag\"\n                                                             aria-hidden=\"true\"><\/span> Privatg\u00e4rten und G\u00e4rten von Mietwohnungen (gr\u00f6\u00dfer als 500 Quadratmeter)        <\/p>\n    \n            <p class=\"categories meta\" style=\"width: 100%\"><span class=\"fa fa-map-marker\"\n                                                             aria-hidden=\"true\"><\/span> Baden-W\u00fcrttemberg        <\/p>\n    \n<\/article>\n   \n\t\t\n          <article id=\"post-56897\" class=\"et_pb_post post-56897 wtwfb_entry type-wtwfb_entry status-publish has-post-thumbnail hentry wtwfb_category-privatgaerten-und-gaerten-von-mietwohnungen-kleiner-500-quadratmeter wtwfb_region-nordrhein-westfalen\">\n    <h2 class=\"entry-title\"><a href=\"https:\/\/wettbewerb-archiv.wir-tun-was-fuer-bienen.de\/archiv-2021\/eintrag\/bienenblumenwiesen-am-studierenden2ohnheim-in-koeln-ein-wg-projekt\/\">Bienenblumenwiesen am Studierendenwohnheim in K\u00f6ln &#8...<\/a>\n    <\/h2>\n    <a href=\"https:\/\/wettbewerb-archiv.wir-tun-was-fuer-bienen.de\/archiv-2021\/eintrag\/bienenblumenwiesen-am-studierenden2ohnheim-in-koeln-ein-wg-projekt\/\">\n        <div class=\"bienen-entry-image\">\n            <img decoding=\"async\" width=\"400\" height=\"300\" src=\"https:\/\/wettbewerb-archiv.wir-tun-was-fuer-bienen.de\/archiv-2021\/wp-content\/uploads\/sites\/3\/2021\/07\/WhatsApp-Image-2021-07-29-at-22.41.27-1-400x300.jpeg\" class=\"attachment-bienen-grid-thumb size-bienen-grid-thumb wp-post-image\" alt=\"\" loading=\"lazy\" \/>                    <\/div>\n    <\/a>\n\n    <div class=\"images-grid\"><span><a href=\"https:\/\/wettbewerb-archiv.wir-tun-was-fuer-bienen.de\/archiv-2021\/eintrag\/bienenblumenwiesen-am-studierenden2ohnheim-in-koeln-ein-wg-projekt\/\"><img decoding=\"async\" width=\"150\" height=\"150\" src=\"https:\/\/wettbewerb-archiv.wir-tun-was-fuer-bienen.de\/archiv-2021\/wp-content\/uploads\/sites\/3\/2021\/07\/WhatsApp-Image-2021-07-29-at-22.45.56-150x150.jpeg\" class=\"attachment-thumbnail size-thumbnail\" alt=\"\" loading=\"lazy\" \/><\/a><\/span><span><a href=\"https:\/\/wettbewerb-archiv.wir-tun-was-fuer-bienen.de\/archiv-2021\/eintrag\/bienenblumenwiesen-am-studierenden2ohnheim-in-koeln-ein-wg-projekt\/\"><img decoding=\"async\" width=\"150\" height=\"150\" src=\"https:\/\/wettbewerb-archiv.wir-tun-was-fuer-bienen.de\/archiv-2021\/wp-content\/uploads\/sites\/3\/2021\/07\/WhatsApp-Image-2021-07-29-at-22.46.12-150x150.jpeg\" class=\"attachment-thumbnail size-thumbnail\" alt=\"\" loading=\"lazy\" \/><\/a><\/span><span><a href=\"https:\/\/wettbewerb-archiv.wir-tun-was-fuer-bienen.de\/archiv-2021\/eintrag\/bienenblumenwiesen-am-studierenden2ohnheim-in-koeln-ein-wg-projekt\/\"><img decoding=\"async\" width=\"150\" height=\"150\" src=\"https:\/\/wettbewerb-archiv.wir-tun-was-fuer-bienen.de\/archiv-2021\/wp-content\/uploads\/sites\/3\/2021\/07\/WhatsApp-Image-2021-07-29-at-22.41.20-150x150.jpeg\" class=\"attachment-thumbnail size-thumbnail\" alt=\"\" loading=\"lazy\" \/><\/a><\/span><span><a href=\"https:\/\/wettbewerb-archiv.wir-tun-was-fuer-bienen.de\/archiv-2021\/eintrag\/bienenblumenwiesen-am-studierenden2ohnheim-in-koeln-ein-wg-projekt\/\"><img decoding=\"async\" width=\"150\" height=\"150\" src=\"https:\/\/wettbewerb-archiv.wir-tun-was-fuer-bienen.de\/archiv-2021\/wp-content\/uploads\/sites\/3\/2021\/07\/WhatsApp-Image-2021-07-29-at-22.41.10-150x150.jpeg\" class=\"attachment-thumbnail size-thumbnail\" alt=\"\" loading=\"lazy\" \/><\/a><\/span><\/div>\n\n    <div class=\"user flex\">\n        \n                    <img decoding=\"async\" src=\"https:\/\/wettbewerb-archiv.wir-tun-was-fuer-bienen.de\/archiv-2021\/wp-content\/themes\/bienen\/assets\/images\/avatar-placeholder.png\" style=\"border-radius: 30px;\" height=\"30\" width=\"30\">\n            Pauline Kowalski            <\/div>\n    \n    <p class=\"categories meta bienen-gewinner\"><span class=\"fa fa-trophy\"                                                              aria-hidden=\"true\"><\/span> Gewinner<\/p>\n            <p class=\"categories meta\" style=\"width: 100%\"><span class=\"fa fa-tag\"\n                                                             aria-hidden=\"true\"><\/span> Privatg\u00e4rten und G\u00e4rten von Mietwohnungen (kleiner als 500 Quadratmeter)        <\/p>\n    \n            <p class=\"categories meta\" style=\"width: 100%\"><span class=\"fa fa-map-marker\"\n                                                             aria-hidden=\"true\"><\/span> Nordrhein-Westfalen        <\/p>\n    \n<\/article>\n   \n\t\t\n          <article id=\"post-56892\" class=\"et_pb_post post-56892 wtwfb_entry type-wtwfb_entry status-publish has-post-thumbnail hentry wtwfb_category-privatgaerten-und-gaerten-von-mietwohnungen-kleiner-500-quadratmeter wtwfb_region-nordrhein-westfalen\">\n    <h2 class=\"entry-title\"><a href=\"https:\/\/wettbewerb-archiv.wir-tun-was-fuer-bienen.de\/archiv-2021\/eintrag\/kleines-bienenparadies\/\">Kleines Bienenparadies<\/a>\n    <\/h2>\n    <a href=\"https:\/\/wettbewerb-archiv.wir-tun-was-fuer-bienen.de\/archiv-2021\/eintrag\/kleines-bienenparadies\/\">\n        <div class=\"bienen-entry-image\">\n            <img decoding=\"async\" width=\"400\" height=\"300\" src=\"https:\/\/wettbewerb-archiv.wir-tun-was-fuer-bienen.de\/archiv-2021\/wp-content\/uploads\/sites\/3\/2021\/07\/Mohn-400x300.jpg\" class=\"attachment-bienen-grid-thumb size-bienen-grid-thumb wp-post-image\" alt=\"\" loading=\"lazy\" \/>                    <\/div>\n    <\/a>\n\n    <div class=\"images-grid\"><\/div>\n\n    <div class=\"user flex\">\n        \n                    <img decoding=\"async\" src=\"https:\/\/wettbewerb-archiv.wir-tun-was-fuer-bienen.de\/archiv-2021\/wp-content\/themes\/bienen\/assets\/images\/avatar-placeholder.png\" style=\"border-radius: 30px;\" height=\"30\" width=\"30\">\n            Kleines Bienenparadies            <\/div>\n    \n    \n            <p class=\"categories meta\" style=\"width: 100%\"><span class=\"fa fa-tag\"\n                                                             aria-hidden=\"true\"><\/span> Privatg\u00e4rten und G\u00e4rten von Mietwohnungen (kleiner als 500 Quadratmeter)        <\/p>\n    \n            <p class=\"categories meta\" style=\"width: 100%\"><span class=\"fa fa-map-marker\"\n                                                             aria-hidden=\"true\"><\/span> Nordrhein-Westfalen        <\/p>\n    \n<\/article>\n   \n\t\t\n          <article id=\"post-56805\" class=\"et_pb_post post-56805 wtwfb_entry type-wtwfb_entry status-publish has-post-thumbnail hentry wtwfb_category-schul-und-jugendclub-gaerten wtwfb_region-brandenburg\">\n    <h2 class=\"entry-title\"><a href=\"https:\/\/wettbewerb-archiv.wir-tun-was-fuer-bienen.de\/archiv-2021\/eintrag\/im-hort-bestensee-wirds-wild\/\">Im Hort Bestensee wird`s wild&#8230;<\/a>\n    <\/h2>\n    <a href=\"https:\/\/wettbewerb-archiv.wir-tun-was-fuer-bienen.de\/archiv-2021\/eintrag\/im-hort-bestensee-wirds-wild\/\">\n        <div class=\"bienen-entry-image\">\n            <img decoding=\"async\" width=\"400\" height=\"300\" src=\"https:\/\/wettbewerb-archiv.wir-tun-was-fuer-bienen.de\/archiv-2021\/wp-content\/uploads\/sites\/3\/2021\/07\/20210719_085057-400x300.jpg\" class=\"attachment-bienen-grid-thumb size-bienen-grid-thumb wp-post-image\" alt=\"\" loading=\"lazy\" \/>                    <\/div>\n    <\/a>\n\n    <div class=\"images-grid\"><span><a href=\"https:\/\/wettbewerb-archiv.wir-tun-was-fuer-bienen.de\/archiv-2021\/eintrag\/im-hort-bestensee-wirds-wild\/\"><img decoding=\"async\" width=\"150\" height=\"150\" src=\"https:\/\/wettbewerb-archiv.wir-tun-was-fuer-bienen.de\/archiv-2021\/wp-content\/uploads\/sites\/3\/2021\/07\/03-1-150x150.jpg\" class=\"attachment-thumbnail size-thumbnail\" alt=\"\" loading=\"lazy\" \/><\/a><\/span><span><a href=\"https:\/\/wettbewerb-archiv.wir-tun-was-fuer-bienen.de\/archiv-2021\/eintrag\/im-hort-bestensee-wirds-wild\/\"><img decoding=\"async\" width=\"150\" height=\"150\" src=\"https:\/\/wettbewerb-archiv.wir-tun-was-fuer-bienen.de\/archiv-2021\/wp-content\/uploads\/sites\/3\/2021\/07\/04-3-150x150.jpg\" class=\"attachment-thumbnail size-thumbnail\" alt=\"\" loading=\"lazy\" \/><\/a><\/span><span><a href=\"https:\/\/wettbewerb-archiv.wir-tun-was-fuer-bienen.de\/archiv-2021\/eintrag\/im-hort-bestensee-wirds-wild\/\"><img decoding=\"async\" width=\"150\" height=\"150\" src=\"https:\/\/wettbewerb-archiv.wir-tun-was-fuer-bienen.de\/archiv-2021\/wp-content\/uploads\/sites\/3\/2021\/07\/05a-150x150.jpg\" class=\"attachment-thumbnail size-thumbnail\" alt=\"\" loading=\"lazy\" \/><\/a><\/span><span><a href=\"https:\/\/wettbewerb-archiv.wir-tun-was-fuer-bienen.de\/archiv-2021\/eintrag\/im-hort-bestensee-wirds-wild\/\"><img decoding=\"async\" width=\"150\" height=\"150\" src=\"https:\/\/wettbewerb-archiv.wir-tun-was-fuer-bienen.de\/archiv-2021\/wp-content\/uploads\/sites\/3\/2021\/07\/06-150x150.jpg\" class=\"attachment-thumbnail size-thumbnail\" alt=\"\" loading=\"lazy\" \/><\/a><\/span><\/div>\n\n    <div class=\"user flex\">\n        \n                    <img decoding=\"async\" src=\"https:\/\/wettbewerb-archiv.wir-tun-was-fuer-bienen.de\/archiv-2021\/wp-content\/themes\/bienen\/assets\/images\/avatar-placeholder.png\" style=\"border-radius: 30px;\" height=\"30\" width=\"30\">\n            Hort Bestensee            <\/div>\n    \n    <p class=\"categories meta bienen-gewinner\"><span class=\"fa fa-trophy\"                                                              aria-hidden=\"true\"><\/span> Gewinner<\/p>\n            <p class=\"categories meta\" style=\"width: 100%\"><span class=\"fa fa-tag\"\n                                                             aria-hidden=\"true\"><\/span> Schul- und Jugendclub-G\u00e4rten        <\/p>\n    \n            <p class=\"categories meta\" style=\"width: 100%\"><span class=\"fa fa-map-marker\"\n                                                             aria-hidden=\"true\"><\/span> Brandenburg        <\/p>\n    \n<\/article>\n   \n\t\t\n          <article id=\"post-56765\" class=\"et_pb_post post-56765 wtwfb_entry type-wtwfb_entry status-publish has-post-thumbnail hentry wtwfb_category-kita-und-kindergartengaerten wtwfb_region-berlin\">\n    <h2 class=\"entry-title\"><a href=\"https:\/\/wettbewerb-archiv.wir-tun-was-fuer-bienen.de\/archiv-2021\/eintrag\/bienenschwarm-im-lilienthal\/\">Bienenschwarm im Lilienthal<\/a>\n    <\/h2>\n    <a href=\"https:\/\/wettbewerb-archiv.wir-tun-was-fuer-bienen.de\/archiv-2021\/eintrag\/bienenschwarm-im-lilienthal\/\">\n        <div class=\"bienen-entry-image\">\n            <img decoding=\"async\" width=\"400\" height=\"300\" src=\"https:\/\/wettbewerb-archiv.wir-tun-was-fuer-bienen.de\/archiv-2021\/wp-content\/uploads\/sites\/3\/2021\/08\/IMG_20210703_124100__01-400x300.jpg\" class=\"attachment-bienen-grid-thumb size-bienen-grid-thumb wp-post-image\" alt=\"\" loading=\"lazy\" \/>                    <\/div>\n    <\/a>\n\n    <div class=\"images-grid\"><span><a href=\"https:\/\/wettbewerb-archiv.wir-tun-was-fuer-bienen.de\/archiv-2021\/eintrag\/bienenschwarm-im-lilienthal\/\"><img decoding=\"async\" width=\"150\" height=\"150\" src=\"https:\/\/wettbewerb-archiv.wir-tun-was-fuer-bienen.de\/archiv-2021\/wp-content\/uploads\/sites\/3\/2021\/07\/IMG_20210721_135401-150x150.jpg\" class=\"attachment-thumbnail size-thumbnail\" alt=\"\" loading=\"lazy\" \/><\/a><\/span><span><a href=\"https:\/\/wettbewerb-archiv.wir-tun-was-fuer-bienen.de\/archiv-2021\/eintrag\/bienenschwarm-im-lilienthal\/\"><img decoding=\"async\" width=\"150\" height=\"150\" src=\"https:\/\/wettbewerb-archiv.wir-tun-was-fuer-bienen.de\/archiv-2021\/wp-content\/uploads\/sites\/3\/2021\/07\/IMG_20210721_135314-150x150.jpg\" class=\"attachment-thumbnail size-thumbnail\" alt=\"\" loading=\"lazy\" \/><\/a><\/span><span><a href=\"https:\/\/wettbewerb-archiv.wir-tun-was-fuer-bienen.de\/archiv-2021\/eintrag\/bienenschwarm-im-lilienthal\/\"><img decoding=\"async\" width=\"150\" height=\"150\" src=\"https:\/\/wettbewerb-archiv.wir-tun-was-fuer-bienen.de\/archiv-2021\/wp-content\/uploads\/sites\/3\/2021\/07\/IMG_20210706_101514__01-150x150.jpg\" class=\"attachment-thumbnail size-thumbnail\" alt=\"\" loading=\"lazy\" \/><\/a><\/span><span><a href=\"https:\/\/wettbewerb-archiv.wir-tun-was-fuer-bienen.de\/archiv-2021\/eintrag\/bienenschwarm-im-lilienthal\/\"><img decoding=\"async\" width=\"150\" height=\"150\" src=\"https:\/\/wettbewerb-archiv.wir-tun-was-fuer-bienen.de\/archiv-2021\/wp-content\/uploads\/sites\/3\/2021\/08\/IMG_20210421_143608__01__01__01-150x150.jpg\" class=\"attachment-thumbnail size-thumbnail\" alt=\"\" loading=\"lazy\" \/><\/a><\/span><\/div>\n\n    <div class=\"user flex\">\n        \n                    <img decoding=\"async\" src=\"https:\/\/wettbewerb-archiv.wir-tun-was-fuer-bienen.de\/archiv-2021\/wp-content\/themes\/bienen\/assets\/images\/avatar-placeholder.png\" style=\"border-radius: 30px;\" height=\"30\" width=\"30\">\n            Kita Lilienthal, Mittelhof e.V.            <\/div>\n    \n    \n            <p class=\"categories meta\" style=\"width: 100%\"><span class=\"fa fa-tag\"\n                                                             aria-hidden=\"true\"><\/span> Kita- und Kindergarteng\u00e4rten        <\/p>\n    \n            <p class=\"categories meta\" style=\"width: 100%\"><span class=\"fa fa-map-marker\"\n                                                             aria-hidden=\"true\"><\/span> Berlin        <\/p>\n    \n<\/article>\n   \n\t\t\n          <article id=\"post-56604\" class=\"et_pb_post post-56604 wtwfb_entry type-wtwfb_entry status-publish has-post-thumbnail hentry wtwfb_category-privatgaerten-und-gaerten-von-mietwohnungen-kleiner-500-quadratmeter wtwfb_region-nordrhein-westfalen\">\n    <h2 class=\"entry-title\"><a href=\"https:\/\/wettbewerb-archiv.wir-tun-was-fuer-bienen.de\/archiv-2021\/eintrag\/florals-staudenmeer\/\">FloRals Staudenmeer<\/a>\n    <\/h2>\n    <a href=\"https:\/\/wettbewerb-archiv.wir-tun-was-fuer-bienen.de\/archiv-2021\/eintrag\/florals-staudenmeer\/\">\n        <div class=\"bienen-entry-image\">\n            <img decoding=\"async\" width=\"400\" height=\"300\" src=\"https:\/\/wettbewerb-archiv.wir-tun-was-fuer-bienen.de\/archiv-2021\/wp-content\/uploads\/sites\/3\/2021\/07\/IMG_20210726_1744266_1-400x300.jpg\" class=\"attachment-bienen-grid-thumb size-bienen-grid-thumb wp-post-image\" alt=\"\" loading=\"lazy\" \/>                    <\/div>\n    <\/a>\n\n    <div class=\"images-grid\"><span><a href=\"https:\/\/wettbewerb-archiv.wir-tun-was-fuer-bienen.de\/archiv-2021\/eintrag\/florals-staudenmeer\/\"><img decoding=\"async\" width=\"150\" height=\"150\" src=\"https:\/\/wettbewerb-archiv.wir-tun-was-fuer-bienen.de\/archiv-2021\/wp-content\/uploads\/sites\/3\/2021\/07\/IMG_20210203_1146553-150x150.jpg\" class=\"attachment-thumbnail size-thumbnail\" alt=\"\" loading=\"lazy\" \/><\/a><\/span><span><a href=\"https:\/\/wettbewerb-archiv.wir-tun-was-fuer-bienen.de\/archiv-2021\/eintrag\/florals-staudenmeer\/\"><img decoding=\"async\" width=\"150\" height=\"150\" src=\"https:\/\/wettbewerb-archiv.wir-tun-was-fuer-bienen.de\/archiv-2021\/wp-content\/uploads\/sites\/3\/2021\/07\/20210205_090514-150x150.jpg\" class=\"attachment-thumbnail size-thumbnail\" alt=\"\" loading=\"lazy\" \/><\/a><\/span><span><a href=\"https:\/\/wettbewerb-archiv.wir-tun-was-fuer-bienen.de\/archiv-2021\/eintrag\/florals-staudenmeer\/\"><img decoding=\"async\" width=\"150\" height=\"150\" src=\"https:\/\/wettbewerb-archiv.wir-tun-was-fuer-bienen.de\/archiv-2021\/wp-content\/uploads\/sites\/3\/2021\/07\/IMG_20210205_1723589-150x150.jpg\" class=\"attachment-thumbnail size-thumbnail\" alt=\"\" loading=\"lazy\" \/><\/a><\/span><span><a href=\"https:\/\/wettbewerb-archiv.wir-tun-was-fuer-bienen.de\/archiv-2021\/eintrag\/florals-staudenmeer\/\"><img decoding=\"async\" width=\"150\" height=\"150\" src=\"https:\/\/wettbewerb-archiv.wir-tun-was-fuer-bienen.de\/archiv-2021\/wp-content\/uploads\/sites\/3\/2021\/07\/20210227_124329-150x150.jpg\" class=\"attachment-thumbnail size-thumbnail\" alt=\"\" loading=\"lazy\" \/><\/a><\/span><\/div>\n\n    <div class=\"user flex\">\n        \n                    <img decoding=\"async\" src=\"https:\/\/wettbewerb-archiv.wir-tun-was-fuer-bienen.de\/archiv-2021\/wp-content\/themes\/bienen\/assets\/images\/avatar-placeholder.png\" style=\"border-radius: 30px;\" height=\"30\" width=\"30\">\n            FloRal            <\/div>\n    \n    <p class=\"categories meta bienen-gewinner\"><span class=\"fa fa-trophy\"                                                              aria-hidden=\"true\"><\/span> Gewinner<\/p>\n            <p class=\"categories meta\" style=\"width: 100%\"><span class=\"fa fa-tag\"\n                                                             aria-hidden=\"true\"><\/span> Privatg\u00e4rten und G\u00e4rten von Mietwohnungen (kleiner als 500 Quadratmeter)        <\/p>\n    \n            <p class=\"categories meta\" style=\"width: 100%\"><span class=\"fa fa-map-marker\"\n                                                             aria-hidden=\"true\"><\/span> Nordrhein-Westfalen        <\/p>\n    \n<\/article>\n   \n\t\t\n          <article id=\"post-56526\" class=\"et_pb_post post-56526 wtwfb_entry type-wtwfb_entry status-publish has-post-thumbnail hentry wtwfb_category-kommunale-flaechen-parks-baumscheiben wtwfb_region-baden-wuerttemberg\">\n    <h2 class=\"entry-title\"><a href=\"https:\/\/wettbewerb-archiv.wir-tun-was-fuer-bienen.de\/archiv-2021\/eintrag\/baumscheibendschungel\/\">Baumscheibendschungel<\/a>\n    <\/h2>\n    <a href=\"https:\/\/wettbewerb-archiv.wir-tun-was-fuer-bienen.de\/archiv-2021\/eintrag\/baumscheibendschungel\/\">\n        <div class=\"bienen-entry-image\">\n            <img decoding=\"async\" width=\"400\" height=\"300\" src=\"https:\/\/wettbewerb-archiv.wir-tun-was-fuer-bienen.de\/archiv-2021\/wp-content\/uploads\/sites\/3\/2021\/07\/Ist-Zustand-400x300.jpg\" class=\"attachment-bienen-grid-thumb size-bienen-grid-thumb wp-post-image\" alt=\"\" loading=\"lazy\" \/>                    <\/div>\n    <\/a>\n\n    <div class=\"images-grid\"><span><a href=\"https:\/\/wettbewerb-archiv.wir-tun-was-fuer-bienen.de\/archiv-2021\/eintrag\/baumscheibendschungel\/\"><img decoding=\"async\" width=\"150\" height=\"150\" src=\"https:\/\/wettbewerb-archiv.wir-tun-was-fuer-bienen.de\/archiv-2021\/wp-content\/uploads\/sites\/3\/2021\/07\/Vorherbild5517-150x150.jpg\" class=\"attachment-thumbnail size-thumbnail\" alt=\"\" loading=\"lazy\" \/><\/a><\/span><span><a href=\"https:\/\/wettbewerb-archiv.wir-tun-was-fuer-bienen.de\/archiv-2021\/eintrag\/baumscheibendschungel\/\"><img decoding=\"async\" width=\"150\" height=\"150\" src=\"https:\/\/wettbewerb-archiv.wir-tun-was-fuer-bienen.de\/archiv-2021\/wp-content\/uploads\/sites\/3\/2021\/07\/IMG_20210511_122623-150x150.jpg\" class=\"attachment-thumbnail size-thumbnail\" alt=\"\" loading=\"lazy\" \/><\/a><\/span><span><a href=\"https:\/\/wettbewerb-archiv.wir-tun-was-fuer-bienen.de\/archiv-2021\/eintrag\/baumscheibendschungel\/\"><img decoding=\"async\" width=\"150\" height=\"150\" src=\"https:\/\/wettbewerb-archiv.wir-tun-was-fuer-bienen.de\/archiv-2021\/wp-content\/uploads\/sites\/3\/2021\/07\/Erstbepflanzung-Bild1-150x150.jpg\" class=\"attachment-thumbnail size-thumbnail\" alt=\"\" loading=\"lazy\" \/><\/a><\/span><span><a href=\"https:\/\/wettbewerb-archiv.wir-tun-was-fuer-bienen.de\/archiv-2021\/eintrag\/baumscheibendschungel\/\"><img decoding=\"async\" width=\"150\" height=\"150\" src=\"https:\/\/wettbewerb-archiv.wir-tun-was-fuer-bienen.de\/archiv-2021\/wp-content\/uploads\/sites\/3\/2021\/07\/Befpflanzung-nach-bewaessern-bil2-150x150.jpg\" class=\"attachment-thumbnail size-thumbnail\" alt=\"\" loading=\"lazy\" \/><\/a><\/span><\/div>\n\n    <div class=\"user flex\">\n        \n                    <img decoding=\"async\" src=\"https:\/\/wettbewerb-archiv.wir-tun-was-fuer-bienen.de\/archiv-2021\/wp-content\/themes\/bienen\/assets\/images\/avatar-placeholder.png\" style=\"border-radius: 30px;\" height=\"30\" width=\"30\">\n            Baumscheibe Initial e.V.            <\/div>\n    \n    \n            <p class=\"categories meta\" style=\"width: 100%\"><span class=\"fa fa-tag\"\n                                                             aria-hidden=\"true\"><\/span> Kommunale Fl\u00e4chen, Parks, Baumscheiben        <\/p>\n    \n            <p class=\"categories meta\" style=\"width: 100%\"><span class=\"fa fa-map-marker\"\n                                                             aria-hidden=\"true\"><\/span> Baden-W\u00fcrttemberg        <\/p>\n    \n<\/article>\n   \n\t\t\n          <article id=\"post-56522\" class=\"et_pb_post post-56522 wtwfb_entry type-wtwfb_entry status-publish has-post-thumbnail hentry wtwfb_category-kita-und-kindergartengaerten wtwfb_region-saarland\">\n    <h2 class=\"entry-title\"><a href=\"https:\/\/wettbewerb-archiv.wir-tun-was-fuer-bienen.de\/archiv-2021\/eintrag\/bienen-am-schenkelberg\/\">Bienen am Schenkelberg<\/a>\n    <\/h2>\n    <a href=\"https:\/\/wettbewerb-archiv.wir-tun-was-fuer-bienen.de\/archiv-2021\/eintrag\/bienen-am-schenkelberg\/\">\n        <div class=\"bienen-entry-image\">\n            <img decoding=\"async\" width=\"400\" height=\"300\" src=\"https:\/\/wettbewerb-archiv.wir-tun-was-fuer-bienen.de\/archiv-2021\/wp-content\/uploads\/sites\/3\/2021\/07\/IMG_20210520_120651-400x300.jpg\" class=\"attachment-bienen-grid-thumb size-bienen-grid-thumb wp-post-image\" alt=\"\" loading=\"lazy\" \/>                    <\/div>\n    <\/a>\n\n    <div class=\"images-grid\"><\/div>\n\n    <div class=\"user flex\">\n        \n                    <img decoding=\"async\" src=\"https:\/\/wettbewerb-archiv.wir-tun-was-fuer-bienen.de\/archiv-2021\/wp-content\/themes\/bienen\/assets\/images\/avatar-placeholder.png\" style=\"border-radius: 30px;\" height=\"30\" width=\"30\">\n            Kindertagesst\u00e4tte Schenkelberg            <\/div>\n    \n    \n            <p class=\"categories meta\" style=\"width: 100%\"><span class=\"fa fa-tag\"\n                                                             aria-hidden=\"true\"><\/span> Kita- und Kindergarteng\u00e4rten        <\/p>\n    \n            <p class=\"categories meta\" style=\"width: 100%\"><span class=\"fa fa-map-marker\"\n                                                             aria-hidden=\"true\"><\/span> Saarland        <\/p>\n    \n<\/article>\n   \n\t\t\n          <article id=\"post-56394\" class=\"et_pb_post post-56394 wtwfb_entry type-wtwfb_entry status-publish has-post-thumbnail hentry wtwfb_category-kita-und-kindergartengaerten wtwfb_region-schleswig-holstein\">\n    <h2 class=\"entry-title\"><a href=\"https:\/\/wettbewerb-archiv.wir-tun-was-fuer-bienen.de\/archiv-2021\/eintrag\/insektenfreunde-der-asb-kita-kleeblatt-in-escheburg\/\">Insektenfreunde der ASB Kita Kleeblatt in Escheburg<\/a>\n    <\/h2>\n    <a href=\"https:\/\/wettbewerb-archiv.wir-tun-was-fuer-bienen.de\/archiv-2021\/eintrag\/insektenfreunde-der-asb-kita-kleeblatt-in-escheburg\/\">\n        <div class=\"bienen-entry-image\">\n            <img decoding=\"async\" width=\"400\" height=\"300\" src=\"https:\/\/wettbewerb-archiv.wir-tun-was-fuer-bienen.de\/archiv-2021\/wp-content\/uploads\/sites\/3\/2021\/07\/Biene-3-400x300.jpg\" class=\"attachment-bienen-grid-thumb size-bienen-grid-thumb wp-post-image\" alt=\"\" loading=\"lazy\" \/>                    <\/div>\n    <\/a>\n\n    <div class=\"images-grid\"><span><a href=\"https:\/\/wettbewerb-archiv.wir-tun-was-fuer-bienen.de\/archiv-2021\/eintrag\/insektenfreunde-der-asb-kita-kleeblatt-in-escheburg\/\"><img decoding=\"async\" width=\"150\" height=\"150\" src=\"https:\/\/wettbewerb-archiv.wir-tun-was-fuer-bienen.de\/archiv-2021\/wp-content\/uploads\/sites\/3\/2021\/07\/Schatzsuche-150x150.jpg\" class=\"attachment-thumbnail size-thumbnail\" alt=\"\" loading=\"lazy\" \/><\/a><\/span><span><a href=\"https:\/\/wettbewerb-archiv.wir-tun-was-fuer-bienen.de\/archiv-2021\/eintrag\/insektenfreunde-der-asb-kita-kleeblatt-in-escheburg\/\"><img decoding=\"async\" width=\"150\" height=\"150\" src=\"https:\/\/wettbewerb-archiv.wir-tun-was-fuer-bienen.de\/archiv-2021\/wp-content\/uploads\/sites\/3\/2021\/07\/DSC_8070-150x150.jpg\" class=\"attachment-thumbnail size-thumbnail\" alt=\"\" loading=\"lazy\" \/><\/a><\/span><span><a href=\"https:\/\/wettbewerb-archiv.wir-tun-was-fuer-bienen.de\/archiv-2021\/eintrag\/insektenfreunde-der-asb-kita-kleeblatt-in-escheburg\/\"><img decoding=\"async\" width=\"150\" height=\"150\" src=\"https:\/\/wettbewerb-archiv.wir-tun-was-fuer-bienen.de\/archiv-2021\/wp-content\/uploads\/sites\/3\/2021\/07\/DSC_8067-150x150.jpg\" class=\"attachment-thumbnail size-thumbnail\" alt=\"\" loading=\"lazy\" \/><\/a><\/span><span><a href=\"https:\/\/wettbewerb-archiv.wir-tun-was-fuer-bienen.de\/archiv-2021\/eintrag\/insektenfreunde-der-asb-kita-kleeblatt-in-escheburg\/\"><img decoding=\"async\" width=\"150\" height=\"150\" src=\"https:\/\/wettbewerb-archiv.wir-tun-was-fuer-bienen.de\/archiv-2021\/wp-content\/uploads\/sites\/3\/2021\/07\/IMG_20210725_083417-150x150.jpg\" class=\"attachment-thumbnail size-thumbnail\" alt=\"\" loading=\"lazy\" \/><\/a><\/span><\/div>\n\n    <div class=\"user flex\">\n        \n                    <img decoding=\"async\" src=\"https:\/\/wettbewerb-archiv.wir-tun-was-fuer-bienen.de\/archiv-2021\/wp-content\/themes\/bienen\/assets\/images\/avatar-placeholder.png\" style=\"border-radius: 30px;\" height=\"30\" width=\"30\">\n            ASB Kita Kleeblatt            <\/div>\n    \n    <p class=\"categories meta bienen-gewinner\"><span class=\"fa fa-trophy\"                                                              aria-hidden=\"true\"><\/span> Gewinner<\/p>\n            <p class=\"categories meta\" style=\"width: 100%\"><span class=\"fa fa-tag\"\n                                                             aria-hidden=\"true\"><\/span> Kita- und Kindergarteng\u00e4rten        <\/p>\n    \n            <p class=\"categories meta\" style=\"width: 100%\"><span class=\"fa fa-map-marker\"\n                                                             aria-hidden=\"true\"><\/span> Schleswig-Holstein        <\/p>\n    \n<\/article>\n   \n\t\t\n          <article id=\"post-56382\" class=\"et_pb_post post-56382 wtwfb_entry type-wtwfb_entry status-publish has-post-thumbnail hentry wtwfb_category-privatgaerten-und-gaerten-von-mietwohnungen-groesser-500-quadratmeter wtwfb_region-rheinland-pfalz\">\n    <h2 class=\"entry-title\"><a href=\"https:\/\/wettbewerb-archiv.wir-tun-was-fuer-bienen.de\/archiv-2021\/eintrag\/das-bunte-handtuch\/\">Das Bunte Handtuch<\/a>\n    <\/h2>\n    <a href=\"https:\/\/wettbewerb-archiv.wir-tun-was-fuer-bienen.de\/archiv-2021\/eintrag\/das-bunte-handtuch\/\">\n        <div class=\"bienen-entry-image\">\n            <img decoding=\"async\" width=\"400\" height=\"283\" src=\"https:\/\/wettbewerb-archiv.wir-tun-was-fuer-bienen.de\/archiv-2021\/wp-content\/uploads\/sites\/3\/2021\/07\/Broschuere_1-2-pdf.jpg\" class=\"attachment-bienen-grid-thumb size-bienen-grid-thumb wp-post-image\" alt=\"\" loading=\"lazy\" \/>                    <\/div>\n    <\/a>\n\n    <div class=\"images-grid\"><span><a href=\"https:\/\/wettbewerb-archiv.wir-tun-was-fuer-bienen.de\/archiv-2021\/eintrag\/das-bunte-handtuch\/\"><img decoding=\"async\" width=\"150\" height=\"150\" src=\"https:\/\/wettbewerb-archiv.wir-tun-was-fuer-bienen.de\/archiv-2021\/wp-content\/uploads\/sites\/3\/2021\/07\/Traktor-1-150x150.jpg\" class=\"attachment-thumbnail size-thumbnail\" alt=\"\" loading=\"lazy\" \/><\/a><\/span><span><a href=\"https:\/\/wettbewerb-archiv.wir-tun-was-fuer-bienen.de\/archiv-2021\/eintrag\/das-bunte-handtuch\/\"><img decoding=\"async\" width=\"150\" height=\"150\" src=\"https:\/\/wettbewerb-archiv.wir-tun-was-fuer-bienen.de\/archiv-2021\/wp-content\/uploads\/sites\/3\/2021\/07\/Aussaat-150x150.jpg\" class=\"attachment-thumbnail size-thumbnail\" alt=\"\" loading=\"lazy\" \/><\/a><\/span><span><a href=\"https:\/\/wettbewerb-archiv.wir-tun-was-fuer-bienen.de\/archiv-2021\/eintrag\/das-bunte-handtuch\/\"><img decoding=\"async\" width=\"150\" height=\"150\" src=\"https:\/\/wettbewerb-archiv.wir-tun-was-fuer-bienen.de\/archiv-2021\/wp-content\/uploads\/sites\/3\/2021\/07\/Jaeten-1-150x150.jpg\" class=\"attachment-thumbnail size-thumbnail\" alt=\"\" loading=\"lazy\" \/><\/a><\/span><span><a href=\"https:\/\/wettbewerb-archiv.wir-tun-was-fuer-bienen.de\/archiv-2021\/eintrag\/das-bunte-handtuch\/\"><img decoding=\"async\" width=\"150\" height=\"150\" src=\"https:\/\/wettbewerb-archiv.wir-tun-was-fuer-bienen.de\/archiv-2021\/wp-content\/uploads\/sites\/3\/2021\/07\/Sensen-1-150x150.jpg\" class=\"attachment-thumbnail size-thumbnail\" alt=\"\" loading=\"lazy\" \/><\/a><\/span><\/div>\n\n    <div class=\"user flex\">\n        \n                    <img decoding=\"async\" src=\"https:\/\/wettbewerb-archiv.wir-tun-was-fuer-bienen.de\/archiv-2021\/wp-content\/themes\/bienen\/assets\/images\/avatar-placeholder.png\" style=\"border-radius: 30px;\" height=\"30\" width=\"30\">\n            Das Bunte Handtuch            <\/div>\n    \n    <p class=\"categories meta bienen-gewinner\"><span class=\"fa fa-trophy\"                                                              aria-hidden=\"true\"><\/span> Gewinner<\/p>\n            <p class=\"categories meta\" style=\"width: 100%\"><span class=\"fa fa-tag\"\n                                                             aria-hidden=\"true\"><\/span> Privatg\u00e4rten und G\u00e4rten von Mietwohnungen (gr\u00f6\u00dfer als 500 Quadratmeter)        <\/p>\n    \n            <p class=\"categories meta\" style=\"width: 100%\"><span class=\"fa fa-map-marker\"\n                                                             aria-hidden=\"true\"><\/span> Rheinland-Pfalz        <\/p>\n    \n<\/article>\n   \n\t\t\n          <article id=\"post-56365\" class=\"et_pb_post post-56365 wtwfb_entry type-wtwfb_entry status-publish has-post-thumbnail hentry wtwfb_category-schul-und-jugendclub-gaerten wtwfb_region-sachsen\">\n    <h2 class=\"entry-title\"><a href=\"https:\/\/wettbewerb-archiv.wir-tun-was-fuer-bienen.de\/archiv-2021\/eintrag\/oberschule-pausa-jeder-fasst-mit-an\/\">Oberschule Pausa &#8211; Jeder fasst mit an<\/a>\n    <\/h2>\n    <a href=\"https:\/\/wettbewerb-archiv.wir-tun-was-fuer-bienen.de\/archiv-2021\/eintrag\/oberschule-pausa-jeder-fasst-mit-an\/\">\n        <div class=\"bienen-entry-image\">\n            <img decoding=\"async\" width=\"400\" height=\"300\" src=\"https:\/\/wettbewerb-archiv.wir-tun-was-fuer-bienen.de\/archiv-2021\/wp-content\/uploads\/sites\/3\/2021\/07\/Titelbild-Kopie-400x300.jpg\" class=\"attachment-bienen-grid-thumb size-bienen-grid-thumb wp-post-image\" alt=\"\" loading=\"lazy\" \/>                    <\/div>\n    <\/a>\n\n    <div class=\"images-grid\"><span><a href=\"https:\/\/wettbewerb-archiv.wir-tun-was-fuer-bienen.de\/archiv-2021\/eintrag\/oberschule-pausa-jeder-fasst-mit-an\/\"><img decoding=\"async\" width=\"150\" height=\"150\" src=\"https:\/\/wettbewerb-archiv.wir-tun-was-fuer-bienen.de\/archiv-2021\/wp-content\/uploads\/sites\/3\/2021\/07\/DSC06286-150x150.jpg\" class=\"attachment-thumbnail size-thumbnail\" alt=\"\" loading=\"lazy\" \/><\/a><\/span><span><a href=\"https:\/\/wettbewerb-archiv.wir-tun-was-fuer-bienen.de\/archiv-2021\/eintrag\/oberschule-pausa-jeder-fasst-mit-an\/\"><img decoding=\"async\" width=\"150\" height=\"150\" src=\"https:\/\/wettbewerb-archiv.wir-tun-was-fuer-bienen.de\/archiv-2021\/wp-content\/uploads\/sites\/3\/2021\/07\/am-Arbeiten-150x150.jpg\" class=\"attachment-thumbnail size-thumbnail\" alt=\"\" loading=\"lazy\" \/><\/a><\/span><span><a href=\"https:\/\/wettbewerb-archiv.wir-tun-was-fuer-bienen.de\/archiv-2021\/eintrag\/oberschule-pausa-jeder-fasst-mit-an\/\"><img decoding=\"async\" width=\"150\" height=\"150\" src=\"https:\/\/wettbewerb-archiv.wir-tun-was-fuer-bienen.de\/archiv-2021\/wp-content\/uploads\/sites\/3\/2021\/07\/IMG_6384-150x150.jpeg\" class=\"attachment-thumbnail size-thumbnail\" alt=\"\" loading=\"lazy\" \/><\/a><\/span><span><a href=\"https:\/\/wettbewerb-archiv.wir-tun-was-fuer-bienen.de\/archiv-2021\/eintrag\/oberschule-pausa-jeder-fasst-mit-an\/\"><img decoding=\"async\" width=\"150\" height=\"150\" src=\"https:\/\/wettbewerb-archiv.wir-tun-was-fuer-bienen.de\/archiv-2021\/wp-content\/uploads\/sites\/3\/2021\/07\/Scan_20210520-41-150x150.jpg\" class=\"attachment-thumbnail size-thumbnail\" alt=\"\" loading=\"lazy\" \/><\/a><\/span><\/div>\n\n    <div class=\"user flex\">\n        \n                    <img decoding=\"async\" src=\"https:\/\/wettbewerb-archiv.wir-tun-was-fuer-bienen.de\/archiv-2021\/wp-content\/themes\/bienen\/assets\/images\/avatar-placeholder.png\" style=\"border-radius: 30px;\" height=\"30\" width=\"30\">\n            Oberschule Pausa            <\/div>\n    \n    \n            <p class=\"categories meta\" style=\"width: 100%\"><span class=\"fa fa-tag\"\n                                                             aria-hidden=\"true\"><\/span> Schul- und Jugendclub-G\u00e4rten        <\/p>\n    \n            <p class=\"categories meta\" style=\"width: 100%\"><span class=\"fa fa-map-marker\"\n                                                             aria-hidden=\"true\"><\/span> Sachsen        <\/p>\n    \n<\/article>\n   \n\t\t\n          <article id=\"post-56346\" class=\"et_pb_post post-56346 wtwfb_entry type-wtwfb_entry status-publish hentry wtwfb_category-kita-und-kindergartengaerten wtwfb_region-saarland\">\n    <h2 class=\"entry-title\"><a href=\"https:\/\/wettbewerb-archiv.wir-tun-was-fuer-bienen.de\/archiv-2021\/eintrag\/bienenvolk-kindergarten-eine-koenigin-viele-untertanen\/\">Bienenvolk= Kindergarten= eine K\u00f6nigin, viele Untertan...<\/a>\n    <\/h2>\n    <a href=\"https:\/\/wettbewerb-archiv.wir-tun-was-fuer-bienen.de\/archiv-2021\/eintrag\/bienenvolk-kindergarten-eine-koenigin-viele-untertanen\/\">\n        <div class=\"bienen-entry-image\">\n                                <\/div>\n    <\/a>\n\n    <div class=\"images-grid\"><span><a href=\"https:\/\/wettbewerb-archiv.wir-tun-was-fuer-bienen.de\/archiv-2021\/eintrag\/bienenvolk-kindergarten-eine-koenigin-viele-untertanen\/\"><img decoding=\"async\" width=\"150\" height=\"150\" src=\"https:\/\/wettbewerb-archiv.wir-tun-was-fuer-bienen.de\/archiv-2021\/wp-content\/uploads\/sites\/3\/2021\/07\/3-9-150x150.jpg\" class=\"attachment-thumbnail size-thumbnail\" alt=\"\" loading=\"lazy\" \/><\/a><\/span><span><a href=\"https:\/\/wettbewerb-archiv.wir-tun-was-fuer-bienen.de\/archiv-2021\/eintrag\/bienenvolk-kindergarten-eine-koenigin-viele-untertanen\/\"><img decoding=\"async\" width=\"150\" height=\"150\" src=\"https:\/\/wettbewerb-archiv.wir-tun-was-fuer-bienen.de\/archiv-2021\/wp-content\/uploads\/sites\/3\/2021\/07\/5-9-150x150.jpg\" class=\"attachment-thumbnail size-thumbnail\" alt=\"\" loading=\"lazy\" \/><\/a><\/span><span><a href=\"https:\/\/wettbewerb-archiv.wir-tun-was-fuer-bienen.de\/archiv-2021\/eintrag\/bienenvolk-kindergarten-eine-koenigin-viele-untertanen\/\"><img decoding=\"async\" width=\"150\" height=\"150\" src=\"https:\/\/wettbewerb-archiv.wir-tun-was-fuer-bienen.de\/archiv-2021\/wp-content\/uploads\/sites\/3\/2021\/07\/6-5-150x150.jpg\" class=\"attachment-thumbnail size-thumbnail\" alt=\"\" loading=\"lazy\" \/><\/a><\/span><span><a href=\"https:\/\/wettbewerb-archiv.wir-tun-was-fuer-bienen.de\/archiv-2021\/eintrag\/bienenvolk-kindergarten-eine-koenigin-viele-untertanen\/\"><img decoding=\"async\" width=\"150\" height=\"150\" src=\"https:\/\/wettbewerb-archiv.wir-tun-was-fuer-bienen.de\/archiv-2021\/wp-content\/uploads\/sites\/3\/2021\/07\/8-3-150x150.jpg\" class=\"attachment-thumbnail size-thumbnail\" alt=\"\" loading=\"lazy\" \/><\/a><\/span><\/div>\n\n    <div class=\"user flex\">\n        \n                    <img decoding=\"async\" src=\"https:\/\/wettbewerb-archiv.wir-tun-was-fuer-bienen.de\/archiv-2021\/wp-content\/themes\/bienen\/assets\/images\/avatar-placeholder.png\" style=\"border-radius: 30px;\" height=\"30\" width=\"30\">\n            Kita Innovationcampus            <\/div>\n    \n    \n            <p class=\"categories meta\" style=\"width: 100%\"><span class=\"fa fa-tag\"\n                                                             aria-hidden=\"true\"><\/span> Kita- und Kindergarteng\u00e4rten        <\/p>\n    \n            <p class=\"categories meta\" style=\"width: 100%\"><span class=\"fa fa-map-marker\"\n                                                             aria-hidden=\"true\"><\/span> Saarland        <\/p>\n    \n<\/article>\n   \n\t\t\n          <article id=\"post-56265\" class=\"et_pb_post post-56265 wtwfb_entry type-wtwfb_entry status-publish has-post-thumbnail hentry wtwfb_category-schul-und-jugendclub-gaerten wtwfb_region-schleswig-holstein\">\n    <h2 class=\"entry-title\"><a href=\"https:\/\/wettbewerb-archiv.wir-tun-was-fuer-bienen.de\/archiv-2021\/eintrag\/bluehflaeche-und-kartenaktion-der-flex-pinneberg\/\">Bl\u00fchfl\u00e4che und Kartenaktion der Flex Pinneberg<\/a>\n    <\/h2>\n    <a href=\"https:\/\/wettbewerb-archiv.wir-tun-was-fuer-bienen.de\/archiv-2021\/eintrag\/bluehflaeche-und-kartenaktion-der-flex-pinneberg\/\">\n        <div class=\"bienen-entry-image\">\n            <img decoding=\"async\" width=\"400\" height=\"300\" src=\"https:\/\/wettbewerb-archiv.wir-tun-was-fuer-bienen.de\/archiv-2021\/wp-content\/uploads\/sites\/3\/2021\/07\/IMG_20210716_144313-400x300.jpg\" class=\"attachment-bienen-grid-thumb size-bienen-grid-thumb wp-post-image\" alt=\"\" loading=\"lazy\" \/>                    <\/div>\n    <\/a>\n\n    <div class=\"images-grid\"><span><a href=\"https:\/\/wettbewerb-archiv.wir-tun-was-fuer-bienen.de\/archiv-2021\/eintrag\/bluehflaeche-und-kartenaktion-der-flex-pinneberg\/\"><img decoding=\"async\" width=\"150\" height=\"150\" src=\"https:\/\/wettbewerb-archiv.wir-tun-was-fuer-bienen.de\/archiv-2021\/wp-content\/uploads\/sites\/3\/2021\/07\/IMG_20210519_092434-150x150.jpg\" class=\"attachment-thumbnail size-thumbnail\" alt=\"\" loading=\"lazy\" \/><\/a><\/span><span><a href=\"https:\/\/wettbewerb-archiv.wir-tun-was-fuer-bienen.de\/archiv-2021\/eintrag\/bluehflaeche-und-kartenaktion-der-flex-pinneberg\/\"><img decoding=\"async\" width=\"150\" height=\"150\" src=\"https:\/\/wettbewerb-archiv.wir-tun-was-fuer-bienen.de\/archiv-2021\/wp-content\/uploads\/sites\/3\/2021\/07\/IMG_20210519_093140-150x150.jpg\" class=\"attachment-thumbnail size-thumbnail\" alt=\"\" loading=\"lazy\" \/><\/a><\/span><span><a href=\"https:\/\/wettbewerb-archiv.wir-tun-was-fuer-bienen.de\/archiv-2021\/eintrag\/bluehflaeche-und-kartenaktion-der-flex-pinneberg\/\"><img decoding=\"async\" width=\"150\" height=\"150\" src=\"https:\/\/wettbewerb-archiv.wir-tun-was-fuer-bienen.de\/archiv-2021\/wp-content\/uploads\/sites\/3\/2021\/07\/IMG_20210519_123609-150x150.jpg\" class=\"attachment-thumbnail size-thumbnail\" alt=\"\" loading=\"lazy\" \/><\/a><\/span><span><a href=\"https:\/\/wettbewerb-archiv.wir-tun-was-fuer-bienen.de\/archiv-2021\/eintrag\/bluehflaeche-und-kartenaktion-der-flex-pinneberg\/\"><img decoding=\"async\" width=\"150\" height=\"150\" src=\"https:\/\/wettbewerb-archiv.wir-tun-was-fuer-bienen.de\/archiv-2021\/wp-content\/uploads\/sites\/3\/2021\/07\/IMG_20210526_104412-150x150.jpg\" class=\"attachment-thumbnail size-thumbnail\" alt=\"\" loading=\"lazy\" \/><\/a><\/span><\/div>\n\n    <div class=\"user flex\">\n        \n                    <img decoding=\"async\" src=\"https:\/\/wettbewerb-archiv.wir-tun-was-fuer-bienen.de\/archiv-2021\/wp-content\/themes\/bienen\/assets\/images\/avatar-placeholder.png\" style=\"border-radius: 30px;\" height=\"30\" width=\"30\">\n            Flex Pinneberg            <\/div>\n    \n    \n            <p class=\"categories meta\" style=\"width: 100%\"><span class=\"fa fa-tag\"\n                                                             aria-hidden=\"true\"><\/span> Schul- und Jugendclub-G\u00e4rten        <\/p>\n    \n            <p class=\"categories meta\" style=\"width: 100%\"><span class=\"fa fa-map-marker\"\n                                                             aria-hidden=\"true\"><\/span> Schleswig-Holstein        <\/p>\n    \n<\/article>\n   \n\t\t\n          <article id=\"post-56225\" class=\"et_pb_post post-56225 wtwfb_entry type-wtwfb_entry status-publish hentry wtwfb_category-privatgaerten-und-gaerten-von-mietwohnungen-kleiner-500-quadratmeter wtwfb_region-schleswig-holstein\">\n    <h2 class=\"entry-title\"><a href=\"https:\/\/wettbewerb-archiv.wir-tun-was-fuer-bienen.de\/archiv-2021\/eintrag\/bienenprojekt-natternkopf\/\">Bienenprojekt Natternkopf<\/a>\n    <\/h2>\n    <a href=\"https:\/\/wettbewerb-archiv.wir-tun-was-fuer-bienen.de\/archiv-2021\/eintrag\/bienenprojekt-natternkopf\/\">\n        <div class=\"bienen-entry-image\">\n                                <\/div>\n    <\/a>\n\n    <div class=\"images-grid\"><span><a href=\"https:\/\/wettbewerb-archiv.wir-tun-was-fuer-bienen.de\/archiv-2021\/eintrag\/bienenprojekt-natternkopf\/\"><img decoding=\"async\" width=\"150\" height=\"150\" src=\"https:\/\/wettbewerb-archiv.wir-tun-was-fuer-bienen.de\/archiv-2021\/wp-content\/uploads\/sites\/3\/2021\/07\/19.06.064-150x150.jpg\" class=\"attachment-thumbnail size-thumbnail\" alt=\"\" loading=\"lazy\" \/><\/a><\/span><span><a href=\"https:\/\/wettbewerb-archiv.wir-tun-was-fuer-bienen.de\/archiv-2021\/eintrag\/bienenprojekt-natternkopf\/\"><img decoding=\"async\" width=\"150\" height=\"150\" src=\"https:\/\/wettbewerb-archiv.wir-tun-was-fuer-bienen.de\/archiv-2021\/wp-content\/uploads\/sites\/3\/2021\/07\/19.06.098-150x150.jpg\" class=\"attachment-thumbnail size-thumbnail\" alt=\"\" loading=\"lazy\" \/><\/a><\/span><span><a href=\"https:\/\/wettbewerb-archiv.wir-tun-was-fuer-bienen.de\/archiv-2021\/eintrag\/bienenprojekt-natternkopf\/\"><img decoding=\"async\" width=\"150\" height=\"150\" src=\"https:\/\/wettbewerb-archiv.wir-tun-was-fuer-bienen.de\/archiv-2021\/wp-content\/uploads\/sites\/3\/2021\/07\/20.05.090-150x150.jpg\" class=\"attachment-thumbnail size-thumbnail\" alt=\"\" loading=\"lazy\" \/><\/a><\/span><span><a href=\"https:\/\/wettbewerb-archiv.wir-tun-was-fuer-bienen.de\/archiv-2021\/eintrag\/bienenprojekt-natternkopf\/\"><img decoding=\"async\" width=\"150\" height=\"150\" src=\"https:\/\/wettbewerb-archiv.wir-tun-was-fuer-bienen.de\/archiv-2021\/wp-content\/uploads\/sites\/3\/2021\/07\/DSC00126-150x150.jpg\" class=\"attachment-thumbnail size-thumbnail\" alt=\"\" loading=\"lazy\" \/><\/a><\/span><\/div>\n\n    <div class=\"user flex\">\n        \n                    <img decoding=\"async\" src=\"https:\/\/wettbewerb-archiv.wir-tun-was-fuer-bienen.de\/archiv-2021\/wp-content\/themes\/bienen\/assets\/images\/avatar-placeholder.png\" style=\"border-radius: 30px;\" height=\"30\" width=\"30\">\n            Georg            <\/div>\n    \n    \n            <p class=\"categories meta\" style=\"width: 100%\"><span class=\"fa fa-tag\"\n                                                             aria-hidden=\"true\"><\/span> Privatg\u00e4rten und G\u00e4rten von Mietwohnungen (kleiner als 500 Quadratmeter)        <\/p>\n    \n            <p class=\"categories meta\" style=\"width: 100%\"><span class=\"fa fa-map-marker\"\n                                                             aria-hidden=\"true\"><\/span> Schleswig-Holstein        <\/p>\n    \n<\/article>\n   \n\t\t\n          <article id=\"post-56203\" class=\"et_pb_post post-56203 wtwfb_entry type-wtwfb_entry status-publish has-post-thumbnail hentry wtwfb_category-kommunale-flaechen-parks-baumscheiben wtwfb_region-bayern\">\n    <h2 class=\"entry-title\"><a href=\"https:\/\/wettbewerb-archiv.wir-tun-was-fuer-bienen.de\/archiv-2021\/eintrag\/bluehstreifen-und-flaechen-in-der-stadt-aschaffenburg\/\">Bl\u00fchstreifen und Fl\u00e4chen in der Stadt Aschaffenburg<\/a>\n    <\/h2>\n    <a href=\"https:\/\/wettbewerb-archiv.wir-tun-was-fuer-bienen.de\/archiv-2021\/eintrag\/bluehstreifen-und-flaechen-in-der-stadt-aschaffenburg\/\">\n        <div class=\"bienen-entry-image\">\n            <img decoding=\"async\" width=\"400\" height=\"300\" src=\"https:\/\/wettbewerb-archiv.wir-tun-was-fuer-bienen.de\/archiv-2021\/wp-content\/uploads\/sites\/3\/2021\/07\/00An-der-Moerswiese-Kleingaerten-02-400x300.jpg\" class=\"attachment-bienen-grid-thumb size-bienen-grid-thumb wp-post-image\" alt=\"\" loading=\"lazy\" \/>                    <\/div>\n    <\/a>\n\n    <div class=\"images-grid\"><span><a href=\"https:\/\/wettbewerb-archiv.wir-tun-was-fuer-bienen.de\/archiv-2021\/eintrag\/bluehstreifen-und-flaechen-in-der-stadt-aschaffenburg\/\"><img decoding=\"async\" width=\"150\" height=\"150\" src=\"https:\/\/wettbewerb-archiv.wir-tun-was-fuer-bienen.de\/archiv-2021\/wp-content\/uploads\/sites\/3\/2021\/07\/00Darmstaedter-Strasse-02-150x150.jpg\" class=\"attachment-thumbnail size-thumbnail\" alt=\"\" loading=\"lazy\" \/><\/a><\/span><span><a href=\"https:\/\/wettbewerb-archiv.wir-tun-was-fuer-bienen.de\/archiv-2021\/eintrag\/bluehstreifen-und-flaechen-in-der-stadt-aschaffenburg\/\"><img decoding=\"async\" width=\"150\" height=\"150\" src=\"https:\/\/wettbewerb-archiv.wir-tun-was-fuer-bienen.de\/archiv-2021\/wp-content\/uploads\/sites\/3\/2021\/07\/00Grossostheimer-Str.-01-150x150.jpg\" class=\"attachment-thumbnail size-thumbnail\" alt=\"\" loading=\"lazy\" \/><\/a><\/span><span><a href=\"https:\/\/wettbewerb-archiv.wir-tun-was-fuer-bienen.de\/archiv-2021\/eintrag\/bluehstreifen-und-flaechen-in-der-stadt-aschaffenburg\/\"><img decoding=\"async\" width=\"150\" height=\"150\" src=\"https:\/\/wettbewerb-archiv.wir-tun-was-fuer-bienen.de\/archiv-2021\/wp-content\/uploads\/sites\/3\/2021\/07\/00Adenauer-Bruecke-02-150x150.jpg\" class=\"attachment-thumbnail size-thumbnail\" alt=\"\" loading=\"lazy\" \/><\/a><\/span><\/div>\n\n    <div class=\"user flex\">\n        \n                    <img decoding=\"async\" src=\"https:\/\/wettbewerb-archiv.wir-tun-was-fuer-bienen.de\/archiv-2021\/wp-content\/themes\/bienen\/assets\/images\/avatar-placeholder.png\" style=\"border-radius: 30px;\" height=\"30\" width=\"30\">\n            Garten- und Friedhofsamt Stadt Aschaffenburg            <\/div>\n    \n    \n            <p class=\"categories meta\" style=\"width: 100%\"><span class=\"fa fa-tag\"\n                                                             aria-hidden=\"true\"><\/span> Kommunale Fl\u00e4chen, Parks, Baumscheiben        <\/p>\n    \n            <p class=\"categories meta\" style=\"width: 100%\"><span class=\"fa fa-map-marker\"\n                                                             aria-hidden=\"true\"><\/span> Bayern        <\/p>\n    \n<\/article>\n   \n\t\t\n          <article id=\"post-56145\" class=\"et_pb_post post-56145 wtwfb_entry type-wtwfb_entry status-publish has-post-thumbnail hentry wtwfb_category-kommunale-flaechen-parks-baumscheiben wtwfb_region-rheinland-pfalz\">\n    <h2 class=\"entry-title\"><a href=\"https:\/\/wettbewerb-archiv.wir-tun-was-fuer-bienen.de\/archiv-2021\/eintrag\/blumenwiese-statt-schottergaerten\/\">Blumenwiese statt Schotterg\u00e4rten<\/a>\n    <\/h2>\n    <a href=\"https:\/\/wettbewerb-archiv.wir-tun-was-fuer-bienen.de\/archiv-2021\/eintrag\/blumenwiese-statt-schottergaerten\/\">\n        <div class=\"bienen-entry-image\">\n            <img decoding=\"async\" width=\"400\" height=\"300\" src=\"https:\/\/wettbewerb-archiv.wir-tun-was-fuer-bienen.de\/archiv-2021\/wp-content\/uploads\/sites\/3\/2021\/07\/Blumenwiese-Badstrasse-2-400x300.jpg\" class=\"attachment-bienen-grid-thumb size-bienen-grid-thumb wp-post-image\" alt=\"\" loading=\"lazy\" \/>                    <\/div>\n    <\/a>\n\n    <div class=\"images-grid\"><\/div>\n\n    <div class=\"user flex\">\n        \n                    <img decoding=\"async\" src=\"https:\/\/wettbewerb-archiv.wir-tun-was-fuer-bienen.de\/archiv-2021\/wp-content\/themes\/bienen\/assets\/images\/avatar-placeholder.png\" style=\"border-radius: 30px;\" height=\"30\" width=\"30\">\n            OGV Waldmohr e.V.            <\/div>\n    \n    \n            <p class=\"categories meta\" style=\"width: 100%\"><span class=\"fa fa-tag\"\n                                                             aria-hidden=\"true\"><\/span> Kommunale Fl\u00e4chen, Parks, Baumscheiben        <\/p>\n    \n            <p class=\"categories meta\" style=\"width: 100%\"><span class=\"fa fa-map-marker\"\n                                                             aria-hidden=\"true\"><\/span> Rheinland-Pfalz        <\/p>\n    \n<\/article>\n   \n\t\t\n          <article id=\"post-56047\" class=\"et_pb_post post-56047 wtwfb_entry type-wtwfb_entry status-publish has-post-thumbnail hentry wtwfb_category-schul-und-jugendclub-gaerten wtwfb_region-niedersachsen\">\n    <h2 class=\"entry-title\"><a href=\"https:\/\/wettbewerb-archiv.wir-tun-was-fuer-bienen.de\/archiv-2021\/eintrag\/insektenhotel-mit-wildblumenstreifen\/\">Insektenhotel mit Bl\u00fchstreifen<\/a>\n    <\/h2>\n    <a href=\"https:\/\/wettbewerb-archiv.wir-tun-was-fuer-bienen.de\/archiv-2021\/eintrag\/insektenhotel-mit-wildblumenstreifen\/\">\n        <div class=\"bienen-entry-image\">\n            <img decoding=\"async\" width=\"400\" height=\"300\" src=\"https:\/\/wettbewerb-archiv.wir-tun-was-fuer-bienen.de\/archiv-2021\/wp-content\/uploads\/sites\/3\/2021\/07\/IMG_20210630_103107963_HDR-400x300.jpg\" class=\"attachment-bienen-grid-thumb size-bienen-grid-thumb wp-post-image\" alt=\"\" loading=\"lazy\" \/>                    <\/div>\n    <\/a>\n\n    <div class=\"images-grid\"><span><a href=\"https:\/\/wettbewerb-archiv.wir-tun-was-fuer-bienen.de\/archiv-2021\/eintrag\/insektenhotel-mit-wildblumenstreifen\/\"><img decoding=\"async\" width=\"150\" height=\"150\" src=\"https:\/\/wettbewerb-archiv.wir-tun-was-fuer-bienen.de\/archiv-2021\/wp-content\/uploads\/sites\/3\/2021\/07\/Wettbewerb-7-150x150.jpg\" class=\"attachment-thumbnail size-thumbnail\" alt=\"\" loading=\"lazy\" \/><\/a><\/span><span><a href=\"https:\/\/wettbewerb-archiv.wir-tun-was-fuer-bienen.de\/archiv-2021\/eintrag\/insektenhotel-mit-wildblumenstreifen\/\"><img decoding=\"async\" width=\"150\" height=\"150\" src=\"https:\/\/wettbewerb-archiv.wir-tun-was-fuer-bienen.de\/archiv-2021\/wp-content\/uploads\/sites\/3\/2021\/07\/Wettbewerb-8-150x150.jpg\" class=\"attachment-thumbnail size-thumbnail\" alt=\"\" loading=\"lazy\" \/><\/a><\/span><span><a href=\"https:\/\/wettbewerb-archiv.wir-tun-was-fuer-bienen.de\/archiv-2021\/eintrag\/insektenhotel-mit-wildblumenstreifen\/\"><img decoding=\"async\" width=\"150\" height=\"150\" src=\"https:\/\/wettbewerb-archiv.wir-tun-was-fuer-bienen.de\/archiv-2021\/wp-content\/uploads\/sites\/3\/2021\/07\/Wettbewerb-1-150x150.jpg\" class=\"attachment-thumbnail size-thumbnail\" alt=\"\" loading=\"lazy\" \/><\/a><\/span><span><a href=\"https:\/\/wettbewerb-archiv.wir-tun-was-fuer-bienen.de\/archiv-2021\/eintrag\/insektenhotel-mit-wildblumenstreifen\/\"><img decoding=\"async\" width=\"150\" height=\"150\" src=\"https:\/\/wettbewerb-archiv.wir-tun-was-fuer-bienen.de\/archiv-2021\/wp-content\/uploads\/sites\/3\/2021\/07\/Wettbewerb-2-150x150.jpg\" class=\"attachment-thumbnail size-thumbnail\" alt=\"\" loading=\"lazy\" \/><\/a><\/span><\/div>\n\n    <div class=\"user flex\">\n        \n                    <img decoding=\"async\" src=\"https:\/\/wettbewerb-archiv.wir-tun-was-fuer-bienen.de\/archiv-2021\/wp-content\/themes\/bienen\/assets\/images\/avatar-placeholder.png\" style=\"border-radius: 30px;\" height=\"30\" width=\"30\">\n            GS St. Ludgeri            <\/div>\n    \n    \n            <p class=\"categories meta\" style=\"width: 100%\"><span class=\"fa fa-tag\"\n                                                             aria-hidden=\"true\"><\/span> Schul- und Jugendclub-G\u00e4rten        <\/p>\n    \n            <p class=\"categories meta\" style=\"width: 100%\"><span class=\"fa fa-map-marker\"\n                                                             aria-hidden=\"true\"><\/span> Niedersachsen        <\/p>\n    \n<\/article>\n   \n\t\t\n          <article id=\"post-56005\" class=\"et_pb_post post-56005 wtwfb_entry type-wtwfb_entry status-publish has-post-thumbnail hentry wtwfb_category-firmen-institutions-und-vereinsgaerten wtwfb_region-bayern\">\n    <h2 class=\"entry-title\"><a href=\"https:\/\/wettbewerb-archiv.wir-tun-was-fuer-bienen.de\/archiv-2021\/eintrag\/verwandlung-von-weidewiese-in-regenerative-solawir-oase\/\">Verwandlung von Weidewiese in regenerative SoLaWiR Oase<\/a>\n    <\/h2>\n    <a href=\"https:\/\/wettbewerb-archiv.wir-tun-was-fuer-bienen.de\/archiv-2021\/eintrag\/verwandlung-von-weidewiese-in-regenerative-solawir-oase\/\">\n        <div class=\"bienen-entry-image\">\n            <img decoding=\"async\" width=\"400\" height=\"300\" src=\"https:\/\/wettbewerb-archiv.wir-tun-was-fuer-bienen.de\/archiv-2021\/wp-content\/uploads\/sites\/3\/2021\/07\/Wildbiene_Erdhummel_Ausschnitt-400x300.jpg\" class=\"attachment-bienen-grid-thumb size-bienen-grid-thumb wp-post-image\" alt=\"\" loading=\"lazy\" \/>                    <\/div>\n    <\/a>\n\n    <div class=\"images-grid\"><span><a href=\"https:\/\/wettbewerb-archiv.wir-tun-was-fuer-bienen.de\/archiv-2021\/eintrag\/verwandlung-von-weidewiese-in-regenerative-solawir-oase\/\"><img decoding=\"async\" width=\"150\" height=\"150\" src=\"https:\/\/wettbewerb-archiv.wir-tun-was-fuer-bienen.de\/archiv-2021\/wp-content\/uploads\/sites\/3\/2021\/07\/Kraeuter-8-150x150.jpg\" class=\"attachment-thumbnail size-thumbnail\" alt=\"\" loading=\"lazy\" \/><\/a><\/span><span><a href=\"https:\/\/wettbewerb-archiv.wir-tun-was-fuer-bienen.de\/archiv-2021\/eintrag\/verwandlung-von-weidewiese-in-regenerative-solawir-oase\/\"><img decoding=\"async\" width=\"150\" height=\"150\" src=\"https:\/\/wettbewerb-archiv.wir-tun-was-fuer-bienen.de\/archiv-2021\/wp-content\/uploads\/sites\/3\/2021\/07\/Mandalabeet-1-150x150.jpg\" class=\"attachment-thumbnail size-thumbnail\" alt=\"\" loading=\"lazy\" \/><\/a><\/span><span><a href=\"https:\/\/wettbewerb-archiv.wir-tun-was-fuer-bienen.de\/archiv-2021\/eintrag\/verwandlung-von-weidewiese-in-regenerative-solawir-oase\/\"><img decoding=\"async\" width=\"150\" height=\"150\" src=\"https:\/\/wettbewerb-archiv.wir-tun-was-fuer-bienen.de\/archiv-2021\/wp-content\/uploads\/sites\/3\/2021\/07\/Teamwork-150x150.jpg\" class=\"attachment-thumbnail size-thumbnail\" alt=\"\" loading=\"lazy\" \/><\/a><\/span><span><a href=\"https:\/\/wettbewerb-archiv.wir-tun-was-fuer-bienen.de\/archiv-2021\/eintrag\/verwandlung-von-weidewiese-in-regenerative-solawir-oase\/\"><img decoding=\"async\" width=\"150\" height=\"150\" src=\"https:\/\/wettbewerb-archiv.wir-tun-was-fuer-bienen.de\/archiv-2021\/wp-content\/uploads\/sites\/3\/2021\/07\/Kraterbeet-150x150.jpg\" class=\"attachment-thumbnail size-thumbnail\" alt=\"\" loading=\"lazy\" \/><\/a><\/span><\/div>\n\n    <div class=\"user flex\">\n        \n                    <img decoding=\"async\" src=\"https:\/\/wettbewerb-archiv.wir-tun-was-fuer-bienen.de\/archiv-2021\/wp-content\/themes\/bienen\/assets\/images\/avatar-placeholder.png\" style=\"border-radius: 30px;\" height=\"30\" width=\"30\">\n            Kerschbaumerhof            <\/div>\n    \n    \n            <p class=\"categories meta\" style=\"width: 100%\"><span class=\"fa fa-tag\"\n                                                             aria-hidden=\"true\"><\/span> Firmen-, Institutions- und Vereinsg\u00e4rten        <\/p>\n    \n            <p class=\"categories meta\" style=\"width: 100%\"><span class=\"fa fa-map-marker\"\n                                                             aria-hidden=\"true\"><\/span> Bayern        <\/p>\n    \n<\/article>\n   \n\t\t\n          <article id=\"post-55971\" class=\"et_pb_post post-55971 wtwfb_entry type-wtwfb_entry status-publish has-post-thumbnail hentry wtwfb_category-kommunale-flaechen-parks-baumscheiben wtwfb_region-mecklenburg-vorpommern\">\n    <h2 class=\"entry-title\"><a href=\"https:\/\/wettbewerb-archiv.wir-tun-was-fuer-bienen.de\/archiv-2021\/eintrag\/wildbienennisthilfen-mit-blumenwiese\/\">Wildbienennisthilfen mit Blumenwiese<\/a>\n    <\/h2>\n    <a href=\"https:\/\/wettbewerb-archiv.wir-tun-was-fuer-bienen.de\/archiv-2021\/eintrag\/wildbienennisthilfen-mit-blumenwiese\/\">\n        <div class=\"bienen-entry-image\">\n            <img decoding=\"async\" width=\"400\" height=\"300\" src=\"https:\/\/wettbewerb-archiv.wir-tun-was-fuer-bienen.de\/archiv-2021\/wp-content\/uploads\/sites\/3\/2021\/07\/Scan0002-400x300.jpg\" class=\"attachment-bienen-grid-thumb size-bienen-grid-thumb wp-post-image\" alt=\"\" loading=\"lazy\" \/>                    <\/div>\n    <\/a>\n\n    <div class=\"images-grid\"><span><a href=\"https:\/\/wettbewerb-archiv.wir-tun-was-fuer-bienen.de\/archiv-2021\/eintrag\/wildbienennisthilfen-mit-blumenwiese\/\"><img decoding=\"async\" width=\"150\" height=\"150\" src=\"https:\/\/wettbewerb-archiv.wir-tun-was-fuer-bienen.de\/archiv-2021\/wp-content\/uploads\/sites\/3\/2021\/07\/Scan0007-150x150.jpg\" class=\"attachment-thumbnail size-thumbnail\" alt=\"\" loading=\"lazy\" \/><\/a><\/span><span><a href=\"https:\/\/wettbewerb-archiv.wir-tun-was-fuer-bienen.de\/archiv-2021\/eintrag\/wildbienennisthilfen-mit-blumenwiese\/\"><img decoding=\"async\" width=\"150\" height=\"150\" src=\"https:\/\/wettbewerb-archiv.wir-tun-was-fuer-bienen.de\/archiv-2021\/wp-content\/uploads\/sites\/3\/2021\/07\/Scan0005-150x150.jpg\" class=\"attachment-thumbnail size-thumbnail\" alt=\"\" loading=\"lazy\" \/><\/a><\/span><span><a href=\"https:\/\/wettbewerb-archiv.wir-tun-was-fuer-bienen.de\/archiv-2021\/eintrag\/wildbienennisthilfen-mit-blumenwiese\/\"><img decoding=\"async\" width=\"150\" height=\"150\" src=\"https:\/\/wettbewerb-archiv.wir-tun-was-fuer-bienen.de\/archiv-2021\/wp-content\/uploads\/sites\/3\/2021\/07\/Scan0008-150x150.jpg\" class=\"attachment-thumbnail size-thumbnail\" alt=\"\" loading=\"lazy\" \/><\/a><\/span><span><a href=\"https:\/\/wettbewerb-archiv.wir-tun-was-fuer-bienen.de\/archiv-2021\/eintrag\/wildbienennisthilfen-mit-blumenwiese\/\"><img decoding=\"async\" width=\"150\" height=\"150\" src=\"https:\/\/wettbewerb-archiv.wir-tun-was-fuer-bienen.de\/archiv-2021\/wp-content\/uploads\/sites\/3\/2021\/07\/Scan0004-150x150.jpg\" class=\"attachment-thumbnail size-thumbnail\" alt=\"\" loading=\"lazy\" \/><\/a><\/span><\/div>\n\n    <div class=\"user flex\">\n        \n                    <img decoding=\"async\" src=\"https:\/\/wettbewerb-archiv.wir-tun-was-fuer-bienen.de\/archiv-2021\/wp-content\/themes\/bienen\/assets\/images\/avatar-placeholder.png\" style=\"border-radius: 30px;\" height=\"30\" width=\"30\">\n            Marina B\u00f6ttcher            <\/div>\n    \n    \n            <p class=\"categories meta\" style=\"width: 100%\"><span class=\"fa fa-tag\"\n                                                             aria-hidden=\"true\"><\/span> Kommunale Fl\u00e4chen, Parks, Baumscheiben        <\/p>\n    \n            <p class=\"categories meta\" style=\"width: 100%\"><span class=\"fa fa-map-marker\"\n                                                             aria-hidden=\"true\"><\/span> Mecklenburg-Vorpommern        <\/p>\n    \n<\/article>\n   \n\t\t\n          <article id=\"post-55927\" class=\"et_pb_post post-55927 wtwfb_entry type-wtwfb_entry status-publish has-post-thumbnail hentry wtwfb_category-kommunale-flaechen-parks-baumscheiben wtwfb_region-schleswig-holstein\">\n    <h2 class=\"entry-title\"><a href=\"https:\/\/wettbewerb-archiv.wir-tun-was-fuer-bienen.de\/archiv-2021\/eintrag\/ideengarten-ascheffel-sh\/\">Ideengarten Ascheffel SH<\/a>\n    <\/h2>\n    <a href=\"https:\/\/wettbewerb-archiv.wir-tun-was-fuer-bienen.de\/archiv-2021\/eintrag\/ideengarten-ascheffel-sh\/\">\n        <div class=\"bienen-entry-image\">\n            <img decoding=\"async\" width=\"400\" height=\"300\" src=\"https:\/\/wettbewerb-archiv.wir-tun-was-fuer-bienen.de\/archiv-2021\/wp-content\/uploads\/sites\/3\/2021\/07\/IdeengartenSkizze-400x300.jpg\" class=\"attachment-bienen-grid-thumb size-bienen-grid-thumb wp-post-image\" alt=\"\" loading=\"lazy\" \/>                    <\/div>\n    <\/a>\n\n    <div class=\"images-grid\"><span><a href=\"https:\/\/wettbewerb-archiv.wir-tun-was-fuer-bienen.de\/archiv-2021\/eintrag\/ideengarten-ascheffel-sh\/\"><img decoding=\"async\" width=\"150\" height=\"150\" src=\"https:\/\/wettbewerb-archiv.wir-tun-was-fuer-bienen.de\/archiv-2021\/wp-content\/uploads\/sites\/3\/2021\/07\/IdeengartenSkizze-1-150x150.jpg\" class=\"attachment-thumbnail size-thumbnail\" alt=\"\" loading=\"lazy\" \/><\/a><\/span><span><a href=\"https:\/\/wettbewerb-archiv.wir-tun-was-fuer-bienen.de\/archiv-2021\/eintrag\/ideengarten-ascheffel-sh\/\"><img decoding=\"async\" width=\"150\" height=\"150\" src=\"https:\/\/wettbewerb-archiv.wir-tun-was-fuer-bienen.de\/archiv-2021\/wp-content\/uploads\/sites\/3\/2021\/07\/BauarbeitenKuesterkoppel2000-150x150.jpg\" class=\"attachment-thumbnail size-thumbnail\" alt=\"\" loading=\"lazy\" \/><\/a><\/span><span><a href=\"https:\/\/wettbewerb-archiv.wir-tun-was-fuer-bienen.de\/archiv-2021\/eintrag\/ideengarten-ascheffel-sh\/\"><img decoding=\"async\" width=\"150\" height=\"150\" src=\"https:\/\/wettbewerb-archiv.wir-tun-was-fuer-bienen.de\/archiv-2021\/wp-content\/uploads\/sites\/3\/2021\/07\/BauarbeitenKuesterkoppelBank2000-150x150.jpg\" class=\"attachment-thumbnail size-thumbnail\" alt=\"\" loading=\"lazy\" \/><\/a><\/span><span><a href=\"https:\/\/wettbewerb-archiv.wir-tun-was-fuer-bienen.de\/archiv-2021\/eintrag\/ideengarten-ascheffel-sh\/\"><img decoding=\"async\" width=\"150\" height=\"106\" src=\"https:\/\/wettbewerb-archiv.wir-tun-was-fuer-bienen.de\/archiv-2021\/wp-content\/uploads\/sites\/3\/2021\/07\/Ideengarten_KielerNachrichten_15.10.2020-pdf-150x106.jpg\" class=\"attachment-thumbnail size-thumbnail\" alt=\"\" loading=\"lazy\" \/><\/a><\/span><\/div>\n\n    <div class=\"user flex\">\n        \n                    <img decoding=\"async\" src=\"https:\/\/wettbewerb-archiv.wir-tun-was-fuer-bienen.de\/archiv-2021\/wp-content\/themes\/bienen\/assets\/images\/avatar-placeholder.png\" style=\"border-radius: 30px;\" height=\"30\" width=\"30\">\n            AG Bl\u00fctenreich Ascheffel            <\/div>\n    \n    <p class=\"categories meta bienen-gewinner\"><span class=\"fa fa-trophy\"                                                              aria-hidden=\"true\"><\/span> Gewinner<\/p>\n            <p class=\"categories meta\" style=\"width: 100%\"><span class=\"fa fa-tag\"\n                                                             aria-hidden=\"true\"><\/span> Kommunale Fl\u00e4chen, Parks, Baumscheiben        <\/p>\n    \n            <p class=\"categories meta\" style=\"width: 100%\"><span class=\"fa fa-map-marker\"\n                                                             aria-hidden=\"true\"><\/span> Schleswig-Holstein        <\/p>\n    \n<\/article>\n   \n\t\t\n          <article id=\"post-55895\" class=\"et_pb_post post-55895 wtwfb_entry type-wtwfb_entry status-publish has-post-thumbnail hentry wtwfb_category-privatgaerten-und-gaerten-von-mietwohnungen-kleiner-500-quadratmeter wtwfb_region-baden-wuerttemberg\">\n    <h2 class=\"entry-title\"><a href=\"https:\/\/wettbewerb-archiv.wir-tun-was-fuer-bienen.de\/archiv-2021\/eintrag\/natuerliche-garten-statt-schotterflaechen-carportdach-begruenung-buerger-initiative-und-flyer-aktion\/\">Nat\u00fcrliche Garten statt Schotterfl\u00e4chen, Carportdach-...<\/a>\n    <\/h2>\n    <a href=\"https:\/\/wettbewerb-archiv.wir-tun-was-fuer-bienen.de\/archiv-2021\/eintrag\/natuerliche-garten-statt-schotterflaechen-carportdach-begruenung-buerger-initiative-und-flyer-aktion\/\">\n        <div class=\"bienen-entry-image\">\n            <img decoding=\"async\" width=\"400\" height=\"300\" src=\"https:\/\/wettbewerb-archiv.wir-tun-was-fuer-bienen.de\/archiv-2021\/wp-content\/uploads\/sites\/3\/2021\/07\/IMG_9416-400x300.jpg\" class=\"attachment-bienen-grid-thumb size-bienen-grid-thumb wp-post-image\" alt=\"\" loading=\"lazy\" \/>                    <\/div>\n    <\/a>\n\n    <div class=\"images-grid\"><\/div>\n\n    <div class=\"user flex\">\n        \n                    <img decoding=\"async\" src=\"https:\/\/wettbewerb-archiv.wir-tun-was-fuer-bienen.de\/archiv-2021\/wp-content\/themes\/bienen\/assets\/images\/avatar-placeholder.png\" style=\"border-radius: 30px;\" height=\"30\" width=\"30\">\n            Heiko Strittmatter            <\/div>\n    \n    \n            <p class=\"categories meta\" style=\"width: 100%\"><span class=\"fa fa-tag\"\n                                                             aria-hidden=\"true\"><\/span> Privatg\u00e4rten und G\u00e4rten von Mietwohnungen (kleiner als 500 Quadratmeter)        <\/p>\n    \n            <p class=\"categories meta\" style=\"width: 100%\"><span class=\"fa fa-map-marker\"\n                                                             aria-hidden=\"true\"><\/span> Baden-W\u00fcrttemberg        <\/p>\n    \n<\/article>\n   \n\t\t\n          <article id=\"post-55874\" class=\"et_pb_post post-55874 wtwfb_entry type-wtwfb_entry status-publish has-post-thumbnail hentry wtwfb_category-schul-und-jugendclub-gaerten wtwfb_region-niedersachsen\">\n    <h2 class=\"entry-title\"><a href=\"https:\/\/wettbewerb-archiv.wir-tun-was-fuer-bienen.de\/archiv-2021\/eintrag\/das-blumen-rondell-beim-soccerplatz\/\">Das Blumen-Rondell beim Soccerplatz<\/a>\n    <\/h2>\n    <a href=\"https:\/\/wettbewerb-archiv.wir-tun-was-fuer-bienen.de\/archiv-2021\/eintrag\/das-blumen-rondell-beim-soccerplatz\/\">\n        <div class=\"bienen-entry-image\">\n            <img decoding=\"async\" width=\"400\" height=\"300\" src=\"https:\/\/wettbewerb-archiv.wir-tun-was-fuer-bienen.de\/archiv-2021\/wp-content\/uploads\/sites\/3\/2021\/07\/Eges-Ende-Kopie-400x300.jpg\" class=\"attachment-bienen-grid-thumb size-bienen-grid-thumb wp-post-image\" alt=\"\" loading=\"lazy\" \/>                    <\/div>\n    <\/a>\n\n    <div class=\"images-grid\"><span><a href=\"https:\/\/wettbewerb-archiv.wir-tun-was-fuer-bienen.de\/archiv-2021\/eintrag\/das-blumen-rondell-beim-soccerplatz\/\"><img decoding=\"async\" width=\"150\" height=\"150\" src=\"https:\/\/wettbewerb-archiv.wir-tun-was-fuer-bienen.de\/archiv-2021\/wp-content\/uploads\/sites\/3\/2021\/07\/001-1-150x150.jpg\" class=\"attachment-thumbnail size-thumbnail\" alt=\"\" loading=\"lazy\" \/><\/a><\/span><span><a href=\"https:\/\/wettbewerb-archiv.wir-tun-was-fuer-bienen.de\/archiv-2021\/eintrag\/das-blumen-rondell-beim-soccerplatz\/\"><img decoding=\"async\" width=\"150\" height=\"150\" src=\"https:\/\/wettbewerb-archiv.wir-tun-was-fuer-bienen.de\/archiv-2021\/wp-content\/uploads\/sites\/3\/2021\/07\/002-150x150.jpg\" class=\"attachment-thumbnail size-thumbnail\" alt=\"\" loading=\"lazy\" \/><\/a><\/span><span><a href=\"https:\/\/wettbewerb-archiv.wir-tun-was-fuer-bienen.de\/archiv-2021\/eintrag\/das-blumen-rondell-beim-soccerplatz\/\"><img decoding=\"async\" width=\"150\" height=\"150\" src=\"https:\/\/wettbewerb-archiv.wir-tun-was-fuer-bienen.de\/archiv-2021\/wp-content\/uploads\/sites\/3\/2021\/07\/003-150x150.jpg\" class=\"attachment-thumbnail size-thumbnail\" alt=\"\" loading=\"lazy\" \/><\/a><\/span><span><a href=\"https:\/\/wettbewerb-archiv.wir-tun-was-fuer-bienen.de\/archiv-2021\/eintrag\/das-blumen-rondell-beim-soccerplatz\/\"><img decoding=\"async\" width=\"150\" height=\"150\" src=\"https:\/\/wettbewerb-archiv.wir-tun-was-fuer-bienen.de\/archiv-2021\/wp-content\/uploads\/sites\/3\/2021\/07\/004-150x150.jpg\" class=\"attachment-thumbnail size-thumbnail\" alt=\"\" loading=\"lazy\" \/><\/a><\/span><\/div>\n\n    <div class=\"user flex\">\n        \n                    <img decoding=\"async\" src=\"https:\/\/wettbewerb-archiv.wir-tun-was-fuer-bienen.de\/archiv-2021\/wp-content\/themes\/bienen\/assets\/images\/avatar-placeholder.png\" style=\"border-radius: 30px;\" height=\"30\" width=\"30\">\n            Domiziel            <\/div>\n    \n    \n            <p class=\"categories meta\" style=\"width: 100%\"><span class=\"fa fa-tag\"\n                                                             aria-hidden=\"true\"><\/span> Schul- und Jugendclub-G\u00e4rten        <\/p>\n    \n            <p class=\"categories meta\" style=\"width: 100%\"><span class=\"fa fa-map-marker\"\n                                                             aria-hidden=\"true\"><\/span> Niedersachsen        <\/p>\n    \n<\/article>\n   \n\t\t\n          <article id=\"post-55810\" class=\"et_pb_post post-55810 wtwfb_entry type-wtwfb_entry status-publish has-post-thumbnail hentry wtwfb_category-kita-und-kindergartengaerten wtwfb_region-thueringen\">\n    <h2 class=\"entry-title\"><a href=\"https:\/\/wettbewerb-archiv.wir-tun-was-fuer-bienen.de\/archiv-2021\/eintrag\/rubienrot-und-honiggelb-blumen-fuer-die-fahnersche-bienenwelt\/\">ruBIENrot und HONIGelb, Blumen f\u00fcr die Fahnersche Bien...<\/a>\n    <\/h2>\n    <a href=\"https:\/\/wettbewerb-archiv.wir-tun-was-fuer-bienen.de\/archiv-2021\/eintrag\/rubienrot-und-honiggelb-blumen-fuer-die-fahnersche-bienenwelt\/\">\n        <div class=\"bienen-entry-image\">\n            <img decoding=\"async\" width=\"400\" height=\"300\" src=\"https:\/\/wettbewerb-archiv.wir-tun-was-fuer-bienen.de\/archiv-2021\/wp-content\/uploads\/sites\/3\/2021\/07\/3750F7F4-6D96-45AF-B7A5-0D40DF94DCFA-400x300.jpeg\" class=\"attachment-bienen-grid-thumb size-bienen-grid-thumb wp-post-image\" alt=\"\" loading=\"lazy\" \/>                    <\/div>\n    <\/a>\n\n    <div class=\"images-grid\"><span><a href=\"https:\/\/wettbewerb-archiv.wir-tun-was-fuer-bienen.de\/archiv-2021\/eintrag\/rubienrot-und-honiggelb-blumen-fuer-die-fahnersche-bienenwelt\/\"><img decoding=\"async\" width=\"150\" height=\"150\" src=\"https:\/\/wettbewerb-archiv.wir-tun-was-fuer-bienen.de\/archiv-2021\/wp-content\/uploads\/sites\/3\/2021\/07\/D659E40A-A72F-493D-B316-046C4D55D73E-150x150.jpeg\" class=\"attachment-thumbnail size-thumbnail\" alt=\"\" loading=\"lazy\" \/><\/a><\/span><span><a href=\"https:\/\/wettbewerb-archiv.wir-tun-was-fuer-bienen.de\/archiv-2021\/eintrag\/rubienrot-und-honiggelb-blumen-fuer-die-fahnersche-bienenwelt\/\"><img decoding=\"async\" width=\"150\" height=\"150\" src=\"https:\/\/wettbewerb-archiv.wir-tun-was-fuer-bienen.de\/archiv-2021\/wp-content\/uploads\/sites\/3\/2021\/07\/E0E4BF6C-629B-44C8-8705-5BC8EB8F0F8D-150x150.jpeg\" class=\"attachment-thumbnail size-thumbnail\" alt=\"\" loading=\"lazy\" \/><\/a><\/span><span><a href=\"https:\/\/wettbewerb-archiv.wir-tun-was-fuer-bienen.de\/archiv-2021\/eintrag\/rubienrot-und-honiggelb-blumen-fuer-die-fahnersche-bienenwelt\/\"><img decoding=\"async\" width=\"150\" height=\"150\" src=\"https:\/\/wettbewerb-archiv.wir-tun-was-fuer-bienen.de\/archiv-2021\/wp-content\/uploads\/sites\/3\/2021\/07\/7F81CFCF-EEA3-4AB6-80BC-E9280247FF11-150x150.jpeg\" class=\"attachment-thumbnail size-thumbnail\" alt=\"\" loading=\"lazy\" \/><\/a><\/span><span><a href=\"https:\/\/wettbewerb-archiv.wir-tun-was-fuer-bienen.de\/archiv-2021\/eintrag\/rubienrot-und-honiggelb-blumen-fuer-die-fahnersche-bienenwelt\/\"><img decoding=\"async\" width=\"150\" height=\"150\" src=\"https:\/\/wettbewerb-archiv.wir-tun-was-fuer-bienen.de\/archiv-2021\/wp-content\/uploads\/sites\/3\/2021\/07\/D1D2CC8E-AD3A-4569-A38C-B29A1B3968F8-150x150.jpeg\" class=\"attachment-thumbnail size-thumbnail\" alt=\"\" loading=\"lazy\" \/><\/a><\/span><\/div>\n\n    <div class=\"user flex\">\n        \n                    <img decoding=\"async\" src=\"https:\/\/wettbewerb-archiv.wir-tun-was-fuer-bienen.de\/archiv-2021\/wp-content\/themes\/bienen\/assets\/images\/avatar-placeholder.png\" style=\"border-radius: 30px;\" height=\"30\" width=\"30\">\n            Kita Oswin Schuchardt            <\/div>\n    \n    \n            <p class=\"categories meta\" style=\"width: 100%\"><span class=\"fa fa-tag\"\n                                                             aria-hidden=\"true\"><\/span> Kita- und Kindergarteng\u00e4rten        <\/p>\n    \n            <p class=\"categories meta\" style=\"width: 100%\"><span class=\"fa fa-map-marker\"\n                                                             aria-hidden=\"true\"><\/span> Th\u00fcringen        <\/p>\n    \n<\/article>\n   \n\t\t\n          <article id=\"post-55736\" class=\"et_pb_post post-55736 wtwfb_entry type-wtwfb_entry status-publish has-post-thumbnail hentry wtwfb_category-kita-und-kindergartengaerten wtwfb_region-sachsen-anhalt\">\n    <h2 class=\"entry-title\"><a href=\"https:\/\/wettbewerb-archiv.wir-tun-was-fuer-bienen.de\/archiv-2021\/eintrag\/ein-bienenprojekt-mit-50-kokons-roter-mauerbienen-zum-50jaehrigen-jubilaeum\/\">ein Bienenprojekt mit 50 Kokons roter Mauerbienen zum 5...<\/a>\n    <\/h2>\n    <a href=\"https:\/\/wettbewerb-archiv.wir-tun-was-fuer-bienen.de\/archiv-2021\/eintrag\/ein-bienenprojekt-mit-50-kokons-roter-mauerbienen-zum-50jaehrigen-jubilaeum\/\">\n        <div class=\"bienen-entry-image\">\n            <img decoding=\"async\" width=\"400\" height=\"300\" src=\"https:\/\/wettbewerb-archiv.wir-tun-was-fuer-bienen.de\/archiv-2021\/wp-content\/uploads\/sites\/3\/2021\/07\/Folie1-400x300.jpg\" class=\"attachment-bienen-grid-thumb size-bienen-grid-thumb wp-post-image\" alt=\"\" loading=\"lazy\" \/>                    <\/div>\n    <\/a>\n\n    <div class=\"images-grid\"><span><a href=\"https:\/\/wettbewerb-archiv.wir-tun-was-fuer-bienen.de\/archiv-2021\/eintrag\/ein-bienenprojekt-mit-50-kokons-roter-mauerbienen-zum-50jaehrigen-jubilaeum\/\"><img decoding=\"async\" width=\"150\" height=\"150\" src=\"https:\/\/wettbewerb-archiv.wir-tun-was-fuer-bienen.de\/archiv-2021\/wp-content\/uploads\/sites\/3\/2021\/07\/Folie2-150x150.jpg\" class=\"attachment-thumbnail size-thumbnail\" alt=\"\" loading=\"lazy\" \/><\/a><\/span><span><a href=\"https:\/\/wettbewerb-archiv.wir-tun-was-fuer-bienen.de\/archiv-2021\/eintrag\/ein-bienenprojekt-mit-50-kokons-roter-mauerbienen-zum-50jaehrigen-jubilaeum\/\"><img decoding=\"async\" width=\"150\" height=\"150\" src=\"https:\/\/wettbewerb-archiv.wir-tun-was-fuer-bienen.de\/archiv-2021\/wp-content\/uploads\/sites\/3\/2021\/07\/Folie5-150x150.jpg\" class=\"attachment-thumbnail size-thumbnail\" alt=\"\" loading=\"lazy\" \/><\/a><\/span><span><a href=\"https:\/\/wettbewerb-archiv.wir-tun-was-fuer-bienen.de\/archiv-2021\/eintrag\/ein-bienenprojekt-mit-50-kokons-roter-mauerbienen-zum-50jaehrigen-jubilaeum\/\"><img decoding=\"async\" width=\"150\" height=\"150\" src=\"https:\/\/wettbewerb-archiv.wir-tun-was-fuer-bienen.de\/archiv-2021\/wp-content\/uploads\/sites\/3\/2021\/07\/Folie6-150x150.jpg\" class=\"attachment-thumbnail size-thumbnail\" alt=\"\" loading=\"lazy\" \/><\/a><\/span><span><a href=\"https:\/\/wettbewerb-archiv.wir-tun-was-fuer-bienen.de\/archiv-2021\/eintrag\/ein-bienenprojekt-mit-50-kokons-roter-mauerbienen-zum-50jaehrigen-jubilaeum\/\"><img decoding=\"async\" width=\"150\" height=\"150\" src=\"https:\/\/wettbewerb-archiv.wir-tun-was-fuer-bienen.de\/archiv-2021\/wp-content\/uploads\/sites\/3\/2021\/07\/Folie7-150x150.jpg\" class=\"attachment-thumbnail size-thumbnail\" alt=\"\" loading=\"lazy\" \/><\/a><\/span><\/div>\n\n    <div class=\"user flex\">\n        \n                    <img decoding=\"async\" src=\"https:\/\/wettbewerb-archiv.wir-tun-was-fuer-bienen.de\/archiv-2021\/wp-content\/themes\/bienen\/assets\/images\/avatar-placeholder.png\" style=\"border-radius: 30px;\" height=\"30\" width=\"30\">\n            KiTa Klettermax            <\/div>\n    \n    \n            <p class=\"categories meta\" style=\"width: 100%\"><span class=\"fa fa-tag\"\n                                                             aria-hidden=\"true\"><\/span> Kita- und Kindergarteng\u00e4rten        <\/p>\n    \n            <p class=\"categories meta\" style=\"width: 100%\"><span class=\"fa fa-map-marker\"\n                                                             aria-hidden=\"true\"><\/span> Sachsen-Anhalt        <\/p>\n    \n<\/article>\n   \n\t\t\n          <article id=\"post-55682\" class=\"et_pb_post post-55682 wtwfb_entry type-wtwfb_entry status-publish has-post-thumbnail hentry wtwfb_category-firmen-institutions-und-vereinsgaerten wtwfb_region-bayern\">\n    <h2 class=\"entry-title\"><a href=\"https:\/\/wettbewerb-archiv.wir-tun-was-fuer-bienen.de\/archiv-2021\/eintrag\/lebensraumlandartprojekt-sandarium-totholz-trockenmauer-und-mehr\/\">LebensRaumLandArtProjekt: Sandarium, Totholz, Trockenma...<\/a>\n    <\/h2>\n    <a href=\"https:\/\/wettbewerb-archiv.wir-tun-was-fuer-bienen.de\/archiv-2021\/eintrag\/lebensraumlandartprojekt-sandarium-totholz-trockenmauer-und-mehr\/\">\n        <div class=\"bienen-entry-image\">\n            <img decoding=\"async\" width=\"400\" height=\"300\" src=\"https:\/\/wettbewerb-archiv.wir-tun-was-fuer-bienen.de\/archiv-2021\/wp-content\/uploads\/sites\/3\/2021\/07\/210717sandariumikg_2-400x300.jpg\" class=\"attachment-bienen-grid-thumb size-bienen-grid-thumb wp-post-image\" alt=\"\" loading=\"lazy\" \/>                    <\/div>\n    <\/a>\n\n    <div class=\"images-grid\"><span><a href=\"https:\/\/wettbewerb-archiv.wir-tun-was-fuer-bienen.de\/archiv-2021\/eintrag\/lebensraumlandartprojekt-sandarium-totholz-trockenmauer-und-mehr\/\"><img decoding=\"async\" width=\"150\" height=\"150\" src=\"https:\/\/wettbewerb-archiv.wir-tun-was-fuer-bienen.de\/archiv-2021\/wp-content\/uploads\/sites\/3\/2021\/07\/P1210649-150x150.jpg\" class=\"attachment-thumbnail size-thumbnail\" alt=\"\" loading=\"lazy\" \/><\/a><\/span><span><a href=\"https:\/\/wettbewerb-archiv.wir-tun-was-fuer-bienen.de\/archiv-2021\/eintrag\/lebensraumlandartprojekt-sandarium-totholz-trockenmauer-und-mehr\/\"><img decoding=\"async\" width=\"150\" height=\"150\" src=\"https:\/\/wettbewerb-archiv.wir-tun-was-fuer-bienen.de\/archiv-2021\/wp-content\/uploads\/sites\/3\/2021\/07\/P1210659-150x150.jpg\" class=\"attachment-thumbnail size-thumbnail\" alt=\"\" loading=\"lazy\" \/><\/a><\/span><span><a href=\"https:\/\/wettbewerb-archiv.wir-tun-was-fuer-bienen.de\/archiv-2021\/eintrag\/lebensraumlandartprojekt-sandarium-totholz-trockenmauer-und-mehr\/\"><img decoding=\"async\" width=\"150\" height=\"150\" src=\"https:\/\/wettbewerb-archiv.wir-tun-was-fuer-bienen.de\/archiv-2021\/wp-content\/uploads\/sites\/3\/2021\/07\/P1210683-150x150.jpg\" class=\"attachment-thumbnail size-thumbnail\" alt=\"\" loading=\"lazy\" \/><\/a><\/span><span><a href=\"https:\/\/wettbewerb-archiv.wir-tun-was-fuer-bienen.de\/archiv-2021\/eintrag\/lebensraumlandartprojekt-sandarium-totholz-trockenmauer-und-mehr\/\"><img decoding=\"async\" width=\"150\" height=\"150\" src=\"https:\/\/wettbewerb-archiv.wir-tun-was-fuer-bienen.de\/archiv-2021\/wp-content\/uploads\/sites\/3\/2021\/07\/P1210890-150x150.jpg\" class=\"attachment-thumbnail size-thumbnail\" alt=\"\" loading=\"lazy\" \/><\/a><\/span><\/div>\n\n    <div class=\"user flex\">\n        \n                    <img decoding=\"async\" src=\"https:\/\/wettbewerb-archiv.wir-tun-was-fuer-bienen.de\/archiv-2021\/wp-content\/themes\/bienen\/assets\/images\/avatar-placeholder.png\" style=\"border-radius: 30px;\" height=\"30\" width=\"30\">\n            Aktionsb\u00fcndnis \"Pfaffenhofen an der Ilm summt! \"            <\/div>\n    \n    <p class=\"categories meta bienen-gewinner\"><span class=\"fa fa-trophy\"                                                              aria-hidden=\"true\"><\/span> Gewinner<\/p>\n            <p class=\"categories meta\" style=\"width: 100%\"><span class=\"fa fa-tag\"\n                                                             aria-hidden=\"true\"><\/span> Firmen-, Institutions- und Vereinsg\u00e4rten        <\/p>\n    \n            <p class=\"categories meta\" style=\"width: 100%\"><span class=\"fa fa-map-marker\"\n                                                             aria-hidden=\"true\"><\/span> Bayern        <\/p>\n    \n<\/article>\n   \n\t\t\n          <article id=\"post-55642\" class=\"et_pb_post post-55642 wtwfb_entry type-wtwfb_entry status-publish has-post-thumbnail hentry wtwfb_category-privatgaerten-und-gaerten-von-mietwohnungen-groesser-500-quadratmeter wtwfb_region-niedersachsen\">\n    <h2 class=\"entry-title\"><a href=\"https:\/\/wettbewerb-archiv.wir-tun-was-fuer-bienen.de\/archiv-2021\/eintrag\/wir-tuen-was-fuer-bienen\/\">Wir tuen was f\u00fcr Bienen<\/a>\n    <\/h2>\n    <a href=\"https:\/\/wettbewerb-archiv.wir-tun-was-fuer-bienen.de\/archiv-2021\/eintrag\/wir-tuen-was-fuer-bienen\/\">\n        <div class=\"bienen-entry-image\">\n            <img decoding=\"async\" width=\"400\" height=\"300\" src=\"https:\/\/wettbewerb-archiv.wir-tun-was-fuer-bienen.de\/archiv-2021\/wp-content\/uploads\/sites\/3\/2021\/07\/EB4812AF-4C73-403A-99C7-3EDACCFFEF79-400x300.jpeg\" class=\"attachment-bienen-grid-thumb size-bienen-grid-thumb wp-post-image\" alt=\"\" loading=\"lazy\" \/>                    <\/div>\n    <\/a>\n\n    <div class=\"images-grid\"><span><a href=\"https:\/\/wettbewerb-archiv.wir-tun-was-fuer-bienen.de\/archiv-2021\/eintrag\/wir-tuen-was-fuer-bienen\/\"><img decoding=\"async\" width=\"150\" height=\"150\" src=\"https:\/\/wettbewerb-archiv.wir-tun-was-fuer-bienen.de\/archiv-2021\/wp-content\/uploads\/sites\/3\/2021\/07\/459BFF2D-451C-443D-BC2C-5186CEA2F7CD-150x150.jpeg\" class=\"attachment-thumbnail size-thumbnail\" alt=\"\" loading=\"lazy\" \/><\/a><\/span><span><a href=\"https:\/\/wettbewerb-archiv.wir-tun-was-fuer-bienen.de\/archiv-2021\/eintrag\/wir-tuen-was-fuer-bienen\/\"><img decoding=\"async\" width=\"150\" height=\"150\" src=\"https:\/\/wettbewerb-archiv.wir-tun-was-fuer-bienen.de\/archiv-2021\/wp-content\/uploads\/sites\/3\/2021\/07\/E606F11C-E979-4839-BDDC-5017073D9C1B-150x150.jpeg\" class=\"attachment-thumbnail size-thumbnail\" alt=\"\" loading=\"lazy\" \/><\/a><\/span><\/div>\n\n    <div class=\"user flex\">\n        \n                    <img decoding=\"async\" src=\"https:\/\/wettbewerb-archiv.wir-tun-was-fuer-bienen.de\/archiv-2021\/wp-content\/themes\/bienen\/assets\/images\/avatar-placeholder.png\" style=\"border-radius: 30px;\" height=\"30\" width=\"30\">\n            Irisraute            <\/div>\n    \n    \n            <p class=\"categories meta\" style=\"width: 100%\"><span class=\"fa fa-tag\"\n                                                             aria-hidden=\"true\"><\/span> Privatg\u00e4rten und G\u00e4rten von Mietwohnungen (gr\u00f6\u00dfer als 500 Quadratmeter)        <\/p>\n    \n            <p class=\"categories meta\" style=\"width: 100%\"><span class=\"fa fa-map-marker\"\n                                                             aria-hidden=\"true\"><\/span> Niedersachsen        <\/p>\n    \n<\/article>\n   \n\t\t\n          <article id=\"post-55425\" class=\"et_pb_post post-55425 wtwfb_entry type-wtwfb_entry status-publish has-post-thumbnail hentry wtwfb_category-privatgaerten-und-gaerten-von-mietwohnungen-groesser-500-quadratmeter wtwfb_region-brandenburg\">\n    <h2 class=\"entry-title\"><a href=\"https:\/\/wettbewerb-archiv.wir-tun-was-fuer-bienen.de\/archiv-2021\/eintrag\/wild-frei-unsere-gartenvielfalt\/\">Wild &amp; frei &#8211; unsere Gartenvielfalt<\/a>\n    <\/h2>\n    <a href=\"https:\/\/wettbewerb-archiv.wir-tun-was-fuer-bienen.de\/archiv-2021\/eintrag\/wild-frei-unsere-gartenvielfalt\/\">\n        <div class=\"bienen-entry-image\">\n            <img decoding=\"async\" width=\"400\" height=\"300\" src=\"https:\/\/wettbewerb-archiv.wir-tun-was-fuer-bienen.de\/archiv-2021\/wp-content\/uploads\/sites\/3\/2021\/07\/1-8-400x300.jpg\" class=\"attachment-bienen-grid-thumb size-bienen-grid-thumb wp-post-image\" alt=\"\" loading=\"lazy\" \/>                    <\/div>\n    <\/a>\n\n    <div class=\"images-grid\"><span><a href=\"https:\/\/wettbewerb-archiv.wir-tun-was-fuer-bienen.de\/archiv-2021\/eintrag\/wild-frei-unsere-gartenvielfalt\/\"><img decoding=\"async\" width=\"150\" height=\"150\" src=\"https:\/\/wettbewerb-archiv.wir-tun-was-fuer-bienen.de\/archiv-2021\/wp-content\/uploads\/sites\/3\/2021\/07\/7-4-150x150.jpg\" class=\"attachment-thumbnail size-thumbnail\" alt=\"\" loading=\"lazy\" \/><\/a><\/span><span><a href=\"https:\/\/wettbewerb-archiv.wir-tun-was-fuer-bienen.de\/archiv-2021\/eintrag\/wild-frei-unsere-gartenvielfalt\/\"><img decoding=\"async\" width=\"150\" height=\"150\" src=\"https:\/\/wettbewerb-archiv.wir-tun-was-fuer-bienen.de\/archiv-2021\/wp-content\/uploads\/sites\/3\/2021\/07\/8-2-150x150.jpg\" class=\"attachment-thumbnail size-thumbnail\" alt=\"\" loading=\"lazy\" \/><\/a><\/span><span><a href=\"https:\/\/wettbewerb-archiv.wir-tun-was-fuer-bienen.de\/archiv-2021\/eintrag\/wild-frei-unsere-gartenvielfalt\/\"><img decoding=\"async\" width=\"150\" height=\"150\" src=\"https:\/\/wettbewerb-archiv.wir-tun-was-fuer-bienen.de\/archiv-2021\/wp-content\/uploads\/sites\/3\/2021\/07\/9-3-150x150.jpg\" class=\"attachment-thumbnail size-thumbnail\" alt=\"\" loading=\"lazy\" \/><\/a><\/span><span><a href=\"https:\/\/wettbewerb-archiv.wir-tun-was-fuer-bienen.de\/archiv-2021\/eintrag\/wild-frei-unsere-gartenvielfalt\/\"><img decoding=\"async\" width=\"150\" height=\"150\" src=\"https:\/\/wettbewerb-archiv.wir-tun-was-fuer-bienen.de\/archiv-2021\/wp-content\/uploads\/sites\/3\/2021\/07\/10-3-150x150.jpg\" class=\"attachment-thumbnail size-thumbnail\" alt=\"\" loading=\"lazy\" \/><\/a><\/span><\/div>\n\n    <div class=\"user flex\">\n        \n                    <img decoding=\"async\" src=\"https:\/\/wettbewerb-archiv.wir-tun-was-fuer-bienen.de\/archiv-2021\/wp-content\/themes\/bienen\/assets\/images\/avatar-placeholder.png\" style=\"border-radius: 30px;\" height=\"30\" width=\"30\">\n            \u201eWild & frei\u201c            <\/div>\n    \n    \n            <p class=\"categories meta\" style=\"width: 100%\"><span class=\"fa fa-tag\"\n                                                             aria-hidden=\"true\"><\/span> Privatg\u00e4rten und G\u00e4rten von Mietwohnungen (gr\u00f6\u00dfer als 500 Quadratmeter)        <\/p>\n    \n            <p class=\"categories meta\" style=\"width: 100%\"><span class=\"fa fa-map-marker\"\n                                                             aria-hidden=\"true\"><\/span> Brandenburg        <\/p>\n    \n<\/article>\n   \n\t\t\n          <article id=\"post-55110\" class=\"et_pb_post post-55110 wtwfb_entry type-wtwfb_entry status-publish has-post-thumbnail hentry wtwfb_category-schul-und-jugendclub-gaerten wtwfb_region-thueringen\">\n    <h2 class=\"entry-title\"><a href=\"https:\/\/wettbewerb-archiv.wir-tun-was-fuer-bienen.de\/archiv-2021\/eintrag\/die-biene-caroline-zeigt-euch-ihre-welt\/\">&#8222;Die Biene Caroline zeigt euch ihre Welt&#8220;<\/a>\n    <\/h2>\n    <a href=\"https:\/\/wettbewerb-archiv.wir-tun-was-fuer-bienen.de\/archiv-2021\/eintrag\/die-biene-caroline-zeigt-euch-ihre-welt\/\">\n        <div class=\"bienen-entry-image\">\n            <img decoding=\"async\" width=\"400\" height=\"300\" src=\"https:\/\/wettbewerb-archiv.wir-tun-was-fuer-bienen.de\/archiv-2021\/wp-content\/uploads\/sites\/3\/2021\/07\/Bienenbox-400x300.jpg\" class=\"attachment-bienen-grid-thumb size-bienen-grid-thumb wp-post-image\" alt=\"\" loading=\"lazy\" \/>                    <\/div>\n    <\/a>\n\n    <div class=\"images-grid\"><span><a href=\"https:\/\/wettbewerb-archiv.wir-tun-was-fuer-bienen.de\/archiv-2021\/eintrag\/die-biene-caroline-zeigt-euch-ihre-welt\/\"><img decoding=\"async\" width=\"150\" height=\"150\" src=\"https:\/\/wettbewerb-archiv.wir-tun-was-fuer-bienen.de\/archiv-2021\/wp-content\/uploads\/sites\/3\/2021\/07\/Blumen-und-Kraeuter-fuer-den-Freizeittreff-Auszeit-150x150.jpg\" class=\"attachment-thumbnail size-thumbnail\" alt=\"\" loading=\"lazy\" \/><\/a><\/span><span><a href=\"https:\/\/wettbewerb-archiv.wir-tun-was-fuer-bienen.de\/archiv-2021\/eintrag\/die-biene-caroline-zeigt-euch-ihre-welt\/\"><img decoding=\"async\" width=\"150\" height=\"150\" src=\"https:\/\/wettbewerb-archiv.wir-tun-was-fuer-bienen.de\/archiv-2021\/wp-content\/uploads\/sites\/3\/2021\/07\/Blumen-und-Kraeuter-fuer-den-Freizeittreff-Auszeit-2-150x150.jpg\" class=\"attachment-thumbnail size-thumbnail\" alt=\"\" loading=\"lazy\" \/><\/a><\/span><span><a href=\"https:\/\/wettbewerb-archiv.wir-tun-was-fuer-bienen.de\/archiv-2021\/eintrag\/die-biene-caroline-zeigt-euch-ihre-welt\/\"><img decoding=\"async\" width=\"150\" height=\"150\" src=\"https:\/\/wettbewerb-archiv.wir-tun-was-fuer-bienen.de\/archiv-2021\/wp-content\/uploads\/sites\/3\/2021\/07\/Blumen-und-Kraeuter-fuer-den-Freizeittreff-Auszeit-1-150x150.jpg\" class=\"attachment-thumbnail size-thumbnail\" alt=\"\" loading=\"lazy\" srcset=\"https:\/\/wettbewerb-archiv.wir-tun-was-fuer-bienen.de\/archiv-2021\/wp-content\/uploads\/sites\/3\/2021\/07\/Blumen-und-Kraeuter-fuer-den-Freizeittreff-Auszeit-1-150x150.jpg 150w, https:\/\/wettbewerb-archiv.wir-tun-was-fuer-bienen.de\/archiv-2021\/wp-content\/uploads\/sites\/3\/2021\/07\/Blumen-und-Kraeuter-fuer-den-Freizeittreff-Auszeit-1-300x300.jpg 300w, https:\/\/wettbewerb-archiv.wir-tun-was-fuer-bienen.de\/archiv-2021\/wp-content\/uploads\/sites\/3\/2021\/07\/Blumen-und-Kraeuter-fuer-den-Freizeittreff-Auszeit-1.jpg 465w\" sizes=\"(max-width: 150px) 100vw, 150px\" \/><\/a><\/span><span><a href=\"https:\/\/wettbewerb-archiv.wir-tun-was-fuer-bienen.de\/archiv-2021\/eintrag\/die-biene-caroline-zeigt-euch-ihre-welt\/\"><img decoding=\"async\" width=\"150\" height=\"150\" src=\"https:\/\/wettbewerb-archiv.wir-tun-was-fuer-bienen.de\/archiv-2021\/wp-content\/uploads\/sites\/3\/2021\/07\/Bau-des-Hunde-Aa-Beutelspenders-Collage-1-150x150.jpg\" class=\"attachment-thumbnail size-thumbnail\" alt=\"\" loading=\"lazy\" \/><\/a><\/span><\/div>\n\n    <div class=\"user flex\">\n        \n                    <img decoding=\"async\" src=\"https:\/\/wettbewerb-archiv.wir-tun-was-fuer-bienen.de\/archiv-2021\/wp-content\/themes\/bienen\/assets\/images\/avatar-placeholder.png\" style=\"border-radius: 30px;\" height=\"30\" width=\"30\">\n            Die Biene Caroline des Freizeittreffs \"Auszeit\"            <\/div>\n    \n    \n            <p class=\"categories meta\" style=\"width: 100%\"><span class=\"fa fa-tag\"\n                                                             aria-hidden=\"true\"><\/span> Schul- und Jugendclub-G\u00e4rten        <\/p>\n    \n            <p class=\"categories meta\" style=\"width: 100%\"><span class=\"fa fa-map-marker\"\n                                                             aria-hidden=\"true\"><\/span> Th\u00fcringen        <\/p>\n    \n<\/article>\n   \n\t\t\n          <article id=\"post-55095\" class=\"et_pb_post post-55095 wtwfb_entry type-wtwfb_entry status-publish has-post-thumbnail hentry wtwfb_category-kita-und-kindergartengaerten wtwfb_region-nordrhein-westfalen\">\n    <h2 class=\"entry-title\"><a href=\"https:\/\/wettbewerb-archiv.wir-tun-was-fuer-bienen.de\/archiv-2021\/eintrag\/eine-bluete-bedeutet-die-ganze-welt-das-bienenparadies-der-muehlenzwerge\/\">Eine Bl\u00fcte bedeutet die ganze Welt &#8211; Das Bienenp...<\/a>\n    <\/h2>\n    <a href=\"https:\/\/wettbewerb-archiv.wir-tun-was-fuer-bienen.de\/archiv-2021\/eintrag\/eine-bluete-bedeutet-die-ganze-welt-das-bienenparadies-der-muehlenzwerge\/\">\n        <div class=\"bienen-entry-image\">\n            <img decoding=\"async\" width=\"400\" height=\"300\" src=\"https:\/\/wettbewerb-archiv.wir-tun-was-fuer-bienen.de\/archiv-2021\/wp-content\/uploads\/sites\/3\/2021\/07\/IMG_4328-400x300.jpg\" class=\"attachment-bienen-grid-thumb size-bienen-grid-thumb wp-post-image\" alt=\"\" loading=\"lazy\" \/>                    <\/div>\n    <\/a>\n\n    <div class=\"images-grid\"><span><a href=\"https:\/\/wettbewerb-archiv.wir-tun-was-fuer-bienen.de\/archiv-2021\/eintrag\/eine-bluete-bedeutet-die-ganze-welt-das-bienenparadies-der-muehlenzwerge\/\"><img decoding=\"async\" width=\"150\" height=\"150\" src=\"https:\/\/wettbewerb-archiv.wir-tun-was-fuer-bienen.de\/archiv-2021\/wp-content\/uploads\/sites\/3\/2021\/07\/Umgraben_3-150x150.jpg\" class=\"attachment-thumbnail size-thumbnail\" alt=\"\" loading=\"lazy\" \/><\/a><\/span><span><a href=\"https:\/\/wettbewerb-archiv.wir-tun-was-fuer-bienen.de\/archiv-2021\/eintrag\/eine-bluete-bedeutet-die-ganze-welt-das-bienenparadies-der-muehlenzwerge\/\"><img decoding=\"async\" width=\"150\" height=\"150\" src=\"https:\/\/wettbewerb-archiv.wir-tun-was-fuer-bienen.de\/archiv-2021\/wp-content\/uploads\/sites\/3\/2021\/07\/Umgraben_7-150x150.jpg\" class=\"attachment-thumbnail size-thumbnail\" alt=\"\" loading=\"lazy\" \/><\/a><\/span><span><a href=\"https:\/\/wettbewerb-archiv.wir-tun-was-fuer-bienen.de\/archiv-2021\/eintrag\/eine-bluete-bedeutet-die-ganze-welt-das-bienenparadies-der-muehlenzwerge\/\"><img decoding=\"async\" width=\"150\" height=\"150\" src=\"https:\/\/wettbewerb-archiv.wir-tun-was-fuer-bienen.de\/archiv-2021\/wp-content\/uploads\/sites\/3\/2021\/07\/IMG_3676A-150x150.jpg\" class=\"attachment-thumbnail size-thumbnail\" alt=\"\" loading=\"lazy\" \/><\/a><\/span><span><a href=\"https:\/\/wettbewerb-archiv.wir-tun-was-fuer-bienen.de\/archiv-2021\/eintrag\/eine-bluete-bedeutet-die-ganze-welt-das-bienenparadies-der-muehlenzwerge\/\"><img decoding=\"async\" width=\"150\" height=\"150\" src=\"https:\/\/wettbewerb-archiv.wir-tun-was-fuer-bienen.de\/archiv-2021\/wp-content\/uploads\/sites\/3\/2021\/07\/IMG_3673-150x150.jpg\" class=\"attachment-thumbnail size-thumbnail\" alt=\"\" loading=\"lazy\" \/><\/a><\/span><\/div>\n\n    <div class=\"user flex\">\n        \n                    <img decoding=\"async\" src=\"https:\/\/wettbewerb-archiv.wir-tun-was-fuer-bienen.de\/archiv-2021\/wp-content\/themes\/bienen\/assets\/images\/avatar-placeholder.png\" style=\"border-radius: 30px;\" height=\"30\" width=\"30\">\n            DRK Kita M\u00fchlenzwerge            <\/div>\n    \n    <p class=\"categories meta bienen-gewinner\"><span class=\"fa fa-trophy\"                                                              aria-hidden=\"true\"><\/span> Gewinner<\/p>\n            <p class=\"categories meta\" style=\"width: 100%\"><span class=\"fa fa-tag\"\n                                                             aria-hidden=\"true\"><\/span> Kita- und Kindergarteng\u00e4rten        <\/p>\n    \n            <p class=\"categories meta\" style=\"width: 100%\"><span class=\"fa fa-map-marker\"\n                                                             aria-hidden=\"true\"><\/span> Nordrhein-Westfalen        <\/p>\n    \n<\/article>\n   \n\t\t\n          <article id=\"post-54924\" class=\"et_pb_post post-54924 wtwfb_entry type-wtwfb_entry status-publish has-post-thumbnail hentry wtwfb_category-privatgaerten-und-gaerten-von-mietwohnungen-kleiner-500-quadratmeter wtwfb_region-nordrhein-westfalen\">\n    <h2 class=\"entry-title\"><a href=\"https:\/\/wettbewerb-archiv.wir-tun-was-fuer-bienen.de\/archiv-2021\/eintrag\/klein-und-voll-bewohnt\/\">klein und voll bewohnt<\/a>\n    <\/h2>\n    <a href=\"https:\/\/wettbewerb-archiv.wir-tun-was-fuer-bienen.de\/archiv-2021\/eintrag\/klein-und-voll-bewohnt\/\">\n        <div class=\"bienen-entry-image\">\n            <img decoding=\"async\" width=\"400\" height=\"300\" src=\"https:\/\/wettbewerb-archiv.wir-tun-was-fuer-bienen.de\/archiv-2021\/wp-content\/uploads\/sites\/3\/2021\/07\/IMG_1860-400x300.jpg\" class=\"attachment-bienen-grid-thumb size-bienen-grid-thumb wp-post-image\" alt=\"\" loading=\"lazy\" \/>                    <\/div>\n    <\/a>\n\n    <div class=\"images-grid\"><span><a href=\"https:\/\/wettbewerb-archiv.wir-tun-was-fuer-bienen.de\/archiv-2021\/eintrag\/klein-und-voll-bewohnt\/\"><img decoding=\"async\" width=\"150\" height=\"150\" src=\"https:\/\/wettbewerb-archiv.wir-tun-was-fuer-bienen.de\/archiv-2021\/wp-content\/uploads\/sites\/3\/2021\/07\/IMG_8129-150x150.jpg\" class=\"attachment-thumbnail size-thumbnail\" alt=\"\" loading=\"lazy\" \/><\/a><\/span><span><a href=\"https:\/\/wettbewerb-archiv.wir-tun-was-fuer-bienen.de\/archiv-2021\/eintrag\/klein-und-voll-bewohnt\/\"><img decoding=\"async\" width=\"150\" height=\"150\" src=\"https:\/\/wettbewerb-archiv.wir-tun-was-fuer-bienen.de\/archiv-2021\/wp-content\/uploads\/sites\/3\/2021\/07\/IMG_9605-150x150.jpg\" class=\"attachment-thumbnail size-thumbnail\" alt=\"\" loading=\"lazy\" \/><\/a><\/span><span><a href=\"https:\/\/wettbewerb-archiv.wir-tun-was-fuer-bienen.de\/archiv-2021\/eintrag\/klein-und-voll-bewohnt\/\"><img decoding=\"async\" width=\"150\" height=\"150\" src=\"https:\/\/wettbewerb-archiv.wir-tun-was-fuer-bienen.de\/archiv-2021\/wp-content\/uploads\/sites\/3\/2021\/07\/IMG_0522-150x150.jpg\" class=\"attachment-thumbnail size-thumbnail\" alt=\"\" loading=\"lazy\" \/><\/a><\/span><span><a href=\"https:\/\/wettbewerb-archiv.wir-tun-was-fuer-bienen.de\/archiv-2021\/eintrag\/klein-und-voll-bewohnt\/\"><img decoding=\"async\" width=\"150\" height=\"150\" src=\"https:\/\/wettbewerb-archiv.wir-tun-was-fuer-bienen.de\/archiv-2021\/wp-content\/uploads\/sites\/3\/2021\/07\/IMG_1323-150x150.jpg\" class=\"attachment-thumbnail size-thumbnail\" alt=\"\" loading=\"lazy\" \/><\/a><\/span><\/div>\n\n    <div class=\"user flex\">\n        \n                    <img decoding=\"async\" src=\"https:\/\/wettbewerb-archiv.wir-tun-was-fuer-bienen.de\/archiv-2021\/wp-content\/themes\/bienen\/assets\/images\/avatar-placeholder.png\" style=\"border-radius: 30px;\" height=\"30\" width=\"30\">\n            bee deversorium            <\/div>\n    \n    \n            <p class=\"categories meta\" style=\"width: 100%\"><span class=\"fa fa-tag\"\n                                                             aria-hidden=\"true\"><\/span> Privatg\u00e4rten und G\u00e4rten von Mietwohnungen (kleiner als 500 Quadratmeter)        <\/p>\n    \n            <p class=\"categories meta\" style=\"width: 100%\"><span class=\"fa fa-map-marker\"\n                                                             aria-hidden=\"true\"><\/span> Nordrhein-Westfalen        <\/p>\n    \n<\/article>\n   \n\t\t\n          <article id=\"post-54755\" class=\"et_pb_post post-54755 wtwfb_entry type-wtwfb_entry status-publish has-post-thumbnail hentry wtwfb_category-kommunale-flaechen-parks-baumscheiben wtwfb_region-hessen\">\n    <h2 class=\"entry-title\"><a href=\"https:\/\/wettbewerb-archiv.wir-tun-was-fuer-bienen.de\/archiv-2021\/eintrag\/lebenswertes-ettingshausen-auch-fuer-insekten\/\">Lebenswertes Ettingshausen&#8230;auch f\u00fcr Insekten<\/a>\n    <\/h2>\n    <a href=\"https:\/\/wettbewerb-archiv.wir-tun-was-fuer-bienen.de\/archiv-2021\/eintrag\/lebenswertes-ettingshausen-auch-fuer-insekten\/\">\n        <div class=\"bienen-entry-image\">\n            <img decoding=\"async\" width=\"400\" height=\"300\" src=\"https:\/\/wettbewerb-archiv.wir-tun-was-fuer-bienen.de\/archiv-2021\/wp-content\/uploads\/sites\/3\/2021\/07\/8C25630B-D720-490C-8FB4-6427DBB94A12-400x300.jpeg\" class=\"attachment-bienen-grid-thumb size-bienen-grid-thumb wp-post-image\" alt=\"\" loading=\"lazy\" \/>                    <\/div>\n    <\/a>\n\n    <div class=\"images-grid\"><span><a href=\"https:\/\/wettbewerb-archiv.wir-tun-was-fuer-bienen.de\/archiv-2021\/eintrag\/lebenswertes-ettingshausen-auch-fuer-insekten\/\"><img decoding=\"async\" width=\"150\" height=\"150\" src=\"https:\/\/wettbewerb-archiv.wir-tun-was-fuer-bienen.de\/archiv-2021\/wp-content\/uploads\/sites\/3\/2021\/07\/9BCCB5FB-94F1-4769-AB01-83ECEE59537E-150x150.jpeg\" class=\"attachment-thumbnail size-thumbnail\" alt=\"\" loading=\"lazy\" \/><\/a><\/span><span><a href=\"https:\/\/wettbewerb-archiv.wir-tun-was-fuer-bienen.de\/archiv-2021\/eintrag\/lebenswertes-ettingshausen-auch-fuer-insekten\/\"><img decoding=\"async\" width=\"150\" height=\"150\" src=\"https:\/\/wettbewerb-archiv.wir-tun-was-fuer-bienen.de\/archiv-2021\/wp-content\/uploads\/sites\/3\/2021\/07\/F0BAF0B6-F1B3-4BC9-B787-E45CFC4CD63B-150x150.jpeg\" class=\"attachment-thumbnail size-thumbnail\" alt=\"\" loading=\"lazy\" \/><\/a><\/span><span><a href=\"https:\/\/wettbewerb-archiv.wir-tun-was-fuer-bienen.de\/archiv-2021\/eintrag\/lebenswertes-ettingshausen-auch-fuer-insekten\/\"><img decoding=\"async\" width=\"150\" height=\"150\" src=\"https:\/\/wettbewerb-archiv.wir-tun-was-fuer-bienen.de\/archiv-2021\/wp-content\/uploads\/sites\/3\/2021\/07\/5D497F81-C7E0-4122-9DBC-47FFF0226735-150x150.jpeg\" class=\"attachment-thumbnail size-thumbnail\" alt=\"\" loading=\"lazy\" \/><\/a><\/span><\/div>\n\n    <div class=\"user flex\">\n        \n                    <img decoding=\"async\" src=\"https:\/\/wettbewerb-archiv.wir-tun-was-fuer-bienen.de\/archiv-2021\/wp-content\/themes\/bienen\/assets\/images\/avatar-placeholder.png\" style=\"border-radius: 30px;\" height=\"30\" width=\"30\">\n            Lebenswertes Ettingshausen... auch f\u00fcr Insekten            <\/div>\n    \n    \n            <p class=\"categories meta\" style=\"width: 100%\"><span class=\"fa fa-tag\"\n                                                             aria-hidden=\"true\"><\/span> Kommunale Fl\u00e4chen, Parks, Baumscheiben        <\/p>\n    \n            <p class=\"categories meta\" style=\"width: 100%\"><span class=\"fa fa-map-marker\"\n                                                             aria-hidden=\"true\"><\/span> Hessen        <\/p>\n    \n<\/article>\n   \n\t\t\n          <article id=\"post-54640\" class=\"et_pb_post post-54640 wtwfb_entry type-wtwfb_entry status-publish has-post-thumbnail hentry wtwfb_category-schul-und-jugendclub-gaerten wtwfb_region-hessen\">\n    <h2 class=\"entry-title\"><a href=\"https:\/\/wettbewerb-archiv.wir-tun-was-fuer-bienen.de\/archiv-2021\/eintrag\/das-hummelrestaurant\/\">Willkommen im Gasthaus Zur Hummel<\/a>\n    <\/h2>\n    <a href=\"https:\/\/wettbewerb-archiv.wir-tun-was-fuer-bienen.de\/archiv-2021\/eintrag\/das-hummelrestaurant\/\">\n        <div class=\"bienen-entry-image\">\n            <img decoding=\"async\" width=\"400\" height=\"300\" src=\"https:\/\/wettbewerb-archiv.wir-tun-was-fuer-bienen.de\/archiv-2021\/wp-content\/uploads\/sites\/3\/2021\/07\/IMG_20210612_110219-400x300.jpg\" class=\"attachment-bienen-grid-thumb size-bienen-grid-thumb wp-post-image\" alt=\"\" loading=\"lazy\" \/>                    <\/div>\n    <\/a>\n\n    <div class=\"images-grid\"><span><a href=\"https:\/\/wettbewerb-archiv.wir-tun-was-fuer-bienen.de\/archiv-2021\/eintrag\/das-hummelrestaurant\/\"><img decoding=\"async\" width=\"150\" height=\"150\" src=\"https:\/\/wettbewerb-archiv.wir-tun-was-fuer-bienen.de\/archiv-2021\/wp-content\/uploads\/sites\/3\/2021\/07\/P4220225-150x150.jpg\" class=\"attachment-thumbnail size-thumbnail\" alt=\"\" loading=\"lazy\" \/><\/a><\/span><span><a href=\"https:\/\/wettbewerb-archiv.wir-tun-was-fuer-bienen.de\/archiv-2021\/eintrag\/das-hummelrestaurant\/\"><img decoding=\"async\" width=\"150\" height=\"150\" src=\"https:\/\/wettbewerb-archiv.wir-tun-was-fuer-bienen.de\/archiv-2021\/wp-content\/uploads\/sites\/3\/2021\/07\/P4220235-150x150.jpg\" class=\"attachment-thumbnail size-thumbnail\" alt=\"\" loading=\"lazy\" \/><\/a><\/span><span><a href=\"https:\/\/wettbewerb-archiv.wir-tun-was-fuer-bienen.de\/archiv-2021\/eintrag\/das-hummelrestaurant\/\"><img decoding=\"async\" width=\"150\" height=\"150\" src=\"https:\/\/wettbewerb-archiv.wir-tun-was-fuer-bienen.de\/archiv-2021\/wp-content\/uploads\/sites\/3\/2021\/07\/P4220250-150x150.jpg\" class=\"attachment-thumbnail size-thumbnail\" alt=\"\" loading=\"lazy\" \/><\/a><\/span><span><a href=\"https:\/\/wettbewerb-archiv.wir-tun-was-fuer-bienen.de\/archiv-2021\/eintrag\/das-hummelrestaurant\/\"><img decoding=\"async\" width=\"150\" height=\"150\" src=\"https:\/\/wettbewerb-archiv.wir-tun-was-fuer-bienen.de\/archiv-2021\/wp-content\/uploads\/sites\/3\/2021\/07\/P4220261-150x150.jpg\" class=\"attachment-thumbnail size-thumbnail\" alt=\"\" loading=\"lazy\" \/><\/a><\/span><\/div>\n\n    <div class=\"user flex\">\n        \n                    <img decoding=\"async\" src=\"https:\/\/wettbewerb-archiv.wir-tun-was-fuer-bienen.de\/archiv-2021\/wp-content\/themes\/bienen\/assets\/images\/avatar-placeholder.png\" style=\"border-radius: 30px;\" height=\"30\" width=\"30\">\n            Tschechische Schule ohne Grenzen Rhein-Main            <\/div>\n    \n    \n            <p class=\"categories meta\" style=\"width: 100%\"><span class=\"fa fa-tag\"\n                                                             aria-hidden=\"true\"><\/span> Schul- und Jugendclub-G\u00e4rten        <\/p>\n    \n            <p class=\"categories meta\" style=\"width: 100%\"><span class=\"fa fa-map-marker\"\n                                                             aria-hidden=\"true\"><\/span> Hessen        <\/p>\n    \n<\/article>\n   \n\t\t\n          <article id=\"post-54559\" class=\"et_pb_post post-54559 wtwfb_entry type-wtwfb_entry status-publish has-post-thumbnail hentry wtwfb_category-privatgaerten-und-gaerten-von-mietwohnungen-kleiner-500-quadratmeter wtwfb_region-bayern\">\n    <h2 class=\"entry-title\"><a href=\"https:\/\/wettbewerb-archiv.wir-tun-was-fuer-bienen.de\/archiv-2021\/eintrag\/baugrundstueck-statt-bagger-erst-mal-blumenwiese\/\">Baugrundst\u00fcck statt Bagger erst mal Blumenwiese<\/a>\n    <\/h2>\n    <a href=\"https:\/\/wettbewerb-archiv.wir-tun-was-fuer-bienen.de\/archiv-2021\/eintrag\/baugrundstueck-statt-bagger-erst-mal-blumenwiese\/\">\n        <div class=\"bienen-entry-image\">\n            <img decoding=\"async\" width=\"400\" height=\"300\" src=\"https:\/\/wettbewerb-archiv.wir-tun-was-fuer-bienen.de\/archiv-2021\/wp-content\/uploads\/sites\/3\/2021\/07\/IMG_20210626_203447-400x300.jpg\" class=\"attachment-bienen-grid-thumb size-bienen-grid-thumb wp-post-image\" alt=\"\" loading=\"lazy\" \/>                    <\/div>\n    <\/a>\n\n    <div class=\"images-grid\"><span><a href=\"https:\/\/wettbewerb-archiv.wir-tun-was-fuer-bienen.de\/archiv-2021\/eintrag\/baugrundstueck-statt-bagger-erst-mal-blumenwiese\/\"><img decoding=\"async\" width=\"150\" height=\"150\" src=\"https:\/\/wettbewerb-archiv.wir-tun-was-fuer-bienen.de\/archiv-2021\/wp-content\/uploads\/sites\/3\/2021\/07\/IMG_20210424_112948_2-150x150.jpg\" class=\"attachment-thumbnail size-thumbnail\" alt=\"\" loading=\"lazy\" \/><\/a><\/span><span><a href=\"https:\/\/wettbewerb-archiv.wir-tun-was-fuer-bienen.de\/archiv-2021\/eintrag\/baugrundstueck-statt-bagger-erst-mal-blumenwiese\/\"><img decoding=\"async\" width=\"150\" height=\"150\" src=\"https:\/\/wettbewerb-archiv.wir-tun-was-fuer-bienen.de\/archiv-2021\/wp-content\/uploads\/sites\/3\/2021\/07\/IMG_20210511_151724-150x150.jpg\" class=\"attachment-thumbnail size-thumbnail\" alt=\"\" loading=\"lazy\" \/><\/a><\/span><span><a href=\"https:\/\/wettbewerb-archiv.wir-tun-was-fuer-bienen.de\/archiv-2021\/eintrag\/baugrundstueck-statt-bagger-erst-mal-blumenwiese\/\"><img decoding=\"async\" width=\"150\" height=\"150\" src=\"https:\/\/wettbewerb-archiv.wir-tun-was-fuer-bienen.de\/archiv-2021\/wp-content\/uploads\/sites\/3\/2021\/07\/IMG_20210510_125643_2-150x150.jpg\" class=\"attachment-thumbnail size-thumbnail\" alt=\"\" loading=\"lazy\" \/><\/a><\/span><span><a href=\"https:\/\/wettbewerb-archiv.wir-tun-was-fuer-bienen.de\/archiv-2021\/eintrag\/baugrundstueck-statt-bagger-erst-mal-blumenwiese\/\"><img decoding=\"async\" width=\"150\" height=\"150\" src=\"https:\/\/wettbewerb-archiv.wir-tun-was-fuer-bienen.de\/archiv-2021\/wp-content\/uploads\/sites\/3\/2021\/07\/IMG_20210614_201038-150x150.jpg\" class=\"attachment-thumbnail size-thumbnail\" alt=\"\" loading=\"lazy\" \/><\/a><\/span><\/div>\n\n    <div class=\"user flex\">\n        \n                    <img decoding=\"async\" src=\"https:\/\/wettbewerb-archiv.wir-tun-was-fuer-bienen.de\/archiv-2021\/wp-content\/themes\/bienen\/assets\/images\/avatar-placeholder.png\" style=\"border-radius: 30px;\" height=\"30\" width=\"30\">\n            Flei\u00dfiges Bienchen @binehonig            <\/div>\n    \n    \n            <p class=\"categories meta\" style=\"width: 100%\"><span class=\"fa fa-tag\"\n                                                             aria-hidden=\"true\"><\/span> Privatg\u00e4rten und G\u00e4rten von Mietwohnungen (kleiner als 500 Quadratmeter)        <\/p>\n    \n            <p class=\"categories meta\" style=\"width: 100%\"><span class=\"fa fa-map-marker\"\n                                                             aria-hidden=\"true\"><\/span> Bayern        <\/p>\n    \n<\/article>\n   \n\t\t\n          <article id=\"post-54484\" class=\"et_pb_post post-54484 wtwfb_entry type-wtwfb_entry status-publish has-post-thumbnail hentry wtwfb_category-firmen-institutions-und-vereinsgaerten wtwfb_region-niedersachsen\">\n    <h2 class=\"entry-title\"><a href=\"https:\/\/wettbewerb-archiv.wir-tun-was-fuer-bienen.de\/archiv-2021\/eintrag\/wildblumenwiese-im-palettengarten-linden-nord\/\">Wildblumenwiese im Palettengarten Linden-Nord<\/a>\n    <\/h2>\n    <a href=\"https:\/\/wettbewerb-archiv.wir-tun-was-fuer-bienen.de\/archiv-2021\/eintrag\/wildblumenwiese-im-palettengarten-linden-nord\/\">\n        <div class=\"bienen-entry-image\">\n            <img decoding=\"async\" width=\"400\" height=\"300\" src=\"https:\/\/wettbewerb-archiv.wir-tun-was-fuer-bienen.de\/archiv-2021\/wp-content\/uploads\/sites\/3\/2021\/07\/1-Grosses-Gesamtbild-400x300.jpg\" class=\"attachment-bienen-grid-thumb size-bienen-grid-thumb wp-post-image\" alt=\"\" loading=\"lazy\" \/>                    <\/div>\n    <\/a>\n\n    <div class=\"images-grid\"><span><a href=\"https:\/\/wettbewerb-archiv.wir-tun-was-fuer-bienen.de\/archiv-2021\/eintrag\/wildblumenwiese-im-palettengarten-linden-nord\/\"><img decoding=\"async\" width=\"150\" height=\"150\" src=\"https:\/\/wettbewerb-archiv.wir-tun-was-fuer-bienen.de\/archiv-2021\/wp-content\/uploads\/sites\/3\/2021\/07\/Aktionsbild-Nr.-1-150x150.jpg\" class=\"attachment-thumbnail size-thumbnail\" alt=\"\" loading=\"lazy\" \/><\/a><\/span><span><a href=\"https:\/\/wettbewerb-archiv.wir-tun-was-fuer-bienen.de\/archiv-2021\/eintrag\/wildblumenwiese-im-palettengarten-linden-nord\/\"><img decoding=\"async\" width=\"150\" height=\"150\" src=\"https:\/\/wettbewerb-archiv.wir-tun-was-fuer-bienen.de\/archiv-2021\/wp-content\/uploads\/sites\/3\/2021\/07\/Aktionsbild-Nr.-2-150x150.jpg\" class=\"attachment-thumbnail size-thumbnail\" alt=\"\" loading=\"lazy\" \/><\/a><\/span><span><a href=\"https:\/\/wettbewerb-archiv.wir-tun-was-fuer-bienen.de\/archiv-2021\/eintrag\/wildblumenwiese-im-palettengarten-linden-nord\/\"><img decoding=\"async\" width=\"150\" height=\"150\" src=\"https:\/\/wettbewerb-archiv.wir-tun-was-fuer-bienen.de\/archiv-2021\/wp-content\/uploads\/sites\/3\/2021\/07\/Aktionsbild-Nr.-3-150x150.jpg\" class=\"attachment-thumbnail size-thumbnail\" alt=\"\" loading=\"lazy\" \/><\/a><\/span><span><a href=\"https:\/\/wettbewerb-archiv.wir-tun-was-fuer-bienen.de\/archiv-2021\/eintrag\/wildblumenwiese-im-palettengarten-linden-nord\/\"><img decoding=\"async\" width=\"150\" height=\"150\" src=\"https:\/\/wettbewerb-archiv.wir-tun-was-fuer-bienen.de\/archiv-2021\/wp-content\/uploads\/sites\/3\/2021\/07\/Aktionsbild-Nr.-6-150x150.jpg\" class=\"attachment-thumbnail size-thumbnail\" alt=\"\" loading=\"lazy\" \/><\/a><\/span><\/div>\n\n    <div class=\"user flex\">\n        \n                    <img decoding=\"async\" src=\"https:\/\/wettbewerb-archiv.wir-tun-was-fuer-bienen.de\/archiv-2021\/wp-content\/themes\/bienen\/assets\/images\/avatar-placeholder.png\" style=\"border-radius: 30px;\" height=\"30\" width=\"30\">\n            Wildblumenwiese im Palettengarten Linden-Nord            <\/div>\n    \n    <p class=\"categories meta bienen-gewinner\"><span class=\"fa fa-trophy\"                                                              aria-hidden=\"true\"><\/span> Gewinner<\/p>\n            <p class=\"categories meta\" style=\"width: 100%\"><span class=\"fa fa-tag\"\n                                                             aria-hidden=\"true\"><\/span> Firmen-, Institutions- und Vereinsg\u00e4rten        <\/p>\n    \n            <p class=\"categories meta\" style=\"width: 100%\"><span class=\"fa fa-map-marker\"\n                                                             aria-hidden=\"true\"><\/span> Niedersachsen        <\/p>\n    \n<\/article>\n   \n\t\t\n          <article id=\"post-54443\" class=\"et_pb_post post-54443 wtwfb_entry type-wtwfb_entry status-publish has-post-thumbnail hentry wtwfb_category-balkone-terrassen-dachbegruenung-vertikale-gaerten wtwfb_region-nordrhein-westfalen\">\n    <h2 class=\"entry-title\"><a href=\"https:\/\/wettbewerb-archiv.wir-tun-was-fuer-bienen.de\/archiv-2021\/eintrag\/die-bienen-sammeln-pollen-von-einer-beinwell-blume-symphytum-cordatum\/\">Die Bienen sammeln Pollen von einer Beinwell-Blume &#82...<\/a>\n    <\/h2>\n    <a href=\"https:\/\/wettbewerb-archiv.wir-tun-was-fuer-bienen.de\/archiv-2021\/eintrag\/die-bienen-sammeln-pollen-von-einer-beinwell-blume-symphytum-cordatum\/\">\n        <div class=\"bienen-entry-image\">\n            <img decoding=\"async\" width=\"400\" height=\"300\" src=\"https:\/\/wettbewerb-archiv.wir-tun-was-fuer-bienen.de\/archiv-2021\/wp-content\/uploads\/sites\/3\/2021\/07\/20210726_153014-400x300.jpg\" class=\"attachment-bienen-grid-thumb size-bienen-grid-thumb wp-post-image\" alt=\"\" loading=\"lazy\" \/>                    <\/div>\n    <\/a>\n\n    <div class=\"images-grid\"><span><a href=\"https:\/\/wettbewerb-archiv.wir-tun-was-fuer-bienen.de\/archiv-2021\/eintrag\/die-bienen-sammeln-pollen-von-einer-beinwell-blume-symphytum-cordatum\/\"><img decoding=\"async\" width=\"150\" height=\"150\" src=\"https:\/\/wettbewerb-archiv.wir-tun-was-fuer-bienen.de\/archiv-2021\/wp-content\/uploads\/sites\/3\/2021\/07\/20210726_1657401-150x150.jpg\" class=\"attachment-thumbnail size-thumbnail\" alt=\"\" loading=\"lazy\" \/><\/a><\/span><span><a href=\"https:\/\/wettbewerb-archiv.wir-tun-was-fuer-bienen.de\/archiv-2021\/eintrag\/die-bienen-sammeln-pollen-von-einer-beinwell-blume-symphytum-cordatum\/\"><img decoding=\"async\" width=\"150\" height=\"150\" src=\"https:\/\/wettbewerb-archiv.wir-tun-was-fuer-bienen.de\/archiv-2021\/wp-content\/uploads\/sites\/3\/2021\/07\/20210726_165816-1-150x150.jpg\" class=\"attachment-thumbnail size-thumbnail\" alt=\"\" loading=\"lazy\" \/><\/a><\/span><span><a href=\"https:\/\/wettbewerb-archiv.wir-tun-was-fuer-bienen.de\/archiv-2021\/eintrag\/die-bienen-sammeln-pollen-von-einer-beinwell-blume-symphytum-cordatum\/\"><img decoding=\"async\" width=\"150\" height=\"150\" src=\"https:\/\/wettbewerb-archiv.wir-tun-was-fuer-bienen.de\/archiv-2021\/wp-content\/uploads\/sites\/3\/2021\/07\/20200416_174718-150x150.jpg\" class=\"attachment-thumbnail size-thumbnail\" alt=\"\" loading=\"lazy\" \/><\/a><\/span><span><a href=\"https:\/\/wettbewerb-archiv.wir-tun-was-fuer-bienen.de\/archiv-2021\/eintrag\/die-bienen-sammeln-pollen-von-einer-beinwell-blume-symphytum-cordatum\/\"><img decoding=\"async\" width=\"150\" height=\"150\" src=\"https:\/\/wettbewerb-archiv.wir-tun-was-fuer-bienen.de\/archiv-2021\/wp-content\/uploads\/sites\/3\/2021\/07\/20200416_174729-150x150.jpg\" class=\"attachment-thumbnail size-thumbnail\" alt=\"\" loading=\"lazy\" \/><\/a><\/span><\/div>\n\n    <div class=\"user flex\">\n        \n                    <img decoding=\"async\" src=\"https:\/\/wettbewerb-archiv.wir-tun-was-fuer-bienen.de\/archiv-2021\/wp-content\/themes\/bienen\/assets\/images\/avatar-placeholder.png\" style=\"border-radius: 30px;\" height=\"30\" width=\"30\">\n            S\u00f3nia Rodrigues            <\/div>\n    \n    \n            <p class=\"categories meta\" style=\"width: 100%\"><span class=\"fa fa-tag\"\n                                                             aria-hidden=\"true\"><\/span> Balkone, Terrassen, Dachbegr\u00fcnung, vertikale G\u00e4rten        <\/p>\n    \n            <p class=\"categories meta\" style=\"width: 100%\"><span class=\"fa fa-map-marker\"\n                                                             aria-hidden=\"true\"><\/span> Nordrhein-Westfalen        <\/p>\n    \n<\/article>\n   \n\t\t\n          <article id=\"post-54226\" class=\"et_pb_post post-54226 wtwfb_entry type-wtwfb_entry status-publish has-post-thumbnail hentry wtwfb_category-bestehende-naturgaerten wtwfb_region-brandenburg\">\n    <h2 class=\"entry-title\"><a href=\"https:\/\/wettbewerb-archiv.wir-tun-was-fuer-bienen.de\/archiv-2021\/eintrag\/baerenstarker-bienengarten\/\">B\u00e4renstarker Bienengarten<\/a>\n    <\/h2>\n    <a href=\"https:\/\/wettbewerb-archiv.wir-tun-was-fuer-bienen.de\/archiv-2021\/eintrag\/baerenstarker-bienengarten\/\">\n        <div class=\"bienen-entry-image\">\n            <img decoding=\"async\" width=\"400\" height=\"300\" src=\"https:\/\/wettbewerb-archiv.wir-tun-was-fuer-bienen.de\/archiv-2021\/wp-content\/uploads\/sites\/3\/2021\/07\/IMG_3166-1-Imkerkinder-2021-400x300.jpg\" class=\"attachment-bienen-grid-thumb size-bienen-grid-thumb wp-post-image\" alt=\"\" loading=\"lazy\" \/>                    <\/div>\n    <\/a>\n\n    <div class=\"images-grid\"><span><a href=\"https:\/\/wettbewerb-archiv.wir-tun-was-fuer-bienen.de\/archiv-2021\/eintrag\/baerenstarker-bienengarten\/\"><img decoding=\"async\" width=\"150\" height=\"150\" src=\"https:\/\/wettbewerb-archiv.wir-tun-was-fuer-bienen.de\/archiv-2021\/wp-content\/uploads\/sites\/3\/2021\/07\/Streuobstwiese-3-150x150.jpg\" class=\"attachment-thumbnail size-thumbnail\" alt=\"\" loading=\"lazy\" \/><\/a><\/span><span><a href=\"https:\/\/wettbewerb-archiv.wir-tun-was-fuer-bienen.de\/archiv-2021\/eintrag\/baerenstarker-bienengarten\/\"><img decoding=\"async\" width=\"150\" height=\"150\" src=\"https:\/\/wettbewerb-archiv.wir-tun-was-fuer-bienen.de\/archiv-2021\/wp-content\/uploads\/sites\/3\/2021\/07\/P1000126-150x150.jpg\" class=\"attachment-thumbnail size-thumbnail\" alt=\"\" loading=\"lazy\" \/><\/a><\/span><span><a href=\"https:\/\/wettbewerb-archiv.wir-tun-was-fuer-bienen.de\/archiv-2021\/eintrag\/baerenstarker-bienengarten\/\"><img decoding=\"async\" width=\"150\" height=\"150\" src=\"https:\/\/wettbewerb-archiv.wir-tun-was-fuer-bienen.de\/archiv-2021\/wp-content\/uploads\/sites\/3\/2021\/07\/P1000141-150x150.jpg\" class=\"attachment-thumbnail size-thumbnail\" alt=\"\" loading=\"lazy\" \/><\/a><\/span><span><a href=\"https:\/\/wettbewerb-archiv.wir-tun-was-fuer-bienen.de\/archiv-2021\/eintrag\/baerenstarker-bienengarten\/\"><img decoding=\"async\" width=\"150\" height=\"150\" src=\"https:\/\/wettbewerb-archiv.wir-tun-was-fuer-bienen.de\/archiv-2021\/wp-content\/uploads\/sites\/3\/2021\/07\/P1000145-150x150.jpg\" class=\"attachment-thumbnail size-thumbnail\" alt=\"\" loading=\"lazy\" \/><\/a><\/span><\/div>\n\n    <div class=\"user flex\">\n        \n                    <img decoding=\"async\" src=\"https:\/\/wettbewerb-archiv.wir-tun-was-fuer-bienen.de\/archiv-2021\/wp-content\/themes\/bienen\/assets\/images\/avatar-placeholder.png\" style=\"border-radius: 30px;\" height=\"30\" width=\"30\">\n            Robert Volkmann            <\/div>\n    \n    <p class=\"categories meta bienen-gewinner\"><span class=\"fa fa-trophy\"                                                              aria-hidden=\"true\"><\/span> Gewinner<\/p>\n            <p class=\"categories meta\" style=\"width: 100%\"><span class=\"fa fa-tag\"\n                                                             aria-hidden=\"true\"><\/span> Bestehende Naturg\u00e4rten (ohne Pflanzaktionen)        <\/p>\n    \n            <p class=\"categories meta\" style=\"width: 100%\"><span class=\"fa fa-map-marker\"\n                                                             aria-hidden=\"true\"><\/span> Brandenburg        <\/p>\n    \n<\/article>\n   \n\t\t\n          <article id=\"post-54134\" class=\"et_pb_post post-54134 wtwfb_entry type-wtwfb_entry status-publish has-post-thumbnail hentry wtwfb_category-privatgaerten-und-gaerten-von-mietwohnungen-kleiner-500-quadratmeter wtwfb_region-baden-wuerttemberg\">\n    <h2 class=\"entry-title\"><a href=\"https:\/\/wettbewerb-archiv.wir-tun-was-fuer-bienen.de\/archiv-2021\/eintrag\/rollrasen-nein-danke\/\">Rollrasen? NEIN DANKE \ud83d\ude42<\/a>\n    <\/h2>\n    <a href=\"https:\/\/wettbewerb-archiv.wir-tun-was-fuer-bienen.de\/archiv-2021\/eintrag\/rollrasen-nein-danke\/\">\n        <div class=\"bienen-entry-image\">\n            <img decoding=\"async\" width=\"400\" height=\"300\" src=\"https:\/\/wettbewerb-archiv.wir-tun-was-fuer-bienen.de\/archiv-2021\/wp-content\/uploads\/sites\/3\/2021\/07\/26.07.2021-400x300.jpg\" class=\"attachment-bienen-grid-thumb size-bienen-grid-thumb wp-post-image\" alt=\"\" loading=\"lazy\" \/>                    <\/div>\n    <\/a>\n\n    <div class=\"images-grid\"><span><a href=\"https:\/\/wettbewerb-archiv.wir-tun-was-fuer-bienen.de\/archiv-2021\/eintrag\/rollrasen-nein-danke\/\"><img decoding=\"async\" width=\"150\" height=\"150\" src=\"https:\/\/wettbewerb-archiv.wir-tun-was-fuer-bienen.de\/archiv-2021\/wp-content\/uploads\/sites\/3\/2021\/07\/Saeulenobst-150x150.jpg\" class=\"attachment-thumbnail size-thumbnail\" alt=\"\" loading=\"lazy\" \/><\/a><\/span><span><a href=\"https:\/\/wettbewerb-archiv.wir-tun-was-fuer-bienen.de\/archiv-2021\/eintrag\/rollrasen-nein-danke\/\"><img decoding=\"async\" width=\"150\" height=\"150\" src=\"https:\/\/wettbewerb-archiv.wir-tun-was-fuer-bienen.de\/archiv-2021\/wp-content\/uploads\/sites\/3\/2021\/07\/Uebersicht-diagonal-von-Terrasse-zum-Weg-150x150.jpg\" class=\"attachment-thumbnail size-thumbnail\" alt=\"\" loading=\"lazy\" \/><\/a><\/span><span><a href=\"https:\/\/wettbewerb-archiv.wir-tun-was-fuer-bienen.de\/archiv-2021\/eintrag\/rollrasen-nein-danke\/\"><img decoding=\"async\" width=\"150\" height=\"150\" src=\"https:\/\/wettbewerb-archiv.wir-tun-was-fuer-bienen.de\/archiv-2021\/wp-content\/uploads\/sites\/3\/2021\/07\/Blick-vom-Weg-aus-.-Erster-Pflanzschritt-grosse-Straeucher-und-Hecke-09-19-150x150.jpg\" class=\"attachment-thumbnail size-thumbnail\" alt=\"\" loading=\"lazy\" \/><\/a><\/span><span><a href=\"https:\/\/wettbewerb-archiv.wir-tun-was-fuer-bienen.de\/archiv-2021\/eintrag\/rollrasen-nein-danke\/\"><img decoding=\"async\" width=\"150\" height=\"150\" src=\"https:\/\/wettbewerb-archiv.wir-tun-was-fuer-bienen.de\/archiv-2021\/wp-content\/uploads\/sites\/3\/2021\/07\/Steinmauer-rechter-Bereich-Fugen-mit-Erde-Lehm-verputzt-150x150.jpg\" class=\"attachment-thumbnail size-thumbnail\" alt=\"\" loading=\"lazy\" \/><\/a><\/span><\/div>\n\n    <div class=\"user flex\">\n        \n                    <img decoding=\"async\" src=\"https:\/\/wettbewerb-archiv.wir-tun-was-fuer-bienen.de\/archiv-2021\/wp-content\/themes\/bienen\/assets\/images\/avatar-placeholder.png\" style=\"border-radius: 30px;\" height=\"30\" width=\"30\">\n            Wibke Hinz            <\/div>\n    \n    \n            <p class=\"categories meta\" style=\"width: 100%\"><span class=\"fa fa-tag\"\n                                                             aria-hidden=\"true\"><\/span> Privatg\u00e4rten und G\u00e4rten von Mietwohnungen (kleiner als 500 Quadratmeter)        <\/p>\n    \n            <p class=\"categories meta\" style=\"width: 100%\"><span class=\"fa fa-map-marker\"\n                                                             aria-hidden=\"true\"><\/span> Baden-W\u00fcrttemberg        <\/p>\n    \n<\/article>\n   \n\t\t\n          <article id=\"post-54047\" class=\"et_pb_post post-54047 wtwfb_entry type-wtwfb_entry status-publish has-post-thumbnail hentry wtwfb_category-schul-und-jugendclub-gaerten wtwfb_region-niedersachsen\">\n    <h2 class=\"entry-title\"><a href=\"https:\/\/wettbewerb-archiv.wir-tun-was-fuer-bienen.de\/archiv-2021\/eintrag\/honigpflanzen\/\">Honigpflanzen<\/a>\n    <\/h2>\n    <a href=\"https:\/\/wettbewerb-archiv.wir-tun-was-fuer-bienen.de\/archiv-2021\/eintrag\/honigpflanzen\/\">\n        <div class=\"bienen-entry-image\">\n            <img decoding=\"async\" width=\"400\" height=\"300\" src=\"https:\/\/wettbewerb-archiv.wir-tun-was-fuer-bienen.de\/archiv-2021\/wp-content\/uploads\/sites\/3\/2021\/07\/signal-2021-07-29-095240_004-400x300.jpeg\" class=\"attachment-bienen-grid-thumb size-bienen-grid-thumb wp-post-image\" alt=\"\" loading=\"lazy\" \/>                    <\/div>\n    <\/a>\n\n    <div class=\"images-grid\"><span><a href=\"https:\/\/wettbewerb-archiv.wir-tun-was-fuer-bienen.de\/archiv-2021\/eintrag\/honigpflanzen\/\"><img decoding=\"async\" width=\"150\" height=\"150\" src=\"https:\/\/wettbewerb-archiv.wir-tun-was-fuer-bienen.de\/archiv-2021\/wp-content\/uploads\/sites\/3\/2021\/07\/Blasenesche-gepflanzt-150x150.jpeg\" class=\"attachment-thumbnail size-thumbnail\" alt=\"\" loading=\"lazy\" \/><\/a><\/span><span><a href=\"https:\/\/wettbewerb-archiv.wir-tun-was-fuer-bienen.de\/archiv-2021\/eintrag\/honigpflanzen\/\"><img decoding=\"async\" width=\"150\" height=\"150\" src=\"https:\/\/wettbewerb-archiv.wir-tun-was-fuer-bienen.de\/archiv-2021\/wp-content\/uploads\/sites\/3\/2021\/07\/Randbepflanzung-150x150.jpeg\" class=\"attachment-thumbnail size-thumbnail\" alt=\"\" loading=\"lazy\" \/><\/a><\/span><span><a href=\"https:\/\/wettbewerb-archiv.wir-tun-was-fuer-bienen.de\/archiv-2021\/eintrag\/honigpflanzen\/\"><img decoding=\"async\" width=\"150\" height=\"150\" src=\"https:\/\/wettbewerb-archiv.wir-tun-was-fuer-bienen.de\/archiv-2021\/wp-content\/uploads\/sites\/3\/2021\/07\/Sandarium-Bau-3-150x150.jpeg\" class=\"attachment-thumbnail size-thumbnail\" alt=\"\" loading=\"lazy\" \/><\/a><\/span><span><a href=\"https:\/\/wettbewerb-archiv.wir-tun-was-fuer-bienen.de\/archiv-2021\/eintrag\/honigpflanzen\/\"><img decoding=\"async\" width=\"150\" height=\"150\" src=\"https:\/\/wettbewerb-archiv.wir-tun-was-fuer-bienen.de\/archiv-2021\/wp-content\/uploads\/sites\/3\/2021\/07\/Sandarium-Bau-150x150.jpeg\" class=\"attachment-thumbnail size-thumbnail\" alt=\"\" loading=\"lazy\" \/><\/a><\/span><\/div>\n\n    <div class=\"user flex\">\n        \n                    <img decoding=\"async\" src=\"https:\/\/wettbewerb-archiv.wir-tun-was-fuer-bienen.de\/archiv-2021\/wp-content\/themes\/bienen\/assets\/images\/avatar-placeholder.png\" style=\"border-radius: 30px;\" height=\"30\" width=\"30\">\n            Freie Waldorfschule Braunschweig e.V.            <\/div>\n    \n    \n            <p class=\"categories meta\" style=\"width: 100%\"><span class=\"fa fa-tag\"\n                                                             aria-hidden=\"true\"><\/span> Schul- und Jugendclub-G\u00e4rten        <\/p>\n    \n            <p class=\"categories meta\" style=\"width: 100%\"><span class=\"fa fa-map-marker\"\n                                                             aria-hidden=\"true\"><\/span> Niedersachsen        <\/p>\n    \n<\/article>\n   \n\t\t\n          <article id=\"post-53869\" class=\"et_pb_post post-53869 wtwfb_entry type-wtwfb_entry status-publish has-post-thumbnail hentry wtwfb_category-privatgaerten-und-gaerten-von-mietwohnungen-kleiner-500-quadratmeter wtwfb_region-niedersachsen\">\n    <h2 class=\"entry-title\"><a href=\"https:\/\/wettbewerb-archiv.wir-tun-was-fuer-bienen.de\/archiv-2021\/eintrag\/ein-garten-fuer-alle-mensch-und-tier\/\">Ein Garten f\u00fcr alle &#8211; Mensch und Tier<\/a>\n    <\/h2>\n    <a href=\"https:\/\/wettbewerb-archiv.wir-tun-was-fuer-bienen.de\/archiv-2021\/eintrag\/ein-garten-fuer-alle-mensch-und-tier\/\">\n        <div class=\"bienen-entry-image\">\n            <img decoding=\"async\" width=\"400\" height=\"300\" src=\"https:\/\/wettbewerb-archiv.wir-tun-was-fuer-bienen.de\/archiv-2021\/wp-content\/uploads\/sites\/3\/2021\/07\/IMG_20200419_122050618-1-400x300.jpg\" class=\"attachment-bienen-grid-thumb size-bienen-grid-thumb wp-post-image\" alt=\"\" loading=\"lazy\" \/>                    <\/div>\n    <\/a>\n\n    <div class=\"images-grid\"><span><a href=\"https:\/\/wettbewerb-archiv.wir-tun-was-fuer-bienen.de\/archiv-2021\/eintrag\/ein-garten-fuer-alle-mensch-und-tier\/\"><img decoding=\"async\" width=\"150\" height=\"150\" src=\"https:\/\/wettbewerb-archiv.wir-tun-was-fuer-bienen.de\/archiv-2021\/wp-content\/uploads\/sites\/3\/2021\/07\/DCP_8703-150x150.jpg\" class=\"attachment-thumbnail size-thumbnail\" alt=\"\" loading=\"lazy\" \/><\/a><\/span><span><a href=\"https:\/\/wettbewerb-archiv.wir-tun-was-fuer-bienen.de\/archiv-2021\/eintrag\/ein-garten-fuer-alle-mensch-und-tier\/\"><img decoding=\"async\" width=\"150\" height=\"150\" src=\"https:\/\/wettbewerb-archiv.wir-tun-was-fuer-bienen.de\/archiv-2021\/wp-content\/uploads\/sites\/3\/2021\/07\/DCP_8728-150x150.jpg\" class=\"attachment-thumbnail size-thumbnail\" alt=\"\" loading=\"lazy\" \/><\/a><\/span><span><a href=\"https:\/\/wettbewerb-archiv.wir-tun-was-fuer-bienen.de\/archiv-2021\/eintrag\/ein-garten-fuer-alle-mensch-und-tier\/\"><img decoding=\"async\" width=\"150\" height=\"150\" src=\"https:\/\/wettbewerb-archiv.wir-tun-was-fuer-bienen.de\/archiv-2021\/wp-content\/uploads\/sites\/3\/2021\/07\/DCP_8709-1-150x150.jpg\" class=\"attachment-thumbnail size-thumbnail\" alt=\"\" loading=\"lazy\" \/><\/a><\/span><span><a href=\"https:\/\/wettbewerb-archiv.wir-tun-was-fuer-bienen.de\/archiv-2021\/eintrag\/ein-garten-fuer-alle-mensch-und-tier\/\"><img decoding=\"async\" width=\"150\" height=\"150\" src=\"https:\/\/wettbewerb-archiv.wir-tun-was-fuer-bienen.de\/archiv-2021\/wp-content\/uploads\/sites\/3\/2021\/07\/DCP_8704-150x150.jpg\" class=\"attachment-thumbnail size-thumbnail\" alt=\"\" loading=\"lazy\" \/><\/a><\/span><\/div>\n\n    <div class=\"user flex\">\n        \n                    <img decoding=\"async\" src=\"https:\/\/wettbewerb-archiv.wir-tun-was-fuer-bienen.de\/archiv-2021\/wp-content\/themes\/bienen\/assets\/images\/avatar-placeholder.png\" style=\"border-radius: 30px;\" height=\"30\" width=\"30\">\n            Micha            <\/div>\n    \n    <p class=\"categories meta bienen-gewinner\"><span class=\"fa fa-trophy\"                                                              aria-hidden=\"true\"><\/span> Gewinner<\/p>\n            <p class=\"categories meta\" style=\"width: 100%\"><span class=\"fa fa-tag\"\n                                                             aria-hidden=\"true\"><\/span> Privatg\u00e4rten und G\u00e4rten von Mietwohnungen (kleiner als 500 Quadratmeter)        <\/p>\n    \n            <p class=\"categories meta\" style=\"width: 100%\"><span class=\"fa fa-map-marker\"\n                                                             aria-hidden=\"true\"><\/span> Niedersachsen        <\/p>\n    \n<\/article>\n   \n\t\t\n          <article id=\"post-53837\" class=\"et_pb_post post-53837 wtwfb_entry type-wtwfb_entry status-publish has-post-thumbnail hentry wtwfb_category-privatgaerten-und-gaerten-von-mietwohnungen-groesser-500-quadratmeter wtwfb_region-hessen\">\n    <h2 class=\"entry-title\"><a href=\"https:\/\/wettbewerb-archiv.wir-tun-was-fuer-bienen.de\/archiv-2021\/eintrag\/naturgartenmodul-totholz-hecke\/\">NaturgartenModul: Totholz-Hecke<\/a>\n    <\/h2>\n    <a href=\"https:\/\/wettbewerb-archiv.wir-tun-was-fuer-bienen.de\/archiv-2021\/eintrag\/naturgartenmodul-totholz-hecke\/\">\n        <div class=\"bienen-entry-image\">\n            <img decoding=\"async\" width=\"400\" height=\"300\" src=\"https:\/\/wettbewerb-archiv.wir-tun-was-fuer-bienen.de\/archiv-2021\/wp-content\/uploads\/sites\/3\/2021\/07\/Hauptbild-3-400x300.jpg\" class=\"attachment-bienen-grid-thumb size-bienen-grid-thumb wp-post-image\" alt=\"\" loading=\"lazy\" \/>                    <\/div>\n    <\/a>\n\n    <div class=\"images-grid\"><span><a href=\"https:\/\/wettbewerb-archiv.wir-tun-was-fuer-bienen.de\/archiv-2021\/eintrag\/naturgartenmodul-totholz-hecke\/\"><img decoding=\"async\" width=\"150\" height=\"150\" src=\"https:\/\/wettbewerb-archiv.wir-tun-was-fuer-bienen.de\/archiv-2021\/wp-content\/uploads\/sites\/3\/2021\/07\/01-150x150.jpg\" class=\"attachment-thumbnail size-thumbnail\" alt=\"\" loading=\"lazy\" \/><\/a><\/span><span><a href=\"https:\/\/wettbewerb-archiv.wir-tun-was-fuer-bienen.de\/archiv-2021\/eintrag\/naturgartenmodul-totholz-hecke\/\"><img decoding=\"async\" width=\"150\" height=\"150\" src=\"https:\/\/wettbewerb-archiv.wir-tun-was-fuer-bienen.de\/archiv-2021\/wp-content\/uploads\/sites\/3\/2021\/07\/02-1-150x150.jpg\" class=\"attachment-thumbnail size-thumbnail\" alt=\"\" loading=\"lazy\" \/><\/a><\/span><span><a href=\"https:\/\/wettbewerb-archiv.wir-tun-was-fuer-bienen.de\/archiv-2021\/eintrag\/naturgartenmodul-totholz-hecke\/\"><img decoding=\"async\" width=\"150\" height=\"150\" src=\"https:\/\/wettbewerb-archiv.wir-tun-was-fuer-bienen.de\/archiv-2021\/wp-content\/uploads\/sites\/3\/2021\/07\/03-150x150.jpg\" class=\"attachment-thumbnail size-thumbnail\" alt=\"\" loading=\"lazy\" \/><\/a><\/span><span><a href=\"https:\/\/wettbewerb-archiv.wir-tun-was-fuer-bienen.de\/archiv-2021\/eintrag\/naturgartenmodul-totholz-hecke\/\"><img decoding=\"async\" width=\"150\" height=\"150\" src=\"https:\/\/wettbewerb-archiv.wir-tun-was-fuer-bienen.de\/archiv-2021\/wp-content\/uploads\/sites\/3\/2021\/07\/04-1-150x150.jpg\" class=\"attachment-thumbnail size-thumbnail\" alt=\"\" loading=\"lazy\" \/><\/a><\/span><\/div>\n\n    <div class=\"user flex\">\n        \n                    <img decoding=\"async\" src=\"https:\/\/wettbewerb-archiv.wir-tun-was-fuer-bienen.de\/archiv-2021\/wp-content\/themes\/bienen\/assets\/images\/avatar-placeholder.png\" style=\"border-radius: 30px;\" height=\"30\" width=\"30\">\n            Frank            <\/div>\n    \n    \n            <p class=\"categories meta\" style=\"width: 100%\"><span class=\"fa fa-tag\"\n                                                             aria-hidden=\"true\"><\/span> Privatg\u00e4rten und G\u00e4rten von Mietwohnungen (gr\u00f6\u00dfer als 500 Quadratmeter)        <\/p>\n    \n            <p class=\"categories meta\" style=\"width: 100%\"><span class=\"fa fa-map-marker\"\n                                                             aria-hidden=\"true\"><\/span> Hessen        <\/p>\n    \n<\/article>\n   \n\t\t\n          <article id=\"post-53822\" class=\"et_pb_post post-53822 wtwfb_entry type-wtwfb_entry status-publish has-post-thumbnail hentry wtwfb_category-privatgaerten-und-gaerten-von-mietwohnungen-kleiner-500-quadratmeter wtwfb_region-niedersachsen\">\n    <h2 class=\"entry-title\"><a href=\"https:\/\/wettbewerb-archiv.wir-tun-was-fuer-bienen.de\/archiv-2021\/eintrag\/melanies-wahr-gewordener-traum-eine-oase\/\">Melanies wahr gewordener Traum, eine Oase<\/a>\n    <\/h2>\n    <a href=\"https:\/\/wettbewerb-archiv.wir-tun-was-fuer-bienen.de\/archiv-2021\/eintrag\/melanies-wahr-gewordener-traum-eine-oase\/\">\n        <div class=\"bienen-entry-image\">\n            <img decoding=\"async\" width=\"400\" height=\"300\" src=\"https:\/\/wettbewerb-archiv.wir-tun-was-fuer-bienen.de\/archiv-2021\/wp-content\/uploads\/sites\/3\/2021\/07\/DAF15EA2-C5AA-4636-9DEA-CD581DDFC41C-400x300.jpeg\" class=\"attachment-bienen-grid-thumb size-bienen-grid-thumb wp-post-image\" alt=\"\" loading=\"lazy\" \/>                    <\/div>\n    <\/a>\n\n    <div class=\"images-grid\"><span><a href=\"https:\/\/wettbewerb-archiv.wir-tun-was-fuer-bienen.de\/archiv-2021\/eintrag\/melanies-wahr-gewordener-traum-eine-oase\/\"><img decoding=\"async\" width=\"150\" height=\"150\" src=\"https:\/\/wettbewerb-archiv.wir-tun-was-fuer-bienen.de\/archiv-2021\/wp-content\/uploads\/sites\/3\/2021\/07\/9E7E9DC0-4768-4F35-AFA4-2A37E370F06C-150x150.jpeg\" class=\"attachment-thumbnail size-thumbnail\" alt=\"\" loading=\"lazy\" \/><\/a><\/span><span><a href=\"https:\/\/wettbewerb-archiv.wir-tun-was-fuer-bienen.de\/archiv-2021\/eintrag\/melanies-wahr-gewordener-traum-eine-oase\/\"><img decoding=\"async\" width=\"150\" height=\"150\" src=\"https:\/\/wettbewerb-archiv.wir-tun-was-fuer-bienen.de\/archiv-2021\/wp-content\/uploads\/sites\/3\/2021\/07\/A0314367-88AA-4199-ACEB-518B9C32E16D-150x150.jpeg\" class=\"attachment-thumbnail size-thumbnail\" alt=\"\" loading=\"lazy\" \/><\/a><\/span><span><a href=\"https:\/\/wettbewerb-archiv.wir-tun-was-fuer-bienen.de\/archiv-2021\/eintrag\/melanies-wahr-gewordener-traum-eine-oase\/\"><img decoding=\"async\" width=\"150\" height=\"150\" src=\"https:\/\/wettbewerb-archiv.wir-tun-was-fuer-bienen.de\/archiv-2021\/wp-content\/uploads\/sites\/3\/2021\/07\/6CB491BC-2D70-4AD7-B549-5B435E48A3E1-150x150.jpeg\" class=\"attachment-thumbnail size-thumbnail\" alt=\"\" loading=\"lazy\" \/><\/a><\/span><span><a href=\"https:\/\/wettbewerb-archiv.wir-tun-was-fuer-bienen.de\/archiv-2021\/eintrag\/melanies-wahr-gewordener-traum-eine-oase\/\"><img decoding=\"async\" width=\"150\" height=\"150\" src=\"https:\/\/wettbewerb-archiv.wir-tun-was-fuer-bienen.de\/archiv-2021\/wp-content\/uploads\/sites\/3\/2021\/07\/34B2B98C-4BB9-4955-A50C-665551DA4CCC-150x150.jpeg\" class=\"attachment-thumbnail size-thumbnail\" alt=\"\" loading=\"lazy\" \/><\/a><\/span><\/div>\n\n    <div class=\"user flex\">\n        \n                    <img decoding=\"async\" src=\"https:\/\/wettbewerb-archiv.wir-tun-was-fuer-bienen.de\/archiv-2021\/wp-content\/themes\/bienen\/assets\/images\/avatar-placeholder.png\" style=\"border-radius: 30px;\" height=\"30\" width=\"30\">\n            Melanie und ihr wahr gewordener Traum            <\/div>\n    \n    \n            <p class=\"categories meta\" style=\"width: 100%\"><span class=\"fa fa-tag\"\n                                                             aria-hidden=\"true\"><\/span> Privatg\u00e4rten und G\u00e4rten von Mietwohnungen (kleiner als 500 Quadratmeter)        <\/p>\n    \n            <p class=\"categories meta\" style=\"width: 100%\"><span class=\"fa fa-map-marker\"\n                                                             aria-hidden=\"true\"><\/span> Niedersachsen        <\/p>\n    \n<\/article>\n   \n\t\t\n          <article id=\"post-53784\" class=\"et_pb_post post-53784 wtwfb_entry type-wtwfb_entry status-publish has-post-thumbnail hentry wtwfb_category-firmen-institutions-und-vereinsgaerten wtwfb_region-sachsen\">\n    <h2 class=\"entry-title\"><a href=\"https:\/\/wettbewerb-archiv.wir-tun-was-fuer-bienen.de\/archiv-2021\/eintrag\/eine-muellecke-wird-zum-lebensraum-fuer-insekten\/\">Eine M\u00fcllecke wird zum Lebensraum f\u00fcr Insekten<\/a>\n    <\/h2>\n    <a href=\"https:\/\/wettbewerb-archiv.wir-tun-was-fuer-bienen.de\/archiv-2021\/eintrag\/eine-muellecke-wird-zum-lebensraum-fuer-insekten\/\">\n        <div class=\"bienen-entry-image\">\n            <img decoding=\"async\" width=\"400\" height=\"300\" src=\"https:\/\/wettbewerb-archiv.wir-tun-was-fuer-bienen.de\/archiv-2021\/wp-content\/uploads\/sites\/3\/2021\/07\/IMGP0095-400x300.jpg\" class=\"attachment-bienen-grid-thumb size-bienen-grid-thumb wp-post-image\" alt=\"\" loading=\"lazy\" \/>                    <\/div>\n    <\/a>\n\n    <div class=\"images-grid\"><span><a href=\"https:\/\/wettbewerb-archiv.wir-tun-was-fuer-bienen.de\/archiv-2021\/eintrag\/eine-muellecke-wird-zum-lebensraum-fuer-insekten\/\"><img decoding=\"async\" width=\"150\" height=\"150\" src=\"https:\/\/wettbewerb-archiv.wir-tun-was-fuer-bienen.de\/archiv-2021\/wp-content\/uploads\/sites\/3\/2021\/07\/IMGP5704-150x150.jpg\" class=\"attachment-thumbnail size-thumbnail\" alt=\"\" loading=\"lazy\" \/><\/a><\/span><span><a href=\"https:\/\/wettbewerb-archiv.wir-tun-was-fuer-bienen.de\/archiv-2021\/eintrag\/eine-muellecke-wird-zum-lebensraum-fuer-insekten\/\"><img decoding=\"async\" width=\"150\" height=\"150\" src=\"https:\/\/wettbewerb-archiv.wir-tun-was-fuer-bienen.de\/archiv-2021\/wp-content\/uploads\/sites\/3\/2021\/07\/IMGP0060-150x150.jpg\" class=\"attachment-thumbnail size-thumbnail\" alt=\"\" loading=\"lazy\" \/><\/a><\/span><span><a href=\"https:\/\/wettbewerb-archiv.wir-tun-was-fuer-bienen.de\/archiv-2021\/eintrag\/eine-muellecke-wird-zum-lebensraum-fuer-insekten\/\"><img decoding=\"async\" width=\"150\" height=\"150\" src=\"https:\/\/wettbewerb-archiv.wir-tun-was-fuer-bienen.de\/archiv-2021\/wp-content\/uploads\/sites\/3\/2021\/07\/IMGP0142-150x150.jpg\" class=\"attachment-thumbnail size-thumbnail\" alt=\"\" loading=\"lazy\" \/><\/a><\/span><\/div>\n\n    <div class=\"user flex\">\n        \n                    <img decoding=\"async\" src=\"https:\/\/wettbewerb-archiv.wir-tun-was-fuer-bienen.de\/archiv-2021\/wp-content\/themes\/bienen\/assets\/images\/avatar-placeholder.png\" style=\"border-radius: 30px;\" height=\"30\" width=\"30\">\n            Garagengemeinschaft Sch\u00fctzenplatz, Ute Wetzel            <\/div>\n    \n    \n            <p class=\"categories meta\" style=\"width: 100%\"><span class=\"fa fa-tag\"\n                                                             aria-hidden=\"true\"><\/span> Firmen-, Institutions- und Vereinsg\u00e4rten        <\/p>\n    \n            <p class=\"categories meta\" style=\"width: 100%\"><span class=\"fa fa-map-marker\"\n                                                             aria-hidden=\"true\"><\/span> Sachsen        <\/p>\n    \n<\/article>\n   \n\t\t\n          <article id=\"post-53768\" class=\"et_pb_post post-53768 wtwfb_entry type-wtwfb_entry status-publish has-post-thumbnail hentry wtwfb_category-kommunale-flaechen-parks-baumscheiben wtwfb_region-rheinland-pfalz\">\n    <h2 class=\"entry-title\"><a href=\"https:\/\/wettbewerb-archiv.wir-tun-was-fuer-bienen.de\/archiv-2021\/eintrag\/moetsch-blueht\/\">&#8222;M\u00f6tsch bl\u00fcht&#8220;<\/a>\n    <\/h2>\n    <a href=\"https:\/\/wettbewerb-archiv.wir-tun-was-fuer-bienen.de\/archiv-2021\/eintrag\/moetsch-blueht\/\">\n        <div class=\"bienen-entry-image\">\n            <img decoding=\"async\" width=\"400\" height=\"300\" src=\"https:\/\/wettbewerb-archiv.wir-tun-was-fuer-bienen.de\/archiv-2021\/wp-content\/uploads\/sites\/3\/2021\/07\/FXVL74971-400x300.jpg\" class=\"attachment-bienen-grid-thumb size-bienen-grid-thumb wp-post-image\" alt=\"\" loading=\"lazy\" \/>                    <\/div>\n    <\/a>\n\n    <div class=\"images-grid\"><span><a href=\"https:\/\/wettbewerb-archiv.wir-tun-was-fuer-bienen.de\/archiv-2021\/eintrag\/moetsch-blueht\/\"><img decoding=\"async\" width=\"150\" height=\"150\" src=\"https:\/\/wettbewerb-archiv.wir-tun-was-fuer-bienen.de\/archiv-2021\/wp-content\/uploads\/sites\/3\/2021\/07\/IMG_6880-150x150.jpg\" class=\"attachment-thumbnail size-thumbnail\" alt=\"\" loading=\"lazy\" \/><\/a><\/span><span><a href=\"https:\/\/wettbewerb-archiv.wir-tun-was-fuer-bienen.de\/archiv-2021\/eintrag\/moetsch-blueht\/\"><img decoding=\"async\" width=\"150\" height=\"150\" src=\"https:\/\/wettbewerb-archiv.wir-tun-was-fuer-bienen.de\/archiv-2021\/wp-content\/uploads\/sites\/3\/2021\/07\/IMG_6881-150x150.jpg\" class=\"attachment-thumbnail size-thumbnail\" alt=\"\" loading=\"lazy\" \/><\/a><\/span><span><a href=\"https:\/\/wettbewerb-archiv.wir-tun-was-fuer-bienen.de\/archiv-2021\/eintrag\/moetsch-blueht\/\"><img decoding=\"async\" width=\"150\" height=\"150\" src=\"https:\/\/wettbewerb-archiv.wir-tun-was-fuer-bienen.de\/archiv-2021\/wp-content\/uploads\/sites\/3\/2021\/07\/IMG_E6886-150x150.jpg\" class=\"attachment-thumbnail size-thumbnail\" alt=\"\" loading=\"lazy\" \/><\/a><\/span><\/div>\n\n    <div class=\"user flex\">\n        \n                    <img decoding=\"async\" src=\"https:\/\/wettbewerb-archiv.wir-tun-was-fuer-bienen.de\/archiv-2021\/wp-content\/themes\/bienen\/assets\/images\/avatar-placeholder.png\" style=\"border-radius: 30px;\" height=\"30\" width=\"30\">\n            M\u00f6tsch bl\u00fcht            <\/div>\n    \n    \n            <p class=\"categories meta\" style=\"width: 100%\"><span class=\"fa fa-tag\"\n                                                             aria-hidden=\"true\"><\/span> Kommunale Fl\u00e4chen, Parks, Baumscheiben        <\/p>\n    \n            <p class=\"categories meta\" style=\"width: 100%\"><span class=\"fa fa-map-marker\"\n                                                             aria-hidden=\"true\"><\/span> Rheinland-Pfalz        <\/p>\n    \n<\/article>\n   \n\t\t\n          <article id=\"post-53752\" class=\"et_pb_post post-53752 wtwfb_entry type-wtwfb_entry status-publish has-post-thumbnail hentry wtwfb_category-firmen-institutions-und-vereinsgaerten wtwfb_region-bayern\">\n    <h2 class=\"entry-title\"><a href=\"https:\/\/wettbewerb-archiv.wir-tun-was-fuer-bienen.de\/archiv-2021\/eintrag\/fuchur-bietet-insekten-ein-eigenes-zu-hause\/\">&#8218;Fuchur&#8216; bietet Insekten ein eigenes zu Hause<\/a>\n    <\/h2>\n    <a href=\"https:\/\/wettbewerb-archiv.wir-tun-was-fuer-bienen.de\/archiv-2021\/eintrag\/fuchur-bietet-insekten-ein-eigenes-zu-hause\/\">\n        <div class=\"bienen-entry-image\">\n            <img decoding=\"async\" width=\"400\" height=\"300\" src=\"https:\/\/wettbewerb-archiv.wir-tun-was-fuer-bienen.de\/archiv-2021\/wp-content\/uploads\/sites\/3\/2021\/07\/1.0-400x300.jpg\" class=\"attachment-bienen-grid-thumb size-bienen-grid-thumb wp-post-image\" alt=\"\" loading=\"lazy\" \/>                    <\/div>\n    <\/a>\n\n    <div class=\"images-grid\"><span><a href=\"https:\/\/wettbewerb-archiv.wir-tun-was-fuer-bienen.de\/archiv-2021\/eintrag\/fuchur-bietet-insekten-ein-eigenes-zu-hause\/\"><img decoding=\"async\" width=\"150\" height=\"150\" src=\"https:\/\/wettbewerb-archiv.wir-tun-was-fuer-bienen.de\/archiv-2021\/wp-content\/uploads\/sites\/3\/2021\/07\/1.2-150x150.jpg\" class=\"attachment-thumbnail size-thumbnail\" alt=\"\" loading=\"lazy\" \/><\/a><\/span><span><a href=\"https:\/\/wettbewerb-archiv.wir-tun-was-fuer-bienen.de\/archiv-2021\/eintrag\/fuchur-bietet-insekten-ein-eigenes-zu-hause\/\"><img decoding=\"async\" width=\"150\" height=\"150\" src=\"https:\/\/wettbewerb-archiv.wir-tun-was-fuer-bienen.de\/archiv-2021\/wp-content\/uploads\/sites\/3\/2021\/07\/1.4-150x150.jpg\" class=\"attachment-thumbnail size-thumbnail\" alt=\"\" loading=\"lazy\" \/><\/a><\/span><span><a href=\"https:\/\/wettbewerb-archiv.wir-tun-was-fuer-bienen.de\/archiv-2021\/eintrag\/fuchur-bietet-insekten-ein-eigenes-zu-hause\/\"><img decoding=\"async\" width=\"150\" height=\"150\" src=\"https:\/\/wettbewerb-archiv.wir-tun-was-fuer-bienen.de\/archiv-2021\/wp-content\/uploads\/sites\/3\/2021\/07\/2.1-150x150.jpg\" class=\"attachment-thumbnail size-thumbnail\" alt=\"\" loading=\"lazy\" \/><\/a><\/span><span><a href=\"https:\/\/wettbewerb-archiv.wir-tun-was-fuer-bienen.de\/archiv-2021\/eintrag\/fuchur-bietet-insekten-ein-eigenes-zu-hause\/\"><img decoding=\"async\" width=\"150\" height=\"150\" src=\"https:\/\/wettbewerb-archiv.wir-tun-was-fuer-bienen.de\/archiv-2021\/wp-content\/uploads\/sites\/3\/2021\/07\/2.3-150x150.jpg\" class=\"attachment-thumbnail size-thumbnail\" alt=\"\" loading=\"lazy\" \/><\/a><\/span><\/div>\n\n    <div class=\"user flex\">\n        \n                    <img decoding=\"async\" src=\"https:\/\/wettbewerb-archiv.wir-tun-was-fuer-bienen.de\/archiv-2021\/wp-content\/themes\/bienen\/assets\/images\/avatar-placeholder.png\" style=\"border-radius: 30px;\" height=\"30\" width=\"30\">\n            Kerschbaumerhof            <\/div>\n    \n    \n            <p class=\"categories meta\" style=\"width: 100%\"><span class=\"fa fa-tag\"\n                                                             aria-hidden=\"true\"><\/span> Firmen-, Institutions- und Vereinsg\u00e4rten        <\/p>\n    \n            <p class=\"categories meta\" style=\"width: 100%\"><span class=\"fa fa-map-marker\"\n                                                             aria-hidden=\"true\"><\/span> Bayern        <\/p>\n    \n<\/article>\n   \n\t\t\n          <article id=\"post-53743\" class=\"et_pb_post post-53743 wtwfb_entry type-wtwfb_entry status-publish has-post-thumbnail hentry wtwfb_category-schul-und-jugendclub-gaerten wtwfb_region-hessen\">\n    <h2 class=\"entry-title\"><a href=\"https:\/\/wettbewerb-archiv.wir-tun-was-fuer-bienen.de\/archiv-2021\/eintrag\/bienenfreundlicher-schulhof\/\">Bienenfreundlicher Schulhof<\/a>\n    <\/h2>\n    <a href=\"https:\/\/wettbewerb-archiv.wir-tun-was-fuer-bienen.de\/archiv-2021\/eintrag\/bienenfreundlicher-schulhof\/\">\n        <div class=\"bienen-entry-image\">\n            <img decoding=\"async\" width=\"400\" height=\"300\" src=\"https:\/\/wettbewerb-archiv.wir-tun-was-fuer-bienen.de\/archiv-2021\/wp-content\/uploads\/sites\/3\/2021\/07\/Hauptbild-E-Hof-400x300.jpg\" class=\"attachment-bienen-grid-thumb size-bienen-grid-thumb wp-post-image\" alt=\"\" loading=\"lazy\" \/>                    <\/div>\n    <\/a>\n\n    <div class=\"images-grid\"><span><a href=\"https:\/\/wettbewerb-archiv.wir-tun-was-fuer-bienen.de\/archiv-2021\/eintrag\/bienenfreundlicher-schulhof\/\"><img decoding=\"async\" width=\"150\" height=\"150\" src=\"https:\/\/wettbewerb-archiv.wir-tun-was-fuer-bienen.de\/archiv-2021\/wp-content\/uploads\/sites\/3\/2021\/07\/IMG-20210723-WA0004-150x150.jpg\" class=\"attachment-thumbnail size-thumbnail\" alt=\"\" loading=\"lazy\" \/><\/a><\/span><span><a href=\"https:\/\/wettbewerb-archiv.wir-tun-was-fuer-bienen.de\/archiv-2021\/eintrag\/bienenfreundlicher-schulhof\/\"><img decoding=\"async\" width=\"150\" height=\"150\" src=\"https:\/\/wettbewerb-archiv.wir-tun-was-fuer-bienen.de\/archiv-2021\/wp-content\/uploads\/sites\/3\/2021\/07\/2-6-150x150.jpg\" class=\"attachment-thumbnail size-thumbnail\" alt=\"\" loading=\"lazy\" \/><\/a><\/span><span><a href=\"https:\/\/wettbewerb-archiv.wir-tun-was-fuer-bienen.de\/archiv-2021\/eintrag\/bienenfreundlicher-schulhof\/\"><img decoding=\"async\" width=\"150\" height=\"150\" src=\"https:\/\/wettbewerb-archiv.wir-tun-was-fuer-bienen.de\/archiv-2021\/wp-content\/uploads\/sites\/3\/2021\/07\/3-7-150x150.jpg\" class=\"attachment-thumbnail size-thumbnail\" alt=\"\" loading=\"lazy\" \/><\/a><\/span><span><a href=\"https:\/\/wettbewerb-archiv.wir-tun-was-fuer-bienen.de\/archiv-2021\/eintrag\/bienenfreundlicher-schulhof\/\"><img decoding=\"async\" width=\"150\" height=\"150\" src=\"https:\/\/wettbewerb-archiv.wir-tun-was-fuer-bienen.de\/archiv-2021\/wp-content\/uploads\/sites\/3\/2021\/07\/4-8-150x150.jpg\" class=\"attachment-thumbnail size-thumbnail\" alt=\"\" loading=\"lazy\" \/><\/a><\/span><\/div>\n\n    <div class=\"user flex\">\n        \n                    <img decoding=\"async\" src=\"https:\/\/wettbewerb-archiv.wir-tun-was-fuer-bienen.de\/archiv-2021\/wp-content\/themes\/bienen\/assets\/images\/avatar-placeholder.png\" style=\"border-radius: 30px;\" height=\"30\" width=\"30\">\n            Bienenfreundlicher Schulhof            <\/div>\n    \n    <p class=\"categories meta bienen-gewinner\"><span class=\"fa fa-trophy\"                                                              aria-hidden=\"true\"><\/span> Gewinner<\/p>\n            <p class=\"categories meta\" style=\"width: 100%\"><span class=\"fa fa-tag\"\n                                                             aria-hidden=\"true\"><\/span> Schul- und Jugendclub-G\u00e4rten        <\/p>\n    \n            <p class=\"categories meta\" style=\"width: 100%\"><span class=\"fa fa-map-marker\"\n                                                             aria-hidden=\"true\"><\/span> Hessen        <\/p>\n    \n<\/article>\n   \n\t\t\n          <article id=\"post-53634\" class=\"et_pb_post post-53634 wtwfb_entry type-wtwfb_entry status-publish has-post-thumbnail hentry wtwfb_category-bestehende-naturgaerten wtwfb_region-bayern\">\n    <h2 class=\"entry-title\"><a href=\"https:\/\/wettbewerb-archiv.wir-tun-was-fuer-bienen.de\/archiv-2021\/eintrag\/lass-kraeuter-bluehen\/\">Lass Kr\u00e4uter bl\u00fchen<\/a>\n    <\/h2>\n    <a href=\"https:\/\/wettbewerb-archiv.wir-tun-was-fuer-bienen.de\/archiv-2021\/eintrag\/lass-kraeuter-bluehen\/\">\n        <div class=\"bienen-entry-image\">\n            <img decoding=\"async\" width=\"400\" height=\"300\" src=\"https:\/\/wettbewerb-archiv.wir-tun-was-fuer-bienen.de\/archiv-2021\/wp-content\/uploads\/sites\/3\/2021\/07\/1627213903251-400x300.jpg\" class=\"attachment-bienen-grid-thumb size-bienen-grid-thumb wp-post-image\" alt=\"\" loading=\"lazy\" \/>                    <\/div>\n    <\/a>\n\n    <div class=\"images-grid\"><span><a href=\"https:\/\/wettbewerb-archiv.wir-tun-was-fuer-bienen.de\/archiv-2021\/eintrag\/lass-kraeuter-bluehen\/\"><img decoding=\"async\" width=\"150\" height=\"150\" src=\"https:\/\/wettbewerb-archiv.wir-tun-was-fuer-bienen.de\/archiv-2021\/wp-content\/uploads\/sites\/3\/2021\/07\/20210725_133942-150x150.jpg\" class=\"attachment-thumbnail size-thumbnail\" alt=\"\" loading=\"lazy\" \/><\/a><\/span><span><a href=\"https:\/\/wettbewerb-archiv.wir-tun-was-fuer-bienen.de\/archiv-2021\/eintrag\/lass-kraeuter-bluehen\/\"><img decoding=\"async\" width=\"150\" height=\"150\" src=\"https:\/\/wettbewerb-archiv.wir-tun-was-fuer-bienen.de\/archiv-2021\/wp-content\/uploads\/sites\/3\/2021\/07\/20210725_140104-150x150.jpg\" class=\"attachment-thumbnail size-thumbnail\" alt=\"\" loading=\"lazy\" \/><\/a><\/span><\/div>\n\n    <div class=\"user flex\">\n        \n                    <img decoding=\"async\" src=\"https:\/\/wettbewerb-archiv.wir-tun-was-fuer-bienen.de\/archiv-2021\/wp-content\/themes\/bienen\/assets\/images\/avatar-placeholder.png\" style=\"border-radius: 30px;\" height=\"30\" width=\"30\">\n            Katrin Marchewka            <\/div>\n    \n    \n            <p class=\"categories meta\" style=\"width: 100%\"><span class=\"fa fa-tag\"\n                                                             aria-hidden=\"true\"><\/span> Bestehende Naturg\u00e4rten (ohne Pflanzaktionen)        <\/p>\n    \n            <p class=\"categories meta\" style=\"width: 100%\"><span class=\"fa fa-map-marker\"\n                                                             aria-hidden=\"true\"><\/span> Bayern        <\/p>\n    \n<\/article>\n   \n\t\t\n          <article id=\"post-53516\" class=\"et_pb_post post-53516 wtwfb_entry type-wtwfb_entry status-publish has-post-thumbnail hentry wtwfb_category-schul-und-jugendclub-gaerten wtwfb_region-nordrhein-westfalen\">\n    <h2 class=\"entry-title\"><a href=\"https:\/\/wettbewerb-archiv.wir-tun-was-fuer-bienen.de\/archiv-2021\/eintrag\/ein-neuer-schulgarten-wir-schafffen-lebensraeume\/\">Neuer Schulgarten &#8211; Vielf\u00e4ltiger Lebensraum<\/a>\n    <\/h2>\n    <a href=\"https:\/\/wettbewerb-archiv.wir-tun-was-fuer-bienen.de\/archiv-2021\/eintrag\/ein-neuer-schulgarten-wir-schafffen-lebensraeume\/\">\n        <div class=\"bienen-entry-image\">\n            <img decoding=\"async\" width=\"400\" height=\"300\" src=\"https:\/\/wettbewerb-archiv.wir-tun-was-fuer-bienen.de\/archiv-2021\/wp-content\/uploads\/sites\/3\/2021\/07\/IMG_09751-400x300.jpg\" class=\"attachment-bienen-grid-thumb size-bienen-grid-thumb wp-post-image\" alt=\"\" loading=\"lazy\" \/>                    <\/div>\n    <\/a>\n\n    <div class=\"images-grid\"><span><a href=\"https:\/\/wettbewerb-archiv.wir-tun-was-fuer-bienen.de\/archiv-2021\/eintrag\/ein-neuer-schulgarten-wir-schafffen-lebensraeume\/\"><img decoding=\"async\" width=\"150\" height=\"150\" src=\"https:\/\/wettbewerb-archiv.wir-tun-was-fuer-bienen.de\/archiv-2021\/wp-content\/uploads\/sites\/3\/2021\/07\/121CC42A-AD2E-4786-A13B-426FE7CCA631-150x150.jpeg\" class=\"attachment-thumbnail size-thumbnail\" alt=\"\" loading=\"lazy\" \/><\/a><\/span><span><a href=\"https:\/\/wettbewerb-archiv.wir-tun-was-fuer-bienen.de\/archiv-2021\/eintrag\/ein-neuer-schulgarten-wir-schafffen-lebensraeume\/\"><img decoding=\"async\" width=\"150\" height=\"150\" src=\"https:\/\/wettbewerb-archiv.wir-tun-was-fuer-bienen.de\/archiv-2021\/wp-content\/uploads\/sites\/3\/2021\/07\/IMG_01251-150x150.jpg\" class=\"attachment-thumbnail size-thumbnail\" alt=\"\" loading=\"lazy\" \/><\/a><\/span><span><a href=\"https:\/\/wettbewerb-archiv.wir-tun-was-fuer-bienen.de\/archiv-2021\/eintrag\/ein-neuer-schulgarten-wir-schafffen-lebensraeume\/\"><img decoding=\"async\" width=\"150\" height=\"150\" src=\"https:\/\/wettbewerb-archiv.wir-tun-was-fuer-bienen.de\/archiv-2021\/wp-content\/uploads\/sites\/3\/2021\/07\/070E6C6A-2BA8-468E-BA38-DD14F94B2541-150x150.jpeg\" class=\"attachment-thumbnail size-thumbnail\" alt=\"\" loading=\"lazy\" \/><\/a><\/span><span><a href=\"https:\/\/wettbewerb-archiv.wir-tun-was-fuer-bienen.de\/archiv-2021\/eintrag\/ein-neuer-schulgarten-wir-schafffen-lebensraeume\/\"><img decoding=\"async\" width=\"150\" height=\"150\" src=\"https:\/\/wettbewerb-archiv.wir-tun-was-fuer-bienen.de\/archiv-2021\/wp-content\/uploads\/sites\/3\/2021\/07\/BA7E2991-AFAD-4C36-A479-C968A7E9E5DE-150x150.jpeg\" class=\"attachment-thumbnail size-thumbnail\" alt=\"\" loading=\"lazy\" \/><\/a><\/span><\/div>\n\n    <div class=\"user flex\">\n        \n                    <img decoding=\"async\" src=\"https:\/\/wettbewerb-archiv.wir-tun-was-fuer-bienen.de\/archiv-2021\/wp-content\/themes\/bienen\/assets\/images\/avatar-placeholder.png\" style=\"border-radius: 30px;\" height=\"30\" width=\"30\">\n            Theresa Gondorf-Dicken            <\/div>\n    \n    \n            <p class=\"categories meta\" style=\"width: 100%\"><span class=\"fa fa-tag\"\n                                                             aria-hidden=\"true\"><\/span> Schul- und Jugendclub-G\u00e4rten        <\/p>\n    \n            <p class=\"categories meta\" style=\"width: 100%\"><span class=\"fa fa-map-marker\"\n                                                             aria-hidden=\"true\"><\/span> Nordrhein-Westfalen        <\/p>\n    \n<\/article>\n   \n\t\t\n          <article id=\"post-53440\" class=\"et_pb_post post-53440 wtwfb_entry type-wtwfb_entry status-publish has-post-thumbnail hentry wtwfb_category-bestehende-naturgaerten wtwfb_region-bayern\">\n    <h2 class=\"entry-title\"><a href=\"https:\/\/wettbewerb-archiv.wir-tun-was-fuer-bienen.de\/archiv-2021\/eintrag\/hortus-stoffihausianos-naturgartenfuehrungen-beratung-seminare-und-vortraege-in-sachen-umweltbildung-aufbau-garten-und-naturcoaching\/\">Hortus Stoffihausianos &#8211; Naturgartenf\u00fchrungen, &...<\/a>\n    <\/h2>\n    <a href=\"https:\/\/wettbewerb-archiv.wir-tun-was-fuer-bienen.de\/archiv-2021\/eintrag\/hortus-stoffihausianos-naturgartenfuehrungen-beratung-seminare-und-vortraege-in-sachen-umweltbildung-aufbau-garten-und-naturcoaching\/\">\n        <div class=\"bienen-entry-image\">\n            <img decoding=\"async\" width=\"400\" height=\"300\" src=\"https:\/\/wettbewerb-archiv.wir-tun-was-fuer-bienen.de\/archiv-2021\/wp-content\/uploads\/sites\/3\/2021\/07\/Jahreszeiten-400x300.jpg\" class=\"attachment-bienen-grid-thumb size-bienen-grid-thumb wp-post-image\" alt=\"\" loading=\"lazy\" \/>                    <\/div>\n    <\/a>\n\n    <div class=\"images-grid\"><span><a href=\"https:\/\/wettbewerb-archiv.wir-tun-was-fuer-bienen.de\/archiv-2021\/eintrag\/hortus-stoffihausianos-naturgartenfuehrungen-beratung-seminare-und-vortraege-in-sachen-umweltbildung-aufbau-garten-und-naturcoaching\/\"><img decoding=\"async\" width=\"150\" height=\"150\" src=\"https:\/\/wettbewerb-archiv.wir-tun-was-fuer-bienen.de\/archiv-2021\/wp-content\/uploads\/sites\/3\/2021\/07\/Naturgarten_Vortrag_Flyer_komprimiert-150x150.jpg\" class=\"attachment-thumbnail size-thumbnail\" alt=\"\" loading=\"lazy\" \/><\/a><\/span><span><a href=\"https:\/\/wettbewerb-archiv.wir-tun-was-fuer-bienen.de\/archiv-2021\/eintrag\/hortus-stoffihausianos-naturgartenfuehrungen-beratung-seminare-und-vortraege-in-sachen-umweltbildung-aufbau-garten-und-naturcoaching\/\"><img decoding=\"async\" width=\"150\" height=\"150\" src=\"https:\/\/wettbewerb-archiv.wir-tun-was-fuer-bienen.de\/archiv-2021\/wp-content\/uploads\/sites\/3\/2021\/07\/Collage_Teichbau-150x150.jpg\" class=\"attachment-thumbnail size-thumbnail\" alt=\"\" loading=\"lazy\" \/><\/a><\/span><span><a href=\"https:\/\/wettbewerb-archiv.wir-tun-was-fuer-bienen.de\/archiv-2021\/eintrag\/hortus-stoffihausianos-naturgartenfuehrungen-beratung-seminare-und-vortraege-in-sachen-umweltbildung-aufbau-garten-und-naturcoaching\/\"><img decoding=\"async\" width=\"150\" height=\"150\" src=\"https:\/\/wettbewerb-archiv.wir-tun-was-fuer-bienen.de\/archiv-2021\/wp-content\/uploads\/sites\/3\/2021\/07\/2019-04-19-Magerbeet_Hauswurz-Neuanlage_1-150x150.jpg\" class=\"attachment-thumbnail size-thumbnail\" alt=\"\" loading=\"lazy\" \/><\/a><\/span><span><a href=\"https:\/\/wettbewerb-archiv.wir-tun-was-fuer-bienen.de\/archiv-2021\/eintrag\/hortus-stoffihausianos-naturgartenfuehrungen-beratung-seminare-und-vortraege-in-sachen-umweltbildung-aufbau-garten-und-naturcoaching\/\"><img decoding=\"async\" width=\"150\" height=\"150\" src=\"https:\/\/wettbewerb-archiv.wir-tun-was-fuer-bienen.de\/archiv-2021\/wp-content\/uploads\/sites\/3\/2021\/07\/IMGP4420-150x150.jpg\" class=\"attachment-thumbnail size-thumbnail\" alt=\"\" loading=\"lazy\" \/><\/a><\/span><\/div>\n\n    <div class=\"user flex\">\n        \n                    <img decoding=\"async\" src=\"https:\/\/wettbewerb-archiv.wir-tun-was-fuer-bienen.de\/archiv-2021\/wp-content\/themes\/bienen\/assets\/images\/avatar-placeholder.png\" style=\"border-radius: 30px;\" height=\"30\" width=\"30\">\n            Hortus Stoffihausianos            <\/div>\n    \n    <p class=\"categories meta bienen-gewinner\"><span class=\"fa fa-trophy\"                                                              aria-hidden=\"true\"><\/span> Gewinner<\/p>\n            <p class=\"categories meta\" style=\"width: 100%\"><span class=\"fa fa-tag\"\n                                                             aria-hidden=\"true\"><\/span> Bestehende Naturg\u00e4rten (ohne Pflanzaktionen)        <\/p>\n    \n            <p class=\"categories meta\" style=\"width: 100%\"><span class=\"fa fa-map-marker\"\n                                                             aria-hidden=\"true\"><\/span> Bayern        <\/p>\n    \n<\/article>\n   \n\t\t\n          <article id=\"post-53407\" class=\"et_pb_post post-53407 wtwfb_entry type-wtwfb_entry status-publish has-post-thumbnail hentry wtwfb_category-privatgaerten-und-gaerten-von-mietwohnungen-kleiner-500-quadratmeter wtwfb_region-nordrhein-westfalen\">\n    <h2 class=\"entry-title\"><a href=\"https:\/\/wettbewerb-archiv.wir-tun-was-fuer-bienen.de\/archiv-2021\/eintrag\/deutschland-summt\/\">Schmetterlingsparadies<\/a>\n    <\/h2>\n    <a href=\"https:\/\/wettbewerb-archiv.wir-tun-was-fuer-bienen.de\/archiv-2021\/eintrag\/deutschland-summt\/\">\n        <div class=\"bienen-entry-image\">\n            <img decoding=\"async\" width=\"400\" height=\"300\" src=\"https:\/\/wettbewerb-archiv.wir-tun-was-fuer-bienen.de\/archiv-2021\/wp-content\/uploads\/sites\/3\/2021\/07\/IMG_20210723_145924-400x300.jpg\" class=\"attachment-bienen-grid-thumb size-bienen-grid-thumb wp-post-image\" alt=\"\" loading=\"lazy\" \/>                    <\/div>\n    <\/a>\n\n    <div class=\"images-grid\"><span><a href=\"https:\/\/wettbewerb-archiv.wir-tun-was-fuer-bienen.de\/archiv-2021\/eintrag\/deutschland-summt\/\"><img decoding=\"async\" width=\"150\" height=\"150\" src=\"https:\/\/wettbewerb-archiv.wir-tun-was-fuer-bienen.de\/archiv-2021\/wp-content\/uploads\/sites\/3\/2021\/07\/IMG_20210226_171458-150x150.jpg\" class=\"attachment-thumbnail size-thumbnail\" alt=\"\" loading=\"lazy\" \/><\/a><\/span><span><a href=\"https:\/\/wettbewerb-archiv.wir-tun-was-fuer-bienen.de\/archiv-2021\/eintrag\/deutschland-summt\/\"><img decoding=\"async\" width=\"150\" height=\"150\" src=\"https:\/\/wettbewerb-archiv.wir-tun-was-fuer-bienen.de\/archiv-2021\/wp-content\/uploads\/sites\/3\/2021\/07\/IMG_20210227_133718-150x150.jpg\" class=\"attachment-thumbnail size-thumbnail\" alt=\"\" loading=\"lazy\" \/><\/a><\/span><span><a href=\"https:\/\/wettbewerb-archiv.wir-tun-was-fuer-bienen.de\/archiv-2021\/eintrag\/deutschland-summt\/\"><img decoding=\"async\" width=\"150\" height=\"150\" src=\"https:\/\/wettbewerb-archiv.wir-tun-was-fuer-bienen.de\/archiv-2021\/wp-content\/uploads\/sites\/3\/2021\/07\/IMG_20210323_171606-150x150.jpg\" class=\"attachment-thumbnail size-thumbnail\" alt=\"\" loading=\"lazy\" \/><\/a><\/span><span><a href=\"https:\/\/wettbewerb-archiv.wir-tun-was-fuer-bienen.de\/archiv-2021\/eintrag\/deutschland-summt\/\"><img decoding=\"async\" width=\"150\" height=\"150\" src=\"https:\/\/wettbewerb-archiv.wir-tun-was-fuer-bienen.de\/archiv-2021\/wp-content\/uploads\/sites\/3\/2021\/07\/IMG_20210301_164021-150x150.jpg\" class=\"attachment-thumbnail size-thumbnail\" alt=\"\" loading=\"lazy\" \/><\/a><\/span><\/div>\n\n    <div class=\"user flex\">\n        \n                    <img decoding=\"async\" src=\"https:\/\/wettbewerb-archiv.wir-tun-was-fuer-bienen.de\/archiv-2021\/wp-content\/themes\/bienen\/assets\/images\/avatar-placeholder.png\" style=\"border-radius: 30px;\" height=\"30\" width=\"30\">\n            Nadine            <\/div>\n    \n    \n            <p class=\"categories meta\" style=\"width: 100%\"><span class=\"fa fa-tag\"\n                                                             aria-hidden=\"true\"><\/span> Privatg\u00e4rten und G\u00e4rten von Mietwohnungen (kleiner als 500 Quadratmeter)        <\/p>\n    \n            <p class=\"categories meta\" style=\"width: 100%\"><span class=\"fa fa-map-marker\"\n                                                             aria-hidden=\"true\"><\/span> Nordrhein-Westfalen        <\/p>\n    \n<\/article>\n   \n\t\t\n          <article id=\"post-53386\" class=\"et_pb_post post-53386 wtwfb_entry type-wtwfb_entry status-publish has-post-thumbnail hentry wtwfb_category-balkone-terrassen-dachbegruenung-vertikale-gaerten wtwfb_region-nordrhein-westfalen\">\n    <h2 class=\"entry-title\"><a href=\"https:\/\/wettbewerb-archiv.wir-tun-was-fuer-bienen.de\/archiv-2021\/eintrag\/wo-die-blumen-bluehen-laechelt-die-welt\/\">Wo die Blumen bl\u00fchen, l\u00e4chelt die Welt, und die Biene...<\/a>\n    <\/h2>\n    <a href=\"https:\/\/wettbewerb-archiv.wir-tun-was-fuer-bienen.de\/archiv-2021\/eintrag\/wo-die-blumen-bluehen-laechelt-die-welt\/\">\n        <div class=\"bienen-entry-image\">\n            <img decoding=\"async\" width=\"400\" height=\"300\" src=\"https:\/\/wettbewerb-archiv.wir-tun-was-fuer-bienen.de\/archiv-2021\/wp-content\/uploads\/sites\/3\/2021\/07\/20210730_111729-400x300.jpg\" class=\"attachment-bienen-grid-thumb size-bienen-grid-thumb wp-post-image\" alt=\"\" loading=\"lazy\" \/>                    <\/div>\n    <\/a>\n\n    <div class=\"images-grid\"><span><a href=\"https:\/\/wettbewerb-archiv.wir-tun-was-fuer-bienen.de\/archiv-2021\/eintrag\/wo-die-blumen-bluehen-laechelt-die-welt\/\"><img decoding=\"async\" width=\"150\" height=\"150\" src=\"https:\/\/wettbewerb-archiv.wir-tun-was-fuer-bienen.de\/archiv-2021\/wp-content\/uploads\/sites\/3\/2021\/07\/20210725_210051-150x150.jpg\" class=\"attachment-thumbnail size-thumbnail\" alt=\"\" loading=\"lazy\" \/><\/a><\/span><span><a href=\"https:\/\/wettbewerb-archiv.wir-tun-was-fuer-bienen.de\/archiv-2021\/eintrag\/wo-die-blumen-bluehen-laechelt-die-welt\/\"><img decoding=\"async\" width=\"150\" height=\"150\" src=\"https:\/\/wettbewerb-archiv.wir-tun-was-fuer-bienen.de\/archiv-2021\/wp-content\/uploads\/sites\/3\/2021\/07\/20210424_131155-2-150x150.jpg\" class=\"attachment-thumbnail size-thumbnail\" alt=\"\" loading=\"lazy\" \/><\/a><\/span><span><a href=\"https:\/\/wettbewerb-archiv.wir-tun-was-fuer-bienen.de\/archiv-2021\/eintrag\/wo-die-blumen-bluehen-laechelt-die-welt\/\"><img decoding=\"async\" width=\"150\" height=\"150\" src=\"https:\/\/wettbewerb-archiv.wir-tun-was-fuer-bienen.de\/archiv-2021\/wp-content\/uploads\/sites\/3\/2021\/07\/20210424_131132-2-150x150.jpg\" class=\"attachment-thumbnail size-thumbnail\" alt=\"\" loading=\"lazy\" \/><\/a><\/span><span><a href=\"https:\/\/wettbewerb-archiv.wir-tun-was-fuer-bienen.de\/archiv-2021\/eintrag\/wo-die-blumen-bluehen-laechelt-die-welt\/\"><img decoding=\"async\" width=\"150\" height=\"150\" src=\"https:\/\/wettbewerb-archiv.wir-tun-was-fuer-bienen.de\/archiv-2021\/wp-content\/uploads\/sites\/3\/2021\/07\/20210424_132029-2-150x150.jpg\" class=\"attachment-thumbnail size-thumbnail\" alt=\"\" loading=\"lazy\" \/><\/a><\/span><\/div>\n\n    <div class=\"user flex\">\n        \n                    <img decoding=\"async\" src=\"https:\/\/wettbewerb-archiv.wir-tun-was-fuer-bienen.de\/archiv-2021\/wp-content\/themes\/bienen\/assets\/images\/avatar-placeholder.png\" style=\"border-radius: 30px;\" height=\"30\" width=\"30\">\n            Bee happy            <\/div>\n    \n    \n            <p class=\"categories meta\" style=\"width: 100%\"><span class=\"fa fa-tag\"\n                                                             aria-hidden=\"true\"><\/span> Balkone, Terrassen, Dachbegr\u00fcnung, vertikale G\u00e4rten        <\/p>\n    \n            <p class=\"categories meta\" style=\"width: 100%\"><span class=\"fa fa-map-marker\"\n                                                             aria-hidden=\"true\"><\/span> Nordrhein-Westfalen        <\/p>\n    \n<\/article>\n   \n\t\t\n          <article id=\"post-53371\" class=\"et_pb_post post-53371 wtwfb_entry type-wtwfb_entry status-publish hentry wtwfb_category-schul-und-jugendclub-gaerten wtwfb_region-hessen\">\n    <h2 class=\"entry-title\"><a href=\"https:\/\/wettbewerb-archiv.wir-tun-was-fuer-bienen.de\/archiv-2021\/eintrag\/feuerwehrwiese-gombeth\/\">Feuerwehrwiese Gombeth<\/a>\n    <\/h2>\n    <a href=\"https:\/\/wettbewerb-archiv.wir-tun-was-fuer-bienen.de\/archiv-2021\/eintrag\/feuerwehrwiese-gombeth\/\">\n        <div class=\"bienen-entry-image\">\n                                <\/div>\n    <\/a>\n\n    <div class=\"images-grid\"><span><a href=\"https:\/\/wettbewerb-archiv.wir-tun-was-fuer-bienen.de\/archiv-2021\/eintrag\/feuerwehrwiese-gombeth\/\"><img decoding=\"async\" width=\"150\" height=\"150\" src=\"https:\/\/wettbewerb-archiv.wir-tun-was-fuer-bienen.de\/archiv-2021\/wp-content\/uploads\/sites\/3\/2021\/07\/20201030_160122-150x150.jpg\" class=\"attachment-thumbnail size-thumbnail\" alt=\"\" loading=\"lazy\" \/><\/a><\/span><span><a href=\"https:\/\/wettbewerb-archiv.wir-tun-was-fuer-bienen.de\/archiv-2021\/eintrag\/feuerwehrwiese-gombeth\/\"><img decoding=\"async\" width=\"150\" height=\"150\" src=\"https:\/\/wettbewerb-archiv.wir-tun-was-fuer-bienen.de\/archiv-2021\/wp-content\/uploads\/sites\/3\/2021\/07\/20201030_152503-150x150.jpg\" class=\"attachment-thumbnail size-thumbnail\" alt=\"\" loading=\"lazy\" \/><\/a><\/span><span><a href=\"https:\/\/wettbewerb-archiv.wir-tun-was-fuer-bienen.de\/archiv-2021\/eintrag\/feuerwehrwiese-gombeth\/\"><img decoding=\"async\" width=\"150\" height=\"150\" src=\"https:\/\/wettbewerb-archiv.wir-tun-was-fuer-bienen.de\/archiv-2021\/wp-content\/uploads\/sites\/3\/2021\/07\/IMG_20210611_165248-150x150.jpg\" class=\"attachment-thumbnail size-thumbnail\" alt=\"\" loading=\"lazy\" \/><\/a><\/span><span><a href=\"https:\/\/wettbewerb-archiv.wir-tun-was-fuer-bienen.de\/archiv-2021\/eintrag\/feuerwehrwiese-gombeth\/\"><img decoding=\"async\" width=\"150\" height=\"150\" src=\"https:\/\/wettbewerb-archiv.wir-tun-was-fuer-bienen.de\/archiv-2021\/wp-content\/uploads\/sites\/3\/2021\/07\/IMG_20210716_172502-150x150.jpg\" class=\"attachment-thumbnail size-thumbnail\" alt=\"\" loading=\"lazy\" \/><\/a><\/span><\/div>\n\n    <div class=\"user flex\">\n        \n                    <img decoding=\"async\" src=\"https:\/\/wettbewerb-archiv.wir-tun-was-fuer-bienen.de\/archiv-2021\/wp-content\/themes\/bienen\/assets\/images\/avatar-placeholder.png\" style=\"border-radius: 30px;\" height=\"30\" width=\"30\">\n            Nabu Kindergruppe Borken (Hessen)            <\/div>\n    \n    \n            <p class=\"categories meta\" style=\"width: 100%\"><span class=\"fa fa-tag\"\n                                                             aria-hidden=\"true\"><\/span> Schul- und Jugendclub-G\u00e4rten        <\/p>\n    \n            <p class=\"categories meta\" style=\"width: 100%\"><span class=\"fa fa-map-marker\"\n                                                             aria-hidden=\"true\"><\/span> Hessen        <\/p>\n    \n<\/article>\n   \n\t\t\n          <article id=\"post-53251\" class=\"et_pb_post post-53251 wtwfb_entry type-wtwfb_entry status-publish has-post-thumbnail hentry wtwfb_category-firmen-institutions-und-vereinsgaerten wtwfb_region-baden-wuerttemberg\">\n    <h2 class=\"entry-title\"><a href=\"https:\/\/wettbewerb-archiv.wir-tun-was-fuer-bienen.de\/archiv-2021\/eintrag\/insektenfreundliche-umgestaltung-des-altersheims-don-bosco-in-konstanz-durch-den-bund-konstanz\/\">Insektenfreundliche Umgestaltung des Altersheims &#8222...<\/a>\n    <\/h2>\n    <a href=\"https:\/\/wettbewerb-archiv.wir-tun-was-fuer-bienen.de\/archiv-2021\/eintrag\/insektenfreundliche-umgestaltung-des-altersheims-don-bosco-in-konstanz-durch-den-bund-konstanz\/\">\n        <div class=\"bienen-entry-image\">\n            <img decoding=\"async\" width=\"400\" height=\"300\" src=\"https:\/\/wettbewerb-archiv.wir-tun-was-fuer-bienen.de\/archiv-2021\/wp-content\/uploads\/sites\/3\/2021\/07\/Konstanz_summt_DonBosko_22-36-400x300.jpg\" class=\"attachment-bienen-grid-thumb size-bienen-grid-thumb wp-post-image\" alt=\"\" loading=\"lazy\" \/>                    <\/div>\n    <\/a>\n\n    <div class=\"images-grid\"><span><a href=\"https:\/\/wettbewerb-archiv.wir-tun-was-fuer-bienen.de\/archiv-2021\/eintrag\/insektenfreundliche-umgestaltung-des-altersheims-don-bosco-in-konstanz-durch-den-bund-konstanz\/\"><img decoding=\"async\" width=\"150\" height=\"150\" src=\"https:\/\/wettbewerb-archiv.wir-tun-was-fuer-bienen.de\/archiv-2021\/wp-content\/uploads\/sites\/3\/2021\/07\/Konstanz_summt_DonBosko_22-36-1-150x150.jpg\" class=\"attachment-thumbnail size-thumbnail\" alt=\"\" loading=\"lazy\" \/><\/a><\/span><span><a href=\"https:\/\/wettbewerb-archiv.wir-tun-was-fuer-bienen.de\/archiv-2021\/eintrag\/insektenfreundliche-umgestaltung-des-altersheims-don-bosco-in-konstanz-durch-den-bund-konstanz\/\"><img decoding=\"async\" width=\"150\" height=\"150\" src=\"https:\/\/wettbewerb-archiv.wir-tun-was-fuer-bienen.de\/archiv-2021\/wp-content\/uploads\/sites\/3\/2021\/07\/Konstanz_summt_DonBosko_21-1-150x150.jpg\" class=\"attachment-thumbnail size-thumbnail\" alt=\"\" loading=\"lazy\" \/><\/a><\/span><span><a href=\"https:\/\/wettbewerb-archiv.wir-tun-was-fuer-bienen.de\/archiv-2021\/eintrag\/insektenfreundliche-umgestaltung-des-altersheims-don-bosco-in-konstanz-durch-den-bund-konstanz\/\"><img decoding=\"async\" width=\"150\" height=\"150\" src=\"https:\/\/wettbewerb-archiv.wir-tun-was-fuer-bienen.de\/archiv-2021\/wp-content\/uploads\/sites\/3\/2021\/07\/Konstanz_summt_DonBosko_23-2-150x150.jpg\" class=\"attachment-thumbnail size-thumbnail\" alt=\"\" loading=\"lazy\" \/><\/a><\/span><span><a href=\"https:\/\/wettbewerb-archiv.wir-tun-was-fuer-bienen.de\/archiv-2021\/eintrag\/insektenfreundliche-umgestaltung-des-altersheims-don-bosco-in-konstanz-durch-den-bund-konstanz\/\"><img decoding=\"async\" width=\"150\" height=\"150\" src=\"https:\/\/wettbewerb-archiv.wir-tun-was-fuer-bienen.de\/archiv-2021\/wp-content\/uploads\/sites\/3\/2021\/07\/Konstanz_summt_DonBosko_23-4-150x150.jpg\" class=\"attachment-thumbnail size-thumbnail\" alt=\"\" loading=\"lazy\" \/><\/a><\/span><\/div>\n\n    <div class=\"user flex\">\n        \n                    <img decoding=\"async\" src=\"https:\/\/wettbewerb-archiv.wir-tun-was-fuer-bienen.de\/archiv-2021\/wp-content\/themes\/bienen\/assets\/images\/avatar-placeholder.png\" style=\"border-radius: 30px;\" height=\"30\" width=\"30\">\n            BUND Konstanz            <\/div>\n    \n    \n            <p class=\"categories meta\" style=\"width: 100%\"><span class=\"fa fa-tag\"\n                                                             aria-hidden=\"true\"><\/span> Firmen-, Institutions- und Vereinsg\u00e4rten        <\/p>\n    \n            <p class=\"categories meta\" style=\"width: 100%\"><span class=\"fa fa-map-marker\"\n                                                             aria-hidden=\"true\"><\/span> Baden-W\u00fcrttemberg        <\/p>\n    \n<\/article>\n   \n\t\t\n          <article id=\"post-53239\" class=\"et_pb_post post-53239 wtwfb_entry type-wtwfb_entry status-publish has-post-thumbnail hentry wtwfb_category-kita-und-kindergartengaerten wtwfb_region-sachsen\">\n    <h2 class=\"entry-title\"><a href=\"https:\/\/wettbewerb-archiv.wir-tun-was-fuer-bienen.de\/archiv-2021\/eintrag\/bienenwiese-kita-wirbelwind\/\">Bienenwiese Kita Wirbelwind<\/a>\n    <\/h2>\n    <a href=\"https:\/\/wettbewerb-archiv.wir-tun-was-fuer-bienen.de\/archiv-2021\/eintrag\/bienenwiese-kita-wirbelwind\/\">\n        <div class=\"bienen-entry-image\">\n            <img decoding=\"async\" width=\"400\" height=\"300\" src=\"https:\/\/wettbewerb-archiv.wir-tun-was-fuer-bienen.de\/archiv-2021\/wp-content\/uploads\/sites\/3\/2021\/07\/IMG-20210715-WA0009-400x300.jpg\" class=\"attachment-bienen-grid-thumb size-bienen-grid-thumb wp-post-image\" alt=\"\" loading=\"lazy\" \/>                    <\/div>\n    <\/a>\n\n    <div class=\"images-grid\"><span><a href=\"https:\/\/wettbewerb-archiv.wir-tun-was-fuer-bienen.de\/archiv-2021\/eintrag\/bienenwiese-kita-wirbelwind\/\"><img decoding=\"async\" width=\"150\" height=\"150\" src=\"https:\/\/wettbewerb-archiv.wir-tun-was-fuer-bienen.de\/archiv-2021\/wp-content\/uploads\/sites\/3\/2021\/07\/20210329_124319_001-150x150.jpg\" class=\"attachment-thumbnail size-thumbnail\" alt=\"\" loading=\"lazy\" \/><\/a><\/span><span><a href=\"https:\/\/wettbewerb-archiv.wir-tun-was-fuer-bienen.de\/archiv-2021\/eintrag\/bienenwiese-kita-wirbelwind\/\"><img decoding=\"async\" width=\"150\" height=\"150\" src=\"https:\/\/wettbewerb-archiv.wir-tun-was-fuer-bienen.de\/archiv-2021\/wp-content\/uploads\/sites\/3\/2021\/07\/IMG-20210723-WA0024-150x150.jpg\" class=\"attachment-thumbnail size-thumbnail\" alt=\"\" loading=\"lazy\" \/><\/a><\/span><span><a href=\"https:\/\/wettbewerb-archiv.wir-tun-was-fuer-bienen.de\/archiv-2021\/eintrag\/bienenwiese-kita-wirbelwind\/\"><img decoding=\"async\" width=\"150\" height=\"150\" src=\"https:\/\/wettbewerb-archiv.wir-tun-was-fuer-bienen.de\/archiv-2021\/wp-content\/uploads\/sites\/3\/2021\/07\/IMG-20210723-WA0027-150x150.jpg\" class=\"attachment-thumbnail size-thumbnail\" alt=\"\" loading=\"lazy\" \/><\/a><\/span><span><a href=\"https:\/\/wettbewerb-archiv.wir-tun-was-fuer-bienen.de\/archiv-2021\/eintrag\/bienenwiese-kita-wirbelwind\/\"><img decoding=\"async\" width=\"150\" height=\"150\" src=\"https:\/\/wettbewerb-archiv.wir-tun-was-fuer-bienen.de\/archiv-2021\/wp-content\/uploads\/sites\/3\/2021\/07\/IMG-20210723-WA0022-150x150.jpg\" class=\"attachment-thumbnail size-thumbnail\" alt=\"\" loading=\"lazy\" \/><\/a><\/span><\/div>\n\n    <div class=\"user flex\">\n        \n                    <img decoding=\"async\" src=\"https:\/\/wettbewerb-archiv.wir-tun-was-fuer-bienen.de\/archiv-2021\/wp-content\/themes\/bienen\/assets\/images\/avatar-placeholder.png\" style=\"border-radius: 30px;\" height=\"30\" width=\"30\">\n            Kita Wirbelwind            <\/div>\n            <p class=\"categories meta\" style=\"color: #c32731; font-weight: bold; width: 100%\"><span class=\"fa fa-music\"\n                                                                                                aria-hidden=\"true\"><\/span> Extrapreis Musik\n            f\u00fcr Bienenschutz\n        <\/p>\n    \n    \n            <p class=\"categories meta\" style=\"width: 100%\"><span class=\"fa fa-tag\"\n                                                             aria-hidden=\"true\"><\/span> Kita- und Kindergarteng\u00e4rten        <\/p>\n    \n            <p class=\"categories meta\" style=\"width: 100%\"><span class=\"fa fa-map-marker\"\n                                                             aria-hidden=\"true\"><\/span> Sachsen        <\/p>\n    \n<\/article>\n   \n\t\t\n          <article id=\"post-53182\" class=\"et_pb_post post-53182 wtwfb_entry type-wtwfb_entry status-publish has-post-thumbnail hentry wtwfb_category-kita-und-kindergartengaerten wtwfb_region-bayern\">\n    <h2 class=\"entry-title\"><a href=\"https:\/\/wettbewerb-archiv.wir-tun-was-fuer-bienen.de\/archiv-2021\/eintrag\/neuer-vorgarten-laedt-zum-verweilen-ein\/\">Neuer Vorgarten l\u00e4dt zum Verweilen ein.<\/a>\n    <\/h2>\n    <a href=\"https:\/\/wettbewerb-archiv.wir-tun-was-fuer-bienen.de\/archiv-2021\/eintrag\/neuer-vorgarten-laedt-zum-verweilen-ein\/\">\n        <div class=\"bienen-entry-image\">\n            <img decoding=\"async\" width=\"400\" height=\"300\" src=\"https:\/\/wettbewerb-archiv.wir-tun-was-fuer-bienen.de\/archiv-2021\/wp-content\/uploads\/sites\/3\/2021\/07\/IMG_20210719_133734-400x300.jpg\" class=\"attachment-bienen-grid-thumb size-bienen-grid-thumb wp-post-image\" alt=\"\" loading=\"lazy\" \/>                    <\/div>\n    <\/a>\n\n    <div class=\"images-grid\"><span><a href=\"https:\/\/wettbewerb-archiv.wir-tun-was-fuer-bienen.de\/archiv-2021\/eintrag\/neuer-vorgarten-laedt-zum-verweilen-ein\/\"><img decoding=\"async\" width=\"150\" height=\"150\" src=\"https:\/\/wettbewerb-archiv.wir-tun-was-fuer-bienen.de\/archiv-2021\/wp-content\/uploads\/sites\/3\/2021\/07\/DSC0438-150x150.jpg\" class=\"attachment-thumbnail size-thumbnail\" alt=\"\" loading=\"lazy\" \/><\/a><\/span><span><a href=\"https:\/\/wettbewerb-archiv.wir-tun-was-fuer-bienen.de\/archiv-2021\/eintrag\/neuer-vorgarten-laedt-zum-verweilen-ein\/\"><img decoding=\"async\" width=\"150\" height=\"150\" src=\"https:\/\/wettbewerb-archiv.wir-tun-was-fuer-bienen.de\/archiv-2021\/wp-content\/uploads\/sites\/3\/2021\/07\/DSC0436-3-150x150.jpg\" class=\"attachment-thumbnail size-thumbnail\" alt=\"\" loading=\"lazy\" \/><\/a><\/span><\/div>\n\n    <div class=\"user flex\">\n        \n                    <img decoding=\"async\" src=\"https:\/\/wettbewerb-archiv.wir-tun-was-fuer-bienen.de\/archiv-2021\/wp-content\/themes\/bienen\/assets\/images\/avatar-placeholder.png\" style=\"border-radius: 30px;\" height=\"30\" width=\"30\">\n            Kath. Kinderhaus St. Peter Paul            <\/div>\n    \n    \n            <p class=\"categories meta\" style=\"width: 100%\"><span class=\"fa fa-tag\"\n                                                             aria-hidden=\"true\"><\/span> Kita- und Kindergarteng\u00e4rten        <\/p>\n    \n            <p class=\"categories meta\" style=\"width: 100%\"><span class=\"fa fa-map-marker\"\n                                                             aria-hidden=\"true\"><\/span> Bayern        <\/p>\n    \n<\/article>\n   \n\t\t\n          <article id=\"post-53103\" class=\"et_pb_post post-53103 wtwfb_entry type-wtwfb_entry status-publish has-post-thumbnail hentry wtwfb_category-kleingartenwesen-parzellen-und-gemeinschaftsgaerten wtwfb_region-baden-wuerttemberg\">\n    <h2 class=\"entry-title\"><a href=\"https:\/\/wettbewerb-archiv.wir-tun-was-fuer-bienen.de\/archiv-2021\/eintrag\/insektenfreundlicher-waldschrebergarten\/\">Insektenfreundlicher Waldschrebergarten<\/a>\n    <\/h2>\n    <a href=\"https:\/\/wettbewerb-archiv.wir-tun-was-fuer-bienen.de\/archiv-2021\/eintrag\/insektenfreundlicher-waldschrebergarten\/\">\n        <div class=\"bienen-entry-image\">\n            <img decoding=\"async\" width=\"400\" height=\"300\" src=\"https:\/\/wettbewerb-archiv.wir-tun-was-fuer-bienen.de\/archiv-2021\/wp-content\/uploads\/sites\/3\/2021\/07\/IMG_5730-400x300.jpg\" class=\"attachment-bienen-grid-thumb size-bienen-grid-thumb wp-post-image\" alt=\"\" loading=\"lazy\" \/>                    <\/div>\n    <\/a>\n\n    <div class=\"images-grid\"><span><a href=\"https:\/\/wettbewerb-archiv.wir-tun-was-fuer-bienen.de\/archiv-2021\/eintrag\/insektenfreundlicher-waldschrebergarten\/\"><img decoding=\"async\" width=\"150\" height=\"150\" src=\"https:\/\/wettbewerb-archiv.wir-tun-was-fuer-bienen.de\/archiv-2021\/wp-content\/uploads\/sites\/3\/2021\/07\/IMG_4879-150x150.jpg\" class=\"attachment-thumbnail size-thumbnail\" alt=\"\" loading=\"lazy\" \/><\/a><\/span><span><a href=\"https:\/\/wettbewerb-archiv.wir-tun-was-fuer-bienen.de\/archiv-2021\/eintrag\/insektenfreundlicher-waldschrebergarten\/\"><img decoding=\"async\" width=\"150\" height=\"150\" src=\"https:\/\/wettbewerb-archiv.wir-tun-was-fuer-bienen.de\/archiv-2021\/wp-content\/uploads\/sites\/3\/2021\/07\/IMG_4141-150x150.jpg\" class=\"attachment-thumbnail size-thumbnail\" alt=\"\" loading=\"lazy\" \/><\/a><\/span><span><a href=\"https:\/\/wettbewerb-archiv.wir-tun-was-fuer-bienen.de\/archiv-2021\/eintrag\/insektenfreundlicher-waldschrebergarten\/\"><img decoding=\"async\" width=\"150\" height=\"150\" src=\"https:\/\/wettbewerb-archiv.wir-tun-was-fuer-bienen.de\/archiv-2021\/wp-content\/uploads\/sites\/3\/2021\/07\/IMG_4992-150x150.jpg\" class=\"attachment-thumbnail size-thumbnail\" alt=\"\" loading=\"lazy\" \/><\/a><\/span><span><a href=\"https:\/\/wettbewerb-archiv.wir-tun-was-fuer-bienen.de\/archiv-2021\/eintrag\/insektenfreundlicher-waldschrebergarten\/\"><img decoding=\"async\" width=\"150\" height=\"150\" src=\"https:\/\/wettbewerb-archiv.wir-tun-was-fuer-bienen.de\/archiv-2021\/wp-content\/uploads\/sites\/3\/2021\/07\/IMG_5363-150x150.jpg\" class=\"attachment-thumbnail size-thumbnail\" alt=\"\" loading=\"lazy\" \/><\/a><\/span><\/div>\n\n    <div class=\"user flex\">\n        \n                    <img decoding=\"async\" src=\"https:\/\/wettbewerb-archiv.wir-tun-was-fuer-bienen.de\/archiv-2021\/wp-content\/themes\/bienen\/assets\/images\/avatar-placeholder.png\" style=\"border-radius: 30px;\" height=\"30\" width=\"30\">\n            threecherrytrees            <\/div>\n    \n    \n            <p class=\"categories meta\" style=\"width: 100%\"><span class=\"fa fa-tag\"\n                                                             aria-hidden=\"true\"><\/span> Kleingartenwesen: Parzellen und Gemeinschaftsg\u00e4rten        <\/p>\n    \n            <p class=\"categories meta\" style=\"width: 100%\"><span class=\"fa fa-map-marker\"\n                                                             aria-hidden=\"true\"><\/span> Baden-W\u00fcrttemberg        <\/p>\n    \n<\/article>\n   \n\t\t\n          <article id=\"post-53077\" class=\"et_pb_post post-53077 wtwfb_entry type-wtwfb_entry status-publish has-post-thumbnail hentry wtwfb_category-schul-und-jugendclub-gaerten wtwfb_region-sachsen\">\n    <h2 class=\"entry-title\"><a href=\"https:\/\/wettbewerb-archiv.wir-tun-was-fuer-bienen.de\/archiv-2021\/eintrag\/unser-schulgarten-ein-bienenfreundliches-stueckchen-natur\/\">Unser Schulgarten &#8211; ein bienenfreundliches Fleckc...<\/a>\n    <\/h2>\n    <a href=\"https:\/\/wettbewerb-archiv.wir-tun-was-fuer-bienen.de\/archiv-2021\/eintrag\/unser-schulgarten-ein-bienenfreundliches-stueckchen-natur\/\">\n        <div class=\"bienen-entry-image\">\n            <img decoding=\"async\" width=\"400\" height=\"300\" src=\"https:\/\/wettbewerb-archiv.wir-tun-was-fuer-bienen.de\/archiv-2021\/wp-content\/uploads\/sites\/3\/2021\/07\/Bild1-1-400x300.jpg\" class=\"attachment-bienen-grid-thumb size-bienen-grid-thumb wp-post-image\" alt=\"\" loading=\"lazy\" \/>                    <\/div>\n    <\/a>\n\n    <div class=\"images-grid\"><span><a href=\"https:\/\/wettbewerb-archiv.wir-tun-was-fuer-bienen.de\/archiv-2021\/eintrag\/unser-schulgarten-ein-bienenfreundliches-stueckchen-natur\/\"><img decoding=\"async\" width=\"150\" height=\"150\" src=\"https:\/\/wettbewerb-archiv.wir-tun-was-fuer-bienen.de\/archiv-2021\/wp-content\/uploads\/sites\/3\/2021\/07\/Bild-2-150x150.jpg\" class=\"attachment-thumbnail size-thumbnail\" alt=\"\" loading=\"lazy\" \/><\/a><\/span><span><a href=\"https:\/\/wettbewerb-archiv.wir-tun-was-fuer-bienen.de\/archiv-2021\/eintrag\/unser-schulgarten-ein-bienenfreundliches-stueckchen-natur\/\"><img decoding=\"async\" width=\"150\" height=\"150\" src=\"https:\/\/wettbewerb-archiv.wir-tun-was-fuer-bienen.de\/archiv-2021\/wp-content\/uploads\/sites\/3\/2021\/07\/Bild-3-150x150.jpg\" class=\"attachment-thumbnail size-thumbnail\" alt=\"\" loading=\"lazy\" \/><\/a><\/span><\/div>\n\n    <div class=\"user flex\">\n        \n                    <img decoding=\"async\" src=\"https:\/\/wettbewerb-archiv.wir-tun-was-fuer-bienen.de\/archiv-2021\/wp-content\/themes\/bienen\/assets\/images\/avatar-placeholder.png\" style=\"border-radius: 30px;\" height=\"30\" width=\"30\">\n            Schiller-GS Rodewisch            <\/div>\n    \n    \n            <p class=\"categories meta\" style=\"width: 100%\"><span class=\"fa fa-tag\"\n                                                             aria-hidden=\"true\"><\/span> Schul- und Jugendclub-G\u00e4rten        <\/p>\n    \n            <p class=\"categories meta\" style=\"width: 100%\"><span class=\"fa fa-map-marker\"\n                                                             aria-hidden=\"true\"><\/span> Sachsen        <\/p>\n    \n<\/article>\n   \n\t\t\n          <article id=\"post-53046\" class=\"et_pb_post post-53046 wtwfb_entry type-wtwfb_entry status-publish has-post-thumbnail hentry wtwfb_category-kommunale-flaechen-parks-baumscheiben wtwfb_region-bayern\">\n    <h2 class=\"entry-title\"><a href=\"https:\/\/wettbewerb-archiv.wir-tun-was-fuer-bienen.de\/archiv-2021\/eintrag\/vielfalt-statt-einfalt-2\/\">Vielfalt statt Einfalt<\/a>\n    <\/h2>\n    <a href=\"https:\/\/wettbewerb-archiv.wir-tun-was-fuer-bienen.de\/archiv-2021\/eintrag\/vielfalt-statt-einfalt-2\/\">\n        <div class=\"bienen-entry-image\">\n            <img decoding=\"async\" width=\"400\" height=\"300\" src=\"https:\/\/wettbewerb-archiv.wir-tun-was-fuer-bienen.de\/archiv-2021\/wp-content\/uploads\/sites\/3\/2021\/07\/2021-07-Blumenwiesen-deutschland-summt-400x300.jpg\" class=\"attachment-bienen-grid-thumb size-bienen-grid-thumb wp-post-image\" alt=\"\" loading=\"lazy\" \/>                    <\/div>\n    <\/a>\n\n    <div class=\"images-grid\"><span><a href=\"https:\/\/wettbewerb-archiv.wir-tun-was-fuer-bienen.de\/archiv-2021\/eintrag\/vielfalt-statt-einfalt-2\/\"><img decoding=\"async\" width=\"150\" height=\"150\" src=\"https:\/\/wettbewerb-archiv.wir-tun-was-fuer-bienen.de\/archiv-2021\/wp-content\/uploads\/sites\/3\/2021\/07\/IMG_20210426_081250-150x150.jpg\" class=\"attachment-thumbnail size-thumbnail\" alt=\"\" loading=\"lazy\" \/><\/a><\/span><span><a href=\"https:\/\/wettbewerb-archiv.wir-tun-was-fuer-bienen.de\/archiv-2021\/eintrag\/vielfalt-statt-einfalt-2\/\"><img decoding=\"async\" width=\"150\" height=\"150\" src=\"https:\/\/wettbewerb-archiv.wir-tun-was-fuer-bienen.de\/archiv-2021\/wp-content\/uploads\/sites\/3\/2021\/07\/IMG_20210507_084412-150x150.jpg\" class=\"attachment-thumbnail size-thumbnail\" alt=\"\" loading=\"lazy\" \/><\/a><\/span><span><a href=\"https:\/\/wettbewerb-archiv.wir-tun-was-fuer-bienen.de\/archiv-2021\/eintrag\/vielfalt-statt-einfalt-2\/\"><img decoding=\"async\" width=\"150\" height=\"150\" src=\"https:\/\/wettbewerb-archiv.wir-tun-was-fuer-bienen.de\/archiv-2021\/wp-content\/uploads\/sites\/3\/2021\/07\/IMG_20210426_083632-150x150.jpg\" class=\"attachment-thumbnail size-thumbnail\" alt=\"\" loading=\"lazy\" \/><\/a><\/span><\/div>\n\n    <div class=\"user flex\">\n        \n                    <img decoding=\"async\" src=\"https:\/\/wettbewerb-archiv.wir-tun-was-fuer-bienen.de\/archiv-2021\/wp-content\/themes\/bienen\/assets\/images\/avatar-placeholder.png\" style=\"border-radius: 30px;\" height=\"30\" width=\"30\">\n            Garten- und Friedhofsamt Memmingen            <\/div>\n    \n    \n            <p class=\"categories meta\" style=\"width: 100%\"><span class=\"fa fa-tag\"\n                                                             aria-hidden=\"true\"><\/span> Kommunale Fl\u00e4chen, Parks, Baumscheiben        <\/p>\n    \n            <p class=\"categories meta\" style=\"width: 100%\"><span class=\"fa fa-map-marker\"\n                                                             aria-hidden=\"true\"><\/span> Bayern        <\/p>\n    \n<\/article>\n   \n\t\t\n          <article id=\"post-53024\" class=\"et_pb_post post-53024 wtwfb_entry type-wtwfb_entry status-publish has-post-thumbnail hentry wtwfb_category-kita-und-kindergartengaerten wtwfb_region-thueringen\">\n    <h2 class=\"entry-title\"><a href=\"https:\/\/wettbewerb-archiv.wir-tun-was-fuer-bienen.de\/archiv-2021\/eintrag\/summender-brummender-spielplatz\/\">Summender, brummender Spielplatz<\/a>\n    <\/h2>\n    <a href=\"https:\/\/wettbewerb-archiv.wir-tun-was-fuer-bienen.de\/archiv-2021\/eintrag\/summender-brummender-spielplatz\/\">\n        <div class=\"bienen-entry-image\">\n            <img decoding=\"async\" width=\"400\" height=\"300\" src=\"https:\/\/wettbewerb-archiv.wir-tun-was-fuer-bienen.de\/archiv-2021\/wp-content\/uploads\/sites\/3\/2021\/07\/CollageMaker_20210713_052723974-400x300.jpg\" class=\"attachment-bienen-grid-thumb size-bienen-grid-thumb wp-post-image\" alt=\"\" loading=\"lazy\" \/>                    <\/div>\n    <\/a>\n\n    <div class=\"images-grid\"><span><a href=\"https:\/\/wettbewerb-archiv.wir-tun-was-fuer-bienen.de\/archiv-2021\/eintrag\/summender-brummender-spielplatz\/\"><img decoding=\"async\" width=\"150\" height=\"150\" src=\"https:\/\/wettbewerb-archiv.wir-tun-was-fuer-bienen.de\/archiv-2021\/wp-content\/uploads\/sites\/3\/2021\/07\/IMG_20200828_155808-150x150.jpg\" class=\"attachment-thumbnail size-thumbnail\" alt=\"\" loading=\"lazy\" \/><\/a><\/span><span><a href=\"https:\/\/wettbewerb-archiv.wir-tun-was-fuer-bienen.de\/archiv-2021\/eintrag\/summender-brummender-spielplatz\/\"><img decoding=\"async\" width=\"150\" height=\"150\" src=\"https:\/\/wettbewerb-archiv.wir-tun-was-fuer-bienen.de\/archiv-2021\/wp-content\/uploads\/sites\/3\/2021\/07\/IMG_20210723_060552-150x150.jpg\" class=\"attachment-thumbnail size-thumbnail\" alt=\"\" loading=\"lazy\" \/><\/a><\/span><span><a href=\"https:\/\/wettbewerb-archiv.wir-tun-was-fuer-bienen.de\/archiv-2021\/eintrag\/summender-brummender-spielplatz\/\"><img decoding=\"async\" width=\"150\" height=\"150\" src=\"https:\/\/wettbewerb-archiv.wir-tun-was-fuer-bienen.de\/archiv-2021\/wp-content\/uploads\/sites\/3\/2021\/07\/IMG_20210723_060626-150x150.jpg\" class=\"attachment-thumbnail size-thumbnail\" alt=\"\" loading=\"lazy\" \/><\/a><\/span><span><a href=\"https:\/\/wettbewerb-archiv.wir-tun-was-fuer-bienen.de\/archiv-2021\/eintrag\/summender-brummender-spielplatz\/\"><img decoding=\"async\" width=\"150\" height=\"150\" src=\"https:\/\/wettbewerb-archiv.wir-tun-was-fuer-bienen.de\/archiv-2021\/wp-content\/uploads\/sites\/3\/2021\/07\/Screenshot_20210713_084718_com.facebook.katana-150x150.jpg\" class=\"attachment-thumbnail size-thumbnail\" alt=\"\" loading=\"lazy\" \/><\/a><\/span><\/div>\n\n    <div class=\"user flex\">\n        \n                    <img decoding=\"async\" src=\"https:\/\/wettbewerb-archiv.wir-tun-was-fuer-bienen.de\/archiv-2021\/wp-content\/themes\/bienen\/assets\/images\/avatar-placeholder.png\" style=\"border-radius: 30px;\" height=\"30\" width=\"30\">\n            Hainichknirpse            <\/div>\n    \n    \n            <p class=\"categories meta\" style=\"width: 100%\"><span class=\"fa fa-tag\"\n                                                             aria-hidden=\"true\"><\/span> Kita- und Kindergarteng\u00e4rten        <\/p>\n    \n            <p class=\"categories meta\" style=\"width: 100%\"><span class=\"fa fa-map-marker\"\n                                                             aria-hidden=\"true\"><\/span> Th\u00fcringen        <\/p>\n    \n<\/article>\n   \n\t\t\n          <article id=\"post-52838\" class=\"et_pb_post post-52838 wtwfb_entry type-wtwfb_entry status-publish has-post-thumbnail hentry wtwfb_category-privatgaerten-und-gaerten-von-mietwohnungen-groesser-500-quadratmeter wtwfb_region-hessen\">\n    <h2 class=\"entry-title\"><a href=\"https:\/\/wettbewerb-archiv.wir-tun-was-fuer-bienen.de\/archiv-2021\/eintrag\/hortus-lignum-et-ludus-die-raender-machens\/\">Hortus Lignum et Ludus<\/a>\n    <\/h2>\n    <a href=\"https:\/\/wettbewerb-archiv.wir-tun-was-fuer-bienen.de\/archiv-2021\/eintrag\/hortus-lignum-et-ludus-die-raender-machens\/\">\n        <div class=\"bienen-entry-image\">\n            <img decoding=\"async\" width=\"400\" height=\"300\" src=\"https:\/\/wettbewerb-archiv.wir-tun-was-fuer-bienen.de\/archiv-2021\/wp-content\/uploads\/sites\/3\/2021\/07\/IMG_5850-400x300.jpg\" class=\"attachment-bienen-grid-thumb size-bienen-grid-thumb wp-post-image\" alt=\"\" loading=\"lazy\" \/>                    <\/div>\n    <\/a>\n\n    <div class=\"images-grid\"><span><a href=\"https:\/\/wettbewerb-archiv.wir-tun-was-fuer-bienen.de\/archiv-2021\/eintrag\/hortus-lignum-et-ludus-die-raender-machens\/\"><img decoding=\"async\" width=\"150\" height=\"150\" src=\"https:\/\/wettbewerb-archiv.wir-tun-was-fuer-bienen.de\/archiv-2021\/wp-content\/uploads\/sites\/3\/2021\/07\/IMG_4568-150x150.jpg\" class=\"attachment-thumbnail size-thumbnail\" alt=\"\" loading=\"lazy\" \/><\/a><\/span><span><a href=\"https:\/\/wettbewerb-archiv.wir-tun-was-fuer-bienen.de\/archiv-2021\/eintrag\/hortus-lignum-et-ludus-die-raender-machens\/\"><img decoding=\"async\" width=\"150\" height=\"150\" src=\"https:\/\/wettbewerb-archiv.wir-tun-was-fuer-bienen.de\/archiv-2021\/wp-content\/uploads\/sites\/3\/2021\/07\/IMG_4517-150x150.jpg\" class=\"attachment-thumbnail size-thumbnail\" alt=\"\" loading=\"lazy\" \/><\/a><\/span><span><a href=\"https:\/\/wettbewerb-archiv.wir-tun-was-fuer-bienen.de\/archiv-2021\/eintrag\/hortus-lignum-et-ludus-die-raender-machens\/\"><img decoding=\"async\" width=\"106\" height=\"150\" src=\"https:\/\/wettbewerb-archiv.wir-tun-was-fuer-bienen.de\/archiv-2021\/wp-content\/uploads\/sites\/3\/2021\/07\/Holzhalle-1-1-pdf-106x150.jpg\" class=\"attachment-thumbnail size-thumbnail\" alt=\"\" loading=\"lazy\" \/><\/a><\/span><span><a href=\"https:\/\/wettbewerb-archiv.wir-tun-was-fuer-bienen.de\/archiv-2021\/eintrag\/hortus-lignum-et-ludus-die-raender-machens\/\"><img decoding=\"async\" width=\"150\" height=\"150\" src=\"https:\/\/wettbewerb-archiv.wir-tun-was-fuer-bienen.de\/archiv-2021\/wp-content\/uploads\/sites\/3\/2021\/07\/IMG_5091-1-150x150.jpg\" class=\"attachment-thumbnail size-thumbnail\" alt=\"\" loading=\"lazy\" \/><\/a><\/span><\/div>\n\n    <div class=\"user flex\">\n        \n                    <img decoding=\"async\" src=\"https:\/\/wettbewerb-archiv.wir-tun-was-fuer-bienen.de\/archiv-2021\/wp-content\/themes\/bienen\/assets\/images\/avatar-placeholder.png\" style=\"border-radius: 30px;\" height=\"30\" width=\"30\">\n            Hortus Lignum et Ludus            <\/div>\n    \n    <p class=\"categories meta bienen-gewinner\"><span class=\"fa fa-trophy\"                                                              aria-hidden=\"true\"><\/span> Gewinner<\/p>\n            <p class=\"categories meta\" style=\"width: 100%\"><span class=\"fa fa-tag\"\n                                                             aria-hidden=\"true\"><\/span> Privatg\u00e4rten und G\u00e4rten von Mietwohnungen (gr\u00f6\u00dfer als 500 Quadratmeter)        <\/p>\n    \n            <p class=\"categories meta\" style=\"width: 100%\"><span class=\"fa fa-map-marker\"\n                                                             aria-hidden=\"true\"><\/span> Hessen        <\/p>\n    \n<\/article>\n   \n\t\t\n          <article id=\"post-52789\" class=\"et_pb_post post-52789 wtwfb_entry type-wtwfb_entry status-publish has-post-thumbnail hentry wtwfb_category-kommunale-flaechen-parks-baumscheiben wtwfb_region-bayern\">\n    <h2 class=\"entry-title\"><a href=\"https:\/\/wettbewerb-archiv.wir-tun-was-fuer-bienen.de\/archiv-2021\/eintrag\/von-einer-einfachen-wiese-zum-naturerlebnis\/\">Von einer einfachen Wiese zum Naturerlebnis<\/a>\n    <\/h2>\n    <a href=\"https:\/\/wettbewerb-archiv.wir-tun-was-fuer-bienen.de\/archiv-2021\/eintrag\/von-einer-einfachen-wiese-zum-naturerlebnis\/\">\n        <div class=\"bienen-entry-image\">\n            <img decoding=\"async\" width=\"400\" height=\"300\" src=\"https:\/\/wettbewerb-archiv.wir-tun-was-fuer-bienen.de\/archiv-2021\/wp-content\/uploads\/sites\/3\/2021\/07\/3-Hasenkopf-400x300.jpg\" class=\"attachment-bienen-grid-thumb size-bienen-grid-thumb wp-post-image\" alt=\"\" loading=\"lazy\" \/>                    <\/div>\n    <\/a>\n\n    <div class=\"images-grid\"><span><a href=\"https:\/\/wettbewerb-archiv.wir-tun-was-fuer-bienen.de\/archiv-2021\/eintrag\/von-einer-einfachen-wiese-zum-naturerlebnis\/\"><img decoding=\"async\" width=\"150\" height=\"150\" src=\"https:\/\/wettbewerb-archiv.wir-tun-was-fuer-bienen.de\/archiv-2021\/wp-content\/uploads\/sites\/3\/2021\/07\/DSC2715-150x150.jpg\" class=\"attachment-thumbnail size-thumbnail\" alt=\"\" loading=\"lazy\" \/><\/a><\/span><span><a href=\"https:\/\/wettbewerb-archiv.wir-tun-was-fuer-bienen.de\/archiv-2021\/eintrag\/von-einer-einfachen-wiese-zum-naturerlebnis\/\"><img decoding=\"async\" width=\"150\" height=\"150\" src=\"https:\/\/wettbewerb-archiv.wir-tun-was-fuer-bienen.de\/archiv-2021\/wp-content\/uploads\/sites\/3\/2021\/07\/DSC2688-150x150.jpg\" class=\"attachment-thumbnail size-thumbnail\" alt=\"\" loading=\"lazy\" \/><\/a><\/span><span><a href=\"https:\/\/wettbewerb-archiv.wir-tun-was-fuer-bienen.de\/archiv-2021\/eintrag\/von-einer-einfachen-wiese-zum-naturerlebnis\/\"><img decoding=\"async\" width=\"150\" height=\"150\" src=\"https:\/\/wettbewerb-archiv.wir-tun-was-fuer-bienen.de\/archiv-2021\/wp-content\/uploads\/sites\/3\/2021\/07\/DSC2744-150x150.jpg\" class=\"attachment-thumbnail size-thumbnail\" alt=\"\" loading=\"lazy\" \/><\/a><\/span><span><a href=\"https:\/\/wettbewerb-archiv.wir-tun-was-fuer-bienen.de\/archiv-2021\/eintrag\/von-einer-einfachen-wiese-zum-naturerlebnis\/\"><img decoding=\"async\" width=\"150\" height=\"150\" src=\"https:\/\/wettbewerb-archiv.wir-tun-was-fuer-bienen.de\/archiv-2021\/wp-content\/uploads\/sites\/3\/2021\/07\/DSC2777-150x150.jpg\" class=\"attachment-thumbnail size-thumbnail\" alt=\"\" loading=\"lazy\" \/><\/a><\/span><\/div>\n\n    <div class=\"user flex\">\n        \n                    <img decoding=\"async\" src=\"https:\/\/wettbewerb-archiv.wir-tun-was-fuer-bienen.de\/archiv-2021\/wp-content\/themes\/bienen\/assets\/images\/avatar-placeholder.png\" style=\"border-radius: 30px;\" height=\"30\" width=\"30\">\n            Stadtbau Aschaffenburg GmbH            <\/div>\n    \n    \n            <p class=\"categories meta\" style=\"width: 100%\"><span class=\"fa fa-tag\"\n                                                             aria-hidden=\"true\"><\/span> Kommunale Fl\u00e4chen, Parks, Baumscheiben        <\/p>\n    \n            <p class=\"categories meta\" style=\"width: 100%\"><span class=\"fa fa-map-marker\"\n                                                             aria-hidden=\"true\"><\/span> Bayern        <\/p>\n    \n<\/article>\n   \n\t\t\n          <article id=\"post-52714\" class=\"et_pb_post post-52714 wtwfb_entry type-wtwfb_entry status-publish has-post-thumbnail hentry wtwfb_category-privatgaerten-und-gaerten-von-mietwohnungen-kleiner-500-quadratmeter wtwfb_region-bayern\">\n    <h2 class=\"entry-title\"><a href=\"https:\/\/wettbewerb-archiv.wir-tun-was-fuer-bienen.de\/archiv-2021\/eintrag\/lebensraeume-fuer-365-tage-im-jahr\/\">Lebensr\u00e4ume f\u00fcr 365 Tage im Jahr<\/a>\n    <\/h2>\n    <a href=\"https:\/\/wettbewerb-archiv.wir-tun-was-fuer-bienen.de\/archiv-2021\/eintrag\/lebensraeume-fuer-365-tage-im-jahr\/\">\n        <div class=\"bienen-entry-image\">\n            <img decoding=\"async\" width=\"400\" height=\"300\" src=\"https:\/\/wettbewerb-archiv.wir-tun-was-fuer-bienen.de\/archiv-2021\/wp-content\/uploads\/sites\/3\/2021\/07\/IMG_9500-400x300.jpg\" class=\"attachment-bienen-grid-thumb size-bienen-grid-thumb wp-post-image\" alt=\"\" loading=\"lazy\" \/>                    <\/div>\n    <\/a>\n\n    <div class=\"images-grid\"><span><a href=\"https:\/\/wettbewerb-archiv.wir-tun-was-fuer-bienen.de\/archiv-2021\/eintrag\/lebensraeume-fuer-365-tage-im-jahr\/\"><img decoding=\"async\" width=\"150\" height=\"150\" src=\"https:\/\/wettbewerb-archiv.wir-tun-was-fuer-bienen.de\/archiv-2021\/wp-content\/uploads\/sites\/3\/2021\/07\/Abbruch-150x150.jpg\" class=\"attachment-thumbnail size-thumbnail\" alt=\"\" loading=\"lazy\" \/><\/a><\/span><span><a href=\"https:\/\/wettbewerb-archiv.wir-tun-was-fuer-bienen.de\/archiv-2021\/eintrag\/lebensraeume-fuer-365-tage-im-jahr\/\"><img decoding=\"async\" width=\"150\" height=\"150\" src=\"https:\/\/wettbewerb-archiv.wir-tun-was-fuer-bienen.de\/archiv-2021\/wp-content\/uploads\/sites\/3\/2021\/07\/Abbruch-2-150x150.jpg\" class=\"attachment-thumbnail size-thumbnail\" alt=\"\" loading=\"lazy\" \/><\/a><\/span><span><a href=\"https:\/\/wettbewerb-archiv.wir-tun-was-fuer-bienen.de\/archiv-2021\/eintrag\/lebensraeume-fuer-365-tage-im-jahr\/\"><img decoding=\"async\" width=\"150\" height=\"150\" src=\"https:\/\/wettbewerb-archiv.wir-tun-was-fuer-bienen.de\/archiv-2021\/wp-content\/uploads\/sites\/3\/2021\/07\/Abbruch-3-150x150.jpg\" class=\"attachment-thumbnail size-thumbnail\" alt=\"\" loading=\"lazy\" \/><\/a><\/span><span><a href=\"https:\/\/wettbewerb-archiv.wir-tun-was-fuer-bienen.de\/archiv-2021\/eintrag\/lebensraeume-fuer-365-tage-im-jahr\/\"><img decoding=\"async\" width=\"150\" height=\"150\" src=\"https:\/\/wettbewerb-archiv.wir-tun-was-fuer-bienen.de\/archiv-2021\/wp-content\/uploads\/sites\/3\/2021\/07\/20190408_134411-150x150.jpg\" class=\"attachment-thumbnail size-thumbnail\" alt=\"\" loading=\"lazy\" \/><\/a><\/span><\/div>\n\n    <div class=\"user flex\">\n        \n                    <img decoding=\"async\" src=\"https:\/\/wettbewerb-archiv.wir-tun-was-fuer-bienen.de\/archiv-2021\/wp-content\/themes\/bienen\/assets\/images\/avatar-placeholder.png\" style=\"border-radius: 30px;\" height=\"30\" width=\"30\">\n            Stadtbau Aschaffenburg GmbH            <\/div>\n    \n    \n            <p class=\"categories meta\" style=\"width: 100%\"><span class=\"fa fa-tag\"\n                                                             aria-hidden=\"true\"><\/span> Privatg\u00e4rten und G\u00e4rten von Mietwohnungen (kleiner als 500 Quadratmeter)        <\/p>\n    \n            <p class=\"categories meta\" style=\"width: 100%\"><span class=\"fa fa-map-marker\"\n                                                             aria-hidden=\"true\"><\/span> Bayern        <\/p>\n    \n<\/article>\n   \n\t\t\n          <article id=\"post-52674\" class=\"et_pb_post post-52674 wtwfb_entry type-wtwfb_entry status-publish has-post-thumbnail hentry wtwfb_category-kita-und-kindergartengaerten wtwfb_region-sachsen\">\n    <h2 class=\"entry-title\"><a href=\"https:\/\/wettbewerb-archiv.wir-tun-was-fuer-bienen.de\/archiv-2021\/eintrag\/die-entstehung-von-neuen-wohlfuehloasen-in-unserem-bienenfreundlichen-und-naturnahen-aussengelaende\/\">Die Entstehung von neuen Wohlf\u00fchloasen in unserem bien...<\/a>\n    <\/h2>\n    <a href=\"https:\/\/wettbewerb-archiv.wir-tun-was-fuer-bienen.de\/archiv-2021\/eintrag\/die-entstehung-von-neuen-wohlfuehloasen-in-unserem-bienenfreundlichen-und-naturnahen-aussengelaende\/\">\n        <div class=\"bienen-entry-image\">\n            <img decoding=\"async\" width=\"400\" height=\"300\" src=\"https:\/\/wettbewerb-archiv.wir-tun-was-fuer-bienen.de\/archiv-2021\/wp-content\/uploads\/sites\/3\/2021\/07\/IMG_2158-400x300.jpg\" class=\"attachment-bienen-grid-thumb size-bienen-grid-thumb wp-post-image\" alt=\"\" loading=\"lazy\" \/>                    <\/div>\n    <\/a>\n\n    <div class=\"images-grid\"><span><a href=\"https:\/\/wettbewerb-archiv.wir-tun-was-fuer-bienen.de\/archiv-2021\/eintrag\/die-entstehung-von-neuen-wohlfuehloasen-in-unserem-bienenfreundlichen-und-naturnahen-aussengelaende\/\"><img decoding=\"async\" width=\"150\" height=\"150\" src=\"https:\/\/wettbewerb-archiv.wir-tun-was-fuer-bienen.de\/archiv-2021\/wp-content\/uploads\/sites\/3\/2021\/07\/IMG_1915-150x150.jpg\" class=\"attachment-thumbnail size-thumbnail\" alt=\"\" loading=\"lazy\" \/><\/a><\/span><span><a href=\"https:\/\/wettbewerb-archiv.wir-tun-was-fuer-bienen.de\/archiv-2021\/eintrag\/die-entstehung-von-neuen-wohlfuehloasen-in-unserem-bienenfreundlichen-und-naturnahen-aussengelaende\/\"><img decoding=\"async\" width=\"150\" height=\"150\" src=\"https:\/\/wettbewerb-archiv.wir-tun-was-fuer-bienen.de\/archiv-2021\/wp-content\/uploads\/sites\/3\/2021\/07\/IMG_1920-150x150.jpg\" class=\"attachment-thumbnail size-thumbnail\" alt=\"\" loading=\"lazy\" \/><\/a><\/span><span><a href=\"https:\/\/wettbewerb-archiv.wir-tun-was-fuer-bienen.de\/archiv-2021\/eintrag\/die-entstehung-von-neuen-wohlfuehloasen-in-unserem-bienenfreundlichen-und-naturnahen-aussengelaende\/\"><img decoding=\"async\" width=\"150\" height=\"150\" src=\"https:\/\/wettbewerb-archiv.wir-tun-was-fuer-bienen.de\/archiv-2021\/wp-content\/uploads\/sites\/3\/2021\/07\/IMG_1888-150x150.jpg\" class=\"attachment-thumbnail size-thumbnail\" alt=\"\" loading=\"lazy\" \/><\/a><\/span><span><a href=\"https:\/\/wettbewerb-archiv.wir-tun-was-fuer-bienen.de\/archiv-2021\/eintrag\/die-entstehung-von-neuen-wohlfuehloasen-in-unserem-bienenfreundlichen-und-naturnahen-aussengelaende\/\"><img decoding=\"async\" width=\"150\" height=\"150\" src=\"https:\/\/wettbewerb-archiv.wir-tun-was-fuer-bienen.de\/archiv-2021\/wp-content\/uploads\/sites\/3\/2021\/07\/IMG_3283-150x150.jpg\" class=\"attachment-thumbnail size-thumbnail\" alt=\"\" loading=\"lazy\" \/><\/a><\/span><\/div>\n\n    <div class=\"user flex\">\n        \n                    <img decoding=\"async\" src=\"https:\/\/wettbewerb-archiv.wir-tun-was-fuer-bienen.de\/archiv-2021\/wp-content\/themes\/bienen\/assets\/images\/avatar-placeholder.png\" style=\"border-radius: 30px;\" height=\"30\" width=\"30\">\n            \"Villa auf dem Kirschberg\" Riesa e.V.            <\/div>\n    \n    \n            <p class=\"categories meta\" style=\"width: 100%\"><span class=\"fa fa-tag\"\n                                                             aria-hidden=\"true\"><\/span> Kita- und Kindergarteng\u00e4rten        <\/p>\n    \n            <p class=\"categories meta\" style=\"width: 100%\"><span class=\"fa fa-map-marker\"\n                                                             aria-hidden=\"true\"><\/span> Sachsen        <\/p>\n    \n<\/article>\n   \n\t\t\n          <article id=\"post-52632\" class=\"et_pb_post post-52632 wtwfb_entry type-wtwfb_entry status-publish has-post-thumbnail hentry wtwfb_category-kita-und-kindergartengaerten wtwfb_region-nordrhein-westfalen\">\n    <h2 class=\"entry-title\"><a href=\"https:\/\/wettbewerb-archiv.wir-tun-was-fuer-bienen.de\/archiv-2021\/eintrag\/von-grau-zu-gruen\/\">Erst Grau, dann Gr\u00fcn, dann Bunt<\/a>\n    <\/h2>\n    <a href=\"https:\/\/wettbewerb-archiv.wir-tun-was-fuer-bienen.de\/archiv-2021\/eintrag\/von-grau-zu-gruen\/\">\n        <div class=\"bienen-entry-image\">\n            <img decoding=\"async\" width=\"400\" height=\"300\" src=\"https:\/\/wettbewerb-archiv.wir-tun-was-fuer-bienen.de\/archiv-2021\/wp-content\/uploads\/sites\/3\/2021\/07\/Haupt-400x300.jpg\" class=\"attachment-bienen-grid-thumb size-bienen-grid-thumb wp-post-image\" alt=\"\" loading=\"lazy\" \/>                    <\/div>\n    <\/a>\n\n    <div class=\"images-grid\"><span><a href=\"https:\/\/wettbewerb-archiv.wir-tun-was-fuer-bienen.de\/archiv-2021\/eintrag\/von-grau-zu-gruen\/\"><img decoding=\"async\" width=\"150\" height=\"150\" src=\"https:\/\/wettbewerb-archiv.wir-tun-was-fuer-bienen.de\/archiv-2021\/wp-content\/uploads\/sites\/3\/2021\/07\/IMG_4740-150x150.jpg\" class=\"attachment-thumbnail size-thumbnail\" alt=\"\" loading=\"lazy\" \/><\/a><\/span><span><a href=\"https:\/\/wettbewerb-archiv.wir-tun-was-fuer-bienen.de\/archiv-2021\/eintrag\/von-grau-zu-gruen\/\"><img decoding=\"async\" width=\"150\" height=\"150\" src=\"https:\/\/wettbewerb-archiv.wir-tun-was-fuer-bienen.de\/archiv-2021\/wp-content\/uploads\/sites\/3\/2021\/07\/anaya-150x150.jpg\" class=\"attachment-thumbnail size-thumbnail\" alt=\"\" loading=\"lazy\" \/><\/a><\/span><span><a href=\"https:\/\/wettbewerb-archiv.wir-tun-was-fuer-bienen.de\/archiv-2021\/eintrag\/von-grau-zu-gruen\/\"><img decoding=\"async\" width=\"150\" height=\"150\" src=\"https:\/\/wettbewerb-archiv.wir-tun-was-fuer-bienen.de\/archiv-2021\/wp-content\/uploads\/sites\/3\/2021\/07\/IMG_5101-150x150.jpg\" class=\"attachment-thumbnail size-thumbnail\" alt=\"\" loading=\"lazy\" \/><\/a><\/span><span><a href=\"https:\/\/wettbewerb-archiv.wir-tun-was-fuer-bienen.de\/archiv-2021\/eintrag\/von-grau-zu-gruen\/\"><img decoding=\"async\" width=\"150\" height=\"150\" src=\"https:\/\/wettbewerb-archiv.wir-tun-was-fuer-bienen.de\/archiv-2021\/wp-content\/uploads\/sites\/3\/2021\/07\/IMG_5115-150x150.jpg\" class=\"attachment-thumbnail size-thumbnail\" alt=\"\" loading=\"lazy\" \/><\/a><\/span><\/div>\n\n    <div class=\"user flex\">\n        \n                    <img decoding=\"async\" src=\"https:\/\/wettbewerb-archiv.wir-tun-was-fuer-bienen.de\/archiv-2021\/wp-content\/themes\/bienen\/assets\/images\/avatar-placeholder.png\" style=\"border-radius: 30px;\" height=\"30\" width=\"30\">\n            KiTa L\u00f6wenherz            <\/div>\n    \n    \n            <p class=\"categories meta\" style=\"width: 100%\"><span class=\"fa fa-tag\"\n                                                             aria-hidden=\"true\"><\/span> Kita- und Kindergarteng\u00e4rten        <\/p>\n    \n            <p class=\"categories meta\" style=\"width: 100%\"><span class=\"fa fa-map-marker\"\n                                                             aria-hidden=\"true\"><\/span> Nordrhein-Westfalen        <\/p>\n    \n<\/article>\n   \n\t\t\n          <article id=\"post-52573\" class=\"et_pb_post post-52573 wtwfb_entry type-wtwfb_entry status-publish has-post-thumbnail hentry wtwfb_category-firmen-institutions-und-vereinsgaerten wtwfb_region-nordrhein-westfalen\">\n    <h2 class=\"entry-title\"><a href=\"https:\/\/wettbewerb-archiv.wir-tun-was-fuer-bienen.de\/archiv-2021\/eintrag\/neue-etappe-vom-hinterhof-zum-naturnahen-garten\/\">Neue ETAPPE! vom Hinterhof- zum Naturnahen Garten<\/a>\n    <\/h2>\n    <a href=\"https:\/\/wettbewerb-archiv.wir-tun-was-fuer-bienen.de\/archiv-2021\/eintrag\/neue-etappe-vom-hinterhof-zum-naturnahen-garten\/\">\n        <div class=\"bienen-entry-image\">\n            <img decoding=\"async\" width=\"400\" height=\"300\" src=\"https:\/\/wettbewerb-archiv.wir-tun-was-fuer-bienen.de\/archiv-2021\/wp-content\/uploads\/sites\/3\/2021\/07\/IMG_20210427_125247-400x300.jpg\" class=\"attachment-bienen-grid-thumb size-bienen-grid-thumb wp-post-image\" alt=\"\" loading=\"lazy\" \/>                    <\/div>\n    <\/a>\n\n    <div class=\"images-grid\"><span><a href=\"https:\/\/wettbewerb-archiv.wir-tun-was-fuer-bienen.de\/archiv-2021\/eintrag\/neue-etappe-vom-hinterhof-zum-naturnahen-garten\/\"><img decoding=\"async\" width=\"150\" height=\"150\" src=\"https:\/\/wettbewerb-archiv.wir-tun-was-fuer-bienen.de\/archiv-2021\/wp-content\/uploads\/sites\/3\/2021\/07\/IMG_20210225_130406-150x150.jpg\" class=\"attachment-thumbnail size-thumbnail\" alt=\"\" loading=\"lazy\" \/><\/a><\/span><span><a href=\"https:\/\/wettbewerb-archiv.wir-tun-was-fuer-bienen.de\/archiv-2021\/eintrag\/neue-etappe-vom-hinterhof-zum-naturnahen-garten\/\"><img decoding=\"async\" width=\"150\" height=\"150\" src=\"https:\/\/wettbewerb-archiv.wir-tun-was-fuer-bienen.de\/archiv-2021\/wp-content\/uploads\/sites\/3\/2021\/07\/image00020-150x150.jpeg\" class=\"attachment-thumbnail size-thumbnail\" alt=\"\" loading=\"lazy\" \/><\/a><\/span><span><a href=\"https:\/\/wettbewerb-archiv.wir-tun-was-fuer-bienen.de\/archiv-2021\/eintrag\/neue-etappe-vom-hinterhof-zum-naturnahen-garten\/\"><img decoding=\"async\" width=\"150\" height=\"150\" src=\"https:\/\/wettbewerb-archiv.wir-tun-was-fuer-bienen.de\/archiv-2021\/wp-content\/uploads\/sites\/3\/2021\/07\/schotta-150x150.jpg\" class=\"attachment-thumbnail size-thumbnail\" alt=\"\" loading=\"lazy\" \/><\/a><\/span><span><a href=\"https:\/\/wettbewerb-archiv.wir-tun-was-fuer-bienen.de\/archiv-2021\/eintrag\/neue-etappe-vom-hinterhof-zum-naturnahen-garten\/\"><img decoding=\"async\" width=\"150\" height=\"150\" src=\"https:\/\/wettbewerb-archiv.wir-tun-was-fuer-bienen.de\/archiv-2021\/wp-content\/uploads\/sites\/3\/2021\/07\/IMG_20210427_124613-150x150.jpg\" class=\"attachment-thumbnail size-thumbnail\" alt=\"\" loading=\"lazy\" \/><\/a><\/span><\/div>\n\n    <div class=\"user flex\">\n        \n                    <img decoding=\"async\" src=\"https:\/\/wettbewerb-archiv.wir-tun-was-fuer-bienen.de\/archiv-2021\/wp-content\/themes\/bienen\/assets\/images\/avatar-placeholder.png\" style=\"border-radius: 30px;\" height=\"30\" width=\"30\">\n            Caritasverband D\u00fcsseldorf e.V. ETAPPE            <\/div>\n    \n    <p class=\"categories meta bienen-gewinner\"><span class=\"fa fa-trophy\"                                                              aria-hidden=\"true\"><\/span> Gewinner<\/p>\n            <p class=\"categories meta\" style=\"width: 100%\"><span class=\"fa fa-tag\"\n                                                             aria-hidden=\"true\"><\/span> Firmen-, Institutions- und Vereinsg\u00e4rten        <\/p>\n    \n            <p class=\"categories meta\" style=\"width: 100%\"><span class=\"fa fa-map-marker\"\n                                                             aria-hidden=\"true\"><\/span> Nordrhein-Westfalen        <\/p>\n    \n<\/article>\n   \n\t\t\n          <article id=\"post-52558\" class=\"et_pb_post post-52558 wtwfb_entry type-wtwfb_entry status-publish has-post-thumbnail hentry wtwfb_category-firmen-institutions-und-vereinsgaerten wtwfb_region-baden-wuerttemberg\">\n    <h2 class=\"entry-title\"><a href=\"https:\/\/wettbewerb-archiv.wir-tun-was-fuer-bienen.de\/archiv-2021\/eintrag\/weiterbildung-4-0-erholsam-und-nachhaltig\/\">Weiterbildung 4.0 \u2013 erholsam und nachhaltig<\/a>\n    <\/h2>\n    <a href=\"https:\/\/wettbewerb-archiv.wir-tun-was-fuer-bienen.de\/archiv-2021\/eintrag\/weiterbildung-4-0-erholsam-und-nachhaltig\/\">\n        <div class=\"bienen-entry-image\">\n            <img decoding=\"async\" width=\"400\" height=\"300\" src=\"https:\/\/wettbewerb-archiv.wir-tun-was-fuer-bienen.de\/archiv-2021\/wp-content\/uploads\/sites\/3\/2021\/07\/Z_TOM_0068_1-400x300.jpg\" class=\"attachment-bienen-grid-thumb size-bienen-grid-thumb wp-post-image\" alt=\"\" loading=\"lazy\" \/>                    <\/div>\n    <\/a>\n\n    <div class=\"images-grid\"><span><a href=\"https:\/\/wettbewerb-archiv.wir-tun-was-fuer-bienen.de\/archiv-2021\/eintrag\/weiterbildung-4-0-erholsam-und-nachhaltig\/\"><img decoding=\"async\" width=\"150\" height=\"150\" src=\"https:\/\/wettbewerb-archiv.wir-tun-was-fuer-bienen.de\/archiv-2021\/wp-content\/uploads\/sites\/3\/2021\/07\/DSC_0125-150x150.jpg\" class=\"attachment-thumbnail size-thumbnail\" alt=\"\" loading=\"lazy\" \/><\/a><\/span><span><a href=\"https:\/\/wettbewerb-archiv.wir-tun-was-fuer-bienen.de\/archiv-2021\/eintrag\/weiterbildung-4-0-erholsam-und-nachhaltig\/\"><img decoding=\"async\" width=\"150\" height=\"150\" src=\"https:\/\/wettbewerb-archiv.wir-tun-was-fuer-bienen.de\/archiv-2021\/wp-content\/uploads\/sites\/3\/2021\/07\/Uebersicht_Tag2-150x150.jpg\" class=\"attachment-thumbnail size-thumbnail\" alt=\"\" loading=\"lazy\" \/><\/a><\/span><span><a href=\"https:\/\/wettbewerb-archiv.wir-tun-was-fuer-bienen.de\/archiv-2021\/eintrag\/weiterbildung-4-0-erholsam-und-nachhaltig\/\"><img decoding=\"async\" width=\"150\" height=\"150\" src=\"https:\/\/wettbewerb-archiv.wir-tun-was-fuer-bienen.de\/archiv-2021\/wp-content\/uploads\/sites\/3\/2021\/07\/Ueberblick_3-150x150.jpg\" class=\"attachment-thumbnail size-thumbnail\" alt=\"\" loading=\"lazy\" \/><\/a><\/span><span><a href=\"https:\/\/wettbewerb-archiv.wir-tun-was-fuer-bienen.de\/archiv-2021\/eintrag\/weiterbildung-4-0-erholsam-und-nachhaltig\/\"><img decoding=\"async\" width=\"150\" height=\"150\" src=\"https:\/\/wettbewerb-archiv.wir-tun-was-fuer-bienen.de\/archiv-2021\/wp-content\/uploads\/sites\/3\/2021\/07\/Abbruchkante-150x150.jpg\" class=\"attachment-thumbnail size-thumbnail\" alt=\"\" loading=\"lazy\" \/><\/a><\/span><\/div>\n\n    <div class=\"user flex\">\n        \n                    <img decoding=\"async\" src=\"https:\/\/wettbewerb-archiv.wir-tun-was-fuer-bienen.de\/archiv-2021\/wp-content\/themes\/bienen\/assets\/images\/avatar-placeholder.png\" style=\"border-radius: 30px;\" height=\"30\" width=\"30\">\n            Mercedes-Benz Werk Sindelfingen            <\/div>\n    \n    <p class=\"categories meta bienen-gewinner\"><span class=\"fa fa-trophy\"                                                              aria-hidden=\"true\"><\/span> Gewinner<\/p>\n            <p class=\"categories meta\" style=\"width: 100%\"><span class=\"fa fa-tag\"\n                                                             aria-hidden=\"true\"><\/span> Firmen-, Institutions- und Vereinsg\u00e4rten        <\/p>\n    \n            <p class=\"categories meta\" style=\"width: 100%\"><span class=\"fa fa-map-marker\"\n                                                             aria-hidden=\"true\"><\/span> Baden-W\u00fcrttemberg        <\/p>\n    \n<\/article>\n   \n\t\t\n          <article id=\"post-52418\" class=\"et_pb_post post-52418 wtwfb_entry type-wtwfb_entry status-publish has-post-thumbnail hentry wtwfb_category-bestehende-naturgaerten wtwfb_region-thueringen\">\n    <h2 class=\"entry-title\"><a href=\"https:\/\/wettbewerb-archiv.wir-tun-was-fuer-bienen.de\/archiv-2021\/eintrag\/streuobstwiese\/\">Streuobstwiese<\/a>\n    <\/h2>\n    <a href=\"https:\/\/wettbewerb-archiv.wir-tun-was-fuer-bienen.de\/archiv-2021\/eintrag\/streuobstwiese\/\">\n        <div class=\"bienen-entry-image\">\n            <img decoding=\"async\" width=\"400\" height=\"300\" src=\"https:\/\/wettbewerb-archiv.wir-tun-was-fuer-bienen.de\/archiv-2021\/wp-content\/uploads\/sites\/3\/2021\/07\/Impression-I-400x300.jpg\" class=\"attachment-bienen-grid-thumb size-bienen-grid-thumb wp-post-image\" alt=\"\" loading=\"lazy\" \/>                    <\/div>\n    <\/a>\n\n    <div class=\"images-grid\"><span><a href=\"https:\/\/wettbewerb-archiv.wir-tun-was-fuer-bienen.de\/archiv-2021\/eintrag\/streuobstwiese\/\"><img decoding=\"async\" width=\"150\" height=\"150\" src=\"https:\/\/wettbewerb-archiv.wir-tun-was-fuer-bienen.de\/archiv-2021\/wp-content\/uploads\/sites\/3\/2021\/07\/P1000790-2-150x150.jpg\" class=\"attachment-thumbnail size-thumbnail\" alt=\"\" loading=\"lazy\" \/><\/a><\/span><span><a href=\"https:\/\/wettbewerb-archiv.wir-tun-was-fuer-bienen.de\/archiv-2021\/eintrag\/streuobstwiese\/\"><img decoding=\"async\" width=\"150\" height=\"150\" src=\"https:\/\/wettbewerb-archiv.wir-tun-was-fuer-bienen.de\/archiv-2021\/wp-content\/uploads\/sites\/3\/2021\/07\/20210615_143615-1-150x150.jpg\" class=\"attachment-thumbnail size-thumbnail\" alt=\"\" loading=\"lazy\" \/><\/a><\/span><\/div>\n\n    <div class=\"user flex\">\n        \n                    <img decoding=\"async\" src=\"https:\/\/wettbewerb-archiv.wir-tun-was-fuer-bienen.de\/archiv-2021\/wp-content\/themes\/bienen\/assets\/images\/avatar-placeholder.png\" style=\"border-radius: 30px;\" height=\"30\" width=\"30\">\n            Annett Kollascheck            <\/div>\n    \n    \n            <p class=\"categories meta\" style=\"width: 100%\"><span class=\"fa fa-tag\"\n                                                             aria-hidden=\"true\"><\/span> Bestehende Naturg\u00e4rten (ohne Pflanzaktionen)        <\/p>\n    \n            <p class=\"categories meta\" style=\"width: 100%\"><span class=\"fa fa-map-marker\"\n                                                             aria-hidden=\"true\"><\/span> Th\u00fcringen        <\/p>\n    \n<\/article>\n   \n\t\t\n          <article id=\"post-52393\" class=\"et_pb_post post-52393 wtwfb_entry type-wtwfb_entry status-publish has-post-thumbnail hentry wtwfb_category-kita-und-kindergartengaerten wtwfb_region-niedersachsen\">\n    <h2 class=\"entry-title\"><a href=\"https:\/\/wettbewerb-archiv.wir-tun-was-fuer-bienen.de\/archiv-2021\/eintrag\/trockenmauer-als-kraeuterbeet\/\">Trockenmauer als Kr\u00e4uterbeet<\/a>\n    <\/h2>\n    <a href=\"https:\/\/wettbewerb-archiv.wir-tun-was-fuer-bienen.de\/archiv-2021\/eintrag\/trockenmauer-als-kraeuterbeet\/\">\n        <div class=\"bienen-entry-image\">\n            <img decoding=\"async\" width=\"400\" height=\"300\" src=\"https:\/\/wettbewerb-archiv.wir-tun-was-fuer-bienen.de\/archiv-2021\/wp-content\/uploads\/sites\/3\/2021\/07\/IMG_0412-400x300.jpg\" class=\"attachment-bienen-grid-thumb size-bienen-grid-thumb wp-post-image\" alt=\"\" loading=\"lazy\" \/>                    <\/div>\n    <\/a>\n\n    <div class=\"images-grid\"><span><a href=\"https:\/\/wettbewerb-archiv.wir-tun-was-fuer-bienen.de\/archiv-2021\/eintrag\/trockenmauer-als-kraeuterbeet\/\"><img decoding=\"async\" width=\"150\" height=\"150\" src=\"https:\/\/wettbewerb-archiv.wir-tun-was-fuer-bienen.de\/archiv-2021\/wp-content\/uploads\/sites\/3\/2021\/07\/IMG_0375-150x150.jpg\" class=\"attachment-thumbnail size-thumbnail\" alt=\"\" loading=\"lazy\" \/><\/a><\/span><span><a href=\"https:\/\/wettbewerb-archiv.wir-tun-was-fuer-bienen.de\/archiv-2021\/eintrag\/trockenmauer-als-kraeuterbeet\/\"><img decoding=\"async\" width=\"150\" height=\"150\" src=\"https:\/\/wettbewerb-archiv.wir-tun-was-fuer-bienen.de\/archiv-2021\/wp-content\/uploads\/sites\/3\/2021\/07\/IMG_0384-150x150.jpg\" class=\"attachment-thumbnail size-thumbnail\" alt=\"\" loading=\"lazy\" \/><\/a><\/span><span><a href=\"https:\/\/wettbewerb-archiv.wir-tun-was-fuer-bienen.de\/archiv-2021\/eintrag\/trockenmauer-als-kraeuterbeet\/\"><img decoding=\"async\" width=\"150\" height=\"150\" src=\"https:\/\/wettbewerb-archiv.wir-tun-was-fuer-bienen.de\/archiv-2021\/wp-content\/uploads\/sites\/3\/2021\/07\/IMG_0412-1-150x150.jpg\" class=\"attachment-thumbnail size-thumbnail\" alt=\"\" loading=\"lazy\" \/><\/a><\/span><span><a href=\"https:\/\/wettbewerb-archiv.wir-tun-was-fuer-bienen.de\/archiv-2021\/eintrag\/trockenmauer-als-kraeuterbeet\/\"><img decoding=\"async\" width=\"150\" height=\"150\" src=\"https:\/\/wettbewerb-archiv.wir-tun-was-fuer-bienen.de\/archiv-2021\/wp-content\/uploads\/sites\/3\/2021\/07\/IMG_0426-150x150.jpg\" class=\"attachment-thumbnail size-thumbnail\" alt=\"\" loading=\"lazy\" \/><\/a><\/span><\/div>\n\n    <div class=\"user flex\">\n        \n                    <img decoding=\"async\" src=\"https:\/\/wettbewerb-archiv.wir-tun-was-fuer-bienen.de\/archiv-2021\/wp-content\/themes\/bienen\/assets\/images\/avatar-placeholder.png\" style=\"border-radius: 30px;\" height=\"30\" width=\"30\">\n            Kinderspielhaus e.V.            <\/div>\n    \n    \n            <p class=\"categories meta\" style=\"width: 100%\"><span class=\"fa fa-tag\"\n                                                             aria-hidden=\"true\"><\/span> Kita- und Kindergarteng\u00e4rten        <\/p>\n    \n            <p class=\"categories meta\" style=\"width: 100%\"><span class=\"fa fa-map-marker\"\n                                                             aria-hidden=\"true\"><\/span> Niedersachsen        <\/p>\n    \n<\/article>\n   \n\t\t\n          <article id=\"post-52375\" class=\"et_pb_post post-52375 wtwfb_entry type-wtwfb_entry status-publish has-post-thumbnail hentry wtwfb_category-bestehende-naturgaerten wtwfb_region-bayern\">\n    <h2 class=\"entry-title\"><a href=\"https:\/\/wettbewerb-archiv.wir-tun-was-fuer-bienen.de\/archiv-2021\/eintrag\/hortus-oasis-verde-wie-alles-anfing\/\">Hortus Oasis Verde<\/a>\n    <\/h2>\n    <a href=\"https:\/\/wettbewerb-archiv.wir-tun-was-fuer-bienen.de\/archiv-2021\/eintrag\/hortus-oasis-verde-wie-alles-anfing\/\">\n        <div class=\"bienen-entry-image\">\n            <img decoding=\"async\" width=\"400\" height=\"300\" src=\"https:\/\/wettbewerb-archiv.wir-tun-was-fuer-bienen.de\/archiv-2021\/wp-content\/uploads\/sites\/3\/2021\/07\/218480392_4135680119857293_8441801272521687407_n-400x300.jpg\" class=\"attachment-bienen-grid-thumb size-bienen-grid-thumb wp-post-image\" alt=\"\" loading=\"lazy\" \/>                    <\/div>\n    <\/a>\n\n    <div class=\"images-grid\"><span><a href=\"https:\/\/wettbewerb-archiv.wir-tun-was-fuer-bienen.de\/archiv-2021\/eintrag\/hortus-oasis-verde-wie-alles-anfing\/\"><img decoding=\"async\" width=\"150\" height=\"150\" src=\"https:\/\/wettbewerb-archiv.wir-tun-was-fuer-bienen.de\/archiv-2021\/wp-content\/uploads\/sites\/3\/2021\/07\/20210708_160940-150x150.jpg\" class=\"attachment-thumbnail size-thumbnail\" alt=\"\" loading=\"lazy\" \/><\/a><\/span><span><a href=\"https:\/\/wettbewerb-archiv.wir-tun-was-fuer-bienen.de\/archiv-2021\/eintrag\/hortus-oasis-verde-wie-alles-anfing\/\"><img decoding=\"async\" width=\"150\" height=\"150\" src=\"https:\/\/wettbewerb-archiv.wir-tun-was-fuer-bienen.de\/archiv-2021\/wp-content\/uploads\/sites\/3\/2021\/07\/223583057_324715992690678_4456911265846806678_n-2-150x150.jpg\" class=\"attachment-thumbnail size-thumbnail\" alt=\"\" loading=\"lazy\" \/><\/a><\/span><span><a href=\"https:\/\/wettbewerb-archiv.wir-tun-was-fuer-bienen.de\/archiv-2021\/eintrag\/hortus-oasis-verde-wie-alles-anfing\/\"><img decoding=\"async\" width=\"150\" height=\"150\" src=\"https:\/\/wettbewerb-archiv.wir-tun-was-fuer-bienen.de\/archiv-2021\/wp-content\/uploads\/sites\/3\/2021\/07\/20190511_140511-kl-150x150.jpg\" class=\"attachment-thumbnail size-thumbnail\" alt=\"\" loading=\"lazy\" \/><\/a><\/span><span><a href=\"https:\/\/wettbewerb-archiv.wir-tun-was-fuer-bienen.de\/archiv-2021\/eintrag\/hortus-oasis-verde-wie-alles-anfing\/\"><img decoding=\"async\" width=\"150\" height=\"150\" src=\"https:\/\/wettbewerb-archiv.wir-tun-was-fuer-bienen.de\/archiv-2021\/wp-content\/uploads\/sites\/3\/2021\/07\/20190525_140941-kl-150x150.jpg\" class=\"attachment-thumbnail size-thumbnail\" alt=\"\" loading=\"lazy\" \/><\/a><\/span><\/div>\n\n    <div class=\"user flex\">\n        \n                    <img decoding=\"async\" src=\"https:\/\/wettbewerb-archiv.wir-tun-was-fuer-bienen.de\/archiv-2021\/wp-content\/themes\/bienen\/assets\/images\/avatar-placeholder.png\" style=\"border-radius: 30px;\" height=\"30\" width=\"30\">\n            Hortus Oasis Verde            <\/div>\n    \n    <p class=\"categories meta bienen-gewinner\"><span class=\"fa fa-trophy\"                                                              aria-hidden=\"true\"><\/span> Gewinner<\/p>\n            <p class=\"categories meta\" style=\"width: 100%\"><span class=\"fa fa-tag\"\n                                                             aria-hidden=\"true\"><\/span> Bestehende Naturg\u00e4rten (ohne Pflanzaktionen)        <\/p>\n    \n            <p class=\"categories meta\" style=\"width: 100%\"><span class=\"fa fa-map-marker\"\n                                                             aria-hidden=\"true\"><\/span> Bayern        <\/p>\n    \n<\/article>\n   \n\t\t\n          <article id=\"post-52371\" class=\"et_pb_post post-52371 wtwfb_entry type-wtwfb_entry status-publish has-post-thumbnail hentry wtwfb_category-kita-und-kindergartengaerten wtwfb_region-nordrhein-westfalen\">\n    <h2 class=\"entry-title\"><a href=\"https:\/\/wettbewerb-archiv.wir-tun-was-fuer-bienen.de\/archiv-2021\/eintrag\/bluehstreifen-fuer-hummeln-bienen-co-achtung-vor-natur-pflanzen-und-tieren\/\">Bl\u00fchstreifen f\u00fcr Hummeln, Bienen &amp; Co &#8211; Ach...<\/a>\n    <\/h2>\n    <a href=\"https:\/\/wettbewerb-archiv.wir-tun-was-fuer-bienen.de\/archiv-2021\/eintrag\/bluehstreifen-fuer-hummeln-bienen-co-achtung-vor-natur-pflanzen-und-tieren\/\">\n        <div class=\"bienen-entry-image\">\n            <img decoding=\"async\" width=\"400\" height=\"300\" src=\"https:\/\/wettbewerb-archiv.wir-tun-was-fuer-bienen.de\/archiv-2021\/wp-content\/uploads\/sites\/3\/2021\/07\/Elternnewsletter11-400x300.jpg\" class=\"attachment-bienen-grid-thumb size-bienen-grid-thumb wp-post-image\" alt=\"\" loading=\"lazy\" \/>                    <\/div>\n    <\/a>\n\n    <div class=\"images-grid\"><span><a href=\"https:\/\/wettbewerb-archiv.wir-tun-was-fuer-bienen.de\/archiv-2021\/eintrag\/bluehstreifen-fuer-hummeln-bienen-co-achtung-vor-natur-pflanzen-und-tieren\/\"><img decoding=\"async\" width=\"150\" height=\"150\" src=\"https:\/\/wettbewerb-archiv.wir-tun-was-fuer-bienen.de\/archiv-2021\/wp-content\/uploads\/sites\/3\/2021\/07\/Vorher-4-150x150.jpg\" class=\"attachment-thumbnail size-thumbnail\" alt=\"\" loading=\"lazy\" \/><\/a><\/span><span><a href=\"https:\/\/wettbewerb-archiv.wir-tun-was-fuer-bienen.de\/archiv-2021\/eintrag\/bluehstreifen-fuer-hummeln-bienen-co-achtung-vor-natur-pflanzen-und-tieren\/\"><img decoding=\"async\" width=\"150\" height=\"150\" src=\"https:\/\/wettbewerb-archiv.wir-tun-was-fuer-bienen.de\/archiv-2021\/wp-content\/uploads\/sites\/3\/2021\/07\/DSC00233-150x150.jpg\" class=\"attachment-thumbnail size-thumbnail\" alt=\"\" loading=\"lazy\" \/><\/a><\/span><span><a href=\"https:\/\/wettbewerb-archiv.wir-tun-was-fuer-bienen.de\/archiv-2021\/eintrag\/bluehstreifen-fuer-hummeln-bienen-co-achtung-vor-natur-pflanzen-und-tieren\/\"><img decoding=\"async\" width=\"150\" height=\"150\" src=\"https:\/\/wettbewerb-archiv.wir-tun-was-fuer-bienen.de\/archiv-2021\/wp-content\/uploads\/sites\/3\/2021\/07\/DSC00255-150x150.jpg\" class=\"attachment-thumbnail size-thumbnail\" alt=\"\" loading=\"lazy\" \/><\/a><\/span><span><a href=\"https:\/\/wettbewerb-archiv.wir-tun-was-fuer-bienen.de\/archiv-2021\/eintrag\/bluehstreifen-fuer-hummeln-bienen-co-achtung-vor-natur-pflanzen-und-tieren\/\"><img decoding=\"async\" width=\"150\" height=\"150\" src=\"https:\/\/wettbewerb-archiv.wir-tun-was-fuer-bienen.de\/archiv-2021\/wp-content\/uploads\/sites\/3\/2021\/07\/DSC00272-150x150.jpg\" class=\"attachment-thumbnail size-thumbnail\" alt=\"\" loading=\"lazy\" \/><\/a><\/span><\/div>\n\n    <div class=\"user flex\">\n        \n                    <img decoding=\"async\" src=\"https:\/\/wettbewerb-archiv.wir-tun-was-fuer-bienen.de\/archiv-2021\/wp-content\/themes\/bienen\/assets\/images\/avatar-placeholder.png\" style=\"border-radius: 30px;\" height=\"30\" width=\"30\">\n            Die Kinder der Eckdorfer M\u00fchle            <\/div>\n    \n    <p class=\"categories meta bienen-gewinner\"><span class=\"fa fa-trophy\"                                                              aria-hidden=\"true\"><\/span> Gewinner<\/p>\n            <p class=\"categories meta\" style=\"width: 100%\"><span class=\"fa fa-tag\"\n                                                             aria-hidden=\"true\"><\/span> Kita- und Kindergarteng\u00e4rten        <\/p>\n    \n            <p class=\"categories meta\" style=\"width: 100%\"><span class=\"fa fa-map-marker\"\n                                                             aria-hidden=\"true\"><\/span> Nordrhein-Westfalen        <\/p>\n    \n<\/article>\n   \n\t\t\n          <article id=\"post-52350\" class=\"et_pb_post post-52350 wtwfb_entry type-wtwfb_entry status-publish has-post-thumbnail hentry wtwfb_category-privatgaerten-und-gaerten-von-mietwohnungen-groesser-500-quadratmeter wtwfb_region-bayern\">\n    <h2 class=\"entry-title\"><a href=\"https:\/\/wettbewerb-archiv.wir-tun-was-fuer-bienen.de\/archiv-2021\/eintrag\/aus-alt-wird-neu-lebensraeume-auf-kleiner-flaeche\/\">Aus Alt wird Neu<\/a>\n    <\/h2>\n    <a href=\"https:\/\/wettbewerb-archiv.wir-tun-was-fuer-bienen.de\/archiv-2021\/eintrag\/aus-alt-wird-neu-lebensraeume-auf-kleiner-flaeche\/\">\n        <div class=\"bienen-entry-image\">\n            <img decoding=\"async\" width=\"400\" height=\"300\" src=\"https:\/\/wettbewerb-archiv.wir-tun-was-fuer-bienen.de\/archiv-2021\/wp-content\/uploads\/sites\/3\/2021\/07\/5-Becker-400x300.jpg\" class=\"attachment-bienen-grid-thumb size-bienen-grid-thumb wp-post-image\" alt=\"\" loading=\"lazy\" \/>                    <\/div>\n    <\/a>\n\n    <div class=\"images-grid\"><span><a href=\"https:\/\/wettbewerb-archiv.wir-tun-was-fuer-bienen.de\/archiv-2021\/eintrag\/aus-alt-wird-neu-lebensraeume-auf-kleiner-flaeche\/\"><img decoding=\"async\" width=\"150\" height=\"150\" src=\"https:\/\/wettbewerb-archiv.wir-tun-was-fuer-bienen.de\/archiv-2021\/wp-content\/uploads\/sites\/3\/2021\/07\/2017-03-29-Rohbau-Beckerstrasse-11-150x150.jpg\" class=\"attachment-thumbnail size-thumbnail\" alt=\"\" loading=\"lazy\" \/><\/a><\/span><span><a href=\"https:\/\/wettbewerb-archiv.wir-tun-was-fuer-bienen.de\/archiv-2021\/eintrag\/aus-alt-wird-neu-lebensraeume-auf-kleiner-flaeche\/\"><img decoding=\"async\" width=\"150\" height=\"150\" src=\"https:\/\/wettbewerb-archiv.wir-tun-was-fuer-bienen.de\/archiv-2021\/wp-content\/uploads\/sites\/3\/2021\/07\/20180827_095235-150x150.jpg\" class=\"attachment-thumbnail size-thumbnail\" alt=\"\" loading=\"lazy\" \/><\/a><\/span><span><a href=\"https:\/\/wettbewerb-archiv.wir-tun-was-fuer-bienen.de\/archiv-2021\/eintrag\/aus-alt-wird-neu-lebensraeume-auf-kleiner-flaeche\/\"><img decoding=\"async\" width=\"150\" height=\"150\" src=\"https:\/\/wettbewerb-archiv.wir-tun-was-fuer-bienen.de\/archiv-2021\/wp-content\/uploads\/sites\/3\/2021\/07\/Beckerstrasse-Umgestaltung9-150x150.jpg\" class=\"attachment-thumbnail size-thumbnail\" alt=\"\" loading=\"lazy\" \/><\/a><\/span><span><a href=\"https:\/\/wettbewerb-archiv.wir-tun-was-fuer-bienen.de\/archiv-2021\/eintrag\/aus-alt-wird-neu-lebensraeume-auf-kleiner-flaeche\/\"><img decoding=\"async\" width=\"150\" height=\"150\" src=\"https:\/\/wettbewerb-archiv.wir-tun-was-fuer-bienen.de\/archiv-2021\/wp-content\/uploads\/sites\/3\/2021\/07\/Beckerstrasse-Umgestaltung8-150x150.jpg\" class=\"attachment-thumbnail size-thumbnail\" alt=\"\" loading=\"lazy\" \/><\/a><\/span><\/div>\n\n    <div class=\"user flex\">\n        \n                    <img decoding=\"async\" src=\"https:\/\/wettbewerb-archiv.wir-tun-was-fuer-bienen.de\/archiv-2021\/wp-content\/themes\/bienen\/assets\/images\/avatar-placeholder.png\" style=\"border-radius: 30px;\" height=\"30\" width=\"30\">\n            Stadtbau Aschaffenburg GmbH            <\/div>\n    \n    \n            <p class=\"categories meta\" style=\"width: 100%\"><span class=\"fa fa-tag\"\n                                                             aria-hidden=\"true\"><\/span> Privatg\u00e4rten und G\u00e4rten von Mietwohnungen (gr\u00f6\u00dfer als 500 Quadratmeter)        <\/p>\n    \n            <p class=\"categories meta\" style=\"width: 100%\"><span class=\"fa fa-map-marker\"\n                                                             aria-hidden=\"true\"><\/span> Bayern        <\/p>\n    \n<\/article>\n   \n\t\t\n          <article id=\"post-52324\" class=\"et_pb_post post-52324 wtwfb_entry type-wtwfb_entry status-publish has-post-thumbnail hentry wtwfb_category-firmen-institutions-und-vereinsgaerten wtwfb_region-nordrhein-westfalen\">\n    <h2 class=\"entry-title\"><a href=\"https:\/\/wettbewerb-archiv.wir-tun-was-fuer-bienen.de\/archiv-2021\/eintrag\/bienengarten-der-dorfgemeinschaft-berkenhofskamp\/\">Bienengarten der Dorfgemeinschaft Berkenhofskamp<\/a>\n    <\/h2>\n    <a href=\"https:\/\/wettbewerb-archiv.wir-tun-was-fuer-bienen.de\/archiv-2021\/eintrag\/bienengarten-der-dorfgemeinschaft-berkenhofskamp\/\">\n        <div class=\"bienen-entry-image\">\n            <img decoding=\"async\" width=\"400\" height=\"300\" src=\"https:\/\/wettbewerb-archiv.wir-tun-was-fuer-bienen.de\/archiv-2021\/wp-content\/uploads\/sites\/3\/2021\/07\/20210719_190649-400x300.jpg\" class=\"attachment-bienen-grid-thumb size-bienen-grid-thumb wp-post-image\" alt=\"\" loading=\"lazy\" \/>                    <\/div>\n    <\/a>\n\n    <div class=\"images-grid\"><span><a href=\"https:\/\/wettbewerb-archiv.wir-tun-was-fuer-bienen.de\/archiv-2021\/eintrag\/bienengarten-der-dorfgemeinschaft-berkenhofskamp\/\"><img decoding=\"async\" width=\"150\" height=\"150\" src=\"https:\/\/wettbewerb-archiv.wir-tun-was-fuer-bienen.de\/archiv-2021\/wp-content\/uploads\/sites\/3\/2021\/07\/Screenshot_20210722-070824_Samsung-Internet-1-150x150.jpg\" class=\"attachment-thumbnail size-thumbnail\" alt=\"\" loading=\"lazy\" \/><\/a><\/span><span><a href=\"https:\/\/wettbewerb-archiv.wir-tun-was-fuer-bienen.de\/archiv-2021\/eintrag\/bienengarten-der-dorfgemeinschaft-berkenhofskamp\/\"><img decoding=\"async\" width=\"150\" height=\"150\" src=\"https:\/\/wettbewerb-archiv.wir-tun-was-fuer-bienen.de\/archiv-2021\/wp-content\/uploads\/sites\/3\/2021\/07\/20210707_190024-150x150.jpg\" class=\"attachment-thumbnail size-thumbnail\" alt=\"\" loading=\"lazy\" \/><\/a><\/span><span><a href=\"https:\/\/wettbewerb-archiv.wir-tun-was-fuer-bienen.de\/archiv-2021\/eintrag\/bienengarten-der-dorfgemeinschaft-berkenhofskamp\/\"><img decoding=\"async\" width=\"150\" height=\"150\" src=\"https:\/\/wettbewerb-archiv.wir-tun-was-fuer-bienen.de\/archiv-2021\/wp-content\/uploads\/sites\/3\/2021\/07\/IMG_20210708_203320_702-150x150.jpg\" class=\"attachment-thumbnail size-thumbnail\" alt=\"\" loading=\"lazy\" \/><\/a><\/span><span><a href=\"https:\/\/wettbewerb-archiv.wir-tun-was-fuer-bienen.de\/archiv-2021\/eintrag\/bienengarten-der-dorfgemeinschaft-berkenhofskamp\/\"><img decoding=\"async\" width=\"150\" height=\"150\" src=\"https:\/\/wettbewerb-archiv.wir-tun-was-fuer-bienen.de\/archiv-2021\/wp-content\/uploads\/sites\/3\/2021\/07\/Screenshot_20210722-061449_Gallery-150x150.jpg\" class=\"attachment-thumbnail size-thumbnail\" alt=\"\" loading=\"lazy\" \/><\/a><\/span><\/div>\n\n    <div class=\"user flex\">\n        \n                    <img decoding=\"async\" src=\"https:\/\/wettbewerb-archiv.wir-tun-was-fuer-bienen.de\/archiv-2021\/wp-content\/themes\/bienen\/assets\/images\/avatar-placeholder.png\" style=\"border-radius: 30px;\" height=\"30\" width=\"30\">\n            Dorfgemeinschaft Berkenhofskamp 1952 e.V.            <\/div>\n    \n    \n            <p class=\"categories meta\" style=\"width: 100%\"><span class=\"fa fa-tag\"\n                                                             aria-hidden=\"true\"><\/span> Firmen-, Institutions- und Vereinsg\u00e4rten        <\/p>\n    \n            <p class=\"categories meta\" style=\"width: 100%\"><span class=\"fa fa-map-marker\"\n                                                             aria-hidden=\"true\"><\/span> Nordrhein-Westfalen        <\/p>\n    \n<\/article>\n   \n\t\t\n          <article id=\"post-52280\" class=\"et_pb_post post-52280 wtwfb_entry type-wtwfb_entry status-publish has-post-thumbnail hentry wtwfb_category-firmen-institutions-und-vereinsgaerten wtwfb_region-nordrhein-westfalen\">\n    <h2 class=\"entry-title\"><a href=\"https:\/\/wettbewerb-archiv.wir-tun-was-fuer-bienen.de\/archiv-2021\/eintrag\/umbau-einer-rasenbrachflaeche-zum-staudengarten-fuer-mitarbeiter-und-insekten\/\">Umbau einer Rasenbrachfl\u00e4che zum Staudengarten f\u00fcr Mi...<\/a>\n    <\/h2>\n    <a href=\"https:\/\/wettbewerb-archiv.wir-tun-was-fuer-bienen.de\/archiv-2021\/eintrag\/umbau-einer-rasenbrachflaeche-zum-staudengarten-fuer-mitarbeiter-und-insekten\/\">\n        <div class=\"bienen-entry-image\">\n            <img decoding=\"async\" width=\"400\" height=\"300\" src=\"https:\/\/wettbewerb-archiv.wir-tun-was-fuer-bienen.de\/archiv-2021\/wp-content\/uploads\/sites\/3\/2021\/07\/IMG_1298-400x300.jpg\" class=\"attachment-bienen-grid-thumb size-bienen-grid-thumb wp-post-image\" alt=\"\" loading=\"lazy\" \/>                    <\/div>\n    <\/a>\n\n    <div class=\"images-grid\"><span><a href=\"https:\/\/wettbewerb-archiv.wir-tun-was-fuer-bienen.de\/archiv-2021\/eintrag\/umbau-einer-rasenbrachflaeche-zum-staudengarten-fuer-mitarbeiter-und-insekten\/\"><img decoding=\"async\" width=\"150\" height=\"150\" src=\"https:\/\/wettbewerb-archiv.wir-tun-was-fuer-bienen.de\/archiv-2021\/wp-content\/uploads\/sites\/3\/2021\/07\/1-3-150x150.jpg\" class=\"attachment-thumbnail size-thumbnail\" alt=\"\" loading=\"lazy\" \/><\/a><\/span><span><a href=\"https:\/\/wettbewerb-archiv.wir-tun-was-fuer-bienen.de\/archiv-2021\/eintrag\/umbau-einer-rasenbrachflaeche-zum-staudengarten-fuer-mitarbeiter-und-insekten\/\"><img decoding=\"async\" width=\"150\" height=\"150\" src=\"https:\/\/wettbewerb-archiv.wir-tun-was-fuer-bienen.de\/archiv-2021\/wp-content\/uploads\/sites\/3\/2021\/07\/2-2-150x150.jpg\" class=\"attachment-thumbnail size-thumbnail\" alt=\"\" loading=\"lazy\" \/><\/a><\/span><span><a href=\"https:\/\/wettbewerb-archiv.wir-tun-was-fuer-bienen.de\/archiv-2021\/eintrag\/umbau-einer-rasenbrachflaeche-zum-staudengarten-fuer-mitarbeiter-und-insekten\/\"><img decoding=\"async\" width=\"150\" height=\"150\" src=\"https:\/\/wettbewerb-archiv.wir-tun-was-fuer-bienen.de\/archiv-2021\/wp-content\/uploads\/sites\/3\/2021\/07\/3-3-150x150.jpg\" class=\"attachment-thumbnail size-thumbnail\" alt=\"\" loading=\"lazy\" \/><\/a><\/span><span><a href=\"https:\/\/wettbewerb-archiv.wir-tun-was-fuer-bienen.de\/archiv-2021\/eintrag\/umbau-einer-rasenbrachflaeche-zum-staudengarten-fuer-mitarbeiter-und-insekten\/\"><img decoding=\"async\" width=\"150\" height=\"150\" src=\"https:\/\/wettbewerb-archiv.wir-tun-was-fuer-bienen.de\/archiv-2021\/wp-content\/uploads\/sites\/3\/2021\/07\/4-5-150x150.jpg\" class=\"attachment-thumbnail size-thumbnail\" alt=\"\" loading=\"lazy\" \/><\/a><\/span><\/div>\n\n    <div class=\"user flex\">\n        \n                    <img decoding=\"async\" src=\"https:\/\/wettbewerb-archiv.wir-tun-was-fuer-bienen.de\/archiv-2021\/wp-content\/themes\/bienen\/assets\/images\/avatar-placeholder.png\" style=\"border-radius: 30px;\" height=\"30\" width=\"30\">\n            ALDERS electronic GmbH            <\/div>\n    \n    \n            <p class=\"categories meta\" style=\"width: 100%\"><span class=\"fa fa-tag\"\n                                                             aria-hidden=\"true\"><\/span> Firmen-, Institutions- und Vereinsg\u00e4rten        <\/p>\n    \n            <p class=\"categories meta\" style=\"width: 100%\"><span class=\"fa fa-map-marker\"\n                                                             aria-hidden=\"true\"><\/span> Nordrhein-Westfalen        <\/p>\n    \n<\/article>\n   \n\t\t\n          <article id=\"post-52208\" class=\"et_pb_post post-52208 wtwfb_entry type-wtwfb_entry status-publish has-post-thumbnail hentry wtwfb_category-kleingartenwesen-parzellen-und-gemeinschaftsgaerten wtwfb_region-berlin\">\n    <h2 class=\"entry-title\"><a href=\"https:\/\/wettbewerb-archiv.wir-tun-was-fuer-bienen.de\/archiv-2021\/eintrag\/wildblumenwiese-als-trockenrasenbiotop\/\">Wildblumenwiese als Trockenrasenbiotop<\/a>\n    <\/h2>\n    <a href=\"https:\/\/wettbewerb-archiv.wir-tun-was-fuer-bienen.de\/archiv-2021\/eintrag\/wildblumenwiese-als-trockenrasenbiotop\/\">\n        <div class=\"bienen-entry-image\">\n            <img decoding=\"async\" width=\"322\" height=\"300\" src=\"https:\/\/wettbewerb-archiv.wir-tun-was-fuer-bienen.de\/archiv-2021\/wp-content\/uploads\/sites\/3\/2021\/07\/w1-322x300.jpg\" class=\"attachment-bienen-grid-thumb size-bienen-grid-thumb wp-post-image\" alt=\"\" loading=\"lazy\" \/>                    <\/div>\n    <\/a>\n\n    <div class=\"images-grid\"><span><a href=\"https:\/\/wettbewerb-archiv.wir-tun-was-fuer-bienen.de\/archiv-2021\/eintrag\/wildblumenwiese-als-trockenrasenbiotop\/\"><img decoding=\"async\" width=\"150\" height=\"150\" src=\"https:\/\/wettbewerb-archiv.wir-tun-was-fuer-bienen.de\/archiv-2021\/wp-content\/uploads\/sites\/3\/2021\/07\/uundv-pflanzen-150x150.jpg\" class=\"attachment-thumbnail size-thumbnail\" alt=\"\" loading=\"lazy\" \/><\/a><\/span><span><a href=\"https:\/\/wettbewerb-archiv.wir-tun-was-fuer-bienen.de\/archiv-2021\/eintrag\/wildblumenwiese-als-trockenrasenbiotop\/\"><img decoding=\"async\" width=\"150\" height=\"150\" src=\"https:\/\/wettbewerb-archiv.wir-tun-was-fuer-bienen.de\/archiv-2021\/wp-content\/uploads\/sites\/3\/2021\/07\/uundvpflanzen2-150x150.jpg\" class=\"attachment-thumbnail size-thumbnail\" alt=\"\" loading=\"lazy\" \/><\/a><\/span><span><a href=\"https:\/\/wettbewerb-archiv.wir-tun-was-fuer-bienen.de\/archiv-2021\/eintrag\/wildblumenwiese-als-trockenrasenbiotop\/\"><img decoding=\"async\" width=\"150\" height=\"150\" src=\"https:\/\/wettbewerb-archiv.wir-tun-was-fuer-bienen.de\/archiv-2021\/wp-content\/uploads\/sites\/3\/2021\/07\/christine-150x150.jpg\" class=\"attachment-thumbnail size-thumbnail\" alt=\"\" loading=\"lazy\" \/><\/a><\/span><\/div>\n\n    <div class=\"user flex\">\n        \n                    <img decoding=\"async\" src=\"https:\/\/wettbewerb-archiv.wir-tun-was-fuer-bienen.de\/archiv-2021\/wp-content\/themes\/bienen\/assets\/images\/avatar-placeholder.png\" style=\"border-radius: 30px;\" height=\"30\" width=\"30\">\n            Michaela P.            <\/div>\n    \n    \n            <p class=\"categories meta\" style=\"width: 100%\"><span class=\"fa fa-tag\"\n                                                             aria-hidden=\"true\"><\/span> Kleingartenwesen: Parzellen und Gemeinschaftsg\u00e4rten        <\/p>\n    \n            <p class=\"categories meta\" style=\"width: 100%\"><span class=\"fa fa-map-marker\"\n                                                             aria-hidden=\"true\"><\/span> Berlin        <\/p>\n    \n<\/article>\n   \n\t\t\n          <article id=\"post-52129\" class=\"et_pb_post post-52129 wtwfb_entry type-wtwfb_entry status-publish has-post-thumbnail hentry wtwfb_category-balkone-terrassen-dachbegruenung-vertikale-gaerten wtwfb_region-nordrhein-westfalen\">\n    <h2 class=\"entry-title\"><a href=\"https:\/\/wettbewerb-archiv.wir-tun-was-fuer-bienen.de\/archiv-2021\/eintrag\/pflanzenvielfalt-trotz-schattigem-balkon\/\">Pflanzenvielfalt trotz schattigem Balkon<\/a>\n    <\/h2>\n    <a href=\"https:\/\/wettbewerb-archiv.wir-tun-was-fuer-bienen.de\/archiv-2021\/eintrag\/pflanzenvielfalt-trotz-schattigem-balkon\/\">\n        <div class=\"bienen-entry-image\">\n            <img decoding=\"async\" width=\"400\" height=\"300\" src=\"https:\/\/wettbewerb-archiv.wir-tun-was-fuer-bienen.de\/archiv-2021\/wp-content\/uploads\/sites\/3\/2021\/07\/20210719_083805-400x300.jpg\" class=\"attachment-bienen-grid-thumb size-bienen-grid-thumb wp-post-image\" alt=\"\" loading=\"lazy\" \/>                    <\/div>\n    <\/a>\n\n    <div class=\"images-grid\"><span><a href=\"https:\/\/wettbewerb-archiv.wir-tun-was-fuer-bienen.de\/archiv-2021\/eintrag\/pflanzenvielfalt-trotz-schattigem-balkon\/\"><img decoding=\"async\" width=\"150\" height=\"150\" src=\"https:\/\/wettbewerb-archiv.wir-tun-was-fuer-bienen.de\/archiv-2021\/wp-content\/uploads\/sites\/3\/2021\/07\/20210401_154933-150x150.jpg\" class=\"attachment-thumbnail size-thumbnail\" alt=\"\" loading=\"lazy\" \/><\/a><\/span><span><a href=\"https:\/\/wettbewerb-archiv.wir-tun-was-fuer-bienen.de\/archiv-2021\/eintrag\/pflanzenvielfalt-trotz-schattigem-balkon\/\"><img decoding=\"async\" width=\"150\" height=\"150\" src=\"https:\/\/wettbewerb-archiv.wir-tun-was-fuer-bienen.de\/archiv-2021\/wp-content\/uploads\/sites\/3\/2021\/07\/20210401_155000-150x150.jpg\" class=\"attachment-thumbnail size-thumbnail\" alt=\"\" loading=\"lazy\" \/><\/a><\/span><span><a href=\"https:\/\/wettbewerb-archiv.wir-tun-was-fuer-bienen.de\/archiv-2021\/eintrag\/pflanzenvielfalt-trotz-schattigem-balkon\/\"><img decoding=\"async\" width=\"150\" height=\"150\" src=\"https:\/\/wettbewerb-archiv.wir-tun-was-fuer-bienen.de\/archiv-2021\/wp-content\/uploads\/sites\/3\/2021\/07\/20210415_150748-150x150.jpg\" class=\"attachment-thumbnail size-thumbnail\" alt=\"\" loading=\"lazy\" \/><\/a><\/span><span><a href=\"https:\/\/wettbewerb-archiv.wir-tun-was-fuer-bienen.de\/archiv-2021\/eintrag\/pflanzenvielfalt-trotz-schattigem-balkon\/\"><img decoding=\"async\" width=\"150\" height=\"150\" src=\"https:\/\/wettbewerb-archiv.wir-tun-was-fuer-bienen.de\/archiv-2021\/wp-content\/uploads\/sites\/3\/2021\/07\/20210508_164249-150x150.jpg\" class=\"attachment-thumbnail size-thumbnail\" alt=\"\" loading=\"lazy\" \/><\/a><\/span><\/div>\n\n    <div class=\"user flex\">\n        \n                    <img decoding=\"async\" src=\"https:\/\/wettbewerb-archiv.wir-tun-was-fuer-bienen.de\/archiv-2021\/wp-content\/themes\/bienen\/assets\/images\/avatar-placeholder.png\" style=\"border-radius: 30px;\" height=\"30\" width=\"30\">\n            Simone K.            <\/div>\n    \n    \n            <p class=\"categories meta\" style=\"width: 100%\"><span class=\"fa fa-tag\"\n                                                             aria-hidden=\"true\"><\/span> Balkone, Terrassen, Dachbegr\u00fcnung, vertikale G\u00e4rten        <\/p>\n    \n            <p class=\"categories meta\" style=\"width: 100%\"><span class=\"fa fa-map-marker\"\n                                                             aria-hidden=\"true\"><\/span> Nordrhein-Westfalen        <\/p>\n    \n<\/article>\n   \n\t\t\n          <article id=\"post-52089\" class=\"et_pb_post post-52089 wtwfb_entry type-wtwfb_entry status-publish has-post-thumbnail hentry wtwfb_category-privatgaerten-und-gaerten-von-mietwohnungen-kleiner-500-quadratmeter wtwfb_region-nordrhein-westfalen\">\n    <h2 class=\"entry-title\"><a href=\"https:\/\/wettbewerb-archiv.wir-tun-was-fuer-bienen.de\/archiv-2021\/eintrag\/hortus-erinaceus-europaeus-garten-der-igel\/\">Hortus Erinaceus europaeus \u2013 Garten der Igel<\/a>\n    <\/h2>\n    <a href=\"https:\/\/wettbewerb-archiv.wir-tun-was-fuer-bienen.de\/archiv-2021\/eintrag\/hortus-erinaceus-europaeus-garten-der-igel\/\">\n        <div class=\"bienen-entry-image\">\n            <img decoding=\"async\" width=\"400\" height=\"300\" src=\"https:\/\/wettbewerb-archiv.wir-tun-was-fuer-bienen.de\/archiv-2021\/wp-content\/uploads\/sites\/3\/2021\/07\/20210603_194113-400x300.jpg\" class=\"attachment-bienen-grid-thumb size-bienen-grid-thumb wp-post-image\" alt=\"\" loading=\"lazy\" \/>                    <\/div>\n    <\/a>\n\n    <div class=\"images-grid\"><span><a href=\"https:\/\/wettbewerb-archiv.wir-tun-was-fuer-bienen.de\/archiv-2021\/eintrag\/hortus-erinaceus-europaeus-garten-der-igel\/\"><img decoding=\"async\" width=\"150\" height=\"150\" src=\"https:\/\/wettbewerb-archiv.wir-tun-was-fuer-bienen.de\/archiv-2021\/wp-content\/uploads\/sites\/3\/2021\/07\/1.-Materialbeschaffung-Hortus-Lager-150x150.jpg\" class=\"attachment-thumbnail size-thumbnail\" alt=\"\" loading=\"lazy\" \/><\/a><\/span><span><a href=\"https:\/\/wettbewerb-archiv.wir-tun-was-fuer-bienen.de\/archiv-2021\/eintrag\/hortus-erinaceus-europaeus-garten-der-igel\/\"><img decoding=\"async\" width=\"150\" height=\"150\" src=\"https:\/\/wettbewerb-archiv.wir-tun-was-fuer-bienen.de\/archiv-2021\/wp-content\/uploads\/sites\/3\/2021\/07\/3.-Pflanzen-in-Toepfe-gepflanzt-als-Zwischenort-1-150x150.jpg\" class=\"attachment-thumbnail size-thumbnail\" alt=\"\" loading=\"lazy\" \/><\/a><\/span><span><a href=\"https:\/\/wettbewerb-archiv.wir-tun-was-fuer-bienen.de\/archiv-2021\/eintrag\/hortus-erinaceus-europaeus-garten-der-igel\/\"><img decoding=\"async\" width=\"150\" height=\"150\" src=\"https:\/\/wettbewerb-archiv.wir-tun-was-fuer-bienen.de\/archiv-2021\/wp-content\/uploads\/sites\/3\/2021\/07\/7.-Die-kleine-Steilwand-aus-Tonziegeln-mit-breiten-Sand-Lehmfugen-entsteht-1-150x150.jpg\" class=\"attachment-thumbnail size-thumbnail\" alt=\"\" loading=\"lazy\" \/><\/a><\/span><span><a href=\"https:\/\/wettbewerb-archiv.wir-tun-was-fuer-bienen.de\/archiv-2021\/eintrag\/hortus-erinaceus-europaeus-garten-der-igel\/\"><img decoding=\"async\" width=\"150\" height=\"150\" src=\"https:\/\/wettbewerb-archiv.wir-tun-was-fuer-bienen.de\/archiv-2021\/wp-content\/uploads\/sites\/3\/2021\/07\/10.-Schotterdrainage-unter-der-Magerzone-150x150.jpg\" class=\"attachment-thumbnail size-thumbnail\" alt=\"\" loading=\"lazy\" \/><\/a><\/span><\/div>\n\n    <div class=\"user flex\">\n        \n                    <img decoding=\"async\" src=\"https:\/\/wettbewerb-archiv.wir-tun-was-fuer-bienen.de\/archiv-2021\/wp-content\/themes\/bienen\/assets\/images\/avatar-placeholder.png\" style=\"border-radius: 30px;\" height=\"30\" width=\"30\">\n            Dorothee A.            <\/div>\n    \n    <p class=\"categories meta bienen-gewinner\"><span class=\"fa fa-trophy\"                                                              aria-hidden=\"true\"><\/span> Gewinner<\/p>\n            <p class=\"categories meta\" style=\"width: 100%\"><span class=\"fa fa-tag\"\n                                                             aria-hidden=\"true\"><\/span> Privatg\u00e4rten und G\u00e4rten von Mietwohnungen (kleiner als 500 Quadratmeter)        <\/p>\n    \n            <p class=\"categories meta\" style=\"width: 100%\"><span class=\"fa fa-map-marker\"\n                                                             aria-hidden=\"true\"><\/span> Nordrhein-Westfalen        <\/p>\n    \n<\/article>\n   \n\t\t\n          <article id=\"post-52046\" class=\"et_pb_post post-52046 wtwfb_entry type-wtwfb_entry status-publish has-post-thumbnail hentry wtwfb_category-balkone-terrassen-dachbegruenung-vertikale-gaerten wtwfb_region-hessen\">\n    <h2 class=\"entry-title\"><a href=\"https:\/\/wettbewerb-archiv.wir-tun-was-fuer-bienen.de\/archiv-2021\/eintrag\/alles-wild\/\">Alles wild<\/a>\n    <\/h2>\n    <a href=\"https:\/\/wettbewerb-archiv.wir-tun-was-fuer-bienen.de\/archiv-2021\/eintrag\/alles-wild\/\">\n        <div class=\"bienen-entry-image\">\n            <img decoding=\"async\" width=\"400\" height=\"300\" src=\"https:\/\/wettbewerb-archiv.wir-tun-was-fuer-bienen.de\/archiv-2021\/wp-content\/uploads\/sites\/3\/2021\/07\/4883C567-A8EA-4E22-AA27-080A1A5D5BD0-400x300.jpeg\" class=\"attachment-bienen-grid-thumb size-bienen-grid-thumb wp-post-image\" alt=\"\" loading=\"lazy\" \/>                    <\/div>\n    <\/a>\n\n    <div class=\"images-grid\"><span><a href=\"https:\/\/wettbewerb-archiv.wir-tun-was-fuer-bienen.de\/archiv-2021\/eintrag\/alles-wild\/\"><img decoding=\"async\" width=\"150\" height=\"150\" src=\"https:\/\/wettbewerb-archiv.wir-tun-was-fuer-bienen.de\/archiv-2021\/wp-content\/uploads\/sites\/3\/2021\/07\/826D1DF9-2E72-4ABC-9C06-D1F19F2BAA9D-150x150.jpeg\" class=\"attachment-thumbnail size-thumbnail\" alt=\"\" loading=\"lazy\" \/><\/a><\/span><span><a href=\"https:\/\/wettbewerb-archiv.wir-tun-was-fuer-bienen.de\/archiv-2021\/eintrag\/alles-wild\/\"><img decoding=\"async\" width=\"150\" height=\"150\" src=\"https:\/\/wettbewerb-archiv.wir-tun-was-fuer-bienen.de\/archiv-2021\/wp-content\/uploads\/sites\/3\/2021\/07\/46B21D33-1F1E-4734-84B3-D737C06CCB11-150x150.jpeg\" class=\"attachment-thumbnail size-thumbnail\" alt=\"\" loading=\"lazy\" \/><\/a><\/span><span><a href=\"https:\/\/wettbewerb-archiv.wir-tun-was-fuer-bienen.de\/archiv-2021\/eintrag\/alles-wild\/\"><img decoding=\"async\" width=\"150\" height=\"150\" src=\"https:\/\/wettbewerb-archiv.wir-tun-was-fuer-bienen.de\/archiv-2021\/wp-content\/uploads\/sites\/3\/2021\/07\/30871977-06DB-4D71-90FA-7DFE780A63B7-150x150.jpeg\" class=\"attachment-thumbnail size-thumbnail\" alt=\"\" loading=\"lazy\" \/><\/a><\/span><span><a href=\"https:\/\/wettbewerb-archiv.wir-tun-was-fuer-bienen.de\/archiv-2021\/eintrag\/alles-wild\/\"><img decoding=\"async\" width=\"150\" height=\"150\" src=\"https:\/\/wettbewerb-archiv.wir-tun-was-fuer-bienen.de\/archiv-2021\/wp-content\/uploads\/sites\/3\/2021\/07\/E315DA47-96EC-4E2C-8054-2CEDF0A74B37-150x150.jpeg\" class=\"attachment-thumbnail size-thumbnail\" alt=\"\" loading=\"lazy\" \/><\/a><\/span><\/div>\n\n    <div class=\"user flex\">\n        \n                    <img decoding=\"async\" src=\"https:\/\/wettbewerb-archiv.wir-tun-was-fuer-bienen.de\/archiv-2021\/wp-content\/themes\/bienen\/assets\/images\/avatar-placeholder.png\" style=\"border-radius: 30px;\" height=\"30\" width=\"30\">\n            Alles wild            <\/div>\n    \n    \n            <p class=\"categories meta\" style=\"width: 100%\"><span class=\"fa fa-tag\"\n                                                             aria-hidden=\"true\"><\/span> Balkone, Terrassen, Dachbegr\u00fcnung, vertikale G\u00e4rten        <\/p>\n    \n            <p class=\"categories meta\" style=\"width: 100%\"><span class=\"fa fa-map-marker\"\n                                                             aria-hidden=\"true\"><\/span> Hessen        <\/p>\n    \n<\/article>\n   \n\t\t\n          <article id=\"post-51927\" class=\"et_pb_post post-51927 wtwfb_entry type-wtwfb_entry status-publish has-post-thumbnail hentry wtwfb_category-firmen-institutions-und-vereinsgaerten wtwfb_region-sachsen\">\n    <h2 class=\"entry-title\"><a href=\"https:\/\/wettbewerb-archiv.wir-tun-was-fuer-bienen.de\/archiv-2021\/eintrag\/einen-bienenhotel-der-extraklasse-mit-umfeldgestaltung\/\">5*****-Bienenhotel mit Umfeldgestaltung<\/a>\n    <\/h2>\n    <a href=\"https:\/\/wettbewerb-archiv.wir-tun-was-fuer-bienen.de\/archiv-2021\/eintrag\/einen-bienenhotel-der-extraklasse-mit-umfeldgestaltung\/\">\n        <div class=\"bienen-entry-image\">\n            <img decoding=\"async\" width=\"400\" height=\"300\" src=\"https:\/\/wettbewerb-archiv.wir-tun-was-fuer-bienen.de\/archiv-2021\/wp-content\/uploads\/sites\/3\/2021\/07\/IMG_20210628_161342-400x300.jpg\" class=\"attachment-bienen-grid-thumb size-bienen-grid-thumb wp-post-image\" alt=\"\" loading=\"lazy\" \/>                    <\/div>\n    <\/a>\n\n    <div class=\"images-grid\"><span><a href=\"https:\/\/wettbewerb-archiv.wir-tun-was-fuer-bienen.de\/archiv-2021\/eintrag\/einen-bienenhotel-der-extraklasse-mit-umfeldgestaltung\/\"><img decoding=\"async\" width=\"150\" height=\"150\" src=\"https:\/\/wettbewerb-archiv.wir-tun-was-fuer-bienen.de\/archiv-2021\/wp-content\/uploads\/sites\/3\/2021\/07\/Aushub-150x150.jpg\" class=\"attachment-thumbnail size-thumbnail\" alt=\"\" loading=\"lazy\" \/><\/a><\/span><span><a href=\"https:\/\/wettbewerb-archiv.wir-tun-was-fuer-bienen.de\/archiv-2021\/eintrag\/einen-bienenhotel-der-extraklasse-mit-umfeldgestaltung\/\"><img decoding=\"async\" width=\"150\" height=\"150\" src=\"https:\/\/wettbewerb-archiv.wir-tun-was-fuer-bienen.de\/archiv-2021\/wp-content\/uploads\/sites\/3\/2021\/07\/IMG_0221-150x150.jpg\" class=\"attachment-thumbnail size-thumbnail\" alt=\"\" loading=\"lazy\" \/><\/a><\/span><span><a href=\"https:\/\/wettbewerb-archiv.wir-tun-was-fuer-bienen.de\/archiv-2021\/eintrag\/einen-bienenhotel-der-extraklasse-mit-umfeldgestaltung\/\"><img decoding=\"async\" width=\"150\" height=\"150\" src=\"https:\/\/wettbewerb-archiv.wir-tun-was-fuer-bienen.de\/archiv-2021\/wp-content\/uploads\/sites\/3\/2021\/07\/IMG_0226-150x150.jpg\" class=\"attachment-thumbnail size-thumbnail\" alt=\"\" loading=\"lazy\" \/><\/a><\/span><span><a href=\"https:\/\/wettbewerb-archiv.wir-tun-was-fuer-bienen.de\/archiv-2021\/eintrag\/einen-bienenhotel-der-extraklasse-mit-umfeldgestaltung\/\"><img decoding=\"async\" width=\"150\" height=\"150\" src=\"https:\/\/wettbewerb-archiv.wir-tun-was-fuer-bienen.de\/archiv-2021\/wp-content\/uploads\/sites\/3\/2021\/07\/IMG_0228-150x150.jpg\" class=\"attachment-thumbnail size-thumbnail\" alt=\"\" loading=\"lazy\" \/><\/a><\/span><\/div>\n\n    <div class=\"user flex\">\n        \n                    <img decoding=\"async\" src=\"https:\/\/wettbewerb-archiv.wir-tun-was-fuer-bienen.de\/archiv-2021\/wp-content\/themes\/bienen\/assets\/images\/avatar-placeholder.png\" style=\"border-radius: 30px;\" height=\"30\" width=\"30\">\n            Heimatverein Leben in Deuben e.V.            <\/div>\n    \n    <p class=\"categories meta bienen-gewinner\"><span class=\"fa fa-trophy\"                                                              aria-hidden=\"true\"><\/span> Gewinner<\/p>\n            <p class=\"categories meta\" style=\"width: 100%\"><span class=\"fa fa-tag\"\n                                                             aria-hidden=\"true\"><\/span> Firmen-, Institutions- und Vereinsg\u00e4rten        <\/p>\n    \n            <p class=\"categories meta\" style=\"width: 100%\"><span class=\"fa fa-map-marker\"\n                                                             aria-hidden=\"true\"><\/span> Sachsen        <\/p>\n    \n<\/article>\n   \n\t\t\n          <article id=\"post-51891\" class=\"et_pb_post post-51891 wtwfb_entry type-wtwfb_entry status-publish has-post-thumbnail hentry wtwfb_category-privatgaerten-und-gaerten-von-mietwohnungen-kleiner-500-quadratmeter wtwfb_region-nordrhein-westfalen\">\n    <h2 class=\"entry-title\"><a href=\"https:\/\/wettbewerb-archiv.wir-tun-was-fuer-bienen.de\/archiv-2021\/eintrag\/bonner-kinder-lassen-es-summen-getrennt-aber-gemeinsam\/\">Bonner Kinder lassen es summen &#8211; getrennt, aber g...<\/a>\n    <\/h2>\n    <a href=\"https:\/\/wettbewerb-archiv.wir-tun-was-fuer-bienen.de\/archiv-2021\/eintrag\/bonner-kinder-lassen-es-summen-getrennt-aber-gemeinsam\/\">\n        <div class=\"bienen-entry-image\">\n            <img decoding=\"async\" width=\"400\" height=\"300\" src=\"https:\/\/wettbewerb-archiv.wir-tun-was-fuer-bienen.de\/archiv-2021\/wp-content\/uploads\/sites\/3\/2021\/07\/Pflege1.JPG-400x300.jpg\" class=\"attachment-bienen-grid-thumb size-bienen-grid-thumb wp-post-image\" alt=\"\" loading=\"lazy\" \/>                    <\/div>\n    <\/a>\n\n    <div class=\"images-grid\"><span><a href=\"https:\/\/wettbewerb-archiv.wir-tun-was-fuer-bienen.de\/archiv-2021\/eintrag\/bonner-kinder-lassen-es-summen-getrennt-aber-gemeinsam\/\"><img decoding=\"async\" width=\"150\" height=\"150\" src=\"https:\/\/wettbewerb-archiv.wir-tun-was-fuer-bienen.de\/archiv-2021\/wp-content\/uploads\/sites\/3\/2021\/07\/20210424_143202-150x150.jpg\" class=\"attachment-thumbnail size-thumbnail\" alt=\"\" loading=\"lazy\" \/><\/a><\/span><span><a href=\"https:\/\/wettbewerb-archiv.wir-tun-was-fuer-bienen.de\/archiv-2021\/eintrag\/bonner-kinder-lassen-es-summen-getrennt-aber-gemeinsam\/\"><img decoding=\"async\" width=\"150\" height=\"150\" src=\"https:\/\/wettbewerb-archiv.wir-tun-was-fuer-bienen.de\/archiv-2021\/wp-content\/uploads\/sites\/3\/2021\/07\/20210524_155924-150x150.jpg\" class=\"attachment-thumbnail size-thumbnail\" alt=\"\" loading=\"lazy\" \/><\/a><\/span><span><a href=\"https:\/\/wettbewerb-archiv.wir-tun-was-fuer-bienen.de\/archiv-2021\/eintrag\/bonner-kinder-lassen-es-summen-getrennt-aber-gemeinsam\/\"><img decoding=\"async\" width=\"150\" height=\"150\" src=\"https:\/\/wettbewerb-archiv.wir-tun-was-fuer-bienen.de\/archiv-2021\/wp-content\/uploads\/sites\/3\/2021\/07\/IMG_2851.HEIC-150x150.jpg\" class=\"attachment-thumbnail size-thumbnail\" alt=\"\" loading=\"lazy\" \/><\/a><\/span><span><a href=\"https:\/\/wettbewerb-archiv.wir-tun-was-fuer-bienen.de\/archiv-2021\/eintrag\/bonner-kinder-lassen-es-summen-getrennt-aber-gemeinsam\/\"><img decoding=\"async\" width=\"150\" height=\"150\" src=\"https:\/\/wettbewerb-archiv.wir-tun-was-fuer-bienen.de\/archiv-2021\/wp-content\/uploads\/sites\/3\/2021\/07\/IMG_6948.JPG-150x150.jpg\" class=\"attachment-thumbnail size-thumbnail\" alt=\"\" loading=\"lazy\" \/><\/a><\/span><\/div>\n\n    <div class=\"user flex\">\n        \n                    <img decoding=\"async\" src=\"https:\/\/wettbewerb-archiv.wir-tun-was-fuer-bienen.de\/archiv-2021\/wp-content\/themes\/bienen\/assets\/images\/avatar-placeholder.png\" style=\"border-radius: 30px;\" height=\"30\" width=\"30\">\n            Pflege- und Adoptivkinder in Bonn            <\/div>\n    \n    <p class=\"categories meta bienen-gewinner\"><span class=\"fa fa-trophy\"                                                              aria-hidden=\"true\"><\/span> Gewinner<\/p>\n            <p class=\"categories meta\" style=\"width: 100%\"><span class=\"fa fa-tag\"\n                                                             aria-hidden=\"true\"><\/span> Privatg\u00e4rten und G\u00e4rten von Mietwohnungen (kleiner als 500 Quadratmeter)        <\/p>\n    \n            <p class=\"categories meta\" style=\"width: 100%\"><span class=\"fa fa-map-marker\"\n                                                             aria-hidden=\"true\"><\/span> Nordrhein-Westfalen        <\/p>\n    \n<\/article>\n   \n\t\t\n          <article id=\"post-51866\" class=\"et_pb_post post-51866 wtwfb_entry type-wtwfb_entry status-publish has-post-thumbnail hentry wtwfb_category-firmen-institutions-und-vereinsgaerten wtwfb_region-nordrhein-westfalen\">\n    <h2 class=\"entry-title\"><a href=\"https:\/\/wettbewerb-archiv.wir-tun-was-fuer-bienen.de\/archiv-2021\/eintrag\/wild-und-honigbienen-im-vereinsgarten\/\">Wild- und Honigbienen im Vereinsgarten<\/a>\n    <\/h2>\n    <a href=\"https:\/\/wettbewerb-archiv.wir-tun-was-fuer-bienen.de\/archiv-2021\/eintrag\/wild-und-honigbienen-im-vereinsgarten\/\">\n        <div class=\"bienen-entry-image\">\n            <img decoding=\"async\" width=\"400\" height=\"300\" src=\"https:\/\/wettbewerb-archiv.wir-tun-was-fuer-bienen.de\/archiv-2021\/wp-content\/uploads\/sites\/3\/2021\/07\/Imker-im-Vereinsgarten-400x300.jpg\" class=\"attachment-bienen-grid-thumb size-bienen-grid-thumb wp-post-image\" alt=\"\" loading=\"lazy\" \/>                    <\/div>\n    <\/a>\n\n    <div class=\"images-grid\"><span><a href=\"https:\/\/wettbewerb-archiv.wir-tun-was-fuer-bienen.de\/archiv-2021\/eintrag\/wild-und-honigbienen-im-vereinsgarten\/\"><img decoding=\"async\" width=\"150\" height=\"150\" src=\"https:\/\/wettbewerb-archiv.wir-tun-was-fuer-bienen.de\/archiv-2021\/wp-content\/uploads\/sites\/3\/2021\/07\/DSC_0076-150x150.jpg\" class=\"attachment-thumbnail size-thumbnail\" alt=\"\" loading=\"lazy\" \/><\/a><\/span><span><a href=\"https:\/\/wettbewerb-archiv.wir-tun-was-fuer-bienen.de\/archiv-2021\/eintrag\/wild-und-honigbienen-im-vereinsgarten\/\"><img decoding=\"async\" width=\"150\" height=\"150\" src=\"https:\/\/wettbewerb-archiv.wir-tun-was-fuer-bienen.de\/archiv-2021\/wp-content\/uploads\/sites\/3\/2021\/07\/20210709_115820-150x150.jpg\" class=\"attachment-thumbnail size-thumbnail\" alt=\"\" loading=\"lazy\" \/><\/a><\/span><span><a href=\"https:\/\/wettbewerb-archiv.wir-tun-was-fuer-bienen.de\/archiv-2021\/eintrag\/wild-und-honigbienen-im-vereinsgarten\/\"><img decoding=\"async\" width=\"150\" height=\"150\" src=\"https:\/\/wettbewerb-archiv.wir-tun-was-fuer-bienen.de\/archiv-2021\/wp-content\/uploads\/sites\/3\/2021\/07\/20210709_092503-150x150.jpg\" class=\"attachment-thumbnail size-thumbnail\" alt=\"\" loading=\"lazy\" \/><\/a><\/span><span><a href=\"https:\/\/wettbewerb-archiv.wir-tun-was-fuer-bienen.de\/archiv-2021\/eintrag\/wild-und-honigbienen-im-vereinsgarten\/\"><img decoding=\"async\" width=\"150\" height=\"150\" src=\"https:\/\/wettbewerb-archiv.wir-tun-was-fuer-bienen.de\/archiv-2021\/wp-content\/uploads\/sites\/3\/2021\/07\/20210709_114039-150x150.jpg\" class=\"attachment-thumbnail size-thumbnail\" alt=\"\" loading=\"lazy\" \/><\/a><\/span><\/div>\n\n    <div class=\"user flex\">\n        \n                    <img decoding=\"async\" src=\"https:\/\/wettbewerb-archiv.wir-tun-was-fuer-bienen.de\/archiv-2021\/wp-content\/themes\/bienen\/assets\/images\/avatar-placeholder.png\" style=\"border-radius: 30px;\" height=\"30\" width=\"30\">\n            imkerverein Neuenkirchen-Wettringen e.V.            <\/div>\n    \n    \n            <p class=\"categories meta\" style=\"width: 100%\"><span class=\"fa fa-tag\"\n                                                             aria-hidden=\"true\"><\/span> Firmen-, Institutions- und Vereinsg\u00e4rten        <\/p>\n    \n            <p class=\"categories meta\" style=\"width: 100%\"><span class=\"fa fa-map-marker\"\n                                                             aria-hidden=\"true\"><\/span> Nordrhein-Westfalen        <\/p>\n    \n<\/article>\n   \n\t\t\n          <article id=\"post-51824\" class=\"et_pb_post post-51824 wtwfb_entry type-wtwfb_entry status-publish has-post-thumbnail hentry wtwfb_category-schul-und-jugendclub-gaerten wtwfb_region-rheinland-pfalz\">\n    <h2 class=\"entry-title\"><a href=\"https:\/\/wettbewerb-archiv.wir-tun-was-fuer-bienen.de\/archiv-2021\/eintrag\/schueler-fuer-tiere-e-v-wir-tun-was-fuer-bienen-und-andere-tiere\/\">Sch\u00fcler f\u00fcr Tiere &#8211; Ortsgruppe S\u00fcdpfalz<\/a>\n    <\/h2>\n    <a href=\"https:\/\/wettbewerb-archiv.wir-tun-was-fuer-bienen.de\/archiv-2021\/eintrag\/schueler-fuer-tiere-e-v-wir-tun-was-fuer-bienen-und-andere-tiere\/\">\n        <div class=\"bienen-entry-image\">\n            <img decoding=\"async\" width=\"400\" height=\"300\" src=\"https:\/\/wettbewerb-archiv.wir-tun-was-fuer-bienen.de\/archiv-2021\/wp-content\/uploads\/sites\/3\/2021\/07\/Hauptbild-2-400x300.jpg\" class=\"attachment-bienen-grid-thumb size-bienen-grid-thumb wp-post-image\" alt=\"\" loading=\"lazy\" \/>                    <\/div>\n    <\/a>\n\n    <div class=\"images-grid\"><span><a href=\"https:\/\/wettbewerb-archiv.wir-tun-was-fuer-bienen.de\/archiv-2021\/eintrag\/schueler-fuer-tiere-e-v-wir-tun-was-fuer-bienen-und-andere-tiere\/\"><img decoding=\"async\" width=\"150\" height=\"150\" src=\"https:\/\/wettbewerb-archiv.wir-tun-was-fuer-bienen.de\/archiv-2021\/wp-content\/uploads\/sites\/3\/2021\/07\/Gruppe-1-150x150.jpg\" class=\"attachment-thumbnail size-thumbnail\" alt=\"\" loading=\"lazy\" \/><\/a><\/span><span><a href=\"https:\/\/wettbewerb-archiv.wir-tun-was-fuer-bienen.de\/archiv-2021\/eintrag\/schueler-fuer-tiere-e-v-wir-tun-was-fuer-bienen-und-andere-tiere\/\"><img decoding=\"async\" width=\"150\" height=\"150\" src=\"https:\/\/wettbewerb-archiv.wir-tun-was-fuer-bienen.de\/archiv-2021\/wp-content\/uploads\/sites\/3\/2021\/07\/Bau-Insektenhotel-150x150.jpg\" class=\"attachment-thumbnail size-thumbnail\" alt=\"\" loading=\"lazy\" \/><\/a><\/span><span><a href=\"https:\/\/wettbewerb-archiv.wir-tun-was-fuer-bienen.de\/archiv-2021\/eintrag\/schueler-fuer-tiere-e-v-wir-tun-was-fuer-bienen-und-andere-tiere\/\"><img decoding=\"async\" width=\"150\" height=\"150\" src=\"https:\/\/wettbewerb-archiv.wir-tun-was-fuer-bienen.de\/archiv-2021\/wp-content\/uploads\/sites\/3\/2021\/07\/Insektenhotel-Unterbau-150x150.jpg\" class=\"attachment-thumbnail size-thumbnail\" alt=\"\" loading=\"lazy\" \/><\/a><\/span><span><a href=\"https:\/\/wettbewerb-archiv.wir-tun-was-fuer-bienen.de\/archiv-2021\/eintrag\/schueler-fuer-tiere-e-v-wir-tun-was-fuer-bienen-und-andere-tiere\/\"><img decoding=\"async\" width=\"150\" height=\"150\" src=\"https:\/\/wettbewerb-archiv.wir-tun-was-fuer-bienen.de\/archiv-2021\/wp-content\/uploads\/sites\/3\/2021\/07\/Bienenfutterautomat-150x150.jpg\" class=\"attachment-thumbnail size-thumbnail\" alt=\"\" loading=\"lazy\" \/><\/a><\/span><\/div>\n\n    <div class=\"user flex\">\n        \n                    <img decoding=\"async\" src=\"https:\/\/wettbewerb-archiv.wir-tun-was-fuer-bienen.de\/archiv-2021\/wp-content\/themes\/bienen\/assets\/images\/avatar-placeholder.png\" style=\"border-radius: 30px;\" height=\"30\" width=\"30\">\n            Sch\u00fcler f\u00fcr Tiere e.V.            <\/div>\n    \n    <p class=\"categories meta bienen-gewinner\"><span class=\"fa fa-trophy\"                                                              aria-hidden=\"true\"><\/span> Gewinner<\/p>\n            <p class=\"categories meta\" style=\"width: 100%\"><span class=\"fa fa-tag\"\n                                                             aria-hidden=\"true\"><\/span> Schul- und Jugendclub-G\u00e4rten        <\/p>\n    \n            <p class=\"categories meta\" style=\"width: 100%\"><span class=\"fa fa-map-marker\"\n                                                             aria-hidden=\"true\"><\/span> Rheinland-Pfalz        <\/p>\n    \n<\/article>\n   \n\t\t\n          <article id=\"post-51786\" class=\"et_pb_post post-51786 wtwfb_entry type-wtwfb_entry status-publish has-post-thumbnail hentry wtwfb_category-privatgaerten-und-gaerten-von-mietwohnungen-groesser-500-quadratmeter wtwfb_region-nordrhein-westfalen\">\n    <h2 class=\"entry-title\"><a href=\"https:\/\/wettbewerb-archiv.wir-tun-was-fuer-bienen.de\/archiv-2021\/eintrag\/ich-blick-nicht-mehr-durch-aber-die-bienen\/\">Ich blick&#8216; nicht mehr durch, aber die Bienen!<\/a>\n    <\/h2>\n    <a href=\"https:\/\/wettbewerb-archiv.wir-tun-was-fuer-bienen.de\/archiv-2021\/eintrag\/ich-blick-nicht-mehr-durch-aber-die-bienen\/\">\n        <div class=\"bienen-entry-image\">\n            <img decoding=\"async\" width=\"1\" height=\"1\" src=\"https:\/\/wettbewerb-archiv.wir-tun-was-fuer-bienen.de\/archiv-2021\/wp-content\/uploads\/sites\/3\/2021\/07\/IMG_6120.heic\" class=\"attachment-bienen-grid-thumb size-bienen-grid-thumb wp-post-image\" alt=\"\" loading=\"lazy\" \/>                    <\/div>\n    <\/a>\n\n    <div class=\"images-grid\"><\/div>\n\n    <div class=\"user flex\">\n        \n                    <img decoding=\"async\" src=\"https:\/\/wettbewerb-archiv.wir-tun-was-fuer-bienen.de\/archiv-2021\/wp-content\/themes\/bienen\/assets\/images\/avatar-placeholder.png\" style=\"border-radius: 30px;\" height=\"30\" width=\"30\">\n            Ute K\u00fcppersbusch            <\/div>\n    \n    \n            <p class=\"categories meta\" style=\"width: 100%\"><span class=\"fa fa-tag\"\n                                                             aria-hidden=\"true\"><\/span> Privatg\u00e4rten und G\u00e4rten von Mietwohnungen (gr\u00f6\u00dfer als 500 Quadratmeter)        <\/p>\n    \n            <p class=\"categories meta\" style=\"width: 100%\"><span class=\"fa fa-map-marker\"\n                                                             aria-hidden=\"true\"><\/span> Nordrhein-Westfalen        <\/p>\n    \n<\/article>\n   \n\t\t\n          <article id=\"post-51737\" class=\"et_pb_post post-51737 wtwfb_entry type-wtwfb_entry status-publish has-post-thumbnail hentry wtwfb_category-bestehende-naturgaerten wtwfb_region-nordrhein-westfalen\">\n    <h2 class=\"entry-title\"><a href=\"https:\/\/wettbewerb-archiv.wir-tun-was-fuer-bienen.de\/archiv-2021\/eintrag\/fledermausfreundlich-nabu-zeichnet-antoniter-siedlungsgesellschaft-aus\/\">Fledermausfreundlich: NABU zeichnet Antoniter Siedlungs...<\/a>\n    <\/h2>\n    <a href=\"https:\/\/wettbewerb-archiv.wir-tun-was-fuer-bienen.de\/archiv-2021\/eintrag\/fledermausfreundlich-nabu-zeichnet-antoniter-siedlungsgesellschaft-aus\/\">\n        <div class=\"bienen-entry-image\">\n            <img decoding=\"async\" width=\"400\" height=\"300\" src=\"https:\/\/wettbewerb-archiv.wir-tun-was-fuer-bienen.de\/archiv-2021\/wp-content\/uploads\/sites\/3\/2021\/07\/Sven-Berowicz-400x300.jpeg\" class=\"attachment-bienen-grid-thumb size-bienen-grid-thumb wp-post-image\" alt=\"\" loading=\"lazy\" \/>                    <\/div>\n    <\/a>\n\n    <div class=\"images-grid\"><\/div>\n\n    <div class=\"user flex\">\n        \n                    <img decoding=\"async\" src=\"https:\/\/wettbewerb-archiv.wir-tun-was-fuer-bienen.de\/archiv-2021\/wp-content\/themes\/bienen\/assets\/images\/avatar-placeholder.png\" style=\"border-radius: 30px;\" height=\"30\" width=\"30\">\n            Susanne Hermanns            <\/div>\n    \n    \n            <p class=\"categories meta\" style=\"width: 100%\"><span class=\"fa fa-tag\"\n                                                             aria-hidden=\"true\"><\/span> Bestehende Naturg\u00e4rten (ohne Pflanzaktionen)        <\/p>\n    \n            <p class=\"categories meta\" style=\"width: 100%\"><span class=\"fa fa-map-marker\"\n                                                             aria-hidden=\"true\"><\/span> Nordrhein-Westfalen        <\/p>\n    \n<\/article>\n   \n\t\t\n          <article id=\"post-51730\" class=\"et_pb_post post-51730 wtwfb_entry type-wtwfb_entry status-publish has-post-thumbnail hentry wtwfb_category-privatgaerten-und-gaerten-von-mietwohnungen-groesser-500-quadratmeter wtwfb_region-nordrhein-westfalen\">\n    <h2 class=\"entry-title\"><a href=\"https:\/\/wettbewerb-archiv.wir-tun-was-fuer-bienen.de\/archiv-2021\/eintrag\/gruene-oasen-in-wohnanlagen\/\">Gr\u00fcne Oasen in Wohnanlagen<\/a>\n    <\/h2>\n    <a href=\"https:\/\/wettbewerb-archiv.wir-tun-was-fuer-bienen.de\/archiv-2021\/eintrag\/gruene-oasen-in-wohnanlagen\/\">\n        <div class=\"bienen-entry-image\">\n            <img decoding=\"async\" width=\"400\" height=\"300\" src=\"https:\/\/wettbewerb-archiv.wir-tun-was-fuer-bienen.de\/archiv-2021\/wp-content\/uploads\/sites\/3\/2021\/07\/xxximage00006-400x300.jpeg\" class=\"attachment-bienen-grid-thumb size-bienen-grid-thumb wp-post-image\" alt=\"\" loading=\"lazy\" \/>                    <\/div>\n    <\/a>\n\n    <div class=\"images-grid\"><span><a href=\"https:\/\/wettbewerb-archiv.wir-tun-was-fuer-bienen.de\/archiv-2021\/eintrag\/gruene-oasen-in-wohnanlagen\/\"><img decoding=\"async\" width=\"150\" height=\"150\" src=\"https:\/\/wettbewerb-archiv.wir-tun-was-fuer-bienen.de\/archiv-2021\/wp-content\/uploads\/sites\/3\/2021\/07\/IMG_6555-150x150.jpg\" class=\"attachment-thumbnail size-thumbnail\" alt=\"\" loading=\"lazy\" \/><\/a><\/span><span><a href=\"https:\/\/wettbewerb-archiv.wir-tun-was-fuer-bienen.de\/archiv-2021\/eintrag\/gruene-oasen-in-wohnanlagen\/\"><img decoding=\"async\" width=\"150\" height=\"150\" src=\"https:\/\/wettbewerb-archiv.wir-tun-was-fuer-bienen.de\/archiv-2021\/wp-content\/uploads\/sites\/3\/2021\/07\/IMG_6575-150x150.jpg\" class=\"attachment-thumbnail size-thumbnail\" alt=\"\" loading=\"lazy\" \/><\/a><\/span><\/div>\n\n    <div class=\"user flex\">\n        \n                    <img decoding=\"async\" src=\"https:\/\/wettbewerb-archiv.wir-tun-was-fuer-bienen.de\/archiv-2021\/wp-content\/themes\/bienen\/assets\/images\/avatar-placeholder.png\" style=\"border-radius: 30px;\" height=\"30\" width=\"30\">\n            Susanne Hermanns            <\/div>\n    \n    \n            <p class=\"categories meta\" style=\"width: 100%\"><span class=\"fa fa-tag\"\n                                                             aria-hidden=\"true\"><\/span> Privatg\u00e4rten und G\u00e4rten von Mietwohnungen (gr\u00f6\u00dfer als 500 Quadratmeter)        <\/p>\n    \n            <p class=\"categories meta\" style=\"width: 100%\"><span class=\"fa fa-map-marker\"\n                                                             aria-hidden=\"true\"><\/span> Nordrhein-Westfalen        <\/p>\n    \n<\/article>\n   \n\t\t\n          <article id=\"post-51675\" class=\"et_pb_post post-51675 wtwfb_entry type-wtwfb_entry status-publish has-post-thumbnail hentry wtwfb_category-kleingartenwesen-parzellen-und-gemeinschaftsgaerten wtwfb_region-schleswig-holstein\">\n    <h2 class=\"entry-title\"><a href=\"https:\/\/wettbewerb-archiv.wir-tun-was-fuer-bienen.de\/archiv-2021\/eintrag\/neubau-einer-insektenwiese-inkl-naturmodule\/\">Neubau einer Insektenwiese inkl. Naturmodule im KGV Ahr...<\/a>\n    <\/h2>\n    <a href=\"https:\/\/wettbewerb-archiv.wir-tun-was-fuer-bienen.de\/archiv-2021\/eintrag\/neubau-einer-insektenwiese-inkl-naturmodule\/\">\n        <div class=\"bienen-entry-image\">\n            <img decoding=\"async\" width=\"400\" height=\"300\" src=\"https:\/\/wettbewerb-archiv.wir-tun-was-fuer-bienen.de\/archiv-2021\/wp-content\/uploads\/sites\/3\/2021\/07\/AhrensburgKGV-167-von-172-400x300.jpg\" class=\"attachment-bienen-grid-thumb size-bienen-grid-thumb wp-post-image\" alt=\"\" loading=\"lazy\" \/>                    <\/div>\n    <\/a>\n\n    <div class=\"images-grid\"><span><a href=\"https:\/\/wettbewerb-archiv.wir-tun-was-fuer-bienen.de\/archiv-2021\/eintrag\/neubau-einer-insektenwiese-inkl-naturmodule\/\"><img decoding=\"async\" width=\"150\" height=\"150\" src=\"https:\/\/wettbewerb-archiv.wir-tun-was-fuer-bienen.de\/archiv-2021\/wp-content\/uploads\/sites\/3\/2021\/07\/AhrensburgKGV-1-von-1-150x150.jpg\" class=\"attachment-thumbnail size-thumbnail\" alt=\"\" loading=\"lazy\" \/><\/a><\/span><span><a href=\"https:\/\/wettbewerb-archiv.wir-tun-was-fuer-bienen.de\/archiv-2021\/eintrag\/neubau-einer-insektenwiese-inkl-naturmodule\/\"><img decoding=\"async\" width=\"150\" height=\"150\" src=\"https:\/\/wettbewerb-archiv.wir-tun-was-fuer-bienen.de\/archiv-2021\/wp-content\/uploads\/sites\/3\/2021\/07\/AhrensburgKGV-4-von-172-150x150.jpg\" class=\"attachment-thumbnail size-thumbnail\" alt=\"\" loading=\"lazy\" \/><\/a><\/span><span><a href=\"https:\/\/wettbewerb-archiv.wir-tun-was-fuer-bienen.de\/archiv-2021\/eintrag\/neubau-einer-insektenwiese-inkl-naturmodule\/\"><img decoding=\"async\" width=\"150\" height=\"150\" src=\"https:\/\/wettbewerb-archiv.wir-tun-was-fuer-bienen.de\/archiv-2021\/wp-content\/uploads\/sites\/3\/2021\/07\/AhrensburgKGV-2-von-172-150x150.jpg\" class=\"attachment-thumbnail size-thumbnail\" alt=\"\" loading=\"lazy\" \/><\/a><\/span><span><a href=\"https:\/\/wettbewerb-archiv.wir-tun-was-fuer-bienen.de\/archiv-2021\/eintrag\/neubau-einer-insektenwiese-inkl-naturmodule\/\"><img decoding=\"async\" width=\"150\" height=\"150\" src=\"https:\/\/wettbewerb-archiv.wir-tun-was-fuer-bienen.de\/archiv-2021\/wp-content\/uploads\/sites\/3\/2021\/07\/AhrensburgKGV-7-von-172-150x150.jpg\" class=\"attachment-thumbnail size-thumbnail\" alt=\"\" loading=\"lazy\" \/><\/a><\/span><\/div>\n\n    <div class=\"user flex\">\n        \n                    <img decoding=\"async\" src=\"https:\/\/wettbewerb-archiv.wir-tun-was-fuer-bienen.de\/archiv-2021\/wp-content\/themes\/bienen\/assets\/images\/avatar-placeholder.png\" style=\"border-radius: 30px;\" height=\"30\" width=\"30\">\n            Birger Treimer            <\/div>\n    \n    <p class=\"categories meta bienen-gewinner\"><span class=\"fa fa-trophy\"                                                              aria-hidden=\"true\"><\/span> Gewinner<\/p>\n            <p class=\"categories meta\" style=\"width: 100%\"><span class=\"fa fa-tag\"\n                                                             aria-hidden=\"true\"><\/span> Kleingartenwesen: Parzellen und Gemeinschaftsg\u00e4rten        <\/p>\n    \n            <p class=\"categories meta\" style=\"width: 100%\"><span class=\"fa fa-map-marker\"\n                                                             aria-hidden=\"true\"><\/span> Schleswig-Holstein        <\/p>\n    \n<\/article>\n   \n\t\t\n          <article id=\"post-51552\" class=\"et_pb_post post-51552 wtwfb_entry type-wtwfb_entry status-publish has-post-thumbnail hentry wtwfb_category-balkone-terrassen-dachbegruenung-vertikale-gaerten wtwfb_region-bayern\">\n    <h2 class=\"entry-title\"><a href=\"https:\/\/wettbewerb-archiv.wir-tun-was-fuer-bienen.de\/archiv-2021\/eintrag\/bienen-und-insektenfreundlicher-blumenschmuck-am-muenchner-rathaus\/\">Bienen- und insektenfreundlicher Blumenschmuck am M\u00fcnc...<\/a>\n    <\/h2>\n    <a href=\"https:\/\/wettbewerb-archiv.wir-tun-was-fuer-bienen.de\/archiv-2021\/eintrag\/bienen-und-insektenfreundlicher-blumenschmuck-am-muenchner-rathaus\/\">\n        <div class=\"bienen-entry-image\">\n            <img decoding=\"async\" width=\"400\" height=\"300\" src=\"https:\/\/wettbewerb-archiv.wir-tun-was-fuer-bienen.de\/archiv-2021\/wp-content\/uploads\/sites\/3\/2021\/07\/1-Rathaus-bienenfreundlich-400x300.jpg\" class=\"attachment-bienen-grid-thumb size-bienen-grid-thumb wp-post-image\" alt=\"\" loading=\"lazy\" \/>                    <\/div>\n    <\/a>\n\n    <div class=\"images-grid\"><span><a href=\"https:\/\/wettbewerb-archiv.wir-tun-was-fuer-bienen.de\/archiv-2021\/eintrag\/bienen-und-insektenfreundlicher-blumenschmuck-am-muenchner-rathaus\/\"><img decoding=\"async\" width=\"150\" height=\"150\" src=\"https:\/\/wettbewerb-archiv.wir-tun-was-fuer-bienen.de\/archiv-2021\/wp-content\/uploads\/sites\/3\/2021\/07\/Team-Eric-150x150.jpg\" class=\"attachment-thumbnail size-thumbnail\" alt=\"\" loading=\"lazy\" \/><\/a><\/span><span><a href=\"https:\/\/wettbewerb-archiv.wir-tun-was-fuer-bienen.de\/archiv-2021\/eintrag\/bienen-und-insektenfreundlicher-blumenschmuck-am-muenchner-rathaus\/\"><img decoding=\"async\" width=\"150\" height=\"150\" src=\"https:\/\/wettbewerb-archiv.wir-tun-was-fuer-bienen.de\/archiv-2021\/wp-content\/uploads\/sites\/3\/2021\/07\/5-Pflegen-im-Gewaechshaus-150x150.jpg\" class=\"attachment-thumbnail size-thumbnail\" alt=\"\" loading=\"lazy\" \/><\/a><\/span><span><a href=\"https:\/\/wettbewerb-archiv.wir-tun-was-fuer-bienen.de\/archiv-2021\/eintrag\/bienen-und-insektenfreundlicher-blumenschmuck-am-muenchner-rathaus\/\"><img decoding=\"async\" width=\"150\" height=\"150\" src=\"https:\/\/wettbewerb-archiv.wir-tun-was-fuer-bienen.de\/archiv-2021\/wp-content\/uploads\/sites\/3\/2021\/07\/Team-Oli-Robin-Azubi-Aufladen-150x150.jpg\" class=\"attachment-thumbnail size-thumbnail\" alt=\"\" loading=\"lazy\" \/><\/a><\/span><span><a href=\"https:\/\/wettbewerb-archiv.wir-tun-was-fuer-bienen.de\/archiv-2021\/eintrag\/bienen-und-insektenfreundlicher-blumenschmuck-am-muenchner-rathaus\/\"><img decoding=\"async\" width=\"150\" height=\"150\" src=\"https:\/\/wettbewerb-archiv.wir-tun-was-fuer-bienen.de\/archiv-2021\/wp-content\/uploads\/sites\/3\/2021\/07\/Team-Aufbau-alle-150x150.jpg\" class=\"attachment-thumbnail size-thumbnail\" alt=\"\" loading=\"lazy\" \/><\/a><\/span><\/div>\n\n    <div class=\"user flex\">\n        \n                    <img decoding=\"async\" src=\"https:\/\/wettbewerb-archiv.wir-tun-was-fuer-bienen.de\/archiv-2021\/wp-content\/themes\/bienen\/assets\/images\/avatar-placeholder.png\" style=\"border-radius: 30px;\" height=\"30\" width=\"30\">\n            Landeshauptstadt M\u00fcnchen Baureferat Gartenbau            <\/div>\n    \n    \n            <p class=\"categories meta\" style=\"width: 100%\"><span class=\"fa fa-tag\"\n                                                             aria-hidden=\"true\"><\/span> Balkone, Terrassen, Dachbegr\u00fcnung, vertikale G\u00e4rten        <\/p>\n    \n            <p class=\"categories meta\" style=\"width: 100%\"><span class=\"fa fa-map-marker\"\n                                                             aria-hidden=\"true\"><\/span> Bayern        <\/p>\n    \n<\/article>\n   \n\t\t\n          <article id=\"post-51368\" class=\"et_pb_post post-51368 wtwfb_entry type-wtwfb_entry status-publish has-post-thumbnail hentry wtwfb_category-privatgaerten-und-gaerten-von-mietwohnungen-groesser-500-quadratmeter wtwfb_region-nordrhein-westfalen\">\n    <h2 class=\"entry-title\"><a href=\"https:\/\/wettbewerb-archiv.wir-tun-was-fuer-bienen.de\/archiv-2021\/eintrag\/vom-nutzgarten-zum-bienen-insekten-und-vogelparadies\/\">Vom Nutzgarten zum Bienen-, Insekten- und Vogelparadies<\/a>\n    <\/h2>\n    <a href=\"https:\/\/wettbewerb-archiv.wir-tun-was-fuer-bienen.de\/archiv-2021\/eintrag\/vom-nutzgarten-zum-bienen-insekten-und-vogelparadies\/\">\n        <div class=\"bienen-entry-image\">\n            <img decoding=\"async\" width=\"400\" height=\"300\" src=\"https:\/\/wettbewerb-archiv.wir-tun-was-fuer-bienen.de\/archiv-2021\/wp-content\/uploads\/sites\/3\/2021\/07\/IMG_20210731_114350-400x300.jpg\" class=\"attachment-bienen-grid-thumb size-bienen-grid-thumb wp-post-image\" alt=\"\" loading=\"lazy\" \/>                    <\/div>\n    <\/a>\n\n    <div class=\"images-grid\"><span><a href=\"https:\/\/wettbewerb-archiv.wir-tun-was-fuer-bienen.de\/archiv-2021\/eintrag\/vom-nutzgarten-zum-bienen-insekten-und-vogelparadies\/\"><img decoding=\"async\" width=\"150\" height=\"150\" src=\"https:\/\/wettbewerb-archiv.wir-tun-was-fuer-bienen.de\/archiv-2021\/wp-content\/uploads\/sites\/3\/2021\/07\/02_20180421_182210-2-150x150.jpg\" class=\"attachment-thumbnail size-thumbnail\" alt=\"\" loading=\"lazy\" \/><\/a><\/span><span><a href=\"https:\/\/wettbewerb-archiv.wir-tun-was-fuer-bienen.de\/archiv-2021\/eintrag\/vom-nutzgarten-zum-bienen-insekten-und-vogelparadies\/\"><img decoding=\"async\" width=\"150\" height=\"150\" src=\"https:\/\/wettbewerb-archiv.wir-tun-was-fuer-bienen.de\/archiv-2021\/wp-content\/uploads\/sites\/3\/2021\/07\/02_20210717_105944-3-150x150.jpg\" class=\"attachment-thumbnail size-thumbnail\" alt=\"\" loading=\"lazy\" \/><\/a><\/span><span><a href=\"https:\/\/wettbewerb-archiv.wir-tun-was-fuer-bienen.de\/archiv-2021\/eintrag\/vom-nutzgarten-zum-bienen-insekten-und-vogelparadies\/\"><img decoding=\"async\" width=\"150\" height=\"150\" src=\"https:\/\/wettbewerb-archiv.wir-tun-was-fuer-bienen.de\/archiv-2021\/wp-content\/uploads\/sites\/3\/2021\/07\/01_20210718_163621-2-150x150.jpg\" class=\"attachment-thumbnail size-thumbnail\" alt=\"\" loading=\"lazy\" \/><\/a><\/span><span><a href=\"https:\/\/wettbewerb-archiv.wir-tun-was-fuer-bienen.de\/archiv-2021\/eintrag\/vom-nutzgarten-zum-bienen-insekten-und-vogelparadies\/\"><img decoding=\"async\" width=\"150\" height=\"150\" src=\"https:\/\/wettbewerb-archiv.wir-tun-was-fuer-bienen.de\/archiv-2021\/wp-content\/uploads\/sites\/3\/2021\/07\/01_20210617_074800-2-150x150.jpg\" class=\"attachment-thumbnail size-thumbnail\" alt=\"\" loading=\"lazy\" \/><\/a><\/span><\/div>\n\n    <div class=\"user flex\">\n        \n                    <img decoding=\"async\" src=\"https:\/\/wettbewerb-archiv.wir-tun-was-fuer-bienen.de\/archiv-2021\/wp-content\/themes\/bienen\/assets\/images\/avatar-placeholder.png\" style=\"border-radius: 30px;\" height=\"30\" width=\"30\">\n            Walter Hagemann            <\/div>\n    \n    \n            <p class=\"categories meta\" style=\"width: 100%\"><span class=\"fa fa-tag\"\n                                                             aria-hidden=\"true\"><\/span> Privatg\u00e4rten und G\u00e4rten von Mietwohnungen (gr\u00f6\u00dfer als 500 Quadratmeter)        <\/p>\n    \n            <p class=\"categories meta\" style=\"width: 100%\"><span class=\"fa fa-map-marker\"\n                                                             aria-hidden=\"true\"><\/span> Nordrhein-Westfalen        <\/p>\n    \n<\/article>\n   \n\t\t\n          <article id=\"post-51182\" class=\"et_pb_post post-51182 wtwfb_entry type-wtwfb_entry status-publish has-post-thumbnail hentry wtwfb_category-privatgaerten-und-gaerten-von-mietwohnungen-kleiner-500-quadratmeter wtwfb_region-berlin\">\n    <h2 class=\"entry-title\"><a href=\"https:\/\/wettbewerb-archiv.wir-tun-was-fuer-bienen.de\/archiv-2021\/eintrag\/singerhof\/\">Singerhof<\/a>\n    <\/h2>\n    <a href=\"https:\/\/wettbewerb-archiv.wir-tun-was-fuer-bienen.de\/archiv-2021\/eintrag\/singerhof\/\">\n        <div class=\"bienen-entry-image\">\n            <img decoding=\"async\" width=\"400\" height=\"300\" src=\"https:\/\/wettbewerb-archiv.wir-tun-was-fuer-bienen.de\/archiv-2021\/wp-content\/uploads\/sites\/3\/2021\/07\/WhatsApp-Image-2021-07-17-at-16.21.37-400x300.jpeg\" class=\"attachment-bienen-grid-thumb size-bienen-grid-thumb wp-post-image\" alt=\"\" loading=\"lazy\" \/>                    <\/div>\n    <\/a>\n\n    <div class=\"images-grid\"><span><a href=\"https:\/\/wettbewerb-archiv.wir-tun-was-fuer-bienen.de\/archiv-2021\/eintrag\/singerhof\/\"><img decoding=\"async\" width=\"150\" height=\"150\" src=\"https:\/\/wettbewerb-archiv.wir-tun-was-fuer-bienen.de\/archiv-2021\/wp-content\/uploads\/sites\/3\/2021\/07\/WhatsApp-Image-2021-07-17-at-16.22.01-150x150.jpeg\" class=\"attachment-thumbnail size-thumbnail\" alt=\"\" loading=\"lazy\" \/><\/a><\/span><span><a href=\"https:\/\/wettbewerb-archiv.wir-tun-was-fuer-bienen.de\/archiv-2021\/eintrag\/singerhof\/\"><img decoding=\"async\" width=\"150\" height=\"150\" src=\"https:\/\/wettbewerb-archiv.wir-tun-was-fuer-bienen.de\/archiv-2021\/wp-content\/uploads\/sites\/3\/2021\/07\/WhatsApp-Image-2021-07-17-at-16.21.42-150x150.jpeg\" class=\"attachment-thumbnail size-thumbnail\" alt=\"\" loading=\"lazy\" \/><\/a><\/span><span><a href=\"https:\/\/wettbewerb-archiv.wir-tun-was-fuer-bienen.de\/archiv-2021\/eintrag\/singerhof\/\"><img decoding=\"async\" width=\"150\" height=\"150\" src=\"https:\/\/wettbewerb-archiv.wir-tun-was-fuer-bienen.de\/archiv-2021\/wp-content\/uploads\/sites\/3\/2021\/07\/WhatsApp-Image-2021-07-17-at-16.21.58-150x150.jpeg\" class=\"attachment-thumbnail size-thumbnail\" alt=\"\" loading=\"lazy\" \/><\/a><\/span><span><a href=\"https:\/\/wettbewerb-archiv.wir-tun-was-fuer-bienen.de\/archiv-2021\/eintrag\/singerhof\/\"><img decoding=\"async\" width=\"150\" height=\"150\" src=\"https:\/\/wettbewerb-archiv.wir-tun-was-fuer-bienen.de\/archiv-2021\/wp-content\/uploads\/sites\/3\/2021\/07\/WhatsApp-Image-2021-07-17-at-16.21.43-150x150.jpeg\" class=\"attachment-thumbnail size-thumbnail\" alt=\"\" loading=\"lazy\" \/><\/a><\/span><\/div>\n\n    <div class=\"user flex\">\n        \n                    <img decoding=\"async\" src=\"https:\/\/wettbewerb-archiv.wir-tun-was-fuer-bienen.de\/archiv-2021\/wp-content\/themes\/bienen\/assets\/images\/avatar-placeholder.png\" style=\"border-radius: 30px;\" height=\"30\" width=\"30\">\n            Johanna Schubert            <\/div>\n    \n    \n            <p class=\"categories meta\" style=\"width: 100%\"><span class=\"fa fa-tag\"\n                                                             aria-hidden=\"true\"><\/span> Privatg\u00e4rten und G\u00e4rten von Mietwohnungen (kleiner als 500 Quadratmeter)        <\/p>\n    \n            <p class=\"categories meta\" style=\"width: 100%\"><span class=\"fa fa-map-marker\"\n                                                             aria-hidden=\"true\"><\/span> Berlin        <\/p>\n    \n<\/article>\n   \n\t\t\n          <article id=\"post-51125\" class=\"et_pb_post post-51125 wtwfb_entry type-wtwfb_entry status-publish hentry wtwfb_category-kleingartenwesen-parzellen-und-gemeinschaftsgaerten wtwfb_region-nordrhein-westfalen\">\n    <h2 class=\"entry-title\"><a href=\"https:\/\/wettbewerb-archiv.wir-tun-was-fuer-bienen.de\/archiv-2021\/eintrag\/bienen-und-hummelmagnet\/\">Bienen und Hummelmagnet<\/a>\n    <\/h2>\n    <a href=\"https:\/\/wettbewerb-archiv.wir-tun-was-fuer-bienen.de\/archiv-2021\/eintrag\/bienen-und-hummelmagnet\/\">\n        <div class=\"bienen-entry-image\">\n                                <\/div>\n    <\/a>\n\n    <div class=\"images-grid\"><\/div>\n\n    <div class=\"user flex\">\n        \n                    <img decoding=\"async\" src=\"https:\/\/wettbewerb-archiv.wir-tun-was-fuer-bienen.de\/archiv-2021\/wp-content\/themes\/bienen\/assets\/images\/avatar-placeholder.png\" style=\"border-radius: 30px;\" height=\"30\" width=\"30\">\n            Ulrike Faulstich            <\/div>\n    \n    \n            <p class=\"categories meta\" style=\"width: 100%\"><span class=\"fa fa-tag\"\n                                                             aria-hidden=\"true\"><\/span> Kleingartenwesen: Parzellen und Gemeinschaftsg\u00e4rten        <\/p>\n    \n            <p class=\"categories meta\" style=\"width: 100%\"><span class=\"fa fa-map-marker\"\n                                                             aria-hidden=\"true\"><\/span> Nordrhein-Westfalen        <\/p>\n    \n<\/article>\n   \n\t\t\n          <article id=\"post-51048\" class=\"et_pb_post post-51048 wtwfb_entry type-wtwfb_entry status-publish has-post-thumbnail hentry wtwfb_category-schul-und-jugendclub-gaerten wtwfb_region-baden-wuerttemberg\">\n    <h2 class=\"entry-title\"><a href=\"https:\/\/wettbewerb-archiv.wir-tun-was-fuer-bienen.de\/archiv-2021\/eintrag\/bienenprojekt-sonnenhofschule-schuelerinnen-unterstuetzen-bienen-mehrperspektivisch\/\">Damit es wieder mehr summt und brummt: Bienenprojekt de...<\/a>\n    <\/h2>\n    <a href=\"https:\/\/wettbewerb-archiv.wir-tun-was-fuer-bienen.de\/archiv-2021\/eintrag\/bienenprojekt-sonnenhofschule-schuelerinnen-unterstuetzen-bienen-mehrperspektivisch\/\">\n        <div class=\"bienen-entry-image\">\n            <img decoding=\"async\" width=\"400\" height=\"300\" src=\"https:\/\/wettbewerb-archiv.wir-tun-was-fuer-bienen.de\/archiv-2021\/wp-content\/uploads\/sites\/3\/2021\/07\/IMG_7502-400x300.jpg\" class=\"attachment-bienen-grid-thumb size-bienen-grid-thumb wp-post-image\" alt=\"\" loading=\"lazy\" \/>                    <\/div>\n    <\/a>\n\n    <div class=\"images-grid\"><span><a href=\"https:\/\/wettbewerb-archiv.wir-tun-was-fuer-bienen.de\/archiv-2021\/eintrag\/bienenprojekt-sonnenhofschule-schuelerinnen-unterstuetzen-bienen-mehrperspektivisch\/\"><img decoding=\"async\" width=\"150\" height=\"150\" src=\"https:\/\/wettbewerb-archiv.wir-tun-was-fuer-bienen.de\/archiv-2021\/wp-content\/uploads\/sites\/3\/2021\/07\/IMG_20210520_134459-150x150.jpg\" class=\"attachment-thumbnail size-thumbnail\" alt=\"\" loading=\"lazy\" \/><\/a><\/span><span><a href=\"https:\/\/wettbewerb-archiv.wir-tun-was-fuer-bienen.de\/archiv-2021\/eintrag\/bienenprojekt-sonnenhofschule-schuelerinnen-unterstuetzen-bienen-mehrperspektivisch\/\"><img decoding=\"async\" width=\"150\" height=\"150\" src=\"https:\/\/wettbewerb-archiv.wir-tun-was-fuer-bienen.de\/archiv-2021\/wp-content\/uploads\/sites\/3\/2021\/07\/IMG_20210520_134737-150x150.jpg\" class=\"attachment-thumbnail size-thumbnail\" alt=\"\" loading=\"lazy\" \/><\/a><\/span><span><a href=\"https:\/\/wettbewerb-archiv.wir-tun-was-fuer-bienen.de\/archiv-2021\/eintrag\/bienenprojekt-sonnenhofschule-schuelerinnen-unterstuetzen-bienen-mehrperspektivisch\/\"><img decoding=\"async\" width=\"150\" height=\"150\" src=\"https:\/\/wettbewerb-archiv.wir-tun-was-fuer-bienen.de\/archiv-2021\/wp-content\/uploads\/sites\/3\/2021\/07\/IMG_20210520_135831-150x150.jpg\" class=\"attachment-thumbnail size-thumbnail\" alt=\"\" loading=\"lazy\" \/><\/a><\/span><span><a href=\"https:\/\/wettbewerb-archiv.wir-tun-was-fuer-bienen.de\/archiv-2021\/eintrag\/bienenprojekt-sonnenhofschule-schuelerinnen-unterstuetzen-bienen-mehrperspektivisch\/\"><img decoding=\"async\" width=\"150\" height=\"150\" src=\"https:\/\/wettbewerb-archiv.wir-tun-was-fuer-bienen.de\/archiv-2021\/wp-content\/uploads\/sites\/3\/2021\/07\/IMG_20210521_151628-150x150.jpg\" class=\"attachment-thumbnail size-thumbnail\" alt=\"\" loading=\"lazy\" \/><\/a><\/span><\/div>\n\n    <div class=\"user flex\">\n        \n                    <img decoding=\"async\" src=\"https:\/\/wettbewerb-archiv.wir-tun-was-fuer-bienen.de\/archiv-2021\/wp-content\/themes\/bienen\/assets\/images\/avatar-placeholder.png\" style=\"border-radius: 30px;\" height=\"30\" width=\"30\">\n            Bienenprojekt der Sonnenhofschule (Jana Schwiertz)            <\/div>\n    \n    <p class=\"categories meta bienen-gewinner\"><span class=\"fa fa-trophy\"                                                              aria-hidden=\"true\"><\/span> Gewinner<\/p>\n            <p class=\"categories meta\" style=\"width: 100%\"><span class=\"fa fa-tag\"\n                                                             aria-hidden=\"true\"><\/span> Schul- und Jugendclub-G\u00e4rten        <\/p>\n    \n            <p class=\"categories meta\" style=\"width: 100%\"><span class=\"fa fa-map-marker\"\n                                                             aria-hidden=\"true\"><\/span> Baden-W\u00fcrttemberg        <\/p>\n    \n<\/article>\n   \n\t\t\n          <article id=\"post-50945\" class=\"et_pb_post post-50945 wtwfb_entry type-wtwfb_entry status-publish has-post-thumbnail hentry wtwfb_category-kommunale-flaechen-parks-baumscheiben wtwfb_region-berlin\">\n    <h2 class=\"entry-title\"><a href=\"https:\/\/wettbewerb-archiv.wir-tun-was-fuer-bienen.de\/archiv-2021\/eintrag\/karge-baumscheibe-wird-zum-woelkchen\/\">Karge Baumscheibe wird zum W\u00f6lkchen<\/a>\n    <\/h2>\n    <a href=\"https:\/\/wettbewerb-archiv.wir-tun-was-fuer-bienen.de\/archiv-2021\/eintrag\/karge-baumscheibe-wird-zum-woelkchen\/\">\n        <div class=\"bienen-entry-image\">\n            <img decoding=\"async\" width=\"400\" height=\"300\" src=\"https:\/\/wettbewerb-archiv.wir-tun-was-fuer-bienen.de\/archiv-2021\/wp-content\/uploads\/sites\/3\/2021\/07\/IMG_8624-400x300.jpg\" class=\"attachment-bienen-grid-thumb size-bienen-grid-thumb wp-post-image\" alt=\"\" loading=\"lazy\" \/>                    <\/div>\n    <\/a>\n\n    <div class=\"images-grid\"><span><a href=\"https:\/\/wettbewerb-archiv.wir-tun-was-fuer-bienen.de\/archiv-2021\/eintrag\/karge-baumscheibe-wird-zum-woelkchen\/\"><img decoding=\"async\" width=\"150\" height=\"150\" src=\"https:\/\/wettbewerb-archiv.wir-tun-was-fuer-bienen.de\/archiv-2021\/wp-content\/uploads\/sites\/3\/2021\/07\/IMG_6968-1-150x150.jpg\" class=\"attachment-thumbnail size-thumbnail\" alt=\"\" loading=\"lazy\" \/><\/a><\/span><\/div>\n\n    <div class=\"user flex\">\n        \n                    <img decoding=\"async\" src=\"https:\/\/wettbewerb-archiv.wir-tun-was-fuer-bienen.de\/archiv-2021\/wp-content\/themes\/bienen\/assets\/images\/avatar-placeholder.png\" style=\"border-radius: 30px;\" height=\"30\" width=\"30\">\n            Summgebrumm            <\/div>\n    \n    \n            <p class=\"categories meta\" style=\"width: 100%\"><span class=\"fa fa-tag\"\n                                                             aria-hidden=\"true\"><\/span> Kommunale Fl\u00e4chen, Parks, Baumscheiben        <\/p>\n    \n            <p class=\"categories meta\" style=\"width: 100%\"><span class=\"fa fa-map-marker\"\n                                                             aria-hidden=\"true\"><\/span> Berlin        <\/p>\n    \n<\/article>\n   \n\t\t\n          <article id=\"post-50835\" class=\"et_pb_post post-50835 wtwfb_entry type-wtwfb_entry status-publish has-post-thumbnail hentry wtwfb_category-kita-und-kindergartengaerten wtwfb_region-baden-wuerttemberg\">\n    <h2 class=\"entry-title\"><a href=\"https:\/\/wettbewerb-archiv.wir-tun-was-fuer-bienen.de\/archiv-2021\/eintrag\/blumenbeete-nasch-und-nutzgaerten-im-wertheimer-waldkindergarten\/\">Blumenbeete, Nasch- und Nutzg\u00e4rten im Wertheimer Waldk...<\/a>\n    <\/h2>\n    <a href=\"https:\/\/wettbewerb-archiv.wir-tun-was-fuer-bienen.de\/archiv-2021\/eintrag\/blumenbeete-nasch-und-nutzgaerten-im-wertheimer-waldkindergarten\/\">\n        <div class=\"bienen-entry-image\">\n            <img decoding=\"async\" width=\"400\" height=\"300\" src=\"https:\/\/wettbewerb-archiv.wir-tun-was-fuer-bienen.de\/archiv-2021\/wp-content\/uploads\/sites\/3\/2021\/07\/IMG_6871-400x300.jpg\" class=\"attachment-bienen-grid-thumb size-bienen-grid-thumb wp-post-image\" alt=\"\" loading=\"lazy\" \/>                    <\/div>\n    <\/a>\n\n    <div class=\"images-grid\"><span><a href=\"https:\/\/wettbewerb-archiv.wir-tun-was-fuer-bienen.de\/archiv-2021\/eintrag\/blumenbeete-nasch-und-nutzgaerten-im-wertheimer-waldkindergarten\/\"><img decoding=\"async\" width=\"150\" height=\"150\" src=\"https:\/\/wettbewerb-archiv.wir-tun-was-fuer-bienen.de\/archiv-2021\/wp-content\/uploads\/sites\/3\/2021\/07\/IMG_5579-150x150.jpg\" class=\"attachment-thumbnail size-thumbnail\" alt=\"\" loading=\"lazy\" \/><\/a><\/span><span><a href=\"https:\/\/wettbewerb-archiv.wir-tun-was-fuer-bienen.de\/archiv-2021\/eintrag\/blumenbeete-nasch-und-nutzgaerten-im-wertheimer-waldkindergarten\/\"><img decoding=\"async\" width=\"150\" height=\"150\" src=\"https:\/\/wettbewerb-archiv.wir-tun-was-fuer-bienen.de\/archiv-2021\/wp-content\/uploads\/sites\/3\/2021\/07\/IMG_5598-150x150.jpg\" class=\"attachment-thumbnail size-thumbnail\" alt=\"\" loading=\"lazy\" \/><\/a><\/span><span><a href=\"https:\/\/wettbewerb-archiv.wir-tun-was-fuer-bienen.de\/archiv-2021\/eintrag\/blumenbeete-nasch-und-nutzgaerten-im-wertheimer-waldkindergarten\/\"><img decoding=\"async\" width=\"150\" height=\"150\" src=\"https:\/\/wettbewerb-archiv.wir-tun-was-fuer-bienen.de\/archiv-2021\/wp-content\/uploads\/sites\/3\/2021\/07\/IMG_7067-150x150.jpg\" class=\"attachment-thumbnail size-thumbnail\" alt=\"\" loading=\"lazy\" \/><\/a><\/span><span><a href=\"https:\/\/wettbewerb-archiv.wir-tun-was-fuer-bienen.de\/archiv-2021\/eintrag\/blumenbeete-nasch-und-nutzgaerten-im-wertheimer-waldkindergarten\/\"><img decoding=\"async\" width=\"150\" height=\"150\" src=\"https:\/\/wettbewerb-archiv.wir-tun-was-fuer-bienen.de\/archiv-2021\/wp-content\/uploads\/sites\/3\/2021\/07\/IMG_7023-150x150.jpg\" class=\"attachment-thumbnail size-thumbnail\" alt=\"\" loading=\"lazy\" \/><\/a><\/span><\/div>\n\n    <div class=\"user flex\">\n        \n                    <img decoding=\"async\" src=\"https:\/\/wettbewerb-archiv.wir-tun-was-fuer-bienen.de\/archiv-2021\/wp-content\/themes\/bienen\/assets\/images\/avatar-placeholder.png\" style=\"border-radius: 30px;\" height=\"30\" width=\"30\">\n            Waldkindergarten Wertheim e.V.            <\/div>\n    \n    \n            <p class=\"categories meta\" style=\"width: 100%\"><span class=\"fa fa-tag\"\n                                                             aria-hidden=\"true\"><\/span> Kita- und Kindergarteng\u00e4rten        <\/p>\n    \n            <p class=\"categories meta\" style=\"width: 100%\"><span class=\"fa fa-map-marker\"\n                                                             aria-hidden=\"true\"><\/span> Baden-W\u00fcrttemberg        <\/p>\n    \n<\/article>\n   \n\t\t\n          <article id=\"post-50810\" class=\"et_pb_post post-50810 wtwfb_entry type-wtwfb_entry status-publish has-post-thumbnail hentry wtwfb_category-privatgaerten-und-gaerten-von-mietwohnungen-kleiner-500-quadratmeter wtwfb_region-nordrhein-westfalen\">\n    <h2 class=\"entry-title\"><a href=\"https:\/\/wettbewerb-archiv.wir-tun-was-fuer-bienen.de\/archiv-2021\/eintrag\/eine-tuete-saatgut\/\">Eine T\u00fcte Saatgut<\/a>\n    <\/h2>\n    <a href=\"https:\/\/wettbewerb-archiv.wir-tun-was-fuer-bienen.de\/archiv-2021\/eintrag\/eine-tuete-saatgut\/\">\n        <div class=\"bienen-entry-image\">\n            <img decoding=\"async\" width=\"400\" height=\"300\" src=\"https:\/\/wettbewerb-archiv.wir-tun-was-fuer-bienen.de\/archiv-2021\/wp-content\/uploads\/sites\/3\/2021\/07\/IMG_20210711_162208-400x300.jpg\" class=\"attachment-bienen-grid-thumb size-bienen-grid-thumb wp-post-image\" alt=\"\" loading=\"lazy\" \/>                    <\/div>\n    <\/a>\n\n    <div class=\"images-grid\"><\/div>\n\n    <div class=\"user flex\">\n        \n                    <img decoding=\"async\" src=\"https:\/\/wettbewerb-archiv.wir-tun-was-fuer-bienen.de\/archiv-2021\/wp-content\/themes\/bienen\/assets\/images\/avatar-placeholder.png\" style=\"border-radius: 30px;\" height=\"30\" width=\"30\">\n            Marion Gewers            <\/div>\n    \n    \n            <p class=\"categories meta\" style=\"width: 100%\"><span class=\"fa fa-tag\"\n                                                             aria-hidden=\"true\"><\/span> Privatg\u00e4rten und G\u00e4rten von Mietwohnungen (kleiner als 500 Quadratmeter)        <\/p>\n    \n            <p class=\"categories meta\" style=\"width: 100%\"><span class=\"fa fa-map-marker\"\n                                                             aria-hidden=\"true\"><\/span> Nordrhein-Westfalen        <\/p>\n    \n<\/article>\n   \n\t\t\n          <article id=\"post-50795\" class=\"et_pb_post post-50795 wtwfb_entry type-wtwfb_entry status-publish has-post-thumbnail hentry wtwfb_category-schul-und-jugendclub-gaerten wtwfb_region-nordrhein-westfalen\">\n    <h2 class=\"entry-title\"><a href=\"https:\/\/wettbewerb-archiv.wir-tun-was-fuer-bienen.de\/archiv-2021\/eintrag\/bei-den-boellis-brummt-es\/\">Bei den &#8222;B\u00f6llis&#8220; brummt es<\/a>\n    <\/h2>\n    <a href=\"https:\/\/wettbewerb-archiv.wir-tun-was-fuer-bienen.de\/archiv-2021\/eintrag\/bei-den-boellis-brummt-es\/\">\n        <div class=\"bienen-entry-image\">\n            <img decoding=\"async\" width=\"400\" height=\"300\" src=\"https:\/\/wettbewerb-archiv.wir-tun-was-fuer-bienen.de\/archiv-2021\/wp-content\/uploads\/sites\/3\/2021\/07\/DSC02573-400x300.jpg\" class=\"attachment-bienen-grid-thumb size-bienen-grid-thumb wp-post-image\" alt=\"\" loading=\"lazy\" \/>                    <\/div>\n    <\/a>\n\n    <div class=\"images-grid\"><span><a href=\"https:\/\/wettbewerb-archiv.wir-tun-was-fuer-bienen.de\/archiv-2021\/eintrag\/bei-den-boellis-brummt-es\/\"><img decoding=\"async\" width=\"150\" height=\"150\" src=\"https:\/\/wettbewerb-archiv.wir-tun-was-fuer-bienen.de\/archiv-2021\/wp-content\/uploads\/sites\/3\/2021\/07\/DSC02539-150x150.jpg\" class=\"attachment-thumbnail size-thumbnail\" alt=\"\" loading=\"lazy\" \/><\/a><\/span><span><a href=\"https:\/\/wettbewerb-archiv.wir-tun-was-fuer-bienen.de\/archiv-2021\/eintrag\/bei-den-boellis-brummt-es\/\"><img decoding=\"async\" width=\"150\" height=\"150\" src=\"https:\/\/wettbewerb-archiv.wir-tun-was-fuer-bienen.de\/archiv-2021\/wp-content\/uploads\/sites\/3\/2021\/07\/DSC02504-150x150.jpg\" class=\"attachment-thumbnail size-thumbnail\" alt=\"\" loading=\"lazy\" \/><\/a><\/span><span><a href=\"https:\/\/wettbewerb-archiv.wir-tun-was-fuer-bienen.de\/archiv-2021\/eintrag\/bei-den-boellis-brummt-es\/\"><img decoding=\"async\" width=\"150\" height=\"150\" src=\"https:\/\/wettbewerb-archiv.wir-tun-was-fuer-bienen.de\/archiv-2021\/wp-content\/uploads\/sites\/3\/2021\/07\/DSC02577-150x150.jpg\" class=\"attachment-thumbnail size-thumbnail\" alt=\"\" loading=\"lazy\" \/><\/a><\/span><\/div>\n\n    <div class=\"user flex\">\n        \n                    <img decoding=\"async\" src=\"https:\/\/wettbewerb-archiv.wir-tun-was-fuer-bienen.de\/archiv-2021\/wp-content\/themes\/bienen\/assets\/images\/avatar-placeholder.png\" style=\"border-radius: 30px;\" height=\"30\" width=\"30\">\n            Heinrich B\u00f6ll Gesamtschule            <\/div>\n    \n    \n            <p class=\"categories meta\" style=\"width: 100%\"><span class=\"fa fa-tag\"\n                                                             aria-hidden=\"true\"><\/span> Schul- und Jugendclub-G\u00e4rten        <\/p>\n    \n            <p class=\"categories meta\" style=\"width: 100%\"><span class=\"fa fa-map-marker\"\n                                                             aria-hidden=\"true\"><\/span> Nordrhein-Westfalen        <\/p>\n    \n<\/article>\n   \n\t\t\n          <article id=\"post-50631\" class=\"et_pb_post post-50631 wtwfb_entry type-wtwfb_entry status-publish has-post-thumbnail hentry wtwfb_category-privatgaerten-und-gaerten-von-mietwohnungen-groesser-500-quadratmeter wtwfb_region-schleswig-holstein\">\n    <h2 class=\"entry-title\"><a href=\"https:\/\/wettbewerb-archiv.wir-tun-was-fuer-bienen.de\/archiv-2021\/eintrag\/anlegen-einer-blumenwiese-von-februar-2021-bis-juli-2021\/\">Anlegen einer Blumenwiese von Februar 2021 bis Juli 202...<\/a>\n    <\/h2>\n    <a href=\"https:\/\/wettbewerb-archiv.wir-tun-was-fuer-bienen.de\/archiv-2021\/eintrag\/anlegen-einer-blumenwiese-von-februar-2021-bis-juli-2021\/\">\n        <div class=\"bienen-entry-image\">\n            <img decoding=\"async\" width=\"400\" height=\"300\" src=\"https:\/\/wettbewerb-archiv.wir-tun-was-fuer-bienen.de\/archiv-2021\/wp-content\/uploads\/sites\/3\/2021\/07\/IMG_20210623_081153-400x300.jpg\" class=\"attachment-bienen-grid-thumb size-bienen-grid-thumb wp-post-image\" alt=\"\" loading=\"lazy\" \/>                    <\/div>\n    <\/a>\n\n    <div class=\"images-grid\"><span><a href=\"https:\/\/wettbewerb-archiv.wir-tun-was-fuer-bienen.de\/archiv-2021\/eintrag\/anlegen-einer-blumenwiese-von-februar-2021-bis-juli-2021\/\"><img decoding=\"async\" width=\"150\" height=\"150\" src=\"https:\/\/wettbewerb-archiv.wir-tun-was-fuer-bienen.de\/archiv-2021\/wp-content\/uploads\/sites\/3\/2021\/07\/IMG_20210325_140402-150x150.jpg\" class=\"attachment-thumbnail size-thumbnail\" alt=\"\" loading=\"lazy\" \/><\/a><\/span><span><a href=\"https:\/\/wettbewerb-archiv.wir-tun-was-fuer-bienen.de\/archiv-2021\/eintrag\/anlegen-einer-blumenwiese-von-februar-2021-bis-juli-2021\/\"><img decoding=\"async\" width=\"150\" height=\"150\" src=\"https:\/\/wettbewerb-archiv.wir-tun-was-fuer-bienen.de\/archiv-2021\/wp-content\/uploads\/sites\/3\/2021\/07\/IMG_20210325_140440-150x150.jpg\" class=\"attachment-thumbnail size-thumbnail\" alt=\"\" loading=\"lazy\" \/><\/a><\/span><span><a href=\"https:\/\/wettbewerb-archiv.wir-tun-was-fuer-bienen.de\/archiv-2021\/eintrag\/anlegen-einer-blumenwiese-von-februar-2021-bis-juli-2021\/\"><img decoding=\"async\" width=\"150\" height=\"150\" src=\"https:\/\/wettbewerb-archiv.wir-tun-was-fuer-bienen.de\/archiv-2021\/wp-content\/uploads\/sites\/3\/2021\/07\/IMG_20210325_140448-150x150.jpg\" class=\"attachment-thumbnail size-thumbnail\" alt=\"\" loading=\"lazy\" \/><\/a><\/span><span><a href=\"https:\/\/wettbewerb-archiv.wir-tun-was-fuer-bienen.de\/archiv-2021\/eintrag\/anlegen-einer-blumenwiese-von-februar-2021-bis-juli-2021\/\"><img decoding=\"async\" width=\"150\" height=\"150\" src=\"https:\/\/wettbewerb-archiv.wir-tun-was-fuer-bienen.de\/archiv-2021\/wp-content\/uploads\/sites\/3\/2021\/07\/IMG_20210325_143736-150x150.jpg\" class=\"attachment-thumbnail size-thumbnail\" alt=\"\" loading=\"lazy\" \/><\/a><\/span><\/div>\n\n    <div class=\"user flex\">\n        \n                    <img decoding=\"async\" src=\"https:\/\/wettbewerb-archiv.wir-tun-was-fuer-bienen.de\/archiv-2021\/wp-content\/themes\/bienen\/assets\/images\/avatar-placeholder.png\" style=\"border-radius: 30px;\" height=\"30\" width=\"30\">\n            Hartmut Schr\u00f6der            <\/div>\n    \n    \n            <p class=\"categories meta\" style=\"width: 100%\"><span class=\"fa fa-tag\"\n                                                             aria-hidden=\"true\"><\/span> Privatg\u00e4rten und G\u00e4rten von Mietwohnungen (gr\u00f6\u00dfer als 500 Quadratmeter)        <\/p>\n    \n            <p class=\"categories meta\" style=\"width: 100%\"><span class=\"fa fa-map-marker\"\n                                                             aria-hidden=\"true\"><\/span> Schleswig-Holstein        <\/p>\n    \n<\/article>\n   \n\t\t\n          <article id=\"post-50606\" class=\"et_pb_post post-50606 wtwfb_entry type-wtwfb_entry status-publish has-post-thumbnail hentry wtwfb_category-balkone-terrassen-dachbegruenung-vertikale-gaerten wtwfb_region-bayern\">\n    <h2 class=\"entry-title\"><a href=\"https:\/\/wettbewerb-archiv.wir-tun-was-fuer-bienen.de\/archiv-2021\/eintrag\/koenigskerze\/\">K\u00f6nigskerze<\/a>\n    <\/h2>\n    <a href=\"https:\/\/wettbewerb-archiv.wir-tun-was-fuer-bienen.de\/archiv-2021\/eintrag\/koenigskerze\/\">\n        <div class=\"bienen-entry-image\">\n            <img decoding=\"async\" width=\"400\" height=\"300\" src=\"https:\/\/wettbewerb-archiv.wir-tun-was-fuer-bienen.de\/archiv-2021\/wp-content\/uploads\/sites\/3\/2021\/07\/koenigskerze_omi_opi-400x300.jpg\" class=\"attachment-bienen-grid-thumb size-bienen-grid-thumb wp-post-image\" alt=\"\" loading=\"lazy\" \/>                    <\/div>\n    <\/a>\n\n    <div class=\"images-grid\"><\/div>\n\n    <div class=\"user flex\">\n        \n                    <img decoding=\"async\" src=\"https:\/\/wettbewerb-archiv.wir-tun-was-fuer-bienen.de\/archiv-2021\/wp-content\/themes\/bienen\/assets\/images\/avatar-placeholder.png\" style=\"border-radius: 30px;\" height=\"30\" width=\"30\">\n            Omi & Opi            <\/div>\n    \n    \n            <p class=\"categories meta\" style=\"width: 100%\"><span class=\"fa fa-tag\"\n                                                             aria-hidden=\"true\"><\/span> Balkone, Terrassen, Dachbegr\u00fcnung, vertikale G\u00e4rten        <\/p>\n    \n            <p class=\"categories meta\" style=\"width: 100%\"><span class=\"fa fa-map-marker\"\n                                                             aria-hidden=\"true\"><\/span> Bayern        <\/p>\n    \n<\/article>\n   \n\t\t\n          <article id=\"post-50574\" class=\"et_pb_post post-50574 wtwfb_entry type-wtwfb_entry status-publish has-post-thumbnail hentry wtwfb_category-kita-und-kindergartengaerten wtwfb_region-sachsen-anhalt\">\n    <h2 class=\"entry-title\"><a href=\"https:\/\/wettbewerb-archiv.wir-tun-was-fuer-bienen.de\/archiv-2021\/eintrag\/deutschland-summt-und-das-nun-auch-in-der-kita-spatennest-in-bad-duerrenberg\/\">Deutschland summt und das nun auch in der Kita Spatzenn...<\/a>\n    <\/h2>\n    <a href=\"https:\/\/wettbewerb-archiv.wir-tun-was-fuer-bienen.de\/archiv-2021\/eintrag\/deutschland-summt-und-das-nun-auch-in-der-kita-spatennest-in-bad-duerrenberg\/\">\n        <div class=\"bienen-entry-image\">\n            <img decoding=\"async\" width=\"400\" height=\"300\" src=\"https:\/\/wettbewerb-archiv.wir-tun-was-fuer-bienen.de\/archiv-2021\/wp-content\/uploads\/sites\/3\/2021\/07\/4-3-400x300.jpg\" class=\"attachment-bienen-grid-thumb size-bienen-grid-thumb wp-post-image\" alt=\"\" loading=\"lazy\" \/>                    <\/div>\n    <\/a>\n\n    <div class=\"images-grid\"><span><a href=\"https:\/\/wettbewerb-archiv.wir-tun-was-fuer-bienen.de\/archiv-2021\/eintrag\/deutschland-summt-und-das-nun-auch-in-der-kita-spatennest-in-bad-duerrenberg\/\"><img decoding=\"async\" width=\"150\" height=\"150\" src=\"https:\/\/wettbewerb-archiv.wir-tun-was-fuer-bienen.de\/archiv-2021\/wp-content\/uploads\/sites\/3\/2021\/07\/IMG_2397-150x150.jpg\" class=\"attachment-thumbnail size-thumbnail\" alt=\"\" loading=\"lazy\" \/><\/a><\/span><span><a href=\"https:\/\/wettbewerb-archiv.wir-tun-was-fuer-bienen.de\/archiv-2021\/eintrag\/deutschland-summt-und-das-nun-auch-in-der-kita-spatennest-in-bad-duerrenberg\/\"><img decoding=\"async\" width=\"150\" height=\"150\" src=\"https:\/\/wettbewerb-archiv.wir-tun-was-fuer-bienen.de\/archiv-2021\/wp-content\/uploads\/sites\/3\/2021\/07\/t3-150x150.jpg\" class=\"attachment-thumbnail size-thumbnail\" alt=\"\" loading=\"lazy\" \/><\/a><\/span><span><a href=\"https:\/\/wettbewerb-archiv.wir-tun-was-fuer-bienen.de\/archiv-2021\/eintrag\/deutschland-summt-und-das-nun-auch-in-der-kita-spatennest-in-bad-duerrenberg\/\"><img decoding=\"async\" width=\"150\" height=\"150\" src=\"https:\/\/wettbewerb-archiv.wir-tun-was-fuer-bienen.de\/archiv-2021\/wp-content\/uploads\/sites\/3\/2021\/07\/IMG_2503-150x150.jpg\" class=\"attachment-thumbnail size-thumbnail\" alt=\"\" loading=\"lazy\" \/><\/a><\/span><span><a href=\"https:\/\/wettbewerb-archiv.wir-tun-was-fuer-bienen.de\/archiv-2021\/eintrag\/deutschland-summt-und-das-nun-auch-in-der-kita-spatennest-in-bad-duerrenberg\/\"><img decoding=\"async\" width=\"150\" height=\"150\" src=\"https:\/\/wettbewerb-archiv.wir-tun-was-fuer-bienen.de\/archiv-2021\/wp-content\/uploads\/sites\/3\/2021\/07\/IMG_2515-150x150.jpg\" class=\"attachment-thumbnail size-thumbnail\" alt=\"\" loading=\"lazy\" \/><\/a><\/span><\/div>\n\n    <div class=\"user flex\">\n        \n                    <img decoding=\"async\" src=\"https:\/\/wettbewerb-archiv.wir-tun-was-fuer-bienen.de\/archiv-2021\/wp-content\/themes\/bienen\/assets\/images\/avatar-placeholder.png\" style=\"border-radius: 30px;\" height=\"30\" width=\"30\">\n            Kita \" Spatzennest\" Bad D\u00fcrrenberg            <\/div>\n    \n    \n            <p class=\"categories meta\" style=\"width: 100%\"><span class=\"fa fa-tag\"\n                                                             aria-hidden=\"true\"><\/span> Kita- und Kindergarteng\u00e4rten        <\/p>\n    \n            <p class=\"categories meta\" style=\"width: 100%\"><span class=\"fa fa-map-marker\"\n                                                             aria-hidden=\"true\"><\/span> Sachsen-Anhalt        <\/p>\n    \n<\/article>\n   \n\t\t\n          <article id=\"post-50548\" class=\"et_pb_post post-50548 wtwfb_entry type-wtwfb_entry status-publish has-post-thumbnail hentry wtwfb_category-balkone-terrassen-dachbegruenung-vertikale-gaerten wtwfb_region-hessen\">\n    <h2 class=\"entry-title\"><a href=\"https:\/\/wettbewerb-archiv.wir-tun-was-fuer-bienen.de\/archiv-2021\/eintrag\/betonierten-hof-kann-ein-insektenparadies-sein\/\">betonierter Hof kann ein Insektenparadies sein<\/a>\n    <\/h2>\n    <a href=\"https:\/\/wettbewerb-archiv.wir-tun-was-fuer-bienen.de\/archiv-2021\/eintrag\/betonierten-hof-kann-ein-insektenparadies-sein\/\">\n        <div class=\"bienen-entry-image\">\n            <img decoding=\"async\" width=\"400\" height=\"300\" src=\"https:\/\/wettbewerb-archiv.wir-tun-was-fuer-bienen.de\/archiv-2021\/wp-content\/uploads\/sites\/3\/2021\/07\/41_-1-400x300.jpg\" class=\"attachment-bienen-grid-thumb size-bienen-grid-thumb wp-post-image\" alt=\"\" loading=\"lazy\" \/>                    <\/div>\n    <\/a>\n\n    <div class=\"images-grid\"><span><a href=\"https:\/\/wettbewerb-archiv.wir-tun-was-fuer-bienen.de\/archiv-2021\/eintrag\/betonierten-hof-kann-ein-insektenparadies-sein\/\"><img decoding=\"async\" width=\"150\" height=\"150\" src=\"https:\/\/wettbewerb-archiv.wir-tun-was-fuer-bienen.de\/archiv-2021\/wp-content\/uploads\/sites\/3\/2021\/07\/Ute_-150x150.jpg\" class=\"attachment-thumbnail size-thumbnail\" alt=\"\" loading=\"lazy\" \/><\/a><\/span><span><a href=\"https:\/\/wettbewerb-archiv.wir-tun-was-fuer-bienen.de\/archiv-2021\/eintrag\/betonierten-hof-kann-ein-insektenparadies-sein\/\"><img decoding=\"async\" width=\"150\" height=\"150\" src=\"https:\/\/wettbewerb-archiv.wir-tun-was-fuer-bienen.de\/archiv-2021\/wp-content\/uploads\/sites\/3\/2021\/07\/Saatgut_-150x150.jpg\" class=\"attachment-thumbnail size-thumbnail\" alt=\"\" loading=\"lazy\" \/><\/a><\/span><span><a href=\"https:\/\/wettbewerb-archiv.wir-tun-was-fuer-bienen.de\/archiv-2021\/eintrag\/betonierten-hof-kann-ein-insektenparadies-sein\/\"><img decoding=\"async\" width=\"150\" height=\"150\" src=\"https:\/\/wettbewerb-archiv.wir-tun-was-fuer-bienen.de\/archiv-2021\/wp-content\/uploads\/sites\/3\/2021\/07\/wild_Tulpe-150x150.jpg\" class=\"attachment-thumbnail size-thumbnail\" alt=\"\" loading=\"lazy\" \/><\/a><\/span><span><a href=\"https:\/\/wettbewerb-archiv.wir-tun-was-fuer-bienen.de\/archiv-2021\/eintrag\/betonierten-hof-kann-ein-insektenparadies-sein\/\"><img decoding=\"async\" width=\"150\" height=\"150\" src=\"https:\/\/wettbewerb-archiv.wir-tun-was-fuer-bienen.de\/archiv-2021\/wp-content\/uploads\/sites\/3\/2021\/07\/krause_Tulpe-150x150.jpg\" class=\"attachment-thumbnail size-thumbnail\" alt=\"\" loading=\"lazy\" \/><\/a><\/span><\/div>\n\n    <div class=\"user flex\">\n        \n                    <img decoding=\"async\" src=\"https:\/\/wettbewerb-archiv.wir-tun-was-fuer-bienen.de\/archiv-2021\/wp-content\/themes\/bienen\/assets\/images\/avatar-placeholder.png\" style=\"border-radius: 30px;\" height=\"30\" width=\"30\">\n            Ute            <\/div>\n    \n    \n            <p class=\"categories meta\" style=\"width: 100%\"><span class=\"fa fa-tag\"\n                                                             aria-hidden=\"true\"><\/span> Balkone, Terrassen, Dachbegr\u00fcnung, vertikale G\u00e4rten        <\/p>\n    \n            <p class=\"categories meta\" style=\"width: 100%\"><span class=\"fa fa-map-marker\"\n                                                             aria-hidden=\"true\"><\/span> Hessen        <\/p>\n    \n<\/article>\n   \n\t\t\n          <article id=\"post-50348\" class=\"et_pb_post post-50348 wtwfb_entry type-wtwfb_entry status-publish has-post-thumbnail hentry wtwfb_category-schul-und-jugendclub-gaerten wtwfb_region-baden-wuerttemberg\">\n    <h2 class=\"entry-title\"><a href=\"https:\/\/wettbewerb-archiv.wir-tun-was-fuer-bienen.de\/archiv-2021\/eintrag\/die-idee-hinter-dem-schulprojekt\/\">Bienenfreundlicher Schulhof &#8211; Die Idee hinter dem...<\/a>\n    <\/h2>\n    <a href=\"https:\/\/wettbewerb-archiv.wir-tun-was-fuer-bienen.de\/archiv-2021\/eintrag\/die-idee-hinter-dem-schulprojekt\/\">\n        <div class=\"bienen-entry-image\">\n            <img decoding=\"async\" width=\"400\" height=\"300\" src=\"https:\/\/wettbewerb-archiv.wir-tun-was-fuer-bienen.de\/archiv-2021\/wp-content\/uploads\/sites\/3\/2021\/07\/IMG_2812-400x300.jpg\" class=\"attachment-bienen-grid-thumb size-bienen-grid-thumb wp-post-image\" alt=\"\" loading=\"lazy\" \/>                    <\/div>\n    <\/a>\n\n    <div class=\"images-grid\"><span><a href=\"https:\/\/wettbewerb-archiv.wir-tun-was-fuer-bienen.de\/archiv-2021\/eintrag\/die-idee-hinter-dem-schulprojekt\/\"><img decoding=\"async\" width=\"150\" height=\"150\" src=\"https:\/\/wettbewerb-archiv.wir-tun-was-fuer-bienen.de\/archiv-2021\/wp-content\/uploads\/sites\/3\/2021\/07\/100_3943-150x150.jpg\" class=\"attachment-thumbnail size-thumbnail\" alt=\"\" loading=\"lazy\" \/><\/a><\/span><span><a href=\"https:\/\/wettbewerb-archiv.wir-tun-was-fuer-bienen.de\/archiv-2021\/eintrag\/die-idee-hinter-dem-schulprojekt\/\"><img decoding=\"async\" width=\"150\" height=\"150\" src=\"https:\/\/wettbewerb-archiv.wir-tun-was-fuer-bienen.de\/archiv-2021\/wp-content\/uploads\/sites\/3\/2021\/07\/IMG_2175-min-150x150.jpg\" class=\"attachment-thumbnail size-thumbnail\" alt=\"\" loading=\"lazy\" \/><\/a><\/span><span><a href=\"https:\/\/wettbewerb-archiv.wir-tun-was-fuer-bienen.de\/archiv-2021\/eintrag\/die-idee-hinter-dem-schulprojekt\/\"><img decoding=\"async\" width=\"150\" height=\"150\" src=\"https:\/\/wettbewerb-archiv.wir-tun-was-fuer-bienen.de\/archiv-2021\/wp-content\/uploads\/sites\/3\/2021\/07\/100_3955-150x150.jpg\" class=\"attachment-thumbnail size-thumbnail\" alt=\"\" loading=\"lazy\" \/><\/a><\/span><span><a href=\"https:\/\/wettbewerb-archiv.wir-tun-was-fuer-bienen.de\/archiv-2021\/eintrag\/die-idee-hinter-dem-schulprojekt\/\"><img decoding=\"async\" width=\"150\" height=\"150\" src=\"https:\/\/wettbewerb-archiv.wir-tun-was-fuer-bienen.de\/archiv-2021\/wp-content\/uploads\/sites\/3\/2021\/07\/IMG_2178-min-150x150.jpg\" class=\"attachment-thumbnail size-thumbnail\" alt=\"\" loading=\"lazy\" \/><\/a><\/span><\/div>\n\n    <div class=\"user flex\">\n        \n                    <img decoding=\"async\" src=\"https:\/\/wettbewerb-archiv.wir-tun-was-fuer-bienen.de\/archiv-2021\/wp-content\/themes\/bienen\/assets\/images\/avatar-placeholder.png\" style=\"border-radius: 30px;\" height=\"30\" width=\"30\">\n            Astrid-Lindgren-Schule (Mannheim)            <\/div>\n    \n    \n            <p class=\"categories meta\" style=\"width: 100%\"><span class=\"fa fa-tag\"\n                                                             aria-hidden=\"true\"><\/span> Schul- und Jugendclub-G\u00e4rten        <\/p>\n    \n            <p class=\"categories meta\" style=\"width: 100%\"><span class=\"fa fa-map-marker\"\n                                                             aria-hidden=\"true\"><\/span> Baden-W\u00fcrttemberg        <\/p>\n    \n<\/article>\n   \n\t\t\n          <article id=\"post-50223\" class=\"et_pb_post post-50223 wtwfb_entry type-wtwfb_entry status-publish has-post-thumbnail hentry wtwfb_category-firmen-institutions-und-vereinsgaerten wtwfb_region-sachsen\">\n    <h2 class=\"entry-title\"><a href=\"https:\/\/wettbewerb-archiv.wir-tun-was-fuer-bienen.de\/archiv-2021\/eintrag\/wir-geben-der-natur-einen-kleinen-teil-zurueck\/\">Wir geben der Natur einen kleinen Teil zur\u00fcck.<\/a>\n    <\/h2>\n    <a href=\"https:\/\/wettbewerb-archiv.wir-tun-was-fuer-bienen.de\/archiv-2021\/eintrag\/wir-geben-der-natur-einen-kleinen-teil-zurueck\/\">\n        <div class=\"bienen-entry-image\">\n            <img decoding=\"async\" width=\"400\" height=\"300\" src=\"https:\/\/wettbewerb-archiv.wir-tun-was-fuer-bienen.de\/archiv-2021\/wp-content\/uploads\/sites\/3\/2021\/07\/Juli-03-gross-400x300.jpg\" class=\"attachment-bienen-grid-thumb size-bienen-grid-thumb wp-post-image\" alt=\"\" loading=\"lazy\" \/>                    <\/div>\n    <\/a>\n\n    <div class=\"images-grid\"><span><a href=\"https:\/\/wettbewerb-archiv.wir-tun-was-fuer-bienen.de\/archiv-2021\/eintrag\/wir-geben-der-natur-einen-kleinen-teil-zurueck\/\"><img decoding=\"async\" width=\"150\" height=\"150\" src=\"https:\/\/wettbewerb-archiv.wir-tun-was-fuer-bienen.de\/archiv-2021\/wp-content\/uploads\/sites\/3\/2021\/07\/Juni-01-150x150.jpg\" class=\"attachment-thumbnail size-thumbnail\" alt=\"\" loading=\"lazy\" \/><\/a><\/span><span><a href=\"https:\/\/wettbewerb-archiv.wir-tun-was-fuer-bienen.de\/archiv-2021\/eintrag\/wir-geben-der-natur-einen-kleinen-teil-zurueck\/\"><img decoding=\"async\" width=\"150\" height=\"150\" src=\"https:\/\/wettbewerb-archiv.wir-tun-was-fuer-bienen.de\/archiv-2021\/wp-content\/uploads\/sites\/3\/2021\/07\/Juni-03-150x150.jpg\" class=\"attachment-thumbnail size-thumbnail\" alt=\"\" loading=\"lazy\" \/><\/a><\/span><span><a href=\"https:\/\/wettbewerb-archiv.wir-tun-was-fuer-bienen.de\/archiv-2021\/eintrag\/wir-geben-der-natur-einen-kleinen-teil-zurueck\/\"><img decoding=\"async\" width=\"150\" height=\"150\" src=\"https:\/\/wettbewerb-archiv.wir-tun-was-fuer-bienen.de\/archiv-2021\/wp-content\/uploads\/sites\/3\/2021\/07\/Juni-06-150x150.jpg\" class=\"attachment-thumbnail size-thumbnail\" alt=\"\" loading=\"lazy\" \/><\/a><\/span><span><a href=\"https:\/\/wettbewerb-archiv.wir-tun-was-fuer-bienen.de\/archiv-2021\/eintrag\/wir-geben-der-natur-einen-kleinen-teil-zurueck\/\"><img decoding=\"async\" width=\"150\" height=\"150\" src=\"https:\/\/wettbewerb-archiv.wir-tun-was-fuer-bienen.de\/archiv-2021\/wp-content\/uploads\/sites\/3\/2021\/07\/Juni-08-150x150.jpg\" class=\"attachment-thumbnail size-thumbnail\" alt=\"\" loading=\"lazy\" \/><\/a><\/span><\/div>\n\n    <div class=\"user flex\">\n        \n                    <img decoding=\"async\" src=\"https:\/\/wettbewerb-archiv.wir-tun-was-fuer-bienen.de\/archiv-2021\/wp-content\/themes\/bienen\/assets\/images\/avatar-placeholder.png\" style=\"border-radius: 30px;\" height=\"30\" width=\"30\">\n            Die B\u00fcmag bl\u00fcht und summt...            <\/div>\n    \n    \n            <p class=\"categories meta\" style=\"width: 100%\"><span class=\"fa fa-tag\"\n                                                             aria-hidden=\"true\"><\/span> Firmen-, Institutions- und Vereinsg\u00e4rten        <\/p>\n    \n            <p class=\"categories meta\" style=\"width: 100%\"><span class=\"fa fa-map-marker\"\n                                                             aria-hidden=\"true\"><\/span> Sachsen        <\/p>\n    \n<\/article>\n   \n\t\t\n          <article id=\"post-50159\" class=\"et_pb_post post-50159 wtwfb_entry type-wtwfb_entry status-publish has-post-thumbnail hentry wtwfb_category-privatgaerten-und-gaerten-von-mietwohnungen-groesser-500-quadratmeter wtwfb_region-nordrhein-westfalen\">\n    <h2 class=\"entry-title\"><a href=\"https:\/\/wettbewerb-archiv.wir-tun-was-fuer-bienen.de\/archiv-2021\/eintrag\/wir-sind-dann-mal-sinnvoll-natur\/\">Wir sind dann mal &#8230; SINNvoll Natur &#8230; \ud83d\ude42<\/a>\n    <\/h2>\n    <a href=\"https:\/\/wettbewerb-archiv.wir-tun-was-fuer-bienen.de\/archiv-2021\/eintrag\/wir-sind-dann-mal-sinnvoll-natur\/\">\n        <div class=\"bienen-entry-image\">\n            <img decoding=\"async\" width=\"400\" height=\"300\" src=\"https:\/\/wettbewerb-archiv.wir-tun-was-fuer-bienen.de\/archiv-2021\/wp-content\/uploads\/sites\/3\/2021\/07\/IMG_20210704_125106_302-400x300.jpg\" class=\"attachment-bienen-grid-thumb size-bienen-grid-thumb wp-post-image\" alt=\"\" loading=\"lazy\" \/>                    <\/div>\n    <\/a>\n\n    <div class=\"images-grid\"><span><a href=\"https:\/\/wettbewerb-archiv.wir-tun-was-fuer-bienen.de\/archiv-2021\/eintrag\/wir-sind-dann-mal-sinnvoll-natur\/\"><img decoding=\"async\" width=\"150\" height=\"150\" src=\"https:\/\/wettbewerb-archiv.wir-tun-was-fuer-bienen.de\/archiv-2021\/wp-content\/uploads\/sites\/3\/2021\/07\/20210108_163216-150x150.jpg\" class=\"attachment-thumbnail size-thumbnail\" alt=\"\" loading=\"lazy\" \/><\/a><\/span><span><a href=\"https:\/\/wettbewerb-archiv.wir-tun-was-fuer-bienen.de\/archiv-2021\/eintrag\/wir-sind-dann-mal-sinnvoll-natur\/\"><img decoding=\"async\" width=\"150\" height=\"150\" src=\"https:\/\/wettbewerb-archiv.wir-tun-was-fuer-bienen.de\/archiv-2021\/wp-content\/uploads\/sites\/3\/2021\/07\/20210117_165408-150x150.jpg\" class=\"attachment-thumbnail size-thumbnail\" alt=\"\" loading=\"lazy\" \/><\/a><\/span><span><a href=\"https:\/\/wettbewerb-archiv.wir-tun-was-fuer-bienen.de\/archiv-2021\/eintrag\/wir-sind-dann-mal-sinnvoll-natur\/\"><img decoding=\"async\" width=\"150\" height=\"150\" src=\"https:\/\/wettbewerb-archiv.wir-tun-was-fuer-bienen.de\/archiv-2021\/wp-content\/uploads\/sites\/3\/2021\/07\/DJI_0361-150x150.jpg\" class=\"attachment-thumbnail size-thumbnail\" alt=\"\" loading=\"lazy\" \/><\/a><\/span><span><a href=\"https:\/\/wettbewerb-archiv.wir-tun-was-fuer-bienen.de\/archiv-2021\/eintrag\/wir-sind-dann-mal-sinnvoll-natur\/\"><img decoding=\"async\" width=\"150\" height=\"150\" src=\"https:\/\/wettbewerb-archiv.wir-tun-was-fuer-bienen.de\/archiv-2021\/wp-content\/uploads\/sites\/3\/2021\/07\/threema-20210520-215136677-150x150.jpg\" class=\"attachment-thumbnail size-thumbnail\" alt=\"\" loading=\"lazy\" \/><\/a><\/span><\/div>\n\n    <div class=\"user flex\">\n        \n                    <img decoding=\"async\" src=\"https:\/\/wettbewerb-archiv.wir-tun-was-fuer-bienen.de\/archiv-2021\/wp-content\/themes\/bienen\/assets\/images\/avatar-placeholder.png\" style=\"border-radius: 30px;\" height=\"30\" width=\"30\">\n            SINNvoll Natur            <\/div>\n    \n    \n            <p class=\"categories meta\" style=\"width: 100%\"><span class=\"fa fa-tag\"\n                                                             aria-hidden=\"true\"><\/span> Privatg\u00e4rten und G\u00e4rten von Mietwohnungen (gr\u00f6\u00dfer als 500 Quadratmeter)        <\/p>\n    \n            <p class=\"categories meta\" style=\"width: 100%\"><span class=\"fa fa-map-marker\"\n                                                             aria-hidden=\"true\"><\/span> Nordrhein-Westfalen        <\/p>\n    \n<\/article>\n   \n\t\t\n          <article id=\"post-50094\" class=\"et_pb_post post-50094 wtwfb_entry type-wtwfb_entry status-publish has-post-thumbnail hentry wtwfb_category-firmen-institutions-und-vereinsgaerten wtwfb_region-bayern\">\n    <h2 class=\"entry-title\"><a href=\"https:\/\/wettbewerb-archiv.wir-tun-was-fuer-bienen.de\/archiv-2021\/eintrag\/da-freuen-sich-nicht-nur-die-bienen\/\">&#8222;Auf zur Wiesn&#8220;<\/a>\n    <\/h2>\n    <a href=\"https:\/\/wettbewerb-archiv.wir-tun-was-fuer-bienen.de\/archiv-2021\/eintrag\/da-freuen-sich-nicht-nur-die-bienen\/\">\n        <div class=\"bienen-entry-image\">\n            <img decoding=\"async\" width=\"400\" height=\"300\" src=\"https:\/\/wettbewerb-archiv.wir-tun-was-fuer-bienen.de\/archiv-2021\/wp-content\/uploads\/sites\/3\/2021\/07\/DSC_0034-1-400x300.jpg\" class=\"attachment-bienen-grid-thumb size-bienen-grid-thumb wp-post-image\" alt=\"\" loading=\"lazy\" \/>                    <\/div>\n    <\/a>\n\n    <div class=\"images-grid\"><\/div>\n\n    <div class=\"user flex\">\n        \n                    <img decoding=\"async\" src=\"https:\/\/wettbewerb-archiv.wir-tun-was-fuer-bienen.de\/archiv-2021\/wp-content\/themes\/bienen\/assets\/images\/avatar-placeholder.png\" style=\"border-radius: 30px;\" height=\"30\" width=\"30\">\n            Miltenberger Industriewerk            <\/div>\n    \n    \n            <p class=\"categories meta\" style=\"width: 100%\"><span class=\"fa fa-tag\"\n                                                             aria-hidden=\"true\"><\/span> Firmen-, Institutions- und Vereinsg\u00e4rten        <\/p>\n    \n            <p class=\"categories meta\" style=\"width: 100%\"><span class=\"fa fa-map-marker\"\n                                                             aria-hidden=\"true\"><\/span> Bayern        <\/p>\n    \n<\/article>\n   \n\t\t\n          <article id=\"post-49994\" class=\"et_pb_post post-49994 wtwfb_entry type-wtwfb_entry status-publish has-post-thumbnail hentry wtwfb_category-bestehende-naturgaerten wtwfb_region-baden-wuerttemberg\">\n    <h2 class=\"entry-title\"><a href=\"https:\/\/wettbewerb-archiv.wir-tun-was-fuer-bienen.de\/archiv-2021\/eintrag\/vom-maisfeld-zur-artenvielfalt-naturgarten-langenau-de\/\">Ein Naturgarten ist gut \u2013 viele sind besser (Website)<\/a>\n    <\/h2>\n    <a href=\"https:\/\/wettbewerb-archiv.wir-tun-was-fuer-bienen.de\/archiv-2021\/eintrag\/vom-maisfeld-zur-artenvielfalt-naturgarten-langenau-de\/\">\n        <div class=\"bienen-entry-image\">\n            <img decoding=\"async\" width=\"400\" height=\"300\" src=\"https:\/\/wettbewerb-archiv.wir-tun-was-fuer-bienen.de\/archiv-2021\/wp-content\/uploads\/sites\/3\/2021\/07\/IMG_5706-400x300.jpeg\" class=\"attachment-bienen-grid-thumb size-bienen-grid-thumb wp-post-image\" alt=\"\" loading=\"lazy\" \/>                    <\/div>\n    <\/a>\n\n    <div class=\"images-grid\"><span><a href=\"https:\/\/wettbewerb-archiv.wir-tun-was-fuer-bienen.de\/archiv-2021\/eintrag\/vom-maisfeld-zur-artenvielfalt-naturgarten-langenau-de\/\"><img decoding=\"async\" width=\"150\" height=\"150\" src=\"https:\/\/wettbewerb-archiv.wir-tun-was-fuer-bienen.de\/archiv-2021\/wp-content\/uploads\/sites\/3\/2021\/07\/IMG_9346-150x150.jpg\" class=\"attachment-thumbnail size-thumbnail\" alt=\"\" loading=\"lazy\" \/><\/a><\/span><span><a href=\"https:\/\/wettbewerb-archiv.wir-tun-was-fuer-bienen.de\/archiv-2021\/eintrag\/vom-maisfeld-zur-artenvielfalt-naturgarten-langenau-de\/\"><img decoding=\"async\" width=\"150\" height=\"150\" src=\"https:\/\/wettbewerb-archiv.wir-tun-was-fuer-bienen.de\/archiv-2021\/wp-content\/uploads\/sites\/3\/2021\/07\/IMG_9621-150x150.jpg\" class=\"attachment-thumbnail size-thumbnail\" alt=\"\" loading=\"lazy\" \/><\/a><\/span><span><a href=\"https:\/\/wettbewerb-archiv.wir-tun-was-fuer-bienen.de\/archiv-2021\/eintrag\/vom-maisfeld-zur-artenvielfalt-naturgarten-langenau-de\/\"><img decoding=\"async\" width=\"150\" height=\"150\" src=\"https:\/\/wettbewerb-archiv.wir-tun-was-fuer-bienen.de\/archiv-2021\/wp-content\/uploads\/sites\/3\/2021\/07\/IMG_8291-150x150.jpg\" class=\"attachment-thumbnail size-thumbnail\" alt=\"\" loading=\"lazy\" \/><\/a><\/span><span><a href=\"https:\/\/wettbewerb-archiv.wir-tun-was-fuer-bienen.de\/archiv-2021\/eintrag\/vom-maisfeld-zur-artenvielfalt-naturgarten-langenau-de\/\"><img decoding=\"async\" width=\"150\" height=\"150\" src=\"https:\/\/wettbewerb-archiv.wir-tun-was-fuer-bienen.de\/archiv-2021\/wp-content\/uploads\/sites\/3\/2021\/07\/D84BC7A6-CD5C-4D68-8B88-6573159012C8-150x150.jpeg\" class=\"attachment-thumbnail size-thumbnail\" alt=\"\" loading=\"lazy\" \/><\/a><\/span><\/div>\n\n    <div class=\"user flex\">\n        \n                    <img decoding=\"async\" src=\"https:\/\/wettbewerb-archiv.wir-tun-was-fuer-bienen.de\/archiv-2021\/wp-content\/themes\/bienen\/assets\/images\/avatar-placeholder.png\" style=\"border-radius: 30px;\" height=\"30\" width=\"30\">\n            Familie Zwirner            <\/div>\n    \n    <p class=\"categories meta bienen-gewinner\"><span class=\"fa fa-trophy\"                                                              aria-hidden=\"true\"><\/span> Gewinner<\/p>\n            <p class=\"categories meta\" style=\"width: 100%\"><span class=\"fa fa-tag\"\n                                                             aria-hidden=\"true\"><\/span> Bestehende Naturg\u00e4rten (ohne Pflanzaktionen)        <\/p>\n    \n            <p class=\"categories meta\" style=\"width: 100%\"><span class=\"fa fa-map-marker\"\n                                                             aria-hidden=\"true\"><\/span> Baden-W\u00fcrttemberg        <\/p>\n    \n<\/article>\n   \n\t\t\n          <article id=\"post-49921\" class=\"et_pb_post post-49921 wtwfb_entry type-wtwfb_entry status-publish has-post-thumbnail hentry wtwfb_category-schul-und-jugendclub-gaerten wtwfb_region-baden-wuerttemberg\">\n    <h2 class=\"entry-title\"><a href=\"https:\/\/wettbewerb-archiv.wir-tun-was-fuer-bienen.de\/archiv-2021\/eintrag\/umgestaltung-des-bestehenden-schulgartens-in-einen-naturnahen-und-insektenfreundlichen-garten\/\">Umgestaltung des bestehenden Schulgartens in einen natu...<\/a>\n    <\/h2>\n    <a href=\"https:\/\/wettbewerb-archiv.wir-tun-was-fuer-bienen.de\/archiv-2021\/eintrag\/umgestaltung-des-bestehenden-schulgartens-in-einen-naturnahen-und-insektenfreundlichen-garten\/\">\n        <div class=\"bienen-entry-image\">\n            <img decoding=\"async\" width=\"400\" height=\"300\" src=\"https:\/\/wettbewerb-archiv.wir-tun-was-fuer-bienen.de\/archiv-2021\/wp-content\/uploads\/sites\/3\/2021\/07\/IMG_4560-400x300.jpg\" class=\"attachment-bienen-grid-thumb size-bienen-grid-thumb wp-post-image\" alt=\"\" loading=\"lazy\" \/>                    <\/div>\n    <\/a>\n\n    <div class=\"images-grid\"><span><a href=\"https:\/\/wettbewerb-archiv.wir-tun-was-fuer-bienen.de\/archiv-2021\/eintrag\/umgestaltung-des-bestehenden-schulgartens-in-einen-naturnahen-und-insektenfreundlichen-garten\/\"><img decoding=\"async\" width=\"150\" height=\"150\" src=\"https:\/\/wettbewerb-archiv.wir-tun-was-fuer-bienen.de\/archiv-2021\/wp-content\/uploads\/sites\/3\/2021\/07\/IMG_4376-1-150x150.jpg\" class=\"attachment-thumbnail size-thumbnail\" alt=\"\" loading=\"lazy\" \/><\/a><\/span><span><a href=\"https:\/\/wettbewerb-archiv.wir-tun-was-fuer-bienen.de\/archiv-2021\/eintrag\/umgestaltung-des-bestehenden-schulgartens-in-einen-naturnahen-und-insektenfreundlichen-garten\/\"><img decoding=\"async\" width=\"150\" height=\"150\" src=\"https:\/\/wettbewerb-archiv.wir-tun-was-fuer-bienen.de\/archiv-2021\/wp-content\/uploads\/sites\/3\/2021\/07\/IMG_4544-150x150.jpg\" class=\"attachment-thumbnail size-thumbnail\" alt=\"\" loading=\"lazy\" \/><\/a><\/span><span><a href=\"https:\/\/wettbewerb-archiv.wir-tun-was-fuer-bienen.de\/archiv-2021\/eintrag\/umgestaltung-des-bestehenden-schulgartens-in-einen-naturnahen-und-insektenfreundlichen-garten\/\"><img decoding=\"async\" width=\"150\" height=\"150\" src=\"https:\/\/wettbewerb-archiv.wir-tun-was-fuer-bienen.de\/archiv-2021\/wp-content\/uploads\/sites\/3\/2021\/07\/IMG_4470-150x150.jpg\" class=\"attachment-thumbnail size-thumbnail\" alt=\"\" loading=\"lazy\" \/><\/a><\/span><span><a href=\"https:\/\/wettbewerb-archiv.wir-tun-was-fuer-bienen.de\/archiv-2021\/eintrag\/umgestaltung-des-bestehenden-schulgartens-in-einen-naturnahen-und-insektenfreundlichen-garten\/\"><img decoding=\"async\" width=\"150\" height=\"150\" src=\"https:\/\/wettbewerb-archiv.wir-tun-was-fuer-bienen.de\/archiv-2021\/wp-content\/uploads\/sites\/3\/2021\/07\/IMG_4560-1-150x150.jpg\" class=\"attachment-thumbnail size-thumbnail\" alt=\"\" loading=\"lazy\" \/><\/a><\/span><\/div>\n\n    <div class=\"user flex\">\n        \n                    <img decoding=\"async\" src=\"https:\/\/wettbewerb-archiv.wir-tun-was-fuer-bienen.de\/archiv-2021\/wp-content\/themes\/bienen\/assets\/images\/avatar-placeholder.png\" style=\"border-radius: 30px;\" height=\"30\" width=\"30\">\n            Gabriele Gauger            <\/div>\n    \n    \n            <p class=\"categories meta\" style=\"width: 100%\"><span class=\"fa fa-tag\"\n                                                             aria-hidden=\"true\"><\/span> Schul- und Jugendclub-G\u00e4rten        <\/p>\n    \n            <p class=\"categories meta\" style=\"width: 100%\"><span class=\"fa fa-map-marker\"\n                                                             aria-hidden=\"true\"><\/span> Baden-W\u00fcrttemberg        <\/p>\n    \n<\/article>\n   \n\t\t\n          <article id=\"post-49898\" class=\"et_pb_post post-49898 wtwfb_entry type-wtwfb_entry status-publish has-post-thumbnail hentry wtwfb_category-bestehende-naturgaerten wtwfb_region-hessen\">\n    <h2 class=\"entry-title\"><a href=\"https:\/\/wettbewerb-archiv.wir-tun-was-fuer-bienen.de\/archiv-2021\/eintrag\/mein-gartenparadies-2\/\">Mein Gartenparadies<\/a>\n    <\/h2>\n    <a href=\"https:\/\/wettbewerb-archiv.wir-tun-was-fuer-bienen.de\/archiv-2021\/eintrag\/mein-gartenparadies-2\/\">\n        <div class=\"bienen-entry-image\">\n            <img decoding=\"async\" width=\"400\" height=\"300\" src=\"https:\/\/wettbewerb-archiv.wir-tun-was-fuer-bienen.de\/archiv-2021\/wp-content\/uploads\/sites\/3\/2021\/07\/IMG_2729-400x300.jpg\" class=\"attachment-bienen-grid-thumb size-bienen-grid-thumb wp-post-image\" alt=\"\" loading=\"lazy\" \/>                    <\/div>\n    <\/a>\n\n    <div class=\"images-grid\"><\/div>\n\n    <div class=\"user flex\">\n        \n                    <img decoding=\"async\" src=\"https:\/\/wettbewerb-archiv.wir-tun-was-fuer-bienen.de\/archiv-2021\/wp-content\/themes\/bienen\/assets\/images\/avatar-placeholder.png\" style=\"border-radius: 30px;\" height=\"30\" width=\"30\">\n            Angelika Schneider            <\/div>\n    \n    \n            <p class=\"categories meta\" style=\"width: 100%\"><span class=\"fa fa-tag\"\n                                                             aria-hidden=\"true\"><\/span> Bestehende Naturg\u00e4rten (ohne Pflanzaktionen)        <\/p>\n    \n            <p class=\"categories meta\" style=\"width: 100%\"><span class=\"fa fa-map-marker\"\n                                                             aria-hidden=\"true\"><\/span> Hessen        <\/p>\n    \n<\/article>\n   \n\t\t\n          <article id=\"post-49870\" class=\"et_pb_post post-49870 wtwfb_entry type-wtwfb_entry status-publish has-post-thumbnail hentry wtwfb_category-privatgaerten-und-gaerten-von-mietwohnungen-groesser-500-quadratmeter wtwfb_region-nordrhein-westfalen\">\n    <h2 class=\"entry-title\"><a href=\"https:\/\/wettbewerb-archiv.wir-tun-was-fuer-bienen.de\/archiv-2021\/eintrag\/bienengarten-naturgarten-2021-neu-gestaltet\/\">Bienengarten \/Generationen- Naturgarten 2021<\/a>\n    <\/h2>\n    <a href=\"https:\/\/wettbewerb-archiv.wir-tun-was-fuer-bienen.de\/archiv-2021\/eintrag\/bienengarten-naturgarten-2021-neu-gestaltet\/\">\n        <div class=\"bienen-entry-image\">\n            <img decoding=\"async\" width=\"400\" height=\"300\" src=\"https:\/\/wettbewerb-archiv.wir-tun-was-fuer-bienen.de\/archiv-2021\/wp-content\/uploads\/sites\/3\/2021\/07\/20210713_180157-400x300.jpg\" class=\"attachment-bienen-grid-thumb size-bienen-grid-thumb wp-post-image\" alt=\"\" loading=\"lazy\" \/>                    <\/div>\n    <\/a>\n\n    <div class=\"images-grid\"><span><a href=\"https:\/\/wettbewerb-archiv.wir-tun-was-fuer-bienen.de\/archiv-2021\/eintrag\/bienengarten-naturgarten-2021-neu-gestaltet\/\"><img decoding=\"async\" width=\"150\" height=\"150\" src=\"https:\/\/wettbewerb-archiv.wir-tun-was-fuer-bienen.de\/archiv-2021\/wp-content\/uploads\/sites\/3\/2021\/07\/PhotoCollage_20210516_204939528-150x150.jpg\" class=\"attachment-thumbnail size-thumbnail\" alt=\"\" loading=\"lazy\" \/><\/a><\/span><span><a href=\"https:\/\/wettbewerb-archiv.wir-tun-was-fuer-bienen.de\/archiv-2021\/eintrag\/bienengarten-naturgarten-2021-neu-gestaltet\/\"><img decoding=\"async\" width=\"150\" height=\"150\" src=\"https:\/\/wettbewerb-archiv.wir-tun-was-fuer-bienen.de\/archiv-2021\/wp-content\/uploads\/sites\/3\/2021\/07\/20210429_163218-150x150.jpg\" class=\"attachment-thumbnail size-thumbnail\" alt=\"\" loading=\"lazy\" \/><\/a><\/span><span><a href=\"https:\/\/wettbewerb-archiv.wir-tun-was-fuer-bienen.de\/archiv-2021\/eintrag\/bienengarten-naturgarten-2021-neu-gestaltet\/\"><img decoding=\"async\" width=\"150\" height=\"150\" src=\"https:\/\/wettbewerb-archiv.wir-tun-was-fuer-bienen.de\/archiv-2021\/wp-content\/uploads\/sites\/3\/2021\/07\/20210713_180157-1-150x150.jpg\" class=\"attachment-thumbnail size-thumbnail\" alt=\"\" loading=\"lazy\" \/><\/a><\/span><span><a href=\"https:\/\/wettbewerb-archiv.wir-tun-was-fuer-bienen.de\/archiv-2021\/eintrag\/bienengarten-naturgarten-2021-neu-gestaltet\/\"><img decoding=\"async\" width=\"150\" height=\"150\" src=\"https:\/\/wettbewerb-archiv.wir-tun-was-fuer-bienen.de\/archiv-2021\/wp-content\/uploads\/sites\/3\/2021\/07\/20210713_174232-150x150.jpg\" class=\"attachment-thumbnail size-thumbnail\" alt=\"\" loading=\"lazy\" \/><\/a><\/span><\/div>\n\n    <div class=\"user flex\">\n        \n                    <img decoding=\"async\" src=\"https:\/\/wettbewerb-archiv.wir-tun-was-fuer-bienen.de\/archiv-2021\/wp-content\/themes\/bienen\/assets\/images\/avatar-placeholder.png\" style=\"border-radius: 30px;\" height=\"30\" width=\"30\">\n            Kottmann            <\/div>\n    \n    \n            <p class=\"categories meta\" style=\"width: 100%\"><span class=\"fa fa-tag\"\n                                                             aria-hidden=\"true\"><\/span> Privatg\u00e4rten und G\u00e4rten von Mietwohnungen (gr\u00f6\u00dfer als 500 Quadratmeter)        <\/p>\n    \n            <p class=\"categories meta\" style=\"width: 100%\"><span class=\"fa fa-map-marker\"\n                                                             aria-hidden=\"true\"><\/span> Nordrhein-Westfalen        <\/p>\n    \n<\/article>\n   \n\t\t\n          <article id=\"post-49807\" class=\"et_pb_post post-49807 wtwfb_entry type-wtwfb_entry status-publish has-post-thumbnail hentry wtwfb_category-balkone-terrassen-dachbegruenung-vertikale-gaerten wtwfb_region-nordrhein-westfalen\">\n    <h2 class=\"entry-title\"><a href=\"https:\/\/wettbewerb-archiv.wir-tun-was-fuer-bienen.de\/archiv-2021\/eintrag\/dinslaken-summt\/\">Dinslaken summt!<\/a>\n    <\/h2>\n    <a href=\"https:\/\/wettbewerb-archiv.wir-tun-was-fuer-bienen.de\/archiv-2021\/eintrag\/dinslaken-summt\/\">\n        <div class=\"bienen-entry-image\">\n            <img decoding=\"async\" width=\"400\" height=\"300\" src=\"https:\/\/wettbewerb-archiv.wir-tun-was-fuer-bienen.de\/archiv-2021\/wp-content\/uploads\/sites\/3\/2021\/07\/20210627_121610-400x300.jpg\" class=\"attachment-bienen-grid-thumb size-bienen-grid-thumb wp-post-image\" alt=\"\" loading=\"lazy\" \/>                    <\/div>\n    <\/a>\n\n    <div class=\"images-grid\"><span><a href=\"https:\/\/wettbewerb-archiv.wir-tun-was-fuer-bienen.de\/archiv-2021\/eintrag\/dinslaken-summt\/\"><img decoding=\"async\" width=\"150\" height=\"150\" src=\"https:\/\/wettbewerb-archiv.wir-tun-was-fuer-bienen.de\/archiv-2021\/wp-content\/uploads\/sites\/3\/2021\/07\/20210228_134251-150x150.jpg\" class=\"attachment-thumbnail size-thumbnail\" alt=\"\" loading=\"lazy\" \/><\/a><\/span><span><a href=\"https:\/\/wettbewerb-archiv.wir-tun-was-fuer-bienen.de\/archiv-2021\/eintrag\/dinslaken-summt\/\"><img decoding=\"async\" width=\"150\" height=\"150\" src=\"https:\/\/wettbewerb-archiv.wir-tun-was-fuer-bienen.de\/archiv-2021\/wp-content\/uploads\/sites\/3\/2021\/07\/20210307_164827-150x150.jpg\" class=\"attachment-thumbnail size-thumbnail\" alt=\"\" loading=\"lazy\" \/><\/a><\/span><span><a href=\"https:\/\/wettbewerb-archiv.wir-tun-was-fuer-bienen.de\/archiv-2021\/eintrag\/dinslaken-summt\/\"><img decoding=\"async\" width=\"150\" height=\"150\" src=\"https:\/\/wettbewerb-archiv.wir-tun-was-fuer-bienen.de\/archiv-2021\/wp-content\/uploads\/sites\/3\/2021\/07\/20210328_150725.1-150x150.jpg\" class=\"attachment-thumbnail size-thumbnail\" alt=\"\" loading=\"lazy\" \/><\/a><\/span><span><a href=\"https:\/\/wettbewerb-archiv.wir-tun-was-fuer-bienen.de\/archiv-2021\/eintrag\/dinslaken-summt\/\"><img decoding=\"async\" width=\"150\" height=\"150\" src=\"https:\/\/wettbewerb-archiv.wir-tun-was-fuer-bienen.de\/archiv-2021\/wp-content\/uploads\/sites\/3\/2021\/07\/DSC03463-150x150.jpg\" class=\"attachment-thumbnail size-thumbnail\" alt=\"\" loading=\"lazy\" \/><\/a><\/span><\/div>\n\n    <div class=\"user flex\">\n        \n                    <img decoding=\"async\" src=\"https:\/\/wettbewerb-archiv.wir-tun-was-fuer-bienen.de\/archiv-2021\/wp-content\/themes\/bienen\/assets\/images\/avatar-placeholder.png\" style=\"border-radius: 30px;\" height=\"30\" width=\"30\">\n            Jessica            <\/div>\n    \n    <p class=\"categories meta bienen-gewinner\"><span class=\"fa fa-trophy\"                                                              aria-hidden=\"true\"><\/span> Gewinner<\/p>\n            <p class=\"categories meta\" style=\"width: 100%\"><span class=\"fa fa-tag\"\n                                                             aria-hidden=\"true\"><\/span> Balkone, Terrassen, Dachbegr\u00fcnung, vertikale G\u00e4rten        <\/p>\n    \n            <p class=\"categories meta\" style=\"width: 100%\"><span class=\"fa fa-map-marker\"\n                                                             aria-hidden=\"true\"><\/span> Nordrhein-Westfalen        <\/p>\n    \n<\/article>\n   \n\t\t\n          <article id=\"post-49774\" class=\"et_pb_post post-49774 wtwfb_entry type-wtwfb_entry status-publish has-post-thumbnail hentry wtwfb_category-kita-und-kindergartengaerten wtwfb_region-niedersachsen\">\n    <h2 class=\"entry-title\"><a href=\"https:\/\/wettbewerb-archiv.wir-tun-was-fuer-bienen.de\/archiv-2021\/eintrag\/kinder-aus-der-villa-kunterbunt-in-sulingen-gestalten-bienengarten\/\">Kinder aus der Villa Kunterbunt in Sulingen gestalten B...<\/a>\n    <\/h2>\n    <a href=\"https:\/\/wettbewerb-archiv.wir-tun-was-fuer-bienen.de\/archiv-2021\/eintrag\/kinder-aus-der-villa-kunterbunt-in-sulingen-gestalten-bienengarten\/\">\n        <div class=\"bienen-entry-image\">\n            <img decoding=\"async\" width=\"400\" height=\"300\" src=\"https:\/\/wettbewerb-archiv.wir-tun-was-fuer-bienen.de\/archiv-2021\/wp-content\/uploads\/sites\/3\/2021\/07\/DSCF0084-400x300.jpg\" class=\"attachment-bienen-grid-thumb size-bienen-grid-thumb wp-post-image\" alt=\"\" loading=\"lazy\" \/>                    <\/div>\n    <\/a>\n\n    <div class=\"images-grid\"><span><a href=\"https:\/\/wettbewerb-archiv.wir-tun-was-fuer-bienen.de\/archiv-2021\/eintrag\/kinder-aus-der-villa-kunterbunt-in-sulingen-gestalten-bienengarten\/\"><img decoding=\"async\" width=\"150\" height=\"150\" src=\"https:\/\/wettbewerb-archiv.wir-tun-was-fuer-bienen.de\/archiv-2021\/wp-content\/uploads\/sites\/3\/2021\/07\/InkedDSCF0014_LI-150x150.jpg\" class=\"attachment-thumbnail size-thumbnail\" alt=\"\" loading=\"lazy\" \/><\/a><\/span><span><a href=\"https:\/\/wettbewerb-archiv.wir-tun-was-fuer-bienen.de\/archiv-2021\/eintrag\/kinder-aus-der-villa-kunterbunt-in-sulingen-gestalten-bienengarten\/\"><img decoding=\"async\" width=\"150\" height=\"150\" src=\"https:\/\/wettbewerb-archiv.wir-tun-was-fuer-bienen.de\/archiv-2021\/wp-content\/uploads\/sites\/3\/2021\/07\/InkedDSCF0058_LI-150x150.jpg\" class=\"attachment-thumbnail size-thumbnail\" alt=\"\" loading=\"lazy\" \/><\/a><\/span><span><a href=\"https:\/\/wettbewerb-archiv.wir-tun-was-fuer-bienen.de\/archiv-2021\/eintrag\/kinder-aus-der-villa-kunterbunt-in-sulingen-gestalten-bienengarten\/\"><img decoding=\"async\" width=\"150\" height=\"150\" src=\"https:\/\/wettbewerb-archiv.wir-tun-was-fuer-bienen.de\/archiv-2021\/wp-content\/uploads\/sites\/3\/2021\/07\/DSCF0045-150x150.jpg\" class=\"attachment-thumbnail size-thumbnail\" alt=\"\" loading=\"lazy\" \/><\/a><\/span><span><a href=\"https:\/\/wettbewerb-archiv.wir-tun-was-fuer-bienen.de\/archiv-2021\/eintrag\/kinder-aus-der-villa-kunterbunt-in-sulingen-gestalten-bienengarten\/\"><img decoding=\"async\" width=\"150\" height=\"150\" src=\"https:\/\/wettbewerb-archiv.wir-tun-was-fuer-bienen.de\/archiv-2021\/wp-content\/uploads\/sites\/3\/2021\/07\/InkedDSCF0033_LI-150x150.jpg\" class=\"attachment-thumbnail size-thumbnail\" alt=\"\" loading=\"lazy\" \/><\/a><\/span><\/div>\n\n    <div class=\"user flex\">\n        \n                    <img decoding=\"async\" src=\"https:\/\/wettbewerb-archiv.wir-tun-was-fuer-bienen.de\/archiv-2021\/wp-content\/themes\/bienen\/assets\/images\/avatar-placeholder.png\" style=\"border-radius: 30px;\" height=\"30\" width=\"30\">\n            Wolters Christiane            <\/div>\n    \n    \n            <p class=\"categories meta\" style=\"width: 100%\"><span class=\"fa fa-tag\"\n                                                             aria-hidden=\"true\"><\/span> Kita- und Kindergarteng\u00e4rten        <\/p>\n    \n            <p class=\"categories meta\" style=\"width: 100%\"><span class=\"fa fa-map-marker\"\n                                                             aria-hidden=\"true\"><\/span> Niedersachsen        <\/p>\n    \n<\/article>\n   \n\t\t\n          <article id=\"post-49752\" class=\"et_pb_post post-49752 wtwfb_entry type-wtwfb_entry status-publish has-post-thumbnail hentry wtwfb_category-privatgaerten-und-gaerten-von-mietwohnungen-kleiner-500-quadratmeter wtwfb_region-nordrhein-westfalen\">\n    <h2 class=\"entry-title\"><a href=\"https:\/\/wettbewerb-archiv.wir-tun-was-fuer-bienen.de\/archiv-2021\/eintrag\/bienenfreundlicher-garten\/\">Bienenfreundlicher Garten<\/a>\n    <\/h2>\n    <a href=\"https:\/\/wettbewerb-archiv.wir-tun-was-fuer-bienen.de\/archiv-2021\/eintrag\/bienenfreundlicher-garten\/\">\n        <div class=\"bienen-entry-image\">\n            <img decoding=\"async\" width=\"400\" height=\"300\" src=\"https:\/\/wettbewerb-archiv.wir-tun-was-fuer-bienen.de\/archiv-2021\/wp-content\/uploads\/sites\/3\/2021\/07\/IMG_8061b-400x300.jpg\" class=\"attachment-bienen-grid-thumb size-bienen-grid-thumb wp-post-image\" alt=\"\" loading=\"lazy\" \/>                    <\/div>\n    <\/a>\n\n    <div class=\"images-grid\"><\/div>\n\n    <div class=\"user flex\">\n        \n                    <img decoding=\"async\" src=\"https:\/\/wettbewerb-archiv.wir-tun-was-fuer-bienen.de\/archiv-2021\/wp-content\/themes\/bienen\/assets\/images\/avatar-placeholder.png\" style=\"border-radius: 30px;\" height=\"30\" width=\"30\">\n            Anne Steinhoff            <\/div>\n    \n    \n            <p class=\"categories meta\" style=\"width: 100%\"><span class=\"fa fa-tag\"\n                                                             aria-hidden=\"true\"><\/span> Privatg\u00e4rten und G\u00e4rten von Mietwohnungen (kleiner als 500 Quadratmeter)        <\/p>\n    \n            <p class=\"categories meta\" style=\"width: 100%\"><span class=\"fa fa-map-marker\"\n                                                             aria-hidden=\"true\"><\/span> Nordrhein-Westfalen        <\/p>\n    \n<\/article>\n   \n\t\t\n          <article id=\"post-49684\" class=\"et_pb_post post-49684 wtwfb_entry type-wtwfb_entry status-publish has-post-thumbnail hentry wtwfb_category-schul-und-jugendclub-gaerten wtwfb_region-hessen\">\n    <h2 class=\"entry-title\"><a href=\"https:\/\/wettbewerb-archiv.wir-tun-was-fuer-bienen.de\/archiv-2021\/eintrag\/die-insel-und-die-georg-buechner-schule-summen\/\">Die Insel und die Georg-B\u00fcchner-Schule &#8222;summen&#8220;<\/a>\n    <\/h2>\n    <a href=\"https:\/\/wettbewerb-archiv.wir-tun-was-fuer-bienen.de\/archiv-2021\/eintrag\/die-insel-und-die-georg-buechner-schule-summen\/\">\n        <div class=\"bienen-entry-image\">\n            <img decoding=\"async\" width=\"400\" height=\"300\" src=\"https:\/\/wettbewerb-archiv.wir-tun-was-fuer-bienen.de\/archiv-2021\/wp-content\/uploads\/sites\/3\/2021\/07\/20210510_151435-400x300.jpg\" class=\"attachment-bienen-grid-thumb size-bienen-grid-thumb wp-post-image\" alt=\"\" loading=\"lazy\" \/>                    <\/div>\n    <\/a>\n\n    <div class=\"images-grid\"><span><a href=\"https:\/\/wettbewerb-archiv.wir-tun-was-fuer-bienen.de\/archiv-2021\/eintrag\/die-insel-und-die-georg-buechner-schule-summen\/\"><img decoding=\"async\" width=\"150\" height=\"150\" src=\"https:\/\/wettbewerb-archiv.wir-tun-was-fuer-bienen.de\/archiv-2021\/wp-content\/uploads\/sites\/3\/2021\/07\/20210429_145918-150x150.jpg\" class=\"attachment-thumbnail size-thumbnail\" alt=\"\" loading=\"lazy\" \/><\/a><\/span><span><a href=\"https:\/\/wettbewerb-archiv.wir-tun-was-fuer-bienen.de\/archiv-2021\/eintrag\/die-insel-und-die-georg-buechner-schule-summen\/\"><img decoding=\"async\" width=\"150\" height=\"150\" src=\"https:\/\/wettbewerb-archiv.wir-tun-was-fuer-bienen.de\/archiv-2021\/wp-content\/uploads\/sites\/3\/2021\/07\/20210711_135313-150x150.jpg\" class=\"attachment-thumbnail size-thumbnail\" alt=\"\" loading=\"lazy\" \/><\/a><\/span><span><a href=\"https:\/\/wettbewerb-archiv.wir-tun-was-fuer-bienen.de\/archiv-2021\/eintrag\/die-insel-und-die-georg-buechner-schule-summen\/\"><img decoding=\"async\" width=\"150\" height=\"150\" src=\"https:\/\/wettbewerb-archiv.wir-tun-was-fuer-bienen.de\/archiv-2021\/wp-content\/uploads\/sites\/3\/2021\/07\/20210711_135501-150x150.jpg\" class=\"attachment-thumbnail size-thumbnail\" alt=\"\" loading=\"lazy\" \/><\/a><\/span><span><a href=\"https:\/\/wettbewerb-archiv.wir-tun-was-fuer-bienen.de\/archiv-2021\/eintrag\/die-insel-und-die-georg-buechner-schule-summen\/\"><img decoding=\"async\" width=\"150\" height=\"150\" src=\"https:\/\/wettbewerb-archiv.wir-tun-was-fuer-bienen.de\/archiv-2021\/wp-content\/uploads\/sites\/3\/2021\/07\/20210521_072951-150x150.jpg\" class=\"attachment-thumbnail size-thumbnail\" alt=\"\" loading=\"lazy\" \/><\/a><\/span><\/div>\n\n    <div class=\"user flex\">\n        \n                    <img decoding=\"async\" src=\"https:\/\/wettbewerb-archiv.wir-tun-was-fuer-bienen.de\/archiv-2021\/wp-content\/themes\/bienen\/assets\/images\/avatar-placeholder.png\" style=\"border-radius: 30px;\" height=\"30\" width=\"30\">\n            B\u00fcchner-Insel            <\/div>\n    \n    \n            <p class=\"categories meta\" style=\"width: 100%\"><span class=\"fa fa-tag\"\n                                                             aria-hidden=\"true\"><\/span> Schul- und Jugendclub-G\u00e4rten        <\/p>\n    \n            <p class=\"categories meta\" style=\"width: 100%\"><span class=\"fa fa-map-marker\"\n                                                             aria-hidden=\"true\"><\/span> Hessen        <\/p>\n    \n<\/article>\n   \n\t\t\n          <article id=\"post-49621\" class=\"et_pb_post post-49621 wtwfb_entry type-wtwfb_entry status-publish hentry wtwfb_category-schul-und-jugendclub-gaerten wtwfb_region-baden-wuerttemberg\">\n    <h2 class=\"entry-title\"><a href=\"https:\/\/wettbewerb-archiv.wir-tun-was-fuer-bienen.de\/archiv-2021\/eintrag\/bienenballblumen-bienenfreundliche-verwandlung-der-kickwiese\/\">BienenBallBlumen &#8211; Bienenfreundliche Verwandlung ...<\/a>\n    <\/h2>\n    <a href=\"https:\/\/wettbewerb-archiv.wir-tun-was-fuer-bienen.de\/archiv-2021\/eintrag\/bienenballblumen-bienenfreundliche-verwandlung-der-kickwiese\/\">\n        <div class=\"bienen-entry-image\">\n                                <\/div>\n    <\/a>\n\n    <div class=\"images-grid\"><span><a href=\"https:\/\/wettbewerb-archiv.wir-tun-was-fuer-bienen.de\/archiv-2021\/eintrag\/bienenballblumen-bienenfreundliche-verwandlung-der-kickwiese\/\"><img decoding=\"async\" width=\"150\" height=\"150\" src=\"https:\/\/wettbewerb-archiv.wir-tun-was-fuer-bienen.de\/archiv-2021\/wp-content\/uploads\/sites\/3\/2021\/07\/20210316_140020-1-150x150.jpg\" class=\"attachment-thumbnail size-thumbnail\" alt=\"\" loading=\"lazy\" \/><\/a><\/span><span><a href=\"https:\/\/wettbewerb-archiv.wir-tun-was-fuer-bienen.de\/archiv-2021\/eintrag\/bienenballblumen-bienenfreundliche-verwandlung-der-kickwiese\/\"><img decoding=\"async\" width=\"150\" height=\"150\" src=\"https:\/\/wettbewerb-archiv.wir-tun-was-fuer-bienen.de\/archiv-2021\/wp-content\/uploads\/sites\/3\/2021\/07\/20210427_135903-150x150.jpg\" class=\"attachment-thumbnail size-thumbnail\" alt=\"\" loading=\"lazy\" \/><\/a><\/span><span><a href=\"https:\/\/wettbewerb-archiv.wir-tun-was-fuer-bienen.de\/archiv-2021\/eintrag\/bienenballblumen-bienenfreundliche-verwandlung-der-kickwiese\/\"><img decoding=\"async\" width=\"150\" height=\"150\" src=\"https:\/\/wettbewerb-archiv.wir-tun-was-fuer-bienen.de\/archiv-2021\/wp-content\/uploads\/sites\/3\/2021\/07\/IMG-20210629-WA0009-150x150.jpg\" class=\"attachment-thumbnail size-thumbnail\" alt=\"\" loading=\"lazy\" \/><\/a><\/span><span><a href=\"https:\/\/wettbewerb-archiv.wir-tun-was-fuer-bienen.de\/archiv-2021\/eintrag\/bienenballblumen-bienenfreundliche-verwandlung-der-kickwiese\/\"><img decoding=\"async\" width=\"150\" height=\"150\" src=\"https:\/\/wettbewerb-archiv.wir-tun-was-fuer-bienen.de\/archiv-2021\/wp-content\/uploads\/sites\/3\/2021\/07\/20210518_140450_HDR-150x150.jpg\" class=\"attachment-thumbnail size-thumbnail\" alt=\"\" loading=\"lazy\" \/><\/a><\/span><\/div>\n\n    <div class=\"user flex\">\n        \n                    <img decoding=\"async\" src=\"https:\/\/wettbewerb-archiv.wir-tun-was-fuer-bienen.de\/archiv-2021\/wp-content\/themes\/bienen\/assets\/images\/avatar-placeholder.png\" style=\"border-radius: 30px;\" height=\"30\" width=\"30\">\n            Mooswaldschule Freiburg SBBZ ESENT            <\/div>\n    \n    \n            <p class=\"categories meta\" style=\"width: 100%\"><span class=\"fa fa-tag\"\n                                                             aria-hidden=\"true\"><\/span> Schul- und Jugendclub-G\u00e4rten        <\/p>\n    \n            <p class=\"categories meta\" style=\"width: 100%\"><span class=\"fa fa-map-marker\"\n                                                             aria-hidden=\"true\"><\/span> Baden-W\u00fcrttemberg        <\/p>\n    \n<\/article>\n   \n\t\t\n          <article id=\"post-49541\" class=\"et_pb_post post-49541 wtwfb_entry type-wtwfb_entry status-publish has-post-thumbnail hentry wtwfb_category-privatgaerten-und-gaerten-von-mietwohnungen-groesser-500-quadratmeter wtwfb_region-schleswig-holstein\">\n    <h2 class=\"entry-title\"><a href=\"https:\/\/wettbewerb-archiv.wir-tun-was-fuer-bienen.de\/archiv-2021\/eintrag\/sommer\/\">Sommer<\/a>\n    <\/h2>\n    <a href=\"https:\/\/wettbewerb-archiv.wir-tun-was-fuer-bienen.de\/archiv-2021\/eintrag\/sommer\/\">\n        <div class=\"bienen-entry-image\">\n            <img decoding=\"async\" width=\"400\" height=\"300\" src=\"https:\/\/wettbewerb-archiv.wir-tun-was-fuer-bienen.de\/archiv-2021\/wp-content\/uploads\/sites\/3\/2021\/07\/3-400x300.jpg\" class=\"attachment-bienen-grid-thumb size-bienen-grid-thumb wp-post-image\" alt=\"\" loading=\"lazy\" \/>                    <\/div>\n    <\/a>\n\n    <div class=\"images-grid\"><\/div>\n\n    <div class=\"user flex\">\n        \n                    <img decoding=\"async\" src=\"https:\/\/wettbewerb-archiv.wir-tun-was-fuer-bienen.de\/archiv-2021\/wp-content\/themes\/bienen\/assets\/images\/avatar-placeholder.png\" style=\"border-radius: 30px;\" height=\"30\" width=\"30\">\n            D. Beeck            <\/div>\n    \n    \n            <p class=\"categories meta\" style=\"width: 100%\"><span class=\"fa fa-tag\"\n                                                             aria-hidden=\"true\"><\/span> Privatg\u00e4rten und G\u00e4rten von Mietwohnungen (gr\u00f6\u00dfer als 500 Quadratmeter)        <\/p>\n    \n            <p class=\"categories meta\" style=\"width: 100%\"><span class=\"fa fa-map-marker\"\n                                                             aria-hidden=\"true\"><\/span> Schleswig-Holstein        <\/p>\n    \n<\/article>\n   \n\t\t\n          <article id=\"post-49404\" class=\"et_pb_post post-49404 wtwfb_entry type-wtwfb_entry status-publish has-post-thumbnail hentry wtwfb_category-balkone-terrassen-dachbegruenung-vertikale-gaerten wtwfb_region-nordrhein-westfalen\">\n    <h2 class=\"entry-title\"><a href=\"https:\/\/wettbewerb-archiv.wir-tun-was-fuer-bienen.de\/archiv-2021\/eintrag\/neue-nutzflaeche-fuer-insekten-schaffen-die-dachbegruenung\/\">Neue Nutzfl\u00e4che f\u00fcr Insekten schaffen, die Dachbegr\u00fc...<\/a>\n    <\/h2>\n    <a href=\"https:\/\/wettbewerb-archiv.wir-tun-was-fuer-bienen.de\/archiv-2021\/eintrag\/neue-nutzflaeche-fuer-insekten-schaffen-die-dachbegruenung\/\">\n        <div class=\"bienen-entry-image\">\n            <img decoding=\"async\" width=\"400\" height=\"300\" src=\"https:\/\/wettbewerb-archiv.wir-tun-was-fuer-bienen.de\/archiv-2021\/wp-content\/uploads\/sites\/3\/2021\/07\/Hauptbild-400x300.jpg\" class=\"attachment-bienen-grid-thumb size-bienen-grid-thumb wp-post-image\" alt=\"\" loading=\"lazy\" \/>                    <\/div>\n    <\/a>\n\n    <div class=\"images-grid\"><span><a href=\"https:\/\/wettbewerb-archiv.wir-tun-was-fuer-bienen.de\/archiv-2021\/eintrag\/neue-nutzflaeche-fuer-insekten-schaffen-die-dachbegruenung\/\"><img decoding=\"async\" width=\"150\" height=\"106\" src=\"https:\/\/wettbewerb-archiv.wir-tun-was-fuer-bienen.de\/archiv-2021\/wp-content\/uploads\/sites\/3\/2021\/07\/b-Iso-auftragen-pdf-150x106.jpg\" class=\"attachment-thumbnail size-thumbnail\" alt=\"\" loading=\"lazy\" \/><\/a><\/span><span><a href=\"https:\/\/wettbewerb-archiv.wir-tun-was-fuer-bienen.de\/archiv-2021\/eintrag\/neue-nutzflaeche-fuer-insekten-schaffen-die-dachbegruenung\/\"><img decoding=\"async\" width=\"150\" height=\"106\" src=\"https:\/\/wettbewerb-archiv.wir-tun-was-fuer-bienen.de\/archiv-2021\/wp-content\/uploads\/sites\/3\/2021\/07\/c-Teichfolie-ueber-Iso-pdf-150x106.jpg\" class=\"attachment-thumbnail size-thumbnail\" alt=\"\" loading=\"lazy\" \/><\/a><\/span><span><a href=\"https:\/\/wettbewerb-archiv.wir-tun-was-fuer-bienen.de\/archiv-2021\/eintrag\/neue-nutzflaeche-fuer-insekten-schaffen-die-dachbegruenung\/\"><img decoding=\"async\" width=\"150\" height=\"106\" src=\"https:\/\/wettbewerb-archiv.wir-tun-was-fuer-bienen.de\/archiv-2021\/wp-content\/uploads\/sites\/3\/2021\/07\/e-Granulat-auf-Folie-pdf-150x106.jpg\" class=\"attachment-thumbnail size-thumbnail\" alt=\"\" loading=\"lazy\" \/><\/a><\/span><span><a href=\"https:\/\/wettbewerb-archiv.wir-tun-was-fuer-bienen.de\/archiv-2021\/eintrag\/neue-nutzflaeche-fuer-insekten-schaffen-die-dachbegruenung\/\"><img decoding=\"async\" width=\"150\" height=\"106\" src=\"https:\/\/wettbewerb-archiv.wir-tun-was-fuer-bienen.de\/archiv-2021\/wp-content\/uploads\/sites\/3\/2021\/07\/g-Einpflanzen-pdf-150x106.jpg\" class=\"attachment-thumbnail size-thumbnail\" alt=\"\" loading=\"lazy\" \/><\/a><\/span><\/div>\n\n    <div class=\"user flex\">\n        \n                    <img decoding=\"async\" src=\"https:\/\/wettbewerb-archiv.wir-tun-was-fuer-bienen.de\/archiv-2021\/wp-content\/themes\/bienen\/assets\/images\/avatar-placeholder.png\" style=\"border-radius: 30px;\" height=\"30\" width=\"30\">\n            Horst Pfennigsdorf            <\/div>\n    \n    \n            <p class=\"categories meta\" style=\"width: 100%\"><span class=\"fa fa-tag\"\n                                                             aria-hidden=\"true\"><\/span> Balkone, Terrassen, Dachbegr\u00fcnung, vertikale G\u00e4rten        <\/p>\n    \n            <p class=\"categories meta\" style=\"width: 100%\"><span class=\"fa fa-map-marker\"\n                                                             aria-hidden=\"true\"><\/span> Nordrhein-Westfalen        <\/p>\n    \n<\/article>\n   \n\t\t\n          <article id=\"post-49304\" class=\"et_pb_post post-49304 wtwfb_entry type-wtwfb_entry status-publish has-post-thumbnail hentry wtwfb_category-firmen-institutions-und-vereinsgaerten wtwfb_region-niedersachsen\">\n    <h2 class=\"entry-title\"><a href=\"https:\/\/wettbewerb-archiv.wir-tun-was-fuer-bienen.de\/archiv-2021\/eintrag\/bluehstreifen-fuer-den-elzer-cjd-campus\/\">Bl\u00fchstreifen f\u00fcr den CJD Campus Elze<\/a>\n    <\/h2>\n    <a href=\"https:\/\/wettbewerb-archiv.wir-tun-was-fuer-bienen.de\/archiv-2021\/eintrag\/bluehstreifen-fuer-den-elzer-cjd-campus\/\">\n        <div class=\"bienen-entry-image\">\n            <img decoding=\"async\" width=\"400\" height=\"300\" src=\"https:\/\/wettbewerb-archiv.wir-tun-was-fuer-bienen.de\/archiv-2021\/wp-content\/uploads\/sites\/3\/2021\/07\/20210426_110544-1-400x300.jpg\" class=\"attachment-bienen-grid-thumb size-bienen-grid-thumb wp-post-image\" alt=\"\" loading=\"lazy\" \/>                    <\/div>\n    <\/a>\n\n    <div class=\"images-grid\"><span><a href=\"https:\/\/wettbewerb-archiv.wir-tun-was-fuer-bienen.de\/archiv-2021\/eintrag\/bluehstreifen-fuer-den-elzer-cjd-campus\/\"><img decoding=\"async\" width=\"150\" height=\"150\" src=\"https:\/\/wettbewerb-archiv.wir-tun-was-fuer-bienen.de\/archiv-2021\/wp-content\/uploads\/sites\/3\/2021\/07\/20210420_142546-1-150x150.jpg\" class=\"attachment-thumbnail size-thumbnail\" alt=\"\" loading=\"lazy\" \/><\/a><\/span><span><a href=\"https:\/\/wettbewerb-archiv.wir-tun-was-fuer-bienen.de\/archiv-2021\/eintrag\/bluehstreifen-fuer-den-elzer-cjd-campus\/\"><img decoding=\"async\" width=\"150\" height=\"150\" src=\"https:\/\/wettbewerb-archiv.wir-tun-was-fuer-bienen.de\/archiv-2021\/wp-content\/uploads\/sites\/3\/2021\/07\/20210426_105329-1-150x150.jpg\" class=\"attachment-thumbnail size-thumbnail\" alt=\"\" loading=\"lazy\" \/><\/a><\/span><span><a href=\"https:\/\/wettbewerb-archiv.wir-tun-was-fuer-bienen.de\/archiv-2021\/eintrag\/bluehstreifen-fuer-den-elzer-cjd-campus\/\"><img decoding=\"async\" width=\"150\" height=\"150\" src=\"https:\/\/wettbewerb-archiv.wir-tun-was-fuer-bienen.de\/archiv-2021\/wp-content\/uploads\/sites\/3\/2021\/07\/20210426_105336-1-150x150.jpg\" class=\"attachment-thumbnail size-thumbnail\" alt=\"\" loading=\"lazy\" \/><\/a><\/span><span><a href=\"https:\/\/wettbewerb-archiv.wir-tun-was-fuer-bienen.de\/archiv-2021\/eintrag\/bluehstreifen-fuer-den-elzer-cjd-campus\/\"><img decoding=\"async\" width=\"150\" height=\"150\" src=\"https:\/\/wettbewerb-archiv.wir-tun-was-fuer-bienen.de\/archiv-2021\/wp-content\/uploads\/sites\/3\/2021\/07\/20210426_105917-1-150x150.jpg\" class=\"attachment-thumbnail size-thumbnail\" alt=\"\" loading=\"lazy\" \/><\/a><\/span><\/div>\n\n    <div class=\"user flex\">\n        \n                    <img decoding=\"async\" src=\"https:\/\/wettbewerb-archiv.wir-tun-was-fuer-bienen.de\/archiv-2021\/wp-content\/themes\/bienen\/assets\/images\/avatar-placeholder.png\" style=\"border-radius: 30px;\" height=\"30\" width=\"30\">\n            Bienenwiese f\u00fcr den Elzer CJD Campus            <\/div>\n    \n    \n            <p class=\"categories meta\" style=\"width: 100%\"><span class=\"fa fa-tag\"\n                                                             aria-hidden=\"true\"><\/span> Firmen-, Institutions- und Vereinsg\u00e4rten        <\/p>\n    \n            <p class=\"categories meta\" style=\"width: 100%\"><span class=\"fa fa-map-marker\"\n                                                             aria-hidden=\"true\"><\/span> Niedersachsen        <\/p>\n    \n<\/article>\n   \n\t\t\n          <article id=\"post-49302\" class=\"et_pb_post post-49302 wtwfb_entry type-wtwfb_entry status-publish has-post-thumbnail hentry wtwfb_category-privatgaerten-und-gaerten-von-mietwohnungen-kleiner-500-quadratmeter wtwfb_region-berlin\">\n    <h2 class=\"entry-title\"><a href=\"https:\/\/wettbewerb-archiv.wir-tun-was-fuer-bienen.de\/archiv-2021\/eintrag\/projekt-2021-flachwasser-zone-bepflanzen\/\">Projekt 2021 &#8211;  Flachwasser-Zone bepflanzen<\/a>\n    <\/h2>\n    <a href=\"https:\/\/wettbewerb-archiv.wir-tun-was-fuer-bienen.de\/archiv-2021\/eintrag\/projekt-2021-flachwasser-zone-bepflanzen\/\">\n        <div class=\"bienen-entry-image\">\n            <img decoding=\"async\" width=\"400\" height=\"300\" src=\"https:\/\/wettbewerb-archiv.wir-tun-was-fuer-bienen.de\/archiv-2021\/wp-content\/uploads\/sites\/3\/2021\/07\/IMG_1042-400x300.jpeg\" class=\"attachment-bienen-grid-thumb size-bienen-grid-thumb wp-post-image\" alt=\"\" loading=\"lazy\" \/>                    <\/div>\n    <\/a>\n\n    <div class=\"images-grid\"><span><a href=\"https:\/\/wettbewerb-archiv.wir-tun-was-fuer-bienen.de\/archiv-2021\/eintrag\/projekt-2021-flachwasser-zone-bepflanzen\/\"><img decoding=\"async\" width=\"150\" height=\"150\" src=\"https:\/\/wettbewerb-archiv.wir-tun-was-fuer-bienen.de\/archiv-2021\/wp-content\/uploads\/sites\/3\/2021\/07\/IMG_2839-150x150.jpg\" class=\"attachment-thumbnail size-thumbnail\" alt=\"\" loading=\"lazy\" \/><\/a><\/span><span><a href=\"https:\/\/wettbewerb-archiv.wir-tun-was-fuer-bienen.de\/archiv-2021\/eintrag\/projekt-2021-flachwasser-zone-bepflanzen\/\"><img decoding=\"async\" width=\"150\" height=\"150\" src=\"https:\/\/wettbewerb-archiv.wir-tun-was-fuer-bienen.de\/archiv-2021\/wp-content\/uploads\/sites\/3\/2021\/07\/IMG_3536-150x150.jpg\" class=\"attachment-thumbnail size-thumbnail\" alt=\"\" loading=\"lazy\" \/><\/a><\/span><span><a href=\"https:\/\/wettbewerb-archiv.wir-tun-was-fuer-bienen.de\/archiv-2021\/eintrag\/projekt-2021-flachwasser-zone-bepflanzen\/\"><img decoding=\"async\" width=\"150\" height=\"150\" src=\"https:\/\/wettbewerb-archiv.wir-tun-was-fuer-bienen.de\/archiv-2021\/wp-content\/uploads\/sites\/3\/2021\/07\/IMG_4250-150x150.jpg\" class=\"attachment-thumbnail size-thumbnail\" alt=\"\" loading=\"lazy\" \/><\/a><\/span><span><a href=\"https:\/\/wettbewerb-archiv.wir-tun-was-fuer-bienen.de\/archiv-2021\/eintrag\/projekt-2021-flachwasser-zone-bepflanzen\/\"><img decoding=\"async\" width=\"150\" height=\"150\" src=\"https:\/\/wettbewerb-archiv.wir-tun-was-fuer-bienen.de\/archiv-2021\/wp-content\/uploads\/sites\/3\/2021\/07\/IMG_5160-150x150.jpg\" class=\"attachment-thumbnail size-thumbnail\" alt=\"\" loading=\"lazy\" \/><\/a><\/span><\/div>\n\n    <div class=\"user flex\">\n        \n                    <img decoding=\"async\" src=\"https:\/\/wettbewerb-archiv.wir-tun-was-fuer-bienen.de\/archiv-2021\/wp-content\/themes\/bienen\/assets\/images\/avatar-placeholder.png\" style=\"border-radius: 30px;\" height=\"30\" width=\"30\">\n            Libelle            <\/div>\n    \n    \n            <p class=\"categories meta\" style=\"width: 100%\"><span class=\"fa fa-tag\"\n                                                             aria-hidden=\"true\"><\/span> Privatg\u00e4rten und G\u00e4rten von Mietwohnungen (kleiner als 500 Quadratmeter)        <\/p>\n    \n            <p class=\"categories meta\" style=\"width: 100%\"><span class=\"fa fa-map-marker\"\n                                                             aria-hidden=\"true\"><\/span> Berlin        <\/p>\n    \n<\/article>\n   \n\t\t\n          <article id=\"post-49093\" class=\"et_pb_post post-49093 wtwfb_entry type-wtwfb_entry status-publish has-post-thumbnail hentry wtwfb_category-kleingartenwesen-parzellen-und-gemeinschaftsgaerten wtwfb_region-nordrhein-westfalen\">\n    <h2 class=\"entry-title\"><a href=\"https:\/\/wettbewerb-archiv.wir-tun-was-fuer-bienen.de\/archiv-2021\/eintrag\/die-insektenweide-entwickelt-sich-langsam\/\">Die Insektenweide entwickelt sich langsam<\/a>\n    <\/h2>\n    <a href=\"https:\/\/wettbewerb-archiv.wir-tun-was-fuer-bienen.de\/archiv-2021\/eintrag\/die-insektenweide-entwickelt-sich-langsam\/\">\n        <div class=\"bienen-entry-image\">\n            <img decoding=\"async\" width=\"400\" height=\"300\" src=\"https:\/\/wettbewerb-archiv.wir-tun-was-fuer-bienen.de\/archiv-2021\/wp-content\/uploads\/sites\/3\/2021\/07\/K1-400x300.jpg\" class=\"attachment-bienen-grid-thumb size-bienen-grid-thumb wp-post-image\" alt=\"\" loading=\"lazy\" \/>                    <\/div>\n    <\/a>\n\n    <div class=\"images-grid\"><span><a href=\"https:\/\/wettbewerb-archiv.wir-tun-was-fuer-bienen.de\/archiv-2021\/eintrag\/die-insektenweide-entwickelt-sich-langsam\/\"><img decoding=\"async\" width=\"150\" height=\"150\" src=\"https:\/\/wettbewerb-archiv.wir-tun-was-fuer-bienen.de\/archiv-2021\/wp-content\/uploads\/sites\/3\/2021\/07\/200219500943_324507-150x150.jpg\" class=\"attachment-thumbnail size-thumbnail\" alt=\"\" loading=\"lazy\" \/><\/a><\/span><span><a href=\"https:\/\/wettbewerb-archiv.wir-tun-was-fuer-bienen.de\/archiv-2021\/eintrag\/die-insektenweide-entwickelt-sich-langsam\/\"><img decoding=\"async\" width=\"150\" height=\"150\" src=\"https:\/\/wettbewerb-archiv.wir-tun-was-fuer-bienen.de\/archiv-2021\/wp-content\/uploads\/sites\/3\/2021\/07\/Benjes-Hecke-4-150x150.jpg\" class=\"attachment-thumbnail size-thumbnail\" alt=\"\" loading=\"lazy\" \/><\/a><\/span><span><a href=\"https:\/\/wettbewerb-archiv.wir-tun-was-fuer-bienen.de\/archiv-2021\/eintrag\/die-insektenweide-entwickelt-sich-langsam\/\"><img decoding=\"async\" width=\"150\" height=\"150\" src=\"https:\/\/wettbewerb-archiv.wir-tun-was-fuer-bienen.de\/archiv-2021\/wp-content\/uploads\/sites\/3\/2021\/07\/Insektentraenke-150x150.jpg\" class=\"attachment-thumbnail size-thumbnail\" alt=\"\" loading=\"lazy\" \/><\/a><\/span><span><a href=\"https:\/\/wettbewerb-archiv.wir-tun-was-fuer-bienen.de\/archiv-2021\/eintrag\/die-insektenweide-entwickelt-sich-langsam\/\"><img decoding=\"async\" width=\"150\" height=\"150\" src=\"https:\/\/wettbewerb-archiv.wir-tun-was-fuer-bienen.de\/archiv-2021\/wp-content\/uploads\/sites\/3\/2021\/07\/Vorher-5-150x150.jpg\" class=\"attachment-thumbnail size-thumbnail\" alt=\"\" loading=\"lazy\" \/><\/a><\/span><\/div>\n\n    <div class=\"user flex\">\n        \n                    <img decoding=\"async\" src=\"https:\/\/wettbewerb-archiv.wir-tun-was-fuer-bienen.de\/archiv-2021\/wp-content\/themes\/bienen\/assets\/images\/avatar-placeholder.png\" style=\"border-radius: 30px;\" height=\"30\" width=\"30\">\n            Urban Gardening Hagelkreuz            <\/div>\n    \n    \n            <p class=\"categories meta\" style=\"width: 100%\"><span class=\"fa fa-tag\"\n                                                             aria-hidden=\"true\"><\/span> Kleingartenwesen: Parzellen und Gemeinschaftsg\u00e4rten        <\/p>\n    \n            <p class=\"categories meta\" style=\"width: 100%\"><span class=\"fa fa-map-marker\"\n                                                             aria-hidden=\"true\"><\/span> Nordrhein-Westfalen        <\/p>\n    \n<\/article>\n   \n\t\t\n          <article id=\"post-49070\" class=\"et_pb_post post-49070 wtwfb_entry type-wtwfb_entry status-publish has-post-thumbnail hentry wtwfb_category-kita-und-kindergartengaerten wtwfb_region-nordrhein-westfalen\">\n    <h2 class=\"entry-title\"><a href=\"https:\/\/wettbewerb-archiv.wir-tun-was-fuer-bienen.de\/archiv-2021\/eintrag\/es-blueht-so-schoen-im-kinder-garten\/\">Es bl\u00fcht so sch\u00f6n im (Kinder-)Garten<\/a>\n    <\/h2>\n    <a href=\"https:\/\/wettbewerb-archiv.wir-tun-was-fuer-bienen.de\/archiv-2021\/eintrag\/es-blueht-so-schoen-im-kinder-garten\/\">\n        <div class=\"bienen-entry-image\">\n            <img decoding=\"async\" width=\"400\" height=\"300\" src=\"https:\/\/wettbewerb-archiv.wir-tun-was-fuer-bienen.de\/archiv-2021\/wp-content\/uploads\/sites\/3\/2021\/07\/DSC_0104-400x300.jpg\" class=\"attachment-bienen-grid-thumb size-bienen-grid-thumb wp-post-image\" alt=\"\" loading=\"lazy\" \/>                    <\/div>\n    <\/a>\n\n    <div class=\"images-grid\"><span><a href=\"https:\/\/wettbewerb-archiv.wir-tun-was-fuer-bienen.de\/archiv-2021\/eintrag\/es-blueht-so-schoen-im-kinder-garten\/\"><img decoding=\"async\" width=\"150\" height=\"150\" src=\"https:\/\/wettbewerb-archiv.wir-tun-was-fuer-bienen.de\/archiv-2021\/wp-content\/uploads\/sites\/3\/2021\/07\/DSC_0210-150x150.jpg\" class=\"attachment-thumbnail size-thumbnail\" alt=\"\" loading=\"lazy\" \/><\/a><\/span><span><a href=\"https:\/\/wettbewerb-archiv.wir-tun-was-fuer-bienen.de\/archiv-2021\/eintrag\/es-blueht-so-schoen-im-kinder-garten\/\"><img decoding=\"async\" width=\"150\" height=\"150\" src=\"https:\/\/wettbewerb-archiv.wir-tun-was-fuer-bienen.de\/archiv-2021\/wp-content\/uploads\/sites\/3\/2021\/07\/DSC_0527-1-150x150.jpg\" class=\"attachment-thumbnail size-thumbnail\" alt=\"\" loading=\"lazy\" \/><\/a><\/span><span><a href=\"https:\/\/wettbewerb-archiv.wir-tun-was-fuer-bienen.de\/archiv-2021\/eintrag\/es-blueht-so-schoen-im-kinder-garten\/\"><img decoding=\"async\" width=\"150\" height=\"150\" src=\"https:\/\/wettbewerb-archiv.wir-tun-was-fuer-bienen.de\/archiv-2021\/wp-content\/uploads\/sites\/3\/2021\/07\/DSC_0532-150x150.jpg\" class=\"attachment-thumbnail size-thumbnail\" alt=\"\" loading=\"lazy\" \/><\/a><\/span><span><a href=\"https:\/\/wettbewerb-archiv.wir-tun-was-fuer-bienen.de\/archiv-2021\/eintrag\/es-blueht-so-schoen-im-kinder-garten\/\"><img decoding=\"async\" width=\"150\" height=\"150\" src=\"https:\/\/wettbewerb-archiv.wir-tun-was-fuer-bienen.de\/archiv-2021\/wp-content\/uploads\/sites\/3\/2021\/07\/DSC_0529-150x150.jpg\" class=\"attachment-thumbnail size-thumbnail\" alt=\"\" loading=\"lazy\" \/><\/a><\/span><\/div>\n\n    <div class=\"user flex\">\n        \n                    <img decoding=\"async\" src=\"https:\/\/wettbewerb-archiv.wir-tun-was-fuer-bienen.de\/archiv-2021\/wp-content\/themes\/bienen\/assets\/images\/avatar-placeholder.png\" style=\"border-radius: 30px;\" height=\"30\" width=\"30\">\n            KigaMartin            <\/div>\n    \n    \n            <p class=\"categories meta\" style=\"width: 100%\"><span class=\"fa fa-tag\"\n                                                             aria-hidden=\"true\"><\/span> Kita- und Kindergarteng\u00e4rten        <\/p>\n    \n            <p class=\"categories meta\" style=\"width: 100%\"><span class=\"fa fa-map-marker\"\n                                                             aria-hidden=\"true\"><\/span> Nordrhein-Westfalen        <\/p>\n    \n<\/article>\n   \n\t\t\n          <article id=\"post-48725\" class=\"et_pb_post post-48725 wtwfb_entry type-wtwfb_entry status-publish has-post-thumbnail hentry wtwfb_category-kommunale-flaechen-parks-baumscheiben wtwfb_region-nordrhein-westfalen\">\n    <h2 class=\"entry-title\"><a href=\"https:\/\/wettbewerb-archiv.wir-tun-was-fuer-bienen.de\/archiv-2021\/eintrag\/naturnahes-bestatten\/\">Naturnahes Bestatten<\/a>\n    <\/h2>\n    <a href=\"https:\/\/wettbewerb-archiv.wir-tun-was-fuer-bienen.de\/archiv-2021\/eintrag\/naturnahes-bestatten\/\">\n        <div class=\"bienen-entry-image\">\n            <img decoding=\"async\" width=\"400\" height=\"300\" src=\"https:\/\/wettbewerb-archiv.wir-tun-was-fuer-bienen.de\/archiv-2021\/wp-content\/uploads\/sites\/3\/2021\/07\/IMG_3485-400x300.jpg\" class=\"attachment-bienen-grid-thumb size-bienen-grid-thumb wp-post-image\" alt=\"\" loading=\"lazy\" \/>                    <\/div>\n    <\/a>\n\n    <div class=\"images-grid\"><span><a href=\"https:\/\/wettbewerb-archiv.wir-tun-was-fuer-bienen.de\/archiv-2021\/eintrag\/naturnahes-bestatten\/\"><img decoding=\"async\" width=\"150\" height=\"150\" src=\"https:\/\/wettbewerb-archiv.wir-tun-was-fuer-bienen.de\/archiv-2021\/wp-content\/uploads\/sites\/3\/2021\/07\/IMG_2736-1-150x150.jpg\" class=\"attachment-thumbnail size-thumbnail\" alt=\"\" loading=\"lazy\" \/><\/a><\/span><span><a href=\"https:\/\/wettbewerb-archiv.wir-tun-was-fuer-bienen.de\/archiv-2021\/eintrag\/naturnahes-bestatten\/\"><img decoding=\"async\" width=\"150\" height=\"150\" src=\"https:\/\/wettbewerb-archiv.wir-tun-was-fuer-bienen.de\/archiv-2021\/wp-content\/uploads\/sites\/3\/2021\/07\/0-150x150.jpg\" class=\"attachment-thumbnail size-thumbnail\" alt=\"\" loading=\"lazy\" \/><\/a><\/span><span><a href=\"https:\/\/wettbewerb-archiv.wir-tun-was-fuer-bienen.de\/archiv-2021\/eintrag\/naturnahes-bestatten\/\"><img decoding=\"async\" width=\"150\" height=\"150\" src=\"https:\/\/wettbewerb-archiv.wir-tun-was-fuer-bienen.de\/archiv-2021\/wp-content\/uploads\/sites\/3\/2021\/07\/Friedhof-Born.-Dez.-7-150x150.jpg\" class=\"attachment-thumbnail size-thumbnail\" alt=\"\" loading=\"lazy\" \/><\/a><\/span><span><a href=\"https:\/\/wettbewerb-archiv.wir-tun-was-fuer-bienen.de\/archiv-2021\/eintrag\/naturnahes-bestatten\/\"><img decoding=\"async\" width=\"150\" height=\"150\" src=\"https:\/\/wettbewerb-archiv.wir-tun-was-fuer-bienen.de\/archiv-2021\/wp-content\/uploads\/sites\/3\/2021\/07\/IMG_3485-2-150x150.jpg\" class=\"attachment-thumbnail size-thumbnail\" alt=\"\" loading=\"lazy\" \/><\/a><\/span><\/div>\n\n    <div class=\"user flex\">\n        \n                    <img decoding=\"async\" src=\"https:\/\/wettbewerb-archiv.wir-tun-was-fuer-bienen.de\/archiv-2021\/wp-content\/themes\/bienen\/assets\/images\/avatar-placeholder.png\" style=\"border-radius: 30px;\" height=\"30\" width=\"30\">\n            Naturnahes Bestatten            <\/div>\n    \n    \n            <p class=\"categories meta\" style=\"width: 100%\"><span class=\"fa fa-tag\"\n                                                             aria-hidden=\"true\"><\/span> Kommunale Fl\u00e4chen, Parks, Baumscheiben        <\/p>\n    \n            <p class=\"categories meta\" style=\"width: 100%\"><span class=\"fa fa-map-marker\"\n                                                             aria-hidden=\"true\"><\/span> Nordrhein-Westfalen        <\/p>\n    \n<\/article>\n   \n\t\t\n          <article id=\"post-48578\" class=\"et_pb_post post-48578 wtwfb_entry type-wtwfb_entry status-publish has-post-thumbnail hentry wtwfb_category-kommunale-flaechen-parks-baumscheiben wtwfb_region-nordrhein-westfalen\">\n    <h2 class=\"entry-title\"><a href=\"https:\/\/wettbewerb-archiv.wir-tun-was-fuer-bienen.de\/archiv-2021\/eintrag\/bluehwiesen-im-stadtgebiet-uebach-palenberg\/\">Bl\u00fchwiesen im Stadtgebiet \u00dcbach-Palenberg<\/a>\n    <\/h2>\n    <a href=\"https:\/\/wettbewerb-archiv.wir-tun-was-fuer-bienen.de\/archiv-2021\/eintrag\/bluehwiesen-im-stadtgebiet-uebach-palenberg\/\">\n        <div class=\"bienen-entry-image\">\n            <img decoding=\"async\" width=\"400\" height=\"300\" src=\"https:\/\/wettbewerb-archiv.wir-tun-was-fuer-bienen.de\/archiv-2021\/wp-content\/uploads\/sites\/3\/2021\/07\/IMG-20210316-WA0006-400x300.jpg\" class=\"attachment-bienen-grid-thumb size-bienen-grid-thumb wp-post-image\" alt=\"\" loading=\"lazy\" \/>                    <\/div>\n    <\/a>\n\n    <div class=\"images-grid\"><span><a href=\"https:\/\/wettbewerb-archiv.wir-tun-was-fuer-bienen.de\/archiv-2021\/eintrag\/bluehwiesen-im-stadtgebiet-uebach-palenberg\/\"><img decoding=\"async\" width=\"150\" height=\"150\" src=\"https:\/\/wettbewerb-archiv.wir-tun-was-fuer-bienen.de\/archiv-2021\/wp-content\/uploads\/sites\/3\/2021\/07\/IMG-20210316-WA0004-150x150.jpg\" class=\"attachment-thumbnail size-thumbnail\" alt=\"\" loading=\"lazy\" \/><\/a><\/span><span><a href=\"https:\/\/wettbewerb-archiv.wir-tun-was-fuer-bienen.de\/archiv-2021\/eintrag\/bluehwiesen-im-stadtgebiet-uebach-palenberg\/\"><img decoding=\"async\" width=\"150\" height=\"150\" src=\"https:\/\/wettbewerb-archiv.wir-tun-was-fuer-bienen.de\/archiv-2021\/wp-content\/uploads\/sites\/3\/2021\/07\/Saatmischung-150x150.jpg\" class=\"attachment-thumbnail size-thumbnail\" alt=\"\" loading=\"lazy\" \/><\/a><\/span><span><a href=\"https:\/\/wettbewerb-archiv.wir-tun-was-fuer-bienen.de\/archiv-2021\/eintrag\/bluehwiesen-im-stadtgebiet-uebach-palenberg\/\"><img decoding=\"async\" width=\"150\" height=\"150\" src=\"https:\/\/wettbewerb-archiv.wir-tun-was-fuer-bienen.de\/archiv-2021\/wp-content\/uploads\/sites\/3\/2021\/07\/IMG_20210719_143055-150x150.jpg\" class=\"attachment-thumbnail size-thumbnail\" alt=\"\" loading=\"lazy\" \/><\/a><\/span><span><a href=\"https:\/\/wettbewerb-archiv.wir-tun-was-fuer-bienen.de\/archiv-2021\/eintrag\/bluehwiesen-im-stadtgebiet-uebach-palenberg\/\"><img decoding=\"async\" width=\"150\" height=\"150\" src=\"https:\/\/wettbewerb-archiv.wir-tun-was-fuer-bienen.de\/archiv-2021\/wp-content\/uploads\/sites\/3\/2021\/07\/Vorderseite-Saatmischung-150x150.jpg\" class=\"attachment-thumbnail size-thumbnail\" alt=\"\" loading=\"lazy\" \/><\/a><\/span><\/div>\n\n    <div class=\"user flex\">\n        \n                    <img decoding=\"async\" src=\"https:\/\/wettbewerb-archiv.wir-tun-was-fuer-bienen.de\/archiv-2021\/wp-content\/themes\/bienen\/assets\/images\/avatar-placeholder.png\" style=\"border-radius: 30px;\" height=\"30\" width=\"30\">\n            Stadt \u00dcbach-Palenberg            <\/div>\n    \n    \n            <p class=\"categories meta\" style=\"width: 100%\"><span class=\"fa fa-tag\"\n                                                             aria-hidden=\"true\"><\/span> Kommunale Fl\u00e4chen, Parks, Baumscheiben        <\/p>\n    \n            <p class=\"categories meta\" style=\"width: 100%\"><span class=\"fa fa-map-marker\"\n                                                             aria-hidden=\"true\"><\/span> Nordrhein-Westfalen        <\/p>\n    \n<\/article>\n   \n\t\t\n          <article id=\"post-48569\" class=\"et_pb_post post-48569 wtwfb_entry type-wtwfb_entry status-publish has-post-thumbnail hentry wtwfb_category-balkone-terrassen-dachbegruenung-vertikale-gaerten wtwfb_region-schleswig-holstein\">\n    <h2 class=\"entry-title\"><a href=\"https:\/\/wettbewerb-archiv.wir-tun-was-fuer-bienen.de\/archiv-2021\/eintrag\/hochbeet-fuer-wildbienen\/\">Wildbienen &amp; Co. im Hochbeet ansiedeln &#8211; bee wild!<\/a>\n    <\/h2>\n    <a href=\"https:\/\/wettbewerb-archiv.wir-tun-was-fuer-bienen.de\/archiv-2021\/eintrag\/hochbeet-fuer-wildbienen\/\">\n        <div class=\"bienen-entry-image\">\n            <img decoding=\"async\" width=\"400\" height=\"300\" src=\"https:\/\/wettbewerb-archiv.wir-tun-was-fuer-bienen.de\/archiv-2021\/wp-content\/uploads\/sites\/3\/2021\/07\/IMG_20210706_160134_521-400x300.jpg\" class=\"attachment-bienen-grid-thumb size-bienen-grid-thumb wp-post-image\" alt=\"\" loading=\"lazy\" \/>                    <\/div>\n    <\/a>\n\n    <div class=\"images-grid\"><span><a href=\"https:\/\/wettbewerb-archiv.wir-tun-was-fuer-bienen.de\/archiv-2021\/eintrag\/hochbeet-fuer-wildbienen\/\"><img decoding=\"async\" width=\"150\" height=\"150\" src=\"https:\/\/wettbewerb-archiv.wir-tun-was-fuer-bienen.de\/archiv-2021\/wp-content\/uploads\/sites\/3\/2021\/07\/16255837034685856556710277524410-150x150.jpg\" class=\"attachment-thumbnail size-thumbnail\" alt=\"\" loading=\"lazy\" \/><\/a><\/span><span><a href=\"https:\/\/wettbewerb-archiv.wir-tun-was-fuer-bienen.de\/archiv-2021\/eintrag\/hochbeet-fuer-wildbienen\/\"><img decoding=\"async\" width=\"150\" height=\"150\" src=\"https:\/\/wettbewerb-archiv.wir-tun-was-fuer-bienen.de\/archiv-2021\/wp-content\/uploads\/sites\/3\/2021\/07\/16255847582264370185699939715662-150x150.jpg\" class=\"attachment-thumbnail size-thumbnail\" alt=\"\" loading=\"lazy\" \/><\/a><\/span><span><a href=\"https:\/\/wettbewerb-archiv.wir-tun-was-fuer-bienen.de\/archiv-2021\/eintrag\/hochbeet-fuer-wildbienen\/\"><img decoding=\"async\" width=\"150\" height=\"150\" src=\"https:\/\/wettbewerb-archiv.wir-tun-was-fuer-bienen.de\/archiv-2021\/wp-content\/uploads\/sites\/3\/2021\/07\/16255908525137103722481204566819-150x150.jpg\" class=\"attachment-thumbnail size-thumbnail\" alt=\"\" loading=\"lazy\" \/><\/a><\/span><\/div>\n\n    <div class=\"user flex\">\n        \n                    <img decoding=\"async\" src=\"https:\/\/wettbewerb-archiv.wir-tun-was-fuer-bienen.de\/archiv-2021\/wp-content\/themes\/bienen\/assets\/images\/avatar-placeholder.png\" style=\"border-radius: 30px;\" height=\"30\" width=\"30\">\n            Heike Schirmeyer            <\/div>\n    \n    \n            <p class=\"categories meta\" style=\"width: 100%\"><span class=\"fa fa-tag\"\n                                                             aria-hidden=\"true\"><\/span> Balkone, Terrassen, Dachbegr\u00fcnung, vertikale G\u00e4rten        <\/p>\n    \n            <p class=\"categories meta\" style=\"width: 100%\"><span class=\"fa fa-map-marker\"\n                                                             aria-hidden=\"true\"><\/span> Schleswig-Holstein        <\/p>\n    \n<\/article>\n   \n\t\t\n          <article id=\"post-48553\" class=\"et_pb_post post-48553 wtwfb_entry type-wtwfb_entry status-publish has-post-thumbnail hentry wtwfb_category-kommunale-flaechen-parks-baumscheiben wtwfb_region-nordrhein-westfalen\">\n    <h2 class=\"entry-title\"><a href=\"https:\/\/wettbewerb-archiv.wir-tun-was-fuer-bienen.de\/archiv-2021\/eintrag\/neubeckum-blueht-auf-2\/\">Neubeckum bl\u00fcht auf!<\/a>\n    <\/h2>\n    <a href=\"https:\/\/wettbewerb-archiv.wir-tun-was-fuer-bienen.de\/archiv-2021\/eintrag\/neubeckum-blueht-auf-2\/\">\n        <div class=\"bienen-entry-image\">\n            <img decoding=\"async\" width=\"400\" height=\"300\" src=\"https:\/\/wettbewerb-archiv.wir-tun-was-fuer-bienen.de\/archiv-2021\/wp-content\/uploads\/sites\/3\/2021\/07\/IMG_20210706_143230_6372-400x300.jpg\" class=\"attachment-bienen-grid-thumb size-bienen-grid-thumb wp-post-image\" alt=\"\" loading=\"lazy\" \/>                    <\/div>\n    <\/a>\n\n    <div class=\"images-grid\"><span><a href=\"https:\/\/wettbewerb-archiv.wir-tun-was-fuer-bienen.de\/archiv-2021\/eintrag\/neubeckum-blueht-auf-2\/\"><img decoding=\"async\" width=\"150\" height=\"150\" src=\"https:\/\/wettbewerb-archiv.wir-tun-was-fuer-bienen.de\/archiv-2021\/wp-content\/uploads\/sites\/3\/2021\/07\/CollageMaker_20210706_225745384-150x150.jpg\" class=\"attachment-thumbnail size-thumbnail\" alt=\"\" loading=\"lazy\" \/><\/a><\/span><span><a href=\"https:\/\/wettbewerb-archiv.wir-tun-was-fuer-bienen.de\/archiv-2021\/eintrag\/neubeckum-blueht-auf-2\/\"><img decoding=\"async\" width=\"150\" height=\"150\" src=\"https:\/\/wettbewerb-archiv.wir-tun-was-fuer-bienen.de\/archiv-2021\/wp-content\/uploads\/sites\/3\/2021\/07\/CollageMaker_20210706_160931003-150x150.jpg\" class=\"attachment-thumbnail size-thumbnail\" alt=\"\" loading=\"lazy\" \/><\/a><\/span><span><a href=\"https:\/\/wettbewerb-archiv.wir-tun-was-fuer-bienen.de\/archiv-2021\/eintrag\/neubeckum-blueht-auf-2\/\"><img decoding=\"async\" width=\"150\" height=\"150\" src=\"https:\/\/wettbewerb-archiv.wir-tun-was-fuer-bienen.de\/archiv-2021\/wp-content\/uploads\/sites\/3\/2021\/07\/CollageMaker_20210706_214649610-150x150.jpg\" class=\"attachment-thumbnail size-thumbnail\" alt=\"\" loading=\"lazy\" \/><\/a><\/span><span><a href=\"https:\/\/wettbewerb-archiv.wir-tun-was-fuer-bienen.de\/archiv-2021\/eintrag\/neubeckum-blueht-auf-2\/\"><img decoding=\"async\" width=\"150\" height=\"150\" src=\"https:\/\/wettbewerb-archiv.wir-tun-was-fuer-bienen.de\/archiv-2021\/wp-content\/uploads\/sites\/3\/2021\/07\/CollageMaker_20210706_160646478-150x150.jpg\" class=\"attachment-thumbnail size-thumbnail\" alt=\"\" loading=\"lazy\" \/><\/a><\/span><\/div>\n\n    <div class=\"user flex\">\n        \n                    <img decoding=\"async\" src=\"https:\/\/wettbewerb-archiv.wir-tun-was-fuer-bienen.de\/archiv-2021\/wp-content\/themes\/bienen\/assets\/images\/avatar-placeholder.png\" style=\"border-radius: 30px;\" height=\"30\" width=\"30\">\n            Verve!Gemeinschaft,Kultur & Schwung f\u00fcr Neubeckum            <\/div>\n    \n    <p class=\"categories meta bienen-gewinner\"><span class=\"fa fa-trophy\"                                                              aria-hidden=\"true\"><\/span> Gewinner<\/p>\n            <p class=\"categories meta\" style=\"width: 100%\"><span class=\"fa fa-tag\"\n                                                             aria-hidden=\"true\"><\/span> Kommunale Fl\u00e4chen, Parks, Baumscheiben        <\/p>\n    \n            <p class=\"categories meta\" style=\"width: 100%\"><span class=\"fa fa-map-marker\"\n                                                             aria-hidden=\"true\"><\/span> Nordrhein-Westfalen        <\/p>\n    \n<\/article>\n   \n\t\t\n          <article id=\"post-48509\" class=\"et_pb_post post-48509 wtwfb_entry type-wtwfb_entry status-publish has-post-thumbnail hentry wtwfb_category-schul-und-jugendclub-gaerten wtwfb_region-baden-wuerttemberg\">\n    <h2 class=\"entry-title\"><a href=\"https:\/\/wettbewerb-archiv.wir-tun-was-fuer-bienen.de\/archiv-2021\/eintrag\/bienenhotel-franz-xaver-klingler-grundschule-wittnau\/\">Bienenhotel Franz-Xaver-Klingler-Grundschule Wittnau<\/a>\n    <\/h2>\n    <a href=\"https:\/\/wettbewerb-archiv.wir-tun-was-fuer-bienen.de\/archiv-2021\/eintrag\/bienenhotel-franz-xaver-klingler-grundschule-wittnau\/\">\n        <div class=\"bienen-entry-image\">\n            <img decoding=\"async\" width=\"400\" height=\"300\" src=\"https:\/\/wettbewerb-archiv.wir-tun-was-fuer-bienen.de\/archiv-2021\/wp-content\/uploads\/sites\/3\/2021\/07\/Bienen6-400x300.jpeg\" class=\"attachment-bienen-grid-thumb size-bienen-grid-thumb wp-post-image\" alt=\"\" loading=\"lazy\" \/>                    <\/div>\n    <\/a>\n\n    <div class=\"images-grid\"><span><a href=\"https:\/\/wettbewerb-archiv.wir-tun-was-fuer-bienen.de\/archiv-2021\/eintrag\/bienenhotel-franz-xaver-klingler-grundschule-wittnau\/\"><img decoding=\"async\" width=\"150\" height=\"150\" src=\"https:\/\/wettbewerb-archiv.wir-tun-was-fuer-bienen.de\/archiv-2021\/wp-content\/uploads\/sites\/3\/2021\/07\/Bienen2-1-150x150.jpeg\" class=\"attachment-thumbnail size-thumbnail\" alt=\"\" loading=\"lazy\" \/><\/a><\/span><span><a href=\"https:\/\/wettbewerb-archiv.wir-tun-was-fuer-bienen.de\/archiv-2021\/eintrag\/bienenhotel-franz-xaver-klingler-grundschule-wittnau\/\"><img decoding=\"async\" width=\"150\" height=\"150\" src=\"https:\/\/wettbewerb-archiv.wir-tun-was-fuer-bienen.de\/archiv-2021\/wp-content\/uploads\/sites\/3\/2021\/07\/Bienen3-150x150.jpeg\" class=\"attachment-thumbnail size-thumbnail\" alt=\"\" loading=\"lazy\" \/><\/a><\/span><span><a href=\"https:\/\/wettbewerb-archiv.wir-tun-was-fuer-bienen.de\/archiv-2021\/eintrag\/bienenhotel-franz-xaver-klingler-grundschule-wittnau\/\"><img decoding=\"async\" width=\"150\" height=\"150\" src=\"https:\/\/wettbewerb-archiv.wir-tun-was-fuer-bienen.de\/archiv-2021\/wp-content\/uploads\/sites\/3\/2021\/07\/Bienen4-150x150.jpeg\" class=\"attachment-thumbnail size-thumbnail\" alt=\"\" loading=\"lazy\" \/><\/a><\/span><span><a href=\"https:\/\/wettbewerb-archiv.wir-tun-was-fuer-bienen.de\/archiv-2021\/eintrag\/bienenhotel-franz-xaver-klingler-grundschule-wittnau\/\"><img decoding=\"async\" width=\"150\" height=\"150\" src=\"https:\/\/wettbewerb-archiv.wir-tun-was-fuer-bienen.de\/archiv-2021\/wp-content\/uploads\/sites\/3\/2021\/07\/Bienen5-150x150.jpeg\" class=\"attachment-thumbnail size-thumbnail\" alt=\"\" loading=\"lazy\" \/><\/a><\/span><\/div>\n\n    <div class=\"user flex\">\n        \n                    <img decoding=\"async\" src=\"https:\/\/wettbewerb-archiv.wir-tun-was-fuer-bienen.de\/archiv-2021\/wp-content\/themes\/bienen\/assets\/images\/avatar-placeholder.png\" style=\"border-radius: 30px;\" height=\"30\" width=\"30\">\n            Franz-Xaver-Klingler-Grundschule            <\/div>\n    \n    \n            <p class=\"categories meta\" style=\"width: 100%\"><span class=\"fa fa-tag\"\n                                                             aria-hidden=\"true\"><\/span> Schul- und Jugendclub-G\u00e4rten        <\/p>\n    \n            <p class=\"categories meta\" style=\"width: 100%\"><span class=\"fa fa-map-marker\"\n                                                             aria-hidden=\"true\"><\/span> Baden-W\u00fcrttemberg        <\/p>\n    \n<\/article>\n   \n\t\t\n          <article id=\"post-48460\" class=\"et_pb_post post-48460 wtwfb_entry type-wtwfb_entry status-publish has-post-thumbnail hentry wtwfb_category-bestehende-naturgaerten wtwfb_region-saarland\">\n    <h2 class=\"entry-title\"><a href=\"https:\/\/wettbewerb-archiv.wir-tun-was-fuer-bienen.de\/archiv-2021\/eintrag\/im-vorgarten-lebts\/\">Im Vorgarten lebt\u2018s!<\/a>\n    <\/h2>\n    <a href=\"https:\/\/wettbewerb-archiv.wir-tun-was-fuer-bienen.de\/archiv-2021\/eintrag\/im-vorgarten-lebts\/\">\n        <div class=\"bienen-entry-image\">\n            <img decoding=\"async\" width=\"400\" height=\"300\" src=\"https:\/\/wettbewerb-archiv.wir-tun-was-fuer-bienen.de\/archiv-2021\/wp-content\/uploads\/sites\/3\/2021\/07\/70D6F2F1-32B1-4019-9EC5-7E7B136F2FE2-400x300.jpeg\" class=\"attachment-bienen-grid-thumb size-bienen-grid-thumb wp-post-image\" alt=\"\" loading=\"lazy\" \/>                    <\/div>\n    <\/a>\n\n    <div class=\"images-grid\"><\/div>\n\n    <div class=\"user flex\">\n        \n                    <img decoding=\"async\" src=\"https:\/\/wettbewerb-archiv.wir-tun-was-fuer-bienen.de\/archiv-2021\/wp-content\/themes\/bienen\/assets\/images\/avatar-placeholder.png\" style=\"border-radius: 30px;\" height=\"30\" width=\"30\">\n            Barbara Rimbrecht            <\/div>\n    \n    \n            <p class=\"categories meta\" style=\"width: 100%\"><span class=\"fa fa-tag\"\n                                                             aria-hidden=\"true\"><\/span> Bestehende Naturg\u00e4rten (ohne Pflanzaktionen)        <\/p>\n    \n            <p class=\"categories meta\" style=\"width: 100%\"><span class=\"fa fa-map-marker\"\n                                                             aria-hidden=\"true\"><\/span> Saarland        <\/p>\n    \n<\/article>\n   \n\t\t\n          <article id=\"post-48439\" class=\"et_pb_post post-48439 wtwfb_entry type-wtwfb_entry status-publish has-post-thumbnail hentry wtwfb_category-privatgaerten-und-gaerten-von-mietwohnungen-groesser-500-quadratmeter wtwfb_region-bayern\">\n    <h2 class=\"entry-title\"><a href=\"https:\/\/wettbewerb-archiv.wir-tun-was-fuer-bienen.de\/archiv-2021\/eintrag\/wie-bekomme-ich-blueh-in-eine-gruen-und-braun-wueste\/\">Wie bekomme ich Bl\u00fch in eine gr\u00fcn-und-braun-W\u00fcste<\/a>\n    <\/h2>\n    <a href=\"https:\/\/wettbewerb-archiv.wir-tun-was-fuer-bienen.de\/archiv-2021\/eintrag\/wie-bekomme-ich-blueh-in-eine-gruen-und-braun-wueste\/\">\n        <div class=\"bienen-entry-image\">\n            <img decoding=\"async\" width=\"400\" height=\"300\" src=\"https:\/\/wettbewerb-archiv.wir-tun-was-fuer-bienen.de\/archiv-2021\/wp-content\/uploads\/sites\/3\/2021\/07\/20210615_060904-400x300.jpg\" class=\"attachment-bienen-grid-thumb size-bienen-grid-thumb wp-post-image\" alt=\"\" loading=\"lazy\" \/>                    <\/div>\n    <\/a>\n\n    <div class=\"images-grid\"><\/div>\n\n    <div class=\"user flex\">\n        \n                    <img decoding=\"async\" src=\"https:\/\/wettbewerb-archiv.wir-tun-was-fuer-bienen.de\/archiv-2021\/wp-content\/themes\/bienen\/assets\/images\/avatar-placeholder.png\" style=\"border-radius: 30px;\" height=\"30\" width=\"30\">\n            Somnia            <\/div>\n    \n    \n            <p class=\"categories meta\" style=\"width: 100%\"><span class=\"fa fa-tag\"\n                                                             aria-hidden=\"true\"><\/span> Privatg\u00e4rten und G\u00e4rten von Mietwohnungen (gr\u00f6\u00dfer als 500 Quadratmeter)        <\/p>\n    \n            <p class=\"categories meta\" style=\"width: 100%\"><span class=\"fa fa-map-marker\"\n                                                             aria-hidden=\"true\"><\/span> Bayern        <\/p>\n    \n<\/article>\n   \n\t\t\n          <article id=\"post-48415\" class=\"et_pb_post post-48415 wtwfb_entry type-wtwfb_entry status-publish has-post-thumbnail hentry wtwfb_category-bestehende-naturgaerten wtwfb_region-berlin\">\n    <h2 class=\"entry-title\"><a href=\"https:\/\/wettbewerb-archiv.wir-tun-was-fuer-bienen.de\/archiv-2021\/eintrag\/ein-garten-ueber-den-daechern-von-berlin-friedenau\/\">Ein Garten \u00fcber den D\u00e4chern von Berlin-Friedenau<\/a>\n    <\/h2>\n    <a href=\"https:\/\/wettbewerb-archiv.wir-tun-was-fuer-bienen.de\/archiv-2021\/eintrag\/ein-garten-ueber-den-daechern-von-berlin-friedenau\/\">\n        <div class=\"bienen-entry-image\">\n            <img decoding=\"async\" width=\"400\" height=\"300\" src=\"https:\/\/wettbewerb-archiv.wir-tun-was-fuer-bienen.de\/archiv-2021\/wp-content\/uploads\/sites\/3\/2021\/07\/DSC07926-1-400x300.jpeg\" class=\"attachment-bienen-grid-thumb size-bienen-grid-thumb wp-post-image\" alt=\"\" loading=\"lazy\" \/>                    <\/div>\n    <\/a>\n\n    <div class=\"images-grid\"><span><a href=\"https:\/\/wettbewerb-archiv.wir-tun-was-fuer-bienen.de\/archiv-2021\/eintrag\/ein-garten-ueber-den-daechern-von-berlin-friedenau\/\"><img decoding=\"async\" width=\"150\" height=\"150\" src=\"https:\/\/wettbewerb-archiv.wir-tun-was-fuer-bienen.de\/archiv-2021\/wp-content\/uploads\/sites\/3\/2021\/07\/IMG_0329-150x150.jpeg\" class=\"attachment-thumbnail size-thumbnail\" alt=\"\" loading=\"lazy\" \/><\/a><\/span><span><a href=\"https:\/\/wettbewerb-archiv.wir-tun-was-fuer-bienen.de\/archiv-2021\/eintrag\/ein-garten-ueber-den-daechern-von-berlin-friedenau\/\"><img decoding=\"async\" width=\"150\" height=\"150\" src=\"https:\/\/wettbewerb-archiv.wir-tun-was-fuer-bienen.de\/archiv-2021\/wp-content\/uploads\/sites\/3\/2021\/07\/Bildschirmfoto-2021-07-26-um-08.55.39-150x150.jpg\" class=\"attachment-thumbnail size-thumbnail\" alt=\"\" loading=\"lazy\" \/><\/a><\/span><span><a href=\"https:\/\/wettbewerb-archiv.wir-tun-was-fuer-bienen.de\/archiv-2021\/eintrag\/ein-garten-ueber-den-daechern-von-berlin-friedenau\/\"><img decoding=\"async\" width=\"150\" height=\"150\" src=\"https:\/\/wettbewerb-archiv.wir-tun-was-fuer-bienen.de\/archiv-2021\/wp-content\/uploads\/sites\/3\/2021\/07\/IMG_2341-150x150.jpeg\" class=\"attachment-thumbnail size-thumbnail\" alt=\"\" loading=\"lazy\" \/><\/a><\/span><span><a href=\"https:\/\/wettbewerb-archiv.wir-tun-was-fuer-bienen.de\/archiv-2021\/eintrag\/ein-garten-ueber-den-daechern-von-berlin-friedenau\/\"><img decoding=\"async\" width=\"150\" height=\"150\" src=\"https:\/\/wettbewerb-archiv.wir-tun-was-fuer-bienen.de\/archiv-2021\/wp-content\/uploads\/sites\/3\/2021\/07\/IMG_2045-150x150.jpeg\" class=\"attachment-thumbnail size-thumbnail\" alt=\"\" loading=\"lazy\" \/><\/a><\/span><\/div>\n\n    <div class=\"user flex\">\n        \n                    <img decoding=\"async\" src=\"https:\/\/wettbewerb-archiv.wir-tun-was-fuer-bienen.de\/archiv-2021\/wp-content\/themes\/bienen\/assets\/images\/avatar-placeholder.png\" style=\"border-radius: 30px;\" height=\"30\" width=\"30\">\n            Gr\u00fcne Oase auf dem Dach            <\/div>\n    \n    \n            <p class=\"categories meta\" style=\"width: 100%\"><span class=\"fa fa-tag\"\n                                                             aria-hidden=\"true\"><\/span> Bestehende Naturg\u00e4rten (ohne Pflanzaktionen)        <\/p>\n    \n            <p class=\"categories meta\" style=\"width: 100%\"><span class=\"fa fa-map-marker\"\n                                                             aria-hidden=\"true\"><\/span> Berlin        <\/p>\n    \n<\/article>\n   \n\t\t\n          <article id=\"post-48335\" class=\"et_pb_post post-48335 wtwfb_entry type-wtwfb_entry status-publish has-post-thumbnail hentry wtwfb_category-privatgaerten-und-gaerten-von-mietwohnungen-kleiner-500-quadratmeter wtwfb_region-schleswig-holstein\">\n    <h2 class=\"entry-title\"><a href=\"https:\/\/wettbewerb-archiv.wir-tun-was-fuer-bienen.de\/archiv-2021\/eintrag\/bienengarten\/\">Bienengarten<\/a>\n    <\/h2>\n    <a href=\"https:\/\/wettbewerb-archiv.wir-tun-was-fuer-bienen.de\/archiv-2021\/eintrag\/bienengarten\/\">\n        <div class=\"bienen-entry-image\">\n            <img decoding=\"async\" width=\"400\" height=\"300\" src=\"https:\/\/wettbewerb-archiv.wir-tun-was-fuer-bienen.de\/archiv-2021\/wp-content\/uploads\/sites\/3\/2021\/07\/06_IMG_20210624_170716_resized_20210705_023801092-400x300.jpg\" class=\"attachment-bienen-grid-thumb size-bienen-grid-thumb wp-post-image\" alt=\"\" loading=\"lazy\" \/>                    <\/div>\n    <\/a>\n\n    <div class=\"images-grid\"><span><a href=\"https:\/\/wettbewerb-archiv.wir-tun-was-fuer-bienen.de\/archiv-2021\/eintrag\/bienengarten\/\"><img decoding=\"async\" width=\"150\" height=\"150\" src=\"https:\/\/wettbewerb-archiv.wir-tun-was-fuer-bienen.de\/archiv-2021\/wp-content\/uploads\/sites\/3\/2021\/07\/IMG_4733-klein-150x150.jpg\" class=\"attachment-thumbnail size-thumbnail\" alt=\"\" loading=\"lazy\" \/><\/a><\/span><span><a href=\"https:\/\/wettbewerb-archiv.wir-tun-was-fuer-bienen.de\/archiv-2021\/eintrag\/bienengarten\/\"><img decoding=\"async\" width=\"150\" height=\"150\" src=\"https:\/\/wettbewerb-archiv.wir-tun-was-fuer-bienen.de\/archiv-2021\/wp-content\/uploads\/sites\/3\/2021\/07\/IMG_4736-klein-150x150.jpg\" class=\"attachment-thumbnail size-thumbnail\" alt=\"\" loading=\"lazy\" \/><\/a><\/span><span><a href=\"https:\/\/wettbewerb-archiv.wir-tun-was-fuer-bienen.de\/archiv-2021\/eintrag\/bienengarten\/\"><img decoding=\"async\" width=\"150\" height=\"150\" src=\"https:\/\/wettbewerb-archiv.wir-tun-was-fuer-bienen.de\/archiv-2021\/wp-content\/uploads\/sites\/3\/2021\/07\/IMG_4746-klein-150x150.jpg\" class=\"attachment-thumbnail size-thumbnail\" alt=\"\" loading=\"lazy\" \/><\/a><\/span><span><a href=\"https:\/\/wettbewerb-archiv.wir-tun-was-fuer-bienen.de\/archiv-2021\/eintrag\/bienengarten\/\"><img decoding=\"async\" width=\"150\" height=\"150\" src=\"https:\/\/wettbewerb-archiv.wir-tun-was-fuer-bienen.de\/archiv-2021\/wp-content\/uploads\/sites\/3\/2021\/07\/01_IMG_20210323_184527_resized_20210705_033635441-150x150.jpg\" class=\"attachment-thumbnail size-thumbnail\" alt=\"\" loading=\"lazy\" \/><\/a><\/span><\/div>\n\n    <div class=\"user flex\">\n        \n                    <img decoding=\"async\" src=\"https:\/\/wettbewerb-archiv.wir-tun-was-fuer-bienen.de\/archiv-2021\/wp-content\/themes\/bienen\/assets\/images\/avatar-placeholder.png\" style=\"border-radius: 30px;\" height=\"30\" width=\"30\">\n            Familie Thein            <\/div>\n    \n    \n            <p class=\"categories meta\" style=\"width: 100%\"><span class=\"fa fa-tag\"\n                                                             aria-hidden=\"true\"><\/span> Privatg\u00e4rten und G\u00e4rten von Mietwohnungen (kleiner als 500 Quadratmeter)        <\/p>\n    \n            <p class=\"categories meta\" style=\"width: 100%\"><span class=\"fa fa-map-marker\"\n                                                             aria-hidden=\"true\"><\/span> Schleswig-Holstein        <\/p>\n    \n<\/article>\n   \n\t\t\n          <article id=\"post-48307\" class=\"et_pb_post post-48307 wtwfb_entry type-wtwfb_entry status-publish has-post-thumbnail hentry wtwfb_category-privatgaerten-und-gaerten-von-mietwohnungen-kleiner-500-quadratmeter wtwfb_region-berlin\">\n    <h2 class=\"entry-title\"><a href=\"https:\/\/wettbewerb-archiv.wir-tun-was-fuer-bienen.de\/archiv-2021\/eintrag\/nachbarschaftsprojekt-blumenwiese\/\">Nachbarschaftsprojekt Blumenwiese<\/a>\n    <\/h2>\n    <a href=\"https:\/\/wettbewerb-archiv.wir-tun-was-fuer-bienen.de\/archiv-2021\/eintrag\/nachbarschaftsprojekt-blumenwiese\/\">\n        <div class=\"bienen-entry-image\">\n            <img decoding=\"async\" width=\"400\" height=\"300\" src=\"https:\/\/wettbewerb-archiv.wir-tun-was-fuer-bienen.de\/archiv-2021\/wp-content\/uploads\/sites\/3\/2021\/07\/Blumenwiese-400x300.jpg\" class=\"attachment-bienen-grid-thumb size-bienen-grid-thumb wp-post-image\" alt=\"\" loading=\"lazy\" \/>                    <\/div>\n    <\/a>\n\n    <div class=\"images-grid\"><span><a href=\"https:\/\/wettbewerb-archiv.wir-tun-was-fuer-bienen.de\/archiv-2021\/eintrag\/nachbarschaftsprojekt-blumenwiese\/\"><img decoding=\"async\" width=\"150\" height=\"150\" src=\"https:\/\/wettbewerb-archiv.wir-tun-was-fuer-bienen.de\/archiv-2021\/wp-content\/uploads\/sites\/3\/2021\/07\/bienenwiese-lll-1-150x150.jpg\" class=\"attachment-thumbnail size-thumbnail\" alt=\"\" loading=\"lazy\" \/><\/a><\/span><span><a href=\"https:\/\/wettbewerb-archiv.wir-tun-was-fuer-bienen.de\/archiv-2021\/eintrag\/nachbarschaftsprojekt-blumenwiese\/\"><img decoding=\"async\" width=\"150\" height=\"150\" src=\"https:\/\/wettbewerb-archiv.wir-tun-was-fuer-bienen.de\/archiv-2021\/wp-content\/uploads\/sites\/3\/2021\/07\/IMG_20210705_114904_resized_20210705_114937227-150x150.jpg\" class=\"attachment-thumbnail size-thumbnail\" alt=\"\" loading=\"lazy\" \/><\/a><\/span><\/div>\n\n    <div class=\"user flex\">\n        \n                    <img decoding=\"async\" src=\"https:\/\/wettbewerb-archiv.wir-tun-was-fuer-bienen.de\/archiv-2021\/wp-content\/themes\/bienen\/assets\/images\/avatar-placeholder.png\" style=\"border-radius: 30px;\" height=\"30\" width=\"30\">\n            schwidergall            <\/div>\n    \n    \n            <p class=\"categories meta\" style=\"width: 100%\"><span class=\"fa fa-tag\"\n                                                             aria-hidden=\"true\"><\/span> Privatg\u00e4rten und G\u00e4rten von Mietwohnungen (kleiner als 500 Quadratmeter)        <\/p>\n    \n            <p class=\"categories meta\" style=\"width: 100%\"><span class=\"fa fa-map-marker\"\n                                                             aria-hidden=\"true\"><\/span> Berlin        <\/p>\n    \n<\/article>\n   \n\t\t\n          <article id=\"post-48200\" class=\"et_pb_post post-48200 wtwfb_entry type-wtwfb_entry status-publish has-post-thumbnail hentry wtwfb_category-schul-und-jugendclub-gaerten wtwfb_region-nordrhein-westfalen\">\n    <h2 class=\"entry-title\"><a href=\"https:\/\/wettbewerb-archiv.wir-tun-was-fuer-bienen.de\/archiv-2021\/eintrag\/unser-schulgarten-soll-die-vielfalt-foerdern\/\">Unser Schulgarten soll die Vielfalt f\u00f6rdern!<\/a>\n    <\/h2>\n    <a href=\"https:\/\/wettbewerb-archiv.wir-tun-was-fuer-bienen.de\/archiv-2021\/eintrag\/unser-schulgarten-soll-die-vielfalt-foerdern\/\">\n        <div class=\"bienen-entry-image\">\n            <img decoding=\"async\" width=\"400\" height=\"300\" src=\"https:\/\/wettbewerb-archiv.wir-tun-was-fuer-bienen.de\/archiv-2021\/wp-content\/uploads\/sites\/3\/2021\/07\/187767A7-99A5-46C8-BED3-A897E5DC5958-400x300.jpeg\" class=\"attachment-bienen-grid-thumb size-bienen-grid-thumb wp-post-image\" alt=\"\" loading=\"lazy\" \/>                    <\/div>\n    <\/a>\n\n    <div class=\"images-grid\"><span><a href=\"https:\/\/wettbewerb-archiv.wir-tun-was-fuer-bienen.de\/archiv-2021\/eintrag\/unser-schulgarten-soll-die-vielfalt-foerdern\/\"><img decoding=\"async\" width=\"150\" height=\"150\" src=\"https:\/\/wettbewerb-archiv.wir-tun-was-fuer-bienen.de\/archiv-2021\/wp-content\/uploads\/sites\/3\/2021\/07\/25D66855-DD14-46F6-A4E8-DA1B141DF5DE-150x150.jpeg\" class=\"attachment-thumbnail size-thumbnail\" alt=\"\" loading=\"lazy\" \/><\/a><\/span><span><a href=\"https:\/\/wettbewerb-archiv.wir-tun-was-fuer-bienen.de\/archiv-2021\/eintrag\/unser-schulgarten-soll-die-vielfalt-foerdern\/\"><img decoding=\"async\" width=\"150\" height=\"150\" src=\"https:\/\/wettbewerb-archiv.wir-tun-was-fuer-bienen.de\/archiv-2021\/wp-content\/uploads\/sites\/3\/2021\/07\/699C663D-B570-4F75-AF0B-E6CEF9098919-150x150.jpeg\" class=\"attachment-thumbnail size-thumbnail\" alt=\"\" loading=\"lazy\" \/><\/a><\/span><span><a href=\"https:\/\/wettbewerb-archiv.wir-tun-was-fuer-bienen.de\/archiv-2021\/eintrag\/unser-schulgarten-soll-die-vielfalt-foerdern\/\"><img decoding=\"async\" width=\"150\" height=\"150\" src=\"https:\/\/wettbewerb-archiv.wir-tun-was-fuer-bienen.de\/archiv-2021\/wp-content\/uploads\/sites\/3\/2021\/07\/06C61D12-5083-47F1-9E28-FA4951D712E9-150x150.jpeg\" class=\"attachment-thumbnail size-thumbnail\" alt=\"\" loading=\"lazy\" \/><\/a><\/span><span><a href=\"https:\/\/wettbewerb-archiv.wir-tun-was-fuer-bienen.de\/archiv-2021\/eintrag\/unser-schulgarten-soll-die-vielfalt-foerdern\/\"><img decoding=\"async\" width=\"150\" height=\"150\" src=\"https:\/\/wettbewerb-archiv.wir-tun-was-fuer-bienen.de\/archiv-2021\/wp-content\/uploads\/sites\/3\/2021\/07\/44329BB9-EF07-45AA-BD6F-703E13DA313C-150x150.jpeg\" class=\"attachment-thumbnail size-thumbnail\" alt=\"\" loading=\"lazy\" \/><\/a><\/span><\/div>\n\n    <div class=\"user flex\">\n        \n                    <img decoding=\"async\" src=\"https:\/\/wettbewerb-archiv.wir-tun-was-fuer-bienen.de\/archiv-2021\/wp-content\/themes\/bienen\/assets\/images\/avatar-placeholder.png\" style=\"border-radius: 30px;\" height=\"30\" width=\"30\">\n            Amos Comenius Schule Aachen - Biologie Kurse            <\/div>\n    \n    <p class=\"categories meta bienen-gewinner\"><span class=\"fa fa-trophy\"                                                              aria-hidden=\"true\"><\/span> Gewinner<\/p>\n            <p class=\"categories meta\" style=\"width: 100%\"><span class=\"fa fa-tag\"\n                                                             aria-hidden=\"true\"><\/span> Schul- und Jugendclub-G\u00e4rten        <\/p>\n    \n            <p class=\"categories meta\" style=\"width: 100%\"><span class=\"fa fa-map-marker\"\n                                                             aria-hidden=\"true\"><\/span> Nordrhein-Westfalen        <\/p>\n    \n<\/article>\n   \n\t\t\n          <article id=\"post-47898\" class=\"et_pb_post post-47898 wtwfb_entry type-wtwfb_entry status-publish has-post-thumbnail hentry wtwfb_category-kita-und-kindergartengaerten wtwfb_region-baden-wuerttemberg\">\n    <h2 class=\"entry-title\"><a href=\"https:\/\/wettbewerb-archiv.wir-tun-was-fuer-bienen.de\/archiv-2021\/eintrag\/wir-schaffen-platz-fuer-bienen\/\">Wir schaffen Platz f\u00fcr Bienen<\/a>\n    <\/h2>\n    <a href=\"https:\/\/wettbewerb-archiv.wir-tun-was-fuer-bienen.de\/archiv-2021\/eintrag\/wir-schaffen-platz-fuer-bienen\/\">\n        <div class=\"bienen-entry-image\">\n            <img decoding=\"async\" width=\"400\" height=\"300\" src=\"https:\/\/wettbewerb-archiv.wir-tun-was-fuer-bienen.de\/archiv-2021\/wp-content\/uploads\/sites\/3\/2021\/07\/00F3D4D0-FC8A-4ED6-8C65-B11C16408202-400x300.jpeg\" class=\"attachment-bienen-grid-thumb size-bienen-grid-thumb wp-post-image\" alt=\"\" loading=\"lazy\" \/>                    <\/div>\n    <\/a>\n\n    <div class=\"images-grid\"><span><a href=\"https:\/\/wettbewerb-archiv.wir-tun-was-fuer-bienen.de\/archiv-2021\/eintrag\/wir-schaffen-platz-fuer-bienen\/\"><img decoding=\"async\" width=\"150\" height=\"150\" src=\"https:\/\/wettbewerb-archiv.wir-tun-was-fuer-bienen.de\/archiv-2021\/wp-content\/uploads\/sites\/3\/2021\/07\/55CF7EBC-89A0-411F-B765-619E3528BAA7-150x150.jpeg\" class=\"attachment-thumbnail size-thumbnail\" alt=\"\" loading=\"lazy\" \/><\/a><\/span><span><a href=\"https:\/\/wettbewerb-archiv.wir-tun-was-fuer-bienen.de\/archiv-2021\/eintrag\/wir-schaffen-platz-fuer-bienen\/\"><img decoding=\"async\" width=\"150\" height=\"150\" src=\"https:\/\/wettbewerb-archiv.wir-tun-was-fuer-bienen.de\/archiv-2021\/wp-content\/uploads\/sites\/3\/2021\/07\/82DE6D2B-43A2-4B4E-A86A-1D65F892D5DC-150x150.jpeg\" class=\"attachment-thumbnail size-thumbnail\" alt=\"\" loading=\"lazy\" \/><\/a><\/span><span><a href=\"https:\/\/wettbewerb-archiv.wir-tun-was-fuer-bienen.de\/archiv-2021\/eintrag\/wir-schaffen-platz-fuer-bienen\/\"><img decoding=\"async\" width=\"150\" height=\"150\" src=\"https:\/\/wettbewerb-archiv.wir-tun-was-fuer-bienen.de\/archiv-2021\/wp-content\/uploads\/sites\/3\/2021\/07\/9E906C7C-5D20-47CE-95AE-36D2D31B7A6B-150x150.jpeg\" class=\"attachment-thumbnail size-thumbnail\" alt=\"\" loading=\"lazy\" \/><\/a><\/span><span><a href=\"https:\/\/wettbewerb-archiv.wir-tun-was-fuer-bienen.de\/archiv-2021\/eintrag\/wir-schaffen-platz-fuer-bienen\/\"><img decoding=\"async\" width=\"150\" height=\"150\" src=\"https:\/\/wettbewerb-archiv.wir-tun-was-fuer-bienen.de\/archiv-2021\/wp-content\/uploads\/sites\/3\/2021\/07\/7BD6C856-CC37-4975-8FD0-9E3D20AE242B-150x150.jpeg\" class=\"attachment-thumbnail size-thumbnail\" alt=\"\" loading=\"lazy\" \/><\/a><\/span><\/div>\n\n    <div class=\"user flex\">\n        \n                    <img decoding=\"async\" src=\"https:\/\/wettbewerb-archiv.wir-tun-was-fuer-bienen.de\/archiv-2021\/wp-content\/themes\/bienen\/assets\/images\/avatar-placeholder.png\" style=\"border-radius: 30px;\" height=\"30\" width=\"30\">\n            Kath. Kita St.Josef Bienenhotel und Bienenwiese            <\/div>\n            <p class=\"categories meta\" style=\"color: #c32731; font-weight: bold; width: 100%\"><span class=\"fa fa-music\"\n                                                                                                aria-hidden=\"true\"><\/span> Extrapreis Musik\n            f\u00fcr Bienenschutz\n        <\/p>\n    \n    \n            <p class=\"categories meta\" style=\"width: 100%\"><span class=\"fa fa-tag\"\n                                                             aria-hidden=\"true\"><\/span> Kita- und Kindergarteng\u00e4rten        <\/p>\n    \n            <p class=\"categories meta\" style=\"width: 100%\"><span class=\"fa fa-map-marker\"\n                                                             aria-hidden=\"true\"><\/span> Baden-W\u00fcrttemberg        <\/p>\n    \n<\/article>\n   \n\t\t\n          <article id=\"post-47892\" class=\"et_pb_post post-47892 wtwfb_entry type-wtwfb_entry status-publish has-post-thumbnail hentry wtwfb_category-privatgaerten-und-gaerten-von-mietwohnungen-kleiner-500-quadratmeter wtwfb_region-berlin\">\n    <h2 class=\"entry-title\"><a href=\"https:\/\/wettbewerb-archiv.wir-tun-was-fuer-bienen.de\/archiv-2021\/eintrag\/unterkunft-im-gruenen\/\">Unterkunft im Gr\u00fcnen<\/a>\n    <\/h2>\n    <a href=\"https:\/\/wettbewerb-archiv.wir-tun-was-fuer-bienen.de\/archiv-2021\/eintrag\/unterkunft-im-gruenen\/\">\n        <div class=\"bienen-entry-image\">\n            <img decoding=\"async\" width=\"400\" height=\"300\" src=\"https:\/\/wettbewerb-archiv.wir-tun-was-fuer-bienen.de\/archiv-2021\/wp-content\/uploads\/sites\/3\/2021\/07\/7E9BBFF9-602E-4688-94E5-4987B8D8F145-400x300.jpeg\" class=\"attachment-bienen-grid-thumb size-bienen-grid-thumb wp-post-image\" alt=\"\" loading=\"lazy\" \/>                    <\/div>\n    <\/a>\n\n    <div class=\"images-grid\"><\/div>\n\n    <div class=\"user flex\">\n        \n                    <img decoding=\"async\" src=\"https:\/\/wettbewerb-archiv.wir-tun-was-fuer-bienen.de\/archiv-2021\/wp-content\/themes\/bienen\/assets\/images\/avatar-placeholder.png\" style=\"border-radius: 30px;\" height=\"30\" width=\"30\">\n            Garten f\u00fcr Mensch und Tier            <\/div>\n    \n    \n            <p class=\"categories meta\" style=\"width: 100%\"><span class=\"fa fa-tag\"\n                                                             aria-hidden=\"true\"><\/span> Privatg\u00e4rten und G\u00e4rten von Mietwohnungen (kleiner als 500 Quadratmeter)        <\/p>\n    \n            <p class=\"categories meta\" style=\"width: 100%\"><span class=\"fa fa-map-marker\"\n                                                             aria-hidden=\"true\"><\/span> Berlin        <\/p>\n    \n<\/article>\n   \n\t\t\n          <article id=\"post-47775\" class=\"et_pb_post post-47775 wtwfb_entry type-wtwfb_entry status-publish has-post-thumbnail hentry wtwfb_category-balkone-terrassen-dachbegruenung-vertikale-gaerten wtwfb_region-nordrhein-westfalen\">\n    <h2 class=\"entry-title\"><a href=\"https:\/\/wettbewerb-archiv.wir-tun-was-fuer-bienen.de\/archiv-2021\/eintrag\/ein-dach-fuer-alle-faelle\/\">Ein Dach f\u00fcr alle F\u00e4lle!<\/a>\n    <\/h2>\n    <a href=\"https:\/\/wettbewerb-archiv.wir-tun-was-fuer-bienen.de\/archiv-2021\/eintrag\/ein-dach-fuer-alle-faelle\/\">\n        <div class=\"bienen-entry-image\">\n            <img decoding=\"async\" width=\"400\" height=\"300\" src=\"https:\/\/wettbewerb-archiv.wir-tun-was-fuer-bienen.de\/archiv-2021\/wp-content\/uploads\/sites\/3\/2021\/07\/F2B1971E-FB0A-4B02-AD96-89D12901CDEB-400x300.jpeg\" class=\"attachment-bienen-grid-thumb size-bienen-grid-thumb wp-post-image\" alt=\"\" loading=\"lazy\" \/>                    <\/div>\n    <\/a>\n\n    <div class=\"images-grid\"><span><a href=\"https:\/\/wettbewerb-archiv.wir-tun-was-fuer-bienen.de\/archiv-2021\/eintrag\/ein-dach-fuer-alle-faelle\/\"><img decoding=\"async\" width=\"150\" height=\"150\" src=\"https:\/\/wettbewerb-archiv.wir-tun-was-fuer-bienen.de\/archiv-2021\/wp-content\/uploads\/sites\/3\/2021\/07\/A659A12D-6EA2-470F-A62E-BEBF407F0663-150x150.jpeg\" class=\"attachment-thumbnail size-thumbnail\" alt=\"\" loading=\"lazy\" \/><\/a><\/span><span><a href=\"https:\/\/wettbewerb-archiv.wir-tun-was-fuer-bienen.de\/archiv-2021\/eintrag\/ein-dach-fuer-alle-faelle\/\"><img decoding=\"async\" width=\"150\" height=\"150\" src=\"https:\/\/wettbewerb-archiv.wir-tun-was-fuer-bienen.de\/archiv-2021\/wp-content\/uploads\/sites\/3\/2021\/07\/EF4B0D65-7513-4124-9039-DA921D0545C7-150x150.jpeg\" class=\"attachment-thumbnail size-thumbnail\" alt=\"\" loading=\"lazy\" \/><\/a><\/span><span><a href=\"https:\/\/wettbewerb-archiv.wir-tun-was-fuer-bienen.de\/archiv-2021\/eintrag\/ein-dach-fuer-alle-faelle\/\"><img decoding=\"async\" width=\"150\" height=\"150\" src=\"https:\/\/wettbewerb-archiv.wir-tun-was-fuer-bienen.de\/archiv-2021\/wp-content\/uploads\/sites\/3\/2021\/07\/7BAF46F3-8C31-4603-B0EE-34D0EF6AA4D2-150x150.jpeg\" class=\"attachment-thumbnail size-thumbnail\" alt=\"\" loading=\"lazy\" \/><\/a><\/span><span><a href=\"https:\/\/wettbewerb-archiv.wir-tun-was-fuer-bienen.de\/archiv-2021\/eintrag\/ein-dach-fuer-alle-faelle\/\"><img decoding=\"async\" width=\"150\" height=\"150\" src=\"https:\/\/wettbewerb-archiv.wir-tun-was-fuer-bienen.de\/archiv-2021\/wp-content\/uploads\/sites\/3\/2021\/07\/9868D6C7-A726-42BB-84DE-163BB50D5EF9-150x150.jpeg\" class=\"attachment-thumbnail size-thumbnail\" alt=\"\" loading=\"lazy\" \/><\/a><\/span><\/div>\n\n    <div class=\"user flex\">\n        \n                    <img decoding=\"async\" src=\"https:\/\/wettbewerb-archiv.wir-tun-was-fuer-bienen.de\/archiv-2021\/wp-content\/themes\/bienen\/assets\/images\/avatar-placeholder.png\" style=\"border-radius: 30px;\" height=\"30\" width=\"30\">\n            Platz & Futter satt f\u00fcr Insekten, V\u00f6gel & Co.!            <\/div>\n    \n    \n            <p class=\"categories meta\" style=\"width: 100%\"><span class=\"fa fa-tag\"\n                                                             aria-hidden=\"true\"><\/span> Balkone, Terrassen, Dachbegr\u00fcnung, vertikale G\u00e4rten        <\/p>\n    \n            <p class=\"categories meta\" style=\"width: 100%\"><span class=\"fa fa-map-marker\"\n                                                             aria-hidden=\"true\"><\/span> Nordrhein-Westfalen        <\/p>\n    \n<\/article>\n   \n\t\t\n          <article id=\"post-47651\" class=\"et_pb_post post-47651 wtwfb_entry type-wtwfb_entry status-publish has-post-thumbnail hentry wtwfb_category-firmen-institutions-und-vereinsgaerten wtwfb_region-nordrhein-westfalen\">\n    <h2 class=\"entry-title\"><a href=\"https:\/\/wettbewerb-archiv.wir-tun-was-fuer-bienen.de\/archiv-2021\/eintrag\/kleine-wiese-in-iserlohner-heide\/\">Kleine Wiese in Iserlohner Heide<\/a>\n    <\/h2>\n    <a href=\"https:\/\/wettbewerb-archiv.wir-tun-was-fuer-bienen.de\/archiv-2021\/eintrag\/kleine-wiese-in-iserlohner-heide\/\">\n        <div class=\"bienen-entry-image\">\n            <img decoding=\"async\" width=\"400\" height=\"300\" src=\"https:\/\/wettbewerb-archiv.wir-tun-was-fuer-bienen.de\/archiv-2021\/wp-content\/uploads\/sites\/3\/2021\/07\/Wiese-Juni-21-400x300.jpg\" class=\"attachment-bienen-grid-thumb size-bienen-grid-thumb wp-post-image\" alt=\"\" loading=\"lazy\" \/>                    <\/div>\n    <\/a>\n\n    <div class=\"images-grid\"><\/div>\n\n    <div class=\"user flex\">\n        \n                    <img decoding=\"async\" src=\"https:\/\/wettbewerb-archiv.wir-tun-was-fuer-bienen.de\/archiv-2021\/wp-content\/themes\/bienen\/assets\/images\/avatar-placeholder.png\" style=\"border-radius: 30px;\" height=\"30\" width=\"30\">\n            Josef Mennicken e.K.            <\/div>\n    \n    \n            <p class=\"categories meta\" style=\"width: 100%\"><span class=\"fa fa-tag\"\n                                                             aria-hidden=\"true\"><\/span> Firmen-, Institutions- und Vereinsg\u00e4rten        <\/p>\n    \n            <p class=\"categories meta\" style=\"width: 100%\"><span class=\"fa fa-map-marker\"\n                                                             aria-hidden=\"true\"><\/span> Nordrhein-Westfalen        <\/p>\n    \n<\/article>\n   \n\t\t\n          <article id=\"post-47632\" class=\"et_pb_post post-47632 wtwfb_entry type-wtwfb_entry status-publish has-post-thumbnail hentry wtwfb_category-schul-und-jugendclub-gaerten wtwfb_region-nordrhein-westfalen\">\n    <h2 class=\"entry-title\"><a href=\"https:\/\/wettbewerb-archiv.wir-tun-was-fuer-bienen.de\/archiv-2021\/eintrag\/das-bienenorchester-summt-und-brummt\/\">Das Bienenorchester summt und brummt<\/a>\n    <\/h2>\n    <a href=\"https:\/\/wettbewerb-archiv.wir-tun-was-fuer-bienen.de\/archiv-2021\/eintrag\/das-bienenorchester-summt-und-brummt\/\">\n        <div class=\"bienen-entry-image\">\n            <img decoding=\"async\" width=\"400\" height=\"300\" src=\"https:\/\/wettbewerb-archiv.wir-tun-was-fuer-bienen.de\/archiv-2021\/wp-content\/uploads\/sites\/3\/2021\/07\/PHOTO-2021-06-23-09-59-34-Kopie-400x300.jpg\" class=\"attachment-bienen-grid-thumb size-bienen-grid-thumb wp-post-image\" alt=\"\" loading=\"lazy\" \/>                    <\/div>\n    <\/a>\n\n    <div class=\"images-grid\"><span><a href=\"https:\/\/wettbewerb-archiv.wir-tun-was-fuer-bienen.de\/archiv-2021\/eintrag\/das-bienenorchester-summt-und-brummt\/\"><img decoding=\"async\" width=\"150\" height=\"150\" src=\"https:\/\/wettbewerb-archiv.wir-tun-was-fuer-bienen.de\/archiv-2021\/wp-content\/uploads\/sites\/3\/2021\/07\/IMG_3654-150x150.jpg\" class=\"attachment-thumbnail size-thumbnail\" alt=\"\" loading=\"lazy\" \/><\/a><\/span><span><a href=\"https:\/\/wettbewerb-archiv.wir-tun-was-fuer-bienen.de\/archiv-2021\/eintrag\/das-bienenorchester-summt-und-brummt\/\"><img decoding=\"async\" width=\"150\" height=\"150\" src=\"https:\/\/wettbewerb-archiv.wir-tun-was-fuer-bienen.de\/archiv-2021\/wp-content\/uploads\/sites\/3\/2021\/07\/IMG_3650-150x150.jpg\" class=\"attachment-thumbnail size-thumbnail\" alt=\"\" loading=\"lazy\" \/><\/a><\/span><span><a href=\"https:\/\/wettbewerb-archiv.wir-tun-was-fuer-bienen.de\/archiv-2021\/eintrag\/das-bienenorchester-summt-und-brummt\/\"><img decoding=\"async\" width=\"150\" height=\"150\" src=\"https:\/\/wettbewerb-archiv.wir-tun-was-fuer-bienen.de\/archiv-2021\/wp-content\/uploads\/sites\/3\/2021\/07\/IMG_3680-150x150.jpg\" class=\"attachment-thumbnail size-thumbnail\" alt=\"\" loading=\"lazy\" \/><\/a><\/span><span><a href=\"https:\/\/wettbewerb-archiv.wir-tun-was-fuer-bienen.de\/archiv-2021\/eintrag\/das-bienenorchester-summt-und-brummt\/\"><img decoding=\"async\" width=\"150\" height=\"150\" src=\"https:\/\/wettbewerb-archiv.wir-tun-was-fuer-bienen.de\/archiv-2021\/wp-content\/uploads\/sites\/3\/2021\/07\/PHOTO-2021-04-09-17-23-33-150x150.jpg\" class=\"attachment-thumbnail size-thumbnail\" alt=\"\" loading=\"lazy\" \/><\/a><\/span><\/div>\n\n    <div class=\"user flex\">\n        \n                    <img decoding=\"async\" src=\"https:\/\/wettbewerb-archiv.wir-tun-was-fuer-bienen.de\/archiv-2021\/wp-content\/themes\/bienen\/assets\/images\/avatar-placeholder.png\" style=\"border-radius: 30px;\" height=\"30\" width=\"30\">\n            Carl-Orffs Bienenorchester            <\/div>\n    \n    \n            <p class=\"categories meta\" style=\"width: 100%\"><span class=\"fa fa-tag\"\n                                                             aria-hidden=\"true\"><\/span> Schul- und Jugendclub-G\u00e4rten        <\/p>\n    \n            <p class=\"categories meta\" style=\"width: 100%\"><span class=\"fa fa-map-marker\"\n                                                             aria-hidden=\"true\"><\/span> Nordrhein-Westfalen        <\/p>\n    \n<\/article>\n   \n\t\t\n          <article id=\"post-47589\" class=\"et_pb_post post-47589 wtwfb_entry type-wtwfb_entry status-publish has-post-thumbnail hentry wtwfb_category-balkone-terrassen-dachbegruenung-vertikale-gaerten wtwfb_region-sachsen\">\n    <h2 class=\"entry-title\"><a href=\"https:\/\/wettbewerb-archiv.wir-tun-was-fuer-bienen.de\/archiv-2021\/eintrag\/der-kleine-gruene\/\">Der Kleine Gr\u00fcne<\/a>\n    <\/h2>\n    <a href=\"https:\/\/wettbewerb-archiv.wir-tun-was-fuer-bienen.de\/archiv-2021\/eintrag\/der-kleine-gruene\/\">\n        <div class=\"bienen-entry-image\">\n            <img decoding=\"async\" width=\"400\" height=\"300\" src=\"https:\/\/wettbewerb-archiv.wir-tun-was-fuer-bienen.de\/archiv-2021\/wp-content\/uploads\/sites\/3\/2021\/07\/20210701_121914-400x300.jpg\" class=\"attachment-bienen-grid-thumb size-bienen-grid-thumb wp-post-image\" alt=\"\" loading=\"lazy\" \/>                    <\/div>\n    <\/a>\n\n    <div class=\"images-grid\"><span><a href=\"https:\/\/wettbewerb-archiv.wir-tun-was-fuer-bienen.de\/archiv-2021\/eintrag\/der-kleine-gruene\/\"><img decoding=\"async\" width=\"150\" height=\"150\" src=\"https:\/\/wettbewerb-archiv.wir-tun-was-fuer-bienen.de\/archiv-2021\/wp-content\/uploads\/sites\/3\/2021\/07\/DSC01848-150x150.jpg\" class=\"attachment-thumbnail size-thumbnail\" alt=\"\" loading=\"lazy\" \/><\/a><\/span><span><a href=\"https:\/\/wettbewerb-archiv.wir-tun-was-fuer-bienen.de\/archiv-2021\/eintrag\/der-kleine-gruene\/\"><img decoding=\"async\" width=\"150\" height=\"150\" src=\"https:\/\/wettbewerb-archiv.wir-tun-was-fuer-bienen.de\/archiv-2021\/wp-content\/uploads\/sites\/3\/2021\/07\/20200906_103446-150x150.jpg\" class=\"attachment-thumbnail size-thumbnail\" alt=\"\" loading=\"lazy\" \/><\/a><\/span><span><a href=\"https:\/\/wettbewerb-archiv.wir-tun-was-fuer-bienen.de\/archiv-2021\/eintrag\/der-kleine-gruene\/\"><img decoding=\"async\" width=\"150\" height=\"150\" src=\"https:\/\/wettbewerb-archiv.wir-tun-was-fuer-bienen.de\/archiv-2021\/wp-content\/uploads\/sites\/3\/2021\/07\/DSC02029-150x150.jpg\" class=\"attachment-thumbnail size-thumbnail\" alt=\"\" loading=\"lazy\" \/><\/a><\/span><span><a href=\"https:\/\/wettbewerb-archiv.wir-tun-was-fuer-bienen.de\/archiv-2021\/eintrag\/der-kleine-gruene\/\"><img decoding=\"async\" width=\"150\" height=\"150\" src=\"https:\/\/wettbewerb-archiv.wir-tun-was-fuer-bienen.de\/archiv-2021\/wp-content\/uploads\/sites\/3\/2021\/07\/DSC02156-150x150.jpg\" class=\"attachment-thumbnail size-thumbnail\" alt=\"\" loading=\"lazy\" \/><\/a><\/span><\/div>\n\n    <div class=\"user flex\">\n        \n                    <img decoding=\"async\" src=\"https:\/\/wettbewerb-archiv.wir-tun-was-fuer-bienen.de\/archiv-2021\/wp-content\/themes\/bienen\/assets\/images\/avatar-placeholder.png\" style=\"border-radius: 30px;\" height=\"30\" width=\"30\">\n            Kristin H.            <\/div>\n    \n    <p class=\"categories meta bienen-gewinner\"><span class=\"fa fa-trophy\"                                                              aria-hidden=\"true\"><\/span> Gewinner<\/p>\n            <p class=\"categories meta\" style=\"width: 100%\"><span class=\"fa fa-tag\"\n                                                             aria-hidden=\"true\"><\/span> Balkone, Terrassen, Dachbegr\u00fcnung, vertikale G\u00e4rten        <\/p>\n    \n            <p class=\"categories meta\" style=\"width: 100%\"><span class=\"fa fa-map-marker\"\n                                                             aria-hidden=\"true\"><\/span> Sachsen        <\/p>\n    \n<\/article>\n   \n\t\t\n          <article id=\"post-47584\" class=\"et_pb_post post-47584 wtwfb_entry type-wtwfb_entry status-publish has-post-thumbnail hentry wtwfb_category-schul-und-jugendclub-gaerten wtwfb_region-berlin\">\n    <h2 class=\"entry-title\"><a href=\"https:\/\/wettbewerb-archiv.wir-tun-was-fuer-bienen.de\/archiv-2021\/eintrag\/schulgarten-sued-grundschule\/\">Kleiner Schul- und Bienengarten der S\u00fcd-Grundschule<\/a>\n    <\/h2>\n    <a href=\"https:\/\/wettbewerb-archiv.wir-tun-was-fuer-bienen.de\/archiv-2021\/eintrag\/schulgarten-sued-grundschule\/\">\n        <div class=\"bienen-entry-image\">\n            <img decoding=\"async\" width=\"400\" height=\"300\" src=\"https:\/\/wettbewerb-archiv.wir-tun-was-fuer-bienen.de\/archiv-2021\/wp-content\/uploads\/sites\/3\/2021\/07\/yxGFpYTHTRubDmw64SN7Gw-400x300.jpg\" class=\"attachment-bienen-grid-thumb size-bienen-grid-thumb wp-post-image\" alt=\"\" loading=\"lazy\" \/>                    <\/div>\n    <\/a>\n\n    <div class=\"images-grid\"><span><a href=\"https:\/\/wettbewerb-archiv.wir-tun-was-fuer-bienen.de\/archiv-2021\/eintrag\/schulgarten-sued-grundschule\/\"><img decoding=\"async\" width=\"150\" height=\"150\" src=\"https:\/\/wettbewerb-archiv.wir-tun-was-fuer-bienen.de\/archiv-2021\/wp-content\/uploads\/sites\/3\/2021\/07\/IMG_5908-150x150.jpg\" class=\"attachment-thumbnail size-thumbnail\" alt=\"\" loading=\"lazy\" \/><\/a><\/span><span><a href=\"https:\/\/wettbewerb-archiv.wir-tun-was-fuer-bienen.de\/archiv-2021\/eintrag\/schulgarten-sued-grundschule\/\"><img decoding=\"async\" width=\"150\" height=\"150\" src=\"https:\/\/wettbewerb-archiv.wir-tun-was-fuer-bienen.de\/archiv-2021\/wp-content\/uploads\/sites\/3\/2021\/07\/IMG_5924-150x150.jpg\" class=\"attachment-thumbnail size-thumbnail\" alt=\"\" loading=\"lazy\" \/><\/a><\/span><span><a href=\"https:\/\/wettbewerb-archiv.wir-tun-was-fuer-bienen.de\/archiv-2021\/eintrag\/schulgarten-sued-grundschule\/\"><img decoding=\"async\" width=\"150\" height=\"150\" src=\"https:\/\/wettbewerb-archiv.wir-tun-was-fuer-bienen.de\/archiv-2021\/wp-content\/uploads\/sites\/3\/2021\/07\/IMG_5971-150x150.jpg\" class=\"attachment-thumbnail size-thumbnail\" alt=\"\" loading=\"lazy\" \/><\/a><\/span><span><a href=\"https:\/\/wettbewerb-archiv.wir-tun-was-fuer-bienen.de\/archiv-2021\/eintrag\/schulgarten-sued-grundschule\/\"><img decoding=\"async\" width=\"150\" height=\"150\" src=\"https:\/\/wettbewerb-archiv.wir-tun-was-fuer-bienen.de\/archiv-2021\/wp-content\/uploads\/sites\/3\/2021\/07\/IMG_6135-150x150.jpg\" class=\"attachment-thumbnail size-thumbnail\" alt=\"\" loading=\"lazy\" \/><\/a><\/span><\/div>\n\n    <div class=\"user flex\">\n        \n                    <img decoding=\"async\" src=\"https:\/\/wettbewerb-archiv.wir-tun-was-fuer-bienen.de\/archiv-2021\/wp-content\/themes\/bienen\/assets\/images\/avatar-placeholder.png\" style=\"border-radius: 30px;\" height=\"30\" width=\"30\">\n            Schulgarten S\u00fcd-Grundschule            <\/div>\n    \n    <p class=\"categories meta bienen-gewinner\"><span class=\"fa fa-trophy\"                                                              aria-hidden=\"true\"><\/span> Gewinner<\/p>\n            <p class=\"categories meta\" style=\"width: 100%\"><span class=\"fa fa-tag\"\n                                                             aria-hidden=\"true\"><\/span> Schul- und Jugendclub-G\u00e4rten        <\/p>\n    \n            <p class=\"categories meta\" style=\"width: 100%\"><span class=\"fa fa-map-marker\"\n                                                             aria-hidden=\"true\"><\/span> Berlin        <\/p>\n    \n<\/article>\n   \n\t\t\n          <article id=\"post-47527\" class=\"et_pb_post post-47527 wtwfb_entry type-wtwfb_entry status-publish has-post-thumbnail hentry wtwfb_category-balkone-terrassen-dachbegruenung-vertikale-gaerten wtwfb_region-berlin\">\n    <h2 class=\"entry-title\"><a href=\"https:\/\/wettbewerb-archiv.wir-tun-was-fuer-bienen.de\/archiv-2021\/eintrag\/terrasse-zum-wohlfuehlen-nicht-nur-fuer-bienen\/\">Terrasse zum Wohlf\u00fchlen<\/a>\n    <\/h2>\n    <a href=\"https:\/\/wettbewerb-archiv.wir-tun-was-fuer-bienen.de\/archiv-2021\/eintrag\/terrasse-zum-wohlfuehlen-nicht-nur-fuer-bienen\/\">\n        <div class=\"bienen-entry-image\">\n            <img decoding=\"async\" width=\"400\" height=\"300\" src=\"https:\/\/wettbewerb-archiv.wir-tun-was-fuer-bienen.de\/archiv-2021\/wp-content\/uploads\/sites\/3\/2021\/07\/Screenshot_20210614-1902552-400x300.jpg\" class=\"attachment-bienen-grid-thumb size-bienen-grid-thumb wp-post-image\" alt=\"\" loading=\"lazy\" \/>                    <\/div>\n    <\/a>\n\n    <div class=\"images-grid\"><span><a href=\"https:\/\/wettbewerb-archiv.wir-tun-was-fuer-bienen.de\/archiv-2021\/eintrag\/terrasse-zum-wohlfuehlen-nicht-nur-fuer-bienen\/\"><img decoding=\"async\" width=\"150\" height=\"150\" src=\"https:\/\/wettbewerb-archiv.wir-tun-was-fuer-bienen.de\/archiv-2021\/wp-content\/uploads\/sites\/3\/2021\/07\/IMG-20210731-WA0001-150x150.jpg\" class=\"attachment-thumbnail size-thumbnail\" alt=\"\" loading=\"lazy\" \/><\/a><\/span><span><a href=\"https:\/\/wettbewerb-archiv.wir-tun-was-fuer-bienen.de\/archiv-2021\/eintrag\/terrasse-zum-wohlfuehlen-nicht-nur-fuer-bienen\/\"><img decoding=\"async\" width=\"150\" height=\"150\" src=\"https:\/\/wettbewerb-archiv.wir-tun-was-fuer-bienen.de\/archiv-2021\/wp-content\/uploads\/sites\/3\/2021\/07\/IMG_20210212_105509-150x150.jpg\" class=\"attachment-thumbnail size-thumbnail\" alt=\"\" loading=\"lazy\" \/><\/a><\/span><span><a href=\"https:\/\/wettbewerb-archiv.wir-tun-was-fuer-bienen.de\/archiv-2021\/eintrag\/terrasse-zum-wohlfuehlen-nicht-nur-fuer-bienen\/\"><img decoding=\"async\" width=\"150\" height=\"150\" src=\"https:\/\/wettbewerb-archiv.wir-tun-was-fuer-bienen.de\/archiv-2021\/wp-content\/uploads\/sites\/3\/2021\/07\/IMG_20210304_115353-150x150.jpg\" class=\"attachment-thumbnail size-thumbnail\" alt=\"\" loading=\"lazy\" \/><\/a><\/span><span><a href=\"https:\/\/wettbewerb-archiv.wir-tun-was-fuer-bienen.de\/archiv-2021\/eintrag\/terrasse-zum-wohlfuehlen-nicht-nur-fuer-bienen\/\"><img decoding=\"async\" width=\"150\" height=\"150\" src=\"https:\/\/wettbewerb-archiv.wir-tun-was-fuer-bienen.de\/archiv-2021\/wp-content\/uploads\/sites\/3\/2021\/07\/P1570614-150x150.jpg\" class=\"attachment-thumbnail size-thumbnail\" alt=\"\" loading=\"lazy\" \/><\/a><\/span><\/div>\n\n    <div class=\"user flex\">\n        \n                    <img decoding=\"async\" src=\"https:\/\/wettbewerb-archiv.wir-tun-was-fuer-bienen.de\/archiv-2021\/wp-content\/themes\/bienen\/assets\/images\/avatar-placeholder.png\" style=\"border-radius: 30px;\" height=\"30\" width=\"30\">\n            Maria            <\/div>\n            <p class=\"categories meta\" style=\"color: #c32731; font-weight: bold; width: 100%\"><span class=\"fa fa-music\"\n                                                                                                aria-hidden=\"true\"><\/span> Extrapreis Musik\n            f\u00fcr Bienenschutz\n        <\/p>\n    \n    \n            <p class=\"categories meta\" style=\"width: 100%\"><span class=\"fa fa-tag\"\n                                                             aria-hidden=\"true\"><\/span> Balkone, Terrassen, Dachbegr\u00fcnung, vertikale G\u00e4rten        <\/p>\n    \n            <p class=\"categories meta\" style=\"width: 100%\"><span class=\"fa fa-map-marker\"\n                                                             aria-hidden=\"true\"><\/span> Berlin        <\/p>\n    \n<\/article>\n   \n\t\t\n          <article id=\"post-47459\" class=\"et_pb_post post-47459 wtwfb_entry type-wtwfb_entry status-publish has-post-thumbnail hentry wtwfb_category-privatgaerten-und-gaerten-von-mietwohnungen-groesser-500-quadratmeter wtwfb_region-nordrhein-westfalen\">\n    <h2 class=\"entry-title\"><a href=\"https:\/\/wettbewerb-archiv.wir-tun-was-fuer-bienen.de\/archiv-2021\/eintrag\/wildbienennisthilfen\/\">Wildbienennisthilfen und Naturmodule im Garten<\/a>\n    <\/h2>\n    <a href=\"https:\/\/wettbewerb-archiv.wir-tun-was-fuer-bienen.de\/archiv-2021\/eintrag\/wildbienennisthilfen\/\">\n        <div class=\"bienen-entry-image\">\n            <img decoding=\"async\" width=\"400\" height=\"300\" src=\"https:\/\/wettbewerb-archiv.wir-tun-was-fuer-bienen.de\/archiv-2021\/wp-content\/uploads\/sites\/3\/2021\/07\/5F90C598-57D2-489B-BA93-0EBCB08F6EF1-400x300.jpeg\" class=\"attachment-bienen-grid-thumb size-bienen-grid-thumb wp-post-image\" alt=\"\" loading=\"lazy\" \/>                    <\/div>\n    <\/a>\n\n    <div class=\"images-grid\"><span><a href=\"https:\/\/wettbewerb-archiv.wir-tun-was-fuer-bienen.de\/archiv-2021\/eintrag\/wildbienennisthilfen\/\"><img decoding=\"async\" width=\"150\" height=\"150\" src=\"https:\/\/wettbewerb-archiv.wir-tun-was-fuer-bienen.de\/archiv-2021\/wp-content\/uploads\/sites\/3\/2021\/07\/C4EA5A62-F410-40BB-9C7E-C865F0BF52FC-150x150.jpeg\" class=\"attachment-thumbnail size-thumbnail\" alt=\"\" loading=\"lazy\" \/><\/a><\/span><span><a href=\"https:\/\/wettbewerb-archiv.wir-tun-was-fuer-bienen.de\/archiv-2021\/eintrag\/wildbienennisthilfen\/\"><img decoding=\"async\" width=\"150\" height=\"150\" src=\"https:\/\/wettbewerb-archiv.wir-tun-was-fuer-bienen.de\/archiv-2021\/wp-content\/uploads\/sites\/3\/2021\/07\/4535AB5C-8C74-42AE-A369-E2DD21B558CB-150x150.jpeg\" class=\"attachment-thumbnail size-thumbnail\" alt=\"\" loading=\"lazy\" \/><\/a><\/span><span><a href=\"https:\/\/wettbewerb-archiv.wir-tun-was-fuer-bienen.de\/archiv-2021\/eintrag\/wildbienennisthilfen\/\"><img decoding=\"async\" width=\"150\" height=\"150\" src=\"https:\/\/wettbewerb-archiv.wir-tun-was-fuer-bienen.de\/archiv-2021\/wp-content\/uploads\/sites\/3\/2021\/07\/E74837C9-8C6F-46E0-9A9D-390F66EEAF8A-150x150.jpeg\" class=\"attachment-thumbnail size-thumbnail\" alt=\"\" loading=\"lazy\" \/><\/a><\/span><span><a href=\"https:\/\/wettbewerb-archiv.wir-tun-was-fuer-bienen.de\/archiv-2021\/eintrag\/wildbienennisthilfen\/\"><img decoding=\"async\" width=\"150\" height=\"150\" src=\"https:\/\/wettbewerb-archiv.wir-tun-was-fuer-bienen.de\/archiv-2021\/wp-content\/uploads\/sites\/3\/2021\/07\/A9FE42B7-4466-4449-BC0A-2BBE0631E90F-150x150.jpeg\" class=\"attachment-thumbnail size-thumbnail\" alt=\"\" loading=\"lazy\" \/><\/a><\/span><\/div>\n\n    <div class=\"user flex\">\n        \n                    <img decoding=\"async\" src=\"https:\/\/wettbewerb-archiv.wir-tun-was-fuer-bienen.de\/archiv-2021\/wp-content\/themes\/bienen\/assets\/images\/avatar-placeholder.png\" style=\"border-radius: 30px;\" height=\"30\" width=\"30\">\n            Eifelpfoten Garten            <\/div>\n    \n    <p class=\"categories meta bienen-gewinner\"><span class=\"fa fa-trophy\"                                                              aria-hidden=\"true\"><\/span> Gewinner<\/p>\n            <p class=\"categories meta\" style=\"width: 100%\"><span class=\"fa fa-tag\"\n                                                             aria-hidden=\"true\"><\/span> Privatg\u00e4rten und G\u00e4rten von Mietwohnungen (gr\u00f6\u00dfer als 500 Quadratmeter)        <\/p>\n    \n            <p class=\"categories meta\" style=\"width: 100%\"><span class=\"fa fa-map-marker\"\n                                                             aria-hidden=\"true\"><\/span> Nordrhein-Westfalen        <\/p>\n    \n<\/article>\n   \n\t\t\n          <article id=\"post-47434\" class=\"et_pb_post post-47434 wtwfb_entry type-wtwfb_entry status-publish has-post-thumbnail hentry wtwfb_category-kita-und-kindergartengaerten wtwfb_region-schleswig-holstein\">\n    <h2 class=\"entry-title\"><a href=\"https:\/\/wettbewerb-archiv.wir-tun-was-fuer-bienen.de\/archiv-2021\/eintrag\/wildblumenwiese-3\/\">Wildblumenwiese<\/a>\n    <\/h2>\n    <a href=\"https:\/\/wettbewerb-archiv.wir-tun-was-fuer-bienen.de\/archiv-2021\/eintrag\/wildblumenwiese-3\/\">\n        <div class=\"bienen-entry-image\">\n            <img decoding=\"async\" width=\"322\" height=\"241\" src=\"https:\/\/wettbewerb-archiv.wir-tun-was-fuer-bienen.de\/archiv-2021\/wp-content\/uploads\/sites\/3\/2021\/06\/Schaluppe.jpg\" class=\"attachment-bienen-grid-thumb size-bienen-grid-thumb wp-post-image\" alt=\"\" loading=\"lazy\" srcset=\"https:\/\/wettbewerb-archiv.wir-tun-was-fuer-bienen.de\/archiv-2021\/wp-content\/uploads\/sites\/3\/2021\/06\/Schaluppe.jpg 322w, https:\/\/wettbewerb-archiv.wir-tun-was-fuer-bienen.de\/archiv-2021\/wp-content\/uploads\/sites\/3\/2021\/06\/Schaluppe-300x225.jpg 300w\" sizes=\"(max-width: 322px) 100vw, 322px\" \/>                    <\/div>\n    <\/a>\n\n    <div class=\"images-grid\"><span><a href=\"https:\/\/wettbewerb-archiv.wir-tun-was-fuer-bienen.de\/archiv-2021\/eintrag\/wildblumenwiese-3\/\"><img decoding=\"async\" width=\"150\" height=\"150\" src=\"https:\/\/wettbewerb-archiv.wir-tun-was-fuer-bienen.de\/archiv-2021\/wp-content\/uploads\/sites\/3\/2021\/06\/Bodenvorbereitung-1-150x150.jpg\" class=\"attachment-thumbnail size-thumbnail\" alt=\"\" loading=\"lazy\" \/><\/a><\/span><span><a href=\"https:\/\/wettbewerb-archiv.wir-tun-was-fuer-bienen.de\/archiv-2021\/eintrag\/wildblumenwiese-3\/\"><img decoding=\"async\" width=\"150\" height=\"150\" src=\"https:\/\/wettbewerb-archiv.wir-tun-was-fuer-bienen.de\/archiv-2021\/wp-content\/uploads\/sites\/3\/2021\/06\/Bodenvorbereitung-2-150x150.jpg\" class=\"attachment-thumbnail size-thumbnail\" alt=\"\" loading=\"lazy\" \/><\/a><\/span><span><a href=\"https:\/\/wettbewerb-archiv.wir-tun-was-fuer-bienen.de\/archiv-2021\/eintrag\/wildblumenwiese-3\/\"><img decoding=\"async\" width=\"150\" height=\"150\" src=\"https:\/\/wettbewerb-archiv.wir-tun-was-fuer-bienen.de\/archiv-2021\/wp-content\/uploads\/sites\/3\/2021\/06\/Bodenvorbereitung-3-150x150.jpg\" class=\"attachment-thumbnail size-thumbnail\" alt=\"\" loading=\"lazy\" \/><\/a><\/span><span><a href=\"https:\/\/wettbewerb-archiv.wir-tun-was-fuer-bienen.de\/archiv-2021\/eintrag\/wildblumenwiese-3\/\"><img decoding=\"async\" width=\"150\" height=\"150\" src=\"https:\/\/wettbewerb-archiv.wir-tun-was-fuer-bienen.de\/archiv-2021\/wp-content\/uploads\/sites\/3\/2021\/06\/Pflanzaktion-1-150x150.jpg\" class=\"attachment-thumbnail size-thumbnail\" alt=\"\" loading=\"lazy\" \/><\/a><\/span><\/div>\n\n    <div class=\"user flex\">\n        \n                    <img decoding=\"async\" src=\"https:\/\/wettbewerb-archiv.wir-tun-was-fuer-bienen.de\/archiv-2021\/wp-content\/themes\/bienen\/assets\/images\/avatar-placeholder.png\" style=\"border-radius: 30px;\" height=\"30\" width=\"30\">\n            Familienzentrum Schaluppenweg            <\/div>\n    \n    \n            <p class=\"categories meta\" style=\"width: 100%\"><span class=\"fa fa-tag\"\n                                                             aria-hidden=\"true\"><\/span> Kita- und Kindergarteng\u00e4rten        <\/p>\n    \n            <p class=\"categories meta\" style=\"width: 100%\"><span class=\"fa fa-map-marker\"\n                                                             aria-hidden=\"true\"><\/span> Schleswig-Holstein        <\/p>\n    \n<\/article>\n   \n\t\t\n          <article id=\"post-47397\" class=\"et_pb_post post-47397 wtwfb_entry type-wtwfb_entry status-publish has-post-thumbnail hentry wtwfb_category-bestehende-naturgaerten wtwfb_region-mecklenburg-vorpommern\">\n    <h2 class=\"entry-title\"><a href=\"https:\/\/wettbewerb-archiv.wir-tun-was-fuer-bienen.de\/archiv-2021\/eintrag\/wildpflanzengarten-an-mueritz-errichtet-insektenecken\/\">Eine Insektenpension im Warener Wildpflanzengarten<\/a>\n    <\/h2>\n    <a href=\"https:\/\/wettbewerb-archiv.wir-tun-was-fuer-bienen.de\/archiv-2021\/eintrag\/wildpflanzengarten-an-mueritz-errichtet-insektenecken\/\">\n        <div class=\"bienen-entry-image\">\n            <img decoding=\"async\" width=\"400\" height=\"300\" src=\"https:\/\/wettbewerb-archiv.wir-tun-was-fuer-bienen.de\/archiv-2021\/wp-content\/uploads\/sites\/3\/2021\/07\/20210707_135533-1-400x300.jpg\" class=\"attachment-bienen-grid-thumb size-bienen-grid-thumb wp-post-image\" alt=\"\" loading=\"lazy\" \/>                    <\/div>\n    <\/a>\n\n    <div class=\"images-grid\"><span><a href=\"https:\/\/wettbewerb-archiv.wir-tun-was-fuer-bienen.de\/archiv-2021\/eintrag\/wildpflanzengarten-an-mueritz-errichtet-insektenecken\/\"><img decoding=\"async\" width=\"150\" height=\"150\" src=\"https:\/\/wettbewerb-archiv.wir-tun-was-fuer-bienen.de\/archiv-2021\/wp-content\/uploads\/sites\/3\/2021\/07\/20210603_150434-150x150.jpg\" class=\"attachment-thumbnail size-thumbnail\" alt=\"\" loading=\"lazy\" \/><\/a><\/span><span><a href=\"https:\/\/wettbewerb-archiv.wir-tun-was-fuer-bienen.de\/archiv-2021\/eintrag\/wildpflanzengarten-an-mueritz-errichtet-insektenecken\/\"><img decoding=\"async\" width=\"150\" height=\"150\" src=\"https:\/\/wettbewerb-archiv.wir-tun-was-fuer-bienen.de\/archiv-2021\/wp-content\/uploads\/sites\/3\/2021\/07\/IMG_20210318_192702_845-150x150.jpg\" class=\"attachment-thumbnail size-thumbnail\" alt=\"\" loading=\"lazy\" \/><\/a><\/span><span><a href=\"https:\/\/wettbewerb-archiv.wir-tun-was-fuer-bienen.de\/archiv-2021\/eintrag\/wildpflanzengarten-an-mueritz-errichtet-insektenecken\/\"><img decoding=\"async\" width=\"150\" height=\"150\" src=\"https:\/\/wettbewerb-archiv.wir-tun-was-fuer-bienen.de\/archiv-2021\/wp-content\/uploads\/sites\/3\/2021\/07\/WPG-im-Fruehjahr-150x150.jpg\" class=\"attachment-thumbnail size-thumbnail\" alt=\"\" loading=\"lazy\" \/><\/a><\/span><span><a href=\"https:\/\/wettbewerb-archiv.wir-tun-was-fuer-bienen.de\/archiv-2021\/eintrag\/wildpflanzengarten-an-mueritz-errichtet-insektenecken\/\"><img decoding=\"async\" width=\"150\" height=\"150\" src=\"https:\/\/wettbewerb-archiv.wir-tun-was-fuer-bienen.de\/archiv-2021\/wp-content\/uploads\/sites\/3\/2021\/07\/20210609_132854-1-150x150.jpg\" class=\"attachment-thumbnail size-thumbnail\" alt=\"\" loading=\"lazy\" \/><\/a><\/span><\/div>\n\n    <div class=\"user flex\">\n        \n                    <img decoding=\"async\" src=\"https:\/\/wettbewerb-archiv.wir-tun-was-fuer-bienen.de\/archiv-2021\/wp-content\/themes\/bienen\/assets\/images\/avatar-placeholder.png\" style=\"border-radius: 30px;\" height=\"30\" width=\"30\">\n            Warener Wildpflanzengarten            <\/div>\n    \n    \n            <p class=\"categories meta\" style=\"width: 100%\"><span class=\"fa fa-tag\"\n                                                             aria-hidden=\"true\"><\/span> Bestehende Naturg\u00e4rten (ohne Pflanzaktionen)        <\/p>\n    \n            <p class=\"categories meta\" style=\"width: 100%\"><span class=\"fa fa-map-marker\"\n                                                             aria-hidden=\"true\"><\/span> Mecklenburg-Vorpommern        <\/p>\n    \n<\/article>\n   \n\t\t\n          <article id=\"post-47361\" class=\"et_pb_post post-47361 wtwfb_entry type-wtwfb_entry status-publish has-post-thumbnail hentry wtwfb_category-kleingartenwesen-parzellen-und-gemeinschaftsgaerten wtwfb_region-berlin\">\n    <h2 class=\"entry-title\"><a href=\"https:\/\/wettbewerb-archiv.wir-tun-was-fuer-bienen.de\/archiv-2021\/eintrag\/naturgarten-2\/\">Naturnahe Mischkultur<\/a>\n    <\/h2>\n    <a href=\"https:\/\/wettbewerb-archiv.wir-tun-was-fuer-bienen.de\/archiv-2021\/eintrag\/naturgarten-2\/\">\n        <div class=\"bienen-entry-image\">\n            <img decoding=\"async\" width=\"400\" height=\"300\" src=\"https:\/\/wettbewerb-archiv.wir-tun-was-fuer-bienen.de\/archiv-2021\/wp-content\/uploads\/sites\/3\/2021\/07\/43934404-86FA-40F2-9B90-924CDA20DDD4-400x300.jpeg\" class=\"attachment-bienen-grid-thumb size-bienen-grid-thumb wp-post-image\" alt=\"\" loading=\"lazy\" \/>                    <\/div>\n    <\/a>\n\n    <div class=\"images-grid\"><span><a href=\"https:\/\/wettbewerb-archiv.wir-tun-was-fuer-bienen.de\/archiv-2021\/eintrag\/naturgarten-2\/\"><img decoding=\"async\" width=\"150\" height=\"150\" src=\"https:\/\/wettbewerb-archiv.wir-tun-was-fuer-bienen.de\/archiv-2021\/wp-content\/uploads\/sites\/3\/2021\/07\/2CDC8480-7D12-4EE4-A939-E608B38CB81D-150x150.jpeg\" class=\"attachment-thumbnail size-thumbnail\" alt=\"\" loading=\"lazy\" \/><\/a><\/span><span><a href=\"https:\/\/wettbewerb-archiv.wir-tun-was-fuer-bienen.de\/archiv-2021\/eintrag\/naturgarten-2\/\"><img decoding=\"async\" width=\"150\" height=\"150\" src=\"https:\/\/wettbewerb-archiv.wir-tun-was-fuer-bienen.de\/archiv-2021\/wp-content\/uploads\/sites\/3\/2021\/07\/D40A685C-6F10-4A2F-B566-6388B97B706B-150x150.jpeg\" class=\"attachment-thumbnail size-thumbnail\" alt=\"\" loading=\"lazy\" \/><\/a><\/span><span><a href=\"https:\/\/wettbewerb-archiv.wir-tun-was-fuer-bienen.de\/archiv-2021\/eintrag\/naturgarten-2\/\"><img decoding=\"async\" width=\"150\" height=\"150\" src=\"https:\/\/wettbewerb-archiv.wir-tun-was-fuer-bienen.de\/archiv-2021\/wp-content\/uploads\/sites\/3\/2021\/07\/0908B8BC-96BB-44F1-A008-D88366D6FFCD-150x150.jpeg\" class=\"attachment-thumbnail size-thumbnail\" alt=\"\" loading=\"lazy\" \/><\/a><\/span><span><a href=\"https:\/\/wettbewerb-archiv.wir-tun-was-fuer-bienen.de\/archiv-2021\/eintrag\/naturgarten-2\/\"><img decoding=\"async\" width=\"150\" height=\"150\" src=\"https:\/\/wettbewerb-archiv.wir-tun-was-fuer-bienen.de\/archiv-2021\/wp-content\/uploads\/sites\/3\/2021\/07\/792A755F-A23F-4B4C-885B-6E0878F8AFE4-150x150.jpeg\" class=\"attachment-thumbnail size-thumbnail\" alt=\"\" loading=\"lazy\" \/><\/a><\/span><\/div>\n\n    <div class=\"user flex\">\n        \n                    <img decoding=\"async\" src=\"https:\/\/wettbewerb-archiv.wir-tun-was-fuer-bienen.de\/archiv-2021\/wp-content\/themes\/bienen\/assets\/images\/avatar-placeholder.png\" style=\"border-radius: 30px;\" height=\"30\" width=\"30\">\n            Parzelle5            <\/div>\n    \n    \n            <p class=\"categories meta\" style=\"width: 100%\"><span class=\"fa fa-tag\"\n                                                             aria-hidden=\"true\"><\/span> Kleingartenwesen: Parzellen und Gemeinschaftsg\u00e4rten        <\/p>\n    \n            <p class=\"categories meta\" style=\"width: 100%\"><span class=\"fa fa-map-marker\"\n                                                             aria-hidden=\"true\"><\/span> Berlin        <\/p>\n    \n<\/article>\n   \n\t\t\n          <article id=\"post-47339\" class=\"et_pb_post post-47339 wtwfb_entry type-wtwfb_entry status-publish has-post-thumbnail hentry wtwfb_category-privatgaerten-und-gaerten-von-mietwohnungen-kleiner-500-quadratmeter wtwfb_region-hessen\">\n    <h2 class=\"entry-title\"><a href=\"https:\/\/wettbewerb-archiv.wir-tun-was-fuer-bienen.de\/archiv-2021\/eintrag\/garten-von-null-auf-hundert\/\">Garten von Null auf Hundert<\/a>\n    <\/h2>\n    <a href=\"https:\/\/wettbewerb-archiv.wir-tun-was-fuer-bienen.de\/archiv-2021\/eintrag\/garten-von-null-auf-hundert\/\">\n        <div class=\"bienen-entry-image\">\n            <img decoding=\"async\" width=\"400\" height=\"300\" src=\"https:\/\/wettbewerb-archiv.wir-tun-was-fuer-bienen.de\/archiv-2021\/wp-content\/uploads\/sites\/3\/2021\/07\/20210609_194740-400x300.jpg\" class=\"attachment-bienen-grid-thumb size-bienen-grid-thumb wp-post-image\" alt=\"\" loading=\"lazy\" \/>                    <\/div>\n    <\/a>\n\n    <div class=\"images-grid\"><span><a href=\"https:\/\/wettbewerb-archiv.wir-tun-was-fuer-bienen.de\/archiv-2021\/eintrag\/garten-von-null-auf-hundert\/\"><img decoding=\"async\" width=\"150\" height=\"150\" src=\"https:\/\/wettbewerb-archiv.wir-tun-was-fuer-bienen.de\/archiv-2021\/wp-content\/uploads\/sites\/3\/2021\/07\/20200609_164357-150x150.jpg\" class=\"attachment-thumbnail size-thumbnail\" alt=\"\" loading=\"lazy\" \/><\/a><\/span><span><a href=\"https:\/\/wettbewerb-archiv.wir-tun-was-fuer-bienen.de\/archiv-2021\/eintrag\/garten-von-null-auf-hundert\/\"><img decoding=\"async\" width=\"150\" height=\"150\" src=\"https:\/\/wettbewerb-archiv.wir-tun-was-fuer-bienen.de\/archiv-2021\/wp-content\/uploads\/sites\/3\/2021\/07\/20200616_171219-150x150.jpg\" class=\"attachment-thumbnail size-thumbnail\" alt=\"\" loading=\"lazy\" \/><\/a><\/span><span><a href=\"https:\/\/wettbewerb-archiv.wir-tun-was-fuer-bienen.de\/archiv-2021\/eintrag\/garten-von-null-auf-hundert\/\"><img decoding=\"async\" width=\"150\" height=\"150\" src=\"https:\/\/wettbewerb-archiv.wir-tun-was-fuer-bienen.de\/archiv-2021\/wp-content\/uploads\/sites\/3\/2021\/07\/20200723_173640-150x150.jpg\" class=\"attachment-thumbnail size-thumbnail\" alt=\"\" loading=\"lazy\" \/><\/a><\/span><\/div>\n\n    <div class=\"user flex\">\n        \n                    <img decoding=\"async\" src=\"https:\/\/wettbewerb-archiv.wir-tun-was-fuer-bienen.de\/archiv-2021\/wp-content\/themes\/bienen\/assets\/images\/avatar-placeholder.png\" style=\"border-radius: 30px;\" height=\"30\" width=\"30\">\n            touren-biker            <\/div>\n    \n    \n            <p class=\"categories meta\" style=\"width: 100%\"><span class=\"fa fa-tag\"\n                                                             aria-hidden=\"true\"><\/span> Privatg\u00e4rten und G\u00e4rten von Mietwohnungen (kleiner als 500 Quadratmeter)        <\/p>\n    \n            <p class=\"categories meta\" style=\"width: 100%\"><span class=\"fa fa-map-marker\"\n                                                             aria-hidden=\"true\"><\/span> Hessen        <\/p>\n    \n<\/article>\n   \n\t\t\n          <article id=\"post-47318\" class=\"et_pb_post post-47318 wtwfb_entry type-wtwfb_entry status-publish has-post-thumbnail hentry wtwfb_category-kleingartenwesen-parzellen-und-gemeinschaftsgaerten wtwfb_region-hessen\">\n    <h2 class=\"entry-title\"><a href=\"https:\/\/wettbewerb-archiv.wir-tun-was-fuer-bienen.de\/archiv-2021\/eintrag\/mein-wildbeet\/\">Mein Wildbeet<\/a>\n    <\/h2>\n    <a href=\"https:\/\/wettbewerb-archiv.wir-tun-was-fuer-bienen.de\/archiv-2021\/eintrag\/mein-wildbeet\/\">\n        <div class=\"bienen-entry-image\">\n            <img decoding=\"async\" width=\"400\" height=\"300\" src=\"https:\/\/wettbewerb-archiv.wir-tun-was-fuer-bienen.de\/archiv-2021\/wp-content\/uploads\/sites\/3\/2021\/06\/Mein-Wildbeet-400x300.jpg\" class=\"attachment-bienen-grid-thumb size-bienen-grid-thumb wp-post-image\" alt=\"\" loading=\"lazy\" \/>                    <\/div>\n    <\/a>\n\n    <div class=\"images-grid\"><\/div>\n\n    <div class=\"user flex\">\n        \n                    <img decoding=\"async\" src=\"https:\/\/wettbewerb-archiv.wir-tun-was-fuer-bienen.de\/archiv-2021\/wp-content\/themes\/bienen\/assets\/images\/avatar-placeholder.png\" style=\"border-radius: 30px;\" height=\"30\" width=\"30\">\n            Marion Schmidt            <\/div>\n    \n    \n            <p class=\"categories meta\" style=\"width: 100%\"><span class=\"fa fa-tag\"\n                                                             aria-hidden=\"true\"><\/span> Kleingartenwesen: Parzellen und Gemeinschaftsg\u00e4rten        <\/p>\n    \n            <p class=\"categories meta\" style=\"width: 100%\"><span class=\"fa fa-map-marker\"\n                                                             aria-hidden=\"true\"><\/span> Hessen        <\/p>\n    \n<\/article>\n   \n\t\t\n          <article id=\"post-47305\" class=\"et_pb_post post-47305 wtwfb_entry type-wtwfb_entry status-publish has-post-thumbnail hentry wtwfb_category-kleingartenwesen-parzellen-und-gemeinschaftsgaerten wtwfb_region-hessen\">\n    <h2 class=\"entry-title\"><a href=\"https:\/\/wettbewerb-archiv.wir-tun-was-fuer-bienen.de\/archiv-2021\/eintrag\/wildstaudengarten-bedrohter-wiesenpflanzenarten\/\">Wildstaudengarten bedrohter Wiesenpflanzenarten<\/a>\n    <\/h2>\n    <a href=\"https:\/\/wettbewerb-archiv.wir-tun-was-fuer-bienen.de\/archiv-2021\/eintrag\/wildstaudengarten-bedrohter-wiesenpflanzenarten\/\">\n        <div class=\"bienen-entry-image\">\n            <img decoding=\"async\" width=\"400\" height=\"300\" src=\"https:\/\/wettbewerb-archiv.wir-tun-was-fuer-bienen.de\/archiv-2021\/wp-content\/uploads\/sites\/3\/2021\/06\/x-Wildstaudengarten-Begegnungsgarten-Friedberg-260621-020.-AJPG-400x300.jpg\" class=\"attachment-bienen-grid-thumb size-bienen-grid-thumb wp-post-image\" alt=\"\" loading=\"lazy\" \/>                    <\/div>\n    <\/a>\n\n    <div class=\"images-grid\"><\/div>\n\n    <div class=\"user flex\">\n        \n                    <img decoding=\"async\" src=\"https:\/\/wettbewerb-archiv.wir-tun-was-fuer-bienen.de\/archiv-2021\/wp-content\/themes\/bienen\/assets\/images\/avatar-placeholder.png\" style=\"border-radius: 30px;\" height=\"30\" width=\"30\">\n            Wildstaudengarten bedrohter Arten            <\/div>\n    \n    \n            <p class=\"categories meta\" style=\"width: 100%\"><span class=\"fa fa-tag\"\n                                                             aria-hidden=\"true\"><\/span> Kleingartenwesen: Parzellen und Gemeinschaftsg\u00e4rten        <\/p>\n    \n            <p class=\"categories meta\" style=\"width: 100%\"><span class=\"fa fa-map-marker\"\n                                                             aria-hidden=\"true\"><\/span> Hessen        <\/p>\n    \n<\/article>\n   \n\t\t\n          <article id=\"post-47204\" class=\"et_pb_post post-47204 wtwfb_entry type-wtwfb_entry status-publish has-post-thumbnail hentry wtwfb_category-schul-und-jugendclub-gaerten wtwfb_region-sachsen\">\n    <h2 class=\"entry-title\"><a href=\"https:\/\/wettbewerb-archiv.wir-tun-was-fuer-bienen.de\/archiv-2021\/eintrag\/lebensinsel-der-diesterweg-grundschule-wurzen\/\">Lebensinsel der Diesterweg &#8211; Grundschule Wurzen<\/a>\n    <\/h2>\n    <a href=\"https:\/\/wettbewerb-archiv.wir-tun-was-fuer-bienen.de\/archiv-2021\/eintrag\/lebensinsel-der-diesterweg-grundschule-wurzen\/\">\n        <div class=\"bienen-entry-image\">\n            <img decoding=\"async\" width=\"400\" height=\"300\" src=\"https:\/\/wettbewerb-archiv.wir-tun-was-fuer-bienen.de\/archiv-2021\/wp-content\/uploads\/sites\/3\/2021\/06\/IMG_0065-400x300.jpg\" class=\"attachment-bienen-grid-thumb size-bienen-grid-thumb wp-post-image\" alt=\"\" loading=\"lazy\" \/>                    <\/div>\n    <\/a>\n\n    <div class=\"images-grid\"><span><a href=\"https:\/\/wettbewerb-archiv.wir-tun-was-fuer-bienen.de\/archiv-2021\/eintrag\/lebensinsel-der-diesterweg-grundschule-wurzen\/\"><img decoding=\"async\" width=\"150\" height=\"150\" src=\"https:\/\/wettbewerb-archiv.wir-tun-was-fuer-bienen.de\/archiv-2021\/wp-content\/uploads\/sites\/3\/2021\/07\/IMG_0009-150x150.jpg\" class=\"attachment-thumbnail size-thumbnail\" alt=\"\" loading=\"lazy\" \/><\/a><\/span><span><a href=\"https:\/\/wettbewerb-archiv.wir-tun-was-fuer-bienen.de\/archiv-2021\/eintrag\/lebensinsel-der-diesterweg-grundschule-wurzen\/\"><img decoding=\"async\" width=\"150\" height=\"150\" src=\"https:\/\/wettbewerb-archiv.wir-tun-was-fuer-bienen.de\/archiv-2021\/wp-content\/uploads\/sites\/3\/2021\/07\/IMG_0023-150x150.jpg\" class=\"attachment-thumbnail size-thumbnail\" alt=\"\" loading=\"lazy\" \/><\/a><\/span><span><a href=\"https:\/\/wettbewerb-archiv.wir-tun-was-fuer-bienen.de\/archiv-2021\/eintrag\/lebensinsel-der-diesterweg-grundschule-wurzen\/\"><img decoding=\"async\" width=\"150\" height=\"150\" src=\"https:\/\/wettbewerb-archiv.wir-tun-was-fuer-bienen.de\/archiv-2021\/wp-content\/uploads\/sites\/3\/2021\/07\/IMG_0031-150x150.jpg\" class=\"attachment-thumbnail size-thumbnail\" alt=\"\" loading=\"lazy\" \/><\/a><\/span><span><a href=\"https:\/\/wettbewerb-archiv.wir-tun-was-fuer-bienen.de\/archiv-2021\/eintrag\/lebensinsel-der-diesterweg-grundschule-wurzen\/\"><img decoding=\"async\" width=\"106\" height=\"150\" src=\"https:\/\/wettbewerb-archiv.wir-tun-was-fuer-bienen.de\/archiv-2021\/wp-content\/uploads\/sites\/3\/2021\/07\/Eltern-und-Kinderschreiben-pdf-106x150.jpg\" class=\"attachment-thumbnail size-thumbnail\" alt=\"\" loading=\"lazy\" \/><\/a><\/span><\/div>\n\n    <div class=\"user flex\">\n        \n                    <img decoding=\"async\" src=\"https:\/\/wettbewerb-archiv.wir-tun-was-fuer-bienen.de\/archiv-2021\/wp-content\/themes\/bienen\/assets\/images\/avatar-placeholder.png\" style=\"border-radius: 30px;\" height=\"30\" width=\"30\">\n            Heike Kempe            <\/div>\n    \n    \n            <p class=\"categories meta\" style=\"width: 100%\"><span class=\"fa fa-tag\"\n                                                             aria-hidden=\"true\"><\/span> Schul- und Jugendclub-G\u00e4rten        <\/p>\n    \n            <p class=\"categories meta\" style=\"width: 100%\"><span class=\"fa fa-map-marker\"\n                                                             aria-hidden=\"true\"><\/span> Sachsen        <\/p>\n    \n<\/article>\n   \n\t\t\n          <article id=\"post-47181\" class=\"et_pb_post post-47181 wtwfb_entry type-wtwfb_entry status-publish has-post-thumbnail hentry wtwfb_category-kita-und-kindergartengaerten wtwfb_region-nordrhein-westfalen\">\n    <h2 class=\"entry-title\"><a href=\"https:\/\/wettbewerb-archiv.wir-tun-was-fuer-bienen.de\/archiv-2021\/eintrag\/unser-kleines-bienen-projekt-der-u3-kinder-der-kindertagesstaette-sylverberg-in-hamm\/\">Unser kleines Bienen-Projekt der u3 Kinder der Kinderta...<\/a>\n    <\/h2>\n    <a href=\"https:\/\/wettbewerb-archiv.wir-tun-was-fuer-bienen.de\/archiv-2021\/eintrag\/unser-kleines-bienen-projekt-der-u3-kinder-der-kindertagesstaette-sylverberg-in-hamm\/\">\n        <div class=\"bienen-entry-image\">\n            <img decoding=\"async\" width=\"400\" height=\"300\" src=\"https:\/\/wettbewerb-archiv.wir-tun-was-fuer-bienen.de\/archiv-2021\/wp-content\/uploads\/sites\/3\/2021\/06\/Unsere-Einrichtung-400x300.jpg\" class=\"attachment-bienen-grid-thumb size-bienen-grid-thumb wp-post-image\" alt=\"\" loading=\"lazy\" \/>                    <\/div>\n    <\/a>\n\n    <div class=\"images-grid\"><span><a href=\"https:\/\/wettbewerb-archiv.wir-tun-was-fuer-bienen.de\/archiv-2021\/eintrag\/unser-kleines-bienen-projekt-der-u3-kinder-der-kindertagesstaette-sylverberg-in-hamm\/\"><img decoding=\"async\" width=\"150\" height=\"150\" src=\"https:\/\/wettbewerb-archiv.wir-tun-was-fuer-bienen.de\/archiv-2021\/wp-content\/uploads\/sites\/3\/2021\/06\/IMG_20210618_140332-150x150.jpg\" class=\"attachment-thumbnail size-thumbnail\" alt=\"\" loading=\"lazy\" \/><\/a><\/span><span><a href=\"https:\/\/wettbewerb-archiv.wir-tun-was-fuer-bienen.de\/archiv-2021\/eintrag\/unser-kleines-bienen-projekt-der-u3-kinder-der-kindertagesstaette-sylverberg-in-hamm\/\"><img decoding=\"async\" width=\"150\" height=\"150\" src=\"https:\/\/wettbewerb-archiv.wir-tun-was-fuer-bienen.de\/archiv-2021\/wp-content\/uploads\/sites\/3\/2021\/06\/IMG_20210618_140204-150x150.jpg\" class=\"attachment-thumbnail size-thumbnail\" alt=\"\" loading=\"lazy\" \/><\/a><\/span><span><a href=\"https:\/\/wettbewerb-archiv.wir-tun-was-fuer-bienen.de\/archiv-2021\/eintrag\/unser-kleines-bienen-projekt-der-u3-kinder-der-kindertagesstaette-sylverberg-in-hamm\/\"><img decoding=\"async\" width=\"150\" height=\"150\" src=\"https:\/\/wettbewerb-archiv.wir-tun-was-fuer-bienen.de\/archiv-2021\/wp-content\/uploads\/sites\/3\/2021\/06\/Bienen-aus-Papproellchen-150x150.jpg\" class=\"attachment-thumbnail size-thumbnail\" alt=\"\" loading=\"lazy\" \/><\/a><\/span><span><a href=\"https:\/\/wettbewerb-archiv.wir-tun-was-fuer-bienen.de\/archiv-2021\/eintrag\/unser-kleines-bienen-projekt-der-u3-kinder-der-kindertagesstaette-sylverberg-in-hamm\/\"><img decoding=\"async\" width=\"150\" height=\"150\" src=\"https:\/\/wettbewerb-archiv.wir-tun-was-fuer-bienen.de\/archiv-2021\/wp-content\/uploads\/sites\/3\/2021\/06\/IMG_20210618_140142-150x150.jpg\" class=\"attachment-thumbnail size-thumbnail\" alt=\"\" loading=\"lazy\" \/><\/a><\/span><\/div>\n\n    <div class=\"user flex\">\n        \n                    <img decoding=\"async\" src=\"https:\/\/wettbewerb-archiv.wir-tun-was-fuer-bienen.de\/archiv-2021\/wp-content\/themes\/bienen\/assets\/images\/avatar-placeholder.png\" style=\"border-radius: 30px;\" height=\"30\" width=\"30\">\n            Marzena Bulenda            <\/div>\n    \n    \n            <p class=\"categories meta\" style=\"width: 100%\"><span class=\"fa fa-tag\"\n                                                             aria-hidden=\"true\"><\/span> Kita- und Kindergarteng\u00e4rten        <\/p>\n    \n            <p class=\"categories meta\" style=\"width: 100%\"><span class=\"fa fa-map-marker\"\n                                                             aria-hidden=\"true\"><\/span> Nordrhein-Westfalen        <\/p>\n    \n<\/article>\n   \n\t\t\n          <article id=\"post-47094\" class=\"et_pb_post post-47094 wtwfb_entry type-wtwfb_entry status-publish has-post-thumbnail hentry wtwfb_category-bestehende-naturgaerten wtwfb_region-bayern\">\n    <h2 class=\"entry-title\"><a href=\"https:\/\/wettbewerb-archiv.wir-tun-was-fuer-bienen.de\/archiv-2021\/eintrag\/einfamilienhaus-mit-kleingarten-100-m%c2%b2\/\">Einfamilienhaus mit Kleingarten 100 m\u00b2<\/a>\n    <\/h2>\n    <a href=\"https:\/\/wettbewerb-archiv.wir-tun-was-fuer-bienen.de\/archiv-2021\/eintrag\/einfamilienhaus-mit-kleingarten-100-m%c2%b2\/\">\n        <div class=\"bienen-entry-image\">\n            <img decoding=\"async\" width=\"400\" height=\"300\" src=\"https:\/\/wettbewerb-archiv.wir-tun-was-fuer-bienen.de\/archiv-2021\/wp-content\/uploads\/sites\/3\/2021\/06\/20210627_123257-400x300.jpg\" class=\"attachment-bienen-grid-thumb size-bienen-grid-thumb wp-post-image\" alt=\"\" loading=\"lazy\" \/>                    <\/div>\n    <\/a>\n\n    <div class=\"images-grid\"><span><a href=\"https:\/\/wettbewerb-archiv.wir-tun-was-fuer-bienen.de\/archiv-2021\/eintrag\/einfamilienhaus-mit-kleingarten-100-m%c2%b2\/\"><img decoding=\"async\" width=\"150\" height=\"150\" src=\"https:\/\/wettbewerb-archiv.wir-tun-was-fuer-bienen.de\/archiv-2021\/wp-content\/uploads\/sites\/3\/2021\/06\/20210331_173835-150x150.jpg\" class=\"attachment-thumbnail size-thumbnail\" alt=\"\" loading=\"lazy\" \/><\/a><\/span><span><a href=\"https:\/\/wettbewerb-archiv.wir-tun-was-fuer-bienen.de\/archiv-2021\/eintrag\/einfamilienhaus-mit-kleingarten-100-m%c2%b2\/\"><img decoding=\"async\" width=\"150\" height=\"150\" src=\"https:\/\/wettbewerb-archiv.wir-tun-was-fuer-bienen.de\/archiv-2021\/wp-content\/uploads\/sites\/3\/2021\/06\/20210331_173857-150x150.jpg\" class=\"attachment-thumbnail size-thumbnail\" alt=\"\" loading=\"lazy\" \/><\/a><\/span><span><a href=\"https:\/\/wettbewerb-archiv.wir-tun-was-fuer-bienen.de\/archiv-2021\/eintrag\/einfamilienhaus-mit-kleingarten-100-m%c2%b2\/\"><img decoding=\"async\" width=\"150\" height=\"150\" src=\"https:\/\/wettbewerb-archiv.wir-tun-was-fuer-bienen.de\/archiv-2021\/wp-content\/uploads\/sites\/3\/2021\/06\/20210331_173912-150x150.jpg\" class=\"attachment-thumbnail size-thumbnail\" alt=\"\" loading=\"lazy\" \/><\/a><\/span><\/div>\n\n    <div class=\"user flex\">\n        \n                    <img decoding=\"async\" src=\"https:\/\/wettbewerb-archiv.wir-tun-was-fuer-bienen.de\/archiv-2021\/wp-content\/themes\/bienen\/assets\/images\/avatar-placeholder.png\" style=\"border-radius: 30px;\" height=\"30\" width=\"30\">\n            Stefan Frey            <\/div>\n    \n    \n            <p class=\"categories meta\" style=\"width: 100%\"><span class=\"fa fa-tag\"\n                                                             aria-hidden=\"true\"><\/span> Bestehende Naturg\u00e4rten (ohne Pflanzaktionen)        <\/p>\n    \n            <p class=\"categories meta\" style=\"width: 100%\"><span class=\"fa fa-map-marker\"\n                                                             aria-hidden=\"true\"><\/span> Bayern        <\/p>\n    \n<\/article>\n   \n\t\t\n          <article id=\"post-47056\" class=\"et_pb_post post-47056 wtwfb_entry type-wtwfb_entry status-publish has-post-thumbnail hentry wtwfb_category-kita-und-kindergartengaerten wtwfb_region-bayern\">\n    <h2 class=\"entry-title\"><a href=\"https:\/\/wettbewerb-archiv.wir-tun-was-fuer-bienen.de\/archiv-2021\/eintrag\/die-idee-beginnt-zu-entstehen\/\">Die Idee beginnt zu entstehen &#8211; SUMM BIENE SUMM<\/a>\n    <\/h2>\n    <a href=\"https:\/\/wettbewerb-archiv.wir-tun-was-fuer-bienen.de\/archiv-2021\/eintrag\/die-idee-beginnt-zu-entstehen\/\">\n        <div class=\"bienen-entry-image\">\n            <img decoding=\"async\" width=\"400\" height=\"300\" src=\"https:\/\/wettbewerb-archiv.wir-tun-was-fuer-bienen.de\/archiv-2021\/wp-content\/uploads\/sites\/3\/2021\/06\/Aktion-Biene-summ-2-400x300.jpg\" class=\"attachment-bienen-grid-thumb size-bienen-grid-thumb wp-post-image\" alt=\"\" loading=\"lazy\" \/>                    <\/div>\n    <\/a>\n\n    <div class=\"images-grid\"><span><a href=\"https:\/\/wettbewerb-archiv.wir-tun-was-fuer-bienen.de\/archiv-2021\/eintrag\/die-idee-beginnt-zu-entstehen\/\"><img decoding=\"async\" width=\"150\" height=\"150\" src=\"https:\/\/wettbewerb-archiv.wir-tun-was-fuer-bienen.de\/archiv-2021\/wp-content\/uploads\/sites\/3\/2021\/06\/Aktion-Biene-summ_1-150x150.jpg\" class=\"attachment-thumbnail size-thumbnail\" alt=\"\" loading=\"lazy\" \/><\/a><\/span><span><a href=\"https:\/\/wettbewerb-archiv.wir-tun-was-fuer-bienen.de\/archiv-2021\/eintrag\/die-idee-beginnt-zu-entstehen\/\"><img decoding=\"async\" width=\"106\" height=\"150\" src=\"https:\/\/wettbewerb-archiv.wir-tun-was-fuer-bienen.de\/archiv-2021\/wp-content\/uploads\/sites\/3\/2021\/06\/2021_Kita_Aktion_Biene_summ_Anschreiben-pdf-106x150.jpg\" class=\"attachment-thumbnail size-thumbnail\" alt=\"\" loading=\"lazy\" \/><\/a><\/span><span><a href=\"https:\/\/wettbewerb-archiv.wir-tun-was-fuer-bienen.de\/archiv-2021\/eintrag\/die-idee-beginnt-zu-entstehen\/\"><img decoding=\"async\" width=\"150\" height=\"150\" src=\"https:\/\/wettbewerb-archiv.wir-tun-was-fuer-bienen.de\/archiv-2021\/wp-content\/uploads\/sites\/3\/2021\/08\/20210729_224519-150x150.jpg\" class=\"attachment-thumbnail size-thumbnail\" alt=\"\" loading=\"lazy\" \/><\/a><\/span><span><a href=\"https:\/\/wettbewerb-archiv.wir-tun-was-fuer-bienen.de\/archiv-2021\/eintrag\/die-idee-beginnt-zu-entstehen\/\"><img decoding=\"async\" width=\"150\" height=\"150\" src=\"https:\/\/wettbewerb-archiv.wir-tun-was-fuer-bienen.de\/archiv-2021\/wp-content\/uploads\/sites\/3\/2021\/06\/20210507_115309-150x150.jpg\" class=\"attachment-thumbnail size-thumbnail\" alt=\"\" loading=\"lazy\" \/><\/a><\/span><\/div>\n\n    <div class=\"user flex\">\n        \n                    <img decoding=\"async\" src=\"https:\/\/wettbewerb-archiv.wir-tun-was-fuer-bienen.de\/archiv-2021\/wp-content\/themes\/bienen\/assets\/images\/avatar-placeholder.png\" style=\"border-radius: 30px;\" height=\"30\" width=\"30\">\n            Inklusive Kindertageseinrichtung im KiM            <\/div>\n    \n    <p class=\"categories meta bienen-gewinner\"><span class=\"fa fa-trophy\"                                                              aria-hidden=\"true\"><\/span> Gewinner<\/p>\n            <p class=\"categories meta\" style=\"width: 100%\"><span class=\"fa fa-tag\"\n                                                             aria-hidden=\"true\"><\/span> Kita- und Kindergarteng\u00e4rten        <\/p>\n    \n            <p class=\"categories meta\" style=\"width: 100%\"><span class=\"fa fa-map-marker\"\n                                                             aria-hidden=\"true\"><\/span> Bayern        <\/p>\n    \n<\/article>\n   \n\t\t\n          <article id=\"post-46996\" class=\"et_pb_post post-46996 wtwfb_entry type-wtwfb_entry status-publish has-post-thumbnail hentry wtwfb_category-privatgaerten-und-gaerten-von-mietwohnungen-groesser-500-quadratmeter wtwfb_region-berlin\">\n    <h2 class=\"entry-title\"><a href=\"https:\/\/wettbewerb-archiv.wir-tun-was-fuer-bienen.de\/archiv-2021\/eintrag\/im-rudeloffweg-zwitschert-brummt-und-summt-es\/\">Im Rudeloffweg zwitschert, brummt und summt es!<\/a>\n    <\/h2>\n    <a href=\"https:\/\/wettbewerb-archiv.wir-tun-was-fuer-bienen.de\/archiv-2021\/eintrag\/im-rudeloffweg-zwitschert-brummt-und-summt-es\/\">\n        <div class=\"bienen-entry-image\">\n            <img decoding=\"async\" width=\"400\" height=\"300\" src=\"https:\/\/wettbewerb-archiv.wir-tun-was-fuer-bienen.de\/archiv-2021\/wp-content\/uploads\/sites\/3\/2021\/06\/20210507_220026-400x300.jpg\" class=\"attachment-bienen-grid-thumb size-bienen-grid-thumb wp-post-image\" alt=\"\" loading=\"lazy\" \/>                    <\/div>\n    <\/a>\n\n    <div class=\"images-grid\"><span><a href=\"https:\/\/wettbewerb-archiv.wir-tun-was-fuer-bienen.de\/archiv-2021\/eintrag\/im-rudeloffweg-zwitschert-brummt-und-summt-es\/\"><img decoding=\"async\" width=\"150\" height=\"150\" src=\"https:\/\/wettbewerb-archiv.wir-tun-was-fuer-bienen.de\/archiv-2021\/wp-content\/uploads\/sites\/3\/2021\/06\/20210507_172316-150x150.jpg\" class=\"attachment-thumbnail size-thumbnail\" alt=\"\" loading=\"lazy\" \/><\/a><\/span><span><a href=\"https:\/\/wettbewerb-archiv.wir-tun-was-fuer-bienen.de\/archiv-2021\/eintrag\/im-rudeloffweg-zwitschert-brummt-und-summt-es\/\"><img decoding=\"async\" width=\"150\" height=\"150\" src=\"https:\/\/wettbewerb-archiv.wir-tun-was-fuer-bienen.de\/archiv-2021\/wp-content\/uploads\/sites\/3\/2021\/06\/20210507_193026-150x150.jpg\" class=\"attachment-thumbnail size-thumbnail\" alt=\"\" loading=\"lazy\" \/><\/a><\/span><span><a href=\"https:\/\/wettbewerb-archiv.wir-tun-was-fuer-bienen.de\/archiv-2021\/eintrag\/im-rudeloffweg-zwitschert-brummt-und-summt-es\/\"><img decoding=\"async\" width=\"150\" height=\"150\" src=\"https:\/\/wettbewerb-archiv.wir-tun-was-fuer-bienen.de\/archiv-2021\/wp-content\/uploads\/sites\/3\/2021\/06\/20210507_190739-150x150.jpg\" class=\"attachment-thumbnail size-thumbnail\" alt=\"\" loading=\"lazy\" \/><\/a><\/span><span><a href=\"https:\/\/wettbewerb-archiv.wir-tun-was-fuer-bienen.de\/archiv-2021\/eintrag\/im-rudeloffweg-zwitschert-brummt-und-summt-es\/\"><img decoding=\"async\" width=\"150\" height=\"150\" src=\"https:\/\/wettbewerb-archiv.wir-tun-was-fuer-bienen.de\/archiv-2021\/wp-content\/uploads\/sites\/3\/2021\/06\/20210607_185725-150x150.jpg\" class=\"attachment-thumbnail size-thumbnail\" alt=\"\" loading=\"lazy\" \/><\/a><\/span><\/div>\n\n    <div class=\"user flex\">\n        \n                    <img decoding=\"async\" src=\"https:\/\/wettbewerb-archiv.wir-tun-was-fuer-bienen.de\/archiv-2021\/wp-content\/themes\/bienen\/assets\/images\/avatar-placeholder.png\" style=\"border-radius: 30px;\" height=\"30\" width=\"30\">\n            Rudeloffer lieben V\u00f6gel, Blumen und Bienen!            <\/div>\n    \n    \n            <p class=\"categories meta\" style=\"width: 100%\"><span class=\"fa fa-tag\"\n                                                             aria-hidden=\"true\"><\/span> Privatg\u00e4rten und G\u00e4rten von Mietwohnungen (gr\u00f6\u00dfer als 500 Quadratmeter)        <\/p>\n    \n            <p class=\"categories meta\" style=\"width: 100%\"><span class=\"fa fa-map-marker\"\n                                                             aria-hidden=\"true\"><\/span> Berlin        <\/p>\n    \n<\/article>\n   \n\t\t\n          <article id=\"post-46956\" class=\"et_pb_post post-46956 wtwfb_entry type-wtwfb_entry status-publish has-post-thumbnail hentry wtwfb_category-privatgaerten-und-gaerten-von-mietwohnungen-kleiner-500-quadratmeter wtwfb_region-bayern\">\n    <h2 class=\"entry-title\"><a href=\"https:\/\/wettbewerb-archiv.wir-tun-was-fuer-bienen.de\/archiv-2021\/eintrag\/insektenhotel-deluxe\/\">Insektenhotel Deluxe<\/a>\n    <\/h2>\n    <a href=\"https:\/\/wettbewerb-archiv.wir-tun-was-fuer-bienen.de\/archiv-2021\/eintrag\/insektenhotel-deluxe\/\">\n        <div class=\"bienen-entry-image\">\n            <img decoding=\"async\" width=\"400\" height=\"300\" src=\"https:\/\/wettbewerb-archiv.wir-tun-was-fuer-bienen.de\/archiv-2021\/wp-content\/uploads\/sites\/3\/2021\/06\/inbound6363550613372986959-400x300.jpg\" class=\"attachment-bienen-grid-thumb size-bienen-grid-thumb wp-post-image\" alt=\"\" loading=\"lazy\" \/>                    <\/div>\n    <\/a>\n\n    <div class=\"images-grid\"><span><a href=\"https:\/\/wettbewerb-archiv.wir-tun-was-fuer-bienen.de\/archiv-2021\/eintrag\/insektenhotel-deluxe\/\"><img decoding=\"async\" width=\"150\" height=\"150\" src=\"https:\/\/wettbewerb-archiv.wir-tun-was-fuer-bienen.de\/archiv-2021\/wp-content\/uploads\/sites\/3\/2021\/06\/inbound5833919449976993906-150x150.jpg\" class=\"attachment-thumbnail size-thumbnail\" alt=\"\" loading=\"lazy\" \/><\/a><\/span><\/div>\n\n    <div class=\"user flex\">\n        \n                    <img decoding=\"async\" src=\"https:\/\/wettbewerb-archiv.wir-tun-was-fuer-bienen.de\/archiv-2021\/wp-content\/themes\/bienen\/assets\/images\/avatar-placeholder.png\" style=\"border-radius: 30px;\" height=\"30\" width=\"30\">\n            babybeau82            <\/div>\n    \n    \n            <p class=\"categories meta\" style=\"width: 100%\"><span class=\"fa fa-tag\"\n                                                             aria-hidden=\"true\"><\/span> Privatg\u00e4rten und G\u00e4rten von Mietwohnungen (kleiner als 500 Quadratmeter)        <\/p>\n    \n            <p class=\"categories meta\" style=\"width: 100%\"><span class=\"fa fa-map-marker\"\n                                                             aria-hidden=\"true\"><\/span> Bayern        <\/p>\n    \n<\/article>\n   \n\t\t\n          <article id=\"post-46832\" class=\"et_pb_post post-46832 wtwfb_entry type-wtwfb_entry status-publish has-post-thumbnail hentry wtwfb_category-kita-und-kindergartengaerten wtwfb_region-baden-wuerttemberg\">\n    <h2 class=\"entry-title\"><a href=\"https:\/\/wettbewerb-archiv.wir-tun-was-fuer-bienen.de\/archiv-2021\/eintrag\/kreativangebot-mit-bienen-unsere-blumenwiese-fuer-bienen\/\">Kreativangebot mit Bienen, Unsere Blumenwiese f\u00fcr Bien...<\/a>\n    <\/h2>\n    <a href=\"https:\/\/wettbewerb-archiv.wir-tun-was-fuer-bienen.de\/archiv-2021\/eintrag\/kreativangebot-mit-bienen-unsere-blumenwiese-fuer-bienen\/\">\n        <div class=\"bienen-entry-image\">\n            <img decoding=\"async\" width=\"400\" height=\"300\" src=\"https:\/\/wettbewerb-archiv.wir-tun-was-fuer-bienen.de\/archiv-2021\/wp-content\/uploads\/sites\/3\/2021\/06\/IMG_20210624_131712190-400x300.jpg\" class=\"attachment-bienen-grid-thumb size-bienen-grid-thumb wp-post-image\" alt=\"\" loading=\"lazy\" \/>                    <\/div>\n    <\/a>\n\n    <div class=\"images-grid\"><span><a href=\"https:\/\/wettbewerb-archiv.wir-tun-was-fuer-bienen.de\/archiv-2021\/eintrag\/kreativangebot-mit-bienen-unsere-blumenwiese-fuer-bienen\/\"><img decoding=\"async\" width=\"150\" height=\"150\" src=\"https:\/\/wettbewerb-archiv.wir-tun-was-fuer-bienen.de\/archiv-2021\/wp-content\/uploads\/sites\/3\/2021\/06\/IMG_20210624_141227375_HDR-150x150.jpg\" class=\"attachment-thumbnail size-thumbnail\" alt=\"\" loading=\"lazy\" \/><\/a><\/span><span><a href=\"https:\/\/wettbewerb-archiv.wir-tun-was-fuer-bienen.de\/archiv-2021\/eintrag\/kreativangebot-mit-bienen-unsere-blumenwiese-fuer-bienen\/\"><img decoding=\"async\" width=\"150\" height=\"150\" src=\"https:\/\/wettbewerb-archiv.wir-tun-was-fuer-bienen.de\/archiv-2021\/wp-content\/uploads\/sites\/3\/2021\/06\/IMG_20210624_141547104-150x150.jpg\" class=\"attachment-thumbnail size-thumbnail\" alt=\"\" loading=\"lazy\" \/><\/a><\/span><span><a href=\"https:\/\/wettbewerb-archiv.wir-tun-was-fuer-bienen.de\/archiv-2021\/eintrag\/kreativangebot-mit-bienen-unsere-blumenwiese-fuer-bienen\/\"><img decoding=\"async\" width=\"150\" height=\"150\" src=\"https:\/\/wettbewerb-archiv.wir-tun-was-fuer-bienen.de\/archiv-2021\/wp-content\/uploads\/sites\/3\/2021\/06\/IMG_20210624_141131851-150x150.jpg\" class=\"attachment-thumbnail size-thumbnail\" alt=\"\" loading=\"lazy\" \/><\/a><\/span><span><a href=\"https:\/\/wettbewerb-archiv.wir-tun-was-fuer-bienen.de\/archiv-2021\/eintrag\/kreativangebot-mit-bienen-unsere-blumenwiese-fuer-bienen\/\"><img decoding=\"async\" width=\"150\" height=\"150\" src=\"https:\/\/wettbewerb-archiv.wir-tun-was-fuer-bienen.de\/archiv-2021\/wp-content\/uploads\/sites\/3\/2021\/06\/IMG_20210624_141211998-150x150.jpg\" class=\"attachment-thumbnail size-thumbnail\" alt=\"\" loading=\"lazy\" \/><\/a><\/span><\/div>\n\n    <div class=\"user flex\">\n        \n                    <img decoding=\"async\" src=\"https:\/\/wettbewerb-archiv.wir-tun-was-fuer-bienen.de\/archiv-2021\/wp-content\/themes\/bienen\/assets\/images\/avatar-placeholder.png\" style=\"border-radius: 30px;\" height=\"30\" width=\"30\">\n            Annett Franke            <\/div>\n    \n    \n            <p class=\"categories meta\" style=\"width: 100%\"><span class=\"fa fa-tag\"\n                                                             aria-hidden=\"true\"><\/span> Kita- und Kindergarteng\u00e4rten        <\/p>\n    \n            <p class=\"categories meta\" style=\"width: 100%\"><span class=\"fa fa-map-marker\"\n                                                             aria-hidden=\"true\"><\/span> Baden-W\u00fcrttemberg        <\/p>\n    \n<\/article>\n   \n\t\t\n          <article id=\"post-46651\" class=\"et_pb_post post-46651 wtwfb_entry type-wtwfb_entry status-publish has-post-thumbnail hentry wtwfb_category-schul-und-jugendclub-gaerten wtwfb_region-berlin\">\n    <h2 class=\"entry-title\"><a href=\"https:\/\/wettbewerb-archiv.wir-tun-was-fuer-bienen.de\/archiv-2021\/eintrag\/bienenprojekt-der-klasse-7b-des-beethoven-gymnasiums\/\">Bienenprojekt der Klasse 7b des Beethoven Gymnasiums<\/a>\n    <\/h2>\n    <a href=\"https:\/\/wettbewerb-archiv.wir-tun-was-fuer-bienen.de\/archiv-2021\/eintrag\/bienenprojekt-der-klasse-7b-des-beethoven-gymnasiums\/\">\n        <div class=\"bienen-entry-image\">\n            <img decoding=\"async\" width=\"400\" height=\"300\" src=\"https:\/\/wettbewerb-archiv.wir-tun-was-fuer-bienen.de\/archiv-2021\/wp-content\/uploads\/sites\/3\/2021\/06\/pexels-pixabay-34220-400x300.jpg\" class=\"attachment-bienen-grid-thumb size-bienen-grid-thumb wp-post-image\" alt=\"\" loading=\"lazy\" \/>                    <\/div>\n    <\/a>\n\n    <div class=\"images-grid\"><span><a href=\"https:\/\/wettbewerb-archiv.wir-tun-was-fuer-bienen.de\/archiv-2021\/eintrag\/bienenprojekt-der-klasse-7b-des-beethoven-gymnasiums\/\"><img decoding=\"async\" width=\"150\" height=\"150\" src=\"https:\/\/wettbewerb-archiv.wir-tun-was-fuer-bienen.de\/archiv-2021\/wp-content\/uploads\/sites\/3\/2021\/06\/Bienenwetbewerb-Padlet_01-150x150.jpg\" class=\"attachment-thumbnail size-thumbnail\" alt=\"\" loading=\"lazy\" \/><\/a><\/span><span><a href=\"https:\/\/wettbewerb-archiv.wir-tun-was-fuer-bienen.de\/archiv-2021\/eintrag\/bienenprojekt-der-klasse-7b-des-beethoven-gymnasiums\/\"><img decoding=\"async\" width=\"150\" height=\"150\" src=\"https:\/\/wettbewerb-archiv.wir-tun-was-fuer-bienen.de\/archiv-2021\/wp-content\/uploads\/sites\/3\/2021\/06\/Oliver-150x150.jpeg\" class=\"attachment-thumbnail size-thumbnail\" alt=\"\" loading=\"lazy\" \/><\/a><\/span><span><a href=\"https:\/\/wettbewerb-archiv.wir-tun-was-fuer-bienen.de\/archiv-2021\/eintrag\/bienenprojekt-der-klasse-7b-des-beethoven-gymnasiums\/\"><img decoding=\"async\" width=\"150\" height=\"150\" src=\"https:\/\/wettbewerb-archiv.wir-tun-was-fuer-bienen.de\/archiv-2021\/wp-content\/uploads\/sites\/3\/2021\/06\/Aktion-150x150.jpg\" class=\"attachment-thumbnail size-thumbnail\" alt=\"\" loading=\"lazy\" \/><\/a><\/span><span><a href=\"https:\/\/wettbewerb-archiv.wir-tun-was-fuer-bienen.de\/archiv-2021\/eintrag\/bienenprojekt-der-klasse-7b-des-beethoven-gymnasiums\/\"><img decoding=\"async\" width=\"150\" height=\"150\" src=\"https:\/\/wettbewerb-archiv.wir-tun-was-fuer-bienen.de\/archiv-2021\/wp-content\/uploads\/sites\/3\/2021\/06\/Anna-Rahel-150x150.jpg\" class=\"attachment-thumbnail size-thumbnail\" alt=\"\" loading=\"lazy\" \/><\/a><\/span><\/div>\n\n    <div class=\"user flex\">\n        \n                    <img decoding=\"async\" src=\"https:\/\/wettbewerb-archiv.wir-tun-was-fuer-bienen.de\/archiv-2021\/wp-content\/themes\/bienen\/assets\/images\/avatar-placeholder.png\" style=\"border-radius: 30px;\" height=\"30\" width=\"30\">\n            Bienen Projekt Klasse 7b Beethoven Gymnasium            <\/div>\n    \n    \n            <p class=\"categories meta\" style=\"width: 100%\"><span class=\"fa fa-tag\"\n                                                             aria-hidden=\"true\"><\/span> Schul- und Jugendclub-G\u00e4rten        <\/p>\n    \n            <p class=\"categories meta\" style=\"width: 100%\"><span class=\"fa fa-map-marker\"\n                                                             aria-hidden=\"true\"><\/span> Berlin        <\/p>\n    \n<\/article>\n   \n\t\t\n          <article id=\"post-46621\" class=\"et_pb_post post-46621 wtwfb_entry type-wtwfb_entry status-publish has-post-thumbnail hentry wtwfb_category-bestehende-naturgaerten wtwfb_region-niedersachsen\">\n    <h2 class=\"entry-title\"><a href=\"https:\/\/wettbewerb-archiv.wir-tun-was-fuer-bienen.de\/archiv-2021\/eintrag\/bienenparadies-naturnaher-garten\/\">Bienenparadies naturnaher Garten<\/a>\n    <\/h2>\n    <a href=\"https:\/\/wettbewerb-archiv.wir-tun-was-fuer-bienen.de\/archiv-2021\/eintrag\/bienenparadies-naturnaher-garten\/\">\n        <div class=\"bienen-entry-image\">\n            <img decoding=\"async\" width=\"400\" height=\"300\" src=\"https:\/\/wettbewerb-archiv.wir-tun-was-fuer-bienen.de\/archiv-2021\/wp-content\/uploads\/sites\/3\/2021\/06\/659CE128-BF66-405C-9D37-CDCE3246F1C4-400x300.jpeg\" class=\"attachment-bienen-grid-thumb size-bienen-grid-thumb wp-post-image\" alt=\"\" loading=\"lazy\" \/>                    <\/div>\n    <\/a>\n\n    <div class=\"images-grid\"><span><a href=\"https:\/\/wettbewerb-archiv.wir-tun-was-fuer-bienen.de\/archiv-2021\/eintrag\/bienenparadies-naturnaher-garten\/\"><img decoding=\"async\" width=\"150\" height=\"150\" src=\"https:\/\/wettbewerb-archiv.wir-tun-was-fuer-bienen.de\/archiv-2021\/wp-content\/uploads\/sites\/3\/2021\/06\/5DE8F3B9-98F3-4023-897F-587AAE760455-150x150.jpeg\" class=\"attachment-thumbnail size-thumbnail\" alt=\"\" loading=\"lazy\" \/><\/a><\/span><span><a href=\"https:\/\/wettbewerb-archiv.wir-tun-was-fuer-bienen.de\/archiv-2021\/eintrag\/bienenparadies-naturnaher-garten\/\"><img decoding=\"async\" width=\"150\" height=\"150\" src=\"https:\/\/wettbewerb-archiv.wir-tun-was-fuer-bienen.de\/archiv-2021\/wp-content\/uploads\/sites\/3\/2021\/06\/EF3BA438-C618-4527-B973-1D899E5DFD9E-150x150.jpeg\" class=\"attachment-thumbnail size-thumbnail\" alt=\"\" loading=\"lazy\" \/><\/a><\/span><span><a href=\"https:\/\/wettbewerb-archiv.wir-tun-was-fuer-bienen.de\/archiv-2021\/eintrag\/bienenparadies-naturnaher-garten\/\"><img decoding=\"async\" width=\"150\" height=\"150\" src=\"https:\/\/wettbewerb-archiv.wir-tun-was-fuer-bienen.de\/archiv-2021\/wp-content\/uploads\/sites\/3\/2021\/06\/526C5725-585D-4357-9277-BA7F49D86D02-150x150.jpeg\" class=\"attachment-thumbnail size-thumbnail\" alt=\"\" loading=\"lazy\" \/><\/a><\/span><span><a href=\"https:\/\/wettbewerb-archiv.wir-tun-was-fuer-bienen.de\/archiv-2021\/eintrag\/bienenparadies-naturnaher-garten\/\"><img decoding=\"async\" width=\"150\" height=\"150\" src=\"https:\/\/wettbewerb-archiv.wir-tun-was-fuer-bienen.de\/archiv-2021\/wp-content\/uploads\/sites\/3\/2021\/06\/39557AD9-6B62-45CE-96A2-42F3257B48A7-150x150.jpeg\" class=\"attachment-thumbnail size-thumbnail\" alt=\"\" loading=\"lazy\" \/><\/a><\/span><\/div>\n\n    <div class=\"user flex\">\n        \n                    <img decoding=\"async\" src=\"https:\/\/wettbewerb-archiv.wir-tun-was-fuer-bienen.de\/archiv-2021\/wp-content\/themes\/bienen\/assets\/images\/avatar-placeholder.png\" style=\"border-radius: 30px;\" height=\"30\" width=\"30\">\n            Hegger            <\/div>\n    \n    \n            <p class=\"categories meta\" style=\"width: 100%\"><span class=\"fa fa-tag\"\n                                                             aria-hidden=\"true\"><\/span> Bestehende Naturg\u00e4rten (ohne Pflanzaktionen)        <\/p>\n    \n            <p class=\"categories meta\" style=\"width: 100%\"><span class=\"fa fa-map-marker\"\n                                                             aria-hidden=\"true\"><\/span> Niedersachsen        <\/p>\n    \n<\/article>\n   \n\t\t\n          <article id=\"post-46614\" class=\"et_pb_post post-46614 wtwfb_entry type-wtwfb_entry status-publish has-post-thumbnail hentry wtwfb_category-firmen-institutions-und-vereinsgaerten wtwfb_region-brandenburg\">\n    <h2 class=\"entry-title\"><a href=\"https:\/\/wettbewerb-archiv.wir-tun-was-fuer-bienen.de\/archiv-2021\/eintrag\/3-2-1-los\/\">3 &#8211; 2 &#8211; 1 &#8211; LOS!!!<\/a>\n    <\/h2>\n    <a href=\"https:\/\/wettbewerb-archiv.wir-tun-was-fuer-bienen.de\/archiv-2021\/eintrag\/3-2-1-los\/\">\n        <div class=\"bienen-entry-image\">\n            <img decoding=\"async\" width=\"400\" height=\"300\" src=\"https:\/\/wettbewerb-archiv.wir-tun-was-fuer-bienen.de\/archiv-2021\/wp-content\/uploads\/sites\/3\/2021\/06\/29C33551-9F3A-44BA-A088-5C60376359FE-400x300.jpeg\" class=\"attachment-bienen-grid-thumb size-bienen-grid-thumb wp-post-image\" alt=\"\" loading=\"lazy\" \/>                    <\/div>\n    <\/a>\n\n    <div class=\"images-grid\"><span><a href=\"https:\/\/wettbewerb-archiv.wir-tun-was-fuer-bienen.de\/archiv-2021\/eintrag\/3-2-1-los\/\"><img decoding=\"async\" width=\"150\" height=\"150\" src=\"https:\/\/wettbewerb-archiv.wir-tun-was-fuer-bienen.de\/archiv-2021\/wp-content\/uploads\/sites\/3\/2021\/06\/1544534F-A25A-4661-9CD9-FC8BF9D4E368-150x150.jpeg\" class=\"attachment-thumbnail size-thumbnail\" alt=\"\" loading=\"lazy\" \/><\/a><\/span><span><a href=\"https:\/\/wettbewerb-archiv.wir-tun-was-fuer-bienen.de\/archiv-2021\/eintrag\/3-2-1-los\/\"><img decoding=\"async\" width=\"150\" height=\"150\" src=\"https:\/\/wettbewerb-archiv.wir-tun-was-fuer-bienen.de\/archiv-2021\/wp-content\/uploads\/sites\/3\/2021\/06\/36841E6A-77C0-4582-ADA8-449FD8D16C7B-150x150.jpeg\" class=\"attachment-thumbnail size-thumbnail\" alt=\"\" loading=\"lazy\" \/><\/a><\/span><span><a href=\"https:\/\/wettbewerb-archiv.wir-tun-was-fuer-bienen.de\/archiv-2021\/eintrag\/3-2-1-los\/\"><img decoding=\"async\" width=\"150\" height=\"150\" src=\"https:\/\/wettbewerb-archiv.wir-tun-was-fuer-bienen.de\/archiv-2021\/wp-content\/uploads\/sites\/3\/2021\/06\/F7581340-137A-48A7-B2E5-BC7C7FB18412-150x150.jpeg\" class=\"attachment-thumbnail size-thumbnail\" alt=\"\" loading=\"lazy\" \/><\/a><\/span><span><a href=\"https:\/\/wettbewerb-archiv.wir-tun-was-fuer-bienen.de\/archiv-2021\/eintrag\/3-2-1-los\/\"><img decoding=\"async\" width=\"150\" height=\"150\" src=\"https:\/\/wettbewerb-archiv.wir-tun-was-fuer-bienen.de\/archiv-2021\/wp-content\/uploads\/sites\/3\/2021\/06\/A4531526-91C0-4192-B2D6-C434480C8064-150x150.jpeg\" class=\"attachment-thumbnail size-thumbnail\" alt=\"\" loading=\"lazy\" \/><\/a><\/span><\/div>\n\n    <div class=\"user flex\">\n        \n                    <img decoding=\"async\" src=\"https:\/\/wettbewerb-archiv.wir-tun-was-fuer-bienen.de\/archiv-2021\/wp-content\/themes\/bienen\/assets\/images\/avatar-placeholder.png\" style=\"border-radius: 30px;\" height=\"30\" width=\"30\">\n            Polizeiinspektion Dahme-Spreewald            <\/div>\n    \n    \n            <p class=\"categories meta\" style=\"width: 100%\"><span class=\"fa fa-tag\"\n                                                             aria-hidden=\"true\"><\/span> Firmen-, Institutions- und Vereinsg\u00e4rten        <\/p>\n    \n            <p class=\"categories meta\" style=\"width: 100%\"><span class=\"fa fa-map-marker\"\n                                                             aria-hidden=\"true\"><\/span> Brandenburg        <\/p>\n    \n<\/article>\n   \n\t\t\n          <article id=\"post-46541\" class=\"et_pb_post post-46541 wtwfb_entry type-wtwfb_entry status-publish has-post-thumbnail hentry wtwfb_category-kommunale-flaechen-parks-baumscheiben wtwfb_region-niedersachsen\">\n    <h2 class=\"entry-title\"><a href=\"https:\/\/wettbewerb-archiv.wir-tun-was-fuer-bienen.de\/archiv-2021\/eintrag\/die-lueneburger-ringstrasse-blueht-und-summt\/\">Die L\u00fcneburger Ringstra\u00dfe bl\u00fcht und summt!<\/a>\n    <\/h2>\n    <a href=\"https:\/\/wettbewerb-archiv.wir-tun-was-fuer-bienen.de\/archiv-2021\/eintrag\/die-lueneburger-ringstrasse-blueht-und-summt\/\">\n        <div class=\"bienen-entry-image\">\n            <img decoding=\"async\" width=\"400\" height=\"300\" src=\"https:\/\/wettbewerb-archiv.wir-tun-was-fuer-bienen.de\/archiv-2021\/wp-content\/uploads\/sites\/3\/2021\/06\/IMG_20190814_191024-400x300.jpg\" class=\"attachment-bienen-grid-thumb size-bienen-grid-thumb wp-post-image\" alt=\"\" loading=\"lazy\" \/>                    <\/div>\n    <\/a>\n\n    <div class=\"images-grid\"><\/div>\n\n    <div class=\"user flex\">\n        \n                    <img decoding=\"async\" src=\"https:\/\/wettbewerb-archiv.wir-tun-was-fuer-bienen.de\/archiv-2021\/wp-content\/themes\/bienen\/assets\/images\/avatar-placeholder.png\" style=\"border-radius: 30px;\" height=\"30\" width=\"30\">\n            Tanja Engler            <\/div>\n    \n    \n            <p class=\"categories meta\" style=\"width: 100%\"><span class=\"fa fa-tag\"\n                                                             aria-hidden=\"true\"><\/span> Kommunale Fl\u00e4chen, Parks, Baumscheiben        <\/p>\n    \n            <p class=\"categories meta\" style=\"width: 100%\"><span class=\"fa fa-map-marker\"\n                                                             aria-hidden=\"true\"><\/span> Niedersachsen        <\/p>\n    \n<\/article>\n   \n\t\t\n          <article id=\"post-46525\" class=\"et_pb_post post-46525 wtwfb_entry type-wtwfb_entry status-publish has-post-thumbnail hentry wtwfb_category-privatgaerten-und-gaerten-von-mietwohnungen-kleiner-500-quadratmeter wtwfb_region-nordrhein-westfalen\">\n    <h2 class=\"entry-title\"><a href=\"https:\/\/wettbewerb-archiv.wir-tun-was-fuer-bienen.de\/archiv-2021\/eintrag\/garten-macht-suechtig\/\">Garten macht s\u00fcchtig<\/a>\n    <\/h2>\n    <a href=\"https:\/\/wettbewerb-archiv.wir-tun-was-fuer-bienen.de\/archiv-2021\/eintrag\/garten-macht-suechtig\/\">\n        <div class=\"bienen-entry-image\">\n            <img decoding=\"async\" width=\"400\" height=\"300\" src=\"https:\/\/wettbewerb-archiv.wir-tun-was-fuer-bienen.de\/archiv-2021\/wp-content\/uploads\/sites\/3\/2021\/06\/20210622_145426-400x300.jpg\" class=\"attachment-bienen-grid-thumb size-bienen-grid-thumb wp-post-image\" alt=\"\" loading=\"lazy\" \/>                    <\/div>\n    <\/a>\n\n    <div class=\"images-grid\"><span><a href=\"https:\/\/wettbewerb-archiv.wir-tun-was-fuer-bienen.de\/archiv-2021\/eintrag\/garten-macht-suechtig\/\"><img decoding=\"async\" width=\"150\" height=\"150\" src=\"https:\/\/wettbewerb-archiv.wir-tun-was-fuer-bienen.de\/archiv-2021\/wp-content\/uploads\/sites\/3\/2021\/06\/20210514_175329-150x150.jpg\" class=\"attachment-thumbnail size-thumbnail\" alt=\"\" loading=\"lazy\" \/><\/a><\/span><span><a href=\"https:\/\/wettbewerb-archiv.wir-tun-was-fuer-bienen.de\/archiv-2021\/eintrag\/garten-macht-suechtig\/\"><img decoding=\"async\" width=\"150\" height=\"150\" src=\"https:\/\/wettbewerb-archiv.wir-tun-was-fuer-bienen.de\/archiv-2021\/wp-content\/uploads\/sites\/3\/2021\/06\/20210514_175337-150x150.jpg\" class=\"attachment-thumbnail size-thumbnail\" alt=\"\" loading=\"lazy\" \/><\/a><\/span><span><a href=\"https:\/\/wettbewerb-archiv.wir-tun-was-fuer-bienen.de\/archiv-2021\/eintrag\/garten-macht-suechtig\/\"><img decoding=\"async\" width=\"150\" height=\"150\" src=\"https:\/\/wettbewerb-archiv.wir-tun-was-fuer-bienen.de\/archiv-2021\/wp-content\/uploads\/sites\/3\/2021\/06\/20210622_144956-150x150.jpg\" class=\"attachment-thumbnail size-thumbnail\" alt=\"\" loading=\"lazy\" \/><\/a><\/span><span><a href=\"https:\/\/wettbewerb-archiv.wir-tun-was-fuer-bienen.de\/archiv-2021\/eintrag\/garten-macht-suechtig\/\"><img decoding=\"async\" width=\"150\" height=\"150\" src=\"https:\/\/wettbewerb-archiv.wir-tun-was-fuer-bienen.de\/archiv-2021\/wp-content\/uploads\/sites\/3\/2021\/06\/20210623_182541-150x150.jpg\" class=\"attachment-thumbnail size-thumbnail\" alt=\"\" loading=\"lazy\" \/><\/a><\/span><\/div>\n\n    <div class=\"user flex\">\n        \n                    <img decoding=\"async\" src=\"https:\/\/wettbewerb-archiv.wir-tun-was-fuer-bienen.de\/archiv-2021\/wp-content\/themes\/bienen\/assets\/images\/avatar-placeholder.png\" style=\"border-radius: 30px;\" height=\"30\" width=\"30\">\n            Jane Doe            <\/div>\n    \n    \n            <p class=\"categories meta\" style=\"width: 100%\"><span class=\"fa fa-tag\"\n                                                             aria-hidden=\"true\"><\/span> Privatg\u00e4rten und G\u00e4rten von Mietwohnungen (kleiner als 500 Quadratmeter)        <\/p>\n    \n            <p class=\"categories meta\" style=\"width: 100%\"><span class=\"fa fa-map-marker\"\n                                                             aria-hidden=\"true\"><\/span> Nordrhein-Westfalen        <\/p>\n    \n<\/article>\n   \n\t\t\n          <article id=\"post-46424\" class=\"et_pb_post post-46424 wtwfb_entry type-wtwfb_entry status-publish has-post-thumbnail hentry wtwfb_category-bestehende-naturgaerten wtwfb_region-schleswig-holstein\">\n    <h2 class=\"entry-title\"><a href=\"https:\/\/wettbewerb-archiv.wir-tun-was-fuer-bienen.de\/archiv-2021\/eintrag\/die-dannewerkschule-da-blueht-dir-was\/\">Die Dannewerkschule &#8211; da bl\u00fcht dir was&#8230;<\/a>\n    <\/h2>\n    <a href=\"https:\/\/wettbewerb-archiv.wir-tun-was-fuer-bienen.de\/archiv-2021\/eintrag\/die-dannewerkschule-da-blueht-dir-was\/\">\n        <div class=\"bienen-entry-image\">\n            <img decoding=\"async\" width=\"400\" height=\"300\" src=\"https:\/\/wettbewerb-archiv.wir-tun-was-fuer-bienen.de\/archiv-2021\/wp-content\/uploads\/sites\/3\/2021\/06\/20210524_183427-400x300.jpg\" class=\"attachment-bienen-grid-thumb size-bienen-grid-thumb wp-post-image\" alt=\"\" loading=\"lazy\" \/>                    <\/div>\n    <\/a>\n\n    <div class=\"images-grid\"><span><a href=\"https:\/\/wettbewerb-archiv.wir-tun-was-fuer-bienen.de\/archiv-2021\/eintrag\/die-dannewerkschule-da-blueht-dir-was\/\"><img decoding=\"async\" width=\"150\" height=\"150\" src=\"https:\/\/wettbewerb-archiv.wir-tun-was-fuer-bienen.de\/archiv-2021\/wp-content\/uploads\/sites\/3\/2021\/06\/20210520_093415-150x150.jpg\" class=\"attachment-thumbnail size-thumbnail\" alt=\"\" loading=\"lazy\" \/><\/a><\/span><span><a href=\"https:\/\/wettbewerb-archiv.wir-tun-was-fuer-bienen.de\/archiv-2021\/eintrag\/die-dannewerkschule-da-blueht-dir-was\/\"><img decoding=\"async\" width=\"150\" height=\"150\" src=\"https:\/\/wettbewerb-archiv.wir-tun-was-fuer-bienen.de\/archiv-2021\/wp-content\/uploads\/sites\/3\/2021\/06\/20210520_093510-1-150x150.jpg\" class=\"attachment-thumbnail size-thumbnail\" alt=\"\" loading=\"lazy\" \/><\/a><\/span><span><a href=\"https:\/\/wettbewerb-archiv.wir-tun-was-fuer-bienen.de\/archiv-2021\/eintrag\/die-dannewerkschule-da-blueht-dir-was\/\"><img decoding=\"async\" width=\"150\" height=\"150\" src=\"https:\/\/wettbewerb-archiv.wir-tun-was-fuer-bienen.de\/archiv-2021\/wp-content\/uploads\/sites\/3\/2021\/06\/20210520_094617-150x150.jpg\" class=\"attachment-thumbnail size-thumbnail\" alt=\"\" loading=\"lazy\" \/><\/a><\/span><span><a href=\"https:\/\/wettbewerb-archiv.wir-tun-was-fuer-bienen.de\/archiv-2021\/eintrag\/die-dannewerkschule-da-blueht-dir-was\/\"><img decoding=\"async\" width=\"150\" height=\"150\" src=\"https:\/\/wettbewerb-archiv.wir-tun-was-fuer-bienen.de\/archiv-2021\/wp-content\/uploads\/sites\/3\/2021\/06\/20210520_094625-150x150.jpg\" class=\"attachment-thumbnail size-thumbnail\" alt=\"\" loading=\"lazy\" \/><\/a><\/span><\/div>\n\n    <div class=\"user flex\">\n        \n                    <img decoding=\"async\" src=\"https:\/\/wettbewerb-archiv.wir-tun-was-fuer-bienen.de\/archiv-2021\/wp-content\/themes\/bienen\/assets\/images\/avatar-placeholder.png\" style=\"border-radius: 30px;\" height=\"30\" width=\"30\">\n            Ann-Kristin Erdmann            <\/div>\n    \n    \n            <p class=\"categories meta\" style=\"width: 100%\"><span class=\"fa fa-tag\"\n                                                             aria-hidden=\"true\"><\/span> Bestehende Naturg\u00e4rten (ohne Pflanzaktionen)        <\/p>\n    \n            <p class=\"categories meta\" style=\"width: 100%\"><span class=\"fa fa-map-marker\"\n                                                             aria-hidden=\"true\"><\/span> Schleswig-Holstein        <\/p>\n    \n<\/article>\n   \n\t\t\n          <article id=\"post-46370\" class=\"et_pb_post post-46370 wtwfb_entry type-wtwfb_entry status-publish has-post-thumbnail hentry wtwfb_category-firmen-institutions-und-vereinsgaerten wtwfb_region-bayern\">\n    <h2 class=\"entry-title\"><a href=\"https:\/\/wettbewerb-archiv.wir-tun-was-fuer-bienen.de\/archiv-2021\/eintrag\/ds-smith-paper-aschaffenburg-ein-bluehender-betrieb\/\">Es bl\u00fcht und summt<\/a>\n    <\/h2>\n    <a href=\"https:\/\/wettbewerb-archiv.wir-tun-was-fuer-bienen.de\/archiv-2021\/eintrag\/ds-smith-paper-aschaffenburg-ein-bluehender-betrieb\/\">\n        <div class=\"bienen-entry-image\">\n            <img decoding=\"async\" width=\"400\" height=\"300\" src=\"https:\/\/wettbewerb-archiv.wir-tun-was-fuer-bienen.de\/archiv-2021\/wp-content\/uploads\/sites\/3\/2021\/06\/Insekten-2-400x300.jpg\" class=\"attachment-bienen-grid-thumb size-bienen-grid-thumb wp-post-image\" alt=\"\" loading=\"lazy\" \/>                    <\/div>\n    <\/a>\n\n    <div class=\"images-grid\"><span><a href=\"https:\/\/wettbewerb-archiv.wir-tun-was-fuer-bienen.de\/archiv-2021\/eintrag\/ds-smith-paper-aschaffenburg-ein-bluehender-betrieb\/\"><img decoding=\"async\" width=\"150\" height=\"150\" src=\"https:\/\/wettbewerb-archiv.wir-tun-was-fuer-bienen.de\/archiv-2021\/wp-content\/uploads\/sites\/3\/2021\/06\/Entlang-der-Papierfabrik_1-150x150.jpg\" class=\"attachment-thumbnail size-thumbnail\" alt=\"\" loading=\"lazy\" \/><\/a><\/span><span><a href=\"https:\/\/wettbewerb-archiv.wir-tun-was-fuer-bienen.de\/archiv-2021\/eintrag\/ds-smith-paper-aschaffenburg-ein-bluehender-betrieb\/\"><img decoding=\"async\" width=\"150\" height=\"150\" src=\"https:\/\/wettbewerb-archiv.wir-tun-was-fuer-bienen.de\/archiv-2021\/wp-content\/uploads\/sites\/3\/2021\/06\/Vor-der-Verwaltung_1-150x150.jpg\" class=\"attachment-thumbnail size-thumbnail\" alt=\"\" loading=\"lazy\" \/><\/a><\/span><span><a href=\"https:\/\/wettbewerb-archiv.wir-tun-was-fuer-bienen.de\/archiv-2021\/eintrag\/ds-smith-paper-aschaffenburg-ein-bluehender-betrieb\/\"><img decoding=\"async\" width=\"150\" height=\"150\" src=\"https:\/\/wettbewerb-archiv.wir-tun-was-fuer-bienen.de\/archiv-2021\/wp-content\/uploads\/sites\/3\/2021\/06\/Werkstaetten_2-150x150.jpg\" class=\"attachment-thumbnail size-thumbnail\" alt=\"\" loading=\"lazy\" \/><\/a><\/span><span><a href=\"https:\/\/wettbewerb-archiv.wir-tun-was-fuer-bienen.de\/archiv-2021\/eintrag\/ds-smith-paper-aschaffenburg-ein-bluehender-betrieb\/\"><img decoding=\"async\" width=\"150\" height=\"150\" src=\"https:\/\/wettbewerb-archiv.wir-tun-was-fuer-bienen.de\/archiv-2021\/wp-content\/uploads\/sites\/3\/2021\/06\/Entwicklungsplan-150x150.jpg\" class=\"attachment-thumbnail size-thumbnail\" alt=\"\" loading=\"lazy\" \/><\/a><\/span><\/div>\n\n    <div class=\"user flex\">\n        \n                    <img decoding=\"async\" src=\"https:\/\/wettbewerb-archiv.wir-tun-was-fuer-bienen.de\/archiv-2021\/wp-content\/themes\/bienen\/assets\/images\/avatar-placeholder.png\" style=\"border-radius: 30px;\" height=\"30\" width=\"30\">\n            DS Smith Paper Deutschland GmbH            <\/div>\n    \n    <p class=\"categories meta bienen-gewinner\"><span class=\"fa fa-trophy\"                                                              aria-hidden=\"true\"><\/span> Gewinner<\/p>\n            <p class=\"categories meta\" style=\"width: 100%\"><span class=\"fa fa-tag\"\n                                                             aria-hidden=\"true\"><\/span> Firmen-, Institutions- und Vereinsg\u00e4rten        <\/p>\n    \n            <p class=\"categories meta\" style=\"width: 100%\"><span class=\"fa fa-map-marker\"\n                                                             aria-hidden=\"true\"><\/span> Bayern        <\/p>\n    \n<\/article>\n   \n\t\t\n          <article id=\"post-46307\" class=\"et_pb_post post-46307 wtwfb_entry type-wtwfb_entry status-publish has-post-thumbnail hentry wtwfb_category-kommunale-flaechen-parks-baumscheiben wtwfb_region-nordrhein-westfalen\">\n    <h2 class=\"entry-title\"><a href=\"https:\/\/wettbewerb-archiv.wir-tun-was-fuer-bienen.de\/archiv-2021\/eintrag\/bienen-hotel-fuer-den-generationen-park-in-schmidtheim\/\">Bienen Hotel f\u00fcr den Generationen Park in Schmidtheim<\/a>\n    <\/h2>\n    <a href=\"https:\/\/wettbewerb-archiv.wir-tun-was-fuer-bienen.de\/archiv-2021\/eintrag\/bienen-hotel-fuer-den-generationen-park-in-schmidtheim\/\">\n        <div class=\"bienen-entry-image\">\n            <img decoding=\"async\" width=\"400\" height=\"300\" src=\"https:\/\/wettbewerb-archiv.wir-tun-was-fuer-bienen.de\/archiv-2021\/wp-content\/uploads\/sites\/3\/2021\/06\/20210611_180451-neu-400x300.jpg\" class=\"attachment-bienen-grid-thumb size-bienen-grid-thumb wp-post-image\" alt=\"\" loading=\"lazy\" \/>                    <\/div>\n    <\/a>\n\n    <div class=\"images-grid\"><\/div>\n\n    <div class=\"user flex\">\n        \n                    <img decoding=\"async\" src=\"https:\/\/wettbewerb-archiv.wir-tun-was-fuer-bienen.de\/archiv-2021\/wp-content\/themes\/bienen\/assets\/images\/avatar-placeholder.png\" style=\"border-radius: 30px;\" height=\"30\" width=\"30\">\n            OGS Grundschule Dahlem            <\/div>\n    \n    \n            <p class=\"categories meta\" style=\"width: 100%\"><span class=\"fa fa-tag\"\n                                                             aria-hidden=\"true\"><\/span> Kommunale Fl\u00e4chen, Parks, Baumscheiben        <\/p>\n    \n            <p class=\"categories meta\" style=\"width: 100%\"><span class=\"fa fa-map-marker\"\n                                                             aria-hidden=\"true\"><\/span> Nordrhein-Westfalen        <\/p>\n    \n<\/article>\n   \n\t\t\n          <article id=\"post-46297\" class=\"et_pb_post post-46297 wtwfb_entry type-wtwfb_entry status-publish has-post-thumbnail hentry wtwfb_category-privatgaerten-und-gaerten-von-mietwohnungen-kleiner-500-quadratmeter wtwfb_region-nordrhein-westfalen\">\n    <h2 class=\"entry-title\"><a href=\"https:\/\/wettbewerb-archiv.wir-tun-was-fuer-bienen.de\/archiv-2021\/eintrag\/gartenarbeit-ist-sport-bereichert-die-seele-macht-suechtig-und-gluecklich\/\">Gartenarbeit ist Sport, streichelt die Seele, macht s\u00fc...<\/a>\n    <\/h2>\n    <a href=\"https:\/\/wettbewerb-archiv.wir-tun-was-fuer-bienen.de\/archiv-2021\/eintrag\/gartenarbeit-ist-sport-bereichert-die-seele-macht-suechtig-und-gluecklich\/\">\n        <div class=\"bienen-entry-image\">\n            <img decoding=\"async\" width=\"400\" height=\"300\" src=\"https:\/\/wettbewerb-archiv.wir-tun-was-fuer-bienen.de\/archiv-2021\/wp-content\/uploads\/sites\/3\/2021\/06\/cartoon-Gartenarbeit1-400x300.jpeg\" class=\"attachment-bienen-grid-thumb size-bienen-grid-thumb wp-post-image\" alt=\"\" loading=\"lazy\" \/>                    <\/div>\n    <\/a>\n\n    <div class=\"images-grid\"><span><a href=\"https:\/\/wettbewerb-archiv.wir-tun-was-fuer-bienen.de\/archiv-2021\/eintrag\/gartenarbeit-ist-sport-bereichert-die-seele-macht-suechtig-und-gluecklich\/\"><img decoding=\"async\" width=\"150\" height=\"150\" src=\"https:\/\/wettbewerb-archiv.wir-tun-was-fuer-bienen.de\/archiv-2021\/wp-content\/uploads\/sites\/3\/2021\/06\/Vorgarten-2-1987-150x150.jpeg\" class=\"attachment-thumbnail size-thumbnail\" alt=\"\" loading=\"lazy\" \/><\/a><\/span><span><a href=\"https:\/\/wettbewerb-archiv.wir-tun-was-fuer-bienen.de\/archiv-2021\/eintrag\/gartenarbeit-ist-sport-bereichert-die-seele-macht-suechtig-und-gluecklich\/\"><img decoding=\"async\" width=\"150\" height=\"150\" src=\"https:\/\/wettbewerb-archiv.wir-tun-was-fuer-bienen.de\/archiv-2021\/wp-content\/uploads\/sites\/3\/2021\/06\/seitl.Garten1987-150x150.jpeg\" class=\"attachment-thumbnail size-thumbnail\" alt=\"\" loading=\"lazy\" \/><\/a><\/span><span><a href=\"https:\/\/wettbewerb-archiv.wir-tun-was-fuer-bienen.de\/archiv-2021\/eintrag\/gartenarbeit-ist-sport-bereichert-die-seele-macht-suechtig-und-gluecklich\/\"><img decoding=\"async\" width=\"150\" height=\"150\" src=\"https:\/\/wettbewerb-archiv.wir-tun-was-fuer-bienen.de\/archiv-2021\/wp-content\/uploads\/sites\/3\/2021\/06\/Garten-hinten3-1987-150x150.jpeg\" class=\"attachment-thumbnail size-thumbnail\" alt=\"\" loading=\"lazy\" \/><\/a><\/span><span><a href=\"https:\/\/wettbewerb-archiv.wir-tun-was-fuer-bienen.de\/archiv-2021\/eintrag\/gartenarbeit-ist-sport-bereichert-die-seele-macht-suechtig-und-gluecklich\/\"><img decoding=\"async\" width=\"150\" height=\"150\" src=\"https:\/\/wettbewerb-archiv.wir-tun-was-fuer-bienen.de\/archiv-2021\/wp-content\/uploads\/sites\/3\/2021\/06\/IMG_0349-150x150.jpeg\" class=\"attachment-thumbnail size-thumbnail\" alt=\"\" loading=\"lazy\" \/><\/a><\/span><\/div>\n\n    <div class=\"user flex\">\n        \n                    <img decoding=\"async\" src=\"https:\/\/wettbewerb-archiv.wir-tun-was-fuer-bienen.de\/archiv-2021\/wp-content\/themes\/bienen\/assets\/images\/avatar-placeholder.png\" style=\"border-radius: 30px;\" height=\"30\" width=\"30\">\n            Gartenarbeit macht s\u00fcchtig und gl\u00fccklich.            <\/div>\n    \n    <p class=\"categories meta bienen-gewinner\"><span class=\"fa fa-trophy\"                                                              aria-hidden=\"true\"><\/span> Gewinner<\/p>\n            <p class=\"categories meta\" style=\"width: 100%\"><span class=\"fa fa-tag\"\n                                                             aria-hidden=\"true\"><\/span> Privatg\u00e4rten und G\u00e4rten von Mietwohnungen (kleiner als 500 Quadratmeter)        <\/p>\n    \n            <p class=\"categories meta\" style=\"width: 100%\"><span class=\"fa fa-map-marker\"\n                                                             aria-hidden=\"true\"><\/span> Nordrhein-Westfalen        <\/p>\n    \n<\/article>\n   \n\t\t\n          <article id=\"post-46287\" class=\"et_pb_post post-46287 wtwfb_entry type-wtwfb_entry status-publish has-post-thumbnail hentry wtwfb_category-privatgaerten-und-gaerten-von-mietwohnungen-groesser-500-quadratmeter wtwfb_region-bayern\">\n    <h2 class=\"entry-title\"><a href=\"https:\/\/wettbewerb-archiv.wir-tun-was-fuer-bienen.de\/archiv-2021\/eintrag\/insekten-vielfalt-traumgarten\/\">Insekten Vielfalt Traumgarten<\/a>\n    <\/h2>\n    <a href=\"https:\/\/wettbewerb-archiv.wir-tun-was-fuer-bienen.de\/archiv-2021\/eintrag\/insekten-vielfalt-traumgarten\/\">\n        <div class=\"bienen-entry-image\">\n            <img decoding=\"async\" width=\"400\" height=\"300\" src=\"https:\/\/wettbewerb-archiv.wir-tun-was-fuer-bienen.de\/archiv-2021\/wp-content\/uploads\/sites\/3\/2021\/06\/20210614_070902-400x300.jpg\" class=\"attachment-bienen-grid-thumb size-bienen-grid-thumb wp-post-image\" alt=\"\" loading=\"lazy\" \/>                    <\/div>\n    <\/a>\n\n    <div class=\"images-grid\"><span><a href=\"https:\/\/wettbewerb-archiv.wir-tun-was-fuer-bienen.de\/archiv-2021\/eintrag\/insekten-vielfalt-traumgarten\/\"><img decoding=\"async\" width=\"150\" height=\"150\" src=\"https:\/\/wettbewerb-archiv.wir-tun-was-fuer-bienen.de\/archiv-2021\/wp-content\/uploads\/sites\/3\/2021\/06\/20210511_154530-150x150.jpg\" class=\"attachment-thumbnail size-thumbnail\" alt=\"\" loading=\"lazy\" \/><\/a><\/span><span><a href=\"https:\/\/wettbewerb-archiv.wir-tun-was-fuer-bienen.de\/archiv-2021\/eintrag\/insekten-vielfalt-traumgarten\/\"><img decoding=\"async\" width=\"150\" height=\"150\" src=\"https:\/\/wettbewerb-archiv.wir-tun-was-fuer-bienen.de\/archiv-2021\/wp-content\/uploads\/sites\/3\/2021\/06\/IMG-20210516-WA0009-150x150.jpg\" class=\"attachment-thumbnail size-thumbnail\" alt=\"\" loading=\"lazy\" \/><\/a><\/span><span><a href=\"https:\/\/wettbewerb-archiv.wir-tun-was-fuer-bienen.de\/archiv-2021\/eintrag\/insekten-vielfalt-traumgarten\/\"><img decoding=\"async\" width=\"150\" height=\"150\" src=\"https:\/\/wettbewerb-archiv.wir-tun-was-fuer-bienen.de\/archiv-2021\/wp-content\/uploads\/sites\/3\/2021\/06\/20210518_171239-150x150.jpg\" class=\"attachment-thumbnail size-thumbnail\" alt=\"\" loading=\"lazy\" \/><\/a><\/span><span><a href=\"https:\/\/wettbewerb-archiv.wir-tun-was-fuer-bienen.de\/archiv-2021\/eintrag\/insekten-vielfalt-traumgarten\/\"><img decoding=\"async\" width=\"150\" height=\"150\" src=\"https:\/\/wettbewerb-archiv.wir-tun-was-fuer-bienen.de\/archiv-2021\/wp-content\/uploads\/sites\/3\/2021\/07\/IMG-20210711-WA0003-150x150.jpg\" class=\"attachment-thumbnail size-thumbnail\" alt=\"\" loading=\"lazy\" \/><\/a><\/span><\/div>\n\n    <div class=\"user flex\">\n        \n                    <img decoding=\"async\" src=\"https:\/\/wettbewerb-archiv.wir-tun-was-fuer-bienen.de\/archiv-2021\/wp-content\/themes\/bienen\/assets\/images\/avatar-placeholder.png\" style=\"border-radius: 30px;\" height=\"30\" width=\"30\">\n            Wolfgang Hadwiger            <\/div>\n    \n    <p class=\"categories meta bienen-gewinner\"><span class=\"fa fa-trophy\"                                                              aria-hidden=\"true\"><\/span> Gewinner<\/p>\n            <p class=\"categories meta\" style=\"width: 100%\"><span class=\"fa fa-tag\"\n                                                             aria-hidden=\"true\"><\/span> Privatg\u00e4rten und G\u00e4rten von Mietwohnungen (gr\u00f6\u00dfer als 500 Quadratmeter)        <\/p>\n    \n            <p class=\"categories meta\" style=\"width: 100%\"><span class=\"fa fa-map-marker\"\n                                                             aria-hidden=\"true\"><\/span> Bayern        <\/p>\n    \n<\/article>\n   \n\t\t\n          <article id=\"post-46185\" class=\"et_pb_post post-46185 wtwfb_entry type-wtwfb_entry status-publish has-post-thumbnail hentry wtwfb_category-privatgaerten-und-gaerten-von-mietwohnungen-groesser-500-quadratmeter wtwfb_region-nordrhein-westfalen\">\n    <h2 class=\"entry-title\"><a href=\"https:\/\/wettbewerb-archiv.wir-tun-was-fuer-bienen.de\/archiv-2021\/eintrag\/neue-bereiche-fuer-insekten\/\">Neue Bereiche f\u00fcr Insekten<\/a>\n    <\/h2>\n    <a href=\"https:\/\/wettbewerb-archiv.wir-tun-was-fuer-bienen.de\/archiv-2021\/eintrag\/neue-bereiche-fuer-insekten\/\">\n        <div class=\"bienen-entry-image\">\n            <img decoding=\"async\" width=\"400\" height=\"300\" src=\"https:\/\/wettbewerb-archiv.wir-tun-was-fuer-bienen.de\/archiv-2021\/wp-content\/uploads\/sites\/3\/2021\/06\/IMG_20210605_125443-1-400x300.jpg\" class=\"attachment-bienen-grid-thumb size-bienen-grid-thumb wp-post-image\" alt=\"\" loading=\"lazy\" \/>                    <\/div>\n    <\/a>\n\n    <div class=\"images-grid\"><span><a href=\"https:\/\/wettbewerb-archiv.wir-tun-was-fuer-bienen.de\/archiv-2021\/eintrag\/neue-bereiche-fuer-insekten\/\"><img decoding=\"async\" width=\"150\" height=\"150\" src=\"https:\/\/wettbewerb-archiv.wir-tun-was-fuer-bienen.de\/archiv-2021\/wp-content\/uploads\/sites\/3\/2021\/06\/1Y6H0759-150x150.jpg\" class=\"attachment-thumbnail size-thumbnail\" alt=\"\" loading=\"lazy\" \/><\/a><\/span><span><a href=\"https:\/\/wettbewerb-archiv.wir-tun-was-fuer-bienen.de\/archiv-2021\/eintrag\/neue-bereiche-fuer-insekten\/\"><img decoding=\"async\" width=\"150\" height=\"150\" src=\"https:\/\/wettbewerb-archiv.wir-tun-was-fuer-bienen.de\/archiv-2021\/wp-content\/uploads\/sites\/3\/2021\/06\/IMG_20210531_140235-150x150.jpg\" class=\"attachment-thumbnail size-thumbnail\" alt=\"\" loading=\"lazy\" \/><\/a><\/span><span><a href=\"https:\/\/wettbewerb-archiv.wir-tun-was-fuer-bienen.de\/archiv-2021\/eintrag\/neue-bereiche-fuer-insekten\/\"><img decoding=\"async\" width=\"150\" height=\"150\" src=\"https:\/\/wettbewerb-archiv.wir-tun-was-fuer-bienen.de\/archiv-2021\/wp-content\/uploads\/sites\/3\/2021\/06\/IMG_20210605_115021-150x150.jpg\" class=\"attachment-thumbnail size-thumbnail\" alt=\"\" loading=\"lazy\" \/><\/a><\/span><span><a href=\"https:\/\/wettbewerb-archiv.wir-tun-was-fuer-bienen.de\/archiv-2021\/eintrag\/neue-bereiche-fuer-insekten\/\"><img decoding=\"async\" width=\"150\" height=\"150\" src=\"https:\/\/wettbewerb-archiv.wir-tun-was-fuer-bienen.de\/archiv-2021\/wp-content\/uploads\/sites\/3\/2021\/06\/IMG_20210605_115056-150x150.jpg\" class=\"attachment-thumbnail size-thumbnail\" alt=\"\" loading=\"lazy\" \/><\/a><\/span><\/div>\n\n    <div class=\"user flex\">\n        \n                    <img decoding=\"async\" src=\"https:\/\/wettbewerb-archiv.wir-tun-was-fuer-bienen.de\/archiv-2021\/wp-content\/themes\/bienen\/assets\/images\/avatar-placeholder.png\" style=\"border-radius: 30px;\" height=\"30\" width=\"30\">\n            Ria            <\/div>\n    \n    \n            <p class=\"categories meta\" style=\"width: 100%\"><span class=\"fa fa-tag\"\n                                                             aria-hidden=\"true\"><\/span> Privatg\u00e4rten und G\u00e4rten von Mietwohnungen (gr\u00f6\u00dfer als 500 Quadratmeter)        <\/p>\n    \n            <p class=\"categories meta\" style=\"width: 100%\"><span class=\"fa fa-map-marker\"\n                                                             aria-hidden=\"true\"><\/span> Nordrhein-Westfalen        <\/p>\n    \n<\/article>\n   \n\t\t\n          <article id=\"post-46138\" class=\"et_pb_post post-46138 wtwfb_entry type-wtwfb_entry status-publish has-post-thumbnail hentry wtwfb_category-schul-und-jugendclub-gaerten wtwfb_region-sachsen\">\n    <h2 class=\"entry-title\"><a href=\"https:\/\/wettbewerb-archiv.wir-tun-was-fuer-bienen.de\/archiv-2021\/eintrag\/reinsdorfer-bienen\/\">Reinsdorfer Bienen<\/a>\n    <\/h2>\n    <a href=\"https:\/\/wettbewerb-archiv.wir-tun-was-fuer-bienen.de\/archiv-2021\/eintrag\/reinsdorfer-bienen\/\">\n        <div class=\"bienen-entry-image\">\n            <img decoding=\"async\" width=\"400\" height=\"300\" src=\"https:\/\/wettbewerb-archiv.wir-tun-was-fuer-bienen.de\/archiv-2021\/wp-content\/uploads\/sites\/3\/2021\/06\/IMG_8239-400x300.jpg\" class=\"attachment-bienen-grid-thumb size-bienen-grid-thumb wp-post-image\" alt=\"\" loading=\"lazy\" \/>                    <\/div>\n    <\/a>\n\n    <div class=\"images-grid\"><\/div>\n\n    <div class=\"user flex\">\n        \n                    <img decoding=\"async\" src=\"https:\/\/wettbewerb-archiv.wir-tun-was-fuer-bienen.de\/archiv-2021\/wp-content\/themes\/bienen\/assets\/images\/avatar-placeholder.png\" style=\"border-radius: 30px;\" height=\"30\" width=\"30\">\n            C. Schmidtke            <\/div>\n    \n    \n            <p class=\"categories meta\" style=\"width: 100%\"><span class=\"fa fa-tag\"\n                                                             aria-hidden=\"true\"><\/span> Schul- und Jugendclub-G\u00e4rten        <\/p>\n    \n            <p class=\"categories meta\" style=\"width: 100%\"><span class=\"fa fa-map-marker\"\n                                                             aria-hidden=\"true\"><\/span> Sachsen        <\/p>\n    \n<\/article>\n   \n\t\t\n          <article id=\"post-46129\" class=\"et_pb_post post-46129 wtwfb_entry type-wtwfb_entry status-publish has-post-thumbnail hentry wtwfb_category-privatgaerten-und-gaerten-von-mietwohnungen-kleiner-500-quadratmeter wtwfb_region-schleswig-holstein\">\n    <h2 class=\"entry-title\"><a href=\"https:\/\/wettbewerb-archiv.wir-tun-was-fuer-bienen.de\/archiv-2021\/eintrag\/biene-vs-stein\/\">Biene vs Stein<\/a>\n    <\/h2>\n    <a href=\"https:\/\/wettbewerb-archiv.wir-tun-was-fuer-bienen.de\/archiv-2021\/eintrag\/biene-vs-stein\/\">\n        <div class=\"bienen-entry-image\">\n            <img decoding=\"async\" width=\"400\" height=\"300\" src=\"https:\/\/wettbewerb-archiv.wir-tun-was-fuer-bienen.de\/archiv-2021\/wp-content\/uploads\/sites\/3\/2021\/06\/IMG_20210508_121929-400x300.jpg\" class=\"attachment-bienen-grid-thumb size-bienen-grid-thumb wp-post-image\" alt=\"\" loading=\"lazy\" \/>                    <\/div>\n    <\/a>\n\n    <div class=\"images-grid\"><span><a href=\"https:\/\/wettbewerb-archiv.wir-tun-was-fuer-bienen.de\/archiv-2021\/eintrag\/biene-vs-stein\/\"><img decoding=\"async\" width=\"150\" height=\"150\" src=\"https:\/\/wettbewerb-archiv.wir-tun-was-fuer-bienen.de\/archiv-2021\/wp-content\/uploads\/sites\/3\/2021\/06\/IMG_20210425_142019-150x150.jpg\" class=\"attachment-thumbnail size-thumbnail\" alt=\"\" loading=\"lazy\" \/><\/a><\/span><span><a href=\"https:\/\/wettbewerb-archiv.wir-tun-was-fuer-bienen.de\/archiv-2021\/eintrag\/biene-vs-stein\/\"><img decoding=\"async\" width=\"150\" height=\"150\" src=\"https:\/\/wettbewerb-archiv.wir-tun-was-fuer-bienen.de\/archiv-2021\/wp-content\/uploads\/sites\/3\/2021\/06\/IMG_20210425_160437-150x150.jpg\" class=\"attachment-thumbnail size-thumbnail\" alt=\"\" loading=\"lazy\" \/><\/a><\/span><span><a href=\"https:\/\/wettbewerb-archiv.wir-tun-was-fuer-bienen.de\/archiv-2021\/eintrag\/biene-vs-stein\/\"><img decoding=\"async\" width=\"150\" height=\"150\" src=\"https:\/\/wettbewerb-archiv.wir-tun-was-fuer-bienen.de\/archiv-2021\/wp-content\/uploads\/sites\/3\/2021\/06\/IMG_20210507_123038-150x150.jpg\" class=\"attachment-thumbnail size-thumbnail\" alt=\"\" loading=\"lazy\" \/><\/a><\/span><span><a href=\"https:\/\/wettbewerb-archiv.wir-tun-was-fuer-bienen.de\/archiv-2021\/eintrag\/biene-vs-stein\/\"><img decoding=\"async\" width=\"150\" height=\"150\" src=\"https:\/\/wettbewerb-archiv.wir-tun-was-fuer-bienen.de\/archiv-2021\/wp-content\/uploads\/sites\/3\/2021\/06\/IMG_20210508_154210-150x150.jpg\" class=\"attachment-thumbnail size-thumbnail\" alt=\"\" loading=\"lazy\" \/><\/a><\/span><\/div>\n\n    <div class=\"user flex\">\n        \n                    <img decoding=\"async\" src=\"https:\/\/wettbewerb-archiv.wir-tun-was-fuer-bienen.de\/archiv-2021\/wp-content\/themes\/bienen\/assets\/images\/avatar-placeholder.png\" style=\"border-radius: 30px;\" height=\"30\" width=\"30\">\n            Der Barz            <\/div>\n    \n    <p class=\"categories meta bienen-gewinner\"><span class=\"fa fa-trophy\"                                                              aria-hidden=\"true\"><\/span> Gewinner<\/p>\n            <p class=\"categories meta\" style=\"width: 100%\"><span class=\"fa fa-tag\"\n                                                             aria-hidden=\"true\"><\/span> Privatg\u00e4rten und G\u00e4rten von Mietwohnungen (kleiner als 500 Quadratmeter)        <\/p>\n    \n            <p class=\"categories meta\" style=\"width: 100%\"><span class=\"fa fa-map-marker\"\n                                                             aria-hidden=\"true\"><\/span> Schleswig-Holstein        <\/p>\n    \n<\/article>\n   \n\t\t\n          <article id=\"post-46112\" class=\"et_pb_post post-46112 wtwfb_entry type-wtwfb_entry status-publish has-post-thumbnail hentry wtwfb_category-firmen-institutions-und-vereinsgaerten wtwfb_region-hessen\">\n    <h2 class=\"entry-title\"><a href=\"https:\/\/wettbewerb-archiv.wir-tun-was-fuer-bienen.de\/archiv-2021\/eintrag\/naturnahe-gestaltung-des-vereinsgelaendes-der-sgw-in-weiterstadt\/\">Naturnahe Gestaltung Sportkindergarten und Vereinsgel\u00e4...<\/a>\n    <\/h2>\n    <a href=\"https:\/\/wettbewerb-archiv.wir-tun-was-fuer-bienen.de\/archiv-2021\/eintrag\/naturnahe-gestaltung-des-vereinsgelaendes-der-sgw-in-weiterstadt\/\">\n        <div class=\"bienen-entry-image\">\n            <img decoding=\"async\" width=\"400\" height=\"300\" src=\"https:\/\/wettbewerb-archiv.wir-tun-was-fuer-bienen.de\/archiv-2021\/wp-content\/uploads\/sites\/3\/2021\/06\/IMG_6766-400x300.jpg\" class=\"attachment-bienen-grid-thumb size-bienen-grid-thumb wp-post-image\" alt=\"\" loading=\"lazy\" \/>                    <\/div>\n    <\/a>\n\n    <div class=\"images-grid\"><span><a href=\"https:\/\/wettbewerb-archiv.wir-tun-was-fuer-bienen.de\/archiv-2021\/eintrag\/naturnahe-gestaltung-des-vereinsgelaendes-der-sgw-in-weiterstadt\/\"><img decoding=\"async\" width=\"150\" height=\"150\" src=\"https:\/\/wettbewerb-archiv.wir-tun-was-fuer-bienen.de\/archiv-2021\/wp-content\/uploads\/sites\/3\/2021\/07\/IMG_1636-150x150.jpg\" class=\"attachment-thumbnail size-thumbnail\" alt=\"\" loading=\"lazy\" \/><\/a><\/span><span><a href=\"https:\/\/wettbewerb-archiv.wir-tun-was-fuer-bienen.de\/archiv-2021\/eintrag\/naturnahe-gestaltung-des-vereinsgelaendes-der-sgw-in-weiterstadt\/\"><img decoding=\"async\" width=\"150\" height=\"150\" src=\"https:\/\/wettbewerb-archiv.wir-tun-was-fuer-bienen.de\/archiv-2021\/wp-content\/uploads\/sites\/3\/2021\/07\/IMG_6270-150x150.jpg\" class=\"attachment-thumbnail size-thumbnail\" alt=\"\" loading=\"lazy\" \/><\/a><\/span><span><a href=\"https:\/\/wettbewerb-archiv.wir-tun-was-fuer-bienen.de\/archiv-2021\/eintrag\/naturnahe-gestaltung-des-vereinsgelaendes-der-sgw-in-weiterstadt\/\"><img decoding=\"async\" width=\"150\" height=\"150\" src=\"https:\/\/wettbewerb-archiv.wir-tun-was-fuer-bienen.de\/archiv-2021\/wp-content\/uploads\/sites\/3\/2021\/07\/IMG_6346-150x150.jpg\" class=\"attachment-thumbnail size-thumbnail\" alt=\"\" loading=\"lazy\" \/><\/a><\/span><span><a href=\"https:\/\/wettbewerb-archiv.wir-tun-was-fuer-bienen.de\/archiv-2021\/eintrag\/naturnahe-gestaltung-des-vereinsgelaendes-der-sgw-in-weiterstadt\/\"><img decoding=\"async\" width=\"150\" height=\"150\" src=\"https:\/\/wettbewerb-archiv.wir-tun-was-fuer-bienen.de\/archiv-2021\/wp-content\/uploads\/sites\/3\/2021\/07\/image00001-1-150x150.jpeg\" class=\"attachment-thumbnail size-thumbnail\" alt=\"\" loading=\"lazy\" \/><\/a><\/span><\/div>\n\n    <div class=\"user flex\">\n        \n                    <img decoding=\"async\" src=\"https:\/\/wettbewerb-archiv.wir-tun-was-fuer-bienen.de\/archiv-2021\/wp-content\/themes\/bienen\/assets\/images\/avatar-placeholder.png\" style=\"border-radius: 30px;\" height=\"30\" width=\"30\">\n            Sportgemeinde 1886 Weiterstadt e.V. mit NABU            <\/div>\n    \n    <p class=\"categories meta bienen-gewinner\"><span class=\"fa fa-trophy\"                                                              aria-hidden=\"true\"><\/span> Gewinner<\/p>\n            <p class=\"categories meta\" style=\"width: 100%\"><span class=\"fa fa-tag\"\n                                                             aria-hidden=\"true\"><\/span> Firmen-, Institutions- und Vereinsg\u00e4rten        <\/p>\n    \n            <p class=\"categories meta\" style=\"width: 100%\"><span class=\"fa fa-map-marker\"\n                                                             aria-hidden=\"true\"><\/span> Hessen        <\/p>\n    \n<\/article>\n   \n\t\t\n          <article id=\"post-46058\" class=\"et_pb_post post-46058 wtwfb_entry type-wtwfb_entry status-publish has-post-thumbnail hentry wtwfb_category-firmen-institutions-und-vereinsgaerten wtwfb_region-sachsen\">\n    <h2 class=\"entry-title\"><a href=\"https:\/\/wettbewerb-archiv.wir-tun-was-fuer-bienen.de\/archiv-2021\/eintrag\/insekten-und-begegnungsgarten-von-leipzig-summt-im-kgv-an-der-dammstrasse\/\">Insekten- und Begegnungsgarten von Leipzig summt! im KG...<\/a>\n    <\/h2>\n    <a href=\"https:\/\/wettbewerb-archiv.wir-tun-was-fuer-bienen.de\/archiv-2021\/eintrag\/insekten-und-begegnungsgarten-von-leipzig-summt-im-kgv-an-der-dammstrasse\/\">\n        <div class=\"bienen-entry-image\">\n            <img decoding=\"async\" width=\"400\" height=\"300\" src=\"https:\/\/wettbewerb-archiv.wir-tun-was-fuer-bienen.de\/archiv-2021\/wp-content\/uploads\/sites\/3\/2021\/06\/QVZW2751-400x300.jpg\" class=\"attachment-bienen-grid-thumb size-bienen-grid-thumb wp-post-image\" alt=\"\" loading=\"lazy\" \/>                    <\/div>\n    <\/a>\n\n    <div class=\"images-grid\"><span><a href=\"https:\/\/wettbewerb-archiv.wir-tun-was-fuer-bienen.de\/archiv-2021\/eintrag\/insekten-und-begegnungsgarten-von-leipzig-summt-im-kgv-an-der-dammstrasse\/\"><img decoding=\"async\" width=\"150\" height=\"150\" src=\"https:\/\/wettbewerb-archiv.wir-tun-was-fuer-bienen.de\/archiv-2021\/wp-content\/uploads\/sites\/3\/2021\/07\/IMG_20210417_100942-min-150x150.jpg\" class=\"attachment-thumbnail size-thumbnail\" alt=\"\" loading=\"lazy\" \/><\/a><\/span><span><a href=\"https:\/\/wettbewerb-archiv.wir-tun-was-fuer-bienen.de\/archiv-2021\/eintrag\/insekten-und-begegnungsgarten-von-leipzig-summt-im-kgv-an-der-dammstrasse\/\"><img decoding=\"async\" width=\"150\" height=\"150\" src=\"https:\/\/wettbewerb-archiv.wir-tun-was-fuer-bienen.de\/archiv-2021\/wp-content\/uploads\/sites\/3\/2021\/07\/Kopie-von-IMG_1407-150x150.jpg\" class=\"attachment-thumbnail size-thumbnail\" alt=\"\" loading=\"lazy\" \/><\/a><\/span><span><a href=\"https:\/\/wettbewerb-archiv.wir-tun-was-fuer-bienen.de\/archiv-2021\/eintrag\/insekten-und-begegnungsgarten-von-leipzig-summt-im-kgv-an-der-dammstrasse\/\"><img decoding=\"async\" width=\"150\" height=\"150\" src=\"https:\/\/wettbewerb-archiv.wir-tun-was-fuer-bienen.de\/archiv-2021\/wp-content\/uploads\/sites\/3\/2021\/07\/IMG_20201010_134657-min-150x150.jpg\" class=\"attachment-thumbnail size-thumbnail\" alt=\"\" loading=\"lazy\" \/><\/a><\/span><span><a href=\"https:\/\/wettbewerb-archiv.wir-tun-was-fuer-bienen.de\/archiv-2021\/eintrag\/insekten-und-begegnungsgarten-von-leipzig-summt-im-kgv-an-der-dammstrasse\/\"><img decoding=\"async\" width=\"150\" height=\"150\" src=\"https:\/\/wettbewerb-archiv.wir-tun-was-fuer-bienen.de\/archiv-2021\/wp-content\/uploads\/sites\/3\/2021\/07\/Kopie-von-IMG_1419-150x150.jpg\" class=\"attachment-thumbnail size-thumbnail\" alt=\"\" loading=\"lazy\" \/><\/a><\/span><\/div>\n\n    <div class=\"user flex\">\n        \n                    <img decoding=\"async\" src=\"https:\/\/wettbewerb-archiv.wir-tun-was-fuer-bienen.de\/archiv-2021\/wp-content\/themes\/bienen\/assets\/images\/avatar-placeholder.png\" style=\"border-radius: 30px;\" height=\"30\" width=\"30\">\n            Leipzig summt!            <\/div>\n            <p class=\"categories meta\" style=\"color: #c32731; font-weight: bold; width: 100%\"><span class=\"fa fa-music\"\n                                                                                                aria-hidden=\"true\"><\/span> Extrapreis Musik\n            f\u00fcr Bienenschutz\n        <\/p>\n    \n    <p class=\"categories meta bienen-gewinner\"><span class=\"fa fa-trophy\"                                                              aria-hidden=\"true\"><\/span> Gewinner<\/p>\n            <p class=\"categories meta\" style=\"width: 100%\"><span class=\"fa fa-tag\"\n                                                             aria-hidden=\"true\"><\/span> Firmen-, Institutions- und Vereinsg\u00e4rten        <\/p>\n    \n            <p class=\"categories meta\" style=\"width: 100%\"><span class=\"fa fa-map-marker\"\n                                                             aria-hidden=\"true\"><\/span> Sachsen        <\/p>\n    \n<\/article>\n   \n\t\t\n          <article id=\"post-46047\" class=\"et_pb_post post-46047 wtwfb_entry type-wtwfb_entry status-publish has-post-thumbnail hentry wtwfb_category-privatgaerten-und-gaerten-von-mietwohnungen-groesser-500-quadratmeter wtwfb_region-bayern\">\n    <h2 class=\"entry-title\"><a href=\"https:\/\/wettbewerb-archiv.wir-tun-was-fuer-bienen.de\/archiv-2021\/eintrag\/vom-vermeintlich-angelegten-garten-ueber-rueckbau-und-baggerarbeiten-bis-hin-zum-bienen-und-insektenfreundlichen-garten\/\">Vom vermeintlich angelegten Garten &#8211; \u00fcber R\u00fcckb...<\/a>\n    <\/h2>\n    <a href=\"https:\/\/wettbewerb-archiv.wir-tun-was-fuer-bienen.de\/archiv-2021\/eintrag\/vom-vermeintlich-angelegten-garten-ueber-rueckbau-und-baggerarbeiten-bis-hin-zum-bienen-und-insektenfreundlichen-garten\/\">\n        <div class=\"bienen-entry-image\">\n            <img decoding=\"async\" width=\"400\" height=\"300\" src=\"https:\/\/wettbewerb-archiv.wir-tun-was-fuer-bienen.de\/archiv-2021\/wp-content\/uploads\/sites\/3\/2021\/06\/20210530_100906-400x300.jpg\" class=\"attachment-bienen-grid-thumb size-bienen-grid-thumb wp-post-image\" alt=\"\" loading=\"lazy\" \/>                    <\/div>\n    <\/a>\n\n    <div class=\"images-grid\"><span><a href=\"https:\/\/wettbewerb-archiv.wir-tun-was-fuer-bienen.de\/archiv-2021\/eintrag\/vom-vermeintlich-angelegten-garten-ueber-rueckbau-und-baggerarbeiten-bis-hin-zum-bienen-und-insektenfreundlichen-garten\/\"><img decoding=\"async\" width=\"150\" height=\"150\" src=\"https:\/\/wettbewerb-archiv.wir-tun-was-fuer-bienen.de\/archiv-2021\/wp-content\/uploads\/sites\/3\/2021\/06\/20210411_150609-150x150.jpg\" class=\"attachment-thumbnail size-thumbnail\" alt=\"\" loading=\"lazy\" \/><\/a><\/span><span><a href=\"https:\/\/wettbewerb-archiv.wir-tun-was-fuer-bienen.de\/archiv-2021\/eintrag\/vom-vermeintlich-angelegten-garten-ueber-rueckbau-und-baggerarbeiten-bis-hin-zum-bienen-und-insektenfreundlichen-garten\/\"><img decoding=\"async\" width=\"150\" height=\"150\" src=\"https:\/\/wettbewerb-archiv.wir-tun-was-fuer-bienen.de\/archiv-2021\/wp-content\/uploads\/sites\/3\/2021\/06\/20210417_145801-150x150.jpg\" class=\"attachment-thumbnail size-thumbnail\" alt=\"\" loading=\"lazy\" \/><\/a><\/span><span><a href=\"https:\/\/wettbewerb-archiv.wir-tun-was-fuer-bienen.de\/archiv-2021\/eintrag\/vom-vermeintlich-angelegten-garten-ueber-rueckbau-und-baggerarbeiten-bis-hin-zum-bienen-und-insektenfreundlichen-garten\/\"><img decoding=\"async\" width=\"150\" height=\"150\" src=\"https:\/\/wettbewerb-archiv.wir-tun-was-fuer-bienen.de\/archiv-2021\/wp-content\/uploads\/sites\/3\/2021\/06\/20210510_134733-150x150.jpg\" class=\"attachment-thumbnail size-thumbnail\" alt=\"\" loading=\"lazy\" \/><\/a><\/span><\/div>\n\n    <div class=\"user flex\">\n        \n                    <img decoding=\"async\" src=\"https:\/\/wettbewerb-archiv.wir-tun-was-fuer-bienen.de\/archiv-2021\/wp-content\/themes\/bienen\/assets\/images\/avatar-placeholder.png\" style=\"border-radius: 30px;\" height=\"30\" width=\"30\">\n            Annalena            <\/div>\n    \n    \n            <p class=\"categories meta\" style=\"width: 100%\"><span class=\"fa fa-tag\"\n                                                             aria-hidden=\"true\"><\/span> Privatg\u00e4rten und G\u00e4rten von Mietwohnungen (gr\u00f6\u00dfer als 500 Quadratmeter)        <\/p>\n    \n            <p class=\"categories meta\" style=\"width: 100%\"><span class=\"fa fa-map-marker\"\n                                                             aria-hidden=\"true\"><\/span> Bayern        <\/p>\n    \n<\/article>\n   \n\t\t\n          <article id=\"post-46025\" class=\"et_pb_post post-46025 wtwfb_entry type-wtwfb_entry status-publish has-post-thumbnail hentry wtwfb_category-kita-und-kindergartengaerten wtwfb_region-schleswig-holstein\">\n    <h2 class=\"entry-title\"><a href=\"https:\/\/wettbewerb-archiv.wir-tun-was-fuer-bienen.de\/archiv-2021\/eintrag\/wir-waren-fleissig-und-hatten-viel-spass\/\">Wir waren flei\u00dfig und hatten viel Spa\u00df<\/a>\n    <\/h2>\n    <a href=\"https:\/\/wettbewerb-archiv.wir-tun-was-fuer-bienen.de\/archiv-2021\/eintrag\/wir-waren-fleissig-und-hatten-viel-spass\/\">\n        <div class=\"bienen-entry-image\">\n            <img decoding=\"async\" width=\"400\" height=\"300\" src=\"https:\/\/wettbewerb-archiv.wir-tun-was-fuer-bienen.de\/archiv-2021\/wp-content\/uploads\/sites\/3\/2021\/06\/IMG_0573-400x300.jpeg\" class=\"attachment-bienen-grid-thumb size-bienen-grid-thumb wp-post-image\" alt=\"\" loading=\"lazy\" \/>                    <\/div>\n    <\/a>\n\n    <div class=\"images-grid\"><span><a href=\"https:\/\/wettbewerb-archiv.wir-tun-was-fuer-bienen.de\/archiv-2021\/eintrag\/wir-waren-fleissig-und-hatten-viel-spass\/\"><img decoding=\"async\" width=\"150\" height=\"150\" src=\"https:\/\/wettbewerb-archiv.wir-tun-was-fuer-bienen.de\/archiv-2021\/wp-content\/uploads\/sites\/3\/2021\/06\/658EDFA2-DC0E-4D14-83E0-98684EAC3CC3-150x150.jpeg\" class=\"attachment-thumbnail size-thumbnail\" alt=\"\" loading=\"lazy\" \/><\/a><\/span><span><a href=\"https:\/\/wettbewerb-archiv.wir-tun-was-fuer-bienen.de\/archiv-2021\/eintrag\/wir-waren-fleissig-und-hatten-viel-spass\/\"><img decoding=\"async\" width=\"150\" height=\"150\" src=\"https:\/\/wettbewerb-archiv.wir-tun-was-fuer-bienen.de\/archiv-2021\/wp-content\/uploads\/sites\/3\/2021\/06\/IMG_0559-150x150.jpeg\" class=\"attachment-thumbnail size-thumbnail\" alt=\"\" loading=\"lazy\" \/><\/a><\/span><span><a href=\"https:\/\/wettbewerb-archiv.wir-tun-was-fuer-bienen.de\/archiv-2021\/eintrag\/wir-waren-fleissig-und-hatten-viel-spass\/\"><img decoding=\"async\" width=\"150\" height=\"150\" src=\"https:\/\/wettbewerb-archiv.wir-tun-was-fuer-bienen.de\/archiv-2021\/wp-content\/uploads\/sites\/3\/2021\/06\/IMG_0560-150x150.jpeg\" class=\"attachment-thumbnail size-thumbnail\" alt=\"\" loading=\"lazy\" \/><\/a><\/span><span><a href=\"https:\/\/wettbewerb-archiv.wir-tun-was-fuer-bienen.de\/archiv-2021\/eintrag\/wir-waren-fleissig-und-hatten-viel-spass\/\"><img decoding=\"async\" width=\"150\" height=\"150\" src=\"https:\/\/wettbewerb-archiv.wir-tun-was-fuer-bienen.de\/archiv-2021\/wp-content\/uploads\/sites\/3\/2021\/06\/IMG_0561-150x150.jpeg\" class=\"attachment-thumbnail size-thumbnail\" alt=\"\" loading=\"lazy\" \/><\/a><\/span><\/div>\n\n    <div class=\"user flex\">\n        \n                    <img decoding=\"async\" src=\"https:\/\/wettbewerb-archiv.wir-tun-was-fuer-bienen.de\/archiv-2021\/wp-content\/themes\/bienen\/assets\/images\/avatar-placeholder.png\" style=\"border-radius: 30px;\" height=\"30\" width=\"30\">\n            Kinnergoorn K\u00fcselwind            <\/div>\n    \n    \n            <p class=\"categories meta\" style=\"width: 100%\"><span class=\"fa fa-tag\"\n                                                             aria-hidden=\"true\"><\/span> Kita- und Kindergarteng\u00e4rten        <\/p>\n    \n            <p class=\"categories meta\" style=\"width: 100%\"><span class=\"fa fa-map-marker\"\n                                                             aria-hidden=\"true\"><\/span> Schleswig-Holstein        <\/p>\n    \n<\/article>\n   \n\t\t\n          <article id=\"post-45937\" class=\"et_pb_post post-45937 wtwfb_entry type-wtwfb_entry status-publish has-post-thumbnail hentry wtwfb_category-kleingartenwesen-parzellen-und-gemeinschaftsgaerten wtwfb_region-sachsen\">\n    <h2 class=\"entry-title\"><a href=\"https:\/\/wettbewerb-archiv.wir-tun-was-fuer-bienen.de\/archiv-2021\/eintrag\/insektenhotel-und-totholz-bienenfreundliche-pflanzen\/\">Insektenhotel und Totholz bienenfreundliche Pflanzen<\/a>\n    <\/h2>\n    <a href=\"https:\/\/wettbewerb-archiv.wir-tun-was-fuer-bienen.de\/archiv-2021\/eintrag\/insektenhotel-und-totholz-bienenfreundliche-pflanzen\/\">\n        <div class=\"bienen-entry-image\">\n            <img decoding=\"async\" width=\"400\" height=\"300\" src=\"https:\/\/wettbewerb-archiv.wir-tun-was-fuer-bienen.de\/archiv-2021\/wp-content\/uploads\/sites\/3\/2021\/06\/IMG_7142-400x300.jpeg\" class=\"attachment-bienen-grid-thumb size-bienen-grid-thumb wp-post-image\" alt=\"\" loading=\"lazy\" \/>                    <\/div>\n    <\/a>\n\n    <div class=\"images-grid\"><span><a href=\"https:\/\/wettbewerb-archiv.wir-tun-was-fuer-bienen.de\/archiv-2021\/eintrag\/insektenhotel-und-totholz-bienenfreundliche-pflanzen\/\"><img decoding=\"async\" width=\"150\" height=\"150\" src=\"https:\/\/wettbewerb-archiv.wir-tun-was-fuer-bienen.de\/archiv-2021\/wp-content\/uploads\/sites\/3\/2021\/06\/IMG_7149-150x150.jpeg\" class=\"attachment-thumbnail size-thumbnail\" alt=\"\" loading=\"lazy\" \/><\/a><\/span><span><a href=\"https:\/\/wettbewerb-archiv.wir-tun-was-fuer-bienen.de\/archiv-2021\/eintrag\/insektenhotel-und-totholz-bienenfreundliche-pflanzen\/\"><img decoding=\"async\" width=\"150\" height=\"150\" src=\"https:\/\/wettbewerb-archiv.wir-tun-was-fuer-bienen.de\/archiv-2021\/wp-content\/uploads\/sites\/3\/2021\/06\/IMG_7148-150x150.jpeg\" class=\"attachment-thumbnail size-thumbnail\" alt=\"\" loading=\"lazy\" \/><\/a><\/span><\/div>\n\n    <div class=\"user flex\">\n        \n                    <img decoding=\"async\" src=\"https:\/\/wettbewerb-archiv.wir-tun-was-fuer-bienen.de\/archiv-2021\/wp-content\/themes\/bienen\/assets\/images\/avatar-placeholder.png\" style=\"border-radius: 30px;\" height=\"30\" width=\"30\">\n            Sebastian Nauck            <\/div>\n    \n    \n            <p class=\"categories meta\" style=\"width: 100%\"><span class=\"fa fa-tag\"\n                                                             aria-hidden=\"true\"><\/span> Kleingartenwesen: Parzellen und Gemeinschaftsg\u00e4rten        <\/p>\n    \n            <p class=\"categories meta\" style=\"width: 100%\"><span class=\"fa fa-map-marker\"\n                                                             aria-hidden=\"true\"><\/span> Sachsen        <\/p>\n    \n<\/article>\n   \n\t\t\n          <article id=\"post-45908\" class=\"et_pb_post post-45908 wtwfb_entry type-wtwfb_entry status-publish has-post-thumbnail hentry wtwfb_category-kita-und-kindergartengaerten wtwfb_region-nordrhein-westfalen\">\n    <h2 class=\"entry-title\"><a href=\"https:\/\/wettbewerb-archiv.wir-tun-was-fuer-bienen.de\/archiv-2021\/eintrag\/wir-waren-fleissig\/\">Vom alten Kompost zum kleinen Bienen und Naschgarten<\/a>\n    <\/h2>\n    <a href=\"https:\/\/wettbewerb-archiv.wir-tun-was-fuer-bienen.de\/archiv-2021\/eintrag\/wir-waren-fleissig\/\">\n        <div class=\"bienen-entry-image\">\n            <img decoding=\"async\" width=\"400\" height=\"300\" src=\"https:\/\/wettbewerb-archiv.wir-tun-was-fuer-bienen.de\/archiv-2021\/wp-content\/uploads\/sites\/3\/2021\/06\/IMG-20210531-WA0001-400x300.jpg\" class=\"attachment-bienen-grid-thumb size-bienen-grid-thumb wp-post-image\" alt=\"\" loading=\"lazy\" \/>                    <\/div>\n    <\/a>\n\n    <div class=\"images-grid\"><span><a href=\"https:\/\/wettbewerb-archiv.wir-tun-was-fuer-bienen.de\/archiv-2021\/eintrag\/wir-waren-fleissig\/\"><img decoding=\"async\" width=\"150\" height=\"150\" src=\"https:\/\/wettbewerb-archiv.wir-tun-was-fuer-bienen.de\/archiv-2021\/wp-content\/uploads\/sites\/3\/2021\/06\/IMG_1541-150x150.jpg\" class=\"attachment-thumbnail size-thumbnail\" alt=\"\" loading=\"lazy\" \/><\/a><\/span><span><a href=\"https:\/\/wettbewerb-archiv.wir-tun-was-fuer-bienen.de\/archiv-2021\/eintrag\/wir-waren-fleissig\/\"><img decoding=\"async\" width=\"150\" height=\"150\" src=\"https:\/\/wettbewerb-archiv.wir-tun-was-fuer-bienen.de\/archiv-2021\/wp-content\/uploads\/sites\/3\/2021\/06\/IMG_1556-150x150.jpg\" class=\"attachment-thumbnail size-thumbnail\" alt=\"\" loading=\"lazy\" \/><\/a><\/span><span><a href=\"https:\/\/wettbewerb-archiv.wir-tun-was-fuer-bienen.de\/archiv-2021\/eintrag\/wir-waren-fleissig\/\"><img decoding=\"async\" width=\"150\" height=\"150\" src=\"https:\/\/wettbewerb-archiv.wir-tun-was-fuer-bienen.de\/archiv-2021\/wp-content\/uploads\/sites\/3\/2021\/06\/IMG_1594-150x150.jpg\" class=\"attachment-thumbnail size-thumbnail\" alt=\"\" loading=\"lazy\" \/><\/a><\/span><span><a href=\"https:\/\/wettbewerb-archiv.wir-tun-was-fuer-bienen.de\/archiv-2021\/eintrag\/wir-waren-fleissig\/\"><img decoding=\"async\" width=\"150\" height=\"150\" src=\"https:\/\/wettbewerb-archiv.wir-tun-was-fuer-bienen.de\/archiv-2021\/wp-content\/uploads\/sites\/3\/2021\/06\/IMG_1591-150x150.jpg\" class=\"attachment-thumbnail size-thumbnail\" alt=\"\" loading=\"lazy\" \/><\/a><\/span><\/div>\n\n    <div class=\"user flex\">\n        \n                    <img decoding=\"async\" src=\"https:\/\/wettbewerb-archiv.wir-tun-was-fuer-bienen.de\/archiv-2021\/wp-content\/themes\/bienen\/assets\/images\/avatar-placeholder.png\" style=\"border-radius: 30px;\" height=\"30\" width=\"30\">\n            Kindergarten Harkorthaus            <\/div>\n    \n    \n            <p class=\"categories meta\" style=\"width: 100%\"><span class=\"fa fa-tag\"\n                                                             aria-hidden=\"true\"><\/span> Kita- und Kindergarteng\u00e4rten        <\/p>\n    \n            <p class=\"categories meta\" style=\"width: 100%\"><span class=\"fa fa-map-marker\"\n                                                             aria-hidden=\"true\"><\/span> Nordrhein-Westfalen        <\/p>\n    \n<\/article>\n   \n\t\t\n          <article id=\"post-45768\" class=\"et_pb_post post-45768 wtwfb_entry type-wtwfb_entry status-publish has-post-thumbnail hentry wtwfb_category-bestehende-naturgaerten wtwfb_region-nordrhein-westfalen\">\n    <h2 class=\"entry-title\"><a href=\"https:\/\/wettbewerb-archiv.wir-tun-was-fuer-bienen.de\/archiv-2021\/eintrag\/gaensebluemchenwiese\/\">G\u00e4nsebl\u00fcmchenwiese<\/a>\n    <\/h2>\n    <a href=\"https:\/\/wettbewerb-archiv.wir-tun-was-fuer-bienen.de\/archiv-2021\/eintrag\/gaensebluemchenwiese\/\">\n        <div class=\"bienen-entry-image\">\n            <img decoding=\"async\" width=\"400\" height=\"300\" src=\"https:\/\/wettbewerb-archiv.wir-tun-was-fuer-bienen.de\/archiv-2021\/wp-content\/uploads\/sites\/3\/2021\/06\/Unser-Garten-1-400x300.jpg\" class=\"attachment-bienen-grid-thumb size-bienen-grid-thumb wp-post-image\" alt=\"\" loading=\"lazy\" \/>                    <\/div>\n    <\/a>\n\n    <div class=\"images-grid\"><\/div>\n\n    <div class=\"user flex\">\n        \n                    <img decoding=\"async\" src=\"https:\/\/wettbewerb-archiv.wir-tun-was-fuer-bienen.de\/archiv-2021\/wp-content\/themes\/bienen\/assets\/images\/avatar-placeholder.png\" style=\"border-radius: 30px;\" height=\"30\" width=\"30\">\n            Ute Gremmel-Geuchen            <\/div>\n    \n    \n            <p class=\"categories meta\" style=\"width: 100%\"><span class=\"fa fa-tag\"\n                                                             aria-hidden=\"true\"><\/span> Bestehende Naturg\u00e4rten (ohne Pflanzaktionen)        <\/p>\n    \n            <p class=\"categories meta\" style=\"width: 100%\"><span class=\"fa fa-map-marker\"\n                                                             aria-hidden=\"true\"><\/span> Nordrhein-Westfalen        <\/p>\n    \n<\/article>\n   \n\t\t\n          <article id=\"post-45663\" class=\"et_pb_post post-45663 wtwfb_entry type-wtwfb_entry status-publish has-post-thumbnail hentry wtwfb_category-bestehende-naturgaerten wtwfb_region-sachsen-anhalt\">\n    <h2 class=\"entry-title\"><a href=\"https:\/\/wettbewerb-archiv.wir-tun-was-fuer-bienen.de\/archiv-2021\/eintrag\/unsere-kleine-insektenoase\/\">Unsere  kleine Insektenoase<\/a>\n    <\/h2>\n    <a href=\"https:\/\/wettbewerb-archiv.wir-tun-was-fuer-bienen.de\/archiv-2021\/eintrag\/unsere-kleine-insektenoase\/\">\n        <div class=\"bienen-entry-image\">\n            <img decoding=\"async\" width=\"400\" height=\"300\" src=\"https:\/\/wettbewerb-archiv.wir-tun-was-fuer-bienen.de\/archiv-2021\/wp-content\/uploads\/sites\/3\/2021\/06\/IMG_1154-400x300.jpg\" class=\"attachment-bienen-grid-thumb size-bienen-grid-thumb wp-post-image\" alt=\"\" loading=\"lazy\" \/>                    <\/div>\n    <\/a>\n\n    <div class=\"images-grid\"><span><a href=\"https:\/\/wettbewerb-archiv.wir-tun-was-fuer-bienen.de\/archiv-2021\/eintrag\/unsere-kleine-insektenoase\/\"><img decoding=\"async\" width=\"150\" height=\"150\" src=\"https:\/\/wettbewerb-archiv.wir-tun-was-fuer-bienen.de\/archiv-2021\/wp-content\/uploads\/sites\/3\/2021\/06\/K800_IMG_1166-1-150x150.jpg\" class=\"attachment-thumbnail size-thumbnail\" alt=\"\" loading=\"lazy\" \/><\/a><\/span><span><a href=\"https:\/\/wettbewerb-archiv.wir-tun-was-fuer-bienen.de\/archiv-2021\/eintrag\/unsere-kleine-insektenoase\/\"><img decoding=\"async\" width=\"150\" height=\"150\" src=\"https:\/\/wettbewerb-archiv.wir-tun-was-fuer-bienen.de\/archiv-2021\/wp-content\/uploads\/sites\/3\/2021\/06\/K800_IMG_1175-1-150x150.jpg\" class=\"attachment-thumbnail size-thumbnail\" alt=\"\" loading=\"lazy\" \/><\/a><\/span><\/div>\n\n    <div class=\"user flex\">\n        \n                    <img decoding=\"async\" src=\"https:\/\/wettbewerb-archiv.wir-tun-was-fuer-bienen.de\/archiv-2021\/wp-content\/themes\/bienen\/assets\/images\/avatar-placeholder.png\" style=\"border-radius: 30px;\" height=\"30\" width=\"30\">\n            Steinis Garten            <\/div>\n    \n    \n            <p class=\"categories meta\" style=\"width: 100%\"><span class=\"fa fa-tag\"\n                                                             aria-hidden=\"true\"><\/span> Bestehende Naturg\u00e4rten (ohne Pflanzaktionen)        <\/p>\n    \n            <p class=\"categories meta\" style=\"width: 100%\"><span class=\"fa fa-map-marker\"\n                                                             aria-hidden=\"true\"><\/span> Sachsen-Anhalt        <\/p>\n    \n<\/article>\n   \n\t\t\n          <article id=\"post-45607\" class=\"et_pb_post post-45607 wtwfb_entry type-wtwfb_entry status-publish has-post-thumbnail hentry wtwfb_category-kleingartenwesen-parzellen-und-gemeinschaftsgaerten wtwfb_region-rheinland-pfalz\">\n    <h2 class=\"entry-title\"><a href=\"https:\/\/wettbewerb-archiv.wir-tun-was-fuer-bienen.de\/archiv-2021\/eintrag\/der-gensinger-gemeinschaftsgarten-wird-noch-insektenfreundlicher\/\">Der Gensinger Gemeinschaftsgarten wird noch insektenfre...<\/a>\n    <\/h2>\n    <a href=\"https:\/\/wettbewerb-archiv.wir-tun-was-fuer-bienen.de\/archiv-2021\/eintrag\/der-gensinger-gemeinschaftsgarten-wird-noch-insektenfreundlicher\/\">\n        <div class=\"bienen-entry-image\">\n            <img decoding=\"async\" width=\"400\" height=\"300\" src=\"https:\/\/wettbewerb-archiv.wir-tun-was-fuer-bienen.de\/archiv-2021\/wp-content\/uploads\/sites\/3\/2021\/07\/IMG_20210703_144253-1-400x300.jpg\" class=\"attachment-bienen-grid-thumb size-bienen-grid-thumb wp-post-image\" alt=\"\" loading=\"lazy\" \/>                    <\/div>\n    <\/a>\n\n    <div class=\"images-grid\"><span><a href=\"https:\/\/wettbewerb-archiv.wir-tun-was-fuer-bienen.de\/archiv-2021\/eintrag\/der-gensinger-gemeinschaftsgarten-wird-noch-insektenfreundlicher\/\"><img decoding=\"async\" width=\"150\" height=\"150\" src=\"https:\/\/wettbewerb-archiv.wir-tun-was-fuer-bienen.de\/archiv-2021\/wp-content\/uploads\/sites\/3\/2021\/06\/IMG-20210508-WA0011-150x150.jpg\" class=\"attachment-thumbnail size-thumbnail\" alt=\"\" loading=\"lazy\" \/><\/a><\/span><span><a href=\"https:\/\/wettbewerb-archiv.wir-tun-was-fuer-bienen.de\/archiv-2021\/eintrag\/der-gensinger-gemeinschaftsgarten-wird-noch-insektenfreundlicher\/\"><img decoding=\"async\" width=\"150\" height=\"150\" src=\"https:\/\/wettbewerb-archiv.wir-tun-was-fuer-bienen.de\/archiv-2021\/wp-content\/uploads\/sites\/3\/2021\/06\/IMG-20210508-WA0009-150x150.jpg\" class=\"attachment-thumbnail size-thumbnail\" alt=\"\" loading=\"lazy\" \/><\/a><\/span><span><a href=\"https:\/\/wettbewerb-archiv.wir-tun-was-fuer-bienen.de\/archiv-2021\/eintrag\/der-gensinger-gemeinschaftsgarten-wird-noch-insektenfreundlicher\/\"><img decoding=\"async\" width=\"150\" height=\"150\" src=\"https:\/\/wettbewerb-archiv.wir-tun-was-fuer-bienen.de\/archiv-2021\/wp-content\/uploads\/sites\/3\/2021\/06\/IMG-20210508-WA0007-150x150.jpg\" class=\"attachment-thumbnail size-thumbnail\" alt=\"\" loading=\"lazy\" \/><\/a><\/span><span><a href=\"https:\/\/wettbewerb-archiv.wir-tun-was-fuer-bienen.de\/archiv-2021\/eintrag\/der-gensinger-gemeinschaftsgarten-wird-noch-insektenfreundlicher\/\"><img decoding=\"async\" width=\"150\" height=\"150\" src=\"https:\/\/wettbewerb-archiv.wir-tun-was-fuer-bienen.de\/archiv-2021\/wp-content\/uploads\/sites\/3\/2021\/06\/IMG_20210601_175931-150x150.jpg\" class=\"attachment-thumbnail size-thumbnail\" alt=\"\" loading=\"lazy\" \/><\/a><\/span><\/div>\n\n    <div class=\"user flex\">\n        \n                    <img decoding=\"async\" src=\"https:\/\/wettbewerb-archiv.wir-tun-was-fuer-bienen.de\/archiv-2021\/wp-content\/themes\/bienen\/assets\/images\/avatar-placeholder.png\" style=\"border-radius: 30px;\" height=\"30\" width=\"30\">\n            Appenrodt            <\/div>\n    \n    \n            <p class=\"categories meta\" style=\"width: 100%\"><span class=\"fa fa-tag\"\n                                                             aria-hidden=\"true\"><\/span> Kleingartenwesen: Parzellen und Gemeinschaftsg\u00e4rten        <\/p>\n    \n            <p class=\"categories meta\" style=\"width: 100%\"><span class=\"fa fa-map-marker\"\n                                                             aria-hidden=\"true\"><\/span> Rheinland-Pfalz        <\/p>\n    \n<\/article>\n   \n\t\t\n          <article id=\"post-45569\" class=\"et_pb_post post-45569 wtwfb_entry type-wtwfb_entry status-publish has-post-thumbnail hentry wtwfb_category-privatgaerten-und-gaerten-von-mietwohnungen-kleiner-500-quadratmeter wtwfb_region-baden-wuerttemberg\">\n    <h2 class=\"entry-title\"><a href=\"https:\/\/wettbewerb-archiv.wir-tun-was-fuer-bienen.de\/archiv-2021\/eintrag\/bienenfreundliche-um-gestaltung-unseres-gartens\/\">Bienenfreundliche (Um-) Gestaltung unseres Gartens<\/a>\n    <\/h2>\n    <a href=\"https:\/\/wettbewerb-archiv.wir-tun-was-fuer-bienen.de\/archiv-2021\/eintrag\/bienenfreundliche-um-gestaltung-unseres-gartens\/\">\n        <div class=\"bienen-entry-image\">\n            <img decoding=\"async\" width=\"400\" height=\"300\" src=\"https:\/\/wettbewerb-archiv.wir-tun-was-fuer-bienen.de\/archiv-2021\/wp-content\/uploads\/sites\/3\/2021\/07\/IMG_7477-400x300.jpg\" class=\"attachment-bienen-grid-thumb size-bienen-grid-thumb wp-post-image\" alt=\"\" loading=\"lazy\" \/>                    <\/div>\n    <\/a>\n\n    <div class=\"images-grid\"><span><a href=\"https:\/\/wettbewerb-archiv.wir-tun-was-fuer-bienen.de\/archiv-2021\/eintrag\/bienenfreundliche-um-gestaltung-unseres-gartens\/\"><img decoding=\"async\" width=\"150\" height=\"150\" src=\"https:\/\/wettbewerb-archiv.wir-tun-was-fuer-bienen.de\/archiv-2021\/wp-content\/uploads\/sites\/3\/2021\/07\/B08F66A4-6583-4A78-9E12-5F3F45521868-150x150.jpeg\" class=\"attachment-thumbnail size-thumbnail\" alt=\"\" loading=\"lazy\" \/><\/a><\/span><span><a href=\"https:\/\/wettbewerb-archiv.wir-tun-was-fuer-bienen.de\/archiv-2021\/eintrag\/bienenfreundliche-um-gestaltung-unseres-gartens\/\"><img decoding=\"async\" width=\"150\" height=\"150\" src=\"https:\/\/wettbewerb-archiv.wir-tun-was-fuer-bienen.de\/archiv-2021\/wp-content\/uploads\/sites\/3\/2021\/07\/collage_Hofplantane-150x150.jpg\" class=\"attachment-thumbnail size-thumbnail\" alt=\"\" loading=\"lazy\" \/><\/a><\/span><span><a href=\"https:\/\/wettbewerb-archiv.wir-tun-was-fuer-bienen.de\/archiv-2021\/eintrag\/bienenfreundliche-um-gestaltung-unseres-gartens\/\"><img decoding=\"async\" width=\"150\" height=\"150\" src=\"https:\/\/wettbewerb-archiv.wir-tun-was-fuer-bienen.de\/archiv-2021\/wp-content\/uploads\/sites\/3\/2021\/06\/k-DSC06138-150x150.jpg\" class=\"attachment-thumbnail size-thumbnail\" alt=\"\" loading=\"lazy\" \/><\/a><\/span><span><a href=\"https:\/\/wettbewerb-archiv.wir-tun-was-fuer-bienen.de\/archiv-2021\/eintrag\/bienenfreundliche-um-gestaltung-unseres-gartens\/\"><img decoding=\"async\" width=\"150\" height=\"150\" src=\"https:\/\/wettbewerb-archiv.wir-tun-was-fuer-bienen.de\/archiv-2021\/wp-content\/uploads\/sites\/3\/2021\/06\/k-DSC06143-150x150.jpg\" class=\"attachment-thumbnail size-thumbnail\" alt=\"\" loading=\"lazy\" \/><\/a><\/span><\/div>\n\n    <div class=\"user flex\">\n        \n                    <img decoding=\"async\" src=\"https:\/\/wettbewerb-archiv.wir-tun-was-fuer-bienen.de\/archiv-2021\/wp-content\/themes\/bienen\/assets\/images\/avatar-placeholder.png\" style=\"border-radius: 30px;\" height=\"30\" width=\"30\">\n            Luca, Felix, Oliver und Nora            <\/div>\n    \n    <p class=\"categories meta bienen-gewinner\"><span class=\"fa fa-trophy\"                                                              aria-hidden=\"true\"><\/span> Gewinner<\/p>\n            <p class=\"categories meta\" style=\"width: 100%\"><span class=\"fa fa-tag\"\n                                                             aria-hidden=\"true\"><\/span> Privatg\u00e4rten und G\u00e4rten von Mietwohnungen (kleiner als 500 Quadratmeter)        <\/p>\n    \n            <p class=\"categories meta\" style=\"width: 100%\"><span class=\"fa fa-map-marker\"\n                                                             aria-hidden=\"true\"><\/span> Baden-W\u00fcrttemberg        <\/p>\n    \n<\/article>\n   \n\t\t\n          <article id=\"post-45510\" class=\"et_pb_post post-45510 wtwfb_entry type-wtwfb_entry status-publish has-post-thumbnail hentry wtwfb_category-firmen-institutions-und-vereinsgaerten wtwfb_region-nordrhein-westfalen\">\n    <h2 class=\"entry-title\"><a href=\"https:\/\/wettbewerb-archiv.wir-tun-was-fuer-bienen.de\/archiv-2021\/eintrag\/gruenschnaebel-on-tour\/\">Gr\u00fcnschn\u00e4bel on  Tour<\/a>\n    <\/h2>\n    <a href=\"https:\/\/wettbewerb-archiv.wir-tun-was-fuer-bienen.de\/archiv-2021\/eintrag\/gruenschnaebel-on-tour\/\">\n        <div class=\"bienen-entry-image\">\n            <img decoding=\"async\" width=\"400\" height=\"300\" src=\"https:\/\/wettbewerb-archiv.wir-tun-was-fuer-bienen.de\/archiv-2021\/wp-content\/uploads\/sites\/3\/2021\/06\/33572890_1369385146538227_3517246978956197888_n-400x300.jpg\" class=\"attachment-bienen-grid-thumb size-bienen-grid-thumb wp-post-image\" alt=\"\" loading=\"lazy\" \/>                    <\/div>\n    <\/a>\n\n    <div class=\"images-grid\"><span><a href=\"https:\/\/wettbewerb-archiv.wir-tun-was-fuer-bienen.de\/archiv-2021\/eintrag\/gruenschnaebel-on-tour\/\"><img decoding=\"async\" width=\"150\" height=\"150\" src=\"https:\/\/wettbewerb-archiv.wir-tun-was-fuer-bienen.de\/archiv-2021\/wp-content\/uploads\/sites\/3\/2021\/06\/IMG_20210601_190508-150x150.jpg\" class=\"attachment-thumbnail size-thumbnail\" alt=\"\" loading=\"lazy\" \/><\/a><\/span><span><a href=\"https:\/\/wettbewerb-archiv.wir-tun-was-fuer-bienen.de\/archiv-2021\/eintrag\/gruenschnaebel-on-tour\/\"><img decoding=\"async\" width=\"150\" height=\"150\" src=\"https:\/\/wettbewerb-archiv.wir-tun-was-fuer-bienen.de\/archiv-2021\/wp-content\/uploads\/sites\/3\/2021\/06\/IMG_20210601_190515-150x150.jpg\" class=\"attachment-thumbnail size-thumbnail\" alt=\"\" loading=\"lazy\" \/><\/a><\/span><span><a href=\"https:\/\/wettbewerb-archiv.wir-tun-was-fuer-bienen.de\/archiv-2021\/eintrag\/gruenschnaebel-on-tour\/\"><img decoding=\"async\" width=\"150\" height=\"150\" src=\"https:\/\/wettbewerb-archiv.wir-tun-was-fuer-bienen.de\/archiv-2021\/wp-content\/uploads\/sites\/3\/2021\/06\/33614869_1369385216538220_6439336517184782336_n-150x150.jpg\" class=\"attachment-thumbnail size-thumbnail\" alt=\"\" loading=\"lazy\" \/><\/a><\/span><\/div>\n\n    <div class=\"user flex\">\n        \n                    <img decoding=\"async\" src=\"https:\/\/wettbewerb-archiv.wir-tun-was-fuer-bienen.de\/archiv-2021\/wp-content\/themes\/bienen\/assets\/images\/avatar-placeholder.png\" style=\"border-radius: 30px;\" height=\"30\" width=\"30\">\n            Schnibbelbohne            <\/div>\n    \n    \n            <p class=\"categories meta\" style=\"width: 100%\"><span class=\"fa fa-tag\"\n                                                             aria-hidden=\"true\"><\/span> Firmen-, Institutions- und Vereinsg\u00e4rten        <\/p>\n    \n            <p class=\"categories meta\" style=\"width: 100%\"><span class=\"fa fa-map-marker\"\n                                                             aria-hidden=\"true\"><\/span> Nordrhein-Westfalen        <\/p>\n    \n<\/article>\n   \n\t\t\n          <article id=\"post-45483\" class=\"et_pb_post post-45483 wtwfb_entry type-wtwfb_entry status-publish has-post-thumbnail hentry wtwfb_category-kita-und-kindergartengaerten wtwfb_region-niedersachsen\">\n    <h2 class=\"entry-title\"><a href=\"https:\/\/wettbewerb-archiv.wir-tun-was-fuer-bienen.de\/archiv-2021\/eintrag\/wir-legen-ein-kraeuterbeet-mit-trockenmauer-an\/\">Wir legen ein Kr\u00e4uterbeet mit Trockenmauer an<\/a>\n    <\/h2>\n    <a href=\"https:\/\/wettbewerb-archiv.wir-tun-was-fuer-bienen.de\/archiv-2021\/eintrag\/wir-legen-ein-kraeuterbeet-mit-trockenmauer-an\/\">\n        <div class=\"bienen-entry-image\">\n            <img decoding=\"async\" width=\"400\" height=\"300\" src=\"https:\/\/wettbewerb-archiv.wir-tun-was-fuer-bienen.de\/archiv-2021\/wp-content\/uploads\/sites\/3\/2021\/06\/IMG_0427-400x300.jpg\" class=\"attachment-bienen-grid-thumb size-bienen-grid-thumb wp-post-image\" alt=\"\" loading=\"lazy\" \/>                    <\/div>\n    <\/a>\n\n    <div class=\"images-grid\"><\/div>\n\n    <div class=\"user flex\">\n        \n                    <img decoding=\"async\" src=\"https:\/\/wettbewerb-archiv.wir-tun-was-fuer-bienen.de\/archiv-2021\/wp-content\/themes\/bienen\/assets\/images\/avatar-placeholder.png\" style=\"border-radius: 30px;\" height=\"30\" width=\"30\">\n            Kinderspielhaus e.V.            <\/div>\n    \n    \n            <p class=\"categories meta\" style=\"width: 100%\"><span class=\"fa fa-tag\"\n                                                             aria-hidden=\"true\"><\/span> Kita- und Kindergarteng\u00e4rten        <\/p>\n    \n            <p class=\"categories meta\" style=\"width: 100%\"><span class=\"fa fa-map-marker\"\n                                                             aria-hidden=\"true\"><\/span> Niedersachsen        <\/p>\n    \n<\/article>\n   \n\t\t\n          <article id=\"post-45452\" class=\"et_pb_post post-45452 wtwfb_entry type-wtwfb_entry status-publish has-post-thumbnail hentry wtwfb_category-balkone-terrassen-dachbegruenung-vertikale-gaerten wtwfb_region-baden-wuerttemberg\">\n    <h2 class=\"entry-title\"><a href=\"https:\/\/wettbewerb-archiv.wir-tun-was-fuer-bienen.de\/archiv-2021\/eintrag\/noch-mehr-gruen\/\">Noch mehr Gr\u00fcn!<\/a>\n    <\/h2>\n    <a href=\"https:\/\/wettbewerb-archiv.wir-tun-was-fuer-bienen.de\/archiv-2021\/eintrag\/noch-mehr-gruen\/\">\n        <div class=\"bienen-entry-image\">\n            <img decoding=\"async\" width=\"400\" height=\"300\" src=\"https:\/\/wettbewerb-archiv.wir-tun-was-fuer-bienen.de\/archiv-2021\/wp-content\/uploads\/sites\/3\/2021\/06\/DSCF0571-400x300.jpg\" class=\"attachment-bienen-grid-thumb size-bienen-grid-thumb wp-post-image\" alt=\"\" loading=\"lazy\" \/>                    <\/div>\n    <\/a>\n\n    <div class=\"images-grid\"><span><a href=\"https:\/\/wettbewerb-archiv.wir-tun-was-fuer-bienen.de\/archiv-2021\/eintrag\/noch-mehr-gruen\/\"><img decoding=\"async\" width=\"150\" height=\"150\" src=\"https:\/\/wettbewerb-archiv.wir-tun-was-fuer-bienen.de\/archiv-2021\/wp-content\/uploads\/sites\/3\/2021\/06\/IMG_4164-150x150.jpg\" class=\"attachment-thumbnail size-thumbnail\" alt=\"\" loading=\"lazy\" \/><\/a><\/span><span><a href=\"https:\/\/wettbewerb-archiv.wir-tun-was-fuer-bienen.de\/archiv-2021\/eintrag\/noch-mehr-gruen\/\"><img decoding=\"async\" width=\"150\" height=\"150\" src=\"https:\/\/wettbewerb-archiv.wir-tun-was-fuer-bienen.de\/archiv-2021\/wp-content\/uploads\/sites\/3\/2021\/06\/IMG_4167-150x150.jpg\" class=\"attachment-thumbnail size-thumbnail\" alt=\"\" loading=\"lazy\" \/><\/a><\/span><span><a href=\"https:\/\/wettbewerb-archiv.wir-tun-was-fuer-bienen.de\/archiv-2021\/eintrag\/noch-mehr-gruen\/\"><img decoding=\"async\" width=\"150\" height=\"150\" src=\"https:\/\/wettbewerb-archiv.wir-tun-was-fuer-bienen.de\/archiv-2021\/wp-content\/uploads\/sites\/3\/2021\/06\/IMG_4169-150x150.jpg\" class=\"attachment-thumbnail size-thumbnail\" alt=\"\" loading=\"lazy\" \/><\/a><\/span><span><a href=\"https:\/\/wettbewerb-archiv.wir-tun-was-fuer-bienen.de\/archiv-2021\/eintrag\/noch-mehr-gruen\/\"><img decoding=\"async\" width=\"150\" height=\"150\" src=\"https:\/\/wettbewerb-archiv.wir-tun-was-fuer-bienen.de\/archiv-2021\/wp-content\/uploads\/sites\/3\/2021\/06\/DSCF0019-150x150.jpg\" class=\"attachment-thumbnail size-thumbnail\" alt=\"\" loading=\"lazy\" \/><\/a><\/span><\/div>\n\n    <div class=\"user flex\">\n        \n                    <img decoding=\"async\" src=\"https:\/\/wettbewerb-archiv.wir-tun-was-fuer-bienen.de\/archiv-2021\/wp-content\/themes\/bienen\/assets\/images\/avatar-placeholder.png\" style=\"border-radius: 30px;\" height=\"30\" width=\"30\">\n            Sabine Hahn und Michael Schneider            <\/div>\n    \n    <p class=\"categories meta bienen-gewinner\"><span class=\"fa fa-trophy\"                                                              aria-hidden=\"true\"><\/span> Gewinner<\/p>\n            <p class=\"categories meta\" style=\"width: 100%\"><span class=\"fa fa-tag\"\n                                                             aria-hidden=\"true\"><\/span> Balkone, Terrassen, Dachbegr\u00fcnung, vertikale G\u00e4rten        <\/p>\n    \n            <p class=\"categories meta\" style=\"width: 100%\"><span class=\"fa fa-map-marker\"\n                                                             aria-hidden=\"true\"><\/span> Baden-W\u00fcrttemberg        <\/p>\n    \n<\/article>\n   \n\t\t\n          <article id=\"post-45410\" class=\"et_pb_post post-45410 wtwfb_entry type-wtwfb_entry status-publish has-post-thumbnail hentry wtwfb_category-privatgaerten-und-gaerten-von-mietwohnungen-kleiner-500-quadratmeter wtwfb_region-baden-wuerttemberg\">\n    <h2 class=\"entry-title\"><a href=\"https:\/\/wettbewerb-archiv.wir-tun-was-fuer-bienen.de\/archiv-2021\/eintrag\/es-muss-mehr-gruen-her\/\">Es muss mehr Gr\u00fcn her!<\/a>\n    <\/h2>\n    <a href=\"https:\/\/wettbewerb-archiv.wir-tun-was-fuer-bienen.de\/archiv-2021\/eintrag\/es-muss-mehr-gruen-her\/\">\n        <div class=\"bienen-entry-image\">\n            <img decoding=\"async\" width=\"400\" height=\"300\" src=\"https:\/\/wettbewerb-archiv.wir-tun-was-fuer-bienen.de\/archiv-2021\/wp-content\/uploads\/sites\/3\/2021\/06\/DJI_0320-1-400x300.jpg\" class=\"attachment-bienen-grid-thumb size-bienen-grid-thumb wp-post-image\" alt=\"\" loading=\"lazy\" \/>                    <\/div>\n    <\/a>\n\n    <div class=\"images-grid\"><span><a href=\"https:\/\/wettbewerb-archiv.wir-tun-was-fuer-bienen.de\/archiv-2021\/eintrag\/es-muss-mehr-gruen-her\/\"><img decoding=\"async\" width=\"150\" height=\"150\" src=\"https:\/\/wettbewerb-archiv.wir-tun-was-fuer-bienen.de\/archiv-2021\/wp-content\/uploads\/sites\/3\/2021\/07\/gru\u0308nelunge3-150x150.jpg\" class=\"attachment-thumbnail size-thumbnail\" alt=\"\" loading=\"lazy\" \/><\/a><\/span><span><a href=\"https:\/\/wettbewerb-archiv.wir-tun-was-fuer-bienen.de\/archiv-2021\/eintrag\/es-muss-mehr-gruen-her\/\"><img decoding=\"async\" width=\"150\" height=\"150\" src=\"https:\/\/wettbewerb-archiv.wir-tun-was-fuer-bienen.de\/archiv-2021\/wp-content\/uploads\/sites\/3\/2021\/06\/gartentor-1-150x150.jpg\" class=\"attachment-thumbnail size-thumbnail\" alt=\"\" loading=\"lazy\" \/><\/a><\/span><span><a href=\"https:\/\/wettbewerb-archiv.wir-tun-was-fuer-bienen.de\/archiv-2021\/eintrag\/es-muss-mehr-gruen-her\/\"><img decoding=\"async\" width=\"150\" height=\"150\" src=\"https:\/\/wettbewerb-archiv.wir-tun-was-fuer-bienen.de\/archiv-2021\/wp-content\/uploads\/sites\/3\/2021\/06\/IMG_3571-150x150.jpg\" class=\"attachment-thumbnail size-thumbnail\" alt=\"\" loading=\"lazy\" \/><\/a><\/span><span><a href=\"https:\/\/wettbewerb-archiv.wir-tun-was-fuer-bienen.de\/archiv-2021\/eintrag\/es-muss-mehr-gruen-her\/\"><img decoding=\"async\" width=\"150\" height=\"150\" src=\"https:\/\/wettbewerb-archiv.wir-tun-was-fuer-bienen.de\/archiv-2021\/wp-content\/uploads\/sites\/3\/2021\/06\/IMG_3576-150x150.jpg\" class=\"attachment-thumbnail size-thumbnail\" alt=\"\" loading=\"lazy\" \/><\/a><\/span><\/div>\n\n    <div class=\"user flex\">\n        \n                    <img decoding=\"async\" src=\"https:\/\/wettbewerb-archiv.wir-tun-was-fuer-bienen.de\/archiv-2021\/wp-content\/themes\/bienen\/assets\/images\/avatar-placeholder.png\" style=\"border-radius: 30px;\" height=\"30\" width=\"30\">\n            Sabine Hahn und Michael Schneider            <\/div>\n    \n    <p class=\"categories meta bienen-gewinner\"><span class=\"fa fa-trophy\"                                                              aria-hidden=\"true\"><\/span> Gewinner<\/p>\n            <p class=\"categories meta\" style=\"width: 100%\"><span class=\"fa fa-tag\"\n                                                             aria-hidden=\"true\"><\/span> Privatg\u00e4rten und G\u00e4rten von Mietwohnungen (kleiner als 500 Quadratmeter)        <\/p>\n    \n            <p class=\"categories meta\" style=\"width: 100%\"><span class=\"fa fa-map-marker\"\n                                                             aria-hidden=\"true\"><\/span> Baden-W\u00fcrttemberg        <\/p>\n    \n<\/article>\n   \n\t\t\n          <article id=\"post-45295\" class=\"et_pb_post post-45295 wtwfb_entry type-wtwfb_entry status-publish has-post-thumbnail hentry wtwfb_category-kita-und-kindergartengaerten wtwfb_region-bayern\">\n    <h2 class=\"entry-title\"><a href=\"https:\/\/wettbewerb-archiv.wir-tun-was-fuer-bienen.de\/archiv-2021\/eintrag\/bald-soll-es-summen-und-brummen-im-brk-montessori-sonnenhaus\/\">Bald soll es summen und brummen im Sonnenhaus<\/a>\n    <\/h2>\n    <a href=\"https:\/\/wettbewerb-archiv.wir-tun-was-fuer-bienen.de\/archiv-2021\/eintrag\/bald-soll-es-summen-und-brummen-im-brk-montessori-sonnenhaus\/\">\n        <div class=\"bienen-entry-image\">\n            <img decoding=\"async\" width=\"400\" height=\"300\" src=\"https:\/\/wettbewerb-archiv.wir-tun-was-fuer-bienen.de\/archiv-2021\/wp-content\/uploads\/sites\/3\/2021\/06\/IMG_7142-400x300.jpg\" class=\"attachment-bienen-grid-thumb size-bienen-grid-thumb wp-post-image\" alt=\"\" loading=\"lazy\" \/>                    <\/div>\n    <\/a>\n\n    <div class=\"images-grid\"><span><a href=\"https:\/\/wettbewerb-archiv.wir-tun-was-fuer-bienen.de\/archiv-2021\/eintrag\/bald-soll-es-summen-und-brummen-im-brk-montessori-sonnenhaus\/\"><img decoding=\"async\" width=\"150\" height=\"150\" src=\"https:\/\/wettbewerb-archiv.wir-tun-was-fuer-bienen.de\/archiv-2021\/wp-content\/uploads\/sites\/3\/2021\/06\/97EEF606-3419-41A6-9112-FDA019AC7884-150x150.jpeg\" class=\"attachment-thumbnail size-thumbnail\" alt=\"\" loading=\"lazy\" \/><\/a><\/span><span><a href=\"https:\/\/wettbewerb-archiv.wir-tun-was-fuer-bienen.de\/archiv-2021\/eintrag\/bald-soll-es-summen-und-brummen-im-brk-montessori-sonnenhaus\/\"><img decoding=\"async\" width=\"150\" height=\"150\" src=\"https:\/\/wettbewerb-archiv.wir-tun-was-fuer-bienen.de\/archiv-2021\/wp-content\/uploads\/sites\/3\/2021\/06\/7EA6EB77-092F-4F43-B514-BE4681764CDB-150x150.jpeg\" class=\"attachment-thumbnail size-thumbnail\" alt=\"\" loading=\"lazy\" \/><\/a><\/span><span><a href=\"https:\/\/wettbewerb-archiv.wir-tun-was-fuer-bienen.de\/archiv-2021\/eintrag\/bald-soll-es-summen-und-brummen-im-brk-montessori-sonnenhaus\/\"><img decoding=\"async\" width=\"150\" height=\"150\" src=\"https:\/\/wettbewerb-archiv.wir-tun-was-fuer-bienen.de\/archiv-2021\/wp-content\/uploads\/sites\/3\/2021\/06\/4FF55046-5CE2-463C-A9C0-4DDFE366C3DA-150x150.jpeg\" class=\"attachment-thumbnail size-thumbnail\" alt=\"\" loading=\"lazy\" \/><\/a><\/span><span><a href=\"https:\/\/wettbewerb-archiv.wir-tun-was-fuer-bienen.de\/archiv-2021\/eintrag\/bald-soll-es-summen-und-brummen-im-brk-montessori-sonnenhaus\/\"><img decoding=\"async\" width=\"150\" height=\"150\" src=\"https:\/\/wettbewerb-archiv.wir-tun-was-fuer-bienen.de\/archiv-2021\/wp-content\/uploads\/sites\/3\/2021\/06\/IMG_7285-150x150.jpg\" class=\"attachment-thumbnail size-thumbnail\" alt=\"\" loading=\"lazy\" \/><\/a><\/span><\/div>\n\n    <div class=\"user flex\">\n        \n                    <img decoding=\"async\" src=\"https:\/\/wettbewerb-archiv.wir-tun-was-fuer-bienen.de\/archiv-2021\/wp-content\/themes\/bienen\/assets\/images\/avatar-placeholder.png\" style=\"border-radius: 30px;\" height=\"30\" width=\"30\">\n            BRK Montessori Sonnenhaus Rappenb\u00fcgl            <\/div>\n    \n    <p class=\"categories meta bienen-gewinner\"><span class=\"fa fa-trophy\"                                                              aria-hidden=\"true\"><\/span> Gewinner<\/p>\n            <p class=\"categories meta\" style=\"width: 100%\"><span class=\"fa fa-tag\"\n                                                             aria-hidden=\"true\"><\/span> Kita- und Kindergarteng\u00e4rten        <\/p>\n    \n            <p class=\"categories meta\" style=\"width: 100%\"><span class=\"fa fa-map-marker\"\n                                                             aria-hidden=\"true\"><\/span> Bayern        <\/p>\n    \n<\/article>\n   \n\t\t\n          <article id=\"post-45175\" class=\"et_pb_post post-45175 wtwfb_entry type-wtwfb_entry status-publish has-post-thumbnail hentry wtwfb_category-firmen-institutions-und-vereinsgaerten wtwfb_region-bayern\">\n    <h2 class=\"entry-title\"><a href=\"https:\/\/wettbewerb-archiv.wir-tun-was-fuer-bienen.de\/archiv-2021\/eintrag\/chf-lichttechnik-wir-sind-ein-bluehbetrieb\/\">CHF Lichttechnik &#8211; Wir sind ein Bl\u00fchbetrieb!<\/a>\n    <\/h2>\n    <a href=\"https:\/\/wettbewerb-archiv.wir-tun-was-fuer-bienen.de\/archiv-2021\/eintrag\/chf-lichttechnik-wir-sind-ein-bluehbetrieb\/\">\n        <div class=\"bienen-entry-image\">\n            <img decoding=\"async\" width=\"400\" height=\"300\" src=\"https:\/\/wettbewerb-archiv.wir-tun-was-fuer-bienen.de\/archiv-2021\/wp-content\/uploads\/sites\/3\/2021\/06\/IMG_6470b-400x300.jpg\" class=\"attachment-bienen-grid-thumb size-bienen-grid-thumb wp-post-image\" alt=\"\" loading=\"lazy\" \/>                    <\/div>\n    <\/a>\n\n    <div class=\"images-grid\"><span><a href=\"https:\/\/wettbewerb-archiv.wir-tun-was-fuer-bienen.de\/archiv-2021\/eintrag\/chf-lichttechnik-wir-sind-ein-bluehbetrieb\/\"><img decoding=\"async\" width=\"150\" height=\"150\" src=\"https:\/\/wettbewerb-archiv.wir-tun-was-fuer-bienen.de\/archiv-2021\/wp-content\/uploads\/sites\/3\/2021\/06\/P8180257-150x150.jpg\" class=\"attachment-thumbnail size-thumbnail\" alt=\"\" loading=\"lazy\" \/><\/a><\/span><span><a href=\"https:\/\/wettbewerb-archiv.wir-tun-was-fuer-bienen.de\/archiv-2021\/eintrag\/chf-lichttechnik-wir-sind-ein-bluehbetrieb\/\"><img decoding=\"async\" width=\"150\" height=\"150\" src=\"https:\/\/wettbewerb-archiv.wir-tun-was-fuer-bienen.de\/archiv-2021\/wp-content\/uploads\/sites\/3\/2021\/06\/P8170252-150x150.jpg\" class=\"attachment-thumbnail size-thumbnail\" alt=\"\" loading=\"lazy\" \/><\/a><\/span><span><a href=\"https:\/\/wettbewerb-archiv.wir-tun-was-fuer-bienen.de\/archiv-2021\/eintrag\/chf-lichttechnik-wir-sind-ein-bluehbetrieb\/\"><img decoding=\"async\" width=\"150\" height=\"150\" src=\"https:\/\/wettbewerb-archiv.wir-tun-was-fuer-bienen.de\/archiv-2021\/wp-content\/uploads\/sites\/3\/2021\/06\/P8260300-150x150.jpg\" class=\"attachment-thumbnail size-thumbnail\" alt=\"\" loading=\"lazy\" \/><\/a><\/span><span><a href=\"https:\/\/wettbewerb-archiv.wir-tun-was-fuer-bienen.de\/archiv-2021\/eintrag\/chf-lichttechnik-wir-sind-ein-bluehbetrieb\/\"><img decoding=\"async\" width=\"150\" height=\"150\" src=\"https:\/\/wettbewerb-archiv.wir-tun-was-fuer-bienen.de\/archiv-2021\/wp-content\/uploads\/sites\/3\/2021\/06\/P8260291-150x150.jpg\" class=\"attachment-thumbnail size-thumbnail\" alt=\"\" loading=\"lazy\" \/><\/a><\/span><\/div>\n\n    <div class=\"user flex\">\n        \n                    <img decoding=\"async\" src=\"https:\/\/wettbewerb-archiv.wir-tun-was-fuer-bienen.de\/archiv-2021\/wp-content\/themes\/bienen\/assets\/images\/avatar-placeholder.png\" style=\"border-radius: 30px;\" height=\"30\" width=\"30\">\n            CHF Lichttechnik GmbH            <\/div>\n    \n    <p class=\"categories meta bienen-gewinner\"><span class=\"fa fa-trophy\"                                                              aria-hidden=\"true\"><\/span> Gewinner<\/p>\n            <p class=\"categories meta\" style=\"width: 100%\"><span class=\"fa fa-tag\"\n                                                             aria-hidden=\"true\"><\/span> Firmen-, Institutions- und Vereinsg\u00e4rten        <\/p>\n    \n            <p class=\"categories meta\" style=\"width: 100%\"><span class=\"fa fa-map-marker\"\n                                                             aria-hidden=\"true\"><\/span> Bayern        <\/p>\n    \n<\/article>\n   \n\t\t\n          <article id=\"post-45158\" class=\"et_pb_post post-45158 wtwfb_entry type-wtwfb_entry status-publish has-post-thumbnail hentry wtwfb_category-privatgaerten-und-gaerten-von-mietwohnungen-kleiner-500-quadratmeter wtwfb_region-berlin\">\n    <h2 class=\"entry-title\"><a href=\"https:\/\/wettbewerb-archiv.wir-tun-was-fuer-bienen.de\/archiv-2021\/eintrag\/hofgarten\/\">Hofgarten<\/a>\n    <\/h2>\n    <a href=\"https:\/\/wettbewerb-archiv.wir-tun-was-fuer-bienen.de\/archiv-2021\/eintrag\/hofgarten\/\">\n        <div class=\"bienen-entry-image\">\n            <img decoding=\"async\" width=\"400\" height=\"300\" src=\"https:\/\/wettbewerb-archiv.wir-tun-was-fuer-bienen.de\/archiv-2021\/wp-content\/uploads\/sites\/3\/2021\/06\/4225396D-FB83-4DBB-8AF5-3F5825459C7D-400x300.jpeg\" class=\"attachment-bienen-grid-thumb size-bienen-grid-thumb wp-post-image\" alt=\"\" loading=\"lazy\" \/>                    <\/div>\n    <\/a>\n\n    <div class=\"images-grid\"><\/div>\n\n    <div class=\"user flex\">\n        \n                    <img decoding=\"async\" src=\"https:\/\/wettbewerb-archiv.wir-tun-was-fuer-bienen.de\/archiv-2021\/wp-content\/themes\/bienen\/assets\/images\/avatar-placeholder.png\" style=\"border-radius: 30px;\" height=\"30\" width=\"30\">\n            Hofgarten Kochhannstr 24            <\/div>\n    \n    \n            <p class=\"categories meta\" style=\"width: 100%\"><span class=\"fa fa-tag\"\n                                                             aria-hidden=\"true\"><\/span> Privatg\u00e4rten und G\u00e4rten von Mietwohnungen (kleiner als 500 Quadratmeter)        <\/p>\n    \n            <p class=\"categories meta\" style=\"width: 100%\"><span class=\"fa fa-map-marker\"\n                                                             aria-hidden=\"true\"><\/span> Berlin        <\/p>\n    \n<\/article>\n   \n\t\t\n          <article id=\"post-45062\" class=\"et_pb_post post-45062 wtwfb_entry type-wtwfb_entry status-publish has-post-thumbnail hentry wtwfb_category-privatgaerten-und-gaerten-von-mietwohnungen-kleiner-500-quadratmeter wtwfb_region-niedersachsen\">\n    <h2 class=\"entry-title\"><a href=\"https:\/\/wettbewerb-archiv.wir-tun-was-fuer-bienen.de\/archiv-2021\/eintrag\/umzug\/\">Wildes Gesummsel am Jacobitor<\/a>\n    <\/h2>\n    <a href=\"https:\/\/wettbewerb-archiv.wir-tun-was-fuer-bienen.de\/archiv-2021\/eintrag\/umzug\/\">\n        <div class=\"bienen-entry-image\">\n            <img decoding=\"async\" width=\"400\" height=\"300\" src=\"https:\/\/wettbewerb-archiv.wir-tun-was-fuer-bienen.de\/archiv-2021\/wp-content\/uploads\/sites\/3\/2021\/06\/IMG_5564-400x300.jpg\" class=\"attachment-bienen-grid-thumb size-bienen-grid-thumb wp-post-image\" alt=\"\" loading=\"lazy\" \/>                    <\/div>\n    <\/a>\n\n    <div class=\"images-grid\"><span><a href=\"https:\/\/wettbewerb-archiv.wir-tun-was-fuer-bienen.de\/archiv-2021\/eintrag\/umzug\/\"><img decoding=\"async\" width=\"150\" height=\"150\" src=\"https:\/\/wettbewerb-archiv.wir-tun-was-fuer-bienen.de\/archiv-2021\/wp-content\/uploads\/sites\/3\/2021\/06\/IMG_5523-1-150x150.jpg\" class=\"attachment-thumbnail size-thumbnail\" alt=\"\" loading=\"lazy\" \/><\/a><\/span><span><a href=\"https:\/\/wettbewerb-archiv.wir-tun-was-fuer-bienen.de\/archiv-2021\/eintrag\/umzug\/\"><img decoding=\"async\" width=\"150\" height=\"150\" src=\"https:\/\/wettbewerb-archiv.wir-tun-was-fuer-bienen.de\/archiv-2021\/wp-content\/uploads\/sites\/3\/2021\/06\/IMG_5491-150x150.jpg\" class=\"attachment-thumbnail size-thumbnail\" alt=\"\" loading=\"lazy\" \/><\/a><\/span><span><a href=\"https:\/\/wettbewerb-archiv.wir-tun-was-fuer-bienen.de\/archiv-2021\/eintrag\/umzug\/\"><img decoding=\"async\" width=\"150\" height=\"150\" src=\"https:\/\/wettbewerb-archiv.wir-tun-was-fuer-bienen.de\/archiv-2021\/wp-content\/uploads\/sites\/3\/2021\/06\/IMG_5515-150x150.jpg\" class=\"attachment-thumbnail size-thumbnail\" alt=\"\" loading=\"lazy\" \/><\/a><\/span><span><a href=\"https:\/\/wettbewerb-archiv.wir-tun-was-fuer-bienen.de\/archiv-2021\/eintrag\/umzug\/\"><img decoding=\"async\" width=\"150\" height=\"150\" src=\"https:\/\/wettbewerb-archiv.wir-tun-was-fuer-bienen.de\/archiv-2021\/wp-content\/uploads\/sites\/3\/2021\/06\/Wilde-Ecke-150x150.jpg\" class=\"attachment-thumbnail size-thumbnail\" alt=\"\" loading=\"lazy\" \/><\/a><\/span><\/div>\n\n    <div class=\"user flex\">\n        \n                    <img decoding=\"async\" src=\"https:\/\/wettbewerb-archiv.wir-tun-was-fuer-bienen.de\/archiv-2021\/wp-content\/themes\/bienen\/assets\/images\/avatar-placeholder.png\" style=\"border-radius: 30px;\" height=\"30\" width=\"30\">\n            Mietwohnung mit Gartennutzung in Dreifamilienhaus            <\/div>\n    \n    \n            <p class=\"categories meta\" style=\"width: 100%\"><span class=\"fa fa-tag\"\n                                                             aria-hidden=\"true\"><\/span> Privatg\u00e4rten und G\u00e4rten von Mietwohnungen (kleiner als 500 Quadratmeter)        <\/p>\n    \n            <p class=\"categories meta\" style=\"width: 100%\"><span class=\"fa fa-map-marker\"\n                                                             aria-hidden=\"true\"><\/span> Niedersachsen        <\/p>\n    \n<\/article>\n   \n\t\t\n          <article id=\"post-45028\" class=\"et_pb_post post-45028 wtwfb_entry type-wtwfb_entry status-publish has-post-thumbnail hentry wtwfb_category-kommunale-flaechen-parks-baumscheiben wtwfb_region-baden-wuerttemberg\">\n    <h2 class=\"entry-title\"><a href=\"https:\/\/wettbewerb-archiv.wir-tun-was-fuer-bienen.de\/archiv-2021\/eintrag\/bienenfreundliche-hochbeete-am-lidellplatz-in-karlsruhe\/\">Bienenfreundliche Hochbeete am Lidellplatz in Karlsruhe<\/a>\n    <\/h2>\n    <a href=\"https:\/\/wettbewerb-archiv.wir-tun-was-fuer-bienen.de\/archiv-2021\/eintrag\/bienenfreundliche-hochbeete-am-lidellplatz-in-karlsruhe\/\">\n        <div class=\"bienen-entry-image\">\n            <img decoding=\"async\" width=\"400\" height=\"300\" src=\"https:\/\/wettbewerb-archiv.wir-tun-was-fuer-bienen.de\/archiv-2021\/wp-content\/uploads\/sites\/3\/2021\/06\/E4974559-76E2-4DB2-BB94-D929C188B5A9-400x300.jpeg\" class=\"attachment-bienen-grid-thumb size-bienen-grid-thumb wp-post-image\" alt=\"\" loading=\"lazy\" \/>                    <\/div>\n    <\/a>\n\n    <div class=\"images-grid\"><span><a href=\"https:\/\/wettbewerb-archiv.wir-tun-was-fuer-bienen.de\/archiv-2021\/eintrag\/bienenfreundliche-hochbeete-am-lidellplatz-in-karlsruhe\/\"><img decoding=\"async\" width=\"150\" height=\"150\" src=\"https:\/\/wettbewerb-archiv.wir-tun-was-fuer-bienen.de\/archiv-2021\/wp-content\/uploads\/sites\/3\/2021\/06\/1DCFED63-F964-4C0A-9E04-C6E9059B4C95-150x150.jpeg\" class=\"attachment-thumbnail size-thumbnail\" alt=\"\" loading=\"lazy\" \/><\/a><\/span><span><a href=\"https:\/\/wettbewerb-archiv.wir-tun-was-fuer-bienen.de\/archiv-2021\/eintrag\/bienenfreundliche-hochbeete-am-lidellplatz-in-karlsruhe\/\"><img decoding=\"async\" width=\"150\" height=\"150\" src=\"https:\/\/wettbewerb-archiv.wir-tun-was-fuer-bienen.de\/archiv-2021\/wp-content\/uploads\/sites\/3\/2021\/06\/645D4502-0DD5-4C20-8DAC-7BD478C1FC1F-150x150.jpeg\" class=\"attachment-thumbnail size-thumbnail\" alt=\"\" loading=\"lazy\" \/><\/a><\/span><span><a href=\"https:\/\/wettbewerb-archiv.wir-tun-was-fuer-bienen.de\/archiv-2021\/eintrag\/bienenfreundliche-hochbeete-am-lidellplatz-in-karlsruhe\/\"><img decoding=\"async\" width=\"150\" height=\"150\" src=\"https:\/\/wettbewerb-archiv.wir-tun-was-fuer-bienen.de\/archiv-2021\/wp-content\/uploads\/sites\/3\/2021\/06\/A44429EC-D15F-451C-84C7-9100B04F038E-150x150.jpeg\" class=\"attachment-thumbnail size-thumbnail\" alt=\"\" loading=\"lazy\" \/><\/a><\/span><span><a href=\"https:\/\/wettbewerb-archiv.wir-tun-was-fuer-bienen.de\/archiv-2021\/eintrag\/bienenfreundliche-hochbeete-am-lidellplatz-in-karlsruhe\/\"><img decoding=\"async\" width=\"150\" height=\"150\" src=\"https:\/\/wettbewerb-archiv.wir-tun-was-fuer-bienen.de\/archiv-2021\/wp-content\/uploads\/sites\/3\/2021\/06\/606639CA-81C1-4DF2-985E-5573F9F75D7B-150x150.jpeg\" class=\"attachment-thumbnail size-thumbnail\" alt=\"\" loading=\"lazy\" \/><\/a><\/span><\/div>\n\n    <div class=\"user flex\">\n        \n                    <img decoding=\"async\" src=\"https:\/\/wettbewerb-archiv.wir-tun-was-fuer-bienen.de\/archiv-2021\/wp-content\/themes\/bienen\/assets\/images\/avatar-placeholder.png\" style=\"border-radius: 30px;\" height=\"30\" width=\"30\">\n            Biene Maja            <\/div>\n    \n    \n            <p class=\"categories meta\" style=\"width: 100%\"><span class=\"fa fa-tag\"\n                                                             aria-hidden=\"true\"><\/span> Kommunale Fl\u00e4chen, Parks, Baumscheiben        <\/p>\n    \n            <p class=\"categories meta\" style=\"width: 100%\"><span class=\"fa fa-map-marker\"\n                                                             aria-hidden=\"true\"><\/span> Baden-W\u00fcrttemberg        <\/p>\n    \n<\/article>\n   \n\t\t\n          <article id=\"post-44918\" class=\"et_pb_post post-44918 wtwfb_entry type-wtwfb_entry status-publish has-post-thumbnail hentry wtwfb_category-bestehende-naturgaerten wtwfb_region-sachsen\">\n    <h2 class=\"entry-title\"><a href=\"https:\/\/wettbewerb-archiv.wir-tun-was-fuer-bienen.de\/archiv-2021\/eintrag\/insel-der-hoffnung\/\">Insel der Hoffnung<\/a>\n    <\/h2>\n    <a href=\"https:\/\/wettbewerb-archiv.wir-tun-was-fuer-bienen.de\/archiv-2021\/eintrag\/insel-der-hoffnung\/\">\n        <div class=\"bienen-entry-image\">\n            <img decoding=\"async\" width=\"400\" height=\"300\" src=\"https:\/\/wettbewerb-archiv.wir-tun-was-fuer-bienen.de\/archiv-2021\/wp-content\/uploads\/sites\/3\/2021\/06\/Hauptbild-400x300.jpg\" class=\"attachment-bienen-grid-thumb size-bienen-grid-thumb wp-post-image\" alt=\"\" loading=\"lazy\" \/>                    <\/div>\n    <\/a>\n\n    <div class=\"images-grid\"><span><a href=\"https:\/\/wettbewerb-archiv.wir-tun-was-fuer-bienen.de\/archiv-2021\/eintrag\/insel-der-hoffnung\/\"><img decoding=\"async\" width=\"150\" height=\"150\" src=\"https:\/\/wettbewerb-archiv.wir-tun-was-fuer-bienen.de\/archiv-2021\/wp-content\/uploads\/sites\/3\/2021\/06\/Tonteich_1-150x150.jpg\" class=\"attachment-thumbnail size-thumbnail\" alt=\"\" loading=\"lazy\" \/><\/a><\/span><span><a href=\"https:\/\/wettbewerb-archiv.wir-tun-was-fuer-bienen.de\/archiv-2021\/eintrag\/insel-der-hoffnung\/\"><img decoding=\"async\" width=\"150\" height=\"150\" src=\"https:\/\/wettbewerb-archiv.wir-tun-was-fuer-bienen.de\/archiv-2021\/wp-content\/uploads\/sites\/3\/2021\/06\/Tonteich_2_Sumpfprimel-150x150.jpg\" class=\"attachment-thumbnail size-thumbnail\" alt=\"\" loading=\"lazy\" \/><\/a><\/span><span><a href=\"https:\/\/wettbewerb-archiv.wir-tun-was-fuer-bienen.de\/archiv-2021\/eintrag\/insel-der-hoffnung\/\"><img decoding=\"async\" width=\"150\" height=\"150\" src=\"https:\/\/wettbewerb-archiv.wir-tun-was-fuer-bienen.de\/archiv-2021\/wp-content\/uploads\/sites\/3\/2021\/06\/Blumenwiese-150x150.jpg\" class=\"attachment-thumbnail size-thumbnail\" alt=\"\" loading=\"lazy\" \/><\/a><\/span><span><a href=\"https:\/\/wettbewerb-archiv.wir-tun-was-fuer-bienen.de\/archiv-2021\/eintrag\/insel-der-hoffnung\/\"><img decoding=\"async\" width=\"150\" height=\"150\" src=\"https:\/\/wettbewerb-archiv.wir-tun-was-fuer-bienen.de\/archiv-2021\/wp-content\/uploads\/sites\/3\/2021\/06\/Schattenwiese-150x150.jpg\" class=\"attachment-thumbnail size-thumbnail\" alt=\"\" loading=\"lazy\" \/><\/a><\/span><\/div>\n\n    <div class=\"user flex\">\n        \n                    <img decoding=\"async\" src=\"https:\/\/wettbewerb-archiv.wir-tun-was-fuer-bienen.de\/archiv-2021\/wp-content\/themes\/bienen\/assets\/images\/avatar-placeholder.png\" style=\"border-radius: 30px;\" height=\"30\" width=\"30\">\n            G\u00fcnter Janz            <\/div>\n    \n    <p class=\"categories meta bienen-gewinner\"><span class=\"fa fa-trophy\"                                                              aria-hidden=\"true\"><\/span> Gewinner<\/p>\n            <p class=\"categories meta\" style=\"width: 100%\"><span class=\"fa fa-tag\"\n                                                             aria-hidden=\"true\"><\/span> Bestehende Naturg\u00e4rten (ohne Pflanzaktionen)        <\/p>\n    \n            <p class=\"categories meta\" style=\"width: 100%\"><span class=\"fa fa-map-marker\"\n                                                             aria-hidden=\"true\"><\/span> Sachsen        <\/p>\n    \n<\/article>\n   \n\t\t\n          <article id=\"post-44894\" class=\"et_pb_post post-44894 wtwfb_entry type-wtwfb_entry status-publish has-post-thumbnail hentry wtwfb_category-privatgaerten-und-gaerten-von-mietwohnungen-groesser-500-quadratmeter wtwfb_region-nordrhein-westfalen\">\n    <h2 class=\"entry-title\"><a href=\"https:\/\/wettbewerb-archiv.wir-tun-was-fuer-bienen.de\/archiv-2021\/eintrag\/zum-bundesweiten-pflanzwettbewerb-privatgarten\/\">Zum bundesweiten Pflanzwettbewerb &#8211; Privatgarten<\/a>\n    <\/h2>\n    <a href=\"https:\/\/wettbewerb-archiv.wir-tun-was-fuer-bienen.de\/archiv-2021\/eintrag\/zum-bundesweiten-pflanzwettbewerb-privatgarten\/\">\n        <div class=\"bienen-entry-image\">\n            <img decoding=\"async\" width=\"400\" height=\"300\" src=\"https:\/\/wettbewerb-archiv.wir-tun-was-fuer-bienen.de\/archiv-2021\/wp-content\/uploads\/sites\/3\/2021\/06\/Samen-400x300.jpg\" class=\"attachment-bienen-grid-thumb size-bienen-grid-thumb wp-post-image\" alt=\"\" loading=\"lazy\" \/>                    <\/div>\n    <\/a>\n\n    <div class=\"images-grid\"><span><a href=\"https:\/\/wettbewerb-archiv.wir-tun-was-fuer-bienen.de\/archiv-2021\/eintrag\/zum-bundesweiten-pflanzwettbewerb-privatgarten\/\"><img decoding=\"async\" width=\"150\" height=\"150\" src=\"https:\/\/wettbewerb-archiv.wir-tun-was-fuer-bienen.de\/archiv-2021\/wp-content\/uploads\/sites\/3\/2021\/06\/Ein-Nektarfest-fuer-unsere-Bienen_2-150x150.jpg\" class=\"attachment-thumbnail size-thumbnail\" alt=\"\" loading=\"lazy\" \/><\/a><\/span><span><a href=\"https:\/\/wettbewerb-archiv.wir-tun-was-fuer-bienen.de\/archiv-2021\/eintrag\/zum-bundesweiten-pflanzwettbewerb-privatgarten\/\"><img decoding=\"async\" width=\"150\" height=\"150\" src=\"https:\/\/wettbewerb-archiv.wir-tun-was-fuer-bienen.de\/archiv-2021\/wp-content\/uploads\/sites\/3\/2021\/06\/Unser-Bienenhotel-150x150.jpg\" class=\"attachment-thumbnail size-thumbnail\" alt=\"\" loading=\"lazy\" \/><\/a><\/span><span><a href=\"https:\/\/wettbewerb-archiv.wir-tun-was-fuer-bienen.de\/archiv-2021\/eintrag\/zum-bundesweiten-pflanzwettbewerb-privatgarten\/\"><img decoding=\"async\" width=\"150\" height=\"150\" src=\"https:\/\/wettbewerb-archiv.wir-tun-was-fuer-bienen.de\/archiv-2021\/wp-content\/uploads\/sites\/3\/2021\/06\/Nektar_1-150x150.jpg\" class=\"attachment-thumbnail size-thumbnail\" alt=\"\" loading=\"lazy\" \/><\/a><\/span><span><a href=\"https:\/\/wettbewerb-archiv.wir-tun-was-fuer-bienen.de\/archiv-2021\/eintrag\/zum-bundesweiten-pflanzwettbewerb-privatgarten\/\"><img decoding=\"async\" width=\"150\" height=\"150\" src=\"https:\/\/wettbewerb-archiv.wir-tun-was-fuer-bienen.de\/archiv-2021\/wp-content\/uploads\/sites\/3\/2021\/06\/Kornblumen-150x150.jpg\" class=\"attachment-thumbnail size-thumbnail\" alt=\"\" loading=\"lazy\" \/><\/a><\/span><\/div>\n\n    <div class=\"user flex\">\n        \n                    <img decoding=\"async\" src=\"https:\/\/wettbewerb-archiv.wir-tun-was-fuer-bienen.de\/archiv-2021\/wp-content\/themes\/bienen\/assets\/images\/avatar-placeholder.png\" style=\"border-radius: 30px;\" height=\"30\" width=\"30\">\n            easymarkt3            <\/div>\n    \n    \n            <p class=\"categories meta\" style=\"width: 100%\"><span class=\"fa fa-tag\"\n                                                             aria-hidden=\"true\"><\/span> Privatg\u00e4rten und G\u00e4rten von Mietwohnungen (gr\u00f6\u00dfer als 500 Quadratmeter)        <\/p>\n    \n            <p class=\"categories meta\" style=\"width: 100%\"><span class=\"fa fa-map-marker\"\n                                                             aria-hidden=\"true\"><\/span> Nordrhein-Westfalen        <\/p>\n    \n<\/article>\n   \n\t\t\n          <article id=\"post-44844\" class=\"et_pb_post post-44844 wtwfb_entry type-wtwfb_entry status-publish has-post-thumbnail hentry wtwfb_category-balkone-terrassen-dachbegruenung-vertikale-gaerten wtwfb_region-berlin\">\n    <h2 class=\"entry-title\"><a href=\"https:\/\/wettbewerb-archiv.wir-tun-was-fuer-bienen.de\/archiv-2021\/eintrag\/oekolution-oekobalkon-berlin-wedding\/\">\u00d6kolution &#8211; \u00d6kobalkon Berlin Wedding<\/a>\n    <\/h2>\n    <a href=\"https:\/\/wettbewerb-archiv.wir-tun-was-fuer-bienen.de\/archiv-2021\/eintrag\/oekolution-oekobalkon-berlin-wedding\/\">\n        <div class=\"bienen-entry-image\">\n            <img decoding=\"async\" width=\"400\" height=\"300\" src=\"https:\/\/wettbewerb-archiv.wir-tun-was-fuer-bienen.de\/archiv-2021\/wp-content\/uploads\/sites\/3\/2021\/06\/WhatsApp-Image-2021-05-27-at-12.24.16-400x300.jpeg\" class=\"attachment-bienen-grid-thumb size-bienen-grid-thumb wp-post-image\" alt=\"\" loading=\"lazy\" \/>                    <\/div>\n    <\/a>\n\n    <div class=\"images-grid\"><span><a href=\"https:\/\/wettbewerb-archiv.wir-tun-was-fuer-bienen.de\/archiv-2021\/eintrag\/oekolution-oekobalkon-berlin-wedding\/\"><img decoding=\"async\" width=\"150\" height=\"150\" src=\"https:\/\/wettbewerb-archiv.wir-tun-was-fuer-bienen.de\/archiv-2021\/wp-content\/uploads\/sites\/3\/2021\/06\/P6251485-150x150.jpg\" class=\"attachment-thumbnail size-thumbnail\" alt=\"\" loading=\"lazy\" \/><\/a><\/span><span><a href=\"https:\/\/wettbewerb-archiv.wir-tun-was-fuer-bienen.de\/archiv-2021\/eintrag\/oekolution-oekobalkon-berlin-wedding\/\"><img decoding=\"async\" width=\"150\" height=\"150\" src=\"https:\/\/wettbewerb-archiv.wir-tun-was-fuer-bienen.de\/archiv-2021\/wp-content\/uploads\/sites\/3\/2021\/06\/P7211506-150x150.jpg\" class=\"attachment-thumbnail size-thumbnail\" alt=\"\" loading=\"lazy\" \/><\/a><\/span><span><a href=\"https:\/\/wettbewerb-archiv.wir-tun-was-fuer-bienen.de\/archiv-2021\/eintrag\/oekolution-oekobalkon-berlin-wedding\/\"><img decoding=\"async\" width=\"150\" height=\"150\" src=\"https:\/\/wettbewerb-archiv.wir-tun-was-fuer-bienen.de\/archiv-2021\/wp-content\/uploads\/sites\/3\/2021\/06\/WhatsApp-Image-2021-05-27-at-12.24.13-150x150.jpeg\" class=\"attachment-thumbnail size-thumbnail\" alt=\"\" loading=\"lazy\" \/><\/a><\/span><span><a href=\"https:\/\/wettbewerb-archiv.wir-tun-was-fuer-bienen.de\/archiv-2021\/eintrag\/oekolution-oekobalkon-berlin-wedding\/\"><img decoding=\"async\" width=\"150\" height=\"150\" src=\"https:\/\/wettbewerb-archiv.wir-tun-was-fuer-bienen.de\/archiv-2021\/wp-content\/uploads\/sites\/3\/2021\/06\/WhatsApp-Image-2021-05-27-at-12.24.13-1-150x150.jpeg\" class=\"attachment-thumbnail size-thumbnail\" alt=\"\" loading=\"lazy\" \/><\/a><\/span><\/div>\n\n    <div class=\"user flex\">\n        \n                    <img decoding=\"async\" src=\"https:\/\/wettbewerb-archiv.wir-tun-was-fuer-bienen.de\/archiv-2021\/wp-content\/themes\/bienen\/assets\/images\/avatar-placeholder.png\" style=\"border-radius: 30px;\" height=\"30\" width=\"30\">\n            \u00d6kolution            <\/div>\n    \n    \n            <p class=\"categories meta\" style=\"width: 100%\"><span class=\"fa fa-tag\"\n                                                             aria-hidden=\"true\"><\/span> Balkone, Terrassen, Dachbegr\u00fcnung, vertikale G\u00e4rten        <\/p>\n    \n            <p class=\"categories meta\" style=\"width: 100%\"><span class=\"fa fa-map-marker\"\n                                                             aria-hidden=\"true\"><\/span> Berlin        <\/p>\n    \n<\/article>\n   \n\t\t\n          <article id=\"post-44819\" class=\"et_pb_post post-44819 wtwfb_entry type-wtwfb_entry status-publish has-post-thumbnail hentry wtwfb_category-kleingartenwesen-parzellen-und-gemeinschaftsgaerten wtwfb_region-baden-wuerttemberg\">\n    <h2 class=\"entry-title\"><a href=\"https:\/\/wettbewerb-archiv.wir-tun-was-fuer-bienen.de\/archiv-2021\/eintrag\/pandemie-als-chance-sehen-und-nutzen-die-gartenfreunde-dettingen-unter-teck-e-v\/\">Pandemie als Chance sehen und nutzen &#8211; Die Garten...<\/a>\n    <\/h2>\n    <a href=\"https:\/\/wettbewerb-archiv.wir-tun-was-fuer-bienen.de\/archiv-2021\/eintrag\/pandemie-als-chance-sehen-und-nutzen-die-gartenfreunde-dettingen-unter-teck-e-v\/\">\n        <div class=\"bienen-entry-image\">\n            <img decoding=\"async\" width=\"400\" height=\"300\" src=\"https:\/\/wettbewerb-archiv.wir-tun-was-fuer-bienen.de\/archiv-2021\/wp-content\/uploads\/sites\/3\/2021\/06\/m-400x300.jpg\" class=\"attachment-bienen-grid-thumb size-bienen-grid-thumb wp-post-image\" alt=\"\" loading=\"lazy\" \/>                    <\/div>\n    <\/a>\n\n    <div class=\"images-grid\"><span><a href=\"https:\/\/wettbewerb-archiv.wir-tun-was-fuer-bienen.de\/archiv-2021\/eintrag\/pandemie-als-chance-sehen-und-nutzen-die-gartenfreunde-dettingen-unter-teck-e-v\/\"><img decoding=\"async\" width=\"150\" height=\"150\" src=\"https:\/\/wettbewerb-archiv.wir-tun-was-fuer-bienen.de\/archiv-2021\/wp-content\/uploads\/sites\/3\/2021\/06\/3-150x150.jpg\" class=\"attachment-thumbnail size-thumbnail\" alt=\"\" loading=\"lazy\" \/><\/a><\/span><span><a href=\"https:\/\/wettbewerb-archiv.wir-tun-was-fuer-bienen.de\/archiv-2021\/eintrag\/pandemie-als-chance-sehen-und-nutzen-die-gartenfreunde-dettingen-unter-teck-e-v\/\"><img decoding=\"async\" width=\"150\" height=\"150\" src=\"https:\/\/wettbewerb-archiv.wir-tun-was-fuer-bienen.de\/archiv-2021\/wp-content\/uploads\/sites\/3\/2021\/06\/2-150x150.jpg\" class=\"attachment-thumbnail size-thumbnail\" alt=\"\" loading=\"lazy\" \/><\/a><\/span><span><a href=\"https:\/\/wettbewerb-archiv.wir-tun-was-fuer-bienen.de\/archiv-2021\/eintrag\/pandemie-als-chance-sehen-und-nutzen-die-gartenfreunde-dettingen-unter-teck-e-v\/\"><img decoding=\"async\" width=\"150\" height=\"150\" src=\"https:\/\/wettbewerb-archiv.wir-tun-was-fuer-bienen.de\/archiv-2021\/wp-content\/uploads\/sites\/3\/2021\/06\/1-150x150.jpg\" class=\"attachment-thumbnail size-thumbnail\" alt=\"\" loading=\"lazy\" \/><\/a><\/span><span><a href=\"https:\/\/wettbewerb-archiv.wir-tun-was-fuer-bienen.de\/archiv-2021\/eintrag\/pandemie-als-chance-sehen-und-nutzen-die-gartenfreunde-dettingen-unter-teck-e-v\/\"><img decoding=\"async\" width=\"150\" height=\"150\" src=\"https:\/\/wettbewerb-archiv.wir-tun-was-fuer-bienen.de\/archiv-2021\/wp-content\/uploads\/sites\/3\/2021\/06\/6-150x150.jpg\" class=\"attachment-thumbnail size-thumbnail\" alt=\"\" loading=\"lazy\" \/><\/a><\/span><\/div>\n\n    <div class=\"user flex\">\n        \n                    <img decoding=\"async\" src=\"https:\/\/wettbewerb-archiv.wir-tun-was-fuer-bienen.de\/archiv-2021\/wp-content\/themes\/bienen\/assets\/images\/avatar-placeholder.png\" style=\"border-radius: 30px;\" height=\"30\" width=\"30\">\n            odiez            <\/div>\n    \n    <p class=\"categories meta bienen-gewinner\"><span class=\"fa fa-trophy\"                                                              aria-hidden=\"true\"><\/span> Gewinner<\/p>\n            <p class=\"categories meta\" style=\"width: 100%\"><span class=\"fa fa-tag\"\n                                                             aria-hidden=\"true\"><\/span> Kleingartenwesen: Parzellen und Gemeinschaftsg\u00e4rten        <\/p>\n    \n            <p class=\"categories meta\" style=\"width: 100%\"><span class=\"fa fa-map-marker\"\n                                                             aria-hidden=\"true\"><\/span> Baden-W\u00fcrttemberg        <\/p>\n    \n<\/article>\n   \n\t\t\n          <article id=\"post-44754\" class=\"et_pb_post post-44754 wtwfb_entry type-wtwfb_entry status-publish has-post-thumbnail hentry wtwfb_category-firmen-institutions-und-vereinsgaerten wtwfb_region-nordrhein-westfalen\">\n    <h2 class=\"entry-title\"><a href=\"https:\/\/wettbewerb-archiv.wir-tun-was-fuer-bienen.de\/archiv-2021\/eintrag\/beepart-das-nachhaltige-familien-bluehwiesenprojekt\/\">beepart &#8211; das nachhaltige Familien Bl\u00fchwiesenprojekt<\/a>\n    <\/h2>\n    <a href=\"https:\/\/wettbewerb-archiv.wir-tun-was-fuer-bienen.de\/archiv-2021\/eintrag\/beepart-das-nachhaltige-familien-bluehwiesenprojekt\/\">\n        <div class=\"bienen-entry-image\">\n            <img decoding=\"async\" width=\"400\" height=\"300\" src=\"https:\/\/wettbewerb-archiv.wir-tun-was-fuer-bienen.de\/archiv-2021\/wp-content\/uploads\/sites\/3\/2021\/06\/beepart8-400x300.jpg\" class=\"attachment-bienen-grid-thumb size-bienen-grid-thumb wp-post-image\" alt=\"\" loading=\"lazy\" \/>                    <\/div>\n    <\/a>\n\n    <div class=\"images-grid\"><span><a href=\"https:\/\/wettbewerb-archiv.wir-tun-was-fuer-bienen.de\/archiv-2021\/eintrag\/beepart-das-nachhaltige-familien-bluehwiesenprojekt\/\"><img decoding=\"async\" width=\"150\" height=\"150\" src=\"https:\/\/wettbewerb-archiv.wir-tun-was-fuer-bienen.de\/archiv-2021\/wp-content\/uploads\/sites\/3\/2021\/06\/Handarbeit-150x150.jpg\" class=\"attachment-thumbnail size-thumbnail\" alt=\"\" loading=\"lazy\" \/><\/a><\/span><span><a href=\"https:\/\/wettbewerb-archiv.wir-tun-was-fuer-bienen.de\/archiv-2021\/eintrag\/beepart-das-nachhaltige-familien-bluehwiesenprojekt\/\"><img decoding=\"async\" width=\"150\" height=\"150\" src=\"https:\/\/wettbewerb-archiv.wir-tun-was-fuer-bienen.de\/archiv-2021\/wp-content\/uploads\/sites\/3\/2021\/06\/JungsSonnenblumen1-150x150.jpg\" class=\"attachment-thumbnail size-thumbnail\" alt=\"\" loading=\"lazy\" \/><\/a><\/span><span><a href=\"https:\/\/wettbewerb-archiv.wir-tun-was-fuer-bienen.de\/archiv-2021\/eintrag\/beepart-das-nachhaltige-familien-bluehwiesenprojekt\/\"><img decoding=\"async\" width=\"150\" height=\"150\" src=\"https:\/\/wettbewerb-archiv.wir-tun-was-fuer-bienen.de\/archiv-2021\/wp-content\/uploads\/sites\/3\/2021\/06\/JungsSonnenblumen3-150x150.jpg\" class=\"attachment-thumbnail size-thumbnail\" alt=\"\" loading=\"lazy\" \/><\/a><\/span><span><a href=\"https:\/\/wettbewerb-archiv.wir-tun-was-fuer-bienen.de\/archiv-2021\/eintrag\/beepart-das-nachhaltige-familien-bluehwiesenprojekt\/\"><img decoding=\"async\" width=\"150\" height=\"150\" src=\"https:\/\/wettbewerb-archiv.wir-tun-was-fuer-bienen.de\/archiv-2021\/wp-content\/uploads\/sites\/3\/2021\/06\/TeichaufHofwiese-150x150.jpg\" class=\"attachment-thumbnail size-thumbnail\" alt=\"\" loading=\"lazy\" \/><\/a><\/span><\/div>\n\n    <div class=\"user flex\">\n        \n                    <img decoding=\"async\" src=\"https:\/\/wettbewerb-archiv.wir-tun-was-fuer-bienen.de\/archiv-2021\/wp-content\/themes\/bienen\/assets\/images\/avatar-placeholder.png\" style=\"border-radius: 30px;\" height=\"30\" width=\"30\">\n            beepart - Uli & Angelika Brinckmann            <\/div>\n    \n    <p class=\"categories meta bienen-gewinner\"><span class=\"fa fa-trophy\"                                                              aria-hidden=\"true\"><\/span> Gewinner<\/p>\n            <p class=\"categories meta\" style=\"width: 100%\"><span class=\"fa fa-tag\"\n                                                             aria-hidden=\"true\"><\/span> Firmen-, Institutions- und Vereinsg\u00e4rten        <\/p>\n    \n            <p class=\"categories meta\" style=\"width: 100%\"><span class=\"fa fa-map-marker\"\n                                                             aria-hidden=\"true\"><\/span> Nordrhein-Westfalen        <\/p>\n    \n<\/article>\n   \n\t\t\n          <article id=\"post-44708\" class=\"et_pb_post post-44708 wtwfb_entry type-wtwfb_entry status-publish has-post-thumbnail hentry wtwfb_category-kita-und-kindergartengaerten wtwfb_region-berlin\">\n    <h2 class=\"entry-title\"><a href=\"https:\/\/wettbewerb-archiv.wir-tun-was-fuer-bienen.de\/archiv-2021\/eintrag\/klax-kita-wirbelwind-projektthema-protect-the-bee\/\">Klax Kita Wirbelwind &#8211; Projektthema \u201ePROTECT th...<\/a>\n    <\/h2>\n    <a href=\"https:\/\/wettbewerb-archiv.wir-tun-was-fuer-bienen.de\/archiv-2021\/eintrag\/klax-kita-wirbelwind-projektthema-protect-the-bee\/\">\n        <div class=\"bienen-entry-image\">\n            <img decoding=\"async\" width=\"400\" height=\"300\" src=\"https:\/\/wettbewerb-archiv.wir-tun-was-fuer-bienen.de\/archiv-2021\/wp-content\/uploads\/sites\/3\/2021\/06\/A5171576-1575-4DE5-9844-72D256A8A5EE-400x300.jpeg\" class=\"attachment-bienen-grid-thumb size-bienen-grid-thumb wp-post-image\" alt=\"\" loading=\"lazy\" \/>                    <\/div>\n    <\/a>\n\n    <div class=\"images-grid\"><span><a href=\"https:\/\/wettbewerb-archiv.wir-tun-was-fuer-bienen.de\/archiv-2021\/eintrag\/klax-kita-wirbelwind-projektthema-protect-the-bee\/\"><img decoding=\"async\" width=\"150\" height=\"150\" src=\"https:\/\/wettbewerb-archiv.wir-tun-was-fuer-bienen.de\/archiv-2021\/wp-content\/uploads\/sites\/3\/2021\/06\/AB4D8180-E95D-440A-B657-A03FA2C8BB13-150x150.jpeg\" class=\"attachment-thumbnail size-thumbnail\" alt=\"\" loading=\"lazy\" \/><\/a><\/span><span><a href=\"https:\/\/wettbewerb-archiv.wir-tun-was-fuer-bienen.de\/archiv-2021\/eintrag\/klax-kita-wirbelwind-projektthema-protect-the-bee\/\"><img decoding=\"async\" width=\"150\" height=\"150\" src=\"https:\/\/wettbewerb-archiv.wir-tun-was-fuer-bienen.de\/archiv-2021\/wp-content\/uploads\/sites\/3\/2021\/06\/4AD4CE70-8593-4260-B951-02DE45B2658B-150x150.jpeg\" class=\"attachment-thumbnail size-thumbnail\" alt=\"\" loading=\"lazy\" \/><\/a><\/span><span><a href=\"https:\/\/wettbewerb-archiv.wir-tun-was-fuer-bienen.de\/archiv-2021\/eintrag\/klax-kita-wirbelwind-projektthema-protect-the-bee\/\"><img decoding=\"async\" width=\"150\" height=\"150\" src=\"https:\/\/wettbewerb-archiv.wir-tun-was-fuer-bienen.de\/archiv-2021\/wp-content\/uploads\/sites\/3\/2021\/06\/2FF80BBC-A709-4267-809A-A08099D75207-150x150.jpeg\" class=\"attachment-thumbnail size-thumbnail\" alt=\"\" loading=\"lazy\" \/><\/a><\/span><span><a href=\"https:\/\/wettbewerb-archiv.wir-tun-was-fuer-bienen.de\/archiv-2021\/eintrag\/klax-kita-wirbelwind-projektthema-protect-the-bee\/\"><img decoding=\"async\" width=\"150\" height=\"150\" src=\"https:\/\/wettbewerb-archiv.wir-tun-was-fuer-bienen.de\/archiv-2021\/wp-content\/uploads\/sites\/3\/2021\/06\/468E0EFC-FC2A-4966-9EE2-A256D59F3529-150x150.jpeg\" class=\"attachment-thumbnail size-thumbnail\" alt=\"\" loading=\"lazy\" \/><\/a><\/span><\/div>\n\n    <div class=\"user flex\">\n        \n                    <img decoding=\"async\" src=\"https:\/\/wettbewerb-archiv.wir-tun-was-fuer-bienen.de\/archiv-2021\/wp-content\/themes\/bienen\/assets\/images\/avatar-placeholder.png\" style=\"border-radius: 30px;\" height=\"30\" width=\"30\">\n            KLAX Kita Wirbelwind            <\/div>\n    \n    \n            <p class=\"categories meta\" style=\"width: 100%\"><span class=\"fa fa-tag\"\n                                                             aria-hidden=\"true\"><\/span> Kita- und Kindergarteng\u00e4rten        <\/p>\n    \n            <p class=\"categories meta\" style=\"width: 100%\"><span class=\"fa fa-map-marker\"\n                                                             aria-hidden=\"true\"><\/span> Berlin        <\/p>\n    \n<\/article>\n   \n\t\t\n          <article id=\"post-44647\" class=\"et_pb_post post-44647 wtwfb_entry type-wtwfb_entry status-publish has-post-thumbnail hentry wtwfb_category-balkone-terrassen-dachbegruenung-vertikale-gaerten wtwfb_region-bayern\">\n    <h2 class=\"entry-title\"><a href=\"https:\/\/wettbewerb-archiv.wir-tun-was-fuer-bienen.de\/archiv-2021\/eintrag\/es-brumm-brumm-wird-summ-summ\/\">Aus brumm brumm wird summ summ<\/a>\n    <\/h2>\n    <a href=\"https:\/\/wettbewerb-archiv.wir-tun-was-fuer-bienen.de\/archiv-2021\/eintrag\/es-brumm-brumm-wird-summ-summ\/\">\n        <div class=\"bienen-entry-image\">\n            <img decoding=\"async\" width=\"400\" height=\"300\" src=\"https:\/\/wettbewerb-archiv.wir-tun-was-fuer-bienen.de\/archiv-2021\/wp-content\/uploads\/sites\/3\/2021\/06\/6512EE23-0A4D-4046-A4FE-3C69D6E28C11-400x300.jpeg\" class=\"attachment-bienen-grid-thumb size-bienen-grid-thumb wp-post-image\" alt=\"\" loading=\"lazy\" \/>                    <\/div>\n    <\/a>\n\n    <div class=\"images-grid\"><span><a href=\"https:\/\/wettbewerb-archiv.wir-tun-was-fuer-bienen.de\/archiv-2021\/eintrag\/es-brumm-brumm-wird-summ-summ\/\"><img decoding=\"async\" width=\"150\" height=\"150\" src=\"https:\/\/wettbewerb-archiv.wir-tun-was-fuer-bienen.de\/archiv-2021\/wp-content\/uploads\/sites\/3\/2021\/06\/603FF584-A8EA-47FC-8A25-846AEC2E88FA-150x150.jpeg\" class=\"attachment-thumbnail size-thumbnail\" alt=\"\" loading=\"lazy\" \/><\/a><\/span><span><a href=\"https:\/\/wettbewerb-archiv.wir-tun-was-fuer-bienen.de\/archiv-2021\/eintrag\/es-brumm-brumm-wird-summ-summ\/\"><img decoding=\"async\" width=\"150\" height=\"150\" src=\"https:\/\/wettbewerb-archiv.wir-tun-was-fuer-bienen.de\/archiv-2021\/wp-content\/uploads\/sites\/3\/2021\/06\/2E87AC93-4CD9-4C15-A183-8BC9D2382AC2-150x150.jpeg\" class=\"attachment-thumbnail size-thumbnail\" alt=\"\" loading=\"lazy\" \/><\/a><\/span><span><a href=\"https:\/\/wettbewerb-archiv.wir-tun-was-fuer-bienen.de\/archiv-2021\/eintrag\/es-brumm-brumm-wird-summ-summ\/\"><img decoding=\"async\" width=\"150\" height=\"150\" src=\"https:\/\/wettbewerb-archiv.wir-tun-was-fuer-bienen.de\/archiv-2021\/wp-content\/uploads\/sites\/3\/2021\/06\/80921121-2BEA-4DEF-8F94-019B6AC5DF65-150x150.jpeg\" class=\"attachment-thumbnail size-thumbnail\" alt=\"\" loading=\"lazy\" \/><\/a><\/span><span><a href=\"https:\/\/wettbewerb-archiv.wir-tun-was-fuer-bienen.de\/archiv-2021\/eintrag\/es-brumm-brumm-wird-summ-summ\/\"><img decoding=\"async\" width=\"150\" height=\"150\" src=\"https:\/\/wettbewerb-archiv.wir-tun-was-fuer-bienen.de\/archiv-2021\/wp-content\/uploads\/sites\/3\/2021\/06\/995B6AD4-2006-410B-A135-C2A681C3F00C-150x150.jpeg\" class=\"attachment-thumbnail size-thumbnail\" alt=\"\" loading=\"lazy\" \/><\/a><\/span><\/div>\n\n    <div class=\"user flex\">\n        \n                    <img decoding=\"async\" src=\"https:\/\/wettbewerb-archiv.wir-tun-was-fuer-bienen.de\/archiv-2021\/wp-content\/themes\/bienen\/assets\/images\/avatar-placeholder.png\" style=\"border-radius: 30px;\" height=\"30\" width=\"30\">\n            Petra            <\/div>\n    \n    \n            <p class=\"categories meta\" style=\"width: 100%\"><span class=\"fa fa-tag\"\n                                                             aria-hidden=\"true\"><\/span> Balkone, Terrassen, Dachbegr\u00fcnung, vertikale G\u00e4rten        <\/p>\n    \n            <p class=\"categories meta\" style=\"width: 100%\"><span class=\"fa fa-map-marker\"\n                                                             aria-hidden=\"true\"><\/span> Bayern        <\/p>\n    \n<\/article>\n   \n\t\t\n          <article id=\"post-44557\" class=\"et_pb_post post-44557 wtwfb_entry type-wtwfb_entry status-publish has-post-thumbnail hentry wtwfb_category-kita-und-kindergartengaerten wtwfb_region-sachsen\">\n    <h2 class=\"entry-title\"><a href=\"https:\/\/wettbewerb-archiv.wir-tun-was-fuer-bienen.de\/archiv-2021\/eintrag\/bienensummen-in-der-kita-pfiffikus-in-plauen\/\">Bienensummen in der Kita Pfiffikus in Plauen<\/a>\n    <\/h2>\n    <a href=\"https:\/\/wettbewerb-archiv.wir-tun-was-fuer-bienen.de\/archiv-2021\/eintrag\/bienensummen-in-der-kita-pfiffikus-in-plauen\/\">\n        <div class=\"bienen-entry-image\">\n            <img decoding=\"async\" width=\"400\" height=\"300\" src=\"https:\/\/wettbewerb-archiv.wir-tun-was-fuer-bienen.de\/archiv-2021\/wp-content\/uploads\/sites\/3\/2021\/05\/20200806_124337-400x300.jpg\" class=\"attachment-bienen-grid-thumb size-bienen-grid-thumb wp-post-image\" alt=\"\" loading=\"lazy\" \/>                    <\/div>\n    <\/a>\n\n    <div class=\"images-grid\"><span><a href=\"https:\/\/wettbewerb-archiv.wir-tun-was-fuer-bienen.de\/archiv-2021\/eintrag\/bienensummen-in-der-kita-pfiffikus-in-plauen\/\"><img decoding=\"async\" width=\"150\" height=\"150\" src=\"https:\/\/wettbewerb-archiv.wir-tun-was-fuer-bienen.de\/archiv-2021\/wp-content\/uploads\/sites\/3\/2021\/05\/IMG-20200406-WA0016-150x150.jpg\" class=\"attachment-thumbnail size-thumbnail\" alt=\"\" loading=\"lazy\" \/><\/a><\/span><span><a href=\"https:\/\/wettbewerb-archiv.wir-tun-was-fuer-bienen.de\/archiv-2021\/eintrag\/bienensummen-in-der-kita-pfiffikus-in-plauen\/\"><img decoding=\"async\" width=\"150\" height=\"150\" src=\"https:\/\/wettbewerb-archiv.wir-tun-was-fuer-bienen.de\/archiv-2021\/wp-content\/uploads\/sites\/3\/2021\/05\/20210323_114042-150x150.jpg\" class=\"attachment-thumbnail size-thumbnail\" alt=\"\" loading=\"lazy\" \/><\/a><\/span><span><a href=\"https:\/\/wettbewerb-archiv.wir-tun-was-fuer-bienen.de\/archiv-2021\/eintrag\/bienensummen-in-der-kita-pfiffikus-in-plauen\/\"><img decoding=\"async\" width=\"150\" height=\"150\" src=\"https:\/\/wettbewerb-archiv.wir-tun-was-fuer-bienen.de\/archiv-2021\/wp-content\/uploads\/sites\/3\/2021\/05\/20200424_125804-150x150.jpg\" class=\"attachment-thumbnail size-thumbnail\" alt=\"\" loading=\"lazy\" \/><\/a><\/span><span><a href=\"https:\/\/wettbewerb-archiv.wir-tun-was-fuer-bienen.de\/archiv-2021\/eintrag\/bienensummen-in-der-kita-pfiffikus-in-plauen\/\"><img decoding=\"async\" width=\"150\" height=\"150\" src=\"https:\/\/wettbewerb-archiv.wir-tun-was-fuer-bienen.de\/archiv-2021\/wp-content\/uploads\/sites\/3\/2021\/05\/IMG-20200406-WA0019-150x150.jpg\" class=\"attachment-thumbnail size-thumbnail\" alt=\"\" loading=\"lazy\" \/><\/a><\/span><\/div>\n\n    <div class=\"user flex\">\n        \n                    <img decoding=\"async\" src=\"https:\/\/wettbewerb-archiv.wir-tun-was-fuer-bienen.de\/archiv-2021\/wp-content\/themes\/bienen\/assets\/images\/avatar-placeholder.png\" style=\"border-radius: 30px;\" height=\"30\" width=\"30\">\n            Kita Pfiffikus, Hegelstra\u00dfe 2, 08527 Plauen            <\/div>\n            <p class=\"categories meta\" style=\"color: #c32731; font-weight: bold; width: 100%\"><span class=\"fa fa-music\"\n                                                                                                aria-hidden=\"true\"><\/span> Extrapreis Musik\n            f\u00fcr Bienenschutz\n        <\/p>\n    \n    \n            <p class=\"categories meta\" style=\"width: 100%\"><span class=\"fa fa-tag\"\n                                                             aria-hidden=\"true\"><\/span> Kita- und Kindergarteng\u00e4rten        <\/p>\n    \n            <p class=\"categories meta\" style=\"width: 100%\"><span class=\"fa fa-map-marker\"\n                                                             aria-hidden=\"true\"><\/span> Sachsen        <\/p>\n    \n<\/article>\n   \n\t\t\n          <article id=\"post-44521\" class=\"et_pb_post post-44521 wtwfb_entry type-wtwfb_entry status-publish has-post-thumbnail hentry wtwfb_category-privatgaerten-und-gaerten-von-mietwohnungen-kleiner-500-quadratmeter wtwfb_region-sachsen-anhalt\">\n    <h2 class=\"entry-title\"><a href=\"https:\/\/wettbewerb-archiv.wir-tun-was-fuer-bienen.de\/archiv-2021\/eintrag\/wir-tun-was-fuer-bienen-im-rosengarten\/\">Wir tun was f\u00fcr Bienen im Rosengarten!<\/a>\n    <\/h2>\n    <a href=\"https:\/\/wettbewerb-archiv.wir-tun-was-fuer-bienen.de\/archiv-2021\/eintrag\/wir-tun-was-fuer-bienen-im-rosengarten\/\">\n        <div class=\"bienen-entry-image\">\n            <img decoding=\"async\" width=\"400\" height=\"300\" src=\"https:\/\/wettbewerb-archiv.wir-tun-was-fuer-bienen.de\/archiv-2021\/wp-content\/uploads\/sites\/3\/2021\/05\/P1030169-400x300.jpg\" class=\"attachment-bienen-grid-thumb size-bienen-grid-thumb wp-post-image\" alt=\"\" loading=\"lazy\" \/>                    <\/div>\n    <\/a>\n\n    <div class=\"images-grid\"><span><a href=\"https:\/\/wettbewerb-archiv.wir-tun-was-fuer-bienen.de\/archiv-2021\/eintrag\/wir-tun-was-fuer-bienen-im-rosengarten\/\"><img decoding=\"async\" width=\"150\" height=\"150\" src=\"https:\/\/wettbewerb-archiv.wir-tun-was-fuer-bienen.de\/archiv-2021\/wp-content\/uploads\/sites\/3\/2021\/05\/Aktion-1-150x150.jpg\" class=\"attachment-thumbnail size-thumbnail\" alt=\"\" loading=\"lazy\" \/><\/a><\/span><span><a href=\"https:\/\/wettbewerb-archiv.wir-tun-was-fuer-bienen.de\/archiv-2021\/eintrag\/wir-tun-was-fuer-bienen-im-rosengarten\/\"><img decoding=\"async\" width=\"150\" height=\"150\" src=\"https:\/\/wettbewerb-archiv.wir-tun-was-fuer-bienen.de\/archiv-2021\/wp-content\/uploads\/sites\/3\/2021\/05\/Aktion-2-150x150.jpg\" class=\"attachment-thumbnail size-thumbnail\" alt=\"\" loading=\"lazy\" \/><\/a><\/span><span><a href=\"https:\/\/wettbewerb-archiv.wir-tun-was-fuer-bienen.de\/archiv-2021\/eintrag\/wir-tun-was-fuer-bienen-im-rosengarten\/\"><img decoding=\"async\" width=\"150\" height=\"150\" src=\"https:\/\/wettbewerb-archiv.wir-tun-was-fuer-bienen.de\/archiv-2021\/wp-content\/uploads\/sites\/3\/2021\/06\/Artikel-Wir-tun-was-fuer-Bienen-im-Rosengarten_MZ-31.05.2021-150x150.jpg\" class=\"attachment-thumbnail size-thumbnail\" alt=\"\" loading=\"lazy\" \/><\/a><\/span><\/div>\n\n    <div class=\"user flex\">\n        \n                    <img decoding=\"async\" src=\"https:\/\/wettbewerb-archiv.wir-tun-was-fuer-bienen.de\/archiv-2021\/wp-content\/themes\/bienen\/assets\/images\/avatar-placeholder.png\" style=\"border-radius: 30px;\" height=\"30\" width=\"30\">\n            Bund f\u00fcr Umwelt und Naturschutz in Quedlinburg            <\/div>\n    \n    <p class=\"categories meta bienen-gewinner\"><span class=\"fa fa-trophy\"                                                              aria-hidden=\"true\"><\/span> Gewinner<\/p>\n            <p class=\"categories meta\" style=\"width: 100%\"><span class=\"fa fa-tag\"\n                                                             aria-hidden=\"true\"><\/span> Privatg\u00e4rten und G\u00e4rten von Mietwohnungen (kleiner als 500 Quadratmeter)        <\/p>\n    \n            <p class=\"categories meta\" style=\"width: 100%\"><span class=\"fa fa-map-marker\"\n                                                             aria-hidden=\"true\"><\/span> Sachsen-Anhalt        <\/p>\n    \n<\/article>\n   \n\t\t\n          <article id=\"post-44430\" class=\"et_pb_post post-44430 wtwfb_entry type-wtwfb_entry status-publish has-post-thumbnail hentry wtwfb_category-privatgaerten-und-gaerten-von-mietwohnungen-groesser-500-quadratmeter wtwfb_region-bayern\">\n    <h2 class=\"entry-title\"><a href=\"https:\/\/wettbewerb-archiv.wir-tun-was-fuer-bienen.de\/archiv-2021\/eintrag\/der-anfang-ein-garten-entsteht\/\">Der Anfang, ein Garten entsteht<\/a>\n    <\/h2>\n    <a href=\"https:\/\/wettbewerb-archiv.wir-tun-was-fuer-bienen.de\/archiv-2021\/eintrag\/der-anfang-ein-garten-entsteht\/\">\n        <div class=\"bienen-entry-image\">\n            <img decoding=\"async\" width=\"400\" height=\"300\" src=\"https:\/\/wettbewerb-archiv.wir-tun-was-fuer-bienen.de\/archiv-2021\/wp-content\/uploads\/sites\/3\/2021\/05\/20210522_082208-400x300.jpg\" class=\"attachment-bienen-grid-thumb size-bienen-grid-thumb wp-post-image\" alt=\"\" loading=\"lazy\" \/>                    <\/div>\n    <\/a>\n\n    <div class=\"images-grid\"><\/div>\n\n    <div class=\"user flex\">\n        \n                    <img decoding=\"async\" src=\"https:\/\/wettbewerb-archiv.wir-tun-was-fuer-bienen.de\/archiv-2021\/wp-content\/themes\/bienen\/assets\/images\/avatar-placeholder.png\" style=\"border-radius: 30px;\" height=\"30\" width=\"30\">\n            Claudia Cicek            <\/div>\n    \n    \n            <p class=\"categories meta\" style=\"width: 100%\"><span class=\"fa fa-tag\"\n                                                             aria-hidden=\"true\"><\/span> Privatg\u00e4rten und G\u00e4rten von Mietwohnungen (gr\u00f6\u00dfer als 500 Quadratmeter)        <\/p>\n    \n            <p class=\"categories meta\" style=\"width: 100%\"><span class=\"fa fa-map-marker\"\n                                                             aria-hidden=\"true\"><\/span> Bayern        <\/p>\n    \n<\/article>\n   \n\t\t\n          <article id=\"post-44412\" class=\"et_pb_post post-44412 wtwfb_entry type-wtwfb_entry status-publish has-post-thumbnail hentry wtwfb_category-kommunale-flaechen-parks-baumscheiben wtwfb_region-hessen\">\n    <h2 class=\"entry-title\"><a href=\"https:\/\/wettbewerb-archiv.wir-tun-was-fuer-bienen.de\/archiv-2021\/eintrag\/wetzlar-summt-vom-friedhof-bis-zum-kindergarten\/\">Wetzlar summt vom Friedhof bis zum Kindergarten<\/a>\n    <\/h2>\n    <a href=\"https:\/\/wettbewerb-archiv.wir-tun-was-fuer-bienen.de\/archiv-2021\/eintrag\/wetzlar-summt-vom-friedhof-bis-zum-kindergarten\/\">\n        <div class=\"bienen-entry-image\">\n            <img decoding=\"async\" width=\"400\" height=\"300\" src=\"https:\/\/wettbewerb-archiv.wir-tun-was-fuer-bienen.de\/archiv-2021\/wp-content\/uploads\/sites\/3\/2021\/06\/IMG_20210531_070141-400x300.jpg\" class=\"attachment-bienen-grid-thumb size-bienen-grid-thumb wp-post-image\" alt=\"\" loading=\"lazy\" \/>                    <\/div>\n    <\/a>\n\n    <div class=\"images-grid\"><span><a href=\"https:\/\/wettbewerb-archiv.wir-tun-was-fuer-bienen.de\/archiv-2021\/eintrag\/wetzlar-summt-vom-friedhof-bis-zum-kindergarten\/\"><img decoding=\"async\" width=\"150\" height=\"150\" src=\"https:\/\/wettbewerb-archiv.wir-tun-was-fuer-bienen.de\/archiv-2021\/wp-content\/uploads\/sites\/3\/2021\/06\/IMG_20210413_145753-150x150.jpg\" class=\"attachment-thumbnail size-thumbnail\" alt=\"\" loading=\"lazy\" \/><\/a><\/span><span><a href=\"https:\/\/wettbewerb-archiv.wir-tun-was-fuer-bienen.de\/archiv-2021\/eintrag\/wetzlar-summt-vom-friedhof-bis-zum-kindergarten\/\"><img decoding=\"async\" width=\"150\" height=\"150\" src=\"https:\/\/wettbewerb-archiv.wir-tun-was-fuer-bienen.de\/archiv-2021\/wp-content\/uploads\/sites\/3\/2021\/06\/IMG_20210416_122612-3-150x150.jpg\" class=\"attachment-thumbnail size-thumbnail\" alt=\"\" loading=\"lazy\" \/><\/a><\/span><span><a href=\"https:\/\/wettbewerb-archiv.wir-tun-was-fuer-bienen.de\/archiv-2021\/eintrag\/wetzlar-summt-vom-friedhof-bis-zum-kindergarten\/\"><img decoding=\"async\" width=\"150\" height=\"150\" src=\"https:\/\/wettbewerb-archiv.wir-tun-was-fuer-bienen.de\/archiv-2021\/wp-content\/uploads\/sites\/3\/2021\/06\/IMG_20210416_122612-150x150.jpg\" class=\"attachment-thumbnail size-thumbnail\" alt=\"\" loading=\"lazy\" \/><\/a><\/span><span><a href=\"https:\/\/wettbewerb-archiv.wir-tun-was-fuer-bienen.de\/archiv-2021\/eintrag\/wetzlar-summt-vom-friedhof-bis-zum-kindergarten\/\"><img decoding=\"async\" width=\"150\" height=\"150\" src=\"https:\/\/wettbewerb-archiv.wir-tun-was-fuer-bienen.de\/archiv-2021\/wp-content\/uploads\/sites\/3\/2021\/06\/IMG_20210416_122654-150x150.jpg\" class=\"attachment-thumbnail size-thumbnail\" alt=\"\" loading=\"lazy\" \/><\/a><\/span><\/div>\n\n    <div class=\"user flex\">\n        \n                    <img decoding=\"async\" src=\"https:\/\/wettbewerb-archiv.wir-tun-was-fuer-bienen.de\/archiv-2021\/wp-content\/themes\/bienen\/assets\/images\/avatar-placeholder.png\" style=\"border-radius: 30px;\" height=\"30\" width=\"30\">\n            Wetzlar summt vom Friedhof bis zum Kindergarten            <\/div>\n    \n    <p class=\"categories meta bienen-gewinner\"><span class=\"fa fa-trophy\"                                                              aria-hidden=\"true\"><\/span> Gewinner<\/p>\n            <p class=\"categories meta\" style=\"width: 100%\"><span class=\"fa fa-tag\"\n                                                             aria-hidden=\"true\"><\/span> Kommunale Fl\u00e4chen, Parks, Baumscheiben        <\/p>\n    \n            <p class=\"categories meta\" style=\"width: 100%\"><span class=\"fa fa-map-marker\"\n                                                             aria-hidden=\"true\"><\/span> Hessen        <\/p>\n    \n<\/article>\n   \n\t\t\n          <article id=\"post-44409\" class=\"et_pb_post post-44409 wtwfb_entry type-wtwfb_entry status-publish has-post-thumbnail hentry wtwfb_category-kita-und-kindergartengaerten wtwfb_region-thueringen\">\n    <h2 class=\"entry-title\"><a href=\"https:\/\/wettbewerb-archiv.wir-tun-was-fuer-bienen.de\/archiv-2021\/eintrag\/garten-des-lebens-kindergarten-zwergenland\/\">Garten des Lebens &#8211; Kindergarten Zwergenland<\/a>\n    <\/h2>\n    <a href=\"https:\/\/wettbewerb-archiv.wir-tun-was-fuer-bienen.de\/archiv-2021\/eintrag\/garten-des-lebens-kindergarten-zwergenland\/\">\n        <div class=\"bienen-entry-image\">\n            <img decoding=\"async\" width=\"400\" height=\"300\" src=\"https:\/\/wettbewerb-archiv.wir-tun-was-fuer-bienen.de\/archiv-2021\/wp-content\/uploads\/sites\/3\/2021\/05\/16221910197407006405559124180231-400x300.jpg\" class=\"attachment-bienen-grid-thumb size-bienen-grid-thumb wp-post-image\" alt=\"\" loading=\"lazy\" \/>                    <\/div>\n    <\/a>\n\n    <div class=\"images-grid\"><span><a href=\"https:\/\/wettbewerb-archiv.wir-tun-was-fuer-bienen.de\/archiv-2021\/eintrag\/garten-des-lebens-kindergarten-zwergenland\/\"><img decoding=\"async\" width=\"150\" height=\"150\" src=\"https:\/\/wettbewerb-archiv.wir-tun-was-fuer-bienen.de\/archiv-2021\/wp-content\/uploads\/sites\/3\/2021\/06\/20210625_124357-150x150.jpg\" class=\"attachment-thumbnail size-thumbnail\" alt=\"\" loading=\"lazy\" \/><\/a><\/span><span><a href=\"https:\/\/wettbewerb-archiv.wir-tun-was-fuer-bienen.de\/archiv-2021\/eintrag\/garten-des-lebens-kindergarten-zwergenland\/\"><img decoding=\"async\" width=\"150\" height=\"150\" src=\"https:\/\/wettbewerb-archiv.wir-tun-was-fuer-bienen.de\/archiv-2021\/wp-content\/uploads\/sites\/3\/2021\/06\/20210630_083954-150x150.jpg\" class=\"attachment-thumbnail size-thumbnail\" alt=\"\" loading=\"lazy\" \/><\/a><\/span><span><a href=\"https:\/\/wettbewerb-archiv.wir-tun-was-fuer-bienen.de\/archiv-2021\/eintrag\/garten-des-lebens-kindergarten-zwergenland\/\"><img decoding=\"async\" width=\"150\" height=\"150\" src=\"https:\/\/wettbewerb-archiv.wir-tun-was-fuer-bienen.de\/archiv-2021\/wp-content\/uploads\/sites\/3\/2021\/06\/20210630_115242-150x150.jpg\" class=\"attachment-thumbnail size-thumbnail\" alt=\"\" loading=\"lazy\" \/><\/a><\/span><span><a href=\"https:\/\/wettbewerb-archiv.wir-tun-was-fuer-bienen.de\/archiv-2021\/eintrag\/garten-des-lebens-kindergarten-zwergenland\/\"><img decoding=\"async\" width=\"150\" height=\"150\" src=\"https:\/\/wettbewerb-archiv.wir-tun-was-fuer-bienen.de\/archiv-2021\/wp-content\/uploads\/sites\/3\/2021\/06\/20210630_114936-150x150.jpg\" class=\"attachment-thumbnail size-thumbnail\" alt=\"\" loading=\"lazy\" \/><\/a><\/span><\/div>\n\n    <div class=\"user flex\">\n        \n                    <img decoding=\"async\" src=\"https:\/\/wettbewerb-archiv.wir-tun-was-fuer-bienen.de\/archiv-2021\/wp-content\/themes\/bienen\/assets\/images\/avatar-placeholder.png\" style=\"border-radius: 30px;\" height=\"30\" width=\"30\">\n            Garten des Lebens            <\/div>\n    \n    \n            <p class=\"categories meta\" style=\"width: 100%\"><span class=\"fa fa-tag\"\n                                                             aria-hidden=\"true\"><\/span> Kita- und Kindergarteng\u00e4rten        <\/p>\n    \n            <p class=\"categories meta\" style=\"width: 100%\"><span class=\"fa fa-map-marker\"\n                                                             aria-hidden=\"true\"><\/span> Th\u00fcringen        <\/p>\n    \n<\/article>\n   \n\t\t\n          <article id=\"post-44336\" class=\"et_pb_post post-44336 wtwfb_entry type-wtwfb_entry status-publish has-post-thumbnail hentry wtwfb_category-kommunale-flaechen-parks-baumscheiben wtwfb_region-sachsen-anhalt\">\n    <h2 class=\"entry-title\"><a href=\"https:\/\/wettbewerb-archiv.wir-tun-was-fuer-bienen.de\/archiv-2021\/eintrag\/anlegen-einer-bienenweide-in-ot-drosa-freiheitsplatz-in-der-gemeinde-osternienburger-land\/\">Anlegen einer Bienenweide in OT Drosa, Freiheitsplatz i...<\/a>\n    <\/h2>\n    <a href=\"https:\/\/wettbewerb-archiv.wir-tun-was-fuer-bienen.de\/archiv-2021\/eintrag\/anlegen-einer-bienenweide-in-ot-drosa-freiheitsplatz-in-der-gemeinde-osternienburger-land\/\">\n        <div class=\"bienen-entry-image\">\n            <img decoding=\"async\" width=\"400\" height=\"300\" src=\"https:\/\/wettbewerb-archiv.wir-tun-was-fuer-bienen.de\/archiv-2021\/wp-content\/uploads\/sites\/3\/2021\/05\/Drosa-Freiheitsplatz-Bienenwiese-19-400x300.jpg\" class=\"attachment-bienen-grid-thumb size-bienen-grid-thumb wp-post-image\" alt=\"\" loading=\"lazy\" \/>                    <\/div>\n    <\/a>\n\n    <div class=\"images-grid\"><span><a href=\"https:\/\/wettbewerb-archiv.wir-tun-was-fuer-bienen.de\/archiv-2021\/eintrag\/anlegen-einer-bienenweide-in-ot-drosa-freiheitsplatz-in-der-gemeinde-osternienburger-land\/\"><img decoding=\"async\" width=\"150\" height=\"150\" src=\"https:\/\/wettbewerb-archiv.wir-tun-was-fuer-bienen.de\/archiv-2021\/wp-content\/uploads\/sites\/3\/2021\/05\/Drosa-Freiheitsplatz-Bienenwiese-3-150x150.jpg\" class=\"attachment-thumbnail size-thumbnail\" alt=\"\" loading=\"lazy\" \/><\/a><\/span><span><a href=\"https:\/\/wettbewerb-archiv.wir-tun-was-fuer-bienen.de\/archiv-2021\/eintrag\/anlegen-einer-bienenweide-in-ot-drosa-freiheitsplatz-in-der-gemeinde-osternienburger-land\/\"><img decoding=\"async\" width=\"150\" height=\"150\" src=\"https:\/\/wettbewerb-archiv.wir-tun-was-fuer-bienen.de\/archiv-2021\/wp-content\/uploads\/sites\/3\/2021\/05\/Drosa-Freiheitsplatz-Bienenwiese-9-150x150.jpg\" class=\"attachment-thumbnail size-thumbnail\" alt=\"\" loading=\"lazy\" \/><\/a><\/span><span><a href=\"https:\/\/wettbewerb-archiv.wir-tun-was-fuer-bienen.de\/archiv-2021\/eintrag\/anlegen-einer-bienenweide-in-ot-drosa-freiheitsplatz-in-der-gemeinde-osternienburger-land\/\"><img decoding=\"async\" width=\"150\" height=\"150\" src=\"https:\/\/wettbewerb-archiv.wir-tun-was-fuer-bienen.de\/archiv-2021\/wp-content\/uploads\/sites\/3\/2021\/05\/Drosa-Freiheitsplatz-Bienenwiese-13-150x150.jpg\" class=\"attachment-thumbnail size-thumbnail\" alt=\"\" loading=\"lazy\" \/><\/a><\/span><span><a href=\"https:\/\/wettbewerb-archiv.wir-tun-was-fuer-bienen.de\/archiv-2021\/eintrag\/anlegen-einer-bienenweide-in-ot-drosa-freiheitsplatz-in-der-gemeinde-osternienburger-land\/\"><img decoding=\"async\" width=\"150\" height=\"150\" src=\"https:\/\/wettbewerb-archiv.wir-tun-was-fuer-bienen.de\/archiv-2021\/wp-content\/uploads\/sites\/3\/2021\/05\/Drosa-Freiheitsplatz-Bienenwiese-15-150x150.jpg\" class=\"attachment-thumbnail size-thumbnail\" alt=\"\" loading=\"lazy\" \/><\/a><\/span><\/div>\n\n    <div class=\"user flex\">\n        \n                    <img decoding=\"async\" src=\"https:\/\/wettbewerb-archiv.wir-tun-was-fuer-bienen.de\/archiv-2021\/wp-content\/themes\/bienen\/assets\/images\/avatar-placeholder.png\" style=\"border-radius: 30px;\" height=\"30\" width=\"30\">\n            Gemeinde Osternienburger Land            <\/div>\n    \n    \n            <p class=\"categories meta\" style=\"width: 100%\"><span class=\"fa fa-tag\"\n                                                             aria-hidden=\"true\"><\/span> Kommunale Fl\u00e4chen, Parks, Baumscheiben        <\/p>\n    \n            <p class=\"categories meta\" style=\"width: 100%\"><span class=\"fa fa-map-marker\"\n                                                             aria-hidden=\"true\"><\/span> Sachsen-Anhalt        <\/p>\n    \n<\/article>\n   \n\t\t\n          <article id=\"post-44323\" class=\"et_pb_post post-44323 wtwfb_entry type-wtwfb_entry status-publish has-post-thumbnail hentry wtwfb_category-privatgaerten-und-gaerten-von-mietwohnungen-groesser-500-quadratmeter wtwfb_region-brandenburg\">\n    <h2 class=\"entry-title\"><a href=\"https:\/\/wettbewerb-archiv.wir-tun-was-fuer-bienen.de\/archiv-2021\/eintrag\/buntes-leben\/\">Buntes Leben<\/a>\n    <\/h2>\n    <a href=\"https:\/\/wettbewerb-archiv.wir-tun-was-fuer-bienen.de\/archiv-2021\/eintrag\/buntes-leben\/\">\n        <div class=\"bienen-entry-image\">\n            <img decoding=\"async\" width=\"400\" height=\"300\" src=\"https:\/\/wettbewerb-archiv.wir-tun-was-fuer-bienen.de\/archiv-2021\/wp-content\/uploads\/sites\/3\/2021\/05\/D2C23669-B2D0-4D97-B52F-090BDD980C27-400x300.jpeg\" class=\"attachment-bienen-grid-thumb size-bienen-grid-thumb wp-post-image\" alt=\"\" loading=\"lazy\" \/>                    <\/div>\n    <\/a>\n\n    <div class=\"images-grid\"><span><a href=\"https:\/\/wettbewerb-archiv.wir-tun-was-fuer-bienen.de\/archiv-2021\/eintrag\/buntes-leben\/\"><img decoding=\"async\" width=\"150\" height=\"150\" src=\"https:\/\/wettbewerb-archiv.wir-tun-was-fuer-bienen.de\/archiv-2021\/wp-content\/uploads\/sites\/3\/2021\/07\/9B12AE6A-FA4A-402F-953F-16A440FD46C3-150x150.jpeg\" class=\"attachment-thumbnail size-thumbnail\" alt=\"\" loading=\"lazy\" \/><\/a><\/span><span><a href=\"https:\/\/wettbewerb-archiv.wir-tun-was-fuer-bienen.de\/archiv-2021\/eintrag\/buntes-leben\/\"><img decoding=\"async\" width=\"150\" height=\"150\" src=\"https:\/\/wettbewerb-archiv.wir-tun-was-fuer-bienen.de\/archiv-2021\/wp-content\/uploads\/sites\/3\/2021\/05\/1F278DD7-D9CA-4F65-A411-B716CF9CBB01-150x150.jpeg\" class=\"attachment-thumbnail size-thumbnail\" alt=\"\" loading=\"lazy\" \/><\/a><\/span><span><a href=\"https:\/\/wettbewerb-archiv.wir-tun-was-fuer-bienen.de\/archiv-2021\/eintrag\/buntes-leben\/\"><img decoding=\"async\" width=\"150\" height=\"150\" src=\"https:\/\/wettbewerb-archiv.wir-tun-was-fuer-bienen.de\/archiv-2021\/wp-content\/uploads\/sites\/3\/2021\/05\/F1BC4EA0-4223-4063-A250-CEF2DFEB799B-150x150.jpeg\" class=\"attachment-thumbnail size-thumbnail\" alt=\"\" loading=\"lazy\" \/><\/a><\/span><span><a href=\"https:\/\/wettbewerb-archiv.wir-tun-was-fuer-bienen.de\/archiv-2021\/eintrag\/buntes-leben\/\"><img decoding=\"async\" width=\"150\" height=\"150\" src=\"https:\/\/wettbewerb-archiv.wir-tun-was-fuer-bienen.de\/archiv-2021\/wp-content\/uploads\/sites\/3\/2021\/05\/B3B7181F-E0F2-41D4-8BA5-F7FA303E6987-150x150.jpeg\" class=\"attachment-thumbnail size-thumbnail\" alt=\"\" loading=\"lazy\" \/><\/a><\/span><\/div>\n\n    <div class=\"user flex\">\n        \n                    <img decoding=\"async\" src=\"https:\/\/wettbewerb-archiv.wir-tun-was-fuer-bienen.de\/archiv-2021\/wp-content\/themes\/bienen\/assets\/images\/avatar-placeholder.png\" style=\"border-radius: 30px;\" height=\"30\" width=\"30\">\n            Hohenwutzen in Ostbrandenburg            <\/div>\n    \n    \n            <p class=\"categories meta\" style=\"width: 100%\"><span class=\"fa fa-tag\"\n                                                             aria-hidden=\"true\"><\/span> Privatg\u00e4rten und G\u00e4rten von Mietwohnungen (gr\u00f6\u00dfer als 500 Quadratmeter)        <\/p>\n    \n            <p class=\"categories meta\" style=\"width: 100%\"><span class=\"fa fa-map-marker\"\n                                                             aria-hidden=\"true\"><\/span> Brandenburg        <\/p>\n    \n<\/article>\n   \n\t\t\n          <article id=\"post-44275\" class=\"et_pb_post post-44275 wtwfb_entry type-wtwfb_entry status-publish has-post-thumbnail hentry wtwfb_category-firmen-institutions-und-vereinsgaerten wtwfb_region-nordrhein-westfalen\">\n    <h2 class=\"entry-title\"><a href=\"https:\/\/wettbewerb-archiv.wir-tun-was-fuer-bienen.de\/archiv-2021\/eintrag\/westfalia-gruent-umweltschutz-und-nachhaltigkeit-beim-sc-westfalia-kinderhaus\/\">WESTFALIA GR\u00dcN(T) &#8211; UMWELTSCHUTZ UND NACHHALTIGK...<\/a>\n    <\/h2>\n    <a href=\"https:\/\/wettbewerb-archiv.wir-tun-was-fuer-bienen.de\/archiv-2021\/eintrag\/westfalia-gruent-umweltschutz-und-nachhaltigkeit-beim-sc-westfalia-kinderhaus\/\">\n        <div class=\"bienen-entry-image\">\n            <img decoding=\"async\" width=\"400\" height=\"300\" src=\"https:\/\/wettbewerb-archiv.wir-tun-was-fuer-bienen.de\/archiv-2021\/wp-content\/uploads\/sites\/3\/2021\/05\/westfaliagruent042021_4-400x300.jpg\" class=\"attachment-bienen-grid-thumb size-bienen-grid-thumb wp-post-image\" alt=\"\" loading=\"lazy\" \/>                    <\/div>\n    <\/a>\n\n    <div class=\"images-grid\"><span><a href=\"https:\/\/wettbewerb-archiv.wir-tun-was-fuer-bienen.de\/archiv-2021\/eintrag\/westfalia-gruent-umweltschutz-und-nachhaltigkeit-beim-sc-westfalia-kinderhaus\/\"><img decoding=\"async\" width=\"150\" height=\"150\" src=\"https:\/\/wettbewerb-archiv.wir-tun-was-fuer-bienen.de\/archiv-2021\/wp-content\/uploads\/sites\/3\/2021\/05\/a0a3d4e7-6cf0-4b39-bab2-e8e8a8ee6906-150x150.jpg\" class=\"attachment-thumbnail size-thumbnail\" alt=\"\" loading=\"lazy\" \/><\/a><\/span><span><a href=\"https:\/\/wettbewerb-archiv.wir-tun-was-fuer-bienen.de\/archiv-2021\/eintrag\/westfalia-gruent-umweltschutz-und-nachhaltigkeit-beim-sc-westfalia-kinderhaus\/\"><img decoding=\"async\" width=\"150\" height=\"150\" src=\"https:\/\/wettbewerb-archiv.wir-tun-was-fuer-bienen.de\/archiv-2021\/wp-content\/uploads\/sites\/3\/2021\/05\/westfaliagruent042021_2-150x150.jpg\" class=\"attachment-thumbnail size-thumbnail\" alt=\"\" loading=\"lazy\" \/><\/a><\/span><span><a href=\"https:\/\/wettbewerb-archiv.wir-tun-was-fuer-bienen.de\/archiv-2021\/eintrag\/westfalia-gruent-umweltschutz-und-nachhaltigkeit-beim-sc-westfalia-kinderhaus\/\"><img decoding=\"async\" width=\"150\" height=\"150\" src=\"https:\/\/wettbewerb-archiv.wir-tun-was-fuer-bienen.de\/archiv-2021\/wp-content\/uploads\/sites\/3\/2021\/05\/IMG_3352-150x150.jpg\" class=\"attachment-thumbnail size-thumbnail\" alt=\"\" loading=\"lazy\" \/><\/a><\/span><span><a href=\"https:\/\/wettbewerb-archiv.wir-tun-was-fuer-bienen.de\/archiv-2021\/eintrag\/westfalia-gruent-umweltschutz-und-nachhaltigkeit-beim-sc-westfalia-kinderhaus\/\"><img decoding=\"async\" width=\"150\" height=\"150\" src=\"https:\/\/wettbewerb-archiv.wir-tun-was-fuer-bienen.de\/archiv-2021\/wp-content\/uploads\/sites\/3\/2021\/05\/20201128_164136-150x150.jpg\" class=\"attachment-thumbnail size-thumbnail\" alt=\"\" loading=\"lazy\" \/><\/a><\/span><\/div>\n\n    <div class=\"user flex\">\n        \n                    <img decoding=\"async\" src=\"https:\/\/wettbewerb-archiv.wir-tun-was-fuer-bienen.de\/archiv-2021\/wp-content\/themes\/bienen\/assets\/images\/avatar-placeholder.png\" style=\"border-radius: 30px;\" height=\"30\" width=\"30\">\n            SC Westfalia Kinderhaus 1920 e.V.            <\/div>\n    \n    \n            <p class=\"categories meta\" style=\"width: 100%\"><span class=\"fa fa-tag\"\n                                                             aria-hidden=\"true\"><\/span> Firmen-, Institutions- und Vereinsg\u00e4rten        <\/p>\n    \n            <p class=\"categories meta\" style=\"width: 100%\"><span class=\"fa fa-map-marker\"\n                                                             aria-hidden=\"true\"><\/span> Nordrhein-Westfalen        <\/p>\n    \n<\/article>\n   \n\t\t\n          <article id=\"post-44266\" class=\"et_pb_post post-44266 wtwfb_entry type-wtwfb_entry status-publish has-post-thumbnail hentry wtwfb_category-kommunale-flaechen-parks-baumscheiben wtwfb_region-sachsen-anhalt\">\n    <h2 class=\"entry-title\"><a href=\"https:\/\/wettbewerb-archiv.wir-tun-was-fuer-bienen.de\/archiv-2021\/eintrag\/1-bienenwald-sachsen-anhalts-im-stadtwald-oranienbaum-woerlitz\/\">1. Bienenwald Sachsen-Anhalts im Stadtwald Oranienbaum-...<\/a>\n    <\/h2>\n    <a href=\"https:\/\/wettbewerb-archiv.wir-tun-was-fuer-bienen.de\/archiv-2021\/eintrag\/1-bienenwald-sachsen-anhalts-im-stadtwald-oranienbaum-woerlitz\/\">\n        <div class=\"bienen-entry-image\">\n            <img decoding=\"async\" width=\"400\" height=\"300\" src=\"https:\/\/wettbewerb-archiv.wir-tun-was-fuer-bienen.de\/archiv-2021\/wp-content\/uploads\/sites\/3\/2021\/05\/csm_210408_Bienenwald_Oranienbaum_Manuel_Pape-3_b363a75be6-400x300.jpg\" class=\"attachment-bienen-grid-thumb size-bienen-grid-thumb wp-post-image\" alt=\"\" loading=\"lazy\" \/>                    <\/div>\n    <\/a>\n\n    <div class=\"images-grid\"><\/div>\n\n    <div class=\"user flex\">\n        \n                    <img decoding=\"async\" src=\"https:\/\/wettbewerb-archiv.wir-tun-was-fuer-bienen.de\/archiv-2021\/wp-content\/themes\/bienen\/assets\/images\/avatar-placeholder.png\" style=\"border-radius: 30px;\" height=\"30\" width=\"30\">\n            Philipp Nahrstedt            <\/div>\n    \n    \n            <p class=\"categories meta\" style=\"width: 100%\"><span class=\"fa fa-tag\"\n                                                             aria-hidden=\"true\"><\/span> Kommunale Fl\u00e4chen, Parks, Baumscheiben        <\/p>\n    \n            <p class=\"categories meta\" style=\"width: 100%\"><span class=\"fa fa-map-marker\"\n                                                             aria-hidden=\"true\"><\/span> Sachsen-Anhalt        <\/p>\n    \n<\/article>\n   \n\t\t\n          <article id=\"post-44246\" class=\"et_pb_post post-44246 wtwfb_entry type-wtwfb_entry status-publish has-post-thumbnail hentry wtwfb_category-kita-und-kindergartengaerten wtwfb_region-bayern\">\n    <h2 class=\"entry-title\"><a href=\"https:\/\/wettbewerb-archiv.wir-tun-was-fuer-bienen.de\/archiv-2021\/eintrag\/wir-schwaermen-fuer-bienen\/\">&#8222;Wir schw\u00e4rmen f\u00fcr Bienen.&#8220;<\/a>\n    <\/h2>\n    <a href=\"https:\/\/wettbewerb-archiv.wir-tun-was-fuer-bienen.de\/archiv-2021\/eintrag\/wir-schwaermen-fuer-bienen\/\">\n        <div class=\"bienen-entry-image\">\n            <img decoding=\"async\" width=\"400\" height=\"300\" src=\"https:\/\/wettbewerb-archiv.wir-tun-was-fuer-bienen.de\/archiv-2021\/wp-content\/uploads\/sites\/3\/2021\/05\/Unbenannt-400x300.png\" class=\"attachment-bienen-grid-thumb size-bienen-grid-thumb wp-post-image\" alt=\"\" loading=\"lazy\" \/>                    <\/div>\n    <\/a>\n\n    <div class=\"images-grid\"><span><a href=\"https:\/\/wettbewerb-archiv.wir-tun-was-fuer-bienen.de\/archiv-2021\/eintrag\/wir-schwaermen-fuer-bienen\/\"><img decoding=\"async\" width=\"150\" height=\"150\" src=\"https:\/\/wettbewerb-archiv.wir-tun-was-fuer-bienen.de\/archiv-2021\/wp-content\/uploads\/sites\/3\/2021\/05\/DSC04912-150x150.jpg\" class=\"attachment-thumbnail size-thumbnail\" alt=\"\" loading=\"lazy\" \/><\/a><\/span><span><a href=\"https:\/\/wettbewerb-archiv.wir-tun-was-fuer-bienen.de\/archiv-2021\/eintrag\/wir-schwaermen-fuer-bienen\/\"><img decoding=\"async\" width=\"150\" height=\"150\" src=\"https:\/\/wettbewerb-archiv.wir-tun-was-fuer-bienen.de\/archiv-2021\/wp-content\/uploads\/sites\/3\/2021\/05\/DSC04914-150x150.jpg\" class=\"attachment-thumbnail size-thumbnail\" alt=\"\" loading=\"lazy\" \/><\/a><\/span><span><a href=\"https:\/\/wettbewerb-archiv.wir-tun-was-fuer-bienen.de\/archiv-2021\/eintrag\/wir-schwaermen-fuer-bienen\/\"><img decoding=\"async\" width=\"150\" height=\"150\" src=\"https:\/\/wettbewerb-archiv.wir-tun-was-fuer-bienen.de\/archiv-2021\/wp-content\/uploads\/sites\/3\/2021\/05\/DSC04921-150x150.jpg\" class=\"attachment-thumbnail size-thumbnail\" alt=\"\" loading=\"lazy\" \/><\/a><\/span><span><a href=\"https:\/\/wettbewerb-archiv.wir-tun-was-fuer-bienen.de\/archiv-2021\/eintrag\/wir-schwaermen-fuer-bienen\/\"><img decoding=\"async\" width=\"150\" height=\"150\" src=\"https:\/\/wettbewerb-archiv.wir-tun-was-fuer-bienen.de\/archiv-2021\/wp-content\/uploads\/sites\/3\/2021\/05\/Lerngeschichte-150x150.jpg\" class=\"attachment-thumbnail size-thumbnail\" alt=\"\" loading=\"lazy\" \/><\/a><\/span><\/div>\n\n    <div class=\"user flex\">\n        \n                    <img decoding=\"async\" src=\"https:\/\/wettbewerb-archiv.wir-tun-was-fuer-bienen.de\/archiv-2021\/wp-content\/themes\/bienen\/assets\/images\/avatar-placeholder.png\" style=\"border-radius: 30px;\" height=\"30\" width=\"30\">\n            Kindertagesst\u00e4tte St. Vinzenz in Thannhausen            <\/div>\n    \n    \n            <p class=\"categories meta\" style=\"width: 100%\"><span class=\"fa fa-tag\"\n                                                             aria-hidden=\"true\"><\/span> Kita- und Kindergarteng\u00e4rten        <\/p>\n    \n            <p class=\"categories meta\" style=\"width: 100%\"><span class=\"fa fa-map-marker\"\n                                                             aria-hidden=\"true\"><\/span> Bayern        <\/p>\n    \n<\/article>\n   \n\t\t\n          <article id=\"post-44198\" class=\"et_pb_post post-44198 wtwfb_entry type-wtwfb_entry status-publish has-post-thumbnail hentry wtwfb_category-kita-und-kindergartengaerten wtwfb_region-bayern\">\n    <h2 class=\"entry-title\"><a href=\"https:\/\/wettbewerb-archiv.wir-tun-was-fuer-bienen.de\/archiv-2021\/eintrag\/kinderhaus-rueckenwind\/\">Kinderhaus R\u00fcckenwind<\/a>\n    <\/h2>\n    <a href=\"https:\/\/wettbewerb-archiv.wir-tun-was-fuer-bienen.de\/archiv-2021\/eintrag\/kinderhaus-rueckenwind\/\">\n        <div class=\"bienen-entry-image\">\n            <img decoding=\"async\" width=\"400\" height=\"300\" src=\"https:\/\/wettbewerb-archiv.wir-tun-was-fuer-bienen.de\/archiv-2021\/wp-content\/uploads\/sites\/3\/2021\/05\/kinderhaus_Logo_farbe-400x300.jpeg\" class=\"attachment-bienen-grid-thumb size-bienen-grid-thumb wp-post-image\" alt=\"\" loading=\"lazy\" \/>                    <\/div>\n    <\/a>\n\n    <div class=\"images-grid\"><span><a href=\"https:\/\/wettbewerb-archiv.wir-tun-was-fuer-bienen.de\/archiv-2021\/eintrag\/kinderhaus-rueckenwind\/\"><img decoding=\"async\" width=\"150\" height=\"150\" src=\"https:\/\/wettbewerb-archiv.wir-tun-was-fuer-bienen.de\/archiv-2021\/wp-content\/uploads\/sites\/3\/2021\/05\/Es-geht-los-150x150.jpg\" class=\"attachment-thumbnail size-thumbnail\" alt=\"\" loading=\"lazy\" \/><\/a><\/span><span><a href=\"https:\/\/wettbewerb-archiv.wir-tun-was-fuer-bienen.de\/archiv-2021\/eintrag\/kinderhaus-rueckenwind\/\"><img decoding=\"async\" width=\"150\" height=\"150\" src=\"https:\/\/wettbewerb-archiv.wir-tun-was-fuer-bienen.de\/archiv-2021\/wp-content\/uploads\/sites\/3\/2021\/05\/Gruppenprojekte-zum-Thema-Bienen-150x150.jpg\" class=\"attachment-thumbnail size-thumbnail\" alt=\"\" loading=\"lazy\" \/><\/a><\/span><span><a href=\"https:\/\/wettbewerb-archiv.wir-tun-was-fuer-bienen.de\/archiv-2021\/eintrag\/kinderhaus-rueckenwind\/\"><img decoding=\"async\" width=\"150\" height=\"150\" src=\"https:\/\/wettbewerb-archiv.wir-tun-was-fuer-bienen.de\/archiv-2021\/wp-content\/uploads\/sites\/3\/2021\/05\/Die-Beete-nehmen-Gestalt-an-150x150.jpg\" class=\"attachment-thumbnail size-thumbnail\" alt=\"\" loading=\"lazy\" \/><\/a><\/span><span><a href=\"https:\/\/wettbewerb-archiv.wir-tun-was-fuer-bienen.de\/archiv-2021\/eintrag\/kinderhaus-rueckenwind\/\"><img decoding=\"async\" width=\"150\" height=\"150\" src=\"https:\/\/wettbewerb-archiv.wir-tun-was-fuer-bienen.de\/archiv-2021\/wp-content\/uploads\/sites\/3\/2021\/05\/Insektenhotel-150x150.jpg\" class=\"attachment-thumbnail size-thumbnail\" alt=\"\" loading=\"lazy\" \/><\/a><\/span><\/div>\n\n    <div class=\"user flex\">\n        \n                    <img decoding=\"async\" src=\"https:\/\/wettbewerb-archiv.wir-tun-was-fuer-bienen.de\/archiv-2021\/wp-content\/themes\/bienen\/assets\/images\/avatar-placeholder.png\" style=\"border-radius: 30px;\" height=\"30\" width=\"30\">\n            Anja Henke            <\/div>\n    \n    \n            <p class=\"categories meta\" style=\"width: 100%\"><span class=\"fa fa-tag\"\n                                                             aria-hidden=\"true\"><\/span> Kita- und Kindergarteng\u00e4rten        <\/p>\n    \n            <p class=\"categories meta\" style=\"width: 100%\"><span class=\"fa fa-map-marker\"\n                                                             aria-hidden=\"true\"><\/span> Bayern        <\/p>\n    \n<\/article>\n   \n\t\t\n          <article id=\"post-44100\" class=\"et_pb_post post-44100 wtwfb_entry type-wtwfb_entry status-publish has-post-thumbnail hentry wtwfb_category-privatgaerten-und-gaerten-von-mietwohnungen-groesser-500-quadratmeter wtwfb_region-nordrhein-westfalen\">\n    <h2 class=\"entry-title\"><a href=\"https:\/\/wettbewerb-archiv.wir-tun-was-fuer-bienen.de\/archiv-2021\/eintrag\/lindens-naturwiese\/\">Linden\u00b4s Naturwiese<\/a>\n    <\/h2>\n    <a href=\"https:\/\/wettbewerb-archiv.wir-tun-was-fuer-bienen.de\/archiv-2021\/eintrag\/lindens-naturwiese\/\">\n        <div class=\"bienen-entry-image\">\n            <img decoding=\"async\" width=\"400\" height=\"300\" src=\"https:\/\/wettbewerb-archiv.wir-tun-was-fuer-bienen.de\/archiv-2021\/wp-content\/uploads\/sites\/3\/2021\/05\/IMG_20210508_163637-400x300.jpg\" class=\"attachment-bienen-grid-thumb size-bienen-grid-thumb wp-post-image\" alt=\"\" loading=\"lazy\" \/>                    <\/div>\n    <\/a>\n\n    <div class=\"images-grid\"><\/div>\n\n    <div class=\"user flex\">\n        \n                    <img decoding=\"async\" src=\"https:\/\/wettbewerb-archiv.wir-tun-was-fuer-bienen.de\/archiv-2021\/wp-content\/themes\/bienen\/assets\/images\/avatar-placeholder.png\" style=\"border-radius: 30px;\" height=\"30\" width=\"30\">\n            Linden\u00b4s Naturwiese            <\/div>\n    \n    \n            <p class=\"categories meta\" style=\"width: 100%\"><span class=\"fa fa-tag\"\n                                                             aria-hidden=\"true\"><\/span> Privatg\u00e4rten und G\u00e4rten von Mietwohnungen (gr\u00f6\u00dfer als 500 Quadratmeter)        <\/p>\n    \n            <p class=\"categories meta\" style=\"width: 100%\"><span class=\"fa fa-map-marker\"\n                                                             aria-hidden=\"true\"><\/span> Nordrhein-Westfalen        <\/p>\n    \n<\/article>\n   \n\t\t\n          <article id=\"post-44020\" class=\"et_pb_post post-44020 wtwfb_entry type-wtwfb_entry status-publish has-post-thumbnail hentry wtwfb_category-kleingartenwesen-parzellen-und-gemeinschaftsgaerten wtwfb_region-berlin\">\n    <h2 class=\"entry-title\"><a href=\"https:\/\/wettbewerb-archiv.wir-tun-was-fuer-bienen.de\/archiv-2021\/eintrag\/anlegen-eines-sandarium-und-magerwiese-im-kleingarten-2\/\">Anlegen eines Sandarium und Magerwiese im Kleingarten<\/a>\n    <\/h2>\n    <a href=\"https:\/\/wettbewerb-archiv.wir-tun-was-fuer-bienen.de\/archiv-2021\/eintrag\/anlegen-eines-sandarium-und-magerwiese-im-kleingarten-2\/\">\n        <div class=\"bienen-entry-image\">\n            <img decoding=\"async\" width=\"400\" height=\"300\" src=\"https:\/\/wettbewerb-archiv.wir-tun-was-fuer-bienen.de\/archiv-2021\/wp-content\/uploads\/sites\/3\/2021\/05\/Flaeche-Vorher-1-1-400x300.jpg\" class=\"attachment-bienen-grid-thumb size-bienen-grid-thumb wp-post-image\" alt=\"\" loading=\"lazy\" \/>                    <\/div>\n    <\/a>\n\n    <div class=\"images-grid\"><span><a href=\"https:\/\/wettbewerb-archiv.wir-tun-was-fuer-bienen.de\/archiv-2021\/eintrag\/anlegen-eines-sandarium-und-magerwiese-im-kleingarten-2\/\"><img decoding=\"async\" width=\"150\" height=\"150\" src=\"https:\/\/wettbewerb-archiv.wir-tun-was-fuer-bienen.de\/archiv-2021\/wp-content\/uploads\/sites\/3\/2021\/05\/erste-Schritte-150x150.jpg\" class=\"attachment-thumbnail size-thumbnail\" alt=\"\" loading=\"lazy\" \/><\/a><\/span><span><a href=\"https:\/\/wettbewerb-archiv.wir-tun-was-fuer-bienen.de\/archiv-2021\/eintrag\/anlegen-eines-sandarium-und-magerwiese-im-kleingarten-2\/\"><img decoding=\"async\" width=\"150\" height=\"150\" src=\"https:\/\/wettbewerb-archiv.wir-tun-was-fuer-bienen.de\/archiv-2021\/wp-content\/uploads\/sites\/3\/2021\/05\/Trockenmauer-und-Kalksteinbruch-150x150.jpg\" class=\"attachment-thumbnail size-thumbnail\" alt=\"\" loading=\"lazy\" \/><\/a><\/span><span><a href=\"https:\/\/wettbewerb-archiv.wir-tun-was-fuer-bienen.de\/archiv-2021\/eintrag\/anlegen-eines-sandarium-und-magerwiese-im-kleingarten-2\/\"><img decoding=\"async\" width=\"150\" height=\"150\" src=\"https:\/\/wettbewerb-archiv.wir-tun-was-fuer-bienen.de\/archiv-2021\/wp-content\/uploads\/sites\/3\/2021\/05\/Trockenmauer-und-Sandbeet-mit-Teilbepflanzung-150x150.jpg\" class=\"attachment-thumbnail size-thumbnail\" alt=\"\" loading=\"lazy\" \/><\/a><\/span><\/div>\n\n    <div class=\"user flex\">\n        \n                    <img decoding=\"async\" src=\"https:\/\/wettbewerb-archiv.wir-tun-was-fuer-bienen.de\/archiv-2021\/wp-content\/themes\/bienen\/assets\/images\/avatar-placeholder.png\" style=\"border-radius: 30px;\" height=\"30\" width=\"30\">\n            gregor mischo            <\/div>\n    \n    \n            <p class=\"categories meta\" style=\"width: 100%\"><span class=\"fa fa-tag\"\n                                                             aria-hidden=\"true\"><\/span> Kleingartenwesen: Parzellen und Gemeinschaftsg\u00e4rten        <\/p>\n    \n            <p class=\"categories meta\" style=\"width: 100%\"><span class=\"fa fa-map-marker\"\n                                                             aria-hidden=\"true\"><\/span> Berlin        <\/p>\n    \n<\/article>\n   \n\t\t\n          <article id=\"post-43993\" class=\"et_pb_post post-43993 wtwfb_entry type-wtwfb_entry status-publish has-post-thumbnail hentry wtwfb_category-balkone-terrassen-dachbegruenung-vertikale-gaerten wtwfb_region-thueringen\">\n    <h2 class=\"entry-title\"><a href=\"https:\/\/wettbewerb-archiv.wir-tun-was-fuer-bienen.de\/archiv-2021\/eintrag\/ein-stueck-zum-bienenglueck\/\">Ein St\u00fcck zum Bienengl\u00fcck<\/a>\n    <\/h2>\n    <a href=\"https:\/\/wettbewerb-archiv.wir-tun-was-fuer-bienen.de\/archiv-2021\/eintrag\/ein-stueck-zum-bienenglueck\/\">\n        <div class=\"bienen-entry-image\">\n            <img decoding=\"async\" width=\"400\" height=\"300\" src=\"https:\/\/wettbewerb-archiv.wir-tun-was-fuer-bienen.de\/archiv-2021\/wp-content\/uploads\/sites\/3\/2021\/05\/EE8B73C5-8937-41C3-A5E1-54A2DEA32570-400x300.jpeg\" class=\"attachment-bienen-grid-thumb size-bienen-grid-thumb wp-post-image\" alt=\"\" loading=\"lazy\" \/>                    <\/div>\n    <\/a>\n\n    <div class=\"images-grid\"><span><a href=\"https:\/\/wettbewerb-archiv.wir-tun-was-fuer-bienen.de\/archiv-2021\/eintrag\/ein-stueck-zum-bienenglueck\/\"><img decoding=\"async\" width=\"150\" height=\"150\" src=\"https:\/\/wettbewerb-archiv.wir-tun-was-fuer-bienen.de\/archiv-2021\/wp-content\/uploads\/sites\/3\/2021\/05\/00133EC7-F0FA-4940-866C-2BED1AF66BC7-150x150.jpeg\" class=\"attachment-thumbnail size-thumbnail\" alt=\"\" loading=\"lazy\" \/><\/a><\/span><span><a href=\"https:\/\/wettbewerb-archiv.wir-tun-was-fuer-bienen.de\/archiv-2021\/eintrag\/ein-stueck-zum-bienenglueck\/\"><img decoding=\"async\" width=\"150\" height=\"150\" src=\"https:\/\/wettbewerb-archiv.wir-tun-was-fuer-bienen.de\/archiv-2021\/wp-content\/uploads\/sites\/3\/2021\/05\/8C2A109B-6FCC-4857-96A9-A039451F956A-150x150.jpeg\" class=\"attachment-thumbnail size-thumbnail\" alt=\"\" loading=\"lazy\" \/><\/a><\/span><span><a href=\"https:\/\/wettbewerb-archiv.wir-tun-was-fuer-bienen.de\/archiv-2021\/eintrag\/ein-stueck-zum-bienenglueck\/\"><img decoding=\"async\" width=\"150\" height=\"150\" src=\"https:\/\/wettbewerb-archiv.wir-tun-was-fuer-bienen.de\/archiv-2021\/wp-content\/uploads\/sites\/3\/2021\/05\/4F977A92-93C4-4061-8B7B-5E3497D2A5AA-150x150.jpeg\" class=\"attachment-thumbnail size-thumbnail\" alt=\"\" loading=\"lazy\" \/><\/a><\/span><span><a href=\"https:\/\/wettbewerb-archiv.wir-tun-was-fuer-bienen.de\/archiv-2021\/eintrag\/ein-stueck-zum-bienenglueck\/\"><img decoding=\"async\" width=\"150\" height=\"150\" src=\"https:\/\/wettbewerb-archiv.wir-tun-was-fuer-bienen.de\/archiv-2021\/wp-content\/uploads\/sites\/3\/2021\/05\/FA2A7EA2-EB42-43F5-B4CC-06A6DE319D3B-150x150.jpeg\" class=\"attachment-thumbnail size-thumbnail\" alt=\"\" loading=\"lazy\" \/><\/a><\/span><\/div>\n\n    <div class=\"user flex\">\n        \n                    <img decoding=\"async\" src=\"https:\/\/wettbewerb-archiv.wir-tun-was-fuer-bienen.de\/archiv-2021\/wp-content\/themes\/bienen\/assets\/images\/avatar-placeholder.png\" style=\"border-radius: 30px;\" height=\"30\" width=\"30\">\n            TanteEmmasBienengl\u00fcck            <\/div>\n    \n    \n            <p class=\"categories meta\" style=\"width: 100%\"><span class=\"fa fa-tag\"\n                                                             aria-hidden=\"true\"><\/span> Balkone, Terrassen, Dachbegr\u00fcnung, vertikale G\u00e4rten        <\/p>\n    \n            <p class=\"categories meta\" style=\"width: 100%\"><span class=\"fa fa-map-marker\"\n                                                             aria-hidden=\"true\"><\/span> Th\u00fcringen        <\/p>\n    \n<\/article>\n   \n\t\t\n          <article id=\"post-43923\" class=\"et_pb_post post-43923 wtwfb_entry type-wtwfb_entry status-publish has-post-thumbnail hentry wtwfb_category-balkone-terrassen-dachbegruenung-vertikale-gaerten wtwfb_region-nordrhein-westfalen\">\n    <h2 class=\"entry-title\"><a href=\"https:\/\/wettbewerb-archiv.wir-tun-was-fuer-bienen.de\/archiv-2021\/eintrag\/hortus-aquis\/\">Hortus Aquis<\/a>\n    <\/h2>\n    <a href=\"https:\/\/wettbewerb-archiv.wir-tun-was-fuer-bienen.de\/archiv-2021\/eintrag\/hortus-aquis\/\">\n        <div class=\"bienen-entry-image\">\n            <img decoding=\"async\" width=\"400\" height=\"300\" src=\"https:\/\/wettbewerb-archiv.wir-tun-was-fuer-bienen.de\/archiv-2021\/wp-content\/uploads\/sites\/3\/2021\/07\/DSC_0967-1-400x300.jpg\" class=\"attachment-bienen-grid-thumb size-bienen-grid-thumb wp-post-image\" alt=\"\" loading=\"lazy\" \/>                    <\/div>\n    <\/a>\n\n    <div class=\"images-grid\"><span><a href=\"https:\/\/wettbewerb-archiv.wir-tun-was-fuer-bienen.de\/archiv-2021\/eintrag\/hortus-aquis\/\"><img decoding=\"async\" width=\"150\" height=\"150\" src=\"https:\/\/wettbewerb-archiv.wir-tun-was-fuer-bienen.de\/archiv-2021\/wp-content\/uploads\/sites\/3\/2021\/07\/Bildschirmfoto-2021-07-08-um-09.21.28-2-150x150.jpeg\" class=\"attachment-thumbnail size-thumbnail\" alt=\"\" loading=\"lazy\" \/><\/a><\/span><span><a href=\"https:\/\/wettbewerb-archiv.wir-tun-was-fuer-bienen.de\/archiv-2021\/eintrag\/hortus-aquis\/\"><img decoding=\"async\" width=\"150\" height=\"150\" src=\"https:\/\/wettbewerb-archiv.wir-tun-was-fuer-bienen.de\/archiv-2021\/wp-content\/uploads\/sites\/3\/2021\/07\/Bildschirmfoto-2021-06-04-um-12.36.19-150x150.jpeg\" class=\"attachment-thumbnail size-thumbnail\" alt=\"\" loading=\"lazy\" \/><\/a><\/span><span><a href=\"https:\/\/wettbewerb-archiv.wir-tun-was-fuer-bienen.de\/archiv-2021\/eintrag\/hortus-aquis\/\"><img decoding=\"async\" width=\"150\" height=\"150\" src=\"https:\/\/wettbewerb-archiv.wir-tun-was-fuer-bienen.de\/archiv-2021\/wp-content\/uploads\/sites\/3\/2021\/07\/Bildschirmfoto-2021-07-08-um-09.42.47-150x150.jpeg\" class=\"attachment-thumbnail size-thumbnail\" alt=\"\" loading=\"lazy\" \/><\/a><\/span><span><a href=\"https:\/\/wettbewerb-archiv.wir-tun-was-fuer-bienen.de\/archiv-2021\/eintrag\/hortus-aquis\/\"><img decoding=\"async\" width=\"150\" height=\"150\" src=\"https:\/\/wettbewerb-archiv.wir-tun-was-fuer-bienen.de\/archiv-2021\/wp-content\/uploads\/sites\/3\/2021\/07\/DSC_1010-150x150.jpg\" class=\"attachment-thumbnail size-thumbnail\" alt=\"\" loading=\"lazy\" \/><\/a><\/span><\/div>\n\n    <div class=\"user flex\">\n        \n                    <img decoding=\"async\" src=\"https:\/\/wettbewerb-archiv.wir-tun-was-fuer-bienen.de\/archiv-2021\/wp-content\/themes\/bienen\/assets\/images\/avatar-placeholder.png\" style=\"border-radius: 30px;\" height=\"30\" width=\"30\">\n            Andrea Jaschik            <\/div>\n    \n    <p class=\"categories meta bienen-gewinner\"><span class=\"fa fa-trophy\"                                                              aria-hidden=\"true\"><\/span> Gewinner<\/p>\n            <p class=\"categories meta\" style=\"width: 100%\"><span class=\"fa fa-tag\"\n                                                             aria-hidden=\"true\"><\/span> Balkone, Terrassen, Dachbegr\u00fcnung, vertikale G\u00e4rten        <\/p>\n    \n            <p class=\"categories meta\" style=\"width: 100%\"><span class=\"fa fa-map-marker\"\n                                                             aria-hidden=\"true\"><\/span> Nordrhein-Westfalen        <\/p>\n    \n<\/article>\n   \n\t\t\n          <article id=\"post-43877\" class=\"et_pb_post post-43877 wtwfb_entry type-wtwfb_entry status-publish has-post-thumbnail hentry wtwfb_category-kommunale-flaechen-parks-baumscheiben wtwfb_region-nordrhein-westfalen\">\n    <h2 class=\"entry-title\"><a href=\"https:\/\/wettbewerb-archiv.wir-tun-was-fuer-bienen.de\/archiv-2021\/eintrag\/pastors-bongert\/\">Pastor&#8217;s Bongert<\/a>\n    <\/h2>\n    <a href=\"https:\/\/wettbewerb-archiv.wir-tun-was-fuer-bienen.de\/archiv-2021\/eintrag\/pastors-bongert\/\">\n        <div class=\"bienen-entry-image\">\n            <img decoding=\"async\" width=\"400\" height=\"300\" src=\"https:\/\/wettbewerb-archiv.wir-tun-was-fuer-bienen.de\/archiv-2021\/wp-content\/uploads\/sites\/3\/2021\/07\/Pastor\u00b4s-Bongert-1-400x300.jpeg\" class=\"attachment-bienen-grid-thumb size-bienen-grid-thumb wp-post-image\" alt=\"\" loading=\"lazy\" \/>                    <\/div>\n    <\/a>\n\n    <div class=\"images-grid\"><span><a href=\"https:\/\/wettbewerb-archiv.wir-tun-was-fuer-bienen.de\/archiv-2021\/eintrag\/pastors-bongert\/\"><img decoding=\"async\" width=\"150\" height=\"150\" src=\"https:\/\/wettbewerb-archiv.wir-tun-was-fuer-bienen.de\/archiv-2021\/wp-content\/uploads\/sites\/3\/2021\/05\/DSCN1953-1-150x150.jpg\" class=\"attachment-thumbnail size-thumbnail\" alt=\"\" loading=\"lazy\" \/><\/a><\/span><span><a href=\"https:\/\/wettbewerb-archiv.wir-tun-was-fuer-bienen.de\/archiv-2021\/eintrag\/pastors-bongert\/\"><img decoding=\"async\" width=\"150\" height=\"150\" src=\"https:\/\/wettbewerb-archiv.wir-tun-was-fuer-bienen.de\/archiv-2021\/wp-content\/uploads\/sites\/3\/2021\/05\/DSCN1914-150x150.jpg\" class=\"attachment-thumbnail size-thumbnail\" alt=\"\" loading=\"lazy\" \/><\/a><\/span><span><a href=\"https:\/\/wettbewerb-archiv.wir-tun-was-fuer-bienen.de\/archiv-2021\/eintrag\/pastors-bongert\/\"><img decoding=\"async\" width=\"150\" height=\"150\" src=\"https:\/\/wettbewerb-archiv.wir-tun-was-fuer-bienen.de\/archiv-2021\/wp-content\/uploads\/sites\/3\/2021\/05\/20210213_125036-150x150.jpg\" class=\"attachment-thumbnail size-thumbnail\" alt=\"\" loading=\"lazy\" \/><\/a><\/span><span><a href=\"https:\/\/wettbewerb-archiv.wir-tun-was-fuer-bienen.de\/archiv-2021\/eintrag\/pastors-bongert\/\"><img decoding=\"async\" width=\"150\" height=\"150\" src=\"https:\/\/wettbewerb-archiv.wir-tun-was-fuer-bienen.de\/archiv-2021\/wp-content\/uploads\/sites\/3\/2021\/06\/P1030468-150x150.jpg\" class=\"attachment-thumbnail size-thumbnail\" alt=\"\" loading=\"lazy\" \/><\/a><\/span><\/div>\n\n    <div class=\"user flex\">\n        \n                    <img decoding=\"async\" src=\"https:\/\/wettbewerb-archiv.wir-tun-was-fuer-bienen.de\/archiv-2021\/wp-content\/themes\/bienen\/assets\/images\/avatar-placeholder.png\" style=\"border-radius: 30px;\" height=\"30\" width=\"30\">\n            Gemeinde Weeze            <\/div>\n    \n    \n            <p class=\"categories meta\" style=\"width: 100%\"><span class=\"fa fa-tag\"\n                                                             aria-hidden=\"true\"><\/span> Kommunale Fl\u00e4chen, Parks, Baumscheiben        <\/p>\n    \n            <p class=\"categories meta\" style=\"width: 100%\"><span class=\"fa fa-map-marker\"\n                                                             aria-hidden=\"true\"><\/span> Nordrhein-Westfalen        <\/p>\n    \n<\/article>\n   \n\t\t\n          <article id=\"post-43859\" class=\"et_pb_post post-43859 wtwfb_entry type-wtwfb_entry status-publish has-post-thumbnail hentry wtwfb_category-kita-und-kindergartengaerten wtwfb_region-nordrhein-westfalen\">\n    <h2 class=\"entry-title\"><a href=\"https:\/\/wettbewerb-archiv.wir-tun-was-fuer-bienen.de\/archiv-2021\/eintrag\/es-brummt-in-der-arche\/\">&#8222;Es brummt in der Arche&#8220;<\/a>\n    <\/h2>\n    <a href=\"https:\/\/wettbewerb-archiv.wir-tun-was-fuer-bienen.de\/archiv-2021\/eintrag\/es-brummt-in-der-arche\/\">\n        <div class=\"bienen-entry-image\">\n            <img decoding=\"async\" width=\"400\" height=\"300\" src=\"https:\/\/wettbewerb-archiv.wir-tun-was-fuer-bienen.de\/archiv-2021\/wp-content\/uploads\/sites\/3\/2021\/05\/DSCI0198-400x300.jpg\" class=\"attachment-bienen-grid-thumb size-bienen-grid-thumb wp-post-image\" alt=\"\" loading=\"lazy\" \/>                    <\/div>\n    <\/a>\n\n    <div class=\"images-grid\"><span><a href=\"https:\/\/wettbewerb-archiv.wir-tun-was-fuer-bienen.de\/archiv-2021\/eintrag\/es-brummt-in-der-arche\/\"><img decoding=\"async\" width=\"150\" height=\"150\" src=\"https:\/\/wettbewerb-archiv.wir-tun-was-fuer-bienen.de\/archiv-2021\/wp-content\/uploads\/sites\/3\/2021\/06\/IMG_1011-150x150.jpg\" class=\"attachment-thumbnail size-thumbnail\" alt=\"\" loading=\"lazy\" \/><\/a><\/span><span><a href=\"https:\/\/wettbewerb-archiv.wir-tun-was-fuer-bienen.de\/archiv-2021\/eintrag\/es-brummt-in-der-arche\/\"><img decoding=\"async\" width=\"150\" height=\"150\" src=\"https:\/\/wettbewerb-archiv.wir-tun-was-fuer-bienen.de\/archiv-2021\/wp-content\/uploads\/sites\/3\/2021\/07\/collage-11-150x150.jpg\" class=\"attachment-thumbnail size-thumbnail\" alt=\"\" loading=\"lazy\" \/><\/a><\/span><span><a href=\"https:\/\/wettbewerb-archiv.wir-tun-was-fuer-bienen.de\/archiv-2021\/eintrag\/es-brummt-in-der-arche\/\"><img decoding=\"async\" width=\"150\" height=\"150\" src=\"https:\/\/wettbewerb-archiv.wir-tun-was-fuer-bienen.de\/archiv-2021\/wp-content\/uploads\/sites\/3\/2021\/07\/collage-12-150x150.jpg\" class=\"attachment-thumbnail size-thumbnail\" alt=\"\" loading=\"lazy\" \/><\/a><\/span><span><a href=\"https:\/\/wettbewerb-archiv.wir-tun-was-fuer-bienen.de\/archiv-2021\/eintrag\/es-brummt-in-der-arche\/\"><img decoding=\"async\" width=\"150\" height=\"150\" src=\"https:\/\/wettbewerb-archiv.wir-tun-was-fuer-bienen.de\/archiv-2021\/wp-content\/uploads\/sites\/3\/2021\/06\/IMG_6775-150x150.jpg\" class=\"attachment-thumbnail size-thumbnail\" alt=\"\" loading=\"lazy\" \/><\/a><\/span><\/div>\n\n    <div class=\"user flex\">\n        \n                    <img decoding=\"async\" src=\"https:\/\/wettbewerb-archiv.wir-tun-was-fuer-bienen.de\/archiv-2021\/wp-content\/themes\/bienen\/assets\/images\/avatar-placeholder.png\" style=\"border-radius: 30px;\" height=\"30\" width=\"30\">\n            Kita Arche Noah            <\/div>\n    \n    \n            <p class=\"categories meta\" style=\"width: 100%\"><span class=\"fa fa-tag\"\n                                                             aria-hidden=\"true\"><\/span> Kita- und Kindergarteng\u00e4rten        <\/p>\n    \n            <p class=\"categories meta\" style=\"width: 100%\"><span class=\"fa fa-map-marker\"\n                                                             aria-hidden=\"true\"><\/span> Nordrhein-Westfalen        <\/p>\n    \n<\/article>\n   \n\t\t\n          <article id=\"post-43752\" class=\"et_pb_post post-43752 wtwfb_entry type-wtwfb_entry status-publish has-post-thumbnail hentry wtwfb_category-privatgaerten-und-gaerten-von-mietwohnungen-kleiner-500-quadratmeter wtwfb_region-sachsen\">\n    <h2 class=\"entry-title\"><a href=\"https:\/\/wettbewerb-archiv.wir-tun-was-fuer-bienen.de\/archiv-2021\/eintrag\/natur-pur-im-reihenhausgarten\/\">Ein Reihenhausgarten f\u00fcr alle &#8211; f\u00fcr Bienen, Fal...<\/a>\n    <\/h2>\n    <a href=\"https:\/\/wettbewerb-archiv.wir-tun-was-fuer-bienen.de\/archiv-2021\/eintrag\/natur-pur-im-reihenhausgarten\/\">\n        <div class=\"bienen-entry-image\">\n            <img decoding=\"async\" width=\"400\" height=\"300\" src=\"https:\/\/wettbewerb-archiv.wir-tun-was-fuer-bienen.de\/archiv-2021\/wp-content\/uploads\/sites\/3\/2021\/07\/9C28BECB-315C-4F6F-8E39-FA1A8EECC2CA-400x300.jpeg\" class=\"attachment-bienen-grid-thumb size-bienen-grid-thumb wp-post-image\" alt=\"\" loading=\"lazy\" \/>                    <\/div>\n    <\/a>\n\n    <div class=\"images-grid\"><span><a href=\"https:\/\/wettbewerb-archiv.wir-tun-was-fuer-bienen.de\/archiv-2021\/eintrag\/natur-pur-im-reihenhausgarten\/\"><img decoding=\"async\" width=\"150\" height=\"150\" src=\"https:\/\/wettbewerb-archiv.wir-tun-was-fuer-bienen.de\/archiv-2021\/wp-content\/uploads\/sites\/3\/2021\/05\/8A1E7D7D-EE13-49E0-B493-7BD5CAC40A44-150x150.jpeg\" class=\"attachment-thumbnail size-thumbnail\" alt=\"\" loading=\"lazy\" \/><\/a><\/span><span><a href=\"https:\/\/wettbewerb-archiv.wir-tun-was-fuer-bienen.de\/archiv-2021\/eintrag\/natur-pur-im-reihenhausgarten\/\"><img decoding=\"async\" width=\"150\" height=\"150\" src=\"https:\/\/wettbewerb-archiv.wir-tun-was-fuer-bienen.de\/archiv-2021\/wp-content\/uploads\/sites\/3\/2021\/08\/20ECE868-6228-458A-8E02-AA3321AE28C5-150x150.jpeg\" class=\"attachment-thumbnail size-thumbnail\" alt=\"\" loading=\"lazy\" \/><\/a><\/span><span><a href=\"https:\/\/wettbewerb-archiv.wir-tun-was-fuer-bienen.de\/archiv-2021\/eintrag\/natur-pur-im-reihenhausgarten\/\"><img decoding=\"async\" width=\"150\" height=\"150\" src=\"https:\/\/wettbewerb-archiv.wir-tun-was-fuer-bienen.de\/archiv-2021\/wp-content\/uploads\/sites\/3\/2021\/08\/3491D8E8-2767-4F55-B5AA-250206981DA7-150x150.jpeg\" class=\"attachment-thumbnail size-thumbnail\" alt=\"\" loading=\"lazy\" \/><\/a><\/span><\/div>\n\n    <div class=\"user flex\">\n        \n                    <img decoding=\"async\" src=\"https:\/\/wettbewerb-archiv.wir-tun-was-fuer-bienen.de\/archiv-2021\/wp-content\/themes\/bienen\/assets\/images\/avatar-placeholder.png\" style=\"border-radius: 30px;\" height=\"30\" width=\"30\">\n            Gartenstadt-Garten            <\/div>\n    \n    \n            <p class=\"categories meta\" style=\"width: 100%\"><span class=\"fa fa-tag\"\n                                                             aria-hidden=\"true\"><\/span> Privatg\u00e4rten und G\u00e4rten von Mietwohnungen (kleiner als 500 Quadratmeter)        <\/p>\n    \n            <p class=\"categories meta\" style=\"width: 100%\"><span class=\"fa fa-map-marker\"\n                                                             aria-hidden=\"true\"><\/span> Sachsen        <\/p>\n    \n<\/article>\n   \n\t\t\n          <article id=\"post-43748\" class=\"et_pb_post post-43748 wtwfb_entry type-wtwfb_entry status-publish has-post-thumbnail hentry wtwfb_category-privatgaerten-und-gaerten-von-mietwohnungen-groesser-500-quadratmeter wtwfb_region-nordrhein-westfalen\">\n    <h2 class=\"entry-title\"><a href=\"https:\/\/wettbewerb-archiv.wir-tun-was-fuer-bienen.de\/archiv-2021\/eintrag\/natuerliche-vielfalt\/\">Nat\u00fcrliche Vielfalt<\/a>\n    <\/h2>\n    <a href=\"https:\/\/wettbewerb-archiv.wir-tun-was-fuer-bienen.de\/archiv-2021\/eintrag\/natuerliche-vielfalt\/\">\n        <div class=\"bienen-entry-image\">\n            <img decoding=\"async\" width=\"400\" height=\"300\" src=\"https:\/\/wettbewerb-archiv.wir-tun-was-fuer-bienen.de\/archiv-2021\/wp-content\/uploads\/sites\/3\/2021\/05\/20210322_161855-400x300.jpg\" class=\"attachment-bienen-grid-thumb size-bienen-grid-thumb wp-post-image\" alt=\"\" loading=\"lazy\" \/>                    <\/div>\n    <\/a>\n\n    <div class=\"images-grid\"><span><a href=\"https:\/\/wettbewerb-archiv.wir-tun-was-fuer-bienen.de\/archiv-2021\/eintrag\/natuerliche-vielfalt\/\"><img decoding=\"async\" width=\"150\" height=\"150\" src=\"https:\/\/wettbewerb-archiv.wir-tun-was-fuer-bienen.de\/archiv-2021\/wp-content\/uploads\/sites\/3\/2021\/05\/20200325_115851-1-150x150.jpg\" class=\"attachment-thumbnail size-thumbnail\" alt=\"\" loading=\"lazy\" \/><\/a><\/span><span><a href=\"https:\/\/wettbewerb-archiv.wir-tun-was-fuer-bienen.de\/archiv-2021\/eintrag\/natuerliche-vielfalt\/\"><img decoding=\"async\" width=\"150\" height=\"150\" src=\"https:\/\/wettbewerb-archiv.wir-tun-was-fuer-bienen.de\/archiv-2021\/wp-content\/uploads\/sites\/3\/2021\/05\/20210413_171623-1-150x150.jpg\" class=\"attachment-thumbnail size-thumbnail\" alt=\"\" loading=\"lazy\" \/><\/a><\/span><span><a href=\"https:\/\/wettbewerb-archiv.wir-tun-was-fuer-bienen.de\/archiv-2021\/eintrag\/natuerliche-vielfalt\/\"><img decoding=\"async\" width=\"150\" height=\"150\" src=\"https:\/\/wettbewerb-archiv.wir-tun-was-fuer-bienen.de\/archiv-2021\/wp-content\/uploads\/sites\/3\/2021\/05\/20200420_172829-2-150x150.jpg\" class=\"attachment-thumbnail size-thumbnail\" alt=\"\" loading=\"lazy\" \/><\/a><\/span><span><a href=\"https:\/\/wettbewerb-archiv.wir-tun-was-fuer-bienen.de\/archiv-2021\/eintrag\/natuerliche-vielfalt\/\"><img decoding=\"async\" width=\"150\" height=\"150\" src=\"https:\/\/wettbewerb-archiv.wir-tun-was-fuer-bienen.de\/archiv-2021\/wp-content\/uploads\/sites\/3\/2021\/05\/Inked20200325_152515_LI-1-150x150.jpg\" class=\"attachment-thumbnail size-thumbnail\" alt=\"\" loading=\"lazy\" \/><\/a><\/span><\/div>\n\n    <div class=\"user flex\">\n        \n                    <img decoding=\"async\" src=\"https:\/\/wettbewerb-archiv.wir-tun-was-fuer-bienen.de\/archiv-2021\/wp-content\/themes\/bienen\/assets\/images\/avatar-placeholder.png\" style=\"border-radius: 30px;\" height=\"30\" width=\"30\">\n            Refugium im Aufbau f\u00fcr Tier & Natur            <\/div>\n    \n    <p class=\"categories meta bienen-gewinner\"><span class=\"fa fa-trophy\"                                                              aria-hidden=\"true\"><\/span> Gewinner<\/p>\n            <p class=\"categories meta\" style=\"width: 100%\"><span class=\"fa fa-tag\"\n                                                             aria-hidden=\"true\"><\/span> Privatg\u00e4rten und G\u00e4rten von Mietwohnungen (gr\u00f6\u00dfer als 500 Quadratmeter)        <\/p>\n    \n            <p class=\"categories meta\" style=\"width: 100%\"><span class=\"fa fa-map-marker\"\n                                                             aria-hidden=\"true\"><\/span> Nordrhein-Westfalen        <\/p>\n    \n<\/article>\n   \n\t\t\n          <article id=\"post-43738\" class=\"et_pb_post post-43738 wtwfb_entry type-wtwfb_entry status-publish has-post-thumbnail hentry wtwfb_category-privatgaerten-und-gaerten-von-mietwohnungen-kleiner-500-quadratmeter wtwfb_region-hessen\">\n    <h2 class=\"entry-title\"><a href=\"https:\/\/wettbewerb-archiv.wir-tun-was-fuer-bienen.de\/archiv-2021\/eintrag\/summende-hausecke-kathleen-prueter\/\">Summende Hausecke &#8211; Kathleen Pr\u00fcter<\/a>\n    <\/h2>\n    <a href=\"https:\/\/wettbewerb-archiv.wir-tun-was-fuer-bienen.de\/archiv-2021\/eintrag\/summende-hausecke-kathleen-prueter\/\">\n        <div class=\"bienen-entry-image\">\n            <img decoding=\"async\" width=\"400\" height=\"300\" src=\"https:\/\/wettbewerb-archiv.wir-tun-was-fuer-bienen.de\/archiv-2021\/wp-content\/uploads\/sites\/3\/2021\/05\/IMG_3304-400x300.jpg\" class=\"attachment-bienen-grid-thumb size-bienen-grid-thumb wp-post-image\" alt=\"\" loading=\"lazy\" \/>                    <\/div>\n    <\/a>\n\n    <div class=\"images-grid\"><\/div>\n\n    <div class=\"user flex\">\n        \n                    <img decoding=\"async\" src=\"https:\/\/wettbewerb-archiv.wir-tun-was-fuer-bienen.de\/archiv-2021\/wp-content\/themes\/bienen\/assets\/images\/avatar-placeholder.png\" style=\"border-radius: 30px;\" height=\"30\" width=\"30\">\n            Dieter Egner            <\/div>\n    \n    \n            <p class=\"categories meta\" style=\"width: 100%\"><span class=\"fa fa-tag\"\n                                                             aria-hidden=\"true\"><\/span> Privatg\u00e4rten und G\u00e4rten von Mietwohnungen (kleiner als 500 Quadratmeter)        <\/p>\n    \n            <p class=\"categories meta\" style=\"width: 100%\"><span class=\"fa fa-map-marker\"\n                                                             aria-hidden=\"true\"><\/span> Hessen        <\/p>\n    \n<\/article>\n   \n\t\t\n          <article id=\"post-43731\" class=\"et_pb_post post-43731 wtwfb_entry type-wtwfb_entry status-publish has-post-thumbnail hentry wtwfb_category-kita-und-kindergartengaerten wtwfb_region-bayern\">\n    <h2 class=\"entry-title\"><a href=\"https:\/\/wettbewerb-archiv.wir-tun-was-fuer-bienen.de\/archiv-2021\/eintrag\/kinder-und-familien-miteinbeziehen-in-insektenfreundliche-strukturen-unserer-heimat-2\/\">Kinder und Familien miteinbeziehen in insektenfreundlic...<\/a>\n    <\/h2>\n    <a href=\"https:\/\/wettbewerb-archiv.wir-tun-was-fuer-bienen.de\/archiv-2021\/eintrag\/kinder-und-familien-miteinbeziehen-in-insektenfreundliche-strukturen-unserer-heimat-2\/\">\n        <div class=\"bienen-entry-image\">\n            <img decoding=\"async\" width=\"400\" height=\"300\" src=\"https:\/\/wettbewerb-archiv.wir-tun-was-fuer-bienen.de\/archiv-2021\/wp-content\/uploads\/sites\/3\/2021\/05\/img_0480-1-400x300.jpg\" class=\"attachment-bienen-grid-thumb size-bienen-grid-thumb wp-post-image\" alt=\"\" loading=\"lazy\" \/>                    <\/div>\n    <\/a>\n\n    <div class=\"images-grid\"><span><a href=\"https:\/\/wettbewerb-archiv.wir-tun-was-fuer-bienen.de\/archiv-2021\/eintrag\/kinder-und-familien-miteinbeziehen-in-insektenfreundliche-strukturen-unserer-heimat-2\/\"><img decoding=\"async\" width=\"150\" height=\"150\" src=\"https:\/\/wettbewerb-archiv.wir-tun-was-fuer-bienen.de\/archiv-2021\/wp-content\/uploads\/sites\/3\/2021\/05\/img_0477-150x150.jpg\" class=\"attachment-thumbnail size-thumbnail\" alt=\"\" loading=\"lazy\" \/><\/a><\/span><span><a href=\"https:\/\/wettbewerb-archiv.wir-tun-was-fuer-bienen.de\/archiv-2021\/eintrag\/kinder-und-familien-miteinbeziehen-in-insektenfreundliche-strukturen-unserer-heimat-2\/\"><img decoding=\"async\" width=\"150\" height=\"150\" src=\"https:\/\/wettbewerb-archiv.wir-tun-was-fuer-bienen.de\/archiv-2021\/wp-content\/uploads\/sites\/3\/2021\/05\/img_0479-150x150.jpg\" class=\"attachment-thumbnail size-thumbnail\" alt=\"\" loading=\"lazy\" \/><\/a><\/span><span><a href=\"https:\/\/wettbewerb-archiv.wir-tun-was-fuer-bienen.de\/archiv-2021\/eintrag\/kinder-und-familien-miteinbeziehen-in-insektenfreundliche-strukturen-unserer-heimat-2\/\"><img decoding=\"async\" width=\"150\" height=\"150\" src=\"https:\/\/wettbewerb-archiv.wir-tun-was-fuer-bienen.de\/archiv-2021\/wp-content\/uploads\/sites\/3\/2021\/05\/img_0481-150x150.jpg\" class=\"attachment-thumbnail size-thumbnail\" alt=\"\" loading=\"lazy\" \/><\/a><\/span><span><a href=\"https:\/\/wettbewerb-archiv.wir-tun-was-fuer-bienen.de\/archiv-2021\/eintrag\/kinder-und-familien-miteinbeziehen-in-insektenfreundliche-strukturen-unserer-heimat-2\/\"><img decoding=\"async\" width=\"150\" height=\"150\" src=\"https:\/\/wettbewerb-archiv.wir-tun-was-fuer-bienen.de\/archiv-2021\/wp-content\/uploads\/sites\/3\/2021\/05\/img_0482-150x150.jpg\" class=\"attachment-thumbnail size-thumbnail\" alt=\"\" loading=\"lazy\" \/><\/a><\/span><\/div>\n\n    <div class=\"user flex\">\n        \n                    <img decoding=\"async\" src=\"https:\/\/wettbewerb-archiv.wir-tun-was-fuer-bienen.de\/archiv-2021\/wp-content\/themes\/bienen\/assets\/images\/avatar-placeholder.png\" style=\"border-radius: 30px;\" height=\"30\" width=\"30\">\n            KiTa St. Jakobus Burgwindheim            <\/div>\n    \n    \n            <p class=\"categories meta\" style=\"width: 100%\"><span class=\"fa fa-tag\"\n                                                             aria-hidden=\"true\"><\/span> Kita- und Kindergarteng\u00e4rten        <\/p>\n    \n            <p class=\"categories meta\" style=\"width: 100%\"><span class=\"fa fa-map-marker\"\n                                                             aria-hidden=\"true\"><\/span> Bayern        <\/p>\n    \n<\/article>\n   \n\t\t\n          <article id=\"post-43623\" class=\"et_pb_post post-43623 wtwfb_entry type-wtwfb_entry status-publish has-post-thumbnail hentry wtwfb_category-firmen-institutions-und-vereinsgaerten wtwfb_region-hessen\">\n    <h2 class=\"entry-title\"><a href=\"https:\/\/wettbewerb-archiv.wir-tun-was-fuer-bienen.de\/archiv-2021\/eintrag\/lehr-und-kraeutergarten-dreieich-e-v\/\">Lehr- und Kr\u00e4utergarten Dreieich e.V.<\/a>\n    <\/h2>\n    <a href=\"https:\/\/wettbewerb-archiv.wir-tun-was-fuer-bienen.de\/archiv-2021\/eintrag\/lehr-und-kraeutergarten-dreieich-e-v\/\">\n        <div class=\"bienen-entry-image\">\n            <img decoding=\"async\" width=\"400\" height=\"300\" src=\"https:\/\/wettbewerb-archiv.wir-tun-was-fuer-bienen.de\/archiv-2021\/wp-content\/uploads\/sites\/3\/2021\/07\/DSC8629-2-400x300.jpg\" class=\"attachment-bienen-grid-thumb size-bienen-grid-thumb wp-post-image\" alt=\"\" loading=\"lazy\" \/>                    <\/div>\n    <\/a>\n\n    <div class=\"images-grid\"><span><a href=\"https:\/\/wettbewerb-archiv.wir-tun-was-fuer-bienen.de\/archiv-2021\/eintrag\/lehr-und-kraeutergarten-dreieich-e-v\/\"><img decoding=\"async\" width=\"150\" height=\"150\" src=\"https:\/\/wettbewerb-archiv.wir-tun-was-fuer-bienen.de\/archiv-2021\/wp-content\/uploads\/sites\/3\/2021\/05\/20201007_162112-150x150.jpg\" class=\"attachment-thumbnail size-thumbnail\" alt=\"\" loading=\"lazy\" \/><\/a><\/span><span><a href=\"https:\/\/wettbewerb-archiv.wir-tun-was-fuer-bienen.de\/archiv-2021\/eintrag\/lehr-und-kraeutergarten-dreieich-e-v\/\"><img decoding=\"async\" width=\"150\" height=\"150\" src=\"https:\/\/wettbewerb-archiv.wir-tun-was-fuer-bienen.de\/archiv-2021\/wp-content\/uploads\/sites\/3\/2021\/05\/DSC_0003-4-150x150.jpg\" class=\"attachment-thumbnail size-thumbnail\" alt=\"\" loading=\"lazy\" \/><\/a><\/span><span><a href=\"https:\/\/wettbewerb-archiv.wir-tun-was-fuer-bienen.de\/archiv-2021\/eintrag\/lehr-und-kraeutergarten-dreieich-e-v\/\"><img decoding=\"async\" width=\"150\" height=\"150\" src=\"https:\/\/wettbewerb-archiv.wir-tun-was-fuer-bienen.de\/archiv-2021\/wp-content\/uploads\/sites\/3\/2021\/05\/2019-33-150x150.jpg\" class=\"attachment-thumbnail size-thumbnail\" alt=\"\" loading=\"lazy\" \/><\/a><\/span><span><a href=\"https:\/\/wettbewerb-archiv.wir-tun-was-fuer-bienen.de\/archiv-2021\/eintrag\/lehr-und-kraeutergarten-dreieich-e-v\/\"><img decoding=\"async\" width=\"150\" height=\"150\" src=\"https:\/\/wettbewerb-archiv.wir-tun-was-fuer-bienen.de\/archiv-2021\/wp-content\/uploads\/sites\/3\/2021\/05\/2019-68-150x150.jpg\" class=\"attachment-thumbnail size-thumbnail\" alt=\"\" loading=\"lazy\" \/><\/a><\/span><\/div>\n\n    <div class=\"user flex\">\n        \n                    <img decoding=\"async\" src=\"https:\/\/wettbewerb-archiv.wir-tun-was-fuer-bienen.de\/archiv-2021\/wp-content\/themes\/bienen\/assets\/images\/avatar-placeholder.png\" style=\"border-radius: 30px;\" height=\"30\" width=\"30\">\n            Lehr- und Kr\u00e4utergarten Dreieich e.V.            <\/div>\n    \n    <p class=\"categories meta bienen-gewinner\"><span class=\"fa fa-trophy\"                                                              aria-hidden=\"true\"><\/span> Gewinner<\/p>\n            <p class=\"categories meta\" style=\"width: 100%\"><span class=\"fa fa-tag\"\n                                                             aria-hidden=\"true\"><\/span> Firmen-, Institutions- und Vereinsg\u00e4rten        <\/p>\n    \n            <p class=\"categories meta\" style=\"width: 100%\"><span class=\"fa fa-map-marker\"\n                                                             aria-hidden=\"true\"><\/span> Hessen        <\/p>\n    \n<\/article>\n   \n\t\t\n          <article id=\"post-43509\" class=\"et_pb_post post-43509 wtwfb_entry type-wtwfb_entry status-publish has-post-thumbnail hentry wtwfb_category-balkone-terrassen-dachbegruenung-vertikale-gaerten wtwfb_region-nordrhein-westfalen\">\n    <h2 class=\"entry-title\"><a href=\"https:\/\/wettbewerb-archiv.wir-tun-was-fuer-bienen.de\/archiv-2021\/eintrag\/dachoase-mit-wellnessbereich\/\">Dachoase mit Wellnessbereich<\/a>\n    <\/h2>\n    <a href=\"https:\/\/wettbewerb-archiv.wir-tun-was-fuer-bienen.de\/archiv-2021\/eintrag\/dachoase-mit-wellnessbereich\/\">\n        <div class=\"bienen-entry-image\">\n            <img decoding=\"async\" width=\"400\" height=\"300\" src=\"https:\/\/wettbewerb-archiv.wir-tun-was-fuer-bienen.de\/archiv-2021\/wp-content\/uploads\/sites\/3\/2021\/08\/IMG_20210801_085121-400x300.jpg\" class=\"attachment-bienen-grid-thumb size-bienen-grid-thumb wp-post-image\" alt=\"\" loading=\"lazy\" \/>                    <\/div>\n    <\/a>\n\n    <div class=\"images-grid\"><span><a href=\"https:\/\/wettbewerb-archiv.wir-tun-was-fuer-bienen.de\/archiv-2021\/eintrag\/dachoase-mit-wellnessbereich\/\"><img decoding=\"async\" width=\"150\" height=\"150\" src=\"https:\/\/wettbewerb-archiv.wir-tun-was-fuer-bienen.de\/archiv-2021\/wp-content\/uploads\/sites\/3\/2021\/05\/IMG_20190614_180722_7-150x150.jpg\" class=\"attachment-thumbnail size-thumbnail\" alt=\"\" loading=\"lazy\" \/><\/a><\/span><span><a href=\"https:\/\/wettbewerb-archiv.wir-tun-was-fuer-bienen.de\/archiv-2021\/eintrag\/dachoase-mit-wellnessbereich\/\"><img decoding=\"async\" width=\"150\" height=\"150\" src=\"https:\/\/wettbewerb-archiv.wir-tun-was-fuer-bienen.de\/archiv-2021\/wp-content\/uploads\/sites\/3\/2021\/05\/IMG_20190614_181438_3-150x150.jpg\" class=\"attachment-thumbnail size-thumbnail\" alt=\"\" loading=\"lazy\" \/><\/a><\/span><span><a href=\"https:\/\/wettbewerb-archiv.wir-tun-was-fuer-bienen.de\/archiv-2021\/eintrag\/dachoase-mit-wellnessbereich\/\"><img decoding=\"async\" width=\"150\" height=\"150\" src=\"https:\/\/wettbewerb-archiv.wir-tun-was-fuer-bienen.de\/archiv-2021\/wp-content\/uploads\/sites\/3\/2021\/05\/IMG_20190614_180714_2-150x150.jpg\" class=\"attachment-thumbnail size-thumbnail\" alt=\"\" loading=\"lazy\" \/><\/a><\/span><span><a href=\"https:\/\/wettbewerb-archiv.wir-tun-was-fuer-bienen.de\/archiv-2021\/eintrag\/dachoase-mit-wellnessbereich\/\"><img decoding=\"async\" width=\"150\" height=\"150\" src=\"https:\/\/wettbewerb-archiv.wir-tun-was-fuer-bienen.de\/archiv-2021\/wp-content\/uploads\/sites\/3\/2021\/05\/IMG_20190614_181442_7-150x150.jpg\" class=\"attachment-thumbnail size-thumbnail\" alt=\"\" loading=\"lazy\" \/><\/a><\/span><\/div>\n\n    <div class=\"user flex\">\n        \n                    <img decoding=\"async\" src=\"https:\/\/wettbewerb-archiv.wir-tun-was-fuer-bienen.de\/archiv-2021\/wp-content\/themes\/bienen\/assets\/images\/avatar-placeholder.png\" style=\"border-radius: 30px;\" height=\"30\" width=\"30\">\n            Jeanette            <\/div>\n    \n    \n            <p class=\"categories meta\" style=\"width: 100%\"><span class=\"fa fa-tag\"\n                                                             aria-hidden=\"true\"><\/span> Balkone, Terrassen, Dachbegr\u00fcnung, vertikale G\u00e4rten        <\/p>\n    \n            <p class=\"categories meta\" style=\"width: 100%\"><span class=\"fa fa-map-marker\"\n                                                             aria-hidden=\"true\"><\/span> Nordrhein-Westfalen        <\/p>\n    \n<\/article>\n   \n\t\t\n          <article id=\"post-43480\" class=\"et_pb_post post-43480 wtwfb_entry type-wtwfb_entry status-publish has-post-thumbnail hentry wtwfb_category-kommunale-flaechen-parks-baumscheiben wtwfb_region-brandenburg\">\n    <h2 class=\"entry-title\"><a href=\"https:\/\/wettbewerb-archiv.wir-tun-was-fuer-bienen.de\/archiv-2021\/eintrag\/hortus-alte-schule-doebbrick-gemeinsam-schaffen-wir-mehr\/\">Hortus Alte Schule D\u00f6bbrick &#8211; Gemeinsam schaffen...<\/a>\n    <\/h2>\n    <a href=\"https:\/\/wettbewerb-archiv.wir-tun-was-fuer-bienen.de\/archiv-2021\/eintrag\/hortus-alte-schule-doebbrick-gemeinsam-schaffen-wir-mehr\/\">\n        <div class=\"bienen-entry-image\">\n            <img decoding=\"async\" width=\"400\" height=\"300\" src=\"https:\/\/wettbewerb-archiv.wir-tun-was-fuer-bienen.de\/archiv-2021\/wp-content\/uploads\/sites\/3\/2021\/05\/Luftaufnahme_1-400x300.jpg\" class=\"attachment-bienen-grid-thumb size-bienen-grid-thumb wp-post-image\" alt=\"\" loading=\"lazy\" \/>                    <\/div>\n    <\/a>\n\n    <div class=\"images-grid\"><span><a href=\"https:\/\/wettbewerb-archiv.wir-tun-was-fuer-bienen.de\/archiv-2021\/eintrag\/hortus-alte-schule-doebbrick-gemeinsam-schaffen-wir-mehr\/\"><img decoding=\"async\" width=\"150\" height=\"150\" src=\"https:\/\/wettbewerb-archiv.wir-tun-was-fuer-bienen.de\/archiv-2021\/wp-content\/uploads\/sites\/3\/2021\/05\/20201023_123249-150x150.jpg\" class=\"attachment-thumbnail size-thumbnail\" alt=\"\" loading=\"lazy\" \/><\/a><\/span><span><a href=\"https:\/\/wettbewerb-archiv.wir-tun-was-fuer-bienen.de\/archiv-2021\/eintrag\/hortus-alte-schule-doebbrick-gemeinsam-schaffen-wir-mehr\/\"><img decoding=\"async\" width=\"150\" height=\"150\" src=\"https:\/\/wettbewerb-archiv.wir-tun-was-fuer-bienen.de\/archiv-2021\/wp-content\/uploads\/sites\/3\/2021\/05\/20201025_162930-150x150.jpg\" class=\"attachment-thumbnail size-thumbnail\" alt=\"\" loading=\"lazy\" \/><\/a><\/span><span><a href=\"https:\/\/wettbewerb-archiv.wir-tun-was-fuer-bienen.de\/archiv-2021\/eintrag\/hortus-alte-schule-doebbrick-gemeinsam-schaffen-wir-mehr\/\"><img decoding=\"async\" width=\"150\" height=\"150\" src=\"https:\/\/wettbewerb-archiv.wir-tun-was-fuer-bienen.de\/archiv-2021\/wp-content\/uploads\/sites\/3\/2021\/05\/20201025_163022-150x150.jpg\" class=\"attachment-thumbnail size-thumbnail\" alt=\"\" loading=\"lazy\" \/><\/a><\/span><span><a href=\"https:\/\/wettbewerb-archiv.wir-tun-was-fuer-bienen.de\/archiv-2021\/eintrag\/hortus-alte-schule-doebbrick-gemeinsam-schaffen-wir-mehr\/\"><img decoding=\"async\" width=\"150\" height=\"150\" src=\"https:\/\/wettbewerb-archiv.wir-tun-was-fuer-bienen.de\/archiv-2021\/wp-content\/uploads\/sites\/3\/2021\/05\/20201025_162954-150x150.jpg\" class=\"attachment-thumbnail size-thumbnail\" alt=\"\" loading=\"lazy\" \/><\/a><\/span><\/div>\n\n    <div class=\"user flex\">\n        \n                    <img decoding=\"async\" src=\"https:\/\/wettbewerb-archiv.wir-tun-was-fuer-bienen.de\/archiv-2021\/wp-content\/themes\/bienen\/assets\/images\/avatar-placeholder.png\" style=\"border-radius: 30px;\" height=\"30\" width=\"30\">\n            Kerstin Adam            <\/div>\n    \n    <p class=\"categories meta bienen-gewinner\"><span class=\"fa fa-trophy\"                                                              aria-hidden=\"true\"><\/span> Gewinner<\/p>\n            <p class=\"categories meta\" style=\"width: 100%\"><span class=\"fa fa-tag\"\n                                                             aria-hidden=\"true\"><\/span> Kommunale Fl\u00e4chen, Parks, Baumscheiben        <\/p>\n    \n            <p class=\"categories meta\" style=\"width: 100%\"><span class=\"fa fa-map-marker\"\n                                                             aria-hidden=\"true\"><\/span> Brandenburg        <\/p>\n    \n<\/article>\n   \n\t\t\n          <article id=\"post-43440\" class=\"et_pb_post post-43440 wtwfb_entry type-wtwfb_entry status-publish has-post-thumbnail hentry wtwfb_category-privatgaerten-und-gaerten-von-mietwohnungen-kleiner-500-quadratmeter wtwfb_region-nordrhein-westfalen\">\n    <h2 class=\"entry-title\"><a href=\"https:\/\/wettbewerb-archiv.wir-tun-was-fuer-bienen.de\/archiv-2021\/eintrag\/bienenparadies-im-vorgarten\/\">Bienenparadies im Vorgarten<\/a>\n    <\/h2>\n    <a href=\"https:\/\/wettbewerb-archiv.wir-tun-was-fuer-bienen.de\/archiv-2021\/eintrag\/bienenparadies-im-vorgarten\/\">\n        <div class=\"bienen-entry-image\">\n            <img decoding=\"async\" width=\"400\" height=\"300\" src=\"https:\/\/wettbewerb-archiv.wir-tun-was-fuer-bienen.de\/archiv-2021\/wp-content\/uploads\/sites\/3\/2021\/05\/IMG_20210514_142927-400x300.jpg\" class=\"attachment-bienen-grid-thumb size-bienen-grid-thumb wp-post-image\" alt=\"\" loading=\"lazy\" \/>                    <\/div>\n    <\/a>\n\n    <div class=\"images-grid\"><span><a href=\"https:\/\/wettbewerb-archiv.wir-tun-was-fuer-bienen.de\/archiv-2021\/eintrag\/bienenparadies-im-vorgarten\/\"><img decoding=\"async\" width=\"150\" height=\"150\" src=\"https:\/\/wettbewerb-archiv.wir-tun-was-fuer-bienen.de\/archiv-2021\/wp-content\/uploads\/sites\/3\/2021\/05\/IMG_20180619_184631_4-150x150.jpg\" class=\"attachment-thumbnail size-thumbnail\" alt=\"\" loading=\"lazy\" \/><\/a><\/span><span><a href=\"https:\/\/wettbewerb-archiv.wir-tun-was-fuer-bienen.de\/archiv-2021\/eintrag\/bienenparadies-im-vorgarten\/\"><img decoding=\"async\" width=\"150\" height=\"150\" src=\"https:\/\/wettbewerb-archiv.wir-tun-was-fuer-bienen.de\/archiv-2021\/wp-content\/uploads\/sites\/3\/2021\/05\/IMG_20190330_113944_0-150x150.jpg\" class=\"attachment-thumbnail size-thumbnail\" alt=\"\" loading=\"lazy\" \/><\/a><\/span><span><a href=\"https:\/\/wettbewerb-archiv.wir-tun-was-fuer-bienen.de\/archiv-2021\/eintrag\/bienenparadies-im-vorgarten\/\"><img decoding=\"async\" width=\"150\" height=\"150\" src=\"https:\/\/wettbewerb-archiv.wir-tun-was-fuer-bienen.de\/archiv-2021\/wp-content\/uploads\/sites\/3\/2021\/05\/IMG_20200614_113052_4-150x150.jpg\" class=\"attachment-thumbnail size-thumbnail\" alt=\"\" loading=\"lazy\" \/><\/a><\/span><span><a href=\"https:\/\/wettbewerb-archiv.wir-tun-was-fuer-bienen.de\/archiv-2021\/eintrag\/bienenparadies-im-vorgarten\/\"><img decoding=\"async\" width=\"150\" height=\"150\" src=\"https:\/\/wettbewerb-archiv.wir-tun-was-fuer-bienen.de\/archiv-2021\/wp-content\/uploads\/sites\/3\/2021\/05\/IMG_20200527_170141_8-150x150.jpg\" class=\"attachment-thumbnail size-thumbnail\" alt=\"\" loading=\"lazy\" \/><\/a><\/span><\/div>\n\n    <div class=\"user flex\">\n        \n                    <img decoding=\"async\" src=\"https:\/\/wettbewerb-archiv.wir-tun-was-fuer-bienen.de\/archiv-2021\/wp-content\/themes\/bienen\/assets\/images\/avatar-placeholder.png\" style=\"border-radius: 30px;\" height=\"30\" width=\"30\">\n            Jeanette            <\/div>\n    \n    <p class=\"categories meta bienen-gewinner\"><span class=\"fa fa-trophy\"                                                              aria-hidden=\"true\"><\/span> Gewinner<\/p>\n            <p class=\"categories meta\" style=\"width: 100%\"><span class=\"fa fa-tag\"\n                                                             aria-hidden=\"true\"><\/span> Privatg\u00e4rten und G\u00e4rten von Mietwohnungen (kleiner als 500 Quadratmeter)        <\/p>\n    \n            <p class=\"categories meta\" style=\"width: 100%\"><span class=\"fa fa-map-marker\"\n                                                             aria-hidden=\"true\"><\/span> Nordrhein-Westfalen        <\/p>\n    \n<\/article>\n   \n\t\t\n          <article id=\"post-43363\" class=\"et_pb_post post-43363 wtwfb_entry type-wtwfb_entry status-publish hentry wtwfb_category-kleingartenwesen-parzellen-und-gemeinschaftsgaerten wtwfb_region-nordrhein-westfalen\">\n    <h2 class=\"entry-title\"><a href=\"https:\/\/wettbewerb-archiv.wir-tun-was-fuer-bienen.de\/archiv-2021\/eintrag\/neues-jahr-neue-ideen\/\">Neues Jahr, neue Ideen<\/a>\n    <\/h2>\n    <a href=\"https:\/\/wettbewerb-archiv.wir-tun-was-fuer-bienen.de\/archiv-2021\/eintrag\/neues-jahr-neue-ideen\/\">\n        <div class=\"bienen-entry-image\">\n                                <\/div>\n    <\/a>\n\n    <div class=\"images-grid\"><\/div>\n\n    <div class=\"user flex\">\n        \n                    <img decoding=\"async\" src=\"https:\/\/wettbewerb-archiv.wir-tun-was-fuer-bienen.de\/archiv-2021\/wp-content\/themes\/bienen\/assets\/images\/avatar-placeholder.png\" style=\"border-radius: 30px;\" height=\"30\" width=\"30\">\n            Kerstin Halasik            <\/div>\n    \n    \n            <p class=\"categories meta\" style=\"width: 100%\"><span class=\"fa fa-tag\"\n                                                             aria-hidden=\"true\"><\/span> Kleingartenwesen: Parzellen und Gemeinschaftsg\u00e4rten        <\/p>\n    \n            <p class=\"categories meta\" style=\"width: 100%\"><span class=\"fa fa-map-marker\"\n                                                             aria-hidden=\"true\"><\/span> Nordrhein-Westfalen        <\/p>\n    \n<\/article>\n   \n\t\t\n          <article id=\"post-43323\" class=\"et_pb_post post-43323 wtwfb_entry type-wtwfb_entry status-publish has-post-thumbnail hentry wtwfb_category-privatgaerten-und-gaerten-von-mietwohnungen-kleiner-500-quadratmeter wtwfb_region-thueringen\">\n    <h2 class=\"entry-title\"><a href=\"https:\/\/wettbewerb-archiv.wir-tun-was-fuer-bienen.de\/archiv-2021\/eintrag\/ein-bienenfreundlicherer-garten\/\">Ein bienenfreundlicherer Garten<\/a>\n    <\/h2>\n    <a href=\"https:\/\/wettbewerb-archiv.wir-tun-was-fuer-bienen.de\/archiv-2021\/eintrag\/ein-bienenfreundlicherer-garten\/\">\n        <div class=\"bienen-entry-image\">\n            <img decoding=\"async\" width=\"400\" height=\"300\" src=\"https:\/\/wettbewerb-archiv.wir-tun-was-fuer-bienen.de\/archiv-2021\/wp-content\/uploads\/sites\/3\/2021\/05\/collagekl-400x300.jpg\" class=\"attachment-bienen-grid-thumb size-bienen-grid-thumb wp-post-image\" alt=\"\" loading=\"lazy\" \/>                    <\/div>\n    <\/a>\n\n    <div class=\"images-grid\"><span><a href=\"https:\/\/wettbewerb-archiv.wir-tun-was-fuer-bienen.de\/archiv-2021\/eintrag\/ein-bienenfreundlicherer-garten\/\"><img decoding=\"async\" width=\"150\" height=\"150\" src=\"https:\/\/wettbewerb-archiv.wir-tun-was-fuer-bienen.de\/archiv-2021\/wp-content\/uploads\/sites\/3\/2021\/05\/erdel-150x150.jpg\" class=\"attachment-thumbnail size-thumbnail\" alt=\"\" loading=\"lazy\" \/><\/a><\/span><span><a href=\"https:\/\/wettbewerb-archiv.wir-tun-was-fuer-bienen.de\/archiv-2021\/eintrag\/ein-bienenfreundlicherer-garten\/\"><img decoding=\"async\" width=\"150\" height=\"150\" src=\"https:\/\/wettbewerb-archiv.wir-tun-was-fuer-bienen.de\/archiv-2021\/wp-content\/uploads\/sites\/3\/2021\/05\/samen-150x150.jpg\" class=\"attachment-thumbnail size-thumbnail\" alt=\"\" loading=\"lazy\" \/><\/a><\/span><span><a href=\"https:\/\/wettbewerb-archiv.wir-tun-was-fuer-bienen.de\/archiv-2021\/eintrag\/ein-bienenfreundlicherer-garten\/\"><img decoding=\"async\" width=\"150\" height=\"150\" src=\"https:\/\/wettbewerb-archiv.wir-tun-was-fuer-bienen.de\/archiv-2021\/wp-content\/uploads\/sites\/3\/2021\/05\/wasser-150x150.jpg\" class=\"attachment-thumbnail size-thumbnail\" alt=\"\" loading=\"lazy\" \/><\/a><\/span><span><a href=\"https:\/\/wettbewerb-archiv.wir-tun-was-fuer-bienen.de\/archiv-2021\/eintrag\/ein-bienenfreundlicherer-garten\/\"><img decoding=\"async\" width=\"150\" height=\"150\" src=\"https:\/\/wettbewerb-archiv.wir-tun-was-fuer-bienen.de\/archiv-2021\/wp-content\/uploads\/sites\/3\/2021\/05\/fruehbeet-1-150x150.jpg\" class=\"attachment-thumbnail size-thumbnail\" alt=\"\" loading=\"lazy\" \/><\/a><\/span><\/div>\n\n    <div class=\"user flex\">\n        \n                    <img decoding=\"async\" src=\"https:\/\/wettbewerb-archiv.wir-tun-was-fuer-bienen.de\/archiv-2021\/wp-content\/themes\/bienen\/assets\/images\/avatar-placeholder.png\" style=\"border-radius: 30px;\" height=\"30\" width=\"30\">\n            Anne_Abeille            <\/div>\n    \n    \n            <p class=\"categories meta\" style=\"width: 100%\"><span class=\"fa fa-tag\"\n                                                             aria-hidden=\"true\"><\/span> Privatg\u00e4rten und G\u00e4rten von Mietwohnungen (kleiner als 500 Quadratmeter)        <\/p>\n    \n            <p class=\"categories meta\" style=\"width: 100%\"><span class=\"fa fa-map-marker\"\n                                                             aria-hidden=\"true\"><\/span> Th\u00fcringen        <\/p>\n    \n<\/article>\n   \n\t\t\n          <article id=\"post-43275\" class=\"et_pb_post post-43275 wtwfb_entry type-wtwfb_entry status-publish has-post-thumbnail hentry wtwfb_category-bestehende-naturgaerten wtwfb_region-bayern\">\n    <h2 class=\"entry-title\"><a href=\"https:\/\/wettbewerb-archiv.wir-tun-was-fuer-bienen.de\/archiv-2021\/eintrag\/imkerverein-schwarzenfeld\/\">Imkerverein Schwarzenfeld<\/a>\n    <\/h2>\n    <a href=\"https:\/\/wettbewerb-archiv.wir-tun-was-fuer-bienen.de\/archiv-2021\/eintrag\/imkerverein-schwarzenfeld\/\">\n        <div class=\"bienen-entry-image\">\n            <img decoding=\"async\" width=\"400\" height=\"300\" src=\"https:\/\/wettbewerb-archiv.wir-tun-was-fuer-bienen.de\/archiv-2021\/wp-content\/uploads\/sites\/3\/2021\/05\/DJI_0095-400x300.jpg\" class=\"attachment-bienen-grid-thumb size-bienen-grid-thumb wp-post-image\" alt=\"\" loading=\"lazy\" \/>                    <\/div>\n    <\/a>\n\n    <div class=\"images-grid\"><\/div>\n\n    <div class=\"user flex\">\n        \n                    <img decoding=\"async\" src=\"https:\/\/wettbewerb-archiv.wir-tun-was-fuer-bienen.de\/archiv-2021\/wp-content\/themes\/bienen\/assets\/images\/avatar-placeholder.png\" style=\"border-radius: 30px;\" height=\"30\" width=\"30\">\n            Imkerverein Schwarzenfeld            <\/div>\n    \n    \n            <p class=\"categories meta\" style=\"width: 100%\"><span class=\"fa fa-tag\"\n                                                             aria-hidden=\"true\"><\/span> Bestehende Naturg\u00e4rten (ohne Pflanzaktionen)        <\/p>\n    \n            <p class=\"categories meta\" style=\"width: 100%\"><span class=\"fa fa-map-marker\"\n                                                             aria-hidden=\"true\"><\/span> Bayern        <\/p>\n    \n<\/article>\n   \n\t\t\n          <article id=\"post-43258\" class=\"et_pb_post post-43258 wtwfb_entry type-wtwfb_entry status-publish has-post-thumbnail hentry wtwfb_category-kommunale-flaechen-parks-baumscheiben wtwfb_region-berlin\">\n    <h2 class=\"entry-title\"><a href=\"https:\/\/wettbewerb-archiv.wir-tun-was-fuer-bienen.de\/archiv-2021\/eintrag\/bienenparadies-vor-der-kirche\/\">Bienenparadies vor der Kirche<\/a>\n    <\/h2>\n    <a href=\"https:\/\/wettbewerb-archiv.wir-tun-was-fuer-bienen.de\/archiv-2021\/eintrag\/bienenparadies-vor-der-kirche\/\">\n        <div class=\"bienen-entry-image\">\n            <img decoding=\"async\" width=\"400\" height=\"300\" src=\"https:\/\/wettbewerb-archiv.wir-tun-was-fuer-bienen.de\/archiv-2021\/wp-content\/uploads\/sites\/3\/2021\/07\/SWSG4397-400x300.jpg\" class=\"attachment-bienen-grid-thumb size-bienen-grid-thumb wp-post-image\" alt=\"\" loading=\"lazy\" \/>                    <\/div>\n    <\/a>\n\n    <div class=\"images-grid\"><span><a href=\"https:\/\/wettbewerb-archiv.wir-tun-was-fuer-bienen.de\/archiv-2021\/eintrag\/bienenparadies-vor-der-kirche\/\"><img decoding=\"async\" width=\"150\" height=\"150\" src=\"https:\/\/wettbewerb-archiv.wir-tun-was-fuer-bienen.de\/archiv-2021\/wp-content\/uploads\/sites\/3\/2021\/07\/IMG_7264-150x150.jpg\" class=\"attachment-thumbnail size-thumbnail\" alt=\"\" loading=\"lazy\" \/><\/a><\/span><span><a href=\"https:\/\/wettbewerb-archiv.wir-tun-was-fuer-bienen.de\/archiv-2021\/eintrag\/bienenparadies-vor-der-kirche\/\"><img decoding=\"async\" width=\"150\" height=\"150\" src=\"https:\/\/wettbewerb-archiv.wir-tun-was-fuer-bienen.de\/archiv-2021\/wp-content\/uploads\/sites\/3\/2021\/07\/IMG_7286-150x150.jpg\" class=\"attachment-thumbnail size-thumbnail\" alt=\"\" loading=\"lazy\" \/><\/a><\/span><span><a href=\"https:\/\/wettbewerb-archiv.wir-tun-was-fuer-bienen.de\/archiv-2021\/eintrag\/bienenparadies-vor-der-kirche\/\"><img decoding=\"async\" width=\"150\" height=\"150\" src=\"https:\/\/wettbewerb-archiv.wir-tun-was-fuer-bienen.de\/archiv-2021\/wp-content\/uploads\/sites\/3\/2021\/07\/IMG_7298-150x150.jpg\" class=\"attachment-thumbnail size-thumbnail\" alt=\"\" loading=\"lazy\" \/><\/a><\/span><span><a href=\"https:\/\/wettbewerb-archiv.wir-tun-was-fuer-bienen.de\/archiv-2021\/eintrag\/bienenparadies-vor-der-kirche\/\"><img decoding=\"async\" width=\"150\" height=\"150\" src=\"https:\/\/wettbewerb-archiv.wir-tun-was-fuer-bienen.de\/archiv-2021\/wp-content\/uploads\/sites\/3\/2021\/07\/IMG_7373-150x150.jpg\" class=\"attachment-thumbnail size-thumbnail\" alt=\"\" loading=\"lazy\" \/><\/a><\/span><\/div>\n\n    <div class=\"user flex\">\n        \n                    <img decoding=\"async\" src=\"https:\/\/wettbewerb-archiv.wir-tun-was-fuer-bienen.de\/archiv-2021\/wp-content\/themes\/bienen\/assets\/images\/avatar-placeholder.png\" style=\"border-radius: 30px;\" height=\"30\" width=\"30\">\n            Summgebrumm            <\/div>\n    \n    \n            <p class=\"categories meta\" style=\"width: 100%\"><span class=\"fa fa-tag\"\n                                                             aria-hidden=\"true\"><\/span> Kommunale Fl\u00e4chen, Parks, Baumscheiben        <\/p>\n    \n            <p class=\"categories meta\" style=\"width: 100%\"><span class=\"fa fa-map-marker\"\n                                                             aria-hidden=\"true\"><\/span> Berlin        <\/p>\n    \n<\/article>\n   \n\t\t\n          <article id=\"post-43247\" class=\"et_pb_post post-43247 wtwfb_entry type-wtwfb_entry status-publish has-post-thumbnail hentry wtwfb_category-firmen-institutions-und-vereinsgaerten wtwfb_region-berlin\">\n    <h2 class=\"entry-title\"><a href=\"https:\/\/wettbewerb-archiv.wir-tun-was-fuer-bienen.de\/archiv-2021\/eintrag\/der-friedhof-brummt\/\">Auf dem Friedhof soll es brummen<\/a>\n    <\/h2>\n    <a href=\"https:\/\/wettbewerb-archiv.wir-tun-was-fuer-bienen.de\/archiv-2021\/eintrag\/der-friedhof-brummt\/\">\n        <div class=\"bienen-entry-image\">\n            <img decoding=\"async\" width=\"400\" height=\"300\" src=\"https:\/\/wettbewerb-archiv.wir-tun-was-fuer-bienen.de\/archiv-2021\/wp-content\/uploads\/sites\/3\/2021\/05\/IMG_7138-400x300.jpg\" class=\"attachment-bienen-grid-thumb size-bienen-grid-thumb wp-post-image\" alt=\"\" loading=\"lazy\" \/>                    <\/div>\n    <\/a>\n\n    <div class=\"images-grid\"><span><a href=\"https:\/\/wettbewerb-archiv.wir-tun-was-fuer-bienen.de\/archiv-2021\/eintrag\/der-friedhof-brummt\/\"><img decoding=\"async\" width=\"150\" height=\"150\" src=\"https:\/\/wettbewerb-archiv.wir-tun-was-fuer-bienen.de\/archiv-2021\/wp-content\/uploads\/sites\/3\/2021\/05\/IMG_7141-150x150.jpg\" class=\"attachment-thumbnail size-thumbnail\" alt=\"\" loading=\"lazy\" \/><\/a><\/span><span><a href=\"https:\/\/wettbewerb-archiv.wir-tun-was-fuer-bienen.de\/archiv-2021\/eintrag\/der-friedhof-brummt\/\"><img decoding=\"async\" width=\"150\" height=\"150\" src=\"https:\/\/wettbewerb-archiv.wir-tun-was-fuer-bienen.de\/archiv-2021\/wp-content\/uploads\/sites\/3\/2021\/05\/IMG_7150-150x150.jpg\" class=\"attachment-thumbnail size-thumbnail\" alt=\"\" loading=\"lazy\" \/><\/a><\/span><span><a href=\"https:\/\/wettbewerb-archiv.wir-tun-was-fuer-bienen.de\/archiv-2021\/eintrag\/der-friedhof-brummt\/\"><img decoding=\"async\" width=\"150\" height=\"150\" src=\"https:\/\/wettbewerb-archiv.wir-tun-was-fuer-bienen.de\/archiv-2021\/wp-content\/uploads\/sites\/3\/2021\/05\/IMG_7151-150x150.jpg\" class=\"attachment-thumbnail size-thumbnail\" alt=\"\" loading=\"lazy\" \/><\/a><\/span><span><a href=\"https:\/\/wettbewerb-archiv.wir-tun-was-fuer-bienen.de\/archiv-2021\/eintrag\/der-friedhof-brummt\/\"><img decoding=\"async\" width=\"150\" height=\"150\" src=\"https:\/\/wettbewerb-archiv.wir-tun-was-fuer-bienen.de\/archiv-2021\/wp-content\/uploads\/sites\/3\/2021\/05\/IMG_7152-150x150.jpg\" class=\"attachment-thumbnail size-thumbnail\" alt=\"\" loading=\"lazy\" \/><\/a><\/span><\/div>\n\n    <div class=\"user flex\">\n        \n                    <img decoding=\"async\" src=\"https:\/\/wettbewerb-archiv.wir-tun-was-fuer-bienen.de\/archiv-2021\/wp-content\/themes\/bienen\/assets\/images\/avatar-placeholder.png\" style=\"border-radius: 30px;\" height=\"30\" width=\"30\">\n            Summgebrumm            <\/div>\n    \n    \n            <p class=\"categories meta\" style=\"width: 100%\"><span class=\"fa fa-tag\"\n                                                             aria-hidden=\"true\"><\/span> Firmen-, Institutions- und Vereinsg\u00e4rten        <\/p>\n    \n            <p class=\"categories meta\" style=\"width: 100%\"><span class=\"fa fa-map-marker\"\n                                                             aria-hidden=\"true\"><\/span> Berlin        <\/p>\n    \n<\/article>\n   \n\t\t\n          <article id=\"post-43243\" class=\"et_pb_post post-43243 wtwfb_entry type-wtwfb_entry status-publish has-post-thumbnail hentry wtwfb_category-firmen-institutions-und-vereinsgaerten wtwfb_region-brandenburg\">\n    <h2 class=\"entry-title\"><a href=\"https:\/\/wettbewerb-archiv.wir-tun-was-fuer-bienen.de\/archiv-2021\/eintrag\/wildblumenwiese-ergaenzt-mit-bunter-staudenmischung\/\">Wildblumenwiese erg\u00e4nzt mit bunter Staudenmischung<\/a>\n    <\/h2>\n    <a href=\"https:\/\/wettbewerb-archiv.wir-tun-was-fuer-bienen.de\/archiv-2021\/eintrag\/wildblumenwiese-ergaenzt-mit-bunter-staudenmischung\/\">\n        <div class=\"bienen-entry-image\">\n            <img decoding=\"async\" width=\"400\" height=\"300\" src=\"https:\/\/wettbewerb-archiv.wir-tun-was-fuer-bienen.de\/archiv-2021\/wp-content\/uploads\/sites\/3\/2021\/05\/IMG_6798-400x300.jpg\" class=\"attachment-bienen-grid-thumb size-bienen-grid-thumb wp-post-image\" alt=\"\" loading=\"lazy\" \/>                    <\/div>\n    <\/a>\n\n    <div class=\"images-grid\"><span><a href=\"https:\/\/wettbewerb-archiv.wir-tun-was-fuer-bienen.de\/archiv-2021\/eintrag\/wildblumenwiese-ergaenzt-mit-bunter-staudenmischung\/\"><img decoding=\"async\" width=\"150\" height=\"150\" src=\"https:\/\/wettbewerb-archiv.wir-tun-was-fuer-bienen.de\/archiv-2021\/wp-content\/uploads\/sites\/3\/2021\/05\/IMG_6797-150x150.jpg\" class=\"attachment-thumbnail size-thumbnail\" alt=\"\" loading=\"lazy\" \/><\/a><\/span><span><a href=\"https:\/\/wettbewerb-archiv.wir-tun-was-fuer-bienen.de\/archiv-2021\/eintrag\/wildblumenwiese-ergaenzt-mit-bunter-staudenmischung\/\"><img decoding=\"async\" width=\"150\" height=\"150\" src=\"https:\/\/wettbewerb-archiv.wir-tun-was-fuer-bienen.de\/archiv-2021\/wp-content\/uploads\/sites\/3\/2021\/05\/IMG_6801-150x150.jpg\" class=\"attachment-thumbnail size-thumbnail\" alt=\"\" loading=\"lazy\" \/><\/a><\/span><\/div>\n\n    <div class=\"user flex\">\n        \n                    <img decoding=\"async\" src=\"https:\/\/wettbewerb-archiv.wir-tun-was-fuer-bienen.de\/archiv-2021\/wp-content\/themes\/bienen\/assets\/images\/avatar-placeholder.png\" style=\"border-radius: 30px;\" height=\"30\" width=\"30\">\n            Summgebrumm            <\/div>\n    \n    \n            <p class=\"categories meta\" style=\"width: 100%\"><span class=\"fa fa-tag\"\n                                                             aria-hidden=\"true\"><\/span> Firmen-, Institutions- und Vereinsg\u00e4rten        <\/p>\n    \n            <p class=\"categories meta\" style=\"width: 100%\"><span class=\"fa fa-map-marker\"\n                                                             aria-hidden=\"true\"><\/span> Brandenburg        <\/p>\n    \n<\/article>\n   \n\t\t\n          <article id=\"post-43227\" class=\"et_pb_post post-43227 wtwfb_entry type-wtwfb_entry status-publish has-post-thumbnail hentry wtwfb_category-kita-und-kindergartengaerten wtwfb_region-thueringen\">\n    <h2 class=\"entry-title\"><a href=\"https:\/\/wettbewerb-archiv.wir-tun-was-fuer-bienen.de\/archiv-2021\/eintrag\/kita-kruemel-projekt-wir-gehen-raus\/\">Kita Kr\u00fcmel Projekt Wir gehen raus<\/a>\n    <\/h2>\n    <a href=\"https:\/\/wettbewerb-archiv.wir-tun-was-fuer-bienen.de\/archiv-2021\/eintrag\/kita-kruemel-projekt-wir-gehen-raus\/\">\n        <div class=\"bienen-entry-image\">\n            <img decoding=\"async\" width=\"400\" height=\"300\" src=\"https:\/\/wettbewerb-archiv.wir-tun-was-fuer-bienen.de\/archiv-2021\/wp-content\/uploads\/sites\/3\/2021\/05\/26A086C5-B4F3-424E-B979-57294545ED5F-400x300.jpeg\" class=\"attachment-bienen-grid-thumb size-bienen-grid-thumb wp-post-image\" alt=\"\" loading=\"lazy\" \/>                    <\/div>\n    <\/a>\n\n    <div class=\"images-grid\"><span><a href=\"https:\/\/wettbewerb-archiv.wir-tun-was-fuer-bienen.de\/archiv-2021\/eintrag\/kita-kruemel-projekt-wir-gehen-raus\/\"><img decoding=\"async\" width=\"150\" height=\"150\" src=\"https:\/\/wettbewerb-archiv.wir-tun-was-fuer-bienen.de\/archiv-2021\/wp-content\/uploads\/sites\/3\/2021\/07\/PHOTO-2021-07-30-18-33-51-150x150.jpg\" class=\"attachment-thumbnail size-thumbnail\" alt=\"\" loading=\"lazy\" \/><\/a><\/span><span><a href=\"https:\/\/wettbewerb-archiv.wir-tun-was-fuer-bienen.de\/archiv-2021\/eintrag\/kita-kruemel-projekt-wir-gehen-raus\/\"><img decoding=\"async\" width=\"150\" height=\"150\" src=\"https:\/\/wettbewerb-archiv.wir-tun-was-fuer-bienen.de\/archiv-2021\/wp-content\/uploads\/sites\/3\/2021\/07\/memory-150x150.jpg\" class=\"attachment-thumbnail size-thumbnail\" alt=\"\" loading=\"lazy\" \/><\/a><\/span><span><a href=\"https:\/\/wettbewerb-archiv.wir-tun-was-fuer-bienen.de\/archiv-2021\/eintrag\/kita-kruemel-projekt-wir-gehen-raus\/\"><img decoding=\"async\" width=\"150\" height=\"150\" src=\"https:\/\/wettbewerb-archiv.wir-tun-was-fuer-bienen.de\/archiv-2021\/wp-content\/uploads\/sites\/3\/2021\/07\/stoeck-150x150.jpg\" class=\"attachment-thumbnail size-thumbnail\" alt=\"\" loading=\"lazy\" \/><\/a><\/span><span><a href=\"https:\/\/wettbewerb-archiv.wir-tun-was-fuer-bienen.de\/archiv-2021\/eintrag\/kita-kruemel-projekt-wir-gehen-raus\/\"><img decoding=\"async\" width=\"150\" height=\"150\" src=\"https:\/\/wettbewerb-archiv.wir-tun-was-fuer-bienen.de\/archiv-2021\/wp-content\/uploads\/sites\/3\/2021\/07\/buntzern-150x150.jpg\" class=\"attachment-thumbnail size-thumbnail\" alt=\"\" loading=\"lazy\" \/><\/a><\/span><\/div>\n\n    <div class=\"user flex\">\n        \n                    <img decoding=\"async\" src=\"https:\/\/wettbewerb-archiv.wir-tun-was-fuer-bienen.de\/archiv-2021\/wp-content\/themes\/bienen\/assets\/images\/avatar-placeholder.png\" style=\"border-radius: 30px;\" height=\"30\" width=\"30\">\n            Wirgehenraus            <\/div>\n    \n    <p class=\"categories meta bienen-gewinner\"><span class=\"fa fa-trophy\"                                                              aria-hidden=\"true\"><\/span> Gewinner<\/p>\n            <p class=\"categories meta\" style=\"width: 100%\"><span class=\"fa fa-tag\"\n                                                             aria-hidden=\"true\"><\/span> Kita- und Kindergarteng\u00e4rten        <\/p>\n    \n            <p class=\"categories meta\" style=\"width: 100%\"><span class=\"fa fa-map-marker\"\n                                                             aria-hidden=\"true\"><\/span> Th\u00fcringen        <\/p>\n    \n<\/article>\n   \n\t\t\n          <article id=\"post-43156\" class=\"et_pb_post post-43156 wtwfb_entry type-wtwfb_entry status-publish has-post-thumbnail hentry wtwfb_category-privatgaerten-und-gaerten-von-mietwohnungen-kleiner-500-quadratmeter wtwfb_region-sachsen-anhalt\">\n    <h2 class=\"entry-title\"><a href=\"https:\/\/wettbewerb-archiv.wir-tun-was-fuer-bienen.de\/archiv-2021\/eintrag\/kleine-wiese-fuer-bienen-schmetterlinge-und-andere-insekten\/\">Kleine Wiese f\u00fcr Bienen, Schmetterlinge und andere Ins...<\/a>\n    <\/h2>\n    <a href=\"https:\/\/wettbewerb-archiv.wir-tun-was-fuer-bienen.de\/archiv-2021\/eintrag\/kleine-wiese-fuer-bienen-schmetterlinge-und-andere-insekten\/\">\n        <div class=\"bienen-entry-image\">\n            <img decoding=\"async\" width=\"400\" height=\"300\" src=\"https:\/\/wettbewerb-archiv.wir-tun-was-fuer-bienen.de\/archiv-2021\/wp-content\/uploads\/sites\/3\/2021\/05\/K800_20190707_141941-400x300.jpg\" class=\"attachment-bienen-grid-thumb size-bienen-grid-thumb wp-post-image\" alt=\"\" loading=\"lazy\" \/>                    <\/div>\n    <\/a>\n\n    <div class=\"images-grid\"><span><a href=\"https:\/\/wettbewerb-archiv.wir-tun-was-fuer-bienen.de\/archiv-2021\/eintrag\/kleine-wiese-fuer-bienen-schmetterlinge-und-andere-insekten\/\"><img decoding=\"async\" width=\"150\" height=\"150\" src=\"https:\/\/wettbewerb-archiv.wir-tun-was-fuer-bienen.de\/archiv-2021\/wp-content\/uploads\/sites\/3\/2021\/05\/Bienenwiese-zu-Hause-14-150x150.jpeg\" class=\"attachment-thumbnail size-thumbnail\" alt=\"\" loading=\"lazy\" \/><\/a><\/span><span><a href=\"https:\/\/wettbewerb-archiv.wir-tun-was-fuer-bienen.de\/archiv-2021\/eintrag\/kleine-wiese-fuer-bienen-schmetterlinge-und-andere-insekten\/\"><img decoding=\"async\" width=\"150\" height=\"150\" src=\"https:\/\/wettbewerb-archiv.wir-tun-was-fuer-bienen.de\/archiv-2021\/wp-content\/uploads\/sites\/3\/2021\/05\/Bienenwiese-zu-Hause-15-150x150.jpeg\" class=\"attachment-thumbnail size-thumbnail\" alt=\"\" loading=\"lazy\" \/><\/a><\/span><span><a href=\"https:\/\/wettbewerb-archiv.wir-tun-was-fuer-bienen.de\/archiv-2021\/eintrag\/kleine-wiese-fuer-bienen-schmetterlinge-und-andere-insekten\/\"><img decoding=\"async\" width=\"150\" height=\"150\" src=\"https:\/\/wettbewerb-archiv.wir-tun-was-fuer-bienen.de\/archiv-2021\/wp-content\/uploads\/sites\/3\/2021\/05\/Bienenwiese-zu-Hause-17-150x150.jpeg\" class=\"attachment-thumbnail size-thumbnail\" alt=\"\" loading=\"lazy\" \/><\/a><\/span><span><a href=\"https:\/\/wettbewerb-archiv.wir-tun-was-fuer-bienen.de\/archiv-2021\/eintrag\/kleine-wiese-fuer-bienen-schmetterlinge-und-andere-insekten\/\"><img decoding=\"async\" width=\"150\" height=\"150\" src=\"https:\/\/wettbewerb-archiv.wir-tun-was-fuer-bienen.de\/archiv-2021\/wp-content\/uploads\/sites\/3\/2021\/05\/Bienenwiese-zu-Hause-18-150x150.jpeg\" class=\"attachment-thumbnail size-thumbnail\" alt=\"\" loading=\"lazy\" \/><\/a><\/span><\/div>\n\n    <div class=\"user flex\">\n        \n                    <img decoding=\"async\" src=\"https:\/\/wettbewerb-archiv.wir-tun-was-fuer-bienen.de\/archiv-2021\/wp-content\/themes\/bienen\/assets\/images\/avatar-placeholder.png\" style=\"border-radius: 30px;\" height=\"30\" width=\"30\">\n            Garten-Wiesenprojekt            <\/div>\n    \n    \n            <p class=\"categories meta\" style=\"width: 100%\"><span class=\"fa fa-tag\"\n                                                             aria-hidden=\"true\"><\/span> Privatg\u00e4rten und G\u00e4rten von Mietwohnungen (kleiner als 500 Quadratmeter)        <\/p>\n    \n            <p class=\"categories meta\" style=\"width: 100%\"><span class=\"fa fa-map-marker\"\n                                                             aria-hidden=\"true\"><\/span> Sachsen-Anhalt        <\/p>\n    \n<\/article>\n   \n\t\t\n          <article id=\"post-43099\" class=\"et_pb_post post-43099 wtwfb_entry type-wtwfb_entry status-publish has-post-thumbnail hentry wtwfb_category-kita-und-kindergartengaerten wtwfb_region-baden-wuerttemberg\">\n    <h2 class=\"entry-title\"><a href=\"https:\/\/wettbewerb-archiv.wir-tun-was-fuer-bienen.de\/archiv-2021\/eintrag\/unser-kraeutergarten-ensteht\/\">Unser Kr\u00e4utergarten ensteht<\/a>\n    <\/h2>\n    <a href=\"https:\/\/wettbewerb-archiv.wir-tun-was-fuer-bienen.de\/archiv-2021\/eintrag\/unser-kraeutergarten-ensteht\/\">\n        <div class=\"bienen-entry-image\">\n            <img decoding=\"async\" width=\"400\" height=\"300\" src=\"https:\/\/wettbewerb-archiv.wir-tun-was-fuer-bienen.de\/archiv-2021\/wp-content\/uploads\/sites\/3\/2021\/05\/IMG_20200904_113319832-400x300.jpg\" class=\"attachment-bienen-grid-thumb size-bienen-grid-thumb wp-post-image\" alt=\"\" loading=\"lazy\" \/>                    <\/div>\n    <\/a>\n\n    <div class=\"images-grid\"><\/div>\n\n    <div class=\"user flex\">\n        \n                    <img decoding=\"async\" src=\"https:\/\/wettbewerb-archiv.wir-tun-was-fuer-bienen.de\/archiv-2021\/wp-content\/themes\/bienen\/assets\/images\/avatar-placeholder.png\" style=\"border-radius: 30px;\" height=\"30\" width=\"30\">\n            Annett Franke            <\/div>\n    \n    \n            <p class=\"categories meta\" style=\"width: 100%\"><span class=\"fa fa-tag\"\n                                                             aria-hidden=\"true\"><\/span> Kita- und Kindergarteng\u00e4rten        <\/p>\n    \n            <p class=\"categories meta\" style=\"width: 100%\"><span class=\"fa fa-map-marker\"\n                                                             aria-hidden=\"true\"><\/span> Baden-W\u00fcrttemberg        <\/p>\n    \n<\/article>\n   \n\t\t\n          <article id=\"post-43054\" class=\"et_pb_post post-43054 wtwfb_entry type-wtwfb_entry status-publish has-post-thumbnail hentry wtwfb_category-kita-und-kindergartengaerten wtwfb_region-thueringen\">\n    <h2 class=\"entry-title\"><a href=\"https:\/\/wettbewerb-archiv.wir-tun-was-fuer-bienen.de\/archiv-2021\/eintrag\/aufruf-zum-verweilflug\/\">Aufruf zum Verweilflug<\/a>\n    <\/h2>\n    <a href=\"https:\/\/wettbewerb-archiv.wir-tun-was-fuer-bienen.de\/archiv-2021\/eintrag\/aufruf-zum-verweilflug\/\">\n        <div class=\"bienen-entry-image\">\n            <img decoding=\"async\" width=\"400\" height=\"300\" src=\"https:\/\/wettbewerb-archiv.wir-tun-was-fuer-bienen.de\/archiv-2021\/wp-content\/uploads\/sites\/3\/2021\/07\/Suchanzeige_neu-400x300.jpg\" class=\"attachment-bienen-grid-thumb size-bienen-grid-thumb wp-post-image\" alt=\"\" loading=\"lazy\" \/>                    <\/div>\n    <\/a>\n\n    <div class=\"images-grid\"><span><a href=\"https:\/\/wettbewerb-archiv.wir-tun-was-fuer-bienen.de\/archiv-2021\/eintrag\/aufruf-zum-verweilflug\/\"><img decoding=\"async\" width=\"150\" height=\"150\" src=\"https:\/\/wettbewerb-archiv.wir-tun-was-fuer-bienen.de\/archiv-2021\/wp-content\/uploads\/sites\/3\/2021\/05\/IMG_0839-150x150.jpg\" class=\"attachment-thumbnail size-thumbnail\" alt=\"\" loading=\"lazy\" \/><\/a><\/span><span><a href=\"https:\/\/wettbewerb-archiv.wir-tun-was-fuer-bienen.de\/archiv-2021\/eintrag\/aufruf-zum-verweilflug\/\"><img decoding=\"async\" width=\"150\" height=\"150\" src=\"https:\/\/wettbewerb-archiv.wir-tun-was-fuer-bienen.de\/archiv-2021\/wp-content\/uploads\/sites\/3\/2021\/05\/IMG_0874-150x150.jpg\" class=\"attachment-thumbnail size-thumbnail\" alt=\"\" loading=\"lazy\" \/><\/a><\/span><span><a href=\"https:\/\/wettbewerb-archiv.wir-tun-was-fuer-bienen.de\/archiv-2021\/eintrag\/aufruf-zum-verweilflug\/\"><img decoding=\"async\" width=\"150\" height=\"150\" src=\"https:\/\/wettbewerb-archiv.wir-tun-was-fuer-bienen.de\/archiv-2021\/wp-content\/uploads\/sites\/3\/2021\/06\/20210606_161912-150x150.jpg\" class=\"attachment-thumbnail size-thumbnail\" alt=\"\" loading=\"lazy\" \/><\/a><\/span><span><a href=\"https:\/\/wettbewerb-archiv.wir-tun-was-fuer-bienen.de\/archiv-2021\/eintrag\/aufruf-zum-verweilflug\/\"><img decoding=\"async\" width=\"150\" height=\"150\" src=\"https:\/\/wettbewerb-archiv.wir-tun-was-fuer-bienen.de\/archiv-2021\/wp-content\/uploads\/sites\/3\/2021\/06\/20210606_162137-150x150.jpg\" class=\"attachment-thumbnail size-thumbnail\" alt=\"\" loading=\"lazy\" \/><\/a><\/span><\/div>\n\n    <div class=\"user flex\">\n        \n                    <img decoding=\"async\" src=\"https:\/\/wettbewerb-archiv.wir-tun-was-fuer-bienen.de\/archiv-2021\/wp-content\/themes\/bienen\/assets\/images\/avatar-placeholder.png\" style=\"border-radius: 30px;\" height=\"30\" width=\"30\">\n            Kindergarten \"Marienk\u00e4fer am Ringelberg\"            <\/div>\n    \n    \n            <p class=\"categories meta\" style=\"width: 100%\"><span class=\"fa fa-tag\"\n                                                             aria-hidden=\"true\"><\/span> Kita- und Kindergarteng\u00e4rten        <\/p>\n    \n            <p class=\"categories meta\" style=\"width: 100%\"><span class=\"fa fa-map-marker\"\n                                                             aria-hidden=\"true\"><\/span> Th\u00fcringen        <\/p>\n    \n<\/article>\n   \n\t\t\n          <article id=\"post-42972\" class=\"et_pb_post post-42972 wtwfb_entry type-wtwfb_entry status-publish has-post-thumbnail hentry wtwfb_category-schul-und-jugendclub-gaerten wtwfb_region-berlin\">\n    <h2 class=\"entry-title\"><a href=\"https:\/\/wettbewerb-archiv.wir-tun-was-fuer-bienen.de\/archiv-2021\/eintrag\/die-beeren-bande\/\">Die Beeren- Bande<\/a>\n    <\/h2>\n    <a href=\"https:\/\/wettbewerb-archiv.wir-tun-was-fuer-bienen.de\/archiv-2021\/eintrag\/die-beeren-bande\/\">\n        <div class=\"bienen-entry-image\">\n            <img decoding=\"async\" width=\"231\" height=\"283\" src=\"https:\/\/wettbewerb-archiv.wir-tun-was-fuer-bienen.de\/archiv-2021\/wp-content\/uploads\/sites\/3\/2021\/07\/k-DSC_1322.jpg\" class=\"attachment-bienen-grid-thumb size-bienen-grid-thumb wp-post-image\" alt=\"\" loading=\"lazy\" \/>                    <\/div>\n    <\/a>\n\n    <div class=\"images-grid\"><span><a href=\"https:\/\/wettbewerb-archiv.wir-tun-was-fuer-bienen.de\/archiv-2021\/eintrag\/die-beeren-bande\/\"><img decoding=\"async\" width=\"150\" height=\"150\" src=\"https:\/\/wettbewerb-archiv.wir-tun-was-fuer-bienen.de\/archiv-2021\/wp-content\/uploads\/sites\/3\/2021\/05\/k-Gaertner-Beeren-3-150x150.jpg\" class=\"attachment-thumbnail size-thumbnail\" alt=\"\" loading=\"lazy\" \/><\/a><\/span><span><a href=\"https:\/\/wettbewerb-archiv.wir-tun-was-fuer-bienen.de\/archiv-2021\/eintrag\/die-beeren-bande\/\"><img decoding=\"async\" width=\"150\" height=\"150\" src=\"https:\/\/wettbewerb-archiv.wir-tun-was-fuer-bienen.de\/archiv-2021\/wp-content\/uploads\/sites\/3\/2021\/05\/k-Gaertner-Beeren-2-150x150.jpg\" class=\"attachment-thumbnail size-thumbnail\" alt=\"\" loading=\"lazy\" \/><\/a><\/span><span><a href=\"https:\/\/wettbewerb-archiv.wir-tun-was-fuer-bienen.de\/archiv-2021\/eintrag\/die-beeren-bande\/\"><img decoding=\"async\" width=\"150\" height=\"150\" src=\"https:\/\/wettbewerb-archiv.wir-tun-was-fuer-bienen.de\/archiv-2021\/wp-content\/uploads\/sites\/3\/2021\/05\/k-DSC_1281-150x150.jpg\" class=\"attachment-thumbnail size-thumbnail\" alt=\"\" loading=\"lazy\" \/><\/a><\/span><span><a href=\"https:\/\/wettbewerb-archiv.wir-tun-was-fuer-bienen.de\/archiv-2021\/eintrag\/die-beeren-bande\/\"><img decoding=\"async\" width=\"150\" height=\"150\" src=\"https:\/\/wettbewerb-archiv.wir-tun-was-fuer-bienen.de\/archiv-2021\/wp-content\/uploads\/sites\/3\/2021\/05\/k-DSC_1273-150x150.jpg\" class=\"attachment-thumbnail size-thumbnail\" alt=\"\" loading=\"lazy\" \/><\/a><\/span><\/div>\n\n    <div class=\"user flex\">\n        \n                    <img decoding=\"async\" src=\"https:\/\/wettbewerb-archiv.wir-tun-was-fuer-bienen.de\/archiv-2021\/wp-content\/themes\/bienen\/assets\/images\/avatar-placeholder.png\" style=\"border-radius: 30px;\" height=\"30\" width=\"30\">\n            Flei\u00dfige Naturforscher            <\/div>\n    \n    \n            <p class=\"categories meta\" style=\"width: 100%\"><span class=\"fa fa-tag\"\n                                                             aria-hidden=\"true\"><\/span> Schul- und Jugendclub-G\u00e4rten        <\/p>\n    \n            <p class=\"categories meta\" style=\"width: 100%\"><span class=\"fa fa-map-marker\"\n                                                             aria-hidden=\"true\"><\/span> Berlin        <\/p>\n    \n<\/article>\n   \n\t\t\n          <article id=\"post-42936\" class=\"et_pb_post post-42936 wtwfb_entry type-wtwfb_entry status-publish has-post-thumbnail hentry wtwfb_category-kommunale-flaechen-parks-baumscheiben wtwfb_region-nordrhein-westfalen\">\n    <h2 class=\"entry-title\"><a href=\"https:\/\/wettbewerb-archiv.wir-tun-was-fuer-bienen.de\/archiv-2021\/eintrag\/gruene-oase-mitten-in-der-stadt-neues-klima-und-umweltprojekt-des-kinder-und-jugendrates-iserlohn\/\">Gr\u00fcne Oase mitten in der Stadt: Neues Klima- und Umwel...<\/a>\n    <\/h2>\n    <a href=\"https:\/\/wettbewerb-archiv.wir-tun-was-fuer-bienen.de\/archiv-2021\/eintrag\/gruene-oase-mitten-in-der-stadt-neues-klima-und-umweltprojekt-des-kinder-und-jugendrates-iserlohn\/\">\n        <div class=\"bienen-entry-image\">\n            <img decoding=\"async\" width=\"400\" height=\"300\" src=\"https:\/\/wettbewerb-archiv.wir-tun-was-fuer-bienen.de\/archiv-2021\/wp-content\/uploads\/sites\/3\/2021\/07\/Bluetensalt-1-400x300.jpg\" class=\"attachment-bienen-grid-thumb size-bienen-grid-thumb wp-post-image\" alt=\"\" loading=\"lazy\" \/>                    <\/div>\n    <\/a>\n\n    <div class=\"images-grid\"><span><a href=\"https:\/\/wettbewerb-archiv.wir-tun-was-fuer-bienen.de\/archiv-2021\/eintrag\/gruene-oase-mitten-in-der-stadt-neues-klima-und-umweltprojekt-des-kinder-und-jugendrates-iserlohn\/\"><img decoding=\"async\" width=\"150\" height=\"150\" src=\"https:\/\/wettbewerb-archiv.wir-tun-was-fuer-bienen.de\/archiv-2021\/wp-content\/uploads\/sites\/3\/2021\/05\/Gruppenfoto-150x150.jpeg\" class=\"attachment-thumbnail size-thumbnail\" alt=\"\" loading=\"lazy\" \/><\/a><\/span><span><a href=\"https:\/\/wettbewerb-archiv.wir-tun-was-fuer-bienen.de\/archiv-2021\/eintrag\/gruene-oase-mitten-in-der-stadt-neues-klima-und-umweltprojekt-des-kinder-und-jugendrates-iserlohn\/\"><img decoding=\"async\" width=\"150\" height=\"150\" src=\"https:\/\/wettbewerb-archiv.wir-tun-was-fuer-bienen.de\/archiv-2021\/wp-content\/uploads\/sites\/3\/2021\/05\/Baumschnitt-150x150.jpeg\" class=\"attachment-thumbnail size-thumbnail\" alt=\"\" loading=\"lazy\" \/><\/a><\/span><span><a href=\"https:\/\/wettbewerb-archiv.wir-tun-was-fuer-bienen.de\/archiv-2021\/eintrag\/gruene-oase-mitten-in-der-stadt-neues-klima-und-umweltprojekt-des-kinder-und-jugendrates-iserlohn\/\"><img decoding=\"async\" width=\"150\" height=\"150\" src=\"https:\/\/wettbewerb-archiv.wir-tun-was-fuer-bienen.de\/archiv-2021\/wp-content\/uploads\/sites\/3\/2021\/05\/Pflanzloecher-150x150.jpeg\" class=\"attachment-thumbnail size-thumbnail\" alt=\"\" loading=\"lazy\" \/><\/a><\/span><span><a href=\"https:\/\/wettbewerb-archiv.wir-tun-was-fuer-bienen.de\/archiv-2021\/eintrag\/gruene-oase-mitten-in-der-stadt-neues-klima-und-umweltprojekt-des-kinder-und-jugendrates-iserlohn\/\"><img decoding=\"async\" width=\"150\" height=\"150\" src=\"https:\/\/wettbewerb-archiv.wir-tun-was-fuer-bienen.de\/archiv-2021\/wp-content\/uploads\/sites\/3\/2021\/07\/Frieda-und-Madeleine-150x150.jpeg\" class=\"attachment-thumbnail size-thumbnail\" alt=\"\" loading=\"lazy\" \/><\/a><\/span><\/div>\n\n    <div class=\"user flex\">\n        \n                    <img decoding=\"async\" src=\"https:\/\/wettbewerb-archiv.wir-tun-was-fuer-bienen.de\/archiv-2021\/wp-content\/themes\/bienen\/assets\/images\/avatar-placeholder.png\" style=\"border-radius: 30px;\" height=\"30\" width=\"30\">\n            Kinder- und Jugendrat Iserlohn            <\/div>\n    \n    \n            <p class=\"categories meta\" style=\"width: 100%\"><span class=\"fa fa-tag\"\n                                                             aria-hidden=\"true\"><\/span> Kommunale Fl\u00e4chen, Parks, Baumscheiben        <\/p>\n    \n            <p class=\"categories meta\" style=\"width: 100%\"><span class=\"fa fa-map-marker\"\n                                                             aria-hidden=\"true\"><\/span> Nordrhein-Westfalen        <\/p>\n    \n<\/article>\n   \n\t\t\n          <article id=\"post-42830\" class=\"et_pb_post post-42830 wtwfb_entry type-wtwfb_entry status-publish has-post-thumbnail hentry wtwfb_category-kita-und-kindergartengaerten wtwfb_region-nordrhein-westfalen\">\n    <h2 class=\"entry-title\"><a href=\"https:\/\/wettbewerb-archiv.wir-tun-was-fuer-bienen.de\/archiv-2021\/eintrag\/manchmal-dauert-es-etwas-laenger\/\">Manchmal dauert es etwas l\u00e4nger&#8230;<\/a>\n    <\/h2>\n    <a href=\"https:\/\/wettbewerb-archiv.wir-tun-was-fuer-bienen.de\/archiv-2021\/eintrag\/manchmal-dauert-es-etwas-laenger\/\">\n        <div class=\"bienen-entry-image\">\n            <img decoding=\"async\" width=\"400\" height=\"300\" src=\"https:\/\/wettbewerb-archiv.wir-tun-was-fuer-bienen.de\/archiv-2021\/wp-content\/uploads\/sites\/3\/2021\/05\/20210413_151037-400x300.jpg\" class=\"attachment-bienen-grid-thumb size-bienen-grid-thumb wp-post-image\" alt=\"\" loading=\"lazy\" \/>                    <\/div>\n    <\/a>\n\n    <div class=\"images-grid\"><span><a href=\"https:\/\/wettbewerb-archiv.wir-tun-was-fuer-bienen.de\/archiv-2021\/eintrag\/manchmal-dauert-es-etwas-laenger\/\"><img decoding=\"async\" width=\"150\" height=\"150\" src=\"https:\/\/wettbewerb-archiv.wir-tun-was-fuer-bienen.de\/archiv-2021\/wp-content\/uploads\/sites\/3\/2021\/05\/SDC11279-150x150.jpg\" class=\"attachment-thumbnail size-thumbnail\" alt=\"\" loading=\"lazy\" \/><\/a><\/span><span><a href=\"https:\/\/wettbewerb-archiv.wir-tun-was-fuer-bienen.de\/archiv-2021\/eintrag\/manchmal-dauert-es-etwas-laenger\/\"><img decoding=\"async\" width=\"150\" height=\"150\" src=\"https:\/\/wettbewerb-archiv.wir-tun-was-fuer-bienen.de\/archiv-2021\/wp-content\/uploads\/sites\/3\/2021\/05\/20210413_151037-1-150x150.jpg\" class=\"attachment-thumbnail size-thumbnail\" alt=\"\" loading=\"lazy\" \/><\/a><\/span><span><a href=\"https:\/\/wettbewerb-archiv.wir-tun-was-fuer-bienen.de\/archiv-2021\/eintrag\/manchmal-dauert-es-etwas-laenger\/\"><img decoding=\"async\" width=\"150\" height=\"150\" src=\"https:\/\/wettbewerb-archiv.wir-tun-was-fuer-bienen.de\/archiv-2021\/wp-content\/uploads\/sites\/3\/2021\/05\/20210420_102545-150x150.jpg\" class=\"attachment-thumbnail size-thumbnail\" alt=\"\" loading=\"lazy\" \/><\/a><\/span><span><a href=\"https:\/\/wettbewerb-archiv.wir-tun-was-fuer-bienen.de\/archiv-2021\/eintrag\/manchmal-dauert-es-etwas-laenger\/\"><img decoding=\"async\" width=\"150\" height=\"150\" src=\"https:\/\/wettbewerb-archiv.wir-tun-was-fuer-bienen.de\/archiv-2021\/wp-content\/uploads\/sites\/3\/2021\/05\/20210420_102635-150x150.jpg\" class=\"attachment-thumbnail size-thumbnail\" alt=\"\" loading=\"lazy\" \/><\/a><\/span><\/div>\n\n    <div class=\"user flex\">\n        \n                    <img decoding=\"async\" src=\"https:\/\/wettbewerb-archiv.wir-tun-was-fuer-bienen.de\/archiv-2021\/wp-content\/themes\/bienen\/assets\/images\/avatar-placeholder.png\" style=\"border-radius: 30px;\" height=\"30\" width=\"30\">\n            Kita \"Villa Kunterbunt\" Schalksm\u00fchle-Dahlerbr\u00fcck            <\/div>\n    \n    \n            <p class=\"categories meta\" style=\"width: 100%\"><span class=\"fa fa-tag\"\n                                                             aria-hidden=\"true\"><\/span> Kita- und Kindergarteng\u00e4rten        <\/p>\n    \n            <p class=\"categories meta\" style=\"width: 100%\"><span class=\"fa fa-map-marker\"\n                                                             aria-hidden=\"true\"><\/span> Nordrhein-Westfalen        <\/p>\n    \n<\/article>\n   \n\t\t\n          <article id=\"post-42823\" class=\"et_pb_post post-42823 wtwfb_entry type-wtwfb_entry status-publish has-post-thumbnail hentry wtwfb_category-kita-und-kindergartengaerten wtwfb_region-hessen\">\n    <h2 class=\"entry-title\"><a href=\"https:\/\/wettbewerb-archiv.wir-tun-was-fuer-bienen.de\/archiv-2021\/eintrag\/majas-garten\/\">Ella&#8217;s Garten<\/a>\n    <\/h2>\n    <a href=\"https:\/\/wettbewerb-archiv.wir-tun-was-fuer-bienen.de\/archiv-2021\/eintrag\/majas-garten\/\">\n        <div class=\"bienen-entry-image\">\n            <img decoding=\"async\" width=\"400\" height=\"300\" src=\"https:\/\/wettbewerb-archiv.wir-tun-was-fuer-bienen.de\/archiv-2021\/wp-content\/uploads\/sites\/3\/2021\/07\/f20a8bb7-75a8-4987-9eb3-63c168e4a6bb-1-400x300.jpeg\" class=\"attachment-bienen-grid-thumb size-bienen-grid-thumb wp-post-image\" alt=\"\" loading=\"lazy\" \/>                    <\/div>\n    <\/a>\n\n    <div class=\"images-grid\"><span><a href=\"https:\/\/wettbewerb-archiv.wir-tun-was-fuer-bienen.de\/archiv-2021\/eintrag\/majas-garten\/\"><img decoding=\"async\" width=\"150\" height=\"150\" src=\"https:\/\/wettbewerb-archiv.wir-tun-was-fuer-bienen.de\/archiv-2021\/wp-content\/uploads\/sites\/3\/2021\/05\/Untitled-collage-11-150x150.jpg\" class=\"attachment-thumbnail size-thumbnail\" alt=\"\" loading=\"lazy\" \/><\/a><\/span><span><a href=\"https:\/\/wettbewerb-archiv.wir-tun-was-fuer-bienen.de\/archiv-2021\/eintrag\/majas-garten\/\"><img decoding=\"async\" width=\"150\" height=\"150\" src=\"https:\/\/wettbewerb-archiv.wir-tun-was-fuer-bienen.de\/archiv-2021\/wp-content\/uploads\/sites\/3\/2021\/05\/Untitled-collage-5-150x150.jpg\" class=\"attachment-thumbnail size-thumbnail\" alt=\"\" loading=\"lazy\" \/><\/a><\/span><span><a href=\"https:\/\/wettbewerb-archiv.wir-tun-was-fuer-bienen.de\/archiv-2021\/eintrag\/majas-garten\/\"><img decoding=\"async\" width=\"150\" height=\"150\" src=\"https:\/\/wettbewerb-archiv.wir-tun-was-fuer-bienen.de\/archiv-2021\/wp-content\/uploads\/sites\/3\/2021\/05\/Untitled-collage-7-150x150.jpg\" class=\"attachment-thumbnail size-thumbnail\" alt=\"\" loading=\"lazy\" \/><\/a><\/span><span><a href=\"https:\/\/wettbewerb-archiv.wir-tun-was-fuer-bienen.de\/archiv-2021\/eintrag\/majas-garten\/\"><img decoding=\"async\" width=\"150\" height=\"150\" src=\"https:\/\/wettbewerb-archiv.wir-tun-was-fuer-bienen.de\/archiv-2021\/wp-content\/uploads\/sites\/3\/2021\/05\/Untitled-collage-4-150x150.jpg\" class=\"attachment-thumbnail size-thumbnail\" alt=\"\" loading=\"lazy\" \/><\/a><\/span><\/div>\n\n    <div class=\"user flex\">\n        \n                    <img decoding=\"async\" src=\"https:\/\/wettbewerb-archiv.wir-tun-was-fuer-bienen.de\/archiv-2021\/wp-content\/themes\/bienen\/assets\/images\/avatar-placeholder.png\" style=\"border-radius: 30px;\" height=\"30\" width=\"30\">\n            Kindertagesst\u00e4tte Burgsolms            <\/div>\n    \n    <p class=\"categories meta bienen-gewinner\"><span class=\"fa fa-trophy\"                                                              aria-hidden=\"true\"><\/span> Gewinner<\/p>\n            <p class=\"categories meta\" style=\"width: 100%\"><span class=\"fa fa-tag\"\n                                                             aria-hidden=\"true\"><\/span> Kita- und Kindergarteng\u00e4rten        <\/p>\n    \n            <p class=\"categories meta\" style=\"width: 100%\"><span class=\"fa fa-map-marker\"\n                                                             aria-hidden=\"true\"><\/span> Hessen        <\/p>\n    \n<\/article>\n   \n\t\t\n          <article id=\"post-42815\" class=\"et_pb_post post-42815 wtwfb_entry type-wtwfb_entry status-publish has-post-thumbnail hentry wtwfb_category-kita-und-kindergartengaerten wtwfb_region-nordrhein-westfalen\">\n    <h2 class=\"entry-title\"><a href=\"https:\/\/wettbewerb-archiv.wir-tun-was-fuer-bienen.de\/archiv-2021\/eintrag\/biennparadies-schloesschen\/\">Bienenparadies Schl\u00f6sschen<\/a>\n    <\/h2>\n    <a href=\"https:\/\/wettbewerb-archiv.wir-tun-was-fuer-bienen.de\/archiv-2021\/eintrag\/biennparadies-schloesschen\/\">\n        <div class=\"bienen-entry-image\">\n            <img decoding=\"async\" width=\"400\" height=\"300\" src=\"https:\/\/wettbewerb-archiv.wir-tun-was-fuer-bienen.de\/archiv-2021\/wp-content\/uploads\/sites\/3\/2021\/06\/Eingang-KiTa-400x300.jpg\" class=\"attachment-bienen-grid-thumb size-bienen-grid-thumb wp-post-image\" alt=\"\" loading=\"lazy\" \/>                    <\/div>\n    <\/a>\n\n    <div class=\"images-grid\"><span><a href=\"https:\/\/wettbewerb-archiv.wir-tun-was-fuer-bienen.de\/archiv-2021\/eintrag\/biennparadies-schloesschen\/\"><img decoding=\"async\" width=\"150\" height=\"150\" src=\"https:\/\/wettbewerb-archiv.wir-tun-was-fuer-bienen.de\/archiv-2021\/wp-content\/uploads\/sites\/3\/2021\/06\/Fenstergestaltung-150x150.jpg\" class=\"attachment-thumbnail size-thumbnail\" alt=\"\" loading=\"lazy\" \/><\/a><\/span><span><a href=\"https:\/\/wettbewerb-archiv.wir-tun-was-fuer-bienen.de\/archiv-2021\/eintrag\/biennparadies-schloesschen\/\"><img decoding=\"async\" width=\"150\" height=\"150\" src=\"https:\/\/wettbewerb-archiv.wir-tun-was-fuer-bienen.de\/archiv-2021\/wp-content\/uploads\/sites\/3\/2021\/06\/Hochbeet1-150x150.jpg\" class=\"attachment-thumbnail size-thumbnail\" alt=\"\" loading=\"lazy\" \/><\/a><\/span><span><a href=\"https:\/\/wettbewerb-archiv.wir-tun-was-fuer-bienen.de\/archiv-2021\/eintrag\/biennparadies-schloesschen\/\"><img decoding=\"async\" width=\"150\" height=\"150\" src=\"https:\/\/wettbewerb-archiv.wir-tun-was-fuer-bienen.de\/archiv-2021\/wp-content\/uploads\/sites\/3\/2021\/06\/Hochbeet2-150x150.jpg\" class=\"attachment-thumbnail size-thumbnail\" alt=\"\" loading=\"lazy\" \/><\/a><\/span><span><a href=\"https:\/\/wettbewerb-archiv.wir-tun-was-fuer-bienen.de\/archiv-2021\/eintrag\/biennparadies-schloesschen\/\"><img decoding=\"async\" width=\"150\" height=\"150\" src=\"https:\/\/wettbewerb-archiv.wir-tun-was-fuer-bienen.de\/archiv-2021\/wp-content\/uploads\/sites\/3\/2021\/06\/Hochbeet3-150x150.jpg\" class=\"attachment-thumbnail size-thumbnail\" alt=\"\" loading=\"lazy\" \/><\/a><\/span><\/div>\n\n    <div class=\"user flex\">\n        \n                    <img decoding=\"async\" src=\"https:\/\/wettbewerb-archiv.wir-tun-was-fuer-bienen.de\/archiv-2021\/wp-content\/themes\/bienen\/assets\/images\/avatar-placeholder.png\" style=\"border-radius: 30px;\" height=\"30\" width=\"30\">\n            Kita Schl\u00f6sschen            <\/div>\n    \n    \n            <p class=\"categories meta\" style=\"width: 100%\"><span class=\"fa fa-tag\"\n                                                             aria-hidden=\"true\"><\/span> Kita- und Kindergarteng\u00e4rten        <\/p>\n    \n            <p class=\"categories meta\" style=\"width: 100%\"><span class=\"fa fa-map-marker\"\n                                                             aria-hidden=\"true\"><\/span> Nordrhein-Westfalen        <\/p>\n    \n<\/article>\n   \n\t\t\n          <article id=\"post-42789\" class=\"et_pb_post post-42789 wtwfb_entry type-wtwfb_entry status-publish has-post-thumbnail hentry wtwfb_category-firmen-institutions-und-vereinsgaerten wtwfb_region-nordrhein-westfalen\">\n    <h2 class=\"entry-title\"><a href=\"https:\/\/wettbewerb-archiv.wir-tun-was-fuer-bienen.de\/archiv-2021\/eintrag\/noch-blueht-nichts-die-ersten-schritte\/\">Der K\u00f6lner Rugby Park bl\u00fcht auf<\/a>\n    <\/h2>\n    <a href=\"https:\/\/wettbewerb-archiv.wir-tun-was-fuer-bienen.de\/archiv-2021\/eintrag\/noch-blueht-nichts-die-ersten-schritte\/\">\n        <div class=\"bienen-entry-image\">\n            <img decoding=\"async\" width=\"400\" height=\"300\" src=\"https:\/\/wettbewerb-archiv.wir-tun-was-fuer-bienen.de\/archiv-2021\/wp-content\/uploads\/sites\/3\/2021\/05\/rugby-park-am-morgen-400x300.jpg\" class=\"attachment-bienen-grid-thumb size-bienen-grid-thumb wp-post-image\" alt=\"\" loading=\"lazy\" \/>                    <\/div>\n    <\/a>\n\n    <div class=\"images-grid\"><span><a href=\"https:\/\/wettbewerb-archiv.wir-tun-was-fuer-bienen.de\/archiv-2021\/eintrag\/noch-blueht-nichts-die-ersten-schritte\/\"><img decoding=\"async\" width=\"150\" height=\"150\" src=\"https:\/\/wettbewerb-archiv.wir-tun-was-fuer-bienen.de\/archiv-2021\/wp-content\/uploads\/sites\/3\/2021\/05\/5b5eb1d3-10dc-423a-8073-122bc00df520-150x150.jpg\" class=\"attachment-thumbnail size-thumbnail\" alt=\"\" loading=\"lazy\" \/><\/a><\/span><span><a href=\"https:\/\/wettbewerb-archiv.wir-tun-was-fuer-bienen.de\/archiv-2021\/eintrag\/noch-blueht-nichts-die-ersten-schritte\/\"><img decoding=\"async\" width=\"150\" height=\"150\" src=\"https:\/\/wettbewerb-archiv.wir-tun-was-fuer-bienen.de\/archiv-2021\/wp-content\/uploads\/sites\/3\/2021\/05\/thumbnail_IMG_4586-150x150.jpg\" class=\"attachment-thumbnail size-thumbnail\" alt=\"\" loading=\"lazy\" \/><\/a><\/span><span><a href=\"https:\/\/wettbewerb-archiv.wir-tun-was-fuer-bienen.de\/archiv-2021\/eintrag\/noch-blueht-nichts-die-ersten-schritte\/\"><img decoding=\"async\" width=\"150\" height=\"150\" src=\"https:\/\/wettbewerb-archiv.wir-tun-was-fuer-bienen.de\/archiv-2021\/wp-content\/uploads\/sites\/3\/2021\/05\/thumbnail_IMG_4496-150x150.jpg\" class=\"attachment-thumbnail size-thumbnail\" alt=\"\" loading=\"lazy\" \/><\/a><\/span><span><a href=\"https:\/\/wettbewerb-archiv.wir-tun-was-fuer-bienen.de\/archiv-2021\/eintrag\/noch-blueht-nichts-die-ersten-schritte\/\"><img decoding=\"async\" width=\"150\" height=\"150\" src=\"https:\/\/wettbewerb-archiv.wir-tun-was-fuer-bienen.de\/archiv-2021\/wp-content\/uploads\/sites\/3\/2021\/05\/6ef82915-dca4-4978-89d1-d67da818eb98-150x150.jpg\" class=\"attachment-thumbnail size-thumbnail\" alt=\"\" loading=\"lazy\" \/><\/a><\/span><\/div>\n\n    <div class=\"user flex\">\n        \n                    <img decoding=\"async\" src=\"https:\/\/wettbewerb-archiv.wir-tun-was-fuer-bienen.de\/archiv-2021\/wp-content\/themes\/bienen\/assets\/images\/avatar-placeholder.png\" style=\"border-radius: 30px;\" height=\"30\" width=\"30\">\n            Rugby Sport Verein K\u00f6ln            <\/div>\n    \n    \n            <p class=\"categories meta\" style=\"width: 100%\"><span class=\"fa fa-tag\"\n                                                             aria-hidden=\"true\"><\/span> Firmen-, Institutions- und Vereinsg\u00e4rten        <\/p>\n    \n            <p class=\"categories meta\" style=\"width: 100%\"><span class=\"fa fa-map-marker\"\n                                                             aria-hidden=\"true\"><\/span> Nordrhein-Westfalen        <\/p>\n    \n<\/article>\n   \n\t\t\n          <article id=\"post-42769\" class=\"et_pb_post post-42769 wtwfb_entry type-wtwfb_entry status-publish has-post-thumbnail hentry wtwfb_category-schul-und-jugendclub-gaerten wtwfb_region-baden-wuerttemberg\">\n    <h2 class=\"entry-title\"><a href=\"https:\/\/wettbewerb-archiv.wir-tun-was-fuer-bienen.de\/archiv-2021\/eintrag\/unser-acker\/\">Unser Acker mit Insektenhotel<\/a>\n    <\/h2>\n    <a href=\"https:\/\/wettbewerb-archiv.wir-tun-was-fuer-bienen.de\/archiv-2021\/eintrag\/unser-acker\/\">\n        <div class=\"bienen-entry-image\">\n            <img decoding=\"async\" width=\"400\" height=\"300\" src=\"https:\/\/wettbewerb-archiv.wir-tun-was-fuer-bienen.de\/archiv-2021\/wp-content\/uploads\/sites\/3\/2021\/05\/Regenwurmgang-400x300.jpeg\" class=\"attachment-bienen-grid-thumb size-bienen-grid-thumb wp-post-image\" alt=\"\" loading=\"lazy\" \/>                    <\/div>\n    <\/a>\n\n    <div class=\"images-grid\"><span><a href=\"https:\/\/wettbewerb-archiv.wir-tun-was-fuer-bienen.de\/archiv-2021\/eintrag\/unser-acker\/\"><img decoding=\"async\" width=\"150\" height=\"150\" src=\"https:\/\/wettbewerb-archiv.wir-tun-was-fuer-bienen.de\/archiv-2021\/wp-content\/uploads\/sites\/3\/2021\/06\/Wege-festrrampeln_5-150x150.jpeg\" class=\"attachment-thumbnail size-thumbnail\" alt=\"\" loading=\"lazy\" \/><\/a><\/span><span><a href=\"https:\/\/wettbewerb-archiv.wir-tun-was-fuer-bienen.de\/archiv-2021\/eintrag\/unser-acker\/\"><img decoding=\"async\" width=\"150\" height=\"150\" src=\"https:\/\/wettbewerb-archiv.wir-tun-was-fuer-bienen.de\/archiv-2021\/wp-content\/uploads\/sites\/3\/2021\/06\/Abschlussrunde-150x150.jpg\" class=\"attachment-thumbnail size-thumbnail\" alt=\"\" loading=\"lazy\" \/><\/a><\/span><span><a href=\"https:\/\/wettbewerb-archiv.wir-tun-was-fuer-bienen.de\/archiv-2021\/eintrag\/unser-acker\/\"><img decoding=\"async\" width=\"150\" height=\"150\" src=\"https:\/\/wettbewerb-archiv.wir-tun-was-fuer-bienen.de\/archiv-2021\/wp-content\/uploads\/sites\/3\/2021\/06\/Fertiges-Insektenhotel-2-150x150.jpg\" class=\"attachment-thumbnail size-thumbnail\" alt=\"\" loading=\"lazy\" \/><\/a><\/span><span><a href=\"https:\/\/wettbewerb-archiv.wir-tun-was-fuer-bienen.de\/archiv-2021\/eintrag\/unser-acker\/\"><img decoding=\"async\" width=\"150\" height=\"150\" src=\"https:\/\/wettbewerb-archiv.wir-tun-was-fuer-bienen.de\/archiv-2021\/wp-content\/uploads\/sites\/3\/2021\/06\/IMG_0146-1-150x150.jpg\" class=\"attachment-thumbnail size-thumbnail\" alt=\"\" loading=\"lazy\" \/><\/a><\/span><\/div>\n\n    <div class=\"user flex\">\n        \n                    <img decoding=\"async\" src=\"https:\/\/wettbewerb-archiv.wir-tun-was-fuer-bienen.de\/archiv-2021\/wp-content\/themes\/bienen\/assets\/images\/avatar-placeholder.png\" style=\"border-radius: 30px;\" height=\"30\" width=\"30\">\n            Anita Sternegger            <\/div>\n    \n    \n            <p class=\"categories meta\" style=\"width: 100%\"><span class=\"fa fa-tag\"\n                                                             aria-hidden=\"true\"><\/span> Schul- und Jugendclub-G\u00e4rten        <\/p>\n    \n            <p class=\"categories meta\" style=\"width: 100%\"><span class=\"fa fa-map-marker\"\n                                                             aria-hidden=\"true\"><\/span> Baden-W\u00fcrttemberg        <\/p>\n    \n<\/article>\n   \n\t\t\n          <article id=\"post-42761\" class=\"et_pb_post post-42761 wtwfb_entry type-wtwfb_entry status-publish has-post-thumbnail hentry wtwfb_category-kleingartenwesen-parzellen-und-gemeinschaftsgaerten wtwfb_region-baden-wuerttemberg\">\n    <h2 class=\"entry-title\"><a href=\"https:\/\/wettbewerb-archiv.wir-tun-was-fuer-bienen.de\/archiv-2021\/eintrag\/summ-summ-summ-die-bienen-freuen-sich-im-bienenfreundlichen-schrebergarten\/\">Summ summ summ, die Bienen freuen sich im bienenfreundl...<\/a>\n    <\/h2>\n    <a href=\"https:\/\/wettbewerb-archiv.wir-tun-was-fuer-bienen.de\/archiv-2021\/eintrag\/summ-summ-summ-die-bienen-freuen-sich-im-bienenfreundlichen-schrebergarten\/\">\n        <div class=\"bienen-entry-image\">\n            <img decoding=\"async\" width=\"400\" height=\"300\" src=\"https:\/\/wettbewerb-archiv.wir-tun-was-fuer-bienen.de\/archiv-2021\/wp-content\/uploads\/sites\/3\/2021\/07\/IMG-20210512-WA0002-400x300.jpg\" class=\"attachment-bienen-grid-thumb size-bienen-grid-thumb wp-post-image\" alt=\"\" loading=\"lazy\" \/>                    <\/div>\n    <\/a>\n\n    <div class=\"images-grid\"><span><a href=\"https:\/\/wettbewerb-archiv.wir-tun-was-fuer-bienen.de\/archiv-2021\/eintrag\/summ-summ-summ-die-bienen-freuen-sich-im-bienenfreundlichen-schrebergarten\/\"><img decoding=\"async\" width=\"150\" height=\"150\" src=\"https:\/\/wettbewerb-archiv.wir-tun-was-fuer-bienen.de\/archiv-2021\/wp-content\/uploads\/sites\/3\/2021\/07\/20210513_140511-150x150.jpg\" class=\"attachment-thumbnail size-thumbnail\" alt=\"\" loading=\"lazy\" \/><\/a><\/span><span><a href=\"https:\/\/wettbewerb-archiv.wir-tun-was-fuer-bienen.de\/archiv-2021\/eintrag\/summ-summ-summ-die-bienen-freuen-sich-im-bienenfreundlichen-schrebergarten\/\"><img decoding=\"async\" width=\"150\" height=\"150\" src=\"https:\/\/wettbewerb-archiv.wir-tun-was-fuer-bienen.de\/archiv-2021\/wp-content\/uploads\/sites\/3\/2021\/07\/20210513_151345-150x150.jpg\" class=\"attachment-thumbnail size-thumbnail\" alt=\"\" loading=\"lazy\" \/><\/a><\/span><span><a href=\"https:\/\/wettbewerb-archiv.wir-tun-was-fuer-bienen.de\/archiv-2021\/eintrag\/summ-summ-summ-die-bienen-freuen-sich-im-bienenfreundlichen-schrebergarten\/\"><img decoding=\"async\" width=\"150\" height=\"150\" src=\"https:\/\/wettbewerb-archiv.wir-tun-was-fuer-bienen.de\/archiv-2021\/wp-content\/uploads\/sites\/3\/2021\/07\/20210627_114548-150x150.jpg\" class=\"attachment-thumbnail size-thumbnail\" alt=\"\" loading=\"lazy\" \/><\/a><\/span><span><a href=\"https:\/\/wettbewerb-archiv.wir-tun-was-fuer-bienen.de\/archiv-2021\/eintrag\/summ-summ-summ-die-bienen-freuen-sich-im-bienenfreundlichen-schrebergarten\/\"><img decoding=\"async\" width=\"150\" height=\"150\" src=\"https:\/\/wettbewerb-archiv.wir-tun-was-fuer-bienen.de\/archiv-2021\/wp-content\/uploads\/sites\/3\/2021\/07\/20210627_114652-150x150.jpg\" class=\"attachment-thumbnail size-thumbnail\" alt=\"\" loading=\"lazy\" \/><\/a><\/span><\/div>\n\n    <div class=\"user flex\">\n        \n                    <img decoding=\"async\" src=\"https:\/\/wettbewerb-archiv.wir-tun-was-fuer-bienen.de\/archiv-2021\/wp-content\/themes\/bienen\/assets\/images\/avatar-placeholder.png\" style=\"border-radius: 30px;\" height=\"30\" width=\"30\">\n            Ilka Wenzel            <\/div>\n    \n    \n            <p class=\"categories meta\" style=\"width: 100%\"><span class=\"fa fa-tag\"\n                                                             aria-hidden=\"true\"><\/span> Kleingartenwesen: Parzellen und Gemeinschaftsg\u00e4rten        <\/p>\n    \n            <p class=\"categories meta\" style=\"width: 100%\"><span class=\"fa fa-map-marker\"\n                                                             aria-hidden=\"true\"><\/span> Baden-W\u00fcrttemberg        <\/p>\n    \n<\/article>\n   \n\t\t\n          <article id=\"post-42755\" class=\"et_pb_post post-42755 wtwfb_entry type-wtwfb_entry status-publish has-post-thumbnail hentry wtwfb_category-privatgaerten-und-gaerten-von-mietwohnungen-groesser-500-quadratmeter wtwfb_region-nordrhein-westfalen\">\n    <h2 class=\"entry-title\"><a href=\"https:\/\/wettbewerb-archiv.wir-tun-was-fuer-bienen.de\/archiv-2021\/eintrag\/bienchen-und-bluemchen\/\">Bienchen und Bl\u00fcmchen<\/a>\n    <\/h2>\n    <a href=\"https:\/\/wettbewerb-archiv.wir-tun-was-fuer-bienen.de\/archiv-2021\/eintrag\/bienchen-und-bluemchen\/\">\n        <div class=\"bienen-entry-image\">\n            <img decoding=\"async\" width=\"400\" height=\"300\" src=\"https:\/\/wettbewerb-archiv.wir-tun-was-fuer-bienen.de\/archiv-2021\/wp-content\/uploads\/sites\/3\/2021\/05\/IMG-20210422-WA0001-400x300.jpg\" class=\"attachment-bienen-grid-thumb size-bienen-grid-thumb wp-post-image\" alt=\"\" loading=\"lazy\" \/>                    <\/div>\n    <\/a>\n\n    <div class=\"images-grid\"><\/div>\n\n    <div class=\"user flex\">\n        \n                    <img decoding=\"async\" src=\"https:\/\/wettbewerb-archiv.wir-tun-was-fuer-bienen.de\/archiv-2021\/wp-content\/themes\/bienen\/assets\/images\/avatar-placeholder.png\" style=\"border-radius: 30px;\" height=\"30\" width=\"30\">\n            Claudia Barone            <\/div>\n    \n    \n            <p class=\"categories meta\" style=\"width: 100%\"><span class=\"fa fa-tag\"\n                                                             aria-hidden=\"true\"><\/span> Privatg\u00e4rten und G\u00e4rten von Mietwohnungen (gr\u00f6\u00dfer als 500 Quadratmeter)        <\/p>\n    \n            <p class=\"categories meta\" style=\"width: 100%\"><span class=\"fa fa-map-marker\"\n                                                             aria-hidden=\"true\"><\/span> Nordrhein-Westfalen        <\/p>\n    \n<\/article>\n   \n\t\t\n          <article id=\"post-42684\" class=\"et_pb_post post-42684 wtwfb_entry type-wtwfb_entry status-publish has-post-thumbnail hentry wtwfb_category-bestehende-naturgaerten wtwfb_region-bayern\">\n    <h2 class=\"entry-title\"><a href=\"https:\/\/wettbewerb-archiv.wir-tun-was-fuer-bienen.de\/archiv-2021\/eintrag\/wundergarten-2\/\">Unser Wundergarten<\/a>\n    <\/h2>\n    <a href=\"https:\/\/wettbewerb-archiv.wir-tun-was-fuer-bienen.de\/archiv-2021\/eintrag\/wundergarten-2\/\">\n        <div class=\"bienen-entry-image\">\n            <img decoding=\"async\" width=\"400\" height=\"300\" src=\"https:\/\/wettbewerb-archiv.wir-tun-was-fuer-bienen.de\/archiv-2021\/wp-content\/uploads\/sites\/3\/2021\/05\/20210223_003619-400x300.jpg\" class=\"attachment-bienen-grid-thumb size-bienen-grid-thumb wp-post-image\" alt=\"\" loading=\"lazy\" \/>                    <\/div>\n    <\/a>\n\n    <div class=\"images-grid\"><span><a href=\"https:\/\/wettbewerb-archiv.wir-tun-was-fuer-bienen.de\/archiv-2021\/eintrag\/wundergarten-2\/\"><img decoding=\"async\" width=\"150\" height=\"150\" src=\"https:\/\/wettbewerb-archiv.wir-tun-was-fuer-bienen.de\/archiv-2021\/wp-content\/uploads\/sites\/3\/2021\/06\/20210623_223407-150x150.jpg\" class=\"attachment-thumbnail size-thumbnail\" alt=\"\" loading=\"lazy\" \/><\/a><\/span><span><a href=\"https:\/\/wettbewerb-archiv.wir-tun-was-fuer-bienen.de\/archiv-2021\/eintrag\/wundergarten-2\/\"><img decoding=\"async\" width=\"150\" height=\"150\" src=\"https:\/\/wettbewerb-archiv.wir-tun-was-fuer-bienen.de\/archiv-2021\/wp-content\/uploads\/sites\/3\/2021\/05\/20210309_024056-150x150.jpg\" class=\"attachment-thumbnail size-thumbnail\" alt=\"\" loading=\"lazy\" \/><\/a><\/span><span><a href=\"https:\/\/wettbewerb-archiv.wir-tun-was-fuer-bienen.de\/archiv-2021\/eintrag\/wundergarten-2\/\"><img decoding=\"async\" width=\"150\" height=\"150\" src=\"https:\/\/wettbewerb-archiv.wir-tun-was-fuer-bienen.de\/archiv-2021\/wp-content\/uploads\/sites\/3\/2021\/06\/20210624_012142-150x150.jpg\" class=\"attachment-thumbnail size-thumbnail\" alt=\"\" loading=\"lazy\" \/><\/a><\/span><span><a href=\"https:\/\/wettbewerb-archiv.wir-tun-was-fuer-bienen.de\/archiv-2021\/eintrag\/wundergarten-2\/\"><img decoding=\"async\" width=\"150\" height=\"150\" src=\"https:\/\/wettbewerb-archiv.wir-tun-was-fuer-bienen.de\/archiv-2021\/wp-content\/uploads\/sites\/3\/2021\/07\/20210722_231450-150x150.jpg\" class=\"attachment-thumbnail size-thumbnail\" alt=\"\" loading=\"lazy\" \/><\/a><\/span><\/div>\n\n    <div class=\"user flex\">\n        \n                    <img decoding=\"async\" src=\"https:\/\/wettbewerb-archiv.wir-tun-was-fuer-bienen.de\/archiv-2021\/wp-content\/themes\/bienen\/assets\/images\/avatar-placeholder.png\" style=\"border-radius: 30px;\" height=\"30\" width=\"30\">\n            Alice im Wunderland            <\/div>\n    \n    <p class=\"categories meta bienen-gewinner\"><span class=\"fa fa-trophy\"                                                              aria-hidden=\"true\"><\/span> Gewinner<\/p>\n            <p class=\"categories meta\" style=\"width: 100%\"><span class=\"fa fa-tag\"\n                                                             aria-hidden=\"true\"><\/span> Bestehende Naturg\u00e4rten (ohne Pflanzaktionen)        <\/p>\n    \n            <p class=\"categories meta\" style=\"width: 100%\"><span class=\"fa fa-map-marker\"\n                                                             aria-hidden=\"true\"><\/span> Bayern        <\/p>\n    \n<\/article>\n   \n\t\t\n          <article id=\"post-42673\" class=\"et_pb_post post-42673 wtwfb_entry type-wtwfb_entry status-publish hentry wtwfb_category-schul-und-jugendclub-gaerten wtwfb_region-berlin\">\n    <h2 class=\"entry-title\"><a href=\"https:\/\/wettbewerb-archiv.wir-tun-was-fuer-bienen.de\/archiv-2021\/eintrag\/weidenrutentipi\/\">Weidenrutentipi<\/a>\n    <\/h2>\n    <a href=\"https:\/\/wettbewerb-archiv.wir-tun-was-fuer-bienen.de\/archiv-2021\/eintrag\/weidenrutentipi\/\">\n        <div class=\"bienen-entry-image\">\n                                <\/div>\n    <\/a>\n\n    <div class=\"images-grid\"><span><a href=\"https:\/\/wettbewerb-archiv.wir-tun-was-fuer-bienen.de\/archiv-2021\/eintrag\/weidenrutentipi\/\"><img decoding=\"async\" width=\"150\" height=\"150\" src=\"https:\/\/wettbewerb-archiv.wir-tun-was-fuer-bienen.de\/archiv-2021\/wp-content\/uploads\/sites\/3\/2021\/05\/IMG_20210406_101608-150x150.jpg\" class=\"attachment-thumbnail size-thumbnail\" alt=\"\" loading=\"lazy\" \/><\/a><\/span><span><a href=\"https:\/\/wettbewerb-archiv.wir-tun-was-fuer-bienen.de\/archiv-2021\/eintrag\/weidenrutentipi\/\"><img decoding=\"async\" width=\"150\" height=\"150\" src=\"https:\/\/wettbewerb-archiv.wir-tun-was-fuer-bienen.de\/archiv-2021\/wp-content\/uploads\/sites\/3\/2021\/05\/IMG_20210406_102559-150x150.jpg\" class=\"attachment-thumbnail size-thumbnail\" alt=\"\" loading=\"lazy\" \/><\/a><\/span><span><a href=\"https:\/\/wettbewerb-archiv.wir-tun-was-fuer-bienen.de\/archiv-2021\/eintrag\/weidenrutentipi\/\"><img decoding=\"async\" width=\"150\" height=\"150\" src=\"https:\/\/wettbewerb-archiv.wir-tun-was-fuer-bienen.de\/archiv-2021\/wp-content\/uploads\/sites\/3\/2021\/05\/IMG_20210406_114225-150x150.jpg\" class=\"attachment-thumbnail size-thumbnail\" alt=\"\" loading=\"lazy\" \/><\/a><\/span><span><a href=\"https:\/\/wettbewerb-archiv.wir-tun-was-fuer-bienen.de\/archiv-2021\/eintrag\/weidenrutentipi\/\"><img decoding=\"async\" width=\"150\" height=\"150\" src=\"https:\/\/wettbewerb-archiv.wir-tun-was-fuer-bienen.de\/archiv-2021\/wp-content\/uploads\/sites\/3\/2021\/05\/IMG_20210406_134500-150x150.jpg\" class=\"attachment-thumbnail size-thumbnail\" alt=\"\" loading=\"lazy\" \/><\/a><\/span><\/div>\n\n    <div class=\"user flex\">\n        \n                    <img decoding=\"async\" src=\"https:\/\/wettbewerb-archiv.wir-tun-was-fuer-bienen.de\/archiv-2021\/wp-content\/themes\/bienen\/assets\/images\/avatar-placeholder.png\" style=\"border-radius: 30px;\" height=\"30\" width=\"30\">\n            Carolyn            <\/div>\n    \n    \n            <p class=\"categories meta\" style=\"width: 100%\"><span class=\"fa fa-tag\"\n                                                             aria-hidden=\"true\"><\/span> Schul- und Jugendclub-G\u00e4rten        <\/p>\n    \n            <p class=\"categories meta\" style=\"width: 100%\"><span class=\"fa fa-map-marker\"\n                                                             aria-hidden=\"true\"><\/span> Berlin        <\/p>\n    \n<\/article>\n   \n\t\t\n          <article id=\"post-42628\" class=\"et_pb_post post-42628 wtwfb_entry type-wtwfb_entry status-publish has-post-thumbnail hentry wtwfb_category-privatgaerten-und-gaerten-von-mietwohnungen-groesser-500-quadratmeter wtwfb_region-sachsen-anhalt\">\n    <h2 class=\"entry-title\"><a href=\"https:\/\/wettbewerb-archiv.wir-tun-was-fuer-bienen.de\/archiv-2021\/eintrag\/bienenwiese-und-hotel-im-hinterhof\/\">Bienenwiese und -hotel im Hinterhof<\/a>\n    <\/h2>\n    <a href=\"https:\/\/wettbewerb-archiv.wir-tun-was-fuer-bienen.de\/archiv-2021\/eintrag\/bienenwiese-und-hotel-im-hinterhof\/\">\n        <div class=\"bienen-entry-image\">\n            <img decoding=\"async\" width=\"400\" height=\"300\" src=\"https:\/\/wettbewerb-archiv.wir-tun-was-fuer-bienen.de\/archiv-2021\/wp-content\/uploads\/sites\/3\/2021\/05\/IMG_20210428_180554-400x300.jpg\" class=\"attachment-bienen-grid-thumb size-bienen-grid-thumb wp-post-image\" alt=\"\" loading=\"lazy\" \/>                    <\/div>\n    <\/a>\n\n    <div class=\"images-grid\"><span><a href=\"https:\/\/wettbewerb-archiv.wir-tun-was-fuer-bienen.de\/archiv-2021\/eintrag\/bienenwiese-und-hotel-im-hinterhof\/\"><img decoding=\"async\" width=\"150\" height=\"150\" src=\"https:\/\/wettbewerb-archiv.wir-tun-was-fuer-bienen.de\/archiv-2021\/wp-content\/uploads\/sites\/3\/2021\/05\/IMG_20210501_154504-1-150x150.jpg\" class=\"attachment-thumbnail size-thumbnail\" alt=\"\" loading=\"lazy\" \/><\/a><\/span><span><a href=\"https:\/\/wettbewerb-archiv.wir-tun-was-fuer-bienen.de\/archiv-2021\/eintrag\/bienenwiese-und-hotel-im-hinterhof\/\"><img decoding=\"async\" width=\"150\" height=\"150\" src=\"https:\/\/wettbewerb-archiv.wir-tun-was-fuer-bienen.de\/archiv-2021\/wp-content\/uploads\/sites\/3\/2021\/05\/IMG_20210501_154406-1-150x150.jpg\" class=\"attachment-thumbnail size-thumbnail\" alt=\"\" loading=\"lazy\" \/><\/a><\/span><span><a href=\"https:\/\/wettbewerb-archiv.wir-tun-was-fuer-bienen.de\/archiv-2021\/eintrag\/bienenwiese-und-hotel-im-hinterhof\/\"><img decoding=\"async\" width=\"150\" height=\"150\" src=\"https:\/\/wettbewerb-archiv.wir-tun-was-fuer-bienen.de\/archiv-2021\/wp-content\/uploads\/sites\/3\/2021\/05\/IMG_20210503_153307-150x150.jpg\" class=\"attachment-thumbnail size-thumbnail\" alt=\"\" loading=\"lazy\" \/><\/a><\/span><\/div>\n\n    <div class=\"user flex\">\n        \n                    <img decoding=\"async\" src=\"https:\/\/wettbewerb-archiv.wir-tun-was-fuer-bienen.de\/archiv-2021\/wp-content\/themes\/bienen\/assets\/images\/avatar-placeholder.png\" style=\"border-radius: 30px;\" height=\"30\" width=\"30\">\n            Susann Nolte            <\/div>\n    \n    \n            <p class=\"categories meta\" style=\"width: 100%\"><span class=\"fa fa-tag\"\n                                                             aria-hidden=\"true\"><\/span> Privatg\u00e4rten und G\u00e4rten von Mietwohnungen (gr\u00f6\u00dfer als 500 Quadratmeter)        <\/p>\n    \n            <p class=\"categories meta\" style=\"width: 100%\"><span class=\"fa fa-map-marker\"\n                                                             aria-hidden=\"true\"><\/span> Sachsen-Anhalt        <\/p>\n    \n<\/article>\n   \n\t\t\n          <article id=\"post-42608\" class=\"et_pb_post post-42608 wtwfb_entry type-wtwfb_entry status-publish has-post-thumbnail hentry wtwfb_category-schul-und-jugendclub-gaerten wtwfb_region-hessen\">\n    <h2 class=\"entry-title\"><a href=\"https:\/\/wettbewerb-archiv.wir-tun-was-fuer-bienen.de\/archiv-2021\/eintrag\/kleine-bienenschule\/\">Kleine Bienenschule<\/a>\n    <\/h2>\n    <a href=\"https:\/\/wettbewerb-archiv.wir-tun-was-fuer-bienen.de\/archiv-2021\/eintrag\/kleine-bienenschule\/\">\n        <div class=\"bienen-entry-image\">\n            <img decoding=\"async\" width=\"400\" height=\"300\" src=\"https:\/\/wettbewerb-archiv.wir-tun-was-fuer-bienen.de\/archiv-2021\/wp-content\/uploads\/sites\/3\/2021\/05\/IMG_0363-400x300.jpg\" class=\"attachment-bienen-grid-thumb size-bienen-grid-thumb wp-post-image\" alt=\"\" loading=\"lazy\" \/>                    <\/div>\n    <\/a>\n\n    <div class=\"images-grid\"><span><a href=\"https:\/\/wettbewerb-archiv.wir-tun-was-fuer-bienen.de\/archiv-2021\/eintrag\/kleine-bienenschule\/\"><img decoding=\"async\" width=\"150\" height=\"150\" src=\"https:\/\/wettbewerb-archiv.wir-tun-was-fuer-bienen.de\/archiv-2021\/wp-content\/uploads\/sites\/3\/2021\/05\/20200912_113013-150x150.jpg\" class=\"attachment-thumbnail size-thumbnail\" alt=\"\" loading=\"lazy\" \/><\/a><\/span><span><a href=\"https:\/\/wettbewerb-archiv.wir-tun-was-fuer-bienen.de\/archiv-2021\/eintrag\/kleine-bienenschule\/\"><img decoding=\"async\" width=\"150\" height=\"150\" src=\"https:\/\/wettbewerb-archiv.wir-tun-was-fuer-bienen.de\/archiv-2021\/wp-content\/uploads\/sites\/3\/2021\/05\/20200530_094040-150x150.jpg\" class=\"attachment-thumbnail size-thumbnail\" alt=\"\" loading=\"lazy\" \/><\/a><\/span><span><a href=\"https:\/\/wettbewerb-archiv.wir-tun-was-fuer-bienen.de\/archiv-2021\/eintrag\/kleine-bienenschule\/\"><img decoding=\"async\" width=\"150\" height=\"150\" src=\"https:\/\/wettbewerb-archiv.wir-tun-was-fuer-bienen.de\/archiv-2021\/wp-content\/uploads\/sites\/3\/2021\/05\/IMG-20180521-WA0033-150x150.jpg\" class=\"attachment-thumbnail size-thumbnail\" alt=\"\" loading=\"lazy\" \/><\/a><\/span><span><a href=\"https:\/\/wettbewerb-archiv.wir-tun-was-fuer-bienen.de\/archiv-2021\/eintrag\/kleine-bienenschule\/\"><img decoding=\"async\" width=\"150\" height=\"150\" src=\"https:\/\/wettbewerb-archiv.wir-tun-was-fuer-bienen.de\/archiv-2021\/wp-content\/uploads\/sites\/3\/2021\/05\/20180618_131846_resized-150x150.jpg\" class=\"attachment-thumbnail size-thumbnail\" alt=\"\" loading=\"lazy\" \/><\/a><\/span><\/div>\n\n    <div class=\"user flex\">\n        \n                    <img decoding=\"async\" src=\"https:\/\/wettbewerb-archiv.wir-tun-was-fuer-bienen.de\/archiv-2021\/wp-content\/themes\/bienen\/assets\/images\/avatar-placeholder.png\" style=\"border-radius: 30px;\" height=\"30\" width=\"30\">\n            ecokids Kleine Bienenschule            <\/div>\n    \n    \n            <p class=\"categories meta\" style=\"width: 100%\"><span class=\"fa fa-tag\"\n                                                             aria-hidden=\"true\"><\/span> Schul- und Jugendclub-G\u00e4rten        <\/p>\n    \n            <p class=\"categories meta\" style=\"width: 100%\"><span class=\"fa fa-map-marker\"\n                                                             aria-hidden=\"true\"><\/span> Hessen        <\/p>\n    \n<\/article>\n   \n\t\t\n          <article id=\"post-42545\" class=\"et_pb_post post-42545 wtwfb_entry type-wtwfb_entry status-publish has-post-thumbnail hentry wtwfb_category-privatgaerten-und-gaerten-von-mietwohnungen-groesser-500-quadratmeter wtwfb_region-rheinland-pfalz\">\n    <h2 class=\"entry-title\"><a href=\"https:\/\/wettbewerb-archiv.wir-tun-was-fuer-bienen.de\/archiv-2021\/eintrag\/dann-war-es-eine-sehr-grosse-wiese\/\">Von der Kuhwiese zum Biotop<\/a>\n    <\/h2>\n    <a href=\"https:\/\/wettbewerb-archiv.wir-tun-was-fuer-bienen.de\/archiv-2021\/eintrag\/dann-war-es-eine-sehr-grosse-wiese\/\">\n        <div class=\"bienen-entry-image\">\n            <img decoding=\"async\" width=\"400\" height=\"300\" src=\"https:\/\/wettbewerb-archiv.wir-tun-was-fuer-bienen.de\/archiv-2021\/wp-content\/uploads\/sites\/3\/2021\/04\/IMG_1166-3-400x300.jpg\" class=\"attachment-bienen-grid-thumb size-bienen-grid-thumb wp-post-image\" alt=\"\" loading=\"lazy\" \/>                    <\/div>\n    <\/a>\n\n    <div class=\"images-grid\"><span><a href=\"https:\/\/wettbewerb-archiv.wir-tun-was-fuer-bienen.de\/archiv-2021\/eintrag\/dann-war-es-eine-sehr-grosse-wiese\/\"><img decoding=\"async\" width=\"150\" height=\"150\" src=\"https:\/\/wettbewerb-archiv.wir-tun-was-fuer-bienen.de\/archiv-2021\/wp-content\/uploads\/sites\/3\/2021\/04\/IMG_0386-2-1-150x150.jpg\" class=\"attachment-thumbnail size-thumbnail\" alt=\"\" loading=\"lazy\" \/><\/a><\/span><span><a href=\"https:\/\/wettbewerb-archiv.wir-tun-was-fuer-bienen.de\/archiv-2021\/eintrag\/dann-war-es-eine-sehr-grosse-wiese\/\"><img decoding=\"async\" width=\"150\" height=\"150\" src=\"https:\/\/wettbewerb-archiv.wir-tun-was-fuer-bienen.de\/archiv-2021\/wp-content\/uploads\/sites\/3\/2021\/05\/IMG_0604-150x150.jpg\" class=\"attachment-thumbnail size-thumbnail\" alt=\"\" loading=\"lazy\" \/><\/a><\/span><span><a href=\"https:\/\/wettbewerb-archiv.wir-tun-was-fuer-bienen.de\/archiv-2021\/eintrag\/dann-war-es-eine-sehr-grosse-wiese\/\"><img decoding=\"async\" width=\"150\" height=\"150\" src=\"https:\/\/wettbewerb-archiv.wir-tun-was-fuer-bienen.de\/archiv-2021\/wp-content\/uploads\/sites\/3\/2021\/07\/IMG_1455-150x150.jpg\" class=\"attachment-thumbnail size-thumbnail\" alt=\"\" loading=\"lazy\" \/><\/a><\/span><span><a href=\"https:\/\/wettbewerb-archiv.wir-tun-was-fuer-bienen.de\/archiv-2021\/eintrag\/dann-war-es-eine-sehr-grosse-wiese\/\"><img decoding=\"async\" width=\"150\" height=\"150\" src=\"https:\/\/wettbewerb-archiv.wir-tun-was-fuer-bienen.de\/archiv-2021\/wp-content\/uploads\/sites\/3\/2021\/07\/IMG_1595-150x150.jpg\" class=\"attachment-thumbnail size-thumbnail\" alt=\"\" loading=\"lazy\" \/><\/a><\/span><\/div>\n\n    <div class=\"user flex\">\n        \n                    <img decoding=\"async\" src=\"https:\/\/wettbewerb-archiv.wir-tun-was-fuer-bienen.de\/archiv-2021\/wp-content\/themes\/bienen\/assets\/images\/avatar-placeholder.png\" style=\"border-radius: 30px;\" height=\"30\" width=\"30\">\n            Uschi B\u00f6rner            <\/div>\n    \n    <p class=\"categories meta bienen-gewinner\"><span class=\"fa fa-trophy\"                                                              aria-hidden=\"true\"><\/span> Gewinner<\/p>\n            <p class=\"categories meta\" style=\"width: 100%\"><span class=\"fa fa-tag\"\n                                                             aria-hidden=\"true\"><\/span> Privatg\u00e4rten und G\u00e4rten von Mietwohnungen (gr\u00f6\u00dfer als 500 Quadratmeter)        <\/p>\n    \n            <p class=\"categories meta\" style=\"width: 100%\"><span class=\"fa fa-map-marker\"\n                                                             aria-hidden=\"true\"><\/span> Rheinland-Pfalz        <\/p>\n    \n<\/article>\n   \n\t\t\n          <article id=\"post-42528\" class=\"et_pb_post post-42528 wtwfb_entry type-wtwfb_entry status-publish has-post-thumbnail hentry wtwfb_category-firmen-institutions-und-vereinsgaerten wtwfb_region-schleswig-holstein\">\n    <h2 class=\"entry-title\"><a href=\"https:\/\/wettbewerb-archiv.wir-tun-was-fuer-bienen.de\/archiv-2021\/eintrag\/ausgleichfreiflaeche-blumen-und-bienenwaldgarten\/\">Ausgleichfreifl\u00e4che Blumen-und Bienenwaldgarten<\/a>\n    <\/h2>\n    <a href=\"https:\/\/wettbewerb-archiv.wir-tun-was-fuer-bienen.de\/archiv-2021\/eintrag\/ausgleichfreiflaeche-blumen-und-bienenwaldgarten\/\">\n        <div class=\"bienen-entry-image\">\n            <img decoding=\"async\" width=\"400\" height=\"300\" src=\"https:\/\/wettbewerb-archiv.wir-tun-was-fuer-bienen.de\/archiv-2021\/wp-content\/uploads\/sites\/3\/2021\/04\/Bee-Award-400x300.jpg\" class=\"attachment-bienen-grid-thumb size-bienen-grid-thumb wp-post-image\" alt=\"\" loading=\"lazy\" \/>                    <\/div>\n    <\/a>\n\n    <div class=\"images-grid\"><span><a href=\"https:\/\/wettbewerb-archiv.wir-tun-was-fuer-bienen.de\/archiv-2021\/eintrag\/ausgleichfreiflaeche-blumen-und-bienenwaldgarten\/\"><img decoding=\"async\" width=\"150\" height=\"150\" src=\"https:\/\/wettbewerb-archiv.wir-tun-was-fuer-bienen.de\/archiv-2021\/wp-content\/uploads\/sites\/3\/2021\/04\/Imker-6-150x150.jpg\" class=\"attachment-thumbnail size-thumbnail\" alt=\"\" loading=\"lazy\" \/><\/a><\/span><\/div>\n\n    <div class=\"user flex\">\n        \n                    <img decoding=\"async\" src=\"https:\/\/wettbewerb-archiv.wir-tun-was-fuer-bienen.de\/archiv-2021\/wp-content\/themes\/bienen\/assets\/images\/avatar-placeholder.png\" style=\"border-radius: 30px;\" height=\"30\" width=\"30\">\n            Rainer Witte            <\/div>\n    \n    \n            <p class=\"categories meta\" style=\"width: 100%\"><span class=\"fa fa-tag\"\n                                                             aria-hidden=\"true\"><\/span> Firmen-, Institutions- und Vereinsg\u00e4rten        <\/p>\n    \n            <p class=\"categories meta\" style=\"width: 100%\"><span class=\"fa fa-map-marker\"\n                                                             aria-hidden=\"true\"><\/span> Schleswig-Holstein        <\/p>\n    \n<\/article>\n   \n\t\t\n          <article id=\"post-42521\" class=\"et_pb_post post-42521 wtwfb_entry type-wtwfb_entry status-publish has-post-thumbnail hentry wtwfb_category-kita-und-kindergartengaerten wtwfb_region-baden-wuerttemberg\">\n    <h2 class=\"entry-title\"><a href=\"https:\/\/wettbewerb-archiv.wir-tun-was-fuer-bienen.de\/archiv-2021\/eintrag\/simsala-summ\/\">Simsala-Summ!!<\/a>\n    <\/h2>\n    <a href=\"https:\/\/wettbewerb-archiv.wir-tun-was-fuer-bienen.de\/archiv-2021\/eintrag\/simsala-summ\/\">\n        <div class=\"bienen-entry-image\">\n            <img decoding=\"async\" width=\"400\" height=\"300\" src=\"https:\/\/wettbewerb-archiv.wir-tun-was-fuer-bienen.de\/archiv-2021\/wp-content\/uploads\/sites\/3\/2021\/05\/DSC03032-400x300.jpg\" class=\"attachment-bienen-grid-thumb size-bienen-grid-thumb wp-post-image\" alt=\"\" loading=\"lazy\" \/>                    <\/div>\n    <\/a>\n\n    <div class=\"images-grid\"><span><a href=\"https:\/\/wettbewerb-archiv.wir-tun-was-fuer-bienen.de\/archiv-2021\/eintrag\/simsala-summ\/\"><img decoding=\"async\" width=\"150\" height=\"150\" src=\"https:\/\/wettbewerb-archiv.wir-tun-was-fuer-bienen.de\/archiv-2021\/wp-content\/uploads\/sites\/3\/2021\/06\/DSC03024-150x150.jpg\" class=\"attachment-thumbnail size-thumbnail\" alt=\"\" loading=\"lazy\" \/><\/a><\/span><span><a href=\"https:\/\/wettbewerb-archiv.wir-tun-was-fuer-bienen.de\/archiv-2021\/eintrag\/simsala-summ\/\"><img decoding=\"async\" width=\"150\" height=\"150\" src=\"https:\/\/wettbewerb-archiv.wir-tun-was-fuer-bienen.de\/archiv-2021\/wp-content\/uploads\/sites\/3\/2021\/06\/DSC03027-150x150.jpg\" class=\"attachment-thumbnail size-thumbnail\" alt=\"\" loading=\"lazy\" \/><\/a><\/span><span><a href=\"https:\/\/wettbewerb-archiv.wir-tun-was-fuer-bienen.de\/archiv-2021\/eintrag\/simsala-summ\/\"><img decoding=\"async\" width=\"150\" height=\"150\" src=\"https:\/\/wettbewerb-archiv.wir-tun-was-fuer-bienen.de\/archiv-2021\/wp-content\/uploads\/sites\/3\/2021\/06\/DSC03029-150x150.jpg\" class=\"attachment-thumbnail size-thumbnail\" alt=\"\" loading=\"lazy\" \/><\/a><\/span><span><a href=\"https:\/\/wettbewerb-archiv.wir-tun-was-fuer-bienen.de\/archiv-2021\/eintrag\/simsala-summ\/\"><img decoding=\"async\" width=\"150\" height=\"150\" src=\"https:\/\/wettbewerb-archiv.wir-tun-was-fuer-bienen.de\/archiv-2021\/wp-content\/uploads\/sites\/3\/2021\/06\/DSC03035-150x150.jpg\" class=\"attachment-thumbnail size-thumbnail\" alt=\"\" loading=\"lazy\" \/><\/a><\/span><\/div>\n\n    <div class=\"user flex\">\n        \n                    <img decoding=\"async\" src=\"https:\/\/wettbewerb-archiv.wir-tun-was-fuer-bienen.de\/archiv-2021\/wp-content\/themes\/bienen\/assets\/images\/avatar-placeholder.png\" style=\"border-radius: 30px;\" height=\"30\" width=\"30\">\n            Kindertagesst\u00e4tte Lukasgemeinde            <\/div>\n    \n    \n            <p class=\"categories meta\" style=\"width: 100%\"><span class=\"fa fa-tag\"\n                                                             aria-hidden=\"true\"><\/span> Kita- und Kindergarteng\u00e4rten        <\/p>\n    \n            <p class=\"categories meta\" style=\"width: 100%\"><span class=\"fa fa-map-marker\"\n                                                             aria-hidden=\"true\"><\/span> Baden-W\u00fcrttemberg        <\/p>\n    \n<\/article>\n   \n\t\t\n          <article id=\"post-42505\" class=\"et_pb_post post-42505 wtwfb_entry type-wtwfb_entry status-publish has-post-thumbnail hentry wtwfb_category-kita-und-kindergartengaerten wtwfb_region-nordrhein-westfalen\">\n    <h2 class=\"entry-title\"><a href=\"https:\/\/wettbewerb-archiv.wir-tun-was-fuer-bienen.de\/archiv-2021\/eintrag\/ich-bin-eine-kleine-honigbiene-und-lande-in-meinem-blumenfeld\/\">Ich bin eine kleine Wildbiene und lande in meinem Blume...<\/a>\n    <\/h2>\n    <a href=\"https:\/\/wettbewerb-archiv.wir-tun-was-fuer-bienen.de\/archiv-2021\/eintrag\/ich-bin-eine-kleine-honigbiene-und-lande-in-meinem-blumenfeld\/\">\n        <div class=\"bienen-entry-image\">\n            <img decoding=\"async\" width=\"400\" height=\"300\" src=\"https:\/\/wettbewerb-archiv.wir-tun-was-fuer-bienen.de\/archiv-2021\/wp-content\/uploads\/sites\/3\/2021\/04\/Aussenansicht-Kita-400x300.jpg\" class=\"attachment-bienen-grid-thumb size-bienen-grid-thumb wp-post-image\" alt=\"\" loading=\"lazy\" \/>                    <\/div>\n    <\/a>\n\n    <div class=\"images-grid\"><span><a href=\"https:\/\/wettbewerb-archiv.wir-tun-was-fuer-bienen.de\/archiv-2021\/eintrag\/ich-bin-eine-kleine-honigbiene-und-lande-in-meinem-blumenfeld\/\"><img decoding=\"async\" width=\"150\" height=\"150\" src=\"https:\/\/wettbewerb-archiv.wir-tun-was-fuer-bienen.de\/archiv-2021\/wp-content\/uploads\/sites\/3\/2021\/04\/Umkehrfraese-150x150.jpg\" class=\"attachment-thumbnail size-thumbnail\" alt=\"\" loading=\"lazy\" \/><\/a><\/span><span><a href=\"https:\/\/wettbewerb-archiv.wir-tun-was-fuer-bienen.de\/archiv-2021\/eintrag\/ich-bin-eine-kleine-honigbiene-und-lande-in-meinem-blumenfeld\/\"><img decoding=\"async\" width=\"150\" height=\"150\" src=\"https:\/\/wettbewerb-archiv.wir-tun-was-fuer-bienen.de\/archiv-2021\/wp-content\/uploads\/sites\/3\/2021\/04\/Ruettelegge-150x150.jpg\" class=\"attachment-thumbnail size-thumbnail\" alt=\"\" loading=\"lazy\" \/><\/a><\/span><span><a href=\"https:\/\/wettbewerb-archiv.wir-tun-was-fuer-bienen.de\/archiv-2021\/eintrag\/ich-bin-eine-kleine-honigbiene-und-lande-in-meinem-blumenfeld\/\"><img decoding=\"async\" width=\"150\" height=\"150\" src=\"https:\/\/wettbewerb-archiv.wir-tun-was-fuer-bienen.de\/archiv-2021\/wp-content\/uploads\/sites\/3\/2021\/04\/Aussaat-150x150.jpg\" class=\"attachment-thumbnail size-thumbnail\" alt=\"\" loading=\"lazy\" \/><\/a><\/span><span><a href=\"https:\/\/wettbewerb-archiv.wir-tun-was-fuer-bienen.de\/archiv-2021\/eintrag\/ich-bin-eine-kleine-honigbiene-und-lande-in-meinem-blumenfeld\/\"><img decoding=\"async\" width=\"150\" height=\"150\" src=\"https:\/\/wettbewerb-archiv.wir-tun-was-fuer-bienen.de\/archiv-2021\/wp-content\/uploads\/sites\/3\/2021\/06\/20210504_094512-1-150x150.jpg\" class=\"attachment-thumbnail size-thumbnail\" alt=\"\" loading=\"lazy\" \/><\/a><\/span><\/div>\n\n    <div class=\"user flex\">\n        \n                    <img decoding=\"async\" src=\"https:\/\/wettbewerb-archiv.wir-tun-was-fuer-bienen.de\/archiv-2021\/wp-content\/themes\/bienen\/assets\/images\/avatar-placeholder.png\" style=\"border-radius: 30px;\" height=\"30\" width=\"30\">\n            Kath. Kita St. Elisabeth, Hamm-Berge            <\/div>\n    \n    \n            <p class=\"categories meta\" style=\"width: 100%\"><span class=\"fa fa-tag\"\n                                                             aria-hidden=\"true\"><\/span> Kita- und Kindergarteng\u00e4rten        <\/p>\n    \n            <p class=\"categories meta\" style=\"width: 100%\"><span class=\"fa fa-map-marker\"\n                                                             aria-hidden=\"true\"><\/span> Nordrhein-Westfalen        <\/p>\n    \n<\/article>\n   \n\t\t\n          <article id=\"post-42486\" class=\"et_pb_post post-42486 wtwfb_entry type-wtwfb_entry status-publish has-post-thumbnail hentry wtwfb_category-schul-und-jugendclub-gaerten wtwfb_region-berlin\">\n    <h2 class=\"entry-title\"><a href=\"https:\/\/wettbewerb-archiv.wir-tun-was-fuer-bienen.de\/archiv-2021\/eintrag\/gustav-langenscheidt-schule-in-berlin-schoeneberg\/\">Gustav-Langenscheidt-Schule in Berlin-Sch\u00f6neberg<\/a>\n    <\/h2>\n    <a href=\"https:\/\/wettbewerb-archiv.wir-tun-was-fuer-bienen.de\/archiv-2021\/eintrag\/gustav-langenscheidt-schule-in-berlin-schoeneberg\/\">\n        <div class=\"bienen-entry-image\">\n            <img decoding=\"async\" width=\"400\" height=\"300\" src=\"https:\/\/wettbewerb-archiv.wir-tun-was-fuer-bienen.de\/archiv-2021\/wp-content\/uploads\/sites\/3\/2021\/08\/20210712_132209-400x300.jpg\" class=\"attachment-bienen-grid-thumb size-bienen-grid-thumb wp-post-image\" alt=\"\" loading=\"lazy\" \/>                    <\/div>\n    <\/a>\n\n    <div class=\"images-grid\"><span><a href=\"https:\/\/wettbewerb-archiv.wir-tun-was-fuer-bienen.de\/archiv-2021\/eintrag\/gustav-langenscheidt-schule-in-berlin-schoeneberg\/\"><img decoding=\"async\" width=\"150\" height=\"150\" src=\"https:\/\/wettbewerb-archiv.wir-tun-was-fuer-bienen.de\/archiv-2021\/wp-content\/uploads\/sites\/3\/2021\/06\/20210604_131304-150x150.jpg\" class=\"attachment-thumbnail size-thumbnail\" alt=\"\" loading=\"lazy\" \/><\/a><\/span><span><a href=\"https:\/\/wettbewerb-archiv.wir-tun-was-fuer-bienen.de\/archiv-2021\/eintrag\/gustav-langenscheidt-schule-in-berlin-schoeneberg\/\"><img decoding=\"async\" width=\"150\" height=\"150\" src=\"https:\/\/wettbewerb-archiv.wir-tun-was-fuer-bienen.de\/archiv-2021\/wp-content\/uploads\/sites\/3\/2021\/06\/20210604_133135-150x150.jpg\" class=\"attachment-thumbnail size-thumbnail\" alt=\"\" loading=\"lazy\" \/><\/a><\/span><span><a href=\"https:\/\/wettbewerb-archiv.wir-tun-was-fuer-bienen.de\/archiv-2021\/eintrag\/gustav-langenscheidt-schule-in-berlin-schoeneberg\/\"><img decoding=\"async\" width=\"150\" height=\"150\" src=\"https:\/\/wettbewerb-archiv.wir-tun-was-fuer-bienen.de\/archiv-2021\/wp-content\/uploads\/sites\/3\/2021\/06\/20210525_105017-150x150.jpg\" class=\"attachment-thumbnail size-thumbnail\" alt=\"\" loading=\"lazy\" \/><\/a><\/span><span><a href=\"https:\/\/wettbewerb-archiv.wir-tun-was-fuer-bienen.de\/archiv-2021\/eintrag\/gustav-langenscheidt-schule-in-berlin-schoeneberg\/\"><img decoding=\"async\" width=\"150\" height=\"150\" src=\"https:\/\/wettbewerb-archiv.wir-tun-was-fuer-bienen.de\/archiv-2021\/wp-content\/uploads\/sites\/3\/2021\/06\/20210604_093315-150x150.jpg\" class=\"attachment-thumbnail size-thumbnail\" alt=\"\" loading=\"lazy\" \/><\/a><\/span><\/div>\n\n    <div class=\"user flex\">\n        \n                    <img decoding=\"async\" src=\"https:\/\/wettbewerb-archiv.wir-tun-was-fuer-bienen.de\/archiv-2021\/wp-content\/themes\/bienen\/assets\/images\/avatar-placeholder.png\" style=\"border-radius: 30px;\" height=\"30\" width=\"30\">\n            Gustav-Langenscheidt-Schule Berlin            <\/div>\n    \n    \n            <p class=\"categories meta\" style=\"width: 100%\"><span class=\"fa fa-tag\"\n                                                             aria-hidden=\"true\"><\/span> Schul- und Jugendclub-G\u00e4rten        <\/p>\n    \n            <p class=\"categories meta\" style=\"width: 100%\"><span class=\"fa fa-map-marker\"\n                                                             aria-hidden=\"true\"><\/span> Berlin        <\/p>\n    \n<\/article>\n   \n\t\t\n          <article id=\"post-42373\" class=\"et_pb_post post-42373 wtwfb_entry type-wtwfb_entry status-publish has-post-thumbnail hentry wtwfb_category-balkone-terrassen-dachbegruenung-vertikale-gaerten wtwfb_region-baden-wuerttemberg\">\n    <h2 class=\"entry-title\"><a href=\"https:\/\/wettbewerb-archiv.wir-tun-was-fuer-bienen.de\/archiv-2021\/eintrag\/unser-garten-am-haus\/\">Unser Garten am Haus<\/a>\n    <\/h2>\n    <a href=\"https:\/\/wettbewerb-archiv.wir-tun-was-fuer-bienen.de\/archiv-2021\/eintrag\/unser-garten-am-haus\/\">\n        <div class=\"bienen-entry-image\">\n            <img decoding=\"async\" width=\"400\" height=\"300\" src=\"https:\/\/wettbewerb-archiv.wir-tun-was-fuer-bienen.de\/archiv-2021\/wp-content\/uploads\/sites\/3\/2021\/04\/IMG_0884-400x300.jpg\" class=\"attachment-bienen-grid-thumb size-bienen-grid-thumb wp-post-image\" alt=\"\" loading=\"lazy\" \/>                    <\/div>\n    <\/a>\n\n    <div class=\"images-grid\"><\/div>\n\n    <div class=\"user flex\">\n        \n                    <img decoding=\"async\" src=\"https:\/\/wettbewerb-archiv.wir-tun-was-fuer-bienen.de\/archiv-2021\/wp-content\/themes\/bienen\/assets\/images\/avatar-placeholder.png\" style=\"border-radius: 30px;\" height=\"30\" width=\"30\">\n            Sammy            <\/div>\n    \n    \n            <p class=\"categories meta\" style=\"width: 100%\"><span class=\"fa fa-tag\"\n                                                             aria-hidden=\"true\"><\/span> Balkone, Terrassen, Dachbegr\u00fcnung, vertikale G\u00e4rten        <\/p>\n    \n            <p class=\"categories meta\" style=\"width: 100%\"><span class=\"fa fa-map-marker\"\n                                                             aria-hidden=\"true\"><\/span> Baden-W\u00fcrttemberg        <\/p>\n    \n<\/article>\n   \n\t\t\n          <article id=\"post-42349\" class=\"et_pb_post post-42349 wtwfb_entry type-wtwfb_entry status-publish has-post-thumbnail hentry wtwfb_category-kommunale-flaechen-parks-baumscheiben wtwfb_region-niedersachsen\">\n    <h2 class=\"entry-title\"><a href=\"https:\/\/wettbewerb-archiv.wir-tun-was-fuer-bienen.de\/archiv-2021\/eintrag\/an-die-saat-fertig-los-der-anfang-ist-gemacht\/\">An die Saat, fertig, los &#8211; Wasserwerk und Kl\u00e4ran...<\/a>\n    <\/h2>\n    <a href=\"https:\/\/wettbewerb-archiv.wir-tun-was-fuer-bienen.de\/archiv-2021\/eintrag\/an-die-saat-fertig-los-der-anfang-ist-gemacht\/\">\n        <div class=\"bienen-entry-image\">\n            <img decoding=\"async\" width=\"400\" height=\"300\" src=\"https:\/\/wettbewerb-archiv.wir-tun-was-fuer-bienen.de\/archiv-2021\/wp-content\/uploads\/sites\/3\/2021\/07\/Danach-1-400x300.jpg\" class=\"attachment-bienen-grid-thumb size-bienen-grid-thumb wp-post-image\" alt=\"\" loading=\"lazy\" \/>                    <\/div>\n    <\/a>\n\n    <div class=\"images-grid\"><span><a href=\"https:\/\/wettbewerb-archiv.wir-tun-was-fuer-bienen.de\/archiv-2021\/eintrag\/an-die-saat-fertig-los-der-anfang-ist-gemacht\/\"><img decoding=\"async\" width=\"150\" height=\"150\" src=\"https:\/\/wettbewerb-archiv.wir-tun-was-fuer-bienen.de\/archiv-2021\/wp-content\/uploads\/sites\/3\/2021\/04\/Aussaat-Wasserwerk-am-200421_I-1-150x150.jpg\" class=\"attachment-thumbnail size-thumbnail\" alt=\"\" loading=\"lazy\" \/><\/a><\/span><span><a href=\"https:\/\/wettbewerb-archiv.wir-tun-was-fuer-bienen.de\/archiv-2021\/eintrag\/an-die-saat-fertig-los-der-anfang-ist-gemacht\/\"><img decoding=\"async\" width=\"150\" height=\"150\" src=\"https:\/\/wettbewerb-archiv.wir-tun-was-fuer-bienen.de\/archiv-2021\/wp-content\/uploads\/sites\/3\/2021\/04\/Aussaat-KA-150x150.jpg\" class=\"attachment-thumbnail size-thumbnail\" alt=\"\" loading=\"lazy\" \/><\/a><\/span><span><a href=\"https:\/\/wettbewerb-archiv.wir-tun-was-fuer-bienen.de\/archiv-2021\/eintrag\/an-die-saat-fertig-los-der-anfang-ist-gemacht\/\"><img decoding=\"async\" width=\"150\" height=\"150\" src=\"https:\/\/wettbewerb-archiv.wir-tun-was-fuer-bienen.de\/archiv-2021\/wp-content\/uploads\/sites\/3\/2021\/04\/Aussaat-KA_I-150x150.jpg\" class=\"attachment-thumbnail size-thumbnail\" alt=\"\" loading=\"lazy\" \/><\/a><\/span><span><a href=\"https:\/\/wettbewerb-archiv.wir-tun-was-fuer-bienen.de\/archiv-2021\/eintrag\/an-die-saat-fertig-los-der-anfang-ist-gemacht\/\"><img decoding=\"async\" width=\"150\" height=\"150\" src=\"https:\/\/wettbewerb-archiv.wir-tun-was-fuer-bienen.de\/archiv-2021\/wp-content\/uploads\/sites\/3\/2021\/04\/Aussaat-KA_II-150x150.jpg\" class=\"attachment-thumbnail size-thumbnail\" alt=\"\" loading=\"lazy\" \/><\/a><\/span><\/div>\n\n    <div class=\"user flex\">\n        \n                    <img decoding=\"async\" src=\"https:\/\/wettbewerb-archiv.wir-tun-was-fuer-bienen.de\/archiv-2021\/wp-content\/themes\/bienen\/assets\/images\/avatar-placeholder.png\" style=\"border-radius: 30px;\" height=\"30\" width=\"30\">\n            Stadt Meppen            <\/div>\n    \n    \n            <p class=\"categories meta\" style=\"width: 100%\"><span class=\"fa fa-tag\"\n                                                             aria-hidden=\"true\"><\/span> Kommunale Fl\u00e4chen, Parks, Baumscheiben        <\/p>\n    \n            <p class=\"categories meta\" style=\"width: 100%\"><span class=\"fa fa-map-marker\"\n                                                             aria-hidden=\"true\"><\/span> Niedersachsen        <\/p>\n    \n<\/article>\n   \n\t\t\n          <article id=\"post-42331\" class=\"et_pb_post post-42331 wtwfb_entry type-wtwfb_entry status-publish has-post-thumbnail hentry wtwfb_category-kita-und-kindergartengaerten wtwfb_region-rheinland-pfalz\">\n    <h2 class=\"entry-title\"><a href=\"https:\/\/wettbewerb-archiv.wir-tun-was-fuer-bienen.de\/archiv-2021\/eintrag\/blumenmeer-zaubernde-bienenretter-2\/\">Blumenmeer &#8211; zaubernde Bienenretter<\/a>\n    <\/h2>\n    <a href=\"https:\/\/wettbewerb-archiv.wir-tun-was-fuer-bienen.de\/archiv-2021\/eintrag\/blumenmeer-zaubernde-bienenretter-2\/\">\n        <div class=\"bienen-entry-image\">\n            <img decoding=\"async\" width=\"400\" height=\"300\" src=\"https:\/\/wettbewerb-archiv.wir-tun-was-fuer-bienen.de\/archiv-2021\/wp-content\/uploads\/sites\/3\/2021\/04\/P1230625-400x300.jpg\" class=\"attachment-bienen-grid-thumb size-bienen-grid-thumb wp-post-image\" alt=\"\" loading=\"lazy\" \/>                    <\/div>\n    <\/a>\n\n    <div class=\"images-grid\"><span><a href=\"https:\/\/wettbewerb-archiv.wir-tun-was-fuer-bienen.de\/archiv-2021\/eintrag\/blumenmeer-zaubernde-bienenretter-2\/\"><img decoding=\"async\" width=\"150\" height=\"150\" src=\"https:\/\/wettbewerb-archiv.wir-tun-was-fuer-bienen.de\/archiv-2021\/wp-content\/uploads\/sites\/3\/2021\/07\/Blumeninseln-150x150.jpg\" class=\"attachment-thumbnail size-thumbnail\" alt=\"\" loading=\"lazy\" \/><\/a><\/span><span><a href=\"https:\/\/wettbewerb-archiv.wir-tun-was-fuer-bienen.de\/archiv-2021\/eintrag\/blumenmeer-zaubernde-bienenretter-2\/\"><img decoding=\"async\" width=\"150\" height=\"150\" src=\"https:\/\/wettbewerb-archiv.wir-tun-was-fuer-bienen.de\/archiv-2021\/wp-content\/uploads\/sites\/3\/2021\/07\/Abstimmung-150x150.jpg\" class=\"attachment-thumbnail size-thumbnail\" alt=\"\" loading=\"lazy\" \/><\/a><\/span><span><a href=\"https:\/\/wettbewerb-archiv.wir-tun-was-fuer-bienen.de\/archiv-2021\/eintrag\/blumenmeer-zaubernde-bienenretter-2\/\"><img decoding=\"async\" width=\"150\" height=\"150\" src=\"https:\/\/wettbewerb-archiv.wir-tun-was-fuer-bienen.de\/archiv-2021\/wp-content\/uploads\/sites\/3\/2021\/07\/indoor-150x150.jpg\" class=\"attachment-thumbnail size-thumbnail\" alt=\"\" loading=\"lazy\" \/><\/a><\/span><span><a href=\"https:\/\/wettbewerb-archiv.wir-tun-was-fuer-bienen.de\/archiv-2021\/eintrag\/blumenmeer-zaubernde-bienenretter-2\/\"><img decoding=\"async\" width=\"150\" height=\"150\" src=\"https:\/\/wettbewerb-archiv.wir-tun-was-fuer-bienen.de\/archiv-2021\/wp-content\/uploads\/sites\/3\/2021\/07\/Kartoffelfeld-150x150.jpg\" class=\"attachment-thumbnail size-thumbnail\" alt=\"\" loading=\"lazy\" \/><\/a><\/span><\/div>\n\n    <div class=\"user flex\">\n        \n                    <img decoding=\"async\" src=\"https:\/\/wettbewerb-archiv.wir-tun-was-fuer-bienen.de\/archiv-2021\/wp-content\/themes\/bienen\/assets\/images\/avatar-placeholder.png\" style=\"border-radius: 30px;\" height=\"30\" width=\"30\">\n            FamilienkiTa Emmaus            <\/div>\n    \n    <p class=\"categories meta bienen-gewinner\"><span class=\"fa fa-trophy\"                                                              aria-hidden=\"true\"><\/span> Gewinner<\/p>\n            <p class=\"categories meta\" style=\"width: 100%\"><span class=\"fa fa-tag\"\n                                                             aria-hidden=\"true\"><\/span> Kita- und Kindergarteng\u00e4rten        <\/p>\n    \n            <p class=\"categories meta\" style=\"width: 100%\"><span class=\"fa fa-map-marker\"\n                                                             aria-hidden=\"true\"><\/span> Rheinland-Pfalz        <\/p>\n    \n<\/article>\n   \n\t\t\n          <article id=\"post-42307\" class=\"et_pb_post post-42307 wtwfb_entry type-wtwfb_entry status-publish has-post-thumbnail hentry wtwfb_category-firmen-institutions-und-vereinsgaerten wtwfb_region-hessen\">\n    <h2 class=\"entry-title\"><a href=\"https:\/\/wettbewerb-archiv.wir-tun-was-fuer-bienen.de\/archiv-2021\/eintrag\/montessori-meets-blaumacher-kids\/\">Montessori meets BlauMACHER Kids<\/a>\n    <\/h2>\n    <a href=\"https:\/\/wettbewerb-archiv.wir-tun-was-fuer-bienen.de\/archiv-2021\/eintrag\/montessori-meets-blaumacher-kids\/\">\n        <div class=\"bienen-entry-image\">\n            <img decoding=\"async\" width=\"400\" height=\"300\" src=\"https:\/\/wettbewerb-archiv.wir-tun-was-fuer-bienen.de\/archiv-2021\/wp-content\/uploads\/sites\/3\/2021\/04\/2021-04-10-Bild-Artikel-Naschgarten-400x300.jpg\" class=\"attachment-bienen-grid-thumb size-bienen-grid-thumb wp-post-image\" alt=\"\" loading=\"lazy\" \/>                    <\/div>\n    <\/a>\n\n    <div class=\"images-grid\"><span><a href=\"https:\/\/wettbewerb-archiv.wir-tun-was-fuer-bienen.de\/archiv-2021\/eintrag\/montessori-meets-blaumacher-kids\/\"><img decoding=\"async\" width=\"150\" height=\"150\" src=\"https:\/\/wettbewerb-archiv.wir-tun-was-fuer-bienen.de\/archiv-2021\/wp-content\/uploads\/sites\/3\/2021\/04\/2021-03-27-Montessori-1.-Spatenstich-7-150x150.jpeg\" class=\"attachment-thumbnail size-thumbnail\" alt=\"\" loading=\"lazy\" \/><\/a><\/span><span><a href=\"https:\/\/wettbewerb-archiv.wir-tun-was-fuer-bienen.de\/archiv-2021\/eintrag\/montessori-meets-blaumacher-kids\/\"><img decoding=\"async\" width=\"150\" height=\"150\" src=\"https:\/\/wettbewerb-archiv.wir-tun-was-fuer-bienen.de\/archiv-2021\/wp-content\/uploads\/sites\/3\/2021\/04\/WhatsApp-Image-2021-04-26-at-11.22.58-1-150x150.jpeg\" class=\"attachment-thumbnail size-thumbnail\" alt=\"\" loading=\"lazy\" \/><\/a><\/span><span><a href=\"https:\/\/wettbewerb-archiv.wir-tun-was-fuer-bienen.de\/archiv-2021\/eintrag\/montessori-meets-blaumacher-kids\/\"><img decoding=\"async\" width=\"150\" height=\"150\" src=\"https:\/\/wettbewerb-archiv.wir-tun-was-fuer-bienen.de\/archiv-2021\/wp-content\/uploads\/sites\/3\/2021\/04\/WhatsApp-Image-2021-04-26-at-11.23.05-1-150x150.jpeg\" class=\"attachment-thumbnail size-thumbnail\" alt=\"\" loading=\"lazy\" \/><\/a><\/span><span><a href=\"https:\/\/wettbewerb-archiv.wir-tun-was-fuer-bienen.de\/archiv-2021\/eintrag\/montessori-meets-blaumacher-kids\/\"><img decoding=\"async\" width=\"150\" height=\"150\" src=\"https:\/\/wettbewerb-archiv.wir-tun-was-fuer-bienen.de\/archiv-2021\/wp-content\/uploads\/sites\/3\/2021\/04\/WhatsApp-Image-2021-04-26-at-11.22.56-150x150.jpeg\" class=\"attachment-thumbnail size-thumbnail\" alt=\"\" loading=\"lazy\" \/><\/a><\/span><\/div>\n\n    <div class=\"user flex\">\n        \n                    <img decoding=\"async\" src=\"https:\/\/wettbewerb-archiv.wir-tun-was-fuer-bienen.de\/archiv-2021\/wp-content\/themes\/bienen\/assets\/images\/avatar-placeholder.png\" style=\"border-radius: 30px;\" height=\"30\" width=\"30\">\n            Naschgarten mit Herz            <\/div>\n            <p class=\"categories meta\" style=\"color: #c32731; font-weight: bold; width: 100%\"><span class=\"fa fa-music\"\n                                                                                                aria-hidden=\"true\"><\/span> Extrapreis Musik\n            f\u00fcr Bienenschutz\n        <\/p>\n    \n    \n            <p class=\"categories meta\" style=\"width: 100%\"><span class=\"fa fa-tag\"\n                                                             aria-hidden=\"true\"><\/span> Firmen-, Institutions- und Vereinsg\u00e4rten        <\/p>\n    \n            <p class=\"categories meta\" style=\"width: 100%\"><span class=\"fa fa-map-marker\"\n                                                             aria-hidden=\"true\"><\/span> Hessen        <\/p>\n    \n<\/article>\n   \n\t\t\n          <article id=\"post-42286\" class=\"et_pb_post post-42286 wtwfb_entry type-wtwfb_entry status-publish has-post-thumbnail hentry wtwfb_category-kommunale-flaechen-parks-baumscheiben wtwfb_region-nordrhein-westfalen\">\n    <h2 class=\"entry-title\"><a href=\"https:\/\/wettbewerb-archiv.wir-tun-was-fuer-bienen.de\/archiv-2021\/eintrag\/bienen-schwaermen-fuer-kempener-friedhoefe\/\">Bienen schw\u00e4rmen f\u00fcr Kempener Friedh\u00f6fe<\/a>\n    <\/h2>\n    <a href=\"https:\/\/wettbewerb-archiv.wir-tun-was-fuer-bienen.de\/archiv-2021\/eintrag\/bienen-schwaermen-fuer-kempener-friedhoefe\/\">\n        <div class=\"bienen-entry-image\">\n            <img decoding=\"async\" width=\"400\" height=\"300\" src=\"https:\/\/wettbewerb-archiv.wir-tun-was-fuer-bienen.de\/archiv-2021\/wp-content\/uploads\/sites\/3\/2021\/07\/NOP_3839_b-400x300.jpg\" class=\"attachment-bienen-grid-thumb size-bienen-grid-thumb wp-post-image\" alt=\"\" loading=\"lazy\" \/>                    <\/div>\n    <\/a>\n\n    <div class=\"images-grid\"><span><a href=\"https:\/\/wettbewerb-archiv.wir-tun-was-fuer-bienen.de\/archiv-2021\/eintrag\/bienen-schwaermen-fuer-kempener-friedhoefe\/\"><img decoding=\"async\" width=\"150\" height=\"150\" src=\"https:\/\/wettbewerb-archiv.wir-tun-was-fuer-bienen.de\/archiv-2021\/wp-content\/uploads\/sites\/3\/2021\/04\/15_04_2021_18-150x150.jpg\" class=\"attachment-thumbnail size-thumbnail\" alt=\"\" loading=\"lazy\" \/><\/a><\/span><span><a href=\"https:\/\/wettbewerb-archiv.wir-tun-was-fuer-bienen.de\/archiv-2021\/eintrag\/bienen-schwaermen-fuer-kempener-friedhoefe\/\"><img decoding=\"async\" width=\"150\" height=\"150\" src=\"https:\/\/wettbewerb-archiv.wir-tun-was-fuer-bienen.de\/archiv-2021\/wp-content\/uploads\/sites\/3\/2021\/04\/15_04_2021_25-150x150.jpg\" class=\"attachment-thumbnail size-thumbnail\" alt=\"\" loading=\"lazy\" \/><\/a><\/span><span><a href=\"https:\/\/wettbewerb-archiv.wir-tun-was-fuer-bienen.de\/archiv-2021\/eintrag\/bienen-schwaermen-fuer-kempener-friedhoefe\/\"><img decoding=\"async\" width=\"150\" height=\"150\" src=\"https:\/\/wettbewerb-archiv.wir-tun-was-fuer-bienen.de\/archiv-2021\/wp-content\/uploads\/sites\/3\/2021\/07\/NOP_3874_b-150x150.jpg\" class=\"attachment-thumbnail size-thumbnail\" alt=\"\" loading=\"lazy\" \/><\/a><\/span><\/div>\n\n    <div class=\"user flex\">\n        \n                    <img decoding=\"async\" src=\"https:\/\/wettbewerb-archiv.wir-tun-was-fuer-bienen.de\/archiv-2021\/wp-content\/themes\/bienen\/assets\/images\/avatar-placeholder.png\" style=\"border-radius: 30px;\" height=\"30\" width=\"30\">\n            Stadt Kempen            <\/div>\n    \n    \n            <p class=\"categories meta\" style=\"width: 100%\"><span class=\"fa fa-tag\"\n                                                             aria-hidden=\"true\"><\/span> Kommunale Fl\u00e4chen, Parks, Baumscheiben        <\/p>\n    \n            <p class=\"categories meta\" style=\"width: 100%\"><span class=\"fa fa-map-marker\"\n                                                             aria-hidden=\"true\"><\/span> Nordrhein-Westfalen        <\/p>\n    \n<\/article>\n   \n\t\t\n          <article id=\"post-42267\" class=\"et_pb_post post-42267 wtwfb_entry type-wtwfb_entry status-publish has-post-thumbnail hentry wtwfb_category-privatgaerten-und-gaerten-von-mietwohnungen-groesser-500-quadratmeter wtwfb_region-brandenburg\">\n    <h2 class=\"entry-title\"><a href=\"https:\/\/wettbewerb-archiv.wir-tun-was-fuer-bienen.de\/archiv-2021\/eintrag\/bluetenreich-seit-2018\/\">bl\u00fctenreich seit 2018<\/a>\n    <\/h2>\n    <a href=\"https:\/\/wettbewerb-archiv.wir-tun-was-fuer-bienen.de\/archiv-2021\/eintrag\/bluetenreich-seit-2018\/\">\n        <div class=\"bienen-entry-image\">\n            <img decoding=\"async\" width=\"400\" height=\"300\" src=\"https:\/\/wettbewerb-archiv.wir-tun-was-fuer-bienen.de\/archiv-2021\/wp-content\/uploads\/sites\/3\/2021\/04\/A3772561-2875-4DC8-8690-B7E13EC86A12-400x300.jpeg\" class=\"attachment-bienen-grid-thumb size-bienen-grid-thumb wp-post-image\" alt=\"\" loading=\"lazy\" \/>                    <\/div>\n    <\/a>\n\n    <div class=\"images-grid\"><span><a href=\"https:\/\/wettbewerb-archiv.wir-tun-was-fuer-bienen.de\/archiv-2021\/eintrag\/bluetenreich-seit-2018\/\"><img decoding=\"async\" width=\"150\" height=\"150\" src=\"https:\/\/wettbewerb-archiv.wir-tun-was-fuer-bienen.de\/archiv-2021\/wp-content\/uploads\/sites\/3\/2021\/04\/FBA88A22-C14F-4917-B018-A932DF8DA530-150x150.jpeg\" class=\"attachment-thumbnail size-thumbnail\" alt=\"\" loading=\"lazy\" \/><\/a><\/span><\/div>\n\n    <div class=\"user flex\">\n        \n                    <img decoding=\"async\" src=\"https:\/\/wettbewerb-archiv.wir-tun-was-fuer-bienen.de\/archiv-2021\/wp-content\/themes\/bienen\/assets\/images\/avatar-placeholder.png\" style=\"border-radius: 30px;\" height=\"30\" width=\"30\">\n            H\u00f6henl\u00e4nder Bl\u00fctenreich            <\/div>\n    \n    \n            <p class=\"categories meta\" style=\"width: 100%\"><span class=\"fa fa-tag\"\n                                                             aria-hidden=\"true\"><\/span> Privatg\u00e4rten und G\u00e4rten von Mietwohnungen (gr\u00f6\u00dfer als 500 Quadratmeter)        <\/p>\n    \n            <p class=\"categories meta\" style=\"width: 100%\"><span class=\"fa fa-map-marker\"\n                                                             aria-hidden=\"true\"><\/span> Brandenburg        <\/p>\n    \n<\/article>\n   \n\t\t\n          <article id=\"post-42239\" class=\"et_pb_post post-42239 wtwfb_entry type-wtwfb_entry status-publish has-post-thumbnail hentry wtwfb_category-balkone-terrassen-dachbegruenung-vertikale-gaerten wtwfb_region-nordrhein-westfalen\">\n    <h2 class=\"entry-title\"><a href=\"https:\/\/wettbewerb-archiv.wir-tun-was-fuer-bienen.de\/archiv-2021\/eintrag\/neues-hochbeet\/\">Neues Hochbeet<\/a>\n    <\/h2>\n    <a href=\"https:\/\/wettbewerb-archiv.wir-tun-was-fuer-bienen.de\/archiv-2021\/eintrag\/neues-hochbeet\/\">\n        <div class=\"bienen-entry-image\">\n            <img decoding=\"async\" width=\"400\" height=\"300\" src=\"https:\/\/wettbewerb-archiv.wir-tun-was-fuer-bienen.de\/archiv-2021\/wp-content\/uploads\/sites\/3\/2021\/04\/419DA316-9F4A-445F-94EE-29238616ABDF-400x300.jpeg\" class=\"attachment-bienen-grid-thumb size-bienen-grid-thumb wp-post-image\" alt=\"\" loading=\"lazy\" \/>                    <\/div>\n    <\/a>\n\n    <div class=\"images-grid\"><span><a href=\"https:\/\/wettbewerb-archiv.wir-tun-was-fuer-bienen.de\/archiv-2021\/eintrag\/neues-hochbeet\/\"><img decoding=\"async\" width=\"150\" height=\"150\" src=\"https:\/\/wettbewerb-archiv.wir-tun-was-fuer-bienen.de\/archiv-2021\/wp-content\/uploads\/sites\/3\/2021\/06\/823823AD-FDF8-4AEE-A1CE-254C4FE7A45E-150x150.jpeg\" class=\"attachment-thumbnail size-thumbnail\" alt=\"\" loading=\"lazy\" \/><\/a><\/span><\/div>\n\n    <div class=\"user flex\">\n        \n                    <img decoding=\"async\" src=\"https:\/\/wettbewerb-archiv.wir-tun-was-fuer-bienen.de\/archiv-2021\/wp-content\/themes\/bienen\/assets\/images\/avatar-placeholder.png\" style=\"border-radius: 30px;\" height=\"30\" width=\"30\">\n            J\u00f6rg Dienemann            <\/div>\n    \n    \n            <p class=\"categories meta\" style=\"width: 100%\"><span class=\"fa fa-tag\"\n                                                             aria-hidden=\"true\"><\/span> Balkone, Terrassen, Dachbegr\u00fcnung, vertikale G\u00e4rten        <\/p>\n    \n            <p class=\"categories meta\" style=\"width: 100%\"><span class=\"fa fa-map-marker\"\n                                                             aria-hidden=\"true\"><\/span> Nordrhein-Westfalen        <\/p>\n    \n<\/article>\n   \n\t\t\n          <article id=\"post-42226\" class=\"et_pb_post post-42226 wtwfb_entry type-wtwfb_entry status-publish has-post-thumbnail hentry wtwfb_category-kommunale-flaechen-parks-baumscheiben wtwfb_region-baden-wuerttemberg\">\n    <h2 class=\"entry-title\"><a href=\"https:\/\/wettbewerb-archiv.wir-tun-was-fuer-bienen.de\/archiv-2021\/eintrag\/turmbergbienen\/\">Turmbergbienen<\/a>\n    <\/h2>\n    <a href=\"https:\/\/wettbewerb-archiv.wir-tun-was-fuer-bienen.de\/archiv-2021\/eintrag\/turmbergbienen\/\">\n        <div class=\"bienen-entry-image\">\n            <img decoding=\"async\" width=\"400\" height=\"300\" src=\"https:\/\/wettbewerb-archiv.wir-tun-was-fuer-bienen.de\/archiv-2021\/wp-content\/uploads\/sites\/3\/2021\/04\/235713B4-B299-4B26-9487-5C647901B089-400x300.jpeg\" class=\"attachment-bienen-grid-thumb size-bienen-grid-thumb wp-post-image\" alt=\"\" loading=\"lazy\" \/>                    <\/div>\n    <\/a>\n\n    <div class=\"images-grid\"><span><a href=\"https:\/\/wettbewerb-archiv.wir-tun-was-fuer-bienen.de\/archiv-2021\/eintrag\/turmbergbienen\/\"><img decoding=\"async\" width=\"150\" height=\"150\" src=\"https:\/\/wettbewerb-archiv.wir-tun-was-fuer-bienen.de\/archiv-2021\/wp-content\/uploads\/sites\/3\/2021\/04\/3A52C16D-B23D-4BDE-A061-6204A0B6F4FA-150x150.jpeg\" class=\"attachment-thumbnail size-thumbnail\" alt=\"\" loading=\"lazy\" \/><\/a><\/span><span><a href=\"https:\/\/wettbewerb-archiv.wir-tun-was-fuer-bienen.de\/archiv-2021\/eintrag\/turmbergbienen\/\"><img decoding=\"async\" width=\"150\" height=\"150\" src=\"https:\/\/wettbewerb-archiv.wir-tun-was-fuer-bienen.de\/archiv-2021\/wp-content\/uploads\/sites\/3\/2021\/04\/0151E995-6621-4810-91C3-87B90F0C9C1F-150x150.jpeg\" class=\"attachment-thumbnail size-thumbnail\" alt=\"\" loading=\"lazy\" \/><\/a><\/span><span><a href=\"https:\/\/wettbewerb-archiv.wir-tun-was-fuer-bienen.de\/archiv-2021\/eintrag\/turmbergbienen\/\"><img decoding=\"async\" width=\"150\" height=\"150\" src=\"https:\/\/wettbewerb-archiv.wir-tun-was-fuer-bienen.de\/archiv-2021\/wp-content\/uploads\/sites\/3\/2021\/04\/A7518A26-9E34-4D0C-9CF9-C2B3B8296467-150x150.jpeg\" class=\"attachment-thumbnail size-thumbnail\" alt=\"\" loading=\"lazy\" \/><\/a><\/span><span><a href=\"https:\/\/wettbewerb-archiv.wir-tun-was-fuer-bienen.de\/archiv-2021\/eintrag\/turmbergbienen\/\"><img decoding=\"async\" width=\"150\" height=\"150\" src=\"https:\/\/wettbewerb-archiv.wir-tun-was-fuer-bienen.de\/archiv-2021\/wp-content\/uploads\/sites\/3\/2021\/04\/331B4A6D-3EFD-4DAE-BD89-0D361932B52E-150x150.jpeg\" class=\"attachment-thumbnail size-thumbnail\" alt=\"\" loading=\"lazy\" \/><\/a><\/span><\/div>\n\n    <div class=\"user flex\">\n        \n                    <img decoding=\"async\" src=\"https:\/\/wettbewerb-archiv.wir-tun-was-fuer-bienen.de\/archiv-2021\/wp-content\/themes\/bienen\/assets\/images\/avatar-placeholder.png\" style=\"border-radius: 30px;\" height=\"30\" width=\"30\">\n            Turmbergbienen            <\/div>\n    \n    \n            <p class=\"categories meta\" style=\"width: 100%\"><span class=\"fa fa-tag\"\n                                                             aria-hidden=\"true\"><\/span> Kommunale Fl\u00e4chen, Parks, Baumscheiben        <\/p>\n    \n            <p class=\"categories meta\" style=\"width: 100%\"><span class=\"fa fa-map-marker\"\n                                                             aria-hidden=\"true\"><\/span> Baden-W\u00fcrttemberg        <\/p>\n    \n<\/article>\n   \n\t\t\n          <article id=\"post-42211\" class=\"et_pb_post post-42211 wtwfb_entry type-wtwfb_entry status-publish has-post-thumbnail hentry wtwfb_category-schul-und-jugendclub-gaerten wtwfb_region-brandenburg\">\n    <h2 class=\"entry-title\"><a href=\"https:\/\/wettbewerb-archiv.wir-tun-was-fuer-bienen.de\/archiv-2021\/eintrag\/kleeacker\/\">Kleeacker<\/a>\n    <\/h2>\n    <a href=\"https:\/\/wettbewerb-archiv.wir-tun-was-fuer-bienen.de\/archiv-2021\/eintrag\/kleeacker\/\">\n        <div class=\"bienen-entry-image\">\n            <img decoding=\"async\" width=\"400\" height=\"300\" src=\"https:\/\/wettbewerb-archiv.wir-tun-was-fuer-bienen.de\/archiv-2021\/wp-content\/uploads\/sites\/3\/2021\/04\/DSC02636-400x300.jpg\" class=\"attachment-bienen-grid-thumb size-bienen-grid-thumb wp-post-image\" alt=\"\" loading=\"lazy\" \/>                    <\/div>\n    <\/a>\n\n    <div class=\"images-grid\"><\/div>\n\n    <div class=\"user flex\">\n        \n                    <img decoding=\"async\" src=\"https:\/\/wettbewerb-archiv.wir-tun-was-fuer-bienen.de\/archiv-2021\/wp-content\/themes\/bienen\/assets\/images\/avatar-placeholder.png\" style=\"border-radius: 30px;\" height=\"30\" width=\"30\">\n            Daniela            <\/div>\n    \n    \n            <p class=\"categories meta\" style=\"width: 100%\"><span class=\"fa fa-tag\"\n                                                             aria-hidden=\"true\"><\/span> Schul- und Jugendclub-G\u00e4rten        <\/p>\n    \n            <p class=\"categories meta\" style=\"width: 100%\"><span class=\"fa fa-map-marker\"\n                                                             aria-hidden=\"true\"><\/span> Brandenburg        <\/p>\n    \n<\/article>\n   \n\t\t\n          <article id=\"post-42202\" class=\"et_pb_post post-42202 wtwfb_entry type-wtwfb_entry status-publish hentry wtwfb_category-kita-und-kindergartengaerten wtwfb_region-sachsen\">\n    <h2 class=\"entry-title\"><a href=\"https:\/\/wettbewerb-archiv.wir-tun-was-fuer-bienen.de\/archiv-2021\/eintrag\/wir-gaertnern-fuer-die-bienen\/\">Wir g\u00e4rtnern f\u00fcr die Bienen<\/a>\n    <\/h2>\n    <a href=\"https:\/\/wettbewerb-archiv.wir-tun-was-fuer-bienen.de\/archiv-2021\/eintrag\/wir-gaertnern-fuer-die-bienen\/\">\n        <div class=\"bienen-entry-image\">\n                                <\/div>\n    <\/a>\n\n    <div class=\"images-grid\"><\/div>\n\n    <div class=\"user flex\">\n        \n                    <img decoding=\"async\" src=\"https:\/\/wettbewerb-archiv.wir-tun-was-fuer-bienen.de\/archiv-2021\/wp-content\/themes\/bienen\/assets\/images\/avatar-placeholder.png\" style=\"border-radius: 30px;\" height=\"30\" width=\"30\">\n            Kinderparadies S\u00fcptitz            <\/div>\n            <p class=\"categories meta\" style=\"color: #c32731; font-weight: bold; width: 100%\"><span class=\"fa fa-music\"\n                                                                                                aria-hidden=\"true\"><\/span> Extrapreis Musik\n            f\u00fcr Bienenschutz\n        <\/p>\n    \n    \n            <p class=\"categories meta\" style=\"width: 100%\"><span class=\"fa fa-tag\"\n                                                             aria-hidden=\"true\"><\/span> Kita- und Kindergarteng\u00e4rten        <\/p>\n    \n            <p class=\"categories meta\" style=\"width: 100%\"><span class=\"fa fa-map-marker\"\n                                                             aria-hidden=\"true\"><\/span> Sachsen        <\/p>\n    \n<\/article>\n   \n\t\t\n          <article id=\"post-42175\" class=\"et_pb_post post-42175 wtwfb_entry type-wtwfb_entry status-publish has-post-thumbnail hentry wtwfb_category-privatgaerten-und-gaerten-von-mietwohnungen-groesser-500-quadratmeter wtwfb_region-bayern\">\n    <h2 class=\"entry-title\"><a href=\"https:\/\/wettbewerb-archiv.wir-tun-was-fuer-bienen.de\/archiv-2021\/eintrag\/100-qm-bienenweide\/\">100 qm Bienenweide<\/a>\n    <\/h2>\n    <a href=\"https:\/\/wettbewerb-archiv.wir-tun-was-fuer-bienen.de\/archiv-2021\/eintrag\/100-qm-bienenweide\/\">\n        <div class=\"bienen-entry-image\">\n            <img decoding=\"async\" width=\"400\" height=\"300\" src=\"https:\/\/wettbewerb-archiv.wir-tun-was-fuer-bienen.de\/archiv-2021\/wp-content\/uploads\/sites\/3\/2021\/04\/20210221_1045272-400x300.jpg\" class=\"attachment-bienen-grid-thumb size-bienen-grid-thumb wp-post-image\" alt=\"\" loading=\"lazy\" \/>                    <\/div>\n    <\/a>\n\n    <div class=\"images-grid\"><\/div>\n\n    <div class=\"user flex\">\n        \n                    <img decoding=\"async\" src=\"https:\/\/wettbewerb-archiv.wir-tun-was-fuer-bienen.de\/archiv-2021\/wp-content\/themes\/bienen\/assets\/images\/avatar-placeholder.png\" style=\"border-radius: 30px;\" height=\"30\" width=\"30\">\n            Bee unique            <\/div>\n    \n    \n            <p class=\"categories meta\" style=\"width: 100%\"><span class=\"fa fa-tag\"\n                                                             aria-hidden=\"true\"><\/span> Privatg\u00e4rten und G\u00e4rten von Mietwohnungen (gr\u00f6\u00dfer als 500 Quadratmeter)        <\/p>\n    \n            <p class=\"categories meta\" style=\"width: 100%\"><span class=\"fa fa-map-marker\"\n                                                             aria-hidden=\"true\"><\/span> Bayern        <\/p>\n    \n<\/article>\n   \n\t\t\n          <article id=\"post-42140\" class=\"et_pb_post post-42140 wtwfb_entry type-wtwfb_entry status-publish has-post-thumbnail hentry wtwfb_category-kita-und-kindergartengaerten wtwfb_region-sachsen\">\n    <h2 class=\"entry-title\"><a href=\"https:\/\/wettbewerb-archiv.wir-tun-was-fuer-bienen.de\/archiv-2021\/eintrag\/vom-unkraut-zur-blumenwiese-fuer-die-bienen\/\">Vom Unkraut zur Blumenwiese f\u00fcr die Bienen<\/a>\n    <\/h2>\n    <a href=\"https:\/\/wettbewerb-archiv.wir-tun-was-fuer-bienen.de\/archiv-2021\/eintrag\/vom-unkraut-zur-blumenwiese-fuer-die-bienen\/\">\n        <div class=\"bienen-entry-image\">\n            <img decoding=\"async\" width=\"400\" height=\"300\" src=\"https:\/\/wettbewerb-archiv.wir-tun-was-fuer-bienen.de\/archiv-2021\/wp-content\/uploads\/sites\/3\/2021\/04\/IMG-20210422-WA0001-400x300.jpg\" class=\"attachment-bienen-grid-thumb size-bienen-grid-thumb wp-post-image\" alt=\"\" loading=\"lazy\" \/>                    <\/div>\n    <\/a>\n\n    <div class=\"images-grid\"><\/div>\n\n    <div class=\"user flex\">\n        \n                    <img decoding=\"async\" src=\"https:\/\/wettbewerb-archiv.wir-tun-was-fuer-bienen.de\/archiv-2021\/wp-content\/themes\/bienen\/assets\/images\/avatar-placeholder.png\" style=\"border-radius: 30px;\" height=\"30\" width=\"30\">\n            Kinderparadies S\u00fcptitz            <\/div>\n            <p class=\"categories meta\" style=\"color: #c32731; font-weight: bold; width: 100%\"><span class=\"fa fa-music\"\n                                                                                                aria-hidden=\"true\"><\/span> Extrapreis Musik\n            f\u00fcr Bienenschutz\n        <\/p>\n    \n    \n            <p class=\"categories meta\" style=\"width: 100%\"><span class=\"fa fa-tag\"\n                                                             aria-hidden=\"true\"><\/span> Kita- und Kindergarteng\u00e4rten        <\/p>\n    \n            <p class=\"categories meta\" style=\"width: 100%\"><span class=\"fa fa-map-marker\"\n                                                             aria-hidden=\"true\"><\/span> Sachsen        <\/p>\n    \n<\/article>\n   \n\t\t\n          <article id=\"post-42130\" class=\"et_pb_post post-42130 wtwfb_entry type-wtwfb_entry status-publish has-post-thumbnail hentry wtwfb_category-kita-und-kindergartengaerten wtwfb_region-hessen\">\n    <h2 class=\"entry-title\"><a href=\"https:\/\/wettbewerb-archiv.wir-tun-was-fuer-bienen.de\/archiv-2021\/eintrag\/das-bienenparadies-der-waschbaerengruppe\/\">Das Bienenparadies der Waschb\u00e4rengruppe<\/a>\n    <\/h2>\n    <a href=\"https:\/\/wettbewerb-archiv.wir-tun-was-fuer-bienen.de\/archiv-2021\/eintrag\/das-bienenparadies-der-waschbaerengruppe\/\">\n        <div class=\"bienen-entry-image\">\n            <img decoding=\"async\" width=\"400\" height=\"300\" src=\"https:\/\/wettbewerb-archiv.wir-tun-was-fuer-bienen.de\/archiv-2021\/wp-content\/uploads\/sites\/3\/2021\/04\/20210422_114429-400x300.jpg\" class=\"attachment-bienen-grid-thumb size-bienen-grid-thumb wp-post-image\" alt=\"\" loading=\"lazy\" \/>                    <\/div>\n    <\/a>\n\n    <div class=\"images-grid\"><span><a href=\"https:\/\/wettbewerb-archiv.wir-tun-was-fuer-bienen.de\/archiv-2021\/eintrag\/das-bienenparadies-der-waschbaerengruppe\/\"><img decoding=\"async\" width=\"150\" height=\"150\" src=\"https:\/\/wettbewerb-archiv.wir-tun-was-fuer-bienen.de\/archiv-2021\/wp-content\/uploads\/sites\/3\/2021\/04\/20210417_144149-2-150x150.jpg\" class=\"attachment-thumbnail size-thumbnail\" alt=\"\" loading=\"lazy\" \/><\/a><\/span><span><a href=\"https:\/\/wettbewerb-archiv.wir-tun-was-fuer-bienen.de\/archiv-2021\/eintrag\/das-bienenparadies-der-waschbaerengruppe\/\"><img decoding=\"async\" width=\"150\" height=\"150\" src=\"https:\/\/wettbewerb-archiv.wir-tun-was-fuer-bienen.de\/archiv-2021\/wp-content\/uploads\/sites\/3\/2021\/04\/20210419_113348-150x150.jpg\" class=\"attachment-thumbnail size-thumbnail\" alt=\"\" loading=\"lazy\" \/><\/a><\/span><span><a href=\"https:\/\/wettbewerb-archiv.wir-tun-was-fuer-bienen.de\/archiv-2021\/eintrag\/das-bienenparadies-der-waschbaerengruppe\/\"><img decoding=\"async\" width=\"150\" height=\"150\" src=\"https:\/\/wettbewerb-archiv.wir-tun-was-fuer-bienen.de\/archiv-2021\/wp-content\/uploads\/sites\/3\/2021\/04\/20210422_114405-150x150.jpg\" class=\"attachment-thumbnail size-thumbnail\" alt=\"\" loading=\"lazy\" \/><\/a><\/span><span><a href=\"https:\/\/wettbewerb-archiv.wir-tun-was-fuer-bienen.de\/archiv-2021\/eintrag\/das-bienenparadies-der-waschbaerengruppe\/\"><img decoding=\"async\" width=\"150\" height=\"150\" src=\"https:\/\/wettbewerb-archiv.wir-tun-was-fuer-bienen.de\/archiv-2021\/wp-content\/uploads\/sites\/3\/2021\/04\/20210422_114002-1-150x150.jpg\" class=\"attachment-thumbnail size-thumbnail\" alt=\"\" loading=\"lazy\" \/><\/a><\/span><\/div>\n\n    <div class=\"user flex\">\n        \n                    <img decoding=\"async\" src=\"https:\/\/wettbewerb-archiv.wir-tun-was-fuer-bienen.de\/archiv-2021\/wp-content\/themes\/bienen\/assets\/images\/avatar-placeholder.png\" style=\"border-radius: 30px;\" height=\"30\" width=\"30\">\n            Kita Eulennest            <\/div>\n    \n    \n            <p class=\"categories meta\" style=\"width: 100%\"><span class=\"fa fa-tag\"\n                                                             aria-hidden=\"true\"><\/span> Kita- und Kindergarteng\u00e4rten        <\/p>\n    \n            <p class=\"categories meta\" style=\"width: 100%\"><span class=\"fa fa-map-marker\"\n                                                             aria-hidden=\"true\"><\/span> Hessen        <\/p>\n    \n<\/article>\n   \n\t\t\n          <article id=\"post-42095\" class=\"et_pb_post post-42095 wtwfb_entry type-wtwfb_entry status-publish has-post-thumbnail hentry wtwfb_category-privatgaerten-und-gaerten-von-mietwohnungen-groesser-500-quadratmeter wtwfb_region-saarland\">\n    <h2 class=\"entry-title\"><a href=\"https:\/\/wettbewerb-archiv.wir-tun-was-fuer-bienen.de\/archiv-2021\/eintrag\/morscholzer-sreuobstwiese\/\">Morscholzer Streuobstwiese<\/a>\n    <\/h2>\n    <a href=\"https:\/\/wettbewerb-archiv.wir-tun-was-fuer-bienen.de\/archiv-2021\/eintrag\/morscholzer-sreuobstwiese\/\">\n        <div class=\"bienen-entry-image\">\n            <img decoding=\"async\" width=\"400\" height=\"300\" src=\"https:\/\/wettbewerb-archiv.wir-tun-was-fuer-bienen.de\/archiv-2021\/wp-content\/uploads\/sites\/3\/2021\/04\/20200630_183947-400x300.jpg\" class=\"attachment-bienen-grid-thumb size-bienen-grid-thumb wp-post-image\" alt=\"\" loading=\"lazy\" \/>                    <\/div>\n    <\/a>\n\n    <div class=\"images-grid\"><span><a href=\"https:\/\/wettbewerb-archiv.wir-tun-was-fuer-bienen.de\/archiv-2021\/eintrag\/morscholzer-sreuobstwiese\/\"><img decoding=\"async\" width=\"150\" height=\"150\" src=\"https:\/\/wettbewerb-archiv.wir-tun-was-fuer-bienen.de\/archiv-2021\/wp-content\/uploads\/sites\/3\/2021\/04\/20201205_120226-150x150.jpg\" class=\"attachment-thumbnail size-thumbnail\" alt=\"\" loading=\"lazy\" \/><\/a><\/span><span><a href=\"https:\/\/wettbewerb-archiv.wir-tun-was-fuer-bienen.de\/archiv-2021\/eintrag\/morscholzer-sreuobstwiese\/\"><img decoding=\"async\" width=\"150\" height=\"150\" src=\"https:\/\/wettbewerb-archiv.wir-tun-was-fuer-bienen.de\/archiv-2021\/wp-content\/uploads\/sites\/3\/2021\/04\/20201206_130156-150x150.jpg\" class=\"attachment-thumbnail size-thumbnail\" alt=\"\" loading=\"lazy\" \/><\/a><\/span><span><a href=\"https:\/\/wettbewerb-archiv.wir-tun-was-fuer-bienen.de\/archiv-2021\/eintrag\/morscholzer-sreuobstwiese\/\"><img decoding=\"async\" width=\"150\" height=\"150\" src=\"https:\/\/wettbewerb-archiv.wir-tun-was-fuer-bienen.de\/archiv-2021\/wp-content\/uploads\/sites\/3\/2021\/04\/20201107_110137-1-150x150.jpg\" class=\"attachment-thumbnail size-thumbnail\" alt=\"\" loading=\"lazy\" \/><\/a><\/span><span><a href=\"https:\/\/wettbewerb-archiv.wir-tun-was-fuer-bienen.de\/archiv-2021\/eintrag\/morscholzer-sreuobstwiese\/\"><img decoding=\"async\" width=\"150\" height=\"150\" src=\"https:\/\/wettbewerb-archiv.wir-tun-was-fuer-bienen.de\/archiv-2021\/wp-content\/uploads\/sites\/3\/2021\/04\/20201204_165545-150x150.jpg\" class=\"attachment-thumbnail size-thumbnail\" alt=\"\" loading=\"lazy\" \/><\/a><\/span><\/div>\n\n    <div class=\"user flex\">\n        \n                    <img decoding=\"async\" src=\"https:\/\/wettbewerb-archiv.wir-tun-was-fuer-bienen.de\/archiv-2021\/wp-content\/themes\/bienen\/assets\/images\/avatar-placeholder.png\" style=\"border-radius: 30px;\" height=\"30\" width=\"30\">\n            Fam. Br\u00fccker            <\/div>\n    \n    \n            <p class=\"categories meta\" style=\"width: 100%\"><span class=\"fa fa-tag\"\n                                                             aria-hidden=\"true\"><\/span> Privatg\u00e4rten und G\u00e4rten von Mietwohnungen (gr\u00f6\u00dfer als 500 Quadratmeter)        <\/p>\n    \n            <p class=\"categories meta\" style=\"width: 100%\"><span class=\"fa fa-map-marker\"\n                                                             aria-hidden=\"true\"><\/span> Saarland        <\/p>\n    \n<\/article>\n   \n\t\t\n          <article id=\"post-42087\" class=\"et_pb_post post-42087 wtwfb_entry type-wtwfb_entry status-publish has-post-thumbnail hentry wtwfb_category-kita-und-kindergartengaerten wtwfb_region-nordrhein-westfalen\">\n    <h2 class=\"entry-title\"><a href=\"https:\/\/wettbewerb-archiv.wir-tun-was-fuer-bienen.de\/archiv-2021\/eintrag\/sum-sum-sum-es-summt-um-uns-herum\/\">Sum, sum, sum&#8230;,es summt um uns herum<\/a>\n    <\/h2>\n    <a href=\"https:\/\/wettbewerb-archiv.wir-tun-was-fuer-bienen.de\/archiv-2021\/eintrag\/sum-sum-sum-es-summt-um-uns-herum\/\">\n        <div class=\"bienen-entry-image\">\n            <img decoding=\"async\" width=\"400\" height=\"300\" src=\"https:\/\/wettbewerb-archiv.wir-tun-was-fuer-bienen.de\/archiv-2021\/wp-content\/uploads\/sites\/3\/2021\/06\/IMG_4219-400x300.jpg\" class=\"attachment-bienen-grid-thumb size-bienen-grid-thumb wp-post-image\" alt=\"\" loading=\"lazy\" \/>                    <\/div>\n    <\/a>\n\n    <div class=\"images-grid\"><span><a href=\"https:\/\/wettbewerb-archiv.wir-tun-was-fuer-bienen.de\/archiv-2021\/eintrag\/sum-sum-sum-es-summt-um-uns-herum\/\"><img decoding=\"async\" width=\"150\" height=\"150\" src=\"https:\/\/wettbewerb-archiv.wir-tun-was-fuer-bienen.de\/archiv-2021\/wp-content\/uploads\/sites\/3\/2021\/04\/IMG_4095-150x150.jpg\" class=\"attachment-thumbnail size-thumbnail\" alt=\"\" loading=\"lazy\" \/><\/a><\/span><span><a href=\"https:\/\/wettbewerb-archiv.wir-tun-was-fuer-bienen.de\/archiv-2021\/eintrag\/sum-sum-sum-es-summt-um-uns-herum\/\"><img decoding=\"async\" width=\"150\" height=\"150\" src=\"https:\/\/wettbewerb-archiv.wir-tun-was-fuer-bienen.de\/archiv-2021\/wp-content\/uploads\/sites\/3\/2021\/04\/IMG_4099-150x150.jpg\" class=\"attachment-thumbnail size-thumbnail\" alt=\"\" loading=\"lazy\" \/><\/a><\/span><span><a href=\"https:\/\/wettbewerb-archiv.wir-tun-was-fuer-bienen.de\/archiv-2021\/eintrag\/sum-sum-sum-es-summt-um-uns-herum\/\"><img decoding=\"async\" width=\"150\" height=\"150\" src=\"https:\/\/wettbewerb-archiv.wir-tun-was-fuer-bienen.de\/archiv-2021\/wp-content\/uploads\/sites\/3\/2021\/04\/DSC02051-150x150.jpg\" class=\"attachment-thumbnail size-thumbnail\" alt=\"\" loading=\"lazy\" \/><\/a><\/span><span><a href=\"https:\/\/wettbewerb-archiv.wir-tun-was-fuer-bienen.de\/archiv-2021\/eintrag\/sum-sum-sum-es-summt-um-uns-herum\/\"><img decoding=\"async\" width=\"150\" height=\"150\" src=\"https:\/\/wettbewerb-archiv.wir-tun-was-fuer-bienen.de\/archiv-2021\/wp-content\/uploads\/sites\/3\/2021\/06\/DSC02201-150x150.jpg\" class=\"attachment-thumbnail size-thumbnail\" alt=\"\" loading=\"lazy\" \/><\/a><\/span><\/div>\n\n    <div class=\"user flex\">\n        \n                    <img decoding=\"async\" src=\"https:\/\/wettbewerb-archiv.wir-tun-was-fuer-bienen.de\/archiv-2021\/wp-content\/themes\/bienen\/assets\/images\/avatar-placeholder.png\" style=\"border-radius: 30px;\" height=\"30\" width=\"30\">\n            Outlaw Kita Hamm S\u00fcden            <\/div>\n    \n    \n            <p class=\"categories meta\" style=\"width: 100%\"><span class=\"fa fa-tag\"\n                                                             aria-hidden=\"true\"><\/span> Kita- und Kindergarteng\u00e4rten        <\/p>\n    \n            <p class=\"categories meta\" style=\"width: 100%\"><span class=\"fa fa-map-marker\"\n                                                             aria-hidden=\"true\"><\/span> Nordrhein-Westfalen        <\/p>\n    \n<\/article>\n   \n\t\t\n          <article id=\"post-42064\" class=\"et_pb_post post-42064 wtwfb_entry type-wtwfb_entry status-publish has-post-thumbnail hentry wtwfb_category-privatgaerten-und-gaerten-von-mietwohnungen-kleiner-500-quadratmeter wtwfb_region-bayern\">\n    <h2 class=\"entry-title\"><a href=\"https:\/\/wettbewerb-archiv.wir-tun-was-fuer-bienen.de\/archiv-2021\/eintrag\/ein-neuer-hortus-entsteht\/\">Ein neuer Hortus entsteht<\/a>\n    <\/h2>\n    <a href=\"https:\/\/wettbewerb-archiv.wir-tun-was-fuer-bienen.de\/archiv-2021\/eintrag\/ein-neuer-hortus-entsteht\/\">\n        <div class=\"bienen-entry-image\">\n            <img decoding=\"async\" width=\"400\" height=\"300\" src=\"https:\/\/wettbewerb-archiv.wir-tun-was-fuer-bienen.de\/archiv-2021\/wp-content\/uploads\/sites\/3\/2021\/07\/1a-400x300.jpg\" class=\"attachment-bienen-grid-thumb size-bienen-grid-thumb wp-post-image\" alt=\"\" loading=\"lazy\" \/>                    <\/div>\n    <\/a>\n\n    <div class=\"images-grid\"><span><a href=\"https:\/\/wettbewerb-archiv.wir-tun-was-fuer-bienen.de\/archiv-2021\/eintrag\/ein-neuer-hortus-entsteht\/\"><img decoding=\"async\" width=\"150\" height=\"113\" src=\"https:\/\/wettbewerb-archiv.wir-tun-was-fuer-bienen.de\/archiv-2021\/wp-content\/uploads\/sites\/3\/2021\/05\/c-pdf-150x113.jpg\" class=\"attachment-thumbnail size-thumbnail\" alt=\"\" loading=\"lazy\" \/><\/a><\/span><span><a href=\"https:\/\/wettbewerb-archiv.wir-tun-was-fuer-bienen.de\/archiv-2021\/eintrag\/ein-neuer-hortus-entsteht\/\"><img decoding=\"async\" width=\"150\" height=\"113\" src=\"https:\/\/wettbewerb-archiv.wir-tun-was-fuer-bienen.de\/archiv-2021\/wp-content\/uploads\/sites\/3\/2021\/05\/Folie-43-1-pdf-150x113.jpg\" class=\"attachment-thumbnail size-thumbnail\" alt=\"\" loading=\"lazy\" \/><\/a><\/span><span><a href=\"https:\/\/wettbewerb-archiv.wir-tun-was-fuer-bienen.de\/archiv-2021\/eintrag\/ein-neuer-hortus-entsteht\/\"><img decoding=\"async\" width=\"150\" height=\"113\" src=\"https:\/\/wettbewerb-archiv.wir-tun-was-fuer-bienen.de\/archiv-2021\/wp-content\/uploads\/sites\/3\/2021\/05\/Folie-44-pdf-150x113.jpg\" class=\"attachment-thumbnail size-thumbnail\" alt=\"\" loading=\"lazy\" \/><\/a><\/span><span><a href=\"https:\/\/wettbewerb-archiv.wir-tun-was-fuer-bienen.de\/archiv-2021\/eintrag\/ein-neuer-hortus-entsteht\/\"><img decoding=\"async\" width=\"150\" height=\"113\" src=\"https:\/\/wettbewerb-archiv.wir-tun-was-fuer-bienen.de\/archiv-2021\/wp-content\/uploads\/sites\/3\/2021\/05\/Folie-48-pdf-150x113.jpg\" class=\"attachment-thumbnail size-thumbnail\" alt=\"\" loading=\"lazy\" \/><\/a><\/span><\/div>\n\n    <div class=\"user flex\">\n        \n                    <img decoding=\"async\" src=\"https:\/\/wettbewerb-archiv.wir-tun-was-fuer-bienen.de\/archiv-2021\/wp-content\/themes\/bienen\/assets\/images\/avatar-placeholder.png\" style=\"border-radius: 30px;\" height=\"30\" width=\"30\">\n            HORTUS PAULULUS            <\/div>\n    \n    <p class=\"categories meta bienen-gewinner\"><span class=\"fa fa-trophy\"                                                              aria-hidden=\"true\"><\/span> Gewinner<\/p>\n            <p class=\"categories meta\" style=\"width: 100%\"><span class=\"fa fa-tag\"\n                                                             aria-hidden=\"true\"><\/span> Privatg\u00e4rten und G\u00e4rten von Mietwohnungen (kleiner als 500 Quadratmeter)        <\/p>\n    \n            <p class=\"categories meta\" style=\"width: 100%\"><span class=\"fa fa-map-marker\"\n                                                             aria-hidden=\"true\"><\/span> Bayern        <\/p>\n    \n<\/article>\n   \n\t\t\n          <article id=\"post-42026\" class=\"et_pb_post post-42026 wtwfb_entry type-wtwfb_entry status-publish has-post-thumbnail hentry wtwfb_category-firmen-institutions-und-vereinsgaerten wtwfb_region-berlin\">\n    <h2 class=\"entry-title\"><a href=\"https:\/\/wettbewerb-archiv.wir-tun-was-fuer-bienen.de\/archiv-2021\/eintrag\/wildbienen-auf-dem-weltacker\/\">Wildbienen auf dem Weltacker<\/a>\n    <\/h2>\n    <a href=\"https:\/\/wettbewerb-archiv.wir-tun-was-fuer-bienen.de\/archiv-2021\/eintrag\/wildbienen-auf-dem-weltacker\/\">\n        <div class=\"bienen-entry-image\">\n            <img decoding=\"async\" width=\"400\" height=\"300\" src=\"https:\/\/wettbewerb-archiv.wir-tun-was-fuer-bienen.de\/archiv-2021\/wp-content\/uploads\/sites\/3\/2021\/04\/Hauptbild-1-400x300.jpg\" class=\"attachment-bienen-grid-thumb size-bienen-grid-thumb wp-post-image\" alt=\"\" loading=\"lazy\" \/>                    <\/div>\n    <\/a>\n\n    <div class=\"images-grid\"><span><a href=\"https:\/\/wettbewerb-archiv.wir-tun-was-fuer-bienen.de\/archiv-2021\/eintrag\/wildbienen-auf-dem-weltacker\/\"><img decoding=\"async\" width=\"150\" height=\"150\" src=\"https:\/\/wettbewerb-archiv.wir-tun-was-fuer-bienen.de\/archiv-2021\/wp-content\/uploads\/sites\/3\/2021\/04\/Aktionbild-150x150.jpg\" class=\"attachment-thumbnail size-thumbnail\" alt=\"\" loading=\"lazy\" \/><\/a><\/span><span><a href=\"https:\/\/wettbewerb-archiv.wir-tun-was-fuer-bienen.de\/archiv-2021\/eintrag\/wildbienen-auf-dem-weltacker\/\"><img decoding=\"async\" width=\"150\" height=\"150\" src=\"https:\/\/wettbewerb-archiv.wir-tun-was-fuer-bienen.de\/archiv-2021\/wp-content\/uploads\/sites\/3\/2021\/04\/Aktionbild-2-150x150.jpg\" class=\"attachment-thumbnail size-thumbnail\" alt=\"\" loading=\"lazy\" \/><\/a><\/span><\/div>\n\n    <div class=\"user flex\">\n        \n                    <img decoding=\"async\" src=\"https:\/\/wettbewerb-archiv.wir-tun-was-fuer-bienen.de\/archiv-2021\/wp-content\/themes\/bienen\/assets\/images\/avatar-placeholder.png\" style=\"border-radius: 30px;\" height=\"30\" width=\"30\">\n            2000m\u00b2-Weltacker in Pankow            <\/div>\n    \n    \n            <p class=\"categories meta\" style=\"width: 100%\"><span class=\"fa fa-tag\"\n                                                             aria-hidden=\"true\"><\/span> Firmen-, Institutions- und Vereinsg\u00e4rten        <\/p>\n    \n            <p class=\"categories meta\" style=\"width: 100%\"><span class=\"fa fa-map-marker\"\n                                                             aria-hidden=\"true\"><\/span> Berlin        <\/p>\n    \n<\/article>\n   \n\t\t\n          <article id=\"post-42018\" class=\"et_pb_post post-42018 wtwfb_entry type-wtwfb_entry status-publish has-post-thumbnail hentry wtwfb_category-bestehende-naturgaerten wtwfb_region-sachsen-anhalt\">\n    <h2 class=\"entry-title\"><a href=\"https:\/\/wettbewerb-archiv.wir-tun-was-fuer-bienen.de\/archiv-2021\/eintrag\/das-zuhause-der-wildbienen\/\">Das Zuhause der Wildbienen<\/a>\n    <\/h2>\n    <a href=\"https:\/\/wettbewerb-archiv.wir-tun-was-fuer-bienen.de\/archiv-2021\/eintrag\/das-zuhause-der-wildbienen\/\">\n        <div class=\"bienen-entry-image\">\n            <img decoding=\"async\" width=\"400\" height=\"300\" src=\"https:\/\/wettbewerb-archiv.wir-tun-was-fuer-bienen.de\/archiv-2021\/wp-content\/uploads\/sites\/3\/2021\/04\/IMAG8093-2-400x300.jpg\" class=\"attachment-bienen-grid-thumb size-bienen-grid-thumb wp-post-image\" alt=\"\" loading=\"lazy\" \/>                    <\/div>\n    <\/a>\n\n    <div class=\"images-grid\"><\/div>\n\n    <div class=\"user flex\">\n        \n                    <img decoding=\"async\" src=\"https:\/\/wettbewerb-archiv.wir-tun-was-fuer-bienen.de\/archiv-2021\/wp-content\/themes\/bienen\/assets\/images\/avatar-placeholder.png\" style=\"border-radius: 30px;\" height=\"30\" width=\"30\">\n            The pro_nature Boys            <\/div>\n    \n    \n            <p class=\"categories meta\" style=\"width: 100%\"><span class=\"fa fa-tag\"\n                                                             aria-hidden=\"true\"><\/span> Bestehende Naturg\u00e4rten (ohne Pflanzaktionen)        <\/p>\n    \n            <p class=\"categories meta\" style=\"width: 100%\"><span class=\"fa fa-map-marker\"\n                                                             aria-hidden=\"true\"><\/span> Sachsen-Anhalt        <\/p>\n    \n<\/article>\n   \n\t\t\n          <article id=\"post-42008\" class=\"et_pb_post post-42008 wtwfb_entry type-wtwfb_entry status-publish has-post-thumbnail hentry wtwfb_category-privatgaerten-und-gaerten-von-mietwohnungen-groesser-500-quadratmeter wtwfb_region-sachsen-anhalt\">\n    <h2 class=\"entry-title\"><a href=\"https:\/\/wettbewerb-archiv.wir-tun-was-fuer-bienen.de\/archiv-2021\/eintrag\/grosse-bluehflaeche-fuer-bienen-wildbienen-insekten-kleintiere-und-voegel\/\">Gro\u00dfe Bl\u00fchfl\u00e4che f\u00fcr Bienen, Wildbienen, Insekten, ...<\/a>\n    <\/h2>\n    <a href=\"https:\/\/wettbewerb-archiv.wir-tun-was-fuer-bienen.de\/archiv-2021\/eintrag\/grosse-bluehflaeche-fuer-bienen-wildbienen-insekten-kleintiere-und-voegel\/\">\n        <div class=\"bienen-entry-image\">\n            <img decoding=\"async\" width=\"400\" height=\"300\" src=\"https:\/\/wettbewerb-archiv.wir-tun-was-fuer-bienen.de\/archiv-2021\/wp-content\/uploads\/sites\/3\/2021\/04\/IMAG8659-400x300.jpg\" class=\"attachment-bienen-grid-thumb size-bienen-grid-thumb wp-post-image\" alt=\"\" loading=\"lazy\" \/>                    <\/div>\n    <\/a>\n\n    <div class=\"images-grid\"><span><a href=\"https:\/\/wettbewerb-archiv.wir-tun-was-fuer-bienen.de\/archiv-2021\/eintrag\/grosse-bluehflaeche-fuer-bienen-wildbienen-insekten-kleintiere-und-voegel\/\"><img decoding=\"async\" width=\"150\" height=\"150\" src=\"https:\/\/wettbewerb-archiv.wir-tun-was-fuer-bienen.de\/archiv-2021\/wp-content\/uploads\/sites\/3\/2021\/04\/WhatsApp-Video-2021-04-11-at-16.22.50_Moment-150x150.jpg\" class=\"attachment-thumbnail size-thumbnail\" alt=\"\" loading=\"lazy\" \/><\/a><\/span><\/div>\n\n    <div class=\"user flex\">\n        \n                    <img decoding=\"async\" src=\"https:\/\/wettbewerb-archiv.wir-tun-was-fuer-bienen.de\/archiv-2021\/wp-content\/themes\/bienen\/assets\/images\/avatar-placeholder.png\" style=\"border-radius: 30px;\" height=\"30\" width=\"30\">\n            The pro_nature Boys            <\/div>\n    \n    \n            <p class=\"categories meta\" style=\"width: 100%\"><span class=\"fa fa-tag\"\n                                                             aria-hidden=\"true\"><\/span> Privatg\u00e4rten und G\u00e4rten von Mietwohnungen (gr\u00f6\u00dfer als 500 Quadratmeter)        <\/p>\n    \n            <p class=\"categories meta\" style=\"width: 100%\"><span class=\"fa fa-map-marker\"\n                                                             aria-hidden=\"true\"><\/span> Sachsen-Anhalt        <\/p>\n    \n<\/article>\n   \n\t\t\n          <article id=\"post-41975\" class=\"et_pb_post post-41975 wtwfb_entry type-wtwfb_entry status-publish has-post-thumbnail hentry wtwfb_category-kita-und-kindergartengaerten wtwfb_region-nordrhein-westfalen\">\n    <h2 class=\"entry-title\"><a href=\"https:\/\/wettbewerb-archiv.wir-tun-was-fuer-bienen.de\/archiv-2021\/eintrag\/die-kindertagespflege-stoepseltreff-startet-ihr-bienenprojekt%f0%9f%90%9d\/\">Die Kindertagespflege &#8222;St\u00f6pseltreff&#8220; start...<\/a>\n    <\/h2>\n    <a href=\"https:\/\/wettbewerb-archiv.wir-tun-was-fuer-bienen.de\/archiv-2021\/eintrag\/die-kindertagespflege-stoepseltreff-startet-ihr-bienenprojekt%f0%9f%90%9d\/\">\n        <div class=\"bienen-entry-image\">\n            <img decoding=\"async\" width=\"400\" height=\"300\" src=\"https:\/\/wettbewerb-archiv.wir-tun-was-fuer-bienen.de\/archiv-2021\/wp-content\/uploads\/sites\/3\/2021\/04\/IMG_20210414_164837-400x300.jpg\" class=\"attachment-bienen-grid-thumb size-bienen-grid-thumb wp-post-image\" alt=\"\" loading=\"lazy\" \/>                    <\/div>\n    <\/a>\n\n    <div class=\"images-grid\"><span><a href=\"https:\/\/wettbewerb-archiv.wir-tun-was-fuer-bienen.de\/archiv-2021\/eintrag\/die-kindertagespflege-stoepseltreff-startet-ihr-bienenprojekt%f0%9f%90%9d\/\"><img decoding=\"async\" width=\"150\" height=\"150\" src=\"https:\/\/wettbewerb-archiv.wir-tun-was-fuer-bienen.de\/archiv-2021\/wp-content\/uploads\/sites\/3\/2021\/04\/IMG_20210415_092332-150x150.jpg\" class=\"attachment-thumbnail size-thumbnail\" alt=\"\" loading=\"lazy\" \/><\/a><\/span><span><a href=\"https:\/\/wettbewerb-archiv.wir-tun-was-fuer-bienen.de\/archiv-2021\/eintrag\/die-kindertagespflege-stoepseltreff-startet-ihr-bienenprojekt%f0%9f%90%9d\/\"><img decoding=\"async\" width=\"150\" height=\"150\" src=\"https:\/\/wettbewerb-archiv.wir-tun-was-fuer-bienen.de\/archiv-2021\/wp-content\/uploads\/sites\/3\/2021\/04\/IMG_20210419_105038_230-150x150.jpg\" class=\"attachment-thumbnail size-thumbnail\" alt=\"\" loading=\"lazy\" \/><\/a><\/span><span><a href=\"https:\/\/wettbewerb-archiv.wir-tun-was-fuer-bienen.de\/archiv-2021\/eintrag\/die-kindertagespflege-stoepseltreff-startet-ihr-bienenprojekt%f0%9f%90%9d\/\"><img decoding=\"async\" width=\"150\" height=\"150\" src=\"https:\/\/wettbewerb-archiv.wir-tun-was-fuer-bienen.de\/archiv-2021\/wp-content\/uploads\/sites\/3\/2021\/04\/IMG_20210420_111517_523-150x150.jpg\" class=\"attachment-thumbnail size-thumbnail\" alt=\"\" loading=\"lazy\" \/><\/a><\/span><span><a href=\"https:\/\/wettbewerb-archiv.wir-tun-was-fuer-bienen.de\/archiv-2021\/eintrag\/die-kindertagespflege-stoepseltreff-startet-ihr-bienenprojekt%f0%9f%90%9d\/\"><img decoding=\"async\" width=\"150\" height=\"150\" src=\"https:\/\/wettbewerb-archiv.wir-tun-was-fuer-bienen.de\/archiv-2021\/wp-content\/uploads\/sites\/3\/2021\/04\/IMG_20210420_170236-150x150.jpg\" class=\"attachment-thumbnail size-thumbnail\" alt=\"\" loading=\"lazy\" \/><\/a><\/span><\/div>\n\n    <div class=\"user flex\">\n        \n                    <img decoding=\"async\" src=\"https:\/\/wettbewerb-archiv.wir-tun-was-fuer-bienen.de\/archiv-2021\/wp-content\/themes\/bienen\/assets\/images\/avatar-placeholder.png\" style=\"border-radius: 30px;\" height=\"30\" width=\"30\">\n            St\u00f6pseltreff            <\/div>\n    \n    \n            <p class=\"categories meta\" style=\"width: 100%\"><span class=\"fa fa-tag\"\n                                                             aria-hidden=\"true\"><\/span> Kita- und Kindergarteng\u00e4rten        <\/p>\n    \n            <p class=\"categories meta\" style=\"width: 100%\"><span class=\"fa fa-map-marker\"\n                                                             aria-hidden=\"true\"><\/span> Nordrhein-Westfalen        <\/p>\n    \n<\/article>\n   \n\t\t\n          <article id=\"post-41962\" class=\"et_pb_post post-41962 wtwfb_entry type-wtwfb_entry status-publish has-post-thumbnail hentry wtwfb_category-kita-und-kindergartengaerten wtwfb_region-thueringen\">\n    <h2 class=\"entry-title\"><a href=\"https:\/\/wettbewerb-archiv.wir-tun-was-fuer-bienen.de\/archiv-2021\/eintrag\/frechdachsbaendiger-fuer-ein-stueck-bienenglueck\/\">Frechdachsb\u00e4ndiger f\u00fcr Ein St\u00fcck Bienengl\u00fcck<\/a>\n    <\/h2>\n    <a href=\"https:\/\/wettbewerb-archiv.wir-tun-was-fuer-bienen.de\/archiv-2021\/eintrag\/frechdachsbaendiger-fuer-ein-stueck-bienenglueck\/\">\n        <div class=\"bienen-entry-image\">\n            <img decoding=\"async\" width=\"400\" height=\"300\" src=\"https:\/\/wettbewerb-archiv.wir-tun-was-fuer-bienen.de\/archiv-2021\/wp-content\/uploads\/sites\/3\/2021\/04\/IMG_0192-400x300.jpg\" class=\"attachment-bienen-grid-thumb size-bienen-grid-thumb wp-post-image\" alt=\"\" loading=\"lazy\" \/>                    <\/div>\n    <\/a>\n\n    <div class=\"images-grid\"><span><a href=\"https:\/\/wettbewerb-archiv.wir-tun-was-fuer-bienen.de\/archiv-2021\/eintrag\/frechdachsbaendiger-fuer-ein-stueck-bienenglueck\/\"><img decoding=\"async\" width=\"150\" height=\"150\" src=\"https:\/\/wettbewerb-archiv.wir-tun-was-fuer-bienen.de\/archiv-2021\/wp-content\/uploads\/sites\/3\/2021\/06\/IMG_0372-150x150.jpg\" class=\"attachment-thumbnail size-thumbnail\" alt=\"\" loading=\"lazy\" \/><\/a><\/span><span><a href=\"https:\/\/wettbewerb-archiv.wir-tun-was-fuer-bienen.de\/archiv-2021\/eintrag\/frechdachsbaendiger-fuer-ein-stueck-bienenglueck\/\"><img decoding=\"async\" width=\"150\" height=\"150\" src=\"https:\/\/wettbewerb-archiv.wir-tun-was-fuer-bienen.de\/archiv-2021\/wp-content\/uploads\/sites\/3\/2021\/06\/IMG_0396-150x150.jpg\" class=\"attachment-thumbnail size-thumbnail\" alt=\"\" loading=\"lazy\" \/><\/a><\/span><span><a href=\"https:\/\/wettbewerb-archiv.wir-tun-was-fuer-bienen.de\/archiv-2021\/eintrag\/frechdachsbaendiger-fuer-ein-stueck-bienenglueck\/\"><img decoding=\"async\" width=\"150\" height=\"150\" src=\"https:\/\/wettbewerb-archiv.wir-tun-was-fuer-bienen.de\/archiv-2021\/wp-content\/uploads\/sites\/3\/2021\/06\/IMG_0402-150x150.jpg\" class=\"attachment-thumbnail size-thumbnail\" alt=\"\" loading=\"lazy\" \/><\/a><\/span><span><a href=\"https:\/\/wettbewerb-archiv.wir-tun-was-fuer-bienen.de\/archiv-2021\/eintrag\/frechdachsbaendiger-fuer-ein-stueck-bienenglueck\/\"><img decoding=\"async\" width=\"150\" height=\"150\" src=\"https:\/\/wettbewerb-archiv.wir-tun-was-fuer-bienen.de\/archiv-2021\/wp-content\/uploads\/sites\/3\/2021\/06\/IMG_1094-150x150.jpg\" class=\"attachment-thumbnail size-thumbnail\" alt=\"\" loading=\"lazy\" \/><\/a><\/span><\/div>\n\n    <div class=\"user flex\">\n        \n                    <img decoding=\"async\" src=\"https:\/\/wettbewerb-archiv.wir-tun-was-fuer-bienen.de\/archiv-2021\/wp-content\/themes\/bienen\/assets\/images\/avatar-placeholder.png\" style=\"border-radius: 30px;\" height=\"30\" width=\"30\">\n            Frechdachs Bienchen            <\/div>\n    \n    <p class=\"categories meta bienen-gewinner\"><span class=\"fa fa-trophy\"                                                              aria-hidden=\"true\"><\/span> Gewinner<\/p>\n            <p class=\"categories meta\" style=\"width: 100%\"><span class=\"fa fa-tag\"\n                                                             aria-hidden=\"true\"><\/span> Kita- und Kindergarteng\u00e4rten        <\/p>\n    \n            <p class=\"categories meta\" style=\"width: 100%\"><span class=\"fa fa-map-marker\"\n                                                             aria-hidden=\"true\"><\/span> Th\u00fcringen        <\/p>\n    \n<\/article>\n   \n\t\t\n          <article id=\"post-41955\" class=\"et_pb_post post-41955 wtwfb_entry type-wtwfb_entry status-publish has-post-thumbnail hentry wtwfb_category-balkone-terrassen-dachbegruenung-vertikale-gaerten wtwfb_region-berlin\">\n    <h2 class=\"entry-title\"><a href=\"https:\/\/wettbewerb-archiv.wir-tun-was-fuer-bienen.de\/archiv-2021\/eintrag\/die-kleine-oase-in-berlin\/\">Kleine Wohlf\u00fchloase<\/a>\n    <\/h2>\n    <a href=\"https:\/\/wettbewerb-archiv.wir-tun-was-fuer-bienen.de\/archiv-2021\/eintrag\/die-kleine-oase-in-berlin\/\">\n        <div class=\"bienen-entry-image\">\n            <img decoding=\"async\" width=\"400\" height=\"300\" src=\"https:\/\/wettbewerb-archiv.wir-tun-was-fuer-bienen.de\/archiv-2021\/wp-content\/uploads\/sites\/3\/2021\/04\/Balkon-2-400x300.jpg\" class=\"attachment-bienen-grid-thumb size-bienen-grid-thumb wp-post-image\" alt=\"\" loading=\"lazy\" \/>                    <\/div>\n    <\/a>\n\n    <div class=\"images-grid\"><span><a href=\"https:\/\/wettbewerb-archiv.wir-tun-was-fuer-bienen.de\/archiv-2021\/eintrag\/die-kleine-oase-in-berlin\/\"><img decoding=\"async\" width=\"150\" height=\"150\" src=\"https:\/\/wettbewerb-archiv.wir-tun-was-fuer-bienen.de\/archiv-2021\/wp-content\/uploads\/sites\/3\/2021\/04\/Balkon-1-150x150.jpg\" class=\"attachment-thumbnail size-thumbnail\" alt=\"\" loading=\"lazy\" \/><\/a><\/span><\/div>\n\n    <div class=\"user flex\">\n        \n                    <img decoding=\"async\" src=\"https:\/\/wettbewerb-archiv.wir-tun-was-fuer-bienen.de\/archiv-2021\/wp-content\/themes\/bienen\/assets\/images\/avatar-placeholder.png\" style=\"border-radius: 30px;\" height=\"30\" width=\"30\">\n            Iris            <\/div>\n    \n    \n            <p class=\"categories meta\" style=\"width: 100%\"><span class=\"fa fa-tag\"\n                                                             aria-hidden=\"true\"><\/span> Balkone, Terrassen, Dachbegr\u00fcnung, vertikale G\u00e4rten        <\/p>\n    \n            <p class=\"categories meta\" style=\"width: 100%\"><span class=\"fa fa-map-marker\"\n                                                             aria-hidden=\"true\"><\/span> Berlin        <\/p>\n    \n<\/article>\n   \n\t\t\n          <article id=\"post-41901\" class=\"et_pb_post post-41901 wtwfb_entry type-wtwfb_entry status-publish has-post-thumbnail hentry wtwfb_category-privatgaerten-und-gaerten-von-mietwohnungen-groesser-500-quadratmeter wtwfb_region-baden-wuerttemberg\">\n    <h2 class=\"entry-title\"><a href=\"https:\/\/wettbewerb-archiv.wir-tun-was-fuer-bienen.de\/archiv-2021\/eintrag\/wild-bees-rattstadt-der-bluehende-suedwall-wird-zum-bienen-und-schmetterlingsparadies-die-voegel-sollen-auch-nicht-zu-kurz-kommen\/\">Wild Bees Rattstadt, der bl\u00fchende S\u00fcdwall wird zum Bi...<\/a>\n    <\/h2>\n    <a href=\"https:\/\/wettbewerb-archiv.wir-tun-was-fuer-bienen.de\/archiv-2021\/eintrag\/wild-bees-rattstadt-der-bluehende-suedwall-wird-zum-bienen-und-schmetterlingsparadies-die-voegel-sollen-auch-nicht-zu-kurz-kommen\/\">\n        <div class=\"bienen-entry-image\">\n            <img decoding=\"async\" width=\"400\" height=\"300\" src=\"https:\/\/wettbewerb-archiv.wir-tun-was-fuer-bienen.de\/archiv-2021\/wp-content\/uploads\/sites\/3\/2021\/04\/IMG_1170-400x300.jpg\" class=\"attachment-bienen-grid-thumb size-bienen-grid-thumb wp-post-image\" alt=\"\" loading=\"lazy\" \/>                    <\/div>\n    <\/a>\n\n    <div class=\"images-grid\"><span><a href=\"https:\/\/wettbewerb-archiv.wir-tun-was-fuer-bienen.de\/archiv-2021\/eintrag\/wild-bees-rattstadt-der-bluehende-suedwall-wird-zum-bienen-und-schmetterlingsparadies-die-voegel-sollen-auch-nicht-zu-kurz-kommen\/\"><img decoding=\"async\" width=\"150\" height=\"150\" src=\"https:\/\/wettbewerb-archiv.wir-tun-was-fuer-bienen.de\/archiv-2021\/wp-content\/uploads\/sites\/3\/2021\/05\/IMG_4774-150x150.jpg\" class=\"attachment-thumbnail size-thumbnail\" alt=\"\" loading=\"lazy\" \/><\/a><\/span><span><a href=\"https:\/\/wettbewerb-archiv.wir-tun-was-fuer-bienen.de\/archiv-2021\/eintrag\/wild-bees-rattstadt-der-bluehende-suedwall-wird-zum-bienen-und-schmetterlingsparadies-die-voegel-sollen-auch-nicht-zu-kurz-kommen\/\"><img decoding=\"async\" width=\"150\" height=\"150\" src=\"https:\/\/wettbewerb-archiv.wir-tun-was-fuer-bienen.de\/archiv-2021\/wp-content\/uploads\/sites\/3\/2021\/05\/IMG_4777-150x150.jpg\" class=\"attachment-thumbnail size-thumbnail\" alt=\"\" loading=\"lazy\" \/><\/a><\/span><span><a href=\"https:\/\/wettbewerb-archiv.wir-tun-was-fuer-bienen.de\/archiv-2021\/eintrag\/wild-bees-rattstadt-der-bluehende-suedwall-wird-zum-bienen-und-schmetterlingsparadies-die-voegel-sollen-auch-nicht-zu-kurz-kommen\/\"><img decoding=\"async\" width=\"150\" height=\"150\" src=\"https:\/\/wettbewerb-archiv.wir-tun-was-fuer-bienen.de\/archiv-2021\/wp-content\/uploads\/sites\/3\/2021\/05\/IMG_4778-150x150.jpg\" class=\"attachment-thumbnail size-thumbnail\" alt=\"\" loading=\"lazy\" \/><\/a><\/span><span><a href=\"https:\/\/wettbewerb-archiv.wir-tun-was-fuer-bienen.de\/archiv-2021\/eintrag\/wild-bees-rattstadt-der-bluehende-suedwall-wird-zum-bienen-und-schmetterlingsparadies-die-voegel-sollen-auch-nicht-zu-kurz-kommen\/\"><img decoding=\"async\" width=\"150\" height=\"150\" src=\"https:\/\/wettbewerb-archiv.wir-tun-was-fuer-bienen.de\/archiv-2021\/wp-content\/uploads\/sites\/3\/2021\/06\/IMG_4813-150x150.jpg\" class=\"attachment-thumbnail size-thumbnail\" alt=\"\" loading=\"lazy\" \/><\/a><\/span><\/div>\n\n    <div class=\"user flex\">\n        \n                    <img decoding=\"async\" src=\"https:\/\/wettbewerb-archiv.wir-tun-was-fuer-bienen.de\/archiv-2021\/wp-content\/themes\/bienen\/assets\/images\/avatar-placeholder.png\" style=\"border-radius: 30px;\" height=\"30\" width=\"30\">\n            Wild Bees Rattstadt            <\/div>\n    \n    \n            <p class=\"categories meta\" style=\"width: 100%\"><span class=\"fa fa-tag\"\n                                                             aria-hidden=\"true\"><\/span> Privatg\u00e4rten und G\u00e4rten von Mietwohnungen (gr\u00f6\u00dfer als 500 Quadratmeter)        <\/p>\n    \n            <p class=\"categories meta\" style=\"width: 100%\"><span class=\"fa fa-map-marker\"\n                                                             aria-hidden=\"true\"><\/span> Baden-W\u00fcrttemberg        <\/p>\n    \n<\/article>\n   \n\t\t\n          <article id=\"post-41851\" class=\"et_pb_post post-41851 wtwfb_entry type-wtwfb_entry status-publish has-post-thumbnail hentry wtwfb_category-privatgaerten-und-gaerten-von-mietwohnungen-kleiner-500-quadratmeter wtwfb_region-baden-wuerttemberg\">\n    <h2 class=\"entry-title\"><a href=\"https:\/\/wettbewerb-archiv.wir-tun-was-fuer-bienen.de\/archiv-2021\/eintrag\/permakultur-2-0\/\">Ein konventioneller Garten wird zur Permakultur<\/a>\n    <\/h2>\n    <a href=\"https:\/\/wettbewerb-archiv.wir-tun-was-fuer-bienen.de\/archiv-2021\/eintrag\/permakultur-2-0\/\">\n        <div class=\"bienen-entry-image\">\n            <img decoding=\"async\" width=\"400\" height=\"300\" src=\"https:\/\/wettbewerb-archiv.wir-tun-was-fuer-bienen.de\/archiv-2021\/wp-content\/uploads\/sites\/3\/2021\/07\/DSC01444-400x300.jpg\" class=\"attachment-bienen-grid-thumb size-bienen-grid-thumb wp-post-image\" alt=\"\" loading=\"lazy\" \/>                    <\/div>\n    <\/a>\n\n    <div class=\"images-grid\"><span><a href=\"https:\/\/wettbewerb-archiv.wir-tun-was-fuer-bienen.de\/archiv-2021\/eintrag\/permakultur-2-0\/\"><img decoding=\"async\" width=\"150\" height=\"150\" src=\"https:\/\/wettbewerb-archiv.wir-tun-was-fuer-bienen.de\/archiv-2021\/wp-content\/uploads\/sites\/3\/2021\/04\/DSC_1135-150x150.jpg\" class=\"attachment-thumbnail size-thumbnail\" alt=\"\" loading=\"lazy\" \/><\/a><\/span><span><a href=\"https:\/\/wettbewerb-archiv.wir-tun-was-fuer-bienen.de\/archiv-2021\/eintrag\/permakultur-2-0\/\"><img decoding=\"async\" width=\"150\" height=\"150\" src=\"https:\/\/wettbewerb-archiv.wir-tun-was-fuer-bienen.de\/archiv-2021\/wp-content\/uploads\/sites\/3\/2021\/05\/DSC01300-150x150.jpg\" class=\"attachment-thumbnail size-thumbnail\" alt=\"\" loading=\"lazy\" \/><\/a><\/span><span><a href=\"https:\/\/wettbewerb-archiv.wir-tun-was-fuer-bienen.de\/archiv-2021\/eintrag\/permakultur-2-0\/\"><img decoding=\"async\" width=\"150\" height=\"150\" src=\"https:\/\/wettbewerb-archiv.wir-tun-was-fuer-bienen.de\/archiv-2021\/wp-content\/uploads\/sites\/3\/2021\/05\/DSC01296-150x150.jpg\" class=\"attachment-thumbnail size-thumbnail\" alt=\"\" loading=\"lazy\" \/><\/a><\/span><span><a href=\"https:\/\/wettbewerb-archiv.wir-tun-was-fuer-bienen.de\/archiv-2021\/eintrag\/permakultur-2-0\/\"><img decoding=\"async\" width=\"150\" height=\"150\" src=\"https:\/\/wettbewerb-archiv.wir-tun-was-fuer-bienen.de\/archiv-2021\/wp-content\/uploads\/sites\/3\/2021\/05\/DSC01303-150x150.jpg\" class=\"attachment-thumbnail size-thumbnail\" alt=\"\" loading=\"lazy\" \/><\/a><\/span><\/div>\n\n    <div class=\"user flex\">\n        \n                    <img decoding=\"async\" src=\"https:\/\/wettbewerb-archiv.wir-tun-was-fuer-bienen.de\/archiv-2021\/wp-content\/themes\/bienen\/assets\/images\/avatar-placeholder.png\" style=\"border-radius: 30px;\" height=\"30\" width=\"30\">\n            Mia            <\/div>\n    \n    <p class=\"categories meta bienen-gewinner\"><span class=\"fa fa-trophy\"                                                              aria-hidden=\"true\"><\/span> Gewinner<\/p>\n            <p class=\"categories meta\" style=\"width: 100%\"><span class=\"fa fa-tag\"\n                                                             aria-hidden=\"true\"><\/span> Privatg\u00e4rten und G\u00e4rten von Mietwohnungen (kleiner als 500 Quadratmeter)        <\/p>\n    \n            <p class=\"categories meta\" style=\"width: 100%\"><span class=\"fa fa-map-marker\"\n                                                             aria-hidden=\"true\"><\/span> Baden-W\u00fcrttemberg        <\/p>\n    \n<\/article>\n   \n\t\t\n          <article id=\"post-41847\" class=\"et_pb_post post-41847 wtwfb_entry type-wtwfb_entry status-publish has-post-thumbnail hentry wtwfb_category-kita-und-kindergartengaerten wtwfb_region-thueringen\">\n    <h2 class=\"entry-title\"><a href=\"https:\/\/wettbewerb-archiv.wir-tun-was-fuer-bienen.de\/archiv-2021\/eintrag\/johanniter-kindergarten-riethspatzen-die-bienengruppe-tut-was-fuer-bienen\/\">Johanniter Kindergarten &#8222;Riethspatzen&#8220; &#82...<\/a>\n    <\/h2>\n    <a href=\"https:\/\/wettbewerb-archiv.wir-tun-was-fuer-bienen.de\/archiv-2021\/eintrag\/johanniter-kindergarten-riethspatzen-die-bienengruppe-tut-was-fuer-bienen\/\">\n        <div class=\"bienen-entry-image\">\n            <img decoding=\"async\" width=\"400\" height=\"300\" src=\"https:\/\/wettbewerb-archiv.wir-tun-was-fuer-bienen.de\/archiv-2021\/wp-content\/uploads\/sites\/3\/2021\/04\/Collage_20210420_131903-400x300.jpg\" class=\"attachment-bienen-grid-thumb size-bienen-grid-thumb wp-post-image\" alt=\"\" loading=\"lazy\" \/>                    <\/div>\n    <\/a>\n\n    <div class=\"images-grid\"><span><a href=\"https:\/\/wettbewerb-archiv.wir-tun-was-fuer-bienen.de\/archiv-2021\/eintrag\/johanniter-kindergarten-riethspatzen-die-bienengruppe-tut-was-fuer-bienen\/\"><img decoding=\"async\" width=\"150\" height=\"150\" src=\"https:\/\/wettbewerb-archiv.wir-tun-was-fuer-bienen.de\/archiv-2021\/wp-content\/uploads\/sites\/3\/2021\/04\/Collage_20210420_124054-1-150x150.jpg\" class=\"attachment-thumbnail size-thumbnail\" alt=\"\" loading=\"lazy\" \/><\/a><\/span><span><a href=\"https:\/\/wettbewerb-archiv.wir-tun-was-fuer-bienen.de\/archiv-2021\/eintrag\/johanniter-kindergarten-riethspatzen-die-bienengruppe-tut-was-fuer-bienen\/\"><img decoding=\"async\" width=\"150\" height=\"150\" src=\"https:\/\/wettbewerb-archiv.wir-tun-was-fuer-bienen.de\/archiv-2021\/wp-content\/uploads\/sites\/3\/2021\/04\/Collage_20210421_195047-150x150.jpg\" class=\"attachment-thumbnail size-thumbnail\" alt=\"\" loading=\"lazy\" \/><\/a><\/span><span><a href=\"https:\/\/wettbewerb-archiv.wir-tun-was-fuer-bienen.de\/archiv-2021\/eintrag\/johanniter-kindergarten-riethspatzen-die-bienengruppe-tut-was-fuer-bienen\/\"><img decoding=\"async\" width=\"150\" height=\"150\" src=\"https:\/\/wettbewerb-archiv.wir-tun-was-fuer-bienen.de\/archiv-2021\/wp-content\/uploads\/sites\/3\/2021\/04\/Collage_20210421_194837-150x150.jpg\" class=\"attachment-thumbnail size-thumbnail\" alt=\"\" loading=\"lazy\" \/><\/a><\/span><span><a href=\"https:\/\/wettbewerb-archiv.wir-tun-was-fuer-bienen.de\/archiv-2021\/eintrag\/johanniter-kindergarten-riethspatzen-die-bienengruppe-tut-was-fuer-bienen\/\"><img decoding=\"async\" width=\"150\" height=\"150\" src=\"https:\/\/wettbewerb-archiv.wir-tun-was-fuer-bienen.de\/archiv-2021\/wp-content\/uploads\/sites\/3\/2021\/04\/Collage_20210421_195407-150x150.jpg\" class=\"attachment-thumbnail size-thumbnail\" alt=\"\" loading=\"lazy\" \/><\/a><\/span><\/div>\n\n    <div class=\"user flex\">\n        \n                    <img decoding=\"async\" src=\"https:\/\/wettbewerb-archiv.wir-tun-was-fuer-bienen.de\/archiv-2021\/wp-content\/themes\/bienen\/assets\/images\/avatar-placeholder.png\" style=\"border-radius: 30px;\" height=\"30\" width=\"30\">\n            JUH Kindergarten Riethspatzen - Bienengruppe            <\/div>\n    \n    \n            <p class=\"categories meta\" style=\"width: 100%\"><span class=\"fa fa-tag\"\n                                                             aria-hidden=\"true\"><\/span> Kita- und Kindergarteng\u00e4rten        <\/p>\n    \n            <p class=\"categories meta\" style=\"width: 100%\"><span class=\"fa fa-map-marker\"\n                                                             aria-hidden=\"true\"><\/span> Th\u00fcringen        <\/p>\n    \n<\/article>\n   \n\t\t\n          <article id=\"post-41837\" class=\"et_pb_post post-41837 wtwfb_entry type-wtwfb_entry status-publish has-post-thumbnail hentry wtwfb_category-kleingartenwesen-parzellen-und-gemeinschaftsgaerten wtwfb_region-sachsen-anhalt\">\n    <h2 class=\"entry-title\"><a href=\"https:\/\/wettbewerb-archiv.wir-tun-was-fuer-bienen.de\/archiv-2021\/eintrag\/insektenoase-glebitzsch\/\">Insektenoase Glebitzsch<\/a>\n    <\/h2>\n    <a href=\"https:\/\/wettbewerb-archiv.wir-tun-was-fuer-bienen.de\/archiv-2021\/eintrag\/insektenoase-glebitzsch\/\">\n        <div class=\"bienen-entry-image\">\n            <img decoding=\"async\" width=\"400\" height=\"300\" src=\"https:\/\/wettbewerb-archiv.wir-tun-was-fuer-bienen.de\/archiv-2021\/wp-content\/uploads\/sites\/3\/2021\/07\/IMG_20210624_165946-400x300.jpg\" class=\"attachment-bienen-grid-thumb size-bienen-grid-thumb wp-post-image\" alt=\"\" loading=\"lazy\" \/>                    <\/div>\n    <\/a>\n\n    <div class=\"images-grid\"><span><a href=\"https:\/\/wettbewerb-archiv.wir-tun-was-fuer-bienen.de\/archiv-2021\/eintrag\/insektenoase-glebitzsch\/\"><img decoding=\"async\" width=\"150\" height=\"150\" src=\"https:\/\/wettbewerb-archiv.wir-tun-was-fuer-bienen.de\/archiv-2021\/wp-content\/uploads\/sites\/3\/2021\/04\/16187565096908540047586011464269-150x150.jpg\" class=\"attachment-thumbnail size-thumbnail\" alt=\"\" loading=\"lazy\" \/><\/a><\/span><span><a href=\"https:\/\/wettbewerb-archiv.wir-tun-was-fuer-bienen.de\/archiv-2021\/eintrag\/insektenoase-glebitzsch\/\"><img decoding=\"async\" width=\"150\" height=\"150\" src=\"https:\/\/wettbewerb-archiv.wir-tun-was-fuer-bienen.de\/archiv-2021\/wp-content\/uploads\/sites\/3\/2021\/06\/IMG_20210424_100101-150x150.jpg\" class=\"attachment-thumbnail size-thumbnail\" alt=\"\" loading=\"lazy\" \/><\/a><\/span><span><a href=\"https:\/\/wettbewerb-archiv.wir-tun-was-fuer-bienen.de\/archiv-2021\/eintrag\/insektenoase-glebitzsch\/\"><img decoding=\"async\" width=\"150\" height=\"150\" src=\"https:\/\/wettbewerb-archiv.wir-tun-was-fuer-bienen.de\/archiv-2021\/wp-content\/uploads\/sites\/3\/2021\/06\/IMG_20210424_100112-150x150.jpg\" class=\"attachment-thumbnail size-thumbnail\" alt=\"\" loading=\"lazy\" \/><\/a><\/span><span><a href=\"https:\/\/wettbewerb-archiv.wir-tun-was-fuer-bienen.de\/archiv-2021\/eintrag\/insektenoase-glebitzsch\/\"><img decoding=\"async\" width=\"150\" height=\"150\" src=\"https:\/\/wettbewerb-archiv.wir-tun-was-fuer-bienen.de\/archiv-2021\/wp-content\/uploads\/sites\/3\/2021\/06\/IMG_20210509_133736-150x150.jpg\" class=\"attachment-thumbnail size-thumbnail\" alt=\"\" loading=\"lazy\" \/><\/a><\/span><\/div>\n\n    <div class=\"user flex\">\n        \n                    <img decoding=\"async\" src=\"https:\/\/wettbewerb-archiv.wir-tun-was-fuer-bienen.de\/archiv-2021\/wp-content\/themes\/bienen\/assets\/images\/avatar-placeholder.png\" style=\"border-radius: 30px;\" height=\"30\" width=\"30\">\n            Insektenoase Glebitzsch            <\/div>\n    \n    <p class=\"categories meta bienen-gewinner\"><span class=\"fa fa-trophy\"                                                              aria-hidden=\"true\"><\/span> Gewinner<\/p>\n            <p class=\"categories meta\" style=\"width: 100%\"><span class=\"fa fa-tag\"\n                                                             aria-hidden=\"true\"><\/span> Kleingartenwesen: Parzellen und Gemeinschaftsg\u00e4rten        <\/p>\n    \n            <p class=\"categories meta\" style=\"width: 100%\"><span class=\"fa fa-map-marker\"\n                                                             aria-hidden=\"true\"><\/span> Sachsen-Anhalt        <\/p>\n    \n<\/article>\n   \n\t\t\n          <article id=\"post-41782\" class=\"et_pb_post post-41782 wtwfb_entry type-wtwfb_entry status-publish has-post-thumbnail hentry wtwfb_category-balkone-terrassen-dachbegruenung-vertikale-gaerten wtwfb_region-berlin\">\n    <h2 class=\"entry-title\"><a href=\"https:\/\/wettbewerb-archiv.wir-tun-was-fuer-bienen.de\/archiv-2021\/eintrag\/der-versuch-eines-naturbalkons\/\">Der Versuch eines Naturbalkons<\/a>\n    <\/h2>\n    <a href=\"https:\/\/wettbewerb-archiv.wir-tun-was-fuer-bienen.de\/archiv-2021\/eintrag\/der-versuch-eines-naturbalkons\/\">\n        <div class=\"bienen-entry-image\">\n            <img decoding=\"async\" width=\"400\" height=\"300\" src=\"https:\/\/wettbewerb-archiv.wir-tun-was-fuer-bienen.de\/archiv-2021\/wp-content\/uploads\/sites\/3\/2021\/04\/ZwischenStand_April17-400x300.jpg\" class=\"attachment-bienen-grid-thumb size-bienen-grid-thumb wp-post-image\" alt=\"\" loading=\"lazy\" \/>                    <\/div>\n    <\/a>\n\n    <div class=\"images-grid\"><span><a href=\"https:\/\/wettbewerb-archiv.wir-tun-was-fuer-bienen.de\/archiv-2021\/eintrag\/der-versuch-eines-naturbalkons\/\"><img decoding=\"async\" width=\"150\" height=\"150\" src=\"https:\/\/wettbewerb-archiv.wir-tun-was-fuer-bienen.de\/archiv-2021\/wp-content\/uploads\/sites\/3\/2021\/04\/hochbeet-150x150.jpg\" class=\"attachment-thumbnail size-thumbnail\" alt=\"\" loading=\"lazy\" \/><\/a><\/span><span><a href=\"https:\/\/wettbewerb-archiv.wir-tun-was-fuer-bienen.de\/archiv-2021\/eintrag\/der-versuch-eines-naturbalkons\/\"><img decoding=\"async\" width=\"150\" height=\"150\" src=\"https:\/\/wettbewerb-archiv.wir-tun-was-fuer-bienen.de\/archiv-2021\/wp-content\/uploads\/sites\/3\/2021\/04\/Saen_Hochbeet-150x150.jpg\" class=\"attachment-thumbnail size-thumbnail\" alt=\"\" loading=\"lazy\" \/><\/a><\/span><span><a href=\"https:\/\/wettbewerb-archiv.wir-tun-was-fuer-bienen.de\/archiv-2021\/eintrag\/der-versuch-eines-naturbalkons\/\"><img decoding=\"async\" width=\"150\" height=\"150\" src=\"https:\/\/wettbewerb-archiv.wir-tun-was-fuer-bienen.de\/archiv-2021\/wp-content\/uploads\/sites\/3\/2021\/04\/einplanzen_der_himbeeren-150x150.jpg\" class=\"attachment-thumbnail size-thumbnail\" alt=\"\" loading=\"lazy\" \/><\/a><\/span><span><a href=\"https:\/\/wettbewerb-archiv.wir-tun-was-fuer-bienen.de\/archiv-2021\/eintrag\/der-versuch-eines-naturbalkons\/\"><img decoding=\"async\" width=\"150\" height=\"150\" src=\"https:\/\/wettbewerb-archiv.wir-tun-was-fuer-bienen.de\/archiv-2021\/wp-content\/uploads\/sites\/3\/2021\/04\/Pflanzenkauf_2-150x150.jpg\" class=\"attachment-thumbnail size-thumbnail\" alt=\"\" loading=\"lazy\" \/><\/a><\/span><\/div>\n\n    <div class=\"user flex\">\n        \n                    <img decoding=\"async\" src=\"https:\/\/wettbewerb-archiv.wir-tun-was-fuer-bienen.de\/archiv-2021\/wp-content\/themes\/bienen\/assets\/images\/avatar-placeholder.png\" style=\"border-radius: 30px;\" height=\"30\" width=\"30\">\n            lagani            <\/div>\n    \n    \n            <p class=\"categories meta\" style=\"width: 100%\"><span class=\"fa fa-tag\"\n                                                             aria-hidden=\"true\"><\/span> Balkone, Terrassen, Dachbegr\u00fcnung, vertikale G\u00e4rten        <\/p>\n    \n            <p class=\"categories meta\" style=\"width: 100%\"><span class=\"fa fa-map-marker\"\n                                                             aria-hidden=\"true\"><\/span> Berlin        <\/p>\n    \n<\/article>\n   \n\t\t\n          <article id=\"post-41742\" class=\"et_pb_post post-41742 wtwfb_entry type-wtwfb_entry status-publish has-post-thumbnail hentry wtwfb_category-balkone-terrassen-dachbegruenung-vertikale-gaerten wtwfb_region-berlin\">\n    <h2 class=\"entry-title\"><a href=\"https:\/\/wettbewerb-archiv.wir-tun-was-fuer-bienen.de\/archiv-2021\/eintrag\/wildbienenbalkon-2\/\">Wildbienenbalkon<\/a>\n    <\/h2>\n    <a href=\"https:\/\/wettbewerb-archiv.wir-tun-was-fuer-bienen.de\/archiv-2021\/eintrag\/wildbienenbalkon-2\/\">\n        <div class=\"bienen-entry-image\">\n            <img decoding=\"async\" width=\"400\" height=\"300\" src=\"https:\/\/wettbewerb-archiv.wir-tun-was-fuer-bienen.de\/archiv-2021\/wp-content\/uploads\/sites\/3\/2021\/04\/Gehoernte-Mauerbiene-an-Hyazinthe-Maerz-2021-400x300.jpg\" class=\"attachment-bienen-grid-thumb size-bienen-grid-thumb wp-post-image\" alt=\"\" loading=\"lazy\" \/>                    <\/div>\n    <\/a>\n\n    <div class=\"images-grid\"><span><a href=\"https:\/\/wettbewerb-archiv.wir-tun-was-fuer-bienen.de\/archiv-2021\/eintrag\/wildbienenbalkon-2\/\"><img decoding=\"async\" width=\"150\" height=\"150\" src=\"https:\/\/wettbewerb-archiv.wir-tun-was-fuer-bienen.de\/archiv-2021\/wp-content\/uploads\/sites\/3\/2021\/04\/Erdbeeren-Feldsalat-Dill-Hyazinthenspitzen-150x150.jpg\" class=\"attachment-thumbnail size-thumbnail\" alt=\"\" loading=\"lazy\" \/><\/a><\/span><span><a href=\"https:\/\/wettbewerb-archiv.wir-tun-was-fuer-bienen.de\/archiv-2021\/eintrag\/wildbienenbalkon-2\/\"><img decoding=\"async\" width=\"150\" height=\"150\" src=\"https:\/\/wettbewerb-archiv.wir-tun-was-fuer-bienen.de\/archiv-2021\/wp-content\/uploads\/sites\/3\/2021\/04\/Kraeuter-Rosmarin-Oregano-Thymian-Himbeerenbewurzelung-150x150.jpg\" class=\"attachment-thumbnail size-thumbnail\" alt=\"\" loading=\"lazy\" \/><\/a><\/span><span><a href=\"https:\/\/wettbewerb-archiv.wir-tun-was-fuer-bienen.de\/archiv-2021\/eintrag\/wildbienenbalkon-2\/\"><img decoding=\"async\" width=\"150\" height=\"150\" src=\"https:\/\/wettbewerb-archiv.wir-tun-was-fuer-bienen.de\/archiv-2021\/wp-content\/uploads\/sites\/3\/2021\/04\/Nisthilfe-mit-Mauerbiene-im-Anflug-150x150.jpg\" class=\"attachment-thumbnail size-thumbnail\" alt=\"\" loading=\"lazy\" \/><\/a><\/span><span><a href=\"https:\/\/wettbewerb-archiv.wir-tun-was-fuer-bienen.de\/archiv-2021\/eintrag\/wildbienenbalkon-2\/\"><img decoding=\"async\" width=\"150\" height=\"150\" src=\"https:\/\/wettbewerb-archiv.wir-tun-was-fuer-bienen.de\/archiv-2021\/wp-content\/uploads\/sites\/3\/2021\/04\/Gehoernte-Mauerbiene-an-Nisthilfe-150x150.jpg\" class=\"attachment-thumbnail size-thumbnail\" alt=\"\" loading=\"lazy\" \/><\/a><\/span><\/div>\n\n    <div class=\"user flex\">\n        \n                    <img decoding=\"async\" src=\"https:\/\/wettbewerb-archiv.wir-tun-was-fuer-bienen.de\/archiv-2021\/wp-content\/themes\/bienen\/assets\/images\/avatar-placeholder.png\" style=\"border-radius: 30px;\" height=\"30\" width=\"30\">\n            Wildbienenbalkon Berlin            <\/div>\n    \n    <p class=\"categories meta bienen-gewinner\"><span class=\"fa fa-trophy\"                                                              aria-hidden=\"true\"><\/span> Gewinner<\/p>\n            <p class=\"categories meta\" style=\"width: 100%\"><span class=\"fa fa-tag\"\n                                                             aria-hidden=\"true\"><\/span> Balkone, Terrassen, Dachbegr\u00fcnung, vertikale G\u00e4rten        <\/p>\n    \n            <p class=\"categories meta\" style=\"width: 100%\"><span class=\"fa fa-map-marker\"\n                                                             aria-hidden=\"true\"><\/span> Berlin        <\/p>\n    \n<\/article>\n   \n\t\t\n          <article id=\"post-41731\" class=\"et_pb_post post-41731 wtwfb_entry type-wtwfb_entry status-publish has-post-thumbnail hentry wtwfb_category-firmen-institutions-und-vereinsgaerten wtwfb_region-baden-wuerttemberg\">\n    <h2 class=\"entry-title\"><a href=\"https:\/\/wettbewerb-archiv.wir-tun-was-fuer-bienen.de\/archiv-2021\/eintrag\/bienen-fuer-das-seniorenzentrum-parkschloessle\/\">Bienen f\u00fcr das Seniorenzentrum Parkschl\u00f6ssle<\/a>\n    <\/h2>\n    <a href=\"https:\/\/wettbewerb-archiv.wir-tun-was-fuer-bienen.de\/archiv-2021\/eintrag\/bienen-fuer-das-seniorenzentrum-parkschloessle\/\">\n        <div class=\"bienen-entry-image\">\n            <img decoding=\"async\" width=\"400\" height=\"300\" src=\"https:\/\/wettbewerb-archiv.wir-tun-was-fuer-bienen.de\/archiv-2021\/wp-content\/uploads\/sites\/3\/2021\/04\/2018-08-09_ps_Aussengelaende-Gebaeude_heimstka-vt-20_be_72dpi_1440x960px-400x300.jpg\" class=\"attachment-bienen-grid-thumb size-bienen-grid-thumb wp-post-image\" alt=\"\" loading=\"lazy\" \/>                    <\/div>\n    <\/a>\n\n    <div class=\"images-grid\"><span><a href=\"https:\/\/wettbewerb-archiv.wir-tun-was-fuer-bienen.de\/archiv-2021\/eintrag\/bienen-fuer-das-seniorenzentrum-parkschloessle\/\"><img decoding=\"async\" width=\"150\" height=\"150\" src=\"https:\/\/wettbewerb-archiv.wir-tun-was-fuer-bienen.de\/archiv-2021\/wp-content\/uploads\/sites\/3\/2021\/04\/2021-04-26-Gruendende-Hochbeete-150x150.jpg\" class=\"attachment-thumbnail size-thumbnail\" alt=\"\" loading=\"lazy\" \/><\/a><\/span><span><a href=\"https:\/\/wettbewerb-archiv.wir-tun-was-fuer-bienen.de\/archiv-2021\/eintrag\/bienen-fuer-das-seniorenzentrum-parkschloessle\/\"><img decoding=\"async\" width=\"150\" height=\"150\" src=\"https:\/\/wettbewerb-archiv.wir-tun-was-fuer-bienen.de\/archiv-2021\/wp-content\/uploads\/sites\/3\/2021\/04\/2021-04-26-Beackerte-Wiese-2-150x150.jpg\" class=\"attachment-thumbnail size-thumbnail\" alt=\"\" loading=\"lazy\" \/><\/a><\/span><span><a href=\"https:\/\/wettbewerb-archiv.wir-tun-was-fuer-bienen.de\/archiv-2021\/eintrag\/bienen-fuer-das-seniorenzentrum-parkschloessle\/\"><img decoding=\"async\" width=\"150\" height=\"150\" src=\"https:\/\/wettbewerb-archiv.wir-tun-was-fuer-bienen.de\/archiv-2021\/wp-content\/uploads\/sites\/3\/2021\/04\/2021-04-26-Bienenhotel-von-Mitarbeiterkindern-2-150x150.jpg\" class=\"attachment-thumbnail size-thumbnail\" alt=\"\" loading=\"lazy\" \/><\/a><\/span><span><a href=\"https:\/\/wettbewerb-archiv.wir-tun-was-fuer-bienen.de\/archiv-2021\/eintrag\/bienen-fuer-das-seniorenzentrum-parkschloessle\/\"><img decoding=\"async\" width=\"150\" height=\"150\" src=\"https:\/\/wettbewerb-archiv.wir-tun-was-fuer-bienen.de\/archiv-2021\/wp-content\/uploads\/sites\/3\/2021\/06\/20210615_120514-150x150.jpg\" class=\"attachment-thumbnail size-thumbnail\" alt=\"\" loading=\"lazy\" \/><\/a><\/span><\/div>\n\n    <div class=\"user flex\">\n        \n                    <img decoding=\"async\" src=\"https:\/\/wettbewerb-archiv.wir-tun-was-fuer-bienen.de\/archiv-2021\/wp-content\/themes\/bienen\/assets\/images\/avatar-placeholder.png\" style=\"border-radius: 30px;\" height=\"30\" width=\"30\">\n            Parkschloessle            <\/div>\n    \n    \n            <p class=\"categories meta\" style=\"width: 100%\"><span class=\"fa fa-tag\"\n                                                             aria-hidden=\"true\"><\/span> Firmen-, Institutions- und Vereinsg\u00e4rten        <\/p>\n    \n            <p class=\"categories meta\" style=\"width: 100%\"><span class=\"fa fa-map-marker\"\n                                                             aria-hidden=\"true\"><\/span> Baden-W\u00fcrttemberg        <\/p>\n    \n<\/article>\n   \n\t\t\n          <article id=\"post-41689\" class=\"et_pb_post post-41689 wtwfb_entry type-wtwfb_entry status-publish has-post-thumbnail hentry wtwfb_category-firmen-institutions-und-vereinsgaerten wtwfb_region-niedersachsen\">\n    <h2 class=\"entry-title\"><a href=\"https:\/\/wettbewerb-archiv.wir-tun-was-fuer-bienen.de\/archiv-2021\/eintrag\/im-wildpark-summt-es\/\">Im Wildpark summt es!<\/a>\n    <\/h2>\n    <a href=\"https:\/\/wettbewerb-archiv.wir-tun-was-fuer-bienen.de\/archiv-2021\/eintrag\/im-wildpark-summt-es\/\">\n        <div class=\"bienen-entry-image\">\n            <img decoding=\"async\" width=\"400\" height=\"300\" src=\"https:\/\/wettbewerb-archiv.wir-tun-was-fuer-bienen.de\/archiv-2021\/wp-content\/uploads\/sites\/3\/2021\/04\/Thomas-Wamser-mit-Bienensaat-400x300.jpg\" class=\"attachment-bienen-grid-thumb size-bienen-grid-thumb wp-post-image\" alt=\"\" loading=\"lazy\" \/>                    <\/div>\n    <\/a>\n\n    <div class=\"images-grid\"><\/div>\n\n    <div class=\"user flex\">\n        \n                    <img decoding=\"async\" src=\"https:\/\/wettbewerb-archiv.wir-tun-was-fuer-bienen.de\/archiv-2021\/wp-content\/themes\/bienen\/assets\/images\/avatar-placeholder.png\" style=\"border-radius: 30px;\" height=\"30\" width=\"30\">\n            Wildpark M\u00fcden            <\/div>\n    \n    \n            <p class=\"categories meta\" style=\"width: 100%\"><span class=\"fa fa-tag\"\n                                                             aria-hidden=\"true\"><\/span> Firmen-, Institutions- und Vereinsg\u00e4rten        <\/p>\n    \n            <p class=\"categories meta\" style=\"width: 100%\"><span class=\"fa fa-map-marker\"\n                                                             aria-hidden=\"true\"><\/span> Niedersachsen        <\/p>\n    \n<\/article>\n   \n\t\t\n          <article id=\"post-41687\" class=\"et_pb_post post-41687 wtwfb_entry type-wtwfb_entry status-publish has-post-thumbnail hentry wtwfb_category-schul-und-jugendclub-gaerten wtwfb_region-bayern\">\n    <h2 class=\"entry-title\"><a href=\"https:\/\/wettbewerb-archiv.wir-tun-was-fuer-bienen.de\/archiv-2021\/eintrag\/keltengrundschule-aschheim\/\">Keltengrundschule Aschheim<\/a>\n    <\/h2>\n    <a href=\"https:\/\/wettbewerb-archiv.wir-tun-was-fuer-bienen.de\/archiv-2021\/eintrag\/keltengrundschule-aschheim\/\">\n        <div class=\"bienen-entry-image\">\n            <img decoding=\"async\" width=\"400\" height=\"300\" src=\"https:\/\/wettbewerb-archiv.wir-tun-was-fuer-bienen.de\/archiv-2021\/wp-content\/uploads\/sites\/3\/2021\/07\/Biene-1-400x300.jpg\" class=\"attachment-bienen-grid-thumb size-bienen-grid-thumb wp-post-image\" alt=\"\" loading=\"lazy\" \/>                    <\/div>\n    <\/a>\n\n    <div class=\"images-grid\"><span><a href=\"https:\/\/wettbewerb-archiv.wir-tun-was-fuer-bienen.de\/archiv-2021\/eintrag\/keltengrundschule-aschheim\/\"><img decoding=\"async\" width=\"150\" height=\"150\" src=\"https:\/\/wettbewerb-archiv.wir-tun-was-fuer-bienen.de\/archiv-2021\/wp-content\/uploads\/sites\/3\/2021\/07\/1-2-150x150.jpg\" class=\"attachment-thumbnail size-thumbnail\" alt=\"\" loading=\"lazy\" \/><\/a><\/span><span><a href=\"https:\/\/wettbewerb-archiv.wir-tun-was-fuer-bienen.de\/archiv-2021\/eintrag\/keltengrundschule-aschheim\/\"><img decoding=\"async\" width=\"150\" height=\"150\" src=\"https:\/\/wettbewerb-archiv.wir-tun-was-fuer-bienen.de\/archiv-2021\/wp-content\/uploads\/sites\/3\/2021\/07\/2-1-150x150.jpg\" class=\"attachment-thumbnail size-thumbnail\" alt=\"\" loading=\"lazy\" \/><\/a><\/span><span><a href=\"https:\/\/wettbewerb-archiv.wir-tun-was-fuer-bienen.de\/archiv-2021\/eintrag\/keltengrundschule-aschheim\/\"><img decoding=\"async\" width=\"150\" height=\"150\" src=\"https:\/\/wettbewerb-archiv.wir-tun-was-fuer-bienen.de\/archiv-2021\/wp-content\/uploads\/sites\/3\/2021\/07\/3-2-150x150.jpg\" class=\"attachment-thumbnail size-thumbnail\" alt=\"\" loading=\"lazy\" \/><\/a><\/span><span><a href=\"https:\/\/wettbewerb-archiv.wir-tun-was-fuer-bienen.de\/archiv-2021\/eintrag\/keltengrundschule-aschheim\/\"><img decoding=\"async\" width=\"150\" height=\"150\" src=\"https:\/\/wettbewerb-archiv.wir-tun-was-fuer-bienen.de\/archiv-2021\/wp-content\/uploads\/sites\/3\/2021\/07\/4-4-150x150.jpg\" class=\"attachment-thumbnail size-thumbnail\" alt=\"\" loading=\"lazy\" \/><\/a><\/span><\/div>\n\n    <div class=\"user flex\">\n        \n                    <img decoding=\"async\" src=\"https:\/\/wettbewerb-archiv.wir-tun-was-fuer-bienen.de\/archiv-2021\/wp-content\/themes\/bienen\/assets\/images\/avatar-placeholder.png\" style=\"border-radius: 30px;\" height=\"30\" width=\"30\">\n            Keltengrundschule Aschheim            <\/div>\n    \n    \n            <p class=\"categories meta\" style=\"width: 100%\"><span class=\"fa fa-tag\"\n                                                             aria-hidden=\"true\"><\/span> Schul- und Jugendclub-G\u00e4rten        <\/p>\n    \n            <p class=\"categories meta\" style=\"width: 100%\"><span class=\"fa fa-map-marker\"\n                                                             aria-hidden=\"true\"><\/span> Bayern        <\/p>\n    \n<\/article>\n   \n\t\t\n          <article id=\"post-41661\" class=\"et_pb_post post-41661 wtwfb_entry type-wtwfb_entry status-publish has-post-thumbnail hentry wtwfb_category-schul-und-jugendclub-gaerten wtwfb_region-hessen\">\n    <h2 class=\"entry-title\"><a href=\"https:\/\/wettbewerb-archiv.wir-tun-was-fuer-bienen.de\/archiv-2021\/eintrag\/von-der-steinwueste-zum-bienengarten\/\">von der Steinw\u00fcste zum Bienengarten<\/a>\n    <\/h2>\n    <a href=\"https:\/\/wettbewerb-archiv.wir-tun-was-fuer-bienen.de\/archiv-2021\/eintrag\/von-der-steinwueste-zum-bienengarten\/\">\n        <div class=\"bienen-entry-image\">\n            <img decoding=\"async\" width=\"400\" height=\"300\" src=\"https:\/\/wettbewerb-archiv.wir-tun-was-fuer-bienen.de\/archiv-2021\/wp-content\/uploads\/sites\/3\/2021\/04\/Frontbild-400x300.jpg\" class=\"attachment-bienen-grid-thumb size-bienen-grid-thumb wp-post-image\" alt=\"\" loading=\"lazy\" \/>                    <\/div>\n    <\/a>\n\n    <div class=\"images-grid\"><span><a href=\"https:\/\/wettbewerb-archiv.wir-tun-was-fuer-bienen.de\/archiv-2021\/eintrag\/von-der-steinwueste-zum-bienengarten\/\"><img decoding=\"async\" width=\"150\" height=\"150\" src=\"https:\/\/wettbewerb-archiv.wir-tun-was-fuer-bienen.de\/archiv-2021\/wp-content\/uploads\/sites\/3\/2021\/04\/Hochbeetbauen-150x150.jpg\" class=\"attachment-thumbnail size-thumbnail\" alt=\"\" loading=\"lazy\" \/><\/a><\/span><span><a href=\"https:\/\/wettbewerb-archiv.wir-tun-was-fuer-bienen.de\/archiv-2021\/eintrag\/von-der-steinwueste-zum-bienengarten\/\"><img decoding=\"async\" width=\"150\" height=\"150\" src=\"https:\/\/wettbewerb-archiv.wir-tun-was-fuer-bienen.de\/archiv-2021\/wp-content\/uploads\/sites\/3\/2021\/04\/Vogelhaeuschen-und-co-150x150.jpg\" class=\"attachment-thumbnail size-thumbnail\" alt=\"\" loading=\"lazy\" \/><\/a><\/span><span><a href=\"https:\/\/wettbewerb-archiv.wir-tun-was-fuer-bienen.de\/archiv-2021\/eintrag\/von-der-steinwueste-zum-bienengarten\/\"><img decoding=\"async\" width=\"150\" height=\"150\" src=\"https:\/\/wettbewerb-archiv.wir-tun-was-fuer-bienen.de\/archiv-2021\/wp-content\/uploads\/sites\/3\/2021\/04\/Insekten-mit-Nest-150x150.jpg\" class=\"attachment-thumbnail size-thumbnail\" alt=\"\" loading=\"lazy\" \/><\/a><\/span><span><a href=\"https:\/\/wettbewerb-archiv.wir-tun-was-fuer-bienen.de\/archiv-2021\/eintrag\/von-der-steinwueste-zum-bienengarten\/\"><img decoding=\"async\" width=\"150\" height=\"150\" src=\"https:\/\/wettbewerb-archiv.wir-tun-was-fuer-bienen.de\/archiv-2021\/wp-content\/uploads\/sites\/3\/2021\/05\/Hochbeet-2-150x150.jpg\" class=\"attachment-thumbnail size-thumbnail\" alt=\"\" loading=\"lazy\" \/><\/a><\/span><\/div>\n\n    <div class=\"user flex\">\n        \n                    <img decoding=\"async\" src=\"https:\/\/wettbewerb-archiv.wir-tun-was-fuer-bienen.de\/archiv-2021\/wp-content\/themes\/bienen\/assets\/images\/avatar-placeholder.png\" style=\"border-radius: 30px;\" height=\"30\" width=\"30\">\n            Bienengarten der Geistalschule            <\/div>\n            <p class=\"categories meta\" style=\"color: #c32731; font-weight: bold; width: 100%\"><span class=\"fa fa-music\"\n                                                                                                aria-hidden=\"true\"><\/span> Extrapreis Musik\n            f\u00fcr Bienenschutz\n        <\/p>\n    \n    \n            <p class=\"categories meta\" style=\"width: 100%\"><span class=\"fa fa-tag\"\n                                                             aria-hidden=\"true\"><\/span> Schul- und Jugendclub-G\u00e4rten        <\/p>\n    \n            <p class=\"categories meta\" style=\"width: 100%\"><span class=\"fa fa-map-marker\"\n                                                             aria-hidden=\"true\"><\/span> Hessen        <\/p>\n    \n<\/article>\n   \n\t\t\n          <article id=\"post-41638\" class=\"et_pb_post post-41638 wtwfb_entry type-wtwfb_entry status-publish has-post-thumbnail hentry wtwfb_category-kleingartenwesen-parzellen-und-gemeinschaftsgaerten wtwfb_region-bayern\">\n    <h2 class=\"entry-title\"><a href=\"https:\/\/wettbewerb-archiv.wir-tun-was-fuer-bienen.de\/archiv-2021\/eintrag\/un-dekadenprojekt-2010-bis-2020-und-weiter-2020-bis-2020-storchengarten-markt-schwaben\/\">UN-Dekadenprojekt 2010 bis 2020 und weiter 2020 bis 203...<\/a>\n    <\/h2>\n    <a href=\"https:\/\/wettbewerb-archiv.wir-tun-was-fuer-bienen.de\/archiv-2021\/eintrag\/un-dekadenprojekt-2010-bis-2020-und-weiter-2020-bis-2020-storchengarten-markt-schwaben\/\">\n        <div class=\"bienen-entry-image\">\n            <img decoding=\"async\" width=\"400\" height=\"300\" src=\"https:\/\/wettbewerb-archiv.wir-tun-was-fuer-bienen.de\/archiv-2021\/wp-content\/uploads\/sites\/3\/2021\/04\/IMG_1501766687867-400x300.jpg\" class=\"attachment-bienen-grid-thumb size-bienen-grid-thumb wp-post-image\" alt=\"\" loading=\"lazy\" \/>                    <\/div>\n    <\/a>\n\n    <div class=\"images-grid\"><span><a href=\"https:\/\/wettbewerb-archiv.wir-tun-was-fuer-bienen.de\/archiv-2021\/eintrag\/un-dekadenprojekt-2010-bis-2020-und-weiter-2020-bis-2020-storchengarten-markt-schwaben\/\"><img decoding=\"async\" width=\"150\" height=\"150\" src=\"https:\/\/wettbewerb-archiv.wir-tun-was-fuer-bienen.de\/archiv-2021\/wp-content\/uploads\/sites\/3\/2021\/04\/0199-150x150.jpg\" class=\"attachment-thumbnail size-thumbnail\" alt=\"\" loading=\"lazy\" \/><\/a><\/span><span><a href=\"https:\/\/wettbewerb-archiv.wir-tun-was-fuer-bienen.de\/archiv-2021\/eintrag\/un-dekadenprojekt-2010-bis-2020-und-weiter-2020-bis-2020-storchengarten-markt-schwaben\/\"><img decoding=\"async\" width=\"150\" height=\"150\" src=\"https:\/\/wettbewerb-archiv.wir-tun-was-fuer-bienen.de\/archiv-2021\/wp-content\/uploads\/sites\/3\/2021\/04\/158_Erntesack-im-Sportwagen-150x150.jpg\" class=\"attachment-thumbnail size-thumbnail\" alt=\"\" loading=\"lazy\" \/><\/a><\/span><span><a href=\"https:\/\/wettbewerb-archiv.wir-tun-was-fuer-bienen.de\/archiv-2021\/eintrag\/un-dekadenprojekt-2010-bis-2020-und-weiter-2020-bis-2020-storchengarten-markt-schwaben\/\"><img decoding=\"async\" width=\"150\" height=\"150\" src=\"https:\/\/wettbewerb-archiv.wir-tun-was-fuer-bienen.de\/archiv-2021\/wp-content\/uploads\/sites\/3\/2021\/04\/156_Linsen-Ernte-auf-Bayerisch-150x150.jpg\" class=\"attachment-thumbnail size-thumbnail\" alt=\"\" loading=\"lazy\" \/><\/a><\/span><span><a href=\"https:\/\/wettbewerb-archiv.wir-tun-was-fuer-bienen.de\/archiv-2021\/eintrag\/un-dekadenprojekt-2010-bis-2020-und-weiter-2020-bis-2020-storchengarten-markt-schwaben\/\"><img decoding=\"async\" width=\"150\" height=\"150\" src=\"https:\/\/wettbewerb-archiv.wir-tun-was-fuer-bienen.de\/archiv-2021\/wp-content\/uploads\/sites\/3\/2021\/04\/0011-150x150.jpg\" class=\"attachment-thumbnail size-thumbnail\" alt=\"\" loading=\"lazy\" \/><\/a><\/span><\/div>\n\n    <div class=\"user flex\">\n        \n                    <img decoding=\"async\" src=\"https:\/\/wettbewerb-archiv.wir-tun-was-fuer-bienen.de\/archiv-2021\/wp-content\/themes\/bienen\/assets\/images\/avatar-placeholder.png\" style=\"border-radius: 30px;\" height=\"30\" width=\"30\">\n            Storchengarten Markt Schwaben            <\/div>\n    \n    \n            <p class=\"categories meta\" style=\"width: 100%\"><span class=\"fa fa-tag\"\n                                                             aria-hidden=\"true\"><\/span> Kleingartenwesen: Parzellen und Gemeinschaftsg\u00e4rten        <\/p>\n    \n            <p class=\"categories meta\" style=\"width: 100%\"><span class=\"fa fa-map-marker\"\n                                                             aria-hidden=\"true\"><\/span> Bayern        <\/p>\n    \n<\/article>\n   \n\t\t\n          <article id=\"post-41619\" class=\"et_pb_post post-41619 wtwfb_entry type-wtwfb_entry status-publish has-post-thumbnail hentry wtwfb_category-balkone-terrassen-dachbegruenung-vertikale-gaerten wtwfb_region-brandenburg\">\n    <h2 class=\"entry-title\"><a href=\"https:\/\/wettbewerb-archiv.wir-tun-was-fuer-bienen.de\/archiv-2021\/eintrag\/mehr-wilde-hummeln-braucht-die-stadt\/\">Mehr wilde Hummeln braucht die Stadt \ud83d\ude42<\/a>\n    <\/h2>\n    <a href=\"https:\/\/wettbewerb-archiv.wir-tun-was-fuer-bienen.de\/archiv-2021\/eintrag\/mehr-wilde-hummeln-braucht-die-stadt\/\">\n        <div class=\"bienen-entry-image\">\n            <img decoding=\"async\" width=\"400\" height=\"300\" src=\"https:\/\/wettbewerb-archiv.wir-tun-was-fuer-bienen.de\/archiv-2021\/wp-content\/uploads\/sites\/3\/2021\/06\/startbild-400x300.jpg\" class=\"attachment-bienen-grid-thumb size-bienen-grid-thumb wp-post-image\" alt=\"\" loading=\"lazy\" \/>                    <\/div>\n    <\/a>\n\n    <div class=\"images-grid\"><span><a href=\"https:\/\/wettbewerb-archiv.wir-tun-was-fuer-bienen.de\/archiv-2021\/eintrag\/mehr-wilde-hummeln-braucht-die-stadt\/\"><img decoding=\"async\" width=\"150\" height=\"150\" src=\"https:\/\/wettbewerb-archiv.wir-tun-was-fuer-bienen.de\/archiv-2021\/wp-content\/uploads\/sites\/3\/2021\/04\/Paprika-klein-150x150.jpg\" class=\"attachment-thumbnail size-thumbnail\" alt=\"\" loading=\"lazy\" \/><\/a><\/span><span><a href=\"https:\/\/wettbewerb-archiv.wir-tun-was-fuer-bienen.de\/archiv-2021\/eintrag\/mehr-wilde-hummeln-braucht-die-stadt\/\"><img decoding=\"async\" width=\"150\" height=\"150\" src=\"https:\/\/wettbewerb-archiv.wir-tun-was-fuer-bienen.de\/archiv-2021\/wp-content\/uploads\/sites\/3\/2021\/04\/Sonnenblume-Paprika-150x150.jpg\" class=\"attachment-thumbnail size-thumbnail\" alt=\"\" loading=\"lazy\" \/><\/a><\/span><span><a href=\"https:\/\/wettbewerb-archiv.wir-tun-was-fuer-bienen.de\/archiv-2021\/eintrag\/mehr-wilde-hummeln-braucht-die-stadt\/\"><img decoding=\"async\" width=\"150\" height=\"150\" src=\"https:\/\/wettbewerb-archiv.wir-tun-was-fuer-bienen.de\/archiv-2021\/wp-content\/uploads\/sites\/3\/2021\/04\/Tomaten-150x150.jpg\" class=\"attachment-thumbnail size-thumbnail\" alt=\"\" loading=\"lazy\" \/><\/a><\/span><span><a href=\"https:\/\/wettbewerb-archiv.wir-tun-was-fuer-bienen.de\/archiv-2021\/eintrag\/mehr-wilde-hummeln-braucht-die-stadt\/\"><img decoding=\"async\" width=\"150\" height=\"150\" src=\"https:\/\/wettbewerb-archiv.wir-tun-was-fuer-bienen.de\/archiv-2021\/wp-content\/uploads\/sites\/3\/2021\/04\/Brett-150x150.jpg\" class=\"attachment-thumbnail size-thumbnail\" alt=\"\" loading=\"lazy\" \/><\/a><\/span><\/div>\n\n    <div class=\"user flex\">\n        \n                    <img decoding=\"async\" src=\"https:\/\/wettbewerb-archiv.wir-tun-was-fuer-bienen.de\/archiv-2021\/wp-content\/themes\/bienen\/assets\/images\/avatar-placeholder.png\" style=\"border-radius: 30px;\" height=\"30\" width=\"30\">\n            WildeHummel            <\/div>\n    \n    \n            <p class=\"categories meta\" style=\"width: 100%\"><span class=\"fa fa-tag\"\n                                                             aria-hidden=\"true\"><\/span> Balkone, Terrassen, Dachbegr\u00fcnung, vertikale G\u00e4rten        <\/p>\n    \n            <p class=\"categories meta\" style=\"width: 100%\"><span class=\"fa fa-map-marker\"\n                                                             aria-hidden=\"true\"><\/span> Brandenburg        <\/p>\n    \n<\/article>\n   \n\t\t\n          <article id=\"post-41615\" class=\"et_pb_post post-41615 wtwfb_entry type-wtwfb_entry status-publish has-post-thumbnail hentry wtwfb_category-kita-und-kindergartengaerten wtwfb_region-schleswig-holstein\">\n    <h2 class=\"entry-title\"><a href=\"https:\/\/wettbewerb-archiv.wir-tun-was-fuer-bienen.de\/archiv-2021\/eintrag\/die-naturgruppe-taka-tuka-aus-soerup-stellt-sich-vor\/\">Die Naturgruppe &#8222;Taka Tuka&#8220; aus S\u00f6rup scha...<\/a>\n    <\/h2>\n    <a href=\"https:\/\/wettbewerb-archiv.wir-tun-was-fuer-bienen.de\/archiv-2021\/eintrag\/die-naturgruppe-taka-tuka-aus-soerup-stellt-sich-vor\/\">\n        <div class=\"bienen-entry-image\">\n            <img decoding=\"async\" width=\"400\" height=\"300\" src=\"https:\/\/wettbewerb-archiv.wir-tun-was-fuer-bienen.de\/archiv-2021\/wp-content\/uploads\/sites\/3\/2021\/07\/IMG-20210730-WA0008-400x300.jpg\" class=\"attachment-bienen-grid-thumb size-bienen-grid-thumb wp-post-image\" alt=\"\" loading=\"lazy\" \/>                    <\/div>\n    <\/a>\n\n    <div class=\"images-grid\"><span><a href=\"https:\/\/wettbewerb-archiv.wir-tun-was-fuer-bienen.de\/archiv-2021\/eintrag\/die-naturgruppe-taka-tuka-aus-soerup-stellt-sich-vor\/\"><img decoding=\"async\" width=\"150\" height=\"150\" src=\"https:\/\/wettbewerb-archiv.wir-tun-was-fuer-bienen.de\/archiv-2021\/wp-content\/uploads\/sites\/3\/2021\/04\/das-1-150x150.jpg\" class=\"attachment-thumbnail size-thumbnail\" alt=\"\" loading=\"lazy\" \/><\/a><\/span><span><a href=\"https:\/\/wettbewerb-archiv.wir-tun-was-fuer-bienen.de\/archiv-2021\/eintrag\/die-naturgruppe-taka-tuka-aus-soerup-stellt-sich-vor\/\"><img decoding=\"async\" width=\"150\" height=\"150\" src=\"https:\/\/wettbewerb-archiv.wir-tun-was-fuer-bienen.de\/archiv-2021\/wp-content\/uploads\/sites\/3\/2021\/04\/IMG-20210414-WA0026-1-150x150.jpeg\" class=\"attachment-thumbnail size-thumbnail\" alt=\"\" loading=\"lazy\" \/><\/a><\/span><span><a href=\"https:\/\/wettbewerb-archiv.wir-tun-was-fuer-bienen.de\/archiv-2021\/eintrag\/die-naturgruppe-taka-tuka-aus-soerup-stellt-sich-vor\/\"><img decoding=\"async\" width=\"150\" height=\"150\" src=\"https:\/\/wettbewerb-archiv.wir-tun-was-fuer-bienen.de\/archiv-2021\/wp-content\/uploads\/sites\/3\/2021\/04\/20210414_102115-150x150.jpg\" class=\"attachment-thumbnail size-thumbnail\" alt=\"\" loading=\"lazy\" \/><\/a><\/span><span><a href=\"https:\/\/wettbewerb-archiv.wir-tun-was-fuer-bienen.de\/archiv-2021\/eintrag\/die-naturgruppe-taka-tuka-aus-soerup-stellt-sich-vor\/\"><img decoding=\"async\" width=\"150\" height=\"150\" src=\"https:\/\/wettbewerb-archiv.wir-tun-was-fuer-bienen.de\/archiv-2021\/wp-content\/uploads\/sites\/3\/2021\/04\/20210413_104134-150x150.jpg\" class=\"attachment-thumbnail size-thumbnail\" alt=\"\" loading=\"lazy\" \/><\/a><\/span><\/div>\n\n    <div class=\"user flex\">\n        \n                    <img decoding=\"async\" src=\"https:\/\/wettbewerb-archiv.wir-tun-was-fuer-bienen.de\/archiv-2021\/wp-content\/themes\/bienen\/assets\/images\/avatar-placeholder.png\" style=\"border-radius: 30px;\" height=\"30\" width=\"30\">\n            Villa Kunterbunt S\u00f6rup            <\/div>\n    \n    <p class=\"categories meta bienen-gewinner\"><span class=\"fa fa-trophy\"                                                              aria-hidden=\"true\"><\/span> Gewinner<\/p>\n            <p class=\"categories meta\" style=\"width: 100%\"><span class=\"fa fa-tag\"\n                                                             aria-hidden=\"true\"><\/span> Kita- und Kindergarteng\u00e4rten        <\/p>\n    \n            <p class=\"categories meta\" style=\"width: 100%\"><span class=\"fa fa-map-marker\"\n                                                             aria-hidden=\"true\"><\/span> Schleswig-Holstein        <\/p>\n    \n<\/article>\n   \n\t\t\n          <article id=\"post-41590\" class=\"et_pb_post post-41590 wtwfb_entry type-wtwfb_entry status-publish has-post-thumbnail hentry wtwfb_category-schul-und-jugendclub-gaerten wtwfb_region-rheinland-pfalz\">\n    <h2 class=\"entry-title\"><a href=\"https:\/\/wettbewerb-archiv.wir-tun-was-fuer-bienen.de\/archiv-2021\/eintrag\/grundschule-gimmeldungen\/\">Grundschule Gimmeldingen<\/a>\n    <\/h2>\n    <a href=\"https:\/\/wettbewerb-archiv.wir-tun-was-fuer-bienen.de\/archiv-2021\/eintrag\/grundschule-gimmeldungen\/\">\n        <div class=\"bienen-entry-image\">\n            <img decoding=\"async\" width=\"400\" height=\"300\" src=\"https:\/\/wettbewerb-archiv.wir-tun-was-fuer-bienen.de\/archiv-2021\/wp-content\/uploads\/sites\/3\/2021\/05\/Anschreiben-1-400x300.jpg\" class=\"attachment-bienen-grid-thumb size-bienen-grid-thumb wp-post-image\" alt=\"\" loading=\"lazy\" \/>                    <\/div>\n    <\/a>\n\n    <div class=\"images-grid\"><span><a href=\"https:\/\/wettbewerb-archiv.wir-tun-was-fuer-bienen.de\/archiv-2021\/eintrag\/grundschule-gimmeldungen\/\"><img decoding=\"async\" width=\"150\" height=\"150\" src=\"https:\/\/wettbewerb-archiv.wir-tun-was-fuer-bienen.de\/archiv-2021\/wp-content\/uploads\/sites\/3\/2021\/04\/IMG_3882-150x150.jpg\" class=\"attachment-thumbnail size-thumbnail\" alt=\"\" loading=\"lazy\" \/><\/a><\/span><span><a href=\"https:\/\/wettbewerb-archiv.wir-tun-was-fuer-bienen.de\/archiv-2021\/eintrag\/grundschule-gimmeldungen\/\"><img decoding=\"async\" width=\"150\" height=\"150\" src=\"https:\/\/wettbewerb-archiv.wir-tun-was-fuer-bienen.de\/archiv-2021\/wp-content\/uploads\/sites\/3\/2021\/04\/IMG_6032-150x150.jpg\" class=\"attachment-thumbnail size-thumbnail\" alt=\"\" loading=\"lazy\" \/><\/a><\/span><span><a href=\"https:\/\/wettbewerb-archiv.wir-tun-was-fuer-bienen.de\/archiv-2021\/eintrag\/grundschule-gimmeldungen\/\"><img decoding=\"async\" width=\"150\" height=\"150\" src=\"https:\/\/wettbewerb-archiv.wir-tun-was-fuer-bienen.de\/archiv-2021\/wp-content\/uploads\/sites\/3\/2021\/05\/00004IMG_00004_BURST1619761618719-150x150.jpg\" class=\"attachment-thumbnail size-thumbnail\" alt=\"\" loading=\"lazy\" \/><\/a><\/span><span><a href=\"https:\/\/wettbewerb-archiv.wir-tun-was-fuer-bienen.de\/archiv-2021\/eintrag\/grundschule-gimmeldungen\/\"><img decoding=\"async\" width=\"150\" height=\"150\" src=\"https:\/\/wettbewerb-archiv.wir-tun-was-fuer-bienen.de\/archiv-2021\/wp-content\/uploads\/sites\/3\/2021\/05\/IMG_20210430_120938784-150x150.jpg\" class=\"attachment-thumbnail size-thumbnail\" alt=\"\" loading=\"lazy\" \/><\/a><\/span><\/div>\n\n    <div class=\"user flex\">\n        \n                    <img decoding=\"async\" src=\"https:\/\/wettbewerb-archiv.wir-tun-was-fuer-bienen.de\/archiv-2021\/wp-content\/themes\/bienen\/assets\/images\/avatar-placeholder.png\" style=\"border-radius: 30px;\" height=\"30\" width=\"30\">\n            Grundschule Gimmeldingen            <\/div>\n    \n    <p class=\"categories meta bienen-gewinner\"><span class=\"fa fa-trophy\"                                                              aria-hidden=\"true\"><\/span> Gewinner<\/p>\n            <p class=\"categories meta\" style=\"width: 100%\"><span class=\"fa fa-tag\"\n                                                             aria-hidden=\"true\"><\/span> Schul- und Jugendclub-G\u00e4rten        <\/p>\n    \n            <p class=\"categories meta\" style=\"width: 100%\"><span class=\"fa fa-map-marker\"\n                                                             aria-hidden=\"true\"><\/span> Rheinland-Pfalz        <\/p>\n    \n<\/article>\n   \n\t\t\n          <article id=\"post-41582\" class=\"et_pb_post post-41582 wtwfb_entry type-wtwfb_entry status-publish has-post-thumbnail hentry wtwfb_category-firmen-institutions-und-vereinsgaerten wtwfb_region-niedersachsen\">\n    <h2 class=\"entry-title\"><a href=\"https:\/\/wettbewerb-archiv.wir-tun-was-fuer-bienen.de\/archiv-2021\/eintrag\/die-kinderfeuerwehr-kuemmert-sich\/\">Die Kinderfeuerwehr k\u00fcmmert sich<\/a>\n    <\/h2>\n    <a href=\"https:\/\/wettbewerb-archiv.wir-tun-was-fuer-bienen.de\/archiv-2021\/eintrag\/die-kinderfeuerwehr-kuemmert-sich\/\">\n        <div class=\"bienen-entry-image\">\n            <img decoding=\"async\" width=\"400\" height=\"300\" src=\"https:\/\/wettbewerb-archiv.wir-tun-was-fuer-bienen.de\/archiv-2021\/wp-content\/uploads\/sites\/3\/2021\/04\/AACB06D8-1554-4657-BF5E-21139DB8932F-400x300.jpeg\" class=\"attachment-bienen-grid-thumb size-bienen-grid-thumb wp-post-image\" alt=\"\" loading=\"lazy\" \/>                    <\/div>\n    <\/a>\n\n    <div class=\"images-grid\"><\/div>\n\n    <div class=\"user flex\">\n        \n                    <img decoding=\"async\" src=\"https:\/\/wettbewerb-archiv.wir-tun-was-fuer-bienen.de\/archiv-2021\/wp-content\/themes\/bienen\/assets\/images\/avatar-placeholder.png\" style=\"border-radius: 30px;\" height=\"30\" width=\"30\">\n            Franzi_NY            <\/div>\n    \n    \n            <p class=\"categories meta\" style=\"width: 100%\"><span class=\"fa fa-tag\"\n                                                             aria-hidden=\"true\"><\/span> Firmen-, Institutions- und Vereinsg\u00e4rten        <\/p>\n    \n            <p class=\"categories meta\" style=\"width: 100%\"><span class=\"fa fa-map-marker\"\n                                                             aria-hidden=\"true\"><\/span> Niedersachsen        <\/p>\n    \n<\/article>\n   \n\t\t\n          <article id=\"post-41550\" class=\"et_pb_post post-41550 wtwfb_entry type-wtwfb_entry status-publish has-post-thumbnail hentry wtwfb_category-kommunale-flaechen-parks-baumscheiben wtwfb_region-bayern\">\n    <h2 class=\"entry-title\"><a href=\"https:\/\/wettbewerb-archiv.wir-tun-was-fuer-bienen.de\/archiv-2021\/eintrag\/natuerliche-strukturen-fuer-artenreiches-insektenleben\/\">Nat\u00fcrliche Strukturen f\u00fcr Artenreiches Insektenleben<\/a>\n    <\/h2>\n    <a href=\"https:\/\/wettbewerb-archiv.wir-tun-was-fuer-bienen.de\/archiv-2021\/eintrag\/natuerliche-strukturen-fuer-artenreiches-insektenleben\/\">\n        <div class=\"bienen-entry-image\">\n            <img decoding=\"async\" width=\"400\" height=\"283\" src=\"https:\/\/wettbewerb-archiv.wir-tun-was-fuer-bienen.de\/archiv-2021\/wp-content\/uploads\/sites\/3\/2021\/05\/2021-05-11-AKTUELLER-PLAN-AKTIONSFLAeCHE-pdf.jpg\" class=\"attachment-bienen-grid-thumb size-bienen-grid-thumb wp-post-image\" alt=\"\" loading=\"lazy\" \/>                    <\/div>\n    <\/a>\n\n    <div class=\"images-grid\"><span><a href=\"https:\/\/wettbewerb-archiv.wir-tun-was-fuer-bienen.de\/archiv-2021\/eintrag\/natuerliche-strukturen-fuer-artenreiches-insektenleben\/\"><img decoding=\"async\" width=\"150\" height=\"150\" src=\"https:\/\/wettbewerb-archiv.wir-tun-was-fuer-bienen.de\/archiv-2021\/wp-content\/uploads\/sites\/3\/2021\/04\/DSCN0993-150x150.jpg\" class=\"attachment-thumbnail size-thumbnail\" alt=\"\" loading=\"lazy\" \/><\/a><\/span><span><a href=\"https:\/\/wettbewerb-archiv.wir-tun-was-fuer-bienen.de\/archiv-2021\/eintrag\/natuerliche-strukturen-fuer-artenreiches-insektenleben\/\"><img decoding=\"async\" width=\"150\" height=\"150\" src=\"https:\/\/wettbewerb-archiv.wir-tun-was-fuer-bienen.de\/archiv-2021\/wp-content\/uploads\/sites\/3\/2021\/04\/DSCN0996-150x150.jpg\" class=\"attachment-thumbnail size-thumbnail\" alt=\"\" loading=\"lazy\" \/><\/a><\/span><span><a href=\"https:\/\/wettbewerb-archiv.wir-tun-was-fuer-bienen.de\/archiv-2021\/eintrag\/natuerliche-strukturen-fuer-artenreiches-insektenleben\/\"><img decoding=\"async\" width=\"150\" height=\"150\" src=\"https:\/\/wettbewerb-archiv.wir-tun-was-fuer-bienen.de\/archiv-2021\/wp-content\/uploads\/sites\/3\/2021\/04\/DSCN1022-150x150.jpg\" class=\"attachment-thumbnail size-thumbnail\" alt=\"\" loading=\"lazy\" \/><\/a><\/span><span><a href=\"https:\/\/wettbewerb-archiv.wir-tun-was-fuer-bienen.de\/archiv-2021\/eintrag\/natuerliche-strukturen-fuer-artenreiches-insektenleben\/\"><img decoding=\"async\" width=\"150\" height=\"150\" src=\"https:\/\/wettbewerb-archiv.wir-tun-was-fuer-bienen.de\/archiv-2021\/wp-content\/uploads\/sites\/3\/2021\/04\/DSCN1027-150x150.jpg\" class=\"attachment-thumbnail size-thumbnail\" alt=\"\" loading=\"lazy\" \/><\/a><\/span><\/div>\n\n    <div class=\"user flex\">\n        \n                    <img decoding=\"async\" src=\"https:\/\/wettbewerb-archiv.wir-tun-was-fuer-bienen.de\/archiv-2021\/wp-content\/themes\/bienen\/assets\/images\/avatar-placeholder.png\" style=\"border-radius: 30px;\" height=\"30\" width=\"30\">\n            Mut zu Natur in der Stadt Karlstadt            <\/div>\n    \n    <p class=\"categories meta bienen-gewinner\"><span class=\"fa fa-trophy\"                                                              aria-hidden=\"true\"><\/span> Gewinner<\/p>\n            <p class=\"categories meta\" style=\"width: 100%\"><span class=\"fa fa-tag\"\n                                                             aria-hidden=\"true\"><\/span> Kommunale Fl\u00e4chen, Parks, Baumscheiben        <\/p>\n    \n            <p class=\"categories meta\" style=\"width: 100%\"><span class=\"fa fa-map-marker\"\n                                                             aria-hidden=\"true\"><\/span> Bayern        <\/p>\n    \n<\/article>\n   \n\t\t\n          <article id=\"post-41543\" class=\"et_pb_post post-41543 wtwfb_entry type-wtwfb_entry status-publish has-post-thumbnail hentry wtwfb_category-balkone-terrassen-dachbegruenung-vertikale-gaerten wtwfb_region-rheinland-pfalz\">\n    <h2 class=\"entry-title\"><a href=\"https:\/\/wettbewerb-archiv.wir-tun-was-fuer-bienen.de\/archiv-2021\/eintrag\/kraeuterkasten\/\">Kr\u00e4uterkasten<\/a>\n    <\/h2>\n    <a href=\"https:\/\/wettbewerb-archiv.wir-tun-was-fuer-bienen.de\/archiv-2021\/eintrag\/kraeuterkasten\/\">\n        <div class=\"bienen-entry-image\">\n            <img decoding=\"async\" width=\"400\" height=\"300\" src=\"https:\/\/wettbewerb-archiv.wir-tun-was-fuer-bienen.de\/archiv-2021\/wp-content\/uploads\/sites\/3\/2021\/04\/20210404_195617-400x300.jpg\" class=\"attachment-bienen-grid-thumb size-bienen-grid-thumb wp-post-image\" alt=\"\" loading=\"lazy\" \/>                    <\/div>\n    <\/a>\n\n    <div class=\"images-grid\"><\/div>\n\n    <div class=\"user flex\">\n        \n                    <img decoding=\"async\" src=\"https:\/\/wettbewerb-archiv.wir-tun-was-fuer-bienen.de\/archiv-2021\/wp-content\/themes\/bienen\/assets\/images\/avatar-placeholder.png\" style=\"border-radius: 30px;\" height=\"30\" width=\"30\">\n            Kr\u00e4uterkasten            <\/div>\n    \n    \n            <p class=\"categories meta\" style=\"width: 100%\"><span class=\"fa fa-tag\"\n                                                             aria-hidden=\"true\"><\/span> Balkone, Terrassen, Dachbegr\u00fcnung, vertikale G\u00e4rten        <\/p>\n    \n            <p class=\"categories meta\" style=\"width: 100%\"><span class=\"fa fa-map-marker\"\n                                                             aria-hidden=\"true\"><\/span> Rheinland-Pfalz        <\/p>\n    \n<\/article>\n   \n\t\t\n          <article id=\"post-41535\" class=\"et_pb_post post-41535 wtwfb_entry type-wtwfb_entry status-publish has-post-thumbnail hentry wtwfb_category-kommunale-flaechen-parks-baumscheiben wtwfb_region-niedersachsen\">\n    <h2 class=\"entry-title\"><a href=\"https:\/\/wettbewerb-archiv.wir-tun-was-fuer-bienen.de\/archiv-2021\/eintrag\/ein-kurpark-fuer-die-bienen\/\">Ein Kurpark f\u00fcr die Bienen<\/a>\n    <\/h2>\n    <a href=\"https:\/\/wettbewerb-archiv.wir-tun-was-fuer-bienen.de\/archiv-2021\/eintrag\/ein-kurpark-fuer-die-bienen\/\">\n        <div class=\"bienen-entry-image\">\n            <img decoding=\"async\" width=\"400\" height=\"300\" src=\"https:\/\/wettbewerb-archiv.wir-tun-was-fuer-bienen.de\/archiv-2021\/wp-content\/uploads\/sites\/3\/2021\/06\/20210608_145505-400x300.jpg\" class=\"attachment-bienen-grid-thumb size-bienen-grid-thumb wp-post-image\" alt=\"\" loading=\"lazy\" \/>                    <\/div>\n    <\/a>\n\n    <div class=\"images-grid\"><span><a href=\"https:\/\/wettbewerb-archiv.wir-tun-was-fuer-bienen.de\/archiv-2021\/eintrag\/ein-kurpark-fuer-die-bienen\/\"><img decoding=\"async\" width=\"150\" height=\"150\" src=\"https:\/\/wettbewerb-archiv.wir-tun-was-fuer-bienen.de\/archiv-2021\/wp-content\/uploads\/sites\/3\/2021\/05\/20210518_104402-150x150.jpg\" class=\"attachment-thumbnail size-thumbnail\" alt=\"\" loading=\"lazy\" \/><\/a><\/span><span><a href=\"https:\/\/wettbewerb-archiv.wir-tun-was-fuer-bienen.de\/archiv-2021\/eintrag\/ein-kurpark-fuer-die-bienen\/\"><img decoding=\"async\" width=\"150\" height=\"150\" src=\"https:\/\/wettbewerb-archiv.wir-tun-was-fuer-bienen.de\/archiv-2021\/wp-content\/uploads\/sites\/3\/2021\/05\/20210518_104231-150x150.jpg\" class=\"attachment-thumbnail size-thumbnail\" alt=\"\" loading=\"lazy\" \/><\/a><\/span><span><a href=\"https:\/\/wettbewerb-archiv.wir-tun-was-fuer-bienen.de\/archiv-2021\/eintrag\/ein-kurpark-fuer-die-bienen\/\"><img decoding=\"async\" width=\"150\" height=\"150\" src=\"https:\/\/wettbewerb-archiv.wir-tun-was-fuer-bienen.de\/archiv-2021\/wp-content\/uploads\/sites\/3\/2021\/05\/20210518_104411-150x150.jpg\" class=\"attachment-thumbnail size-thumbnail\" alt=\"\" loading=\"lazy\" \/><\/a><\/span><span><a href=\"https:\/\/wettbewerb-archiv.wir-tun-was-fuer-bienen.de\/archiv-2021\/eintrag\/ein-kurpark-fuer-die-bienen\/\"><img decoding=\"async\" width=\"150\" height=\"150\" src=\"https:\/\/wettbewerb-archiv.wir-tun-was-fuer-bienen.de\/archiv-2021\/wp-content\/uploads\/sites\/3\/2021\/05\/20210518_104332-150x150.jpg\" class=\"attachment-thumbnail size-thumbnail\" alt=\"\" loading=\"lazy\" \/><\/a><\/span><\/div>\n\n    <div class=\"user flex\">\n        \n                    <img decoding=\"async\" src=\"https:\/\/wettbewerb-archiv.wir-tun-was-fuer-bienen.de\/archiv-2021\/wp-content\/themes\/bienen\/assets\/images\/avatar-placeholder.png\" style=\"border-radius: 30px;\" height=\"30\" width=\"30\">\n            Nieders\u00e4chs. Staatsbad Pyrmont Betriebsges. mbH            <\/div>\n    \n    <p class=\"categories meta bienen-gewinner\"><span class=\"fa fa-trophy\"                                                              aria-hidden=\"true\"><\/span> Gewinner<\/p>\n            <p class=\"categories meta\" style=\"width: 100%\"><span class=\"fa fa-tag\"\n                                                             aria-hidden=\"true\"><\/span> Kommunale Fl\u00e4chen, Parks, Baumscheiben        <\/p>\n    \n            <p class=\"categories meta\" style=\"width: 100%\"><span class=\"fa fa-map-marker\"\n                                                             aria-hidden=\"true\"><\/span> Niedersachsen        <\/p>\n    \n<\/article>\n   \n\t\t\n          <article id=\"post-41445\" class=\"et_pb_post post-41445 wtwfb_entry type-wtwfb_entry status-publish has-post-thumbnail hentry wtwfb_category-privatgaerten-und-gaerten-von-mietwohnungen-groesser-500-quadratmeter wtwfb_region-saarland\">\n    <h2 class=\"entry-title\"><a href=\"https:\/\/wettbewerb-archiv.wir-tun-was-fuer-bienen.de\/archiv-2021\/eintrag\/die-bienen-lodge\/\">Die Bienen-Lodge<\/a>\n    <\/h2>\n    <a href=\"https:\/\/wettbewerb-archiv.wir-tun-was-fuer-bienen.de\/archiv-2021\/eintrag\/die-bienen-lodge\/\">\n        <div class=\"bienen-entry-image\">\n            <img decoding=\"async\" width=\"400\" height=\"300\" src=\"https:\/\/wettbewerb-archiv.wir-tun-was-fuer-bienen.de\/archiv-2021\/wp-content\/uploads\/sites\/3\/2021\/07\/Composition1-400x300.jpg\" class=\"attachment-bienen-grid-thumb size-bienen-grid-thumb wp-post-image\" alt=\"\" loading=\"lazy\" \/>                    <\/div>\n    <\/a>\n\n    <div class=\"images-grid\"><span><a href=\"https:\/\/wettbewerb-archiv.wir-tun-was-fuer-bienen.de\/archiv-2021\/eintrag\/die-bienen-lodge\/\"><img decoding=\"async\" width=\"150\" height=\"150\" src=\"https:\/\/wettbewerb-archiv.wir-tun-was-fuer-bienen.de\/archiv-2021\/wp-content\/uploads\/sites\/3\/2021\/07\/Team3-1-150x150.jpeg\" class=\"attachment-thumbnail size-thumbnail\" alt=\"\" loading=\"lazy\" \/><\/a><\/span><span><a href=\"https:\/\/wettbewerb-archiv.wir-tun-was-fuer-bienen.de\/archiv-2021\/eintrag\/die-bienen-lodge\/\"><img decoding=\"async\" width=\"150\" height=\"150\" src=\"https:\/\/wettbewerb-archiv.wir-tun-was-fuer-bienen.de\/archiv-2021\/wp-content\/uploads\/sites\/3\/2021\/04\/Aktionsfoto_Sandlinse-2-150x150.jpeg\" class=\"attachment-thumbnail size-thumbnail\" alt=\"\" loading=\"lazy\" \/><\/a><\/span><span><a href=\"https:\/\/wettbewerb-archiv.wir-tun-was-fuer-bienen.de\/archiv-2021\/eintrag\/die-bienen-lodge\/\"><img decoding=\"async\" width=\"150\" height=\"150\" src=\"https:\/\/wettbewerb-archiv.wir-tun-was-fuer-bienen.de\/archiv-2021\/wp-content\/uploads\/sites\/3\/2021\/04\/Aktionsfoto_Teich-1-150x150.jpeg\" class=\"attachment-thumbnail size-thumbnail\" alt=\"\" loading=\"lazy\" \/><\/a><\/span><span><a href=\"https:\/\/wettbewerb-archiv.wir-tun-was-fuer-bienen.de\/archiv-2021\/eintrag\/die-bienen-lodge\/\"><img decoding=\"async\" width=\"150\" height=\"150\" src=\"https:\/\/wettbewerb-archiv.wir-tun-was-fuer-bienen.de\/archiv-2021\/wp-content\/uploads\/sites\/3\/2021\/07\/Teichbepflanzung-150x150.jpeg\" class=\"attachment-thumbnail size-thumbnail\" alt=\"\" loading=\"lazy\" \/><\/a><\/span><\/div>\n\n    <div class=\"user flex\">\n        \n                    <img decoding=\"async\" src=\"https:\/\/wettbewerb-archiv.wir-tun-was-fuer-bienen.de\/archiv-2021\/wp-content\/themes\/bienen\/assets\/images\/avatar-placeholder.png\" style=\"border-radius: 30px;\" height=\"30\" width=\"30\">\n            Familie Feuerstein            <\/div>\n    \n    <p class=\"categories meta bienen-gewinner\"><span class=\"fa fa-trophy\"                                                              aria-hidden=\"true\"><\/span> Gewinner<\/p>\n            <p class=\"categories meta\" style=\"width: 100%\"><span class=\"fa fa-tag\"\n                                                             aria-hidden=\"true\"><\/span> Privatg\u00e4rten und G\u00e4rten von Mietwohnungen (gr\u00f6\u00dfer als 500 Quadratmeter)        <\/p>\n    \n            <p class=\"categories meta\" style=\"width: 100%\"><span class=\"fa fa-map-marker\"\n                                                             aria-hidden=\"true\"><\/span> Saarland        <\/p>\n    \n<\/article>\n   \n\t\t\n          <article id=\"post-41368\" class=\"et_pb_post post-41368 wtwfb_entry type-wtwfb_entry status-publish has-post-thumbnail hentry wtwfb_category-privatgaerten-und-gaerten-von-mietwohnungen-kleiner-500-quadratmeter wtwfb_region-brandenburg\">\n    <h2 class=\"entry-title\"><a href=\"https:\/\/wettbewerb-archiv.wir-tun-was-fuer-bienen.de\/archiv-2021\/eintrag\/obst-und-gemuesegartengestaltung\/\">Obst und Gem\u00fcsegartengestaltung<\/a>\n    <\/h2>\n    <a href=\"https:\/\/wettbewerb-archiv.wir-tun-was-fuer-bienen.de\/archiv-2021\/eintrag\/obst-und-gemuesegartengestaltung\/\">\n        <div class=\"bienen-entry-image\">\n            <img decoding=\"async\" width=\"400\" height=\"300\" src=\"https:\/\/wettbewerb-archiv.wir-tun-was-fuer-bienen.de\/archiv-2021\/wp-content\/uploads\/sites\/3\/2021\/04\/20210410_093941-400x300.jpg\" class=\"attachment-bienen-grid-thumb size-bienen-grid-thumb wp-post-image\" alt=\"\" loading=\"lazy\" \/>                    <\/div>\n    <\/a>\n\n    <div class=\"images-grid\"><span><a href=\"https:\/\/wettbewerb-archiv.wir-tun-was-fuer-bienen.de\/archiv-2021\/eintrag\/obst-und-gemuesegartengestaltung\/\"><img decoding=\"async\" width=\"150\" height=\"150\" src=\"https:\/\/wettbewerb-archiv.wir-tun-was-fuer-bienen.de\/archiv-2021\/wp-content\/uploads\/sites\/3\/2021\/04\/20210410_093948-1-150x150.jpg\" class=\"attachment-thumbnail size-thumbnail\" alt=\"\" loading=\"lazy\" \/><\/a><\/span><\/div>\n\n    <div class=\"user flex\">\n        \n                    <img decoding=\"async\" src=\"https:\/\/wettbewerb-archiv.wir-tun-was-fuer-bienen.de\/archiv-2021\/wp-content\/themes\/bienen\/assets\/images\/avatar-placeholder.png\" style=\"border-radius: 30px;\" height=\"30\" width=\"30\">\n            Kerstin            <\/div>\n    \n    <p class=\"categories meta bienen-gewinner\"><span class=\"fa fa-trophy\"                                                              aria-hidden=\"true\"><\/span> Gewinner<\/p>\n            <p class=\"categories meta\" style=\"width: 100%\"><span class=\"fa fa-tag\"\n                                                             aria-hidden=\"true\"><\/span> Privatg\u00e4rten und G\u00e4rten von Mietwohnungen (kleiner als 500 Quadratmeter)        <\/p>\n    \n            <p class=\"categories meta\" style=\"width: 100%\"><span class=\"fa fa-map-marker\"\n                                                             aria-hidden=\"true\"><\/span> Brandenburg        <\/p>\n    \n<\/article>\n   \n\t\t\n          <article id=\"post-41346\" class=\"et_pb_post post-41346 wtwfb_entry type-wtwfb_entry status-publish has-post-thumbnail hentry wtwfb_category-privatgaerten-und-gaerten-von-mietwohnungen-groesser-500-quadratmeter wtwfb_region-nordrhein-westfalen\">\n    <h2 class=\"entry-title\"><a href=\"https:\/\/wettbewerb-archiv.wir-tun-was-fuer-bienen.de\/archiv-2021\/eintrag\/sanctuary-to-thank-god\/\">Moonlight Garten<\/a>\n    <\/h2>\n    <a href=\"https:\/\/wettbewerb-archiv.wir-tun-was-fuer-bienen.de\/archiv-2021\/eintrag\/sanctuary-to-thank-god\/\">\n        <div class=\"bienen-entry-image\">\n            <img decoding=\"async\" width=\"400\" height=\"300\" src=\"https:\/\/wettbewerb-archiv.wir-tun-was-fuer-bienen.de\/archiv-2021\/wp-content\/uploads\/sites\/3\/2021\/04\/B59E0AC2-A598-4D60-829A-D65CD9B7BD28-400x300.jpeg\" class=\"attachment-bienen-grid-thumb size-bienen-grid-thumb wp-post-image\" alt=\"\" loading=\"lazy\" \/>                    <\/div>\n    <\/a>\n\n    <div class=\"images-grid\"><span><a href=\"https:\/\/wettbewerb-archiv.wir-tun-was-fuer-bienen.de\/archiv-2021\/eintrag\/sanctuary-to-thank-god\/\"><img decoding=\"async\" width=\"150\" height=\"150\" src=\"https:\/\/wettbewerb-archiv.wir-tun-was-fuer-bienen.de\/archiv-2021\/wp-content\/uploads\/sites\/3\/2021\/04\/C1B0CCE9-25FE-4EC5-8E6F-611DB9921B02-150x150.jpeg\" class=\"attachment-thumbnail size-thumbnail\" alt=\"\" loading=\"lazy\" \/><\/a><\/span><span><a href=\"https:\/\/wettbewerb-archiv.wir-tun-was-fuer-bienen.de\/archiv-2021\/eintrag\/sanctuary-to-thank-god\/\"><img decoding=\"async\" width=\"150\" height=\"150\" src=\"https:\/\/wettbewerb-archiv.wir-tun-was-fuer-bienen.de\/archiv-2021\/wp-content\/uploads\/sites\/3\/2021\/04\/CDA39CEF-F364-4FED-8E29-CF1C09528DE1-150x150.jpeg\" class=\"attachment-thumbnail size-thumbnail\" alt=\"\" loading=\"lazy\" \/><\/a><\/span><span><a href=\"https:\/\/wettbewerb-archiv.wir-tun-was-fuer-bienen.de\/archiv-2021\/eintrag\/sanctuary-to-thank-god\/\"><img decoding=\"async\" width=\"150\" height=\"150\" src=\"https:\/\/wettbewerb-archiv.wir-tun-was-fuer-bienen.de\/archiv-2021\/wp-content\/uploads\/sites\/3\/2021\/04\/5D446221-8BC2-43BF-BD59-ABA6C5B3E525-150x150.jpeg\" class=\"attachment-thumbnail size-thumbnail\" alt=\"\" loading=\"lazy\" \/><\/a><\/span><span><a href=\"https:\/\/wettbewerb-archiv.wir-tun-was-fuer-bienen.de\/archiv-2021\/eintrag\/sanctuary-to-thank-god\/\"><img decoding=\"async\" width=\"150\" height=\"150\" src=\"https:\/\/wettbewerb-archiv.wir-tun-was-fuer-bienen.de\/archiv-2021\/wp-content\/uploads\/sites\/3\/2021\/04\/F7CA2B9B-5B54-4412-826D-0EE0CE066881-150x150.jpeg\" class=\"attachment-thumbnail size-thumbnail\" alt=\"\" loading=\"lazy\" \/><\/a><\/span><\/div>\n\n    <div class=\"user flex\">\n        \n                    <img decoding=\"async\" src=\"https:\/\/wettbewerb-archiv.wir-tun-was-fuer-bienen.de\/archiv-2021\/wp-content\/themes\/bienen\/assets\/images\/avatar-placeholder.png\" style=\"border-radius: 30px;\" height=\"30\" width=\"30\">\n            Zelda            <\/div>\n    \n    \n            <p class=\"categories meta\" style=\"width: 100%\"><span class=\"fa fa-tag\"\n                                                             aria-hidden=\"true\"><\/span> Privatg\u00e4rten und G\u00e4rten von Mietwohnungen (gr\u00f6\u00dfer als 500 Quadratmeter)        <\/p>\n    \n            <p class=\"categories meta\" style=\"width: 100%\"><span class=\"fa fa-map-marker\"\n                                                             aria-hidden=\"true\"><\/span> Nordrhein-Westfalen        <\/p>\n    \n<\/article>\n   \n\t\t\n          <article id=\"post-41310\" class=\"et_pb_post post-41310 wtwfb_entry type-wtwfb_entry status-publish has-post-thumbnail hentry wtwfb_category-kommunale-flaechen-parks-baumscheiben wtwfb_region-berlin\">\n    <h2 class=\"entry-title\"><a href=\"https:\/\/wettbewerb-archiv.wir-tun-was-fuer-bienen.de\/archiv-2021\/eintrag\/platz-der-hoffnung-%e5%b8%8c%e6%9c%9b%e5%ba%83%e5%a0%b4-berlin-reloaded\/\">Platz der Hoffnung &#8211; \u5e0c\u671b\u5e83\u5834 Berlin  &#8222;reloaded&#8220;<\/a>\n    <\/h2>\n    <a href=\"https:\/\/wettbewerb-archiv.wir-tun-was-fuer-bienen.de\/archiv-2021\/eintrag\/platz-der-hoffnung-%e5%b8%8c%e6%9c%9b%e5%ba%83%e5%a0%b4-berlin-reloaded\/\">\n        <div class=\"bienen-entry-image\">\n            <img decoding=\"async\" width=\"400\" height=\"300\" src=\"https:\/\/wettbewerb-archiv.wir-tun-was-fuer-bienen.de\/archiv-2021\/wp-content\/uploads\/sites\/3\/2021\/05\/platzderhoffnungmitdergrenze-400x300.jpg\" class=\"attachment-bienen-grid-thumb size-bienen-grid-thumb wp-post-image\" alt=\"\" loading=\"lazy\" \/>                    <\/div>\n    <\/a>\n\n    <div class=\"images-grid\"><span><a href=\"https:\/\/wettbewerb-archiv.wir-tun-was-fuer-bienen.de\/archiv-2021\/eintrag\/platz-der-hoffnung-%e5%b8%8c%e6%9c%9b%e5%ba%83%e5%a0%b4-berlin-reloaded\/\"><img decoding=\"async\" width=\"150\" height=\"150\" src=\"https:\/\/wettbewerb-archiv.wir-tun-was-fuer-bienen.de\/archiv-2021\/wp-content\/uploads\/sites\/3\/2021\/05\/vorbereitung1-150x150.jpg\" class=\"attachment-thumbnail size-thumbnail\" alt=\"\" loading=\"lazy\" \/><\/a><\/span><span><a href=\"https:\/\/wettbewerb-archiv.wir-tun-was-fuer-bienen.de\/archiv-2021\/eintrag\/platz-der-hoffnung-%e5%b8%8c%e6%9c%9b%e5%ba%83%e5%a0%b4-berlin-reloaded\/\"><img decoding=\"async\" width=\"150\" height=\"150\" src=\"https:\/\/wettbewerb-archiv.wir-tun-was-fuer-bienen.de\/archiv-2021\/wp-content\/uploads\/sites\/3\/2021\/05\/vorbereitung2-150x150.jpg\" class=\"attachment-thumbnail size-thumbnail\" alt=\"\" loading=\"lazy\" \/><\/a><\/span><span><a href=\"https:\/\/wettbewerb-archiv.wir-tun-was-fuer-bienen.de\/archiv-2021\/eintrag\/platz-der-hoffnung-%e5%b8%8c%e6%9c%9b%e5%ba%83%e5%a0%b4-berlin-reloaded\/\"><img decoding=\"async\" width=\"150\" height=\"150\" src=\"https:\/\/wettbewerb-archiv.wir-tun-was-fuer-bienen.de\/archiv-2021\/wp-content\/uploads\/sites\/3\/2021\/05\/vorbereitung3-150x150.jpg\" class=\"attachment-thumbnail size-thumbnail\" alt=\"\" loading=\"lazy\" \/><\/a><\/span><span><a href=\"https:\/\/wettbewerb-archiv.wir-tun-was-fuer-bienen.de\/archiv-2021\/eintrag\/platz-der-hoffnung-%e5%b8%8c%e6%9c%9b%e5%ba%83%e5%a0%b4-berlin-reloaded\/\"><img decoding=\"async\" width=\"150\" height=\"150\" src=\"https:\/\/wettbewerb-archiv.wir-tun-was-fuer-bienen.de\/archiv-2021\/wp-content\/uploads\/sites\/3\/2021\/05\/DSCN9607-150x150.jpg\" class=\"attachment-thumbnail size-thumbnail\" alt=\"\" loading=\"lazy\" \/><\/a><\/span><\/div>\n\n    <div class=\"user flex\">\n        \n                    <img decoding=\"async\" src=\"https:\/\/wettbewerb-archiv.wir-tun-was-fuer-bienen.de\/archiv-2021\/wp-content\/themes\/bienen\/assets\/images\/avatar-placeholder.png\" style=\"border-radius: 30px;\" height=\"30\" width=\"30\">\n            zoran24            <\/div>\n    \n    \n            <p class=\"categories meta\" style=\"width: 100%\"><span class=\"fa fa-tag\"\n                                                             aria-hidden=\"true\"><\/span> Kommunale Fl\u00e4chen, Parks, Baumscheiben        <\/p>\n    \n            <p class=\"categories meta\" style=\"width: 100%\"><span class=\"fa fa-map-marker\"\n                                                             aria-hidden=\"true\"><\/span> Berlin        <\/p>\n    \n<\/article>\n   \n\t\t\n          <article id=\"post-41274\" class=\"et_pb_post post-41274 wtwfb_entry type-wtwfb_entry status-publish has-post-thumbnail hentry wtwfb_category-kleingartenwesen-parzellen-und-gemeinschaftsgaerten wtwfb_region-baden-wuerttemberg\">\n    <h2 class=\"entry-title\"><a href=\"https:\/\/wettbewerb-archiv.wir-tun-was-fuer-bienen.de\/archiv-2021\/eintrag\/hortus-bubo-parzelle-11-laube-am-see-die-familienparzelle\/\">Die Familienparzelle &#8211; ein Versprechen an die Zukunft!<\/a>\n    <\/h2>\n    <a href=\"https:\/\/wettbewerb-archiv.wir-tun-was-fuer-bienen.de\/archiv-2021\/eintrag\/hortus-bubo-parzelle-11-laube-am-see-die-familienparzelle\/\">\n        <div class=\"bienen-entry-image\">\n            <img decoding=\"async\" width=\"400\" height=\"300\" src=\"https:\/\/wettbewerb-archiv.wir-tun-was-fuer-bienen.de\/archiv-2021\/wp-content\/uploads\/sites\/3\/2021\/04\/Laubenansicht-400x300.jpg\" class=\"attachment-bienen-grid-thumb size-bienen-grid-thumb wp-post-image\" alt=\"\" loading=\"lazy\" \/>                    <\/div>\n    <\/a>\n\n    <div class=\"images-grid\"><span><a href=\"https:\/\/wettbewerb-archiv.wir-tun-was-fuer-bienen.de\/archiv-2021\/eintrag\/hortus-bubo-parzelle-11-laube-am-see-die-familienparzelle\/\"><img decoding=\"async\" width=\"150\" height=\"150\" src=\"https:\/\/wettbewerb-archiv.wir-tun-was-fuer-bienen.de\/archiv-2021\/wp-content\/uploads\/sites\/3\/2021\/04\/0A2C42B5-8F79-4F7C-9403-C57763F72A1E-150x150.jpg\" class=\"attachment-thumbnail size-thumbnail\" alt=\"\" loading=\"lazy\" \/><\/a><\/span><span><a href=\"https:\/\/wettbewerb-archiv.wir-tun-was-fuer-bienen.de\/archiv-2021\/eintrag\/hortus-bubo-parzelle-11-laube-am-see-die-familienparzelle\/\"><img decoding=\"async\" width=\"150\" height=\"150\" src=\"https:\/\/wettbewerb-archiv.wir-tun-was-fuer-bienen.de\/archiv-2021\/wp-content\/uploads\/sites\/3\/2021\/04\/30DB136D-827E-4C63-804C-2F6D4F658474-150x150.jpg\" class=\"attachment-thumbnail size-thumbnail\" alt=\"\" loading=\"lazy\" \/><\/a><\/span><span><a href=\"https:\/\/wettbewerb-archiv.wir-tun-was-fuer-bienen.de\/archiv-2021\/eintrag\/hortus-bubo-parzelle-11-laube-am-see-die-familienparzelle\/\"><img decoding=\"async\" width=\"150\" height=\"150\" src=\"https:\/\/wettbewerb-archiv.wir-tun-was-fuer-bienen.de\/archiv-2021\/wp-content\/uploads\/sites\/3\/2021\/04\/IMG_0268-150x150.jpeg\" class=\"attachment-thumbnail size-thumbnail\" alt=\"\" loading=\"lazy\" \/><\/a><\/span><span><a href=\"https:\/\/wettbewerb-archiv.wir-tun-was-fuer-bienen.de\/archiv-2021\/eintrag\/hortus-bubo-parzelle-11-laube-am-see-die-familienparzelle\/\"><img decoding=\"async\" width=\"150\" height=\"150\" src=\"https:\/\/wettbewerb-archiv.wir-tun-was-fuer-bienen.de\/archiv-2021\/wp-content\/uploads\/sites\/3\/2021\/06\/bluehender-Kohl-150x150.jpg\" class=\"attachment-thumbnail size-thumbnail\" alt=\"\" loading=\"lazy\" \/><\/a><\/span><\/div>\n\n    <div class=\"user flex\">\n        \n                    <img decoding=\"async\" src=\"https:\/\/wettbewerb-archiv.wir-tun-was-fuer-bienen.de\/archiv-2021\/wp-content\/themes\/bienen\/assets\/images\/avatar-placeholder.png\" style=\"border-radius: 30px;\" height=\"30\" width=\"30\">\n            odiez            <\/div>\n    \n    <p class=\"categories meta bienen-gewinner\"><span class=\"fa fa-trophy\"                                                              aria-hidden=\"true\"><\/span> Gewinner<\/p>\n            <p class=\"categories meta\" style=\"width: 100%\"><span class=\"fa fa-tag\"\n                                                             aria-hidden=\"true\"><\/span> Kleingartenwesen: Parzellen und Gemeinschaftsg\u00e4rten        <\/p>\n    \n            <p class=\"categories meta\" style=\"width: 100%\"><span class=\"fa fa-map-marker\"\n                                                             aria-hidden=\"true\"><\/span> Baden-W\u00fcrttemberg        <\/p>\n    \n<\/article>\n   \n\t\t\n          <article id=\"post-41261\" class=\"et_pb_post post-41261 wtwfb_entry type-wtwfb_entry status-publish has-post-thumbnail hentry wtwfb_category-balkone-terrassen-dachbegruenung-vertikale-gaerten wtwfb_region-berlin\">\n    <h2 class=\"entry-title\"><a href=\"https:\/\/wettbewerb-archiv.wir-tun-was-fuer-bienen.de\/archiv-2021\/eintrag\/wenn-die-sonne-scheint-soll-auch-alles-andere-gluecklich-machen\/\">Bei Sonnenschein macht nur Gr\u00fcnes gl\u00fccklicher!<\/a>\n    <\/h2>\n    <a href=\"https:\/\/wettbewerb-archiv.wir-tun-was-fuer-bienen.de\/archiv-2021\/eintrag\/wenn-die-sonne-scheint-soll-auch-alles-andere-gluecklich-machen\/\">\n        <div class=\"bienen-entry-image\">\n            <img decoding=\"async\" width=\"400\" height=\"300\" src=\"https:\/\/wettbewerb-archiv.wir-tun-was-fuer-bienen.de\/archiv-2021\/wp-content\/uploads\/sites\/3\/2021\/07\/IMAGE-2021-07-20-113722-1-400x300.jpg\" class=\"attachment-bienen-grid-thumb size-bienen-grid-thumb wp-post-image\" alt=\"\" loading=\"lazy\" \/>                    <\/div>\n    <\/a>\n\n    <div class=\"images-grid\"><span><a href=\"https:\/\/wettbewerb-archiv.wir-tun-was-fuer-bienen.de\/archiv-2021\/eintrag\/wenn-die-sonne-scheint-soll-auch-alles-andere-gluecklich-machen\/\"><img decoding=\"async\" width=\"150\" height=\"150\" src=\"https:\/\/wettbewerb-archiv.wir-tun-was-fuer-bienen.de\/archiv-2021\/wp-content\/uploads\/sites\/3\/2021\/04\/IMAGE-2021-04-09-152808-150x150.jpg\" class=\"attachment-thumbnail size-thumbnail\" alt=\"\" loading=\"lazy\" \/><\/a><\/span><span><a href=\"https:\/\/wettbewerb-archiv.wir-tun-was-fuer-bienen.de\/archiv-2021\/eintrag\/wenn-die-sonne-scheint-soll-auch-alles-andere-gluecklich-machen\/\"><img decoding=\"async\" width=\"150\" height=\"150\" src=\"https:\/\/wettbewerb-archiv.wir-tun-was-fuer-bienen.de\/archiv-2021\/wp-content\/uploads\/sites\/3\/2021\/04\/IMAGE-2021-04-09-151644-150x150.jpg\" class=\"attachment-thumbnail size-thumbnail\" alt=\"\" loading=\"lazy\" \/><\/a><\/span><span><a href=\"https:\/\/wettbewerb-archiv.wir-tun-was-fuer-bienen.de\/archiv-2021\/eintrag\/wenn-die-sonne-scheint-soll-auch-alles-andere-gluecklich-machen\/\"><img decoding=\"async\" width=\"150\" height=\"150\" src=\"https:\/\/wettbewerb-archiv.wir-tun-was-fuer-bienen.de\/archiv-2021\/wp-content\/uploads\/sites\/3\/2021\/04\/IMAGE-2021-04-09-151645-150x150.jpg\" class=\"attachment-thumbnail size-thumbnail\" alt=\"\" loading=\"lazy\" \/><\/a><\/span><span><a href=\"https:\/\/wettbewerb-archiv.wir-tun-was-fuer-bienen.de\/archiv-2021\/eintrag\/wenn-die-sonne-scheint-soll-auch-alles-andere-gluecklich-machen\/\"><img decoding=\"async\" width=\"150\" height=\"150\" src=\"https:\/\/wettbewerb-archiv.wir-tun-was-fuer-bienen.de\/archiv-2021\/wp-content\/uploads\/sites\/3\/2021\/04\/IMAGE-2021-04-09-153357-150x150.jpg\" class=\"attachment-thumbnail size-thumbnail\" alt=\"\" loading=\"lazy\" \/><\/a><\/span><\/div>\n\n    <div class=\"user flex\">\n        \n                    <img decoding=\"async\" src=\"https:\/\/wettbewerb-archiv.wir-tun-was-fuer-bienen.de\/archiv-2021\/wp-content\/themes\/bienen\/assets\/images\/avatar-placeholder.png\" style=\"border-radius: 30px;\" height=\"30\" width=\"30\">\n            Dafazi auf Balkonsafai            <\/div>\n    \n    \n            <p class=\"categories meta\" style=\"width: 100%\"><span class=\"fa fa-tag\"\n                                                             aria-hidden=\"true\"><\/span> Balkone, Terrassen, Dachbegr\u00fcnung, vertikale G\u00e4rten        <\/p>\n    \n            <p class=\"categories meta\" style=\"width: 100%\"><span class=\"fa fa-map-marker\"\n                                                             aria-hidden=\"true\"><\/span> Berlin        <\/p>\n    \n<\/article>\n   \n\t\t\n          <article id=\"post-41258\" class=\"et_pb_post post-41258 wtwfb_entry type-wtwfb_entry status-publish has-post-thumbnail hentry wtwfb_category-firmen-institutions-und-vereinsgaerten wtwfb_region-baden-wuerttemberg\">\n    <h2 class=\"entry-title\"><a href=\"https:\/\/wettbewerb-archiv.wir-tun-was-fuer-bienen.de\/archiv-2021\/eintrag\/das-wilde-feld\/\">Das wilde Feld<\/a>\n    <\/h2>\n    <a href=\"https:\/\/wettbewerb-archiv.wir-tun-was-fuer-bienen.de\/archiv-2021\/eintrag\/das-wilde-feld\/\">\n        <div class=\"bienen-entry-image\">\n            <img decoding=\"async\" width=\"400\" height=\"300\" src=\"https:\/\/wettbewerb-archiv.wir-tun-was-fuer-bienen.de\/archiv-2021\/wp-content\/uploads\/sites\/3\/2021\/04\/IMG-20201210-WA0013-400x300.jpg\" class=\"attachment-bienen-grid-thumb size-bienen-grid-thumb wp-post-image\" alt=\"\" loading=\"lazy\" \/>                    <\/div>\n    <\/a>\n\n    <div class=\"images-grid\"><span><a href=\"https:\/\/wettbewerb-archiv.wir-tun-was-fuer-bienen.de\/archiv-2021\/eintrag\/das-wilde-feld\/\"><img decoding=\"async\" width=\"150\" height=\"150\" src=\"https:\/\/wettbewerb-archiv.wir-tun-was-fuer-bienen.de\/archiv-2021\/wp-content\/uploads\/sites\/3\/2021\/06\/IMAG3056-150x150.jpg\" class=\"attachment-thumbnail size-thumbnail\" alt=\"\" loading=\"lazy\" \/><\/a><\/span><span><a href=\"https:\/\/wettbewerb-archiv.wir-tun-was-fuer-bienen.de\/archiv-2021\/eintrag\/das-wilde-feld\/\"><img decoding=\"async\" width=\"150\" height=\"150\" src=\"https:\/\/wettbewerb-archiv.wir-tun-was-fuer-bienen.de\/archiv-2021\/wp-content\/uploads\/sites\/3\/2021\/06\/IMAG2611-150x150.jpg\" class=\"attachment-thumbnail size-thumbnail\" alt=\"\" loading=\"lazy\" \/><\/a><\/span><span><a href=\"https:\/\/wettbewerb-archiv.wir-tun-was-fuer-bienen.de\/archiv-2021\/eintrag\/das-wilde-feld\/\"><img decoding=\"async\" width=\"150\" height=\"150\" src=\"https:\/\/wettbewerb-archiv.wir-tun-was-fuer-bienen.de\/archiv-2021\/wp-content\/uploads\/sites\/3\/2021\/06\/IMG-20210417-WA0010-150x150.jpg\" class=\"attachment-thumbnail size-thumbnail\" alt=\"\" loading=\"lazy\" \/><\/a><\/span><span><a href=\"https:\/\/wettbewerb-archiv.wir-tun-was-fuer-bienen.de\/archiv-2021\/eintrag\/das-wilde-feld\/\"><img decoding=\"async\" width=\"150\" height=\"150\" src=\"https:\/\/wettbewerb-archiv.wir-tun-was-fuer-bienen.de\/archiv-2021\/wp-content\/uploads\/sites\/3\/2021\/07\/IMG-20201106-WA0002-150x150.jpg\" class=\"attachment-thumbnail size-thumbnail\" alt=\"\" loading=\"lazy\" \/><\/a><\/span><\/div>\n\n    <div class=\"user flex\">\n        \n                    <img decoding=\"async\" src=\"https:\/\/wettbewerb-archiv.wir-tun-was-fuer-bienen.de\/archiv-2021\/wp-content\/themes\/bienen\/assets\/images\/avatar-placeholder.png\" style=\"border-radius: 30px;\" height=\"30\" width=\"30\">\n            Das wilde Feld            <\/div>\n            <p class=\"categories meta\" style=\"color: #c32731; font-weight: bold; width: 100%\"><span class=\"fa fa-music\"\n                                                                                                aria-hidden=\"true\"><\/span> Extrapreis Musik\n            f\u00fcr Bienenschutz\n        <\/p>\n    \n    <p class=\"categories meta bienen-gewinner\"><span class=\"fa fa-trophy\"                                                              aria-hidden=\"true\"><\/span> Gewinner<\/p>\n            <p class=\"categories meta\" style=\"width: 100%\"><span class=\"fa fa-tag\"\n                                                             aria-hidden=\"true\"><\/span> Firmen-, Institutions- und Vereinsg\u00e4rten        <\/p>\n    \n            <p class=\"categories meta\" style=\"width: 100%\"><span class=\"fa fa-map-marker\"\n                                                             aria-hidden=\"true\"><\/span> Baden-W\u00fcrttemberg        <\/p>\n    \n<\/article>\n   \n\t\t\n          <article id=\"post-41247\" class=\"et_pb_post post-41247 wtwfb_entry type-wtwfb_entry status-publish has-post-thumbnail hentry wtwfb_category-kommunale-flaechen-parks-baumscheiben wtwfb_region-bayern\">\n    <h2 class=\"entry-title\"><a href=\"https:\/\/wettbewerb-archiv.wir-tun-was-fuer-bienen.de\/archiv-2021\/eintrag\/bogenbach-daemme-deggendorf-bluehende-flaechen-quer-durch-die-stadt\/\">Bogenbach-D\u00e4mme Deggendorf &#8211; bl\u00fchende Fl\u00e4chen ...<\/a>\n    <\/h2>\n    <a href=\"https:\/\/wettbewerb-archiv.wir-tun-was-fuer-bienen.de\/archiv-2021\/eintrag\/bogenbach-daemme-deggendorf-bluehende-flaechen-quer-durch-die-stadt\/\">\n        <div class=\"bienen-entry-image\">\n            <img decoding=\"async\" width=\"400\" height=\"300\" src=\"https:\/\/wettbewerb-archiv.wir-tun-was-fuer-bienen.de\/archiv-2021\/wp-content\/uploads\/sites\/3\/2021\/04\/Hauptbild-400x300.jpg\" class=\"attachment-bienen-grid-thumb size-bienen-grid-thumb wp-post-image\" alt=\"\" loading=\"lazy\" \/>                    <\/div>\n    <\/a>\n\n    <div class=\"images-grid\"><span><a href=\"https:\/\/wettbewerb-archiv.wir-tun-was-fuer-bienen.de\/archiv-2021\/eintrag\/bogenbach-daemme-deggendorf-bluehende-flaechen-quer-durch-die-stadt\/\"><img decoding=\"async\" width=\"150\" height=\"150\" src=\"https:\/\/wettbewerb-archiv.wir-tun-was-fuer-bienen.de\/archiv-2021\/wp-content\/uploads\/sites\/3\/2021\/06\/Salvia-granulata-02-150x150.jpg\" class=\"attachment-thumbnail size-thumbnail\" alt=\"\" loading=\"lazy\" \/><\/a><\/span><span><a href=\"https:\/\/wettbewerb-archiv.wir-tun-was-fuer-bienen.de\/archiv-2021\/eintrag\/bogenbach-daemme-deggendorf-bluehende-flaechen-quer-durch-die-stadt\/\"><img decoding=\"async\" width=\"150\" height=\"150\" src=\"https:\/\/wettbewerb-archiv.wir-tun-was-fuer-bienen.de\/archiv-2021\/wp-content\/uploads\/sites\/3\/2021\/07\/p1010010-150x150.jpg\" class=\"attachment-thumbnail size-thumbnail\" alt=\"\" loading=\"lazy\" \/><\/a><\/span><\/div>\n\n    <div class=\"user flex\">\n        \n                    <img decoding=\"async\" src=\"https:\/\/wettbewerb-archiv.wir-tun-was-fuer-bienen.de\/archiv-2021\/wp-content\/themes\/bienen\/assets\/images\/avatar-placeholder.png\" style=\"border-radius: 30px;\" height=\"30\" width=\"30\">\n            Stadtg\u00e4rtnerei Deggendorf            <\/div>\n    \n    \n            <p class=\"categories meta\" style=\"width: 100%\"><span class=\"fa fa-tag\"\n                                                             aria-hidden=\"true\"><\/span> Kommunale Fl\u00e4chen, Parks, Baumscheiben        <\/p>\n    \n            <p class=\"categories meta\" style=\"width: 100%\"><span class=\"fa fa-map-marker\"\n                                                             aria-hidden=\"true\"><\/span> Bayern        <\/p>\n    \n<\/article>\n   \n\t\t\n          <article id=\"post-41228\" class=\"et_pb_post post-41228 wtwfb_entry type-wtwfb_entry status-publish has-post-thumbnail hentry wtwfb_category-privatgaerten-und-gaerten-von-mietwohnungen-kleiner-500-quadratmeter wtwfb_region-sachsen\">\n    <h2 class=\"entry-title\"><a href=\"https:\/\/wettbewerb-archiv.wir-tun-was-fuer-bienen.de\/archiv-2021\/eintrag\/bau-neuer-hochbeete\/\">Bau neuer Hochbeete<\/a>\n    <\/h2>\n    <a href=\"https:\/\/wettbewerb-archiv.wir-tun-was-fuer-bienen.de\/archiv-2021\/eintrag\/bau-neuer-hochbeete\/\">\n        <div class=\"bienen-entry-image\">\n            <img decoding=\"async\" width=\"400\" height=\"300\" src=\"https:\/\/wettbewerb-archiv.wir-tun-was-fuer-bienen.de\/archiv-2021\/wp-content\/uploads\/sites\/3\/2021\/04\/Katze-001-2-400x300.jpg\" class=\"attachment-bienen-grid-thumb size-bienen-grid-thumb wp-post-image\" alt=\"\" loading=\"lazy\" \/>                    <\/div>\n    <\/a>\n\n    <div class=\"images-grid\"><\/div>\n\n    <div class=\"user flex\">\n        \n                    <img decoding=\"async\" src=\"https:\/\/wettbewerb-archiv.wir-tun-was-fuer-bienen.de\/archiv-2021\/wp-content\/themes\/bienen\/assets\/images\/avatar-placeholder.png\" style=\"border-radius: 30px;\" height=\"30\" width=\"30\">\n            Schraube3            <\/div>\n    \n    \n            <p class=\"categories meta\" style=\"width: 100%\"><span class=\"fa fa-tag\"\n                                                             aria-hidden=\"true\"><\/span> Privatg\u00e4rten und G\u00e4rten von Mietwohnungen (kleiner als 500 Quadratmeter)        <\/p>\n    \n            <p class=\"categories meta\" style=\"width: 100%\"><span class=\"fa fa-map-marker\"\n                                                             aria-hidden=\"true\"><\/span> Sachsen        <\/p>\n    \n<\/article>\n   \n\t\t\n          <article id=\"post-41192\" class=\"et_pb_post post-41192 wtwfb_entry type-wtwfb_entry status-publish hentry wtwfb_category-privatgaerten-und-gaerten-von-mietwohnungen-kleiner-500-quadratmeter wtwfb_region-nordrhein-westfalen\">\n    <h2 class=\"entry-title\"><a href=\"https:\/\/wettbewerb-archiv.wir-tun-was-fuer-bienen.de\/archiv-2021\/eintrag\/vorbereitung-april21\/\">Vorbereitung April21<\/a>\n    <\/h2>\n    <a href=\"https:\/\/wettbewerb-archiv.wir-tun-was-fuer-bienen.de\/archiv-2021\/eintrag\/vorbereitung-april21\/\">\n        <div class=\"bienen-entry-image\">\n                                <\/div>\n    <\/a>\n\n    <div class=\"images-grid\"><\/div>\n\n    <div class=\"user flex\">\n        \n                    <img decoding=\"async\" src=\"https:\/\/wettbewerb-archiv.wir-tun-was-fuer-bienen.de\/archiv-2021\/wp-content\/themes\/bienen\/assets\/images\/avatar-placeholder.png\" style=\"border-radius: 30px;\" height=\"30\" width=\"30\">\n            Summ-Oase \u00dcbach            <\/div>\n    \n    \n            <p class=\"categories meta\" style=\"width: 100%\"><span class=\"fa fa-tag\"\n                                                             aria-hidden=\"true\"><\/span> Privatg\u00e4rten und G\u00e4rten von Mietwohnungen (kleiner als 500 Quadratmeter)        <\/p>\n    \n            <p class=\"categories meta\" style=\"width: 100%\"><span class=\"fa fa-map-marker\"\n                                                             aria-hidden=\"true\"><\/span> Nordrhein-Westfalen        <\/p>\n    \n<\/article>\n   \n\t\t\n          <article id=\"post-41124\" class=\"et_pb_post post-41124 wtwfb_entry type-wtwfb_entry status-publish has-post-thumbnail hentry wtwfb_category-schul-und-jugendclub-gaerten wtwfb_region-mecklenburg-vorpommern\">\n    <h2 class=\"entry-title\"><a href=\"https:\/\/wettbewerb-archiv.wir-tun-was-fuer-bienen.de\/archiv-2021\/eintrag\/wildbienengarten-an-der-gs-luebow\/\">Wildbienengarten an der GS L\u00fcbow<\/a>\n    <\/h2>\n    <a href=\"https:\/\/wettbewerb-archiv.wir-tun-was-fuer-bienen.de\/archiv-2021\/eintrag\/wildbienengarten-an-der-gs-luebow\/\">\n        <div class=\"bienen-entry-image\">\n            <img decoding=\"async\" width=\"400\" height=\"300\" src=\"https:\/\/wettbewerb-archiv.wir-tun-was-fuer-bienen.de\/archiv-2021\/wp-content\/uploads\/sites\/3\/2021\/04\/IMG_4393-400x300.jpg\" class=\"attachment-bienen-grid-thumb size-bienen-grid-thumb wp-post-image\" alt=\"\" loading=\"lazy\" \/>                    <\/div>\n    <\/a>\n\n    <div class=\"images-grid\"><span><a href=\"https:\/\/wettbewerb-archiv.wir-tun-was-fuer-bienen.de\/archiv-2021\/eintrag\/wildbienengarten-an-der-gs-luebow\/\"><img decoding=\"async\" width=\"150\" height=\"150\" src=\"https:\/\/wettbewerb-archiv.wir-tun-was-fuer-bienen.de\/archiv-2021\/wp-content\/uploads\/sites\/3\/2021\/04\/IMG_2187-150x150.jpg\" class=\"attachment-thumbnail size-thumbnail\" alt=\"\" loading=\"lazy\" \/><\/a><\/span><span><a href=\"https:\/\/wettbewerb-archiv.wir-tun-was-fuer-bienen.de\/archiv-2021\/eintrag\/wildbienengarten-an-der-gs-luebow\/\"><img decoding=\"async\" width=\"150\" height=\"150\" src=\"https:\/\/wettbewerb-archiv.wir-tun-was-fuer-bienen.de\/archiv-2021\/wp-content\/uploads\/sites\/3\/2021\/04\/IMG_2255-150x150.jpg\" class=\"attachment-thumbnail size-thumbnail\" alt=\"\" loading=\"lazy\" \/><\/a><\/span><span><a href=\"https:\/\/wettbewerb-archiv.wir-tun-was-fuer-bienen.de\/archiv-2021\/eintrag\/wildbienengarten-an-der-gs-luebow\/\"><img decoding=\"async\" width=\"150\" height=\"150\" src=\"https:\/\/wettbewerb-archiv.wir-tun-was-fuer-bienen.de\/archiv-2021\/wp-content\/uploads\/sites\/3\/2021\/04\/IMG_4407-150x150.jpg\" class=\"attachment-thumbnail size-thumbnail\" alt=\"\" loading=\"lazy\" \/><\/a><\/span><span><a href=\"https:\/\/wettbewerb-archiv.wir-tun-was-fuer-bienen.de\/archiv-2021\/eintrag\/wildbienengarten-an-der-gs-luebow\/\"><img decoding=\"async\" width=\"150\" height=\"150\" src=\"https:\/\/wettbewerb-archiv.wir-tun-was-fuer-bienen.de\/archiv-2021\/wp-content\/uploads\/sites\/3\/2021\/04\/IMG_4405-150x150.jpg\" class=\"attachment-thumbnail size-thumbnail\" alt=\"\" loading=\"lazy\" \/><\/a><\/span><\/div>\n\n    <div class=\"user flex\">\n        \n                    <img decoding=\"async\" src=\"https:\/\/wettbewerb-archiv.wir-tun-was-fuer-bienen.de\/archiv-2021\/wp-content\/themes\/bienen\/assets\/images\/avatar-placeholder.png\" style=\"border-radius: 30px;\" height=\"30\" width=\"30\">\n            Schulbienen            <\/div>\n    \n    \n            <p class=\"categories meta\" style=\"width: 100%\"><span class=\"fa fa-tag\"\n                                                             aria-hidden=\"true\"><\/span> Schul- und Jugendclub-G\u00e4rten        <\/p>\n    \n            <p class=\"categories meta\" style=\"width: 100%\"><span class=\"fa fa-map-marker\"\n                                                             aria-hidden=\"true\"><\/span> Mecklenburg-Vorpommern        <\/p>\n    \n<\/article>\n   \n\t\t\n          <article id=\"post-41079\" class=\"et_pb_post post-41079 wtwfb_entry type-wtwfb_entry status-publish has-post-thumbnail hentry wtwfb_category-privatgaerten-und-gaerten-von-mietwohnungen-kleiner-500-quadratmeter wtwfb_region-hessen\">\n    <h2 class=\"entry-title\"><a href=\"https:\/\/wettbewerb-archiv.wir-tun-was-fuer-bienen.de\/archiv-2021\/eintrag\/auf-dem-weg-zum-naturgarten\/\">Auf dem Weg zum Naturgarten<\/a>\n    <\/h2>\n    <a href=\"https:\/\/wettbewerb-archiv.wir-tun-was-fuer-bienen.de\/archiv-2021\/eintrag\/auf-dem-weg-zum-naturgarten\/\">\n        <div class=\"bienen-entry-image\">\n            <img decoding=\"async\" width=\"400\" height=\"300\" src=\"https:\/\/wettbewerb-archiv.wir-tun-was-fuer-bienen.de\/archiv-2021\/wp-content\/uploads\/sites\/3\/2021\/04\/Holzbiene-400x300.jpg\" class=\"attachment-bienen-grid-thumb size-bienen-grid-thumb wp-post-image\" alt=\"\" loading=\"lazy\" \/>                    <\/div>\n    <\/a>\n\n    <div class=\"images-grid\"><span><a href=\"https:\/\/wettbewerb-archiv.wir-tun-was-fuer-bienen.de\/archiv-2021\/eintrag\/auf-dem-weg-zum-naturgarten\/\"><img decoding=\"async\" width=\"150\" height=\"150\" src=\"https:\/\/wettbewerb-archiv.wir-tun-was-fuer-bienen.de\/archiv-2021\/wp-content\/uploads\/sites\/3\/2021\/07\/20210515_111246-150x150.jpg\" class=\"attachment-thumbnail size-thumbnail\" alt=\"\" loading=\"lazy\" \/><\/a><\/span><span><a href=\"https:\/\/wettbewerb-archiv.wir-tun-was-fuer-bienen.de\/archiv-2021\/eintrag\/auf-dem-weg-zum-naturgarten\/\"><img decoding=\"async\" width=\"150\" height=\"150\" src=\"https:\/\/wettbewerb-archiv.wir-tun-was-fuer-bienen.de\/archiv-2021\/wp-content\/uploads\/sites\/3\/2021\/07\/20210425_161440-150x150.jpg\" class=\"attachment-thumbnail size-thumbnail\" alt=\"\" loading=\"lazy\" \/><\/a><\/span><span><a href=\"https:\/\/wettbewerb-archiv.wir-tun-was-fuer-bienen.de\/archiv-2021\/eintrag\/auf-dem-weg-zum-naturgarten\/\"><img decoding=\"async\" width=\"150\" height=\"150\" src=\"https:\/\/wettbewerb-archiv.wir-tun-was-fuer-bienen.de\/archiv-2021\/wp-content\/uploads\/sites\/3\/2021\/07\/20210420_175317-150x150.jpg\" class=\"attachment-thumbnail size-thumbnail\" alt=\"\" loading=\"lazy\" \/><\/a><\/span><span><a href=\"https:\/\/wettbewerb-archiv.wir-tun-was-fuer-bienen.de\/archiv-2021\/eintrag\/auf-dem-weg-zum-naturgarten\/\"><img decoding=\"async\" width=\"150\" height=\"150\" src=\"https:\/\/wettbewerb-archiv.wir-tun-was-fuer-bienen.de\/archiv-2021\/wp-content\/uploads\/sites\/3\/2021\/07\/20210728_163054-150x150.jpg\" class=\"attachment-thumbnail size-thumbnail\" alt=\"\" loading=\"lazy\" \/><\/a><\/span><\/div>\n\n    <div class=\"user flex\">\n        \n                    <img decoding=\"async\" src=\"https:\/\/wettbewerb-archiv.wir-tun-was-fuer-bienen.de\/archiv-2021\/wp-content\/themes\/bienen\/assets\/images\/avatar-placeholder.png\" style=\"border-radius: 30px;\" height=\"30\" width=\"30\">\n            Auf dem Weg zum Naturgarten            <\/div>\n    \n    <p class=\"categories meta bienen-gewinner\"><span class=\"fa fa-trophy\"                                                              aria-hidden=\"true\"><\/span> Gewinner<\/p>\n            <p class=\"categories meta\" style=\"width: 100%\"><span class=\"fa fa-tag\"\n                                                             aria-hidden=\"true\"><\/span> Privatg\u00e4rten und G\u00e4rten von Mietwohnungen (kleiner als 500 Quadratmeter)        <\/p>\n    \n            <p class=\"categories meta\" style=\"width: 100%\"><span class=\"fa fa-map-marker\"\n                                                             aria-hidden=\"true\"><\/span> Hessen        <\/p>\n    \n<\/article>\n   \n\t\t\n          <article id=\"post-41074\" class=\"et_pb_post post-41074 wtwfb_entry type-wtwfb_entry status-publish has-post-thumbnail hentry wtwfb_category-kommunale-flaechen-parks-baumscheiben wtwfb_region-niedersachsen\">\n    <h2 class=\"entry-title\"><a href=\"https:\/\/wettbewerb-archiv.wir-tun-was-fuer-bienen.de\/archiv-2021\/eintrag\/mehr-leben-auf-dem-friedhof\/\">Mehr Leben auf dem Friedhof<\/a>\n    <\/h2>\n    <a href=\"https:\/\/wettbewerb-archiv.wir-tun-was-fuer-bienen.de\/archiv-2021\/eintrag\/mehr-leben-auf-dem-friedhof\/\">\n        <div class=\"bienen-entry-image\">\n            <img decoding=\"async\" width=\"400\" height=\"300\" src=\"https:\/\/wettbewerb-archiv.wir-tun-was-fuer-bienen.de\/archiv-2021\/wp-content\/uploads\/sites\/3\/2021\/07\/Hauptbild-1-400x300.jpg\" class=\"attachment-bienen-grid-thumb size-bienen-grid-thumb wp-post-image\" alt=\"\" loading=\"lazy\" \/>                    <\/div>\n    <\/a>\n\n    <div class=\"images-grid\"><span><a href=\"https:\/\/wettbewerb-archiv.wir-tun-was-fuer-bienen.de\/archiv-2021\/eintrag\/mehr-leben-auf-dem-friedhof\/\"><img decoding=\"async\" width=\"150\" height=\"150\" src=\"https:\/\/wettbewerb-archiv.wir-tun-was-fuer-bienen.de\/archiv-2021\/wp-content\/uploads\/sites\/3\/2021\/04\/Friedhof-Aktion-I-3-von-37-150x150.jpg\" class=\"attachment-thumbnail size-thumbnail\" alt=\"\" loading=\"lazy\" \/><\/a><\/span><span><a href=\"https:\/\/wettbewerb-archiv.wir-tun-was-fuer-bienen.de\/archiv-2021\/eintrag\/mehr-leben-auf-dem-friedhof\/\"><img decoding=\"async\" width=\"150\" height=\"150\" src=\"https:\/\/wettbewerb-archiv.wir-tun-was-fuer-bienen.de\/archiv-2021\/wp-content\/uploads\/sites\/3\/2021\/04\/Friedhof-Aktion-I-13-von-37-150x150.jpg\" class=\"attachment-thumbnail size-thumbnail\" alt=\"\" loading=\"lazy\" \/><\/a><\/span><span><a href=\"https:\/\/wettbewerb-archiv.wir-tun-was-fuer-bienen.de\/archiv-2021\/eintrag\/mehr-leben-auf-dem-friedhof\/\"><img decoding=\"async\" width=\"150\" height=\"150\" src=\"https:\/\/wettbewerb-archiv.wir-tun-was-fuer-bienen.de\/archiv-2021\/wp-content\/uploads\/sites\/3\/2021\/04\/Friedhof-Aktion-I-31-von-37-150x150.jpg\" class=\"attachment-thumbnail size-thumbnail\" alt=\"\" loading=\"lazy\" \/><\/a><\/span><span><a href=\"https:\/\/wettbewerb-archiv.wir-tun-was-fuer-bienen.de\/archiv-2021\/eintrag\/mehr-leben-auf-dem-friedhof\/\"><img decoding=\"async\" width=\"150\" height=\"150\" src=\"https:\/\/wettbewerb-archiv.wir-tun-was-fuer-bienen.de\/archiv-2021\/wp-content\/uploads\/sites\/3\/2021\/04\/Friedhof-Aktion-I-1-von-6-150x150.jpg\" class=\"attachment-thumbnail size-thumbnail\" alt=\"\" loading=\"lazy\" \/><\/a><\/span><\/div>\n\n    <div class=\"user flex\">\n        \n                    <img decoding=\"async\" src=\"https:\/\/wettbewerb-archiv.wir-tun-was-fuer-bienen.de\/archiv-2021\/wp-content\/themes\/bienen\/assets\/images\/avatar-placeholder.png\" style=\"border-radius: 30px;\" height=\"30\" width=\"30\">\n            Bluehinitiative            <\/div>\n    \n    <p class=\"categories meta bienen-gewinner\"><span class=\"fa fa-trophy\"                                                              aria-hidden=\"true\"><\/span> Gewinner<\/p>\n            <p class=\"categories meta\" style=\"width: 100%\"><span class=\"fa fa-tag\"\n                                                             aria-hidden=\"true\"><\/span> Kommunale Fl\u00e4chen, Parks, Baumscheiben        <\/p>\n    \n            <p class=\"categories meta\" style=\"width: 100%\"><span class=\"fa fa-map-marker\"\n                                                             aria-hidden=\"true\"><\/span> Niedersachsen        <\/p>\n    \n<\/article>\n   \n\t\t\n          <article id=\"post-41058\" class=\"et_pb_post post-41058 wtwfb_entry type-wtwfb_entry status-publish has-post-thumbnail hentry wtwfb_category-kommunale-flaechen-parks-baumscheiben wtwfb_region-baden-wuerttemberg\">\n    <h2 class=\"entry-title\"><a href=\"https:\/\/wettbewerb-archiv.wir-tun-was-fuer-bienen.de\/archiv-2021\/eintrag\/artenvielfalt-auf-oeffentlicher-gruenflaeche-in-weilheim\/\">Weilheimer Artenvielfalt &#8211; es summt und brummt &#...<\/a>\n    <\/h2>\n    <a href=\"https:\/\/wettbewerb-archiv.wir-tun-was-fuer-bienen.de\/archiv-2021\/eintrag\/artenvielfalt-auf-oeffentlicher-gruenflaeche-in-weilheim\/\">\n        <div class=\"bienen-entry-image\">\n            <img decoding=\"async\" width=\"400\" height=\"300\" src=\"https:\/\/wettbewerb-archiv.wir-tun-was-fuer-bienen.de\/archiv-2021\/wp-content\/uploads\/sites\/3\/2021\/06\/Bildschirmfoto-2021-05-01-um-18.47.20-1-400x300.jpg\" class=\"attachment-bienen-grid-thumb size-bienen-grid-thumb wp-post-image\" alt=\"\" loading=\"lazy\" \/>                    <\/div>\n    <\/a>\n\n    <div class=\"images-grid\"><span><a href=\"https:\/\/wettbewerb-archiv.wir-tun-was-fuer-bienen.de\/archiv-2021\/eintrag\/artenvielfalt-auf-oeffentlicher-gruenflaeche-in-weilheim\/\"><img decoding=\"async\" width=\"150\" height=\"150\" src=\"https:\/\/wettbewerb-archiv.wir-tun-was-fuer-bienen.de\/archiv-2021\/wp-content\/uploads\/sites\/3\/2021\/04\/IMG_1368-150x150.jpg\" class=\"attachment-thumbnail size-thumbnail\" alt=\"\" loading=\"lazy\" \/><\/a><\/span><span><a href=\"https:\/\/wettbewerb-archiv.wir-tun-was-fuer-bienen.de\/archiv-2021\/eintrag\/artenvielfalt-auf-oeffentlicher-gruenflaeche-in-weilheim\/\"><img decoding=\"async\" width=\"150\" height=\"150\" src=\"https:\/\/wettbewerb-archiv.wir-tun-was-fuer-bienen.de\/archiv-2021\/wp-content\/uploads\/sites\/3\/2021\/04\/Arten-3-150x150.jpg\" class=\"attachment-thumbnail size-thumbnail\" alt=\"\" loading=\"lazy\" \/><\/a><\/span><span><a href=\"https:\/\/wettbewerb-archiv.wir-tun-was-fuer-bienen.de\/archiv-2021\/eintrag\/artenvielfalt-auf-oeffentlicher-gruenflaeche-in-weilheim\/\"><img decoding=\"async\" width=\"150\" height=\"150\" src=\"https:\/\/wettbewerb-archiv.wir-tun-was-fuer-bienen.de\/archiv-2021\/wp-content\/uploads\/sites\/3\/2021\/04\/Arten-1-150x150.jpg\" class=\"attachment-thumbnail size-thumbnail\" alt=\"\" loading=\"lazy\" \/><\/a><\/span><span><a href=\"https:\/\/wettbewerb-archiv.wir-tun-was-fuer-bienen.de\/archiv-2021\/eintrag\/artenvielfalt-auf-oeffentlicher-gruenflaeche-in-weilheim\/\"><img decoding=\"async\" width=\"150\" height=\"150\" src=\"https:\/\/wettbewerb-archiv.wir-tun-was-fuer-bienen.de\/archiv-2021\/wp-content\/uploads\/sites\/3\/2021\/04\/Arten-5-1-150x150.jpg\" class=\"attachment-thumbnail size-thumbnail\" alt=\"\" loading=\"lazy\" \/><\/a><\/span><\/div>\n\n    <div class=\"user flex\">\n        \n                    <img decoding=\"async\" src=\"https:\/\/wettbewerb-archiv.wir-tun-was-fuer-bienen.de\/archiv-2021\/wp-content\/themes\/bienen\/assets\/images\/avatar-placeholder.png\" style=\"border-radius: 30px;\" height=\"30\" width=\"30\">\n            Weilheimer Artenvielfalt - es summt und brummt            <\/div>\n    \n    <p class=\"categories meta bienen-gewinner\"><span class=\"fa fa-trophy\"                                                              aria-hidden=\"true\"><\/span> Gewinner<\/p>\n            <p class=\"categories meta\" style=\"width: 100%\"><span class=\"fa fa-tag\"\n                                                             aria-hidden=\"true\"><\/span> Kommunale Fl\u00e4chen, Parks, Baumscheiben        <\/p>\n    \n            <p class=\"categories meta\" style=\"width: 100%\"><span class=\"fa fa-map-marker\"\n                                                             aria-hidden=\"true\"><\/span> Baden-W\u00fcrttemberg        <\/p>\n    \n<\/article>\n   \n\t\t\n          <article id=\"post-41050\" class=\"et_pb_post post-41050 wtwfb_entry type-wtwfb_entry status-publish has-post-thumbnail hentry wtwfb_category-kommunale-flaechen-parks-baumscheiben wtwfb_region-bremen\">\n    <h2 class=\"entry-title\"><a href=\"https:\/\/wettbewerb-archiv.wir-tun-was-fuer-bienen.de\/archiv-2021\/eintrag\/strassenbegleitgruen-verkehrsinsel-flaeche-fuer-die-vielfalt-in-bremen-st-magnus\/\">Stra\u00dfenbegleitgr\u00fcn Verkehrsinsel &#8211; Fl\u00e4che f\u00fcr...<\/a>\n    <\/h2>\n    <a href=\"https:\/\/wettbewerb-archiv.wir-tun-was-fuer-bienen.de\/archiv-2021\/eintrag\/strassenbegleitgruen-verkehrsinsel-flaeche-fuer-die-vielfalt-in-bremen-st-magnus\/\">\n        <div class=\"bienen-entry-image\">\n            <img decoding=\"async\" width=\"400\" height=\"300\" src=\"https:\/\/wettbewerb-archiv.wir-tun-was-fuer-bienen.de\/archiv-2021\/wp-content\/uploads\/sites\/3\/2021\/04\/IMG_1181-400x300.jpg\" class=\"attachment-bienen-grid-thumb size-bienen-grid-thumb wp-post-image\" alt=\"\" loading=\"lazy\" \/>                    <\/div>\n    <\/a>\n\n    <div class=\"images-grid\"><span><a href=\"https:\/\/wettbewerb-archiv.wir-tun-was-fuer-bienen.de\/archiv-2021\/eintrag\/strassenbegleitgruen-verkehrsinsel-flaeche-fuer-die-vielfalt-in-bremen-st-magnus\/\"><img decoding=\"async\" width=\"150\" height=\"150\" src=\"https:\/\/wettbewerb-archiv.wir-tun-was-fuer-bienen.de\/archiv-2021\/wp-content\/uploads\/sites\/3\/2021\/04\/IMG_1340-150x150.jpg\" class=\"attachment-thumbnail size-thumbnail\" alt=\"\" loading=\"lazy\" \/><\/a><\/span><span><a href=\"https:\/\/wettbewerb-archiv.wir-tun-was-fuer-bienen.de\/archiv-2021\/eintrag\/strassenbegleitgruen-verkehrsinsel-flaeche-fuer-die-vielfalt-in-bremen-st-magnus\/\"><img decoding=\"async\" width=\"150\" height=\"150\" src=\"https:\/\/wettbewerb-archiv.wir-tun-was-fuer-bienen.de\/archiv-2021\/wp-content\/uploads\/sites\/3\/2021\/04\/IMG_1342-150x150.jpg\" class=\"attachment-thumbnail size-thumbnail\" alt=\"\" loading=\"lazy\" \/><\/a><\/span><span><a href=\"https:\/\/wettbewerb-archiv.wir-tun-was-fuer-bienen.de\/archiv-2021\/eintrag\/strassenbegleitgruen-verkehrsinsel-flaeche-fuer-die-vielfalt-in-bremen-st-magnus\/\"><img decoding=\"async\" width=\"150\" height=\"150\" src=\"https:\/\/wettbewerb-archiv.wir-tun-was-fuer-bienen.de\/archiv-2021\/wp-content\/uploads\/sites\/3\/2021\/07\/IMG_1485-150x150.jpg\" class=\"attachment-thumbnail size-thumbnail\" alt=\"\" loading=\"lazy\" \/><\/a><\/span><span><a href=\"https:\/\/wettbewerb-archiv.wir-tun-was-fuer-bienen.de\/archiv-2021\/eintrag\/strassenbegleitgruen-verkehrsinsel-flaeche-fuer-die-vielfalt-in-bremen-st-magnus\/\"><img decoding=\"async\" width=\"150\" height=\"150\" src=\"https:\/\/wettbewerb-archiv.wir-tun-was-fuer-bienen.de\/archiv-2021\/wp-content\/uploads\/sites\/3\/2021\/07\/IMG_4501-150x150.jpg\" class=\"attachment-thumbnail size-thumbnail\" alt=\"\" loading=\"lazy\" \/><\/a><\/span><\/div>\n\n    <div class=\"user flex\">\n        \n                    <img decoding=\"async\" src=\"https:\/\/wettbewerb-archiv.wir-tun-was-fuer-bienen.de\/archiv-2021\/wp-content\/themes\/bienen\/assets\/images\/avatar-placeholder.png\" style=\"border-radius: 30px;\" height=\"30\" width=\"30\">\n            Corinna Hagedorn            <\/div>\n    \n    <p class=\"categories meta bienen-gewinner\"><span class=\"fa fa-trophy\"                                                              aria-hidden=\"true\"><\/span> Gewinner<\/p>\n            <p class=\"categories meta\" style=\"width: 100%\"><span class=\"fa fa-tag\"\n                                                             aria-hidden=\"true\"><\/span> Kommunale Fl\u00e4chen, Parks, Baumscheiben        <\/p>\n    \n            <p class=\"categories meta\" style=\"width: 100%\"><span class=\"fa fa-map-marker\"\n                                                             aria-hidden=\"true\"><\/span> Bremen        <\/p>\n    \n<\/article>\n   \n\t\t\n          <article id=\"post-41027\" class=\"et_pb_post post-41027 wtwfb_entry type-wtwfb_entry status-publish has-post-thumbnail hentry wtwfb_category-firmen-institutions-und-vereinsgaerten wtwfb_region-nordrhein-westfalen\">\n    <h2 class=\"entry-title\"><a href=\"https:\/\/wettbewerb-archiv.wir-tun-was-fuer-bienen.de\/archiv-2021\/eintrag\/feldwerk-sei-ein-held-bestell-ein-feld-die-welt-wird-bunter\/\">Feldwerk &#8211; Sei ein Held, bestell ein Feld! Die We...<\/a>\n    <\/h2>\n    <a href=\"https:\/\/wettbewerb-archiv.wir-tun-was-fuer-bienen.de\/archiv-2021\/eintrag\/feldwerk-sei-ein-held-bestell-ein-feld-die-welt-wird-bunter\/\">\n        <div class=\"bienen-entry-image\">\n            <img decoding=\"async\" width=\"400\" height=\"300\" src=\"https:\/\/wettbewerb-archiv.wir-tun-was-fuer-bienen.de\/archiv-2021\/wp-content\/uploads\/sites\/3\/2021\/04\/A7305596-400x300.jpg\" class=\"attachment-bienen-grid-thumb size-bienen-grid-thumb wp-post-image\" alt=\"\" loading=\"lazy\" \/>                    <\/div>\n    <\/a>\n\n    <div class=\"images-grid\"><span><a href=\"https:\/\/wettbewerb-archiv.wir-tun-was-fuer-bienen.de\/archiv-2021\/eintrag\/feldwerk-sei-ein-held-bestell-ein-feld-die-welt-wird-bunter\/\"><img decoding=\"async\" width=\"150\" height=\"150\" src=\"https:\/\/wettbewerb-archiv.wir-tun-was-fuer-bienen.de\/archiv-2021\/wp-content\/uploads\/sites\/3\/2021\/04\/RUBIN-22-150x150.jpg\" class=\"attachment-thumbnail size-thumbnail\" alt=\"\" loading=\"lazy\" \/><\/a><\/span><span><a href=\"https:\/\/wettbewerb-archiv.wir-tun-was-fuer-bienen.de\/archiv-2021\/eintrag\/feldwerk-sei-ein-held-bestell-ein-feld-die-welt-wird-bunter\/\"><img decoding=\"async\" width=\"150\" height=\"150\" src=\"https:\/\/wettbewerb-archiv.wir-tun-was-fuer-bienen.de\/archiv-2021\/wp-content\/uploads\/sites\/3\/2021\/04\/RUBIN-23-150x150.jpg\" class=\"attachment-thumbnail size-thumbnail\" alt=\"\" loading=\"lazy\" \/><\/a><\/span><span><a href=\"https:\/\/wettbewerb-archiv.wir-tun-was-fuer-bienen.de\/archiv-2021\/eintrag\/feldwerk-sei-ein-held-bestell-ein-feld-die-welt-wird-bunter\/\"><img decoding=\"async\" width=\"150\" height=\"150\" src=\"https:\/\/wettbewerb-archiv.wir-tun-was-fuer-bienen.de\/archiv-2021\/wp-content\/uploads\/sites\/3\/2021\/04\/RUBIN-29-150x150.jpg\" class=\"attachment-thumbnail size-thumbnail\" alt=\"\" loading=\"lazy\" \/><\/a><\/span><span><a href=\"https:\/\/wettbewerb-archiv.wir-tun-was-fuer-bienen.de\/archiv-2021\/eintrag\/feldwerk-sei-ein-held-bestell-ein-feld-die-welt-wird-bunter\/\"><img decoding=\"async\" width=\"150\" height=\"150\" src=\"https:\/\/wettbewerb-archiv.wir-tun-was-fuer-bienen.de\/archiv-2021\/wp-content\/uploads\/sites\/3\/2021\/04\/20200425-Ausaat-und-Filmteam-01-1-150x150.jpg\" class=\"attachment-thumbnail size-thumbnail\" alt=\"\" loading=\"lazy\" \/><\/a><\/span><\/div>\n\n    <div class=\"user flex\">\n        \n                    <img decoding=\"async\" src=\"https:\/\/wettbewerb-archiv.wir-tun-was-fuer-bienen.de\/archiv-2021\/wp-content\/themes\/bienen\/assets\/images\/avatar-placeholder.png\" style=\"border-radius: 30px;\" height=\"30\" width=\"30\">\n            Feldwerker            <\/div>\n    \n    <p class=\"categories meta bienen-gewinner\"><span class=\"fa fa-trophy\"                                                              aria-hidden=\"true\"><\/span> Gewinner<\/p>\n            <p class=\"categories meta\" style=\"width: 100%\"><span class=\"fa fa-tag\"\n                                                             aria-hidden=\"true\"><\/span> Firmen-, Institutions- und Vereinsg\u00e4rten        <\/p>\n    \n            <p class=\"categories meta\" style=\"width: 100%\"><span class=\"fa fa-map-marker\"\n                                                             aria-hidden=\"true\"><\/span> Nordrhein-Westfalen        <\/p>\n    \n<\/article>\n   \n\t\t\n          <article id=\"post-41023\" class=\"et_pb_post post-41023 wtwfb_entry type-wtwfb_entry status-publish has-post-thumbnail hentry wtwfb_category-balkone-terrassen-dachbegruenung-vertikale-gaerten wtwfb_region-hessen\">\n    <h2 class=\"entry-title\"><a href=\"https:\/\/wettbewerb-archiv.wir-tun-was-fuer-bienen.de\/archiv-2021\/eintrag\/unser-schoener-balkon\/\">Unser sch\u00f6ner Balkon<\/a>\n    <\/h2>\n    <a href=\"https:\/\/wettbewerb-archiv.wir-tun-was-fuer-bienen.de\/archiv-2021\/eintrag\/unser-schoener-balkon\/\">\n        <div class=\"bienen-entry-image\">\n            <img decoding=\"async\" width=\"400\" height=\"300\" src=\"https:\/\/wettbewerb-archiv.wir-tun-was-fuer-bienen.de\/archiv-2021\/wp-content\/uploads\/sites\/3\/2021\/04\/IMG_20200715_1459521-400x300.jpg\" class=\"attachment-bienen-grid-thumb size-bienen-grid-thumb wp-post-image\" alt=\"\" loading=\"lazy\" \/>                    <\/div>\n    <\/a>\n\n    <div class=\"images-grid\"><span><a href=\"https:\/\/wettbewerb-archiv.wir-tun-was-fuer-bienen.de\/archiv-2021\/eintrag\/unser-schoener-balkon\/\"><img decoding=\"async\" width=\"150\" height=\"150\" src=\"https:\/\/wettbewerb-archiv.wir-tun-was-fuer-bienen.de\/archiv-2021\/wp-content\/uploads\/sites\/3\/2021\/05\/IMG_20210422_170032-150x150.jpg\" class=\"attachment-thumbnail size-thumbnail\" alt=\"\" loading=\"lazy\" \/><\/a><\/span><span><a href=\"https:\/\/wettbewerb-archiv.wir-tun-was-fuer-bienen.de\/archiv-2021\/eintrag\/unser-schoener-balkon\/\"><img decoding=\"async\" width=\"150\" height=\"150\" src=\"https:\/\/wettbewerb-archiv.wir-tun-was-fuer-bienen.de\/archiv-2021\/wp-content\/uploads\/sites\/3\/2021\/05\/IMG_20210509_183447-150x150.jpg\" class=\"attachment-thumbnail size-thumbnail\" alt=\"\" loading=\"lazy\" \/><\/a><\/span><span><a href=\"https:\/\/wettbewerb-archiv.wir-tun-was-fuer-bienen.de\/archiv-2021\/eintrag\/unser-schoener-balkon\/\"><img decoding=\"async\" width=\"150\" height=\"150\" src=\"https:\/\/wettbewerb-archiv.wir-tun-was-fuer-bienen.de\/archiv-2021\/wp-content\/uploads\/sites\/3\/2021\/05\/IMG_20210524_121412-150x150.jpg\" class=\"attachment-thumbnail size-thumbnail\" alt=\"\" loading=\"lazy\" \/><\/a><\/span><\/div>\n\n    <div class=\"user flex\">\n        \n                    <img decoding=\"async\" src=\"https:\/\/wettbewerb-archiv.wir-tun-was-fuer-bienen.de\/archiv-2021\/wp-content\/themes\/bienen\/assets\/images\/avatar-placeholder.png\" style=\"border-radius: 30px;\" height=\"30\" width=\"30\">\n            Bienentraum            <\/div>\n    \n    \n            <p class=\"categories meta\" style=\"width: 100%\"><span class=\"fa fa-tag\"\n                                                             aria-hidden=\"true\"><\/span> Balkone, Terrassen, Dachbegr\u00fcnung, vertikale G\u00e4rten        <\/p>\n    \n            <p class=\"categories meta\" style=\"width: 100%\"><span class=\"fa fa-map-marker\"\n                                                             aria-hidden=\"true\"><\/span> Hessen        <\/p>\n    \n<\/article>\n   \n\t\t\n          <article id=\"post-41009\" class=\"et_pb_post post-41009 wtwfb_entry type-wtwfb_entry status-publish has-post-thumbnail hentry wtwfb_category-firmen-institutions-und-vereinsgaerten wtwfb_region-baden-wuerttemberg\">\n    <h2 class=\"entry-title\"><a href=\"https:\/\/wettbewerb-archiv.wir-tun-was-fuer-bienen.de\/archiv-2021\/eintrag\/der-hinterhof-der-kulturkueche-soll-gruen-und-essbar-werden\/\">Der Hinterhof der Kulturk\u00fcche soll gr\u00fcn und essbar we...<\/a>\n    <\/h2>\n    <a href=\"https:\/\/wettbewerb-archiv.wir-tun-was-fuer-bienen.de\/archiv-2021\/eintrag\/der-hinterhof-der-kulturkueche-soll-gruen-und-essbar-werden\/\">\n        <div class=\"bienen-entry-image\">\n            <img decoding=\"async\" width=\"400\" height=\"300\" src=\"https:\/\/wettbewerb-archiv.wir-tun-was-fuer-bienen.de\/archiv-2021\/wp-content\/uploads\/sites\/3\/2021\/04\/Kulturkueche_Innenhof1-400x300.jpg\" class=\"attachment-bienen-grid-thumb size-bienen-grid-thumb wp-post-image\" alt=\"\" loading=\"lazy\" \/>                    <\/div>\n    <\/a>\n\n    <div class=\"images-grid\"><span><a href=\"https:\/\/wettbewerb-archiv.wir-tun-was-fuer-bienen.de\/archiv-2021\/eintrag\/der-hinterhof-der-kulturkueche-soll-gruen-und-essbar-werden\/\"><img decoding=\"async\" width=\"150\" height=\"150\" src=\"https:\/\/wettbewerb-archiv.wir-tun-was-fuer-bienen.de\/archiv-2021\/wp-content\/uploads\/sites\/3\/2021\/04\/Bokashi-1-low-150x150.jpg\" class=\"attachment-thumbnail size-thumbnail\" alt=\"\" loading=\"lazy\" \/><\/a><\/span><span><a href=\"https:\/\/wettbewerb-archiv.wir-tun-was-fuer-bienen.de\/archiv-2021\/eintrag\/der-hinterhof-der-kulturkueche-soll-gruen-und-essbar-werden\/\"><img decoding=\"async\" width=\"150\" height=\"150\" src=\"https:\/\/wettbewerb-archiv.wir-tun-was-fuer-bienen.de\/archiv-2021\/wp-content\/uploads\/sites\/3\/2021\/04\/IMG_20210320_111647-150x150.jpg\" class=\"attachment-thumbnail size-thumbnail\" alt=\"\" loading=\"lazy\" \/><\/a><\/span><span><a href=\"https:\/\/wettbewerb-archiv.wir-tun-was-fuer-bienen.de\/archiv-2021\/eintrag\/der-hinterhof-der-kulturkueche-soll-gruen-und-essbar-werden\/\"><img decoding=\"async\" width=\"150\" height=\"150\" src=\"https:\/\/wettbewerb-archiv.wir-tun-was-fuer-bienen.de\/archiv-2021\/wp-content\/uploads\/sites\/3\/2021\/04\/IMG-20210409-WA0004-150x150.jpg\" class=\"attachment-thumbnail size-thumbnail\" alt=\"\" loading=\"lazy\" \/><\/a><\/span><span><a href=\"https:\/\/wettbewerb-archiv.wir-tun-was-fuer-bienen.de\/archiv-2021\/eintrag\/der-hinterhof-der-kulturkueche-soll-gruen-und-essbar-werden\/\"><img decoding=\"async\" width=\"150\" height=\"150\" src=\"https:\/\/wettbewerb-archiv.wir-tun-was-fuer-bienen.de\/archiv-2021\/wp-content\/uploads\/sites\/3\/2021\/06\/IMG_20210529_101912-150x150.jpg\" class=\"attachment-thumbnail size-thumbnail\" alt=\"\" loading=\"lazy\" \/><\/a><\/span><\/div>\n\n    <div class=\"user flex\">\n        \n                    <img decoding=\"async\" src=\"https:\/\/wettbewerb-archiv.wir-tun-was-fuer-bienen.de\/archiv-2021\/wp-content\/themes\/bienen\/assets\/images\/avatar-placeholder.png\" style=\"border-radius: 30px;\" height=\"30\" width=\"30\">\n            Sandra, Kulturk\u00fcche            <\/div>\n    \n    \n            <p class=\"categories meta\" style=\"width: 100%\"><span class=\"fa fa-tag\"\n                                                             aria-hidden=\"true\"><\/span> Firmen-, Institutions- und Vereinsg\u00e4rten        <\/p>\n    \n            <p class=\"categories meta\" style=\"width: 100%\"><span class=\"fa fa-map-marker\"\n                                                             aria-hidden=\"true\"><\/span> Baden-W\u00fcrttemberg        <\/p>\n    \n<\/article>\n   \n\t\t\n          <article id=\"post-40966\" class=\"et_pb_post post-40966 wtwfb_entry type-wtwfb_entry status-publish has-post-thumbnail hentry wtwfb_category-firmen-institutions-und-vereinsgaerten wtwfb_region-rheinland-pfalz\">\n    <h2 class=\"entry-title\"><a href=\"https:\/\/wettbewerb-archiv.wir-tun-was-fuer-bienen.de\/archiv-2021\/eintrag\/peter-herres-wein-und-sektkellerei-gmbh\/\">Peter Herres Wein- und Sektkellerei GmbH<\/a>\n    <\/h2>\n    <a href=\"https:\/\/wettbewerb-archiv.wir-tun-was-fuer-bienen.de\/archiv-2021\/eintrag\/peter-herres-wein-und-sektkellerei-gmbh\/\">\n        <div class=\"bienen-entry-image\">\n            <img decoding=\"async\" width=\"400\" height=\"300\" src=\"https:\/\/wettbewerb-archiv.wir-tun-was-fuer-bienen.de\/archiv-2021\/wp-content\/uploads\/sites\/3\/2021\/04\/Titelbild-400x300.jpg\" class=\"attachment-bienen-grid-thumb size-bienen-grid-thumb wp-post-image\" alt=\"\" loading=\"lazy\" \/>                    <\/div>\n    <\/a>\n\n    <div class=\"images-grid\"><span><a href=\"https:\/\/wettbewerb-archiv.wir-tun-was-fuer-bienen.de\/archiv-2021\/eintrag\/peter-herres-wein-und-sektkellerei-gmbh\/\"><img decoding=\"async\" width=\"150\" height=\"150\" src=\"https:\/\/wettbewerb-archiv.wir-tun-was-fuer-bienen.de\/archiv-2021\/wp-content\/uploads\/sites\/3\/2021\/07\/Bild8-1-150x150.jpg\" class=\"attachment-thumbnail size-thumbnail\" alt=\"\" loading=\"lazy\" \/><\/a><\/span><span><a href=\"https:\/\/wettbewerb-archiv.wir-tun-was-fuer-bienen.de\/archiv-2021\/eintrag\/peter-herres-wein-und-sektkellerei-gmbh\/\"><img decoding=\"async\" width=\"150\" height=\"150\" src=\"https:\/\/wettbewerb-archiv.wir-tun-was-fuer-bienen.de\/archiv-2021\/wp-content\/uploads\/sites\/3\/2021\/07\/Bild2-1-150x150.jpg\" class=\"attachment-thumbnail size-thumbnail\" alt=\"\" loading=\"lazy\" \/><\/a><\/span><span><a href=\"https:\/\/wettbewerb-archiv.wir-tun-was-fuer-bienen.de\/archiv-2021\/eintrag\/peter-herres-wein-und-sektkellerei-gmbh\/\"><img decoding=\"async\" width=\"150\" height=\"150\" src=\"https:\/\/wettbewerb-archiv.wir-tun-was-fuer-bienen.de\/archiv-2021\/wp-content\/uploads\/sites\/3\/2021\/07\/vormittag2-150x150.jpg\" class=\"attachment-thumbnail size-thumbnail\" alt=\"\" loading=\"lazy\" \/><\/a><\/span><span><a href=\"https:\/\/wettbewerb-archiv.wir-tun-was-fuer-bienen.de\/archiv-2021\/eintrag\/peter-herres-wein-und-sektkellerei-gmbh\/\"><img decoding=\"async\" width=\"150\" height=\"150\" src=\"https:\/\/wettbewerb-archiv.wir-tun-was-fuer-bienen.de\/archiv-2021\/wp-content\/uploads\/sites\/3\/2021\/07\/vorbereitung6-150x150.jpg\" class=\"attachment-thumbnail size-thumbnail\" alt=\"\" loading=\"lazy\" \/><\/a><\/span><\/div>\n\n    <div class=\"user flex\">\n        \n                    <img decoding=\"async\" src=\"https:\/\/wettbewerb-archiv.wir-tun-was-fuer-bienen.de\/archiv-2021\/wp-content\/themes\/bienen\/assets\/images\/avatar-placeholder.png\" style=\"border-radius: 30px;\" height=\"30\" width=\"30\">\n            Peter Herres Wein- und Sektkellerei            <\/div>\n    \n    \n            <p class=\"categories meta\" style=\"width: 100%\"><span class=\"fa fa-tag\"\n                                                             aria-hidden=\"true\"><\/span> Firmen-, Institutions- und Vereinsg\u00e4rten        <\/p>\n    \n            <p class=\"categories meta\" style=\"width: 100%\"><span class=\"fa fa-map-marker\"\n                                                             aria-hidden=\"true\"><\/span> Rheinland-Pfalz        <\/p>\n    \n<\/article>\n   \n\t\t\n          <article id=\"post-40963\" class=\"et_pb_post post-40963 wtwfb_entry type-wtwfb_entry status-publish has-post-thumbnail hentry wtwfb_category-kleingartenwesen-parzellen-und-gemeinschaftsgaerten wtwfb_region-schleswig-holstein\">\n    <h2 class=\"entry-title\"><a href=\"https:\/\/wettbewerb-archiv.wir-tun-was-fuer-bienen.de\/archiv-2021\/eintrag\/alles-fuer-die-bienen\/\">Alles f\u00fcr die Bienen<\/a>\n    <\/h2>\n    <a href=\"https:\/\/wettbewerb-archiv.wir-tun-was-fuer-bienen.de\/archiv-2021\/eintrag\/alles-fuer-die-bienen\/\">\n        <div class=\"bienen-entry-image\">\n            <img decoding=\"async\" width=\"400\" height=\"300\" src=\"https:\/\/wettbewerb-archiv.wir-tun-was-fuer-bienen.de\/archiv-2021\/wp-content\/uploads\/sites\/3\/2021\/04\/8-400x300.jpg\" class=\"attachment-bienen-grid-thumb size-bienen-grid-thumb wp-post-image\" alt=\"\" loading=\"lazy\" \/>                    <\/div>\n    <\/a>\n\n    <div class=\"images-grid\"><span><a href=\"https:\/\/wettbewerb-archiv.wir-tun-was-fuer-bienen.de\/archiv-2021\/eintrag\/alles-fuer-die-bienen\/\"><img decoding=\"async\" width=\"150\" height=\"150\" src=\"https:\/\/wettbewerb-archiv.wir-tun-was-fuer-bienen.de\/archiv-2021\/wp-content\/uploads\/sites\/3\/2021\/04\/9-1-150x150.jpg\" class=\"attachment-thumbnail size-thumbnail\" alt=\"\" loading=\"lazy\" \/><\/a><\/span><span><a href=\"https:\/\/wettbewerb-archiv.wir-tun-was-fuer-bienen.de\/archiv-2021\/eintrag\/alles-fuer-die-bienen\/\"><img decoding=\"async\" width=\"150\" height=\"150\" src=\"https:\/\/wettbewerb-archiv.wir-tun-was-fuer-bienen.de\/archiv-2021\/wp-content\/uploads\/sites\/3\/2021\/04\/11-2-150x150.jpg\" class=\"attachment-thumbnail size-thumbnail\" alt=\"\" loading=\"lazy\" \/><\/a><\/span><\/div>\n\n    <div class=\"user flex\">\n        \n                    <img decoding=\"async\" src=\"https:\/\/wettbewerb-archiv.wir-tun-was-fuer-bienen.de\/archiv-2021\/wp-content\/themes\/bienen\/assets\/images\/avatar-placeholder.png\" style=\"border-radius: 30px;\" height=\"30\" width=\"30\">\n            Naturfreund            <\/div>\n    \n    \n            <p class=\"categories meta\" style=\"width: 100%\"><span class=\"fa fa-tag\"\n                                                             aria-hidden=\"true\"><\/span> Kleingartenwesen: Parzellen und Gemeinschaftsg\u00e4rten        <\/p>\n    \n            <p class=\"categories meta\" style=\"width: 100%\"><span class=\"fa fa-map-marker\"\n                                                             aria-hidden=\"true\"><\/span> Schleswig-Holstein        <\/p>\n    \n<\/article>\n   \n\t\t\n          <article id=\"post-40957\" class=\"et_pb_post post-40957 wtwfb_entry type-wtwfb_entry status-publish has-post-thumbnail hentry wtwfb_category-kita-und-kindergartengaerten wtwfb_region-nordrhein-westfalen\">\n    <h2 class=\"entry-title\"><a href=\"https:\/\/wettbewerb-archiv.wir-tun-was-fuer-bienen.de\/archiv-2021\/eintrag\/bei-uns-im-kiga-summt-und-brummt-und-blueht-es-ueberall\/\">Bei uns im Kiga summt und brummt und bl\u00fcht es \u00fcberall...<\/a>\n    <\/h2>\n    <a href=\"https:\/\/wettbewerb-archiv.wir-tun-was-fuer-bienen.de\/archiv-2021\/eintrag\/bei-uns-im-kiga-summt-und-brummt-und-blueht-es-ueberall\/\">\n        <div class=\"bienen-entry-image\">\n            <img decoding=\"async\" width=\"400\" height=\"300\" src=\"https:\/\/wettbewerb-archiv.wir-tun-was-fuer-bienen.de\/archiv-2021\/wp-content\/uploads\/sites\/3\/2021\/06\/20210401_110912-min-400x300.jpg\" class=\"attachment-bienen-grid-thumb size-bienen-grid-thumb wp-post-image\" alt=\"\" loading=\"lazy\" \/>                    <\/div>\n    <\/a>\n\n    <div class=\"images-grid\"><span><a href=\"https:\/\/wettbewerb-archiv.wir-tun-was-fuer-bienen.de\/archiv-2021\/eintrag\/bei-uns-im-kiga-summt-und-brummt-und-blueht-es-ueberall\/\"><img decoding=\"async\" width=\"150\" height=\"150\" src=\"https:\/\/wettbewerb-archiv.wir-tun-was-fuer-bienen.de\/archiv-2021\/wp-content\/uploads\/sites\/3\/2021\/04\/IMG-20210324-WA0000-150x150.jpg\" class=\"attachment-thumbnail size-thumbnail\" alt=\"\" loading=\"lazy\" \/><\/a><\/span><span><a href=\"https:\/\/wettbewerb-archiv.wir-tun-was-fuer-bienen.de\/archiv-2021\/eintrag\/bei-uns-im-kiga-summt-und-brummt-und-blueht-es-ueberall\/\"><img decoding=\"async\" width=\"150\" height=\"150\" src=\"https:\/\/wettbewerb-archiv.wir-tun-was-fuer-bienen.de\/archiv-2021\/wp-content\/uploads\/sites\/3\/2021\/04\/Erdhaufen-150x150.jpg\" class=\"attachment-thumbnail size-thumbnail\" alt=\"\" loading=\"lazy\" \/><\/a><\/span><span><a href=\"https:\/\/wettbewerb-archiv.wir-tun-was-fuer-bienen.de\/archiv-2021\/eintrag\/bei-uns-im-kiga-summt-und-brummt-und-blueht-es-ueberall\/\"><img decoding=\"async\" width=\"150\" height=\"150\" src=\"https:\/\/wettbewerb-archiv.wir-tun-was-fuer-bienen.de\/archiv-2021\/wp-content\/uploads\/sites\/3\/2021\/04\/IMG-20210322-WA0000-150x150.jpg\" class=\"attachment-thumbnail size-thumbnail\" alt=\"\" loading=\"lazy\" \/><\/a><\/span><span><a href=\"https:\/\/wettbewerb-archiv.wir-tun-was-fuer-bienen.de\/archiv-2021\/eintrag\/bei-uns-im-kiga-summt-und-brummt-und-blueht-es-ueberall\/\"><img decoding=\"async\" width=\"150\" height=\"150\" src=\"https:\/\/wettbewerb-archiv.wir-tun-was-fuer-bienen.de\/archiv-2021\/wp-content\/uploads\/sites\/3\/2021\/04\/IMG-20210401-WA0003-150x150.jpg\" class=\"attachment-thumbnail size-thumbnail\" alt=\"\" loading=\"lazy\" \/><\/a><\/span><\/div>\n\n    <div class=\"user flex\">\n        \n                    <img decoding=\"async\" src=\"https:\/\/wettbewerb-archiv.wir-tun-was-fuer-bienen.de\/archiv-2021\/wp-content\/themes\/bienen\/assets\/images\/avatar-placeholder.png\" style=\"border-radius: 30px;\" height=\"30\" width=\"30\">\n            Kita Doveren            <\/div>\n            <p class=\"categories meta\" style=\"color: #c32731; font-weight: bold; width: 100%\"><span class=\"fa fa-music\"\n                                                                                                aria-hidden=\"true\"><\/span> Extrapreis Musik\n            f\u00fcr Bienenschutz\n        <\/p>\n    \n    <p class=\"categories meta bienen-gewinner\"><span class=\"fa fa-trophy\"                                                              aria-hidden=\"true\"><\/span> Gewinner<\/p>\n            <p class=\"categories meta\" style=\"width: 100%\"><span class=\"fa fa-tag\"\n                                                             aria-hidden=\"true\"><\/span> Kita- und Kindergarteng\u00e4rten        <\/p>\n    \n            <p class=\"categories meta\" style=\"width: 100%\"><span class=\"fa fa-map-marker\"\n                                                             aria-hidden=\"true\"><\/span> Nordrhein-Westfalen        <\/p>\n    \n<\/article>\n   \n\t\t\n          <article id=\"post-40946\" class=\"et_pb_post post-40946 wtwfb_entry type-wtwfb_entry status-publish has-post-thumbnail hentry wtwfb_category-kleingartenwesen-parzellen-und-gemeinschaftsgaerten wtwfb_region-sachsen\">\n    <h2 class=\"entry-title\"><a href=\"https:\/\/wettbewerb-archiv.wir-tun-was-fuer-bienen.de\/archiv-2021\/eintrag\/natur-bienen-und-imkergarten\/\">Natur- Bienen und Imkergarten<\/a>\n    <\/h2>\n    <a href=\"https:\/\/wettbewerb-archiv.wir-tun-was-fuer-bienen.de\/archiv-2021\/eintrag\/natur-bienen-und-imkergarten\/\">\n        <div class=\"bienen-entry-image\">\n            <img decoding=\"async\" width=\"400\" height=\"300\" src=\"https:\/\/wettbewerb-archiv.wir-tun-was-fuer-bienen.de\/archiv-2021\/wp-content\/uploads\/sites\/3\/2021\/04\/Hummelkasten-400x300.jpg\" class=\"attachment-bienen-grid-thumb size-bienen-grid-thumb wp-post-image\" alt=\"\" loading=\"lazy\" \/>                    <\/div>\n    <\/a>\n\n    <div class=\"images-grid\"><span><a href=\"https:\/\/wettbewerb-archiv.wir-tun-was-fuer-bienen.de\/archiv-2021\/eintrag\/natur-bienen-und-imkergarten\/\"><img decoding=\"async\" width=\"150\" height=\"150\" src=\"https:\/\/wettbewerb-archiv.wir-tun-was-fuer-bienen.de\/archiv-2021\/wp-content\/uploads\/sites\/3\/2021\/04\/200279000895_30007-2-150x150.jpg\" class=\"attachment-thumbnail size-thumbnail\" alt=\"\" loading=\"lazy\" \/><\/a><\/span><span><a href=\"https:\/\/wettbewerb-archiv.wir-tun-was-fuer-bienen.de\/archiv-2021\/eintrag\/natur-bienen-und-imkergarten\/\"><img decoding=\"async\" width=\"150\" height=\"150\" src=\"https:\/\/wettbewerb-archiv.wir-tun-was-fuer-bienen.de\/archiv-2021\/wp-content\/uploads\/sites\/3\/2021\/04\/200300000284_45121-150x150.jpg\" class=\"attachment-thumbnail size-thumbnail\" alt=\"\" loading=\"lazy\" \/><\/a><\/span><span><a href=\"https:\/\/wettbewerb-archiv.wir-tun-was-fuer-bienen.de\/archiv-2021\/eintrag\/natur-bienen-und-imkergarten\/\"><img decoding=\"async\" width=\"150\" height=\"150\" src=\"https:\/\/wettbewerb-archiv.wir-tun-was-fuer-bienen.de\/archiv-2021\/wp-content\/uploads\/sites\/3\/2021\/04\/IMG_20210328_152923-150x150.jpg\" class=\"attachment-thumbnail size-thumbnail\" alt=\"\" loading=\"lazy\" \/><\/a><\/span><span><a href=\"https:\/\/wettbewerb-archiv.wir-tun-was-fuer-bienen.de\/archiv-2021\/eintrag\/natur-bienen-und-imkergarten\/\"><img decoding=\"async\" width=\"150\" height=\"150\" src=\"https:\/\/wettbewerb-archiv.wir-tun-was-fuer-bienen.de\/archiv-2021\/wp-content\/uploads\/sites\/3\/2021\/04\/IMG_20210330_150535-150x150.jpg\" class=\"attachment-thumbnail size-thumbnail\" alt=\"\" loading=\"lazy\" \/><\/a><\/span><\/div>\n\n    <div class=\"user flex\">\n        \n                    <img decoding=\"async\" src=\"https:\/\/wettbewerb-archiv.wir-tun-was-fuer-bienen.de\/archiv-2021\/wp-content\/themes\/bienen\/assets\/images\/avatar-placeholder.png\" style=\"border-radius: 30px;\" height=\"30\" width=\"30\">\n            Bienen und Imkergarten            <\/div>\n    \n    <p class=\"categories meta bienen-gewinner\"><span class=\"fa fa-trophy\"                                                              aria-hidden=\"true\"><\/span> Gewinner<\/p>\n            <p class=\"categories meta\" style=\"width: 100%\"><span class=\"fa fa-tag\"\n                                                             aria-hidden=\"true\"><\/span> Kleingartenwesen: Parzellen und Gemeinschaftsg\u00e4rten        <\/p>\n    \n            <p class=\"categories meta\" style=\"width: 100%\"><span class=\"fa fa-map-marker\"\n                                                             aria-hidden=\"true\"><\/span> Sachsen        <\/p>\n    \n<\/article>\n   \n\t\t\n          <article id=\"post-40938\" class=\"et_pb_post post-40938 wtwfb_entry type-wtwfb_entry status-publish has-post-thumbnail hentry wtwfb_category-kita-und-kindergartengaerten wtwfb_region-hessen\">\n    <h2 class=\"entry-title\"><a href=\"https:\/\/wettbewerb-archiv.wir-tun-was-fuer-bienen.de\/archiv-2021\/eintrag\/awo-kita-und-familienzentrum-roedgen\/\">AWO Kita und Familienzentrum R\u00f6dgen<\/a>\n    <\/h2>\n    <a href=\"https:\/\/wettbewerb-archiv.wir-tun-was-fuer-bienen.de\/archiv-2021\/eintrag\/awo-kita-und-familienzentrum-roedgen\/\">\n        <div class=\"bienen-entry-image\">\n            <img decoding=\"async\" width=\"400\" height=\"300\" src=\"https:\/\/wettbewerb-archiv.wir-tun-was-fuer-bienen.de\/archiv-2021\/wp-content\/uploads\/sites\/3\/2021\/06\/image-1-400x300.jpg\" class=\"attachment-bienen-grid-thumb size-bienen-grid-thumb wp-post-image\" alt=\"\" loading=\"lazy\" \/>                    <\/div>\n    <\/a>\n\n    <div class=\"images-grid\"><span><a href=\"https:\/\/wettbewerb-archiv.wir-tun-was-fuer-bienen.de\/archiv-2021\/eintrag\/awo-kita-und-familienzentrum-roedgen\/\"><img decoding=\"async\" width=\"150\" height=\"150\" src=\"https:\/\/wettbewerb-archiv.wir-tun-was-fuer-bienen.de\/archiv-2021\/wp-content\/uploads\/sites\/3\/2021\/07\/404D44D2-F2BE-4C30-815C-F1EED0C2C88D-150x150.jpeg\" class=\"attachment-thumbnail size-thumbnail\" alt=\"\" loading=\"lazy\" \/><\/a><\/span><span><a href=\"https:\/\/wettbewerb-archiv.wir-tun-was-fuer-bienen.de\/archiv-2021\/eintrag\/awo-kita-und-familienzentrum-roedgen\/\"><img decoding=\"async\" width=\"150\" height=\"150\" src=\"https:\/\/wettbewerb-archiv.wir-tun-was-fuer-bienen.de\/archiv-2021\/wp-content\/uploads\/sites\/3\/2021\/07\/F41668A7-E173-49F9-8F70-6BAD8F5D36E2-150x150.jpeg\" class=\"attachment-thumbnail size-thumbnail\" alt=\"\" loading=\"lazy\" \/><\/a><\/span><span><a href=\"https:\/\/wettbewerb-archiv.wir-tun-was-fuer-bienen.de\/archiv-2021\/eintrag\/awo-kita-und-familienzentrum-roedgen\/\"><img decoding=\"async\" width=\"150\" height=\"150\" src=\"https:\/\/wettbewerb-archiv.wir-tun-was-fuer-bienen.de\/archiv-2021\/wp-content\/uploads\/sites\/3\/2021\/07\/2F38F35E-2195-4C3A-B8C7-9D4D619815B1-150x150.jpeg\" class=\"attachment-thumbnail size-thumbnail\" alt=\"\" loading=\"lazy\" \/><\/a><\/span><span><a href=\"https:\/\/wettbewerb-archiv.wir-tun-was-fuer-bienen.de\/archiv-2021\/eintrag\/awo-kita-und-familienzentrum-roedgen\/\"><img decoding=\"async\" width=\"150\" height=\"150\" src=\"https:\/\/wettbewerb-archiv.wir-tun-was-fuer-bienen.de\/archiv-2021\/wp-content\/uploads\/sites\/3\/2021\/07\/4FB1F17F-6250-44DC-A478-1AD2D3A73E95-150x150.jpeg\" class=\"attachment-thumbnail size-thumbnail\" alt=\"\" loading=\"lazy\" \/><\/a><\/span><\/div>\n\n    <div class=\"user flex\">\n        \n                    <img decoding=\"async\" src=\"https:\/\/wettbewerb-archiv.wir-tun-was-fuer-bienen.de\/archiv-2021\/wp-content\/themes\/bienen\/assets\/images\/avatar-placeholder.png\" style=\"border-radius: 30px;\" height=\"30\" width=\"30\">\n            KitaR\u00f6dgen            <\/div>\n    \n    <p class=\"categories meta bienen-gewinner\"><span class=\"fa fa-trophy\"                                                              aria-hidden=\"true\"><\/span> Gewinner<\/p>\n            <p class=\"categories meta\" style=\"width: 100%\"><span class=\"fa fa-tag\"\n                                                             aria-hidden=\"true\"><\/span> Kita- und Kindergarteng\u00e4rten        <\/p>\n    \n            <p class=\"categories meta\" style=\"width: 100%\"><span class=\"fa fa-map-marker\"\n                                                             aria-hidden=\"true\"><\/span> Hessen        <\/p>\n    \n<\/article>\n   \n\t\t\n          <article id=\"post-40934\" class=\"et_pb_post post-40934 wtwfb_entry type-wtwfb_entry status-publish has-post-thumbnail hentry wtwfb_category-kommunale-flaechen-parks-baumscheiben wtwfb_region-hessen\">\n    <h2 class=\"entry-title\"><a href=\"https:\/\/wettbewerb-archiv.wir-tun-was-fuer-bienen.de\/archiv-2021\/eintrag\/roedgen-summt\/\">\u201eR\u00f6dgen summt\u201c &#8211; Wir lassen unseren Ort aufbl\u00fchen<\/a>\n    <\/h2>\n    <a href=\"https:\/\/wettbewerb-archiv.wir-tun-was-fuer-bienen.de\/archiv-2021\/eintrag\/roedgen-summt\/\">\n        <div class=\"bienen-entry-image\">\n            <img decoding=\"async\" width=\"400\" height=\"300\" src=\"https:\/\/wettbewerb-archiv.wir-tun-was-fuer-bienen.de\/archiv-2021\/wp-content\/uploads\/sites\/3\/2021\/07\/EFD6ACD7-954E-4FF4-ADC0-65FE4DFFDCBC-400x300.jpeg\" class=\"attachment-bienen-grid-thumb size-bienen-grid-thumb wp-post-image\" alt=\"\" loading=\"lazy\" \/>                    <\/div>\n    <\/a>\n\n    <div class=\"images-grid\"><span><a href=\"https:\/\/wettbewerb-archiv.wir-tun-was-fuer-bienen.de\/archiv-2021\/eintrag\/roedgen-summt\/\"><img decoding=\"async\" width=\"150\" height=\"150\" src=\"https:\/\/wettbewerb-archiv.wir-tun-was-fuer-bienen.de\/archiv-2021\/wp-content\/uploads\/sites\/3\/2021\/07\/C74703F6-8228-426B-BC13-3CBCA78D99A9-150x150.jpeg\" class=\"attachment-thumbnail size-thumbnail\" alt=\"\" loading=\"lazy\" \/><\/a><\/span><span><a href=\"https:\/\/wettbewerb-archiv.wir-tun-was-fuer-bienen.de\/archiv-2021\/eintrag\/roedgen-summt\/\"><img decoding=\"async\" width=\"150\" height=\"150\" src=\"https:\/\/wettbewerb-archiv.wir-tun-was-fuer-bienen.de\/archiv-2021\/wp-content\/uploads\/sites\/3\/2021\/07\/AD14CF4D-BD01-48D2-823E-72D5827FA6F1-150x150.jpeg\" class=\"attachment-thumbnail size-thumbnail\" alt=\"\" loading=\"lazy\" \/><\/a><\/span><span><a href=\"https:\/\/wettbewerb-archiv.wir-tun-was-fuer-bienen.de\/archiv-2021\/eintrag\/roedgen-summt\/\"><img decoding=\"async\" width=\"150\" height=\"150\" src=\"https:\/\/wettbewerb-archiv.wir-tun-was-fuer-bienen.de\/archiv-2021\/wp-content\/uploads\/sites\/3\/2021\/07\/2FED89D1-C7CB-482E-B930-2E9C7C049258-150x150.jpeg\" class=\"attachment-thumbnail size-thumbnail\" alt=\"\" loading=\"lazy\" \/><\/a><\/span><span><a href=\"https:\/\/wettbewerb-archiv.wir-tun-was-fuer-bienen.de\/archiv-2021\/eintrag\/roedgen-summt\/\"><img decoding=\"async\" width=\"150\" height=\"150\" src=\"https:\/\/wettbewerb-archiv.wir-tun-was-fuer-bienen.de\/archiv-2021\/wp-content\/uploads\/sites\/3\/2021\/07\/1A9A7351-15C8-47BF-ACE0-12486CA2F6F9-150x150.jpeg\" class=\"attachment-thumbnail size-thumbnail\" alt=\"\" loading=\"lazy\" \/><\/a><\/span><\/div>\n\n    <div class=\"user flex\">\n        \n                    <img decoding=\"async\" src=\"https:\/\/wettbewerb-archiv.wir-tun-was-fuer-bienen.de\/archiv-2021\/wp-content\/themes\/bienen\/assets\/images\/avatar-placeholder.png\" style=\"border-radius: 30px;\" height=\"30\" width=\"30\">\n            KitaR\u00f6dgen            <\/div>\n            <p class=\"categories meta\" style=\"color: #c32731; font-weight: bold; width: 100%\"><span class=\"fa fa-music\"\n                                                                                                aria-hidden=\"true\"><\/span> Extrapreis Musik\n            f\u00fcr Bienenschutz\n        <\/p>\n    \n    \n            <p class=\"categories meta\" style=\"width: 100%\"><span class=\"fa fa-tag\"\n                                                             aria-hidden=\"true\"><\/span> Kommunale Fl\u00e4chen, Parks, Baumscheiben        <\/p>\n    \n            <p class=\"categories meta\" style=\"width: 100%\"><span class=\"fa fa-map-marker\"\n                                                             aria-hidden=\"true\"><\/span> Hessen        <\/p>\n    \n<\/article>\n   \n\t\t\n          <article id=\"post-40931\" class=\"et_pb_post post-40931 wtwfb_entry type-wtwfb_entry status-publish has-post-thumbnail hentry wtwfb_category-firmen-institutions-und-vereinsgaerten wtwfb_region-nordrhein-westfalen\">\n    <h2 class=\"entry-title\"><a href=\"https:\/\/wettbewerb-archiv.wir-tun-was-fuer-bienen.de\/archiv-2021\/eintrag\/mortimer-english-hattingen\/\">Mortimer English Hattingen<\/a>\n    <\/h2>\n    <a href=\"https:\/\/wettbewerb-archiv.wir-tun-was-fuer-bienen.de\/archiv-2021\/eintrag\/mortimer-english-hattingen\/\">\n        <div class=\"bienen-entry-image\">\n            <img decoding=\"async\" width=\"400\" height=\"300\" src=\"https:\/\/wettbewerb-archiv.wir-tun-was-fuer-bienen.de\/archiv-2021\/wp-content\/uploads\/sites\/3\/2021\/04\/IMG_6795-400x300.jpg\" class=\"attachment-bienen-grid-thumb size-bienen-grid-thumb wp-post-image\" alt=\"\" loading=\"lazy\" \/>                    <\/div>\n    <\/a>\n\n    <div class=\"images-grid\"><span><a href=\"https:\/\/wettbewerb-archiv.wir-tun-was-fuer-bienen.de\/archiv-2021\/eintrag\/mortimer-english-hattingen\/\"><img decoding=\"async\" width=\"150\" height=\"150\" src=\"https:\/\/wettbewerb-archiv.wir-tun-was-fuer-bienen.de\/archiv-2021\/wp-content\/uploads\/sites\/3\/2021\/06\/WhatsApp-Image-2021-06-04-at-18.39.58-1-150x150.jpeg\" class=\"attachment-thumbnail size-thumbnail\" alt=\"\" loading=\"lazy\" \/><\/a><\/span><span><a href=\"https:\/\/wettbewerb-archiv.wir-tun-was-fuer-bienen.de\/archiv-2021\/eintrag\/mortimer-english-hattingen\/\"><img decoding=\"async\" width=\"150\" height=\"150\" src=\"https:\/\/wettbewerb-archiv.wir-tun-was-fuer-bienen.de\/archiv-2021\/wp-content\/uploads\/sites\/3\/2021\/06\/WhatsApp-Image-2021-06-04-at-18.39.56-1-150x150.jpeg\" class=\"attachment-thumbnail size-thumbnail\" alt=\"\" loading=\"lazy\" \/><\/a><\/span><span><a href=\"https:\/\/wettbewerb-archiv.wir-tun-was-fuer-bienen.de\/archiv-2021\/eintrag\/mortimer-english-hattingen\/\"><img decoding=\"async\" width=\"150\" height=\"150\" src=\"https:\/\/wettbewerb-archiv.wir-tun-was-fuer-bienen.de\/archiv-2021\/wp-content\/uploads\/sites\/3\/2021\/06\/WhatsApp-Image-2021-06-04-at-18.39.55-150x150.jpeg\" class=\"attachment-thumbnail size-thumbnail\" alt=\"\" loading=\"lazy\" \/><\/a><\/span><span><a href=\"https:\/\/wettbewerb-archiv.wir-tun-was-fuer-bienen.de\/archiv-2021\/eintrag\/mortimer-english-hattingen\/\"><img decoding=\"async\" width=\"150\" height=\"150\" src=\"https:\/\/wettbewerb-archiv.wir-tun-was-fuer-bienen.de\/archiv-2021\/wp-content\/uploads\/sites\/3\/2021\/06\/WhatsApp-Image-2021-06-01-at-19.59.29-1-150x150.jpeg\" class=\"attachment-thumbnail size-thumbnail\" alt=\"\" loading=\"lazy\" \/><\/a><\/span><\/div>\n\n    <div class=\"user flex\">\n        \n                    <img decoding=\"async\" src=\"https:\/\/wettbewerb-archiv.wir-tun-was-fuer-bienen.de\/archiv-2021\/wp-content\/themes\/bienen\/assets\/images\/avatar-placeholder.png\" style=\"border-radius: 30px;\" height=\"30\" width=\"30\">\n            Mortimer English            <\/div>\n    \n    \n            <p class=\"categories meta\" style=\"width: 100%\"><span class=\"fa fa-tag\"\n                                                             aria-hidden=\"true\"><\/span> Firmen-, Institutions- und Vereinsg\u00e4rten        <\/p>\n    \n            <p class=\"categories meta\" style=\"width: 100%\"><span class=\"fa fa-map-marker\"\n                                                             aria-hidden=\"true\"><\/span> Nordrhein-Westfalen        <\/p>\n    \n<\/article>\n   \n\t\t\n          <article id=\"post-40888\" class=\"et_pb_post post-40888 wtwfb_entry type-wtwfb_entry status-publish has-post-thumbnail hentry wtwfb_category-privatgaerten-und-gaerten-von-mietwohnungen-groesser-500-quadratmeter wtwfb_region-hessen\">\n    <h2 class=\"entry-title\"><a href=\"https:\/\/wettbewerb-archiv.wir-tun-was-fuer-bienen.de\/archiv-2021\/eintrag\/unser-ort-soll-bluehen\/\">Unser Ort soll bl\u00fchen&#8230;<\/a>\n    <\/h2>\n    <a href=\"https:\/\/wettbewerb-archiv.wir-tun-was-fuer-bienen.de\/archiv-2021\/eintrag\/unser-ort-soll-bluehen\/\">\n        <div class=\"bienen-entry-image\">\n            <img decoding=\"async\" width=\"400\" height=\"300\" src=\"https:\/\/wettbewerb-archiv.wir-tun-was-fuer-bienen.de\/archiv-2021\/wp-content\/uploads\/sites\/3\/2021\/04\/20210405_195230-400x300.jpg\" class=\"attachment-bienen-grid-thumb size-bienen-grid-thumb wp-post-image\" alt=\"\" loading=\"lazy\" \/>                    <\/div>\n    <\/a>\n\n    <div class=\"images-grid\"><\/div>\n\n    <div class=\"user flex\">\n        \n                    <img decoding=\"async\" src=\"https:\/\/wettbewerb-archiv.wir-tun-was-fuer-bienen.de\/archiv-2021\/wp-content\/themes\/bienen\/assets\/images\/avatar-placeholder.png\" style=\"border-radius: 30px;\" height=\"30\" width=\"30\">\n            Vogel-und Naturschutzfreunde K\u00f6nigsberg            <\/div>\n    \n    \n            <p class=\"categories meta\" style=\"width: 100%\"><span class=\"fa fa-tag\"\n                                                             aria-hidden=\"true\"><\/span> Privatg\u00e4rten und G\u00e4rten von Mietwohnungen (gr\u00f6\u00dfer als 500 Quadratmeter)        <\/p>\n    \n            <p class=\"categories meta\" style=\"width: 100%\"><span class=\"fa fa-map-marker\"\n                                                             aria-hidden=\"true\"><\/span> Hessen        <\/p>\n    \n<\/article>\n   \n\t\t\n          <article id=\"post-40869\" class=\"et_pb_post post-40869 wtwfb_entry type-wtwfb_entry status-publish has-post-thumbnail hentry wtwfb_category-privatgaerten-und-gaerten-von-mietwohnungen-groesser-500-quadratmeter wtwfb_region-brandenburg\">\n    <h2 class=\"entry-title\"><a href=\"https:\/\/wettbewerb-archiv.wir-tun-was-fuer-bienen.de\/archiv-2021\/eintrag\/let-it-bee-2-0\/\">Let it bee 2.0<\/a>\n    <\/h2>\n    <a href=\"https:\/\/wettbewerb-archiv.wir-tun-was-fuer-bienen.de\/archiv-2021\/eintrag\/let-it-bee-2-0\/\">\n        <div class=\"bienen-entry-image\">\n            <img decoding=\"async\" width=\"400\" height=\"300\" src=\"https:\/\/wettbewerb-archiv.wir-tun-was-fuer-bienen.de\/archiv-2021\/wp-content\/uploads\/sites\/3\/2021\/08\/20210801_143043-400x300.jpg\" class=\"attachment-bienen-grid-thumb size-bienen-grid-thumb wp-post-image\" alt=\"\" loading=\"lazy\" \/>                    <\/div>\n    <\/a>\n\n    <div class=\"images-grid\"><span><a href=\"https:\/\/wettbewerb-archiv.wir-tun-was-fuer-bienen.de\/archiv-2021\/eintrag\/let-it-bee-2-0\/\"><img decoding=\"async\" width=\"150\" height=\"150\" src=\"https:\/\/wettbewerb-archiv.wir-tun-was-fuer-bienen.de\/archiv-2021\/wp-content\/uploads\/sites\/3\/2021\/07\/20201101_151251-1-150x150.jpg\" class=\"attachment-thumbnail size-thumbnail\" alt=\"\" loading=\"lazy\" \/><\/a><\/span><span><a href=\"https:\/\/wettbewerb-archiv.wir-tun-was-fuer-bienen.de\/archiv-2021\/eintrag\/let-it-bee-2-0\/\"><img decoding=\"async\" width=\"150\" height=\"150\" src=\"https:\/\/wettbewerb-archiv.wir-tun-was-fuer-bienen.de\/archiv-2021\/wp-content\/uploads\/sites\/3\/2021\/07\/20201112_095951-1-150x150.jpg\" class=\"attachment-thumbnail size-thumbnail\" alt=\"\" loading=\"lazy\" \/><\/a><\/span><span><a href=\"https:\/\/wettbewerb-archiv.wir-tun-was-fuer-bienen.de\/archiv-2021\/eintrag\/let-it-bee-2-0\/\"><img decoding=\"async\" width=\"150\" height=\"150\" src=\"https:\/\/wettbewerb-archiv.wir-tun-was-fuer-bienen.de\/archiv-2021\/wp-content\/uploads\/sites\/3\/2021\/08\/20210608_094759-150x150.jpg\" class=\"attachment-thumbnail size-thumbnail\" alt=\"\" loading=\"lazy\" \/><\/a><\/span><span><a href=\"https:\/\/wettbewerb-archiv.wir-tun-was-fuer-bienen.de\/archiv-2021\/eintrag\/let-it-bee-2-0\/\"><img decoding=\"async\" width=\"150\" height=\"150\" src=\"https:\/\/wettbewerb-archiv.wir-tun-was-fuer-bienen.de\/archiv-2021\/wp-content\/uploads\/sites\/3\/2021\/07\/20210725_092800-1-150x150.jpg\" class=\"attachment-thumbnail size-thumbnail\" alt=\"\" loading=\"lazy\" \/><\/a><\/span><\/div>\n\n    <div class=\"user flex\">\n        \n                    <img decoding=\"async\" src=\"https:\/\/wettbewerb-archiv.wir-tun-was-fuer-bienen.de\/archiv-2021\/wp-content\/themes\/bienen\/assets\/images\/avatar-placeholder.png\" style=\"border-radius: 30px;\" height=\"30\" width=\"30\">\n            Buddelbiene            <\/div>\n    \n    \n            <p class=\"categories meta\" style=\"width: 100%\"><span class=\"fa fa-tag\"\n                                                             aria-hidden=\"true\"><\/span> Privatg\u00e4rten und G\u00e4rten von Mietwohnungen (gr\u00f6\u00dfer als 500 Quadratmeter)        <\/p>\n    \n            <p class=\"categories meta\" style=\"width: 100%\"><span class=\"fa fa-map-marker\"\n                                                             aria-hidden=\"true\"><\/span> Brandenburg        <\/p>\n    \n<\/article>\n   \n\t\t\n          <article id=\"post-40861\" class=\"et_pb_post post-40861 wtwfb_entry type-wtwfb_entry status-publish has-post-thumbnail hentry wtwfb_category-firmen-institutions-und-vereinsgaerten wtwfb_region-sachsen\">\n    <h2 class=\"entry-title\"><a href=\"https:\/\/wettbewerb-archiv.wir-tun-was-fuer-bienen.de\/archiv-2021\/eintrag\/elbtalbrache\/\">Elbtalbrache<\/a>\n    <\/h2>\n    <a href=\"https:\/\/wettbewerb-archiv.wir-tun-was-fuer-bienen.de\/archiv-2021\/eintrag\/elbtalbrache\/\">\n        <div class=\"bienen-entry-image\">\n            <img decoding=\"async\" width=\"145\" height=\"132\" src=\"https:\/\/wettbewerb-archiv.wir-tun-was-fuer-bienen.de\/archiv-2021\/wp-content\/uploads\/sites\/3\/2021\/06\/20210404Titelbild-2.jpg\" class=\"attachment-bienen-grid-thumb size-bienen-grid-thumb wp-post-image\" alt=\"\" loading=\"lazy\" \/>                    <\/div>\n    <\/a>\n\n    <div class=\"images-grid\"><span><a href=\"https:\/\/wettbewerb-archiv.wir-tun-was-fuer-bienen.de\/archiv-2021\/eintrag\/elbtalbrache\/\"><img decoding=\"async\" width=\"150\" height=\"150\" src=\"https:\/\/wettbewerb-archiv.wir-tun-was-fuer-bienen.de\/archiv-2021\/wp-content\/uploads\/sites\/3\/2021\/06\/20210530MangoldSojaPhysalis-150x150.jpg\" class=\"attachment-thumbnail size-thumbnail\" alt=\"\" loading=\"lazy\" \/><\/a><\/span><span><a href=\"https:\/\/wettbewerb-archiv.wir-tun-was-fuer-bienen.de\/archiv-2021\/eintrag\/elbtalbrache\/\"><img decoding=\"async\" width=\"150\" height=\"150\" src=\"https:\/\/wettbewerb-archiv.wir-tun-was-fuer-bienen.de\/archiv-2021\/wp-content\/uploads\/sites\/3\/2021\/06\/20210530Tomaten-150x150.jpg\" class=\"attachment-thumbnail size-thumbnail\" alt=\"\" loading=\"lazy\" \/><\/a><\/span><span><a href=\"https:\/\/wettbewerb-archiv.wir-tun-was-fuer-bienen.de\/archiv-2021\/eintrag\/elbtalbrache\/\"><img decoding=\"async\" width=\"150\" height=\"150\" src=\"https:\/\/wettbewerb-archiv.wir-tun-was-fuer-bienen.de\/archiv-2021\/wp-content\/uploads\/sites\/3\/2021\/06\/20210612Rankhilfe-150x150.jpg\" class=\"attachment-thumbnail size-thumbnail\" alt=\"\" loading=\"lazy\" \/><\/a><\/span><span><a href=\"https:\/\/wettbewerb-archiv.wir-tun-was-fuer-bienen.de\/archiv-2021\/eintrag\/elbtalbrache\/\"><img decoding=\"async\" width=\"150\" height=\"150\" src=\"https:\/\/wettbewerb-archiv.wir-tun-was-fuer-bienen.de\/archiv-2021\/wp-content\/uploads\/sites\/3\/2021\/06\/IMG_3479-2-150x150.jpg\" class=\"attachment-thumbnail size-thumbnail\" alt=\"\" loading=\"lazy\" \/><\/a><\/span><\/div>\n\n    <div class=\"user flex\">\n        \n                    <img decoding=\"async\" src=\"https:\/\/wettbewerb-archiv.wir-tun-was-fuer-bienen.de\/archiv-2021\/wp-content\/themes\/bienen\/assets\/images\/avatar-placeholder.png\" style=\"border-radius: 30px;\" height=\"30\" width=\"30\">\n            Goldammer            <\/div>\n    \n    \n            <p class=\"categories meta\" style=\"width: 100%\"><span class=\"fa fa-tag\"\n                                                             aria-hidden=\"true\"><\/span> Firmen-, Institutions- und Vereinsg\u00e4rten        <\/p>\n    \n            <p class=\"categories meta\" style=\"width: 100%\"><span class=\"fa fa-map-marker\"\n                                                             aria-hidden=\"true\"><\/span> Sachsen        <\/p>\n    \n<\/article>\n   \n\t\t\n          <article id=\"post-40852\" class=\"et_pb_post post-40852 wtwfb_entry type-wtwfb_entry status-publish has-post-thumbnail hentry wtwfb_category-privatgaerten-und-gaerten-von-mietwohnungen-groesser-500-quadratmeter wtwfb_region-saarland\">\n    <h2 class=\"entry-title\"><a href=\"https:\/\/wettbewerb-archiv.wir-tun-was-fuer-bienen.de\/archiv-2021\/eintrag\/mein-neues-alpinum\/\">Mein neues Alpinum<\/a>\n    <\/h2>\n    <a href=\"https:\/\/wettbewerb-archiv.wir-tun-was-fuer-bienen.de\/archiv-2021\/eintrag\/mein-neues-alpinum\/\">\n        <div class=\"bienen-entry-image\">\n            <img decoding=\"async\" width=\"400\" height=\"300\" src=\"https:\/\/wettbewerb-archiv.wir-tun-was-fuer-bienen.de\/archiv-2021\/wp-content\/uploads\/sites\/3\/2021\/04\/20210331_184701-400x300.jpg\" class=\"attachment-bienen-grid-thumb size-bienen-grid-thumb wp-post-image\" alt=\"\" loading=\"lazy\" \/>                    <\/div>\n    <\/a>\n\n    <div class=\"images-grid\"><span><a href=\"https:\/\/wettbewerb-archiv.wir-tun-was-fuer-bienen.de\/archiv-2021\/eintrag\/mein-neues-alpinum\/\"><img decoding=\"async\" width=\"150\" height=\"150\" src=\"https:\/\/wettbewerb-archiv.wir-tun-was-fuer-bienen.de\/archiv-2021\/wp-content\/uploads\/sites\/3\/2021\/04\/20210329_182544-150x150.jpg\" class=\"attachment-thumbnail size-thumbnail\" alt=\"\" loading=\"lazy\" \/><\/a><\/span><span><a href=\"https:\/\/wettbewerb-archiv.wir-tun-was-fuer-bienen.de\/archiv-2021\/eintrag\/mein-neues-alpinum\/\"><img decoding=\"async\" width=\"150\" height=\"150\" src=\"https:\/\/wettbewerb-archiv.wir-tun-was-fuer-bienen.de\/archiv-2021\/wp-content\/uploads\/sites\/3\/2021\/04\/20210329_190442-150x150.jpg\" class=\"attachment-thumbnail size-thumbnail\" alt=\"\" loading=\"lazy\" \/><\/a><\/span><span><a href=\"https:\/\/wettbewerb-archiv.wir-tun-was-fuer-bienen.de\/archiv-2021\/eintrag\/mein-neues-alpinum\/\"><img decoding=\"async\" width=\"150\" height=\"150\" src=\"https:\/\/wettbewerb-archiv.wir-tun-was-fuer-bienen.de\/archiv-2021\/wp-content\/uploads\/sites\/3\/2021\/04\/20210331_181722-150x150.jpg\" class=\"attachment-thumbnail size-thumbnail\" alt=\"\" loading=\"lazy\" \/><\/a><\/span><span><a href=\"https:\/\/wettbewerb-archiv.wir-tun-was-fuer-bienen.de\/archiv-2021\/eintrag\/mein-neues-alpinum\/\"><img decoding=\"async\" width=\"150\" height=\"150\" src=\"https:\/\/wettbewerb-archiv.wir-tun-was-fuer-bienen.de\/archiv-2021\/wp-content\/uploads\/sites\/3\/2021\/04\/20210331_184042-150x150.jpg\" class=\"attachment-thumbnail size-thumbnail\" alt=\"\" loading=\"lazy\" \/><\/a><\/span><\/div>\n\n    <div class=\"user flex\">\n        \n                    <img decoding=\"async\" src=\"https:\/\/wettbewerb-archiv.wir-tun-was-fuer-bienen.de\/archiv-2021\/wp-content\/themes\/bienen\/assets\/images\/avatar-placeholder.png\" style=\"border-radius: 30px;\" height=\"30\" width=\"30\">\n            Familie Herbst            <\/div>\n    \n    \n            <p class=\"categories meta\" style=\"width: 100%\"><span class=\"fa fa-tag\"\n                                                             aria-hidden=\"true\"><\/span> Privatg\u00e4rten und G\u00e4rten von Mietwohnungen (gr\u00f6\u00dfer als 500 Quadratmeter)        <\/p>\n    \n            <p class=\"categories meta\" style=\"width: 100%\"><span class=\"fa fa-map-marker\"\n                                                             aria-hidden=\"true\"><\/span> Saarland        <\/p>\n    \n<\/article>\n   \n\t\t\n          <article id=\"post-40813\" class=\"et_pb_post post-40813 wtwfb_entry type-wtwfb_entry status-publish has-post-thumbnail hentry wtwfb_category-balkone-terrassen-dachbegruenung-vertikale-gaerten wtwfb_region-berlin\">\n    <h2 class=\"entry-title\"><a href=\"https:\/\/wettbewerb-archiv.wir-tun-was-fuer-bienen.de\/archiv-2021\/eintrag\/wasbluehtberlin\/\">Wildbienenbalkon @wasbluehtberlin<\/a>\n    <\/h2>\n    <a href=\"https:\/\/wettbewerb-archiv.wir-tun-was-fuer-bienen.de\/archiv-2021\/eintrag\/wasbluehtberlin\/\">\n        <div class=\"bienen-entry-image\">\n            <img decoding=\"async\" width=\"400\" height=\"300\" src=\"https:\/\/wettbewerb-archiv.wir-tun-was-fuer-bienen.de\/archiv-2021\/wp-content\/uploads\/sites\/3\/2021\/04\/DSC03892Balkon2020-400x300.jpg\" class=\"attachment-bienen-grid-thumb size-bienen-grid-thumb wp-post-image\" alt=\"\" loading=\"lazy\" \/>                    <\/div>\n    <\/a>\n\n    <div class=\"images-grid\"><\/div>\n\n    <div class=\"user flex\">\n        \n                    <img decoding=\"async\" src=\"https:\/\/wettbewerb-archiv.wir-tun-was-fuer-bienen.de\/archiv-2021\/wp-content\/themes\/bienen\/assets\/images\/avatar-placeholder.png\" style=\"border-radius: 30px;\" height=\"30\" width=\"30\">\n            @wasbluehtberlin            <\/div>\n    \n    <p class=\"categories meta bienen-gewinner\"><span class=\"fa fa-trophy\"                                                              aria-hidden=\"true\"><\/span> Gewinner<\/p>\n            <p class=\"categories meta\" style=\"width: 100%\"><span class=\"fa fa-tag\"\n                                                             aria-hidden=\"true\"><\/span> Balkone, Terrassen, Dachbegr\u00fcnung, vertikale G\u00e4rten        <\/p>\n    \n            <p class=\"categories meta\" style=\"width: 100%\"><span class=\"fa fa-map-marker\"\n                                                             aria-hidden=\"true\"><\/span> Berlin        <\/p>\n    \n<\/article>\n   \n\t\t\n          <article id=\"post-40809\" class=\"et_pb_post post-40809 wtwfb_entry type-wtwfb_entry status-publish has-post-thumbnail hentry wtwfb_category-privatgaerten-und-gaerten-von-mietwohnungen-kleiner-500-quadratmeter wtwfb_region-rheinland-pfalz\">\n    <h2 class=\"entry-title\"><a href=\"https:\/\/wettbewerb-archiv.wir-tun-was-fuer-bienen.de\/archiv-2021\/eintrag\/naturgarten-auf-flugsandduene-unser-gartenabenteuer\/\">Naturgarten auf Flugsandd\u00fcne &#8211; unser Gartenabenteuer<\/a>\n    <\/h2>\n    <a href=\"https:\/\/wettbewerb-archiv.wir-tun-was-fuer-bienen.de\/archiv-2021\/eintrag\/naturgarten-auf-flugsandduene-unser-gartenabenteuer\/\">\n        <div class=\"bienen-entry-image\">\n            <img decoding=\"async\" width=\"400\" height=\"300\" src=\"https:\/\/wettbewerb-archiv.wir-tun-was-fuer-bienen.de\/archiv-2021\/wp-content\/uploads\/sites\/3\/2021\/04\/Essigrose-Violacee-400x300.jpg\" class=\"attachment-bienen-grid-thumb size-bienen-grid-thumb wp-post-image\" alt=\"\" loading=\"lazy\" \/>                    <\/div>\n    <\/a>\n\n    <div class=\"images-grid\"><span><a href=\"https:\/\/wettbewerb-archiv.wir-tun-was-fuer-bienen.de\/archiv-2021\/eintrag\/naturgarten-auf-flugsandduene-unser-gartenabenteuer\/\"><img decoding=\"async\" width=\"150\" height=\"150\" src=\"https:\/\/wettbewerb-archiv.wir-tun-was-fuer-bienen.de\/archiv-2021\/wp-content\/uploads\/sites\/3\/2021\/04\/20210415_091542-150x150.jpg\" class=\"attachment-thumbnail size-thumbnail\" alt=\"\" loading=\"lazy\" \/><\/a><\/span><span><a href=\"https:\/\/wettbewerb-archiv.wir-tun-was-fuer-bienen.de\/archiv-2021\/eintrag\/naturgarten-auf-flugsandduene-unser-gartenabenteuer\/\"><img decoding=\"async\" width=\"150\" height=\"150\" src=\"https:\/\/wettbewerb-archiv.wir-tun-was-fuer-bienen.de\/archiv-2021\/wp-content\/uploads\/sites\/3\/2021\/04\/20210413_073616-150x150.jpg\" class=\"attachment-thumbnail size-thumbnail\" alt=\"\" loading=\"lazy\" \/><\/a><\/span><span><a href=\"https:\/\/wettbewerb-archiv.wir-tun-was-fuer-bienen.de\/archiv-2021\/eintrag\/naturgarten-auf-flugsandduene-unser-gartenabenteuer\/\"><img decoding=\"async\" width=\"150\" height=\"150\" src=\"https:\/\/wettbewerb-archiv.wir-tun-was-fuer-bienen.de\/archiv-2021\/wp-content\/uploads\/sites\/3\/2021\/05\/20210410_163543-150x150.jpg\" class=\"attachment-thumbnail size-thumbnail\" alt=\"\" loading=\"lazy\" \/><\/a><\/span><span><a href=\"https:\/\/wettbewerb-archiv.wir-tun-was-fuer-bienen.de\/archiv-2021\/eintrag\/naturgarten-auf-flugsandduene-unser-gartenabenteuer\/\"><img decoding=\"async\" width=\"150\" height=\"150\" src=\"https:\/\/wettbewerb-archiv.wir-tun-was-fuer-bienen.de\/archiv-2021\/wp-content\/uploads\/sites\/3\/2021\/05\/20210415_104045-150x150.jpg\" class=\"attachment-thumbnail size-thumbnail\" alt=\"\" loading=\"lazy\" \/><\/a><\/span><\/div>\n\n    <div class=\"user flex\">\n        \n                    <img decoding=\"async\" src=\"https:\/\/wettbewerb-archiv.wir-tun-was-fuer-bienen.de\/archiv-2021\/wp-content\/themes\/bienen\/assets\/images\/avatar-placeholder.png\" style=\"border-radius: 30px;\" height=\"30\" width=\"30\">\n            Sandbiene            <\/div>\n    \n    \n            <p class=\"categories meta\" style=\"width: 100%\"><span class=\"fa fa-tag\"\n                                                             aria-hidden=\"true\"><\/span> Privatg\u00e4rten und G\u00e4rten von Mietwohnungen (kleiner als 500 Quadratmeter)        <\/p>\n    \n            <p class=\"categories meta\" style=\"width: 100%\"><span class=\"fa fa-map-marker\"\n                                                             aria-hidden=\"true\"><\/span> Rheinland-Pfalz        <\/p>\n    \n<\/article>\n   \n\t\t\n          <article id=\"post-40793\" class=\"et_pb_post post-40793 wtwfb_entry type-wtwfb_entry status-publish has-post-thumbnail hentry wtwfb_category-kita-und-kindergartengaerten wtwfb_region-saarland\">\n    <h2 class=\"entry-title\"><a href=\"https:\/\/wettbewerb-archiv.wir-tun-was-fuer-bienen.de\/archiv-2021\/eintrag\/vorher-bilder-vom-spielhof\/\">Vorher Bilder vom spielhof<\/a>\n    <\/h2>\n    <a href=\"https:\/\/wettbewerb-archiv.wir-tun-was-fuer-bienen.de\/archiv-2021\/eintrag\/vorher-bilder-vom-spielhof\/\">\n        <div class=\"bienen-entry-image\">\n            <img decoding=\"async\" width=\"400\" height=\"300\" src=\"https:\/\/wettbewerb-archiv.wir-tun-was-fuer-bienen.de\/archiv-2021\/wp-content\/uploads\/sites\/3\/2021\/04\/16175358481447316555318197122303-400x300.jpg\" class=\"attachment-bienen-grid-thumb size-bienen-grid-thumb wp-post-image\" alt=\"\" loading=\"lazy\" \/>                    <\/div>\n    <\/a>\n\n    <div class=\"images-grid\"><\/div>\n\n    <div class=\"user flex\">\n        \n                    <img decoding=\"async\" src=\"https:\/\/wettbewerb-archiv.wir-tun-was-fuer-bienen.de\/archiv-2021\/wp-content\/themes\/bienen\/assets\/images\/avatar-placeholder.png\" style=\"border-radius: 30px;\" height=\"30\" width=\"30\">\n            KiTa St.Martin T\u00fcnsdorf            <\/div>\n    \n    \n            <p class=\"categories meta\" style=\"width: 100%\"><span class=\"fa fa-tag\"\n                                                             aria-hidden=\"true\"><\/span> Kita- und Kindergarteng\u00e4rten        <\/p>\n    \n            <p class=\"categories meta\" style=\"width: 100%\"><span class=\"fa fa-map-marker\"\n                                                             aria-hidden=\"true\"><\/span> Saarland        <\/p>\n    \n<\/article>\n   \n\t\t\n          <article id=\"post-40731\" class=\"et_pb_post post-40731 wtwfb_entry type-wtwfb_entry status-publish has-post-thumbnail hentry wtwfb_category-kommunale-flaechen-parks-baumscheiben wtwfb_region-rheinland-pfalz\">\n    <h2 class=\"entry-title\"><a href=\"https:\/\/wettbewerb-archiv.wir-tun-was-fuer-bienen.de\/archiv-2021\/eintrag\/naturschutzgruppe-bodenheim-erlebensraum\/\">Naturschutzgruppe Bodenheim &#8211; ErLebensraum<\/a>\n    <\/h2>\n    <a href=\"https:\/\/wettbewerb-archiv.wir-tun-was-fuer-bienen.de\/archiv-2021\/eintrag\/naturschutzgruppe-bodenheim-erlebensraum\/\">\n        <div class=\"bienen-entry-image\">\n            <img decoding=\"async\" width=\"400\" height=\"300\" src=\"https:\/\/wettbewerb-archiv.wir-tun-was-fuer-bienen.de\/archiv-2021\/wp-content\/uploads\/sites\/3\/2021\/04\/Gruppe-400x300.jpg\" class=\"attachment-bienen-grid-thumb size-bienen-grid-thumb wp-post-image\" alt=\"\" loading=\"lazy\" \/>                    <\/div>\n    <\/a>\n\n    <div class=\"images-grid\"><span><a href=\"https:\/\/wettbewerb-archiv.wir-tun-was-fuer-bienen.de\/archiv-2021\/eintrag\/naturschutzgruppe-bodenheim-erlebensraum\/\"><img decoding=\"async\" width=\"150\" height=\"150\" src=\"https:\/\/wettbewerb-archiv.wir-tun-was-fuer-bienen.de\/archiv-2021\/wp-content\/uploads\/sites\/3\/2021\/04\/Gruppe-1-150x150.jpg\" class=\"attachment-thumbnail size-thumbnail\" alt=\"\" loading=\"lazy\" \/><\/a><\/span><span><a href=\"https:\/\/wettbewerb-archiv.wir-tun-was-fuer-bienen.de\/archiv-2021\/eintrag\/naturschutzgruppe-bodenheim-erlebensraum\/\"><img decoding=\"async\" width=\"150\" height=\"150\" src=\"https:\/\/wettbewerb-archiv.wir-tun-was-fuer-bienen.de\/archiv-2021\/wp-content\/uploads\/sites\/3\/2021\/04\/162790860_1415315925472207_1769907401160674117_n-150x150.jpg\" class=\"attachment-thumbnail size-thumbnail\" alt=\"\" loading=\"lazy\" \/><\/a><\/span><span><a href=\"https:\/\/wettbewerb-archiv.wir-tun-was-fuer-bienen.de\/archiv-2021\/eintrag\/naturschutzgruppe-bodenheim-erlebensraum\/\"><img decoding=\"async\" width=\"150\" height=\"150\" src=\"https:\/\/wettbewerb-archiv.wir-tun-was-fuer-bienen.de\/archiv-2021\/wp-content\/uploads\/sites\/3\/2021\/04\/162649060_513039683434429_1574688951652150710_n-150x150.jpg\" class=\"attachment-thumbnail size-thumbnail\" alt=\"\" loading=\"lazy\" \/><\/a><\/span><span><a href=\"https:\/\/wettbewerb-archiv.wir-tun-was-fuer-bienen.de\/archiv-2021\/eintrag\/naturschutzgruppe-bodenheim-erlebensraum\/\"><img decoding=\"async\" width=\"150\" height=\"150\" src=\"https:\/\/wettbewerb-archiv.wir-tun-was-fuer-bienen.de\/archiv-2021\/wp-content\/uploads\/sites\/3\/2021\/04\/20201120_161109-150x150.jpg\" class=\"attachment-thumbnail size-thumbnail\" alt=\"\" loading=\"lazy\" \/><\/a><\/span><\/div>\n\n    <div class=\"user flex\">\n        \n                    <img decoding=\"async\" src=\"https:\/\/wettbewerb-archiv.wir-tun-was-fuer-bienen.de\/archiv-2021\/wp-content\/themes\/bienen\/assets\/images\/avatar-placeholder.png\" style=\"border-radius: 30px;\" height=\"30\" width=\"30\">\n            NaturschutzgruppeBodenheim            <\/div>\n    \n    <p class=\"categories meta bienen-gewinner\"><span class=\"fa fa-trophy\"                                                              aria-hidden=\"true\"><\/span> Gewinner<\/p>\n            <p class=\"categories meta\" style=\"width: 100%\"><span class=\"fa fa-tag\"\n                                                             aria-hidden=\"true\"><\/span> Kommunale Fl\u00e4chen, Parks, Baumscheiben        <\/p>\n    \n            <p class=\"categories meta\" style=\"width: 100%\"><span class=\"fa fa-map-marker\"\n                                                             aria-hidden=\"true\"><\/span> Rheinland-Pfalz        <\/p>\n    \n<\/article>\n   \n\t\t\n          <article id=\"post-40724\" class=\"et_pb_post post-40724 wtwfb_entry type-wtwfb_entry status-publish has-post-thumbnail hentry wtwfb_category-privatgaerten-und-gaerten-von-mietwohnungen-kleiner-500-quadratmeter wtwfb_region-niedersachsen\">\n    <h2 class=\"entry-title\"><a href=\"https:\/\/wettbewerb-archiv.wir-tun-was-fuer-bienen.de\/archiv-2021\/eintrag\/unser-bienenparadies\/\">Unser Bienenparadies<\/a>\n    <\/h2>\n    <a href=\"https:\/\/wettbewerb-archiv.wir-tun-was-fuer-bienen.de\/archiv-2021\/eintrag\/unser-bienenparadies\/\">\n        <div class=\"bienen-entry-image\">\n            <img decoding=\"async\" width=\"400\" height=\"300\" src=\"https:\/\/wettbewerb-archiv.wir-tun-was-fuer-bienen.de\/archiv-2021\/wp-content\/uploads\/sites\/3\/2021\/04\/01103414-0B1B-4D82-B85A-5E9B6795C043-400x300.jpeg\" class=\"attachment-bienen-grid-thumb size-bienen-grid-thumb wp-post-image\" alt=\"\" loading=\"lazy\" \/>                    <\/div>\n    <\/a>\n\n    <div class=\"images-grid\"><\/div>\n\n    <div class=\"user flex\">\n        \n                    <img decoding=\"async\" src=\"https:\/\/wettbewerb-archiv.wir-tun-was-fuer-bienen.de\/archiv-2021\/wp-content\/themes\/bienen\/assets\/images\/avatar-placeholder.png\" style=\"border-radius: 30px;\" height=\"30\" width=\"30\">\n            Irisraute            <\/div>\n    \n    \n            <p class=\"categories meta\" style=\"width: 100%\"><span class=\"fa fa-tag\"\n                                                             aria-hidden=\"true\"><\/span> Privatg\u00e4rten und G\u00e4rten von Mietwohnungen (kleiner als 500 Quadratmeter)        <\/p>\n    \n            <p class=\"categories meta\" style=\"width: 100%\"><span class=\"fa fa-map-marker\"\n                                                             aria-hidden=\"true\"><\/span> Niedersachsen        <\/p>\n    \n<\/article>\n   \n\t\t\n          <article id=\"post-40696\" class=\"et_pb_post post-40696 wtwfb_entry type-wtwfb_entry status-publish has-post-thumbnail hentry wtwfb_category-kommunale-flaechen-parks-baumscheiben wtwfb_region-baden-wuerttemberg\">\n    <h2 class=\"entry-title\"><a href=\"https:\/\/wettbewerb-archiv.wir-tun-was-fuer-bienen.de\/archiv-2021\/eintrag\/max-patenbaum\/\">Max&#8216; Patenbaum<\/a>\n    <\/h2>\n    <a href=\"https:\/\/wettbewerb-archiv.wir-tun-was-fuer-bienen.de\/archiv-2021\/eintrag\/max-patenbaum\/\">\n        <div class=\"bienen-entry-image\">\n            <img decoding=\"async\" width=\"400\" height=\"300\" src=\"https:\/\/wettbewerb-archiv.wir-tun-was-fuer-bienen.de\/archiv-2021\/wp-content\/uploads\/sites\/3\/2021\/04\/DSC_2490-400x300.jpg\" class=\"attachment-bienen-grid-thumb size-bienen-grid-thumb wp-post-image\" alt=\"\" loading=\"lazy\" \/>                    <\/div>\n    <\/a>\n\n    <div class=\"images-grid\"><span><a href=\"https:\/\/wettbewerb-archiv.wir-tun-was-fuer-bienen.de\/archiv-2021\/eintrag\/max-patenbaum\/\"><img decoding=\"async\" width=\"150\" height=\"150\" src=\"https:\/\/wettbewerb-archiv.wir-tun-was-fuer-bienen.de\/archiv-2021\/wp-content\/uploads\/sites\/3\/2021\/04\/DSC_1936-150x150.jpg\" class=\"attachment-thumbnail size-thumbnail\" alt=\"\" loading=\"lazy\" \/><\/a><\/span><span><a href=\"https:\/\/wettbewerb-archiv.wir-tun-was-fuer-bienen.de\/archiv-2021\/eintrag\/max-patenbaum\/\"><img decoding=\"async\" width=\"150\" height=\"150\" src=\"https:\/\/wettbewerb-archiv.wir-tun-was-fuer-bienen.de\/archiv-2021\/wp-content\/uploads\/sites\/3\/2021\/04\/DSC_1937-150x150.jpg\" class=\"attachment-thumbnail size-thumbnail\" alt=\"\" loading=\"lazy\" \/><\/a><\/span><span><a href=\"https:\/\/wettbewerb-archiv.wir-tun-was-fuer-bienen.de\/archiv-2021\/eintrag\/max-patenbaum\/\"><img decoding=\"async\" width=\"150\" height=\"150\" src=\"https:\/\/wettbewerb-archiv.wir-tun-was-fuer-bienen.de\/archiv-2021\/wp-content\/uploads\/sites\/3\/2021\/04\/DSC_1939-150x150.jpg\" class=\"attachment-thumbnail size-thumbnail\" alt=\"\" loading=\"lazy\" \/><\/a><\/span><span><a href=\"https:\/\/wettbewerb-archiv.wir-tun-was-fuer-bienen.de\/archiv-2021\/eintrag\/max-patenbaum\/\"><img decoding=\"async\" width=\"150\" height=\"150\" src=\"https:\/\/wettbewerb-archiv.wir-tun-was-fuer-bienen.de\/archiv-2021\/wp-content\/uploads\/sites\/3\/2021\/04\/DSC_1940-150x150.jpg\" class=\"attachment-thumbnail size-thumbnail\" alt=\"\" loading=\"lazy\" \/><\/a><\/span><\/div>\n\n    <div class=\"user flex\">\n        \n                    <img decoding=\"async\" src=\"https:\/\/wettbewerb-archiv.wir-tun-was-fuer-bienen.de\/archiv-2021\/wp-content\/themes\/bienen\/assets\/images\/avatar-placeholder.png\" style=\"border-radius: 30px;\" height=\"30\" width=\"30\">\n            Max' Patenbaum            <\/div>\n    \n    <p class=\"categories meta bienen-gewinner\"><span class=\"fa fa-trophy\"                                                              aria-hidden=\"true\"><\/span> Gewinner<\/p>\n            <p class=\"categories meta\" style=\"width: 100%\"><span class=\"fa fa-tag\"\n                                                             aria-hidden=\"true\"><\/span> Kommunale Fl\u00e4chen, Parks, Baumscheiben        <\/p>\n    \n            <p class=\"categories meta\" style=\"width: 100%\"><span class=\"fa fa-map-marker\"\n                                                             aria-hidden=\"true\"><\/span> Baden-W\u00fcrttemberg        <\/p>\n    \n<\/article>\n   \n\t\t\n          <article id=\"post-40687\" class=\"et_pb_post post-40687 wtwfb_entry type-wtwfb_entry status-publish hentry wtwfb_category-kita-und-kindergartengaerten wtwfb_region-nordrhein-westfalen\">\n    <h2 class=\"entry-title\"><a href=\"https:\/\/wettbewerb-archiv.wir-tun-was-fuer-bienen.de\/archiv-2021\/eintrag\/vogelbeobachtungstation\/\">Vogelbeobachtungstation<\/a>\n    <\/h2>\n    <a href=\"https:\/\/wettbewerb-archiv.wir-tun-was-fuer-bienen.de\/archiv-2021\/eintrag\/vogelbeobachtungstation\/\">\n        <div class=\"bienen-entry-image\">\n                                <\/div>\n    <\/a>\n\n    <div class=\"images-grid\"><\/div>\n\n    <div class=\"user flex\">\n        \n                    <img decoding=\"async\" src=\"https:\/\/wettbewerb-archiv.wir-tun-was-fuer-bienen.de\/archiv-2021\/wp-content\/themes\/bienen\/assets\/images\/avatar-placeholder.png\" style=\"border-radius: 30px;\" height=\"30\" width=\"30\">\n            Natur- und Waldkindergarten REKids            <\/div>\n    \n    \n            <p class=\"categories meta\" style=\"width: 100%\"><span class=\"fa fa-tag\"\n                                                             aria-hidden=\"true\"><\/span> Kita- und Kindergarteng\u00e4rten        <\/p>\n    \n            <p class=\"categories meta\" style=\"width: 100%\"><span class=\"fa fa-map-marker\"\n                                                             aria-hidden=\"true\"><\/span> Nordrhein-Westfalen        <\/p>\n    \n<\/article>\n   \n\t\t\n          <article id=\"post-40680\" class=\"et_pb_post post-40680 wtwfb_entry type-wtwfb_entry status-publish has-post-thumbnail hentry wtwfb_category-privatgaerten-und-gaerten-von-mietwohnungen-groesser-500-quadratmeter wtwfb_region-schleswig-holstein\">\n    <h2 class=\"entry-title\"><a href=\"https:\/\/wettbewerb-archiv.wir-tun-was-fuer-bienen.de\/archiv-2021\/eintrag\/triste-ungenutzte-flaeche-wird-umgestaltet\/\">Triste, ungenutzte Fl\u00e4che wird umgestaltet<\/a>\n    <\/h2>\n    <a href=\"https:\/\/wettbewerb-archiv.wir-tun-was-fuer-bienen.de\/archiv-2021\/eintrag\/triste-ungenutzte-flaeche-wird-umgestaltet\/\">\n        <div class=\"bienen-entry-image\">\n            <img decoding=\"async\" width=\"400\" height=\"300\" src=\"https:\/\/wettbewerb-archiv.wir-tun-was-fuer-bienen.de\/archiv-2021\/wp-content\/uploads\/sites\/3\/2021\/04\/IMG_20210401_184249-400x300.jpg\" class=\"attachment-bienen-grid-thumb size-bienen-grid-thumb wp-post-image\" alt=\"\" loading=\"lazy\" \/>                    <\/div>\n    <\/a>\n\n    <div class=\"images-grid\"><span><a href=\"https:\/\/wettbewerb-archiv.wir-tun-was-fuer-bienen.de\/archiv-2021\/eintrag\/triste-ungenutzte-flaeche-wird-umgestaltet\/\"><img decoding=\"async\" width=\"150\" height=\"150\" src=\"https:\/\/wettbewerb-archiv.wir-tun-was-fuer-bienen.de\/archiv-2021\/wp-content\/uploads\/sites\/3\/2021\/04\/IMG_20210331_180809-150x150.jpg\" class=\"attachment-thumbnail size-thumbnail\" alt=\"\" loading=\"lazy\" \/><\/a><\/span><span><a href=\"https:\/\/wettbewerb-archiv.wir-tun-was-fuer-bienen.de\/archiv-2021\/eintrag\/triste-ungenutzte-flaeche-wird-umgestaltet\/\"><img decoding=\"async\" width=\"150\" height=\"150\" src=\"https:\/\/wettbewerb-archiv.wir-tun-was-fuer-bienen.de\/archiv-2021\/wp-content\/uploads\/sites\/3\/2021\/04\/IMG_20210401_184209-150x150.jpg\" class=\"attachment-thumbnail size-thumbnail\" alt=\"\" loading=\"lazy\" \/><\/a><\/span><span><a href=\"https:\/\/wettbewerb-archiv.wir-tun-was-fuer-bienen.de\/archiv-2021\/eintrag\/triste-ungenutzte-flaeche-wird-umgestaltet\/\"><img decoding=\"async\" width=\"150\" height=\"150\" src=\"https:\/\/wettbewerb-archiv.wir-tun-was-fuer-bienen.de\/archiv-2021\/wp-content\/uploads\/sites\/3\/2021\/05\/16214404080751632308820111406278-150x150.jpg\" class=\"attachment-thumbnail size-thumbnail\" alt=\"\" loading=\"lazy\" \/><\/a><\/span><\/div>\n\n    <div class=\"user flex\">\n        \n                    <img decoding=\"async\" src=\"https:\/\/wettbewerb-archiv.wir-tun-was-fuer-bienen.de\/archiv-2021\/wp-content\/themes\/bienen\/assets\/images\/avatar-placeholder.png\" style=\"border-radius: 30px;\" height=\"30\" width=\"30\">\n            Karaufamily            <\/div>\n    \n    \n            <p class=\"categories meta\" style=\"width: 100%\"><span class=\"fa fa-tag\"\n                                                             aria-hidden=\"true\"><\/span> Privatg\u00e4rten und G\u00e4rten von Mietwohnungen (gr\u00f6\u00dfer als 500 Quadratmeter)        <\/p>\n    \n            <p class=\"categories meta\" style=\"width: 100%\"><span class=\"fa fa-map-marker\"\n                                                             aria-hidden=\"true\"><\/span> Schleswig-Holstein        <\/p>\n    \n<\/article>\n   \n\t\t\n          <article id=\"post-40638\" class=\"et_pb_post post-40638 wtwfb_entry type-wtwfb_entry status-publish has-post-thumbnail hentry wtwfb_category-kommunale-flaechen-parks-baumscheiben wtwfb_region-nordrhein-westfalen\">\n    <h2 class=\"entry-title\"><a href=\"https:\/\/wettbewerb-archiv.wir-tun-was-fuer-bienen.de\/archiv-2021\/eintrag\/ganzheitliche-insektenweide-finanziert-durch-die-spendenaktion-spendefuerkrautundblueten\/\">Ganzheitliche Insektenweide finanziert durch die Spende...<\/a>\n    <\/h2>\n    <a href=\"https:\/\/wettbewerb-archiv.wir-tun-was-fuer-bienen.de\/archiv-2021\/eintrag\/ganzheitliche-insektenweide-finanziert-durch-die-spendenaktion-spendefuerkrautundblueten\/\">\n        <div class=\"bienen-entry-image\">\n            <img decoding=\"async\" width=\"400\" height=\"300\" src=\"https:\/\/wettbewerb-archiv.wir-tun-was-fuer-bienen.de\/archiv-2021\/wp-content\/uploads\/sites\/3\/2021\/04\/168500474_1198930817207361_7225909671635193182_n-1-400x300.jpg\" class=\"attachment-bienen-grid-thumb size-bienen-grid-thumb wp-post-image\" alt=\"\" loading=\"lazy\" \/>                    <\/div>\n    <\/a>\n\n    <div class=\"images-grid\"><span><a href=\"https:\/\/wettbewerb-archiv.wir-tun-was-fuer-bienen.de\/archiv-2021\/eintrag\/ganzheitliche-insektenweide-finanziert-durch-die-spendenaktion-spendefuerkrautundblueten\/\"><img decoding=\"async\" width=\"150\" height=\"150\" src=\"https:\/\/wettbewerb-archiv.wir-tun-was-fuer-bienen.de\/archiv-2021\/wp-content\/uploads\/sites\/3\/2021\/04\/Vorbereitung-der-Flaeche-150x150.jpg\" class=\"attachment-thumbnail size-thumbnail\" alt=\"\" loading=\"lazy\" \/><\/a><\/span><span><a href=\"https:\/\/wettbewerb-archiv.wir-tun-was-fuer-bienen.de\/archiv-2021\/eintrag\/ganzheitliche-insektenweide-finanziert-durch-die-spendenaktion-spendefuerkrautundblueten\/\"><img decoding=\"async\" width=\"150\" height=\"150\" src=\"https:\/\/wettbewerb-archiv.wir-tun-was-fuer-bienen.de\/archiv-2021\/wp-content\/uploads\/sites\/3\/2021\/04\/Vorbereitung-der-Flaeche-II-150x150.jpg\" class=\"attachment-thumbnail size-thumbnail\" alt=\"\" loading=\"lazy\" \/><\/a><\/span><span><a href=\"https:\/\/wettbewerb-archiv.wir-tun-was-fuer-bienen.de\/archiv-2021\/eintrag\/ganzheitliche-insektenweide-finanziert-durch-die-spendenaktion-spendefuerkrautundblueten\/\"><img decoding=\"async\" width=\"150\" height=\"150\" src=\"https:\/\/wettbewerb-archiv.wir-tun-was-fuer-bienen.de\/archiv-2021\/wp-content\/uploads\/sites\/3\/2021\/04\/168797737_2863414980576171_7785489194667302168_n-150x150.jpg\" class=\"attachment-thumbnail size-thumbnail\" alt=\"\" loading=\"lazy\" \/><\/a><\/span><span><a href=\"https:\/\/wettbewerb-archiv.wir-tun-was-fuer-bienen.de\/archiv-2021\/eintrag\/ganzheitliche-insektenweide-finanziert-durch-die-spendenaktion-spendefuerkrautundblueten\/\"><img decoding=\"async\" width=\"150\" height=\"150\" src=\"https:\/\/wettbewerb-archiv.wir-tun-was-fuer-bienen.de\/archiv-2021\/wp-content\/uploads\/sites\/3\/2021\/04\/168968276_134518248619536_2577605482706236716_n-150x150.jpg\" class=\"attachment-thumbnail size-thumbnail\" alt=\"\" loading=\"lazy\" \/><\/a><\/span><\/div>\n\n    <div class=\"user flex\">\n        \n                    <img decoding=\"async\" src=\"https:\/\/wettbewerb-archiv.wir-tun-was-fuer-bienen.de\/archiv-2021\/wp-content\/themes\/bienen\/assets\/images\/avatar-placeholder.png\" style=\"border-radius: 30px;\" height=\"30\" width=\"30\">\n            #Spendef\u00fcrKrautundBl\u00fcten            <\/div>\n    \n    <p class=\"categories meta bienen-gewinner\"><span class=\"fa fa-trophy\"                                                              aria-hidden=\"true\"><\/span> Gewinner<\/p>\n            <p class=\"categories meta\" style=\"width: 100%\"><span class=\"fa fa-tag\"\n                                                             aria-hidden=\"true\"><\/span> Kommunale Fl\u00e4chen, Parks, Baumscheiben        <\/p>\n    \n            <p class=\"categories meta\" style=\"width: 100%\"><span class=\"fa fa-map-marker\"\n                                                             aria-hidden=\"true\"><\/span> Nordrhein-Westfalen        <\/p>\n    \n<\/article>\n   \n\t\t\n          <article id=\"post-40579\" class=\"et_pb_post post-40579 wtwfb_entry type-wtwfb_entry status-publish has-post-thumbnail hentry wtwfb_category-privatgaerten-und-gaerten-von-mietwohnungen-groesser-500-quadratmeter wtwfb_region-rheinland-pfalz\">\n    <h2 class=\"entry-title\"><a href=\"https:\/\/wettbewerb-archiv.wir-tun-was-fuer-bienen.de\/archiv-2021\/eintrag\/mein-steinglueck-im-hunsrueck-fuer-mensch-und-tier\/\">Mein Steingl\u00fcck im Hunsr\u00fcck f\u00fcr Mensch und Tier<\/a>\n    <\/h2>\n    <a href=\"https:\/\/wettbewerb-archiv.wir-tun-was-fuer-bienen.de\/archiv-2021\/eintrag\/mein-steinglueck-im-hunsrueck-fuer-mensch-und-tier\/\">\n        <div class=\"bienen-entry-image\">\n            <img decoding=\"async\" width=\"400\" height=\"300\" src=\"https:\/\/wettbewerb-archiv.wir-tun-was-fuer-bienen.de\/archiv-2021\/wp-content\/uploads\/sites\/3\/2021\/04\/IMG_20210328_144005-400x300.jpg\" class=\"attachment-bienen-grid-thumb size-bienen-grid-thumb wp-post-image\" alt=\"\" loading=\"lazy\" \/>                    <\/div>\n    <\/a>\n\n    <div class=\"images-grid\"><span><a href=\"https:\/\/wettbewerb-archiv.wir-tun-was-fuer-bienen.de\/archiv-2021\/eintrag\/mein-steinglueck-im-hunsrueck-fuer-mensch-und-tier\/\"><img decoding=\"async\" width=\"150\" height=\"150\" src=\"https:\/\/wettbewerb-archiv.wir-tun-was-fuer-bienen.de\/archiv-2021\/wp-content\/uploads\/sites\/3\/2021\/04\/IMG_20210317_170408-150x150.jpg\" class=\"attachment-thumbnail size-thumbnail\" alt=\"\" loading=\"lazy\" \/><\/a><\/span><span><a href=\"https:\/\/wettbewerb-archiv.wir-tun-was-fuer-bienen.de\/archiv-2021\/eintrag\/mein-steinglueck-im-hunsrueck-fuer-mensch-und-tier\/\"><img decoding=\"async\" width=\"150\" height=\"150\" src=\"https:\/\/wettbewerb-archiv.wir-tun-was-fuer-bienen.de\/archiv-2021\/wp-content\/uploads\/sites\/3\/2021\/04\/IMG_20210323_182230-150x150.jpg\" class=\"attachment-thumbnail size-thumbnail\" alt=\"\" loading=\"lazy\" \/><\/a><\/span><span><a href=\"https:\/\/wettbewerb-archiv.wir-tun-was-fuer-bienen.de\/archiv-2021\/eintrag\/mein-steinglueck-im-hunsrueck-fuer-mensch-und-tier\/\"><img decoding=\"async\" width=\"150\" height=\"150\" src=\"https:\/\/wettbewerb-archiv.wir-tun-was-fuer-bienen.de\/archiv-2021\/wp-content\/uploads\/sites\/3\/2021\/07\/IMG_20210729_114241-150x150.jpg\" class=\"attachment-thumbnail size-thumbnail\" alt=\"\" loading=\"lazy\" \/><\/a><\/span><\/div>\n\n    <div class=\"user flex\">\n        \n                    <img decoding=\"async\" src=\"https:\/\/wettbewerb-archiv.wir-tun-was-fuer-bienen.de\/archiv-2021\/wp-content\/themes\/bienen\/assets\/images\/avatar-placeholder.png\" style=\"border-radius: 30px;\" height=\"30\" width=\"30\">\n            Hortus-Steingl\u00fcck im Hunsr\u00fcck            <\/div>\n    \n    \n            <p class=\"categories meta\" style=\"width: 100%\"><span class=\"fa fa-tag\"\n                                                             aria-hidden=\"true\"><\/span> Privatg\u00e4rten und G\u00e4rten von Mietwohnungen (gr\u00f6\u00dfer als 500 Quadratmeter)        <\/p>\n    \n            <p class=\"categories meta\" style=\"width: 100%\"><span class=\"fa fa-map-marker\"\n                                                             aria-hidden=\"true\"><\/span> Rheinland-Pfalz        <\/p>\n    \n<\/article>\n   \n\t\t\n          <article id=\"post-40564\" class=\"et_pb_post post-40564 wtwfb_entry type-wtwfb_entry status-publish has-post-thumbnail hentry wtwfb_category-firmen-institutions-und-vereinsgaerten wtwfb_region-mecklenburg-vorpommern\">\n    <h2 class=\"entry-title\"><a href=\"https:\/\/wettbewerb-archiv.wir-tun-was-fuer-bienen.de\/archiv-2021\/eintrag\/wildbkumenstreifen-in-der-kga-weisse-rose-rostock\/\">Wildblumenwiese in der KGA Wei\u00dfe Rose Rostock<\/a>\n    <\/h2>\n    <a href=\"https:\/\/wettbewerb-archiv.wir-tun-was-fuer-bienen.de\/archiv-2021\/eintrag\/wildbkumenstreifen-in-der-kga-weisse-rose-rostock\/\">\n        <div class=\"bienen-entry-image\">\n            <img decoding=\"async\" width=\"400\" height=\"300\" src=\"https:\/\/wettbewerb-archiv.wir-tun-was-fuer-bienen.de\/archiv-2021\/wp-content\/uploads\/sites\/3\/2021\/04\/IMG_20200722_065359-400x300.jpg\" class=\"attachment-bienen-grid-thumb size-bienen-grid-thumb wp-post-image\" alt=\"\" loading=\"lazy\" \/>                    <\/div>\n    <\/a>\n\n    <div class=\"images-grid\"><span><a href=\"https:\/\/wettbewerb-archiv.wir-tun-was-fuer-bienen.de\/archiv-2021\/eintrag\/wildbkumenstreifen-in-der-kga-weisse-rose-rostock\/\"><img decoding=\"async\" width=\"150\" height=\"150\" src=\"https:\/\/wettbewerb-archiv.wir-tun-was-fuer-bienen.de\/archiv-2021\/wp-content\/uploads\/sites\/3\/2021\/04\/20190608_135548-150x150.jpg\" class=\"attachment-thumbnail size-thumbnail\" alt=\"\" loading=\"lazy\" \/><\/a><\/span><\/div>\n\n    <div class=\"user flex\">\n        \n                    <img decoding=\"async\" src=\"https:\/\/wettbewerb-archiv.wir-tun-was-fuer-bienen.de\/archiv-2021\/wp-content\/themes\/bienen\/assets\/images\/avatar-placeholder.png\" style=\"border-radius: 30px;\" height=\"30\" width=\"30\">\n            Kga Wei\u00dfe Rose            <\/div>\n    \n    \n            <p class=\"categories meta\" style=\"width: 100%\"><span class=\"fa fa-tag\"\n                                                             aria-hidden=\"true\"><\/span> Firmen-, Institutions- und Vereinsg\u00e4rten        <\/p>\n    \n            <p class=\"categories meta\" style=\"width: 100%\"><span class=\"fa fa-map-marker\"\n                                                             aria-hidden=\"true\"><\/span> Mecklenburg-Vorpommern        <\/p>\n    \n<\/article>\n   \n\t\t\n          <article id=\"post-40534\" class=\"et_pb_post post-40534 wtwfb_entry type-wtwfb_entry status-publish has-post-thumbnail hentry wtwfb_category-bestehende-naturgaerten wtwfb_region-rheinland-pfalz\">\n    <h2 class=\"entry-title\"><a href=\"https:\/\/wettbewerb-archiv.wir-tun-was-fuer-bienen.de\/archiv-2021\/eintrag\/mein-naturgarten-ein-paradies-fuer-mensch-und-tier\/\">Mein Naturgarten, ein Paradies f\u00fcr Mensch und Tier<\/a>\n    <\/h2>\n    <a href=\"https:\/\/wettbewerb-archiv.wir-tun-was-fuer-bienen.de\/archiv-2021\/eintrag\/mein-naturgarten-ein-paradies-fuer-mensch-und-tier\/\">\n        <div class=\"bienen-entry-image\">\n            <img decoding=\"async\" width=\"400\" height=\"300\" src=\"https:\/\/wettbewerb-archiv.wir-tun-was-fuer-bienen.de\/archiv-2021\/wp-content\/uploads\/sites\/3\/2021\/04\/D974BC97-71EC-4CAD-B718-8AC5399EC000-400x300.jpeg\" class=\"attachment-bienen-grid-thumb size-bienen-grid-thumb wp-post-image\" alt=\"\" loading=\"lazy\" \/>                    <\/div>\n    <\/a>\n\n    <div class=\"images-grid\"><span><a href=\"https:\/\/wettbewerb-archiv.wir-tun-was-fuer-bienen.de\/archiv-2021\/eintrag\/mein-naturgarten-ein-paradies-fuer-mensch-und-tier\/\"><img decoding=\"async\" width=\"150\" height=\"150\" src=\"https:\/\/wettbewerb-archiv.wir-tun-was-fuer-bienen.de\/archiv-2021\/wp-content\/uploads\/sites\/3\/2021\/04\/377563BB-6012-41BF-B81E-42D1775EAA83-150x150.jpeg\" class=\"attachment-thumbnail size-thumbnail\" alt=\"\" loading=\"lazy\" \/><\/a><\/span><\/div>\n\n    <div class=\"user flex\">\n        \n                    <img decoding=\"async\" src=\"https:\/\/wettbewerb-archiv.wir-tun-was-fuer-bienen.de\/archiv-2021\/wp-content\/themes\/bienen\/assets\/images\/avatar-placeholder.png\" style=\"border-radius: 30px;\" height=\"30\" width=\"30\">\n            Anja M\u00fcnch            <\/div>\n    \n    <p class=\"categories meta bienen-gewinner\"><span class=\"fa fa-trophy\"                                                              aria-hidden=\"true\"><\/span> Gewinner<\/p>\n            <p class=\"categories meta\" style=\"width: 100%\"><span class=\"fa fa-tag\"\n                                                             aria-hidden=\"true\"><\/span> Bestehende Naturg\u00e4rten (ohne Pflanzaktionen)        <\/p>\n    \n            <p class=\"categories meta\" style=\"width: 100%\"><span class=\"fa fa-map-marker\"\n                                                             aria-hidden=\"true\"><\/span> Rheinland-Pfalz        <\/p>\n    \n<\/article>\n   \n\t\t\n          <article id=\"post-40522\" class=\"et_pb_post post-40522 wtwfb_entry type-wtwfb_entry status-publish has-post-thumbnail hentry wtwfb_category-kommunale-flaechen-parks-baumscheiben wtwfb_region-rheinland-pfalz\">\n    <h2 class=\"entry-title\"><a href=\"https:\/\/wettbewerb-archiv.wir-tun-was-fuer-bienen.de\/archiv-2021\/eintrag\/vereint-artenvielfalt-schaffen\/\">VEREINT ARTENVIELFALT SCHAFFEN<\/a>\n    <\/h2>\n    <a href=\"https:\/\/wettbewerb-archiv.wir-tun-was-fuer-bienen.de\/archiv-2021\/eintrag\/vereint-artenvielfalt-schaffen\/\">\n        <div class=\"bienen-entry-image\">\n            <img decoding=\"async\" width=\"291\" height=\"300\" src=\"https:\/\/wettbewerb-archiv.wir-tun-was-fuer-bienen.de\/archiv-2021\/wp-content\/uploads\/sites\/3\/2021\/04\/2021_03_07_anzeige_vereine_druck_A3-1-pdf.jpg\" class=\"attachment-bienen-grid-thumb size-bienen-grid-thumb wp-post-image\" alt=\"\" loading=\"lazy\" \/>                    <\/div>\n    <\/a>\n\n    <div class=\"images-grid\"><span><a href=\"https:\/\/wettbewerb-archiv.wir-tun-was-fuer-bienen.de\/archiv-2021\/eintrag\/vereint-artenvielfalt-schaffen\/\"><img decoding=\"async\" width=\"150\" height=\"150\" src=\"https:\/\/wettbewerb-archiv.wir-tun-was-fuer-bienen.de\/archiv-2021\/wp-content\/uploads\/sites\/3\/2021\/05\/IMG_3299-150x150.jpeg\" class=\"attachment-thumbnail size-thumbnail\" alt=\"\" loading=\"lazy\" \/><\/a><\/span><span><a href=\"https:\/\/wettbewerb-archiv.wir-tun-was-fuer-bienen.de\/archiv-2021\/eintrag\/vereint-artenvielfalt-schaffen\/\"><img decoding=\"async\" width=\"150\" height=\"150\" src=\"https:\/\/wettbewerb-archiv.wir-tun-was-fuer-bienen.de\/archiv-2021\/wp-content\/uploads\/sites\/3\/2021\/05\/IMG_3309-150x150.jpeg\" class=\"attachment-thumbnail size-thumbnail\" alt=\"\" loading=\"lazy\" \/><\/a><\/span><span><a href=\"https:\/\/wettbewerb-archiv.wir-tun-was-fuer-bienen.de\/archiv-2021\/eintrag\/vereint-artenvielfalt-schaffen\/\"><img decoding=\"async\" width=\"150\" height=\"150\" src=\"https:\/\/wettbewerb-archiv.wir-tun-was-fuer-bienen.de\/archiv-2021\/wp-content\/uploads\/sites\/3\/2021\/05\/IMG_3308-150x150.jpeg\" class=\"attachment-thumbnail size-thumbnail\" alt=\"\" loading=\"lazy\" \/><\/a><\/span><span><a href=\"https:\/\/wettbewerb-archiv.wir-tun-was-fuer-bienen.de\/archiv-2021\/eintrag\/vereint-artenvielfalt-schaffen\/\"><img decoding=\"async\" width=\"150\" height=\"150\" src=\"https:\/\/wettbewerb-archiv.wir-tun-was-fuer-bienen.de\/archiv-2021\/wp-content\/uploads\/sites\/3\/2021\/05\/IMG_3315-150x150.jpeg\" class=\"attachment-thumbnail size-thumbnail\" alt=\"\" loading=\"lazy\" \/><\/a><\/span><\/div>\n\n    <div class=\"user flex\">\n        \n                    <img decoding=\"async\" src=\"https:\/\/wettbewerb-archiv.wir-tun-was-fuer-bienen.de\/archiv-2021\/wp-content\/themes\/bienen\/assets\/images\/avatar-placeholder.png\" style=\"border-radius: 30px;\" height=\"30\" width=\"30\">\n            KEHRIG SUMMT            <\/div>\n    \n    <p class=\"categories meta bienen-gewinner\"><span class=\"fa fa-trophy\"                                                              aria-hidden=\"true\"><\/span> Gewinner<\/p>\n            <p class=\"categories meta\" style=\"width: 100%\"><span class=\"fa fa-tag\"\n                                                             aria-hidden=\"true\"><\/span> Kommunale Fl\u00e4chen, Parks, Baumscheiben        <\/p>\n    \n            <p class=\"categories meta\" style=\"width: 100%\"><span class=\"fa fa-map-marker\"\n                                                             aria-hidden=\"true\"><\/span> Rheinland-Pfalz        <\/p>\n    \n<\/article>\n   \n\t\t\n          <article id=\"post-40517\" class=\"et_pb_post post-40517 wtwfb_entry type-wtwfb_entry status-publish has-post-thumbnail hentry wtwfb_category-firmen-institutions-und-vereinsgaerten wtwfb_region-nordrhein-westfalen\">\n    <h2 class=\"entry-title\"><a href=\"https:\/\/wettbewerb-archiv.wir-tun-was-fuer-bienen.de\/archiv-2021\/eintrag\/regenbogen-bienen\/\">Regenbogen Bienen<\/a>\n    <\/h2>\n    <a href=\"https:\/\/wettbewerb-archiv.wir-tun-was-fuer-bienen.de\/archiv-2021\/eintrag\/regenbogen-bienen\/\">\n        <div class=\"bienen-entry-image\">\n            <img decoding=\"async\" width=\"400\" height=\"300\" src=\"https:\/\/wettbewerb-archiv.wir-tun-was-fuer-bienen.de\/archiv-2021\/wp-content\/uploads\/sites\/3\/2021\/06\/DSC01897-400x300.jpg\" class=\"attachment-bienen-grid-thumb size-bienen-grid-thumb wp-post-image\" alt=\"\" loading=\"lazy\" \/>                    <\/div>\n    <\/a>\n\n    <div class=\"images-grid\"><span><a href=\"https:\/\/wettbewerb-archiv.wir-tun-was-fuer-bienen.de\/archiv-2021\/eintrag\/regenbogen-bienen\/\"><img decoding=\"async\" width=\"150\" height=\"150\" src=\"https:\/\/wettbewerb-archiv.wir-tun-was-fuer-bienen.de\/archiv-2021\/wp-content\/uploads\/sites\/3\/2021\/04\/Bienenbeet-150x150.jpg\" class=\"attachment-thumbnail size-thumbnail\" alt=\"\" loading=\"lazy\" \/><\/a><\/span><span><a href=\"https:\/\/wettbewerb-archiv.wir-tun-was-fuer-bienen.de\/archiv-2021\/eintrag\/regenbogen-bienen\/\"><img decoding=\"async\" width=\"150\" height=\"150\" src=\"https:\/\/wettbewerb-archiv.wir-tun-was-fuer-bienen.de\/archiv-2021\/wp-content\/uploads\/sites\/3\/2021\/07\/Blumenwiese-1-150x150.jpg\" class=\"attachment-thumbnail size-thumbnail\" alt=\"\" loading=\"lazy\" \/><\/a><\/span><span><a href=\"https:\/\/wettbewerb-archiv.wir-tun-was-fuer-bienen.de\/archiv-2021\/eintrag\/regenbogen-bienen\/\"><img decoding=\"async\" width=\"150\" height=\"150\" src=\"https:\/\/wettbewerb-archiv.wir-tun-was-fuer-bienen.de\/archiv-2021\/wp-content\/uploads\/sites\/3\/2021\/06\/Bienenhotel-150x150.jpg\" class=\"attachment-thumbnail size-thumbnail\" alt=\"\" loading=\"lazy\" \/><\/a><\/span><span><a href=\"https:\/\/wettbewerb-archiv.wir-tun-was-fuer-bienen.de\/archiv-2021\/eintrag\/regenbogen-bienen\/\"><img decoding=\"async\" width=\"150\" height=\"150\" src=\"https:\/\/wettbewerb-archiv.wir-tun-was-fuer-bienen.de\/archiv-2021\/wp-content\/uploads\/sites\/3\/2021\/07\/Malve2-150x150.jpg\" class=\"attachment-thumbnail size-thumbnail\" alt=\"\" loading=\"lazy\" \/><\/a><\/span><\/div>\n\n    <div class=\"user flex\">\n        \n                    <img decoding=\"async\" src=\"https:\/\/wettbewerb-archiv.wir-tun-was-fuer-bienen.de\/archiv-2021\/wp-content\/themes\/bienen\/assets\/images\/avatar-placeholder.png\" style=\"border-radius: 30px;\" height=\"30\" width=\"30\">\n            Regenbogen Bienen            <\/div>\n    \n    \n            <p class=\"categories meta\" style=\"width: 100%\"><span class=\"fa fa-tag\"\n                                                             aria-hidden=\"true\"><\/span> Firmen-, Institutions- und Vereinsg\u00e4rten        <\/p>\n    \n            <p class=\"categories meta\" style=\"width: 100%\"><span class=\"fa fa-map-marker\"\n                                                             aria-hidden=\"true\"><\/span> Nordrhein-Westfalen        <\/p>\n    \n<\/article>\n   \n\t\t\n          <article id=\"post-40498\" class=\"et_pb_post post-40498 wtwfb_entry type-wtwfb_entry status-publish has-post-thumbnail hentry wtwfb_category-kleingartenwesen-parzellen-und-gemeinschaftsgaerten wtwfb_region-sachsen\">\n    <h2 class=\"entry-title\"><a href=\"https:\/\/wettbewerb-archiv.wir-tun-was-fuer-bienen.de\/archiv-2021\/eintrag\/bluehwiese-mit-regionaler-saat\/\">Bl\u00fchwiese mit regionaler Saat<\/a>\n    <\/h2>\n    <a href=\"https:\/\/wettbewerb-archiv.wir-tun-was-fuer-bienen.de\/archiv-2021\/eintrag\/bluehwiese-mit-regionaler-saat\/\">\n        <div class=\"bienen-entry-image\">\n            <img decoding=\"async\" width=\"400\" height=\"300\" src=\"https:\/\/wettbewerb-archiv.wir-tun-was-fuer-bienen.de\/archiv-2021\/wp-content\/uploads\/sites\/3\/2021\/06\/F0C70CE5-7B3A-413B-9286-CCED29DD14DF-400x300.jpeg\" class=\"attachment-bienen-grid-thumb size-bienen-grid-thumb wp-post-image\" alt=\"\" loading=\"lazy\" \/>                    <\/div>\n    <\/a>\n\n    <div class=\"images-grid\"><span><a href=\"https:\/\/wettbewerb-archiv.wir-tun-was-fuer-bienen.de\/archiv-2021\/eintrag\/bluehwiese-mit-regionaler-saat\/\"><img decoding=\"async\" width=\"150\" height=\"150\" src=\"https:\/\/wettbewerb-archiv.wir-tun-was-fuer-bienen.de\/archiv-2021\/wp-content\/uploads\/sites\/3\/2021\/06\/682A2CB1-F184-4CC5-B57A-51F14981281A-150x150.jpeg\" class=\"attachment-thumbnail size-thumbnail\" alt=\"\" loading=\"lazy\" \/><\/a><\/span><span><a href=\"https:\/\/wettbewerb-archiv.wir-tun-was-fuer-bienen.de\/archiv-2021\/eintrag\/bluehwiese-mit-regionaler-saat\/\"><img decoding=\"async\" width=\"150\" height=\"150\" src=\"https:\/\/wettbewerb-archiv.wir-tun-was-fuer-bienen.de\/archiv-2021\/wp-content\/uploads\/sites\/3\/2021\/06\/9D87844E-C8E8-444E-9167-85A3644228DD-150x150.jpeg\" class=\"attachment-thumbnail size-thumbnail\" alt=\"\" loading=\"lazy\" \/><\/a><\/span><span><a href=\"https:\/\/wettbewerb-archiv.wir-tun-was-fuer-bienen.de\/archiv-2021\/eintrag\/bluehwiese-mit-regionaler-saat\/\"><img decoding=\"async\" width=\"150\" height=\"150\" src=\"https:\/\/wettbewerb-archiv.wir-tun-was-fuer-bienen.de\/archiv-2021\/wp-content\/uploads\/sites\/3\/2021\/06\/AE27074F-17EE-4935-B0C7-8B6BB3505C2D-150x150.jpeg\" class=\"attachment-thumbnail size-thumbnail\" alt=\"\" loading=\"lazy\" \/><\/a><\/span><span><a href=\"https:\/\/wettbewerb-archiv.wir-tun-was-fuer-bienen.de\/archiv-2021\/eintrag\/bluehwiese-mit-regionaler-saat\/\"><img decoding=\"async\" width=\"150\" height=\"150\" src=\"https:\/\/wettbewerb-archiv.wir-tun-was-fuer-bienen.de\/archiv-2021\/wp-content\/uploads\/sites\/3\/2021\/06\/E4EA1F0F-A49F-45EA-9BF6-7A9862BCFC13-150x150.jpeg\" class=\"attachment-thumbnail size-thumbnail\" alt=\"\" loading=\"lazy\" \/><\/a><\/span><\/div>\n\n    <div class=\"user flex\">\n        \n                    <img decoding=\"async\" src=\"https:\/\/wettbewerb-archiv.wir-tun-was-fuer-bienen.de\/archiv-2021\/wp-content\/themes\/bienen\/assets\/images\/avatar-placeholder.png\" style=\"border-radius: 30px;\" height=\"30\" width=\"30\">\n            Kerstin D\u00e4hne            <\/div>\n    \n    <p class=\"categories meta bienen-gewinner\"><span class=\"fa fa-trophy\"                                                              aria-hidden=\"true\"><\/span> Gewinner<\/p>\n            <p class=\"categories meta\" style=\"width: 100%\"><span class=\"fa fa-tag\"\n                                                             aria-hidden=\"true\"><\/span> Kleingartenwesen: Parzellen und Gemeinschaftsg\u00e4rten        <\/p>\n    \n            <p class=\"categories meta\" style=\"width: 100%\"><span class=\"fa fa-map-marker\"\n                                                             aria-hidden=\"true\"><\/span> Sachsen        <\/p>\n    \n<\/article>\n   \n\t\t\n          <article id=\"post-40471\" class=\"et_pb_post post-40471 wtwfb_entry type-wtwfb_entry status-publish has-post-thumbnail hentry wtwfb_category-privatgaerten-und-gaerten-von-mietwohnungen-groesser-500-quadratmeter wtwfb_region-bayern\">\n    <h2 class=\"entry-title\"><a href=\"https:\/\/wettbewerb-archiv.wir-tun-was-fuer-bienen.de\/archiv-2021\/eintrag\/wundergarten\/\">&#8222;Wundergarten&#8220;<\/a>\n    <\/h2>\n    <a href=\"https:\/\/wettbewerb-archiv.wir-tun-was-fuer-bienen.de\/archiv-2021\/eintrag\/wundergarten\/\">\n        <div class=\"bienen-entry-image\">\n            <img decoding=\"async\" width=\"400\" height=\"300\" src=\"https:\/\/wettbewerb-archiv.wir-tun-was-fuer-bienen.de\/archiv-2021\/wp-content\/uploads\/sites\/3\/2021\/06\/20210611_074513-400x300.jpg\" class=\"attachment-bienen-grid-thumb size-bienen-grid-thumb wp-post-image\" alt=\"\" loading=\"lazy\" \/>                    <\/div>\n    <\/a>\n\n    <div class=\"images-grid\"><span><a href=\"https:\/\/wettbewerb-archiv.wir-tun-was-fuer-bienen.de\/archiv-2021\/eintrag\/wundergarten\/\"><img decoding=\"async\" width=\"150\" height=\"150\" src=\"https:\/\/wettbewerb-archiv.wir-tun-was-fuer-bienen.de\/archiv-2021\/wp-content\/uploads\/sites\/3\/2021\/04\/20210306_185747-150x150.jpg\" class=\"attachment-thumbnail size-thumbnail\" alt=\"\" loading=\"lazy\" \/><\/a><\/span><span><a href=\"https:\/\/wettbewerb-archiv.wir-tun-was-fuer-bienen.de\/archiv-2021\/eintrag\/wundergarten\/\"><img decoding=\"async\" width=\"150\" height=\"150\" src=\"https:\/\/wettbewerb-archiv.wir-tun-was-fuer-bienen.de\/archiv-2021\/wp-content\/uploads\/sites\/3\/2021\/05\/20210530_225745-150x150.jpg\" class=\"attachment-thumbnail size-thumbnail\" alt=\"\" loading=\"lazy\" \/><\/a><\/span><span><a href=\"https:\/\/wettbewerb-archiv.wir-tun-was-fuer-bienen.de\/archiv-2021\/eintrag\/wundergarten\/\"><img decoding=\"async\" width=\"150\" height=\"150\" src=\"https:\/\/wettbewerb-archiv.wir-tun-was-fuer-bienen.de\/archiv-2021\/wp-content\/uploads\/sites\/3\/2021\/05\/20210503_224303-150x150.jpg\" class=\"attachment-thumbnail size-thumbnail\" alt=\"\" loading=\"lazy\" \/><\/a><\/span><span><a href=\"https:\/\/wettbewerb-archiv.wir-tun-was-fuer-bienen.de\/archiv-2021\/eintrag\/wundergarten\/\"><img decoding=\"async\" width=\"150\" height=\"150\" src=\"https:\/\/wettbewerb-archiv.wir-tun-was-fuer-bienen.de\/archiv-2021\/wp-content\/uploads\/sites\/3\/2021\/04\/20210327_194643-150x150.jpg\" class=\"attachment-thumbnail size-thumbnail\" alt=\"\" loading=\"lazy\" \/><\/a><\/span><\/div>\n\n    <div class=\"user flex\">\n        \n                    <img decoding=\"async\" src=\"https:\/\/wettbewerb-archiv.wir-tun-was-fuer-bienen.de\/archiv-2021\/wp-content\/themes\/bienen\/assets\/images\/avatar-placeholder.png\" style=\"border-radius: 30px;\" height=\"30\" width=\"30\">\n            Alice im Wunderland            <\/div>\n    \n    <p class=\"categories meta bienen-gewinner\"><span class=\"fa fa-trophy\"                                                              aria-hidden=\"true\"><\/span> Gewinner<\/p>\n            <p class=\"categories meta\" style=\"width: 100%\"><span class=\"fa fa-tag\"\n                                                             aria-hidden=\"true\"><\/span> Privatg\u00e4rten und G\u00e4rten von Mietwohnungen (gr\u00f6\u00dfer als 500 Quadratmeter)        <\/p>\n    \n            <p class=\"categories meta\" style=\"width: 100%\"><span class=\"fa fa-map-marker\"\n                                                             aria-hidden=\"true\"><\/span> Bayern        <\/p>\n    \n<\/article>\n   \n\t\t<!-- WPV_Infinite_Scroll -->\n\t\n\t<\/div>\n\t\n\t\n<\/div>\n<\/div>\n","protected":false},"excerpt":{"rendered":"<p>Hier pr\u00e4sentieren wir alle Beitr\u00e4ge des&nbsp;Pflanzwettbewerb \u201eWir tun was f\u00fcr Bienen!\u201c 2021 &nbsp;Wir gratulieren allen Gewinnerinnen und Gewinnern! ? Weitere Infos auf: https:\/\/wir-tun-was-fuer-bienen.de\/home.html<\/p>\n","protected":false},"author":1,"featured_media":0,"parent":0,"menu_order":0,"comment_status":"closed","ping_status":"closed","template":"","meta":{"_acf_changed":false,"_et_pb_use_builder":"off","_et_pb_old_content":"","_et_gb_content_width":"","footnotes":""},"class_list":["post-404","page","type-page","status-publish","hentry"],"acf":[],"_links":{"self":[{"href":"https:\/\/wettbewerb-archiv.wir-tun-was-fuer-bienen.de\/archiv-2021\/wp-json\/wp\/v2\/pages\/404","targetHints":{"allow":["GET"]}}],"collection":[{"href":"https:\/\/wettbewerb-archiv.wir-tun-was-fuer-bienen.de\/archiv-2021\/wp-json\/wp\/v2\/pages"}],"about":[{"href":"https:\/\/wettbewerb-archiv.wir-tun-was-fuer-bienen.de\/archiv-2021\/wp-json\/wp\/v2\/types\/page"}],"author":[{"embeddable":true,"href":"https:\/\/wettbewerb-archiv.wir-tun-was-fuer-bienen.de\/archiv-2021\/wp-json\/wp\/v2\/users\/1"}],"replies":[{"embeddable":true,"href":"https:\/\/wettbewerb-archiv.wir-tun-was-fuer-bienen.de\/archiv-2021\/wp-json\/wp\/v2\/comments?post=404"}],"version-history":[{"count":0,"href":"https:\/\/wettbewerb-archiv.wir-tun-was-fuer-bienen.de\/archiv-2021\/wp-json\/wp\/v2\/pages\/404\/revisions"}],"wp:attachment":[{"href":"https:\/\/wettbewerb-archiv.wir-tun-was-fuer-bienen.de\/archiv-2021\/wp-json\/wp\/v2\/media?parent=404"}],"curies":[{"name":"wp","href":"https:\/\/api.w.org\/{rel}","templated":true}]}}