{"id":404,"date":"2018-03-26T10:24:16","date_gmt":"2018-03-26T08:24:16","guid":{"rendered":"https:\/\/wir-tun-was-fuer-bienen.dev.moewe.io\/?page_id=404"},"modified":"2023-09-19T09:59:51","modified_gmt":"2023-09-19T07:59:51","slug":"aktueller-wettbewerb","status":"publish","type":"page","link":"https:\/\/wettbewerb-archiv.wir-tun-was-fuer-bienen.de\/archiv-2023\/","title":{"rendered":"Pflanzwettbewerb 2023"},"content":{"rendered":"\n<h1 class=\"wp-block-heading has-text-align-center has-large-font-size\"><em>Deutschland summt!<\/em>-Pflanzwettbewerb 2023<\/h1>\n\n\n\n<p class=\"has-text-align-center has-white-background-color has-background has-small-font-size\">Die diesj\u00e4hrigen Gewinner*innen stehen nun fest! <a href=\"https:\/\/wir-tun-was-fuer-bienen.de\/home.html\">Zur \u00dcbersicht<\/a>.<\/p>\n\n\n\n<p class=\"has-text-align-center has-white-background-color has-background has-medium-font-size\"><strong>Alle Infos \u00fcber den Wettbewerb auf der Infoseite: <a href=\"https:\/\/wir-tun-was-fuer-bienen.de\/home.html\">www.wir-tun-was-fuer-bienen.de<\/a><\/strong><\/p>\n\n\n<div class=\"bienen-hide-teilnahme-filter\"><form autocomplete=\"off\" name=\"wpv-filter-10282-CATTR9031fb5f8db27154a14cdff18e786324\" action=\"\/archiv-2023\/wp-json\/wp\/v2\/pages\/404?wpv_view_count=10282-CATTR9031fb5f8db27154a14cdff18e786324\" method=\"get\" class=\"wpv-filter-form js-wpv-filter-form js-wpv-filter-form-10282-CATTR9031fb5f8db27154a14cdff18e786324 js-wpv-form-full js-wpv-ajax-results-enabled\" data-viewnumber=\"10282-CATTR9031fb5f8db27154a14cdff18e786324\" data-viewid=\"10282\" data-viewhash=\"eyJuYW1lIjoid2V0dGJld2VyYnNlaW50cmFlZ2UiLCJzdGFydHllYXIiOiIxOTgzIiwic3RhcnRkYXlvZnllYXIiOiIxIiwiZW5keWVhciI6IjIxMDAiLCJlbmRkYXlvZnllYXIiOiIzNjUifQ==\" data-viewwidgetid=\"0\" data-orderby=\"\" data-order=\"\" data-orderbyas=\"\" data-orderbysecond=\"\" data-ordersecond=\"\" data-parametric=\"{&quot;query&quot;:&quot;normal&quot;,&quot;id&quot;:&quot;10282&quot;,&quot;view_id&quot;:&quot;10282&quot;,&quot;widget_id&quot;:0,&quot;view_hash&quot;:&quot;10282-CATTR9031fb5f8db27154a14cdff18e786324&quot;,&quot;action&quot;:&quot;\\\/archiv-2023\\\/wp-json\\\/wp\\\/v2\\\/pages\\\/404?wpv_view_count=10282-CATTR9031fb5f8db27154a14cdff18e786324&quot;,&quot;sort&quot;:{&quot;orderby&quot;:&quot;&quot;,&quot;order&quot;:&quot;&quot;,&quot;orderby_as&quot;:&quot;&quot;,&quot;orderby_second&quot;:&quot;&quot;,&quot;order_second&quot;:&quot;&quot;},&quot;orderby&quot;:&quot;&quot;,&quot;order&quot;:&quot;&quot;,&quot;orderby_as&quot;:&quot;&quot;,&quot;orderby_second&quot;:&quot;&quot;,&quot;order_second&quot;:&quot;&quot;,&quot;ajax_form&quot;:&quot;&quot;,&quot;ajax_results&quot;:&quot;&quot;,&quot;effect&quot;:&quot;fade&quot;,&quot;prebefore&quot;:&quot;&quot;,&quot;before&quot;:&quot;&quot;,&quot;after&quot;:&quot;&quot;,&quot;attributes&quot;:{&quot;startyear&quot;:&quot;1983&quot;,&quot;startdayofyear&quot;:&quot;1&quot;,&quot;endyear&quot;:&quot;2100&quot;,&quot;enddayofyear&quot;:&quot;365&quot;},&quot;environment&quot;:{&quot;current_post_id&quot;:404,&quot;parent_post_id&quot;:404,&quot;parent_term_id&quot;:0,&quot;parent_user_id&quot;:0,&quot;archive&quot;:{&quot;type&quot;:&quot;&quot;,&quot;name&quot;:&quot;&quot;,&quot;data&quot;:[]}},&quot;loop&quot;:{&quot;type&quot;:&quot;&quot;,&quot;name&quot;:&quot;&quot;,&quot;data&quot;:[],&quot;id&quot;:0}}\" data-attributes=\"{&quot;startyear&quot;:&quot;1983&quot;,&quot;startdayofyear&quot;:&quot;1&quot;,&quot;endyear&quot;:&quot;2100&quot;,&quot;enddayofyear&quot;:&quot;365&quot;}\" data-environment=\"{&quot;current_post_id&quot;:404,&quot;parent_post_id&quot;:404,&quot;parent_term_id&quot;:0,&quot;parent_user_id&quot;:0,&quot;archive&quot;:{&quot;type&quot;:&quot;&quot;,&quot;name&quot;:&quot;&quot;,&quot;data&quot;:[]}}\"><input type=\"hidden\" class=\"js-wpv-dps-filter-data js-wpv-filter-data-for-this-form\" data-action=\"\/archiv-2023\/wp-json\/wp\/v2\/pages\/404?wpv_view_count=10282-CATTR9031fb5f8db27154a14cdff18e786324\" data-page=\"1\" data-ajax=\"enable\" data-effect=\"fade\" data-maxpages=\"0\" data-ajaxprebefore=\"\" data-ajaxbefore=\"\" data-ajaxafter=\"\" \/><input class=\"wpv_view_count wpv_view_count-10282-CATTR9031fb5f8db27154a14cdff18e786324\" type=\"hidden\" name=\"wpv_view_count\" value=\"10282-CATTR9031fb5f8db27154a14cdff18e786324\" \/>\n\n<!--\n<p class=\"bienen-text-center\">\n\nEs wurden [wpv-items-count] Beitr\u00e4ge gefunden.\n<\/p>\n-->\n<div class=\"bienen-columns\">\n\t<div class=\"regionen-filter\">\n\t\t<label>Regionen<\/label>\n\t\t<select name=\"region\" class=\"js-wpv-filter-trigger form-control\"><option selected='selected' value=\"0\">Alle anzeigen<\/option><option value=\"baden-wuerttemberg\">Baden-W\u00fcrttemberg<\/option><option value=\"bayern\">Bayern<\/option><option value=\"berlin\">Berlin<\/option><option value=\"brandenburg\">Brandenburg<\/option><option value=\"bremen\">Bremen<\/option><option value=\"hamburg\">Hamburg<\/option><option value=\"hessen\">Hessen<\/option><option value=\"mecklenburg-vorpommern\">Mecklenburg-Vorpommern<\/option><option value=\"niedersachsen\">Niedersachsen<\/option><option value=\"nordrhein-westfalen\">Nordrhein-Westfalen<\/option><option value=\"rheinland-pfalz\">Rheinland-Pfalz<\/option><option value=\"saarland\">Saarland<\/option><option value=\"sachsen\">Sachsen<\/option><option value=\"sachsen-anhalt\">Sachsen-Anhalt<\/option><option value=\"schleswig-holstein\">Schleswig-Holstein<\/option><option value=\"thueringen\">Th\u00fcringen<\/option><\/select>\n\t<\/div>\n\t<div class=\"category-filter\">\n\t<label>Kategorien<\/label>\n\t<select name=\"kategorie\" class=\"js-wpv-filter-trigger form-control\"><option selected='selected' value=\"0\">Alle anzeigen<\/option><option value=\"balkone-terrassen-dachbegruenung-vertikale-gaerten\">Balkone, Terrassen, Dachg\u00e4rten, vertikale G\u00e4rten<\/option><option value=\"bestehende-naturgaerten\">Bestehende Naturg\u00e4rten (Pflege und Infoarbeit)<\/option><option value=\"firmengaerten\">Firmeng\u00e4rten<\/option><option value=\"kita-gaerten\">Kita-G\u00e4rten<\/option><option value=\"kleingartenparzellen\">Kleingartenparzellen<\/option><option value=\"kommunale-flaechen\">Kommunale Fl\u00e4chen<\/option><option value=\"privatgaerten-gross-500-m\u00b2\">Privatg\u00e4rten gro\u00df (ab 500 m\u00b2)<\/option><option value=\"privatgaerten-klein-500-m2\">Privatg\u00e4rten klein (bis 500 m2)<\/option><option value=\"schul-und-jugendclubgaerten\">Schulg\u00e4rten<\/option><option value=\"vereinsgaerten-liegenschaften-von-verwaltung-kirche-etc-sonstige\">Vereinsg\u00e4rten, Unis, Liegenschaften von Verwaltung, Kirche etc, Sonstige<\/option><\/select>\n\t<\/div>\n\t<div class=\"teilnahme-filter\">\n      <label>Teilnahme<\/label>\n\t<select id=\"wpv_control_select_wtwfb_out_of_competition\" name=\"teilnahme_filter\" class=\"js-wpv-filter-trigger form-control\"><option value=\"\">Alle anzeigen<\/option><option value=\"1\">Nur au\u00dfer Konkurrenz<\/option><option value=\"0\" selected=\"selected\">Nur Wettbewerbsbeitr\u00e4ge<\/option><\/select>\n\t<\/div>\n    <div class=\"extrapreis_filter\">\n      <label>Extrapreis Musik f\u00fcr Bienenschutz<\/label>\n\t<select id=\"wpv_control_select_bienen_extra_price_bees_song\" name=\"extrapreis_filter\" class=\"js-wpv-filter-trigger form-control\"><option value=\"\" selected=\"selected\">Alle anzeigen<\/option><option value=\"1\">Mit Extrapreis Musik<\/option><option value=\"0\">Ohne Extrapreis Musik<\/option><\/select>\n\t<\/div>\n   <div class=\"gewinner-filter\">\n      <label>Gewinner<\/label>\n       \t<select id=\"wpv_control_select_wpcf-bienen_gewinner\" name=\"gewinner_filter\" class=\"js-wpv-filter-trigger form-control\"><option value=\"\" selected=\"selected\">Alle anzeigen<\/option><option value=\"1\">Nur Gewinner<\/option><\/select>\n    <\/div>\n\n<\/div>\n<div class=\"bienen-text-center\">\n<span style=\"display:none\" class=\"js-wpv-dps-spinner\"><img decoding=\"async\" src=\"https:\/\/wettbewerb-archiv.wir-tun-was-fuer-bienen.de\/archiv-2023\/wp-content\/plugins\/wp-views\/embedded\/res\/img\/ajax-loader.gif\" \/>Bitte warten. Wir filtern die Beitr\u00e4ge.<\/span>\n<\/div>\n\n<\/form>\n<div id=\"wpv-view-layout-10282-CATTR9031fb5f8db27154a14cdff18e786324\" class=\"js-wpv-view-layout js-wpv-layout-responsive js-wpv-view-layout-10282-CATTR9031fb5f8db27154a14cdff18e786324\" data-viewnumber=\"10282-CATTR9031fb5f8db27154a14cdff18e786324\" data-pagination=\"{&quot;id&quot;:&quot;10282&quot;,&quot;query&quot;:&quot;normal&quot;,&quot;type&quot;:&quot;disabled&quot;,&quot;effect&quot;:&quot;infinite&quot;,&quot;duration&quot;:50,&quot;speed&quot;:5,&quot;pause_on_hover&quot;:&quot;disabled&quot;,&quot;stop_rollover&quot;:&quot;false&quot;,&quot;cache_pages&quot;:&quot;enabled&quot;,&quot;preload_images&quot;:&quot;disabled&quot;,&quot;preload_pages&quot;:&quot;enabled&quot;,&quot;preload_reach&quot;:1,&quot;spinner&quot;:&quot;builtin&quot;,&quot;spinner_image&quot;:&quot;&quot;,&quot;callback_next&quot;:&quot;&quot;,&quot;manage_history&quot;:&quot;enabled&quot;,&quot;has_controls_in_form&quot;:&quot;disabled&quot;,&quot;infinite_tolerance&quot;:800,&quot;max_pages&quot;:0,&quot;page&quot;:1,&quot;base_permalink&quot;:&quot;\/archiv-2023\/wp-json\/wp\/v2\/pages\/404?teilnahme_filter=0&amp;wpv_view_count=10282-CATTR9031fb5f8db27154a14cdff18e786324&amp;wpv_paged=WPV_PAGE_NUM&quot;,&quot;loop&quot;:{&quot;type&quot;:&quot;&quot;,&quot;name&quot;:&quot;&quot;,&quot;data&quot;:[],&quot;id&quot;:0}}\" data-permalink=\"\/archiv-2023\/wp-json\/wp\/v2\/pages\/404?teilnahme_filter=0&#038;wpv_view_count=10282-CATTR9031fb5f8db27154a14cdff18e786324\">\n\n\t\n\t\n\t<div class=\"bienen-grid-embedded bienen-loop\">\n      \n\t\n\t\t<!-- WPV_Infinite_Scroll --><!-- WPV_Infinite_Scroll_Insert -->\n          <article id=\"post-115789\" class=\"et_pb_post post-115789 wtwfb_entry type-wtwfb_entry status-publish has-post-thumbnail hentry wtwfb_category-schul-und-jugendclubgaerten wtwfb_region-niedersachsen\">\n    <h2 class=\"entry-title\"><a href=\"https:\/\/wettbewerb-archiv.wir-tun-was-fuer-bienen.de\/archiv-2023\/eintrag\/2023-gemuesebeet-mit-kaeferbiotop-und-blumenwiese\/\">Gem\u00fcsebeet mit K\u00e4ferbiotop und Blumenwiese<\/a>\n    <\/h2>\n    <a href=\"https:\/\/wettbewerb-archiv.wir-tun-was-fuer-bienen.de\/archiv-2023\/eintrag\/2023-gemuesebeet-mit-kaeferbiotop-und-blumenwiese\/\">\n        <div class=\"bienen-entry-image\">\n            <img decoding=\"async\" width=\"400\" height=\"300\" src=\"https:\/\/wettbewerb-archiv.wir-tun-was-fuer-bienen.de\/archiv-2023\/wp-content\/uploads\/sites\/8\/2023\/08\/824EE238-35C8-4076-A378-AA77F5886F70-400x300.jpeg\" class=\"attachment-bienen-grid-thumb size-bienen-grid-thumb wp-post-image\" alt=\"\" loading=\"lazy\" \/>                    <\/div>\n    <\/a>\n\n    \n\n    <div class=\"user flex\">\n        \n                    <img decoding=\"async\" src=\"https:\/\/wettbewerb-archiv.wir-tun-was-fuer-bienen.de\/archiv-2023\/wp-content\/themes\/bienen\/assets\/images\/avatar-placeholder.png\" style=\"border-radius: 30px;\" height=\"30\" width=\"30\">\n            Umwelt WPK der B\u00f6diker Oberschule Hasel\u00fcnne            <\/div>\n    \n    \n            <p class=\"categories meta\" style=\"width: 100%\"><span class=\"fa fa-tag\"\n                                                             aria-hidden=\"true\"><\/span> Schulg\u00e4rten        <\/p>\n    \n            <p class=\"categories meta\" style=\"width: 100%\"><span class=\"fa fa-map-marker\"\n                                                             aria-hidden=\"true\"><\/span> Niedersachsen        <\/p>\n    \n<\/article>\n   \n\t\t\n          <article id=\"post-115768\" class=\"et_pb_post post-115768 wtwfb_entry type-wtwfb_entry status-publish has-post-thumbnail hentry wtwfb_category-privatgaerten-klein-500-m2 wtwfb_region-nordrhein-westfalen\">\n    <h2 class=\"entry-title\"><a href=\"https:\/\/wettbewerb-archiv.wir-tun-was-fuer-bienen.de\/archiv-2023\/eintrag\/2023-bienenfreundlicher-soll-es-werden\/\">Bienenfreundlicher soll es werden\u2026\u2026<\/a>\n    <\/h2>\n    <a href=\"https:\/\/wettbewerb-archiv.wir-tun-was-fuer-bienen.de\/archiv-2023\/eintrag\/2023-bienenfreundlicher-soll-es-werden\/\">\n        <div class=\"bienen-entry-image\">\n            <img decoding=\"async\" width=\"400\" height=\"300\" src=\"https:\/\/wettbewerb-archiv.wir-tun-was-fuer-bienen.de\/archiv-2023\/wp-content\/uploads\/sites\/8\/2023\/07\/BEsucher-Bauphase-III-400x300.jpg\" class=\"attachment-bienen-grid-thumb size-bienen-grid-thumb wp-post-image\" alt=\"\" loading=\"lazy\" \/>                    <\/div>\n    <\/a>\n\n    \n\n    <div class=\"user flex\">\n        \n                    <img decoding=\"async\" src=\"https:\/\/wettbewerb-archiv.wir-tun-was-fuer-bienen.de\/archiv-2023\/wp-content\/themes\/bienen\/assets\/images\/avatar-placeholder.png\" style=\"border-radius: 30px;\" height=\"30\" width=\"30\">\n            Ein Heim f\u00fcr Hummeln und Bienen            <\/div>\n    \n    \n            <p class=\"categories meta\" style=\"width: 100%\"><span class=\"fa fa-tag\"\n                                                             aria-hidden=\"true\"><\/span> Privatg\u00e4rten klein (bis 500 m2)        <\/p>\n    \n            <p class=\"categories meta\" style=\"width: 100%\"><span class=\"fa fa-map-marker\"\n                                                             aria-hidden=\"true\"><\/span> Nordrhein-Westfalen        <\/p>\n    \n<\/article>\n   \n\t\t\n          <article id=\"post-115717\" class=\"et_pb_post post-115717 wtwfb_entry type-wtwfb_entry status-publish has-post-thumbnail hentry wtwfb_category-kita-gaerten wtwfb_region-berlin\">\n    <h2 class=\"entry-title\"><a href=\"https:\/\/wettbewerb-archiv.wir-tun-was-fuer-bienen.de\/archiv-2023\/eintrag\/2023-summ-summ-summ-bienchen-summ-herum-2\/\">Summ summ summ Bienchen summ herum!<\/a>\n    <\/h2>\n    <a href=\"https:\/\/wettbewerb-archiv.wir-tun-was-fuer-bienen.de\/archiv-2023\/eintrag\/2023-summ-summ-summ-bienchen-summ-herum-2\/\">\n        <div class=\"bienen-entry-image\">\n            <img decoding=\"async\" width=\"400\" height=\"300\" src=\"https:\/\/wettbewerb-archiv.wir-tun-was-fuer-bienen.de\/archiv-2023\/wp-content\/uploads\/sites\/8\/2023\/07\/IMG_2367-400x300.jpg\" class=\"attachment-bienen-grid-thumb size-bienen-grid-thumb wp-post-image\" alt=\"\" loading=\"lazy\" \/>                    <\/div>\n    <\/a>\n\n    \n\n    <div class=\"user flex\">\n        \n                    <img decoding=\"async\" src=\"https:\/\/wettbewerb-archiv.wir-tun-was-fuer-bienen.de\/archiv-2023\/wp-content\/themes\/bienen\/assets\/images\/avatar-placeholder.png\" style=\"border-radius: 30px;\" height=\"30\" width=\"30\">\n            Familienzentrum Mehringdamm            <\/div>\n    \n    \n            <p class=\"categories meta\" style=\"width: 100%\"><span class=\"fa fa-tag\"\n                                                             aria-hidden=\"true\"><\/span> Kita-G\u00e4rten        <\/p>\n    \n            <p class=\"categories meta\" style=\"width: 100%\"><span class=\"fa fa-map-marker\"\n                                                             aria-hidden=\"true\"><\/span> Berlin        <\/p>\n    \n<\/article>\n   \n\t\t\n          <article id=\"post-115691\" class=\"et_pb_post post-115691 wtwfb_entry type-wtwfb_entry status-publish has-post-thumbnail hentry wtwfb_category-balkone-terrassen-dachbegruenung-vertikale-gaerten wtwfb_region-nordrhein-westfalen\">\n    <h2 class=\"entry-title\"><a href=\"https:\/\/wettbewerb-archiv.wir-tun-was-fuer-bienen.de\/archiv-2023\/eintrag\/2023-ein-gruendach-fuer-die-friedrichsburg\/\">Ein Gr\u00fcndach f\u00fcr die Friedrichsburg<\/a>\n    <\/h2>\n    <a href=\"https:\/\/wettbewerb-archiv.wir-tun-was-fuer-bienen.de\/archiv-2023\/eintrag\/2023-ein-gruendach-fuer-die-friedrichsburg\/\">\n        <div class=\"bienen-entry-image\">\n            <img decoding=\"async\" width=\"400\" height=\"300\" src=\"https:\/\/wettbewerb-archiv.wir-tun-was-fuer-bienen.de\/archiv-2023\/wp-content\/uploads\/sites\/8\/2023\/07\/20230718_164326-400x300.jpg\" class=\"attachment-bienen-grid-thumb size-bienen-grid-thumb wp-post-image\" alt=\"\" loading=\"lazy\" \/>                    <\/div>\n    <\/a>\n\n    \n\n    <div class=\"user flex\">\n        \n                    <img decoding=\"async\" src=\"https:\/\/wettbewerb-archiv.wir-tun-was-fuer-bienen.de\/archiv-2023\/wp-content\/themes\/bienen\/assets\/images\/avatar-placeholder.png\" style=\"border-radius: 30px;\" height=\"30\" width=\"30\">\n            Ein Gr\u00fcndach f\u00fcr die Friedrichsburg            <\/div>\n    \n    <p class=\"categories meta bienen-gewinner\"><span class=\"fa fa-trophy\"                                                              aria-hidden=\"true\"><\/span> Gewinner<\/p>\n            <p class=\"categories meta\" style=\"width: 100%\"><span class=\"fa fa-tag\"\n                                                             aria-hidden=\"true\"><\/span> Balkone, Terrassen, Dachg\u00e4rten, vertikale G\u00e4rten        <\/p>\n    \n            <p class=\"categories meta\" style=\"width: 100%\"><span class=\"fa fa-map-marker\"\n                                                             aria-hidden=\"true\"><\/span> Nordrhein-Westfalen        <\/p>\n    \n<\/article>\n   \n\t\t\n          <article id=\"post-115631\" class=\"et_pb_post post-115631 wtwfb_entry type-wtwfb_entry status-publish has-post-thumbnail hentry wtwfb_category-kleingartenparzellen wtwfb_region-niedersachsen\">\n    <h2 class=\"entry-title\"><a href=\"https:\/\/wettbewerb-archiv.wir-tun-was-fuer-bienen.de\/archiv-2023\/eintrag\/2023-norbertbienenweide\/\">Norbert`Bienenweide<\/a>\n    <\/h2>\n    <a href=\"https:\/\/wettbewerb-archiv.wir-tun-was-fuer-bienen.de\/archiv-2023\/eintrag\/2023-norbertbienenweide\/\">\n        <div class=\"bienen-entry-image\">\n            <img decoding=\"async\" width=\"400\" height=\"300\" src=\"https:\/\/wettbewerb-archiv.wir-tun-was-fuer-bienen.de\/archiv-2023\/wp-content\/uploads\/sites\/8\/2023\/07\/20230715_173830-400x300.jpg\" class=\"attachment-bienen-grid-thumb size-bienen-grid-thumb wp-post-image\" alt=\"\" loading=\"lazy\" \/>                    <\/div>\n    <\/a>\n\n    \n\n    <div class=\"user flex\">\n        \n                    <img decoding=\"async\" src=\"https:\/\/wettbewerb-archiv.wir-tun-was-fuer-bienen.de\/archiv-2023\/wp-content\/themes\/bienen\/assets\/images\/avatar-placeholder.png\" style=\"border-radius: 30px;\" height=\"30\" width=\"30\">\n            Norbert`Bienenweide            <\/div>\n    \n    \n            <p class=\"categories meta\" style=\"width: 100%\"><span class=\"fa fa-tag\"\n                                                             aria-hidden=\"true\"><\/span> Kleingartenparzellen        <\/p>\n    \n            <p class=\"categories meta\" style=\"width: 100%\"><span class=\"fa fa-map-marker\"\n                                                             aria-hidden=\"true\"><\/span> Niedersachsen        <\/p>\n    \n<\/article>\n   \n\t\t\n          <article id=\"post-115516\" class=\"et_pb_post post-115516 wtwfb_entry type-wtwfb_entry status-publish has-post-thumbnail hentry wtwfb_category-kita-gaerten wtwfb_region-bayern\">\n    <h2 class=\"entry-title\"><a href=\"https:\/\/wettbewerb-archiv.wir-tun-was-fuer-bienen.de\/archiv-2023\/eintrag\/2023-ein-gemuesebeet-fuer-unseren-waldkindergarten\/\">Ein Gem\u00fcsebeet f\u00fcr unseren Waldkindergarten<\/a>\n    <\/h2>\n    <a href=\"https:\/\/wettbewerb-archiv.wir-tun-was-fuer-bienen.de\/archiv-2023\/eintrag\/2023-ein-gemuesebeet-fuer-unseren-waldkindergarten\/\">\n        <div class=\"bienen-entry-image\">\n            <img decoding=\"async\" width=\"400\" height=\"300\" src=\"https:\/\/wettbewerb-archiv.wir-tun-was-fuer-bienen.de\/archiv-2023\/wp-content\/uploads\/sites\/8\/2023\/07\/3ADDA628-22C4-468B-82DD-1FDAF7BE9117-400x300.jpeg\" class=\"attachment-bienen-grid-thumb size-bienen-grid-thumb wp-post-image\" alt=\"\" loading=\"lazy\" \/>                    <\/div>\n    <\/a>\n\n    \n\n    <div class=\"user flex\">\n        \n                    <img decoding=\"async\" src=\"https:\/\/wettbewerb-archiv.wir-tun-was-fuer-bienen.de\/archiv-2023\/wp-content\/themes\/bienen\/assets\/images\/avatar-placeholder.png\" style=\"border-radius: 30px;\" height=\"30\" width=\"30\">\n            Johanniter Waldkindergarten Pettendorf            <\/div>\n    \n    \n            <p class=\"categories meta\" style=\"width: 100%\"><span class=\"fa fa-tag\"\n                                                             aria-hidden=\"true\"><\/span> Kita-G\u00e4rten        <\/p>\n    \n            <p class=\"categories meta\" style=\"width: 100%\"><span class=\"fa fa-map-marker\"\n                                                             aria-hidden=\"true\"><\/span> Bayern        <\/p>\n    \n<\/article>\n   \n\t\t\n          <article id=\"post-115265\" class=\"et_pb_post post-115265 wtwfb_entry type-wtwfb_entry status-publish has-post-thumbnail hentry wtwfb_category-balkone-terrassen-dachbegruenung-vertikale-gaerten wtwfb_region-sachsen\">\n    <h2 class=\"entry-title\"><a href=\"https:\/\/wettbewerb-archiv.wir-tun-was-fuer-bienen.de\/archiv-2023\/eintrag\/2023-kleine-blueten-in-steinmauer\/\">Kleine Bl\u00fcten in Steinmauer<\/a>\n    <\/h2>\n    <a href=\"https:\/\/wettbewerb-archiv.wir-tun-was-fuer-bienen.de\/archiv-2023\/eintrag\/2023-kleine-blueten-in-steinmauer\/\">\n        <div class=\"bienen-entry-image\">\n            <img decoding=\"async\" width=\"400\" height=\"300\" src=\"https:\/\/wettbewerb-archiv.wir-tun-was-fuer-bienen.de\/archiv-2023\/wp-content\/uploads\/sites\/8\/2023\/07\/IMG_20230731_172626-400x300.jpg\" class=\"attachment-bienen-grid-thumb size-bienen-grid-thumb wp-post-image\" alt=\"\" loading=\"lazy\" \/>                    <\/div>\n    <\/a>\n\n    \n\n    <div class=\"user flex\">\n        \n                    <img decoding=\"async\" src=\"https:\/\/wettbewerb-archiv.wir-tun-was-fuer-bienen.de\/archiv-2023\/wp-content\/themes\/bienen\/assets\/images\/avatar-placeholder.png\" style=\"border-radius: 30px;\" height=\"30\" width=\"30\">\n            Fotoginseng            <\/div>\n    \n    \n            <p class=\"categories meta\" style=\"width: 100%\"><span class=\"fa fa-tag\"\n                                                             aria-hidden=\"true\"><\/span> Balkone, Terrassen, Dachg\u00e4rten, vertikale G\u00e4rten        <\/p>\n    \n            <p class=\"categories meta\" style=\"width: 100%\"><span class=\"fa fa-map-marker\"\n                                                             aria-hidden=\"true\"><\/span> Sachsen        <\/p>\n    \n<\/article>\n   \n\t\t\n          <article id=\"post-115199\" class=\"et_pb_post post-115199 wtwfb_entry type-wtwfb_entry status-publish has-post-thumbnail hentry wtwfb_category-privatgaerten-gross-500-m wtwfb_region-schleswig-holstein\">\n    <h2 class=\"entry-title\"><a href=\"https:\/\/wettbewerb-archiv.wir-tun-was-fuer-bienen.de\/archiv-2023\/eintrag\/2023-machtlustaufmehr\/\">machtlustaufmehr<\/a>\n    <\/h2>\n    <a href=\"https:\/\/wettbewerb-archiv.wir-tun-was-fuer-bienen.de\/archiv-2023\/eintrag\/2023-machtlustaufmehr\/\">\n        <div class=\"bienen-entry-image\">\n            <img decoding=\"async\" width=\"400\" height=\"300\" src=\"https:\/\/wettbewerb-archiv.wir-tun-was-fuer-bienen.de\/archiv-2023\/wp-content\/uploads\/sites\/8\/2023\/07\/20221028_102917-400x300.jpg\" class=\"attachment-bienen-grid-thumb size-bienen-grid-thumb wp-post-image\" alt=\"\" loading=\"lazy\" \/>                    <\/div>\n    <\/a>\n\n    \n\n    <div class=\"user flex\">\n        \n                    <img decoding=\"async\" src=\"https:\/\/wettbewerb-archiv.wir-tun-was-fuer-bienen.de\/archiv-2023\/wp-content\/themes\/bienen\/assets\/images\/avatar-placeholder.png\" style=\"border-radius: 30px;\" height=\"30\" width=\"30\">\n            machtlustaufmehr            <\/div>\n    \n    \n            <p class=\"categories meta\" style=\"width: 100%\"><span class=\"fa fa-tag\"\n                                                             aria-hidden=\"true\"><\/span> Privatg\u00e4rten gro\u00df (ab 500 m\u00b2)        <\/p>\n    \n            <p class=\"categories meta\" style=\"width: 100%\"><span class=\"fa fa-map-marker\"\n                                                             aria-hidden=\"true\"><\/span> Schleswig-Holstein        <\/p>\n    \n<\/article>\n   \n\t\t\n          <article id=\"post-115149\" class=\"et_pb_post post-115149 wtwfb_entry type-wtwfb_entry status-publish has-post-thumbnail hentry wtwfb_category-privatgaerten-gross-500-m wtwfb_region-nordrhein-westfalen\">\n    <h2 class=\"entry-title\"><a href=\"https:\/\/wettbewerb-archiv.wir-tun-was-fuer-bienen.de\/archiv-2023\/eintrag\/2023-das-insektenparadies-im-ruhrgebiet\/\">Das Insektenparadies im Ruhrgebiet<\/a>\n    <\/h2>\n    <a href=\"https:\/\/wettbewerb-archiv.wir-tun-was-fuer-bienen.de\/archiv-2023\/eintrag\/2023-das-insektenparadies-im-ruhrgebiet\/\">\n        <div class=\"bienen-entry-image\">\n            <img decoding=\"async\" width=\"400\" height=\"300\" src=\"https:\/\/wettbewerb-archiv.wir-tun-was-fuer-bienen.de\/archiv-2023\/wp-content\/uploads\/sites\/8\/2023\/07\/29d2a4ad-9ffe-4439-9d51-501d369d8b21-400x300.jpeg\" class=\"attachment-bienen-grid-thumb size-bienen-grid-thumb wp-post-image\" alt=\"\" loading=\"lazy\" \/>                    <\/div>\n    <\/a>\n\n    \n\n    <div class=\"user flex\">\n        \n                    <img decoding=\"async\" src=\"https:\/\/wettbewerb-archiv.wir-tun-was-fuer-bienen.de\/archiv-2023\/wp-content\/themes\/bienen\/assets\/images\/avatar-placeholder.png\" style=\"border-radius: 30px;\" height=\"30\" width=\"30\">\n            Naturgarten der Familie Pork            <\/div>\n    \n    \n            <p class=\"categories meta\" style=\"width: 100%\"><span class=\"fa fa-tag\"\n                                                             aria-hidden=\"true\"><\/span> Privatg\u00e4rten gro\u00df (ab 500 m\u00b2)        <\/p>\n    \n            <p class=\"categories meta\" style=\"width: 100%\"><span class=\"fa fa-map-marker\"\n                                                             aria-hidden=\"true\"><\/span> Nordrhein-Westfalen        <\/p>\n    \n<\/article>\n   \n\t\t\n          <article id=\"post-115138\" class=\"et_pb_post post-115138 wtwfb_entry type-wtwfb_entry status-publish has-post-thumbnail hentry wtwfb_category-vereinsgaerten-liegenschaften-von-verwaltung-kirche-etc-sonstige wtwfb_region-sachsen\">\n    <h2 class=\"entry-title\"><a href=\"https:\/\/wettbewerb-archiv.wir-tun-was-fuer-bienen.de\/archiv-2023\/eintrag\/2023-unser-neuestes-projekt-im-gemeinschaftskraeutergarten\/\">Unser neuestes Projekt im Gemeinschaftskr\u00e4utergarten<\/a>\n    <\/h2>\n    <a href=\"https:\/\/wettbewerb-archiv.wir-tun-was-fuer-bienen.de\/archiv-2023\/eintrag\/2023-unser-neuestes-projekt-im-gemeinschaftskraeutergarten\/\">\n        <div class=\"bienen-entry-image\">\n            <img decoding=\"async\" width=\"400\" height=\"300\" src=\"https:\/\/wettbewerb-archiv.wir-tun-was-fuer-bienen.de\/archiv-2023\/wp-content\/uploads\/sites\/8\/2023\/07\/20220908_190124-400x300.jpg\" class=\"attachment-bienen-grid-thumb size-bienen-grid-thumb wp-post-image\" alt=\"\" loading=\"lazy\" srcset=\"https:\/\/wettbewerb-archiv.wir-tun-was-fuer-bienen.de\/archiv-2023\/wp-content\/uploads\/sites\/8\/2023\/07\/20220908_190124-400x300.jpg 400w, https:\/\/wettbewerb-archiv.wir-tun-was-fuer-bienen.de\/archiv-2023\/wp-content\/uploads\/sites\/8\/2023\/07\/20220908_190124-768x576.jpg 768w, https:\/\/wettbewerb-archiv.wir-tun-was-fuer-bienen.de\/archiv-2023\/wp-content\/uploads\/sites\/8\/2023\/07\/20220908_190124-1024x768.jpg 1024w, https:\/\/wettbewerb-archiv.wir-tun-was-fuer-bienen.de\/archiv-2023\/wp-content\/uploads\/sites\/8\/2023\/07\/20220908_190124.jpg 1920w\" sizes=\"(max-width: 400px) 100vw, 400px\" \/>                    <\/div>\n    <\/a>\n\n    \n\n    <div class=\"user flex\">\n        \n                    <img decoding=\"async\" src=\"https:\/\/wettbewerb-archiv.wir-tun-was-fuer-bienen.de\/archiv-2023\/wp-content\/themes\/bienen\/assets\/images\/avatar-placeholder.png\" style=\"border-radius: 30px;\" height=\"30\" width=\"30\">\n            Kleingartenfreunde Waldesfrieden e.V.            <\/div>\n    \n    <p class=\"categories meta bienen-gewinner\"><span class=\"fa fa-trophy\"                                                              aria-hidden=\"true\"><\/span> Gewinner<\/p>\n            <p class=\"categories meta\" style=\"width: 100%\"><span class=\"fa fa-tag\"\n                                                             aria-hidden=\"true\"><\/span> Vereinsg\u00e4rten, Unis, Liegenschaften von Verwaltung, Kirche etc, Sonstige        <\/p>\n    \n            <p class=\"categories meta\" style=\"width: 100%\"><span class=\"fa fa-map-marker\"\n                                                             aria-hidden=\"true\"><\/span> Sachsen        <\/p>\n    \n<\/article>\n   \n\t\t\n          <article id=\"post-115120\" class=\"et_pb_post post-115120 wtwfb_entry type-wtwfb_entry status-publish has-post-thumbnail hentry wtwfb_category-privatgaerten-klein-500-m2 wtwfb_region-nordrhein-westfalen\">\n    <h2 class=\"entry-title\"><a href=\"https:\/\/wettbewerb-archiv.wir-tun-was-fuer-bienen.de\/archiv-2023\/eintrag\/2023-vorgarten-die-triste-rasenflaeche-wird-zum-bluehparadies\/\">Vorgarten- die triste Rasenfl\u00e4che wird zum Bl\u00fchparadi...<\/a>\n    <\/h2>\n    <a href=\"https:\/\/wettbewerb-archiv.wir-tun-was-fuer-bienen.de\/archiv-2023\/eintrag\/2023-vorgarten-die-triste-rasenflaeche-wird-zum-bluehparadies\/\">\n        <div class=\"bienen-entry-image\">\n            <img decoding=\"async\" width=\"400\" height=\"300\" src=\"https:\/\/wettbewerb-archiv.wir-tun-was-fuer-bienen.de\/archiv-2023\/wp-content\/uploads\/sites\/8\/2023\/07\/20230728_193239a-400x300.jpg\" class=\"attachment-bienen-grid-thumb size-bienen-grid-thumb wp-post-image\" alt=\"\" loading=\"lazy\" \/>                    <\/div>\n    <\/a>\n\n    \n\n    <div class=\"user flex\">\n        \n                    <img decoding=\"async\" src=\"https:\/\/wettbewerb-archiv.wir-tun-was-fuer-bienen.de\/archiv-2023\/wp-content\/themes\/bienen\/assets\/images\/avatar-placeholder.png\" style=\"border-radius: 30px;\" height=\"30\" width=\"30\">\n            Nicola von der Ohe            <\/div>\n    \n    \n            <p class=\"categories meta\" style=\"width: 100%\"><span class=\"fa fa-tag\"\n                                                             aria-hidden=\"true\"><\/span> Privatg\u00e4rten klein (bis 500 m2)        <\/p>\n    \n            <p class=\"categories meta\" style=\"width: 100%\"><span class=\"fa fa-map-marker\"\n                                                             aria-hidden=\"true\"><\/span> Nordrhein-Westfalen        <\/p>\n    \n<\/article>\n   \n\t\t\n          <article id=\"post-115081\" class=\"et_pb_post post-115081 wtwfb_entry type-wtwfb_entry status-publish has-post-thumbnail hentry wtwfb_category-bestehende-naturgaerten wtwfb_region-nordrhein-westfalen\">\n    <h2 class=\"entry-title\"><a href=\"https:\/\/wettbewerb-archiv.wir-tun-was-fuer-bienen.de\/archiv-2023\/eintrag\/2023-hortus-im-iburgtal\/\">Hortus Im Iburgtal<\/a>\n    <\/h2>\n    <a href=\"https:\/\/wettbewerb-archiv.wir-tun-was-fuer-bienen.de\/archiv-2023\/eintrag\/2023-hortus-im-iburgtal\/\">\n        <div class=\"bienen-entry-image\">\n            <img decoding=\"async\" width=\"400\" height=\"300\" src=\"https:\/\/wettbewerb-archiv.wir-tun-was-fuer-bienen.de\/archiv-2023\/wp-content\/uploads\/sites\/8\/2023\/07\/IMG_159422031632F-400x300.jpg\" class=\"attachment-bienen-grid-thumb size-bienen-grid-thumb wp-post-image\" alt=\"\" loading=\"lazy\" \/>                    <\/div>\n    <\/a>\n\n    \n\n    <div class=\"user flex\">\n        \n                    <img decoding=\"async\" src=\"https:\/\/wettbewerb-archiv.wir-tun-was-fuer-bienen.de\/archiv-2023\/wp-content\/themes\/bienen\/assets\/images\/avatar-placeholder.png\" style=\"border-radius: 30px;\" height=\"30\" width=\"30\">\n            Hortus Im Iburgtal            <\/div>\n    \n    \n            <p class=\"categories meta\" style=\"width: 100%\"><span class=\"fa fa-tag\"\n                                                             aria-hidden=\"true\"><\/span> Bestehende Naturg\u00e4rten (Pflege und Infoarbeit)        <\/p>\n    \n            <p class=\"categories meta\" style=\"width: 100%\"><span class=\"fa fa-map-marker\"\n                                                             aria-hidden=\"true\"><\/span> Nordrhein-Westfalen        <\/p>\n    \n<\/article>\n   \n\t\t\n          <article id=\"post-115054\" class=\"et_pb_post post-115054 wtwfb_entry type-wtwfb_entry status-publish has-post-thumbnail hentry wtwfb_category-privatgaerten-gross-500-m wtwfb_region-berlin\">\n    <h2 class=\"entry-title\"><a href=\"https:\/\/wettbewerb-archiv.wir-tun-was-fuer-bienen.de\/archiv-2023\/eintrag\/2023-unser-bienen-und-schmetterlingsparadis\/\">Unser Bienen und Schmetterlingsparadis<\/a>\n    <\/h2>\n    <a href=\"https:\/\/wettbewerb-archiv.wir-tun-was-fuer-bienen.de\/archiv-2023\/eintrag\/2023-unser-bienen-und-schmetterlingsparadis\/\">\n        <div class=\"bienen-entry-image\">\n            <img decoding=\"async\" width=\"400\" height=\"300\" src=\"https:\/\/wettbewerb-archiv.wir-tun-was-fuer-bienen.de\/archiv-2023\/wp-content\/uploads\/sites\/8\/2023\/07\/20230730_142129-400x300.jpg\" class=\"attachment-bienen-grid-thumb size-bienen-grid-thumb wp-post-image\" alt=\"\" loading=\"lazy\" \/>                    <\/div>\n    <\/a>\n\n    \n\n    <div class=\"user flex\">\n        \n                    <img decoding=\"async\" src=\"https:\/\/wettbewerb-archiv.wir-tun-was-fuer-bienen.de\/archiv-2023\/wp-content\/themes\/bienen\/assets\/images\/avatar-placeholder.png\" style=\"border-radius: 30px;\" height=\"30\" width=\"30\">\n            Die Bienenfreundlichen            <\/div>\n    \n    \n            <p class=\"categories meta\" style=\"width: 100%\"><span class=\"fa fa-tag\"\n                                                             aria-hidden=\"true\"><\/span> Privatg\u00e4rten gro\u00df (ab 500 m\u00b2)        <\/p>\n    \n            <p class=\"categories meta\" style=\"width: 100%\"><span class=\"fa fa-map-marker\"\n                                                             aria-hidden=\"true\"><\/span> Berlin        <\/p>\n    \n<\/article>\n   \n\t\t\n          <article id=\"post-115018\" class=\"et_pb_post post-115018 wtwfb_entry type-wtwfb_entry status-publish has-post-thumbnail hentry wtwfb_category-vereinsgaerten-liegenschaften-von-verwaltung-kirche-etc-sonstige wtwfb_region-nordrhein-westfalen\">\n    <h2 class=\"entry-title\"><a href=\"https:\/\/wettbewerb-archiv.wir-tun-was-fuer-bienen.de\/archiv-2023\/eintrag\/2023-insektenherzgestaltung-von-bienenhelden-im-gruenguertel-kleingartenverein-koeln\/\">Insektenherzgestaltung von den Bienenhelden im Gr\u00fcng\u00fc...<\/a>\n    <\/h2>\n    <a href=\"https:\/\/wettbewerb-archiv.wir-tun-was-fuer-bienen.de\/archiv-2023\/eintrag\/2023-insektenherzgestaltung-von-bienenhelden-im-gruenguertel-kleingartenverein-koeln\/\">\n        <div class=\"bienen-entry-image\">\n            <img decoding=\"async\" width=\"400\" height=\"300\" src=\"https:\/\/wettbewerb-archiv.wir-tun-was-fuer-bienen.de\/archiv-2023\/wp-content\/uploads\/sites\/8\/2023\/07\/IMG-20230730-WA0008-400x300.jpg\" class=\"attachment-bienen-grid-thumb size-bienen-grid-thumb wp-post-image\" alt=\"\" loading=\"lazy\" \/>                    <\/div>\n    <\/a>\n\n    \n\n    <div class=\"user flex\">\n        \n                    <img decoding=\"async\" src=\"https:\/\/wettbewerb-archiv.wir-tun-was-fuer-bienen.de\/archiv-2023\/wp-content\/themes\/bienen\/assets\/images\/avatar-placeholder.png\" style=\"border-radius: 30px;\" height=\"30\" width=\"30\">\n            Bienenhelden Gr\u00fcng\u00fcrtel - Kleingartenverein K\u00f6ln            <\/div>\n            <p class=\"categories meta\" style=\"color: #c32731; font-weight: bold; width: 100%\"><span class=\"fa fa-music\"\n                                                                                                aria-hidden=\"true\"><\/span> Extrapreis Musik\n            f\u00fcr Bienenschutz\n        <\/p>\n    \n    \n            <p class=\"categories meta\" style=\"width: 100%\"><span class=\"fa fa-tag\"\n                                                             aria-hidden=\"true\"><\/span> Vereinsg\u00e4rten, Unis, Liegenschaften von Verwaltung, Kirche etc, Sonstige        <\/p>\n    \n            <p class=\"categories meta\" style=\"width: 100%\"><span class=\"fa fa-map-marker\"\n                                                             aria-hidden=\"true\"><\/span> Nordrhein-Westfalen        <\/p>\n    \n<\/article>\n   \n\t\t\n          <article id=\"post-115016\" class=\"et_pb_post post-115016 wtwfb_entry type-wtwfb_entry status-publish has-post-thumbnail hentry wtwfb_category-kommunale-flaechen wtwfb_region-nordrhein-westfalen\">\n    <h2 class=\"entry-title\"><a href=\"https:\/\/wettbewerb-archiv.wir-tun-was-fuer-bienen.de\/archiv-2023\/eintrag\/2023-die-willde-insel\/\">Die wilde Insel<\/a>\n    <\/h2>\n    <a href=\"https:\/\/wettbewerb-archiv.wir-tun-was-fuer-bienen.de\/archiv-2023\/eintrag\/2023-die-willde-insel\/\">\n        <div class=\"bienen-entry-image\">\n            <img decoding=\"async\" width=\"400\" height=\"300\" src=\"https:\/\/wettbewerb-archiv.wir-tun-was-fuer-bienen.de\/archiv-2023\/wp-content\/uploads\/sites\/8\/2023\/07\/IMG_20230620_073801391-400x300.jpg\" class=\"attachment-bienen-grid-thumb size-bienen-grid-thumb wp-post-image\" alt=\"\" loading=\"lazy\" srcset=\"https:\/\/wettbewerb-archiv.wir-tun-was-fuer-bienen.de\/archiv-2023\/wp-content\/uploads\/sites\/8\/2023\/07\/IMG_20230620_073801391-400x300.jpg 400w, https:\/\/wettbewerb-archiv.wir-tun-was-fuer-bienen.de\/archiv-2023\/wp-content\/uploads\/sites\/8\/2023\/07\/IMG_20230620_073801391-768x576.jpg 768w, https:\/\/wettbewerb-archiv.wir-tun-was-fuer-bienen.de\/archiv-2023\/wp-content\/uploads\/sites\/8\/2023\/07\/IMG_20230620_073801391-1024x768.jpg 1024w, https:\/\/wettbewerb-archiv.wir-tun-was-fuer-bienen.de\/archiv-2023\/wp-content\/uploads\/sites\/8\/2023\/07\/IMG_20230620_073801391.jpg 1920w\" sizes=\"(max-width: 400px) 100vw, 400px\" \/>                    <\/div>\n    <\/a>\n\n    \n\n    <div class=\"user flex\">\n        \n                    <img decoding=\"async\" src=\"https:\/\/wettbewerb-archiv.wir-tun-was-fuer-bienen.de\/archiv-2023\/wp-content\/themes\/bienen\/assets\/images\/avatar-placeholder.png\" style=\"border-radius: 30px;\" height=\"30\" width=\"30\">\n            Die Insulaner            <\/div>\n    \n    <p class=\"categories meta bienen-gewinner\"><span class=\"fa fa-trophy\"                                                              aria-hidden=\"true\"><\/span> Gewinner<\/p>\n            <p class=\"categories meta\" style=\"width: 100%\"><span class=\"fa fa-tag\"\n                                                             aria-hidden=\"true\"><\/span> Kommunale Fl\u00e4chen        <\/p>\n    \n            <p class=\"categories meta\" style=\"width: 100%\"><span class=\"fa fa-map-marker\"\n                                                             aria-hidden=\"true\"><\/span> Nordrhein-Westfalen        <\/p>\n    \n<\/article>\n   \n\t\t\n          <article id=\"post-114978\" class=\"et_pb_post post-114978 wtwfb_entry type-wtwfb_entry status-publish has-post-thumbnail hentry wtwfb_category-kleingartenparzellen wtwfb_region-schleswig-holstein\">\n    <h2 class=\"entry-title\"><a href=\"https:\/\/wettbewerb-archiv.wir-tun-was-fuer-bienen.de\/archiv-2023\/eintrag\/2023-permaculture-mind-leben-in-einklang-mit-der-natur\/\">permaculture mind &#8211; Leben in Einklang mit der Natur<\/a>\n    <\/h2>\n    <a href=\"https:\/\/wettbewerb-archiv.wir-tun-was-fuer-bienen.de\/archiv-2023\/eintrag\/2023-permaculture-mind-leben-in-einklang-mit-der-natur\/\">\n        <div class=\"bienen-entry-image\">\n            <img decoding=\"async\" width=\"400\" height=\"300\" src=\"https:\/\/wettbewerb-archiv.wir-tun-was-fuer-bienen.de\/archiv-2023\/wp-content\/uploads\/sites\/8\/2023\/07\/2023-07-31_18-58-33-400x300.jpg\" class=\"attachment-bienen-grid-thumb size-bienen-grid-thumb wp-post-image\" alt=\"\" loading=\"lazy\" \/>                    <\/div>\n    <\/a>\n\n    \n\n    <div class=\"user flex\">\n        \n                    <img decoding=\"async\" src=\"https:\/\/wettbewerb-archiv.wir-tun-was-fuer-bienen.de\/archiv-2023\/wp-content\/themes\/bienen\/assets\/images\/avatar-placeholder.png\" style=\"border-radius: 30px;\" height=\"30\" width=\"30\">\n            permaculture mind            <\/div>\n    \n    \n            <p class=\"categories meta\" style=\"width: 100%\"><span class=\"fa fa-tag\"\n                                                             aria-hidden=\"true\"><\/span> Kleingartenparzellen        <\/p>\n    \n            <p class=\"categories meta\" style=\"width: 100%\"><span class=\"fa fa-map-marker\"\n                                                             aria-hidden=\"true\"><\/span> Schleswig-Holstein        <\/p>\n    \n<\/article>\n   \n\t\t\n          <article id=\"post-114758\" class=\"et_pb_post post-114758 wtwfb_entry type-wtwfb_entry status-publish has-post-thumbnail hentry wtwfb_category-schul-und-jugendclubgaerten wtwfb_region-brandenburg\">\n    <h2 class=\"entry-title\"><a href=\"https:\/\/wettbewerb-archiv.wir-tun-was-fuer-bienen.de\/archiv-2023\/eintrag\/2023-ag-bienenfreundlicher-schulhof-fontaneum-rangsdorf\/\">AG Bienenfreundlicher Schulhof Fontaneum Rangsdorf<\/a>\n    <\/h2>\n    <a href=\"https:\/\/wettbewerb-archiv.wir-tun-was-fuer-bienen.de\/archiv-2023\/eintrag\/2023-ag-bienenfreundlicher-schulhof-fontaneum-rangsdorf\/\">\n        <div class=\"bienen-entry-image\">\n            <img decoding=\"async\" width=\"400\" height=\"300\" src=\"https:\/\/wettbewerb-archiv.wir-tun-was-fuer-bienen.de\/archiv-2023\/wp-content\/uploads\/sites\/8\/2023\/07\/IMG_3657-400x300.jpeg\" class=\"attachment-bienen-grid-thumb size-bienen-grid-thumb wp-post-image\" alt=\"\" loading=\"lazy\" \/>                    <\/div>\n    <\/a>\n\n    \n\n    <div class=\"user flex\">\n        \n                    <img decoding=\"async\" src=\"https:\/\/wettbewerb-archiv.wir-tun-was-fuer-bienen.de\/archiv-2023\/wp-content\/themes\/bienen\/assets\/images\/avatar-placeholder.png\" style=\"border-radius: 30px;\" height=\"30\" width=\"30\">\n            AG Bienenfreundlicher Schulhof Fontaneum            <\/div>\n    \n    \n            <p class=\"categories meta\" style=\"width: 100%\"><span class=\"fa fa-tag\"\n                                                             aria-hidden=\"true\"><\/span> Schulg\u00e4rten        <\/p>\n    \n            <p class=\"categories meta\" style=\"width: 100%\"><span class=\"fa fa-map-marker\"\n                                                             aria-hidden=\"true\"><\/span> Brandenburg        <\/p>\n    \n<\/article>\n   \n\t\t\n          <article id=\"post-114562\" class=\"et_pb_post post-114562 wtwfb_entry type-wtwfb_entry status-publish has-post-thumbnail hentry wtwfb_category-privatgaerten-gross-500-m wtwfb_region-schleswig-holstein\">\n    <h2 class=\"entry-title\"><a href=\"https:\/\/wettbewerb-archiv.wir-tun-was-fuer-bienen.de\/archiv-2023\/eintrag\/2023-bluehender-wall-am-elbhang\/\">Bl\u00fchender Wall am Elbhang<\/a>\n    <\/h2>\n    <a href=\"https:\/\/wettbewerb-archiv.wir-tun-was-fuer-bienen.de\/archiv-2023\/eintrag\/2023-bluehender-wall-am-elbhang\/\">\n        <div class=\"bienen-entry-image\">\n            <img decoding=\"async\" width=\"400\" height=\"300\" src=\"https:\/\/wettbewerb-archiv.wir-tun-was-fuer-bienen.de\/archiv-2023\/wp-content\/uploads\/sites\/8\/2023\/07\/DSC00267-400x300.jpg\" class=\"attachment-bienen-grid-thumb size-bienen-grid-thumb wp-post-image\" alt=\"\" loading=\"lazy\" srcset=\"https:\/\/wettbewerb-archiv.wir-tun-was-fuer-bienen.de\/archiv-2023\/wp-content\/uploads\/sites\/8\/2023\/07\/DSC00267-400x300.jpg 400w, https:\/\/wettbewerb-archiv.wir-tun-was-fuer-bienen.de\/archiv-2023\/wp-content\/uploads\/sites\/8\/2023\/07\/DSC00267-768x576.jpg 768w, https:\/\/wettbewerb-archiv.wir-tun-was-fuer-bienen.de\/archiv-2023\/wp-content\/uploads\/sites\/8\/2023\/07\/DSC00267-1024x768.jpg 1024w, https:\/\/wettbewerb-archiv.wir-tun-was-fuer-bienen.de\/archiv-2023\/wp-content\/uploads\/sites\/8\/2023\/07\/DSC00267.jpg 1632w\" sizes=\"(max-width: 400px) 100vw, 400px\" \/>                    <\/div>\n    <\/a>\n\n    \n\n    <div class=\"user flex\">\n        \n                    <img decoding=\"async\" src=\"https:\/\/wettbewerb-archiv.wir-tun-was-fuer-bienen.de\/archiv-2023\/wp-content\/themes\/bienen\/assets\/images\/avatar-placeholder.png\" style=\"border-radius: 30px;\" height=\"30\" width=\"30\">\n            Bl\u00fchender Wall am Elbhang            <\/div>\n    \n    \n            <p class=\"categories meta\" style=\"width: 100%\"><span class=\"fa fa-tag\"\n                                                             aria-hidden=\"true\"><\/span> Privatg\u00e4rten gro\u00df (ab 500 m\u00b2)        <\/p>\n    \n            <p class=\"categories meta\" style=\"width: 100%\"><span class=\"fa fa-map-marker\"\n                                                             aria-hidden=\"true\"><\/span> Schleswig-Holstein        <\/p>\n    \n<\/article>\n   \n\t\t\n          <article id=\"post-114389\" class=\"et_pb_post post-114389 wtwfb_entry type-wtwfb_entry status-publish has-post-thumbnail hentry wtwfb_category-schul-und-jugendclubgaerten wtwfb_region-rheinland-pfalz\">\n    <h2 class=\"entry-title\"><a href=\"https:\/\/wettbewerb-archiv.wir-tun-was-fuer-bienen.de\/archiv-2023\/eintrag\/2023-fwg-garten-ag-in-trier\/\">FWG Garten-AG in Trier<\/a>\n    <\/h2>\n    <a href=\"https:\/\/wettbewerb-archiv.wir-tun-was-fuer-bienen.de\/archiv-2023\/eintrag\/2023-fwg-garten-ag-in-trier\/\">\n        <div class=\"bienen-entry-image\">\n            <img decoding=\"async\" width=\"400\" height=\"300\" src=\"https:\/\/wettbewerb-archiv.wir-tun-was-fuer-bienen.de\/archiv-2023\/wp-content\/uploads\/sites\/8\/2023\/07\/PXL_20230718_120538908-400x300.jpg\" class=\"attachment-bienen-grid-thumb size-bienen-grid-thumb wp-post-image\" alt=\"\" loading=\"lazy\" srcset=\"https:\/\/wettbewerb-archiv.wir-tun-was-fuer-bienen.de\/archiv-2023\/wp-content\/uploads\/sites\/8\/2023\/07\/PXL_20230718_120538908-400x300.jpg 400w, https:\/\/wettbewerb-archiv.wir-tun-was-fuer-bienen.de\/archiv-2023\/wp-content\/uploads\/sites\/8\/2023\/07\/PXL_20230718_120538908-768x576.jpg 768w, https:\/\/wettbewerb-archiv.wir-tun-was-fuer-bienen.de\/archiv-2023\/wp-content\/uploads\/sites\/8\/2023\/07\/PXL_20230718_120538908-1024x768.jpg 1024w, https:\/\/wettbewerb-archiv.wir-tun-was-fuer-bienen.de\/archiv-2023\/wp-content\/uploads\/sites\/8\/2023\/07\/PXL_20230718_120538908.jpg 1920w\" sizes=\"(max-width: 400px) 100vw, 400px\" \/>                    <\/div>\n    <\/a>\n\n    \n\n    <div class=\"user flex\">\n        \n                    <img decoding=\"async\" src=\"https:\/\/wettbewerb-archiv.wir-tun-was-fuer-bienen.de\/archiv-2023\/wp-content\/themes\/bienen\/assets\/images\/avatar-placeholder.png\" style=\"border-radius: 30px;\" height=\"30\" width=\"30\">\n            Garten-AG FWG            <\/div>\n    \n    \n            <p class=\"categories meta\" style=\"width: 100%\"><span class=\"fa fa-tag\"\n                                                             aria-hidden=\"true\"><\/span> Schulg\u00e4rten        <\/p>\n    \n            <p class=\"categories meta\" style=\"width: 100%\"><span class=\"fa fa-map-marker\"\n                                                             aria-hidden=\"true\"><\/span> Rheinland-Pfalz        <\/p>\n    \n<\/article>\n   \n\t\t\n          <article id=\"post-114330\" class=\"et_pb_post post-114330 wtwfb_entry type-wtwfb_entry status-publish has-post-thumbnail hentry wtwfb_category-kommunale-flaechen wtwfb_region-nordrhein-westfalen\">\n    <h2 class=\"entry-title\"><a href=\"https:\/\/wettbewerb-archiv.wir-tun-was-fuer-bienen.de\/archiv-2023\/eintrag\/2023-umgestaltung-berliner-mauer-in-der-gemeinde-kreuzau\/\">Umgestaltung Berliner Mauer in der Gemeinde Kreuzau<\/a>\n    <\/h2>\n    <a href=\"https:\/\/wettbewerb-archiv.wir-tun-was-fuer-bienen.de\/archiv-2023\/eintrag\/2023-umgestaltung-berliner-mauer-in-der-gemeinde-kreuzau\/\">\n        <div class=\"bienen-entry-image\">\n            <img decoding=\"async\" width=\"400\" height=\"300\" src=\"https:\/\/wettbewerb-archiv.wir-tun-was-fuer-bienen.de\/archiv-2023\/wp-content\/uploads\/sites\/8\/2023\/07\/PHOTO-2023-07-26-15-26-24-0018-400x300.jpg\" class=\"attachment-bienen-grid-thumb size-bienen-grid-thumb wp-post-image\" alt=\"\" loading=\"lazy\" \/>                    <\/div>\n    <\/a>\n\n    \n\n    <div class=\"user flex\">\n        \n                    <img decoding=\"async\" src=\"https:\/\/wettbewerb-archiv.wir-tun-was-fuer-bienen.de\/archiv-2023\/wp-content\/themes\/bienen\/assets\/images\/avatar-placeholder.png\" style=\"border-radius: 30px;\" height=\"30\" width=\"30\">\n            Gemeinde Kreuzau            <\/div>\n    \n    \n            <p class=\"categories meta\" style=\"width: 100%\"><span class=\"fa fa-tag\"\n                                                             aria-hidden=\"true\"><\/span> Kommunale Fl\u00e4chen        <\/p>\n    \n            <p class=\"categories meta\" style=\"width: 100%\"><span class=\"fa fa-map-marker\"\n                                                             aria-hidden=\"true\"><\/span> Nordrhein-Westfalen        <\/p>\n    \n<\/article>\n   \n\t\t\n          <article id=\"post-114317\" class=\"et_pb_post post-114317 wtwfb_entry type-wtwfb_entry status-publish has-post-thumbnail hentry wtwfb_category-privatgaerten-klein-500-m2 wtwfb_region-nordrhein-westfalen\">\n    <h2 class=\"entry-title\"><a href=\"https:\/\/wettbewerb-archiv.wir-tun-was-fuer-bienen.de\/archiv-2023\/eintrag\/2023-bees-favorite\/\">Bee&#8217;s Favorite<\/a>\n    <\/h2>\n    <a href=\"https:\/\/wettbewerb-archiv.wir-tun-was-fuer-bienen.de\/archiv-2023\/eintrag\/2023-bees-favorite\/\">\n        <div class=\"bienen-entry-image\">\n            <img decoding=\"async\" width=\"400\" height=\"300\" src=\"https:\/\/wettbewerb-archiv.wir-tun-was-fuer-bienen.de\/archiv-2023\/wp-content\/uploads\/sites\/8\/2023\/07\/bild4-1-400x300.jpg\" class=\"attachment-bienen-grid-thumb size-bienen-grid-thumb wp-post-image\" alt=\"\" loading=\"lazy\" \/>                    <\/div>\n    <\/a>\n\n    \n\n    <div class=\"user flex\">\n        \n                    <img decoding=\"async\" src=\"https:\/\/wettbewerb-archiv.wir-tun-was-fuer-bienen.de\/archiv-2023\/wp-content\/themes\/bienen\/assets\/images\/avatar-placeholder.png\" style=\"border-radius: 30px;\" height=\"30\" width=\"30\">\n            Bee's favorite            <\/div>\n    \n    \n            <p class=\"categories meta\" style=\"width: 100%\"><span class=\"fa fa-tag\"\n                                                             aria-hidden=\"true\"><\/span> Privatg\u00e4rten klein (bis 500 m2)        <\/p>\n    \n            <p class=\"categories meta\" style=\"width: 100%\"><span class=\"fa fa-map-marker\"\n                                                             aria-hidden=\"true\"><\/span> Nordrhein-Westfalen        <\/p>\n    \n<\/article>\n   \n\t\t\n          <article id=\"post-114156\" class=\"et_pb_post post-114156 wtwfb_entry type-wtwfb_entry status-publish has-post-thumbnail hentry wtwfb_category-kleingartenparzellen wtwfb_region-sachsen\">\n    <h2 class=\"entry-title\"><a href=\"https:\/\/wettbewerb-archiv.wir-tun-was-fuer-bienen.de\/archiv-2023\/eintrag\/2023-bienenweide-in-gartenverein-waldesfrieden-e-v-burgstaedt\/\">Bienenweide in Gartenverein Waldesfrieden e.V. Burgst\u00e4...<\/a>\n    <\/h2>\n    <a href=\"https:\/\/wettbewerb-archiv.wir-tun-was-fuer-bienen.de\/archiv-2023\/eintrag\/2023-bienenweide-in-gartenverein-waldesfrieden-e-v-burgstaedt\/\">\n        <div class=\"bienen-entry-image\">\n            <img decoding=\"async\" width=\"400\" height=\"300\" src=\"https:\/\/wettbewerb-archiv.wir-tun-was-fuer-bienen.de\/archiv-2023\/wp-content\/uploads\/sites\/8\/2023\/07\/IMG-20230716-WA0023-400x300.jpg\" class=\"attachment-bienen-grid-thumb size-bienen-grid-thumb wp-post-image\" alt=\"\" loading=\"lazy\" srcset=\"https:\/\/wettbewerb-archiv.wir-tun-was-fuer-bienen.de\/archiv-2023\/wp-content\/uploads\/sites\/8\/2023\/07\/IMG-20230716-WA0023-400x300.jpg 400w, https:\/\/wettbewerb-archiv.wir-tun-was-fuer-bienen.de\/archiv-2023\/wp-content\/uploads\/sites\/8\/2023\/07\/IMG-20230716-WA0023-768x576.jpg 768w, https:\/\/wettbewerb-archiv.wir-tun-was-fuer-bienen.de\/archiv-2023\/wp-content\/uploads\/sites\/8\/2023\/07\/IMG-20230716-WA0023-1024x768.jpg 1024w, https:\/\/wettbewerb-archiv.wir-tun-was-fuer-bienen.de\/archiv-2023\/wp-content\/uploads\/sites\/8\/2023\/07\/IMG-20230716-WA0023.jpg 1599w\" sizes=\"(max-width: 400px) 100vw, 400px\" \/>                    <\/div>\n    <\/a>\n\n    \n\n    <div class=\"user flex\">\n        \n                    <img decoding=\"async\" src=\"https:\/\/wettbewerb-archiv.wir-tun-was-fuer-bienen.de\/archiv-2023\/wp-content\/themes\/bienen\/assets\/images\/avatar-placeholder.png\" style=\"border-radius: 30px;\" height=\"30\" width=\"30\">\n            Familie Hutta            <\/div>\n    \n    \n            <p class=\"categories meta\" style=\"width: 100%\"><span class=\"fa fa-tag\"\n                                                             aria-hidden=\"true\"><\/span> Kleingartenparzellen        <\/p>\n    \n            <p class=\"categories meta\" style=\"width: 100%\"><span class=\"fa fa-map-marker\"\n                                                             aria-hidden=\"true\"><\/span> Sachsen        <\/p>\n    \n<\/article>\n   \n\t\t\n          <article id=\"post-114139\" class=\"et_pb_post post-114139 wtwfb_entry type-wtwfb_entry status-publish has-post-thumbnail hentry wtwfb_category-schul-und-jugendclubgaerten wtwfb_region-niedersachsen\">\n    <h2 class=\"entry-title\"><a href=\"https:\/\/wettbewerb-archiv.wir-tun-was-fuer-bienen.de\/archiv-2023\/eintrag\/2023-wildkraeuterprojekt-im-ganztag\/\">Wildkr\u00e4uterprojekt im Ganztag<\/a>\n    <\/h2>\n    <a href=\"https:\/\/wettbewerb-archiv.wir-tun-was-fuer-bienen.de\/archiv-2023\/eintrag\/2023-wildkraeuterprojekt-im-ganztag\/\">\n        <div class=\"bienen-entry-image\">\n            <img decoding=\"async\" width=\"400\" height=\"300\" src=\"https:\/\/wettbewerb-archiv.wir-tun-was-fuer-bienen.de\/archiv-2023\/wp-content\/uploads\/sites\/8\/2023\/07\/IMG_20230622_144944-400x300.jpg\" class=\"attachment-bienen-grid-thumb size-bienen-grid-thumb wp-post-image\" alt=\"\" loading=\"lazy\" \/>                    <\/div>\n    <\/a>\n\n    \n\n    <div class=\"user flex\">\n        \n                    <img decoding=\"async\" src=\"https:\/\/wettbewerb-archiv.wir-tun-was-fuer-bienen.de\/archiv-2023\/wp-content\/themes\/bienen\/assets\/images\/avatar-placeholder.png\" style=\"border-radius: 30px;\" height=\"30\" width=\"30\">\n            GS Todtgl\u00fcsingen Wildkr\u00e4uterprojekt            <\/div>\n    \n    \n            <p class=\"categories meta\" style=\"width: 100%\"><span class=\"fa fa-tag\"\n                                                             aria-hidden=\"true\"><\/span> Schulg\u00e4rten        <\/p>\n    \n            <p class=\"categories meta\" style=\"width: 100%\"><span class=\"fa fa-map-marker\"\n                                                             aria-hidden=\"true\"><\/span> Niedersachsen        <\/p>\n    \n<\/article>\n   \n\t\t\n          <article id=\"post-114131\" class=\"et_pb_post post-114131 wtwfb_entry type-wtwfb_entry status-publish has-post-thumbnail hentry wtwfb_category-kommunale-flaechen wtwfb_region-nordrhein-westfalen\">\n    <h2 class=\"entry-title\"><a href=\"https:\/\/wettbewerb-archiv.wir-tun-was-fuer-bienen.de\/archiv-2023\/eintrag\/2023-kinder-bringen-den-kreis-hoexter-zum-bluehen-und-das-stromspar-team-auch\/\">Kommunen gestalten: Stromspar-Team  und viele Kinder la...<\/a>\n    <\/h2>\n    <a href=\"https:\/\/wettbewerb-archiv.wir-tun-was-fuer-bienen.de\/archiv-2023\/eintrag\/2023-kinder-bringen-den-kreis-hoexter-zum-bluehen-und-das-stromspar-team-auch\/\">\n        <div class=\"bienen-entry-image\">\n            <img decoding=\"async\" width=\"400\" height=\"300\" src=\"https:\/\/wettbewerb-archiv.wir-tun-was-fuer-bienen.de\/archiv-2023\/wp-content\/uploads\/sites\/8\/2023\/07\/Titelbild-9-400x300.jpg\" class=\"attachment-bienen-grid-thumb size-bienen-grid-thumb wp-post-image\" alt=\"\" loading=\"lazy\" \/>                    <\/div>\n    <\/a>\n\n    \n\n    <div class=\"user flex\">\n        \n                    <img decoding=\"async\" src=\"https:\/\/wettbewerb-archiv.wir-tun-was-fuer-bienen.de\/archiv-2023\/wp-content\/themes\/bienen\/assets\/images\/avatar-placeholder.png\" style=\"border-radius: 30px;\" height=\"30\" width=\"30\">\n            Kreis H\u00f6xter - Umweltschutz und Abf.            <\/div>\n    \n    \n            <p class=\"categories meta\" style=\"width: 100%\"><span class=\"fa fa-tag\"\n                                                             aria-hidden=\"true\"><\/span> Kommunale Fl\u00e4chen        <\/p>\n    \n            <p class=\"categories meta\" style=\"width: 100%\"><span class=\"fa fa-map-marker\"\n                                                             aria-hidden=\"true\"><\/span> Nordrhein-Westfalen        <\/p>\n    \n<\/article>\n   \n\t\t\n          <article id=\"post-113934\" class=\"et_pb_post post-113934 wtwfb_entry type-wtwfb_entry status-publish has-post-thumbnail hentry wtwfb_category-firmengaerten wtwfb_region-brandenburg\">\n    <h2 class=\"entry-title\"><a href=\"https:\/\/wettbewerb-archiv.wir-tun-was-fuer-bienen.de\/archiv-2023\/eintrag\/2023-es-summt-und-brummt-bei-der-step\/\">Es summt und brummt bei der STEP<\/a>\n    <\/h2>\n    <a href=\"https:\/\/wettbewerb-archiv.wir-tun-was-fuer-bienen.de\/archiv-2023\/eintrag\/2023-es-summt-und-brummt-bei-der-step\/\">\n        <div class=\"bienen-entry-image\">\n            <img decoding=\"async\" width=\"400\" height=\"300\" src=\"https:\/\/wettbewerb-archiv.wir-tun-was-fuer-bienen.de\/archiv-2023\/wp-content\/uploads\/sites\/8\/2023\/07\/20230605_1.-Sommer-400x300.jpg\" class=\"attachment-bienen-grid-thumb size-bienen-grid-thumb wp-post-image\" alt=\"\" loading=\"lazy\" \/>                    <\/div>\n    <\/a>\n\n    \n\n    <div class=\"user flex\">\n        \n                    <img decoding=\"async\" src=\"https:\/\/wettbewerb-archiv.wir-tun-was-fuer-bienen.de\/archiv-2023\/wp-content\/themes\/bienen\/assets\/images\/avatar-placeholder.png\" style=\"border-radius: 30px;\" height=\"30\" width=\"30\">\n            Stadtentsorgung Potsdam GmbH            <\/div>\n    \n    \n            <p class=\"categories meta\" style=\"width: 100%\"><span class=\"fa fa-tag\"\n                                                             aria-hidden=\"true\"><\/span> Firmeng\u00e4rten        <\/p>\n    \n            <p class=\"categories meta\" style=\"width: 100%\"><span class=\"fa fa-map-marker\"\n                                                             aria-hidden=\"true\"><\/span> Brandenburg        <\/p>\n    \n<\/article>\n   \n\t\t\n          <article id=\"post-113857\" class=\"et_pb_post post-113857 wtwfb_entry type-wtwfb_entry status-publish has-post-thumbnail hentry wtwfb_category-firmengaerten wtwfb_region-niedersachsen\">\n    <h2 class=\"entry-title\"><a href=\"https:\/\/wettbewerb-archiv.wir-tun-was-fuer-bienen.de\/archiv-2023\/eintrag\/2023-sandarium-und-insektenhotel-auf-dem-klinikgelaende\/\">Sandarium und Insektenhotel auf dem Klinikgel\u00e4nde<\/a>\n    <\/h2>\n    <a href=\"https:\/\/wettbewerb-archiv.wir-tun-was-fuer-bienen.de\/archiv-2023\/eintrag\/2023-sandarium-und-insektenhotel-auf-dem-klinikgelaende\/\">\n        <div class=\"bienen-entry-image\">\n            <img decoding=\"async\" width=\"400\" height=\"300\" src=\"https:\/\/wettbewerb-archiv.wir-tun-was-fuer-bienen.de\/archiv-2023\/wp-content\/uploads\/sites\/8\/2023\/07\/Helios_Sandarium_Gruppe-400x300.jpg\" class=\"attachment-bienen-grid-thumb size-bienen-grid-thumb wp-post-image\" alt=\"\" loading=\"lazy\" \/>                    <\/div>\n    <\/a>\n\n    \n\n    <div class=\"user flex\">\n        \n                    <img decoding=\"async\" src=\"https:\/\/wettbewerb-archiv.wir-tun-was-fuer-bienen.de\/archiv-2023\/wp-content\/themes\/bienen\/assets\/images\/avatar-placeholder.png\" style=\"border-radius: 30px;\" height=\"30\" width=\"30\">\n            Helios Klinikum Hildesheim            <\/div>\n    \n    \n            <p class=\"categories meta\" style=\"width: 100%\"><span class=\"fa fa-tag\"\n                                                             aria-hidden=\"true\"><\/span> Firmeng\u00e4rten        <\/p>\n    \n            <p class=\"categories meta\" style=\"width: 100%\"><span class=\"fa fa-map-marker\"\n                                                             aria-hidden=\"true\"><\/span> Niedersachsen        <\/p>\n    \n<\/article>\n   \n\t\t\n          <article id=\"post-113712\" class=\"et_pb_post post-113712 wtwfb_entry type-wtwfb_entry status-publish has-post-thumbnail hentry wtwfb_category-schul-und-jugendclubgaerten wtwfb_region-thueringen\">\n    <h2 class=\"entry-title\"><a href=\"https:\/\/wettbewerb-archiv.wir-tun-was-fuer-bienen.de\/archiv-2023\/eintrag\/2023-der-schulhof-summt\/\">Der Schulhof summt<\/a>\n    <\/h2>\n    <a href=\"https:\/\/wettbewerb-archiv.wir-tun-was-fuer-bienen.de\/archiv-2023\/eintrag\/2023-der-schulhof-summt\/\">\n        <div class=\"bienen-entry-image\">\n                                <\/div>\n    <\/a>\n\n    \n\n    <div class=\"user flex\">\n        \n                    <img decoding=\"async\" src=\"https:\/\/wettbewerb-archiv.wir-tun-was-fuer-bienen.de\/archiv-2023\/wp-content\/themes\/bienen\/assets\/images\/avatar-placeholder.png\" style=\"border-radius: 30px;\" height=\"30\" width=\"30\">\n            Regelschule Stadtroda            <\/div>\n    \n    \n            <p class=\"categories meta\" style=\"width: 100%\"><span class=\"fa fa-tag\"\n                                                             aria-hidden=\"true\"><\/span> Schulg\u00e4rten        <\/p>\n    \n            <p class=\"categories meta\" style=\"width: 100%\"><span class=\"fa fa-map-marker\"\n                                                             aria-hidden=\"true\"><\/span> Th\u00fcringen        <\/p>\n    \n<\/article>\n   \n\t\t\n          <article id=\"post-113505\" class=\"et_pb_post post-113505 wtwfb_entry type-wtwfb_entry status-publish has-post-thumbnail hentry wtwfb_category-schul-und-jugendclubgaerten wtwfb_region-sachsen-anhalt\">\n    <h2 class=\"entry-title\"><a href=\"https:\/\/wettbewerb-archiv.wir-tun-was-fuer-bienen.de\/archiv-2023\/eintrag\/2023-bienenfreundliche-schulhofgestaltung-inklusive-infoflyern\/\">Bienenfreundliche Schulhofgestaltung mit Infoflyern zum...<\/a>\n    <\/h2>\n    <a href=\"https:\/\/wettbewerb-archiv.wir-tun-was-fuer-bienen.de\/archiv-2023\/eintrag\/2023-bienenfreundliche-schulhofgestaltung-inklusive-infoflyern\/\">\n        <div class=\"bienen-entry-image\">\n            <img decoding=\"async\" width=\"400\" height=\"300\" src=\"https:\/\/wettbewerb-archiv.wir-tun-was-fuer-bienen.de\/archiv-2023\/wp-content\/uploads\/sites\/8\/2023\/07\/IMG_1438-400x300.jpeg\" class=\"attachment-bienen-grid-thumb size-bienen-grid-thumb wp-post-image\" alt=\"\" loading=\"lazy\" \/>                    <\/div>\n    <\/a>\n\n    \n\n    <div class=\"user flex\">\n        \n                    <img decoding=\"async\" src=\"https:\/\/wettbewerb-archiv.wir-tun-was-fuer-bienen.de\/archiv-2023\/wp-content\/themes\/bienen\/assets\/images\/avatar-placeholder.png\" style=\"border-radius: 30px;\" height=\"30\" width=\"30\">\n            Freie Schule Anhalt K\u00f6then            <\/div>\n    \n    \n            <p class=\"categories meta\" style=\"width: 100%\"><span class=\"fa fa-tag\"\n                                                             aria-hidden=\"true\"><\/span> Schulg\u00e4rten        <\/p>\n    \n            <p class=\"categories meta\" style=\"width: 100%\"><span class=\"fa fa-map-marker\"\n                                                             aria-hidden=\"true\"><\/span> Sachsen-Anhalt        <\/p>\n    \n<\/article>\n   \n\t\t\n          <article id=\"post-113383\" class=\"et_pb_post post-113383 wtwfb_entry type-wtwfb_entry status-publish has-post-thumbnail hentry wtwfb_category-privatgaerten-klein-500-m2 wtwfb_region-nordrhein-westfalen\">\n    <h2 class=\"entry-title\"><a href=\"https:\/\/wettbewerb-archiv.wir-tun-was-fuer-bienen.de\/archiv-2023\/eintrag\/2023-wohlfuehloase-mit-nutzen\/\">Wohlf\u00fchloase mit Nutzen<\/a>\n    <\/h2>\n    <a href=\"https:\/\/wettbewerb-archiv.wir-tun-was-fuer-bienen.de\/archiv-2023\/eintrag\/2023-wohlfuehloase-mit-nutzen\/\">\n        <div class=\"bienen-entry-image\">\n            <img decoding=\"async\" width=\"400\" height=\"300\" src=\"https:\/\/wettbewerb-archiv.wir-tun-was-fuer-bienen.de\/archiv-2023\/wp-content\/uploads\/sites\/8\/2023\/07\/20230726_144103-400x300.jpg\" class=\"attachment-bienen-grid-thumb size-bienen-grid-thumb wp-post-image\" alt=\"\" loading=\"lazy\" \/>                    <\/div>\n    <\/a>\n\n    \n\n    <div class=\"user flex\">\n        \n                    <img decoding=\"async\" src=\"https:\/\/wettbewerb-archiv.wir-tun-was-fuer-bienen.de\/archiv-2023\/wp-content\/themes\/bienen\/assets\/images\/avatar-placeholder.png\" style=\"border-radius: 30px;\" height=\"30\" width=\"30\">\n            Marie F            <\/div>\n    \n    \n            <p class=\"categories meta\" style=\"width: 100%\"><span class=\"fa fa-tag\"\n                                                             aria-hidden=\"true\"><\/span> Privatg\u00e4rten klein (bis 500 m2)        <\/p>\n    \n            <p class=\"categories meta\" style=\"width: 100%\"><span class=\"fa fa-map-marker\"\n                                                             aria-hidden=\"true\"><\/span> Nordrhein-Westfalen        <\/p>\n    \n<\/article>\n   \n\t\t\n          <article id=\"post-113276\" class=\"et_pb_post post-113276 wtwfb_entry type-wtwfb_entry status-publish has-post-thumbnail hentry wtwfb_category-kommunale-flaechen wtwfb_region-berlin\">\n    <h2 class=\"entry-title\"><a href=\"https:\/\/wettbewerb-archiv.wir-tun-was-fuer-bienen.de\/archiv-2023\/eintrag\/2023-ruedesheimer-platz-ein-gartendenkmal-erfolgreich-an-den-klimawandel-angepasst\/\">R\u00fcdesheimer Platz &#8211; ein Insektenparadies und Gar...<\/a>\n    <\/h2>\n    <a href=\"https:\/\/wettbewerb-archiv.wir-tun-was-fuer-bienen.de\/archiv-2023\/eintrag\/2023-ruedesheimer-platz-ein-gartendenkmal-erfolgreich-an-den-klimawandel-angepasst\/\">\n        <div class=\"bienen-entry-image\">\n            <img decoding=\"async\" width=\"400\" height=\"300\" src=\"https:\/\/wettbewerb-archiv.wir-tun-was-fuer-bienen.de\/archiv-2023\/wp-content\/uploads\/sites\/8\/2023\/07\/IMG-20230731-WA0005-1-400x300.jpg\" class=\"attachment-bienen-grid-thumb size-bienen-grid-thumb wp-post-image\" alt=\"\" loading=\"lazy\" \/>                    <\/div>\n    <\/a>\n\n    \n\n    <div class=\"user flex\">\n        \n                    <img decoding=\"async\" src=\"https:\/\/wettbewerb-archiv.wir-tun-was-fuer-bienen.de\/archiv-2023\/wp-content\/themes\/bienen\/assets\/images\/avatar-placeholder.png\" style=\"border-radius: 30px;\" height=\"30\" width=\"30\">\n            Bezirksamt Charlottenburg-Wilmersdorf            <\/div>\n    \n    \n            <p class=\"categories meta\" style=\"width: 100%\"><span class=\"fa fa-tag\"\n                                                             aria-hidden=\"true\"><\/span> Kommunale Fl\u00e4chen        <\/p>\n    \n            <p class=\"categories meta\" style=\"width: 100%\"><span class=\"fa fa-map-marker\"\n                                                             aria-hidden=\"true\"><\/span> Berlin        <\/p>\n    \n<\/article>\n   \n\t\t\n          <article id=\"post-113178\" class=\"et_pb_post post-113178 wtwfb_entry type-wtwfb_entry status-publish has-post-thumbnail hentry wtwfb_category-kita-gaerten wtwfb_region-sachsen\">\n    <h2 class=\"entry-title\"><a href=\"https:\/\/wettbewerb-archiv.wir-tun-was-fuer-bienen.de\/archiv-2023\/eintrag\/2023-gruene-ecke-mit-rueckzugsmoeglichkeiten-fuer-unsere-tierischen-besucher\/\">Summ in and Chill<\/a>\n    <\/h2>\n    <a href=\"https:\/\/wettbewerb-archiv.wir-tun-was-fuer-bienen.de\/archiv-2023\/eintrag\/2023-gruene-ecke-mit-rueckzugsmoeglichkeiten-fuer-unsere-tierischen-besucher\/\">\n        <div class=\"bienen-entry-image\">\n            <img decoding=\"async\" width=\"400\" height=\"300\" src=\"https:\/\/wettbewerb-archiv.wir-tun-was-fuer-bienen.de\/archiv-2023\/wp-content\/uploads\/sites\/8\/2023\/07\/titelbild-7-400x300.jpg\" class=\"attachment-bienen-grid-thumb size-bienen-grid-thumb wp-post-image\" alt=\"\" loading=\"lazy\" srcset=\"https:\/\/wettbewerb-archiv.wir-tun-was-fuer-bienen.de\/archiv-2023\/wp-content\/uploads\/sites\/8\/2023\/07\/titelbild-7-400x300.jpg 400w, https:\/\/wettbewerb-archiv.wir-tun-was-fuer-bienen.de\/archiv-2023\/wp-content\/uploads\/sites\/8\/2023\/07\/titelbild-7-768x577.jpg 768w, https:\/\/wettbewerb-archiv.wir-tun-was-fuer-bienen.de\/archiv-2023\/wp-content\/uploads\/sites\/8\/2023\/07\/titelbild-7-1024x769.jpg 1024w, https:\/\/wettbewerb-archiv.wir-tun-was-fuer-bienen.de\/archiv-2023\/wp-content\/uploads\/sites\/8\/2023\/07\/titelbild-7.jpg 1920w\" sizes=\"(max-width: 400px) 100vw, 400px\" \/>                    <\/div>\n    <\/a>\n\n    \n\n    <div class=\"user flex\">\n        \n                    <img decoding=\"async\" src=\"https:\/\/wettbewerb-archiv.wir-tun-was-fuer-bienen.de\/archiv-2023\/wp-content\/themes\/bienen\/assets\/images\/avatar-placeholder.png\" style=\"border-radius: 30px;\" height=\"30\" width=\"30\">\n            Kita Oberhohndorf\/ Au\u00dfenstelle Hort            <\/div>\n    \n    \n            <p class=\"categories meta\" style=\"width: 100%\"><span class=\"fa fa-tag\"\n                                                             aria-hidden=\"true\"><\/span> Kita-G\u00e4rten        <\/p>\n    \n            <p class=\"categories meta\" style=\"width: 100%\"><span class=\"fa fa-map-marker\"\n                                                             aria-hidden=\"true\"><\/span> Sachsen        <\/p>\n    \n<\/article>\n   \n\t\t\n          <article id=\"post-113028\" class=\"et_pb_post post-113028 wtwfb_entry type-wtwfb_entry status-publish has-post-thumbnail hentry wtwfb_category-vereinsgaerten-liegenschaften-von-verwaltung-kirche-etc-sonstige wtwfb_region-sachsen\">\n    <h2 class=\"entry-title\"><a href=\"https:\/\/wettbewerb-archiv.wir-tun-was-fuer-bienen.de\/archiv-2023\/eintrag\/2023-gemeinschaftsprojekt-vereinswiese-schreberverein-fortschritt-e-v\/\">Gemeinschaftsprojekt Vereinswiese Schreberverein Fortsc...<\/a>\n    <\/h2>\n    <a href=\"https:\/\/wettbewerb-archiv.wir-tun-was-fuer-bienen.de\/archiv-2023\/eintrag\/2023-gemeinschaftsprojekt-vereinswiese-schreberverein-fortschritt-e-v\/\">\n        <div class=\"bienen-entry-image\">\n            <img decoding=\"async\" width=\"400\" height=\"300\" src=\"https:\/\/wettbewerb-archiv.wir-tun-was-fuer-bienen.de\/archiv-2023\/wp-content\/uploads\/sites\/8\/2023\/07\/Titelbild-6-400x300.jpg\" class=\"attachment-bienen-grid-thumb size-bienen-grid-thumb wp-post-image\" alt=\"\" loading=\"lazy\" \/>                    <\/div>\n    <\/a>\n\n    \n\n    <div class=\"user flex\">\n        \n                    <img decoding=\"async\" src=\"https:\/\/wettbewerb-archiv.wir-tun-was-fuer-bienen.de\/archiv-2023\/wp-content\/themes\/bienen\/assets\/images\/avatar-placeholder.png\" style=\"border-radius: 30px;\" height=\"30\" width=\"30\">\n            Gemeinschaftsprojekt Vereinswiese KGV Fortschritt            <\/div>\n    \n    <p class=\"categories meta bienen-gewinner\"><span class=\"fa fa-trophy\"                                                              aria-hidden=\"true\"><\/span> Gewinner<\/p>\n            <p class=\"categories meta\" style=\"width: 100%\"><span class=\"fa fa-tag\"\n                                                             aria-hidden=\"true\"><\/span> Vereinsg\u00e4rten, Unis, Liegenschaften von Verwaltung, Kirche etc, Sonstige        <\/p>\n    \n            <p class=\"categories meta\" style=\"width: 100%\"><span class=\"fa fa-map-marker\"\n                                                             aria-hidden=\"true\"><\/span> Sachsen        <\/p>\n    \n<\/article>\n   \n\t\t\n          <article id=\"post-113019\" class=\"et_pb_post post-113019 wtwfb_entry type-wtwfb_entry status-publish has-post-thumbnail hentry wtwfb_category-privatgaerten-gross-500-m wtwfb_region-bayern\">\n    <h2 class=\"entry-title\"><a href=\"https:\/\/wettbewerb-archiv.wir-tun-was-fuer-bienen.de\/archiv-2023\/eintrag\/2023-wildromantischer-naturgarten\/\">Wildromantischer Naturgarten<\/a>\n    <\/h2>\n    <a href=\"https:\/\/wettbewerb-archiv.wir-tun-was-fuer-bienen.de\/archiv-2023\/eintrag\/2023-wildromantischer-naturgarten\/\">\n        <div class=\"bienen-entry-image\">\n            <img decoding=\"async\" width=\"400\" height=\"300\" src=\"https:\/\/wettbewerb-archiv.wir-tun-was-fuer-bienen.de\/archiv-2023\/wp-content\/uploads\/sites\/8\/2023\/07\/Kiftsgate-Ramblerrose-400x300.jpg\" class=\"attachment-bienen-grid-thumb size-bienen-grid-thumb wp-post-image\" alt=\"\" loading=\"lazy\" srcset=\"https:\/\/wettbewerb-archiv.wir-tun-was-fuer-bienen.de\/archiv-2023\/wp-content\/uploads\/sites\/8\/2023\/07\/Kiftsgate-Ramblerrose-400x300.jpg 400w, https:\/\/wettbewerb-archiv.wir-tun-was-fuer-bienen.de\/archiv-2023\/wp-content\/uploads\/sites\/8\/2023\/07\/Kiftsgate-Ramblerrose-768x576.jpg 768w, https:\/\/wettbewerb-archiv.wir-tun-was-fuer-bienen.de\/archiv-2023\/wp-content\/uploads\/sites\/8\/2023\/07\/Kiftsgate-Ramblerrose-1024x768.jpg 1024w, https:\/\/wettbewerb-archiv.wir-tun-was-fuer-bienen.de\/archiv-2023\/wp-content\/uploads\/sites\/8\/2023\/07\/Kiftsgate-Ramblerrose.jpg 1920w\" sizes=\"(max-width: 400px) 100vw, 400px\" \/>                    <\/div>\n    <\/a>\n\n    \n\n    <div class=\"user flex\">\n        \n                    <img decoding=\"async\" src=\"https:\/\/wettbewerb-archiv.wir-tun-was-fuer-bienen.de\/archiv-2023\/wp-content\/themes\/bienen\/assets\/images\/avatar-placeholder.png\" style=\"border-radius: 30px;\" height=\"30\" width=\"30\">\n            Heike und Robert van V\u00fcgt            <\/div>\n    \n    <p class=\"categories meta bienen-gewinner\"><span class=\"fa fa-trophy\"                                                              aria-hidden=\"true\"><\/span> Gewinner<\/p>\n            <p class=\"categories meta\" style=\"width: 100%\"><span class=\"fa fa-tag\"\n                                                             aria-hidden=\"true\"><\/span> Privatg\u00e4rten gro\u00df (ab 500 m\u00b2)        <\/p>\n    \n            <p class=\"categories meta\" style=\"width: 100%\"><span class=\"fa fa-map-marker\"\n                                                             aria-hidden=\"true\"><\/span> Bayern        <\/p>\n    \n<\/article>\n   \n\t\t\n          <article id=\"post-112519\" class=\"et_pb_post post-112519 wtwfb_entry type-wtwfb_entry status-publish has-post-thumbnail hentry wtwfb_category-kita-gaerten wtwfb_region-saarland\">\n    <h2 class=\"entry-title\"><a href=\"https:\/\/wettbewerb-archiv.wir-tun-was-fuer-bienen.de\/archiv-2023\/eintrag\/2023-eine-neue-blumenwiese-fuer-bienen\/\">Eine neue Blumenwiese f\u00fcr Bienen<\/a>\n    <\/h2>\n    <a href=\"https:\/\/wettbewerb-archiv.wir-tun-was-fuer-bienen.de\/archiv-2023\/eintrag\/2023-eine-neue-blumenwiese-fuer-bienen\/\">\n        <div class=\"bienen-entry-image\">\n            <img decoding=\"async\" width=\"400\" height=\"300\" src=\"https:\/\/wettbewerb-archiv.wir-tun-was-fuer-bienen.de\/archiv-2023\/wp-content\/uploads\/sites\/8\/2023\/07\/photo_5-400x300.jpg\" class=\"attachment-bienen-grid-thumb size-bienen-grid-thumb wp-post-image\" alt=\"\" loading=\"lazy\" \/>                    <\/div>\n    <\/a>\n\n    \n\n    <div class=\"user flex\">\n        \n                    <img decoding=\"async\" src=\"https:\/\/wettbewerb-archiv.wir-tun-was-fuer-bienen.de\/archiv-2023\/wp-content\/themes\/bienen\/assets\/images\/avatar-placeholder.png\" style=\"border-radius: 30px;\" height=\"30\" width=\"30\">\n            Kindergarten Saarbr\u00fccken            <\/div>\n    \n    \n            <p class=\"categories meta\" style=\"width: 100%\"><span class=\"fa fa-tag\"\n                                                             aria-hidden=\"true\"><\/span> Kita-G\u00e4rten        <\/p>\n    \n            <p class=\"categories meta\" style=\"width: 100%\"><span class=\"fa fa-map-marker\"\n                                                             aria-hidden=\"true\"><\/span> Saarland        <\/p>\n    \n<\/article>\n   \n\t\t\n          <article id=\"post-112269\" class=\"et_pb_post post-112269 wtwfb_entry type-wtwfb_entry status-publish has-post-thumbnail hentry wtwfb_category-schul-und-jugendclubgaerten wtwfb_region-hessen\">\n    <h2 class=\"entry-title\"><a href=\"https:\/\/wettbewerb-archiv.wir-tun-was-fuer-bienen.de\/archiv-2023\/eintrag\/2023-waldbach-bienen-schule\/\">Waldbach-Bienen-Schule<\/a>\n    <\/h2>\n    <a href=\"https:\/\/wettbewerb-archiv.wir-tun-was-fuer-bienen.de\/archiv-2023\/eintrag\/2023-waldbach-bienen-schule\/\">\n        <div class=\"bienen-entry-image\">\n            <img decoding=\"async\" width=\"400\" height=\"300\" src=\"https:\/\/wettbewerb-archiv.wir-tun-was-fuer-bienen.de\/archiv-2023\/wp-content\/uploads\/sites\/8\/2023\/07\/20230707_104725-k-400x300.jpg\" class=\"attachment-bienen-grid-thumb size-bienen-grid-thumb wp-post-image\" alt=\"\" loading=\"lazy\" srcset=\"https:\/\/wettbewerb-archiv.wir-tun-was-fuer-bienen.de\/archiv-2023\/wp-content\/uploads\/sites\/8\/2023\/07\/20230707_104725-k-400x300.jpg 400w, https:\/\/wettbewerb-archiv.wir-tun-was-fuer-bienen.de\/archiv-2023\/wp-content\/uploads\/sites\/8\/2023\/07\/20230707_104725-k-768x576.jpg 768w, https:\/\/wettbewerb-archiv.wir-tun-was-fuer-bienen.de\/archiv-2023\/wp-content\/uploads\/sites\/8\/2023\/07\/20230707_104725-k.jpg 800w\" sizes=\"(max-width: 400px) 100vw, 400px\" \/>                    <\/div>\n    <\/a>\n\n    \n\n    <div class=\"user flex\">\n        \n                    <img decoding=\"async\" src=\"https:\/\/wettbewerb-archiv.wir-tun-was-fuer-bienen.de\/archiv-2023\/wp-content\/themes\/bienen\/assets\/images\/avatar-placeholder.png\" style=\"border-radius: 30px;\" height=\"30\" width=\"30\">\n            Waldbachschule            <\/div>\n    \n    \n            <p class=\"categories meta\" style=\"width: 100%\"><span class=\"fa fa-tag\"\n                                                             aria-hidden=\"true\"><\/span> Schulg\u00e4rten        <\/p>\n    \n            <p class=\"categories meta\" style=\"width: 100%\"><span class=\"fa fa-map-marker\"\n                                                             aria-hidden=\"true\"><\/span> Hessen        <\/p>\n    \n<\/article>\n   \n\t\t\n          <article id=\"post-112091\" class=\"et_pb_post post-112091 wtwfb_entry type-wtwfb_entry status-publish has-post-thumbnail hentry wtwfb_category-privatgaerten-klein-500-m2 wtwfb_region-brandenburg\">\n    <h2 class=\"entry-title\"><a href=\"https:\/\/wettbewerb-archiv.wir-tun-was-fuer-bienen.de\/archiv-2023\/eintrag\/2023-grossstadt-acker-wird-zum-summenden-garten-paradies\/\">Gro\u00dfstadt-Acker wird zum summenden Garten-Paradies<\/a>\n    <\/h2>\n    <a href=\"https:\/\/wettbewerb-archiv.wir-tun-was-fuer-bienen.de\/archiv-2023\/eintrag\/2023-grossstadt-acker-wird-zum-summenden-garten-paradies\/\">\n        <div class=\"bienen-entry-image\">\n            <img decoding=\"async\" width=\"400\" height=\"300\" src=\"https:\/\/wettbewerb-archiv.wir-tun-was-fuer-bienen.de\/archiv-2023\/wp-content\/uploads\/sites\/8\/2023\/07\/20230708_094816-400x300.jpg\" class=\"attachment-bienen-grid-thumb size-bienen-grid-thumb wp-post-image\" alt=\"\" loading=\"lazy\" srcset=\"https:\/\/wettbewerb-archiv.wir-tun-was-fuer-bienen.de\/archiv-2023\/wp-content\/uploads\/sites\/8\/2023\/07\/20230708_094816-400x300.jpg 400w, https:\/\/wettbewerb-archiv.wir-tun-was-fuer-bienen.de\/archiv-2023\/wp-content\/uploads\/sites\/8\/2023\/07\/20230708_094816-768x576.jpg 768w, https:\/\/wettbewerb-archiv.wir-tun-was-fuer-bienen.de\/archiv-2023\/wp-content\/uploads\/sites\/8\/2023\/07\/20230708_094816-1024x768.jpg 1024w, https:\/\/wettbewerb-archiv.wir-tun-was-fuer-bienen.de\/archiv-2023\/wp-content\/uploads\/sites\/8\/2023\/07\/20230708_094816.jpg 1920w\" sizes=\"(max-width: 400px) 100vw, 400px\" \/>                    <\/div>\n    <\/a>\n\n    \n\n    <div class=\"user flex\">\n        \n                    <img decoding=\"async\" src=\"https:\/\/wettbewerb-archiv.wir-tun-was-fuer-bienen.de\/archiv-2023\/wp-content\/themes\/bienen\/assets\/images\/avatar-placeholder.png\" style=\"border-radius: 30px;\" height=\"30\" width=\"30\">\n            CR28-Bienenconnection            <\/div>\n    \n    \n            <p class=\"categories meta\" style=\"width: 100%\"><span class=\"fa fa-tag\"\n                                                             aria-hidden=\"true\"><\/span> Privatg\u00e4rten klein (bis 500 m2)        <\/p>\n    \n            <p class=\"categories meta\" style=\"width: 100%\"><span class=\"fa fa-map-marker\"\n                                                             aria-hidden=\"true\"><\/span> Brandenburg        <\/p>\n    \n<\/article>\n   \n\t\t\n          <article id=\"post-112060\" class=\"et_pb_post post-112060 wtwfb_entry type-wtwfb_entry status-publish has-post-thumbnail hentry wtwfb_category-privatgaerten-gross-500-m wtwfb_region-bayern\">\n    <h2 class=\"entry-title\"><a href=\"https:\/\/wettbewerb-archiv.wir-tun-was-fuer-bienen.de\/archiv-2023\/eintrag\/2023-auch-kleine-beitraege-koennen-viel-bewirken\/\">Auch kleine Dinge k\u00f6nnen gro\u00dfes bewirken<\/a>\n    <\/h2>\n    <a href=\"https:\/\/wettbewerb-archiv.wir-tun-was-fuer-bienen.de\/archiv-2023\/eintrag\/2023-auch-kleine-beitraege-koennen-viel-bewirken\/\">\n        <div class=\"bienen-entry-image\">\n            <img decoding=\"async\" width=\"400\" height=\"300\" src=\"https:\/\/wettbewerb-archiv.wir-tun-was-fuer-bienen.de\/archiv-2023\/wp-content\/uploads\/sites\/8\/2023\/07\/IMG_7027-400x300.jpg\" class=\"attachment-bienen-grid-thumb size-bienen-grid-thumb wp-post-image\" alt=\"\" loading=\"lazy\" \/>                    <\/div>\n    <\/a>\n\n    \n\n    <div class=\"user flex\">\n        \n                    <img decoding=\"async\" src=\"https:\/\/wettbewerb-archiv.wir-tun-was-fuer-bienen.de\/archiv-2023\/wp-content\/themes\/bienen\/assets\/images\/avatar-placeholder.png\" style=\"border-radius: 30px;\" height=\"30\" width=\"30\">\n            Garten Eben (Stefanie Riedl)            <\/div>\n    \n    \n            <p class=\"categories meta\" style=\"width: 100%\"><span class=\"fa fa-tag\"\n                                                             aria-hidden=\"true\"><\/span> Privatg\u00e4rten gro\u00df (ab 500 m\u00b2)        <\/p>\n    \n            <p class=\"categories meta\" style=\"width: 100%\"><span class=\"fa fa-map-marker\"\n                                                             aria-hidden=\"true\"><\/span> Bayern        <\/p>\n    \n<\/article>\n   \n\t\t\n          <article id=\"post-112041\" class=\"et_pb_post post-112041 wtwfb_entry type-wtwfb_entry status-publish has-post-thumbnail hentry wtwfb_category-privatgaerten-gross-500-m wtwfb_region-nordrhein-westfalen\">\n    <h2 class=\"entry-title\"><a href=\"https:\/\/wettbewerb-archiv.wir-tun-was-fuer-bienen.de\/archiv-2023\/eintrag\/2023-blumenwiese-trifft-gemuesegarten\/\">Blumenwiese trifft Gem\u00fcsegarten<\/a>\n    <\/h2>\n    <a href=\"https:\/\/wettbewerb-archiv.wir-tun-was-fuer-bienen.de\/archiv-2023\/eintrag\/2023-blumenwiese-trifft-gemuesegarten\/\">\n        <div class=\"bienen-entry-image\">\n            <img decoding=\"async\" width=\"400\" height=\"300\" src=\"https:\/\/wettbewerb-archiv.wir-tun-was-fuer-bienen.de\/archiv-2023\/wp-content\/uploads\/sites\/8\/2023\/07\/F63249F7-CD09-41AE-9D82-CD3D5ABF9C56-400x300.jpeg\" class=\"attachment-bienen-grid-thumb size-bienen-grid-thumb wp-post-image\" alt=\"\" loading=\"lazy\" \/>                    <\/div>\n    <\/a>\n\n    \n\n    <div class=\"user flex\">\n        \n                    <img decoding=\"async\" src=\"https:\/\/wettbewerb-archiv.wir-tun-was-fuer-bienen.de\/archiv-2023\/wp-content\/themes\/bienen\/assets\/images\/avatar-placeholder.png\" style=\"border-radius: 30px;\" height=\"30\" width=\"30\">\n            FC Erlenbecke            <\/div>\n    \n    \n            <p class=\"categories meta\" style=\"width: 100%\"><span class=\"fa fa-tag\"\n                                                             aria-hidden=\"true\"><\/span> Privatg\u00e4rten gro\u00df (ab 500 m\u00b2)        <\/p>\n    \n            <p class=\"categories meta\" style=\"width: 100%\"><span class=\"fa fa-map-marker\"\n                                                             aria-hidden=\"true\"><\/span> Nordrhein-Westfalen        <\/p>\n    \n<\/article>\n   \n\t\t\n          <article id=\"post-112001\" class=\"et_pb_post post-112001 wtwfb_entry type-wtwfb_entry status-publish has-post-thumbnail hentry wtwfb_category-firmengaerten wtwfb_region-nordrhein-westfalen\">\n    <h2 class=\"entry-title\"><a href=\"https:\/\/wettbewerb-archiv.wir-tun-was-fuer-bienen.de\/archiv-2023\/eintrag\/2023-olalalavendel\/\">Lavendelbeet in Bad Driburg-Herste<\/a>\n    <\/h2>\n    <a href=\"https:\/\/wettbewerb-archiv.wir-tun-was-fuer-bienen.de\/archiv-2023\/eintrag\/2023-olalalavendel\/\">\n        <div class=\"bienen-entry-image\">\n            <img decoding=\"async\" width=\"400\" height=\"300\" src=\"https:\/\/wettbewerb-archiv.wir-tun-was-fuer-bienen.de\/archiv-2023\/wp-content\/uploads\/sites\/8\/2023\/07\/B27D0B09-B9B2-467D-A4B2-13810B786327-400x300.jpeg\" class=\"attachment-bienen-grid-thumb size-bienen-grid-thumb wp-post-image\" alt=\"\" loading=\"lazy\" \/>                    <\/div>\n    <\/a>\n\n    \n\n    <div class=\"user flex\">\n        \n                    <img decoding=\"async\" src=\"https:\/\/wettbewerb-archiv.wir-tun-was-fuer-bienen.de\/archiv-2023\/wp-content\/themes\/bienen\/assets\/images\/avatar-placeholder.png\" style=\"border-radius: 30px;\" height=\"30\" width=\"30\">\n            Olalalavendel            <\/div>\n    \n    \n            <p class=\"categories meta\" style=\"width: 100%\"><span class=\"fa fa-tag\"\n                                                             aria-hidden=\"true\"><\/span> Firmeng\u00e4rten        <\/p>\n    \n            <p class=\"categories meta\" style=\"width: 100%\"><span class=\"fa fa-map-marker\"\n                                                             aria-hidden=\"true\"><\/span> Nordrhein-Westfalen        <\/p>\n    \n<\/article>\n   \n\t\t\n          <article id=\"post-111866\" class=\"et_pb_post post-111866 wtwfb_entry type-wtwfb_entry status-publish has-post-thumbnail hentry wtwfb_category-balkone-terrassen-dachbegruenung-vertikale-gaerten wtwfb_region-schleswig-holstein\">\n    <h2 class=\"entry-title\"><a href=\"https:\/\/wettbewerb-archiv.wir-tun-was-fuer-bienen.de\/archiv-2023\/eintrag\/2023-dachterrasse-in-quickborn-heide\/\">Dachterrasse in Quickborn- Heide<\/a>\n    <\/h2>\n    <a href=\"https:\/\/wettbewerb-archiv.wir-tun-was-fuer-bienen.de\/archiv-2023\/eintrag\/2023-dachterrasse-in-quickborn-heide\/\">\n        <div class=\"bienen-entry-image\">\n            <img decoding=\"async\" width=\"400\" height=\"300\" src=\"https:\/\/wettbewerb-archiv.wir-tun-was-fuer-bienen.de\/archiv-2023\/wp-content\/uploads\/sites\/8\/2023\/07\/IMG_0383-400x300.jpeg\" class=\"attachment-bienen-grid-thumb size-bienen-grid-thumb wp-post-image\" alt=\"\" loading=\"lazy\" srcset=\"https:\/\/wettbewerb-archiv.wir-tun-was-fuer-bienen.de\/archiv-2023\/wp-content\/uploads\/sites\/8\/2023\/07\/IMG_0383-400x300.jpeg 400w, https:\/\/wettbewerb-archiv.wir-tun-was-fuer-bienen.de\/archiv-2023\/wp-content\/uploads\/sites\/8\/2023\/07\/IMG_0383-768x576.jpeg 768w, https:\/\/wettbewerb-archiv.wir-tun-was-fuer-bienen.de\/archiv-2023\/wp-content\/uploads\/sites\/8\/2023\/07\/IMG_0383-1024x768.jpeg 1024w, https:\/\/wettbewerb-archiv.wir-tun-was-fuer-bienen.de\/archiv-2023\/wp-content\/uploads\/sites\/8\/2023\/07\/IMG_0383.jpeg 1920w\" sizes=\"(max-width: 400px) 100vw, 400px\" \/>                    <\/div>\n    <\/a>\n\n    \n\n    <div class=\"user flex\">\n        \n                    <img decoding=\"async\" src=\"https:\/\/wettbewerb-archiv.wir-tun-was-fuer-bienen.de\/archiv-2023\/wp-content\/themes\/bienen\/assets\/images\/avatar-placeholder.png\" style=\"border-radius: 30px;\" height=\"30\" width=\"30\">\n            Sabine Korzuschek            <\/div>\n    \n    \n            <p class=\"categories meta\" style=\"width: 100%\"><span class=\"fa fa-tag\"\n                                                             aria-hidden=\"true\"><\/span> Balkone, Terrassen, Dachg\u00e4rten, vertikale G\u00e4rten        <\/p>\n    \n            <p class=\"categories meta\" style=\"width: 100%\"><span class=\"fa fa-map-marker\"\n                                                             aria-hidden=\"true\"><\/span> Schleswig-Holstein        <\/p>\n    \n<\/article>\n   \n\t\t\n          <article id=\"post-111851\" class=\"et_pb_post post-111851 wtwfb_entry type-wtwfb_entry status-publish has-post-thumbnail hentry wtwfb_category-privatgaerten-klein-500-m2 wtwfb_region-nordrhein-westfalen\">\n    <h2 class=\"entry-title\"><a href=\"https:\/\/wettbewerb-archiv.wir-tun-was-fuer-bienen.de\/archiv-2023\/eintrag\/2023-vielfalt-statt-einfalt-im-duisburger-zaubergarten\/\">Vielfalt statt Einfalt im Duisburger Zaubergarten<\/a>\n    <\/h2>\n    <a href=\"https:\/\/wettbewerb-archiv.wir-tun-was-fuer-bienen.de\/archiv-2023\/eintrag\/2023-vielfalt-statt-einfalt-im-duisburger-zaubergarten\/\">\n        <div class=\"bienen-entry-image\">\n            <img decoding=\"async\" width=\"400\" height=\"300\" src=\"https:\/\/wettbewerb-archiv.wir-tun-was-fuer-bienen.de\/archiv-2023\/wp-content\/uploads\/sites\/8\/2023\/07\/IMG_4437-400x300.jpeg\" class=\"attachment-bienen-grid-thumb size-bienen-grid-thumb wp-post-image\" alt=\"\" loading=\"lazy\" \/>                    <\/div>\n    <\/a>\n\n    \n\n    <div class=\"user flex\">\n        \n                    <img decoding=\"async\" src=\"https:\/\/wettbewerb-archiv.wir-tun-was-fuer-bienen.de\/archiv-2023\/wp-content\/themes\/bienen\/assets\/images\/avatar-placeholder.png\" style=\"border-radius: 30px;\" height=\"30\" width=\"30\">\n            Zaubergarten Duisburg            <\/div>\n    \n    <p class=\"categories meta bienen-gewinner\"><span class=\"fa fa-trophy\"                                                              aria-hidden=\"true\"><\/span> Gewinner<\/p>\n            <p class=\"categories meta\" style=\"width: 100%\"><span class=\"fa fa-tag\"\n                                                             aria-hidden=\"true\"><\/span> Privatg\u00e4rten klein (bis 500 m2)        <\/p>\n    \n            <p class=\"categories meta\" style=\"width: 100%\"><span class=\"fa fa-map-marker\"\n                                                             aria-hidden=\"true\"><\/span> Nordrhein-Westfalen        <\/p>\n    \n<\/article>\n   \n\t\t\n          <article id=\"post-111747\" class=\"et_pb_post post-111747 wtwfb_entry type-wtwfb_entry status-publish has-post-thumbnail hentry wtwfb_category-bestehende-naturgaerten wtwfb_region-thueringen\">\n    <h2 class=\"entry-title\"><a href=\"https:\/\/wettbewerb-archiv.wir-tun-was-fuer-bienen.de\/archiv-2023\/eintrag\/2023-palettenhochbeet\/\">Palettenhochbeet<\/a>\n    <\/h2>\n    <a href=\"https:\/\/wettbewerb-archiv.wir-tun-was-fuer-bienen.de\/archiv-2023\/eintrag\/2023-palettenhochbeet\/\">\n        <div class=\"bienen-entry-image\">\n            <img decoding=\"async\" width=\"400\" height=\"300\" src=\"https:\/\/wettbewerb-archiv.wir-tun-was-fuer-bienen.de\/archiv-2023\/wp-content\/uploads\/sites\/8\/2023\/07\/20230629_150308-400x300.jpg\" class=\"attachment-bienen-grid-thumb size-bienen-grid-thumb wp-post-image\" alt=\"\" loading=\"lazy\" \/>                    <\/div>\n    <\/a>\n\n    \n\n    <div class=\"user flex\">\n        \n                    <img decoding=\"async\" src=\"https:\/\/wettbewerb-archiv.wir-tun-was-fuer-bienen.de\/archiv-2023\/wp-content\/themes\/bienen\/assets\/images\/avatar-placeholder.png\" style=\"border-radius: 30px;\" height=\"30\" width=\"30\">\n            Ulrike Ehrich            <\/div>\n    \n    \n            <p class=\"categories meta\" style=\"width: 100%\"><span class=\"fa fa-tag\"\n                                                             aria-hidden=\"true\"><\/span> Bestehende Naturg\u00e4rten (Pflege und Infoarbeit)        <\/p>\n    \n            <p class=\"categories meta\" style=\"width: 100%\"><span class=\"fa fa-map-marker\"\n                                                             aria-hidden=\"true\"><\/span> Th\u00fcringen        <\/p>\n    \n<\/article>\n   \n\t\t\n          <article id=\"post-111685\" class=\"et_pb_post post-111685 wtwfb_entry type-wtwfb_entry status-publish has-post-thumbnail hentry wtwfb_category-kleingartenparzellen wtwfb_region-niedersachsen\">\n    <h2 class=\"entry-title\"><a href=\"https:\/\/wettbewerb-archiv.wir-tun-was-fuer-bienen.de\/archiv-2023\/eintrag\/2023-blueten-landschaft\/\">Bl\u00fcten Landschaft<\/a>\n    <\/h2>\n    <a href=\"https:\/\/wettbewerb-archiv.wir-tun-was-fuer-bienen.de\/archiv-2023\/eintrag\/2023-blueten-landschaft\/\">\n        <div class=\"bienen-entry-image\">\n            <img decoding=\"async\" width=\"400\" height=\"300\" src=\"https:\/\/wettbewerb-archiv.wir-tun-was-fuer-bienen.de\/archiv-2023\/wp-content\/uploads\/sites\/8\/2023\/07\/20230720_101142-400x300.jpg\" class=\"attachment-bienen-grid-thumb size-bienen-grid-thumb wp-post-image\" alt=\"\" loading=\"lazy\" \/>                    <\/div>\n    <\/a>\n\n    \n\n    <div class=\"user flex\">\n        \n                    <img decoding=\"async\" src=\"https:\/\/wettbewerb-archiv.wir-tun-was-fuer-bienen.de\/archiv-2023\/wp-content\/themes\/bienen\/assets\/images\/avatar-placeholder.png\" style=\"border-radius: 30px;\" height=\"30\" width=\"30\">\n            Tilly            <\/div>\n    \n    \n            <p class=\"categories meta\" style=\"width: 100%\"><span class=\"fa fa-tag\"\n                                                             aria-hidden=\"true\"><\/span> Kleingartenparzellen        <\/p>\n    \n            <p class=\"categories meta\" style=\"width: 100%\"><span class=\"fa fa-map-marker\"\n                                                             aria-hidden=\"true\"><\/span> Niedersachsen        <\/p>\n    \n<\/article>\n   \n\t\t\n          <article id=\"post-111600\" class=\"et_pb_post post-111600 wtwfb_entry type-wtwfb_entry status-publish has-post-thumbnail hentry wtwfb_category-privatgaerten-klein-500-m2 wtwfb_region-nordrhein-westfalen\">\n    <h2 class=\"entry-title\"><a href=\"https:\/\/wettbewerb-archiv.wir-tun-was-fuer-bienen.de\/archiv-2023\/eintrag\/2023-es-summt-jeden-tag-so-wunderbar-%e2%98%ba%ef%b8%8f\/\">Es summt jeden Tag so wunderbar \u263a\ufe0f<\/a>\n    <\/h2>\n    <a href=\"https:\/\/wettbewerb-archiv.wir-tun-was-fuer-bienen.de\/archiv-2023\/eintrag\/2023-es-summt-jeden-tag-so-wunderbar-%e2%98%ba%ef%b8%8f\/\">\n        <div class=\"bienen-entry-image\">\n            <img decoding=\"async\" width=\"400\" height=\"300\" src=\"https:\/\/wettbewerb-archiv.wir-tun-was-fuer-bienen.de\/archiv-2023\/wp-content\/uploads\/sites\/8\/2023\/07\/IMG_9868-400x300.jpeg\" class=\"attachment-bienen-grid-thumb size-bienen-grid-thumb wp-post-image\" alt=\"\" loading=\"lazy\" \/>                    <\/div>\n    <\/a>\n\n    \n\n    <div class=\"user flex\">\n        \n                    <img decoding=\"async\" src=\"https:\/\/wettbewerb-archiv.wir-tun-was-fuer-bienen.de\/archiv-2023\/wp-content\/themes\/bienen\/assets\/images\/avatar-placeholder.png\" style=\"border-radius: 30px;\" height=\"30\" width=\"30\">\n            Ludger            <\/div>\n    \n    \n            <p class=\"categories meta\" style=\"width: 100%\"><span class=\"fa fa-tag\"\n                                                             aria-hidden=\"true\"><\/span> Privatg\u00e4rten klein (bis 500 m2)        <\/p>\n    \n            <p class=\"categories meta\" style=\"width: 100%\"><span class=\"fa fa-map-marker\"\n                                                             aria-hidden=\"true\"><\/span> Nordrhein-Westfalen        <\/p>\n    \n<\/article>\n   \n\t\t\n          <article id=\"post-111425\" class=\"et_pb_post post-111425 wtwfb_entry type-wtwfb_entry status-publish has-post-thumbnail hentry wtwfb_category-kommunale-flaechen wtwfb_region-niedersachsen\">\n    <h2 class=\"entry-title\"><a href=\"https:\/\/wettbewerb-archiv.wir-tun-was-fuer-bienen.de\/archiv-2023\/eintrag\/2023-muenden-blueht-und-summt\/\">M\u00fcnden bl\u00fcht und summt<\/a>\n    <\/h2>\n    <a href=\"https:\/\/wettbewerb-archiv.wir-tun-was-fuer-bienen.de\/archiv-2023\/eintrag\/2023-muenden-blueht-und-summt\/\">\n        <div class=\"bienen-entry-image\">\n            <img decoding=\"async\" width=\"400\" height=\"284\" src=\"https:\/\/wettbewerb-archiv.wir-tun-was-fuer-bienen.de\/archiv-2023\/wp-content\/uploads\/sites\/8\/2023\/07\/Bluehstelle-original-PDF-pdf.jpg\" class=\"attachment-bienen-grid-thumb size-bienen-grid-thumb wp-post-image\" alt=\"\" loading=\"lazy\" \/>                    <\/div>\n    <\/a>\n\n    \n\n    <div class=\"user flex\">\n        \n                    <img decoding=\"async\" src=\"https:\/\/wettbewerb-archiv.wir-tun-was-fuer-bienen.de\/archiv-2023\/wp-content\/themes\/bienen\/assets\/images\/avatar-placeholder.png\" style=\"border-radius: 30px;\" height=\"30\" width=\"30\">\n            M\u00fcnden bl\u00fcht und summt            <\/div>\n    \n    <p class=\"categories meta bienen-gewinner\"><span class=\"fa fa-trophy\"                                                              aria-hidden=\"true\"><\/span> Gewinner<\/p>\n            <p class=\"categories meta\" style=\"width: 100%\"><span class=\"fa fa-tag\"\n                                                             aria-hidden=\"true\"><\/span> Kommunale Fl\u00e4chen        <\/p>\n    \n            <p class=\"categories meta\" style=\"width: 100%\"><span class=\"fa fa-map-marker\"\n                                                             aria-hidden=\"true\"><\/span> Niedersachsen        <\/p>\n    \n<\/article>\n   \n\t\t\n          <article id=\"post-111386\" class=\"et_pb_post post-111386 wtwfb_entry type-wtwfb_entry status-publish has-post-thumbnail hentry wtwfb_category-kommunale-flaechen wtwfb_region-berlin\">\n    <h2 class=\"entry-title\"><a href=\"https:\/\/wettbewerb-archiv.wir-tun-was-fuer-bienen.de\/archiv-2023\/eintrag\/2023-baumscheiben-und-gruenflaeche-lerchenweg-mariendorf\/\">Baumscheiben und Gr\u00fcnfl\u00e4che Lerchenweg Mariendorf<\/a>\n    <\/h2>\n    <a href=\"https:\/\/wettbewerb-archiv.wir-tun-was-fuer-bienen.de\/archiv-2023\/eintrag\/2023-baumscheiben-und-gruenflaeche-lerchenweg-mariendorf\/\">\n        <div class=\"bienen-entry-image\">\n            <img decoding=\"async\" width=\"400\" height=\"300\" src=\"https:\/\/wettbewerb-archiv.wir-tun-was-fuer-bienen.de\/archiv-2023\/wp-content\/uploads\/sites\/8\/2023\/07\/20230729_181449-400x300.jpg\" class=\"attachment-bienen-grid-thumb size-bienen-grid-thumb wp-post-image\" alt=\"\" loading=\"lazy\" \/>                    <\/div>\n    <\/a>\n\n    \n\n    <div class=\"user flex\">\n        \n                    <img decoding=\"async\" src=\"https:\/\/wettbewerb-archiv.wir-tun-was-fuer-bienen.de\/archiv-2023\/wp-content\/themes\/bienen\/assets\/images\/avatar-placeholder.png\" style=\"border-radius: 30px;\" height=\"30\" width=\"30\">\n            Baumscheibe Lerchenweg            <\/div>\n    \n    \n            <p class=\"categories meta\" style=\"width: 100%\"><span class=\"fa fa-tag\"\n                                                             aria-hidden=\"true\"><\/span> Kommunale Fl\u00e4chen        <\/p>\n    \n            <p class=\"categories meta\" style=\"width: 100%\"><span class=\"fa fa-map-marker\"\n                                                             aria-hidden=\"true\"><\/span> Berlin        <\/p>\n    \n<\/article>\n   \n\t\t\n          <article id=\"post-111354\" class=\"et_pb_post post-111354 wtwfb_entry type-wtwfb_entry status-publish has-post-thumbnail hentry wtwfb_category-balkone-terrassen-dachbegruenung-vertikale-gaerten wtwfb_region-hessen\">\n    <h2 class=\"entry-title\"><a href=\"https:\/\/wettbewerb-archiv.wir-tun-was-fuer-bienen.de\/archiv-2023\/eintrag\/2023-bluehendes-balkonien\/\">Bl\u00fchendes Balkonien<\/a>\n    <\/h2>\n    <a href=\"https:\/\/wettbewerb-archiv.wir-tun-was-fuer-bienen.de\/archiv-2023\/eintrag\/2023-bluehendes-balkonien\/\">\n        <div class=\"bienen-entry-image\">\n            <img decoding=\"async\" width=\"400\" height=\"300\" src=\"https:\/\/wettbewerb-archiv.wir-tun-was-fuer-bienen.de\/archiv-2023\/wp-content\/uploads\/sites\/8\/2023\/07\/48F0A795-CC15-4BF6-B093-D597CFF55AF9-400x300.jpeg\" class=\"attachment-bienen-grid-thumb size-bienen-grid-thumb wp-post-image\" alt=\"\" loading=\"lazy\" srcset=\"https:\/\/wettbewerb-archiv.wir-tun-was-fuer-bienen.de\/archiv-2023\/wp-content\/uploads\/sites\/8\/2023\/07\/48F0A795-CC15-4BF6-B093-D597CFF55AF9-400x300.jpeg 400w, https:\/\/wettbewerb-archiv.wir-tun-was-fuer-bienen.de\/archiv-2023\/wp-content\/uploads\/sites\/8\/2023\/07\/48F0A795-CC15-4BF6-B093-D597CFF55AF9-768x576.jpeg 768w, https:\/\/wettbewerb-archiv.wir-tun-was-fuer-bienen.de\/archiv-2023\/wp-content\/uploads\/sites\/8\/2023\/07\/48F0A795-CC15-4BF6-B093-D597CFF55AF9-1024x768.jpeg 1024w, https:\/\/wettbewerb-archiv.wir-tun-was-fuer-bienen.de\/archiv-2023\/wp-content\/uploads\/sites\/8\/2023\/07\/48F0A795-CC15-4BF6-B093-D597CFF55AF9.jpeg 1920w\" sizes=\"(max-width: 400px) 100vw, 400px\" \/>                    <\/div>\n    <\/a>\n\n    \n\n    <div class=\"user flex\">\n        \n                    <img decoding=\"async\" src=\"https:\/\/wettbewerb-archiv.wir-tun-was-fuer-bienen.de\/archiv-2023\/wp-content\/themes\/bienen\/assets\/images\/avatar-placeholder.png\" style=\"border-radius: 30px;\" height=\"30\" width=\"30\">\n            Bl\u00fchendes Balkonien            <\/div>\n    \n    \n            <p class=\"categories meta\" style=\"width: 100%\"><span class=\"fa fa-tag\"\n                                                             aria-hidden=\"true\"><\/span> Balkone, Terrassen, Dachg\u00e4rten, vertikale G\u00e4rten        <\/p>\n    \n            <p class=\"categories meta\" style=\"width: 100%\"><span class=\"fa fa-map-marker\"\n                                                             aria-hidden=\"true\"><\/span> Hessen        <\/p>\n    \n<\/article>\n   \n\t\t\n          <article id=\"post-111213\" class=\"et_pb_post post-111213 wtwfb_entry type-wtwfb_entry status-publish has-post-thumbnail hentry wtwfb_category-schul-und-jugendclubgaerten wtwfb_region-rheinland-pfalz\">\n    <h2 class=\"entry-title\"><a href=\"https:\/\/wettbewerb-archiv.wir-tun-was-fuer-bienen.de\/archiv-2023\/eintrag\/2023-unser-gruenes-klassenzimmer-2023\/\">Unser Gr\u00fcnes Klassenzimmer 2023<\/a>\n    <\/h2>\n    <a href=\"https:\/\/wettbewerb-archiv.wir-tun-was-fuer-bienen.de\/archiv-2023\/eintrag\/2023-unser-gruenes-klassenzimmer-2023\/\">\n        <div class=\"bienen-entry-image\">\n            <img decoding=\"async\" width=\"400\" height=\"300\" src=\"https:\/\/wettbewerb-archiv.wir-tun-was-fuer-bienen.de\/archiv-2023\/wp-content\/uploads\/sites\/8\/2023\/07\/20230630_074656-400x300.jpg\" class=\"attachment-bienen-grid-thumb size-bienen-grid-thumb wp-post-image\" alt=\"\" loading=\"lazy\" \/>                    <\/div>\n    <\/a>\n\n    \n\n    <div class=\"user flex\">\n        \n                    <img decoding=\"async\" src=\"https:\/\/wettbewerb-archiv.wir-tun-was-fuer-bienen.de\/archiv-2023\/wp-content\/themes\/bienen\/assets\/images\/avatar-placeholder.png\" style=\"border-radius: 30px;\" height=\"30\" width=\"30\">\n            Gr\u00fcnes Klassenzimmer            <\/div>\n    \n    \n            <p class=\"categories meta\" style=\"width: 100%\"><span class=\"fa fa-tag\"\n                                                             aria-hidden=\"true\"><\/span> Schulg\u00e4rten        <\/p>\n    \n            <p class=\"categories meta\" style=\"width: 100%\"><span class=\"fa fa-map-marker\"\n                                                             aria-hidden=\"true\"><\/span> Rheinland-Pfalz        <\/p>\n    \n<\/article>\n   \n\t\t\n          <article id=\"post-111070\" class=\"et_pb_post post-111070 wtwfb_entry type-wtwfb_entry status-publish has-post-thumbnail hentry wtwfb_category-privatgaerten-klein-500-m2 wtwfb_region-brandenburg\">\n    <h2 class=\"entry-title\"><a href=\"https:\/\/wettbewerb-archiv.wir-tun-was-fuer-bienen.de\/archiv-2023\/eintrag\/2023-mehr-vielfalt-in-meinem-hausgarten\/\">Mehr Vielfalt in meinem Hausgarten<\/a>\n    <\/h2>\n    <a href=\"https:\/\/wettbewerb-archiv.wir-tun-was-fuer-bienen.de\/archiv-2023\/eintrag\/2023-mehr-vielfalt-in-meinem-hausgarten\/\">\n        <div class=\"bienen-entry-image\">\n            <img decoding=\"async\" width=\"400\" height=\"300\" src=\"https:\/\/wettbewerb-archiv.wir-tun-was-fuer-bienen.de\/archiv-2023\/wp-content\/uploads\/sites\/8\/2023\/07\/20230730_081651-400x300.jpg\" class=\"attachment-bienen-grid-thumb size-bienen-grid-thumb wp-post-image\" alt=\"\" loading=\"lazy\" srcset=\"https:\/\/wettbewerb-archiv.wir-tun-was-fuer-bienen.de\/archiv-2023\/wp-content\/uploads\/sites\/8\/2023\/07\/20230730_081651-400x300.jpg 400w, https:\/\/wettbewerb-archiv.wir-tun-was-fuer-bienen.de\/archiv-2023\/wp-content\/uploads\/sites\/8\/2023\/07\/20230730_081651-768x576.jpg 768w, https:\/\/wettbewerb-archiv.wir-tun-was-fuer-bienen.de\/archiv-2023\/wp-content\/uploads\/sites\/8\/2023\/07\/20230730_081651-1024x768.jpg 1024w, https:\/\/wettbewerb-archiv.wir-tun-was-fuer-bienen.de\/archiv-2023\/wp-content\/uploads\/sites\/8\/2023\/07\/20230730_081651.jpg 1920w\" sizes=\"(max-width: 400px) 100vw, 400px\" \/>                    <\/div>\n    <\/a>\n\n    \n\n    <div class=\"user flex\">\n        \n                    <img decoding=\"async\" src=\"https:\/\/wettbewerb-archiv.wir-tun-was-fuer-bienen.de\/archiv-2023\/wp-content\/themes\/bienen\/assets\/images\/avatar-placeholder.png\" style=\"border-radius: 30px;\" height=\"30\" width=\"30\">\n            Naturgarten Grit Ritzel            <\/div>\n    \n    \n            <p class=\"categories meta\" style=\"width: 100%\"><span class=\"fa fa-tag\"\n                                                             aria-hidden=\"true\"><\/span> Privatg\u00e4rten klein (bis 500 m2)        <\/p>\n    \n            <p class=\"categories meta\" style=\"width: 100%\"><span class=\"fa fa-map-marker\"\n                                                             aria-hidden=\"true\"><\/span> Brandenburg        <\/p>\n    \n<\/article>\n   \n\t\t\n          <article id=\"post-111063\" class=\"et_pb_post post-111063 wtwfb_entry type-wtwfb_entry status-publish has-post-thumbnail hentry wtwfb_category-privatgaerten-klein-500-m2 wtwfb_region-saarland\">\n    <h2 class=\"entry-title\"><a href=\"https:\/\/wettbewerb-archiv.wir-tun-was-fuer-bienen.de\/archiv-2023\/eintrag\/2023-das-kraterbeet\/\">Das Kraterbeet<\/a>\n    <\/h2>\n    <a href=\"https:\/\/wettbewerb-archiv.wir-tun-was-fuer-bienen.de\/archiv-2023\/eintrag\/2023-das-kraterbeet\/\">\n        <div class=\"bienen-entry-image\">\n            <img decoding=\"async\" width=\"400\" height=\"300\" src=\"https:\/\/wettbewerb-archiv.wir-tun-was-fuer-bienen.de\/archiv-2023\/wp-content\/uploads\/sites\/8\/2023\/07\/d56f2a5e-5d46-4c05-b2e0-7dcbb2387159-1-400x300.jpeg\" class=\"attachment-bienen-grid-thumb size-bienen-grid-thumb wp-post-image\" alt=\"\" loading=\"lazy\" srcset=\"https:\/\/wettbewerb-archiv.wir-tun-was-fuer-bienen.de\/archiv-2023\/wp-content\/uploads\/sites\/8\/2023\/07\/d56f2a5e-5d46-4c05-b2e0-7dcbb2387159-1-400x300.jpeg 400w, https:\/\/wettbewerb-archiv.wir-tun-was-fuer-bienen.de\/archiv-2023\/wp-content\/uploads\/sites\/8\/2023\/07\/d56f2a5e-5d46-4c05-b2e0-7dcbb2387159-1-768x576.jpeg 768w, https:\/\/wettbewerb-archiv.wir-tun-was-fuer-bienen.de\/archiv-2023\/wp-content\/uploads\/sites\/8\/2023\/07\/d56f2a5e-5d46-4c05-b2e0-7dcbb2387159-1-1024x768.jpeg 1024w, https:\/\/wettbewerb-archiv.wir-tun-was-fuer-bienen.de\/archiv-2023\/wp-content\/uploads\/sites\/8\/2023\/07\/d56f2a5e-5d46-4c05-b2e0-7dcbb2387159-1.jpeg 1600w\" sizes=\"(max-width: 400px) 100vw, 400px\" \/>                    <\/div>\n    <\/a>\n\n    \n\n    <div class=\"user flex\">\n        \n                    <img decoding=\"async\" src=\"https:\/\/wettbewerb-archiv.wir-tun-was-fuer-bienen.de\/archiv-2023\/wp-content\/themes\/bienen\/assets\/images\/avatar-placeholder.png\" style=\"border-radius: 30px;\" height=\"30\" width=\"30\">\n            Gertrud\u2018s Gartendurcheinander            <\/div>\n    \n    \n            <p class=\"categories meta\" style=\"width: 100%\"><span class=\"fa fa-tag\"\n                                                             aria-hidden=\"true\"><\/span> Privatg\u00e4rten klein (bis 500 m2)        <\/p>\n    \n            <p class=\"categories meta\" style=\"width: 100%\"><span class=\"fa fa-map-marker\"\n                                                             aria-hidden=\"true\"><\/span> Saarland        <\/p>\n    \n<\/article>\n   \n\t\t\n          <article id=\"post-110993\" class=\"et_pb_post post-110993 wtwfb_entry type-wtwfb_entry status-publish has-post-thumbnail hentry wtwfb_category-vereinsgaerten-liegenschaften-von-verwaltung-kirche-etc-sonstige wtwfb_region-nordrhein-westfalen\">\n    <h2 class=\"entry-title\"><a href=\"https:\/\/wettbewerb-archiv.wir-tun-was-fuer-bienen.de\/archiv-2023\/eintrag\/2023-kleingartenanlage-insektenhotel\/\">Kleingartenanlage  Insektenhotel<\/a>\n    <\/h2>\n    <a href=\"https:\/\/wettbewerb-archiv.wir-tun-was-fuer-bienen.de\/archiv-2023\/eintrag\/2023-kleingartenanlage-insektenhotel\/\">\n        <div class=\"bienen-entry-image\">\n            <img decoding=\"async\" width=\"400\" height=\"300\" src=\"https:\/\/wettbewerb-archiv.wir-tun-was-fuer-bienen.de\/archiv-2023\/wp-content\/uploads\/sites\/8\/2023\/07\/Screenshot_20230729-173359_Gallery-400x300.jpg\" class=\"attachment-bienen-grid-thumb size-bienen-grid-thumb wp-post-image\" alt=\"\" loading=\"lazy\" \/>                    <\/div>\n    <\/a>\n\n    \n\n    <div class=\"user flex\">\n        \n                    <img decoding=\"async\" src=\"https:\/\/wettbewerb-archiv.wir-tun-was-fuer-bienen.de\/archiv-2023\/wp-content\/themes\/bienen\/assets\/images\/avatar-placeholder.png\" style=\"border-radius: 30px;\" height=\"30\" width=\"30\">\n            Gartenanlage Oberhausen Alstaden            <\/div>\n    \n    \n            <p class=\"categories meta\" style=\"width: 100%\"><span class=\"fa fa-tag\"\n                                                             aria-hidden=\"true\"><\/span> Vereinsg\u00e4rten, Unis, Liegenschaften von Verwaltung, Kirche etc, Sonstige        <\/p>\n    \n            <p class=\"categories meta\" style=\"width: 100%\"><span class=\"fa fa-map-marker\"\n                                                             aria-hidden=\"true\"><\/span> Nordrhein-Westfalen        <\/p>\n    \n<\/article>\n   \n\t\t\n          <article id=\"post-110786\" class=\"et_pb_post post-110786 wtwfb_entry type-wtwfb_entry status-publish has-post-thumbnail hentry wtwfb_category-kita-gaerten wtwfb_region-baden-wuerttemberg\">\n    <h2 class=\"entry-title\"><a href=\"https:\/\/wettbewerb-archiv.wir-tun-was-fuer-bienen.de\/archiv-2023\/eintrag\/2023-bienewiese-neben-der-jurte\/\">Bienewiese neben der Jurte<\/a>\n    <\/h2>\n    <a href=\"https:\/\/wettbewerb-archiv.wir-tun-was-fuer-bienen.de\/archiv-2023\/eintrag\/2023-bienewiese-neben-der-jurte\/\">\n        <div class=\"bienen-entry-image\">\n            <img decoding=\"async\" width=\"400\" height=\"300\" src=\"https:\/\/wettbewerb-archiv.wir-tun-was-fuer-bienen.de\/archiv-2023\/wp-content\/uploads\/sites\/8\/2023\/07\/IMG_9451-400x300.jpg\" class=\"attachment-bienen-grid-thumb size-bienen-grid-thumb wp-post-image\" alt=\"\" loading=\"lazy\" srcset=\"https:\/\/wettbewerb-archiv.wir-tun-was-fuer-bienen.de\/archiv-2023\/wp-content\/uploads\/sites\/8\/2023\/07\/IMG_9451-400x300.jpg 400w, https:\/\/wettbewerb-archiv.wir-tun-was-fuer-bienen.de\/archiv-2023\/wp-content\/uploads\/sites\/8\/2023\/07\/IMG_9451-768x576.jpg 768w, https:\/\/wettbewerb-archiv.wir-tun-was-fuer-bienen.de\/archiv-2023\/wp-content\/uploads\/sites\/8\/2023\/07\/IMG_9451-1024x768.jpg 1024w, https:\/\/wettbewerb-archiv.wir-tun-was-fuer-bienen.de\/archiv-2023\/wp-content\/uploads\/sites\/8\/2023\/07\/IMG_9451.jpg 1600w\" sizes=\"(max-width: 400px) 100vw, 400px\" \/>                    <\/div>\n    <\/a>\n\n    \n\n    <div class=\"user flex\">\n        \n                    <img decoding=\"async\" src=\"https:\/\/wettbewerb-archiv.wir-tun-was-fuer-bienen.de\/archiv-2023\/wp-content\/themes\/bienen\/assets\/images\/avatar-placeholder.png\" style=\"border-radius: 30px;\" height=\"30\" width=\"30\">\n            Jurtenkinder            <\/div>\n    \n    \n            <p class=\"categories meta\" style=\"width: 100%\"><span class=\"fa fa-tag\"\n                                                             aria-hidden=\"true\"><\/span> Kita-G\u00e4rten        <\/p>\n    \n            <p class=\"categories meta\" style=\"width: 100%\"><span class=\"fa fa-map-marker\"\n                                                             aria-hidden=\"true\"><\/span> Baden-W\u00fcrttemberg        <\/p>\n    \n<\/article>\n   \n\t\t\n          <article id=\"post-110778\" class=\"et_pb_post post-110778 wtwfb_entry type-wtwfb_entry status-publish has-post-thumbnail hentry wtwfb_category-vereinsgaerten-liegenschaften-von-verwaltung-kirche-etc-sonstige wtwfb_region-bayern\">\n    <h2 class=\"entry-title\"><a href=\"https:\/\/wettbewerb-archiv.wir-tun-was-fuer-bienen.de\/archiv-2023\/eintrag\/2023-vielfaltswiese-johanna-summt\/\">Vielfaltswiese Johanna summt<\/a>\n    <\/h2>\n    <a href=\"https:\/\/wettbewerb-archiv.wir-tun-was-fuer-bienen.de\/archiv-2023\/eintrag\/2023-vielfaltswiese-johanna-summt\/\">\n        <div class=\"bienen-entry-image\">\n            <img decoding=\"async\" width=\"400\" height=\"300\" src=\"https:\/\/wettbewerb-archiv.wir-tun-was-fuer-bienen.de\/archiv-2023\/wp-content\/uploads\/sites\/8\/2023\/07\/IMG-20220906-WA0019-400x300.jpg\" class=\"attachment-bienen-grid-thumb size-bienen-grid-thumb wp-post-image\" alt=\"\" loading=\"lazy\" srcset=\"https:\/\/wettbewerb-archiv.wir-tun-was-fuer-bienen.de\/archiv-2023\/wp-content\/uploads\/sites\/8\/2023\/07\/IMG-20220906-WA0019-400x300.jpg 400w, https:\/\/wettbewerb-archiv.wir-tun-was-fuer-bienen.de\/archiv-2023\/wp-content\/uploads\/sites\/8\/2023\/07\/IMG-20220906-WA0019-768x576.jpg 768w, https:\/\/wettbewerb-archiv.wir-tun-was-fuer-bienen.de\/archiv-2023\/wp-content\/uploads\/sites\/8\/2023\/07\/IMG-20220906-WA0019-1024x768.jpg 1024w, https:\/\/wettbewerb-archiv.wir-tun-was-fuer-bienen.de\/archiv-2023\/wp-content\/uploads\/sites\/8\/2023\/07\/IMG-20220906-WA0019.jpg 1920w\" sizes=\"(max-width: 400px) 100vw, 400px\" \/>                    <\/div>\n    <\/a>\n\n    \n\n    <div class=\"user flex\">\n        \n                    <img decoding=\"async\" src=\"https:\/\/wettbewerb-archiv.wir-tun-was-fuer-bienen.de\/archiv-2023\/wp-content\/themes\/bienen\/assets\/images\/avatar-placeholder.png\" style=\"border-radius: 30px;\" height=\"30\" width=\"30\">\n            Vielfaltswiese Johanna            <\/div>\n    \n    <p class=\"categories meta bienen-gewinner\"><span class=\"fa fa-trophy\"                                                              aria-hidden=\"true\"><\/span> Gewinner<\/p>\n            <p class=\"categories meta\" style=\"width: 100%\"><span class=\"fa fa-tag\"\n                                                             aria-hidden=\"true\"><\/span> Vereinsg\u00e4rten, Unis, Liegenschaften von Verwaltung, Kirche etc, Sonstige        <\/p>\n    \n            <p class=\"categories meta\" style=\"width: 100%\"><span class=\"fa fa-map-marker\"\n                                                             aria-hidden=\"true\"><\/span> Bayern        <\/p>\n    \n<\/article>\n   \n\t\t\n          <article id=\"post-110692\" class=\"et_pb_post post-110692 wtwfb_entry type-wtwfb_entry status-publish has-post-thumbnail hentry wtwfb_category-privatgaerten-klein-500-m2 wtwfb_region-mecklenburg-vorpommern\">\n    <h2 class=\"entry-title\"><a href=\"https:\/\/wettbewerb-archiv.wir-tun-was-fuer-bienen.de\/archiv-2023\/eintrag\/2023-bauerngarten-nb\/\">Bauerngarten NB.<\/a>\n    <\/h2>\n    <a href=\"https:\/\/wettbewerb-archiv.wir-tun-was-fuer-bienen.de\/archiv-2023\/eintrag\/2023-bauerngarten-nb\/\">\n        <div class=\"bienen-entry-image\">\n            <img decoding=\"async\" width=\"400\" height=\"300\" src=\"https:\/\/wettbewerb-archiv.wir-tun-was-fuer-bienen.de\/archiv-2023\/wp-content\/uploads\/sites\/8\/2023\/07\/inbound7287434058356050305-400x300.jpg\" class=\"attachment-bienen-grid-thumb size-bienen-grid-thumb wp-post-image\" alt=\"\" loading=\"lazy\" srcset=\"https:\/\/wettbewerb-archiv.wir-tun-was-fuer-bienen.de\/archiv-2023\/wp-content\/uploads\/sites\/8\/2023\/07\/inbound7287434058356050305-400x300.jpg 400w, https:\/\/wettbewerb-archiv.wir-tun-was-fuer-bienen.de\/archiv-2023\/wp-content\/uploads\/sites\/8\/2023\/07\/inbound7287434058356050305-768x576.jpg 768w, https:\/\/wettbewerb-archiv.wir-tun-was-fuer-bienen.de\/archiv-2023\/wp-content\/uploads\/sites\/8\/2023\/07\/inbound7287434058356050305-1024x768.jpg 1024w, https:\/\/wettbewerb-archiv.wir-tun-was-fuer-bienen.de\/archiv-2023\/wp-content\/uploads\/sites\/8\/2023\/07\/inbound7287434058356050305.jpg 1920w\" sizes=\"(max-width: 400px) 100vw, 400px\" \/>                    <\/div>\n    <\/a>\n\n    \n\n    <div class=\"user flex\">\n        \n                    <img decoding=\"async\" src=\"https:\/\/wettbewerb-archiv.wir-tun-was-fuer-bienen.de\/archiv-2023\/wp-content\/themes\/bienen\/assets\/images\/avatar-placeholder.png\" style=\"border-radius: 30px;\" height=\"30\" width=\"30\">\n            Bauerngarten NB.            <\/div>\n    \n    \n            <p class=\"categories meta\" style=\"width: 100%\"><span class=\"fa fa-tag\"\n                                                             aria-hidden=\"true\"><\/span> Privatg\u00e4rten klein (bis 500 m2)        <\/p>\n    \n            <p class=\"categories meta\" style=\"width: 100%\"><span class=\"fa fa-map-marker\"\n                                                             aria-hidden=\"true\"><\/span> Mecklenburg-Vorpommern        <\/p>\n    \n<\/article>\n   \n\t\t\n          <article id=\"post-110678\" class=\"et_pb_post post-110678 wtwfb_entry type-wtwfb_entry status-publish has-post-thumbnail hentry wtwfb_category-bestehende-naturgaerten wtwfb_region-baden-wuerttemberg\">\n    <h2 class=\"entry-title\"><a href=\"https:\/\/wettbewerb-archiv.wir-tun-was-fuer-bienen.de\/archiv-2023\/eintrag\/2023-martinas-und-karstens-bienenstand\/\">Martinas und Karstens Bienenstand und Streuobstwiese<\/a>\n    <\/h2>\n    <a href=\"https:\/\/wettbewerb-archiv.wir-tun-was-fuer-bienen.de\/archiv-2023\/eintrag\/2023-martinas-und-karstens-bienenstand\/\">\n        <div class=\"bienen-entry-image\">\n            <img decoding=\"async\" width=\"400\" height=\"300\" src=\"https:\/\/wettbewerb-archiv.wir-tun-was-fuer-bienen.de\/archiv-2023\/wp-content\/uploads\/sites\/8\/2023\/07\/Titelbild-400x300.jpeg\" class=\"attachment-bienen-grid-thumb size-bienen-grid-thumb wp-post-image\" alt=\"\" loading=\"lazy\" \/>                    <\/div>\n    <\/a>\n\n    \n\n    <div class=\"user flex\">\n        \n                    <img decoding=\"async\" src=\"https:\/\/wettbewerb-archiv.wir-tun-was-fuer-bienen.de\/archiv-2023\/wp-content\/themes\/bienen\/assets\/images\/avatar-placeholder.png\" style=\"border-radius: 30px;\" height=\"30\" width=\"30\">\n            Martinas Bienenstand            <\/div>\n    \n    \n            <p class=\"categories meta\" style=\"width: 100%\"><span class=\"fa fa-tag\"\n                                                             aria-hidden=\"true\"><\/span> Bestehende Naturg\u00e4rten (Pflege und Infoarbeit)        <\/p>\n    \n            <p class=\"categories meta\" style=\"width: 100%\"><span class=\"fa fa-map-marker\"\n                                                             aria-hidden=\"true\"><\/span> Baden-W\u00fcrttemberg        <\/p>\n    \n<\/article>\n   \n\t\t\n          <article id=\"post-110667\" class=\"et_pb_post post-110667 wtwfb_entry type-wtwfb_entry status-publish has-post-thumbnail hentry wtwfb_category-privatgaerten-gross-500-m wtwfb_region-schleswig-holstein\">\n    <h2 class=\"entry-title\"><a href=\"https:\/\/wettbewerb-archiv.wir-tun-was-fuer-bienen.de\/archiv-2023\/eintrag\/2023-natur-in-meinem-garten\/\">Natur in meinem Garten<\/a>\n    <\/h2>\n    <a href=\"https:\/\/wettbewerb-archiv.wir-tun-was-fuer-bienen.de\/archiv-2023\/eintrag\/2023-natur-in-meinem-garten\/\">\n        <div class=\"bienen-entry-image\">\n            <img decoding=\"async\" width=\"400\" height=\"300\" src=\"https:\/\/wettbewerb-archiv.wir-tun-was-fuer-bienen.de\/archiv-2023\/wp-content\/uploads\/sites\/8\/2023\/07\/Nickende-Distel-1-400x300.jpg\" class=\"attachment-bienen-grid-thumb size-bienen-grid-thumb wp-post-image\" alt=\"\" loading=\"lazy\" \/>                    <\/div>\n    <\/a>\n\n    \n\n    <div class=\"user flex\">\n        \n                    <img decoding=\"async\" src=\"https:\/\/wettbewerb-archiv.wir-tun-was-fuer-bienen.de\/archiv-2023\/wp-content\/themes\/bienen\/assets\/images\/avatar-placeholder.png\" style=\"border-radius: 30px;\" height=\"30\" width=\"30\">\n            Natur in meinem Garten            <\/div>\n    \n    \n            <p class=\"categories meta\" style=\"width: 100%\"><span class=\"fa fa-tag\"\n                                                             aria-hidden=\"true\"><\/span> Privatg\u00e4rten gro\u00df (ab 500 m\u00b2)        <\/p>\n    \n            <p class=\"categories meta\" style=\"width: 100%\"><span class=\"fa fa-map-marker\"\n                                                             aria-hidden=\"true\"><\/span> Schleswig-Holstein        <\/p>\n    \n<\/article>\n   \n\t\t\n          <article id=\"post-110465\" class=\"et_pb_post post-110465 wtwfb_entry type-wtwfb_entry status-publish has-post-thumbnail hentry wtwfb_category-privatgaerten-gross-500-m wtwfb_region-niedersachsen\">\n    <h2 class=\"entry-title\"><a href=\"https:\/\/wettbewerb-archiv.wir-tun-was-fuer-bienen.de\/archiv-2023\/eintrag\/2023-schlueters-obstgarten\/\">Schl\u00fcters Obstgarten<\/a>\n    <\/h2>\n    <a href=\"https:\/\/wettbewerb-archiv.wir-tun-was-fuer-bienen.de\/archiv-2023\/eintrag\/2023-schlueters-obstgarten\/\">\n        <div class=\"bienen-entry-image\">\n            <img decoding=\"async\" width=\"400\" height=\"300\" src=\"https:\/\/wettbewerb-archiv.wir-tun-was-fuer-bienen.de\/archiv-2023\/wp-content\/uploads\/sites\/8\/2023\/07\/20230730_145652-400x300.jpg\" class=\"attachment-bienen-grid-thumb size-bienen-grid-thumb wp-post-image\" alt=\"\" loading=\"lazy\" srcset=\"https:\/\/wettbewerb-archiv.wir-tun-was-fuer-bienen.de\/archiv-2023\/wp-content\/uploads\/sites\/8\/2023\/07\/20230730_145652-400x300.jpg 400w, https:\/\/wettbewerb-archiv.wir-tun-was-fuer-bienen.de\/archiv-2023\/wp-content\/uploads\/sites\/8\/2023\/07\/20230730_145652-768x576.jpg 768w, https:\/\/wettbewerb-archiv.wir-tun-was-fuer-bienen.de\/archiv-2023\/wp-content\/uploads\/sites\/8\/2023\/07\/20230730_145652-1024x768.jpg 1024w, https:\/\/wettbewerb-archiv.wir-tun-was-fuer-bienen.de\/archiv-2023\/wp-content\/uploads\/sites\/8\/2023\/07\/20230730_145652.jpg 1920w\" sizes=\"(max-width: 400px) 100vw, 400px\" \/>                    <\/div>\n    <\/a>\n\n    \n\n    <div class=\"user flex\">\n        \n                    <img decoding=\"async\" src=\"https:\/\/wettbewerb-archiv.wir-tun-was-fuer-bienen.de\/archiv-2023\/wp-content\/themes\/bienen\/assets\/images\/avatar-placeholder.png\" style=\"border-radius: 30px;\" height=\"30\" width=\"30\">\n            Schl\u00fcters Obstgarten            <\/div>\n    \n    <p class=\"categories meta bienen-gewinner\"><span class=\"fa fa-trophy\"                                                              aria-hidden=\"true\"><\/span> Gewinner<\/p>\n            <p class=\"categories meta\" style=\"width: 100%\"><span class=\"fa fa-tag\"\n                                                             aria-hidden=\"true\"><\/span> Privatg\u00e4rten gro\u00df (ab 500 m\u00b2)        <\/p>\n    \n            <p class=\"categories meta\" style=\"width: 100%\"><span class=\"fa fa-map-marker\"\n                                                             aria-hidden=\"true\"><\/span> Niedersachsen        <\/p>\n    \n<\/article>\n   \n\t\t\n          <article id=\"post-110463\" class=\"et_pb_post post-110463 wtwfb_entry type-wtwfb_entry status-publish has-post-thumbnail hentry wtwfb_category-privatgaerten-klein-500-m2 wtwfb_region-nordrhein-westfalen\">\n    <h2 class=\"entry-title\"><a href=\"https:\/\/wettbewerb-archiv.wir-tun-was-fuer-bienen.de\/archiv-2023\/eintrag\/2023-hortus-passerrum-rheni-inferioris-der-niederrheinische-garten-der-spatzen\/\">Hortus Passerrum Rheni Inferioris &#8211; der Niederrhe...<\/a>\n    <\/h2>\n    <a href=\"https:\/\/wettbewerb-archiv.wir-tun-was-fuer-bienen.de\/archiv-2023\/eintrag\/2023-hortus-passerrum-rheni-inferioris-der-niederrheinische-garten-der-spatzen\/\">\n        <div class=\"bienen-entry-image\">\n            <img decoding=\"async\" width=\"400\" height=\"300\" src=\"https:\/\/wettbewerb-archiv.wir-tun-was-fuer-bienen.de\/archiv-2023\/wp-content\/uploads\/sites\/8\/2023\/07\/Titel-2023-Kopie-400x300.jpg\" class=\"attachment-bienen-grid-thumb size-bienen-grid-thumb wp-post-image\" alt=\"\" loading=\"lazy\" \/>                    <\/div>\n    <\/a>\n\n    \n\n    <div class=\"user flex\">\n        \n                    <img decoding=\"async\" src=\"https:\/\/wettbewerb-archiv.wir-tun-was-fuer-bienen.de\/archiv-2023\/wp-content\/themes\/bienen\/assets\/images\/avatar-placeholder.png\" style=\"border-radius: 30px;\" height=\"30\" width=\"30\">\n            Hortus Passerrum Rheni Inferioris            <\/div>\n    \n    <p class=\"categories meta bienen-gewinner\"><span class=\"fa fa-trophy\"                                                              aria-hidden=\"true\"><\/span> Gewinner<\/p>\n            <p class=\"categories meta\" style=\"width: 100%\"><span class=\"fa fa-tag\"\n                                                             aria-hidden=\"true\"><\/span> Privatg\u00e4rten klein (bis 500 m2)        <\/p>\n    \n            <p class=\"categories meta\" style=\"width: 100%\"><span class=\"fa fa-map-marker\"\n                                                             aria-hidden=\"true\"><\/span> Nordrhein-Westfalen        <\/p>\n    \n<\/article>\n   \n\t\t\n          <article id=\"post-110339\" class=\"et_pb_post post-110339 wtwfb_entry type-wtwfb_entry status-publish has-post-thumbnail hentry wtwfb_category-privatgaerten-klein-500-m2 wtwfb_region-niedersachsen\">\n    <h2 class=\"entry-title\"><a href=\"https:\/\/wettbewerb-archiv.wir-tun-was-fuer-bienen.de\/archiv-2023\/eintrag\/2023-ein-traumgarten-auf-einer-nordseeinsel\/\">Ein Traumgarten auf einer Nordseeinsel<\/a>\n    <\/h2>\n    <a href=\"https:\/\/wettbewerb-archiv.wir-tun-was-fuer-bienen.de\/archiv-2023\/eintrag\/2023-ein-traumgarten-auf-einer-nordseeinsel\/\">\n        <div class=\"bienen-entry-image\">\n            <img decoding=\"async\" width=\"400\" height=\"300\" src=\"https:\/\/wettbewerb-archiv.wir-tun-was-fuer-bienen.de\/archiv-2023\/wp-content\/uploads\/sites\/8\/2023\/07\/vlcsnap-2023-07-28-18h43m11s156-400x300.jpg\" class=\"attachment-bienen-grid-thumb size-bienen-grid-thumb wp-post-image\" alt=\"\" loading=\"lazy\" \/>                    <\/div>\n    <\/a>\n\n    \n\n    <div class=\"user flex\">\n        \n                    <img decoding=\"async\" src=\"https:\/\/wettbewerb-archiv.wir-tun-was-fuer-bienen.de\/archiv-2023\/wp-content\/themes\/bienen\/assets\/images\/avatar-placeholder.png\" style=\"border-radius: 30px;\" height=\"30\" width=\"30\">\n            S\u00fcderloog auf Langeoog            <\/div>\n    \n    \n            <p class=\"categories meta\" style=\"width: 100%\"><span class=\"fa fa-tag\"\n                                                             aria-hidden=\"true\"><\/span> Privatg\u00e4rten klein (bis 500 m2)        <\/p>\n    \n            <p class=\"categories meta\" style=\"width: 100%\"><span class=\"fa fa-map-marker\"\n                                                             aria-hidden=\"true\"><\/span> Niedersachsen        <\/p>\n    \n<\/article>\n   \n\t\t\n          <article id=\"post-109912\" class=\"et_pb_post post-109912 wtwfb_entry type-wtwfb_entry status-publish has-post-thumbnail hentry wtwfb_category-privatgaerten-gross-500-m wtwfb_region-bayern\">\n    <h2 class=\"entry-title\"><a href=\"https:\/\/wettbewerb-archiv.wir-tun-was-fuer-bienen.de\/archiv-2023\/eintrag\/2023-test\/\">Wohlf\u00fchloase Brunnenstube \ud83d\udc1d<\/a>\n    <\/h2>\n    <a href=\"https:\/\/wettbewerb-archiv.wir-tun-was-fuer-bienen.de\/archiv-2023\/eintrag\/2023-test\/\">\n        <div class=\"bienen-entry-image\">\n            <img decoding=\"async\" width=\"400\" height=\"300\" src=\"https:\/\/wettbewerb-archiv.wir-tun-was-fuer-bienen.de\/archiv-2023\/wp-content\/uploads\/sites\/8\/2023\/07\/IMG_3443-400x300.jpeg\" class=\"attachment-bienen-grid-thumb size-bienen-grid-thumb wp-post-image\" alt=\"\" loading=\"lazy\" \/>                    <\/div>\n    <\/a>\n\n    \n\n    <div class=\"user flex\">\n        \n                    <img decoding=\"async\" src=\"https:\/\/wettbewerb-archiv.wir-tun-was-fuer-bienen.de\/archiv-2023\/wp-content\/themes\/bienen\/assets\/images\/avatar-placeholder.png\" style=\"border-radius: 30px;\" height=\"30\" width=\"30\">\n            Wohlf\u00fchloase Brunnenstube            <\/div>\n    \n    \n            <p class=\"categories meta\" style=\"width: 100%\"><span class=\"fa fa-tag\"\n                                                             aria-hidden=\"true\"><\/span> Privatg\u00e4rten gro\u00df (ab 500 m\u00b2)        <\/p>\n    \n            <p class=\"categories meta\" style=\"width: 100%\"><span class=\"fa fa-map-marker\"\n                                                             aria-hidden=\"true\"><\/span> Bayern        <\/p>\n    \n<\/article>\n   \n\t\t\n          <article id=\"post-109878\" class=\"et_pb_post post-109878 wtwfb_entry type-wtwfb_entry status-publish has-post-thumbnail hentry wtwfb_category-kommunale-flaechen wtwfb_region-rheinland-pfalz\">\n    <h2 class=\"entry-title\"><a href=\"https:\/\/wettbewerb-archiv.wir-tun-was-fuer-bienen.de\/archiv-2023\/eintrag\/2023-bluehwiesen-in-mainzer-weinbergen\/\">Bl\u00fchwiesen in Mainzer Weinbergen<\/a>\n    <\/h2>\n    <a href=\"https:\/\/wettbewerb-archiv.wir-tun-was-fuer-bienen.de\/archiv-2023\/eintrag\/2023-bluehwiesen-in-mainzer-weinbergen\/\">\n        <div class=\"bienen-entry-image\">\n            <img decoding=\"async\" width=\"400\" height=\"300\" src=\"https:\/\/wettbewerb-archiv.wir-tun-was-fuer-bienen.de\/archiv-2023\/wp-content\/uploads\/sites\/8\/2023\/07\/IMG_0646_klein-1-400x300.jpg\" class=\"attachment-bienen-grid-thumb size-bienen-grid-thumb wp-post-image\" alt=\"\" loading=\"lazy\" srcset=\"https:\/\/wettbewerb-archiv.wir-tun-was-fuer-bienen.de\/archiv-2023\/wp-content\/uploads\/sites\/8\/2023\/07\/IMG_0646_klein-1-400x300.jpg 400w, https:\/\/wettbewerb-archiv.wir-tun-was-fuer-bienen.de\/archiv-2023\/wp-content\/uploads\/sites\/8\/2023\/07\/IMG_0646_klein-1-768x576.jpg 768w, https:\/\/wettbewerb-archiv.wir-tun-was-fuer-bienen.de\/archiv-2023\/wp-content\/uploads\/sites\/8\/2023\/07\/IMG_0646_klein-1-1024x768.jpg 1024w, https:\/\/wettbewerb-archiv.wir-tun-was-fuer-bienen.de\/archiv-2023\/wp-content\/uploads\/sites\/8\/2023\/07\/IMG_0646_klein-1.jpg 1920w\" sizes=\"(max-width: 400px) 100vw, 400px\" \/>                    <\/div>\n    <\/a>\n\n    \n\n    <div class=\"user flex\">\n        \n                    <img decoding=\"async\" src=\"https:\/\/wettbewerb-archiv.wir-tun-was-fuer-bienen.de\/archiv-2023\/wp-content\/themes\/bienen\/assets\/images\/avatar-placeholder.png\" style=\"border-radius: 30px;\" height=\"30\" width=\"30\">\n            Gr\u00fcn- und Umweltamt Mainz            <\/div>\n    \n    \n            <p class=\"categories meta\" style=\"width: 100%\"><span class=\"fa fa-tag\"\n                                                             aria-hidden=\"true\"><\/span> Kommunale Fl\u00e4chen        <\/p>\n    \n            <p class=\"categories meta\" style=\"width: 100%\"><span class=\"fa fa-map-marker\"\n                                                             aria-hidden=\"true\"><\/span> Rheinland-Pfalz        <\/p>\n    \n<\/article>\n   \n\t\t\n          <article id=\"post-109854\" class=\"et_pb_post post-109854 wtwfb_entry type-wtwfb_entry status-publish has-post-thumbnail hentry wtwfb_category-schul-und-jugendclubgaerten wtwfb_region-berlin\">\n    <h2 class=\"entry-title\"><a href=\"https:\/\/wettbewerb-archiv.wir-tun-was-fuer-bienen.de\/archiv-2023\/eintrag\/2023-schulgarten-arndt-gymnasium\/\">Schulgarten Arndt-Gymnasium<\/a>\n    <\/h2>\n    <a href=\"https:\/\/wettbewerb-archiv.wir-tun-was-fuer-bienen.de\/archiv-2023\/eintrag\/2023-schulgarten-arndt-gymnasium\/\">\n        <div class=\"bienen-entry-image\">\n            <img decoding=\"async\" width=\"400\" height=\"300\" src=\"https:\/\/wettbewerb-archiv.wir-tun-was-fuer-bienen.de\/archiv-2023\/wp-content\/uploads\/sites\/8\/2023\/07\/20230607_121821-400x300.jpg\" class=\"attachment-bienen-grid-thumb size-bienen-grid-thumb wp-post-image\" alt=\"\" loading=\"lazy\" \/>                    <\/div>\n    <\/a>\n\n    \n\n    <div class=\"user flex\">\n        \n                    <img decoding=\"async\" src=\"https:\/\/wettbewerb-archiv.wir-tun-was-fuer-bienen.de\/archiv-2023\/wp-content\/themes\/bienen\/assets\/images\/avatar-placeholder.png\" style=\"border-radius: 30px;\" height=\"30\" width=\"30\">\n            Umwelt AG GreeninGreen            <\/div>\n    \n    \n            <p class=\"categories meta\" style=\"width: 100%\"><span class=\"fa fa-tag\"\n                                                             aria-hidden=\"true\"><\/span> Schulg\u00e4rten        <\/p>\n    \n            <p class=\"categories meta\" style=\"width: 100%\"><span class=\"fa fa-map-marker\"\n                                                             aria-hidden=\"true\"><\/span> Berlin        <\/p>\n    \n<\/article>\n   \n\t\t\n          <article id=\"post-109829\" class=\"et_pb_post post-109829 wtwfb_entry type-wtwfb_entry status-publish has-post-thumbnail hentry wtwfb_category-kommunale-flaechen wtwfb_region-bayern\">\n    <h2 class=\"entry-title\"><a href=\"https:\/\/wettbewerb-archiv.wir-tun-was-fuer-bienen.de\/archiv-2023\/eintrag\/2023-naturnahe-flaeche-auf-dem-friedhof-st-korona\/\">Naturnahe Fl\u00e4che auf dem Friedhof St. Korona<\/a>\n    <\/h2>\n    <a href=\"https:\/\/wettbewerb-archiv.wir-tun-was-fuer-bienen.de\/archiv-2023\/eintrag\/2023-naturnahe-flaeche-auf-dem-friedhof-st-korona\/\">\n        <div class=\"bienen-entry-image\">\n            <img decoding=\"async\" width=\"400\" height=\"300\" src=\"https:\/\/wettbewerb-archiv.wir-tun-was-fuer-bienen.de\/archiv-2023\/wp-content\/uploads\/sites\/8\/2023\/07\/Titelbild-5-400x300.jpg\" class=\"attachment-bienen-grid-thumb size-bienen-grid-thumb wp-post-image\" alt=\"\" loading=\"lazy\" \/>                    <\/div>\n    <\/a>\n\n    \n\n    <div class=\"user flex\">\n        \n                    <img decoding=\"async\" src=\"https:\/\/wettbewerb-archiv.wir-tun-was-fuer-bienen.de\/archiv-2023\/wp-content\/themes\/bienen\/assets\/images\/avatar-placeholder.png\" style=\"border-radius: 30px;\" height=\"30\" width=\"30\">\n            Stadtg\u00e4rtnerei Passau            <\/div>\n    \n    \n            <p class=\"categories meta\" style=\"width: 100%\"><span class=\"fa fa-tag\"\n                                                             aria-hidden=\"true\"><\/span> Kommunale Fl\u00e4chen        <\/p>\n    \n            <p class=\"categories meta\" style=\"width: 100%\"><span class=\"fa fa-map-marker\"\n                                                             aria-hidden=\"true\"><\/span> Bayern        <\/p>\n    \n<\/article>\n   \n\t\t\n          <article id=\"post-109704\" class=\"et_pb_post post-109704 wtwfb_entry type-wtwfb_entry status-publish has-post-thumbnail hentry wtwfb_category-kommunale-flaechen wtwfb_region-baden-wuerttemberg\">\n    <h2 class=\"entry-title\"><a href=\"https:\/\/wettbewerb-archiv.wir-tun-was-fuer-bienen.de\/archiv-2023\/eintrag\/2023-lebensturm-fuer-donaueschingen\/\">Lebensturm und Bl\u00fchwiese f\u00fcr Donaueschingen<\/a>\n    <\/h2>\n    <a href=\"https:\/\/wettbewerb-archiv.wir-tun-was-fuer-bienen.de\/archiv-2023\/eintrag\/2023-lebensturm-fuer-donaueschingen\/\">\n        <div class=\"bienen-entry-image\">\n            <img decoding=\"async\" width=\"400\" height=\"300\" src=\"https:\/\/wettbewerb-archiv.wir-tun-was-fuer-bienen.de\/archiv-2023\/wp-content\/uploads\/sites\/8\/2023\/07\/IMG_20230728_073812846_HDR-400x300.jpg\" class=\"attachment-bienen-grid-thumb size-bienen-grid-thumb wp-post-image\" alt=\"\" loading=\"lazy\" \/>                    <\/div>\n    <\/a>\n\n    \n\n    <div class=\"user flex\">\n        \n                    <img decoding=\"async\" src=\"https:\/\/wettbewerb-archiv.wir-tun-was-fuer-bienen.de\/archiv-2023\/wp-content\/themes\/bienen\/assets\/images\/avatar-placeholder.png\" style=\"border-radius: 30px;\" height=\"30\" width=\"30\">\n            LEV Schwarzwald-Baar-Kreis            <\/div>\n    \n    \n            <p class=\"categories meta\" style=\"width: 100%\"><span class=\"fa fa-tag\"\n                                                             aria-hidden=\"true\"><\/span> Kommunale Fl\u00e4chen        <\/p>\n    \n            <p class=\"categories meta\" style=\"width: 100%\"><span class=\"fa fa-map-marker\"\n                                                             aria-hidden=\"true\"><\/span> Baden-W\u00fcrttemberg        <\/p>\n    \n<\/article>\n   \n\t\t\n          <article id=\"post-109256\" class=\"et_pb_post post-109256 wtwfb_entry type-wtwfb_entry status-publish has-post-thumbnail hentry wtwfb_category-schul-und-jugendclubgaerten wtwfb_region-bayern\">\n    <h2 class=\"entry-title\"><a href=\"https:\/\/wettbewerb-archiv.wir-tun-was-fuer-bienen.de\/archiv-2023\/eintrag\/2023-oekologischere-gestaltung-des-schulgelaendes\/\">\u00d6kologischere Gestaltung des Schulgel\u00e4ndes<\/a>\n    <\/h2>\n    <a href=\"https:\/\/wettbewerb-archiv.wir-tun-was-fuer-bienen.de\/archiv-2023\/eintrag\/2023-oekologischere-gestaltung-des-schulgelaendes\/\">\n        <div class=\"bienen-entry-image\">\n            <img decoding=\"async\" width=\"400\" height=\"300\" src=\"https:\/\/wettbewerb-archiv.wir-tun-was-fuer-bienen.de\/archiv-2023\/wp-content\/uploads\/sites\/8\/2023\/07\/Titelbild-4-400x300.jpg\" class=\"attachment-bienen-grid-thumb size-bienen-grid-thumb wp-post-image\" alt=\"\" loading=\"lazy\" srcset=\"https:\/\/wettbewerb-archiv.wir-tun-was-fuer-bienen.de\/archiv-2023\/wp-content\/uploads\/sites\/8\/2023\/07\/Titelbild-4-400x300.jpg 400w, https:\/\/wettbewerb-archiv.wir-tun-was-fuer-bienen.de\/archiv-2023\/wp-content\/uploads\/sites\/8\/2023\/07\/Titelbild-4-768x576.jpg 768w, https:\/\/wettbewerb-archiv.wir-tun-was-fuer-bienen.de\/archiv-2023\/wp-content\/uploads\/sites\/8\/2023\/07\/Titelbild-4-1024x768.jpg 1024w, https:\/\/wettbewerb-archiv.wir-tun-was-fuer-bienen.de\/archiv-2023\/wp-content\/uploads\/sites\/8\/2023\/07\/Titelbild-4.jpg 1920w\" sizes=\"(max-width: 400px) 100vw, 400px\" \/>                    <\/div>\n    <\/a>\n\n    \n\n    <div class=\"user flex\">\n        \n                    <img decoding=\"async\" src=\"https:\/\/wettbewerb-archiv.wir-tun-was-fuer-bienen.de\/archiv-2023\/wp-content\/themes\/bienen\/assets\/images\/avatar-placeholder.png\" style=\"border-radius: 30px;\" height=\"30\" width=\"30\">\n            GS Heideck            <\/div>\n    \n    \n            <p class=\"categories meta\" style=\"width: 100%\"><span class=\"fa fa-tag\"\n                                                             aria-hidden=\"true\"><\/span> Schulg\u00e4rten        <\/p>\n    \n            <p class=\"categories meta\" style=\"width: 100%\"><span class=\"fa fa-map-marker\"\n                                                             aria-hidden=\"true\"><\/span> Bayern        <\/p>\n    \n<\/article>\n   \n\t\t\n          <article id=\"post-109083\" class=\"et_pb_post post-109083 wtwfb_entry type-wtwfb_entry status-publish has-post-thumbnail hentry wtwfb_category-kita-gaerten wtwfb_region-berlin\">\n    <h2 class=\"entry-title\"><a href=\"https:\/\/wettbewerb-archiv.wir-tun-was-fuer-bienen.de\/archiv-2023\/eintrag\/2023-wir-leben-mit-und-in-der-natur\/\">Wir leben mit und in der Natur<\/a>\n    <\/h2>\n    <a href=\"https:\/\/wettbewerb-archiv.wir-tun-was-fuer-bienen.de\/archiv-2023\/eintrag\/2023-wir-leben-mit-und-in-der-natur\/\">\n        <div class=\"bienen-entry-image\">\n            <img decoding=\"async\" width=\"400\" height=\"300\" src=\"https:\/\/wettbewerb-archiv.wir-tun-was-fuer-bienen.de\/archiv-2023\/wp-content\/uploads\/sites\/8\/2023\/07\/20230727_091455-400x300.jpg\" class=\"attachment-bienen-grid-thumb size-bienen-grid-thumb wp-post-image\" alt=\"\" loading=\"lazy\" srcset=\"https:\/\/wettbewerb-archiv.wir-tun-was-fuer-bienen.de\/archiv-2023\/wp-content\/uploads\/sites\/8\/2023\/07\/20230727_091455-400x300.jpg 400w, https:\/\/wettbewerb-archiv.wir-tun-was-fuer-bienen.de\/archiv-2023\/wp-content\/uploads\/sites\/8\/2023\/07\/20230727_091455-768x576.jpg 768w, https:\/\/wettbewerb-archiv.wir-tun-was-fuer-bienen.de\/archiv-2023\/wp-content\/uploads\/sites\/8\/2023\/07\/20230727_091455-1024x768.jpg 1024w, https:\/\/wettbewerb-archiv.wir-tun-was-fuer-bienen.de\/archiv-2023\/wp-content\/uploads\/sites\/8\/2023\/07\/20230727_091455.jpg 1920w\" sizes=\"(max-width: 400px) 100vw, 400px\" \/>                    <\/div>\n    <\/a>\n\n    \n\n    <div class=\"user flex\">\n        \n                    <img decoding=\"async\" src=\"https:\/\/wettbewerb-archiv.wir-tun-was-fuer-bienen.de\/archiv-2023\/wp-content\/themes\/bienen\/assets\/images\/avatar-placeholder.png\" style=\"border-radius: 30px;\" height=\"30\" width=\"30\">\n            Kita Kinderinsel            <\/div>\n    \n    \n            <p class=\"categories meta\" style=\"width: 100%\"><span class=\"fa fa-tag\"\n                                                             aria-hidden=\"true\"><\/span> Kita-G\u00e4rten        <\/p>\n    \n            <p class=\"categories meta\" style=\"width: 100%\"><span class=\"fa fa-map-marker\"\n                                                             aria-hidden=\"true\"><\/span> Berlin        <\/p>\n    \n<\/article>\n   \n\t\t\n          <article id=\"post-108909\" class=\"et_pb_post post-108909 wtwfb_entry type-wtwfb_entry status-publish has-post-thumbnail hentry wtwfb_category-privatgaerten-klein-500-m2 wtwfb_region-hessen\">\n    <h2 class=\"entry-title\"><a href=\"https:\/\/wettbewerb-archiv.wir-tun-was-fuer-bienen.de\/archiv-2023\/eintrag\/2023-insektenparadies\/\">Ein Insektenparadies entsteht&#8230;<\/a>\n    <\/h2>\n    <a href=\"https:\/\/wettbewerb-archiv.wir-tun-was-fuer-bienen.de\/archiv-2023\/eintrag\/2023-insektenparadies\/\">\n        <div class=\"bienen-entry-image\">\n            <img decoding=\"async\" width=\"400\" height=\"300\" src=\"https:\/\/wettbewerb-archiv.wir-tun-was-fuer-bienen.de\/archiv-2023\/wp-content\/uploads\/sites\/8\/2023\/07\/20230601_161828-400x300.jpg\" class=\"attachment-bienen-grid-thumb size-bienen-grid-thumb wp-post-image\" alt=\"\" loading=\"lazy\" \/>                    <\/div>\n    <\/a>\n\n    \n\n    <div class=\"user flex\">\n        \n                    <img decoding=\"async\" src=\"https:\/\/wettbewerb-archiv.wir-tun-was-fuer-bienen.de\/archiv-2023\/wp-content\/themes\/bienen\/assets\/images\/avatar-placeholder.png\" style=\"border-radius: 30px;\" height=\"30\" width=\"30\">\n            Lookintomygarden            <\/div>\n    \n    <p class=\"categories meta bienen-gewinner\"><span class=\"fa fa-trophy\"                                                              aria-hidden=\"true\"><\/span> Gewinner<\/p>\n            <p class=\"categories meta\" style=\"width: 100%\"><span class=\"fa fa-tag\"\n                                                             aria-hidden=\"true\"><\/span> Privatg\u00e4rten klein (bis 500 m2)        <\/p>\n    \n            <p class=\"categories meta\" style=\"width: 100%\"><span class=\"fa fa-map-marker\"\n                                                             aria-hidden=\"true\"><\/span> Hessen        <\/p>\n    \n<\/article>\n   \n\t\t\n          <article id=\"post-108784\" class=\"et_pb_post post-108784 wtwfb_entry type-wtwfb_entry status-publish has-post-thumbnail hentry wtwfb_category-privatgaerten-klein-500-m2 wtwfb_region-nordrhein-westfalen\">\n    <h2 class=\"entry-title\"><a href=\"https:\/\/wettbewerb-archiv.wir-tun-was-fuer-bienen.de\/archiv-2023\/eintrag\/2023-arnie-der-sonnenkoenig-der-sommer-selbst-komponiertes-lied-ueber-die-emotionalen-gefuehle-des-sommers\/\">Arnie-Der-Sonnenk\u00f6nig \/ Der Sommer (selbst komponierte...<\/a>\n    <\/h2>\n    <a href=\"https:\/\/wettbewerb-archiv.wir-tun-was-fuer-bienen.de\/archiv-2023\/eintrag\/2023-arnie-der-sonnenkoenig-der-sommer-selbst-komponiertes-lied-ueber-die-emotionalen-gefuehle-des-sommers\/\">\n        <div class=\"bienen-entry-image\">\n            <img decoding=\"async\" width=\"400\" height=\"300\" src=\"https:\/\/wettbewerb-archiv.wir-tun-was-fuer-bienen.de\/archiv-2023\/wp-content\/uploads\/sites\/8\/2023\/07\/Arnie-Der-SonnwnkoenigArnie-Sprenger_im-Garten_Foto-A.Sprenger-400x300.jpg\" class=\"attachment-bienen-grid-thumb size-bienen-grid-thumb wp-post-image\" alt=\"\" loading=\"lazy\" \/>                    <\/div>\n    <\/a>\n\n    \n\n    <div class=\"user flex\">\n        \n                    <img decoding=\"async\" src=\"https:\/\/wettbewerb-archiv.wir-tun-was-fuer-bienen.de\/archiv-2023\/wp-content\/themes\/bienen\/assets\/images\/avatar-placeholder.png\" style=\"border-radius: 30px;\" height=\"30\" width=\"30\">\n            Arnie-Der-Sonnenk\u00f6nig            <\/div>\n            <p class=\"categories meta\" style=\"color: #c32731; font-weight: bold; width: 100%\"><span class=\"fa fa-music\"\n                                                                                                aria-hidden=\"true\"><\/span> Extrapreis Musik\n            f\u00fcr Bienenschutz\n        <\/p>\n    \n    \n            <p class=\"categories meta\" style=\"width: 100%\"><span class=\"fa fa-tag\"\n                                                             aria-hidden=\"true\"><\/span> Privatg\u00e4rten klein (bis 500 m2)        <\/p>\n    \n            <p class=\"categories meta\" style=\"width: 100%\"><span class=\"fa fa-map-marker\"\n                                                             aria-hidden=\"true\"><\/span> Nordrhein-Westfalen        <\/p>\n    \n<\/article>\n   \n\t\t\n          <article id=\"post-108720\" class=\"et_pb_post post-108720 wtwfb_entry type-wtwfb_entry status-publish has-post-thumbnail hentry wtwfb_category-bestehende-naturgaerten wtwfb_region-nordrhein-westfalen\">\n    <h2 class=\"entry-title\"><a href=\"https:\/\/wettbewerb-archiv.wir-tun-was-fuer-bienen.de\/archiv-2023\/eintrag\/2023-projekt-bienenwiese-alter-bauernhof\/\">Projekt Bienenwiese \u201eAlter Bauernhof\u201c<\/a>\n    <\/h2>\n    <a href=\"https:\/\/wettbewerb-archiv.wir-tun-was-fuer-bienen.de\/archiv-2023\/eintrag\/2023-projekt-bienenwiese-alter-bauernhof\/\">\n        <div class=\"bienen-entry-image\">\n            <img decoding=\"async\" width=\"400\" height=\"300\" src=\"https:\/\/wettbewerb-archiv.wir-tun-was-fuer-bienen.de\/archiv-2023\/wp-content\/uploads\/sites\/8\/2023\/07\/89A7A088-7195-4922-BAB6-E71968AD279C-400x300.jpeg\" class=\"attachment-bienen-grid-thumb size-bienen-grid-thumb wp-post-image\" alt=\"\" loading=\"lazy\" \/>                    <\/div>\n    <\/a>\n\n    \n\n    <div class=\"user flex\">\n        \n                    <img decoding=\"async\" src=\"https:\/\/wettbewerb-archiv.wir-tun-was-fuer-bienen.de\/archiv-2023\/wp-content\/themes\/bienen\/assets\/images\/avatar-placeholder.png\" style=\"border-radius: 30px;\" height=\"30\" width=\"30\">\n            Projekt Bienenwiese \u201eAlter Bauernhof\u201c            <\/div>\n    \n    \n            <p class=\"categories meta\" style=\"width: 100%\"><span class=\"fa fa-tag\"\n                                                             aria-hidden=\"true\"><\/span> Bestehende Naturg\u00e4rten (Pflege und Infoarbeit)        <\/p>\n    \n            <p class=\"categories meta\" style=\"width: 100%\"><span class=\"fa fa-map-marker\"\n                                                             aria-hidden=\"true\"><\/span> Nordrhein-Westfalen        <\/p>\n    \n<\/article>\n   \n\t\t\n          <article id=\"post-108569\" class=\"et_pb_post post-108569 wtwfb_entry type-wtwfb_entry status-publish has-post-thumbnail hentry wtwfb_category-schul-und-jugendclubgaerten wtwfb_region-sachsen\">\n    <h2 class=\"entry-title\"><a href=\"https:\/\/wettbewerb-archiv.wir-tun-was-fuer-bienen.de\/archiv-2023\/eintrag\/2023-aus-einem-leerstehenden-schrebergarten-wird-der-schulgarten-der-emil-oberschule-schneeberg\/\">Aus einem leerstehenden Schrebergarten wird der Schulga...<\/a>\n    <\/h2>\n    <a href=\"https:\/\/wettbewerb-archiv.wir-tun-was-fuer-bienen.de\/archiv-2023\/eintrag\/2023-aus-einem-leerstehenden-schrebergarten-wird-der-schulgarten-der-emil-oberschule-schneeberg\/\">\n        <div class=\"bienen-entry-image\">\n            <img decoding=\"async\" width=\"400\" height=\"300\" src=\"https:\/\/wettbewerb-archiv.wir-tun-was-fuer-bienen.de\/archiv-2023\/wp-content\/uploads\/sites\/8\/2023\/07\/Schulgarten-400x300.jpg\" class=\"attachment-bienen-grid-thumb size-bienen-grid-thumb wp-post-image\" alt=\"\" loading=\"lazy\" \/>                    <\/div>\n    <\/a>\n\n    \n\n    <div class=\"user flex\">\n        \n                    <img decoding=\"async\" src=\"https:\/\/wettbewerb-archiv.wir-tun-was-fuer-bienen.de\/archiv-2023\/wp-content\/themes\/bienen\/assets\/images\/avatar-placeholder.png\" style=\"border-radius: 30px;\" height=\"30\" width=\"30\">\n            Schulgarten der EMIL-Oberschule Schneeberg            <\/div>\n    \n    \n            <p class=\"categories meta\" style=\"width: 100%\"><span class=\"fa fa-tag\"\n                                                             aria-hidden=\"true\"><\/span> Schulg\u00e4rten        <\/p>\n    \n            <p class=\"categories meta\" style=\"width: 100%\"><span class=\"fa fa-map-marker\"\n                                                             aria-hidden=\"true\"><\/span> Sachsen        <\/p>\n    \n<\/article>\n   \n\t\t\n          <article id=\"post-108394\" class=\"et_pb_post post-108394 wtwfb_entry type-wtwfb_entry status-publish has-post-thumbnail hentry wtwfb_category-vereinsgaerten-liegenschaften-von-verwaltung-kirche-etc-sonstige wtwfb_region-bayern\">\n    <h2 class=\"entry-title\"><a href=\"https:\/\/wettbewerb-archiv.wir-tun-was-fuer-bienen.de\/archiv-2023\/eintrag\/2023-renaturierung-des-pflanzen-labyrinths-im-st-josefs-stift\/\">Renaturierung unseres Pflanzen-Labyrinth<\/a>\n    <\/h2>\n    <a href=\"https:\/\/wettbewerb-archiv.wir-tun-was-fuer-bienen.de\/archiv-2023\/eintrag\/2023-renaturierung-des-pflanzen-labyrinths-im-st-josefs-stift\/\">\n        <div class=\"bienen-entry-image\">\n            <img decoding=\"async\" width=\"400\" height=\"300\" src=\"https:\/\/wettbewerb-archiv.wir-tun-was-fuer-bienen.de\/archiv-2023\/wp-content\/uploads\/sites\/8\/2023\/07\/P9030059-400x300.jpg\" class=\"attachment-bienen-grid-thumb size-bienen-grid-thumb wp-post-image\" alt=\"\" loading=\"lazy\" \/>                    <\/div>\n    <\/a>\n\n    \n\n    <div class=\"user flex\">\n        \n                    <img decoding=\"async\" src=\"https:\/\/wettbewerb-archiv.wir-tun-was-fuer-bienen.de\/archiv-2023\/wp-content\/themes\/bienen\/assets\/images\/avatar-placeholder.png\" style=\"border-radius: 30px;\" height=\"30\" width=\"30\">\n            Die Pflanzenlabyrinth-Gruppe            <\/div>\n    \n    \n            <p class=\"categories meta\" style=\"width: 100%\"><span class=\"fa fa-tag\"\n                                                             aria-hidden=\"true\"><\/span> Vereinsg\u00e4rten, Unis, Liegenschaften von Verwaltung, Kirche etc, Sonstige        <\/p>\n    \n            <p class=\"categories meta\" style=\"width: 100%\"><span class=\"fa fa-map-marker\"\n                                                             aria-hidden=\"true\"><\/span> Bayern        <\/p>\n    \n<\/article>\n   \n\t\t\n          <article id=\"post-108382\" class=\"et_pb_post post-108382 wtwfb_entry type-wtwfb_entry status-publish has-post-thumbnail hentry wtwfb_category-privatgaerten-klein-500-m2 wtwfb_region-hessen\">\n    <h2 class=\"entry-title\"><a href=\"https:\/\/wettbewerb-archiv.wir-tun-was-fuer-bienen.de\/archiv-2023\/eintrag\/2023-garten-fuer-faule\/\">Garten f\u00fcr Faule !?<\/a>\n    <\/h2>\n    <a href=\"https:\/\/wettbewerb-archiv.wir-tun-was-fuer-bienen.de\/archiv-2023\/eintrag\/2023-garten-fuer-faule\/\">\n        <div class=\"bienen-entry-image\">\n            <img decoding=\"async\" width=\"400\" height=\"300\" src=\"https:\/\/wettbewerb-archiv.wir-tun-was-fuer-bienen.de\/archiv-2023\/wp-content\/uploads\/sites\/8\/2023\/07\/20230719_214451_054834-400x300.jpg\" class=\"attachment-bienen-grid-thumb size-bienen-grid-thumb wp-post-image\" alt=\"\" loading=\"lazy\" \/>                    <\/div>\n    <\/a>\n\n    \n\n    <div class=\"user flex\">\n        \n                    <img decoding=\"async\" src=\"https:\/\/wettbewerb-archiv.wir-tun-was-fuer-bienen.de\/archiv-2023\/wp-content\/themes\/bienen\/assets\/images\/avatar-placeholder.png\" style=\"border-radius: 30px;\" height=\"30\" width=\"30\">\n            Gartenprobinsa            <\/div>\n    \n    \n            <p class=\"categories meta\" style=\"width: 100%\"><span class=\"fa fa-tag\"\n                                                             aria-hidden=\"true\"><\/span> Privatg\u00e4rten klein (bis 500 m2)        <\/p>\n    \n            <p class=\"categories meta\" style=\"width: 100%\"><span class=\"fa fa-map-marker\"\n                                                             aria-hidden=\"true\"><\/span> Hessen        <\/p>\n    \n<\/article>\n   \n\t\t\n          <article id=\"post-108332\" class=\"et_pb_post post-108332 wtwfb_entry type-wtwfb_entry status-publish has-post-thumbnail hentry wtwfb_category-schul-und-jugendclubgaerten wtwfb_region-baden-wuerttemberg\">\n    <h2 class=\"entry-title\"><a href=\"https:\/\/wettbewerb-archiv.wir-tun-was-fuer-bienen.de\/archiv-2023\/eintrag\/2023-bss-summt-pflanzwettbewerb-2023\/\">BSS summt! Pflanzwettbewerb 2023<\/a>\n    <\/h2>\n    <a href=\"https:\/\/wettbewerb-archiv.wir-tun-was-fuer-bienen.de\/archiv-2023\/eintrag\/2023-bss-summt-pflanzwettbewerb-2023\/\">\n        <div class=\"bienen-entry-image\">\n            <img decoding=\"async\" width=\"400\" height=\"300\" src=\"https:\/\/wettbewerb-archiv.wir-tun-was-fuer-bienen.de\/archiv-2023\/wp-content\/uploads\/sites\/8\/2023\/07\/IMG_0880-400x300.jpeg\" class=\"attachment-bienen-grid-thumb size-bienen-grid-thumb wp-post-image\" alt=\"\" loading=\"lazy\" srcset=\"https:\/\/wettbewerb-archiv.wir-tun-was-fuer-bienen.de\/archiv-2023\/wp-content\/uploads\/sites\/8\/2023\/07\/IMG_0880-400x300.jpeg 400w, https:\/\/wettbewerb-archiv.wir-tun-was-fuer-bienen.de\/archiv-2023\/wp-content\/uploads\/sites\/8\/2023\/07\/IMG_0880-768x576.jpeg 768w, https:\/\/wettbewerb-archiv.wir-tun-was-fuer-bienen.de\/archiv-2023\/wp-content\/uploads\/sites\/8\/2023\/07\/IMG_0880-1024x768.jpeg 1024w, https:\/\/wettbewerb-archiv.wir-tun-was-fuer-bienen.de\/archiv-2023\/wp-content\/uploads\/sites\/8\/2023\/07\/IMG_0880.jpeg 1920w\" sizes=\"(max-width: 400px) 100vw, 400px\" \/>                    <\/div>\n    <\/a>\n\n    \n\n    <div class=\"user flex\">\n        \n                    <img decoding=\"async\" src=\"https:\/\/wettbewerb-archiv.wir-tun-was-fuer-bienen.de\/archiv-2023\/wp-content\/themes\/bienen\/assets\/images\/avatar-placeholder.png\" style=\"border-radius: 30px;\" height=\"30\" width=\"30\">\n            Bachschloss-Schule B\u00fchl            <\/div>\n    \n    \n            <p class=\"categories meta\" style=\"width: 100%\"><span class=\"fa fa-tag\"\n                                                             aria-hidden=\"true\"><\/span> Schulg\u00e4rten        <\/p>\n    \n            <p class=\"categories meta\" style=\"width: 100%\"><span class=\"fa fa-map-marker\"\n                                                             aria-hidden=\"true\"><\/span> Baden-W\u00fcrttemberg        <\/p>\n    \n<\/article>\n   \n\t\t\n          <article id=\"post-108117\" class=\"et_pb_post post-108117 wtwfb_entry type-wtwfb_entry status-publish has-post-thumbnail hentry wtwfb_category-privatgaerten-gross-500-m wtwfb_region-bayern\">\n    <h2 class=\"entry-title\"><a href=\"https:\/\/wettbewerb-archiv.wir-tun-was-fuer-bienen.de\/archiv-2023\/eintrag\/2023-oma-biggi-und-die-kinder-vom-dorf\/\">Oma Biggi und die Kinder vom Dorf<\/a>\n    <\/h2>\n    <a href=\"https:\/\/wettbewerb-archiv.wir-tun-was-fuer-bienen.de\/archiv-2023\/eintrag\/2023-oma-biggi-und-die-kinder-vom-dorf\/\">\n        <div class=\"bienen-entry-image\">\n            <img decoding=\"async\" width=\"400\" height=\"300\" src=\"https:\/\/wettbewerb-archiv.wir-tun-was-fuer-bienen.de\/archiv-2023\/wp-content\/uploads\/sites\/8\/2023\/07\/IMG_8569-400x300.jpg\" class=\"attachment-bienen-grid-thumb size-bienen-grid-thumb wp-post-image\" alt=\"\" loading=\"lazy\" srcset=\"https:\/\/wettbewerb-archiv.wir-tun-was-fuer-bienen.de\/archiv-2023\/wp-content\/uploads\/sites\/8\/2023\/07\/IMG_8569-400x300.jpg 400w, https:\/\/wettbewerb-archiv.wir-tun-was-fuer-bienen.de\/archiv-2023\/wp-content\/uploads\/sites\/8\/2023\/07\/IMG_8569-768x576.jpg 768w, https:\/\/wettbewerb-archiv.wir-tun-was-fuer-bienen.de\/archiv-2023\/wp-content\/uploads\/sites\/8\/2023\/07\/IMG_8569-1024x768.jpg 1024w, https:\/\/wettbewerb-archiv.wir-tun-was-fuer-bienen.de\/archiv-2023\/wp-content\/uploads\/sites\/8\/2023\/07\/IMG_8569.jpg 1920w\" sizes=\"(max-width: 400px) 100vw, 400px\" \/>                    <\/div>\n    <\/a>\n\n    \n\n    <div class=\"user flex\">\n        \n                    <img decoding=\"async\" src=\"https:\/\/wettbewerb-archiv.wir-tun-was-fuer-bienen.de\/archiv-2023\/wp-content\/themes\/bienen\/assets\/images\/avatar-placeholder.png\" style=\"border-radius: 30px;\" height=\"30\" width=\"30\">\n            Inselfrei            <\/div>\n    \n    \n            <p class=\"categories meta\" style=\"width: 100%\"><span class=\"fa fa-tag\"\n                                                             aria-hidden=\"true\"><\/span> Privatg\u00e4rten gro\u00df (ab 500 m\u00b2)        <\/p>\n    \n            <p class=\"categories meta\" style=\"width: 100%\"><span class=\"fa fa-map-marker\"\n                                                             aria-hidden=\"true\"><\/span> Bayern        <\/p>\n    \n<\/article>\n   \n\t\t\n          <article id=\"post-107865\" class=\"et_pb_post post-107865 wtwfb_entry type-wtwfb_entry status-publish has-post-thumbnail hentry wtwfb_category-kleingartenparzellen wtwfb_region-sachsen\">\n    <h2 class=\"entry-title\"><a href=\"https:\/\/wettbewerb-archiv.wir-tun-was-fuer-bienen.de\/archiv-2023\/eintrag\/2023-bluehende-gemeinschaftsflaeche\/\">Bl\u00fchende Gemeinschaftsfl\u00e4che<\/a>\n    <\/h2>\n    <a href=\"https:\/\/wettbewerb-archiv.wir-tun-was-fuer-bienen.de\/archiv-2023\/eintrag\/2023-bluehende-gemeinschaftsflaeche\/\">\n        <div class=\"bienen-entry-image\">\n            <img decoding=\"async\" width=\"400\" height=\"300\" src=\"https:\/\/wettbewerb-archiv.wir-tun-was-fuer-bienen.de\/archiv-2023\/wp-content\/uploads\/sites\/8\/2023\/07\/Bluehstrecke_Gemeinschaftsflaeche_klein-400x300.jpg\" class=\"attachment-bienen-grid-thumb size-bienen-grid-thumb wp-post-image\" alt=\"\" loading=\"lazy\" \/>                    <\/div>\n    <\/a>\n\n    \n\n    <div class=\"user flex\">\n        \n                    <img decoding=\"async\" src=\"https:\/\/wettbewerb-archiv.wir-tun-was-fuer-bienen.de\/archiv-2023\/wp-content\/themes\/bienen\/assets\/images\/avatar-placeholder.png\" style=\"border-radius: 30px;\" height=\"30\" width=\"30\">\n            KGV \"ARONIA\" e. V.            <\/div>\n    \n    <p class=\"categories meta bienen-gewinner\"><span class=\"fa fa-trophy\"                                                              aria-hidden=\"true\"><\/span> Gewinner<\/p>\n            <p class=\"categories meta\" style=\"width: 100%\"><span class=\"fa fa-tag\"\n                                                             aria-hidden=\"true\"><\/span> Kleingartenparzellen        <\/p>\n    \n            <p class=\"categories meta\" style=\"width: 100%\"><span class=\"fa fa-map-marker\"\n                                                             aria-hidden=\"true\"><\/span> Sachsen        <\/p>\n    \n<\/article>\n   \n\t\t\n          <article id=\"post-107465\" class=\"et_pb_post post-107465 wtwfb_entry type-wtwfb_entry status-publish has-post-thumbnail hentry wtwfb_category-firmengaerten wtwfb_region-nordrhein-westfalen\">\n    <h2 class=\"entry-title\"><a href=\"https:\/\/wettbewerb-archiv.wir-tun-was-fuer-bienen.de\/archiv-2023\/eintrag\/2023-feldwerk-regionaler-artenschutz-sichtbar-und-erlebbar\/\">Feldwerk &#8211; Regionaler Artenschutz sichtbar und erlebbar<\/a>\n    <\/h2>\n    <a href=\"https:\/\/wettbewerb-archiv.wir-tun-was-fuer-bienen.de\/archiv-2023\/eintrag\/2023-feldwerk-regionaler-artenschutz-sichtbar-und-erlebbar\/\">\n        <div class=\"bienen-entry-image\">\n            <img decoding=\"async\" width=\"400\" height=\"300\" src=\"https:\/\/wettbewerb-archiv.wir-tun-was-fuer-bienen.de\/archiv-2023\/wp-content\/uploads\/sites\/8\/2023\/07\/image0-400x300.jpeg\" class=\"attachment-bienen-grid-thumb size-bienen-grid-thumb wp-post-image\" alt=\"\" loading=\"lazy\" \/>                    <\/div>\n    <\/a>\n\n    \n\n    <div class=\"user flex\">\n        \n                    <img decoding=\"async\" src=\"https:\/\/wettbewerb-archiv.wir-tun-was-fuer-bienen.de\/archiv-2023\/wp-content\/themes\/bienen\/assets\/images\/avatar-placeholder.png\" style=\"border-radius: 30px;\" height=\"30\" width=\"30\">\n            Feldwerk - Sei ein Held, bestell ein Feld!            <\/div>\n    \n    <p class=\"categories meta bienen-gewinner\"><span class=\"fa fa-trophy\"                                                              aria-hidden=\"true\"><\/span> Gewinner<\/p>\n            <p class=\"categories meta\" style=\"width: 100%\"><span class=\"fa fa-tag\"\n                                                             aria-hidden=\"true\"><\/span> Firmeng\u00e4rten        <\/p>\n    \n            <p class=\"categories meta\" style=\"width: 100%\"><span class=\"fa fa-map-marker\"\n                                                             aria-hidden=\"true\"><\/span> Nordrhein-Westfalen        <\/p>\n    \n<\/article>\n   \n\t\t\n          <article id=\"post-107402\" class=\"et_pb_post post-107402 wtwfb_entry type-wtwfb_entry status-publish has-post-thumbnail hentry wtwfb_category-privatgaerten-klein-500-m2 wtwfb_region-niedersachsen\">\n    <h2 class=\"entry-title\"><a href=\"https:\/\/wettbewerb-archiv.wir-tun-was-fuer-bienen.de\/archiv-2023\/eintrag\/2023-kleiner-chaosgarten\/\">Kleiner Chaosgarten<\/a>\n    <\/h2>\n    <a href=\"https:\/\/wettbewerb-archiv.wir-tun-was-fuer-bienen.de\/archiv-2023\/eintrag\/2023-kleiner-chaosgarten\/\">\n        <div class=\"bienen-entry-image\">\n            <img decoding=\"async\" width=\"400\" height=\"300\" src=\"https:\/\/wettbewerb-archiv.wir-tun-was-fuer-bienen.de\/archiv-2023\/wp-content\/uploads\/sites\/8\/2023\/07\/IMG_0309-400x300.jpeg\" class=\"attachment-bienen-grid-thumb size-bienen-grid-thumb wp-post-image\" alt=\"\" loading=\"lazy\" \/>                    <\/div>\n    <\/a>\n\n    \n\n    <div class=\"user flex\">\n        \n                    <img decoding=\"async\" src=\"https:\/\/wettbewerb-archiv.wir-tun-was-fuer-bienen.de\/archiv-2023\/wp-content\/themes\/bienen\/assets\/images\/avatar-placeholder.png\" style=\"border-radius: 30px;\" height=\"30\" width=\"30\">\n            Kleiner Chaosgarten            <\/div>\n    \n    \n            <p class=\"categories meta\" style=\"width: 100%\"><span class=\"fa fa-tag\"\n                                                             aria-hidden=\"true\"><\/span> Privatg\u00e4rten klein (bis 500 m2)        <\/p>\n    \n            <p class=\"categories meta\" style=\"width: 100%\"><span class=\"fa fa-map-marker\"\n                                                             aria-hidden=\"true\"><\/span> Niedersachsen        <\/p>\n    \n<\/article>\n   \n\t\t\n          <article id=\"post-107369\" class=\"et_pb_post post-107369 wtwfb_entry type-wtwfb_entry status-publish has-post-thumbnail hentry wtwfb_category-kommunale-flaechen wtwfb_region-rheinland-pfalz\">\n    <h2 class=\"entry-title\"><a href=\"https:\/\/wettbewerb-archiv.wir-tun-was-fuer-bienen.de\/archiv-2023\/eintrag\/2023-bluehwiesen-versuchsstreifen-fuer-mainz\/\">Bl\u00fchwiesen-Versuchsstreifen<\/a>\n    <\/h2>\n    <a href=\"https:\/\/wettbewerb-archiv.wir-tun-was-fuer-bienen.de\/archiv-2023\/eintrag\/2023-bluehwiesen-versuchsstreifen-fuer-mainz\/\">\n        <div class=\"bienen-entry-image\">\n            <img decoding=\"async\" width=\"400\" height=\"300\" src=\"https:\/\/wettbewerb-archiv.wir-tun-was-fuer-bienen.de\/archiv-2023\/wp-content\/uploads\/sites\/8\/2023\/07\/20210610_161619-400x300.jpg\" class=\"attachment-bienen-grid-thumb size-bienen-grid-thumb wp-post-image\" alt=\"\" loading=\"lazy\" srcset=\"https:\/\/wettbewerb-archiv.wir-tun-was-fuer-bienen.de\/archiv-2023\/wp-content\/uploads\/sites\/8\/2023\/07\/20210610_161619-400x300.jpg 400w, https:\/\/wettbewerb-archiv.wir-tun-was-fuer-bienen.de\/archiv-2023\/wp-content\/uploads\/sites\/8\/2023\/07\/20210610_161619-768x576.jpg 768w, https:\/\/wettbewerb-archiv.wir-tun-was-fuer-bienen.de\/archiv-2023\/wp-content\/uploads\/sites\/8\/2023\/07\/20210610_161619-1024x768.jpg 1024w, https:\/\/wettbewerb-archiv.wir-tun-was-fuer-bienen.de\/archiv-2023\/wp-content\/uploads\/sites\/8\/2023\/07\/20210610_161619.jpg 1920w\" sizes=\"(max-width: 400px) 100vw, 400px\" \/>                    <\/div>\n    <\/a>\n\n    \n\n    <div class=\"user flex\">\n        \n                    <img decoding=\"async\" src=\"https:\/\/wettbewerb-archiv.wir-tun-was-fuer-bienen.de\/archiv-2023\/wp-content\/themes\/bienen\/assets\/images\/avatar-placeholder.png\" style=\"border-radius: 30px;\" height=\"30\" width=\"30\">\n            Gr\u00fcn- und Umweltamt Mainz            <\/div>\n    \n    \n            <p class=\"categories meta\" style=\"width: 100%\"><span class=\"fa fa-tag\"\n                                                             aria-hidden=\"true\"><\/span> Kommunale Fl\u00e4chen        <\/p>\n    \n            <p class=\"categories meta\" style=\"width: 100%\"><span class=\"fa fa-map-marker\"\n                                                             aria-hidden=\"true\"><\/span> Rheinland-Pfalz        <\/p>\n    \n<\/article>\n   \n\t\t\n          <article id=\"post-107220\" class=\"et_pb_post post-107220 wtwfb_entry type-wtwfb_entry status-publish has-post-thumbnail hentry wtwfb_category-kommunale-flaechen wtwfb_region-bayern\">\n    <h2 class=\"entry-title\"><a href=\"https:\/\/wettbewerb-archiv.wir-tun-was-fuer-bienen.de\/archiv-2023\/eintrag\/2023-parkwildnis-haar\/\">Parkwildnis-Haar<\/a>\n    <\/h2>\n    <a href=\"https:\/\/wettbewerb-archiv.wir-tun-was-fuer-bienen.de\/archiv-2023\/eintrag\/2023-parkwildnis-haar\/\">\n        <div class=\"bienen-entry-image\">\n            <img decoding=\"async\" width=\"400\" height=\"300\" src=\"https:\/\/wettbewerb-archiv.wir-tun-was-fuer-bienen.de\/archiv-2023\/wp-content\/uploads\/sites\/8\/2023\/07\/start-400x300.jpeg\" class=\"attachment-bienen-grid-thumb size-bienen-grid-thumb wp-post-image\" alt=\"\" loading=\"lazy\" \/>                    <\/div>\n    <\/a>\n\n    \n\n    <div class=\"user flex\">\n        \n                    <img decoding=\"async\" src=\"https:\/\/wettbewerb-archiv.wir-tun-was-fuer-bienen.de\/archiv-2023\/wp-content\/themes\/bienen\/assets\/images\/avatar-placeholder.png\" style=\"border-radius: 30px;\" height=\"30\" width=\"30\">\n            Parkwildnis Haar            <\/div>\n    \n    <p class=\"categories meta bienen-gewinner\"><span class=\"fa fa-trophy\"                                                              aria-hidden=\"true\"><\/span> Gewinner<\/p>\n            <p class=\"categories meta\" style=\"width: 100%\"><span class=\"fa fa-tag\"\n                                                             aria-hidden=\"true\"><\/span> Kommunale Fl\u00e4chen        <\/p>\n    \n            <p class=\"categories meta\" style=\"width: 100%\"><span class=\"fa fa-map-marker\"\n                                                             aria-hidden=\"true\"><\/span> Bayern        <\/p>\n    \n<\/article>\n   \n\t\t\n          <article id=\"post-106845\" class=\"et_pb_post post-106845 wtwfb_entry type-wtwfb_entry status-publish has-post-thumbnail hentry wtwfb_category-privatgaerten-gross-500-m wtwfb_region-baden-wuerttemberg\">\n    <h2 class=\"entry-title\"><a href=\"https:\/\/wettbewerb-archiv.wir-tun-was-fuer-bienen.de\/archiv-2023\/eintrag\/2023-mein-wildbienen-garten\/\">Mein Wildbienen Garten<\/a>\n    <\/h2>\n    <a href=\"https:\/\/wettbewerb-archiv.wir-tun-was-fuer-bienen.de\/archiv-2023\/eintrag\/2023-mein-wildbienen-garten\/\">\n        <div class=\"bienen-entry-image\">\n            <img decoding=\"async\" width=\"400\" height=\"300\" src=\"https:\/\/wettbewerb-archiv.wir-tun-was-fuer-bienen.de\/archiv-2023\/wp-content\/uploads\/sites\/8\/2023\/07\/IMG_9677-400x300.jpeg\" class=\"attachment-bienen-grid-thumb size-bienen-grid-thumb wp-post-image\" alt=\"\" loading=\"lazy\" \/>                    <\/div>\n    <\/a>\n\n    \n\n    <div class=\"user flex\">\n        \n                    <img decoding=\"async\" src=\"https:\/\/wettbewerb-archiv.wir-tun-was-fuer-bienen.de\/archiv-2023\/wp-content\/themes\/bienen\/assets\/images\/avatar-placeholder.png\" style=\"border-radius: 30px;\" height=\"30\" width=\"30\">\n            Imkerei schlossblick            <\/div>\n    \n    \n            <p class=\"categories meta\" style=\"width: 100%\"><span class=\"fa fa-tag\"\n                                                             aria-hidden=\"true\"><\/span> Privatg\u00e4rten gro\u00df (ab 500 m\u00b2)        <\/p>\n    \n            <p class=\"categories meta\" style=\"width: 100%\"><span class=\"fa fa-map-marker\"\n                                                             aria-hidden=\"true\"><\/span> Baden-W\u00fcrttemberg        <\/p>\n    \n<\/article>\n   \n\t\t\n          <article id=\"post-106805\" class=\"et_pb_post post-106805 wtwfb_entry type-wtwfb_entry status-publish has-post-thumbnail hentry wtwfb_category-schul-und-jugendclubgaerten wtwfb_region-baden-wuerttemberg\">\n    <h2 class=\"entry-title\"><a href=\"https:\/\/wettbewerb-archiv.wir-tun-was-fuer-bienen.de\/archiv-2023\/eintrag\/2023-wildbienen-ein-zuhause-geben-wildbienenprojekt-im-kurpark-bad-duerrheim\/\">Wildbienen ein Zuhause geben &#8211; Wildbienenprojekt ...<\/a>\n    <\/h2>\n    <a href=\"https:\/\/wettbewerb-archiv.wir-tun-was-fuer-bienen.de\/archiv-2023\/eintrag\/2023-wildbienen-ein-zuhause-geben-wildbienenprojekt-im-kurpark-bad-duerrheim\/\">\n        <div class=\"bienen-entry-image\">\n            <img decoding=\"async\" width=\"400\" height=\"300\" src=\"https:\/\/wettbewerb-archiv.wir-tun-was-fuer-bienen.de\/archiv-2023\/wp-content\/uploads\/sites\/8\/2023\/07\/1687183839596-400x300.jpg\" class=\"attachment-bienen-grid-thumb size-bienen-grid-thumb wp-post-image\" alt=\"\" loading=\"lazy\" srcset=\"https:\/\/wettbewerb-archiv.wir-tun-was-fuer-bienen.de\/archiv-2023\/wp-content\/uploads\/sites\/8\/2023\/07\/1687183839596-400x300.jpg 400w, https:\/\/wettbewerb-archiv.wir-tun-was-fuer-bienen.de\/archiv-2023\/wp-content\/uploads\/sites\/8\/2023\/07\/1687183839596-768x575.jpg 768w, https:\/\/wettbewerb-archiv.wir-tun-was-fuer-bienen.de\/archiv-2023\/wp-content\/uploads\/sites\/8\/2023\/07\/1687183839596-1024x766.jpg 1024w, https:\/\/wettbewerb-archiv.wir-tun-was-fuer-bienen.de\/archiv-2023\/wp-content\/uploads\/sites\/8\/2023\/07\/1687183839596.jpg 1160w\" sizes=\"(max-width: 400px) 100vw, 400px\" \/>                    <\/div>\n    <\/a>\n\n    \n\n    <div class=\"user flex\">\n        \n                    <img decoding=\"async\" src=\"https:\/\/wettbewerb-archiv.wir-tun-was-fuer-bienen.de\/archiv-2023\/wp-content\/themes\/bienen\/assets\/images\/avatar-placeholder.png\" style=\"border-radius: 30px;\" height=\"30\" width=\"30\">\n            Grund-und Werkrealschule Bad D\u00fcrrheim, Klasse 4b            <\/div>\n    \n    \n            <p class=\"categories meta\" style=\"width: 100%\"><span class=\"fa fa-tag\"\n                                                             aria-hidden=\"true\"><\/span> Schulg\u00e4rten        <\/p>\n    \n            <p class=\"categories meta\" style=\"width: 100%\"><span class=\"fa fa-map-marker\"\n                                                             aria-hidden=\"true\"><\/span> Baden-W\u00fcrttemberg        <\/p>\n    \n<\/article>\n   \n\t\t\n          <article id=\"post-106798\" class=\"et_pb_post post-106798 wtwfb_entry type-wtwfb_entry status-publish has-post-thumbnail hentry wtwfb_category-privatgaerten-klein-500-m2 wtwfb_region-baden-wuerttemberg\">\n    <h2 class=\"entry-title\"><a href=\"https:\/\/wettbewerb-archiv.wir-tun-was-fuer-bienen.de\/archiv-2023\/eintrag\/2023-das-alte-grabsteinlager\/\">Das Grabsteinlager &#8222;bei der alten Schleifh\u00fctt&#8220;<\/a>\n    <\/h2>\n    <a href=\"https:\/\/wettbewerb-archiv.wir-tun-was-fuer-bienen.de\/archiv-2023\/eintrag\/2023-das-alte-grabsteinlager\/\">\n        <div class=\"bienen-entry-image\">\n            <img decoding=\"async\" width=\"400\" height=\"300\" src=\"https:\/\/wettbewerb-archiv.wir-tun-was-fuer-bienen.de\/archiv-2023\/wp-content\/uploads\/sites\/8\/2023\/07\/8-2-400x300.jpg\" class=\"attachment-bienen-grid-thumb size-bienen-grid-thumb wp-post-image\" alt=\"\" loading=\"lazy\" \/>                    <\/div>\n    <\/a>\n\n    \n\n    <div class=\"user flex\">\n        \n                    <img decoding=\"async\" src=\"https:\/\/wettbewerb-archiv.wir-tun-was-fuer-bienen.de\/archiv-2023\/wp-content\/themes\/bienen\/assets\/images\/avatar-placeholder.png\" style=\"border-radius: 30px;\" height=\"30\" width=\"30\">\n            Familie Faa\u00df            <\/div>\n    \n    <p class=\"categories meta bienen-gewinner\"><span class=\"fa fa-trophy\"                                                              aria-hidden=\"true\"><\/span> Gewinner<\/p>\n            <p class=\"categories meta\" style=\"width: 100%\"><span class=\"fa fa-tag\"\n                                                             aria-hidden=\"true\"><\/span> Privatg\u00e4rten klein (bis 500 m2)        <\/p>\n    \n            <p class=\"categories meta\" style=\"width: 100%\"><span class=\"fa fa-map-marker\"\n                                                             aria-hidden=\"true\"><\/span> Baden-W\u00fcrttemberg        <\/p>\n    \n<\/article>\n   \n\t\t\n          <article id=\"post-106664\" class=\"et_pb_post post-106664 wtwfb_entry type-wtwfb_entry status-publish has-post-thumbnail hentry wtwfb_category-schul-und-jugendclubgaerten wtwfb_region-sachsen\">\n    <h2 class=\"entry-title\"><a href=\"https:\/\/wettbewerb-archiv.wir-tun-was-fuer-bienen.de\/archiv-2023\/eintrag\/2023-unser-schulgarten-spendet\/\">Ein Fest f\u00fcr die Bienen!<\/a>\n    <\/h2>\n    <a href=\"https:\/\/wettbewerb-archiv.wir-tun-was-fuer-bienen.de\/archiv-2023\/eintrag\/2023-unser-schulgarten-spendet\/\">\n        <div class=\"bienen-entry-image\">\n            <img decoding=\"async\" width=\"400\" height=\"300\" src=\"https:\/\/wettbewerb-archiv.wir-tun-was-fuer-bienen.de\/archiv-2023\/wp-content\/uploads\/sites\/8\/2023\/07\/20230310_105545-400x300.jpg\" class=\"attachment-bienen-grid-thumb size-bienen-grid-thumb wp-post-image\" alt=\"\" loading=\"lazy\" srcset=\"https:\/\/wettbewerb-archiv.wir-tun-was-fuer-bienen.de\/archiv-2023\/wp-content\/uploads\/sites\/8\/2023\/07\/20230310_105545-400x300.jpg 400w, https:\/\/wettbewerb-archiv.wir-tun-was-fuer-bienen.de\/archiv-2023\/wp-content\/uploads\/sites\/8\/2023\/07\/20230310_105545-768x576.jpg 768w, https:\/\/wettbewerb-archiv.wir-tun-was-fuer-bienen.de\/archiv-2023\/wp-content\/uploads\/sites\/8\/2023\/07\/20230310_105545-1024x768.jpg 1024w, https:\/\/wettbewerb-archiv.wir-tun-was-fuer-bienen.de\/archiv-2023\/wp-content\/uploads\/sites\/8\/2023\/07\/20230310_105545.jpg 1920w\" sizes=\"(max-width: 400px) 100vw, 400px\" \/>                    <\/div>\n    <\/a>\n\n    \n\n    <div class=\"user flex\">\n        \n                    <img decoding=\"async\" src=\"https:\/\/wettbewerb-archiv.wir-tun-was-fuer-bienen.de\/archiv-2023\/wp-content\/themes\/bienen\/assets\/images\/avatar-placeholder.png\" style=\"border-radius: 30px;\" height=\"30\" width=\"30\">\n            Leipzig International School            <\/div>\n    \n    <p class=\"categories meta bienen-gewinner\"><span class=\"fa fa-trophy\"                                                              aria-hidden=\"true\"><\/span> Gewinner<\/p>\n            <p class=\"categories meta\" style=\"width: 100%\"><span class=\"fa fa-tag\"\n                                                             aria-hidden=\"true\"><\/span> Schulg\u00e4rten        <\/p>\n    \n            <p class=\"categories meta\" style=\"width: 100%\"><span class=\"fa fa-map-marker\"\n                                                             aria-hidden=\"true\"><\/span> Sachsen        <\/p>\n    \n<\/article>\n   \n\t\t\n          <article id=\"post-106651\" class=\"et_pb_post post-106651 wtwfb_entry type-wtwfb_entry status-publish has-post-thumbnail hentry wtwfb_category-kleingartenparzellen wtwfb_region-sachsen\">\n    <h2 class=\"entry-title\"><a href=\"https:\/\/wettbewerb-archiv.wir-tun-was-fuer-bienen.de\/archiv-2023\/eintrag\/2023-sandarium-hundertwasserhaus-fuer-wildbienen\/\">Sandarium &#8222;Hundertwasserhaus&#8220; f\u00fcr Wildbienen<\/a>\n    <\/h2>\n    <a href=\"https:\/\/wettbewerb-archiv.wir-tun-was-fuer-bienen.de\/archiv-2023\/eintrag\/2023-sandarium-hundertwasserhaus-fuer-wildbienen\/\">\n        <div class=\"bienen-entry-image\">\n            <img decoding=\"async\" width=\"400\" height=\"300\" src=\"https:\/\/wettbewerb-archiv.wir-tun-was-fuer-bienen.de\/archiv-2023\/wp-content\/uploads\/sites\/8\/2023\/07\/20230724_155958-400x300.jpg\" class=\"attachment-bienen-grid-thumb size-bienen-grid-thumb wp-post-image\" alt=\"\" loading=\"lazy\" srcset=\"https:\/\/wettbewerb-archiv.wir-tun-was-fuer-bienen.de\/archiv-2023\/wp-content\/uploads\/sites\/8\/2023\/07\/20230724_155958-400x300.jpg 400w, https:\/\/wettbewerb-archiv.wir-tun-was-fuer-bienen.de\/archiv-2023\/wp-content\/uploads\/sites\/8\/2023\/07\/20230724_155958-768x574.jpg 768w, https:\/\/wettbewerb-archiv.wir-tun-was-fuer-bienen.de\/archiv-2023\/wp-content\/uploads\/sites\/8\/2023\/07\/20230724_155958-1024x766.jpg 1024w, https:\/\/wettbewerb-archiv.wir-tun-was-fuer-bienen.de\/archiv-2023\/wp-content\/uploads\/sites\/8\/2023\/07\/20230724_155958.jpg 1920w\" sizes=\"(max-width: 400px) 100vw, 400px\" \/>                    <\/div>\n    <\/a>\n\n    \n\n    <div class=\"user flex\">\n        \n                    <img decoding=\"async\" src=\"https:\/\/wettbewerb-archiv.wir-tun-was-fuer-bienen.de\/archiv-2023\/wp-content\/themes\/bienen\/assets\/images\/avatar-placeholder.png\" style=\"border-radius: 30px;\" height=\"30\" width=\"30\">\n            Hundertwasser f\u00fcr Insekten            <\/div>\n    \n    \n            <p class=\"categories meta\" style=\"width: 100%\"><span class=\"fa fa-tag\"\n                                                             aria-hidden=\"true\"><\/span> Kleingartenparzellen        <\/p>\n    \n            <p class=\"categories meta\" style=\"width: 100%\"><span class=\"fa fa-map-marker\"\n                                                             aria-hidden=\"true\"><\/span> Sachsen        <\/p>\n    \n<\/article>\n   \n\t\t\n          <article id=\"post-106560\" class=\"et_pb_post post-106560 wtwfb_entry type-wtwfb_entry status-publish has-post-thumbnail hentry wtwfb_category-privatgaerten-klein-500-m2 wtwfb_region-nordrhein-westfalen\">\n    <h2 class=\"entry-title\"><a href=\"https:\/\/wettbewerb-archiv.wir-tun-was-fuer-bienen.de\/archiv-2023\/eintrag\/2023-bienenfreundlicher-vorgarten\/\">Bienenfreundlicher Vorgarten!<\/a>\n    <\/h2>\n    <a href=\"https:\/\/wettbewerb-archiv.wir-tun-was-fuer-bienen.de\/archiv-2023\/eintrag\/2023-bienenfreundlicher-vorgarten\/\">\n        <div class=\"bienen-entry-image\">\n            <img decoding=\"async\" width=\"400\" height=\"300\" src=\"https:\/\/wettbewerb-archiv.wir-tun-was-fuer-bienen.de\/archiv-2023\/wp-content\/uploads\/sites\/8\/2023\/07\/IMG_20230610_122331-400x300.jpg\" class=\"attachment-bienen-grid-thumb size-bienen-grid-thumb wp-post-image\" alt=\"\" loading=\"lazy\" srcset=\"https:\/\/wettbewerb-archiv.wir-tun-was-fuer-bienen.de\/archiv-2023\/wp-content\/uploads\/sites\/8\/2023\/07\/IMG_20230610_122331-400x300.jpg 400w, https:\/\/wettbewerb-archiv.wir-tun-was-fuer-bienen.de\/archiv-2023\/wp-content\/uploads\/sites\/8\/2023\/07\/IMG_20230610_122331-768x577.jpg 768w, https:\/\/wettbewerb-archiv.wir-tun-was-fuer-bienen.de\/archiv-2023\/wp-content\/uploads\/sites\/8\/2023\/07\/IMG_20230610_122331-1024x769.jpg 1024w, https:\/\/wettbewerb-archiv.wir-tun-was-fuer-bienen.de\/archiv-2023\/wp-content\/uploads\/sites\/8\/2023\/07\/IMG_20230610_122331.jpg 1920w\" sizes=\"(max-width: 400px) 100vw, 400px\" \/>                    <\/div>\n    <\/a>\n\n    \n\n    <div class=\"user flex\">\n        \n                    <img decoding=\"async\" src=\"https:\/\/wettbewerb-archiv.wir-tun-was-fuer-bienen.de\/archiv-2023\/wp-content\/themes\/bienen\/assets\/images\/avatar-placeholder.png\" style=\"border-radius: 30px;\" height=\"30\" width=\"30\">\n            Familie Harker            <\/div>\n    \n    \n            <p class=\"categories meta\" style=\"width: 100%\"><span class=\"fa fa-tag\"\n                                                             aria-hidden=\"true\"><\/span> Privatg\u00e4rten klein (bis 500 m2)        <\/p>\n    \n            <p class=\"categories meta\" style=\"width: 100%\"><span class=\"fa fa-map-marker\"\n                                                             aria-hidden=\"true\"><\/span> Nordrhein-Westfalen        <\/p>\n    \n<\/article>\n   \n\t\t\n          <article id=\"post-106418\" class=\"et_pb_post post-106418 wtwfb_entry type-wtwfb_entry status-publish has-post-thumbnail hentry wtwfb_category-firmengaerten wtwfb_region-niedersachsen\">\n    <h2 class=\"entry-title\"><a href=\"https:\/\/wettbewerb-archiv.wir-tun-was-fuer-bienen.de\/archiv-2023\/eintrag\/2023-naturprojekt-seniorenresidenz-petersberg-4\/\">Naturschutzprojekt Seniorenwohnanlage Petersberg 4<\/a>\n    <\/h2>\n    <a href=\"https:\/\/wettbewerb-archiv.wir-tun-was-fuer-bienen.de\/archiv-2023\/eintrag\/2023-naturprojekt-seniorenresidenz-petersberg-4\/\">\n        <div class=\"bienen-entry-image\">\n            <img decoding=\"async\" width=\"400\" height=\"300\" src=\"https:\/\/wettbewerb-archiv.wir-tun-was-fuer-bienen.de\/archiv-2023\/wp-content\/uploads\/sites\/8\/2023\/07\/20230315_123747_resized-400x300.jpg\" class=\"attachment-bienen-grid-thumb size-bienen-grid-thumb wp-post-image\" alt=\"\" loading=\"lazy\" srcset=\"https:\/\/wettbewerb-archiv.wir-tun-was-fuer-bienen.de\/archiv-2023\/wp-content\/uploads\/sites\/8\/2023\/07\/20230315_123747_resized-400x300.jpg 400w, https:\/\/wettbewerb-archiv.wir-tun-was-fuer-bienen.de\/archiv-2023\/wp-content\/uploads\/sites\/8\/2023\/07\/20230315_123747_resized-768x576.jpg 768w, https:\/\/wettbewerb-archiv.wir-tun-was-fuer-bienen.de\/archiv-2023\/wp-content\/uploads\/sites\/8\/2023\/07\/20230315_123747_resized-1024x768.jpg 1024w, https:\/\/wettbewerb-archiv.wir-tun-was-fuer-bienen.de\/archiv-2023\/wp-content\/uploads\/sites\/8\/2023\/07\/20230315_123747_resized.jpg 1152w\" sizes=\"(max-width: 400px) 100vw, 400px\" \/>                    <\/div>\n    <\/a>\n\n    \n\n    <div class=\"user flex\">\n        \n                    <img decoding=\"async\" src=\"https:\/\/wettbewerb-archiv.wir-tun-was-fuer-bienen.de\/archiv-2023\/wp-content\/themes\/bienen\/assets\/images\/avatar-placeholder.png\" style=\"border-radius: 30px;\" height=\"30\" width=\"30\">\n            Wohngesellschaften Goslar \/ Harz            <\/div>\n    \n    <p class=\"categories meta bienen-gewinner\"><span class=\"fa fa-trophy\"                                                              aria-hidden=\"true\"><\/span> Gewinner<\/p>\n            <p class=\"categories meta\" style=\"width: 100%\"><span class=\"fa fa-tag\"\n                                                             aria-hidden=\"true\"><\/span> Firmeng\u00e4rten        <\/p>\n    \n            <p class=\"categories meta\" style=\"width: 100%\"><span class=\"fa fa-map-marker\"\n                                                             aria-hidden=\"true\"><\/span> Niedersachsen        <\/p>\n    \n<\/article>\n   \n\t\t\n          <article id=\"post-106357\" class=\"et_pb_post post-106357 wtwfb_entry type-wtwfb_entry status-publish has-post-thumbnail hentry wtwfb_category-kommunale-flaechen wtwfb_region-schleswig-holstein\">\n    <h2 class=\"entry-title\"><a href=\"https:\/\/wettbewerb-archiv.wir-tun-was-fuer-bienen.de\/archiv-2023\/eintrag\/2023-lebendiges-gruen-bordesholm\/\">Lebendiges Gr\u00fcn Bordesholm<\/a>\n    <\/h2>\n    <a href=\"https:\/\/wettbewerb-archiv.wir-tun-was-fuer-bienen.de\/archiv-2023\/eintrag\/2023-lebendiges-gruen-bordesholm\/\">\n        <div class=\"bienen-entry-image\">\n            <img decoding=\"async\" width=\"400\" height=\"300\" src=\"https:\/\/wettbewerb-archiv.wir-tun-was-fuer-bienen.de\/archiv-2023\/wp-content\/uploads\/sites\/8\/2023\/07\/IMG_2283-3-400x300.jpg\" class=\"attachment-bienen-grid-thumb size-bienen-grid-thumb wp-post-image\" alt=\"\" loading=\"lazy\" \/>                    <\/div>\n    <\/a>\n\n    \n\n    <div class=\"user flex\">\n        \n                    <img decoding=\"async\" src=\"https:\/\/wettbewerb-archiv.wir-tun-was-fuer-bienen.de\/archiv-2023\/wp-content\/themes\/bienen\/assets\/images\/avatar-placeholder.png\" style=\"border-radius: 30px;\" height=\"30\" width=\"30\">\n            Gemeinde Bordesholm            <\/div>\n    \n    <p class=\"categories meta bienen-gewinner\"><span class=\"fa fa-trophy\"                                                              aria-hidden=\"true\"><\/span> Gewinner<\/p>\n            <p class=\"categories meta\" style=\"width: 100%\"><span class=\"fa fa-tag\"\n                                                             aria-hidden=\"true\"><\/span> Kommunale Fl\u00e4chen        <\/p>\n    \n            <p class=\"categories meta\" style=\"width: 100%\"><span class=\"fa fa-map-marker\"\n                                                             aria-hidden=\"true\"><\/span> Schleswig-Holstein        <\/p>\n    \n<\/article>\n   \n\t\t\n          <article id=\"post-106340\" class=\"et_pb_post post-106340 wtwfb_entry type-wtwfb_entry status-publish has-post-thumbnail hentry wtwfb_category-firmengaerten wtwfb_region-berlin\">\n    <h2 class=\"entry-title\"><a href=\"https:\/\/wettbewerb-archiv.wir-tun-was-fuer-bienen.de\/archiv-2023\/eintrag\/2023-nachhaltige-und-naturfreundliche-gestaltung-unseres-betriebshofes\/\">Nachhaltige und naturfreundliche Gestaltung unseres Bet...<\/a>\n    <\/h2>\n    <a href=\"https:\/\/wettbewerb-archiv.wir-tun-was-fuer-bienen.de\/archiv-2023\/eintrag\/2023-nachhaltige-und-naturfreundliche-gestaltung-unseres-betriebshofes\/\">\n        <div class=\"bienen-entry-image\">\n            <img decoding=\"async\" width=\"400\" height=\"300\" src=\"https:\/\/wettbewerb-archiv.wir-tun-was-fuer-bienen.de\/archiv-2023\/wp-content\/uploads\/sites\/8\/2023\/07\/WhatsApp-Bild-2023-07-25-um-15.13.20-400x300.jpg\" class=\"attachment-bienen-grid-thumb size-bienen-grid-thumb wp-post-image\" alt=\"\" loading=\"lazy\" \/>                    <\/div>\n    <\/a>\n\n    \n\n    <div class=\"user flex\">\n        \n                    <img decoding=\"async\" src=\"https:\/\/wettbewerb-archiv.wir-tun-was-fuer-bienen.de\/archiv-2023\/wp-content\/themes\/bienen\/assets\/images\/avatar-placeholder.png\" style=\"border-radius: 30px;\" height=\"30\" width=\"30\">\n            Schnee- und Eisbeseitigung Im Norden            <\/div>\n    \n    \n            <p class=\"categories meta\" style=\"width: 100%\"><span class=\"fa fa-tag\"\n                                                             aria-hidden=\"true\"><\/span> Firmeng\u00e4rten        <\/p>\n    \n            <p class=\"categories meta\" style=\"width: 100%\"><span class=\"fa fa-map-marker\"\n                                                             aria-hidden=\"true\"><\/span> Berlin        <\/p>\n    \n<\/article>\n   \n\t\t\n          <article id=\"post-106179\" class=\"et_pb_post post-106179 wtwfb_entry type-wtwfb_entry status-publish has-post-thumbnail hentry wtwfb_category-privatgaerten-gross-500-m wtwfb_region-rheinland-pfalz\">\n    <h2 class=\"entry-title\"><a href=\"https:\/\/wettbewerb-archiv.wir-tun-was-fuer-bienen.de\/archiv-2023\/eintrag\/2023-oma-huldas-garten-naturnah-und-bienenfreundlich-gestalten\/\">Oma Huldas Garten naturnah und bienenfreundlich gestalt...<\/a>\n    <\/h2>\n    <a href=\"https:\/\/wettbewerb-archiv.wir-tun-was-fuer-bienen.de\/archiv-2023\/eintrag\/2023-oma-huldas-garten-naturnah-und-bienenfreundlich-gestalten\/\">\n        <div class=\"bienen-entry-image\">\n            <img decoding=\"async\" width=\"400\" height=\"300\" src=\"https:\/\/wettbewerb-archiv.wir-tun-was-fuer-bienen.de\/archiv-2023\/wp-content\/uploads\/sites\/8\/2023\/07\/IMG_4937-400x300.jpg\" class=\"attachment-bienen-grid-thumb size-bienen-grid-thumb wp-post-image\" alt=\"\" loading=\"lazy\" \/>                    <\/div>\n    <\/a>\n\n    \n\n    <div class=\"user flex\">\n        \n                    <img decoding=\"async\" src=\"https:\/\/wettbewerb-archiv.wir-tun-was-fuer-bienen.de\/archiv-2023\/wp-content\/themes\/bienen\/assets\/images\/avatar-placeholder.png\" style=\"border-radius: 30px;\" height=\"30\" width=\"30\">\n            Oma Huldas Enkel            <\/div>\n    \n    \n            <p class=\"categories meta\" style=\"width: 100%\"><span class=\"fa fa-tag\"\n                                                             aria-hidden=\"true\"><\/span> Privatg\u00e4rten gro\u00df (ab 500 m\u00b2)        <\/p>\n    \n            <p class=\"categories meta\" style=\"width: 100%\"><span class=\"fa fa-map-marker\"\n                                                             aria-hidden=\"true\"><\/span> Rheinland-Pfalz        <\/p>\n    \n<\/article>\n   \n\t\t\n          <article id=\"post-106111\" class=\"et_pb_post post-106111 wtwfb_entry type-wtwfb_entry status-publish has-post-thumbnail hentry wtwfb_category-kita-gaerten wtwfb_region-brandenburg\">\n    <h2 class=\"entry-title\"><a href=\"https:\/\/wettbewerb-archiv.wir-tun-was-fuer-bienen.de\/archiv-2023\/eintrag\/2023-vom-brachland-zum-kinder-wildbienen-zeidlergarten\/\">Vom Brachland zum \u00bbKinder- Wildbienen- &amp; Zeidlerga...<\/a>\n    <\/h2>\n    <a href=\"https:\/\/wettbewerb-archiv.wir-tun-was-fuer-bienen.de\/archiv-2023\/eintrag\/2023-vom-brachland-zum-kinder-wildbienen-zeidlergarten\/\">\n        <div class=\"bienen-entry-image\">\n            <img decoding=\"async\" width=\"400\" height=\"300\" src=\"https:\/\/wettbewerb-archiv.wir-tun-was-fuer-bienen.de\/archiv-2023\/wp-content\/uploads\/sites\/8\/2023\/07\/Bienenhabitat_02-1-400x300.jpeg\" class=\"attachment-bienen-grid-thumb size-bienen-grid-thumb wp-post-image\" alt=\"\" loading=\"lazy\" srcset=\"https:\/\/wettbewerb-archiv.wir-tun-was-fuer-bienen.de\/archiv-2023\/wp-content\/uploads\/sites\/8\/2023\/07\/Bienenhabitat_02-1-400x300.jpeg 400w, https:\/\/wettbewerb-archiv.wir-tun-was-fuer-bienen.de\/archiv-2023\/wp-content\/uploads\/sites\/8\/2023\/07\/Bienenhabitat_02-1-768x576.jpeg 768w, https:\/\/wettbewerb-archiv.wir-tun-was-fuer-bienen.de\/archiv-2023\/wp-content\/uploads\/sites\/8\/2023\/07\/Bienenhabitat_02-1-1024x768.jpeg 1024w, https:\/\/wettbewerb-archiv.wir-tun-was-fuer-bienen.de\/archiv-2023\/wp-content\/uploads\/sites\/8\/2023\/07\/Bienenhabitat_02-1.jpeg 1920w\" sizes=\"(max-width: 400px) 100vw, 400px\" \/>                    <\/div>\n    <\/a>\n\n    \n\n    <div class=\"user flex\">\n        \n                    <img decoding=\"async\" src=\"https:\/\/wettbewerb-archiv.wir-tun-was-fuer-bienen.de\/archiv-2023\/wp-content\/themes\/bienen\/assets\/images\/avatar-placeholder.png\" style=\"border-radius: 30px;\" height=\"30\" width=\"30\">\n            Waldorfkindergarten am Hochwald e.V. \u2013 Stahnsdorf            <\/div>\n    \n    <p class=\"categories meta bienen-gewinner\"><span class=\"fa fa-trophy\"                                                              aria-hidden=\"true\"><\/span> Gewinner<\/p>\n            <p class=\"categories meta\" style=\"width: 100%\"><span class=\"fa fa-tag\"\n                                                             aria-hidden=\"true\"><\/span> Kita-G\u00e4rten        <\/p>\n    \n            <p class=\"categories meta\" style=\"width: 100%\"><span class=\"fa fa-map-marker\"\n                                                             aria-hidden=\"true\"><\/span> Brandenburg        <\/p>\n    \n<\/article>\n   \n\t\t\n          <article id=\"post-106070\" class=\"et_pb_post post-106070 wtwfb_entry type-wtwfb_entry status-publish has-post-thumbnail hentry wtwfb_category-kita-gaerten wtwfb_region-hessen\">\n    <h2 class=\"entry-title\"><a href=\"https:\/\/wettbewerb-archiv.wir-tun-was-fuer-bienen.de\/archiv-2023\/eintrag\/2023-kein-insektenhotel-ohne-restaurants\/\">Kein Insektenhotel ohne Restaurants<\/a>\n    <\/h2>\n    <a href=\"https:\/\/wettbewerb-archiv.wir-tun-was-fuer-bienen.de\/archiv-2023\/eintrag\/2023-kein-insektenhotel-ohne-restaurants\/\">\n        <div class=\"bienen-entry-image\">\n            <img decoding=\"async\" width=\"400\" height=\"300\" src=\"https:\/\/wettbewerb-archiv.wir-tun-was-fuer-bienen.de\/archiv-2023\/wp-content\/uploads\/sites\/8\/2023\/07\/20230724_103751-400x300.jpg\" class=\"attachment-bienen-grid-thumb size-bienen-grid-thumb wp-post-image\" alt=\"\" loading=\"lazy\" \/>                    <\/div>\n    <\/a>\n\n    \n\n    <div class=\"user flex\">\n        \n                    <img decoding=\"async\" src=\"https:\/\/wettbewerb-archiv.wir-tun-was-fuer-bienen.de\/archiv-2023\/wp-content\/themes\/bienen\/assets\/images\/avatar-placeholder.png\" style=\"border-radius: 30px;\" height=\"30\" width=\"30\">\n            Naturkindergarten L\u00f6wenzahn            <\/div>\n    \n    \n            <p class=\"categories meta\" style=\"width: 100%\"><span class=\"fa fa-tag\"\n                                                             aria-hidden=\"true\"><\/span> Kita-G\u00e4rten        <\/p>\n    \n            <p class=\"categories meta\" style=\"width: 100%\"><span class=\"fa fa-map-marker\"\n                                                             aria-hidden=\"true\"><\/span> Hessen        <\/p>\n    \n<\/article>\n   \n\t\t\n          <article id=\"post-106004\" class=\"et_pb_post post-106004 wtwfb_entry type-wtwfb_entry status-publish has-post-thumbnail hentry wtwfb_category-privatgaerten-gross-500-m wtwfb_region-niedersachsen\">\n    <h2 class=\"entry-title\"><a href=\"https:\/\/wettbewerb-archiv.wir-tun-was-fuer-bienen.de\/archiv-2023\/eintrag\/2023-zurueck-in-die-heimat\/\">Zur\u00fcck in die Heimat<\/a>\n    <\/h2>\n    <a href=\"https:\/\/wettbewerb-archiv.wir-tun-was-fuer-bienen.de\/archiv-2023\/eintrag\/2023-zurueck-in-die-heimat\/\">\n        <div class=\"bienen-entry-image\">\n            <img decoding=\"async\" width=\"400\" height=\"300\" src=\"https:\/\/wettbewerb-archiv.wir-tun-was-fuer-bienen.de\/archiv-2023\/wp-content\/uploads\/sites\/8\/2023\/07\/Natur-400x300.jpg\" class=\"attachment-bienen-grid-thumb size-bienen-grid-thumb wp-post-image\" alt=\"\" loading=\"lazy\" \/>                    <\/div>\n    <\/a>\n\n    \n\n    <div class=\"user flex\">\n        \n                    <img decoding=\"async\" src=\"https:\/\/wettbewerb-archiv.wir-tun-was-fuer-bienen.de\/archiv-2023\/wp-content\/themes\/bienen\/assets\/images\/avatar-placeholder.png\" style=\"border-radius: 30px;\" height=\"30\" width=\"30\">\n            Heimat            <\/div>\n    \n    \n            <p class=\"categories meta\" style=\"width: 100%\"><span class=\"fa fa-tag\"\n                                                             aria-hidden=\"true\"><\/span> Privatg\u00e4rten gro\u00df (ab 500 m\u00b2)        <\/p>\n    \n            <p class=\"categories meta\" style=\"width: 100%\"><span class=\"fa fa-map-marker\"\n                                                             aria-hidden=\"true\"><\/span> Niedersachsen        <\/p>\n    \n<\/article>\n   \n\t\t\n          <article id=\"post-105975\" class=\"et_pb_post post-105975 wtwfb_entry type-wtwfb_entry status-publish has-post-thumbnail hentry wtwfb_category-privatgaerten-gross-500-m wtwfb_region-niedersachsen\">\n    <h2 class=\"entry-title\"><a href=\"https:\/\/wettbewerb-archiv.wir-tun-was-fuer-bienen.de\/archiv-2023\/eintrag\/2023-bienen-bei-uns-im-garten\/\">Bienen bei uns im Garten<\/a>\n    <\/h2>\n    <a href=\"https:\/\/wettbewerb-archiv.wir-tun-was-fuer-bienen.de\/archiv-2023\/eintrag\/2023-bienen-bei-uns-im-garten\/\">\n        <div class=\"bienen-entry-image\">\n            <img decoding=\"async\" width=\"400\" height=\"300\" src=\"https:\/\/wettbewerb-archiv.wir-tun-was-fuer-bienen.de\/archiv-2023\/wp-content\/uploads\/sites\/8\/2023\/07\/20230724_092041-400x300.jpg\" class=\"attachment-bienen-grid-thumb size-bienen-grid-thumb wp-post-image\" alt=\"\" loading=\"lazy\" \/>                    <\/div>\n    <\/a>\n\n    \n\n    <div class=\"user flex\">\n        \n                    <img decoding=\"async\" src=\"https:\/\/wettbewerb-archiv.wir-tun-was-fuer-bienen.de\/archiv-2023\/wp-content\/themes\/bienen\/assets\/images\/avatar-placeholder.png\" style=\"border-radius: 30px;\" height=\"30\" width=\"30\">\n            Die Padingb\u00fcttler            <\/div>\n    \n    \n            <p class=\"categories meta\" style=\"width: 100%\"><span class=\"fa fa-tag\"\n                                                             aria-hidden=\"true\"><\/span> Privatg\u00e4rten gro\u00df (ab 500 m\u00b2)        <\/p>\n    \n            <p class=\"categories meta\" style=\"width: 100%\"><span class=\"fa fa-map-marker\"\n                                                             aria-hidden=\"true\"><\/span> Niedersachsen        <\/p>\n    \n<\/article>\n   \n\t\t\n          <article id=\"post-105862\" class=\"et_pb_post post-105862 wtwfb_entry type-wtwfb_entry status-publish has-post-thumbnail hentry wtwfb_category-balkone-terrassen-dachbegruenung-vertikale-gaerten wtwfb_region-bremen\">\n    <h2 class=\"entry-title\"><a href=\"https:\/\/wettbewerb-archiv.wir-tun-was-fuer-bienen.de\/archiv-2023\/eintrag\/2023-ein-hoch-auf-die-staudenteilung\/\">Ein Hoch auf die Staudenteilung<\/a>\n    <\/h2>\n    <a href=\"https:\/\/wettbewerb-archiv.wir-tun-was-fuer-bienen.de\/archiv-2023\/eintrag\/2023-ein-hoch-auf-die-staudenteilung\/\">\n        <div class=\"bienen-entry-image\">\n            <img decoding=\"async\" width=\"400\" height=\"300\" src=\"https:\/\/wettbewerb-archiv.wir-tun-was-fuer-bienen.de\/archiv-2023\/wp-content\/uploads\/sites\/8\/2023\/07\/thumbnail-400x300.jpg\" class=\"attachment-bienen-grid-thumb size-bienen-grid-thumb wp-post-image\" alt=\"\" loading=\"lazy\" \/>                    <\/div>\n    <\/a>\n\n    \n\n    <div class=\"user flex\">\n        \n                    <img decoding=\"async\" src=\"https:\/\/wettbewerb-archiv.wir-tun-was-fuer-bienen.de\/archiv-2023\/wp-content\/themes\/bienen\/assets\/images\/avatar-placeholder.png\" style=\"border-radius: 30px;\" height=\"30\" width=\"30\">\n            Edda16            <\/div>\n    \n    \n            <p class=\"categories meta\" style=\"width: 100%\"><span class=\"fa fa-tag\"\n                                                             aria-hidden=\"true\"><\/span> Balkone, Terrassen, Dachg\u00e4rten, vertikale G\u00e4rten        <\/p>\n    \n            <p class=\"categories meta\" style=\"width: 100%\"><span class=\"fa fa-map-marker\"\n                                                             aria-hidden=\"true\"><\/span> Bremen        <\/p>\n    \n<\/article>\n   \n\t\t\n          <article id=\"post-105552\" class=\"et_pb_post post-105552 wtwfb_entry type-wtwfb_entry status-publish has-post-thumbnail hentry wtwfb_category-balkone-terrassen-dachbegruenung-vertikale-gaerten wtwfb_region-mecklenburg-vorpommern\">\n    <h2 class=\"entry-title\"><a href=\"https:\/\/wettbewerb-archiv.wir-tun-was-fuer-bienen.de\/archiv-2023\/eintrag\/2023-farbenpracht\/\">Farbenpracht<\/a>\n    <\/h2>\n    <a href=\"https:\/\/wettbewerb-archiv.wir-tun-was-fuer-bienen.de\/archiv-2023\/eintrag\/2023-farbenpracht\/\">\n        <div class=\"bienen-entry-image\">\n            <img decoding=\"async\" width=\"400\" height=\"300\" src=\"https:\/\/wettbewerb-archiv.wir-tun-was-fuer-bienen.de\/archiv-2023\/wp-content\/uploads\/sites\/8\/2023\/07\/DSC_2704-400x300.jpg\" class=\"attachment-bienen-grid-thumb size-bienen-grid-thumb wp-post-image\" alt=\"\" loading=\"lazy\" srcset=\"https:\/\/wettbewerb-archiv.wir-tun-was-fuer-bienen.de\/archiv-2023\/wp-content\/uploads\/sites\/8\/2023\/07\/DSC_2704-400x300.jpg 400w, https:\/\/wettbewerb-archiv.wir-tun-was-fuer-bienen.de\/archiv-2023\/wp-content\/uploads\/sites\/8\/2023\/07\/DSC_2704-768x576.jpg 768w, https:\/\/wettbewerb-archiv.wir-tun-was-fuer-bienen.de\/archiv-2023\/wp-content\/uploads\/sites\/8\/2023\/07\/DSC_2704-1024x768.jpg 1024w, https:\/\/wettbewerb-archiv.wir-tun-was-fuer-bienen.de\/archiv-2023\/wp-content\/uploads\/sites\/8\/2023\/07\/DSC_2704.jpg 1920w\" sizes=\"(max-width: 400px) 100vw, 400px\" \/>                    <\/div>\n    <\/a>\n\n    \n\n    <div class=\"user flex\">\n        \n                    <img decoding=\"async\" src=\"https:\/\/wettbewerb-archiv.wir-tun-was-fuer-bienen.de\/archiv-2023\/wp-content\/themes\/bienen\/assets\/images\/avatar-placeholder.png\" style=\"border-radius: 30px;\" height=\"30\" width=\"30\">\n            Friendly Balcony            <\/div>\n    \n    \n            <p class=\"categories meta\" style=\"width: 100%\"><span class=\"fa fa-tag\"\n                                                             aria-hidden=\"true\"><\/span> Balkone, Terrassen, Dachg\u00e4rten, vertikale G\u00e4rten        <\/p>\n    \n            <p class=\"categories meta\" style=\"width: 100%\"><span class=\"fa fa-map-marker\"\n                                                             aria-hidden=\"true\"><\/span> Mecklenburg-Vorpommern        <\/p>\n    \n<\/article>\n   \n\t\t\n          <article id=\"post-105530\" class=\"et_pb_post post-105530 wtwfb_entry type-wtwfb_entry status-publish has-post-thumbnail hentry wtwfb_category-privatgaerten-gross-500-m wtwfb_region-schleswig-holstein\">\n    <h2 class=\"entry-title\"><a href=\"https:\/\/wettbewerb-archiv.wir-tun-was-fuer-bienen.de\/archiv-2023\/eintrag\/2023-schutzstreifen-fuer-knick\/\">Schutzstreifen f\u00fcr Knick<\/a>\n    <\/h2>\n    <a href=\"https:\/\/wettbewerb-archiv.wir-tun-was-fuer-bienen.de\/archiv-2023\/eintrag\/2023-schutzstreifen-fuer-knick\/\">\n        <div class=\"bienen-entry-image\">\n            <img decoding=\"async\" width=\"400\" height=\"300\" src=\"https:\/\/wettbewerb-archiv.wir-tun-was-fuer-bienen.de\/archiv-2023\/wp-content\/uploads\/sites\/8\/2023\/07\/Titelbild-3-400x300.jpg\" class=\"attachment-bienen-grid-thumb size-bienen-grid-thumb wp-post-image\" alt=\"\" loading=\"lazy\" srcset=\"https:\/\/wettbewerb-archiv.wir-tun-was-fuer-bienen.de\/archiv-2023\/wp-content\/uploads\/sites\/8\/2023\/07\/Titelbild-3-400x300.jpg 400w, https:\/\/wettbewerb-archiv.wir-tun-was-fuer-bienen.de\/archiv-2023\/wp-content\/uploads\/sites\/8\/2023\/07\/Titelbild-3-768x576.jpg 768w, https:\/\/wettbewerb-archiv.wir-tun-was-fuer-bienen.de\/archiv-2023\/wp-content\/uploads\/sites\/8\/2023\/07\/Titelbild-3-1024x768.jpg 1024w, https:\/\/wettbewerb-archiv.wir-tun-was-fuer-bienen.de\/archiv-2023\/wp-content\/uploads\/sites\/8\/2023\/07\/Titelbild-3.jpg 1920w\" sizes=\"(max-width: 400px) 100vw, 400px\" \/>                    <\/div>\n    <\/a>\n\n    \n\n    <div class=\"user flex\">\n        \n                    <img decoding=\"async\" src=\"https:\/\/wettbewerb-archiv.wir-tun-was-fuer-bienen.de\/archiv-2023\/wp-content\/themes\/bienen\/assets\/images\/avatar-placeholder.png\" style=\"border-radius: 30px;\" height=\"30\" width=\"30\">\n            Garten am Knick            <\/div>\n    \n    \n            <p class=\"categories meta\" style=\"width: 100%\"><span class=\"fa fa-tag\"\n                                                             aria-hidden=\"true\"><\/span> Privatg\u00e4rten gro\u00df (ab 500 m\u00b2)        <\/p>\n    \n            <p class=\"categories meta\" style=\"width: 100%\"><span class=\"fa fa-map-marker\"\n                                                             aria-hidden=\"true\"><\/span> Schleswig-Holstein        <\/p>\n    \n<\/article>\n   \n\t\t\n          <article id=\"post-105392\" class=\"et_pb_post post-105392 wtwfb_entry type-wtwfb_entry status-publish has-post-thumbnail hentry wtwfb_category-kita-gaerten wtwfb_region-baden-wuerttemberg\">\n    <h2 class=\"entry-title\"><a href=\"https:\/\/wettbewerb-archiv.wir-tun-was-fuer-bienen.de\/archiv-2023\/eintrag\/2023-die-villa-sonnenschein-summt\/\">Die Villa Sonnenschein singt und summt<\/a>\n    <\/h2>\n    <a href=\"https:\/\/wettbewerb-archiv.wir-tun-was-fuer-bienen.de\/archiv-2023\/eintrag\/2023-die-villa-sonnenschein-summt\/\">\n        <div class=\"bienen-entry-image\">\n            <img decoding=\"async\" width=\"353\" height=\"300\" src=\"https:\/\/wettbewerb-archiv.wir-tun-was-fuer-bienen.de\/archiv-2023\/wp-content\/uploads\/sites\/8\/2023\/07\/Logo-Villa-Sonnenschein-353x300.jpg\" class=\"attachment-bienen-grid-thumb size-bienen-grid-thumb wp-post-image\" alt=\"\" loading=\"lazy\" \/>                    <\/div>\n    <\/a>\n\n    \n\n    <div class=\"user flex\">\n        \n                    <img decoding=\"async\" src=\"https:\/\/wettbewerb-archiv.wir-tun-was-fuer-bienen.de\/archiv-2023\/wp-content\/themes\/bienen\/assets\/images\/avatar-placeholder.png\" style=\"border-radius: 30px;\" height=\"30\" width=\"30\">\n            Wolkengruppe Villa Sonnenschein            <\/div>\n            <p class=\"categories meta\" style=\"color: #c32731; font-weight: bold; width: 100%\"><span class=\"fa fa-music\"\n                                                                                                aria-hidden=\"true\"><\/span> Extrapreis Musik\n            f\u00fcr Bienenschutz\n        <\/p>\n    \n    \n            <p class=\"categories meta\" style=\"width: 100%\"><span class=\"fa fa-tag\"\n                                                             aria-hidden=\"true\"><\/span> Kita-G\u00e4rten        <\/p>\n    \n            <p class=\"categories meta\" style=\"width: 100%\"><span class=\"fa fa-map-marker\"\n                                                             aria-hidden=\"true\"><\/span> Baden-W\u00fcrttemberg        <\/p>\n    \n<\/article>\n   \n\t\t\n          <article id=\"post-105149\" class=\"et_pb_post post-105149 wtwfb_entry type-wtwfb_entry status-publish has-post-thumbnail hentry wtwfb_category-kommunale-flaechen wtwfb_region-nordrhein-westfalen\">\n    <h2 class=\"entry-title\"><a href=\"https:\/\/wettbewerb-archiv.wir-tun-was-fuer-bienen.de\/archiv-2023\/eintrag\/2023-keine-angst-vor-wilden-bienen\/\">Keine Angst vor wilden Bienen<\/a>\n    <\/h2>\n    <a href=\"https:\/\/wettbewerb-archiv.wir-tun-was-fuer-bienen.de\/archiv-2023\/eintrag\/2023-keine-angst-vor-wilden-bienen\/\">\n        <div class=\"bienen-entry-image\">\n            <img decoding=\"async\" width=\"400\" height=\"300\" src=\"https:\/\/wettbewerb-archiv.wir-tun-was-fuer-bienen.de\/archiv-2023\/wp-content\/uploads\/sites\/8\/2023\/07\/DJI_0097-400x300.jpg\" class=\"attachment-bienen-grid-thumb size-bienen-grid-thumb wp-post-image\" alt=\"\" loading=\"lazy\" \/>                    <\/div>\n    <\/a>\n\n    \n\n    <div class=\"user flex\">\n        \n                    <img decoding=\"async\" src=\"https:\/\/wettbewerb-archiv.wir-tun-was-fuer-bienen.de\/archiv-2023\/wp-content\/themes\/bienen\/assets\/images\/avatar-placeholder.png\" style=\"border-radius: 30px;\" height=\"30\" width=\"30\">\n            Bachumer Bienensch\u00fctzer            <\/div>\n            <p class=\"categories meta\" style=\"color: #c32731; font-weight: bold; width: 100%\"><span class=\"fa fa-music\"\n                                                                                                aria-hidden=\"true\"><\/span> Extrapreis Musik\n            f\u00fcr Bienenschutz\n        <\/p>\n    \n    <p class=\"categories meta bienen-gewinner\"><span class=\"fa fa-trophy\"                                                              aria-hidden=\"true\"><\/span> Gewinner<\/p>\n            <p class=\"categories meta\" style=\"width: 100%\"><span class=\"fa fa-tag\"\n                                                             aria-hidden=\"true\"><\/span> Kommunale Fl\u00e4chen        <\/p>\n    \n            <p class=\"categories meta\" style=\"width: 100%\"><span class=\"fa fa-map-marker\"\n                                                             aria-hidden=\"true\"><\/span> Nordrhein-Westfalen        <\/p>\n    \n<\/article>\n   \n\t\t\n          <article id=\"post-104855\" class=\"et_pb_post post-104855 wtwfb_entry type-wtwfb_entry status-publish has-post-thumbnail hentry wtwfb_category-kleingartenparzellen wtwfb_region-mecklenburg-vorpommern\">\n    <h2 class=\"entry-title\"><a href=\"https:\/\/wettbewerb-archiv.wir-tun-was-fuer-bienen.de\/archiv-2023\/eintrag\/2023-bunter-naturgarten-in-einer-gartensparte\/\">Bunter Naturgarten in einer Gartensparte<\/a>\n    <\/h2>\n    <a href=\"https:\/\/wettbewerb-archiv.wir-tun-was-fuer-bienen.de\/archiv-2023\/eintrag\/2023-bunter-naturgarten-in-einer-gartensparte\/\">\n        <div class=\"bienen-entry-image\">\n            <img decoding=\"async\" width=\"400\" height=\"300\" src=\"https:\/\/wettbewerb-archiv.wir-tun-was-fuer-bienen.de\/archiv-2023\/wp-content\/uploads\/sites\/8\/2023\/07\/Garten1-1-400x300.jpg\" class=\"attachment-bienen-grid-thumb size-bienen-grid-thumb wp-post-image\" alt=\"\" loading=\"lazy\" srcset=\"https:\/\/wettbewerb-archiv.wir-tun-was-fuer-bienen.de\/archiv-2023\/wp-content\/uploads\/sites\/8\/2023\/07\/Garten1-1-400x300.jpg 400w, https:\/\/wettbewerb-archiv.wir-tun-was-fuer-bienen.de\/archiv-2023\/wp-content\/uploads\/sites\/8\/2023\/07\/Garten1-1-768x576.jpg 768w, https:\/\/wettbewerb-archiv.wir-tun-was-fuer-bienen.de\/archiv-2023\/wp-content\/uploads\/sites\/8\/2023\/07\/Garten1-1-1024x768.jpg 1024w, https:\/\/wettbewerb-archiv.wir-tun-was-fuer-bienen.de\/archiv-2023\/wp-content\/uploads\/sites\/8\/2023\/07\/Garten1-1.jpg 1400w\" sizes=\"(max-width: 400px) 100vw, 400px\" \/>                    <\/div>\n    <\/a>\n\n    \n\n    <div class=\"user flex\">\n        \n                    <img decoding=\"async\" src=\"https:\/\/wettbewerb-archiv.wir-tun-was-fuer-bienen.de\/archiv-2023\/wp-content\/themes\/bienen\/assets\/images\/avatar-placeholder.png\" style=\"border-radius: 30px;\" height=\"30\" width=\"30\">\n            Bunter Garten            <\/div>\n    \n    <p class=\"categories meta bienen-gewinner\"><span class=\"fa fa-trophy\"                                                              aria-hidden=\"true\"><\/span> Gewinner<\/p>\n            <p class=\"categories meta\" style=\"width: 100%\"><span class=\"fa fa-tag\"\n                                                             aria-hidden=\"true\"><\/span> Kleingartenparzellen        <\/p>\n    \n            <p class=\"categories meta\" style=\"width: 100%\"><span class=\"fa fa-map-marker\"\n                                                             aria-hidden=\"true\"><\/span> Mecklenburg-Vorpommern        <\/p>\n    \n<\/article>\n   \n\t\t\n          <article id=\"post-104796\" class=\"et_pb_post post-104796 wtwfb_entry type-wtwfb_entry status-publish has-post-thumbnail hentry wtwfb_category-vereinsgaerten-liegenschaften-von-verwaltung-kirche-etc-sonstige wtwfb_region-mecklenburg-vorpommern\">\n    <h2 class=\"entry-title\"><a href=\"https:\/\/wettbewerb-archiv.wir-tun-was-fuer-bienen.de\/archiv-2023\/eintrag\/2023-tierfreundlicher-garten\/\">Tierfreundlicher Garten<\/a>\n    <\/h2>\n    <a href=\"https:\/\/wettbewerb-archiv.wir-tun-was-fuer-bienen.de\/archiv-2023\/eintrag\/2023-tierfreundlicher-garten\/\">\n        <div class=\"bienen-entry-image\">\n            <img decoding=\"async\" width=\"400\" height=\"300\" src=\"https:\/\/wettbewerb-archiv.wir-tun-was-fuer-bienen.de\/archiv-2023\/wp-content\/uploads\/sites\/8\/2023\/07\/P1000352-400x300.jpg\" class=\"attachment-bienen-grid-thumb size-bienen-grid-thumb wp-post-image\" alt=\"\" loading=\"lazy\" \/>                    <\/div>\n    <\/a>\n\n    \n\n    <div class=\"user flex\">\n        \n                    <img decoding=\"async\" src=\"https:\/\/wettbewerb-archiv.wir-tun-was-fuer-bienen.de\/archiv-2023\/wp-content\/themes\/bienen\/assets\/images\/avatar-placeholder.png\" style=\"border-radius: 30px;\" height=\"30\" width=\"30\">\n            Lottihof f\u00fcr Kinder und Tiere e.V.            <\/div>\n    \n    \n            <p class=\"categories meta\" style=\"width: 100%\"><span class=\"fa fa-tag\"\n                                                             aria-hidden=\"true\"><\/span> Vereinsg\u00e4rten, Unis, Liegenschaften von Verwaltung, Kirche etc, Sonstige        <\/p>\n    \n            <p class=\"categories meta\" style=\"width: 100%\"><span class=\"fa fa-map-marker\"\n                                                             aria-hidden=\"true\"><\/span> Mecklenburg-Vorpommern        <\/p>\n    \n<\/article>\n   \n\t\t\n          <article id=\"post-104741\" class=\"et_pb_post post-104741 wtwfb_entry type-wtwfb_entry status-publish has-post-thumbnail hentry wtwfb_category-privatgaerten-gross-500-m wtwfb_region-bayern\">\n    <h2 class=\"entry-title\"><a href=\"https:\/\/wettbewerb-archiv.wir-tun-was-fuer-bienen.de\/archiv-2023\/eintrag\/2023-hortus-kunterbunt-mut-zum-traumgarten\/\">Hortus Kunterbunt &#8211; Mut zum Familien-Traumgarten<\/a>\n    <\/h2>\n    <a href=\"https:\/\/wettbewerb-archiv.wir-tun-was-fuer-bienen.de\/archiv-2023\/eintrag\/2023-hortus-kunterbunt-mut-zum-traumgarten\/\">\n        <div class=\"bienen-entry-image\">\n            <img decoding=\"async\" width=\"400\" height=\"300\" src=\"https:\/\/wettbewerb-archiv.wir-tun-was-fuer-bienen.de\/archiv-2023\/wp-content\/uploads\/sites\/8\/2023\/07\/IMG_20230528_114647_Aussichtspunkt-400x300.jpg\" class=\"attachment-bienen-grid-thumb size-bienen-grid-thumb wp-post-image\" alt=\"\" loading=\"lazy\" \/>                    <\/div>\n    <\/a>\n\n    \n\n    <div class=\"user flex\">\n        \n                    <img decoding=\"async\" src=\"https:\/\/wettbewerb-archiv.wir-tun-was-fuer-bienen.de\/archiv-2023\/wp-content\/themes\/bienen\/assets\/images\/avatar-placeholder.png\" style=\"border-radius: 30px;\" height=\"30\" width=\"30\">\n            Mindelheim summt            <\/div>\n    \n    <p class=\"categories meta bienen-gewinner\"><span class=\"fa fa-trophy\"                                                              aria-hidden=\"true\"><\/span> Gewinner<\/p>\n            <p class=\"categories meta\" style=\"width: 100%\"><span class=\"fa fa-tag\"\n                                                             aria-hidden=\"true\"><\/span> Privatg\u00e4rten gro\u00df (ab 500 m\u00b2)        <\/p>\n    \n            <p class=\"categories meta\" style=\"width: 100%\"><span class=\"fa fa-map-marker\"\n                                                             aria-hidden=\"true\"><\/span> Bayern        <\/p>\n    \n<\/article>\n   \n\t\t\n          <article id=\"post-104704\" class=\"et_pb_post post-104704 wtwfb_entry type-wtwfb_entry status-publish has-post-thumbnail hentry wtwfb_category-privatgaerten-klein-500-m2 wtwfb_region-hessen\">\n    <h2 class=\"entry-title\"><a href=\"https:\/\/wettbewerb-archiv.wir-tun-was-fuer-bienen.de\/archiv-2023\/eintrag\/2023-mit-den-hummeln-bummeln-insektenparadies-im-vorgarten\/\">Mit den Hummeln bummeln &#8211; Insektenparadies im Vorgarten<\/a>\n    <\/h2>\n    <a href=\"https:\/\/wettbewerb-archiv.wir-tun-was-fuer-bienen.de\/archiv-2023\/eintrag\/2023-mit-den-hummeln-bummeln-insektenparadies-im-vorgarten\/\">\n        <div class=\"bienen-entry-image\">\n            <img decoding=\"async\" width=\"400\" height=\"300\" src=\"https:\/\/wettbewerb-archiv.wir-tun-was-fuer-bienen.de\/archiv-2023\/wp-content\/uploads\/sites\/8\/2023\/07\/Deutschland-summt-Gudruns-Paolas-Insektenparadies-21.07.2023-30-400x300.jpg\" class=\"attachment-bienen-grid-thumb size-bienen-grid-thumb wp-post-image\" alt=\"\" loading=\"lazy\" srcset=\"https:\/\/wettbewerb-archiv.wir-tun-was-fuer-bienen.de\/archiv-2023\/wp-content\/uploads\/sites\/8\/2023\/07\/Deutschland-summt-Gudruns-Paolas-Insektenparadies-21.07.2023-30-400x300.jpg 400w, https:\/\/wettbewerb-archiv.wir-tun-was-fuer-bienen.de\/archiv-2023\/wp-content\/uploads\/sites\/8\/2023\/07\/Deutschland-summt-Gudruns-Paolas-Insektenparadies-21.07.2023-30-768x576.jpg 768w, https:\/\/wettbewerb-archiv.wir-tun-was-fuer-bienen.de\/archiv-2023\/wp-content\/uploads\/sites\/8\/2023\/07\/Deutschland-summt-Gudruns-Paolas-Insektenparadies-21.07.2023-30-1024x768.jpg 1024w, https:\/\/wettbewerb-archiv.wir-tun-was-fuer-bienen.de\/archiv-2023\/wp-content\/uploads\/sites\/8\/2023\/07\/Deutschland-summt-Gudruns-Paolas-Insektenparadies-21.07.2023-30.jpg 1920w\" sizes=\"(max-width: 400px) 100vw, 400px\" \/>                    <\/div>\n    <\/a>\n\n    \n\n    <div class=\"user flex\">\n        \n                    <img decoding=\"async\" src=\"https:\/\/wettbewerb-archiv.wir-tun-was-fuer-bienen.de\/archiv-2023\/wp-content\/themes\/bienen\/assets\/images\/avatar-placeholder.png\" style=\"border-radius: 30px;\" height=\"30\" width=\"30\">\n            Gudrun und Paola Fuchs            <\/div>\n    \n    \n            <p class=\"categories meta\" style=\"width: 100%\"><span class=\"fa fa-tag\"\n                                                             aria-hidden=\"true\"><\/span> Privatg\u00e4rten klein (bis 500 m2)        <\/p>\n    \n            <p class=\"categories meta\" style=\"width: 100%\"><span class=\"fa fa-map-marker\"\n                                                             aria-hidden=\"true\"><\/span> Hessen        <\/p>\n    \n<\/article>\n   \n\t\t\n          <article id=\"post-104685\" class=\"et_pb_post post-104685 wtwfb_entry type-wtwfb_entry status-publish has-post-thumbnail hentry wtwfb_category-privatgaerten-gross-500-m wtwfb_region-nordrhein-westfalen\">\n    <h2 class=\"entry-title\"><a href=\"https:\/\/wettbewerb-archiv.wir-tun-was-fuer-bienen.de\/archiv-2023\/eintrag\/2023-hortus-phoenix\/\">Hortus Ph\u00f6nix- Aus dem nichts entstanden<\/a>\n    <\/h2>\n    <a href=\"https:\/\/wettbewerb-archiv.wir-tun-was-fuer-bienen.de\/archiv-2023\/eintrag\/2023-hortus-phoenix\/\">\n        <div class=\"bienen-entry-image\">\n            <img decoding=\"async\" width=\"400\" height=\"300\" src=\"https:\/\/wettbewerb-archiv.wir-tun-was-fuer-bienen.de\/archiv-2023\/wp-content\/uploads\/sites\/8\/2023\/07\/IMG_8452-400x300.jpeg\" class=\"attachment-bienen-grid-thumb size-bienen-grid-thumb wp-post-image\" alt=\"\" loading=\"lazy\" \/>                    <\/div>\n    <\/a>\n\n    \n\n    <div class=\"user flex\">\n        \n                    <img decoding=\"async\" src=\"https:\/\/wettbewerb-archiv.wir-tun-was-fuer-bienen.de\/archiv-2023\/wp-content\/themes\/bienen\/assets\/images\/avatar-placeholder.png\" style=\"border-radius: 30px;\" height=\"30\" width=\"30\">\n            Hortus Ph\u00f6nix            <\/div>\n    \n    <p class=\"categories meta bienen-gewinner\"><span class=\"fa fa-trophy\"                                                              aria-hidden=\"true\"><\/span> Gewinner<\/p>\n            <p class=\"categories meta\" style=\"width: 100%\"><span class=\"fa fa-tag\"\n                                                             aria-hidden=\"true\"><\/span> Privatg\u00e4rten gro\u00df (ab 500 m\u00b2)        <\/p>\n    \n            <p class=\"categories meta\" style=\"width: 100%\"><span class=\"fa fa-map-marker\"\n                                                             aria-hidden=\"true\"><\/span> Nordrhein-Westfalen        <\/p>\n    \n<\/article>\n   \n\t\t\n          <article id=\"post-104580\" class=\"et_pb_post post-104580 wtwfb_entry type-wtwfb_entry status-publish has-post-thumbnail hentry wtwfb_category-privatgaerten-gross-500-m wtwfb_region-brandenburg\">\n    <h2 class=\"entry-title\"><a href=\"https:\/\/wettbewerb-archiv.wir-tun-was-fuer-bienen.de\/archiv-2023\/eintrag\/2023-jacobsdorfer-bienen-arche\/\">Jacobsdorfer Insekten-Paradies<\/a>\n    <\/h2>\n    <a href=\"https:\/\/wettbewerb-archiv.wir-tun-was-fuer-bienen.de\/archiv-2023\/eintrag\/2023-jacobsdorfer-bienen-arche\/\">\n        <div class=\"bienen-entry-image\">\n            <img decoding=\"async\" width=\"400\" height=\"300\" src=\"https:\/\/wettbewerb-archiv.wir-tun-was-fuer-bienen.de\/archiv-2023\/wp-content\/uploads\/sites\/8\/2023\/07\/4562810a-5481-4357-a46c-ec47a8371c0e-400x300.jpg\" class=\"attachment-bienen-grid-thumb size-bienen-grid-thumb wp-post-image\" alt=\"\" loading=\"lazy\" \/>                    <\/div>\n    <\/a>\n\n    \n\n    <div class=\"user flex\">\n        \n                    <img decoding=\"async\" src=\"https:\/\/wettbewerb-archiv.wir-tun-was-fuer-bienen.de\/archiv-2023\/wp-content\/themes\/bienen\/assets\/images\/avatar-placeholder.png\" style=\"border-radius: 30px;\" height=\"30\" width=\"30\">\n            Michas Insekten-Paradies            <\/div>\n    \n    <p class=\"categories meta bienen-gewinner\"><span class=\"fa fa-trophy\"                                                              aria-hidden=\"true\"><\/span> Gewinner<\/p>\n            <p class=\"categories meta\" style=\"width: 100%\"><span class=\"fa fa-tag\"\n                                                             aria-hidden=\"true\"><\/span> Privatg\u00e4rten gro\u00df (ab 500 m\u00b2)        <\/p>\n    \n            <p class=\"categories meta\" style=\"width: 100%\"><span class=\"fa fa-map-marker\"\n                                                             aria-hidden=\"true\"><\/span> Brandenburg        <\/p>\n    \n<\/article>\n   \n\t\t\n          <article id=\"post-104453\" class=\"et_pb_post post-104453 wtwfb_entry type-wtwfb_entry status-publish has-post-thumbnail hentry wtwfb_category-kleingartenparzellen wtwfb_region-berlin\">\n    <h2 class=\"entry-title\"><a href=\"https:\/\/wettbewerb-archiv.wir-tun-was-fuer-bienen.de\/archiv-2023\/eintrag\/2023-kleingarten-als-lebensraum-fuer-2-4-und-6-beiner\/\">Kleingarten: Oase f\u00fcr 2 ,4 und 6-Beiner<\/a>\n    <\/h2>\n    <a href=\"https:\/\/wettbewerb-archiv.wir-tun-was-fuer-bienen.de\/archiv-2023\/eintrag\/2023-kleingarten-als-lebensraum-fuer-2-4-und-6-beiner\/\">\n        <div class=\"bienen-entry-image\">\n            <img decoding=\"async\" width=\"400\" height=\"300\" src=\"https:\/\/wettbewerb-archiv.wir-tun-was-fuer-bienen.de\/archiv-2023\/wp-content\/uploads\/sites\/8\/2023\/07\/signal-2023-07-20-16-55-42-3391-400x300.jpg\" class=\"attachment-bienen-grid-thumb size-bienen-grid-thumb wp-post-image\" alt=\"\" loading=\"lazy\" \/>                    <\/div>\n    <\/a>\n\n    \n\n    <div class=\"user flex\">\n        \n                    <img decoding=\"async\" src=\"https:\/\/wettbewerb-archiv.wir-tun-was-fuer-bienen.de\/archiv-2023\/wp-content\/themes\/bienen\/assets\/images\/avatar-placeholder.png\" style=\"border-radius: 30px;\" height=\"30\" width=\"30\">\n            Villa Kunterbunt            <\/div>\n    \n    <p class=\"categories meta bienen-gewinner\"><span class=\"fa fa-trophy\"                                                              aria-hidden=\"true\"><\/span> Gewinner<\/p>\n            <p class=\"categories meta\" style=\"width: 100%\"><span class=\"fa fa-tag\"\n                                                             aria-hidden=\"true\"><\/span> Kleingartenparzellen        <\/p>\n    \n            <p class=\"categories meta\" style=\"width: 100%\"><span class=\"fa fa-map-marker\"\n                                                             aria-hidden=\"true\"><\/span> Berlin        <\/p>\n    \n<\/article>\n   \n\t\t\n          <article id=\"post-104446\" class=\"et_pb_post post-104446 wtwfb_entry type-wtwfb_entry status-publish has-post-thumbnail hentry wtwfb_category-bestehende-naturgaerten wtwfb_region-nordrhein-westfalen\">\n    <h2 class=\"entry-title\"><a href=\"https:\/\/wettbewerb-archiv.wir-tun-was-fuer-bienen.de\/archiv-2023\/eintrag\/2023-paradies-fuer-wildbienen\/\">Paradies f\u00fcr Wildbienen<\/a>\n    <\/h2>\n    <a href=\"https:\/\/wettbewerb-archiv.wir-tun-was-fuer-bienen.de\/archiv-2023\/eintrag\/2023-paradies-fuer-wildbienen\/\">\n        <div class=\"bienen-entry-image\">\n            <img decoding=\"async\" width=\"400\" height=\"300\" src=\"https:\/\/wettbewerb-archiv.wir-tun-was-fuer-bienen.de\/archiv-2023\/wp-content\/uploads\/sites\/8\/2023\/07\/IMG_1026-schoenster-garten-400x300.jpg\" class=\"attachment-bienen-grid-thumb size-bienen-grid-thumb wp-post-image\" alt=\"\" loading=\"lazy\" \/>                    <\/div>\n    <\/a>\n\n    \n\n    <div class=\"user flex\">\n        \n                    <img decoding=\"async\" src=\"https:\/\/wettbewerb-archiv.wir-tun-was-fuer-bienen.de\/archiv-2023\/wp-content\/themes\/bienen\/assets\/images\/avatar-placeholder.png\" style=\"border-radius: 30px;\" height=\"30\" width=\"30\">\n            G\u00fcnter Heck            <\/div>\n    \n    \n            <p class=\"categories meta\" style=\"width: 100%\"><span class=\"fa fa-tag\"\n                                                             aria-hidden=\"true\"><\/span> Bestehende Naturg\u00e4rten (Pflege und Infoarbeit)        <\/p>\n    \n            <p class=\"categories meta\" style=\"width: 100%\"><span class=\"fa fa-map-marker\"\n                                                             aria-hidden=\"true\"><\/span> Nordrhein-Westfalen        <\/p>\n    \n<\/article>\n   \n\t\t\n          <article id=\"post-104362\" class=\"et_pb_post post-104362 wtwfb_entry type-wtwfb_entry status-publish has-post-thumbnail hentry wtwfb_category-privatgaerten-gross-500-m wtwfb_region-brandenburg\">\n    <h2 class=\"entry-title\"><a href=\"https:\/\/wettbewerb-archiv.wir-tun-was-fuer-bienen.de\/archiv-2023\/eintrag\/2023-insekten-oase\/\">Insekten-Oase<\/a>\n    <\/h2>\n    <a href=\"https:\/\/wettbewerb-archiv.wir-tun-was-fuer-bienen.de\/archiv-2023\/eintrag\/2023-insekten-oase\/\">\n        <div class=\"bienen-entry-image\">\n            <img decoding=\"async\" width=\"400\" height=\"300\" src=\"https:\/\/wettbewerb-archiv.wir-tun-was-fuer-bienen.de\/archiv-2023\/wp-content\/uploads\/sites\/8\/2023\/07\/20230701_184226-400x300.jpg\" class=\"attachment-bienen-grid-thumb size-bienen-grid-thumb wp-post-image\" alt=\"\" loading=\"lazy\" \/>                    <\/div>\n    <\/a>\n\n    \n\n    <div class=\"user flex\">\n        \n                    <img decoding=\"async\" src=\"https:\/\/wettbewerb-archiv.wir-tun-was-fuer-bienen.de\/archiv-2023\/wp-content\/themes\/bienen\/assets\/images\/avatar-placeholder.png\" style=\"border-radius: 30px;\" height=\"30\" width=\"30\">\n            Familie St\u00fcrmer            <\/div>\n    \n    \n            <p class=\"categories meta\" style=\"width: 100%\"><span class=\"fa fa-tag\"\n                                                             aria-hidden=\"true\"><\/span> Privatg\u00e4rten gro\u00df (ab 500 m\u00b2)        <\/p>\n    \n            <p class=\"categories meta\" style=\"width: 100%\"><span class=\"fa fa-map-marker\"\n                                                             aria-hidden=\"true\"><\/span> Brandenburg        <\/p>\n    \n<\/article>\n   \n\t\t\n          <article id=\"post-104270\" class=\"et_pb_post post-104270 wtwfb_entry type-wtwfb_entry status-publish has-post-thumbnail hentry wtwfb_category-schul-und-jugendclubgaerten wtwfb_region-schleswig-holstein\">\n    <h2 class=\"entry-title\"><a href=\"https:\/\/wettbewerb-archiv.wir-tun-was-fuer-bienen.de\/archiv-2023\/eintrag\/2023-schul-schrebergarten\/\">Schul-Schrebergarten<\/a>\n    <\/h2>\n    <a href=\"https:\/\/wettbewerb-archiv.wir-tun-was-fuer-bienen.de\/archiv-2023\/eintrag\/2023-schul-schrebergarten\/\">\n        <div class=\"bienen-entry-image\">\n            <img decoding=\"async\" width=\"400\" height=\"300\" src=\"https:\/\/wettbewerb-archiv.wir-tun-was-fuer-bienen.de\/archiv-2023\/wp-content\/uploads\/sites\/8\/2023\/07\/IMG_4892-400x300.jpeg\" class=\"attachment-bienen-grid-thumb size-bienen-grid-thumb wp-post-image\" alt=\"\" loading=\"lazy\" \/>                    <\/div>\n    <\/a>\n\n    \n\n    <div class=\"user flex\">\n        \n                    <img decoding=\"async\" src=\"https:\/\/wettbewerb-archiv.wir-tun-was-fuer-bienen.de\/archiv-2023\/wp-content\/themes\/bienen\/assets\/images\/avatar-placeholder.png\" style=\"border-radius: 30px;\" height=\"30\" width=\"30\">\n            Gustav-Peters-Schule            <\/div>\n    \n    \n            <p class=\"categories meta\" style=\"width: 100%\"><span class=\"fa fa-tag\"\n                                                             aria-hidden=\"true\"><\/span> Schulg\u00e4rten        <\/p>\n    \n            <p class=\"categories meta\" style=\"width: 100%\"><span class=\"fa fa-map-marker\"\n                                                             aria-hidden=\"true\"><\/span> Schleswig-Holstein        <\/p>\n    \n<\/article>\n   \n\t\t\n          <article id=\"post-104181\" class=\"et_pb_post post-104181 wtwfb_entry type-wtwfb_entry status-publish has-post-thumbnail hentry wtwfb_category-balkone-terrassen-dachbegruenung-vertikale-gaerten wtwfb_region-niedersachsen\">\n    <h2 class=\"entry-title\"><a href=\"https:\/\/wettbewerb-archiv.wir-tun-was-fuer-bienen.de\/archiv-2023\/eintrag\/2023-hausbegruenung\/\">Hausbegr\u00fcnung<\/a>\n    <\/h2>\n    <a href=\"https:\/\/wettbewerb-archiv.wir-tun-was-fuer-bienen.de\/archiv-2023\/eintrag\/2023-hausbegruenung\/\">\n        <div class=\"bienen-entry-image\">\n            <img decoding=\"async\" width=\"400\" height=\"300\" src=\"https:\/\/wettbewerb-archiv.wir-tun-was-fuer-bienen.de\/archiv-2023\/wp-content\/uploads\/sites\/8\/2023\/07\/2022-M10-Biene-Efeu-400x300.jpg\" class=\"attachment-bienen-grid-thumb size-bienen-grid-thumb wp-post-image\" alt=\"\" loading=\"lazy\" \/>                    <\/div>\n    <\/a>\n\n    \n\n    <div class=\"user flex\">\n        \n                    <img decoding=\"async\" src=\"https:\/\/wettbewerb-archiv.wir-tun-was-fuer-bienen.de\/archiv-2023\/wp-content\/themes\/bienen\/assets\/images\/avatar-placeholder.png\" style=\"border-radius: 30px;\" height=\"30\" width=\"30\">\n            Gerheide Kn\u00fcttel            <\/div>\n    \n    \n            <p class=\"categories meta\" style=\"width: 100%\"><span class=\"fa fa-tag\"\n                                                             aria-hidden=\"true\"><\/span> Balkone, Terrassen, Dachg\u00e4rten, vertikale G\u00e4rten        <\/p>\n    \n            <p class=\"categories meta\" style=\"width: 100%\"><span class=\"fa fa-map-marker\"\n                                                             aria-hidden=\"true\"><\/span> Niedersachsen        <\/p>\n    \n<\/article>\n   \n\t\t\n          <article id=\"post-104154\" class=\"et_pb_post post-104154 wtwfb_entry type-wtwfb_entry status-publish has-post-thumbnail hentry wtwfb_category-kita-gaerten wtwfb_region-nordrhein-westfalen\">\n    <h2 class=\"entry-title\"><a href=\"https:\/\/wettbewerb-archiv.wir-tun-was-fuer-bienen.de\/archiv-2023\/eintrag\/2023-verwoehnprogramm-fuer-die-bienen\/\">Verw\u00f6hnprogramm f\u00fcr Bienen<\/a>\n    <\/h2>\n    <a href=\"https:\/\/wettbewerb-archiv.wir-tun-was-fuer-bienen.de\/archiv-2023\/eintrag\/2023-verwoehnprogramm-fuer-die-bienen\/\">\n        <div class=\"bienen-entry-image\">\n            <img decoding=\"async\" width=\"400\" height=\"300\" src=\"https:\/\/wettbewerb-archiv.wir-tun-was-fuer-bienen.de\/archiv-2023\/wp-content\/uploads\/sites\/8\/2023\/07\/IMG_1056-400x300.jpg\" class=\"attachment-bienen-grid-thumb size-bienen-grid-thumb wp-post-image\" alt=\"\" loading=\"lazy\" \/>                    <\/div>\n    <\/a>\n\n    \n\n    <div class=\"user flex\">\n        \n                    <img decoding=\"async\" src=\"https:\/\/wettbewerb-archiv.wir-tun-was-fuer-bienen.de\/archiv-2023\/wp-content\/themes\/bienen\/assets\/images\/avatar-placeholder.png\" style=\"border-radius: 30px;\" height=\"30\" width=\"30\">\n            Inklusives Familienzentrum Auf der Liester            <\/div>\n    \n    <p class=\"categories meta bienen-gewinner\"><span class=\"fa fa-trophy\"                                                              aria-hidden=\"true\"><\/span> Gewinner<\/p>\n            <p class=\"categories meta\" style=\"width: 100%\"><span class=\"fa fa-tag\"\n                                                             aria-hidden=\"true\"><\/span> Kita-G\u00e4rten        <\/p>\n    \n            <p class=\"categories meta\" style=\"width: 100%\"><span class=\"fa fa-map-marker\"\n                                                             aria-hidden=\"true\"><\/span> Nordrhein-Westfalen        <\/p>\n    \n<\/article>\n   \n\t\t\n          <article id=\"post-104109\" class=\"et_pb_post post-104109 wtwfb_entry type-wtwfb_entry status-publish has-post-thumbnail hentry wtwfb_category-firmengaerten wtwfb_region-berlin\">\n    <h2 class=\"entry-title\"><a href=\"https:\/\/wettbewerb-archiv.wir-tun-was-fuer-bienen.de\/archiv-2023\/eintrag\/2023-lebendige-stadtgaertnerei\/\">Lebendige Stadtg\u00e4rtnerei<\/a>\n    <\/h2>\n    <a href=\"https:\/\/wettbewerb-archiv.wir-tun-was-fuer-bienen.de\/archiv-2023\/eintrag\/2023-lebendige-stadtgaertnerei\/\">\n        <div class=\"bienen-entry-image\">\n            <img decoding=\"async\" width=\"400\" height=\"300\" src=\"https:\/\/wettbewerb-archiv.wir-tun-was-fuer-bienen.de\/archiv-2023\/wp-content\/uploads\/sites\/8\/2023\/07\/IMG_8819-400x300.jpeg\" class=\"attachment-bienen-grid-thumb size-bienen-grid-thumb wp-post-image\" alt=\"\" loading=\"lazy\" \/>                    <\/div>\n    <\/a>\n\n    \n\n    <div class=\"user flex\">\n        \n                    <img decoding=\"async\" src=\"https:\/\/wettbewerb-archiv.wir-tun-was-fuer-bienen.de\/archiv-2023\/wp-content\/themes\/bienen\/assets\/images\/avatar-placeholder.png\" style=\"border-radius: 30px;\" height=\"30\" width=\"30\">\n            Lebendige Stadtg\u00e4rtnerei            <\/div>\n    \n    <p class=\"categories meta bienen-gewinner\"><span class=\"fa fa-trophy\"                                                              aria-hidden=\"true\"><\/span> Gewinner<\/p>\n            <p class=\"categories meta\" style=\"width: 100%\"><span class=\"fa fa-tag\"\n                                                             aria-hidden=\"true\"><\/span> Firmeng\u00e4rten        <\/p>\n    \n            <p class=\"categories meta\" style=\"width: 100%\"><span class=\"fa fa-map-marker\"\n                                                             aria-hidden=\"true\"><\/span> Berlin        <\/p>\n    \n<\/article>\n   \n\t\t\n          <article id=\"post-104067\" class=\"et_pb_post post-104067 wtwfb_entry type-wtwfb_entry status-publish has-post-thumbnail hentry wtwfb_category-kleingartenparzellen wtwfb_region-berlin\">\n    <h2 class=\"entry-title\"><a href=\"https:\/\/wettbewerb-archiv.wir-tun-was-fuer-bienen.de\/archiv-2023\/eintrag\/2023-bienen-fuer-die-ganze-kolonie\/\">Bienen f\u00fcr die ganze Kolonie<\/a>\n    <\/h2>\n    <a href=\"https:\/\/wettbewerb-archiv.wir-tun-was-fuer-bienen.de\/archiv-2023\/eintrag\/2023-bienen-fuer-die-ganze-kolonie\/\">\n        <div class=\"bienen-entry-image\">\n            <img decoding=\"async\" width=\"400\" height=\"300\" src=\"https:\/\/wettbewerb-archiv.wir-tun-was-fuer-bienen.de\/archiv-2023\/wp-content\/uploads\/sites\/8\/2023\/07\/20230520_142439-400x300.jpg\" class=\"attachment-bienen-grid-thumb size-bienen-grid-thumb wp-post-image\" alt=\"\" loading=\"lazy\" \/>                    <\/div>\n    <\/a>\n\n    \n\n    <div class=\"user flex\">\n        \n                    <img decoding=\"async\" src=\"https:\/\/wettbewerb-archiv.wir-tun-was-fuer-bienen.de\/archiv-2023\/wp-content\/themes\/bienen\/assets\/images\/avatar-placeholder.png\" style=\"border-radius: 30px;\" height=\"30\" width=\"30\">\n            Gr\u00fcnau e.V.            <\/div>\n    \n    \n            <p class=\"categories meta\" style=\"width: 100%\"><span class=\"fa fa-tag\"\n                                                             aria-hidden=\"true\"><\/span> Kleingartenparzellen        <\/p>\n    \n            <p class=\"categories meta\" style=\"width: 100%\"><span class=\"fa fa-map-marker\"\n                                                             aria-hidden=\"true\"><\/span> Berlin        <\/p>\n    \n<\/article>\n   \n\t\t\n          <article id=\"post-103782\" class=\"et_pb_post post-103782 wtwfb_entry type-wtwfb_entry status-publish has-post-thumbnail hentry wtwfb_category-balkone-terrassen-dachbegruenung-vertikale-gaerten wtwfb_region-baden-wuerttemberg\">\n    <h2 class=\"entry-title\"><a href=\"https:\/\/wettbewerb-archiv.wir-tun-was-fuer-bienen.de\/archiv-2023\/eintrag\/2023-paradieschen-im-3-stock\/\">Paradieschen im 3. Stock<\/a>\n    <\/h2>\n    <a href=\"https:\/\/wettbewerb-archiv.wir-tun-was-fuer-bienen.de\/archiv-2023\/eintrag\/2023-paradieschen-im-3-stock\/\">\n        <div class=\"bienen-entry-image\">\n            <img decoding=\"async\" width=\"400\" height=\"300\" src=\"https:\/\/wettbewerb-archiv.wir-tun-was-fuer-bienen.de\/archiv-2023\/wp-content\/uploads\/sites\/8\/2023\/07\/20230711_181306-400x300.jpg\" class=\"attachment-bienen-grid-thumb size-bienen-grid-thumb wp-post-image\" alt=\"\" loading=\"lazy\" \/>                    <\/div>\n    <\/a>\n\n    \n\n    <div class=\"user flex\">\n        \n                    <img decoding=\"async\" src=\"https:\/\/wettbewerb-archiv.wir-tun-was-fuer-bienen.de\/archiv-2023\/wp-content\/themes\/bienen\/assets\/images\/avatar-placeholder.png\" style=\"border-radius: 30px;\" height=\"30\" width=\"30\">\n            Paradieschen            <\/div>\n    \n    \n            <p class=\"categories meta\" style=\"width: 100%\"><span class=\"fa fa-tag\"\n                                                             aria-hidden=\"true\"><\/span> Balkone, Terrassen, Dachg\u00e4rten, vertikale G\u00e4rten        <\/p>\n    \n            <p class=\"categories meta\" style=\"width: 100%\"><span class=\"fa fa-map-marker\"\n                                                             aria-hidden=\"true\"><\/span> Baden-W\u00fcrttemberg        <\/p>\n    \n<\/article>\n   \n\t\t\n          <article id=\"post-103715\" class=\"et_pb_post post-103715 wtwfb_entry type-wtwfb_entry status-publish has-post-thumbnail hentry wtwfb_category-vereinsgaerten-liegenschaften-von-verwaltung-kirche-etc-sonstige wtwfb_region-nordrhein-westfalen\">\n    <h2 class=\"entry-title\"><a href=\"https:\/\/wettbewerb-archiv.wir-tun-was-fuer-bienen.de\/archiv-2023\/eintrag\/2023-im-freibad-vossenack-geht-die-natur-nicht-baden-sondern-bekommt-eigenen-entwicklungsraum\/\">Im Freibad Vossenack &#8222;geht die Natur nicht baden&#8220;!<\/a>\n    <\/h2>\n    <a href=\"https:\/\/wettbewerb-archiv.wir-tun-was-fuer-bienen.de\/archiv-2023\/eintrag\/2023-im-freibad-vossenack-geht-die-natur-nicht-baden-sondern-bekommt-eigenen-entwicklungsraum\/\">\n        <div class=\"bienen-entry-image\">\n            <img decoding=\"async\" width=\"400\" height=\"300\" src=\"https:\/\/wettbewerb-archiv.wir-tun-was-fuer-bienen.de\/archiv-2023\/wp-content\/uploads\/sites\/8\/2023\/07\/TB1-400x300.jpg\" class=\"attachment-bienen-grid-thumb size-bienen-grid-thumb wp-post-image\" alt=\"\" loading=\"lazy\" srcset=\"https:\/\/wettbewerb-archiv.wir-tun-was-fuer-bienen.de\/archiv-2023\/wp-content\/uploads\/sites\/8\/2023\/07\/TB1-400x300.jpg 400w, https:\/\/wettbewerb-archiv.wir-tun-was-fuer-bienen.de\/archiv-2023\/wp-content\/uploads\/sites\/8\/2023\/07\/TB1-768x576.jpg 768w, https:\/\/wettbewerb-archiv.wir-tun-was-fuer-bienen.de\/archiv-2023\/wp-content\/uploads\/sites\/8\/2023\/07\/TB1-1024x768.jpg 1024w, https:\/\/wettbewerb-archiv.wir-tun-was-fuer-bienen.de\/archiv-2023\/wp-content\/uploads\/sites\/8\/2023\/07\/TB1.jpg 1632w\" sizes=\"(max-width: 400px) 100vw, 400px\" \/>                    <\/div>\n    <\/a>\n\n    \n\n    <div class=\"user flex\">\n        \n                    <img decoding=\"async\" src=\"https:\/\/wettbewerb-archiv.wir-tun-was-fuer-bienen.de\/archiv-2023\/wp-content\/themes\/bienen\/assets\/images\/avatar-placeholder.png\" style=\"border-radius: 30px;\" height=\"30\" width=\"30\">\n            F\u00f6rderverein Freibad Vossenack            <\/div>\n    \n    <p class=\"categories meta bienen-gewinner\"><span class=\"fa fa-trophy\"                                                              aria-hidden=\"true\"><\/span> Gewinner<\/p>\n            <p class=\"categories meta\" style=\"width: 100%\"><span class=\"fa fa-tag\"\n                                                             aria-hidden=\"true\"><\/span> Vereinsg\u00e4rten, Unis, Liegenschaften von Verwaltung, Kirche etc, Sonstige        <\/p>\n    \n            <p class=\"categories meta\" style=\"width: 100%\"><span class=\"fa fa-map-marker\"\n                                                             aria-hidden=\"true\"><\/span> Nordrhein-Westfalen        <\/p>\n    \n<\/article>\n   \n\t\t\n          <article id=\"post-103705\" class=\"et_pb_post post-103705 wtwfb_entry type-wtwfb_entry status-publish has-post-thumbnail hentry wtwfb_category-privatgaerten-klein-500-m2 wtwfb_region-niedersachsen\">\n    <h2 class=\"entry-title\"><a href=\"https:\/\/wettbewerb-archiv.wir-tun-was-fuer-bienen.de\/archiv-2023\/eintrag\/2023-pauls-wildblumenvorgarten\/\">Paul&#8217;s WildBlumenVorgarten<\/a>\n    <\/h2>\n    <a href=\"https:\/\/wettbewerb-archiv.wir-tun-was-fuer-bienen.de\/archiv-2023\/eintrag\/2023-pauls-wildblumenvorgarten\/\">\n        <div class=\"bienen-entry-image\">\n            <img decoding=\"async\" width=\"400\" height=\"300\" src=\"https:\/\/wettbewerb-archiv.wir-tun-was-fuer-bienen.de\/archiv-2023\/wp-content\/uploads\/sites\/8\/2023\/07\/FB_IMG_1689698796948-400x300.jpg\" class=\"attachment-bienen-grid-thumb size-bienen-grid-thumb wp-post-image\" alt=\"\" loading=\"lazy\" srcset=\"https:\/\/wettbewerb-archiv.wir-tun-was-fuer-bienen.de\/archiv-2023\/wp-content\/uploads\/sites\/8\/2023\/07\/FB_IMG_1689698796948-400x300.jpg 400w, https:\/\/wettbewerb-archiv.wir-tun-was-fuer-bienen.de\/archiv-2023\/wp-content\/uploads\/sites\/8\/2023\/07\/FB_IMG_1689698796948-768x576.jpg 768w, https:\/\/wettbewerb-archiv.wir-tun-was-fuer-bienen.de\/archiv-2023\/wp-content\/uploads\/sites\/8\/2023\/07\/FB_IMG_1689698796948-1024x768.jpg 1024w, https:\/\/wettbewerb-archiv.wir-tun-was-fuer-bienen.de\/archiv-2023\/wp-content\/uploads\/sites\/8\/2023\/07\/FB_IMG_1689698796948.jpg 1080w\" sizes=\"(max-width: 400px) 100vw, 400px\" \/>                    <\/div>\n    <\/a>\n\n    \n\n    <div class=\"user flex\">\n        \n                    <img decoding=\"async\" src=\"https:\/\/wettbewerb-archiv.wir-tun-was-fuer-bienen.de\/archiv-2023\/wp-content\/themes\/bienen\/assets\/images\/avatar-placeholder.png\" style=\"border-radius: 30px;\" height=\"30\" width=\"30\">\n            Paul's Garten\u2661Zoo            <\/div>\n    \n    \n            <p class=\"categories meta\" style=\"width: 100%\"><span class=\"fa fa-tag\"\n                                                             aria-hidden=\"true\"><\/span> Privatg\u00e4rten klein (bis 500 m2)        <\/p>\n    \n            <p class=\"categories meta\" style=\"width: 100%\"><span class=\"fa fa-map-marker\"\n                                                             aria-hidden=\"true\"><\/span> Niedersachsen        <\/p>\n    \n<\/article>\n   \n\t\t\n          <article id=\"post-103516\" class=\"et_pb_post post-103516 wtwfb_entry type-wtwfb_entry status-publish has-post-thumbnail hentry wtwfb_category-privatgaerten-gross-500-m wtwfb_region-thueringen\">\n    <h2 class=\"entry-title\"><a href=\"https:\/\/wettbewerb-archiv.wir-tun-was-fuer-bienen.de\/archiv-2023\/eintrag\/2023-annikas-hobbygarten\/\">Annikas Hobbygarten<\/a>\n    <\/h2>\n    <a href=\"https:\/\/wettbewerb-archiv.wir-tun-was-fuer-bienen.de\/archiv-2023\/eintrag\/2023-annikas-hobbygarten\/\">\n        <div class=\"bienen-entry-image\">\n            <img decoding=\"async\" width=\"400\" height=\"300\" src=\"https:\/\/wettbewerb-archiv.wir-tun-was-fuer-bienen.de\/archiv-2023\/wp-content\/uploads\/sites\/8\/2023\/07\/20230718_170639-1-400x300.jpg\" class=\"attachment-bienen-grid-thumb size-bienen-grid-thumb wp-post-image\" alt=\"\" loading=\"lazy\" srcset=\"https:\/\/wettbewerb-archiv.wir-tun-was-fuer-bienen.de\/archiv-2023\/wp-content\/uploads\/sites\/8\/2023\/07\/20230718_170639-1-400x300.jpg 400w, https:\/\/wettbewerb-archiv.wir-tun-was-fuer-bienen.de\/archiv-2023\/wp-content\/uploads\/sites\/8\/2023\/07\/20230718_170639-1-768x576.jpg 768w, https:\/\/wettbewerb-archiv.wir-tun-was-fuer-bienen.de\/archiv-2023\/wp-content\/uploads\/sites\/8\/2023\/07\/20230718_170639-1-1024x768.jpg 1024w, https:\/\/wettbewerb-archiv.wir-tun-was-fuer-bienen.de\/archiv-2023\/wp-content\/uploads\/sites\/8\/2023\/07\/20230718_170639-1.jpg 1920w\" sizes=\"(max-width: 400px) 100vw, 400px\" \/>                    <\/div>\n    <\/a>\n\n    \n\n    <div class=\"user flex\">\n        \n                    <img decoding=\"async\" src=\"https:\/\/wettbewerb-archiv.wir-tun-was-fuer-bienen.de\/archiv-2023\/wp-content\/themes\/bienen\/assets\/images\/avatar-placeholder.png\" style=\"border-radius: 30px;\" height=\"30\" width=\"30\">\n            Annikas Hobbygarten            <\/div>\n    \n    \n            <p class=\"categories meta\" style=\"width: 100%\"><span class=\"fa fa-tag\"\n                                                             aria-hidden=\"true\"><\/span> Privatg\u00e4rten gro\u00df (ab 500 m\u00b2)        <\/p>\n    \n            <p class=\"categories meta\" style=\"width: 100%\"><span class=\"fa fa-map-marker\"\n                                                             aria-hidden=\"true\"><\/span> Th\u00fcringen        <\/p>\n    \n<\/article>\n   \n\t\t\n          <article id=\"post-103244\" class=\"et_pb_post post-103244 wtwfb_entry type-wtwfb_entry status-publish has-post-thumbnail hentry wtwfb_category-schul-und-jugendclubgaerten wtwfb_region-schleswig-holstein\">\n    <h2 class=\"entry-title\"><a href=\"https:\/\/wettbewerb-archiv.wir-tun-was-fuer-bienen.de\/archiv-2023\/eintrag\/2023-schulbiotop-muehlau-schule\/\">Schulbiotop M\u00fchlau-Schule<\/a>\n    <\/h2>\n    <a href=\"https:\/\/wettbewerb-archiv.wir-tun-was-fuer-bienen.de\/archiv-2023\/eintrag\/2023-schulbiotop-muehlau-schule\/\">\n        <div class=\"bienen-entry-image\">\n            <img decoding=\"async\" width=\"400\" height=\"300\" src=\"https:\/\/wettbewerb-archiv.wir-tun-was-fuer-bienen.de\/archiv-2023\/wp-content\/uploads\/sites\/8\/2023\/07\/WhatsApp-Image-2023-07-19-at-16.43.38-400x300.jpeg\" class=\"attachment-bienen-grid-thumb size-bienen-grid-thumb wp-post-image\" alt=\"\" loading=\"lazy\" \/>                    <\/div>\n    <\/a>\n\n    \n\n    <div class=\"user flex\">\n        \n                    <img decoding=\"async\" src=\"https:\/\/wettbewerb-archiv.wir-tun-was-fuer-bienen.de\/archiv-2023\/wp-content\/themes\/bienen\/assets\/images\/avatar-placeholder.png\" style=\"border-radius: 30px;\" height=\"30\" width=\"30\">\n            Schul-und Jugendclubgarten            <\/div>\n    \n    \n            <p class=\"categories meta\" style=\"width: 100%\"><span class=\"fa fa-tag\"\n                                                             aria-hidden=\"true\"><\/span> Schulg\u00e4rten        <\/p>\n    \n            <p class=\"categories meta\" style=\"width: 100%\"><span class=\"fa fa-map-marker\"\n                                                             aria-hidden=\"true\"><\/span> Schleswig-Holstein        <\/p>\n    \n<\/article>\n   \n\t\t\n          <article id=\"post-103242\" class=\"et_pb_post post-103242 wtwfb_entry type-wtwfb_entry status-publish has-post-thumbnail hentry wtwfb_category-schul-und-jugendclubgaerten wtwfb_region-niedersachsen\">\n    <h2 class=\"entry-title\"><a href=\"https:\/\/wettbewerb-archiv.wir-tun-was-fuer-bienen.de\/archiv-2023\/eintrag\/2023-schulgarten-der-grundschule-elsdorf\/\">Schulgarten der Grundschule Elsdorf<\/a>\n    <\/h2>\n    <a href=\"https:\/\/wettbewerb-archiv.wir-tun-was-fuer-bienen.de\/archiv-2023\/eintrag\/2023-schulgarten-der-grundschule-elsdorf\/\">\n        <div class=\"bienen-entry-image\">\n            <img decoding=\"async\" width=\"400\" height=\"300\" src=\"https:\/\/wettbewerb-archiv.wir-tun-was-fuer-bienen.de\/archiv-2023\/wp-content\/uploads\/sites\/8\/2023\/07\/IMG_7871-400x300.jpg\" class=\"attachment-bienen-grid-thumb size-bienen-grid-thumb wp-post-image\" alt=\"\" loading=\"lazy\" srcset=\"https:\/\/wettbewerb-archiv.wir-tun-was-fuer-bienen.de\/archiv-2023\/wp-content\/uploads\/sites\/8\/2023\/07\/IMG_7871-400x300.jpg 400w, https:\/\/wettbewerb-archiv.wir-tun-was-fuer-bienen.de\/archiv-2023\/wp-content\/uploads\/sites\/8\/2023\/07\/IMG_7871-768x576.jpg 768w, https:\/\/wettbewerb-archiv.wir-tun-was-fuer-bienen.de\/archiv-2023\/wp-content\/uploads\/sites\/8\/2023\/07\/IMG_7871-1024x768.jpg 1024w, https:\/\/wettbewerb-archiv.wir-tun-was-fuer-bienen.de\/archiv-2023\/wp-content\/uploads\/sites\/8\/2023\/07\/IMG_7871.jpg 1920w\" sizes=\"(max-width: 400px) 100vw, 400px\" \/>                    <\/div>\n    <\/a>\n\n    \n\n    <div class=\"user flex\">\n        \n                    <img decoding=\"async\" src=\"https:\/\/wettbewerb-archiv.wir-tun-was-fuer-bienen.de\/archiv-2023\/wp-content\/themes\/bienen\/assets\/images\/avatar-placeholder.png\" style=\"border-radius: 30px;\" height=\"30\" width=\"30\">\n            Grundschule Elsdorf            <\/div>\n    \n    \n            <p class=\"categories meta\" style=\"width: 100%\"><span class=\"fa fa-tag\"\n                                                             aria-hidden=\"true\"><\/span> Schulg\u00e4rten        <\/p>\n    \n            <p class=\"categories meta\" style=\"width: 100%\"><span class=\"fa fa-map-marker\"\n                                                             aria-hidden=\"true\"><\/span> Niedersachsen        <\/p>\n    \n<\/article>\n   \n\t\t\n          <article id=\"post-103200\" class=\"et_pb_post post-103200 wtwfb_entry type-wtwfb_entry status-publish has-post-thumbnail hentry wtwfb_category-schul-und-jugendclubgaerten wtwfb_region-nordrhein-westfalen\">\n    <h2 class=\"entry-title\"><a href=\"https:\/\/wettbewerb-archiv.wir-tun-was-fuer-bienen.de\/archiv-2023\/eintrag\/2023-schulgarten-ag-gyho\/\">Schulgarten AG Gyho<\/a>\n    <\/h2>\n    <a href=\"https:\/\/wettbewerb-archiv.wir-tun-was-fuer-bienen.de\/archiv-2023\/eintrag\/2023-schulgarten-ag-gyho\/\">\n        <div class=\"bienen-entry-image\">\n            <img decoding=\"async\" width=\"400\" height=\"300\" src=\"https:\/\/wettbewerb-archiv.wir-tun-was-fuer-bienen.de\/archiv-2023\/wp-content\/uploads\/sites\/8\/2023\/07\/photo_2023-07-19_14-05-47a1-1-400x300.jpg\" class=\"attachment-bienen-grid-thumb size-bienen-grid-thumb wp-post-image\" alt=\"\" loading=\"lazy\" \/>                    <\/div>\n    <\/a>\n\n    \n\n    <div class=\"user flex\">\n        \n                    <img decoding=\"async\" src=\"https:\/\/wettbewerb-archiv.wir-tun-was-fuer-bienen.de\/archiv-2023\/wp-content\/themes\/bienen\/assets\/images\/avatar-placeholder.png\" style=\"border-radius: 30px;\" height=\"30\" width=\"30\">\n            Schulgarten AG Gyho            <\/div>\n    \n    \n            <p class=\"categories meta\" style=\"width: 100%\"><span class=\"fa fa-tag\"\n                                                             aria-hidden=\"true\"><\/span> Schulg\u00e4rten        <\/p>\n    \n            <p class=\"categories meta\" style=\"width: 100%\"><span class=\"fa fa-map-marker\"\n                                                             aria-hidden=\"true\"><\/span> Nordrhein-Westfalen        <\/p>\n    \n<\/article>\n   \n\t\t\n          <article id=\"post-103001\" class=\"et_pb_post post-103001 wtwfb_entry type-wtwfb_entry status-publish has-post-thumbnail hentry wtwfb_category-privatgaerten-gross-500-m wtwfb_region-sachsen\">\n    <h2 class=\"entry-title\"><a href=\"https:\/\/wettbewerb-archiv.wir-tun-was-fuer-bienen.de\/archiv-2023\/eintrag\/2023-pirnaer-bienengarten\/\">Pirnaer Bienengarten<\/a>\n    <\/h2>\n    <a href=\"https:\/\/wettbewerb-archiv.wir-tun-was-fuer-bienen.de\/archiv-2023\/eintrag\/2023-pirnaer-bienengarten\/\">\n        <div class=\"bienen-entry-image\">\n            <img decoding=\"async\" width=\"400\" height=\"300\" src=\"https:\/\/wettbewerb-archiv.wir-tun-was-fuer-bienen.de\/archiv-2023\/wp-content\/uploads\/sites\/8\/2023\/07\/Wir-tun-was-fuer-Bienen-2023--400x300.jpg\" class=\"attachment-bienen-grid-thumb size-bienen-grid-thumb wp-post-image\" alt=\"\" loading=\"lazy\" \/>                    <\/div>\n    <\/a>\n\n    \n\n    <div class=\"user flex\">\n        \n                    <img decoding=\"async\" src=\"https:\/\/wettbewerb-archiv.wir-tun-was-fuer-bienen.de\/archiv-2023\/wp-content\/themes\/bienen\/assets\/images\/avatar-placeholder.png\" style=\"border-radius: 30px;\" height=\"30\" width=\"30\">\n            Pirnaer Bienengarten            <\/div>\n    \n    <p class=\"categories meta bienen-gewinner\"><span class=\"fa fa-trophy\"                                                              aria-hidden=\"true\"><\/span> Gewinner<\/p>\n            <p class=\"categories meta\" style=\"width: 100%\"><span class=\"fa fa-tag\"\n                                                             aria-hidden=\"true\"><\/span> Privatg\u00e4rten gro\u00df (ab 500 m\u00b2)        <\/p>\n    \n            <p class=\"categories meta\" style=\"width: 100%\"><span class=\"fa fa-map-marker\"\n                                                             aria-hidden=\"true\"><\/span> Sachsen        <\/p>\n    \n<\/article>\n   \n\t\t\n          <article id=\"post-102704\" class=\"et_pb_post post-102704 wtwfb_entry type-wtwfb_entry status-publish has-post-thumbnail hentry wtwfb_category-privatgaerten-gross-500-m wtwfb_region-rheinland-pfalz\">\n    <h2 class=\"entry-title\"><a href=\"https:\/\/wettbewerb-archiv.wir-tun-was-fuer-bienen.de\/archiv-2023\/eintrag\/2023-bienenwiese-fuer-die-eigenen-bienen\/\">Bienenwiese f\u00fcr die eigenen Bienen und die Insekten im...<\/a>\n    <\/h2>\n    <a href=\"https:\/\/wettbewerb-archiv.wir-tun-was-fuer-bienen.de\/archiv-2023\/eintrag\/2023-bienenwiese-fuer-die-eigenen-bienen\/\">\n        <div class=\"bienen-entry-image\">\n            <img decoding=\"async\" width=\"400\" height=\"300\" src=\"https:\/\/wettbewerb-archiv.wir-tun-was-fuer-bienen.de\/archiv-2023\/wp-content\/uploads\/sites\/8\/2023\/07\/20230718_081826-400x300.jpg\" class=\"attachment-bienen-grid-thumb size-bienen-grid-thumb wp-post-image\" alt=\"\" loading=\"lazy\" srcset=\"https:\/\/wettbewerb-archiv.wir-tun-was-fuer-bienen.de\/archiv-2023\/wp-content\/uploads\/sites\/8\/2023\/07\/20230718_081826-400x300.jpg 400w, https:\/\/wettbewerb-archiv.wir-tun-was-fuer-bienen.de\/archiv-2023\/wp-content\/uploads\/sites\/8\/2023\/07\/20230718_081826-768x576.jpg 768w, https:\/\/wettbewerb-archiv.wir-tun-was-fuer-bienen.de\/archiv-2023\/wp-content\/uploads\/sites\/8\/2023\/07\/20230718_081826-1024x768.jpg 1024w, https:\/\/wettbewerb-archiv.wir-tun-was-fuer-bienen.de\/archiv-2023\/wp-content\/uploads\/sites\/8\/2023\/07\/20230718_081826.jpg 1920w\" sizes=\"(max-width: 400px) 100vw, 400px\" \/>                    <\/div>\n    <\/a>\n\n    \n\n    <div class=\"user flex\">\n        \n                    <img decoding=\"async\" src=\"https:\/\/wettbewerb-archiv.wir-tun-was-fuer-bienen.de\/archiv-2023\/wp-content\/themes\/bienen\/assets\/images\/avatar-placeholder.png\" style=\"border-radius: 30px;\" height=\"30\" width=\"30\">\n            BEE Eifel            <\/div>\n    \n    \n            <p class=\"categories meta\" style=\"width: 100%\"><span class=\"fa fa-tag\"\n                                                             aria-hidden=\"true\"><\/span> Privatg\u00e4rten gro\u00df (ab 500 m\u00b2)        <\/p>\n    \n            <p class=\"categories meta\" style=\"width: 100%\"><span class=\"fa fa-map-marker\"\n                                                             aria-hidden=\"true\"><\/span> Rheinland-Pfalz        <\/p>\n    \n<\/article>\n   \n\t\t\n          <article id=\"post-102673\" class=\"et_pb_post post-102673 wtwfb_entry type-wtwfb_entry status-publish has-post-thumbnail hentry wtwfb_category-kita-gaerten wtwfb_region-thueringen\">\n    <h2 class=\"entry-title\"><a href=\"https:\/\/wettbewerb-archiv.wir-tun-was-fuer-bienen.de\/archiv-2023\/eintrag\/2023-der-bienengarten-fuer-das-kita-projekt\/\">Der Bienengarten f\u00fcr das Kita-Projekt<\/a>\n    <\/h2>\n    <a href=\"https:\/\/wettbewerb-archiv.wir-tun-was-fuer-bienen.de\/archiv-2023\/eintrag\/2023-der-bienengarten-fuer-das-kita-projekt\/\">\n        <div class=\"bienen-entry-image\">\n            <img decoding=\"async\" width=\"400\" height=\"300\" src=\"https:\/\/wettbewerb-archiv.wir-tun-was-fuer-bienen.de\/archiv-2023\/wp-content\/uploads\/sites\/8\/2023\/07\/titelbild-2-400x300.jpg\" class=\"attachment-bienen-grid-thumb size-bienen-grid-thumb wp-post-image\" alt=\"\" loading=\"lazy\" \/>                    <\/div>\n    <\/a>\n\n    \n\n    <div class=\"user flex\">\n        \n                    <img decoding=\"async\" src=\"https:\/\/wettbewerb-archiv.wir-tun-was-fuer-bienen.de\/archiv-2023\/wp-content\/themes\/bienen\/assets\/images\/avatar-placeholder.png\" style=\"border-radius: 30px;\" height=\"30\" width=\"30\">\n            KindergartenProjekt Wir gehen raus e.V.            <\/div>\n    \n    <p class=\"categories meta bienen-gewinner\"><span class=\"fa fa-trophy\"                                                              aria-hidden=\"true\"><\/span> Gewinner<\/p>\n            <p class=\"categories meta\" style=\"width: 100%\"><span class=\"fa fa-tag\"\n                                                             aria-hidden=\"true\"><\/span> Kita-G\u00e4rten        <\/p>\n    \n            <p class=\"categories meta\" style=\"width: 100%\"><span class=\"fa fa-map-marker\"\n                                                             aria-hidden=\"true\"><\/span> Th\u00fcringen        <\/p>\n    \n<\/article>\n   \n\t\t\n          <article id=\"post-102573\" class=\"et_pb_post post-102573 wtwfb_entry type-wtwfb_entry status-publish has-post-thumbnail hentry wtwfb_category-kita-gaerten wtwfb_region-sachsen\">\n    <h2 class=\"entry-title\"><a href=\"https:\/\/wettbewerb-archiv.wir-tun-was-fuer-bienen.de\/archiv-2023\/eintrag\/2023-bluetenzauber\/\">Bl\u00fctenzauber<\/a>\n    <\/h2>\n    <a href=\"https:\/\/wettbewerb-archiv.wir-tun-was-fuer-bienen.de\/archiv-2023\/eintrag\/2023-bluetenzauber\/\">\n        <div class=\"bienen-entry-image\">\n            <img decoding=\"async\" width=\"400\" height=\"300\" src=\"https:\/\/wettbewerb-archiv.wir-tun-was-fuer-bienen.de\/archiv-2023\/wp-content\/uploads\/sites\/8\/2023\/07\/20230717_121708-400x300.jpg\" class=\"attachment-bienen-grid-thumb size-bienen-grid-thumb wp-post-image\" alt=\"\" loading=\"lazy\" \/>                    <\/div>\n    <\/a>\n\n    \n\n    <div class=\"user flex\">\n        \n                    <img decoding=\"async\" src=\"https:\/\/wettbewerb-archiv.wir-tun-was-fuer-bienen.de\/archiv-2023\/wp-content\/themes\/bienen\/assets\/images\/avatar-placeholder.png\" style=\"border-radius: 30px;\" height=\"30\" width=\"30\">\n            Schlaue F\u00fcchse\/Kita Pfiffikus            <\/div>\n    \n    \n            <p class=\"categories meta\" style=\"width: 100%\"><span class=\"fa fa-tag\"\n                                                             aria-hidden=\"true\"><\/span> Kita-G\u00e4rten        <\/p>\n    \n            <p class=\"categories meta\" style=\"width: 100%\"><span class=\"fa fa-map-marker\"\n                                                             aria-hidden=\"true\"><\/span> Sachsen        <\/p>\n    \n<\/article>\n   \n\t\t\n          <article id=\"post-102556\" class=\"et_pb_post post-102556 wtwfb_entry type-wtwfb_entry status-publish has-post-thumbnail hentry wtwfb_category-privatgaerten-gross-500-m wtwfb_region-brandenburg\">\n    <h2 class=\"entry-title\"><a href=\"https:\/\/wettbewerb-archiv.wir-tun-was-fuer-bienen.de\/archiv-2023\/eintrag\/2023-anlage-eines-bluehbeetes\/\">Anlage eines Bl\u00fchbeetes<\/a>\n    <\/h2>\n    <a href=\"https:\/\/wettbewerb-archiv.wir-tun-was-fuer-bienen.de\/archiv-2023\/eintrag\/2023-anlage-eines-bluehbeetes\/\">\n        <div class=\"bienen-entry-image\">\n            <img decoding=\"async\" width=\"400\" height=\"300\" src=\"https:\/\/wettbewerb-archiv.wir-tun-was-fuer-bienen.de\/archiv-2023\/wp-content\/uploads\/sites\/8\/2023\/07\/6772C5FE-AD28-4B40-9A2D-7DFD051A93D3-400x300.jpeg\" class=\"attachment-bienen-grid-thumb size-bienen-grid-thumb wp-post-image\" alt=\"\" loading=\"lazy\" \/>                    <\/div>\n    <\/a>\n\n    \n\n    <div class=\"user flex\">\n        \n                    <img decoding=\"async\" src=\"https:\/\/wettbewerb-archiv.wir-tun-was-fuer-bienen.de\/archiv-2023\/wp-content\/themes\/bienen\/assets\/images\/avatar-placeholder.png\" style=\"border-radius: 30px;\" height=\"30\" width=\"30\">\n            Familie Mildt            <\/div>\n    \n    \n            <p class=\"categories meta\" style=\"width: 100%\"><span class=\"fa fa-tag\"\n                                                             aria-hidden=\"true\"><\/span> Privatg\u00e4rten gro\u00df (ab 500 m\u00b2)        <\/p>\n    \n            <p class=\"categories meta\" style=\"width: 100%\"><span class=\"fa fa-map-marker\"\n                                                             aria-hidden=\"true\"><\/span> Brandenburg        <\/p>\n    \n<\/article>\n   \n\t\t\n          <article id=\"post-102511\" class=\"et_pb_post post-102511 wtwfb_entry type-wtwfb_entry status-publish has-post-thumbnail hentry wtwfb_category-kita-gaerten wtwfb_region-niedersachsen\">\n    <h2 class=\"entry-title\"><a href=\"https:\/\/wettbewerb-archiv.wir-tun-was-fuer-bienen.de\/archiv-2023\/eintrag\/2023-wir-bauen-ein-insektenhotel-und-richten-es-ein\/\">Wir bauen ein Insektenhotel und richten es ein<\/a>\n    <\/h2>\n    <a href=\"https:\/\/wettbewerb-archiv.wir-tun-was-fuer-bienen.de\/archiv-2023\/eintrag\/2023-wir-bauen-ein-insektenhotel-und-richten-es-ein\/\">\n        <div class=\"bienen-entry-image\">\n            <img decoding=\"async\" width=\"212\" height=\"300\" src=\"https:\/\/wettbewerb-archiv.wir-tun-was-fuer-bienen.de\/archiv-2023\/wp-content\/uploads\/sites\/8\/2023\/07\/bienenhotel-pdf.jpg\" class=\"attachment-bienen-grid-thumb size-bienen-grid-thumb wp-post-image\" alt=\"\" loading=\"lazy\" \/>                    <\/div>\n    <\/a>\n\n    \n\n    <div class=\"user flex\">\n        \n                    <img decoding=\"async\" src=\"https:\/\/wettbewerb-archiv.wir-tun-was-fuer-bienen.de\/archiv-2023\/wp-content\/themes\/bienen\/assets\/images\/avatar-placeholder.png\" style=\"border-radius: 30px;\" height=\"30\" width=\"30\">\n            Kindergarten Osten            <\/div>\n    \n    \n            <p class=\"categories meta\" style=\"width: 100%\"><span class=\"fa fa-tag\"\n                                                             aria-hidden=\"true\"><\/span> Kita-G\u00e4rten        <\/p>\n    \n            <p class=\"categories meta\" style=\"width: 100%\"><span class=\"fa fa-map-marker\"\n                                                             aria-hidden=\"true\"><\/span> Niedersachsen        <\/p>\n    \n<\/article>\n   \n\t\t\n          <article id=\"post-102420\" class=\"et_pb_post post-102420 wtwfb_entry type-wtwfb_entry status-publish has-post-thumbnail hentry wtwfb_category-balkone-terrassen-dachbegruenung-vertikale-gaerten wtwfb_region-hessen\">\n    <h2 class=\"entry-title\"><a href=\"https:\/\/wettbewerb-archiv.wir-tun-was-fuer-bienen.de\/archiv-2023\/eintrag\/2023-bienen-und-hummel-freundliche-pflanzen-auf-meinem-balkon\/\">Bienen und Hummel Freundliche Pflanzen auf meinem Balko...<\/a>\n    <\/h2>\n    <a href=\"https:\/\/wettbewerb-archiv.wir-tun-was-fuer-bienen.de\/archiv-2023\/eintrag\/2023-bienen-und-hummel-freundliche-pflanzen-auf-meinem-balkon\/\">\n        <div class=\"bienen-entry-image\">\n            <img decoding=\"async\" width=\"400\" height=\"300\" src=\"https:\/\/wettbewerb-archiv.wir-tun-was-fuer-bienen.de\/archiv-2023\/wp-content\/uploads\/sites\/8\/2023\/07\/16896078401252640623413731845003-400x300.jpg\" class=\"attachment-bienen-grid-thumb size-bienen-grid-thumb wp-post-image\" alt=\"\" loading=\"lazy\" srcset=\"https:\/\/wettbewerb-archiv.wir-tun-was-fuer-bienen.de\/archiv-2023\/wp-content\/uploads\/sites\/8\/2023\/07\/16896078401252640623413731845003-400x300.jpg 400w, https:\/\/wettbewerb-archiv.wir-tun-was-fuer-bienen.de\/archiv-2023\/wp-content\/uploads\/sites\/8\/2023\/07\/16896078401252640623413731845003-768x576.jpg 768w, https:\/\/wettbewerb-archiv.wir-tun-was-fuer-bienen.de\/archiv-2023\/wp-content\/uploads\/sites\/8\/2023\/07\/16896078401252640623413731845003-1024x768.jpg 1024w, https:\/\/wettbewerb-archiv.wir-tun-was-fuer-bienen.de\/archiv-2023\/wp-content\/uploads\/sites\/8\/2023\/07\/16896078401252640623413731845003.jpg 1920w\" sizes=\"(max-width: 400px) 100vw, 400px\" \/>                    <\/div>\n    <\/a>\n\n    \n\n    <div class=\"user flex\">\n        \n                    <img decoding=\"async\" src=\"https:\/\/wettbewerb-archiv.wir-tun-was-fuer-bienen.de\/archiv-2023\/wp-content\/themes\/bienen\/assets\/images\/avatar-placeholder.png\" style=\"border-radius: 30px;\" height=\"30\" width=\"30\">\n            Annette Schneider            <\/div>\n    \n    \n            <p class=\"categories meta\" style=\"width: 100%\"><span class=\"fa fa-tag\"\n                                                             aria-hidden=\"true\"><\/span> Balkone, Terrassen, Dachg\u00e4rten, vertikale G\u00e4rten        <\/p>\n    \n            <p class=\"categories meta\" style=\"width: 100%\"><span class=\"fa fa-map-marker\"\n                                                             aria-hidden=\"true\"><\/span> Hessen        <\/p>\n    \n<\/article>\n   \n\t\t\n          <article id=\"post-102286\" class=\"et_pb_post post-102286 wtwfb_entry type-wtwfb_entry status-publish has-post-thumbnail hentry wtwfb_category-schul-und-jugendclubgaerten wtwfb_region-bayern\">\n    <h2 class=\"entry-title\"><a href=\"https:\/\/wettbewerb-archiv.wir-tun-was-fuer-bienen.de\/archiv-2023\/eintrag\/2023-wildstaudenbeet-an-der-gs-hammerbachtal\/\">Wildstaudenbeet an der GS Hammerbachtal<\/a>\n    <\/h2>\n    <a href=\"https:\/\/wettbewerb-archiv.wir-tun-was-fuer-bienen.de\/archiv-2023\/eintrag\/2023-wildstaudenbeet-an-der-gs-hammerbachtal\/\">\n        <div class=\"bienen-entry-image\">\n            <img decoding=\"async\" width=\"400\" height=\"300\" src=\"https:\/\/wettbewerb-archiv.wir-tun-was-fuer-bienen.de\/archiv-2023\/wp-content\/uploads\/sites\/8\/2023\/07\/Wildstaudenbeet_3-400x300.jpg\" class=\"attachment-bienen-grid-thumb size-bienen-grid-thumb wp-post-image\" alt=\"\" loading=\"lazy\" srcset=\"https:\/\/wettbewerb-archiv.wir-tun-was-fuer-bienen.de\/archiv-2023\/wp-content\/uploads\/sites\/8\/2023\/07\/Wildstaudenbeet_3-400x300.jpg 400w, https:\/\/wettbewerb-archiv.wir-tun-was-fuer-bienen.de\/archiv-2023\/wp-content\/uploads\/sites\/8\/2023\/07\/Wildstaudenbeet_3-768x576.jpg 768w, https:\/\/wettbewerb-archiv.wir-tun-was-fuer-bienen.de\/archiv-2023\/wp-content\/uploads\/sites\/8\/2023\/07\/Wildstaudenbeet_3-1024x768.jpg 1024w, https:\/\/wettbewerb-archiv.wir-tun-was-fuer-bienen.de\/archiv-2023\/wp-content\/uploads\/sites\/8\/2023\/07\/Wildstaudenbeet_3.jpg 1600w\" sizes=\"(max-width: 400px) 100vw, 400px\" \/>                    <\/div>\n    <\/a>\n\n    \n\n    <div class=\"user flex\">\n        \n                    <img decoding=\"async\" src=\"https:\/\/wettbewerb-archiv.wir-tun-was-fuer-bienen.de\/archiv-2023\/wp-content\/themes\/bienen\/assets\/images\/avatar-placeholder.png\" style=\"border-radius: 30px;\" height=\"30\" width=\"30\">\n            Grundschule Hammerbachtal            <\/div>\n    \n    <p class=\"categories meta bienen-gewinner\"><span class=\"fa fa-trophy\"                                                              aria-hidden=\"true\"><\/span> Gewinner<\/p>\n            <p class=\"categories meta\" style=\"width: 100%\"><span class=\"fa fa-tag\"\n                                                             aria-hidden=\"true\"><\/span> Schulg\u00e4rten        <\/p>\n    \n            <p class=\"categories meta\" style=\"width: 100%\"><span class=\"fa fa-map-marker\"\n                                                             aria-hidden=\"true\"><\/span> Bayern        <\/p>\n    \n<\/article>\n   \n\t\t\n          <article id=\"post-102278\" class=\"et_pb_post post-102278 wtwfb_entry type-wtwfb_entry status-publish has-post-thumbnail hentry wtwfb_category-vereinsgaerten-liegenschaften-von-verwaltung-kirche-etc-sonstige wtwfb_region-niedersachsen\">\n    <h2 class=\"entry-title\"><a href=\"https:\/\/wettbewerb-archiv.wir-tun-was-fuer-bienen.de\/archiv-2023\/eintrag\/2023-bee-a-hero-auf-wangerooge\/\">Bee a Hero auf Wangerooge<\/a>\n    <\/h2>\n    <a href=\"https:\/\/wettbewerb-archiv.wir-tun-was-fuer-bienen.de\/archiv-2023\/eintrag\/2023-bee-a-hero-auf-wangerooge\/\">\n        <div class=\"bienen-entry-image\">\n            <img decoding=\"async\" width=\"400\" height=\"300\" src=\"https:\/\/wettbewerb-archiv.wir-tun-was-fuer-bienen.de\/archiv-2023\/wp-content\/uploads\/sites\/8\/2023\/07\/image00023-400x300.jpeg\" class=\"attachment-bienen-grid-thumb size-bienen-grid-thumb wp-post-image\" alt=\"\" loading=\"lazy\" \/>                    <\/div>\n    <\/a>\n\n    \n\n    <div class=\"user flex\">\n        \n                    <img decoding=\"async\" src=\"https:\/\/wettbewerb-archiv.wir-tun-was-fuer-bienen.de\/archiv-2023\/wp-content\/themes\/bienen\/assets\/images\/avatar-placeholder.png\" style=\"border-radius: 30px;\" height=\"30\" width=\"30\">\n            BNE im Inselheim R\u00fcstringen            <\/div>\n    \n    <p class=\"categories meta bienen-gewinner\"><span class=\"fa fa-trophy\"                                                              aria-hidden=\"true\"><\/span> Gewinner<\/p>\n            <p class=\"categories meta\" style=\"width: 100%\"><span class=\"fa fa-tag\"\n                                                             aria-hidden=\"true\"><\/span> Vereinsg\u00e4rten, Unis, Liegenschaften von Verwaltung, Kirche etc, Sonstige        <\/p>\n    \n            <p class=\"categories meta\" style=\"width: 100%\"><span class=\"fa fa-map-marker\"\n                                                             aria-hidden=\"true\"><\/span> Niedersachsen        <\/p>\n    \n<\/article>\n   \n\t\t\n          <article id=\"post-102235\" class=\"et_pb_post post-102235 wtwfb_entry type-wtwfb_entry status-publish has-post-thumbnail hentry wtwfb_category-vereinsgaerten-liegenschaften-von-verwaltung-kirche-etc-sonstige wtwfb_region-bayern\">\n    <h2 class=\"entry-title\"><a href=\"https:\/\/wettbewerb-archiv.wir-tun-was-fuer-bienen.de\/archiv-2023\/eintrag\/2023-wir-bauen-ein-insektenheim-mit-sandarium\/\">Wir bauen ein Insektenheim mit Sandarium<\/a>\n    <\/h2>\n    <a href=\"https:\/\/wettbewerb-archiv.wir-tun-was-fuer-bienen.de\/archiv-2023\/eintrag\/2023-wir-bauen-ein-insektenheim-mit-sandarium\/\">\n        <div class=\"bienen-entry-image\">\n            <img decoding=\"async\" width=\"400\" height=\"300\" src=\"https:\/\/wettbewerb-archiv.wir-tun-was-fuer-bienen.de\/archiv-2023\/wp-content\/uploads\/sites\/8\/2023\/07\/IMG_5669-400x300.jpg\" class=\"attachment-bienen-grid-thumb size-bienen-grid-thumb wp-post-image\" alt=\"\" loading=\"lazy\" \/>                    <\/div>\n    <\/a>\n\n    \n\n    <div class=\"user flex\">\n        \n                    <img decoding=\"async\" src=\"https:\/\/wettbewerb-archiv.wir-tun-was-fuer-bienen.de\/archiv-2023\/wp-content\/themes\/bienen\/assets\/images\/avatar-placeholder.png\" style=\"border-radius: 30px;\" height=\"30\" width=\"30\">\n            OGV M\u00fchlhausen-Geibenstetten            <\/div>\n    \n    <p class=\"categories meta bienen-gewinner\"><span class=\"fa fa-trophy\"                                                              aria-hidden=\"true\"><\/span> Gewinner<\/p>\n            <p class=\"categories meta\" style=\"width: 100%\"><span class=\"fa fa-tag\"\n                                                             aria-hidden=\"true\"><\/span> Vereinsg\u00e4rten, Unis, Liegenschaften von Verwaltung, Kirche etc, Sonstige        <\/p>\n    \n            <p class=\"categories meta\" style=\"width: 100%\"><span class=\"fa fa-map-marker\"\n                                                             aria-hidden=\"true\"><\/span> Bayern        <\/p>\n    \n<\/article>\n   \n\t\t\n          <article id=\"post-102231\" class=\"et_pb_post post-102231 wtwfb_entry type-wtwfb_entry status-publish has-post-thumbnail hentry wtwfb_category-kommunale-flaechen wtwfb_region-hessen\">\n    <h2 class=\"entry-title\"><a href=\"https:\/\/wettbewerb-archiv.wir-tun-was-fuer-bienen.de\/archiv-2023\/eintrag\/2023-gruenpaten-steinstrasse\/\">Gr\u00fcnpaten Steinstra\u00dfe<\/a>\n    <\/h2>\n    <a href=\"https:\/\/wettbewerb-archiv.wir-tun-was-fuer-bienen.de\/archiv-2023\/eintrag\/2023-gruenpaten-steinstrasse\/\">\n        <div class=\"bienen-entry-image\">\n            <img decoding=\"async\" width=\"400\" height=\"300\" src=\"https:\/\/wettbewerb-archiv.wir-tun-was-fuer-bienen.de\/archiv-2023\/wp-content\/uploads\/sites\/8\/2023\/07\/Gruenpaten-400x300.jpg\" class=\"attachment-bienen-grid-thumb size-bienen-grid-thumb wp-post-image\" alt=\"\" loading=\"lazy\" \/>                    <\/div>\n    <\/a>\n\n    \n\n    <div class=\"user flex\">\n        \n                    <img decoding=\"async\" src=\"https:\/\/wettbewerb-archiv.wir-tun-was-fuer-bienen.de\/archiv-2023\/wp-content\/themes\/bienen\/assets\/images\/avatar-placeholder.png\" style=\"border-radius: 30px;\" height=\"30\" width=\"30\">\n            Gr\u00fcnpaten Steinstra\u00dfe            <\/div>\n    \n    \n            <p class=\"categories meta\" style=\"width: 100%\"><span class=\"fa fa-tag\"\n                                                             aria-hidden=\"true\"><\/span> Kommunale Fl\u00e4chen        <\/p>\n    \n            <p class=\"categories meta\" style=\"width: 100%\"><span class=\"fa fa-map-marker\"\n                                                             aria-hidden=\"true\"><\/span> Hessen        <\/p>\n    \n<\/article>\n   \n\t\t\n          <article id=\"post-102226\" class=\"et_pb_post post-102226 wtwfb_entry type-wtwfb_entry status-publish has-post-thumbnail hentry wtwfb_category-kleingartenparzellen wtwfb_region-thueringen\">\n    <h2 class=\"entry-title\"><a href=\"https:\/\/wettbewerb-archiv.wir-tun-was-fuer-bienen.de\/archiv-2023\/eintrag\/2023-insektenfreundlich-gaertnern\/\">Insektenfreundlich G\u00e4rtnern<\/a>\n    <\/h2>\n    <a href=\"https:\/\/wettbewerb-archiv.wir-tun-was-fuer-bienen.de\/archiv-2023\/eintrag\/2023-insektenfreundlich-gaertnern\/\">\n        <div class=\"bienen-entry-image\">\n            <img decoding=\"async\" width=\"400\" height=\"300\" src=\"https:\/\/wettbewerb-archiv.wir-tun-was-fuer-bienen.de\/archiv-2023\/wp-content\/uploads\/sites\/8\/2023\/07\/0F47C780-922B-4A21-ACC4-CDDC353D30B4-400x300.jpeg\" class=\"attachment-bienen-grid-thumb size-bienen-grid-thumb wp-post-image\" alt=\"\" loading=\"lazy\" srcset=\"https:\/\/wettbewerb-archiv.wir-tun-was-fuer-bienen.de\/archiv-2023\/wp-content\/uploads\/sites\/8\/2023\/07\/0F47C780-922B-4A21-ACC4-CDDC353D30B4-400x300.jpeg 400w, https:\/\/wettbewerb-archiv.wir-tun-was-fuer-bienen.de\/archiv-2023\/wp-content\/uploads\/sites\/8\/2023\/07\/0F47C780-922B-4A21-ACC4-CDDC353D30B4-768x578.jpeg 768w, https:\/\/wettbewerb-archiv.wir-tun-was-fuer-bienen.de\/archiv-2023\/wp-content\/uploads\/sites\/8\/2023\/07\/0F47C780-922B-4A21-ACC4-CDDC353D30B4-1024x770.jpeg 1024w, https:\/\/wettbewerb-archiv.wir-tun-was-fuer-bienen.de\/archiv-2023\/wp-content\/uploads\/sites\/8\/2023\/07\/0F47C780-922B-4A21-ACC4-CDDC353D30B4.jpeg 1280w\" sizes=\"(max-width: 400px) 100vw, 400px\" \/>                    <\/div>\n    <\/a>\n\n    \n\n    <div class=\"user flex\">\n        \n                    <img decoding=\"async\" src=\"https:\/\/wettbewerb-archiv.wir-tun-was-fuer-bienen.de\/archiv-2023\/wp-content\/themes\/bienen\/assets\/images\/avatar-placeholder.png\" style=\"border-radius: 30px;\" height=\"30\" width=\"30\">\n            Insektenfreunde aus Suhl            <\/div>\n    \n    \n            <p class=\"categories meta\" style=\"width: 100%\"><span class=\"fa fa-tag\"\n                                                             aria-hidden=\"true\"><\/span> Kleingartenparzellen        <\/p>\n    \n            <p class=\"categories meta\" style=\"width: 100%\"><span class=\"fa fa-map-marker\"\n                                                             aria-hidden=\"true\"><\/span> Th\u00fcringen        <\/p>\n    \n<\/article>\n   \n\t\t\n          <article id=\"post-102035\" class=\"et_pb_post post-102035 wtwfb_entry type-wtwfb_entry status-publish has-post-thumbnail hentry wtwfb_category-vereinsgaerten-liegenschaften-von-verwaltung-kirche-etc-sonstige wtwfb_region-bayern\">\n    <h2 class=\"entry-title\"><a href=\"https:\/\/wettbewerb-archiv.wir-tun-was-fuer-bienen.de\/archiv-2023\/eintrag\/2023-spezieller-nisthilfenbau-fuer-bedrohte-bienenarten\/\">Spezieller Nisthilfenbau f\u00fcr bedrohte Bienenarten<\/a>\n    <\/h2>\n    <a href=\"https:\/\/wettbewerb-archiv.wir-tun-was-fuer-bienen.de\/archiv-2023\/eintrag\/2023-spezieller-nisthilfenbau-fuer-bedrohte-bienenarten\/\">\n        <div class=\"bienen-entry-image\">\n            <img decoding=\"async\" width=\"400\" height=\"191\" src=\"https:\/\/wettbewerb-archiv.wir-tun-was-fuer-bienen.de\/archiv-2023\/wp-content\/uploads\/sites\/8\/2023\/07\/Pasted-Graphic-pdf.jpg\" class=\"attachment-bienen-grid-thumb size-bienen-grid-thumb wp-post-image\" alt=\"\" loading=\"lazy\" \/>                    <\/div>\n    <\/a>\n\n    \n\n    <div class=\"user flex\">\n        \n                    <img decoding=\"async\" src=\"https:\/\/wettbewerb-archiv.wir-tun-was-fuer-bienen.de\/archiv-2023\/wp-content\/themes\/bienen\/assets\/images\/avatar-placeholder.png\" style=\"border-radius: 30px;\" height=\"30\" width=\"30\">\n            koha.stifung gGmbH            <\/div>\n    \n    \n            <p class=\"categories meta\" style=\"width: 100%\"><span class=\"fa fa-tag\"\n                                                             aria-hidden=\"true\"><\/span> Vereinsg\u00e4rten, Unis, Liegenschaften von Verwaltung, Kirche etc, Sonstige        <\/p>\n    \n            <p class=\"categories meta\" style=\"width: 100%\"><span class=\"fa fa-map-marker\"\n                                                             aria-hidden=\"true\"><\/span> Bayern        <\/p>\n    \n<\/article>\n   \n\t\t\n          <article id=\"post-102014\" class=\"et_pb_post post-102014 wtwfb_entry type-wtwfb_entry status-publish has-post-thumbnail hentry wtwfb_category-kommunale-flaechen wtwfb_region-mecklenburg-vorpommern\">\n    <h2 class=\"entry-title\"><a href=\"https:\/\/wettbewerb-archiv.wir-tun-was-fuer-bienen.de\/archiv-2023\/eintrag\/2023-der-wohl-groesste-wildbienenhuegel-in-mv\/\">Der wohl gr\u00f6\u00dfte Wildbienenh\u00fcgel in MV<\/a>\n    <\/h2>\n    <a href=\"https:\/\/wettbewerb-archiv.wir-tun-was-fuer-bienen.de\/archiv-2023\/eintrag\/2023-der-wohl-groesste-wildbienenhuegel-in-mv\/\">\n        <div class=\"bienen-entry-image\">\n            <img decoding=\"async\" width=\"400\" height=\"300\" src=\"https:\/\/wettbewerb-archiv.wir-tun-was-fuer-bienen.de\/archiv-2023\/wp-content\/uploads\/sites\/8\/2023\/07\/20230425_142646-400x300.jpg\" class=\"attachment-bienen-grid-thumb size-bienen-grid-thumb wp-post-image\" alt=\"\" loading=\"lazy\" srcset=\"https:\/\/wettbewerb-archiv.wir-tun-was-fuer-bienen.de\/archiv-2023\/wp-content\/uploads\/sites\/8\/2023\/07\/20230425_142646-400x300.jpg 400w, https:\/\/wettbewerb-archiv.wir-tun-was-fuer-bienen.de\/archiv-2023\/wp-content\/uploads\/sites\/8\/2023\/07\/20230425_142646-768x576.jpg 768w, https:\/\/wettbewerb-archiv.wir-tun-was-fuer-bienen.de\/archiv-2023\/wp-content\/uploads\/sites\/8\/2023\/07\/20230425_142646-1024x768.jpg 1024w, https:\/\/wettbewerb-archiv.wir-tun-was-fuer-bienen.de\/archiv-2023\/wp-content\/uploads\/sites\/8\/2023\/07\/20230425_142646.jpg 1920w\" sizes=\"(max-width: 400px) 100vw, 400px\" \/>                    <\/div>\n    <\/a>\n\n    \n\n    <div class=\"user flex\">\n        \n                    <img decoding=\"async\" src=\"https:\/\/wettbewerb-archiv.wir-tun-was-fuer-bienen.de\/archiv-2023\/wp-content\/themes\/bienen\/assets\/images\/avatar-placeholder.png\" style=\"border-radius: 30px;\" height=\"30\" width=\"30\">\n            BunteSaat (Stadt Greifswald)            <\/div>\n    \n    \n            <p class=\"categories meta\" style=\"width: 100%\"><span class=\"fa fa-tag\"\n                                                             aria-hidden=\"true\"><\/span> Kommunale Fl\u00e4chen        <\/p>\n    \n            <p class=\"categories meta\" style=\"width: 100%\"><span class=\"fa fa-map-marker\"\n                                                             aria-hidden=\"true\"><\/span> Mecklenburg-Vorpommern        <\/p>\n    \n<\/article>\n   \n\t\t\n          <article id=\"post-101970\" class=\"et_pb_post post-101970 wtwfb_entry type-wtwfb_entry status-publish has-post-thumbnail hentry wtwfb_category-bestehende-naturgaerten wtwfb_region-bayern\">\n    <h2 class=\"entry-title\"><a href=\"https:\/\/wettbewerb-archiv.wir-tun-was-fuer-bienen.de\/archiv-2023\/eintrag\/2023-naturlehrgarten-mindelheim\/\">Naturlehrgarten Mindelheim<\/a>\n    <\/h2>\n    <a href=\"https:\/\/wettbewerb-archiv.wir-tun-was-fuer-bienen.de\/archiv-2023\/eintrag\/2023-naturlehrgarten-mindelheim\/\">\n        <div class=\"bienen-entry-image\">\n            <img decoding=\"async\" width=\"400\" height=\"300\" src=\"https:\/\/wettbewerb-archiv.wir-tun-was-fuer-bienen.de\/archiv-2023\/wp-content\/uploads\/sites\/8\/2023\/07\/IMG_20230709_170057-400x300.jpg\" class=\"attachment-bienen-grid-thumb size-bienen-grid-thumb wp-post-image\" alt=\"\" loading=\"lazy\" \/>                    <\/div>\n    <\/a>\n\n    \n\n    <div class=\"user flex\">\n        \n                    <img decoding=\"async\" src=\"https:\/\/wettbewerb-archiv.wir-tun-was-fuer-bienen.de\/archiv-2023\/wp-content\/themes\/bienen\/assets\/images\/avatar-placeholder.png\" style=\"border-radius: 30px;\" height=\"30\" width=\"30\">\n            Mindelheim summt            <\/div>\n    \n    <p class=\"categories meta bienen-gewinner\"><span class=\"fa fa-trophy\"                                                              aria-hidden=\"true\"><\/span> Gewinner<\/p>\n            <p class=\"categories meta\" style=\"width: 100%\"><span class=\"fa fa-tag\"\n                                                             aria-hidden=\"true\"><\/span> Bestehende Naturg\u00e4rten (Pflege und Infoarbeit)        <\/p>\n    \n            <p class=\"categories meta\" style=\"width: 100%\"><span class=\"fa fa-map-marker\"\n                                                             aria-hidden=\"true\"><\/span> Bayern        <\/p>\n    \n<\/article>\n   \n\t\t\n          <article id=\"post-101902\" class=\"et_pb_post post-101902 wtwfb_entry type-wtwfb_entry status-publish has-post-thumbnail hentry wtwfb_category-balkone-terrassen-dachbegruenung-vertikale-gaerten wtwfb_region-bayern\">\n    <h2 class=\"entry-title\"><a href=\"https:\/\/wettbewerb-archiv.wir-tun-was-fuer-bienen.de\/archiv-2023\/eintrag\/2023-es-geht-doch\/\">Es geht doch<\/a>\n    <\/h2>\n    <a href=\"https:\/\/wettbewerb-archiv.wir-tun-was-fuer-bienen.de\/archiv-2023\/eintrag\/2023-es-geht-doch\/\">\n        <div class=\"bienen-entry-image\">\n            <img decoding=\"async\" width=\"400\" height=\"300\" src=\"https:\/\/wettbewerb-archiv.wir-tun-was-fuer-bienen.de\/archiv-2023\/wp-content\/uploads\/sites\/8\/2023\/07\/IMG_2091-400x300.jpeg\" class=\"attachment-bienen-grid-thumb size-bienen-grid-thumb wp-post-image\" alt=\"\" loading=\"lazy\" \/>                    <\/div>\n    <\/a>\n\n    \n\n    <div class=\"user flex\">\n        \n                    <img decoding=\"async\" src=\"https:\/\/wettbewerb-archiv.wir-tun-was-fuer-bienen.de\/archiv-2023\/wp-content\/themes\/bienen\/assets\/images\/avatar-placeholder.png\" style=\"border-radius: 30px;\" height=\"30\" width=\"30\">\n            Monika Blum            <\/div>\n    \n    \n            <p class=\"categories meta\" style=\"width: 100%\"><span class=\"fa fa-tag\"\n                                                             aria-hidden=\"true\"><\/span> Balkone, Terrassen, Dachg\u00e4rten, vertikale G\u00e4rten        <\/p>\n    \n            <p class=\"categories meta\" style=\"width: 100%\"><span class=\"fa fa-map-marker\"\n                                                             aria-hidden=\"true\"><\/span> Bayern        <\/p>\n    \n<\/article>\n   \n\t\t\n          <article id=\"post-101496\" class=\"et_pb_post post-101496 wtwfb_entry type-wtwfb_entry status-publish has-post-thumbnail hentry wtwfb_category-privatgaerten-gross-500-m wtwfb_region-nordrhein-westfalen\">\n    <h2 class=\"entry-title\"><a href=\"https:\/\/wettbewerb-archiv.wir-tun-was-fuer-bienen.de\/archiv-2023\/eintrag\/2023-vom-einfachen-rasen-zum-liebevollem-natur-nutzgarten\/\">Vom einfachen Rasen zum liebevollen Natur\/ Nutzgarten<\/a>\n    <\/h2>\n    <a href=\"https:\/\/wettbewerb-archiv.wir-tun-was-fuer-bienen.de\/archiv-2023\/eintrag\/2023-vom-einfachen-rasen-zum-liebevollem-natur-nutzgarten\/\">\n        <div class=\"bienen-entry-image\">\n            <img decoding=\"async\" width=\"400\" height=\"300\" src=\"https:\/\/wettbewerb-archiv.wir-tun-was-fuer-bienen.de\/archiv-2023\/wp-content\/uploads\/sites\/8\/2023\/07\/20230710_135743-400x300.jpg\" class=\"attachment-bienen-grid-thumb size-bienen-grid-thumb wp-post-image\" alt=\"\" loading=\"lazy\" \/>                    <\/div>\n    <\/a>\n\n    \n\n    <div class=\"user flex\">\n        \n                    <img decoding=\"async\" src=\"https:\/\/wettbewerb-archiv.wir-tun-was-fuer-bienen.de\/archiv-2023\/wp-content\/themes\/bienen\/assets\/images\/avatar-placeholder.png\" style=\"border-radius: 30px;\" height=\"30\" width=\"30\">\n            Naturnahe G\u00e4rtnerin            <\/div>\n    \n    \n            <p class=\"categories meta\" style=\"width: 100%\"><span class=\"fa fa-tag\"\n                                                             aria-hidden=\"true\"><\/span> Privatg\u00e4rten gro\u00df (ab 500 m\u00b2)        <\/p>\n    \n            <p class=\"categories meta\" style=\"width: 100%\"><span class=\"fa fa-map-marker\"\n                                                             aria-hidden=\"true\"><\/span> Nordrhein-Westfalen        <\/p>\n    \n<\/article>\n   \n\t\t\n          <article id=\"post-101406\" class=\"et_pb_post post-101406 wtwfb_entry type-wtwfb_entry status-publish has-post-thumbnail hentry wtwfb_category-privatgaerten-klein-500-m2 wtwfb_region-niedersachsen\">\n    <h2 class=\"entry-title\"><a href=\"https:\/\/wettbewerb-archiv.wir-tun-was-fuer-bienen.de\/archiv-2023\/eintrag\/2023-insektenfreundliche-alternative-zu-rollrasen-im-mietshaus\/\">Insektenfreundliche Alternative zu Rollrasen &#8211; im...<\/a>\n    <\/h2>\n    <a href=\"https:\/\/wettbewerb-archiv.wir-tun-was-fuer-bienen.de\/archiv-2023\/eintrag\/2023-insektenfreundliche-alternative-zu-rollrasen-im-mietshaus\/\">\n        <div class=\"bienen-entry-image\">\n            <img decoding=\"async\" width=\"400\" height=\"300\" src=\"https:\/\/wettbewerb-archiv.wir-tun-was-fuer-bienen.de\/archiv-2023\/wp-content\/uploads\/sites\/8\/2023\/07\/IMG_20230523_085727_HDR-400x300.jpg\" class=\"attachment-bienen-grid-thumb size-bienen-grid-thumb wp-post-image\" alt=\"\" loading=\"lazy\" srcset=\"https:\/\/wettbewerb-archiv.wir-tun-was-fuer-bienen.de\/archiv-2023\/wp-content\/uploads\/sites\/8\/2023\/07\/IMG_20230523_085727_HDR-400x300.jpg 400w, https:\/\/wettbewerb-archiv.wir-tun-was-fuer-bienen.de\/archiv-2023\/wp-content\/uploads\/sites\/8\/2023\/07\/IMG_20230523_085727_HDR-768x576.jpg 768w, https:\/\/wettbewerb-archiv.wir-tun-was-fuer-bienen.de\/archiv-2023\/wp-content\/uploads\/sites\/8\/2023\/07\/IMG_20230523_085727_HDR-1024x768.jpg 1024w, https:\/\/wettbewerb-archiv.wir-tun-was-fuer-bienen.de\/archiv-2023\/wp-content\/uploads\/sites\/8\/2023\/07\/IMG_20230523_085727_HDR.jpg 1920w\" sizes=\"(max-width: 400px) 100vw, 400px\" \/>                    <\/div>\n    <\/a>\n\n    \n\n    <div class=\"user flex\">\n        \n                    <img decoding=\"async\" src=\"https:\/\/wettbewerb-archiv.wir-tun-was-fuer-bienen.de\/archiv-2023\/wp-content\/themes\/bienen\/assets\/images\/avatar-placeholder.png\" style=\"border-radius: 30px;\" height=\"30\" width=\"30\">\n            Insektenfreundlich statt Rollrasen            <\/div>\n    \n    <p class=\"categories meta bienen-gewinner\"><span class=\"fa fa-trophy\"                                                              aria-hidden=\"true\"><\/span> Gewinner<\/p>\n            <p class=\"categories meta\" style=\"width: 100%\"><span class=\"fa fa-tag\"\n                                                             aria-hidden=\"true\"><\/span> Privatg\u00e4rten klein (bis 500 m2)        <\/p>\n    \n            <p class=\"categories meta\" style=\"width: 100%\"><span class=\"fa fa-map-marker\"\n                                                             aria-hidden=\"true\"><\/span> Niedersachsen        <\/p>\n    \n<\/article>\n   \n\t\t\n          <article id=\"post-101368\" class=\"et_pb_post post-101368 wtwfb_entry type-wtwfb_entry status-publish has-post-thumbnail hentry wtwfb_category-balkone-terrassen-dachbegruenung-vertikale-gaerten wtwfb_region-baden-wuerttemberg\">\n    <h2 class=\"entry-title\"><a href=\"https:\/\/wettbewerb-archiv.wir-tun-was-fuer-bienen.de\/archiv-2023\/eintrag\/2023-allgemeine-informationen\/\">Bee alive, ein Ort zum Wohlf\u00fchlen<\/a>\n    <\/h2>\n    <a href=\"https:\/\/wettbewerb-archiv.wir-tun-was-fuer-bienen.de\/archiv-2023\/eintrag\/2023-allgemeine-informationen\/\">\n        <div class=\"bienen-entry-image\">\n            <img decoding=\"async\" width=\"400\" height=\"300\" src=\"https:\/\/wettbewerb-archiv.wir-tun-was-fuer-bienen.de\/archiv-2023\/wp-content\/uploads\/sites\/8\/2023\/07\/IMG_20230728_084434-400x300.jpg\" class=\"attachment-bienen-grid-thumb size-bienen-grid-thumb wp-post-image\" alt=\"\" loading=\"lazy\" \/>                    <\/div>\n    <\/a>\n\n    \n\n    <div class=\"user flex\">\n        \n                    <img decoding=\"async\" src=\"https:\/\/wettbewerb-archiv.wir-tun-was-fuer-bienen.de\/archiv-2023\/wp-content\/themes\/bienen\/assets\/images\/avatar-placeholder.png\" style=\"border-radius: 30px;\" height=\"30\" width=\"30\">\n            Sarah Hochgeschurz            <\/div>\n    \n    <p class=\"categories meta bienen-gewinner\"><span class=\"fa fa-trophy\"                                                              aria-hidden=\"true\"><\/span> Gewinner<\/p>\n            <p class=\"categories meta\" style=\"width: 100%\"><span class=\"fa fa-tag\"\n                                                             aria-hidden=\"true\"><\/span> Balkone, Terrassen, Dachg\u00e4rten, vertikale G\u00e4rten        <\/p>\n    \n            <p class=\"categories meta\" style=\"width: 100%\"><span class=\"fa fa-map-marker\"\n                                                             aria-hidden=\"true\"><\/span> Baden-W\u00fcrttemberg        <\/p>\n    \n<\/article>\n   \n\t\t\n          <article id=\"post-101336\" class=\"et_pb_post post-101336 wtwfb_entry type-wtwfb_entry status-publish has-post-thumbnail hentry wtwfb_category-privatgaerten-gross-500-m wtwfb_region-mecklenburg-vorpommern\">\n    <h2 class=\"entry-title\"><a href=\"https:\/\/wettbewerb-archiv.wir-tun-was-fuer-bienen.de\/archiv-2023\/eintrag\/2023-naturparadies-fuer-naschkatzen\/\">Naturparadies f\u00fcr Naschkatzen<\/a>\n    <\/h2>\n    <a href=\"https:\/\/wettbewerb-archiv.wir-tun-was-fuer-bienen.de\/archiv-2023\/eintrag\/2023-naturparadies-fuer-naschkatzen\/\">\n        <div class=\"bienen-entry-image\">\n            <img decoding=\"async\" width=\"400\" height=\"300\" src=\"https:\/\/wettbewerb-archiv.wir-tun-was-fuer-bienen.de\/archiv-2023\/wp-content\/uploads\/sites\/8\/2023\/07\/IMG_20230709_200108-400x300.jpg\" class=\"attachment-bienen-grid-thumb size-bienen-grid-thumb wp-post-image\" alt=\"\" loading=\"lazy\" srcset=\"https:\/\/wettbewerb-archiv.wir-tun-was-fuer-bienen.de\/archiv-2023\/wp-content\/uploads\/sites\/8\/2023\/07\/IMG_20230709_200108-400x300.jpg 400w, https:\/\/wettbewerb-archiv.wir-tun-was-fuer-bienen.de\/archiv-2023\/wp-content\/uploads\/sites\/8\/2023\/07\/IMG_20230709_200108-768x577.jpg 768w, https:\/\/wettbewerb-archiv.wir-tun-was-fuer-bienen.de\/archiv-2023\/wp-content\/uploads\/sites\/8\/2023\/07\/IMG_20230709_200108-1024x769.jpg 1024w, https:\/\/wettbewerb-archiv.wir-tun-was-fuer-bienen.de\/archiv-2023\/wp-content\/uploads\/sites\/8\/2023\/07\/IMG_20230709_200108.jpg 1920w\" sizes=\"(max-width: 400px) 100vw, 400px\" \/>                    <\/div>\n    <\/a>\n\n    \n\n    <div class=\"user flex\">\n        \n                    <img decoding=\"async\" src=\"https:\/\/wettbewerb-archiv.wir-tun-was-fuer-bienen.de\/archiv-2023\/wp-content\/themes\/bienen\/assets\/images\/avatar-placeholder.png\" style=\"border-radius: 30px;\" height=\"30\" width=\"30\">\n            Vogelfreunde            <\/div>\n    \n    \n            <p class=\"categories meta\" style=\"width: 100%\"><span class=\"fa fa-tag\"\n                                                             aria-hidden=\"true\"><\/span> Privatg\u00e4rten gro\u00df (ab 500 m\u00b2)        <\/p>\n    \n            <p class=\"categories meta\" style=\"width: 100%\"><span class=\"fa fa-map-marker\"\n                                                             aria-hidden=\"true\"><\/span> Mecklenburg-Vorpommern        <\/p>\n    \n<\/article>\n   \n\t\t\n          <article id=\"post-101250\" class=\"et_pb_post post-101250 wtwfb_entry type-wtwfb_entry status-publish has-post-thumbnail hentry wtwfb_category-schul-und-jugendclubgaerten wtwfb_region-berlin\">\n    <h2 class=\"entry-title\"><a href=\"https:\/\/wettbewerb-archiv.wir-tun-was-fuer-bienen.de\/archiv-2023\/eintrag\/2023-bee-famos-ein-garten-fuer-heimische-wildtiere-der-nabu-kindergruppe-pankow\/\">Bee Famos &#8211; Ein Insektengarten f\u00fcr heimische Wildtiere<\/a>\n    <\/h2>\n    <a href=\"https:\/\/wettbewerb-archiv.wir-tun-was-fuer-bienen.de\/archiv-2023\/eintrag\/2023-bee-famos-ein-garten-fuer-heimische-wildtiere-der-nabu-kindergruppe-pankow\/\">\n        <div class=\"bienen-entry-image\">\n            <img decoding=\"async\" width=\"400\" height=\"300\" src=\"https:\/\/wettbewerb-archiv.wir-tun-was-fuer-bienen.de\/archiv-2023\/wp-content\/uploads\/sites\/8\/2023\/07\/IMG_20230508_180213-1-400x300.jpg\" class=\"attachment-bienen-grid-thumb size-bienen-grid-thumb wp-post-image\" alt=\"\" loading=\"lazy\" \/>                    <\/div>\n    <\/a>\n\n    \n\n    <div class=\"user flex\">\n        \n                    <img decoding=\"async\" src=\"https:\/\/wettbewerb-archiv.wir-tun-was-fuer-bienen.de\/archiv-2023\/wp-content\/themes\/bienen\/assets\/images\/avatar-placeholder.png\" style=\"border-radius: 30px;\" height=\"30\" width=\"30\">\n            Drau\u00dfen AG- NABU Kindergruppe Pankow            <\/div>\n    \n    <p class=\"categories meta bienen-gewinner\"><span class=\"fa fa-trophy\"                                                              aria-hidden=\"true\"><\/span> Gewinner<\/p>\n            <p class=\"categories meta\" style=\"width: 100%\"><span class=\"fa fa-tag\"\n                                                             aria-hidden=\"true\"><\/span> Schulg\u00e4rten        <\/p>\n    \n            <p class=\"categories meta\" style=\"width: 100%\"><span class=\"fa fa-map-marker\"\n                                                             aria-hidden=\"true\"><\/span> Berlin        <\/p>\n    \n<\/article>\n   \n\t\t\n          <article id=\"post-101193\" class=\"et_pb_post post-101193 wtwfb_entry type-wtwfb_entry status-publish has-post-thumbnail hentry wtwfb_category-vereinsgaerten-liegenschaften-von-verwaltung-kirche-etc-sonstige wtwfb_region-niedersachsen\">\n    <h2 class=\"entry-title\"><a href=\"https:\/\/wettbewerb-archiv.wir-tun-was-fuer-bienen.de\/archiv-2023\/eintrag\/2023-3-in-1-recycling-trockenmauer-eidechsenburg-und-sandarium\/\">3 in 1 Recycling-Sonnenfalle: Trockenmauer, Eidechsenbu...<\/a>\n    <\/h2>\n    <a href=\"https:\/\/wettbewerb-archiv.wir-tun-was-fuer-bienen.de\/archiv-2023\/eintrag\/2023-3-in-1-recycling-trockenmauer-eidechsenburg-und-sandarium\/\">\n        <div class=\"bienen-entry-image\">\n            <img decoding=\"async\" width=\"400\" height=\"300\" src=\"https:\/\/wettbewerb-archiv.wir-tun-was-fuer-bienen.de\/archiv-2023\/wp-content\/uploads\/sites\/8\/2023\/07\/Titel-400x300.jpg\" class=\"attachment-bienen-grid-thumb size-bienen-grid-thumb wp-post-image\" alt=\"\" loading=\"lazy\" srcset=\"https:\/\/wettbewerb-archiv.wir-tun-was-fuer-bienen.de\/archiv-2023\/wp-content\/uploads\/sites\/8\/2023\/07\/Titel-400x300.jpg 400w, https:\/\/wettbewerb-archiv.wir-tun-was-fuer-bienen.de\/archiv-2023\/wp-content\/uploads\/sites\/8\/2023\/07\/Titel-768x576.jpg 768w, https:\/\/wettbewerb-archiv.wir-tun-was-fuer-bienen.de\/archiv-2023\/wp-content\/uploads\/sites\/8\/2023\/07\/Titel-1024x768.jpg 1024w, https:\/\/wettbewerb-archiv.wir-tun-was-fuer-bienen.de\/archiv-2023\/wp-content\/uploads\/sites\/8\/2023\/07\/Titel.jpg 1600w\" sizes=\"(max-width: 400px) 100vw, 400px\" \/>                    <\/div>\n    <\/a>\n\n    \n\n    <div class=\"user flex\">\n        \n                    <img decoding=\"async\" src=\"https:\/\/wettbewerb-archiv.wir-tun-was-fuer-bienen.de\/archiv-2023\/wp-content\/themes\/bienen\/assets\/images\/avatar-placeholder.png\" style=\"border-radius: 30px;\" height=\"30\" width=\"30\">\n            Gartengruppe Trinitatiskirche            <\/div>\n    \n    <p class=\"categories meta bienen-gewinner\"><span class=\"fa fa-trophy\"                                                              aria-hidden=\"true\"><\/span> Gewinner<\/p>\n            <p class=\"categories meta\" style=\"width: 100%\"><span class=\"fa fa-tag\"\n                                                             aria-hidden=\"true\"><\/span> Vereinsg\u00e4rten, Unis, Liegenschaften von Verwaltung, Kirche etc, Sonstige        <\/p>\n    \n            <p class=\"categories meta\" style=\"width: 100%\"><span class=\"fa fa-map-marker\"\n                                                             aria-hidden=\"true\"><\/span> Niedersachsen        <\/p>\n    \n<\/article>\n   \n\t\t\n          <article id=\"post-101125\" class=\"et_pb_post post-101125 wtwfb_entry type-wtwfb_entry status-publish has-post-thumbnail hentry wtwfb_category-privatgaerten-gross-500-m wtwfb_region-hessen\">\n    <h2 class=\"entry-title\"><a href=\"https:\/\/wettbewerb-archiv.wir-tun-was-fuer-bienen.de\/archiv-2023\/eintrag\/2023-insektenfreundliche-blumenwiese\/\">Bienenfreundliche Blumenwiese<\/a>\n    <\/h2>\n    <a href=\"https:\/\/wettbewerb-archiv.wir-tun-was-fuer-bienen.de\/archiv-2023\/eintrag\/2023-insektenfreundliche-blumenwiese\/\">\n        <div class=\"bienen-entry-image\">\n            <img decoding=\"async\" width=\"400\" height=\"300\" src=\"https:\/\/wettbewerb-archiv.wir-tun-was-fuer-bienen.de\/archiv-2023\/wp-content\/uploads\/sites\/8\/2023\/07\/FORST_fo_183-400x300.jpg\" class=\"attachment-bienen-grid-thumb size-bienen-grid-thumb wp-post-image\" alt=\"\" loading=\"lazy\" \/>                    <\/div>\n    <\/a>\n\n    \n\n    <div class=\"user flex\">\n        \n                    <img decoding=\"async\" src=\"https:\/\/wettbewerb-archiv.wir-tun-was-fuer-bienen.de\/archiv-2023\/wp-content\/themes\/bienen\/assets\/images\/avatar-placeholder.png\" style=\"border-radius: 30px;\" height=\"30\" width=\"30\">\n            Ramona Buxbaum            <\/div>\n    \n    \n            <p class=\"categories meta\" style=\"width: 100%\"><span class=\"fa fa-tag\"\n                                                             aria-hidden=\"true\"><\/span> Privatg\u00e4rten gro\u00df (ab 500 m\u00b2)        <\/p>\n    \n            <p class=\"categories meta\" style=\"width: 100%\"><span class=\"fa fa-map-marker\"\n                                                             aria-hidden=\"true\"><\/span> Hessen        <\/p>\n    \n<\/article>\n   \n\t\t\n          <article id=\"post-101074\" class=\"et_pb_post post-101074 wtwfb_entry type-wtwfb_entry status-publish has-post-thumbnail hentry wtwfb_category-bestehende-naturgaerten wtwfb_region-mecklenburg-vorpommern\">\n    <h2 class=\"entry-title\"><a href=\"https:\/\/wettbewerb-archiv.wir-tun-was-fuer-bienen.de\/archiv-2023\/eintrag\/2023-von-eintoenigem-rasen-zur-artenreichen-bluehflaeche\/\">Von eint\u00f6nigem Rasen zur artenreichen Bl\u00fchfl\u00e4che<\/a>\n    <\/h2>\n    <a href=\"https:\/\/wettbewerb-archiv.wir-tun-was-fuer-bienen.de\/archiv-2023\/eintrag\/2023-von-eintoenigem-rasen-zur-artenreichen-bluehflaeche\/\">\n        <div class=\"bienen-entry-image\">\n            <img decoding=\"async\" width=\"400\" height=\"300\" src=\"https:\/\/wettbewerb-archiv.wir-tun-was-fuer-bienen.de\/archiv-2023\/wp-content\/uploads\/sites\/8\/2023\/07\/titelbild3-1-400x300.jpg\" class=\"attachment-bienen-grid-thumb size-bienen-grid-thumb wp-post-image\" alt=\"\" loading=\"lazy\" \/>                    <\/div>\n    <\/a>\n\n    \n\n    <div class=\"user flex\">\n        \n                    <img decoding=\"async\" src=\"https:\/\/wettbewerb-archiv.wir-tun-was-fuer-bienen.de\/archiv-2023\/wp-content\/themes\/bienen\/assets\/images\/avatar-placeholder.png\" style=\"border-radius: 30px;\" height=\"30\" width=\"30\">\n            BunteSaat (Stadt Greifswald)            <\/div>\n    \n    <p class=\"categories meta bienen-gewinner\"><span class=\"fa fa-trophy\"                                                              aria-hidden=\"true\"><\/span> Gewinner<\/p>\n            <p class=\"categories meta\" style=\"width: 100%\"><span class=\"fa fa-tag\"\n                                                             aria-hidden=\"true\"><\/span> Bestehende Naturg\u00e4rten (Pflege und Infoarbeit)        <\/p>\n    \n            <p class=\"categories meta\" style=\"width: 100%\"><span class=\"fa fa-map-marker\"\n                                                             aria-hidden=\"true\"><\/span> Mecklenburg-Vorpommern        <\/p>\n    \n<\/article>\n   \n\t\t\n          <article id=\"post-100994\" class=\"et_pb_post post-100994 wtwfb_entry type-wtwfb_entry status-publish has-post-thumbnail hentry wtwfb_category-kita-gaerten wtwfb_region-niedersachsen\">\n    <h2 class=\"entry-title\"><a href=\"https:\/\/wettbewerb-archiv.wir-tun-was-fuer-bienen.de\/archiv-2023\/eintrag\/2023-awo-kinder-setzen-sich-fuer-die-bienen-ein\/\">Awo-Kinder setzen sich f\u00fcr die Bienen ein!<\/a>\n    <\/h2>\n    <a href=\"https:\/\/wettbewerb-archiv.wir-tun-was-fuer-bienen.de\/archiv-2023\/eintrag\/2023-awo-kinder-setzen-sich-fuer-die-bienen-ein\/\">\n        <div class=\"bienen-entry-image\">\n            <img decoding=\"async\" width=\"400\" height=\"300\" src=\"https:\/\/wettbewerb-archiv.wir-tun-was-fuer-bienen.de\/archiv-2023\/wp-content\/uploads\/sites\/8\/2023\/07\/Bienenland-2-400x300.jpeg\" class=\"attachment-bienen-grid-thumb size-bienen-grid-thumb wp-post-image\" alt=\"\" loading=\"lazy\" \/>                    <\/div>\n    <\/a>\n\n    \n\n    <div class=\"user flex\">\n        \n                    <img decoding=\"async\" src=\"https:\/\/wettbewerb-archiv.wir-tun-was-fuer-bienen.de\/archiv-2023\/wp-content\/themes\/bienen\/assets\/images\/avatar-placeholder.png\" style=\"border-radius: 30px;\" height=\"30\" width=\"30\">\n            AWO Kita Cuxhaven Westerwisch            <\/div>\n    \n    \n            <p class=\"categories meta\" style=\"width: 100%\"><span class=\"fa fa-tag\"\n                                                             aria-hidden=\"true\"><\/span> Kita-G\u00e4rten        <\/p>\n    \n            <p class=\"categories meta\" style=\"width: 100%\"><span class=\"fa fa-map-marker\"\n                                                             aria-hidden=\"true\"><\/span> Niedersachsen        <\/p>\n    \n<\/article>\n   \n\t\t\n          <article id=\"post-100984\" class=\"et_pb_post post-100984 wtwfb_entry type-wtwfb_entry status-publish has-post-thumbnail hentry wtwfb_category-schul-und-jugendclubgaerten wtwfb_region-hessen\">\n    <h2 class=\"entry-title\"><a href=\"https:\/\/wettbewerb-archiv.wir-tun-was-fuer-bienen.de\/archiv-2023\/eintrag\/2023-wildbienenoase-am-buergerhaus\/\">Wildbienenoase am B\u00fcrgerhaus<\/a>\n    <\/h2>\n    <a href=\"https:\/\/wettbewerb-archiv.wir-tun-was-fuer-bienen.de\/archiv-2023\/eintrag\/2023-wildbienenoase-am-buergerhaus\/\">\n        <div class=\"bienen-entry-image\">\n            <img decoding=\"async\" width=\"400\" height=\"300\" src=\"https:\/\/wettbewerb-archiv.wir-tun-was-fuer-bienen.de\/archiv-2023\/wp-content\/uploads\/sites\/8\/2023\/07\/IMG_5368-400x300.jpg\" class=\"attachment-bienen-grid-thumb size-bienen-grid-thumb wp-post-image\" alt=\"\" loading=\"lazy\" \/>                    <\/div>\n    <\/a>\n\n    \n\n    <div class=\"user flex\">\n        \n                    <img decoding=\"async\" src=\"https:\/\/wettbewerb-archiv.wir-tun-was-fuer-bienen.de\/archiv-2023\/wp-content\/themes\/bienen\/assets\/images\/avatar-placeholder.png\" style=\"border-radius: 30px;\" height=\"30\" width=\"30\">\n            Wildbienenfreunde            <\/div>\n    \n    \n            <p class=\"categories meta\" style=\"width: 100%\"><span class=\"fa fa-tag\"\n                                                             aria-hidden=\"true\"><\/span> Schulg\u00e4rten        <\/p>\n    \n            <p class=\"categories meta\" style=\"width: 100%\"><span class=\"fa fa-map-marker\"\n                                                             aria-hidden=\"true\"><\/span> Hessen        <\/p>\n    \n<\/article>\n   \n\t\t\n          <article id=\"post-100920\" class=\"et_pb_post post-100920 wtwfb_entry type-wtwfb_entry status-publish has-post-thumbnail hentry wtwfb_category-balkone-terrassen-dachbegruenung-vertikale-gaerten wtwfb_region-baden-wuerttemberg\">\n    <h2 class=\"entry-title\"><a href=\"https:\/\/wettbewerb-archiv.wir-tun-was-fuer-bienen.de\/archiv-2023\/eintrag\/2023-die-gruene-raststaette\/\">Die gr\u00fcne Rastst\u00e4tte<\/a>\n    <\/h2>\n    <a href=\"https:\/\/wettbewerb-archiv.wir-tun-was-fuer-bienen.de\/archiv-2023\/eintrag\/2023-die-gruene-raststaette\/\">\n        <div class=\"bienen-entry-image\">\n            <img decoding=\"async\" width=\"400\" height=\"300\" src=\"https:\/\/wettbewerb-archiv.wir-tun-was-fuer-bienen.de\/archiv-2023\/wp-content\/uploads\/sites\/8\/2023\/07\/20230624_143553-400x300.jpg\" class=\"attachment-bienen-grid-thumb size-bienen-grid-thumb wp-post-image\" alt=\"\" loading=\"lazy\" \/>                    <\/div>\n    <\/a>\n\n    \n\n    <div class=\"user flex\">\n        \n                    <img decoding=\"async\" src=\"https:\/\/wettbewerb-archiv.wir-tun-was-fuer-bienen.de\/archiv-2023\/wp-content\/themes\/bienen\/assets\/images\/avatar-placeholder.png\" style=\"border-radius: 30px;\" height=\"30\" width=\"30\">\n            Gefiederte und krabbelnde Freunde            <\/div>\n    \n    <p class=\"categories meta bienen-gewinner\"><span class=\"fa fa-trophy\"                                                              aria-hidden=\"true\"><\/span> Gewinner<\/p>\n            <p class=\"categories meta\" style=\"width: 100%\"><span class=\"fa fa-tag\"\n                                                             aria-hidden=\"true\"><\/span> Balkone, Terrassen, Dachg\u00e4rten, vertikale G\u00e4rten        <\/p>\n    \n            <p class=\"categories meta\" style=\"width: 100%\"><span class=\"fa fa-map-marker\"\n                                                             aria-hidden=\"true\"><\/span> Baden-W\u00fcrttemberg        <\/p>\n    \n<\/article>\n   \n\t\t\n          <article id=\"post-100912\" class=\"et_pb_post post-100912 wtwfb_entry type-wtwfb_entry status-publish has-post-thumbnail hentry wtwfb_category-privatgaerten-klein-500-m2 wtwfb_region-baden-wuerttemberg\">\n    <h2 class=\"entry-title\"><a href=\"https:\/\/wettbewerb-archiv.wir-tun-was-fuer-bienen.de\/archiv-2023\/eintrag\/2023-florines-garten\/\">Florines Garten<\/a>\n    <\/h2>\n    <a href=\"https:\/\/wettbewerb-archiv.wir-tun-was-fuer-bienen.de\/archiv-2023\/eintrag\/2023-florines-garten\/\">\n        <div class=\"bienen-entry-image\">\n            <img decoding=\"async\" width=\"400\" height=\"300\" src=\"https:\/\/wettbewerb-archiv.wir-tun-was-fuer-bienen.de\/archiv-2023\/wp-content\/uploads\/sites\/8\/2023\/07\/IMG_2301-400x300.jpeg\" class=\"attachment-bienen-grid-thumb size-bienen-grid-thumb wp-post-image\" alt=\"\" loading=\"lazy\" srcset=\"https:\/\/wettbewerb-archiv.wir-tun-was-fuer-bienen.de\/archiv-2023\/wp-content\/uploads\/sites\/8\/2023\/07\/IMG_2301-400x300.jpeg 400w, https:\/\/wettbewerb-archiv.wir-tun-was-fuer-bienen.de\/archiv-2023\/wp-content\/uploads\/sites\/8\/2023\/07\/IMG_2301-768x576.jpeg 768w, https:\/\/wettbewerb-archiv.wir-tun-was-fuer-bienen.de\/archiv-2023\/wp-content\/uploads\/sites\/8\/2023\/07\/IMG_2301-1024x768.jpeg 1024w, https:\/\/wettbewerb-archiv.wir-tun-was-fuer-bienen.de\/archiv-2023\/wp-content\/uploads\/sites\/8\/2023\/07\/IMG_2301.jpeg 1920w\" sizes=\"(max-width: 400px) 100vw, 400px\" \/>                    <\/div>\n    <\/a>\n\n    \n\n    <div class=\"user flex\">\n        \n                    <img decoding=\"async\" src=\"https:\/\/wettbewerb-archiv.wir-tun-was-fuer-bienen.de\/archiv-2023\/wp-content\/themes\/bienen\/assets\/images\/avatar-placeholder.png\" style=\"border-radius: 30px;\" height=\"30\" width=\"30\">\n            Florines Garten            <\/div>\n    \n    \n            <p class=\"categories meta\" style=\"width: 100%\"><span class=\"fa fa-tag\"\n                                                             aria-hidden=\"true\"><\/span> Privatg\u00e4rten klein (bis 500 m2)        <\/p>\n    \n            <p class=\"categories meta\" style=\"width: 100%\"><span class=\"fa fa-map-marker\"\n                                                             aria-hidden=\"true\"><\/span> Baden-W\u00fcrttemberg        <\/p>\n    \n<\/article>\n   \n\t\t\n          <article id=\"post-100893\" class=\"et_pb_post post-100893 wtwfb_entry type-wtwfb_entry status-publish has-post-thumbnail hentry wtwfb_category-bestehende-naturgaerten wtwfb_region-bayern\">\n    <h2 class=\"entry-title\"><a href=\"https:\/\/wettbewerb-archiv.wir-tun-was-fuer-bienen.de\/archiv-2023\/eintrag\/2023-landorff-bestehender-garten\/\">Landorff &#8211; Bestehender Garten<\/a>\n    <\/h2>\n    <a href=\"https:\/\/wettbewerb-archiv.wir-tun-was-fuer-bienen.de\/archiv-2023\/eintrag\/2023-landorff-bestehender-garten\/\">\n        <div class=\"bienen-entry-image\">\n            <img decoding=\"async\" width=\"400\" height=\"300\" src=\"https:\/\/wettbewerb-archiv.wir-tun-was-fuer-bienen.de\/archiv-2023\/wp-content\/uploads\/sites\/8\/2023\/07\/IMG_3729-400x300.jpg\" class=\"attachment-bienen-grid-thumb size-bienen-grid-thumb wp-post-image\" alt=\"\" loading=\"lazy\" srcset=\"https:\/\/wettbewerb-archiv.wir-tun-was-fuer-bienen.de\/archiv-2023\/wp-content\/uploads\/sites\/8\/2023\/07\/IMG_3729-400x300.jpg 400w, https:\/\/wettbewerb-archiv.wir-tun-was-fuer-bienen.de\/archiv-2023\/wp-content\/uploads\/sites\/8\/2023\/07\/IMG_3729-768x576.jpg 768w, https:\/\/wettbewerb-archiv.wir-tun-was-fuer-bienen.de\/archiv-2023\/wp-content\/uploads\/sites\/8\/2023\/07\/IMG_3729-1024x768.jpg 1024w, https:\/\/wettbewerb-archiv.wir-tun-was-fuer-bienen.de\/archiv-2023\/wp-content\/uploads\/sites\/8\/2023\/07\/IMG_3729.jpg 1920w\" sizes=\"(max-width: 400px) 100vw, 400px\" \/>                    <\/div>\n    <\/a>\n\n    \n\n    <div class=\"user flex\">\n        \n                    <img decoding=\"async\" src=\"https:\/\/wettbewerb-archiv.wir-tun-was-fuer-bienen.de\/archiv-2023\/wp-content\/themes\/bienen\/assets\/images\/avatar-placeholder.png\" style=\"border-radius: 30px;\" height=\"30\" width=\"30\">\n            Landorff            <\/div>\n    \n    \n            <p class=\"categories meta\" style=\"width: 100%\"><span class=\"fa fa-tag\"\n                                                             aria-hidden=\"true\"><\/span> Bestehende Naturg\u00e4rten (Pflege und Infoarbeit)        <\/p>\n    \n            <p class=\"categories meta\" style=\"width: 100%\"><span class=\"fa fa-map-marker\"\n                                                             aria-hidden=\"true\"><\/span> Bayern        <\/p>\n    \n<\/article>\n   \n\t\t\n          <article id=\"post-100873\" class=\"et_pb_post post-100873 wtwfb_entry type-wtwfb_entry status-publish has-post-thumbnail hentry wtwfb_category-kommunale-flaechen wtwfb_region-hessen\">\n    <h2 class=\"entry-title\"><a href=\"https:\/\/wettbewerb-archiv.wir-tun-was-fuer-bienen.de\/archiv-2023\/eintrag\/2023-wildbienenbuffet-an-der-bushaltestelle\/\">Wildbienenbuffet an der Bushaltestelle<\/a>\n    <\/h2>\n    <a href=\"https:\/\/wettbewerb-archiv.wir-tun-was-fuer-bienen.de\/archiv-2023\/eintrag\/2023-wildbienenbuffet-an-der-bushaltestelle\/\">\n        <div class=\"bienen-entry-image\">\n            <img decoding=\"async\" width=\"400\" height=\"300\" src=\"https:\/\/wettbewerb-archiv.wir-tun-was-fuer-bienen.de\/archiv-2023\/wp-content\/uploads\/sites\/8\/2023\/07\/IMG_4534-2-400x300.jpg\" class=\"attachment-bienen-grid-thumb size-bienen-grid-thumb wp-post-image\" alt=\"\" loading=\"lazy\" \/>                    <\/div>\n    <\/a>\n\n    \n\n    <div class=\"user flex\">\n        \n                    <img decoding=\"async\" src=\"https:\/\/wettbewerb-archiv.wir-tun-was-fuer-bienen.de\/archiv-2023\/wp-content\/themes\/bienen\/assets\/images\/avatar-placeholder.png\" style=\"border-radius: 30px;\" height=\"30\" width=\"30\">\n            Wildbienenfreunde            <\/div>\n    \n    <p class=\"categories meta bienen-gewinner\"><span class=\"fa fa-trophy\"                                                              aria-hidden=\"true\"><\/span> Gewinner<\/p>\n            <p class=\"categories meta\" style=\"width: 100%\"><span class=\"fa fa-tag\"\n                                                             aria-hidden=\"true\"><\/span> Kommunale Fl\u00e4chen        <\/p>\n    \n            <p class=\"categories meta\" style=\"width: 100%\"><span class=\"fa fa-map-marker\"\n                                                             aria-hidden=\"true\"><\/span> Hessen        <\/p>\n    \n<\/article>\n   \n\t\t\n          <article id=\"post-100824\" class=\"et_pb_post post-100824 wtwfb_entry type-wtwfb_entry status-publish has-post-thumbnail hentry wtwfb_category-vereinsgaerten-liegenschaften-von-verwaltung-kirche-etc-sonstige wtwfb_region-nordrhein-westfalen\">\n    <h2 class=\"entry-title\"><a href=\"https:\/\/wettbewerb-archiv.wir-tun-was-fuer-bienen.de\/archiv-2023\/eintrag\/2023-bluehstreifen-beim-sportheim-des-bsv-fuerstenberg\/\">Bl\u00fchstreifen beim Sportheim des BSV F\u00fcrstenberg<\/a>\n    <\/h2>\n    <a href=\"https:\/\/wettbewerb-archiv.wir-tun-was-fuer-bienen.de\/archiv-2023\/eintrag\/2023-bluehstreifen-beim-sportheim-des-bsv-fuerstenberg\/\">\n        <div class=\"bienen-entry-image\">\n            <img decoding=\"async\" width=\"400\" height=\"300\" src=\"https:\/\/wettbewerb-archiv.wir-tun-was-fuer-bienen.de\/archiv-2023\/wp-content\/uploads\/sites\/8\/2023\/07\/IMG_20230526_153919-400x300.jpg\" class=\"attachment-bienen-grid-thumb size-bienen-grid-thumb wp-post-image\" alt=\"\" loading=\"lazy\" \/>                    <\/div>\n    <\/a>\n\n    \n\n    <div class=\"user flex\">\n        \n                    <img decoding=\"async\" src=\"https:\/\/wettbewerb-archiv.wir-tun-was-fuer-bienen.de\/archiv-2023\/wp-content\/themes\/bienen\/assets\/images\/avatar-placeholder.png\" style=\"border-radius: 30px;\" height=\"30\" width=\"30\">\n            Bienchen des BSV 1921 F\u00fcrstenberg e.V.            <\/div>\n            <p class=\"categories meta\" style=\"color: #c32731; font-weight: bold; width: 100%\"><span class=\"fa fa-music\"\n                                                                                                aria-hidden=\"true\"><\/span> Extrapreis Musik\n            f\u00fcr Bienenschutz\n        <\/p>\n    \n    \n            <p class=\"categories meta\" style=\"width: 100%\"><span class=\"fa fa-tag\"\n                                                             aria-hidden=\"true\"><\/span> Vereinsg\u00e4rten, Unis, Liegenschaften von Verwaltung, Kirche etc, Sonstige        <\/p>\n    \n            <p class=\"categories meta\" style=\"width: 100%\"><span class=\"fa fa-map-marker\"\n                                                             aria-hidden=\"true\"><\/span> Nordrhein-Westfalen        <\/p>\n    \n<\/article>\n   \n\t\t\n          <article id=\"post-100799\" class=\"et_pb_post post-100799 wtwfb_entry type-wtwfb_entry status-publish has-post-thumbnail hentry wtwfb_category-vereinsgaerten-liegenschaften-von-verwaltung-kirche-etc-sonstige wtwfb_region-sachsen-anhalt\">\n    <h2 class=\"entry-title\"><a href=\"https:\/\/wettbewerb-archiv.wir-tun-was-fuer-bienen.de\/archiv-2023\/eintrag\/2023-bienchen-lieben-vergessene-heilpflanzen\/\">Insekten lieben vergessene Heilpflanzen<\/a>\n    <\/h2>\n    <a href=\"https:\/\/wettbewerb-archiv.wir-tun-was-fuer-bienen.de\/archiv-2023\/eintrag\/2023-bienchen-lieben-vergessene-heilpflanzen\/\">\n        <div class=\"bienen-entry-image\">\n            <img decoding=\"async\" width=\"400\" height=\"300\" src=\"https:\/\/wettbewerb-archiv.wir-tun-was-fuer-bienen.de\/archiv-2023\/wp-content\/uploads\/sites\/8\/2023\/07\/P1055839-400x300.jpg\" class=\"attachment-bienen-grid-thumb size-bienen-grid-thumb wp-post-image\" alt=\"\" loading=\"lazy\" \/>                    <\/div>\n    <\/a>\n\n    \n\n    <div class=\"user flex\">\n        \n                    <img decoding=\"async\" src=\"https:\/\/wettbewerb-archiv.wir-tun-was-fuer-bienen.de\/archiv-2023\/wp-content\/themes\/bienen\/assets\/images\/avatar-placeholder.png\" style=\"border-radius: 30px;\" height=\"30\" width=\"30\">\n            Klosterbauh\u00fctte Merseburg e.V.            <\/div>\n    \n    \n            <p class=\"categories meta\" style=\"width: 100%\"><span class=\"fa fa-tag\"\n                                                             aria-hidden=\"true\"><\/span> Vereinsg\u00e4rten, Unis, Liegenschaften von Verwaltung, Kirche etc, Sonstige        <\/p>\n    \n            <p class=\"categories meta\" style=\"width: 100%\"><span class=\"fa fa-map-marker\"\n                                                             aria-hidden=\"true\"><\/span> Sachsen-Anhalt        <\/p>\n    \n<\/article>\n   \n\t\t\n          <article id=\"post-100741\" class=\"et_pb_post post-100741 wtwfb_entry type-wtwfb_entry status-publish has-post-thumbnail hentry wtwfb_category-privatgaerten-klein-500-m2 wtwfb_region-nordrhein-westfalen\">\n    <h2 class=\"entry-title\"><a href=\"https:\/\/wettbewerb-archiv.wir-tun-was-fuer-bienen.de\/archiv-2023\/eintrag\/2023-wohlfuehloase-in-lippe\/\">Wohlf\u00fchloase in Lippe<\/a>\n    <\/h2>\n    <a href=\"https:\/\/wettbewerb-archiv.wir-tun-was-fuer-bienen.de\/archiv-2023\/eintrag\/2023-wohlfuehloase-in-lippe\/\">\n        <div class=\"bienen-entry-image\">\n            <img decoding=\"async\" width=\"400\" height=\"300\" src=\"https:\/\/wettbewerb-archiv.wir-tun-was-fuer-bienen.de\/archiv-2023\/wp-content\/uploads\/sites\/8\/2023\/07\/Stannek_Christina_Laubke_03-400x300.jpeg\" class=\"attachment-bienen-grid-thumb size-bienen-grid-thumb wp-post-image\" alt=\"\" loading=\"lazy\" \/>                    <\/div>\n    <\/a>\n\n    \n\n    <div class=\"user flex\">\n        \n                    <img decoding=\"async\" src=\"https:\/\/wettbewerb-archiv.wir-tun-was-fuer-bienen.de\/archiv-2023\/wp-content\/themes\/bienen\/assets\/images\/avatar-placeholder.png\" style=\"border-radius: 30px;\" height=\"30\" width=\"30\">\n            BienenzuhauseLaubke            <\/div>\n    \n    \n            <p class=\"categories meta\" style=\"width: 100%\"><span class=\"fa fa-tag\"\n                                                             aria-hidden=\"true\"><\/span> Privatg\u00e4rten klein (bis 500 m2)        <\/p>\n    \n            <p class=\"categories meta\" style=\"width: 100%\"><span class=\"fa fa-map-marker\"\n                                                             aria-hidden=\"true\"><\/span> Nordrhein-Westfalen        <\/p>\n    \n<\/article>\n   \n\t\t\n          <article id=\"post-100702\" class=\"et_pb_post post-100702 wtwfb_entry type-wtwfb_entry status-publish has-post-thumbnail hentry wtwfb_category-privatgaerten-klein-500-m2 wtwfb_region-niedersachsen\">\n    <h2 class=\"entry-title\"><a href=\"https:\/\/wettbewerb-archiv.wir-tun-was-fuer-bienen.de\/archiv-2023\/eintrag\/2023-von-versiegelter-auffahrt-zum-naturnutzgarten\/\">Von versiegelter Auffahrt mit Rasen zum Naturnutzgarten<\/a>\n    <\/h2>\n    <a href=\"https:\/\/wettbewerb-archiv.wir-tun-was-fuer-bienen.de\/archiv-2023\/eintrag\/2023-von-versiegelter-auffahrt-zum-naturnutzgarten\/\">\n        <div class=\"bienen-entry-image\">\n            <img decoding=\"async\" width=\"400\" height=\"300\" src=\"https:\/\/wettbewerb-archiv.wir-tun-was-fuer-bienen.de\/archiv-2023\/wp-content\/uploads\/sites\/8\/2023\/07\/1R2A1613-2-400x300.jpg\" class=\"attachment-bienen-grid-thumb size-bienen-grid-thumb wp-post-image\" alt=\"\" loading=\"lazy\" \/>                    <\/div>\n    <\/a>\n\n    \n\n    <div class=\"user flex\">\n        \n                    <img decoding=\"async\" src=\"https:\/\/wettbewerb-archiv.wir-tun-was-fuer-bienen.de\/archiv-2023\/wp-content\/themes\/bienen\/assets\/images\/avatar-placeholder.png\" style=\"border-radius: 30px;\" height=\"30\" width=\"30\">\n            Laiengarten            <\/div>\n    \n    \n            <p class=\"categories meta\" style=\"width: 100%\"><span class=\"fa fa-tag\"\n                                                             aria-hidden=\"true\"><\/span> Privatg\u00e4rten klein (bis 500 m2)        <\/p>\n    \n            <p class=\"categories meta\" style=\"width: 100%\"><span class=\"fa fa-map-marker\"\n                                                             aria-hidden=\"true\"><\/span> Niedersachsen        <\/p>\n    \n<\/article>\n   \n\t\t\n          <article id=\"post-100666\" class=\"et_pb_post post-100666 wtwfb_entry type-wtwfb_entry status-publish has-post-thumbnail hentry wtwfb_category-privatgaerten-klein-500-m2 wtwfb_region-bayern\">\n    <h2 class=\"entry-title\"><a href=\"https:\/\/wettbewerb-archiv.wir-tun-was-fuer-bienen.de\/archiv-2023\/eintrag\/2023-bavarian-bee-paradies\/\">Bavarian bee paradies<\/a>\n    <\/h2>\n    <a href=\"https:\/\/wettbewerb-archiv.wir-tun-was-fuer-bienen.de\/archiv-2023\/eintrag\/2023-bavarian-bee-paradies\/\">\n        <div class=\"bienen-entry-image\">\n            <img decoding=\"async\" width=\"400\" height=\"300\" src=\"https:\/\/wettbewerb-archiv.wir-tun-was-fuer-bienen.de\/archiv-2023\/wp-content\/uploads\/sites\/8\/2023\/07\/20230709_112352-400x300.jpg\" class=\"attachment-bienen-grid-thumb size-bienen-grid-thumb wp-post-image\" alt=\"\" loading=\"lazy\" srcset=\"https:\/\/wettbewerb-archiv.wir-tun-was-fuer-bienen.de\/archiv-2023\/wp-content\/uploads\/sites\/8\/2023\/07\/20230709_112352-400x300.jpg 400w, https:\/\/wettbewerb-archiv.wir-tun-was-fuer-bienen.de\/archiv-2023\/wp-content\/uploads\/sites\/8\/2023\/07\/20230709_112352-768x576.jpg 768w, https:\/\/wettbewerb-archiv.wir-tun-was-fuer-bienen.de\/archiv-2023\/wp-content\/uploads\/sites\/8\/2023\/07\/20230709_112352-1024x768.jpg 1024w, https:\/\/wettbewerb-archiv.wir-tun-was-fuer-bienen.de\/archiv-2023\/wp-content\/uploads\/sites\/8\/2023\/07\/20230709_112352.jpg 1920w\" sizes=\"(max-width: 400px) 100vw, 400px\" \/>                    <\/div>\n    <\/a>\n\n    \n\n    <div class=\"user flex\">\n        \n                    <img decoding=\"async\" src=\"https:\/\/wettbewerb-archiv.wir-tun-was-fuer-bienen.de\/archiv-2023\/wp-content\/themes\/bienen\/assets\/images\/avatar-placeholder.png\" style=\"border-radius: 30px;\" height=\"30\" width=\"30\">\n            Bavarian Bee Paradies            <\/div>\n    \n    \n            <p class=\"categories meta\" style=\"width: 100%\"><span class=\"fa fa-tag\"\n                                                             aria-hidden=\"true\"><\/span> Privatg\u00e4rten klein (bis 500 m2)        <\/p>\n    \n            <p class=\"categories meta\" style=\"width: 100%\"><span class=\"fa fa-map-marker\"\n                                                             aria-hidden=\"true\"><\/span> Bayern        <\/p>\n    \n<\/article>\n   \n\t\t\n          <article id=\"post-100650\" class=\"et_pb_post post-100650 wtwfb_entry type-wtwfb_entry status-publish has-post-thumbnail hentry wtwfb_category-bestehende-naturgaerten wtwfb_region-rheinland-pfalz\">\n    <h2 class=\"entry-title\"><a href=\"https:\/\/wettbewerb-archiv.wir-tun-was-fuer-bienen.de\/archiv-2023\/eintrag\/2023-insektenparadies-in-stadtlage\/\">Insektenparadies in Stadtlage<\/a>\n    <\/h2>\n    <a href=\"https:\/\/wettbewerb-archiv.wir-tun-was-fuer-bienen.de\/archiv-2023\/eintrag\/2023-insektenparadies-in-stadtlage\/\">\n        <div class=\"bienen-entry-image\">\n            <img decoding=\"async\" width=\"400\" height=\"300\" src=\"https:\/\/wettbewerb-archiv.wir-tun-was-fuer-bienen.de\/archiv-2023\/wp-content\/uploads\/sites\/8\/2023\/07\/IMG_1270-400x300.jpeg\" class=\"attachment-bienen-grid-thumb size-bienen-grid-thumb wp-post-image\" alt=\"\" loading=\"lazy\" srcset=\"https:\/\/wettbewerb-archiv.wir-tun-was-fuer-bienen.de\/archiv-2023\/wp-content\/uploads\/sites\/8\/2023\/07\/IMG_1270-400x300.jpeg 400w, https:\/\/wettbewerb-archiv.wir-tun-was-fuer-bienen.de\/archiv-2023\/wp-content\/uploads\/sites\/8\/2023\/07\/IMG_1270-768x576.jpeg 768w, https:\/\/wettbewerb-archiv.wir-tun-was-fuer-bienen.de\/archiv-2023\/wp-content\/uploads\/sites\/8\/2023\/07\/IMG_1270-1024x768.jpeg 1024w, https:\/\/wettbewerb-archiv.wir-tun-was-fuer-bienen.de\/archiv-2023\/wp-content\/uploads\/sites\/8\/2023\/07\/IMG_1270.jpeg 1920w\" sizes=\"(max-width: 400px) 100vw, 400px\" \/>                    <\/div>\n    <\/a>\n\n    \n\n    <div class=\"user flex\">\n        \n                    <img decoding=\"async\" src=\"https:\/\/wettbewerb-archiv.wir-tun-was-fuer-bienen.de\/archiv-2023\/wp-content\/themes\/bienen\/assets\/images\/avatar-placeholder.png\" style=\"border-radius: 30px;\" height=\"30\" width=\"30\">\n            Familie Summsumm            <\/div>\n    \n    \n            <p class=\"categories meta\" style=\"width: 100%\"><span class=\"fa fa-tag\"\n                                                             aria-hidden=\"true\"><\/span> Bestehende Naturg\u00e4rten (Pflege und Infoarbeit)        <\/p>\n    \n            <p class=\"categories meta\" style=\"width: 100%\"><span class=\"fa fa-map-marker\"\n                                                             aria-hidden=\"true\"><\/span> Rheinland-Pfalz        <\/p>\n    \n<\/article>\n   \n\t\t\n          <article id=\"post-100585\" class=\"et_pb_post post-100585 wtwfb_entry type-wtwfb_entry status-publish has-post-thumbnail hentry wtwfb_category-privatgaerten-gross-500-m wtwfb_region-sachsen\">\n    <h2 class=\"entry-title\"><a href=\"https:\/\/wettbewerb-archiv.wir-tun-was-fuer-bienen.de\/archiv-2023\/eintrag\/2023-trockensteinmauer-fuer-alles-was-summt-krabbelt-kriecht-fliegt\/\">Trockensteinmauer f\u00fcr alles was summt, krabbelt, kriec...<\/a>\n    <\/h2>\n    <a href=\"https:\/\/wettbewerb-archiv.wir-tun-was-fuer-bienen.de\/archiv-2023\/eintrag\/2023-trockensteinmauer-fuer-alles-was-summt-krabbelt-kriecht-fliegt\/\">\n        <div class=\"bienen-entry-image\">\n            <img decoding=\"async\" width=\"400\" height=\"300\" src=\"https:\/\/wettbewerb-archiv.wir-tun-was-fuer-bienen.de\/archiv-2023\/wp-content\/uploads\/sites\/8\/2023\/07\/FAAEA52A-4F1F-475C-962D-F1533B8184C9-400x300.jpeg\" class=\"attachment-bienen-grid-thumb size-bienen-grid-thumb wp-post-image\" alt=\"\" loading=\"lazy\" srcset=\"https:\/\/wettbewerb-archiv.wir-tun-was-fuer-bienen.de\/archiv-2023\/wp-content\/uploads\/sites\/8\/2023\/07\/FAAEA52A-4F1F-475C-962D-F1533B8184C9-400x300.jpeg 400w, https:\/\/wettbewerb-archiv.wir-tun-was-fuer-bienen.de\/archiv-2023\/wp-content\/uploads\/sites\/8\/2023\/07\/FAAEA52A-4F1F-475C-962D-F1533B8184C9-768x576.jpeg 768w, https:\/\/wettbewerb-archiv.wir-tun-was-fuer-bienen.de\/archiv-2023\/wp-content\/uploads\/sites\/8\/2023\/07\/FAAEA52A-4F1F-475C-962D-F1533B8184C9-1024x768.jpeg 1024w, https:\/\/wettbewerb-archiv.wir-tun-was-fuer-bienen.de\/archiv-2023\/wp-content\/uploads\/sites\/8\/2023\/07\/FAAEA52A-4F1F-475C-962D-F1533B8184C9.jpeg 1920w\" sizes=\"(max-width: 400px) 100vw, 400px\" \/>                    <\/div>\n    <\/a>\n\n    \n\n    <div class=\"user flex\">\n        \n                    <img decoding=\"async\" src=\"https:\/\/wettbewerb-archiv.wir-tun-was-fuer-bienen.de\/archiv-2023\/wp-content\/themes\/bienen\/assets\/images\/avatar-placeholder.png\" style=\"border-radius: 30px;\" height=\"30\" width=\"30\">\n            Regina            <\/div>\n    \n    \n            <p class=\"categories meta\" style=\"width: 100%\"><span class=\"fa fa-tag\"\n                                                             aria-hidden=\"true\"><\/span> Privatg\u00e4rten gro\u00df (ab 500 m\u00b2)        <\/p>\n    \n            <p class=\"categories meta\" style=\"width: 100%\"><span class=\"fa fa-map-marker\"\n                                                             aria-hidden=\"true\"><\/span> Sachsen        <\/p>\n    \n<\/article>\n   \n\t\t\n          <article id=\"post-100527\" class=\"et_pb_post post-100527 wtwfb_entry type-wtwfb_entry status-publish has-post-thumbnail hentry wtwfb_category-kita-gaerten wtwfb_region-nordrhein-westfalen\">\n    <h2 class=\"entry-title\"><a href=\"https:\/\/wettbewerb-archiv.wir-tun-was-fuer-bienen.de\/archiv-2023\/eintrag\/2023-bienenwiese\/\">Bienenwiese<\/a>\n    <\/h2>\n    <a href=\"https:\/\/wettbewerb-archiv.wir-tun-was-fuer-bienen.de\/archiv-2023\/eintrag\/2023-bienenwiese\/\">\n        <div class=\"bienen-entry-image\">\n            <img decoding=\"async\" width=\"400\" height=\"300\" src=\"https:\/\/wettbewerb-archiv.wir-tun-was-fuer-bienen.de\/archiv-2023\/wp-content\/uploads\/sites\/8\/2023\/07\/IMG_20230525_110508-400x300.jpg\" class=\"attachment-bienen-grid-thumb size-bienen-grid-thumb wp-post-image\" alt=\"\" loading=\"lazy\" \/>                    <\/div>\n    <\/a>\n\n    \n\n    <div class=\"user flex\">\n        \n                    <img decoding=\"async\" src=\"https:\/\/wettbewerb-archiv.wir-tun-was-fuer-bienen.de\/archiv-2023\/wp-content\/themes\/bienen\/assets\/images\/avatar-placeholder.png\" style=\"border-radius: 30px;\" height=\"30\" width=\"30\">\n            Kindertagesst\u00e4tte Masurenstra\u00dfe            <\/div>\n    \n    \n            <p class=\"categories meta\" style=\"width: 100%\"><span class=\"fa fa-tag\"\n                                                             aria-hidden=\"true\"><\/span> Kita-G\u00e4rten        <\/p>\n    \n            <p class=\"categories meta\" style=\"width: 100%\"><span class=\"fa fa-map-marker\"\n                                                             aria-hidden=\"true\"><\/span> Nordrhein-Westfalen        <\/p>\n    \n<\/article>\n   \n\t\t\n          <article id=\"post-100443\" class=\"et_pb_post post-100443 wtwfb_entry type-wtwfb_entry status-publish has-post-thumbnail hentry wtwfb_category-kita-gaerten wtwfb_region-bayern\">\n    <h2 class=\"entry-title\"><a href=\"https:\/\/wettbewerb-archiv.wir-tun-was-fuer-bienen.de\/archiv-2023\/eintrag\/2023-vogelfreundlicher-garten\/\">Vogelfreundlicher Garten<\/a>\n    <\/h2>\n    <a href=\"https:\/\/wettbewerb-archiv.wir-tun-was-fuer-bienen.de\/archiv-2023\/eintrag\/2023-vogelfreundlicher-garten\/\">\n        <div class=\"bienen-entry-image\">\n            <img decoding=\"async\" width=\"400\" height=\"300\" src=\"https:\/\/wettbewerb-archiv.wir-tun-was-fuer-bienen.de\/archiv-2023\/wp-content\/uploads\/sites\/8\/2023\/07\/Insektengarten-mit-Vogeltraenke-400x300.jpg\" class=\"attachment-bienen-grid-thumb size-bienen-grid-thumb wp-post-image\" alt=\"\" loading=\"lazy\" srcset=\"https:\/\/wettbewerb-archiv.wir-tun-was-fuer-bienen.de\/archiv-2023\/wp-content\/uploads\/sites\/8\/2023\/07\/Insektengarten-mit-Vogeltraenke-400x300.jpg 400w, https:\/\/wettbewerb-archiv.wir-tun-was-fuer-bienen.de\/archiv-2023\/wp-content\/uploads\/sites\/8\/2023\/07\/Insektengarten-mit-Vogeltraenke-768x576.jpg 768w, https:\/\/wettbewerb-archiv.wir-tun-was-fuer-bienen.de\/archiv-2023\/wp-content\/uploads\/sites\/8\/2023\/07\/Insektengarten-mit-Vogeltraenke-1024x768.jpg 1024w, https:\/\/wettbewerb-archiv.wir-tun-was-fuer-bienen.de\/archiv-2023\/wp-content\/uploads\/sites\/8\/2023\/07\/Insektengarten-mit-Vogeltraenke.jpg 1920w\" sizes=\"(max-width: 400px) 100vw, 400px\" \/>                    <\/div>\n    <\/a>\n\n    \n\n    <div class=\"user flex\">\n        \n                    <img decoding=\"async\" src=\"https:\/\/wettbewerb-archiv.wir-tun-was-fuer-bienen.de\/archiv-2023\/wp-content\/themes\/bienen\/assets\/images\/avatar-placeholder.png\" style=\"border-radius: 30px;\" height=\"30\" width=\"30\">\n            Johanniter Kinderhaus Weltgestalter            <\/div>\n    \n    \n            <p class=\"categories meta\" style=\"width: 100%\"><span class=\"fa fa-tag\"\n                                                             aria-hidden=\"true\"><\/span> Kita-G\u00e4rten        <\/p>\n    \n            <p class=\"categories meta\" style=\"width: 100%\"><span class=\"fa fa-map-marker\"\n                                                             aria-hidden=\"true\"><\/span> Bayern        <\/p>\n    \n<\/article>\n   \n\t\t\n          <article id=\"post-100337\" class=\"et_pb_post post-100337 wtwfb_entry type-wtwfb_entry status-publish has-post-thumbnail hentry wtwfb_category-schul-und-jugendclubgaerten wtwfb_region-niedersachsen\">\n    <h2 class=\"entry-title\"><a href=\"https:\/\/wettbewerb-archiv.wir-tun-was-fuer-bienen.de\/archiv-2023\/eintrag\/2023-garten-ag-grundschule-harlingerode\/\">Schulgarten Grundschule Harlingerode warten auf reiche ...<\/a>\n    <\/h2>\n    <a href=\"https:\/\/wettbewerb-archiv.wir-tun-was-fuer-bienen.de\/archiv-2023\/eintrag\/2023-garten-ag-grundschule-harlingerode\/\">\n        <div class=\"bienen-entry-image\">\n            <img decoding=\"async\" width=\"400\" height=\"300\" src=\"https:\/\/wettbewerb-archiv.wir-tun-was-fuer-bienen.de\/archiv-2023\/wp-content\/uploads\/sites\/8\/2023\/07\/20230703_122600-400x300.jpg\" class=\"attachment-bienen-grid-thumb size-bienen-grid-thumb wp-post-image\" alt=\"\" loading=\"lazy\" srcset=\"https:\/\/wettbewerb-archiv.wir-tun-was-fuer-bienen.de\/archiv-2023\/wp-content\/uploads\/sites\/8\/2023\/07\/20230703_122600-400x300.jpg 400w, https:\/\/wettbewerb-archiv.wir-tun-was-fuer-bienen.de\/archiv-2023\/wp-content\/uploads\/sites\/8\/2023\/07\/20230703_122600-768x576.jpg 768w, https:\/\/wettbewerb-archiv.wir-tun-was-fuer-bienen.de\/archiv-2023\/wp-content\/uploads\/sites\/8\/2023\/07\/20230703_122600-1024x768.jpg 1024w, https:\/\/wettbewerb-archiv.wir-tun-was-fuer-bienen.de\/archiv-2023\/wp-content\/uploads\/sites\/8\/2023\/07\/20230703_122600.jpg 1920w\" sizes=\"(max-width: 400px) 100vw, 400px\" \/>                    <\/div>\n    <\/a>\n\n    \n\n    <div class=\"user flex\">\n        \n                    <img decoding=\"async\" src=\"https:\/\/wettbewerb-archiv.wir-tun-was-fuer-bienen.de\/archiv-2023\/wp-content\/themes\/bienen\/assets\/images\/avatar-placeholder.png\" style=\"border-radius: 30px;\" height=\"30\" width=\"30\">\n            Grundschule Harlingerode Garten AG            <\/div>\n    \n    \n            <p class=\"categories meta\" style=\"width: 100%\"><span class=\"fa fa-tag\"\n                                                             aria-hidden=\"true\"><\/span> Schulg\u00e4rten        <\/p>\n    \n            <p class=\"categories meta\" style=\"width: 100%\"><span class=\"fa fa-map-marker\"\n                                                             aria-hidden=\"true\"><\/span> Niedersachsen        <\/p>\n    \n<\/article>\n   \n\t\t\n          <article id=\"post-100326\" class=\"et_pb_post post-100326 wtwfb_entry type-wtwfb_entry status-publish has-post-thumbnail hentry wtwfb_category-vereinsgaerten-liegenschaften-von-verwaltung-kirche-etc-sonstige wtwfb_region-nordrhein-westfalen\">\n    <h2 class=\"entry-title\"><a href=\"https:\/\/wettbewerb-archiv.wir-tun-was-fuer-bienen.de\/archiv-2023\/eintrag\/2023-bienenweiden-bluehpatenschaften-vernetzte-biotope-feldvogelschutz\/\">Bienenweiden: Bl\u00fchpatenschaften, vernetzte Biotope, Bo...<\/a>\n    <\/h2>\n    <a href=\"https:\/\/wettbewerb-archiv.wir-tun-was-fuer-bienen.de\/archiv-2023\/eintrag\/2023-bienenweiden-bluehpatenschaften-vernetzte-biotope-feldvogelschutz\/\">\n        <div class=\"bienen-entry-image\">\n            <img decoding=\"async\" width=\"400\" height=\"300\" src=\"https:\/\/wettbewerb-archiv.wir-tun-was-fuer-bienen.de\/archiv-2023\/wp-content\/uploads\/sites\/8\/2023\/07\/WhatsApp-Image-2023-05-19-at-18.15.105-2-400x300.jpeg\" class=\"attachment-bienen-grid-thumb size-bienen-grid-thumb wp-post-image\" alt=\"\" loading=\"lazy\" srcset=\"https:\/\/wettbewerb-archiv.wir-tun-was-fuer-bienen.de\/archiv-2023\/wp-content\/uploads\/sites\/8\/2023\/07\/WhatsApp-Image-2023-05-19-at-18.15.105-2-400x300.jpeg 400w, https:\/\/wettbewerb-archiv.wir-tun-was-fuer-bienen.de\/archiv-2023\/wp-content\/uploads\/sites\/8\/2023\/07\/WhatsApp-Image-2023-05-19-at-18.15.105-2-768x576.jpeg 768w, https:\/\/wettbewerb-archiv.wir-tun-was-fuer-bienen.de\/archiv-2023\/wp-content\/uploads\/sites\/8\/2023\/07\/WhatsApp-Image-2023-05-19-at-18.15.105-2-1024x768.jpeg 1024w, https:\/\/wettbewerb-archiv.wir-tun-was-fuer-bienen.de\/archiv-2023\/wp-content\/uploads\/sites\/8\/2023\/07\/WhatsApp-Image-2023-05-19-at-18.15.105-2.jpeg 1600w\" sizes=\"(max-width: 400px) 100vw, 400px\" \/>                    <\/div>\n    <\/a>\n\n    \n\n    <div class=\"user flex\">\n        \n                    <img decoding=\"async\" src=\"https:\/\/wettbewerb-archiv.wir-tun-was-fuer-bienen.de\/archiv-2023\/wp-content\/themes\/bienen\/assets\/images\/avatar-placeholder.png\" style=\"border-radius: 30px;\" height=\"30\" width=\"30\">\n            Jochen Kanders, Welleshof.de            <\/div>\n    \n    <p class=\"categories meta bienen-gewinner\"><span class=\"fa fa-trophy\"                                                              aria-hidden=\"true\"><\/span> Gewinner<\/p>\n            <p class=\"categories meta\" style=\"width: 100%\"><span class=\"fa fa-tag\"\n                                                             aria-hidden=\"true\"><\/span> Vereinsg\u00e4rten, Unis, Liegenschaften von Verwaltung, Kirche etc, Sonstige        <\/p>\n    \n            <p class=\"categories meta\" style=\"width: 100%\"><span class=\"fa fa-map-marker\"\n                                                             aria-hidden=\"true\"><\/span> Nordrhein-Westfalen        <\/p>\n    \n<\/article>\n   \n\t\t\n          <article id=\"post-100287\" class=\"et_pb_post post-100287 wtwfb_entry type-wtwfb_entry status-publish has-post-thumbnail hentry wtwfb_category-privatgaerten-gross-500-m wtwfb_region-rheinland-pfalz\">\n    <h2 class=\"entry-title\"><a href=\"https:\/\/wettbewerb-archiv.wir-tun-was-fuer-bienen.de\/archiv-2023\/eintrag\/2023-platz-fuer-alle-lebewesen\/\">Platz f\u00fcr alle Lebewesen<\/a>\n    <\/h2>\n    <a href=\"https:\/\/wettbewerb-archiv.wir-tun-was-fuer-bienen.de\/archiv-2023\/eintrag\/2023-platz-fuer-alle-lebewesen\/\">\n        <div class=\"bienen-entry-image\">\n            <img decoding=\"async\" width=\"400\" height=\"300\" src=\"https:\/\/wettbewerb-archiv.wir-tun-was-fuer-bienen.de\/archiv-2023\/wp-content\/uploads\/sites\/8\/2023\/07\/IMG_20230610_122634_2-400x300.jpg\" class=\"attachment-bienen-grid-thumb size-bienen-grid-thumb wp-post-image\" alt=\"\" loading=\"lazy\" \/>                    <\/div>\n    <\/a>\n\n    \n\n    <div class=\"user flex\">\n        \n                    <img decoding=\"async\" src=\"https:\/\/wettbewerb-archiv.wir-tun-was-fuer-bienen.de\/archiv-2023\/wp-content\/themes\/bienen\/assets\/images\/avatar-placeholder.png\" style=\"border-radius: 30px;\" height=\"30\" width=\"30\">\n            Naturf\u00f6rderer            <\/div>\n    \n    \n            <p class=\"categories meta\" style=\"width: 100%\"><span class=\"fa fa-tag\"\n                                                             aria-hidden=\"true\"><\/span> Privatg\u00e4rten gro\u00df (ab 500 m\u00b2)        <\/p>\n    \n            <p class=\"categories meta\" style=\"width: 100%\"><span class=\"fa fa-map-marker\"\n                                                             aria-hidden=\"true\"><\/span> Rheinland-Pfalz        <\/p>\n    \n<\/article>\n   \n\t\t\n          <article id=\"post-100218\" class=\"et_pb_post post-100218 wtwfb_entry type-wtwfb_entry status-publish has-post-thumbnail hentry wtwfb_category-privatgaerten-gross-500-m wtwfb_region-berlin\">\n    <h2 class=\"entry-title\"><a href=\"https:\/\/wettbewerb-archiv.wir-tun-was-fuer-bienen.de\/archiv-2023\/eintrag\/2023-sum-sum-in-berlin-lichtenrade\/\">Sum Sum in Berlin &#8211; Lichtenrade<\/a>\n    <\/h2>\n    <a href=\"https:\/\/wettbewerb-archiv.wir-tun-was-fuer-bienen.de\/archiv-2023\/eintrag\/2023-sum-sum-in-berlin-lichtenrade\/\">\n        <div class=\"bienen-entry-image\">\n            <img decoding=\"async\" width=\"400\" height=\"300\" src=\"https:\/\/wettbewerb-archiv.wir-tun-was-fuer-bienen.de\/archiv-2023\/wp-content\/uploads\/sites\/8\/2023\/07\/IMG_1429-2-400x300.jpg\" class=\"attachment-bienen-grid-thumb size-bienen-grid-thumb wp-post-image\" alt=\"\" loading=\"lazy\" \/>                    <\/div>\n    <\/a>\n\n    \n\n    <div class=\"user flex\">\n        \n                    <img decoding=\"async\" src=\"https:\/\/wettbewerb-archiv.wir-tun-was-fuer-bienen.de\/archiv-2023\/wp-content\/themes\/bienen\/assets\/images\/avatar-placeholder.png\" style=\"border-radius: 30px;\" height=\"30\" width=\"30\">\n            Zuza            <\/div>\n    \n    \n            <p class=\"categories meta\" style=\"width: 100%\"><span class=\"fa fa-tag\"\n                                                             aria-hidden=\"true\"><\/span> Privatg\u00e4rten gro\u00df (ab 500 m\u00b2)        <\/p>\n    \n            <p class=\"categories meta\" style=\"width: 100%\"><span class=\"fa fa-map-marker\"\n                                                             aria-hidden=\"true\"><\/span> Berlin        <\/p>\n    \n<\/article>\n   \n\t\t\n          <article id=\"post-100173\" class=\"et_pb_post post-100173 wtwfb_entry type-wtwfb_entry status-publish has-post-thumbnail hentry wtwfb_category-schul-und-jugendclubgaerten wtwfb_region-rheinland-pfalz\">\n    <h2 class=\"entry-title\"><a href=\"https:\/\/wettbewerb-archiv.wir-tun-was-fuer-bienen.de\/archiv-2023\/eintrag\/2023-endlich-summt-es-an-der-igs-mutterstadt\/\">Endlich summt es an der IGS Mutterstadt<\/a>\n    <\/h2>\n    <a href=\"https:\/\/wettbewerb-archiv.wir-tun-was-fuer-bienen.de\/archiv-2023\/eintrag\/2023-endlich-summt-es-an-der-igs-mutterstadt\/\">\n        <div class=\"bienen-entry-image\">\n            <img decoding=\"async\" width=\"400\" height=\"300\" src=\"https:\/\/wettbewerb-archiv.wir-tun-was-fuer-bienen.de\/archiv-2023\/wp-content\/uploads\/sites\/8\/2023\/07\/Schulgarten-von-oben-400x300.jpg\" class=\"attachment-bienen-grid-thumb size-bienen-grid-thumb wp-post-image\" alt=\"\" loading=\"lazy\" \/>                    <\/div>\n    <\/a>\n\n    \n\n    <div class=\"user flex\">\n        \n                    <img decoding=\"async\" src=\"https:\/\/wettbewerb-archiv.wir-tun-was-fuer-bienen.de\/archiv-2023\/wp-content\/themes\/bienen\/assets\/images\/avatar-placeholder.png\" style=\"border-radius: 30px;\" height=\"30\" width=\"30\">\n            IGS Mutterstadt            <\/div>\n    \n    <p class=\"categories meta bienen-gewinner\"><span class=\"fa fa-trophy\"                                                              aria-hidden=\"true\"><\/span> Gewinner<\/p>\n            <p class=\"categories meta\" style=\"width: 100%\"><span class=\"fa fa-tag\"\n                                                             aria-hidden=\"true\"><\/span> Schulg\u00e4rten        <\/p>\n    \n            <p class=\"categories meta\" style=\"width: 100%\"><span class=\"fa fa-map-marker\"\n                                                             aria-hidden=\"true\"><\/span> Rheinland-Pfalz        <\/p>\n    \n<\/article>\n   \n\t\t\n          <article id=\"post-99979\" class=\"et_pb_post post-99979 wtwfb_entry type-wtwfb_entry status-publish has-post-thumbnail hentry wtwfb_category-balkone-terrassen-dachbegruenung-vertikale-gaerten wtwfb_region-berlin\">\n    <h2 class=\"entry-title\"><a href=\"https:\/\/wettbewerb-archiv.wir-tun-was-fuer-bienen.de\/archiv-2023\/eintrag\/2023-wildes-balkonien-im-5-stock\/\">Wildes Balkonien im 5.Stock<\/a>\n    <\/h2>\n    <a href=\"https:\/\/wettbewerb-archiv.wir-tun-was-fuer-bienen.de\/archiv-2023\/eintrag\/2023-wildes-balkonien-im-5-stock\/\">\n        <div class=\"bienen-entry-image\">\n            <img decoding=\"async\" width=\"400\" height=\"300\" src=\"https:\/\/wettbewerb-archiv.wir-tun-was-fuer-bienen.de\/archiv-2023\/wp-content\/uploads\/sites\/8\/2023\/07\/image-400x300.jpg\" class=\"attachment-bienen-grid-thumb size-bienen-grid-thumb wp-post-image\" alt=\"\" loading=\"lazy\" srcset=\"https:\/\/wettbewerb-archiv.wir-tun-was-fuer-bienen.de\/archiv-2023\/wp-content\/uploads\/sites\/8\/2023\/07\/image-400x300.jpg 400w, https:\/\/wettbewerb-archiv.wir-tun-was-fuer-bienen.de\/archiv-2023\/wp-content\/uploads\/sites\/8\/2023\/07\/image-768x576.jpg 768w, https:\/\/wettbewerb-archiv.wir-tun-was-fuer-bienen.de\/archiv-2023\/wp-content\/uploads\/sites\/8\/2023\/07\/image-1024x768.jpg 1024w, https:\/\/wettbewerb-archiv.wir-tun-was-fuer-bienen.de\/archiv-2023\/wp-content\/uploads\/sites\/8\/2023\/07\/image.jpg 1920w\" sizes=\"(max-width: 400px) 100vw, 400px\" \/>                    <\/div>\n    <\/a>\n\n    \n\n    <div class=\"user flex\">\n        \n                    <img decoding=\"async\" src=\"https:\/\/wettbewerb-archiv.wir-tun-was-fuer-bienen.de\/archiv-2023\/wp-content\/themes\/bienen\/assets\/images\/avatar-placeholder.png\" style=\"border-radius: 30px;\" height=\"30\" width=\"30\">\n            Wildes Balkonien            <\/div>\n    \n    \n            <p class=\"categories meta\" style=\"width: 100%\"><span class=\"fa fa-tag\"\n                                                             aria-hidden=\"true\"><\/span> Balkone, Terrassen, Dachg\u00e4rten, vertikale G\u00e4rten        <\/p>\n    \n            <p class=\"categories meta\" style=\"width: 100%\"><span class=\"fa fa-map-marker\"\n                                                             aria-hidden=\"true\"><\/span> Berlin        <\/p>\n    \n<\/article>\n   \n\t\t\n          <article id=\"post-99871\" class=\"et_pb_post post-99871 wtwfb_entry type-wtwfb_entry status-publish has-post-thumbnail hentry wtwfb_category-bestehende-naturgaerten wtwfb_region-nordrhein-westfalen\">\n    <h2 class=\"entry-title\"><a href=\"https:\/\/wettbewerb-archiv.wir-tun-was-fuer-bienen.de\/archiv-2023\/eintrag\/2023-honigbiene\/\">Honigbiene<\/a>\n    <\/h2>\n    <a href=\"https:\/\/wettbewerb-archiv.wir-tun-was-fuer-bienen.de\/archiv-2023\/eintrag\/2023-honigbiene\/\">\n        <div class=\"bienen-entry-image\">\n            <img decoding=\"async\" width=\"400\" height=\"300\" src=\"https:\/\/wettbewerb-archiv.wir-tun-was-fuer-bienen.de\/archiv-2023\/wp-content\/uploads\/sites\/8\/2023\/07\/IMG_20230709_173207_edit_867624805634269-400x300.jpg\" class=\"attachment-bienen-grid-thumb size-bienen-grid-thumb wp-post-image\" alt=\"\" loading=\"lazy\" \/>                    <\/div>\n    <\/a>\n\n    \n\n    <div class=\"user flex\">\n        \n                    <img decoding=\"async\" src=\"https:\/\/wettbewerb-archiv.wir-tun-was-fuer-bienen.de\/archiv-2023\/wp-content\/themes\/bienen\/assets\/images\/avatar-placeholder.png\" style=\"border-radius: 30px;\" height=\"30\" width=\"30\">\n            Martina Bendlin-Warnek            <\/div>\n    \n    \n            <p class=\"categories meta\" style=\"width: 100%\"><span class=\"fa fa-tag\"\n                                                             aria-hidden=\"true\"><\/span> Bestehende Naturg\u00e4rten (Pflege und Infoarbeit)        <\/p>\n    \n            <p class=\"categories meta\" style=\"width: 100%\"><span class=\"fa fa-map-marker\"\n                                                             aria-hidden=\"true\"><\/span> Nordrhein-Westfalen        <\/p>\n    \n<\/article>\n   \n\t\t\n          <article id=\"post-99836\" class=\"et_pb_post post-99836 wtwfb_entry type-wtwfb_entry status-publish has-post-thumbnail hentry wtwfb_category-kommunale-flaechen wtwfb_region-bayern\">\n    <h2 class=\"entry-title\"><a href=\"https:\/\/wettbewerb-archiv.wir-tun-was-fuer-bienen.de\/archiv-2023\/eintrag\/2023-obstwiese-in-guenz\/\">Eine etwas andere Obstwiese in G\u00fcnz<\/a>\n    <\/h2>\n    <a href=\"https:\/\/wettbewerb-archiv.wir-tun-was-fuer-bienen.de\/archiv-2023\/eintrag\/2023-obstwiese-in-guenz\/\">\n        <div class=\"bienen-entry-image\">\n            <img decoding=\"async\" width=\"400\" height=\"300\" src=\"https:\/\/wettbewerb-archiv.wir-tun-was-fuer-bienen.de\/archiv-2023\/wp-content\/uploads\/sites\/8\/2023\/07\/IMG_1844-400x300.jpg\" class=\"attachment-bienen-grid-thumb size-bienen-grid-thumb wp-post-image\" alt=\"\" loading=\"lazy\" srcset=\"https:\/\/wettbewerb-archiv.wir-tun-was-fuer-bienen.de\/archiv-2023\/wp-content\/uploads\/sites\/8\/2023\/07\/IMG_1844-400x300.jpg 400w, https:\/\/wettbewerb-archiv.wir-tun-was-fuer-bienen.de\/archiv-2023\/wp-content\/uploads\/sites\/8\/2023\/07\/IMG_1844-768x576.jpg 768w, https:\/\/wettbewerb-archiv.wir-tun-was-fuer-bienen.de\/archiv-2023\/wp-content\/uploads\/sites\/8\/2023\/07\/IMG_1844-1024x768.jpg 1024w, https:\/\/wettbewerb-archiv.wir-tun-was-fuer-bienen.de\/archiv-2023\/wp-content\/uploads\/sites\/8\/2023\/07\/IMG_1844.jpg 1920w\" sizes=\"(max-width: 400px) 100vw, 400px\" \/>                    <\/div>\n    <\/a>\n\n    \n\n    <div class=\"user flex\">\n        \n                    <img decoding=\"async\" src=\"https:\/\/wettbewerb-archiv.wir-tun-was-fuer-bienen.de\/archiv-2023\/wp-content\/themes\/bienen\/assets\/images\/avatar-placeholder.png\" style=\"border-radius: 30px;\" height=\"30\" width=\"30\">\n            Obstgarten G\u00fcnz            <\/div>\n    \n    \n            <p class=\"categories meta\" style=\"width: 100%\"><span class=\"fa fa-tag\"\n                                                             aria-hidden=\"true\"><\/span> Kommunale Fl\u00e4chen        <\/p>\n    \n            <p class=\"categories meta\" style=\"width: 100%\"><span class=\"fa fa-map-marker\"\n                                                             aria-hidden=\"true\"><\/span> Bayern        <\/p>\n    \n<\/article>\n   \n\t\t\n          <article id=\"post-99760\" class=\"et_pb_post post-99760 wtwfb_entry type-wtwfb_entry status-publish has-post-thumbnail hentry wtwfb_category-privatgaerten-gross-500-m wtwfb_region-bayern\">\n    <h2 class=\"entry-title\"><a href=\"https:\/\/wettbewerb-archiv.wir-tun-was-fuer-bienen.de\/archiv-2023\/eintrag\/2023-damals-wusste-noch-keiner-was-von-bienensterben\/\">&#8222;Damals wusste noch keiner was von Bienensterben&#8220;<\/a>\n    <\/h2>\n    <a href=\"https:\/\/wettbewerb-archiv.wir-tun-was-fuer-bienen.de\/archiv-2023\/eintrag\/2023-damals-wusste-noch-keiner-was-von-bienensterben\/\">\n        <div class=\"bienen-entry-image\">\n            <img decoding=\"async\" width=\"400\" height=\"300\" src=\"https:\/\/wettbewerb-archiv.wir-tun-was-fuer-bienen.de\/archiv-2023\/wp-content\/uploads\/sites\/8\/2023\/07\/IMG_20230527_164437_edit_635642498137900-400x300.jpg\" class=\"attachment-bienen-grid-thumb size-bienen-grid-thumb wp-post-image\" alt=\"\" loading=\"lazy\" \/>                    <\/div>\n    <\/a>\n\n    \n\n    <div class=\"user flex\">\n        \n                    <img decoding=\"async\" src=\"https:\/\/wettbewerb-archiv.wir-tun-was-fuer-bienen.de\/archiv-2023\/wp-content\/themes\/bienen\/assets\/images\/avatar-placeholder.png\" style=\"border-radius: 30px;\" height=\"30\" width=\"30\">\n            Die Obstwiese meiner Eltern            <\/div>\n    \n    \n            <p class=\"categories meta\" style=\"width: 100%\"><span class=\"fa fa-tag\"\n                                                             aria-hidden=\"true\"><\/span> Privatg\u00e4rten gro\u00df (ab 500 m\u00b2)        <\/p>\n    \n            <p class=\"categories meta\" style=\"width: 100%\"><span class=\"fa fa-map-marker\"\n                                                             aria-hidden=\"true\"><\/span> Bayern        <\/p>\n    \n<\/article>\n   \n\t\t\n          <article id=\"post-99718\" class=\"et_pb_post post-99718 wtwfb_entry type-wtwfb_entry status-publish has-post-thumbnail hentry wtwfb_category-privatgaerten-klein-500-m2 wtwfb_region-nordrhein-westfalen\">\n    <h2 class=\"entry-title\"><a href=\"https:\/\/wettbewerb-archiv.wir-tun-was-fuer-bienen.de\/archiv-2023\/eintrag\/2023-blumenwiese\/\">Blumenwiese<\/a>\n    <\/h2>\n    <a href=\"https:\/\/wettbewerb-archiv.wir-tun-was-fuer-bienen.de\/archiv-2023\/eintrag\/2023-blumenwiese\/\">\n        <div class=\"bienen-entry-image\">\n            <img decoding=\"async\" width=\"400\" height=\"300\" src=\"https:\/\/wettbewerb-archiv.wir-tun-was-fuer-bienen.de\/archiv-2023\/wp-content\/uploads\/sites\/8\/2023\/07\/IMG_7451-400x300.jpeg\" class=\"attachment-bienen-grid-thumb size-bienen-grid-thumb wp-post-image\" alt=\"\" loading=\"lazy\" \/>                    <\/div>\n    <\/a>\n\n    \n\n    <div class=\"user flex\">\n        \n                    <img decoding=\"async\" src=\"https:\/\/wettbewerb-archiv.wir-tun-was-fuer-bienen.de\/archiv-2023\/wp-content\/themes\/bienen\/assets\/images\/avatar-placeholder.png\" style=\"border-radius: 30px;\" height=\"30\" width=\"30\">\n            Sabine Behnke Ludwig            <\/div>\n    \n    \n            <p class=\"categories meta\" style=\"width: 100%\"><span class=\"fa fa-tag\"\n                                                             aria-hidden=\"true\"><\/span> Privatg\u00e4rten klein (bis 500 m2)        <\/p>\n    \n            <p class=\"categories meta\" style=\"width: 100%\"><span class=\"fa fa-map-marker\"\n                                                             aria-hidden=\"true\"><\/span> Nordrhein-Westfalen        <\/p>\n    \n<\/article>\n   \n\t\t\n          <article id=\"post-99697\" class=\"et_pb_post post-99697 wtwfb_entry type-wtwfb_entry status-publish has-post-thumbnail hentry wtwfb_category-kita-gaerten wtwfb_region-bayern\">\n    <h2 class=\"entry-title\"><a href=\"https:\/\/wettbewerb-archiv.wir-tun-was-fuer-bienen.de\/archiv-2023\/eintrag\/2023-natur-erleben-schuetzen-und-pflegen\/\">Bienen weit und Preith &#8211; Natur erleben, sch\u00fctzen...<\/a>\n    <\/h2>\n    <a href=\"https:\/\/wettbewerb-archiv.wir-tun-was-fuer-bienen.de\/archiv-2023\/eintrag\/2023-natur-erleben-schuetzen-und-pflegen\/\">\n        <div class=\"bienen-entry-image\">\n            <img decoding=\"async\" width=\"400\" height=\"300\" src=\"https:\/\/wettbewerb-archiv.wir-tun-was-fuer-bienen.de\/archiv-2023\/wp-content\/uploads\/sites\/8\/2023\/07\/IMG_1454-400x300.jpg\" class=\"attachment-bienen-grid-thumb size-bienen-grid-thumb wp-post-image\" alt=\"\" loading=\"lazy\" \/>                    <\/div>\n    <\/a>\n\n    \n\n    <div class=\"user flex\">\n        \n                    <img decoding=\"async\" src=\"https:\/\/wettbewerb-archiv.wir-tun-was-fuer-bienen.de\/archiv-2023\/wp-content\/themes\/bienen\/assets\/images\/avatar-placeholder.png\" style=\"border-radius: 30px;\" height=\"30\" width=\"30\">\n            Kindergarten St. Brigida Preith            <\/div>\n    \n    <p class=\"categories meta bienen-gewinner\"><span class=\"fa fa-trophy\"                                                              aria-hidden=\"true\"><\/span> Gewinner<\/p>\n            <p class=\"categories meta\" style=\"width: 100%\"><span class=\"fa fa-tag\"\n                                                             aria-hidden=\"true\"><\/span> Kita-G\u00e4rten        <\/p>\n    \n            <p class=\"categories meta\" style=\"width: 100%\"><span class=\"fa fa-map-marker\"\n                                                             aria-hidden=\"true\"><\/span> Bayern        <\/p>\n    \n<\/article>\n   \n\t\t\n          <article id=\"post-99663\" class=\"et_pb_post post-99663 wtwfb_entry type-wtwfb_entry status-publish has-post-thumbnail hentry wtwfb_category-privatgaerten-klein-500-m2 wtwfb_region-schleswig-holstein\">\n    <h2 class=\"entry-title\"><a href=\"https:\/\/wettbewerb-archiv.wir-tun-was-fuer-bienen.de\/archiv-2023\/eintrag\/2023-du-kriegst-den-garten-schoen\/\">Du kriegst den Garten sch\u00f6n<\/a>\n    <\/h2>\n    <a href=\"https:\/\/wettbewerb-archiv.wir-tun-was-fuer-bienen.de\/archiv-2023\/eintrag\/2023-du-kriegst-den-garten-schoen\/\">\n        <div class=\"bienen-entry-image\">\n            <img decoding=\"async\" width=\"400\" height=\"300\" src=\"https:\/\/wettbewerb-archiv.wir-tun-was-fuer-bienen.de\/archiv-2023\/wp-content\/uploads\/sites\/8\/2023\/07\/IMG_2504-400x300.jpeg\" class=\"attachment-bienen-grid-thumb size-bienen-grid-thumb wp-post-image\" alt=\"\" loading=\"lazy\" \/>                    <\/div>\n    <\/a>\n\n    \n\n    <div class=\"user flex\">\n        \n                    <img decoding=\"async\" src=\"https:\/\/wettbewerb-archiv.wir-tun-was-fuer-bienen.de\/archiv-2023\/wp-content\/themes\/bienen\/assets\/images\/avatar-placeholder.png\" style=\"border-radius: 30px;\" height=\"30\" width=\"30\">\n            G\u00e4rtnerei Hinze            <\/div>\n    \n    \n            <p class=\"categories meta\" style=\"width: 100%\"><span class=\"fa fa-tag\"\n                                                             aria-hidden=\"true\"><\/span> Privatg\u00e4rten klein (bis 500 m2)        <\/p>\n    \n            <p class=\"categories meta\" style=\"width: 100%\"><span class=\"fa fa-map-marker\"\n                                                             aria-hidden=\"true\"><\/span> Schleswig-Holstein        <\/p>\n    \n<\/article>\n   \n\t\t\n          <article id=\"post-99558\" class=\"et_pb_post post-99558 wtwfb_entry type-wtwfb_entry status-publish has-post-thumbnail hentry wtwfb_category-balkone-terrassen-dachbegruenung-vertikale-gaerten wtwfb_region-niedersachsen\">\n    <h2 class=\"entry-title\"><a href=\"https:\/\/wettbewerb-archiv.wir-tun-was-fuer-bienen.de\/archiv-2023\/eintrag\/2023-hochbeetgarten-streekermoor\/\">Hochbeetgarten Streekermoor<\/a>\n    <\/h2>\n    <a href=\"https:\/\/wettbewerb-archiv.wir-tun-was-fuer-bienen.de\/archiv-2023\/eintrag\/2023-hochbeetgarten-streekermoor\/\">\n        <div class=\"bienen-entry-image\">\n            <img decoding=\"async\" width=\"400\" height=\"300\" src=\"https:\/\/wettbewerb-archiv.wir-tun-was-fuer-bienen.de\/archiv-2023\/wp-content\/uploads\/sites\/8\/2023\/07\/Garten_Ralf-Itzin_6-400x300.jpg\" class=\"attachment-bienen-grid-thumb size-bienen-grid-thumb wp-post-image\" alt=\"\" loading=\"lazy\" \/>                    <\/div>\n    <\/a>\n\n    \n\n    <div class=\"user flex\">\n        \n                    <img decoding=\"async\" src=\"https:\/\/wettbewerb-archiv.wir-tun-was-fuer-bienen.de\/archiv-2023\/wp-content\/themes\/bienen\/assets\/images\/avatar-placeholder.png\" style=\"border-radius: 30px;\" height=\"30\" width=\"30\">\n            Bienenweide Tweelb\u00e4ke            <\/div>\n    \n    \n            <p class=\"categories meta\" style=\"width: 100%\"><span class=\"fa fa-tag\"\n                                                             aria-hidden=\"true\"><\/span> Balkone, Terrassen, Dachg\u00e4rten, vertikale G\u00e4rten        <\/p>\n    \n            <p class=\"categories meta\" style=\"width: 100%\"><span class=\"fa fa-map-marker\"\n                                                             aria-hidden=\"true\"><\/span> Niedersachsen        <\/p>\n    \n<\/article>\n   \n\t\t\n          <article id=\"post-99438\" class=\"et_pb_post post-99438 wtwfb_entry type-wtwfb_entry status-publish has-post-thumbnail hentry wtwfb_category-kommunale-flaechen wtwfb_region-bayern\">\n    <h2 class=\"entry-title\"><a href=\"https:\/\/wettbewerb-archiv.wir-tun-was-fuer-bienen.de\/archiv-2023\/eintrag\/2023-unsere-totholzhecke-am-parkplatz-mehr-struktur-fuer-mehr-vielfalt\/\">Unsere Totholzhecke \u2013 Struktur f\u00fcr mehr Vielfalt<\/a>\n    <\/h2>\n    <a href=\"https:\/\/wettbewerb-archiv.wir-tun-was-fuer-bienen.de\/archiv-2023\/eintrag\/2023-unsere-totholzhecke-am-parkplatz-mehr-struktur-fuer-mehr-vielfalt\/\">\n        <div class=\"bienen-entry-image\">\n            <img decoding=\"async\" width=\"400\" height=\"300\" src=\"https:\/\/wettbewerb-archiv.wir-tun-was-fuer-bienen.de\/archiv-2023\/wp-content\/uploads\/sites\/8\/2023\/07\/Titelbild-400x300.jpg\" class=\"attachment-bienen-grid-thumb size-bienen-grid-thumb wp-post-image\" alt=\"\" loading=\"lazy\" srcset=\"https:\/\/wettbewerb-archiv.wir-tun-was-fuer-bienen.de\/archiv-2023\/wp-content\/uploads\/sites\/8\/2023\/07\/Titelbild-400x300.jpg 400w, https:\/\/wettbewerb-archiv.wir-tun-was-fuer-bienen.de\/archiv-2023\/wp-content\/uploads\/sites\/8\/2023\/07\/Titelbild-768x576.jpg 768w, https:\/\/wettbewerb-archiv.wir-tun-was-fuer-bienen.de\/archiv-2023\/wp-content\/uploads\/sites\/8\/2023\/07\/Titelbild-1024x768.jpg 1024w, https:\/\/wettbewerb-archiv.wir-tun-was-fuer-bienen.de\/archiv-2023\/wp-content\/uploads\/sites\/8\/2023\/07\/Titelbild.jpg 1281w\" sizes=\"(max-width: 400px) 100vw, 400px\" \/>                    <\/div>\n    <\/a>\n\n    \n\n    <div class=\"user flex\">\n        \n                    <img decoding=\"async\" src=\"https:\/\/wettbewerb-archiv.wir-tun-was-fuer-bienen.de\/archiv-2023\/wp-content\/themes\/bienen\/assets\/images\/avatar-placeholder.png\" style=\"border-radius: 30px;\" height=\"30\" width=\"30\">\n            Agenda-Gruppe \"Natur\" Ebersberg            <\/div>\n    \n    \n            <p class=\"categories meta\" style=\"width: 100%\"><span class=\"fa fa-tag\"\n                                                             aria-hidden=\"true\"><\/span> Kommunale Fl\u00e4chen        <\/p>\n    \n            <p class=\"categories meta\" style=\"width: 100%\"><span class=\"fa fa-map-marker\"\n                                                             aria-hidden=\"true\"><\/span> Bayern        <\/p>\n    \n<\/article>\n   \n\t\t\n          <article id=\"post-99363\" class=\"et_pb_post post-99363 wtwfb_entry type-wtwfb_entry status-publish has-post-thumbnail hentry wtwfb_category-vereinsgaerten-liegenschaften-von-verwaltung-kirche-etc-sonstige wtwfb_region-niedersachsen\">\n    <h2 class=\"entry-title\"><a href=\"https:\/\/wettbewerb-archiv.wir-tun-was-fuer-bienen.de\/archiv-2023\/eintrag\/2023-bienenweide-tweelbaeke\/\">Bienenweide Tweelb\u00e4ke<\/a>\n    <\/h2>\n    <a href=\"https:\/\/wettbewerb-archiv.wir-tun-was-fuer-bienen.de\/archiv-2023\/eintrag\/2023-bienenweide-tweelbaeke\/\">\n        <div class=\"bienen-entry-image\">\n            <img decoding=\"async\" width=\"400\" height=\"300\" src=\"https:\/\/wettbewerb-archiv.wir-tun-was-fuer-bienen.de\/archiv-2023\/wp-content\/uploads\/sites\/8\/2023\/07\/Bienenweide-Streekermoor_3-400x300.jpg\" class=\"attachment-bienen-grid-thumb size-bienen-grid-thumb wp-post-image\" alt=\"\" loading=\"lazy\" \/>                    <\/div>\n    <\/a>\n\n    \n\n    <div class=\"user flex\">\n        \n                    <img decoding=\"async\" src=\"https:\/\/wettbewerb-archiv.wir-tun-was-fuer-bienen.de\/archiv-2023\/wp-content\/themes\/bienen\/assets\/images\/avatar-placeholder.png\" style=\"border-radius: 30px;\" height=\"30\" width=\"30\">\n            Bienenweide Tweelb\u00e4ke            <\/div>\n    \n    \n            <p class=\"categories meta\" style=\"width: 100%\"><span class=\"fa fa-tag\"\n                                                             aria-hidden=\"true\"><\/span> Vereinsg\u00e4rten, Unis, Liegenschaften von Verwaltung, Kirche etc, Sonstige        <\/p>\n    \n            <p class=\"categories meta\" style=\"width: 100%\"><span class=\"fa fa-map-marker\"\n                                                             aria-hidden=\"true\"><\/span> Niedersachsen        <\/p>\n    \n<\/article>\n   \n\t\t\n          <article id=\"post-99324\" class=\"et_pb_post post-99324 wtwfb_entry type-wtwfb_entry status-publish has-post-thumbnail hentry wtwfb_category-balkone-terrassen-dachbegruenung-vertikale-gaerten wtwfb_region-hamburg\">\n    <h2 class=\"entry-title\"><a href=\"https:\/\/wettbewerb-archiv.wir-tun-was-fuer-bienen.de\/archiv-2023\/eintrag\/2023-kai-kaplanski\/\">Kai Kaplanski<\/a>\n    <\/h2>\n    <a href=\"https:\/\/wettbewerb-archiv.wir-tun-was-fuer-bienen.de\/archiv-2023\/eintrag\/2023-kai-kaplanski\/\">\n        <div class=\"bienen-entry-image\">\n            <img decoding=\"async\" width=\"400\" height=\"300\" src=\"https:\/\/wettbewerb-archiv.wir-tun-was-fuer-bienen.de\/archiv-2023\/wp-content\/uploads\/sites\/8\/2023\/07\/Schaufenster-Ausverkauf-3-400x300.jpg\" class=\"attachment-bienen-grid-thumb size-bienen-grid-thumb wp-post-image\" alt=\"\" loading=\"lazy\" \/>                    <\/div>\n    <\/a>\n\n    \n\n    <div class=\"user flex\">\n        \n                    <img decoding=\"async\" src=\"https:\/\/wettbewerb-archiv.wir-tun-was-fuer-bienen.de\/archiv-2023\/wp-content\/themes\/bienen\/assets\/images\/avatar-placeholder.png\" style=\"border-radius: 30px;\" height=\"30\" width=\"30\">\n            Insektenhotels Altona            <\/div>\n    \n    \n            <p class=\"categories meta\" style=\"width: 100%\"><span class=\"fa fa-tag\"\n                                                             aria-hidden=\"true\"><\/span> Balkone, Terrassen, Dachg\u00e4rten, vertikale G\u00e4rten        <\/p>\n    \n            <p class=\"categories meta\" style=\"width: 100%\"><span class=\"fa fa-map-marker\"\n                                                             aria-hidden=\"true\"><\/span> Hamburg        <\/p>\n    \n<\/article>\n   \n\t\t\n          <article id=\"post-99322\" class=\"et_pb_post post-99322 wtwfb_entry type-wtwfb_entry status-publish has-post-thumbnail hentry wtwfb_category-balkone-terrassen-dachbegruenung-vertikale-gaerten wtwfb_region-niedersachsen\">\n    <h2 class=\"entry-title\"><a href=\"https:\/\/wettbewerb-archiv.wir-tun-was-fuer-bienen.de\/archiv-2023\/eintrag\/2023-hausbegruenung-2\/\">Hausbegr\u00fcnung<\/a>\n    <\/h2>\n    <a href=\"https:\/\/wettbewerb-archiv.wir-tun-was-fuer-bienen.de\/archiv-2023\/eintrag\/2023-hausbegruenung-2\/\">\n        <div class=\"bienen-entry-image\">\n            <img decoding=\"async\" width=\"400\" height=\"300\" src=\"https:\/\/wettbewerb-archiv.wir-tun-was-fuer-bienen.de\/archiv-2023\/wp-content\/uploads\/sites\/8\/2023\/07\/2023-A6-Haus-P1010686-400x300.jpg\" class=\"attachment-bienen-grid-thumb size-bienen-grid-thumb wp-post-image\" alt=\"\" loading=\"lazy\" srcset=\"https:\/\/wettbewerb-archiv.wir-tun-was-fuer-bienen.de\/archiv-2023\/wp-content\/uploads\/sites\/8\/2023\/07\/2023-A6-Haus-P1010686-400x300.jpg 400w, https:\/\/wettbewerb-archiv.wir-tun-was-fuer-bienen.de\/archiv-2023\/wp-content\/uploads\/sites\/8\/2023\/07\/2023-A6-Haus-P1010686-768x576.jpg 768w, https:\/\/wettbewerb-archiv.wir-tun-was-fuer-bienen.de\/archiv-2023\/wp-content\/uploads\/sites\/8\/2023\/07\/2023-A6-Haus-P1010686-1024x768.jpg 1024w, https:\/\/wettbewerb-archiv.wir-tun-was-fuer-bienen.de\/archiv-2023\/wp-content\/uploads\/sites\/8\/2023\/07\/2023-A6-Haus-P1010686.jpg 1920w\" sizes=\"(max-width: 400px) 100vw, 400px\" \/>                    <\/div>\n    <\/a>\n\n    \n\n    <div class=\"user flex\">\n        \n                    <img decoding=\"async\" src=\"https:\/\/wettbewerb-archiv.wir-tun-was-fuer-bienen.de\/archiv-2023\/wp-content\/themes\/bienen\/assets\/images\/avatar-placeholder.png\" style=\"border-radius: 30px;\" height=\"30\" width=\"30\">\n            Gerheide Kn\u00fcttel            <\/div>\n    \n    \n            <p class=\"categories meta\" style=\"width: 100%\"><span class=\"fa fa-tag\"\n                                                             aria-hidden=\"true\"><\/span> Balkone, Terrassen, Dachg\u00e4rten, vertikale G\u00e4rten        <\/p>\n    \n            <p class=\"categories meta\" style=\"width: 100%\"><span class=\"fa fa-map-marker\"\n                                                             aria-hidden=\"true\"><\/span> Niedersachsen        <\/p>\n    \n<\/article>\n   \n\t\t\n          <article id=\"post-99310\" class=\"et_pb_post post-99310 wtwfb_entry type-wtwfb_entry status-publish has-post-thumbnail hentry wtwfb_category-balkone-terrassen-dachbegruenung-vertikale-gaerten wtwfb_region-rheinland-pfalz\">\n    <h2 class=\"entry-title\"><a href=\"https:\/\/wettbewerb-archiv.wir-tun-was-fuer-bienen.de\/archiv-2023\/eintrag\/2023-ewalds-ruheoase\/\">Ewalds Ruheoase<\/a>\n    <\/h2>\n    <a href=\"https:\/\/wettbewerb-archiv.wir-tun-was-fuer-bienen.de\/archiv-2023\/eintrag\/2023-ewalds-ruheoase\/\">\n        <div class=\"bienen-entry-image\">\n            <img decoding=\"async\" width=\"400\" height=\"300\" src=\"https:\/\/wettbewerb-archiv.wir-tun-was-fuer-bienen.de\/archiv-2023\/wp-content\/uploads\/sites\/8\/2023\/07\/inbound6815458588067154764-400x300.jpg\" class=\"attachment-bienen-grid-thumb size-bienen-grid-thumb wp-post-image\" alt=\"\" loading=\"lazy\" \/>                    <\/div>\n    <\/a>\n\n    \n\n    <div class=\"user flex\">\n        \n                    <img decoding=\"async\" src=\"https:\/\/wettbewerb-archiv.wir-tun-was-fuer-bienen.de\/archiv-2023\/wp-content\/themes\/bienen\/assets\/images\/avatar-placeholder.png\" style=\"border-radius: 30px;\" height=\"30\" width=\"30\">\n            Ewalds Ruheoase            <\/div>\n    \n    \n            <p class=\"categories meta\" style=\"width: 100%\"><span class=\"fa fa-tag\"\n                                                             aria-hidden=\"true\"><\/span> Balkone, Terrassen, Dachg\u00e4rten, vertikale G\u00e4rten        <\/p>\n    \n            <p class=\"categories meta\" style=\"width: 100%\"><span class=\"fa fa-map-marker\"\n                                                             aria-hidden=\"true\"><\/span> Rheinland-Pfalz        <\/p>\n    \n<\/article>\n   \n\t\t\n          <article id=\"post-99200\" class=\"et_pb_post post-99200 wtwfb_entry type-wtwfb_entry status-publish has-post-thumbnail hentry wtwfb_category-kita-gaerten wtwfb_region-sachsen-anhalt\">\n    <h2 class=\"entry-title\"><a href=\"https:\/\/wettbewerb-archiv.wir-tun-was-fuer-bienen.de\/archiv-2023\/eintrag\/2023-spora-blueht\/\">Spora bl\u00fcht<\/a>\n    <\/h2>\n    <a href=\"https:\/\/wettbewerb-archiv.wir-tun-was-fuer-bienen.de\/archiv-2023\/eintrag\/2023-spora-blueht\/\">\n        <div class=\"bienen-entry-image\">\n            <img decoding=\"async\" width=\"400\" height=\"300\" src=\"https:\/\/wettbewerb-archiv.wir-tun-was-fuer-bienen.de\/archiv-2023\/wp-content\/uploads\/sites\/8\/2023\/07\/IMG_20230703_121819-400x300.jpg\" class=\"attachment-bienen-grid-thumb size-bienen-grid-thumb wp-post-image\" alt=\"\" loading=\"lazy\" srcset=\"https:\/\/wettbewerb-archiv.wir-tun-was-fuer-bienen.de\/archiv-2023\/wp-content\/uploads\/sites\/8\/2023\/07\/IMG_20230703_121819-400x300.jpg 400w, https:\/\/wettbewerb-archiv.wir-tun-was-fuer-bienen.de\/archiv-2023\/wp-content\/uploads\/sites\/8\/2023\/07\/IMG_20230703_121819-768x576.jpg 768w, https:\/\/wettbewerb-archiv.wir-tun-was-fuer-bienen.de\/archiv-2023\/wp-content\/uploads\/sites\/8\/2023\/07\/IMG_20230703_121819-1024x768.jpg 1024w, https:\/\/wettbewerb-archiv.wir-tun-was-fuer-bienen.de\/archiv-2023\/wp-content\/uploads\/sites\/8\/2023\/07\/IMG_20230703_121819.jpg 1920w\" sizes=\"(max-width: 400px) 100vw, 400px\" \/>                    <\/div>\n    <\/a>\n\n    \n\n    <div class=\"user flex\">\n        \n                    <img decoding=\"async\" src=\"https:\/\/wettbewerb-archiv.wir-tun-was-fuer-bienen.de\/archiv-2023\/wp-content\/themes\/bienen\/assets\/images\/avatar-placeholder.png\" style=\"border-radius: 30px;\" height=\"30\" width=\"30\">\n            Kindergarten Sporaer Spielm\u00e4use            <\/div>\n    \n    \n            <p class=\"categories meta\" style=\"width: 100%\"><span class=\"fa fa-tag\"\n                                                             aria-hidden=\"true\"><\/span> Kita-G\u00e4rten        <\/p>\n    \n            <p class=\"categories meta\" style=\"width: 100%\"><span class=\"fa fa-map-marker\"\n                                                             aria-hidden=\"true\"><\/span> Sachsen-Anhalt        <\/p>\n    \n<\/article>\n   \n\t\t\n          <article id=\"post-99096\" class=\"et_pb_post post-99096 wtwfb_entry type-wtwfb_entry status-publish has-post-thumbnail hentry wtwfb_category-kommunale-flaechen wtwfb_region-bayern\">\n    <h2 class=\"entry-title\"><a href=\"https:\/\/wettbewerb-archiv.wir-tun-was-fuer-bienen.de\/archiv-2023\/eintrag\/2023-wildbienen-lehrpfad-mindelheim\/\">Wildbienen-Lehrpfad Mindelheim<\/a>\n    <\/h2>\n    <a href=\"https:\/\/wettbewerb-archiv.wir-tun-was-fuer-bienen.de\/archiv-2023\/eintrag\/2023-wildbienen-lehrpfad-mindelheim\/\">\n        <div class=\"bienen-entry-image\">\n            <img decoding=\"async\" width=\"400\" height=\"300\" src=\"https:\/\/wettbewerb-archiv.wir-tun-was-fuer-bienen.de\/archiv-2023\/wp-content\/uploads\/sites\/8\/2023\/07\/IMG_20220421_185922-400x300.jpg\" class=\"attachment-bienen-grid-thumb size-bienen-grid-thumb wp-post-image\" alt=\"\" loading=\"lazy\" \/>                    <\/div>\n    <\/a>\n\n    \n\n    <div class=\"user flex\">\n        \n                    <img decoding=\"async\" src=\"https:\/\/wettbewerb-archiv.wir-tun-was-fuer-bienen.de\/archiv-2023\/wp-content\/themes\/bienen\/assets\/images\/avatar-placeholder.png\" style=\"border-radius: 30px;\" height=\"30\" width=\"30\">\n            Team Wildbienen-Lehrpfad Mindelheim            <\/div>\n    \n    <p class=\"categories meta bienen-gewinner\"><span class=\"fa fa-trophy\"                                                              aria-hidden=\"true\"><\/span> Gewinner<\/p>\n            <p class=\"categories meta\" style=\"width: 100%\"><span class=\"fa fa-tag\"\n                                                             aria-hidden=\"true\"><\/span> Kommunale Fl\u00e4chen        <\/p>\n    \n            <p class=\"categories meta\" style=\"width: 100%\"><span class=\"fa fa-map-marker\"\n                                                             aria-hidden=\"true\"><\/span> Bayern        <\/p>\n    \n<\/article>\n   \n\t\t\n          <article id=\"post-99082\" class=\"et_pb_post post-99082 wtwfb_entry type-wtwfb_entry status-publish has-post-thumbnail hentry wtwfb_category-kommunale-flaechen wtwfb_region-hessen\">\n    <h2 class=\"entry-title\"><a href=\"https:\/\/wettbewerb-archiv.wir-tun-was-fuer-bienen.de\/archiv-2023\/eintrag\/2023-bienenoase-am-schillerplatz-krabbeltreff-luise\/\">Bienenoase am Schillerplatz (Krabbeltreff Luise)<\/a>\n    <\/h2>\n    <a href=\"https:\/\/wettbewerb-archiv.wir-tun-was-fuer-bienen.de\/archiv-2023\/eintrag\/2023-bienenoase-am-schillerplatz-krabbeltreff-luise\/\">\n        <div class=\"bienen-entry-image\">\n            <img decoding=\"async\" width=\"400\" height=\"300\" src=\"https:\/\/wettbewerb-archiv.wir-tun-was-fuer-bienen.de\/archiv-2023\/wp-content\/uploads\/sites\/8\/2023\/07\/Biene-am-Basilikum-2.-jpg-400x300.jpg\" class=\"attachment-bienen-grid-thumb size-bienen-grid-thumb wp-post-image\" alt=\"\" loading=\"lazy\" \/>                    <\/div>\n    <\/a>\n\n    \n\n    <div class=\"user flex\">\n        \n                    <img decoding=\"async\" src=\"https:\/\/wettbewerb-archiv.wir-tun-was-fuer-bienen.de\/archiv-2023\/wp-content\/themes\/bienen\/assets\/images\/avatar-placeholder.png\" style=\"border-radius: 30px;\" height=\"30\" width=\"30\">\n            Krabbeltreff Luise 34            <\/div>\n    \n    \n            <p class=\"categories meta\" style=\"width: 100%\"><span class=\"fa fa-tag\"\n                                                             aria-hidden=\"true\"><\/span> Kommunale Fl\u00e4chen        <\/p>\n    \n            <p class=\"categories meta\" style=\"width: 100%\"><span class=\"fa fa-map-marker\"\n                                                             aria-hidden=\"true\"><\/span> Hessen        <\/p>\n    \n<\/article>\n   \n\t\t\n          <article id=\"post-99004\" class=\"et_pb_post post-99004 wtwfb_entry type-wtwfb_entry status-publish has-post-thumbnail hentry wtwfb_category-bestehende-naturgaerten wtwfb_region-brandenburg\">\n    <h2 class=\"entry-title\"><a href=\"https:\/\/wettbewerb-archiv.wir-tun-was-fuer-bienen.de\/archiv-2023\/eintrag\/2023-vom-brachland-zum-naturgarten\/\">Vom Brachland zum Naturgarten<\/a>\n    <\/h2>\n    <a href=\"https:\/\/wettbewerb-archiv.wir-tun-was-fuer-bienen.de\/archiv-2023\/eintrag\/2023-vom-brachland-zum-naturgarten\/\">\n        <div class=\"bienen-entry-image\">\n            <img decoding=\"async\" width=\"400\" height=\"300\" src=\"https:\/\/wettbewerb-archiv.wir-tun-was-fuer-bienen.de\/archiv-2023\/wp-content\/uploads\/sites\/8\/2023\/07\/79AE95BF-F22E-4804-B49E-F5E61DA01200-400x300.jpeg\" class=\"attachment-bienen-grid-thumb size-bienen-grid-thumb wp-post-image\" alt=\"\" loading=\"lazy\" \/>                    <\/div>\n    <\/a>\n\n    \n\n    <div class=\"user flex\">\n        \n                    <img decoding=\"async\" src=\"https:\/\/wettbewerb-archiv.wir-tun-was-fuer-bienen.de\/archiv-2023\/wp-content\/themes\/bienen\/assets\/images\/avatar-placeholder.png\" style=\"border-radius: 30px;\" height=\"30\" width=\"30\">\n            Familie Mildt            <\/div>\n    \n    \n            <p class=\"categories meta\" style=\"width: 100%\"><span class=\"fa fa-tag\"\n                                                             aria-hidden=\"true\"><\/span> Bestehende Naturg\u00e4rten (Pflege und Infoarbeit)        <\/p>\n    \n            <p class=\"categories meta\" style=\"width: 100%\"><span class=\"fa fa-map-marker\"\n                                                             aria-hidden=\"true\"><\/span> Brandenburg        <\/p>\n    \n<\/article>\n   \n\t\t\n          <article id=\"post-98891\" class=\"et_pb_post post-98891 wtwfb_entry type-wtwfb_entry status-publish has-post-thumbnail hentry wtwfb_category-bestehende-naturgaerten wtwfb_region-bayern\">\n    <h2 class=\"entry-title\"><a href=\"https:\/\/wettbewerb-archiv.wir-tun-was-fuer-bienen.de\/archiv-2023\/eintrag\/2023-wohlfuehloase-fuer-jedes-lebewesen\/\">Wohlf\u00fchloase f\u00fcr jedes Lebewesen<\/a>\n    <\/h2>\n    <a href=\"https:\/\/wettbewerb-archiv.wir-tun-was-fuer-bienen.de\/archiv-2023\/eintrag\/2023-wohlfuehloase-fuer-jedes-lebewesen\/\">\n        <div class=\"bienen-entry-image\">\n            <img decoding=\"async\" width=\"400\" height=\"300\" src=\"https:\/\/wettbewerb-archiv.wir-tun-was-fuer-bienen.de\/archiv-2023\/wp-content\/uploads\/sites\/8\/2023\/07\/IMG-20230705-WA0011-400x300.jpg\" class=\"attachment-bienen-grid-thumb size-bienen-grid-thumb wp-post-image\" alt=\"\" loading=\"lazy\" srcset=\"https:\/\/wettbewerb-archiv.wir-tun-was-fuer-bienen.de\/archiv-2023\/wp-content\/uploads\/sites\/8\/2023\/07\/IMG-20230705-WA0011-400x300.jpg 400w, https:\/\/wettbewerb-archiv.wir-tun-was-fuer-bienen.de\/archiv-2023\/wp-content\/uploads\/sites\/8\/2023\/07\/IMG-20230705-WA0011-768x576.jpg 768w, https:\/\/wettbewerb-archiv.wir-tun-was-fuer-bienen.de\/archiv-2023\/wp-content\/uploads\/sites\/8\/2023\/07\/IMG-20230705-WA0011-1024x768.jpg 1024w, https:\/\/wettbewerb-archiv.wir-tun-was-fuer-bienen.de\/archiv-2023\/wp-content\/uploads\/sites\/8\/2023\/07\/IMG-20230705-WA0011.jpg 1600w\" sizes=\"(max-width: 400px) 100vw, 400px\" \/>                    <\/div>\n    <\/a>\n\n    \n\n    <div class=\"user flex\">\n        \n                    <img decoding=\"async\" src=\"https:\/\/wettbewerb-archiv.wir-tun-was-fuer-bienen.de\/archiv-2023\/wp-content\/themes\/bienen\/assets\/images\/avatar-placeholder.png\" style=\"border-radius: 30px;\" height=\"30\" width=\"30\">\n            Familie Schedel            <\/div>\n    \n    \n            <p class=\"categories meta\" style=\"width: 100%\"><span class=\"fa fa-tag\"\n                                                             aria-hidden=\"true\"><\/span> Bestehende Naturg\u00e4rten (Pflege und Infoarbeit)        <\/p>\n    \n            <p class=\"categories meta\" style=\"width: 100%\"><span class=\"fa fa-map-marker\"\n                                                             aria-hidden=\"true\"><\/span> Bayern        <\/p>\n    \n<\/article>\n   \n\t\t\n          <article id=\"post-98886\" class=\"et_pb_post post-98886 wtwfb_entry type-wtwfb_entry status-publish has-post-thumbnail hentry wtwfb_category-bestehende-naturgaerten wtwfb_region-bayern\">\n    <h2 class=\"entry-title\"><a href=\"https:\/\/wettbewerb-archiv.wir-tun-was-fuer-bienen.de\/archiv-2023\/eintrag\/2023-bienenparadies\/\">Bienenparadies<\/a>\n    <\/h2>\n    <a href=\"https:\/\/wettbewerb-archiv.wir-tun-was-fuer-bienen.de\/archiv-2023\/eintrag\/2023-bienenparadies\/\">\n        <div class=\"bienen-entry-image\">\n            <img decoding=\"async\" width=\"400\" height=\"300\" src=\"https:\/\/wettbewerb-archiv.wir-tun-was-fuer-bienen.de\/archiv-2023\/wp-content\/uploads\/sites\/8\/2023\/07\/20230704_164711-400x300.jpg\" class=\"attachment-bienen-grid-thumb size-bienen-grid-thumb wp-post-image\" alt=\"\" loading=\"lazy\" \/>                    <\/div>\n    <\/a>\n\n    \n\n    <div class=\"user flex\">\n        \n                    <img decoding=\"async\" src=\"https:\/\/wettbewerb-archiv.wir-tun-was-fuer-bienen.de\/archiv-2023\/wp-content\/themes\/bienen\/assets\/images\/avatar-placeholder.png\" style=\"border-radius: 30px;\" height=\"30\" width=\"30\">\n            Katja Strempel            <\/div>\n    \n    \n            <p class=\"categories meta\" style=\"width: 100%\"><span class=\"fa fa-tag\"\n                                                             aria-hidden=\"true\"><\/span> Bestehende Naturg\u00e4rten (Pflege und Infoarbeit)        <\/p>\n    \n            <p class=\"categories meta\" style=\"width: 100%\"><span class=\"fa fa-map-marker\"\n                                                             aria-hidden=\"true\"><\/span> Bayern        <\/p>\n    \n<\/article>\n   \n\t\t\n          <article id=\"post-98871\" class=\"et_pb_post post-98871 wtwfb_entry type-wtwfb_entry status-publish has-post-thumbnail hentry wtwfb_category-balkone-terrassen-dachbegruenung-vertikale-gaerten wtwfb_region-brandenburg\">\n    <h2 class=\"entry-title\"><a href=\"https:\/\/wettbewerb-archiv.wir-tun-was-fuer-bienen.de\/archiv-2023\/eintrag\/2023-bienen-und-hummelbalkon\/\">Bienen- und Hummelbalkon in Potsdam<\/a>\n    <\/h2>\n    <a href=\"https:\/\/wettbewerb-archiv.wir-tun-was-fuer-bienen.de\/archiv-2023\/eintrag\/2023-bienen-und-hummelbalkon\/\">\n        <div class=\"bienen-entry-image\">\n            <img decoding=\"async\" width=\"400\" height=\"300\" src=\"https:\/\/wettbewerb-archiv.wir-tun-was-fuer-bienen.de\/archiv-2023\/wp-content\/uploads\/sites\/8\/2023\/07\/2023-07-15-400x300.jpg\" class=\"attachment-bienen-grid-thumb size-bienen-grid-thumb wp-post-image\" alt=\"\" loading=\"lazy\" srcset=\"https:\/\/wettbewerb-archiv.wir-tun-was-fuer-bienen.de\/archiv-2023\/wp-content\/uploads\/sites\/8\/2023\/07\/2023-07-15-400x300.jpg 400w, https:\/\/wettbewerb-archiv.wir-tun-was-fuer-bienen.de\/archiv-2023\/wp-content\/uploads\/sites\/8\/2023\/07\/2023-07-15-768x576.jpg 768w, https:\/\/wettbewerb-archiv.wir-tun-was-fuer-bienen.de\/archiv-2023\/wp-content\/uploads\/sites\/8\/2023\/07\/2023-07-15-1024x768.jpg 1024w, https:\/\/wettbewerb-archiv.wir-tun-was-fuer-bienen.de\/archiv-2023\/wp-content\/uploads\/sites\/8\/2023\/07\/2023-07-15.jpg 1920w\" sizes=\"(max-width: 400px) 100vw, 400px\" \/>                    <\/div>\n    <\/a>\n\n    \n\n    <div class=\"user flex\">\n        \n                    <img decoding=\"async\" src=\"https:\/\/wettbewerb-archiv.wir-tun-was-fuer-bienen.de\/archiv-2023\/wp-content\/themes\/bienen\/assets\/images\/avatar-placeholder.png\" style=\"border-radius: 30px;\" height=\"30\" width=\"30\">\n            A&O das Herzgespann            <\/div>\n    \n    <p class=\"categories meta bienen-gewinner\"><span class=\"fa fa-trophy\"                                                              aria-hidden=\"true\"><\/span> Gewinner<\/p>\n            <p class=\"categories meta\" style=\"width: 100%\"><span class=\"fa fa-tag\"\n                                                             aria-hidden=\"true\"><\/span> Balkone, Terrassen, Dachg\u00e4rten, vertikale G\u00e4rten        <\/p>\n    \n            <p class=\"categories meta\" style=\"width: 100%\"><span class=\"fa fa-map-marker\"\n                                                             aria-hidden=\"true\"><\/span> Brandenburg        <\/p>\n    \n<\/article>\n   \n\t\t\n          <article id=\"post-98817\" class=\"et_pb_post post-98817 wtwfb_entry type-wtwfb_entry status-publish has-post-thumbnail hentry wtwfb_category-balkone-terrassen-dachbegruenung-vertikale-gaerten wtwfb_region-bayern\">\n    <h2 class=\"entry-title\"><a href=\"https:\/\/wettbewerb-archiv.wir-tun-was-fuer-bienen.de\/archiv-2023\/eintrag\/2023-marvins-insektenliebe\/\">Marvins Insektenliebe<\/a>\n    <\/h2>\n    <a href=\"https:\/\/wettbewerb-archiv.wir-tun-was-fuer-bienen.de\/archiv-2023\/eintrag\/2023-marvins-insektenliebe\/\">\n        <div class=\"bienen-entry-image\">\n            <img decoding=\"async\" width=\"400\" height=\"300\" src=\"https:\/\/wettbewerb-archiv.wir-tun-was-fuer-bienen.de\/archiv-2023\/wp-content\/uploads\/sites\/8\/2023\/07\/20220713_124730-2-1-400x300.jpg\" class=\"attachment-bienen-grid-thumb size-bienen-grid-thumb wp-post-image\" alt=\"\" loading=\"lazy\" \/>                    <\/div>\n    <\/a>\n\n    \n\n    <div class=\"user flex\">\n        \n                    <img decoding=\"async\" src=\"https:\/\/wettbewerb-archiv.wir-tun-was-fuer-bienen.de\/archiv-2023\/wp-content\/themes\/bienen\/assets\/images\/avatar-placeholder.png\" style=\"border-radius: 30px;\" height=\"30\" width=\"30\">\n            Marvins Insektenliebe            <\/div>\n    \n    <p class=\"categories meta bienen-gewinner\"><span class=\"fa fa-trophy\"                                                              aria-hidden=\"true\"><\/span> Gewinner<\/p>\n            <p class=\"categories meta\" style=\"width: 100%\"><span class=\"fa fa-tag\"\n                                                             aria-hidden=\"true\"><\/span> Balkone, Terrassen, Dachg\u00e4rten, vertikale G\u00e4rten        <\/p>\n    \n            <p class=\"categories meta\" style=\"width: 100%\"><span class=\"fa fa-map-marker\"\n                                                             aria-hidden=\"true\"><\/span> Bayern        <\/p>\n    \n<\/article>\n   \n\t\t\n          <article id=\"post-98804\" class=\"et_pb_post post-98804 wtwfb_entry type-wtwfb_entry status-publish has-post-thumbnail hentry wtwfb_category-schul-und-jugendclubgaerten wtwfb_region-niedersachsen\">\n    <h2 class=\"entry-title\"><a href=\"https:\/\/wettbewerb-archiv.wir-tun-was-fuer-bienen.de\/archiv-2023\/eintrag\/2023-ab-ins-gruene-der-schulgarten-der-bbs-buxtehude\/\">Ab ins Gr\u00fcne! &#8211; der Schulgarten der BBS Buxtehude<\/a>\n    <\/h2>\n    <a href=\"https:\/\/wettbewerb-archiv.wir-tun-was-fuer-bienen.de\/archiv-2023\/eintrag\/2023-ab-ins-gruene-der-schulgarten-der-bbs-buxtehude\/\">\n        <div class=\"bienen-entry-image\">\n            <img decoding=\"async\" width=\"400\" height=\"300\" src=\"https:\/\/wettbewerb-archiv.wir-tun-was-fuer-bienen.de\/archiv-2023\/wp-content\/uploads\/sites\/8\/2023\/07\/Schulgarten29_06_23_1-400x300.jpeg\" class=\"attachment-bienen-grid-thumb size-bienen-grid-thumb wp-post-image\" alt=\"\" loading=\"lazy\" srcset=\"https:\/\/wettbewerb-archiv.wir-tun-was-fuer-bienen.de\/archiv-2023\/wp-content\/uploads\/sites\/8\/2023\/07\/Schulgarten29_06_23_1-400x300.jpeg 400w, https:\/\/wettbewerb-archiv.wir-tun-was-fuer-bienen.de\/archiv-2023\/wp-content\/uploads\/sites\/8\/2023\/07\/Schulgarten29_06_23_1-768x576.jpeg 768w, https:\/\/wettbewerb-archiv.wir-tun-was-fuer-bienen.de\/archiv-2023\/wp-content\/uploads\/sites\/8\/2023\/07\/Schulgarten29_06_23_1-1024x768.jpeg 1024w, https:\/\/wettbewerb-archiv.wir-tun-was-fuer-bienen.de\/archiv-2023\/wp-content\/uploads\/sites\/8\/2023\/07\/Schulgarten29_06_23_1.jpeg 1920w\" sizes=\"(max-width: 400px) 100vw, 400px\" \/>                    <\/div>\n    <\/a>\n\n    \n\n    <div class=\"user flex\">\n        \n                    <img decoding=\"async\" src=\"https:\/\/wettbewerb-archiv.wir-tun-was-fuer-bienen.de\/archiv-2023\/wp-content\/themes\/bienen\/assets\/images\/avatar-placeholder.png\" style=\"border-radius: 30px;\" height=\"30\" width=\"30\">\n            BBS Buxtehude            <\/div>\n    \n    \n            <p class=\"categories meta\" style=\"width: 100%\"><span class=\"fa fa-tag\"\n                                                             aria-hidden=\"true\"><\/span> Schulg\u00e4rten        <\/p>\n    \n            <p class=\"categories meta\" style=\"width: 100%\"><span class=\"fa fa-map-marker\"\n                                                             aria-hidden=\"true\"><\/span> Niedersachsen        <\/p>\n    \n<\/article>\n   \n\t\t\n          <article id=\"post-98631\" class=\"et_pb_post post-98631 wtwfb_entry type-wtwfb_entry status-publish has-post-thumbnail hentry wtwfb_category-privatgaerten-gross-500-m wtwfb_region-brandenburg\">\n    <h2 class=\"entry-title\"><a href=\"https:\/\/wettbewerb-archiv.wir-tun-was-fuer-bienen.de\/archiv-2023\/eintrag\/2023-beefugium\/\">beefugium<\/a>\n    <\/h2>\n    <a href=\"https:\/\/wettbewerb-archiv.wir-tun-was-fuer-bienen.de\/archiv-2023\/eintrag\/2023-beefugium\/\">\n        <div class=\"bienen-entry-image\">\n            <img decoding=\"async\" width=\"400\" height=\"300\" src=\"https:\/\/wettbewerb-archiv.wir-tun-was-fuer-bienen.de\/archiv-2023\/wp-content\/uploads\/sites\/8\/2023\/07\/beefugium-IMG_7932-1-400x300.jpg\" class=\"attachment-bienen-grid-thumb size-bienen-grid-thumb wp-post-image\" alt=\"\" loading=\"lazy\" \/>                    <\/div>\n    <\/a>\n\n    \n\n    <div class=\"user flex\">\n        \n                    <img decoding=\"async\" src=\"https:\/\/wettbewerb-archiv.wir-tun-was-fuer-bienen.de\/archiv-2023\/wp-content\/themes\/bienen\/assets\/images\/avatar-placeholder.png\" style=\"border-radius: 30px;\" height=\"30\" width=\"30\">\n            Anne und Martin Hering            <\/div>\n    \n    <p class=\"categories meta bienen-gewinner\"><span class=\"fa fa-trophy\"                                                              aria-hidden=\"true\"><\/span> Gewinner<\/p>\n            <p class=\"categories meta\" style=\"width: 100%\"><span class=\"fa fa-tag\"\n                                                             aria-hidden=\"true\"><\/span> Privatg\u00e4rten gro\u00df (ab 500 m\u00b2)        <\/p>\n    \n            <p class=\"categories meta\" style=\"width: 100%\"><span class=\"fa fa-map-marker\"\n                                                             aria-hidden=\"true\"><\/span> Brandenburg        <\/p>\n    \n<\/article>\n   \n\t\t\n          <article id=\"post-98582\" class=\"et_pb_post post-98582 wtwfb_entry type-wtwfb_entry status-publish has-post-thumbnail hentry wtwfb_category-privatgaerten-klein-500-m2 wtwfb_region-sachsen\">\n    <h2 class=\"entry-title\"><a href=\"https:\/\/wettbewerb-archiv.wir-tun-was-fuer-bienen.de\/archiv-2023\/eintrag\/2023-von-der-brennnesselwueste-zum-bluehenden-kraeutergarten\/\">Von der Brennnesselw\u00fcste zum bl\u00fchenden Kr\u00e4utergarten<\/a>\n    <\/h2>\n    <a href=\"https:\/\/wettbewerb-archiv.wir-tun-was-fuer-bienen.de\/archiv-2023\/eintrag\/2023-von-der-brennnesselwueste-zum-bluehenden-kraeutergarten\/\">\n        <div class=\"bienen-entry-image\">\n            <img decoding=\"async\" width=\"400\" height=\"300\" src=\"https:\/\/wettbewerb-archiv.wir-tun-was-fuer-bienen.de\/archiv-2023\/wp-content\/uploads\/sites\/8\/2023\/07\/IMG-20230628-WA0003-400x300.jpg\" class=\"attachment-bienen-grid-thumb size-bienen-grid-thumb wp-post-image\" alt=\"\" loading=\"lazy\" \/>                    <\/div>\n    <\/a>\n\n    \n\n    <div class=\"user flex\">\n        \n                    <img decoding=\"async\" src=\"https:\/\/wettbewerb-archiv.wir-tun-was-fuer-bienen.de\/archiv-2023\/wp-content\/themes\/bienen\/assets\/images\/avatar-placeholder.png\" style=\"border-radius: 30px;\" height=\"30\" width=\"30\">\n            Eulenhof Krebs            <\/div>\n    \n    \n            <p class=\"categories meta\" style=\"width: 100%\"><span class=\"fa fa-tag\"\n                                                             aria-hidden=\"true\"><\/span> Privatg\u00e4rten klein (bis 500 m2)        <\/p>\n    \n            <p class=\"categories meta\" style=\"width: 100%\"><span class=\"fa fa-map-marker\"\n                                                             aria-hidden=\"true\"><\/span> Sachsen        <\/p>\n    \n<\/article>\n   \n\t\t\n          <article id=\"post-98510\" class=\"et_pb_post post-98510 wtwfb_entry type-wtwfb_entry status-publish has-post-thumbnail hentry wtwfb_category-vereinsgaerten-liegenschaften-von-verwaltung-kirche-etc-sonstige wtwfb_region-niedersachsen\">\n    <h2 class=\"entry-title\"><a href=\"https:\/\/wettbewerb-archiv.wir-tun-was-fuer-bienen.de\/archiv-2023\/eintrag\/2023-beitrag-gemeinde-hagen-im-bremischen\/\">Beitrag Gemeinde Hagen im Bremischen<\/a>\n    <\/h2>\n    <a href=\"https:\/\/wettbewerb-archiv.wir-tun-was-fuer-bienen.de\/archiv-2023\/eintrag\/2023-beitrag-gemeinde-hagen-im-bremischen\/\">\n        <div class=\"bienen-entry-image\">\n            <img decoding=\"async\" width=\"212\" height=\"300\" src=\"https:\/\/wettbewerb-archiv.wir-tun-was-fuer-bienen.de\/archiv-2023\/wp-content\/uploads\/sites\/8\/2023\/07\/doc12128920230704065409-pdf.jpg\" class=\"attachment-bienen-grid-thumb size-bienen-grid-thumb wp-post-image\" alt=\"\" loading=\"lazy\" \/>                    <\/div>\n    <\/a>\n\n    \n\n    <div class=\"user flex\">\n        \n                    <img decoding=\"async\" src=\"https:\/\/wettbewerb-archiv.wir-tun-was-fuer-bienen.de\/archiv-2023\/wp-content\/themes\/bienen\/assets\/images\/avatar-placeholder.png\" style=\"border-radius: 30px;\" height=\"30\" width=\"30\">\n            Gemeinde Hagen im Bremischen            <\/div>\n    \n    \n            <p class=\"categories meta\" style=\"width: 100%\"><span class=\"fa fa-tag\"\n                                                             aria-hidden=\"true\"><\/span> Vereinsg\u00e4rten, Unis, Liegenschaften von Verwaltung, Kirche etc, Sonstige        <\/p>\n    \n            <p class=\"categories meta\" style=\"width: 100%\"><span class=\"fa fa-map-marker\"\n                                                             aria-hidden=\"true\"><\/span> Niedersachsen        <\/p>\n    \n<\/article>\n   \n\t\t\n          <article id=\"post-98439\" class=\"et_pb_post post-98439 wtwfb_entry type-wtwfb_entry status-publish has-post-thumbnail hentry wtwfb_category-privatgaerten-gross-500-m wtwfb_region-sachsen\">\n    <h2 class=\"entry-title\"><a href=\"https:\/\/wettbewerb-archiv.wir-tun-was-fuer-bienen.de\/archiv-2023\/eintrag\/2023-unkrautparadies\/\">Unkrautparadies<\/a>\n    <\/h2>\n    <a href=\"https:\/\/wettbewerb-archiv.wir-tun-was-fuer-bienen.de\/archiv-2023\/eintrag\/2023-unkrautparadies\/\">\n        <div class=\"bienen-entry-image\">\n            <img decoding=\"async\" width=\"400\" height=\"300\" src=\"https:\/\/wettbewerb-archiv.wir-tun-was-fuer-bienen.de\/archiv-2023\/wp-content\/uploads\/sites\/8\/2023\/07\/IMG-20220809-WA0023-400x300.jpg\" class=\"attachment-bienen-grid-thumb size-bienen-grid-thumb wp-post-image\" alt=\"\" loading=\"lazy\" \/>                    <\/div>\n    <\/a>\n\n    \n\n    <div class=\"user flex\">\n        \n                    <img decoding=\"async\" src=\"https:\/\/wettbewerb-archiv.wir-tun-was-fuer-bienen.de\/archiv-2023\/wp-content\/themes\/bienen\/assets\/images\/avatar-placeholder.png\" style=\"border-radius: 30px;\" height=\"30\" width=\"30\">\n            Andrea Schaarschmidt            <\/div>\n    \n    \n            <p class=\"categories meta\" style=\"width: 100%\"><span class=\"fa fa-tag\"\n                                                             aria-hidden=\"true\"><\/span> Privatg\u00e4rten gro\u00df (ab 500 m\u00b2)        <\/p>\n    \n            <p class=\"categories meta\" style=\"width: 100%\"><span class=\"fa fa-map-marker\"\n                                                             aria-hidden=\"true\"><\/span> Sachsen        <\/p>\n    \n<\/article>\n   \n\t\t\n          <article id=\"post-98294\" class=\"et_pb_post post-98294 wtwfb_entry type-wtwfb_entry status-publish has-post-thumbnail hentry wtwfb_category-balkone-terrassen-dachbegruenung-vertikale-gaerten wtwfb_region-hamburg\">\n    <h2 class=\"entry-title\"><a href=\"https:\/\/wettbewerb-archiv.wir-tun-was-fuer-bienen.de\/archiv-2023\/eintrag\/2023-raum-ist-in-der-kleinsten-huette\/\">Raum ist in der kleinsten H\u00fctte<\/a>\n    <\/h2>\n    <a href=\"https:\/\/wettbewerb-archiv.wir-tun-was-fuer-bienen.de\/archiv-2023\/eintrag\/2023-raum-ist-in-der-kleinsten-huette\/\">\n        <div class=\"bienen-entry-image\">\n            <img decoding=\"async\" width=\"400\" height=\"300\" src=\"https:\/\/wettbewerb-archiv.wir-tun-was-fuer-bienen.de\/archiv-2023\/wp-content\/uploads\/sites\/8\/2023\/07\/20230626_131324-400x300.jpg\" class=\"attachment-bienen-grid-thumb size-bienen-grid-thumb wp-post-image\" alt=\"\" loading=\"lazy\" \/>                    <\/div>\n    <\/a>\n\n    \n\n    <div class=\"user flex\">\n        \n                    <img decoding=\"async\" src=\"https:\/\/wettbewerb-archiv.wir-tun-was-fuer-bienen.de\/archiv-2023\/wp-content\/themes\/bienen\/assets\/images\/avatar-placeholder.png\" style=\"border-radius: 30px;\" height=\"30\" width=\"30\">\n            Elke Straub            <\/div>\n    \n    <p class=\"categories meta bienen-gewinner\"><span class=\"fa fa-trophy\"                                                              aria-hidden=\"true\"><\/span> Gewinner<\/p>\n            <p class=\"categories meta\" style=\"width: 100%\"><span class=\"fa fa-tag\"\n                                                             aria-hidden=\"true\"><\/span> Balkone, Terrassen, Dachg\u00e4rten, vertikale G\u00e4rten        <\/p>\n    \n            <p class=\"categories meta\" style=\"width: 100%\"><span class=\"fa fa-map-marker\"\n                                                             aria-hidden=\"true\"><\/span> Hamburg        <\/p>\n    \n<\/article>\n   \n\t\t\n          <article id=\"post-98225\" class=\"et_pb_post post-98225 wtwfb_entry type-wtwfb_entry status-publish has-post-thumbnail hentry wtwfb_category-privatgaerten-gross-500-m wtwfb_region-hessen\">\n    <h2 class=\"entry-title\"><a href=\"https:\/\/wettbewerb-archiv.wir-tun-was-fuer-bienen.de\/archiv-2023\/eintrag\/2023-naturnaher-haus-und-wirtschaftsgarten\/\">Naturnaher Haus- und Wirtschaftsgarten<\/a>\n    <\/h2>\n    <a href=\"https:\/\/wettbewerb-archiv.wir-tun-was-fuer-bienen.de\/archiv-2023\/eintrag\/2023-naturnaher-haus-und-wirtschaftsgarten\/\">\n        <div class=\"bienen-entry-image\">\n            <img decoding=\"async\" width=\"400\" height=\"300\" src=\"https:\/\/wettbewerb-archiv.wir-tun-was-fuer-bienen.de\/archiv-2023\/wp-content\/uploads\/sites\/8\/2023\/07\/P1030444-400x300.jpg\" class=\"attachment-bienen-grid-thumb size-bienen-grid-thumb wp-post-image\" alt=\"\" loading=\"lazy\" \/>                    <\/div>\n    <\/a>\n\n    \n\n    <div class=\"user flex\">\n        \n                    <img decoding=\"async\" src=\"https:\/\/wettbewerb-archiv.wir-tun-was-fuer-bienen.de\/archiv-2023\/wp-content\/themes\/bienen\/assets\/images\/avatar-placeholder.png\" style=\"border-radius: 30px;\" height=\"30\" width=\"30\">\n            \"Die Schnatzes\"            <\/div>\n            <p class=\"categories meta\" style=\"color: #c32731; font-weight: bold; width: 100%\"><span class=\"fa fa-music\"\n                                                                                                aria-hidden=\"true\"><\/span> Extrapreis Musik\n            f\u00fcr Bienenschutz\n        <\/p>\n    \n    \n            <p class=\"categories meta\" style=\"width: 100%\"><span class=\"fa fa-tag\"\n                                                             aria-hidden=\"true\"><\/span> Privatg\u00e4rten gro\u00df (ab 500 m\u00b2)        <\/p>\n    \n            <p class=\"categories meta\" style=\"width: 100%\"><span class=\"fa fa-map-marker\"\n                                                             aria-hidden=\"true\"><\/span> Hessen        <\/p>\n    \n<\/article>\n   \n\t\t\n          <article id=\"post-98099\" class=\"et_pb_post post-98099 wtwfb_entry type-wtwfb_entry status-publish has-post-thumbnail hentry wtwfb_category-balkone-terrassen-dachbegruenung-vertikale-gaerten wtwfb_region-bayern\">\n    <h2 class=\"entry-title\"><a href=\"https:\/\/wettbewerb-archiv.wir-tun-was-fuer-bienen.de\/archiv-2023\/eintrag\/2023-muelltonnenbegruenung\/\">M\u00fclltonnenbegr\u00fcnung<\/a>\n    <\/h2>\n    <a href=\"https:\/\/wettbewerb-archiv.wir-tun-was-fuer-bienen.de\/archiv-2023\/eintrag\/2023-muelltonnenbegruenung\/\">\n        <div class=\"bienen-entry-image\">\n            <img decoding=\"async\" width=\"400\" height=\"300\" src=\"https:\/\/wettbewerb-archiv.wir-tun-was-fuer-bienen.de\/archiv-2023\/wp-content\/uploads\/sites\/8\/2023\/07\/20230702_104925-400x300.jpg\" class=\"attachment-bienen-grid-thumb size-bienen-grid-thumb wp-post-image\" alt=\"\" loading=\"lazy\" \/>                    <\/div>\n    <\/a>\n\n    \n\n    <div class=\"user flex\">\n        \n                    <img decoding=\"async\" src=\"https:\/\/wettbewerb-archiv.wir-tun-was-fuer-bienen.de\/archiv-2023\/wp-content\/themes\/bienen\/assets\/images\/avatar-placeholder.png\" style=\"border-radius: 30px;\" height=\"30\" width=\"30\">\n            Wild'n Free Family            <\/div>\n    \n    \n            <p class=\"categories meta\" style=\"width: 100%\"><span class=\"fa fa-tag\"\n                                                             aria-hidden=\"true\"><\/span> Balkone, Terrassen, Dachg\u00e4rten, vertikale G\u00e4rten        <\/p>\n    \n            <p class=\"categories meta\" style=\"width: 100%\"><span class=\"fa fa-map-marker\"\n                                                             aria-hidden=\"true\"><\/span> Bayern        <\/p>\n    \n<\/article>\n   \n\t\t\n          <article id=\"post-98061\" class=\"et_pb_post post-98061 wtwfb_entry type-wtwfb_entry status-publish has-post-thumbnail hentry wtwfb_category-schul-und-jugendclubgaerten wtwfb_region-niedersachsen\">\n    <h2 class=\"entry-title\"><a href=\"https:\/\/wettbewerb-archiv.wir-tun-was-fuer-bienen.de\/archiv-2023\/eintrag\/2023-lebensraum-fuer-bienen-klasse-3a\/\">Lebensraum f\u00fcr Bienen &#8211; Klasse 3a<\/a>\n    <\/h2>\n    <a href=\"https:\/\/wettbewerb-archiv.wir-tun-was-fuer-bienen.de\/archiv-2023\/eintrag\/2023-lebensraum-fuer-bienen-klasse-3a\/\">\n        <div class=\"bienen-entry-image\">\n            <img decoding=\"async\" width=\"400\" height=\"300\" src=\"https:\/\/wettbewerb-archiv.wir-tun-was-fuer-bienen.de\/archiv-2023\/wp-content\/uploads\/sites\/8\/2023\/07\/20230606_083026-400x300.jpg\" class=\"attachment-bienen-grid-thumb size-bienen-grid-thumb wp-post-image\" alt=\"\" loading=\"lazy\" \/>                    <\/div>\n    <\/a>\n\n    \n\n    <div class=\"user flex\">\n        \n                    <img decoding=\"async\" src=\"https:\/\/wettbewerb-archiv.wir-tun-was-fuer-bienen.de\/archiv-2023\/wp-content\/themes\/bienen\/assets\/images\/avatar-placeholder.png\" style=\"border-radius: 30px;\" height=\"30\" width=\"30\">\n            Grundschule Adendorf Klasse 3a            <\/div>\n            <p class=\"categories meta\" style=\"color: #c32731; font-weight: bold; width: 100%\"><span class=\"fa fa-music\"\n                                                                                                aria-hidden=\"true\"><\/span> Extrapreis Musik\n            f\u00fcr Bienenschutz\n        <\/p>\n    \n    \n            <p class=\"categories meta\" style=\"width: 100%\"><span class=\"fa fa-tag\"\n                                                             aria-hidden=\"true\"><\/span> Schulg\u00e4rten        <\/p>\n    \n            <p class=\"categories meta\" style=\"width: 100%\"><span class=\"fa fa-map-marker\"\n                                                             aria-hidden=\"true\"><\/span> Niedersachsen        <\/p>\n    \n<\/article>\n   \n\t\t\n          <article id=\"post-98050\" class=\"et_pb_post post-98050 wtwfb_entry type-wtwfb_entry status-publish has-post-thumbnail hentry wtwfb_category-bestehende-naturgaerten wtwfb_region-niedersachsen\">\n    <h2 class=\"entry-title\"><a href=\"https:\/\/wettbewerb-archiv.wir-tun-was-fuer-bienen.de\/archiv-2023\/eintrag\/2023-grundschule-dorfmark-bluehbeet-erweitert\/\">Grundschule Dorfmark 4a Bl\u00fchbeet erweitert<\/a>\n    <\/h2>\n    <a href=\"https:\/\/wettbewerb-archiv.wir-tun-was-fuer-bienen.de\/archiv-2023\/eintrag\/2023-grundschule-dorfmark-bluehbeet-erweitert\/\">\n        <div class=\"bienen-entry-image\">\n            <img decoding=\"async\" width=\"400\" height=\"300\" src=\"https:\/\/wettbewerb-archiv.wir-tun-was-fuer-bienen.de\/archiv-2023\/wp-content\/uploads\/sites\/8\/2023\/07\/foto-1-400x300.jpg\" class=\"attachment-bienen-grid-thumb size-bienen-grid-thumb wp-post-image\" alt=\"\" loading=\"lazy\" srcset=\"https:\/\/wettbewerb-archiv.wir-tun-was-fuer-bienen.de\/archiv-2023\/wp-content\/uploads\/sites\/8\/2023\/07\/foto-1-400x300.jpg 400w, https:\/\/wettbewerb-archiv.wir-tun-was-fuer-bienen.de\/archiv-2023\/wp-content\/uploads\/sites\/8\/2023\/07\/foto-1-768x576.jpg 768w, https:\/\/wettbewerb-archiv.wir-tun-was-fuer-bienen.de\/archiv-2023\/wp-content\/uploads\/sites\/8\/2023\/07\/foto-1-1024x768.jpg 1024w, https:\/\/wettbewerb-archiv.wir-tun-was-fuer-bienen.de\/archiv-2023\/wp-content\/uploads\/sites\/8\/2023\/07\/foto-1.jpg 1920w\" sizes=\"(max-width: 400px) 100vw, 400px\" \/>                    <\/div>\n    <\/a>\n\n    \n\n    <div class=\"user flex\">\n        \n                    <img decoding=\"async\" src=\"https:\/\/wettbewerb-archiv.wir-tun-was-fuer-bienen.de\/archiv-2023\/wp-content\/themes\/bienen\/assets\/images\/avatar-placeholder.png\" style=\"border-radius: 30px;\" height=\"30\" width=\"30\">\n            Grundschule Dorfmark Bl\u00fchbeet erweitert            <\/div>\n    \n    \n            <p class=\"categories meta\" style=\"width: 100%\"><span class=\"fa fa-tag\"\n                                                             aria-hidden=\"true\"><\/span> Bestehende Naturg\u00e4rten (Pflege und Infoarbeit)        <\/p>\n    \n            <p class=\"categories meta\" style=\"width: 100%\"><span class=\"fa fa-map-marker\"\n                                                             aria-hidden=\"true\"><\/span> Niedersachsen        <\/p>\n    \n<\/article>\n   \n\t\t\n          <article id=\"post-98004\" class=\"et_pb_post post-98004 wtwfb_entry type-wtwfb_entry status-publish has-post-thumbnail hentry wtwfb_category-privatgaerten-klein-500-m2 wtwfb_region-nordrhein-westfalen\">\n    <h2 class=\"entry-title\"><a href=\"https:\/\/wettbewerb-archiv.wir-tun-was-fuer-bienen.de\/archiv-2023\/eintrag\/2023-mein-gartenparadies\/\">Mein Gartenparadies<\/a>\n    <\/h2>\n    <a href=\"https:\/\/wettbewerb-archiv.wir-tun-was-fuer-bienen.de\/archiv-2023\/eintrag\/2023-mein-gartenparadies\/\">\n        <div class=\"bienen-entry-image\">\n            <img decoding=\"async\" width=\"400\" height=\"300\" src=\"https:\/\/wettbewerb-archiv.wir-tun-was-fuer-bienen.de\/archiv-2023\/wp-content\/uploads\/sites\/8\/2023\/07\/Frosh_Love-1-400x300.jpg\" class=\"attachment-bienen-grid-thumb size-bienen-grid-thumb wp-post-image\" alt=\"\" loading=\"lazy\" \/>                    <\/div>\n    <\/a>\n\n    \n\n    <div class=\"user flex\">\n        \n                    <img decoding=\"async\" src=\"https:\/\/wettbewerb-archiv.wir-tun-was-fuer-bienen.de\/archiv-2023\/wp-content\/themes\/bienen\/assets\/images\/avatar-placeholder.png\" style=\"border-radius: 30px;\" height=\"30\" width=\"30\">\n            Andrea Heine            <\/div>\n            <p class=\"categories meta\" style=\"color: #c32731; font-weight: bold; width: 100%\"><span class=\"fa fa-music\"\n                                                                                                aria-hidden=\"true\"><\/span> Extrapreis Musik\n            f\u00fcr Bienenschutz\n        <\/p>\n    \n    \n            <p class=\"categories meta\" style=\"width: 100%\"><span class=\"fa fa-tag\"\n                                                             aria-hidden=\"true\"><\/span> Privatg\u00e4rten klein (bis 500 m2)        <\/p>\n    \n            <p class=\"categories meta\" style=\"width: 100%\"><span class=\"fa fa-map-marker\"\n                                                             aria-hidden=\"true\"><\/span> Nordrhein-Westfalen        <\/p>\n    \n<\/article>\n   \n\t\t\n          <article id=\"post-97976\" class=\"et_pb_post post-97976 wtwfb_entry type-wtwfb_entry status-publish has-post-thumbnail hentry wtwfb_category-vereinsgaerten-liegenschaften-von-verwaltung-kirche-etc-sonstige wtwfb_region-nordrhein-westfalen\">\n    <h2 class=\"entry-title\"><a href=\"https:\/\/wettbewerb-archiv.wir-tun-was-fuer-bienen.de\/archiv-2023\/eintrag\/2023-bluehendes-odenthal\/\">Bl\u00fchendes Odenthal<\/a>\n    <\/h2>\n    <a href=\"https:\/\/wettbewerb-archiv.wir-tun-was-fuer-bienen.de\/archiv-2023\/eintrag\/2023-bluehendes-odenthal\/\">\n        <div class=\"bienen-entry-image\">\n            <img decoding=\"async\" width=\"400\" height=\"300\" src=\"https:\/\/wettbewerb-archiv.wir-tun-was-fuer-bienen.de\/archiv-2023\/wp-content\/uploads\/sites\/8\/2023\/07\/IMG-20230626-WA0001-400x300.jpg\" class=\"attachment-bienen-grid-thumb size-bienen-grid-thumb wp-post-image\" alt=\"\" loading=\"lazy\" \/>                    <\/div>\n    <\/a>\n\n    \n\n    <div class=\"user flex\">\n        \n                    <img decoding=\"async\" src=\"https:\/\/wettbewerb-archiv.wir-tun-was-fuer-bienen.de\/archiv-2023\/wp-content\/themes\/bienen\/assets\/images\/avatar-placeholder.png\" style=\"border-radius: 30px;\" height=\"30\" width=\"30\">\n            Bl\u00fchendes Odenthal            <\/div>\n    \n    \n            <p class=\"categories meta\" style=\"width: 100%\"><span class=\"fa fa-tag\"\n                                                             aria-hidden=\"true\"><\/span> Vereinsg\u00e4rten, Unis, Liegenschaften von Verwaltung, Kirche etc, Sonstige        <\/p>\n    \n            <p class=\"categories meta\" style=\"width: 100%\"><span class=\"fa fa-map-marker\"\n                                                             aria-hidden=\"true\"><\/span> Nordrhein-Westfalen        <\/p>\n    \n<\/article>\n   \n\t\t\n          <article id=\"post-97880\" class=\"et_pb_post post-97880 wtwfb_entry type-wtwfb_entry status-publish has-post-thumbnail hentry wtwfb_category-schul-und-jugendclubgaerten wtwfb_region-niedersachsen\">\n    <h2 class=\"entry-title\"><a href=\"https:\/\/wettbewerb-archiv.wir-tun-was-fuer-bienen.de\/archiv-2023\/eintrag\/2023-schulgarten-der-joseph-tiesmeyer-schule-emsbueren\/\">Schulgarten der  Joseph-Tiesmeyer-Schule Emsb\u00fcren<\/a>\n    <\/h2>\n    <a href=\"https:\/\/wettbewerb-archiv.wir-tun-was-fuer-bienen.de\/archiv-2023\/eintrag\/2023-schulgarten-der-joseph-tiesmeyer-schule-emsbueren\/\">\n        <div class=\"bienen-entry-image\">\n            <img decoding=\"async\" width=\"400\" height=\"300\" src=\"https:\/\/wettbewerb-archiv.wir-tun-was-fuer-bienen.de\/archiv-2023\/wp-content\/uploads\/sites\/8\/2023\/06\/IMG-20230629-WA0005-400x300.jpg\" class=\"attachment-bienen-grid-thumb size-bienen-grid-thumb wp-post-image\" alt=\"\" loading=\"lazy\" srcset=\"https:\/\/wettbewerb-archiv.wir-tun-was-fuer-bienen.de\/archiv-2023\/wp-content\/uploads\/sites\/8\/2023\/06\/IMG-20230629-WA0005-400x300.jpg 400w, https:\/\/wettbewerb-archiv.wir-tun-was-fuer-bienen.de\/archiv-2023\/wp-content\/uploads\/sites\/8\/2023\/06\/IMG-20230629-WA0005-768x576.jpg 768w, https:\/\/wettbewerb-archiv.wir-tun-was-fuer-bienen.de\/archiv-2023\/wp-content\/uploads\/sites\/8\/2023\/06\/IMG-20230629-WA0005-1024x768.jpg 1024w, https:\/\/wettbewerb-archiv.wir-tun-was-fuer-bienen.de\/archiv-2023\/wp-content\/uploads\/sites\/8\/2023\/06\/IMG-20230629-WA0005.jpg 1599w\" sizes=\"(max-width: 400px) 100vw, 400px\" \/>                    <\/div>\n    <\/a>\n\n    \n\n    <div class=\"user flex\">\n        \n                    <img decoding=\"async\" src=\"https:\/\/wettbewerb-archiv.wir-tun-was-fuer-bienen.de\/archiv-2023\/wp-content\/themes\/bienen\/assets\/images\/avatar-placeholder.png\" style=\"border-radius: 30px;\" height=\"30\" width=\"30\">\n            Joseph-Tiesmeyer-Schule Emsb\u00fcren            <\/div>\n    \n    \n            <p class=\"categories meta\" style=\"width: 100%\"><span class=\"fa fa-tag\"\n                                                             aria-hidden=\"true\"><\/span> Schulg\u00e4rten        <\/p>\n    \n            <p class=\"categories meta\" style=\"width: 100%\"><span class=\"fa fa-map-marker\"\n                                                             aria-hidden=\"true\"><\/span> Niedersachsen        <\/p>\n    \n<\/article>\n   \n\t\t\n          <article id=\"post-97712\" class=\"et_pb_post post-97712 wtwfb_entry type-wtwfb_entry status-publish has-post-thumbnail hentry wtwfb_category-vereinsgaerten-liegenschaften-von-verwaltung-kirche-etc-sonstige wtwfb_region-nordrhein-westfalen\">\n    <h2 class=\"entry-title\"><a href=\"https:\/\/wettbewerb-archiv.wir-tun-was-fuer-bienen.de\/archiv-2023\/eintrag\/2023-kraeuterbeet-2023\/\">Drau\u00dfenklassenzimmer mit Kr\u00e4uterbeet, Wildblumenwiese...<\/a>\n    <\/h2>\n    <a href=\"https:\/\/wettbewerb-archiv.wir-tun-was-fuer-bienen.de\/archiv-2023\/eintrag\/2023-kraeuterbeet-2023\/\">\n        <div class=\"bienen-entry-image\">\n            <img decoding=\"async\" width=\"400\" height=\"300\" src=\"https:\/\/wettbewerb-archiv.wir-tun-was-fuer-bienen.de\/archiv-2023\/wp-content\/uploads\/sites\/8\/2023\/06\/6H8A2307-400x300.jpg\" class=\"attachment-bienen-grid-thumb size-bienen-grid-thumb wp-post-image\" alt=\"\" loading=\"lazy\" \/>                    <\/div>\n    <\/a>\n\n    \n\n    <div class=\"user flex\">\n        \n                    <img decoding=\"async\" src=\"https:\/\/wettbewerb-archiv.wir-tun-was-fuer-bienen.de\/archiv-2023\/wp-content\/themes\/bienen\/assets\/images\/avatar-placeholder.png\" style=\"border-radius: 30px;\" height=\"30\" width=\"30\">\n            Heimatverein \/ Grundschule Elsoff            <\/div>\n    \n    \n            <p class=\"categories meta\" style=\"width: 100%\"><span class=\"fa fa-tag\"\n                                                             aria-hidden=\"true\"><\/span> Vereinsg\u00e4rten, Unis, Liegenschaften von Verwaltung, Kirche etc, Sonstige        <\/p>\n    \n            <p class=\"categories meta\" style=\"width: 100%\"><span class=\"fa fa-map-marker\"\n                                                             aria-hidden=\"true\"><\/span> Nordrhein-Westfalen        <\/p>\n    \n<\/article>\n   \n\t\t\n          <article id=\"post-97550\" class=\"et_pb_post post-97550 wtwfb_entry type-wtwfb_entry status-publish has-post-thumbnail hentry wtwfb_category-balkone-terrassen-dachbegruenung-vertikale-gaerten wtwfb_region-nordrhein-westfalen\">\n    <h2 class=\"entry-title\"><a href=\"https:\/\/wettbewerb-archiv.wir-tun-was-fuer-bienen.de\/archiv-2023\/eintrag\/2023-garagendachbegruenung\/\">Garagendachbegr\u00fcnung<\/a>\n    <\/h2>\n    <a href=\"https:\/\/wettbewerb-archiv.wir-tun-was-fuer-bienen.de\/archiv-2023\/eintrag\/2023-garagendachbegruenung\/\">\n        <div class=\"bienen-entry-image\">\n            <img decoding=\"async\" width=\"400\" height=\"300\" src=\"https:\/\/wettbewerb-archiv.wir-tun-was-fuer-bienen.de\/archiv-2023\/wp-content\/uploads\/sites\/8\/2023\/07\/20230703_Titelbild-400x300.jpg\" class=\"attachment-bienen-grid-thumb size-bienen-grid-thumb wp-post-image\" alt=\"\" loading=\"lazy\" \/>                    <\/div>\n    <\/a>\n\n    \n\n    <div class=\"user flex\">\n        \n                    <img decoding=\"async\" src=\"https:\/\/wettbewerb-archiv.wir-tun-was-fuer-bienen.de\/archiv-2023\/wp-content\/themes\/bienen\/assets\/images\/avatar-placeholder.png\" style=\"border-radius: 30px;\" height=\"30\" width=\"30\">\n            Hortus Multiplex            <\/div>\n    \n    <p class=\"categories meta bienen-gewinner\"><span class=\"fa fa-trophy\"                                                              aria-hidden=\"true\"><\/span> Gewinner<\/p>\n            <p class=\"categories meta\" style=\"width: 100%\"><span class=\"fa fa-tag\"\n                                                             aria-hidden=\"true\"><\/span> Balkone, Terrassen, Dachg\u00e4rten, vertikale G\u00e4rten        <\/p>\n    \n            <p class=\"categories meta\" style=\"width: 100%\"><span class=\"fa fa-map-marker\"\n                                                             aria-hidden=\"true\"><\/span> Nordrhein-Westfalen        <\/p>\n    \n<\/article>\n   \n\t\t\n          <article id=\"post-97367\" class=\"et_pb_post post-97367 wtwfb_entry type-wtwfb_entry status-publish has-post-thumbnail hentry wtwfb_category-kleingartenparzellen wtwfb_region-schleswig-holstein\">\n    <h2 class=\"entry-title\"><a href=\"https:\/\/wettbewerb-archiv.wir-tun-was-fuer-bienen.de\/archiv-2023\/eintrag\/2023-gartenglueck-insektenreich\/\">Gartengl\u00fcck: Insektenreich<\/a>\n    <\/h2>\n    <a href=\"https:\/\/wettbewerb-archiv.wir-tun-was-fuer-bienen.de\/archiv-2023\/eintrag\/2023-gartenglueck-insektenreich\/\">\n        <div class=\"bienen-entry-image\">\n            <img decoding=\"async\" width=\"400\" height=\"300\" src=\"https:\/\/wettbewerb-archiv.wir-tun-was-fuer-bienen.de\/archiv-2023\/wp-content\/uploads\/sites\/8\/2023\/06\/1683303861119-400x300.jpg\" class=\"attachment-bienen-grid-thumb size-bienen-grid-thumb wp-post-image\" alt=\"\" loading=\"lazy\" \/>                    <\/div>\n    <\/a>\n\n    \n\n    <div class=\"user flex\">\n        \n                    <img decoding=\"async\" src=\"https:\/\/wettbewerb-archiv.wir-tun-was-fuer-bienen.de\/archiv-2023\/wp-content\/themes\/bienen\/assets\/images\/avatar-placeholder.png\" style=\"border-radius: 30px;\" height=\"30\" width=\"30\">\n            Kleingartengemeinschaft e.V. Schwarzenbek            <\/div>\n    \n    <p class=\"categories meta bienen-gewinner\"><span class=\"fa fa-trophy\"                                                              aria-hidden=\"true\"><\/span> Gewinner<\/p>\n            <p class=\"categories meta\" style=\"width: 100%\"><span class=\"fa fa-tag\"\n                                                             aria-hidden=\"true\"><\/span> Kleingartenparzellen        <\/p>\n    \n            <p class=\"categories meta\" style=\"width: 100%\"><span class=\"fa fa-map-marker\"\n                                                             aria-hidden=\"true\"><\/span> Schleswig-Holstein        <\/p>\n    \n<\/article>\n   \n\t\t\n          <article id=\"post-97319\" class=\"et_pb_post post-97319 wtwfb_entry type-wtwfb_entry status-publish has-post-thumbnail hentry wtwfb_category-schul-und-jugendclubgaerten wtwfb_region-niedersachsen\">\n    <h2 class=\"entry-title\"><a href=\"https:\/\/wettbewerb-archiv.wir-tun-was-fuer-bienen.de\/archiv-2023\/eintrag\/2023-wir-tun-was-fuer-die-bienen-deutschland-summt-und-unser-schulgarten-auch\/\">Wir tun was f\u00fcr die Bienen\u00a0 &#8211; Deutschland summt...<\/a>\n    <\/h2>\n    <a href=\"https:\/\/wettbewerb-archiv.wir-tun-was-fuer-bienen.de\/archiv-2023\/eintrag\/2023-wir-tun-was-fuer-die-bienen-deutschland-summt-und-unser-schulgarten-auch\/\">\n        <div class=\"bienen-entry-image\">\n            <img decoding=\"async\" width=\"400\" height=\"300\" src=\"https:\/\/wettbewerb-archiv.wir-tun-was-fuer-bienen.de\/archiv-2023\/wp-content\/uploads\/sites\/8\/2023\/06\/20220629_105819-400x300.jpg\" class=\"attachment-bienen-grid-thumb size-bienen-grid-thumb wp-post-image\" alt=\"\" loading=\"lazy\" \/>                    <\/div>\n    <\/a>\n\n    \n\n    <div class=\"user flex\">\n        \n                    <img decoding=\"async\" src=\"https:\/\/wettbewerb-archiv.wir-tun-was-fuer-bienen.de\/archiv-2023\/wp-content\/themes\/bienen\/assets\/images\/avatar-placeholder.png\" style=\"border-radius: 30px;\" height=\"30\" width=\"30\">\n            Grundschule Hehlentor            <\/div>\n            <p class=\"categories meta\" style=\"color: #c32731; font-weight: bold; width: 100%\"><span class=\"fa fa-music\"\n                                                                                                aria-hidden=\"true\"><\/span> Extrapreis Musik\n            f\u00fcr Bienenschutz\n        <\/p>\n    \n    <p class=\"categories meta bienen-gewinner\"><span class=\"fa fa-trophy\"                                                              aria-hidden=\"true\"><\/span> Gewinner<\/p>\n            <p class=\"categories meta\" style=\"width: 100%\"><span class=\"fa fa-tag\"\n                                                             aria-hidden=\"true\"><\/span> Schulg\u00e4rten        <\/p>\n    \n            <p class=\"categories meta\" style=\"width: 100%\"><span class=\"fa fa-map-marker\"\n                                                             aria-hidden=\"true\"><\/span> Niedersachsen        <\/p>\n    \n<\/article>\n   \n\t\t\n          <article id=\"post-97236\" class=\"et_pb_post post-97236 wtwfb_entry type-wtwfb_entry status-publish has-post-thumbnail hentry wtwfb_category-schul-und-jugendclubgaerten wtwfb_region-bayern\">\n    <h2 class=\"entry-title\"><a href=\"https:\/\/wettbewerb-archiv.wir-tun-was-fuer-bienen.de\/archiv-2023\/eintrag\/2023-unsere-schule-blueht-auf\/\">Unsere Schule bl\u00fcht auf!<\/a>\n    <\/h2>\n    <a href=\"https:\/\/wettbewerb-archiv.wir-tun-was-fuer-bienen.de\/archiv-2023\/eintrag\/2023-unsere-schule-blueht-auf\/\">\n        <div class=\"bienen-entry-image\">\n            <img decoding=\"async\" width=\"400\" height=\"300\" src=\"https:\/\/wettbewerb-archiv.wir-tun-was-fuer-bienen.de\/archiv-2023\/wp-content\/uploads\/sites\/8\/2023\/06\/20230626_110852-400x300.jpg\" class=\"attachment-bienen-grid-thumb size-bienen-grid-thumb wp-post-image\" alt=\"\" loading=\"lazy\" \/>                    <\/div>\n    <\/a>\n\n    \n\n    <div class=\"user flex\">\n        \n                    <img decoding=\"async\" src=\"https:\/\/wettbewerb-archiv.wir-tun-was-fuer-bienen.de\/archiv-2023\/wp-content\/themes\/bienen\/assets\/images\/avatar-placeholder.png\" style=\"border-radius: 30px;\" height=\"30\" width=\"30\">\n            Grund- und Mittelschule Manching Im Lindenkreuz            <\/div>\n    \n    \n            <p class=\"categories meta\" style=\"width: 100%\"><span class=\"fa fa-tag\"\n                                                             aria-hidden=\"true\"><\/span> Schulg\u00e4rten        <\/p>\n    \n            <p class=\"categories meta\" style=\"width: 100%\"><span class=\"fa fa-map-marker\"\n                                                             aria-hidden=\"true\"><\/span> Bayern        <\/p>\n    \n<\/article>\n   \n\t\t\n          <article id=\"post-97058\" class=\"et_pb_post post-97058 wtwfb_entry type-wtwfb_entry status-publish has-post-thumbnail hentry wtwfb_category-schul-und-jugendclubgaerten wtwfb_region-schleswig-holstein\">\n    <h2 class=\"entry-title\"><a href=\"https:\/\/wettbewerb-archiv.wir-tun-was-fuer-bienen.de\/archiv-2023\/eintrag\/2023-von-der-theorie-zur-umsetzung-biodiversitaet-auf-kleinstem-raum\/\">Von der Theorie zur Umsetzung: Biodiversit\u00e4t auf klein...<\/a>\n    <\/h2>\n    <a href=\"https:\/\/wettbewerb-archiv.wir-tun-was-fuer-bienen.de\/archiv-2023\/eintrag\/2023-von-der-theorie-zur-umsetzung-biodiversitaet-auf-kleinstem-raum\/\">\n        <div class=\"bienen-entry-image\">\n            <img decoding=\"async\" width=\"400\" height=\"300\" src=\"https:\/\/wettbewerb-archiv.wir-tun-was-fuer-bienen.de\/archiv-2023\/wp-content\/uploads\/sites\/8\/2023\/06\/DSS-Wettbewerb_Dt-summt_Titelbild-400x300.jpg\" class=\"attachment-bienen-grid-thumb size-bienen-grid-thumb wp-post-image\" alt=\"\" loading=\"lazy\" srcset=\"https:\/\/wettbewerb-archiv.wir-tun-was-fuer-bienen.de\/archiv-2023\/wp-content\/uploads\/sites\/8\/2023\/06\/DSS-Wettbewerb_Dt-summt_Titelbild-400x300.jpg 400w, https:\/\/wettbewerb-archiv.wir-tun-was-fuer-bienen.de\/archiv-2023\/wp-content\/uploads\/sites\/8\/2023\/06\/DSS-Wettbewerb_Dt-summt_Titelbild.jpg 665w\" sizes=\"(max-width: 400px) 100vw, 400px\" \/>                    <\/div>\n    <\/a>\n\n    \n\n    <div class=\"user flex\">\n        \n                    <img decoding=\"async\" src=\"https:\/\/wettbewerb-archiv.wir-tun-was-fuer-bienen.de\/archiv-2023\/wp-content\/themes\/bienen\/assets\/images\/avatar-placeholder.png\" style=\"border-radius: 30px;\" height=\"30\" width=\"30\">\n            Die Flei\u00dfigen Bienchen            <\/div>\n    \n    \n            <p class=\"categories meta\" style=\"width: 100%\"><span class=\"fa fa-tag\"\n                                                             aria-hidden=\"true\"><\/span> Schulg\u00e4rten        <\/p>\n    \n            <p class=\"categories meta\" style=\"width: 100%\"><span class=\"fa fa-map-marker\"\n                                                             aria-hidden=\"true\"><\/span> Schleswig-Holstein        <\/p>\n    \n<\/article>\n   \n\t\t\n          <article id=\"post-97046\" class=\"et_pb_post post-97046 wtwfb_entry type-wtwfb_entry status-publish has-post-thumbnail hentry wtwfb_category-kommunale-flaechen wtwfb_region-baden-wuerttemberg\">\n    <h2 class=\"entry-title\"><a href=\"https:\/\/wettbewerb-archiv.wir-tun-was-fuer-bienen.de\/archiv-2023\/eintrag\/2023-insekten-auf-beton\/\">Insekten auf Beton<\/a>\n    <\/h2>\n    <a href=\"https:\/\/wettbewerb-archiv.wir-tun-was-fuer-bienen.de\/archiv-2023\/eintrag\/2023-insekten-auf-beton\/\">\n        <div class=\"bienen-entry-image\">\n            <img decoding=\"async\" width=\"400\" height=\"300\" src=\"https:\/\/wettbewerb-archiv.wir-tun-was-fuer-bienen.de\/archiv-2023\/wp-content\/uploads\/sites\/8\/2023\/06\/2019-Partners_in_paint-Milo-Graffit-Ulm-Insekten_s-1-400x300.jpg\" class=\"attachment-bienen-grid-thumb size-bienen-grid-thumb wp-post-image\" alt=\"\" loading=\"lazy\" \/>                    <\/div>\n    <\/a>\n\n    \n\n    <div class=\"user flex\">\n        \n                    <img decoding=\"async\" src=\"https:\/\/wettbewerb-archiv.wir-tun-was-fuer-bienen.de\/archiv-2023\/wp-content\/themes\/bienen\/assets\/images\/avatar-placeholder.png\" style=\"border-radius: 30px;\" height=\"30\" width=\"30\">\n            Milo (Partners in Paint)            <\/div>\n    \n    \n            <p class=\"categories meta\" style=\"width: 100%\"><span class=\"fa fa-tag\"\n                                                             aria-hidden=\"true\"><\/span> Kommunale Fl\u00e4chen        <\/p>\n    \n            <p class=\"categories meta\" style=\"width: 100%\"><span class=\"fa fa-map-marker\"\n                                                             aria-hidden=\"true\"><\/span> Baden-W\u00fcrttemberg        <\/p>\n    \n<\/article>\n   \n\t\t\n          <article id=\"post-96911\" class=\"et_pb_post post-96911 wtwfb_entry type-wtwfb_entry status-publish has-post-thumbnail hentry wtwfb_category-privatgaerten-klein-500-m2 wtwfb_region-sachsen\">\n    <h2 class=\"entry-title\"><a href=\"https:\/\/wettbewerb-archiv.wir-tun-was-fuer-bienen.de\/archiv-2023\/eintrag\/2023-neu-gestaltung-von-einer-hecke-und-den-garten\/\">Neu Gestaltung von einer Hecke und den Garten<\/a>\n    <\/h2>\n    <a href=\"https:\/\/wettbewerb-archiv.wir-tun-was-fuer-bienen.de\/archiv-2023\/eintrag\/2023-neu-gestaltung-von-einer-hecke-und-den-garten\/\">\n        <div class=\"bienen-entry-image\">\n            <img decoding=\"async\" width=\"400\" height=\"300\" src=\"https:\/\/wettbewerb-archiv.wir-tun-was-fuer-bienen.de\/archiv-2023\/wp-content\/uploads\/sites\/8\/2023\/06\/IMG_20230609_090914-1-400x300.jpg\" class=\"attachment-bienen-grid-thumb size-bienen-grid-thumb wp-post-image\" alt=\"\" loading=\"lazy\" \/>                    <\/div>\n    <\/a>\n\n    \n\n    <div class=\"user flex\">\n        \n                    <img decoding=\"async\" src=\"https:\/\/wettbewerb-archiv.wir-tun-was-fuer-bienen.de\/archiv-2023\/wp-content\/themes\/bienen\/assets\/images\/avatar-placeholder.png\" style=\"border-radius: 30px;\" height=\"30\" width=\"30\">\n            Andreas Schulze            <\/div>\n    \n    \n            <p class=\"categories meta\" style=\"width: 100%\"><span class=\"fa fa-tag\"\n                                                             aria-hidden=\"true\"><\/span> Privatg\u00e4rten klein (bis 500 m2)        <\/p>\n    \n            <p class=\"categories meta\" style=\"width: 100%\"><span class=\"fa fa-map-marker\"\n                                                             aria-hidden=\"true\"><\/span> Sachsen        <\/p>\n    \n<\/article>\n   \n\t\t\n          <article id=\"post-96881\" class=\"et_pb_post post-96881 wtwfb_entry type-wtwfb_entry status-publish has-post-thumbnail hentry wtwfb_category-vereinsgaerten-liegenschaften-von-verwaltung-kirche-etc-sonstige wtwfb_region-bayern\">\n    <h2 class=\"entry-title\"><a href=\"https:\/\/wettbewerb-archiv.wir-tun-was-fuer-bienen.de\/archiv-2023\/eintrag\/2023-bau-eines-palettenhochbeetes-einpflanzen-der-kraeuter-kraeuterquark-auf-spurensuche-der-insekten\/\">Bau eines Palettenhochbeetes &amp; Einpflanzen der Kr\u00e4...<\/a>\n    <\/h2>\n    <a href=\"https:\/\/wettbewerb-archiv.wir-tun-was-fuer-bienen.de\/archiv-2023\/eintrag\/2023-bau-eines-palettenhochbeetes-einpflanzen-der-kraeuter-kraeuterquark-auf-spurensuche-der-insekten\/\">\n        <div class=\"bienen-entry-image\">\n            <img decoding=\"async\" width=\"400\" height=\"300\" src=\"https:\/\/wettbewerb-archiv.wir-tun-was-fuer-bienen.de\/archiv-2023\/wp-content\/uploads\/sites\/8\/2023\/06\/20230615_164253-400x300.jpg\" class=\"attachment-bienen-grid-thumb size-bienen-grid-thumb wp-post-image\" alt=\"\" loading=\"lazy\" \/>                    <\/div>\n    <\/a>\n\n    \n\n    <div class=\"user flex\">\n        \n                    <img decoding=\"async\" src=\"https:\/\/wettbewerb-archiv.wir-tun-was-fuer-bienen.de\/archiv-2023\/wp-content\/themes\/bienen\/assets\/images\/avatar-placeholder.png\" style=\"border-radius: 30px;\" height=\"30\" width=\"30\">\n            Die Gr\u00fcnen Helden            <\/div>\n    \n    \n            <p class=\"categories meta\" style=\"width: 100%\"><span class=\"fa fa-tag\"\n                                                             aria-hidden=\"true\"><\/span> Vereinsg\u00e4rten, Unis, Liegenschaften von Verwaltung, Kirche etc, Sonstige        <\/p>\n    \n            <p class=\"categories meta\" style=\"width: 100%\"><span class=\"fa fa-map-marker\"\n                                                             aria-hidden=\"true\"><\/span> Bayern        <\/p>\n    \n<\/article>\n   \n\t\t\n          <article id=\"post-96838\" class=\"et_pb_post post-96838 wtwfb_entry type-wtwfb_entry status-publish has-post-thumbnail hentry wtwfb_category-privatgaerten-klein-500-m2 wtwfb_region-nordrhein-westfalen\">\n    <h2 class=\"entry-title\"><a href=\"https:\/\/wettbewerb-archiv.wir-tun-was-fuer-bienen.de\/archiv-2023\/eintrag\/2023-der-garten\/\">Natur- und Wildgarten &#8222;Zur Friedenseiche&#8220;<\/a>\n    <\/h2>\n    <a href=\"https:\/\/wettbewerb-archiv.wir-tun-was-fuer-bienen.de\/archiv-2023\/eintrag\/2023-der-garten\/\">\n        <div class=\"bienen-entry-image\">\n            <img decoding=\"async\" width=\"400\" height=\"300\" src=\"https:\/\/wettbewerb-archiv.wir-tun-was-fuer-bienen.de\/archiv-2023\/wp-content\/uploads\/sites\/8\/2023\/06\/Polish_20230613_203721426-400x300.jpg\" class=\"attachment-bienen-grid-thumb size-bienen-grid-thumb wp-post-image\" alt=\"\" loading=\"lazy\" srcset=\"https:\/\/wettbewerb-archiv.wir-tun-was-fuer-bienen.de\/archiv-2023\/wp-content\/uploads\/sites\/8\/2023\/06\/Polish_20230613_203721426-400x300.jpg 400w, https:\/\/wettbewerb-archiv.wir-tun-was-fuer-bienen.de\/archiv-2023\/wp-content\/uploads\/sites\/8\/2023\/06\/Polish_20230613_203721426.jpg 567w\" sizes=\"(max-width: 400px) 100vw, 400px\" \/>                    <\/div>\n    <\/a>\n\n    \n\n    <div class=\"user flex\">\n        \n                    <img decoding=\"async\" src=\"https:\/\/wettbewerb-archiv.wir-tun-was-fuer-bienen.de\/archiv-2023\/wp-content\/themes\/bienen\/assets\/images\/avatar-placeholder.png\" style=\"border-radius: 30px;\" height=\"30\" width=\"30\">\n            Andre & Katja Lemke            <\/div>\n    \n    \n            <p class=\"categories meta\" style=\"width: 100%\"><span class=\"fa fa-tag\"\n                                                             aria-hidden=\"true\"><\/span> Privatg\u00e4rten klein (bis 500 m2)        <\/p>\n    \n            <p class=\"categories meta\" style=\"width: 100%\"><span class=\"fa fa-map-marker\"\n                                                             aria-hidden=\"true\"><\/span> Nordrhein-Westfalen        <\/p>\n    \n<\/article>\n   \n\t\t\n          <article id=\"post-96813\" class=\"et_pb_post post-96813 wtwfb_entry type-wtwfb_entry status-publish has-post-thumbnail hentry wtwfb_category-privatgaerten-klein-500-m2 wtwfb_region-saarland\">\n    <h2 class=\"entry-title\"><a href=\"https:\/\/wettbewerb-archiv.wir-tun-was-fuer-bienen.de\/archiv-2023\/eintrag\/2023-von-wiese-mit-drei-obstbaeumen-zu-einem-abwechslungsreichen-naturgarten\/\">Von einer Wiese mit drei Obstb\u00e4umen zu einem Naturgart...<\/a>\n    <\/h2>\n    <a href=\"https:\/\/wettbewerb-archiv.wir-tun-was-fuer-bienen.de\/archiv-2023\/eintrag\/2023-von-wiese-mit-drei-obstbaeumen-zu-einem-abwechslungsreichen-naturgarten\/\">\n        <div class=\"bienen-entry-image\">\n            <img decoding=\"async\" width=\"400\" height=\"300\" src=\"https:\/\/wettbewerb-archiv.wir-tun-was-fuer-bienen.de\/archiv-2023\/wp-content\/uploads\/sites\/8\/2023\/07\/IMG_1311-1-400x300.jpeg\" class=\"attachment-bienen-grid-thumb size-bienen-grid-thumb wp-post-image\" alt=\"\" loading=\"lazy\" srcset=\"https:\/\/wettbewerb-archiv.wir-tun-was-fuer-bienen.de\/archiv-2023\/wp-content\/uploads\/sites\/8\/2023\/07\/IMG_1311-1-400x300.jpeg 400w, https:\/\/wettbewerb-archiv.wir-tun-was-fuer-bienen.de\/archiv-2023\/wp-content\/uploads\/sites\/8\/2023\/07\/IMG_1311-1-768x576.jpeg 768w, https:\/\/wettbewerb-archiv.wir-tun-was-fuer-bienen.de\/archiv-2023\/wp-content\/uploads\/sites\/8\/2023\/07\/IMG_1311-1-1024x768.jpeg 1024w, https:\/\/wettbewerb-archiv.wir-tun-was-fuer-bienen.de\/archiv-2023\/wp-content\/uploads\/sites\/8\/2023\/07\/IMG_1311-1.jpeg 1920w\" sizes=\"(max-width: 400px) 100vw, 400px\" \/>                    <\/div>\n    <\/a>\n\n    \n\n    <div class=\"user flex\">\n        \n                    <img decoding=\"async\" src=\"https:\/\/wettbewerb-archiv.wir-tun-was-fuer-bienen.de\/archiv-2023\/wp-content\/themes\/bienen\/assets\/images\/avatar-placeholder.png\" style=\"border-radius: 30px;\" height=\"30\" width=\"30\">\n            Verena            <\/div>\n    \n    <p class=\"categories meta bienen-gewinner\"><span class=\"fa fa-trophy\"                                                              aria-hidden=\"true\"><\/span> Gewinner<\/p>\n            <p class=\"categories meta\" style=\"width: 100%\"><span class=\"fa fa-tag\"\n                                                             aria-hidden=\"true\"><\/span> Privatg\u00e4rten klein (bis 500 m2)        <\/p>\n    \n            <p class=\"categories meta\" style=\"width: 100%\"><span class=\"fa fa-map-marker\"\n                                                             aria-hidden=\"true\"><\/span> Saarland        <\/p>\n    \n<\/article>\n   \n\t\t\n          <article id=\"post-96762\" class=\"et_pb_post post-96762 wtwfb_entry type-wtwfb_entry status-publish has-post-thumbnail hentry wtwfb_category-vereinsgaerten-liegenschaften-von-verwaltung-kirche-etc-sonstige wtwfb_region-nordrhein-westfalen\">\n    <h2 class=\"entry-title\"><a href=\"https:\/\/wettbewerb-archiv.wir-tun-was-fuer-bienen.de\/archiv-2023\/eintrag\/2023-rommersdorfer-blumenpfleger-%f0%9f%8c%bb%f0%9f%90%9d\/\">Rommersdorfer Blumenpfleger \ud83c\udf3b\ud83d\udc1d<\/a>\n    <\/h2>\n    <a href=\"https:\/\/wettbewerb-archiv.wir-tun-was-fuer-bienen.de\/archiv-2023\/eintrag\/2023-rommersdorfer-blumenpfleger-%f0%9f%8c%bb%f0%9f%90%9d\/\">\n        <div class=\"bienen-entry-image\">\n            <img decoding=\"async\" width=\"400\" height=\"300\" src=\"https:\/\/wettbewerb-archiv.wir-tun-was-fuer-bienen.de\/archiv-2023\/wp-content\/uploads\/sites\/8\/2023\/07\/IMG_4329-400x300.jpeg\" class=\"attachment-bienen-grid-thumb size-bienen-grid-thumb wp-post-image\" alt=\"\" loading=\"lazy\" \/>                    <\/div>\n    <\/a>\n\n    \n\n    <div class=\"user flex\">\n        \n                    <img decoding=\"async\" src=\"https:\/\/wettbewerb-archiv.wir-tun-was-fuer-bienen.de\/archiv-2023\/wp-content\/themes\/bienen\/assets\/images\/avatar-placeholder.png\" style=\"border-radius: 30px;\" height=\"30\" width=\"30\">\n            Blumenpfleger Rommersdorf            <\/div>\n    \n    \n            <p class=\"categories meta\" style=\"width: 100%\"><span class=\"fa fa-tag\"\n                                                             aria-hidden=\"true\"><\/span> Vereinsg\u00e4rten, Unis, Liegenschaften von Verwaltung, Kirche etc, Sonstige        <\/p>\n    \n            <p class=\"categories meta\" style=\"width: 100%\"><span class=\"fa fa-map-marker\"\n                                                             aria-hidden=\"true\"><\/span> Nordrhein-Westfalen        <\/p>\n    \n<\/article>\n   \n\t\t\n          <article id=\"post-96739\" class=\"et_pb_post post-96739 wtwfb_entry type-wtwfb_entry status-publish has-post-thumbnail hentry wtwfb_category-schul-und-jugendclubgaerten wtwfb_region-bayern\">\n    <h2 class=\"entry-title\"><a href=\"https:\/\/wettbewerb-archiv.wir-tun-was-fuer-bienen.de\/archiv-2023\/eintrag\/2023-go-green-challenge-unser-nachhaltiges-schulgartenprojekt\/\">Unser Schulgartenprojekt &#8211; Go Green Challenge<\/a>\n    <\/h2>\n    <a href=\"https:\/\/wettbewerb-archiv.wir-tun-was-fuer-bienen.de\/archiv-2023\/eintrag\/2023-go-green-challenge-unser-nachhaltiges-schulgartenprojekt\/\">\n        <div class=\"bienen-entry-image\">\n            <img decoding=\"async\" width=\"400\" height=\"300\" src=\"https:\/\/wettbewerb-archiv.wir-tun-was-fuer-bienen.de\/archiv-2023\/wp-content\/uploads\/sites\/8\/2023\/06\/IMG_2236Edited-400x300.jpg\" class=\"attachment-bienen-grid-thumb size-bienen-grid-thumb wp-post-image\" alt=\"\" loading=\"lazy\" srcset=\"https:\/\/wettbewerb-archiv.wir-tun-was-fuer-bienen.de\/archiv-2023\/wp-content\/uploads\/sites\/8\/2023\/06\/IMG_2236Edited-400x300.jpg 400w, https:\/\/wettbewerb-archiv.wir-tun-was-fuer-bienen.de\/archiv-2023\/wp-content\/uploads\/sites\/8\/2023\/06\/IMG_2236Edited-768x576.jpg 768w, https:\/\/wettbewerb-archiv.wir-tun-was-fuer-bienen.de\/archiv-2023\/wp-content\/uploads\/sites\/8\/2023\/06\/IMG_2236Edited-1024x768.jpg 1024w, https:\/\/wettbewerb-archiv.wir-tun-was-fuer-bienen.de\/archiv-2023\/wp-content\/uploads\/sites\/8\/2023\/06\/IMG_2236Edited.jpg 1920w\" sizes=\"(max-width: 400px) 100vw, 400px\" \/>                    <\/div>\n    <\/a>\n\n    \n\n    <div class=\"user flex\">\n        \n                    <img decoding=\"async\" src=\"https:\/\/wettbewerb-archiv.wir-tun-was-fuer-bienen.de\/archiv-2023\/wp-content\/themes\/bienen\/assets\/images\/avatar-placeholder.png\" style=\"border-radius: 30px;\" height=\"30\" width=\"30\">\n            Grund- & Mittelschule Wallerstein            <\/div>\n    \n    \n            <p class=\"categories meta\" style=\"width: 100%\"><span class=\"fa fa-tag\"\n                                                             aria-hidden=\"true\"><\/span> Schulg\u00e4rten        <\/p>\n    \n            <p class=\"categories meta\" style=\"width: 100%\"><span class=\"fa fa-map-marker\"\n                                                             aria-hidden=\"true\"><\/span> Bayern        <\/p>\n    \n<\/article>\n   \n\t\t\n          <article id=\"post-96730\" class=\"et_pb_post post-96730 wtwfb_entry type-wtwfb_entry status-publish has-post-thumbnail hentry wtwfb_category-kommunale-flaechen wtwfb_region-rheinland-pfalz\">\n    <h2 class=\"entry-title\"><a href=\"https:\/\/wettbewerb-archiv.wir-tun-was-fuer-bienen.de\/archiv-2023\/eintrag\/2023-bienenhaltestelle\/\">Bienenhaltestelle<\/a>\n    <\/h2>\n    <a href=\"https:\/\/wettbewerb-archiv.wir-tun-was-fuer-bienen.de\/archiv-2023\/eintrag\/2023-bienenhaltestelle\/\">\n        <div class=\"bienen-entry-image\">\n            <img decoding=\"async\" width=\"400\" height=\"300\" src=\"https:\/\/wettbewerb-archiv.wir-tun-was-fuer-bienen.de\/archiv-2023\/wp-content\/uploads\/sites\/8\/2023\/06\/20230624_181759-400x300.jpg\" class=\"attachment-bienen-grid-thumb size-bienen-grid-thumb wp-post-image\" alt=\"\" loading=\"lazy\" srcset=\"https:\/\/wettbewerb-archiv.wir-tun-was-fuer-bienen.de\/archiv-2023\/wp-content\/uploads\/sites\/8\/2023\/06\/20230624_181759-400x300.jpg 400w, https:\/\/wettbewerb-archiv.wir-tun-was-fuer-bienen.de\/archiv-2023\/wp-content\/uploads\/sites\/8\/2023\/06\/20230624_181759-768x574.jpg 768w, https:\/\/wettbewerb-archiv.wir-tun-was-fuer-bienen.de\/archiv-2023\/wp-content\/uploads\/sites\/8\/2023\/06\/20230624_181759-1024x766.jpg 1024w, https:\/\/wettbewerb-archiv.wir-tun-was-fuer-bienen.de\/archiv-2023\/wp-content\/uploads\/sites\/8\/2023\/06\/20230624_181759.jpg 1920w\" sizes=\"(max-width: 400px) 100vw, 400px\" \/>                    <\/div>\n    <\/a>\n\n    \n\n    <div class=\"user flex\">\n        \n                    <img decoding=\"async\" src=\"https:\/\/wettbewerb-archiv.wir-tun-was-fuer-bienen.de\/archiv-2023\/wp-content\/themes\/bienen\/assets\/images\/avatar-placeholder.png\" style=\"border-radius: 30px;\" height=\"30\" width=\"30\">\n            BunteHaltestelle            <\/div>\n    \n    \n            <p class=\"categories meta\" style=\"width: 100%\"><span class=\"fa fa-tag\"\n                                                             aria-hidden=\"true\"><\/span> Kommunale Fl\u00e4chen        <\/p>\n    \n            <p class=\"categories meta\" style=\"width: 100%\"><span class=\"fa fa-map-marker\"\n                                                             aria-hidden=\"true\"><\/span> Rheinland-Pfalz        <\/p>\n    \n<\/article>\n   \n\t\t\n          <article id=\"post-96680\" class=\"et_pb_post post-96680 wtwfb_entry type-wtwfb_entry status-publish has-post-thumbnail hentry wtwfb_category-schul-und-jugendclubgaerten wtwfb_region-nordrhein-westfalen\">\n    <h2 class=\"entry-title\"><a href=\"https:\/\/wettbewerb-archiv.wir-tun-was-fuer-bienen.de\/archiv-2023\/eintrag\/2023-oekologie-hautnah\/\">\u00d6kologie hautnah<\/a>\n    <\/h2>\n    <a href=\"https:\/\/wettbewerb-archiv.wir-tun-was-fuer-bienen.de\/archiv-2023\/eintrag\/2023-oekologie-hautnah\/\">\n        <div class=\"bienen-entry-image\">\n            <img decoding=\"async\" width=\"400\" height=\"300\" src=\"https:\/\/wettbewerb-archiv.wir-tun-was-fuer-bienen.de\/archiv-2023\/wp-content\/uploads\/sites\/8\/2023\/06\/IMG_1835-400x300.jpeg\" class=\"attachment-bienen-grid-thumb size-bienen-grid-thumb wp-post-image\" alt=\"\" loading=\"lazy\" srcset=\"https:\/\/wettbewerb-archiv.wir-tun-was-fuer-bienen.de\/archiv-2023\/wp-content\/uploads\/sites\/8\/2023\/06\/IMG_1835-400x300.jpeg 400w, https:\/\/wettbewerb-archiv.wir-tun-was-fuer-bienen.de\/archiv-2023\/wp-content\/uploads\/sites\/8\/2023\/06\/IMG_1835-768x576.jpeg 768w, https:\/\/wettbewerb-archiv.wir-tun-was-fuer-bienen.de\/archiv-2023\/wp-content\/uploads\/sites\/8\/2023\/06\/IMG_1835-1024x768.jpeg 1024w, https:\/\/wettbewerb-archiv.wir-tun-was-fuer-bienen.de\/archiv-2023\/wp-content\/uploads\/sites\/8\/2023\/06\/IMG_1835.jpeg 1920w\" sizes=\"(max-width: 400px) 100vw, 400px\" \/>                    <\/div>\n    <\/a>\n\n    \n\n    <div class=\"user flex\">\n        \n                    <img decoding=\"async\" src=\"https:\/\/wettbewerb-archiv.wir-tun-was-fuer-bienen.de\/archiv-2023\/wp-content\/themes\/bienen\/assets\/images\/avatar-placeholder.png\" style=\"border-radius: 30px;\" height=\"30\" width=\"30\">\n            Helmholtz-Gymnasium            <\/div>\n    \n    \n            <p class=\"categories meta\" style=\"width: 100%\"><span class=\"fa fa-tag\"\n                                                             aria-hidden=\"true\"><\/span> Schulg\u00e4rten        <\/p>\n    \n            <p class=\"categories meta\" style=\"width: 100%\"><span class=\"fa fa-map-marker\"\n                                                             aria-hidden=\"true\"><\/span> Nordrhein-Westfalen        <\/p>\n    \n<\/article>\n   \n\t\t\n          <article id=\"post-96565\" class=\"et_pb_post post-96565 wtwfb_entry type-wtwfb_entry status-publish has-post-thumbnail hentry wtwfb_category-privatgaerten-gross-500-m wtwfb_region-hessen\">\n    <h2 class=\"entry-title\"><a href=\"https:\/\/wettbewerb-archiv.wir-tun-was-fuer-bienen.de\/archiv-2023\/eintrag\/2023-blumenwiese-der-kinder-fuer-die-insekten\/\">Blumenwiese der Kinder f\u00fcr die Insekten<\/a>\n    <\/h2>\n    <a href=\"https:\/\/wettbewerb-archiv.wir-tun-was-fuer-bienen.de\/archiv-2023\/eintrag\/2023-blumenwiese-der-kinder-fuer-die-insekten\/\">\n        <div class=\"bienen-entry-image\">\n            <img decoding=\"async\" width=\"400\" height=\"300\" src=\"https:\/\/wettbewerb-archiv.wir-tun-was-fuer-bienen.de\/archiv-2023\/wp-content\/uploads\/sites\/8\/2023\/06\/IMG_7795-400x300.jpeg\" class=\"attachment-bienen-grid-thumb size-bienen-grid-thumb wp-post-image\" alt=\"\" loading=\"lazy\" \/>                    <\/div>\n    <\/a>\n\n    \n\n    <div class=\"user flex\">\n        \n                    <img decoding=\"async\" src=\"https:\/\/wettbewerb-archiv.wir-tun-was-fuer-bienen.de\/archiv-2023\/wp-content\/themes\/bienen\/assets\/images\/avatar-placeholder.png\" style=\"border-radius: 30px;\" height=\"30\" width=\"30\">\n            Familie Bischi            <\/div>\n    \n    \n            <p class=\"categories meta\" style=\"width: 100%\"><span class=\"fa fa-tag\"\n                                                             aria-hidden=\"true\"><\/span> Privatg\u00e4rten gro\u00df (ab 500 m\u00b2)        <\/p>\n    \n            <p class=\"categories meta\" style=\"width: 100%\"><span class=\"fa fa-map-marker\"\n                                                             aria-hidden=\"true\"><\/span> Hessen        <\/p>\n    \n<\/article>\n   \n\t\t\n          <article id=\"post-96537\" class=\"et_pb_post post-96537 wtwfb_entry type-wtwfb_entry status-publish has-post-thumbnail hentry wtwfb_category-kleingartenparzellen wtwfb_region-niedersachsen\">\n    <h2 class=\"entry-title\"><a href=\"https:\/\/wettbewerb-archiv.wir-tun-was-fuer-bienen.de\/archiv-2023\/eintrag\/2023-verwandlung-des-vorgartens-durch-tante-und-nichte\/\">Verwandlung des Vorgartens durch Tante und Nichte<\/a>\n    <\/h2>\n    <a href=\"https:\/\/wettbewerb-archiv.wir-tun-was-fuer-bienen.de\/archiv-2023\/eintrag\/2023-verwandlung-des-vorgartens-durch-tante-und-nichte\/\">\n        <div class=\"bienen-entry-image\">\n            <img decoding=\"async\" width=\"400\" height=\"300\" src=\"https:\/\/wettbewerb-archiv.wir-tun-was-fuer-bienen.de\/archiv-2023\/wp-content\/uploads\/sites\/8\/2023\/06\/IMG_1230-400x300.jpeg\" class=\"attachment-bienen-grid-thumb size-bienen-grid-thumb wp-post-image\" alt=\"\" loading=\"lazy\" \/>                    <\/div>\n    <\/a>\n\n    \n\n    <div class=\"user flex\">\n        \n                    <img decoding=\"async\" src=\"https:\/\/wettbewerb-archiv.wir-tun-was-fuer-bienen.de\/archiv-2023\/wp-content\/themes\/bienen\/assets\/images\/avatar-placeholder.png\" style=\"border-radius: 30px;\" height=\"30\" width=\"30\">\n            Tante und Nichte            <\/div>\n    \n    \n            <p class=\"categories meta\" style=\"width: 100%\"><span class=\"fa fa-tag\"\n                                                             aria-hidden=\"true\"><\/span> Kleingartenparzellen        <\/p>\n    \n            <p class=\"categories meta\" style=\"width: 100%\"><span class=\"fa fa-map-marker\"\n                                                             aria-hidden=\"true\"><\/span> Niedersachsen        <\/p>\n    \n<\/article>\n   \n\t\t\n          <article id=\"post-96522\" class=\"et_pb_post post-96522 wtwfb_entry type-wtwfb_entry status-publish has-post-thumbnail hentry wtwfb_category-schul-und-jugendclubgaerten wtwfb_region-niedersachsen\">\n    <h2 class=\"entry-title\"><a href=\"https:\/\/wettbewerb-archiv.wir-tun-was-fuer-bienen.de\/archiv-2023\/eintrag\/2023-das-insektenhotel-der-gs-walle-warten-auf-seine-bewohner\/\">Das Insektenhotel der GS Walle wartet auf seine Bewohne...<\/a>\n    <\/h2>\n    <a href=\"https:\/\/wettbewerb-archiv.wir-tun-was-fuer-bienen.de\/archiv-2023\/eintrag\/2023-das-insektenhotel-der-gs-walle-warten-auf-seine-bewohner\/\">\n        <div class=\"bienen-entry-image\">\n            <img decoding=\"async\" width=\"400\" height=\"300\" src=\"https:\/\/wettbewerb-archiv.wir-tun-was-fuer-bienen.de\/archiv-2023\/wp-content\/uploads\/sites\/8\/2023\/06\/432431FD-950F-4603-AF1B-037C2522ECBB-400x300.jpeg\" class=\"attachment-bienen-grid-thumb size-bienen-grid-thumb wp-post-image\" alt=\"\" loading=\"lazy\" \/>                    <\/div>\n    <\/a>\n\n    \n\n    <div class=\"user flex\">\n        \n                    <img decoding=\"async\" src=\"https:\/\/wettbewerb-archiv.wir-tun-was-fuer-bienen.de\/archiv-2023\/wp-content\/themes\/bienen\/assets\/images\/avatar-placeholder.png\" style=\"border-radius: 30px;\" height=\"30\" width=\"30\">\n            GS Verden Walle            <\/div>\n    \n    \n            <p class=\"categories meta\" style=\"width: 100%\"><span class=\"fa fa-tag\"\n                                                             aria-hidden=\"true\"><\/span> Schulg\u00e4rten        <\/p>\n    \n            <p class=\"categories meta\" style=\"width: 100%\"><span class=\"fa fa-map-marker\"\n                                                             aria-hidden=\"true\"><\/span> Niedersachsen        <\/p>\n    \n<\/article>\n   \n\t\t\n          <article id=\"post-96468\" class=\"et_pb_post post-96468 wtwfb_entry type-wtwfb_entry status-publish has-post-thumbnail hentry wtwfb_category-schul-und-jugendclubgaerten wtwfb_region-nordrhein-westfalen\">\n    <h2 class=\"entry-title\"><a href=\"https:\/\/wettbewerb-archiv.wir-tun-was-fuer-bienen.de\/archiv-2023\/eintrag\/2023-bienengarten-der-eulenklasse\/\">Bienengarten der Eulenklasse<\/a>\n    <\/h2>\n    <a href=\"https:\/\/wettbewerb-archiv.wir-tun-was-fuer-bienen.de\/archiv-2023\/eintrag\/2023-bienengarten-der-eulenklasse\/\">\n        <div class=\"bienen-entry-image\">\n            <img decoding=\"async\" width=\"400\" height=\"300\" src=\"https:\/\/wettbewerb-archiv.wir-tun-was-fuer-bienen.de\/archiv-2023\/wp-content\/uploads\/sites\/8\/2023\/06\/20230430_170143-400x300.jpg\" class=\"attachment-bienen-grid-thumb size-bienen-grid-thumb wp-post-image\" alt=\"\" loading=\"lazy\" srcset=\"https:\/\/wettbewerb-archiv.wir-tun-was-fuer-bienen.de\/archiv-2023\/wp-content\/uploads\/sites\/8\/2023\/06\/20230430_170143-400x300.jpg 400w, https:\/\/wettbewerb-archiv.wir-tun-was-fuer-bienen.de\/archiv-2023\/wp-content\/uploads\/sites\/8\/2023\/06\/20230430_170143-768x576.jpg 768w, https:\/\/wettbewerb-archiv.wir-tun-was-fuer-bienen.de\/archiv-2023\/wp-content\/uploads\/sites\/8\/2023\/06\/20230430_170143-1024x768.jpg 1024w, https:\/\/wettbewerb-archiv.wir-tun-was-fuer-bienen.de\/archiv-2023\/wp-content\/uploads\/sites\/8\/2023\/06\/20230430_170143.jpg 1920w\" sizes=\"(max-width: 400px) 100vw, 400px\" \/>                    <\/div>\n    <\/a>\n\n    \n\n    <div class=\"user flex\">\n        \n                    <img decoding=\"async\" src=\"https:\/\/wettbewerb-archiv.wir-tun-was-fuer-bienen.de\/archiv-2023\/wp-content\/themes\/bienen\/assets\/images\/avatar-placeholder.png\" style=\"border-radius: 30px;\" height=\"30\" width=\"30\">\n            Eulenklasse der Alfred-Adler-Schule Duisburg            <\/div>\n    \n    \n            <p class=\"categories meta\" style=\"width: 100%\"><span class=\"fa fa-tag\"\n                                                             aria-hidden=\"true\"><\/span> Schulg\u00e4rten        <\/p>\n    \n            <p class=\"categories meta\" style=\"width: 100%\"><span class=\"fa fa-map-marker\"\n                                                             aria-hidden=\"true\"><\/span> Nordrhein-Westfalen        <\/p>\n    \n<\/article>\n   \n\t\t\n          <article id=\"post-96357\" class=\"et_pb_post post-96357 wtwfb_entry type-wtwfb_entry status-publish has-post-thumbnail hentry wtwfb_category-privatgaerten-gross-500-m wtwfb_region-baden-wuerttemberg\">\n    <h2 class=\"entry-title\"><a href=\"https:\/\/wettbewerb-archiv.wir-tun-was-fuer-bienen.de\/archiv-2023\/eintrag\/2023-ein-paradies-fuer-tiere\/\">Ein Paradies f\u00fcr Tiere &amp; Menschen<\/a>\n    <\/h2>\n    <a href=\"https:\/\/wettbewerb-archiv.wir-tun-was-fuer-bienen.de\/archiv-2023\/eintrag\/2023-ein-paradies-fuer-tiere\/\">\n        <div class=\"bienen-entry-image\">\n            <img decoding=\"async\" width=\"400\" height=\"300\" src=\"https:\/\/wettbewerb-archiv.wir-tun-was-fuer-bienen.de\/archiv-2023\/wp-content\/uploads\/sites\/8\/2023\/06\/20230624_122401-400x300.jpg\" class=\"attachment-bienen-grid-thumb size-bienen-grid-thumb wp-post-image\" alt=\"\" loading=\"lazy\" \/>                    <\/div>\n    <\/a>\n\n    \n\n    <div class=\"user flex\">\n        \n                    <img decoding=\"async\" src=\"https:\/\/wettbewerb-archiv.wir-tun-was-fuer-bienen.de\/archiv-2023\/wp-content\/themes\/bienen\/assets\/images\/avatar-placeholder.png\" style=\"border-radius: 30px;\" height=\"30\" width=\"30\">\n            Kathrin S.            <\/div>\n    \n    \n            <p class=\"categories meta\" style=\"width: 100%\"><span class=\"fa fa-tag\"\n                                                             aria-hidden=\"true\"><\/span> Privatg\u00e4rten gro\u00df (ab 500 m\u00b2)        <\/p>\n    \n            <p class=\"categories meta\" style=\"width: 100%\"><span class=\"fa fa-map-marker\"\n                                                             aria-hidden=\"true\"><\/span> Baden-W\u00fcrttemberg        <\/p>\n    \n<\/article>\n   \n\t\t\n          <article id=\"post-96262\" class=\"et_pb_post post-96262 wtwfb_entry type-wtwfb_entry status-publish has-post-thumbnail hentry wtwfb_category-privatgaerten-gross-500-m wtwfb_region-schleswig-holstein\">\n    <h2 class=\"entry-title\"><a href=\"https:\/\/wettbewerb-archiv.wir-tun-was-fuer-bienen.de\/archiv-2023\/eintrag\/2023-upcycling-statt-recyclinghof\/\">Upcycling statt Recyclinghof<\/a>\n    <\/h2>\n    <a href=\"https:\/\/wettbewerb-archiv.wir-tun-was-fuer-bienen.de\/archiv-2023\/eintrag\/2023-upcycling-statt-recyclinghof\/\">\n        <div class=\"bienen-entry-image\">\n            <img decoding=\"async\" width=\"400\" height=\"300\" src=\"https:\/\/wettbewerb-archiv.wir-tun-was-fuer-bienen.de\/archiv-2023\/wp-content\/uploads\/sites\/8\/2023\/06\/E146FF2C-9C4C-4E63-8A61-CC12BFBB12D2-400x300.jpeg\" class=\"attachment-bienen-grid-thumb size-bienen-grid-thumb wp-post-image\" alt=\"\" loading=\"lazy\" srcset=\"https:\/\/wettbewerb-archiv.wir-tun-was-fuer-bienen.de\/archiv-2023\/wp-content\/uploads\/sites\/8\/2023\/06\/E146FF2C-9C4C-4E63-8A61-CC12BFBB12D2-400x300.jpeg 400w, https:\/\/wettbewerb-archiv.wir-tun-was-fuer-bienen.de\/archiv-2023\/wp-content\/uploads\/sites\/8\/2023\/06\/E146FF2C-9C4C-4E63-8A61-CC12BFBB12D2-768x576.jpeg 768w, https:\/\/wettbewerb-archiv.wir-tun-was-fuer-bienen.de\/archiv-2023\/wp-content\/uploads\/sites\/8\/2023\/06\/E146FF2C-9C4C-4E63-8A61-CC12BFBB12D2-1024x768.jpeg 1024w, https:\/\/wettbewerb-archiv.wir-tun-was-fuer-bienen.de\/archiv-2023\/wp-content\/uploads\/sites\/8\/2023\/06\/E146FF2C-9C4C-4E63-8A61-CC12BFBB12D2.jpeg 1920w\" sizes=\"(max-width: 400px) 100vw, 400px\" \/>                    <\/div>\n    <\/a>\n\n    \n\n    <div class=\"user flex\">\n        \n                    <img decoding=\"async\" src=\"https:\/\/wettbewerb-archiv.wir-tun-was-fuer-bienen.de\/archiv-2023\/wp-content\/themes\/bienen\/assets\/images\/avatar-placeholder.png\" style=\"border-radius: 30px;\" height=\"30\" width=\"30\">\n            Hier summt\u2018s und brummt\u2018s            <\/div>\n            <p class=\"categories meta\" style=\"color: #c32731; font-weight: bold; width: 100%\"><span class=\"fa fa-music\"\n                                                                                                aria-hidden=\"true\"><\/span> Extrapreis Musik\n            f\u00fcr Bienenschutz\n        <\/p>\n    \n    \n            <p class=\"categories meta\" style=\"width: 100%\"><span class=\"fa fa-tag\"\n                                                             aria-hidden=\"true\"><\/span> Privatg\u00e4rten gro\u00df (ab 500 m\u00b2)        <\/p>\n    \n            <p class=\"categories meta\" style=\"width: 100%\"><span class=\"fa fa-map-marker\"\n                                                             aria-hidden=\"true\"><\/span> Schleswig-Holstein        <\/p>\n    \n<\/article>\n   \n\t\t\n          <article id=\"post-96226\" class=\"et_pb_post post-96226 wtwfb_entry type-wtwfb_entry status-publish has-post-thumbnail hentry wtwfb_category-bestehende-naturgaerten wtwfb_region-niedersachsen\">\n    <h2 class=\"entry-title\"><a href=\"https:\/\/wettbewerb-archiv.wir-tun-was-fuer-bienen.de\/archiv-2023\/eintrag\/2023-blueten-rund-ums-gartenjahr\/\">Bl\u00fcten rund ums Gartenjahr<\/a>\n    <\/h2>\n    <a href=\"https:\/\/wettbewerb-archiv.wir-tun-was-fuer-bienen.de\/archiv-2023\/eintrag\/2023-blueten-rund-ums-gartenjahr\/\">\n        <div class=\"bienen-entry-image\">\n            <img decoding=\"async\" width=\"400\" height=\"300\" src=\"https:\/\/wettbewerb-archiv.wir-tun-was-fuer-bienen.de\/archiv-2023\/wp-content\/uploads\/sites\/8\/2023\/06\/IMG_20230614_210958_181-400x300.jpg\" class=\"attachment-bienen-grid-thumb size-bienen-grid-thumb wp-post-image\" alt=\"\" loading=\"lazy\" srcset=\"https:\/\/wettbewerb-archiv.wir-tun-was-fuer-bienen.de\/archiv-2023\/wp-content\/uploads\/sites\/8\/2023\/06\/IMG_20230614_210958_181-400x300.jpg 400w, https:\/\/wettbewerb-archiv.wir-tun-was-fuer-bienen.de\/archiv-2023\/wp-content\/uploads\/sites\/8\/2023\/06\/IMG_20230614_210958_181-768x578.jpg 768w, https:\/\/wettbewerb-archiv.wir-tun-was-fuer-bienen.de\/archiv-2023\/wp-content\/uploads\/sites\/8\/2023\/06\/IMG_20230614_210958_181-1024x770.jpg 1024w, https:\/\/wettbewerb-archiv.wir-tun-was-fuer-bienen.de\/archiv-2023\/wp-content\/uploads\/sites\/8\/2023\/06\/IMG_20230614_210958_181.jpg 1920w\" sizes=\"(max-width: 400px) 100vw, 400px\" \/>                    <\/div>\n    <\/a>\n\n    \n\n    <div class=\"user flex\">\n        \n                    <img decoding=\"async\" src=\"https:\/\/wettbewerb-archiv.wir-tun-was-fuer-bienen.de\/archiv-2023\/wp-content\/themes\/bienen\/assets\/images\/avatar-placeholder.png\" style=\"border-radius: 30px;\" height=\"30\" width=\"30\">\n            Heike & Alex            <\/div>\n    \n    <p class=\"categories meta bienen-gewinner\"><span class=\"fa fa-trophy\"                                                              aria-hidden=\"true\"><\/span> Gewinner<\/p>\n            <p class=\"categories meta\" style=\"width: 100%\"><span class=\"fa fa-tag\"\n                                                             aria-hidden=\"true\"><\/span> Bestehende Naturg\u00e4rten (Pflege und Infoarbeit)        <\/p>\n    \n            <p class=\"categories meta\" style=\"width: 100%\"><span class=\"fa fa-map-marker\"\n                                                             aria-hidden=\"true\"><\/span> Niedersachsen        <\/p>\n    \n<\/article>\n   \n\t\t\n          <article id=\"post-96059\" class=\"et_pb_post post-96059 wtwfb_entry type-wtwfb_entry status-publish has-post-thumbnail hentry wtwfb_category-privatgaerten-gross-500-m wtwfb_region-schleswig-holstein\">\n    <h2 class=\"entry-title\"><a href=\"https:\/\/wettbewerb-archiv.wir-tun-was-fuer-bienen.de\/archiv-2023\/eintrag\/2023-durch-heimische-pflanzen-die-artenvielfalt-steigern\/\">Durch heimische Pflanzen die Artenvielfalt steigern<\/a>\n    <\/h2>\n    <a href=\"https:\/\/wettbewerb-archiv.wir-tun-was-fuer-bienen.de\/archiv-2023\/eintrag\/2023-durch-heimische-pflanzen-die-artenvielfalt-steigern\/\">\n        <div class=\"bienen-entry-image\">\n            <img decoding=\"async\" width=\"400\" height=\"300\" src=\"https:\/\/wettbewerb-archiv.wir-tun-was-fuer-bienen.de\/archiv-2023\/wp-content\/uploads\/sites\/8\/2023\/06\/PXL_20220829_143308006-400x300.jpg\" class=\"attachment-bienen-grid-thumb size-bienen-grid-thumb wp-post-image\" alt=\"\" loading=\"lazy\" \/>                    <\/div>\n    <\/a>\n\n    \n\n    <div class=\"user flex\">\n        \n                    <img decoding=\"async\" src=\"https:\/\/wettbewerb-archiv.wir-tun-was-fuer-bienen.de\/archiv-2023\/wp-content\/themes\/bienen\/assets\/images\/avatar-placeholder.png\" style=\"border-radius: 30px;\" height=\"30\" width=\"30\">\n            Vom toten Garten zum Insekten-Paradies            <\/div>\n    \n    <p class=\"categories meta bienen-gewinner\"><span class=\"fa fa-trophy\"                                                              aria-hidden=\"true\"><\/span> Gewinner<\/p>\n            <p class=\"categories meta\" style=\"width: 100%\"><span class=\"fa fa-tag\"\n                                                             aria-hidden=\"true\"><\/span> Privatg\u00e4rten gro\u00df (ab 500 m\u00b2)        <\/p>\n    \n            <p class=\"categories meta\" style=\"width: 100%\"><span class=\"fa fa-map-marker\"\n                                                             aria-hidden=\"true\"><\/span> Schleswig-Holstein        <\/p>\n    \n<\/article>\n   \n\t\t\n          <article id=\"post-96043\" class=\"et_pb_post post-96043 wtwfb_entry type-wtwfb_entry status-publish has-post-thumbnail hentry wtwfb_category-privatgaerten-gross-500-m wtwfb_region-sachsen\">\n    <h2 class=\"entry-title\"><a href=\"https:\/\/wettbewerb-archiv.wir-tun-was-fuer-bienen.de\/archiv-2023\/eintrag\/2023-unser-garten\/\">Unser Garten<\/a>\n    <\/h2>\n    <a href=\"https:\/\/wettbewerb-archiv.wir-tun-was-fuer-bienen.de\/archiv-2023\/eintrag\/2023-unser-garten\/\">\n        <div class=\"bienen-entry-image\">\n            <img decoding=\"async\" width=\"400\" height=\"300\" src=\"https:\/\/wettbewerb-archiv.wir-tun-was-fuer-bienen.de\/archiv-2023\/wp-content\/uploads\/sites\/8\/2023\/06\/302414801_2308134262695386_3480690873836338232_n-400x300.jpg\" class=\"attachment-bienen-grid-thumb size-bienen-grid-thumb wp-post-image\" alt=\"\" loading=\"lazy\" \/>                    <\/div>\n    <\/a>\n\n    \n\n    <div class=\"user flex\">\n        \n                    <img decoding=\"async\" src=\"https:\/\/wettbewerb-archiv.wir-tun-was-fuer-bienen.de\/archiv-2023\/wp-content\/themes\/bienen\/assets\/images\/avatar-placeholder.png\" style=\"border-radius: 30px;\" height=\"30\" width=\"30\">\n            Leipziger Stadtimker            <\/div>\n    \n    \n            <p class=\"categories meta\" style=\"width: 100%\"><span class=\"fa fa-tag\"\n                                                             aria-hidden=\"true\"><\/span> Privatg\u00e4rten gro\u00df (ab 500 m\u00b2)        <\/p>\n    \n            <p class=\"categories meta\" style=\"width: 100%\"><span class=\"fa fa-map-marker\"\n                                                             aria-hidden=\"true\"><\/span> Sachsen        <\/p>\n    \n<\/article>\n   \n\t\t\n          <article id=\"post-95968\" class=\"et_pb_post post-95968 wtwfb_entry type-wtwfb_entry status-publish has-post-thumbnail hentry wtwfb_category-privatgaerten-klein-500-m2 wtwfb_region-rheinland-pfalz\">\n    <h2 class=\"entry-title\"><a href=\"https:\/\/wettbewerb-archiv.wir-tun-was-fuer-bienen.de\/archiv-2023\/eintrag\/2023-magerhochbeet-mit-trockenmauer-schotterhuegel-mit-beet-und-naturnahem-sandkasten\/\">Unser Garten f\u00fcr Wildbienen, Hummeln und Schmetterling...<\/a>\n    <\/h2>\n    <a href=\"https:\/\/wettbewerb-archiv.wir-tun-was-fuer-bienen.de\/archiv-2023\/eintrag\/2023-magerhochbeet-mit-trockenmauer-schotterhuegel-mit-beet-und-naturnahem-sandkasten\/\">\n        <div class=\"bienen-entry-image\">\n            <img decoding=\"async\" width=\"400\" height=\"300\" src=\"https:\/\/wettbewerb-archiv.wir-tun-was-fuer-bienen.de\/archiv-2023\/wp-content\/uploads\/sites\/8\/2023\/06\/20230605_085714-400x300.jpg\" class=\"attachment-bienen-grid-thumb size-bienen-grid-thumb wp-post-image\" alt=\"\" loading=\"lazy\" srcset=\"https:\/\/wettbewerb-archiv.wir-tun-was-fuer-bienen.de\/archiv-2023\/wp-content\/uploads\/sites\/8\/2023\/06\/20230605_085714-400x300.jpg 400w, https:\/\/wettbewerb-archiv.wir-tun-was-fuer-bienen.de\/archiv-2023\/wp-content\/uploads\/sites\/8\/2023\/06\/20230605_085714-768x576.jpg 768w, https:\/\/wettbewerb-archiv.wir-tun-was-fuer-bienen.de\/archiv-2023\/wp-content\/uploads\/sites\/8\/2023\/06\/20230605_085714-1024x768.jpg 1024w, https:\/\/wettbewerb-archiv.wir-tun-was-fuer-bienen.de\/archiv-2023\/wp-content\/uploads\/sites\/8\/2023\/06\/20230605_085714.jpg 1920w\" sizes=\"(max-width: 400px) 100vw, 400px\" \/>                    <\/div>\n    <\/a>\n\n    \n\n    <div class=\"user flex\">\n        \n                    <img decoding=\"async\" src=\"https:\/\/wettbewerb-archiv.wir-tun-was-fuer-bienen.de\/archiv-2023\/wp-content\/themes\/bienen\/assets\/images\/avatar-placeholder.png\" style=\"border-radius: 30px;\" height=\"30\" width=\"30\">\n            Kleiner Wildbienengarten            <\/div>\n    \n    <p class=\"categories meta bienen-gewinner\"><span class=\"fa fa-trophy\"                                                              aria-hidden=\"true\"><\/span> Gewinner<\/p>\n            <p class=\"categories meta\" style=\"width: 100%\"><span class=\"fa fa-tag\"\n                                                             aria-hidden=\"true\"><\/span> Privatg\u00e4rten klein (bis 500 m2)        <\/p>\n    \n            <p class=\"categories meta\" style=\"width: 100%\"><span class=\"fa fa-map-marker\"\n                                                             aria-hidden=\"true\"><\/span> Rheinland-Pfalz        <\/p>\n    \n<\/article>\n   \n\t\t\n          <article id=\"post-95957\" class=\"et_pb_post post-95957 wtwfb_entry type-wtwfb_entry status-publish has-post-thumbnail hentry wtwfb_category-kommunale-flaechen wtwfb_region-rheinland-pfalz\">\n    <h2 class=\"entry-title\"><a href=\"https:\/\/wettbewerb-archiv.wir-tun-was-fuer-bienen.de\/archiv-2023\/eintrag\/2023-erlebensraum\/\">ErLebensraum<\/a>\n    <\/h2>\n    <a href=\"https:\/\/wettbewerb-archiv.wir-tun-was-fuer-bienen.de\/archiv-2023\/eintrag\/2023-erlebensraum\/\">\n        <div class=\"bienen-entry-image\">\n            <img decoding=\"async\" width=\"400\" height=\"300\" src=\"https:\/\/wettbewerb-archiv.wir-tun-was-fuer-bienen.de\/archiv-2023\/wp-content\/uploads\/sites\/8\/2023\/06\/20230603_143001-400x300.jpg\" class=\"attachment-bienen-grid-thumb size-bienen-grid-thumb wp-post-image\" alt=\"\" loading=\"lazy\" \/>                    <\/div>\n    <\/a>\n\n    \n\n    <div class=\"user flex\">\n        \n                    <img decoding=\"async\" src=\"https:\/\/wettbewerb-archiv.wir-tun-was-fuer-bienen.de\/archiv-2023\/wp-content\/themes\/bienen\/assets\/images\/avatar-placeholder.png\" style=\"border-radius: 30px;\" height=\"30\" width=\"30\">\n            Naturschutzgruppe Bodenheim            <\/div>\n    \n    <p class=\"categories meta bienen-gewinner\"><span class=\"fa fa-trophy\"                                                              aria-hidden=\"true\"><\/span> Gewinner<\/p>\n            <p class=\"categories meta\" style=\"width: 100%\"><span class=\"fa fa-tag\"\n                                                             aria-hidden=\"true\"><\/span> Kommunale Fl\u00e4chen        <\/p>\n    \n            <p class=\"categories meta\" style=\"width: 100%\"><span class=\"fa fa-map-marker\"\n                                                             aria-hidden=\"true\"><\/span> Rheinland-Pfalz        <\/p>\n    \n<\/article>\n   \n\t\t\n          <article id=\"post-95951\" class=\"et_pb_post post-95951 wtwfb_entry type-wtwfb_entry status-publish has-post-thumbnail hentry wtwfb_category-kleingartenparzellen wtwfb_region-sachsen-anhalt\">\n    <h2 class=\"entry-title\"><a href=\"https:\/\/wettbewerb-archiv.wir-tun-was-fuer-bienen.de\/archiv-2023\/eintrag\/2023-anpflanzen-erste-blumen\/\">Anpflanzen erste Blumen<\/a>\n    <\/h2>\n    <a href=\"https:\/\/wettbewerb-archiv.wir-tun-was-fuer-bienen.de\/archiv-2023\/eintrag\/2023-anpflanzen-erste-blumen\/\">\n        <div class=\"bienen-entry-image\">\n            <img decoding=\"async\" width=\"400\" height=\"300\" src=\"https:\/\/wettbewerb-archiv.wir-tun-was-fuer-bienen.de\/archiv-2023\/wp-content\/uploads\/sites\/8\/2023\/06\/194622-400x300.jpeg\" class=\"attachment-bienen-grid-thumb size-bienen-grid-thumb wp-post-image\" alt=\"\" loading=\"lazy\" \/>                    <\/div>\n    <\/a>\n\n    \n\n    <div class=\"user flex\">\n        \n                    <img decoding=\"async\" src=\"https:\/\/wettbewerb-archiv.wir-tun-was-fuer-bienen.de\/archiv-2023\/wp-content\/themes\/bienen\/assets\/images\/avatar-placeholder.png\" style=\"border-radius: 30px;\" height=\"30\" width=\"30\">\n            Gartenverein Abendfrieden Bahrendorf            <\/div>\n    \n    \n            <p class=\"categories meta\" style=\"width: 100%\"><span class=\"fa fa-tag\"\n                                                             aria-hidden=\"true\"><\/span> Kleingartenparzellen        <\/p>\n    \n            <p class=\"categories meta\" style=\"width: 100%\"><span class=\"fa fa-map-marker\"\n                                                             aria-hidden=\"true\"><\/span> Sachsen-Anhalt        <\/p>\n    \n<\/article>\n   \n\t\t\n          <article id=\"post-95918\" class=\"et_pb_post post-95918 wtwfb_entry type-wtwfb_entry status-publish has-post-thumbnail hentry wtwfb_category-balkone-terrassen-dachbegruenung-vertikale-gaerten wtwfb_region-berlin\">\n    <h2 class=\"entry-title\"><a href=\"https:\/\/wettbewerb-archiv.wir-tun-was-fuer-bienen.de\/archiv-2023\/eintrag\/2023-mein-bluehender-balkon\/\">Mein bl\u00fchender Balkon<\/a>\n    <\/h2>\n    <a href=\"https:\/\/wettbewerb-archiv.wir-tun-was-fuer-bienen.de\/archiv-2023\/eintrag\/2023-mein-bluehender-balkon\/\">\n        <div class=\"bienen-entry-image\">\n            <img decoding=\"async\" width=\"400\" height=\"300\" src=\"https:\/\/wettbewerb-archiv.wir-tun-was-fuer-bienen.de\/archiv-2023\/wp-content\/uploads\/sites\/8\/2023\/06\/20230617_191438-400x300.jpg\" class=\"attachment-bienen-grid-thumb size-bienen-grid-thumb wp-post-image\" alt=\"\" loading=\"lazy\" \/>                    <\/div>\n    <\/a>\n\n    \n\n    <div class=\"user flex\">\n        \n                    <img decoding=\"async\" src=\"https:\/\/wettbewerb-archiv.wir-tun-was-fuer-bienen.de\/archiv-2023\/wp-content\/themes\/bienen\/assets\/images\/avatar-placeholder.png\" style=\"border-radius: 30px;\" height=\"30\" width=\"30\">\n            Nancy            <\/div>\n    \n    \n            <p class=\"categories meta\" style=\"width: 100%\"><span class=\"fa fa-tag\"\n                                                             aria-hidden=\"true\"><\/span> Balkone, Terrassen, Dachg\u00e4rten, vertikale G\u00e4rten        <\/p>\n    \n            <p class=\"categories meta\" style=\"width: 100%\"><span class=\"fa fa-map-marker\"\n                                                             aria-hidden=\"true\"><\/span> Berlin        <\/p>\n    \n<\/article>\n   \n\t\t\n          <article id=\"post-95908\" class=\"et_pb_post post-95908 wtwfb_entry type-wtwfb_entry status-publish has-post-thumbnail hentry wtwfb_category-kleingartenparzellen wtwfb_region-berlin\">\n    <h2 class=\"entry-title\"><a href=\"https:\/\/wettbewerb-archiv.wir-tun-was-fuer-bienen.de\/archiv-2023\/eintrag\/2023-unser-blumiger-garten\/\">Unser blumiger Garten<\/a>\n    <\/h2>\n    <a href=\"https:\/\/wettbewerb-archiv.wir-tun-was-fuer-bienen.de\/archiv-2023\/eintrag\/2023-unser-blumiger-garten\/\">\n        <div class=\"bienen-entry-image\">\n            <img decoding=\"async\" width=\"400\" height=\"300\" src=\"https:\/\/wettbewerb-archiv.wir-tun-was-fuer-bienen.de\/archiv-2023\/wp-content\/uploads\/sites\/8\/2023\/06\/20230621_133916-400x300.jpg\" class=\"attachment-bienen-grid-thumb size-bienen-grid-thumb wp-post-image\" alt=\"\" loading=\"lazy\" \/>                    <\/div>\n    <\/a>\n\n    \n\n    <div class=\"user flex\">\n        \n                    <img decoding=\"async\" src=\"https:\/\/wettbewerb-archiv.wir-tun-was-fuer-bienen.de\/archiv-2023\/wp-content\/themes\/bienen\/assets\/images\/avatar-placeholder.png\" style=\"border-radius: 30px;\" height=\"30\" width=\"30\">\n            Nancy            <\/div>\n    \n    \n            <p class=\"categories meta\" style=\"width: 100%\"><span class=\"fa fa-tag\"\n                                                             aria-hidden=\"true\"><\/span> Kleingartenparzellen        <\/p>\n    \n            <p class=\"categories meta\" style=\"width: 100%\"><span class=\"fa fa-map-marker\"\n                                                             aria-hidden=\"true\"><\/span> Berlin        <\/p>\n    \n<\/article>\n   \n\t\t\n          <article id=\"post-95900\" class=\"et_pb_post post-95900 wtwfb_entry type-wtwfb_entry status-publish has-post-thumbnail hentry wtwfb_category-kita-gaerten wtwfb_region-schleswig-holstein\">\n    <h2 class=\"entry-title\"><a href=\"https:\/\/wettbewerb-archiv.wir-tun-was-fuer-bienen.de\/archiv-2023\/eintrag\/2023-plueschmoors-un-fruend\/\">Pl\u00fcschmoors un Fr\u00fcnd<\/a>\n    <\/h2>\n    <a href=\"https:\/\/wettbewerb-archiv.wir-tun-was-fuer-bienen.de\/archiv-2023\/eintrag\/2023-plueschmoors-un-fruend\/\">\n        <div class=\"bienen-entry-image\">\n            <img decoding=\"async\" width=\"400\" height=\"300\" src=\"https:\/\/wettbewerb-archiv.wir-tun-was-fuer-bienen.de\/archiv-2023\/wp-content\/uploads\/sites\/8\/2023\/06\/IMG_3503-400x300.jpeg\" class=\"attachment-bienen-grid-thumb size-bienen-grid-thumb wp-post-image\" alt=\"\" loading=\"lazy\" srcset=\"https:\/\/wettbewerb-archiv.wir-tun-was-fuer-bienen.de\/archiv-2023\/wp-content\/uploads\/sites\/8\/2023\/06\/IMG_3503-400x300.jpeg 400w, https:\/\/wettbewerb-archiv.wir-tun-was-fuer-bienen.de\/archiv-2023\/wp-content\/uploads\/sites\/8\/2023\/06\/IMG_3503-768x576.jpeg 768w, https:\/\/wettbewerb-archiv.wir-tun-was-fuer-bienen.de\/archiv-2023\/wp-content\/uploads\/sites\/8\/2023\/06\/IMG_3503-1024x768.jpeg 1024w, https:\/\/wettbewerb-archiv.wir-tun-was-fuer-bienen.de\/archiv-2023\/wp-content\/uploads\/sites\/8\/2023\/06\/IMG_3503.jpeg 1920w\" sizes=\"(max-width: 400px) 100vw, 400px\" \/>                    <\/div>\n    <\/a>\n\n    \n\n    <div class=\"user flex\">\n        \n                    <img decoding=\"async\" src=\"https:\/\/wettbewerb-archiv.wir-tun-was-fuer-bienen.de\/archiv-2023\/wp-content\/themes\/bienen\/assets\/images\/avatar-placeholder.png\" style=\"border-radius: 30px;\" height=\"30\" width=\"30\">\n            ev.luth.Kita Grash\u00fcpfer            <\/div>\n    \n    \n            <p class=\"categories meta\" style=\"width: 100%\"><span class=\"fa fa-tag\"\n                                                             aria-hidden=\"true\"><\/span> Kita-G\u00e4rten        <\/p>\n    \n            <p class=\"categories meta\" style=\"width: 100%\"><span class=\"fa fa-map-marker\"\n                                                             aria-hidden=\"true\"><\/span> Schleswig-Holstein        <\/p>\n    \n<\/article>\n   \n\t\t\n          <article id=\"post-95876\" class=\"et_pb_post post-95876 wtwfb_entry type-wtwfb_entry status-publish has-post-thumbnail hentry wtwfb_category-privatgaerten-gross-500-m wtwfb_region-brandenburg\">\n    <h2 class=\"entry-title\"><a href=\"https:\/\/wettbewerb-archiv.wir-tun-was-fuer-bienen.de\/archiv-2023\/eintrag\/2023-amphibientheater\/\">Amphibientheater<\/a>\n    <\/h2>\n    <a href=\"https:\/\/wettbewerb-archiv.wir-tun-was-fuer-bienen.de\/archiv-2023\/eintrag\/2023-amphibientheater\/\">\n        <div class=\"bienen-entry-image\">\n            <img decoding=\"async\" width=\"400\" height=\"300\" src=\"https:\/\/wettbewerb-archiv.wir-tun-was-fuer-bienen.de\/archiv-2023\/wp-content\/uploads\/sites\/8\/2023\/06\/20230602_124211-400x300.jpg\" class=\"attachment-bienen-grid-thumb size-bienen-grid-thumb wp-post-image\" alt=\"\" loading=\"lazy\" \/>                    <\/div>\n    <\/a>\n\n    \n\n    <div class=\"user flex\">\n        \n                    <img decoding=\"async\" src=\"https:\/\/wettbewerb-archiv.wir-tun-was-fuer-bienen.de\/archiv-2023\/wp-content\/themes\/bienen\/assets\/images\/avatar-placeholder.png\" style=\"border-radius: 30px;\" height=\"30\" width=\"30\">\n            Franziska Kalenberg            <\/div>\n    \n    \n            <p class=\"categories meta\" style=\"width: 100%\"><span class=\"fa fa-tag\"\n                                                             aria-hidden=\"true\"><\/span> Privatg\u00e4rten gro\u00df (ab 500 m\u00b2)        <\/p>\n    \n            <p class=\"categories meta\" style=\"width: 100%\"><span class=\"fa fa-map-marker\"\n                                                             aria-hidden=\"true\"><\/span> Brandenburg        <\/p>\n    \n<\/article>\n   \n\t\t\n          <article id=\"post-95826\" class=\"et_pb_post post-95826 wtwfb_entry type-wtwfb_entry status-publish has-post-thumbnail hentry wtwfb_category-privatgaerten-klein-500-m2 wtwfb_region-bayern\">\n    <h2 class=\"entry-title\"><a href=\"https:\/\/wettbewerb-archiv.wir-tun-was-fuer-bienen.de\/archiv-2023\/eintrag\/2023-mehr-vielfalt-im-kleinen-familiengarten\/\">Mehr Vielfalt im kleinen Familiengarten<\/a>\n    <\/h2>\n    <a href=\"https:\/\/wettbewerb-archiv.wir-tun-was-fuer-bienen.de\/archiv-2023\/eintrag\/2023-mehr-vielfalt-im-kleinen-familiengarten\/\">\n        <div class=\"bienen-entry-image\">\n            <img decoding=\"async\" width=\"400\" height=\"300\" src=\"https:\/\/wettbewerb-archiv.wir-tun-was-fuer-bienen.de\/archiv-2023\/wp-content\/uploads\/sites\/8\/2023\/07\/PXL_20230616_120454347-400x300.jpg\" class=\"attachment-bienen-grid-thumb size-bienen-grid-thumb wp-post-image\" alt=\"\" loading=\"lazy\" \/>                    <\/div>\n    <\/a>\n\n    \n\n    <div class=\"user flex\">\n        \n                    <img decoding=\"async\" src=\"https:\/\/wettbewerb-archiv.wir-tun-was-fuer-bienen.de\/archiv-2023\/wp-content\/themes\/bienen\/assets\/images\/avatar-placeholder.png\" style=\"border-radius: 30px;\" height=\"30\" width=\"30\">\n            Mehr Vielfalt im kleinen Familiengarten            <\/div>\n    \n    \n            <p class=\"categories meta\" style=\"width: 100%\"><span class=\"fa fa-tag\"\n                                                             aria-hidden=\"true\"><\/span> Privatg\u00e4rten klein (bis 500 m2)        <\/p>\n    \n            <p class=\"categories meta\" style=\"width: 100%\"><span class=\"fa fa-map-marker\"\n                                                             aria-hidden=\"true\"><\/span> Bayern        <\/p>\n    \n<\/article>\n   \n\t\t\n          <article id=\"post-95823\" class=\"et_pb_post post-95823 wtwfb_entry type-wtwfb_entry status-publish has-post-thumbnail hentry wtwfb_category-vereinsgaerten-liegenschaften-von-verwaltung-kirche-etc-sonstige wtwfb_region-sachsen-anhalt\">\n    <h2 class=\"entry-title\"><a href=\"https:\/\/wettbewerb-archiv.wir-tun-was-fuer-bienen.de\/archiv-2023\/eintrag\/2023-naturwunner-erlebnis-garten\/\">Naturwunner Erlebnis Garten<\/a>\n    <\/h2>\n    <a href=\"https:\/\/wettbewerb-archiv.wir-tun-was-fuer-bienen.de\/archiv-2023\/eintrag\/2023-naturwunner-erlebnis-garten\/\">\n        <div class=\"bienen-entry-image\">\n            <img decoding=\"async\" width=\"400\" height=\"300\" src=\"https:\/\/wettbewerb-archiv.wir-tun-was-fuer-bienen.de\/archiv-2023\/wp-content\/uploads\/sites\/8\/2023\/06\/20230506_100355-400x300.jpg\" class=\"attachment-bienen-grid-thumb size-bienen-grid-thumb wp-post-image\" alt=\"\" loading=\"lazy\" srcset=\"https:\/\/wettbewerb-archiv.wir-tun-was-fuer-bienen.de\/archiv-2023\/wp-content\/uploads\/sites\/8\/2023\/06\/20230506_100355-400x300.jpg 400w, https:\/\/wettbewerb-archiv.wir-tun-was-fuer-bienen.de\/archiv-2023\/wp-content\/uploads\/sites\/8\/2023\/06\/20230506_100355-768x576.jpg 768w, https:\/\/wettbewerb-archiv.wir-tun-was-fuer-bienen.de\/archiv-2023\/wp-content\/uploads\/sites\/8\/2023\/06\/20230506_100355-1024x768.jpg 1024w, https:\/\/wettbewerb-archiv.wir-tun-was-fuer-bienen.de\/archiv-2023\/wp-content\/uploads\/sites\/8\/2023\/06\/20230506_100355.jpg 1920w\" sizes=\"(max-width: 400px) 100vw, 400px\" \/>                    <\/div>\n    <\/a>\n\n    \n\n    <div class=\"user flex\">\n        \n                    <img decoding=\"async\" src=\"https:\/\/wettbewerb-archiv.wir-tun-was-fuer-bienen.de\/archiv-2023\/wp-content\/themes\/bienen\/assets\/images\/avatar-placeholder.png\" style=\"border-radius: 30px;\" height=\"30\" width=\"30\">\n            Naturwunner e.V.            <\/div>\n            <p class=\"categories meta\" style=\"color: #c32731; font-weight: bold; width: 100%\"><span class=\"fa fa-music\"\n                                                                                                aria-hidden=\"true\"><\/span> Extrapreis Musik\n            f\u00fcr Bienenschutz\n        <\/p>\n    \n    <p class=\"categories meta bienen-gewinner\"><span class=\"fa fa-trophy\"                                                              aria-hidden=\"true\"><\/span> Gewinner<\/p>\n            <p class=\"categories meta\" style=\"width: 100%\"><span class=\"fa fa-tag\"\n                                                             aria-hidden=\"true\"><\/span> Vereinsg\u00e4rten, Unis, Liegenschaften von Verwaltung, Kirche etc, Sonstige        <\/p>\n    \n            <p class=\"categories meta\" style=\"width: 100%\"><span class=\"fa fa-map-marker\"\n                                                             aria-hidden=\"true\"><\/span> Sachsen-Anhalt        <\/p>\n    \n<\/article>\n   \n\t\t\n          <article id=\"post-95779\" class=\"et_pb_post post-95779 wtwfb_entry type-wtwfb_entry status-publish has-post-thumbnail hentry wtwfb_category-privatgaerten-gross-500-m wtwfb_region-niedersachsen\">\n    <h2 class=\"entry-title\"><a href=\"https:\/\/wettbewerb-archiv.wir-tun-was-fuer-bienen.de\/archiv-2023\/eintrag\/2023-wir-lieben-die-natur\/\">Wir lieben die Natur<\/a>\n    <\/h2>\n    <a href=\"https:\/\/wettbewerb-archiv.wir-tun-was-fuer-bienen.de\/archiv-2023\/eintrag\/2023-wir-lieben-die-natur\/\">\n        <div class=\"bienen-entry-image\">\n            <img decoding=\"async\" width=\"400\" height=\"300\" src=\"https:\/\/wettbewerb-archiv.wir-tun-was-fuer-bienen.de\/archiv-2023\/wp-content\/uploads\/sites\/8\/2023\/06\/IMG_2355-400x300.jpg\" class=\"attachment-bienen-grid-thumb size-bienen-grid-thumb wp-post-image\" alt=\"\" loading=\"lazy\" srcset=\"https:\/\/wettbewerb-archiv.wir-tun-was-fuer-bienen.de\/archiv-2023\/wp-content\/uploads\/sites\/8\/2023\/06\/IMG_2355-400x300.jpg 400w, https:\/\/wettbewerb-archiv.wir-tun-was-fuer-bienen.de\/archiv-2023\/wp-content\/uploads\/sites\/8\/2023\/06\/IMG_2355-768x576.jpg 768w, https:\/\/wettbewerb-archiv.wir-tun-was-fuer-bienen.de\/archiv-2023\/wp-content\/uploads\/sites\/8\/2023\/06\/IMG_2355-1024x768.jpg 1024w, https:\/\/wettbewerb-archiv.wir-tun-was-fuer-bienen.de\/archiv-2023\/wp-content\/uploads\/sites\/8\/2023\/06\/IMG_2355.jpg 1920w\" sizes=\"(max-width: 400px) 100vw, 400px\" \/>                    <\/div>\n    <\/a>\n\n    \n\n    <div class=\"user flex\">\n        \n                    <img decoding=\"async\" src=\"https:\/\/wettbewerb-archiv.wir-tun-was-fuer-bienen.de\/archiv-2023\/wp-content\/themes\/bienen\/assets\/images\/avatar-placeholder.png\" style=\"border-radius: 30px;\" height=\"30\" width=\"30\">\n            Wald- und Wiesendetektive            <\/div>\n    \n    \n            <p class=\"categories meta\" style=\"width: 100%\"><span class=\"fa fa-tag\"\n                                                             aria-hidden=\"true\"><\/span> Privatg\u00e4rten gro\u00df (ab 500 m\u00b2)        <\/p>\n    \n            <p class=\"categories meta\" style=\"width: 100%\"><span class=\"fa fa-map-marker\"\n                                                             aria-hidden=\"true\"><\/span> Niedersachsen        <\/p>\n    \n<\/article>\n   \n\t\t\n          <article id=\"post-95683\" class=\"et_pb_post post-95683 wtwfb_entry type-wtwfb_entry status-publish has-post-thumbnail hentry wtwfb_category-vereinsgaerten-liegenschaften-von-verwaltung-kirche-etc-sonstige wtwfb_region-rheinland-pfalz\">\n    <h2 class=\"entry-title\"><a href=\"https:\/\/wettbewerb-archiv.wir-tun-was-fuer-bienen.de\/archiv-2023\/eintrag\/2023-das-flutgebiet-wieder-aufbluehen-lassen\/\">Das Flutgebiet wieder aufbl\u00fchen lassen<\/a>\n    <\/h2>\n    <a href=\"https:\/\/wettbewerb-archiv.wir-tun-was-fuer-bienen.de\/archiv-2023\/eintrag\/2023-das-flutgebiet-wieder-aufbluehen-lassen\/\">\n        <div class=\"bienen-entry-image\">\n            <img decoding=\"async\" width=\"400\" height=\"300\" src=\"https:\/\/wettbewerb-archiv.wir-tun-was-fuer-bienen.de\/archiv-2023\/wp-content\/uploads\/sites\/8\/2023\/06\/Fortuna-hilft-e.V-13-400x300.jpg\" class=\"attachment-bienen-grid-thumb size-bienen-grid-thumb wp-post-image\" alt=\"\" loading=\"lazy\" \/>                    <\/div>\n    <\/a>\n\n    \n\n    <div class=\"user flex\">\n        \n                    <img decoding=\"async\" src=\"https:\/\/wettbewerb-archiv.wir-tun-was-fuer-bienen.de\/archiv-2023\/wp-content\/themes\/bienen\/assets\/images\/avatar-placeholder.png\" style=\"border-radius: 30px;\" height=\"30\" width=\"30\">\n            Fortuna hilft e.V.            <\/div>\n    \n    \n            <p class=\"categories meta\" style=\"width: 100%\"><span class=\"fa fa-tag\"\n                                                             aria-hidden=\"true\"><\/span> Vereinsg\u00e4rten, Unis, Liegenschaften von Verwaltung, Kirche etc, Sonstige        <\/p>\n    \n            <p class=\"categories meta\" style=\"width: 100%\"><span class=\"fa fa-map-marker\"\n                                                             aria-hidden=\"true\"><\/span> Rheinland-Pfalz        <\/p>\n    \n<\/article>\n   \n\t\t\n          <article id=\"post-95606\" class=\"et_pb_post post-95606 wtwfb_entry type-wtwfb_entry status-publish has-post-thumbnail hentry wtwfb_category-schul-und-jugendclubgaerten wtwfb_region-thueringen\">\n    <h2 class=\"entry-title\"><a href=\"https:\/\/wettbewerb-archiv.wir-tun-was-fuer-bienen.de\/archiv-2023\/eintrag\/2023-bluehstreifen-fuer-unsere-bienen\/\">Bl\u00fchstreifen f\u00fcr unsere Bienen<\/a>\n    <\/h2>\n    <a href=\"https:\/\/wettbewerb-archiv.wir-tun-was-fuer-bienen.de\/archiv-2023\/eintrag\/2023-bluehstreifen-fuer-unsere-bienen\/\">\n        <div class=\"bienen-entry-image\">\n            <img decoding=\"async\" width=\"400\" height=\"300\" src=\"https:\/\/wettbewerb-archiv.wir-tun-was-fuer-bienen.de\/archiv-2023\/wp-content\/uploads\/sites\/8\/2023\/06\/Biene-400x300.jpg\" class=\"attachment-bienen-grid-thumb size-bienen-grid-thumb wp-post-image\" alt=\"\" loading=\"lazy\" \/>                    <\/div>\n    <\/a>\n\n    \n\n    <div class=\"user flex\">\n        \n                    <img decoding=\"async\" src=\"https:\/\/wettbewerb-archiv.wir-tun-was-fuer-bienen.de\/archiv-2023\/wp-content\/themes\/bienen\/assets\/images\/avatar-placeholder.png\" style=\"border-radius: 30px;\" height=\"30\" width=\"30\">\n            Imker-AG Bio-Landschule            <\/div>\n    \n    \n            <p class=\"categories meta\" style=\"width: 100%\"><span class=\"fa fa-tag\"\n                                                             aria-hidden=\"true\"><\/span> Schulg\u00e4rten        <\/p>\n    \n            <p class=\"categories meta\" style=\"width: 100%\"><span class=\"fa fa-map-marker\"\n                                                             aria-hidden=\"true\"><\/span> Th\u00fcringen        <\/p>\n    \n<\/article>\n   \n\t\t\n          <article id=\"post-95525\" class=\"et_pb_post post-95525 wtwfb_entry type-wtwfb_entry status-publish has-post-thumbnail hentry wtwfb_category-kleingartenparzellen wtwfb_region-mecklenburg-vorpommern\">\n    <h2 class=\"entry-title\"><a href=\"https:\/\/wettbewerb-archiv.wir-tun-was-fuer-bienen.de\/archiv-2023\/eintrag\/2023-pflanzen-fuer-die-bienen\/\">Pflanzen f\u00fcr die Bienen<\/a>\n    <\/h2>\n    <a href=\"https:\/\/wettbewerb-archiv.wir-tun-was-fuer-bienen.de\/archiv-2023\/eintrag\/2023-pflanzen-fuer-die-bienen\/\">\n        <div class=\"bienen-entry-image\">\n            <img decoding=\"async\" width=\"400\" height=\"300\" src=\"https:\/\/wettbewerb-archiv.wir-tun-was-fuer-bienen.de\/archiv-2023\/wp-content\/uploads\/sites\/8\/2023\/06\/IMG_6734-400x300.jpeg\" class=\"attachment-bienen-grid-thumb size-bienen-grid-thumb wp-post-image\" alt=\"\" loading=\"lazy\" srcset=\"https:\/\/wettbewerb-archiv.wir-tun-was-fuer-bienen.de\/archiv-2023\/wp-content\/uploads\/sites\/8\/2023\/06\/IMG_6734-400x300.jpeg 400w, https:\/\/wettbewerb-archiv.wir-tun-was-fuer-bienen.de\/archiv-2023\/wp-content\/uploads\/sites\/8\/2023\/06\/IMG_6734-768x576.jpeg 768w, https:\/\/wettbewerb-archiv.wir-tun-was-fuer-bienen.de\/archiv-2023\/wp-content\/uploads\/sites\/8\/2023\/06\/IMG_6734-1024x768.jpeg 1024w, https:\/\/wettbewerb-archiv.wir-tun-was-fuer-bienen.de\/archiv-2023\/wp-content\/uploads\/sites\/8\/2023\/06\/IMG_6734.jpeg 1920w\" sizes=\"(max-width: 400px) 100vw, 400px\" \/>                    <\/div>\n    <\/a>\n\n    \n\n    <div class=\"user flex\">\n        \n                    <img decoding=\"async\" src=\"https:\/\/wettbewerb-archiv.wir-tun-was-fuer-bienen.de\/archiv-2023\/wp-content\/themes\/bienen\/assets\/images\/avatar-placeholder.png\" style=\"border-radius: 30px;\" height=\"30\" width=\"30\">\n            Kita B\u00e4renhaus            <\/div>\n    \n    \n            <p class=\"categories meta\" style=\"width: 100%\"><span class=\"fa fa-tag\"\n                                                             aria-hidden=\"true\"><\/span> Kleingartenparzellen        <\/p>\n    \n            <p class=\"categories meta\" style=\"width: 100%\"><span class=\"fa fa-map-marker\"\n                                                             aria-hidden=\"true\"><\/span> Mecklenburg-Vorpommern        <\/p>\n    \n<\/article>\n   \n\t\t\n          <article id=\"post-95464\" class=\"et_pb_post post-95464 wtwfb_entry type-wtwfb_entry status-publish has-post-thumbnail hentry wtwfb_category-kita-gaerten wtwfb_region-nordrhein-westfalen\">\n    <h2 class=\"entry-title\"><a href=\"https:\/\/wettbewerb-archiv.wir-tun-was-fuer-bienen.de\/archiv-2023\/eintrag\/2023-kita-kleine-fuechse-buzzes\/\">Kita Kleine F\u00fcchse Buzzes!<\/a>\n    <\/h2>\n    <a href=\"https:\/\/wettbewerb-archiv.wir-tun-was-fuer-bienen.de\/archiv-2023\/eintrag\/2023-kita-kleine-fuechse-buzzes\/\">\n        <div class=\"bienen-entry-image\">\n            <img decoding=\"async\" width=\"345\" height=\"259\" src=\"https:\/\/wettbewerb-archiv.wir-tun-was-fuer-bienen.de\/archiv-2023\/wp-content\/uploads\/sites\/8\/2023\/06\/GartenBild.jpg\" class=\"attachment-bienen-grid-thumb size-bienen-grid-thumb wp-post-image\" alt=\"\" loading=\"lazy\" \/>                    <\/div>\n    <\/a>\n\n    \n\n    <div class=\"user flex\">\n        \n                    <img decoding=\"async\" src=\"https:\/\/wettbewerb-archiv.wir-tun-was-fuer-bienen.de\/archiv-2023\/wp-content\/themes\/bienen\/assets\/images\/avatar-placeholder.png\" style=\"border-radius: 30px;\" height=\"30\" width=\"30\">\n            Kita Kleine F\u00fcchse            <\/div>\n    \n    \n            <p class=\"categories meta\" style=\"width: 100%\"><span class=\"fa fa-tag\"\n                                                             aria-hidden=\"true\"><\/span> Kita-G\u00e4rten        <\/p>\n    \n            <p class=\"categories meta\" style=\"width: 100%\"><span class=\"fa fa-map-marker\"\n                                                             aria-hidden=\"true\"><\/span> Nordrhein-Westfalen        <\/p>\n    \n<\/article>\n   \n\t\t\n          <article id=\"post-95462\" class=\"et_pb_post post-95462 wtwfb_entry type-wtwfb_entry status-publish has-post-thumbnail hentry wtwfb_category-vereinsgaerten-liegenschaften-von-verwaltung-kirche-etc-sonstige wtwfb_region-brandenburg\">\n    <h2 class=\"entry-title\"><a href=\"https:\/\/wettbewerb-archiv.wir-tun-was-fuer-bienen.de\/archiv-2023\/eintrag\/2023-bienefreundliche-farbtupfer-im-gemeindegarten\/\">Bienefreundliche Farbtupfer im Gemeindegarten<\/a>\n    <\/h2>\n    <a href=\"https:\/\/wettbewerb-archiv.wir-tun-was-fuer-bienen.de\/archiv-2023\/eintrag\/2023-bienefreundliche-farbtupfer-im-gemeindegarten\/\">\n        <div class=\"bienen-entry-image\">\n            <img decoding=\"async\" width=\"400\" height=\"300\" src=\"https:\/\/wettbewerb-archiv.wir-tun-was-fuer-bienen.de\/archiv-2023\/wp-content\/uploads\/sites\/8\/2023\/06\/IMG_6988-400x300.jpg\" class=\"attachment-bienen-grid-thumb size-bienen-grid-thumb wp-post-image\" alt=\"\" loading=\"lazy\" \/>                    <\/div>\n    <\/a>\n\n    \n\n    <div class=\"user flex\">\n        \n                    <img decoding=\"async\" src=\"https:\/\/wettbewerb-archiv.wir-tun-was-fuer-bienen.de\/archiv-2023\/wp-content\/themes\/bienen\/assets\/images\/avatar-placeholder.png\" style=\"border-radius: 30px;\" height=\"30\" width=\"30\">\n            ev. KG Bad Liebenwerda - M\u00e4usebrigade            <\/div>\n    \n    \n            <p class=\"categories meta\" style=\"width: 100%\"><span class=\"fa fa-tag\"\n                                                             aria-hidden=\"true\"><\/span> Vereinsg\u00e4rten, Unis, Liegenschaften von Verwaltung, Kirche etc, Sonstige        <\/p>\n    \n            <p class=\"categories meta\" style=\"width: 100%\"><span class=\"fa fa-map-marker\"\n                                                             aria-hidden=\"true\"><\/span> Brandenburg        <\/p>\n    \n<\/article>\n   \n\t\t\n          <article id=\"post-95275\" class=\"et_pb_post post-95275 wtwfb_entry type-wtwfb_entry status-publish has-post-thumbnail hentry wtwfb_category-balkone-terrassen-dachbegruenung-vertikale-gaerten wtwfb_region-nordrhein-westfalen\">\n    <h2 class=\"entry-title\"><a href=\"https:\/\/wettbewerb-archiv.wir-tun-was-fuer-bienen.de\/archiv-2023\/eintrag\/2023-aktion-heimische-blumen-fuer-unsere-wildbienen\/\">Aktion heimische Blumen f\u00fcr unsere Wildbienen<\/a>\n    <\/h2>\n    <a href=\"https:\/\/wettbewerb-archiv.wir-tun-was-fuer-bienen.de\/archiv-2023\/eintrag\/2023-aktion-heimische-blumen-fuer-unsere-wildbienen\/\">\n        <div class=\"bienen-entry-image\">\n            <img decoding=\"async\" width=\"400\" height=\"300\" src=\"https:\/\/wettbewerb-archiv.wir-tun-was-fuer-bienen.de\/archiv-2023\/wp-content\/uploads\/sites\/8\/2023\/06\/95177DE6-B5A8-443C-B424-3188252B9344-400x300.jpeg\" class=\"attachment-bienen-grid-thumb size-bienen-grid-thumb wp-post-image\" alt=\"\" loading=\"lazy\" \/>                    <\/div>\n    <\/a>\n\n    \n\n    <div class=\"user flex\">\n        \n                    <img decoding=\"async\" src=\"https:\/\/wettbewerb-archiv.wir-tun-was-fuer-bienen.de\/archiv-2023\/wp-content\/themes\/bienen\/assets\/images\/avatar-placeholder.png\" style=\"border-radius: 30px;\" height=\"30\" width=\"30\">\n            Magic Flowers            <\/div>\n    \n    \n            <p class=\"categories meta\" style=\"width: 100%\"><span class=\"fa fa-tag\"\n                                                             aria-hidden=\"true\"><\/span> Balkone, Terrassen, Dachg\u00e4rten, vertikale G\u00e4rten        <\/p>\n    \n            <p class=\"categories meta\" style=\"width: 100%\"><span class=\"fa fa-map-marker\"\n                                                             aria-hidden=\"true\"><\/span> Nordrhein-Westfalen        <\/p>\n    \n<\/article>\n   \n\t\t\n          <article id=\"post-95128\" class=\"et_pb_post post-95128 wtwfb_entry type-wtwfb_entry status-publish has-post-thumbnail hentry wtwfb_category-schul-und-jugendclubgaerten wtwfb_region-niedersachsen\">\n    <h2 class=\"entry-title\"><a href=\"https:\/\/wettbewerb-archiv.wir-tun-was-fuer-bienen.de\/archiv-2023\/eintrag\/2023-gbg-seelze-schulimkerei-meets-schulgarten-und-wildbestaeuberprojekt\/\">Schulimkerei meets Schulgarten und Wildbest\u00e4uberoase<\/a>\n    <\/h2>\n    <a href=\"https:\/\/wettbewerb-archiv.wir-tun-was-fuer-bienen.de\/archiv-2023\/eintrag\/2023-gbg-seelze-schulimkerei-meets-schulgarten-und-wildbestaeuberprojekt\/\">\n        <div class=\"bienen-entry-image\">\n            <img decoding=\"async\" width=\"400\" height=\"300\" src=\"https:\/\/wettbewerb-archiv.wir-tun-was-fuer-bienen.de\/archiv-2023\/wp-content\/uploads\/sites\/8\/2023\/06\/03-gbg-honey7x4cm-KFM-400x300.jpg\" class=\"attachment-bienen-grid-thumb size-bienen-grid-thumb wp-post-image\" alt=\"\" loading=\"lazy\" \/>                    <\/div>\n    <\/a>\n\n    \n\n    <div class=\"user flex\">\n        \n                    <img decoding=\"async\" src=\"https:\/\/wettbewerb-archiv.wir-tun-was-fuer-bienen.de\/archiv-2023\/wp-content\/themes\/bienen\/assets\/images\/avatar-placeholder.png\" style=\"border-radius: 30px;\" height=\"30\" width=\"30\">\n            Georg-B\u00fcchner-Gymnasium Seelze (Region Hannover)            <\/div>\n    \n    <p class=\"categories meta bienen-gewinner\"><span class=\"fa fa-trophy\"                                                              aria-hidden=\"true\"><\/span> Gewinner<\/p>\n            <p class=\"categories meta\" style=\"width: 100%\"><span class=\"fa fa-tag\"\n                                                             aria-hidden=\"true\"><\/span> Schulg\u00e4rten        <\/p>\n    \n            <p class=\"categories meta\" style=\"width: 100%\"><span class=\"fa fa-map-marker\"\n                                                             aria-hidden=\"true\"><\/span> Niedersachsen        <\/p>\n    \n<\/article>\n   \n\t\t\n          <article id=\"post-95069\" class=\"et_pb_post post-95069 wtwfb_entry type-wtwfb_entry status-publish has-post-thumbnail hentry wtwfb_category-privatgaerten-gross-500-m wtwfb_region-rheinland-pfalz\">\n    <h2 class=\"entry-title\"><a href=\"https:\/\/wettbewerb-archiv.wir-tun-was-fuer-bienen.de\/archiv-2023\/eintrag\/2023-was-tun-gegen-das-insektensterben\/\">Was tun gegen das Insektensterben!<\/a>\n    <\/h2>\n    <a href=\"https:\/\/wettbewerb-archiv.wir-tun-was-fuer-bienen.de\/archiv-2023\/eintrag\/2023-was-tun-gegen-das-insektensterben\/\">\n        <div class=\"bienen-entry-image\">\n            <img decoding=\"async\" width=\"400\" height=\"300\" src=\"https:\/\/wettbewerb-archiv.wir-tun-was-fuer-bienen.de\/archiv-2023\/wp-content\/uploads\/sites\/8\/2023\/06\/Startbild-1-400x300.jpg\" class=\"attachment-bienen-grid-thumb size-bienen-grid-thumb wp-post-image\" alt=\"\" loading=\"lazy\" \/>                    <\/div>\n    <\/a>\n\n    \n\n    <div class=\"user flex\">\n        \n                    <img decoding=\"async\" src=\"https:\/\/wettbewerb-archiv.wir-tun-was-fuer-bienen.de\/archiv-2023\/wp-content\/themes\/bienen\/assets\/images\/avatar-placeholder.png\" style=\"border-radius: 30px;\" height=\"30\" width=\"30\">\n            Hobbyimkerei am D\u00f6hmberg            <\/div>\n    \n    \n            <p class=\"categories meta\" style=\"width: 100%\"><span class=\"fa fa-tag\"\n                                                             aria-hidden=\"true\"><\/span> Privatg\u00e4rten gro\u00df (ab 500 m\u00b2)        <\/p>\n    \n            <p class=\"categories meta\" style=\"width: 100%\"><span class=\"fa fa-map-marker\"\n                                                             aria-hidden=\"true\"><\/span> Rheinland-Pfalz        <\/p>\n    \n<\/article>\n   \n\t\t\n          <article id=\"post-95050\" class=\"et_pb_post post-95050 wtwfb_entry type-wtwfb_entry status-publish has-post-thumbnail hentry wtwfb_category-kleingartenparzellen wtwfb_region-bayern\">\n    <h2 class=\"entry-title\"><a href=\"https:\/\/wettbewerb-archiv.wir-tun-was-fuer-bienen.de\/archiv-2023\/eintrag\/2023-vom-betonlager-zur-bienenoase\/\">Vom Betonlager zur Bienenoase<\/a>\n    <\/h2>\n    <a href=\"https:\/\/wettbewerb-archiv.wir-tun-was-fuer-bienen.de\/archiv-2023\/eintrag\/2023-vom-betonlager-zur-bienenoase\/\">\n        <div class=\"bienen-entry-image\">\n            <img decoding=\"async\" width=\"400\" height=\"300\" src=\"https:\/\/wettbewerb-archiv.wir-tun-was-fuer-bienen.de\/archiv-2023\/wp-content\/uploads\/sites\/8\/2023\/06\/DSC_1341-400x300.jpg\" class=\"attachment-bienen-grid-thumb size-bienen-grid-thumb wp-post-image\" alt=\"\" loading=\"lazy\" srcset=\"https:\/\/wettbewerb-archiv.wir-tun-was-fuer-bienen.de\/archiv-2023\/wp-content\/uploads\/sites\/8\/2023\/06\/DSC_1341-400x300.jpg 400w, https:\/\/wettbewerb-archiv.wir-tun-was-fuer-bienen.de\/archiv-2023\/wp-content\/uploads\/sites\/8\/2023\/06\/DSC_1341-768x576.jpg 768w, https:\/\/wettbewerb-archiv.wir-tun-was-fuer-bienen.de\/archiv-2023\/wp-content\/uploads\/sites\/8\/2023\/06\/DSC_1341-1024x768.jpg 1024w, https:\/\/wettbewerb-archiv.wir-tun-was-fuer-bienen.de\/archiv-2023\/wp-content\/uploads\/sites\/8\/2023\/06\/DSC_1341.jpg 1920w\" sizes=\"(max-width: 400px) 100vw, 400px\" \/>                    <\/div>\n    <\/a>\n\n    \n\n    <div class=\"user flex\">\n        \n                    <img decoding=\"async\" src=\"https:\/\/wettbewerb-archiv.wir-tun-was-fuer-bienen.de\/archiv-2023\/wp-content\/themes\/bienen\/assets\/images\/avatar-placeholder.png\" style=\"border-radius: 30px;\" height=\"30\" width=\"30\">\n            Mujoko71            <\/div>\n    \n    \n            <p class=\"categories meta\" style=\"width: 100%\"><span class=\"fa fa-tag\"\n                                                             aria-hidden=\"true\"><\/span> Kleingartenparzellen        <\/p>\n    \n            <p class=\"categories meta\" style=\"width: 100%\"><span class=\"fa fa-map-marker\"\n                                                             aria-hidden=\"true\"><\/span> Bayern        <\/p>\n    \n<\/article>\n   \n\t\t\n          <article id=\"post-94964\" class=\"et_pb_post post-94964 wtwfb_entry type-wtwfb_entry status-publish has-post-thumbnail hentry wtwfb_category-balkone-terrassen-dachbegruenung-vertikale-gaerten wtwfb_region-hamburg\">\n    <h2 class=\"entry-title\"><a href=\"https:\/\/wettbewerb-archiv.wir-tun-was-fuer-bienen.de\/archiv-2023\/eintrag\/2023-wildbienenfreundlicher-balkon-in-eimsbusch\/\">Wildbienenfreundlicher Balkon in Hamburg<\/a>\n    <\/h2>\n    <a href=\"https:\/\/wettbewerb-archiv.wir-tun-was-fuer-bienen.de\/archiv-2023\/eintrag\/2023-wildbienenfreundlicher-balkon-in-eimsbusch\/\">\n        <div class=\"bienen-entry-image\">\n            <img decoding=\"async\" width=\"400\" height=\"300\" src=\"https:\/\/wettbewerb-archiv.wir-tun-was-fuer-bienen.de\/archiv-2023\/wp-content\/uploads\/sites\/8\/2023\/06\/PXL_20230617_094713598-400x300.jpg\" class=\"attachment-bienen-grid-thumb size-bienen-grid-thumb wp-post-image\" alt=\"\" loading=\"lazy\" \/>                    <\/div>\n    <\/a>\n\n    \n\n    <div class=\"user flex\">\n        \n                    <img decoding=\"async\" src=\"https:\/\/wettbewerb-archiv.wir-tun-was-fuer-bienen.de\/archiv-2023\/wp-content\/themes\/bienen\/assets\/images\/avatar-placeholder.png\" style=\"border-radius: 30px;\" height=\"30\" width=\"30\">\n            Anne Beuttenm\u00fcller            <\/div>\n    \n    <p class=\"categories meta bienen-gewinner\"><span class=\"fa fa-trophy\"                                                              aria-hidden=\"true\"><\/span> Gewinner<\/p>\n            <p class=\"categories meta\" style=\"width: 100%\"><span class=\"fa fa-tag\"\n                                                             aria-hidden=\"true\"><\/span> Balkone, Terrassen, Dachg\u00e4rten, vertikale G\u00e4rten        <\/p>\n    \n            <p class=\"categories meta\" style=\"width: 100%\"><span class=\"fa fa-map-marker\"\n                                                             aria-hidden=\"true\"><\/span> Hamburg        <\/p>\n    \n<\/article>\n   \n\t\t\n          <article id=\"post-94881\" class=\"et_pb_post post-94881 wtwfb_entry type-wtwfb_entry status-publish has-post-thumbnail hentry wtwfb_category-kleingartenparzellen wtwfb_region-sachsen\">\n    <h2 class=\"entry-title\"><a href=\"https:\/\/wettbewerb-archiv.wir-tun-was-fuer-bienen.de\/archiv-2023\/eintrag\/2023-kraeutergarten\/\">Kr\u00e4utergarten<\/a>\n    <\/h2>\n    <a href=\"https:\/\/wettbewerb-archiv.wir-tun-was-fuer-bienen.de\/archiv-2023\/eintrag\/2023-kraeutergarten\/\">\n        <div class=\"bienen-entry-image\">\n            <img decoding=\"async\" width=\"400\" height=\"300\" src=\"https:\/\/wettbewerb-archiv.wir-tun-was-fuer-bienen.de\/archiv-2023\/wp-content\/uploads\/sites\/8\/2023\/06\/20220723_130934-400x300.jpg\" class=\"attachment-bienen-grid-thumb size-bienen-grid-thumb wp-post-image\" alt=\"\" loading=\"lazy\" \/>                    <\/div>\n    <\/a>\n\n    \n\n    <div class=\"user flex\">\n        \n                    <img decoding=\"async\" src=\"https:\/\/wettbewerb-archiv.wir-tun-was-fuer-bienen.de\/archiv-2023\/wp-content\/themes\/bienen\/assets\/images\/avatar-placeholder.png\" style=\"border-radius: 30px;\" height=\"30\" width=\"30\">\n            Kr\u00e4utergarten            <\/div>\n    \n    <p class=\"categories meta bienen-gewinner\"><span class=\"fa fa-trophy\"                                                              aria-hidden=\"true\"><\/span> Gewinner<\/p>\n            <p class=\"categories meta\" style=\"width: 100%\"><span class=\"fa fa-tag\"\n                                                             aria-hidden=\"true\"><\/span> Kleingartenparzellen        <\/p>\n    \n            <p class=\"categories meta\" style=\"width: 100%\"><span class=\"fa fa-map-marker\"\n                                                             aria-hidden=\"true\"><\/span> Sachsen        <\/p>\n    \n<\/article>\n   \n\t\t\n          <article id=\"post-94877\" class=\"et_pb_post post-94877 wtwfb_entry type-wtwfb_entry status-publish has-post-thumbnail hentry wtwfb_category-kommunale-flaechen wtwfb_region-rheinland-pfalz\">\n    <h2 class=\"entry-title\"><a href=\"https:\/\/wettbewerb-archiv.wir-tun-was-fuer-bienen.de\/archiv-2023\/eintrag\/2023-insektenfreundlicher-garten-am-gautor-in-oppenheim\/\">Insektenfreundlicher Garten am Gautor in Oppenheim<\/a>\n    <\/h2>\n    <a href=\"https:\/\/wettbewerb-archiv.wir-tun-was-fuer-bienen.de\/archiv-2023\/eintrag\/2023-insektenfreundlicher-garten-am-gautor-in-oppenheim\/\">\n        <div class=\"bienen-entry-image\">\n            <img decoding=\"async\" width=\"400\" height=\"300\" src=\"https:\/\/wettbewerb-archiv.wir-tun-was-fuer-bienen.de\/archiv-2023\/wp-content\/uploads\/sites\/8\/2023\/06\/1686906604493-400x300.jpg\" class=\"attachment-bienen-grid-thumb size-bienen-grid-thumb wp-post-image\" alt=\"\" loading=\"lazy\" \/>                    <\/div>\n    <\/a>\n\n    \n\n    <div class=\"user flex\">\n        \n                    <img decoding=\"async\" src=\"https:\/\/wettbewerb-archiv.wir-tun-was-fuer-bienen.de\/archiv-2023\/wp-content\/themes\/bienen\/assets\/images\/avatar-placeholder.png\" style=\"border-radius: 30px;\" height=\"30\" width=\"30\">\n            Stadt Oppenheim            <\/div>\n    \n    \n            <p class=\"categories meta\" style=\"width: 100%\"><span class=\"fa fa-tag\"\n                                                             aria-hidden=\"true\"><\/span> Kommunale Fl\u00e4chen        <\/p>\n    \n            <p class=\"categories meta\" style=\"width: 100%\"><span class=\"fa fa-map-marker\"\n                                                             aria-hidden=\"true\"><\/span> Rheinland-Pfalz        <\/p>\n    \n<\/article>\n   \n\t\t\n          <article id=\"post-94766\" class=\"et_pb_post post-94766 wtwfb_entry type-wtwfb_entry status-publish has-post-thumbnail hentry wtwfb_category-kita-gaerten wtwfb_region-thueringen\">\n    <h2 class=\"entry-title\"><a href=\"https:\/\/wettbewerb-archiv.wir-tun-was-fuer-bienen.de\/archiv-2023\/eintrag\/2023-evangelischer-kindergarten-regenbogen-in-graefenroda\/\">Evangelischer Kindergarten &#8222;Regenbogen&#8220; in Gr\u00e4fenroda<\/a>\n    <\/h2>\n    <a href=\"https:\/\/wettbewerb-archiv.wir-tun-was-fuer-bienen.de\/archiv-2023\/eintrag\/2023-evangelischer-kindergarten-regenbogen-in-graefenroda\/\">\n        <div class=\"bienen-entry-image\">\n            <img decoding=\"async\" width=\"400\" height=\"300\" src=\"https:\/\/wettbewerb-archiv.wir-tun-was-fuer-bienen.de\/archiv-2023\/wp-content\/uploads\/sites\/8\/2023\/06\/20230608_103459-400x300.jpg\" class=\"attachment-bienen-grid-thumb size-bienen-grid-thumb wp-post-image\" alt=\"\" loading=\"lazy\" \/>                    <\/div>\n    <\/a>\n\n    \n\n    <div class=\"user flex\">\n        \n                    <img decoding=\"async\" src=\"https:\/\/wettbewerb-archiv.wir-tun-was-fuer-bienen.de\/archiv-2023\/wp-content\/themes\/bienen\/assets\/images\/avatar-placeholder.png\" style=\"border-radius: 30px;\" height=\"30\" width=\"30\">\n            Evangelischer Kindergarten \"Regenbogen\"            <\/div>\n    \n    \n            <p class=\"categories meta\" style=\"width: 100%\"><span class=\"fa fa-tag\"\n                                                             aria-hidden=\"true\"><\/span> Kita-G\u00e4rten        <\/p>\n    \n            <p class=\"categories meta\" style=\"width: 100%\"><span class=\"fa fa-map-marker\"\n                                                             aria-hidden=\"true\"><\/span> Th\u00fcringen        <\/p>\n    \n<\/article>\n   \n\t\t\n          <article id=\"post-94753\" class=\"et_pb_post post-94753 wtwfb_entry type-wtwfb_entry status-publish has-post-thumbnail hentry wtwfb_category-vereinsgaerten-liegenschaften-von-verwaltung-kirche-etc-sonstige wtwfb_region-nordrhein-westfalen\">\n    <h2 class=\"entry-title\"><a href=\"https:\/\/wettbewerb-archiv.wir-tun-was-fuer-bienen.de\/archiv-2023\/eintrag\/2023-neues-wildbienen-resort-der-gocher-pfadfinder-eroeffnet\/\">Neues Wildbienen-Resort der Gocher Pfadfinder er\u00f6ffnet...<\/a>\n    <\/h2>\n    <a href=\"https:\/\/wettbewerb-archiv.wir-tun-was-fuer-bienen.de\/archiv-2023\/eintrag\/2023-neues-wildbienen-resort-der-gocher-pfadfinder-eroeffnet\/\">\n        <div class=\"bienen-entry-image\">\n            <img decoding=\"async\" width=\"400\" height=\"300\" src=\"https:\/\/wettbewerb-archiv.wir-tun-was-fuer-bienen.de\/archiv-2023\/wp-content\/uploads\/sites\/8\/2023\/06\/12825555_XXL-400x300.jpg\" class=\"attachment-bienen-grid-thumb size-bienen-grid-thumb wp-post-image\" alt=\"\" loading=\"lazy\" srcset=\"https:\/\/wettbewerb-archiv.wir-tun-was-fuer-bienen.de\/archiv-2023\/wp-content\/uploads\/sites\/8\/2023\/06\/12825555_XXL-400x300.jpg 400w, https:\/\/wettbewerb-archiv.wir-tun-was-fuer-bienen.de\/archiv-2023\/wp-content\/uploads\/sites\/8\/2023\/06\/12825555_XXL-768x576.jpg 768w, https:\/\/wettbewerb-archiv.wir-tun-was-fuer-bienen.de\/archiv-2023\/wp-content\/uploads\/sites\/8\/2023\/06\/12825555_XXL-1024x768.jpg 1024w, https:\/\/wettbewerb-archiv.wir-tun-was-fuer-bienen.de\/archiv-2023\/wp-content\/uploads\/sites\/8\/2023\/06\/12825555_XXL.jpg 1920w\" sizes=\"(max-width: 400px) 100vw, 400px\" \/>                    <\/div>\n    <\/a>\n\n    \n\n    <div class=\"user flex\">\n        \n                    <img decoding=\"async\" src=\"https:\/\/wettbewerb-archiv.wir-tun-was-fuer-bienen.de\/archiv-2023\/wp-content\/themes\/bienen\/assets\/images\/avatar-placeholder.png\" style=\"border-radius: 30px;\" height=\"30\" width=\"30\">\n            DPSG Edelweiss Goch            <\/div>\n    \n    \n            <p class=\"categories meta\" style=\"width: 100%\"><span class=\"fa fa-tag\"\n                                                             aria-hidden=\"true\"><\/span> Vereinsg\u00e4rten, Unis, Liegenschaften von Verwaltung, Kirche etc, Sonstige        <\/p>\n    \n            <p class=\"categories meta\" style=\"width: 100%\"><span class=\"fa fa-map-marker\"\n                                                             aria-hidden=\"true\"><\/span> Nordrhein-Westfalen        <\/p>\n    \n<\/article>\n   \n\t\t\n          <article id=\"post-94713\" class=\"et_pb_post post-94713 wtwfb_entry type-wtwfb_entry status-publish has-post-thumbnail hentry wtwfb_category-vereinsgaerten-liegenschaften-von-verwaltung-kirche-etc-sonstige wtwfb_region-bayern\">\n    <h2 class=\"entry-title\"><a href=\"https:\/\/wettbewerb-archiv.wir-tun-was-fuer-bienen.de\/archiv-2023\/eintrag\/2023-bienenweide\/\">Bienenweide<\/a>\n    <\/h2>\n    <a href=\"https:\/\/wettbewerb-archiv.wir-tun-was-fuer-bienen.de\/archiv-2023\/eintrag\/2023-bienenweide\/\">\n        <div class=\"bienen-entry-image\">\n            <img decoding=\"async\" width=\"400\" height=\"300\" src=\"https:\/\/wettbewerb-archiv.wir-tun-was-fuer-bienen.de\/archiv-2023\/wp-content\/uploads\/sites\/8\/2023\/06\/PXL_20230615_084355128-400x300.jpg\" class=\"attachment-bienen-grid-thumb size-bienen-grid-thumb wp-post-image\" alt=\"\" loading=\"lazy\" srcset=\"https:\/\/wettbewerb-archiv.wir-tun-was-fuer-bienen.de\/archiv-2023\/wp-content\/uploads\/sites\/8\/2023\/06\/PXL_20230615_084355128-400x300.jpg 400w, https:\/\/wettbewerb-archiv.wir-tun-was-fuer-bienen.de\/archiv-2023\/wp-content\/uploads\/sites\/8\/2023\/06\/PXL_20230615_084355128-768x576.jpg 768w, https:\/\/wettbewerb-archiv.wir-tun-was-fuer-bienen.de\/archiv-2023\/wp-content\/uploads\/sites\/8\/2023\/06\/PXL_20230615_084355128-1024x768.jpg 1024w\" sizes=\"(max-width: 400px) 100vw, 400px\" \/>                    <\/div>\n    <\/a>\n\n    \n\n    <div class=\"user flex\">\n        \n                    <img decoding=\"async\" src=\"https:\/\/wettbewerb-archiv.wir-tun-was-fuer-bienen.de\/archiv-2023\/wp-content\/themes\/bienen\/assets\/images\/avatar-placeholder.png\" style=\"border-radius: 30px;\" height=\"30\" width=\"30\">\n            TOW Rummelsberg            <\/div>\n    \n    \n            <p class=\"categories meta\" style=\"width: 100%\"><span class=\"fa fa-tag\"\n                                                             aria-hidden=\"true\"><\/span> Vereinsg\u00e4rten, Unis, Liegenschaften von Verwaltung, Kirche etc, Sonstige        <\/p>\n    \n            <p class=\"categories meta\" style=\"width: 100%\"><span class=\"fa fa-map-marker\"\n                                                             aria-hidden=\"true\"><\/span> Bayern        <\/p>\n    \n<\/article>\n   \n\t\t\n          <article id=\"post-94634\" class=\"et_pb_post post-94634 wtwfb_entry type-wtwfb_entry status-publish has-post-thumbnail hentry wtwfb_category-bestehende-naturgaerten wtwfb_region-niedersachsen\">\n    <h2 class=\"entry-title\"><a href=\"https:\/\/wettbewerb-archiv.wir-tun-was-fuer-bienen.de\/archiv-2023\/eintrag\/2023-wander-und-aktionstage-ins-bienenglueck\/\">Wander &#8211; und Aktionstage ins Bienengl\u00fcck<\/a>\n    <\/h2>\n    <a href=\"https:\/\/wettbewerb-archiv.wir-tun-was-fuer-bienen.de\/archiv-2023\/eintrag\/2023-wander-und-aktionstage-ins-bienenglueck\/\">\n        <div class=\"bienen-entry-image\">\n            <img decoding=\"async\" width=\"400\" height=\"300\" src=\"https:\/\/wettbewerb-archiv.wir-tun-was-fuer-bienen.de\/archiv-2023\/wp-content\/uploads\/sites\/8\/2023\/06\/Bienenglueck_gesamt-400x300.jpg\" class=\"attachment-bienen-grid-thumb size-bienen-grid-thumb wp-post-image\" alt=\"\" loading=\"lazy\" \/>                    <\/div>\n    <\/a>\n\n    \n\n    <div class=\"user flex\">\n        \n                    <img decoding=\"async\" src=\"https:\/\/wettbewerb-archiv.wir-tun-was-fuer-bienen.de\/archiv-2023\/wp-content\/themes\/bienen\/assets\/images\/avatar-placeholder.png\" style=\"border-radius: 30px;\" height=\"30\" width=\"30\">\n            Grundschule Lange Stra\u00dfe Ganderkesee            <\/div>\n    \n    \n            <p class=\"categories meta\" style=\"width: 100%\"><span class=\"fa fa-tag\"\n                                                             aria-hidden=\"true\"><\/span> Bestehende Naturg\u00e4rten (Pflege und Infoarbeit)        <\/p>\n    \n            <p class=\"categories meta\" style=\"width: 100%\"><span class=\"fa fa-map-marker\"\n                                                             aria-hidden=\"true\"><\/span> Niedersachsen        <\/p>\n    \n<\/article>\n   \n\t\t\n          <article id=\"post-94592\" class=\"et_pb_post post-94592 wtwfb_entry type-wtwfb_entry status-publish has-post-thumbnail hentry wtwfb_category-firmengaerten wtwfb_region-sachsen\">\n    <h2 class=\"entry-title\"><a href=\"https:\/\/wettbewerb-archiv.wir-tun-was-fuer-bienen.de\/archiv-2023\/eintrag\/2023-unsere-schmetterlingswiese\/\">Unsere Schmetterlingswiese<\/a>\n    <\/h2>\n    <a href=\"https:\/\/wettbewerb-archiv.wir-tun-was-fuer-bienen.de\/archiv-2023\/eintrag\/2023-unsere-schmetterlingswiese\/\">\n        <div class=\"bienen-entry-image\">\n            <img decoding=\"async\" width=\"400\" height=\"300\" src=\"https:\/\/wettbewerb-archiv.wir-tun-was-fuer-bienen.de\/archiv-2023\/wp-content\/uploads\/sites\/8\/2023\/06\/Lady-Finger-400x300.jpg\" class=\"attachment-bienen-grid-thumb size-bienen-grid-thumb wp-post-image\" alt=\"\" loading=\"lazy\" \/>                    <\/div>\n    <\/a>\n\n    \n\n    <div class=\"user flex\">\n        \n                    <img decoding=\"async\" src=\"https:\/\/wettbewerb-archiv.wir-tun-was-fuer-bienen.de\/archiv-2023\/wp-content\/themes\/bienen\/assets\/images\/avatar-placeholder.png\" style=\"border-radius: 30px;\" height=\"30\" width=\"30\">\n            Sachsenlotto            <\/div>\n    \n    \n            <p class=\"categories meta\" style=\"width: 100%\"><span class=\"fa fa-tag\"\n                                                             aria-hidden=\"true\"><\/span> Firmeng\u00e4rten        <\/p>\n    \n            <p class=\"categories meta\" style=\"width: 100%\"><span class=\"fa fa-map-marker\"\n                                                             aria-hidden=\"true\"><\/span> Sachsen        <\/p>\n    \n<\/article>\n   \n\t\t\n          <article id=\"post-94557\" class=\"et_pb_post post-94557 wtwfb_entry type-wtwfb_entry status-publish has-post-thumbnail hentry wtwfb_category-kita-gaerten wtwfb_region-rheinland-pfalz\">\n    <h2 class=\"entry-title\"><a href=\"https:\/\/wettbewerb-archiv.wir-tun-was-fuer-bienen.de\/archiv-2023\/eintrag\/2023-bienen-in-die-zukunftswerkstatt\/\">Bienen in die  ZUKUNFTswerkstatt<\/a>\n    <\/h2>\n    <a href=\"https:\/\/wettbewerb-archiv.wir-tun-was-fuer-bienen.de\/archiv-2023\/eintrag\/2023-bienen-in-die-zukunftswerkstatt\/\">\n        <div class=\"bienen-entry-image\">\n            <img decoding=\"async\" width=\"400\" height=\"300\" src=\"https:\/\/wettbewerb-archiv.wir-tun-was-fuer-bienen.de\/archiv-2023\/wp-content\/uploads\/sites\/8\/2023\/06\/20230517_101517-400x300.jpg\" class=\"attachment-bienen-grid-thumb size-bienen-grid-thumb wp-post-image\" alt=\"\" loading=\"lazy\" srcset=\"https:\/\/wettbewerb-archiv.wir-tun-was-fuer-bienen.de\/archiv-2023\/wp-content\/uploads\/sites\/8\/2023\/06\/20230517_101517-400x300.jpg 400w, https:\/\/wettbewerb-archiv.wir-tun-was-fuer-bienen.de\/archiv-2023\/wp-content\/uploads\/sites\/8\/2023\/06\/20230517_101517-768x576.jpg 768w, https:\/\/wettbewerb-archiv.wir-tun-was-fuer-bienen.de\/archiv-2023\/wp-content\/uploads\/sites\/8\/2023\/06\/20230517_101517-1024x768.jpg 1024w, https:\/\/wettbewerb-archiv.wir-tun-was-fuer-bienen.de\/archiv-2023\/wp-content\/uploads\/sites\/8\/2023\/06\/20230517_101517.jpg 1920w\" sizes=\"(max-width: 400px) 100vw, 400px\" \/>                    <\/div>\n    <\/a>\n\n    \n\n    <div class=\"user flex\">\n        \n                    <img decoding=\"async\" src=\"https:\/\/wettbewerb-archiv.wir-tun-was-fuer-bienen.de\/archiv-2023\/wp-content\/themes\/bienen\/assets\/images\/avatar-placeholder.png\" style=\"border-radius: 30px;\" height=\"30\" width=\"30\">\n            Kindergarten Zukunftswerkstatt            <\/div>\n    \n    \n            <p class=\"categories meta\" style=\"width: 100%\"><span class=\"fa fa-tag\"\n                                                             aria-hidden=\"true\"><\/span> Kita-G\u00e4rten        <\/p>\n    \n            <p class=\"categories meta\" style=\"width: 100%\"><span class=\"fa fa-map-marker\"\n                                                             aria-hidden=\"true\"><\/span> Rheinland-Pfalz        <\/p>\n    \n<\/article>\n   \n\t\t\n          <article id=\"post-94546\" class=\"et_pb_post post-94546 wtwfb_entry type-wtwfb_entry status-publish has-post-thumbnail hentry wtwfb_category-schul-und-jugendclubgaerten wtwfb_region-niedersachsen\">\n    <h2 class=\"entry-title\"><a href=\"https:\/\/wettbewerb-archiv.wir-tun-was-fuer-bienen.de\/archiv-2023\/eintrag\/2023-in-der-schule-am-habbruegger-weg-summt-es\/\">In der Schule am Habbr\u00fcgger Weg summt es!<\/a>\n    <\/h2>\n    <a href=\"https:\/\/wettbewerb-archiv.wir-tun-was-fuer-bienen.de\/archiv-2023\/eintrag\/2023-in-der-schule-am-habbruegger-weg-summt-es\/\">\n        <div class=\"bienen-entry-image\">\n            <img decoding=\"async\" width=\"400\" height=\"300\" src=\"https:\/\/wettbewerb-archiv.wir-tun-was-fuer-bienen.de\/archiv-2023\/wp-content\/uploads\/sites\/8\/2023\/06\/Blumenwiese-vor-der-Schule-400x300.jpeg\" class=\"attachment-bienen-grid-thumb size-bienen-grid-thumb wp-post-image\" alt=\"\" loading=\"lazy\" srcset=\"https:\/\/wettbewerb-archiv.wir-tun-was-fuer-bienen.de\/archiv-2023\/wp-content\/uploads\/sites\/8\/2023\/06\/Blumenwiese-vor-der-Schule-400x300.jpeg 400w, https:\/\/wettbewerb-archiv.wir-tun-was-fuer-bienen.de\/archiv-2023\/wp-content\/uploads\/sites\/8\/2023\/06\/Blumenwiese-vor-der-Schule-768x576.jpeg 768w, https:\/\/wettbewerb-archiv.wir-tun-was-fuer-bienen.de\/archiv-2023\/wp-content\/uploads\/sites\/8\/2023\/06\/Blumenwiese-vor-der-Schule.jpeg 1024w\" sizes=\"(max-width: 400px) 100vw, 400px\" \/>                    <\/div>\n    <\/a>\n\n    \n\n    <div class=\"user flex\">\n        \n                    <img decoding=\"async\" src=\"https:\/\/wettbewerb-archiv.wir-tun-was-fuer-bienen.de\/archiv-2023\/wp-content\/themes\/bienen\/assets\/images\/avatar-placeholder.png\" style=\"border-radius: 30px;\" height=\"30\" width=\"30\">\n            Schule am Habbr\u00fcgger Weg            <\/div>\n    \n    \n            <p class=\"categories meta\" style=\"width: 100%\"><span class=\"fa fa-tag\"\n                                                             aria-hidden=\"true\"><\/span> Schulg\u00e4rten        <\/p>\n    \n            <p class=\"categories meta\" style=\"width: 100%\"><span class=\"fa fa-map-marker\"\n                                                             aria-hidden=\"true\"><\/span> Niedersachsen        <\/p>\n    \n<\/article>\n   \n\t\t\n          <article id=\"post-94523\" class=\"et_pb_post post-94523 wtwfb_entry type-wtwfb_entry status-publish has-post-thumbnail hentry wtwfb_category-vereinsgaerten-liegenschaften-von-verwaltung-kirche-etc-sonstige wtwfb_region-nordrhein-westfalen\">\n    <h2 class=\"entry-title\"><a href=\"https:\/\/wettbewerb-archiv.wir-tun-was-fuer-bienen.de\/archiv-2023\/eintrag\/2023-insektengarten-im-tuppenhof\/\">Insektengarten im Tuppenhof<\/a>\n    <\/h2>\n    <a href=\"https:\/\/wettbewerb-archiv.wir-tun-was-fuer-bienen.de\/archiv-2023\/eintrag\/2023-insektengarten-im-tuppenhof\/\">\n        <div class=\"bienen-entry-image\">\n            <img decoding=\"async\" width=\"400\" height=\"300\" src=\"https:\/\/wettbewerb-archiv.wir-tun-was-fuer-bienen.de\/archiv-2023\/wp-content\/uploads\/sites\/8\/2023\/07\/20230630_im-Sommer-400x300.jpg\" class=\"attachment-bienen-grid-thumb size-bienen-grid-thumb wp-post-image\" alt=\"\" loading=\"lazy\" srcset=\"https:\/\/wettbewerb-archiv.wir-tun-was-fuer-bienen.de\/archiv-2023\/wp-content\/uploads\/sites\/8\/2023\/07\/20230630_im-Sommer-400x300.jpg 400w, https:\/\/wettbewerb-archiv.wir-tun-was-fuer-bienen.de\/archiv-2023\/wp-content\/uploads\/sites\/8\/2023\/07\/20230630_im-Sommer-768x576.jpg 768w, https:\/\/wettbewerb-archiv.wir-tun-was-fuer-bienen.de\/archiv-2023\/wp-content\/uploads\/sites\/8\/2023\/07\/20230630_im-Sommer-1024x768.jpg 1024w, https:\/\/wettbewerb-archiv.wir-tun-was-fuer-bienen.de\/archiv-2023\/wp-content\/uploads\/sites\/8\/2023\/07\/20230630_im-Sommer.jpg 1920w\" sizes=\"(max-width: 400px) 100vw, 400px\" \/>                    <\/div>\n    <\/a>\n\n    \n\n    <div class=\"user flex\">\n        \n                    <img decoding=\"async\" src=\"https:\/\/wettbewerb-archiv.wir-tun-was-fuer-bienen.de\/archiv-2023\/wp-content\/themes\/bienen\/assets\/images\/avatar-placeholder.png\" style=\"border-radius: 30px;\" height=\"30\" width=\"30\">\n            NABU Kaarst-Korschenbroich            <\/div>\n    \n    <p class=\"categories meta bienen-gewinner\"><span class=\"fa fa-trophy\"                                                              aria-hidden=\"true\"><\/span> Gewinner<\/p>\n            <p class=\"categories meta\" style=\"width: 100%\"><span class=\"fa fa-tag\"\n                                                             aria-hidden=\"true\"><\/span> Vereinsg\u00e4rten, Unis, Liegenschaften von Verwaltung, Kirche etc, Sonstige        <\/p>\n    \n            <p class=\"categories meta\" style=\"width: 100%\"><span class=\"fa fa-map-marker\"\n                                                             aria-hidden=\"true\"><\/span> Nordrhein-Westfalen        <\/p>\n    \n<\/article>\n   \n\t\t\n          <article id=\"post-94431\" class=\"et_pb_post post-94431 wtwfb_entry type-wtwfb_entry status-publish has-post-thumbnail hentry wtwfb_category-schul-und-jugendclubgaerten wtwfb_region-hamburg\">\n    <h2 class=\"entry-title\"><a href=\"https:\/\/wettbewerb-archiv.wir-tun-was-fuer-bienen.de\/archiv-2023\/eintrag\/2023-grundschule-ballerstaedtweg-in-hamburg-schafft-insektenparadies\/\">Grundschule Ballerstaedtweg in Hamburg schafft Insekten...<\/a>\n    <\/h2>\n    <a href=\"https:\/\/wettbewerb-archiv.wir-tun-was-fuer-bienen.de\/archiv-2023\/eintrag\/2023-grundschule-ballerstaedtweg-in-hamburg-schafft-insektenparadies\/\">\n        <div class=\"bienen-entry-image\">\n            <img decoding=\"async\" width=\"400\" height=\"300\" src=\"https:\/\/wettbewerb-archiv.wir-tun-was-fuer-bienen.de\/archiv-2023\/wp-content\/uploads\/sites\/8\/2023\/06\/Place_to_bee-400x300.jpg\" class=\"attachment-bienen-grid-thumb size-bienen-grid-thumb wp-post-image\" alt=\"\" loading=\"lazy\" \/>                    <\/div>\n    <\/a>\n\n    \n\n    <div class=\"user flex\">\n        \n                    <img decoding=\"async\" src=\"https:\/\/wettbewerb-archiv.wir-tun-was-fuer-bienen.de\/archiv-2023\/wp-content\/themes\/bienen\/assets\/images\/avatar-placeholder.png\" style=\"border-radius: 30px;\" height=\"30\" width=\"30\">\n            Insektenparadies am GS Ballersteadtweg            <\/div>\n    \n    \n            <p class=\"categories meta\" style=\"width: 100%\"><span class=\"fa fa-tag\"\n                                                             aria-hidden=\"true\"><\/span> Schulg\u00e4rten        <\/p>\n    \n            <p class=\"categories meta\" style=\"width: 100%\"><span class=\"fa fa-map-marker\"\n                                                             aria-hidden=\"true\"><\/span> Hamburg        <\/p>\n    \n<\/article>\n   \n\t\t\n          <article id=\"post-94401\" class=\"et_pb_post post-94401 wtwfb_entry type-wtwfb_entry status-publish has-post-thumbnail hentry wtwfb_category-kita-gaerten wtwfb_region-nordrhein-westfalen\">\n    <h2 class=\"entry-title\"><a href=\"https:\/\/wettbewerb-archiv.wir-tun-was-fuer-bienen.de\/archiv-2023\/eintrag\/2023-die-kleinen-meisen-%f0%9f%90%a6\/\">Die kleinen Meisen \ud83d\udc26<\/a>\n    <\/h2>\n    <a href=\"https:\/\/wettbewerb-archiv.wir-tun-was-fuer-bienen.de\/archiv-2023\/eintrag\/2023-die-kleinen-meisen-%f0%9f%90%a6\/\">\n        <div class=\"bienen-entry-image\">\n            <img decoding=\"async\" width=\"400\" height=\"300\" src=\"https:\/\/wettbewerb-archiv.wir-tun-was-fuer-bienen.de\/archiv-2023\/wp-content\/uploads\/sites\/8\/2023\/06\/die-kleinen-Meisen-2223-20221208_132917-400x300.jpg\" class=\"attachment-bienen-grid-thumb size-bienen-grid-thumb wp-post-image\" alt=\"\" loading=\"lazy\" \/>                    <\/div>\n    <\/a>\n\n    \n\n    <div class=\"user flex\">\n        \n                    <img decoding=\"async\" src=\"https:\/\/wettbewerb-archiv.wir-tun-was-fuer-bienen.de\/archiv-2023\/wp-content\/themes\/bienen\/assets\/images\/avatar-placeholder.png\" style=\"border-radius: 30px;\" height=\"30\" width=\"30\">\n            Die kleinen Meisen            <\/div>\n    \n    \n            <p class=\"categories meta\" style=\"width: 100%\"><span class=\"fa fa-tag\"\n                                                             aria-hidden=\"true\"><\/span> Kita-G\u00e4rten        <\/p>\n    \n            <p class=\"categories meta\" style=\"width: 100%\"><span class=\"fa fa-map-marker\"\n                                                             aria-hidden=\"true\"><\/span> Nordrhein-Westfalen        <\/p>\n    \n<\/article>\n   \n\t\t\n          <article id=\"post-94321\" class=\"et_pb_post post-94321 wtwfb_entry type-wtwfb_entry status-publish has-post-thumbnail hentry wtwfb_category-vereinsgaerten-liegenschaften-von-verwaltung-kirche-etc-sonstige wtwfb_region-bayern\">\n    <h2 class=\"entry-title\"><a href=\"https:\/\/wettbewerb-archiv.wir-tun-was-fuer-bienen.de\/archiv-2023\/eintrag\/2023-insektenvielfalt-und-nutzpflanzen-erhalten-wir-machen-es-im-storchengarten\/\">Insektenvielfalt und Nutzpflanzen erhalten&#8211;wir ma...<\/a>\n    <\/h2>\n    <a href=\"https:\/\/wettbewerb-archiv.wir-tun-was-fuer-bienen.de\/archiv-2023\/eintrag\/2023-insektenvielfalt-und-nutzpflanzen-erhalten-wir-machen-es-im-storchengarten\/\">\n        <div class=\"bienen-entry-image\">\n            <img decoding=\"async\" width=\"400\" height=\"300\" src=\"https:\/\/wettbewerb-archiv.wir-tun-was-fuer-bienen.de\/archiv-2023\/wp-content\/uploads\/sites\/8\/2023\/06\/DSC_0265-400x300.jpg\" class=\"attachment-bienen-grid-thumb size-bienen-grid-thumb wp-post-image\" alt=\"\" loading=\"lazy\" \/>                    <\/div>\n    <\/a>\n\n    \n\n    <div class=\"user flex\">\n        \n                    <img decoding=\"async\" src=\"https:\/\/wettbewerb-archiv.wir-tun-was-fuer-bienen.de\/archiv-2023\/wp-content\/themes\/bienen\/assets\/images\/avatar-placeholder.png\" style=\"border-radius: 30px;\" height=\"30\" width=\"30\">\n            Storchengarten Markt Schwaben            <\/div>\n    \n    \n            <p class=\"categories meta\" style=\"width: 100%\"><span class=\"fa fa-tag\"\n                                                             aria-hidden=\"true\"><\/span> Vereinsg\u00e4rten, Unis, Liegenschaften von Verwaltung, Kirche etc, Sonstige        <\/p>\n    \n            <p class=\"categories meta\" style=\"width: 100%\"><span class=\"fa fa-map-marker\"\n                                                             aria-hidden=\"true\"><\/span> Bayern        <\/p>\n    \n<\/article>\n   \n\t\t\n          <article id=\"post-94247\" class=\"et_pb_post post-94247 wtwfb_entry type-wtwfb_entry status-publish has-post-thumbnail hentry wtwfb_category-privatgaerten-klein-500-m2 wtwfb_region-rheinland-pfalz\">\n    <h2 class=\"entry-title\"><a href=\"https:\/\/wettbewerb-archiv.wir-tun-was-fuer-bienen.de\/archiv-2023\/eintrag\/2023-in-unserem-kleinen-wilden-garten-sind-tiere-willkommen\/\">In unserem kleinen, wilden Garten sind Tiere willkommen<\/a>\n    <\/h2>\n    <a href=\"https:\/\/wettbewerb-archiv.wir-tun-was-fuer-bienen.de\/archiv-2023\/eintrag\/2023-in-unserem-kleinen-wilden-garten-sind-tiere-willkommen\/\">\n        <div class=\"bienen-entry-image\">\n            <img decoding=\"async\" width=\"400\" height=\"300\" src=\"https:\/\/wettbewerb-archiv.wir-tun-was-fuer-bienen.de\/archiv-2023\/wp-content\/uploads\/sites\/8\/2023\/06\/20230611_092239-400x300.jpg\" class=\"attachment-bienen-grid-thumb size-bienen-grid-thumb wp-post-image\" alt=\"\" loading=\"lazy\" \/>                    <\/div>\n    <\/a>\n\n    \n\n    <div class=\"user flex\">\n        \n                    <img decoding=\"async\" src=\"https:\/\/wettbewerb-archiv.wir-tun-was-fuer-bienen.de\/archiv-2023\/wp-content\/themes\/bienen\/assets\/images\/avatar-placeholder.png\" style=\"border-radius: 30px;\" height=\"30\" width=\"30\">\n            Fam. Brunk            <\/div>\n    \n    \n            <p class=\"categories meta\" style=\"width: 100%\"><span class=\"fa fa-tag\"\n                                                             aria-hidden=\"true\"><\/span> Privatg\u00e4rten klein (bis 500 m2)        <\/p>\n    \n            <p class=\"categories meta\" style=\"width: 100%\"><span class=\"fa fa-map-marker\"\n                                                             aria-hidden=\"true\"><\/span> Rheinland-Pfalz        <\/p>\n    \n<\/article>\n   \n\t\t\n          <article id=\"post-94215\" class=\"et_pb_post post-94215 wtwfb_entry type-wtwfb_entry status-publish has-post-thumbnail hentry wtwfb_category-bestehende-naturgaerten wtwfb_region-bayern\">\n    <h2 class=\"entry-title\"><a href=\"https:\/\/wettbewerb-archiv.wir-tun-was-fuer-bienen.de\/archiv-2023\/eintrag\/2023-foerderung-von-naturnahen-gaerten-im-landkreis-rhoen-grabfeld\/\">F\u00f6rderung von Naturnahen G\u00e4rten im Landkreis Rh\u00f6n- G...<\/a>\n    <\/h2>\n    <a href=\"https:\/\/wettbewerb-archiv.wir-tun-was-fuer-bienen.de\/archiv-2023\/eintrag\/2023-foerderung-von-naturnahen-gaerten-im-landkreis-rhoen-grabfeld\/\">\n        <div class=\"bienen-entry-image\">\n            <img decoding=\"async\" width=\"400\" height=\"300\" src=\"https:\/\/wettbewerb-archiv.wir-tun-was-fuer-bienen.de\/archiv-2023\/wp-content\/uploads\/sites\/8\/2023\/06\/IMG_8562-Kopie-400x300.jpeg\" class=\"attachment-bienen-grid-thumb size-bienen-grid-thumb wp-post-image\" alt=\"\" loading=\"lazy\" srcset=\"https:\/\/wettbewerb-archiv.wir-tun-was-fuer-bienen.de\/archiv-2023\/wp-content\/uploads\/sites\/8\/2023\/06\/IMG_8562-Kopie-400x300.jpeg 400w, https:\/\/wettbewerb-archiv.wir-tun-was-fuer-bienen.de\/archiv-2023\/wp-content\/uploads\/sites\/8\/2023\/06\/IMG_8562-Kopie-768x576.jpeg 768w, https:\/\/wettbewerb-archiv.wir-tun-was-fuer-bienen.de\/archiv-2023\/wp-content\/uploads\/sites\/8\/2023\/06\/IMG_8562-Kopie-1024x768.jpeg 1024w, https:\/\/wettbewerb-archiv.wir-tun-was-fuer-bienen.de\/archiv-2023\/wp-content\/uploads\/sites\/8\/2023\/06\/IMG_8562-Kopie.jpeg 1920w\" sizes=\"(max-width: 400px) 100vw, 400px\" \/>                    <\/div>\n    <\/a>\n\n    \n\n    <div class=\"user flex\">\n        \n                    <img decoding=\"async\" src=\"https:\/\/wettbewerb-archiv.wir-tun-was-fuer-bienen.de\/archiv-2023\/wp-content\/themes\/bienen\/assets\/images\/avatar-placeholder.png\" style=\"border-radius: 30px;\" height=\"30\" width=\"30\">\n            Naturg\u00e4rten der Rh\u00f6n und Grabfeld            <\/div>\n    \n    \n            <p class=\"categories meta\" style=\"width: 100%\"><span class=\"fa fa-tag\"\n                                                             aria-hidden=\"true\"><\/span> Bestehende Naturg\u00e4rten (Pflege und Infoarbeit)        <\/p>\n    \n            <p class=\"categories meta\" style=\"width: 100%\"><span class=\"fa fa-map-marker\"\n                                                             aria-hidden=\"true\"><\/span> Bayern        <\/p>\n    \n<\/article>\n   \n\t\t\n          <article id=\"post-94171\" class=\"et_pb_post post-94171 wtwfb_entry type-wtwfb_entry status-publish has-post-thumbnail hentry wtwfb_category-privatgaerten-gross-500-m wtwfb_region-hessen\">\n    <h2 class=\"entry-title\"><a href=\"https:\/\/wettbewerb-archiv.wir-tun-was-fuer-bienen.de\/archiv-2023\/eintrag\/2023-umwandlung-in-insektenfreundlichen-naturgarten\/\">Umwandlung in insektenfreundlichen Naturgarten<\/a>\n    <\/h2>\n    <a href=\"https:\/\/wettbewerb-archiv.wir-tun-was-fuer-bienen.de\/archiv-2023\/eintrag\/2023-umwandlung-in-insektenfreundlichen-naturgarten\/\">\n        <div class=\"bienen-entry-image\">\n            <img decoding=\"async\" width=\"400\" height=\"300\" src=\"https:\/\/wettbewerb-archiv.wir-tun-was-fuer-bienen.de\/archiv-2023\/wp-content\/uploads\/sites\/8\/2023\/06\/IMG_8936-400x300.jpeg\" class=\"attachment-bienen-grid-thumb size-bienen-grid-thumb wp-post-image\" alt=\"\" loading=\"lazy\" \/>                    <\/div>\n    <\/a>\n\n    \n\n    <div class=\"user flex\">\n        \n                    <img decoding=\"async\" src=\"https:\/\/wettbewerb-archiv.wir-tun-was-fuer-bienen.de\/archiv-2023\/wp-content\/themes\/bienen\/assets\/images\/avatar-placeholder.png\" style=\"border-radius: 30px;\" height=\"30\" width=\"30\">\n            Kassel-Warteberg-Helfensteinstra\u00dfe            <\/div>\n    \n    <p class=\"categories meta bienen-gewinner\"><span class=\"fa fa-trophy\"                                                              aria-hidden=\"true\"><\/span> Gewinner<\/p>\n            <p class=\"categories meta\" style=\"width: 100%\"><span class=\"fa fa-tag\"\n                                                             aria-hidden=\"true\"><\/span> Privatg\u00e4rten gro\u00df (ab 500 m\u00b2)        <\/p>\n    \n            <p class=\"categories meta\" style=\"width: 100%\"><span class=\"fa fa-map-marker\"\n                                                             aria-hidden=\"true\"><\/span> Hessen        <\/p>\n    \n<\/article>\n   \n\t\t\n          <article id=\"post-94141\" class=\"et_pb_post post-94141 wtwfb_entry type-wtwfb_entry status-publish has-post-thumbnail hentry wtwfb_category-balkone-terrassen-dachbegruenung-vertikale-gaerten wtwfb_region-nordrhein-westfalen\">\n    <h2 class=\"entry-title\"><a href=\"https:\/\/wettbewerb-archiv.wir-tun-was-fuer-bienen.de\/archiv-2023\/eintrag\/2023-vom-versiegelten-kiesvorgarten-zum-bienenfreundlichen-staudenbeet\/\">Vom versiegelten Kiesvorgarten zum bienenfreundlichen S...<\/a>\n    <\/h2>\n    <a href=\"https:\/\/wettbewerb-archiv.wir-tun-was-fuer-bienen.de\/archiv-2023\/eintrag\/2023-vom-versiegelten-kiesvorgarten-zum-bienenfreundlichen-staudenbeet\/\">\n        <div class=\"bienen-entry-image\">\n            <img decoding=\"async\" width=\"400\" height=\"300\" src=\"https:\/\/wettbewerb-archiv.wir-tun-was-fuer-bienen.de\/archiv-2023\/wp-content\/uploads\/sites\/8\/2023\/06\/89688F3E-1EF6-4BBF-BC31-08B2D88BE8C6-400x300.jpeg\" class=\"attachment-bienen-grid-thumb size-bienen-grid-thumb wp-post-image\" alt=\"\" loading=\"lazy\" \/>                    <\/div>\n    <\/a>\n\n    \n\n    <div class=\"user flex\">\n        \n                    <img decoding=\"async\" src=\"https:\/\/wettbewerb-archiv.wir-tun-was-fuer-bienen.de\/archiv-2023\/wp-content\/themes\/bienen\/assets\/images\/avatar-placeholder.png\" style=\"border-radius: 30px;\" height=\"30\" width=\"30\">\n            Antje wollmer            <\/div>\n    \n    \n            <p class=\"categories meta\" style=\"width: 100%\"><span class=\"fa fa-tag\"\n                                                             aria-hidden=\"true\"><\/span> Balkone, Terrassen, Dachg\u00e4rten, vertikale G\u00e4rten        <\/p>\n    \n            <p class=\"categories meta\" style=\"width: 100%\"><span class=\"fa fa-map-marker\"\n                                                             aria-hidden=\"true\"><\/span> Nordrhein-Westfalen        <\/p>\n    \n<\/article>\n   \n\t\t\n          <article id=\"post-93922\" class=\"et_pb_post post-93922 wtwfb_entry type-wtwfb_entry status-publish has-post-thumbnail hentry wtwfb_category-privatgaerten-klein-500-m2 wtwfb_region-rheinland-pfalz\">\n    <h2 class=\"entry-title\"><a href=\"https:\/\/wettbewerb-archiv.wir-tun-was-fuer-bienen.de\/archiv-2023\/eintrag\/2023-staudenliebebienenliebe\/\">STAUDENLIEBE=BIENENLIEBE<\/a>\n    <\/h2>\n    <a href=\"https:\/\/wettbewerb-archiv.wir-tun-was-fuer-bienen.de\/archiv-2023\/eintrag\/2023-staudenliebebienenliebe\/\">\n        <div class=\"bienen-entry-image\">\n            <img decoding=\"async\" width=\"400\" height=\"300\" src=\"https:\/\/wettbewerb-archiv.wir-tun-was-fuer-bienen.de\/archiv-2023\/wp-content\/uploads\/sites\/8\/2023\/06\/20230606_150517-COLLAGE-400x300.jpg\" class=\"attachment-bienen-grid-thumb size-bienen-grid-thumb wp-post-image\" alt=\"\" loading=\"lazy\" \/>                    <\/div>\n    <\/a>\n\n    \n\n    <div class=\"user flex\">\n        \n                    <img decoding=\"async\" src=\"https:\/\/wettbewerb-archiv.wir-tun-was-fuer-bienen.de\/archiv-2023\/wp-content\/themes\/bienen\/assets\/images\/avatar-placeholder.png\" style=\"border-radius: 30px;\" height=\"30\" width=\"30\">\n            BENNER Bande            <\/div>\n    \n    \n            <p class=\"categories meta\" style=\"width: 100%\"><span class=\"fa fa-tag\"\n                                                             aria-hidden=\"true\"><\/span> Privatg\u00e4rten klein (bis 500 m2)        <\/p>\n    \n            <p class=\"categories meta\" style=\"width: 100%\"><span class=\"fa fa-map-marker\"\n                                                             aria-hidden=\"true\"><\/span> Rheinland-Pfalz        <\/p>\n    \n<\/article>\n   \n\t\t\n          <article id=\"post-93835\" class=\"et_pb_post post-93835 wtwfb_entry type-wtwfb_entry status-publish has-post-thumbnail hentry wtwfb_category-privatgaerten-klein-500-m2 wtwfb_region-baden-wuerttemberg\">\n    <h2 class=\"entry-title\"><a href=\"https:\/\/wettbewerb-archiv.wir-tun-was-fuer-bienen.de\/archiv-2023\/eintrag\/2023-mein-neues-wildblumenbeet-am-zaun\/\">Mein neues Wildblumenbeet am Zaun<\/a>\n    <\/h2>\n    <a href=\"https:\/\/wettbewerb-archiv.wir-tun-was-fuer-bienen.de\/archiv-2023\/eintrag\/2023-mein-neues-wildblumenbeet-am-zaun\/\">\n        <div class=\"bienen-entry-image\">\n            <img decoding=\"async\" width=\"400\" height=\"300\" src=\"https:\/\/wettbewerb-archiv.wir-tun-was-fuer-bienen.de\/archiv-2023\/wp-content\/uploads\/sites\/8\/2023\/06\/6.23-Blumenbeet-am-Zaun-3-400x300.jpg\" class=\"attachment-bienen-grid-thumb size-bienen-grid-thumb wp-post-image\" alt=\"\" loading=\"lazy\" srcset=\"https:\/\/wettbewerb-archiv.wir-tun-was-fuer-bienen.de\/archiv-2023\/wp-content\/uploads\/sites\/8\/2023\/06\/6.23-Blumenbeet-am-Zaun-3-400x300.jpg 400w, https:\/\/wettbewerb-archiv.wir-tun-was-fuer-bienen.de\/archiv-2023\/wp-content\/uploads\/sites\/8\/2023\/06\/6.23-Blumenbeet-am-Zaun-3-768x576.jpg 768w, https:\/\/wettbewerb-archiv.wir-tun-was-fuer-bienen.de\/archiv-2023\/wp-content\/uploads\/sites\/8\/2023\/06\/6.23-Blumenbeet-am-Zaun-3-1024x768.jpg 1024w, https:\/\/wettbewerb-archiv.wir-tun-was-fuer-bienen.de\/archiv-2023\/wp-content\/uploads\/sites\/8\/2023\/06\/6.23-Blumenbeet-am-Zaun-3.jpg 1920w\" sizes=\"(max-width: 400px) 100vw, 400px\" \/>                    <\/div>\n    <\/a>\n\n    \n\n    <div class=\"user flex\">\n        \n                    <img decoding=\"async\" src=\"https:\/\/wettbewerb-archiv.wir-tun-was-fuer-bienen.de\/archiv-2023\/wp-content\/themes\/bienen\/assets\/images\/avatar-placeholder.png\" style=\"border-radius: 30px;\" height=\"30\" width=\"30\">\n            Artenschutzgarten Aichelberg            <\/div>\n    \n    \n            <p class=\"categories meta\" style=\"width: 100%\"><span class=\"fa fa-tag\"\n                                                             aria-hidden=\"true\"><\/span> Privatg\u00e4rten klein (bis 500 m2)        <\/p>\n    \n            <p class=\"categories meta\" style=\"width: 100%\"><span class=\"fa fa-map-marker\"\n                                                             aria-hidden=\"true\"><\/span> Baden-W\u00fcrttemberg        <\/p>\n    \n<\/article>\n   \n\t\t\n          <article id=\"post-93716\" class=\"et_pb_post post-93716 wtwfb_entry type-wtwfb_entry status-publish has-post-thumbnail hentry wtwfb_category-kita-gaerten wtwfb_region-bayern\">\n    <h2 class=\"entry-title\"><a href=\"https:\/\/wettbewerb-archiv.wir-tun-was-fuer-bienen.de\/archiv-2023\/eintrag\/2023-bienenhotel\/\">s`G\u00e4rtle<\/a>\n    <\/h2>\n    <a href=\"https:\/\/wettbewerb-archiv.wir-tun-was-fuer-bienen.de\/archiv-2023\/eintrag\/2023-bienenhotel\/\">\n        <div class=\"bienen-entry-image\">\n            <img decoding=\"async\" width=\"400\" height=\"300\" src=\"https:\/\/wettbewerb-archiv.wir-tun-was-fuer-bienen.de\/archiv-2023\/wp-content\/uploads\/sites\/8\/2023\/06\/IMG_20230606_143952260_HDR-400x300.jpg\" class=\"attachment-bienen-grid-thumb size-bienen-grid-thumb wp-post-image\" alt=\"\" loading=\"lazy\" srcset=\"https:\/\/wettbewerb-archiv.wir-tun-was-fuer-bienen.de\/archiv-2023\/wp-content\/uploads\/sites\/8\/2023\/06\/IMG_20230606_143952260_HDR-400x300.jpg 400w, https:\/\/wettbewerb-archiv.wir-tun-was-fuer-bienen.de\/archiv-2023\/wp-content\/uploads\/sites\/8\/2023\/06\/IMG_20230606_143952260_HDR-768x576.jpg 768w, https:\/\/wettbewerb-archiv.wir-tun-was-fuer-bienen.de\/archiv-2023\/wp-content\/uploads\/sites\/8\/2023\/06\/IMG_20230606_143952260_HDR-1024x768.jpg 1024w, https:\/\/wettbewerb-archiv.wir-tun-was-fuer-bienen.de\/archiv-2023\/wp-content\/uploads\/sites\/8\/2023\/06\/IMG_20230606_143952260_HDR.jpg 1920w\" sizes=\"(max-width: 400px) 100vw, 400px\" \/>                    <\/div>\n    <\/a>\n\n    \n\n    <div class=\"user flex\">\n        \n                    <img decoding=\"async\" src=\"https:\/\/wettbewerb-archiv.wir-tun-was-fuer-bienen.de\/archiv-2023\/wp-content\/themes\/bienen\/assets\/images\/avatar-placeholder.png\" style=\"border-radius: 30px;\" height=\"30\" width=\"30\">\n            Kindertageseinrichtung St. Konrad            <\/div>\n    \n    \n            <p class=\"categories meta\" style=\"width: 100%\"><span class=\"fa fa-tag\"\n                                                             aria-hidden=\"true\"><\/span> Kita-G\u00e4rten        <\/p>\n    \n            <p class=\"categories meta\" style=\"width: 100%\"><span class=\"fa fa-map-marker\"\n                                                             aria-hidden=\"true\"><\/span> Bayern        <\/p>\n    \n<\/article>\n   \n\t\t\n          <article id=\"post-93612\" class=\"et_pb_post post-93612 wtwfb_entry type-wtwfb_entry status-publish has-post-thumbnail hentry wtwfb_category-privatgaerten-gross-500-m wtwfb_region-hessen\">\n    <h2 class=\"entry-title\"><a href=\"https:\/\/wettbewerb-archiv.wir-tun-was-fuer-bienen.de\/archiv-2023\/eintrag\/2023-mehr-platz-fuer-bienen-teilweise-umgestaltung-unseres-hausgartens\/\">Mehr Platz f\u00fcr Artenvielfalt im Sch\u00e4fergarten!<\/a>\n    <\/h2>\n    <a href=\"https:\/\/wettbewerb-archiv.wir-tun-was-fuer-bienen.de\/archiv-2023\/eintrag\/2023-mehr-platz-fuer-bienen-teilweise-umgestaltung-unseres-hausgartens\/\">\n        <div class=\"bienen-entry-image\">\n            <img decoding=\"async\" width=\"400\" height=\"300\" src=\"https:\/\/wettbewerb-archiv.wir-tun-was-fuer-bienen.de\/archiv-2023\/wp-content\/uploads\/sites\/8\/2023\/06\/20230607_153644-1-400x300.jpg\" class=\"attachment-bienen-grid-thumb size-bienen-grid-thumb wp-post-image\" alt=\"\" loading=\"lazy\" \/>                    <\/div>\n    <\/a>\n\n    \n\n    <div class=\"user flex\">\n        \n                    <img decoding=\"async\" src=\"https:\/\/wettbewerb-archiv.wir-tun-was-fuer-bienen.de\/archiv-2023\/wp-content\/themes\/bienen\/assets\/images\/avatar-placeholder.png\" style=\"border-radius: 30px;\" height=\"30\" width=\"30\">\n            Sch\u00e4ferlis            <\/div>\n    \n    <p class=\"categories meta bienen-gewinner\"><span class=\"fa fa-trophy\"                                                              aria-hidden=\"true\"><\/span> Gewinner<\/p>\n            <p class=\"categories meta\" style=\"width: 100%\"><span class=\"fa fa-tag\"\n                                                             aria-hidden=\"true\"><\/span> Privatg\u00e4rten gro\u00df (ab 500 m\u00b2)        <\/p>\n    \n            <p class=\"categories meta\" style=\"width: 100%\"><span class=\"fa fa-map-marker\"\n                                                             aria-hidden=\"true\"><\/span> Hessen        <\/p>\n    \n<\/article>\n   \n\t\t\n          <article id=\"post-93590\" class=\"et_pb_post post-93590 wtwfb_entry type-wtwfb_entry status-publish has-post-thumbnail hentry wtwfb_category-privatgaerten-klein-500-m2 wtwfb_region-nordrhein-westfalen\">\n    <h2 class=\"entry-title\"><a href=\"https:\/\/wettbewerb-archiv.wir-tun-was-fuer-bienen.de\/archiv-2023\/eintrag\/2023-heimischer-garten-vorher-nachher\/\">Heimischer Garten vorher-nachher<\/a>\n    <\/h2>\n    <a href=\"https:\/\/wettbewerb-archiv.wir-tun-was-fuer-bienen.de\/archiv-2023\/eintrag\/2023-heimischer-garten-vorher-nachher\/\">\n        <div class=\"bienen-entry-image\">\n            <img decoding=\"async\" width=\"400\" height=\"300\" src=\"https:\/\/wettbewerb-archiv.wir-tun-was-fuer-bienen.de\/archiv-2023\/wp-content\/uploads\/sites\/8\/2023\/06\/IMG_3445-400x300.jpg\" class=\"attachment-bienen-grid-thumb size-bienen-grid-thumb wp-post-image\" alt=\"\" loading=\"lazy\" srcset=\"https:\/\/wettbewerb-archiv.wir-tun-was-fuer-bienen.de\/archiv-2023\/wp-content\/uploads\/sites\/8\/2023\/06\/IMG_3445-400x300.jpg 400w, https:\/\/wettbewerb-archiv.wir-tun-was-fuer-bienen.de\/archiv-2023\/wp-content\/uploads\/sites\/8\/2023\/06\/IMG_3445-768x576.jpg 768w, https:\/\/wettbewerb-archiv.wir-tun-was-fuer-bienen.de\/archiv-2023\/wp-content\/uploads\/sites\/8\/2023\/06\/IMG_3445-1024x768.jpg 1024w, https:\/\/wettbewerb-archiv.wir-tun-was-fuer-bienen.de\/archiv-2023\/wp-content\/uploads\/sites\/8\/2023\/06\/IMG_3445.jpg 1440w\" sizes=\"(max-width: 400px) 100vw, 400px\" \/>                    <\/div>\n    <\/a>\n\n    \n\n    <div class=\"user flex\">\n        \n                    <img decoding=\"async\" src=\"https:\/\/wettbewerb-archiv.wir-tun-was-fuer-bienen.de\/archiv-2023\/wp-content\/themes\/bienen\/assets\/images\/avatar-placeholder.png\" style=\"border-radius: 30px;\" height=\"30\" width=\"30\">\n            B. Pilgram            <\/div>\n    \n    \n            <p class=\"categories meta\" style=\"width: 100%\"><span class=\"fa fa-tag\"\n                                                             aria-hidden=\"true\"><\/span> Privatg\u00e4rten klein (bis 500 m2)        <\/p>\n    \n            <p class=\"categories meta\" style=\"width: 100%\"><span class=\"fa fa-map-marker\"\n                                                             aria-hidden=\"true\"><\/span> Nordrhein-Westfalen        <\/p>\n    \n<\/article>\n   \n\t\t\n          <article id=\"post-93565\" class=\"et_pb_post post-93565 wtwfb_entry type-wtwfb_entry status-publish has-post-thumbnail hentry wtwfb_category-schul-und-jugendclubgaerten wtwfb_region-nordrhein-westfalen\">\n    <h2 class=\"entry-title\"><a href=\"https:\/\/wettbewerb-archiv.wir-tun-was-fuer-bienen.de\/archiv-2023\/eintrag\/2023-die-klasse-3b-erkundet-den-lebensraum-ihres-klassentiers\/\">Die Klasse 3b erkundet den Lebensraum ihres Klassentier...<\/a>\n    <\/h2>\n    <a href=\"https:\/\/wettbewerb-archiv.wir-tun-was-fuer-bienen.de\/archiv-2023\/eintrag\/2023-die-klasse-3b-erkundet-den-lebensraum-ihres-klassentiers\/\">\n        <div class=\"bienen-entry-image\">\n            <img decoding=\"async\" width=\"400\" height=\"300\" src=\"https:\/\/wettbewerb-archiv.wir-tun-was-fuer-bienen.de\/archiv-2023\/wp-content\/uploads\/sites\/8\/2023\/06\/6DDAF74D-F796-486C-BB03-864C5D8C72C3-400x300.jpeg\" class=\"attachment-bienen-grid-thumb size-bienen-grid-thumb wp-post-image\" alt=\"\" loading=\"lazy\" srcset=\"https:\/\/wettbewerb-archiv.wir-tun-was-fuer-bienen.de\/archiv-2023\/wp-content\/uploads\/sites\/8\/2023\/06\/6DDAF74D-F796-486C-BB03-864C5D8C72C3-400x300.jpeg 400w, https:\/\/wettbewerb-archiv.wir-tun-was-fuer-bienen.de\/archiv-2023\/wp-content\/uploads\/sites\/8\/2023\/06\/6DDAF74D-F796-486C-BB03-864C5D8C72C3-768x576.jpeg 768w, https:\/\/wettbewerb-archiv.wir-tun-was-fuer-bienen.de\/archiv-2023\/wp-content\/uploads\/sites\/8\/2023\/06\/6DDAF74D-F796-486C-BB03-864C5D8C72C3-1024x768.jpeg 1024w, https:\/\/wettbewerb-archiv.wir-tun-was-fuer-bienen.de\/archiv-2023\/wp-content\/uploads\/sites\/8\/2023\/06\/6DDAF74D-F796-486C-BB03-864C5D8C72C3.jpeg 1920w\" sizes=\"(max-width: 400px) 100vw, 400px\" \/>                    <\/div>\n    <\/a>\n\n    \n\n    <div class=\"user flex\">\n        \n                    <img decoding=\"async\" src=\"https:\/\/wettbewerb-archiv.wir-tun-was-fuer-bienen.de\/archiv-2023\/wp-content\/themes\/bienen\/assets\/images\/avatar-placeholder.png\" style=\"border-radius: 30px;\" height=\"30\" width=\"30\">\n            KGS Franz-Vaahsen-Schule            <\/div>\n    \n    \n            <p class=\"categories meta\" style=\"width: 100%\"><span class=\"fa fa-tag\"\n                                                             aria-hidden=\"true\"><\/span> Schulg\u00e4rten        <\/p>\n    \n            <p class=\"categories meta\" style=\"width: 100%\"><span class=\"fa fa-map-marker\"\n                                                             aria-hidden=\"true\"><\/span> Nordrhein-Westfalen        <\/p>\n    \n<\/article>\n   \n\t\t\n          <article id=\"post-93483\" class=\"et_pb_post post-93483 wtwfb_entry type-wtwfb_entry status-publish has-post-thumbnail hentry wtwfb_category-privatgaerten-klein-500-m2 wtwfb_region-sachsen-anhalt\">\n    <h2 class=\"entry-title\"><a href=\"https:\/\/wettbewerb-archiv.wir-tun-was-fuer-bienen.de\/archiv-2023\/eintrag\/2023-apfelbaum-auf-bluehfeld\/\">Apfelbaum auf Bl\u00fchfeld<\/a>\n    <\/h2>\n    <a href=\"https:\/\/wettbewerb-archiv.wir-tun-was-fuer-bienen.de\/archiv-2023\/eintrag\/2023-apfelbaum-auf-bluehfeld\/\">\n        <div class=\"bienen-entry-image\">\n            <img decoding=\"async\" width=\"400\" height=\"300\" src=\"https:\/\/wettbewerb-archiv.wir-tun-was-fuer-bienen.de\/archiv-2023\/wp-content\/uploads\/sites\/8\/2023\/06\/IMG_20230602_174504-EFFECTS-400x300.jpg\" class=\"attachment-bienen-grid-thumb size-bienen-grid-thumb wp-post-image\" alt=\"\" loading=\"lazy\" \/>                    <\/div>\n    <\/a>\n\n    \n\n    <div class=\"user flex\">\n        \n                    <img decoding=\"async\" src=\"https:\/\/wettbewerb-archiv.wir-tun-was-fuer-bienen.de\/archiv-2023\/wp-content\/themes\/bienen\/assets\/images\/avatar-placeholder.png\" style=\"border-radius: 30px;\" height=\"30\" width=\"30\">\n            Familie Richter            <\/div>\n    \n    \n            <p class=\"categories meta\" style=\"width: 100%\"><span class=\"fa fa-tag\"\n                                                             aria-hidden=\"true\"><\/span> Privatg\u00e4rten klein (bis 500 m2)        <\/p>\n    \n            <p class=\"categories meta\" style=\"width: 100%\"><span class=\"fa fa-map-marker\"\n                                                             aria-hidden=\"true\"><\/span> Sachsen-Anhalt        <\/p>\n    \n<\/article>\n   \n\t\t\n          <article id=\"post-93380\" class=\"et_pb_post post-93380 wtwfb_entry type-wtwfb_entry status-publish has-post-thumbnail hentry wtwfb_category-kita-gaerten wtwfb_region-baden-wuerttemberg\">\n    <h2 class=\"entry-title\"><a href=\"https:\/\/wettbewerb-archiv.wir-tun-was-fuer-bienen.de\/archiv-2023\/eintrag\/2023-loewenstarke-insektenfreundinnen-packen-an\/\">L\u00f6wenstarke InsektenfreundInnen packen an<\/a>\n    <\/h2>\n    <a href=\"https:\/\/wettbewerb-archiv.wir-tun-was-fuer-bienen.de\/archiv-2023\/eintrag\/2023-loewenstarke-insektenfreundinnen-packen-an\/\">\n        <div class=\"bienen-entry-image\">\n            <img decoding=\"async\" width=\"400\" height=\"300\" src=\"https:\/\/wettbewerb-archiv.wir-tun-was-fuer-bienen.de\/archiv-2023\/wp-content\/uploads\/sites\/8\/2023\/06\/Titelbild-400x300.jpg\" class=\"attachment-bienen-grid-thumb size-bienen-grid-thumb wp-post-image\" alt=\"\" loading=\"lazy\" srcset=\"https:\/\/wettbewerb-archiv.wir-tun-was-fuer-bienen.de\/archiv-2023\/wp-content\/uploads\/sites\/8\/2023\/06\/Titelbild-400x300.jpg 400w, https:\/\/wettbewerb-archiv.wir-tun-was-fuer-bienen.de\/archiv-2023\/wp-content\/uploads\/sites\/8\/2023\/06\/Titelbild-768x576.jpg 768w, https:\/\/wettbewerb-archiv.wir-tun-was-fuer-bienen.de\/archiv-2023\/wp-content\/uploads\/sites\/8\/2023\/06\/Titelbild-1024x768.jpg 1024w, https:\/\/wettbewerb-archiv.wir-tun-was-fuer-bienen.de\/archiv-2023\/wp-content\/uploads\/sites\/8\/2023\/06\/Titelbild.jpg 1600w\" sizes=\"(max-width: 400px) 100vw, 400px\" \/>                    <\/div>\n    <\/a>\n\n    \n\n    <div class=\"user flex\">\n        \n                    <img decoding=\"async\" src=\"https:\/\/wettbewerb-archiv.wir-tun-was-fuer-bienen.de\/archiv-2023\/wp-content\/themes\/bienen\/assets\/images\/avatar-placeholder.png\" style=\"border-radius: 30px;\" height=\"30\" width=\"30\">\n            Kindertreff Kinderhaus            <\/div>\n    \n    <p class=\"categories meta bienen-gewinner\"><span class=\"fa fa-trophy\"                                                              aria-hidden=\"true\"><\/span> Gewinner<\/p>\n            <p class=\"categories meta\" style=\"width: 100%\"><span class=\"fa fa-tag\"\n                                                             aria-hidden=\"true\"><\/span> Kita-G\u00e4rten        <\/p>\n    \n            <p class=\"categories meta\" style=\"width: 100%\"><span class=\"fa fa-map-marker\"\n                                                             aria-hidden=\"true\"><\/span> Baden-W\u00fcrttemberg        <\/p>\n    \n<\/article>\n   \n\t\t\n          <article id=\"post-93226\" class=\"et_pb_post post-93226 wtwfb_entry type-wtwfb_entry status-publish has-post-thumbnail hentry wtwfb_category-privatgaerten-klein-500-m2 wtwfb_region-niedersachsen\">\n    <h2 class=\"entry-title\"><a href=\"https:\/\/wettbewerb-archiv.wir-tun-was-fuer-bienen.de\/archiv-2023\/eintrag\/2023-klausegarten\/\">Klausegarten<\/a>\n    <\/h2>\n    <a href=\"https:\/\/wettbewerb-archiv.wir-tun-was-fuer-bienen.de\/archiv-2023\/eintrag\/2023-klausegarten\/\">\n        <div class=\"bienen-entry-image\">\n            <img decoding=\"async\" width=\"400\" height=\"300\" src=\"https:\/\/wettbewerb-archiv.wir-tun-was-fuer-bienen.de\/archiv-2023\/wp-content\/uploads\/sites\/8\/2023\/06\/IMG_20230601_213113-400x300.jpg\" class=\"attachment-bienen-grid-thumb size-bienen-grid-thumb wp-post-image\" alt=\"\" loading=\"lazy\" \/>                    <\/div>\n    <\/a>\n\n    \n\n    <div class=\"user flex\">\n        \n                    <img decoding=\"async\" src=\"https:\/\/wettbewerb-archiv.wir-tun-was-fuer-bienen.de\/archiv-2023\/wp-content\/themes\/bienen\/assets\/images\/avatar-placeholder.png\" style=\"border-radius: 30px;\" height=\"30\" width=\"30\">\n            Klausegarten            <\/div>\n    \n    \n            <p class=\"categories meta\" style=\"width: 100%\"><span class=\"fa fa-tag\"\n                                                             aria-hidden=\"true\"><\/span> Privatg\u00e4rten klein (bis 500 m2)        <\/p>\n    \n            <p class=\"categories meta\" style=\"width: 100%\"><span class=\"fa fa-map-marker\"\n                                                             aria-hidden=\"true\"><\/span> Niedersachsen        <\/p>\n    \n<\/article>\n   \n\t\t\n          <article id=\"post-93215\" class=\"et_pb_post post-93215 wtwfb_entry type-wtwfb_entry status-publish has-post-thumbnail hentry wtwfb_category-balkone-terrassen-dachbegruenung-vertikale-gaerten wtwfb_region-nordrhein-westfalen\">\n    <h2 class=\"entry-title\"><a href=\"https:\/\/wettbewerb-archiv.wir-tun-was-fuer-bienen.de\/archiv-2023\/eintrag\/2023-die-bienen-kommen\/\">Die Bienen kommen!<\/a>\n    <\/h2>\n    <a href=\"https:\/\/wettbewerb-archiv.wir-tun-was-fuer-bienen.de\/archiv-2023\/eintrag\/2023-die-bienen-kommen\/\">\n        <div class=\"bienen-entry-image\">\n            <img decoding=\"async\" width=\"400\" height=\"300\" src=\"https:\/\/wettbewerb-archiv.wir-tun-was-fuer-bienen.de\/archiv-2023\/wp-content\/uploads\/sites\/8\/2023\/06\/AA6D7EB8-4EA4-475B-B6E0-EB02E05A0DCB-400x300.jpeg\" class=\"attachment-bienen-grid-thumb size-bienen-grid-thumb wp-post-image\" alt=\"\" loading=\"lazy\" srcset=\"https:\/\/wettbewerb-archiv.wir-tun-was-fuer-bienen.de\/archiv-2023\/wp-content\/uploads\/sites\/8\/2023\/06\/AA6D7EB8-4EA4-475B-B6E0-EB02E05A0DCB-400x300.jpeg 400w, https:\/\/wettbewerb-archiv.wir-tun-was-fuer-bienen.de\/archiv-2023\/wp-content\/uploads\/sites\/8\/2023\/06\/AA6D7EB8-4EA4-475B-B6E0-EB02E05A0DCB-768x576.jpeg 768w, https:\/\/wettbewerb-archiv.wir-tun-was-fuer-bienen.de\/archiv-2023\/wp-content\/uploads\/sites\/8\/2023\/06\/AA6D7EB8-4EA4-475B-B6E0-EB02E05A0DCB-1024x768.jpeg 1024w, https:\/\/wettbewerb-archiv.wir-tun-was-fuer-bienen.de\/archiv-2023\/wp-content\/uploads\/sites\/8\/2023\/06\/AA6D7EB8-4EA4-475B-B6E0-EB02E05A0DCB.jpeg 1920w\" sizes=\"(max-width: 400px) 100vw, 400px\" \/>                    <\/div>\n    <\/a>\n\n    \n\n    <div class=\"user flex\">\n        \n                    <img decoding=\"async\" src=\"https:\/\/wettbewerb-archiv.wir-tun-was-fuer-bienen.de\/archiv-2023\/wp-content\/themes\/bienen\/assets\/images\/avatar-placeholder.png\" style=\"border-radius: 30px;\" height=\"30\" width=\"30\">\n            Bienenfreunde            <\/div>\n    \n    \n            <p class=\"categories meta\" style=\"width: 100%\"><span class=\"fa fa-tag\"\n                                                             aria-hidden=\"true\"><\/span> Balkone, Terrassen, Dachg\u00e4rten, vertikale G\u00e4rten        <\/p>\n    \n            <p class=\"categories meta\" style=\"width: 100%\"><span class=\"fa fa-map-marker\"\n                                                             aria-hidden=\"true\"><\/span> Nordrhein-Westfalen        <\/p>\n    \n<\/article>\n   \n\t\t\n          <article id=\"post-93140\" class=\"et_pb_post post-93140 wtwfb_entry type-wtwfb_entry status-publish has-post-thumbnail hentry wtwfb_category-schul-und-jugendclubgaerten wtwfb_region-hessen\">\n    <h2 class=\"entry-title\"><a href=\"https:\/\/wettbewerb-archiv.wir-tun-was-fuer-bienen.de\/archiv-2023\/eintrag\/2023-unser-schulgarten-grundschule-wartenberg\/\">Unser Schulgarten &#8211; Grundschule Wartenberg<\/a>\n    <\/h2>\n    <a href=\"https:\/\/wettbewerb-archiv.wir-tun-was-fuer-bienen.de\/archiv-2023\/eintrag\/2023-unser-schulgarten-grundschule-wartenberg\/\">\n        <div class=\"bienen-entry-image\">\n            <img decoding=\"async\" width=\"340\" height=\"255\" src=\"https:\/\/wettbewerb-archiv.wir-tun-was-fuer-bienen.de\/archiv-2023\/wp-content\/uploads\/sites\/8\/2023\/06\/Bepflanzung.jpg\" class=\"attachment-bienen-grid-thumb size-bienen-grid-thumb wp-post-image\" alt=\"\" loading=\"lazy\" \/>                    <\/div>\n    <\/a>\n\n    \n\n    <div class=\"user flex\">\n        \n                    <img decoding=\"async\" src=\"https:\/\/wettbewerb-archiv.wir-tun-was-fuer-bienen.de\/archiv-2023\/wp-content\/themes\/bienen\/assets\/images\/avatar-placeholder.png\" style=\"border-radius: 30px;\" height=\"30\" width=\"30\">\n            Grundschule Wartenberg            <\/div>\n    \n    \n            <p class=\"categories meta\" style=\"width: 100%\"><span class=\"fa fa-tag\"\n                                                             aria-hidden=\"true\"><\/span> Schulg\u00e4rten        <\/p>\n    \n            <p class=\"categories meta\" style=\"width: 100%\"><span class=\"fa fa-map-marker\"\n                                                             aria-hidden=\"true\"><\/span> Hessen        <\/p>\n    \n<\/article>\n   \n\t\t\n          <article id=\"post-93125\" class=\"et_pb_post post-93125 wtwfb_entry type-wtwfb_entry status-publish has-post-thumbnail hentry wtwfb_category-privatgaerten-klein-500-m2 wtwfb_region-baden-wuerttemberg\">\n    <h2 class=\"entry-title\"><a href=\"https:\/\/wettbewerb-archiv.wir-tun-was-fuer-bienen.de\/archiv-2023\/eintrag\/2023-ich-%e2%9d%a4%ef%b8%8f-bienen\/\">Ich \u2764\ufe0f Bienen<\/a>\n    <\/h2>\n    <a href=\"https:\/\/wettbewerb-archiv.wir-tun-was-fuer-bienen.de\/archiv-2023\/eintrag\/2023-ich-%e2%9d%a4%ef%b8%8f-bienen\/\">\n        <div class=\"bienen-entry-image\">\n            <img decoding=\"async\" width=\"400\" height=\"300\" src=\"https:\/\/wettbewerb-archiv.wir-tun-was-fuer-bienen.de\/archiv-2023\/wp-content\/uploads\/sites\/8\/2023\/06\/16856217881366071915057729867761-400x300.jpg\" class=\"attachment-bienen-grid-thumb size-bienen-grid-thumb wp-post-image\" alt=\"\" loading=\"lazy\" \/>                    <\/div>\n    <\/a>\n\n    \n\n    <div class=\"user flex\">\n        \n                    <img decoding=\"async\" src=\"https:\/\/wettbewerb-archiv.wir-tun-was-fuer-bienen.de\/archiv-2023\/wp-content\/themes\/bienen\/assets\/images\/avatar-placeholder.png\" style=\"border-radius: 30px;\" height=\"30\" width=\"30\">\n            Blackswan            <\/div>\n    \n    \n            <p class=\"categories meta\" style=\"width: 100%\"><span class=\"fa fa-tag\"\n                                                             aria-hidden=\"true\"><\/span> Privatg\u00e4rten klein (bis 500 m2)        <\/p>\n    \n            <p class=\"categories meta\" style=\"width: 100%\"><span class=\"fa fa-map-marker\"\n                                                             aria-hidden=\"true\"><\/span> Baden-W\u00fcrttemberg        <\/p>\n    \n<\/article>\n   \n\t\t\n          <article id=\"post-93123\" class=\"et_pb_post post-93123 wtwfb_entry type-wtwfb_entry status-publish has-post-thumbnail hentry wtwfb_category-balkone-terrassen-dachbegruenung-vertikale-gaerten wtwfb_region-nordrhein-westfalen\">\n    <h2 class=\"entry-title\"><a href=\"https:\/\/wettbewerb-archiv.wir-tun-was-fuer-bienen.de\/archiv-2023\/eintrag\/2023-magic-flowers\/\">Magic Flowers<\/a>\n    <\/h2>\n    <a href=\"https:\/\/wettbewerb-archiv.wir-tun-was-fuer-bienen.de\/archiv-2023\/eintrag\/2023-magic-flowers\/\">\n        <div class=\"bienen-entry-image\">\n            <img decoding=\"async\" width=\"400\" height=\"300\" src=\"https:\/\/wettbewerb-archiv.wir-tun-was-fuer-bienen.de\/archiv-2023\/wp-content\/uploads\/sites\/8\/2023\/06\/E59A1E82-948D-4AB7-8981-4EFD3912F909-400x300.jpeg\" class=\"attachment-bienen-grid-thumb size-bienen-grid-thumb wp-post-image\" alt=\"\" loading=\"lazy\" \/>                    <\/div>\n    <\/a>\n\n    \n\n    <div class=\"user flex\">\n        \n                    <img decoding=\"async\" src=\"https:\/\/wettbewerb-archiv.wir-tun-was-fuer-bienen.de\/archiv-2023\/wp-content\/themes\/bienen\/assets\/images\/avatar-placeholder.png\" style=\"border-radius: 30px;\" height=\"30\" width=\"30\">\n            Magic Flowers            <\/div>\n    \n    \n            <p class=\"categories meta\" style=\"width: 100%\"><span class=\"fa fa-tag\"\n                                                             aria-hidden=\"true\"><\/span> Balkone, Terrassen, Dachg\u00e4rten, vertikale G\u00e4rten        <\/p>\n    \n            <p class=\"categories meta\" style=\"width: 100%\"><span class=\"fa fa-map-marker\"\n                                                             aria-hidden=\"true\"><\/span> Nordrhein-Westfalen        <\/p>\n    \n<\/article>\n   \n\t\t\n          <article id=\"post-93117\" class=\"et_pb_post post-93117 wtwfb_entry type-wtwfb_entry status-publish has-post-thumbnail hentry wtwfb_category-vereinsgaerten-liegenschaften-von-verwaltung-kirche-etc-sonstige wtwfb_region-bayern\">\n    <h2 class=\"entry-title\"><a href=\"https:\/\/wettbewerb-archiv.wir-tun-was-fuer-bienen.de\/archiv-2023\/eintrag\/2023-sevengardens-coburg-kunst-naturprojekte\/\">sevengardens coburg &#8211; Kunst &amp; Naturprojekte<\/a>\n    <\/h2>\n    <a href=\"https:\/\/wettbewerb-archiv.wir-tun-was-fuer-bienen.de\/archiv-2023\/eintrag\/2023-sevengardens-coburg-kunst-naturprojekte\/\">\n        <div class=\"bienen-entry-image\">\n            <img decoding=\"async\" width=\"400\" height=\"300\" src=\"https:\/\/wettbewerb-archiv.wir-tun-was-fuer-bienen.de\/archiv-2023\/wp-content\/uploads\/sites\/8\/2023\/06\/20230523_130736-400x300.jpg\" class=\"attachment-bienen-grid-thumb size-bienen-grid-thumb wp-post-image\" alt=\"\" loading=\"lazy\" \/>                    <\/div>\n    <\/a>\n\n    \n\n    <div class=\"user flex\">\n        \n                    <img decoding=\"async\" src=\"https:\/\/wettbewerb-archiv.wir-tun-was-fuer-bienen.de\/archiv-2023\/wp-content\/themes\/bienen\/assets\/images\/avatar-placeholder.png\" style=\"border-radius: 30px;\" height=\"30\" width=\"30\">\n            Jugendkunstschule Regenbogentanz            <\/div>\n    \n    \n            <p class=\"categories meta\" style=\"width: 100%\"><span class=\"fa fa-tag\"\n                                                             aria-hidden=\"true\"><\/span> Vereinsg\u00e4rten, Unis, Liegenschaften von Verwaltung, Kirche etc, Sonstige        <\/p>\n    \n            <p class=\"categories meta\" style=\"width: 100%\"><span class=\"fa fa-map-marker\"\n                                                             aria-hidden=\"true\"><\/span> Bayern        <\/p>\n    \n<\/article>\n   \n\t\t\n          <article id=\"post-93082\" class=\"et_pb_post post-93082 wtwfb_entry type-wtwfb_entry status-publish has-post-thumbnail hentry wtwfb_category-schul-und-jugendclubgaerten wtwfb_region-nordrhein-westfalen\">\n    <h2 class=\"entry-title\"><a href=\"https:\/\/wettbewerb-archiv.wir-tun-was-fuer-bienen.de\/archiv-2023\/eintrag\/2023-pflanzzkugeln-fuer-unsere-doerfer\/\">Pflanzzkugeln f\u00fcr unsere D\u00f6rfer<\/a>\n    <\/h2>\n    <a href=\"https:\/\/wettbewerb-archiv.wir-tun-was-fuer-bienen.de\/archiv-2023\/eintrag\/2023-pflanzzkugeln-fuer-unsere-doerfer\/\">\n        <div class=\"bienen-entry-image\">\n            <img decoding=\"async\" width=\"400\" height=\"300\" src=\"https:\/\/wettbewerb-archiv.wir-tun-was-fuer-bienen.de\/archiv-2023\/wp-content\/uploads\/sites\/8\/2023\/06\/IMG_20230515_195025-400x300.jpg\" class=\"attachment-bienen-grid-thumb size-bienen-grid-thumb wp-post-image\" alt=\"\" loading=\"lazy\" \/>                    <\/div>\n    <\/a>\n\n    \n\n    <div class=\"user flex\">\n        \n                    <img decoding=\"async\" src=\"https:\/\/wettbewerb-archiv.wir-tun-was-fuer-bienen.de\/archiv-2023\/wp-content\/themes\/bienen\/assets\/images\/avatar-placeholder.png\" style=\"border-radius: 30px;\" height=\"30\" width=\"30\">\n            Grundschule Im Odeborntal            <\/div>\n    \n    \n            <p class=\"categories meta\" style=\"width: 100%\"><span class=\"fa fa-tag\"\n                                                             aria-hidden=\"true\"><\/span> Schulg\u00e4rten        <\/p>\n    \n            <p class=\"categories meta\" style=\"width: 100%\"><span class=\"fa fa-map-marker\"\n                                                             aria-hidden=\"true\"><\/span> Nordrhein-Westfalen        <\/p>\n    \n<\/article>\n   \n\t\t\n          <article id=\"post-93063\" class=\"et_pb_post post-93063 wtwfb_entry type-wtwfb_entry status-publish has-post-thumbnail hentry wtwfb_category-privatgaerten-klein-500-m2 wtwfb_region-nordrhein-westfalen\">\n    <h2 class=\"entry-title\"><a href=\"https:\/\/wettbewerb-archiv.wir-tun-was-fuer-bienen.de\/archiv-2023\/eintrag\/2023-aus-alt-mach-neu-trockenmauer-aus-natursteinen\/\">Aus Alt mach Neu &#8211; Trockenmauer aus Natursteinen<\/a>\n    <\/h2>\n    <a href=\"https:\/\/wettbewerb-archiv.wir-tun-was-fuer-bienen.de\/archiv-2023\/eintrag\/2023-aus-alt-mach-neu-trockenmauer-aus-natursteinen\/\">\n        <div class=\"bienen-entry-image\">\n            <img decoding=\"async\" width=\"400\" height=\"300\" src=\"https:\/\/wettbewerb-archiv.wir-tun-was-fuer-bienen.de\/archiv-2023\/wp-content\/uploads\/sites\/8\/2023\/06\/IMG_8360-400x300.jpeg\" class=\"attachment-bienen-grid-thumb size-bienen-grid-thumb wp-post-image\" alt=\"\" loading=\"lazy\" \/>                    <\/div>\n    <\/a>\n\n    \n\n    <div class=\"user flex\">\n        \n                    <img decoding=\"async\" src=\"https:\/\/wettbewerb-archiv.wir-tun-was-fuer-bienen.de\/archiv-2023\/wp-content\/themes\/bienen\/assets\/images\/avatar-placeholder.png\" style=\"border-radius: 30px;\" height=\"30\" width=\"30\">\n            Biene Maja Bertlich            <\/div>\n    \n    \n            <p class=\"categories meta\" style=\"width: 100%\"><span class=\"fa fa-tag\"\n                                                             aria-hidden=\"true\"><\/span> Privatg\u00e4rten klein (bis 500 m2)        <\/p>\n    \n            <p class=\"categories meta\" style=\"width: 100%\"><span class=\"fa fa-map-marker\"\n                                                             aria-hidden=\"true\"><\/span> Nordrhein-Westfalen        <\/p>\n    \n<\/article>\n   \n\t\t\n          <article id=\"post-92941\" class=\"et_pb_post post-92941 wtwfb_entry type-wtwfb_entry status-publish has-post-thumbnail hentry wtwfb_category-balkone-terrassen-dachbegruenung-vertikale-gaerten wtwfb_region-nordrhein-westfalen\">\n    <h2 class=\"entry-title\"><a href=\"https:\/\/wettbewerb-archiv.wir-tun-was-fuer-bienen.de\/archiv-2023\/eintrag\/2023-bienen\/\">Bienen, Hummeln, Schmetterlinge \u2013 der Insektenfreundl...<\/a>\n    <\/h2>\n    <a href=\"https:\/\/wettbewerb-archiv.wir-tun-was-fuer-bienen.de\/archiv-2023\/eintrag\/2023-bienen\/\">\n        <div class=\"bienen-entry-image\">\n            <img decoding=\"async\" width=\"400\" height=\"300\" src=\"https:\/\/wettbewerb-archiv.wir-tun-was-fuer-bienen.de\/archiv-2023\/wp-content\/uploads\/sites\/8\/2023\/07\/20210530_1157131-400x300.jpg\" class=\"attachment-bienen-grid-thumb size-bienen-grid-thumb wp-post-image\" alt=\"\" loading=\"lazy\" \/>                    <\/div>\n    <\/a>\n\n    \n\n    <div class=\"user flex\">\n        \n                    <img decoding=\"async\" src=\"https:\/\/wettbewerb-archiv.wir-tun-was-fuer-bienen.de\/archiv-2023\/wp-content\/themes\/bienen\/assets\/images\/avatar-placeholder.png\" style=\"border-radius: 30px;\" height=\"30\" width=\"30\">\n            Sonia Rodrigues            <\/div>\n    \n    <p class=\"categories meta bienen-gewinner\"><span class=\"fa fa-trophy\"                                                              aria-hidden=\"true\"><\/span> Gewinner<\/p>\n            <p class=\"categories meta\" style=\"width: 100%\"><span class=\"fa fa-tag\"\n                                                             aria-hidden=\"true\"><\/span> Balkone, Terrassen, Dachg\u00e4rten, vertikale G\u00e4rten        <\/p>\n    \n            <p class=\"categories meta\" style=\"width: 100%\"><span class=\"fa fa-map-marker\"\n                                                             aria-hidden=\"true\"><\/span> Nordrhein-Westfalen        <\/p>\n    \n<\/article>\n   \n\t\t\n          <article id=\"post-92915\" class=\"et_pb_post post-92915 wtwfb_entry type-wtwfb_entry status-publish has-post-thumbnail hentry wtwfb_category-schul-und-jugendclubgaerten wtwfb_region-nordrhein-westfalen\">\n    <h2 class=\"entry-title\"><a href=\"https:\/\/wettbewerb-archiv.wir-tun-was-fuer-bienen.de\/archiv-2023\/eintrag\/2023-vielfalt-im-schulgarten-foerdern\/\">Vielfalt im Schulgarten f\u00f6rdern<\/a>\n    <\/h2>\n    <a href=\"https:\/\/wettbewerb-archiv.wir-tun-was-fuer-bienen.de\/archiv-2023\/eintrag\/2023-vielfalt-im-schulgarten-foerdern\/\">\n        <div class=\"bienen-entry-image\">\n            <img decoding=\"async\" width=\"400\" height=\"300\" src=\"https:\/\/wettbewerb-archiv.wir-tun-was-fuer-bienen.de\/archiv-2023\/wp-content\/uploads\/sites\/8\/2023\/06\/1D5F111F-E8DB-4F3D-9E85-12F37D6BC95E-400x300.jpeg\" class=\"attachment-bienen-grid-thumb size-bienen-grid-thumb wp-post-image\" alt=\"\" loading=\"lazy\" srcset=\"https:\/\/wettbewerb-archiv.wir-tun-was-fuer-bienen.de\/archiv-2023\/wp-content\/uploads\/sites\/8\/2023\/06\/1D5F111F-E8DB-4F3D-9E85-12F37D6BC95E-400x300.jpeg 400w, https:\/\/wettbewerb-archiv.wir-tun-was-fuer-bienen.de\/archiv-2023\/wp-content\/uploads\/sites\/8\/2023\/06\/1D5F111F-E8DB-4F3D-9E85-12F37D6BC95E-768x576.jpeg 768w, https:\/\/wettbewerb-archiv.wir-tun-was-fuer-bienen.de\/archiv-2023\/wp-content\/uploads\/sites\/8\/2023\/06\/1D5F111F-E8DB-4F3D-9E85-12F37D6BC95E-1024x768.jpeg 1024w, https:\/\/wettbewerb-archiv.wir-tun-was-fuer-bienen.de\/archiv-2023\/wp-content\/uploads\/sites\/8\/2023\/06\/1D5F111F-E8DB-4F3D-9E85-12F37D6BC95E.jpeg 1920w\" sizes=\"(max-width: 400px) 100vw, 400px\" \/>                    <\/div>\n    <\/a>\n\n    \n\n    <div class=\"user flex\">\n        \n                    <img decoding=\"async\" src=\"https:\/\/wettbewerb-archiv.wir-tun-was-fuer-bienen.de\/archiv-2023\/wp-content\/themes\/bienen\/assets\/images\/avatar-placeholder.png\" style=\"border-radius: 30px;\" height=\"30\" width=\"30\">\n            Amos Comenius Gymnasium Aachen            <\/div>\n    \n    <p class=\"categories meta bienen-gewinner\"><span class=\"fa fa-trophy\"                                                              aria-hidden=\"true\"><\/span> Gewinner<\/p>\n            <p class=\"categories meta\" style=\"width: 100%\"><span class=\"fa fa-tag\"\n                                                             aria-hidden=\"true\"><\/span> Schulg\u00e4rten        <\/p>\n    \n            <p class=\"categories meta\" style=\"width: 100%\"><span class=\"fa fa-map-marker\"\n                                                             aria-hidden=\"true\"><\/span> Nordrhein-Westfalen        <\/p>\n    \n<\/article>\n   \n\t\t\n          <article id=\"post-92887\" class=\"et_pb_post post-92887 wtwfb_entry type-wtwfb_entry status-publish has-post-thumbnail hentry wtwfb_category-kleingartenparzellen wtwfb_region-sachsen\">\n    <h2 class=\"entry-title\"><a href=\"https:\/\/wettbewerb-archiv.wir-tun-was-fuer-bienen.de\/archiv-2023\/eintrag\/2023-kleingarten-mit-ganz-viel-platz-fuer-natur\/\">Kleingarten mit ganz viel Platz f\u00fcr Natur<\/a>\n    <\/h2>\n    <a href=\"https:\/\/wettbewerb-archiv.wir-tun-was-fuer-bienen.de\/archiv-2023\/eintrag\/2023-kleingarten-mit-ganz-viel-platz-fuer-natur\/\">\n        <div class=\"bienen-entry-image\">\n            <img decoding=\"async\" width=\"400\" height=\"300\" src=\"https:\/\/wettbewerb-archiv.wir-tun-was-fuer-bienen.de\/archiv-2023\/wp-content\/uploads\/sites\/8\/2023\/05\/20230528_132220-400x300.jpg\" class=\"attachment-bienen-grid-thumb size-bienen-grid-thumb wp-post-image\" alt=\"\" loading=\"lazy\" \/>                    <\/div>\n    <\/a>\n\n    \n\n    <div class=\"user flex\">\n        \n                    <img decoding=\"async\" src=\"https:\/\/wettbewerb-archiv.wir-tun-was-fuer-bienen.de\/archiv-2023\/wp-content\/themes\/bienen\/assets\/images\/avatar-placeholder.png\" style=\"border-radius: 30px;\" height=\"30\" width=\"30\">\n            Familie Weidner            <\/div>\n    \n    \n            <p class=\"categories meta\" style=\"width: 100%\"><span class=\"fa fa-tag\"\n                                                             aria-hidden=\"true\"><\/span> Kleingartenparzellen        <\/p>\n    \n            <p class=\"categories meta\" style=\"width: 100%\"><span class=\"fa fa-map-marker\"\n                                                             aria-hidden=\"true\"><\/span> Sachsen        <\/p>\n    \n<\/article>\n   \n\t\t\n          <article id=\"post-92878\" class=\"et_pb_post post-92878 wtwfb_entry type-wtwfb_entry status-publish has-post-thumbnail hentry wtwfb_category-schul-und-jugendclubgaerten wtwfb_region-nordrhein-westfalen\">\n    <h2 class=\"entry-title\"><a href=\"https:\/\/wettbewerb-archiv.wir-tun-was-fuer-bienen.de\/archiv-2023\/eintrag\/2023-karottenkids-der-astrid-lindgren-grundschule-muelheim-an-der-ruhr\/\">KarottenKids der Astrid Lindgren-Grundschule M\u00fclheim a...<\/a>\n    <\/h2>\n    <a href=\"https:\/\/wettbewerb-archiv.wir-tun-was-fuer-bienen.de\/archiv-2023\/eintrag\/2023-karottenkids-der-astrid-lindgren-grundschule-muelheim-an-der-ruhr\/\">\n        <div class=\"bienen-entry-image\">\n            <img decoding=\"async\" width=\"400\" height=\"300\" src=\"https:\/\/wettbewerb-archiv.wir-tun-was-fuer-bienen.de\/archiv-2023\/wp-content\/uploads\/sites\/8\/2023\/05\/IMG_1886-400x300.jpeg\" class=\"attachment-bienen-grid-thumb size-bienen-grid-thumb wp-post-image\" alt=\"\" loading=\"lazy\" srcset=\"https:\/\/wettbewerb-archiv.wir-tun-was-fuer-bienen.de\/archiv-2023\/wp-content\/uploads\/sites\/8\/2023\/05\/IMG_1886-400x300.jpeg 400w, https:\/\/wettbewerb-archiv.wir-tun-was-fuer-bienen.de\/archiv-2023\/wp-content\/uploads\/sites\/8\/2023\/05\/IMG_1886-768x576.jpeg 768w, https:\/\/wettbewerb-archiv.wir-tun-was-fuer-bienen.de\/archiv-2023\/wp-content\/uploads\/sites\/8\/2023\/05\/IMG_1886-1024x768.jpeg 1024w, https:\/\/wettbewerb-archiv.wir-tun-was-fuer-bienen.de\/archiv-2023\/wp-content\/uploads\/sites\/8\/2023\/05\/IMG_1886.jpeg 1920w\" sizes=\"(max-width: 400px) 100vw, 400px\" \/>                    <\/div>\n    <\/a>\n\n    \n\n    <div class=\"user flex\">\n        \n                    <img decoding=\"async\" src=\"https:\/\/wettbewerb-archiv.wir-tun-was-fuer-bienen.de\/archiv-2023\/wp-content\/themes\/bienen\/assets\/images\/avatar-placeholder.png\" style=\"border-radius: 30px;\" height=\"30\" width=\"30\">\n            KarottenKids            <\/div>\n    \n    \n            <p class=\"categories meta\" style=\"width: 100%\"><span class=\"fa fa-tag\"\n                                                             aria-hidden=\"true\"><\/span> Schulg\u00e4rten        <\/p>\n    \n            <p class=\"categories meta\" style=\"width: 100%\"><span class=\"fa fa-map-marker\"\n                                                             aria-hidden=\"true\"><\/span> Nordrhein-Westfalen        <\/p>\n    \n<\/article>\n   \n\t\t\n          <article id=\"post-92847\" class=\"et_pb_post post-92847 wtwfb_entry type-wtwfb_entry status-publish has-post-thumbnail hentry wtwfb_category-schul-und-jugendclubgaerten wtwfb_region-bremen\">\n    <h2 class=\"entry-title\"><a href=\"https:\/\/wettbewerb-archiv.wir-tun-was-fuer-bienen.de\/archiv-2023\/eintrag\/2023-anlegen-einer-wildblumenwiese-mit-ss\/\">Bunt und wild : Unsere Insektenwiese \ud83c\udf31\ud83d\udc1e<\/a>\n    <\/h2>\n    <a href=\"https:\/\/wettbewerb-archiv.wir-tun-was-fuer-bienen.de\/archiv-2023\/eintrag\/2023-anlegen-einer-wildblumenwiese-mit-ss\/\">\n        <div class=\"bienen-entry-image\">\n            <img decoding=\"async\" width=\"400\" height=\"300\" src=\"https:\/\/wettbewerb-archiv.wir-tun-was-fuer-bienen.de\/archiv-2023\/wp-content\/uploads\/sites\/8\/2023\/07\/20230727_214422-400x300.jpg\" class=\"attachment-bienen-grid-thumb size-bienen-grid-thumb wp-post-image\" alt=\"\" loading=\"lazy\" \/>                    <\/div>\n    <\/a>\n\n    \n\n    <div class=\"user flex\">\n        \n                    <img decoding=\"async\" src=\"https:\/\/wettbewerb-archiv.wir-tun-was-fuer-bienen.de\/archiv-2023\/wp-content\/themes\/bienen\/assets\/images\/avatar-placeholder.png\" style=\"border-radius: 30px;\" height=\"30\" width=\"30\">\n            Oberschule an der Schaumburger Stra\u00dfe            <\/div>\n    \n    \n            <p class=\"categories meta\" style=\"width: 100%\"><span class=\"fa fa-tag\"\n                                                             aria-hidden=\"true\"><\/span> Schulg\u00e4rten        <\/p>\n    \n            <p class=\"categories meta\" style=\"width: 100%\"><span class=\"fa fa-map-marker\"\n                                                             aria-hidden=\"true\"><\/span> Bremen        <\/p>\n    \n<\/article>\n   \n\t\t\n          <article id=\"post-92838\" class=\"et_pb_post post-92838 wtwfb_entry type-wtwfb_entry status-publish has-post-thumbnail hentry wtwfb_category-bestehende-naturgaerten wtwfb_region-hessen\">\n    <h2 class=\"entry-title\"><a href=\"https:\/\/wettbewerb-archiv.wir-tun-was-fuer-bienen.de\/archiv-2023\/eintrag\/2023-lehr-und-kraeutergarten-dreieich-e-v\/\">Lehr- und Kr\u00e4utergarten Dreieich e.V.<\/a>\n    <\/h2>\n    <a href=\"https:\/\/wettbewerb-archiv.wir-tun-was-fuer-bienen.de\/archiv-2023\/eintrag\/2023-lehr-und-kraeutergarten-dreieich-e-v\/\">\n        <div class=\"bienen-entry-image\">\n            <img decoding=\"async\" width=\"400\" height=\"300\" src=\"https:\/\/wettbewerb-archiv.wir-tun-was-fuer-bienen.de\/archiv-2023\/wp-content\/uploads\/sites\/8\/2023\/05\/3-DSC8629-400x300.jpg\" class=\"attachment-bienen-grid-thumb size-bienen-grid-thumb wp-post-image\" alt=\"\" loading=\"lazy\" \/>                    <\/div>\n    <\/a>\n\n    \n\n    <div class=\"user flex\">\n        \n                    <img decoding=\"async\" src=\"https:\/\/wettbewerb-archiv.wir-tun-was-fuer-bienen.de\/archiv-2023\/wp-content\/themes\/bienen\/assets\/images\/avatar-placeholder.png\" style=\"border-radius: 30px;\" height=\"30\" width=\"30\">\n            Lehr- und Kr\u00e4utergarten Dreieich e.V.            <\/div>\n    \n    \n            <p class=\"categories meta\" style=\"width: 100%\"><span class=\"fa fa-tag\"\n                                                             aria-hidden=\"true\"><\/span> Bestehende Naturg\u00e4rten (Pflege und Infoarbeit)        <\/p>\n    \n            <p class=\"categories meta\" style=\"width: 100%\"><span class=\"fa fa-map-marker\"\n                                                             aria-hidden=\"true\"><\/span> Hessen        <\/p>\n    \n<\/article>\n   \n\t\t\n          <article id=\"post-92692\" class=\"et_pb_post post-92692 wtwfb_entry type-wtwfb_entry status-publish has-post-thumbnail hentry wtwfb_category-vereinsgaerten-liegenschaften-von-verwaltung-kirche-etc-sonstige wtwfb_region-niedersachsen\">\n    <h2 class=\"entry-title\"><a href=\"https:\/\/wettbewerb-archiv.wir-tun-was-fuer-bienen.de\/archiv-2023\/eintrag\/2023-veraenderung-im-reitverein-zugunsten-der-bienen-und-unseren-vereinsmitgliedern\/\">Ver\u00e4nderung im Reitverein zugunsten der Bienen und uns...<\/a>\n    <\/h2>\n    <a href=\"https:\/\/wettbewerb-archiv.wir-tun-was-fuer-bienen.de\/archiv-2023\/eintrag\/2023-veraenderung-im-reitverein-zugunsten-der-bienen-und-unseren-vereinsmitgliedern\/\">\n        <div class=\"bienen-entry-image\">\n            <img decoding=\"async\" width=\"400\" height=\"300\" src=\"https:\/\/wettbewerb-archiv.wir-tun-was-fuer-bienen.de\/archiv-2023\/wp-content\/uploads\/sites\/8\/2023\/05\/F4E67CE8-9DF6-4D24-8CA9-15EC85DC903B-400x300.jpeg\" class=\"attachment-bienen-grid-thumb size-bienen-grid-thumb wp-post-image\" alt=\"\" loading=\"lazy\" \/>                    <\/div>\n    <\/a>\n\n    \n\n    <div class=\"user flex\">\n        \n                    <img decoding=\"async\" src=\"https:\/\/wettbewerb-archiv.wir-tun-was-fuer-bienen.de\/archiv-2023\/wp-content\/themes\/bienen\/assets\/images\/avatar-placeholder.png\" style=\"border-radius: 30px;\" height=\"30\" width=\"30\">\n            Pony,- Jugend,- Reit- und Fahrverein Knesebeck            <\/div>\n    \n    \n            <p class=\"categories meta\" style=\"width: 100%\"><span class=\"fa fa-tag\"\n                                                             aria-hidden=\"true\"><\/span> Vereinsg\u00e4rten, Unis, Liegenschaften von Verwaltung, Kirche etc, Sonstige        <\/p>\n    \n            <p class=\"categories meta\" style=\"width: 100%\"><span class=\"fa fa-map-marker\"\n                                                             aria-hidden=\"true\"><\/span> Niedersachsen        <\/p>\n    \n<\/article>\n   \n\t\t\n          <article id=\"post-92655\" class=\"et_pb_post post-92655 wtwfb_entry type-wtwfb_entry status-publish has-post-thumbnail hentry wtwfb_category-schul-und-jugendclubgaerten wtwfb_region-niedersachsen\">\n    <h2 class=\"entry-title\"><a href=\"https:\/\/wettbewerb-archiv.wir-tun-was-fuer-bienen.de\/archiv-2023\/eintrag\/2023-vielfalt-braucht-ein-zuhause\/\">Vielfalt braucht ein Zuhause<\/a>\n    <\/h2>\n    <a href=\"https:\/\/wettbewerb-archiv.wir-tun-was-fuer-bienen.de\/archiv-2023\/eintrag\/2023-vielfalt-braucht-ein-zuhause\/\">\n        <div class=\"bienen-entry-image\">\n            <img decoding=\"async\" width=\"400\" height=\"300\" src=\"https:\/\/wettbewerb-archiv.wir-tun-was-fuer-bienen.de\/archiv-2023\/wp-content\/uploads\/sites\/8\/2023\/05\/Titelbild-01-400x300.jpg\" class=\"attachment-bienen-grid-thumb size-bienen-grid-thumb wp-post-image\" alt=\"\" loading=\"lazy\" srcset=\"https:\/\/wettbewerb-archiv.wir-tun-was-fuer-bienen.de\/archiv-2023\/wp-content\/uploads\/sites\/8\/2023\/05\/Titelbild-01-400x300.jpg 400w, https:\/\/wettbewerb-archiv.wir-tun-was-fuer-bienen.de\/archiv-2023\/wp-content\/uploads\/sites\/8\/2023\/05\/Titelbild-01-768x576.jpg 768w, https:\/\/wettbewerb-archiv.wir-tun-was-fuer-bienen.de\/archiv-2023\/wp-content\/uploads\/sites\/8\/2023\/05\/Titelbild-01-1024x768.jpg 1024w, https:\/\/wettbewerb-archiv.wir-tun-was-fuer-bienen.de\/archiv-2023\/wp-content\/uploads\/sites\/8\/2023\/05\/Titelbild-01.jpg 1386w\" sizes=\"(max-width: 400px) 100vw, 400px\" \/>                    <\/div>\n    <\/a>\n\n    \n\n    <div class=\"user flex\">\n        \n                    <img decoding=\"async\" src=\"https:\/\/wettbewerb-archiv.wir-tun-was-fuer-bienen.de\/archiv-2023\/wp-content\/themes\/bienen\/assets\/images\/avatar-placeholder.png\" style=\"border-radius: 30px;\" height=\"30\" width=\"30\">\n            Grundschule Luttum            <\/div>\n    \n    <p class=\"categories meta bienen-gewinner\"><span class=\"fa fa-trophy\"                                                              aria-hidden=\"true\"><\/span> Gewinner<\/p>\n            <p class=\"categories meta\" style=\"width: 100%\"><span class=\"fa fa-tag\"\n                                                             aria-hidden=\"true\"><\/span> Schulg\u00e4rten        <\/p>\n    \n            <p class=\"categories meta\" style=\"width: 100%\"><span class=\"fa fa-map-marker\"\n                                                             aria-hidden=\"true\"><\/span> Niedersachsen        <\/p>\n    \n<\/article>\n   \n\t\t\n          <article id=\"post-92539\" class=\"et_pb_post post-92539 wtwfb_entry type-wtwfb_entry status-publish has-post-thumbnail hentry wtwfb_category-privatgaerten-klein-500-m2 wtwfb_region-bayern\">\n    <h2 class=\"entry-title\"><a href=\"https:\/\/wettbewerb-archiv.wir-tun-was-fuer-bienen.de\/archiv-2023\/eintrag\/2023-mein-wildes-wiesen\/\">Mein wildes Wiesen<\/a>\n    <\/h2>\n    <a href=\"https:\/\/wettbewerb-archiv.wir-tun-was-fuer-bienen.de\/archiv-2023\/eintrag\/2023-mein-wildes-wiesen\/\">\n        <div class=\"bienen-entry-image\">\n            <img decoding=\"async\" width=\"400\" height=\"300\" src=\"https:\/\/wettbewerb-archiv.wir-tun-was-fuer-bienen.de\/archiv-2023\/wp-content\/uploads\/sites\/8\/2023\/05\/Titelbild-2-400x300.jpg\" class=\"attachment-bienen-grid-thumb size-bienen-grid-thumb wp-post-image\" alt=\"\" loading=\"lazy\" \/>                    <\/div>\n    <\/a>\n\n    \n\n    <div class=\"user flex\">\n        \n                    <img decoding=\"async\" src=\"https:\/\/wettbewerb-archiv.wir-tun-was-fuer-bienen.de\/archiv-2023\/wp-content\/themes\/bienen\/assets\/images\/avatar-placeholder.png\" style=\"border-radius: 30px;\" height=\"30\" width=\"30\">\n            Mein wildes Wiesen            <\/div>\n    \n    <p class=\"categories meta bienen-gewinner\"><span class=\"fa fa-trophy\"                                                              aria-hidden=\"true\"><\/span> Gewinner<\/p>\n            <p class=\"categories meta\" style=\"width: 100%\"><span class=\"fa fa-tag\"\n                                                             aria-hidden=\"true\"><\/span> Privatg\u00e4rten klein (bis 500 m2)        <\/p>\n    \n            <p class=\"categories meta\" style=\"width: 100%\"><span class=\"fa fa-map-marker\"\n                                                             aria-hidden=\"true\"><\/span> Bayern        <\/p>\n    \n<\/article>\n   \n\t\t\n          <article id=\"post-92457\" class=\"et_pb_post post-92457 wtwfb_entry type-wtwfb_entry status-publish has-post-thumbnail hentry wtwfb_category-schul-und-jugendclubgaerten wtwfb_region-sachsen-anhalt\">\n    <h2 class=\"entry-title\"><a href=\"https:\/\/wettbewerb-archiv.wir-tun-was-fuer-bienen.de\/archiv-2023\/eintrag\/2023-unser-schulgarten\/\">Unser Schulgarten<\/a>\n    <\/h2>\n    <a href=\"https:\/\/wettbewerb-archiv.wir-tun-was-fuer-bienen.de\/archiv-2023\/eintrag\/2023-unser-schulgarten\/\">\n        <div class=\"bienen-entry-image\">\n            <img decoding=\"async\" width=\"400\" height=\"300\" src=\"https:\/\/wettbewerb-archiv.wir-tun-was-fuer-bienen.de\/archiv-2023\/wp-content\/uploads\/sites\/8\/2023\/05\/20230525_122600-400x300.jpg\" class=\"attachment-bienen-grid-thumb size-bienen-grid-thumb wp-post-image\" alt=\"\" loading=\"lazy\" srcset=\"https:\/\/wettbewerb-archiv.wir-tun-was-fuer-bienen.de\/archiv-2023\/wp-content\/uploads\/sites\/8\/2023\/05\/20230525_122600-400x300.jpg 400w, https:\/\/wettbewerb-archiv.wir-tun-was-fuer-bienen.de\/archiv-2023\/wp-content\/uploads\/sites\/8\/2023\/05\/20230525_122600-768x576.jpg 768w, https:\/\/wettbewerb-archiv.wir-tun-was-fuer-bienen.de\/archiv-2023\/wp-content\/uploads\/sites\/8\/2023\/05\/20230525_122600-1024x768.jpg 1024w, https:\/\/wettbewerb-archiv.wir-tun-was-fuer-bienen.de\/archiv-2023\/wp-content\/uploads\/sites\/8\/2023\/05\/20230525_122600.jpg 1920w\" sizes=\"(max-width: 400px) 100vw, 400px\" \/>                    <\/div>\n    <\/a>\n\n    \n\n    <div class=\"user flex\">\n        \n                    <img decoding=\"async\" src=\"https:\/\/wettbewerb-archiv.wir-tun-was-fuer-bienen.de\/archiv-2023\/wp-content\/themes\/bienen\/assets\/images\/avatar-placeholder.png\" style=\"border-radius: 30px;\" height=\"30\" width=\"30\">\n            Bienchen            <\/div>\n    \n    \n            <p class=\"categories meta\" style=\"width: 100%\"><span class=\"fa fa-tag\"\n                                                             aria-hidden=\"true\"><\/span> Schulg\u00e4rten        <\/p>\n    \n            <p class=\"categories meta\" style=\"width: 100%\"><span class=\"fa fa-map-marker\"\n                                                             aria-hidden=\"true\"><\/span> Sachsen-Anhalt        <\/p>\n    \n<\/article>\n   \n\t\t\n          <article id=\"post-92447\" class=\"et_pb_post post-92447 wtwfb_entry type-wtwfb_entry status-publish has-post-thumbnail hentry wtwfb_category-kita-gaerten wtwfb_region-brandenburg\">\n    <h2 class=\"entry-title\"><a href=\"https:\/\/wettbewerb-archiv.wir-tun-was-fuer-bienen.de\/archiv-2023\/eintrag\/2023-naturpark-kita-spatzennest-uckro\/\">Naturpark Kita Spatzennest Uckro<\/a>\n    <\/h2>\n    <a href=\"https:\/\/wettbewerb-archiv.wir-tun-was-fuer-bienen.de\/archiv-2023\/eintrag\/2023-naturpark-kita-spatzennest-uckro\/\">\n        <div class=\"bienen-entry-image\">\n            <img decoding=\"async\" width=\"400\" height=\"300\" src=\"https:\/\/wettbewerb-archiv.wir-tun-was-fuer-bienen.de\/archiv-2023\/wp-content\/uploads\/sites\/8\/2023\/05\/Bild1-400x300.jpg\" class=\"attachment-bienen-grid-thumb size-bienen-grid-thumb wp-post-image\" alt=\"\" loading=\"lazy\" \/>                    <\/div>\n    <\/a>\n\n    \n\n    <div class=\"user flex\">\n        \n                    <img decoding=\"async\" src=\"https:\/\/wettbewerb-archiv.wir-tun-was-fuer-bienen.de\/archiv-2023\/wp-content\/themes\/bienen\/assets\/images\/avatar-placeholder.png\" style=\"border-radius: 30px;\" height=\"30\" width=\"30\">\n            Naturpark Kita Spatzennest Uckro            <\/div>\n    \n    \n            <p class=\"categories meta\" style=\"width: 100%\"><span class=\"fa fa-tag\"\n                                                             aria-hidden=\"true\"><\/span> Kita-G\u00e4rten        <\/p>\n    \n            <p class=\"categories meta\" style=\"width: 100%\"><span class=\"fa fa-map-marker\"\n                                                             aria-hidden=\"true\"><\/span> Brandenburg        <\/p>\n    \n<\/article>\n   \n\t\t\n          <article id=\"post-92208\" class=\"et_pb_post post-92208 wtwfb_entry type-wtwfb_entry status-publish has-post-thumbnail hentry wtwfb_category-bestehende-naturgaerten wtwfb_region-niedersachsen\">\n    <h2 class=\"entry-title\"><a href=\"https:\/\/wettbewerb-archiv.wir-tun-was-fuer-bienen.de\/archiv-2023\/eintrag\/2023-geheime-wiese-der-pirschgruppe-des-bund-neu-wulmstorf-2\/\">`geheime Wiese\u00b4 der Pirschgruppe des BUND Neu Wulmstor...<\/a>\n    <\/h2>\n    <a href=\"https:\/\/wettbewerb-archiv.wir-tun-was-fuer-bienen.de\/archiv-2023\/eintrag\/2023-geheime-wiese-der-pirschgruppe-des-bund-neu-wulmstorf-2\/\">\n        <div class=\"bienen-entry-image\">\n            <img decoding=\"async\" width=\"400\" height=\"300\" src=\"https:\/\/wettbewerb-archiv.wir-tun-was-fuer-bienen.de\/archiv-2023\/wp-content\/uploads\/sites\/8\/2023\/05\/20230524_111225-400x300.jpg\" class=\"attachment-bienen-grid-thumb size-bienen-grid-thumb wp-post-image\" alt=\"\" loading=\"lazy\" \/>                    <\/div>\n    <\/a>\n\n    \n\n    <div class=\"user flex\">\n        \n                    <img decoding=\"async\" src=\"https:\/\/wettbewerb-archiv.wir-tun-was-fuer-bienen.de\/archiv-2023\/wp-content\/themes\/bienen\/assets\/images\/avatar-placeholder.png\" style=\"border-radius: 30px;\" height=\"30\" width=\"30\">\n            BUND Pirschgruppe Neu Wulmstorf            <\/div>\n    \n    \n            <p class=\"categories meta\" style=\"width: 100%\"><span class=\"fa fa-tag\"\n                                                             aria-hidden=\"true\"><\/span> Bestehende Naturg\u00e4rten (Pflege und Infoarbeit)        <\/p>\n    \n            <p class=\"categories meta\" style=\"width: 100%\"><span class=\"fa fa-map-marker\"\n                                                             aria-hidden=\"true\"><\/span> Niedersachsen        <\/p>\n    \n<\/article>\n   \n\t\t\n          <article id=\"post-92194\" class=\"et_pb_post post-92194 wtwfb_entry type-wtwfb_entry status-publish has-post-thumbnail hentry wtwfb_category-kita-gaerten wtwfb_region-niedersachsen\">\n    <h2 class=\"entry-title\"><a href=\"https:\/\/wettbewerb-archiv.wir-tun-was-fuer-bienen.de\/archiv-2023\/eintrag\/2023-gestrandet-in-der-betonwueste\/\">Gestrandet in der Betonw\u00fcste<\/a>\n    <\/h2>\n    <a href=\"https:\/\/wettbewerb-archiv.wir-tun-was-fuer-bienen.de\/archiv-2023\/eintrag\/2023-gestrandet-in-der-betonwueste\/\">\n        <div class=\"bienen-entry-image\">\n            <img decoding=\"async\" width=\"400\" height=\"300\" src=\"https:\/\/wettbewerb-archiv.wir-tun-was-fuer-bienen.de\/archiv-2023\/wp-content\/uploads\/sites\/8\/2023\/05\/IMG_20230505_140200-400x300.jpg\" class=\"attachment-bienen-grid-thumb size-bienen-grid-thumb wp-post-image\" alt=\"\" loading=\"lazy\" srcset=\"https:\/\/wettbewerb-archiv.wir-tun-was-fuer-bienen.de\/archiv-2023\/wp-content\/uploads\/sites\/8\/2023\/05\/IMG_20230505_140200-400x300.jpg 400w, https:\/\/wettbewerb-archiv.wir-tun-was-fuer-bienen.de\/archiv-2023\/wp-content\/uploads\/sites\/8\/2023\/05\/IMG_20230505_140200-768x576.jpg 768w, https:\/\/wettbewerb-archiv.wir-tun-was-fuer-bienen.de\/archiv-2023\/wp-content\/uploads\/sites\/8\/2023\/05\/IMG_20230505_140200-1024x768.jpg 1024w, https:\/\/wettbewerb-archiv.wir-tun-was-fuer-bienen.de\/archiv-2023\/wp-content\/uploads\/sites\/8\/2023\/05\/IMG_20230505_140200.jpg 1920w\" sizes=\"(max-width: 400px) 100vw, 400px\" \/>                    <\/div>\n    <\/a>\n\n    \n\n    <div class=\"user flex\">\n        \n                    <img decoding=\"async\" src=\"https:\/\/wettbewerb-archiv.wir-tun-was-fuer-bienen.de\/archiv-2023\/wp-content\/themes\/bienen\/assets\/images\/avatar-placeholder.png\" style=\"border-radius: 30px;\" height=\"30\" width=\"30\">\n            Barnepiraten e.V.            <\/div>\n    \n    \n            <p class=\"categories meta\" style=\"width: 100%\"><span class=\"fa fa-tag\"\n                                                             aria-hidden=\"true\"><\/span> Kita-G\u00e4rten        <\/p>\n    \n            <p class=\"categories meta\" style=\"width: 100%\"><span class=\"fa fa-map-marker\"\n                                                             aria-hidden=\"true\"><\/span> Niedersachsen        <\/p>\n    \n<\/article>\n   \n\t\t\n          <article id=\"post-92113\" class=\"et_pb_post post-92113 wtwfb_entry type-wtwfb_entry status-publish has-post-thumbnail hentry wtwfb_category-kita-gaerten wtwfb_region-sachsen\">\n    <h2 class=\"entry-title\"><a href=\"https:\/\/wettbewerb-archiv.wir-tun-was-fuer-bienen.de\/archiv-2023\/eintrag\/2023-stephan-roth-summt\/\">Stephan Roth summt&#8230;<\/a>\n    <\/h2>\n    <a href=\"https:\/\/wettbewerb-archiv.wir-tun-was-fuer-bienen.de\/archiv-2023\/eintrag\/2023-stephan-roth-summt\/\">\n        <div class=\"bienen-entry-image\">\n            <img decoding=\"async\" width=\"400\" height=\"300\" src=\"https:\/\/wettbewerb-archiv.wir-tun-was-fuer-bienen.de\/archiv-2023\/wp-content\/uploads\/sites\/8\/2023\/05\/IMG_5729-400x300.jpg\" class=\"attachment-bienen-grid-thumb size-bienen-grid-thumb wp-post-image\" alt=\"\" loading=\"lazy\" srcset=\"https:\/\/wettbewerb-archiv.wir-tun-was-fuer-bienen.de\/archiv-2023\/wp-content\/uploads\/sites\/8\/2023\/05\/IMG_5729-400x300.jpg 400w, https:\/\/wettbewerb-archiv.wir-tun-was-fuer-bienen.de\/archiv-2023\/wp-content\/uploads\/sites\/8\/2023\/05\/IMG_5729-768x576.jpg 768w, https:\/\/wettbewerb-archiv.wir-tun-was-fuer-bienen.de\/archiv-2023\/wp-content\/uploads\/sites\/8\/2023\/05\/IMG_5729-1024x768.jpg 1024w, https:\/\/wettbewerb-archiv.wir-tun-was-fuer-bienen.de\/archiv-2023\/wp-content\/uploads\/sites\/8\/2023\/05\/IMG_5729.jpg 1920w\" sizes=\"(max-width: 400px) 100vw, 400px\" \/>                    <\/div>\n    <\/a>\n\n    \n\n    <div class=\"user flex\">\n        \n                    <img decoding=\"async\" src=\"https:\/\/wettbewerb-archiv.wir-tun-was-fuer-bienen.de\/archiv-2023\/wp-content\/themes\/bienen\/assets\/images\/avatar-placeholder.png\" style=\"border-radius: 30px;\" height=\"30\" width=\"30\">\n            Hort der ev. Schule Stephan Roth            <\/div>\n    \n    \n            <p class=\"categories meta\" style=\"width: 100%\"><span class=\"fa fa-tag\"\n                                                             aria-hidden=\"true\"><\/span> Kita-G\u00e4rten        <\/p>\n    \n            <p class=\"categories meta\" style=\"width: 100%\"><span class=\"fa fa-map-marker\"\n                                                             aria-hidden=\"true\"><\/span> Sachsen        <\/p>\n    \n<\/article>\n   \n\t\t\n          <article id=\"post-92110\" class=\"et_pb_post post-92110 wtwfb_entry type-wtwfb_entry status-publish has-post-thumbnail hentry wtwfb_category-privatgaerten-klein-500-m2 wtwfb_region-nordrhein-westfalen\">\n    <h2 class=\"entry-title\"><a href=\"https:\/\/wettbewerb-archiv.wir-tun-was-fuer-bienen.de\/archiv-2023\/eintrag\/2023-neugestaltung-der-verwilderten-gartenparzelle-unserer-neuen-wohnung\/\">Neugestaltung der verwilderten Gartenparzelle unserer n...<\/a>\n    <\/h2>\n    <a href=\"https:\/\/wettbewerb-archiv.wir-tun-was-fuer-bienen.de\/archiv-2023\/eintrag\/2023-neugestaltung-der-verwilderten-gartenparzelle-unserer-neuen-wohnung\/\">\n        <div class=\"bienen-entry-image\">\n            <img decoding=\"async\" width=\"400\" height=\"300\" src=\"https:\/\/wettbewerb-archiv.wir-tun-was-fuer-bienen.de\/archiv-2023\/wp-content\/uploads\/sites\/8\/2023\/05\/IMG_20221110_155833-400x300.jpg\" class=\"attachment-bienen-grid-thumb size-bienen-grid-thumb wp-post-image\" alt=\"\" loading=\"lazy\" srcset=\"https:\/\/wettbewerb-archiv.wir-tun-was-fuer-bienen.de\/archiv-2023\/wp-content\/uploads\/sites\/8\/2023\/05\/IMG_20221110_155833-400x300.jpg 400w, https:\/\/wettbewerb-archiv.wir-tun-was-fuer-bienen.de\/archiv-2023\/wp-content\/uploads\/sites\/8\/2023\/05\/IMG_20221110_155833-768x576.jpg 768w, https:\/\/wettbewerb-archiv.wir-tun-was-fuer-bienen.de\/archiv-2023\/wp-content\/uploads\/sites\/8\/2023\/05\/IMG_20221110_155833-1024x768.jpg 1024w, https:\/\/wettbewerb-archiv.wir-tun-was-fuer-bienen.de\/archiv-2023\/wp-content\/uploads\/sites\/8\/2023\/05\/IMG_20221110_155833.jpg 1920w\" sizes=\"(max-width: 400px) 100vw, 400px\" \/>                    <\/div>\n    <\/a>\n\n    \n\n    <div class=\"user flex\">\n        \n                    <img decoding=\"async\" src=\"https:\/\/wettbewerb-archiv.wir-tun-was-fuer-bienen.de\/archiv-2023\/wp-content\/themes\/bienen\/assets\/images\/avatar-placeholder.png\" style=\"border-radius: 30px;\" height=\"30\" width=\"30\">\n            Kraut & R\u00fcben            <\/div>\n    \n    \n            <p class=\"categories meta\" style=\"width: 100%\"><span class=\"fa fa-tag\"\n                                                             aria-hidden=\"true\"><\/span> Privatg\u00e4rten klein (bis 500 m2)        <\/p>\n    \n            <p class=\"categories meta\" style=\"width: 100%\"><span class=\"fa fa-map-marker\"\n                                                             aria-hidden=\"true\"><\/span> Nordrhein-Westfalen        <\/p>\n    \n<\/article>\n   \n\t\t\n          <article id=\"post-92093\" class=\"et_pb_post post-92093 wtwfb_entry type-wtwfb_entry status-publish has-post-thumbnail hentry wtwfb_category-kommunale-flaechen wtwfb_region-bayern\">\n    <h2 class=\"entry-title\"><a href=\"https:\/\/wettbewerb-archiv.wir-tun-was-fuer-bienen.de\/archiv-2023\/eintrag\/2023-bienen-gaertla-am-rathaus\/\">Bienen-G\u00e4rtla am Rathaus<\/a>\n    <\/h2>\n    <a href=\"https:\/\/wettbewerb-archiv.wir-tun-was-fuer-bienen.de\/archiv-2023\/eintrag\/2023-bienen-gaertla-am-rathaus\/\">\n        <div class=\"bienen-entry-image\">\n            <img decoding=\"async\" width=\"400\" height=\"300\" src=\"https:\/\/wettbewerb-archiv.wir-tun-was-fuer-bienen.de\/archiv-2023\/wp-content\/uploads\/sites\/8\/2023\/06\/20230606_100404-1-400x300.jpg\" class=\"attachment-bienen-grid-thumb size-bienen-grid-thumb wp-post-image\" alt=\"\" loading=\"lazy\" \/>                    <\/div>\n    <\/a>\n\n    \n\n    <div class=\"user flex\">\n        \n                    <img decoding=\"async\" src=\"https:\/\/wettbewerb-archiv.wir-tun-was-fuer-bienen.de\/archiv-2023\/wp-content\/themes\/bienen\/assets\/images\/avatar-placeholder.png\" style=\"border-radius: 30px;\" height=\"30\" width=\"30\">\n            Gemeinde R\u00fcckersdorf            <\/div>\n    \n    \n            <p class=\"categories meta\" style=\"width: 100%\"><span class=\"fa fa-tag\"\n                                                             aria-hidden=\"true\"><\/span> Kommunale Fl\u00e4chen        <\/p>\n    \n            <p class=\"categories meta\" style=\"width: 100%\"><span class=\"fa fa-map-marker\"\n                                                             aria-hidden=\"true\"><\/span> Bayern        <\/p>\n    \n<\/article>\n   \n\t\t\n          <article id=\"post-92013\" class=\"et_pb_post post-92013 wtwfb_entry type-wtwfb_entry status-publish has-post-thumbnail hentry wtwfb_category-vereinsgaerten-liegenschaften-von-verwaltung-kirche-etc-sonstige wtwfb_region-hessen\">\n    <h2 class=\"entry-title\"><a href=\"https:\/\/wettbewerb-archiv.wir-tun-was-fuer-bienen.de\/archiv-2023\/eintrag\/2023-windbienen-beet-am-haus-sonneck-marburg\/\">Windbienen-Beet am Haus Sonneck, Marburg<\/a>\n    <\/h2>\n    <a href=\"https:\/\/wettbewerb-archiv.wir-tun-was-fuer-bienen.de\/archiv-2023\/eintrag\/2023-windbienen-beet-am-haus-sonneck-marburg\/\">\n        <div class=\"bienen-entry-image\">\n            <img decoding=\"async\" width=\"400\" height=\"300\" src=\"https:\/\/wettbewerb-archiv.wir-tun-was-fuer-bienen.de\/archiv-2023\/wp-content\/uploads\/sites\/8\/2023\/05\/IMG_20230514_115904_BURST2-400x300.jpg\" class=\"attachment-bienen-grid-thumb size-bienen-grid-thumb wp-post-image\" alt=\"\" loading=\"lazy\" srcset=\"https:\/\/wettbewerb-archiv.wir-tun-was-fuer-bienen.de\/archiv-2023\/wp-content\/uploads\/sites\/8\/2023\/05\/IMG_20230514_115904_BURST2-400x300.jpg 400w, https:\/\/wettbewerb-archiv.wir-tun-was-fuer-bienen.de\/archiv-2023\/wp-content\/uploads\/sites\/8\/2023\/05\/IMG_20230514_115904_BURST2-768x576.jpg 768w, https:\/\/wettbewerb-archiv.wir-tun-was-fuer-bienen.de\/archiv-2023\/wp-content\/uploads\/sites\/8\/2023\/05\/IMG_20230514_115904_BURST2-1024x768.jpg 1024w, https:\/\/wettbewerb-archiv.wir-tun-was-fuer-bienen.de\/archiv-2023\/wp-content\/uploads\/sites\/8\/2023\/05\/IMG_20230514_115904_BURST2.jpg 1920w\" sizes=\"(max-width: 400px) 100vw, 400px\" \/>                    <\/div>\n    <\/a>\n\n    \n\n    <div class=\"user flex\">\n        \n                    <img decoding=\"async\" src=\"https:\/\/wettbewerb-archiv.wir-tun-was-fuer-bienen.de\/archiv-2023\/wp-content\/themes\/bienen\/assets\/images\/avatar-placeholder.png\" style=\"border-radius: 30px;\" height=\"30\" width=\"30\">\n            A Rocha-ArtenREICH-Gruppe            <\/div>\n    \n    \n            <p class=\"categories meta\" style=\"width: 100%\"><span class=\"fa fa-tag\"\n                                                             aria-hidden=\"true\"><\/span> Vereinsg\u00e4rten, Unis, Liegenschaften von Verwaltung, Kirche etc, Sonstige        <\/p>\n    \n            <p class=\"categories meta\" style=\"width: 100%\"><span class=\"fa fa-map-marker\"\n                                                             aria-hidden=\"true\"><\/span> Hessen        <\/p>\n    \n<\/article>\n   \n\t\t\n          <article id=\"post-91977\" class=\"et_pb_post post-91977 wtwfb_entry type-wtwfb_entry status-publish has-post-thumbnail hentry wtwfb_category-kommunale-flaechen wtwfb_region-bayern\">\n    <h2 class=\"entry-title\"><a href=\"https:\/\/wettbewerb-archiv.wir-tun-was-fuer-bienen.de\/archiv-2023\/eintrag\/2023-vom-acker-zum-naturparadied\/\">Vom Acker zum Naturparadied<\/a>\n    <\/h2>\n    <a href=\"https:\/\/wettbewerb-archiv.wir-tun-was-fuer-bienen.de\/archiv-2023\/eintrag\/2023-vom-acker-zum-naturparadied\/\">\n        <div class=\"bienen-entry-image\">\n            <img decoding=\"async\" width=\"400\" height=\"300\" src=\"https:\/\/wettbewerb-archiv.wir-tun-was-fuer-bienen.de\/archiv-2023\/wp-content\/uploads\/sites\/8\/2023\/05\/20230517_194727-400x300.jpg\" class=\"attachment-bienen-grid-thumb size-bienen-grid-thumb wp-post-image\" alt=\"\" loading=\"lazy\" \/>                    <\/div>\n    <\/a>\n\n    \n\n    <div class=\"user flex\">\n        \n                    <img decoding=\"async\" src=\"https:\/\/wettbewerb-archiv.wir-tun-was-fuer-bienen.de\/archiv-2023\/wp-content\/themes\/bienen\/assets\/images\/avatar-placeholder.png\" style=\"border-radius: 30px;\" height=\"30\" width=\"30\">\n            LUCHSE und W\u00d6LFE der JBN Garching            <\/div>\n    \n    \n            <p class=\"categories meta\" style=\"width: 100%\"><span class=\"fa fa-tag\"\n                                                             aria-hidden=\"true\"><\/span> Kommunale Fl\u00e4chen        <\/p>\n    \n            <p class=\"categories meta\" style=\"width: 100%\"><span class=\"fa fa-map-marker\"\n                                                             aria-hidden=\"true\"><\/span> Bayern        <\/p>\n    \n<\/article>\n   \n\t\t\n          <article id=\"post-91963\" class=\"et_pb_post post-91963 wtwfb_entry type-wtwfb_entry status-publish has-post-thumbnail hentry wtwfb_category-kita-gaerten wtwfb_region-baden-wuerttemberg\">\n    <h2 class=\"entry-title\"><a href=\"https:\/\/wettbewerb-archiv.wir-tun-was-fuer-bienen.de\/archiv-2023\/eintrag\/2023-kinderhaus-burgberg-summt\/\">Kinderhaus Burgberg summt<\/a>\n    <\/h2>\n    <a href=\"https:\/\/wettbewerb-archiv.wir-tun-was-fuer-bienen.de\/archiv-2023\/eintrag\/2023-kinderhaus-burgberg-summt\/\">\n        <div class=\"bienen-entry-image\">\n            <img decoding=\"async\" width=\"400\" height=\"300\" src=\"https:\/\/wettbewerb-archiv.wir-tun-was-fuer-bienen.de\/archiv-2023\/wp-content\/uploads\/sites\/8\/2023\/05\/20230517_105735-400x300.jpg\" class=\"attachment-bienen-grid-thumb size-bienen-grid-thumb wp-post-image\" alt=\"\" loading=\"lazy\" srcset=\"https:\/\/wettbewerb-archiv.wir-tun-was-fuer-bienen.de\/archiv-2023\/wp-content\/uploads\/sites\/8\/2023\/05\/20230517_105735-400x300.jpg 400w, https:\/\/wettbewerb-archiv.wir-tun-was-fuer-bienen.de\/archiv-2023\/wp-content\/uploads\/sites\/8\/2023\/05\/20230517_105735-768x576.jpg 768w, https:\/\/wettbewerb-archiv.wir-tun-was-fuer-bienen.de\/archiv-2023\/wp-content\/uploads\/sites\/8\/2023\/05\/20230517_105735-1024x768.jpg 1024w, https:\/\/wettbewerb-archiv.wir-tun-was-fuer-bienen.de\/archiv-2023\/wp-content\/uploads\/sites\/8\/2023\/05\/20230517_105735.jpg 1920w\" sizes=\"(max-width: 400px) 100vw, 400px\" \/>                    <\/div>\n    <\/a>\n\n    \n\n    <div class=\"user flex\">\n        \n                    <img decoding=\"async\" src=\"https:\/\/wettbewerb-archiv.wir-tun-was-fuer-bienen.de\/archiv-2023\/wp-content\/themes\/bienen\/assets\/images\/avatar-placeholder.png\" style=\"border-radius: 30px;\" height=\"30\" width=\"30\">\n            Kinderhaus Burgberg summt            <\/div>\n    \n    \n            <p class=\"categories meta\" style=\"width: 100%\"><span class=\"fa fa-tag\"\n                                                             aria-hidden=\"true\"><\/span> Kita-G\u00e4rten        <\/p>\n    \n            <p class=\"categories meta\" style=\"width: 100%\"><span class=\"fa fa-map-marker\"\n                                                             aria-hidden=\"true\"><\/span> Baden-W\u00fcrttemberg        <\/p>\n    \n<\/article>\n   \n\t\t\n          <article id=\"post-91961\" class=\"et_pb_post post-91961 wtwfb_entry type-wtwfb_entry status-publish has-post-thumbnail hentry wtwfb_category-privatgaerten-klein-500-m2 wtwfb_region-bayern\">\n    <h2 class=\"entry-title\"><a href=\"https:\/\/wettbewerb-archiv.wir-tun-was-fuer-bienen.de\/archiv-2023\/eintrag\/2023-maxis-bienensandkasten\/\">Maxis Bienensandkasten<\/a>\n    <\/h2>\n    <a href=\"https:\/\/wettbewerb-archiv.wir-tun-was-fuer-bienen.de\/archiv-2023\/eintrag\/2023-maxis-bienensandkasten\/\">\n        <div class=\"bienen-entry-image\">\n            <img decoding=\"async\" width=\"400\" height=\"300\" src=\"https:\/\/wettbewerb-archiv.wir-tun-was-fuer-bienen.de\/archiv-2023\/wp-content\/uploads\/sites\/8\/2023\/05\/20230522_130012-400x300.jpg\" class=\"attachment-bienen-grid-thumb size-bienen-grid-thumb wp-post-image\" alt=\"\" loading=\"lazy\" \/>                    <\/div>\n    <\/a>\n\n    \n\n    <div class=\"user flex\">\n        \n                    <img decoding=\"async\" src=\"https:\/\/wettbewerb-archiv.wir-tun-was-fuer-bienen.de\/archiv-2023\/wp-content\/themes\/bienen\/assets\/images\/avatar-placeholder.png\" style=\"border-radius: 30px;\" height=\"30\" width=\"30\">\n            MAXIs Sandkasten            <\/div>\n    \n    \n            <p class=\"categories meta\" style=\"width: 100%\"><span class=\"fa fa-tag\"\n                                                             aria-hidden=\"true\"><\/span> Privatg\u00e4rten klein (bis 500 m2)        <\/p>\n    \n            <p class=\"categories meta\" style=\"width: 100%\"><span class=\"fa fa-map-marker\"\n                                                             aria-hidden=\"true\"><\/span> Bayern        <\/p>\n    \n<\/article>\n   \n\t\t\n          <article id=\"post-91958\" class=\"et_pb_post post-91958 wtwfb_entry type-wtwfb_entry status-publish has-post-thumbnail hentry wtwfb_category-firmengaerten wtwfb_region-bayern\">\n    <h2 class=\"entry-title\"><a href=\"https:\/\/wettbewerb-archiv.wir-tun-was-fuer-bienen.de\/archiv-2023\/eintrag\/2023-emas-und-biodiversitaet-feat-umweltmanagement-und-schuelerprojekte\/\">EMAS und Biodiversit\u00e4t erlebbar machen<\/a>\n    <\/h2>\n    <a href=\"https:\/\/wettbewerb-archiv.wir-tun-was-fuer-bienen.de\/archiv-2023\/eintrag\/2023-emas-und-biodiversitaet-feat-umweltmanagement-und-schuelerprojekte\/\">\n        <div class=\"bienen-entry-image\">\n            <img decoding=\"async\" width=\"400\" height=\"300\" src=\"https:\/\/wettbewerb-archiv.wir-tun-was-fuer-bienen.de\/archiv-2023\/wp-content\/uploads\/sites\/8\/2023\/05\/Nachher_1-400x300.jpg\" class=\"attachment-bienen-grid-thumb size-bienen-grid-thumb wp-post-image\" alt=\"\" loading=\"lazy\" srcset=\"https:\/\/wettbewerb-archiv.wir-tun-was-fuer-bienen.de\/archiv-2023\/wp-content\/uploads\/sites\/8\/2023\/05\/Nachher_1-400x300.jpg 400w, https:\/\/wettbewerb-archiv.wir-tun-was-fuer-bienen.de\/archiv-2023\/wp-content\/uploads\/sites\/8\/2023\/05\/Nachher_1-768x576.jpg 768w, https:\/\/wettbewerb-archiv.wir-tun-was-fuer-bienen.de\/archiv-2023\/wp-content\/uploads\/sites\/8\/2023\/05\/Nachher_1-1024x768.jpg 1024w, https:\/\/wettbewerb-archiv.wir-tun-was-fuer-bienen.de\/archiv-2023\/wp-content\/uploads\/sites\/8\/2023\/05\/Nachher_1.jpg 1920w\" sizes=\"(max-width: 400px) 100vw, 400px\" \/>                    <\/div>\n    <\/a>\n\n    \n\n    <div class=\"user flex\">\n        \n                    <img decoding=\"async\" src=\"https:\/\/wettbewerb-archiv.wir-tun-was-fuer-bienen.de\/archiv-2023\/wp-content\/themes\/bienen\/assets\/images\/avatar-placeholder.png\" style=\"border-radius: 30px;\" height=\"30\" width=\"30\">\n            Dietz GmbH            <\/div>\n    \n    <p class=\"categories meta bienen-gewinner\"><span class=\"fa fa-trophy\"                                                              aria-hidden=\"true\"><\/span> Gewinner<\/p>\n            <p class=\"categories meta\" style=\"width: 100%\"><span class=\"fa fa-tag\"\n                                                             aria-hidden=\"true\"><\/span> Firmeng\u00e4rten        <\/p>\n    \n            <p class=\"categories meta\" style=\"width: 100%\"><span class=\"fa fa-map-marker\"\n                                                             aria-hidden=\"true\"><\/span> Bayern        <\/p>\n    \n<\/article>\n   \n\t\t\n          <article id=\"post-91905\" class=\"et_pb_post post-91905 wtwfb_entry type-wtwfb_entry status-publish has-post-thumbnail hentry wtwfb_category-schul-und-jugendclubgaerten wtwfb_region-baden-wuerttemberg\">\n    <h2 class=\"entry-title\"><a href=\"https:\/\/wettbewerb-archiv.wir-tun-was-fuer-bienen.de\/archiv-2023\/eintrag\/2023-schulacker-mit-blumenstreifen\/\">Unser Blumenstreifen<\/a>\n    <\/h2>\n    <a href=\"https:\/\/wettbewerb-archiv.wir-tun-was-fuer-bienen.de\/archiv-2023\/eintrag\/2023-schulacker-mit-blumenstreifen\/\">\n        <div class=\"bienen-entry-image\">\n            <img decoding=\"async\" width=\"400\" height=\"300\" src=\"https:\/\/wettbewerb-archiv.wir-tun-was-fuer-bienen.de\/archiv-2023\/wp-content\/uploads\/sites\/8\/2023\/06\/IMG_20230521_112123-400x300.jpg\" class=\"attachment-bienen-grid-thumb size-bienen-grid-thumb wp-post-image\" alt=\"\" loading=\"lazy\" srcset=\"https:\/\/wettbewerb-archiv.wir-tun-was-fuer-bienen.de\/archiv-2023\/wp-content\/uploads\/sites\/8\/2023\/06\/IMG_20230521_112123-400x300.jpg 400w, https:\/\/wettbewerb-archiv.wir-tun-was-fuer-bienen.de\/archiv-2023\/wp-content\/uploads\/sites\/8\/2023\/06\/IMG_20230521_112123-768x577.jpg 768w, https:\/\/wettbewerb-archiv.wir-tun-was-fuer-bienen.de\/archiv-2023\/wp-content\/uploads\/sites\/8\/2023\/06\/IMG_20230521_112123-1024x769.jpg 1024w, https:\/\/wettbewerb-archiv.wir-tun-was-fuer-bienen.de\/archiv-2023\/wp-content\/uploads\/sites\/8\/2023\/06\/IMG_20230521_112123.jpg 1920w\" sizes=\"(max-width: 400px) 100vw, 400px\" \/>                    <\/div>\n    <\/a>\n\n    \n\n    <div class=\"user flex\">\n        \n                    <img decoding=\"async\" src=\"https:\/\/wettbewerb-archiv.wir-tun-was-fuer-bienen.de\/archiv-2023\/wp-content\/themes\/bienen\/assets\/images\/avatar-placeholder.png\" style=\"border-radius: 30px;\" height=\"30\" width=\"30\">\n            Schulacker Realschule Markdorf            <\/div>\n    \n    \n            <p class=\"categories meta\" style=\"width: 100%\"><span class=\"fa fa-tag\"\n                                                             aria-hidden=\"true\"><\/span> Schulg\u00e4rten        <\/p>\n    \n            <p class=\"categories meta\" style=\"width: 100%\"><span class=\"fa fa-map-marker\"\n                                                             aria-hidden=\"true\"><\/span> Baden-W\u00fcrttemberg        <\/p>\n    \n<\/article>\n   \n\t\t\n          <article id=\"post-91890\" class=\"et_pb_post post-91890 wtwfb_entry type-wtwfb_entry status-publish has-post-thumbnail hentry wtwfb_category-privatgaerten-gross-500-m wtwfb_region-niedersachsen\">\n    <h2 class=\"entry-title\"><a href=\"https:\/\/wettbewerb-archiv.wir-tun-was-fuer-bienen.de\/archiv-2023\/eintrag\/2023-bienenweide-kalkriese\/\">Bienenweide Kalkriese<\/a>\n    <\/h2>\n    <a href=\"https:\/\/wettbewerb-archiv.wir-tun-was-fuer-bienen.de\/archiv-2023\/eintrag\/2023-bienenweide-kalkriese\/\">\n        <div class=\"bienen-entry-image\">\n            <img decoding=\"async\" width=\"400\" height=\"300\" src=\"https:\/\/wettbewerb-archiv.wir-tun-was-fuer-bienen.de\/archiv-2023\/wp-content\/uploads\/sites\/8\/2023\/05\/IMG_20230521_182501-400x300.jpg\" class=\"attachment-bienen-grid-thumb size-bienen-grid-thumb wp-post-image\" alt=\"\" loading=\"lazy\" \/>                    <\/div>\n    <\/a>\n\n    \n\n    <div class=\"user flex\">\n        \n                    <img decoding=\"async\" src=\"https:\/\/wettbewerb-archiv.wir-tun-was-fuer-bienen.de\/archiv-2023\/wp-content\/themes\/bienen\/assets\/images\/avatar-placeholder.png\" style=\"border-radius: 30px;\" height=\"30\" width=\"30\">\n            Heimatliebe            <\/div>\n    \n    \n            <p class=\"categories meta\" style=\"width: 100%\"><span class=\"fa fa-tag\"\n                                                             aria-hidden=\"true\"><\/span> Privatg\u00e4rten gro\u00df (ab 500 m\u00b2)        <\/p>\n    \n            <p class=\"categories meta\" style=\"width: 100%\"><span class=\"fa fa-map-marker\"\n                                                             aria-hidden=\"true\"><\/span> Niedersachsen        <\/p>\n    \n<\/article>\n   \n\t\t\n          <article id=\"post-91874\" class=\"et_pb_post post-91874 wtwfb_entry type-wtwfb_entry status-publish has-post-thumbnail hentry wtwfb_category-schul-und-jugendclubgaerten wtwfb_region-schleswig-holstein\">\n    <h2 class=\"entry-title\"><a href=\"https:\/\/wettbewerb-archiv.wir-tun-was-fuer-bienen.de\/archiv-2023\/eintrag\/2023-wildbienenweide-auf-dem-schulhof-des-otto-hahn-gymnasiums-in-geesthacht\/\">Insektenparadiese auf dem Schulhof des Otto-Hahn-Gymnas...<\/a>\n    <\/h2>\n    <a href=\"https:\/\/wettbewerb-archiv.wir-tun-was-fuer-bienen.de\/archiv-2023\/eintrag\/2023-wildbienenweide-auf-dem-schulhof-des-otto-hahn-gymnasiums-in-geesthacht\/\">\n        <div class=\"bienen-entry-image\">\n            <img decoding=\"async\" width=\"400\" height=\"300\" src=\"https:\/\/wettbewerb-archiv.wir-tun-was-fuer-bienen.de\/archiv-2023\/wp-content\/uploads\/sites\/8\/2023\/07\/IMG_3427-400x300.jpg\" class=\"attachment-bienen-grid-thumb size-bienen-grid-thumb wp-post-image\" alt=\"\" loading=\"lazy\" srcset=\"https:\/\/wettbewerb-archiv.wir-tun-was-fuer-bienen.de\/archiv-2023\/wp-content\/uploads\/sites\/8\/2023\/07\/IMG_3427-400x300.jpg 400w, https:\/\/wettbewerb-archiv.wir-tun-was-fuer-bienen.de\/archiv-2023\/wp-content\/uploads\/sites\/8\/2023\/07\/IMG_3427-768x576.jpg 768w, https:\/\/wettbewerb-archiv.wir-tun-was-fuer-bienen.de\/archiv-2023\/wp-content\/uploads\/sites\/8\/2023\/07\/IMG_3427-1024x768.jpg 1024w, https:\/\/wettbewerb-archiv.wir-tun-was-fuer-bienen.de\/archiv-2023\/wp-content\/uploads\/sites\/8\/2023\/07\/IMG_3427.jpg 1920w\" sizes=\"(max-width: 400px) 100vw, 400px\" \/>                    <\/div>\n    <\/a>\n\n    \n\n    <div class=\"user flex\">\n        \n                    <img decoding=\"async\" src=\"https:\/\/wettbewerb-archiv.wir-tun-was-fuer-bienen.de\/archiv-2023\/wp-content\/themes\/bienen\/assets\/images\/avatar-placeholder.png\" style=\"border-radius: 30px;\" height=\"30\" width=\"30\">\n            Otto-Hahn-Gymnasium Geesthacht AG Gr\u00fcner Schulhof            <\/div>\n    \n    \n            <p class=\"categories meta\" style=\"width: 100%\"><span class=\"fa fa-tag\"\n                                                             aria-hidden=\"true\"><\/span> Schulg\u00e4rten        <\/p>\n    \n            <p class=\"categories meta\" style=\"width: 100%\"><span class=\"fa fa-map-marker\"\n                                                             aria-hidden=\"true\"><\/span> Schleswig-Holstein        <\/p>\n    \n<\/article>\n   \n\t\t\n          <article id=\"post-91871\" class=\"et_pb_post post-91871 wtwfb_entry type-wtwfb_entry status-publish has-post-thumbnail hentry wtwfb_category-privatgaerten-klein-500-m2 wtwfb_region-bayern\">\n    <h2 class=\"entry-title\"><a href=\"https:\/\/wettbewerb-archiv.wir-tun-was-fuer-bienen.de\/archiv-2023\/eintrag\/2023-gartenstrukturen\/\">Gartenstrukturen<\/a>\n    <\/h2>\n    <a href=\"https:\/\/wettbewerb-archiv.wir-tun-was-fuer-bienen.de\/archiv-2023\/eintrag\/2023-gartenstrukturen\/\">\n        <div class=\"bienen-entry-image\">\n            <img decoding=\"async\" width=\"400\" height=\"300\" src=\"https:\/\/wettbewerb-archiv.wir-tun-was-fuer-bienen.de\/archiv-2023\/wp-content\/uploads\/sites\/8\/2023\/05\/DSCF0561-400x300.jpg\" class=\"attachment-bienen-grid-thumb size-bienen-grid-thumb wp-post-image\" alt=\"\" loading=\"lazy\" srcset=\"https:\/\/wettbewerb-archiv.wir-tun-was-fuer-bienen.de\/archiv-2023\/wp-content\/uploads\/sites\/8\/2023\/05\/DSCF0561-400x300.jpg 400w, https:\/\/wettbewerb-archiv.wir-tun-was-fuer-bienen.de\/archiv-2023\/wp-content\/uploads\/sites\/8\/2023\/05\/DSCF0561-768x576.jpg 768w, https:\/\/wettbewerb-archiv.wir-tun-was-fuer-bienen.de\/archiv-2023\/wp-content\/uploads\/sites\/8\/2023\/05\/DSCF0561-1024x768.jpg 1024w, https:\/\/wettbewerb-archiv.wir-tun-was-fuer-bienen.de\/archiv-2023\/wp-content\/uploads\/sites\/8\/2023\/05\/DSCF0561.jpg 1920w\" sizes=\"(max-width: 400px) 100vw, 400px\" \/>                    <\/div>\n    <\/a>\n\n    \n\n    <div class=\"user flex\">\n        \n                    <img decoding=\"async\" src=\"https:\/\/wettbewerb-archiv.wir-tun-was-fuer-bienen.de\/archiv-2023\/wp-content\/themes\/bienen\/assets\/images\/avatar-placeholder.png\" style=\"border-radius: 30px;\" height=\"30\" width=\"30\">\n            Insektenfreunde Privat            <\/div>\n    \n    \n            <p class=\"categories meta\" style=\"width: 100%\"><span class=\"fa fa-tag\"\n                                                             aria-hidden=\"true\"><\/span> Privatg\u00e4rten klein (bis 500 m2)        <\/p>\n    \n            <p class=\"categories meta\" style=\"width: 100%\"><span class=\"fa fa-map-marker\"\n                                                             aria-hidden=\"true\"><\/span> Bayern        <\/p>\n    \n<\/article>\n   \n\t\t\n          <article id=\"post-91818\" class=\"et_pb_post post-91818 wtwfb_entry type-wtwfb_entry status-publish has-post-thumbnail hentry wtwfb_category-schul-und-jugendclubgaerten wtwfb_region-nordrhein-westfalen\">\n    <h2 class=\"entry-title\"><a href=\"https:\/\/wettbewerb-archiv.wir-tun-was-fuer-bienen.de\/archiv-2023\/eintrag\/2023-gertrud-baeumer-realschule-bekommt-eine-gruene-oase\/\">Gertrud B\u00e4umer Realschule bekommt eine GR\u00dcNE OASE<\/a>\n    <\/h2>\n    <a href=\"https:\/\/wettbewerb-archiv.wir-tun-was-fuer-bienen.de\/archiv-2023\/eintrag\/2023-gertrud-baeumer-realschule-bekommt-eine-gruene-oase\/\">\n        <div class=\"bienen-entry-image\">\n            <img decoding=\"async\" width=\"400\" height=\"300\" src=\"https:\/\/wettbewerb-archiv.wir-tun-was-fuer-bienen.de\/archiv-2023\/wp-content\/uploads\/sites\/8\/2023\/05\/IMG_9440-400x300.jpeg\" class=\"attachment-bienen-grid-thumb size-bienen-grid-thumb wp-post-image\" alt=\"\" loading=\"lazy\" srcset=\"https:\/\/wettbewerb-archiv.wir-tun-was-fuer-bienen.de\/archiv-2023\/wp-content\/uploads\/sites\/8\/2023\/05\/IMG_9440-400x300.jpeg 400w, https:\/\/wettbewerb-archiv.wir-tun-was-fuer-bienen.de\/archiv-2023\/wp-content\/uploads\/sites\/8\/2023\/05\/IMG_9440-768x576.jpeg 768w, https:\/\/wettbewerb-archiv.wir-tun-was-fuer-bienen.de\/archiv-2023\/wp-content\/uploads\/sites\/8\/2023\/05\/IMG_9440-1024x768.jpeg 1024w, https:\/\/wettbewerb-archiv.wir-tun-was-fuer-bienen.de\/archiv-2023\/wp-content\/uploads\/sites\/8\/2023\/05\/IMG_9440.jpeg 1920w\" sizes=\"(max-width: 400px) 100vw, 400px\" \/>                    <\/div>\n    <\/a>\n\n    \n\n    <div class=\"user flex\">\n        \n                    <img decoding=\"async\" src=\"https:\/\/wettbewerb-archiv.wir-tun-was-fuer-bienen.de\/archiv-2023\/wp-content\/themes\/bienen\/assets\/images\/avatar-placeholder.png\" style=\"border-radius: 30px;\" height=\"30\" width=\"30\">\n            Bienen Freunde Gertrud B\u00e4umer Realschule            <\/div>\n    \n    \n            <p class=\"categories meta\" style=\"width: 100%\"><span class=\"fa fa-tag\"\n                                                             aria-hidden=\"true\"><\/span> Schulg\u00e4rten        <\/p>\n    \n            <p class=\"categories meta\" style=\"width: 100%\"><span class=\"fa fa-map-marker\"\n                                                             aria-hidden=\"true\"><\/span> Nordrhein-Westfalen        <\/p>\n    \n<\/article>\n   \n\t\t\n          <article id=\"post-91789\" class=\"et_pb_post post-91789 wtwfb_entry type-wtwfb_entry status-publish has-post-thumbnail hentry wtwfb_category-privatgaerten-klein-500-m2 wtwfb_region-nordrhein-westfalen\">\n    <h2 class=\"entry-title\"><a href=\"https:\/\/wettbewerb-archiv.wir-tun-was-fuer-bienen.de\/archiv-2023\/eintrag\/2023-ein-schau-vorgarten-in-der-eifel\/\">Ein \u201e\u00d6ko-Schau-Vorgarten\u201c in der Eifel<\/a>\n    <\/h2>\n    <a href=\"https:\/\/wettbewerb-archiv.wir-tun-was-fuer-bienen.de\/archiv-2023\/eintrag\/2023-ein-schau-vorgarten-in-der-eifel\/\">\n        <div class=\"bienen-entry-image\">\n            <img decoding=\"async\" width=\"400\" height=\"300\" src=\"https:\/\/wettbewerb-archiv.wir-tun-was-fuer-bienen.de\/archiv-2023\/wp-content\/uploads\/sites\/8\/2023\/05\/15027118-AFD3-499E-950D-4D9EE4F2C7E9-400x300.jpeg\" class=\"attachment-bienen-grid-thumb size-bienen-grid-thumb wp-post-image\" alt=\"\" loading=\"lazy\" srcset=\"https:\/\/wettbewerb-archiv.wir-tun-was-fuer-bienen.de\/archiv-2023\/wp-content\/uploads\/sites\/8\/2023\/05\/15027118-AFD3-499E-950D-4D9EE4F2C7E9-400x300.jpeg 400w, https:\/\/wettbewerb-archiv.wir-tun-was-fuer-bienen.de\/archiv-2023\/wp-content\/uploads\/sites\/8\/2023\/05\/15027118-AFD3-499E-950D-4D9EE4F2C7E9-768x576.jpeg 768w, https:\/\/wettbewerb-archiv.wir-tun-was-fuer-bienen.de\/archiv-2023\/wp-content\/uploads\/sites\/8\/2023\/05\/15027118-AFD3-499E-950D-4D9EE4F2C7E9-1024x768.jpeg 1024w, https:\/\/wettbewerb-archiv.wir-tun-was-fuer-bienen.de\/archiv-2023\/wp-content\/uploads\/sites\/8\/2023\/05\/15027118-AFD3-499E-950D-4D9EE4F2C7E9.jpeg 1920w\" sizes=\"(max-width: 400px) 100vw, 400px\" \/>                    <\/div>\n    <\/a>\n\n    \n\n    <div class=\"user flex\">\n        \n                    <img decoding=\"async\" src=\"https:\/\/wettbewerb-archiv.wir-tun-was-fuer-bienen.de\/archiv-2023\/wp-content\/themes\/bienen\/assets\/images\/avatar-placeholder.png\" style=\"border-radius: 30px;\" height=\"30\" width=\"30\">\n            Eifelpfoten Vorgarten            <\/div>\n    \n    <p class=\"categories meta bienen-gewinner\"><span class=\"fa fa-trophy\"                                                              aria-hidden=\"true\"><\/span> Gewinner<\/p>\n            <p class=\"categories meta\" style=\"width: 100%\"><span class=\"fa fa-tag\"\n                                                             aria-hidden=\"true\"><\/span> Privatg\u00e4rten klein (bis 500 m2)        <\/p>\n    \n            <p class=\"categories meta\" style=\"width: 100%\"><span class=\"fa fa-map-marker\"\n                                                             aria-hidden=\"true\"><\/span> Nordrhein-Westfalen        <\/p>\n    \n<\/article>\n   \n\t\t\n          <article id=\"post-91775\" class=\"et_pb_post post-91775 wtwfb_entry type-wtwfb_entry status-publish has-post-thumbnail hentry wtwfb_category-privatgaerten-gross-500-m wtwfb_region-nordrhein-westfalen\">\n    <h2 class=\"entry-title\"><a href=\"https:\/\/wettbewerb-archiv.wir-tun-was-fuer-bienen.de\/archiv-2023\/eintrag\/2023-unser-insektenparadies\/\">Unser Insektenparadies<\/a>\n    <\/h2>\n    <a href=\"https:\/\/wettbewerb-archiv.wir-tun-was-fuer-bienen.de\/archiv-2023\/eintrag\/2023-unser-insektenparadies\/\">\n        <div class=\"bienen-entry-image\">\n            <img decoding=\"async\" width=\"400\" height=\"300\" src=\"https:\/\/wettbewerb-archiv.wir-tun-was-fuer-bienen.de\/archiv-2023\/wp-content\/uploads\/sites\/8\/2023\/05\/IMG-20210714-WA0011-400x300.jpg\" class=\"attachment-bienen-grid-thumb size-bienen-grid-thumb wp-post-image\" alt=\"\" loading=\"lazy\" \/>                    <\/div>\n    <\/a>\n\n    \n\n    <div class=\"user flex\">\n        \n                    <img decoding=\"async\" src=\"https:\/\/wettbewerb-archiv.wir-tun-was-fuer-bienen.de\/archiv-2023\/wp-content\/themes\/bienen\/assets\/images\/avatar-placeholder.png\" style=\"border-radius: 30px;\" height=\"30\" width=\"30\">\n            SumsiBrumm            <\/div>\n    \n    \n            <p class=\"categories meta\" style=\"width: 100%\"><span class=\"fa fa-tag\"\n                                                             aria-hidden=\"true\"><\/span> Privatg\u00e4rten gro\u00df (ab 500 m\u00b2)        <\/p>\n    \n            <p class=\"categories meta\" style=\"width: 100%\"><span class=\"fa fa-map-marker\"\n                                                             aria-hidden=\"true\"><\/span> Nordrhein-Westfalen        <\/p>\n    \n<\/article>\n   \n\t\t\n          <article id=\"post-91724\" class=\"et_pb_post post-91724 wtwfb_entry type-wtwfb_entry status-publish has-post-thumbnail hentry wtwfb_category-kleingartenparzellen wtwfb_region-baden-wuerttemberg\">\n    <h2 class=\"entry-title\"><a href=\"https:\/\/wettbewerb-archiv.wir-tun-was-fuer-bienen.de\/archiv-2023\/eintrag\/2023-unser-kleingarten-glueck\/\">Unser Kleingarten GL\u00dcCK<\/a>\n    <\/h2>\n    <a href=\"https:\/\/wettbewerb-archiv.wir-tun-was-fuer-bienen.de\/archiv-2023\/eintrag\/2023-unser-kleingarten-glueck\/\">\n        <div class=\"bienen-entry-image\">\n            <img decoding=\"async\" width=\"400\" height=\"300\" src=\"https:\/\/wettbewerb-archiv.wir-tun-was-fuer-bienen.de\/archiv-2023\/wp-content\/uploads\/sites\/8\/2023\/05\/IMG_4990-400x300.jpeg\" class=\"attachment-bienen-grid-thumb size-bienen-grid-thumb wp-post-image\" alt=\"\" loading=\"lazy\" \/>                    <\/div>\n    <\/a>\n\n    \n\n    <div class=\"user flex\">\n        \n                    <img decoding=\"async\" src=\"https:\/\/wettbewerb-archiv.wir-tun-was-fuer-bienen.de\/archiv-2023\/wp-content\/themes\/bienen\/assets\/images\/avatar-placeholder.png\" style=\"border-radius: 30px;\" height=\"30\" width=\"30\">\n            Familie SumSum            <\/div>\n    \n    <p class=\"categories meta bienen-gewinner\"><span class=\"fa fa-trophy\"                                                              aria-hidden=\"true\"><\/span> Gewinner<\/p>\n            <p class=\"categories meta\" style=\"width: 100%\"><span class=\"fa fa-tag\"\n                                                             aria-hidden=\"true\"><\/span> Kleingartenparzellen        <\/p>\n    \n            <p class=\"categories meta\" style=\"width: 100%\"><span class=\"fa fa-map-marker\"\n                                                             aria-hidden=\"true\"><\/span> Baden-W\u00fcrttemberg        <\/p>\n    \n<\/article>\n   \n\t\t\n          <article id=\"post-91691\" class=\"et_pb_post post-91691 wtwfb_entry type-wtwfb_entry status-publish has-post-thumbnail hentry wtwfb_category-schul-und-jugendclubgaerten wtwfb_region-hessen\">\n    <h2 class=\"entry-title\"><a href=\"https:\/\/wettbewerb-archiv.wir-tun-was-fuer-bienen.de\/archiv-2023\/eintrag\/2023-kleine-bienenschule\/\">Kleine Bienenschule<\/a>\n    <\/h2>\n    <a href=\"https:\/\/wettbewerb-archiv.wir-tun-was-fuer-bienen.de\/archiv-2023\/eintrag\/2023-kleine-bienenschule\/\">\n        <div class=\"bienen-entry-image\">\n            <img decoding=\"async\" width=\"400\" height=\"300\" src=\"https:\/\/wettbewerb-archiv.wir-tun-was-fuer-bienen.de\/archiv-2023\/wp-content\/uploads\/sites\/8\/2023\/05\/20220711_1541180-400x300.jpg\" class=\"attachment-bienen-grid-thumb size-bienen-grid-thumb wp-post-image\" alt=\"\" loading=\"lazy\" srcset=\"https:\/\/wettbewerb-archiv.wir-tun-was-fuer-bienen.de\/archiv-2023\/wp-content\/uploads\/sites\/8\/2023\/05\/20220711_1541180-400x300.jpg 400w, https:\/\/wettbewerb-archiv.wir-tun-was-fuer-bienen.de\/archiv-2023\/wp-content\/uploads\/sites\/8\/2023\/05\/20220711_1541180-768x576.jpg 768w, https:\/\/wettbewerb-archiv.wir-tun-was-fuer-bienen.de\/archiv-2023\/wp-content\/uploads\/sites\/8\/2023\/05\/20220711_1541180-1024x768.jpg 1024w, https:\/\/wettbewerb-archiv.wir-tun-was-fuer-bienen.de\/archiv-2023\/wp-content\/uploads\/sites\/8\/2023\/05\/20220711_1541180.jpg 1920w\" sizes=\"(max-width: 400px) 100vw, 400px\" \/>                    <\/div>\n    <\/a>\n\n    \n\n    <div class=\"user flex\">\n        \n                    <img decoding=\"async\" src=\"https:\/\/wettbewerb-archiv.wir-tun-was-fuer-bienen.de\/archiv-2023\/wp-content\/themes\/bienen\/assets\/images\/avatar-placeholder.png\" style=\"border-radius: 30px;\" height=\"30\" width=\"30\">\n            Kleine Bienenschule            <\/div>\n    \n    \n            <p class=\"categories meta\" style=\"width: 100%\"><span class=\"fa fa-tag\"\n                                                             aria-hidden=\"true\"><\/span> Schulg\u00e4rten        <\/p>\n    \n            <p class=\"categories meta\" style=\"width: 100%\"><span class=\"fa fa-map-marker\"\n                                                             aria-hidden=\"true\"><\/span> Hessen        <\/p>\n    \n<\/article>\n   \n\t\t\n          <article id=\"post-91675\" class=\"et_pb_post post-91675 wtwfb_entry type-wtwfb_entry status-publish has-post-thumbnail hentry wtwfb_category-firmengaerten wtwfb_region-nordrhein-westfalen\">\n    <h2 class=\"entry-title\"><a href=\"https:\/\/wettbewerb-archiv.wir-tun-was-fuer-bienen.de\/archiv-2023\/eintrag\/2023-tiny-forest\/\">M\u00f6nchengladbachs Kinder pflanzen Zukunft<\/a>\n    <\/h2>\n    <a href=\"https:\/\/wettbewerb-archiv.wir-tun-was-fuer-bienen.de\/archiv-2023\/eintrag\/2023-tiny-forest\/\">\n        <div class=\"bienen-entry-image\">\n            <img decoding=\"async\" width=\"400\" height=\"300\" src=\"https:\/\/wettbewerb-archiv.wir-tun-was-fuer-bienen.de\/archiv-2023\/wp-content\/uploads\/sites\/8\/2023\/05\/Gruppenraum-400x300.jpg\" class=\"attachment-bienen-grid-thumb size-bienen-grid-thumb wp-post-image\" alt=\"\" loading=\"lazy\" srcset=\"https:\/\/wettbewerb-archiv.wir-tun-was-fuer-bienen.de\/archiv-2023\/wp-content\/uploads\/sites\/8\/2023\/05\/Gruppenraum-400x300.jpg 400w, https:\/\/wettbewerb-archiv.wir-tun-was-fuer-bienen.de\/archiv-2023\/wp-content\/uploads\/sites\/8\/2023\/05\/Gruppenraum-768x576.jpg 768w, https:\/\/wettbewerb-archiv.wir-tun-was-fuer-bienen.de\/archiv-2023\/wp-content\/uploads\/sites\/8\/2023\/05\/Gruppenraum-1024x768.jpg 1024w, https:\/\/wettbewerb-archiv.wir-tun-was-fuer-bienen.de\/archiv-2023\/wp-content\/uploads\/sites\/8\/2023\/05\/Gruppenraum.jpg 1920w\" sizes=\"(max-width: 400px) 100vw, 400px\" \/>                    <\/div>\n    <\/a>\n\n    \n\n    <div class=\"user flex\">\n        \n                    <img decoding=\"async\" src=\"https:\/\/wettbewerb-archiv.wir-tun-was-fuer-bienen.de\/archiv-2023\/wp-content\/themes\/bienen\/assets\/images\/avatar-placeholder.png\" style=\"border-radius: 30px;\" height=\"30\" width=\"30\">\n            Transition Town, M\u00f6nchengladbach            <\/div>\n    \n    <p class=\"categories meta bienen-gewinner\"><span class=\"fa fa-trophy\"                                                              aria-hidden=\"true\"><\/span> Gewinner<\/p>\n            <p class=\"categories meta\" style=\"width: 100%\"><span class=\"fa fa-tag\"\n                                                             aria-hidden=\"true\"><\/span> Firmeng\u00e4rten        <\/p>\n    \n            <p class=\"categories meta\" style=\"width: 100%\"><span class=\"fa fa-map-marker\"\n                                                             aria-hidden=\"true\"><\/span> Nordrhein-Westfalen        <\/p>\n    \n<\/article>\n   \n\t\t\n          <article id=\"post-91673\" class=\"et_pb_post post-91673 wtwfb_entry type-wtwfb_entry status-publish has-post-thumbnail hentry wtwfb_category-firmengaerten wtwfb_region-hessen\">\n    <h2 class=\"entry-title\"><a href=\"https:\/\/wettbewerb-archiv.wir-tun-was-fuer-bienen.de\/archiv-2023\/eintrag\/2023-pflanzaktion-firmengarten-fulda\/\">Pflanzaktionen und Anlegen von Bl\u00fchfl\u00e4chen an FCN-Sta...<\/a>\n    <\/h2>\n    <a href=\"https:\/\/wettbewerb-archiv.wir-tun-was-fuer-bienen.de\/archiv-2023\/eintrag\/2023-pflanzaktion-firmengarten-fulda\/\">\n        <div class=\"bienen-entry-image\">\n            <img decoding=\"async\" width=\"400\" height=\"300\" src=\"https:\/\/wettbewerb-archiv.wir-tun-was-fuer-bienen.de\/archiv-2023\/wp-content\/uploads\/sites\/8\/2023\/05\/Gruppenbild-Pflanzwettbewerb-400x300.jpg\" class=\"attachment-bienen-grid-thumb size-bienen-grid-thumb wp-post-image\" alt=\"\" loading=\"lazy\" \/>                    <\/div>\n    <\/a>\n\n    \n\n    <div class=\"user flex\">\n        \n                    <img decoding=\"async\" src=\"https:\/\/wettbewerb-archiv.wir-tun-was-fuer-bienen.de\/archiv-2023\/wp-content\/themes\/bienen\/assets\/images\/avatar-placeholder.png\" style=\"border-radius: 30px;\" height=\"30\" width=\"30\">\n            FRANZ CARL N\u00dcDLING Basaltwerke GmbH + Co. KG            <\/div>\n    \n    <p class=\"categories meta bienen-gewinner\"><span class=\"fa fa-trophy\"                                                              aria-hidden=\"true\"><\/span> Gewinner<\/p>\n            <p class=\"categories meta\" style=\"width: 100%\"><span class=\"fa fa-tag\"\n                                                             aria-hidden=\"true\"><\/span> Firmeng\u00e4rten        <\/p>\n    \n            <p class=\"categories meta\" style=\"width: 100%\"><span class=\"fa fa-map-marker\"\n                                                             aria-hidden=\"true\"><\/span> Hessen        <\/p>\n    \n<\/article>\n   \n\t\t\n          <article id=\"post-91663\" class=\"et_pb_post post-91663 wtwfb_entry type-wtwfb_entry status-publish has-post-thumbnail hentry wtwfb_category-bestehende-naturgaerten wtwfb_region-baden-wuerttemberg\">\n    <h2 class=\"entry-title\"><a href=\"https:\/\/wettbewerb-archiv.wir-tun-was-fuer-bienen.de\/archiv-2023\/eintrag\/2023-naturgarten-langenau-fuer-artenschutz-begeistern\/\">Naturgarten Langenau \u2013 fu\u0308r Artenschutz begeistern<\/a>\n    <\/h2>\n    <a href=\"https:\/\/wettbewerb-archiv.wir-tun-was-fuer-bienen.de\/archiv-2023\/eintrag\/2023-naturgarten-langenau-fuer-artenschutz-begeistern\/\">\n        <div class=\"bienen-entry-image\">\n            <img decoding=\"async\" width=\"400\" height=\"300\" src=\"https:\/\/wettbewerb-archiv.wir-tun-was-fuer-bienen.de\/archiv-2023\/wp-content\/uploads\/sites\/8\/2023\/05\/Gross-DSC_0310-400x300.jpeg\" class=\"attachment-bienen-grid-thumb size-bienen-grid-thumb wp-post-image\" alt=\"\" loading=\"lazy\" \/>                    <\/div>\n    <\/a>\n\n    \n\n    <div class=\"user flex\">\n        \n                    <img decoding=\"async\" src=\"https:\/\/wettbewerb-archiv.wir-tun-was-fuer-bienen.de\/archiv-2023\/wp-content\/themes\/bienen\/assets\/images\/avatar-placeholder.png\" style=\"border-radius: 30px;\" height=\"30\" width=\"30\">\n            Naturgarten Langenau            <\/div>\n    \n    <p class=\"categories meta bienen-gewinner\"><span class=\"fa fa-trophy\"                                                              aria-hidden=\"true\"><\/span> Gewinner<\/p>\n            <p class=\"categories meta\" style=\"width: 100%\"><span class=\"fa fa-tag\"\n                                                             aria-hidden=\"true\"><\/span> Bestehende Naturg\u00e4rten (Pflege und Infoarbeit)        <\/p>\n    \n            <p class=\"categories meta\" style=\"width: 100%\"><span class=\"fa fa-map-marker\"\n                                                             aria-hidden=\"true\"><\/span> Baden-W\u00fcrttemberg        <\/p>\n    \n<\/article>\n   \n\t\t\n          <article id=\"post-91661\" class=\"et_pb_post post-91661 wtwfb_entry type-wtwfb_entry status-publish has-post-thumbnail hentry wtwfb_category-schul-und-jugendclubgaerten wtwfb_region-bayern\">\n    <h2 class=\"entry-title\"><a href=\"https:\/\/wettbewerb-archiv.wir-tun-was-fuer-bienen.de\/archiv-2023\/eintrag\/2023-gartenprojekt-martin-luther-haus\/\">Gartenprojekt Martin-Luther-Haus<\/a>\n    <\/h2>\n    <a href=\"https:\/\/wettbewerb-archiv.wir-tun-was-fuer-bienen.de\/archiv-2023\/eintrag\/2023-gartenprojekt-martin-luther-haus\/\">\n        <div class=\"bienen-entry-image\">\n            <img decoding=\"async\" width=\"400\" height=\"300\" src=\"https:\/\/wettbewerb-archiv.wir-tun-was-fuer-bienen.de\/archiv-2023\/wp-content\/uploads\/sites\/8\/2023\/05\/IMG_20230424_092106-400x300.jpg\" class=\"attachment-bienen-grid-thumb size-bienen-grid-thumb wp-post-image\" alt=\"\" loading=\"lazy\" srcset=\"https:\/\/wettbewerb-archiv.wir-tun-was-fuer-bienen.de\/archiv-2023\/wp-content\/uploads\/sites\/8\/2023\/05\/IMG_20230424_092106-400x300.jpg 400w, https:\/\/wettbewerb-archiv.wir-tun-was-fuer-bienen.de\/archiv-2023\/wp-content\/uploads\/sites\/8\/2023\/05\/IMG_20230424_092106-768x576.jpg 768w, https:\/\/wettbewerb-archiv.wir-tun-was-fuer-bienen.de\/archiv-2023\/wp-content\/uploads\/sites\/8\/2023\/05\/IMG_20230424_092106-1024x768.jpg 1024w, https:\/\/wettbewerb-archiv.wir-tun-was-fuer-bienen.de\/archiv-2023\/wp-content\/uploads\/sites\/8\/2023\/05\/IMG_20230424_092106.jpg 1920w\" sizes=\"(max-width: 400px) 100vw, 400px\" \/>                    <\/div>\n    <\/a>\n\n    \n\n    <div class=\"user flex\">\n        \n                    <img decoding=\"async\" src=\"https:\/\/wettbewerb-archiv.wir-tun-was-fuer-bienen.de\/archiv-2023\/wp-content\/themes\/bienen\/assets\/images\/avatar-placeholder.png\" style=\"border-radius: 30px;\" height=\"30\" width=\"30\">\n            Gartenprojekt auf dem Jugendbauernhof            <\/div>\n    \n    \n            <p class=\"categories meta\" style=\"width: 100%\"><span class=\"fa fa-tag\"\n                                                             aria-hidden=\"true\"><\/span> Schulg\u00e4rten        <\/p>\n    \n            <p class=\"categories meta\" style=\"width: 100%\"><span class=\"fa fa-map-marker\"\n                                                             aria-hidden=\"true\"><\/span> Bayern        <\/p>\n    \n<\/article>\n   \n\t\t\n          <article id=\"post-91643\" class=\"et_pb_post post-91643 wtwfb_entry type-wtwfb_entry status-publish has-post-thumbnail hentry wtwfb_category-schul-und-jugendclubgaerten wtwfb_region-bayern\">\n    <h2 class=\"entry-title\"><a href=\"https:\/\/wettbewerb-archiv.wir-tun-was-fuer-bienen.de\/archiv-2023\/eintrag\/2023-wildbienen-in-der-klimaschule\/\">Wildbienen in der Klimaschule<\/a>\n    <\/h2>\n    <a href=\"https:\/\/wettbewerb-archiv.wir-tun-was-fuer-bienen.de\/archiv-2023\/eintrag\/2023-wildbienen-in-der-klimaschule\/\">\n        <div class=\"bienen-entry-image\">\n            <img decoding=\"async\" width=\"400\" height=\"300\" src=\"https:\/\/wettbewerb-archiv.wir-tun-was-fuer-bienen.de\/archiv-2023\/wp-content\/uploads\/sites\/8\/2023\/07\/IMG_20230707_112645_MEDIUM-400x300.jpg\" class=\"attachment-bienen-grid-thumb size-bienen-grid-thumb wp-post-image\" alt=\"\" loading=\"lazy\" \/>                    <\/div>\n    <\/a>\n\n    \n\n    <div class=\"user flex\">\n        \n                    <img decoding=\"async\" src=\"https:\/\/wettbewerb-archiv.wir-tun-was-fuer-bienen.de\/archiv-2023\/wp-content\/themes\/bienen\/assets\/images\/avatar-placeholder.png\" style=\"border-radius: 30px;\" height=\"30\" width=\"30\">\n            Herzog-Georg-Schule            <\/div>\n    \n    <p class=\"categories meta bienen-gewinner\"><span class=\"fa fa-trophy\"                                                              aria-hidden=\"true\"><\/span> Gewinner<\/p>\n            <p class=\"categories meta\" style=\"width: 100%\"><span class=\"fa fa-tag\"\n                                                             aria-hidden=\"true\"><\/span> Schulg\u00e4rten        <\/p>\n    \n            <p class=\"categories meta\" style=\"width: 100%\"><span class=\"fa fa-map-marker\"\n                                                             aria-hidden=\"true\"><\/span> Bayern        <\/p>\n    \n<\/article>\n   \n\t\t\n          <article id=\"post-91641\" class=\"et_pb_post post-91641 wtwfb_entry type-wtwfb_entry status-publish has-post-thumbnail hentry wtwfb_category-kita-gaerten wtwfb_region-bayern\">\n    <h2 class=\"entry-title\"><a href=\"https:\/\/wettbewerb-archiv.wir-tun-was-fuer-bienen.de\/archiv-2023\/eintrag\/2023-kinderhaus-sonnenschein-blueht-auf\/\">Kinderhaus Sonnenschein bl\u00fcht auf<\/a>\n    <\/h2>\n    <a href=\"https:\/\/wettbewerb-archiv.wir-tun-was-fuer-bienen.de\/archiv-2023\/eintrag\/2023-kinderhaus-sonnenschein-blueht-auf\/\">\n        <div class=\"bienen-entry-image\">\n            <img decoding=\"async\" width=\"400\" height=\"300\" src=\"https:\/\/wettbewerb-archiv.wir-tun-was-fuer-bienen.de\/archiv-2023\/wp-content\/uploads\/sites\/8\/2023\/05\/sunflower-g51de4618c_640-400x300.png\" class=\"attachment-bienen-grid-thumb size-bienen-grid-thumb wp-post-image\" alt=\"\" loading=\"lazy\" \/>                    <\/div>\n    <\/a>\n\n    \n\n    <div class=\"user flex\">\n        \n                    <img decoding=\"async\" src=\"https:\/\/wettbewerb-archiv.wir-tun-was-fuer-bienen.de\/archiv-2023\/wp-content\/themes\/bienen\/assets\/images\/avatar-placeholder.png\" style=\"border-radius: 30px;\" height=\"30\" width=\"30\">\n            Kinderhaus Sonnenschein            <\/div>\n    \n    \n            <p class=\"categories meta\" style=\"width: 100%\"><span class=\"fa fa-tag\"\n                                                             aria-hidden=\"true\"><\/span> Kita-G\u00e4rten        <\/p>\n    \n            <p class=\"categories meta\" style=\"width: 100%\"><span class=\"fa fa-map-marker\"\n                                                             aria-hidden=\"true\"><\/span> Bayern        <\/p>\n    \n<\/article>\n   \n\t\t\n          <article id=\"post-91625\" class=\"et_pb_post post-91625 wtwfb_entry type-wtwfb_entry status-publish has-post-thumbnail hentry wtwfb_category-schul-und-jugendclubgaerten wtwfb_region-bayern\">\n    <h2 class=\"entry-title\"><a href=\"https:\/\/wettbewerb-archiv.wir-tun-was-fuer-bienen.de\/archiv-2023\/eintrag\/2023-pflanzaktion-pausenhof\/\">Pflanzaktion Pausenhof<\/a>\n    <\/h2>\n    <a href=\"https:\/\/wettbewerb-archiv.wir-tun-was-fuer-bienen.de\/archiv-2023\/eintrag\/2023-pflanzaktion-pausenhof\/\">\n        <div class=\"bienen-entry-image\">\n            <img decoding=\"async\" width=\"400\" height=\"300\" src=\"https:\/\/wettbewerb-archiv.wir-tun-was-fuer-bienen.de\/archiv-2023\/wp-content\/uploads\/sites\/8\/2023\/05\/IMG_0323-400x300.jpeg\" class=\"attachment-bienen-grid-thumb size-bienen-grid-thumb wp-post-image\" alt=\"\" loading=\"lazy\" srcset=\"https:\/\/wettbewerb-archiv.wir-tun-was-fuer-bienen.de\/archiv-2023\/wp-content\/uploads\/sites\/8\/2023\/05\/IMG_0323-400x300.jpeg 400w, https:\/\/wettbewerb-archiv.wir-tun-was-fuer-bienen.de\/archiv-2023\/wp-content\/uploads\/sites\/8\/2023\/05\/IMG_0323-768x576.jpeg 768w, https:\/\/wettbewerb-archiv.wir-tun-was-fuer-bienen.de\/archiv-2023\/wp-content\/uploads\/sites\/8\/2023\/05\/IMG_0323-1024x768.jpeg 1024w, https:\/\/wettbewerb-archiv.wir-tun-was-fuer-bienen.de\/archiv-2023\/wp-content\/uploads\/sites\/8\/2023\/05\/IMG_0323.jpeg 1920w\" sizes=\"(max-width: 400px) 100vw, 400px\" \/>                    <\/div>\n    <\/a>\n\n    \n\n    <div class=\"user flex\">\n        \n                    <img decoding=\"async\" src=\"https:\/\/wettbewerb-archiv.wir-tun-was-fuer-bienen.de\/archiv-2023\/wp-content\/themes\/bienen\/assets\/images\/avatar-placeholder.png\" style=\"border-radius: 30px;\" height=\"30\" width=\"30\">\n            Umweltgruppe Albertus-Magnus-Gymnasium            <\/div>\n    \n    \n            <p class=\"categories meta\" style=\"width: 100%\"><span class=\"fa fa-tag\"\n                                                             aria-hidden=\"true\"><\/span> Schulg\u00e4rten        <\/p>\n    \n            <p class=\"categories meta\" style=\"width: 100%\"><span class=\"fa fa-map-marker\"\n                                                             aria-hidden=\"true\"><\/span> Bayern        <\/p>\n    \n<\/article>\n   \n\t\t\n          <article id=\"post-91611\" class=\"et_pb_post post-91611 wtwfb_entry type-wtwfb_entry status-publish has-post-thumbnail hentry wtwfb_category-vereinsgaerten-liegenschaften-von-verwaltung-kirche-etc-sonstige wtwfb_region-baden-wuerttemberg\">\n    <h2 class=\"entry-title\"><a href=\"https:\/\/wettbewerb-archiv.wir-tun-was-fuer-bienen.de\/archiv-2023\/eintrag\/2023-das-wilde-feld\/\">Das wilde Feld<\/a>\n    <\/h2>\n    <a href=\"https:\/\/wettbewerb-archiv.wir-tun-was-fuer-bienen.de\/archiv-2023\/eintrag\/2023-das-wilde-feld\/\">\n        <div class=\"bienen-entry-image\">\n            <img decoding=\"async\" width=\"400\" height=\"300\" src=\"https:\/\/wettbewerb-archiv.wir-tun-was-fuer-bienen.de\/archiv-2023\/wp-content\/uploads\/sites\/8\/2023\/06\/IMG_20230617_183159_840-1-400x300.jpg\" class=\"attachment-bienen-grid-thumb size-bienen-grid-thumb wp-post-image\" alt=\"\" loading=\"lazy\" \/>                    <\/div>\n    <\/a>\n\n    \n\n    <div class=\"user flex\">\n        \n                    <img decoding=\"async\" src=\"https:\/\/wettbewerb-archiv.wir-tun-was-fuer-bienen.de\/archiv-2023\/wp-content\/themes\/bienen\/assets\/images\/avatar-placeholder.png\" style=\"border-radius: 30px;\" height=\"30\" width=\"30\">\n            Das Wilde Feld e.V.            <\/div>\n    \n    \n            <p class=\"categories meta\" style=\"width: 100%\"><span class=\"fa fa-tag\"\n                                                             aria-hidden=\"true\"><\/span> Vereinsg\u00e4rten, Unis, Liegenschaften von Verwaltung, Kirche etc, Sonstige        <\/p>\n    \n            <p class=\"categories meta\" style=\"width: 100%\"><span class=\"fa fa-map-marker\"\n                                                             aria-hidden=\"true\"><\/span> Baden-W\u00fcrttemberg        <\/p>\n    \n<\/article>\n   \n\t\t\n          <article id=\"post-91599\" class=\"et_pb_post post-91599 wtwfb_entry type-wtwfb_entry status-publish has-post-thumbnail hentry wtwfb_category-kommunale-flaechen wtwfb_region-rheinland-pfalz\">\n    <h2 class=\"entry-title\"><a href=\"https:\/\/wettbewerb-archiv.wir-tun-was-fuer-bienen.de\/archiv-2023\/eintrag\/2023-biodiverse-gestaltung-gruenanlage-kaffeegasse-schaeferstrasse\/\">Biodiverse Gestaltung Gr\u00fcnanlage Kaffeegasse\/Sch\u00e4fers...<\/a>\n    <\/h2>\n    <a href=\"https:\/\/wettbewerb-archiv.wir-tun-was-fuer-bienen.de\/archiv-2023\/eintrag\/2023-biodiverse-gestaltung-gruenanlage-kaffeegasse-schaeferstrasse\/\">\n        <div class=\"bienen-entry-image\">\n            <img decoding=\"async\" width=\"400\" height=\"300\" src=\"https:\/\/wettbewerb-archiv.wir-tun-was-fuer-bienen.de\/archiv-2023\/wp-content\/uploads\/sites\/8\/2023\/05\/DSCN3554-400x300.jpg\" class=\"attachment-bienen-grid-thumb size-bienen-grid-thumb wp-post-image\" alt=\"\" loading=\"lazy\" srcset=\"https:\/\/wettbewerb-archiv.wir-tun-was-fuer-bienen.de\/archiv-2023\/wp-content\/uploads\/sites\/8\/2023\/05\/DSCN3554-400x300.jpg 400w, https:\/\/wettbewerb-archiv.wir-tun-was-fuer-bienen.de\/archiv-2023\/wp-content\/uploads\/sites\/8\/2023\/05\/DSCN3554-768x576.jpg 768w, https:\/\/wettbewerb-archiv.wir-tun-was-fuer-bienen.de\/archiv-2023\/wp-content\/uploads\/sites\/8\/2023\/05\/DSCN3554-1024x768.jpg 1024w, https:\/\/wettbewerb-archiv.wir-tun-was-fuer-bienen.de\/archiv-2023\/wp-content\/uploads\/sites\/8\/2023\/05\/DSCN3554.jpg 1600w\" sizes=\"(max-width: 400px) 100vw, 400px\" \/>                    <\/div>\n    <\/a>\n\n    \n\n    <div class=\"user flex\">\n        \n                    <img decoding=\"async\" src=\"https:\/\/wettbewerb-archiv.wir-tun-was-fuer-bienen.de\/archiv-2023\/wp-content\/themes\/bienen\/assets\/images\/avatar-placeholder.png\" style=\"border-radius: 30px;\" height=\"30\" width=\"30\">\n            Garten- u. Friedhofsamt Stadt Pirmasens            <\/div>\n    \n    <p class=\"categories meta bienen-gewinner\"><span class=\"fa fa-trophy\"                                                              aria-hidden=\"true\"><\/span> Gewinner<\/p>\n            <p class=\"categories meta\" style=\"width: 100%\"><span class=\"fa fa-tag\"\n                                                             aria-hidden=\"true\"><\/span> Kommunale Fl\u00e4chen        <\/p>\n    \n            <p class=\"categories meta\" style=\"width: 100%\"><span class=\"fa fa-map-marker\"\n                                                             aria-hidden=\"true\"><\/span> Rheinland-Pfalz        <\/p>\n    \n<\/article>\n   \n\t\t\n          <article id=\"post-91546\" class=\"et_pb_post post-91546 wtwfb_entry type-wtwfb_entry status-publish has-post-thumbnail hentry wtwfb_category-kita-gaerten wtwfb_region-bayern\">\n    <h2 class=\"entry-title\"><a href=\"https:\/\/wettbewerb-archiv.wir-tun-was-fuer-bienen.de\/archiv-2023\/eintrag\/2023-hochbeet-bienen-gaertchen\/\">Hochbeet &#8211; Bienen &#8211; G\u00e4rtchen<\/a>\n    <\/h2>\n    <a href=\"https:\/\/wettbewerb-archiv.wir-tun-was-fuer-bienen.de\/archiv-2023\/eintrag\/2023-hochbeet-bienen-gaertchen\/\">\n        <div class=\"bienen-entry-image\">\n            <img decoding=\"async\" width=\"400\" height=\"300\" src=\"https:\/\/wettbewerb-archiv.wir-tun-was-fuer-bienen.de\/archiv-2023\/wp-content\/uploads\/sites\/8\/2023\/07\/IMG_6193-1-400x300.jpeg\" class=\"attachment-bienen-grid-thumb size-bienen-grid-thumb wp-post-image\" alt=\"\" loading=\"lazy\" srcset=\"https:\/\/wettbewerb-archiv.wir-tun-was-fuer-bienen.de\/archiv-2023\/wp-content\/uploads\/sites\/8\/2023\/07\/IMG_6193-1-400x300.jpeg 400w, https:\/\/wettbewerb-archiv.wir-tun-was-fuer-bienen.de\/archiv-2023\/wp-content\/uploads\/sites\/8\/2023\/07\/IMG_6193-1-768x576.jpeg 768w, https:\/\/wettbewerb-archiv.wir-tun-was-fuer-bienen.de\/archiv-2023\/wp-content\/uploads\/sites\/8\/2023\/07\/IMG_6193-1-1024x768.jpeg 1024w, https:\/\/wettbewerb-archiv.wir-tun-was-fuer-bienen.de\/archiv-2023\/wp-content\/uploads\/sites\/8\/2023\/07\/IMG_6193-1.jpeg 1920w\" sizes=\"(max-width: 400px) 100vw, 400px\" \/>                    <\/div>\n    <\/a>\n\n    \n\n    <div class=\"user flex\">\n        \n                    <img decoding=\"async\" src=\"https:\/\/wettbewerb-archiv.wir-tun-was-fuer-bienen.de\/archiv-2023\/wp-content\/themes\/bienen\/assets\/images\/avatar-placeholder.png\" style=\"border-radius: 30px;\" height=\"30\" width=\"30\">\n            PariKITA Pasing            <\/div>\n    \n    \n            <p class=\"categories meta\" style=\"width: 100%\"><span class=\"fa fa-tag\"\n                                                             aria-hidden=\"true\"><\/span> Kita-G\u00e4rten        <\/p>\n    \n            <p class=\"categories meta\" style=\"width: 100%\"><span class=\"fa fa-map-marker\"\n                                                             aria-hidden=\"true\"><\/span> Bayern        <\/p>\n    \n<\/article>\n   \n\t\t\n          <article id=\"post-91522\" class=\"et_pb_post post-91522 wtwfb_entry type-wtwfb_entry status-publish has-post-thumbnail hentry wtwfb_category-vereinsgaerten-liegenschaften-von-verwaltung-kirche-etc-sonstige wtwfb_region-bayern\">\n    <h2 class=\"entry-title\"><a href=\"https:\/\/wettbewerb-archiv.wir-tun-was-fuer-bienen.de\/archiv-2023\/eintrag\/2023-die-familienwerkstatt-e-v-summt\/\">Das Familienzentrum Kumpfm\u00fchl summt<\/a>\n    <\/h2>\n    <a href=\"https:\/\/wettbewerb-archiv.wir-tun-was-fuer-bienen.de\/archiv-2023\/eintrag\/2023-die-familienwerkstatt-e-v-summt\/\">\n        <div class=\"bienen-entry-image\">\n            <img decoding=\"async\" width=\"400\" height=\"300\" src=\"https:\/\/wettbewerb-archiv.wir-tun-was-fuer-bienen.de\/archiv-2023\/wp-content\/uploads\/sites\/8\/2023\/05\/Bild-Kraeuterkids-400x300.jpg\" class=\"attachment-bienen-grid-thumb size-bienen-grid-thumb wp-post-image\" alt=\"\" loading=\"lazy\" \/>                    <\/div>\n    <\/a>\n\n    \n\n    <div class=\"user flex\">\n        \n                    <img decoding=\"async\" src=\"https:\/\/wettbewerb-archiv.wir-tun-was-fuer-bienen.de\/archiv-2023\/wp-content\/themes\/bienen\/assets\/images\/avatar-placeholder.png\" style=\"border-radius: 30px;\" height=\"30\" width=\"30\">\n            Familienzentrum Kumpfm\u00fchl            <\/div>\n    \n    \n            <p class=\"categories meta\" style=\"width: 100%\"><span class=\"fa fa-tag\"\n                                                             aria-hidden=\"true\"><\/span> Vereinsg\u00e4rten, Unis, Liegenschaften von Verwaltung, Kirche etc, Sonstige        <\/p>\n    \n            <p class=\"categories meta\" style=\"width: 100%\"><span class=\"fa fa-map-marker\"\n                                                             aria-hidden=\"true\"><\/span> Bayern        <\/p>\n    \n<\/article>\n   \n\t\t\n          <article id=\"post-91514\" class=\"et_pb_post post-91514 wtwfb_entry type-wtwfb_entry status-publish has-post-thumbnail hentry wtwfb_category-kita-gaerten wtwfb_region-niedersachsen\">\n    <h2 class=\"entry-title\"><a href=\"https:\/\/wettbewerb-archiv.wir-tun-was-fuer-bienen.de\/archiv-2023\/eintrag\/2023-sum-sum-sum-was-brummt-denn-da-herum\/\">Sum sum sum, was brummt denn da herum?<\/a>\n    <\/h2>\n    <a href=\"https:\/\/wettbewerb-archiv.wir-tun-was-fuer-bienen.de\/archiv-2023\/eintrag\/2023-sum-sum-sum-was-brummt-denn-da-herum\/\">\n        <div class=\"bienen-entry-image\">\n            <img decoding=\"async\" width=\"400\" height=\"300\" src=\"https:\/\/wettbewerb-archiv.wir-tun-was-fuer-bienen.de\/archiv-2023\/wp-content\/uploads\/sites\/8\/2023\/05\/IMG-20230515-WA0007-400x300.jpg\" class=\"attachment-bienen-grid-thumb size-bienen-grid-thumb wp-post-image\" alt=\"\" loading=\"lazy\" srcset=\"https:\/\/wettbewerb-archiv.wir-tun-was-fuer-bienen.de\/archiv-2023\/wp-content\/uploads\/sites\/8\/2023\/05\/IMG-20230515-WA0007-400x300.jpg 400w, https:\/\/wettbewerb-archiv.wir-tun-was-fuer-bienen.de\/archiv-2023\/wp-content\/uploads\/sites\/8\/2023\/05\/IMG-20230515-WA0007-768x576.jpg 768w, https:\/\/wettbewerb-archiv.wir-tun-was-fuer-bienen.de\/archiv-2023\/wp-content\/uploads\/sites\/8\/2023\/05\/IMG-20230515-WA0007-1024x768.jpg 1024w, https:\/\/wettbewerb-archiv.wir-tun-was-fuer-bienen.de\/archiv-2023\/wp-content\/uploads\/sites\/8\/2023\/05\/IMG-20230515-WA0007.jpg 1600w\" sizes=\"(max-width: 400px) 100vw, 400px\" \/>                    <\/div>\n    <\/a>\n\n    \n\n    <div class=\"user flex\">\n        \n                    <img decoding=\"async\" src=\"https:\/\/wettbewerb-archiv.wir-tun-was-fuer-bienen.de\/archiv-2023\/wp-content\/themes\/bienen\/assets\/images\/avatar-placeholder.png\" style=\"border-radius: 30px;\" height=\"30\" width=\"30\">\n            Kita Kinderburg Heidenau \"Fr\u00f6sche\"            <\/div>\n    \n    <p class=\"categories meta bienen-gewinner\"><span class=\"fa fa-trophy\"                                                              aria-hidden=\"true\"><\/span> Gewinner<\/p>\n            <p class=\"categories meta\" style=\"width: 100%\"><span class=\"fa fa-tag\"\n                                                             aria-hidden=\"true\"><\/span> Kita-G\u00e4rten        <\/p>\n    \n            <p class=\"categories meta\" style=\"width: 100%\"><span class=\"fa fa-map-marker\"\n                                                             aria-hidden=\"true\"><\/span> Niedersachsen        <\/p>\n    \n<\/article>\n   \n\t\t\n          <article id=\"post-91510\" class=\"et_pb_post post-91510 wtwfb_entry type-wtwfb_entry status-publish has-post-thumbnail hentry wtwfb_category-schul-und-jugendclubgaerten wtwfb_region-nordrhein-westfalen\">\n    <h2 class=\"entry-title\"><a href=\"https:\/\/wettbewerb-archiv.wir-tun-was-fuer-bienen.de\/archiv-2023\/eintrag\/2023-on-the-way-to-bee-bunt-anlegen-eines-bienenfreundlichen-bluehstreifens-rund-um-unseren-schulacker\/\">On the way to BEE bunt &#8211; Anlegen eines bienenfreu...<\/a>\n    <\/h2>\n    <a href=\"https:\/\/wettbewerb-archiv.wir-tun-was-fuer-bienen.de\/archiv-2023\/eintrag\/2023-on-the-way-to-bee-bunt-anlegen-eines-bienenfreundlichen-bluehstreifens-rund-um-unseren-schulacker\/\">\n        <div class=\"bienen-entry-image\">\n            <img decoding=\"async\" width=\"400\" height=\"300\" src=\"https:\/\/wettbewerb-archiv.wir-tun-was-fuer-bienen.de\/archiv-2023\/wp-content\/uploads\/sites\/8\/2023\/05\/Titelbild-400x300.jpg\" class=\"attachment-bienen-grid-thumb size-bienen-grid-thumb wp-post-image\" alt=\"\" loading=\"lazy\" \/>                    <\/div>\n    <\/a>\n\n    \n\n    <div class=\"user flex\">\n        \n                    <img decoding=\"async\" src=\"https:\/\/wettbewerb-archiv.wir-tun-was-fuer-bienen.de\/archiv-2023\/wp-content\/themes\/bienen\/assets\/images\/avatar-placeholder.png\" style=\"border-radius: 30px;\" height=\"30\" width=\"30\">\n            L\u00f6wenburgschule            <\/div>\n    \n    \n            <p class=\"categories meta\" style=\"width: 100%\"><span class=\"fa fa-tag\"\n                                                             aria-hidden=\"true\"><\/span> Schulg\u00e4rten        <\/p>\n    \n            <p class=\"categories meta\" style=\"width: 100%\"><span class=\"fa fa-map-marker\"\n                                                             aria-hidden=\"true\"><\/span> Nordrhein-Westfalen        <\/p>\n    \n<\/article>\n   \n\t\t\n          <article id=\"post-91491\" class=\"et_pb_post post-91491 wtwfb_entry type-wtwfb_entry status-publish has-post-thumbnail hentry wtwfb_category-kita-gaerten wtwfb_region-niedersachsen\">\n    <h2 class=\"entry-title\"><a href=\"https:\/\/wettbewerb-archiv.wir-tun-was-fuer-bienen.de\/archiv-2023\/eintrag\/2023-blumen-fuer-bienen-und-deichzwerge-in-hohnstorf\/\">Blumen f\u00fcr Bienen und Deichzwerge in Hohnstorf<\/a>\n    <\/h2>\n    <a href=\"https:\/\/wettbewerb-archiv.wir-tun-was-fuer-bienen.de\/archiv-2023\/eintrag\/2023-blumen-fuer-bienen-und-deichzwerge-in-hohnstorf\/\">\n        <div class=\"bienen-entry-image\">\n            <img decoding=\"async\" width=\"400\" height=\"300\" src=\"https:\/\/wettbewerb-archiv.wir-tun-was-fuer-bienen.de\/archiv-2023\/wp-content\/uploads\/sites\/8\/2023\/05\/20230511_153233-400x300.jpg\" class=\"attachment-bienen-grid-thumb size-bienen-grid-thumb wp-post-image\" alt=\"\" loading=\"lazy\" srcset=\"https:\/\/wettbewerb-archiv.wir-tun-was-fuer-bienen.de\/archiv-2023\/wp-content\/uploads\/sites\/8\/2023\/05\/20230511_153233-400x300.jpg 400w, https:\/\/wettbewerb-archiv.wir-tun-was-fuer-bienen.de\/archiv-2023\/wp-content\/uploads\/sites\/8\/2023\/05\/20230511_153233-768x576.jpg 768w, https:\/\/wettbewerb-archiv.wir-tun-was-fuer-bienen.de\/archiv-2023\/wp-content\/uploads\/sites\/8\/2023\/05\/20230511_153233-1024x768.jpg 1024w, https:\/\/wettbewerb-archiv.wir-tun-was-fuer-bienen.de\/archiv-2023\/wp-content\/uploads\/sites\/8\/2023\/05\/20230511_153233.jpg 1920w\" sizes=\"(max-width: 400px) 100vw, 400px\" \/>                    <\/div>\n    <\/a>\n\n    \n\n    <div class=\"user flex\">\n        \n                    <img decoding=\"async\" src=\"https:\/\/wettbewerb-archiv.wir-tun-was-fuer-bienen.de\/archiv-2023\/wp-content\/themes\/bienen\/assets\/images\/avatar-placeholder.png\" style=\"border-radius: 30px;\" height=\"30\" width=\"30\">\n            Kita Hohnstorf            <\/div>\n    \n    \n            <p class=\"categories meta\" style=\"width: 100%\"><span class=\"fa fa-tag\"\n                                                             aria-hidden=\"true\"><\/span> Kita-G\u00e4rten        <\/p>\n    \n            <p class=\"categories meta\" style=\"width: 100%\"><span class=\"fa fa-map-marker\"\n                                                             aria-hidden=\"true\"><\/span> Niedersachsen        <\/p>\n    \n<\/article>\n   \n\t\t\n          <article id=\"post-91485\" class=\"et_pb_post post-91485 wtwfb_entry type-wtwfb_entry status-publish has-post-thumbnail hentry wtwfb_category-balkone-terrassen-dachbegruenung-vertikale-gaerten wtwfb_region-baden-wuerttemberg\">\n    <h2 class=\"entry-title\"><a href=\"https:\/\/wettbewerb-archiv.wir-tun-was-fuer-bienen.de\/archiv-2023\/eintrag\/2023-city-paarzellchen-zwei-permakultur-waldgarten-selbstversorger-wildpflanzen-klimabalkone-im-5-stock-in-der-stadt\/\">City-Paar-Zellchen: Unsere Permakultur-Waldgarten-Selbs...<\/a>\n    <\/h2>\n    <a href=\"https:\/\/wettbewerb-archiv.wir-tun-was-fuer-bienen.de\/archiv-2023\/eintrag\/2023-city-paarzellchen-zwei-permakultur-waldgarten-selbstversorger-wildpflanzen-klimabalkone-im-5-stock-in-der-stadt\/\">\n        <div class=\"bienen-entry-image\">\n            <img decoding=\"async\" width=\"400\" height=\"300\" src=\"https:\/\/wettbewerb-archiv.wir-tun-was-fuer-bienen.de\/archiv-2023\/wp-content\/uploads\/sites\/8\/2023\/05\/IMG_20230328_173746-400x300.jpg\" class=\"attachment-bienen-grid-thumb size-bienen-grid-thumb wp-post-image\" alt=\"\" loading=\"lazy\" srcset=\"https:\/\/wettbewerb-archiv.wir-tun-was-fuer-bienen.de\/archiv-2023\/wp-content\/uploads\/sites\/8\/2023\/05\/IMG_20230328_173746-400x300.jpg 400w, https:\/\/wettbewerb-archiv.wir-tun-was-fuer-bienen.de\/archiv-2023\/wp-content\/uploads\/sites\/8\/2023\/05\/IMG_20230328_173746-768x576.jpg 768w, https:\/\/wettbewerb-archiv.wir-tun-was-fuer-bienen.de\/archiv-2023\/wp-content\/uploads\/sites\/8\/2023\/05\/IMG_20230328_173746-1024x768.jpg 1024w, https:\/\/wettbewerb-archiv.wir-tun-was-fuer-bienen.de\/archiv-2023\/wp-content\/uploads\/sites\/8\/2023\/05\/IMG_20230328_173746.jpg 1920w\" sizes=\"(max-width: 400px) 100vw, 400px\" \/>                    <\/div>\n    <\/a>\n\n    \n\n    <div class=\"user flex\">\n        \n                    <img decoding=\"async\" src=\"https:\/\/wettbewerb-archiv.wir-tun-was-fuer-bienen.de\/archiv-2023\/wp-content\/themes\/bienen\/assets\/images\/avatar-placeholder.png\" style=\"border-radius: 30px;\" height=\"30\" width=\"30\">\n            City-Paar-Zellchen            <\/div>\n    \n    <p class=\"categories meta bienen-gewinner\"><span class=\"fa fa-trophy\"                                                              aria-hidden=\"true\"><\/span> Gewinner<\/p>\n            <p class=\"categories meta\" style=\"width: 100%\"><span class=\"fa fa-tag\"\n                                                             aria-hidden=\"true\"><\/span> Balkone, Terrassen, Dachg\u00e4rten, vertikale G\u00e4rten        <\/p>\n    \n            <p class=\"categories meta\" style=\"width: 100%\"><span class=\"fa fa-map-marker\"\n                                                             aria-hidden=\"true\"><\/span> Baden-W\u00fcrttemberg        <\/p>\n    \n<\/article>\n   \n\t\t\n          <article id=\"post-91477\" class=\"et_pb_post post-91477 wtwfb_entry type-wtwfb_entry status-publish has-post-thumbnail hentry wtwfb_category-schul-und-jugendclubgaerten wtwfb_region-baden-wuerttemberg\">\n    <h2 class=\"entry-title\"><a href=\"https:\/\/wettbewerb-archiv.wir-tun-was-fuer-bienen.de\/archiv-2023\/eintrag\/2023-unser-schulgarten-vielfalt-die-begeistert\/\">Unser Schulgarten- Vielfalt die BEGEISTERT<\/a>\n    <\/h2>\n    <a href=\"https:\/\/wettbewerb-archiv.wir-tun-was-fuer-bienen.de\/archiv-2023\/eintrag\/2023-unser-schulgarten-vielfalt-die-begeistert\/\">\n        <div class=\"bienen-entry-image\">\n            <img decoding=\"async\" width=\"400\" height=\"300\" src=\"https:\/\/wettbewerb-archiv.wir-tun-was-fuer-bienen.de\/archiv-2023\/wp-content\/uploads\/sites\/8\/2023\/05\/IMG_20191105_152852_271-400x300.jpg\" class=\"attachment-bienen-grid-thumb size-bienen-grid-thumb wp-post-image\" alt=\"\" loading=\"lazy\" \/>                    <\/div>\n    <\/a>\n\n    \n\n    <div class=\"user flex\">\n        \n                    <img decoding=\"async\" src=\"https:\/\/wettbewerb-archiv.wir-tun-was-fuer-bienen.de\/archiv-2023\/wp-content\/themes\/bienen\/assets\/images\/avatar-placeholder.png\" style=\"border-radius: 30px;\" height=\"30\" width=\"30\">\n            Grundschule Hessental            <\/div>\n    \n    \n            <p class=\"categories meta\" style=\"width: 100%\"><span class=\"fa fa-tag\"\n                                                             aria-hidden=\"true\"><\/span> Schulg\u00e4rten        <\/p>\n    \n            <p class=\"categories meta\" style=\"width: 100%\"><span class=\"fa fa-map-marker\"\n                                                             aria-hidden=\"true\"><\/span> Baden-W\u00fcrttemberg        <\/p>\n    \n<\/article>\n   \n\t\t\n          <article id=\"post-91463\" class=\"et_pb_post post-91463 wtwfb_entry type-wtwfb_entry status-publish has-post-thumbnail hentry wtwfb_category-schul-und-jugendclubgaerten wtwfb_region-niedersachsen\">\n    <h2 class=\"entry-title\"><a href=\"https:\/\/wettbewerb-archiv.wir-tun-was-fuer-bienen.de\/archiv-2023\/eintrag\/2023-insekten-anlocken-auf-dem-schulhof\/\">Insekten anlocken auf dem Schulhof<\/a>\n    <\/h2>\n    <a href=\"https:\/\/wettbewerb-archiv.wir-tun-was-fuer-bienen.de\/archiv-2023\/eintrag\/2023-insekten-anlocken-auf-dem-schulhof\/\">\n        <div class=\"bienen-entry-image\">\n            <img decoding=\"async\" width=\"400\" height=\"300\" src=\"https:\/\/wettbewerb-archiv.wir-tun-was-fuer-bienen.de\/archiv-2023\/wp-content\/uploads\/sites\/8\/2023\/05\/66746483-400x300.jpg\" class=\"attachment-bienen-grid-thumb size-bienen-grid-thumb wp-post-image\" alt=\"\" loading=\"lazy\" \/>                    <\/div>\n    <\/a>\n\n    \n\n    <div class=\"user flex\">\n        \n                    <img decoding=\"async\" src=\"https:\/\/wettbewerb-archiv.wir-tun-was-fuer-bienen.de\/archiv-2023\/wp-content\/themes\/bienen\/assets\/images\/avatar-placeholder.png\" style=\"border-radius: 30px;\" height=\"30\" width=\"30\">\n            Knister Grundschule            <\/div>\n    \n    \n            <p class=\"categories meta\" style=\"width: 100%\"><span class=\"fa fa-tag\"\n                                                             aria-hidden=\"true\"><\/span> Schulg\u00e4rten        <\/p>\n    \n            <p class=\"categories meta\" style=\"width: 100%\"><span class=\"fa fa-map-marker\"\n                                                             aria-hidden=\"true\"><\/span> Niedersachsen        <\/p>\n    \n<\/article>\n   \n\t\t\n          <article id=\"post-91374\" class=\"et_pb_post post-91374 wtwfb_entry type-wtwfb_entry status-publish has-post-thumbnail hentry wtwfb_category-privatgaerten-gross-500-m wtwfb_region-bayern\">\n    <h2 class=\"entry-title\"><a href=\"https:\/\/wettbewerb-archiv.wir-tun-was-fuer-bienen.de\/archiv-2023\/eintrag\/2023-aus-22-tonnen-stein-ein-paradies-mit-stauden-und-wildblumen\/\">Naturgarten- jetzt auch mit Wildblumenwiese<\/a>\n    <\/h2>\n    <a href=\"https:\/\/wettbewerb-archiv.wir-tun-was-fuer-bienen.de\/archiv-2023\/eintrag\/2023-aus-22-tonnen-stein-ein-paradies-mit-stauden-und-wildblumen\/\">\n        <div class=\"bienen-entry-image\">\n            <img decoding=\"async\" width=\"400\" height=\"300\" src=\"https:\/\/wettbewerb-archiv.wir-tun-was-fuer-bienen.de\/archiv-2023\/wp-content\/uploads\/sites\/8\/2023\/05\/3AACE5CF-AA50-45B1-8333-231BA879156E-400x300.jpeg\" class=\"attachment-bienen-grid-thumb size-bienen-grid-thumb wp-post-image\" alt=\"\" loading=\"lazy\" \/>                    <\/div>\n    <\/a>\n\n    \n\n    <div class=\"user flex\">\n        \n                    <img decoding=\"async\" src=\"https:\/\/wettbewerb-archiv.wir-tun-was-fuer-bienen.de\/archiv-2023\/wp-content\/themes\/bienen\/assets\/images\/avatar-placeholder.png\" style=\"border-radius: 30px;\" height=\"30\" width=\"30\">\n            Naturgarten Seemann Sommerranken            <\/div>\n    \n    <p class=\"categories meta bienen-gewinner\"><span class=\"fa fa-trophy\"                                                              aria-hidden=\"true\"><\/span> Gewinner<\/p>\n            <p class=\"categories meta\" style=\"width: 100%\"><span class=\"fa fa-tag\"\n                                                             aria-hidden=\"true\"><\/span> Privatg\u00e4rten gro\u00df (ab 500 m\u00b2)        <\/p>\n    \n            <p class=\"categories meta\" style=\"width: 100%\"><span class=\"fa fa-map-marker\"\n                                                             aria-hidden=\"true\"><\/span> Bayern        <\/p>\n    \n<\/article>\n   \n\t\t\n          <article id=\"post-91362\" class=\"et_pb_post post-91362 wtwfb_entry type-wtwfb_entry status-publish has-post-thumbnail hentry wtwfb_category-privatgaerten-klein-500-m2 wtwfb_region-bayern\">\n    <h2 class=\"entry-title\"><a href=\"https:\/\/wettbewerb-archiv.wir-tun-was-fuer-bienen.de\/archiv-2023\/eintrag\/2023-insekteneldorado\/\">Insekteneldorado<\/a>\n    <\/h2>\n    <a href=\"https:\/\/wettbewerb-archiv.wir-tun-was-fuer-bienen.de\/archiv-2023\/eintrag\/2023-insekteneldorado\/\">\n        <div class=\"bienen-entry-image\">\n            <img decoding=\"async\" width=\"400\" height=\"300\" src=\"https:\/\/wettbewerb-archiv.wir-tun-was-fuer-bienen.de\/archiv-2023\/wp-content\/uploads\/sites\/8\/2023\/05\/DSCF0570-400x300.jpg\" class=\"attachment-bienen-grid-thumb size-bienen-grid-thumb wp-post-image\" alt=\"\" loading=\"lazy\" srcset=\"https:\/\/wettbewerb-archiv.wir-tun-was-fuer-bienen.de\/archiv-2023\/wp-content\/uploads\/sites\/8\/2023\/05\/DSCF0570-400x300.jpg 400w, https:\/\/wettbewerb-archiv.wir-tun-was-fuer-bienen.de\/archiv-2023\/wp-content\/uploads\/sites\/8\/2023\/05\/DSCF0570-768x576.jpg 768w, https:\/\/wettbewerb-archiv.wir-tun-was-fuer-bienen.de\/archiv-2023\/wp-content\/uploads\/sites\/8\/2023\/05\/DSCF0570-1024x768.jpg 1024w, https:\/\/wettbewerb-archiv.wir-tun-was-fuer-bienen.de\/archiv-2023\/wp-content\/uploads\/sites\/8\/2023\/05\/DSCF0570.jpg 1920w\" sizes=\"(max-width: 400px) 100vw, 400px\" \/>                    <\/div>\n    <\/a>\n\n    \n\n    <div class=\"user flex\">\n        \n                    <img decoding=\"async\" src=\"https:\/\/wettbewerb-archiv.wir-tun-was-fuer-bienen.de\/archiv-2023\/wp-content\/themes\/bienen\/assets\/images\/avatar-placeholder.png\" style=\"border-radius: 30px;\" height=\"30\" width=\"30\">\n            Insektenfreunde Privat            <\/div>\n    \n    \n            <p class=\"categories meta\" style=\"width: 100%\"><span class=\"fa fa-tag\"\n                                                             aria-hidden=\"true\"><\/span> Privatg\u00e4rten klein (bis 500 m2)        <\/p>\n    \n            <p class=\"categories meta\" style=\"width: 100%\"><span class=\"fa fa-map-marker\"\n                                                             aria-hidden=\"true\"><\/span> Bayern        <\/p>\n    \n<\/article>\n   \n\t\t\n          <article id=\"post-91326\" class=\"et_pb_post post-91326 wtwfb_entry type-wtwfb_entry status-publish has-post-thumbnail hentry wtwfb_category-schul-und-jugendclubgaerten wtwfb_region-bayern\">\n    <h2 class=\"entry-title\"><a href=\"https:\/\/wettbewerb-archiv.wir-tun-was-fuer-bienen.de\/archiv-2023\/eintrag\/2023-ein-schulgarten-fuer-alle-%f0%9f%90%9d%f0%9f%90%9e%f0%9f%a6%9f%f0%9f%90%b8\/\">Ein Schulgarten f\u00fcr Alle \ud83d\udc1d\ud83d\udc1e\ud83d\udc1c\ud83d\udc38<\/a>\n    <\/h2>\n    <a href=\"https:\/\/wettbewerb-archiv.wir-tun-was-fuer-bienen.de\/archiv-2023\/eintrag\/2023-ein-schulgarten-fuer-alle-%f0%9f%90%9d%f0%9f%90%9e%f0%9f%a6%9f%f0%9f%90%b8\/\">\n        <div class=\"bienen-entry-image\">\n            <img decoding=\"async\" width=\"400\" height=\"300\" src=\"https:\/\/wettbewerb-archiv.wir-tun-was-fuer-bienen.de\/archiv-2023\/wp-content\/uploads\/sites\/8\/2023\/05\/F4122445-CA7B-4394-99F1-2A0E6D3EB6C0-400x300.jpeg\" class=\"attachment-bienen-grid-thumb size-bienen-grid-thumb wp-post-image\" alt=\"\" loading=\"lazy\" \/>                    <\/div>\n    <\/a>\n\n    \n\n    <div class=\"user flex\">\n        \n                    <img decoding=\"async\" src=\"https:\/\/wettbewerb-archiv.wir-tun-was-fuer-bienen.de\/archiv-2023\/wp-content\/themes\/bienen\/assets\/images\/avatar-placeholder.png\" style=\"border-radius: 30px;\" height=\"30\" width=\"30\">\n            SFZ Wasserburg            <\/div>\n    \n    <p class=\"categories meta bienen-gewinner\"><span class=\"fa fa-trophy\"                                                              aria-hidden=\"true\"><\/span> Gewinner<\/p>\n            <p class=\"categories meta\" style=\"width: 100%\"><span class=\"fa fa-tag\"\n                                                             aria-hidden=\"true\"><\/span> Schulg\u00e4rten        <\/p>\n    \n            <p class=\"categories meta\" style=\"width: 100%\"><span class=\"fa fa-map-marker\"\n                                                             aria-hidden=\"true\"><\/span> Bayern        <\/p>\n    \n<\/article>\n   \n\t\t\n          <article id=\"post-91320\" class=\"et_pb_post post-91320 wtwfb_entry type-wtwfb_entry status-publish has-post-thumbnail hentry wtwfb_category-privatgaerten-gross-500-m wtwfb_region-saarland\">\n    <h2 class=\"entry-title\"><a href=\"https:\/\/wettbewerb-archiv.wir-tun-was-fuer-bienen.de\/archiv-2023\/eintrag\/2023-naturgarten-hochwald\/\">Naturgarten Hochwald<\/a>\n    <\/h2>\n    <a href=\"https:\/\/wettbewerb-archiv.wir-tun-was-fuer-bienen.de\/archiv-2023\/eintrag\/2023-naturgarten-hochwald\/\">\n        <div class=\"bienen-entry-image\">\n            <img decoding=\"async\" width=\"400\" height=\"300\" src=\"https:\/\/wettbewerb-archiv.wir-tun-was-fuer-bienen.de\/archiv-2023\/wp-content\/uploads\/sites\/8\/2023\/05\/20230321_1804531-400x300.jpg\" class=\"attachment-bienen-grid-thumb size-bienen-grid-thumb wp-post-image\" alt=\"\" loading=\"lazy\" \/>                    <\/div>\n    <\/a>\n\n    \n\n    <div class=\"user flex\">\n        \n                    <img decoding=\"async\" src=\"https:\/\/wettbewerb-archiv.wir-tun-was-fuer-bienen.de\/archiv-2023\/wp-content\/themes\/bienen\/assets\/images\/avatar-placeholder.png\" style=\"border-radius: 30px;\" height=\"30\" width=\"30\">\n            Naturgarten Morscholz            <\/div>\n    \n    <p class=\"categories meta bienen-gewinner\"><span class=\"fa fa-trophy\"                                                              aria-hidden=\"true\"><\/span> Gewinner<\/p>\n            <p class=\"categories meta\" style=\"width: 100%\"><span class=\"fa fa-tag\"\n                                                             aria-hidden=\"true\"><\/span> Privatg\u00e4rten gro\u00df (ab 500 m\u00b2)        <\/p>\n    \n            <p class=\"categories meta\" style=\"width: 100%\"><span class=\"fa fa-map-marker\"\n                                                             aria-hidden=\"true\"><\/span> Saarland        <\/p>\n    \n<\/article>\n   \n\t\t\n          <article id=\"post-91294\" class=\"et_pb_post post-91294 wtwfb_entry type-wtwfb_entry status-publish has-post-thumbnail hentry wtwfb_category-kleingartenparzellen wtwfb_region-schleswig-holstein\">\n    <h2 class=\"entry-title\"><a href=\"https:\/\/wettbewerb-archiv.wir-tun-was-fuer-bienen.de\/archiv-2023\/eintrag\/2023-der-antiautoritaere-garten\/\">Der antiautorit\u00e4re Garten<\/a>\n    <\/h2>\n    <a href=\"https:\/\/wettbewerb-archiv.wir-tun-was-fuer-bienen.de\/archiv-2023\/eintrag\/2023-der-antiautoritaere-garten\/\">\n        <div class=\"bienen-entry-image\">\n            <img decoding=\"async\" width=\"400\" height=\"300\" src=\"https:\/\/wettbewerb-archiv.wir-tun-was-fuer-bienen.de\/archiv-2023\/wp-content\/uploads\/sites\/8\/2023\/05\/IMG_5117-400x300.jpg\" class=\"attachment-bienen-grid-thumb size-bienen-grid-thumb wp-post-image\" alt=\"\" loading=\"lazy\" \/>                    <\/div>\n    <\/a>\n\n    \n\n    <div class=\"user flex\">\n        \n                    <img decoding=\"async\" src=\"https:\/\/wettbewerb-archiv.wir-tun-was-fuer-bienen.de\/archiv-2023\/wp-content\/themes\/bienen\/assets\/images\/avatar-placeholder.png\" style=\"border-radius: 30px;\" height=\"30\" width=\"30\">\n            Koppel Hochbahn 13            <\/div>\n    \n    <p class=\"categories meta bienen-gewinner\"><span class=\"fa fa-trophy\"                                                              aria-hidden=\"true\"><\/span> Gewinner<\/p>\n            <p class=\"categories meta\" style=\"width: 100%\"><span class=\"fa fa-tag\"\n                                                             aria-hidden=\"true\"><\/span> Kleingartenparzellen        <\/p>\n    \n            <p class=\"categories meta\" style=\"width: 100%\"><span class=\"fa fa-map-marker\"\n                                                             aria-hidden=\"true\"><\/span> Schleswig-Holstein        <\/p>\n    \n<\/article>\n   \n\t\t\n          <article id=\"post-91268\" class=\"et_pb_post post-91268 wtwfb_entry type-wtwfb_entry status-publish has-post-thumbnail hentry wtwfb_category-firmengaerten wtwfb_region-nordrhein-westfalen\">\n    <h2 class=\"entry-title\"><a href=\"https:\/\/wettbewerb-archiv.wir-tun-was-fuer-bienen.de\/archiv-2023\/eintrag\/2023-bluehwiesen-bei-goeken-backen\/\">Bl\u00fchwiesen bei Goeken backen<\/a>\n    <\/h2>\n    <a href=\"https:\/\/wettbewerb-archiv.wir-tun-was-fuer-bienen.de\/archiv-2023\/eintrag\/2023-bluehwiesen-bei-goeken-backen\/\">\n        <div class=\"bienen-entry-image\">\n            <img decoding=\"async\" width=\"212\" height=\"300\" src=\"https:\/\/wettbewerb-archiv.wir-tun-was-fuer-bienen.de\/archiv-2023\/wp-content\/uploads\/sites\/8\/2023\/05\/backstube-blueht-pdf.jpg\" class=\"attachment-bienen-grid-thumb size-bienen-grid-thumb wp-post-image\" alt=\"\" loading=\"lazy\" \/>                    <\/div>\n    <\/a>\n\n    \n\n    <div class=\"user flex\">\n        \n                    <img decoding=\"async\" src=\"https:\/\/wettbewerb-archiv.wir-tun-was-fuer-bienen.de\/archiv-2023\/wp-content\/themes\/bienen\/assets\/images\/avatar-placeholder.png\" style=\"border-radius: 30px;\" height=\"30\" width=\"30\">\n            Goeken backen            <\/div>\n    \n    \n            <p class=\"categories meta\" style=\"width: 100%\"><span class=\"fa fa-tag\"\n                                                             aria-hidden=\"true\"><\/span> Firmeng\u00e4rten        <\/p>\n    \n            <p class=\"categories meta\" style=\"width: 100%\"><span class=\"fa fa-map-marker\"\n                                                             aria-hidden=\"true\"><\/span> Nordrhein-Westfalen        <\/p>\n    \n<\/article>\n   \n\t\t\n          <article id=\"post-91223\" class=\"et_pb_post post-91223 wtwfb_entry type-wtwfb_entry status-publish has-post-thumbnail hentry wtwfb_category-bestehende-naturgaerten wtwfb_region-baden-wuerttemberg\">\n    <h2 class=\"entry-title\"><a href=\"https:\/\/wettbewerb-archiv.wir-tun-was-fuer-bienen.de\/archiv-2023\/eintrag\/2023-naturgarten-im-gruenen\/\">Naturgarten im Gr\u00fcnen<\/a>\n    <\/h2>\n    <a href=\"https:\/\/wettbewerb-archiv.wir-tun-was-fuer-bienen.de\/archiv-2023\/eintrag\/2023-naturgarten-im-gruenen\/\">\n        <div class=\"bienen-entry-image\">\n            <img decoding=\"async\" width=\"400\" height=\"300\" src=\"https:\/\/wettbewerb-archiv.wir-tun-was-fuer-bienen.de\/archiv-2023\/wp-content\/uploads\/sites\/8\/2023\/05\/IMG_5886-400x300.jpg\" class=\"attachment-bienen-grid-thumb size-bienen-grid-thumb wp-post-image\" alt=\"\" loading=\"lazy\" \/>                    <\/div>\n    <\/a>\n\n    \n\n    <div class=\"user flex\">\n        \n                    <img decoding=\"async\" src=\"https:\/\/wettbewerb-archiv.wir-tun-was-fuer-bienen.de\/archiv-2023\/wp-content\/themes\/bienen\/assets\/images\/avatar-placeholder.png\" style=\"border-radius: 30px;\" height=\"30\" width=\"30\">\n            Bl\u00fch_Steinach            <\/div>\n    \n    \n            <p class=\"categories meta\" style=\"width: 100%\"><span class=\"fa fa-tag\"\n                                                             aria-hidden=\"true\"><\/span> Bestehende Naturg\u00e4rten (Pflege und Infoarbeit)        <\/p>\n    \n            <p class=\"categories meta\" style=\"width: 100%\"><span class=\"fa fa-map-marker\"\n                                                             aria-hidden=\"true\"><\/span> Baden-W\u00fcrttemberg        <\/p>\n    \n<\/article>\n   \n\t\t\n          <article id=\"post-91215\" class=\"et_pb_post post-91215 wtwfb_entry type-wtwfb_entry status-publish has-post-thumbnail hentry wtwfb_category-schul-und-jugendclubgaerten wtwfb_region-hessen\">\n    <h2 class=\"entry-title\"><a href=\"https:\/\/wettbewerb-archiv.wir-tun-was-fuer-bienen.de\/archiv-2023\/eintrag\/2023-gemeinsam-im-gruenen\/\">Gemeinsam im Gr\u00fcnen<\/a>\n    <\/h2>\n    <a href=\"https:\/\/wettbewerb-archiv.wir-tun-was-fuer-bienen.de\/archiv-2023\/eintrag\/2023-gemeinsam-im-gruenen\/\">\n        <div class=\"bienen-entry-image\">\n            <img decoding=\"async\" width=\"400\" height=\"300\" src=\"https:\/\/wettbewerb-archiv.wir-tun-was-fuer-bienen.de\/archiv-2023\/wp-content\/uploads\/sites\/8\/2023\/05\/IMG_2784-400x300.jpeg\" class=\"attachment-bienen-grid-thumb size-bienen-grid-thumb wp-post-image\" alt=\"\" loading=\"lazy\" \/>                    <\/div>\n    <\/a>\n\n    \n\n    <div class=\"user flex\">\n        \n                    <img decoding=\"async\" src=\"https:\/\/wettbewerb-archiv.wir-tun-was-fuer-bienen.de\/archiv-2023\/wp-content\/themes\/bienen\/assets\/images\/avatar-placeholder.png\" style=\"border-radius: 30px;\" height=\"30\" width=\"30\">\n            Betreuung Villa Kunterbunt            <\/div>\n    \n    \n            <p class=\"categories meta\" style=\"width: 100%\"><span class=\"fa fa-tag\"\n                                                             aria-hidden=\"true\"><\/span> Schulg\u00e4rten        <\/p>\n    \n            <p class=\"categories meta\" style=\"width: 100%\"><span class=\"fa fa-map-marker\"\n                                                             aria-hidden=\"true\"><\/span> Hessen        <\/p>\n    \n<\/article>\n   \n\t\t\n          <article id=\"post-91203\" class=\"et_pb_post post-91203 wtwfb_entry type-wtwfb_entry status-publish has-post-thumbnail hentry wtwfb_category-kommunale-flaechen wtwfb_region-brandenburg\">\n    <h2 class=\"entry-title\"><a href=\"https:\/\/wettbewerb-archiv.wir-tun-was-fuer-bienen.de\/archiv-2023\/eintrag\/2023-nachbarschaftsgarten-gruenes-eck-nauen\/\">Nachbarschaftsgarten &#8222;Gr\u00fcnes Eck&#8220; Nauen<\/a>\n    <\/h2>\n    <a href=\"https:\/\/wettbewerb-archiv.wir-tun-was-fuer-bienen.de\/archiv-2023\/eintrag\/2023-nachbarschaftsgarten-gruenes-eck-nauen\/\">\n        <div class=\"bienen-entry-image\">\n            <img decoding=\"async\" width=\"400\" height=\"300\" src=\"https:\/\/wettbewerb-archiv.wir-tun-was-fuer-bienen.de\/archiv-2023\/wp-content\/uploads\/sites\/8\/2023\/05\/IMG_20220825_133716-01-400x300.jpeg\" class=\"attachment-bienen-grid-thumb size-bienen-grid-thumb wp-post-image\" alt=\"\" loading=\"lazy\" srcset=\"https:\/\/wettbewerb-archiv.wir-tun-was-fuer-bienen.de\/archiv-2023\/wp-content\/uploads\/sites\/8\/2023\/05\/IMG_20220825_133716-01-400x300.jpeg 400w, https:\/\/wettbewerb-archiv.wir-tun-was-fuer-bienen.de\/archiv-2023\/wp-content\/uploads\/sites\/8\/2023\/05\/IMG_20220825_133716-01-768x576.jpeg 768w, https:\/\/wettbewerb-archiv.wir-tun-was-fuer-bienen.de\/archiv-2023\/wp-content\/uploads\/sites\/8\/2023\/05\/IMG_20220825_133716-01-1024x768.jpeg 1024w, https:\/\/wettbewerb-archiv.wir-tun-was-fuer-bienen.de\/archiv-2023\/wp-content\/uploads\/sites\/8\/2023\/05\/IMG_20220825_133716-01.jpeg 1920w\" sizes=\"(max-width: 400px) 100vw, 400px\" \/>                    <\/div>\n    <\/a>\n\n    \n\n    <div class=\"user flex\">\n        \n                    <img decoding=\"async\" src=\"https:\/\/wettbewerb-archiv.wir-tun-was-fuer-bienen.de\/archiv-2023\/wp-content\/themes\/bienen\/assets\/images\/avatar-placeholder.png\" style=\"border-radius: 30px;\" height=\"30\" width=\"30\">\n            Nachbarschaftsgarten \"Gr\u00fcnes Eck\"            <\/div>\n    \n    \n            <p class=\"categories meta\" style=\"width: 100%\"><span class=\"fa fa-tag\"\n                                                             aria-hidden=\"true\"><\/span> Kommunale Fl\u00e4chen        <\/p>\n    \n            <p class=\"categories meta\" style=\"width: 100%\"><span class=\"fa fa-map-marker\"\n                                                             aria-hidden=\"true\"><\/span> Brandenburg        <\/p>\n    \n<\/article>\n   \n\t\t\n          <article id=\"post-91194\" class=\"et_pb_post post-91194 wtwfb_entry type-wtwfb_entry status-publish has-post-thumbnail hentry wtwfb_category-kita-gaerten wtwfb_region-bayern\">\n    <h2 class=\"entry-title\"><a href=\"https:\/\/wettbewerb-archiv.wir-tun-was-fuer-bienen.de\/archiv-2023\/eintrag\/2023-familienzentrums-garten\/\">Familienzentrums-Garten<\/a>\n    <\/h2>\n    <a href=\"https:\/\/wettbewerb-archiv.wir-tun-was-fuer-bienen.de\/archiv-2023\/eintrag\/2023-familienzentrums-garten\/\">\n        <div class=\"bienen-entry-image\">\n            <img decoding=\"async\" width=\"400\" height=\"300\" src=\"https:\/\/wettbewerb-archiv.wir-tun-was-fuer-bienen.de\/archiv-2023\/wp-content\/uploads\/sites\/8\/2023\/05\/Foto-Garten-400x300.jpg\" class=\"attachment-bienen-grid-thumb size-bienen-grid-thumb wp-post-image\" alt=\"\" loading=\"lazy\" \/>                    <\/div>\n    <\/a>\n\n    \n\n    <div class=\"user flex\">\n        \n                    <img decoding=\"async\" src=\"https:\/\/wettbewerb-archiv.wir-tun-was-fuer-bienen.de\/archiv-2023\/wp-content\/themes\/bienen\/assets\/images\/avatar-placeholder.png\" style=\"border-radius: 30px;\" height=\"30\" width=\"30\">\n            Rekiz Familienzentrum            <\/div>\n    \n    \n            <p class=\"categories meta\" style=\"width: 100%\"><span class=\"fa fa-tag\"\n                                                             aria-hidden=\"true\"><\/span> Kita-G\u00e4rten        <\/p>\n    \n            <p class=\"categories meta\" style=\"width: 100%\"><span class=\"fa fa-map-marker\"\n                                                             aria-hidden=\"true\"><\/span> Bayern        <\/p>\n    \n<\/article>\n   \n\t\t\n          <article id=\"post-91177\" class=\"et_pb_post post-91177 wtwfb_entry type-wtwfb_entry status-publish has-post-thumbnail hentry wtwfb_category-kita-gaerten wtwfb_region-nordrhein-westfalen\">\n    <h2 class=\"entry-title\"><a href=\"https:\/\/wettbewerb-archiv.wir-tun-was-fuer-bienen.de\/archiv-2023\/eintrag\/2023-bienenfreundlicher-garten\/\">Bienenfreundlicher Garten<\/a>\n    <\/h2>\n    <a href=\"https:\/\/wettbewerb-archiv.wir-tun-was-fuer-bienen.de\/archiv-2023\/eintrag\/2023-bienenfreundlicher-garten\/\">\n        <div class=\"bienen-entry-image\">\n            <img decoding=\"async\" width=\"400\" height=\"300\" src=\"https:\/\/wettbewerb-archiv.wir-tun-was-fuer-bienen.de\/archiv-2023\/wp-content\/uploads\/sites\/8\/2023\/05\/futterautomat-400x300.jpg\" class=\"attachment-bienen-grid-thumb size-bienen-grid-thumb wp-post-image\" alt=\"\" loading=\"lazy\" srcset=\"https:\/\/wettbewerb-archiv.wir-tun-was-fuer-bienen.de\/archiv-2023\/wp-content\/uploads\/sites\/8\/2023\/05\/futterautomat-400x300.jpg 400w, https:\/\/wettbewerb-archiv.wir-tun-was-fuer-bienen.de\/archiv-2023\/wp-content\/uploads\/sites\/8\/2023\/05\/futterautomat-768x576.jpg 768w, https:\/\/wettbewerb-archiv.wir-tun-was-fuer-bienen.de\/archiv-2023\/wp-content\/uploads\/sites\/8\/2023\/05\/futterautomat-1024x768.jpg 1024w, https:\/\/wettbewerb-archiv.wir-tun-was-fuer-bienen.de\/archiv-2023\/wp-content\/uploads\/sites\/8\/2023\/05\/futterautomat.jpg 1920w\" sizes=\"(max-width: 400px) 100vw, 400px\" \/>                    <\/div>\n    <\/a>\n\n    \n\n    <div class=\"user flex\">\n        \n                    <img decoding=\"async\" src=\"https:\/\/wettbewerb-archiv.wir-tun-was-fuer-bienen.de\/archiv-2023\/wp-content\/themes\/bienen\/assets\/images\/avatar-placeholder.png\" style=\"border-radius: 30px;\" height=\"30\" width=\"30\">\n            Familienzentrum Sonnenblume            <\/div>\n    \n    \n            <p class=\"categories meta\" style=\"width: 100%\"><span class=\"fa fa-tag\"\n                                                             aria-hidden=\"true\"><\/span> Kita-G\u00e4rten        <\/p>\n    \n            <p class=\"categories meta\" style=\"width: 100%\"><span class=\"fa fa-map-marker\"\n                                                             aria-hidden=\"true\"><\/span> Nordrhein-Westfalen        <\/p>\n    \n<\/article>\n   \n\t\t\n          <article id=\"post-91162\" class=\"et_pb_post post-91162 wtwfb_entry type-wtwfb_entry status-publish has-post-thumbnail hentry wtwfb_category-kita-gaerten wtwfb_region-nordrhein-westfalen\">\n    <h2 class=\"entry-title\"><a href=\"https:\/\/wettbewerb-archiv.wir-tun-was-fuer-bienen.de\/archiv-2023\/eintrag\/2023-den-insekten-ein-zuhause-schenken\/\">Natur pur &#8211; der Erlebnisgarten der evangelischen ...<\/a>\n    <\/h2>\n    <a href=\"https:\/\/wettbewerb-archiv.wir-tun-was-fuer-bienen.de\/archiv-2023\/eintrag\/2023-den-insekten-ein-zuhause-schenken\/\">\n        <div class=\"bienen-entry-image\">\n            <img decoding=\"async\" width=\"400\" height=\"300\" src=\"https:\/\/wettbewerb-archiv.wir-tun-was-fuer-bienen.de\/archiv-2023\/wp-content\/uploads\/sites\/8\/2023\/07\/Bienenglueck-400x300.jpg\" class=\"attachment-bienen-grid-thumb size-bienen-grid-thumb wp-post-image\" alt=\"\" loading=\"lazy\" \/>                    <\/div>\n    <\/a>\n\n    \n\n    <div class=\"user flex\">\n        \n                    <img decoding=\"async\" src=\"https:\/\/wettbewerb-archiv.wir-tun-was-fuer-bienen.de\/archiv-2023\/wp-content\/themes\/bienen\/assets\/images\/avatar-placeholder.png\" style=\"border-radius: 30px;\" height=\"30\" width=\"30\">\n            Evangelische Kindertagesst\u00e4tte \"Villa H\u00fcgel\"            <\/div>\n    \n    \n            <p class=\"categories meta\" style=\"width: 100%\"><span class=\"fa fa-tag\"\n                                                             aria-hidden=\"true\"><\/span> Kita-G\u00e4rten        <\/p>\n    \n            <p class=\"categories meta\" style=\"width: 100%\"><span class=\"fa fa-map-marker\"\n                                                             aria-hidden=\"true\"><\/span> Nordrhein-Westfalen        <\/p>\n    \n<\/article>\n   \n\t\t\n          <article id=\"post-91156\" class=\"et_pb_post post-91156 wtwfb_entry type-wtwfb_entry status-publish has-post-thumbnail hentry wtwfb_category-schul-und-jugendclubgaerten wtwfb_region-niedersachsen\">\n    <h2 class=\"entry-title\"><a href=\"https:\/\/wettbewerb-archiv.wir-tun-was-fuer-bienen.de\/archiv-2023\/eintrag\/2023-bienenstockvertonung-blechlawine-igs-emden\/\">IGS Emden: Von summenden Bienen und einer bienenflei\u00dfi...<\/a>\n    <\/h2>\n    <a href=\"https:\/\/wettbewerb-archiv.wir-tun-was-fuer-bienen.de\/archiv-2023\/eintrag\/2023-bienenstockvertonung-blechlawine-igs-emden\/\">\n        <div class=\"bienen-entry-image\">\n            <img decoding=\"async\" width=\"400\" height=\"300\" src=\"https:\/\/wettbewerb-archiv.wir-tun-was-fuer-bienen.de\/archiv-2023\/wp-content\/uploads\/sites\/8\/2023\/07\/IMG_0359-1-400x300.jpeg\" class=\"attachment-bienen-grid-thumb size-bienen-grid-thumb wp-post-image\" alt=\"\" loading=\"lazy\" \/>                    <\/div>\n    <\/a>\n\n    \n\n    <div class=\"user flex\">\n        \n                    <img decoding=\"async\" src=\"https:\/\/wettbewerb-archiv.wir-tun-was-fuer-bienen.de\/archiv-2023\/wp-content\/themes\/bienen\/assets\/images\/avatar-placeholder.png\" style=\"border-radius: 30px;\" height=\"30\" width=\"30\">\n            IGS Emden - die Schule im Gr\u00fcnen            <\/div>\n            <p class=\"categories meta\" style=\"color: #c32731; font-weight: bold; width: 100%\"><span class=\"fa fa-music\"\n                                                                                                aria-hidden=\"true\"><\/span> Extrapreis Musik\n            f\u00fcr Bienenschutz\n        <\/p>\n    \n    <p class=\"categories meta bienen-gewinner\"><span class=\"fa fa-trophy\"                                                              aria-hidden=\"true\"><\/span> Gewinner<\/p>\n            <p class=\"categories meta\" style=\"width: 100%\"><span class=\"fa fa-tag\"\n                                                             aria-hidden=\"true\"><\/span> Schulg\u00e4rten        <\/p>\n    \n            <p class=\"categories meta\" style=\"width: 100%\"><span class=\"fa fa-map-marker\"\n                                                             aria-hidden=\"true\"><\/span> Niedersachsen        <\/p>\n    \n<\/article>\n   \n\t\t\n          <article id=\"post-91137\" class=\"et_pb_post post-91137 wtwfb_entry type-wtwfb_entry status-publish has-post-thumbnail hentry wtwfb_category-kita-gaerten wtwfb_region-mecklenburg-vorpommern\">\n    <h2 class=\"entry-title\"><a href=\"https:\/\/wettbewerb-archiv.wir-tun-was-fuer-bienen.de\/archiv-2023\/eintrag\/2023-bienenrestaurant\/\">Wir er\u00f6ffnen ein Bienenrestaurant\ud83c\udf3b<\/a>\n    <\/h2>\n    <a href=\"https:\/\/wettbewerb-archiv.wir-tun-was-fuer-bienen.de\/archiv-2023\/eintrag\/2023-bienenrestaurant\/\">\n        <div class=\"bienen-entry-image\">\n            <img decoding=\"async\" width=\"400\" height=\"300\" src=\"https:\/\/wettbewerb-archiv.wir-tun-was-fuer-bienen.de\/archiv-2023\/wp-content\/uploads\/sites\/8\/2023\/05\/20230426_1528543-400x300.jpg\" class=\"attachment-bienen-grid-thumb size-bienen-grid-thumb wp-post-image\" alt=\"\" loading=\"lazy\" \/>                    <\/div>\n    <\/a>\n\n    \n\n    <div class=\"user flex\">\n        \n                    <img decoding=\"async\" src=\"https:\/\/wettbewerb-archiv.wir-tun-was-fuer-bienen.de\/archiv-2023\/wp-content\/themes\/bienen\/assets\/images\/avatar-placeholder.png\" style=\"border-radius: 30px;\" height=\"30\" width=\"30\">\n            Kita Arche Noah            <\/div>\n    \n    \n            <p class=\"categories meta\" style=\"width: 100%\"><span class=\"fa fa-tag\"\n                                                             aria-hidden=\"true\"><\/span> Kita-G\u00e4rten        <\/p>\n    \n            <p class=\"categories meta\" style=\"width: 100%\"><span class=\"fa fa-map-marker\"\n                                                             aria-hidden=\"true\"><\/span> Mecklenburg-Vorpommern        <\/p>\n    \n<\/article>\n   \n\t\t\n          <article id=\"post-91132\" class=\"et_pb_post post-91132 wtwfb_entry type-wtwfb_entry status-publish has-post-thumbnail hentry wtwfb_category-schul-und-jugendclubgaerten wtwfb_region-rheinland-pfalz\">\n    <h2 class=\"entry-title\"><a href=\"https:\/\/wettbewerb-archiv.wir-tun-was-fuer-bienen.de\/archiv-2023\/eintrag\/2023-aus-gruen-mach-bunt\/\">Aus gr\u00fcn mach bunt<\/a>\n    <\/h2>\n    <a href=\"https:\/\/wettbewerb-archiv.wir-tun-was-fuer-bienen.de\/archiv-2023\/eintrag\/2023-aus-gruen-mach-bunt\/\">\n        <div class=\"bienen-entry-image\">\n            <img decoding=\"async\" width=\"400\" height=\"300\" src=\"https:\/\/wettbewerb-archiv.wir-tun-was-fuer-bienen.de\/archiv-2023\/wp-content\/uploads\/sites\/8\/2023\/05\/IMG-2821-400x300.jpg\" class=\"attachment-bienen-grid-thumb size-bienen-grid-thumb wp-post-image\" alt=\"\" loading=\"lazy\" srcset=\"https:\/\/wettbewerb-archiv.wir-tun-was-fuer-bienen.de\/archiv-2023\/wp-content\/uploads\/sites\/8\/2023\/05\/IMG-2821-400x300.jpg 400w, https:\/\/wettbewerb-archiv.wir-tun-was-fuer-bienen.de\/archiv-2023\/wp-content\/uploads\/sites\/8\/2023\/05\/IMG-2821-768x576.jpg 768w, https:\/\/wettbewerb-archiv.wir-tun-was-fuer-bienen.de\/archiv-2023\/wp-content\/uploads\/sites\/8\/2023\/05\/IMG-2821-1024x768.jpg 1024w, https:\/\/wettbewerb-archiv.wir-tun-was-fuer-bienen.de\/archiv-2023\/wp-content\/uploads\/sites\/8\/2023\/05\/IMG-2821.jpg 1920w\" sizes=\"(max-width: 400px) 100vw, 400px\" \/>                    <\/div>\n    <\/a>\n\n    \n\n    <div class=\"user flex\">\n        \n                    <img decoding=\"async\" src=\"https:\/\/wettbewerb-archiv.wir-tun-was-fuer-bienen.de\/archiv-2023\/wp-content\/themes\/bienen\/assets\/images\/avatar-placeholder.png\" style=\"border-radius: 30px;\" height=\"30\" width=\"30\">\n            Grundschule Petersackerhof            <\/div>\n    \n    \n            <p class=\"categories meta\" style=\"width: 100%\"><span class=\"fa fa-tag\"\n                                                             aria-hidden=\"true\"><\/span> Schulg\u00e4rten        <\/p>\n    \n            <p class=\"categories meta\" style=\"width: 100%\"><span class=\"fa fa-map-marker\"\n                                                             aria-hidden=\"true\"><\/span> Rheinland-Pfalz        <\/p>\n    \n<\/article>\n   \n\t\t\n          <article id=\"post-91128\" class=\"et_pb_post post-91128 wtwfb_entry type-wtwfb_entry status-publish has-post-thumbnail hentry wtwfb_category-kita-gaerten wtwfb_region-hessen\">\n    <h2 class=\"entry-title\"><a href=\"https:\/\/wettbewerb-archiv.wir-tun-was-fuer-bienen.de\/archiv-2023\/eintrag\/2023-wir-erweitern-unsere-kraeuterecke-zu-einem-blumenbeet-fuer-bienen\/\">wir erweitern unsere Kr\u00e4uterecke zu einem Beet f\u00fcr Bi...<\/a>\n    <\/h2>\n    <a href=\"https:\/\/wettbewerb-archiv.wir-tun-was-fuer-bienen.de\/archiv-2023\/eintrag\/2023-wir-erweitern-unsere-kraeuterecke-zu-einem-blumenbeet-fuer-bienen\/\">\n        <div class=\"bienen-entry-image\">\n            <img decoding=\"async\" width=\"400\" height=\"300\" src=\"https:\/\/wettbewerb-archiv.wir-tun-was-fuer-bienen.de\/archiv-2023\/wp-content\/uploads\/sites\/8\/2023\/06\/NACHHER-2-1-400x300.jpg\" class=\"attachment-bienen-grid-thumb size-bienen-grid-thumb wp-post-image\" alt=\"\" loading=\"lazy\" srcset=\"https:\/\/wettbewerb-archiv.wir-tun-was-fuer-bienen.de\/archiv-2023\/wp-content\/uploads\/sites\/8\/2023\/06\/NACHHER-2-1-400x300.jpg 400w, https:\/\/wettbewerb-archiv.wir-tun-was-fuer-bienen.de\/archiv-2023\/wp-content\/uploads\/sites\/8\/2023\/06\/NACHHER-2-1-768x576.jpg 768w, https:\/\/wettbewerb-archiv.wir-tun-was-fuer-bienen.de\/archiv-2023\/wp-content\/uploads\/sites\/8\/2023\/06\/NACHHER-2-1-1024x768.jpg 1024w, https:\/\/wettbewerb-archiv.wir-tun-was-fuer-bienen.de\/archiv-2023\/wp-content\/uploads\/sites\/8\/2023\/06\/NACHHER-2-1.jpg 1920w\" sizes=\"(max-width: 400px) 100vw, 400px\" \/>                    <\/div>\n    <\/a>\n\n    \n\n    <div class=\"user flex\">\n        \n                    <img decoding=\"async\" src=\"https:\/\/wettbewerb-archiv.wir-tun-was-fuer-bienen.de\/archiv-2023\/wp-content\/themes\/bienen\/assets\/images\/avatar-placeholder.png\" style=\"border-radius: 30px;\" height=\"30\" width=\"30\">\n            Kita Regenbogen Oberlistingen            <\/div>\n    \n    \n            <p class=\"categories meta\" style=\"width: 100%\"><span class=\"fa fa-tag\"\n                                                             aria-hidden=\"true\"><\/span> Kita-G\u00e4rten        <\/p>\n    \n            <p class=\"categories meta\" style=\"width: 100%\"><span class=\"fa fa-map-marker\"\n                                                             aria-hidden=\"true\"><\/span> Hessen        <\/p>\n    \n<\/article>\n   \n\t\t\n          <article id=\"post-91123\" class=\"et_pb_post post-91123 wtwfb_entry type-wtwfb_entry status-publish has-post-thumbnail hentry wtwfb_category-kommunale-flaechen wtwfb_region-nordrhein-westfalen\">\n    <h2 class=\"entry-title\"><a href=\"https:\/\/wettbewerb-archiv.wir-tun-was-fuer-bienen.de\/archiv-2023\/eintrag\/2023-erna-de-vries-gesamtschule\/\">Projektwoche vor den Sommerferien 2023 Erna de Vries Ge...<\/a>\n    <\/h2>\n    <a href=\"https:\/\/wettbewerb-archiv.wir-tun-was-fuer-bienen.de\/archiv-2023\/eintrag\/2023-erna-de-vries-gesamtschule\/\">\n        <div class=\"bienen-entry-image\">\n            <img decoding=\"async\" width=\"400\" height=\"300\" src=\"https:\/\/wettbewerb-archiv.wir-tun-was-fuer-bienen.de\/archiv-2023\/wp-content\/uploads\/sites\/8\/2023\/05\/IMG_4567-400x300.jpeg\" class=\"attachment-bienen-grid-thumb size-bienen-grid-thumb wp-post-image\" alt=\"\" loading=\"lazy\" \/>                    <\/div>\n    <\/a>\n\n    \n\n    <div class=\"user flex\">\n        \n                    <img decoding=\"async\" src=\"https:\/\/wettbewerb-archiv.wir-tun-was-fuer-bienen.de\/archiv-2023\/wp-content\/themes\/bienen\/assets\/images\/avatar-placeholder.png\" style=\"border-radius: 30px;\" height=\"30\" width=\"30\">\n            Erna-de-Vries-Gesamtschule Ibbenb\u00fcren            <\/div>\n    \n    \n            <p class=\"categories meta\" style=\"width: 100%\"><span class=\"fa fa-tag\"\n                                                             aria-hidden=\"true\"><\/span> Kommunale Fl\u00e4chen        <\/p>\n    \n            <p class=\"categories meta\" style=\"width: 100%\"><span class=\"fa fa-map-marker\"\n                                                             aria-hidden=\"true\"><\/span> Nordrhein-Westfalen        <\/p>\n    \n<\/article>\n   \n\t\t\n          <article id=\"post-91120\" class=\"et_pb_post post-91120 wtwfb_entry type-wtwfb_entry status-publish has-post-thumbnail hentry wtwfb_category-schul-und-jugendclubgaerten wtwfb_region-hamburg\">\n    <h2 class=\"entry-title\"><a href=\"https:\/\/wettbewerb-archiv.wir-tun-was-fuer-bienen.de\/archiv-2023\/eintrag\/2023-neuanlegung-eines-schulgartens-2\/\">Neuanlegung eines Schulgartens<\/a>\n    <\/h2>\n    <a href=\"https:\/\/wettbewerb-archiv.wir-tun-was-fuer-bienen.de\/archiv-2023\/eintrag\/2023-neuanlegung-eines-schulgartens-2\/\">\n        <div class=\"bienen-entry-image\">\n            <img decoding=\"async\" width=\"400\" height=\"300\" src=\"https:\/\/wettbewerb-archiv.wir-tun-was-fuer-bienen.de\/archiv-2023\/wp-content\/uploads\/sites\/8\/2023\/05\/IMG_9046-400x300.jpg\" class=\"attachment-bienen-grid-thumb size-bienen-grid-thumb wp-post-image\" alt=\"\" loading=\"lazy\" srcset=\"https:\/\/wettbewerb-archiv.wir-tun-was-fuer-bienen.de\/archiv-2023\/wp-content\/uploads\/sites\/8\/2023\/05\/IMG_9046-400x300.jpg 400w, https:\/\/wettbewerb-archiv.wir-tun-was-fuer-bienen.de\/archiv-2023\/wp-content\/uploads\/sites\/8\/2023\/05\/IMG_9046-768x576.jpg 768w, https:\/\/wettbewerb-archiv.wir-tun-was-fuer-bienen.de\/archiv-2023\/wp-content\/uploads\/sites\/8\/2023\/05\/IMG_9046-1024x768.jpg 1024w, https:\/\/wettbewerb-archiv.wir-tun-was-fuer-bienen.de\/archiv-2023\/wp-content\/uploads\/sites\/8\/2023\/05\/IMG_9046.jpg 1920w\" sizes=\"(max-width: 400px) 100vw, 400px\" \/>                    <\/div>\n    <\/a>\n\n    \n\n    <div class=\"user flex\">\n        \n                    <img decoding=\"async\" src=\"https:\/\/wettbewerb-archiv.wir-tun-was-fuer-bienen.de\/archiv-2023\/wp-content\/themes\/bienen\/assets\/images\/avatar-placeholder.png\" style=\"border-radius: 30px;\" height=\"30\" width=\"30\">\n            Grundschule am Heidberg            <\/div>\n    \n    \n            <p class=\"categories meta\" style=\"width: 100%\"><span class=\"fa fa-tag\"\n                                                             aria-hidden=\"true\"><\/span> Schulg\u00e4rten        <\/p>\n    \n            <p class=\"categories meta\" style=\"width: 100%\"><span class=\"fa fa-map-marker\"\n                                                             aria-hidden=\"true\"><\/span> Hamburg        <\/p>\n    \n<\/article>\n   \n\t\t\n          <article id=\"post-91118\" class=\"et_pb_post post-91118 wtwfb_entry type-wtwfb_entry status-publish has-post-thumbnail hentry wtwfb_category-schul-und-jugendclubgaerten wtwfb_region-nordrhein-westfalen\">\n    <h2 class=\"entry-title\"><a href=\"https:\/\/wettbewerb-archiv.wir-tun-was-fuer-bienen.de\/archiv-2023\/eintrag\/2023-wir-bringen-die-schule-zum-bluehen\/\">Wir bringen die Schule zum Bl\u00fchen<\/a>\n    <\/h2>\n    <a href=\"https:\/\/wettbewerb-archiv.wir-tun-was-fuer-bienen.de\/archiv-2023\/eintrag\/2023-wir-bringen-die-schule-zum-bluehen\/\">\n        <div class=\"bienen-entry-image\">\n            <img decoding=\"async\" width=\"400\" height=\"300\" src=\"https:\/\/wettbewerb-archiv.wir-tun-was-fuer-bienen.de\/archiv-2023\/wp-content\/uploads\/sites\/8\/2023\/05\/IMG_8831-400x300.jpeg\" class=\"attachment-bienen-grid-thumb size-bienen-grid-thumb wp-post-image\" alt=\"\" loading=\"lazy\" \/>                    <\/div>\n    <\/a>\n\n    \n\n    <div class=\"user flex\">\n        \n                    <img decoding=\"async\" src=\"https:\/\/wettbewerb-archiv.wir-tun-was-fuer-bienen.de\/archiv-2023\/wp-content\/themes\/bienen\/assets\/images\/avatar-placeholder.png\" style=\"border-radius: 30px;\" height=\"30\" width=\"30\">\n            Erna-de-Vries-Gesamtschule Ibbenb\u00fcren            <\/div>\n    \n    \n            <p class=\"categories meta\" style=\"width: 100%\"><span class=\"fa fa-tag\"\n                                                             aria-hidden=\"true\"><\/span> Schulg\u00e4rten        <\/p>\n    \n            <p class=\"categories meta\" style=\"width: 100%\"><span class=\"fa fa-map-marker\"\n                                                             aria-hidden=\"true\"><\/span> Nordrhein-Westfalen        <\/p>\n    \n<\/article>\n   \n\t\t\n          <article id=\"post-91105\" class=\"et_pb_post post-91105 wtwfb_entry type-wtwfb_entry status-publish has-post-thumbnail hentry wtwfb_category-firmengaerten wtwfb_region-sachsen\">\n    <h2 class=\"entry-title\"><a href=\"https:\/\/wettbewerb-archiv.wir-tun-was-fuer-bienen.de\/archiv-2023\/eintrag\/2023-die-lebenshilfe-bienen-und-der-bienengarten\/\">Die Lebenshilfe Bienen und der Bienengarten<\/a>\n    <\/h2>\n    <a href=\"https:\/\/wettbewerb-archiv.wir-tun-was-fuer-bienen.de\/archiv-2023\/eintrag\/2023-die-lebenshilfe-bienen-und-der-bienengarten\/\">\n        <div class=\"bienen-entry-image\">\n            <img decoding=\"async\" width=\"400\" height=\"300\" src=\"https:\/\/wettbewerb-archiv.wir-tun-was-fuer-bienen.de\/archiv-2023\/wp-content\/uploads\/sites\/8\/2023\/05\/20230511_082320-400x300.jpg\" class=\"attachment-bienen-grid-thumb size-bienen-grid-thumb wp-post-image\" alt=\"\" loading=\"lazy\" \/>                    <\/div>\n    <\/a>\n\n    \n\n    <div class=\"user flex\">\n        \n                    <img decoding=\"async\" src=\"https:\/\/wettbewerb-archiv.wir-tun-was-fuer-bienen.de\/archiv-2023\/wp-content\/themes\/bienen\/assets\/images\/avatar-placeholder.png\" style=\"border-radius: 30px;\" height=\"30\" width=\"30\">\n            Bienenlandeplatz Lebenshilfe Stollberg            <\/div>\n    \n    \n            <p class=\"categories meta\" style=\"width: 100%\"><span class=\"fa fa-tag\"\n                                                             aria-hidden=\"true\"><\/span> Firmeng\u00e4rten        <\/p>\n    \n            <p class=\"categories meta\" style=\"width: 100%\"><span class=\"fa fa-map-marker\"\n                                                             aria-hidden=\"true\"><\/span> Sachsen        <\/p>\n    \n<\/article>\n   \n\t\t\n          <article id=\"post-91096\" class=\"et_pb_post post-91096 wtwfb_entry type-wtwfb_entry status-publish has-post-thumbnail hentry wtwfb_category-schul-und-jugendclubgaerten wtwfb_region-hessen\">\n    <h2 class=\"entry-title\"><a href=\"https:\/\/wettbewerb-archiv.wir-tun-was-fuer-bienen.de\/archiv-2023\/eintrag\/2023-koalas-fuer-glueckliche-bienen\/\">Koalas f\u00fcr gl\u00fcckliche Bienen<\/a>\n    <\/h2>\n    <a href=\"https:\/\/wettbewerb-archiv.wir-tun-was-fuer-bienen.de\/archiv-2023\/eintrag\/2023-koalas-fuer-glueckliche-bienen\/\">\n        <div class=\"bienen-entry-image\">\n            <img decoding=\"async\" width=\"400\" height=\"300\" src=\"https:\/\/wettbewerb-archiv.wir-tun-was-fuer-bienen.de\/archiv-2023\/wp-content\/uploads\/sites\/8\/2023\/05\/F5F67436-FF0E-4981-A164-EF2ACC761E82-400x300.jpeg\" class=\"attachment-bienen-grid-thumb size-bienen-grid-thumb wp-post-image\" alt=\"\" loading=\"lazy\" \/>                    <\/div>\n    <\/a>\n\n    \n\n    <div class=\"user flex\">\n        \n                    <img decoding=\"async\" src=\"https:\/\/wettbewerb-archiv.wir-tun-was-fuer-bienen.de\/archiv-2023\/wp-content\/themes\/bienen\/assets\/images\/avatar-placeholder.png\" style=\"border-radius: 30px;\" height=\"30\" width=\"30\">\n            Koalas f\u00fcr gl\u00fcckliche Bienen            <\/div>\n    \n    \n            <p class=\"categories meta\" style=\"width: 100%\"><span class=\"fa fa-tag\"\n                                                             aria-hidden=\"true\"><\/span> Schulg\u00e4rten        <\/p>\n    \n            <p class=\"categories meta\" style=\"width: 100%\"><span class=\"fa fa-map-marker\"\n                                                             aria-hidden=\"true\"><\/span> Hessen        <\/p>\n    \n<\/article>\n   \n\t\t\n          <article id=\"post-91067\" class=\"et_pb_post post-91067 wtwfb_entry type-wtwfb_entry status-publish has-post-thumbnail hentry wtwfb_category-schul-und-jugendclubgaerten wtwfb_region-sachsen\">\n    <h2 class=\"entry-title\"><a href=\"https:\/\/wettbewerb-archiv.wir-tun-was-fuer-bienen.de\/archiv-2023\/eintrag\/2023-make-schulhof-great-again\/\">Make Schulhof great again<\/a>\n    <\/h2>\n    <a href=\"https:\/\/wettbewerb-archiv.wir-tun-was-fuer-bienen.de\/archiv-2023\/eintrag\/2023-make-schulhof-great-again\/\">\n        <div class=\"bienen-entry-image\">\n            <img decoding=\"async\" width=\"400\" height=\"300\" src=\"https:\/\/wettbewerb-archiv.wir-tun-was-fuer-bienen.de\/archiv-2023\/wp-content\/uploads\/sites\/8\/2023\/05\/20181010_075558-400x300.jpg\" class=\"attachment-bienen-grid-thumb size-bienen-grid-thumb wp-post-image\" alt=\"\" loading=\"lazy\" \/>                    <\/div>\n    <\/a>\n\n    \n\n    <div class=\"user flex\">\n        \n                    <img decoding=\"async\" src=\"https:\/\/wettbewerb-archiv.wir-tun-was-fuer-bienen.de\/archiv-2023\/wp-content\/themes\/bienen\/assets\/images\/avatar-placeholder.png\" style=\"border-radius: 30px;\" height=\"30\" width=\"30\">\n            katja.meyer@msk.lernsax.de            <\/div>\n    \n    \n            <p class=\"categories meta\" style=\"width: 100%\"><span class=\"fa fa-tag\"\n                                                             aria-hidden=\"true\"><\/span> Schulg\u00e4rten        <\/p>\n    \n            <p class=\"categories meta\" style=\"width: 100%\"><span class=\"fa fa-map-marker\"\n                                                             aria-hidden=\"true\"><\/span> Sachsen        <\/p>\n    \n<\/article>\n   \n\t\t\n          <article id=\"post-91057\" class=\"et_pb_post post-91057 wtwfb_entry type-wtwfb_entry status-publish has-post-thumbnail hentry wtwfb_category-kita-gaerten wtwfb_region-nordrhein-westfalen\">\n    <h2 class=\"entry-title\"><a href=\"https:\/\/wettbewerb-archiv.wir-tun-was-fuer-bienen.de\/archiv-2023\/eintrag\/2023-einzug-der-biene-sumsebrumm\/\">Einzug der Biene Sumsebrumm<\/a>\n    <\/h2>\n    <a href=\"https:\/\/wettbewerb-archiv.wir-tun-was-fuer-bienen.de\/archiv-2023\/eintrag\/2023-einzug-der-biene-sumsebrumm\/\">\n        <div class=\"bienen-entry-image\">\n            <img decoding=\"async\" width=\"400\" height=\"300\" src=\"https:\/\/wettbewerb-archiv.wir-tun-was-fuer-bienen.de\/archiv-2023\/wp-content\/uploads\/sites\/8\/2023\/05\/Tulpe-400x300.jpg\" class=\"attachment-bienen-grid-thumb size-bienen-grid-thumb wp-post-image\" alt=\"\" loading=\"lazy\" \/>                    <\/div>\n    <\/a>\n\n    \n\n    <div class=\"user flex\">\n        \n                    <img decoding=\"async\" src=\"https:\/\/wettbewerb-archiv.wir-tun-was-fuer-bienen.de\/archiv-2023\/wp-content\/themes\/bienen\/assets\/images\/avatar-placeholder.png\" style=\"border-radius: 30px;\" height=\"30\" width=\"30\">\n            Kath. Kindergarten und Familienzentrum St. Barbara            <\/div>\n    \n    \n            <p class=\"categories meta\" style=\"width: 100%\"><span class=\"fa fa-tag\"\n                                                             aria-hidden=\"true\"><\/span> Kita-G\u00e4rten        <\/p>\n    \n            <p class=\"categories meta\" style=\"width: 100%\"><span class=\"fa fa-map-marker\"\n                                                             aria-hidden=\"true\"><\/span> Nordrhein-Westfalen        <\/p>\n    \n<\/article>\n   \n\t\t\n          <article id=\"post-91048\" class=\"et_pb_post post-91048 wtwfb_entry type-wtwfb_entry status-publish has-post-thumbnail hentry wtwfb_category-vereinsgaerten-liegenschaften-von-verwaltung-kirche-etc-sonstige wtwfb_region-hamburg\">\n    <h2 class=\"entry-title\"><a href=\"https:\/\/wettbewerb-archiv.wir-tun-was-fuer-bienen.de\/archiv-2023\/eintrag\/2023-naturgarten-und-insektenbeet-in-altona\/\">Naturgarten und Insektenbeet in Altona<\/a>\n    <\/h2>\n    <a href=\"https:\/\/wettbewerb-archiv.wir-tun-was-fuer-bienen.de\/archiv-2023\/eintrag\/2023-naturgarten-und-insektenbeet-in-altona\/\">\n        <div class=\"bienen-entry-image\">\n            <img decoding=\"async\" width=\"400\" height=\"300\" src=\"https:\/\/wettbewerb-archiv.wir-tun-was-fuer-bienen.de\/archiv-2023\/wp-content\/uploads\/sites\/8\/2023\/05\/20230426_115708-400x300.jpg\" class=\"attachment-bienen-grid-thumb size-bienen-grid-thumb wp-post-image\" alt=\"\" loading=\"lazy\" srcset=\"https:\/\/wettbewerb-archiv.wir-tun-was-fuer-bienen.de\/archiv-2023\/wp-content\/uploads\/sites\/8\/2023\/05\/20230426_115708-400x300.jpg 400w, https:\/\/wettbewerb-archiv.wir-tun-was-fuer-bienen.de\/archiv-2023\/wp-content\/uploads\/sites\/8\/2023\/05\/20230426_115708-768x576.jpg 768w, https:\/\/wettbewerb-archiv.wir-tun-was-fuer-bienen.de\/archiv-2023\/wp-content\/uploads\/sites\/8\/2023\/05\/20230426_115708-1024x768.jpg 1024w, https:\/\/wettbewerb-archiv.wir-tun-was-fuer-bienen.de\/archiv-2023\/wp-content\/uploads\/sites\/8\/2023\/05\/20230426_115708.jpg 1920w\" sizes=\"(max-width: 400px) 100vw, 400px\" \/>                    <\/div>\n    <\/a>\n\n    \n\n    <div class=\"user flex\">\n        \n                    <img decoding=\"async\" src=\"https:\/\/wettbewerb-archiv.wir-tun-was-fuer-bienen.de\/archiv-2023\/wp-content\/themes\/bienen\/assets\/images\/avatar-placeholder.png\" style=\"border-radius: 30px;\" height=\"30\" width=\"30\">\n            Naturbeet            <\/div>\n    \n    \n            <p class=\"categories meta\" style=\"width: 100%\"><span class=\"fa fa-tag\"\n                                                             aria-hidden=\"true\"><\/span> Vereinsg\u00e4rten, Unis, Liegenschaften von Verwaltung, Kirche etc, Sonstige        <\/p>\n    \n            <p class=\"categories meta\" style=\"width: 100%\"><span class=\"fa fa-map-marker\"\n                                                             aria-hidden=\"true\"><\/span> Hamburg        <\/p>\n    \n<\/article>\n   \n\t\t\n          <article id=\"post-91039\" class=\"et_pb_post post-91039 wtwfb_entry type-wtwfb_entry status-publish has-post-thumbnail hentry wtwfb_category-schul-und-jugendclubgaerten wtwfb_region-mecklenburg-vorpommern\">\n    <h2 class=\"entry-title\"><a href=\"https:\/\/wettbewerb-archiv.wir-tun-was-fuer-bienen.de\/archiv-2023\/eintrag\/2023-junge-naturforschergruppe-legt-eigenen-garten-an\/\">junge Naturforschergruppe legt eigenen Garten an<\/a>\n    <\/h2>\n    <a href=\"https:\/\/wettbewerb-archiv.wir-tun-was-fuer-bienen.de\/archiv-2023\/eintrag\/2023-junge-naturforschergruppe-legt-eigenen-garten-an\/\">\n        <div class=\"bienen-entry-image\">\n            <img decoding=\"async\" width=\"400\" height=\"300\" src=\"https:\/\/wettbewerb-archiv.wir-tun-was-fuer-bienen.de\/archiv-2023\/wp-content\/uploads\/sites\/8\/2023\/05\/Publikation1-400x300.jpg\" class=\"attachment-bienen-grid-thumb size-bienen-grid-thumb wp-post-image\" alt=\"\" loading=\"lazy\" \/>                    <\/div>\n    <\/a>\n\n    \n\n    <div class=\"user flex\">\n        \n                    <img decoding=\"async\" src=\"https:\/\/wettbewerb-archiv.wir-tun-was-fuer-bienen.de\/archiv-2023\/wp-content\/themes\/bienen\/assets\/images\/avatar-placeholder.png\" style=\"border-radius: 30px;\" height=\"30\" width=\"30\">\n            Jugendclub L\u00fcbtheen            <\/div>\n    \n    \n            <p class=\"categories meta\" style=\"width: 100%\"><span class=\"fa fa-tag\"\n                                                             aria-hidden=\"true\"><\/span> Schulg\u00e4rten        <\/p>\n    \n            <p class=\"categories meta\" style=\"width: 100%\"><span class=\"fa fa-map-marker\"\n                                                             aria-hidden=\"true\"><\/span> Mecklenburg-Vorpommern        <\/p>\n    \n<\/article>\n   \n\t\t\n          <article id=\"post-91023\" class=\"et_pb_post post-91023 wtwfb_entry type-wtwfb_entry status-publish has-post-thumbnail hentry wtwfb_category-kita-gaerten wtwfb_region-sachsen-anhalt\">\n    <h2 class=\"entry-title\"><a href=\"https:\/\/wettbewerb-archiv.wir-tun-was-fuer-bienen.de\/archiv-2023\/eintrag\/2023-naturnaher-kitagarten\/\">Unser naturnaher Kitagarten als Bildungsort<\/a>\n    <\/h2>\n    <a href=\"https:\/\/wettbewerb-archiv.wir-tun-was-fuer-bienen.de\/archiv-2023\/eintrag\/2023-naturnaher-kitagarten\/\">\n        <div class=\"bienen-entry-image\">\n            <img decoding=\"async\" width=\"400\" height=\"300\" src=\"https:\/\/wettbewerb-archiv.wir-tun-was-fuer-bienen.de\/archiv-2023\/wp-content\/uploads\/sites\/8\/2023\/05\/20230510_103608-400x300.jpg\" class=\"attachment-bienen-grid-thumb size-bienen-grid-thumb wp-post-image\" alt=\"\" loading=\"lazy\" \/>                    <\/div>\n    <\/a>\n\n    \n\n    <div class=\"user flex\">\n        \n                    <img decoding=\"async\" src=\"https:\/\/wettbewerb-archiv.wir-tun-was-fuer-bienen.de\/archiv-2023\/wp-content\/themes\/bienen\/assets\/images\/avatar-placeholder.png\" style=\"border-radius: 30px;\" height=\"30\" width=\"30\">\n            Kita Zwergenst\u00fcbchen e.V.            <\/div>\n    \n    \n            <p class=\"categories meta\" style=\"width: 100%\"><span class=\"fa fa-tag\"\n                                                             aria-hidden=\"true\"><\/span> Kita-G\u00e4rten        <\/p>\n    \n            <p class=\"categories meta\" style=\"width: 100%\"><span class=\"fa fa-map-marker\"\n                                                             aria-hidden=\"true\"><\/span> Sachsen-Anhalt        <\/p>\n    \n<\/article>\n   \n\t\t\n          <article id=\"post-90994\" class=\"et_pb_post post-90994 wtwfb_entry type-wtwfb_entry status-publish has-post-thumbnail hentry wtwfb_category-schul-und-jugendclubgaerten wtwfb_region-niedersachsen\">\n    <h2 class=\"entry-title\"><a href=\"https:\/\/wettbewerb-archiv.wir-tun-was-fuer-bienen.de\/archiv-2023\/eintrag\/2023-wir-werden-gruen-schulgarten-der-wvdh-oberschule\/\">Wir werden gr\u00fcn! Schulgarten der WvdH Oberschule<\/a>\n    <\/h2>\n    <a href=\"https:\/\/wettbewerb-archiv.wir-tun-was-fuer-bienen.de\/archiv-2023\/eintrag\/2023-wir-werden-gruen-schulgarten-der-wvdh-oberschule\/\">\n        <div class=\"bienen-entry-image\">\n            <img decoding=\"async\" width=\"400\" height=\"300\" src=\"https:\/\/wettbewerb-archiv.wir-tun-was-fuer-bienen.de\/archiv-2023\/wp-content\/uploads\/sites\/8\/2023\/06\/IMG_20230608_104525-400x300.jpg\" class=\"attachment-bienen-grid-thumb size-bienen-grid-thumb wp-post-image\" alt=\"\" loading=\"lazy\" srcset=\"https:\/\/wettbewerb-archiv.wir-tun-was-fuer-bienen.de\/archiv-2023\/wp-content\/uploads\/sites\/8\/2023\/06\/IMG_20230608_104525-400x300.jpg 400w, https:\/\/wettbewerb-archiv.wir-tun-was-fuer-bienen.de\/archiv-2023\/wp-content\/uploads\/sites\/8\/2023\/06\/IMG_20230608_104525-768x574.jpg 768w, https:\/\/wettbewerb-archiv.wir-tun-was-fuer-bienen.de\/archiv-2023\/wp-content\/uploads\/sites\/8\/2023\/06\/IMG_20230608_104525-1024x766.jpg 1024w, https:\/\/wettbewerb-archiv.wir-tun-was-fuer-bienen.de\/archiv-2023\/wp-content\/uploads\/sites\/8\/2023\/06\/IMG_20230608_104525.jpg 1920w\" sizes=\"(max-width: 400px) 100vw, 400px\" \/>                    <\/div>\n    <\/a>\n\n    \n\n    <div class=\"user flex\">\n        \n                    <img decoding=\"async\" src=\"https:\/\/wettbewerb-archiv.wir-tun-was-fuer-bienen.de\/archiv-2023\/wp-content\/themes\/bienen\/assets\/images\/avatar-placeholder.png\" style=\"border-radius: 30px;\" height=\"30\" width=\"30\">\n            Wilhelm-von-der-Heyde Oberschule Delmenhorst            <\/div>\n    \n    \n            <p class=\"categories meta\" style=\"width: 100%\"><span class=\"fa fa-tag\"\n                                                             aria-hidden=\"true\"><\/span> Schulg\u00e4rten        <\/p>\n    \n            <p class=\"categories meta\" style=\"width: 100%\"><span class=\"fa fa-map-marker\"\n                                                             aria-hidden=\"true\"><\/span> Niedersachsen        <\/p>\n    \n<\/article>\n   \n\t\t\n          <article id=\"post-90985\" class=\"et_pb_post post-90985 wtwfb_entry type-wtwfb_entry status-publish has-post-thumbnail hentry wtwfb_category-kita-gaerten wtwfb_region-thueringen\">\n    <h2 class=\"entry-title\"><a href=\"https:\/\/wettbewerb-archiv.wir-tun-was-fuer-bienen.de\/archiv-2023\/eintrag\/2023-bienen-hinter-dem-haus\/\">Bienen hinter dem Haus<\/a>\n    <\/h2>\n    <a href=\"https:\/\/wettbewerb-archiv.wir-tun-was-fuer-bienen.de\/archiv-2023\/eintrag\/2023-bienen-hinter-dem-haus\/\">\n        <div class=\"bienen-entry-image\">\n            <img decoding=\"async\" width=\"400\" height=\"300\" src=\"https:\/\/wettbewerb-archiv.wir-tun-was-fuer-bienen.de\/archiv-2023\/wp-content\/uploads\/sites\/8\/2023\/05\/20210702_104426-400x300.jpg\" class=\"attachment-bienen-grid-thumb size-bienen-grid-thumb wp-post-image\" alt=\"\" loading=\"lazy\" \/>                    <\/div>\n    <\/a>\n\n    \n\n    <div class=\"user flex\">\n        \n                    <img decoding=\"async\" src=\"https:\/\/wettbewerb-archiv.wir-tun-was-fuer-bienen.de\/archiv-2023\/wp-content\/themes\/bienen\/assets\/images\/avatar-placeholder.png\" style=\"border-radius: 30px;\" height=\"30\" width=\"30\">\n            AWO AJS gGmbH Kindergarten Sonnenk\u00e4fer            <\/div>\n    \n    \n            <p class=\"categories meta\" style=\"width: 100%\"><span class=\"fa fa-tag\"\n                                                             aria-hidden=\"true\"><\/span> Kita-G\u00e4rten        <\/p>\n    \n            <p class=\"categories meta\" style=\"width: 100%\"><span class=\"fa fa-map-marker\"\n                                                             aria-hidden=\"true\"><\/span> Th\u00fcringen        <\/p>\n    \n<\/article>\n   \n\t\t\n          <article id=\"post-90975\" class=\"et_pb_post post-90975 wtwfb_entry type-wtwfb_entry status-publish has-post-thumbnail hentry wtwfb_category-kita-gaerten wtwfb_region-hessen\">\n    <h2 class=\"entry-title\"><a href=\"https:\/\/wettbewerb-archiv.wir-tun-was-fuer-bienen.de\/archiv-2023\/eintrag\/2023-wir-rackern-fuer-gross-und-klein\/\">Wir (r)ackern f\u00fcr gro\u00df und klein<\/a>\n    <\/h2>\n    <a href=\"https:\/\/wettbewerb-archiv.wir-tun-was-fuer-bienen.de\/archiv-2023\/eintrag\/2023-wir-rackern-fuer-gross-und-klein\/\">\n        <div class=\"bienen-entry-image\">\n            <img decoding=\"async\" width=\"400\" height=\"300\" src=\"https:\/\/wettbewerb-archiv.wir-tun-was-fuer-bienen.de\/archiv-2023\/wp-content\/uploads\/sites\/8\/2023\/05\/Der-neue-Acker-400x300.jpg\" class=\"attachment-bienen-grid-thumb size-bienen-grid-thumb wp-post-image\" alt=\"\" loading=\"lazy\" srcset=\"https:\/\/wettbewerb-archiv.wir-tun-was-fuer-bienen.de\/archiv-2023\/wp-content\/uploads\/sites\/8\/2023\/05\/Der-neue-Acker-400x300.jpg 400w, https:\/\/wettbewerb-archiv.wir-tun-was-fuer-bienen.de\/archiv-2023\/wp-content\/uploads\/sites\/8\/2023\/05\/Der-neue-Acker-768x576.jpg 768w, https:\/\/wettbewerb-archiv.wir-tun-was-fuer-bienen.de\/archiv-2023\/wp-content\/uploads\/sites\/8\/2023\/05\/Der-neue-Acker-1024x768.jpg 1024w, https:\/\/wettbewerb-archiv.wir-tun-was-fuer-bienen.de\/archiv-2023\/wp-content\/uploads\/sites\/8\/2023\/05\/Der-neue-Acker.jpg 1600w\" sizes=\"(max-width: 400px) 100vw, 400px\" \/>                    <\/div>\n    <\/a>\n\n    \n\n    <div class=\"user flex\">\n        \n                    <img decoding=\"async\" src=\"https:\/\/wettbewerb-archiv.wir-tun-was-fuer-bienen.de\/archiv-2023\/wp-content\/themes\/bienen\/assets\/images\/avatar-placeholder.png\" style=\"border-radius: 30px;\" height=\"30\" width=\"30\">\n            Montessori Kinderhaus am Erlenbach            <\/div>\n    \n    \n            <p class=\"categories meta\" style=\"width: 100%\"><span class=\"fa fa-tag\"\n                                                             aria-hidden=\"true\"><\/span> Kita-G\u00e4rten        <\/p>\n    \n            <p class=\"categories meta\" style=\"width: 100%\"><span class=\"fa fa-map-marker\"\n                                                             aria-hidden=\"true\"><\/span> Hessen        <\/p>\n    \n<\/article>\n   \n\t\t\n          <article id=\"post-90946\" class=\"et_pb_post post-90946 wtwfb_entry type-wtwfb_entry status-publish has-post-thumbnail hentry wtwfb_category-firmengaerten wtwfb_region-baden-wuerttemberg\">\n    <h2 class=\"entry-title\"><a href=\"https:\/\/wettbewerb-archiv.wir-tun-was-fuer-bienen.de\/archiv-2023\/eintrag\/2023-naturnahe-gestaltung-rund-um-das-bildungswesen\/\">Naturnahe Gestaltung rund um das Bildungswesen.<\/a>\n    <\/h2>\n    <a href=\"https:\/\/wettbewerb-archiv.wir-tun-was-fuer-bienen.de\/archiv-2023\/eintrag\/2023-naturnahe-gestaltung-rund-um-das-bildungswesen\/\">\n        <div class=\"bienen-entry-image\">\n            <img decoding=\"async\" width=\"400\" height=\"300\" src=\"https:\/\/wettbewerb-archiv.wir-tun-was-fuer-bienen.de\/archiv-2023\/wp-content\/uploads\/sites\/8\/2023\/06\/IMG_9007neu-1-400x300.jpg\" class=\"attachment-bienen-grid-thumb size-bienen-grid-thumb wp-post-image\" alt=\"\" loading=\"lazy\" \/>                    <\/div>\n    <\/a>\n\n    \n\n    <div class=\"user flex\">\n        \n                    <img decoding=\"async\" src=\"https:\/\/wettbewerb-archiv.wir-tun-was-fuer-bienen.de\/archiv-2023\/wp-content\/themes\/bienen\/assets\/images\/avatar-placeholder.png\" style=\"border-radius: 30px;\" height=\"30\" width=\"30\">\n            Auszubildende der Daimler Truck AG Werk Gaggenau            <\/div>\n    \n    <p class=\"categories meta bienen-gewinner\"><span class=\"fa fa-trophy\"                                                              aria-hidden=\"true\"><\/span> Gewinner<\/p>\n            <p class=\"categories meta\" style=\"width: 100%\"><span class=\"fa fa-tag\"\n                                                             aria-hidden=\"true\"><\/span> Firmeng\u00e4rten        <\/p>\n    \n            <p class=\"categories meta\" style=\"width: 100%\"><span class=\"fa fa-map-marker\"\n                                                             aria-hidden=\"true\"><\/span> Baden-W\u00fcrttemberg        <\/p>\n    \n<\/article>\n   \n\t\t\n          <article id=\"post-90941\" class=\"et_pb_post post-90941 wtwfb_entry type-wtwfb_entry status-publish has-post-thumbnail hentry wtwfb_category-kita-gaerten wtwfb_region-bayern\">\n    <h2 class=\"entry-title\"><a href=\"https:\/\/wettbewerb-archiv.wir-tun-was-fuer-bienen.de\/archiv-2023\/eintrag\/2023-summ-summ-summ-bienchen-summ-herum\/\">Summ, summ, summ Bienchen summ herum!<\/a>\n    <\/h2>\n    <a href=\"https:\/\/wettbewerb-archiv.wir-tun-was-fuer-bienen.de\/archiv-2023\/eintrag\/2023-summ-summ-summ-bienchen-summ-herum\/\">\n        <div class=\"bienen-entry-image\">\n            <img decoding=\"async\" width=\"400\" height=\"300\" src=\"https:\/\/wettbewerb-archiv.wir-tun-was-fuer-bienen.de\/archiv-2023\/wp-content\/uploads\/sites\/8\/2023\/05\/IMG-20230424-WA0013-400x300.jpg\" class=\"attachment-bienen-grid-thumb size-bienen-grid-thumb wp-post-image\" alt=\"\" loading=\"lazy\" \/>                    <\/div>\n    <\/a>\n\n    \n\n    <div class=\"user flex\">\n        \n                    <img decoding=\"async\" src=\"https:\/\/wettbewerb-archiv.wir-tun-was-fuer-bienen.de\/archiv-2023\/wp-content\/themes\/bienen\/assets\/images\/avatar-placeholder.png\" style=\"border-radius: 30px;\" height=\"30\" width=\"30\">\n            Evang. Kindergarten St. Johannis            <\/div>\n    \n    \n            <p class=\"categories meta\" style=\"width: 100%\"><span class=\"fa fa-tag\"\n                                                             aria-hidden=\"true\"><\/span> Kita-G\u00e4rten        <\/p>\n    \n            <p class=\"categories meta\" style=\"width: 100%\"><span class=\"fa fa-map-marker\"\n                                                             aria-hidden=\"true\"><\/span> Bayern        <\/p>\n    \n<\/article>\n   \n\t\t\n          <article id=\"post-90930\" class=\"et_pb_post post-90930 wtwfb_entry type-wtwfb_entry status-publish has-post-thumbnail hentry wtwfb_category-schul-und-jugendclubgaerten wtwfb_region-nordrhein-westfalen\">\n    <h2 class=\"entry-title\"><a href=\"https:\/\/wettbewerb-archiv.wir-tun-was-fuer-bienen.de\/archiv-2023\/eintrag\/2023-gruenes-klassenzimmer\/\">Gr\u00fcnes Klassenzimmer<\/a>\n    <\/h2>\n    <a href=\"https:\/\/wettbewerb-archiv.wir-tun-was-fuer-bienen.de\/archiv-2023\/eintrag\/2023-gruenes-klassenzimmer\/\">\n        <div class=\"bienen-entry-image\">\n            <img decoding=\"async\" width=\"400\" height=\"300\" src=\"https:\/\/wettbewerb-archiv.wir-tun-was-fuer-bienen.de\/archiv-2023\/wp-content\/uploads\/sites\/8\/2023\/05\/20230508_140627-400x300.jpg\" class=\"attachment-bienen-grid-thumb size-bienen-grid-thumb wp-post-image\" alt=\"\" loading=\"lazy\" srcset=\"https:\/\/wettbewerb-archiv.wir-tun-was-fuer-bienen.de\/archiv-2023\/wp-content\/uploads\/sites\/8\/2023\/05\/20230508_140627-400x300.jpg 400w, https:\/\/wettbewerb-archiv.wir-tun-was-fuer-bienen.de\/archiv-2023\/wp-content\/uploads\/sites\/8\/2023\/05\/20230508_140627-768x576.jpg 768w, https:\/\/wettbewerb-archiv.wir-tun-was-fuer-bienen.de\/archiv-2023\/wp-content\/uploads\/sites\/8\/2023\/05\/20230508_140627-1024x768.jpg 1024w, https:\/\/wettbewerb-archiv.wir-tun-was-fuer-bienen.de\/archiv-2023\/wp-content\/uploads\/sites\/8\/2023\/05\/20230508_140627.jpg 1920w\" sizes=\"(max-width: 400px) 100vw, 400px\" \/>                    <\/div>\n    <\/a>\n\n    \n\n    <div class=\"user flex\">\n        \n                    <img decoding=\"async\" src=\"https:\/\/wettbewerb-archiv.wir-tun-was-fuer-bienen.de\/archiv-2023\/wp-content\/themes\/bienen\/assets\/images\/avatar-placeholder.png\" style=\"border-radius: 30px;\" height=\"30\" width=\"30\">\n            Grundschule Hattingen Holthausen            <\/div>\n    \n    \n            <p class=\"categories meta\" style=\"width: 100%\"><span class=\"fa fa-tag\"\n                                                             aria-hidden=\"true\"><\/span> Schulg\u00e4rten        <\/p>\n    \n            <p class=\"categories meta\" style=\"width: 100%\"><span class=\"fa fa-map-marker\"\n                                                             aria-hidden=\"true\"><\/span> Nordrhein-Westfalen        <\/p>\n    \n<\/article>\n   \n\t\t\n          <article id=\"post-90927\" class=\"et_pb_post post-90927 wtwfb_entry type-wtwfb_entry status-publish has-post-thumbnail hentry wtwfb_category-schul-und-jugendclubgaerten wtwfb_region-nordrhein-westfalen\">\n    <h2 class=\"entry-title\"><a href=\"https:\/\/wettbewerb-archiv.wir-tun-was-fuer-bienen.de\/archiv-2023\/eintrag\/2023-bepflanzung-bienenfreundlicher-hochbeete-durch-die-schuelerinne-auf-unserem-schulhof\/\">Bepflanzung bienenfreundlicher Hochbeete durch die Sch?...<\/a>\n    <\/h2>\n    <a href=\"https:\/\/wettbewerb-archiv.wir-tun-was-fuer-bienen.de\/archiv-2023\/eintrag\/2023-bepflanzung-bienenfreundlicher-hochbeete-durch-die-schuelerinne-auf-unserem-schulhof\/\">\n        <div class=\"bienen-entry-image\">\n            <img decoding=\"async\" width=\"400\" height=\"300\" src=\"https:\/\/wettbewerb-archiv.wir-tun-was-fuer-bienen.de\/archiv-2023\/wp-content\/uploads\/sites\/8\/2023\/05\/IMG-20230430-WA0006-400x300.jpg\" class=\"attachment-bienen-grid-thumb size-bienen-grid-thumb wp-post-image\" alt=\"\" loading=\"lazy\" srcset=\"https:\/\/wettbewerb-archiv.wir-tun-was-fuer-bienen.de\/archiv-2023\/wp-content\/uploads\/sites\/8\/2023\/05\/IMG-20230430-WA0006-400x300.jpg 400w, https:\/\/wettbewerb-archiv.wir-tun-was-fuer-bienen.de\/archiv-2023\/wp-content\/uploads\/sites\/8\/2023\/05\/IMG-20230430-WA0006-768x576.jpg 768w, https:\/\/wettbewerb-archiv.wir-tun-was-fuer-bienen.de\/archiv-2023\/wp-content\/uploads\/sites\/8\/2023\/05\/IMG-20230430-WA0006.jpg 1024w\" sizes=\"(max-width: 400px) 100vw, 400px\" \/>                    <\/div>\n    <\/a>\n\n    \n\n    <div class=\"user flex\">\n        \n                    <img decoding=\"async\" src=\"https:\/\/wettbewerb-archiv.wir-tun-was-fuer-bienen.de\/archiv-2023\/wp-content\/themes\/bienen\/assets\/images\/avatar-placeholder.png\" style=\"border-radius: 30px;\" height=\"30\" width=\"30\">\n            F\u00f6rderschule Duisburg Nord            <\/div>\n    \n    \n            <p class=\"categories meta\" style=\"width: 100%\"><span class=\"fa fa-tag\"\n                                                             aria-hidden=\"true\"><\/span> Schulg\u00e4rten        <\/p>\n    \n            <p class=\"categories meta\" style=\"width: 100%\"><span class=\"fa fa-map-marker\"\n                                                             aria-hidden=\"true\"><\/span> Nordrhein-Westfalen        <\/p>\n    \n<\/article>\n   \n\t\t\n          <article id=\"post-90914\" class=\"et_pb_post post-90914 wtwfb_entry type-wtwfb_entry status-publish has-post-thumbnail hentry wtwfb_category-kita-gaerten wtwfb_region-thueringen\">\n    <h2 class=\"entry-title\"><a href=\"https:\/\/wettbewerb-archiv.wir-tun-was-fuer-bienen.de\/archiv-2023\/eintrag\/2023-die-kinderkrippe-ringelbluemchen-stellt-ihren-projektbeitrag-vor\/\">Die Kinderkrippe Ringelbl\u00fcmchen stellt ihren Projektbe...<\/a>\n    <\/h2>\n    <a href=\"https:\/\/wettbewerb-archiv.wir-tun-was-fuer-bienen.de\/archiv-2023\/eintrag\/2023-die-kinderkrippe-ringelbluemchen-stellt-ihren-projektbeitrag-vor\/\">\n        <div class=\"bienen-entry-image\">\n            <img decoding=\"async\" width=\"400\" height=\"300\" src=\"https:\/\/wettbewerb-archiv.wir-tun-was-fuer-bienen.de\/archiv-2023\/wp-content\/uploads\/sites\/8\/2023\/05\/png_20230508_163108_0000-400x300.jpg\" class=\"attachment-bienen-grid-thumb size-bienen-grid-thumb wp-post-image\" alt=\"\" loading=\"lazy\" \/>                    <\/div>\n    <\/a>\n\n    \n\n    <div class=\"user flex\">\n        \n                    <img decoding=\"async\" src=\"https:\/\/wettbewerb-archiv.wir-tun-was-fuer-bienen.de\/archiv-2023\/wp-content\/themes\/bienen\/assets\/images\/avatar-placeholder.png\" style=\"border-radius: 30px;\" height=\"30\" width=\"30\">\n            Kinderkrippe Ringelbl\u00fcmchen            <\/div>\n    \n    \n            <p class=\"categories meta\" style=\"width: 100%\"><span class=\"fa fa-tag\"\n                                                             aria-hidden=\"true\"><\/span> Kita-G\u00e4rten        <\/p>\n    \n            <p class=\"categories meta\" style=\"width: 100%\"><span class=\"fa fa-map-marker\"\n                                                             aria-hidden=\"true\"><\/span> Th\u00fcringen        <\/p>\n    \n<\/article>\n   \n\t\t\n          <article id=\"post-90867\" class=\"et_pb_post post-90867 wtwfb_entry type-wtwfb_entry status-publish has-post-thumbnail hentry wtwfb_category-schul-und-jugendclubgaerten wtwfb_region-hessen\">\n    <h2 class=\"entry-title\"><a href=\"https:\/\/wettbewerb-archiv.wir-tun-was-fuer-bienen.de\/archiv-2023\/eintrag\/2023-naschgarten-garten-fuer-die-sinne\/\">Naschgarten &#8211; Garten f\u00fcr die Sinne<\/a>\n    <\/h2>\n    <a href=\"https:\/\/wettbewerb-archiv.wir-tun-was-fuer-bienen.de\/archiv-2023\/eintrag\/2023-naschgarten-garten-fuer-die-sinne\/\">\n        <div class=\"bienen-entry-image\">\n            <img decoding=\"async\" width=\"400\" height=\"300\" src=\"https:\/\/wettbewerb-archiv.wir-tun-was-fuer-bienen.de\/archiv-2023\/wp-content\/uploads\/sites\/8\/2023\/05\/Naschgarten-Planung-400x300.jpg\" class=\"attachment-bienen-grid-thumb size-bienen-grid-thumb wp-post-image\" alt=\"\" loading=\"lazy\" \/>                    <\/div>\n    <\/a>\n\n    \n\n    <div class=\"user flex\">\n        \n                    <img decoding=\"async\" src=\"https:\/\/wettbewerb-archiv.wir-tun-was-fuer-bienen.de\/archiv-2023\/wp-content\/themes\/bienen\/assets\/images\/avatar-placeholder.png\" style=\"border-radius: 30px;\" height=\"30\" width=\"30\">\n            Montessori Schule Dietzenbach e.V.            <\/div>\n    \n    \n            <p class=\"categories meta\" style=\"width: 100%\"><span class=\"fa fa-tag\"\n                                                             aria-hidden=\"true\"><\/span> Schulg\u00e4rten        <\/p>\n    \n            <p class=\"categories meta\" style=\"width: 100%\"><span class=\"fa fa-map-marker\"\n                                                             aria-hidden=\"true\"><\/span> Hessen        <\/p>\n    \n<\/article>\n   \n\t\t\n          <article id=\"post-90864\" class=\"et_pb_post post-90864 wtwfb_entry type-wtwfb_entry status-publish has-post-thumbnail hentry wtwfb_category-kita-gaerten wtwfb_region-sachsen\">\n    <h2 class=\"entry-title\"><a href=\"https:\/\/wettbewerb-archiv.wir-tun-was-fuer-bienen.de\/archiv-2023\/eintrag\/2023-naschgarten\/\">Naschgarten<\/a>\n    <\/h2>\n    <a href=\"https:\/\/wettbewerb-archiv.wir-tun-was-fuer-bienen.de\/archiv-2023\/eintrag\/2023-naschgarten\/\">\n        <div class=\"bienen-entry-image\">\n            <img decoding=\"async\" width=\"212\" height=\"300\" src=\"https:\/\/wettbewerb-archiv.wir-tun-was-fuer-bienen.de\/archiv-2023\/wp-content\/uploads\/sites\/8\/2023\/05\/Hochbeete-pdf.jpg\" class=\"attachment-bienen-grid-thumb size-bienen-grid-thumb wp-post-image\" alt=\"\" loading=\"lazy\" \/>                    <\/div>\n    <\/a>\n\n    \n\n    <div class=\"user flex\">\n        \n                    <img decoding=\"async\" src=\"https:\/\/wettbewerb-archiv.wir-tun-was-fuer-bienen.de\/archiv-2023\/wp-content\/themes\/bienen\/assets\/images\/avatar-placeholder.png\" style=\"border-radius: 30px;\" height=\"30\" width=\"30\">\n            Auenzwerge            <\/div>\n    \n    \n            <p class=\"categories meta\" style=\"width: 100%\"><span class=\"fa fa-tag\"\n                                                             aria-hidden=\"true\"><\/span> Kita-G\u00e4rten        <\/p>\n    \n            <p class=\"categories meta\" style=\"width: 100%\"><span class=\"fa fa-map-marker\"\n                                                             aria-hidden=\"true\"><\/span> Sachsen        <\/p>\n    \n<\/article>\n   \n\t\t\n          <article id=\"post-90818\" class=\"et_pb_post post-90818 wtwfb_entry type-wtwfb_entry status-publish has-post-thumbnail hentry wtwfb_category-kita-gaerten wtwfb_region-niedersachsen\">\n    <h2 class=\"entry-title\"><a href=\"https:\/\/wettbewerb-archiv.wir-tun-was-fuer-bienen.de\/archiv-2023\/eintrag\/2023-insekten-und-bienenfreundliche-grosstagespflege-kleine-zwerge-am-seilbahnberge\/\">Insekten- und bienenfreundliche Gro\u00dftagespflege &#8222...<\/a>\n    <\/h2>\n    <a href=\"https:\/\/wettbewerb-archiv.wir-tun-was-fuer-bienen.de\/archiv-2023\/eintrag\/2023-insekten-und-bienenfreundliche-grosstagespflege-kleine-zwerge-am-seilbahnberge\/\">\n        <div class=\"bienen-entry-image\">\n            <img decoding=\"async\" width=\"400\" height=\"300\" src=\"https:\/\/wettbewerb-archiv.wir-tun-was-fuer-bienen.de\/archiv-2023\/wp-content\/uploads\/sites\/8\/2023\/05\/IMG_20230505_101318-400x300.jpg\" class=\"attachment-bienen-grid-thumb size-bienen-grid-thumb wp-post-image\" alt=\"\" loading=\"lazy\" \/>                    <\/div>\n    <\/a>\n\n    \n\n    <div class=\"user flex\">\n        \n                    <img decoding=\"async\" src=\"https:\/\/wettbewerb-archiv.wir-tun-was-fuer-bienen.de\/archiv-2023\/wp-content\/themes\/bienen\/assets\/images\/avatar-placeholder.png\" style=\"border-radius: 30px;\" height=\"30\" width=\"30\">\n            Gro\u00dftagespflege \"Kleine Zwerge am Seilbahnberge\"            <\/div>\n    \n    \n            <p class=\"categories meta\" style=\"width: 100%\"><span class=\"fa fa-tag\"\n                                                             aria-hidden=\"true\"><\/span> Kita-G\u00e4rten        <\/p>\n    \n            <p class=\"categories meta\" style=\"width: 100%\"><span class=\"fa fa-map-marker\"\n                                                             aria-hidden=\"true\"><\/span> Niedersachsen        <\/p>\n    \n<\/article>\n   \n\t\t\n          <article id=\"post-90762\" class=\"et_pb_post post-90762 wtwfb_entry type-wtwfb_entry status-publish has-post-thumbnail hentry wtwfb_category-balkone-terrassen-dachbegruenung-vertikale-gaerten wtwfb_region-berlin\">\n    <h2 class=\"entry-title\"><a href=\"https:\/\/wettbewerb-archiv.wir-tun-was-fuer-bienen.de\/archiv-2023\/eintrag\/2023-kleine-bienenfarm-auf-dem-balkon\/\">Kleine Bienenfarm auf dem Balkon<\/a>\n    <\/h2>\n    <a href=\"https:\/\/wettbewerb-archiv.wir-tun-was-fuer-bienen.de\/archiv-2023\/eintrag\/2023-kleine-bienenfarm-auf-dem-balkon\/\">\n        <div class=\"bienen-entry-image\">\n            <img decoding=\"async\" width=\"400\" height=\"300\" src=\"https:\/\/wettbewerb-archiv.wir-tun-was-fuer-bienen.de\/archiv-2023\/wp-content\/uploads\/sites\/8\/2023\/05\/IMG_5718-400x300.jpeg\" class=\"attachment-bienen-grid-thumb size-bienen-grid-thumb wp-post-image\" alt=\"\" loading=\"lazy\" \/>                    <\/div>\n    <\/a>\n\n    \n\n    <div class=\"user flex\">\n        \n                    <img decoding=\"async\" src=\"https:\/\/wettbewerb-archiv.wir-tun-was-fuer-bienen.de\/archiv-2023\/wp-content\/themes\/bienen\/assets\/images\/avatar-placeholder.png\" style=\"border-radius: 30px;\" height=\"30\" width=\"30\">\n            Jenny            <\/div>\n    \n    \n            <p class=\"categories meta\" style=\"width: 100%\"><span class=\"fa fa-tag\"\n                                                             aria-hidden=\"true\"><\/span> Balkone, Terrassen, Dachg\u00e4rten, vertikale G\u00e4rten        <\/p>\n    \n            <p class=\"categories meta\" style=\"width: 100%\"><span class=\"fa fa-map-marker\"\n                                                             aria-hidden=\"true\"><\/span> Berlin        <\/p>\n    \n<\/article>\n   \n\t\t\n          <article id=\"post-90677\" class=\"et_pb_post post-90677 wtwfb_entry type-wtwfb_entry status-publish has-post-thumbnail hentry wtwfb_category-schul-und-jugendclubgaerten wtwfb_region-hamburg\">\n    <h2 class=\"entry-title\"><a href=\"https:\/\/wettbewerb-archiv.wir-tun-was-fuer-bienen.de\/archiv-2023\/eintrag\/2023-ein-garten-fuer-alle\/\">Nutzgarten, Naturerfahrung &amp; Partizipation<\/a>\n    <\/h2>\n    <a href=\"https:\/\/wettbewerb-archiv.wir-tun-was-fuer-bienen.de\/archiv-2023\/eintrag\/2023-ein-garten-fuer-alle\/\">\n        <div class=\"bienen-entry-image\">\n            <img decoding=\"async\" width=\"400\" height=\"300\" src=\"https:\/\/wettbewerb-archiv.wir-tun-was-fuer-bienen.de\/archiv-2023\/wp-content\/uploads\/sites\/8\/2023\/05\/Erforschen-der-umliegenden-Brache-400x300.jpeg\" class=\"attachment-bienen-grid-thumb size-bienen-grid-thumb wp-post-image\" alt=\"\" loading=\"lazy\" \/>                    <\/div>\n    <\/a>\n\n    \n\n    <div class=\"user flex\">\n        \n                    <img decoding=\"async\" src=\"https:\/\/wettbewerb-archiv.wir-tun-was-fuer-bienen.de\/archiv-2023\/wp-content\/themes\/bienen\/assets\/images\/avatar-placeholder.png\" style=\"border-radius: 30px;\" height=\"30\" width=\"30\">\n            Max-Traeger-Schule            <\/div>\n            <p class=\"categories meta\" style=\"color: #c32731; font-weight: bold; width: 100%\"><span class=\"fa fa-music\"\n                                                                                                aria-hidden=\"true\"><\/span> Extrapreis Musik\n            f\u00fcr Bienenschutz\n        <\/p>\n    \n    <p class=\"categories meta bienen-gewinner\"><span class=\"fa fa-trophy\"                                                              aria-hidden=\"true\"><\/span> Gewinner<\/p>\n            <p class=\"categories meta\" style=\"width: 100%\"><span class=\"fa fa-tag\"\n                                                             aria-hidden=\"true\"><\/span> Schulg\u00e4rten        <\/p>\n    \n            <p class=\"categories meta\" style=\"width: 100%\"><span class=\"fa fa-map-marker\"\n                                                             aria-hidden=\"true\"><\/span> Hamburg        <\/p>\n    \n<\/article>\n   \n\t\t\n          <article id=\"post-90662\" class=\"et_pb_post post-90662 wtwfb_entry type-wtwfb_entry status-publish has-post-thumbnail hentry wtwfb_category-schul-und-jugendclubgaerten wtwfb_region-bremen\">\n    <h2 class=\"entry-title\"><a href=\"https:\/\/wettbewerb-archiv.wir-tun-was-fuer-bienen.de\/archiv-2023\/eintrag\/2023-ackern-im-schulgarten-unser-schulgelaende-ist-wildbienenfreundlich\/\">Ackern im Schulgarten und drumherum &#8211; unser Schul...<\/a>\n    <\/h2>\n    <a href=\"https:\/\/wettbewerb-archiv.wir-tun-was-fuer-bienen.de\/archiv-2023\/eintrag\/2023-ackern-im-schulgarten-unser-schulgelaende-ist-wildbienenfreundlich\/\">\n        <div class=\"bienen-entry-image\">\n            <img decoding=\"async\" width=\"400\" height=\"300\" src=\"https:\/\/wettbewerb-archiv.wir-tun-was-fuer-bienen.de\/archiv-2023\/wp-content\/uploads\/sites\/8\/2023\/07\/Ein-Hochbeet-fuer-Bienen-1-400x300.jpg\" class=\"attachment-bienen-grid-thumb size-bienen-grid-thumb wp-post-image\" alt=\"\" loading=\"lazy\" \/>                    <\/div>\n    <\/a>\n\n    \n\n    <div class=\"user flex\">\n        \n                    <img decoding=\"async\" src=\"https:\/\/wettbewerb-archiv.wir-tun-was-fuer-bienen.de\/archiv-2023\/wp-content\/themes\/bienen\/assets\/images\/avatar-placeholder.png\" style=\"border-radius: 30px;\" height=\"30\" width=\"30\">\n            Schulgarten der GSM            <\/div>\n    \n    \n            <p class=\"categories meta\" style=\"width: 100%\"><span class=\"fa fa-tag\"\n                                                             aria-hidden=\"true\"><\/span> Schulg\u00e4rten        <\/p>\n    \n            <p class=\"categories meta\" style=\"width: 100%\"><span class=\"fa fa-map-marker\"\n                                                             aria-hidden=\"true\"><\/span> Bremen        <\/p>\n    \n<\/article>\n   \n\t\t\n          <article id=\"post-90601\" class=\"et_pb_post post-90601 wtwfb_entry type-wtwfb_entry status-publish has-post-thumbnail hentry wtwfb_category-kita-gaerten wtwfb_region-rheinland-pfalz\">\n    <h2 class=\"entry-title\"><a href=\"https:\/\/wettbewerb-archiv.wir-tun-was-fuer-bienen.de\/archiv-2023\/eintrag\/2023-nasch-und-bienenbeete-im-kindergarten\/\">Nasch- und Bienenbeete im Kindergarten<\/a>\n    <\/h2>\n    <a href=\"https:\/\/wettbewerb-archiv.wir-tun-was-fuer-bienen.de\/archiv-2023\/eintrag\/2023-nasch-und-bienenbeete-im-kindergarten\/\">\n        <div class=\"bienen-entry-image\">\n            <img decoding=\"async\" width=\"400\" height=\"300\" src=\"https:\/\/wettbewerb-archiv.wir-tun-was-fuer-bienen.de\/archiv-2023\/wp-content\/uploads\/sites\/8\/2023\/05\/5462986976908130172_121-400x300.jpg\" class=\"attachment-bienen-grid-thumb size-bienen-grid-thumb wp-post-image\" alt=\"\" loading=\"lazy\" \/>                    <\/div>\n    <\/a>\n\n    \n\n    <div class=\"user flex\">\n        \n                    <img decoding=\"async\" src=\"https:\/\/wettbewerb-archiv.wir-tun-was-fuer-bienen.de\/archiv-2023\/wp-content\/themes\/bienen\/assets\/images\/avatar-placeholder.png\" style=\"border-radius: 30px;\" height=\"30\" width=\"30\">\n            BaWa Waldwichtel am Josefshof            <\/div>\n    \n    \n            <p class=\"categories meta\" style=\"width: 100%\"><span class=\"fa fa-tag\"\n                                                             aria-hidden=\"true\"><\/span> Kita-G\u00e4rten        <\/p>\n    \n            <p class=\"categories meta\" style=\"width: 100%\"><span class=\"fa fa-map-marker\"\n                                                             aria-hidden=\"true\"><\/span> Rheinland-Pfalz        <\/p>\n    \n<\/article>\n   \n\t\t\n          <article id=\"post-90592\" class=\"et_pb_post post-90592 wtwfb_entry type-wtwfb_entry status-publish has-post-thumbnail hentry wtwfb_category-schul-und-jugendclubgaerten wtwfb_region-rheinland-pfalz\">\n    <h2 class=\"entry-title\"><a href=\"https:\/\/wettbewerb-archiv.wir-tun-was-fuer-bienen.de\/archiv-2023\/eintrag\/2023-ein-blumen-und-gemuesebeet-fuer-unsere-bienen\/\">Das Blumen- und Gem\u00fcsebeet der Bauernhof- Waldschule S...<\/a>\n    <\/h2>\n    <a href=\"https:\/\/wettbewerb-archiv.wir-tun-was-fuer-bienen.de\/archiv-2023\/eintrag\/2023-ein-blumen-und-gemuesebeet-fuer-unsere-bienen\/\">\n        <div class=\"bienen-entry-image\">\n            <img decoding=\"async\" width=\"400\" height=\"300\" src=\"https:\/\/wettbewerb-archiv.wir-tun-was-fuer-bienen.de\/archiv-2023\/wp-content\/uploads\/sites\/8\/2023\/05\/photo_2022-11-10_11-18-28-400x300.jpg\" class=\"attachment-bienen-grid-thumb size-bienen-grid-thumb wp-post-image\" alt=\"\" loading=\"lazy\" \/>                    <\/div>\n    <\/a>\n\n    \n\n    <div class=\"user flex\">\n        \n                    <img decoding=\"async\" src=\"https:\/\/wettbewerb-archiv.wir-tun-was-fuer-bienen.de\/archiv-2023\/wp-content\/themes\/bienen\/assets\/images\/avatar-placeholder.png\" style=\"border-radius: 30px;\" height=\"30\" width=\"30\">\n            Freie Bauernhof- Waldschule S\u00fcdpfalz            <\/div>\n    \n    \n            <p class=\"categories meta\" style=\"width: 100%\"><span class=\"fa fa-tag\"\n                                                             aria-hidden=\"true\"><\/span> Schulg\u00e4rten        <\/p>\n    \n            <p class=\"categories meta\" style=\"width: 100%\"><span class=\"fa fa-map-marker\"\n                                                             aria-hidden=\"true\"><\/span> Rheinland-Pfalz        <\/p>\n    \n<\/article>\n   \n\t\t\n          <article id=\"post-90585\" class=\"et_pb_post post-90585 wtwfb_entry type-wtwfb_entry status-publish has-post-thumbnail hentry wtwfb_category-bestehende-naturgaerten wtwfb_region-baden-wuerttemberg\">\n    <h2 class=\"entry-title\"><a href=\"https:\/\/wettbewerb-archiv.wir-tun-was-fuer-bienen.de\/archiv-2023\/eintrag\/2023-insektenhotel\/\">Insektenhotel<\/a>\n    <\/h2>\n    <a href=\"https:\/\/wettbewerb-archiv.wir-tun-was-fuer-bienen.de\/archiv-2023\/eintrag\/2023-insektenhotel\/\">\n        <div class=\"bienen-entry-image\">\n            <img decoding=\"async\" width=\"400\" height=\"300\" src=\"https:\/\/wettbewerb-archiv.wir-tun-was-fuer-bienen.de\/archiv-2023\/wp-content\/uploads\/sites\/8\/2023\/05\/IMG_20230106_134008-400x300.jpg\" class=\"attachment-bienen-grid-thumb size-bienen-grid-thumb wp-post-image\" alt=\"\" loading=\"lazy\" \/>                    <\/div>\n    <\/a>\n\n    \n\n    <div class=\"user flex\">\n        \n                    <img decoding=\"async\" src=\"https:\/\/wettbewerb-archiv.wir-tun-was-fuer-bienen.de\/archiv-2023\/wp-content\/themes\/bienen\/assets\/images\/avatar-placeholder.png\" style=\"border-radius: 30px;\" height=\"30\" width=\"30\">\n            Silvia G\u00fcnscht und Volker Bargen-Guenscht            <\/div>\n    \n    \n            <p class=\"categories meta\" style=\"width: 100%\"><span class=\"fa fa-tag\"\n                                                             aria-hidden=\"true\"><\/span> Bestehende Naturg\u00e4rten (Pflege und Infoarbeit)        <\/p>\n    \n            <p class=\"categories meta\" style=\"width: 100%\"><span class=\"fa fa-map-marker\"\n                                                             aria-hidden=\"true\"><\/span> Baden-W\u00fcrttemberg        <\/p>\n    \n<\/article>\n   \n\t\t\n          <article id=\"post-90579\" class=\"et_pb_post post-90579 wtwfb_entry type-wtwfb_entry status-publish has-post-thumbnail hentry wtwfb_category-schul-und-jugendclubgaerten wtwfb_region-nordrhein-westfalen\">\n    <h2 class=\"entry-title\"><a href=\"https:\/\/wettbewerb-archiv.wir-tun-was-fuer-bienen.de\/archiv-2023\/eintrag\/2023-blumen-fuer-die-bienen-der-grundschule-germanenstrasse\/\">Blumen f\u00fcr die Bienen der Grundschule Germanenstra\u00dfe<\/a>\n    <\/h2>\n    <a href=\"https:\/\/wettbewerb-archiv.wir-tun-was-fuer-bienen.de\/archiv-2023\/eintrag\/2023-blumen-fuer-die-bienen-der-grundschule-germanenstrasse\/\">\n        <div class=\"bienen-entry-image\">\n            <img decoding=\"async\" width=\"400\" height=\"300\" src=\"https:\/\/wettbewerb-archiv.wir-tun-was-fuer-bienen.de\/archiv-2023\/wp-content\/uploads\/sites\/8\/2023\/05\/61649652-CA3B-4CB3-9231-BE2B365D2008-400x300.jpeg\" class=\"attachment-bienen-grid-thumb size-bienen-grid-thumb wp-post-image\" alt=\"\" loading=\"lazy\" \/>                    <\/div>\n    <\/a>\n\n    \n\n    <div class=\"user flex\">\n        \n                    <img decoding=\"async\" src=\"https:\/\/wettbewerb-archiv.wir-tun-was-fuer-bienen.de\/archiv-2023\/wp-content\/themes\/bienen\/assets\/images\/avatar-placeholder.png\" style=\"border-radius: 30px;\" height=\"30\" width=\"30\">\n            Grundschule Germanenstra\u00dfe            <\/div>\n    \n    \n            <p class=\"categories meta\" style=\"width: 100%\"><span class=\"fa fa-tag\"\n                                                             aria-hidden=\"true\"><\/span> Schulg\u00e4rten        <\/p>\n    \n            <p class=\"categories meta\" style=\"width: 100%\"><span class=\"fa fa-map-marker\"\n                                                             aria-hidden=\"true\"><\/span> Nordrhein-Westfalen        <\/p>\n    \n<\/article>\n   \n\t\t\n          <article id=\"post-90560\" class=\"et_pb_post post-90560 wtwfb_entry type-wtwfb_entry status-publish has-post-thumbnail hentry wtwfb_category-schul-und-jugendclubgaerten wtwfb_region-hessen\">\n    <h2 class=\"entry-title\"><a href=\"https:\/\/wettbewerb-archiv.wir-tun-was-fuer-bienen.de\/archiv-2023\/eintrag\/2023-wettbewerb-deutschland-summt\/\">Wettbewerb Deutschland summt<\/a>\n    <\/h2>\n    <a href=\"https:\/\/wettbewerb-archiv.wir-tun-was-fuer-bienen.de\/archiv-2023\/eintrag\/2023-wettbewerb-deutschland-summt\/\">\n        <div class=\"bienen-entry-image\">\n            <img decoding=\"async\" width=\"400\" height=\"300\" src=\"https:\/\/wettbewerb-archiv.wir-tun-was-fuer-bienen.de\/archiv-2023\/wp-content\/uploads\/sites\/8\/2023\/05\/20230327_132737-400x300.jpg\" class=\"attachment-bienen-grid-thumb size-bienen-grid-thumb wp-post-image\" alt=\"\" loading=\"lazy\" \/>                    <\/div>\n    <\/a>\n\n    \n\n    <div class=\"user flex\">\n        \n                    <img decoding=\"async\" src=\"https:\/\/wettbewerb-archiv.wir-tun-was-fuer-bienen.de\/archiv-2023\/wp-content\/themes\/bienen\/assets\/images\/avatar-placeholder.png\" style=\"border-radius: 30px;\" height=\"30\" width=\"30\">\n            Ulfenbachtal-Schule            <\/div>\n            <p class=\"categories meta\" style=\"color: #c32731; font-weight: bold; width: 100%\"><span class=\"fa fa-music\"\n                                                                                                aria-hidden=\"true\"><\/span> Extrapreis Musik\n            f\u00fcr Bienenschutz\n        <\/p>\n    \n    \n            <p class=\"categories meta\" style=\"width: 100%\"><span class=\"fa fa-tag\"\n                                                             aria-hidden=\"true\"><\/span> Schulg\u00e4rten        <\/p>\n    \n            <p class=\"categories meta\" style=\"width: 100%\"><span class=\"fa fa-map-marker\"\n                                                             aria-hidden=\"true\"><\/span> Hessen        <\/p>\n    \n<\/article>\n   \n\t\t\n          <article id=\"post-90547\" class=\"et_pb_post post-90547 wtwfb_entry type-wtwfb_entry status-publish has-post-thumbnail hentry wtwfb_category-kita-gaerten wtwfb_region-nordrhein-westfalen\">\n    <h2 class=\"entry-title\"><a href=\"https:\/\/wettbewerb-archiv.wir-tun-was-fuer-bienen.de\/archiv-2023\/eintrag\/2023-wir-schaffen-bluehendes-leben\/\">Wir schaffen bl\u00fchendes Leben<\/a>\n    <\/h2>\n    <a href=\"https:\/\/wettbewerb-archiv.wir-tun-was-fuer-bienen.de\/archiv-2023\/eintrag\/2023-wir-schaffen-bluehendes-leben\/\">\n        <div class=\"bienen-entry-image\">\n            <img decoding=\"async\" width=\"400\" height=\"300\" src=\"https:\/\/wettbewerb-archiv.wir-tun-was-fuer-bienen.de\/archiv-2023\/wp-content\/uploads\/sites\/8\/2023\/05\/P1290224-400x300.jpg\" class=\"attachment-bienen-grid-thumb size-bienen-grid-thumb wp-post-image\" alt=\"\" loading=\"lazy\" srcset=\"https:\/\/wettbewerb-archiv.wir-tun-was-fuer-bienen.de\/archiv-2023\/wp-content\/uploads\/sites\/8\/2023\/05\/P1290224-400x300.jpg 400w, https:\/\/wettbewerb-archiv.wir-tun-was-fuer-bienen.de\/archiv-2023\/wp-content\/uploads\/sites\/8\/2023\/05\/P1290224-768x576.jpg 768w, https:\/\/wettbewerb-archiv.wir-tun-was-fuer-bienen.de\/archiv-2023\/wp-content\/uploads\/sites\/8\/2023\/05\/P1290224-1024x768.jpg 1024w, https:\/\/wettbewerb-archiv.wir-tun-was-fuer-bienen.de\/archiv-2023\/wp-content\/uploads\/sites\/8\/2023\/05\/P1290224.jpg 1920w\" sizes=\"(max-width: 400px) 100vw, 400px\" \/>                    <\/div>\n    <\/a>\n\n    \n\n    <div class=\"user flex\">\n        \n                    <img decoding=\"async\" src=\"https:\/\/wettbewerb-archiv.wir-tun-was-fuer-bienen.de\/archiv-2023\/wp-content\/themes\/bienen\/assets\/images\/avatar-placeholder.png\" style=\"border-radius: 30px;\" height=\"30\" width=\"30\">\n            AWO Kita \"Zauberwald\"            <\/div>\n    \n    \n            <p class=\"categories meta\" style=\"width: 100%\"><span class=\"fa fa-tag\"\n                                                             aria-hidden=\"true\"><\/span> Kita-G\u00e4rten        <\/p>\n    \n            <p class=\"categories meta\" style=\"width: 100%\"><span class=\"fa fa-map-marker\"\n                                                             aria-hidden=\"true\"><\/span> Nordrhein-Westfalen        <\/p>\n    \n<\/article>\n   \n\t\t\n          <article id=\"post-90528\" class=\"et_pb_post post-90528 wtwfb_entry type-wtwfb_entry status-publish has-post-thumbnail hentry wtwfb_category-schul-und-jugendclubgaerten wtwfb_region-niedersachsen\">\n    <h2 class=\"entry-title\"><a href=\"https:\/\/wettbewerb-archiv.wir-tun-was-fuer-bienen.de\/archiv-2023\/eintrag\/2023-naturwiese-der-junker-harke-grundschule\/\">Naturwiese der Junker-Harke-Grundschule<\/a>\n    <\/h2>\n    <a href=\"https:\/\/wettbewerb-archiv.wir-tun-was-fuer-bienen.de\/archiv-2023\/eintrag\/2023-naturwiese-der-junker-harke-grundschule\/\">\n        <div class=\"bienen-entry-image\">\n            <img decoding=\"async\" width=\"400\" height=\"300\" src=\"https:\/\/wettbewerb-archiv.wir-tun-was-fuer-bienen.de\/archiv-2023\/wp-content\/uploads\/sites\/8\/2023\/05\/2F8B5B83-6507-420E-8F0F-7B2155F97837-400x300.jpeg\" class=\"attachment-bienen-grid-thumb size-bienen-grid-thumb wp-post-image\" alt=\"\" loading=\"lazy\" \/>                    <\/div>\n    <\/a>\n\n    \n\n    <div class=\"user flex\">\n        \n                    <img decoding=\"async\" src=\"https:\/\/wettbewerb-archiv.wir-tun-was-fuer-bienen.de\/archiv-2023\/wp-content\/themes\/bienen\/assets\/images\/avatar-placeholder.png\" style=\"border-radius: 30px;\" height=\"30\" width=\"30\">\n            Natur-AG der Junker-Harke-Grundschule            <\/div>\n    \n    \n            <p class=\"categories meta\" style=\"width: 100%\"><span class=\"fa fa-tag\"\n                                                             aria-hidden=\"true\"><\/span> Schulg\u00e4rten        <\/p>\n    \n            <p class=\"categories meta\" style=\"width: 100%\"><span class=\"fa fa-map-marker\"\n                                                             aria-hidden=\"true\"><\/span> Niedersachsen        <\/p>\n    \n<\/article>\n   \n\t\t\n          <article id=\"post-90492\" class=\"et_pb_post post-90492 wtwfb_entry type-wtwfb_entry status-publish has-post-thumbnail hentry wtwfb_category-kita-gaerten wtwfb_region-bayern\">\n    <h2 class=\"entry-title\"><a href=\"https:\/\/wettbewerb-archiv.wir-tun-was-fuer-bienen.de\/archiv-2023\/eintrag\/2023-gartenaktion-des-kindergarten-st-elisabeth\/\">Gartenaktion des Kindergarten St. Elisabeth<\/a>\n    <\/h2>\n    <a href=\"https:\/\/wettbewerb-archiv.wir-tun-was-fuer-bienen.de\/archiv-2023\/eintrag\/2023-gartenaktion-des-kindergarten-st-elisabeth\/\">\n        <div class=\"bienen-entry-image\">\n            <img decoding=\"async\" width=\"400\" height=\"300\" src=\"https:\/\/wettbewerb-archiv.wir-tun-was-fuer-bienen.de\/archiv-2023\/wp-content\/uploads\/sites\/8\/2023\/05\/Raupe-von-vorne-400x300.jpg\" class=\"attachment-bienen-grid-thumb size-bienen-grid-thumb wp-post-image\" alt=\"\" loading=\"lazy\" \/>                    <\/div>\n    <\/a>\n\n    \n\n    <div class=\"user flex\">\n        \n                    <img decoding=\"async\" src=\"https:\/\/wettbewerb-archiv.wir-tun-was-fuer-bienen.de\/archiv-2023\/wp-content\/themes\/bienen\/assets\/images\/avatar-placeholder.png\" style=\"border-radius: 30px;\" height=\"30\" width=\"30\">\n            Kindergarten St. Elisabeth            <\/div>\n    \n    \n            <p class=\"categories meta\" style=\"width: 100%\"><span class=\"fa fa-tag\"\n                                                             aria-hidden=\"true\"><\/span> Kita-G\u00e4rten        <\/p>\n    \n            <p class=\"categories meta\" style=\"width: 100%\"><span class=\"fa fa-map-marker\"\n                                                             aria-hidden=\"true\"><\/span> Bayern        <\/p>\n    \n<\/article>\n   \n\t\t\n          <article id=\"post-90483\" class=\"et_pb_post post-90483 wtwfb_entry type-wtwfb_entry status-publish has-post-thumbnail hentry wtwfb_category-balkone-terrassen-dachbegruenung-vertikale-gaerten wtwfb_region-baden-wuerttemberg\">\n    <h2 class=\"entry-title\"><a href=\"https:\/\/wettbewerb-archiv.wir-tun-was-fuer-bienen.de\/archiv-2023\/eintrag\/2023-begruenung-der-dachterrasse-kunden-und-verwaltungsgebaeude-in-der-innenstadt\/\">Begr\u00fcnung der Dachterrasse Kunden-und Verwaltungsgeb\u00e4...<\/a>\n    <\/h2>\n    <a href=\"https:\/\/wettbewerb-archiv.wir-tun-was-fuer-bienen.de\/archiv-2023\/eintrag\/2023-begruenung-der-dachterrasse-kunden-und-verwaltungsgebaeude-in-der-innenstadt\/\">\n        <div class=\"bienen-entry-image\">\n            <img decoding=\"async\" width=\"400\" height=\"300\" src=\"https:\/\/wettbewerb-archiv.wir-tun-was-fuer-bienen.de\/archiv-2023\/wp-content\/uploads\/sites\/8\/2023\/07\/DT1-1-400x300.jpg\" class=\"attachment-bienen-grid-thumb size-bienen-grid-thumb wp-post-image\" alt=\"\" loading=\"lazy\" srcset=\"https:\/\/wettbewerb-archiv.wir-tun-was-fuer-bienen.de\/archiv-2023\/wp-content\/uploads\/sites\/8\/2023\/07\/DT1-1-400x300.jpg 400w, https:\/\/wettbewerb-archiv.wir-tun-was-fuer-bienen.de\/archiv-2023\/wp-content\/uploads\/sites\/8\/2023\/07\/DT1-1.jpg 640w\" sizes=\"(max-width: 400px) 100vw, 400px\" \/>                    <\/div>\n    <\/a>\n\n    \n\n    <div class=\"user flex\">\n        \n                    <img decoding=\"async\" src=\"https:\/\/wettbewerb-archiv.wir-tun-was-fuer-bienen.de\/archiv-2023\/wp-content\/themes\/bienen\/assets\/images\/avatar-placeholder.png\" style=\"border-radius: 30px;\" height=\"30\" width=\"30\">\n            Catalent Green Team            <\/div>\n    \n    \n            <p class=\"categories meta\" style=\"width: 100%\"><span class=\"fa fa-tag\"\n                                                             aria-hidden=\"true\"><\/span> Balkone, Terrassen, Dachg\u00e4rten, vertikale G\u00e4rten        <\/p>\n    \n            <p class=\"categories meta\" style=\"width: 100%\"><span class=\"fa fa-map-marker\"\n                                                             aria-hidden=\"true\"><\/span> Baden-W\u00fcrttemberg        <\/p>\n    \n<\/article>\n   \n\t\t\n          <article id=\"post-90445\" class=\"et_pb_post post-90445 wtwfb_entry type-wtwfb_entry status-publish has-post-thumbnail hentry wtwfb_category-vereinsgaerten-liegenschaften-von-verwaltung-kirche-etc-sonstige wtwfb_region-nordrhein-westfalen\">\n    <h2 class=\"entry-title\"><a href=\"https:\/\/wettbewerb-archiv.wir-tun-was-fuer-bienen.de\/archiv-2023\/eintrag\/2023-bienen-und-insektenfreundliche-grossflaeche-im-herzen-koelns\/\">Bienen- und insektenfreundliche Gro\u00dffl\u00e4che im Herzen ...<\/a>\n    <\/h2>\n    <a href=\"https:\/\/wettbewerb-archiv.wir-tun-was-fuer-bienen.de\/archiv-2023\/eintrag\/2023-bienen-und-insektenfreundliche-grossflaeche-im-herzen-koelns\/\">\n        <div class=\"bienen-entry-image\">\n            <img decoding=\"async\" width=\"400\" height=\"300\" src=\"https:\/\/wettbewerb-archiv.wir-tun-was-fuer-bienen.de\/archiv-2023\/wp-content\/uploads\/sites\/8\/2023\/05\/schmitzUndKunzt_euskirchener_03-400x300.jpg\" class=\"attachment-bienen-grid-thumb size-bienen-grid-thumb wp-post-image\" alt=\"\" loading=\"lazy\" \/>                    <\/div>\n    <\/a>\n\n    \n\n    <div class=\"user flex\">\n        \n                    <img decoding=\"async\" src=\"https:\/\/wettbewerb-archiv.wir-tun-was-fuer-bienen.de\/archiv-2023\/wp-content\/themes\/bienen\/assets\/images\/avatar-placeholder.png\" style=\"border-radius: 30px;\" height=\"30\" width=\"30\">\n            Schmitzundkunzt e.V.            <\/div>\n    \n    \n            <p class=\"categories meta\" style=\"width: 100%\"><span class=\"fa fa-tag\"\n                                                             aria-hidden=\"true\"><\/span> Vereinsg\u00e4rten, Unis, Liegenschaften von Verwaltung, Kirche etc, Sonstige        <\/p>\n    \n            <p class=\"categories meta\" style=\"width: 100%\"><span class=\"fa fa-map-marker\"\n                                                             aria-hidden=\"true\"><\/span> Nordrhein-Westfalen        <\/p>\n    \n<\/article>\n   \n\t\t\n          <article id=\"post-90435\" class=\"et_pb_post post-90435 wtwfb_entry type-wtwfb_entry status-publish has-post-thumbnail hentry wtwfb_category-schul-und-jugendclubgaerten wtwfb_region-niedersachsen\">\n    <h2 class=\"entry-title\"><a href=\"https:\/\/wettbewerb-archiv.wir-tun-was-fuer-bienen.de\/archiv-2023\/eintrag\/2023-wildblumenbeet-der-grundschule-walchum\/\">Wildblumenbeet der Grundschule Walchum<\/a>\n    <\/h2>\n    <a href=\"https:\/\/wettbewerb-archiv.wir-tun-was-fuer-bienen.de\/archiv-2023\/eintrag\/2023-wildblumenbeet-der-grundschule-walchum\/\">\n        <div class=\"bienen-entry-image\">\n            <img decoding=\"async\" width=\"400\" height=\"300\" src=\"https:\/\/wettbewerb-archiv.wir-tun-was-fuer-bienen.de\/archiv-2023\/wp-content\/uploads\/sites\/8\/2023\/05\/IMG_2856-400x300.jpeg\" class=\"attachment-bienen-grid-thumb size-bienen-grid-thumb wp-post-image\" alt=\"\" loading=\"lazy\" \/>                    <\/div>\n    <\/a>\n\n    \n\n    <div class=\"user flex\">\n        \n                    <img decoding=\"async\" src=\"https:\/\/wettbewerb-archiv.wir-tun-was-fuer-bienen.de\/archiv-2023\/wp-content\/themes\/bienen\/assets\/images\/avatar-placeholder.png\" style=\"border-radius: 30px;\" height=\"30\" width=\"30\">\n            Grundschule Walchum            <\/div>\n    \n    \n            <p class=\"categories meta\" style=\"width: 100%\"><span class=\"fa fa-tag\"\n                                                             aria-hidden=\"true\"><\/span> Schulg\u00e4rten        <\/p>\n    \n            <p class=\"categories meta\" style=\"width: 100%\"><span class=\"fa fa-map-marker\"\n                                                             aria-hidden=\"true\"><\/span> Niedersachsen        <\/p>\n    \n<\/article>\n   \n\t\t\n          <article id=\"post-90425\" class=\"et_pb_post post-90425 wtwfb_entry type-wtwfb_entry status-publish has-post-thumbnail hentry wtwfb_category-kita-gaerten wtwfb_region-nordrhein-westfalen\">\n    <h2 class=\"entry-title\"><a href=\"https:\/\/wettbewerb-archiv.wir-tun-was-fuer-bienen.de\/archiv-2023\/eintrag\/2023-unser-schmetterlingsgarten-im-aktion-kindergarten-e-v-neunkirchen-seelscheid\/\">UNSER SCHMETTERLINGSGARTEN im AKTION KINDERGARTEN e.V.,...<\/a>\n    <\/h2>\n    <a href=\"https:\/\/wettbewerb-archiv.wir-tun-was-fuer-bienen.de\/archiv-2023\/eintrag\/2023-unser-schmetterlingsgarten-im-aktion-kindergarten-e-v-neunkirchen-seelscheid\/\">\n        <div class=\"bienen-entry-image\">\n            <img decoding=\"async\" width=\"400\" height=\"300\" src=\"https:\/\/wettbewerb-archiv.wir-tun-was-fuer-bienen.de\/archiv-2023\/wp-content\/uploads\/sites\/8\/2023\/05\/Aktion-Kindergarten-e.V-400x300.jpg\" class=\"attachment-bienen-grid-thumb size-bienen-grid-thumb wp-post-image\" alt=\"\" loading=\"lazy\" \/>                    <\/div>\n    <\/a>\n\n    \n\n    <div class=\"user flex\">\n        \n                    <img decoding=\"async\" src=\"https:\/\/wettbewerb-archiv.wir-tun-was-fuer-bienen.de\/archiv-2023\/wp-content\/themes\/bienen\/assets\/images\/avatar-placeholder.png\" style=\"border-radius: 30px;\" height=\"30\" width=\"30\">\n            Aktion Kindergarten e.V.            <\/div>\n    \n    \n            <p class=\"categories meta\" style=\"width: 100%\"><span class=\"fa fa-tag\"\n                                                             aria-hidden=\"true\"><\/span> Kita-G\u00e4rten        <\/p>\n    \n            <p class=\"categories meta\" style=\"width: 100%\"><span class=\"fa fa-map-marker\"\n                                                             aria-hidden=\"true\"><\/span> Nordrhein-Westfalen        <\/p>\n    \n<\/article>\n   \n\t\t\n          <article id=\"post-90410\" class=\"et_pb_post post-90410 wtwfb_entry type-wtwfb_entry status-publish has-post-thumbnail hentry wtwfb_category-schul-und-jugendclubgaerten wtwfb_region-berlin\">\n    <h2 class=\"entry-title\"><a href=\"https:\/\/wettbewerb-archiv.wir-tun-was-fuer-bienen.de\/archiv-2023\/eintrag\/2023-mobiles-insektenparadies-goes-digital\/\">mobiles Insektenparadies goes digital<\/a>\n    <\/h2>\n    <a href=\"https:\/\/wettbewerb-archiv.wir-tun-was-fuer-bienen.de\/archiv-2023\/eintrag\/2023-mobiles-insektenparadies-goes-digital\/\">\n        <div class=\"bienen-entry-image\">\n            <img decoding=\"async\" width=\"400\" height=\"300\" src=\"https:\/\/wettbewerb-archiv.wir-tun-was-fuer-bienen.de\/archiv-2023\/wp-content\/uploads\/sites\/8\/2023\/05\/IMG_3309-400x300.jpg\" class=\"attachment-bienen-grid-thumb size-bienen-grid-thumb wp-post-image\" alt=\"\" loading=\"lazy\" srcset=\"https:\/\/wettbewerb-archiv.wir-tun-was-fuer-bienen.de\/archiv-2023\/wp-content\/uploads\/sites\/8\/2023\/05\/IMG_3309-400x300.jpg 400w, https:\/\/wettbewerb-archiv.wir-tun-was-fuer-bienen.de\/archiv-2023\/wp-content\/uploads\/sites\/8\/2023\/05\/IMG_3309-768x576.jpg 768w, https:\/\/wettbewerb-archiv.wir-tun-was-fuer-bienen.de\/archiv-2023\/wp-content\/uploads\/sites\/8\/2023\/05\/IMG_3309-1024x768.jpg 1024w, https:\/\/wettbewerb-archiv.wir-tun-was-fuer-bienen.de\/archiv-2023\/wp-content\/uploads\/sites\/8\/2023\/05\/IMG_3309.jpg 1920w\" sizes=\"(max-width: 400px) 100vw, 400px\" \/>                    <\/div>\n    <\/a>\n\n    \n\n    <div class=\"user flex\">\n        \n                    <img decoding=\"async\" src=\"https:\/\/wettbewerb-archiv.wir-tun-was-fuer-bienen.de\/archiv-2023\/wp-content\/themes\/bienen\/assets\/images\/avatar-placeholder.png\" style=\"border-radius: 30px;\" height=\"30\" width=\"30\">\n            Nachbarschaftsgruppe Kaulsdorf            <\/div>\n    \n    \n            <p class=\"categories meta\" style=\"width: 100%\"><span class=\"fa fa-tag\"\n                                                             aria-hidden=\"true\"><\/span> Schulg\u00e4rten        <\/p>\n    \n            <p class=\"categories meta\" style=\"width: 100%\"><span class=\"fa fa-map-marker\"\n                                                             aria-hidden=\"true\"><\/span> Berlin        <\/p>\n    \n<\/article>\n   \n\t\t\n          <article id=\"post-90407\" class=\"et_pb_post post-90407 wtwfb_entry type-wtwfb_entry status-publish has-post-thumbnail hentry wtwfb_category-kommunale-flaechen wtwfb_region-berlin\">\n    <h2 class=\"entry-title\"><a href=\"https:\/\/wettbewerb-archiv.wir-tun-was-fuer-bienen.de\/archiv-2023\/eintrag\/2023-bienenwiese-statt-gras-und-stein\/\">Bienenwiese statt Gras und Stein<\/a>\n    <\/h2>\n    <a href=\"https:\/\/wettbewerb-archiv.wir-tun-was-fuer-bienen.de\/archiv-2023\/eintrag\/2023-bienenwiese-statt-gras-und-stein\/\">\n        <div class=\"bienen-entry-image\">\n            <img decoding=\"async\" width=\"400\" height=\"300\" src=\"https:\/\/wettbewerb-archiv.wir-tun-was-fuer-bienen.de\/archiv-2023\/wp-content\/uploads\/sites\/8\/2023\/05\/IMG_9259-400x300.jpg\" class=\"attachment-bienen-grid-thumb size-bienen-grid-thumb wp-post-image\" alt=\"\" loading=\"lazy\" \/>                    <\/div>\n    <\/a>\n\n    \n\n    <div class=\"user flex\">\n        \n                    <img decoding=\"async\" src=\"https:\/\/wettbewerb-archiv.wir-tun-was-fuer-bienen.de\/archiv-2023\/wp-content\/themes\/bienen\/assets\/images\/avatar-placeholder.png\" style=\"border-radius: 30px;\" height=\"30\" width=\"30\">\n            Nachbarschaftsgruppe Kaulsdorf            <\/div>\n    \n    \n            <p class=\"categories meta\" style=\"width: 100%\"><span class=\"fa fa-tag\"\n                                                             aria-hidden=\"true\"><\/span> Kommunale Fl\u00e4chen        <\/p>\n    \n            <p class=\"categories meta\" style=\"width: 100%\"><span class=\"fa fa-map-marker\"\n                                                             aria-hidden=\"true\"><\/span> Berlin        <\/p>\n    \n<\/article>\n   \n\t\t\n          <article id=\"post-90391\" class=\"et_pb_post post-90391 wtwfb_entry type-wtwfb_entry status-publish has-post-thumbnail hentry wtwfb_category-schul-und-jugendclubgaerten wtwfb_region-brandenburg\">\n    <h2 class=\"entry-title\"><a href=\"https:\/\/wettbewerb-archiv.wir-tun-was-fuer-bienen.de\/archiv-2023\/eintrag\/2023-garten-der-sinne\/\">Garten der Sinne<\/a>\n    <\/h2>\n    <a href=\"https:\/\/wettbewerb-archiv.wir-tun-was-fuer-bienen.de\/archiv-2023\/eintrag\/2023-garten-der-sinne\/\">\n        <div class=\"bienen-entry-image\">\n            <img decoding=\"async\" width=\"400\" height=\"300\" src=\"https:\/\/wettbewerb-archiv.wir-tun-was-fuer-bienen.de\/archiv-2023\/wp-content\/uploads\/sites\/8\/2023\/05\/image-400x300.jpg\" class=\"attachment-bienen-grid-thumb size-bienen-grid-thumb wp-post-image\" alt=\"\" loading=\"lazy\" srcset=\"https:\/\/wettbewerb-archiv.wir-tun-was-fuer-bienen.de\/archiv-2023\/wp-content\/uploads\/sites\/8\/2023\/05\/image-400x300.jpg 400w, https:\/\/wettbewerb-archiv.wir-tun-was-fuer-bienen.de\/archiv-2023\/wp-content\/uploads\/sites\/8\/2023\/05\/image-768x576.jpg 768w, https:\/\/wettbewerb-archiv.wir-tun-was-fuer-bienen.de\/archiv-2023\/wp-content\/uploads\/sites\/8\/2023\/05\/image.jpg 800w\" sizes=\"(max-width: 400px) 100vw, 400px\" \/>                    <\/div>\n    <\/a>\n\n    \n\n    <div class=\"user flex\">\n        \n                    <img decoding=\"async\" src=\"https:\/\/wettbewerb-archiv.wir-tun-was-fuer-bienen.de\/archiv-2023\/wp-content\/themes\/bienen\/assets\/images\/avatar-placeholder.png\" style=\"border-radius: 30px;\" height=\"30\" width=\"30\">\n            Gemeinde Hirschfeld            <\/div>\n    \n    \n            <p class=\"categories meta\" style=\"width: 100%\"><span class=\"fa fa-tag\"\n                                                             aria-hidden=\"true\"><\/span> Schulg\u00e4rten        <\/p>\n    \n            <p class=\"categories meta\" style=\"width: 100%\"><span class=\"fa fa-map-marker\"\n                                                             aria-hidden=\"true\"><\/span> Brandenburg        <\/p>\n    \n<\/article>\n   \n\t\t\n          <article id=\"post-90386\" class=\"et_pb_post post-90386 wtwfb_entry type-wtwfb_entry status-publish has-post-thumbnail hentry wtwfb_category-schul-und-jugendclubgaerten wtwfb_region-nordrhein-westfalen\">\n    <h2 class=\"entry-title\"><a href=\"https:\/\/wettbewerb-archiv.wir-tun-was-fuer-bienen.de\/archiv-2023\/eintrag\/2023-schulgarten-der-inge\/\">Schulgarten der INGE<\/a>\n    <\/h2>\n    <a href=\"https:\/\/wettbewerb-archiv.wir-tun-was-fuer-bienen.de\/archiv-2023\/eintrag\/2023-schulgarten-der-inge\/\">\n        <div class=\"bienen-entry-image\">\n            <img decoding=\"async\" width=\"400\" height=\"300\" src=\"https:\/\/wettbewerb-archiv.wir-tun-was-fuer-bienen.de\/archiv-2023\/wp-content\/uploads\/sites\/8\/2023\/05\/1E6AE661-90E0-42EC-8037-7784E719A1E4-400x300.jpeg\" class=\"attachment-bienen-grid-thumb size-bienen-grid-thumb wp-post-image\" alt=\"\" loading=\"lazy\" \/>                    <\/div>\n    <\/a>\n\n    \n\n    <div class=\"user flex\">\n        \n                    <img decoding=\"async\" src=\"https:\/\/wettbewerb-archiv.wir-tun-was-fuer-bienen.de\/archiv-2023\/wp-content\/themes\/bienen\/assets\/images\/avatar-placeholder.png\" style=\"border-radius: 30px;\" height=\"30\" width=\"30\">\n            Schulgarten-AG der INGE            <\/div>\n    \n    \n            <p class=\"categories meta\" style=\"width: 100%\"><span class=\"fa fa-tag\"\n                                                             aria-hidden=\"true\"><\/span> Schulg\u00e4rten        <\/p>\n    \n            <p class=\"categories meta\" style=\"width: 100%\"><span class=\"fa fa-map-marker\"\n                                                             aria-hidden=\"true\"><\/span> Nordrhein-Westfalen        <\/p>\n    \n<\/article>\n   \n\t\t\n          <article id=\"post-90380\" class=\"et_pb_post post-90380 wtwfb_entry type-wtwfb_entry status-publish has-post-thumbnail hentry wtwfb_category-kita-gaerten wtwfb_region-hessen\">\n    <h2 class=\"entry-title\"><a href=\"https:\/\/wettbewerb-archiv.wir-tun-was-fuer-bienen.de\/archiv-2023\/eintrag\/2023-unser-garten-soll-noch-schoener-werden\/\">Unser Garten soll noch sch\u00f6ner werden<\/a>\n    <\/h2>\n    <a href=\"https:\/\/wettbewerb-archiv.wir-tun-was-fuer-bienen.de\/archiv-2023\/eintrag\/2023-unser-garten-soll-noch-schoener-werden\/\">\n        <div class=\"bienen-entry-image\">\n            <img decoding=\"async\" width=\"400\" height=\"300\" src=\"https:\/\/wettbewerb-archiv.wir-tun-was-fuer-bienen.de\/archiv-2023\/wp-content\/uploads\/sites\/8\/2023\/05\/garten-400x300.jpg\" class=\"attachment-bienen-grid-thumb size-bienen-grid-thumb wp-post-image\" alt=\"\" loading=\"lazy\" srcset=\"https:\/\/wettbewerb-archiv.wir-tun-was-fuer-bienen.de\/archiv-2023\/wp-content\/uploads\/sites\/8\/2023\/05\/garten-400x300.jpg 400w, https:\/\/wettbewerb-archiv.wir-tun-was-fuer-bienen.de\/archiv-2023\/wp-content\/uploads\/sites\/8\/2023\/05\/garten-768x576.jpg 768w, https:\/\/wettbewerb-archiv.wir-tun-was-fuer-bienen.de\/archiv-2023\/wp-content\/uploads\/sites\/8\/2023\/05\/garten-1024x768.jpg 1024w, https:\/\/wettbewerb-archiv.wir-tun-was-fuer-bienen.de\/archiv-2023\/wp-content\/uploads\/sites\/8\/2023\/05\/garten.jpg 1920w\" sizes=\"(max-width: 400px) 100vw, 400px\" \/>                    <\/div>\n    <\/a>\n\n    \n\n    <div class=\"user flex\">\n        \n                    <img decoding=\"async\" src=\"https:\/\/wettbewerb-archiv.wir-tun-was-fuer-bienen.de\/archiv-2023\/wp-content\/themes\/bienen\/assets\/images\/avatar-placeholder.png\" style=\"border-radius: 30px;\" height=\"30\" width=\"30\">\n            KiTa Fizzli-Puzzlis            <\/div>\n    \n    \n            <p class=\"categories meta\" style=\"width: 100%\"><span class=\"fa fa-tag\"\n                                                             aria-hidden=\"true\"><\/span> Kita-G\u00e4rten        <\/p>\n    \n            <p class=\"categories meta\" style=\"width: 100%\"><span class=\"fa fa-map-marker\"\n                                                             aria-hidden=\"true\"><\/span> Hessen        <\/p>\n    \n<\/article>\n   \n\t\t\n          <article id=\"post-90376\" class=\"et_pb_post post-90376 wtwfb_entry type-wtwfb_entry status-publish has-post-thumbnail hentry wtwfb_category-schul-und-jugendclubgaerten wtwfb_region-niedersachsen\">\n    <h2 class=\"entry-title\"><a href=\"https:\/\/wettbewerb-archiv.wir-tun-was-fuer-bienen.de\/archiv-2023\/eintrag\/2023-die-albert-trautmann-schule-blueht-auf\/\">Die Albert-Trautmann-Schule bl\u00fcht auf<\/a>\n    <\/h2>\n    <a href=\"https:\/\/wettbewerb-archiv.wir-tun-was-fuer-bienen.de\/archiv-2023\/eintrag\/2023-die-albert-trautmann-schule-blueht-auf\/\">\n        <div class=\"bienen-entry-image\">\n            <img decoding=\"async\" width=\"400\" height=\"300\" src=\"https:\/\/wettbewerb-archiv.wir-tun-was-fuer-bienen.de\/archiv-2023\/wp-content\/uploads\/sites\/8\/2023\/05\/Kunstgarten-Wiese-Pflanzen-400x300.jpg\" class=\"attachment-bienen-grid-thumb size-bienen-grid-thumb wp-post-image\" alt=\"\" loading=\"lazy\" srcset=\"https:\/\/wettbewerb-archiv.wir-tun-was-fuer-bienen.de\/archiv-2023\/wp-content\/uploads\/sites\/8\/2023\/05\/Kunstgarten-Wiese-Pflanzen-400x300.jpg 400w, https:\/\/wettbewerb-archiv.wir-tun-was-fuer-bienen.de\/archiv-2023\/wp-content\/uploads\/sites\/8\/2023\/05\/Kunstgarten-Wiese-Pflanzen-768x576.jpg 768w, https:\/\/wettbewerb-archiv.wir-tun-was-fuer-bienen.de\/archiv-2023\/wp-content\/uploads\/sites\/8\/2023\/05\/Kunstgarten-Wiese-Pflanzen-1024x768.jpg 1024w, https:\/\/wettbewerb-archiv.wir-tun-was-fuer-bienen.de\/archiv-2023\/wp-content\/uploads\/sites\/8\/2023\/05\/Kunstgarten-Wiese-Pflanzen.jpg 1920w\" sizes=\"(max-width: 400px) 100vw, 400px\" \/>                    <\/div>\n    <\/a>\n\n    \n\n    <div class=\"user flex\">\n        \n                    <img decoding=\"async\" src=\"https:\/\/wettbewerb-archiv.wir-tun-was-fuer-bienen.de\/archiv-2023\/wp-content\/themes\/bienen\/assets\/images\/avatar-placeholder.png\" style=\"border-radius: 30px;\" height=\"30\" width=\"30\">\n            Albert-Trautmann-Schule            <\/div>\n    \n    \n            <p class=\"categories meta\" style=\"width: 100%\"><span class=\"fa fa-tag\"\n                                                             aria-hidden=\"true\"><\/span> Schulg\u00e4rten        <\/p>\n    \n            <p class=\"categories meta\" style=\"width: 100%\"><span class=\"fa fa-map-marker\"\n                                                             aria-hidden=\"true\"><\/span> Niedersachsen        <\/p>\n    \n<\/article>\n   \n\t\t\n          <article id=\"post-90370\" class=\"et_pb_post post-90370 wtwfb_entry type-wtwfb_entry status-publish has-post-thumbnail hentry wtwfb_category-privatgaerten-gross-500-m wtwfb_region-niedersachsen\">\n    <h2 class=\"entry-title\"><a href=\"https:\/\/wettbewerb-archiv.wir-tun-was-fuer-bienen.de\/archiv-2023\/eintrag\/2023-efau-beet\/\">Efau-beet<\/a>\n    <\/h2>\n    <a href=\"https:\/\/wettbewerb-archiv.wir-tun-was-fuer-bienen.de\/archiv-2023\/eintrag\/2023-efau-beet\/\">\n        <div class=\"bienen-entry-image\">\n            <img decoding=\"async\" width=\"400\" height=\"300\" src=\"https:\/\/wettbewerb-archiv.wir-tun-was-fuer-bienen.de\/archiv-2023\/wp-content\/uploads\/sites\/8\/2023\/05\/20230430_161846-400x300.jpg\" class=\"attachment-bienen-grid-thumb size-bienen-grid-thumb wp-post-image\" alt=\"\" loading=\"lazy\" \/>                    <\/div>\n    <\/a>\n\n    \n\n    <div class=\"user flex\">\n        \n                    <img decoding=\"async\" src=\"https:\/\/wettbewerb-archiv.wir-tun-was-fuer-bienen.de\/archiv-2023\/wp-content\/themes\/bienen\/assets\/images\/avatar-placeholder.png\" style=\"border-radius: 30px;\" height=\"30\" width=\"30\">\n            Janina Knake            <\/div>\n    \n    \n            <p class=\"categories meta\" style=\"width: 100%\"><span class=\"fa fa-tag\"\n                                                             aria-hidden=\"true\"><\/span> Privatg\u00e4rten gro\u00df (ab 500 m\u00b2)        <\/p>\n    \n            <p class=\"categories meta\" style=\"width: 100%\"><span class=\"fa fa-map-marker\"\n                                                             aria-hidden=\"true\"><\/span> Niedersachsen        <\/p>\n    \n<\/article>\n   \n\t\t\n          <article id=\"post-90363\" class=\"et_pb_post post-90363 wtwfb_entry type-wtwfb_entry status-publish has-post-thumbnail hentry wtwfb_category-kita-gaerten wtwfb_region-hessen\">\n    <h2 class=\"entry-title\"><a href=\"https:\/\/wettbewerb-archiv.wir-tun-was-fuer-bienen.de\/archiv-2023\/eintrag\/2023-artrium\/\">Artrium<\/a>\n    <\/h2>\n    <a href=\"https:\/\/wettbewerb-archiv.wir-tun-was-fuer-bienen.de\/archiv-2023\/eintrag\/2023-artrium\/\">\n        <div class=\"bienen-entry-image\">\n            <img decoding=\"async\" width=\"400\" height=\"300\" src=\"https:\/\/wettbewerb-archiv.wir-tun-was-fuer-bienen.de\/archiv-2023\/wp-content\/uploads\/sites\/8\/2023\/05\/IMG_20230503_080424-400x300.jpg\" class=\"attachment-bienen-grid-thumb size-bienen-grid-thumb wp-post-image\" alt=\"\" loading=\"lazy\" \/>                    <\/div>\n    <\/a>\n\n    \n\n    <div class=\"user flex\">\n        \n                    <img decoding=\"async\" src=\"https:\/\/wettbewerb-archiv.wir-tun-was-fuer-bienen.de\/archiv-2023\/wp-content\/themes\/bienen\/assets\/images\/avatar-placeholder.png\" style=\"border-radius: 30px;\" height=\"30\" width=\"30\">\n            St\u00e4dtische Kindertagesst\u00e4tte GSS            <\/div>\n    \n    \n            <p class=\"categories meta\" style=\"width: 100%\"><span class=\"fa fa-tag\"\n                                                             aria-hidden=\"true\"><\/span> Kita-G\u00e4rten        <\/p>\n    \n            <p class=\"categories meta\" style=\"width: 100%\"><span class=\"fa fa-map-marker\"\n                                                             aria-hidden=\"true\"><\/span> Hessen        <\/p>\n    \n<\/article>\n   \n\t\t\n          <article id=\"post-90352\" class=\"et_pb_post post-90352 wtwfb_entry type-wtwfb_entry status-publish has-post-thumbnail hentry wtwfb_category-kleingartenparzellen wtwfb_region-nordrhein-westfalen\">\n    <h2 class=\"entry-title\"><a href=\"https:\/\/wettbewerb-archiv.wir-tun-was-fuer-bienen.de\/archiv-2023\/eintrag\/2023-gruendung-der-kiddies-gruppe-erfolgreich\/\">Gr\u00fcndung der Kiddies Gruppe erfolgreich&#8230;<\/a>\n    <\/h2>\n    <a href=\"https:\/\/wettbewerb-archiv.wir-tun-was-fuer-bienen.de\/archiv-2023\/eintrag\/2023-gruendung-der-kiddies-gruppe-erfolgreich\/\">\n        <div class=\"bienen-entry-image\">\n            <img decoding=\"async\" width=\"400\" height=\"300\" src=\"https:\/\/wettbewerb-archiv.wir-tun-was-fuer-bienen.de\/archiv-2023\/wp-content\/uploads\/sites\/8\/2023\/05\/IMG_20210510_181840-400x300.jpg\" class=\"attachment-bienen-grid-thumb size-bienen-grid-thumb wp-post-image\" alt=\"\" loading=\"lazy\" srcset=\"https:\/\/wettbewerb-archiv.wir-tun-was-fuer-bienen.de\/archiv-2023\/wp-content\/uploads\/sites\/8\/2023\/05\/IMG_20210510_181840-400x300.jpg 400w, https:\/\/wettbewerb-archiv.wir-tun-was-fuer-bienen.de\/archiv-2023\/wp-content\/uploads\/sites\/8\/2023\/05\/IMG_20210510_181840-768x576.jpg 768w, https:\/\/wettbewerb-archiv.wir-tun-was-fuer-bienen.de\/archiv-2023\/wp-content\/uploads\/sites\/8\/2023\/05\/IMG_20210510_181840-1024x768.jpg 1024w, https:\/\/wettbewerb-archiv.wir-tun-was-fuer-bienen.de\/archiv-2023\/wp-content\/uploads\/sites\/8\/2023\/05\/IMG_20210510_181840.jpg 1920w\" sizes=\"(max-width: 400px) 100vw, 400px\" \/>                    <\/div>\n    <\/a>\n\n    \n\n    <div class=\"user flex\">\n        \n                    <img decoding=\"async\" src=\"https:\/\/wettbewerb-archiv.wir-tun-was-fuer-bienen.de\/archiv-2023\/wp-content\/themes\/bienen\/assets\/images\/avatar-placeholder.png\" style=\"border-radius: 30px;\" height=\"30\" width=\"30\">\n            Die Kiddies der KGV H\u00fcttenAue            <\/div>\n    \n    \n            <p class=\"categories meta\" style=\"width: 100%\"><span class=\"fa fa-tag\"\n                                                             aria-hidden=\"true\"><\/span> Kleingartenparzellen        <\/p>\n    \n            <p class=\"categories meta\" style=\"width: 100%\"><span class=\"fa fa-map-marker\"\n                                                             aria-hidden=\"true\"><\/span> Nordrhein-Westfalen        <\/p>\n    \n<\/article>\n   \n\t\t\n          <article id=\"post-90304\" class=\"et_pb_post post-90304 wtwfb_entry type-wtwfb_entry status-publish has-post-thumbnail hentry wtwfb_category-kita-gaerten wtwfb_region-nordrhein-westfalen\">\n    <h2 class=\"entry-title\"><a href=\"https:\/\/wettbewerb-archiv.wir-tun-was-fuer-bienen.de\/archiv-2023\/eintrag\/2023-unser-ratzekoepper-garten\/\">Unser RATZEK\u00d6PPER- Garten<\/a>\n    <\/h2>\n    <a href=\"https:\/\/wettbewerb-archiv.wir-tun-was-fuer-bienen.de\/archiv-2023\/eintrag\/2023-unser-ratzekoepper-garten\/\">\n        <div class=\"bienen-entry-image\">\n            <img decoding=\"async\" width=\"400\" height=\"300\" src=\"https:\/\/wettbewerb-archiv.wir-tun-was-fuer-bienen.de\/archiv-2023\/wp-content\/uploads\/sites\/8\/2023\/05\/Logo-2021-400x300.png\" class=\"attachment-bienen-grid-thumb size-bienen-grid-thumb wp-post-image\" alt=\"\" loading=\"lazy\" \/>                    <\/div>\n    <\/a>\n\n    \n\n    <div class=\"user flex\">\n        \n                    <img decoding=\"async\" src=\"https:\/\/wettbewerb-archiv.wir-tun-was-fuer-bienen.de\/archiv-2023\/wp-content\/themes\/bienen\/assets\/images\/avatar-placeholder.png\" style=\"border-radius: 30px;\" height=\"30\" width=\"30\">\n            Bewegungskindergarten RATZEK\u00d6PPER            <\/div>\n    \n    \n            <p class=\"categories meta\" style=\"width: 100%\"><span class=\"fa fa-tag\"\n                                                             aria-hidden=\"true\"><\/span> Kita-G\u00e4rten        <\/p>\n    \n            <p class=\"categories meta\" style=\"width: 100%\"><span class=\"fa fa-map-marker\"\n                                                             aria-hidden=\"true\"><\/span> Nordrhein-Westfalen        <\/p>\n    \n<\/article>\n   \n\t\t\n          <article id=\"post-90287\" class=\"et_pb_post post-90287 wtwfb_entry type-wtwfb_entry status-publish has-post-thumbnail hentry wtwfb_category-schul-und-jugendclubgaerten wtwfb_region-sachsen-anhalt\">\n    <h2 class=\"entry-title\"><a href=\"https:\/\/wettbewerb-archiv.wir-tun-was-fuer-bienen.de\/archiv-2023\/eintrag\/2023-gartenstrolche\/\">KinderGarten &#8222;Gartenstrolche&#8220;<\/a>\n    <\/h2>\n    <a href=\"https:\/\/wettbewerb-archiv.wir-tun-was-fuer-bienen.de\/archiv-2023\/eintrag\/2023-gartenstrolche\/\">\n        <div class=\"bienen-entry-image\">\n            <img decoding=\"async\" width=\"400\" height=\"300\" src=\"https:\/\/wettbewerb-archiv.wir-tun-was-fuer-bienen.de\/archiv-2023\/wp-content\/uploads\/sites\/8\/2023\/05\/20230405_1114101-400x300.jpg\" class=\"attachment-bienen-grid-thumb size-bienen-grid-thumb wp-post-image\" alt=\"\" loading=\"lazy\" \/>                    <\/div>\n    <\/a>\n\n    \n\n    <div class=\"user flex\">\n        \n                    <img decoding=\"async\" src=\"https:\/\/wettbewerb-archiv.wir-tun-was-fuer-bienen.de\/archiv-2023\/wp-content\/themes\/bienen\/assets\/images\/avatar-placeholder.png\" style=\"border-radius: 30px;\" height=\"30\" width=\"30\">\n            KinderGarten \"Gartenstrolche\"            <\/div>\n    \n    \n            <p class=\"categories meta\" style=\"width: 100%\"><span class=\"fa fa-tag\"\n                                                             aria-hidden=\"true\"><\/span> Schulg\u00e4rten        <\/p>\n    \n            <p class=\"categories meta\" style=\"width: 100%\"><span class=\"fa fa-map-marker\"\n                                                             aria-hidden=\"true\"><\/span> Sachsen-Anhalt        <\/p>\n    \n<\/article>\n   \n\t\t\n          <article id=\"post-90279\" class=\"et_pb_post post-90279 wtwfb_entry type-wtwfb_entry status-publish has-post-thumbnail hentry wtwfb_category-kita-gaerten wtwfb_region-brandenburg\">\n    <h2 class=\"entry-title\"><a href=\"https:\/\/wettbewerb-archiv.wir-tun-was-fuer-bienen.de\/archiv-2023\/eintrag\/2023-saeen-ernten-verarbeiten\/\">s\u00e4en &#8211; ernten &#8211; verarbeiten<\/a>\n    <\/h2>\n    <a href=\"https:\/\/wettbewerb-archiv.wir-tun-was-fuer-bienen.de\/archiv-2023\/eintrag\/2023-saeen-ernten-verarbeiten\/\">\n        <div class=\"bienen-entry-image\">\n            <img decoding=\"async\" width=\"400\" height=\"300\" src=\"https:\/\/wettbewerb-archiv.wir-tun-was-fuer-bienen.de\/archiv-2023\/wp-content\/uploads\/sites\/8\/2023\/05\/Naschgarten-400x300.jpg\" class=\"attachment-bienen-grid-thumb size-bienen-grid-thumb wp-post-image\" alt=\"\" loading=\"lazy\" \/>                    <\/div>\n    <\/a>\n\n    \n\n    <div class=\"user flex\">\n        \n                    <img decoding=\"async\" src=\"https:\/\/wettbewerb-archiv.wir-tun-was-fuer-bienen.de\/archiv-2023\/wp-content\/themes\/bienen\/assets\/images\/avatar-placeholder.png\" style=\"border-radius: 30px;\" height=\"30\" width=\"30\">\n            Zeestower M\u00e4usenest            <\/div>\n    \n    \n            <p class=\"categories meta\" style=\"width: 100%\"><span class=\"fa fa-tag\"\n                                                             aria-hidden=\"true\"><\/span> Kita-G\u00e4rten        <\/p>\n    \n            <p class=\"categories meta\" style=\"width: 100%\"><span class=\"fa fa-map-marker\"\n                                                             aria-hidden=\"true\"><\/span> Brandenburg        <\/p>\n    \n<\/article>\n   \n\t\t\n          <article id=\"post-90210\" class=\"et_pb_post post-90210 wtwfb_entry type-wtwfb_entry status-publish has-post-thumbnail hentry wtwfb_category-balkone-terrassen-dachbegruenung-vertikale-gaerten wtwfb_region-baden-wuerttemberg\">\n    <h2 class=\"entry-title\"><a href=\"https:\/\/wettbewerb-archiv.wir-tun-was-fuer-bienen.de\/archiv-2023\/eintrag\/2023-zu-gross-geratener-blumenkasten\/\">Der zu gro\u00df geratener Blumenkasten<\/a>\n    <\/h2>\n    <a href=\"https:\/\/wettbewerb-archiv.wir-tun-was-fuer-bienen.de\/archiv-2023\/eintrag\/2023-zu-gross-geratener-blumenkasten\/\">\n        <div class=\"bienen-entry-image\">\n            <img decoding=\"async\" width=\"400\" height=\"300\" src=\"https:\/\/wettbewerb-archiv.wir-tun-was-fuer-bienen.de\/archiv-2023\/wp-content\/uploads\/sites\/8\/2023\/05\/schmetterling_taubenschwaenzchen_07.08.2022-21-400x300.jpg\" class=\"attachment-bienen-grid-thumb size-bienen-grid-thumb wp-post-image\" alt=\"\" loading=\"lazy\" srcset=\"https:\/\/wettbewerb-archiv.wir-tun-was-fuer-bienen.de\/archiv-2023\/wp-content\/uploads\/sites\/8\/2023\/05\/schmetterling_taubenschwaenzchen_07.08.2022-21-400x300.jpg 400w, https:\/\/wettbewerb-archiv.wir-tun-was-fuer-bienen.de\/archiv-2023\/wp-content\/uploads\/sites\/8\/2023\/05\/schmetterling_taubenschwaenzchen_07.08.2022-21.jpg 585w\" sizes=\"(max-width: 400px) 100vw, 400px\" \/>                    <\/div>\n    <\/a>\n\n    \n\n    <div class=\"user flex\">\n        \n                    <img decoding=\"async\" src=\"https:\/\/wettbewerb-archiv.wir-tun-was-fuer-bienen.de\/archiv-2023\/wp-content\/themes\/bienen\/assets\/images\/avatar-placeholder.png\" style=\"border-radius: 30px;\" height=\"30\" width=\"30\">\n            Heike Sackmann            <\/div>\n    \n    \n            <p class=\"categories meta\" style=\"width: 100%\"><span class=\"fa fa-tag\"\n                                                             aria-hidden=\"true\"><\/span> Balkone, Terrassen, Dachg\u00e4rten, vertikale G\u00e4rten        <\/p>\n    \n            <p class=\"categories meta\" style=\"width: 100%\"><span class=\"fa fa-map-marker\"\n                                                             aria-hidden=\"true\"><\/span> Baden-W\u00fcrttemberg        <\/p>\n    \n<\/article>\n   \n\t\t\n          <article id=\"post-90205\" class=\"et_pb_post post-90205 wtwfb_entry type-wtwfb_entry status-publish has-post-thumbnail hentry wtwfb_category-privatgaerten-klein-500-m2 wtwfb_region-nordrhein-westfalen\">\n    <h2 class=\"entry-title\"><a href=\"https:\/\/wettbewerb-archiv.wir-tun-was-fuer-bienen.de\/archiv-2023\/eintrag\/2023-bin-alleine-dabei-mit-staude\/\">Bin alleine dabei mit Staude im Garten<\/a>\n    <\/h2>\n    <a href=\"https:\/\/wettbewerb-archiv.wir-tun-was-fuer-bienen.de\/archiv-2023\/eintrag\/2023-bin-alleine-dabei-mit-staude\/\">\n        <div class=\"bienen-entry-image\">\n            <img decoding=\"async\" width=\"400\" height=\"300\" src=\"https:\/\/wettbewerb-archiv.wir-tun-was-fuer-bienen.de\/archiv-2023\/wp-content\/uploads\/sites\/8\/2023\/05\/IMG_20230501_092034-400x300.jpg\" class=\"attachment-bienen-grid-thumb size-bienen-grid-thumb wp-post-image\" alt=\"\" loading=\"lazy\" \/>                    <\/div>\n    <\/a>\n\n    \n\n    <div class=\"user flex\">\n        \n                    <img decoding=\"async\" src=\"https:\/\/wettbewerb-archiv.wir-tun-was-fuer-bienen.de\/archiv-2023\/wp-content\/themes\/bienen\/assets\/images\/avatar-placeholder.png\" style=\"border-radius: 30px;\" height=\"30\" width=\"30\">\n            M\u00fcllergang            <\/div>\n    \n    \n            <p class=\"categories meta\" style=\"width: 100%\"><span class=\"fa fa-tag\"\n                                                             aria-hidden=\"true\"><\/span> Privatg\u00e4rten klein (bis 500 m2)        <\/p>\n    \n            <p class=\"categories meta\" style=\"width: 100%\"><span class=\"fa fa-map-marker\"\n                                                             aria-hidden=\"true\"><\/span> Nordrhein-Westfalen        <\/p>\n    \n<\/article>\n   \n\t\t\n          <article id=\"post-90188\" class=\"et_pb_post post-90188 wtwfb_entry type-wtwfb_entry status-publish has-post-thumbnail hentry wtwfb_category-privatgaerten-klein-500-m2 wtwfb_region-nordrhein-westfalen\">\n    <h2 class=\"entry-title\"><a href=\"https:\/\/wettbewerb-archiv.wir-tun-was-fuer-bienen.de\/archiv-2023\/eintrag\/2023-insekektenfreunicher-feriengarten\/\">Insekektenfreunicher Feriengarten<\/a>\n    <\/h2>\n    <a href=\"https:\/\/wettbewerb-archiv.wir-tun-was-fuer-bienen.de\/archiv-2023\/eintrag\/2023-insekektenfreunicher-feriengarten\/\">\n        <div class=\"bienen-entry-image\">\n            <img decoding=\"async\" width=\"400\" height=\"300\" src=\"https:\/\/wettbewerb-archiv.wir-tun-was-fuer-bienen.de\/archiv-2023\/wp-content\/uploads\/sites\/8\/2023\/04\/A634494A-6B6A-410C-8170-7D509520C624-400x300.jpeg\" class=\"attachment-bienen-grid-thumb size-bienen-grid-thumb wp-post-image\" alt=\"\" loading=\"lazy\" srcset=\"https:\/\/wettbewerb-archiv.wir-tun-was-fuer-bienen.de\/archiv-2023\/wp-content\/uploads\/sites\/8\/2023\/04\/A634494A-6B6A-410C-8170-7D509520C624-400x300.jpeg 400w, https:\/\/wettbewerb-archiv.wir-tun-was-fuer-bienen.de\/archiv-2023\/wp-content\/uploads\/sites\/8\/2023\/04\/A634494A-6B6A-410C-8170-7D509520C624-768x576.jpeg 768w, https:\/\/wettbewerb-archiv.wir-tun-was-fuer-bienen.de\/archiv-2023\/wp-content\/uploads\/sites\/8\/2023\/04\/A634494A-6B6A-410C-8170-7D509520C624-1024x768.jpeg 1024w, https:\/\/wettbewerb-archiv.wir-tun-was-fuer-bienen.de\/archiv-2023\/wp-content\/uploads\/sites\/8\/2023\/04\/A634494A-6B6A-410C-8170-7D509520C624.jpeg 1920w\" sizes=\"(max-width: 400px) 100vw, 400px\" \/>                    <\/div>\n    <\/a>\n\n    \n\n    <div class=\"user flex\">\n        \n                    <img decoding=\"async\" src=\"https:\/\/wettbewerb-archiv.wir-tun-was-fuer-bienen.de\/archiv-2023\/wp-content\/themes\/bienen\/assets\/images\/avatar-placeholder.png\" style=\"border-radius: 30px;\" height=\"30\" width=\"30\">\n            Nina Garden            <\/div>\n    \n    \n            <p class=\"categories meta\" style=\"width: 100%\"><span class=\"fa fa-tag\"\n                                                             aria-hidden=\"true\"><\/span> Privatg\u00e4rten klein (bis 500 m2)        <\/p>\n    \n            <p class=\"categories meta\" style=\"width: 100%\"><span class=\"fa fa-map-marker\"\n                                                             aria-hidden=\"true\"><\/span> Nordrhein-Westfalen        <\/p>\n    \n<\/article>\n   \n\t\t\n          <article id=\"post-90147\" class=\"et_pb_post post-90147 wtwfb_entry type-wtwfb_entry status-publish has-post-thumbnail hentry wtwfb_category-vereinsgaerten-liegenschaften-von-verwaltung-kirche-etc-sonstige wtwfb_region-nordrhein-westfalen\">\n    <h2 class=\"entry-title\"><a href=\"https:\/\/wettbewerb-archiv.wir-tun-was-fuer-bienen.de\/archiv-2023\/eintrag\/2023-summ-summ-summ-jeder-ist-willkommen\/\">Summ, summ, summ &#8211; Jeder ist willkommen<\/a>\n    <\/h2>\n    <a href=\"https:\/\/wettbewerb-archiv.wir-tun-was-fuer-bienen.de\/archiv-2023\/eintrag\/2023-summ-summ-summ-jeder-ist-willkommen\/\">\n        <div class=\"bienen-entry-image\">\n            <img decoding=\"async\" width=\"400\" height=\"300\" src=\"https:\/\/wettbewerb-archiv.wir-tun-was-fuer-bienen.de\/archiv-2023\/wp-content\/uploads\/sites\/8\/2023\/04\/4F13A142-E261-4570-B015-6C052704B97F-400x300.jpeg\" class=\"attachment-bienen-grid-thumb size-bienen-grid-thumb wp-post-image\" alt=\"\" loading=\"lazy\" \/>                    <\/div>\n    <\/a>\n\n    \n\n    <div class=\"user flex\">\n        \n                    <img decoding=\"async\" src=\"https:\/\/wettbewerb-archiv.wir-tun-was-fuer-bienen.de\/archiv-2023\/wp-content\/themes\/bienen\/assets\/images\/avatar-placeholder.png\" style=\"border-radius: 30px;\" height=\"30\" width=\"30\">\n            F\u00f6rderverein B\u00fccherei Spellen e.V.            <\/div>\n    \n    \n            <p class=\"categories meta\" style=\"width: 100%\"><span class=\"fa fa-tag\"\n                                                             aria-hidden=\"true\"><\/span> Vereinsg\u00e4rten, Unis, Liegenschaften von Verwaltung, Kirche etc, Sonstige        <\/p>\n    \n            <p class=\"categories meta\" style=\"width: 100%\"><span class=\"fa fa-map-marker\"\n                                                             aria-hidden=\"true\"><\/span> Nordrhein-Westfalen        <\/p>\n    \n<\/article>\n   \n\t\t\n          <article id=\"post-90121\" class=\"et_pb_post post-90121 wtwfb_entry type-wtwfb_entry status-publish has-post-thumbnail hentry wtwfb_category-schul-und-jugendclubgaerten wtwfb_region-rheinland-pfalz\">\n    <h2 class=\"entry-title\"><a href=\"https:\/\/wettbewerb-archiv.wir-tun-was-fuer-bienen.de\/archiv-2023\/eintrag\/2023-schulgarten-ag-des-max-planck-gymnasiums\/\">Der Schulgarten des Max-Planck-Gymnasiums bl\u00fcht auf!<\/a>\n    <\/h2>\n    <a href=\"https:\/\/wettbewerb-archiv.wir-tun-was-fuer-bienen.de\/archiv-2023\/eintrag\/2023-schulgarten-ag-des-max-planck-gymnasiums\/\">\n        <div class=\"bienen-entry-image\">\n            <img decoding=\"async\" width=\"400\" height=\"300\" src=\"https:\/\/wettbewerb-archiv.wir-tun-was-fuer-bienen.de\/archiv-2023\/wp-content\/uploads\/sites\/8\/2023\/07\/Schild-Schulgarten-400x300.jpg\" class=\"attachment-bienen-grid-thumb size-bienen-grid-thumb wp-post-image\" alt=\"\" loading=\"lazy\" \/>                    <\/div>\n    <\/a>\n\n    \n\n    <div class=\"user flex\">\n        \n                    <img decoding=\"async\" src=\"https:\/\/wettbewerb-archiv.wir-tun-was-fuer-bienen.de\/archiv-2023\/wp-content\/themes\/bienen\/assets\/images\/avatar-placeholder.png\" style=\"border-radius: 30px;\" height=\"30\" width=\"30\">\n            Schulgarten-AG Max-Planck-Gymnasium Ludwigshafen            <\/div>\n    \n    \n            <p class=\"categories meta\" style=\"width: 100%\"><span class=\"fa fa-tag\"\n                                                             aria-hidden=\"true\"><\/span> Schulg\u00e4rten        <\/p>\n    \n            <p class=\"categories meta\" style=\"width: 100%\"><span class=\"fa fa-map-marker\"\n                                                             aria-hidden=\"true\"><\/span> Rheinland-Pfalz        <\/p>\n    \n<\/article>\n   \n\t\t\n          <article id=\"post-90110\" class=\"et_pb_post post-90110 wtwfb_entry type-wtwfb_entry status-publish has-post-thumbnail hentry wtwfb_category-schul-und-jugendclubgaerten wtwfb_region-brandenburg\">\n    <h2 class=\"entry-title\"><a href=\"https:\/\/wettbewerb-archiv.wir-tun-was-fuer-bienen.de\/archiv-2023\/eintrag\/2023-klinikgarten\/\">Klinikgarten<\/a>\n    <\/h2>\n    <a href=\"https:\/\/wettbewerb-archiv.wir-tun-was-fuer-bienen.de\/archiv-2023\/eintrag\/2023-klinikgarten\/\">\n        <div class=\"bienen-entry-image\">\n            <img decoding=\"async\" width=\"400\" height=\"300\" src=\"https:\/\/wettbewerb-archiv.wir-tun-was-fuer-bienen.de\/archiv-2023\/wp-content\/uploads\/sites\/8\/2023\/04\/1682111540911-402542198-1-400x300.jpg\" class=\"attachment-bienen-grid-thumb size-bienen-grid-thumb wp-post-image\" alt=\"\" loading=\"lazy\" \/>                    <\/div>\n    <\/a>\n\n    \n\n    <div class=\"user flex\">\n        \n                    <img decoding=\"async\" src=\"https:\/\/wettbewerb-archiv.wir-tun-was-fuer-bienen.de\/archiv-2023\/wp-content\/themes\/bienen\/assets\/images\/avatar-placeholder.png\" style=\"border-radius: 30px;\" height=\"30\" width=\"30\">\n            KIJU-Gartenfreunde            <\/div>\n    \n    \n            <p class=\"categories meta\" style=\"width: 100%\"><span class=\"fa fa-tag\"\n                                                             aria-hidden=\"true\"><\/span> Schulg\u00e4rten        <\/p>\n    \n            <p class=\"categories meta\" style=\"width: 100%\"><span class=\"fa fa-map-marker\"\n                                                             aria-hidden=\"true\"><\/span> Brandenburg        <\/p>\n    \n<\/article>\n   \n\t\t\n          <article id=\"post-90095\" class=\"et_pb_post post-90095 wtwfb_entry type-wtwfb_entry status-publish has-post-thumbnail hentry wtwfb_category-kleingartenparzellen wtwfb_region-sachsen-anhalt\">\n    <h2 class=\"entry-title\"><a href=\"https:\/\/wettbewerb-archiv.wir-tun-was-fuer-bienen.de\/archiv-2023\/eintrag\/2023-bepflanzung-des-insektenhotels\/\">Bepflanzung des Insektenhotels<\/a>\n    <\/h2>\n    <a href=\"https:\/\/wettbewerb-archiv.wir-tun-was-fuer-bienen.de\/archiv-2023\/eintrag\/2023-bepflanzung-des-insektenhotels\/\">\n        <div class=\"bienen-entry-image\">\n            <img decoding=\"async\" width=\"400\" height=\"300\" src=\"https:\/\/wettbewerb-archiv.wir-tun-was-fuer-bienen.de\/archiv-2023\/wp-content\/uploads\/sites\/8\/2023\/04\/Vorbereitung-Staudenbeet-400x300.jpg\" class=\"attachment-bienen-grid-thumb size-bienen-grid-thumb wp-post-image\" alt=\"\" loading=\"lazy\" \/>                    <\/div>\n    <\/a>\n\n    \n\n    <div class=\"user flex\">\n        \n                    <img decoding=\"async\" src=\"https:\/\/wettbewerb-archiv.wir-tun-was-fuer-bienen.de\/archiv-2023\/wp-content\/themes\/bienen\/assets\/images\/avatar-placeholder.png\" style=\"border-radius: 30px;\" height=\"30\" width=\"30\">\n            Gartenverein Gartengl\u00fcck 22 e.V.G\u00fcsten            <\/div>\n    \n    \n            <p class=\"categories meta\" style=\"width: 100%\"><span class=\"fa fa-tag\"\n                                                             aria-hidden=\"true\"><\/span> Kleingartenparzellen        <\/p>\n    \n            <p class=\"categories meta\" style=\"width: 100%\"><span class=\"fa fa-map-marker\"\n                                                             aria-hidden=\"true\"><\/span> Sachsen-Anhalt        <\/p>\n    \n<\/article>\n   \n\t\t\n          <article id=\"post-90045\" class=\"et_pb_post post-90045 wtwfb_entry type-wtwfb_entry status-publish has-post-thumbnail hentry wtwfb_category-kita-gaerten wtwfb_region-sachsen\">\n    <h2 class=\"entry-title\"><a href=\"https:\/\/wettbewerb-archiv.wir-tun-was-fuer-bienen.de\/archiv-2023\/eintrag\/2023-kinder-garten-eden\/\">Kinder Garten Eden<\/a>\n    <\/h2>\n    <a href=\"https:\/\/wettbewerb-archiv.wir-tun-was-fuer-bienen.de\/archiv-2023\/eintrag\/2023-kinder-garten-eden\/\">\n        <div class=\"bienen-entry-image\">\n            <img decoding=\"async\" width=\"392\" height=\"281\" src=\"https:\/\/wettbewerb-archiv.wir-tun-was-fuer-bienen.de\/archiv-2023\/wp-content\/uploads\/sites\/8\/2023\/04\/Kinderhaus_wir_summen_mit.jpg\" class=\"attachment-bienen-grid-thumb size-bienen-grid-thumb wp-post-image\" alt=\"\" loading=\"lazy\" \/>                    <\/div>\n    <\/a>\n\n    \n\n    <div class=\"user flex\">\n        \n                    <img decoding=\"async\" src=\"https:\/\/wettbewerb-archiv.wir-tun-was-fuer-bienen.de\/archiv-2023\/wp-content\/themes\/bienen\/assets\/images\/avatar-placeholder.png\" style=\"border-radius: 30px;\" height=\"30\" width=\"30\">\n            Kinder Garten Eden            <\/div>\n            <p class=\"categories meta\" style=\"color: #c32731; font-weight: bold; width: 100%\"><span class=\"fa fa-music\"\n                                                                                                aria-hidden=\"true\"><\/span> Extrapreis Musik\n            f\u00fcr Bienenschutz\n        <\/p>\n    \n    <p class=\"categories meta bienen-gewinner\"><span class=\"fa fa-trophy\"                                                              aria-hidden=\"true\"><\/span> Gewinner<\/p>\n            <p class=\"categories meta\" style=\"width: 100%\"><span class=\"fa fa-tag\"\n                                                             aria-hidden=\"true\"><\/span> Kita-G\u00e4rten        <\/p>\n    \n            <p class=\"categories meta\" style=\"width: 100%\"><span class=\"fa fa-map-marker\"\n                                                             aria-hidden=\"true\"><\/span> Sachsen        <\/p>\n    \n<\/article>\n   \n\t\t\n          <article id=\"post-90020\" class=\"et_pb_post post-90020 wtwfb_entry type-wtwfb_entry status-publish has-post-thumbnail hentry wtwfb_category-privatgaerten-gross-500-m wtwfb_region-bayern\">\n    <h2 class=\"entry-title\"><a href=\"https:\/\/wettbewerb-archiv.wir-tun-was-fuer-bienen.de\/archiv-2023\/eintrag\/2023-streuobstwiese-mit-naschgarten\/\">Familien-Streuobstwiese mit Naschgarten<\/a>\n    <\/h2>\n    <a href=\"https:\/\/wettbewerb-archiv.wir-tun-was-fuer-bienen.de\/archiv-2023\/eintrag\/2023-streuobstwiese-mit-naschgarten\/\">\n        <div class=\"bienen-entry-image\">\n            <img decoding=\"async\" width=\"400\" height=\"300\" src=\"https:\/\/wettbewerb-archiv.wir-tun-was-fuer-bienen.de\/archiv-2023\/wp-content\/uploads\/sites\/8\/2023\/04\/8EF58DF9-0316-4480-92D0-F1C6FCB43A81-400x300.jpeg\" class=\"attachment-bienen-grid-thumb size-bienen-grid-thumb wp-post-image\" alt=\"\" loading=\"lazy\" \/>                    <\/div>\n    <\/a>\n\n    \n\n    <div class=\"user flex\">\n        \n                    <img decoding=\"async\" src=\"https:\/\/wettbewerb-archiv.wir-tun-was-fuer-bienen.de\/archiv-2023\/wp-content\/themes\/bienen\/assets\/images\/avatar-placeholder.png\" style=\"border-radius: 30px;\" height=\"30\" width=\"30\">\n            Streuobstwiese mit Naschgarten            <\/div>\n    \n    <p class=\"categories meta bienen-gewinner\"><span class=\"fa fa-trophy\"                                                              aria-hidden=\"true\"><\/span> Gewinner<\/p>\n            <p class=\"categories meta\" style=\"width: 100%\"><span class=\"fa fa-tag\"\n                                                             aria-hidden=\"true\"><\/span> Privatg\u00e4rten gro\u00df (ab 500 m\u00b2)        <\/p>\n    \n            <p class=\"categories meta\" style=\"width: 100%\"><span class=\"fa fa-map-marker\"\n                                                             aria-hidden=\"true\"><\/span> Bayern        <\/p>\n    \n<\/article>\n   \n\t\t\n          <article id=\"post-90012\" class=\"et_pb_post post-90012 wtwfb_entry type-wtwfb_entry status-publish has-post-thumbnail hentry wtwfb_category-kita-gaerten wtwfb_region-nordrhein-westfalen\">\n    <h2 class=\"entry-title\"><a href=\"https:\/\/wettbewerb-archiv.wir-tun-was-fuer-bienen.de\/archiv-2023\/eintrag\/2023-vorher\/\">Nur ein Zaun? Nein&#8230; wir schaffen nachhaltigen Leb...<\/a>\n    <\/h2>\n    <a href=\"https:\/\/wettbewerb-archiv.wir-tun-was-fuer-bienen.de\/archiv-2023\/eintrag\/2023-vorher\/\">\n        <div class=\"bienen-entry-image\">\n            <img decoding=\"async\" width=\"400\" height=\"300\" src=\"https:\/\/wettbewerb-archiv.wir-tun-was-fuer-bienen.de\/archiv-2023\/wp-content\/uploads\/sites\/8\/2023\/04\/Zaun2-400x300.jpg\" class=\"attachment-bienen-grid-thumb size-bienen-grid-thumb wp-post-image\" alt=\"\" loading=\"lazy\" \/>                    <\/div>\n    <\/a>\n\n    \n\n    <div class=\"user flex\">\n        \n                    <img decoding=\"async\" src=\"https:\/\/wettbewerb-archiv.wir-tun-was-fuer-bienen.de\/archiv-2023\/wp-content\/themes\/bienen\/assets\/images\/avatar-placeholder.png\" style=\"border-radius: 30px;\" height=\"30\" width=\"30\">\n            KiTa Kleine Strolche Dollendorf            <\/div>\n    \n    \n            <p class=\"categories meta\" style=\"width: 100%\"><span class=\"fa fa-tag\"\n                                                             aria-hidden=\"true\"><\/span> Kita-G\u00e4rten        <\/p>\n    \n            <p class=\"categories meta\" style=\"width: 100%\"><span class=\"fa fa-map-marker\"\n                                                             aria-hidden=\"true\"><\/span> Nordrhein-Westfalen        <\/p>\n    \n<\/article>\n   \n\t\t\n          <article id=\"post-89998\" class=\"et_pb_post post-89998 wtwfb_entry type-wtwfb_entry status-publish has-post-thumbnail hentry wtwfb_category-balkone-terrassen-dachbegruenung-vertikale-gaerten wtwfb_region-bremen\">\n    <h2 class=\"entry-title\"><a href=\"https:\/\/wettbewerb-archiv.wir-tun-was-fuer-bienen.de\/archiv-2023\/eintrag\/2023-naschbalkon-nicht-nur-fuer-uns\/\">Ein Naschbalkon nicht nur f\u00fcr uns<\/a>\n    <\/h2>\n    <a href=\"https:\/\/wettbewerb-archiv.wir-tun-was-fuer-bienen.de\/archiv-2023\/eintrag\/2023-naschbalkon-nicht-nur-fuer-uns\/\">\n        <div class=\"bienen-entry-image\">\n            <img decoding=\"async\" width=\"400\" height=\"300\" src=\"https:\/\/wettbewerb-archiv.wir-tun-was-fuer-bienen.de\/archiv-2023\/wp-content\/uploads\/sites\/8\/2023\/07\/20230603_202941-400x300.jpg\" class=\"attachment-bienen-grid-thumb size-bienen-grid-thumb wp-post-image\" alt=\"\" loading=\"lazy\" srcset=\"https:\/\/wettbewerb-archiv.wir-tun-was-fuer-bienen.de\/archiv-2023\/wp-content\/uploads\/sites\/8\/2023\/07\/20230603_202941-400x300.jpg 400w, https:\/\/wettbewerb-archiv.wir-tun-was-fuer-bienen.de\/archiv-2023\/wp-content\/uploads\/sites\/8\/2023\/07\/20230603_202941-768x576.jpg 768w, https:\/\/wettbewerb-archiv.wir-tun-was-fuer-bienen.de\/archiv-2023\/wp-content\/uploads\/sites\/8\/2023\/07\/20230603_202941-1024x768.jpg 1024w, https:\/\/wettbewerb-archiv.wir-tun-was-fuer-bienen.de\/archiv-2023\/wp-content\/uploads\/sites\/8\/2023\/07\/20230603_202941.jpg 1920w\" sizes=\"(max-width: 400px) 100vw, 400px\" \/>                    <\/div>\n    <\/a>\n\n    \n\n    <div class=\"user flex\">\n        \n                    <img decoding=\"async\" src=\"https:\/\/wettbewerb-archiv.wir-tun-was-fuer-bienen.de\/archiv-2023\/wp-content\/themes\/bienen\/assets\/images\/avatar-placeholder.png\" style=\"border-radius: 30px;\" height=\"30\" width=\"30\">\n            Kleiner Nutzbalkon f\u00fcr Mensch und Tier            <\/div>\n    \n    <p class=\"categories meta bienen-gewinner\"><span class=\"fa fa-trophy\"                                                              aria-hidden=\"true\"><\/span> Gewinner<\/p>\n            <p class=\"categories meta\" style=\"width: 100%\"><span class=\"fa fa-tag\"\n                                                             aria-hidden=\"true\"><\/span> Balkone, Terrassen, Dachg\u00e4rten, vertikale G\u00e4rten        <\/p>\n    \n            <p class=\"categories meta\" style=\"width: 100%\"><span class=\"fa fa-map-marker\"\n                                                             aria-hidden=\"true\"><\/span> Bremen        <\/p>\n    \n<\/article>\n   \n\t\t\n          <article id=\"post-89855\" class=\"et_pb_post post-89855 wtwfb_entry type-wtwfb_entry status-publish has-post-thumbnail hentry wtwfb_category-kita-gaerten wtwfb_region-niedersachsen\">\n    <h2 class=\"entry-title\"><a href=\"https:\/\/wettbewerb-archiv.wir-tun-was-fuer-bienen.de\/archiv-2023\/eintrag\/2023-junia-kita-ocholt\/\">Junia-Kita Ocholt<\/a>\n    <\/h2>\n    <a href=\"https:\/\/wettbewerb-archiv.wir-tun-was-fuer-bienen.de\/archiv-2023\/eintrag\/2023-junia-kita-ocholt\/\">\n        <div class=\"bienen-entry-image\">\n            <img decoding=\"async\" width=\"400\" height=\"300\" src=\"https:\/\/wettbewerb-archiv.wir-tun-was-fuer-bienen.de\/archiv-2023\/wp-content\/uploads\/sites\/8\/2023\/04\/IMG_20230414_110140-2-400x300.jpg\" class=\"attachment-bienen-grid-thumb size-bienen-grid-thumb wp-post-image\" alt=\"\" loading=\"lazy\" srcset=\"https:\/\/wettbewerb-archiv.wir-tun-was-fuer-bienen.de\/archiv-2023\/wp-content\/uploads\/sites\/8\/2023\/04\/IMG_20230414_110140-2-400x300.jpg 400w, https:\/\/wettbewerb-archiv.wir-tun-was-fuer-bienen.de\/archiv-2023\/wp-content\/uploads\/sites\/8\/2023\/04\/IMG_20230414_110140-2-768x576.jpg 768w, https:\/\/wettbewerb-archiv.wir-tun-was-fuer-bienen.de\/archiv-2023\/wp-content\/uploads\/sites\/8\/2023\/04\/IMG_20230414_110140-2-1024x768.jpg 1024w, https:\/\/wettbewerb-archiv.wir-tun-was-fuer-bienen.de\/archiv-2023\/wp-content\/uploads\/sites\/8\/2023\/04\/IMG_20230414_110140-2.jpg 1920w\" sizes=\"(max-width: 400px) 100vw, 400px\" \/>                    <\/div>\n    <\/a>\n\n    \n\n    <div class=\"user flex\">\n        \n                    <img decoding=\"async\" src=\"https:\/\/wettbewerb-archiv.wir-tun-was-fuer-bienen.de\/archiv-2023\/wp-content\/themes\/bienen\/assets\/images\/avatar-placeholder.png\" style=\"border-radius: 30px;\" height=\"30\" width=\"30\">\n            Pusteblumen-gruppe            <\/div>\n    \n    \n            <p class=\"categories meta\" style=\"width: 100%\"><span class=\"fa fa-tag\"\n                                                             aria-hidden=\"true\"><\/span> Kita-G\u00e4rten        <\/p>\n    \n            <p class=\"categories meta\" style=\"width: 100%\"><span class=\"fa fa-map-marker\"\n                                                             aria-hidden=\"true\"><\/span> Niedersachsen        <\/p>\n    \n<\/article>\n   \n\t\t\n          <article id=\"post-89841\" class=\"et_pb_post post-89841 wtwfb_entry type-wtwfb_entry status-publish has-post-thumbnail hentry wtwfb_category-kita-gaerten wtwfb_region-nordrhein-westfalen\">\n    <h2 class=\"entry-title\"><a href=\"https:\/\/wettbewerb-archiv.wir-tun-was-fuer-bienen.de\/archiv-2023\/eintrag\/2023-bienen-promenade\/\">Bienen-Promenade<\/a>\n    <\/h2>\n    <a href=\"https:\/\/wettbewerb-archiv.wir-tun-was-fuer-bienen.de\/archiv-2023\/eintrag\/2023-bienen-promenade\/\">\n        <div class=\"bienen-entry-image\">\n            <img decoding=\"async\" width=\"400\" height=\"300\" src=\"https:\/\/wettbewerb-archiv.wir-tun-was-fuer-bienen.de\/archiv-2023\/wp-content\/uploads\/sites\/8\/2023\/06\/biene-1-400x300.jpg\" class=\"attachment-bienen-grid-thumb size-bienen-grid-thumb wp-post-image\" alt=\"\" loading=\"lazy\" \/>                    <\/div>\n    <\/a>\n\n    \n\n    <div class=\"user flex\">\n        \n                    <img decoding=\"async\" src=\"https:\/\/wettbewerb-archiv.wir-tun-was-fuer-bienen.de\/archiv-2023\/wp-content\/themes\/bienen\/assets\/images\/avatar-placeholder.png\" style=\"border-radius: 30px;\" height=\"30\" width=\"30\">\n            KiTa St. Johannes Baptist            <\/div>\n            <p class=\"categories meta\" style=\"color: #c32731; font-weight: bold; width: 100%\"><span class=\"fa fa-music\"\n                                                                                                aria-hidden=\"true\"><\/span> Extrapreis Musik\n            f\u00fcr Bienenschutz\n        <\/p>\n    \n    <p class=\"categories meta bienen-gewinner\"><span class=\"fa fa-trophy\"                                                              aria-hidden=\"true\"><\/span> Gewinner<\/p>\n            <p class=\"categories meta\" style=\"width: 100%\"><span class=\"fa fa-tag\"\n                                                             aria-hidden=\"true\"><\/span> Kita-G\u00e4rten        <\/p>\n    \n            <p class=\"categories meta\" style=\"width: 100%\"><span class=\"fa fa-map-marker\"\n                                                             aria-hidden=\"true\"><\/span> Nordrhein-Westfalen        <\/p>\n    \n<\/article>\n   \n\t\t\n          <article id=\"post-89815\" class=\"et_pb_post post-89815 wtwfb_entry type-wtwfb_entry status-publish has-post-thumbnail hentry wtwfb_category-kita-gaerten wtwfb_region-sachsen\">\n    <h2 class=\"entry-title\"><a href=\"https:\/\/wettbewerb-archiv.wir-tun-was-fuer-bienen.de\/archiv-2023\/eintrag\/2023-gemeinsam-draussen-viel-bewegen\/\">Gemeinsam drau\u00dfen &#8211; VIEL bewegen!<\/a>\n    <\/h2>\n    <a href=\"https:\/\/wettbewerb-archiv.wir-tun-was-fuer-bienen.de\/archiv-2023\/eintrag\/2023-gemeinsam-draussen-viel-bewegen\/\">\n        <div class=\"bienen-entry-image\">\n            <img decoding=\"async\" width=\"400\" height=\"300\" src=\"https:\/\/wettbewerb-archiv.wir-tun-was-fuer-bienen.de\/archiv-2023\/wp-content\/uploads\/sites\/8\/2023\/04\/48999f64-899a-4607-905e-d2a10946ba88-400x300.jpg\" class=\"attachment-bienen-grid-thumb size-bienen-grid-thumb wp-post-image\" alt=\"\" loading=\"lazy\" srcset=\"https:\/\/wettbewerb-archiv.wir-tun-was-fuer-bienen.de\/archiv-2023\/wp-content\/uploads\/sites\/8\/2023\/04\/48999f64-899a-4607-905e-d2a10946ba88-400x300.jpg 400w, https:\/\/wettbewerb-archiv.wir-tun-was-fuer-bienen.de\/archiv-2023\/wp-content\/uploads\/sites\/8\/2023\/04\/48999f64-899a-4607-905e-d2a10946ba88-768x576.jpg 768w, https:\/\/wettbewerb-archiv.wir-tun-was-fuer-bienen.de\/archiv-2023\/wp-content\/uploads\/sites\/8\/2023\/04\/48999f64-899a-4607-905e-d2a10946ba88-1024x768.jpg 1024w, https:\/\/wettbewerb-archiv.wir-tun-was-fuer-bienen.de\/archiv-2023\/wp-content\/uploads\/sites\/8\/2023\/04\/48999f64-899a-4607-905e-d2a10946ba88.jpg 1920w\" sizes=\"(max-width: 400px) 100vw, 400px\" \/>                    <\/div>\n    <\/a>\n\n    \n\n    <div class=\"user flex\">\n        \n                    <img decoding=\"async\" src=\"https:\/\/wettbewerb-archiv.wir-tun-was-fuer-bienen.de\/archiv-2023\/wp-content\/themes\/bienen\/assets\/images\/avatar-placeholder.png\" style=\"border-radius: 30px;\" height=\"30\" width=\"30\">\n            Christliche Kita Kastanie            <\/div>\n    \n    \n            <p class=\"categories meta\" style=\"width: 100%\"><span class=\"fa fa-tag\"\n                                                             aria-hidden=\"true\"><\/span> Kita-G\u00e4rten        <\/p>\n    \n            <p class=\"categories meta\" style=\"width: 100%\"><span class=\"fa fa-map-marker\"\n                                                             aria-hidden=\"true\"><\/span> Sachsen        <\/p>\n    \n<\/article>\n   \n\t\t\n          <article id=\"post-89811\" class=\"et_pb_post post-89811 wtwfb_entry type-wtwfb_entry status-publish has-post-thumbnail hentry wtwfb_category-kita-gaerten wtwfb_region-schleswig-holstein\">\n    <h2 class=\"entry-title\"><a href=\"https:\/\/wettbewerb-archiv.wir-tun-was-fuer-bienen.de\/archiv-2023\/eintrag\/2023-ein-platz-fuer-unsere-bienen\/\">Ein Platz f\u00fcr unsere Bienen!<\/a>\n    <\/h2>\n    <a href=\"https:\/\/wettbewerb-archiv.wir-tun-was-fuer-bienen.de\/archiv-2023\/eintrag\/2023-ein-platz-fuer-unsere-bienen\/\">\n        <div class=\"bienen-entry-image\">\n            <img decoding=\"async\" width=\"400\" height=\"300\" src=\"https:\/\/wettbewerb-archiv.wir-tun-was-fuer-bienen.de\/archiv-2023\/wp-content\/uploads\/sites\/8\/2023\/04\/IMG_4970_-400x300.jpg\" class=\"attachment-bienen-grid-thumb size-bienen-grid-thumb wp-post-image\" alt=\"\" loading=\"lazy\" \/>                    <\/div>\n    <\/a>\n\n    \n\n    <div class=\"user flex\">\n        \n                    <img decoding=\"async\" src=\"https:\/\/wettbewerb-archiv.wir-tun-was-fuer-bienen.de\/archiv-2023\/wp-content\/themes\/bienen\/assets\/images\/avatar-placeholder.png\" style=\"border-radius: 30px;\" height=\"30\" width=\"30\">\n            Ev.-Luth. KiTa St. Elisabeth            <\/div>\n    \n    \n            <p class=\"categories meta\" style=\"width: 100%\"><span class=\"fa fa-tag\"\n                                                             aria-hidden=\"true\"><\/span> Kita-G\u00e4rten        <\/p>\n    \n            <p class=\"categories meta\" style=\"width: 100%\"><span class=\"fa fa-map-marker\"\n                                                             aria-hidden=\"true\"><\/span> Schleswig-Holstein        <\/p>\n    \n<\/article>\n   \n\t\t\n          <article id=\"post-89798\" class=\"et_pb_post post-89798 wtwfb_entry type-wtwfb_entry status-publish has-post-thumbnail hentry wtwfb_category-kleingartenparzellen wtwfb_region-niedersachsen\">\n    <h2 class=\"entry-title\"><a href=\"https:\/\/wettbewerb-archiv.wir-tun-was-fuer-bienen.de\/archiv-2023\/eintrag\/2023-blueten-landschaft-2\/\">Bl\u00fcten Landschaft<\/a>\n    <\/h2>\n    <a href=\"https:\/\/wettbewerb-archiv.wir-tun-was-fuer-bienen.de\/archiv-2023\/eintrag\/2023-blueten-landschaft-2\/\">\n        <div class=\"bienen-entry-image\">\n            <img decoding=\"async\" width=\"400\" height=\"300\" src=\"https:\/\/wettbewerb-archiv.wir-tun-was-fuer-bienen.de\/archiv-2023\/wp-content\/uploads\/sites\/8\/2023\/04\/IMG_20210224_164415_053-400x300.jpg\" class=\"attachment-bienen-grid-thumb size-bienen-grid-thumb wp-post-image\" alt=\"\" loading=\"lazy\" \/>                    <\/div>\n    <\/a>\n\n    \n\n    <div class=\"user flex\">\n        \n                    <img decoding=\"async\" src=\"https:\/\/wettbewerb-archiv.wir-tun-was-fuer-bienen.de\/archiv-2023\/wp-content\/themes\/bienen\/assets\/images\/avatar-placeholder.png\" style=\"border-radius: 30px;\" height=\"30\" width=\"30\">\n            Tilly            <\/div>\n    \n    \n            <p class=\"categories meta\" style=\"width: 100%\"><span class=\"fa fa-tag\"\n                                                             aria-hidden=\"true\"><\/span> Kleingartenparzellen        <\/p>\n    \n            <p class=\"categories meta\" style=\"width: 100%\"><span class=\"fa fa-map-marker\"\n                                                             aria-hidden=\"true\"><\/span> Niedersachsen        <\/p>\n    \n<\/article>\n   \n\t\t\n          <article id=\"post-89789\" class=\"et_pb_post post-89789 wtwfb_entry type-wtwfb_entry status-publish has-post-thumbnail hentry wtwfb_category-schul-und-jugendclubgaerten wtwfb_region-nordrhein-westfalen\">\n    <h2 class=\"entry-title\"><a href=\"https:\/\/wettbewerb-archiv.wir-tun-was-fuer-bienen.de\/archiv-2023\/eintrag\/2023-insektenbeobachtungsststion\/\">Insektenbeobachtungsststion<\/a>\n    <\/h2>\n    <a href=\"https:\/\/wettbewerb-archiv.wir-tun-was-fuer-bienen.de\/archiv-2023\/eintrag\/2023-insektenbeobachtungsststion\/\">\n        <div class=\"bienen-entry-image\">\n            <img decoding=\"async\" width=\"400\" height=\"300\" src=\"https:\/\/wettbewerb-archiv.wir-tun-was-fuer-bienen.de\/archiv-2023\/wp-content\/uploads\/sites\/8\/2023\/04\/4F35CA6F-3FA7-4D5F-885F-3DE7ADE2172D-400x300.jpeg\" class=\"attachment-bienen-grid-thumb size-bienen-grid-thumb wp-post-image\" alt=\"\" loading=\"lazy\" srcset=\"https:\/\/wettbewerb-archiv.wir-tun-was-fuer-bienen.de\/archiv-2023\/wp-content\/uploads\/sites\/8\/2023\/04\/4F35CA6F-3FA7-4D5F-885F-3DE7ADE2172D-400x300.jpeg 400w, https:\/\/wettbewerb-archiv.wir-tun-was-fuer-bienen.de\/archiv-2023\/wp-content\/uploads\/sites\/8\/2023\/04\/4F35CA6F-3FA7-4D5F-885F-3DE7ADE2172D-768x576.jpeg 768w, https:\/\/wettbewerb-archiv.wir-tun-was-fuer-bienen.de\/archiv-2023\/wp-content\/uploads\/sites\/8\/2023\/04\/4F35CA6F-3FA7-4D5F-885F-3DE7ADE2172D-1024x768.jpeg 1024w, https:\/\/wettbewerb-archiv.wir-tun-was-fuer-bienen.de\/archiv-2023\/wp-content\/uploads\/sites\/8\/2023\/04\/4F35CA6F-3FA7-4D5F-885F-3DE7ADE2172D.jpeg 1920w\" sizes=\"(max-width: 400px) 100vw, 400px\" \/>                    <\/div>\n    <\/a>\n\n    \n\n    <div class=\"user flex\">\n        \n                    <img decoding=\"async\" src=\"https:\/\/wettbewerb-archiv.wir-tun-was-fuer-bienen.de\/archiv-2023\/wp-content\/themes\/bienen\/assets\/images\/avatar-placeholder.png\" style=\"border-radius: 30px;\" height=\"30\" width=\"30\">\n            Insektenkids Waldlehne            <\/div>\n    \n    \n            <p class=\"categories meta\" style=\"width: 100%\"><span class=\"fa fa-tag\"\n                                                             aria-hidden=\"true\"><\/span> Schulg\u00e4rten        <\/p>\n    \n            <p class=\"categories meta\" style=\"width: 100%\"><span class=\"fa fa-map-marker\"\n                                                             aria-hidden=\"true\"><\/span> Nordrhein-Westfalen        <\/p>\n    \n<\/article>\n   \n\t\t\n          <article id=\"post-89757\" class=\"et_pb_post post-89757 wtwfb_entry type-wtwfb_entry status-publish has-post-thumbnail hentry wtwfb_category-balkone-terrassen-dachbegruenung-vertikale-gaerten wtwfb_region-bayern\">\n    <h2 class=\"entry-title\"><a href=\"https:\/\/wettbewerb-archiv.wir-tun-was-fuer-bienen.de\/archiv-2023\/eintrag\/2023-dachterrasse-im-winter\/\">Bienenfreundliche Erweiterung der Dachterrassenbepflanz...<\/a>\n    <\/h2>\n    <a href=\"https:\/\/wettbewerb-archiv.wir-tun-was-fuer-bienen.de\/archiv-2023\/eintrag\/2023-dachterrasse-im-winter\/\">\n        <div class=\"bienen-entry-image\">\n            <img decoding=\"async\" width=\"400\" height=\"300\" src=\"https:\/\/wettbewerb-archiv.wir-tun-was-fuer-bienen.de\/archiv-2023\/wp-content\/uploads\/sites\/8\/2023\/07\/IMG_7815-1-400x300.jpg\" class=\"attachment-bienen-grid-thumb size-bienen-grid-thumb wp-post-image\" alt=\"\" loading=\"lazy\" \/>                    <\/div>\n    <\/a>\n\n    \n\n    <div class=\"user flex\">\n        \n                    <img decoding=\"async\" src=\"https:\/\/wettbewerb-archiv.wir-tun-was-fuer-bienen.de\/archiv-2023\/wp-content\/themes\/bienen\/assets\/images\/avatar-placeholder.png\" style=\"border-radius: 30px;\" height=\"30\" width=\"30\">\n            NewBees Crossing            <\/div>\n    \n    \n            <p class=\"categories meta\" style=\"width: 100%\"><span class=\"fa fa-tag\"\n                                                             aria-hidden=\"true\"><\/span> Balkone, Terrassen, Dachg\u00e4rten, vertikale G\u00e4rten        <\/p>\n    \n            <p class=\"categories meta\" style=\"width: 100%\"><span class=\"fa fa-map-marker\"\n                                                             aria-hidden=\"true\"><\/span> Bayern        <\/p>\n    \n<\/article>\n   \n\t\t\n          <article id=\"post-89748\" class=\"et_pb_post post-89748 wtwfb_entry type-wtwfb_entry status-publish has-post-thumbnail hentry wtwfb_category-kleingartenparzellen wtwfb_region-nordrhein-westfalen\">\n    <h2 class=\"entry-title\"><a href=\"https:\/\/wettbewerb-archiv.wir-tun-was-fuer-bienen.de\/archiv-2023\/eintrag\/2023-ruhrpottgesumm-der-kleingarten\/\">Ruhrpottgesumm &#8211; Der Naturkleingarten<\/a>\n    <\/h2>\n    <a href=\"https:\/\/wettbewerb-archiv.wir-tun-was-fuer-bienen.de\/archiv-2023\/eintrag\/2023-ruhrpottgesumm-der-kleingarten\/\">\n        <div class=\"bienen-entry-image\">\n            <img decoding=\"async\" width=\"400\" height=\"300\" src=\"https:\/\/wettbewerb-archiv.wir-tun-was-fuer-bienen.de\/archiv-2023\/wp-content\/uploads\/sites\/8\/2023\/04\/80C13A79-17A2-450A-8503-1C9669B6EE73-400x300.jpeg\" class=\"attachment-bienen-grid-thumb size-bienen-grid-thumb wp-post-image\" alt=\"\" loading=\"lazy\" \/>                    <\/div>\n    <\/a>\n\n    \n\n    <div class=\"user flex\">\n        \n                    <img decoding=\"async\" src=\"https:\/\/wettbewerb-archiv.wir-tun-was-fuer-bienen.de\/archiv-2023\/wp-content\/themes\/bienen\/assets\/images\/avatar-placeholder.png\" style=\"border-radius: 30px;\" height=\"30\" width=\"30\">\n            Sabine - KGV Walpurgistal            <\/div>\n    \n    <p class=\"categories meta bienen-gewinner\"><span class=\"fa fa-trophy\"                                                              aria-hidden=\"true\"><\/span> Gewinner<\/p>\n            <p class=\"categories meta\" style=\"width: 100%\"><span class=\"fa fa-tag\"\n                                                             aria-hidden=\"true\"><\/span> Kleingartenparzellen        <\/p>\n    \n            <p class=\"categories meta\" style=\"width: 100%\"><span class=\"fa fa-map-marker\"\n                                                             aria-hidden=\"true\"><\/span> Nordrhein-Westfalen        <\/p>\n    \n<\/article>\n   \n\t\t\n          <article id=\"post-89718\" class=\"et_pb_post post-89718 wtwfb_entry type-wtwfb_entry status-publish has-post-thumbnail hentry wtwfb_category-kommunale-flaechen wtwfb_region-rheinland-pfalz\">\n    <h2 class=\"entry-title\"><a href=\"https:\/\/wettbewerb-archiv.wir-tun-was-fuer-bienen.de\/archiv-2023\/eintrag\/2023-stein-auf-stein-fuer-mehr-artenvielfalt\/\">Stein auf Stein f\u00fcr mehr Artenvielfalt<\/a>\n    <\/h2>\n    <a href=\"https:\/\/wettbewerb-archiv.wir-tun-was-fuer-bienen.de\/archiv-2023\/eintrag\/2023-stein-auf-stein-fuer-mehr-artenvielfalt\/\">\n        <div class=\"bienen-entry-image\">\n            <img decoding=\"async\" width=\"400\" height=\"300\" src=\"https:\/\/wettbewerb-archiv.wir-tun-was-fuer-bienen.de\/archiv-2023\/wp-content\/uploads\/sites\/8\/2023\/04\/WP_Sandbiene-an-Bellis-400x300.jpg\" class=\"attachment-bienen-grid-thumb size-bienen-grid-thumb wp-post-image\" alt=\"\" loading=\"lazy\" srcset=\"https:\/\/wettbewerb-archiv.wir-tun-was-fuer-bienen.de\/archiv-2023\/wp-content\/uploads\/sites\/8\/2023\/04\/WP_Sandbiene-an-Bellis-400x300.jpg 400w, https:\/\/wettbewerb-archiv.wir-tun-was-fuer-bienen.de\/archiv-2023\/wp-content\/uploads\/sites\/8\/2023\/04\/WP_Sandbiene-an-Bellis-768x576.jpg 768w, https:\/\/wettbewerb-archiv.wir-tun-was-fuer-bienen.de\/archiv-2023\/wp-content\/uploads\/sites\/8\/2023\/04\/WP_Sandbiene-an-Bellis-1024x768.jpg 1024w, https:\/\/wettbewerb-archiv.wir-tun-was-fuer-bienen.de\/archiv-2023\/wp-content\/uploads\/sites\/8\/2023\/04\/WP_Sandbiene-an-Bellis.jpg 1920w\" sizes=\"(max-width: 400px) 100vw, 400px\" \/>                    <\/div>\n    <\/a>\n\n    \n\n    <div class=\"user flex\">\n        \n                    <img decoding=\"async\" src=\"https:\/\/wettbewerb-archiv.wir-tun-was-fuer-bienen.de\/archiv-2023\/wp-content\/themes\/bienen\/assets\/images\/avatar-placeholder.png\" style=\"border-radius: 30px;\" height=\"30\" width=\"30\">\n            Kehrig summt e.V.            <\/div>\n    \n    <p class=\"categories meta bienen-gewinner\"><span class=\"fa fa-trophy\"                                                              aria-hidden=\"true\"><\/span> Gewinner<\/p>\n            <p class=\"categories meta\" style=\"width: 100%\"><span class=\"fa fa-tag\"\n                                                             aria-hidden=\"true\"><\/span> Kommunale Fl\u00e4chen        <\/p>\n    \n            <p class=\"categories meta\" style=\"width: 100%\"><span class=\"fa fa-map-marker\"\n                                                             aria-hidden=\"true\"><\/span> Rheinland-Pfalz        <\/p>\n    \n<\/article>\n   \n\t\t\n          <article id=\"post-89644\" class=\"et_pb_post post-89644 wtwfb_entry type-wtwfb_entry status-publish has-post-thumbnail hentry wtwfb_category-vereinsgaerten-liegenschaften-von-verwaltung-kirche-etc-sonstige wtwfb_region-niedersachsen\">\n    <h2 class=\"entry-title\"><a href=\"https:\/\/wettbewerb-archiv.wir-tun-was-fuer-bienen.de\/archiv-2023\/eintrag\/2023-lebensraum-friedhof\/\">LebensRaum Friedhof<\/a>\n    <\/h2>\n    <a href=\"https:\/\/wettbewerb-archiv.wir-tun-was-fuer-bienen.de\/archiv-2023\/eintrag\/2023-lebensraum-friedhof\/\">\n        <div class=\"bienen-entry-image\">\n            <img decoding=\"async\" width=\"400\" height=\"300\" src=\"https:\/\/wettbewerb-archiv.wir-tun-was-fuer-bienen.de\/archiv-2023\/wp-content\/uploads\/sites\/8\/2023\/04\/Zierapfel-Titelbild-400x300.jpg\" class=\"attachment-bienen-grid-thumb size-bienen-grid-thumb wp-post-image\" alt=\"\" loading=\"lazy\" \/>                    <\/div>\n    <\/a>\n\n    \n\n    <div class=\"user flex\">\n        \n                    <img decoding=\"async\" src=\"https:\/\/wettbewerb-archiv.wir-tun-was-fuer-bienen.de\/archiv-2023\/wp-content\/themes\/bienen\/assets\/images\/avatar-placeholder.png\" style=\"border-radius: 30px;\" height=\"30\" width=\"30\">\n            Kirchengemeinde Himmelpforten            <\/div>\n            <p class=\"categories meta\" style=\"color: #c32731; font-weight: bold; width: 100%\"><span class=\"fa fa-music\"\n                                                                                                aria-hidden=\"true\"><\/span> Extrapreis Musik\n            f\u00fcr Bienenschutz\n        <\/p>\n    \n    \n            <p class=\"categories meta\" style=\"width: 100%\"><span class=\"fa fa-tag\"\n                                                             aria-hidden=\"true\"><\/span> Vereinsg\u00e4rten, Unis, Liegenschaften von Verwaltung, Kirche etc, Sonstige        <\/p>\n    \n            <p class=\"categories meta\" style=\"width: 100%\"><span class=\"fa fa-map-marker\"\n                                                             aria-hidden=\"true\"><\/span> Niedersachsen        <\/p>\n    \n<\/article>\n   \n\t\t\n          <article id=\"post-89638\" class=\"et_pb_post post-89638 wtwfb_entry type-wtwfb_entry status-publish has-post-thumbnail hentry wtwfb_category-kita-gaerten wtwfb_region-baden-wuerttemberg\">\n    <h2 class=\"entry-title\"><a href=\"https:\/\/wettbewerb-archiv.wir-tun-was-fuer-bienen.de\/archiv-2023\/eintrag\/2023-waldkiga-wertheim\/\">WaldKiGa Wertheim<\/a>\n    <\/h2>\n    <a href=\"https:\/\/wettbewerb-archiv.wir-tun-was-fuer-bienen.de\/archiv-2023\/eintrag\/2023-waldkiga-wertheim\/\">\n        <div class=\"bienen-entry-image\">\n            <img decoding=\"async\" width=\"400\" height=\"300\" src=\"https:\/\/wettbewerb-archiv.wir-tun-was-fuer-bienen.de\/archiv-2023\/wp-content\/uploads\/sites\/8\/2023\/04\/emotionheader10875537-400x300.jpg\" class=\"attachment-bienen-grid-thumb size-bienen-grid-thumb wp-post-image\" alt=\"\" loading=\"lazy\" \/>                    <\/div>\n    <\/a>\n\n    \n\n    <div class=\"user flex\">\n        \n                    <img decoding=\"async\" src=\"https:\/\/wettbewerb-archiv.wir-tun-was-fuer-bienen.de\/archiv-2023\/wp-content\/themes\/bienen\/assets\/images\/avatar-placeholder.png\" style=\"border-radius: 30px;\" height=\"30\" width=\"30\">\n            Waldkindergarten Wertheim e.V.            <\/div>\n    \n    \n            <p class=\"categories meta\" style=\"width: 100%\"><span class=\"fa fa-tag\"\n                                                             aria-hidden=\"true\"><\/span> Kita-G\u00e4rten        <\/p>\n    \n            <p class=\"categories meta\" style=\"width: 100%\"><span class=\"fa fa-map-marker\"\n                                                             aria-hidden=\"true\"><\/span> Baden-W\u00fcrttemberg        <\/p>\n    \n<\/article>\n   \n\t\t\n          <article id=\"post-89591\" class=\"et_pb_post post-89591 wtwfb_entry type-wtwfb_entry status-publish has-post-thumbnail hentry wtwfb_category-schul-und-jugendclubgaerten wtwfb_region-niedersachsen\">\n    <h2 class=\"entry-title\"><a href=\"https:\/\/wettbewerb-archiv.wir-tun-was-fuer-bienen.de\/archiv-2023\/eintrag\/2023-schuelerfirma-lisbeths-pflanzbar-der-elisabethschule-friesoythe\/\">Sch\u00fclerfirma &#8218;Lisbeths Pflanzbar&#8216; der Elis...<\/a>\n    <\/h2>\n    <a href=\"https:\/\/wettbewerb-archiv.wir-tun-was-fuer-bienen.de\/archiv-2023\/eintrag\/2023-schuelerfirma-lisbeths-pflanzbar-der-elisabethschule-friesoythe\/\">\n        <div class=\"bienen-entry-image\">\n            <img decoding=\"async\" width=\"400\" height=\"300\" src=\"https:\/\/wettbewerb-archiv.wir-tun-was-fuer-bienen.de\/archiv-2023\/wp-content\/uploads\/sites\/8\/2023\/04\/Lisbeth-Logos_end_Seite_6-400x300.jpg\" class=\"attachment-bienen-grid-thumb size-bienen-grid-thumb wp-post-image\" alt=\"\" loading=\"lazy\" \/>                    <\/div>\n    <\/a>\n\n    \n\n    <div class=\"user flex\">\n        \n                    <img decoding=\"async\" src=\"https:\/\/wettbewerb-archiv.wir-tun-was-fuer-bienen.de\/archiv-2023\/wp-content\/themes\/bienen\/assets\/images\/avatar-placeholder.png\" style=\"border-radius: 30px;\" height=\"30\" width=\"30\">\n            Sch\u00fclerfirma Lisbehts Pflanzbar            <\/div>\n    \n    \n            <p class=\"categories meta\" style=\"width: 100%\"><span class=\"fa fa-tag\"\n                                                             aria-hidden=\"true\"><\/span> Schulg\u00e4rten        <\/p>\n    \n            <p class=\"categories meta\" style=\"width: 100%\"><span class=\"fa fa-map-marker\"\n                                                             aria-hidden=\"true\"><\/span> Niedersachsen        <\/p>\n    \n<\/article>\n   \n\t\t\n          <article id=\"post-89584\" class=\"et_pb_post post-89584 wtwfb_entry type-wtwfb_entry status-publish has-post-thumbnail hentry wtwfb_category-vereinsgaerten-liegenschaften-von-verwaltung-kirche-etc-sonstige wtwfb_region-berlin\">\n    <h2 class=\"entry-title\"><a href=\"https:\/\/wettbewerb-archiv.wir-tun-was-fuer-bienen.de\/archiv-2023\/eintrag\/2023-wuhlegarten-interkultureller-garten-berlin-koepenick-e-v-cardinalplatz-1c-12555-berlin\/\">Wuhlegarten &#8211; Interkultureller Garten Berlin K\u00f6p...<\/a>\n    <\/h2>\n    <a href=\"https:\/\/wettbewerb-archiv.wir-tun-was-fuer-bienen.de\/archiv-2023\/eintrag\/2023-wuhlegarten-interkultureller-garten-berlin-koepenick-e-v-cardinalplatz-1c-12555-berlin\/\">\n        <div class=\"bienen-entry-image\">\n            <img decoding=\"async\" width=\"400\" height=\"300\" src=\"https:\/\/wettbewerb-archiv.wir-tun-was-fuer-bienen.de\/archiv-2023\/wp-content\/uploads\/sites\/8\/2023\/04\/DSC02060-400x300.jpg\" class=\"attachment-bienen-grid-thumb size-bienen-grid-thumb wp-post-image\" alt=\"\" loading=\"lazy\" \/>                    <\/div>\n    <\/a>\n\n    \n\n    <div class=\"user flex\">\n        \n                    <img decoding=\"async\" src=\"https:\/\/wettbewerb-archiv.wir-tun-was-fuer-bienen.de\/archiv-2023\/wp-content\/themes\/bienen\/assets\/images\/avatar-placeholder.png\" style=\"border-radius: 30px;\" height=\"30\" width=\"30\">\n            Wuhlegarten            <\/div>\n    \n    <p class=\"categories meta bienen-gewinner\"><span class=\"fa fa-trophy\"                                                              aria-hidden=\"true\"><\/span> Gewinner<\/p>\n            <p class=\"categories meta\" style=\"width: 100%\"><span class=\"fa fa-tag\"\n                                                             aria-hidden=\"true\"><\/span> Vereinsg\u00e4rten, Unis, Liegenschaften von Verwaltung, Kirche etc, Sonstige        <\/p>\n    \n            <p class=\"categories meta\" style=\"width: 100%\"><span class=\"fa fa-map-marker\"\n                                                             aria-hidden=\"true\"><\/span> Berlin        <\/p>\n    \n<\/article>\n   \n\t\t\n          <article id=\"post-89540\" class=\"et_pb_post post-89540 wtwfb_entry type-wtwfb_entry status-publish hentry wtwfb_category-schul-und-jugendclubgaerten wtwfb_region-niedersachsen\">\n    <h2 class=\"entry-title\"><a href=\"https:\/\/wettbewerb-archiv.wir-tun-was-fuer-bienen.de\/archiv-2023\/eintrag\/2023-nadorst-summt-ein-bienenhuegel-entsteht\/\">Nadorst summt! Ein Bienenh\u00fcgel entsteht!<\/a>\n    <\/h2>\n    <a href=\"https:\/\/wettbewerb-archiv.wir-tun-was-fuer-bienen.de\/archiv-2023\/eintrag\/2023-nadorst-summt-ein-bienenhuegel-entsteht\/\">\n        <div class=\"bienen-entry-image\">\n                                <\/div>\n    <\/a>\n\n    \n\n    <div class=\"user flex\">\n        \n                    <img decoding=\"async\" src=\"https:\/\/wettbewerb-archiv.wir-tun-was-fuer-bienen.de\/archiv-2023\/wp-content\/themes\/bienen\/assets\/images\/avatar-placeholder.png\" style=\"border-radius: 30px;\" height=\"30\" width=\"30\">\n            Grundschule Nadorst            <\/div>\n    \n    \n            <p class=\"categories meta\" style=\"width: 100%\"><span class=\"fa fa-tag\"\n                                                             aria-hidden=\"true\"><\/span> Schulg\u00e4rten        <\/p>\n    \n            <p class=\"categories meta\" style=\"width: 100%\"><span class=\"fa fa-map-marker\"\n                                                             aria-hidden=\"true\"><\/span> Niedersachsen        <\/p>\n    \n<\/article>\n   \n\t\t\n          <article id=\"post-89528\" class=\"et_pb_post post-89528 wtwfb_entry type-wtwfb_entry status-publish has-post-thumbnail hentry wtwfb_category-schul-und-jugendclubgaerten wtwfb_region-bayern\">\n    <h2 class=\"entry-title\"><a href=\"https:\/\/wettbewerb-archiv.wir-tun-was-fuer-bienen.de\/archiv-2023\/eintrag\/2023-monstergaertner-der-erich-kaestner-grundschule-alzenau\/\">&#8222;Monsterg\u00e4rtner&#8220; der Erich-K\u00e4stner-Grunds...<\/a>\n    <\/h2>\n    <a href=\"https:\/\/wettbewerb-archiv.wir-tun-was-fuer-bienen.de\/archiv-2023\/eintrag\/2023-monstergaertner-der-erich-kaestner-grundschule-alzenau\/\">\n        <div class=\"bienen-entry-image\">\n            <img decoding=\"async\" width=\"400\" height=\"300\" src=\"https:\/\/wettbewerb-archiv.wir-tun-was-fuer-bienen.de\/archiv-2023\/wp-content\/uploads\/sites\/8\/2023\/04\/Monstergaertner2-400x300.jpg\" class=\"attachment-bienen-grid-thumb size-bienen-grid-thumb wp-post-image\" alt=\"\" loading=\"lazy\" \/>                    <\/div>\n    <\/a>\n\n    \n\n    <div class=\"user flex\">\n        \n                    <img decoding=\"async\" src=\"https:\/\/wettbewerb-archiv.wir-tun-was-fuer-bienen.de\/archiv-2023\/wp-content\/themes\/bienen\/assets\/images\/avatar-placeholder.png\" style=\"border-radius: 30px;\" height=\"30\" width=\"30\">\n            \"Monsterg\u00e4rtner\" der Erich K\u00e4stner-GS, Alzenau            <\/div>\n    \n    \n            <p class=\"categories meta\" style=\"width: 100%\"><span class=\"fa fa-tag\"\n                                                             aria-hidden=\"true\"><\/span> Schulg\u00e4rten        <\/p>\n    \n            <p class=\"categories meta\" style=\"width: 100%\"><span class=\"fa fa-map-marker\"\n                                                             aria-hidden=\"true\"><\/span> Bayern        <\/p>\n    \n<\/article>\n   \n\t\t\n          <article id=\"post-89512\" class=\"et_pb_post post-89512 wtwfb_entry type-wtwfb_entry status-publish has-post-thumbnail hentry wtwfb_category-kita-gaerten wtwfb_region-nordrhein-westfalen\">\n    <h2 class=\"entry-title\"><a href=\"https:\/\/wettbewerb-archiv.wir-tun-was-fuer-bienen.de\/archiv-2023\/eintrag\/2023-unser-weg-zur-wildbienenoase\/\">Unser Weg zur Wildbienenoase<\/a>\n    <\/h2>\n    <a href=\"https:\/\/wettbewerb-archiv.wir-tun-was-fuer-bienen.de\/archiv-2023\/eintrag\/2023-unser-weg-zur-wildbienenoase\/\">\n        <div class=\"bienen-entry-image\">\n            <img decoding=\"async\" width=\"400\" height=\"300\" src=\"https:\/\/wettbewerb-archiv.wir-tun-was-fuer-bienen.de\/archiv-2023\/wp-content\/uploads\/sites\/8\/2023\/04\/Wildbienen-Oase-400x300.jpg\" class=\"attachment-bienen-grid-thumb size-bienen-grid-thumb wp-post-image\" alt=\"\" loading=\"lazy\" \/>                    <\/div>\n    <\/a>\n\n    \n\n    <div class=\"user flex\">\n        \n                    <img decoding=\"async\" src=\"https:\/\/wettbewerb-archiv.wir-tun-was-fuer-bienen.de\/archiv-2023\/wp-content\/themes\/bienen\/assets\/images\/avatar-placeholder.png\" style=\"border-radius: 30px;\" height=\"30\" width=\"30\">\n            AWO- Kita und Familienzentrum \"Mobile\"            <\/div>\n    \n    <p class=\"categories meta bienen-gewinner\"><span class=\"fa fa-trophy\"                                                              aria-hidden=\"true\"><\/span> Gewinner<\/p>\n            <p class=\"categories meta\" style=\"width: 100%\"><span class=\"fa fa-tag\"\n                                                             aria-hidden=\"true\"><\/span> Kita-G\u00e4rten        <\/p>\n    \n            <p class=\"categories meta\" style=\"width: 100%\"><span class=\"fa fa-map-marker\"\n                                                             aria-hidden=\"true\"><\/span> Nordrhein-Westfalen        <\/p>\n    \n<\/article>\n   \n\t\t\n          <article id=\"post-89496\" class=\"et_pb_post post-89496 wtwfb_entry type-wtwfb_entry status-publish has-post-thumbnail hentry wtwfb_category-schul-und-jugendclubgaerten wtwfb_region-berlin\">\n    <h2 class=\"entry-title\"><a href=\"https:\/\/wettbewerb-archiv.wir-tun-was-fuer-bienen.de\/archiv-2023\/eintrag\/2023-paulchens-sandarium\/\">Paulchens Sandarium<\/a>\n    <\/h2>\n    <a href=\"https:\/\/wettbewerb-archiv.wir-tun-was-fuer-bienen.de\/archiv-2023\/eintrag\/2023-paulchens-sandarium\/\">\n        <div class=\"bienen-entry-image\">\n            <img decoding=\"async\" width=\"400\" height=\"283\" src=\"https:\/\/wettbewerb-archiv.wir-tun-was-fuer-bienen.de\/archiv-2023\/wp-content\/uploads\/sites\/8\/2023\/04\/Sandarium-pdf.jpg\" class=\"attachment-bienen-grid-thumb size-bienen-grid-thumb wp-post-image\" alt=\"\" loading=\"lazy\" \/>                    <\/div>\n    <\/a>\n\n    \n\n    <div class=\"user flex\">\n        \n                    <img decoding=\"async\" src=\"https:\/\/wettbewerb-archiv.wir-tun-was-fuer-bienen.de\/archiv-2023\/wp-content\/themes\/bienen\/assets\/images\/avatar-placeholder.png\" style=\"border-radius: 30px;\" height=\"30\" width=\"30\">\n            Der kleine Garten Paul            <\/div>\n    \n    \n            <p class=\"categories meta\" style=\"width: 100%\"><span class=\"fa fa-tag\"\n                                                             aria-hidden=\"true\"><\/span> Schulg\u00e4rten        <\/p>\n    \n            <p class=\"categories meta\" style=\"width: 100%\"><span class=\"fa fa-map-marker\"\n                                                             aria-hidden=\"true\"><\/span> Berlin        <\/p>\n    \n<\/article>\n   \n\t\t\n          <article id=\"post-89487\" class=\"et_pb_post post-89487 wtwfb_entry type-wtwfb_entry status-publish has-post-thumbnail hentry wtwfb_category-schul-und-jugendclubgaerten wtwfb_region-sachsen\">\n    <h2 class=\"entry-title\"><a href=\"https:\/\/wettbewerb-archiv.wir-tun-was-fuer-bienen.de\/archiv-2023\/eintrag\/2023-bienenwiesen-anlegen\/\">Bienenwiesen anlegen<\/a>\n    <\/h2>\n    <a href=\"https:\/\/wettbewerb-archiv.wir-tun-was-fuer-bienen.de\/archiv-2023\/eintrag\/2023-bienenwiesen-anlegen\/\">\n        <div class=\"bienen-entry-image\">\n            <img decoding=\"async\" width=\"400\" height=\"300\" src=\"https:\/\/wettbewerb-archiv.wir-tun-was-fuer-bienen.de\/archiv-2023\/wp-content\/uploads\/sites\/8\/2023\/04\/20220717_085952-400x300.jpg\" class=\"attachment-bienen-grid-thumb size-bienen-grid-thumb wp-post-image\" alt=\"\" loading=\"lazy\" \/>                    <\/div>\n    <\/a>\n\n    \n\n    <div class=\"user flex\">\n        \n                    <img decoding=\"async\" src=\"https:\/\/wettbewerb-archiv.wir-tun-was-fuer-bienen.de\/archiv-2023\/wp-content\/themes\/bienen\/assets\/images\/avatar-placeholder.png\" style=\"border-radius: 30px;\" height=\"30\" width=\"30\">\n            Linn\u00e8 Bienen            <\/div>\n    \n    \n            <p class=\"categories meta\" style=\"width: 100%\"><span class=\"fa fa-tag\"\n                                                             aria-hidden=\"true\"><\/span> Schulg\u00e4rten        <\/p>\n    \n            <p class=\"categories meta\" style=\"width: 100%\"><span class=\"fa fa-map-marker\"\n                                                             aria-hidden=\"true\"><\/span> Sachsen        <\/p>\n    \n<\/article>\n   \n\t\t\n          <article id=\"post-89476\" class=\"et_pb_post post-89476 wtwfb_entry type-wtwfb_entry status-publish has-post-thumbnail hentry wtwfb_category-kita-gaerten wtwfb_region-hessen\">\n    <h2 class=\"entry-title\"><a href=\"https:\/\/wettbewerb-archiv.wir-tun-was-fuer-bienen.de\/archiv-2023\/eintrag\/2023-futter-fuer-summer-und-brummer\/\">Futter f\u00fcr Summer und Brummer!<\/a>\n    <\/h2>\n    <a href=\"https:\/\/wettbewerb-archiv.wir-tun-was-fuer-bienen.de\/archiv-2023\/eintrag\/2023-futter-fuer-summer-und-brummer\/\">\n        <div class=\"bienen-entry-image\">\n            <img decoding=\"async\" width=\"400\" height=\"300\" src=\"https:\/\/wettbewerb-archiv.wir-tun-was-fuer-bienen.de\/archiv-2023\/wp-content\/uploads\/sites\/8\/2023\/04\/20230424_133247-400x300.jpg\" class=\"attachment-bienen-grid-thumb size-bienen-grid-thumb wp-post-image\" alt=\"\" loading=\"lazy\" srcset=\"https:\/\/wettbewerb-archiv.wir-tun-was-fuer-bienen.de\/archiv-2023\/wp-content\/uploads\/sites\/8\/2023\/04\/20230424_133247-400x300.jpg 400w, https:\/\/wettbewerb-archiv.wir-tun-was-fuer-bienen.de\/archiv-2023\/wp-content\/uploads\/sites\/8\/2023\/04\/20230424_133247-768x576.jpg 768w, https:\/\/wettbewerb-archiv.wir-tun-was-fuer-bienen.de\/archiv-2023\/wp-content\/uploads\/sites\/8\/2023\/04\/20230424_133247-1024x768.jpg 1024w, https:\/\/wettbewerb-archiv.wir-tun-was-fuer-bienen.de\/archiv-2023\/wp-content\/uploads\/sites\/8\/2023\/04\/20230424_133247.jpg 1920w\" sizes=\"(max-width: 400px) 100vw, 400px\" \/>                    <\/div>\n    <\/a>\n\n    \n\n    <div class=\"user flex\">\n        \n                    <img decoding=\"async\" src=\"https:\/\/wettbewerb-archiv.wir-tun-was-fuer-bienen.de\/archiv-2023\/wp-content\/themes\/bienen\/assets\/images\/avatar-placeholder.png\" style=\"border-radius: 30px;\" height=\"30\" width=\"30\">\n            Evangelische KITA Nidderau Heldenbergen            <\/div>\n    \n    \n            <p class=\"categories meta\" style=\"width: 100%\"><span class=\"fa fa-tag\"\n                                                             aria-hidden=\"true\"><\/span> Kita-G\u00e4rten        <\/p>\n    \n            <p class=\"categories meta\" style=\"width: 100%\"><span class=\"fa fa-map-marker\"\n                                                             aria-hidden=\"true\"><\/span> Hessen        <\/p>\n    \n<\/article>\n   \n\t\t\n          <article id=\"post-89452\" class=\"et_pb_post post-89452 wtwfb_entry type-wtwfb_entry status-publish has-post-thumbnail hentry wtwfb_category-schul-und-jugendclubgaerten wtwfb_region-nordrhein-westfalen\">\n    <h2 class=\"entry-title\"><a href=\"https:\/\/wettbewerb-archiv.wir-tun-was-fuer-bienen.de\/archiv-2023\/eintrag\/2023-der-foerderverein-der-grundschule-barkhausen-bietet-die-schul-ag-querbeet-durchs-gartenjahr-an\/\">Der F\u00f6rderverein der Grundschule Barkhausen bietet die...<\/a>\n    <\/h2>\n    <a href=\"https:\/\/wettbewerb-archiv.wir-tun-was-fuer-bienen.de\/archiv-2023\/eintrag\/2023-der-foerderverein-der-grundschule-barkhausen-bietet-die-schul-ag-querbeet-durchs-gartenjahr-an\/\">\n        <div class=\"bienen-entry-image\">\n            <img decoding=\"async\" width=\"400\" height=\"300\" src=\"https:\/\/wettbewerb-archiv.wir-tun-was-fuer-bienen.de\/archiv-2023\/wp-content\/uploads\/sites\/8\/2023\/04\/IMG_7323-400x300.jpg\" class=\"attachment-bienen-grid-thumb size-bienen-grid-thumb wp-post-image\" alt=\"\" loading=\"lazy\" \/>                    <\/div>\n    <\/a>\n\n    \n\n    <div class=\"user flex\">\n        \n                    <img decoding=\"async\" src=\"https:\/\/wettbewerb-archiv.wir-tun-was-fuer-bienen.de\/archiv-2023\/wp-content\/themes\/bienen\/assets\/images\/avatar-placeholder.png\" style=\"border-radius: 30px;\" height=\"30\" width=\"30\">\n            AG \"Querbeet durchs Gartenjahr\u201c GS Barkhausen            <\/div>\n    \n    \n            <p class=\"categories meta\" style=\"width: 100%\"><span class=\"fa fa-tag\"\n                                                             aria-hidden=\"true\"><\/span> Schulg\u00e4rten        <\/p>\n    \n            <p class=\"categories meta\" style=\"width: 100%\"><span class=\"fa fa-map-marker\"\n                                                             aria-hidden=\"true\"><\/span> Nordrhein-Westfalen        <\/p>\n    \n<\/article>\n   \n\t\t\n          <article id=\"post-89434\" class=\"et_pb_post post-89434 wtwfb_entry type-wtwfb_entry status-publish has-post-thumbnail hentry wtwfb_category-schul-und-jugendclubgaerten wtwfb_region-bayern\">\n    <h2 class=\"entry-title\"><a href=\"https:\/\/wettbewerb-archiv.wir-tun-was-fuer-bienen.de\/archiv-2023\/eintrag\/2023-kuechenkraeuter-fuer-den-pausensnack\/\">K\u00fcchenkr\u00e4uter f\u00fcr den Pausensnack<\/a>\n    <\/h2>\n    <a href=\"https:\/\/wettbewerb-archiv.wir-tun-was-fuer-bienen.de\/archiv-2023\/eintrag\/2023-kuechenkraeuter-fuer-den-pausensnack\/\">\n        <div class=\"bienen-entry-image\">\n            <img decoding=\"async\" width=\"400\" height=\"300\" src=\"https:\/\/wettbewerb-archiv.wir-tun-was-fuer-bienen.de\/archiv-2023\/wp-content\/uploads\/sites\/8\/2023\/04\/20220511_122111-400x300.jpg\" class=\"attachment-bienen-grid-thumb size-bienen-grid-thumb wp-post-image\" alt=\"\" loading=\"lazy\" \/>                    <\/div>\n    <\/a>\n\n    \n\n    <div class=\"user flex\">\n        \n                    <img decoding=\"async\" src=\"https:\/\/wettbewerb-archiv.wir-tun-was-fuer-bienen.de\/archiv-2023\/wp-content\/themes\/bienen\/assets\/images\/avatar-placeholder.png\" style=\"border-radius: 30px;\" height=\"30\" width=\"30\">\n            Don Bosco Berufsschule            <\/div>\n    \n    \n            <p class=\"categories meta\" style=\"width: 100%\"><span class=\"fa fa-tag\"\n                                                             aria-hidden=\"true\"><\/span> Schulg\u00e4rten        <\/p>\n    \n            <p class=\"categories meta\" style=\"width: 100%\"><span class=\"fa fa-map-marker\"\n                                                             aria-hidden=\"true\"><\/span> Bayern        <\/p>\n    \n<\/article>\n   \n\t\t\n          <article id=\"post-89420\" class=\"et_pb_post post-89420 wtwfb_entry type-wtwfb_entry status-publish has-post-thumbnail hentry wtwfb_category-vereinsgaerten-liegenschaften-von-verwaltung-kirche-etc-sonstige wtwfb_region-baden-wuerttemberg\">\n    <h2 class=\"entry-title\"><a href=\"https:\/\/wettbewerb-archiv.wir-tun-was-fuer-bienen.de\/archiv-2023\/eintrag\/2023-ein-zuhause-fuer-bienen-kaefer-und-weitere-insekten-auf-unserer-rotkreuzwiese\/\">Ein Zuhause f\u00fcr Bienen, K\u00e4fer und weitere Insekten au...<\/a>\n    <\/h2>\n    <a href=\"https:\/\/wettbewerb-archiv.wir-tun-was-fuer-bienen.de\/archiv-2023\/eintrag\/2023-ein-zuhause-fuer-bienen-kaefer-und-weitere-insekten-auf-unserer-rotkreuzwiese\/\">\n        <div class=\"bienen-entry-image\">\n            <img decoding=\"async\" width=\"400\" height=\"300\" src=\"https:\/\/wettbewerb-archiv.wir-tun-was-fuer-bienen.de\/archiv-2023\/wp-content\/uploads\/sites\/8\/2023\/04\/20230419_143559-400x300.jpg\" class=\"attachment-bienen-grid-thumb size-bienen-grid-thumb wp-post-image\" alt=\"\" loading=\"lazy\" \/>                    <\/div>\n    <\/a>\n\n    \n\n    <div class=\"user flex\">\n        \n                    <img decoding=\"async\" src=\"https:\/\/wettbewerb-archiv.wir-tun-was-fuer-bienen.de\/archiv-2023\/wp-content\/themes\/bienen\/assets\/images\/avatar-placeholder.png\" style=\"border-radius: 30px;\" height=\"30\" width=\"30\">\n            Jugendrotkreuz Heddesheim            <\/div>\n    \n    \n            <p class=\"categories meta\" style=\"width: 100%\"><span class=\"fa fa-tag\"\n                                                             aria-hidden=\"true\"><\/span> Vereinsg\u00e4rten, Unis, Liegenschaften von Verwaltung, Kirche etc, Sonstige        <\/p>\n    \n            <p class=\"categories meta\" style=\"width: 100%\"><span class=\"fa fa-map-marker\"\n                                                             aria-hidden=\"true\"><\/span> Baden-W\u00fcrttemberg        <\/p>\n    \n<\/article>\n   \n\t\t\n          <article id=\"post-89415\" class=\"et_pb_post post-89415 wtwfb_entry type-wtwfb_entry status-publish has-post-thumbnail hentry wtwfb_category-schul-und-jugendclubgaerten wtwfb_region-hessen\">\n    <h2 class=\"entry-title\"><a href=\"https:\/\/wettbewerb-archiv.wir-tun-was-fuer-bienen.de\/archiv-2023\/eintrag\/2023-fledermaus-und-bienenfreundlicher-schulgarten\/\">Fledermaus- und bienenfreundlicher Schulgarten<\/a>\n    <\/h2>\n    <a href=\"https:\/\/wettbewerb-archiv.wir-tun-was-fuer-bienen.de\/archiv-2023\/eintrag\/2023-fledermaus-und-bienenfreundlicher-schulgarten\/\">\n        <div class=\"bienen-entry-image\">\n            <img decoding=\"async\" width=\"400\" height=\"300\" src=\"https:\/\/wettbewerb-archiv.wir-tun-was-fuer-bienen.de\/archiv-2023\/wp-content\/uploads\/sites\/8\/2023\/04\/20230423_155444-400x300.jpg\" class=\"attachment-bienen-grid-thumb size-bienen-grid-thumb wp-post-image\" alt=\"\" loading=\"lazy\" \/>                    <\/div>\n    <\/a>\n\n    \n\n    <div class=\"user flex\">\n        \n                    <img decoding=\"async\" src=\"https:\/\/wettbewerb-archiv.wir-tun-was-fuer-bienen.de\/archiv-2023\/wp-content\/themes\/bienen\/assets\/images\/avatar-placeholder.png\" style=\"border-radius: 30px;\" height=\"30\" width=\"30\">\n            Fledermausklasse Reichenberg-Schule            <\/div>\n    \n    \n            <p class=\"categories meta\" style=\"width: 100%\"><span class=\"fa fa-tag\"\n                                                             aria-hidden=\"true\"><\/span> Schulg\u00e4rten        <\/p>\n    \n            <p class=\"categories meta\" style=\"width: 100%\"><span class=\"fa fa-map-marker\"\n                                                             aria-hidden=\"true\"><\/span> Hessen        <\/p>\n    \n<\/article>\n   \n\t\t\n          <article id=\"post-89411\" class=\"et_pb_post post-89411 wtwfb_entry type-wtwfb_entry status-publish has-post-thumbnail hentry wtwfb_category-schul-und-jugendclubgaerten wtwfb_region-bayern\">\n    <h2 class=\"entry-title\"><a href=\"https:\/\/wettbewerb-archiv.wir-tun-was-fuer-bienen.de\/archiv-2023\/eintrag\/2023-die-gruenen-helden\/\">Die Gr\u00fcnen Helden<\/a>\n    <\/h2>\n    <a href=\"https:\/\/wettbewerb-archiv.wir-tun-was-fuer-bienen.de\/archiv-2023\/eintrag\/2023-die-gruenen-helden\/\">\n        <div class=\"bienen-entry-image\">\n            <img decoding=\"async\" width=\"400\" height=\"300\" src=\"https:\/\/wettbewerb-archiv.wir-tun-was-fuer-bienen.de\/archiv-2023\/wp-content\/uploads\/sites\/8\/2023\/04\/20230406_170614-400x300.jpg\" class=\"attachment-bienen-grid-thumb size-bienen-grid-thumb wp-post-image\" alt=\"\" loading=\"lazy\" \/>                    <\/div>\n    <\/a>\n\n    \n\n    <div class=\"user flex\">\n        \n                    <img decoding=\"async\" src=\"https:\/\/wettbewerb-archiv.wir-tun-was-fuer-bienen.de\/archiv-2023\/wp-content\/themes\/bienen\/assets\/images\/avatar-placeholder.png\" style=\"border-radius: 30px;\" height=\"30\" width=\"30\">\n            Die Gr\u00fcnen Helden            <\/div>\n    \n    \n            <p class=\"categories meta\" style=\"width: 100%\"><span class=\"fa fa-tag\"\n                                                             aria-hidden=\"true\"><\/span> Schulg\u00e4rten        <\/p>\n    \n            <p class=\"categories meta\" style=\"width: 100%\"><span class=\"fa fa-map-marker\"\n                                                             aria-hidden=\"true\"><\/span> Bayern        <\/p>\n    \n<\/article>\n   \n\t\t\n          <article id=\"post-89366\" class=\"et_pb_post post-89366 wtwfb_entry type-wtwfb_entry status-publish has-post-thumbnail hentry wtwfb_category-vereinsgaerten-liegenschaften-von-verwaltung-kirche-etc-sonstige wtwfb_region-berlin\">\n    <h2 class=\"entry-title\"><a href=\"https:\/\/wettbewerb-archiv.wir-tun-was-fuer-bienen.de\/archiv-2023\/eintrag\/2023-bee-a-hero\/\">Bee a Hero<\/a>\n    <\/h2>\n    <a href=\"https:\/\/wettbewerb-archiv.wir-tun-was-fuer-bienen.de\/archiv-2023\/eintrag\/2023-bee-a-hero\/\">\n        <div class=\"bienen-entry-image\">\n            <img decoding=\"async\" width=\"400\" height=\"300\" src=\"https:\/\/wettbewerb-archiv.wir-tun-was-fuer-bienen.de\/archiv-2023\/wp-content\/uploads\/sites\/8\/2023\/04\/e250f39b-fef2-4ffa-91ee-a1383083069d-400x300.jpg\" class=\"attachment-bienen-grid-thumb size-bienen-grid-thumb wp-post-image\" alt=\"\" loading=\"lazy\" srcset=\"https:\/\/wettbewerb-archiv.wir-tun-was-fuer-bienen.de\/archiv-2023\/wp-content\/uploads\/sites\/8\/2023\/04\/e250f39b-fef2-4ffa-91ee-a1383083069d-400x300.jpg 400w, https:\/\/wettbewerb-archiv.wir-tun-was-fuer-bienen.de\/archiv-2023\/wp-content\/uploads\/sites\/8\/2023\/04\/e250f39b-fef2-4ffa-91ee-a1383083069d-768x576.jpg 768w, https:\/\/wettbewerb-archiv.wir-tun-was-fuer-bienen.de\/archiv-2023\/wp-content\/uploads\/sites\/8\/2023\/04\/e250f39b-fef2-4ffa-91ee-a1383083069d-1024x768.jpg 1024w, https:\/\/wettbewerb-archiv.wir-tun-was-fuer-bienen.de\/archiv-2023\/wp-content\/uploads\/sites\/8\/2023\/04\/e250f39b-fef2-4ffa-91ee-a1383083069d.jpg 2048w\" sizes=\"(max-width: 400px) 100vw, 400px\" \/>                    <\/div>\n    <\/a>\n\n    \n\n    <div class=\"user flex\">\n        \n                    <img decoding=\"async\" src=\"https:\/\/wettbewerb-archiv.wir-tun-was-fuer-bienen.de\/archiv-2023\/wp-content\/themes\/bienen\/assets\/images\/avatar-placeholder.png\" style=\"border-radius: 30px;\" height=\"30\" width=\"30\">\n            Nachbarschaftshaus am K\u00f6rnerpark            <\/div>\n    \n    \n            <p class=\"categories meta\" style=\"width: 100%\"><span class=\"fa fa-tag\"\n                                                             aria-hidden=\"true\"><\/span> Vereinsg\u00e4rten, Unis, Liegenschaften von Verwaltung, Kirche etc, Sonstige        <\/p>\n    \n            <p class=\"categories meta\" style=\"width: 100%\"><span class=\"fa fa-map-marker\"\n                                                             aria-hidden=\"true\"><\/span> Berlin        <\/p>\n    \n<\/article>\n   \n\t\t\n          <article id=\"post-89360\" class=\"et_pb_post post-89360 wtwfb_entry type-wtwfb_entry status-publish has-post-thumbnail hentry wtwfb_category-kita-gaerten wtwfb_region-baden-wuerttemberg\">\n    <h2 class=\"entry-title\"><a href=\"https:\/\/wettbewerb-archiv.wir-tun-was-fuer-bienen.de\/archiv-2023\/eintrag\/2023-schloessle-gatrten-stuttgart\/\">Schl\u00f6ssle-Gatrten Stuttgart Untert\u00fcrkheim<\/a>\n    <\/h2>\n    <a href=\"https:\/\/wettbewerb-archiv.wir-tun-was-fuer-bienen.de\/archiv-2023\/eintrag\/2023-schloessle-gatrten-stuttgart\/\">\n        <div class=\"bienen-entry-image\">\n            <img decoding=\"async\" width=\"400\" height=\"300\" src=\"https:\/\/wettbewerb-archiv.wir-tun-was-fuer-bienen.de\/archiv-2023\/wp-content\/uploads\/sites\/8\/2023\/04\/20230420_075556-400x300.jpg\" class=\"attachment-bienen-grid-thumb size-bienen-grid-thumb wp-post-image\" alt=\"\" loading=\"lazy\" \/>                    <\/div>\n    <\/a>\n\n    \n\n    <div class=\"user flex\">\n        \n                    <img decoding=\"async\" src=\"https:\/\/wettbewerb-archiv.wir-tun-was-fuer-bienen.de\/archiv-2023\/wp-content\/themes\/bienen\/assets\/images\/avatar-placeholder.png\" style=\"border-radius: 30px;\" height=\"30\" width=\"30\">\n            Schl\u00f6ssle-Garten            <\/div>\n    \n    \n            <p class=\"categories meta\" style=\"width: 100%\"><span class=\"fa fa-tag\"\n                                                             aria-hidden=\"true\"><\/span> Kita-G\u00e4rten        <\/p>\n    \n            <p class=\"categories meta\" style=\"width: 100%\"><span class=\"fa fa-map-marker\"\n                                                             aria-hidden=\"true\"><\/span> Baden-W\u00fcrttemberg        <\/p>\n    \n<\/article>\n   \n\t\t\n          <article id=\"post-89346\" class=\"et_pb_post post-89346 wtwfb_entry type-wtwfb_entry status-publish has-post-thumbnail hentry wtwfb_category-kleingartenparzellen wtwfb_region-sachsen-anhalt\">\n    <h2 class=\"entry-title\"><a href=\"https:\/\/wettbewerb-archiv.wir-tun-was-fuer-bienen.de\/archiv-2023\/eintrag\/2023-anlegen-eines-staudenbeetes\/\">Anlegen eines Staudenbeetes<\/a>\n    <\/h2>\n    <a href=\"https:\/\/wettbewerb-archiv.wir-tun-was-fuer-bienen.de\/archiv-2023\/eintrag\/2023-anlegen-eines-staudenbeetes\/\">\n        <div class=\"bienen-entry-image\">\n            <img decoding=\"async\" width=\"400\" height=\"300\" src=\"https:\/\/wettbewerb-archiv.wir-tun-was-fuer-bienen.de\/archiv-2023\/wp-content\/uploads\/sites\/8\/2023\/04\/Anlegen-des-Staudenbettes-400x300.jpeg\" class=\"attachment-bienen-grid-thumb size-bienen-grid-thumb wp-post-image\" alt=\"\" loading=\"lazy\" \/>                    <\/div>\n    <\/a>\n\n    \n\n    <div class=\"user flex\">\n        \n                    <img decoding=\"async\" src=\"https:\/\/wettbewerb-archiv.wir-tun-was-fuer-bienen.de\/archiv-2023\/wp-content\/themes\/bienen\/assets\/images\/avatar-placeholder.png\" style=\"border-radius: 30px;\" height=\"30\" width=\"30\">\n            Gartenverein Abendfrieden Bahrendorf            <\/div>\n    \n    \n            <p class=\"categories meta\" style=\"width: 100%\"><span class=\"fa fa-tag\"\n                                                             aria-hidden=\"true\"><\/span> Kleingartenparzellen        <\/p>\n    \n            <p class=\"categories meta\" style=\"width: 100%\"><span class=\"fa fa-map-marker\"\n                                                             aria-hidden=\"true\"><\/span> Sachsen-Anhalt        <\/p>\n    \n<\/article>\n   \n\t\t\n          <article id=\"post-89333\" class=\"et_pb_post post-89333 wtwfb_entry type-wtwfb_entry status-publish has-post-thumbnail hentry wtwfb_category-schul-und-jugendclubgaerten wtwfb_region-bayern\">\n    <h2 class=\"entry-title\"><a href=\"https:\/\/wettbewerb-archiv.wir-tun-was-fuer-bienen.de\/archiv-2023\/eintrag\/2023-jandelsbrunn-blueht-auf\/\">Jandelsbrunn bl\u00fcht auf<\/a>\n    <\/h2>\n    <a href=\"https:\/\/wettbewerb-archiv.wir-tun-was-fuer-bienen.de\/archiv-2023\/eintrag\/2023-jandelsbrunn-blueht-auf\/\">\n        <div class=\"bienen-entry-image\">\n            <img decoding=\"async\" width=\"400\" height=\"300\" src=\"https:\/\/wettbewerb-archiv.wir-tun-was-fuer-bienen.de\/archiv-2023\/wp-content\/uploads\/sites\/8\/2023\/04\/HSU-Kuechenschelle-400x300.jpg\" class=\"attachment-bienen-grid-thumb size-bienen-grid-thumb wp-post-image\" alt=\"\" loading=\"lazy\" \/>                    <\/div>\n    <\/a>\n\n    \n\n    <div class=\"user flex\">\n        \n                    <img decoding=\"async\" src=\"https:\/\/wettbewerb-archiv.wir-tun-was-fuer-bienen.de\/archiv-2023\/wp-content\/themes\/bienen\/assets\/images\/avatar-placeholder.png\" style=\"border-radius: 30px;\" height=\"30\" width=\"30\">\n            Jandelsbrunn bl\u00fcht auf            <\/div>\n    \n    <p class=\"categories meta bienen-gewinner\"><span class=\"fa fa-trophy\"                                                              aria-hidden=\"true\"><\/span> Gewinner<\/p>\n            <p class=\"categories meta\" style=\"width: 100%\"><span class=\"fa fa-tag\"\n                                                             aria-hidden=\"true\"><\/span> Schulg\u00e4rten        <\/p>\n    \n            <p class=\"categories meta\" style=\"width: 100%\"><span class=\"fa fa-map-marker\"\n                                                             aria-hidden=\"true\"><\/span> Bayern        <\/p>\n    \n<\/article>\n   \n\t\t\n          <article id=\"post-89327\" class=\"et_pb_post post-89327 wtwfb_entry type-wtwfb_entry status-publish has-post-thumbnail hentry wtwfb_category-bestehende-naturgaerten wtwfb_region-sachsen\">\n    <h2 class=\"entry-title\"><a href=\"https:\/\/wettbewerb-archiv.wir-tun-was-fuer-bienen.de\/archiv-2023\/eintrag\/2023-vom-kaputten-fichtenwald-zur-lebensinsel\/\">Vom kaputten &#8222;Fichtenwald&#8220; zur Lebensinsel<\/a>\n    <\/h2>\n    <a href=\"https:\/\/wettbewerb-archiv.wir-tun-was-fuer-bienen.de\/archiv-2023\/eintrag\/2023-vom-kaputten-fichtenwald-zur-lebensinsel\/\">\n        <div class=\"bienen-entry-image\">\n            <img decoding=\"async\" width=\"400\" height=\"300\" src=\"https:\/\/wettbewerb-archiv.wir-tun-was-fuer-bienen.de\/archiv-2023\/wp-content\/uploads\/sites\/8\/2023\/04\/IMG_20230418_171324-400x300.jpg\" class=\"attachment-bienen-grid-thumb size-bienen-grid-thumb wp-post-image\" alt=\"\" loading=\"lazy\" \/>                    <\/div>\n    <\/a>\n\n    \n\n    <div class=\"user flex\">\n        \n                    <img decoding=\"async\" src=\"https:\/\/wettbewerb-archiv.wir-tun-was-fuer-bienen.de\/archiv-2023\/wp-content\/themes\/bienen\/assets\/images\/avatar-placeholder.png\" style=\"border-radius: 30px;\" height=\"30\" width=\"30\">\n            Hortus Semita            <\/div>\n    \n    \n            <p class=\"categories meta\" style=\"width: 100%\"><span class=\"fa fa-tag\"\n                                                             aria-hidden=\"true\"><\/span> Bestehende Naturg\u00e4rten (Pflege und Infoarbeit)        <\/p>\n    \n            <p class=\"categories meta\" style=\"width: 100%\"><span class=\"fa fa-map-marker\"\n                                                             aria-hidden=\"true\"><\/span> Sachsen        <\/p>\n    \n<\/article>\n   \n\t\t\n          <article id=\"post-89316\" class=\"et_pb_post post-89316 wtwfb_entry type-wtwfb_entry status-publish has-post-thumbnail hentry wtwfb_category-privatgaerten-klein-500-m2 wtwfb_region-hessen\">\n    <h2 class=\"entry-title\"><a href=\"https:\/\/wettbewerb-archiv.wir-tun-was-fuer-bienen.de\/archiv-2023\/eintrag\/2023-duftende-bluehende-auffahrt-ein-bienenbuffet\/\">Duftende, bl\u00fchende Auffahrt &#8211; ein Bienenbuffet u...<\/a>\n    <\/h2>\n    <a href=\"https:\/\/wettbewerb-archiv.wir-tun-was-fuer-bienen.de\/archiv-2023\/eintrag\/2023-duftende-bluehende-auffahrt-ein-bienenbuffet\/\">\n        <div class=\"bienen-entry-image\">\n            <img decoding=\"async\" width=\"400\" height=\"300\" src=\"https:\/\/wettbewerb-archiv.wir-tun-was-fuer-bienen.de\/archiv-2023\/wp-content\/uploads\/sites\/8\/2023\/06\/IMG_9204-400x300.jpeg\" class=\"attachment-bienen-grid-thumb size-bienen-grid-thumb wp-post-image\" alt=\"\" loading=\"lazy\" \/>                    <\/div>\n    <\/a>\n\n    \n\n    <div class=\"user flex\">\n        \n                    <img decoding=\"async\" src=\"https:\/\/wettbewerb-archiv.wir-tun-was-fuer-bienen.de\/archiv-2023\/wp-content\/themes\/bienen\/assets\/images\/avatar-placeholder.png\" style=\"border-radius: 30px;\" height=\"30\" width=\"30\">\n            Gartenjette            <\/div>\n    \n    \n            <p class=\"categories meta\" style=\"width: 100%\"><span class=\"fa fa-tag\"\n                                                             aria-hidden=\"true\"><\/span> Privatg\u00e4rten klein (bis 500 m2)        <\/p>\n    \n            <p class=\"categories meta\" style=\"width: 100%\"><span class=\"fa fa-map-marker\"\n                                                             aria-hidden=\"true\"><\/span> Hessen        <\/p>\n    \n<\/article>\n   \n\t\t\n          <article id=\"post-89252\" class=\"et_pb_post post-89252 wtwfb_entry type-wtwfb_entry status-publish has-post-thumbnail hentry wtwfb_category-kommunale-flaechen wtwfb_region-niedersachsen\">\n    <h2 class=\"entry-title\"><a href=\"https:\/\/wettbewerb-archiv.wir-tun-was-fuer-bienen.de\/archiv-2023\/eintrag\/2023-schapen-blueht-auf\/\">Schapen bl\u00fcht auf &#8211; Retterwiese auf dem Friedhof<\/a>\n    <\/h2>\n    <a href=\"https:\/\/wettbewerb-archiv.wir-tun-was-fuer-bienen.de\/archiv-2023\/eintrag\/2023-schapen-blueht-auf\/\">\n        <div class=\"bienen-entry-image\">\n            <img decoding=\"async\" width=\"400\" height=\"300\" src=\"https:\/\/wettbewerb-archiv.wir-tun-was-fuer-bienen.de\/archiv-2023\/wp-content\/uploads\/sites\/8\/2023\/04\/IMG_9333-400x300.jpeg\" class=\"attachment-bienen-grid-thumb size-bienen-grid-thumb wp-post-image\" alt=\"\" loading=\"lazy\" \/>                    <\/div>\n    <\/a>\n\n    \n\n    <div class=\"user flex\">\n        \n                    <img decoding=\"async\" src=\"https:\/\/wettbewerb-archiv.wir-tun-was-fuer-bienen.de\/archiv-2023\/wp-content\/themes\/bienen\/assets\/images\/avatar-placeholder.png\" style=\"border-radius: 30px;\" height=\"30\" width=\"30\">\n            Schapen bl\u00fcht auf            <\/div>\n    \n    \n            <p class=\"categories meta\" style=\"width: 100%\"><span class=\"fa fa-tag\"\n                                                             aria-hidden=\"true\"><\/span> Kommunale Fl\u00e4chen        <\/p>\n    \n            <p class=\"categories meta\" style=\"width: 100%\"><span class=\"fa fa-map-marker\"\n                                                             aria-hidden=\"true\"><\/span> Niedersachsen        <\/p>\n    \n<\/article>\n   \n\t\t\n          <article id=\"post-89240\" class=\"et_pb_post post-89240 wtwfb_entry type-wtwfb_entry status-publish has-post-thumbnail hentry wtwfb_category-schul-und-jugendclubgaerten wtwfb_region-niedersachsen\">\n    <h2 class=\"entry-title\"><a href=\"https:\/\/wettbewerb-archiv.wir-tun-was-fuer-bienen.de\/archiv-2023\/eintrag\/2023-unser-gruenes-klassenzimmer\/\">Unser gr\u00fcnes Klassenzimmer<\/a>\n    <\/h2>\n    <a href=\"https:\/\/wettbewerb-archiv.wir-tun-was-fuer-bienen.de\/archiv-2023\/eintrag\/2023-unser-gruenes-klassenzimmer\/\">\n        <div class=\"bienen-entry-image\">\n            <img decoding=\"async\" width=\"400\" height=\"300\" src=\"https:\/\/wettbewerb-archiv.wir-tun-was-fuer-bienen.de\/archiv-2023\/wp-content\/uploads\/sites\/8\/2023\/04\/IMG-20230425-WA0001-400x300.jpg\" class=\"attachment-bienen-grid-thumb size-bienen-grid-thumb wp-post-image\" alt=\"\" loading=\"lazy\" srcset=\"https:\/\/wettbewerb-archiv.wir-tun-was-fuer-bienen.de\/archiv-2023\/wp-content\/uploads\/sites\/8\/2023\/04\/IMG-20230425-WA0001-400x300.jpg 400w, https:\/\/wettbewerb-archiv.wir-tun-was-fuer-bienen.de\/archiv-2023\/wp-content\/uploads\/sites\/8\/2023\/04\/IMG-20230425-WA0001-768x576.jpg 768w, https:\/\/wettbewerb-archiv.wir-tun-was-fuer-bienen.de\/archiv-2023\/wp-content\/uploads\/sites\/8\/2023\/04\/IMG-20230425-WA0001-1024x769.jpg 1024w, https:\/\/wettbewerb-archiv.wir-tun-was-fuer-bienen.de\/archiv-2023\/wp-content\/uploads\/sites\/8\/2023\/04\/IMG-20230425-WA0001.jpg 1600w\" sizes=\"(max-width: 400px) 100vw, 400px\" \/>                    <\/div>\n    <\/a>\n\n    \n\n    <div class=\"user flex\">\n        \n                    <img decoding=\"async\" src=\"https:\/\/wettbewerb-archiv.wir-tun-was-fuer-bienen.de\/archiv-2023\/wp-content\/themes\/bienen\/assets\/images\/avatar-placeholder.png\" style=\"border-radius: 30px;\" height=\"30\" width=\"30\">\n            F\u00f6rderverein Grundschule Hoeltinghausen            <\/div>\n    \n    \n            <p class=\"categories meta\" style=\"width: 100%\"><span class=\"fa fa-tag\"\n                                                             aria-hidden=\"true\"><\/span> Schulg\u00e4rten        <\/p>\n    \n            <p class=\"categories meta\" style=\"width: 100%\"><span class=\"fa fa-map-marker\"\n                                                             aria-hidden=\"true\"><\/span> Niedersachsen        <\/p>\n    \n<\/article>\n   \n\t\t\n          <article id=\"post-89232\" class=\"et_pb_post post-89232 wtwfb_entry type-wtwfb_entry status-publish has-post-thumbnail hentry wtwfb_category-schul-und-jugendclubgaerten wtwfb_region-berlin\">\n    <h2 class=\"entry-title\"><a href=\"https:\/\/wettbewerb-archiv.wir-tun-was-fuer-bienen.de\/archiv-2023\/eintrag\/2023-campusbienen-%f0%9f%90%9d\/\">Die Campusbienen \ud83d\udc1d Hannah H\u00f6ch Gemeinschaftsschule<\/a>\n    <\/h2>\n    <a href=\"https:\/\/wettbewerb-archiv.wir-tun-was-fuer-bienen.de\/archiv-2023\/eintrag\/2023-campusbienen-%f0%9f%90%9d\/\">\n        <div class=\"bienen-entry-image\">\n            <img decoding=\"async\" width=\"400\" height=\"300\" src=\"https:\/\/wettbewerb-archiv.wir-tun-was-fuer-bienen.de\/archiv-2023\/wp-content\/uploads\/sites\/8\/2023\/04\/82602170-51FF-4B6A-A0D2-7258DEFB5FB7-400x300.jpeg\" class=\"attachment-bienen-grid-thumb size-bienen-grid-thumb wp-post-image\" alt=\"\" loading=\"lazy\" \/>                    <\/div>\n    <\/a>\n\n    \n\n    <div class=\"user flex\">\n        \n                    <img decoding=\"async\" src=\"https:\/\/wettbewerb-archiv.wir-tun-was-fuer-bienen.de\/archiv-2023\/wp-content\/themes\/bienen\/assets\/images\/avatar-placeholder.png\" style=\"border-radius: 30px;\" height=\"30\" width=\"30\">\n            Campusbienen            <\/div>\n    \n    \n            <p class=\"categories meta\" style=\"width: 100%\"><span class=\"fa fa-tag\"\n                                                             aria-hidden=\"true\"><\/span> Schulg\u00e4rten        <\/p>\n    \n            <p class=\"categories meta\" style=\"width: 100%\"><span class=\"fa fa-map-marker\"\n                                                             aria-hidden=\"true\"><\/span> Berlin        <\/p>\n    \n<\/article>\n   \n\t\t\n          <article id=\"post-89211\" class=\"et_pb_post post-89211 wtwfb_entry type-wtwfb_entry status-publish has-post-thumbnail hentry wtwfb_category-privatgaerten-klein-500-m2 wtwfb_region-hessen\">\n    <h2 class=\"entry-title\"><a href=\"https:\/\/wettbewerb-archiv.wir-tun-was-fuer-bienen.de\/archiv-2023\/eintrag\/2023-insektenfreundlicher-vorgarten\/\">Insektenfreundlicher Vorgarten<\/a>\n    <\/h2>\n    <a href=\"https:\/\/wettbewerb-archiv.wir-tun-was-fuer-bienen.de\/archiv-2023\/eintrag\/2023-insektenfreundlicher-vorgarten\/\">\n        <div class=\"bienen-entry-image\">\n            <img decoding=\"async\" width=\"400\" height=\"300\" src=\"https:\/\/wettbewerb-archiv.wir-tun-was-fuer-bienen.de\/archiv-2023\/wp-content\/uploads\/sites\/8\/2023\/04\/20230325_080957-1-400x300.jpg\" class=\"attachment-bienen-grid-thumb size-bienen-grid-thumb wp-post-image\" alt=\"\" loading=\"lazy\" \/>                    <\/div>\n    <\/a>\n\n    \n\n    <div class=\"user flex\">\n        \n                    <img decoding=\"async\" src=\"https:\/\/wettbewerb-archiv.wir-tun-was-fuer-bienen.de\/archiv-2023\/wp-content\/themes\/bienen\/assets\/images\/avatar-placeholder.png\" style=\"border-radius: 30px;\" height=\"30\" width=\"30\">\n            Familie Cr\u00f6\u00dfmann            <\/div>\n    \n    \n            <p class=\"categories meta\" style=\"width: 100%\"><span class=\"fa fa-tag\"\n                                                             aria-hidden=\"true\"><\/span> Privatg\u00e4rten klein (bis 500 m2)        <\/p>\n    \n            <p class=\"categories meta\" style=\"width: 100%\"><span class=\"fa fa-map-marker\"\n                                                             aria-hidden=\"true\"><\/span> Hessen        <\/p>\n    \n<\/article>\n   \n\t\t\n          <article id=\"post-89202\" class=\"et_pb_post post-89202 wtwfb_entry type-wtwfb_entry status-publish has-post-thumbnail hentry wtwfb_category-schul-und-jugendclubgaerten wtwfb_region-nordrhein-westfalen\">\n    <h2 class=\"entry-title\"><a href=\"https:\/\/wettbewerb-archiv.wir-tun-was-fuer-bienen.de\/archiv-2023\/eintrag\/2023-unser-schulhof-wird-insektenfreundlich\/\">Unser Schulhof wird insektenfreundlich!<\/a>\n    <\/h2>\n    <a href=\"https:\/\/wettbewerb-archiv.wir-tun-was-fuer-bienen.de\/archiv-2023\/eintrag\/2023-unser-schulhof-wird-insektenfreundlich\/\">\n        <div class=\"bienen-entry-image\">\n            <img decoding=\"async\" width=\"400\" height=\"300\" src=\"https:\/\/wettbewerb-archiv.wir-tun-was-fuer-bienen.de\/archiv-2023\/wp-content\/uploads\/sites\/8\/2023\/04\/WhatsApp-Image-2023-04-21-at-15.58.17-400x300.jpeg\" class=\"attachment-bienen-grid-thumb size-bienen-grid-thumb wp-post-image\" alt=\"\" loading=\"lazy\" srcset=\"https:\/\/wettbewerb-archiv.wir-tun-was-fuer-bienen.de\/archiv-2023\/wp-content\/uploads\/sites\/8\/2023\/04\/WhatsApp-Image-2023-04-21-at-15.58.17-400x300.jpeg 400w, https:\/\/wettbewerb-archiv.wir-tun-was-fuer-bienen.de\/archiv-2023\/wp-content\/uploads\/sites\/8\/2023\/04\/WhatsApp-Image-2023-04-21-at-15.58.17-768x576.jpeg 768w, https:\/\/wettbewerb-archiv.wir-tun-was-fuer-bienen.de\/archiv-2023\/wp-content\/uploads\/sites\/8\/2023\/04\/WhatsApp-Image-2023-04-21-at-15.58.17-1024x768.jpeg 1024w, https:\/\/wettbewerb-archiv.wir-tun-was-fuer-bienen.de\/archiv-2023\/wp-content\/uploads\/sites\/8\/2023\/04\/WhatsApp-Image-2023-04-21-at-15.58.17.jpeg 2000w\" sizes=\"(max-width: 400px) 100vw, 400px\" \/>                    <\/div>\n    <\/a>\n\n    \n\n    <div class=\"user flex\">\n        \n                    <img decoding=\"async\" src=\"https:\/\/wettbewerb-archiv.wir-tun-was-fuer-bienen.de\/archiv-2023\/wp-content\/themes\/bienen\/assets\/images\/avatar-placeholder.png\" style=\"border-radius: 30px;\" height=\"30\" width=\"30\">\n            Grundschule Meyerstrasse            <\/div>\n    \n    \n            <p class=\"categories meta\" style=\"width: 100%\"><span class=\"fa fa-tag\"\n                                                             aria-hidden=\"true\"><\/span> Schulg\u00e4rten        <\/p>\n    \n            <p class=\"categories meta\" style=\"width: 100%\"><span class=\"fa fa-map-marker\"\n                                                             aria-hidden=\"true\"><\/span> Nordrhein-Westfalen        <\/p>\n    \n<\/article>\n   \n\t\t\n          <article id=\"post-89192\" class=\"et_pb_post post-89192 wtwfb_entry type-wtwfb_entry status-publish has-post-thumbnail hentry wtwfb_category-kita-gaerten wtwfb_region-hamburg\">\n    <h2 class=\"entry-title\"><a href=\"https:\/\/wettbewerb-archiv.wir-tun-was-fuer-bienen.de\/archiv-2023\/eintrag\/2023-ein-kraeuterbeet-fuer-die-insekten-und-die-wurzelkinder\/\">Ein Kr\u00e4uterbeet f\u00fcr die Insekten und die Wurzelkinder<\/a>\n    <\/h2>\n    <a href=\"https:\/\/wettbewerb-archiv.wir-tun-was-fuer-bienen.de\/archiv-2023\/eintrag\/2023-ein-kraeuterbeet-fuer-die-insekten-und-die-wurzelkinder\/\">\n        <div class=\"bienen-entry-image\">\n            <img decoding=\"async\" width=\"400\" height=\"300\" src=\"https:\/\/wettbewerb-archiv.wir-tun-was-fuer-bienen.de\/archiv-2023\/wp-content\/uploads\/sites\/8\/2023\/04\/Wurzelkinder.Logo_-400x300.jpg\" class=\"attachment-bienen-grid-thumb size-bienen-grid-thumb wp-post-image\" alt=\"\" loading=\"lazy\" \/>                    <\/div>\n    <\/a>\n\n    \n\n    <div class=\"user flex\">\n        \n                    <img decoding=\"async\" src=\"https:\/\/wettbewerb-archiv.wir-tun-was-fuer-bienen.de\/archiv-2023\/wp-content\/themes\/bienen\/assets\/images\/avatar-placeholder.png\" style=\"border-radius: 30px;\" height=\"30\" width=\"30\">\n            Kindertagesst\u00e4tte Wurzelkinder            <\/div>\n    \n    \n            <p class=\"categories meta\" style=\"width: 100%\"><span class=\"fa fa-tag\"\n                                                             aria-hidden=\"true\"><\/span> Kita-G\u00e4rten        <\/p>\n    \n            <p class=\"categories meta\" style=\"width: 100%\"><span class=\"fa fa-map-marker\"\n                                                             aria-hidden=\"true\"><\/span> Hamburg        <\/p>\n    \n<\/article>\n   \n\t\t\n          <article id=\"post-89189\" class=\"et_pb_post post-89189 wtwfb_entry type-wtwfb_entry status-publish has-post-thumbnail hentry wtwfb_category-schul-und-jugendclubgaerten wtwfb_region-berlin\">\n    <h2 class=\"entry-title\"><a href=\"https:\/\/wettbewerb-archiv.wir-tun-was-fuer-bienen.de\/archiv-2023\/eintrag\/2023-bienengarten-an-der-tesla-gemeinschaftsschule\/\">Bienengarten an der Tesla-Gemeinschaftsschule<\/a>\n    <\/h2>\n    <a href=\"https:\/\/wettbewerb-archiv.wir-tun-was-fuer-bienen.de\/archiv-2023\/eintrag\/2023-bienengarten-an-der-tesla-gemeinschaftsschule\/\">\n        <div class=\"bienen-entry-image\">\n            <img decoding=\"async\" width=\"400\" height=\"300\" src=\"https:\/\/wettbewerb-archiv.wir-tun-was-fuer-bienen.de\/archiv-2023\/wp-content\/uploads\/sites\/8\/2023\/04\/Tesla-Gemeinschaftsschule-400x300.jpg\" class=\"attachment-bienen-grid-thumb size-bienen-grid-thumb wp-post-image\" alt=\"\" loading=\"lazy\" \/>                    <\/div>\n    <\/a>\n\n    \n\n    <div class=\"user flex\">\n        \n                    <img decoding=\"async\" src=\"https:\/\/wettbewerb-archiv.wir-tun-was-fuer-bienen.de\/archiv-2023\/wp-content\/themes\/bienen\/assets\/images\/avatar-placeholder.png\" style=\"border-radius: 30px;\" height=\"30\" width=\"30\">\n            Bienenfreunde an der Tesla-Gemeinschaftsschule            <\/div>\n    \n    \n            <p class=\"categories meta\" style=\"width: 100%\"><span class=\"fa fa-tag\"\n                                                             aria-hidden=\"true\"><\/span> Schulg\u00e4rten        <\/p>\n    \n            <p class=\"categories meta\" style=\"width: 100%\"><span class=\"fa fa-map-marker\"\n                                                             aria-hidden=\"true\"><\/span> Berlin        <\/p>\n    \n<\/article>\n   \n\t\t\n          <article id=\"post-89156\" class=\"et_pb_post post-89156 wtwfb_entry type-wtwfb_entry status-publish has-post-thumbnail hentry wtwfb_category-privatgaerten-klein-500-m2 wtwfb_region-nordrhein-westfalen\">\n    <h2 class=\"entry-title\"><a href=\"https:\/\/wettbewerb-archiv.wir-tun-was-fuer-bienen.de\/archiv-2023\/eintrag\/2023-bienen-saatgut-als-dankeschoen-fuer-unser-crowdfunding-projekt-bei-startnext-plastikalarm\/\">Bienen-Saatgut als Dankesch\u00f6n f\u00fcr unser Crowdfunding-...<\/a>\n    <\/h2>\n    <a href=\"https:\/\/wettbewerb-archiv.wir-tun-was-fuer-bienen.de\/archiv-2023\/eintrag\/2023-bienen-saatgut-als-dankeschoen-fuer-unser-crowdfunding-projekt-bei-startnext-plastikalarm\/\">\n        <div class=\"bienen-entry-image\">\n            <img decoding=\"async\" width=\"400\" height=\"300\" src=\"https:\/\/wettbewerb-archiv.wir-tun-was-fuer-bienen.de\/archiv-2023\/wp-content\/uploads\/sites\/8\/2023\/04\/IMG_7557-400x300.jpeg\" class=\"attachment-bienen-grid-thumb size-bienen-grid-thumb wp-post-image\" alt=\"\" loading=\"lazy\" \/>                    <\/div>\n    <\/a>\n\n    \n\n    <div class=\"user flex\">\n        \n                    <img decoding=\"async\" src=\"https:\/\/wettbewerb-archiv.wir-tun-was-fuer-bienen.de\/archiv-2023\/wp-content\/themes\/bienen\/assets\/images\/avatar-placeholder.png\" style=\"border-radius: 30px;\" height=\"30\" width=\"30\">\n            Die Umweltfreunde: Plastikalarm            <\/div>\n    \n    \n            <p class=\"categories meta\" style=\"width: 100%\"><span class=\"fa fa-tag\"\n                                                             aria-hidden=\"true\"><\/span> Privatg\u00e4rten klein (bis 500 m2)        <\/p>\n    \n            <p class=\"categories meta\" style=\"width: 100%\"><span class=\"fa fa-map-marker\"\n                                                             aria-hidden=\"true\"><\/span> Nordrhein-Westfalen        <\/p>\n    \n<\/article>\n   \n\t\t\n          <article id=\"post-89143\" class=\"et_pb_post post-89143 wtwfb_entry type-wtwfb_entry status-publish has-post-thumbnail hentry wtwfb_category-schul-und-jugendclubgaerten wtwfb_region-brandenburg\">\n    <h2 class=\"entry-title\"><a href=\"https:\/\/wettbewerb-archiv.wir-tun-was-fuer-bienen.de\/archiv-2023\/eintrag\/2023-ein-paradies-fuer-wildbienen\/\">Ein Paradies f\u00fcr Wildbienen<\/a>\n    <\/h2>\n    <a href=\"https:\/\/wettbewerb-archiv.wir-tun-was-fuer-bienen.de\/archiv-2023\/eintrag\/2023-ein-paradies-fuer-wildbienen\/\">\n        <div class=\"bienen-entry-image\">\n            <img decoding=\"async\" width=\"400\" height=\"300\" src=\"https:\/\/wettbewerb-archiv.wir-tun-was-fuer-bienen.de\/archiv-2023\/wp-content\/uploads\/sites\/8\/2023\/04\/Collage_20230322_190650-400x300.jpg\" class=\"attachment-bienen-grid-thumb size-bienen-grid-thumb wp-post-image\" alt=\"\" loading=\"lazy\" \/>                    <\/div>\n    <\/a>\n\n    \n\n    <div class=\"user flex\">\n        \n                    <img decoding=\"async\" src=\"https:\/\/wettbewerb-archiv.wir-tun-was-fuer-bienen.de\/archiv-2023\/wp-content\/themes\/bienen\/assets\/images\/avatar-placeholder.png\" style=\"border-radius: 30px;\" height=\"30\" width=\"30\">\n            Umwelt und Naturkids            <\/div>\n    \n    \n            <p class=\"categories meta\" style=\"width: 100%\"><span class=\"fa fa-tag\"\n                                                             aria-hidden=\"true\"><\/span> Schulg\u00e4rten        <\/p>\n    \n            <p class=\"categories meta\" style=\"width: 100%\"><span class=\"fa fa-map-marker\"\n                                                             aria-hidden=\"true\"><\/span> Brandenburg        <\/p>\n    \n<\/article>\n   \n\t\t\n          <article id=\"post-89135\" class=\"et_pb_post post-89135 wtwfb_entry type-wtwfb_entry status-publish has-post-thumbnail hentry wtwfb_category-kita-gaerten wtwfb_region-hessen\">\n    <h2 class=\"entry-title\"><a href=\"https:\/\/wettbewerb-archiv.wir-tun-was-fuer-bienen.de\/archiv-2023\/eintrag\/2023-von-grau-zu-bunt\/\">von grau zu bunt<\/a>\n    <\/h2>\n    <a href=\"https:\/\/wettbewerb-archiv.wir-tun-was-fuer-bienen.de\/archiv-2023\/eintrag\/2023-von-grau-zu-bunt\/\">\n        <div class=\"bienen-entry-image\">\n            <img decoding=\"async\" width=\"400\" height=\"300\" src=\"https:\/\/wettbewerb-archiv.wir-tun-was-fuer-bienen.de\/archiv-2023\/wp-content\/uploads\/sites\/8\/2023\/04\/IMG_20210218_142256-400x300.jpg\" class=\"attachment-bienen-grid-thumb size-bienen-grid-thumb wp-post-image\" alt=\"\" loading=\"lazy\" \/>                    <\/div>\n    <\/a>\n\n    \n\n    <div class=\"user flex\">\n        \n                    <img decoding=\"async\" src=\"https:\/\/wettbewerb-archiv.wir-tun-was-fuer-bienen.de\/archiv-2023\/wp-content\/themes\/bienen\/assets\/images\/avatar-placeholder.png\" style=\"border-radius: 30px;\" height=\"30\" width=\"30\">\n            Kurtis            <\/div>\n    \n    \n            <p class=\"categories meta\" style=\"width: 100%\"><span class=\"fa fa-tag\"\n                                                             aria-hidden=\"true\"><\/span> Kita-G\u00e4rten        <\/p>\n    \n            <p class=\"categories meta\" style=\"width: 100%\"><span class=\"fa fa-map-marker\"\n                                                             aria-hidden=\"true\"><\/span> Hessen        <\/p>\n    \n<\/article>\n   \n\t\t\n          <article id=\"post-89133\" class=\"et_pb_post post-89133 wtwfb_entry type-wtwfb_entry status-publish has-post-thumbnail hentry wtwfb_category-kita-gaerten wtwfb_region-schleswig-holstein\">\n    <h2 class=\"entry-title\"><a href=\"https:\/\/wettbewerb-archiv.wir-tun-was-fuer-bienen.de\/archiv-2023\/eintrag\/2023-zuhause-fuer-bienen\/\">Zuhause f\u00fcr Bienen<\/a>\n    <\/h2>\n    <a href=\"https:\/\/wettbewerb-archiv.wir-tun-was-fuer-bienen.de\/archiv-2023\/eintrag\/2023-zuhause-fuer-bienen\/\">\n        <div class=\"bienen-entry-image\">\n            <img decoding=\"async\" width=\"400\" height=\"300\" src=\"https:\/\/wettbewerb-archiv.wir-tun-was-fuer-bienen.de\/archiv-2023\/wp-content\/uploads\/sites\/8\/2023\/04\/DDC2D3AE-CC27-4AAA-8C02-303C031BA666-400x300.jpeg\" class=\"attachment-bienen-grid-thumb size-bienen-grid-thumb wp-post-image\" alt=\"\" loading=\"lazy\" \/>                    <\/div>\n    <\/a>\n\n    \n\n    <div class=\"user flex\">\n        \n                    <img decoding=\"async\" src=\"https:\/\/wettbewerb-archiv.wir-tun-was-fuer-bienen.de\/archiv-2023\/wp-content\/themes\/bienen\/assets\/images\/avatar-placeholder.png\" style=\"border-radius: 30px;\" height=\"30\" width=\"30\">\n            Kinnergoorn K\u00fcselwind            <\/div>\n    \n    \n            <p class=\"categories meta\" style=\"width: 100%\"><span class=\"fa fa-tag\"\n                                                             aria-hidden=\"true\"><\/span> Kita-G\u00e4rten        <\/p>\n    \n            <p class=\"categories meta\" style=\"width: 100%\"><span class=\"fa fa-map-marker\"\n                                                             aria-hidden=\"true\"><\/span> Schleswig-Holstein        <\/p>\n    \n<\/article>\n   \n\t\t\n          <article id=\"post-89129\" class=\"et_pb_post post-89129 wtwfb_entry type-wtwfb_entry status-publish has-post-thumbnail hentry wtwfb_category-privatgaerten-klein-500-m2 wtwfb_region-hessen\">\n    <h2 class=\"entry-title\"><a href=\"https:\/\/wettbewerb-archiv.wir-tun-was-fuer-bienen.de\/archiv-2023\/eintrag\/2023-mein-eigenes-haus\/\">Mein eigenes Haus<\/a>\n    <\/h2>\n    <a href=\"https:\/\/wettbewerb-archiv.wir-tun-was-fuer-bienen.de\/archiv-2023\/eintrag\/2023-mein-eigenes-haus\/\">\n        <div class=\"bienen-entry-image\">\n            <img decoding=\"async\" width=\"400\" height=\"300\" src=\"https:\/\/wettbewerb-archiv.wir-tun-was-fuer-bienen.de\/archiv-2023\/wp-content\/uploads\/sites\/8\/2023\/04\/IMG_20210222_153753-400x300.jpg\" class=\"attachment-bienen-grid-thumb size-bienen-grid-thumb wp-post-image\" alt=\"\" loading=\"lazy\" \/>                    <\/div>\n    <\/a>\n\n    \n\n    <div class=\"user flex\">\n        \n                    <img decoding=\"async\" src=\"https:\/\/wettbewerb-archiv.wir-tun-was-fuer-bienen.de\/archiv-2023\/wp-content\/themes\/bienen\/assets\/images\/avatar-placeholder.png\" style=\"border-radius: 30px;\" height=\"30\" width=\"30\">\n            staki            <\/div>\n    \n    \n            <p class=\"categories meta\" style=\"width: 100%\"><span class=\"fa fa-tag\"\n                                                             aria-hidden=\"true\"><\/span> Privatg\u00e4rten klein (bis 500 m2)        <\/p>\n    \n            <p class=\"categories meta\" style=\"width: 100%\"><span class=\"fa fa-map-marker\"\n                                                             aria-hidden=\"true\"><\/span> Hessen        <\/p>\n    \n<\/article>\n   \n\t\t\n          <article id=\"post-89120\" class=\"et_pb_post post-89120 wtwfb_entry type-wtwfb_entry status-publish has-post-thumbnail hentry wtwfb_category-kita-gaerten wtwfb_region-nordrhein-westfalen\">\n    <h2 class=\"entry-title\"><a href=\"https:\/\/wettbewerb-archiv.wir-tun-was-fuer-bienen.de\/archiv-2023\/eintrag\/2023-wir-wuerden-uns-freuen-wenn-es-in-unserem-hochbeet-bald-summen-wuerde\/\">Wir w\u00fcrden uns freuen, wenn es in unserem Hochbeet bal...<\/a>\n    <\/h2>\n    <a href=\"https:\/\/wettbewerb-archiv.wir-tun-was-fuer-bienen.de\/archiv-2023\/eintrag\/2023-wir-wuerden-uns-freuen-wenn-es-in-unserem-hochbeet-bald-summen-wuerde\/\">\n        <div class=\"bienen-entry-image\">\n            <img decoding=\"async\" width=\"400\" height=\"300\" src=\"https:\/\/wettbewerb-archiv.wir-tun-was-fuer-bienen.de\/archiv-2023\/wp-content\/uploads\/sites\/8\/2023\/04\/20230420_132326-400x300.jpg\" class=\"attachment-bienen-grid-thumb size-bienen-grid-thumb wp-post-image\" alt=\"\" loading=\"lazy\" \/>                    <\/div>\n    <\/a>\n\n    \n\n    <div class=\"user flex\">\n        \n                    <img decoding=\"async\" src=\"https:\/\/wettbewerb-archiv.wir-tun-was-fuer-bienen.de\/archiv-2023\/wp-content\/themes\/bienen\/assets\/images\/avatar-placeholder.png\" style=\"border-radius: 30px;\" height=\"30\" width=\"30\">\n            Ev. Kiga Unterm Regenbogen Wetter            <\/div>\n    \n    \n            <p class=\"categories meta\" style=\"width: 100%\"><span class=\"fa fa-tag\"\n                                                             aria-hidden=\"true\"><\/span> Kita-G\u00e4rten        <\/p>\n    \n            <p class=\"categories meta\" style=\"width: 100%\"><span class=\"fa fa-map-marker\"\n                                                             aria-hidden=\"true\"><\/span> Nordrhein-Westfalen        <\/p>\n    \n<\/article>\n   \n\t\t\n          <article id=\"post-89112\" class=\"et_pb_post post-89112 wtwfb_entry type-wtwfb_entry status-publish has-post-thumbnail hentry wtwfb_category-schul-und-jugendclubgaerten wtwfb_region-berlin\">\n    <h2 class=\"entry-title\"><a href=\"https:\/\/wettbewerb-archiv.wir-tun-was-fuer-bienen.de\/archiv-2023\/eintrag\/2023-was-summt-den-da-im-schulgarten\/\">Was summt denn da im Schulgarten?<\/a>\n    <\/h2>\n    <a href=\"https:\/\/wettbewerb-archiv.wir-tun-was-fuer-bienen.de\/archiv-2023\/eintrag\/2023-was-summt-den-da-im-schulgarten\/\">\n        <div class=\"bienen-entry-image\">\n            <img decoding=\"async\" width=\"400\" height=\"300\" src=\"https:\/\/wettbewerb-archiv.wir-tun-was-fuer-bienen.de\/archiv-2023\/wp-content\/uploads\/sites\/8\/2023\/04\/IMG_7414-400x300.jpg\" class=\"attachment-bienen-grid-thumb size-bienen-grid-thumb wp-post-image\" alt=\"\" loading=\"lazy\" \/>                    <\/div>\n    <\/a>\n\n    \n\n    <div class=\"user flex\">\n        \n                    <img decoding=\"async\" src=\"https:\/\/wettbewerb-archiv.wir-tun-was-fuer-bienen.de\/archiv-2023\/wp-content\/themes\/bienen\/assets\/images\/avatar-placeholder.png\" style=\"border-radius: 30px;\" height=\"30\" width=\"30\">\n            Summen in der CZO            <\/div>\n    \n    \n            <p class=\"categories meta\" style=\"width: 100%\"><span class=\"fa fa-tag\"\n                                                             aria-hidden=\"true\"><\/span> Schulg\u00e4rten        <\/p>\n    \n            <p class=\"categories meta\" style=\"width: 100%\"><span class=\"fa fa-map-marker\"\n                                                             aria-hidden=\"true\"><\/span> Berlin        <\/p>\n    \n<\/article>\n   \n\t\t\n          <article id=\"post-89084\" class=\"et_pb_post post-89084 wtwfb_entry type-wtwfb_entry status-publish has-post-thumbnail hentry wtwfb_category-kita-gaerten wtwfb_region-bayern\">\n    <h2 class=\"entry-title\"><a href=\"https:\/\/wettbewerb-archiv.wir-tun-was-fuer-bienen.de\/archiv-2023\/eintrag\/2023-kraeuterliebe-im-kinderhaus\/\">Kr\u00e4uterliebe im Kinderhaus<\/a>\n    <\/h2>\n    <a href=\"https:\/\/wettbewerb-archiv.wir-tun-was-fuer-bienen.de\/archiv-2023\/eintrag\/2023-kraeuterliebe-im-kinderhaus\/\">\n        <div class=\"bienen-entry-image\">\n            <img decoding=\"async\" width=\"400\" height=\"115\" src=\"https:\/\/wettbewerb-archiv.wir-tun-was-fuer-bienen.de\/archiv-2023\/wp-content\/uploads\/sites\/8\/2023\/04\/Unknown-400x115.png\" class=\"attachment-bienen-grid-thumb size-bienen-grid-thumb wp-post-image\" alt=\"\" loading=\"lazy\" \/>                    <\/div>\n    <\/a>\n\n    \n\n    <div class=\"user flex\">\n        \n                    <img decoding=\"async\" src=\"https:\/\/wettbewerb-archiv.wir-tun-was-fuer-bienen.de\/archiv-2023\/wp-content\/themes\/bienen\/assets\/images\/avatar-placeholder.png\" style=\"border-radius: 30px;\" height=\"30\" width=\"30\">\n            Kinderhaus am Bahnhof            <\/div>\n    \n    \n            <p class=\"categories meta\" style=\"width: 100%\"><span class=\"fa fa-tag\"\n                                                             aria-hidden=\"true\"><\/span> Kita-G\u00e4rten        <\/p>\n    \n            <p class=\"categories meta\" style=\"width: 100%\"><span class=\"fa fa-map-marker\"\n                                                             aria-hidden=\"true\"><\/span> Bayern        <\/p>\n    \n<\/article>\n   \n\t\t\n          <article id=\"post-89077\" class=\"et_pb_post post-89077 wtwfb_entry type-wtwfb_entry status-publish has-post-thumbnail hentry wtwfb_category-kita-gaerten wtwfb_region-nordrhein-westfalen\">\n    <h2 class=\"entry-title\"><a href=\"https:\/\/wettbewerb-archiv.wir-tun-was-fuer-bienen.de\/archiv-2023\/eintrag\/2023-hier-soll-es-summen-und-brummen\/\">Hier soll es summen und brummen<\/a>\n    <\/h2>\n    <a href=\"https:\/\/wettbewerb-archiv.wir-tun-was-fuer-bienen.de\/archiv-2023\/eintrag\/2023-hier-soll-es-summen-und-brummen\/\">\n        <div class=\"bienen-entry-image\">\n            <img decoding=\"async\" width=\"400\" height=\"298\" src=\"https:\/\/wettbewerb-archiv.wir-tun-was-fuer-bienen.de\/archiv-2023\/wp-content\/uploads\/sites\/8\/2023\/04\/Kita-Impressionen-27-400x298.jpg\" class=\"attachment-bienen-grid-thumb size-bienen-grid-thumb wp-post-image\" alt=\"\" loading=\"lazy\" \/>                    <\/div>\n    <\/a>\n\n    \n\n    <div class=\"user flex\">\n        \n                    <img decoding=\"async\" src=\"https:\/\/wettbewerb-archiv.wir-tun-was-fuer-bienen.de\/archiv-2023\/wp-content\/themes\/bienen\/assets\/images\/avatar-placeholder.png\" style=\"border-radius: 30px;\" height=\"30\" width=\"30\">\n            Kita Kindertraum            <\/div>\n    \n    \n            <p class=\"categories meta\" style=\"width: 100%\"><span class=\"fa fa-tag\"\n                                                             aria-hidden=\"true\"><\/span> Kita-G\u00e4rten        <\/p>\n    \n            <p class=\"categories meta\" style=\"width: 100%\"><span class=\"fa fa-map-marker\"\n                                                             aria-hidden=\"true\"><\/span> Nordrhein-Westfalen        <\/p>\n    \n<\/article>\n   \n\t\t\n          <article id=\"post-89062\" class=\"et_pb_post post-89062 wtwfb_entry type-wtwfb_entry status-publish has-post-thumbnail hentry wtwfb_category-bestehende-naturgaerten wtwfb_region-rheinland-pfalz\">\n    <h2 class=\"entry-title\"><a href=\"https:\/\/wettbewerb-archiv.wir-tun-was-fuer-bienen.de\/archiv-2023\/eintrag\/2023-wild-bienenwiese-bendorf\/\">(Wild-) Bienenwiese-Bendorf<\/a>\n    <\/h2>\n    <a href=\"https:\/\/wettbewerb-archiv.wir-tun-was-fuer-bienen.de\/archiv-2023\/eintrag\/2023-wild-bienenwiese-bendorf\/\">\n        <div class=\"bienen-entry-image\">\n            <img decoding=\"async\" width=\"400\" height=\"300\" src=\"https:\/\/wettbewerb-archiv.wir-tun-was-fuer-bienen.de\/archiv-2023\/wp-content\/uploads\/sites\/8\/2023\/07\/IMG_7504-400x300.jpeg\" class=\"attachment-bienen-grid-thumb size-bienen-grid-thumb wp-post-image\" alt=\"\" loading=\"lazy\" \/>                    <\/div>\n    <\/a>\n\n    \n\n    <div class=\"user flex\">\n        \n                    <img decoding=\"async\" src=\"https:\/\/wettbewerb-archiv.wir-tun-was-fuer-bienen.de\/archiv-2023\/wp-content\/themes\/bienen\/assets\/images\/avatar-placeholder.png\" style=\"border-radius: 30px;\" height=\"30\" width=\"30\">\n            (Wild-) Bienenwiese Bendorf            <\/div>\n    \n    <p class=\"categories meta bienen-gewinner\"><span class=\"fa fa-trophy\"                                                              aria-hidden=\"true\"><\/span> Gewinner<\/p>\n            <p class=\"categories meta\" style=\"width: 100%\"><span class=\"fa fa-tag\"\n                                                             aria-hidden=\"true\"><\/span> Bestehende Naturg\u00e4rten (Pflege und Infoarbeit)        <\/p>\n    \n            <p class=\"categories meta\" style=\"width: 100%\"><span class=\"fa fa-map-marker\"\n                                                             aria-hidden=\"true\"><\/span> Rheinland-Pfalz        <\/p>\n    \n<\/article>\n   \n\t\t\n          <article id=\"post-89040\" class=\"et_pb_post post-89040 wtwfb_entry type-wtwfb_entry status-publish has-post-thumbnail hentry wtwfb_category-schul-und-jugendclubgaerten wtwfb_region-sachsen\">\n    <h2 class=\"entry-title\"><a href=\"https:\/\/wettbewerb-archiv.wir-tun-was-fuer-bienen.de\/archiv-2023\/eintrag\/2023-hochbeete-pflanzensaecke-am-gruenen-klassenzimmer\/\">Hochbeete, Pflanzens\u00e4cke am gr\u00fcnen Klassenzimmer<\/a>\n    <\/h2>\n    <a href=\"https:\/\/wettbewerb-archiv.wir-tun-was-fuer-bienen.de\/archiv-2023\/eintrag\/2023-hochbeete-pflanzensaecke-am-gruenen-klassenzimmer\/\">\n        <div class=\"bienen-entry-image\">\n            <img decoding=\"async\" width=\"400\" height=\"300\" src=\"https:\/\/wettbewerb-archiv.wir-tun-was-fuer-bienen.de\/archiv-2023\/wp-content\/uploads\/sites\/8\/2023\/04\/Gruenes-Klassenzimmer_stand-jetzt_kleiner_jpg-400x300.jpg\" class=\"attachment-bienen-grid-thumb size-bienen-grid-thumb wp-post-image\" alt=\"\" loading=\"lazy\" srcset=\"https:\/\/wettbewerb-archiv.wir-tun-was-fuer-bienen.de\/archiv-2023\/wp-content\/uploads\/sites\/8\/2023\/04\/Gruenes-Klassenzimmer_stand-jetzt_kleiner_jpg-400x300.jpg 400w, https:\/\/wettbewerb-archiv.wir-tun-was-fuer-bienen.de\/archiv-2023\/wp-content\/uploads\/sites\/8\/2023\/04\/Gruenes-Klassenzimmer_stand-jetzt_kleiner_jpg-768x576.jpg 768w, https:\/\/wettbewerb-archiv.wir-tun-was-fuer-bienen.de\/archiv-2023\/wp-content\/uploads\/sites\/8\/2023\/04\/Gruenes-Klassenzimmer_stand-jetzt_kleiner_jpg.jpg 976w\" sizes=\"(max-width: 400px) 100vw, 400px\" \/>                    <\/div>\n    <\/a>\n\n    \n\n    <div class=\"user flex\">\n        \n                    <img decoding=\"async\" src=\"https:\/\/wettbewerb-archiv.wir-tun-was-fuer-bienen.de\/archiv-2023\/wp-content\/themes\/bienen\/assets\/images\/avatar-placeholder.png\" style=\"border-radius: 30px;\" height=\"30\" width=\"30\">\n            Hochbeete an der Grundschule K\u00f6tzschenbroda            <\/div>\n    \n    \n            <p class=\"categories meta\" style=\"width: 100%\"><span class=\"fa fa-tag\"\n                                                             aria-hidden=\"true\"><\/span> Schulg\u00e4rten        <\/p>\n    \n            <p class=\"categories meta\" style=\"width: 100%\"><span class=\"fa fa-map-marker\"\n                                                             aria-hidden=\"true\"><\/span> Sachsen        <\/p>\n    \n<\/article>\n   \n\t\t\n          <article id=\"post-89027\" class=\"et_pb_post post-89027 wtwfb_entry type-wtwfb_entry status-publish has-post-thumbnail hentry wtwfb_category-kita-gaerten wtwfb_region-nordrhein-westfalen\">\n    <h2 class=\"entry-title\"><a href=\"https:\/\/wettbewerb-archiv.wir-tun-was-fuer-bienen.de\/archiv-2023\/eintrag\/2023-unsere-vertrockneten-hochbeete-brauchen-dringen-eine-umgestaltung\/\">Unsere vertrockneten Hochbeete brauchen dringen eine Um...<\/a>\n    <\/h2>\n    <a href=\"https:\/\/wettbewerb-archiv.wir-tun-was-fuer-bienen.de\/archiv-2023\/eintrag\/2023-unsere-vertrockneten-hochbeete-brauchen-dringen-eine-umgestaltung\/\">\n        <div class=\"bienen-entry-image\">\n            <img decoding=\"async\" width=\"400\" height=\"300\" src=\"https:\/\/wettbewerb-archiv.wir-tun-was-fuer-bienen.de\/archiv-2023\/wp-content\/uploads\/sites\/8\/2023\/04\/20230419_104458-400x300.jpg\" class=\"attachment-bienen-grid-thumb size-bienen-grid-thumb wp-post-image\" alt=\"\" loading=\"lazy\" srcset=\"https:\/\/wettbewerb-archiv.wir-tun-was-fuer-bienen.de\/archiv-2023\/wp-content\/uploads\/sites\/8\/2023\/04\/20230419_104458-400x300.jpg 400w, https:\/\/wettbewerb-archiv.wir-tun-was-fuer-bienen.de\/archiv-2023\/wp-content\/uploads\/sites\/8\/2023\/04\/20230419_104458-768x576.jpg 768w, https:\/\/wettbewerb-archiv.wir-tun-was-fuer-bienen.de\/archiv-2023\/wp-content\/uploads\/sites\/8\/2023\/04\/20230419_104458-1024x768.jpg 1024w, https:\/\/wettbewerb-archiv.wir-tun-was-fuer-bienen.de\/archiv-2023\/wp-content\/uploads\/sites\/8\/2023\/04\/20230419_104458.jpg 1920w\" sizes=\"(max-width: 400px) 100vw, 400px\" \/>                    <\/div>\n    <\/a>\n\n    \n\n    <div class=\"user flex\">\n        \n                    <img decoding=\"async\" src=\"https:\/\/wettbewerb-archiv.wir-tun-was-fuer-bienen.de\/archiv-2023\/wp-content\/themes\/bienen\/assets\/images\/avatar-placeholder.png\" style=\"border-radius: 30px;\" height=\"30\" width=\"30\">\n            Ev. Kindergarten Am Rheinischen Esel            <\/div>\n    \n    \n            <p class=\"categories meta\" style=\"width: 100%\"><span class=\"fa fa-tag\"\n                                                             aria-hidden=\"true\"><\/span> Kita-G\u00e4rten        <\/p>\n    \n            <p class=\"categories meta\" style=\"width: 100%\"><span class=\"fa fa-map-marker\"\n                                                             aria-hidden=\"true\"><\/span> Nordrhein-Westfalen        <\/p>\n    \n<\/article>\n   \n\t\t\n          <article id=\"post-89009\" class=\"et_pb_post post-89009 wtwfb_entry type-wtwfb_entry status-publish has-post-thumbnail hentry wtwfb_category-schul-und-jugendclubgaerten wtwfb_region-berlin\">\n    <h2 class=\"entry-title\"><a href=\"https:\/\/wettbewerb-archiv.wir-tun-was-fuer-bienen.de\/archiv-2023\/eintrag\/2023-die-w-i-r-schule-moechte-bienen-ein-zuhause-geben\/\">Die W-I-R Schule m\u00f6chte Bienen ein Zuhause geben<\/a>\n    <\/h2>\n    <a href=\"https:\/\/wettbewerb-archiv.wir-tun-was-fuer-bienen.de\/archiv-2023\/eintrag\/2023-die-w-i-r-schule-moechte-bienen-ein-zuhause-geben\/\">\n        <div class=\"bienen-entry-image\">\n            <img decoding=\"async\" width=\"400\" height=\"300\" src=\"https:\/\/wettbewerb-archiv.wir-tun-was-fuer-bienen.de\/archiv-2023\/wp-content\/uploads\/sites\/8\/2023\/04\/20230419_081319_resized-400x300.jpg\" class=\"attachment-bienen-grid-thumb size-bienen-grid-thumb wp-post-image\" alt=\"\" loading=\"lazy\" srcset=\"https:\/\/wettbewerb-archiv.wir-tun-was-fuer-bienen.de\/archiv-2023\/wp-content\/uploads\/sites\/8\/2023\/04\/20230419_081319_resized-400x300.jpg 400w, https:\/\/wettbewerb-archiv.wir-tun-was-fuer-bienen.de\/archiv-2023\/wp-content\/uploads\/sites\/8\/2023\/04\/20230419_081319_resized-768x576.jpg 768w, https:\/\/wettbewerb-archiv.wir-tun-was-fuer-bienen.de\/archiv-2023\/wp-content\/uploads\/sites\/8\/2023\/04\/20230419_081319_resized-1024x768.jpg 1024w, https:\/\/wettbewerb-archiv.wir-tun-was-fuer-bienen.de\/archiv-2023\/wp-content\/uploads\/sites\/8\/2023\/04\/20230419_081319_resized.jpg 1920w\" sizes=\"(max-width: 400px) 100vw, 400px\" \/>                    <\/div>\n    <\/a>\n\n    \n\n    <div class=\"user flex\">\n        \n                    <img decoding=\"async\" src=\"https:\/\/wettbewerb-archiv.wir-tun-was-fuer-bienen.de\/archiv-2023\/wp-content\/themes\/bienen\/assets\/images\/avatar-placeholder.png\" style=\"border-radius: 30px;\" height=\"30\" width=\"30\">\n            W-I-R Schule aus Berlin-K\u00f6penick            <\/div>\n    \n    \n            <p class=\"categories meta\" style=\"width: 100%\"><span class=\"fa fa-tag\"\n                                                             aria-hidden=\"true\"><\/span> Schulg\u00e4rten        <\/p>\n    \n            <p class=\"categories meta\" style=\"width: 100%\"><span class=\"fa fa-map-marker\"\n                                                             aria-hidden=\"true\"><\/span> Berlin        <\/p>\n    \n<\/article>\n   \n\t\t\n          <article id=\"post-88994\" class=\"et_pb_post post-88994 wtwfb_entry type-wtwfb_entry status-publish has-post-thumbnail hentry wtwfb_category-balkone-terrassen-dachbegruenung-vertikale-gaerten wtwfb_region-bayern\">\n    <h2 class=\"entry-title\"><a href=\"https:\/\/wettbewerb-archiv.wir-tun-was-fuer-bienen.de\/archiv-2023\/eintrag\/2023-inlingua-dachterrasse\/\">inlingua Dachterrasse<\/a>\n    <\/h2>\n    <a href=\"https:\/\/wettbewerb-archiv.wir-tun-was-fuer-bienen.de\/archiv-2023\/eintrag\/2023-inlingua-dachterrasse\/\">\n        <div class=\"bienen-entry-image\">\n            <img decoding=\"async\" width=\"400\" height=\"300\" src=\"https:\/\/wettbewerb-archiv.wir-tun-was-fuer-bienen.de\/archiv-2023\/wp-content\/uploads\/sites\/8\/2023\/04\/Terrasse-November-22-c-400x300.jpg\" class=\"attachment-bienen-grid-thumb size-bienen-grid-thumb wp-post-image\" alt=\"\" loading=\"lazy\" srcset=\"https:\/\/wettbewerb-archiv.wir-tun-was-fuer-bienen.de\/archiv-2023\/wp-content\/uploads\/sites\/8\/2023\/04\/Terrasse-November-22-c-400x300.jpg 400w, https:\/\/wettbewerb-archiv.wir-tun-was-fuer-bienen.de\/archiv-2023\/wp-content\/uploads\/sites\/8\/2023\/04\/Terrasse-November-22-c-768x576.jpg 768w, https:\/\/wettbewerb-archiv.wir-tun-was-fuer-bienen.de\/archiv-2023\/wp-content\/uploads\/sites\/8\/2023\/04\/Terrasse-November-22-c-1024x768.jpg 1024w, https:\/\/wettbewerb-archiv.wir-tun-was-fuer-bienen.de\/archiv-2023\/wp-content\/uploads\/sites\/8\/2023\/04\/Terrasse-November-22-c.jpg 1040w\" sizes=\"(max-width: 400px) 100vw, 400px\" \/>                    <\/div>\n    <\/a>\n\n    \n\n    <div class=\"user flex\">\n        \n                    <img decoding=\"async\" src=\"https:\/\/wettbewerb-archiv.wir-tun-was-fuer-bienen.de\/archiv-2023\/wp-content\/themes\/bienen\/assets\/images\/avatar-placeholder.png\" style=\"border-radius: 30px;\" height=\"30\" width=\"30\">\n            inlingua-BFS-Bienen            <\/div>\n    \n    \n            <p class=\"categories meta\" style=\"width: 100%\"><span class=\"fa fa-tag\"\n                                                             aria-hidden=\"true\"><\/span> Balkone, Terrassen, Dachg\u00e4rten, vertikale G\u00e4rten        <\/p>\n    \n            <p class=\"categories meta\" style=\"width: 100%\"><span class=\"fa fa-map-marker\"\n                                                             aria-hidden=\"true\"><\/span> Bayern        <\/p>\n    \n<\/article>\n   \n\t\t\n          <article id=\"post-88984\" class=\"et_pb_post post-88984 wtwfb_entry type-wtwfb_entry status-publish has-post-thumbnail hentry wtwfb_category-kita-gaerten wtwfb_region-mecklenburg-vorpommern\">\n    <h2 class=\"entry-title\"><a href=\"https:\/\/wettbewerb-archiv.wir-tun-was-fuer-bienen.de\/archiv-2023\/eintrag\/2023-unsere-hochbeete\/\">Unsere Hochbeete !<\/a>\n    <\/h2>\n    <a href=\"https:\/\/wettbewerb-archiv.wir-tun-was-fuer-bienen.de\/archiv-2023\/eintrag\/2023-unsere-hochbeete\/\">\n        <div class=\"bienen-entry-image\">\n            <img decoding=\"async\" width=\"320\" height=\"240\" src=\"https:\/\/wettbewerb-archiv.wir-tun-was-fuer-bienen.de\/archiv-2023\/wp-content\/uploads\/sites\/8\/2023\/04\/IMG_4518.jpg\" class=\"attachment-bienen-grid-thumb size-bienen-grid-thumb wp-post-image\" alt=\"\" loading=\"lazy\" \/>                    <\/div>\n    <\/a>\n\n    \n\n    <div class=\"user flex\">\n        \n                    <img decoding=\"async\" src=\"https:\/\/wettbewerb-archiv.wir-tun-was-fuer-bienen.de\/archiv-2023\/wp-content\/themes\/bienen\/assets\/images\/avatar-placeholder.png\" style=\"border-radius: 30px;\" height=\"30\" width=\"30\">\n            Kita Biene Maja            <\/div>\n    \n    \n            <p class=\"categories meta\" style=\"width: 100%\"><span class=\"fa fa-tag\"\n                                                             aria-hidden=\"true\"><\/span> Kita-G\u00e4rten        <\/p>\n    \n            <p class=\"categories meta\" style=\"width: 100%\"><span class=\"fa fa-map-marker\"\n                                                             aria-hidden=\"true\"><\/span> Mecklenburg-Vorpommern        <\/p>\n    \n<\/article>\n   \n\t\t\n          <article id=\"post-88978\" class=\"et_pb_post post-88978 wtwfb_entry type-wtwfb_entry status-publish has-post-thumbnail hentry wtwfb_category-vereinsgaerten-liegenschaften-von-verwaltung-kirche-etc-sonstige wtwfb_region-bayern\">\n    <h2 class=\"entry-title\"><a href=\"https:\/\/wettbewerb-archiv.wir-tun-was-fuer-bienen.de\/archiv-2023\/eintrag\/2023-pflanzengestaltung-sandarium\/\">Pflanzengestaltung Sandarium<\/a>\n    <\/h2>\n    <a href=\"https:\/\/wettbewerb-archiv.wir-tun-was-fuer-bienen.de\/archiv-2023\/eintrag\/2023-pflanzengestaltung-sandarium\/\">\n        <div class=\"bienen-entry-image\">\n            <img decoding=\"async\" width=\"400\" height=\"300\" src=\"https:\/\/wettbewerb-archiv.wir-tun-was-fuer-bienen.de\/archiv-2023\/wp-content\/uploads\/sites\/8\/2023\/04\/IMG_20230418_211224_384-400x300.webp\" class=\"attachment-bienen-grid-thumb size-bienen-grid-thumb wp-post-image\" alt=\"\" loading=\"lazy\" \/>                    <\/div>\n    <\/a>\n\n    \n\n    <div class=\"user flex\">\n        \n                    <img decoding=\"async\" src=\"https:\/\/wettbewerb-archiv.wir-tun-was-fuer-bienen.de\/archiv-2023\/wp-content\/themes\/bienen\/assets\/images\/avatar-placeholder.png\" style=\"border-radius: 30px;\" height=\"30\" width=\"30\">\n            \u00d6kokids OGV N\u00fcdlingen            <\/div>\n    \n    \n            <p class=\"categories meta\" style=\"width: 100%\"><span class=\"fa fa-tag\"\n                                                             aria-hidden=\"true\"><\/span> Vereinsg\u00e4rten, Unis, Liegenschaften von Verwaltung, Kirche etc, Sonstige        <\/p>\n    \n            <p class=\"categories meta\" style=\"width: 100%\"><span class=\"fa fa-map-marker\"\n                                                             aria-hidden=\"true\"><\/span> Bayern        <\/p>\n    \n<\/article>\n   \n\t\t\n          <article id=\"post-88956\" class=\"et_pb_post post-88956 wtwfb_entry type-wtwfb_entry status-publish has-post-thumbnail hentry wtwfb_category-vereinsgaerten-liegenschaften-von-verwaltung-kirche-etc-sonstige wtwfb_region-sachsen\">\n    <h2 class=\"entry-title\"><a href=\"https:\/\/wettbewerb-archiv.wir-tun-was-fuer-bienen.de\/archiv-2023\/eintrag\/2023-mehr-nachhaltigkeit-im-verein\/\">Mehr Nachhaltigkeit im Verein<\/a>\n    <\/h2>\n    <a href=\"https:\/\/wettbewerb-archiv.wir-tun-was-fuer-bienen.de\/archiv-2023\/eintrag\/2023-mehr-nachhaltigkeit-im-verein\/\">\n        <div class=\"bienen-entry-image\">\n            <img decoding=\"async\" width=\"400\" height=\"300\" src=\"https:\/\/wettbewerb-archiv.wir-tun-was-fuer-bienen.de\/archiv-2023\/wp-content\/uploads\/sites\/8\/2023\/04\/6364F7BD-4EAD-47B6-8B6D-3D4879AA6F3C-400x300.jpeg\" class=\"attachment-bienen-grid-thumb size-bienen-grid-thumb wp-post-image\" alt=\"\" loading=\"lazy\" srcset=\"https:\/\/wettbewerb-archiv.wir-tun-was-fuer-bienen.de\/archiv-2023\/wp-content\/uploads\/sites\/8\/2023\/04\/6364F7BD-4EAD-47B6-8B6D-3D4879AA6F3C-400x300.jpeg 400w, https:\/\/wettbewerb-archiv.wir-tun-was-fuer-bienen.de\/archiv-2023\/wp-content\/uploads\/sites\/8\/2023\/04\/6364F7BD-4EAD-47B6-8B6D-3D4879AA6F3C-768x576.jpeg 768w, https:\/\/wettbewerb-archiv.wir-tun-was-fuer-bienen.de\/archiv-2023\/wp-content\/uploads\/sites\/8\/2023\/04\/6364F7BD-4EAD-47B6-8B6D-3D4879AA6F3C-1024x768.jpeg 1024w, https:\/\/wettbewerb-archiv.wir-tun-was-fuer-bienen.de\/archiv-2023\/wp-content\/uploads\/sites\/8\/2023\/04\/6364F7BD-4EAD-47B6-8B6D-3D4879AA6F3C.jpeg 1920w\" sizes=\"(max-width: 400px) 100vw, 400px\" \/>                    <\/div>\n    <\/a>\n\n    \n\n    <div class=\"user flex\">\n        \n                    <img decoding=\"async\" src=\"https:\/\/wettbewerb-archiv.wir-tun-was-fuer-bienen.de\/archiv-2023\/wp-content\/themes\/bienen\/assets\/images\/avatar-placeholder.png\" style=\"border-radius: 30px;\" height=\"30\" width=\"30\">\n            Noteingang e. V.            <\/div>\n    \n    \n            <p class=\"categories meta\" style=\"width: 100%\"><span class=\"fa fa-tag\"\n                                                             aria-hidden=\"true\"><\/span> Vereinsg\u00e4rten, Unis, Liegenschaften von Verwaltung, Kirche etc, Sonstige        <\/p>\n    \n            <p class=\"categories meta\" style=\"width: 100%\"><span class=\"fa fa-map-marker\"\n                                                             aria-hidden=\"true\"><\/span> Sachsen        <\/p>\n    \n<\/article>\n   \n\t\t\n          <article id=\"post-88944\" class=\"et_pb_post post-88944 wtwfb_entry type-wtwfb_entry status-publish has-post-thumbnail hentry wtwfb_category-bestehende-naturgaerten wtwfb_region-berlin\">\n    <h2 class=\"entry-title\"><a href=\"https:\/\/wettbewerb-archiv.wir-tun-was-fuer-bienen.de\/archiv-2023\/eintrag\/2023-jfe-eck-bienenprojekt\/\">JFE ECK-BIENENPROJEKT<\/a>\n    <\/h2>\n    <a href=\"https:\/\/wettbewerb-archiv.wir-tun-was-fuer-bienen.de\/archiv-2023\/eintrag\/2023-jfe-eck-bienenprojekt\/\">\n        <div class=\"bienen-entry-image\">\n            <img decoding=\"async\" width=\"400\" height=\"300\" src=\"https:\/\/wettbewerb-archiv.wir-tun-was-fuer-bienen.de\/archiv-2023\/wp-content\/uploads\/sites\/8\/2023\/04\/20230414_144031-400x300.jpg\" class=\"attachment-bienen-grid-thumb size-bienen-grid-thumb wp-post-image\" alt=\"\" loading=\"lazy\" srcset=\"https:\/\/wettbewerb-archiv.wir-tun-was-fuer-bienen.de\/archiv-2023\/wp-content\/uploads\/sites\/8\/2023\/04\/20230414_144031-400x300.jpg 400w, https:\/\/wettbewerb-archiv.wir-tun-was-fuer-bienen.de\/archiv-2023\/wp-content\/uploads\/sites\/8\/2023\/04\/20230414_144031-768x576.jpg 768w, https:\/\/wettbewerb-archiv.wir-tun-was-fuer-bienen.de\/archiv-2023\/wp-content\/uploads\/sites\/8\/2023\/04\/20230414_144031-1024x768.jpg 1024w, https:\/\/wettbewerb-archiv.wir-tun-was-fuer-bienen.de\/archiv-2023\/wp-content\/uploads\/sites\/8\/2023\/04\/20230414_144031.jpg 1920w\" sizes=\"(max-width: 400px) 100vw, 400px\" \/>                    <\/div>\n    <\/a>\n\n    \n\n    <div class=\"user flex\">\n        \n                    <img decoding=\"async\" src=\"https:\/\/wettbewerb-archiv.wir-tun-was-fuer-bienen.de\/archiv-2023\/wp-content\/themes\/bienen\/assets\/images\/avatar-placeholder.png\" style=\"border-radius: 30px;\" height=\"30\" width=\"30\">\n            \"NTC\" ECK-Bienenprojekt            <\/div>\n    \n    \n            <p class=\"categories meta\" style=\"width: 100%\"><span class=\"fa fa-tag\"\n                                                             aria-hidden=\"true\"><\/span> Bestehende Naturg\u00e4rten (Pflege und Infoarbeit)        <\/p>\n    \n            <p class=\"categories meta\" style=\"width: 100%\"><span class=\"fa fa-map-marker\"\n                                                             aria-hidden=\"true\"><\/span> Berlin        <\/p>\n    \n<\/article>\n   \n\t\t\n          <article id=\"post-88941\" class=\"et_pb_post post-88941 wtwfb_entry type-wtwfb_entry status-publish has-post-thumbnail hentry wtwfb_category-kita-gaerten wtwfb_region-nordrhein-westfalen\">\n    <h2 class=\"entry-title\"><a href=\"https:\/\/wettbewerb-archiv.wir-tun-was-fuer-bienen.de\/archiv-2023\/eintrag\/2023-motorik-kids-insektenretter-los-gehts\/\">Motorik Kids Insektenretter, los geht\u00b4s!!!<\/a>\n    <\/h2>\n    <a href=\"https:\/\/wettbewerb-archiv.wir-tun-was-fuer-bienen.de\/archiv-2023\/eintrag\/2023-motorik-kids-insektenretter-los-gehts\/\">\n        <div class=\"bienen-entry-image\">\n            <img decoding=\"async\" width=\"400\" height=\"300\" src=\"https:\/\/wettbewerb-archiv.wir-tun-was-fuer-bienen.de\/archiv-2023\/wp-content\/uploads\/sites\/8\/2023\/04\/bild-400x300.jpg\" class=\"attachment-bienen-grid-thumb size-bienen-grid-thumb wp-post-image\" alt=\"\" loading=\"lazy\" \/>                    <\/div>\n    <\/a>\n\n    \n\n    <div class=\"user flex\">\n        \n                    <img decoding=\"async\" src=\"https:\/\/wettbewerb-archiv.wir-tun-was-fuer-bienen.de\/archiv-2023\/wp-content\/themes\/bienen\/assets\/images\/avatar-placeholder.png\" style=\"border-radius: 30px;\" height=\"30\" width=\"30\">\n            Kindertagespflege Motorik Kids            <\/div>\n    \n    \n            <p class=\"categories meta\" style=\"width: 100%\"><span class=\"fa fa-tag\"\n                                                             aria-hidden=\"true\"><\/span> Kita-G\u00e4rten        <\/p>\n    \n            <p class=\"categories meta\" style=\"width: 100%\"><span class=\"fa fa-map-marker\"\n                                                             aria-hidden=\"true\"><\/span> Nordrhein-Westfalen        <\/p>\n    \n<\/article>\n   \n\t\t\n          <article id=\"post-88939\" class=\"et_pb_post post-88939 wtwfb_entry type-wtwfb_entry status-publish has-post-thumbnail hentry wtwfb_category-privatgaerten-klein-500-m2 wtwfb_region-baden-wuerttemberg\">\n    <h2 class=\"entry-title\"><a href=\"https:\/\/wettbewerb-archiv.wir-tun-was-fuer-bienen.de\/archiv-2023\/eintrag\/2023-wir-sind-fuer-alle-tiere-da\/\">Wir sind f\u00fcr alle Tiere da&#8230;<\/a>\n    <\/h2>\n    <a href=\"https:\/\/wettbewerb-archiv.wir-tun-was-fuer-bienen.de\/archiv-2023\/eintrag\/2023-wir-sind-fuer-alle-tiere-da\/\">\n        <div class=\"bienen-entry-image\">\n            <img decoding=\"async\" width=\"400\" height=\"300\" src=\"https:\/\/wettbewerb-archiv.wir-tun-was-fuer-bienen.de\/archiv-2023\/wp-content\/uploads\/sites\/8\/2023\/04\/P1030592-400x300.jpg\" class=\"attachment-bienen-grid-thumb size-bienen-grid-thumb wp-post-image\" alt=\"\" loading=\"lazy\" \/>                    <\/div>\n    <\/a>\n\n    \n\n    <div class=\"user flex\">\n        \n                    <img decoding=\"async\" src=\"https:\/\/wettbewerb-archiv.wir-tun-was-fuer-bienen.de\/archiv-2023\/wp-content\/themes\/bienen\/assets\/images\/avatar-placeholder.png\" style=\"border-radius: 30px;\" height=\"30\" width=\"30\">\n            Devra summt            <\/div>\n    \n    <p class=\"categories meta bienen-gewinner\"><span class=\"fa fa-trophy\"                                                              aria-hidden=\"true\"><\/span> Gewinner<\/p>\n            <p class=\"categories meta\" style=\"width: 100%\"><span class=\"fa fa-tag\"\n                                                             aria-hidden=\"true\"><\/span> Privatg\u00e4rten klein (bis 500 m2)        <\/p>\n    \n            <p class=\"categories meta\" style=\"width: 100%\"><span class=\"fa fa-map-marker\"\n                                                             aria-hidden=\"true\"><\/span> Baden-W\u00fcrttemberg        <\/p>\n    \n<\/article>\n   \n\t\t\n          <article id=\"post-88899\" class=\"et_pb_post post-88899 wtwfb_entry type-wtwfb_entry status-publish has-post-thumbnail hentry wtwfb_category-kita-gaerten wtwfb_region-schleswig-holstein\">\n    <h2 class=\"entry-title\"><a href=\"https:\/\/wettbewerb-archiv.wir-tun-was-fuer-bienen.de\/archiv-2023\/eintrag\/2023-alle-guten-dinge-beginnen-klein\/\">Alle guten Dinge beginnen klein..<\/a>\n    <\/h2>\n    <a href=\"https:\/\/wettbewerb-archiv.wir-tun-was-fuer-bienen.de\/archiv-2023\/eintrag\/2023-alle-guten-dinge-beginnen-klein\/\">\n        <div class=\"bienen-entry-image\">\n            <img decoding=\"async\" width=\"400\" height=\"300\" src=\"https:\/\/wettbewerb-archiv.wir-tun-was-fuer-bienen.de\/archiv-2023\/wp-content\/uploads\/sites\/8\/2023\/07\/Blumen-kaufen0-1-400x300.jpeg\" class=\"attachment-bienen-grid-thumb size-bienen-grid-thumb wp-post-image\" alt=\"\" loading=\"lazy\" \/>                    <\/div>\n    <\/a>\n\n    \n\n    <div class=\"user flex\">\n        \n                    <img decoding=\"async\" src=\"https:\/\/wettbewerb-archiv.wir-tun-was-fuer-bienen.de\/archiv-2023\/wp-content\/themes\/bienen\/assets\/images\/avatar-placeholder.png\" style=\"border-radius: 30px;\" height=\"30\" width=\"30\">\n            KiTa Meessen            <\/div>\n    \n    \n            <p class=\"categories meta\" style=\"width: 100%\"><span class=\"fa fa-tag\"\n                                                             aria-hidden=\"true\"><\/span> Kita-G\u00e4rten        <\/p>\n    \n            <p class=\"categories meta\" style=\"width: 100%\"><span class=\"fa fa-map-marker\"\n                                                             aria-hidden=\"true\"><\/span> Schleswig-Holstein        <\/p>\n    \n<\/article>\n   \n\t\t\n          <article id=\"post-88873\" class=\"et_pb_post post-88873 wtwfb_entry type-wtwfb_entry status-publish has-post-thumbnail hentry wtwfb_category-schul-und-jugendclubgaerten wtwfb_region-baden-wuerttemberg\">\n    <h2 class=\"entry-title\"><a href=\"https:\/\/wettbewerb-archiv.wir-tun-was-fuer-bienen.de\/archiv-2023\/eintrag\/2023-wie-erweitern-unser-neu-angelegtes-staudenbeet-mit-einem-kraeuterbeet\/\">Wie erweitern unser neu angelegtes Staudenbeet mit eine...<\/a>\n    <\/h2>\n    <a href=\"https:\/\/wettbewerb-archiv.wir-tun-was-fuer-bienen.de\/archiv-2023\/eintrag\/2023-wie-erweitern-unser-neu-angelegtes-staudenbeet-mit-einem-kraeuterbeet\/\">\n        <div class=\"bienen-entry-image\">\n            <img decoding=\"async\" width=\"400\" height=\"300\" src=\"https:\/\/wettbewerb-archiv.wir-tun-was-fuer-bienen.de\/archiv-2023\/wp-content\/uploads\/sites\/8\/2023\/04\/IMG-20230418-WA0010-400x300.jpg\" class=\"attachment-bienen-grid-thumb size-bienen-grid-thumb wp-post-image\" alt=\"\" loading=\"lazy\" \/>                    <\/div>\n    <\/a>\n\n    \n\n    <div class=\"user flex\">\n        \n                    <img decoding=\"async\" src=\"https:\/\/wettbewerb-archiv.wir-tun-was-fuer-bienen.de\/archiv-2023\/wp-content\/themes\/bienen\/assets\/images\/avatar-placeholder.png\" style=\"border-radius: 30px;\" height=\"30\" width=\"30\">\n            Astrid Lindgren Schule Ulm            <\/div>\n    \n    \n            <p class=\"categories meta\" style=\"width: 100%\"><span class=\"fa fa-tag\"\n                                                             aria-hidden=\"true\"><\/span> Schulg\u00e4rten        <\/p>\n    \n            <p class=\"categories meta\" style=\"width: 100%\"><span class=\"fa fa-map-marker\"\n                                                             aria-hidden=\"true\"><\/span> Baden-W\u00fcrttemberg        <\/p>\n    \n<\/article>\n   \n\t\t\n          <article id=\"post-88854\" class=\"et_pb_post post-88854 wtwfb_entry type-wtwfb_entry status-publish has-post-thumbnail hentry wtwfb_category-kleingartenparzellen wtwfb_region-sachsen-anhalt\">\n    <h2 class=\"entry-title\"><a href=\"https:\/\/wettbewerb-archiv.wir-tun-was-fuer-bienen.de\/archiv-2023\/eintrag\/2023-der-erste-spatenstich\/\">der erste Spatenstich<\/a>\n    <\/h2>\n    <a href=\"https:\/\/wettbewerb-archiv.wir-tun-was-fuer-bienen.de\/archiv-2023\/eintrag\/2023-der-erste-spatenstich\/\">\n        <div class=\"bienen-entry-image\">\n            <img decoding=\"async\" width=\"400\" height=\"300\" src=\"https:\/\/wettbewerb-archiv.wir-tun-was-fuer-bienen.de\/archiv-2023\/wp-content\/uploads\/sites\/8\/2023\/04\/Projektbilder-4-400x300.jpg\" class=\"attachment-bienen-grid-thumb size-bienen-grid-thumb wp-post-image\" alt=\"\" loading=\"lazy\" \/>                    <\/div>\n    <\/a>\n\n    \n\n    <div class=\"user flex\">\n        \n                    <img decoding=\"async\" src=\"https:\/\/wettbewerb-archiv.wir-tun-was-fuer-bienen.de\/archiv-2023\/wp-content\/themes\/bienen\/assets\/images\/avatar-placeholder.png\" style=\"border-radius: 30px;\" height=\"30\" width=\"30\">\n            Gartenverein Gartengl\u00fcck 22 e.V.G\u00fcsten            <\/div>\n    \n    \n            <p class=\"categories meta\" style=\"width: 100%\"><span class=\"fa fa-tag\"\n                                                             aria-hidden=\"true\"><\/span> Kleingartenparzellen        <\/p>\n    \n            <p class=\"categories meta\" style=\"width: 100%\"><span class=\"fa fa-map-marker\"\n                                                             aria-hidden=\"true\"><\/span> Sachsen-Anhalt        <\/p>\n    \n<\/article>\n   \n\t\t\n          <article id=\"post-88851\" class=\"et_pb_post post-88851 wtwfb_entry type-wtwfb_entry status-publish has-post-thumbnail hentry wtwfb_category-schul-und-jugendclubgaerten wtwfb_region-saarland\">\n    <h2 class=\"entry-title\"><a href=\"https:\/\/wettbewerb-archiv.wir-tun-was-fuer-bienen.de\/archiv-2023\/eintrag\/2023-bienenfreundliche-bepflanzung\/\">Bienenfreundliche Bepflanzung<\/a>\n    <\/h2>\n    <a href=\"https:\/\/wettbewerb-archiv.wir-tun-was-fuer-bienen.de\/archiv-2023\/eintrag\/2023-bienenfreundliche-bepflanzung\/\">\n        <div class=\"bienen-entry-image\">\n            <img decoding=\"async\" width=\"400\" height=\"300\" src=\"https:\/\/wettbewerb-archiv.wir-tun-was-fuer-bienen.de\/archiv-2023\/wp-content\/uploads\/sites\/8\/2023\/04\/20230418_134644-400x300.jpg\" class=\"attachment-bienen-grid-thumb size-bienen-grid-thumb wp-post-image\" alt=\"\" loading=\"lazy\" \/>                    <\/div>\n    <\/a>\n\n    \n\n    <div class=\"user flex\">\n        \n                    <img decoding=\"async\" src=\"https:\/\/wettbewerb-archiv.wir-tun-was-fuer-bienen.de\/archiv-2023\/wp-content\/themes\/bienen\/assets\/images\/avatar-placeholder.png\" style=\"border-radius: 30px;\" height=\"30\" width=\"30\">\n            Schule am Limberg            <\/div>\n    \n    \n            <p class=\"categories meta\" style=\"width: 100%\"><span class=\"fa fa-tag\"\n                                                             aria-hidden=\"true\"><\/span> Schulg\u00e4rten        <\/p>\n    \n            <p class=\"categories meta\" style=\"width: 100%\"><span class=\"fa fa-map-marker\"\n                                                             aria-hidden=\"true\"><\/span> Saarland        <\/p>\n    \n<\/article>\n   \n\t\t\n          <article id=\"post-88846\" class=\"et_pb_post post-88846 wtwfb_entry type-wtwfb_entry status-publish has-post-thumbnail hentry wtwfb_category-privatgaerten-gross-500-m wtwfb_region-niedersachsen\">\n    <h2 class=\"entry-title\"><a href=\"https:\/\/wettbewerb-archiv.wir-tun-was-fuer-bienen.de\/archiv-2023\/eintrag\/2023-gemeinschaftsgarten\/\">Gemeinschaftsgarten<\/a>\n    <\/h2>\n    <a href=\"https:\/\/wettbewerb-archiv.wir-tun-was-fuer-bienen.de\/archiv-2023\/eintrag\/2023-gemeinschaftsgarten\/\">\n        <div class=\"bienen-entry-image\">\n            <img decoding=\"async\" width=\"400\" height=\"300\" src=\"https:\/\/wettbewerb-archiv.wir-tun-was-fuer-bienen.de\/archiv-2023\/wp-content\/uploads\/sites\/8\/2023\/04\/IMG_4949-2-400x300.jpg\" class=\"attachment-bienen-grid-thumb size-bienen-grid-thumb wp-post-image\" alt=\"\" loading=\"lazy\" \/>                    <\/div>\n    <\/a>\n\n    \n\n    <div class=\"user flex\">\n        \n                    <img decoding=\"async\" src=\"https:\/\/wettbewerb-archiv.wir-tun-was-fuer-bienen.de\/archiv-2023\/wp-content\/themes\/bienen\/assets\/images\/avatar-placeholder.png\" style=\"border-radius: 30px;\" height=\"30\" width=\"30\">\n            Nadine Adam            <\/div>\n    \n    \n            <p class=\"categories meta\" style=\"width: 100%\"><span class=\"fa fa-tag\"\n                                                             aria-hidden=\"true\"><\/span> Privatg\u00e4rten gro\u00df (ab 500 m\u00b2)        <\/p>\n    \n            <p class=\"categories meta\" style=\"width: 100%\"><span class=\"fa fa-map-marker\"\n                                                             aria-hidden=\"true\"><\/span> Niedersachsen        <\/p>\n    \n<\/article>\n   \n\t\t\n          <article id=\"post-88844\" class=\"et_pb_post post-88844 wtwfb_entry type-wtwfb_entry status-publish has-post-thumbnail hentry wtwfb_category-privatgaerten-klein-500-m2 wtwfb_region-baden-wuerttemberg\">\n    <h2 class=\"entry-title\"><a href=\"https:\/\/wettbewerb-archiv.wir-tun-was-fuer-bienen.de\/archiv-2023\/eintrag\/2023-neugestaltung-des-familiengartens\/\">Neugestaltung des Familiengartens<\/a>\n    <\/h2>\n    <a href=\"https:\/\/wettbewerb-archiv.wir-tun-was-fuer-bienen.de\/archiv-2023\/eintrag\/2023-neugestaltung-des-familiengartens\/\">\n        <div class=\"bienen-entry-image\">\n            <img decoding=\"async\" width=\"400\" height=\"300\" src=\"https:\/\/wettbewerb-archiv.wir-tun-was-fuer-bienen.de\/archiv-2023\/wp-content\/uploads\/sites\/8\/2023\/04\/IMG_20230317_074342-400x300.jpg\" class=\"attachment-bienen-grid-thumb size-bienen-grid-thumb wp-post-image\" alt=\"\" loading=\"lazy\" \/>                    <\/div>\n    <\/a>\n\n    \n\n    <div class=\"user flex\">\n        \n                    <img decoding=\"async\" src=\"https:\/\/wettbewerb-archiv.wir-tun-was-fuer-bienen.de\/archiv-2023\/wp-content\/themes\/bienen\/assets\/images\/avatar-placeholder.png\" style=\"border-radius: 30px;\" height=\"30\" width=\"30\">\n            Linde 65            <\/div>\n    \n    \n            <p class=\"categories meta\" style=\"width: 100%\"><span class=\"fa fa-tag\"\n                                                             aria-hidden=\"true\"><\/span> Privatg\u00e4rten klein (bis 500 m2)        <\/p>\n    \n            <p class=\"categories meta\" style=\"width: 100%\"><span class=\"fa fa-map-marker\"\n                                                             aria-hidden=\"true\"><\/span> Baden-W\u00fcrttemberg        <\/p>\n    \n<\/article>\n   \n\t\t\n          <article id=\"post-88840\" class=\"et_pb_post post-88840 wtwfb_entry type-wtwfb_entry status-publish has-post-thumbnail hentry wtwfb_category-bestehende-naturgaerten wtwfb_region-niedersachsen\">\n    <h2 class=\"entry-title\"><a href=\"https:\/\/wettbewerb-archiv.wir-tun-was-fuer-bienen.de\/archiv-2023\/eintrag\/2023-die-igs-bovenden-blueht-auf-teil-2\/\">Die IGS Bovenden bl\u00fcht auf &#8211; Teil 2<\/a>\n    <\/h2>\n    <a href=\"https:\/\/wettbewerb-archiv.wir-tun-was-fuer-bienen.de\/archiv-2023\/eintrag\/2023-die-igs-bovenden-blueht-auf-teil-2\/\">\n        <div class=\"bienen-entry-image\">\n            <img decoding=\"async\" width=\"400\" height=\"300\" src=\"https:\/\/wettbewerb-archiv.wir-tun-was-fuer-bienen.de\/archiv-2023\/wp-content\/uploads\/sites\/8\/2023\/07\/IMG_4856-400x300.jpg\" class=\"attachment-bienen-grid-thumb size-bienen-grid-thumb wp-post-image\" alt=\"\" loading=\"lazy\" srcset=\"https:\/\/wettbewerb-archiv.wir-tun-was-fuer-bienen.de\/archiv-2023\/wp-content\/uploads\/sites\/8\/2023\/07\/IMG_4856-400x300.jpg 400w, https:\/\/wettbewerb-archiv.wir-tun-was-fuer-bienen.de\/archiv-2023\/wp-content\/uploads\/sites\/8\/2023\/07\/IMG_4856-768x576.jpg 768w, https:\/\/wettbewerb-archiv.wir-tun-was-fuer-bienen.de\/archiv-2023\/wp-content\/uploads\/sites\/8\/2023\/07\/IMG_4856-1024x768.jpg 1024w, https:\/\/wettbewerb-archiv.wir-tun-was-fuer-bienen.de\/archiv-2023\/wp-content\/uploads\/sites\/8\/2023\/07\/IMG_4856.jpg 1920w\" sizes=\"(max-width: 400px) 100vw, 400px\" \/>                    <\/div>\n    <\/a>\n\n    \n\n    <div class=\"user flex\">\n        \n                    <img decoding=\"async\" src=\"https:\/\/wettbewerb-archiv.wir-tun-was-fuer-bienen.de\/archiv-2023\/wp-content\/themes\/bienen\/assets\/images\/avatar-placeholder.png\" style=\"border-radius: 30px;\" height=\"30\" width=\"30\">\n            Die IGS Bovenden bl\u00fcht auf \ud83d\ude42            <\/div>\n    \n    <p class=\"categories meta bienen-gewinner\"><span class=\"fa fa-trophy\"                                                              aria-hidden=\"true\"><\/span> Gewinner<\/p>\n            <p class=\"categories meta\" style=\"width: 100%\"><span class=\"fa fa-tag\"\n                                                             aria-hidden=\"true\"><\/span> Bestehende Naturg\u00e4rten (Pflege und Infoarbeit)        <\/p>\n    \n            <p class=\"categories meta\" style=\"width: 100%\"><span class=\"fa fa-map-marker\"\n                                                             aria-hidden=\"true\"><\/span> Niedersachsen        <\/p>\n    \n<\/article>\n   \n\t\t\n          <article id=\"post-88788\" class=\"et_pb_post post-88788 wtwfb_entry type-wtwfb_entry status-publish has-post-thumbnail hentry wtwfb_category-kita-gaerten wtwfb_region-nordrhein-westfalen\">\n    <h2 class=\"entry-title\"><a href=\"https:\/\/wettbewerb-archiv.wir-tun-was-fuer-bienen.de\/archiv-2023\/eintrag\/2023-unser-wilder-moosbeeren-bluehstreifen\/\">Unser wilder Moosbeeren Bl\u00fchstreifen<\/a>\n    <\/h2>\n    <a href=\"https:\/\/wettbewerb-archiv.wir-tun-was-fuer-bienen.de\/archiv-2023\/eintrag\/2023-unser-wilder-moosbeeren-bluehstreifen\/\">\n        <div class=\"bienen-entry-image\">\n            <img decoding=\"async\" width=\"400\" height=\"300\" src=\"https:\/\/wettbewerb-archiv.wir-tun-was-fuer-bienen.de\/archiv-2023\/wp-content\/uploads\/sites\/8\/2023\/04\/IMG_7913-400x300.jpg\" class=\"attachment-bienen-grid-thumb size-bienen-grid-thumb wp-post-image\" alt=\"\" loading=\"lazy\" srcset=\"https:\/\/wettbewerb-archiv.wir-tun-was-fuer-bienen.de\/archiv-2023\/wp-content\/uploads\/sites\/8\/2023\/04\/IMG_7913-400x300.jpg 400w, https:\/\/wettbewerb-archiv.wir-tun-was-fuer-bienen.de\/archiv-2023\/wp-content\/uploads\/sites\/8\/2023\/04\/IMG_7913-768x576.jpg 768w, https:\/\/wettbewerb-archiv.wir-tun-was-fuer-bienen.de\/archiv-2023\/wp-content\/uploads\/sites\/8\/2023\/04\/IMG_7913-1024x768.jpg 1024w, https:\/\/wettbewerb-archiv.wir-tun-was-fuer-bienen.de\/archiv-2023\/wp-content\/uploads\/sites\/8\/2023\/04\/IMG_7913.jpg 1920w\" sizes=\"(max-width: 400px) 100vw, 400px\" \/>                    <\/div>\n    <\/a>\n\n    \n\n    <div class=\"user flex\">\n        \n                    <img decoding=\"async\" src=\"https:\/\/wettbewerb-archiv.wir-tun-was-fuer-bienen.de\/archiv-2023\/wp-content\/themes\/bienen\/assets\/images\/avatar-placeholder.png\" style=\"border-radius: 30px;\" height=\"30\" width=\"30\">\n            CJD Kita Moosbeerenweg            <\/div>\n    \n    \n            <p class=\"categories meta\" style=\"width: 100%\"><span class=\"fa fa-tag\"\n                                                             aria-hidden=\"true\"><\/span> Kita-G\u00e4rten        <\/p>\n    \n            <p class=\"categories meta\" style=\"width: 100%\"><span class=\"fa fa-map-marker\"\n                                                             aria-hidden=\"true\"><\/span> Nordrhein-Westfalen        <\/p>\n    \n<\/article>\n   \n\t\t\n          <article id=\"post-88778\" class=\"et_pb_post post-88778 wtwfb_entry type-wtwfb_entry status-publish has-post-thumbnail hentry wtwfb_category-schul-und-jugendclubgaerten wtwfb_region-berlin\">\n    <h2 class=\"entry-title\"><a href=\"https:\/\/wettbewerb-archiv.wir-tun-was-fuer-bienen.de\/archiv-2023\/eintrag\/2023-die-biene-helden-aus-der-grundschule-am-hollerbusch\/\">Die Bienen-Helden aus der Grundschule am Hollerbusch<\/a>\n    <\/h2>\n    <a href=\"https:\/\/wettbewerb-archiv.wir-tun-was-fuer-bienen.de\/archiv-2023\/eintrag\/2023-die-biene-helden-aus-der-grundschule-am-hollerbusch\/\">\n        <div class=\"bienen-entry-image\">\n            <img decoding=\"async\" width=\"400\" height=\"300\" src=\"https:\/\/wettbewerb-archiv.wir-tun-was-fuer-bienen.de\/archiv-2023\/wp-content\/uploads\/sites\/8\/2023\/04\/98E72D91-086A-4FE5-BA0B-977DEF26F213-400x300.jpeg\" class=\"attachment-bienen-grid-thumb size-bienen-grid-thumb wp-post-image\" alt=\"\" loading=\"lazy\" srcset=\"https:\/\/wettbewerb-archiv.wir-tun-was-fuer-bienen.de\/archiv-2023\/wp-content\/uploads\/sites\/8\/2023\/04\/98E72D91-086A-4FE5-BA0B-977DEF26F213-400x300.jpeg 400w, https:\/\/wettbewerb-archiv.wir-tun-was-fuer-bienen.de\/archiv-2023\/wp-content\/uploads\/sites\/8\/2023\/04\/98E72D91-086A-4FE5-BA0B-977DEF26F213-768x576.jpeg 768w, https:\/\/wettbewerb-archiv.wir-tun-was-fuer-bienen.de\/archiv-2023\/wp-content\/uploads\/sites\/8\/2023\/04\/98E72D91-086A-4FE5-BA0B-977DEF26F213-1024x768.jpeg 1024w, https:\/\/wettbewerb-archiv.wir-tun-was-fuer-bienen.de\/archiv-2023\/wp-content\/uploads\/sites\/8\/2023\/04\/98E72D91-086A-4FE5-BA0B-977DEF26F213.jpeg 1920w\" sizes=\"(max-width: 400px) 100vw, 400px\" \/>                    <\/div>\n    <\/a>\n\n    \n\n    <div class=\"user flex\">\n        \n                    <img decoding=\"async\" src=\"https:\/\/wettbewerb-archiv.wir-tun-was-fuer-bienen.de\/archiv-2023\/wp-content\/themes\/bienen\/assets\/images\/avatar-placeholder.png\" style=\"border-radius: 30px;\" height=\"30\" width=\"30\">\n            Grundschule am Hollerbusch            <\/div>\n    \n    \n            <p class=\"categories meta\" style=\"width: 100%\"><span class=\"fa fa-tag\"\n                                                             aria-hidden=\"true\"><\/span> Schulg\u00e4rten        <\/p>\n    \n            <p class=\"categories meta\" style=\"width: 100%\"><span class=\"fa fa-map-marker\"\n                                                             aria-hidden=\"true\"><\/span> Berlin        <\/p>\n    \n<\/article>\n   \n\t\t\n          <article id=\"post-88771\" class=\"et_pb_post post-88771 wtwfb_entry type-wtwfb_entry status-publish has-post-thumbnail hentry wtwfb_category-balkone-terrassen-dachbegruenung-vertikale-gaerten wtwfb_region-baden-wuerttemberg\">\n    <h2 class=\"entry-title\"><a href=\"https:\/\/wettbewerb-archiv.wir-tun-was-fuer-bienen.de\/archiv-2023\/eintrag\/2023-ess-bar\/\">Ess-Bar<\/a>\n    <\/h2>\n    <a href=\"https:\/\/wettbewerb-archiv.wir-tun-was-fuer-bienen.de\/archiv-2023\/eintrag\/2023-ess-bar\/\">\n        <div class=\"bienen-entry-image\">\n            <img decoding=\"async\" width=\"400\" height=\"300\" src=\"https:\/\/wettbewerb-archiv.wir-tun-was-fuer-bienen.de\/archiv-2023\/wp-content\/uploads\/sites\/8\/2023\/07\/cdm20230412_164732-400x300.jpg\" class=\"attachment-bienen-grid-thumb size-bienen-grid-thumb wp-post-image\" alt=\"\" loading=\"lazy\" \/>                    <\/div>\n    <\/a>\n\n    \n\n    <div class=\"user flex\">\n        \n                    <img decoding=\"async\" src=\"https:\/\/wettbewerb-archiv.wir-tun-was-fuer-bienen.de\/archiv-2023\/wp-content\/themes\/bienen\/assets\/images\/avatar-placeholder.png\" style=\"border-radius: 30px;\" height=\"30\" width=\"30\">\n            Cucina della Mamma            <\/div>\n    \n    <p class=\"categories meta bienen-gewinner\"><span class=\"fa fa-trophy\"                                                              aria-hidden=\"true\"><\/span> Gewinner<\/p>\n            <p class=\"categories meta\" style=\"width: 100%\"><span class=\"fa fa-tag\"\n                                                             aria-hidden=\"true\"><\/span> Balkone, Terrassen, Dachg\u00e4rten, vertikale G\u00e4rten        <\/p>\n    \n            <p class=\"categories meta\" style=\"width: 100%\"><span class=\"fa fa-map-marker\"\n                                                             aria-hidden=\"true\"><\/span> Baden-W\u00fcrttemberg        <\/p>\n    \n<\/article>\n   \n\t\t\n          <article id=\"post-88744\" class=\"et_pb_post post-88744 wtwfb_entry type-wtwfb_entry status-publish has-post-thumbnail hentry wtwfb_category-kita-gaerten wtwfb_region-rheinland-pfalz\">\n    <h2 class=\"entry-title\"><a href=\"https:\/\/wettbewerb-archiv.wir-tun-was-fuer-bienen.de\/archiv-2023\/eintrag\/2023-herstellung-von-samenbomben-bepflanzung-der-hochbeete\/\">Herstellung von Samenbomben\/ Bepflanzung der Hochbeete<\/a>\n    <\/h2>\n    <a href=\"https:\/\/wettbewerb-archiv.wir-tun-was-fuer-bienen.de\/archiv-2023\/eintrag\/2023-herstellung-von-samenbomben-bepflanzung-der-hochbeete\/\">\n        <div class=\"bienen-entry-image\">\n            <img decoding=\"async\" width=\"400\" height=\"300\" src=\"https:\/\/wettbewerb-archiv.wir-tun-was-fuer-bienen.de\/archiv-2023\/wp-content\/uploads\/sites\/8\/2023\/04\/20230317_145827-400x300.jpg\" class=\"attachment-bienen-grid-thumb size-bienen-grid-thumb wp-post-image\" alt=\"\" loading=\"lazy\" \/>                    <\/div>\n    <\/a>\n\n    \n\n    <div class=\"user flex\">\n        \n                    <img decoding=\"async\" src=\"https:\/\/wettbewerb-archiv.wir-tun-was-fuer-bienen.de\/archiv-2023\/wp-content\/themes\/bienen\/assets\/images\/avatar-placeholder.png\" style=\"border-radius: 30px;\" height=\"30\" width=\"30\">\n            katholische KiTa St. Georg            <\/div>\n    \n    \n            <p class=\"categories meta\" style=\"width: 100%\"><span class=\"fa fa-tag\"\n                                                             aria-hidden=\"true\"><\/span> Kita-G\u00e4rten        <\/p>\n    \n            <p class=\"categories meta\" style=\"width: 100%\"><span class=\"fa fa-map-marker\"\n                                                             aria-hidden=\"true\"><\/span> Rheinland-Pfalz        <\/p>\n    \n<\/article>\n   \n\t\t\n          <article id=\"post-88692\" class=\"et_pb_post post-88692 wtwfb_entry type-wtwfb_entry status-publish has-post-thumbnail hentry wtwfb_category-bestehende-naturgaerten wtwfb_region-bayern\">\n    <h2 class=\"entry-title\"><a href=\"https:\/\/wettbewerb-archiv.wir-tun-was-fuer-bienen.de\/archiv-2023\/eintrag\/2023-mehr-natur-im-garten\/\">Mehr Natur im Garten<\/a>\n    <\/h2>\n    <a href=\"https:\/\/wettbewerb-archiv.wir-tun-was-fuer-bienen.de\/archiv-2023\/eintrag\/2023-mehr-natur-im-garten\/\">\n        <div class=\"bienen-entry-image\">\n            <img decoding=\"async\" width=\"400\" height=\"300\" src=\"https:\/\/wettbewerb-archiv.wir-tun-was-fuer-bienen.de\/archiv-2023\/wp-content\/uploads\/sites\/8\/2023\/04\/20220718_160838-400x300.jpg\" class=\"attachment-bienen-grid-thumb size-bienen-grid-thumb wp-post-image\" alt=\"\" loading=\"lazy\" srcset=\"https:\/\/wettbewerb-archiv.wir-tun-was-fuer-bienen.de\/archiv-2023\/wp-content\/uploads\/sites\/8\/2023\/04\/20220718_160838-400x300.jpg 400w, https:\/\/wettbewerb-archiv.wir-tun-was-fuer-bienen.de\/archiv-2023\/wp-content\/uploads\/sites\/8\/2023\/04\/20220718_160838-768x576.jpg 768w, https:\/\/wettbewerb-archiv.wir-tun-was-fuer-bienen.de\/archiv-2023\/wp-content\/uploads\/sites\/8\/2023\/04\/20220718_160838-1024x768.jpg 1024w, https:\/\/wettbewerb-archiv.wir-tun-was-fuer-bienen.de\/archiv-2023\/wp-content\/uploads\/sites\/8\/2023\/04\/20220718_160838.jpg 1920w\" sizes=\"(max-width: 400px) 100vw, 400px\" \/>                    <\/div>\n    <\/a>\n\n    \n\n    <div class=\"user flex\">\n        \n                    <img decoding=\"async\" src=\"https:\/\/wettbewerb-archiv.wir-tun-was-fuer-bienen.de\/archiv-2023\/wp-content\/themes\/bienen\/assets\/images\/avatar-placeholder.png\" style=\"border-radius: 30px;\" height=\"30\" width=\"30\">\n            Naturgarten Nowak            <\/div>\n    \n    \n            <p class=\"categories meta\" style=\"width: 100%\"><span class=\"fa fa-tag\"\n                                                             aria-hidden=\"true\"><\/span> Bestehende Naturg\u00e4rten (Pflege und Infoarbeit)        <\/p>\n    \n            <p class=\"categories meta\" style=\"width: 100%\"><span class=\"fa fa-map-marker\"\n                                                             aria-hidden=\"true\"><\/span> Bayern        <\/p>\n    \n<\/article>\n   \n\t\t\n          <article id=\"post-88673\" class=\"et_pb_post post-88673 wtwfb_entry type-wtwfb_entry status-publish has-post-thumbnail hentry wtwfb_category-privatgaerten-gross-500-m wtwfb_region-nordrhein-westfalen\">\n    <h2 class=\"entry-title\"><a href=\"https:\/\/wettbewerb-archiv.wir-tun-was-fuer-bienen.de\/archiv-2023\/eintrag\/2023-erlebniswildbluehflaeche-machen-statt-reden\/\">Erlebniswildbl\u00fchfl\u00e4che &#8211; Machen statt Reden!<\/a>\n    <\/h2>\n    <a href=\"https:\/\/wettbewerb-archiv.wir-tun-was-fuer-bienen.de\/archiv-2023\/eintrag\/2023-erlebniswildbluehflaeche-machen-statt-reden\/\">\n        <div class=\"bienen-entry-image\">\n            <img decoding=\"async\" width=\"400\" height=\"300\" src=\"https:\/\/wettbewerb-archiv.wir-tun-was-fuer-bienen.de\/archiv-2023\/wp-content\/uploads\/sites\/8\/2023\/04\/A7308395-400x300.jpg\" class=\"attachment-bienen-grid-thumb size-bienen-grid-thumb wp-post-image\" alt=\"\" loading=\"lazy\" \/>                    <\/div>\n    <\/a>\n\n    \n\n    <div class=\"user flex\">\n        \n                    <img decoding=\"async\" src=\"https:\/\/wettbewerb-archiv.wir-tun-was-fuer-bienen.de\/archiv-2023\/wp-content\/themes\/bienen\/assets\/images\/avatar-placeholder.png\" style=\"border-radius: 30px;\" height=\"30\" width=\"30\">\n            Erlebniswildbl\u00fchfl\u00e4che - Machen statt Reden!            <\/div>\n    \n    <p class=\"categories meta bienen-gewinner\"><span class=\"fa fa-trophy\"                                                              aria-hidden=\"true\"><\/span> Gewinner<\/p>\n            <p class=\"categories meta\" style=\"width: 100%\"><span class=\"fa fa-tag\"\n                                                             aria-hidden=\"true\"><\/span> Privatg\u00e4rten gro\u00df (ab 500 m\u00b2)        <\/p>\n    \n            <p class=\"categories meta\" style=\"width: 100%\"><span class=\"fa fa-map-marker\"\n                                                             aria-hidden=\"true\"><\/span> Nordrhein-Westfalen        <\/p>\n    \n<\/article>\n   \n\t\t\n          <article id=\"post-88608\" class=\"et_pb_post post-88608 wtwfb_entry type-wtwfb_entry status-publish has-post-thumbnail hentry wtwfb_category-privatgaerten-gross-500-m wtwfb_region-thueringen\">\n    <h2 class=\"entry-title\"><a href=\"https:\/\/wettbewerb-archiv.wir-tun-was-fuer-bienen.de\/archiv-2023\/eintrag\/2023-unser-grundstueck-fehlt-es-an-tierfreundlichkeit\/\">Unser Grundst\u00fcck fehlt es an Tierfreundlichkeit<\/a>\n    <\/h2>\n    <a href=\"https:\/\/wettbewerb-archiv.wir-tun-was-fuer-bienen.de\/archiv-2023\/eintrag\/2023-unser-grundstueck-fehlt-es-an-tierfreundlichkeit\/\">\n        <div class=\"bienen-entry-image\">\n            <img decoding=\"async\" width=\"400\" height=\"300\" src=\"https:\/\/wettbewerb-archiv.wir-tun-was-fuer-bienen.de\/archiv-2023\/wp-content\/uploads\/sites\/8\/2023\/04\/IMG_20230415_081634-400x300.jpg\" class=\"attachment-bienen-grid-thumb size-bienen-grid-thumb wp-post-image\" alt=\"\" loading=\"lazy\" srcset=\"https:\/\/wettbewerb-archiv.wir-tun-was-fuer-bienen.de\/archiv-2023\/wp-content\/uploads\/sites\/8\/2023\/04\/IMG_20230415_081634-400x300.jpg 400w, https:\/\/wettbewerb-archiv.wir-tun-was-fuer-bienen.de\/archiv-2023\/wp-content\/uploads\/sites\/8\/2023\/04\/IMG_20230415_081634-768x576.jpg 768w, https:\/\/wettbewerb-archiv.wir-tun-was-fuer-bienen.de\/archiv-2023\/wp-content\/uploads\/sites\/8\/2023\/04\/IMG_20230415_081634-1024x768.jpg 1024w, https:\/\/wettbewerb-archiv.wir-tun-was-fuer-bienen.de\/archiv-2023\/wp-content\/uploads\/sites\/8\/2023\/04\/IMG_20230415_081634.jpg 1920w\" sizes=\"(max-width: 400px) 100vw, 400px\" \/>                    <\/div>\n    <\/a>\n\n    \n\n    <div class=\"user flex\">\n        \n                    <img decoding=\"async\" src=\"https:\/\/wettbewerb-archiv.wir-tun-was-fuer-bienen.de\/archiv-2023\/wp-content\/themes\/bienen\/assets\/images\/avatar-placeholder.png\" style=\"border-radius: 30px;\" height=\"30\" width=\"30\">\n            Bienenkinder            <\/div>\n    \n    \n            <p class=\"categories meta\" style=\"width: 100%\"><span class=\"fa fa-tag\"\n                                                             aria-hidden=\"true\"><\/span> Privatg\u00e4rten gro\u00df (ab 500 m\u00b2)        <\/p>\n    \n            <p class=\"categories meta\" style=\"width: 100%\"><span class=\"fa fa-map-marker\"\n                                                             aria-hidden=\"true\"><\/span> Th\u00fcringen        <\/p>\n    \n<\/article>\n   \n\t\t\n          <article id=\"post-88579\" class=\"et_pb_post post-88579 wtwfb_entry type-wtwfb_entry status-publish has-post-thumbnail hentry wtwfb_category-privatgaerten-gross-500-m wtwfb_region-brandenburg\">\n    <h2 class=\"entry-title\"><a href=\"https:\/\/wettbewerb-archiv.wir-tun-was-fuer-bienen.de\/archiv-2023\/eintrag\/2023-kleine-bienenwelt\/\">Kleine Bienenwelt<\/a>\n    <\/h2>\n    <a href=\"https:\/\/wettbewerb-archiv.wir-tun-was-fuer-bienen.de\/archiv-2023\/eintrag\/2023-kleine-bienenwelt\/\">\n        <div class=\"bienen-entry-image\">\n            <img decoding=\"async\" width=\"400\" height=\"300\" src=\"https:\/\/wettbewerb-archiv.wir-tun-was-fuer-bienen.de\/archiv-2023\/wp-content\/uploads\/sites\/8\/2023\/04\/20210515_100342-400x300.jpg\" class=\"attachment-bienen-grid-thumb size-bienen-grid-thumb wp-post-image\" alt=\"\" loading=\"lazy\" \/>                    <\/div>\n    <\/a>\n\n    \n\n    <div class=\"user flex\">\n        \n                    <img decoding=\"async\" src=\"https:\/\/wettbewerb-archiv.wir-tun-was-fuer-bienen.de\/archiv-2023\/wp-content\/themes\/bienen\/assets\/images\/avatar-placeholder.png\" style=\"border-radius: 30px;\" height=\"30\" width=\"30\">\n            Adam`s Family            <\/div>\n    \n    \n            <p class=\"categories meta\" style=\"width: 100%\"><span class=\"fa fa-tag\"\n                                                             aria-hidden=\"true\"><\/span> Privatg\u00e4rten gro\u00df (ab 500 m\u00b2)        <\/p>\n    \n            <p class=\"categories meta\" style=\"width: 100%\"><span class=\"fa fa-map-marker\"\n                                                             aria-hidden=\"true\"><\/span> Brandenburg        <\/p>\n    \n<\/article>\n   \n\t\t\n          <article id=\"post-88566\" class=\"et_pb_post post-88566 wtwfb_entry type-wtwfb_entry status-publish has-post-thumbnail hentry wtwfb_category-schul-und-jugendclubgaerten wtwfb_region-mecklenburg-vorpommern\">\n    <h2 class=\"entry-title\"><a href=\"https:\/\/wettbewerb-archiv.wir-tun-was-fuer-bienen.de\/archiv-2023\/eintrag\/2023-schulgarten-rsawt-grevesmuehlen\/\">Schulgarten RSAWT Grevesm\u00fchlen<\/a>\n    <\/h2>\n    <a href=\"https:\/\/wettbewerb-archiv.wir-tun-was-fuer-bienen.de\/archiv-2023\/eintrag\/2023-schulgarten-rsawt-grevesmuehlen\/\">\n        <div class=\"bienen-entry-image\">\n            <img decoding=\"async\" width=\"400\" height=\"300\" src=\"https:\/\/wettbewerb-archiv.wir-tun-was-fuer-bienen.de\/archiv-2023\/wp-content\/uploads\/sites\/8\/2023\/04\/SchulgartenSonnenblume-400x300.jpg\" class=\"attachment-bienen-grid-thumb size-bienen-grid-thumb wp-post-image\" alt=\"\" loading=\"lazy\" \/>                    <\/div>\n    <\/a>\n\n    \n\n    <div class=\"user flex\">\n        \n                    <img decoding=\"async\" src=\"https:\/\/wettbewerb-archiv.wir-tun-was-fuer-bienen.de\/archiv-2023\/wp-content\/themes\/bienen\/assets\/images\/avatar-placeholder.png\" style=\"border-radius: 30px;\" height=\"30\" width=\"30\">\n            Schulgarten RSAWT Grevesm\u00fchlen            <\/div>\n    \n    \n            <p class=\"categories meta\" style=\"width: 100%\"><span class=\"fa fa-tag\"\n                                                             aria-hidden=\"true\"><\/span> Schulg\u00e4rten        <\/p>\n    \n            <p class=\"categories meta\" style=\"width: 100%\"><span class=\"fa fa-map-marker\"\n                                                             aria-hidden=\"true\"><\/span> Mecklenburg-Vorpommern        <\/p>\n    \n<\/article>\n   \n\t\t\n          <article id=\"post-88505\" class=\"et_pb_post post-88505 wtwfb_entry type-wtwfb_entry status-publish has-post-thumbnail hentry wtwfb_category-kita-gaerten wtwfb_region-mecklenburg-vorpommern\">\n    <h2 class=\"entry-title\"><a href=\"https:\/\/wettbewerb-archiv.wir-tun-was-fuer-bienen.de\/archiv-2023\/eintrag\/2023-wir-pflanzen-fuer-bienen\/\">Das ist kein unordentlicher Garten , sondern eine  5 &#...<\/a>\n    <\/h2>\n    <a href=\"https:\/\/wettbewerb-archiv.wir-tun-was-fuer-bienen.de\/archiv-2023\/eintrag\/2023-wir-pflanzen-fuer-bienen\/\">\n        <div class=\"bienen-entry-image\">\n            <img decoding=\"async\" width=\"400\" height=\"300\" src=\"https:\/\/wettbewerb-archiv.wir-tun-was-fuer-bienen.de\/archiv-2023\/wp-content\/uploads\/sites\/8\/2023\/04\/20230405_100314-400x300.jpg\" class=\"attachment-bienen-grid-thumb size-bienen-grid-thumb wp-post-image\" alt=\"\" loading=\"lazy\" \/>                    <\/div>\n    <\/a>\n\n    \n\n    <div class=\"user flex\">\n        \n                    <img decoding=\"async\" src=\"https:\/\/wettbewerb-archiv.wir-tun-was-fuer-bienen.de\/archiv-2023\/wp-content\/themes\/bienen\/assets\/images\/avatar-placeholder.png\" style=\"border-radius: 30px;\" height=\"30\" width=\"30\">\n            Kita Freundschaft Parchim            <\/div>\n            <p class=\"categories meta\" style=\"color: #c32731; font-weight: bold; width: 100%\"><span class=\"fa fa-music\"\n                                                                                                aria-hidden=\"true\"><\/span> Extrapreis Musik\n            f\u00fcr Bienenschutz\n        <\/p>\n    \n    <p class=\"categories meta bienen-gewinner\"><span class=\"fa fa-trophy\"                                                              aria-hidden=\"true\"><\/span> Gewinner<\/p>\n            <p class=\"categories meta\" style=\"width: 100%\"><span class=\"fa fa-tag\"\n                                                             aria-hidden=\"true\"><\/span> Kita-G\u00e4rten        <\/p>\n    \n            <p class=\"categories meta\" style=\"width: 100%\"><span class=\"fa fa-map-marker\"\n                                                             aria-hidden=\"true\"><\/span> Mecklenburg-Vorpommern        <\/p>\n    \n<\/article>\n   \n\t\t\n          <article id=\"post-88393\" class=\"et_pb_post post-88393 wtwfb_entry type-wtwfb_entry status-publish has-post-thumbnail hentry wtwfb_category-vereinsgaerten-liegenschaften-von-verwaltung-kirche-etc-sonstige wtwfb_region-nordrhein-westfalen\">\n    <h2 class=\"entry-title\"><a href=\"https:\/\/wettbewerb-archiv.wir-tun-was-fuer-bienen.de\/archiv-2023\/eintrag\/2023-schul-und-gemeinschaftsgarten-koenigshuetter-park\/\">Schul- und Gemeinschaftsgarten K\u00f6nigsh\u00fctter Park<\/a>\n    <\/h2>\n    <a href=\"https:\/\/wettbewerb-archiv.wir-tun-was-fuer-bienen.de\/archiv-2023\/eintrag\/2023-schul-und-gemeinschaftsgarten-koenigshuetter-park\/\">\n        <div class=\"bienen-entry-image\">\n            <img decoding=\"async\" width=\"400\" height=\"300\" src=\"https:\/\/wettbewerb-archiv.wir-tun-was-fuer-bienen.de\/archiv-2023\/wp-content\/uploads\/sites\/8\/2023\/04\/20220615_093631-400x300.jpg\" class=\"attachment-bienen-grid-thumb size-bienen-grid-thumb wp-post-image\" alt=\"\" loading=\"lazy\" srcset=\"https:\/\/wettbewerb-archiv.wir-tun-was-fuer-bienen.de\/archiv-2023\/wp-content\/uploads\/sites\/8\/2023\/04\/20220615_093631-400x300.jpg 400w, https:\/\/wettbewerb-archiv.wir-tun-was-fuer-bienen.de\/archiv-2023\/wp-content\/uploads\/sites\/8\/2023\/04\/20220615_093631-768x576.jpg 768w, https:\/\/wettbewerb-archiv.wir-tun-was-fuer-bienen.de\/archiv-2023\/wp-content\/uploads\/sites\/8\/2023\/04\/20220615_093631-1024x768.jpg 1024w, https:\/\/wettbewerb-archiv.wir-tun-was-fuer-bienen.de\/archiv-2023\/wp-content\/uploads\/sites\/8\/2023\/04\/20220615_093631.jpg 1920w\" sizes=\"(max-width: 400px) 100vw, 400px\" \/>                    <\/div>\n    <\/a>\n\n    \n\n    <div class=\"user flex\">\n        \n                    <img decoding=\"async\" src=\"https:\/\/wettbewerb-archiv.wir-tun-was-fuer-bienen.de\/archiv-2023\/wp-content\/themes\/bienen\/assets\/images\/avatar-placeholder.png\" style=\"border-radius: 30px;\" height=\"30\" width=\"30\">\n            Schul- und Gemeinschaftsgarten K\u00f6nigsh\u00fctter Park            <\/div>\n    \n    \n            <p class=\"categories meta\" style=\"width: 100%\"><span class=\"fa fa-tag\"\n                                                             aria-hidden=\"true\"><\/span> Vereinsg\u00e4rten, Unis, Liegenschaften von Verwaltung, Kirche etc, Sonstige        <\/p>\n    \n            <p class=\"categories meta\" style=\"width: 100%\"><span class=\"fa fa-map-marker\"\n                                                             aria-hidden=\"true\"><\/span> Nordrhein-Westfalen        <\/p>\n    \n<\/article>\n   \n\t\t\n          <article id=\"post-88385\" class=\"et_pb_post post-88385 wtwfb_entry type-wtwfb_entry status-publish has-post-thumbnail hentry wtwfb_category-firmengaerten wtwfb_region-niedersachsen\">\n    <h2 class=\"entry-title\"><a href=\"https:\/\/wettbewerb-archiv.wir-tun-was-fuer-bienen.de\/archiv-2023\/eintrag\/2023-naturnahe-bepflanzung-rund-ums-firmengelaende\/\">Logistik f\u00fcr Bienen<\/a>\n    <\/h2>\n    <a href=\"https:\/\/wettbewerb-archiv.wir-tun-was-fuer-bienen.de\/archiv-2023\/eintrag\/2023-naturnahe-bepflanzung-rund-ums-firmengelaende\/\">\n        <div class=\"bienen-entry-image\">\n            <img decoding=\"async\" width=\"400\" height=\"300\" src=\"https:\/\/wettbewerb-archiv.wir-tun-was-fuer-bienen.de\/archiv-2023\/wp-content\/uploads\/sites\/8\/2023\/05\/IMG_9445-400x300.jpg\" class=\"attachment-bienen-grid-thumb size-bienen-grid-thumb wp-post-image\" alt=\"\" loading=\"lazy\" \/>                    <\/div>\n    <\/a>\n\n    \n\n    <div class=\"user flex\">\n        \n                    <img decoding=\"async\" src=\"https:\/\/wettbewerb-archiv.wir-tun-was-fuer-bienen.de\/archiv-2023\/wp-content\/themes\/bienen\/assets\/images\/avatar-placeholder.png\" style=\"border-radius: 30px;\" height=\"30\" width=\"30\">\n            Olthoff Freight Solutions            <\/div>\n    \n    <p class=\"categories meta bienen-gewinner\"><span class=\"fa fa-trophy\"                                                              aria-hidden=\"true\"><\/span> Gewinner<\/p>\n            <p class=\"categories meta\" style=\"width: 100%\"><span class=\"fa fa-tag\"\n                                                             aria-hidden=\"true\"><\/span> Firmeng\u00e4rten        <\/p>\n    \n            <p class=\"categories meta\" style=\"width: 100%\"><span class=\"fa fa-map-marker\"\n                                                             aria-hidden=\"true\"><\/span> Niedersachsen        <\/p>\n    \n<\/article>\n   \n\t\t\n          <article id=\"post-88371\" class=\"et_pb_post post-88371 wtwfb_entry type-wtwfb_entry status-publish has-post-thumbnail hentry wtwfb_category-schul-und-jugendclubgaerten wtwfb_region-nordrhein-westfalen\">\n    <h2 class=\"entry-title\"><a href=\"https:\/\/wettbewerb-archiv.wir-tun-was-fuer-bienen.de\/archiv-2023\/eintrag\/2023-insektenfreundliche-schule\/\">Die ASS summt!<\/a>\n    <\/h2>\n    <a href=\"https:\/\/wettbewerb-archiv.wir-tun-was-fuer-bienen.de\/archiv-2023\/eintrag\/2023-insektenfreundliche-schule\/\">\n        <div class=\"bienen-entry-image\">\n            <img decoding=\"async\" width=\"400\" height=\"300\" src=\"https:\/\/wettbewerb-archiv.wir-tun-was-fuer-bienen.de\/archiv-2023\/wp-content\/uploads\/sites\/8\/2023\/07\/20230726_110031-400x300.jpg\" class=\"attachment-bienen-grid-thumb size-bienen-grid-thumb wp-post-image\" alt=\"\" loading=\"lazy\" srcset=\"https:\/\/wettbewerb-archiv.wir-tun-was-fuer-bienen.de\/archiv-2023\/wp-content\/uploads\/sites\/8\/2023\/07\/20230726_110031-400x300.jpg 400w, https:\/\/wettbewerb-archiv.wir-tun-was-fuer-bienen.de\/archiv-2023\/wp-content\/uploads\/sites\/8\/2023\/07\/20230726_110031-768x576.jpg 768w, https:\/\/wettbewerb-archiv.wir-tun-was-fuer-bienen.de\/archiv-2023\/wp-content\/uploads\/sites\/8\/2023\/07\/20230726_110031-1024x768.jpg 1024w, https:\/\/wettbewerb-archiv.wir-tun-was-fuer-bienen.de\/archiv-2023\/wp-content\/uploads\/sites\/8\/2023\/07\/20230726_110031.jpg 1920w\" sizes=\"(max-width: 400px) 100vw, 400px\" \/>                    <\/div>\n    <\/a>\n\n    \n\n    <div class=\"user flex\">\n        \n                    <img decoding=\"async\" src=\"https:\/\/wettbewerb-archiv.wir-tun-was-fuer-bienen.de\/archiv-2023\/wp-content\/themes\/bienen\/assets\/images\/avatar-placeholder.png\" style=\"border-radius: 30px;\" height=\"30\" width=\"30\">\n            Albert-Schweitzer-Schule Oelde            <\/div>\n            <p class=\"categories meta\" style=\"color: #c32731; font-weight: bold; width: 100%\"><span class=\"fa fa-music\"\n                                                                                                aria-hidden=\"true\"><\/span> Extrapreis Musik\n            f\u00fcr Bienenschutz\n        <\/p>\n    \n    <p class=\"categories meta bienen-gewinner\"><span class=\"fa fa-trophy\"                                                              aria-hidden=\"true\"><\/span> Gewinner<\/p>\n            <p class=\"categories meta\" style=\"width: 100%\"><span class=\"fa fa-tag\"\n                                                             aria-hidden=\"true\"><\/span> Schulg\u00e4rten        <\/p>\n    \n            <p class=\"categories meta\" style=\"width: 100%\"><span class=\"fa fa-map-marker\"\n                                                             aria-hidden=\"true\"><\/span> Nordrhein-Westfalen        <\/p>\n    \n<\/article>\n   \n\t\t\n          <article id=\"post-88358\" class=\"et_pb_post post-88358 wtwfb_entry type-wtwfb_entry status-publish has-post-thumbnail hentry wtwfb_category-schul-und-jugendclubgaerten wtwfb_region-bayern\">\n    <h2 class=\"entry-title\"><a href=\"https:\/\/wettbewerb-archiv.wir-tun-was-fuer-bienen.de\/archiv-2023\/eintrag\/1000-zwiebeln-mit-fruehbluehern-fuer-unsere-bienen\/\">1000 Zwiebeln mit Fr\u00fchbl\u00fchern f\u00fcr unsere Bienen<\/a>\n    <\/h2>\n    <a href=\"https:\/\/wettbewerb-archiv.wir-tun-was-fuer-bienen.de\/archiv-2023\/eintrag\/1000-zwiebeln-mit-fruehbluehern-fuer-unsere-bienen\/\">\n        <div class=\"bienen-entry-image\">\n            <img decoding=\"async\" width=\"400\" height=\"300\" src=\"https:\/\/wettbewerb-archiv.wir-tun-was-fuer-bienen.de\/archiv-2023\/wp-content\/uploads\/sites\/8\/2023\/04\/800px-Apis_mellifera_carnica_worker_honeycomb_2-400x300.jpg\" class=\"attachment-bienen-grid-thumb size-bienen-grid-thumb wp-post-image\" alt=\"\" loading=\"lazy\" \/>                    <\/div>\n    <\/a>\n\n    \n\n    <div class=\"user flex\">\n        \n                    <img decoding=\"async\" src=\"https:\/\/wettbewerb-archiv.wir-tun-was-fuer-bienen.de\/archiv-2023\/wp-content\/themes\/bienen\/assets\/images\/avatar-placeholder.png\" style=\"border-radius: 30px;\" height=\"30\" width=\"30\">\n            AG Bienenschule            <\/div>\n    \n    \n            <p class=\"categories meta\" style=\"width: 100%\"><span class=\"fa fa-tag\"\n                                                             aria-hidden=\"true\"><\/span> Schulg\u00e4rten        <\/p>\n    \n            <p class=\"categories meta\" style=\"width: 100%\"><span class=\"fa fa-map-marker\"\n                                                             aria-hidden=\"true\"><\/span> Bayern        <\/p>\n    \n<\/article>\n   \n\t\t\n          <article id=\"post-88345\" class=\"et_pb_post post-88345 wtwfb_entry type-wtwfb_entry status-publish has-post-thumbnail hentry wtwfb_category-privatgaerten-gross-500-m wtwfb_region-nordrhein-westfalen\">\n    <h2 class=\"entry-title\"><a href=\"https:\/\/wettbewerb-archiv.wir-tun-was-fuer-bienen.de\/archiv-2023\/eintrag\/2023-huehnerwiese-bepflanzen-und-noch-mehr-stauden\/\">Wiese bepflanzen und noch mehr Stauden f\u00fcr Insekten<\/a>\n    <\/h2>\n    <a href=\"https:\/\/wettbewerb-archiv.wir-tun-was-fuer-bienen.de\/archiv-2023\/eintrag\/2023-huehnerwiese-bepflanzen-und-noch-mehr-stauden\/\">\n        <div class=\"bienen-entry-image\">\n            <img decoding=\"async\" width=\"400\" height=\"300\" src=\"https:\/\/wettbewerb-archiv.wir-tun-was-fuer-bienen.de\/archiv-2023\/wp-content\/uploads\/sites\/8\/2023\/04\/IMG_2485-400x300.jpg\" class=\"attachment-bienen-grid-thumb size-bienen-grid-thumb wp-post-image\" alt=\"\" loading=\"lazy\" \/>                    <\/div>\n    <\/a>\n\n    \n\n    <div class=\"user flex\">\n        \n                    <img decoding=\"async\" src=\"https:\/\/wettbewerb-archiv.wir-tun-was-fuer-bienen.de\/archiv-2023\/wp-content\/themes\/bienen\/assets\/images\/avatar-placeholder.png\" style=\"border-radius: 30px;\" height=\"30\" width=\"30\">\n            Rias Garten            <\/div>\n    \n    \n            <p class=\"categories meta\" style=\"width: 100%\"><span class=\"fa fa-tag\"\n                                                             aria-hidden=\"true\"><\/span> Privatg\u00e4rten gro\u00df (ab 500 m\u00b2)        <\/p>\n    \n            <p class=\"categories meta\" style=\"width: 100%\"><span class=\"fa fa-map-marker\"\n                                                             aria-hidden=\"true\"><\/span> Nordrhein-Westfalen        <\/p>\n    \n<\/article>\n   \n\t\t\n          <article id=\"post-88335\" class=\"et_pb_post post-88335 wtwfb_entry type-wtwfb_entry status-publish has-post-thumbnail hentry wtwfb_category-kommunale-flaechen wtwfb_region-niedersachsen\">\n    <h2 class=\"entry-title\"><a href=\"https:\/\/wettbewerb-archiv.wir-tun-was-fuer-bienen.de\/archiv-2023\/eintrag\/2023-insekten-projekt-im-vierthaler-park-landeshauptstadt-hannover\/\">Insekten Projekt im Vierthaler Park\/ Landeshauptstadt H...<\/a>\n    <\/h2>\n    <a href=\"https:\/\/wettbewerb-archiv.wir-tun-was-fuer-bienen.de\/archiv-2023\/eintrag\/2023-insekten-projekt-im-vierthaler-park-landeshauptstadt-hannover\/\">\n        <div class=\"bienen-entry-image\">\n            <img decoding=\"async\" width=\"400\" height=\"300\" src=\"https:\/\/wettbewerb-archiv.wir-tun-was-fuer-bienen.de\/archiv-2023\/wp-content\/uploads\/sites\/8\/2023\/04\/Sandarium-oben2-400x300.jpg\" class=\"attachment-bienen-grid-thumb size-bienen-grid-thumb wp-post-image\" alt=\"\" loading=\"lazy\" srcset=\"https:\/\/wettbewerb-archiv.wir-tun-was-fuer-bienen.de\/archiv-2023\/wp-content\/uploads\/sites\/8\/2023\/04\/Sandarium-oben2-400x300.jpg 400w, https:\/\/wettbewerb-archiv.wir-tun-was-fuer-bienen.de\/archiv-2023\/wp-content\/uploads\/sites\/8\/2023\/04\/Sandarium-oben2-768x576.jpg 768w, https:\/\/wettbewerb-archiv.wir-tun-was-fuer-bienen.de\/archiv-2023\/wp-content\/uploads\/sites\/8\/2023\/04\/Sandarium-oben2.jpg 960w\" sizes=\"(max-width: 400px) 100vw, 400px\" \/>                    <\/div>\n    <\/a>\n\n    \n\n    <div class=\"user flex\">\n        \n                    <img decoding=\"async\" src=\"https:\/\/wettbewerb-archiv.wir-tun-was-fuer-bienen.de\/archiv-2023\/wp-content\/themes\/bienen\/assets\/images\/avatar-placeholder.png\" style=\"border-radius: 30px;\" height=\"30\" width=\"30\">\n            Landeshauptstadt Hannover            <\/div>\n    \n    <p class=\"categories meta bienen-gewinner\"><span class=\"fa fa-trophy\"                                                              aria-hidden=\"true\"><\/span> Gewinner<\/p>\n            <p class=\"categories meta\" style=\"width: 100%\"><span class=\"fa fa-tag\"\n                                                             aria-hidden=\"true\"><\/span> Kommunale Fl\u00e4chen        <\/p>\n    \n            <p class=\"categories meta\" style=\"width: 100%\"><span class=\"fa fa-map-marker\"\n                                                             aria-hidden=\"true\"><\/span> Niedersachsen        <\/p>\n    \n<\/article>\n   \n\t\t\n          <article id=\"post-88321\" class=\"et_pb_post post-88321 wtwfb_entry type-wtwfb_entry status-publish has-post-thumbnail hentry wtwfb_category-schul-und-jugendclubgaerten wtwfb_region-thueringen\">\n    <h2 class=\"entry-title\"><a href=\"https:\/\/wettbewerb-archiv.wir-tun-was-fuer-bienen.de\/archiv-2023\/eintrag\/2023-in-reudnitz-summts\/\">In Reudnitz summt&#8217;s&#8230;<\/a>\n    <\/h2>\n    <a href=\"https:\/\/wettbewerb-archiv.wir-tun-was-fuer-bienen.de\/archiv-2023\/eintrag\/2023-in-reudnitz-summts\/\">\n        <div class=\"bienen-entry-image\">\n            <img decoding=\"async\" width=\"400\" height=\"300\" src=\"https:\/\/wettbewerb-archiv.wir-tun-was-fuer-bienen.de\/archiv-2023\/wp-content\/uploads\/sites\/8\/2023\/04\/Titelbild-400x300.jpg\" class=\"attachment-bienen-grid-thumb size-bienen-grid-thumb wp-post-image\" alt=\"\" loading=\"lazy\" srcset=\"https:\/\/wettbewerb-archiv.wir-tun-was-fuer-bienen.de\/archiv-2023\/wp-content\/uploads\/sites\/8\/2023\/04\/Titelbild-400x300.jpg 400w, https:\/\/wettbewerb-archiv.wir-tun-was-fuer-bienen.de\/archiv-2023\/wp-content\/uploads\/sites\/8\/2023\/04\/Titelbild-768x576.jpg 768w, https:\/\/wettbewerb-archiv.wir-tun-was-fuer-bienen.de\/archiv-2023\/wp-content\/uploads\/sites\/8\/2023\/04\/Titelbild-1024x768.jpg 1024w, https:\/\/wettbewerb-archiv.wir-tun-was-fuer-bienen.de\/archiv-2023\/wp-content\/uploads\/sites\/8\/2023\/04\/Titelbild.jpg 1920w\" sizes=\"(max-width: 400px) 100vw, 400px\" \/>                    <\/div>\n    <\/a>\n\n    \n\n    <div class=\"user flex\">\n        \n                    <img decoding=\"async\" src=\"https:\/\/wettbewerb-archiv.wir-tun-was-fuer-bienen.de\/archiv-2023\/wp-content\/themes\/bienen\/assets\/images\/avatar-placeholder.png\" style=\"border-radius: 30px;\" height=\"30\" width=\"30\">\n            Freie Regelschule Reudnitz            <\/div>\n    \n    \n            <p class=\"categories meta\" style=\"width: 100%\"><span class=\"fa fa-tag\"\n                                                             aria-hidden=\"true\"><\/span> Schulg\u00e4rten        <\/p>\n    \n            <p class=\"categories meta\" style=\"width: 100%\"><span class=\"fa fa-map-marker\"\n                                                             aria-hidden=\"true\"><\/span> Th\u00fcringen        <\/p>\n    \n<\/article>\n   \n\t\t\n          <article id=\"post-88312\" class=\"et_pb_post post-88312 wtwfb_entry type-wtwfb_entry status-publish has-post-thumbnail hentry wtwfb_category-schul-und-jugendclubgaerten wtwfb_region-niedersachsen\">\n    <h2 class=\"entry-title\"><a href=\"https:\/\/wettbewerb-archiv.wir-tun-was-fuer-bienen.de\/archiv-2023\/eintrag\/2023-gbe-goes-green-nachhaltige-schulhofgestaltung\/\">GBE goes green &#8211; nachhaltige Schulhofgestaltung<\/a>\n    <\/h2>\n    <a href=\"https:\/\/wettbewerb-archiv.wir-tun-was-fuer-bienen.de\/archiv-2023\/eintrag\/2023-gbe-goes-green-nachhaltige-schulhofgestaltung\/\">\n        <div class=\"bienen-entry-image\">\n            <img decoding=\"async\" width=\"400\" height=\"300\" src=\"https:\/\/wettbewerb-archiv.wir-tun-was-fuer-bienen.de\/archiv-2023\/wp-content\/uploads\/sites\/8\/2023\/05\/20230502_145551-400x300.jpg\" class=\"attachment-bienen-grid-thumb size-bienen-grid-thumb wp-post-image\" alt=\"\" loading=\"lazy\" srcset=\"https:\/\/wettbewerb-archiv.wir-tun-was-fuer-bienen.de\/archiv-2023\/wp-content\/uploads\/sites\/8\/2023\/05\/20230502_145551-400x300.jpg 400w, https:\/\/wettbewerb-archiv.wir-tun-was-fuer-bienen.de\/archiv-2023\/wp-content\/uploads\/sites\/8\/2023\/05\/20230502_145551-768x576.jpg 768w, https:\/\/wettbewerb-archiv.wir-tun-was-fuer-bienen.de\/archiv-2023\/wp-content\/uploads\/sites\/8\/2023\/05\/20230502_145551-1024x768.jpg 1024w, https:\/\/wettbewerb-archiv.wir-tun-was-fuer-bienen.de\/archiv-2023\/wp-content\/uploads\/sites\/8\/2023\/05\/20230502_145551.jpg 1920w\" sizes=\"(max-width: 400px) 100vw, 400px\" \/>                    <\/div>\n    <\/a>\n\n    \n\n    <div class=\"user flex\">\n        \n                    <img decoding=\"async\" src=\"https:\/\/wettbewerb-archiv.wir-tun-was-fuer-bienen.de\/archiv-2023\/wp-content\/themes\/bienen\/assets\/images\/avatar-placeholder.png\" style=\"border-radius: 30px;\" height=\"30\" width=\"30\">\n            \ud83d\udc1d\ud83c\udf31GBE goes green\ud83c\udf31\ud83d\udc1d            <\/div>\n    \n    \n            <p class=\"categories meta\" style=\"width: 100%\"><span class=\"fa fa-tag\"\n                                                             aria-hidden=\"true\"><\/span> Schulg\u00e4rten        <\/p>\n    \n            <p class=\"categories meta\" style=\"width: 100%\"><span class=\"fa fa-map-marker\"\n                                                             aria-hidden=\"true\"><\/span> Niedersachsen        <\/p>\n    \n<\/article>\n   \n\t\t\n          <article id=\"post-88289\" class=\"et_pb_post post-88289 wtwfb_entry type-wtwfb_entry status-publish has-post-thumbnail hentry wtwfb_category-privatgaerten-klein-500-m2 wtwfb_region-mecklenburg-vorpommern\">\n    <h2 class=\"entry-title\"><a href=\"https:\/\/wettbewerb-archiv.wir-tun-was-fuer-bienen.de\/archiv-2023\/eintrag\/2023-bienengarten-levenhagen\/\">Bienengarten Levenhagen<\/a>\n    <\/h2>\n    <a href=\"https:\/\/wettbewerb-archiv.wir-tun-was-fuer-bienen.de\/archiv-2023\/eintrag\/2023-bienengarten-levenhagen\/\">\n        <div class=\"bienen-entry-image\">\n            <img decoding=\"async\" width=\"400\" height=\"300\" src=\"https:\/\/wettbewerb-archiv.wir-tun-was-fuer-bienen.de\/archiv-2023\/wp-content\/uploads\/sites\/8\/2023\/04\/A84E39BB-3757-4FA9-A833-D2899EE7F743-400x300.jpeg\" class=\"attachment-bienen-grid-thumb size-bienen-grid-thumb wp-post-image\" alt=\"\" loading=\"lazy\" \/>                    <\/div>\n    <\/a>\n\n    \n\n    <div class=\"user flex\">\n        \n                    <img decoding=\"async\" src=\"https:\/\/wettbewerb-archiv.wir-tun-was-fuer-bienen.de\/archiv-2023\/wp-content\/themes\/bienen\/assets\/images\/avatar-placeholder.png\" style=\"border-radius: 30px;\" height=\"30\" width=\"30\">\n            Bienengarten Levenhagen            <\/div>\n    \n    \n            <p class=\"categories meta\" style=\"width: 100%\"><span class=\"fa fa-tag\"\n                                                             aria-hidden=\"true\"><\/span> Privatg\u00e4rten klein (bis 500 m2)        <\/p>\n    \n            <p class=\"categories meta\" style=\"width: 100%\"><span class=\"fa fa-map-marker\"\n                                                             aria-hidden=\"true\"><\/span> Mecklenburg-Vorpommern        <\/p>\n    \n<\/article>\n   \n\t\t\n          <article id=\"post-88242\" class=\"et_pb_post post-88242 wtwfb_entry type-wtwfb_entry status-publish has-post-thumbnail hentry wtwfb_category-privatgaerten-klein-500-m2 wtwfb_region-nordrhein-westfalen\">\n    <h2 class=\"entry-title\"><a href=\"https:\/\/wettbewerb-archiv.wir-tun-was-fuer-bienen.de\/archiv-2023\/eintrag\/2023-biodiversitaet-im-minigarten\/\">Biodiversit\u00e4t im Minigarten<\/a>\n    <\/h2>\n    <a href=\"https:\/\/wettbewerb-archiv.wir-tun-was-fuer-bienen.de\/archiv-2023\/eintrag\/2023-biodiversitaet-im-minigarten\/\">\n        <div class=\"bienen-entry-image\">\n            <img decoding=\"async\" width=\"400\" height=\"300\" src=\"https:\/\/wettbewerb-archiv.wir-tun-was-fuer-bienen.de\/archiv-2023\/wp-content\/uploads\/sites\/8\/2023\/04\/20220531_203526-400x300.jpg\" class=\"attachment-bienen-grid-thumb size-bienen-grid-thumb wp-post-image\" alt=\"\" loading=\"lazy\" srcset=\"https:\/\/wettbewerb-archiv.wir-tun-was-fuer-bienen.de\/archiv-2023\/wp-content\/uploads\/sites\/8\/2023\/04\/20220531_203526-400x300.jpg 400w, https:\/\/wettbewerb-archiv.wir-tun-was-fuer-bienen.de\/archiv-2023\/wp-content\/uploads\/sites\/8\/2023\/04\/20220531_203526-768x576.jpg 768w, https:\/\/wettbewerb-archiv.wir-tun-was-fuer-bienen.de\/archiv-2023\/wp-content\/uploads\/sites\/8\/2023\/04\/20220531_203526-1024x768.jpg 1024w, https:\/\/wettbewerb-archiv.wir-tun-was-fuer-bienen.de\/archiv-2023\/wp-content\/uploads\/sites\/8\/2023\/04\/20220531_203526.jpg 1920w\" sizes=\"(max-width: 400px) 100vw, 400px\" \/>                    <\/div>\n    <\/a>\n\n    \n\n    <div class=\"user flex\">\n        \n                    <img decoding=\"async\" src=\"https:\/\/wettbewerb-archiv.wir-tun-was-fuer-bienen.de\/archiv-2023\/wp-content\/themes\/bienen\/assets\/images\/avatar-placeholder.png\" style=\"border-radius: 30px;\" height=\"30\" width=\"30\">\n            Unser Garten geh\u00f6rt der Tierwelt            <\/div>\n    \n    <p class=\"categories meta bienen-gewinner\"><span class=\"fa fa-trophy\"                                                              aria-hidden=\"true\"><\/span> Gewinner<\/p>\n            <p class=\"categories meta\" style=\"width: 100%\"><span class=\"fa fa-tag\"\n                                                             aria-hidden=\"true\"><\/span> Privatg\u00e4rten klein (bis 500 m2)        <\/p>\n    \n            <p class=\"categories meta\" style=\"width: 100%\"><span class=\"fa fa-map-marker\"\n                                                             aria-hidden=\"true\"><\/span> Nordrhein-Westfalen        <\/p>\n    \n<\/article>\n   \n\t\t\n          <article id=\"post-88233\" class=\"et_pb_post post-88233 wtwfb_entry type-wtwfb_entry status-publish has-post-thumbnail hentry wtwfb_category-kleingartenparzellen wtwfb_region-sachsen-anhalt\">\n    <h2 class=\"entry-title\"><a href=\"https:\/\/wettbewerb-archiv.wir-tun-was-fuer-bienen.de\/archiv-2023\/eintrag\/2023-auf-unserer-wiese-sollen-es-summen-und-brummen\/\">&#8222;auf unserer Wiese sollen es summen und brummen&#8220;<\/a>\n    <\/h2>\n    <a href=\"https:\/\/wettbewerb-archiv.wir-tun-was-fuer-bienen.de\/archiv-2023\/eintrag\/2023-auf-unserer-wiese-sollen-es-summen-und-brummen\/\">\n        <div class=\"bienen-entry-image\">\n            <img decoding=\"async\" width=\"400\" height=\"300\" src=\"https:\/\/wettbewerb-archiv.wir-tun-was-fuer-bienen.de\/archiv-2023\/wp-content\/uploads\/sites\/8\/2023\/04\/Flieder-einpflanzen-400x300.jpg\" class=\"attachment-bienen-grid-thumb size-bienen-grid-thumb wp-post-image\" alt=\"\" loading=\"lazy\" srcset=\"https:\/\/wettbewerb-archiv.wir-tun-was-fuer-bienen.de\/archiv-2023\/wp-content\/uploads\/sites\/8\/2023\/04\/Flieder-einpflanzen-400x300.jpg 400w, https:\/\/wettbewerb-archiv.wir-tun-was-fuer-bienen.de\/archiv-2023\/wp-content\/uploads\/sites\/8\/2023\/04\/Flieder-einpflanzen-768x576.jpg 768w, https:\/\/wettbewerb-archiv.wir-tun-was-fuer-bienen.de\/archiv-2023\/wp-content\/uploads\/sites\/8\/2023\/04\/Flieder-einpflanzen-1024x768.jpg 1024w, https:\/\/wettbewerb-archiv.wir-tun-was-fuer-bienen.de\/archiv-2023\/wp-content\/uploads\/sites\/8\/2023\/04\/Flieder-einpflanzen.jpg 2048w\" sizes=\"(max-width: 400px) 100vw, 400px\" \/>                    <\/div>\n    <\/a>\n\n    \n\n    <div class=\"user flex\">\n        \n                    <img decoding=\"async\" src=\"https:\/\/wettbewerb-archiv.wir-tun-was-fuer-bienen.de\/archiv-2023\/wp-content\/themes\/bienen\/assets\/images\/avatar-placeholder.png\" style=\"border-radius: 30px;\" height=\"30\" width=\"30\">\n            Gartenverein Gartengl\u00fcck 22 e.V.G\u00fcsten            <\/div>\n    \n    \n            <p class=\"categories meta\" style=\"width: 100%\"><span class=\"fa fa-tag\"\n                                                             aria-hidden=\"true\"><\/span> Kleingartenparzellen        <\/p>\n    \n            <p class=\"categories meta\" style=\"width: 100%\"><span class=\"fa fa-map-marker\"\n                                                             aria-hidden=\"true\"><\/span> Sachsen-Anhalt        <\/p>\n    \n<\/article>\n   \n\t\t\n          <article id=\"post-88220\" class=\"et_pb_post post-88220 wtwfb_entry type-wtwfb_entry status-publish has-post-thumbnail hentry wtwfb_category-vereinsgaerten-liegenschaften-von-verwaltung-kirche-etc-sonstige wtwfb_region-nordrhein-westfalen\">\n    <h2 class=\"entry-title\"><a href=\"https:\/\/wettbewerb-archiv.wir-tun-was-fuer-bienen.de\/archiv-2023\/eintrag\/2023-oekologische-bewirtschaftung-der-wiesenflaechen-rund-um-die-evangelische-kirche-in-girkhausen\/\">\u00d6kologische Bewirtschaftung der Wiesenfl\u00e4chen rund um...<\/a>\n    <\/h2>\n    <a href=\"https:\/\/wettbewerb-archiv.wir-tun-was-fuer-bienen.de\/archiv-2023\/eintrag\/2023-oekologische-bewirtschaftung-der-wiesenflaechen-rund-um-die-evangelische-kirche-in-girkhausen\/\">\n        <div class=\"bienen-entry-image\">\n            <img decoding=\"async\" width=\"400\" height=\"300\" src=\"https:\/\/wettbewerb-archiv.wir-tun-was-fuer-bienen.de\/archiv-2023\/wp-content\/uploads\/sites\/8\/2023\/04\/IMG_2970-400x300.jpg\" class=\"attachment-bienen-grid-thumb size-bienen-grid-thumb wp-post-image\" alt=\"\" loading=\"lazy\" srcset=\"https:\/\/wettbewerb-archiv.wir-tun-was-fuer-bienen.de\/archiv-2023\/wp-content\/uploads\/sites\/8\/2023\/04\/IMG_2970-400x300.jpg 400w, https:\/\/wettbewerb-archiv.wir-tun-was-fuer-bienen.de\/archiv-2023\/wp-content\/uploads\/sites\/8\/2023\/04\/IMG_2970-768x576.jpg 768w, https:\/\/wettbewerb-archiv.wir-tun-was-fuer-bienen.de\/archiv-2023\/wp-content\/uploads\/sites\/8\/2023\/04\/IMG_2970-1024x768.jpg 1024w, https:\/\/wettbewerb-archiv.wir-tun-was-fuer-bienen.de\/archiv-2023\/wp-content\/uploads\/sites\/8\/2023\/04\/IMG_2970.jpg 1920w\" sizes=\"(max-width: 400px) 100vw, 400px\" \/>                    <\/div>\n    <\/a>\n\n    \n\n    <div class=\"user flex\">\n        \n                    <img decoding=\"async\" src=\"https:\/\/wettbewerb-archiv.wir-tun-was-fuer-bienen.de\/archiv-2023\/wp-content\/themes\/bienen\/assets\/images\/avatar-placeholder.png\" style=\"border-radius: 30px;\" height=\"30\" width=\"30\">\n            Evangelische Kirchengemeinde Girkhausen            <\/div>\n    \n    \n            <p class=\"categories meta\" style=\"width: 100%\"><span class=\"fa fa-tag\"\n                                                             aria-hidden=\"true\"><\/span> Vereinsg\u00e4rten, Unis, Liegenschaften von Verwaltung, Kirche etc, Sonstige        <\/p>\n    \n            <p class=\"categories meta\" style=\"width: 100%\"><span class=\"fa fa-map-marker\"\n                                                             aria-hidden=\"true\"><\/span> Nordrhein-Westfalen        <\/p>\n    \n<\/article>\n   \n\t\t\n          <article id=\"post-88209\" class=\"et_pb_post post-88209 wtwfb_entry type-wtwfb_entry status-publish has-post-thumbnail hentry wtwfb_category-vereinsgaerten-liegenschaften-von-verwaltung-kirche-etc-sonstige wtwfb_region-nordrhein-westfalen\">\n    <h2 class=\"entry-title\"><a href=\"https:\/\/wettbewerb-archiv.wir-tun-was-fuer-bienen.de\/archiv-2023\/eintrag\/2023-von-autobahngruen-zu-bluetenoase\/\">Von &#8218;Autobahngr\u00fcn&#8216; zu Bl\u00fctenoase<\/a>\n    <\/h2>\n    <a href=\"https:\/\/wettbewerb-archiv.wir-tun-was-fuer-bienen.de\/archiv-2023\/eintrag\/2023-von-autobahngruen-zu-bluetenoase\/\">\n        <div class=\"bienen-entry-image\">\n            <img decoding=\"async\" width=\"400\" height=\"300\" src=\"https:\/\/wettbewerb-archiv.wir-tun-was-fuer-bienen.de\/archiv-2023\/wp-content\/uploads\/sites\/8\/2023\/04\/P1220807-400x300.jpg\" class=\"attachment-bienen-grid-thumb size-bienen-grid-thumb wp-post-image\" alt=\"\" loading=\"lazy\" \/>                    <\/div>\n    <\/a>\n\n    \n\n    <div class=\"user flex\">\n        \n                    <img decoding=\"async\" src=\"https:\/\/wettbewerb-archiv.wir-tun-was-fuer-bienen.de\/archiv-2023\/wp-content\/themes\/bienen\/assets\/images\/avatar-placeholder.png\" style=\"border-radius: 30px;\" height=\"30\" width=\"30\">\n            Junges Theater Leverkusen            <\/div>\n    \n    \n            <p class=\"categories meta\" style=\"width: 100%\"><span class=\"fa fa-tag\"\n                                                             aria-hidden=\"true\"><\/span> Vereinsg\u00e4rten, Unis, Liegenschaften von Verwaltung, Kirche etc, Sonstige        <\/p>\n    \n            <p class=\"categories meta\" style=\"width: 100%\"><span class=\"fa fa-map-marker\"\n                                                             aria-hidden=\"true\"><\/span> Nordrhein-Westfalen        <\/p>\n    \n<\/article>\n   \n\t\t\n          <article id=\"post-88207\" class=\"et_pb_post post-88207 wtwfb_entry type-wtwfb_entry status-publish has-post-thumbnail hentry wtwfb_category-vereinsgaerten-liegenschaften-von-verwaltung-kirche-etc-sonstige wtwfb_region-berlin\">\n    <h2 class=\"entry-title\"><a href=\"https:\/\/wettbewerb-archiv.wir-tun-was-fuer-bienen.de\/archiv-2023\/eintrag\/2023-oekologisch-gaertnern-bei-den-pfadfindern-frohnau\/\">\u00d6kologisch G\u00e4rtnern bei den Pfadfindern Frohnau<\/a>\n    <\/h2>\n    <a href=\"https:\/\/wettbewerb-archiv.wir-tun-was-fuer-bienen.de\/archiv-2023\/eintrag\/2023-oekologisch-gaertnern-bei-den-pfadfindern-frohnau\/\">\n        <div class=\"bienen-entry-image\">\n            <img decoding=\"async\" width=\"400\" height=\"300\" src=\"https:\/\/wettbewerb-archiv.wir-tun-was-fuer-bienen.de\/archiv-2023\/wp-content\/uploads\/sites\/8\/2023\/04\/C56F165D-6CBC-4D87-8519-448702EFCABA-400x300.jpeg\" class=\"attachment-bienen-grid-thumb size-bienen-grid-thumb wp-post-image\" alt=\"\" loading=\"lazy\" \/>                    <\/div>\n    <\/a>\n\n    \n\n    <div class=\"user flex\">\n        \n                    <img decoding=\"async\" src=\"https:\/\/wettbewerb-archiv.wir-tun-was-fuer-bienen.de\/archiv-2023\/wp-content\/themes\/bienen\/assets\/images\/avatar-placeholder.png\" style=\"border-radius: 30px;\" height=\"30\" width=\"30\">\n            Pfadfinder Frohnau            <\/div>\n    \n    \n            <p class=\"categories meta\" style=\"width: 100%\"><span class=\"fa fa-tag\"\n                                                             aria-hidden=\"true\"><\/span> Vereinsg\u00e4rten, Unis, Liegenschaften von Verwaltung, Kirche etc, Sonstige        <\/p>\n    \n            <p class=\"categories meta\" style=\"width: 100%\"><span class=\"fa fa-map-marker\"\n                                                             aria-hidden=\"true\"><\/span> Berlin        <\/p>\n    \n<\/article>\n   \n\t\t\n          <article id=\"post-88136\" class=\"et_pb_post post-88136 wtwfb_entry type-wtwfb_entry status-publish has-post-thumbnail hentry wtwfb_category-kita-gaerten wtwfb_region-baden-wuerttemberg\">\n    <h2 class=\"entry-title\"><a href=\"https:\/\/wettbewerb-archiv.wir-tun-was-fuer-bienen.de\/archiv-2023\/eintrag\/2023-naturschutz-im-kita-garten\/\">Naturschutz im Kita-Garten<\/a>\n    <\/h2>\n    <a href=\"https:\/\/wettbewerb-archiv.wir-tun-was-fuer-bienen.de\/archiv-2023\/eintrag\/2023-naturschutz-im-kita-garten\/\">\n        <div class=\"bienen-entry-image\">\n            <img decoding=\"async\" width=\"400\" height=\"300\" src=\"https:\/\/wettbewerb-archiv.wir-tun-was-fuer-bienen.de\/archiv-2023\/wp-content\/uploads\/sites\/8\/2023\/04\/DSC07151-400x300.jpg\" class=\"attachment-bienen-grid-thumb size-bienen-grid-thumb wp-post-image\" alt=\"\" loading=\"lazy\" srcset=\"https:\/\/wettbewerb-archiv.wir-tun-was-fuer-bienen.de\/archiv-2023\/wp-content\/uploads\/sites\/8\/2023\/04\/DSC07151-400x300.jpg 400w, https:\/\/wettbewerb-archiv.wir-tun-was-fuer-bienen.de\/archiv-2023\/wp-content\/uploads\/sites\/8\/2023\/04\/DSC07151-768x576.jpg 768w, https:\/\/wettbewerb-archiv.wir-tun-was-fuer-bienen.de\/archiv-2023\/wp-content\/uploads\/sites\/8\/2023\/04\/DSC07151-1024x768.jpg 1024w, https:\/\/wettbewerb-archiv.wir-tun-was-fuer-bienen.de\/archiv-2023\/wp-content\/uploads\/sites\/8\/2023\/04\/DSC07151.jpg 1920w\" sizes=\"(max-width: 400px) 100vw, 400px\" \/>                    <\/div>\n    <\/a>\n\n    \n\n    <div class=\"user flex\">\n        \n                    <img decoding=\"async\" src=\"https:\/\/wettbewerb-archiv.wir-tun-was-fuer-bienen.de\/archiv-2023\/wp-content\/themes\/bienen\/assets\/images\/avatar-placeholder.png\" style=\"border-radius: 30px;\" height=\"30\" width=\"30\">\n            AWO Kita Klinikzwerge            <\/div>\n            <p class=\"categories meta\" style=\"color: #c32731; font-weight: bold; width: 100%\"><span class=\"fa fa-music\"\n                                                                                                aria-hidden=\"true\"><\/span> Extrapreis Musik\n            f\u00fcr Bienenschutz\n        <\/p>\n    \n    \n            <p class=\"categories meta\" style=\"width: 100%\"><span class=\"fa fa-tag\"\n                                                             aria-hidden=\"true\"><\/span> Kita-G\u00e4rten        <\/p>\n    \n            <p class=\"categories meta\" style=\"width: 100%\"><span class=\"fa fa-map-marker\"\n                                                             aria-hidden=\"true\"><\/span> Baden-W\u00fcrttemberg        <\/p>\n    \n<\/article>\n   \n\t\t\n          <article id=\"post-88115\" class=\"et_pb_post post-88115 wtwfb_entry type-wtwfb_entry status-publish has-post-thumbnail hentry wtwfb_category-bestehende-naturgaerten wtwfb_region-niedersachsen\">\n    <h2 class=\"entry-title\"><a href=\"https:\/\/wettbewerb-archiv.wir-tun-was-fuer-bienen.de\/archiv-2023\/eintrag\/2023-essbarer-wildpflanzenpark-fuer-mensch-und-biene\/\">Essbarer Wildpflanzenpark f\u00fcr Mensch und Biene<\/a>\n    <\/h2>\n    <a href=\"https:\/\/wettbewerb-archiv.wir-tun-was-fuer-bienen.de\/archiv-2023\/eintrag\/2023-essbarer-wildpflanzenpark-fuer-mensch-und-biene\/\">\n        <div class=\"bienen-entry-image\">\n            <img decoding=\"async\" width=\"400\" height=\"300\" src=\"https:\/\/wettbewerb-archiv.wir-tun-was-fuer-bienen.de\/archiv-2023\/wp-content\/uploads\/sites\/8\/2023\/04\/20210711_103834-400x300.jpg\" class=\"attachment-bienen-grid-thumb size-bienen-grid-thumb wp-post-image\" alt=\"\" loading=\"lazy\" srcset=\"https:\/\/wettbewerb-archiv.wir-tun-was-fuer-bienen.de\/archiv-2023\/wp-content\/uploads\/sites\/8\/2023\/04\/20210711_103834-400x300.jpg 400w, https:\/\/wettbewerb-archiv.wir-tun-was-fuer-bienen.de\/archiv-2023\/wp-content\/uploads\/sites\/8\/2023\/04\/20210711_103834-768x576.jpg 768w, https:\/\/wettbewerb-archiv.wir-tun-was-fuer-bienen.de\/archiv-2023\/wp-content\/uploads\/sites\/8\/2023\/04\/20210711_103834-1024x768.jpg 1024w, https:\/\/wettbewerb-archiv.wir-tun-was-fuer-bienen.de\/archiv-2023\/wp-content\/uploads\/sites\/8\/2023\/04\/20210711_103834.jpg 1920w\" sizes=\"(max-width: 400px) 100vw, 400px\" \/>                    <\/div>\n    <\/a>\n\n    \n\n    <div class=\"user flex\">\n        \n                    <img decoding=\"async\" src=\"https:\/\/wettbewerb-archiv.wir-tun-was-fuer-bienen.de\/archiv-2023\/wp-content\/themes\/bienen\/assets\/images\/avatar-placeholder.png\" style=\"border-radius: 30px;\" height=\"30\" width=\"30\">\n            Ewilpa-Gruppe Bad Pyrmont            <\/div>\n    \n    <p class=\"categories meta bienen-gewinner\"><span class=\"fa fa-trophy\"                                                              aria-hidden=\"true\"><\/span> Gewinner<\/p>\n            <p class=\"categories meta\" style=\"width: 100%\"><span class=\"fa fa-tag\"\n                                                             aria-hidden=\"true\"><\/span> Bestehende Naturg\u00e4rten (Pflege und Infoarbeit)        <\/p>\n    \n            <p class=\"categories meta\" style=\"width: 100%\"><span class=\"fa fa-map-marker\"\n                                                             aria-hidden=\"true\"><\/span> Niedersachsen        <\/p>\n    \n<\/article>\n   \n\t\t\n          <article id=\"post-88098\" class=\"et_pb_post post-88098 wtwfb_entry type-wtwfb_entry status-publish has-post-thumbnail hentry wtwfb_category-firmengaerten wtwfb_region-mecklenburg-vorpommern\">\n    <h2 class=\"entry-title\"><a href=\"https:\/\/wettbewerb-archiv.wir-tun-was-fuer-bienen.de\/archiv-2023\/eintrag\/2023-imd-pilotprojekt-magerrasen-mit-regionaltypischen-wildkraeutern-und-wildbienenbehausungen\/\">IMD-Pilotprojekt: Magerrasen mit regionaltypischen Wild...<\/a>\n    <\/h2>\n    <a href=\"https:\/\/wettbewerb-archiv.wir-tun-was-fuer-bienen.de\/archiv-2023\/eintrag\/2023-imd-pilotprojekt-magerrasen-mit-regionaltypischen-wildkraeutern-und-wildbienenbehausungen\/\">\n        <div class=\"bienen-entry-image\">\n            <img decoding=\"async\" width=\"400\" height=\"300\" src=\"https:\/\/wettbewerb-archiv.wir-tun-was-fuer-bienen.de\/archiv-2023\/wp-content\/uploads\/sites\/8\/2023\/07\/DSC00254b-mit-Logo1-400x300.jpg\" class=\"attachment-bienen-grid-thumb size-bienen-grid-thumb wp-post-image\" alt=\"\" loading=\"lazy\" \/>                    <\/div>\n    <\/a>\n\n    \n\n    <div class=\"user flex\">\n        \n                    <img decoding=\"async\" src=\"https:\/\/wettbewerb-archiv.wir-tun-was-fuer-bienen.de\/archiv-2023\/wp-content\/themes\/bienen\/assets\/images\/avatar-placeholder.png\" style=\"border-radius: 30px;\" height=\"30\" width=\"30\">\n            IMD Labor Greifswald            <\/div>\n    \n    <p class=\"categories meta bienen-gewinner\"><span class=\"fa fa-trophy\"                                                              aria-hidden=\"true\"><\/span> Gewinner<\/p>\n            <p class=\"categories meta\" style=\"width: 100%\"><span class=\"fa fa-tag\"\n                                                             aria-hidden=\"true\"><\/span> Firmeng\u00e4rten        <\/p>\n    \n            <p class=\"categories meta\" style=\"width: 100%\"><span class=\"fa fa-map-marker\"\n                                                             aria-hidden=\"true\"><\/span> Mecklenburg-Vorpommern        <\/p>\n    \n<\/article>\n   \n\t\t\n          <article id=\"post-88073\" class=\"et_pb_post post-88073 wtwfb_entry type-wtwfb_entry status-publish has-post-thumbnail hentry wtwfb_category-kommunale-flaechen wtwfb_region-bayern\">\n    <h2 class=\"entry-title\"><a href=\"https:\/\/wettbewerb-archiv.wir-tun-was-fuer-bienen.de\/archiv-2023\/eintrag\/2023-aus-alt-mach-biodivers-neue-chancen-fuer-insekten-und-co\/\">Aus Alt mach Biodivers, Neue Chancen f\u00fcr Insekten und ...<\/a>\n    <\/h2>\n    <a href=\"https:\/\/wettbewerb-archiv.wir-tun-was-fuer-bienen.de\/archiv-2023\/eintrag\/2023-aus-alt-mach-biodivers-neue-chancen-fuer-insekten-und-co\/\">\n        <div class=\"bienen-entry-image\">\n            <img decoding=\"async\" width=\"400\" height=\"300\" src=\"https:\/\/wettbewerb-archiv.wir-tun-was-fuer-bienen.de\/archiv-2023\/wp-content\/uploads\/sites\/8\/2023\/04\/Trafostation-400x300.png\" class=\"attachment-bienen-grid-thumb size-bienen-grid-thumb wp-post-image\" alt=\"\" loading=\"lazy\" \/>                    <\/div>\n    <\/a>\n\n    \n\n    <div class=\"user flex\">\n        \n                    <img decoding=\"async\" src=\"https:\/\/wettbewerb-archiv.wir-tun-was-fuer-bienen.de\/archiv-2023\/wp-content\/themes\/bienen\/assets\/images\/avatar-placeholder.png\" style=\"border-radius: 30px;\" height=\"30\" width=\"30\">\n            Stadt Karlstadt            <\/div>\n    \n    <p class=\"categories meta bienen-gewinner\"><span class=\"fa fa-trophy\"                                                              aria-hidden=\"true\"><\/span> Gewinner<\/p>\n            <p class=\"categories meta\" style=\"width: 100%\"><span class=\"fa fa-tag\"\n                                                             aria-hidden=\"true\"><\/span> Kommunale Fl\u00e4chen        <\/p>\n    \n            <p class=\"categories meta\" style=\"width: 100%\"><span class=\"fa fa-map-marker\"\n                                                             aria-hidden=\"true\"><\/span> Bayern        <\/p>\n    \n<\/article>\n   \n\t\t\n          <article id=\"post-88034\" class=\"et_pb_post post-88034 wtwfb_entry type-wtwfb_entry status-publish has-post-thumbnail hentry wtwfb_category-kommunale-flaechen wtwfb_region-nordrhein-westfalen\">\n    <h2 class=\"entry-title\"><a href=\"https:\/\/wettbewerb-archiv.wir-tun-was-fuer-bienen.de\/archiv-2023\/eintrag\/2023-bluehwiese-am-sommerweg-gruenzug-elsterweg-in-spenge\/\">Bl\u00fchwiese am Sommerweg &#8211; Gr\u00fcnzug Elsterweg in Spenge<\/a>\n    <\/h2>\n    <a href=\"https:\/\/wettbewerb-archiv.wir-tun-was-fuer-bienen.de\/archiv-2023\/eintrag\/2023-bluehwiese-am-sommerweg-gruenzug-elsterweg-in-spenge\/\">\n        <div class=\"bienen-entry-image\">\n            <img decoding=\"async\" width=\"400\" height=\"300\" src=\"https:\/\/wettbewerb-archiv.wir-tun-was-fuer-bienen.de\/archiv-2023\/wp-content\/uploads\/sites\/8\/2023\/04\/20210801_141804-400x300.jpg\" class=\"attachment-bienen-grid-thumb size-bienen-grid-thumb wp-post-image\" alt=\"\" loading=\"lazy\" srcset=\"https:\/\/wettbewerb-archiv.wir-tun-was-fuer-bienen.de\/archiv-2023\/wp-content\/uploads\/sites\/8\/2023\/04\/20210801_141804-400x300.jpg 400w, https:\/\/wettbewerb-archiv.wir-tun-was-fuer-bienen.de\/archiv-2023\/wp-content\/uploads\/sites\/8\/2023\/04\/20210801_141804-768x576.jpg 768w, https:\/\/wettbewerb-archiv.wir-tun-was-fuer-bienen.de\/archiv-2023\/wp-content\/uploads\/sites\/8\/2023\/04\/20210801_141804-1024x768.jpg 1024w, https:\/\/wettbewerb-archiv.wir-tun-was-fuer-bienen.de\/archiv-2023\/wp-content\/uploads\/sites\/8\/2023\/04\/20210801_141804.jpg 1920w\" sizes=\"(max-width: 400px) 100vw, 400px\" \/>                    <\/div>\n    <\/a>\n\n    \n\n    <div class=\"user flex\">\n        \n                    <img decoding=\"async\" src=\"https:\/\/wettbewerb-archiv.wir-tun-was-fuer-bienen.de\/archiv-2023\/wp-content\/themes\/bienen\/assets\/images\/avatar-placeholder.png\" style=\"border-radius: 30px;\" height=\"30\" width=\"30\">\n            Stadt Spenge            <\/div>\n    \n    \n            <p class=\"categories meta\" style=\"width: 100%\"><span class=\"fa fa-tag\"\n                                                             aria-hidden=\"true\"><\/span> Kommunale Fl\u00e4chen        <\/p>\n    \n            <p class=\"categories meta\" style=\"width: 100%\"><span class=\"fa fa-map-marker\"\n                                                             aria-hidden=\"true\"><\/span> Nordrhein-Westfalen        <\/p>\n    \n<\/article>\n   \n\t\t\n          <article id=\"post-87994\" class=\"et_pb_post post-87994 wtwfb_entry type-wtwfb_entry status-publish has-post-thumbnail hentry wtwfb_category-balkone-terrassen-dachbegruenung-vertikale-gaerten wtwfb_region-nordrhein-westfalen\">\n    <h2 class=\"entry-title\"><a href=\"https:\/\/wettbewerb-archiv.wir-tun-was-fuer-bienen.de\/archiv-2023\/eintrag\/2023-kleine-daecher-oekologisch-nutzen\/\">Kleine D\u00e4cher \u00f6kologisch nutzen<\/a>\n    <\/h2>\n    <a href=\"https:\/\/wettbewerb-archiv.wir-tun-was-fuer-bienen.de\/archiv-2023\/eintrag\/2023-kleine-daecher-oekologisch-nutzen\/\">\n        <div class=\"bienen-entry-image\">\n            <img decoding=\"async\" width=\"400\" height=\"300\" src=\"https:\/\/wettbewerb-archiv.wir-tun-was-fuer-bienen.de\/archiv-2023\/wp-content\/uploads\/sites\/8\/2023\/04\/20220615_083424-400x300.jpg\" class=\"attachment-bienen-grid-thumb size-bienen-grid-thumb wp-post-image\" alt=\"\" loading=\"lazy\" \/>                    <\/div>\n    <\/a>\n\n    \n\n    <div class=\"user flex\">\n        \n                    <img decoding=\"async\" src=\"https:\/\/wettbewerb-archiv.wir-tun-was-fuer-bienen.de\/archiv-2023\/wp-content\/themes\/bienen\/assets\/images\/avatar-placeholder.png\" style=\"border-radius: 30px;\" height=\"30\" width=\"30\">\n            Verlag Bruchmann            <\/div>\n    \n    \n            <p class=\"categories meta\" style=\"width: 100%\"><span class=\"fa fa-tag\"\n                                                             aria-hidden=\"true\"><\/span> Balkone, Terrassen, Dachg\u00e4rten, vertikale G\u00e4rten        <\/p>\n    \n            <p class=\"categories meta\" style=\"width: 100%\"><span class=\"fa fa-map-marker\"\n                                                             aria-hidden=\"true\"><\/span> Nordrhein-Westfalen        <\/p>\n    \n<\/article>\n   \n\t\t\n          <article id=\"post-87986\" class=\"et_pb_post post-87986 wtwfb_entry type-wtwfb_entry status-publish hentry wtwfb_category-privatgaerten-gross-500-m wtwfb_region-nordrhein-westfalen\">\n    <h2 class=\"entry-title\"><a href=\"https:\/\/wettbewerb-archiv.wir-tun-was-fuer-bienen.de\/archiv-2023\/eintrag\/2023-wildbienengarten-am-wald\/\">Wildbienengarten am Wald<\/a>\n    <\/h2>\n    <a href=\"https:\/\/wettbewerb-archiv.wir-tun-was-fuer-bienen.de\/archiv-2023\/eintrag\/2023-wildbienengarten-am-wald\/\">\n        <div class=\"bienen-entry-image\">\n                                <\/div>\n    <\/a>\n\n    \n\n    <div class=\"user flex\">\n        \n                    <img decoding=\"async\" src=\"https:\/\/wettbewerb-archiv.wir-tun-was-fuer-bienen.de\/archiv-2023\/wp-content\/themes\/bienen\/assets\/images\/avatar-placeholder.png\" style=\"border-radius: 30px;\" height=\"30\" width=\"30\">\n            Wildbienengarten am Wald            <\/div>\n    \n    \n            <p class=\"categories meta\" style=\"width: 100%\"><span class=\"fa fa-tag\"\n                                                             aria-hidden=\"true\"><\/span> Privatg\u00e4rten gro\u00df (ab 500 m\u00b2)        <\/p>\n    \n            <p class=\"categories meta\" style=\"width: 100%\"><span class=\"fa fa-map-marker\"\n                                                             aria-hidden=\"true\"><\/span> Nordrhein-Westfalen        <\/p>\n    \n<\/article>\n   \n\t\t\n          <article id=\"post-87954\" class=\"et_pb_post post-87954 wtwfb_entry type-wtwfb_entry status-publish has-post-thumbnail hentry wtwfb_category-kleingartenparzellen wtwfb_region-niedersachsen\">\n    <h2 class=\"entry-title\"><a href=\"https:\/\/wettbewerb-archiv.wir-tun-was-fuer-bienen.de\/archiv-2023\/eintrag\/2023-hier-ist-der-himmel-blau\/\">Vergn\u00fcgungspark f\u00fcr Tiere und Menschen<\/a>\n    <\/h2>\n    <a href=\"https:\/\/wettbewerb-archiv.wir-tun-was-fuer-bienen.de\/archiv-2023\/eintrag\/2023-hier-ist-der-himmel-blau\/\">\n        <div class=\"bienen-entry-image\">\n            <img decoding=\"async\" width=\"400\" height=\"300\" src=\"https:\/\/wettbewerb-archiv.wir-tun-was-fuer-bienen.de\/archiv-2023\/wp-content\/uploads\/sites\/8\/2023\/06\/20230530_190336-400x300.jpg\" class=\"attachment-bienen-grid-thumb size-bienen-grid-thumb wp-post-image\" alt=\"\" loading=\"lazy\" \/>                    <\/div>\n    <\/a>\n\n    \n\n    <div class=\"user flex\">\n        \n                    <img decoding=\"async\" src=\"https:\/\/wettbewerb-archiv.wir-tun-was-fuer-bienen.de\/archiv-2023\/wp-content\/themes\/bienen\/assets\/images\/avatar-placeholder.png\" style=\"border-radius: 30px;\" height=\"30\" width=\"30\">\n            Trets            <\/div>\n    \n    <p class=\"categories meta bienen-gewinner\"><span class=\"fa fa-trophy\"                                                              aria-hidden=\"true\"><\/span> Gewinner<\/p>\n            <p class=\"categories meta\" style=\"width: 100%\"><span class=\"fa fa-tag\"\n                                                             aria-hidden=\"true\"><\/span> Kleingartenparzellen        <\/p>\n    \n            <p class=\"categories meta\" style=\"width: 100%\"><span class=\"fa fa-map-marker\"\n                                                             aria-hidden=\"true\"><\/span> Niedersachsen        <\/p>\n    \n<\/article>\n   \n\t\t\n          <article id=\"post-87947\" class=\"et_pb_post post-87947 wtwfb_entry type-wtwfb_entry status-publish has-post-thumbnail hentry wtwfb_category-balkone-terrassen-dachbegruenung-vertikale-gaerten wtwfb_region-nordrhein-westfalen\">\n    <h2 class=\"entry-title\"><a href=\"https:\/\/wettbewerb-archiv.wir-tun-was-fuer-bienen.de\/archiv-2023\/eintrag\/2023-meine-wildbalkoelnchen-oase-in-koeln\/\">Meine Wildbalk\u00f6(l)nchen Oase in K\u00f6ln<\/a>\n    <\/h2>\n    <a href=\"https:\/\/wettbewerb-archiv.wir-tun-was-fuer-bienen.de\/archiv-2023\/eintrag\/2023-meine-wildbalkoelnchen-oase-in-koeln\/\">\n        <div class=\"bienen-entry-image\">\n            <img decoding=\"async\" width=\"400\" height=\"300\" src=\"https:\/\/wettbewerb-archiv.wir-tun-was-fuer-bienen.de\/archiv-2023\/wp-content\/uploads\/sites\/8\/2023\/04\/IMG_7786-400x300.jpg\" class=\"attachment-bienen-grid-thumb size-bienen-grid-thumb wp-post-image\" alt=\"\" loading=\"lazy\" srcset=\"https:\/\/wettbewerb-archiv.wir-tun-was-fuer-bienen.de\/archiv-2023\/wp-content\/uploads\/sites\/8\/2023\/04\/IMG_7786-400x300.jpg 400w, https:\/\/wettbewerb-archiv.wir-tun-was-fuer-bienen.de\/archiv-2023\/wp-content\/uploads\/sites\/8\/2023\/04\/IMG_7786-768x576.jpg 768w, https:\/\/wettbewerb-archiv.wir-tun-was-fuer-bienen.de\/archiv-2023\/wp-content\/uploads\/sites\/8\/2023\/04\/IMG_7786-1024x768.jpg 1024w, https:\/\/wettbewerb-archiv.wir-tun-was-fuer-bienen.de\/archiv-2023\/wp-content\/uploads\/sites\/8\/2023\/04\/IMG_7786.jpg 1920w\" sizes=\"(max-width: 400px) 100vw, 400px\" \/>                    <\/div>\n    <\/a>\n\n    \n\n    <div class=\"user flex\">\n        \n                    <img decoding=\"async\" src=\"https:\/\/wettbewerb-archiv.wir-tun-was-fuer-bienen.de\/archiv-2023\/wp-content\/themes\/bienen\/assets\/images\/avatar-placeholder.png\" style=\"border-radius: 30px;\" height=\"30\" width=\"30\">\n            Wildbalk\u00f6(l)nchen            <\/div>\n    \n    \n            <p class=\"categories meta\" style=\"width: 100%\"><span class=\"fa fa-tag\"\n                                                             aria-hidden=\"true\"><\/span> Balkone, Terrassen, Dachg\u00e4rten, vertikale G\u00e4rten        <\/p>\n    \n            <p class=\"categories meta\" style=\"width: 100%\"><span class=\"fa fa-map-marker\"\n                                                             aria-hidden=\"true\"><\/span> Nordrhein-Westfalen        <\/p>\n    \n<\/article>\n   \n\t\t\n          <article id=\"post-87934\" class=\"et_pb_post post-87934 wtwfb_entry type-wtwfb_entry status-publish has-post-thumbnail hentry wtwfb_category-kleingartenparzellen wtwfb_region-bayern\">\n    <h2 class=\"entry-title\"><a href=\"https:\/\/wettbewerb-archiv.wir-tun-was-fuer-bienen.de\/archiv-2023\/eintrag\/2023-kleingarten-wild-bienenfreundlich-gestalten-kleingarten-nr-14-bzv-kleingartenanlage-nuernberg\/\">Kleingarten (wild) bienenfreundlich gestalten, Kleingar...<\/a>\n    <\/h2>\n    <a href=\"https:\/\/wettbewerb-archiv.wir-tun-was-fuer-bienen.de\/archiv-2023\/eintrag\/2023-kleingarten-wild-bienenfreundlich-gestalten-kleingarten-nr-14-bzv-kleingartenanlage-nuernberg\/\">\n        <div class=\"bienen-entry-image\">\n            <img decoding=\"async\" width=\"400\" height=\"300\" src=\"https:\/\/wettbewerb-archiv.wir-tun-was-fuer-bienen.de\/archiv-2023\/wp-content\/uploads\/sites\/8\/2023\/07\/Bieners-neue-Blumenwiese-400x300.jpg\" class=\"attachment-bienen-grid-thumb size-bienen-grid-thumb wp-post-image\" alt=\"\" loading=\"lazy\" \/>                    <\/div>\n    <\/a>\n\n    \n\n    <div class=\"user flex\">\n        \n                    <img decoding=\"async\" src=\"https:\/\/wettbewerb-archiv.wir-tun-was-fuer-bienen.de\/archiv-2023\/wp-content\/themes\/bienen\/assets\/images\/avatar-placeholder.png\" style=\"border-radius: 30px;\" height=\"30\" width=\"30\">\n            BZV - Bienenz\u00fcchterverein, Kleingarten Nr. 14            <\/div>\n    \n    <p class=\"categories meta bienen-gewinner\"><span class=\"fa fa-trophy\"                                                              aria-hidden=\"true\"><\/span> Gewinner<\/p>\n            <p class=\"categories meta\" style=\"width: 100%\"><span class=\"fa fa-tag\"\n                                                             aria-hidden=\"true\"><\/span> Kleingartenparzellen        <\/p>\n    \n            <p class=\"categories meta\" style=\"width: 100%\"><span class=\"fa fa-map-marker\"\n                                                             aria-hidden=\"true\"><\/span> Bayern        <\/p>\n    \n<\/article>\n   \n\t\t\n          <article id=\"post-87925\" class=\"et_pb_post post-87925 wtwfb_entry type-wtwfb_entry status-publish has-post-thumbnail hentry wtwfb_category-firmengaerten wtwfb_region-nordrhein-westfalen\">\n    <h2 class=\"entry-title\"><a href=\"https:\/\/wettbewerb-archiv.wir-tun-was-fuer-bienen.de\/archiv-2023\/eintrag\/2023-wir-gestalten-unseren-parkplatz-bienenfreundlich\/\">Wir gestalten unseren Parkplatz bienenfreundlich<\/a>\n    <\/h2>\n    <a href=\"https:\/\/wettbewerb-archiv.wir-tun-was-fuer-bienen.de\/archiv-2023\/eintrag\/2023-wir-gestalten-unseren-parkplatz-bienenfreundlich\/\">\n        <div class=\"bienen-entry-image\">\n            <img decoding=\"async\" width=\"400\" height=\"300\" src=\"https:\/\/wettbewerb-archiv.wir-tun-was-fuer-bienen.de\/archiv-2023\/wp-content\/uploads\/sites\/8\/2023\/04\/Nachh-400x300.jpg\" class=\"attachment-bienen-grid-thumb size-bienen-grid-thumb wp-post-image\" alt=\"\" loading=\"lazy\" \/>                    <\/div>\n    <\/a>\n\n    \n\n    <div class=\"user flex\">\n        \n                    <img decoding=\"async\" src=\"https:\/\/wettbewerb-archiv.wir-tun-was-fuer-bienen.de\/archiv-2023\/wp-content\/themes\/bienen\/assets\/images\/avatar-placeholder.png\" style=\"border-radius: 30px;\" height=\"30\" width=\"30\">\n            hagebaumarkt Bad Berleburg            <\/div>\n    \n    \n            <p class=\"categories meta\" style=\"width: 100%\"><span class=\"fa fa-tag\"\n                                                             aria-hidden=\"true\"><\/span> Firmeng\u00e4rten        <\/p>\n    \n            <p class=\"categories meta\" style=\"width: 100%\"><span class=\"fa fa-map-marker\"\n                                                             aria-hidden=\"true\"><\/span> Nordrhein-Westfalen        <\/p>\n    \n<\/article>\n   \n\t\t\n          <article id=\"post-87920\" class=\"et_pb_post post-87920 wtwfb_entry type-wtwfb_entry status-publish has-post-thumbnail hentry wtwfb_category-kita-gaerten wtwfb_region-nordrhein-westfalen\">\n    <h2 class=\"entry-title\"><a href=\"https:\/\/wettbewerb-archiv.wir-tun-was-fuer-bienen.de\/archiv-2023\/eintrag\/2023-projekt-die-biene\/\">Projekt \u201eDie Biene\u201c<\/a>\n    <\/h2>\n    <a href=\"https:\/\/wettbewerb-archiv.wir-tun-was-fuer-bienen.de\/archiv-2023\/eintrag\/2023-projekt-die-biene\/\">\n        <div class=\"bienen-entry-image\">\n            <img decoding=\"async\" width=\"400\" height=\"300\" src=\"https:\/\/wettbewerb-archiv.wir-tun-was-fuer-bienen.de\/archiv-2023\/wp-content\/uploads\/sites\/8\/2023\/04\/DFB8FF38-E2EE-4EA0-AB9E-9B9A81524EC1-400x300.jpeg\" class=\"attachment-bienen-grid-thumb size-bienen-grid-thumb wp-post-image\" alt=\"\" loading=\"lazy\" \/>                    <\/div>\n    <\/a>\n\n    \n\n    <div class=\"user flex\">\n        \n                    <img decoding=\"async\" src=\"https:\/\/wettbewerb-archiv.wir-tun-was-fuer-bienen.de\/archiv-2023\/wp-content\/themes\/bienen\/assets\/images\/avatar-placeholder.png\" style=\"border-radius: 30px;\" height=\"30\" width=\"30\">\n            Offermannsheider Wichtelflitzer            <\/div>\n    \n    \n            <p class=\"categories meta\" style=\"width: 100%\"><span class=\"fa fa-tag\"\n                                                             aria-hidden=\"true\"><\/span> Kita-G\u00e4rten        <\/p>\n    \n            <p class=\"categories meta\" style=\"width: 100%\"><span class=\"fa fa-map-marker\"\n                                                             aria-hidden=\"true\"><\/span> Nordrhein-Westfalen        <\/p>\n    \n<\/article>\n   \n\t\t\n          <article id=\"post-87910\" class=\"et_pb_post post-87910 wtwfb_entry type-wtwfb_entry status-publish has-post-thumbnail hentry wtwfb_category-kommunale-flaechen wtwfb_region-hessen\">\n    <h2 class=\"entry-title\"><a href=\"https:\/\/wettbewerb-archiv.wir-tun-was-fuer-bienen.de\/archiv-2023\/eintrag\/2023-wiesbadener-blumenzwiebelretter\/\">Wiesbadener Blumenzwiebelretter<\/a>\n    <\/h2>\n    <a href=\"https:\/\/wettbewerb-archiv.wir-tun-was-fuer-bienen.de\/archiv-2023\/eintrag\/2023-wiesbadener-blumenzwiebelretter\/\">\n        <div class=\"bienen-entry-image\">\n            <img decoding=\"async\" width=\"400\" height=\"300\" src=\"https:\/\/wettbewerb-archiv.wir-tun-was-fuer-bienen.de\/archiv-2023\/wp-content\/uploads\/sites\/8\/2023\/04\/Info-Tafel-Sammelstelle-400x300.jpg\" class=\"attachment-bienen-grid-thumb size-bienen-grid-thumb wp-post-image\" alt=\"\" loading=\"lazy\" \/>                    <\/div>\n    <\/a>\n\n    \n\n    <div class=\"user flex\">\n        \n                    <img decoding=\"async\" src=\"https:\/\/wettbewerb-archiv.wir-tun-was-fuer-bienen.de\/archiv-2023\/wp-content\/themes\/bienen\/assets\/images\/avatar-placeholder.png\" style=\"border-radius: 30px;\" height=\"30\" width=\"30\">\n            Imkerverein Wiesbaden            <\/div>\n    \n    \n            <p class=\"categories meta\" style=\"width: 100%\"><span class=\"fa fa-tag\"\n                                                             aria-hidden=\"true\"><\/span> Kommunale Fl\u00e4chen        <\/p>\n    \n            <p class=\"categories meta\" style=\"width: 100%\"><span class=\"fa fa-map-marker\"\n                                                             aria-hidden=\"true\"><\/span> Hessen        <\/p>\n    \n<\/article>\n   \n\t\t\n          <article id=\"post-87887\" class=\"et_pb_post post-87887 wtwfb_entry type-wtwfb_entry status-publish has-post-thumbnail hentry wtwfb_category-kita-gaerten wtwfb_region-bayern\">\n    <h2 class=\"entry-title\"><a href=\"https:\/\/wettbewerb-archiv.wir-tun-was-fuer-bienen.de\/archiv-2023\/eintrag\/2023-mit-kleinen-schritten-die-schoepfung-gottes-begreifen-und-durch-kleine-haende-diese-bewahren\/\">Mit kleinen Schritten die Sch\u00f6pfung Gottes begreifen u...<\/a>\n    <\/h2>\n    <a href=\"https:\/\/wettbewerb-archiv.wir-tun-was-fuer-bienen.de\/archiv-2023\/eintrag\/2023-mit-kleinen-schritten-die-schoepfung-gottes-begreifen-und-durch-kleine-haende-diese-bewahren\/\">\n        <div class=\"bienen-entry-image\">\n            <img decoding=\"async\" width=\"400\" height=\"300\" src=\"https:\/\/wettbewerb-archiv.wir-tun-was-fuer-bienen.de\/archiv-2023\/wp-content\/uploads\/sites\/8\/2023\/03\/IMG_0735-400x300.jpg\" class=\"attachment-bienen-grid-thumb size-bienen-grid-thumb wp-post-image\" alt=\"\" loading=\"lazy\" srcset=\"https:\/\/wettbewerb-archiv.wir-tun-was-fuer-bienen.de\/archiv-2023\/wp-content\/uploads\/sites\/8\/2023\/03\/IMG_0735-400x300.jpg 400w, https:\/\/wettbewerb-archiv.wir-tun-was-fuer-bienen.de\/archiv-2023\/wp-content\/uploads\/sites\/8\/2023\/03\/IMG_0735-768x576.jpg 768w, https:\/\/wettbewerb-archiv.wir-tun-was-fuer-bienen.de\/archiv-2023\/wp-content\/uploads\/sites\/8\/2023\/03\/IMG_0735-1024x768.jpg 1024w, https:\/\/wettbewerb-archiv.wir-tun-was-fuer-bienen.de\/archiv-2023\/wp-content\/uploads\/sites\/8\/2023\/03\/IMG_0735.jpg 1920w\" sizes=\"(max-width: 400px) 100vw, 400px\" \/>                    <\/div>\n    <\/a>\n\n    \n\n    <div class=\"user flex\">\n        \n                    <img decoding=\"async\" src=\"https:\/\/wettbewerb-archiv.wir-tun-was-fuer-bienen.de\/archiv-2023\/wp-content\/themes\/bienen\/assets\/images\/avatar-placeholder.png\" style=\"border-radius: 30px;\" height=\"30\" width=\"30\">\n            Katholische Kita St. Georg            <\/div>\n    \n    \n            <p class=\"categories meta\" style=\"width: 100%\"><span class=\"fa fa-tag\"\n                                                             aria-hidden=\"true\"><\/span> Kita-G\u00e4rten        <\/p>\n    \n            <p class=\"categories meta\" style=\"width: 100%\"><span class=\"fa fa-map-marker\"\n                                                             aria-hidden=\"true\"><\/span> Bayern        <\/p>\n    \n<\/article>\n   \n\t\t<!-- WPV_Infinite_Scroll -->\n\t\n\t<\/div>\n\t\n\t\n<\/div>\n<\/div>\n\n\n\n<style>\n.gewinner-filter {\n    display: none !important;\n}\n<\/style>\n","protected":false},"excerpt":{"rendered":"<p>Deutschland summt!-Pflanzwettbewerb 2023 Die diesj\u00e4hrigen Gewinner*innen stehen nun fest! Zur \u00dcbersicht. Alle Infos \u00fcber den Wettbewerb auf der Infoseite: www.wir-tun-was-fuer-bienen.de<\/p>\n","protected":false},"author":1,"featured_media":0,"parent":0,"menu_order":0,"comment_status":"closed","ping_status":"closed","template":"","meta":{"_acf_changed":false,"_et_pb_use_builder":"off","_et_pb_old_content":"","_et_gb_content_width":"","footnotes":""},"class_list":["post-404","page","type-page","status-publish","hentry"],"acf":[],"_links":{"self":[{"href":"https:\/\/wettbewerb-archiv.wir-tun-was-fuer-bienen.de\/archiv-2023\/wp-json\/wp\/v2\/pages\/404","targetHints":{"allow":["GET"]}}],"collection":[{"href":"https:\/\/wettbewerb-archiv.wir-tun-was-fuer-bienen.de\/archiv-2023\/wp-json\/wp\/v2\/pages"}],"about":[{"href":"https:\/\/wettbewerb-archiv.wir-tun-was-fuer-bienen.de\/archiv-2023\/wp-json\/wp\/v2\/types\/page"}],"author":[{"embeddable":true,"href":"https:\/\/wettbewerb-archiv.wir-tun-was-fuer-bienen.de\/archiv-2023\/wp-json\/wp\/v2\/users\/1"}],"replies":[{"embeddable":true,"href":"https:\/\/wettbewerb-archiv.wir-tun-was-fuer-bienen.de\/archiv-2023\/wp-json\/wp\/v2\/comments?post=404"}],"version-history":[{"count":0,"href":"https:\/\/wettbewerb-archiv.wir-tun-was-fuer-bienen.de\/archiv-2023\/wp-json\/wp\/v2\/pages\/404\/revisions"}],"wp:attachment":[{"href":"https:\/\/wettbewerb-archiv.wir-tun-was-fuer-bienen.de\/archiv-2023\/wp-json\/wp\/v2\/media?parent=404"}],"curies":[{"name":"wp","href":"https:\/\/api.w.org\/{rel}","templated":true}]}}