{"id":427,"date":"2018-03-26T12:03:35","date_gmt":"2018-03-26T10:03:35","guid":{"rendered":"https:\/\/wir-tun-was-fuer-bienen.dev.moewe.io\/?page_id=427"},"modified":"2023-04-26T08:43:38","modified_gmt":"2023-04-26T06:43:38","slug":"privatgaerten-und-gaerten-von-mietwohnungen-kleiner-500-quadratmeter","status":"publish","type":"page","link":"https:\/\/wettbewerb-archiv.wir-tun-was-fuer-bienen.de\/archiv-2023\/aktueller-wettbewerb\/privatgaerten-und-gaerten-von-mietwohnungen-kleiner-500-quadratmeter\/","title":{"rendered":"Privatg\u00e4rten bis 500 m2"},"content":{"rendered":"\n<p class=\"has-text-align-center\"><\/p>\n\n\n<div class=\"bienen-hide-category-filter bienen-hide-teilnahme-filter\"><form autocomplete=\"off\" name=\"wpv-filter-10282-CATTR9031fb5f8db27154a14cdff18e786324\" action=\"\/archiv-2023\/wp-json\/wp\/v2\/pages\/427?wpv_view_count=10282-CATTR9031fb5f8db27154a14cdff18e786324\" method=\"get\" class=\"wpv-filter-form js-wpv-filter-form js-wpv-filter-form-10282-CATTR9031fb5f8db27154a14cdff18e786324 js-wpv-form-full js-wpv-ajax-results-enabled\" data-viewnumber=\"10282-CATTR9031fb5f8db27154a14cdff18e786324\" data-viewid=\"10282\" data-viewhash=\"eyJuYW1lIjoid2V0dGJld2VyYnNlaW50cmFlZ2UiLCJzdGFydHllYXIiOiIxOTgzIiwic3RhcnRkYXlvZnllYXIiOiIxIiwiZW5keWVhciI6IjIxMDAiLCJlbmRkYXlvZnllYXIiOiIzNjUifQ==\" data-viewwidgetid=\"0\" data-orderby=\"\" data-order=\"\" data-orderbyas=\"\" data-orderbysecond=\"\" data-ordersecond=\"\" data-parametric=\"{&quot;query&quot;:&quot;normal&quot;,&quot;id&quot;:&quot;10282&quot;,&quot;view_id&quot;:&quot;10282&quot;,&quot;widget_id&quot;:0,&quot;view_hash&quot;:&quot;10282-CATTR9031fb5f8db27154a14cdff18e786324&quot;,&quot;action&quot;:&quot;\\\/archiv-2023\\\/wp-json\\\/wp\\\/v2\\\/pages\\\/427?wpv_view_count=10282-CATTR9031fb5f8db27154a14cdff18e786324&quot;,&quot;sort&quot;:{&quot;orderby&quot;:&quot;&quot;,&quot;order&quot;:&quot;&quot;,&quot;orderby_as&quot;:&quot;&quot;,&quot;orderby_second&quot;:&quot;&quot;,&quot;order_second&quot;:&quot;&quot;},&quot;orderby&quot;:&quot;&quot;,&quot;order&quot;:&quot;&quot;,&quot;orderby_as&quot;:&quot;&quot;,&quot;orderby_second&quot;:&quot;&quot;,&quot;order_second&quot;:&quot;&quot;,&quot;ajax_form&quot;:&quot;&quot;,&quot;ajax_results&quot;:&quot;&quot;,&quot;effect&quot;:&quot;fade&quot;,&quot;prebefore&quot;:&quot;&quot;,&quot;before&quot;:&quot;&quot;,&quot;after&quot;:&quot;&quot;,&quot;attributes&quot;:{&quot;startyear&quot;:&quot;1983&quot;,&quot;startdayofyear&quot;:&quot;1&quot;,&quot;endyear&quot;:&quot;2100&quot;,&quot;enddayofyear&quot;:&quot;365&quot;},&quot;environment&quot;:{&quot;current_post_id&quot;:427,&quot;parent_post_id&quot;:427,&quot;parent_term_id&quot;:0,&quot;parent_user_id&quot;:0,&quot;archive&quot;:{&quot;type&quot;:&quot;&quot;,&quot;name&quot;:&quot;&quot;,&quot;data&quot;:[]}},&quot;loop&quot;:{&quot;type&quot;:&quot;&quot;,&quot;name&quot;:&quot;&quot;,&quot;data&quot;:[],&quot;id&quot;:0}}\" data-attributes=\"{&quot;startyear&quot;:&quot;1983&quot;,&quot;startdayofyear&quot;:&quot;1&quot;,&quot;endyear&quot;:&quot;2100&quot;,&quot;enddayofyear&quot;:&quot;365&quot;}\" data-environment=\"{&quot;current_post_id&quot;:427,&quot;parent_post_id&quot;:427,&quot;parent_term_id&quot;:0,&quot;parent_user_id&quot;:0,&quot;archive&quot;:{&quot;type&quot;:&quot;&quot;,&quot;name&quot;:&quot;&quot;,&quot;data&quot;:[]}}\"><input type=\"hidden\" class=\"js-wpv-dps-filter-data js-wpv-filter-data-for-this-form\" data-action=\"\/archiv-2023\/wp-json\/wp\/v2\/pages\/427?wpv_view_count=10282-CATTR9031fb5f8db27154a14cdff18e786324\" data-page=\"1\" data-ajax=\"enable\" data-effect=\"fade\" data-maxpages=\"0\" data-ajaxprebefore=\"\" data-ajaxbefore=\"\" data-ajaxafter=\"\" \/><input class=\"wpv_view_count wpv_view_count-10282-CATTR9031fb5f8db27154a14cdff18e786324\" type=\"hidden\" name=\"wpv_view_count\" value=\"10282-CATTR9031fb5f8db27154a14cdff18e786324\" \/>\n\n<!--\n<p class=\"bienen-text-center\">\n\nEs wurden [wpv-items-count] Beitr\u00e4ge gefunden.\n<\/p>\n-->\n<div class=\"bienen-columns\">\n\t<div class=\"regionen-filter\">\n\t\t<label>Regionen<\/label>\n\t\t<select name=\"region\" class=\"js-wpv-filter-trigger form-control\"><option selected='selected' value=\"0\">Alle anzeigen<\/option><option value=\"baden-wuerttemberg\">Baden-W\u00fcrttemberg<\/option><option value=\"bayern\">Bayern<\/option><option value=\"berlin\">Berlin<\/option><option value=\"brandenburg\">Brandenburg<\/option><option value=\"bremen\">Bremen<\/option><option value=\"hamburg\">Hamburg<\/option><option value=\"hessen\">Hessen<\/option><option value=\"mecklenburg-vorpommern\">Mecklenburg-Vorpommern<\/option><option value=\"niedersachsen\">Niedersachsen<\/option><option value=\"nordrhein-westfalen\">Nordrhein-Westfalen<\/option><option value=\"rheinland-pfalz\">Rheinland-Pfalz<\/option><option value=\"saarland\">Saarland<\/option><option value=\"sachsen\">Sachsen<\/option><option value=\"sachsen-anhalt\">Sachsen-Anhalt<\/option><option value=\"schleswig-holstein\">Schleswig-Holstein<\/option><option value=\"thueringen\">Th\u00fcringen<\/option><\/select>\n\t<\/div>\n\t<div class=\"category-filter\">\n\t<label>Kategorien<\/label>\n\t<select name=\"kategorie\" class=\"js-wpv-filter-trigger form-control\"><option value=\"0\">Alle anzeigen<\/option><option value=\"balkone-terrassen-dachbegruenung-vertikale-gaerten\">Balkone, Terrassen, Dachg\u00e4rten, vertikale G\u00e4rten<\/option><option value=\"bestehende-naturgaerten\">Bestehende Naturg\u00e4rten (Pflege und Infoarbeit)<\/option><option value=\"firmengaerten\">Firmeng\u00e4rten<\/option><option value=\"kita-gaerten\">Kita-G\u00e4rten<\/option><option value=\"kleingartenparzellen\">Kleingartenparzellen<\/option><option value=\"kommunale-flaechen\">Kommunale Fl\u00e4chen<\/option><option value=\"privatgaerten-gross-500-m\u00b2\">Privatg\u00e4rten gro\u00df (ab 500 m\u00b2)<\/option><option value=\"privatgaerten-klein-500-m2\" selected=\"selected\">Privatg\u00e4rten klein (bis 500 m2)<\/option><option value=\"schul-und-jugendclubgaerten\">Schulg\u00e4rten<\/option><option value=\"vereinsgaerten-liegenschaften-von-verwaltung-kirche-etc-sonstige\">Vereinsg\u00e4rten, Unis, Liegenschaften von Verwaltung, Kirche etc, Sonstige<\/option><\/select>\n\t<\/div>\n\t<div class=\"teilnahme-filter\">\n      <label>Teilnahme<\/label>\n\t<select id=\"wpv_control_select_wtwfb_out_of_competition\" name=\"teilnahme_filter\" class=\"js-wpv-filter-trigger form-control\"><option value=\"\">Alle anzeigen<\/option><option value=\"1\">Nur au\u00dfer Konkurrenz<\/option><option value=\"0\" selected=\"selected\">Nur Wettbewerbsbeitr\u00e4ge<\/option><\/select>\n\t<\/div>\n    <div class=\"extrapreis_filter\">\n      <label>Extrapreis Musik f\u00fcr Bienenschutz<\/label>\n\t<select id=\"wpv_control_select_bienen_extra_price_bees_song\" name=\"extrapreis_filter\" class=\"js-wpv-filter-trigger form-control\"><option value=\"\" selected=\"selected\">Alle anzeigen<\/option><option value=\"1\">Mit Extrapreis Musik<\/option><option value=\"0\">Ohne Extrapreis Musik<\/option><\/select>\n\t<\/div>\n   <div class=\"gewinner-filter\">\n      <label>Gewinner<\/label>\n       \t<select id=\"wpv_control_select_wpcf-bienen_gewinner\" name=\"gewinner_filter\" class=\"js-wpv-filter-trigger form-control\"><option value=\"\" selected=\"selected\">Alle anzeigen<\/option><option value=\"1\">Nur Gewinner<\/option><\/select>\n    <\/div>\n\n<\/div>\n<div class=\"bienen-text-center\">\n<span style=\"display:none\" class=\"js-wpv-dps-spinner\"><img decoding=\"async\" src=\"https:\/\/wettbewerb-archiv.wir-tun-was-fuer-bienen.de\/archiv-2023\/wp-content\/plugins\/wp-views\/embedded\/res\/img\/ajax-loader.gif\" \/>Bitte warten. Wir filtern die Beitr\u00e4ge.<\/span>\n<\/div>\n\n<\/form>\n<div id=\"wpv-view-layout-10282-CATTR9031fb5f8db27154a14cdff18e786324\" class=\"js-wpv-view-layout js-wpv-layout-responsive js-wpv-view-layout-10282-CATTR9031fb5f8db27154a14cdff18e786324\" data-viewnumber=\"10282-CATTR9031fb5f8db27154a14cdff18e786324\" data-pagination=\"{&quot;id&quot;:&quot;10282&quot;,&quot;query&quot;:&quot;normal&quot;,&quot;type&quot;:&quot;disabled&quot;,&quot;effect&quot;:&quot;infinite&quot;,&quot;duration&quot;:50,&quot;speed&quot;:5,&quot;pause_on_hover&quot;:&quot;disabled&quot;,&quot;stop_rollover&quot;:&quot;false&quot;,&quot;cache_pages&quot;:&quot;enabled&quot;,&quot;preload_images&quot;:&quot;disabled&quot;,&quot;preload_pages&quot;:&quot;enabled&quot;,&quot;preload_reach&quot;:1,&quot;spinner&quot;:&quot;builtin&quot;,&quot;spinner_image&quot;:&quot;&quot;,&quot;callback_next&quot;:&quot;&quot;,&quot;manage_history&quot;:&quot;enabled&quot;,&quot;has_controls_in_form&quot;:&quot;disabled&quot;,&quot;infinite_tolerance&quot;:800,&quot;max_pages&quot;:0,&quot;page&quot;:1,&quot;base_permalink&quot;:&quot;\/archiv-2023\/wp-json\/wp\/v2\/pages\/427?kategorie=privatgaerten-klein-500-m2&amp;teilnahme_filter=0&amp;wpv_view_count=10282-CATTR9031fb5f8db27154a14cdff18e786324&amp;wpv_paged=WPV_PAGE_NUM&quot;,&quot;loop&quot;:{&quot;type&quot;:&quot;&quot;,&quot;name&quot;:&quot;&quot;,&quot;data&quot;:[],&quot;id&quot;:0}}\" data-permalink=\"\/archiv-2023\/wp-json\/wp\/v2\/pages\/427?kategorie=privatgaerten-klein-500-m2&#038;teilnahme_filter=0&#038;wpv_view_count=10282-CATTR9031fb5f8db27154a14cdff18e786324\">\n\n\t\n\t\n\t<div class=\"bienen-grid-embedded bienen-loop\">\n      \n\t\n\t\t<!-- WPV_Infinite_Scroll --><!-- WPV_Infinite_Scroll_Insert -->\n          <article id=\"post-115768\" class=\"et_pb_post post-115768 wtwfb_entry type-wtwfb_entry status-publish has-post-thumbnail hentry wtwfb_category-privatgaerten-klein-500-m2 wtwfb_region-nordrhein-westfalen\">\n    <h2 class=\"entry-title\"><a href=\"https:\/\/wettbewerb-archiv.wir-tun-was-fuer-bienen.de\/archiv-2023\/eintrag\/2023-bienenfreundlicher-soll-es-werden\/\">Bienenfreundlicher soll es werden\u2026\u2026<\/a>\n    <\/h2>\n    <a href=\"https:\/\/wettbewerb-archiv.wir-tun-was-fuer-bienen.de\/archiv-2023\/eintrag\/2023-bienenfreundlicher-soll-es-werden\/\">\n        <div class=\"bienen-entry-image\">\n            <img decoding=\"async\" width=\"400\" height=\"300\" src=\"https:\/\/wettbewerb-archiv.wir-tun-was-fuer-bienen.de\/archiv-2023\/wp-content\/uploads\/sites\/8\/2023\/07\/BEsucher-Bauphase-III-400x300.jpg\" class=\"attachment-bienen-grid-thumb size-bienen-grid-thumb wp-post-image\" alt=\"\" loading=\"lazy\" \/>                    <\/div>\n    <\/a>\n\n    \n\n    <div class=\"user flex\">\n        \n                    <img decoding=\"async\" src=\"https:\/\/wettbewerb-archiv.wir-tun-was-fuer-bienen.de\/archiv-2023\/wp-content\/themes\/bienen\/assets\/images\/avatar-placeholder.png\" style=\"border-radius: 30px;\" height=\"30\" width=\"30\">\n            Ein Heim f\u00fcr Hummeln und Bienen            <\/div>\n    \n    \n            <p class=\"categories meta\" style=\"width: 100%\"><span class=\"fa fa-tag\"\n                                                             aria-hidden=\"true\"><\/span> Privatg\u00e4rten klein (bis 500 m2)        <\/p>\n    \n            <p class=\"categories meta\" style=\"width: 100%\"><span class=\"fa fa-map-marker\"\n                                                             aria-hidden=\"true\"><\/span> Nordrhein-Westfalen        <\/p>\n    \n<\/article>\n   \n\t\t\n          <article id=\"post-115120\" class=\"et_pb_post post-115120 wtwfb_entry type-wtwfb_entry status-publish has-post-thumbnail hentry wtwfb_category-privatgaerten-klein-500-m2 wtwfb_region-nordrhein-westfalen\">\n    <h2 class=\"entry-title\"><a href=\"https:\/\/wettbewerb-archiv.wir-tun-was-fuer-bienen.de\/archiv-2023\/eintrag\/2023-vorgarten-die-triste-rasenflaeche-wird-zum-bluehparadies\/\">Vorgarten- die triste Rasenfl\u00e4che wird zum Bl\u00fchparadi...<\/a>\n    <\/h2>\n    <a href=\"https:\/\/wettbewerb-archiv.wir-tun-was-fuer-bienen.de\/archiv-2023\/eintrag\/2023-vorgarten-die-triste-rasenflaeche-wird-zum-bluehparadies\/\">\n        <div class=\"bienen-entry-image\">\n            <img decoding=\"async\" width=\"400\" height=\"300\" src=\"https:\/\/wettbewerb-archiv.wir-tun-was-fuer-bienen.de\/archiv-2023\/wp-content\/uploads\/sites\/8\/2023\/07\/20230728_193239a-400x300.jpg\" class=\"attachment-bienen-grid-thumb size-bienen-grid-thumb wp-post-image\" alt=\"\" loading=\"lazy\" \/>                    <\/div>\n    <\/a>\n\n    \n\n    <div class=\"user flex\">\n        \n                    <img decoding=\"async\" src=\"https:\/\/wettbewerb-archiv.wir-tun-was-fuer-bienen.de\/archiv-2023\/wp-content\/themes\/bienen\/assets\/images\/avatar-placeholder.png\" style=\"border-radius: 30px;\" height=\"30\" width=\"30\">\n            Nicola von der Ohe            <\/div>\n    \n    \n            <p class=\"categories meta\" style=\"width: 100%\"><span class=\"fa fa-tag\"\n                                                             aria-hidden=\"true\"><\/span> Privatg\u00e4rten klein (bis 500 m2)        <\/p>\n    \n            <p class=\"categories meta\" style=\"width: 100%\"><span class=\"fa fa-map-marker\"\n                                                             aria-hidden=\"true\"><\/span> Nordrhein-Westfalen        <\/p>\n    \n<\/article>\n   \n\t\t\n          <article id=\"post-114317\" class=\"et_pb_post post-114317 wtwfb_entry type-wtwfb_entry status-publish has-post-thumbnail hentry wtwfb_category-privatgaerten-klein-500-m2 wtwfb_region-nordrhein-westfalen\">\n    <h2 class=\"entry-title\"><a href=\"https:\/\/wettbewerb-archiv.wir-tun-was-fuer-bienen.de\/archiv-2023\/eintrag\/2023-bees-favorite\/\">Bee&#8217;s Favorite<\/a>\n    <\/h2>\n    <a href=\"https:\/\/wettbewerb-archiv.wir-tun-was-fuer-bienen.de\/archiv-2023\/eintrag\/2023-bees-favorite\/\">\n        <div class=\"bienen-entry-image\">\n            <img decoding=\"async\" width=\"400\" height=\"300\" src=\"https:\/\/wettbewerb-archiv.wir-tun-was-fuer-bienen.de\/archiv-2023\/wp-content\/uploads\/sites\/8\/2023\/07\/bild4-1-400x300.jpg\" class=\"attachment-bienen-grid-thumb size-bienen-grid-thumb wp-post-image\" alt=\"\" loading=\"lazy\" \/>                    <\/div>\n    <\/a>\n\n    \n\n    <div class=\"user flex\">\n        \n                    <img decoding=\"async\" src=\"https:\/\/wettbewerb-archiv.wir-tun-was-fuer-bienen.de\/archiv-2023\/wp-content\/themes\/bienen\/assets\/images\/avatar-placeholder.png\" style=\"border-radius: 30px;\" height=\"30\" width=\"30\">\n            Bee's favorite            <\/div>\n    \n    \n            <p class=\"categories meta\" style=\"width: 100%\"><span class=\"fa fa-tag\"\n                                                             aria-hidden=\"true\"><\/span> Privatg\u00e4rten klein (bis 500 m2)        <\/p>\n    \n            <p class=\"categories meta\" style=\"width: 100%\"><span class=\"fa fa-map-marker\"\n                                                             aria-hidden=\"true\"><\/span> Nordrhein-Westfalen        <\/p>\n    \n<\/article>\n   \n\t\t\n          <article id=\"post-113383\" class=\"et_pb_post post-113383 wtwfb_entry type-wtwfb_entry status-publish has-post-thumbnail hentry wtwfb_category-privatgaerten-klein-500-m2 wtwfb_region-nordrhein-westfalen\">\n    <h2 class=\"entry-title\"><a href=\"https:\/\/wettbewerb-archiv.wir-tun-was-fuer-bienen.de\/archiv-2023\/eintrag\/2023-wohlfuehloase-mit-nutzen\/\">Wohlf\u00fchloase mit Nutzen<\/a>\n    <\/h2>\n    <a href=\"https:\/\/wettbewerb-archiv.wir-tun-was-fuer-bienen.de\/archiv-2023\/eintrag\/2023-wohlfuehloase-mit-nutzen\/\">\n        <div class=\"bienen-entry-image\">\n            <img decoding=\"async\" width=\"400\" height=\"300\" src=\"https:\/\/wettbewerb-archiv.wir-tun-was-fuer-bienen.de\/archiv-2023\/wp-content\/uploads\/sites\/8\/2023\/07\/20230726_144103-400x300.jpg\" class=\"attachment-bienen-grid-thumb size-bienen-grid-thumb wp-post-image\" alt=\"\" loading=\"lazy\" \/>                    <\/div>\n    <\/a>\n\n    \n\n    <div class=\"user flex\">\n        \n                    <img decoding=\"async\" src=\"https:\/\/wettbewerb-archiv.wir-tun-was-fuer-bienen.de\/archiv-2023\/wp-content\/themes\/bienen\/assets\/images\/avatar-placeholder.png\" style=\"border-radius: 30px;\" height=\"30\" width=\"30\">\n            Marie F            <\/div>\n    \n    \n            <p class=\"categories meta\" style=\"width: 100%\"><span class=\"fa fa-tag\"\n                                                             aria-hidden=\"true\"><\/span> Privatg\u00e4rten klein (bis 500 m2)        <\/p>\n    \n            <p class=\"categories meta\" style=\"width: 100%\"><span class=\"fa fa-map-marker\"\n                                                             aria-hidden=\"true\"><\/span> Nordrhein-Westfalen        <\/p>\n    \n<\/article>\n   \n\t\t\n          <article id=\"post-112091\" class=\"et_pb_post post-112091 wtwfb_entry type-wtwfb_entry status-publish has-post-thumbnail hentry wtwfb_category-privatgaerten-klein-500-m2 wtwfb_region-brandenburg\">\n    <h2 class=\"entry-title\"><a href=\"https:\/\/wettbewerb-archiv.wir-tun-was-fuer-bienen.de\/archiv-2023\/eintrag\/2023-grossstadt-acker-wird-zum-summenden-garten-paradies\/\">Gro\u00dfstadt-Acker wird zum summenden Garten-Paradies<\/a>\n    <\/h2>\n    <a href=\"https:\/\/wettbewerb-archiv.wir-tun-was-fuer-bienen.de\/archiv-2023\/eintrag\/2023-grossstadt-acker-wird-zum-summenden-garten-paradies\/\">\n        <div class=\"bienen-entry-image\">\n            <img decoding=\"async\" width=\"400\" height=\"300\" src=\"https:\/\/wettbewerb-archiv.wir-tun-was-fuer-bienen.de\/archiv-2023\/wp-content\/uploads\/sites\/8\/2023\/07\/20230708_094816-400x300.jpg\" class=\"attachment-bienen-grid-thumb size-bienen-grid-thumb wp-post-image\" alt=\"\" loading=\"lazy\" srcset=\"https:\/\/wettbewerb-archiv.wir-tun-was-fuer-bienen.de\/archiv-2023\/wp-content\/uploads\/sites\/8\/2023\/07\/20230708_094816-400x300.jpg 400w, https:\/\/wettbewerb-archiv.wir-tun-was-fuer-bienen.de\/archiv-2023\/wp-content\/uploads\/sites\/8\/2023\/07\/20230708_094816-768x576.jpg 768w, https:\/\/wettbewerb-archiv.wir-tun-was-fuer-bienen.de\/archiv-2023\/wp-content\/uploads\/sites\/8\/2023\/07\/20230708_094816-1024x768.jpg 1024w, https:\/\/wettbewerb-archiv.wir-tun-was-fuer-bienen.de\/archiv-2023\/wp-content\/uploads\/sites\/8\/2023\/07\/20230708_094816.jpg 1920w\" sizes=\"(max-width: 400px) 100vw, 400px\" \/>                    <\/div>\n    <\/a>\n\n    \n\n    <div class=\"user flex\">\n        \n                    <img decoding=\"async\" src=\"https:\/\/wettbewerb-archiv.wir-tun-was-fuer-bienen.de\/archiv-2023\/wp-content\/themes\/bienen\/assets\/images\/avatar-placeholder.png\" style=\"border-radius: 30px;\" height=\"30\" width=\"30\">\n            CR28-Bienenconnection            <\/div>\n    \n    \n            <p class=\"categories meta\" style=\"width: 100%\"><span class=\"fa fa-tag\"\n                                                             aria-hidden=\"true\"><\/span> Privatg\u00e4rten klein (bis 500 m2)        <\/p>\n    \n            <p class=\"categories meta\" style=\"width: 100%\"><span class=\"fa fa-map-marker\"\n                                                             aria-hidden=\"true\"><\/span> Brandenburg        <\/p>\n    \n<\/article>\n   \n\t\t\n          <article id=\"post-111851\" class=\"et_pb_post post-111851 wtwfb_entry type-wtwfb_entry status-publish has-post-thumbnail hentry wtwfb_category-privatgaerten-klein-500-m2 wtwfb_region-nordrhein-westfalen\">\n    <h2 class=\"entry-title\"><a href=\"https:\/\/wettbewerb-archiv.wir-tun-was-fuer-bienen.de\/archiv-2023\/eintrag\/2023-vielfalt-statt-einfalt-im-duisburger-zaubergarten\/\">Vielfalt statt Einfalt im Duisburger Zaubergarten<\/a>\n    <\/h2>\n    <a href=\"https:\/\/wettbewerb-archiv.wir-tun-was-fuer-bienen.de\/archiv-2023\/eintrag\/2023-vielfalt-statt-einfalt-im-duisburger-zaubergarten\/\">\n        <div class=\"bienen-entry-image\">\n            <img decoding=\"async\" width=\"400\" height=\"300\" src=\"https:\/\/wettbewerb-archiv.wir-tun-was-fuer-bienen.de\/archiv-2023\/wp-content\/uploads\/sites\/8\/2023\/07\/IMG_4437-400x300.jpeg\" class=\"attachment-bienen-grid-thumb size-bienen-grid-thumb wp-post-image\" alt=\"\" loading=\"lazy\" \/>                    <\/div>\n    <\/a>\n\n    \n\n    <div class=\"user flex\">\n        \n                    <img decoding=\"async\" src=\"https:\/\/wettbewerb-archiv.wir-tun-was-fuer-bienen.de\/archiv-2023\/wp-content\/themes\/bienen\/assets\/images\/avatar-placeholder.png\" style=\"border-radius: 30px;\" height=\"30\" width=\"30\">\n            Zaubergarten Duisburg            <\/div>\n    \n    <p class=\"categories meta bienen-gewinner\"><span class=\"fa fa-trophy\"                                                              aria-hidden=\"true\"><\/span> Gewinner<\/p>\n            <p class=\"categories meta\" style=\"width: 100%\"><span class=\"fa fa-tag\"\n                                                             aria-hidden=\"true\"><\/span> Privatg\u00e4rten klein (bis 500 m2)        <\/p>\n    \n            <p class=\"categories meta\" style=\"width: 100%\"><span class=\"fa fa-map-marker\"\n                                                             aria-hidden=\"true\"><\/span> Nordrhein-Westfalen        <\/p>\n    \n<\/article>\n   \n\t\t\n          <article id=\"post-111600\" class=\"et_pb_post post-111600 wtwfb_entry type-wtwfb_entry status-publish has-post-thumbnail hentry wtwfb_category-privatgaerten-klein-500-m2 wtwfb_region-nordrhein-westfalen\">\n    <h2 class=\"entry-title\"><a href=\"https:\/\/wettbewerb-archiv.wir-tun-was-fuer-bienen.de\/archiv-2023\/eintrag\/2023-es-summt-jeden-tag-so-wunderbar-%e2%98%ba%ef%b8%8f\/\">Es summt jeden Tag so wunderbar \u263a\ufe0f<\/a>\n    <\/h2>\n    <a href=\"https:\/\/wettbewerb-archiv.wir-tun-was-fuer-bienen.de\/archiv-2023\/eintrag\/2023-es-summt-jeden-tag-so-wunderbar-%e2%98%ba%ef%b8%8f\/\">\n        <div class=\"bienen-entry-image\">\n            <img decoding=\"async\" width=\"400\" height=\"300\" src=\"https:\/\/wettbewerb-archiv.wir-tun-was-fuer-bienen.de\/archiv-2023\/wp-content\/uploads\/sites\/8\/2023\/07\/IMG_9868-400x300.jpeg\" class=\"attachment-bienen-grid-thumb size-bienen-grid-thumb wp-post-image\" alt=\"\" loading=\"lazy\" \/>                    <\/div>\n    <\/a>\n\n    \n\n    <div class=\"user flex\">\n        \n                    <img decoding=\"async\" src=\"https:\/\/wettbewerb-archiv.wir-tun-was-fuer-bienen.de\/archiv-2023\/wp-content\/themes\/bienen\/assets\/images\/avatar-placeholder.png\" style=\"border-radius: 30px;\" height=\"30\" width=\"30\">\n            Ludger            <\/div>\n    \n    \n            <p class=\"categories meta\" style=\"width: 100%\"><span class=\"fa fa-tag\"\n                                                             aria-hidden=\"true\"><\/span> Privatg\u00e4rten klein (bis 500 m2)        <\/p>\n    \n            <p class=\"categories meta\" style=\"width: 100%\"><span class=\"fa fa-map-marker\"\n                                                             aria-hidden=\"true\"><\/span> Nordrhein-Westfalen        <\/p>\n    \n<\/article>\n   \n\t\t\n          <article id=\"post-111070\" class=\"et_pb_post post-111070 wtwfb_entry type-wtwfb_entry status-publish has-post-thumbnail hentry wtwfb_category-privatgaerten-klein-500-m2 wtwfb_region-brandenburg\">\n    <h2 class=\"entry-title\"><a href=\"https:\/\/wettbewerb-archiv.wir-tun-was-fuer-bienen.de\/archiv-2023\/eintrag\/2023-mehr-vielfalt-in-meinem-hausgarten\/\">Mehr Vielfalt in meinem Hausgarten<\/a>\n    <\/h2>\n    <a href=\"https:\/\/wettbewerb-archiv.wir-tun-was-fuer-bienen.de\/archiv-2023\/eintrag\/2023-mehr-vielfalt-in-meinem-hausgarten\/\">\n        <div class=\"bienen-entry-image\">\n            <img decoding=\"async\" width=\"400\" height=\"300\" src=\"https:\/\/wettbewerb-archiv.wir-tun-was-fuer-bienen.de\/archiv-2023\/wp-content\/uploads\/sites\/8\/2023\/07\/20230730_081651-400x300.jpg\" class=\"attachment-bienen-grid-thumb size-bienen-grid-thumb wp-post-image\" alt=\"\" loading=\"lazy\" srcset=\"https:\/\/wettbewerb-archiv.wir-tun-was-fuer-bienen.de\/archiv-2023\/wp-content\/uploads\/sites\/8\/2023\/07\/20230730_081651-400x300.jpg 400w, https:\/\/wettbewerb-archiv.wir-tun-was-fuer-bienen.de\/archiv-2023\/wp-content\/uploads\/sites\/8\/2023\/07\/20230730_081651-768x576.jpg 768w, https:\/\/wettbewerb-archiv.wir-tun-was-fuer-bienen.de\/archiv-2023\/wp-content\/uploads\/sites\/8\/2023\/07\/20230730_081651-1024x768.jpg 1024w, https:\/\/wettbewerb-archiv.wir-tun-was-fuer-bienen.de\/archiv-2023\/wp-content\/uploads\/sites\/8\/2023\/07\/20230730_081651.jpg 1920w\" sizes=\"(max-width: 400px) 100vw, 400px\" \/>                    <\/div>\n    <\/a>\n\n    \n\n    <div class=\"user flex\">\n        \n                    <img decoding=\"async\" src=\"https:\/\/wettbewerb-archiv.wir-tun-was-fuer-bienen.de\/archiv-2023\/wp-content\/themes\/bienen\/assets\/images\/avatar-placeholder.png\" style=\"border-radius: 30px;\" height=\"30\" width=\"30\">\n            Naturgarten Grit Ritzel            <\/div>\n    \n    \n            <p class=\"categories meta\" style=\"width: 100%\"><span class=\"fa fa-tag\"\n                                                             aria-hidden=\"true\"><\/span> Privatg\u00e4rten klein (bis 500 m2)        <\/p>\n    \n            <p class=\"categories meta\" style=\"width: 100%\"><span class=\"fa fa-map-marker\"\n                                                             aria-hidden=\"true\"><\/span> Brandenburg        <\/p>\n    \n<\/article>\n   \n\t\t\n          <article id=\"post-111063\" class=\"et_pb_post post-111063 wtwfb_entry type-wtwfb_entry status-publish has-post-thumbnail hentry wtwfb_category-privatgaerten-klein-500-m2 wtwfb_region-saarland\">\n    <h2 class=\"entry-title\"><a href=\"https:\/\/wettbewerb-archiv.wir-tun-was-fuer-bienen.de\/archiv-2023\/eintrag\/2023-das-kraterbeet\/\">Das Kraterbeet<\/a>\n    <\/h2>\n    <a href=\"https:\/\/wettbewerb-archiv.wir-tun-was-fuer-bienen.de\/archiv-2023\/eintrag\/2023-das-kraterbeet\/\">\n        <div class=\"bienen-entry-image\">\n            <img decoding=\"async\" width=\"400\" height=\"300\" src=\"https:\/\/wettbewerb-archiv.wir-tun-was-fuer-bienen.de\/archiv-2023\/wp-content\/uploads\/sites\/8\/2023\/07\/d56f2a5e-5d46-4c05-b2e0-7dcbb2387159-1-400x300.jpeg\" class=\"attachment-bienen-grid-thumb size-bienen-grid-thumb wp-post-image\" alt=\"\" loading=\"lazy\" srcset=\"https:\/\/wettbewerb-archiv.wir-tun-was-fuer-bienen.de\/archiv-2023\/wp-content\/uploads\/sites\/8\/2023\/07\/d56f2a5e-5d46-4c05-b2e0-7dcbb2387159-1-400x300.jpeg 400w, https:\/\/wettbewerb-archiv.wir-tun-was-fuer-bienen.de\/archiv-2023\/wp-content\/uploads\/sites\/8\/2023\/07\/d56f2a5e-5d46-4c05-b2e0-7dcbb2387159-1-768x576.jpeg 768w, https:\/\/wettbewerb-archiv.wir-tun-was-fuer-bienen.de\/archiv-2023\/wp-content\/uploads\/sites\/8\/2023\/07\/d56f2a5e-5d46-4c05-b2e0-7dcbb2387159-1-1024x768.jpeg 1024w, https:\/\/wettbewerb-archiv.wir-tun-was-fuer-bienen.de\/archiv-2023\/wp-content\/uploads\/sites\/8\/2023\/07\/d56f2a5e-5d46-4c05-b2e0-7dcbb2387159-1.jpeg 1600w\" sizes=\"(max-width: 400px) 100vw, 400px\" \/>                    <\/div>\n    <\/a>\n\n    \n\n    <div class=\"user flex\">\n        \n                    <img decoding=\"async\" src=\"https:\/\/wettbewerb-archiv.wir-tun-was-fuer-bienen.de\/archiv-2023\/wp-content\/themes\/bienen\/assets\/images\/avatar-placeholder.png\" style=\"border-radius: 30px;\" height=\"30\" width=\"30\">\n            Gertrud\u2018s Gartendurcheinander            <\/div>\n    \n    \n            <p class=\"categories meta\" style=\"width: 100%\"><span class=\"fa fa-tag\"\n                                                             aria-hidden=\"true\"><\/span> Privatg\u00e4rten klein (bis 500 m2)        <\/p>\n    \n            <p class=\"categories meta\" style=\"width: 100%\"><span class=\"fa fa-map-marker\"\n                                                             aria-hidden=\"true\"><\/span> Saarland        <\/p>\n    \n<\/article>\n   \n\t\t\n          <article id=\"post-110692\" class=\"et_pb_post post-110692 wtwfb_entry type-wtwfb_entry status-publish has-post-thumbnail hentry wtwfb_category-privatgaerten-klein-500-m2 wtwfb_region-mecklenburg-vorpommern\">\n    <h2 class=\"entry-title\"><a href=\"https:\/\/wettbewerb-archiv.wir-tun-was-fuer-bienen.de\/archiv-2023\/eintrag\/2023-bauerngarten-nb\/\">Bauerngarten NB.<\/a>\n    <\/h2>\n    <a href=\"https:\/\/wettbewerb-archiv.wir-tun-was-fuer-bienen.de\/archiv-2023\/eintrag\/2023-bauerngarten-nb\/\">\n        <div class=\"bienen-entry-image\">\n            <img decoding=\"async\" width=\"400\" height=\"300\" src=\"https:\/\/wettbewerb-archiv.wir-tun-was-fuer-bienen.de\/archiv-2023\/wp-content\/uploads\/sites\/8\/2023\/07\/inbound7287434058356050305-400x300.jpg\" class=\"attachment-bienen-grid-thumb size-bienen-grid-thumb wp-post-image\" alt=\"\" loading=\"lazy\" srcset=\"https:\/\/wettbewerb-archiv.wir-tun-was-fuer-bienen.de\/archiv-2023\/wp-content\/uploads\/sites\/8\/2023\/07\/inbound7287434058356050305-400x300.jpg 400w, https:\/\/wettbewerb-archiv.wir-tun-was-fuer-bienen.de\/archiv-2023\/wp-content\/uploads\/sites\/8\/2023\/07\/inbound7287434058356050305-768x576.jpg 768w, https:\/\/wettbewerb-archiv.wir-tun-was-fuer-bienen.de\/archiv-2023\/wp-content\/uploads\/sites\/8\/2023\/07\/inbound7287434058356050305-1024x768.jpg 1024w, https:\/\/wettbewerb-archiv.wir-tun-was-fuer-bienen.de\/archiv-2023\/wp-content\/uploads\/sites\/8\/2023\/07\/inbound7287434058356050305.jpg 1920w\" sizes=\"(max-width: 400px) 100vw, 400px\" \/>                    <\/div>\n    <\/a>\n\n    \n\n    <div class=\"user flex\">\n        \n                    <img decoding=\"async\" src=\"https:\/\/wettbewerb-archiv.wir-tun-was-fuer-bienen.de\/archiv-2023\/wp-content\/themes\/bienen\/assets\/images\/avatar-placeholder.png\" style=\"border-radius: 30px;\" height=\"30\" width=\"30\">\n            Bauerngarten NB.            <\/div>\n    \n    \n            <p class=\"categories meta\" style=\"width: 100%\"><span class=\"fa fa-tag\"\n                                                             aria-hidden=\"true\"><\/span> Privatg\u00e4rten klein (bis 500 m2)        <\/p>\n    \n            <p class=\"categories meta\" style=\"width: 100%\"><span class=\"fa fa-map-marker\"\n                                                             aria-hidden=\"true\"><\/span> Mecklenburg-Vorpommern        <\/p>\n    \n<\/article>\n   \n\t\t\n          <article id=\"post-110463\" class=\"et_pb_post post-110463 wtwfb_entry type-wtwfb_entry status-publish has-post-thumbnail hentry wtwfb_category-privatgaerten-klein-500-m2 wtwfb_region-nordrhein-westfalen\">\n    <h2 class=\"entry-title\"><a href=\"https:\/\/wettbewerb-archiv.wir-tun-was-fuer-bienen.de\/archiv-2023\/eintrag\/2023-hortus-passerrum-rheni-inferioris-der-niederrheinische-garten-der-spatzen\/\">Hortus Passerrum Rheni Inferioris &#8211; der Niederrhe...<\/a>\n    <\/h2>\n    <a href=\"https:\/\/wettbewerb-archiv.wir-tun-was-fuer-bienen.de\/archiv-2023\/eintrag\/2023-hortus-passerrum-rheni-inferioris-der-niederrheinische-garten-der-spatzen\/\">\n        <div class=\"bienen-entry-image\">\n            <img decoding=\"async\" width=\"400\" height=\"300\" src=\"https:\/\/wettbewerb-archiv.wir-tun-was-fuer-bienen.de\/archiv-2023\/wp-content\/uploads\/sites\/8\/2023\/07\/Titel-2023-Kopie-400x300.jpg\" class=\"attachment-bienen-grid-thumb size-bienen-grid-thumb wp-post-image\" alt=\"\" loading=\"lazy\" \/>                    <\/div>\n    <\/a>\n\n    \n\n    <div class=\"user flex\">\n        \n                    <img decoding=\"async\" src=\"https:\/\/wettbewerb-archiv.wir-tun-was-fuer-bienen.de\/archiv-2023\/wp-content\/themes\/bienen\/assets\/images\/avatar-placeholder.png\" style=\"border-radius: 30px;\" height=\"30\" width=\"30\">\n            Hortus Passerrum Rheni Inferioris            <\/div>\n    \n    <p class=\"categories meta bienen-gewinner\"><span class=\"fa fa-trophy\"                                                              aria-hidden=\"true\"><\/span> Gewinner<\/p>\n            <p class=\"categories meta\" style=\"width: 100%\"><span class=\"fa fa-tag\"\n                                                             aria-hidden=\"true\"><\/span> Privatg\u00e4rten klein (bis 500 m2)        <\/p>\n    \n            <p class=\"categories meta\" style=\"width: 100%\"><span class=\"fa fa-map-marker\"\n                                                             aria-hidden=\"true\"><\/span> Nordrhein-Westfalen        <\/p>\n    \n<\/article>\n   \n\t\t\n          <article id=\"post-110339\" class=\"et_pb_post post-110339 wtwfb_entry type-wtwfb_entry status-publish has-post-thumbnail hentry wtwfb_category-privatgaerten-klein-500-m2 wtwfb_region-niedersachsen\">\n    <h2 class=\"entry-title\"><a href=\"https:\/\/wettbewerb-archiv.wir-tun-was-fuer-bienen.de\/archiv-2023\/eintrag\/2023-ein-traumgarten-auf-einer-nordseeinsel\/\">Ein Traumgarten auf einer Nordseeinsel<\/a>\n    <\/h2>\n    <a href=\"https:\/\/wettbewerb-archiv.wir-tun-was-fuer-bienen.de\/archiv-2023\/eintrag\/2023-ein-traumgarten-auf-einer-nordseeinsel\/\">\n        <div class=\"bienen-entry-image\">\n            <img decoding=\"async\" width=\"400\" height=\"300\" src=\"https:\/\/wettbewerb-archiv.wir-tun-was-fuer-bienen.de\/archiv-2023\/wp-content\/uploads\/sites\/8\/2023\/07\/vlcsnap-2023-07-28-18h43m11s156-400x300.jpg\" class=\"attachment-bienen-grid-thumb size-bienen-grid-thumb wp-post-image\" alt=\"\" loading=\"lazy\" \/>                    <\/div>\n    <\/a>\n\n    \n\n    <div class=\"user flex\">\n        \n                    <img decoding=\"async\" src=\"https:\/\/wettbewerb-archiv.wir-tun-was-fuer-bienen.de\/archiv-2023\/wp-content\/themes\/bienen\/assets\/images\/avatar-placeholder.png\" style=\"border-radius: 30px;\" height=\"30\" width=\"30\">\n            S\u00fcderloog auf Langeoog            <\/div>\n    \n    \n            <p class=\"categories meta\" style=\"width: 100%\"><span class=\"fa fa-tag\"\n                                                             aria-hidden=\"true\"><\/span> Privatg\u00e4rten klein (bis 500 m2)        <\/p>\n    \n            <p class=\"categories meta\" style=\"width: 100%\"><span class=\"fa fa-map-marker\"\n                                                             aria-hidden=\"true\"><\/span> Niedersachsen        <\/p>\n    \n<\/article>\n   \n\t\t\n          <article id=\"post-108909\" class=\"et_pb_post post-108909 wtwfb_entry type-wtwfb_entry status-publish has-post-thumbnail hentry wtwfb_category-privatgaerten-klein-500-m2 wtwfb_region-hessen\">\n    <h2 class=\"entry-title\"><a href=\"https:\/\/wettbewerb-archiv.wir-tun-was-fuer-bienen.de\/archiv-2023\/eintrag\/2023-insektenparadies\/\">Ein Insektenparadies entsteht&#8230;<\/a>\n    <\/h2>\n    <a href=\"https:\/\/wettbewerb-archiv.wir-tun-was-fuer-bienen.de\/archiv-2023\/eintrag\/2023-insektenparadies\/\">\n        <div class=\"bienen-entry-image\">\n            <img decoding=\"async\" width=\"400\" height=\"300\" src=\"https:\/\/wettbewerb-archiv.wir-tun-was-fuer-bienen.de\/archiv-2023\/wp-content\/uploads\/sites\/8\/2023\/07\/20230601_161828-400x300.jpg\" class=\"attachment-bienen-grid-thumb size-bienen-grid-thumb wp-post-image\" alt=\"\" loading=\"lazy\" \/>                    <\/div>\n    <\/a>\n\n    \n\n    <div class=\"user flex\">\n        \n                    <img decoding=\"async\" src=\"https:\/\/wettbewerb-archiv.wir-tun-was-fuer-bienen.de\/archiv-2023\/wp-content\/themes\/bienen\/assets\/images\/avatar-placeholder.png\" style=\"border-radius: 30px;\" height=\"30\" width=\"30\">\n            Lookintomygarden            <\/div>\n    \n    <p class=\"categories meta bienen-gewinner\"><span class=\"fa fa-trophy\"                                                              aria-hidden=\"true\"><\/span> Gewinner<\/p>\n            <p class=\"categories meta\" style=\"width: 100%\"><span class=\"fa fa-tag\"\n                                                             aria-hidden=\"true\"><\/span> Privatg\u00e4rten klein (bis 500 m2)        <\/p>\n    \n            <p class=\"categories meta\" style=\"width: 100%\"><span class=\"fa fa-map-marker\"\n                                                             aria-hidden=\"true\"><\/span> Hessen        <\/p>\n    \n<\/article>\n   \n\t\t\n          <article id=\"post-108784\" class=\"et_pb_post post-108784 wtwfb_entry type-wtwfb_entry status-publish has-post-thumbnail hentry wtwfb_category-privatgaerten-klein-500-m2 wtwfb_region-nordrhein-westfalen\">\n    <h2 class=\"entry-title\"><a href=\"https:\/\/wettbewerb-archiv.wir-tun-was-fuer-bienen.de\/archiv-2023\/eintrag\/2023-arnie-der-sonnenkoenig-der-sommer-selbst-komponiertes-lied-ueber-die-emotionalen-gefuehle-des-sommers\/\">Arnie-Der-Sonnenk\u00f6nig \/ Der Sommer (selbst komponierte...<\/a>\n    <\/h2>\n    <a href=\"https:\/\/wettbewerb-archiv.wir-tun-was-fuer-bienen.de\/archiv-2023\/eintrag\/2023-arnie-der-sonnenkoenig-der-sommer-selbst-komponiertes-lied-ueber-die-emotionalen-gefuehle-des-sommers\/\">\n        <div class=\"bienen-entry-image\">\n            <img decoding=\"async\" width=\"400\" height=\"300\" src=\"https:\/\/wettbewerb-archiv.wir-tun-was-fuer-bienen.de\/archiv-2023\/wp-content\/uploads\/sites\/8\/2023\/07\/Arnie-Der-SonnwnkoenigArnie-Sprenger_im-Garten_Foto-A.Sprenger-400x300.jpg\" class=\"attachment-bienen-grid-thumb size-bienen-grid-thumb wp-post-image\" alt=\"\" loading=\"lazy\" \/>                    <\/div>\n    <\/a>\n\n    \n\n    <div class=\"user flex\">\n        \n                    <img decoding=\"async\" src=\"https:\/\/wettbewerb-archiv.wir-tun-was-fuer-bienen.de\/archiv-2023\/wp-content\/themes\/bienen\/assets\/images\/avatar-placeholder.png\" style=\"border-radius: 30px;\" height=\"30\" width=\"30\">\n            Arnie-Der-Sonnenk\u00f6nig            <\/div>\n            <p class=\"categories meta\" style=\"color: #c32731; font-weight: bold; width: 100%\"><span class=\"fa fa-music\"\n                                                                                                aria-hidden=\"true\"><\/span> Extrapreis Musik\n            f\u00fcr Bienenschutz\n        <\/p>\n    \n    \n            <p class=\"categories meta\" style=\"width: 100%\"><span class=\"fa fa-tag\"\n                                                             aria-hidden=\"true\"><\/span> Privatg\u00e4rten klein (bis 500 m2)        <\/p>\n    \n            <p class=\"categories meta\" style=\"width: 100%\"><span class=\"fa fa-map-marker\"\n                                                             aria-hidden=\"true\"><\/span> Nordrhein-Westfalen        <\/p>\n    \n<\/article>\n   \n\t\t\n          <article id=\"post-108382\" class=\"et_pb_post post-108382 wtwfb_entry type-wtwfb_entry status-publish has-post-thumbnail hentry wtwfb_category-privatgaerten-klein-500-m2 wtwfb_region-hessen\">\n    <h2 class=\"entry-title\"><a href=\"https:\/\/wettbewerb-archiv.wir-tun-was-fuer-bienen.de\/archiv-2023\/eintrag\/2023-garten-fuer-faule\/\">Garten f\u00fcr Faule !?<\/a>\n    <\/h2>\n    <a href=\"https:\/\/wettbewerb-archiv.wir-tun-was-fuer-bienen.de\/archiv-2023\/eintrag\/2023-garten-fuer-faule\/\">\n        <div class=\"bienen-entry-image\">\n            <img decoding=\"async\" width=\"400\" height=\"300\" src=\"https:\/\/wettbewerb-archiv.wir-tun-was-fuer-bienen.de\/archiv-2023\/wp-content\/uploads\/sites\/8\/2023\/07\/20230719_214451_054834-400x300.jpg\" class=\"attachment-bienen-grid-thumb size-bienen-grid-thumb wp-post-image\" alt=\"\" loading=\"lazy\" \/>                    <\/div>\n    <\/a>\n\n    \n\n    <div class=\"user flex\">\n        \n                    <img decoding=\"async\" src=\"https:\/\/wettbewerb-archiv.wir-tun-was-fuer-bienen.de\/archiv-2023\/wp-content\/themes\/bienen\/assets\/images\/avatar-placeholder.png\" style=\"border-radius: 30px;\" height=\"30\" width=\"30\">\n            Gartenprobinsa            <\/div>\n    \n    \n            <p class=\"categories meta\" style=\"width: 100%\"><span class=\"fa fa-tag\"\n                                                             aria-hidden=\"true\"><\/span> Privatg\u00e4rten klein (bis 500 m2)        <\/p>\n    \n            <p class=\"categories meta\" style=\"width: 100%\"><span class=\"fa fa-map-marker\"\n                                                             aria-hidden=\"true\"><\/span> Hessen        <\/p>\n    \n<\/article>\n   \n\t\t\n          <article id=\"post-107402\" class=\"et_pb_post post-107402 wtwfb_entry type-wtwfb_entry status-publish has-post-thumbnail hentry wtwfb_category-privatgaerten-klein-500-m2 wtwfb_region-niedersachsen\">\n    <h2 class=\"entry-title\"><a href=\"https:\/\/wettbewerb-archiv.wir-tun-was-fuer-bienen.de\/archiv-2023\/eintrag\/2023-kleiner-chaosgarten\/\">Kleiner Chaosgarten<\/a>\n    <\/h2>\n    <a href=\"https:\/\/wettbewerb-archiv.wir-tun-was-fuer-bienen.de\/archiv-2023\/eintrag\/2023-kleiner-chaosgarten\/\">\n        <div class=\"bienen-entry-image\">\n            <img decoding=\"async\" width=\"400\" height=\"300\" src=\"https:\/\/wettbewerb-archiv.wir-tun-was-fuer-bienen.de\/archiv-2023\/wp-content\/uploads\/sites\/8\/2023\/07\/IMG_0309-400x300.jpeg\" class=\"attachment-bienen-grid-thumb size-bienen-grid-thumb wp-post-image\" alt=\"\" loading=\"lazy\" \/>                    <\/div>\n    <\/a>\n\n    \n\n    <div class=\"user flex\">\n        \n                    <img decoding=\"async\" src=\"https:\/\/wettbewerb-archiv.wir-tun-was-fuer-bienen.de\/archiv-2023\/wp-content\/themes\/bienen\/assets\/images\/avatar-placeholder.png\" style=\"border-radius: 30px;\" height=\"30\" width=\"30\">\n            Kleiner Chaosgarten            <\/div>\n    \n    \n            <p class=\"categories meta\" style=\"width: 100%\"><span class=\"fa fa-tag\"\n                                                             aria-hidden=\"true\"><\/span> Privatg\u00e4rten klein (bis 500 m2)        <\/p>\n    \n            <p class=\"categories meta\" style=\"width: 100%\"><span class=\"fa fa-map-marker\"\n                                                             aria-hidden=\"true\"><\/span> Niedersachsen        <\/p>\n    \n<\/article>\n   \n\t\t\n          <article id=\"post-106798\" class=\"et_pb_post post-106798 wtwfb_entry type-wtwfb_entry status-publish has-post-thumbnail hentry wtwfb_category-privatgaerten-klein-500-m2 wtwfb_region-baden-wuerttemberg\">\n    <h2 class=\"entry-title\"><a href=\"https:\/\/wettbewerb-archiv.wir-tun-was-fuer-bienen.de\/archiv-2023\/eintrag\/2023-das-alte-grabsteinlager\/\">Das Grabsteinlager &#8222;bei der alten Schleifh\u00fctt&#8220;<\/a>\n    <\/h2>\n    <a href=\"https:\/\/wettbewerb-archiv.wir-tun-was-fuer-bienen.de\/archiv-2023\/eintrag\/2023-das-alte-grabsteinlager\/\">\n        <div class=\"bienen-entry-image\">\n            <img decoding=\"async\" width=\"400\" height=\"300\" src=\"https:\/\/wettbewerb-archiv.wir-tun-was-fuer-bienen.de\/archiv-2023\/wp-content\/uploads\/sites\/8\/2023\/07\/8-2-400x300.jpg\" class=\"attachment-bienen-grid-thumb size-bienen-grid-thumb wp-post-image\" alt=\"\" loading=\"lazy\" \/>                    <\/div>\n    <\/a>\n\n    \n\n    <div class=\"user flex\">\n        \n                    <img decoding=\"async\" src=\"https:\/\/wettbewerb-archiv.wir-tun-was-fuer-bienen.de\/archiv-2023\/wp-content\/themes\/bienen\/assets\/images\/avatar-placeholder.png\" style=\"border-radius: 30px;\" height=\"30\" width=\"30\">\n            Familie Faa\u00df            <\/div>\n    \n    <p class=\"categories meta bienen-gewinner\"><span class=\"fa fa-trophy\"                                                              aria-hidden=\"true\"><\/span> Gewinner<\/p>\n            <p class=\"categories meta\" style=\"width: 100%\"><span class=\"fa fa-tag\"\n                                                             aria-hidden=\"true\"><\/span> Privatg\u00e4rten klein (bis 500 m2)        <\/p>\n    \n            <p class=\"categories meta\" style=\"width: 100%\"><span class=\"fa fa-map-marker\"\n                                                             aria-hidden=\"true\"><\/span> Baden-W\u00fcrttemberg        <\/p>\n    \n<\/article>\n   \n\t\t\n          <article id=\"post-106560\" class=\"et_pb_post post-106560 wtwfb_entry type-wtwfb_entry status-publish has-post-thumbnail hentry wtwfb_category-privatgaerten-klein-500-m2 wtwfb_region-nordrhein-westfalen\">\n    <h2 class=\"entry-title\"><a href=\"https:\/\/wettbewerb-archiv.wir-tun-was-fuer-bienen.de\/archiv-2023\/eintrag\/2023-bienenfreundlicher-vorgarten\/\">Bienenfreundlicher Vorgarten!<\/a>\n    <\/h2>\n    <a href=\"https:\/\/wettbewerb-archiv.wir-tun-was-fuer-bienen.de\/archiv-2023\/eintrag\/2023-bienenfreundlicher-vorgarten\/\">\n        <div class=\"bienen-entry-image\">\n            <img decoding=\"async\" width=\"400\" height=\"300\" src=\"https:\/\/wettbewerb-archiv.wir-tun-was-fuer-bienen.de\/archiv-2023\/wp-content\/uploads\/sites\/8\/2023\/07\/IMG_20230610_122331-400x300.jpg\" class=\"attachment-bienen-grid-thumb size-bienen-grid-thumb wp-post-image\" alt=\"\" loading=\"lazy\" srcset=\"https:\/\/wettbewerb-archiv.wir-tun-was-fuer-bienen.de\/archiv-2023\/wp-content\/uploads\/sites\/8\/2023\/07\/IMG_20230610_122331-400x300.jpg 400w, https:\/\/wettbewerb-archiv.wir-tun-was-fuer-bienen.de\/archiv-2023\/wp-content\/uploads\/sites\/8\/2023\/07\/IMG_20230610_122331-768x577.jpg 768w, https:\/\/wettbewerb-archiv.wir-tun-was-fuer-bienen.de\/archiv-2023\/wp-content\/uploads\/sites\/8\/2023\/07\/IMG_20230610_122331-1024x769.jpg 1024w, https:\/\/wettbewerb-archiv.wir-tun-was-fuer-bienen.de\/archiv-2023\/wp-content\/uploads\/sites\/8\/2023\/07\/IMG_20230610_122331.jpg 1920w\" sizes=\"(max-width: 400px) 100vw, 400px\" \/>                    <\/div>\n    <\/a>\n\n    \n\n    <div class=\"user flex\">\n        \n                    <img decoding=\"async\" src=\"https:\/\/wettbewerb-archiv.wir-tun-was-fuer-bienen.de\/archiv-2023\/wp-content\/themes\/bienen\/assets\/images\/avatar-placeholder.png\" style=\"border-radius: 30px;\" height=\"30\" width=\"30\">\n            Familie Harker            <\/div>\n    \n    \n            <p class=\"categories meta\" style=\"width: 100%\"><span class=\"fa fa-tag\"\n                                                             aria-hidden=\"true\"><\/span> Privatg\u00e4rten klein (bis 500 m2)        <\/p>\n    \n            <p class=\"categories meta\" style=\"width: 100%\"><span class=\"fa fa-map-marker\"\n                                                             aria-hidden=\"true\"><\/span> Nordrhein-Westfalen        <\/p>\n    \n<\/article>\n   \n\t\t\n          <article id=\"post-104704\" class=\"et_pb_post post-104704 wtwfb_entry type-wtwfb_entry status-publish has-post-thumbnail hentry wtwfb_category-privatgaerten-klein-500-m2 wtwfb_region-hessen\">\n    <h2 class=\"entry-title\"><a href=\"https:\/\/wettbewerb-archiv.wir-tun-was-fuer-bienen.de\/archiv-2023\/eintrag\/2023-mit-den-hummeln-bummeln-insektenparadies-im-vorgarten\/\">Mit den Hummeln bummeln &#8211; Insektenparadies im Vorgarten<\/a>\n    <\/h2>\n    <a href=\"https:\/\/wettbewerb-archiv.wir-tun-was-fuer-bienen.de\/archiv-2023\/eintrag\/2023-mit-den-hummeln-bummeln-insektenparadies-im-vorgarten\/\">\n        <div class=\"bienen-entry-image\">\n            <img decoding=\"async\" width=\"400\" height=\"300\" src=\"https:\/\/wettbewerb-archiv.wir-tun-was-fuer-bienen.de\/archiv-2023\/wp-content\/uploads\/sites\/8\/2023\/07\/Deutschland-summt-Gudruns-Paolas-Insektenparadies-21.07.2023-30-400x300.jpg\" class=\"attachment-bienen-grid-thumb size-bienen-grid-thumb wp-post-image\" alt=\"\" loading=\"lazy\" srcset=\"https:\/\/wettbewerb-archiv.wir-tun-was-fuer-bienen.de\/archiv-2023\/wp-content\/uploads\/sites\/8\/2023\/07\/Deutschland-summt-Gudruns-Paolas-Insektenparadies-21.07.2023-30-400x300.jpg 400w, https:\/\/wettbewerb-archiv.wir-tun-was-fuer-bienen.de\/archiv-2023\/wp-content\/uploads\/sites\/8\/2023\/07\/Deutschland-summt-Gudruns-Paolas-Insektenparadies-21.07.2023-30-768x576.jpg 768w, https:\/\/wettbewerb-archiv.wir-tun-was-fuer-bienen.de\/archiv-2023\/wp-content\/uploads\/sites\/8\/2023\/07\/Deutschland-summt-Gudruns-Paolas-Insektenparadies-21.07.2023-30-1024x768.jpg 1024w, https:\/\/wettbewerb-archiv.wir-tun-was-fuer-bienen.de\/archiv-2023\/wp-content\/uploads\/sites\/8\/2023\/07\/Deutschland-summt-Gudruns-Paolas-Insektenparadies-21.07.2023-30.jpg 1920w\" sizes=\"(max-width: 400px) 100vw, 400px\" \/>                    <\/div>\n    <\/a>\n\n    \n\n    <div class=\"user flex\">\n        \n                    <img decoding=\"async\" src=\"https:\/\/wettbewerb-archiv.wir-tun-was-fuer-bienen.de\/archiv-2023\/wp-content\/themes\/bienen\/assets\/images\/avatar-placeholder.png\" style=\"border-radius: 30px;\" height=\"30\" width=\"30\">\n            Gudrun und Paola Fuchs            <\/div>\n    \n    \n            <p class=\"categories meta\" style=\"width: 100%\"><span class=\"fa fa-tag\"\n                                                             aria-hidden=\"true\"><\/span> Privatg\u00e4rten klein (bis 500 m2)        <\/p>\n    \n            <p class=\"categories meta\" style=\"width: 100%\"><span class=\"fa fa-map-marker\"\n                                                             aria-hidden=\"true\"><\/span> Hessen        <\/p>\n    \n<\/article>\n   \n\t\t\n          <article id=\"post-103705\" class=\"et_pb_post post-103705 wtwfb_entry type-wtwfb_entry status-publish has-post-thumbnail hentry wtwfb_category-privatgaerten-klein-500-m2 wtwfb_region-niedersachsen\">\n    <h2 class=\"entry-title\"><a href=\"https:\/\/wettbewerb-archiv.wir-tun-was-fuer-bienen.de\/archiv-2023\/eintrag\/2023-pauls-wildblumenvorgarten\/\">Paul&#8217;s WildBlumenVorgarten<\/a>\n    <\/h2>\n    <a href=\"https:\/\/wettbewerb-archiv.wir-tun-was-fuer-bienen.de\/archiv-2023\/eintrag\/2023-pauls-wildblumenvorgarten\/\">\n        <div class=\"bienen-entry-image\">\n            <img decoding=\"async\" width=\"400\" height=\"300\" src=\"https:\/\/wettbewerb-archiv.wir-tun-was-fuer-bienen.de\/archiv-2023\/wp-content\/uploads\/sites\/8\/2023\/07\/FB_IMG_1689698796948-400x300.jpg\" class=\"attachment-bienen-grid-thumb size-bienen-grid-thumb wp-post-image\" alt=\"\" loading=\"lazy\" srcset=\"https:\/\/wettbewerb-archiv.wir-tun-was-fuer-bienen.de\/archiv-2023\/wp-content\/uploads\/sites\/8\/2023\/07\/FB_IMG_1689698796948-400x300.jpg 400w, https:\/\/wettbewerb-archiv.wir-tun-was-fuer-bienen.de\/archiv-2023\/wp-content\/uploads\/sites\/8\/2023\/07\/FB_IMG_1689698796948-768x576.jpg 768w, https:\/\/wettbewerb-archiv.wir-tun-was-fuer-bienen.de\/archiv-2023\/wp-content\/uploads\/sites\/8\/2023\/07\/FB_IMG_1689698796948-1024x768.jpg 1024w, https:\/\/wettbewerb-archiv.wir-tun-was-fuer-bienen.de\/archiv-2023\/wp-content\/uploads\/sites\/8\/2023\/07\/FB_IMG_1689698796948.jpg 1080w\" sizes=\"(max-width: 400px) 100vw, 400px\" \/>                    <\/div>\n    <\/a>\n\n    \n\n    <div class=\"user flex\">\n        \n                    <img decoding=\"async\" src=\"https:\/\/wettbewerb-archiv.wir-tun-was-fuer-bienen.de\/archiv-2023\/wp-content\/themes\/bienen\/assets\/images\/avatar-placeholder.png\" style=\"border-radius: 30px;\" height=\"30\" width=\"30\">\n            Paul's Garten\u2661Zoo            <\/div>\n    \n    \n            <p class=\"categories meta\" style=\"width: 100%\"><span class=\"fa fa-tag\"\n                                                             aria-hidden=\"true\"><\/span> Privatg\u00e4rten klein (bis 500 m2)        <\/p>\n    \n            <p class=\"categories meta\" style=\"width: 100%\"><span class=\"fa fa-map-marker\"\n                                                             aria-hidden=\"true\"><\/span> Niedersachsen        <\/p>\n    \n<\/article>\n   \n\t\t\n          <article id=\"post-101406\" class=\"et_pb_post post-101406 wtwfb_entry type-wtwfb_entry status-publish has-post-thumbnail hentry wtwfb_category-privatgaerten-klein-500-m2 wtwfb_region-niedersachsen\">\n    <h2 class=\"entry-title\"><a href=\"https:\/\/wettbewerb-archiv.wir-tun-was-fuer-bienen.de\/archiv-2023\/eintrag\/2023-insektenfreundliche-alternative-zu-rollrasen-im-mietshaus\/\">Insektenfreundliche Alternative zu Rollrasen &#8211; im...<\/a>\n    <\/h2>\n    <a href=\"https:\/\/wettbewerb-archiv.wir-tun-was-fuer-bienen.de\/archiv-2023\/eintrag\/2023-insektenfreundliche-alternative-zu-rollrasen-im-mietshaus\/\">\n        <div class=\"bienen-entry-image\">\n            <img decoding=\"async\" width=\"400\" height=\"300\" src=\"https:\/\/wettbewerb-archiv.wir-tun-was-fuer-bienen.de\/archiv-2023\/wp-content\/uploads\/sites\/8\/2023\/07\/IMG_20230523_085727_HDR-400x300.jpg\" class=\"attachment-bienen-grid-thumb size-bienen-grid-thumb wp-post-image\" alt=\"\" loading=\"lazy\" srcset=\"https:\/\/wettbewerb-archiv.wir-tun-was-fuer-bienen.de\/archiv-2023\/wp-content\/uploads\/sites\/8\/2023\/07\/IMG_20230523_085727_HDR-400x300.jpg 400w, https:\/\/wettbewerb-archiv.wir-tun-was-fuer-bienen.de\/archiv-2023\/wp-content\/uploads\/sites\/8\/2023\/07\/IMG_20230523_085727_HDR-768x576.jpg 768w, https:\/\/wettbewerb-archiv.wir-tun-was-fuer-bienen.de\/archiv-2023\/wp-content\/uploads\/sites\/8\/2023\/07\/IMG_20230523_085727_HDR-1024x768.jpg 1024w, https:\/\/wettbewerb-archiv.wir-tun-was-fuer-bienen.de\/archiv-2023\/wp-content\/uploads\/sites\/8\/2023\/07\/IMG_20230523_085727_HDR.jpg 1920w\" sizes=\"(max-width: 400px) 100vw, 400px\" \/>                    <\/div>\n    <\/a>\n\n    \n\n    <div class=\"user flex\">\n        \n                    <img decoding=\"async\" src=\"https:\/\/wettbewerb-archiv.wir-tun-was-fuer-bienen.de\/archiv-2023\/wp-content\/themes\/bienen\/assets\/images\/avatar-placeholder.png\" style=\"border-radius: 30px;\" height=\"30\" width=\"30\">\n            Insektenfreundlich statt Rollrasen            <\/div>\n    \n    <p class=\"categories meta bienen-gewinner\"><span class=\"fa fa-trophy\"                                                              aria-hidden=\"true\"><\/span> Gewinner<\/p>\n            <p class=\"categories meta\" style=\"width: 100%\"><span class=\"fa fa-tag\"\n                                                             aria-hidden=\"true\"><\/span> Privatg\u00e4rten klein (bis 500 m2)        <\/p>\n    \n            <p class=\"categories meta\" style=\"width: 100%\"><span class=\"fa fa-map-marker\"\n                                                             aria-hidden=\"true\"><\/span> Niedersachsen        <\/p>\n    \n<\/article>\n   \n\t\t\n          <article id=\"post-100912\" class=\"et_pb_post post-100912 wtwfb_entry type-wtwfb_entry status-publish has-post-thumbnail hentry wtwfb_category-privatgaerten-klein-500-m2 wtwfb_region-baden-wuerttemberg\">\n    <h2 class=\"entry-title\"><a href=\"https:\/\/wettbewerb-archiv.wir-tun-was-fuer-bienen.de\/archiv-2023\/eintrag\/2023-florines-garten\/\">Florines Garten<\/a>\n    <\/h2>\n    <a href=\"https:\/\/wettbewerb-archiv.wir-tun-was-fuer-bienen.de\/archiv-2023\/eintrag\/2023-florines-garten\/\">\n        <div class=\"bienen-entry-image\">\n            <img decoding=\"async\" width=\"400\" height=\"300\" src=\"https:\/\/wettbewerb-archiv.wir-tun-was-fuer-bienen.de\/archiv-2023\/wp-content\/uploads\/sites\/8\/2023\/07\/IMG_2301-400x300.jpeg\" class=\"attachment-bienen-grid-thumb size-bienen-grid-thumb wp-post-image\" alt=\"\" loading=\"lazy\" srcset=\"https:\/\/wettbewerb-archiv.wir-tun-was-fuer-bienen.de\/archiv-2023\/wp-content\/uploads\/sites\/8\/2023\/07\/IMG_2301-400x300.jpeg 400w, https:\/\/wettbewerb-archiv.wir-tun-was-fuer-bienen.de\/archiv-2023\/wp-content\/uploads\/sites\/8\/2023\/07\/IMG_2301-768x576.jpeg 768w, https:\/\/wettbewerb-archiv.wir-tun-was-fuer-bienen.de\/archiv-2023\/wp-content\/uploads\/sites\/8\/2023\/07\/IMG_2301-1024x768.jpeg 1024w, https:\/\/wettbewerb-archiv.wir-tun-was-fuer-bienen.de\/archiv-2023\/wp-content\/uploads\/sites\/8\/2023\/07\/IMG_2301.jpeg 1920w\" sizes=\"(max-width: 400px) 100vw, 400px\" \/>                    <\/div>\n    <\/a>\n\n    \n\n    <div class=\"user flex\">\n        \n                    <img decoding=\"async\" src=\"https:\/\/wettbewerb-archiv.wir-tun-was-fuer-bienen.de\/archiv-2023\/wp-content\/themes\/bienen\/assets\/images\/avatar-placeholder.png\" style=\"border-radius: 30px;\" height=\"30\" width=\"30\">\n            Florines Garten            <\/div>\n    \n    \n            <p class=\"categories meta\" style=\"width: 100%\"><span class=\"fa fa-tag\"\n                                                             aria-hidden=\"true\"><\/span> Privatg\u00e4rten klein (bis 500 m2)        <\/p>\n    \n            <p class=\"categories meta\" style=\"width: 100%\"><span class=\"fa fa-map-marker\"\n                                                             aria-hidden=\"true\"><\/span> Baden-W\u00fcrttemberg        <\/p>\n    \n<\/article>\n   \n\t\t\n          <article id=\"post-100741\" class=\"et_pb_post post-100741 wtwfb_entry type-wtwfb_entry status-publish has-post-thumbnail hentry wtwfb_category-privatgaerten-klein-500-m2 wtwfb_region-nordrhein-westfalen\">\n    <h2 class=\"entry-title\"><a href=\"https:\/\/wettbewerb-archiv.wir-tun-was-fuer-bienen.de\/archiv-2023\/eintrag\/2023-wohlfuehloase-in-lippe\/\">Wohlf\u00fchloase in Lippe<\/a>\n    <\/h2>\n    <a href=\"https:\/\/wettbewerb-archiv.wir-tun-was-fuer-bienen.de\/archiv-2023\/eintrag\/2023-wohlfuehloase-in-lippe\/\">\n        <div class=\"bienen-entry-image\">\n            <img decoding=\"async\" width=\"400\" height=\"300\" src=\"https:\/\/wettbewerb-archiv.wir-tun-was-fuer-bienen.de\/archiv-2023\/wp-content\/uploads\/sites\/8\/2023\/07\/Stannek_Christina_Laubke_03-400x300.jpeg\" class=\"attachment-bienen-grid-thumb size-bienen-grid-thumb wp-post-image\" alt=\"\" loading=\"lazy\" \/>                    <\/div>\n    <\/a>\n\n    \n\n    <div class=\"user flex\">\n        \n                    <img decoding=\"async\" src=\"https:\/\/wettbewerb-archiv.wir-tun-was-fuer-bienen.de\/archiv-2023\/wp-content\/themes\/bienen\/assets\/images\/avatar-placeholder.png\" style=\"border-radius: 30px;\" height=\"30\" width=\"30\">\n            BienenzuhauseLaubke            <\/div>\n    \n    \n            <p class=\"categories meta\" style=\"width: 100%\"><span class=\"fa fa-tag\"\n                                                             aria-hidden=\"true\"><\/span> Privatg\u00e4rten klein (bis 500 m2)        <\/p>\n    \n            <p class=\"categories meta\" style=\"width: 100%\"><span class=\"fa fa-map-marker\"\n                                                             aria-hidden=\"true\"><\/span> Nordrhein-Westfalen        <\/p>\n    \n<\/article>\n   \n\t\t\n          <article id=\"post-100702\" class=\"et_pb_post post-100702 wtwfb_entry type-wtwfb_entry status-publish has-post-thumbnail hentry wtwfb_category-privatgaerten-klein-500-m2 wtwfb_region-niedersachsen\">\n    <h2 class=\"entry-title\"><a href=\"https:\/\/wettbewerb-archiv.wir-tun-was-fuer-bienen.de\/archiv-2023\/eintrag\/2023-von-versiegelter-auffahrt-zum-naturnutzgarten\/\">Von versiegelter Auffahrt mit Rasen zum Naturnutzgarten<\/a>\n    <\/h2>\n    <a href=\"https:\/\/wettbewerb-archiv.wir-tun-was-fuer-bienen.de\/archiv-2023\/eintrag\/2023-von-versiegelter-auffahrt-zum-naturnutzgarten\/\">\n        <div class=\"bienen-entry-image\">\n            <img decoding=\"async\" width=\"400\" height=\"300\" src=\"https:\/\/wettbewerb-archiv.wir-tun-was-fuer-bienen.de\/archiv-2023\/wp-content\/uploads\/sites\/8\/2023\/07\/1R2A1613-2-400x300.jpg\" class=\"attachment-bienen-grid-thumb size-bienen-grid-thumb wp-post-image\" alt=\"\" loading=\"lazy\" \/>                    <\/div>\n    <\/a>\n\n    \n\n    <div class=\"user flex\">\n        \n                    <img decoding=\"async\" src=\"https:\/\/wettbewerb-archiv.wir-tun-was-fuer-bienen.de\/archiv-2023\/wp-content\/themes\/bienen\/assets\/images\/avatar-placeholder.png\" style=\"border-radius: 30px;\" height=\"30\" width=\"30\">\n            Laiengarten            <\/div>\n    \n    \n            <p class=\"categories meta\" style=\"width: 100%\"><span class=\"fa fa-tag\"\n                                                             aria-hidden=\"true\"><\/span> Privatg\u00e4rten klein (bis 500 m2)        <\/p>\n    \n            <p class=\"categories meta\" style=\"width: 100%\"><span class=\"fa fa-map-marker\"\n                                                             aria-hidden=\"true\"><\/span> Niedersachsen        <\/p>\n    \n<\/article>\n   \n\t\t\n          <article id=\"post-100666\" class=\"et_pb_post post-100666 wtwfb_entry type-wtwfb_entry status-publish has-post-thumbnail hentry wtwfb_category-privatgaerten-klein-500-m2 wtwfb_region-bayern\">\n    <h2 class=\"entry-title\"><a href=\"https:\/\/wettbewerb-archiv.wir-tun-was-fuer-bienen.de\/archiv-2023\/eintrag\/2023-bavarian-bee-paradies\/\">Bavarian bee paradies<\/a>\n    <\/h2>\n    <a href=\"https:\/\/wettbewerb-archiv.wir-tun-was-fuer-bienen.de\/archiv-2023\/eintrag\/2023-bavarian-bee-paradies\/\">\n        <div class=\"bienen-entry-image\">\n            <img decoding=\"async\" width=\"400\" height=\"300\" src=\"https:\/\/wettbewerb-archiv.wir-tun-was-fuer-bienen.de\/archiv-2023\/wp-content\/uploads\/sites\/8\/2023\/07\/20230709_112352-400x300.jpg\" class=\"attachment-bienen-grid-thumb size-bienen-grid-thumb wp-post-image\" alt=\"\" loading=\"lazy\" srcset=\"https:\/\/wettbewerb-archiv.wir-tun-was-fuer-bienen.de\/archiv-2023\/wp-content\/uploads\/sites\/8\/2023\/07\/20230709_112352-400x300.jpg 400w, https:\/\/wettbewerb-archiv.wir-tun-was-fuer-bienen.de\/archiv-2023\/wp-content\/uploads\/sites\/8\/2023\/07\/20230709_112352-768x576.jpg 768w, https:\/\/wettbewerb-archiv.wir-tun-was-fuer-bienen.de\/archiv-2023\/wp-content\/uploads\/sites\/8\/2023\/07\/20230709_112352-1024x768.jpg 1024w, https:\/\/wettbewerb-archiv.wir-tun-was-fuer-bienen.de\/archiv-2023\/wp-content\/uploads\/sites\/8\/2023\/07\/20230709_112352.jpg 1920w\" sizes=\"(max-width: 400px) 100vw, 400px\" \/>                    <\/div>\n    <\/a>\n\n    \n\n    <div class=\"user flex\">\n        \n                    <img decoding=\"async\" src=\"https:\/\/wettbewerb-archiv.wir-tun-was-fuer-bienen.de\/archiv-2023\/wp-content\/themes\/bienen\/assets\/images\/avatar-placeholder.png\" style=\"border-radius: 30px;\" height=\"30\" width=\"30\">\n            Bavarian Bee Paradies            <\/div>\n    \n    \n            <p class=\"categories meta\" style=\"width: 100%\"><span class=\"fa fa-tag\"\n                                                             aria-hidden=\"true\"><\/span> Privatg\u00e4rten klein (bis 500 m2)        <\/p>\n    \n            <p class=\"categories meta\" style=\"width: 100%\"><span class=\"fa fa-map-marker\"\n                                                             aria-hidden=\"true\"><\/span> Bayern        <\/p>\n    \n<\/article>\n   \n\t\t\n          <article id=\"post-99718\" class=\"et_pb_post post-99718 wtwfb_entry type-wtwfb_entry status-publish has-post-thumbnail hentry wtwfb_category-privatgaerten-klein-500-m2 wtwfb_region-nordrhein-westfalen\">\n    <h2 class=\"entry-title\"><a href=\"https:\/\/wettbewerb-archiv.wir-tun-was-fuer-bienen.de\/archiv-2023\/eintrag\/2023-blumenwiese\/\">Blumenwiese<\/a>\n    <\/h2>\n    <a href=\"https:\/\/wettbewerb-archiv.wir-tun-was-fuer-bienen.de\/archiv-2023\/eintrag\/2023-blumenwiese\/\">\n        <div class=\"bienen-entry-image\">\n            <img decoding=\"async\" width=\"400\" height=\"300\" src=\"https:\/\/wettbewerb-archiv.wir-tun-was-fuer-bienen.de\/archiv-2023\/wp-content\/uploads\/sites\/8\/2023\/07\/IMG_7451-400x300.jpeg\" class=\"attachment-bienen-grid-thumb size-bienen-grid-thumb wp-post-image\" alt=\"\" loading=\"lazy\" \/>                    <\/div>\n    <\/a>\n\n    \n\n    <div class=\"user flex\">\n        \n                    <img decoding=\"async\" src=\"https:\/\/wettbewerb-archiv.wir-tun-was-fuer-bienen.de\/archiv-2023\/wp-content\/themes\/bienen\/assets\/images\/avatar-placeholder.png\" style=\"border-radius: 30px;\" height=\"30\" width=\"30\">\n            Sabine Behnke Ludwig            <\/div>\n    \n    \n            <p class=\"categories meta\" style=\"width: 100%\"><span class=\"fa fa-tag\"\n                                                             aria-hidden=\"true\"><\/span> Privatg\u00e4rten klein (bis 500 m2)        <\/p>\n    \n            <p class=\"categories meta\" style=\"width: 100%\"><span class=\"fa fa-map-marker\"\n                                                             aria-hidden=\"true\"><\/span> Nordrhein-Westfalen        <\/p>\n    \n<\/article>\n   \n\t\t\n          <article id=\"post-99663\" class=\"et_pb_post post-99663 wtwfb_entry type-wtwfb_entry status-publish has-post-thumbnail hentry wtwfb_category-privatgaerten-klein-500-m2 wtwfb_region-schleswig-holstein\">\n    <h2 class=\"entry-title\"><a href=\"https:\/\/wettbewerb-archiv.wir-tun-was-fuer-bienen.de\/archiv-2023\/eintrag\/2023-du-kriegst-den-garten-schoen\/\">Du kriegst den Garten sch\u00f6n<\/a>\n    <\/h2>\n    <a href=\"https:\/\/wettbewerb-archiv.wir-tun-was-fuer-bienen.de\/archiv-2023\/eintrag\/2023-du-kriegst-den-garten-schoen\/\">\n        <div class=\"bienen-entry-image\">\n            <img decoding=\"async\" width=\"400\" height=\"300\" src=\"https:\/\/wettbewerb-archiv.wir-tun-was-fuer-bienen.de\/archiv-2023\/wp-content\/uploads\/sites\/8\/2023\/07\/IMG_2504-400x300.jpeg\" class=\"attachment-bienen-grid-thumb size-bienen-grid-thumb wp-post-image\" alt=\"\" loading=\"lazy\" \/>                    <\/div>\n    <\/a>\n\n    \n\n    <div class=\"user flex\">\n        \n                    <img decoding=\"async\" src=\"https:\/\/wettbewerb-archiv.wir-tun-was-fuer-bienen.de\/archiv-2023\/wp-content\/themes\/bienen\/assets\/images\/avatar-placeholder.png\" style=\"border-radius: 30px;\" height=\"30\" width=\"30\">\n            G\u00e4rtnerei Hinze            <\/div>\n    \n    \n            <p class=\"categories meta\" style=\"width: 100%\"><span class=\"fa fa-tag\"\n                                                             aria-hidden=\"true\"><\/span> Privatg\u00e4rten klein (bis 500 m2)        <\/p>\n    \n            <p class=\"categories meta\" style=\"width: 100%\"><span class=\"fa fa-map-marker\"\n                                                             aria-hidden=\"true\"><\/span> Schleswig-Holstein        <\/p>\n    \n<\/article>\n   \n\t\t\n          <article id=\"post-98582\" class=\"et_pb_post post-98582 wtwfb_entry type-wtwfb_entry status-publish has-post-thumbnail hentry wtwfb_category-privatgaerten-klein-500-m2 wtwfb_region-sachsen\">\n    <h2 class=\"entry-title\"><a href=\"https:\/\/wettbewerb-archiv.wir-tun-was-fuer-bienen.de\/archiv-2023\/eintrag\/2023-von-der-brennnesselwueste-zum-bluehenden-kraeutergarten\/\">Von der Brennnesselw\u00fcste zum bl\u00fchenden Kr\u00e4utergarten<\/a>\n    <\/h2>\n    <a href=\"https:\/\/wettbewerb-archiv.wir-tun-was-fuer-bienen.de\/archiv-2023\/eintrag\/2023-von-der-brennnesselwueste-zum-bluehenden-kraeutergarten\/\">\n        <div class=\"bienen-entry-image\">\n            <img decoding=\"async\" width=\"400\" height=\"300\" src=\"https:\/\/wettbewerb-archiv.wir-tun-was-fuer-bienen.de\/archiv-2023\/wp-content\/uploads\/sites\/8\/2023\/07\/IMG-20230628-WA0003-400x300.jpg\" class=\"attachment-bienen-grid-thumb size-bienen-grid-thumb wp-post-image\" alt=\"\" loading=\"lazy\" \/>                    <\/div>\n    <\/a>\n\n    \n\n    <div class=\"user flex\">\n        \n                    <img decoding=\"async\" src=\"https:\/\/wettbewerb-archiv.wir-tun-was-fuer-bienen.de\/archiv-2023\/wp-content\/themes\/bienen\/assets\/images\/avatar-placeholder.png\" style=\"border-radius: 30px;\" height=\"30\" width=\"30\">\n            Eulenhof Krebs            <\/div>\n    \n    \n            <p class=\"categories meta\" style=\"width: 100%\"><span class=\"fa fa-tag\"\n                                                             aria-hidden=\"true\"><\/span> Privatg\u00e4rten klein (bis 500 m2)        <\/p>\n    \n            <p class=\"categories meta\" style=\"width: 100%\"><span class=\"fa fa-map-marker\"\n                                                             aria-hidden=\"true\"><\/span> Sachsen        <\/p>\n    \n<\/article>\n   \n\t\t\n          <article id=\"post-98004\" class=\"et_pb_post post-98004 wtwfb_entry type-wtwfb_entry status-publish has-post-thumbnail hentry wtwfb_category-privatgaerten-klein-500-m2 wtwfb_region-nordrhein-westfalen\">\n    <h2 class=\"entry-title\"><a href=\"https:\/\/wettbewerb-archiv.wir-tun-was-fuer-bienen.de\/archiv-2023\/eintrag\/2023-mein-gartenparadies\/\">Mein Gartenparadies<\/a>\n    <\/h2>\n    <a href=\"https:\/\/wettbewerb-archiv.wir-tun-was-fuer-bienen.de\/archiv-2023\/eintrag\/2023-mein-gartenparadies\/\">\n        <div class=\"bienen-entry-image\">\n            <img decoding=\"async\" width=\"400\" height=\"300\" src=\"https:\/\/wettbewerb-archiv.wir-tun-was-fuer-bienen.de\/archiv-2023\/wp-content\/uploads\/sites\/8\/2023\/07\/Frosh_Love-1-400x300.jpg\" class=\"attachment-bienen-grid-thumb size-bienen-grid-thumb wp-post-image\" alt=\"\" loading=\"lazy\" \/>                    <\/div>\n    <\/a>\n\n    \n\n    <div class=\"user flex\">\n        \n                    <img decoding=\"async\" src=\"https:\/\/wettbewerb-archiv.wir-tun-was-fuer-bienen.de\/archiv-2023\/wp-content\/themes\/bienen\/assets\/images\/avatar-placeholder.png\" style=\"border-radius: 30px;\" height=\"30\" width=\"30\">\n            Andrea Heine            <\/div>\n            <p class=\"categories meta\" style=\"color: #c32731; font-weight: bold; width: 100%\"><span class=\"fa fa-music\"\n                                                                                                aria-hidden=\"true\"><\/span> Extrapreis Musik\n            f\u00fcr Bienenschutz\n        <\/p>\n    \n    \n            <p class=\"categories meta\" style=\"width: 100%\"><span class=\"fa fa-tag\"\n                                                             aria-hidden=\"true\"><\/span> Privatg\u00e4rten klein (bis 500 m2)        <\/p>\n    \n            <p class=\"categories meta\" style=\"width: 100%\"><span class=\"fa fa-map-marker\"\n                                                             aria-hidden=\"true\"><\/span> Nordrhein-Westfalen        <\/p>\n    \n<\/article>\n   \n\t\t\n          <article id=\"post-96911\" class=\"et_pb_post post-96911 wtwfb_entry type-wtwfb_entry status-publish has-post-thumbnail hentry wtwfb_category-privatgaerten-klein-500-m2 wtwfb_region-sachsen\">\n    <h2 class=\"entry-title\"><a href=\"https:\/\/wettbewerb-archiv.wir-tun-was-fuer-bienen.de\/archiv-2023\/eintrag\/2023-neu-gestaltung-von-einer-hecke-und-den-garten\/\">Neu Gestaltung von einer Hecke und den Garten<\/a>\n    <\/h2>\n    <a href=\"https:\/\/wettbewerb-archiv.wir-tun-was-fuer-bienen.de\/archiv-2023\/eintrag\/2023-neu-gestaltung-von-einer-hecke-und-den-garten\/\">\n        <div class=\"bienen-entry-image\">\n            <img decoding=\"async\" width=\"400\" height=\"300\" src=\"https:\/\/wettbewerb-archiv.wir-tun-was-fuer-bienen.de\/archiv-2023\/wp-content\/uploads\/sites\/8\/2023\/06\/IMG_20230609_090914-1-400x300.jpg\" class=\"attachment-bienen-grid-thumb size-bienen-grid-thumb wp-post-image\" alt=\"\" loading=\"lazy\" \/>                    <\/div>\n    <\/a>\n\n    \n\n    <div class=\"user flex\">\n        \n                    <img decoding=\"async\" src=\"https:\/\/wettbewerb-archiv.wir-tun-was-fuer-bienen.de\/archiv-2023\/wp-content\/themes\/bienen\/assets\/images\/avatar-placeholder.png\" style=\"border-radius: 30px;\" height=\"30\" width=\"30\">\n            Andreas Schulze            <\/div>\n    \n    \n            <p class=\"categories meta\" style=\"width: 100%\"><span class=\"fa fa-tag\"\n                                                             aria-hidden=\"true\"><\/span> Privatg\u00e4rten klein (bis 500 m2)        <\/p>\n    \n            <p class=\"categories meta\" style=\"width: 100%\"><span class=\"fa fa-map-marker\"\n                                                             aria-hidden=\"true\"><\/span> Sachsen        <\/p>\n    \n<\/article>\n   \n\t\t\n          <article id=\"post-96838\" class=\"et_pb_post post-96838 wtwfb_entry type-wtwfb_entry status-publish has-post-thumbnail hentry wtwfb_category-privatgaerten-klein-500-m2 wtwfb_region-nordrhein-westfalen\">\n    <h2 class=\"entry-title\"><a href=\"https:\/\/wettbewerb-archiv.wir-tun-was-fuer-bienen.de\/archiv-2023\/eintrag\/2023-der-garten\/\">Natur- und Wildgarten &#8222;Zur Friedenseiche&#8220;<\/a>\n    <\/h2>\n    <a href=\"https:\/\/wettbewerb-archiv.wir-tun-was-fuer-bienen.de\/archiv-2023\/eintrag\/2023-der-garten\/\">\n        <div class=\"bienen-entry-image\">\n            <img decoding=\"async\" width=\"400\" height=\"300\" src=\"https:\/\/wettbewerb-archiv.wir-tun-was-fuer-bienen.de\/archiv-2023\/wp-content\/uploads\/sites\/8\/2023\/06\/Polish_20230613_203721426-400x300.jpg\" class=\"attachment-bienen-grid-thumb size-bienen-grid-thumb wp-post-image\" alt=\"\" loading=\"lazy\" srcset=\"https:\/\/wettbewerb-archiv.wir-tun-was-fuer-bienen.de\/archiv-2023\/wp-content\/uploads\/sites\/8\/2023\/06\/Polish_20230613_203721426-400x300.jpg 400w, https:\/\/wettbewerb-archiv.wir-tun-was-fuer-bienen.de\/archiv-2023\/wp-content\/uploads\/sites\/8\/2023\/06\/Polish_20230613_203721426.jpg 567w\" sizes=\"(max-width: 400px) 100vw, 400px\" \/>                    <\/div>\n    <\/a>\n\n    \n\n    <div class=\"user flex\">\n        \n                    <img decoding=\"async\" src=\"https:\/\/wettbewerb-archiv.wir-tun-was-fuer-bienen.de\/archiv-2023\/wp-content\/themes\/bienen\/assets\/images\/avatar-placeholder.png\" style=\"border-radius: 30px;\" height=\"30\" width=\"30\">\n            Andre & Katja Lemke            <\/div>\n    \n    \n            <p class=\"categories meta\" style=\"width: 100%\"><span class=\"fa fa-tag\"\n                                                             aria-hidden=\"true\"><\/span> Privatg\u00e4rten klein (bis 500 m2)        <\/p>\n    \n            <p class=\"categories meta\" style=\"width: 100%\"><span class=\"fa fa-map-marker\"\n                                                             aria-hidden=\"true\"><\/span> Nordrhein-Westfalen        <\/p>\n    \n<\/article>\n   \n\t\t\n          <article id=\"post-96813\" class=\"et_pb_post post-96813 wtwfb_entry type-wtwfb_entry status-publish has-post-thumbnail hentry wtwfb_category-privatgaerten-klein-500-m2 wtwfb_region-saarland\">\n    <h2 class=\"entry-title\"><a href=\"https:\/\/wettbewerb-archiv.wir-tun-was-fuer-bienen.de\/archiv-2023\/eintrag\/2023-von-wiese-mit-drei-obstbaeumen-zu-einem-abwechslungsreichen-naturgarten\/\">Von einer Wiese mit drei Obstb\u00e4umen zu einem Naturgart...<\/a>\n    <\/h2>\n    <a href=\"https:\/\/wettbewerb-archiv.wir-tun-was-fuer-bienen.de\/archiv-2023\/eintrag\/2023-von-wiese-mit-drei-obstbaeumen-zu-einem-abwechslungsreichen-naturgarten\/\">\n        <div class=\"bienen-entry-image\">\n            <img decoding=\"async\" width=\"400\" height=\"300\" src=\"https:\/\/wettbewerb-archiv.wir-tun-was-fuer-bienen.de\/archiv-2023\/wp-content\/uploads\/sites\/8\/2023\/07\/IMG_1311-1-400x300.jpeg\" class=\"attachment-bienen-grid-thumb size-bienen-grid-thumb wp-post-image\" alt=\"\" loading=\"lazy\" srcset=\"https:\/\/wettbewerb-archiv.wir-tun-was-fuer-bienen.de\/archiv-2023\/wp-content\/uploads\/sites\/8\/2023\/07\/IMG_1311-1-400x300.jpeg 400w, https:\/\/wettbewerb-archiv.wir-tun-was-fuer-bienen.de\/archiv-2023\/wp-content\/uploads\/sites\/8\/2023\/07\/IMG_1311-1-768x576.jpeg 768w, https:\/\/wettbewerb-archiv.wir-tun-was-fuer-bienen.de\/archiv-2023\/wp-content\/uploads\/sites\/8\/2023\/07\/IMG_1311-1-1024x768.jpeg 1024w, https:\/\/wettbewerb-archiv.wir-tun-was-fuer-bienen.de\/archiv-2023\/wp-content\/uploads\/sites\/8\/2023\/07\/IMG_1311-1.jpeg 1920w\" sizes=\"(max-width: 400px) 100vw, 400px\" \/>                    <\/div>\n    <\/a>\n\n    \n\n    <div class=\"user flex\">\n        \n                    <img decoding=\"async\" src=\"https:\/\/wettbewerb-archiv.wir-tun-was-fuer-bienen.de\/archiv-2023\/wp-content\/themes\/bienen\/assets\/images\/avatar-placeholder.png\" style=\"border-radius: 30px;\" height=\"30\" width=\"30\">\n            Verena            <\/div>\n    \n    <p class=\"categories meta bienen-gewinner\"><span class=\"fa fa-trophy\"                                                              aria-hidden=\"true\"><\/span> Gewinner<\/p>\n            <p class=\"categories meta\" style=\"width: 100%\"><span class=\"fa fa-tag\"\n                                                             aria-hidden=\"true\"><\/span> Privatg\u00e4rten klein (bis 500 m2)        <\/p>\n    \n            <p class=\"categories meta\" style=\"width: 100%\"><span class=\"fa fa-map-marker\"\n                                                             aria-hidden=\"true\"><\/span> Saarland        <\/p>\n    \n<\/article>\n   \n\t\t\n          <article id=\"post-95968\" class=\"et_pb_post post-95968 wtwfb_entry type-wtwfb_entry status-publish has-post-thumbnail hentry wtwfb_category-privatgaerten-klein-500-m2 wtwfb_region-rheinland-pfalz\">\n    <h2 class=\"entry-title\"><a href=\"https:\/\/wettbewerb-archiv.wir-tun-was-fuer-bienen.de\/archiv-2023\/eintrag\/2023-magerhochbeet-mit-trockenmauer-schotterhuegel-mit-beet-und-naturnahem-sandkasten\/\">Unser Garten f\u00fcr Wildbienen, Hummeln und Schmetterling...<\/a>\n    <\/h2>\n    <a href=\"https:\/\/wettbewerb-archiv.wir-tun-was-fuer-bienen.de\/archiv-2023\/eintrag\/2023-magerhochbeet-mit-trockenmauer-schotterhuegel-mit-beet-und-naturnahem-sandkasten\/\">\n        <div class=\"bienen-entry-image\">\n            <img decoding=\"async\" width=\"400\" height=\"300\" src=\"https:\/\/wettbewerb-archiv.wir-tun-was-fuer-bienen.de\/archiv-2023\/wp-content\/uploads\/sites\/8\/2023\/06\/20230605_085714-400x300.jpg\" class=\"attachment-bienen-grid-thumb size-bienen-grid-thumb wp-post-image\" alt=\"\" loading=\"lazy\" srcset=\"https:\/\/wettbewerb-archiv.wir-tun-was-fuer-bienen.de\/archiv-2023\/wp-content\/uploads\/sites\/8\/2023\/06\/20230605_085714-400x300.jpg 400w, https:\/\/wettbewerb-archiv.wir-tun-was-fuer-bienen.de\/archiv-2023\/wp-content\/uploads\/sites\/8\/2023\/06\/20230605_085714-768x576.jpg 768w, https:\/\/wettbewerb-archiv.wir-tun-was-fuer-bienen.de\/archiv-2023\/wp-content\/uploads\/sites\/8\/2023\/06\/20230605_085714-1024x768.jpg 1024w, https:\/\/wettbewerb-archiv.wir-tun-was-fuer-bienen.de\/archiv-2023\/wp-content\/uploads\/sites\/8\/2023\/06\/20230605_085714.jpg 1920w\" sizes=\"(max-width: 400px) 100vw, 400px\" \/>                    <\/div>\n    <\/a>\n\n    \n\n    <div class=\"user flex\">\n        \n                    <img decoding=\"async\" src=\"https:\/\/wettbewerb-archiv.wir-tun-was-fuer-bienen.de\/archiv-2023\/wp-content\/themes\/bienen\/assets\/images\/avatar-placeholder.png\" style=\"border-radius: 30px;\" height=\"30\" width=\"30\">\n            Kleiner Wildbienengarten            <\/div>\n    \n    <p class=\"categories meta bienen-gewinner\"><span class=\"fa fa-trophy\"                                                              aria-hidden=\"true\"><\/span> Gewinner<\/p>\n            <p class=\"categories meta\" style=\"width: 100%\"><span class=\"fa fa-tag\"\n                                                             aria-hidden=\"true\"><\/span> Privatg\u00e4rten klein (bis 500 m2)        <\/p>\n    \n            <p class=\"categories meta\" style=\"width: 100%\"><span class=\"fa fa-map-marker\"\n                                                             aria-hidden=\"true\"><\/span> Rheinland-Pfalz        <\/p>\n    \n<\/article>\n   \n\t\t\n          <article id=\"post-95826\" class=\"et_pb_post post-95826 wtwfb_entry type-wtwfb_entry status-publish has-post-thumbnail hentry wtwfb_category-privatgaerten-klein-500-m2 wtwfb_region-bayern\">\n    <h2 class=\"entry-title\"><a href=\"https:\/\/wettbewerb-archiv.wir-tun-was-fuer-bienen.de\/archiv-2023\/eintrag\/2023-mehr-vielfalt-im-kleinen-familiengarten\/\">Mehr Vielfalt im kleinen Familiengarten<\/a>\n    <\/h2>\n    <a href=\"https:\/\/wettbewerb-archiv.wir-tun-was-fuer-bienen.de\/archiv-2023\/eintrag\/2023-mehr-vielfalt-im-kleinen-familiengarten\/\">\n        <div class=\"bienen-entry-image\">\n            <img decoding=\"async\" width=\"400\" height=\"300\" src=\"https:\/\/wettbewerb-archiv.wir-tun-was-fuer-bienen.de\/archiv-2023\/wp-content\/uploads\/sites\/8\/2023\/07\/PXL_20230616_120454347-400x300.jpg\" class=\"attachment-bienen-grid-thumb size-bienen-grid-thumb wp-post-image\" alt=\"\" loading=\"lazy\" \/>                    <\/div>\n    <\/a>\n\n    \n\n    <div class=\"user flex\">\n        \n                    <img decoding=\"async\" src=\"https:\/\/wettbewerb-archiv.wir-tun-was-fuer-bienen.de\/archiv-2023\/wp-content\/themes\/bienen\/assets\/images\/avatar-placeholder.png\" style=\"border-radius: 30px;\" height=\"30\" width=\"30\">\n            Mehr Vielfalt im kleinen Familiengarten            <\/div>\n    \n    \n            <p class=\"categories meta\" style=\"width: 100%\"><span class=\"fa fa-tag\"\n                                                             aria-hidden=\"true\"><\/span> Privatg\u00e4rten klein (bis 500 m2)        <\/p>\n    \n            <p class=\"categories meta\" style=\"width: 100%\"><span class=\"fa fa-map-marker\"\n                                                             aria-hidden=\"true\"><\/span> Bayern        <\/p>\n    \n<\/article>\n   \n\t\t\n          <article id=\"post-94247\" class=\"et_pb_post post-94247 wtwfb_entry type-wtwfb_entry status-publish has-post-thumbnail hentry wtwfb_category-privatgaerten-klein-500-m2 wtwfb_region-rheinland-pfalz\">\n    <h2 class=\"entry-title\"><a href=\"https:\/\/wettbewerb-archiv.wir-tun-was-fuer-bienen.de\/archiv-2023\/eintrag\/2023-in-unserem-kleinen-wilden-garten-sind-tiere-willkommen\/\">In unserem kleinen, wilden Garten sind Tiere willkommen<\/a>\n    <\/h2>\n    <a href=\"https:\/\/wettbewerb-archiv.wir-tun-was-fuer-bienen.de\/archiv-2023\/eintrag\/2023-in-unserem-kleinen-wilden-garten-sind-tiere-willkommen\/\">\n        <div class=\"bienen-entry-image\">\n            <img decoding=\"async\" width=\"400\" height=\"300\" src=\"https:\/\/wettbewerb-archiv.wir-tun-was-fuer-bienen.de\/archiv-2023\/wp-content\/uploads\/sites\/8\/2023\/06\/20230611_092239-400x300.jpg\" class=\"attachment-bienen-grid-thumb size-bienen-grid-thumb wp-post-image\" alt=\"\" loading=\"lazy\" \/>                    <\/div>\n    <\/a>\n\n    \n\n    <div class=\"user flex\">\n        \n                    <img decoding=\"async\" src=\"https:\/\/wettbewerb-archiv.wir-tun-was-fuer-bienen.de\/archiv-2023\/wp-content\/themes\/bienen\/assets\/images\/avatar-placeholder.png\" style=\"border-radius: 30px;\" height=\"30\" width=\"30\">\n            Fam. Brunk            <\/div>\n    \n    \n            <p class=\"categories meta\" style=\"width: 100%\"><span class=\"fa fa-tag\"\n                                                             aria-hidden=\"true\"><\/span> Privatg\u00e4rten klein (bis 500 m2)        <\/p>\n    \n            <p class=\"categories meta\" style=\"width: 100%\"><span class=\"fa fa-map-marker\"\n                                                             aria-hidden=\"true\"><\/span> Rheinland-Pfalz        <\/p>\n    \n<\/article>\n   \n\t\t\n          <article id=\"post-93922\" class=\"et_pb_post post-93922 wtwfb_entry type-wtwfb_entry status-publish has-post-thumbnail hentry wtwfb_category-privatgaerten-klein-500-m2 wtwfb_region-rheinland-pfalz\">\n    <h2 class=\"entry-title\"><a href=\"https:\/\/wettbewerb-archiv.wir-tun-was-fuer-bienen.de\/archiv-2023\/eintrag\/2023-staudenliebebienenliebe\/\">STAUDENLIEBE=BIENENLIEBE<\/a>\n    <\/h2>\n    <a href=\"https:\/\/wettbewerb-archiv.wir-tun-was-fuer-bienen.de\/archiv-2023\/eintrag\/2023-staudenliebebienenliebe\/\">\n        <div class=\"bienen-entry-image\">\n            <img decoding=\"async\" width=\"400\" height=\"300\" src=\"https:\/\/wettbewerb-archiv.wir-tun-was-fuer-bienen.de\/archiv-2023\/wp-content\/uploads\/sites\/8\/2023\/06\/20230606_150517-COLLAGE-400x300.jpg\" class=\"attachment-bienen-grid-thumb size-bienen-grid-thumb wp-post-image\" alt=\"\" loading=\"lazy\" \/>                    <\/div>\n    <\/a>\n\n    \n\n    <div class=\"user flex\">\n        \n                    <img decoding=\"async\" src=\"https:\/\/wettbewerb-archiv.wir-tun-was-fuer-bienen.de\/archiv-2023\/wp-content\/themes\/bienen\/assets\/images\/avatar-placeholder.png\" style=\"border-radius: 30px;\" height=\"30\" width=\"30\">\n            BENNER Bande            <\/div>\n    \n    \n            <p class=\"categories meta\" style=\"width: 100%\"><span class=\"fa fa-tag\"\n                                                             aria-hidden=\"true\"><\/span> Privatg\u00e4rten klein (bis 500 m2)        <\/p>\n    \n            <p class=\"categories meta\" style=\"width: 100%\"><span class=\"fa fa-map-marker\"\n                                                             aria-hidden=\"true\"><\/span> Rheinland-Pfalz        <\/p>\n    \n<\/article>\n   \n\t\t\n          <article id=\"post-93835\" class=\"et_pb_post post-93835 wtwfb_entry type-wtwfb_entry status-publish has-post-thumbnail hentry wtwfb_category-privatgaerten-klein-500-m2 wtwfb_region-baden-wuerttemberg\">\n    <h2 class=\"entry-title\"><a href=\"https:\/\/wettbewerb-archiv.wir-tun-was-fuer-bienen.de\/archiv-2023\/eintrag\/2023-mein-neues-wildblumenbeet-am-zaun\/\">Mein neues Wildblumenbeet am Zaun<\/a>\n    <\/h2>\n    <a href=\"https:\/\/wettbewerb-archiv.wir-tun-was-fuer-bienen.de\/archiv-2023\/eintrag\/2023-mein-neues-wildblumenbeet-am-zaun\/\">\n        <div class=\"bienen-entry-image\">\n            <img decoding=\"async\" width=\"400\" height=\"300\" src=\"https:\/\/wettbewerb-archiv.wir-tun-was-fuer-bienen.de\/archiv-2023\/wp-content\/uploads\/sites\/8\/2023\/06\/6.23-Blumenbeet-am-Zaun-3-400x300.jpg\" class=\"attachment-bienen-grid-thumb size-bienen-grid-thumb wp-post-image\" alt=\"\" loading=\"lazy\" srcset=\"https:\/\/wettbewerb-archiv.wir-tun-was-fuer-bienen.de\/archiv-2023\/wp-content\/uploads\/sites\/8\/2023\/06\/6.23-Blumenbeet-am-Zaun-3-400x300.jpg 400w, https:\/\/wettbewerb-archiv.wir-tun-was-fuer-bienen.de\/archiv-2023\/wp-content\/uploads\/sites\/8\/2023\/06\/6.23-Blumenbeet-am-Zaun-3-768x576.jpg 768w, https:\/\/wettbewerb-archiv.wir-tun-was-fuer-bienen.de\/archiv-2023\/wp-content\/uploads\/sites\/8\/2023\/06\/6.23-Blumenbeet-am-Zaun-3-1024x768.jpg 1024w, https:\/\/wettbewerb-archiv.wir-tun-was-fuer-bienen.de\/archiv-2023\/wp-content\/uploads\/sites\/8\/2023\/06\/6.23-Blumenbeet-am-Zaun-3.jpg 1920w\" sizes=\"(max-width: 400px) 100vw, 400px\" \/>                    <\/div>\n    <\/a>\n\n    \n\n    <div class=\"user flex\">\n        \n                    <img decoding=\"async\" src=\"https:\/\/wettbewerb-archiv.wir-tun-was-fuer-bienen.de\/archiv-2023\/wp-content\/themes\/bienen\/assets\/images\/avatar-placeholder.png\" style=\"border-radius: 30px;\" height=\"30\" width=\"30\">\n            Artenschutzgarten Aichelberg            <\/div>\n    \n    \n            <p class=\"categories meta\" style=\"width: 100%\"><span class=\"fa fa-tag\"\n                                                             aria-hidden=\"true\"><\/span> Privatg\u00e4rten klein (bis 500 m2)        <\/p>\n    \n            <p class=\"categories meta\" style=\"width: 100%\"><span class=\"fa fa-map-marker\"\n                                                             aria-hidden=\"true\"><\/span> Baden-W\u00fcrttemberg        <\/p>\n    \n<\/article>\n   \n\t\t\n          <article id=\"post-93590\" class=\"et_pb_post post-93590 wtwfb_entry type-wtwfb_entry status-publish has-post-thumbnail hentry wtwfb_category-privatgaerten-klein-500-m2 wtwfb_region-nordrhein-westfalen\">\n    <h2 class=\"entry-title\"><a href=\"https:\/\/wettbewerb-archiv.wir-tun-was-fuer-bienen.de\/archiv-2023\/eintrag\/2023-heimischer-garten-vorher-nachher\/\">Heimischer Garten vorher-nachher<\/a>\n    <\/h2>\n    <a href=\"https:\/\/wettbewerb-archiv.wir-tun-was-fuer-bienen.de\/archiv-2023\/eintrag\/2023-heimischer-garten-vorher-nachher\/\">\n        <div class=\"bienen-entry-image\">\n            <img decoding=\"async\" width=\"400\" height=\"300\" src=\"https:\/\/wettbewerb-archiv.wir-tun-was-fuer-bienen.de\/archiv-2023\/wp-content\/uploads\/sites\/8\/2023\/06\/IMG_3445-400x300.jpg\" class=\"attachment-bienen-grid-thumb size-bienen-grid-thumb wp-post-image\" alt=\"\" loading=\"lazy\" srcset=\"https:\/\/wettbewerb-archiv.wir-tun-was-fuer-bienen.de\/archiv-2023\/wp-content\/uploads\/sites\/8\/2023\/06\/IMG_3445-400x300.jpg 400w, https:\/\/wettbewerb-archiv.wir-tun-was-fuer-bienen.de\/archiv-2023\/wp-content\/uploads\/sites\/8\/2023\/06\/IMG_3445-768x576.jpg 768w, https:\/\/wettbewerb-archiv.wir-tun-was-fuer-bienen.de\/archiv-2023\/wp-content\/uploads\/sites\/8\/2023\/06\/IMG_3445-1024x768.jpg 1024w, https:\/\/wettbewerb-archiv.wir-tun-was-fuer-bienen.de\/archiv-2023\/wp-content\/uploads\/sites\/8\/2023\/06\/IMG_3445.jpg 1440w\" sizes=\"(max-width: 400px) 100vw, 400px\" \/>                    <\/div>\n    <\/a>\n\n    \n\n    <div class=\"user flex\">\n        \n                    <img decoding=\"async\" src=\"https:\/\/wettbewerb-archiv.wir-tun-was-fuer-bienen.de\/archiv-2023\/wp-content\/themes\/bienen\/assets\/images\/avatar-placeholder.png\" style=\"border-radius: 30px;\" height=\"30\" width=\"30\">\n            B. Pilgram            <\/div>\n    \n    \n            <p class=\"categories meta\" style=\"width: 100%\"><span class=\"fa fa-tag\"\n                                                             aria-hidden=\"true\"><\/span> Privatg\u00e4rten klein (bis 500 m2)        <\/p>\n    \n            <p class=\"categories meta\" style=\"width: 100%\"><span class=\"fa fa-map-marker\"\n                                                             aria-hidden=\"true\"><\/span> Nordrhein-Westfalen        <\/p>\n    \n<\/article>\n   \n\t\t\n          <article id=\"post-93483\" class=\"et_pb_post post-93483 wtwfb_entry type-wtwfb_entry status-publish has-post-thumbnail hentry wtwfb_category-privatgaerten-klein-500-m2 wtwfb_region-sachsen-anhalt\">\n    <h2 class=\"entry-title\"><a href=\"https:\/\/wettbewerb-archiv.wir-tun-was-fuer-bienen.de\/archiv-2023\/eintrag\/2023-apfelbaum-auf-bluehfeld\/\">Apfelbaum auf Bl\u00fchfeld<\/a>\n    <\/h2>\n    <a href=\"https:\/\/wettbewerb-archiv.wir-tun-was-fuer-bienen.de\/archiv-2023\/eintrag\/2023-apfelbaum-auf-bluehfeld\/\">\n        <div class=\"bienen-entry-image\">\n            <img decoding=\"async\" width=\"400\" height=\"300\" src=\"https:\/\/wettbewerb-archiv.wir-tun-was-fuer-bienen.de\/archiv-2023\/wp-content\/uploads\/sites\/8\/2023\/06\/IMG_20230602_174504-EFFECTS-400x300.jpg\" class=\"attachment-bienen-grid-thumb size-bienen-grid-thumb wp-post-image\" alt=\"\" loading=\"lazy\" \/>                    <\/div>\n    <\/a>\n\n    \n\n    <div class=\"user flex\">\n        \n                    <img decoding=\"async\" src=\"https:\/\/wettbewerb-archiv.wir-tun-was-fuer-bienen.de\/archiv-2023\/wp-content\/themes\/bienen\/assets\/images\/avatar-placeholder.png\" style=\"border-radius: 30px;\" height=\"30\" width=\"30\">\n            Familie Richter            <\/div>\n    \n    \n            <p class=\"categories meta\" style=\"width: 100%\"><span class=\"fa fa-tag\"\n                                                             aria-hidden=\"true\"><\/span> Privatg\u00e4rten klein (bis 500 m2)        <\/p>\n    \n            <p class=\"categories meta\" style=\"width: 100%\"><span class=\"fa fa-map-marker\"\n                                                             aria-hidden=\"true\"><\/span> Sachsen-Anhalt        <\/p>\n    \n<\/article>\n   \n\t\t\n          <article id=\"post-93226\" class=\"et_pb_post post-93226 wtwfb_entry type-wtwfb_entry status-publish has-post-thumbnail hentry wtwfb_category-privatgaerten-klein-500-m2 wtwfb_region-niedersachsen\">\n    <h2 class=\"entry-title\"><a href=\"https:\/\/wettbewerb-archiv.wir-tun-was-fuer-bienen.de\/archiv-2023\/eintrag\/2023-klausegarten\/\">Klausegarten<\/a>\n    <\/h2>\n    <a href=\"https:\/\/wettbewerb-archiv.wir-tun-was-fuer-bienen.de\/archiv-2023\/eintrag\/2023-klausegarten\/\">\n        <div class=\"bienen-entry-image\">\n            <img decoding=\"async\" width=\"400\" height=\"300\" src=\"https:\/\/wettbewerb-archiv.wir-tun-was-fuer-bienen.de\/archiv-2023\/wp-content\/uploads\/sites\/8\/2023\/06\/IMG_20230601_213113-400x300.jpg\" class=\"attachment-bienen-grid-thumb size-bienen-grid-thumb wp-post-image\" alt=\"\" loading=\"lazy\" \/>                    <\/div>\n    <\/a>\n\n    \n\n    <div class=\"user flex\">\n        \n                    <img decoding=\"async\" src=\"https:\/\/wettbewerb-archiv.wir-tun-was-fuer-bienen.de\/archiv-2023\/wp-content\/themes\/bienen\/assets\/images\/avatar-placeholder.png\" style=\"border-radius: 30px;\" height=\"30\" width=\"30\">\n            Klausegarten            <\/div>\n    \n    \n            <p class=\"categories meta\" style=\"width: 100%\"><span class=\"fa fa-tag\"\n                                                             aria-hidden=\"true\"><\/span> Privatg\u00e4rten klein (bis 500 m2)        <\/p>\n    \n            <p class=\"categories meta\" style=\"width: 100%\"><span class=\"fa fa-map-marker\"\n                                                             aria-hidden=\"true\"><\/span> Niedersachsen        <\/p>\n    \n<\/article>\n   \n\t\t\n          <article id=\"post-93125\" class=\"et_pb_post post-93125 wtwfb_entry type-wtwfb_entry status-publish has-post-thumbnail hentry wtwfb_category-privatgaerten-klein-500-m2 wtwfb_region-baden-wuerttemberg\">\n    <h2 class=\"entry-title\"><a href=\"https:\/\/wettbewerb-archiv.wir-tun-was-fuer-bienen.de\/archiv-2023\/eintrag\/2023-ich-%e2%9d%a4%ef%b8%8f-bienen\/\">Ich \u2764\ufe0f Bienen<\/a>\n    <\/h2>\n    <a href=\"https:\/\/wettbewerb-archiv.wir-tun-was-fuer-bienen.de\/archiv-2023\/eintrag\/2023-ich-%e2%9d%a4%ef%b8%8f-bienen\/\">\n        <div class=\"bienen-entry-image\">\n            <img decoding=\"async\" width=\"400\" height=\"300\" src=\"https:\/\/wettbewerb-archiv.wir-tun-was-fuer-bienen.de\/archiv-2023\/wp-content\/uploads\/sites\/8\/2023\/06\/16856217881366071915057729867761-400x300.jpg\" class=\"attachment-bienen-grid-thumb size-bienen-grid-thumb wp-post-image\" alt=\"\" loading=\"lazy\" \/>                    <\/div>\n    <\/a>\n\n    \n\n    <div class=\"user flex\">\n        \n                    <img decoding=\"async\" src=\"https:\/\/wettbewerb-archiv.wir-tun-was-fuer-bienen.de\/archiv-2023\/wp-content\/themes\/bienen\/assets\/images\/avatar-placeholder.png\" style=\"border-radius: 30px;\" height=\"30\" width=\"30\">\n            Blackswan            <\/div>\n    \n    \n            <p class=\"categories meta\" style=\"width: 100%\"><span class=\"fa fa-tag\"\n                                                             aria-hidden=\"true\"><\/span> Privatg\u00e4rten klein (bis 500 m2)        <\/p>\n    \n            <p class=\"categories meta\" style=\"width: 100%\"><span class=\"fa fa-map-marker\"\n                                                             aria-hidden=\"true\"><\/span> Baden-W\u00fcrttemberg        <\/p>\n    \n<\/article>\n   \n\t\t\n          <article id=\"post-93063\" class=\"et_pb_post post-93063 wtwfb_entry type-wtwfb_entry status-publish has-post-thumbnail hentry wtwfb_category-privatgaerten-klein-500-m2 wtwfb_region-nordrhein-westfalen\">\n    <h2 class=\"entry-title\"><a href=\"https:\/\/wettbewerb-archiv.wir-tun-was-fuer-bienen.de\/archiv-2023\/eintrag\/2023-aus-alt-mach-neu-trockenmauer-aus-natursteinen\/\">Aus Alt mach Neu &#8211; Trockenmauer aus Natursteinen<\/a>\n    <\/h2>\n    <a href=\"https:\/\/wettbewerb-archiv.wir-tun-was-fuer-bienen.de\/archiv-2023\/eintrag\/2023-aus-alt-mach-neu-trockenmauer-aus-natursteinen\/\">\n        <div class=\"bienen-entry-image\">\n            <img decoding=\"async\" width=\"400\" height=\"300\" src=\"https:\/\/wettbewerb-archiv.wir-tun-was-fuer-bienen.de\/archiv-2023\/wp-content\/uploads\/sites\/8\/2023\/06\/IMG_8360-400x300.jpeg\" class=\"attachment-bienen-grid-thumb size-bienen-grid-thumb wp-post-image\" alt=\"\" loading=\"lazy\" \/>                    <\/div>\n    <\/a>\n\n    \n\n    <div class=\"user flex\">\n        \n                    <img decoding=\"async\" src=\"https:\/\/wettbewerb-archiv.wir-tun-was-fuer-bienen.de\/archiv-2023\/wp-content\/themes\/bienen\/assets\/images\/avatar-placeholder.png\" style=\"border-radius: 30px;\" height=\"30\" width=\"30\">\n            Biene Maja Bertlich            <\/div>\n    \n    \n            <p class=\"categories meta\" style=\"width: 100%\"><span class=\"fa fa-tag\"\n                                                             aria-hidden=\"true\"><\/span> Privatg\u00e4rten klein (bis 500 m2)        <\/p>\n    \n            <p class=\"categories meta\" style=\"width: 100%\"><span class=\"fa fa-map-marker\"\n                                                             aria-hidden=\"true\"><\/span> Nordrhein-Westfalen        <\/p>\n    \n<\/article>\n   \n\t\t\n          <article id=\"post-92539\" class=\"et_pb_post post-92539 wtwfb_entry type-wtwfb_entry status-publish has-post-thumbnail hentry wtwfb_category-privatgaerten-klein-500-m2 wtwfb_region-bayern\">\n    <h2 class=\"entry-title\"><a href=\"https:\/\/wettbewerb-archiv.wir-tun-was-fuer-bienen.de\/archiv-2023\/eintrag\/2023-mein-wildes-wiesen\/\">Mein wildes Wiesen<\/a>\n    <\/h2>\n    <a href=\"https:\/\/wettbewerb-archiv.wir-tun-was-fuer-bienen.de\/archiv-2023\/eintrag\/2023-mein-wildes-wiesen\/\">\n        <div class=\"bienen-entry-image\">\n            <img decoding=\"async\" width=\"400\" height=\"300\" src=\"https:\/\/wettbewerb-archiv.wir-tun-was-fuer-bienen.de\/archiv-2023\/wp-content\/uploads\/sites\/8\/2023\/05\/Titelbild-2-400x300.jpg\" class=\"attachment-bienen-grid-thumb size-bienen-grid-thumb wp-post-image\" alt=\"\" loading=\"lazy\" \/>                    <\/div>\n    <\/a>\n\n    \n\n    <div class=\"user flex\">\n        \n                    <img decoding=\"async\" src=\"https:\/\/wettbewerb-archiv.wir-tun-was-fuer-bienen.de\/archiv-2023\/wp-content\/themes\/bienen\/assets\/images\/avatar-placeholder.png\" style=\"border-radius: 30px;\" height=\"30\" width=\"30\">\n            Mein wildes Wiesen            <\/div>\n    \n    <p class=\"categories meta bienen-gewinner\"><span class=\"fa fa-trophy\"                                                              aria-hidden=\"true\"><\/span> Gewinner<\/p>\n            <p class=\"categories meta\" style=\"width: 100%\"><span class=\"fa fa-tag\"\n                                                             aria-hidden=\"true\"><\/span> Privatg\u00e4rten klein (bis 500 m2)        <\/p>\n    \n            <p class=\"categories meta\" style=\"width: 100%\"><span class=\"fa fa-map-marker\"\n                                                             aria-hidden=\"true\"><\/span> Bayern        <\/p>\n    \n<\/article>\n   \n\t\t\n          <article id=\"post-92110\" class=\"et_pb_post post-92110 wtwfb_entry type-wtwfb_entry status-publish has-post-thumbnail hentry wtwfb_category-privatgaerten-klein-500-m2 wtwfb_region-nordrhein-westfalen\">\n    <h2 class=\"entry-title\"><a href=\"https:\/\/wettbewerb-archiv.wir-tun-was-fuer-bienen.de\/archiv-2023\/eintrag\/2023-neugestaltung-der-verwilderten-gartenparzelle-unserer-neuen-wohnung\/\">Neugestaltung der verwilderten Gartenparzelle unserer n...<\/a>\n    <\/h2>\n    <a href=\"https:\/\/wettbewerb-archiv.wir-tun-was-fuer-bienen.de\/archiv-2023\/eintrag\/2023-neugestaltung-der-verwilderten-gartenparzelle-unserer-neuen-wohnung\/\">\n        <div class=\"bienen-entry-image\">\n            <img decoding=\"async\" width=\"400\" height=\"300\" src=\"https:\/\/wettbewerb-archiv.wir-tun-was-fuer-bienen.de\/archiv-2023\/wp-content\/uploads\/sites\/8\/2023\/05\/IMG_20221110_155833-400x300.jpg\" class=\"attachment-bienen-grid-thumb size-bienen-grid-thumb wp-post-image\" alt=\"\" loading=\"lazy\" srcset=\"https:\/\/wettbewerb-archiv.wir-tun-was-fuer-bienen.de\/archiv-2023\/wp-content\/uploads\/sites\/8\/2023\/05\/IMG_20221110_155833-400x300.jpg 400w, https:\/\/wettbewerb-archiv.wir-tun-was-fuer-bienen.de\/archiv-2023\/wp-content\/uploads\/sites\/8\/2023\/05\/IMG_20221110_155833-768x576.jpg 768w, https:\/\/wettbewerb-archiv.wir-tun-was-fuer-bienen.de\/archiv-2023\/wp-content\/uploads\/sites\/8\/2023\/05\/IMG_20221110_155833-1024x768.jpg 1024w, https:\/\/wettbewerb-archiv.wir-tun-was-fuer-bienen.de\/archiv-2023\/wp-content\/uploads\/sites\/8\/2023\/05\/IMG_20221110_155833.jpg 1920w\" sizes=\"(max-width: 400px) 100vw, 400px\" \/>                    <\/div>\n    <\/a>\n\n    \n\n    <div class=\"user flex\">\n        \n                    <img decoding=\"async\" src=\"https:\/\/wettbewerb-archiv.wir-tun-was-fuer-bienen.de\/archiv-2023\/wp-content\/themes\/bienen\/assets\/images\/avatar-placeholder.png\" style=\"border-radius: 30px;\" height=\"30\" width=\"30\">\n            Kraut & R\u00fcben            <\/div>\n    \n    \n            <p class=\"categories meta\" style=\"width: 100%\"><span class=\"fa fa-tag\"\n                                                             aria-hidden=\"true\"><\/span> Privatg\u00e4rten klein (bis 500 m2)        <\/p>\n    \n            <p class=\"categories meta\" style=\"width: 100%\"><span class=\"fa fa-map-marker\"\n                                                             aria-hidden=\"true\"><\/span> Nordrhein-Westfalen        <\/p>\n    \n<\/article>\n   \n\t\t\n          <article id=\"post-91961\" class=\"et_pb_post post-91961 wtwfb_entry type-wtwfb_entry status-publish has-post-thumbnail hentry wtwfb_category-privatgaerten-klein-500-m2 wtwfb_region-bayern\">\n    <h2 class=\"entry-title\"><a href=\"https:\/\/wettbewerb-archiv.wir-tun-was-fuer-bienen.de\/archiv-2023\/eintrag\/2023-maxis-bienensandkasten\/\">Maxis Bienensandkasten<\/a>\n    <\/h2>\n    <a href=\"https:\/\/wettbewerb-archiv.wir-tun-was-fuer-bienen.de\/archiv-2023\/eintrag\/2023-maxis-bienensandkasten\/\">\n        <div class=\"bienen-entry-image\">\n            <img decoding=\"async\" width=\"400\" height=\"300\" src=\"https:\/\/wettbewerb-archiv.wir-tun-was-fuer-bienen.de\/archiv-2023\/wp-content\/uploads\/sites\/8\/2023\/05\/20230522_130012-400x300.jpg\" class=\"attachment-bienen-grid-thumb size-bienen-grid-thumb wp-post-image\" alt=\"\" loading=\"lazy\" \/>                    <\/div>\n    <\/a>\n\n    \n\n    <div class=\"user flex\">\n        \n                    <img decoding=\"async\" src=\"https:\/\/wettbewerb-archiv.wir-tun-was-fuer-bienen.de\/archiv-2023\/wp-content\/themes\/bienen\/assets\/images\/avatar-placeholder.png\" style=\"border-radius: 30px;\" height=\"30\" width=\"30\">\n            MAXIs Sandkasten            <\/div>\n    \n    \n            <p class=\"categories meta\" style=\"width: 100%\"><span class=\"fa fa-tag\"\n                                                             aria-hidden=\"true\"><\/span> Privatg\u00e4rten klein (bis 500 m2)        <\/p>\n    \n            <p class=\"categories meta\" style=\"width: 100%\"><span class=\"fa fa-map-marker\"\n                                                             aria-hidden=\"true\"><\/span> Bayern        <\/p>\n    \n<\/article>\n   \n\t\t\n          <article id=\"post-91871\" class=\"et_pb_post post-91871 wtwfb_entry type-wtwfb_entry status-publish has-post-thumbnail hentry wtwfb_category-privatgaerten-klein-500-m2 wtwfb_region-bayern\">\n    <h2 class=\"entry-title\"><a href=\"https:\/\/wettbewerb-archiv.wir-tun-was-fuer-bienen.de\/archiv-2023\/eintrag\/2023-gartenstrukturen\/\">Gartenstrukturen<\/a>\n    <\/h2>\n    <a href=\"https:\/\/wettbewerb-archiv.wir-tun-was-fuer-bienen.de\/archiv-2023\/eintrag\/2023-gartenstrukturen\/\">\n        <div class=\"bienen-entry-image\">\n            <img decoding=\"async\" width=\"400\" height=\"300\" src=\"https:\/\/wettbewerb-archiv.wir-tun-was-fuer-bienen.de\/archiv-2023\/wp-content\/uploads\/sites\/8\/2023\/05\/DSCF0561-400x300.jpg\" class=\"attachment-bienen-grid-thumb size-bienen-grid-thumb wp-post-image\" alt=\"\" loading=\"lazy\" srcset=\"https:\/\/wettbewerb-archiv.wir-tun-was-fuer-bienen.de\/archiv-2023\/wp-content\/uploads\/sites\/8\/2023\/05\/DSCF0561-400x300.jpg 400w, https:\/\/wettbewerb-archiv.wir-tun-was-fuer-bienen.de\/archiv-2023\/wp-content\/uploads\/sites\/8\/2023\/05\/DSCF0561-768x576.jpg 768w, https:\/\/wettbewerb-archiv.wir-tun-was-fuer-bienen.de\/archiv-2023\/wp-content\/uploads\/sites\/8\/2023\/05\/DSCF0561-1024x768.jpg 1024w, https:\/\/wettbewerb-archiv.wir-tun-was-fuer-bienen.de\/archiv-2023\/wp-content\/uploads\/sites\/8\/2023\/05\/DSCF0561.jpg 1920w\" sizes=\"(max-width: 400px) 100vw, 400px\" \/>                    <\/div>\n    <\/a>\n\n    \n\n    <div class=\"user flex\">\n        \n                    <img decoding=\"async\" src=\"https:\/\/wettbewerb-archiv.wir-tun-was-fuer-bienen.de\/archiv-2023\/wp-content\/themes\/bienen\/assets\/images\/avatar-placeholder.png\" style=\"border-radius: 30px;\" height=\"30\" width=\"30\">\n            Insektenfreunde Privat            <\/div>\n    \n    \n            <p class=\"categories meta\" style=\"width: 100%\"><span class=\"fa fa-tag\"\n                                                             aria-hidden=\"true\"><\/span> Privatg\u00e4rten klein (bis 500 m2)        <\/p>\n    \n            <p class=\"categories meta\" style=\"width: 100%\"><span class=\"fa fa-map-marker\"\n                                                             aria-hidden=\"true\"><\/span> Bayern        <\/p>\n    \n<\/article>\n   \n\t\t\n          <article id=\"post-91789\" class=\"et_pb_post post-91789 wtwfb_entry type-wtwfb_entry status-publish has-post-thumbnail hentry wtwfb_category-privatgaerten-klein-500-m2 wtwfb_region-nordrhein-westfalen\">\n    <h2 class=\"entry-title\"><a href=\"https:\/\/wettbewerb-archiv.wir-tun-was-fuer-bienen.de\/archiv-2023\/eintrag\/2023-ein-schau-vorgarten-in-der-eifel\/\">Ein \u201e\u00d6ko-Schau-Vorgarten\u201c in der Eifel<\/a>\n    <\/h2>\n    <a href=\"https:\/\/wettbewerb-archiv.wir-tun-was-fuer-bienen.de\/archiv-2023\/eintrag\/2023-ein-schau-vorgarten-in-der-eifel\/\">\n        <div class=\"bienen-entry-image\">\n            <img decoding=\"async\" width=\"400\" height=\"300\" src=\"https:\/\/wettbewerb-archiv.wir-tun-was-fuer-bienen.de\/archiv-2023\/wp-content\/uploads\/sites\/8\/2023\/05\/15027118-AFD3-499E-950D-4D9EE4F2C7E9-400x300.jpeg\" class=\"attachment-bienen-grid-thumb size-bienen-grid-thumb wp-post-image\" alt=\"\" loading=\"lazy\" srcset=\"https:\/\/wettbewerb-archiv.wir-tun-was-fuer-bienen.de\/archiv-2023\/wp-content\/uploads\/sites\/8\/2023\/05\/15027118-AFD3-499E-950D-4D9EE4F2C7E9-400x300.jpeg 400w, https:\/\/wettbewerb-archiv.wir-tun-was-fuer-bienen.de\/archiv-2023\/wp-content\/uploads\/sites\/8\/2023\/05\/15027118-AFD3-499E-950D-4D9EE4F2C7E9-768x576.jpeg 768w, https:\/\/wettbewerb-archiv.wir-tun-was-fuer-bienen.de\/archiv-2023\/wp-content\/uploads\/sites\/8\/2023\/05\/15027118-AFD3-499E-950D-4D9EE4F2C7E9-1024x768.jpeg 1024w, https:\/\/wettbewerb-archiv.wir-tun-was-fuer-bienen.de\/archiv-2023\/wp-content\/uploads\/sites\/8\/2023\/05\/15027118-AFD3-499E-950D-4D9EE4F2C7E9.jpeg 1920w\" sizes=\"(max-width: 400px) 100vw, 400px\" \/>                    <\/div>\n    <\/a>\n\n    \n\n    <div class=\"user flex\">\n        \n                    <img decoding=\"async\" src=\"https:\/\/wettbewerb-archiv.wir-tun-was-fuer-bienen.de\/archiv-2023\/wp-content\/themes\/bienen\/assets\/images\/avatar-placeholder.png\" style=\"border-radius: 30px;\" height=\"30\" width=\"30\">\n            Eifelpfoten Vorgarten            <\/div>\n    \n    <p class=\"categories meta bienen-gewinner\"><span class=\"fa fa-trophy\"                                                              aria-hidden=\"true\"><\/span> Gewinner<\/p>\n            <p class=\"categories meta\" style=\"width: 100%\"><span class=\"fa fa-tag\"\n                                                             aria-hidden=\"true\"><\/span> Privatg\u00e4rten klein (bis 500 m2)        <\/p>\n    \n            <p class=\"categories meta\" style=\"width: 100%\"><span class=\"fa fa-map-marker\"\n                                                             aria-hidden=\"true\"><\/span> Nordrhein-Westfalen        <\/p>\n    \n<\/article>\n   \n\t\t\n          <article id=\"post-91362\" class=\"et_pb_post post-91362 wtwfb_entry type-wtwfb_entry status-publish has-post-thumbnail hentry wtwfb_category-privatgaerten-klein-500-m2 wtwfb_region-bayern\">\n    <h2 class=\"entry-title\"><a href=\"https:\/\/wettbewerb-archiv.wir-tun-was-fuer-bienen.de\/archiv-2023\/eintrag\/2023-insekteneldorado\/\">Insekteneldorado<\/a>\n    <\/h2>\n    <a href=\"https:\/\/wettbewerb-archiv.wir-tun-was-fuer-bienen.de\/archiv-2023\/eintrag\/2023-insekteneldorado\/\">\n        <div class=\"bienen-entry-image\">\n            <img decoding=\"async\" width=\"400\" height=\"300\" src=\"https:\/\/wettbewerb-archiv.wir-tun-was-fuer-bienen.de\/archiv-2023\/wp-content\/uploads\/sites\/8\/2023\/05\/DSCF0570-400x300.jpg\" class=\"attachment-bienen-grid-thumb size-bienen-grid-thumb wp-post-image\" alt=\"\" loading=\"lazy\" srcset=\"https:\/\/wettbewerb-archiv.wir-tun-was-fuer-bienen.de\/archiv-2023\/wp-content\/uploads\/sites\/8\/2023\/05\/DSCF0570-400x300.jpg 400w, https:\/\/wettbewerb-archiv.wir-tun-was-fuer-bienen.de\/archiv-2023\/wp-content\/uploads\/sites\/8\/2023\/05\/DSCF0570-768x576.jpg 768w, https:\/\/wettbewerb-archiv.wir-tun-was-fuer-bienen.de\/archiv-2023\/wp-content\/uploads\/sites\/8\/2023\/05\/DSCF0570-1024x768.jpg 1024w, https:\/\/wettbewerb-archiv.wir-tun-was-fuer-bienen.de\/archiv-2023\/wp-content\/uploads\/sites\/8\/2023\/05\/DSCF0570.jpg 1920w\" sizes=\"(max-width: 400px) 100vw, 400px\" \/>                    <\/div>\n    <\/a>\n\n    \n\n    <div class=\"user flex\">\n        \n                    <img decoding=\"async\" src=\"https:\/\/wettbewerb-archiv.wir-tun-was-fuer-bienen.de\/archiv-2023\/wp-content\/themes\/bienen\/assets\/images\/avatar-placeholder.png\" style=\"border-radius: 30px;\" height=\"30\" width=\"30\">\n            Insektenfreunde Privat            <\/div>\n    \n    \n            <p class=\"categories meta\" style=\"width: 100%\"><span class=\"fa fa-tag\"\n                                                             aria-hidden=\"true\"><\/span> Privatg\u00e4rten klein (bis 500 m2)        <\/p>\n    \n            <p class=\"categories meta\" style=\"width: 100%\"><span class=\"fa fa-map-marker\"\n                                                             aria-hidden=\"true\"><\/span> Bayern        <\/p>\n    \n<\/article>\n   \n\t\t\n          <article id=\"post-90205\" class=\"et_pb_post post-90205 wtwfb_entry type-wtwfb_entry status-publish has-post-thumbnail hentry wtwfb_category-privatgaerten-klein-500-m2 wtwfb_region-nordrhein-westfalen\">\n    <h2 class=\"entry-title\"><a href=\"https:\/\/wettbewerb-archiv.wir-tun-was-fuer-bienen.de\/archiv-2023\/eintrag\/2023-bin-alleine-dabei-mit-staude\/\">Bin alleine dabei mit Staude im Garten<\/a>\n    <\/h2>\n    <a href=\"https:\/\/wettbewerb-archiv.wir-tun-was-fuer-bienen.de\/archiv-2023\/eintrag\/2023-bin-alleine-dabei-mit-staude\/\">\n        <div class=\"bienen-entry-image\">\n            <img decoding=\"async\" width=\"400\" height=\"300\" src=\"https:\/\/wettbewerb-archiv.wir-tun-was-fuer-bienen.de\/archiv-2023\/wp-content\/uploads\/sites\/8\/2023\/05\/IMG_20230501_092034-400x300.jpg\" class=\"attachment-bienen-grid-thumb size-bienen-grid-thumb wp-post-image\" alt=\"\" loading=\"lazy\" \/>                    <\/div>\n    <\/a>\n\n    \n\n    <div class=\"user flex\">\n        \n                    <img decoding=\"async\" src=\"https:\/\/wettbewerb-archiv.wir-tun-was-fuer-bienen.de\/archiv-2023\/wp-content\/themes\/bienen\/assets\/images\/avatar-placeholder.png\" style=\"border-radius: 30px;\" height=\"30\" width=\"30\">\n            M\u00fcllergang            <\/div>\n    \n    \n            <p class=\"categories meta\" style=\"width: 100%\"><span class=\"fa fa-tag\"\n                                                             aria-hidden=\"true\"><\/span> Privatg\u00e4rten klein (bis 500 m2)        <\/p>\n    \n            <p class=\"categories meta\" style=\"width: 100%\"><span class=\"fa fa-map-marker\"\n                                                             aria-hidden=\"true\"><\/span> Nordrhein-Westfalen        <\/p>\n    \n<\/article>\n   \n\t\t\n          <article id=\"post-90188\" class=\"et_pb_post post-90188 wtwfb_entry type-wtwfb_entry status-publish has-post-thumbnail hentry wtwfb_category-privatgaerten-klein-500-m2 wtwfb_region-nordrhein-westfalen\">\n    <h2 class=\"entry-title\"><a href=\"https:\/\/wettbewerb-archiv.wir-tun-was-fuer-bienen.de\/archiv-2023\/eintrag\/2023-insekektenfreunicher-feriengarten\/\">Insekektenfreunicher Feriengarten<\/a>\n    <\/h2>\n    <a href=\"https:\/\/wettbewerb-archiv.wir-tun-was-fuer-bienen.de\/archiv-2023\/eintrag\/2023-insekektenfreunicher-feriengarten\/\">\n        <div class=\"bienen-entry-image\">\n            <img decoding=\"async\" width=\"400\" height=\"300\" src=\"https:\/\/wettbewerb-archiv.wir-tun-was-fuer-bienen.de\/archiv-2023\/wp-content\/uploads\/sites\/8\/2023\/04\/A634494A-6B6A-410C-8170-7D509520C624-400x300.jpeg\" class=\"attachment-bienen-grid-thumb size-bienen-grid-thumb wp-post-image\" alt=\"\" loading=\"lazy\" srcset=\"https:\/\/wettbewerb-archiv.wir-tun-was-fuer-bienen.de\/archiv-2023\/wp-content\/uploads\/sites\/8\/2023\/04\/A634494A-6B6A-410C-8170-7D509520C624-400x300.jpeg 400w, https:\/\/wettbewerb-archiv.wir-tun-was-fuer-bienen.de\/archiv-2023\/wp-content\/uploads\/sites\/8\/2023\/04\/A634494A-6B6A-410C-8170-7D509520C624-768x576.jpeg 768w, https:\/\/wettbewerb-archiv.wir-tun-was-fuer-bienen.de\/archiv-2023\/wp-content\/uploads\/sites\/8\/2023\/04\/A634494A-6B6A-410C-8170-7D509520C624-1024x768.jpeg 1024w, https:\/\/wettbewerb-archiv.wir-tun-was-fuer-bienen.de\/archiv-2023\/wp-content\/uploads\/sites\/8\/2023\/04\/A634494A-6B6A-410C-8170-7D509520C624.jpeg 1920w\" sizes=\"(max-width: 400px) 100vw, 400px\" \/>                    <\/div>\n    <\/a>\n\n    \n\n    <div class=\"user flex\">\n        \n                    <img decoding=\"async\" src=\"https:\/\/wettbewerb-archiv.wir-tun-was-fuer-bienen.de\/archiv-2023\/wp-content\/themes\/bienen\/assets\/images\/avatar-placeholder.png\" style=\"border-radius: 30px;\" height=\"30\" width=\"30\">\n            Nina Garden            <\/div>\n    \n    \n            <p class=\"categories meta\" style=\"width: 100%\"><span class=\"fa fa-tag\"\n                                                             aria-hidden=\"true\"><\/span> Privatg\u00e4rten klein (bis 500 m2)        <\/p>\n    \n            <p class=\"categories meta\" style=\"width: 100%\"><span class=\"fa fa-map-marker\"\n                                                             aria-hidden=\"true\"><\/span> Nordrhein-Westfalen        <\/p>\n    \n<\/article>\n   \n\t\t\n          <article id=\"post-89316\" class=\"et_pb_post post-89316 wtwfb_entry type-wtwfb_entry status-publish has-post-thumbnail hentry wtwfb_category-privatgaerten-klein-500-m2 wtwfb_region-hessen\">\n    <h2 class=\"entry-title\"><a href=\"https:\/\/wettbewerb-archiv.wir-tun-was-fuer-bienen.de\/archiv-2023\/eintrag\/2023-duftende-bluehende-auffahrt-ein-bienenbuffet\/\">Duftende, bl\u00fchende Auffahrt &#8211; ein Bienenbuffet u...<\/a>\n    <\/h2>\n    <a href=\"https:\/\/wettbewerb-archiv.wir-tun-was-fuer-bienen.de\/archiv-2023\/eintrag\/2023-duftende-bluehende-auffahrt-ein-bienenbuffet\/\">\n        <div class=\"bienen-entry-image\">\n            <img decoding=\"async\" width=\"400\" height=\"300\" src=\"https:\/\/wettbewerb-archiv.wir-tun-was-fuer-bienen.de\/archiv-2023\/wp-content\/uploads\/sites\/8\/2023\/06\/IMG_9204-400x300.jpeg\" class=\"attachment-bienen-grid-thumb size-bienen-grid-thumb wp-post-image\" alt=\"\" loading=\"lazy\" \/>                    <\/div>\n    <\/a>\n\n    \n\n    <div class=\"user flex\">\n        \n                    <img decoding=\"async\" src=\"https:\/\/wettbewerb-archiv.wir-tun-was-fuer-bienen.de\/archiv-2023\/wp-content\/themes\/bienen\/assets\/images\/avatar-placeholder.png\" style=\"border-radius: 30px;\" height=\"30\" width=\"30\">\n            Gartenjette            <\/div>\n    \n    \n            <p class=\"categories meta\" style=\"width: 100%\"><span class=\"fa fa-tag\"\n                                                             aria-hidden=\"true\"><\/span> Privatg\u00e4rten klein (bis 500 m2)        <\/p>\n    \n            <p class=\"categories meta\" style=\"width: 100%\"><span class=\"fa fa-map-marker\"\n                                                             aria-hidden=\"true\"><\/span> Hessen        <\/p>\n    \n<\/article>\n   \n\t\t\n          <article id=\"post-89211\" class=\"et_pb_post post-89211 wtwfb_entry type-wtwfb_entry status-publish has-post-thumbnail hentry wtwfb_category-privatgaerten-klein-500-m2 wtwfb_region-hessen\">\n    <h2 class=\"entry-title\"><a href=\"https:\/\/wettbewerb-archiv.wir-tun-was-fuer-bienen.de\/archiv-2023\/eintrag\/2023-insektenfreundlicher-vorgarten\/\">Insektenfreundlicher Vorgarten<\/a>\n    <\/h2>\n    <a href=\"https:\/\/wettbewerb-archiv.wir-tun-was-fuer-bienen.de\/archiv-2023\/eintrag\/2023-insektenfreundlicher-vorgarten\/\">\n        <div class=\"bienen-entry-image\">\n            <img decoding=\"async\" width=\"400\" height=\"300\" src=\"https:\/\/wettbewerb-archiv.wir-tun-was-fuer-bienen.de\/archiv-2023\/wp-content\/uploads\/sites\/8\/2023\/04\/20230325_080957-1-400x300.jpg\" class=\"attachment-bienen-grid-thumb size-bienen-grid-thumb wp-post-image\" alt=\"\" loading=\"lazy\" \/>                    <\/div>\n    <\/a>\n\n    \n\n    <div class=\"user flex\">\n        \n                    <img decoding=\"async\" src=\"https:\/\/wettbewerb-archiv.wir-tun-was-fuer-bienen.de\/archiv-2023\/wp-content\/themes\/bienen\/assets\/images\/avatar-placeholder.png\" style=\"border-radius: 30px;\" height=\"30\" width=\"30\">\n            Familie Cr\u00f6\u00dfmann            <\/div>\n    \n    \n            <p class=\"categories meta\" style=\"width: 100%\"><span class=\"fa fa-tag\"\n                                                             aria-hidden=\"true\"><\/span> Privatg\u00e4rten klein (bis 500 m2)        <\/p>\n    \n            <p class=\"categories meta\" style=\"width: 100%\"><span class=\"fa fa-map-marker\"\n                                                             aria-hidden=\"true\"><\/span> Hessen        <\/p>\n    \n<\/article>\n   \n\t\t\n          <article id=\"post-89156\" class=\"et_pb_post post-89156 wtwfb_entry type-wtwfb_entry status-publish has-post-thumbnail hentry wtwfb_category-privatgaerten-klein-500-m2 wtwfb_region-nordrhein-westfalen\">\n    <h2 class=\"entry-title\"><a href=\"https:\/\/wettbewerb-archiv.wir-tun-was-fuer-bienen.de\/archiv-2023\/eintrag\/2023-bienen-saatgut-als-dankeschoen-fuer-unser-crowdfunding-projekt-bei-startnext-plastikalarm\/\">Bienen-Saatgut als Dankesch\u00f6n f\u00fcr unser Crowdfunding-...<\/a>\n    <\/h2>\n    <a href=\"https:\/\/wettbewerb-archiv.wir-tun-was-fuer-bienen.de\/archiv-2023\/eintrag\/2023-bienen-saatgut-als-dankeschoen-fuer-unser-crowdfunding-projekt-bei-startnext-plastikalarm\/\">\n        <div class=\"bienen-entry-image\">\n            <img decoding=\"async\" width=\"400\" height=\"300\" src=\"https:\/\/wettbewerb-archiv.wir-tun-was-fuer-bienen.de\/archiv-2023\/wp-content\/uploads\/sites\/8\/2023\/04\/IMG_7557-400x300.jpeg\" class=\"attachment-bienen-grid-thumb size-bienen-grid-thumb wp-post-image\" alt=\"\" loading=\"lazy\" \/>                    <\/div>\n    <\/a>\n\n    \n\n    <div class=\"user flex\">\n        \n                    <img decoding=\"async\" src=\"https:\/\/wettbewerb-archiv.wir-tun-was-fuer-bienen.de\/archiv-2023\/wp-content\/themes\/bienen\/assets\/images\/avatar-placeholder.png\" style=\"border-radius: 30px;\" height=\"30\" width=\"30\">\n            Die Umweltfreunde: Plastikalarm            <\/div>\n    \n    \n            <p class=\"categories meta\" style=\"width: 100%\"><span class=\"fa fa-tag\"\n                                                             aria-hidden=\"true\"><\/span> Privatg\u00e4rten klein (bis 500 m2)        <\/p>\n    \n            <p class=\"categories meta\" style=\"width: 100%\"><span class=\"fa fa-map-marker\"\n                                                             aria-hidden=\"true\"><\/span> Nordrhein-Westfalen        <\/p>\n    \n<\/article>\n   \n\t\t\n          <article id=\"post-89129\" class=\"et_pb_post post-89129 wtwfb_entry type-wtwfb_entry status-publish has-post-thumbnail hentry wtwfb_category-privatgaerten-klein-500-m2 wtwfb_region-hessen\">\n    <h2 class=\"entry-title\"><a href=\"https:\/\/wettbewerb-archiv.wir-tun-was-fuer-bienen.de\/archiv-2023\/eintrag\/2023-mein-eigenes-haus\/\">Mein eigenes Haus<\/a>\n    <\/h2>\n    <a href=\"https:\/\/wettbewerb-archiv.wir-tun-was-fuer-bienen.de\/archiv-2023\/eintrag\/2023-mein-eigenes-haus\/\">\n        <div class=\"bienen-entry-image\">\n            <img decoding=\"async\" width=\"400\" height=\"300\" src=\"https:\/\/wettbewerb-archiv.wir-tun-was-fuer-bienen.de\/archiv-2023\/wp-content\/uploads\/sites\/8\/2023\/04\/IMG_20210222_153753-400x300.jpg\" class=\"attachment-bienen-grid-thumb size-bienen-grid-thumb wp-post-image\" alt=\"\" loading=\"lazy\" \/>                    <\/div>\n    <\/a>\n\n    \n\n    <div class=\"user flex\">\n        \n                    <img decoding=\"async\" src=\"https:\/\/wettbewerb-archiv.wir-tun-was-fuer-bienen.de\/archiv-2023\/wp-content\/themes\/bienen\/assets\/images\/avatar-placeholder.png\" style=\"border-radius: 30px;\" height=\"30\" width=\"30\">\n            staki            <\/div>\n    \n    \n            <p class=\"categories meta\" style=\"width: 100%\"><span class=\"fa fa-tag\"\n                                                             aria-hidden=\"true\"><\/span> Privatg\u00e4rten klein (bis 500 m2)        <\/p>\n    \n            <p class=\"categories meta\" style=\"width: 100%\"><span class=\"fa fa-map-marker\"\n                                                             aria-hidden=\"true\"><\/span> Hessen        <\/p>\n    \n<\/article>\n   \n\t\t\n          <article id=\"post-88939\" class=\"et_pb_post post-88939 wtwfb_entry type-wtwfb_entry status-publish has-post-thumbnail hentry wtwfb_category-privatgaerten-klein-500-m2 wtwfb_region-baden-wuerttemberg\">\n    <h2 class=\"entry-title\"><a href=\"https:\/\/wettbewerb-archiv.wir-tun-was-fuer-bienen.de\/archiv-2023\/eintrag\/2023-wir-sind-fuer-alle-tiere-da\/\">Wir sind f\u00fcr alle Tiere da&#8230;<\/a>\n    <\/h2>\n    <a href=\"https:\/\/wettbewerb-archiv.wir-tun-was-fuer-bienen.de\/archiv-2023\/eintrag\/2023-wir-sind-fuer-alle-tiere-da\/\">\n        <div class=\"bienen-entry-image\">\n            <img decoding=\"async\" width=\"400\" height=\"300\" src=\"https:\/\/wettbewerb-archiv.wir-tun-was-fuer-bienen.de\/archiv-2023\/wp-content\/uploads\/sites\/8\/2023\/04\/P1030592-400x300.jpg\" class=\"attachment-bienen-grid-thumb size-bienen-grid-thumb wp-post-image\" alt=\"\" loading=\"lazy\" \/>                    <\/div>\n    <\/a>\n\n    \n\n    <div class=\"user flex\">\n        \n                    <img decoding=\"async\" src=\"https:\/\/wettbewerb-archiv.wir-tun-was-fuer-bienen.de\/archiv-2023\/wp-content\/themes\/bienen\/assets\/images\/avatar-placeholder.png\" style=\"border-radius: 30px;\" height=\"30\" width=\"30\">\n            Devra summt            <\/div>\n    \n    <p class=\"categories meta bienen-gewinner\"><span class=\"fa fa-trophy\"                                                              aria-hidden=\"true\"><\/span> Gewinner<\/p>\n            <p class=\"categories meta\" style=\"width: 100%\"><span class=\"fa fa-tag\"\n                                                             aria-hidden=\"true\"><\/span> Privatg\u00e4rten klein (bis 500 m2)        <\/p>\n    \n            <p class=\"categories meta\" style=\"width: 100%\"><span class=\"fa fa-map-marker\"\n                                                             aria-hidden=\"true\"><\/span> Baden-W\u00fcrttemberg        <\/p>\n    \n<\/article>\n   \n\t\t\n          <article id=\"post-88844\" class=\"et_pb_post post-88844 wtwfb_entry type-wtwfb_entry status-publish has-post-thumbnail hentry wtwfb_category-privatgaerten-klein-500-m2 wtwfb_region-baden-wuerttemberg\">\n    <h2 class=\"entry-title\"><a href=\"https:\/\/wettbewerb-archiv.wir-tun-was-fuer-bienen.de\/archiv-2023\/eintrag\/2023-neugestaltung-des-familiengartens\/\">Neugestaltung des Familiengartens<\/a>\n    <\/h2>\n    <a href=\"https:\/\/wettbewerb-archiv.wir-tun-was-fuer-bienen.de\/archiv-2023\/eintrag\/2023-neugestaltung-des-familiengartens\/\">\n        <div class=\"bienen-entry-image\">\n            <img decoding=\"async\" width=\"400\" height=\"300\" src=\"https:\/\/wettbewerb-archiv.wir-tun-was-fuer-bienen.de\/archiv-2023\/wp-content\/uploads\/sites\/8\/2023\/04\/IMG_20230317_074342-400x300.jpg\" class=\"attachment-bienen-grid-thumb size-bienen-grid-thumb wp-post-image\" alt=\"\" loading=\"lazy\" \/>                    <\/div>\n    <\/a>\n\n    \n\n    <div class=\"user flex\">\n        \n                    <img decoding=\"async\" src=\"https:\/\/wettbewerb-archiv.wir-tun-was-fuer-bienen.de\/archiv-2023\/wp-content\/themes\/bienen\/assets\/images\/avatar-placeholder.png\" style=\"border-radius: 30px;\" height=\"30\" width=\"30\">\n            Linde 65            <\/div>\n    \n    \n            <p class=\"categories meta\" style=\"width: 100%\"><span class=\"fa fa-tag\"\n                                                             aria-hidden=\"true\"><\/span> Privatg\u00e4rten klein (bis 500 m2)        <\/p>\n    \n            <p class=\"categories meta\" style=\"width: 100%\"><span class=\"fa fa-map-marker\"\n                                                             aria-hidden=\"true\"><\/span> Baden-W\u00fcrttemberg        <\/p>\n    \n<\/article>\n   \n\t\t\n          <article id=\"post-88289\" class=\"et_pb_post post-88289 wtwfb_entry type-wtwfb_entry status-publish has-post-thumbnail hentry wtwfb_category-privatgaerten-klein-500-m2 wtwfb_region-mecklenburg-vorpommern\">\n    <h2 class=\"entry-title\"><a href=\"https:\/\/wettbewerb-archiv.wir-tun-was-fuer-bienen.de\/archiv-2023\/eintrag\/2023-bienengarten-levenhagen\/\">Bienengarten Levenhagen<\/a>\n    <\/h2>\n    <a href=\"https:\/\/wettbewerb-archiv.wir-tun-was-fuer-bienen.de\/archiv-2023\/eintrag\/2023-bienengarten-levenhagen\/\">\n        <div class=\"bienen-entry-image\">\n            <img decoding=\"async\" width=\"400\" height=\"300\" src=\"https:\/\/wettbewerb-archiv.wir-tun-was-fuer-bienen.de\/archiv-2023\/wp-content\/uploads\/sites\/8\/2023\/04\/A84E39BB-3757-4FA9-A833-D2899EE7F743-400x300.jpeg\" class=\"attachment-bienen-grid-thumb size-bienen-grid-thumb wp-post-image\" alt=\"\" loading=\"lazy\" \/>                    <\/div>\n    <\/a>\n\n    \n\n    <div class=\"user flex\">\n        \n                    <img decoding=\"async\" src=\"https:\/\/wettbewerb-archiv.wir-tun-was-fuer-bienen.de\/archiv-2023\/wp-content\/themes\/bienen\/assets\/images\/avatar-placeholder.png\" style=\"border-radius: 30px;\" height=\"30\" width=\"30\">\n            Bienengarten Levenhagen            <\/div>\n    \n    \n            <p class=\"categories meta\" style=\"width: 100%\"><span class=\"fa fa-tag\"\n                                                             aria-hidden=\"true\"><\/span> Privatg\u00e4rten klein (bis 500 m2)        <\/p>\n    \n            <p class=\"categories meta\" style=\"width: 100%\"><span class=\"fa fa-map-marker\"\n                                                             aria-hidden=\"true\"><\/span> Mecklenburg-Vorpommern        <\/p>\n    \n<\/article>\n   \n\t\t\n          <article id=\"post-88242\" class=\"et_pb_post post-88242 wtwfb_entry type-wtwfb_entry status-publish has-post-thumbnail hentry wtwfb_category-privatgaerten-klein-500-m2 wtwfb_region-nordrhein-westfalen\">\n    <h2 class=\"entry-title\"><a href=\"https:\/\/wettbewerb-archiv.wir-tun-was-fuer-bienen.de\/archiv-2023\/eintrag\/2023-biodiversitaet-im-minigarten\/\">Biodiversit\u00e4t im Minigarten<\/a>\n    <\/h2>\n    <a href=\"https:\/\/wettbewerb-archiv.wir-tun-was-fuer-bienen.de\/archiv-2023\/eintrag\/2023-biodiversitaet-im-minigarten\/\">\n        <div class=\"bienen-entry-image\">\n            <img decoding=\"async\" width=\"400\" height=\"300\" src=\"https:\/\/wettbewerb-archiv.wir-tun-was-fuer-bienen.de\/archiv-2023\/wp-content\/uploads\/sites\/8\/2023\/04\/20220531_203526-400x300.jpg\" class=\"attachment-bienen-grid-thumb size-bienen-grid-thumb wp-post-image\" alt=\"\" loading=\"lazy\" srcset=\"https:\/\/wettbewerb-archiv.wir-tun-was-fuer-bienen.de\/archiv-2023\/wp-content\/uploads\/sites\/8\/2023\/04\/20220531_203526-400x300.jpg 400w, https:\/\/wettbewerb-archiv.wir-tun-was-fuer-bienen.de\/archiv-2023\/wp-content\/uploads\/sites\/8\/2023\/04\/20220531_203526-768x576.jpg 768w, https:\/\/wettbewerb-archiv.wir-tun-was-fuer-bienen.de\/archiv-2023\/wp-content\/uploads\/sites\/8\/2023\/04\/20220531_203526-1024x768.jpg 1024w, https:\/\/wettbewerb-archiv.wir-tun-was-fuer-bienen.de\/archiv-2023\/wp-content\/uploads\/sites\/8\/2023\/04\/20220531_203526.jpg 1920w\" sizes=\"(max-width: 400px) 100vw, 400px\" \/>                    <\/div>\n    <\/a>\n\n    \n\n    <div class=\"user flex\">\n        \n                    <img decoding=\"async\" src=\"https:\/\/wettbewerb-archiv.wir-tun-was-fuer-bienen.de\/archiv-2023\/wp-content\/themes\/bienen\/assets\/images\/avatar-placeholder.png\" style=\"border-radius: 30px;\" height=\"30\" width=\"30\">\n            Unser Garten geh\u00f6rt der Tierwelt            <\/div>\n    \n    <p class=\"categories meta bienen-gewinner\"><span class=\"fa fa-trophy\"                                                              aria-hidden=\"true\"><\/span> Gewinner<\/p>\n            <p class=\"categories meta\" style=\"width: 100%\"><span class=\"fa fa-tag\"\n                                                             aria-hidden=\"true\"><\/span> Privatg\u00e4rten klein (bis 500 m2)        <\/p>\n    \n            <p class=\"categories meta\" style=\"width: 100%\"><span class=\"fa fa-map-marker\"\n                                                             aria-hidden=\"true\"><\/span> Nordrhein-Westfalen        <\/p>\n    \n<\/article>\n   \n\t\t<!-- WPV_Infinite_Scroll -->\n\t\n\t<\/div>\n\t\n\t\n<\/div>\n<\/div>\n\n\n\n<p><\/p>\n","protected":false},"excerpt":{"rendered":"","protected":false},"author":1,"featured_media":0,"parent":404,"menu_order":0,"comment_status":"closed","ping_status":"closed","template":"","meta":{"_acf_changed":false,"_et_pb_use_builder":"","_et_pb_old_content":"","_et_gb_content_width":"","footnotes":""},"class_list":["post-427","page","type-page","status-publish","hentry"],"acf":[],"_links":{"self":[{"href":"https:\/\/wettbewerb-archiv.wir-tun-was-fuer-bienen.de\/archiv-2023\/wp-json\/wp\/v2\/pages\/427","targetHints":{"allow":["GET"]}}],"collection":[{"href":"https:\/\/wettbewerb-archiv.wir-tun-was-fuer-bienen.de\/archiv-2023\/wp-json\/wp\/v2\/pages"}],"about":[{"href":"https:\/\/wettbewerb-archiv.wir-tun-was-fuer-bienen.de\/archiv-2023\/wp-json\/wp\/v2\/types\/page"}],"author":[{"embeddable":true,"href":"https:\/\/wettbewerb-archiv.wir-tun-was-fuer-bienen.de\/archiv-2023\/wp-json\/wp\/v2\/users\/1"}],"replies":[{"embeddable":true,"href":"https:\/\/wettbewerb-archiv.wir-tun-was-fuer-bienen.de\/archiv-2023\/wp-json\/wp\/v2\/comments?post=427"}],"version-history":[{"count":0,"href":"https:\/\/wettbewerb-archiv.wir-tun-was-fuer-bienen.de\/archiv-2023\/wp-json\/wp\/v2\/pages\/427\/revisions"}],"up":[{"embeddable":true,"href":"https:\/\/wettbewerb-archiv.wir-tun-was-fuer-bienen.de\/archiv-2023\/wp-json\/wp\/v2\/pages\/404"}],"wp:attachment":[{"href":"https:\/\/wettbewerb-archiv.wir-tun-was-fuer-bienen.de\/archiv-2023\/wp-json\/wp\/v2\/media?parent=427"}],"curies":[{"name":"wp","href":"https:\/\/api.w.org\/{rel}","templated":true}]}}