{"id":21301,"date":"2025-07-22T12:02:35","date_gmt":"2025-07-22T10:02:35","guid":{"rendered":"https:\/\/wettbewerb.wir-tun-was-fuer-bienen.de\/eintrag\/2025-die-summende-und-bluehende-igs-emden-wir-entwickeln-die-oase-weiter-07228279\/"},"modified":"2025-07-25T01:36:57","modified_gmt":"2025-07-24T23:36:57","slug":"2025-die-summende-und-bluehende-igs-emden-wir-entwickeln-die-oase-weiter-07228279","status":"publish","type":"bienen_entry","link":"https:\/\/wettbewerb-archiv.wir-tun-was-fuer-bienen.de\/archiv-2025\/eintrag\/2025-die-summende-und-bluehende-igs-emden-wir-entwickeln-die-oase-weiter-07228279\/","title":{"rendered":"Die summende und bl\u00fchende IGS Emden: Projekt 1: unsere schuleigene &quot;Oase&quot;"},"content":{"rendered":"<p>Wir, die integrierte Gesamtschule Emden, sind eine Schule mit ca. 800 Lernenden und 80 Lehrkr\u00e4ften. Wir kommen aus allen m\u00f6glichen L\u00e4ndern, sprechen verschiedene Sprachen und haben unterschiedliche religi\u00f6se Ansichten. Im Rahmen des Wahlpflichtkurses \u201cUmwelt-Schulgarten\u201c engagieren wir uns gemeinsam f\u00fcr die Schaffung und den Erhalt lebenswerter R\u00e4ume auf unserem Schulgel\u00e4nde.<\/p>\n<p>Unser gro\u00dfes Schulgel\u00e4nde l\u00e4sst sich in vier Bereiche gliedern. Eine Obstbaumfl\u00e4che mit alten regionalen Obstbaumsorten inmitten des gro\u00dfen Pausenhofs, einen \u201cPaletten-Schulgarten\u201c auf dem Pausenhof von Jahrgang 5 (Projekt 2), die mit Hochst\u00e4mmen und Beerenstr\u00e4uchern beflanzte \u201cBeerenstra\u00dfe\u201c , die zu unserer \u201cBieneninsel\u201c mit unseren schuleigenen Bienenst\u00f6cken f\u00fchrt (Projekt 3). Schlie\u00dflich die \u201cOase\u201c: ein sich entwickelnder Ruheraum f\u00fcr Insekten, Tiere und Menschen (Projekt 1).<\/p>\n<p>J\u00e4hrlich bem\u00fchen wir uns im Rahmen des Wahlpflichtkurses \u201cUmwelt \u2013 Schulgarten\u201c, mit vielen kleinen und gro\u00dfen H\u00e4nden, unsere kreativen Ideen umzusetzen und die Schulgartenbereiche entlang der Wettbewerbskriterien von \u201cDeutschland summt!\u201c nachhaltig und insektenfreundlich weiter- und umzugestalten.<\/p>\n<p>Dar\u00fcber hinaus entwickeln wir unsere Schule kriterienorientiert zur \u201cGreening School\u201c der UNESCO weiter und setzen die Kernelemente des \u201cGreening Curriculum guidance\u201c (https:\/\/unesdoc.unesco.org\/ark:\/48223\/pf0000390022) und des \u201cGreen school quality standard\u201c (https:\/\/unesdoc.unesco.org\/ark:\/48223\/pf0000390028\/PDF\/390028eng.pdf.multi) nach und nach gewissenhaft um.<\/p>\n<p>Unter dem Motto \u201creduce, reuse, upcycle\u201c kaufen wir f\u00fcr die Projektumsetzung nur wenig Neues. Wir nutzen regelm\u00e4\u00dfig \u201cKleinanzeigen\u201c und freuen uns \u00fcber die gro\u00dfe wohlwollende Unterst\u00fctzung von au\u00dferschulischen Personen auf der Ostfriesischen Halbinsel. Privatpersonen, Kolleg:innen und Eltern bereichern unseren Schulgarten durch kostenlose Pflanzenschenkungen, Arbeitsmaterial, Regentonnen, Gartenmobiliar und Tipps.<\/p>\n<p>Ein weiteres Ziel unseres Handels ist die Reduzierung der Verwendung von Plastik im Schulgarten. Manches l\u00e4sst sich nicht vermeiden (z.B. die Regentonnen und die Pflanzt\u00f6pfe). F\u00fcr den Bau von Z\u00e4unen und Beetabgrenzungen verwenden wir jedoch nur Naturmaterialien.<\/p>\n<p>Das Wassermanagement regeln wir \u00fcber Regentonnen, mit denen wir Regenwasser auffangen. Regenmesser in den Gartenbereichen zeigen uns die Verf\u00fcgbarkeit und die Grenzen der nat\u00fcrlichen Bew\u00e4sserung an. In diesem Fr\u00fchjahr war die lange D\u00fcrre f\u00fcr alle Beteiligten eine erschreckende Beobachtung.<\/p>\n","protected":false},"author":59,"featured_media":25104,"template":"","meta":{"_acf_changed":false,"footnotes":""},"wettbewerb_category":[15],"wettbewerb_region":[29],"class_list":["post-21301","bienen_entry","type-bienen_entry","status-publish","has-post-thumbnail","hentry","wettbewerb_category-schulgaerten","wettbewerb_region-niedersachsen"],"acf":[],"mb":[],"mfb_rest_fields":["title"],"_links":{"self":[{"href":"https:\/\/wettbewerb-archiv.wir-tun-was-fuer-bienen.de\/archiv-2025\/wp-json\/wp\/v2\/bienen_entry\/21301","targetHints":{"allow":["GET"]}}],"collection":[{"href":"https:\/\/wettbewerb-archiv.wir-tun-was-fuer-bienen.de\/archiv-2025\/wp-json\/wp\/v2\/bienen_entry"}],"about":[{"href":"https:\/\/wettbewerb-archiv.wir-tun-was-fuer-bienen.de\/archiv-2025\/wp-json\/wp\/v2\/types\/bienen_entry"}],"author":[{"embeddable":true,"href":"https:\/\/wettbewerb-archiv.wir-tun-was-fuer-bienen.de\/archiv-2025\/wp-json\/wp\/v2\/users\/59"}],"version-history":[{"count":3,"href":"https:\/\/wettbewerb-archiv.wir-tun-was-fuer-bienen.de\/archiv-2025\/wp-json\/wp\/v2\/bienen_entry\/21301\/revisions"}],"predecessor-version":[{"id":21488,"href":"https:\/\/wettbewerb-archiv.wir-tun-was-fuer-bienen.de\/archiv-2025\/wp-json\/wp\/v2\/bienen_entry\/21301\/revisions\/21488"}],"wp:featuredmedia":[{"embeddable":true,"href":"https:\/\/wettbewerb-archiv.wir-tun-was-fuer-bienen.de\/archiv-2025\/wp-json\/wp\/v2\/media\/25104"}],"wp:attachment":[{"href":"https:\/\/wettbewerb-archiv.wir-tun-was-fuer-bienen.de\/archiv-2025\/wp-json\/wp\/v2\/media?parent=21301"}],"wp:term":[{"taxonomy":"wettbewerb_category","embeddable":true,"href":"https:\/\/wettbewerb-archiv.wir-tun-was-fuer-bienen.de\/archiv-2025\/wp-json\/wp\/v2\/wettbewerb_category?post=21301"},{"taxonomy":"wettbewerb_region","embeddable":true,"href":"https:\/\/wettbewerb-archiv.wir-tun-was-fuer-bienen.de\/archiv-2025\/wp-json\/wp\/v2\/wettbewerb_region?post=21301"}],"curies":[{"name":"wp","href":"https:\/\/api.w.org\/{rel}","templated":true}]}}