{"id":2131,"date":"2025-04-13T11:46:50","date_gmt":"2025-04-13T09:46:50","guid":{"rendered":"https:\/\/wettbewerb.wir-tun-was-fuer-bienen.de\/eintrag\/2025-unser-bienenfreundlicher-schulgarten-04131919\/"},"modified":"2025-07-31T14:56:12","modified_gmt":"2025-07-31T12:56:12","slug":"2025-unser-bienenfreundlicher-schulgarten-04131919","status":"publish","type":"bienen_entry","link":"https:\/\/wettbewerb-archiv.wir-tun-was-fuer-bienen.de\/archiv-2025\/eintrag\/2025-unser-bienenfreundlicher-schulgarten-04131919\/","title":{"rendered":"Unser summender Schulgarten"},"content":{"rendered":"<p>Wir \u2013 die Klasse 3b der Grundschule Memmingen-Amendingen \u2013 haben uns im Rahmen der Unterrichtssequenz <em>Bedeutung von Artenschutz am Beispiel der Bienen<\/em> im Sachunterricht etwas ganz Besonderes vorgenommen: Aus einem St\u00fcck Wiese auf unserem Pausenhof sollte ein sch\u00f6ner Schulgarten f\u00fcr uns Kinder und vor allem auch f\u00fcr die Bienen und andere Insekten entstehen. Dabei haben wir darauf geachtet neben den bl\u00fchenden Kr\u00e4utern, die wir freundlicherweise von <em>Herbaria<\/em> gesponsert bekommen haben, auch eine Wildblumenwiese zu erhalten bzw. zu f\u00f6rdern. Au\u00dferdem haben wir f\u00fcr die Wildbienen eigene \u201cH\u00e4user\u201c gebaut, damit sie gen\u00fcgend Hohlr\u00e4ume zum Nisten finden. Damit die Wildbienen nicht verdursten, befindet sich neben unserem Kr\u00e4utergarten ein Brunnen, aus dem sie trinken k\u00f6nnen.<\/p>\n<p class=\"\u201c\u201c\u201c\u201c\u201c\u201c\u201c\u201c\" data-start=\"\u201c\u201c\u201c\u201c684\u2033\u201c\u201c\u201c\" data-end=\"\u201c\u201c\u201c\u201c1037\u2033\u201c\u201c\u201c\">Ziel des Projekts war es, den Artenschutz ganz praktisch erlebbar zu machen. Wir haben gelernt, wie jeder Mensch \u2013 auch im Kleinen \u2013 zum Erhalt der Artenvielfalt beitragen kann. Mit viel Freude, Neugier und Teamarbeit ist ein Garten entstanden, der nicht nur sch\u00f6n anzusehen ist, sondern auch f\u00fcr die Bienen ein tolles Zuhause bietet.<\/p>\n<p data-start=\"\u201c\u201c\u201c\u201c684\u2033\u201c\u201c\u201c\" data-end=\"\u201c\u201c\u201c\u201c1037\u2033\u201c\u201c\u201c\">Neben dem praktischen Arbeiten im Schulgarten haben wir auch im Unterricht ganz viel \u00fcber die Bienen gelernt. Wir wissen jetzt, warum die Bienen f\u00fcr uns Menschen wichtig sind, kennen verschiedene Wildbienenarten, wissen \u00fcber die Ursachen f\u00fcr das Bienensterben bescheid und haben uns \u00fcberlegt, was wir tun k\u00f6nnen, um die Bienen zu sch\u00fctzen. Um auch andere auf die Wichtigkeit des Artenschutzes aufmerksam zu machen, haben wir mit unserem Wissen Plakate erstellt und diese im Schulhaus aufgehangen.<\/p>\n","protected":false},"author":128,"featured_media":11118,"template":"","meta":{"_acf_changed":false,"footnotes":""},"wettbewerb_category":[15],"wettbewerb_region":[27],"class_list":["post-2131","bienen_entry","type-bienen_entry","status-publish","has-post-thumbnail","hentry","wettbewerb_category-schulgaerten","wettbewerb_region-bayern"],"acf":[],"mb":[],"mfb_rest_fields":["title"],"_links":{"self":[{"href":"https:\/\/wettbewerb-archiv.wir-tun-was-fuer-bienen.de\/archiv-2025\/wp-json\/wp\/v2\/bienen_entry\/2131","targetHints":{"allow":["GET"]}}],"collection":[{"href":"https:\/\/wettbewerb-archiv.wir-tun-was-fuer-bienen.de\/archiv-2025\/wp-json\/wp\/v2\/bienen_entry"}],"about":[{"href":"https:\/\/wettbewerb-archiv.wir-tun-was-fuer-bienen.de\/archiv-2025\/wp-json\/wp\/v2\/types\/bienen_entry"}],"author":[{"embeddable":true,"href":"https:\/\/wettbewerb-archiv.wir-tun-was-fuer-bienen.de\/archiv-2025\/wp-json\/wp\/v2\/users\/128"}],"version-history":[{"count":8,"href":"https:\/\/wettbewerb-archiv.wir-tun-was-fuer-bienen.de\/archiv-2025\/wp-json\/wp\/v2\/bienen_entry\/2131\/revisions"}],"predecessor-version":[{"id":31079,"href":"https:\/\/wettbewerb-archiv.wir-tun-was-fuer-bienen.de\/archiv-2025\/wp-json\/wp\/v2\/bienen_entry\/2131\/revisions\/31079"}],"wp:featuredmedia":[{"embeddable":true,"href":"https:\/\/wettbewerb-archiv.wir-tun-was-fuer-bienen.de\/archiv-2025\/wp-json\/wp\/v2\/media\/11118"}],"wp:attachment":[{"href":"https:\/\/wettbewerb-archiv.wir-tun-was-fuer-bienen.de\/archiv-2025\/wp-json\/wp\/v2\/media?parent=2131"}],"wp:term":[{"taxonomy":"wettbewerb_category","embeddable":true,"href":"https:\/\/wettbewerb-archiv.wir-tun-was-fuer-bienen.de\/archiv-2025\/wp-json\/wp\/v2\/wettbewerb_category?post=2131"},{"taxonomy":"wettbewerb_region","embeddable":true,"href":"https:\/\/wettbewerb-archiv.wir-tun-was-fuer-bienen.de\/archiv-2025\/wp-json\/wp\/v2\/wettbewerb_region?post=2131"}],"curies":[{"name":"wp","href":"https:\/\/api.w.org\/{rel}","templated":true}]}}