{"id":2407,"date":"2025-04-21T11:40:58","date_gmt":"2025-04-21T09:40:58","guid":{"rendered":"https:\/\/wettbewerb.wir-tun-was-fuer-bienen.de\/eintrag\/2025-wie-alles-begann-04214750\/"},"modified":"2025-04-21T20:59:17","modified_gmt":"2025-04-21T18:59:17","slug":"2025-wie-alles-begann-04214750","status":"publish","type":"bienen_entry","link":"https:\/\/wettbewerb-archiv.wir-tun-was-fuer-bienen.de\/archiv-2025\/eintrag\/2025-wie-alles-begann-04214750\/","title":{"rendered":"Lebens(t)r\u00e4ume f\u00fcr Biene &amp; Co."},"content":{"rendered":"<p>Seit l\u00e4ngerer Zeit bestand bei mir die Motivation, den Balkon \u00f6kologisch aufzuwerten und einen Beitrag zum lokalen Biodiversit\u00e4tsschutz zu leisten. Im Jahr 2025 habe ich daher gezielt Ma\u00dfnahmen ergriffen, um die \u00f6kologische Qualit\u00e4t unseres Balkons zu verbessern.<\/p>\n<p>Zun\u00e4chst wurden Pflanzen entfernt, die keine Nahrungsquelle f\u00fcr Wildbienen und andere Best\u00e4uber darstellten oder aus \u00e4sthetischen Gr\u00fcnden nicht mehr meinen Anspr\u00fcchen entsprachen. Im Anschluss wurde der Balkon gr\u00fcndlich gereinigt, um eine optimale Grundlage f\u00fcr die Neugestaltung zu schaffen.<\/p>\n<p>Ende Februar erfolgte die Installation vertikaler Hochbeete, die anschlie\u00dfend mit n\u00e4hrstoffreicher und torffreier Erde gef\u00fcllt wurden. Nach einem intensiven Tag in der Staudeng\u00e4rtnerei, wurden die Pflanzen sorgf\u00e4ltig ausgew\u00e4hlt, wobei der Fokus auf Arten lag, die f\u00fcr den sonnigen Balkon geeignet sind und eine hohe Attraktivit\u00e4t f\u00fcr Wildbienen und andere Best\u00e4uber aufweisen.<\/p>\n<p>Kurz nach der Bepflanzung zeigten die Hochbeete erste Erfolge: Das Wachstum ist vielversprechend, und die Pflanzen entwickeln sich pr\u00e4chtig. Der Balkon verwandelt sich Schritt f\u00fcr Schritt in ein lebendiges Habitat f\u00fcr Wildbienen aller Art.<\/p>\n","protected":false},"author":154,"featured_media":2408,"template":"","meta":{"_acf_changed":false,"footnotes":""},"wettbewerb_category":[10],"wettbewerb_region":[19],"class_list":["post-2407","bienen_entry","type-bienen_entry","status-publish","has-post-thumbnail","hentry","wettbewerb_category-balkone-terrassen-dachbegruenung-vertikale-gaerten","wettbewerb_region-baden-wuerttemberg"],"acf":[],"mb":[],"mfb_rest_fields":["title"],"_links":{"self":[{"href":"https:\/\/wettbewerb-archiv.wir-tun-was-fuer-bienen.de\/archiv-2025\/wp-json\/wp\/v2\/bienen_entry\/2407","targetHints":{"allow":["GET"]}}],"collection":[{"href":"https:\/\/wettbewerb-archiv.wir-tun-was-fuer-bienen.de\/archiv-2025\/wp-json\/wp\/v2\/bienen_entry"}],"about":[{"href":"https:\/\/wettbewerb-archiv.wir-tun-was-fuer-bienen.de\/archiv-2025\/wp-json\/wp\/v2\/types\/bienen_entry"}],"author":[{"embeddable":true,"href":"https:\/\/wettbewerb-archiv.wir-tun-was-fuer-bienen.de\/archiv-2025\/wp-json\/wp\/v2\/users\/154"}],"version-history":[{"count":7,"href":"https:\/\/wettbewerb-archiv.wir-tun-was-fuer-bienen.de\/archiv-2025\/wp-json\/wp\/v2\/bienen_entry\/2407\/revisions"}],"predecessor-version":[{"id":2417,"href":"https:\/\/wettbewerb-archiv.wir-tun-was-fuer-bienen.de\/archiv-2025\/wp-json\/wp\/v2\/bienen_entry\/2407\/revisions\/2417"}],"wp:featuredmedia":[{"embeddable":true,"href":"https:\/\/wettbewerb-archiv.wir-tun-was-fuer-bienen.de\/archiv-2025\/wp-json\/wp\/v2\/media\/2408"}],"wp:attachment":[{"href":"https:\/\/wettbewerb-archiv.wir-tun-was-fuer-bienen.de\/archiv-2025\/wp-json\/wp\/v2\/media?parent=2407"}],"wp:term":[{"taxonomy":"wettbewerb_category","embeddable":true,"href":"https:\/\/wettbewerb-archiv.wir-tun-was-fuer-bienen.de\/archiv-2025\/wp-json\/wp\/v2\/wettbewerb_category?post=2407"},{"taxonomy":"wettbewerb_region","embeddable":true,"href":"https:\/\/wettbewerb-archiv.wir-tun-was-fuer-bienen.de\/archiv-2025\/wp-json\/wp\/v2\/wettbewerb_region?post=2407"}],"curies":[{"name":"wp","href":"https:\/\/api.w.org\/{rel}","templated":true}]}}