{"id":30145,"date":"2025-07-28T22:54:47","date_gmt":"2025-07-28T20:54:47","guid":{"rendered":"https:\/\/wettbewerb.wir-tun-was-fuer-bienen.de\/eintrag\/2025-kraeuter-und-getreidebeete-im-mint-gruenen-klassenzimmer-07289305\/"},"modified":"2025-07-30T23:30:07","modified_gmt":"2025-07-30T21:30:07","slug":"2025-kraeuter-und-getreidebeete-im-mint-gruenen-klassenzimmer-07289305","status":"publish","type":"bienen_entry","link":"https:\/\/wettbewerb-archiv.wir-tun-was-fuer-bienen.de\/archiv-2025\/eintrag\/2025-kraeuter-und-getreidebeete-im-mint-gruenen-klassenzimmer-07289305\/","title":{"rendered":"Kr\u00e4uter- und Getreidebeete im Mint-gr\u00fcnen Klassenzimmer"},"content":{"rendered":"<p>Wo:<\/p>\n<p>Die Jenaplan Schule (JPS) ist eine \u201ezweiz\u00fcgige\u201c Grundschule in Berlin Neuk\u00f6lln, und seit 2002 \u201eSchule besonderer p\u00e4dagogischer Pr\u00e4gung\u201c. Die Sch\u00fcler*innen werden in jahrgangsgemischten Stammgruppen 1-3 und 4-6 unterrichtet. Grundlegendes Bildungsziel ist die Entfaltung der individuellen Pers\u00f6nlichkeit eines jeden Kindes und die Bef\u00e4higung zum gemeinschaftlichen Handeln in dieser Welt auf der Grundlage der Menschenrechte, gem\u00e4\u00df den Leitlinien f\u00fcr Unesco-Projekt-Schulen. Die \u00f6kologische Erziehung aller Sch\u00fcler*innen ist einer der Schwerpunkte unseres Schulprofils.<\/p>\n<p>Wer:<\/p>\n<p>Unser Mint-gr\u00fcnes Klassenzimmer geht auf eine Initiative von Eltern und Lehrkr\u00e4ften zur\u00fcck. Das \u201cMINT\u201c ist ein Lernort f\u00fcr Mathematik, Informatik, Naturwissenschaft und Technik. Es ist als Elternintiative 2012 entstanden und befindet sich am Ostrand des Tempelhofer Feldes, dem ehemaligen Flughafen im Zentrum Berlins. Hier entsteht seitdem in gemeinsamer Arbeit der Eltern, Sch\u00fcler*innen und Lehrkr\u00e4ften ein Ort zum Lernen, Forschen und Bauen.<\/p>\n<p>Was:<\/p>\n<p>Als Lernort und Schnittstelle zwischen Schule, Elterninitiative und Sch\u00fcler*innen bietet das Mint-gr\u00fcne Klassenzimmer den Kindern Spiel- und Experimentierfl\u00e4chen f\u00fcr alle Fragestellungen. Sie k\u00f6nnen naturkundliche Beobachtungen durchf\u00fchren, ganzj\u00e4hrig die verschiedenen Vegetationsperioden begleiten, Zusammenh\u00e4nge erkennen und haben die M\u00f6glichkeit, ihrem nat\u00fcrlichen Forschungs- und Bewegungsdrang nachzukommen. Es gibt Klassenbeete f\u00fcr alle interessierten Klassen und Beete f\u00fcr Familien von Sch\u00fcler*innen, die diese selbstverantwortlich bepflanzen und pflegen.<\/p>\n<p>Dokumentation:<\/p>\n<p>Alle Aktivit\u00e4ten dokumentieren wir in einem Blog, in einer MINTmap und auf Social Media. Au\u00dferdem erstellen wir Infomaterialien zum Projekt wie Flyer und Brosch\u00fcren, Saisonberichte als PDF, oder informieren auf Schulveranstaltungen. Durch die Lage des Mint-gr\u00fcnen Klassenzimmers im \u00f6ffentlichen Raum hat das Projekt \u00fcber die Schul\u00f6ffentlichkeit hinaus eine hohe Strahlkraft und wird auch von Unbeteiligten in ihrer Freizeit wahrgenommen und als gr\u00fcner Ort zur Naturerfahrung und Entspannung gesch\u00e4tzt.<\/p>\n<p>Aktuelles:<\/p>\n<p>In diesem Schuljahr haben die Sch\u00fcler*innen mit tatkr\u00e4ftiger Unterst\u00fctzung der Elternschaft unter anderem ein neues Kr\u00e4uterbeet gepflanzt, ein Getreidebeet mit Roggen, Hafer, Weizen, Gerste und Dinkel angelegt, und Trockenmauern und Benjeshecken als Lebensraum f\u00fcr Insekten gebaut. F\u00fcr Wildbienen wurden au\u00dferdem das Sandarium und Insektenhotel erweitert. Zum Schuljahresbeginn starteten die Sch\u00fcler*innen mit der Ernte ihrer letzten Saat, und konnten selbstgekochte K\u00fcrbissuppe und selbstgezogene Kartoffeln mit Quark im Unterricht genie\u00dfen. In der Projektwoche \u201cBauen und Essen\u201c wurde eine \u2019geod\u00e4tische Kuppel\u2018 gebaut und mit den Kindern t\u00e4glich ein leckeres Buffet mit Zutaten aus dem Garten gezaubert. Vor den Sommerferien wurde der Klassenraum renoviert, damit im n\u00e4chsten Schuljahr direkt frisch durchgestartet werden kann.<\/p>\n","protected":false},"author":517,"featured_media":30144,"template":"","meta":{"_acf_changed":false,"footnotes":""},"wettbewerb_category":[15],"wettbewerb_region":[20],"class_list":["post-30145","bienen_entry","type-bienen_entry","status-publish","has-post-thumbnail","hentry","wettbewerb_category-schulgaerten","wettbewerb_region-berlin"],"acf":[],"mb":[],"mfb_rest_fields":["title"],"_links":{"self":[{"href":"https:\/\/wettbewerb-archiv.wir-tun-was-fuer-bienen.de\/archiv-2025\/wp-json\/wp\/v2\/bienen_entry\/30145","targetHints":{"allow":["GET"]}}],"collection":[{"href":"https:\/\/wettbewerb-archiv.wir-tun-was-fuer-bienen.de\/archiv-2025\/wp-json\/wp\/v2\/bienen_entry"}],"about":[{"href":"https:\/\/wettbewerb-archiv.wir-tun-was-fuer-bienen.de\/archiv-2025\/wp-json\/wp\/v2\/types\/bienen_entry"}],"author":[{"embeddable":true,"href":"https:\/\/wettbewerb-archiv.wir-tun-was-fuer-bienen.de\/archiv-2025\/wp-json\/wp\/v2\/users\/517"}],"version-history":[{"count":7,"href":"https:\/\/wettbewerb-archiv.wir-tun-was-fuer-bienen.de\/archiv-2025\/wp-json\/wp\/v2\/bienen_entry\/30145\/revisions"}],"predecessor-version":[{"id":30724,"href":"https:\/\/wettbewerb-archiv.wir-tun-was-fuer-bienen.de\/archiv-2025\/wp-json\/wp\/v2\/bienen_entry\/30145\/revisions\/30724"}],"wp:featuredmedia":[{"embeddable":true,"href":"https:\/\/wettbewerb-archiv.wir-tun-was-fuer-bienen.de\/archiv-2025\/wp-json\/wp\/v2\/media\/30144"}],"wp:attachment":[{"href":"https:\/\/wettbewerb-archiv.wir-tun-was-fuer-bienen.de\/archiv-2025\/wp-json\/wp\/v2\/media?parent=30145"}],"wp:term":[{"taxonomy":"wettbewerb_category","embeddable":true,"href":"https:\/\/wettbewerb-archiv.wir-tun-was-fuer-bienen.de\/archiv-2025\/wp-json\/wp\/v2\/wettbewerb_category?post=30145"},{"taxonomy":"wettbewerb_region","embeddable":true,"href":"https:\/\/wettbewerb-archiv.wir-tun-was-fuer-bienen.de\/archiv-2025\/wp-json\/wp\/v2\/wettbewerb_region?post=30145"}],"curies":[{"name":"wp","href":"https:\/\/api.w.org\/{rel}","templated":true}]}}